{"status":"ok","message-type":"work-list","message-version":"1.0.0","message":{"facets":{},"next-cursor":"MTQyMjUyMDI3MzAwMCwxMC4xNjkyNSUyRnJhLnYxNmkzMC44MTk=","total-results":2498,"items":[{"indexed":{"date-parts":[[2024,8,6]],"date-time":"2024-08-06T19:01:58Z","timestamp":1722970918858},"reference-count":0,"publisher":"Ediciones Universidad Cooperativa de Colombia","isbn-type":[{"type":"print","value":"9789587600261"}],"content-domain":{"domain":[],"crossmark-restriction":false},"DOI":"10.16925\/9789587600261","type":"edited-book","created":{"date-parts":[[2014,10,24]],"date-time":"2014-10-24T21:37:05Z","timestamp":1414186625000},"source":"Crossref","is-referenced-by-count":1,"title":["University-Company-State: Towards a Culture of Research and Innovation"],"prefix":"10.16925","author":[{"name":"Universidad Cooperativa de Colombia","sequence":"first","affiliation":[],"role":[{"role":"author","vocabulary":"crossref"}]}],"member":"6711","published-online":{"date-parts":[[2014]]},"original-title":["Universidad-Empresa-Estado: hacia la cultura de la investigaci\u00f3n y la innovaci\u00f3n"],"deposited":{"date-parts":[[2015,4,17]],"date-time":"2015-04-17T12:28:12Z","timestamp":1429273692000},"score":0.0,"resource":{"primary":{"URL":"http:\/\/ediciones.ucc.edu.co\/index.php\/ucc\/catalog\/book\/2"}},"editor":[{"given":"Isabel","family":"Hern\u00e1ndez Arteaga","sequence":"first","affiliation":[],"role":[{"role":"editor","vocabulary":"crossref"}]},{"given":"Luz Stella","family":"Pemberthy Gallo","sequence":"additional","affiliation":[],"role":[{"role":"editor","vocabulary":"crossref"}]}],"issued":{"date-parts":[[2014]]},"ISBN":["9789587600261"],"references-count":0,"URL":"https:\/\/doi.org\/10.16925\/9789587600261","published":{"date-parts":[[2014]]}},{"indexed":{"date-parts":[[2022,4,3]],"date-time":"2022-04-03T01:34:13Z","timestamp":1648949653451},"reference-count":0,"publisher":"Universidad Cooperativa de Colombia- UCC","issue":"18","license":[{"start":{"date-parts":[[2014,6,30]],"date-time":"2014-06-30T00:00:00Z","timestamp":1404086400000},"content-version":"unspecified","delay-in-days":0,"URL":"https:\/\/creativecommons.org\/licenses\/by-nc-nd\/4.0"}],"content-domain":{"domain":[],"crossmark-restriction":false},"short-container-title":["Rev. nac. odontol."],"abstract":"<jats:p>Hoy en d\u00eda no basta con tener un t\u00edtulo que nos habilita para ejercer una profesi\u00f3n. Todos sabemos y es evidente que el entorno socioecon\u00f3mico en que nos movemos ha evolucionado de forma muy r\u00e1pida y notable, de manera que la mayor competitividad registrada en el mercado laboral, junto con unas necesidades formativas cada vez m\u00e1s espec\u00edficas y din\u00e1micas, impulsan la demanda de ense\u00f1anzas especializadas y potencian la importancia de conceptos tales como la formaci\u00f3n continua o la formaci\u00f3n a lo largo de la vida. Un profesional del \u00e1rea de la salud debe tener por vocaci\u00f3n la educaci\u00f3n continua, y si sus ocupaciones u obligaciones no le permiten hacer una especializaci\u00f3n, maestr\u00eda o doctorado, los diplomados, tanto cl\u00ednicos como te\u00f3ricos, son la mejor alternativa. Aun como especialista, mag\u00edster o doctor, se tiene en los diplomados la oportunidad para conocer acerca de temas afines al \u00e1rea de la especialidad. Una desventaja importante es que debe existir un compromiso por parte de quien asiste a un diplomado para interiorizar, cuestionar o estudiar a profundidad los temas que se le presentan, debido a que, en su mayor\u00eda, los diplomados no tienen los medios para evaluar a quien los toma y estos terminan constituyendo una especie de educaci\u00f3n no formal; en esta medida, no son muy tenidos en cuenta a la hora de darle un valor agregado a la profesi\u00f3n. Por otro lado, existe tambi\u00e9n, por parte de las instituciones, una proliferaci\u00f3n de diplomados con un \u00e1nimo m\u00e1s lucrativo que educativo, y ello lleva a que la calidad no sea la mejor y a que el profesional no tenga la oportunidad de confrontar los temas que le presentan. Esto puede ser contraproducente, pues el estudiante de un diplomado sale a replicar o practicar informaci\u00f3n o t\u00e9cnicas que apenas ha visto desde la experiencia de quienes lo informan, sin ning\u00fan tipo de evidencia cient\u00edfica. Lo anterior les sucede especialmente a aquellos profesionales con m\u00e1s tiempo como egresados. En el contexto actual se demandan personas competentes que tengan capacidad de aprendizaje y que al realizar un trabajo no se limiten a repetir instrucciones como m\u00e1quinas; deben ser conscientes para pensar de qu\u00e9 manera pueden mejorar las tareas que est\u00e1n llevando a cabo. As\u00ed, pueden abrir nuevos horizontes y asumir mayores desaf\u00edos. El beneficio de la formaci\u00f3n continua supone una inversi\u00f3n para afrontar los retos que vendr\u00e1n. Entre los beneficios que se pueden obtener por medio de la formaci\u00f3n continua pueden destacarse:\u2022 Mejor preparaci\u00f3n, lo que implica un valor a\u00f1adido para la inserci\u00f3n profesional y, por tanto, un acceso m\u00e1s favorable al mercado de trabajo.\u2022 Actualizaci\u00f3n de los conocimientos.\u2022 Promoci\u00f3n de la carrera profesional.\u2022 Posibilidad de perfeccionar el desarrollo profesional, cient\u00edfico, t\u00e9cnico o art\u00edstico.Se debe, por tanto, tomar conciencia de que nuestras competencias y conocimientos deben estar actualizados y, de hecho, la gran ventaja de los diplomados es que tienen la capacidad de actualizarse en forma constante, la velocidad a la que se mueven es mucho mayor, comparada con la de un doctorado o maestr\u00eda, y el costo es mucho menor. Otra gran ventaja de los diplomados es que permiten ampliar la red de contactos, pues dada su naturaleza de cursos cortos pero intensos, permiten establecer una serie de contactos que van a enriquecer luego al graduado, no solo de forma personal, sino tambi\u00e9n a nivel profesional. Contar con un diplomado a\u00f1ade valor al perfil laboral, como sucede cuando se sabe otro idioma adicional o se logra la especializaci\u00f3n en un tema en particular. Sea cual sea el caso, la formaci\u00f3n continua es algo que nunca se debe olvidar ni descuidar. Estar al tanto de las novedades del gremio y formarse en las habilidades necesarias permite ascender profesionalmente y facilita el buen posicionamiento en el medio como profesional.<\/jats:p>","DOI":"10.16925\/od.v10i18.715","type":"journal-article","created":{"date-parts":[[2014,12,5]],"date-time":"2014-12-05T01:20:20Z","timestamp":1417742420000},"page":"5","source":"Crossref","is-referenced-by-count":0,"title":["La educaci\u00f3n continua en odontolog\u00eda"],"prefix":"10.16925","volume":"10","author":[{"given":"Catalina","family":"Castillo","sequence":"first","affiliation":[],"role":[{"role":"author","vocabulary":"crossref"}]}],"member":"6711","published-online":{"date-parts":[[2014,6,30]]},"container-title":["Revista Nacional de Odontolog\u00eda"],"link":[{"URL":"https:\/\/revistas.ucc.edu.co\/index.php\/od\/article\/download\/715\/726","content-type":"application\/pdf","content-version":"vor","intended-application":"text-mining"},{"URL":"https:\/\/revistas.ucc.edu.co\/index.php\/od\/article\/download\/715\/726","content-type":"unspecified","content-version":"vor","intended-application":"similarity-checking"}],"deposited":{"date-parts":[[2020,8,29]],"date-time":"2020-08-29T08:29:27Z","timestamp":1598689767000},"score":0.0,"resource":{"primary":{"URL":"https:\/\/revistas.ucc.edu.co\/index.php\/od\/article\/view\/715"}},"issued":{"date-parts":[[2014,6,30]]},"references-count":0,"journal-issue":{"issue":"18","published-online":{"date-parts":[[2014,6,30]]}},"URL":"https:\/\/doi.org\/10.16925\/od.v10i18.715","ISSN":["2357-4607","1900-3080"],"issn-type":[{"value":"2357-4607","type":"electronic"},{"value":"1900-3080","type":"print"}],"published":{"date-parts":[[2014,6,30]]}},{"indexed":{"date-parts":[[2025,2,21]],"date-time":"2025-02-21T21:50:49Z","timestamp":1740174649142,"version":"3.37.3"},"reference-count":0,"publisher":"Universidad Cooperativa de Colombia - UCC","issue":"18","license":[{"start":{"date-parts":[[2014,6,30]],"date-time":"2014-06-30T00:00:00Z","timestamp":1404086400000},"content-version":"unspecified","delay-in-days":0,"URL":"https:\/\/creativecommons.org\/licenses\/by-nc-nd\/4.0"}],"content-domain":{"domain":[],"crossmark-restriction":false},"short-container-title":["Rev. nac. odontol."],"abstract":"<jats:p>Resumen. Introducci\u00f3n: la diabetes tipo 1 (DM1) afecta el metabolismo de glucosa, l\u00edpidos y prote\u00ednas e incrementa el riesgo de enfermedad periodontal. El objetivo de esta investigaci\u00f3n fue identificar las caracter\u00edsticas periodontales en pacientes con diagn\u00f3stico de DM1. Materiales y m\u00e9todos: se estudiaron 35 pacientes con diabetes tipo 1, a quienes se les realiz\u00f3 un examen periodontal completo; se tomaron los valores de hemoglobina glicosilada (HbA1C) y de glicemia en ayunas; los datos se analizaron de forma descriptiva y comparativa contra los par\u00e1metros cl\u00ednicos periodontales y el diagn\u00f3stico periodontal. Resultados: la prevalencia de periodontitis cr\u00f3nica fue de 74,3% y de gingivitis, de 25,7%. El valor promedio de hemoglobina glicosilada (HbA1C) de los pacientes diagnosticados con gingivitis fue de 9,15, mientras que en pacientes con periodontitis fue de 8,375, sin alcanzar significancia estad\u00edstica. La p\u00e9rdida de inserci\u00f3n cl\u00ednica periodontal en promedio fue de 3,15 mm, mientras que la media del n\u00famero de dientes perdidos fue 6,91 para toda la poblaci\u00f3n. Los pacientes con periodontitis presentaron mayor p\u00e9rdida de inserci\u00f3n cl\u00ednica y profundidad de bolsa. Conclusiones: los pacientes con DM1 tuvieron periodontitis o gingivitis, ratificando su susceptibilidad de sufrir periodontitis y deben mantener un cuidadoso control gingival y periodontal.DOI:\u00a0http:\/\/dx.doi.org\/10.16925\/od.v10i18.716<\/jats:p>","DOI":"10.16925\/od.v10i18.716","type":"journal-article","created":{"date-parts":[[2014,12,5]],"date-time":"2014-12-05T01:20:20Z","timestamp":1417742420000},"page":"7-14","source":"Crossref","is-referenced-by-count":1,"title":["Diabetes mellitus tipo 1 y condici\u00f3n periodontal"],"prefix":"10.16925","volume":"10","author":[{"given":"Jonathan","family":"Casta\u00f1o","sequence":"first","affiliation":[],"role":[{"role":"author","vocabulary":"crossref"}]},{"given":"Alexander","family":"Ortega","sequence":"additional","affiliation":[],"role":[{"role":"author","vocabulary":"crossref"}]},{"given":"Jonathan","family":"Ortega","sequence":"additional","affiliation":[],"role":[{"role":"author","vocabulary":"crossref"}]},{"given":"Juli\u00e1n Mauricio","family":"Palacios","sequence":"additional","affiliation":[],"role":[{"role":"author","vocabulary":"crossref"}]},{"given":"Adolfo","family":"Contreras","sequence":"additional","affiliation":[],"role":[{"role":"author","vocabulary":"crossref"}]}],"member":"6711","published-online":{"date-parts":[[2014,6,30]]},"container-title":["Revista Nacional de Odontolog\u00eda"],"link":[{"URL":"https:\/\/revistas.ucc.edu.co\/index.php\/od\/article\/download\/716\/727","content-type":"application\/pdf","content-version":"vor","intended-application":"text-mining"},{"URL":"https:\/\/revistas.ucc.edu.co\/index.php\/od\/article\/download\/716\/727","content-type":"unspecified","content-version":"vor","intended-application":"similarity-checking"}],"deposited":{"date-parts":[[2020,8,29]],"date-time":"2020-08-29T08:28:48Z","timestamp":1598689728000},"score":0.0,"resource":{"primary":{"URL":"https:\/\/revistas.ucc.edu.co\/index.php\/od\/article\/view\/716"}},"issued":{"date-parts":[[2014,6,30]]},"references-count":0,"journal-issue":{"issue":"18","published-online":{"date-parts":[[2014,6,30]]}},"URL":"https:\/\/doi.org\/10.16925\/od.v10i18.716","ISSN":["2357-4607","1900-3080"],"issn-type":[{"type":"electronic","value":"2357-4607"},{"type":"print","value":"1900-3080"}],"published":{"date-parts":[[2014,6,30]]}},{"indexed":{"date-parts":[[2025,2,21]],"date-time":"2025-02-21T21:50:49Z","timestamp":1740174649390,"version":"3.37.3"},"reference-count":0,"publisher":"Universidad Cooperativa de Colombia - UCC","issue":"18","license":[{"start":{"date-parts":[[2014,6,30]],"date-time":"2014-06-30T00:00:00Z","timestamp":1404086400000},"content-version":"unspecified","delay-in-days":0,"URL":"https:\/\/creativecommons.org\/licenses\/by-nc-nd\/4.0"}],"content-domain":{"domain":[],"crossmark-restriction":false},"short-container-title":["Rev. nac. odontol."],"abstract":"<jats:p>Introducci\u00f3n: un surco no tipificado, en los primeros molares superiores permanentes (PMSP), permiti\u00f3 distinguir dos tipos \u00a0de cara oclusal: la descrita por Fig\u00fan y Garino, Tipo I para el grupo de investigaci\u00f3n, y Tipo II, caracterizada por la presencia de un \u00a0surco sobre la ap\u00f3fisis oblicua, que la discurre sin interrumpirla. Este elemento dio lugar a la realizaci\u00f3n de estudios con el fin de deter- minar su presencia e investigar origen, direcci\u00f3n y longitud para caracterizarlo y registrarlo como una nueva forma anat\u00f3mica de cara \u00a0oclusal. M\u00e9todos: se trabaj\u00f3 con PMSP naturales inertes y de pacientes para evidenciar la presencia del surco y con PMSP que presenten \u00a0el surco para caracterizarlo. El m\u00e9todo fue observacional y descriptivo. Resultados: existe un predominio de casos en los que la cara \u00a0oclusal del PMSP presenta un surco que, sin cortar a la ap\u00f3fisis oblicua, la recorre parcialmente. Se origina en la fosa principal central \u00a0triangular. La direcci\u00f3n es hacia distal y palatino y su longitud var\u00eda entre 1 y 2 mm. Esto ha permitido registrar esta cara oclusal, como \u00a0PMSP Tipo II. Conclusi\u00f3n: el PMSP presenta dos tipos de cara oclusal: Tipo I y Tipo II.DOI:\u00a0http:\/\/dx.doi.org\/10.16925\/od.v10i18.717<\/jats:p>","DOI":"10.16925\/od.v10i18.717","type":"journal-article","created":{"date-parts":[[2014,12,5]],"date-time":"2014-12-05T01:20:20Z","timestamp":1417742420000},"page":"15-20","source":"Crossref","is-referenced-by-count":0,"title":["Nueva forma anat\u00f3mica de cara oclusal en primeros molares superiores permanentes"],"prefix":"10.16925","volume":"10","author":[{"given":"Gabriela","family":"Bessone","sequence":"first","affiliation":[],"role":[{"role":"author","vocabulary":"crossref"}]},{"given":"Mar\u00eda A.","family":"Guiglioni","sequence":"additional","affiliation":[],"role":[{"role":"author","vocabulary":"crossref"}]},{"given":"Mar\u00eda M.","family":"Gonz\u00e1lez","sequence":"additional","affiliation":[],"role":[{"role":"author","vocabulary":"crossref"}]}],"member":"6711","published-online":{"date-parts":[[2014,6,30]]},"container-title":["Revista Nacional de Odontolog\u00eda"],"link":[{"URL":"https:\/\/revistas.ucc.edu.co\/index.php\/od\/article\/download\/717\/728","content-type":"application\/pdf","content-version":"vor","intended-application":"text-mining"},{"URL":"https:\/\/revistas.ucc.edu.co\/index.php\/od\/article\/download\/717\/728","content-type":"unspecified","content-version":"vor","intended-application":"similarity-checking"}],"deposited":{"date-parts":[[2020,8,29]],"date-time":"2020-08-29T08:28:11Z","timestamp":1598689691000},"score":0.0,"resource":{"primary":{"URL":"https:\/\/revistas.ucc.edu.co\/index.php\/od\/article\/view\/717"}},"issued":{"date-parts":[[2014,6,30]]},"references-count":0,"journal-issue":{"issue":"18","published-online":{"date-parts":[[2014,6,30]]}},"URL":"https:\/\/doi.org\/10.16925\/od.v10i18.717","ISSN":["2357-4607","1900-3080"],"issn-type":[{"type":"electronic","value":"2357-4607"},{"type":"print","value":"1900-3080"}],"published":{"date-parts":[[2014,6,30]]}},{"indexed":{"date-parts":[[2025,2,21]],"date-time":"2025-02-21T21:50:48Z","timestamp":1740174648735,"version":"3.37.3"},"reference-count":0,"publisher":"Universidad Cooperativa de Colombia - UCC","issue":"18","license":[{"start":{"date-parts":[[2014,6,30]],"date-time":"2014-06-30T00:00:00Z","timestamp":1404086400000},"content-version":"unspecified","delay-in-days":0,"URL":"https:\/\/creativecommons.org\/licenses\/by-nc-nd\/4.0"}],"content-domain":{"domain":[],"crossmark-restriction":false},"short-container-title":["Rev. nac. odontol."],"abstract":"<jats:p>Introducci\u00f3n: el trauma dental es considerado una urgencia odontol\u00f3gica y su frecuencia es alta principalmente en poblaci\u00f3n joven. El objetivo de esta investigaci\u00f3n fue analizar los incidentes de trauma dentoalveolar que consultan al servicio de urgencias \u00a0de una cl\u00ednica universitaria de Medell\u00edn (Colombia), entre los a\u00f1os 2007 y 2012. M\u00e9todos: estudio descriptivo retrospectivo. Se revisaron 7.555 historias cl\u00ednicas, de las cuales 549 constituyeron la muestra definitiva porque cumplieron con los criterios de inclusi\u00f3n y \u00a0exclusi\u00f3n. Resultados: de todas las causas de consulta en el servicio de urgencias, el trauma dentoalveolar tuvo una frecuencia de 7,3%; \u00a0el sexo femenino fue el que m\u00e1s consult\u00f3 (53,2%). La poblaci\u00f3n entre 11 y 20 a\u00f1os fue la m\u00e1s afectada (18,4%). Los accidentes por \u00a0ca\u00eddas y por actividades deportivas fueron el 15,1% y el 6,7% de las causas, respectivamente. Conclusi\u00f3n: el trauma dentoalveolar es un \u00a0evento com\u00fan en la consulta odontol\u00f3gica de urgencias.DOI:\u00a0http:\/\/dx.doi.org\/10.16925\/od.v10i18.718<\/jats:p>","DOI":"10.16925\/od.v10i18.718","type":"journal-article","created":{"date-parts":[[2014,12,5]],"date-time":"2014-12-05T01:20:20Z","timestamp":1417742420000},"page":"21-28","source":"Crossref","is-referenced-by-count":1,"title":["An\u00e1lisis de los incidentes de trauma dentoalveolar atendidos en el servicio de urgencias de una instituci\u00f3n docente asistencial de Medell\u00edn (Colombia) 2007-2012"],"prefix":"10.16925","volume":"10","author":[{"given":"Eliana Mar\u00eda","family":"P\u00e9rez Amaya","sequence":"first","affiliation":[],"role":[{"role":"author","vocabulary":"crossref"}]},{"given":"Lilibeth","family":"Ruiz Correa","sequence":"additional","affiliation":[],"role":[{"role":"author","vocabulary":"crossref"}]},{"given":"Leidy Daiana","family":"Pel\u00e1ez Jim\u00e9nez","sequence":"additional","affiliation":[],"role":[{"role":"author","vocabulary":"crossref"}]},{"given":"Natalia","family":"Salazar Garz\u00f3n","sequence":"additional","affiliation":[],"role":[{"role":"author","vocabulary":"crossref"}]},{"given":"Steven","family":"Orozco Arcila","sequence":"additional","affiliation":[],"role":[{"role":"author","vocabulary":"crossref"}]},{"given":"Orozco","family":"Arcila","sequence":"additional","affiliation":[],"role":[{"role":"author","vocabulary":"crossref"}]}],"member":"6711","published-online":{"date-parts":[[2014,6,30]]},"container-title":["Revista Nacional de Odontolog\u00eda"],"link":[{"URL":"https:\/\/revistas.ucc.edu.co\/index.php\/od\/article\/download\/718\/729","content-type":"application\/pdf","content-version":"vor","intended-application":"text-mining"},{"URL":"https:\/\/revistas.ucc.edu.co\/index.php\/od\/article\/download\/718\/729","content-type":"unspecified","content-version":"vor","intended-application":"similarity-checking"}],"deposited":{"date-parts":[[2020,8,29]],"date-time":"2020-08-29T08:27:34Z","timestamp":1598689654000},"score":0.0,"resource":{"primary":{"URL":"https:\/\/revistas.ucc.edu.co\/index.php\/od\/article\/view\/718"}},"issued":{"date-parts":[[2014,6,30]]},"references-count":0,"journal-issue":{"issue":"18","published-online":{"date-parts":[[2014,6,30]]}},"URL":"https:\/\/doi.org\/10.16925\/od.v10i18.718","ISSN":["2357-4607","1900-3080"],"issn-type":[{"type":"electronic","value":"2357-4607"},{"type":"print","value":"1900-3080"}],"published":{"date-parts":[[2014,6,30]]}},{"indexed":{"date-parts":[[2025,2,21]],"date-time":"2025-02-21T21:50:49Z","timestamp":1740174649134,"version":"3.37.3"},"reference-count":0,"publisher":"Universidad Cooperativa de Colombia - UCC","issue":"18","license":[{"start":{"date-parts":[[2014,6,30]],"date-time":"2014-06-30T00:00:00Z","timestamp":1404086400000},"content-version":"unspecified","delay-in-days":0,"URL":"https:\/\/creativecommons.org\/licenses\/by-nc-nd\/4.0"}],"content-domain":{"domain":[],"crossmark-restriction":false},"short-container-title":["Rev. nac. odontol."],"abstract":"<jats:p>Introducci\u00f3n: el objetivo de esta investigaci\u00f3n fue estudiar las caracter\u00edsticas de los estadios de maduraci\u00f3n sexual y esquel\u00e9tica en un grupo de ni\u00f1os de Medell\u00edn. M\u00e9todos: estudio descriptivo longitudinal prospectivo. Se observaron 33 pacientes, 18 hombresy 15 mujeres, entre los 8 y 13 a\u00f1os; sanos, evaluados con par\u00e1metros de maduraci\u00f3n esquel\u00e9tica, seg\u00fan H\u00e4gg y Taranger; de maduraci\u00f3n sexual, seg\u00fan Tanner, y medidas antropom\u00e9tricas de talla y peso. Se realizaron mediciones cada seis meses durante treinta meses.\u00a0Resultados: se encontraron asociaciones estad\u00edsticamente significativas entre la maduraci\u00f3n esquel\u00e9tica y la sexual, con la edad, el peso \u00a0la talla; dimorfismo sexual con respecto a la edad de iniciaci\u00f3n de la pubertad. Los incrementos de talla y peso del periodo inmediatamente anterior al inicio de la pubertad fueron iguales o mayores a los registrados en algunas etapas del periodo puberal evaluado. Conclusiones: el desarrollo esquel\u00e9tico, representado por los incrementos en talla y peso en el periodo prepuberal, es semejante a los del periodo puberal evaluado. Estas observaciones sustentan la pertinencia de instaurar la terapia ortop\u00e9dica en un periodo anterior al puberal. Sin embargo, dadas las caracter\u00edsticas de la muestra, se recomienda validar estos resultados con una muestra m\u00e1s representativaDOI:\u00a0http:\/\/dx.doi.org\/10.16925\/od.v10i18.719<\/jats:p>","DOI":"10.16925\/od.v10i18.719","type":"journal-article","created":{"date-parts":[[2014,12,5]],"date-time":"2014-12-05T01:20:20Z","timestamp":1417742420000},"page":"29-40","source":"Crossref","is-referenced-by-count":0,"title":["Caracterizaci\u00f3n de los estadios de maduraci\u00f3n esquel\u00e9tica y la maduraci\u00f3n sexual en ni\u00f1os entre 8-13 a\u00f1os"],"prefix":"10.16925","volume":"10","author":[{"given":"Aurora del Carmen","family":"G\u00f3mez","sequence":"first","affiliation":[],"role":[{"role":"author","vocabulary":"crossref"}]},{"given":"\u00d3scar Arturo","family":"Zapata\u2013Nore\u00f1a","sequence":"additional","affiliation":[],"role":[{"role":"author","vocabulary":"crossref"}]}],"member":"6711","published-online":{"date-parts":[[2014,6,30]]},"container-title":["Revista Nacional de Odontolog\u00eda"],"link":[{"URL":"https:\/\/revistas.ucc.edu.co\/index.php\/od\/article\/download\/719\/721","content-type":"application\/pdf","content-version":"vor","intended-application":"text-mining"},{"URL":"https:\/\/revistas.ucc.edu.co\/index.php\/od\/article\/download\/719\/721","content-type":"unspecified","content-version":"vor","intended-application":"similarity-checking"}],"deposited":{"date-parts":[[2020,8,29]],"date-time":"2020-08-29T08:26:57Z","timestamp":1598689617000},"score":0.0,"resource":{"primary":{"URL":"https:\/\/revistas.ucc.edu.co\/index.php\/od\/article\/view\/719"}},"issued":{"date-parts":[[2014,6,30]]},"references-count":0,"journal-issue":{"issue":"18","published-online":{"date-parts":[[2014,6,30]]}},"URL":"https:\/\/doi.org\/10.16925\/od.v10i18.719","ISSN":["2357-4607","1900-3080"],"issn-type":[{"type":"electronic","value":"2357-4607"},{"type":"print","value":"1900-3080"}],"published":{"date-parts":[[2014,6,30]]}},{"indexed":{"date-parts":[[2025,2,21]],"date-time":"2025-02-21T21:50:50Z","timestamp":1740174650119,"version":"3.37.3"},"reference-count":0,"publisher":"Universidad Cooperativa de Colombia - UCC","issue":"18","license":[{"start":{"date-parts":[[2014,6,30]],"date-time":"2014-06-30T00:00:00Z","timestamp":1404086400000},"content-version":"unspecified","delay-in-days":0,"URL":"https:\/\/creativecommons.org\/licenses\/by-nc-nd\/4.0"}],"content-domain":{"domain":[],"crossmark-restriction":false},"short-container-title":["Rev. nac. odontol."],"abstract":"<jats:p>Introducci\u00f3n:periapical lesiones son un hallazgo importante en la pr\u00e1ctica de endodoncia, debido a la informaci\u00f3n que proporcionan para el diagn\u00f3stico y plan de tratamiento. El objetivo de esta investigaci\u00f3n fue describir los hallazgos radiogr\u00e1ficos de lesiones periapicales en las historias cl\u00ednicas de los pacientes tratados con endodoncia. M\u00e9todos: Estudio descriptivo tama\u00f1o medido, la ubicaci\u00f3n, la ampliaci\u00f3n del ligamento periodontal, l\u00e1mina dura, y la p\u00e9rdida \u00f3sea de las lesiones apicales y dientes tratados. El estudio incluy\u00f3 a 576 radiograf\u00edas obtenidas entre 2003 y 2007, teniendo criterios de selecci\u00f3n definidos en cuenta. Un formato fue dise\u00f1ado y las radiograf\u00edas fueron estandarizadas mediante un lector digital calibrado. An\u00e1lisis estad\u00edstico se realiz\u00f3 mediante el programa STATA. Resultados:la edad media fue de 32,1 \u00b1 14,6 a\u00f1os. Los rayos X relacionados con pacientes de sexo femenino en el 59,4% de los casos y los hombres en el 40,6% de los casos; 38% present\u00f3 lesiones de gran tama\u00f1o (&gt; 7 mm). La p\u00e9rdida de hueso fue detectable en 18.2% de los casos. Finalmente, la l\u00e1mina dura tuvo mayor continuidad en el rango de 8 a 10 mm con 37,5%. Conclusiones: los resultados sugieren que las caracter\u00edsticas de las lesiones periapicales fueron consistentes con otros hallazgos descritos en la literatura. As\u00ed como los rayos X, otros hallazgos deben ser tenidos en cuenta para el diagn\u00f3stico y tratamiento correcto.DOI:\u00a0http:\/\/dx.doi.org\/10.16925\/od.v10i18.720<\/jats:p>","DOI":"10.16925\/od.v10i18.720","type":"journal-article","created":{"date-parts":[[2014,12,5]],"date-time":"2014-12-05T01:20:20Z","timestamp":1417742420000},"page":"41-48","source":"Crossref","is-referenced-by-count":2,"title":["An\u00e1lisis radiogr\u00e1fico de las lesiones periapicales en pacientes sometidos a tratamiento de conducto"],"prefix":"10.16925","volume":"10","author":[{"given":"Gisella","family":"Osorio-Cabarcas","sequence":"first","affiliation":[],"role":[{"role":"author","vocabulary":"crossref"}]},{"given":"Edison","family":"Quintero-Ricardo","sequence":"additional","affiliation":[],"role":[{"role":"author","vocabulary":"crossref"}]},{"given":"Eduardo","family":"Covo-Morales","sequence":"additional","affiliation":[],"role":[{"role":"author","vocabulary":"crossref"}]},{"given":"Antonio Jos\u00e9","family":"D\u00edaz-Caballero","sequence":"additional","affiliation":[],"role":[{"role":"author","vocabulary":"crossref"}]},{"given":"Miguel \u00c1ngel","family":"Simancas-Pallares","sequence":"additional","affiliation":[],"role":[{"role":"author","vocabulary":"crossref"}]}],"member":"6711","published-online":{"date-parts":[[2014,6,30]]},"container-title":["Revista Nacional de Odontolog\u00eda"],"link":[{"URL":"https:\/\/revistas.ucc.edu.co\/index.php\/od\/article\/download\/720\/722","content-type":"application\/pdf","content-version":"vor","intended-application":"text-mining"},{"URL":"https:\/\/revistas.ucc.edu.co\/index.php\/od\/article\/download\/720\/722","content-type":"unspecified","content-version":"vor","intended-application":"similarity-checking"}],"deposited":{"date-parts":[[2020,8,29]],"date-time":"2020-08-29T08:26:18Z","timestamp":1598689578000},"score":0.0,"resource":{"primary":{"URL":"https:\/\/revistas.ucc.edu.co\/index.php\/od\/article\/view\/720"}},"issued":{"date-parts":[[2014,6,30]]},"references-count":0,"journal-issue":{"issue":"18","published-online":{"date-parts":[[2014,6,30]]}},"URL":"https:\/\/doi.org\/10.16925\/od.v10i18.720","ISSN":["2357-4607","1900-3080"],"issn-type":[{"type":"electronic","value":"2357-4607"},{"type":"print","value":"1900-3080"}],"published":{"date-parts":[[2014,6,30]]}},{"indexed":{"date-parts":[[2025,2,21]],"date-time":"2025-02-21T21:50:48Z","timestamp":1740174648869,"version":"3.37.3"},"reference-count":0,"publisher":"Universidad Cooperativa de Colombia - UCC","issue":"18","license":[{"start":{"date-parts":[[2014,6,30]],"date-time":"2014-06-30T00:00:00Z","timestamp":1404086400000},"content-version":"unspecified","delay-in-days":0,"URL":"https:\/\/creativecommons.org\/licenses\/by-nc-nd\/4.0"}],"content-domain":{"domain":[],"crossmark-restriction":false},"short-container-title":["Rev. nac. odontol."],"abstract":"<jats:p>Introducci\u00f3n: esta investigaci\u00f3n pertenece a la l\u00ednea de investigaci\u00f3n \u00a0\u201cTerap\u00e9uticas y biomec\u00e1nicas en ortodoncia y ortopedia\u201d realizada en el 2013 por el grupo ODONTOPOSTGRADOSUCC de la Facultad de Odontolog\u00eda, sede Bogot\u00e1. El objetivo fue evaluar las \u00a0alteraciones del color dental con tres bebidas oscuras, en dientes tratados con ortodoncia fija. M\u00e9todos: estudio experimental in-vitro, \u00a0con 48 premolares humanos, aleatorizados en tres grupos de 16 dientes. Despu\u00e9s de la cementaci\u00f3n y descementaci\u00f3n de brackets, \u00a0los dientes fueron sumergidos durante 10 d\u00edas a 37\u00b0C, en Coca-cola\u00ae, vino tinto y caf\u00e9. El color fue medido antes de la cementaci\u00f3n \u00a0de brackets (T1) y despu\u00e9s de la exposici\u00f3n a las sustancias (T2), con un espectrofot\u00f3metro (Vita Easyshade\u00ae). La diferencia en color \u00a0(\u0394\u0395) fue calculada entre T1 y T2. Se aplic\u00f3 la prueba t pareada y Bonferroni para determinar el significado de las diferencias en los \u00a0par\u00e1metros L, C, h (p &lt; 0,05). Resultados: se encontr\u00f3 una diferencia significativa en L, C, h (p = 0,05); los cambios de color fueron \u00a0significativos: entre 79,8 (Coca-cola\u00ae) y 7,5 (caf\u00e9) unidades \u0394\u0395. Conclusiones: los dientes presentaron cambios en el color del esmalte \u00a0grabado al someterse a bebidas oscuras, presentando mayor diferencia con Coca-cola\u00ae y menor con caf\u00e9.DOI:\u00a0http:\/\/dx.doi.org\/10.16925\/od.v10i18.721<\/jats:p>","DOI":"10.16925\/od.v10i18.721","type":"journal-article","created":{"date-parts":[[2014,12,5]],"date-time":"2014-12-05T01:20:20Z","timestamp":1417742420000},"page":"49-56","source":"Crossref","is-referenced-by-count":1,"title":["Efecto de las soluciones pigmentantes en el color de dientes tratados con ortodoncia fija: un estudio in vitro"],"prefix":"10.16925","volume":"10","author":[{"given":"Alba Luc\u00eda","family":"Acosta-Valderrama","sequence":"first","affiliation":[],"role":[{"role":"author","vocabulary":"crossref"}]},{"given":"Hilda","family":"Figueroa-Cadena","sequence":"additional","affiliation":[],"role":[{"role":"author","vocabulary":"crossref"}]},{"given":"M\u00f3nica Cecilia","family":"Rivillas-S\u00e1nchez","sequence":"additional","affiliation":[],"role":[{"role":"author","vocabulary":"crossref"}]},{"given":"Linda","family":"Delgado-Perdomo","sequence":"additional","affiliation":[],"role":[{"role":"author","vocabulary":"crossref"}]},{"given":"Adiela","family":"Ruiz-G\u00f3mez","sequence":"additional","affiliation":[],"role":[{"role":"author","vocabulary":"crossref"}]}],"member":"6711","published-online":{"date-parts":[[2014,6,30]]},"container-title":["Revista Nacional de Odontolog\u00eda"],"link":[{"URL":"https:\/\/revistas.ucc.edu.co\/index.php\/od\/article\/download\/721\/723","content-type":"application\/pdf","content-version":"vor","intended-application":"text-mining"},{"URL":"https:\/\/revistas.ucc.edu.co\/index.php\/od\/article\/download\/721\/723","content-type":"unspecified","content-version":"vor","intended-application":"similarity-checking"}],"deposited":{"date-parts":[[2020,8,29]],"date-time":"2020-08-29T08:25:42Z","timestamp":1598689542000},"score":0.0,"resource":{"primary":{"URL":"https:\/\/revistas.ucc.edu.co\/index.php\/od\/article\/view\/721"}},"issued":{"date-parts":[[2014,6,30]]},"references-count":0,"journal-issue":{"issue":"18","published-online":{"date-parts":[[2014,6,30]]}},"URL":"https:\/\/doi.org\/10.16925\/od.v10i18.721","ISSN":["2357-4607","1900-3080"],"issn-type":[{"type":"electronic","value":"2357-4607"},{"type":"print","value":"1900-3080"}],"published":{"date-parts":[[2014,6,30]]}},{"indexed":{"date-parts":[[2025,2,21]],"date-time":"2025-02-21T21:50:48Z","timestamp":1740174648927,"version":"3.37.3"},"reference-count":0,"publisher":"Universidad Cooperativa de Colombia - UCC","issue":"18","license":[{"start":{"date-parts":[[2014,6,30]],"date-time":"2014-06-30T00:00:00Z","timestamp":1404086400000},"content-version":"unspecified","delay-in-days":0,"URL":"https:\/\/creativecommons.org\/licenses\/by-nc-nd\/4.0"}],"content-domain":{"domain":[],"crossmark-restriction":false},"short-container-title":["Rev. nac. odontol."],"abstract":"<jats:p>Introducci\u00f3n: en la terapia endod\u00f3ntica, los agentes quelantes aparecen como productos auxiliares durante el proceso de \u00a0conformaci\u00f3n de los conductos radiculares como lubricantes y coadyuvantes en la remoci\u00f3n del barro dentinario. El objetivo de este \u00a0estudio fue comparar la efectividad de tres agentes quelantes RC-Prep, Glyde, Kelfar, para la remoci\u00f3n del barrillo dentinario en 40 pre molares unirradiculares sanos. M\u00e9todos: se decoronaron 40 muestras de dientes unirradiculares para posteriormente realizar la limpieza y conformaci\u00f3n de cada conducto radicular y se dividieron en cuatro grupos. El grupo 1 estuvo compuesto por dientes preparados \u00a0con RC-Prep; el grupo 2 con Glyde; el grupo 3 se prepar\u00f3 con Kelfar y el grupo 4 fue el de control. Fueron irrigados entre lima y lima \u00a0con 2 ml de hipoclorito de sodio al 5,25%. Luego se secaron con puntas de papel y se cortaron longitudinalmente para ser evaluados \u00a0por microscopio electr\u00f3nico de barrido. Resultados: no hubo diferencia estad\u00edsticamente significativa, excepto en el tercio apical de los \u00a0dientes tratados con Glyde. Conclusiones: Glyde mostr\u00f3 mejor comportamiento respecto al RC-Prep y Kelfar. Aunque no existi\u00f3 dif rencia estad\u00edsticamente significativa, es importante utilizar un agente quelante l\u00edquido para mejorar la limpieza de barrillo dentinario.DOI:\u00a0http:\/\/dx.doi.org\/10.16925\/od.v10i18.722<\/jats:p>","DOI":"10.16925\/od.v10i18.722","type":"journal-article","created":{"date-parts":[[2014,12,5]],"date-time":"2014-12-05T01:20:20Z","timestamp":1417742420000},"page":"57-65","source":"Crossref","is-referenced-by-count":0,"title":["Comparaci\u00f3n in vitro de la capacidad de remoci\u00f3n del barrillo dentinario con rc-prep (Premier), glyde (Dentsply), kelfar (Eufar), durante la limpieza y conformaci\u00f3n de los conductos radicales"],"prefix":"10.16925","volume":"10","author":[{"given":"Andr\u00e9s","family":"Callejas-Ospina","sequence":"first","affiliation":[],"role":[{"role":"author","vocabulary":"crossref"}]},{"given":"Claudia","family":"Garc\u00eda-Salazar","sequence":"additional","affiliation":[],"role":[{"role":"author","vocabulary":"crossref"}]},{"given":"Jennifer","family":"Monsalve-Tabares","sequence":"additional","affiliation":[],"role":[{"role":"author","vocabulary":"crossref"}]},{"given":"Felipe","family":"Tamayo-Zapata","sequence":"additional","affiliation":[],"role":[{"role":"author","vocabulary":"crossref"}]},{"given":"Juli\u00e1n David","family":"Casta\u00f1o-Echeverri","sequence":"additional","affiliation":[],"role":[{"role":"author","vocabulary":"crossref"}]},{"given":"Medardo Antonio","family":"P\u00e9rez-Guisao","sequence":"additional","affiliation":[],"role":[{"role":"author","vocabulary":"crossref"}]}],"member":"6711","published-online":{"date-parts":[[2014,6,30]]},"container-title":["Revista Nacional de Odontolog\u00eda"],"link":[{"URL":"https:\/\/revistas.ucc.edu.co\/index.php\/od\/article\/download\/722\/724","content-type":"application\/pdf","content-version":"vor","intended-application":"text-mining"},{"URL":"https:\/\/revistas.ucc.edu.co\/index.php\/od\/article\/download\/722\/724","content-type":"unspecified","content-version":"vor","intended-application":"similarity-checking"}],"deposited":{"date-parts":[[2020,8,29]],"date-time":"2020-08-29T08:25:05Z","timestamp":1598689505000},"score":0.0,"resource":{"primary":{"URL":"https:\/\/revistas.ucc.edu.co\/index.php\/od\/article\/view\/722"}},"issued":{"date-parts":[[2014,6,30]]},"references-count":0,"journal-issue":{"issue":"18","published-online":{"date-parts":[[2014,6,30]]}},"URL":"https:\/\/doi.org\/10.16925\/od.v10i18.722","ISSN":["2357-4607","1900-3080"],"issn-type":[{"type":"electronic","value":"2357-4607"},{"type":"print","value":"1900-3080"}],"published":{"date-parts":[[2014,6,30]]}},{"indexed":{"date-parts":[[2025,2,21]],"date-time":"2025-02-21T21:50:49Z","timestamp":1740174649038,"version":"3.37.3"},"reference-count":0,"publisher":"Universidad Cooperativa de Colombia - UCC","issue":"18","license":[{"start":{"date-parts":[[2014,6,30]],"date-time":"2014-06-30T00:00:00Z","timestamp":1404086400000},"content-version":"unspecified","delay-in-days":0,"URL":"https:\/\/creativecommons.org\/licenses\/by-nc-nd\/4.0"}],"content-domain":{"domain":[],"crossmark-restriction":false},"short-container-title":["Rev. nac. odontol."],"abstract":"<jats:p>Resumen.\u00a0Durante los \u00faltimos a\u00f1os, el porcentaje de adultos que busca tratamiento ortod\u00f3ncico ha ido en aumento. Con estos pa- cientes las demandas est\u00e9ticas y las condiciones orales complican el tratamiento. El enfoque multidisciplinario con miras a realizar \u00a0tratamientos m\u00e1s conservadores que eviten sacrificar dientes sanos es una de las metas en estos pacientes. La utilizaci\u00f3n de m\u00e9todos \u00a0como el desgaste dentario interproximal es una alternativa preventiva y terap\u00e9utica que, realizada con cuidado y conocimiento, no \u00a0causa da\u00f1o a los dientes y tejidos periodontales, facilita la correcci\u00f3n del api\u00f1amiento y mejora las formas dentales y tri\u00e1ngulos negros. \u00a0Adem\u00e1s, brinda resultados m\u00e1s estables, funcionales y est\u00e9ticos para los pacientes.DOI:\u00a0http:\/\/dx.doi.org\/10.16925\/od.v10i18.723<\/jats:p>","DOI":"10.16925\/od.v10i18.723","type":"journal-article","created":{"date-parts":[[2014,12,5]],"date-time":"2014-12-05T01:20:20Z","timestamp":1417742420000},"page":"67-73","source":"Crossref","is-referenced-by-count":0,"title":["Aplicaciones y ventajas est\u00e9ticas de la reducci\u00f3n interproximal de esmalte"],"prefix":"10.16925","volume":"10","author":[{"given":"Dora Liliana","family":"Meneses Bedoya","sequence":"first","affiliation":[],"role":[{"role":"author","vocabulary":"crossref"}]},{"given":"Paola","family":"Botero Mariaca","sequence":"additional","affiliation":[],"role":[{"role":"author","vocabulary":"crossref"}]}],"member":"6711","published-online":{"date-parts":[[2014,6,30]]},"container-title":["Revista Nacional de Odontolog\u00eda"],"link":[{"URL":"https:\/\/revistas.ucc.edu.co\/index.php\/od\/article\/download\/723\/725","content-type":"application\/pdf","content-version":"vor","intended-application":"text-mining"},{"URL":"https:\/\/revistas.ucc.edu.co\/index.php\/od\/article\/download\/723\/725","content-type":"unspecified","content-version":"vor","intended-application":"similarity-checking"}],"deposited":{"date-parts":[[2020,8,29]],"date-time":"2020-08-29T08:24:28Z","timestamp":1598689468000},"score":0.0,"resource":{"primary":{"URL":"https:\/\/revistas.ucc.edu.co\/index.php\/od\/article\/view\/723"}},"issued":{"date-parts":[[2014,6,30]]},"references-count":0,"journal-issue":{"issue":"18","published-online":{"date-parts":[[2014,6,30]]}},"URL":"https:\/\/doi.org\/10.16925\/od.v10i18.723","ISSN":["2357-4607","1900-3080"],"issn-type":[{"type":"electronic","value":"2357-4607"},{"type":"print","value":"1900-3080"}],"published":{"date-parts":[[2014,6,30]]}},{"indexed":{"date-parts":[[2022,4,3]],"date-time":"2022-04-03T06:32:54Z","timestamp":1648967574021},"reference-count":0,"publisher":"Universidad Cooperativa de Colombia","isbn-type":[{"value":"9789587600292","type":"print"}],"content-domain":{"domain":[],"crossmark-restriction":false},"published-print":{"date-parts":[[2014]]},"DOI":"10.16925\/9789587600292","type":"monograph","created":{"date-parts":[[2014,12,11]],"date-time":"2014-12-11T23:59:08Z","timestamp":1418342348000},"source":"Crossref","is-referenced-by-count":2,"title":["Tendencias en la gesti\u00f3n de empresas sin \u00e1nimo de lucro. Caso: cooperativas."],"prefix":"10.16925","author":[{"given":"Luz Patricia","family":"Pardo Mart\u00ednez","sequence":"first","affiliation":[],"role":[{"role":"author","vocabulary":"crossref"}]},{"given":"Mar\u00eda Victoria","family":"Huertas de Mora","sequence":"additional","affiliation":[],"role":[{"role":"author","vocabulary":"crossref"}]}],"member":"6711","published-online":{"date-parts":[[2014]]},"deposited":{"date-parts":[[2015,4,17]],"date-time":"2015-04-17T12:28:13Z","timestamp":1429273693000},"score":0.0,"resource":{"primary":{"URL":"http:\/\/ediciones.ucc.edu.co\/index.php\/ucc\/catalog\/book\/7"}},"issued":{"date-parts":[[2014]]},"ISBN":["9789587600292"],"references-count":0,"URL":"https:\/\/doi.org\/10.16925\/9789587600292","published":{"date-parts":[[2014]]}},{"indexed":{"date-parts":[[2022,3,29]],"date-time":"2022-03-29T03:20:36Z","timestamp":1648524036860},"reference-count":0,"publisher":"Universidad Cooperativa de Colombia","isbn-type":[{"value":"9789587600285","type":"print"}],"content-domain":{"domain":[],"crossmark-restriction":false},"published-print":{"date-parts":[[2014]]},"DOI":"10.16925\/9789587600285","type":"monograph","created":{"date-parts":[[2014,12,12]],"date-time":"2014-12-12T17:17:05Z","timestamp":1418404625000},"source":"Crossref","is-referenced-by-count":0,"title":["Estado y medios masivos para la educaci\u00f3n en Colombia (1929-2004)"],"prefix":"10.16925","author":[{"given":"Milc\u00edades","family":"Vizca\u00edno","sequence":"first","affiliation":[],"role":[{"role":"author","vocabulary":"crossref"}]}],"member":"6711","published-online":{"date-parts":[[2014]]},"deposited":{"date-parts":[[2015,4,17]],"date-time":"2015-04-17T08:28:13Z","timestamp":1429259293000},"score":0.0,"resource":{"primary":{"URL":"http:\/\/ediciones.ucc.edu.co\/index.php\/ucc\/catalog\/book\/6"}},"issued":{"date-parts":[[2014]]},"ISBN":["9789587600285"],"references-count":0,"URL":"https:\/\/doi.org\/10.16925\/9789587600285","published":{"date-parts":[[2014]]}},{"indexed":{"date-parts":[[2023,9,5]],"date-time":"2023-09-05T13:13:08Z","timestamp":1693919588988},"reference-count":0,"publisher":"Universidad Cooperativa de Colombia","isbn-type":[{"value":"9789587600308","type":"print"}],"content-domain":{"domain":[],"crossmark-restriction":false},"published-print":{"date-parts":[[2014]]},"DOI":"10.16925\/9789587600308","type":"book","created":{"date-parts":[[2014,12,15]],"date-time":"2014-12-15T17:59:10Z","timestamp":1418666350000},"source":"Crossref","is-referenced-by-count":7,"title":["Socioeconom\u00eda de la solidaridad. Una teor\u00eda para dar cuenta de las experiencias sociales y econ\u00f3micas alternativas"],"prefix":"10.16925","author":[{"given":"Pablo","family":"Guerra","sequence":"first","affiliation":[],"role":[{"role":"author","vocabulary":"crossref"}]}],"member":"6711","published-online":{"date-parts":[[2014]]},"deposited":{"date-parts":[[2015,6,10]],"date-time":"2015-06-10T17:55:22Z","timestamp":1433958922000},"score":0.0,"resource":{"primary":{"URL":"http:\/\/ediciones.ucc.edu.co\/index.php\/ucc\/catalog\/book\/1"}},"issued":{"date-parts":[[2014]]},"ISBN":["9789587600308"],"references-count":0,"URL":"https:\/\/doi.org\/10.16925\/9789587600308","published":{"date-parts":[[2014]]}},{"indexed":{"date-parts":[[2023,3,27]],"date-time":"2023-03-27T16:35:46Z","timestamp":1679934946629},"reference-count":20,"publisher":"Universidad Cooperativa de Colombia- UCC","issue":"16","content-domain":{"domain":[],"crossmark-restriction":false},"short-container-title":["ing. Solidar"],"abstract":"<jats:p>Como resultado del creciente mercado del biodiesel, se ha producido un aumento inevitable en la oferta de glicerina obtenida como subproducto del proceso. Con un abundante suministro barato de la glicerina sin refinar en el mercado, los investigadores buscan encontrar nuevas alternativas de uso. Por ello, en esta investigaci\u00f3n se pretende analizar como la glicerina proveniente de la producci\u00f3n de biodiesel de aceite de palma puede ser la materia prima para la producci\u00f3n de qu\u00edmicos con un alto valor comercial por medios fermentativos y ser base para futuras biorrefiner\u00edas. A partir de la mezcla de glicerina, con diferentes sustratos por medio de un proceso de fermentaci\u00f3n microbiana anaer\u00f3bica a partir de una cepa de Saccharomyces cerevisiae y una separaci\u00f3n posterior, se pueden obtener diferentes productos de alto valor agregado como el etanol.<\/jats:p>","DOI":"10.16925\/in.v9i16.532","type":"journal-article","created":{"date-parts":[[2015,1,29]],"date-time":"2015-01-29T08:23:26Z","timestamp":1422519806000},"page":"97-101","source":"Crossref","is-referenced-by-count":2,"title":["Producci\u00f3n de etanol por Saccharomyces cerevisiae a partir de glicerina, subproducto de biodiesel"],"prefix":"10.16925","volume":"9","author":[{"given":"Jorge Augusto","family":"Hern\u00e1ndez Mora","sequence":"first","affiliation":[],"role":[{"role":"author","vocabulary":"crossref"}]},{"given":"Juan Camilo","family":"Acevedo P\u00e1ez","sequence":"additional","affiliation":[],"role":[{"role":"author","vocabulary":"crossref"}]}],"member":"6711","published-online":{"date-parts":[[2014,4,10]]},"reference":[{"key":"14519","unstructured":"Gobierno Federal-Secretaria de Energia, Prospectiva del mercado de petroleo crudo 2010-2025. M\u00e9xico, 2011. [En Linea]. Disponible en: http:\/\/www.sener.gob.mx"},{"key":"14520","unstructured":"Asociaci\u00f3n Colombiana de Petr\u00f3leo, \u201cInforme estad\u00edstico petrolero 2011\u201d, Bogot\u00e1, 2012. [En linea]. Disponible en: http:\/\/www.acp.com.co"},{"key":"14521","doi-asserted-by":"crossref","unstructured":"A. Demirbas, \u201cBiodiesel A Realistic Fuel Alternative for Diesel Engines\u201d, Springer London, 2008.","DOI":"10.1016\/S1351-4180(08)70586-5"},{"key":"14522","doi-asserted-by":"crossref","unstructured":"F. Yang, M. Hanna, y R. Sun, \u201cValue-added uses for crude glycerol\u2011a byproduct of biodiesel production\u201d. Biotechnology for Biofuels, Vol. 5, pp. 1\u201110, No. 13, 2012.","DOI":"10.1186\/1754-6834-5-13"},{"key":"14523","unstructured":"M. Hasheminejad, M. Tabatabaei, Y. Mansourpanah, M.Khatami y A. Javani, \u201cUpstream and downstream strategies to economize biodiesel production\u201d. Bioresource"},{"key":"14524","doi-asserted-by":"crossref","unstructured":"Technology, Vol. 102, No. 2, pp. 461\u2011468, 2011.","DOI":"10.1016\/j.biortech.2010.09.094"},{"key":"14525","unstructured":"A. Singhabhandhu y T. Tezuka, \u201cA perspective on incorporation of glycerin purification process in biodiesel plants using waste cooking oil as feedstock\u201d. Energy, Vol.35, pp. 2493\u20112504, 2010."},{"key":"14526","unstructured":"M. Hajek y F. Skopal, \u201cTreatment of glycerol phase formed by biodiesel production\u201d. Bioresource Technology, Vol. 101, No. 9, pp. 3242\u20113245, 2010."},{"key":"14527","doi-asserted-by":"crossref","unstructured":"S. Yazdani y R. Gonzalez, \u201cAnaerobic fermentation of glycerol: a path to economic viability for the biofuels industry\u201d. Current opinion in biotechnology. Vol. 7, No.18, pp. 213\u2011219, 2007.","DOI":"10.1016\/j.copbio.2007.05.002"},{"key":"14528","unstructured":"W. Crueger y A. Crueger, Biotecnologia: Manual de Microbiologia Industrial, Zaragoza: Editorial Acribia, 1993,pp. 143-146."},{"key":"14529","unstructured":"K. Yu, S. Kim y S. Han, \u201cEngineering of glycerol utilization pathway for ethanol production by Saccharomyces cerevisiae\u201d. Bioresource Technology, Vol. 101, pp. 4157\u20114161, 2010."},{"key":"14530","unstructured":"C. Cardona y C. Orrego, Avances investigativos en la producci\u00f3n de biocombustibles, Manizales: Universidad Nacional de Colombia, 2009."},{"key":"14531","unstructured":"N. Akhtar, A. Pahlman, K. Larsson, A. Corbett y L.Adler, \u201cSGD1 encodes an essential nuclear protein of Saccharomyces cerevisiae that affects expression of the"},{"key":"14532","doi-asserted-by":"crossref","unstructured":"GPD1 gene for glycerol 3-phosphate dehydrogenase\u201d, febs Lett. Vol. 483, No. 2\u20113, pp. 87\u201192, 2000.","DOI":"10.1016\/S0014-5793(00)02087-1"},{"key":"14533","doi-asserted-by":"crossref","unstructured":"R. Gonzalez, A. Murarka, Y. Dharmadi, y S. Yazdani, \u201cA new model for the anaerobic fermentation of glycerol in enteric bacteria: Trunk and auxiliary pathways in Escherichia coli\u201d. Metabolic Engineering, Vol. 10, No. 5, pp. 234\u2011245, 2008.","DOI":"10.1016\/j.ymben.2008.05.001"},{"key":"14534","doi-asserted-by":"crossref","unstructured":"T. Ito, Y. Nakashimada, K. Senba, T. Matsui y N. Nishio, \u201cHydrogen and Ethanol Production from Glycerol - Containing Wastes Discharges after Biodiesel Manufacturing Process\u201d. Journal of Bioscience and Bioengineering, Vol. 100, No. 3, pp. 260\u2011265, 2005.","DOI":"10.1263\/jbb.100.260"},{"key":"14535","doi-asserted-by":"crossref","unstructured":"Y. Dharmadi, A. Murarka, R. Gonzalez y S. Yazdani, \u201cA new model for the anaerobic fermentation of glycerol in enteric bacteria: Trunk and auxiliary pathways\u201d. Escherichia coli. Metabolic Engineering, Vol. 10, No. 5, pp.234\u2011245, 2008.","DOI":"10.1016\/j.ymben.2008.05.001"},{"key":"14536","doi-asserted-by":"crossref","unstructured":"C. Kasavi, I. Finore, L. Lama, B. Nicolaus, G. Oliver, E.Toksoy y B. Kirdar, \u201cEvaluation of industrial Saccharomyces cerevisiae strains for ethanol production from biomass\u201d.Biomass and Bioenergy, Vol. 45, pp. 230\u2011238, 2012.","DOI":"10.1016\/j.biombioe.2012.06.013"},{"key":"14537","doi-asserted-by":"crossref","unstructured":"K. Yu, S. Kim y S. Han, \u201cReduction of glycerol production to improve ethanol yield in an engineered Saccharomycescerevisiae using glycerol as a substrate\u201d. Journal of Biotechnology, Vol. 150, pp. 209\u2011214, 2010.","DOI":"10.1016\/j.jbiotec.2010.09.932"},{"key":"14538","unstructured":"A. Ochoa\u2011Estopier, N. Lesage, N. Gorret y S. Guillouet, \u201cKinetic analysis of a Saccharomyces cerevisiae strain adapted for improved growth on glycerol: Implications for the development of yeast bioprocesses on glycerol\u201d. Bioresource Technology, Vol. 102, pp. 1521\u20111527, 2011."}],"container-title":["Ingenier\u00eda Solidaria"],"link":[{"URL":"http:\/\/198.46.134.239\/index.php\/in\/article\/download\/532\/506","content-type":"application\/pdf","content-version":"vor","intended-application":"text-mining"},{"URL":"http:\/\/198.46.134.239\/index.php\/in\/article\/download\/532\/506","content-type":"unspecified","content-version":"vor","intended-application":"similarity-checking"}],"deposited":{"date-parts":[[2020,2,16]],"date-time":"2020-02-16T23:18:20Z","timestamp":1581895100000},"score":0.0,"resource":{"primary":{"URL":"http:\/\/198.46.134.239\/index.php\/in\/article\/view\/532"}},"issued":{"date-parts":[[2014,4,10]]},"references-count":20,"journal-issue":{"issue":"16","published-online":{"date-parts":[[2014,2,12]]}},"URL":"https:\/\/doi.org\/10.16925\/in.v9i16.532","ISSN":["2357-6014","1900-3102"],"issn-type":[{"value":"2357-6014","type":"electronic"},{"value":"1900-3102","type":"print"}],"published":{"date-parts":[[2014,4,10]]}},{"indexed":{"date-parts":[[2022,4,4]],"date-time":"2022-04-04T08:52:08Z","timestamp":1649062328627},"reference-count":14,"publisher":"Universidad Cooperativa de Colombia- UCC","issue":"16","content-domain":{"domain":[],"crossmark-restriction":false},"short-container-title":["ing. Solidar"],"abstract":"<jats:p>El art\u00edculo es producto de la investigaci\u00f3n \u201cEvaluaci\u00f3n de programas de pregrado y posgrado existentes en la Universidad Cooperativa de Colombia sede Popay\u00e1n y la creaci\u00f3n de nuevos programas acad\u00e9micos para la Facultad de Ingenier\u00eda\u201d, realizada en el 2012. Los autores analizaron las \u00e1reas de conocimiento de mayor preferencia seg\u00fan los egresados para la creaci\u00f3n de programas acad\u00e9micos de posgrado que est\u00e9n dentro de los intereses y expectativas de los estudiantes al finalizar las carreras de ingenier\u00eda. En la secci\u00f3n final los autores exponen algunos criterios para la creaci\u00f3n de ofertas acad\u00e9micas de posgrado que resulten interesantes y suplan necesidades de formaci\u00f3n en los reci\u00e9n egresados.<\/jats:p>","DOI":"10.16925\/in.v9i16.537","type":"journal-article","created":{"date-parts":[[2015,1,29]],"date-time":"2015-01-29T08:23:26Z","timestamp":1422519806000},"page":"129-139","source":"Crossref","is-referenced-by-count":0,"title":["Preferencia de los egresados de la Facultad de Ingenier\u00eda de Sistemas de la Universidad Cooperativa de Colombia, sede Popay\u00e1n,acerca de \u00e1reas de conocimiento para un programa de posgrado"],"prefix":"10.16925","volume":"9","author":[{"given":"Gabriel","family":"De la Torre Solarte","sequence":"first","affiliation":[],"role":[{"role":"author","vocabulary":"crossref"}]},{"given":"Rafael Mar\u00eda","family":"Padilla Moreno","sequence":"additional","affiliation":[],"role":[{"role":"author","vocabulary":"crossref"}]}],"member":"6711","published-online":{"date-parts":[[2014,4,10]]},"reference":[{"key":"14612","unstructured":"J. Motta, \u201cEstado Actual de la Facultad de Ingenieria: \u2018Poblacion Academica\u2019\u201d, Facultad de Ingenierias, Universidad Cooperativa de Colombia, sede Popayan, 2010."},{"key":"14613","unstructured":"H. Jaramillo, \u201cLa formacion de posgrado en Colombia: maestrias y doctorados\u201d, Revista cts, Vol. 5, No. 13, pp.131\u2011155, Nov., 2009."},{"key":"14614","unstructured":"D. Valencia, \u201cHistoria de la Ingenieria. Lecciones para el presente, perspectivas para el futuro\u201d, Medellin: Universidad Nacional de Colombia, Abr., 2009."},{"key":"14615","unstructured":"F. Mojica, \u201cEl futuro de la educacion en America Latina\u201d, Conferencia realizada en la Universidad Cooperativa de Colombia, May., 2012."},{"key":"14616","unstructured":"Congreso de Colombia, Ley 30 de 1992, Por la cual se organiza el servicio publico de la Educacion Superior, Educaci\u00f3n en Ingenier\u00eda Ingenier\u00eda Solidaria \/ Volumen 9, N\u00famero 16 \/ enero - diciembre 2013 en Diario Oficial No. 40.700 del 29 de diciembre de 1992, Bogota, 1992."},{"key":"14617","unstructured":"R. Hernandez, C. Fernandez y P. Baptista, Metodologia de la investigacion, Bogota: McGraw\u2011Hill, 2006."},{"key":"14618","unstructured":"L. Ayala, L. Alba, N. Becerra, M. Canon, I. Castano, J. Gomez, M. Granados, C. Luna, y J. Vivas, \u201cRotafolio de la Clinica para dejar de Fumar\u201d. Departamento de Universidad Saludable, Pontificia Universidad Javeriana, Bogota, 2009."},{"key":"14619","unstructured":"M. Tamayo, \u201cSerie: Aprender a investigar. Modulo 2: la investigacion\u201d, Bogota: Icfes, 1999. [En linea]. Disponible: http:\/\/acreditacion.unillanos.edu.co\/contenidos\/dis_ambientes_metodos_pedagogicos\/Memoria3\/investigacion.PDF"},{"key":"14620","unstructured":"F. Uribe, \u201cDesarrollo regional en el nuevo entorno de politicas publicas. Un nuevo rol para el Estado latinoamericano\u201d, en Cuadernos de Economia, Universidad"},{"key":"14621","unstructured":"Nacional de Colombia, Vol. 12, No. 17, pp. 7\u201143, 1992."},{"key":"14622","unstructured":"L. Luchilo, Formacion de posgrado en America Latina.Politicas de apoyo, resultados e impacto, Buenos Aires:"},{"key":"14623","unstructured":"Eudeba, 2010."},{"key":"14624","unstructured":"Unesco, Las Tecnologias de la Informacion y las Comunicaciones en la formacion docente, Motevideo: Unesco,2004. [En linea]. Disponible en: http:\/\/unesdoc.unesco."},{"key":"14625","unstructured":"org\/images\/0012\/001295\/129533s.pdf"}],"container-title":["Ingenier\u00eda Solidaria"],"link":[{"URL":"http:\/\/198.46.134.239\/index.php\/in\/article\/download\/537\/511","content-type":"application\/pdf","content-version":"vor","intended-application":"text-mining"},{"URL":"http:\/\/198.46.134.239\/index.php\/in\/article\/download\/537\/511","content-type":"unspecified","content-version":"vor","intended-application":"similarity-checking"}],"deposited":{"date-parts":[[2020,2,16]],"date-time":"2020-02-16T23:17:20Z","timestamp":1581895040000},"score":0.0,"resource":{"primary":{"URL":"http:\/\/198.46.134.239\/index.php\/in\/article\/view\/537"}},"issued":{"date-parts":[[2014,4,10]]},"references-count":14,"journal-issue":{"issue":"16","published-online":{"date-parts":[[2014,2,12]]}},"URL":"https:\/\/doi.org\/10.16925\/in.v9i16.537","ISSN":["2357-6014","1900-3102"],"issn-type":[{"value":"2357-6014","type":"electronic"},{"value":"1900-3102","type":"print"}],"published":{"date-parts":[[2014,4,10]]}},{"indexed":{"date-parts":[[2026,7,22]],"date-time":"2026-07-22T09:17:12Z","timestamp":1784711832537,"version":"3.55.0"},"reference-count":0,"publisher":"Universidad Cooperativa de Colombia- UCC","issue":"17","content-domain":{"domain":[],"crossmark-restriction":false},"short-container-title":["Rev. Ingenieria Solidaria"],"DOI":"10.16925\/in.v9i17.628","type":"journal-article","created":{"date-parts":[[2015,1,29]],"date-time":"2015-01-29T08:23:26Z","timestamp":1422519806000},"source":"Crossref","is-referenced-by-count":1,"title":["Estimaci\u00f3n y Predicci\u00f3n con el Modelo de Regresi\u00f3n C\u00fabica aplicado a un Problema De Salud"],"prefix":"10.16925","volume":"9","author":[{"given":"Diego","family":"Cardona","sequence":"first","affiliation":[],"role":[{"vocabulary":"crossref","role":"author"}]},{"given":"Javier","family":"Gonz\u00e1lez","sequence":"additional","affiliation":[],"role":[{"vocabulary":"crossref","role":"author"}]},{"given":"Miller","family":"Rivera","sequence":"additional","affiliation":[],"role":[{"vocabulary":"crossref","role":"author"}]},{"given":"Edwin","family":"C\u00e1rdenas","sequence":"additional","affiliation":[],"role":[{"vocabulary":"crossref","role":"author"}]}],"member":"6711","published-online":{"date-parts":[[2014,5,12]]},"container-title":["Ingenier\u00eda solidaria"],"deposited":{"date-parts":[[2015,1,29]],"date-time":"2015-01-29T08:23:26Z","timestamp":1422519806000},"score":0.0,"resource":{"primary":{"URL":"http:\/\/revistas.ucc.edu.co\/index.php\/in\/article\/view\/628"}},"issued":{"date-parts":[[2014,5,12]]},"references-count":0,"journal-issue":{"issue":"17","published-online":{"date-parts":[[2014,5,12]]}},"URL":"https:\/\/doi.org\/10.16925\/in.v9i17.628","ISSN":["1900-3102"],"issn-type":[{"value":"1900-3102","type":"print"}],"published":{"date-parts":[[2014,5,12]]}},{"indexed":{"date-parts":[[2022,4,4]],"date-time":"2022-04-04T10:33:06Z","timestamp":1649068386879},"reference-count":0,"publisher":"Universidad Cooperativa de Colombia- UCC","issue":"17","content-domain":{"domain":[],"crossmark-restriction":false},"short-container-title":["ing. Solidar"],"abstract":"<jats:p>El presente trabajo presenta un estudio de los resultados del proyecto \u201cDise\u00f1o del proceso de producci\u00f3n de biodi\u00e9sel a partir de aceites de fritura de la Universidad Nacional de Colombia\u201d realizado en el 2013. Com\u00fanmente, los aceites vegetales refinados son los m\u00e1s utilizados para la producci\u00f3n de biodi\u00e9sel, sin embargo, el empleo de los aceites de cocina usados de fritura (auf), permite un producto con calidad, rendimiento y beneficios ambientales. En este trabajo, se dise\u00f1\u00f3 el proceso de producci\u00f3n de biodi\u00e9sel a partir de los auf y etanol. Las condiciones \u00f3ptimas encontradas en el proceso se establecieron mediante la determinaci\u00f3n del rendimiento de \u00e9steres et\u00edlicos analizados bajo la t\u00e9cnica de cromatograf\u00eda de gases empleando como patr\u00f3n interno la tricaprina. En el proceso de producci\u00f3n, se realiza una reacci\u00f3n de esterificaci\u00f3n con cat\u00e1lisis homog\u00e9nea \u00e1cida y una segunda reacci\u00f3n de transesterificaci\u00f3n con cat\u00e1lisis homog\u00e9nea b\u00e1sica. La producci\u00f3n de \u00e9steres et\u00edlicos \u00f3ptima se obtuvo con temperatura de reacci\u00f3n de 60 \u00b0C, relaci\u00f3n molar aceite\/etanol de 1:7 (42,5% v\/v alcohol con respecto aceite) y agua a 40 \u00b0C como agente de lavado, produciendo un biocombustible con caracter\u00edsticas f\u00edsicas y qu\u00edmicas seg\u00fan par\u00e1metros de la norma astm D6751, rendimiento de 96% wt de faee, y 3,6%wt de mg.<\/jats:p>","DOI":"10.16925\/in.v9i17.806","type":"journal-article","created":{"date-parts":[[2015,1,29]],"date-time":"2015-01-29T08:23:26Z","timestamp":1422519806000},"page":"61-69","source":"Crossref","is-referenced-by-count":2,"title":["Producci\u00f3n de biodi\u00e9sel usando aceites residuales de fritura y etanol por cat\u00e1lisis alcalina"],"prefix":"10.16925","volume":"10","author":[{"given":"Edwin A.","family":"Bulla Pereira","sequence":"first","affiliation":[],"role":[{"role":"author","vocabulary":"crossref"}]},{"given":"Fabio E.","family":"Sierra","sequence":"additional","affiliation":[],"role":[{"role":"author","vocabulary":"crossref"}]},{"given":"Carlos A.","family":"Guerrero","sequence":"additional","affiliation":[],"role":[{"role":"author","vocabulary":"crossref"}]}],"member":"6711","published-online":{"date-parts":[[2014,12,1]]},"container-title":["Ingenier\u00eda Solidaria"],"link":[{"URL":"https:\/\/revistas.ucc.edu.co\/index.php\/in\/article\/download\/806\/765","content-type":"application\/pdf","content-version":"vor","intended-application":"text-mining"},{"URL":"https:\/\/revistas.ucc.edu.co\/index.php\/in\/article\/download\/806\/765","content-type":"unspecified","content-version":"vor","intended-application":"similarity-checking"}],"deposited":{"date-parts":[[2020,2,12]],"date-time":"2020-02-12T23:18:16Z","timestamp":1581549496000},"score":0.0,"resource":{"primary":{"URL":"https:\/\/revistas.ucc.edu.co\/index.php\/in\/article\/view\/806"}},"issued":{"date-parts":[[2014,12,1]]},"references-count":0,"journal-issue":{"issue":"17","published-online":{"date-parts":[[2014,12,1]]}},"URL":"https:\/\/doi.org\/10.16925\/in.v9i17.806","ISSN":["2357-6014","1900-3102"],"issn-type":[{"value":"2357-6014","type":"electronic"},{"value":"1900-3102","type":"print"}],"published":{"date-parts":[[2014,12,1]]}},{"indexed":{"date-parts":[[2022,4,2]],"date-time":"2022-04-02T23:54:18Z","timestamp":1648943658552},"reference-count":0,"publisher":"Universidad Cooperativa de Colombia- UCC","issue":"17","content-domain":{"domain":[],"crossmark-restriction":false},"short-container-title":["ing. Solidar"],"abstract":"<jats:p>El art\u00edculo es producto del proyecto de grado titulado \u201cIdentificaci\u00f3n y cuantificaci\u00f3n de p\u00e9rdidas de sacarosa en el efluente final del proceso de elaboraci\u00f3n de az\u00facar en un ingenio azucarero\u201d desarrollado en la Universidad Santiago de Cali. El objetivo del proyecto fue la identificaci\u00f3n y cuantificaci\u00f3n de p\u00e9rdidas de sacarosa en el efluente de elaboraci\u00f3n del Ingenio Riopaila Castilla, planta Castilla. El problema de investigaci\u00f3n surgi\u00f3 del inter\u00e9s en aprovechar la gran cantidad de sacarosa que se pierde en el proceso de elaboraci\u00f3n del az\u00facar con un valor aproximado de $1500 millones por a\u00f1o. Los resultados de investigaci\u00f3n fueron: una disminuci\u00f3n de p\u00e9rdidas de sacarosa que posiciona al ingenio en el primer lugar con las p\u00e9rdidas de sacarosa m\u00e1s bajas de todo el sector azucarero en Colombia; la creaci\u00f3n de seis nuevos puestos de trabajo (inspectores de p\u00e9rdidas); disminuci\u00f3n del impacto ambiental con la reducci\u00f3n de sacarosa contaminante en el efluente final; y\u00a0 un mejor\u00a0 manejo en el control de la\u00a0 sacarosa en el efluente final.<\/jats:p>","DOI":"10.16925\/in.v9i17.808","type":"journal-article","created":{"date-parts":[[2015,1,29]],"date-time":"2015-01-29T08:23:26Z","timestamp":1422519806000},"page":"83-91","source":"Crossref","is-referenced-by-count":0,"title":["Identificaci\u00f3n y cuantificaci\u00f3n de p\u00e9rdidas de sacarosa en el efluente final del proceso de elaboraci\u00f3n de az\u00facar en el  ingenio azucarero Riopaila Castilla (planta Castilla)"],"prefix":"10.16925","volume":"10","author":[{"given":"Efr\u00e9n","family":"Corrales Correa","sequence":"first","affiliation":[],"role":[{"role":"author","vocabulary":"crossref"}]},{"given":"Guillermo","family":"Garz\u00f3n Garc\u00eda","sequence":"additional","affiliation":[],"role":[{"role":"author","vocabulary":"crossref"}]}],"member":"6711","published-online":{"date-parts":[[2014,12,1]]},"container-title":["Ingenier\u00eda Solidaria"],"link":[{"URL":"https:\/\/revistas.ucc.edu.co\/index.php\/in\/article\/download\/808\/767","content-type":"application\/pdf","content-version":"vor","intended-application":"text-mining"},{"URL":"https:\/\/revistas.ucc.edu.co\/index.php\/in\/article\/download\/808\/767","content-type":"unspecified","content-version":"vor","intended-application":"similarity-checking"}],"deposited":{"date-parts":[[2020,2,12]],"date-time":"2020-02-12T23:17:37Z","timestamp":1581549457000},"score":0.0,"resource":{"primary":{"URL":"https:\/\/revistas.ucc.edu.co\/index.php\/in\/article\/view\/808"}},"issued":{"date-parts":[[2014,12,1]]},"references-count":0,"journal-issue":{"issue":"17","published-online":{"date-parts":[[2014,12,1]]}},"URL":"https:\/\/doi.org\/10.16925\/in.v9i17.808","ISSN":["2357-6014","1900-3102"],"issn-type":[{"value":"2357-6014","type":"electronic"},{"value":"1900-3102","type":"print"}],"published":{"date-parts":[[2014,12,1]]}},{"indexed":{"date-parts":[[2022,4,5]],"date-time":"2022-04-05T07:44:26Z","timestamp":1649144666660},"reference-count":11,"publisher":"Universidad Cooperativa de Colombia- UCC","issue":"17","content-domain":{"domain":[],"crossmark-restriction":false},"short-container-title":["ing. Solidar"],"abstract":"<jats:p>Seg\u00fan el registro de la C\u00e1mara de Comercio, de las 170 empresas registradas en Monter\u00eda, el 98,2% corresponden a micros, peque\u00f1as y medianas empresas (Mipymes). Los autores seleccionaron una muestra representativa de 50 empresas que corresponden al 30% de las empresas legalmente registradas en Monter\u00eda. Los casos estudiados se caracterizan por ser Mipymes dedicadas a la venta de servicios de sistemas inform\u00e1ticos y aplicaciones de software. Para el estudio se dise\u00f1aron 2 encuestas de tipo evaluativo. Los resultados se\u00f1alan que un 95,6% de las Mipymes usan software con licencia propietaria, sin contar con el debido licenciamiento; el 90,4% no utiliza software libre y, adem\u00e1s, el 75% confunde software libre con gratis. Los autores explican c\u00f3mo realizaron un diagn\u00f3stico del uso y conocimiento del software libre en las Mipymes de Monter\u00eda.<\/jats:p>","DOI":"10.16925\/in.v9i17.810","type":"journal-article","created":{"date-parts":[[2015,1,29]],"date-time":"2015-01-29T08:23:26Z","timestamp":1422519806000},"page":"105-110","source":"Crossref","is-referenced-by-count":0,"title":["El software libre en las empresas de Monter\u00eda"],"prefix":"10.16925","volume":"10","author":[{"given":"Juan Ra\u00fal","family":"Vergara","sequence":"first","affiliation":[],"role":[{"role":"author","vocabulary":"crossref"}]},{"given":"Francisco","family":"Torres Hoyos","sequence":"additional","affiliation":[],"role":[{"role":"author","vocabulary":"crossref"}]}],"member":"6711","published-online":{"date-parts":[[2014,12,1]]},"reference":[{"key":"18577","unstructured":"GNU Operating System. GNU PSPP. (2013) [En l\u00ednea]. Disponible en: http:\/\/www.gnu.org\/software\/ pspp\/, \u00faltimo acceso: sept. 10, 2014."},{"key":"18578","unstructured":"S. Luj\u00e1n Mora y J. Aragon\u00e9s Ferrero, \u201c6 estad\u00edsticas de uso de navegadores\u201d, en Nuevos est\u00e1ndares en el desarrollo de sitios web: HTML5 y CSS3, 2012 [En l\u00ednea]. Disponible en: http:\/\/desarrolloweb.dlsi.ua.es\/cursos\/2012\/nuevos-estandares-desarrollo-sitios-web\/estadisticas-uso-navegadores, \u00faltimo acceso: agosto 12, 2014]."},{"key":"18579","unstructured":"J. A. Pab\u00f3n Cadavid, Gu\u00eda de derecho de autor para bibliotecas. Bogot\u00e1: CTP, 2010."},{"key":"18580","unstructured":"Rep\u00fablica de Colombia, Constituci\u00f3n Pol\u00edtica de Colombia. Bogot\u00e1: Ed. Leyer, 2013. P. 10"},{"key":"18581","unstructured":"R. M. Stallman, Software libre para una sociedad libre (Introducci\u00f3n de Lawrence Lessig). Madrid: GNU Press, 2002. P.45."},{"key":"18582","unstructured":"J. M. Gonz\u00e1lez Barahona, J. Seoane Pascual y G. Robles, Software Libre. Catalu\u00f1a: UOC, 2012."},{"key":"18583","unstructured":"Business Software Alliance, Ninth Annual BSA Global Software 2011 Piracy Study. [En l\u00ednea]. Disponible en: http:\/\/globalstudy.bsa.org\/2011\/, \u00faltimo acceso: septiembre 10, 2014."},{"key":"18584","unstructured":"Congreso de Colombia. (2006, Junio 22). Ley 1032 de 2006, por la cual se modifican los art\u00edculos 257, 271, 272 y 306, art. 271. [En l\u00ednea]. Disponible en: http:\/\/www.camlibro.com.co\/pdf\/ley_1032_2006.pdf"},{"key":"18585","unstructured":"L. Z\u00fa\u00f1iga, El software libre y sus perspectivas para el desarrollo en Am\u00e9rica Latina y el Caribe. Bellanet International Secretariat, 2004. P. 14. [En l\u00ednea]. Disponible en: http:\/\/www.sulabatsu.com\/ voces\/Documentos\/revisionbiblio.pdf, \u00faltimo acceso: septiembre 1, 2014."},{"key":"18586","unstructured":"CCIT y FEDESARROLLO, El papel de las TIC en el desarrollo de la peque\u00f1a empresa: reflexiones de pol\u00edtica a la luz del caso colombiano. Bogot\u00e1: CCIT, 2013. [En l\u00ednea]. Disponible en: http:\/\/www.fedesarrollo.org.co\/wp-content\/uploads\/2013\/12\/TIC_diciembre_2013.pdf"},{"key":"18587","unstructured":"A. Abella, J. S\u00e1nchez y M. A. Segovia, Libro blanco del software libre en Espa\u00f1a. Segovia: Ed. A. Abella, J. S\u00e1nchez y M. A, 2004."}],"container-title":["Ingenier\u00eda Solidaria"],"link":[{"URL":"https:\/\/revistas.ucc.edu.co\/index.php\/in\/article\/download\/810\/769","content-type":"application\/pdf","content-version":"vor","intended-application":"text-mining"},{"URL":"https:\/\/revistas.ucc.edu.co\/index.php\/in\/article\/download\/810\/769","content-type":"unspecified","content-version":"vor","intended-application":"similarity-checking"}],"deposited":{"date-parts":[[2020,2,12]],"date-time":"2020-02-12T23:16:57Z","timestamp":1581549417000},"score":0.0,"resource":{"primary":{"URL":"https:\/\/revistas.ucc.edu.co\/index.php\/in\/article\/view\/810"}},"issued":{"date-parts":[[2014,12,1]]},"references-count":11,"journal-issue":{"issue":"17","published-online":{"date-parts":[[2014,12,1]]}},"URL":"https:\/\/doi.org\/10.16925\/in.v9i17.810","ISSN":["2357-6014","1900-3102"],"issn-type":[{"value":"2357-6014","type":"electronic"},{"value":"1900-3102","type":"print"}],"published":{"date-parts":[[2014,12,1]]}},{"indexed":{"date-parts":[[2022,4,6]],"date-time":"2022-04-06T01:53:17Z","timestamp":1649209997814},"reference-count":0,"publisher":"Universidad Cooperativa de Colombia- UCC","issue":"30","content-domain":{"domain":[],"crossmark-restriction":false},"short-container-title":["Revista Rastros Rostros"],"DOI":"10.16925\/ra.v16i30.819","type":"journal-article","created":{"date-parts":[[2015,1,29]],"date-time":"2015-01-29T08:31:13Z","timestamp":1422520273000},"source":"Crossref","is-referenced-by-count":0,"title":["Analisis cr\u00edtico y comparativo acerca de los planteamientos de Teodoro P\u00e9rez P., relacionados con la convivencia solidaria y democr\u00e1tica"],"prefix":"10.16925","volume":"16","author":[{"given":"Carmen","family":"Forero Baena","sequence":"first","affiliation":[],"role":[{"role":"author","vocabulary":"crossref"}]},{"given":"Evelyn","family":"Guerra Morales","sequence":"additional","affiliation":[],"role":[{"role":"author","vocabulary":"crossref"}]}],"member":"6711","published-online":{"date-parts":[[2014,1,1]]},"container-title":["Rastros Rostros"],"deposited":{"date-parts":[[2015,1,29]],"date-time":"2015-01-29T08:31:18Z","timestamp":1422520278000},"score":0.0,"resource":{"primary":{"URL":"http:\/\/revistas.ucc.edu.co\/index.php\/ra\/article\/view\/819"}},"issued":{"date-parts":[[2014,1,1]]},"references-count":0,"journal-issue":{"issue":"30","published-online":{"date-parts":[[2015,1,27]]}},"URL":"https:\/\/doi.org\/10.16925\/ra.v16i30.819","ISSN":["0124-406X"],"issn-type":[{"value":"0124-406X","type":"print"}],"published":{"date-parts":[[2014,1,1]]}}],"items-per-page":20,"query":{"start-index":0,"search-terms":null}}}