{"status":"ok","message-type":"work-list","message-version":"1.0.0","message":{"facets":{},"total-results":2498,"items":[{"indexed":{"date-parts":[[2025,5,14]],"date-time":"2025-05-14T05:19:15Z","timestamp":1747199955893,"version":"3.40.5"},"reference-count":0,"publisher":"Ediciones Universidad Cooperativa de Colombia","content-domain":{"domain":[],"crossmark-restriction":false},"abstract":"<jats:p>En la presente nota de clase correspondiente al curso del programa de Ingenier\u00eda Civil, Electiva Espec\u00edfica I, cuya denominaci\u00f3n es \u201cH\u00e1bitat Sustentable y Eficiencia Energ\u00e9tica\u201d del noveno semestre, se abordan las problem\u00e1ticas ambientales y sociales relacionadas con las edificaciones destinadas a proyectos de vivienda no VIS, VIS y VIP, en el contexto de la ciudad de Villavicencio, Meta. Para ello, se inicia con la elaboraci\u00f3n de una conceptualizaci\u00f3n de \u201cedificaci\u00f3n\u201d en t\u00e9rminos de la Ley 400 de 1997, seguida de la aplicaci\u00f3n de medidas pasivas conforme a la Resoluci\u00f3n 1025 del 2021 y la Resoluci\u00f3n 549 del 2015. En estas normativas se establecen tanto las medidas activas como las medidas pasivas destinadas al ahorro y consumo eficiente del agua y la energ\u00eda. Esta fundamentaci\u00f3n es esencial para el futuro profesional en Ingenier\u00eda Civil, permiti\u00e9ndole construir edificaciones que sean amigables con el entorno y saludables para sus ocupantes. La nota de clase proporciona al estudiante una metodolog\u00eda clara para evaluar edificaciones desde el dise\u00f1o hasta la construcci\u00f3n y el posterior mantenimiento, asegurando que cumplan con los criterios de construcci\u00f3n sostenible. El objetivo es promover edificaciones en armon\u00eda con el medio ambiente y que contribuyan al bienestar de quienes las ocupan. Como actividad de aprendizaje, los estudiantes dise\u00f1ar\u00e1n y modelar\u00e1n una edificaci\u00f3n sostenible, en una determinada ciudad de la geogr\u00e1fica colombiana, aplicando la metodolog\u00eda que propone la nota de clase. Esta actividad busca que los estudiantes obtengan como resultado una edificaci\u00f3n que cumpla con los principios de sostenibilidad establecidos.<\/jats:p>","DOI":"10.16925\/gcnc.71","type":"report","created":{"date-parts":[[2024,2,5]],"date-time":"2024-02-05T21:41:32Z","timestamp":1707169292000},"source":"Crossref","is-referenced-by-count":0,"title":["Construcci\u00f3n sostenible: una estrategia para una mejor edificaci\u00f3n"],"prefix":"10.16925","author":[{"name":"Universidad Cooperativa de Colombia","sequence":"first","affiliation":[],"role":[{"role":"author","vocabulary":"crossref"}]},{"ORCID":"https:\/\/orcid.org\/0000-0002-8247-3383","authenticated-orcid":false,"given":"Roselly Faizully","family":"Vargas-Pab\u00f3n","sequence":"first","affiliation":[],"role":[{"role":"author","vocabulary":"crossref"}]}],"member":"6711","published-online":{"date-parts":[[2023,6]]},"deposited":{"date-parts":[[2024,2,5]],"date-time":"2024-02-05T21:41:35Z","timestamp":1707169295000},"score":0.0,"resource":{"primary":{"URL":"https:\/\/repository.ucc.edu.co\/entities\/publication\/0b7db88e-52cc-400b-a5c1-c47fd5eb0826"}},"issued":{"date-parts":[[2023,6]]},"references-count":0,"URL":"https:\/\/doi.org\/10.16925\/gcnc.71","published":{"date-parts":[[2023,6]]}},{"indexed":{"date-parts":[[2025,5,14]],"date-time":"2025-05-14T05:19:19Z","timestamp":1747199959297,"version":"3.40.5"},"reference-count":53,"publisher":"Universidad Cooperativa de Colombia - UCC","issue":"26","license":[{"start":{"date-parts":[[2018,5,9]],"date-time":"2018-05-09T00:00:00Z","timestamp":1525824000000},"content-version":"unspecified","delay-in-days":0,"URL":"http:\/\/creativecommons.org\/licenses\/by-nc-nd\/4.0\/"}],"content-domain":{"domain":[],"crossmark-restriction":false},"short-container-title":["ing. Solidar"],"abstract":"<jats:p>Introducci\u00f3n: el art\u00edculo establece una revisi\u00f3n conceptual sobre la instrumentaci\u00f3n utilizada en sistemas autom\u00e1ticos de medici\u00f3n de hidrocarburos, realizada por los grupos de investigaci\u00f3n ORCA y SciBas de la Universidad Distrital Francisco Jos\u00e9 de Caldas en el a\u00f1o 2017. \r\nProblema: ausencia en la literatura sobre el concepto transferencia de custodia (TC) y su impacto sobre la cantidad y calidad de un hidrocarburo en un sistema de distribuci\u00f3n.\r\nObjetivo: conceptualizar sobre la instrumentaci\u00f3n en mediciones de alto volumen, en particular las de tipo din\u00e1mico.\r\nMetodolog\u00eda: selecci\u00f3n, priorizaci\u00f3n e interpretaci\u00f3n de fuentes disponibles en el sector industrial -amparadas por el Instituto Americano del Petr\u00f3leo (API) y la Asociaci\u00f3n Americana de Gas (AGA)- para definir la instrumentaci\u00f3n de un sistema confiable y preciso de medici\u00f3n del hidrocarburo.\r\nResultados: conceptualizaci\u00f3n sobre unidades del API y AGA con respecto a equipos LACT (Lease Automatic Custody Transfer); criterios de determinaci\u00f3n de la instrumentaci\u00f3n para Sistemas de TC; y sobre equipos de medici\u00f3n en una distribuci\u00f3n de instrumentaci\u00f3n.\r\nConclusi\u00f3n: obtenci\u00f3n de una l\u00ednea de base conceptual sobre problem\u00e1ticas de TC y su instrumentaci\u00f3n en un sistema autom\u00e1tico de medici\u00f3n din\u00e1mica de hidrocarburos.\r\nOriginalidad: dentro de la literatura acad\u00e9mica es escasa la referencia a revisiones sobre equipos e instrumentaci\u00f3n que se utilizan en los sistemas autom\u00e1ticos para TC de hidrocarburos.\r\nLimitaciones: como los caudal\u00edmetros son los instrumentos m\u00e1s importantes del pat\u00edn de medici\u00f3n, con respecto a los revisados se han de incluir -en perspectiva- otros de efecto pero que usan algoritmos adaptativos de medida. <\/jats:p>","DOI":"10.16925\/.v14i24.2306","type":"journal-article","created":{"date-parts":[[2019,4,18]],"date-time":"2019-04-18T10:01:35Z","timestamp":1555581695000},"source":"Crossref","is-referenced-by-count":0,"title":["Instrumentaci\u00f3n para sistemas automatizados de medici\u00f3n din\u00e1mica de hidrocarburos"],"prefix":"10.16925","volume":"14","author":[{"ORCID":"https:\/\/orcid.org\/0000-0003-0527-8776","authenticated-orcid":false,"given":"Andr\u00e9s","family":"Escobar D\u00edaz","sequence":"first","affiliation":[],"role":[{"role":"author","vocabulary":"crossref"}]},{"ORCID":"https:\/\/orcid.org\/0000-0002-2722-8924","authenticated-orcid":false,"given":"Luis Eduardo","family":"Oviedo Mar\u00edn","sequence":"additional","affiliation":[],"role":[{"role":"author","vocabulary":"crossref"}]},{"ORCID":"https:\/\/orcid.org\/0000-0001-7017-0070","authenticated-orcid":false,"given":"Harold","family":"Vacca Gonz\u00e1lez","sequence":"additional","affiliation":[],"role":[{"role":"author","vocabulary":"crossref"}]}],"member":"6711","published-online":{"date-parts":[[2018,5,9]]},"reference":[{"unstructured":"[1] BP P.L.C., \u00ab61st BP Statistical Review of World Energy.\u00bb, 1 St James\u2019s Square, London, SW1Y 4PD, p. 3, jun. 2012.","key":"63783"},{"unstructured":"[2] J. F. Arata, \u00abExportaci\u00f3n de GNL. Liberando el Potencial Gas\u00edfero de Colombia.\u00bb, presented at the XV Congreso Naturgas, Cartagena, Colombia, 2012.","key":"63784"},{"unstructured":"[3] E. Dupuis y G. Hwang, \u00abCustody Transfer: Flowmeter as Cash Register\u00bb, Control Engineering Magazine, vol. 57, no. 9, p. 4, nov-2010.","key":"63785"},{"unstructured":"[4] Comisi\u00f3n de Regulaci\u00f3n de Energ\u00eda y Gas, Resoluci\u00f3n 71 DE 1999 - Reglamento Unico de Transporte de Gas Natural (RUT). 2000, p. 70.","key":"63786"},{"unstructured":"[5] O. Londo\u00f1o, L. Maldonado, L. Calder\u00f3n. Gu\u00eda para construir estados del arte. Bogot\u00e1: International Corporation of Networks of Knowledge, 2014.","key":"63787"},{"unstructured":"[6] FMC Technologies Measurement Solutions, Inc., \u00abMeasurement Products and Systems for the Oil and Gas Industry\u00bb. FMC Technologies Measurement Solutions, Inc., p. 10, 2012.","key":"63788"},{"unstructured":"[7] American Petroleum Institute, API Catalog : Publications, Programs and Services, vol. 1. Washington, USA: American Petroleum Institute, 2005.","key":"63789"},{"unstructured":"[8] American Petroleum Institute, \u00abSPEC 11N - Specification for Lease Automatic Custody Transfer (LACT) Equipment\u00bb. 1-January-1994.","key":"63790"},{"unstructured":"[9] American Petroleum Institute, \u00abChapter 6 Metering Assemblies - Section 1 Lease Automatic Custody Transfer (LACT) Systems\u00bb, in MPMS - Manual of Petroleum Measurement Standards, 2nd ed., vol. 1, 1 vols, Washington, USA, p. 13, 2002.","key":"63791"},{"unstructured":"[10] M. Chaney, \u00abDesign, Operation, and Maintenance of LACT Units\u00bb, presented at the 85th International School of Hydrocarbon Measurement, Oklahoma, USA, p. 4, 2010.","key":"63792"},{"unstructured":"[11] Petrobras Argentina S.A., \u00abMedici\u00f3n de Gas y Petr\u00f3leo en Puntos de Transferencia\u00bb, presented at the Jornadas sobre Medici\u00f3n de Gas y Petr\u00f3leo, Buenos Aires, Argentina, 2005.","key":"63793"},{"unstructured":"[12] American Petroleum Institute, ANSI\/API Recommended Practice 551 - Process Measurement Instrumentation, 1st. ed., vol. 1, 1 vols. Washington, USA, 1993.","key":"63794"},{"unstructured":"[13] R. Torres R. y J. Castro A., An\u00e1lisis y simulaci\u00f3n de Procesos de Refinaci\u00f3n del Petr\u00f3leo, 1ra ed. M\u00e9xico: Alfaomega, 2002.","key":"63795"},{"unstructured":"[14] C. V. Rey, \u00abSeleccionar la Tecnolog\u00eda Adecuada para la Medici\u00f3n de Crudos Pesados en Transferencia de Custodia\u00bb, in MEMORIAS III CONGRESO JAIP 2012, Bogot\u00e1, Colombia, 2012, vol. 1, pp. 241\u2013252.","key":"63796"},{"unstructured":"[15] Agencia Nacional de Hidrocarburos de Bolivia, \u00abGlosario T\u00e9cnico\u00bb, Agencia Nacional de Hidrocarburos. [Online]. Available: http:\/\/www.anh.gob.bo\/index.php?urlAdd=Glos. [Accessed: 08-ago-2016].","key":"63797"},{"unstructured":"[16] ECOPETROL S.A., \u00abCalidad del Gas Natural en Colombia\u00bb, ECOPETROL Energia para el Futuro. [Online]. Available: http:\/\/www.ecopetrol.com.co\/ contenido.aspx? catID=358& conID=42579. [Accessed: 07-jun-2016].","key":"63798"},{"unstructured":"[17] S. Mokhatab, Handbook of Natural Gas Transmission and Processing, 1st. Edition, vol. 1, 1 vols. Gulf Professional Publishing, 2006.","key":"63799"},{"unstructured":"[18] G. Mc. Keogh y K. Soleyn, \u00abA Comparison of Moisture Measurement Technologies for Natural Gas\u00bb, presented at the 6th International Gas Analysis Symposium & Exhibition, Rotterdam, Netherlands, p. 10, 2011.","key":"63800"},{"unstructured":"[19] S. Hale, \u00abThe Fundamentals of Pipeline Gas Chromatographs\u00bb, Pipeline & Gas Journal, vol. 238, no. 7, p. 3, jul-2011.","key":"63801"},{"unstructured":"[20] Craig A. \u00abL.A.C.T. UNIT DESIGN\u00bb, Flowmeter Directory, 23-may-2002. [Online]. Available: http:\/\/www.flowmeterdirectory.com\/flowmeter_arTC_02052301.html. [Accessed: 22-may-2017].","key":"63802"},{"unstructured":"[21] S. Mokhatab, \u00abFundamentals of Gas Pipeline Metering Stations\u00bb, Pipeline & Gas Journal, vol. 236, no. 1, p. 3, 2009.","key":"63803"},{"unstructured":"[22] A. Creus S., Instrumentaci\u00f3n Industrial, 6a. ed., vol. 1. Barcelona, Espa\u00f1a: Alfaomega, 1997.","key":"63804"},{"unstructured":"[23] D. J. Rudroff, \u00abDesign, Operation, and Maintenance of LACT Units\u00bb, presented at the Source: 69th International School of Hydrocarbon Measurement, Houston, Texas. USA, 1994, pp. 634\u2013641.","key":"63805"},{"unstructured":"[24] J. Yoder, \u00abA Place for Positive Displacement PD flowmeters quietly excel in low-flowrate, highviscosity, and liquid and gas metering applications\u00bb, Flow Control, p. 9, 11-nov-2008.","key":"63806"},{"unstructured":"[25] J. Yoder, \u00abUltrasonic Flowmeters for Custody Transfer\u00bb, Flow Control Network, p. 2, January-2008.","key":"63807"},{"unstructured":"[26] V. Hans y Y. Lin, \u00abSelf - monitoring Ultrasonic Vortex and Correlation Gas Flow Meter\u00bb, en Instrumentation and Measurement Technology Conference, 2005. IMTC 2005. Proceedings of the IEEE, 2005, vol. 3, pp. 2276-2280.","key":"63808"},{"unstructured":"[27] J. Reyes y A. Acevedo, \u00abSimulation and experimental validation of a transit time in an ultrasonic gas flow meter using air\u00bb, en ANDESCON, 2010 IEEE, 2010, pp. 1-6.","key":"63809"},{"unstructured":"[28] D. W. Spitzer, \u00abSelecting a Flowmeter for Custody-Transfer Applications\u00bb, Flow Control Magazine, p. 1, 19-abr-2011.","key":"63810"},{"unstructured":"[29] E. Dupuis y G. Hwang, \u00abCustody Transfer: Flowmeter as Cash Register\u00bb, Control Engineering Magazine, vol. 57, n.o 9, p. 4, nov-2010.","key":"63811"},{"unstructured":"[30] K. Helminski, \u00abUltrasonic Meter Station Design Considerations\u00bb, Daniel Measurement and Control, Inc., Houston, Texas. USA, Application Note, jul. 2010.","key":"63812"},{"doi-asserted-by":"crossref","unstructured":"[31] M. Kupnik y M. Gr\u00f6schl, \u00abUltrasonic-based gas flowmeter for harsh environmental conditions\u00bb, e & i Elektrotechnik und Informationstechnik, vol. 126, n.o 5, pp. 206-213, may 2009.","key":"63813","DOI":"10.1007\/s00502-009-0638-0"},{"unstructured":"[32] J. W. Bowen, \u00abMULTIPATH ULTRASONIC METERS FOR NATURAL GAS CUSTODY TRANSFER\u00bb, vol. 237, n.o 4, 2010.","key":"63814"},{"unstructured":"[33] P. Lunde, K.-E. Froysa, y M. Vestrheim, \u00abGERG Project on Ultrasonic Gas Flow Meters\u00bb. GROUPE EUROPEEN DE RECHERCHES GAZIERES, 2000.","key":"63815"},{"unstructured":"[34] KROHNE, \u00abALTOSONIC V12 - 12 Chord ultrasonic gas flowmeters for custody transfer\u00bb. 2013.","key":"63816"},{"unstructured":"[35] Invensys Operations Management, \u00abFoxboro Pressure Transmitters\u00bb, 2005. [Online]. Available: http:\/\/www.galloup.com\/downloads\/brochure_foxboro_pressure_03-10.pdf. [Accessed: 28-sep-2016].","key":"63817"},{"unstructured":"[36] \u00abIntroduction to Gas Metering System\u00bb, Instrumentation and Process Control. [Online]. Available: http:\/\/barchardengineering.com\/_library\/2016\/10\/introduction_to_gas_metering-1.pdf [Accessed: 28-Nov-2017].","key":"63818"},{"unstructured":"[37] Comisi\u00f3n de Regulaci\u00f3n de Energ\u00eda y Gas, Resoluci\u00f3n 71 DE 1999 - Reglamento Unico de Transporte de Gas Natural (RUT). 2000, p. 70.","key":"63819"},{"unstructured":"[38] Comisi\u00f3n de Regulaci\u00f3n de Energ\u00eda y Gas, Resoluci\u00f3n 41 DE 2008 - Reglamento Unico de Transporte de Gas Natural (RUT). 2008.","key":"63820"},{"unstructured":"[39] G. J. Covelli, \u00abFacilidades Tecnol\u00f3gicas para brindar Trazabilidad a las mediciones de gases en Colombia\u00bb, Revista MET & FLU, vol. 2, 2010.","key":"63821"},{"unstructured":"[40] N. Quevedo H., \u00abEntre la bonanza petrolera y los organismos de control. Los dilemas de Pacific Rubiales\u00bb, ElEspectador.com, Bogot\u00e1, Colombia, p. 1, 24-mar-2012.","key":"63822"},{"unstructured":"[41] American Petroleum Institute, \u00abSPEC 11N - Specification for Lease Automatic Custody Transfer (LACT) Equipment\u00bb. 01-ene-1994.","key":"63823"},{"unstructured":"[42] American Petroleum Institute, \u00abChapter 6 Metering Assemblies - Section 1 Lease","key":"63824"},{"unstructured":"Automatic Custody Transfer (LACT) Systems\u00bb, in MPMS - Manual of Petroleum Measurement Standards, 2nd ed., vol. 1, 1 vols. Washington, USA, 2002, p. 13.","key":"63825"},{"unstructured":"[43] M. Chaney, \u00abDesign, Operation, and Maintenance of LACT Units\u00bb, presented at the","key":"63826"},{"unstructured":"th International School of Hydrocarbon Measurement, Oklahoma, USA, 2010, p. 4.","key":"63827"},{"unstructured":"[44] V. Bynum, \u00abL.A.C.T. Unit Proving \u2013 The Role of the Witness Class\u00bb, presented at the 85th International School of Hydrocarbon Measurement, Oklahoma, USA, 2010, p. 8.","key":"63828"},{"unstructured":"[45] Endress+Hauser, the Coriolis Flow Measuring Principle. Endress+Hauser Consult AG, 2011.","key":"63829"},{"unstructured":"[46] American Gas Association, AGA Report No. 11, Measurement of Natural Gas by Coriolis Meter, 1st. ed., vol. 1, 1 vols. Washington DC 20001, USA: Transmission Measurement Committee.","key":"63830"},{"unstructured":"[47] Pereira, \u00abFlow meters: Part 1\u00bb, Instrumentation & Measurement Magazine, IEEE DOI - 10.1109 MIM.2009.4762948, vol. 12, no. 1, pp. 18\u201326, 2009.","key":"63831"},{"doi-asserted-by":"crossref","unstructured":"[48] Y. Wang y Z. Li, \u00abTemperature Compensation of Ultrasonic Flow Measurement Based on the Neural Network\u00bb, in Artificial Intelligence and Computational Intelligence, 2009. AICI \u201909. International Conference on, 2009, vol. 3, pp. 21\u201324.","key":"63832","DOI":"10.1109\/AICI.2009.325"},{"unstructured":"[49] American Petroleum Institute, ANSI\/API Recommended Practice 551 - Process Measurement Instrumentation, 1st. ed., vol. 1, 1 vols. Washington, USA: , 1993.","key":"63833"},{"unstructured":"[50] I. Rauda y V. Ragasol, \u00abSistemas Electr\u00f3nicos de Medici\u00f3n de Flujo para Hidrocarburos en Fase Gaseosa\u00bb. PEMEX - Comit\u00e9 de Normalizaci\u00f3n de Petr\u00f3leos Mexicanos y Organismos Subsidiarios, 2005.","key":"63834"},{"unstructured":"[51] R. C. Stubbs, \u00abGeneral Arrangement Detail Layout\u00bb. Southwestern Measurement Systems LLC, 2010.","key":"63835"}],"container-title":["Ingenier\u00eda Solidaria"],"link":[{"URL":"https:\/\/revistas.ucc.edu.co\/fenix\/index.php\/in\/article\/download\/2306\/2531","content-type":"application\/pdf","content-version":"vor","intended-application":"text-mining"},{"URL":"https:\/\/revistas.ucc.edu.co\/fenix\/index.php\/in\/article\/download\/2306\/2528","content-type":"unspecified","content-version":"vor","intended-application":"text-mining"},{"URL":"https:\/\/revistas.ucc.edu.co\/fenix\/index.php\/in\/article\/download\/2306\/2531","content-type":"unspecified","content-version":"vor","intended-application":"similarity-checking"}],"deposited":{"date-parts":[[2019,9,30]],"date-time":"2019-09-30T17:34:15Z","timestamp":1569864855000},"score":0.0,"resource":{"primary":{"URL":"https:\/\/revistas.ucc.edu.co\/fenix\/index.php\/in\/article\/view\/2306"}},"issued":{"date-parts":[[2018,5,9]]},"references-count":53,"journal-issue":{"issue":"26","published-online":{"date-parts":[[2018,9,3]]}},"URL":"https:\/\/doi.org\/10.16925\/.v14i24.2306","ISSN":["2357-6014","1900-3102"],"issn-type":[{"type":"electronic","value":"2357-6014"},{"type":"print","value":"1900-3102"}],"published":{"date-parts":[[2018,5,9]]}},{"indexed":{"date-parts":[[2025,5,14]],"date-time":"2025-05-14T05:19:00Z","timestamp":1747199940140,"version":"3.40.5"},"reference-count":0,"publisher":"Ediciones Universidad Cooperativa de Colombia","content-domain":{"domain":[],"crossmark-restriction":false},"DOI":"10.16925\/gcgp.11","type":"report","created":{"date-parts":[[2019,7,12]],"date-time":"2019-07-12T16:08:53Z","timestamp":1562947733000},"source":"Crossref","is-referenced-by-count":0,"title":["Gu\u00eda sobre los factores de riesgo psicosocial en las organizaciones"],"prefix":"10.16925","author":[{"ORCID":"https:\/\/orcid.org\/0000-0002-7082-5716","authenticated-orcid":false,"given":"Sandra Roc\u00edo","family":"Salamanca-Velandia","sequence":"first","affiliation":[],"role":[{"role":"author","vocabulary":"crossref"}]},{"given":"Juan Miguel","family":"P\u00e9rez-Torres","sequence":"additional","affiliation":[],"role":[{"role":"author","vocabulary":"crossref"}]}],"member":"6711","published-online":{"date-parts":[[2019,7]]},"deposited":{"date-parts":[[2019,8,23]],"date-time":"2019-08-23T16:45:01Z","timestamp":1566578701000},"score":0.0,"resource":{"primary":{"URL":"http:\/\/repository.ucc.edu.co\/handle\/20.500.12494\/12585"}},"issued":{"date-parts":[[2019,7]]},"references-count":0,"URL":"https:\/\/doi.org\/10.16925\/gcgp.11","published":{"date-parts":[[2019,7]]}},{"indexed":{"date-parts":[[2024,8,6]],"date-time":"2024-08-06T19:02:57Z","timestamp":1722970977325},"edition-number":"1","reference-count":0,"publisher":"Ediciones Universidad Cooperativa de Colombia","isbn-type":[{"type":"print","value":"9789587602739"}],"content-domain":{"domain":[],"crossmark-restriction":false},"abstract":"<jats:p>Este es el primer volumen de la Colecci\u00f3n Experiencias significativas y en \u00e9l confluyen cinco experiencias en las que los profesores de la Universidad Cooperativa de Colombia dejaron su impronta porque asumieron el reto de innovar. Para comenzar, se exponen los alcances de la realidad virtual en el aula de clase; luego, la visualizaci\u00f3n de las oportunidades de exportaci\u00f3n; se contin\u00faa con un acercamiento a la poblaci\u00f3n infantil v\u00edctima del conflicto armado en Colombia para respaldar sus procesos de resiliencia; seguido del trabajo con la comunidad para resolver problem\u00e1ticas propias de su contexto en temas relacionados con la ingenier\u00eda civil; y se finaliza con el involucramiento de las redes sociales en la ense\u00f1anza del derecho. Experiencias muy dis\u00edmiles en su contenido, pero muy cercanas en su prop\u00f3sito de innovar, fortalecer y compartir las buenas pr\u00e1cticas en los procesos de ense\u00f1anza-aprendizaje.<\/jats:p>","DOI":"10.16925\/9789587602739","type":"edited-book","created":{"date-parts":[[2020,12,24]],"date-time":"2020-12-24T16:35:44Z","timestamp":1608827744000},"source":"Crossref","is-referenced-by-count":0,"title":["Experiencias significativas: actividades docentes innovadoras"],"prefix":"10.16925","author":[{"given":"Mar\u00eda Mercedes","family":"Ruiz Cediel","sequence":"additional","affiliation":[],"role":[{"role":"author","vocabulary":"crossref"}]},{"given":"Luis Omar","family":"Alpala","sequence":"additional","affiliation":[],"role":[{"role":"author","vocabulary":"crossref"}]},{"name":"Universidad Cooperativa de Colombia","sequence":"additional","affiliation":[],"role":[{"role":"author","vocabulary":"crossref"}]},{"given":"Stella Isabel","family":"Dom\u00ednguez Sandoval","sequence":"additional","affiliation":[],"role":[{"role":"author","vocabulary":"crossref"}]},{"name":"Universidad Cooperativa de Colombia","sequence":"additional","affiliation":[],"role":[{"role":"author","vocabulary":"crossref"}]},{"given":"Juli\u00e1n Andr\u00e9s","family":"Mera Paz","sequence":"additional","affiliation":[],"role":[{"role":"author","vocabulary":"crossref"}]},{"name":"Universidad Cooperativa de Colombia","sequence":"additional","affiliation":[],"role":[{"role":"author","vocabulary":"crossref"}]},{"given":"Nuby Dominga","family":"Mogoll\u00f3n Ayala","sequence":"additional","affiliation":[],"role":[{"role":"author","vocabulary":"crossref"}]},{"name":"Universidad Cooperativa de Colombia","sequence":"additional","affiliation":[],"role":[{"role":"author","vocabulary":"crossref"}]},{"given":"Edgar Dar\u00edo","family":"Obando Paredes","sequence":"additional","affiliation":[],"role":[{"role":"author","vocabulary":"crossref"}]},{"name":"Universidad Cooperativa de Colombia","sequence":"additional","affiliation":[],"role":[{"role":"author","vocabulary":"crossref"}]},{"given":"Jorge Enrique","family":"Taboada \u00c1lvarez","sequence":"additional","affiliation":[],"role":[{"role":"author","vocabulary":"crossref"}]},{"name":"Universidad Cooperativa de Colombia","sequence":"additional","affiliation":[],"role":[{"role":"author","vocabulary":"crossref"}]}],"member":"6711","published-online":{"date-parts":[[2020,12,24]]},"deposited":{"date-parts":[[2020,12,24]],"date-time":"2020-12-24T16:35:45Z","timestamp":1608827745000},"score":0.0,"resource":{"primary":{"URL":"https:\/\/ediciones.ucc.edu.co\/index.php\/ucc\/catalog\/book\/301"}},"editor":[{"name":"Universidad Cooperativa de Colombia","sequence":"first","affiliation":[],"role":[{"role":"editor","vocabulary":"crossref"}]},{"given":"Ang\u00e9lica","family":"Mart\u00edn Rinc\u00f3n","sequence":"first","affiliation":[],"role":[{"role":"editor","vocabulary":"crossref"}]},{"name":"Universidad Cooperativa de Colombia","sequence":"additional","affiliation":[],"role":[{"role":"editor","vocabulary":"crossref"}]}],"issued":{"date-parts":[[2020,12,24]]},"ISBN":["9789587602739"],"references-count":0,"URL":"https:\/\/doi.org\/10.16925\/9789587602739","published":{"date-parts":[[2020,12,24]]}},{"indexed":{"date-parts":[[2025,8,2]],"date-time":"2025-08-02T18:34:25Z","timestamp":1754159665422,"version":"3.41.2"},"reference-count":31,"publisher":"Universidad Cooperativa de Colombia - UCC","issue":"2","license":[{"start":{"date-parts":[[2022,12,31]],"date-time":"2022-12-31T00:00:00Z","timestamp":1672444800000},"content-version":"unspecified","delay-in-days":0,"URL":"https:\/\/creativecommons.org\/licenses\/by\/4.0"}],"content-domain":{"domain":[],"crossmark-restriction":false},"short-container-title":["Rev. nac. odontol."],"abstract":"<jats:p>Squamous-cell carcinoma is a malignant epithelial neoplasm characterized by various clinical manifestations. Present study aimed to report a case of gingival squamous-cell carcinoma in a who patient did not present risk factors associated with the referred neoplasm. A 95-year-old female, attended dental services exposing a rapidly growing, painful proliferative lesion of 6 months of evolution, located in vestibular marginal gingiva, which affected teeth # 33-32-31-43-42-41. According to clinical symptoms and differential diagnosis (central giant cell granuloma and malignant neoplasm), an excisional biopsy was obtained. Diagnosis of referred carcinoma was obtained after three days of patient decease consequent to a severe dyspnea case. Gingival squamous-cell carcinoma is a condition that usually has a good prognostic when diagnostic and treatment are established on time. This study reports a clinical case of a patient who died before having an opportunity to access treatment.<\/jats:p>","DOI":"10.16925\/2357-4607.2022.02.08","type":"journal-article","created":{"date-parts":[[2025,7,25]],"date-time":"2025-07-25T17:07:55Z","timestamp":1753463275000},"page":"1-15","source":"Crossref","is-referenced-by-count":0,"title":["Gingival carcinoma","Carcinoma gingival","Carcinoma gengival"],"prefix":"10.16925","volume":"18","author":[{"ORCID":"https:\/\/orcid.org\/0000-0001-7008-2222","authenticated-orcid":false,"given":"Adel","family":"Martinez Martinez","sequence":"first","affiliation":[],"role":[{"role":"author","vocabulary":"crossref"}]},{"ORCID":"https:\/\/orcid.org\/0000-0001-6791-7268","authenticated-orcid":false,"given":"Marlon","family":"Reina Batista","sequence":"additional","affiliation":[],"role":[{"role":"author","vocabulary":"crossref"}]},{"ORCID":"https:\/\/orcid.org\/0000-0001-9693-2969","authenticated-orcid":false,"given":"Antonio","family":"Diaz Caballero","sequence":"additional","affiliation":[],"role":[{"role":"author","vocabulary":"crossref"}]}],"member":"6711","published-online":{"date-parts":[[2022,12,31]]},"reference":[{"key":"151095","doi-asserted-by":"crossref","unstructured":"Sankaranarayanan R, Ramadas K, Amarasinghe H, Subramanian S, Johnson N. Oral Cancer: Prevention, early detection, and treatment. In: Gelband H, Jha P, Sankaranarayanan R, Ramadas K, Amarasinghe H, Subramanian S, Johnson N. Cancer: Disease Control Priorities, 3rd ed. Washington (DC): The International Bank for Reconstruction and Development \/ The World Bank; 2015. https:\/\/bit.ly\/3FgXrmH","DOI":"10.1596\/978-1-4648-0349-9_ch5"},{"key":"151096","doi-asserted-by":"crossref","unstructured":"Chinn SB, Myers JN. Oral Cavity Carcinoma: Current Management, Controversies, and Future Directions. J Clin Oncol. 2015;33(29):3269\u20133276. https:\/\/doi.org\/10.1200\/JCO.2015.61.2929","DOI":"10.1200\/JCO.2015.61.2929"},{"key":"151097","doi-asserted-by":"crossref","unstructured":"Cabral LA, de Carvalho LF, Salgado JA, Brand\u00e3o AA, Almeida JD. Gingival squamous cell carcinoma: a case report. J Oral Maxillofac Res. 2010;1(3):e6. https:\/\/doi.org\/10.5037\/jomr.2010.1306","DOI":"10.5037\/jomr.2010.1306"},{"key":"151098","unstructured":"Yoon TY, Bhattacharyya I, Katz J, Towle HJ, Islam MN. Squamous cell carcinoma of the gingiva presenting as localized periodontal disease. Quintessence Int 2007;38:97\u2011102."},{"key":"151099","doi-asserted-by":"crossref","unstructured":"Seoane J, Varela\u2011Centelles PI, Walsh TF, Lopez\u2011Cedrun JL, Vazquez I. Gingival squamous cell carcinoma: Diagnostic delay or rapid invasion? J Periodontol 2006;77:1229\u201133.","DOI":"10.1902\/jop.2006.050408"},{"key":"151100","doi-asserted-by":"crossref","unstructured":"Kumar M, Nanavati R, Modi TG, Dobariya C. Oral cancer: Etiology and risk factors: A review. J Can Res Ther 2016;12:458\u201163.","DOI":"10.4103\/0973-1482.186696"},{"key":"151101","unstructured":"Boscolo-Rizzo P, Del Mistro A, Bussu F, Lupato V, Baboci L, Almadori G, DA Mosto MC, Paludetti G. New insights into human papillomavirus-associated head and neck squamous cell carcinoma. Acta Otorhinolaryngol Ital. 2013 Apr; 33(2): 77-87."},{"key":"151102","doi-asserted-by":"crossref","unstructured":"Gonz\u00e1lez M, Motta LA, Moreno A, Chala AI, Tupaz HA, Garc\u00eda DA. La infecci\u00f3n por virus del papiloma humano afecta el pron\u00f3stico del c\u00e1ncer orofar\u00edngeo escamocelular. Revisi\u00f3n de la literatura. UnivOdontol. 2014 Jul-Dic; 33(71): 55-63.","DOI":"10.11144\/Javeriana.uo33-71.ivph"},{"key":"151103","doi-asserted-by":"crossref","unstructured":"Martinez-Martinez A, Lujan-Pardo MP, Lopez-Aparicio E. High risk serotypes of the human papillomavirus (HPV) in patients with exofitic lesions in the oral cavity. Salud, Barranquilla [online]. 2018, vol.34, n.2 [cited 2019-05-28], pp.420-429. https:\/\/www.scielo.org.co\/pdf\/sun\/v34n2\/2011-7531-sun-34-02-420.pdf","DOI":"10.14482\/sun.34.2.614.58"},{"key":"151104","doi-asserted-by":"crossref","unstructured":"Neville BW, Day TA. Oral Cancer and Precancerous Lesions. CA Cancer J Clin 2002;52:195-215.","DOI":"10.3322\/canjclin.52.4.195"},{"key":"151105","doi-asserted-by":"crossref","unstructured":"Bharanidharan R, Dineshkumar T, Raghavendhar K, Kumar AR. Squamous cell carcinoma of the gingiva: A diagnostic enigma. J Oral Maxillofac Pathol 2015;19:267.","DOI":"10.4103\/0973-029X.164558"},{"key":"151106","doi-asserted-by":"crossref","unstructured":"Lubek J, El-Hakim M, Salama AR, Liu X, Ord RA. Gingival carcinoma: retrospective analysis of 72 patients and indications for elective neck dissection. Br J Oral Maxillofac Surg. 2011;49(3):182-185.","DOI":"10.1016\/j.bjoms.2010.04.005"},{"key":"151107","doi-asserted-by":"crossref","unstructured":"Martinez C, Hernandez M, Martinez B, Adorno D. Frequency of oral squamous cell carcinoma and oral epithelial dysplasia in oral and oropharyngeal mucosa in Chile. Rev. M\u00e9d. Chile 2016;144(2):169-174.","DOI":"10.4067\/S0034-98872016000200004"},{"key":"151108","unstructured":"Lee KC, Chuang SK, Philipone EM, Peters SM. Which Clinicopathologic Factors Affect the Prognosis of Gingival Squamous Cell Carcinoma: A Population Analysis of 4,345 Cases. Int J Oral Maxillofac Surg. 2017; 46(2): 137-143."},{"key":"151109","doi-asserted-by":"crossref","unstructured":"Niu LX, Prognostic factors in mandibular gingival squamous cell carcinoma: A 10-year retrospective study. Int J Oral Maxillofac Surg. 2017; 46(2):137 \u2013 143. https:\/\/doi.org\/10.1016\/j.ijom.2016.09.014","DOI":"10.1016\/j.ijom.2016.09.014"},{"key":"151110","doi-asserted-by":"crossref","unstructured":"Niu, LX, Yuan Y, Peng X, Guo CB. Risk factors and treatment of contralateral neck recurrence for unilateral oral squamous cell carcinoma: a retrospective study of 1482 cases. Oral Oncol. 2014; 50:1081\u20131088. https:\/\/doi.org\/10.1016\/j.oraloncology.2014.08.003","DOI":"10.1016\/j.oraloncology.2014.08.003"},{"key":"151111","doi-asserted-by":"crossref","unstructured":"Feng Z, Li JN, Niu LX, Guo CB. Supraomohyoid neck dissection in the management of oral squamous cell carcinoma: special consideration for skip metastases at level IV or V. J Oral Maxillofac Surg. 2014;72:1203\u20131211. https:\/\/doi.org\/10.1016\/j.joms.2013.12.008","DOI":"10.1016\/j.joms.2013.12.008"},{"key":"151112","doi-asserted-by":"crossref","unstructured":"Kumar M, Nanavati R, Modi TG, Dobariya C. Oral cancer: Etiology and risk factors: A review. J Can Res Ther 2016;12:458-63.","DOI":"10.4103\/0973-1482.186696"},{"key":"151113","unstructured":"Rivera C. Essentials of oral cancer. Int J Clin Exp Pathol. 2015;8(9):11884\u201311894."},{"key":"151114","doi-asserted-by":"crossref","unstructured":"Conway DI, Purkayastha M, Chestnutt IG. The changing epidemiology of oral cancer: definitions, trends, and risk factors. Br Dent J. 2018 Nov 9;225(9):867-873. https:\/\/doi.org\/10.1038\/sj.bdj.2018.922","DOI":"10.1038\/sj.bdj.2018.922"},{"key":"151115","doi-asserted-by":"crossref","unstructured":"Neville BW, Day TA. Oral Cancer and Precancerous Lesions. CA Cancer J Clin 2002;52:195-215.","DOI":"10.3322\/canjclin.52.4.195"},{"key":"151116","unstructured":"Martinez AA, Carmona MC, Diaz A. Behavior of oral cancer at a hospital in Cartagena de indias, Colombia. Rev Cubana Estomatol. 2016;53(2):24-28."},{"key":"151117","doi-asserted-by":"crossref","unstructured":"Saman DM. A review of the epidemiology of oral and pharyngeal carcinoma: update. Head Neck Oncol. 2012 Jan 13;4:1. https:\/\/doi.org\/10.1186\/1758-3284-4-1","DOI":"10.1186\/1758-3284-4-1"},{"key":"151118","doi-asserted-by":"crossref","unstructured":"H\u00fcbbers CU, Akg\u00fcl B. HPV and cancer of the oral cavity. Virulence.;6(3):244\u2013248. https:\/\/doi.org\/10.1080\/21505594.2014.9995700","DOI":"10.1080\/21505594.2014.999570"},{"key":"151119","doi-asserted-by":"crossref","unstructured":"Mart\u00ednez Mart\u00ednez A, Baldiris \u00c1vila R, D\u00edaz Caballero A. Human papillomavirus infection. Relationship with oral squamous cancer, several techniques for detecting its presence. Av. Odontoestomatol 2014;30 (2): 69-78.","DOI":"10.4321\/S0213-12852014000200003"},{"key":"151120","unstructured":"https:\/\/scielo.isciii.es\/pdf\/odonto\/v30n2\/original2.pdf"},{"key":"151121","doi-asserted-by":"crossref","unstructured":"Guha N, Boffetta P, W\u00fcnsch Filho V, Eluf Neto J, Shangina O, Zaridze D, et al. Oral health and risk of squamous cell carcinoma of the head and neck and esophagus: Results of two multicentric case\u2011control studies. Am J Epidemiol 2007;166:1159\u201173","DOI":"10.1093\/aje\/kwm193"},{"key":"151122","doi-asserted-by":"crossref","unstructured":"Ye L, Jiang Y, Liu W, Tao H. Correlation between periodontal disease and oral cancer risk: A meta-analysis. J Can Res Ther 2016;12:C237-40.","DOI":"10.4103\/0973-1482.200746"},{"key":"151123","doi-asserted-by":"crossref","unstructured":"Yao QW, Zhou DS, Peng HJ, Ji P, Liu DS. Association of periodontal disease with oral cancer: a meta-analysis. Tumour Biol. 2014 Jul;35(7):7073-7. https:\/\/doi.org10.1007\/s13277-014-1951-8","DOI":"10.1007\/s13277-014-1951-8"},{"key":"151124","doi-asserted-by":"crossref","unstructured":"Niu LX, Feng ZE, Wang DC, Zhang JY, Sun ZP, Guo CB. Prognostic factors in mandibular gingival squamous cell carcinoma: A 10-year retrospective study Int J Oral Maxillofac Surg, 2017 Feb;46(2):137 \u2013 143.","DOI":"10.1016\/j.ijom.2016.09.014"},{"key":"151125","doi-asserted-by":"crossref","unstructured":"Cabral LA, de Carvalho LF, Salgado JA, Brand\u00e3o AA, Almeida JD. Gingival squamous cell carcinoma: a case report. J Oral Maxillofac Res. 2010;1(3):e6. 2010. https:\/\/doi.org\/10.5037\/jomr.2010.1306","DOI":"10.5037\/jomr.2010.1306"}],"container-title":["Revista Nacional de Odontolog\u00eda"],"link":[{"URL":"https:\/\/revistas.ucc.edu.co\/index.php\/od\/article\/download\/3845\/3598","content-type":"application\/pdf","content-version":"vor","intended-application":"text-mining"},{"URL":"https:\/\/revistas.ucc.edu.co\/index.php\/od\/article\/download\/3845\/3598","content-type":"unspecified","content-version":"vor","intended-application":"similarity-checking"}],"deposited":{"date-parts":[[2025,7,25]],"date-time":"2025-07-25T17:08:04Z","timestamp":1753463284000},"score":0.0,"resource":{"primary":{"URL":"https:\/\/revistas.ucc.edu.co\/index.php\/od\/article\/view\/3845"}},"subtitle":["a case report","reporte de un caso cl\u00ednico","um relat\u00f3rio de caso"],"issued":{"date-parts":[[2022,12,31]]},"references-count":31,"journal-issue":{"issue":"2","published-online":{"date-parts":[[2023,8,10]]}},"URL":"https:\/\/doi.org\/10.16925\/2357-4607.2022.02.08","ISSN":["2357-4607","1900-3080"],"issn-type":[{"type":"electronic","value":"2357-4607"},{"type":"print","value":"1900-3080"}],"published":{"date-parts":[[2022,12,31]]}},{"indexed":{"date-parts":[[2024,8,6]],"date-time":"2024-08-06T18:54:26Z","timestamp":1722970466618},"reference-count":0,"publisher":"Ediciones Universidad Cooperativa de Colombia","content-domain":{"domain":[],"crossmark-restriction":false},"abstract":"<jats:p>This didactic unit is aimed at the fifth semester students of the Business Administration, Marketing and International Business program, who have already completed the four basic levels of the Open Lingua program. This proposal seeks to develop skills and competencies that allow them to perform in different fields related to private, public and solidarity economy companies, and in various mediation and negotiation processes at national and international levels. The instructional design of this unit contains real-life situations, focused on the world of business, that allow students to interact in various types of business events. The grammatical and lexical concepts, necessary to interact successfully in these types of communicative situations, are introduced and applied. The educational activities are designed to offer opportunities to interact in business conferences, international exhibitions, and seminars, among others. The contents are framed in natural and meaningful contexts. This leads to a greater understanding of the type of language used in business and the way it is used to communicate. The contents are structured in three lessons in which the level of complexity of the topics, tasks, texts and transitions (4Ts) have been considered. Also, various types of activities that activate and reinforce previous knowledge and that, subsequently, evaluate the progress of the students, are included.<\/jats:p>","DOI":"10.16925\/gcnc.24","type":"report","created":{"date-parts":[[2022,10,4]],"date-time":"2022-10-04T10:47:32Z","timestamp":1664880452000},"source":"Crossref","is-referenced-by-count":0,"title":["English for Business Course. Thematic Unit: Business Events"],"prefix":"10.16925","author":[{"name":"Universidad Cooperativa de Colombia","sequence":"first","affiliation":[],"role":[{"role":"author","vocabulary":"crossref"}]},{"given":"Gloria In\u00e9s","family":"Lindo-Ocampo","sequence":"first","affiliation":[],"role":[{"role":"author","vocabulary":"crossref"}]},{"given":"Hilda Clarena","family":"Buitrago-Garc\u00eda","sequence":"additional","affiliation":[],"role":[{"role":"author","vocabulary":"crossref"}]}],"member":"6711","published-online":{"date-parts":[[2022,9]]},"deposited":{"date-parts":[[2022,10,4]],"date-time":"2022-10-04T10:47:34Z","timestamp":1664880454000},"score":0.0,"resource":{"primary":{"URL":"https:\/\/repository.ucc.edu.co\/handle\/20.500.12494\/46590"}},"issued":{"date-parts":[[2022,9]]},"references-count":0,"URL":"https:\/\/doi.org\/10.16925\/gcnc.24","published":{"date-parts":[[2022,9]]}},{"indexed":{"date-parts":[[2022,3,30]],"date-time":"2022-03-30T16:17:56Z","timestamp":1648657076944},"reference-count":0,"publisher":"Universidad Cooperativa de Colombia- UCC","issue":"114","content-domain":{"domain":[],"crossmark-restriction":false},"short-container-title":["Coop. Desarro."],"abstract":"<jats:p>La presente investigaci\u00f3n busca analizar el enunciado de S\u00famula n\u00fam. 602 del Tribunal Superior de Justicia de Brasil, aprobado el 26 de febrero de 2018, donde se sostiene que el C\u00f3digo de Defensa del Consumidor es aplicable a los emprendimientos inmobiliarios promovidos por una sociedad cooperativa. Como ese texto resulta aplicable a los casos similares que est\u00e9n bajo la jurisdicci\u00f3n de dicho tribunal y debe servir de base de juicio para los tribunales inferiores, es necesario advertir que la decisi\u00f3n contraviene el derecho cooperativo y omite las caracter\u00edsticas peculiares entre las cooperativas de vivienda y sus socios, calificando forzadamente esta relaci\u00f3n como de consumo. De ah\u00ed que sea necesario indagar en la especificidad que tiene el derecho cooperativo para distinguir la especial relaci\u00f3n que se da entre las cooperativas y sus socios; as\u00ed evidenciar el equ\u00edvoco y el perjuicio que referida decisi\u00f3n jurisprudencial tendr\u00e1 a futuro para las sociedades cooperativas de vivienda. Resulta igualmente necesario revisar las reglas del proceso civil y del Reglamento Interno del Tribunal Superior de Justicia para verificar la posibilidad de alterar esta negativa jurisprudencia sentada respecto de las cooperativas de vivienda.<\/jats:p>","DOI":"10.16925\/2382-4220.2019.01.01","type":"journal-article","created":{"date-parts":[[2020,2,23]],"date-time":"2020-02-23T16:42:19Z","timestamp":1582476139000},"page":"1-18","source":"Crossref","is-referenced-by-count":0,"title":["El  enunciado de S\u00famula 602 del Tribunal Superior de Justicia de Brasil, del 22 de febrero de 2018 y la afrenta al acto cooperativo"],"prefix":"10.16925","volume":"27","author":[{"given":"Marianna","family":"Ferraz- Teixeira","sequence":"first","affiliation":[],"role":[{"role":"author","vocabulary":"crossref"}]},{"given":"Mar\u00edlia","family":"Ferraz-Teixeira","sequence":"additional","affiliation":[],"role":[{"role":"author","vocabulary":"crossref"}]}],"member":"6711","published-online":{"date-parts":[[2019,4,5]]},"container-title":["Cooperativismo &amp; Desarrollo"],"link":[{"URL":"https:\/\/revistas.ucc.edu.co\/index.php\/co\/article\/download\/2631\/2649","content-type":"application\/pdf","content-version":"vor","intended-application":"text-mining"},{"URL":"https:\/\/revistas.ucc.edu.co\/index.php\/co\/article\/download\/2631\/2649","content-type":"unspecified","content-version":"vor","intended-application":"similarity-checking"}],"deposited":{"date-parts":[[2020,2,23]],"date-time":"2020-02-23T16:42:19Z","timestamp":1582476139000},"score":0.0,"resource":{"primary":{"URL":"https:\/\/revistas.ucc.edu.co\/index.php\/co\/article\/view\/2631"}},"issued":{"date-parts":[[2019,4,5]]},"references-count":0,"journal-issue":{"issue":"114","published-online":{"date-parts":[[2019,4,30]]}},"URL":"https:\/\/doi.org\/10.16925\/2382-4220.2019.01.01","ISSN":["2382-4220","0120-7180"],"issn-type":[{"value":"2382-4220","type":"electronic"},{"value":"0120-7180","type":"print"}],"published":{"date-parts":[[2019,4,5]]}},{"indexed":{"date-parts":[[2024,8,6]],"date-time":"2024-08-06T18:53:03Z","timestamp":1722970383504},"reference-count":0,"publisher":"Ediciones Universidad Cooperativa de Colombia","content-domain":{"domain":[],"crossmark-restriction":false},"abstract":"<jats:p>La presente gu\u00eda tiene como prop\u00f3sito orientar al estudiante y futuro emprendedor a generar ideas de negocios y hacerle la evaluaci\u00f3n correspondiente que permita la definici\u00f3n y conceptualizaci\u00f3n del futuro negocio. Las ideas en sus inicios son generalizadas y carecen, muchas veces, de sentido al consumidor. Detectar una oportunidad de negocios en el entorno empresarial que funcione para iniciar una empresa requiere de un proceso donde el empresario se dedique juicioso a trabajar y a indagar en los objetivos que quiere lograr y c\u00f3mo hacer realidad su sue\u00f1o de crear una empresa. Las ideas de negocios surgen de querer solucionar un problema o satisfacer necesidades que a\u00fan no han sido resueltas por productos o servicios que se encuentran en el mercado. Todo proceso de creaci\u00f3n de empresa inicia con una buena idea de negocios que permitir\u00e1 evaluar la factibilidad y viabilidad del negocio en el mercado.<\/jats:p>","DOI":"10.16925\/gcgp.67","type":"report","created":{"date-parts":[[2023,2,7]],"date-time":"2023-02-07T17:25:59Z","timestamp":1675790759000},"source":"Crossref","is-referenced-by-count":0,"title":["Generaci\u00f3n y evaluaci\u00f3n de ideas de negocios"],"prefix":"10.16925","author":[{"name":"Universidad Cooperativa de Colombia","sequence":"first","affiliation":[],"role":[{"role":"author","vocabulary":"crossref"}]},{"given":"Patricia Milena","family":"Mu\u00f1oz Prada","sequence":"first","affiliation":[],"role":[{"role":"author","vocabulary":"crossref"}]}],"member":"6711","published-online":{"date-parts":[[2022,12]]},"deposited":{"date-parts":[[2023,2,14]],"date-time":"2023-02-14T21:12:27Z","timestamp":1676409147000},"score":0.0,"resource":{"primary":{"URL":"https:\/\/repository.ucc.edu.co\/items\/86111674-9dff-4a86-b708-9dabe3b8187c"}},"issued":{"date-parts":[[2022,12]]},"references-count":0,"URL":"https:\/\/doi.org\/10.16925\/gcgp.67","published":{"date-parts":[[2022,12]]}},{"indexed":{"date-parts":[[2022,9,29]],"date-time":"2022-09-29T02:19:29Z","timestamp":1664417969426},"reference-count":36,"publisher":"Universidad Cooperativa de Colombia- UCC","issue":"1","license":[{"start":{"date-parts":[[2021,1,11]],"date-time":"2021-01-11T00:00:00Z","timestamp":1610323200000},"content-version":"unspecified","delay-in-days":0,"URL":"http:\/\/creativecommons.org\/licenses\/by-nc-nd\/4.0\/"}],"content-domain":{"domain":[],"crossmark-restriction":false},"short-container-title":["ing. Solidar"],"abstract":"<jats:p>Introduction: The present article is the product of the research \u201c\u00bfUse and management of organic waste from the Majavita farm, Universidad Libre, Socorro Headquarters (Santander)?\" carried out during 2017 and 2018 in Socorro, Santander.&#x0D;\nProblem: Currently the Libre University, offers to solid waste coming from the benefit of the coffee a management in a trench compost system to prevent contamination that is caused for it poor disposal; this does not imply the production of an optimum product that shall have the standards of quality of a suitable compost.&#x0D;\nObjective: Propose an alternative to operate the compost process under suitable conditions of the process variables; it is expected that would allow waste to compost more efficiently and in less time.&#x0D;\nMethodology: This article compares the effectiveness of composting production in a traditional trench system against a semi-closed bioreactor system, and the cost-benefit of implement this proposed system.&#x0D;\nResults: To guarantee the result by showing the improvement of the process; is necessary to follow and compare the behavior of the process variables in each kind of composters, such as temperature, moisture and ph.&#x0D;\nConclusion: This project seeks to propose a viable alternative for the treatment of the solid waste of the productive process of the coffee.&#x0D;\nOriginality: This research, seeks to improve the process of compost in the Majavita Farm.&#x0D;\nLimitations: The time used to the farm to compost the solid waste using a traditional system.<\/jats:p>","DOI":"10.16925\/2357-6014.2021.01.05","type":"journal-article","created":{"date-parts":[[2021,10,11]],"date-time":"2021-10-11T14:26:58Z","timestamp":1633962418000},"page":"1-28","source":"Crossref","is-referenced-by-count":1,"title":["Composting of solid waste from the coffee milling process using trench composting and a bioreactor with the help of efficient microorganisms in the Libre University, Socorro headquarters"],"prefix":"10.16925","volume":"17","author":[{"given":"Cristhian David","family":"Pati\u00f1o Casallas","sequence":"first","affiliation":[],"role":[{"role":"author","vocabulary":"crossref"}]},{"given":"Daniel Camilo","family":"Blanco Ayala","sequence":"additional","affiliation":[],"role":[{"role":"author","vocabulary":"crossref"}]},{"given":"Maria Teresita","family":"Ortiz Villota","sequence":"additional","affiliation":[],"role":[{"role":"author","vocabulary":"crossref"}]}],"member":"6711","published-online":{"date-parts":[[2021,1,11]]},"reference":[{"key":"119473","doi-asserted-by":"crossref","unstructured":"M. D. Vaverkov\u00e1, D. Adamcov\u00e1, J. Winkler, E. Koda, L. Petr\u017eelov\u00e1 and A. Maxianov\u00e1, \u201cAlternative method of composting on a reclaimed municipal waste landfill in accordance with the circular economy: Benefits and risks,\u201d Science of The Total Environment, vol. 723, 2020. [Online]. Available: https:\/\/doi.org\/10.1016\/j.scitotenv.2020.137971","DOI":"10.1016\/j.scitotenv.2020.137971"},{"key":"119474","doi-asserted-by":"crossref","unstructured":"D. Labbe, A. Ferrage, A. Rytz, J. Pace and N. Martin, \u201cPleasantness, emotions and perceptions induced by coffee beverage experience depend on the consumption motivation (hedonic or utilitarian),\u201d Food Quality and Preference, vol. 44, pp. 56-61, 2015. [Online]. Available: https:\/\/doi.org\/10.1016\/j.foodqual.2015.03.017","DOI":"10.1016\/j.foodqual.2015.03.017"},{"key":"119475","doi-asserted-by":"crossref","unstructured":"K. J. Cloete, \u017d. \u0160mit, R. Minnis-Ndimba, P. Vavpeti\u010d, A. du Plessis, S.G. le Roux and P. Pelicon, \u201cPhysico-elemental analysis of roasted organic coffee beans from Ethiopia, Colombia, Honduras, and Mexico using X-ray micro-computed tomography and external beam particle induced X-ray emission,\u201d Food Chemistry: X, vol. 2, 2019. [Online]. Available: https:\/\/doi.org\/10.1016\/j.fochx.2019.100032","DOI":"10.1016\/j.fochx.2019.100032"},{"key":"119476","doi-asserted-by":"crossref","unstructured":"A. M. Loboguerrero, F. Boshell, G. Le\u00f3n, D. Martinez Baron, D. Giraldo, L. Recaman Mej\u00eda, E. D\u00edaz and J. Cock, \u201cBridging the gap between climate science and farmers in Colombia,\u201d Climate Risk Management, vol. 22, pp. 67-81, 2018. [Online]. Available: https:\/\/doi.org\/10.1016\/j.crm.2018.08.001","DOI":"10.1016\/j.crm.2018.08.001"},{"key":"119477","doi-asserted-by":"crossref","unstructured":"P. Esquivel and V.M. Jim\u00e9nez, \u201cFunctional properties of coffee and coffee by-products,\u201d Food research international, vol. 46, no. 2, pp. 488\u2013495, 2012. [Online]. Available: https:\/\/doi.org\/10.1016\/j.foodres.2011.05.028","DOI":"10.1016\/j.foodres.2011.05.028"},{"key":"119478","doi-asserted-by":"crossref","unstructured":"Y. Kassahun Kebede, T. Kebede, F. Assefa and A. Amsalu, \u201cEnvironmental impact of coffee processing effluent on the ecological integrity of rivers found in Gomma woreda of Jimma zone, Ethiopia,\u201d Ecohydrology & Hydrobiology, vol. 10, no. 2\u20134, pp 259-269, 2010. [Online]. Available: https:\/\/doi.org\/10.2478\/v10104-011-0019-2","DOI":"10.2478\/v10104-011-0019-2"},{"key":"119479","doi-asserted-by":"crossref","unstructured":"I. I. S\u00e1nchez-Medina, F. Medina-Rojas, and J. M. Cabrera-Medina, \u201cDesign of software to calculate the carbon and water footprint during coffee production,\u201d Revista Ingenier\u00eda Solidaria, vol. 14, no. 24, pp. 12, 2018. [Online]. Available: doi: https:\/\/doi.org\/10.16925\/in.v14i24.2159","DOI":"10.16925\/in.v14i24.2159"},{"key":"119480","doi-asserted-by":"crossref","unstructured":"J. S. da Silveira, N. Durand, S. Lacour, M. P. Belleville, A. P\u00e9rez, G. Loiseau, and M. Dornier, \u201cSolid-state fermentation as a sustainable method for coffee pulp treatment and production of an extract rich in chlorogenic acids,\u201d Food and Bioproducts Processing, vol. 115, pp. 175-184, 2019. [Online]. Available: https:\/\/doi.org\/10.1016\/j.fbp.2019.04.001","DOI":"10.1016\/j.fbp.2019.04.001"},{"key":"119481","doi-asserted-by":"crossref","unstructured":"D. Orrego, A. D. Zapata Zapata and D. Kim, \u201cEthanol production from coffee mucilage fermentation by S. cerevisiae immobilized in calcium-alginate beads,\u201d Bioresource Technology Reports, vol. 3, pp. 200-204, 2018. [Online]. Available: https:\/\/doi.org\/10.1016\/j.biteb.2018.08.006","DOI":"10.1016\/j.biteb.2018.08.006"},{"key":"119482","doi-asserted-by":"crossref","unstructured":"E. D. D\u00edaz D\u00edaz and S. R. Quinto Solis, \u201cProduction of Bioethanol from Bore (Alocasia macrorrhiza),\u201d Revista Ingenier\u00eda Solidaria, vol. 15, no. 3, 2019. [Online]. Available: doi: https:\/\/doi.org\/10.16925\/2357-6014.2019.03.03","DOI":"10.16925\/2357-6014.2019.03.03"},{"key":"119483","unstructured":"L. A. Salazar Salas, R. Y. Quiroga Mateus, L. F. Castillo Rojas and H. A. Vega Serrano, \u201cDiagn\u00f3stico del tratamiento de aguas residuales mediante los sistemas Cenicaf\u00e9 y Majavita del beneficio ecol\u00f3gico del caf\u00e9 con m\u00f3dulo Becolsub en la Hacienda Majavita. [Diagnosis of wastewater treatment using the Cenicaf\u00e9 and Majavita systems for the ecological benefit of coffee with the Becolsub module at Hacienda Majavita],\u201d Innovando en la U, no 5, pp. 33-48, 2013. [Online]. Available: https:\/\/revistas.unilibre.edu.co\/index.php\/innovando\/issue\/view\/325"},{"key":"119484","doi-asserted-by":"crossref","unstructured":"P. S. Murthy and M. Madhava Naidhu, \u201cSustainable management of coffee industry by-products and value addition; a review,\u201d Resources, Conservation and Recycling, vol. 66 (2012), pp. 45-58, 2012. [Online]. Available: https:\/\/doi.org\/10.1016\/j.resconrec.2012.06.005","DOI":"10.1016\/j.resconrec.2012.06.005"},{"key":"119485","unstructured":"S. X. D\u00edaz Chaparro, E. R. Vesga Buenahora and H. A. Vega Serrano, \u201cIdentificaci\u00f3n del manejo de subproductos del beneficio del caf\u00e9 en las fincas localizadas en la parte alta de la microcuenca La Sancotea, Vereda Alto de Reinas, Socorro-Santander [Identification of the management of by-products of coffee processing in farms located in the upper part of the La Sancotea micro-basin, Vereda Alto de Reinas, Socorro- Santander],\u201d El Centauro, vol. 5, no. 8, pp. 19-23, 2013. [Online]. Available: https:\/\/revistas.unilibre.edu.co\/index.php\/centauro\/article\/view\/2359"},{"key":"119486","doi-asserted-by":"crossref","unstructured":"J. J. Giraldo Quintero, C. D. Ni\u00f1o M\u00e9ndez and Z. Vianch\u00e1 S\u00e1nchez, \u201cAnalysis of Good Practices in the Coffee Milling Process: Study Experience in the Municipality of Viot\u00e1 (Cundinamarca, Colombia),\u201d Ingenier\u00eda Solidaria, vol. 13, no. 22, pp. 121-135, 2017. [Online]. Available: https:\/\/doi.org\/10.16925\/in.v13i22.1839","DOI":"10.16925\/in.v13i22.1839"},{"key":"119487","unstructured":"D. Betancourt, C. Rodr\u00edguez and O. L. Benavides, \u201cProducci\u00f3n de un mejorador de suelos a partir de la transformaci\u00f3n biol\u00f3gica de pulpa de caf\u00e9 (coffea arabica), cepa de pl\u00e1tano (musa paradisiaca) y esti\u00e9rcol de cuy (Cavia porcellus) [Production of a soil improver from biological transformation of cofee (coffea arabica) pulp, banana (musa paradisiaca) strain and guinea pig dung (cavia porcellus)],\u201d Vitae, vol. 23, no. 1 (1), pp. S522-S525, 2016. [Online]. Available: https:\/\/revistas.udea.edu.co\/index.php\/vitae\/article\/view\/26176\/ 20779432"},{"key":"119488","unstructured":"G. Sanchez, S. Galan, G. Mercado and E. J. Olguin, \u201cAccelerated coffee pulp composting,\u201d Biodegradation, vol. 10, no.1, pp. 35-41, 1999. [Online]. Available: https:\/\/link.springer.com\/journal\/10532\/10\/1"},{"key":"119489","doi-asserted-by":"crossref","unstructured":"M. Rastogi, M. Nandal and B. Khosla, \u201cMicrobes as vital additives for solid waste composting,\u201d Heliyon, vol. 6, no. 2, 2020. [Online]. Available: https:\/\/doi.org\/10.1016\/j.heliyon.2020.e03343","DOI":"10.1016\/j.heliyon.2020.e03343"},{"key":"119490","doi-asserted-by":"crossref","unstructured":"M. Waqas, A. S. Nizami, A. S. Aburiazaiza, M. A. Barakat, I. M. I. Ismail and M. I. Rashid, \u201cOptimization of food waste compost with the use of biochar,\u201d Journal of Environmental Management, vol. 216, pp. 70-81, 2018. [Online]. Available: https:\/\/doi.org\/10.1016\/j.jenvman.2017.06.015","DOI":"10.1016\/j.jenvman.2017.06.015"},{"key":"119491","unstructured":"J. I. Torres Usechi, \u201cDise\u00f1o del prototipo de un biorreactor de lecho fijo y tambor giratorio alimentado por energ\u00eda fotovoltaica, para la producci\u00f3n de compost, a partir de azolla filiculoides y typHa latifolia, de la laguna chocolate de une Cundinamarca [Design of the prototype of a fixed-bed and rotating drum bioreactor fed by photovoltaic energy, for the production of compost, from azolla filiculoides and typHa latifolia, from the chocolate lagoon of Une Cundinamarca],\u201d M.S. Thesis, Engineering Faculty, Universidad Libre, Bogot\u00e1, Colombia, 2014. [Online]. Available: https:\/\/repository.unilibre.edu.co\/handle\/10901\/8456"},{"key":"119492","unstructured":"C. J. Moreno & H.R. Moral. Compostaje. Madrid: Mundi-prensa, 2007, pp 93-111."},{"key":"119493","doi-asserted-by":"crossref","unstructured":"G. Mata, D. Salmones and R. P\u00e9rez Merlo, \u201cHydrolytic enzyme activities in shiitake mushroom (Lentinula edodes) strains cultivated on coffee pulp,\u201d Revista Argentina de Microbiolog\u00eda, vol. 48, no. 3, pp. 191-195, 2016. [Online]. Available: https:\/\/doi.org\/10.1016\/j.ram.2016.05.008","DOI":"10.1016\/j.ram.2016.05.008"},{"key":"119494","doi-asserted-by":"crossref","unstructured":"A. Guardia, C. Massiani, J.L. Martel and A. Tremier, E. Paul, \u201cA respirometric method for characterising the organic composition and biodegradation kinetics and the temperature influence on the biodegradation kinetics, for a mixture of sludge and bulking agent to be co-composted,\u201d Bioresource Technology, vol. 96, no. 2, pp. 169-180, 2005. [Online]. Available: https:\/\/doi.org\/10.1016\/j.biortech.2004.05.005","DOI":"10.1016\/j.biortech.2004.05.005"},{"key":"119495","doi-asserted-by":"crossref","unstructured":"C. N. Aguilar, L. Londo\u00f1o Hern\u00e1ndez, H. A. Ruiz, T. C. Ram\u00edrez, J. A. Ascacio and R. Rodr\u00edguez Herrera, \u201cFungal detoxification of coffee pulp by solid-state fermentation,\u201d Biocatalysis and Agricultural Biotechnology, vol. 23, pp. 101-467, January 2020. [Online]. Available: https:\/\/doi.org\/10.1016\/j.bcab.2019.101467","DOI":"10.1016\/j.bcab.2019.101467"},{"key":"119496","doi-asserted-by":"crossref","unstructured":"Z. Liu, X. Wang, F. Wang, Z. Bai, D. Chadwick, T. Misselbrook and L. Ma, \u201cThe progress of composting technologies from static heap to intelligent reactor: Benefits and limitations,\u201d Journal of Cleaner Production. [Online]. Available: https:\/\/doi.org\/10.1016\/j.jclepro.2020.122328","DOI":"10.1016\/j.jclepro.2020.122328"},{"key":"119497","unstructured":"R. A. Arias Ortiz and J. D. Meneses Cruz, \u201cCaracterizaci\u00f3n f\u00edsico-qu\u00edmica de residuos agroindustriales (cascarilla de arroz y cascarilla de caf\u00e9), como materia prima potencial para la obtenci\u00f3n de bioetanol [Physical-chemical characterization of agro-industrial waste (rice husk and coffee husk), as a potential raw material for obtaining bioetanol],\u201d Thesis, Faculty of Sciences and Engineering, Department of Chemistry, Universidad Nacional Aut\u00f3noma de Nicaragua, Managua, Nicaragua, December 2016. [Online]. Available: https:\/\/repositorio.unan.edu.ni\/3793\/"},{"key":"119498","doi-asserted-by":"crossref","unstructured":"W. Alonso, D. Filippetto, F. Fonseca, C. Luengo, J. Mesa and J.D. Rocha, \u201cBiomass briquetting and its perspectives in Brazil,\u201d Biomass and bioenergy, vol. 35, no. 1, pp. 236-242, 2011. [Online]. Available: https:\/\/doi.org\/10.1016\/j.biombioe.2010.08.011","DOI":"10.1016\/j.biombioe.2010.08.011"},{"key":"119499","doi-asserted-by":"crossref","unstructured":"F. Shemekite, B. M. G\u00f3mez, I. H. Franke Whittle, B. Praehauser, H. Insam and F. Assefa, \u201cCoffee husk composting: An investigation of the process using molecular and nonmolecular tools,\u201d Waste Management, vol. 34, no. 3, pp. 642\u2013652, 2014. [Online]. Available: https:\/\/doi.org\/10.1016\/j.wasman.2013.11.010","DOI":"10.1016\/j.wasman.2013.11.010"},{"key":"119500","doi-asserted-by":"crossref","unstructured":"A. Arias Hoyos, \u201cMicroorganismos eficientes y su beneficio para la agricultura y el medio ambiente [Efficient microorganisms and their benefit for agriculture and the environment],\u201d Journal De Ciencia e Ingenier\u00eda, vol. 2, no. 1, pp. 42\u201345, Popay\u00e1n, Colombia, 2010. [Online]. Available: https:\/\/jci.uniautonoma.edu.co\/jci-2.html","DOI":"10.46571\/JCI.2010.2.7"},{"key":"119501","unstructured":"A. I. Quiroz, Y. Granda, F. Pierre and M. B. Rosell, \u201cEvaluaci\u00f3n qu\u00edmica y biol\u00f3gica de compost de pulpa de caf\u00e9 en Caspito municipio Andr\u00e9s Eloy Blanco, estado Lara, Venezuela [Chemical and biological evaluation of coffee pulp compost in Caspito Andr\u00e9s Eloy Blanco municipality Lara state, Venezuela],\u201d Bioagro, vol. 21, no. 2, pp. 105-110, 2009. [Online]. Available: http:\/\/ve.scielo.org\/scielo.php?script=sci_arttext&pid=S1316-33612009000200004"},{"key":"119502","unstructured":"J. Montilla, J. Arcila, M. Aristizabal, E. Montoya, G. Puerta, C. Oliveros and G. Cadena, \u201cPropiedades f\u00edsicas y factores de conversi\u00f3n del caf\u00e9 en el proceso del beneficio [Physical properties and conversion factors of coffee in the process of the benefit],\u201d Avances T\u00e9cnicos, no. 370, 2008. [Online]. Available: http:\/\/biblioteca.cenicafe.org\/bitstream\/10778\/358\/1\/avt0370.pdf"},{"key":"119503","unstructured":"N. Fierro Cabrales, A. Contreras Oliva, O Gonz\u00e1lez R\u00edos, E.S. Rosas Mendoza and V. Morales Ramos, \u201cCaracterizaci\u00f3n qu\u00edmica y nutrimental de la pulpa de caf\u00e9 [Chemical and nutritional characterization of coffee pulp],\u201d Agroproductividad, vol. 11, no. 4, pp 9-13, 2018. [Online]. Available: https:\/\/revista-agroproductividad.org\/index.php\/agroproductividad\/article\/view\/ 261"},{"key":"119504","unstructured":"G. Bland\u00f3n Casta\u00f1o, M. T. D\u00e1vila Arias and N. Rodr\u00edguez Valencia, \u201cCaracterizaci\u00f3n microbiol\u00f3gica y fisicoqu\u00edmica de la pulpa de caf\u00e9 sola y con mucilago, en proceso de Lombricompostaje [Microbiological and physicochemical characterization of the coffee pulp alone and with mucilage, in the process of vermicomposting],\u201d Cenicafe, vol. 50, no. 1, pp 5-23, 1999. [Online]. Available: https:\/\/www.cenicafe.org\/es\/publications\/arc050(01)005-023.pdf"},{"key":"119505","unstructured":"J. R. Sanz Uribe, C. E Oliveros Tasc\u00f3n, C. A. Ram\u00edrez G\u00f3mez, U. L\u00f3pez Posada and J. Vel\u00e1squez Henao, \u201cControle los flujos de caf\u00e9 y agua en el m\u00f3dulo BECOLSUB [Control coffee and water flows in the BELCOSUB module],\u201d Avances T\u00e9cnicos, no. 405, 2011. [Online]. Available: https:\/\/www.cenicafe.org\/es\/publications\/avt0405.pdf"},{"key":"119506","doi-asserted-by":"crossref","unstructured":"E. Serrano Rodr\u00edguez and E. Padilla Gonz\u00e1lez, \u201cAnalysis of the changes in the mechanical properties of subrasant materials by the addition of recycled polymeric materials,\u201d Revista Ingenier\u00eda Solidaria, vol. 25, n.\u00b0 1, 2019. DOI: https:\/\/doi.org\/10.16925\/2357-6014.2019.01.01","DOI":"10.16925\/2357-6014.2019.01.01"},{"key":"119507","doi-asserted-by":"crossref","unstructured":"A. de Guardia, C. Petiot, J.C. Benoist and C. Druilhe, \u201cCharacterization and modelling of the heat transfers in a pilot-scale reactor during composting under forced aeration,\u201d Waste Management, vol. 32, no. 6, pp 1091-1105, 2012. [Online]. Available: https:\/\/doi.org\/10.1016\/j.wasman.2011.12.028","DOI":"10.1016\/j.wasman.2011.12.028"},{"key":"119508","doi-asserted-by":"crossref","unstructured":"Y. Jiang, J. Liu, Z. Huang, P. Li, M. Ju, S. Zhan and P. Wang, \u201cAir bag bioreactor to improve biowaste composting and application,\u201d Journal of Cleaner Production, vol. 237. [Online]. Available: https:\/\/doi.org\/10.1016\/j.jclepro.2019.117797","DOI":"10.1016\/j.jclepro.2019.117797"}],"container-title":["Ingenier\u00eda Solidaria"],"link":[{"URL":"https:\/\/revistas.ucc.edu.co\/index.php\/in\/article\/download\/3481\/3141","content-type":"application\/pdf","content-version":"vor","intended-application":"text-mining"},{"URL":"https:\/\/revistas.ucc.edu.co\/index.php\/in\/article\/download\/3481\/3141","content-type":"unspecified","content-version":"vor","intended-application":"similarity-checking"}],"deposited":{"date-parts":[[2021,10,11]],"date-time":"2021-10-11T14:47:58Z","timestamp":1633963678000},"score":0.0,"resource":{"primary":{"URL":"https:\/\/revistas.ucc.edu.co\/index.php\/in\/article\/view\/3481"}},"issued":{"date-parts":[[2021,1,11]]},"references-count":36,"journal-issue":{"issue":"1","published-online":{"date-parts":[[2021,5,24]]}},"URL":"https:\/\/doi.org\/10.16925\/2357-6014.2021.01.05","ISSN":["2357-6014","1900-3102"],"issn-type":[{"value":"2357-6014","type":"electronic"},{"value":"1900-3102","type":"print"}],"published":{"date-parts":[[2021,1,11]]}},{"indexed":{"date-parts":[[2023,1,26]],"date-time":"2023-01-26T05:55:31Z","timestamp":1674712531320},"reference-count":0,"publisher":"Universidad Cooperativa de Colombia- UCC","issue":"2","license":[{"start":{"date-parts":[[2022,8,1]],"date-time":"2022-08-01T00:00:00Z","timestamp":1659312000000},"content-version":"unspecified","delay-in-days":0,"URL":"https:\/\/creativecommons.org\/licenses\/by\/4.0"}],"content-domain":{"domain":[],"crossmark-restriction":false},"short-container-title":["Spei Domus"],"abstract":"<jats:p>La homeopat\u00eda es una de las pr\u00e1cticas m\u00e1s utilizadas en la medicina alternativa, tanto en la atenci\u00f3n de pacientes humanos como en veterinaria. Su origen se remonta a poco m\u00e1s de 200 a\u00f1os y su popularidad ha tenido altibajos desde entonces. Desde sus inicios y hasta la \u00e9poca moderna, los postulados de la homeopat\u00eda han sido motivo de debates en la medicina y en la ciencia. Conceptos aplicados en la homeopat\u00eda como el de similia similibus curentur, fuerza vital, dinamizaci\u00f3n, dosis m\u00ednimas o infinitesimales, y otras peculiaridades de la pr\u00e1ctica, son poco reconocidos en la actualidad o incluso rechazados por completo. La debilidad del marco te\u00f3rico de la homeopat\u00eda y la escasa evidencia seria que ha proporcionado dificulta su consideraci\u00f3n como una herramienta de la medicina cient\u00edfica moderna. En la presente revisi\u00f3n de la literatura disponible, se describen de una forma cr\u00edtica y rigurosa, los principios de la homeopat\u00eda, las evidencias experimentales de su funcionamiento, y su idoneidad en la medicina actual, para determinar si puede considerarse una pr\u00e1ctica m\u00e9dica y veterinaria aceptable en el siglo XXI.<\/jats:p>","DOI":"10.16925\/2382-4247.2022.02.03","type":"journal-article","created":{"date-parts":[[2023,1,25]],"date-time":"2023-01-25T03:33:50Z","timestamp":1674617630000},"page":"1-47","source":"Crossref","is-referenced-by-count":0,"title":["Medicina alternativa"],"prefix":"10.16925","volume":"18","author":[{"given":"Lorenzo","family":"\u00c1lvarez Ram\u00edrez","sequence":"first","affiliation":[],"role":[{"role":"author","vocabulary":"crossref"}]}],"member":"6711","published-online":{"date-parts":[[2022,8,1]]},"container-title":["Spei Domus"],"link":[{"URL":"https:\/\/revistas.ucc.edu.co\/index.php\/sp\/article\/download\/4403\/3402","content-type":"application\/pdf","content-version":"vor","intended-application":"text-mining"},{"URL":"https:\/\/revistas.ucc.edu.co\/index.php\/sp\/article\/download\/4403\/3402","content-type":"unspecified","content-version":"vor","intended-application":"similarity-checking"}],"deposited":{"date-parts":[[2023,1,25]],"date-time":"2023-01-25T03:33:51Z","timestamp":1674617631000},"score":0.0,"resource":{"primary":{"URL":"https:\/\/revistas.ucc.edu.co\/index.php\/sp\/article\/view\/4403"}},"subtitle":["una mirada cr\u00edtica a la homeopat\u00eda"],"issued":{"date-parts":[[2022,8,1]]},"references-count":0,"journal-issue":{"issue":"2","published-online":{"date-parts":[[2023,1,24]]}},"URL":"https:\/\/doi.org\/10.16925\/2382-4247.2022.02.03","ISSN":["2382-4247","1794-7928"],"issn-type":[{"value":"2382-4247","type":"electronic"},{"value":"1794-7928","type":"print"}],"published":{"date-parts":[[2022,8,1]]}},{"indexed":{"date-parts":[[2022,3,30]],"date-time":"2022-03-30T16:17:16Z","timestamp":1648657036159},"reference-count":0,"publisher":"Universidad Cooperativa de Colombia","content-domain":{"domain":[],"crossmark-restriction":false},"DOI":"10.16925\/greylit.2389","type":"report","created":{"date-parts":[[2018,8,28]],"date-time":"2018-08-28T21:42:57Z","timestamp":1535492577000},"source":"Crossref","is-referenced-by-count":0,"title":["Intervenci\u00f3n psicol\u00f3gica del dolor cr\u00f3nico"],"prefix":"10.16925","author":[{"given":"Diana Marcela","family":"Sarmiento-Mora","sequence":"first","affiliation":[],"role":[{"role":"author","vocabulary":"crossref"}]}],"member":"6711","published-online":{"date-parts":[[2018]]},"deposited":{"date-parts":[[2018,8,28]],"date-time":"2018-08-28T21:42:57Z","timestamp":1535492577000},"score":0.0,"resource":{"primary":{"URL":"https:\/\/revistas.ucc.edu.co\/index.php\/dodo\/article\/view\/2389"}},"issued":{"date-parts":[[2018]]},"references-count":0,"URL":"https:\/\/doi.org\/10.16925\/greylit.2389","published":{"date-parts":[[2018]]}},{"indexed":{"date-parts":[[2022,3,30]],"date-time":"2022-03-30T23:54:29Z","timestamp":1648684469345},"reference-count":0,"publisher":"Universidad Cooperativa de Colombia- UCC","issue":"109","content-domain":{"domain":[],"crossmark-restriction":false},"short-container-title":["Coop. Desarro."],"abstract":"<jats:p>Prop\u00f3sito: el presente art\u00edculo busca orientar pensamientos y pr\u00e1cticas solidarias desde una perspectiva que trascienda lo econ\u00f3mico y lo \u00e9tico. Descripci\u00f3n: incluyendo no s\u00f3lo las relaciones de poder que sustentan la vida en la sociedad capitalista sino tambi\u00e9n la necesidad de tomar consciencia de que estamos ante un dram\u00e1tico cambio de \u201c\u00e9poca\u201d, ya que tanto los proyectos del Progreso-Desarrollo como el de la Modernidad atraviesan crisis irreversibles y lo que debemos cuidar es la Vida. Punto de vista: en este sentido se plantea el concepto de Solidaridad econ\u00f3mica que permite, desde una perspectiva de diversidad econ\u00f3mica y cultural, incluir a todas las pr\u00e1cticas inspiradas en racionalidades liberadoras y solidarias, m\u00e1s all\u00e1 de la adscripci\u00f3n que puedan tener a determinadas corrientes \u00e9ticas, pol\u00edticas y culturales o a espec\u00edficas formas institucionales, que se basan en la reciprocidad, la desmercantilizaci\u00f3n y el autogobierno, asociadas a un nuevo horizonte: el Buen Vivir o Buenos Vivires orientados hacia la descolonialidad. Conclusiones: se debe advertir que la lucha por una sociedad alternativa no s\u00f3lo es una lucha econ\u00f3mica y \u00e9tica sino que la crisis estructural actual abarca a toda una forma hist\u00f3rica de convivencia humana, a todo el conjunto del patr\u00f3n de poder colonial-moderno y capitalista.<\/jats:p>","DOI":"10.16925\/co.v24i109.1500","type":"journal-article","created":{"date-parts":[[2019,4,10]],"date-time":"2019-04-10T00:54:20Z","timestamp":1554857660000},"source":"Crossref","is-referenced-by-count":3,"title":["De la crisis estructural del patr\u00f3n de poder mundial, colonial, moderno y capitalista hacia la solidaridad econ\u00f3mica y los buenos vivires en Am\u00e9rica Latina"],"prefix":"10.16925","volume":"24","author":[{"given":"Boris","family":"Mara\u00f1\u00f3n","sequence":"first","affiliation":[],"role":[{"role":"author","vocabulary":"crossref"}]}],"member":"6711","published-online":{"date-parts":[[2016,8,18]]},"container-title":["Cooperativismo &amp; Desarrollo"],"link":[{"URL":"https:\/\/revistas.ucc.edu.co\/index.php\/co\/article\/download\/1500\/1616","content-type":"application\/pdf","content-version":"vor","intended-application":"text-mining"},{"URL":"https:\/\/revistas.ucc.edu.co\/index.php\/co\/article\/download\/1500\/1616","content-type":"unspecified","content-version":"vor","intended-application":"similarity-checking"}],"deposited":{"date-parts":[[2019,4,10]],"date-time":"2019-04-10T00:54:26Z","timestamp":1554857666000},"score":0.0,"resource":{"primary":{"URL":"https:\/\/revistas.ucc.edu.co\/index.php\/co\/article\/view\/1500"}},"issued":{"date-parts":[[2016,8,18]]},"references-count":0,"journal-issue":{"issue":"109","published-online":{"date-parts":[[2016,8,18]]}},"URL":"https:\/\/doi.org\/10.16925\/co.v24i109.1500","ISSN":["2382-4220","0120-7180"],"issn-type":[{"value":"2382-4220","type":"electronic"},{"value":"0120-7180","type":"print"}],"published":{"date-parts":[[2016,8,18]]}},{"indexed":{"date-parts":[[2022,4,2]],"date-time":"2022-04-02T14:57:07Z","timestamp":1648911427911},"reference-count":0,"publisher":"Universidad Cooperativa de Colombia","content-domain":{"domain":[],"crossmark-restriction":false},"DOI":"10.16925\/greylit.2271","type":"report","created":{"date-parts":[[2018,5,18]],"date-time":"2018-05-18T14:36:18Z","timestamp":1526654178000},"source":"Crossref","is-referenced-by-count":0,"title":["Tres interrogantes que urge responder a la teor\u00eda amoral del derecho de Freddy Fayad"],"prefix":"10.16925","author":[{"given":"Edith","family":"Gamboa Saavedra","sequence":"first","affiliation":[],"role":[{"role":"author","vocabulary":"crossref"}]}],"member":"6711","published-online":{"date-parts":[[2017]]},"deposited":{"date-parts":[[2018,5,18]],"date-time":"2018-05-18T14:36:19Z","timestamp":1526654179000},"score":0.0,"resource":{"primary":{"URL":"https:\/\/revistas.ucc.edu.co\/index.php\/dodo\/article\/view\/2271"}},"issued":{"date-parts":[[2017]]},"references-count":0,"URL":"https:\/\/doi.org\/10.16925\/greylit.2271","published":{"date-parts":[[2017]]}},{"indexed":{"date-parts":[[2022,4,1]],"date-time":"2022-04-01T06:38:10Z","timestamp":1648795090461},"reference-count":0,"publisher":"Universidad Cooperativa de Colombia- UCC","issue":"106","content-domain":{"domain":[],"crossmark-restriction":false},"short-container-title":["Coop. Desarro."],"DOI":"10.16925\/co.v23i106.1122","type":"journal-article","created":{"date-parts":[[2019,9,15]],"date-time":"2019-09-15T22:51:20Z","timestamp":1568587880000},"source":"Crossref","is-referenced-by-count":0,"title":["Editorial"],"prefix":"10.16925","volume":"23","author":[{"given":"Verel Elvira","family":"Monroy Flores","sequence":"first","affiliation":[],"role":[{"role":"author","vocabulary":"crossref"}]}],"member":"6711","published-online":{"date-parts":[[1969,12,31]]},"container-title":["Cooperativismo &amp; Desarrollo"],"link":[{"URL":"https:\/\/revistas.ucc.edu.co\/index.php\/co\/article\/download\/1122\/1219","content-type":"application\/pdf","content-version":"vor","intended-application":"text-mining"},{"URL":"https:\/\/revistas.ucc.edu.co\/index.php\/co\/article\/download\/1122\/1219","content-type":"unspecified","content-version":"vor","intended-application":"similarity-checking"}],"deposited":{"date-parts":[[2019,9,15]],"date-time":"2019-09-15T22:51:21Z","timestamp":1568587881000},"score":0.0,"resource":{"primary":{"URL":"https:\/\/revistas.ucc.edu.co\/index.php\/co\/article\/view\/1122"}},"issued":{"date-parts":[[1969,12,31]]},"references-count":0,"journal-issue":{"issue":"106","published-online":{"date-parts":[[2015,6,8]]}},"URL":"https:\/\/doi.org\/10.16925\/co.v23i106.1122","ISSN":["2382-4220","0120-7180"],"issn-type":[{"value":"2382-4220","type":"electronic"},{"value":"0120-7180","type":"print"}],"published":{"date-parts":[[1969,12,31]]}},{"indexed":{"date-parts":[[2022,3,29]],"date-time":"2022-03-29T03:58:39Z","timestamp":1648526319449},"reference-count":0,"publisher":"Universidad Cooperativa de Colombia- UCC","issue":"17","license":[{"start":{"date-parts":[[2013,12,30]],"date-time":"2013-12-30T00:00:00Z","timestamp":1388361600000},"content-version":"unspecified","delay-in-days":0,"URL":"https:\/\/creativecommons.org\/licenses\/by-nc-nd\/4.0"}],"content-domain":{"domain":[],"crossmark-restriction":false},"short-container-title":["Rev. nac. odontol."],"abstract":"<jats:p>Introducci\u00f3n: esta investigaci\u00f3n tiene el fin de identificar barreras f\u00edsicas y estructurales en el acceso a la consulta odontol\u00f3gica de los pacientes con discapacidad motora. M\u00e9todos: se realiz\u00f3 un estudio descriptivo con un grupo de 54 personas en condici\u00f3n de discapacidad f\u00edsica, con edades entre 18 y 80 a\u00f1os, a quienes se les realiz\u00f3 una encuesta sobre las barreras f\u00edsicas de acceso a los consultorios y las trabas estructurales de la unidad odontol\u00f3gica que impidan una atenci\u00f3n en salud oral. Resultados: los motivos de consulta odontol\u00f3gica m\u00e1s frecuentes en este grupo fueron el dolor y la consulta de revisi\u00f3n, con el 36%, respectivamente. El porcentaje de asistencia a la consulta durante el \u00faltimo a\u00f1o fue de 56,7%. Se reporta la ausencia de ascensores, de pasamanos en las escaleras y de rampas de acceso en los centros odontol\u00f3gicos. La mayor\u00eda report\u00f3 problemas con la altura del sill\u00f3n y con la distancia y altura de la escupidera. Conclusiones: son muchas las barreras de acceso, f\u00edsicas y estructurales, en los centros odontol\u00f3gicos, relacionadas con el espacio antropom\u00e9trico y con algunas partes espec\u00edficas de la unidad odontol\u00f3gica que pueden impedir una atenci\u00f3n odontol\u00f3gica apropiada, eficaz y de calidad.<\/jats:p>","DOI":"10.16925\/od.v9i17.574","type":"journal-article","created":{"date-parts":[[2016,6,15]],"date-time":"2016-06-15T19:48:31Z","timestamp":1466020111000},"page":"41-46","source":"Crossref","is-referenced-by-count":1,"title":["Barreras f\u00edsicas y estructurales para el tratamiento odontol\u00f3gico de personas con discapacidad motora"],"prefix":"10.16925","volume":"9","author":[{"given":"Henry Francisco","family":"Gait\u00e1n","sequence":"first","affiliation":[],"role":[{"role":"author","vocabulary":"crossref"}]},{"given":"Freddy","family":"S\u00e1nchez-Mendoza","sequence":"additional","affiliation":[],"role":[{"role":"author","vocabulary":"crossref"}]},{"given":"Gretel","family":"Gonz\u00e1lez-Colmenares","sequence":"additional","affiliation":[],"role":[{"role":"author","vocabulary":"crossref"}]}],"member":"6711","published-online":{"date-parts":[[2013,12,30]]},"container-title":["Revista Nacional de Odontolog\u00eda"],"link":[{"URL":"https:\/\/revistas.ucc.edu.co\/index.php\/od\/article\/download\/574\/546","content-type":"application\/pdf","content-version":"vor","intended-application":"text-mining"},{"URL":"https:\/\/revistas.ucc.edu.co\/index.php\/od\/article\/download\/574\/546","content-type":"unspecified","content-version":"vor","intended-application":"similarity-checking"}],"deposited":{"date-parts":[[2020,8,29]],"date-time":"2020-08-29T08:39:20Z","timestamp":1598690360000},"score":0.0,"resource":{"primary":{"URL":"https:\/\/revistas.ucc.edu.co\/index.php\/od\/article\/view\/574"}},"issued":{"date-parts":[[2013,12,30]]},"references-count":0,"journal-issue":{"issue":"17","published-online":{"date-parts":[[2013,12,30]]}},"URL":"https:\/\/doi.org\/10.16925\/od.v9i17.574","ISSN":["2357-4607","1900-3080"],"issn-type":[{"value":"2357-4607","type":"electronic"},{"value":"1900-3080","type":"print"}],"published":{"date-parts":[[2013,12,30]]}},{"indexed":{"date-parts":[[2022,3,28]],"date-time":"2022-03-28T23:12:49Z","timestamp":1648509169884},"reference-count":0,"publisher":"Universidad Cooperativa de Colombia- UCC","issue":"29","content-domain":{"domain":[],"crossmark-restriction":false},"short-container-title":["Rev. nac. odontol."],"abstract":"<jats:p>Introducci\u00f3n: la medici\u00f3n de la calidad de vida relacionada con la salud oral es un indicador de la afectaci\u00f3n negativa de la vida diaria de los pacientes por su condici\u00f3n oral. El OHIP-49 es un instrumento de uso extendido, los investigadores presentan el an\u00e1lisis de las propiedades psicom\u00e9tricas que describan el comportamiento del instrumento en la poblaci\u00f3n de estudio. El objetivo es evaluar las propiedades de reproducibilidad del instrumento OHIP-49 entre pacientes con enfermedad periodontal que asisten a dos instituciones prestadoras de salud.&#x0D;\nM\u00e9todos: con una muestra de 207 participantes, como lo sugiere la International Test Comission, se incluyeron por conveniencia 91 hombres y 116 mujeres; se evaluaron las propiedades de reproducibilidad: fiabilidad, consistencia interna, poder discriminante y validez de contenido.&#x0D;\nResultados: se obtuvo un alpha de Cronbach de 0,951 y altos porcentajes de \u00e9xito para la consistencia (87,5%-100%); el poder discriminante tuvo aceptables porcentajes de \u00e9xito (16,6%-68,5%). Se decide revisar la estructura del instrumento y se obtuvo un modelo de siete factores. Seg\u00fan la condici\u00f3n cl\u00ednica, los pacientes con periodontitis estad\u00edos III y IV presentaron mayor afectaci\u00f3n en las dimensiones de limitaci\u00f3n funcional, masticaci\u00f3n, degluci\u00f3n y est\u00e9tica al compararlos con los casos menos severos.&#x0D;\nConclusiones: se obtuvo un buen comportamiento del instrumento en esta poblaci\u00f3n de la costa caribe colombiana, pero es v\u00e1lido considerar reducir dimensiones para mejorar los puntajes de reproducibilidad.<\/jats:p>","DOI":"10.16925\/2357-4607.2019.02.12","type":"journal-article","created":{"date-parts":[[2020,8,29]],"date-time":"2020-08-29T07:57:38Z","timestamp":1598687858000},"page":"1-27","source":"Crossref","is-referenced-by-count":0,"title":["Evaluaci\u00f3n de las propiedades psicom\u00e9tricas de reproducibilidad del Oral Health Impact Profile (ohip-49) entre pacientes con enfermedad periodontal"],"prefix":"10.16925","volume":"15","author":[{"given":"Erica Tatiana","family":"Loaiza Echeverri","sequence":"first","affiliation":[],"role":[{"role":"author","vocabulary":"crossref"}]},{"given":"Iv\u00e1n Dar\u00edo","family":"Arroyave Zuluaga","sequence":"additional","affiliation":[],"role":[{"role":"author","vocabulary":"crossref"}]},{"given":"Renata","family":"De La Hoz Peraf\u00e1n","sequence":"additional","affiliation":[],"role":[{"role":"author","vocabulary":"crossref"}]}],"member":"6711","published-online":{"date-parts":[[2019,12,30]]},"container-title":["Revista Nacional de Odontolog\u00eda"],"link":[{"URL":"https:\/\/revistas.ucc.edu.co\/index.php\/od\/article\/download\/3592\/3053","content-type":"application\/pdf","content-version":"vor","intended-application":"text-mining"},{"URL":"https:\/\/revistas.ucc.edu.co\/index.php\/od\/article\/download\/3592\/3053","content-type":"unspecified","content-version":"vor","intended-application":"similarity-checking"}],"deposited":{"date-parts":[[2020,8,29]],"date-time":"2020-08-29T07:57:38Z","timestamp":1598687858000},"score":0.0,"resource":{"primary":{"URL":"https:\/\/revistas.ucc.edu.co\/index.php\/od\/article\/view\/3592"}},"issued":{"date-parts":[[2019,12,30]]},"references-count":0,"journal-issue":{"issue":"29","published-online":{"date-parts":[[2019,7,1]]}},"URL":"https:\/\/doi.org\/10.16925\/2357-4607.2019.02.12","ISSN":["2357-4607","1900-3080"],"issn-type":[{"value":"2357-4607","type":"electronic"},{"value":"1900-3080","type":"print"}],"published":{"date-parts":[[2019,12,30]]}},{"indexed":{"date-parts":[[2022,4,5]],"date-time":"2022-04-05T03:51:30Z","timestamp":1649130690125},"reference-count":0,"publisher":"Universidad Cooperativa de Colombia- UCC","issue":"17","content-domain":{"domain":[],"crossmark-restriction":false},"short-container-title":["ing. Solidar"],"abstract":"<jats:p>La preocupaci\u00f3n principal de las empresas al realizar un proyecto de redistribuci\u00f3n de planta es la interrupci\u00f3n de las operaciones de manufactura mientras se trasladan los departamentos. Este art\u00edculo presenta un modelo de optimizaci\u00f3n para programar el traslado de los departamentos y la producci\u00f3n, de tal manera que se garantice el cumplimiento de la demanda durante la ejecuci\u00f3n del proyecto de redistribuci\u00f3n de planta. Con este prop\u00f3sito, se plante\u00f3 un modelo de programaci\u00f3n lineal entera mixta (pem) que minimiza los costos de traslado de los departamentos, asegura el cumplimiento de la demanda y limita la duraci\u00f3n del proyecto a un m\u00e1ximo establecido. Los resultados muestran que cuando la utilizaci\u00f3n promedio de la maquinaria de la planta es mayor al 60%, el proyecto de redistribuci\u00f3n y la programaci\u00f3n de la producci\u00f3n son interdependientes, por lo tanto es necesario utilizar un enfoque integrado como el propuesto en este art\u00edculo. Este se deriva del proyecto de investigaci\u00f3n \u201cOptimizaci\u00f3n de procesos de redistribuci\u00f3n de planta en manufactura flexible\u201d desarrollado en la Universidad Icesi a lo largo del periodo 2013-2014.<\/jats:p>","DOI":"10.16925\/in.v9i17.807","type":"journal-article","created":{"date-parts":[[2015,1,29]],"date-time":"2015-01-29T13:23:26Z","timestamp":1422537806000},"page":"71-81","source":"Crossref","is-referenced-by-count":0,"title":["Redistribuci\u00f3n de planta y programaci\u00f3n de la producci\u00f3n: un enfoque integrado"],"prefix":"10.16925","volume":"10","author":[{"given":"Daniel","family":"Jaramillo","sequence":"first","affiliation":[],"role":[{"role":"author","vocabulary":"crossref"}]},{"given":"Juliana","family":"Uriarte","sequence":"additional","affiliation":[],"role":[{"role":"author","vocabulary":"crossref"}]},{"given":"Luis F.","family":"Cardona","sequence":"additional","affiliation":[],"role":[{"role":"author","vocabulary":"crossref"}]}],"member":"6711","published-online":{"date-parts":[[2014,12,1]]},"container-title":["Ingenier\u00eda Solidaria"],"link":[{"URL":"https:\/\/revistas.ucc.edu.co\/index.php\/in\/article\/download\/807\/766","content-type":"application\/pdf","content-version":"vor","intended-application":"text-mining"},{"URL":"https:\/\/revistas.ucc.edu.co\/index.php\/in\/article\/download\/807\/766","content-type":"unspecified","content-version":"vor","intended-application":"similarity-checking"}],"deposited":{"date-parts":[[2020,2,13]],"date-time":"2020-02-13T04:17:56Z","timestamp":1581567476000},"score":0.0,"resource":{"primary":{"URL":"https:\/\/revistas.ucc.edu.co\/index.php\/in\/article\/view\/807"}},"issued":{"date-parts":[[2014,12,1]]},"references-count":0,"journal-issue":{"issue":"17","published-online":{"date-parts":[[2014,12,1]]}},"URL":"https:\/\/doi.org\/10.16925\/in.v9i17.807","ISSN":["2357-6014","1900-3102"],"issn-type":[{"value":"2357-6014","type":"electronic"},{"value":"1900-3102","type":"print"}],"published":{"date-parts":[[2014,12,1]]}},{"indexed":{"date-parts":[[2022,3,31]],"date-time":"2022-03-31T10:50:57Z","timestamp":1648723857068},"reference-count":0,"publisher":"Universidad Cooperativa de Colombia- UCC","issue":"1","license":[{"start":{"date-parts":[[2021,12,24]],"date-time":"2021-12-24T00:00:00Z","timestamp":1640304000000},"content-version":"unspecified","delay-in-days":0,"URL":"https:\/\/creativecommons.org\/licenses\/by\/4.0\/deed.es"}],"content-domain":{"domain":[],"crossmark-restriction":false},"short-container-title":["Dixi"],"abstract":"<jats:p>In the Russian legal science, there is an established opinion that today legal custom plays a secondary role in the system of sources of law, or even that it is a rudiment and is not required in regulation of social relations anyway. This position of scientists is explained by the fact that theories rejecting custom as a source of law were common in the ussr since the 1920s. There were numerous attempts to substantiate the impossibility and needlessness of its use in a socialist state. It was justified by the fact that custom is a \u201cprimitive\u201d form of law that is not capable of efficiently regulating social relations and even hinders their development. Having studied the modern practice of application of customs in various branches of private and public law, the authors give reasons for the conclusion that the scope of legal customs still retains its significance in Russia. It is proved that the role of customs differs in respect of fields of private and public law, occupying an insignificant place within the latter. However, also in that case there is transformation of established ideas about legal customs, their position in the system of sources of law and the role in the system of legal regulation of social relations are revised. The authors of the article substantiate the need to preserve legal custom in the system of sources of law and propose measures to increase the efficiency of their use.<\/jats:p>","DOI":"10.16925\/2357-5891.2022.01.09","type":"journal-article","created":{"date-parts":[[2022,1,24]],"date-time":"2022-01-24T15:21:52Z","timestamp":1643037712000},"page":"1-22","source":"Crossref","is-referenced-by-count":0,"title":["Role and significance of legal customs in national jurisdictions (in terms of the Russian Federation)"],"prefix":"10.16925","volume":"24","author":[{"given":"Aleksey","family":"Pavlovich Anisimov","sequence":"first","affiliation":[],"role":[{"role":"author","vocabulary":"crossref"}]},{"given":"Anatoliy","family":"Jakovlevich Ryzhenkov","sequence":"additional","affiliation":[],"role":[{"role":"author","vocabulary":"crossref"}]},{"given":"Lyudmila","family":"Viktorovna Sokolskaya","sequence":"additional","affiliation":[],"role":[{"role":"author","vocabulary":"crossref"}]}],"member":"6711","published-online":{"date-parts":[[2021,12,24]]},"container-title":["DIXI"],"link":[{"URL":"https:\/\/revistas.ucc.edu.co\/index.php\/di\/article\/download\/4242\/3253","content-type":"application\/pdf","content-version":"vor","intended-application":"text-mining"},{"URL":"https:\/\/revistas.ucc.edu.co\/index.php\/di\/article\/download\/4242\/3253","content-type":"unspecified","content-version":"vor","intended-application":"similarity-checking"}],"deposited":{"date-parts":[[2022,1,24]],"date-time":"2022-01-24T15:21:52Z","timestamp":1643037712000},"score":0.0,"resource":{"primary":{"URL":"https:\/\/revistas.ucc.edu.co\/index.php\/di\/article\/view\/4242"}},"issued":{"date-parts":[[2021,12,24]]},"references-count":0,"journal-issue":{"issue":"1","published-online":{"date-parts":[[2021,12,28]]}},"URL":"https:\/\/doi.org\/10.16925\/2357-5891.2022.01.09","ISSN":["2357-5891","0124-7255"],"issn-type":[{"value":"2357-5891","type":"electronic"},{"value":"0124-7255","type":"print"}],"published":{"date-parts":[[2021,12,24]]}},{"indexed":{"date-parts":[[2022,4,3]],"date-time":"2022-04-03T19:14:03Z","timestamp":1649013243173},"reference-count":0,"publisher":"Universidad Cooperativa de Colombia- UCC","issue":"27","license":[{"start":{"date-parts":[[2018,7,3]],"date-time":"2018-07-03T00:00:00Z","timestamp":1530576000000},"content-version":"unspecified","delay-in-days":0,"URL":"http:\/\/creativecommons.org\/licenses\/by-nc-nd\/4.0"}],"content-domain":{"domain":[],"crossmark-restriction":false},"short-container-title":["Rev. nac. odontol."],"abstract":"<jats:p>Introdu\u00e7\u00e3o: As cer\u00e2micas dent\u00e1rias s\u00e3o consideradas os materiais de escolha para a confec\u00e7\u00e3o de facetas e coroas prot\u00e9ticas em dentes anteriores e posteriores e apresentam caracter\u00edsticas est\u00e9ticas e biomec\u00e2nicas semelhantes aos tecidos dentais al\u00e9m de reproduzir com maior fidelidade a cor dos dentes. A etapa cl\u00ednica da sele\u00e7\u00e3o de cor dos dentes do paciente, para posterior confec\u00e7\u00e3o da pr\u00f3tese pelo TPD, determina o resultado est\u00e9tico das coroas prot\u00e9ticas em cer\u00e2mica.Objetivo: Este trabalho teve como objetivo avaliar a fidelidade da cor de diferentes cer\u00e2micas feldsp\u00e1ticas: Porcelain EX-3 (Noritake, Jap\u00e3o), StarLight (Dentsply, Brasil) e HeramCeram (Heraeus, Alemanha) com as respectivas escalas de cor: Shade Guide (Noritake, Jap\u00e3o), Vita Cl\u00e1ssica (Vita, Alemanha) e Pala (Heraeus, Alemanha).Metodologia: Foram confeccionadas facetas cer\u00e2micas\u00a0 reproduzindo os aspectos est\u00e9ticos (forma, matiz, croma e valor) padronizadas no momento da estratifica\u00e7\u00e3o e aplica\u00e7\u00e3o laboratorial da cer\u00e2mica.Resultados: As facetas confeccionadas ap\u00f3s a determina\u00e7\u00e3o da cor foram comparadas \u00e0 escala original do fabricante de cada cer\u00e2mica e apresentaram grandes diferen\u00e7as nos aspectos est\u00e9ticos avaliados, ratificando a import\u00e2ncia do conhecimento das cer\u00e2micas e tipo de escala utilizada.Conclus\u00e3o: A falta do conhecimento no momento da sele\u00e7\u00e3o da cor influencia no registro e mapeamento da cor dos dentes que ser\u00e3o reabilitados pelo cirurgi\u00e3o dentista, podendo levar a insucessos na transmiss\u00e3o de informa\u00e7\u00e3o com o laborat\u00f3rio de Pr\u00f3tese.<\/jats:p>","DOI":"10.16925\/od.v14i27.2341","type":"journal-article","created":{"date-parts":[[2019,3,7]],"date-time":"2019-03-07T11:06:05Z","timestamp":1551956765000},"source":"Crossref","is-referenced-by-count":0,"title":["Compara\u00e7\u00e3o da Fidelidade da Cor de Cer\u00e2micas quando comparadas com as suas respectivas Escalas"],"prefix":"10.16925","volume":"14","author":[{"given":"Frederico dos Reis","family":"Goyat\u00e1","sequence":"first","affiliation":[],"role":[{"role":"author","vocabulary":"crossref"}]},{"given":"Am\u00e1lia","family":"Moreno","sequence":"first","affiliation":[],"role":[{"role":"author","vocabulary":"crossref"}]},{"given":"Amanda Nascimento","family":"De Aguiar","sequence":"first","affiliation":[],"role":[{"role":"author","vocabulary":"crossref"}]},{"given":"Ivan Doche","family":"Barreiros","sequence":"first","affiliation":[],"role":[{"role":"author","vocabulary":"crossref"}]},{"given":"C\u00e9lia Regina","family":"Moreira lanza","sequence":"first","affiliation":[],"role":[{"role":"author","vocabulary":"crossref"}]},{"given":"Elissa","family":"Talma","sequence":"first","affiliation":[],"role":[{"role":"author","vocabulary":"crossref"}]},{"given":"Maria Esperanza","family":"Cortes Segura","sequence":"first","affiliation":[],"role":[{"role":"author","vocabulary":"crossref"}]},{"given":"Jo\u00e3o Batista","family":"Novaes J\u00fanior","sequence":"first","affiliation":[],"role":[{"role":"author","vocabulary":"crossref"}]}],"member":"6711","published-online":{"date-parts":[[2018,7,3]]},"container-title":["Revista Nacional de Odontolog\u00eda"],"link":[{"URL":"https:\/\/revistas.ucc.edu.co\/index.php\/od\/article\/download\/2341\/2346","content-type":"application\/pdf","content-version":"vor","intended-application":"text-mining"},{"URL":"https:\/\/revistas.ucc.edu.co\/index.php\/od\/article\/download\/2341\/2346","content-type":"unspecified","content-version":"vor","intended-application":"similarity-checking"}],"deposited":{"date-parts":[[2019,3,7]],"date-time":"2019-03-07T11:06:05Z","timestamp":1551956765000},"score":0.0,"resource":{"primary":{"URL":"https:\/\/revistas.ucc.edu.co\/index.php\/od\/article\/view\/2341"}},"issued":{"date-parts":[[2018,7,3]]},"references-count":0,"journal-issue":{"issue":"27","published-online":{"date-parts":[[2018,7,3]]}},"URL":"https:\/\/doi.org\/10.16925\/od.v14i27.2341","ISSN":["2357-4607","1900-3080"],"issn-type":[{"value":"2357-4607","type":"electronic"},{"value":"1900-3080","type":"print"}],"published":{"date-parts":[[2018,7,3]]}},{"indexed":{"date-parts":[[2022,5,30]],"date-time":"2022-05-30T19:08:23Z","timestamp":1653937703136},"reference-count":0,"publisher":"Universidad Cooperativa de Colombia- UCC","issue":"26","license":[{"start":{"date-parts":[[2017,10,13]],"date-time":"2017-10-13T00:00:00Z","timestamp":1507852800000},"content-version":"unspecified","delay-in-days":0,"URL":"http:\/\/creativecommons.org\/licenses\/by-nc-nd\/4.0"}],"content-domain":{"domain":[],"crossmark-restriction":false},"short-container-title":["Rev. nac. odontol."],"abstract":"<jats:p>Introducci\u00f3n: La s\u00edfilis es una enfermedad considerada como antigua, que ha causado grandes estragos durante toda la historia de la humanidad, a pesar de m\u00e9todos de protecci\u00f3n sexual y antibi\u00f3ticos para combatir esta infecci\u00f3n, en la actualidad todav\u00eda la prevalencia de esta es preocupante. El odont\u00f3logo juega un papel imprescindible en este campo, debido a que este debe ser capacitado para detectar las manifestaciones de esta en cavidad bucal de una forma temprana, evitando as\u00ed su progresi\u00f3n Metodolog\u00eda: se realiza un estudio descriptivo de corte transversal, con 20 pacientes que consultaron a 3 servicios de estomatolog\u00eda de Suram\u00e9rica, se les realiza examen estomatol\u00f3gico e historia cl\u00ednica exhaustiva, se clasifico las lesiones encontradas y se analizaron los dem\u00e1s datos recogidos. Resultados: la lesi\u00f3n prevalente en s\u00edfilis primaria fue la ulcera y solo se detect\u00f3 un caso, acerca de la forma secundaria se detectaron 19 casos y se encontraron m\u00faltiples lesiones asociadas, por ultimo no se encontr\u00f3 ning\u00fan caso de s\u00edfilis terciaria. Conclusiones: se considera fundamental la divulgaci\u00f3n de estos resultados y mayores investigaciones en este campo, con el fin de educar y as\u00ed evitar la progresi\u00f3n de la s\u00edfilis, a una forma latente o terciaria, que ponga en riesgo la vida de la poblaci\u00f3n.\u00a0<\/jats:p>","DOI":"10.16925\/od.v13i26.1788","type":"journal-article","created":{"date-parts":[[2019,4,9]],"date-time":"2019-04-09T20:11:02Z","timestamp":1554840662000},"source":"Crossref","is-referenced-by-count":2,"title":["Lesiones bucales caracter\u00edsticas de la s\u00edfilis encontradas en 3 servicios de estomatolog\u00eda de Latinoam\u00e9rica"],"prefix":"10.16925","volume":"14","author":[{"given":"Martha","family":"Carmona","sequence":"first","affiliation":[],"role":[{"role":"author","vocabulary":"crossref"}]},{"given":"Iv\u00e1n","family":"Porto","sequence":"first","affiliation":[],"role":[{"role":"author","vocabulary":"crossref"}]},{"given":"Yelisa","family":"R\u00edos","sequence":"first","affiliation":[],"role":[{"role":"author","vocabulary":"crossref"}]},{"given":"H\u00e9ctor","family":"Lanranchi","sequence":"first","affiliation":[],"role":[{"role":"author","vocabulary":"crossref"}]}],"member":"6711","published-online":{"date-parts":[[2017,10,13]]},"container-title":["Revista Nacional de Odontolog\u00eda"],"link":[{"URL":"https:\/\/revistas.ucc.edu.co\/index.php\/od\/article\/download\/1788\/2295","content-type":"application\/pdf","content-version":"vor","intended-application":"text-mining"},{"URL":"https:\/\/revistas.ucc.edu.co\/index.php\/od\/article\/download\/1788\/2295","content-type":"unspecified","content-version":"vor","intended-application":"similarity-checking"}],"deposited":{"date-parts":[[2019,4,9]],"date-time":"2019-04-09T20:11:03Z","timestamp":1554840663000},"score":0.0,"resource":{"primary":{"URL":"https:\/\/revistas.ucc.edu.co\/index.php\/od\/article\/view\/1788"}},"issued":{"date-parts":[[2017,10,13]]},"references-count":0,"journal-issue":{"issue":"26","published-online":{"date-parts":[[2018,1,10]]}},"URL":"https:\/\/doi.org\/10.16925\/od.v13i26.1788","ISSN":["2357-4607","1900-3080"],"issn-type":[{"value":"2357-4607","type":"electronic"},{"value":"1900-3080","type":"print"}],"published":{"date-parts":[[2017,10,13]]}},{"indexed":{"date-parts":[[2022,3,30]],"date-time":"2022-03-30T20:03:42Z","timestamp":1648670622571},"reference-count":0,"publisher":"Universidad Cooperativa de Colombia- UCC","issue":"1","license":[{"start":{"date-parts":[[2021,9,16]],"date-time":"2021-09-16T00:00:00Z","timestamp":1631750400000},"content-version":"unspecified","delay-in-days":0,"URL":"http:\/\/creativecommons.org\/licenses\/by-nc-nd\/4.0"}],"content-domain":{"domain":[],"crossmark-restriction":false},"short-container-title":["Rev. nac. odontol."],"abstract":"<jats:p>Introducci\u00f3n: En la dentina se encuentra el col\u00e1geno tipo I que puede ser degradado por acci\u00f3n enzim\u00e1tica. El gen SMU.759 de Streptococcus mutans, serotipo c, codifica una proteasa con posible actividad colagenasa afectando probablemente este tipo de col\u00e1geno y favoreciendo el avance de la caries, dado que, en procesos posteriores a la desmineralizaci\u00f3n, el col\u00e1geno tipo I de la dentina queda expuesto a la acci\u00f3n de esta bacteria. Se pretende determinar si hay diferencias en la presencia o ausencia de SMU.759 en aislados de pacientes con y libres de caries. M\u00e9todos: se utilizaron aislados de un cepario procedentes de escolares entre 6 y 9 a\u00f1os de edad con y libres de caries de la ciudad de Medell\u00edn, Colombia. Se dise\u00f1aron los cebadores para SMU.759, se realiz\u00f3 PCR, se observaron los amplificados en un gel de agarosa al 1,2%. Resultados: SMU.759 se amplific\u00f3 en todos los aislados utilizados. Conclusi\u00f3n: el gen SMU.759, que codifica una proteasa, ser\u00eda un gen constitutivo del genoma de S. mutans.<\/jats:p>","DOI":"10.16925\/2357-4607.2021.01.04","type":"journal-article","created":{"date-parts":[[2021,10,27]],"date-time":"2021-10-27T13:00:31Z","timestamp":1635339631000},"page":"1-11","source":"Crossref","is-referenced-by-count":0,"title":["SMU.759 que codifica para una proteasa similar a colagenasa es constitutivo en Streptococcus mutans"],"prefix":"10.16925","volume":"17","author":[{"given":"Eduardo de Jes\u00fas","family":"S\u00e1enz Rivera","sequence":"first","affiliation":[],"role":[{"role":"author","vocabulary":"crossref"}]},{"given":"Edgar Mauricio","family":"Ba\u00f1ol Acevedo","sequence":"additional","affiliation":[],"role":[{"role":"author","vocabulary":"crossref"}]},{"given":"Ramiro Javier","family":"Rinc\u00f3n Rodr\u00edguez","sequence":"additional","affiliation":[],"role":[{"role":"author","vocabulary":"crossref"}]}],"member":"6711","published-online":{"date-parts":[[2021,9,16]]},"container-title":["Revista Nacional de Odontolog\u00eda"],"link":[{"URL":"https:\/\/revistas.ucc.edu.co\/index.php\/od\/article\/download\/4074\/3208","content-type":"application\/pdf","content-version":"vor","intended-application":"text-mining"},{"URL":"https:\/\/revistas.ucc.edu.co\/index.php\/od\/article\/download\/4074\/3208","content-type":"unspecified","content-version":"vor","intended-application":"similarity-checking"}],"deposited":{"date-parts":[[2021,10,27]],"date-time":"2021-10-27T13:00:32Z","timestamp":1635339632000},"score":0.0,"resource":{"primary":{"URL":"https:\/\/revistas.ucc.edu.co\/index.php\/od\/article\/view\/4074"}},"issued":{"date-parts":[[2021,9,16]]},"references-count":0,"journal-issue":{"issue":"1","published-online":{"date-parts":[[2021,10,27]]}},"URL":"https:\/\/doi.org\/10.16925\/2357-4607.2021.01.04","ISSN":["2357-4607","1900-3080"],"issn-type":[{"value":"2357-4607","type":"electronic"},{"value":"1900-3080","type":"print"}],"published":{"date-parts":[[2021,9,16]]}},{"indexed":{"date-parts":[[2022,4,1]],"date-time":"2022-04-01T13:53:04Z","timestamp":1648821184258},"reference-count":0,"publisher":"Universidad Cooperativa de Colombia","content-domain":{"domain":[],"crossmark-restriction":false},"DOI":"10.16925\/greylit.1595","type":"report","created":{"date-parts":[[2016,10,26]],"date-time":"2016-10-26T00:28:39Z","timestamp":1477441719000},"source":"Crossref","is-referenced-by-count":0,"title":["La objeci\u00f3n de conciencia: elementos para su discusi\u00f3n"],"prefix":"10.16925","author":[{"given":"Carolina","family":"Soto-M\u00e9ndez","sequence":"first","affiliation":[],"role":[{"role":"author","vocabulary":"crossref"}]}],"member":"6711","published-online":{"date-parts":[[2016]]},"deposited":{"date-parts":[[2019,8,23]],"date-time":"2019-08-23T20:44:54Z","timestamp":1566593094000},"score":0.0,"resource":{"primary":{"URL":"http:\/\/repository.ucc.edu.co\/handle\/20.500.12494\/10956"}},"issued":{"date-parts":[[2016]]},"references-count":0,"URL":"https:\/\/doi.org\/10.16925\/greylit.1595","published":{"date-parts":[[2016]]}},{"indexed":{"date-parts":[[2022,4,2]],"date-time":"2022-04-02T19:37:07Z","timestamp":1648928227385},"reference-count":0,"publisher":"Universidad Cooperativa de Colombia- UCC","issue":"20","content-domain":{"domain":[],"crossmark-restriction":false},"short-container-title":["Pensando Psicol."],"DOI":"10.16925\/pe.v12i20.1559","type":"journal-article","created":{"date-parts":[[2017,2,6]],"date-time":"2017-02-06T14:13:06Z","timestamp":1486390386000},"page":"5-12","source":"Crossref","is-referenced-by-count":0,"title":["Memorias traum\u00e1ticas y estr\u00e9s postraum\u00e1tico en los ni\u00f1os y j\u00f3venes palestinos de la Franja de Gaza"],"prefix":"10.16925","volume":"12","author":[{"given":"Sofi\u00e1n","family":"El-Astal","sequence":"first","affiliation":[],"role":[{"role":"author","vocabulary":"crossref"}]}],"member":"6711","published-online":{"date-parts":[[2016,10,1]]},"container-title":["Pensando Psicolog\u00eda"],"link":[{"URL":"https:\/\/revistas.ucc.edu.co\/index.php\/pe\/article\/download\/1559\/1745","content-type":"application\/pdf","content-version":"vor","intended-application":"text-mining"},{"URL":"https:\/\/revistas.ucc.edu.co\/index.php\/pe\/article\/download\/1559\/1745","content-type":"unspecified","content-version":"vor","intended-application":"similarity-checking"}],"deposited":{"date-parts":[[2020,8,29]],"date-time":"2020-08-29T06:44:04Z","timestamp":1598683444000},"score":0.0,"resource":{"primary":{"URL":"https:\/\/revistas.ucc.edu.co\/index.php\/pe\/article\/view\/1559"}},"issued":{"date-parts":[[2016,10,1]]},"references-count":0,"journal-issue":{"issue":"20","published-online":{"date-parts":[[2016,10,1]]}},"URL":"https:\/\/doi.org\/10.16925\/pe.v12i20.1559","ISSN":["2382-3984","1900-3099"],"issn-type":[{"value":"2382-3984","type":"electronic"},{"value":"1900-3099","type":"print"}],"published":{"date-parts":[[2016,10,1]]}},{"indexed":{"date-parts":[[2022,4,3]],"date-time":"2022-04-03T01:08:51Z","timestamp":1648948131308},"reference-count":0,"publisher":"Universidad Cooperativa de Colombia","content-domain":{"domain":[],"crossmark-restriction":false},"DOI":"10.16925\/greylit.1144","type":"report","created":{"date-parts":[[2015,12,2]],"date-time":"2015-12-02T16:38:21Z","timestamp":1449074301000},"source":"Crossref","is-referenced-by-count":0,"title":["Gu\u00eda para la elaboraci\u00f3n de Papeles de Trabajo en Auditor\u00eda Financiera (CW)"],"prefix":"10.16925","author":[{"given":"Carlos Alberto","family":"\u00c1lvarez-Ortiz","sequence":"first","affiliation":[],"role":[{"role":"author","vocabulary":"crossref"}]}],"member":"6711","published-online":{"date-parts":[[2015,12]]},"deposited":{"date-parts":[[2019,8,23]],"date-time":"2019-08-23T16:44:46Z","timestamp":1566578686000},"score":0.0,"resource":{"primary":{"URL":"http:\/\/repository.ucc.edu.co\/handle\/20.500.12494\/10121"}},"issued":{"date-parts":[[2015,12]]},"references-count":0,"URL":"https:\/\/doi.org\/10.16925\/greylit.1144","published":{"date-parts":[[2015,12]]}},{"indexed":{"date-parts":[[2022,4,4]],"date-time":"2022-04-04T01:26:11Z","timestamp":1649035571279},"reference-count":0,"publisher":"Universidad Cooperativa de Colombia","isbn-type":[{"value":"9789587600681","type":"print"}],"content-domain":{"domain":[],"crossmark-restriction":false},"DOI":"10.16925\/9789587600681","type":"book","created":{"date-parts":[[2017,6,29]],"date-time":"2017-06-29T19:22:20Z","timestamp":1498764140000},"source":"Crossref","is-referenced-by-count":0,"title":["ntolog\u00eda. I Concurso de Cuento y Poes\u00eda Araucas"],"prefix":"10.16925","author":[{"given":"Carlos Alberto","family":"Sierra Limas","sequence":"first","affiliation":[],"role":[{"role":"author","vocabulary":"crossref"}]},{"given":"Pedro","family":"Parales","sequence":"additional","affiliation":[],"role":[{"role":"author","vocabulary":"crossref"}]},{"given":"Andr\u00e9s","family":"Campo Manjarr\u00e9s","sequence":"additional","affiliation":[],"role":[{"role":"author","vocabulary":"crossref"}]},{"given":"Jes\u00fas Mar\u00eda","family":"Poveda P\u00e9rez","sequence":"additional","affiliation":[],"role":[{"role":"author","vocabulary":"crossref"}]},{"given":"Hern\u00e1n Carmelo","family":"Cavadias Mart\u00ednez","sequence":"additional","affiliation":[],"role":[{"role":"author","vocabulary":"crossref"}]},{"given":"Janeth","family":"Osses Barrera","sequence":"additional","affiliation":[],"role":[{"role":"author","vocabulary":"crossref"}]},{"given":"Natalia Marcela","family":"Pitta Osses","sequence":"additional","affiliation":[],"role":[{"role":"author","vocabulary":"crossref"}]},{"given":"C\u00e9sar Armando","family":"Ataya L\u00f3pez","sequence":"additional","affiliation":[],"role":[{"role":"author","vocabulary":"crossref"}]},{"given":"Oscar Gerardo","family":"Pineda Infante","sequence":"additional","affiliation":[],"role":[{"role":"author","vocabulary":"crossref"}]},{"given":"Neiron Beydiz","family":"Est\u00e9vez Yustre","sequence":"additional","affiliation":[],"role":[{"role":"author","vocabulary":"crossref"}]},{"given":"Bryam","family":"Carre\u00f1o","sequence":"additional","affiliation":[],"role":[{"role":"author","vocabulary":"crossref"}]},{"given":"Breakin","family":"Garc\u00eda Mora","sequence":"additional","affiliation":[],"role":[{"role":"author","vocabulary":"crossref"}]},{"given":"Diego Fernando","family":"Guti\u00e9rrez Galviz","sequence":"additional","affiliation":[],"role":[{"role":"author","vocabulary":"crossref"}]},{"given":"Juan Camilo","family":"Foreo Agudelo","sequence":"additional","affiliation":[],"role":[{"role":"author","vocabulary":"crossref"}]},{"given":"Yolima","family":"Garc\u00eda Castro","sequence":"additional","affiliation":[],"role":[{"role":"author","vocabulary":"crossref"}]},{"given":"Richar","family":"Mantilla Torres","sequence":"additional","affiliation":[],"role":[{"role":"author","vocabulary":"crossref"}]},{"given":"Jenifer Andrea","family":"Villamizar March\u00e1n","sequence":"additional","affiliation":[],"role":[{"role":"author","vocabulary":"crossref"}]},{"given":"Dixon Reinel","family":"Cabrera G\u00e1mez","sequence":"additional","affiliation":[],"role":[{"role":"author","vocabulary":"crossref"}]},{"given":"Bryan Orlando","family":"Puerto V.","sequence":"additional","affiliation":[],"role":[{"role":"author","vocabulary":"crossref"}]},{"given":"Soldimar","family":"Rojas Garz\u00f3n","sequence":"additional","affiliation":[],"role":[{"role":"author","vocabulary":"crossref"}]}],"member":"6711","published-online":{"date-parts":[[2016]]},"deposited":{"date-parts":[[2017,6,29]],"date-time":"2017-06-29T19:22:20Z","timestamp":1498764140000},"score":0.0,"resource":{"primary":{"URL":"http:\/\/ediciones.ucc.edu.co\/index.php\/ucc\/catalog\/book\/78"}},"issued":{"date-parts":[[2016]]},"ISBN":["9789587600681"],"references-count":0,"URL":"https:\/\/doi.org\/10.16925\/9789587600681","published":{"date-parts":[[2016]]}},{"indexed":{"date-parts":[[2024,7,28]],"date-time":"2024-07-28T17:53:46Z","timestamp":1722189226803},"reference-count":0,"publisher":"Universidad Cooperativa de Colombia- UCC","issue":"24","license":[{"start":{"date-parts":[[2017,2,6]],"date-time":"2017-02-06T00:00:00Z","timestamp":1486339200000},"content-version":"unspecified","delay-in-days":0,"URL":"http:\/\/creativecommons.org\/licenses\/by-nc-nd\/4.0"}],"content-domain":{"domain":[],"crossmark-restriction":false},"short-container-title":["Rev. nac. odontol."],"abstract":"<jats:p>Introducci\u00f3n:el objetivo fue revisar la evidencia cient\u00edfica sobre la asociaci\u00f3n entre la exposici\u00f3n de individuos a insecticidas organofosforados, con la prevalencia de labio y paladar fisurado no sindr\u00f3mico. Materiales y M\u00e9todos: se realizaron b\u00fasquedas de art\u00edculos cient\u00edficos en las bases de datos Pubmed, Science Direct, Google Acad\u00e9mico, Medline, Cochrane y Scielo, publicados entre los a\u00f1os 2000 a 2015. Se buscaron art\u00edculos teniendo en cuenta los t\u00e9rminos MESH, incluyendo estudios de revisi\u00f3n de literatura, metanalisis, casos y controles, y experimentales in vivo, excluy\u00e9ndose estudios experimentales in vitro, encontr\u00e1ndose 25 art\u00edculos que cumplieron con los criterios de inclusi\u00f3n. Resultados: un significativo n\u00famero de estudios establecieron una asociaci\u00f3n entre la exposici\u00f3n a insecticidas \u00f3rganofosforados con efectos teratog\u00e9nicos relacionados con la formaci\u00f3n del labio y paladar hendido; estudios experimentales in vivo en animales relacionaron la exposici\u00f3n al Insecticida Organofosforado Clorpirifos, con mayor prevalencia de paladar hendido.Conclusi\u00f3n:Los resultados de la\u00a0 presente revisi\u00f3n de literatura no encontr\u00f3 asociaci\u00f3n entre\u00a0 la exposici\u00f3n a Insecticidas Organofosforados y\u00a0 efectos teratog\u00e9nicos relacionados con la formaci\u00f3n del labio y paladar hendido.<\/jats:p>","DOI":"10.16925\/od.v12i24.1658","type":"journal-article","created":{"date-parts":[[2019,4,9]],"date-time":"2019-04-09T20:40:13Z","timestamp":1554842413000},"source":"Crossref","is-referenced-by-count":1,"title":["Efectos teratog\u00e9nicos de insecticidas organofosforados en la etiolog\u00eda de labio y paladar hendido: revisi\u00f3n de literatura"],"prefix":"10.16925","volume":"13","author":[{"given":"Jes\u00fas Gabriel","family":"Ortega-Miller","sequence":"first","affiliation":[],"role":[{"role":"author","vocabulary":"crossref"}]},{"given":"Salom\u00f3n","family":"Yezioro-Rubinsky","sequence":"first","affiliation":[],"role":[{"role":"author","vocabulary":"crossref"}]},{"given":"Berta Cecilia","family":"Benavides-Pinto","sequence":"first","affiliation":[],"role":[{"role":"author","vocabulary":"crossref"}]},{"given":"Liliana Carolina","family":"B\u00e1ez-Quintero","sequence":"first","affiliation":[],"role":[{"role":"author","vocabulary":"crossref"}]}],"member":"6711","published-online":{"date-parts":[[2017,2,6]]},"container-title":["Revista Nacional de Odontolog\u00eda"],"link":[{"URL":"https:\/\/revistas.ucc.edu.co\/index.php\/od\/article\/download\/1658\/2020","content-type":"application\/pdf","content-version":"vor","intended-application":"text-mining"},{"URL":"https:\/\/revistas.ucc.edu.co\/index.php\/od\/article\/download\/1658\/2020","content-type":"unspecified","content-version":"vor","intended-application":"similarity-checking"}],"deposited":{"date-parts":[[2019,4,9]],"date-time":"2019-04-09T20:40:15Z","timestamp":1554842415000},"score":0.0,"resource":{"primary":{"URL":"https:\/\/revistas.ucc.edu.co\/index.php\/od\/article\/view\/1658"}},"issued":{"date-parts":[[2017,2,6]]},"references-count":0,"journal-issue":{"issue":"24","published-online":{"date-parts":[[2017,2,6]]}},"URL":"https:\/\/doi.org\/10.16925\/od.v12i24.1658","ISSN":["2357-4607","1900-3080"],"issn-type":[{"value":"2357-4607","type":"electronic"},{"value":"1900-3080","type":"print"}],"published":{"date-parts":[[2017,2,6]]}},{"indexed":{"date-parts":[[2022,3,28]],"date-time":"2022-03-28T23:25:54Z","timestamp":1648509954785},"reference-count":0,"publisher":"Universidad Cooperativa de Colombia- UCC","issue":"21","license":[{"start":{"date-parts":[[2015,12,30]],"date-time":"2015-12-30T00:00:00Z","timestamp":1451433600000},"content-version":"unspecified","delay-in-days":0,"URL":"https:\/\/creativecommons.org\/licenses\/by-nc-nd\/4.0"}],"content-domain":{"domain":[],"crossmark-restriction":false},"short-container-title":["Rev. nac. odontol."],"abstract":"<jats:p>Introducci\u00f3n:el prop\u00f3sito de este estudio fue realizar una comparaci\u00f3n entre los valores cefalom\u00e9tricos encontrados en pacientes de la Facultad de Odontolog\u00eda de la Universidad de Antioquia (Colombia) y los reportados en el estudio realizado en la Universidad de Michigan, EE.UU., por Riolo et al., en 1974. Materiales y m\u00e9todos: estudio de tipo retrospectivo, comparativo no experimental, con una muestra de 204 radiograf\u00edas cef\u00e1licas laterales (127 mujeres y 77 hombres) de pacientes con diagn\u00f3stico de maloclusi\u00f3n clase I sin tratamiento previo, con edades entre 7 y 11 a\u00f1os, que fueron trazadas por un solo operador. La informaci\u00f3n recolectada se digitaliz\u00f3, y se calcularon la media y la desviaci\u00f3n est\u00e1ndar para cada una de las variables por edad y sexo. Para establecer diferencias estad\u00edsticamente significativas, se aplic\u00f3 la prueba no param\u00e9trica de U Mann Whitney (\u03b1=0,05). Los resultados obtenidos se compararon con el estudio de Riolo et al. (1974) en 83 individuos (36 mujeres y 47 hombres), se determin\u00f3 si existe o no coincidencia entre ellos y se identificaron las variables cefalom\u00e9tricas que se alejan de los est\u00e1ndares utilizados. Resultados y conclusiones: se analizaron 26 variables cefalom\u00e9tricas, los resultados mostraron m\u00e1s diferencias que similitudes entre los valores encontrados y los valores elegidos como est\u00e1ndar; se observ\u00f3 dimorfismo sexual estad\u00edsticamente significativo en 11 variables. Se reportan las variables en las cuales se sugiere continuar utilizando los est\u00e1ndares de Riolo et al. como gu\u00eda, y en las que no, con base en la comparaci\u00f3n realizada.\u00a0<\/jats:p>","DOI":"10.16925\/od.v11i21.945","type":"journal-article","created":{"date-parts":[[2016,6,15]],"date-time":"2016-06-15T19:48:27Z","timestamp":1466020107000},"source":"Crossref","is-referenced-by-count":0,"title":["Estudio comparativo de medidas cefalom\u00e9tricas entre pacientes con maloclusi\u00f3n clase I de la Universidad de Antioquia, Colombia, y pacientes reportados en el estudio de la Universidad de Michigan en 1974"],"prefix":"10.16925","volume":"11","author":[{"given":"Olga Luc\u00eda","family":"M\u00e9ndez G.","sequence":"first","affiliation":[],"role":[{"role":"author","vocabulary":"crossref"}]},{"given":"Juan Carlos","family":"Echeverr\u00eda","sequence":"additional","affiliation":[],"role":[{"role":"author","vocabulary":"crossref"}]},{"given":"Diego Mauricio","family":"Ceballos O.","sequence":"additional","affiliation":[],"role":[{"role":"author","vocabulary":"crossref"}]},{"given":"Leidy Yuliana","family":"M\u00fanera M.","sequence":"additional","affiliation":[],"role":[{"role":"author","vocabulary":"crossref"}]}],"member":"6711","published-online":{"date-parts":[[2015,12,30]]},"container-title":["Revista Nacional de Odontolog\u00eda"],"link":[{"URL":"https:\/\/revistas.ucc.edu.co\/index.php\/od\/article\/download\/945\/1117","content-type":"application\/pdf","content-version":"vor","intended-application":"text-mining"},{"URL":"https:\/\/revistas.ucc.edu.co\/index.php\/od\/article\/download\/945\/1117","content-type":"unspecified","content-version":"vor","intended-application":"similarity-checking"}],"deposited":{"date-parts":[[2020,8,29]],"date-time":"2020-08-29T08:08:04Z","timestamp":1598688484000},"score":0.0,"resource":{"primary":{"URL":"https:\/\/revistas.ucc.edu.co\/index.php\/od\/article\/view\/945"}},"issued":{"date-parts":[[2015,12,30]]},"references-count":0,"journal-issue":{"issue":"21","published-online":{"date-parts":[[2015,12,30]]}},"URL":"https:\/\/doi.org\/10.16925\/od.v11i21.945","ISSN":["2357-4607","1900-3080"],"issn-type":[{"value":"2357-4607","type":"electronic"},{"value":"1900-3080","type":"print"}],"published":{"date-parts":[[2015,12,30]]}},{"indexed":{"date-parts":[[2022,4,3]],"date-time":"2022-04-03T18:46:00Z","timestamp":1649011560340},"reference-count":0,"publisher":"Universidad Cooperativa de Colombia- UCC","issue":"25","license":[{"start":{"date-parts":[[2017,6,13]],"date-time":"2017-06-13T00:00:00Z","timestamp":1497312000000},"content-version":"unspecified","delay-in-days":0,"URL":"http:\/\/creativecommons.org\/licenses\/by-nc-nd\/4.0"}],"content-domain":{"domain":[],"crossmark-restriction":false},"short-container-title":["Rev. nac. odontol."],"abstract":"<jats:p>Introduci\u00f3n: el objetivo fue determinar el tratamiento quir\u00fargico: conservador o radical adecuado para el mixomaodontog\u00e9nico. M\u00e9todo: El estudio consider\u00f3 un caso cl\u00ednico de mixomaodontog\u00e9nico en el maxilar superior en una paciente mujer adulta, donde por las dimensiones de la tumoraci\u00f3n, se opt\u00f3 por el tratamiento radical. Resultados: Se evalu\u00f3 el caso cl\u00ednico seg\u00fan criterios cl\u00ednicos, imagenol\u00f3gicos, histopatol\u00f3gicos y seg\u00fan la evidencia cient\u00edfica actual, determin\u00e1ndose el tratamiento quir\u00fargico de resecci\u00f3n en bloque para este caso. Conclusiones: El tratamiento radical, como la resecci\u00f3n \"en bloque\", parece ser el m\u00e1s adecuado para prevenir la recurrencia de la lesi\u00f3n, especialmente en casos de lesiones extensas como en el caso reportado.<\/jats:p>","DOI":"10.16925\/od.v13i25.1885","type":"journal-article","created":{"date-parts":[[2019,4,9]],"date-time":"2019-04-09T20:31:45Z","timestamp":1554841905000},"source":"Crossref","is-referenced-by-count":0,"title":["Mixoma odontog\u00e9nico: Reporte de caso"],"prefix":"10.16925","volume":"13","author":[{"given":"Christian","family":"Farf\u00e1n-Guti\u00e9rrez","sequence":"first","affiliation":[],"role":[{"role":"author","vocabulary":"crossref"}]},{"given":"Marco","family":"Arce-Lazo","sequence":"first","affiliation":[],"role":[{"role":"author","vocabulary":"crossref"}]}],"member":"6711","published-online":{"date-parts":[[2017,6,13]]},"container-title":["Revista Nacional de Odontolog\u00eda"],"link":[{"URL":"https:\/\/revistas.ucc.edu.co\/index.php\/od\/article\/download\/1885\/1977","content-type":"application\/pdf","content-version":"vor","intended-application":"text-mining"},{"URL":"https:\/\/revistas.ucc.edu.co\/index.php\/od\/article\/download\/1885\/1977","content-type":"unspecified","content-version":"vor","intended-application":"similarity-checking"}],"deposited":{"date-parts":[[2019,4,9]],"date-time":"2019-04-09T20:31:45Z","timestamp":1554841905000},"score":0.0,"resource":{"primary":{"URL":"https:\/\/revistas.ucc.edu.co\/index.php\/od\/article\/view\/1885"}},"issued":{"date-parts":[[2017,6,13]]},"references-count":0,"journal-issue":{"issue":"25","published-online":{"date-parts":[[2017,6,13]]}},"URL":"https:\/\/doi.org\/10.16925\/od.v13i25.1885","ISSN":["2357-4607","1900-3080"],"issn-type":[{"value":"2357-4607","type":"electronic"},{"value":"1900-3080","type":"print"}],"published":{"date-parts":[[2017,6,13]]}},{"indexed":{"date-parts":[[2022,4,4]],"date-time":"2022-04-04T14:04:11Z","timestamp":1649081051296},"reference-count":0,"publisher":"Universidad Cooperativa de Colombia- UCC","issue":"22","license":[{"start":{"date-parts":[[2016,1,15]],"date-time":"2016-01-15T00:00:00Z","timestamp":1452816000000},"content-version":"unspecified","delay-in-days":0,"URL":"https:\/\/creativecommons.org\/licenses\/by-nc-nd\/4.0"}],"content-domain":{"domain":[],"crossmark-restriction":false},"short-container-title":["Rev. nac. odontol."],"abstract":"<jats:p>Introducci\u00f3n: las maloclusiones son un conjunto de alteraciones donde los controles anatomo-fisiol\u00f3gicos del sistema estomatogn\u00e1tico se encuentran en desarmon\u00eda con los segmentos dentarios. Estudios epidemiol\u00f3gicos han mostrado que la maloclusi\u00f3n se presenta con tasas de prevalencia altas, de m\u00e1s del 60% de las poblaciones estudiadas. Las investigaciones sobre maloclusiones en poblaciones de 4 a 5 a\u00f1os reportan prevalencias del 70-80%, que evolucionan hasta un 96,4% en adolescentes. Dacosta y Onyeaso reportan que la prevalencia de maloclusiones dentales a nivel mundial va desde el 65 hasta el 89%. Objetivo: comparar el tipo de maloclusi\u00f3n que se presenta con m\u00e1s frecuencia en las Cl\u00ednicas de Odontopediatria de la Universidad Aut\u00f3noma de San Luis Potos\u00ed y la Universidad de Antioquia. Metodolog\u00eda: se llev\u00f3 a cabo un estudio observacional de tipo transversal, y comparativo con un muestreo por conveniencia; se examinaron 200 pacientes por facultad, con edades entre 4 a 15 a\u00f1os. Resultados: se observ\u00f3 mayor frecuencia de clase I tipo 1 en el grupo 1 con un porcentaje del 52,7%, mientras que en el grupo 2 las maloclusiones predominantes fueron la clase II div.1 con un porcentaje del 23,6% y la clase III con 22,5% Conclusiones: los resultados de cada poblaci\u00f3n fueron diferentes. Se recomienda que el diagn\u00f3stico de las alteraciones oclusales en la poblaci\u00f3n pedi\u00e1trica sea realizado de manera oportuna, permitiendo implementar programas de atenci\u00f3n que incluyan terapias como la ortopedia funcional de los maxilares, para una rehabilitaci\u00f3n temprana del sistema estomatogn\u00e1tico.<\/jats:p>","DOI":"10.16925\/od.v12i22.1206","type":"journal-article","created":{"date-parts":[[2016,5,12]],"date-time":"2016-05-12T15:58:06Z","timestamp":1463068686000},"page":"59-66","source":"Crossref","is-referenced-by-count":0,"title":["Frecuencia de maloclusi\u00f3n en las cl\u00ednicas odontopediatr\u00edcas de la Universidad de Antioquia, y Universidad Aut\u00f3noma San Luis Potos\u00ed, M\u00e9xico"],"prefix":"10.16925","volume":"12","author":[{"given":"Gabriel","family":"Espinal-Botero","sequence":"first","affiliation":[],"role":[{"role":"author","vocabulary":"crossref"}]},{"given":"Ana","family":"Mu\u00f1oz B.","sequence":"additional","affiliation":[],"role":[{"role":"author","vocabulary":"crossref"}]},{"given":"Lizet","family":"Flores M.","sequence":"additional","affiliation":[],"role":[{"role":"author","vocabulary":"crossref"}]},{"given":"Margarita","family":"Ponce P.","sequence":"additional","affiliation":[],"role":[{"role":"author","vocabulary":"crossref"}]},{"given":"Jaime","family":"Nava C.","sequence":"additional","affiliation":[],"role":[{"role":"author","vocabulary":"crossref"}]},{"given":"Jaime","family":"Gonz\u00e1lez Q.","sequence":"additional","affiliation":[],"role":[{"role":"author","vocabulary":"crossref"}]}],"member":"6711","published-online":{"date-parts":[[2016,1,15]]},"container-title":["Revista Nacional de Odontolog\u00eda"],"link":[{"URL":"https:\/\/revistas.ucc.edu.co\/index.php\/od\/article\/download\/1206\/1405","content-type":"application\/pdf","content-version":"vor","intended-application":"text-mining"},{"URL":"https:\/\/revistas.ucc.edu.co\/index.php\/od\/article\/download\/1206\/1405","content-type":"unspecified","content-version":"vor","intended-application":"similarity-checking"}],"deposited":{"date-parts":[[2020,8,29]],"date-time":"2020-08-29T08:02:09Z","timestamp":1598688129000},"score":0.0,"resource":{"primary":{"URL":"https:\/\/revistas.ucc.edu.co\/index.php\/od\/article\/view\/1206"}},"issued":{"date-parts":[[2016,1,15]]},"references-count":0,"journal-issue":{"issue":"22","published-online":{"date-parts":[[2016,4,1]]}},"URL":"https:\/\/doi.org\/10.16925\/od.v12i22.1206","ISSN":["2357-4607","1900-3080"],"issn-type":[{"value":"2357-4607","type":"electronic"},{"value":"1900-3080","type":"print"}],"published":{"date-parts":[[2016,1,15]]}},{"indexed":{"date-parts":[[2022,3,29]],"date-time":"2022-03-29T22:14:33Z","timestamp":1648592073927},"reference-count":0,"publisher":"Universidad Cooperativa de Colombia","content-domain":{"domain":[],"crossmark-restriction":false},"DOI":"10.16925\/greylit.2099","type":"report","created":{"date-parts":[[2018,1,17]],"date-time":"2018-01-17T15:56:44Z","timestamp":1516204604000},"source":"Crossref","is-referenced-by-count":0,"title":["La servidumbre"],"prefix":"10.16925","author":[{"given":"Luis Fernando","family":"Valencia-Rodr\u00edguez","sequence":"first","affiliation":[],"role":[{"role":"author","vocabulary":"crossref"}]}],"member":"6711","published-online":{"date-parts":[[2016]]},"deposited":{"date-parts":[[2020,1,17]],"date-time":"2020-01-17T14:44:57Z","timestamp":1579272297000},"score":0.0,"resource":{"primary":{"URL":"https:\/\/repository.ucc.edu.co\/handle\/20.500.12494\/15947"}},"issued":{"date-parts":[[2016]]},"references-count":0,"URL":"https:\/\/doi.org\/10.16925\/greylit.2099","published":{"date-parts":[[2016]]}},{"indexed":{"date-parts":[[2022,5,17]],"date-time":"2022-05-17T09:40:38Z","timestamp":1652780438715},"reference-count":0,"publisher":"Ediciones Universidad Cooperativa de Colombia","content-domain":{"domain":[],"crossmark-restriction":false},"abstract":"<jats:p>El sistema tegumentario contribuye a la homeostasis al proteger al cuerpo humano y regular su temperatura. Entre sus funciones est\u00e1 captar sensaciones y est\u00edmulos provenientes del ambiente externo. Con esta gu\u00eda se pretende que el estudiante de Medicina identifique las partes de la piel y sus anexos, as\u00ed como las funciones del sistema, para lo cual se revisan en esta gu\u00eda sus estructuras en el laboratorio de morfolog\u00eda como refuerzo del estudio anat\u00f3mico del sistema tegumentario.<\/jats:p>","DOI":"10.16925\/gcgp.42","type":"report","created":{"date-parts":[[2022,5,16]],"date-time":"2022-05-16T20:13:05Z","timestamp":1652731985000},"source":"Crossref","is-referenced-by-count":0,"title":["Anatom\u00eda tegumentaria para estudiantes de Ciencias B\u00e1sicas"],"prefix":"10.16925","author":[{"given":"\u00c1lvaro Jos\u00e9","family":"L\u00f3pez N\u00fa\u00f1ez","sequence":"first","affiliation":[],"role":[{"role":"author","vocabulary":"crossref"}]}],"member":"6711","published-online":{"date-parts":[[2021,12]]},"deposited":{"date-parts":[[2022,5,16]],"date-time":"2022-05-16T20:13:05Z","timestamp":1652731985000},"score":0.0,"resource":{"primary":{"URL":"https:\/\/repository.ucc.edu.co\/handle\/20.500.12494\/44902"}},"issued":{"date-parts":[[2021,12]]},"references-count":0,"URL":"https:\/\/doi.org\/10.16925\/gcgp.42","published":{"date-parts":[[2021,12]]}},{"indexed":{"date-parts":[[2024,6,13]],"date-time":"2024-06-13T15:13:12Z","timestamp":1718291592974},"reference-count":0,"publisher":"Universidad Cooperativa de Colombia","content-domain":{"domain":[],"crossmark-restriction":false},"DOI":"10.16925\/greylit.1073","type":"report","created":{"date-parts":[[2015,12,2]],"date-time":"2015-12-02T16:30:54Z","timestamp":1449073854000},"source":"Crossref","is-referenced-by-count":1,"title":["Importancia y pasos para la elaboraci\u00f3n del estado del arte en un anteproyecto o proyecto de investigaci\u00f3n (CW)"],"prefix":"10.16925","author":[{"given":"Pedro Luis","family":"Huergo-Tobar","sequence":"first","affiliation":[],"role":[{"role":"author","vocabulary":"crossref"}]}],"member":"6711","published-online":{"date-parts":[[2015,12]]},"deposited":{"date-parts":[[2020,1,17]],"date-time":"2020-01-17T14:44:47Z","timestamp":1579272287000},"score":0.0,"resource":{"primary":{"URL":"http:\/\/repository.ucc.edu.co\/handle\/20.500.12494\/191"}},"issued":{"date-parts":[[2015,12]]},"references-count":0,"URL":"https:\/\/doi.org\/10.16925\/greylit.1073","published":{"date-parts":[[2015,12]]}},{"indexed":{"date-parts":[[2022,4,4]],"date-time":"2022-04-04T00:16:22Z","timestamp":1649031382676},"reference-count":0,"publisher":"Universidad Cooperativa de Colombia- UCC","issue":"18","content-domain":{"domain":[],"crossmark-restriction":false},"short-container-title":["Dixi"],"abstract":"<jats:p>Uno de los principales problemas de las normas de convivencia ciudadana es la desactualizaci\u00f3n. Las normas que rigen las relaciones de los ciudadanos han devenido caducas y las soluciones que se buscan son estrictamente policivas, que no terminan por solucionar los problemas. Una de las causas es la indebida utilizaci\u00f3n de m\u00e9todos de t\u00e9cnica legislativa. El presente escrito permite describir el m\u00e9todo trialista para realizar normas de convivencia ciudadana. Este art\u00edculo es producto de la investigaci\u00f3n terminada denominada \u201cMetodolog\u00eda trialista de la elaboraci\u00f3n de normas contravencionales para la convivencia ciudadana\u201d, la cual fue aprobada en el marco de la Maestr\u00eda en Teor\u00eda y Pr\u00e1ctica de la Elaboraci\u00f3n de Normas Jur\u00eddicas de la Universidad de Buenos Aires, dirigida por el doctor Miguel \u00c1ngel Ciuro Caldani.<\/jats:p>","DOI":"10.16925\/di.v15i18.650","type":"journal-article","created":{"date-parts":[[2015,1,29]],"date-time":"2015-01-29T12:42:16Z","timestamp":1422535336000},"page":"114-119","source":"Crossref","is-referenced-by-count":0,"title":["T\u00e9cnica de elaboraci\u00f3n de normas de convivencia ciudadana"],"prefix":"10.16925","volume":"15","author":[{"given":"Robinson","family":"Rueda-Su\u00e1rez","sequence":"first","affiliation":[],"role":[{"role":"author","vocabulary":"crossref"}]}],"member":"6711","published-online":{"date-parts":[[1970,1,1]]},"container-title":["DIXI"],"link":[{"URL":"https:\/\/revistas.ucc.edu.co\/index.php\/di\/article\/download\/650\/629","content-type":"application\/pdf","content-version":"vor","intended-application":"text-mining"},{"URL":"https:\/\/revistas.ucc.edu.co\/index.php\/di\/article\/download\/650\/629","content-type":"unspecified","content-version":"vor","intended-application":"similarity-checking"}],"deposited":{"date-parts":[[2020,8,29]],"date-time":"2020-08-29T06:16:05Z","timestamp":1598681765000},"score":0.0,"resource":{"primary":{"URL":"https:\/\/revistas.ucc.edu.co\/index.php\/di\/article\/view\/650"}},"issued":{"date-parts":[[1970,1,1]]},"references-count":0,"journal-issue":{"issue":"18","published-online":{"date-parts":[[2014,6,9]]}},"URL":"https:\/\/doi.org\/10.16925\/di.v15i18.650","ISSN":["2357-5891","0124-7255"],"issn-type":[{"value":"2357-5891","type":"electronic"},{"value":"0124-7255","type":"print"}],"published":{"date-parts":[[1970,1,1]]}},{"indexed":{"date-parts":[[2025,5,14]],"date-time":"2025-05-14T05:20:26Z","timestamp":1747200026900,"version":"3.40.5"},"reference-count":0,"publisher":"Universidad Cooperativa de Colombia - UCC","issue":"1","content-domain":{"domain":[],"crossmark-restriction":false},"short-container-title":["Dixi"],"abstract":"<jats:p>As a result of the introduction of quarantine measures on the territory of Ukraine and abroad, almost all spheres of social life underwent particular changes. This led to certain restrictions on human rights, as a result of which legal science faced the task of finalizing and adapting legal regulation in the field of protection of subjective rights on the Internet to the realities caused by the coronavirus crisis. The purpose of the study is to characte-rize the legal regulation regarding restrictions and protection of consumer rights on the Internet in quarantine conditions.  The  object  of  the  study  is  public  relations  in  the  spheres  of  electronic  commerce,  protection  of consumer rights, and human rights on the Internet in general. The subject of the study is social relations that arise during the protection of civil rights on the Internet under quarantine conditions. The research methods were general scientific and special scientific methods such as dialectical, systemic, structural, historical-le-gal, comparative-legal, formal-legal; methods of induction, deduction, analysis, and synthesis. As a result of the research work, a multi-disciplinary review of publications on the subject of study and the conclusions of scholars was carried out; a description of the theoretical and legal framework for regulating the protection of civil rights on the Internet in quarantine conditions is provided; examples of judicial practice are given; issues related to the taxation of activities in the field of Internet trade were analyzed; specific solutions for improving legal regulation are proposed.<\/jats:p>","DOI":"10.16925\/2357-5891.2023.01.07","type":"journal-article","created":{"date-parts":[[2024,1,4]],"date-time":"2024-01-04T03:25:31Z","timestamp":1704338731000},"page":"1-21","source":"Crossref","is-referenced-by-count":0,"title":["Human Rights on the Internet under quarantine (on the example of E-Commerce): problematic aspects"],"prefix":"10.16925","volume":"25","author":[{"ORCID":"https:\/\/orcid.org\/0000-0002-4651-1805","authenticated-orcid":false,"given":"Serhii","family":"Kivalov","sequence":"first","affiliation":[],"role":[{"role":"author","vocabulary":"crossref"}]}],"member":"6711","published-online":{"date-parts":[[2022,12,1]]},"container-title":["Dixi"],"deposited":{"date-parts":[[2024,1,4]],"date-time":"2024-01-04T03:25:33Z","timestamp":1704338733000},"score":0.0,"resource":{"primary":{"URL":"https:\/\/revistas.ucc.edu.co\/index.php\/di\/article\/view\/4649"}},"issued":{"date-parts":[[2022,12,1]]},"references-count":0,"journal-issue":{"issue":"1","published-online":{"date-parts":[[2022,12,1]]}},"URL":"https:\/\/doi.org\/10.16925\/2357-5891.2023.01.07","ISSN":["2357-5891"],"issn-type":[{"type":"electronic","value":"2357-5891"}],"published":{"date-parts":[[2022,12,1]]}},{"indexed":{"date-parts":[[2025,5,14]],"date-time":"2025-05-14T05:19:12Z","timestamp":1747199952960,"version":"3.40.5"},"reference-count":0,"publisher":"Ediciones Universidad Cooperativa de Colombia","content-domain":{"domain":[],"crossmark-restriction":false},"abstract":"<jats:p>Esta nota de clase se encuentra elaborada para los estudiantes de enfermer\u00eda en formaci\u00f3n, quienes d\u00eda a d\u00eda se esfuerzan y dan lo mejor de s\u00ed para el cuidado de enfermer\u00eda a la mujer en la atenci\u00f3n al parto, de modo que contin\u00faen brindando cuidado de enfermer\u00eda de calidad y humanizado, teniendo en cuenta el conocimiento y los referentes te\u00f3ricos disciplinares. En este caso, se da a trav\u00e9s de una situaci\u00f3n de enfermer\u00eda como forma de reconocer la pr\u00e1ctica de enfermer\u00eda como herramienta en el proceso de pedag\u00f3gico que permite entender la disciplina. De este modo, la pr\u00e1ctica formativa es un proceso importante en la formaci\u00f3n de estudiantes de enfermer\u00eda y en el entendimiento de que el trabajo de parto es un acontecimiento importante en la vida de las mujeres. Por el miedo, la ansiedad, la angustia y el dolor, ocasionados por las contracciones, la mujer espera ser acompa\u00f1ada, cuidada y protegida. As\u00ed, resulta fundamental la enfermer\u00eda en este suceso relevante. El actuar desde la humanizaci\u00f3n resulta primordial al establecer un modelo de cuidado como el propuesto por Kristen Swanson. Esto permite brindar una atenci\u00f3n al parto basada en los conocimientos te\u00f3rico y cient\u00edfico, para lograr que el parto constituya un acontecimiento trascendental en la vida de la mujer, en donde los sentimientos y las percepciones sean correspondientes para que se sientan a gusto y satisfechas.<\/jats:p>","DOI":"10.16925\/gcnc.40","type":"report","created":{"date-parts":[[2023,2,27]],"date-time":"2023-02-27T23:04:01Z","timestamp":1677539041000},"source":"Crossref","is-referenced-by-count":0,"title":["Un acto de amor en la atenci\u00f3n al parto: situaci\u00f3n de enfermer\u00eda a la luz de la teor\u00eda de Kristen Swanson"],"prefix":"10.16925","author":[{"name":"Universidad Cooperativa de Colombia","sequence":"first","affiliation":[],"role":[{"role":"author","vocabulary":"crossref"}]},{"ORCID":"https:\/\/orcid.org\/0000-0003-0116-7972","authenticated-orcid":false,"given":"Claudia Jazm\u00edn","family":"Ni\u00f1o Pe\u00f1aranda","sequence":"first","affiliation":[],"role":[{"role":"author","vocabulary":"crossref"}]}],"member":"6711","published-online":{"date-parts":[[2022,12]]},"deposited":{"date-parts":[[2023,2,27]],"date-time":"2023-02-27T23:04:03Z","timestamp":1677539043000},"score":0.0,"resource":{"primary":{"URL":"https:\/\/repository.ucc.edu.co\/items\/47609a66-e708-4556-8fc0-07f5985c1441"}},"issued":{"date-parts":[[2022,12]]},"references-count":0,"URL":"https:\/\/doi.org\/10.16925\/gcnc.40","published":{"date-parts":[[2022,12]]}},{"indexed":{"date-parts":[[2025,7,10]],"date-time":"2025-07-10T21:40:04Z","timestamp":1752183604118,"version":"3.41.2"},"reference-count":0,"publisher":"Ediciones Universidad Cooperativa de Colombia","content-domain":{"domain":[],"crossmark-restriction":false},"abstract":"<jats:p>Las ecuaciones no lineales son un tipo com\u00fan de problemas matem\u00e1ticos que no pueden resolverse de manera anal\u00edtica, es decir, no se puede obtener una soluci\u00f3n exacta; esto implica utilizar m\u00e9todos de aproximaci\u00f3n. En estas notas se exploran t\u00e9cnicas num\u00e9ricas para encontrar soluciones aproximadas; asimismo, se discuten tanto el m\u00e9todo de la bisecci\u00f3n como el m\u00e9todo de Newton-Raphson que se utiliza para encontrar ra\u00edces de ecuaciones no lineales. Dentro del documento se presenta una visi\u00f3n general de estos m\u00e9todos en problemas de una variable, se describe c\u00f3mo funcionan y se proporcionan ejemplos pr\u00e1cticos de su aplicaci\u00f3n. Se destaca la importancia de elegir el m\u00e9todo adecuado seg\u00fan la naturaleza de la ecuaci\u00f3n y el contexto de la situaci\u00f3n de an\u00e1lisis.<\/jats:p>","DOI":"10.16925\/gcnc.105","type":"report","created":{"date-parts":[[2025,7,10]],"date-time":"2025-07-10T21:13:26Z","timestamp":1752182006000},"source":"Crossref","is-referenced-by-count":0,"title":["Soluci\u00f3n de ecuaciones no lineales por m\u00e9todos num\u00e9ricos"],"prefix":"10.16925","author":[{"ORCID":"https:\/\/orcid.org\/0000-0003-2604-6739","authenticated-orcid":false,"given":"Manuel Arturo","family":"Nova Mart\u00ednez","sequence":"first","affiliation":[],"role":[{"role":"author","vocabulary":"crossref"}]},{"given":"Elkin Giovani","family":"Sorza \u00c1lvarez","sequence":"additional","affiliation":[],"role":[{"role":"author","vocabulary":"crossref"}]},{"given":"Lina Mar\u00eda","family":"Zabala Arango","sequence":"additional","affiliation":[],"role":[{"role":"author","vocabulary":"crossref"}]}],"member":"6711","published-online":{"date-parts":[[2024,11]]},"deposited":{"date-parts":[[2025,7,10]],"date-time":"2025-07-10T21:13:26Z","timestamp":1752182006000},"score":0.0,"resource":{"primary":{"URL":"https:\/\/repository.ucc.edu.co\/entities\/publication\/380b0e6a-3238-42da-bf71-d8103e5ba0b9"}},"issued":{"date-parts":[[2024,11]]},"references-count":0,"URL":"https:\/\/doi.org\/10.16925\/gcnc.105","published":{"date-parts":[[2024,11]]}},{"indexed":{"date-parts":[[2025,9,25]],"date-time":"2025-09-25T13:34:59Z","timestamp":1758807299868},"reference-count":0,"publisher":"Ediciones Universidad Cooperativa de Colombia","content-domain":{"domain":[],"crossmark-restriction":false},"DOI":"10.16925\/gcgp.15","type":"report","created":{"date-parts":[[2019,8,29]],"date-time":"2019-08-29T16:14:26Z","timestamp":1567095266000},"source":"Crossref","is-referenced-by-count":3,"title":["Manual b\u00e1sico para la evaluaci\u00f3n psicol\u00f3gica de adultos mayores institucionalizados y sus familias"],"prefix":"10.16925","author":[{"given":"Martha Patricia","family":"Fern\u00e1ndez-Daza","sequence":"first","affiliation":[],"role":[{"role":"author","vocabulary":"crossref"}]},{"given":"Marta","family":"Martin Carbonell","sequence":"additional","affiliation":[],"role":[{"role":"author","vocabulary":"crossref"}]}],"member":"6711","published-online":{"date-parts":[[2019,8]]},"deposited":{"date-parts":[[2019,8,29]],"date-time":"2019-08-29T16:14:26Z","timestamp":1567095266000},"score":0.0,"resource":{"primary":{"URL":"http:\/\/repository.ucc.edu.co\/handle\/20.500.12494\/13541"}},"issued":{"date-parts":[[2019,8]]},"references-count":0,"URL":"https:\/\/doi.org\/10.16925\/gcgp.15","published":{"date-parts":[[2019,8]]}},{"indexed":{"date-parts":[[2025,11,2]],"date-time":"2025-11-02T12:56:44Z","timestamp":1762088204640,"version":"build-2065373602"},"reference-count":0,"publisher":"Universidad Cooperativa de Colombia - UCC","issue":"1","license":[{"start":{"date-parts":[[2022,5,20]],"date-time":"2022-05-20T00:00:00Z","timestamp":1653004800000},"content-version":"unspecified","delay-in-days":0,"URL":"https:\/\/creativecommons.org\/licenses\/by\/4.0"}],"content-domain":{"domain":[],"crossmark-restriction":false},"short-container-title":["Pensando Psicol."],"abstract":"<jats:p>Prop\u00f3sito: evaluar la cantidad de uso promedio que los infantes realizan de los medios electr\u00f3nicos, y observar c\u00f3mo se asocian con la comunicaci\u00f3n infantil temprana a trav\u00e9s de una revisi\u00f3n integrativa de los \u00faltimos 10 a\u00f1os (2010-2020). Tema: el uso de pantallas durante la infancia temprana y sus asociaciones con habilidades de comunicaci\u00f3n verbales y preverbales. Desarrollo: la comunicaci\u00f3n verbal y no verbal en los primeros a\u00f1os son habilidades fundamentales, ya que predicen el desarrollo posterior de otras habilidades cognitivas y del rendimiento acad\u00e9mico. Siendo que la exposici\u00f3n a dispositivos tecnol\u00f3gicos ha aumentado en\u00a0los \u00faltimos a\u00f1os, tanto en adultos como en la infancia temprana, se vuelve importante revisar estudios sobre esta tem\u00e1tica. Se encontraron 15 estudios que cumpl\u00edan con los criterios de inclusi\u00f3n. En los primeros tres a\u00f1os de vida, en promedio el uso de dispositivos tecnol\u00f3gicos fue de 1 a 3 horas diarias, y los mismos se asociaron de forma negativa con el desarrollo de la comunicaci\u00f3n. Sin embargo, es necesario tener en cuenta si la actividad est\u00e1 acompa\u00f1ada por un adulto, el nivel educativo, y el tipo de contenido que se consume. Conclusiones: es necesario realizar m\u00e1s investigaciones en el contexto latinoamericano, teniendo en cuenta la diversidad de dispositivos electr\u00f3nicos y contenidos con los que contamos en la actualidad.<\/jats:p>","DOI":"10.16925\/2382-3984.2022.01.02","type":"journal-article","created":{"date-parts":[[2023,5,11]],"date-time":"2023-05-11T03:49:03Z","timestamp":1683776943000},"page":"1-23","source":"Crossref","is-referenced-by-count":2,"title":["Asociaciones entre la exposici\u00f3n a medios electr\u00f3nicos y comunicaci\u00f3n durante la infancia temprana."],"prefix":"10.16925","volume":"18","author":[{"ORCID":"https:\/\/orcid.org\/0000-0001-5993-3866","authenticated-orcid":false,"given":"Lucas G.","family":"Gago Galvagno","sequence":"first","affiliation":[],"role":[{"role":"author","vocabulary":"crossref"}]},{"given":"Susana C.","family":"Azzollini","sequence":"additional","affiliation":[],"role":[{"role":"author","vocabulary":"crossref"}]},{"ORCID":"https:\/\/orcid.org\/0000-0002-6110-5151","authenticated-orcid":false,"given":"\u00c1ngel M.","family":"Elgier","sequence":"additional","affiliation":[],"role":[{"role":"author","vocabulary":"crossref"}]}],"member":"6711","published-online":{"date-parts":[[2022,5,20]]},"container-title":["Pensando Psicolog\u00eda"],"link":[{"URL":"https:\/\/revistas.ucc.edu.co\/index.php\/pe\/article\/download\/3964\/3440","content-type":"application\/pdf","content-version":"vor","intended-application":"text-mining"},{"URL":"https:\/\/revistas.ucc.edu.co\/index.php\/pe\/article\/download\/3964\/3440","content-type":"unspecified","content-version":"vor","intended-application":"similarity-checking"}],"deposited":{"date-parts":[[2023,5,11]],"date-time":"2023-05-11T03:49:03Z","timestamp":1683776943000},"score":0.0,"resource":{"primary":{"URL":"https:\/\/revistas.ucc.edu.co\/index.php\/pe\/article\/view\/3964"}},"subtitle":["Una revisi\u00f3n integrativa"],"issued":{"date-parts":[[2022,5,20]]},"references-count":0,"journal-issue":{"issue":"1","published-online":{"date-parts":[[2023,5,10]]}},"URL":"https:\/\/doi.org\/10.16925\/2382-3984.2022.01.02","ISSN":["2382-3984","1900-3099"],"issn-type":[{"type":"electronic","value":"2382-3984"},{"type":"print","value":"1900-3099"}],"published":{"date-parts":[[2022,5,20]]}},{"indexed":{"date-parts":[[2025,6,16]],"date-time":"2025-06-16T22:10:07Z","timestamp":1750111807725,"version":"3.41.0"},"reference-count":0,"publisher":"Ediciones Universidad Cooperativa de Colombia","content-domain":{"domain":[],"crossmark-restriction":false},"abstract":"<jats:p>Health and mental health as fundamental rights must be respected and protected by Colombia, especially as a social state under the rule of law that constitutionally guarantees such protection and created the subsidiary mechanism of the tutela action for this purpose, and in the event that these rights are violated by any person. This does not deny the rights of the community surrounding individuals with emotional mental illness who have animal support, in accordance with the shared responsibility as citizens and in compliance with the constitutional principle of solidarity. The Constitutional Court determined that several rights of a student plaintiff were violated by University C, but that the court did not objectively consider the facts, instead approaching them subjectively.<\/jats:p>","DOI":"10.16925\/gclc.60","type":"report","created":{"date-parts":[[2025,6,16]],"date-time":"2025-06-16T21:29:56Z","timestamp":1750109396000},"source":"Crossref","is-referenced-by-count":0,"title":["The Scope of the Constitutional Court of Colombia\u2019s Judgment T-236\/2024"],"prefix":"10.16925","author":[{"ORCID":"https:\/\/orcid.org\/0009-0005-2075-1041","authenticated-orcid":false,"given":"Juan Antonio","family":"D\u00edaz Castro","sequence":"first","affiliation":[],"role":[{"role":"author","vocabulary":"crossref"}]},{"ORCID":"https:\/\/orcid.org\/0009-0005-6146-3572","authenticated-orcid":false,"given":"Guillermo Arturo","family":"Rend\u00f3n Fuentes","sequence":"additional","affiliation":[],"role":[{"role":"author","vocabulary":"crossref"}]},{"ORCID":"https:\/\/orcid.org\/0000-0003-4863-9156","authenticated-orcid":false,"given":"Liliana","family":"Anaya Caraballo","sequence":"additional","affiliation":[],"role":[{"role":"author","vocabulary":"crossref"}]}],"member":"6711","published-online":{"date-parts":[[2024,11]]},"deposited":{"date-parts":[[2025,6,16]],"date-time":"2025-06-16T21:29:57Z","timestamp":1750109397000},"score":0.0,"resource":{"primary":{"URL":"https:\/\/repository.ucc.edu.co\/entities\/publication\/1cd943e8-e0fb-4fdc-a24c-a411d5e540ec"}},"issued":{"date-parts":[[2024,11]]},"references-count":0,"URL":"https:\/\/doi.org\/10.16925\/gclc.60","published":{"date-parts":[[2024,11]]}},{"indexed":{"date-parts":[[2025,7,10]],"date-time":"2025-07-10T20:40:08Z","timestamp":1752180008806,"version":"3.41.2"},"reference-count":0,"publisher":"Ediciones Universidad Cooperativa de Colombia","content-domain":{"domain":[],"crossmark-restriction":false},"abstract":"<jats:p>This reading aims to analyze the constitutional principle of Social State of Law under the theoretical framework of Pisarello. The Colombian Constitution established this form of state as an instrument to guarantee the right to equality in a society characterized by its deep inequalities both in income and enjoyment of human rights. The Social State enacted a constitutional mandate to all legal, administrative, and judicial authorities: social rights such as health, education, housing, and labor are human rights and as such they must be not only protected but guaranteed through policy, law, and adjudication. However, politicians and even legal scholars argue that this mandate is ineffective since social rights are expensive and conditioned in their realization to the reservation of the economically possible. Moreover, they would be rights of a collective dimension (unlike individual rights) which would not be susceptible to protection before the courts. Pisarello refutes these arguments dissecting their historical and philosophical sustenance, offering a constitutional defense of social rights which constitute the basic feature of the Social State of Law. This document contributes to the achievement of competencies in all public law related courses since students will be offered an effective analysis of constitutional principles and the defense of the Social State of Law, a norm still pending to be fulfilled.<\/jats:p>","DOI":"10.16925\/gclc.62","type":"report","created":{"date-parts":[[2025,7,10]],"date-time":"2025-07-10T20:25:16Z","timestamp":1752179116000},"source":"Crossref","is-referenced-by-count":0,"title":["The Social State under the Rule of Law or Social State of Law"],"prefix":"10.16925","author":[{"ORCID":"https:\/\/orcid.org\/0000-0003-4043-7891","authenticated-orcid":false,"given":"Nuby Dominga","family":"Mogoll\u00f3n Anaya","sequence":"first","affiliation":[],"role":[{"role":"author","vocabulary":"crossref"}]},{"ORCID":"https:\/\/orcid.org\/0000-0003-4863-9156","authenticated-orcid":false,"given":"Liliana Rebeca","family":"Anaya Caraballo","sequence":"additional","affiliation":[],"role":[{"role":"author","vocabulary":"crossref"}]},{"ORCID":"https:\/\/orcid.org\/0000-0002-2997-6184","authenticated-orcid":false,"given":"Jos\u00e9 David","family":"Torrenegra Ariza","sequence":"additional","affiliation":[],"role":[{"role":"author","vocabulary":"crossref"}]}],"member":"6711","published-online":{"date-parts":[[2024,11]]},"deposited":{"date-parts":[[2025,7,10]],"date-time":"2025-07-10T20:25:16Z","timestamp":1752179116000},"score":0.0,"resource":{"primary":{"URL":"https:\/\/repository.ucc.edu.co\/entities\/publication\/9d2ef2cb-9d8d-49da-81d7-ccc8d9cfb769"}},"issued":{"date-parts":[[2024,11]]},"references-count":0,"URL":"https:\/\/doi.org\/10.16925\/gclc.62","published":{"date-parts":[[2024,11]]}},{"indexed":{"date-parts":[[2025,10,6]],"date-time":"2025-10-06T05:56:30Z","timestamp":1759730190920},"reference-count":0,"publisher":"Universidad Cooperativa de Colombia- UCC","issue":"24","license":[{"start":{"date-parts":[[2017,2,6]],"date-time":"2017-02-06T00:00:00Z","timestamp":1486339200000},"content-version":"unspecified","delay-in-days":0,"URL":"http:\/\/creativecommons.org\/licenses\/by-nc-nd\/4.0"}],"content-domain":{"domain":[],"crossmark-restriction":false},"short-container-title":["Rev. nac. odontol."],"abstract":"<jats:p>Introducci\u00f3n: las consecuencias de los tratamientos antineopl\u00e1sicos,traen consigo implicaciones bucales y empeoramiento de otras lesiones ya prestablecidas al diagn\u00f3stico oncol\u00f3gico, indistintamente del \u00f3rgano afectado por eltumor. Complicaciones tales como las mucositis orales, candidiasis orales, trismo,xerostom\u00eda, caries, entre otras lesiones, suelen suceder con frecuencia, y puedenser transitorias en el curso de la aplicaci\u00f3n de terap\u00e9uticas para el c\u00e1ncer, como,por ejemplo, quimioterapia y radioterapia; otras prevalecen posterior a la finalizaci\u00f3nde estas terap\u00e9uticas. M\u00e9todos: se realiz\u00f3 una revisi\u00f3n narrativa de la literaturaque mostr\u00f3 la unificaci\u00f3n de criterios que involucran la descripci\u00f3n de los patronescl\u00ednicos de cada una de las complicaciones orales por el tratamiento oncol\u00f3gico,en relaci\u00f3n con c\u00e1nceres de diferentes localizaciones. Se efectu\u00f3 una b\u00fasqueda bibliogr\u00e1fica en idioma ingl\u00e9s y espa\u00f1ol usando los siguientes descriptores: \u201clesiones,boca, c\u00e1ncer, quimioterapia, radioterapia, complicaciones orales, antes y despu\u00e9s,lesions, mouth cancer, chemotherapy, radiotherapy, oral complications, after y before, para las base de datos global Pubmed y Scielo. En esta se seleccionaron 100 art\u00edculos publicados en un per\u00edodo de 15 a\u00f1os. Resultados: la mayor\u00eda de autores consultados coinciden en afirmar que una amplia gama de tumores malignos tienden a mostrar afectaci\u00f3n secundaria en lugares como la cavidad oral, en su mayor\u00eda porel tratamiento oncol\u00f3gico instaurado, sin distinci\u00f3n de tipo tumoral y localizaci\u00f3ndel mismo. Conclusiones: la cavidad bucal sigue siendo susceptible a la presenciade estos efectos, los cuales se identifican como eventos citot\u00f3xicos sist\u00e9micos entejidos de recambio r\u00e1pido, como lo es la mucosa bucal.<\/jats:p>","DOI":"10.16925\/od.v12i24.1659","type":"journal-article","created":{"date-parts":[[2019,4,9]],"date-time":"2019-04-09T16:40:13Z","timestamp":1554828013000},"source":"Crossref","is-referenced-by-count":2,"title":["Condiciones estomatol\u00f3gicas en pacientes con c\u00e1ncer durante y posterior al tratamiento antineopl\u00e1sico: revisi\u00f3n narrativa de la literatura"],"prefix":"10.16925","volume":"13","author":[{"given":"Martha Leonor","family":"Rebolledo-Cobos","sequence":"first","affiliation":[],"role":[{"role":"author","vocabulary":"crossref"}]},{"given":"Olga Patricia","family":"Toloza-Guti\u00e9rrez","sequence":"first","affiliation":[],"role":[{"role":"author","vocabulary":"crossref"}]},{"given":"Iran David","family":"Alonso-Brujes","sequence":"first","affiliation":[],"role":[{"role":"author","vocabulary":"crossref"}]}],"member":"6711","published-online":{"date-parts":[[2017,2,6]]},"container-title":["Revista Nacional de Odontolog\u00eda"],"link":[{"URL":"https:\/\/revistas.ucc.edu.co\/index.php\/od\/article\/download\/1659\/2021","content-type":"application\/pdf","content-version":"vor","intended-application":"text-mining"},{"URL":"https:\/\/revistas.ucc.edu.co\/index.php\/od\/article\/download\/1659\/2021","content-type":"unspecified","content-version":"vor","intended-application":"similarity-checking"}],"deposited":{"date-parts":[[2019,4,9]],"date-time":"2019-04-09T16:40:15Z","timestamp":1554828015000},"score":0.0,"resource":{"primary":{"URL":"https:\/\/revistas.ucc.edu.co\/index.php\/od\/article\/view\/1659"}},"issued":{"date-parts":[[2017,2,6]]},"references-count":0,"journal-issue":{"issue":"24","published-online":{"date-parts":[[2017,2,6]]}},"URL":"https:\/\/doi.org\/10.16925\/od.v12i24.1659","ISSN":["2357-4607","1900-3080"],"issn-type":[{"value":"2357-4607","type":"electronic"},{"value":"1900-3080","type":"print"}],"published":{"date-parts":[[2017,2,6]]}},{"indexed":{"date-parts":[[2025,11,7]],"date-time":"2025-11-07T08:32:46Z","timestamp":1762504366997},"reference-count":0,"publisher":"Universidad Cooperativa de Colombia- UCC","issue":"25","content-domain":{"domain":[],"crossmark-restriction":false},"short-container-title":["Rastros rostros"],"abstract":"<jats:p>La investigaci\u00f3n \u201cImplementaci\u00f3n de ova comoestrategia m etodol\u00f3gica para la ense\u00f1anza de la lengua inglesa\u201d, de la Universidad Cooperativa de Colombia, sede Bucaramanga, 2010, se est\u00e1 desarrollando en el Colegio Aurelio Mart\u00ednez Mutis para el grado sexto de educaci\u00f3n b\u00e1sica.\u00a0Esta investigaci\u00f3n se desarrolla con lineamientos de un dise\u00f1o cuasi-experimental, en la \u00a0cual se toman dos grupos, uno de control y otro experimental, y en este \u00faltimo se aplica la propuesta, apoy\u00e1ndonos en investigaciones y te\u00f3ricos referentes al efecto Mozart y \u00a0al uso de la m\u00fasica en la ense\u00f1anza de la lengua inglesa. En la revista No. 26 aparecer\u00e1n los resultados del proceso investigativo<\/jats:p>","DOI":"10.16925\/ra.v13i25.1447","type":"journal-article","created":{"date-parts":[[2020,8,29]],"date-time":"2020-08-29T07:40:06Z","timestamp":1598686806000},"source":"Crossref","is-referenced-by-count":1,"title":["Implementaci\u00f3n de Objetos Virtuales de  Aprendizaje como estrategia metodol\u00f3gica  para la ense\u00f1anza de la lengua inglesa"],"prefix":"10.16925","volume":"13","author":[{"given":"Jairo","family":"Le\u00f3n-Le\u00f3n","sequence":"first","affiliation":[],"role":[{"role":"author","vocabulary":"crossref"}]}],"member":"6711","published-online":{"date-parts":[[1970,1,1]]},"container-title":["Rastros Rostros"],"link":[{"URL":"https:\/\/revistas.ucc.edu.co\/index.php\/ra\/article\/download\/1447\/1558","content-type":"application\/pdf","content-version":"vor","intended-application":"text-mining"},{"URL":"https:\/\/revistas.ucc.edu.co\/index.php\/ra\/article\/download\/1447\/1558","content-type":"unspecified","content-version":"vor","intended-application":"similarity-checking"}],"deposited":{"date-parts":[[2020,8,29]],"date-time":"2020-08-29T07:40:06Z","timestamp":1598686806000},"score":0.0,"resource":{"primary":{"URL":"https:\/\/revistas.ucc.edu.co\/index.php\/ra\/article\/view\/1447"}},"issued":{"date-parts":[[1970,1,1]]},"references-count":0,"journal-issue":{"issue":"25","published-online":{"date-parts":[[2011,5,10]]}},"URL":"https:\/\/doi.org\/10.16925\/ra.v13i25.1447","ISSN":["2382-4921","0124-406X"],"issn-type":[{"value":"2382-4921","type":"electronic"},{"value":"0124-406X","type":"print"}],"published":{"date-parts":[[1970,1,1]]}},{"indexed":{"date-parts":[[2025,5,14]],"date-time":"2025-05-14T05:18:49Z","timestamp":1747199929088,"version":"3.40.5"},"edition-number":"1","reference-count":0,"publisher":"Ediciones Universidad Cooperativa de Colombia","isbn-type":[{"type":"print","value":"9789587602067"}],"content-domain":{"domain":[],"crossmark-restriction":false},"published-print":{"date-parts":[[2019,11,15]]},"DOI":"10.16925\/9789587602067","type":"edited-book","created":{"date-parts":[[2020,6,8]],"date-time":"2020-06-08T19:13:30Z","timestamp":1591643610000},"source":"Crossref","is-referenced-by-count":0,"title":["La integraci\u00f3n regional latinoamericana y europea en el siglo XXI: marco para la reflexi\u00f3n sobre su presente y futuro"],"prefix":"10.16925","author":[{"given":"Mar\u00eda Victoria","family":"\u00c1lvarez","sequence":"additional","affiliation":[],"role":[{"role":"author","vocabulary":"crossref"}]},{"ORCID":"https:\/\/orcid.org\/0000-0002-3361-8937","authenticated-orcid":false,"given":"Isabel","family":"Clemente Batalla","sequence":"additional","affiliation":[],"role":[{"role":"author","vocabulary":"crossref"}]},{"given":"Philippe","family":"De Lombaerde","sequence":"additional","affiliation":[],"role":[{"role":"author","vocabulary":"crossref"}]},{"ORCID":"https:\/\/orcid.org\/0000-0002-0028-2680","authenticated-orcid":false,"given":"Juan Carlos","family":"Fern\u00e1ndez Saca","sequence":"additional","affiliation":[],"role":[{"role":"author","vocabulary":"crossref"}]},{"ORCID":"https:\/\/orcid.org\/0000-0003-4989-4503","authenticated-orcid":false,"given":"Rita","family":"Giacalone","sequence":"additional","affiliation":[],"role":[{"role":"author","vocabulary":"crossref"}]},{"ORCID":"https:\/\/orcid.org\/0000-0003-2014-272X","authenticated-orcid":false,"given":"Detlef","family":"Nolte","sequence":"additional","affiliation":[],"role":[{"role":"author","vocabulary":"crossref"}]},{"ORCID":"https:\/\/orcid.org\/0000-0003-1807-633X","authenticated-orcid":false,"given":"Hugo Daniel","family":"Ramos","sequence":"additional","affiliation":[],"role":[{"role":"author","vocabulary":"crossref"}]},{"given":"Alberto","family":"Rocha Valencia","sequence":"additional","affiliation":[],"role":[{"role":"author","vocabulary":"crossref"}]},{"ORCID":"https:\/\/orcid.org\/0000-0002-9254-6494","authenticated-orcid":false,"given":"Fernando","family":"Romero Wimer","sequence":"additional","affiliation":[],"role":[{"role":"author","vocabulary":"crossref"}]}],"member":"6711","published-online":{"date-parts":[[2020,2,10]]},"deposited":{"date-parts":[[2020,6,8]],"date-time":"2020-06-08T19:32:20Z","timestamp":1591644740000},"score":0.0,"resource":{"primary":{"URL":"https:\/\/ediciones.ucc.edu.co\/index.php\/ucc\/catalog\/book\/167"}},"editor":[{"ORCID":"https:\/\/orcid.org\/0000-0003-4395-2506","authenticated-orcid":false,"given":"Fernanda","family":"Caballero Parra","sequence":"first","affiliation":[],"role":[{"role":"editor","vocabulary":"crossref"}]},{"ORCID":"https:\/\/orcid.org\/0000-0003-4989-4503","authenticated-orcid":false,"given":"Rita","family":"Giacalone","sequence":"additional","affiliation":[],"role":[{"role":"editor","vocabulary":"crossref"}]},{"ORCID":"https:\/\/orcid.org\/0000-0003-4332-7399","authenticated-orcid":false,"given":"Edgar","family":"Vieira Posada","sequence":"additional","affiliation":[],"role":[{"role":"editor","vocabulary":"crossref"}]}],"issued":{"date-parts":[[2019,11,15]]},"ISBN":["9789587602067"],"references-count":0,"URL":"https:\/\/doi.org\/10.16925\/9789587602067","published":{"date-parts":[[2019,11,15]]}},{"indexed":{"date-parts":[[2025,6,9]],"date-time":"2025-06-09T03:40:06Z","timestamp":1749440406037,"version":"3.41.0"},"reference-count":0,"publisher":"Universidad Cooperativa de Colombia - UCC","issue":"2","content-domain":{"domain":[],"crossmark-restriction":false},"short-container-title":["Dixi"],"abstract":"<jats:p>A  systematic analysis of  judicial practice reveals that    gathering evidence in  criminal proceedings related to  co-rruption and   corruption-related offenses is  an   exceptionally complex and   multidimensional process. This    com-plexity stems primarily from    the   inherently multifaceted nature of  corruption in  the   modern scientific discourse. Additionally, over    the   past    decade, there    has   been    an   ongoing effort     to  redefine and   enhance anti-corruption measures within the   state.     Key   institutions such    as  the   Asset     Tracing and   Management Agency, the   Specialized Anti-Corruption Prosecutor\u2019s Office, and   the   High    Anti-Corruption Court    of  Ukraine play    a  pivotal role   in  addres-sing    corruption-related offenses. The    guiding principles for   combating corruption in  a  legally compromised environment are   regarded as   top   priorities, as   they    form    the   foundation for   investigative and    prosecutorial procedures. These principles define the procedural framework, the   specific characteristics of  investigative and covert operations, and   the   primary challenges associated with    conducting them. Some core    conceptual prin-ciples include: the   extreme complexity of  proof    in  criminal proceedings on   corruption and   corruption-related criminal offenses in  Ukraine; compliance with    the   requirements of  national and    international human rights standards; the   complex nature of  investigative (detective) actions and   covert investigative (detective) actions; and interaction with the public.<\/jats:p>","DOI":"10.16925\/2357-5891.2025.02.09","type":"journal-article","created":{"date-parts":[[2025,6,9]],"date-time":"2025-06-09T03:18:04Z","timestamp":1749439084000},"page":"1-17","source":"Crossref","is-referenced-by-count":0,"title":["The phenomenon of understanding the conceptual principles of evidence in criminal proceedings regarding corruption offenses in Ukraine"],"prefix":"10.16925","volume":"27","author":[{"name":"Kharkiv National University of Internal Affairs","sequence":"first","affiliation":[],"role":[{"role":"author","vocabulary":"crossref"}]},{"ORCID":"https:\/\/orcid.org\/0000-0003-4296-3246","authenticated-orcid":false,"given":"Serhii","family":"Chyzh","sequence":"first","affiliation":[],"role":[{"role":"author","vocabulary":"crossref"}]},{"ORCID":"https:\/\/orcid.org\/0000-0003-0859-3325","authenticated-orcid":false,"given":"Roman","family":"Rozumyak","sequence":"additional","affiliation":[],"role":[{"role":"author","vocabulary":"crossref"}]},{"name":"Kharkiv National University of Internal Affairs","sequence":"additional","affiliation":[],"role":[{"role":"author","vocabulary":"crossref"}]},{"ORCID":"https:\/\/orcid.org\/0009-0003-0362-7634","authenticated-orcid":false,"given":"Maksym","family":"Kuterha","sequence":"additional","affiliation":[],"role":[{"role":"author","vocabulary":"crossref"}]},{"name":"Kharkiv National University of Internal Affairs","sequence":"additional","affiliation":[],"role":[{"role":"author","vocabulary":"crossref"}]},{"ORCID":"https:\/\/orcid.org\/0000-0002-4731-6489","authenticated-orcid":false,"given":"Vadym","family":"Grokholskyi","sequence":"additional","affiliation":[],"role":[{"role":"author","vocabulary":"crossref"}]},{"name":"Yaroslav Mudryi National Law University","sequence":"additional","affiliation":[],"role":[{"role":"author","vocabulary":"crossref"}]},{"ORCID":"https:\/\/orcid.org\/0000-0001-9421-5085","authenticated-orcid":false,"given":"Oleksii","family":"Salmanov","sequence":"additional","affiliation":[],"role":[{"role":"author","vocabulary":"crossref"}]},{"name":"Kharkiv National University of Internal Affairs","sequence":"additional","affiliation":[],"role":[{"role":"author","vocabulary":"crossref"}]},{"ORCID":"https:\/\/orcid.org\/0000-0003-1567-334X","authenticated-orcid":false,"given":"Denys","family":"Dontsov","sequence":"additional","affiliation":[],"role":[{"role":"author","vocabulary":"crossref"}]}],"member":"6711","published-online":{"date-parts":[[2025,5,21]]},"container-title":["Dixi"],"deposited":{"date-parts":[[2025,6,9]],"date-time":"2025-06-09T03:18:04Z","timestamp":1749439084000},"score":0.0,"resource":{"primary":{"URL":"https:\/\/revistas.ucc.edu.co\/index.php\/di\/article\/view\/5350\/"}},"issued":{"date-parts":[[2025,5,21]]},"references-count":0,"journal-issue":{"issue":"2","published-online":{"date-parts":[[2025,5,21]]}},"URL":"https:\/\/doi.org\/10.16925\/2357-5891.2025.02.09","ISSN":["2357-5891"],"issn-type":[{"value":"2357-5891","type":"electronic"}],"published":{"date-parts":[[2025,5,21]]}},{"indexed":{"date-parts":[[2025,11,2]],"date-time":"2025-11-02T01:24:38Z","timestamp":1762046678926,"version":"build-2065373602"},"reference-count":0,"publisher":"Universidad Cooperativa de Colombia - UCC","issue":"1","license":[{"start":{"date-parts":[[2021,9,6]],"date-time":"2021-09-06T00:00:00Z","timestamp":1630886400000},"content-version":"unspecified","delay-in-days":0,"URL":"https:\/\/creativecommons.org\/licenses\/by\/4.0\/deed.es"}],"content-domain":{"domain":[],"crossmark-restriction":false},"short-container-title":["Rev. nac. odontol."],"abstract":"<jats:p>La hiperplasia adenomatoide de gl\u00e1ndulas salivales es una lesi\u00f3n benigna rara, la cual puede simular una neoplasia. Consiste en una hiperplasia e hipertrofia de acinos glandulares de las gl\u00e1ndulas salivales menores, consider\u00e1ndose un hamartoma, que puede presentarse en diferentes localizaciones de la cavidad oral. No se ha asociado con ninguna condici\u00f3n sist\u00e9mica o local particular. Este art\u00edculo presenta un caso de hiperplasia adenomatoide manejado en el Posgrado de Periodoncia de la Universidad Antonio Nari\u00f1o. Bogot\u00e1 Colombia. \u00a0Paciente sexo masculino de 33 a\u00f1os, quien presenta una p\u00e1pula de color rosado p\u00e1lido en la b\u00f3veda palatina, asintom\u00e1tica con diagn\u00f3stico presuntivo de papiloma escamoso. Se realiz\u00f3 excisi\u00f3n quir\u00fargica, el resultado del estudio histopatol\u00f3gico fue hiperplasia adenomatoide de gl\u00e1ndulas salivares.\u00a0\u00a0 En resumen, hasta la fecha se han publicado aproximadamente 85 casos a nivel mundial en la literatura cient\u00edfica. Sin embargo, es poco clara la etiolog\u00eda y la fisiopatolog\u00eda de esta lesi\u00f3n.<\/jats:p>","DOI":"10.16925\/2357-4607.2021.01.10","type":"journal-article","created":{"date-parts":[[2022,2,4]],"date-time":"2022-02-04T21:22:27Z","timestamp":1644009747000},"page":"1-11","source":"Crossref","is-referenced-by-count":2,"title":["Hiperplasia adenomatoide de gl\u00e1ndulas salivales en el paladar"],"prefix":"10.16925","volume":"17","author":[{"given":"Asterlis","family":"Buitrago Osuna","sequence":"first","affiliation":[],"role":[{"role":"author","vocabulary":"crossref"}]},{"given":"Monica","family":"Montilla Jurado","sequence":"additional","affiliation":[],"role":[{"role":"author","vocabulary":"crossref"}]},{"given":"Claudia Patricia","family":"Pe\u00f1a Vega","sequence":"additional","affiliation":[],"role":[{"role":"author","vocabulary":"crossref"}]}],"member":"6711","published-online":{"date-parts":[[2021,9,6]]},"container-title":["Revista Nacional de Odontolog\u00eda"],"link":[{"URL":"https:\/\/revistas.ucc.edu.co\/index.php\/od\/article\/download\/3841\/3273","content-type":"application\/pdf","content-version":"vor","intended-application":"text-mining"},{"URL":"https:\/\/revistas.ucc.edu.co\/index.php\/od\/article\/download\/3841\/3273","content-type":"unspecified","content-version":"vor","intended-application":"similarity-checking"}],"deposited":{"date-parts":[[2022,2,4]],"date-time":"2022-02-04T21:22:28Z","timestamp":1644009748000},"score":0.0,"resource":{"primary":{"URL":"https:\/\/revistas.ucc.edu.co\/index.php\/od\/article\/view\/3841"}},"subtitle":["Un reporte de caso"],"issued":{"date-parts":[[2021,9,6]]},"references-count":0,"journal-issue":{"issue":"1","published-online":{"date-parts":[[2021,9,13]]}},"URL":"https:\/\/doi.org\/10.16925\/2357-4607.2021.01.10","ISSN":["2357-4607","1900-3080"],"issn-type":[{"type":"electronic","value":"2357-4607"},{"type":"print","value":"1900-3080"}],"published":{"date-parts":[[2021,9,6]]}},{"indexed":{"date-parts":[[2025,12,11]],"date-time":"2025-12-11T17:58:46Z","timestamp":1765475926273,"version":"3.48.0"},"reference-count":0,"publisher":"Ediciones Universidad Cooperativa de Colombia","content-domain":{"domain":[],"crossmark-restriction":false},"abstract":"<jats:p>La valoraci\u00f3n general de la salud se realiza a nivel cefalocaudal, aunque el procedimiento puede ajustarse acorde con la edad y gravedad de la enfermedad. La regi\u00f3n abdominal alberga \u00f3rganos vitales y su exploraci\u00f3n provee informaci\u00f3n crucial sobre la salud del sistema digestivo, as\u00ed como de otros sistemas relacionados. Las manifestaciones cl\u00ednicas en esta regi\u00f3n a menudo son indicativas de diversas condiciones m\u00e9dicas, por lo que la habilidad de realizar un examen f\u00edsico abdominal completo es esencial para la pr\u00e1ctica cl\u00ednica. Esta gu\u00eda ofrece una estructura detallada para el estudiante, ayud\u00e1ndolo a desarrollar habilidades pr\u00e1cticas espec\u00edficas en la realizaci\u00f3n del examen f\u00edsico del abdomen. Esto incluye la caracterizaci\u00f3n precisa de estructuras anat\u00f3micas, y la aplicaci\u00f3n de t\u00e9cnicas de inspecci\u00f3n, palpaci\u00f3n, percusi\u00f3n y auscultaci\u00f3n, as\u00ed como la interpretaci\u00f3n de los hallazgos cl\u00ednicos.<\/jats:p>","DOI":"10.16925\/gcgp.182","type":"report","created":{"date-parts":[[2025,12,11]],"date-time":"2025-12-11T17:54:48Z","timestamp":1765475688000},"source":"Crossref","is-referenced-by-count":0,"title":["Elaboraci\u00f3n de historia cl\u00ednica: examen f\u00edsico del abdomen"],"prefix":"10.16925","author":[{"ORCID":"https:\/\/orcid.org\/0000-0002-6576-1586","authenticated-orcid":false,"given":"Paola Sof\u00eda","family":"Yance Ahumada","sequence":"first","affiliation":[],"role":[{"role":"author","vocabulary":"crossref"}]}],"member":"6711","published-online":{"date-parts":[[2025,6]]},"deposited":{"date-parts":[[2025,12,11]],"date-time":"2025-12-11T17:54:48Z","timestamp":1765475688000},"score":0.0,"resource":{"primary":{"URL":"https:\/\/repository.ucc.edu.co\/entities\/publication\/43ee3865-2e05-40b0-a7c5-557d3df58f84"}},"issued":{"date-parts":[[2025,6]]},"references-count":0,"URL":"https:\/\/doi.org\/10.16925\/gcgp.182","published":{"date-parts":[[2025,6]]}},{"indexed":{"date-parts":[[2025,12,14]],"date-time":"2025-12-14T16:11:51Z","timestamp":1765728711266},"reference-count":0,"publisher":"Universidad Cooperativa de Colombia- UCC","issue":"26","content-domain":{"domain":[],"crossmark-restriction":false},"short-container-title":["Dixi"],"abstract":"<jats:p>Prop\u00f3sito: Este reporte analiza el problema de la deserci\u00f3n estudiantil en la Instituci\u00f3n Educativa Siete De Agosto de la ciudad de Cali, a trav\u00e9s del estudio de los factores internos y externos y el an\u00e1lisis del desarrollo de los procesos educativos como causantes del retiro escolar. Se sugieren tambi\u00e9n estrategias encaminadas a disminuir el riesgo de desertar. Descripci\u00f3n. Para esto se realiza un estudio exploratorio, utilizando el an\u00e1lisis cuantitativo y cualitativo de la comunidad educativa relacionada con este fen\u00f3meno educativo y mostrando un especial inter\u00e9s por el ser. Punto de vista. Particularmente, se identifica una tendencia de retiro escolar con diversidad de variables en un periodo de tiempo espec\u00edfico dentro del marco temporal seleccionado. Conclusiones. Los resultados de esta investigaci\u00f3n se\u00f1alan que los ni\u00f1os y los j\u00f3venes se retiran de la Instituci\u00f3n por movilidad o desplazamiento intraurbano, problemas de convivencia, fallas en la funci\u00f3n administrativa de la instituci\u00f3n y otras problem\u00e1ticas socio-culturales.\u00a0<\/jats:p>","DOI":"10.16925\/di.v19i26.1953","type":"journal-article","created":{"date-parts":[[2019,4,18]],"date-time":"2019-04-18T13:59:21Z","timestamp":1555595961000},"source":"Crossref","is-referenced-by-count":4,"title":["El fen\u00f3meno de la deserci\u00f3n escolar en un contexto local: estudio de la pol\u00edtica municipal"],"prefix":"10.16925","volume":"19","author":[{"given":"Fernelly","family":"Var\u00f3n-Martinez","sequence":"first","affiliation":[],"role":[{"role":"author","vocabulary":"crossref"}]}],"member":"6711","published-online":{"date-parts":[[2017,8,18]]},"container-title":["DIXI"],"link":[{"URL":"https:\/\/revistas.ucc.edu.co\/index.php\/di\/article\/download\/1953\/2066","content-type":"application\/pdf","content-version":"vor","intended-application":"text-mining"},{"URL":"https:\/\/revistas.ucc.edu.co\/index.php\/di\/article\/download\/1953\/2066","content-type":"unspecified","content-version":"vor","intended-application":"similarity-checking"}],"deposited":{"date-parts":[[2020,5,30]],"date-time":"2020-05-30T14:27:56Z","timestamp":1590848876000},"score":0.0,"resource":{"primary":{"URL":"https:\/\/revistas.ucc.edu.co\/index.php\/di\/article\/view\/1953"}},"issued":{"date-parts":[[2017,8,18]]},"references-count":0,"journal-issue":{"issue":"26","published-online":{"date-parts":[[2017,8,18]]}},"URL":"https:\/\/doi.org\/10.16925\/di.v19i26.1953","ISSN":["2357-5891","0124-7255"],"issn-type":[{"value":"2357-5891","type":"electronic"},{"value":"0124-7255","type":"print"}],"published":{"date-parts":[[2017,8,18]]}},{"indexed":{"date-parts":[[2025,6,11]],"date-time":"2025-06-11T04:13:35Z","timestamp":1749615215741,"version":"3.41.0"},"reference-count":0,"publisher":"Ediciones Universidad Cooperativa de Colombia","content-domain":{"domain":[],"crossmark-restriction":false},"abstract":"<jats:p>La presente gu\u00eda pr\u00e1ctica tiene como prop\u00f3sito ofrecerle al profesional de la salud herramientas que le permitan comprender las pautas de comunicaci\u00f3n humana y de qu\u00e9 manera una comunicaci\u00f3n disfuncional puede llegar a afectar la salud de la familia. De igual manera, la gu\u00eda pr\u00e1ctica propone actividades educativas que se pueden desarrollar con la familia para promover una comunicaci\u00f3n funcional que facilite el ejercicio adecuado de sus roles. En el documento se empieza por el abordaje de las generalidades de la comunicaci\u00f3n humana en el marco te\u00f3rico, transitando por las reglas o axiomas de la comunicaci\u00f3n, seg\u00fan la teor\u00eda de la comunicaci\u00f3n. En este sentido, se ofrecen ejemplos sobre c\u00f3mo estos axiomas se ponen en juego en las interacciones familiares. Seguidamente, en el apartado de descripci\u00f3n, la gu\u00eda pr\u00e1ctica presenta las pautas de comunicaci\u00f3n funcional y disfuncional, lo cual es una propuesta de an\u00e1lisis de la autora, con base en la teor\u00eda de la comunicaci\u00f3n humana. Posteriormente, se ofrecen pautas de comunicaci\u00f3n funcional de acuerdo con las etapas del ciclo vital de la familia. Para finalizar, se realiza una propuesta de educaci\u00f3n en comunicaci\u00f3n para la familia. Con la presente propuesta se espera que el profesional de la salud fortalezca sus competencias para valorar e intervenir las necesidades de comunicaci\u00f3n en la familia, a trav\u00e9s de la educaci\u00f3n para la salud.<\/jats:p>","DOI":"10.16925\/gcgp.133","type":"report","created":{"date-parts":[[2025,6,10]],"date-time":"2025-06-10T20:32:43Z","timestamp":1749587563000},"source":"Crossref","is-referenced-by-count":0,"title":["Promoci\u00f3n de comunicaci\u00f3n funcional en la familia"],"prefix":"10.16925","author":[{"given":"Darlen","family":"Arag\u00f3n Borr\u00e9","sequence":"first","affiliation":[],"role":[{"role":"author","vocabulary":"crossref"}]}],"member":"6711","published-online":{"date-parts":[[2024,11]]},"deposited":{"date-parts":[[2025,6,10]],"date-time":"2025-06-10T20:32:43Z","timestamp":1749587563000},"score":0.0,"resource":{"primary":{"URL":"https:\/\/repository.ucc.edu.co\/entities\/publication\/83408702-dcef-4298-bf72-1408cf64d768"}},"issued":{"date-parts":[[2024,11]]},"references-count":0,"URL":"https:\/\/doi.org\/10.16925\/gcgp.133","published":{"date-parts":[[2024,11]]}},{"indexed":{"date-parts":[[2024,8,6]],"date-time":"2024-08-06T18:52:12Z","timestamp":1722970332580},"reference-count":0,"publisher":"Ediciones Universidad Cooperativa de Colombia","content-domain":{"domain":[],"crossmark-restriction":false},"abstract":"<jats:p>En esta oportunidad vamos a desarrollar una auditori\u0301a a las bases de datos de la empresa La Katirita. Las bases de datos desempen\u0303an un papel fundamental en el almacenamiento y gestio\u0301n de la informacio\u0301n cri\u0301tica de la empresa, incluyendo datos de clientes, transacciones financieras, registros de empleados y otros datos sensibles. El alcance de esta auditori\u0301a abarca todas las bases de datos utilizadas en la organizacio\u0301n. Se analizara\u0301n los procesos de disen\u0303o, implementacio\u0301n, mantenimiento y proteccio\u0301n de las bases de datos, asi\u0301 como las poli\u0301ticas y procedimientos asociados. La importancia de realizar una auditori\u0301a de bases de datos radica en garantizar la confidencialidad, integridad y disponibilidad de la informacio\u0301n almacenada, asi\u0301 como en identificar posibles vulnerabilidades y riesgos relacionados con la gestio\u0301n de datos. Adema\u0301s, la auditori\u0301a permitira\u0301 evaluar el cumplimiento de las regulaciones y normativas pertinentes, como la Ley de Proteccio\u0301n de Datos y las mejores pra\u0301cticas de seguridad de la informacio\u0301n.<\/jats:p>","DOI":"10.16925\/gcgp.108","type":"report","created":{"date-parts":[[2024,5,9]],"date-time":"2024-05-09T17:42:23Z","timestamp":1715276543000},"source":"Crossref","is-referenced-by-count":0,"title":["Matriz de riesgos y controles: auditori\u0301a a bases de datos"],"prefix":"10.16925","author":[{"name":"Universidad Cooperativa de Colombia","sequence":"first","affiliation":[],"role":[{"role":"author","vocabulary":"crossref"}]},{"given":"Yomaira","family":"Guzma\u0301n Paredes","sequence":"first","affiliation":[],"role":[{"role":"author","vocabulary":"crossref"}]}],"member":"6711","published-online":{"date-parts":[[2023,11]]},"deposited":{"date-parts":[[2024,5,9]],"date-time":"2024-05-09T17:42:26Z","timestamp":1715276546000},"score":0.0,"resource":{"primary":{"URL":"https:\/\/repository.ucc.edu.co\/entities\/publication\/fdbe6153-be39-49a9-bf87-dda3b9ee6bb5"}},"issued":{"date-parts":[[2023,11]]},"references-count":0,"URL":"https:\/\/doi.org\/10.16925\/gcgp.108","published":{"date-parts":[[2023,11]]}},{"indexed":{"date-parts":[[2025,10,23]],"date-time":"2025-10-23T05:38:39Z","timestamp":1761197919168},"reference-count":0,"publisher":"Universidad Cooperativa de Colombia- UCC","issue":"26-27","content-domain":{"domain":[],"crossmark-restriction":false},"short-container-title":["Spei Domus"],"abstract":"<jats:p>Introducci\u00f3n: la creciente importancia de la producci\u00f3n ovina en Colombia, su inventario nacional de 1.578.684, la producci\u00f3n en toneladas de carne\/a\u00f1o y el incremento de su consumo per c\u00e1pita de 350 a 500 gramos por persona\/a\u00f1o, demanda intervenciones para mejorar los indicadores reproductivos de la especie, con el apoyo, entre otros, del uso de las biotecnolog\u00edas reproductivas. Por esto es pertinente identificar los factores que dificultan la inseminaci\u00f3n artificial (IA) en ovinos, con el fin de intervenir sobre ellos y contribuir a la mejora de sus indicadores reproductivos y el bienestar de los productores.&#x0D;\nMetodolog\u00eda: se realiz\u00f3 una revisi\u00f3n sistem\u00e1tica de literatura para identificar los principales factores reportados, que dificultan la pre\u00f1ez v\u00eda inseminaci\u00f3n artificial en ovinos. Para la selecci\u00f3n de art\u00edculos, se tuvo en cuenta su car\u00e1cter de acceso abierto, y se consultaron productos de investigaci\u00f3n relacionados con los par\u00e1metros morfom\u00e9tricos, t\u00e9cnicas que de IA que atraviesan el c\u00e9rvix (IAV, IAC, IATC) e IA laparosc\u00f3pica, formas de conservaci\u00f3n del semen (fresco, refrigerado y congelado-descongelado) y protocolos de sincronizaci\u00f3n de celo, que incluyeran dentro de sus resultados tasas de fertilidad, pre\u00f1ez o partos. Se excluyeron art\u00edculos escritos en idiomas diferentes al espa\u00f1ol, portugu\u00e9s e ingl\u00e9s, especies diferentes a la ovina, lo mismo que resultados que no incorporaban protocolos de sincronizaci\u00f3n, la presentaci\u00f3n del semen, el tipo de t\u00e9cnica de IA utilizada, las tasas de fertilidad, pre\u00f1ez o partos.&#x0D;\nResultados: se seleccionaron 44 art\u00edculos los cuales cumpl\u00edan con los criterios de inclusi\u00f3n, de los cuales 15 se relacionaban con los par\u00e1metros morfom\u00e9tricos, formas del orificio cervical y su correlaci\u00f3n con la edad, y 29 se relacionaron con las t\u00e9cnicas de IA, los tipos de conservaci\u00f3n del semen, protocolos de sincronizaci\u00f3n y su correlaci\u00f3n con las tasas de fertilidad, pre\u00f1ez y partos.&#x0D;\nConclusiones: este trabajo mostr\u00f3 que los principales factores que dificultan la pre\u00f1ez por IA en ovinos son: la edad de los animales, los par\u00e1metros morfom\u00e9tricos del c\u00e9rvix, el tipo de t\u00e9cnica de IA y la presentaci\u00f3n del semen.<\/jats:p>","DOI":"10.16925\/2382-4247.2017.01.05","type":"journal-article","created":{"date-parts":[[2021,2,23]],"date-time":"2021-02-23T13:14:56Z","timestamp":1614086096000},"page":"1-13","source":"Crossref","is-referenced-by-count":1,"title":["Factores que dificultan la inseminaci\u00f3n artificial en ovinos, y su impacto en las tasas de fertilidad, pre\u00f1ez y parto"],"prefix":"10.16925","volume":"13","author":[{"given":"Daniela","family":"C\u00e1ceres Bautista","sequence":"first","affiliation":[],"role":[{"role":"author","vocabulary":"crossref"}]},{"given":"Edgar Mauricio","family":"Mogoll\u00f3n W","sequence":"additional","affiliation":[],"role":[{"role":"author","vocabulary":"crossref"}]}],"member":"6711","published-online":{"date-parts":[[2020,8,3]]},"container-title":["Spei Domus"],"link":[{"URL":"https:\/\/revistas.ucc.edu.co\/index.php\/sp\/article\/download\/3358\/2963","content-type":"application\/pdf","content-version":"vor","intended-application":"text-mining"},{"URL":"https:\/\/revistas.ucc.edu.co\/index.php\/sp\/article\/download\/3358\/2963","content-type":"unspecified","content-version":"vor","intended-application":"similarity-checking"}],"deposited":{"date-parts":[[2021,2,23]],"date-time":"2021-02-23T13:15:32Z","timestamp":1614086132000},"score":0.0,"resource":{"primary":{"URL":"https:\/\/revistas.ucc.edu.co\/index.php\/sp\/article\/view\/3358"}},"subtitle":["Revisi\u00f3n sistem\u00e1tica de literatura"],"issued":{"date-parts":[[2020,8,3]]},"references-count":0,"journal-issue":{"issue":"26-27","published-online":{"date-parts":[[2017,12,29]]}},"URL":"https:\/\/doi.org\/10.16925\/2382-4247.2017.01.05","ISSN":["2382-4247","1794-7928"],"issn-type":[{"value":"2382-4247","type":"electronic"},{"value":"1794-7928","type":"print"}],"published":{"date-parts":[[2020,8,3]]}},{"indexed":{"date-parts":[[2024,9,11]],"date-time":"2024-09-11T00:30:59Z","timestamp":1726014659356},"reference-count":0,"publisher":"Universidad Cooperativa de Colombia - UCC","issue":"2","content-domain":{"domain":[],"crossmark-restriction":false},"short-container-title":["Dixi"],"abstract":"<jats:p>La  Ley  2094  de  2021  nos  presenta  un  reto:  garantizar  el  cumplimiento  del  principio  de  imparcialidad  dentro  de los procesos sancionatorios administrativos. Para hacer frente a ello, se visualiza como posible soluci\u00f3n la  aplicaci\u00f3n  de  la  separaci\u00f3n  de  funciones,  en  el  estricto  sentido  en  que  esta  es  asegurada  por  el  principio  acusatorio (propio del derecho penal). Dicha soluci\u00f3n surge gracias a que, como resultado del an\u00e1lisis hist\u00f3-rico-ontogen\u00e9tico, encontramos una analog\u00eda entre los or\u00edgenes del principio acusatorio y de la Ley 2094 de 2021; a su vez, esta analog\u00eda se encuentra soportada conceptualmente en la dicotom\u00eda \u201cacusatorio\/inquisi-tivo\u201d.  Con  el  prop\u00f3sito  de  evaluar  la  viabilidad  de  esta  propuesta,  se  realiza  un  an\u00e1lisis  l\u00f3gico  con  el  que  se  verifica que no existe inconsistencia entre la l\u00f3gica jur\u00eddica de los dos principios. Con base en lo anterior, se eval\u00faa  la  consistencia  l\u00f3gica  de  la  aplicaci\u00f3n  misma  del  principio  acusatorio  al  marco  normativo  que  esta-blece la Ley 2094 de 2021. Finalmente, se expondr\u00e1n las consecuencias l\u00f3gicas que esta aplicaci\u00f3n tendr\u00eda y c\u00f3mo responder\u00eda a las garant\u00edas exigidas a la Procuradur\u00eda General de la Naci\u00f3n por parte de la Corte Interamericana de Derechos Humanos.<\/jats:p>","DOI":"10.16925\/2357-5891.2024.02.10","type":"journal-article","created":{"date-parts":[[2024,9,10]],"date-time":"2024-09-10T04:23:52Z","timestamp":1725942232000},"page":"1-19","source":"Crossref","is-referenced-by-count":0,"title":["La dicotom\u00eda \u201cacusatorio\/inquisitivo\u201d en el contexto colombiano: un camino hacia una transformaci\u00f3n eficiente de la Procuradur\u00eda General de la Naci\u00f3n"],"prefix":"10.16925","volume":"26","author":[{"name":"Universidad Libre","sequence":"first","affiliation":[],"role":[{"role":"author","vocabulary":"crossref"}]},{"given":"Adriana","family":"Gerenas","sequence":"first","affiliation":[],"role":[{"role":"author","vocabulary":"crossref"}]},{"given":"Fernando","family":"C\u00e1rdenas","sequence":"additional","affiliation":[],"role":[{"role":"author","vocabulary":"crossref"}]},{"name":"Universidad  Militar  Nueva  Granada","sequence":"additional","affiliation":[],"role":[{"role":"author","vocabulary":"crossref"}]}],"member":"6711","published-online":{"date-parts":[[2024,6,20]]},"container-title":["Dixi"],"deposited":{"date-parts":[[2024,9,10]],"date-time":"2024-09-10T04:23:53Z","timestamp":1725942233000},"score":0.0,"resource":{"primary":{"URL":"https:\/\/revistas.ucc.edu.co\/index.php\/di\/article\/view\/4954"}},"issued":{"date-parts":[[2024,6,20]]},"references-count":0,"journal-issue":{"issue":"2","published-online":{"date-parts":[[2024,6,20]]}},"URL":"https:\/\/doi.org\/10.16925\/2357-5891.2024.02.10","ISSN":["2357-5891"],"issn-type":[{"value":"2357-5891","type":"electronic"}],"published":{"date-parts":[[2024,6,20]]}},{"indexed":{"date-parts":[[2022,4,5]],"date-time":"2022-04-05T21:58:33Z","timestamp":1649195913615},"reference-count":0,"publisher":"Universidad Cooperativa de Colombia- UCC","issue":"23","content-domain":{"domain":[],"crossmark-restriction":false},"short-container-title":["Spei Domus"],"abstract":"<jats:p>Tema e Alcance: A estimativa da fertilidade do reprodutor \u00e9 uma ferramenta importante na escolha do macho, n\u00e3o s\u00f3 porque reflete o estado individual do reprodutor, mas tamb\u00e9m porque dito resultado influencia o futuro do rebanho, a presente revis\u00e3o aborda o assunto fertilidade no macho bovino desde a perspectiva da biotecnologia do s\u00eamen. Caracter\u00edsticas: descreve as caracter\u00edsticas seminais que influenciam o potencial reprodutivo e apresenta de forma geral t\u00e9cnicas laboratoriais rotineiras e inovadoras na avalia\u00e7\u00e3o de espermatozoides. Documentos base na \u00e1rea de biotecnologia de s\u00eamen foram utilizados na revis\u00e3o assim como artigos das ultimas 4 d\u00e9cadas e at\u00e9 hoje, aspectos chaves de manuais e livros de difus\u00e3o mundial complementam o acervo bibliogr\u00e1fico referenciado. Achados: o amplo n\u00famero de estudos sobre o tema e a diversidade nos resultados, pressup\u00f5em gargalos no conhecimento que abrem uma janela na utiliza\u00e7\u00e3o de ferramentas gen\u00f4micas que permitam explicar com maior acur\u00e1cia os diferentes eventos fisiol\u00f3gicos envolvidos na express\u00e3o das caracter\u00edsticas seminais referentes \u00e0 fertilidade. Conclus\u00f5es: a vari\u00e2ncia gen\u00e9tica e\u00a0 as mudan\u00e7as epigen\u00e9ticas podem estar influenciando o potencial reprodutivo no macho, fen\u00f4menos funcionais ainda pouco conhecidos precisam ser elucidados no intuito de compreender, e tal vez alterar dita varia\u00e7\u00e3o entre e inter reprodutores.\u00a0\u00a0<\/jats:p>","DOI":"10.16925\/sp.v11i23.1366","type":"journal-article","created":{"date-parts":[[2016,5,16]],"date-time":"2016-05-16T22:27:29Z","timestamp":1463437649000},"source":"Crossref","is-referenced-by-count":0,"title":["Avalia\u00e7\u00f5es seminais e novas ferramentas gen\u00f4micas na estima\u00e7\u00e3o da fertilidade em touros"],"prefix":"10.16925","volume":"11","author":[{"given":"Wilder Hernando","family":"Ortiz Vega","sequence":"first","affiliation":[],"role":[{"role":"author","vocabulary":"crossref"}]},{"given":"Valter Luiz","family":"Maciel-J\u00fanior","sequence":"additional","affiliation":[],"role":[{"role":"author","vocabulary":"crossref"}]}],"member":"6711","published-online":{"date-parts":[[2015,12,1]]},"container-title":["Spei Domus"],"link":[{"URL":"https:\/\/revistas.ucc.edu.co\/index.php\/sp\/article\/download\/1366\/1454","content-type":"application\/pdf","content-version":"vor","intended-application":"text-mining"},{"URL":"https:\/\/revistas.ucc.edu.co\/index.php\/sp\/article\/download\/1366\/1454","content-type":"unspecified","content-version":"vor","intended-application":"similarity-checking"}],"deposited":{"date-parts":[[2020,8,29]],"date-time":"2020-08-29T09:00:21Z","timestamp":1598691621000},"score":0.0,"resource":{"primary":{"URL":"https:\/\/revistas.ucc.edu.co\/index.php\/sp\/article\/view\/1366"}},"issued":{"date-parts":[[2015,12,1]]},"references-count":0,"journal-issue":{"issue":"23","published-online":{"date-parts":[[2015,12,1]]}},"URL":"https:\/\/doi.org\/10.16925\/sp.v11i23.1366","ISSN":["2382-4247","1794-7928"],"issn-type":[{"value":"2382-4247","type":"electronic"},{"value":"1794-7928","type":"print"}],"published":{"date-parts":[[2015,12,1]]}},{"indexed":{"date-parts":[[2024,8,6]],"date-time":"2024-08-06T19:01:34Z","timestamp":1722970894194},"reference-count":0,"publisher":"Universidad Cooperativa de Colombia - UCC","issue":"28-29","content-domain":{"domain":[],"crossmark-restriction":false},"short-container-title":["Spei domus"],"abstract":"<jats:p>Introduction:  Some  methods  for  inducing\/synchronizing  oestrus  and  ovulation in goats require the injection of equine chorionic gonadotrophin (eCG). The objective of this study was to determine whether royal jelly (RJ) can be a subs-titute  for  eCG  in  CIDR-treated  dairy  goats.  Methods:  Sixty-six  primiparous  goats  received the CIDR device for twelve days in April. The eCG group (n=22) was injec-ted  with  200  IU  of  the  gonadotropin  when  the  intravaginal  device  was  removed;  the RJ group (n=22) received a daily intramuscular injection of 1 g of RJ during the period  of  CIDR  treatment;  the  CIDR  group  (n=22)  did  not  receive  any  additional  treatment. A fourth group (Con, n=20) was used as control and received no treat-ment  at  all.  Oestrus  response,  ovulation  and  fertility  were  recorded.  Results:  The  oestrus percentage was higher in eCG (95%, p&lt;0.05) than in the remaining groups (RJ, 41%; CIDR, 36% and Con, 0%) and occurred at shorter intervals (eCG, 35\u00b12.3; RJ, 66\u00b14.6; CIDR, 59\u00b12; h\u00b1se; p&lt;0.05). Ovulation was higher in eCG (91%, p&lt;0.05), and RJ and CIDR were not different between them (50% vs 41%, p&gt;0.05). No ovula-tion was recorded in the Con group. The percentage of fertile and birthing animals after 148-158 days was greater in the eCG (91%, p&lt;0.05) compared to other groups (RJ, 36%; CIDR, 36%, Con, 0%), whereas it was not different between the RJ, CIDR and  Con  groups  (p&gt;0.05). Conclusion:  There  was  no  evidence  of  a  reproductive  effect of RJ on progesterone-treated goats.<\/jats:p>","DOI":"10.16925\/2382-4247.2018.01.02","type":"journal-article","created":{"date-parts":[[2024,5,22]],"date-time":"2024-05-22T03:35:40Z","timestamp":1716348940000},"page":"1-8","source":"Crossref","is-referenced-by-count":0,"title":["Does royal jelly have a reproductive effect on progesterone-treated goats?"],"prefix":"10.16925","volume":"14","author":[{"name":"Universidad Nacional Aut\u00f3noma de M\u00e9xico","sequence":"first","affiliation":[],"role":[{"role":"author","vocabulary":"crossref"}]},{"given":"Lorenzo","family":"Alvarez Ram\u00edrez","sequence":"first","affiliation":[],"role":[{"role":"author","vocabulary":"crossref"}]},{"given":"Alejandra","family":"S\u00e1nchez Cervantes","sequence":"additional","affiliation":[],"role":[{"role":"author","vocabulary":"crossref"}]}],"member":"6711","published-online":{"date-parts":[[2018,12,28]]},"container-title":["Spei Domus"],"deposited":{"date-parts":[[2024,5,22]],"date-time":"2024-05-22T03:35:41Z","timestamp":1716348941000},"score":0.0,"resource":{"primary":{"URL":"https:\/\/revistas.ucc.edu.co\/index.php\/sp\/article\/view\/3554\/"}},"issued":{"date-parts":[[2018,12,28]]},"references-count":0,"journal-issue":{"issue":"28-29","published-online":{"date-parts":[[2018,12,28]]}},"URL":"https:\/\/doi.org\/10.16925\/2382-4247.2018.01.02","ISSN":["2382-4247"],"issn-type":[{"type":"electronic","value":"2382-4247"}],"published":{"date-parts":[[2018,12,28]]}},{"indexed":{"date-parts":[[2022,4,2]],"date-time":"2022-04-02T00:26:12Z","timestamp":1648859172208},"reference-count":0,"publisher":"Universidad Cooperativa de Colombia- UCC","issue":"2","content-domain":{"domain":[],"crossmark-restriction":false},"short-container-title":["Rev. nac. odontol."],"abstract":"<jats:p>Introducci\u00f3n: no hay una rese\u00f1a hist\u00f3rica confiable de la evoluci\u00f3n del ejercicio de los laboratoristas dentales en el Valle de Aburr\u00e1. Por lo tanto, no se conocen los tipos de procedimientos, equipos, y materiales que se han utilizado desde el inicio de este arte u oficio y c\u00f3mo ha evolucionado hasta la actualidad.&#x0D;\nObjetivo: caracterizar y conocer aspectos relevantes de la evoluci\u00f3n de la pr\u00e1ctica de los laboratoristas dentales en el Valle de Aburr\u00e1.&#x0D;\nMateriales y m\u00e9todos: se realiz\u00f3 una investigaci\u00f3n cuantitativa, descriptiva, de corte transversal, participaron 100 personas que ejercen como Laboratoristas Dentales desde una tradici\u00f3n familiar hasta t\u00e9cnicos y tecn\u00f3logos graduados de diferentes instituciones de la ciudad, quienes voluntariamente decidieron hacer parte de la investigaci\u00f3n, mediante la firma de consentimiento informado. Se aplic\u00f3 encuesta para hacer una caracterizaci\u00f3n sociodemogr\u00e1fica y conocer aspectos relevantes de la ocupaci\u00f3n. Se tuvieron en cuenta variables sociodemogr\u00e1ficas, aspectos referentes al ejercicio como laboratoristas dentales y origen del mismo.&#x0D;\nResultados: se encontr\u00f3 diferencia significativa entre el nivel de formaci\u00f3n y la realizaci\u00f3n de cursos de actualizaci\u00f3n y las \u00e1reas de desempe\u00f1o. Tambi\u00e9n hay diferencia significativa entre la edad y el nivel de formaci\u00f3n y la edad y el tipo de equipos con que cuentan en el laboratorio, situaciones donde los valores hallados tienen p &lt; 0,05.&#x0D;\nConclusiones: la mayor\u00eda de los encuestados son emp\u00edricos y t\u00e9cnicos y es preocupante que el 94 % de ellos no conocen sobre el origen de la ocupaci\u00f3n en el Valle de Aburra, adem\u00e1s, hay un 28 % que no se actualiza y prefiere las t\u00e9cnicas pasadas. Sin embargo, se resalta el hecho de que la mayor\u00eda se actualiza y cuentan con equipos manuales y digitales lo que cada vez hace el mercado m\u00e1s competitivo. Adem\u00e1s, se conocieron aspectos relevantes en la evoluci\u00f3n del ejercicio de los laboratoristas dentales en el Valle de Aburr\u00e1.<\/jats:p>","DOI":"10.16925\/2357-4607.2020.02.01","type":"journal-article","created":{"date-parts":[[2021,10,22]],"date-time":"2021-10-22T18:21:42Z","timestamp":1634926902000},"page":"1-13","source":"Crossref","is-referenced-by-count":0,"title":["Caracterizaci\u00f3n y evoluci\u00f3n del ejercicio de los laboratoristas dentales en el Valle de Aburr\u00e1"],"prefix":"10.16925","volume":"16","author":[{"given":"Josefina","family":"Mosquera Palomino","sequence":"first","affiliation":[],"role":[{"role":"author","vocabulary":"crossref"}]},{"given":"Carlos Ignacio","family":"V\u00e9lez G\u00f3mez","sequence":"additional","affiliation":[],"role":[{"role":"author","vocabulary":"crossref"}]}],"member":"6711","published-online":{"date-parts":[[2020,12,31]]},"container-title":["Revista Nacional de Odontolog\u00eda"],"link":[{"URL":"https:\/\/revistas.ucc.edu.co\/index.php\/od\/article\/download\/4014\/3134","content-type":"application\/pdf","content-version":"vor","intended-application":"text-mining"},{"URL":"https:\/\/revistas.ucc.edu.co\/index.php\/od\/article\/download\/4014\/3134","content-type":"unspecified","content-version":"vor","intended-application":"similarity-checking"}],"deposited":{"date-parts":[[2021,10,22]],"date-time":"2021-10-22T18:21:43Z","timestamp":1634926903000},"score":0.0,"resource":{"primary":{"URL":"https:\/\/revistas.ucc.edu.co\/index.php\/od\/article\/view\/4014"}},"issued":{"date-parts":[[2020,12,31]]},"references-count":0,"journal-issue":{"issue":"2","published-online":{"date-parts":[[2020,7,1]]}},"URL":"https:\/\/doi.org\/10.16925\/2357-4607.2020.02.01","ISSN":["2357-4607","1900-3080"],"issn-type":[{"value":"2357-4607","type":"electronic"},{"value":"1900-3080","type":"print"}],"published":{"date-parts":[[2020,12,31]]}},{"indexed":{"date-parts":[[2025,7,2]],"date-time":"2025-07-02T16:01:46Z","timestamp":1751472106807},"reference-count":0,"publisher":"Universidad Cooperativa de Colombia- UCC","issue":"30","content-domain":{"domain":[],"crossmark-restriction":false},"short-container-title":["Rastros rostros"],"abstract":"<jats:p>El principal prop\u00f3sito de este art\u00edculo es presentar una reflexi\u00f3n sobre la evaluaci\u00f3n como parte consustancial de los espacios conceptuales educativos; esto se hace a partir de la teor\u00eda cr\u00edtica. Se presenta una reconceptualizaci\u00f3n del proceso de evaluaci\u00f3n, aportando elementos sobre su funci\u00f3n y el modo en que se deba hacer. Inicialmente, se expone el sentido y papel de la educaci\u00f3n, y desde all\u00ed se resignifica la evaluaci\u00f3n desde el aporte que hace al reconocimiento del ser. En este orden de ideas, la evaluaci\u00f3n se muestra no como un componente, ni una herramienta, ni como un ap\u00e9ndice de la educaci\u00f3n, sino como algo consustancial a ella y que est\u00e1 ligada al aprendizaje. La evaluaci\u00f3n, entonces, se hace presente desde el momento en que el individuo es consciente que aprende, de que \u00e9l puede. Desde esta perspectiva, se hace necesario hablar en otros t\u00e9rminos de la evaluaci\u00f3n, abandonando la posici\u00f3n que la reduce a un sentido instrumental y t\u00e9cnico. En conclusi\u00f3n, se afirma que es posible transformar la educaci\u00f3n desde la evaluaci\u00f3n y, de este modo, la evaluaci\u00f3n, bajo la visi\u00f3n de la pedagog\u00eda cr\u00edtica, se convierte en un compromiso vigente y actuante.<\/jats:p>","DOI":"10.16925\/ra.v16i30.816","type":"journal-article","created":{"date-parts":[[2015,1,29]],"date-time":"2015-01-29T13:31:13Z","timestamp":1422538273000},"source":"Crossref","is-referenced-by-count":5,"title":["La  evaluaci\u00f3n del aprendizaje como compromiso: una visi\u00f3n desde la pedagog\u00eda cr\u00edtica"],"prefix":"10.16925","volume":"16","author":[{"given":"M\u00f3nica","family":"Borjas","sequence":"first","affiliation":[],"role":[{"role":"author","vocabulary":"crossref"}]}],"member":"6711","published-online":{"date-parts":[[2014,1,1]]},"container-title":["Rastros Rostros"],"link":[{"URL":"https:\/\/revistas.ucc.edu.co\/index.php\/ra\/article\/download\/816\/829","content-type":"application\/pdf","content-version":"vor","intended-application":"text-mining"},{"URL":"https:\/\/revistas.ucc.edu.co\/index.php\/ra\/article\/download\/816\/829","content-type":"unspecified","content-version":"vor","intended-application":"similarity-checking"}],"deposited":{"date-parts":[[2020,8,29]],"date-time":"2020-08-29T07:31:41Z","timestamp":1598686301000},"score":0.0,"resource":{"primary":{"URL":"https:\/\/revistas.ucc.edu.co\/index.php\/ra\/article\/view\/816"}},"issued":{"date-parts":[[2014,1,1]]},"references-count":0,"journal-issue":{"issue":"30","published-online":{"date-parts":[[2014,12,1]]}},"URL":"https:\/\/doi.org\/10.16925\/ra.v16i30.816","ISSN":["2382-4921","0124-406X"],"issn-type":[{"value":"2382-4921","type":"electronic"},{"value":"0124-406X","type":"print"}],"published":{"date-parts":[[2014,1,1]]}},{"indexed":{"date-parts":[[2025,10,15]],"date-time":"2025-10-15T17:39:07Z","timestamp":1760549947949},"reference-count":0,"publisher":"Universidad Cooperativa de Colombia- UCC","issue":"18","content-domain":{"domain":[],"crossmark-restriction":false},"short-container-title":["Pensando Psicol."],"abstract":"<jats:p>Prop\u00f3sito: el art\u00edculo tiene por objetivo compartir parte de la experiencia de Chile con relaci\u00f3n a la b\u00fasqueda y construcci\u00f3n de ambientes de calidad que favorezcan el aprendizaje y desarrollo de los ni\u00f1os entre cero y seis a\u00f1os. Tema: la promoci\u00f3n de ambientes de calidad, desde la intencionalidad pedag\u00f3gica del educador, al organizar el tiempo, el espacio y las interacciones, promoviendo el aprendizaje de los ni\u00f1os y las ni\u00f1as. Desarrollo: se trata de una exposici\u00f3n principalmente descriptiva del contexto chileno y de los resultados obtenidos frente a las evaluaciones disponibles a partir de la aplicaci\u00f3n de dos instrumentos: ECERS-R e ITERS-R, y CLASS, en el marco de la implementaci\u00f3n de programas que buscan mejorar la calidad, tales como Quik, y Un Buen Comienzo de la Fundaci\u00f3n Oportunidad. Conclusiones: a la luz de estos resultados, se releva la importancia del tema y se realiza un an\u00e1lisis de las pol\u00edticas p\u00fablicas emergentes y los desaf\u00edos o las tensiones que siguen presentes. Entre ellas, se destaca la tensi\u00f3n entre calidad y cobertura, as\u00ed como la problem\u00e1tica de las desconfianzas entre los actores involucrados frente al significado y a la realidad de una educaci\u00f3n de calidad.<\/jats:p>","DOI":"10.16925\/pe.v11i18.1224","type":"journal-article","created":{"date-parts":[[2016,2,2]],"date-time":"2016-02-02T23:14:41Z","timestamp":1454454881000},"page":"141-151","source":"Crossref","is-referenced-by-count":2,"title":["Ambientes de calidad en la infancia temprana"],"prefix":"10.16925","volume":"11","author":[{"given":"Paz","family":"Valverde-Forttes","sequence":"first","affiliation":[],"role":[{"role":"author","vocabulary":"crossref"}]}],"member":"6711","published-online":{"date-parts":[[2015,12,15]]},"container-title":["Pensando Psicolog\u00eda"],"link":[{"URL":"https:\/\/revistas.ucc.edu.co\/index.php\/pe\/article\/download\/1224\/1546","content-type":"application\/pdf","content-version":"vor","intended-application":"text-mining"},{"URL":"https:\/\/revistas.ucc.edu.co\/index.php\/pe\/article\/download\/1224\/1546","content-type":"unspecified","content-version":"vor","intended-application":"similarity-checking"}],"deposited":{"date-parts":[[2020,8,29]],"date-time":"2020-08-29T06:51:13Z","timestamp":1598683873000},"score":0.0,"resource":{"primary":{"URL":"https:\/\/revistas.ucc.edu.co\/index.php\/pe\/article\/view\/1224"}},"issued":{"date-parts":[[2015,12,15]]},"references-count":0,"journal-issue":{"issue":"18","published-online":{"date-parts":[[2015,12,15]]}},"URL":"https:\/\/doi.org\/10.16925\/pe.v11i18.1224","ISSN":["2382-3984","1900-3099"],"issn-type":[{"value":"2382-3984","type":"electronic"},{"value":"1900-3099","type":"print"}],"published":{"date-parts":[[2015,12,15]]}},{"indexed":{"date-parts":[[2025,5,14]],"date-time":"2025-05-14T05:18:37Z","timestamp":1747199917884,"version":"3.40.5"},"reference-count":0,"publisher":"Universidad Cooperativa de Colombia - UCC","issue":"127","content-domain":{"domain":[],"crossmark-restriction":false},"short-container-title":["Coop. Desarro."],"abstract":"<jats:p>Las asociaciones locales de producci\u00f3n rural (alpr) son entidades reconocidas como parte del denominado sector social de la econom\u00eda en M\u00e9xico. Sin embargo, su seguimiento, evaluaci\u00f3n y fortalecimiento es nulo, ya que, en t\u00e9rminos de atenci\u00f3n institucional y acad\u00e9mica, dominan las sociedades cooperativas como figuras de  organizaci\u00f3n  empresarial  solidaria  m\u00e1s  estudiadas.  Por  ello,  el  objetivo  de  este  trabajo  es  determinar  la  compatibilidad de las acciones de una asociaci\u00f3n local de productores de pulque en el centro de M\u00e9xico con los principios de la Econom\u00eda Social y Solidaria (ess). El estudio tiene un enfoque cualitativo de tipo descriptivo y exploratorio. Los resultados son producto de un diagn\u00f3stico situacional, elaborado a partir de observaci\u00f3n participante, grupos de discusi\u00f3n, entrevistas semiestructuradas, revisi\u00f3n de archivo administrativo. Los ha-llazgos muestran que las pr\u00e1cticas de la alpr distan de los principios cooperativos, al persistir una cultura or-ganizacional de individualismo, desconfianza y paternalismo, que influyen negativamente en la capitalizaci\u00f3n de las inversiones, capacitaciones y vinculaciones de la asociaci\u00f3n. Se concluye que, para impulsar econom\u00edas alternativas,  se  requiere  atender  el  desaf\u00edo  de  concientizar  sobre  los  principios  y  pr\u00e1cticas  de  la  ess,  bajo  un programa de transformaci\u00f3n cultural organizacional que permita superar la dependencia paternalista que constri\u00f1e la asociatividad en M\u00e9xico.<\/jats:p>","DOI":"10.16925\/2382-4220.2023.03.01","type":"journal-article","created":{"date-parts":[[2024,3,7]],"date-time":"2024-03-07T00:17:13Z","timestamp":1709770633000},"page":"1-22","source":"Crossref","is-referenced-by-count":1,"title":["Retos del sector social de la econom\u00eda en M\u00e9xico: individualismo, desconfianza y dependencia"],"prefix":"10.16925","volume":"31","author":[{"name":"Universidad Polit\u00e9cnica de Atalcomulco","sequence":"first","affiliation":[],"role":[{"role":"author","vocabulary":"crossref"}]},{"ORCID":"https:\/\/orcid.org\/0000-0003-3098-4170","authenticated-orcid":false,"given":"Sandra","family":"Blas-Y\u00e1\u00f1ez","sequence":"first","affiliation":[],"role":[{"role":"author","vocabulary":"crossref"}]}],"member":"6711","published-online":{"date-parts":[[2024,7,22]]},"container-title":["Cooperativismo &amp; Desarrollo"],"deposited":{"date-parts":[[2024,3,7]],"date-time":"2024-03-07T00:17:17Z","timestamp":1709770637000},"score":0.0,"resource":{"primary":{"URL":"https:\/\/revistas.ucc.edu.co\/index.php\/co\/article\/view\/4529\/"}},"issued":{"date-parts":[[2024,7,22]]},"references-count":0,"journal-issue":{"issue":"127","published-online":{"date-parts":[[2024,7,22]]}},"URL":"https:\/\/doi.org\/10.16925\/2382-4220.2023.03.01","ISSN":["2382-4220"],"issn-type":[{"type":"electronic","value":"2382-4220"}],"published":{"date-parts":[[2024,7,22]]}},{"indexed":{"date-parts":[[2025,5,14]],"date-time":"2025-05-14T05:20:29Z","timestamp":1747200029100,"version":"3.40.5"},"reference-count":0,"publisher":"Universidad Cooperativa de Colombia - UCC","issue":"1","content-domain":{"domain":[],"crossmark-restriction":false},"short-container-title":["Dixi"],"abstract":"<jats:p>Objeto:  el  presente  art\u00edculo  aborda  el  control  judicial  sobre  los  instrumentos  de  derecho  blando  o  soft  lawque se producen en ejercicio de la funci\u00f3n administrativa en Colombia, a partir de un ejercicio cualitativo de investigaci\u00f3n que consiste en un an\u00e1lisis hermen\u00e9utico de la doctrina y la jurisprudencia relevantes. Metodolog\u00eda: en primer lugar, se realiza un breve recorrido por el concepto de derecho blando y su relaci\u00f3n con el concepto de acto administrativo. Segundo, se hace un an\u00e1lisis doctrinal acerca del control judicial sobre los actos de la administraci\u00f3n desde la perspectiva del principio del efecto \u00fatil de las normas. Despu\u00e9s, se analiza la posible ampliaci\u00f3n del radio de acci\u00f3n del control judicial respecto a las manifestaciones de la funci\u00f3n ad-ministrativa que no se enmarcan en el concepto cl\u00e1sico de acto administrativo, teniendo como eje el principio de efecto \u00fatil de las normas y su relaci\u00f3n con la tutela efectiva de los derechos. Hallazgos: se realiza un an\u00e1lisis jurisprudencial de las distintas posiciones asumidas por el Consejo de Estado en materia de control judicial sobre manifestaciones de la funci\u00f3n administrativa que no constituyen actos ad-ministrativos en sentido estricto en Colombia. Esto nos permite establecer oscilaciones en la doctrina judicial sobre los criterios para definir el alcance del control judicial sobre el soft law en nuestro pa\u00eds, desde una tesis estricta hasta una tesis a favor de un control amplio sobre dichos instrumentos. Conclusiones: existen principios en nuestro ordenamiento jur\u00eddico que respaldan la ampliaci\u00f3n del ejercicio del control judicial sobre el derecho blando que emana de la administraci\u00f3n en Colombia.<\/jats:p>","DOI":"10.16925\/2357-5891.2024.01.07","type":"journal-article","created":{"date-parts":[[2024,1,4]],"date-time":"2024-01-04T02:34:07Z","timestamp":1704335647000},"page":"1-31","source":"Crossref","is-referenced-by-count":0,"title":["Tendencias en derecho administrativo: el control judicial sobre el derecho blando producido en ejercicio de la funci\u00f3n administrativa"],"prefix":"10.16925","volume":"26","author":[{"ORCID":"https:\/\/orcid.org\/0009-0007-8782-3729","authenticated-orcid":false,"given":"Luisa Fernanda","family":"Murillo-Ortiz","sequence":"first","affiliation":[],"role":[{"role":"author","vocabulary":"crossref"}]},{"ORCID":"https:\/\/orcid.org\/0009-0005-9748-9424","authenticated-orcid":false,"given":"Harold Rene","family":"Gamba-Hurtado","sequence":"additional","affiliation":[],"role":[{"role":"author","vocabulary":"crossref"}]}],"member":"6711","published-online":{"date-parts":[[2023,12,20]]},"container-title":["Dixi"],"deposited":{"date-parts":[[2024,1,4]],"date-time":"2024-01-04T02:34:10Z","timestamp":1704335650000},"score":0.0,"resource":{"primary":{"URL":"https:\/\/revistas.ucc.edu.co\/index.php\/di\/article\/view\/4869"}},"issued":{"date-parts":[[2023,12,20]]},"references-count":0,"journal-issue":{"issue":"1","published-online":{"date-parts":[[2023,12,20]]}},"URL":"https:\/\/doi.org\/10.16925\/2357-5891.2024.01.07","ISSN":["2357-5891"],"issn-type":[{"type":"electronic","value":"2357-5891"}],"published":{"date-parts":[[2023,12,20]]}},{"indexed":{"date-parts":[[2025,7,6]],"date-time":"2025-07-06T05:40:08Z","timestamp":1751780408582,"version":"3.41.0"},"reference-count":58,"publisher":"Universidad Cooperativa de Colombia - UCC","issue":"24","license":[{"start":{"date-parts":[[2018,1,1]],"date-time":"2018-01-01T00:00:00Z","timestamp":1514764800000},"content-version":"unspecified","delay-in-days":0,"URL":"http:\/\/creativecommons.org\/licenses\/by-nc-nd\/4.0\/"}],"content-domain":{"domain":[],"crossmark-restriction":false},"short-container-title":["ing. Solidar"],"abstract":"<jats:p>Introducci\u00f3n: el art\u00edculo de revisi\u00f3n bibliogr\u00e1fica es producto de la investigaci\u00f3n \u201cImplementaci\u00f3n de los sistemas de planificaci\u00f3n de recursos empresariales (ERP) en las organizaciones desde la coevoluci\u00f3n\u201d, realizada durante el 2016 y el 2017 en la Facultad de Ingenier\u00eda Industrial de la Universidad Distrital Francisco Jos\u00e9 de Caldas.Problema: seg\u00fan diversas investigaciones, las implementaciones de ERP han resultado fallidas y generan p\u00e9rdidas empresariales.Objetivo: dise\u00f1ar una propuesta de estudio para que la implementaci\u00f3n de ERP resulte exitosa en las organizaciones.Metodolog\u00eda: se inicia por revisar la literatura relacionada con implementaci\u00f3n de ERP en las organizaciones e identificar que el 70\u00a0% de las empresas no obtuvieron los resultados esperados. Se plantea que la adopci\u00f3n de ERP se puede comprender como un proceso coevolutivo basado en la interacci\u00f3n entre los empleados a trav\u00e9s de redes de afiliaci\u00f3n formales e informales.Resultados: se propone iniciar por la identificaci\u00f3n de las personas que tienen mayor potencial de influir sobre las dem\u00e1s, de manera que se inicie un proceso de propalaci\u00f3n de informaci\u00f3n que circula desde los nodos m\u00e1s influyentes hacia aquellos con los que interact\u00faan.Conclusi\u00f3n: la comprensi\u00f3n del cambio como proceso de coevoluci\u00f3n en redes formales e informales da pie a la opci\u00f3n de discutir y repensar la forma en que est\u00e1n organizadas las empresas.Originalidad: hasta el momento no se ha abordado la implementaci\u00f3n de este tipo de plataformas desde este punto de vista.Limitaciones: la propuesta se encuentra en fase conceptual, sin embargo, a\u00fan no se cuenta con investigaci\u00f3n emp\u00edrica que permita su validaci\u00f3n.<\/jats:p>","DOI":"10.16925\/in.v14i24.2161","type":"journal-article","created":{"date-parts":[[2018,8,2]],"date-time":"2018-08-02T17:05:55Z","timestamp":1533229555000},"page":"1-15","source":"Crossref","is-referenced-by-count":0,"title":["Implementaci\u00f3n de los sistemas de planificaci\u00f3n de recursos empresariales (ERP) en las organizaciones desde la coevoluci\u00f3n"],"prefix":"10.16925","volume":"14","author":[{"given":"Andres Camilo","family":"Rivera Silva","sequence":"first","affiliation":[],"role":[{"role":"author","vocabulary":"crossref"}]},{"given":"Rafael Esteban","family":"Vargas Reyes","sequence":"additional","affiliation":[],"role":[{"role":"author","vocabulary":"crossref"}]},{"given":"Luz Esperanza","family":"Boh\u00f3rquez Arevalo","sequence":"additional","affiliation":[],"role":[{"role":"author","vocabulary":"crossref"}]}],"member":"6711","published-online":{"date-parts":[[2018,1,1]]},"reference":[{"key":"63268","unstructured":"[1] E. Kimberling, \u201cerp failures and lawsuits: It\u2019s not just for the tier I erp vendors,\u201d Panorma Cosulting Solutions, en. 2011, pp. 1 [En l\u00ednea]. Disponible en: http:\/\/panorama-consulting.com\/erp-failures-andlawsuits-its-not-just-for-the-tier-i-erp-vendors\/"},{"key":"63269","doi-asserted-by":"crossref","unstructured":"[2] C. Leyh, \u201cCritical success factors for erp projects in small and medium-sized enterprises-the perspective of selected German smes,\u201d en Computer Science and Information Systems (Fedcsis), Varsovia, Polonia: https:\/\/annals-csis.org\/Volume_2\/pliks\/243.pdf","DOI":"10.15439\/2014F243"},{"key":"63270","unstructured":"[3] R. Kouki, D. Poulin y R. Pellerin. erp assimilation challenge: an integrative framework for a better post-implementation assimilation. Interuniversity research center on enterprise networks, logistics and transportation (Cirrelt), Unversite Laval, Qu\u00e9bec: dic. 2006, pp. 1-41. Disponible en: https:\/\/www.cirrelt.ca\/DocumentsTravail\/2006\/DT-2006-DP-1.pdf"},{"key":"63271","unstructured":"[4] T. Davenport, \u201cPutting the enterprise into the enterprise system\u201d, Harvard Business Review, jul-agos. 1998, pp. 121-131. [En l\u00ednea]. Disponible en: https:\/\/hbr.org\/1998\/07\/putting-the-enterprise-into-the-enterprise-system"},{"key":"63272","doi-asserted-by":"crossref","unstructured":"[5] M. A\u011fao\u011flu, S. Yurtkoru y A. K. Ekmek\u00e7i, \u201cThe effect of erp implementation csfs on business performance: an empirical study on users\u2019 perception\u201d, Elsevier, vol. 210, pp. 35-42, 2015. https:\/\/www.sciencedirect.com\/science\/article\/pii\/S1877042815056736","DOI":"10.1016\/j.sbspro.2015.11.326"},{"key":"63273","unstructured":"[6] S. Shari y P. B. Seddon, \u201cA comprehensive framework for classifying the benefits of erp systems\u201d, en Americas Conference on Information Systems (Amcis), vol. 1, no. 1, 2000, pp. 1-11. [En l\u00ednea]. Disponible en: http:\/\/citeseerx.ist.psu.edu\/viewdoc\/download?doi=10.1.1.361.5523&rep=rep1&type=pdf"},{"key":"63274","doi-asserted-by":"crossref","unstructured":"[7] S. Chou y Y. C. Chang, \u201cThe implementation factors that influence the erp (enterprise resource planning) benefits\u201d, Decision Support Systems, vol. 46, n.o 1, dic. 2008, pp. 149-157. [En l\u00ednea]. Disponible en: https:\/\/www.semanticscholar.org\/paper\/The-implementation-factors-that-influence-the-ERP-Chou-Chang\/f5ae0d6cc4c7059ce0ffc402d6e76f27bded3d3c","DOI":"10.1016\/j.dss.2008.06.003"},{"key":"63275","unstructured":"[8] V. Tamturk, \u201cerp implementation failure: MillerCoors sues hcl for $100M\u201d, Cms-connected.com, mar. 31 2017. [En l\u00ednea]. Disponible en: https:\/\/www.cms-connected.com\/News-Archive\/March-2017\/ERP-SAP-Implementation-Failure-MillerCoors-Sues-HCL-for-$100M"},{"key":"63276","unstructured":"[9] J. Fruhlinger y T. Wailgum, \u201c15 famous erp disasters, dustups and disappointments\u201d, Cio.com, jul. 2017. [En l\u00ednea]. Disponible en: https:\/\/www.cio.com\/article\/2429865\/enterprise-resource-planning\/enterprise-resource-planning-10-famous-erp-disasters-dustups-and-disappointments.html"},{"key":"63277","unstructured":"[10] B. Stock, \u201cTop six erp implementation failures\u201d, [En l\u00ednea]. Disponible en: https:\/\/www.360cloudsolutions.com\/top-six-erp-implementation-failures\/"},{"key":"63278","unstructured":"[11] Wayferry.com, \u201cWayferry case study: the curious case of cubic corporation and the missing roi\u201d, Wayferry.com, jul. 2017. [En l\u00ednea]. https:\/\/www.wayferry.com\/blog\/cubic-corporation-missing-roi"},{"key":"63279","doi-asserted-by":"crossref","unstructured":"[12] K. Zhu, K. Kraemer y S. Xu, \u201cThe process of innovation assimilation by firms in different countries: a technology diffusion perspective\u201d, Managment Science, vol. 52, no. 10, pp. 1557-1556, 2006. https:\/\/pubsonline.informs.org\/doi\/abs\/10.1287\/mnsc.1050.0487","DOI":"10.1287\/mnsc.1050.0487"},{"key":"63280","unstructured":"[13] C. Jim\u00e9nez, \u201cPropuesta para la valoraci\u00f3n tecnol\u00f3gica desde la perspectiva de la s\u00edntesis evolutiva moderna\u201d, tesis doctoral, Universidad Nacional de Colombia, Bogot\u00e1, 2015, pp. 97-162. [En l\u00ednea]. Disponible en: http:\/\/bdigital.unal.edu.co\/53221\/1\/52180256.2015.pdf"},{"key":"63281","unstructured":"[14] E. Andrade, \u201cAnalog\u00edas entre las teor\u00edas de la materia, la evoluci\u00f3n biol\u00f3gica y la sociedad\u201d, en Memorias del seminario de ciencia te\u00f3rica 1994-1996, Bogot\u00e1: Instituto de Ciencias Naturales, Editorial Universidad Nacional de Colombia, 1996, pp. 101-123."},{"key":"63282","unstructured":"[15] J. N. Thompson. The coevolutionary process. Chicago: Chicago University, 1982, pp. 50-65."},{"key":"63283","doi-asserted-by":"crossref","unstructured":"[16] E. D. Brodie, \u201cPredator-prey arms races\u201d, BioScience, vol. 49, no. 7, 1999, pp. 557-568. https:\/\/academic.oup.com\/bioscience\/article\/49\/7\/557\/236798","DOI":"10.2307\/1313476"},{"key":"63284","unstructured":"[17] L. V. Valen. A new evolutionary law, Chicago: Chicago University, 1973. [En l\u00ednea]. Disponible en: http:\/\/ebme.marine.rutgers.edu\/HistoryEarthSystems\/HistEarthSystems_Fall2010\/VanValen%20 1973%20Evol%20%20Theor%20.pdf"},{"key":"63285","doi-asserted-by":"crossref","unstructured":"[18] J. Dimmick, \u201cSociocultural evolution in the communication industries\u201d, sage, vol. 13, no. 3, 1986, pp. 473-508. [En l\u00ednea]. Disponible en: ournals.sagepub.com\/doi\/abs\/10.1177\/009365086013003011","DOI":"10.1177\/009365086013003011"},{"key":"63286","doi-asserted-by":"crossref","unstructured":"[19] M. T. Hannan y J. H. Freeman, \u201cThe population ecology of organizations\u201d, American Journal of Sociology, vol. 82, no. 5, pp. 929-964, 1977. [En l\u00ednea]. Disponible en: http:\/\/www.jstor.org\/stable\/2777807","DOI":"10.1086\/226424"},{"key":"63287","unstructured":"[20] H. E. Aldrich. Organizations and environments. Stan- ford: Stanford University, 2008, pp. 26-54."},{"key":"63288","doi-asserted-by":"crossref","unstructured":"[21] K. E. Weick, \u201cThe social psychology of organizing\u201d, M@n@gement, vol. 18, 2015-2, pp. 189-193. [En l\u00ednea]. Disponible en: http:\/\/www.cairn.info\/revue-management-2015-2-page-189.htm","DOI":"10.3917\/mana.182.0189"},{"key":"63289","unstructured":"[22] B. McKelvey. Organizational systematics: taxonomy, evolution. Los Angeles: University of California Press, 1982, pp. 80-99."},{"key":"63290","unstructured":"[23] K. R. Andrews. The concept of corporate strategy. Berkeley: University of California, 1971, pp. 195210."},{"key":"63291","doi-asserted-by":"crossref","unstructured":"[24] J. Child, \u201cOrganization structure, environment and performance: The role of strategic choice\u201d, Sociology, vol. 6, no. 1, pp. 1-22, en. 1972. [En l\u00ednea]. Disponible en: http:\/\/www.jstor.org\/stable\/42851133","DOI":"10.1177\/003803857200600101"},{"key":"63292","doi-asserted-by":"crossref","unstructured":"[25] J. P. Murmann, \u201cThe coevolution of industries and important features of their environments\u201d, Organization Science, vol. 24, no. 1, feb. 2013, pp. 58-78. [En l\u00ednea]. Disponible en: https:\/\/pubsonline.informs.org\/doi\/abs\/10.1287\/orsc.1110.0718?mobileUi=0&journalCode=orsc","DOI":"10.1287\/orsc.1110.0718"},{"key":"63293","doi-asserted-by":"crossref","unstructured":"[26] R. R. Wiggins y T. W. Ruefli, \u201cSchumpeter\u2019s ghost: is hypercompetition making the best of times shorter?\u201d, Strat. Mgmt. J., vol. 26, pp. 887-91, 2005. doi: 10.1002\/smj.492","DOI":"10.1002\/smj.492"},{"key":"63294","doi-asserted-by":"crossref","unstructured":"[27] R. A. D\u2019Aveni, G. B. Dagnino y K. G. Smith, \u201cThe age of temporary advantage\u201d, Strat. Mgmt. J., vol. 31, no. 13, pp. 1371-1385, dic. 2010. doi: 10.1002\/smj.897","DOI":"10.1002\/smj.897"},{"key":"63295","doi-asserted-by":"crossref","unstructured":"[28] A. Y. Lewin, C. P. Long y T. N. Carroll, \u201cThe coevolution of new organizational forms,\u201d Organization Science, vol. 10, pp. 535-550, sep. 1999.","DOI":"10.1287\/orsc.10.5.535"},{"key":"63296","doi-asserted-by":"crossref","unstructured":"[29] J. P. Murmann. Knowledge and competitive advantage: the coevolution of firms, technology, and national institutions. Nueva York: Cambridge University Press, 2003, pp. 154-172. doi: https:\/\/doi. org\/10.1017\/CBO9780511510953","DOI":"10.1017\/CBO9780511510953"},{"key":"63297","doi-asserted-by":"crossref","unstructured":"[30] J. A. Yates, \u201cCo-evolution of information-processing technology and use: interaction between the life insurance and tabulating industries\u201d, The Business History Review, vol. 67, no. 1, pp. 1-51, 1993. [En l\u00ednea]. Disponible en: http:\/\/www.jstor.org\/stable\/3117467","DOI":"10.2307\/3117467"},{"key":"63298","doi-asserted-by":"crossref","unstructured":"[31] R. R. Nelson, \u201cThe co-evolution of technology, industrial structure, and supporting institution\u201d, Industrial and Corporate Change, vol. 3, pp. 47-63, en. 1994. [En l\u00ednea]. doi: https:\/\/doi.org\/10.1093\/icc\/3.1.47","DOI":"10.1093\/icc\/3.1.47"},{"key":"63299","unstructured":"[32] L. Rosenkopf y M. Tushman. Evolutionary dynamics of organizations. Nueva York: Oxford University Press, 1994, pp. 57-83."},{"key":"63300","doi-asserted-by":"crossref","unstructured":"[33] A. D. Henderson e I. Stern, \u201cSelection-based learning: the coevolution of internal and external selection in high-velocity environments\u201d, Administrative Science Quarterly, vol. 49, no. 1, pp. 39-75, mar. 2004. [En l\u00ednea]. Disponible en: http:\/\/www.jstor.org\/stable\/4131455","DOI":"10.2307\/4131455"},{"key":"63301","doi-asserted-by":"crossref","unstructured":"[34] J. Funk, \u201cThe co-evolution of technology and methods of standard setting: the case of the mobile phone industry\u201d, J. Evolutionary Econom, vol. 19, n.o 1, pp. 73-93, 2009. [En l\u00ednea]. Disponible en: https:\/\/myweb.rollins.edu\/tlairson\/pek\/coevolvemobile.pdf","DOI":"10.1007\/s00191-008-0108-6"},{"key":"63302","doi-asserted-by":"crossref","unstructured":"[35] B. R. Johnson y S. K. Lam, \u201cSelf-organization, natural selection, and evolution: cellular hardware and genetic software\u201d, Bioscience, vol. 60, no. 11, pp. 879-885, dic. 2010. doi: https:\/\/doi.org\/10.1525\/bio.2010.60.11.4","DOI":"10.1525\/bio.2010.60.11.4"},{"key":"63303","doi-asserted-by":"crossref","unstructured":"[36] D. Plikynas, \u201cA virtual field-based conceptual framework for the simulation of complex social systems,\u201d Journal of Systems Science and Complexity, vol. 23, n.o 2, pp. 232-248, abr. 2010. doi: https:\/\/doi.org\/10.1007\/s11424-010-7239-1","DOI":"10.1007\/s11424-010-7239-1"},{"key":"63304","unstructured":"[37] P. Phister, \u201cCyberspace: the ultimate complex adaptive system\u201d, Int c2 j, vol. 4, no. 2, pp. 1-33, 2011. [En l\u00ednea]. Disponible en: http:\/\/www.dodccrp.org\/files\/IC2J_v4n2_03_Phister.pdf"},{"key":"63305","doi-asserted-by":"crossref","unstructured":"[38] G. Maione y D. Naso, \u201cAdaptation of multi-agent manufacturing control by means of genetic algorithms and discrete event simulation\u201d, en Proceedings of the ieee International Conference on Systems, Man and Cybernetics, vol. 4, pp. 529-534, Univ. degli Studi di Lecce, Dip. Di Ingegneria dell\u2019Innovazione. [En l\u00ednea]. doi: 10.1109\/ICSMC.2002.1173342","DOI":"10.1109\/ICSMC.2002.1173342"},{"key":"63306","doi-asserted-by":"crossref","unstructured":"[39] M. Brezocnik y J. Balic, \u201cA genetic-based approach to simulation of self-organizing assembly\u201d, Robotics and computer-integrated manufacturing, vol. 17, no. 1-2, pp. 113-120, 2001. [En l\u00ednea]. Disponible en: http:\/\/www.sciencedirect.com\/science\/article\/pii\/S0736584500000442","DOI":"10.1016\/S0736-5845(00)00044-2"},{"key":"63307","doi-asserted-by":"crossref","unstructured":"[40] K. Ueda, J. Vaario y K. Ohkura, \u201cModelling of biological manufacturing systems for dynamic reconfiguration\u201d, cirp Annals-Manufacturing Technology, vol. 46, no. 1, pp. 343-346, 1997. doi: https:\/\/doi.org\/10.1016\/S0007-8506(07)60839-7","DOI":"10.1016\/S0007-8506(07)60839-7"},{"key":"63308","unstructured":"[41] L. A. Montoya, \u201cGesti\u00f3n de sistemas de integraci\u00f3n empresarial desde una perspectiva biol\u00f3gica\u201d, tesis doctoral, Departamento de Ciencias Econ\u00f3micas, Universidad Nacional de Colombia, Bogot\u00e1: 2010, pp. 1-220. [En l\u00ednea]. Disponible en: http:\/\/www.bdigital.unal.edu.co\/2140\/1\/GESTI%C3%93N_DE_SISTEMAS_DE_INTEGRACI%C3%93N_EMPRESARIAL.pdf"},{"key":"63309","unstructured":"[42] I. A. Ot\u00e1lora, \u201cPertinencia del fundamento biol\u00f3gico para el mejoramiento de la productividad en los sistemas de manufactura\u201d, tesis de maestr\u00eda, Departamento de Ingenier\u00eda Industrial, Universidad Nacional de Colombia, Bogot\u00e1: 2014, pp. 1-152. [En l\u00ednea]. Disponible en: http:\/\/libros.duhnnae.com\/2017\/jun3\/149677581433-Pertinencia-del-fundamento-biologico-para-el-mejoramiento-de-la-productividad-en-los-sistemas-de-manufactura-62-Ingenieria-y-operaciones-afines-.php"},{"key":"63310","doi-asserted-by":"crossref","unstructured":"[43] B. McKelvey, \u201cToward a complexity science of entrepreneurship\u201c, Journal of Business Venturing, vol. 19, n.o 3 pp. 313-341, may. 2004. doi: https:\/\/doi.org\/10.1016\/S0883-9026(03)00034-X","DOI":"10.1016\/S0883-9026(03)00034-X"},{"key":"63311","doi-asserted-by":"crossref","unstructured":"[44] R. D. Stacey, \u201cThe science of complexity: an alternative perspective for strategic change processes\u201d, Strategic Management Journal, vol. 16, pp. 477-495, sep. 1995. [En l\u00ednea]. Disponible en: http:\/\/citeseerx.ist.psu.edu\/viewdoc\/download?doi=10.1.1.465.3554&rep=rep1&type=pdf","DOI":"10.1002\/smj.4250160606"},{"key":"63312","doi-asserted-by":"crossref","unstructured":"[45] J. M. Acosta, L. Y. Gualdr\u00f3n y L. E. Boh\u00f3rquez, \u201cOrganizational structures and adaptation to the changing conditions of the environment: challenges and implications\u201d, Ingenier\u00eda Solidaria, vol. 23, no. 23, 2017. doi: https:\/\/doi.org\/10.16925\/in.v23i13.1983","DOI":"10.16925\/in.v23i13.1983"},{"key":"63313","doi-asserted-by":"crossref","unstructured":"[46] M. S. Granovetter, \u201cThe strength of weak ties\u201d, American Journal of Sociology, vol. 78, pp. 1360-1380, may. de 1973. doi: https:\/\/doi.org\/10.1086\/225469","DOI":"10.1086\/225469"},{"key":"63314","doi-asserted-by":"crossref","unstructured":"[47] S. Biancani, D. A. McFarland y L. Dahlander, \u201cThe semiformal organization\u201d, Organization Science, vol. 25, pp. 1306-1334, feb. 2014. doi: https:\/\/doi.org\/10.1287\/orsc.2013.0882","DOI":"10.1287\/orsc.2013.0882"},{"key":"63315","unstructured":"[48] D. J. Watts. Seis grados de separaci\u00f3n, la ciencia de las redes en la era del acceso. Barcelona: Ed. Paid\u00f3s Ib\u00e9rica: 2006, pp. 386."},{"key":"63316","unstructured":"[49] A. L. Barab\u00e1si. \u201cFrom society to the web\u201d, Cambridge, ma: Ed. The New Science of Networks, Perseus Group Book, 2002, pp. 307-321."},{"key":"63317","unstructured":"[50] D. Krackhardt, \u201cAssessing the political landscape: structure, cognition, and power in organizations\u201d, Administrative Science Quarterly, no. 35, pp. 342-69, 1990. [En l\u00ednea]. Disponible en: https:\/\/pdfs.semanticscholar.org\/4d27\/eb71703defa42c2402b9681592941a285e5f.pdf"},{"key":"63318","unstructured":"[51] J. L. Molina, \u201cLa ciencia de las redes,\u201d aacte, vol. 25, pp. 36-42, jun. 2004. [En l\u00ednea]. Disponible en: http:\/\/revista-redes.rediris.es\/recerca\/jlm\/ars\/ciencia.pdf"},{"key":"63319","doi-asserted-by":"crossref","unstructured":"[52] D. J. Watts y S. H. Strogatz, \u201cCollective dynamics of \u2018small-world\u2019 networks\u201d, Nature, vol. 393, pp. 440442, jun. 1998. doi: 10.1038\/30918","DOI":"10.1038\/30918"},{"key":"63320","doi-asserted-by":"crossref","unstructured":"[53] L. C. Freeman, \u201cCentrality in social networks conceptual clari\ufb01cation\u201d, Social Network, vol. 1, p. 215 239, 1979. [En l\u00ednea]. Disponible en: http:\/\/citeseerx.ist.psu.edu\/viewdoc\/download?doi=10.1.1.320.5551&rep=rep1&type=pdf","DOI":"10.1016\/0378-8733(78)90021-7"},{"key":"63321","doi-asserted-by":"crossref","unstructured":"[54] B. G. King, E. S. Clemens y M. Fry, \u201cIdentity realization and organizational forms: differentiation and consolidation of identities among Arizona\u2019s charter schools\u201d, Organ. Sci., vol. 22, no. 3, pp. 554572, 2011. doi: http:\/\/pubsonline.informs.org\/doi\/abs\/10.1287\/orsc.1100.0548","DOI":"10.1287\/orsc.1100.0548"},{"key":"63322","doi-asserted-by":"crossref","unstructured":"[55] S. E. Seibert, L. D. Sargent, M. L. Kraimer y K. Kiazad, \u201cLinking developmental experiences to leader effectiveness and promotability: the mediating role of leadership selfefficacy and mentor network\u201d, Pers. Psychol., vol. 70, no. 2, pp. 357 -397, 2017. doi: http:\/\/onlinelibrary.wiley.com\/doi\/10.1111\/peps.12145\/full","DOI":"10.1111\/peps.12145"},{"key":"63323","unstructured":"[56] U. Wilensky. NetLogo. Evanston, il: Northwestern University, 1999, pp.1."},{"key":"63324","unstructured":"[57] U. Wilensky, \u201cNetLogo Rumor Mill model\u201d, en Center for Connected Learning and Computer-Based Modeling, Evanston, il: Northwestern University, 1997."},{"key":"63325","unstructured":"[58] U. Wilensky, \u201cNetLogo,\u201d en Center for Connected Learning and Computer-Based Modeling Northwestern University, Evanston, il: 1999."}],"container-title":["Ingenier\u00eda Solidaria"],"link":[{"URL":"https:\/\/revistas.ucc.edu.co\/index.php\/in\/article\/download\/2161\/2208","content-type":"application\/pdf","content-version":"vor","intended-application":"text-mining"},{"URL":"https:\/\/revistas.ucc.edu.co\/index.php\/in\/article\/download\/2161\/2511","content-type":"unspecified","content-version":"vor","intended-application":"text-mining"},{"URL":"https:\/\/revistas.ucc.edu.co\/index.php\/in\/article\/download\/2161\/2208","content-type":"unspecified","content-version":"vor","intended-application":"similarity-checking"}],"deposited":{"date-parts":[[2025,7,6]],"date-time":"2025-07-06T05:27:35Z","timestamp":1751779655000},"score":0.0,"resource":{"primary":{"URL":"https:\/\/revistas.ucc.edu.co\/index.php\/in\/article\/view\/2161"}},"issued":{"date-parts":[[2018,1,1]]},"references-count":58,"journal-issue":{"issue":"24","published-online":{"date-parts":[[2018,1,1]]}},"URL":"https:\/\/doi.org\/10.16925\/in.v14i24.2161","ISSN":["2357-6014","1900-3102"],"issn-type":[{"type":"electronic","value":"2357-6014"},{"type":"print","value":"1900-3102"}],"published":{"date-parts":[[2018,1,1]]}},{"indexed":{"date-parts":[[2026,2,3]],"date-time":"2026-02-03T05:08:01Z","timestamp":1770095281036,"version":"3.49.0"},"reference-count":0,"publisher":"Ediciones Universidad Cooperativa de Colombia","content-domain":{"domain":[],"crossmark-restriction":false},"abstract":"<jats:p>Esta lectura cr\u00edtica presenta una reflexi\u00f3n sobre el rol del psic\u00f3logo como agente de transformaci\u00f3n social en el marco de intervenciones comunitarias Para ello, se realiza una concisa reflexi\u00f3n sobre el rol del psic\u00f3logo, desde los aspectos conceptuales e imaginarios sociales, para contextualizar posteriormente su ejercicio en el marco de la psicolog\u00eda social y comunitaria, a partir de lo cual se plantea la relevancia de adelantar como profesional en este campo procesos de fortalecimiento comunitario, sin obviar ni ignorar los alcances y las limitaciones; sobre todo aspectos relacionados con la \u00e9tica en el desarrollo de este tipo de procesos donde debe primar el respeto por la autonom\u00eda y participaci\u00f3n de los agentes comunitarios, para as\u00ed no transgredir las din\u00e1micas colectivas desde posturas omnipotentes camufladas en esp\u00edritus altruistas.<\/jats:p>","DOI":"10.16925\/gclc.68","type":"report","created":{"date-parts":[[2026,2,2]],"date-time":"2026-02-02T17:01:06Z","timestamp":1770051666000},"source":"Crossref","is-referenced-by-count":0,"title":["El psic\u00f3logo como agente de transformaci\u00f3n social"],"prefix":"10.16925","author":[{"ORCID":"https:\/\/orcid.org\/0000-0003-3709-5552","authenticated-orcid":false,"given":"Angela Lisbeth","family":"Basto C\u00e1ceres","sequence":"first","affiliation":[],"role":[{"role":"author","vocabulary":"crossref"}]}],"member":"6711","published-online":{"date-parts":[[2025,7]]},"deposited":{"date-parts":[[2026,2,2]],"date-time":"2026-02-02T17:01:06Z","timestamp":1770051666000},"score":0.0,"resource":{"primary":{"URL":"https:\/\/repository.ucc.edu.co\/entities\/publication\/40e99672-3856-4a35-b860-a15e682677a2"}},"issued":{"date-parts":[[2025,7]]},"references-count":0,"URL":"https:\/\/doi.org\/10.16925\/gclc.68","published":{"date-parts":[[2025,7]]}},{"indexed":{"date-parts":[[2026,3,24]],"date-time":"2026-03-24T15:44:16Z","timestamp":1774367056279,"version":"3.50.1"},"reference-count":0,"publisher":"Universidad Cooperativa de Colombia- UCC","issue":"23","license":[{"start":{"date-parts":[[2017,9,1]],"date-time":"2017-09-01T00:00:00Z","timestamp":1504224000000},"content-version":"unspecified","delay-in-days":0,"URL":"http:\/\/creativecommons.org\/licenses\/by-nc-nd\/4.0\/"}],"content-domain":{"domain":[],"crossmark-restriction":false},"short-container-title":["ing. Solidar"],"abstract":"<jats:p>Introduccio\u0301n: el art\u00edculo de revisi\u00f3n fue desarrollado durante el segundo semestre del 2016 y el primero del 2017 en la Facultad de Ingenier\u00eda Ambiental de la Universidad Santo Tom\u00e1s. La energ\u00eda solar fotovoltaica ha adquirido un importante papel en el contexto global por el uso de fuentes renovables y disminuci\u00f3n de impactos ambientales, adem\u00e1s de ser un participe influyente en la satisfacci\u00f3n de la demanda energ\u00e9tica actual. No obstante, esta cuenta con limitaciones como la dependencia de la disponibilidad de radiaci\u00f3n y el uso de silicio como materia prima de las c\u00e9lulas solares. Metodolog\u00eda: se realiz\u00f3 un estado del arte de diferentes bases de datos consultadas, en su mayor\u00eda Science Direct y Scopus, sobre los diferentes materiales alternativos y tendencias actuales, y su perspectiva de funcionamiento e implementaci\u00f3n. Resultados: se exponen las c\u00e9lulas solares que est\u00e1n empleando diversos materiales, dentro de las cuales destacan las de Teluro de Cadmio (CdTe) que presentan caracter\u00edsticas de bajo costo y considerables eficiencias. Conclusio\u0301n: las c\u00e9lulas de cobre, indio, galio, selenio\/azufre (cigs) presentan como caracter\u00edstica principal el alto coeficiente de adsorci\u00f3n; no obstante, el gran reto por superar es llevar a cabo su implementaci\u00f3n en un \u00e1mbito industrial. Las c\u00e9lulas solares org\u00e1nicas presentan una alta eficiencia y un bajo costo para su posible uso en el contexto colombiano.<\/jats:p>","DOI":"10.16925\/in.v13i23.2070","type":"journal-article","created":{"date-parts":[[2018,8,31]],"date-time":"2018-08-31T11:15:23Z","timestamp":1535714123000},"page":"151-162","source":"Crossref","is-referenced-by-count":2,"title":["Tendencias en ingenier\u00eda de materiales para la fabricaci\u00f3n de c\u00e9lulas solares fotovolt\u00e1icas"],"prefix":"10.16925","volume":"13","author":[{"given":"Oscar Giovanni","family":"Cucaita Hurtado","sequence":"first","affiliation":[],"role":[{"role":"author","vocabulary":"crossref"}]},{"given":"Iv\u00e1n Orlando","family":"Cabeza Rojas","sequence":"additional","affiliation":[],"role":[{"role":"author","vocabulary":"crossref"}]}],"member":"6711","published-online":{"date-parts":[[2017,9,1]]},"container-title":["Ingenier\u00eda Solidaria"],"link":[{"URL":"https:\/\/revistas.ucc.edu.co\/index.php\/in\/article\/download\/2070\/2441","content-type":"application\/pdf","content-version":"vor","intended-application":"text-mining"},{"URL":"https:\/\/revistas.ucc.edu.co\/index.php\/in\/article\/download\/2070\/2504","content-type":"unspecified","content-version":"vor","intended-application":"text-mining"},{"URL":"https:\/\/revistas.ucc.edu.co\/index.php\/in\/article\/download\/2070\/2441","content-type":"unspecified","content-version":"vor","intended-application":"similarity-checking"}],"deposited":{"date-parts":[[2019,10,25]],"date-time":"2019-10-25T22:54:40Z","timestamp":1572044080000},"score":0.0,"resource":{"primary":{"URL":"https:\/\/revistas.ucc.edu.co\/index.php\/in\/article\/view\/2070"}},"issued":{"date-parts":[[2017,9,1]]},"references-count":0,"journal-issue":{"issue":"23","published-online":{"date-parts":[[2017,9,1]]}},"URL":"https:\/\/doi.org\/10.16925\/in.v13i23.2070","ISSN":["2357-6014","1900-3102"],"issn-type":[{"value":"2357-6014","type":"electronic"},{"value":"1900-3102","type":"print"}],"published":{"date-parts":[[2017,9,1]]}},{"indexed":{"date-parts":[[2025,10,29]],"date-time":"2025-10-29T03:48:52Z","timestamp":1761709732651},"reference-count":24,"publisher":"Universidad Cooperativa de Colombia- UCC","issue":"26-27","content-domain":{"domain":[],"crossmark-restriction":false},"short-container-title":["Spei Domus"],"abstract":"<jats:p>Introducci\u00f3n: el uso de probi\u00f3ticos es una pr\u00e1ctica orientada a mejorar el desempe\u00f1o productivo y la salud de los animales. El objetivo del estudio fue conocer el efecto del consumo de leche fermentada con Bifidobacterium y Lactobacillus casei sobre el desarrollo de cabritos durante la lactancia artificial en t\u00e9rminos de ganancia diaria de peso, comparado con el consumo de leche fresca.&#x0D;\nMetodolog\u00eda: treinta y ocho cabritos se asignaron al azar en dos grupos experimentales: alimentados con leche fresca (LFr, n=20) o leche fermentada (LFe, n=18) obtenida con un cultivo de Bifidobacterium y L. casei. El destete se realiz\u00f3 con 56 d\u00edas de edad y se estableci\u00f3 el d\u00eda en el cual triplicaron su peso al nacimiento. Se determin\u00f3 el consumo diario de leche, la ganancia diaria de peso (GDP), el n\u00famero de d\u00edas requerido para triplicar el peso al nacimiento y la incidencia de diarreas y su duraci\u00f3n.&#x0D;\nResultados: el consumo diario (1668\u00b173 vs 1603\u00b167, mL), la GDP (190\u00b17 vs 194\u00b16, g), el tiempo para triplicar el peso al nacimiento y la incidencia de diarreas (55 vs 60 %) no fueron diferente entre grupos (p&gt;0,05, LFe y LFr respectivamente). \u00a0La duraci\u00f3n de las diarreas en el grupo LFr tuvo una duraci\u00f3n mayor a 4 d\u00edas en el 91\u00a0% de los casos, y de 50\u00a0% en el grupo LFe (p=0,06).&#x0D;\nConclusiones: bajo las condiciones del estudio, el consumo de leche fermentada con Bifidobacterium y Lactobacillus casei no influy\u00f3 de manera significativa sobre el desarrollo corporal de cabritos durante la lactancia artificial, sin embargo, las diarreas fueron de menor duraci\u00f3n.<\/jats:p>","DOI":"10.16925\/2382-4247.2017.01.01","type":"journal-article","created":{"date-parts":[[2020,6,11]],"date-time":"2020-06-11T21:30:21Z","timestamp":1591911021000},"page":"1-8","source":"Crossref","is-referenced-by-count":1,"title":["Efecto del consumo de leche fermentada con Bifidobacterium y Lactobacillus casei sobre ganancia de peso y duraci\u00f3n de diarreas en cabritos lactantes"],"prefix":"10.16925","volume":"13","author":[{"given":"Deymer Antonio","family":"G\u00f3mez-G\u00f3mez","sequence":"first","affiliation":[],"role":[{"role":"author","vocabulary":"crossref"}]},{"given":"Martha Yurani","family":"Pico-Guti\u00e9rrez","sequence":"additional","affiliation":[],"role":[{"role":"author","vocabulary":"crossref"}]},{"given":"Bernardo de Jes\u00fas","family":"Mar\u00edn-Mej\u00eda","sequence":"additional","affiliation":[],"role":[{"role":"author","vocabulary":"crossref"}]},{"given":"Lorenzo","family":"\u00c1lvarez-Ram\u00edrez","sequence":"additional","affiliation":[],"role":[{"role":"author","vocabulary":"crossref"}]}],"member":"6711","published-online":{"date-parts":[[2019,1,1]]},"reference":[{"key":"80628","unstructured":"Cu\u00e9llar JA, T\u00f3rtora J, Trejo A, Roman P. La producci\u00f3n caprina mexicana. Particularidades y complejidades. Ciudad de M\u00e9xico: Ariadna Editorial; 2012. 184 p."},{"key":"80629","doi-asserted-by":"crossref","unstructured":"Delgado-Pert\u00ed\u00f1ez M, Guzm\u00e1n-Guerrero JL, Caravaca FP, Castel JM, Ruiz FA, Gonz\u00e1lez-Redondo P, et al. Effect of artificial vs. natural rearing on milk yield, kid growth and cost in Payoya autochthonous dairy goats. Small Rumin Res. 2009;1;84(1-3):108\u201315. doi: 10.1016\/J.SMALLRUMRES.2009.06.014.","DOI":"10.1016\/j.smallrumres.2009.06.014"},{"key":"80630","doi-asserted-by":"crossref","unstructured":"Paez Lama S, Grilli D, Egea V, Fucili M, Allegretti L, Guevara JC. Rumen development and blood metabolites of criollo kids under two different rearing systems. Livest Sci. 2014;1;167:171-7. doi: https:\/\/doi.org\/10.1016\/J.LIVSCI.2014.06.018.","DOI":"10.1016\/j.livsci.2014.06.018"},{"key":"80631","unstructured":"Ezema C. Probiotics in animal production: a review. J Vet Med Anim Heal. 2013;5(11):308-16."},{"key":"80632","doi-asserted-by":"crossref","unstructured":"Brashears MM, Amezquita A, Jaroni D. Lactic acid bacteria and their uses in animal feeding to improve food safety. Adv Food Nutr Res. 2005;1;50:1-31. doi: https:\/\/doi.org\/10.1016\/S1043-4526(05)50001-9.","DOI":"10.1016\/S1043-4526(05)50001-9"},{"key":"80633","doi-asserted-by":"crossref","unstructured":"Arowolo MA, He J. Use of probiotics and botanical extracts to improve ruminant production in the tropics: A review. Anim Nutr. 2018;1;4(3):241-9. doi: https:\/\/doi.org\/10.1016\/J.ANINU.2018.04.010.","DOI":"10.1016\/j.aninu.2018.04.010"},{"key":"80634","doi-asserted-by":"crossref","unstructured":"Adams MC, Luo J, Rayward D, King S, Gibson R, Moghaddam GH. Selection of a novel direct-fed microbial to enhance weight gain in intensively reared calves. Anim Feed Sci Technol. 2008;14;145(1-4):41-52. doi: https:\/\/doi.org\/10.1016\/J.ANIFEEDSCI.2007.05.035.","DOI":"10.1016\/j.anifeedsci.2007.05.035"},{"key":"80635","unstructured":"Mudgal V, Baghel RPS. Effect of probiotic supplementation on growth performance of pre-ruminant buffalo (Bubalus bubalis) calves. Buffalo Bull. 2010;29(3):225-8."},{"key":"80636","doi-asserted-by":"crossref","unstructured":"Magalh\u00e3es VJA, Susca F, Lima FS, Branco AF, Yoon I, Santos JEP. Effect of feeding yeast culture on performance, health, and immunocompetence of dairy calves. J Dairy Sci. 2008;1;91(4):1497-509. doi: https:\/\/doi.org\/0.3168\/JDS.2007-0582.","DOI":"10.3168\/jds.2007-0582"},{"key":"80637","doi-asserted-by":"crossref","unstructured":"Ayi\u015fi\u011fi K, Ata\u015fo\u011flu C, Yaman-Yurtman I, Mende\u015f M, Pala A. Effect of probiotic supplementation shortly before and after weaning on growth of turkish saanen kids. Arch Anim Breed. 2005;10;48(6):601-11. doi: https:\/\/doi.org\/10.5194\/aab-48-601-2005.","DOI":"10.5194\/aab-48-601-2005"},{"key":"80638","doi-asserted-by":"crossref","unstructured":"Signorini ML, Soto LP, Zbrun MV, Sequeira GJ, Rosmini MR, Frizzo LS. Impact of probiotic administration on the health and fecal microbiota of young calves: A meta-analysis of randomized controlled trials of lactic acid bacteria. Res Vet Sci. 2012;1;93(1):250-8. doi: https:\/\/doi.org\/10.1016\/J.RVSC.2011.05.001.","DOI":"10.1016\/j.rvsc.2011.05.001"},{"key":"80639","unstructured":"Chac\u00f3n A. Comparaci\u00f3n de la titulaci\u00f3n de la acidez de leche caprina y bovina con hidr\u00f3xido de sonio y cal com\u00fan saturada. Agron Mesoam. 2006;17(1):1021-7444."},{"key":"80640","doi-asserted-by":"crossref","unstructured":"Saleem AM, Zanouny AI, Singer AM. Growth performance, nutrients digestibility, and blood metabolites of lambs fed diets supplemented with probiotics during pre- and post-weaning period. Asian-Australasian J Anim Sci. 2017;17;30(4):523-30. doi: https:\/\/doi.org\/10.5713\/ajas.16.0691.","DOI":"10.5713\/ajas.16.0691"},{"key":"80641","unstructured":"Ata\u015fo\u011flu C, Akba\u011f HI, T\u00f6l\u00fc C, Da\u015f G, Sava\u015f T, Yurtman IT. Effects of kefir as a probiotic source on the performance of goat kids. S Afr J Anim Sci. 2010;40(4):363-70."},{"key":"80642","doi-asserted-by":"crossref","unstructured":"Da\u015f G, Ata\u015fo\u011flu C, Akba\u011f HI, T\u00f6l\u00fc C, Yurtman IY, Sava\u015f T. Effects of kefir on coccidial oocysts excretion and performance of dairy goat kids following weaning. Trop Anim Health Prod. 2012;44(5):1049-55. doi: https:\/\/doi.org\/10.1007\/s11250-011-0039-3.","DOI":"10.1007\/s11250-011-0039-3"},{"key":"80643","doi-asserted-by":"crossref","unstructured":"Fomenky BE, Chiquette J, Bissonnette N, Talbot G, Chouinard PY, Ibeagha-Awemu EM. Impact of Saccharomyces cerevisiae boulardii CNCMI-1079 and Lactobacillus acidophilus BT1386 on total lactobacilli population in the gastrointestinal tract and colon histomorphology of Holstein dairy calves. Anim Feed Sci Technol. 2017;1;234:151-61. doi: https:\/\/doi.org\/10.1016\/J.ANIFEEDSCI.2017.08.019.","DOI":"10.1016\/j.anifeedsci.2017.08.019"},{"key":"80644","doi-asserted-by":"crossref","unstructured":"Bomba A, Kravjansk\u00fd I, Ka\u0161tel\u2019 R, Herich R, Juh\u00e1sov\u00e1 Z, \u010c\u00ed\u017eek M, et al. Inhibitory effects of Lactobacillus casei upon the adhesion of enterotoxigenic Escherichia coli K99 to the intestinal mucosa in gnotobiotic lambs. Small Rumin Res. 1996;3;23(2-3):199-206. doi: https:\/\/doi.org\/10.1016\/S0921-4488(96)00905-4.","DOI":"10.1016\/S0921-4488(96)00905-4"},{"key":"80645","doi-asserted-by":"crossref","unstructured":"Bomba A, Nemcov\u00e1 R, Gancarc\u00edkov\u00e1 S, Herich R, Kastel R. Potentiation of the effectiveness of lactobacillus casei in the prevention of E. coli induced diarrhea in conventional and gnotobiotic pigs. Adv Exp Med Biol. 2000;473:185-90.","DOI":"10.1007\/978-1-4615-4143-1_18"},{"key":"80646","unstructured":"Krehbiel CR, Rust SR, Zhang G, Gilliland SE. Bacterial direct-fed microbials in ruminant diets: Performance response and mode of action. J Anim Sci. 2003;1;81(14_suppl_2):E120-32. doi: https:\/\/doi.org\/10.2527\/2003.8114_suppl_2e120x."},{"key":"80647","doi-asserted-by":"crossref","unstructured":"Le OT, Dart PJ, Harper K, Zhang D, Schofield B, Callaghan MJ, et al. Effect of probiotic Bacillus amyloliquefaciens strain H57 on productivity and the incidence of diarrhoea in dairy calves. Anim Prod Sci. 2017;26;57(5):912-9.","DOI":"10.1071\/AN15776"},{"key":"80648","doi-asserted-by":"crossref","unstructured":"Renaud DL, Kelton DF, Weese JS, Noble C, Duffield TF. Evaluation of a multispecies probiotic as a supportive treatment for diarrhea in dairy calves: A randomized clinical trial. J Dairy Sci. 2019;7;[En prensa]. doi: https:\/\/doi.org\/10.3168\/JDS.2018-15793.","DOI":"10.3168\/jds.2018-15793"},{"key":"80649","doi-asserted-by":"crossref","unstructured":"Allen SJ, Martinez EG, Gregorio G V, Dans LF. Probiotics for treating acute infectious diarrhoea. Cochrane Database of Systematic Reviews. John Wiley & Sons, Ltd; 2010 nov. doi: https:\/\/doi.org\/10.1002\/14651858.CD003048.pub3.","DOI":"10.1002\/14651858.CD003048.pub3"},{"key":"80650","doi-asserted-by":"crossref","unstructured":"Ayala-Monter MA, Hern\u00e1ndez-S\u00e1nchez D, Gonz\u00e1lez-Mu\u00f1oz S, Pinto-Ruiz R, Marinez-Aispuro JA, Torres-Salado N, et al. Growth performance and health of nursing lambs supplemented with inulin and Lactobacillus casei. Asian-Australasian J Anim Sci. 2019;[En prensa]. doi: https:\/\/doi.org\/10.5713\/ajas.18.0630.","DOI":"10.5713\/ajas.18.0630"},{"key":"80651","doi-asserted-by":"crossref","unstructured":"Kara C, Orman A, Gencoglu H, Kovanl\u0131kaya A, Meral Y, Cetin I, et al. Effects of inulin supplementation on selected faecal characteristics and health of neonatal Saanen kids sucking milk from their dams. animal. 2012;27;6(12):1947-54. doi: https:\/\/doi.org\/10.1017\/S1751731112000900.","DOI":"10.1017\/S1751731112000900"}],"container-title":["Spei Domus"],"link":[{"URL":"https:\/\/revistas.ucc.edu.co\/index.php\/sp\/article\/download\/3354\/2959","content-type":"application\/pdf","content-version":"vor","intended-application":"text-mining"},{"URL":"https:\/\/revistas.ucc.edu.co\/index.php\/sp\/article\/download\/3354\/2959","content-type":"unspecified","content-version":"vor","intended-application":"similarity-checking"}],"deposited":{"date-parts":[[2020,6,11]],"date-time":"2020-06-11T21:30:26Z","timestamp":1591911026000},"score":0.0,"resource":{"primary":{"URL":"https:\/\/revistas.ucc.edu.co\/index.php\/sp\/article\/view\/3354"}},"issued":{"date-parts":[[2019,1,1]]},"references-count":24,"journal-issue":{"issue":"26-27","published-online":{"date-parts":[[2020,5,29]]}},"URL":"https:\/\/doi.org\/10.16925\/2382-4247.2017.01.01","ISSN":["2382-4247","1794-7928"],"issn-type":[{"value":"2382-4247","type":"electronic"},{"value":"1794-7928","type":"print"}],"published":{"date-parts":[[2019,1,1]]}},{"indexed":{"date-parts":[[2026,5,17]],"date-time":"2026-05-17T14:40:46Z","timestamp":1779028846174,"version":"3.51.4"},"reference-count":0,"publisher":"Universidad Cooperativa de Colombia- UCC","issue":"20","content-domain":{"domain":[],"crossmark-restriction":false},"short-container-title":["Pensando Psicol."],"abstract":"<jats:p>Introducci\u00f3n: a pesar de su importancia, el reporte formal y pormenorizado\u00a0de la validez de contenido de los instrumentos psicom\u00e9tricos\u00a0ha sido frecuentemente descuidado. En un trabajo previo, la Escala\u00a0de Perfeccionismo Infantil de Oros (2003), de origen argentino, fue\u00a0adaptada ling\u00fc\u00edstica y culturalmente al contexto venezolano. Objetivo:\u00a0el prop\u00f3sito del presente estudio fue estimar la validez relacionada\u00a0con el contenido de la versi\u00f3n venezolana de la escala antedicha a\u00a0trav\u00e9s del criterio de jueces. Metodolog\u00eda: un grupo de expertos en el\u00a0tema del perfeccionismo juzg\u00f3 si existe correspondencia entre lo que\u00a0parece que mide cada reactivo del instrumento y la dimensi\u00f3n a la\u00a0que pertenece; para cuantificar el acuerdo interjueces se us\u00f3 el denominado\u00a0\u00cdndice de Validez Factorial (fvi). Resultados: la escala total ylas llamadas \u201cAutodemandas\u201d, que se refieren a pensamientos perfeccionistas,\u00a0obtuvieron \u00edndices satisfactorios (fvi &gt; 0,80). Hubo menos\u00a0acuerdo con los \u00edtems de la dimensi\u00f3n \u201cReacciones ante el fracaso\u201d, en\u00a0parte atribuible a factores de diferenciaci\u00f3n cultural que influyen\u00a0en la expresi\u00f3n emocional. Conclusiones: ahora puede proseguirse\u00a0con el resto de la validaci\u00f3n psicom\u00e9trica de la prueba. Otros estudios\u00a0que persigan un objetivo similar al de este trabajo podr\u00edan emular el\u00a0procedimiento aqu\u00ed expuesto.<\/jats:p>","DOI":"10.16925\/pe.v12i20.1561","type":"journal-article","created":{"date-parts":[[2017,2,6]],"date-time":"2017-02-06T14:13:06Z","timestamp":1486390386000},"page":"29-41","source":"Crossref","is-referenced-by-count":1,"title":["Validaci\u00f3n de contenido de una versi\u00f3n culturalmente adaptada al contexto venezolano de la Escala de Perfeccionismo Infantil de Oros"],"prefix":"10.16925","volume":"12","author":[{"given":"Leonardo Andr\u00e9s","family":"Aguilar-Dur\u00e1n","sequence":"first","affiliation":[],"role":[{"role":"author","vocabulary":"crossref"}]},{"given":"Marilyn Yisneida","family":"Castellanos-L\u00f3pez","sequence":"additional","affiliation":[],"role":[{"role":"author","vocabulary":"crossref"}]}],"member":"6711","published-online":{"date-parts":[[2016,10,1]]},"container-title":["Pensando Psicolog\u00eda"],"link":[{"URL":"https:\/\/revistas.ucc.edu.co\/index.php\/pe\/article\/download\/1561\/1747","content-type":"application\/pdf","content-version":"vor","intended-application":"text-mining"},{"URL":"https:\/\/revistas.ucc.edu.co\/index.php\/pe\/article\/download\/1561\/1747","content-type":"unspecified","content-version":"vor","intended-application":"similarity-checking"}],"deposited":{"date-parts":[[2020,8,29]],"date-time":"2020-08-29T06:42:57Z","timestamp":1598683377000},"score":0.0,"resource":{"primary":{"URL":"https:\/\/revistas.ucc.edu.co\/index.php\/pe\/article\/view\/1561"}},"issued":{"date-parts":[[2016,10,1]]},"references-count":0,"journal-issue":{"issue":"20","published-online":{"date-parts":[[2016,10,1]]}},"URL":"https:\/\/doi.org\/10.16925\/pe.v12i20.1561","ISSN":["2382-3984","1900-3099"],"issn-type":[{"value":"2382-3984","type":"electronic"},{"value":"1900-3099","type":"print"}],"published":{"date-parts":[[2016,10,1]]}},{"indexed":{"date-parts":[[2026,7,23]],"date-time":"2026-07-23T14:12:10Z","timestamp":1784815930588,"version":"3.55.0"},"reference-count":0,"publisher":"Universidad Cooperativa de Colombia- UCC","issue":"17","content-domain":{"domain":[],"crossmark-restriction":false},"short-container-title":["Pensando Psicol."],"abstract":"<jats:p>El objetivo del presente estudio consiste en comparar las estrategias de afrontamiento y el estilo parental de madres de ni\u00f1os con y sin diagn\u00f3stico de trastorno por d\u00e9ficit de atenci\u00f3n e hiperactividad (TDAH). La muestra se conform\u00f3 en dos grupos: un grupo de madres con un hijo con diagn\u00f3stico de TDAH (n=14) y un grupo control (n=35). El abordaje metodol\u00f3gico se realiz\u00f3 por medio de la aplicaci\u00f3n de dos escalas que eval\u00faan estilos educativos parentales y del Cuestionario de Afrontamiento del Estr\u00e9s (CAE) dise\u00f1ado para evaluar siete estilos b\u00e1sicos de afrontamiento. Los resultados muestran diferencias en la percepci\u00f3n de los estilos parentales de las madres de ni\u00f1os con TDAH en comparaci\u00f3n con el grupo control, manifestando mayor cr\u00edtica, menor expresi\u00f3n afectiva y comportamientos educativos m\u00e1s r\u00edgidos. Si bien no se observan diferencias significativas entre los grupos en cuanto a las estrategias de afrontamiento utilizadas, s\u00ed se evidencia una tendencia a utilizar en mayor medida estrategias de afrontamiento racional y emocional en madres de ni\u00f1os con TDAH. Identificar el estilo parental m\u00e1s funcional y las estrategias de afrontamiento al estr\u00e9s m\u00e1s efectivas para estas madres tiene una implicaci\u00f3n directa sobre el tratamiento del trastorno ya que podr\u00edan jugar un rol importante en el curso de la enfermedad de su hijo.<\/jats:p>","DOI":"10.16925\/pe.v10i17.786","type":"journal-article","created":{"date-parts":[[2015,2,10]],"date-time":"2015-02-10T11:25:11Z","timestamp":1423567511000},"page":"71-84","source":"Crossref","is-referenced-by-count":1,"title":["Estrategias de afrontamiento y estilos parentales en madres de ni\u00f1os con y sin trastorno por d\u00e9ficit de atenci\u00f3n e hiperactividad"],"prefix":"10.16925","volume":"10","author":[{"given":"Roc\u00edo","family":"Gonz\u00e1lez","sequence":"first","affiliation":[],"role":[{"vocabulary":"crossref","role":"author"}]},{"given":"Liliana","family":"Bakker","sequence":"additional","affiliation":[],"role":[{"vocabulary":"crossref","role":"author"}]},{"given":"Josefina","family":"Rubiales","sequence":"additional","affiliation":[],"role":[{"vocabulary":"crossref","role":"author"}]}],"member":"6711","published-online":{"date-parts":[[2014,12,15]]},"container-title":["Pensando Psicolog\u00eda"],"link":[{"URL":"https:\/\/revistas.ucc.edu.co\/index.php\/pe\/article\/download\/786\/799","content-type":"application\/pdf","content-version":"vor","intended-application":"text-mining"},{"URL":"https:\/\/revistas.ucc.edu.co\/index.php\/pe\/article\/download\/786\/799","content-type":"unspecified","content-version":"vor","intended-application":"similarity-checking"}],"deposited":{"date-parts":[[2020,8,29]],"date-time":"2020-08-29T07:01:12Z","timestamp":1598684472000},"score":0.0,"resource":{"primary":{"URL":"https:\/\/revistas.ucc.edu.co\/index.php\/pe\/article\/view\/786"}},"issued":{"date-parts":[[2014,12,15]]},"references-count":0,"journal-issue":{"issue":"17","published-online":{"date-parts":[[2014,12,15]]}},"URL":"https:\/\/doi.org\/10.16925\/pe.v10i17.786","ISSN":["2382-3984","1900-3099"],"issn-type":[{"value":"2382-3984","type":"electronic"},{"value":"1900-3099","type":"print"}],"published":{"date-parts":[[2014,12,15]]}},{"indexed":{"date-parts":[[2026,4,16]],"date-time":"2026-04-16T23:42:48Z","timestamp":1776382968497,"version":"3.51.2"},"edition-number":"1","reference-count":0,"publisher":"Ediciones Universidad Cooperativa de Colombia","isbn-type":[{"value":"9789587605877","type":"print"}],"content-domain":{"domain":[],"crossmark-restriction":false},"published-print":{"date-parts":[[2026,4,15]]},"abstract":"<jats:p>This book reconstructs, from a narrative, legal, and phenomenological approach, the experiences of military\npersonnel who were victims of kidnapping during the Colombian armed conflict. It aims to make their stories\nvisible as contributions to historical memory, symbolic reparation, and a comprehensive understanding of the\nphenomenon, in response to the persistent invisibilization of these victims in official and academic discourses.\nKidnapping, used as a systematic strategy of war, deeply affected soldiers, their families, and institutions.\nThe work is organized around three axes: (i) a legal analysis that examines kidnapping as a crime under\ndomestic law and as a war crime and crime against humanity under International Law; (ii) a narrative\u2013discursive\napproach that explains how testimonies construct meaning, identity, and resilience after trauma; and (iii)\nan empirical section based on life stories that reveals the emotional, social, and family impact of captivity,\nincluding a sociolegal reading from a gender perspective.\nThe findings show differentiated impacts, such as the breakdown of family ties, stigmatization, persistent\ntrauma, and inadequate institutional responses. They also demonstrate that narrating pain becomes an act of\nsymbolic reparation. The book concludes that peace and transitional justice require fully recognizing military\npersonnel as victims and guaranteeing differentiated and transformative reparation mechanisms.<\/jats:p>","DOI":"10.16925\/9789587605891","type":"edited-book","created":{"date-parts":[[2026,4,16]],"date-time":"2026-04-16T22:47:02Z","timestamp":1776379622000},"source":"Crossref","is-referenced-by-count":0,"title":["Tejiendo relatos de resiliencia: un abordaje narrativo de las v\u00edctimas en la reconstrucci\u00f3n social del posconflicto"],"prefix":"10.16925","author":[{"ORCID":"https:\/\/orcid.org\/0000-0002-5754-3730","authenticated-orcid":false,"given":"Fabio Andr\u00e9s","family":"Ribero Salazar","sequence":"first","affiliation":[{"name":"Universidad La Gran Colombia"}],"role":[{"role":"author","vocabulary":"crossref"}]},{"ORCID":"https:\/\/orcid.org\/0000-0001-8766-6953","authenticated-orcid":false,"given":"Yonni Albeiro","family":"Berm\u00fadez Berm\u00fadez","sequence":"additional","affiliation":[{"name":"Universidad Cooperativa de Colombia"}],"role":[{"role":"author","vocabulary":"crossref"}]},{"ORCID":"https:\/\/orcid.org\/0009-0003-8041-4886","authenticated-orcid":false,"given":"Elquin A.","family":"Infante Mart\u00ednez","sequence":"additional","affiliation":[{"name":"Universidad Cooperativa de Colombia"}],"role":[{"role":"author","vocabulary":"crossref"}]},{"ORCID":"https:\/\/orcid.org\/0000-0002-4365-9388","authenticated-orcid":false,"given":"Yenifer Yiseth","family":"Su\u00e1rez D\u00edaz","sequence":"additional","affiliation":[{"name":"Universidad Cooperativa de Colombia"}],"role":[{"role":"author","vocabulary":"crossref"}]},{"ORCID":"https:\/\/orcid.org\/0000-0002-7713-8337","authenticated-orcid":false,"given":"Edimar Jhossed","family":"Ortiz D\u00edaz","sequence":"additional","affiliation":[{"name":"Universidad Cooperativa de Colombia"}],"role":[{"role":"author","vocabulary":"crossref"}]}],"member":"6711","published-online":{"date-parts":[[2026,4,16]]},"deposited":{"date-parts":[[2026,4,16]],"date-time":"2026-04-16T22:47:03Z","timestamp":1776379623000},"score":0.0,"resource":{"primary":{"URL":"https:\/\/ediciones.ucc.edu.co\/index.php\/ucc\/catalog\/book\/476"}},"issued":{"date-parts":[[2026,4,15]]},"ISBN":["9789587605877"],"references-count":0,"URL":"https:\/\/doi.org\/10.16925\/9789587605891","published":{"date-parts":[[2026,4,15]]}},{"indexed":{"date-parts":[[2026,4,11]],"date-time":"2026-04-11T10:08:15Z","timestamp":1775902095373,"version":"3.50.1"},"reference-count":0,"publisher":"Universidad Cooperativa de Colombia- UCC","issue":"105","content-domain":{"domain":[],"crossmark-restriction":false},"short-container-title":["Coop. Desarro."],"abstract":"<jats:p>El art\u00edculo propone un viraje a la teor\u00eda econ\u00f3mica tradicional a partir de los aportes de la teor\u00eda\u00a0econ\u00f3mica comprensiva de Luis Razeto Migliario (1994). Para ello, adem\u00e1s de mostrar aspectos\u00a0importantes de la teor\u00eda propuesta, se exponen los resultados de una aproximaci\u00f3n desde la vivencia\u00a0de la asociatividad de algunas organizaciones de car\u00e1cter agropecuario en tres municipios\u00a0del oriente de Antioquia, los cuales, lejos de concentrarse en el crecimiento del factor capital, se\u00a0fortalecen en el crecimiento del factor comunidad mediante la potenciaci\u00f3n de los dem\u00e1s factores\u00a0(trabajo, medios financieros, medios materiales, tecnolog\u00eda y gesti\u00f3n). Estos se desenvuelven en\u00a0el contexto de la econom\u00eda campesina, concepto que se aborda desde la aproximaci\u00f3n de Forero\u00a0(2003), y se resalta el car\u00e1cter familiar campesino de las organizaciones. Se evidencia que las caracter\u00edsticas\u00a0de las asociaciones estudiadas, aunque no tienen desarrollado unos fuertes factores\u00a0financieros y materiales, est\u00e1n cohesionadas por valores que fortalecen el factor comunidad.<\/jats:p>","DOI":"10.16925\/co.v22i105.690","type":"journal-article","created":{"date-parts":[[2019,9,13]],"date-time":"2019-09-13T02:50:14Z","timestamp":1568343014000},"source":"Crossref","is-referenced-by-count":4,"title":["Construcci\u00f3n del concepto de econom\u00eda solidaria: una mirada a la teor\u00eda econ\u00f3mica comprensiva"],"prefix":"10.16925","volume":"22","author":[{"given":"Juli\u00e1n Mauricio","family":"V\u00e9lez - Tamayo","sequence":"first","affiliation":[],"role":[{"role":"author","vocabulary":"crossref"}]}],"member":"6711","published-online":{"date-parts":[[2014,12,5]]},"container-title":["Cooperativismo &amp; Desarrollo"],"link":[{"URL":"https:\/\/revistas.ucc.edu.co\/index.php\/co\/article\/download\/690\/1506","content-type":"application\/pdf","content-version":"vor","intended-application":"text-mining"},{"URL":"https:\/\/revistas.ucc.edu.co\/index.php\/co\/article\/download\/690\/1506","content-type":"unspecified","content-version":"vor","intended-application":"similarity-checking"}],"deposited":{"date-parts":[[2019,9,13]],"date-time":"2019-09-13T02:50:14Z","timestamp":1568343014000},"score":0.0,"resource":{"primary":{"URL":"https:\/\/revistas.ucc.edu.co\/index.php\/co\/article\/view\/690"}},"issued":{"date-parts":[[2014,12,5]]},"references-count":0,"journal-issue":{"issue":"105","published-online":{"date-parts":[[2014,12,5]]}},"URL":"https:\/\/doi.org\/10.16925\/co.v22i105.690","ISSN":["2382-4220","0120-7180"],"issn-type":[{"value":"2382-4220","type":"electronic"},{"value":"0120-7180","type":"print"}],"published":{"date-parts":[[2014,12,5]]}},{"indexed":{"date-parts":[[2026,6,1]],"date-time":"2026-06-01T17:04:41Z","timestamp":1780333481268,"version":"3.54.1"},"reference-count":32,"publisher":"Universidad Cooperativa de Colombia - UCC","issue":"1","license":[{"start":{"date-parts":[[2026,5,29]],"date-time":"2026-05-29T00:00:00Z","timestamp":1780012800000},"content-version":"unspecified","delay-in-days":0,"URL":"https:\/\/creativecommons.org\/licenses\/by\/4.0"}],"content-domain":{"domain":[],"crossmark-restriction":false},"short-container-title":["ing. Solidar"],"abstract":"<jats:p>Introduction: This paper is the result of the research project \u201cDeep Learning for the Identification of Non-Melanocytic Lesions on Dermoscopic Images,\u201d conducted at Francisco de Paula Santander University in 2024. A computer-aided diagnostic tool is proposed for skin cancer classification, aimed at facilitating the automatic analysis of skin lesions on low-cost platforms. Methods: A graphical user interface was developed in Python, integrating a convolutional neural network model implemented on a Raspberry Pi. The system\u2019s performance was evaluated through real-world testing. Results: The average diagnosis time was 13.6 seconds. Mean CPU usage was 32.65%, RAM usage reached 46.70%, and processor temperature peaked at 55 \u00b0C under maximum load. Conclusions: The system operates effectively on embedded devices, with good performance and moderate resource consumption, making it suitable for resource-constrained environments. Originality: The authors declare that the work is original and unpublished. Limitations: The study focuses on the development of the human-computer interaction tool, not on the development of the computational model.<\/jats:p>","DOI":"10.16925\/2357-6014.2026.01.07","type":"journal-article","created":{"date-parts":[[2026,6,1]],"date-time":"2026-06-01T16:05:54Z","timestamp":1780329954000},"page":"1-21","source":"Crossref","is-referenced-by-count":0,"title":["Human-computer interaction tool development for skin cancer diagnosis on a low-cost platform","Desarrollo de una herramienta de interacci\u00f3n humano-computador para el diagn\u00f3stico de c\u00e1ncer de piel en una plataforma de bajo costo"],"prefix":"10.16925","volume":"22","author":[{"ORCID":"https:\/\/orcid.org\/0000-0002-3781-4564","authenticated-orcid":false,"given":"Carlos Vicente","family":"Ni\u00f1o Rond\u00f3n","sequence":"first","affiliation":[],"role":[{"vocabulary":"crossref","role":"author"}]},{"ORCID":"https:\/\/orcid.org\/0000-0003-0962-9916","authenticated-orcid":false,"given":"Sergio Alexander","family":"Castro Casadiego","sequence":"additional","affiliation":[],"role":[{"vocabulary":"crossref","role":"author"}]}],"member":"6711","published-online":{"date-parts":[[2026,5,29]]},"reference":[{"key":"188188","doi-asserted-by":"crossref","unstructured":"[1] M. Chen, P. Zhou, D. Wu, L. Hu, M. M. Hassan, and A. Alamri, \u201cAI-Skin: Skin disease recognition based on self-learning and wide data collection through a closed-loop framework,\u201d Information Fusion, vol. 54, pp. 1\u20139, 2020. [https:\/\/doi.org\/10.1016\/j.inffus.2019.06.005](https:\/\/doi.org\/10.1016\/j.inffus.2019.06.005)","DOI":"10.1016\/j.inffus.2019.06.005"},{"key":"188189","doi-asserted-by":"crossref","unstructured":"[2] T. C. Pham, A. Doucet, C. M. Luong, C. T. Tran, and V. D. Hoang, \u201cImproving skin-disease classification based on customized loss function combined with balanced mini-batch logic and real-time image augmentation,\u201d IEEE Access, vol. 8, pp. 150725\u2013150737, 2020. [https:\/\/doi.org\/10.1109\/access.2020.3016653](https:\/\/doi.org\/10.1109\/access.2020.3016653)","DOI":"10.1109\/ACCESS.2020.3016653"},{"key":"188190","doi-asserted-by":"crossref","unstructured":"[3] W. Gouda, N. U. Sama, G. Al-Waakid, M. Humayun, and N. Z. Jhanjhi, \u201cDetection of skin cancer based on skin lesion images using deep learning,\u201d Healthcare (Switzerland), vol. 10, no. 7, Jul. 2022. [https:\/\/doi.org\/10.3390\/healthcare10071183](https:\/\/doi.org\/10.3390\/healthcare10071183)","DOI":"10.3390\/healthcare10071183"},{"key":"188191","doi-asserted-by":"crossref","unstructured":"[4] K. Ali, Z. A. Shaikh, A. A. Khan, and A. A. Laghari, \u201cMulticlass skin cancer classification using EfficientNets \u2013 a first step towards preventing skin cancer,\u201d Neuroscience Informatics, vol. 2, no. 4, p. 100034, Dec. 2022. [https:\/\/doi.org\/10.1016\/j.neuri.2021.100034](https:\/\/doi.org\/10.1016\/j.neuri.2021.100034)","DOI":"10.1016\/j.neuri.2021.100034"},{"key":"188192","doi-asserted-by":"crossref","unstructured":"[5] S. Jinnai, N. Yamazaki, Y. Hirano, Y. Sugawara, Y. Ohe, and R. Hamamoto, \u201cThe development of a skin cancer classification system for pigmented skin lesions using deep learning,\u201d Biomolecules, vol. 10, no. 8, pp. 1\u201313, Aug. 2020. [https:\/\/doi.org\/10.3390\/biom10081123](https:\/\/doi.org\/10.3390\/biom10081123)","DOI":"10.3390\/biom10081123"},{"key":"188193","doi-asserted-by":"crossref","unstructured":"[6] S. S. Chaturvedi, K. Gupta, and P. S. Prasad, \u201cSkin lesion analyser: an efficient seven-way multi-class skin cancer classification using MobileNet,\u201d in Advances in Intelligent Systems and Computing, Springer, 2021, pp. 165\u2013176. [https:\/\/doi.org\/10.1007\/978-981-15-3383-9_15](https:\/\/doi.org\/10.1007\/978-981-15-3383-9_15)","DOI":"10.1007\/978-981-15-3383-9_15"},{"key":"188194","doi-asserted-by":"crossref","unstructured":"[7] R. P. Widhianto et al., \u201cHardware design of skin cancer detection device,\u201d in 9th International Conference on Engineering and Emerging Technologies (ICEET), IEEE, May 2024, pp. 1\u20136. [https:\/\/doi.org\/10.1109\/iceet60227.2023.10525755](https:\/\/doi.org\/10.1109\/iceet60227.2023.10525755)","DOI":"10.1109\/ICEET60227.2023.10525755"},{"key":"188195","doi-asserted-by":"crossref","unstructured":"[8] S. A. A. Ahmed, B. Yanikoglu, O. Goksu, and E. Aptoula, \u201cSkin lesion classification with deep CNN ensembles,\u201d in 28th Signal Processing and Communications Applications Conference (SIU), Oct. 2020. [https:\/\/doi.org\/10.1109\/siu49456.2020.9302125](https:\/\/doi.org\/10.1109\/siu49456.2020.9302125)","DOI":"10.1109\/SIU49456.2020.9302125"},{"key":"188196","doi-asserted-by":"crossref","unstructured":"[9] Z. Huang et al., \u201cThe correlation of deep learning-based CAD-RADS evaluated by coronary computed tomography angiography with breast arterial calcification on mammography,\u201d Scientific Reports, vol. 10, no. 1, pp. 1\u20138, 2020. [https:\/\/doi.org\/10.1038\/s41598-020-68378-4](https:\/\/doi.org\/10.1038\/s41598-020-68378-4)","DOI":"10.1038\/s41598-020-68378-4"},{"key":"188197","doi-asserted-by":"crossref","unstructured":"[10] V. Mohite, A. B. Deoghare, and K. M. Pandey, \u201cModeling of human airways CAD model using CT scan data,\u201d Materials Today: Proceedings, vol. 22, pp. 1710\u20131714, 2019. [https:\/\/doi.org\/10.1016\/j.matpr.2020.02.189](https:\/\/doi.org\/10.1016\/j.matpr.2020.02.189)","DOI":"10.1016\/j.matpr.2020.02.189"},{"key":"188198","doi-asserted-by":"crossref","unstructured":"[11] A. Kumar and A. Vatsa, \u201cUntangling classification methods for melanoma skin cancer,\u201d Frontiers in Big Data, vol. 5, pp. 1\u201311, Mar. 2022. [https:\/\/doi.org\/10.3389\/fdata.2022.848614](https:\/\/doi.org\/10.3389\/fdata.2022.848614)","DOI":"10.3389\/fdata.2022.848614"},{"key":"188199","doi-asserted-by":"crossref","unstructured":"[12] M. K. Monika et al., \u201cSkin cancer detection and classification using machine learning,\u201d Materials Today: Proceedings, pp. 4266\u20134270, 2020. [https:\/\/doi.org\/10.1016\/j.matpr.2020.07.366](https:\/\/doi.org\/10.1016\/j.matpr.2020.07.366)","DOI":"10.1016\/j.matpr.2020.07.366"},{"key":"188200","doi-asserted-by":"crossref","unstructured":"[13] J. Rashid et al., \u201cSkin cancer disease detection using transfer learning technique,\u201d Applied Sciences (Switzerland), vol. 12, no. 11, Jun. 2022. [https:\/\/doi.org\/10.3390\/app12115714](https:\/\/doi.org\/10.3390\/app12115714)","DOI":"10.3390\/app12115714"},{"key":"188201","doi-asserted-by":"crossref","unstructured":"[14] \u015e. \u00d6zt\u00fcrk and U. \u00d6zkaya, \u201cSkin lesion segmentation with improved convolutional neural network,\u201d Journal of Digital Imaging, vol. 33, no. 4, pp. 958\u2013970, May 2020. [https:\/\/doi.org\/10.1007\/s10278-020-00343-z](https:\/\/doi.org\/10.1007\/s10278-020-00343-z)","DOI":"10.1007\/s10278-020-00343-z"},{"key":"188202","doi-asserted-by":"crossref","unstructured":"[15] A. Imran et al., \u201cSkin cancer detection using combined decision of deep learners,\u201d IEEE Access, vol. 10, pp. 118198\u2013118212, 2022. [https:\/\/doi.org\/10.1109\/access.2022.3220329](https:\/\/doi.org\/10.1109\/access.2022.3220329)","DOI":"10.1109\/ACCESS.2022.3220329"},{"key":"188203","doi-asserted-by":"crossref","unstructured":"[16] Q. et al., \u201cA two-stage low-altitude remote sensing Papaver somniferum image detection system based on YOLOv5s + DenseNet121,\u201d Remote Sensing, vol. 14, no. 8, pp. 1\u201318, 2022. [https:\/\/doi.org\/10.3390\/rs14081834](https:\/\/doi.org\/10.3390\/rs14081834)","DOI":"10.3390\/rs14081834"},{"key":"188204","doi-asserted-by":"crossref","unstructured":"[17] M. Z. U. Rehman et al., \u201cClassification of skin cancer lesions using explainable deep learning,\u201d Sensors, vol. 22, no. 18, Sep. 2022. [https:\/\/doi.org\/10.3390\/s22186915](https:\/\/doi.org\/10.3390\/s22186915)","DOI":"10.3390\/s22186915"},{"key":"188205","doi-asserted-by":"crossref","unstructured":"[18] A. Imran et al., \u201cSkin cancer detection using combined decision of deep learners,\u201d IEEE Access, vol. 10, pp. 118198\u2013118212, 2022. [https:\/\/doi.org\/10.1109\/access.2022.3220329](https:\/\/doi.org\/10.1109\/access.2022.3220329)","DOI":"10.1109\/ACCESS.2022.3220329"},{"key":"188206","doi-asserted-by":"crossref","unstructured":"[19] S. Jain et al., \u201cDeep learning-based transfer learning for classification of skin cancer,\u201d Sensors, vol. 21, no. 23, Dec. 2021. [https:\/\/doi.org\/10.3390\/s21238142](https:\/\/doi.org\/10.3390\/s21238142)","DOI":"10.3390\/s21238142"},{"key":"188207","doi-asserted-by":"crossref","unstructured":"[20] S. Jain et al., \u201cDeep learning-based transfer learning for classification of skin cancer,\u201d Sensors, vol. 21, no. 23, Dec. 2021. [https:\/\/doi.org\/10.3390\/s21238142](https:\/\/doi.org\/10.3390\/s21238142)","DOI":"10.3390\/s21238142"},{"key":"188208","doi-asserted-by":"crossref","unstructured":"[21] H.-W. Huang, B. W.-Y. Hsu, C.-H. Lee, and V. S. Tseng, \u201cDevelopment of a lightweight deep learning model for cloud applications and remote diagnosis of skin cancers,\u201d Journal of Dermatology, vol. 48, no. 3, pp. 310\u2013316, Mar. 2021. [https:\/\/doi.org\/10.1111\/1346-8138.15683](https:\/\/doi.org\/10.1111\/1346-8138.15683)","DOI":"10.1111\/1346-8138.15683"},{"key":"188209","doi-asserted-by":"crossref","unstructured":"[22] T. Guergueb and M. A. Akhloufi, \u201cMelanoma skin cancer detection using recent deep learning models,\u201d in Proceedings of the Annual International Conference of the IEEE Engineering in Medicine and Biology Society (EMBS), 2021, pp. 3074\u20133077. [https:\/\/doi.org\/10.1109\/EMBC46164.2021.9631047](https:\/\/doi.org\/10.1109\/EMBC46164.2021.9631047)","DOI":"10.1109\/EMBC46164.2021.9631047"},{"key":"188210","doi-asserted-by":"crossref","unstructured":"[23] J. Ramya, H. C. Vijaylakshmi, and H. Mirza Saifuddin, \u201cSegmentation of skin lesion images using discrete wavelet transform,\u201d Biomedical Signal Processing and Control, vol. 69, Aug. 2021. [https:\/\/doi.org\/10.1016\/j.bspc.2021.102839](https:\/\/doi.org\/10.1016\/j.bspc.2021.102839)","DOI":"10.1016\/j.bspc.2021.102839"},{"key":"188211","doi-asserted-by":"crossref","unstructured":"[24] N. A. Ram\u00edrez P\u00e9rez, E. G\u00f3mez Vargas, and H. Vacca Gonz\u00e1lez, \u201cAutomatic learning model to predict transparency indicators for effective management of public resources,\u201d Ingenier\u00eda Solidaria, pp. 1\u201321, Sep. 2023. [https:\/\/doi.org\/10.16925\/2357-6014.2023.03.09](https:\/\/doi.org\/10.16925\/2357-6014.2023.03.09)","DOI":"10.16925\/2357-6014.2023.03.09"},{"key":"188212","doi-asserted-by":"crossref","unstructured":"[25] P. Varalakshmi, V. Aruna Devi, M. Ezhilarasi, and N. Sandhiya, \u201cEnhanced dermatoscopic skin lesion classification using machine learning techniques,\u201d in 2021 International Conference on Wireless Communications, Signal Processing and Networking (WiSPNET), pp. 68\u201371. [https:\/\/doi.org\/10.1109\/WiSPNET51692.2021.9419466](https:\/\/doi.org\/10.1109\/WiSPNET51692.2021.9419466)","DOI":"10.1109\/WiSPNET51692.2021.9419466"},{"key":"188213","doi-asserted-by":"crossref","unstructured":"[26] Y. Jin, M. Ma, and Y. Zhu, \u201cA comparison of natural user interface and graphical user interface for narrative in HMD-based augmented reality,\u201d Multimedia Tools and Applications, vol. 81, no. 4, pp. 5795\u20135826, 2022. [https:\/\/doi.org\/10.1007\/s11042-021-11723-0](https:\/\/doi.org\/10.1007\/s11042-021-11723-0)","DOI":"10.1007\/s11042-021-11723-0"},{"key":"188214","doi-asserted-by":"crossref","unstructured":"[27] C. V. Ni\u00f1o-Rond\u00f3n, S. A. Castro-Casadiego, B. Medina-Delgado, and D. Guevara-Ibarra, \u201cAn\u00e1lisis de viabilidad y dise\u00f1o de un sistema electr\u00f3nico para el seguimiento de la din\u00e1mica poblacional en la ciudad de C\u00facuta,\u201d Ingenier\u00edas USBMed, vol. 11, no. 1, pp. 56\u201364, 2020. [https:\/\/doi.org\/10.21500\/20275846.4489](https:\/\/doi.org\/10.21500\/20275846.4489)","DOI":"10.21500\/20275846.4489"},{"key":"188215","unstructured":"[28] M. Mallegowda, A. Anithakanavlli, and A. M. P. Amrutha, \u201cDesign and integration of middleware for IoT devices towards solar panel monitoring based on Raspberry Pi,\u201d Journal of Seybold Report, 2020, p. 19."},{"key":"188216","doi-asserted-by":"crossref","unstructured":"[29] N. Onizawa, S. C. Smithson, B. H. Meyer, W. J. Gross, and T. Hanyu, \u201cIn-hardware training chip based on CMOS invertible logic for machine learning,\u201d IEEE Transactions on Circuits and Systems I: Regular Papers, vol. 67, no. 5, pp. 1541\u20131550, May 2020. [https:\/\/doi.org\/10.1109\/TCSI.2019.2960383](https:\/\/doi.org\/10.1109\/TCSI.2019.2960383)","DOI":"10.1109\/TCSI.2019.2960383"},{"key":"188217","doi-asserted-by":"crossref","unstructured":"[30] Y. Batko, G. Melnyk, and O. Pitsun, \u201cGraphical interface of hybrid intelligent systems for biomedical imaging analysis,\u201d in 2016 IEEE 1st International Conference on Data Stream Mining and Processing (DSMP), 2016, pp. 121\u2013124. [https:\/\/doi.org\/10.1109\/DSMP.2016.7583521](https:\/\/doi.org\/10.1109\/DSMP.2016.7583521)","DOI":"10.1109\/DSMP.2016.7583521"},{"key":"188218","doi-asserted-by":"crossref","unstructured":"[31] S. Jiang, H. Li, and Z. Jin, \u201cA visually interpretable deep learning framework for histopathological image-based skin cancer diagnosis,\u201d IEEE Journal of Biomedical and Health Informatics, vol. 25, no. 5, pp. 1483\u20131494, May 2021. [https:\/\/doi.org\/10.1109\/JBHI.2021.3052044](https:\/\/doi.org\/10.1109\/JBHI.2021.3052044)","DOI":"10.1109\/JBHI.2021.3052044"},{"key":"188219","doi-asserted-by":"crossref","unstructured":"[32] N. Kausar et al., \u201cMulticlass skin cancer classification using ensemble of fine-tuned deep learning models,\u201d Applied Sciences (Switzerland), vol. 11, no. 22, Nov. 2021. [https:\/\/doi.org\/10.3390\/app112210593](https:\/\/doi.org\/10.3390\/app112210593)","DOI":"10.3390\/app112210593"}],"container-title":["Ingenier\u00eda Solidaria"],"link":[{"URL":"https:\/\/revistas.ucc.edu.co\/index.php\/in\/article\/download\/5501\/3969","content-type":"application\/pdf","content-version":"vor","intended-application":"text-mining"},{"URL":"https:\/\/revistas.ucc.edu.co\/index.php\/in\/article\/download\/5501\/3969","content-type":"unspecified","content-version":"vor","intended-application":"similarity-checking"}],"deposited":{"date-parts":[[2026,6,1]],"date-time":"2026-06-01T16:06:07Z","timestamp":1780329967000},"score":0.0,"resource":{"primary":{"URL":"https:\/\/revistas.ucc.edu.co\/index.php\/in\/article\/view\/5501"}},"issued":{"date-parts":[[2026,5,29]]},"references-count":32,"journal-issue":{"issue":"1","published-online":{"date-parts":[[2026,5,29]]}},"URL":"https:\/\/doi.org\/10.16925\/2357-6014.2026.01.07","ISSN":["2357-6014","1900-3102"],"issn-type":[{"value":"2357-6014","type":"electronic"},{"value":"1900-3102","type":"print"}],"published":{"date-parts":[[2026,5,29]]}},{"indexed":{"date-parts":[[2026,6,5]],"date-time":"2026-06-05T10:13:20Z","timestamp":1780654400919,"version":"3.54.1"},"reference-count":0,"publisher":"Universidad Cooperativa de Colombia - UCC","issue":"1","content-domain":{"domain":[],"crossmark-restriction":false},"short-container-title":["Pensando Psicol."],"abstract":"<jats:p>La orientaci\u00f3n vocacional puede entenderse como un proceso que ayuda a la elecci\u00f3n de una profesi\u00f3n y la preparaci\u00f3n para esta, el acceso a su ejercicio, la evoluci\u00f3n y progreso posterior. El objetivo de la presente revi-si\u00f3n de tema es indagar cu\u00e1les fueron los instrumentos m\u00e1s utilizados a nivel nacional e internacional a la hora de realizar un proceso de orientaci\u00f3n vocacional entre 2015 y 2020 en estudiantes de educaci\u00f3n secundaria. Se realiz\u00f3 una b\u00fasqueda de art\u00edculos derivados de investigaciones en bases de datos como Ebscohost, Science Direct, Scopus, Lilacs, Scielo y Redalyc. En la indagaci\u00f3n inicial se registraron 1298 art\u00edculos y a partir de los criterios de exclusi\u00f3n, se seleccionaron un total de 23 publicaciones. El an\u00e1lisis realizado conduce a identificar los instrumentos utilizados en los \u00faltimos cinco a\u00f1os, en donde el SDS es el instrumento con m\u00e1s frecuencia de uso; esto se debe a la universalidad en su estructura factorial. Conocer los instrumentos empleados a nivel nacional  e  internacional  permitir\u00e1  implementar  herramientas  que  faciliten  realizar  procesos  de  orientaci\u00f3n  vocacional-profesional m\u00e1s acertados y acordes a las necesidades culturales, actualmente en Colombia presenta d\u00e9ficit de instrumentos estandarizados y v\u00e1lidos para los procesos orientaci\u00f3n vocacional.<\/jats:p>","DOI":"10.16925\/2382-3984.2023.01.01","type":"journal-article","created":{"date-parts":[[2024,5,22]],"date-time":"2024-05-22T01:40:16Z","timestamp":1716342016000},"page":"1-22","source":"Crossref","is-referenced-by-count":2,"title":["Instrumentos utilizados en orientaci\u00f3n vocacional-profesional una revisi\u00f3n sistem\u00e1tica de tema"],"prefix":"10.16925","volume":"19","author":[{"name":"Universidad de Manizales","sequence":"first","affiliation":[],"role":[{"vocabulary":"crossref","role":"author"}]},{"ORCID":"https:\/\/orcid.org\/0000-0003-3498-5154","authenticated-orcid":false,"given":"Steeventh","family":"Casta\u00f1o Acosta","sequence":"first","affiliation":[],"role":[{"vocabulary":"crossref","role":"author"}]},{"ORCID":"https:\/\/orcid.org\/0000-0001-6404-684X","authenticated-orcid":false,"given":"Gloria del Carmen","family":"Tob\u00f3n V\u00e1squez","sequence":"additional","affiliation":[],"role":[{"vocabulary":"crossref","role":"author"}]},{"name":"Universidad de Manizales","sequence":"additional","affiliation":[],"role":[{"vocabulary":"crossref","role":"author"}]},{"ORCID":"https:\/\/orcid.org\/0000-0003-1781-808X","authenticated-orcid":false,"given":"Andr\u00e9s Camilo","family":"Delgado-Reyes","sequence":"additional","affiliation":[],"role":[{"vocabulary":"crossref","role":"author"}]},{"name":"Universidad de Manizales","sequence":"additional","affiliation":[],"role":[{"vocabulary":"crossref","role":"author"}]},{"ORCID":"https:\/\/orcid.org\/0000-0002-8471-8532","authenticated-orcid":false,"given":"Lorena","family":"Aguirre Aldana","sequence":"additional","affiliation":[],"role":[{"vocabulary":"crossref","role":"author"}]},{"name":"Universidad de Manizales","sequence":"additional","affiliation":[],"role":[{"vocabulary":"crossref","role":"author"}]}],"member":"6711","published-online":{"date-parts":[[2024,3,18]]},"container-title":["Pensando Psicolog\u00eda"],"deposited":{"date-parts":[[2024,5,22]],"date-time":"2024-05-22T01:40:19Z","timestamp":1716342019000},"score":0.0,"resource":{"primary":{"URL":"https:\/\/revistas.ucc.edu.co\/index.php\/pe\/article\/view\/4269\/"}},"issued":{"date-parts":[[2024,3,18]]},"references-count":0,"journal-issue":{"issue":"1","published-online":{"date-parts":[[2024,3,18]]}},"URL":"https:\/\/doi.org\/10.16925\/2382-3984.2023.01.01","ISSN":["2382-3984"],"issn-type":[{"value":"2382-3984","type":"electronic"}],"published":{"date-parts":[[2024,3,18]]}},{"indexed":{"date-parts":[[2026,2,27]],"date-time":"2026-02-27T17:20:54Z","timestamp":1772212854321,"version":"3.50.1"},"reference-count":0,"publisher":"Ediciones Universidad Cooperativa de Colombia","content-domain":{"domain":[],"crossmark-restriction":false},"abstract":"<jats:p>El pensamiento pol\u00edtico ha experimentado profundas transformaciones, desde las teor\u00edas teocr\u00e1ticas del iusnaturalismo hasta el surgimiento del liberalismo moderno. En la Edad Media, el iusnaturalismo teocr\u00e1tico conceb\u00eda el derecho natural como una manifestaci\u00f3n de la voluntad divina bajo esta visi\u00f3n, el orden jur\u00eddico deb\u00eda reflejar la ley eterna dictada por Dios y el poder pol\u00edtico se legitimaba por su subordinaci\u00f3n a los principios religiosos. Luego, con el Renacimiento y posteriormente la Ilustraci\u00f3n, se produce una ruptura del teocentrismo, dando paso al antropocentrismo, un nuevo pensamiento humanista y racionalista que promueve la autonom\u00eda del individuo y la raz\u00f3n como fuente de conocimiento y cuestionamiento de la autoridad tradicional eclesi\u00e1stica. En este contexto, surge el absolutismo mon\u00e1rquico como sistema pol\u00edtico caracterizado por la concentraci\u00f3n del poder en el monarca. Frente al absolutismo, emerge el liberalismo, que propone la limitaci\u00f3n del poder del Estado en garant\u00eda de derechos individuales.<\/jats:p>","DOI":"10.16925\/gclc.72","type":"report","created":{"date-parts":[[2026,2,27]],"date-time":"2026-02-27T16:31:52Z","timestamp":1772209912000},"source":"Crossref","is-referenced-by-count":0,"title":["Panorama del pensamiento pol\u00edtico medieval: apertura de la modernidad"],"prefix":"10.16925","author":[{"given":"Laura Cristina","family":"Saavedra Ram\u00edrez","sequence":"first","affiliation":[],"role":[{"role":"author","vocabulary":"crossref"}]}],"member":"6711","published-online":{"date-parts":[[2025,7]]},"deposited":{"date-parts":[[2026,2,27]],"date-time":"2026-02-27T16:31:52Z","timestamp":1772209912000},"score":0.0,"resource":{"primary":{"URL":"https:\/\/repository.ucc.edu.co\/entities\/publication\/d4c8efca-4de3-4bba-8cb5-32b7c6efa18e"}},"issued":{"date-parts":[[2025,7]]},"references-count":0,"URL":"https:\/\/doi.org\/10.16925\/gclc.72","published":{"date-parts":[[2025,7]]}},{"indexed":{"date-parts":[[2026,6,25]],"date-time":"2026-06-25T21:32:48Z","timestamp":1782423168292,"version":"3.54.5"},"reference-count":64,"publisher":"Universidad Cooperativa de Colombia - UCC","issue":"2","content-domain":{"domain":[],"crossmark-restriction":false},"short-container-title":["ing. Solidar"],"abstract":"<jats:p>Introduction:This article is developed within the framework of the Emple-ap project, coordinated since 2018 by the Universidad Distrital Francisco Jos\u00e9 de Caldas in Bogot\u00e1.\r\nProblem:Recent graduates of higher education face a problem of employability that is affected by multiple interdependent and changing variables, actors and contexts, which makes it more complex in nature. However, the problem is usually approached from a simplistic perspective that prevents the construction of proposals that generate a high impact in practice.\r\nObjective: The objective of this research is to generate a proposal to study the problem of employability from the perspective of complex thinking.\r\nMethodology:The methodology used is based on a literature review and a panel of experts through structural analysis.\r\nResults:The predominance of the simplistic approach in the understanding of employability is made evident, being expressed in a limited set of variables and generally focused on the professional. In addition, the structural analysis makes it possible to highlight the high interdependence existing between the variables that encompass different actors and contexts.\r\nConclusions: It is necessary to redirect the approach from which employability is studied, recognizing that the problem must be tackled globally and is in a state of constant change, in order to generate dynamic solutions that adapt to it.\r\nOriginality:This research offers a first proposal to understand employability as a complex problem, emphasizing the interdependence of variables.\r\nLimitations:The presented results are too recent to make a generalization and although the proposed variables were verified in the panel, they have not yet been validated.<\/jats:p>","DOI":"10.16925\/2357-6014.2020.02.01","type":"journal-article","created":{"date-parts":[[2020,6,11]],"date-time":"2020-06-11T21:52:30Z","timestamp":1591912350000},"source":"Crossref","is-referenced-by-count":3,"title":["Employability as a complex problem"],"prefix":"10.16925","volume":"16","author":[{"given":"Luisa Fernanda","family":"Hern\u00e1ndez Corredor","sequence":"first","affiliation":[],"role":[{"vocabulary":"crossref","role":"author"}]},{"given":"Ronald Sneyder B","family":"Beltr\u00e1n Mart\u00ednez","sequence":"additional","affiliation":[],"role":[{"vocabulary":"crossref","role":"author"}]}],"member":"6711","published-online":{"date-parts":[[2020,2,18]]},"reference":[{"key":"80922","unstructured":"C. Rodr\u00edguez and V. Castillo, \u201cEmpleabilidad, ingresos y brechas: Un an\u00e1lisis comparativo de los procesos de inserci\u00f3n laboral en Chile,\u201d Orientaci\u00f3n y Soc., vol. 14, 2014. [Online]. Available: http:\/\/www.scielo.org.ar\/pdf\/orisoc\/v14\/v14a04.pdf"},{"key":"80923","doi-asserted-by":"crossref","unstructured":"V. Gonz\u00e1lez-Rom\u00e1, J. P. Gamboa, and J. M. Peir\u00f3, \u201cUniversity Graduates\u2019 Employability, Employment Status, and Job Quality,\u201d J. Career Dev., vol. 45, no. 2, pp. 132\u2013149, 2018. [Online].doi: https:\/\/doi.org\/10.1177\/0894845316671607","DOI":"10.1177\/0894845316671607"},{"key":"80924","unstructured":"N. Garc\u00eda, \u201cLa empleabilidad: competencia y formaci\u00f3n,\u201d Rev. Postgrado FACE-UC, vol. 6, pp. 263\u2013272, 2012. [Online].Available:http:\/\/www.arje.bc.uc.edu.ve\/arj10\/art15.pdf"},{"key":"80925","doi-asserted-by":"crossref","unstructured":"M. Tomlinson, \u201cGraduate employability: A review of conceptual and empirical themes,\u201d High. Educ. Policy, vol. 25, no. 4, pp. 407\u2013431, 2012. [Online].","DOI":"10.1057\/hep.2011.26"},{"key":"80926","doi-asserted-by":"crossref","unstructured":"doi: https:\/\/doi.org\/10.1057\/hep.2011.26","DOI":"10.1057\/hep.2011.26"},{"key":"80927","unstructured":"D. Herrera Cuesta, \u201cEmpleabilidad versus sobrecualificaci\u00f3n. Desajuste entre formaci\u00f3n y empleo en las trayectorias laborales de los j\u00f3venes titulados en Espa\u00f1a,\u201d Sociol. del Trab., no. 89, pp. 29\u201352, 2017. [Online]. Available : https:\/\/revistas.ucm.es\/index.php\/STRA\/article\/view\/59635\/4564456546827"},{"key":"80928","doi-asserted-by":"crossref","unstructured":"P. Brown, A. Hesketh, and S. Wiliams, \u201cEmployability in a Knowledge-driven Economy,\u201d J. Educ. Work, vol. 16, no. 2, pp. 107\u2013126, 2003. [Online].","DOI":"10.1080\/1363908032000070648"},{"key":"80929","doi-asserted-by":"crossref","unstructured":"doi: https:\/\/doi.org\/10.1080\/1363908032000070648","DOI":"10.1080\/1363908032000070648"},{"key":"80930","unstructured":"S. Ar\u00e1nega, \u201cCompetencias para la empleabilidad \u00bfC\u00f3mo desarrollarlas en la educaci\u00f3n superior?,\u201d Procedia - Soc. Behav. Sci., vol. 139, pp. 366\u2013372, 2014. [Online]. doi:"},{"key":"80931","doi-asserted-by":"crossref","unstructured":"https:\/\/doi.org\/10.1016\/j.sbspro.2014.08.015","DOI":"10.1016\/j.sbspro.2014.08.015"},{"key":"80932","doi-asserted-by":"crossref","unstructured":"S. Kalfa and L. Taksa, \u201cCultural capital in business higher education: reconsidering the graduate attributes movement and the focus on employability,\u201d Stud. High. Educ., vol. 40, no. 4, pp. 580\u2013595, 2015. [Online]. doi: https:\/\/doi.org\/10.1080\/03075079.2013.842210","DOI":"10.1080\/03075079.2013.842210"},{"key":"80933","doi-asserted-by":"crossref","unstructured":"T. T. Tran, \u201cIs graduate employability the \u2018whole-of-higher-education-issue\u2019?,\u201d J. Educ. Work, vol. 28, no. 3, pp. 207\u2013227, 2015. [Online].","DOI":"10.1080\/13639080.2014.900167"},{"key":"80934","doi-asserted-by":"crossref","unstructured":"doi: https:\/\/doi.org\/10.1080\/13639080.2014.900167","DOI":"10.1080\/13639080.2014.900167"},{"key":"80935","unstructured":"F. E. Bara, \u201c\u00bfEs la empleabilidad un fin de la Educaci\u00f3n Superior? Concepciones encontradas,\u201d Procedia - Soc. Behav. Sci., vol. 139, pp. 110\u2013115, 2014. [Online]."},{"key":"80936","doi-asserted-by":"crossref","unstructured":"doi: https:\/\/doi.org\/10.1016\/j.sbspro.2014.08.036","DOI":"10.1016\/j.sbspro.2014.08.036"},{"key":"80937","unstructured":"B. S. Lantar\u00f3n, \u201cEmpleabilidad : an\u00e1lisis del concepto,\u201d vol. 14, no. 1, pp. 67\u201384, 2016. [Online]. Available:https:\/\/www.researchgate.net\/publication\/303686234_Empleabilidad_analisis_del_concepto"},{"key":"80938","unstructured":"J. Hillage and E. Pollard, \u201cEmployability: developing a framework for policy analysis,\u201d Labour Mark. Trends, vol. 107, no. 85, pp. 83\u201384, 1999. [Online]. Available:"},{"key":"80939","unstructured":"https:\/\/www.education.gov.uk\/publications\/eOrderingDownload\/RB85.pdf"},{"key":"80940","doi-asserted-by":"crossref","unstructured":"R. W. McQuaid and C. Lindsay, \u201cThe Concept of Employability,\u201d Urban Stud., vol. 42, no. 2, pp. 197\u2013219, Feb. 2005. [Online].","DOI":"10.1080\/0042098042000316100"},{"key":"80941","doi-asserted-by":"crossref","unstructured":"doi: https:\/\/doi.org\/10.1080\/0042098042000316100","DOI":"10.1080\/0042098042000316100"},{"key":"80942","doi-asserted-by":"crossref","unstructured":"A. Forrier and L. Sels, \u201cThe concept employability: a complex mosaic,\u201d Int. J. Hum. Resour. Dev. Manag., vol. 3, no. 2, pp. 102\u2013124, 2003. [Online]. doi:https:\/\/doi.org\/10.1504\/IJHRDM.2003.002414","DOI":"10.1504\/IJHRDM.2003.002414"},{"key":"80943","doi-asserted-by":"crossref","unstructured":"L. Small, K. Shacklock, and T. Marchant, \u201cEmployability: a contemporary review for higher education stakeholders,\u201d J. Vocat. Educ. Train., vol. 70, no. 1, pp. 148\u2013166, 2018. [Online]. doi: https:\/\/doi.org\/10.1080\/13636820.2017.1394355","DOI":"10.1080\/13636820.2017.1394355"},{"key":"80944","doi-asserted-by":"crossref","unstructured":"P. Brown, A. Hesketh, and S. Wiliams, The mismanagement of talent: Employability and jobs in theknowledge economy, Oxford, Oxford University Press, 2004.","DOI":"10.1093\/acprof:oso\/9780199269532.003.0003"},{"key":"80945","doi-asserted-by":"crossref","unstructured":"K. Cepeda, K. Durango, and L. Boh\u00f3rquez, \u201cModelaci\u00f3n y simulaci\u00f3n basada en agentes como alternativa para el estudio de las organizaciones empresariales,\u201d Ing. Solidaria, vol. 13, no. 22, pp. 103\u2013119, 2018. [Online].","DOI":"10.16925\/in.v13i22.1838"},{"key":"80946","doi-asserted-by":"crossref","unstructured":"doi: https:\/\/doi.org\/10.16925\/in.v13i22.1838","DOI":"10.16925\/in.v13i22.1838"},{"key":"80947","doi-asserted-by":"crossref","unstructured":"G. Di Marzo Serugendo, M. Gleizes, and A. Karageorgos, Self-organising Software:From Natural to Artificial Adaptation. 2011.","DOI":"10.1007\/978-3-642-17348-6"},{"key":"80948","doi-asserted-by":"crossref","unstructured":"[Online]. doi: https:\/\/doi.org\/10.1007\/978-3-642-17348-6","DOI":"10.1007\/978-3-642-17348-6"},{"key":"80949","doi-asserted-by":"crossref","unstructured":"E. Bonabeau, G. Theraulaz, J. L. Deneubourg, S. Aron, and S. Camazine, \u201cSelf-organization in social insects,\u201d Trends Ecol. Evol., vol. 12, no. 5, pp. 188\u2013193, 1997.","DOI":"10.1016\/S0169-5347(97)01048-3"},{"key":"80950","doi-asserted-by":"crossref","unstructured":"[Online]. doi: https:\/\/doi.org\/10.1016\/S0169-5347(97)01048-3","DOI":"10.1016\/S0169-5347(97)01048-3"},{"key":"80951","doi-asserted-by":"crossref","unstructured":"L. Boh\u00f3rquez, \u201cUnderstanding of Business Organizations and their Environment as Systems of Increasing Complexity : Features and Implications,\u201d vol. 21, pp. 363\u2013377, 2016.[Online].doi:https:\/\/doi.org\/http:\/\/dx.doi.org\/10.14483\/udistrital.jour.reving.2016.3.a07","DOI":"10.14483\/udistrital.jour.reving.2016.3.a07"},{"key":"80952","unstructured":"Y. Su\u00e1rez, L. Su\u00e1rez, and L. Boh\u00f3rquez, \u201cEmergencia De La Cooperacion En Las Organizaciones Empresariales : Condiciones Requeridas,\u201d vol. 3, pp. 493\u2013504, 2016. [Online]. Available: https:\/\/proceedings.ciaiq.org\/index.php\/ciaiq2018\/article\/view\/1943\/1892"},{"key":"80953","doi-asserted-by":"crossref","unstructured":"P. Knight and M. Yorke, \u201cEmployability Through the Curriculum Abstract.,\u201d Pretoria, Dep. Educ., vol. Volume 8, no. 4, pp. 261\u2013276, 2002. [Online].","DOI":"10.1080\/13583883.2002.9967084"},{"key":"80954","doi-asserted-by":"crossref","unstructured":"doi: https:\/\/doi.org\/10.1023\/A:1021222629067","DOI":"10.1023\/A:1021222629067"},{"key":"80955","doi-asserted-by":"crossref","unstructured":"L. Dacre Pool and P. Sewell, \u201cThe key to employability: developing a practical model of graduate employability,\u201d Educ. + Train., vol. 49, no. 4, pp. 277\u2013289, Jun. 2007. [Online]. doi: https:\/\/doi.org\/10.1108\/00400910710754435","DOI":"10.1108\/00400910710754435"},{"key":"80956","unstructured":"M. Fugate. Employability. In J. Greenhaus and G. Callanan (Eds.), Encyclopedia of career development Thousand Oaks., vol.1, pp267-271 , 2006."},{"key":"80957","doi-asserted-by":"crossref","unstructured":"M. Fugate and A. J. Kinicki, \u201cA dispositional approach to employability: Development of a measure and test of implications for employee reactions to organizational change,\u201d J. Occup. Organ. Psychol., vol. 81, no. 3, pp. 503\u2013527, 2008. [Online]. doi: https:\/\/doi.org\/10.1348\/096317907X241579","DOI":"10.1348\/096317907X241579"},{"key":"80958","doi-asserted-by":"crossref","unstructured":"A. Forrier, M. Verbruggen, and N. De Cuyper, \u201cIntegrating different notions of employability in a dynamic chain: The relationship between job transitions, movement capital and perceived employability,\u201d J. Vocat. Behav., vol. 89, pp. 56\u201364, 2015. [Online]. doi: https:\/\/doi.org\/10.1016\/j.jvb.2015.04.007","DOI":"10.1016\/j.jvb.2015.04.007"},{"key":"80959","doi-asserted-by":"crossref","unstructured":"M. Tomlinson, \u201cForms of graduate capital and their relationship to graduate employability,\u201d Educ. + Train., vol. 59, no. 4, pp. 338\u2013352, Apr. 2017. [Online]. doi: https:\/\/doi.org\/10.1108\/ET-05-2016-0090","DOI":"10.1108\/ET-05-2016-0090"},{"key":"80960","doi-asserted-by":"crossref","unstructured":"M. Fugate, A. J. Kinicki, and B. E. Ashforth, \u201cEmployability: A psycho-social construct, its dimensions, and applications,\u201d J. Vocat. Behav., vol. 65, no. 1, pp. 14\u201338, Aug. 2004. [Online]. doi: https:\/\/doi.org\/10.1016\/j.jvb.2003.10.005","DOI":"10.1016\/j.jvb.2003.10.005"},{"key":"80961","unstructured":"M. Godet, La caja de herramientas de la prospectiva estrat\u00e9gica, 2000. [Online]. Available:"},{"key":"80962","unstructured":"http:\/\/centrolindavista.org.mx\/archivos_index\/caja_de_herramientas.pdf%0A"},{"key":"80963","doi-asserted-by":"crossref","unstructured":"J. G. L. Thijssen, B. I. J. M. Van Der Heijden, and T. S. Rocco, \u201cToward the employability-link model: Current employment transition to future employment perspectives,\u201d Hum. Resour. Dev. Rev., vol. 7, no. 2, pp. 165\u2013183, 2008. [Online]. doi: https:\/\/doi.org\/10.1177\/1534484308314955","DOI":"10.1177\/1534484308314955"},{"key":"80964","unstructured":"M. Yorke, \u201cEmployability in higher education: what it is \u2013 what it is not,\u201d Enhancing Student Employab. Co-ord. Team, 2006. [Online]. Available: https:\/\/www.researchgate.net\/publication\/225083582_Employability_in_Higher_Education_What_It_Is_What_It_Is_Not"},{"key":"80965","doi-asserted-by":"crossref","unstructured":"M. del C. Aguilar Rivera, L. Villard\u00f3n, M. \u00c1lvarez, \u00c1. Moro, I. Elexpuru, and C. Y. \u00c1lvarez de Eulate, \u201cPerceived Employability and Competence Development,\u201d Procedia - Soc. Behav. Sci., vol. 69, no. Iceepsy, pp. 1191\u20131197, 2012. [Online].","DOI":"10.1016\/j.sbspro.2012.12.051"},{"key":"80966","doi-asserted-by":"crossref","unstructured":"doi: https:\/\/doi.org\/10.1016\/j.sbspro.2012.12.051","DOI":"10.1016\/j.sbspro.2012.12.051"},{"key":"80967","unstructured":"J. Secanella, \u201cNuevas competencias para la empleabilidad de los estudiantes universitarios,\u201d La cuesti\u00f3n Univ., no. 7, pp. 40\u201347, 2011. [Online]. Available: http:\/\/polired.upm.es\/index.php\/lacuestionuniversitaria\/article\/view\/3357\/3422"},{"key":"80968","doi-asserted-by":"crossref","unstructured":"J. Argos and P. Ezquerra, \u201cUniversidad y competencias para la empleabilidad,\u201d Procedia - Soc. Behav. Sci., vol. 139, pp. 290\u2013296, 2014. [Online]. doi: https:\/\/doi.org\/10.1016\/j.sbspro.2014.08.002","DOI":"10.1016\/j.sbspro.2014.08.002"},{"key":"80969","doi-asserted-by":"crossref","unstructured":"M. del C. O. Navas, \u201cLa mejora de la empleabilidad en los estudiantes de Educaci\u00f3n Superior: el uso de la inteligencia emocional como estrategia educativa,\u201d Procedia - Soc. Behav. Sci., vol. 139, pp. 380\u2013386, 2014. [Online]. doi: https:\/\/doi.org\/10.1016\/j.sbspro.2014.08.021","DOI":"10.1016\/j.sbspro.2014.08.021"},{"key":"80970","unstructured":"A. Rodr\u00edguez, \u201cLa formaci\u00f3n universitaria en competencias: Incidencia En La Evaluaci\u00f3n Pedag\u00f3gica De Los Procesos De Ense\u00f1anza - Aprendizaje Desde El Enfoque Socioformativo,\u201d vol. 15, 2016. [Online]. Available: https:\/\/buleria.unileon.es\/bitstream\/handle\/10612\/6224\/Rodriguez%20Esteban.pdf?sequence=1"},{"key":"80971","doi-asserted-by":"crossref","unstructured":"B. Fern\u00e1ndez, \u201cCompetencias laborales y de empleabilidad en la educaci\u00f3n vocacional,\u201d Calid. en la Educ., vol. 27, pp. 36\u201352, 2007. [Online]. doi: https:\/\/dx.doi.org\/10.31619\/caledu.n27.217.","DOI":"10.31619\/caledu.n27.217"},{"key":"80972","unstructured":"J. Jover, Valdes, A. Trapote, and M. Pardo, \u201cEmpleabilidad en la Ingenier\u00eda Civil. Fortalezas y debilidades desde el punto de vista de alumnos y egresados,\u201d pp. 2\u20136, 2015. [Online]. Available https:\/\/rua.ua.es\/dspace\/bitstream\/10045\/49968\/2\/XIII_Jornadas_Redes_219_poster.pdf"},{"key":"80973","unstructured":"L. Arias Montoya, L. Portilla de Arias, and M. Flores de Trujillo, \u201cCompetencias y empleabilidad.,\u201d Sci. Tech., vol. 5, no. 37, pp. 379\u2013382, 2007. [Online]."},{"key":"80974","unstructured":"doi: https:\/\/doi.org\/10.22517\/23447214.4125"},{"key":"80975","doi-asserted-by":"crossref","unstructured":"J. Garc\u00eda, \u201cWhy do they Call it Education when they Mean\u2026 Employability? On the Concept of Utility in Education,\u201d Procedia - Soc. Behav. Sci., vol. 139, pp. 102\u2013109, 2014. [Online]. doi: https:\/\/doi.org\/10.1016\/j.sbspro.2014.08.034","DOI":"10.1016\/j.sbspro.2014.08.034"},{"key":"80976","doi-asserted-by":"crossref","unstructured":"N. Orellana, Consideraciones sobre empleabilidad en educaci\u00f3n superior, pp. 273\u2013291, 2018. [Online]. doi:http:\/\/dx.doi.org\/10.31619\/caledu.n48.477","DOI":"10.31619\/caledu.n48.477"},{"key":"80977","doi-asserted-by":"crossref","unstructured":"L. A. St\u00f8ren and P. O. Aamodt, \u201cThe quality of higher education and employability of graduates,\u201d Qual. High. Educ., vol. 16, no. 3, pp. 297\u2013313, 2010.","DOI":"10.1080\/13538322.2010.506726"},{"key":"80978","doi-asserted-by":"crossref","unstructured":"[Online]. doi: https:\/\/doi.org\/10.1080\/13538322.2010.506726","DOI":"10.1080\/13538322.2010.506726"},{"key":"80979","doi-asserted-by":"crossref","unstructured":"F. Michavila, J. M. Mart\u00ednez, M. Mart\u00edn, F. J. Garc\u00eda, and J. Cruz, \u201cEmpleabilidad de los titulados universitarios en Espa\u00f1a. Proyecto OEEU,\u201d Educ. Knowl. Soc., vol. 19, no. 1, p. 21, 2018. [Online]. doi: https:\/\/doi.org\/10.14201\/eks20181912139","DOI":"10.14201\/eks20181912139"},{"key":"80980","doi-asserted-by":"crossref","unstructured":"D. Prieto, N. Manzano, and M. de J. Villal\u00f3n, \u201cPr\u00e1cticas profesionales virtuales como estrategia de empleabilidad: el caso de la UNED,\u201d vol. 28, pp. 122\u2013138, 2017. [Online]. doi: http:\/\/dx.doi.org\/10.5944\/reop.vol.28.num.2.2017.20124","DOI":"10.5944\/reop.vol.28.num.2.2017.20124"},{"key":"80981","doi-asserted-by":"crossref","unstructured":"O. Geeregat Vera, G. Cifuentes G\u00f3mez, and M. C. Villarroel Far\u00edas, \u201cFactores que inciden en las condiciones de empleabilidad de los egresados en pedagog\u00eda,\u201d Actual. Investig. en Educ., vol. 16, no. 1, pp. 1\u201319, Jan. 2016.","DOI":"10.15517\/aie.v16i1.21935"},{"key":"80982","doi-asserted-by":"crossref","unstructured":"[Online]. doi: https:\/\/doi.org\/10.15517\/aie.v16i1.21935","DOI":"10.15517\/aie.v16i1.21935"},{"key":"80983","unstructured":"S. Power and G. Whitty, \u201cGraduating and gradations within the middle class: the legacy of an elite higher education,\u201d pp. 119\u2013128, 2008. [Online]."},{"key":"80984","unstructured":"Available: http:\/\/orca.cf.ac.uk\/25005\/1\/wp118.pdf"},{"key":"80985","doi-asserted-by":"crossref","unstructured":"M. Clarke, \u201cUnderstanding and Managing Employability in Changing Career Contexts,\u201d Journal of European Industrial Training, vol 32, no 4, pp. 258\u2013284, 2008. [Online]. doi: https:\/\/doi:10.1108\/03090590810871379.","DOI":"10.1108\/03090590810871379"}],"container-title":["Ingenier\u00eda Solidaria"],"link":[{"URL":"https:\/\/revistas.ucc.edu.co\/index.php\/in\/article\/download\/3109\/2925","content-type":"application\/pdf","content-version":"vor","intended-application":"text-mining"},{"URL":"https:\/\/revistas.ucc.edu.co\/index.php\/in\/article\/download\/3109\/2925","content-type":"unspecified","content-version":"vor","intended-application":"similarity-checking"}],"deposited":{"date-parts":[[2020,6,11]],"date-time":"2020-06-11T21:52:47Z","timestamp":1591912367000},"score":0.0,"resource":{"primary":{"URL":"https:\/\/revistas.ucc.edu.co\/index.php\/in\/article\/view\/3109"}},"issued":{"date-parts":[[2020,2,18]]},"references-count":64,"journal-issue":{"issue":"2","published-online":{"date-parts":[[2020,5,13]]}},"URL":"https:\/\/doi.org\/10.16925\/2357-6014.2020.02.01","ISSN":["2357-6014","1900-3102"],"issn-type":[{"value":"2357-6014","type":"electronic"},{"value":"1900-3102","type":"print"}],"published":{"date-parts":[[2020,2,18]]}},{"indexed":{"date-parts":[[2026,7,15]],"date-time":"2026-07-15T15:10:58Z","timestamp":1784128258306,"version":"3.55.0"},"reference-count":0,"publisher":"Ediciones Universidad Cooperativa de Colombia","content-domain":{"domain":[],"crossmark-restriction":false},"abstract":"<jats:p>Este documento busca concientizar a los estudiantes sobre la importancia de hacer uso del Reglamento Colombiano de Construcci\u00f3n Sismo Resistente NSR10 [1], especialmente, el T\u00edtulo E, que hace referencia espec\u00edficamente a Casas de Uno y Dos pisos en las clases de Estructuras, Construcci\u00f3n de obras civiles entre otras. La NSR-10 es mucho m\u00e1s que un reglamento t\u00e9cnico para arquitectos, ingenieros y constructores: representa un compromiso con la vida humana, la sostenibilidad urbana y la responsabilidad \u00e9tica en la construcci\u00f3n. Su existencia marca una evoluci\u00f3n en la manera en que los colombianos enfrentan el riesgo s\u00edsmico, con base en lecciones aprendidas de desastres pasados como el terremoto de Popay\u00e1n en 1983 o el de Armenia en 1999, entre otros. Colombia est\u00e1 ubicada sobre una zona altamente s\u00edsmica, teniendo definidas con claridad las tres zonas de amenaza de riesgo s\u00edsmico como Alta, Intermedia y Baja. Adem\u00e1s de contar con el segundo nido s\u00edsmico a nivel mundial, como es el que est\u00e1 ubicado en el municipio de los Santos a 60 km de Bucaramanga (Santander).<\/jats:p>","DOI":"10.16925\/gcgp.186","type":"report","created":{"date-parts":[[2026,7,15]],"date-time":"2026-07-15T14:49:02Z","timestamp":1784126942000},"source":"Crossref","is-referenced-by-count":0,"title":["La importancia y obligatoriedad de hacer uso del Reglamento Colombiano de Construcci\u00f3n Sismo Resistente NSR10, aplicado a casas de uno y dos pisos seg\u00fan el T\u00edtulo E"],"prefix":"10.16925","author":[{"ORCID":"https:\/\/orcid.org\/0000-0002-8247-3383","authenticated-orcid":false,"given":"Roselly Faizully","family":"Vargas Pab\u00f3n","sequence":"first","affiliation":[{"name":"Universidad Cooperativa de Colombia"}],"role":[{"vocabulary":"crossref","role":"author"}]},{"ORCID":"https:\/\/orcid.org\/0009-0000-7537-5374","authenticated-orcid":false,"given":"Eder","family":"Forero Mayorga","sequence":"additional","affiliation":[{"name":"Universidad Cooperativa de Colombia"}],"role":[{"vocabulary":"crossref","role":"author"}]},{"ORCID":"https:\/\/orcid.org\/0000-0003-4572-0207","authenticated-orcid":false,"given":"Luis Eduardo","family":"Rey Huertas","sequence":"additional","affiliation":[{"name":"Universidad Cooperativa de Colombia"}],"role":[{"vocabulary":"crossref","role":"author"}]}],"member":"6711","published-online":{"date-parts":[[2025,11]]},"deposited":{"date-parts":[[2026,7,15]],"date-time":"2026-07-15T14:49:02Z","timestamp":1784126942000},"score":0.0,"resource":{"primary":{"URL":"https:\/\/repository.ucc.edu.co\/entities\/publication\/d9ae3333-43a5-4ace-aabe-076ce343211e"}},"issued":{"date-parts":[[2025,11]]},"references-count":0,"URL":"https:\/\/doi.org\/10.16925\/gcgp.186","published":{"date-parts":[[2025,11]]}},{"indexed":{"date-parts":[[2026,8,9]],"date-time":"2026-08-09T10:03:59Z","timestamp":1786269839884,"version":"build-2736575974"},"reference-count":0,"publisher":"Universidad Cooperativa de Colombia - UCC","issue":"1","content-domain":{"domain":[],"crossmark-restriction":false},"short-container-title":["Rastros rostros"],"abstract":"<jats:p>English has been considered the official language in many non-English speaking countries. In the case of Latin America, language policies have been included in most of the countries where English has been officialized as  the  foreign  language  and  it  is  mandatory  to  teach  it  in  educational  contexts.  Most  countries  are  aiming  for the formation of bilingual citizens and professionals with proficiency in English to meet the demands of globalization. This article presents a reflection on the case of two countries that have implemented bilingua-lism policies such as Colombia and Argentina. These two countries have similarities in terms of policies and social, economic, geographic, and cultural factors, however, evaluating the level of English that each country has. It shows a marked difference between the two. Argentina occupies the first place in the performance of communicative skills in English with a high level, while Colombia is in the last places and has been recognized as one of the countries with the lowest level. In addition, the qualitative approach, the constructivism paradigm and documentary research method will be considered to achieve this objective.<\/jats:p>","DOI":"10.16925\/2382-4921.2024.01.03","type":"journal-article","created":{"date-parts":[[2024,1,15]],"date-time":"2024-01-15T03:16:04Z","timestamp":1705288564000},"page":"1-19","source":"Crossref","is-referenced-by-count":3,"title":["Reflecting on bilingualism policies in non-English speaking countries in Latin America: The case of Colombia and Argentina"],"prefix":"10.16925","volume":"26","author":[{"ORCID":"https:\/\/orcid.org\/0000-0001-8059-5160","authenticated-orcid":false,"given":"Blanca Luc\u00eda","family":"Cely Betancourt","sequence":"first","affiliation":[],"role":[{"vocabulary":"crossref","role":"author"}]},{"ORCID":"https:\/\/orcid.org\/0000-0001-7763-7702","authenticated-orcid":false,"given":"Angie Daniela","family":"Urrutia Ramos","sequence":"additional","affiliation":[],"role":[{"vocabulary":"crossref","role":"author"}]}],"member":"6711","published-online":{"date-parts":[[2023,12,20]]},"container-title":["Rastros Rostros"],"deposited":{"date-parts":[[2024,1,15]],"date-time":"2024-01-15T03:16:04Z","timestamp":1705288564000},"score":0.0,"resource":{"primary":{"URL":"https:\/\/revistas.ucc.edu.co\/index.php\/ra\/article\/view\/4568\/"}},"issued":{"date-parts":[[2023,12,20]]},"references-count":0,"journal-issue":{"issue":"1","published-online":{"date-parts":[[2023,12,20]]}},"URL":"https:\/\/doi.org\/10.16925\/2382-4921.2024.01.03","ISSN":["2382-4921"],"issn-type":[{"value":"2382-4921","type":"electronic"}],"published":{"date-parts":[[2023,12,20]]}},{"indexed":{"date-parts":[[2025,6,4]],"date-time":"2025-06-04T13:31:59Z","timestamp":1749043919734},"reference-count":0,"publisher":"Ediciones Universidad Cooperativa de Colombia","content-domain":{"domain":[],"crossmark-restriction":false},"published-print":{"date-parts":[[2020,10]]},"DOI":"10.16925\/gcgp.27","type":"report","created":{"date-parts":[[2020,10,2]],"date-time":"2020-10-02T13:49:43Z","timestamp":1601646583000},"source":"Crossref","is-referenced-by-count":1,"title":["Administraci\u00f3n de empresas ganaderas: herramientas y conceptos b\u00e1sicos"],"prefix":"10.16925","author":[{"given":"Lilian","family":"Bonilla Le\u00f3n","sequence":"first","affiliation":[],"role":[{"role":"author","vocabulary":"crossref"}]},{"given":"Andr\u00e9s","family":"Mej\u00eda Gallego","sequence":"additional","affiliation":[],"role":[{"role":"author","vocabulary":"crossref"}]},{"given":"Rom\u00e1n David","family":"Casta\u00f1eda","sequence":"additional","affiliation":[],"role":[{"role":"author","vocabulary":"crossref"}]},{"given":"Jairo Andr\u00e9s","family":"Pardo","sequence":"additional","affiliation":[],"role":[{"role":"author","vocabulary":"crossref"}]}],"member":"6711","published-online":{"date-parts":[[2020,10]]},"deposited":{"date-parts":[[2020,10,2]],"date-time":"2020-10-02T13:49:43Z","timestamp":1601646583000},"score":0.0,"resource":{"primary":{"URL":"https:\/\/repository.ucc.edu.co\/handle\/20.500.12494\/20325"}},"issued":{"date-parts":[[2020,10]]},"references-count":0,"URL":"https:\/\/doi.org\/10.16925\/gcgp.27","published":{"date-parts":[[2020,10]]}},{"indexed":{"date-parts":[[2025,5,14]],"date-time":"2025-05-14T05:20:28Z","timestamp":1747200028001,"version":"3.40.5"},"reference-count":0,"publisher":"Universidad Cooperativa de Colombia - UCC","issue":"2","content-domain":{"domain":[],"crossmark-restriction":false},"short-container-title":["Dixi"],"abstract":"<jats:p>Tema  y  alcance:  uno  de  los  problemas  que  m\u00e1s  afecta  al  medio  ambiente  y  a  los  seres  humanos  es  la  so-brepoblaci\u00f3n,  que  disminuye  la  posibilidad  de  tener  una  mejor  calidad  de  vida.  Los  pactos  y  los  convenios  internacionales que se han celebrado han contribuido notablemente a la creaci\u00f3n de una conciencia ambiental por  parte  de  las  personas,  as\u00ed  como  al  convencimiento  de  que  los  recursos  naturales  no  son  inagotables.  Aunque contamos con un pa\u00eds rico en cuanto a su posici\u00f3n geogr\u00e1fica, biodiversidad, topograf\u00eda irregular y clima tropical, lamentablemente presenta un gran problema de deforestaci\u00f3n que amenaza sus riquezas. Caracter\u00edsticas: la biodiversidad es importante porque sus variados elementos y procesos son necesarios para la preservaci\u00f3n del equilibrio ecol\u00f3gico que contribuye al bienestar humano. La Constituci\u00f3n Pol\u00edtica de 1991 es la primera en reconocer la diversidad \u00e9tnica y cultural de la naci\u00f3n colombiana y la gran riqueza de biodiver-sidad del pa\u00eds, por lo que se la conoce como \u201cverde\u201d. Hallazgos: la Constituci\u00f3n de 1991 es uno de los hechos m\u00e1s prodigiosos de nuestra historia. Es la primera Constituci\u00f3n que no surge de una imposici\u00f3n, sino de un acuerdo entre colombianos de muy diferentes or\u00edge-nes e ideolog\u00edas. Es la Constituci\u00f3n que puso a Colombia a la vanguardia del reconocimiento de los derechos, cuyo mayor objetivo consist\u00eda en realizar un r\u00e9gimen de garant\u00edas jur\u00eddicas de las libertades p\u00fablicas y priva-das a partir del principio del respeto de la dignidad de la persona, una consagraci\u00f3n que nos hizo so\u00f1ar con la transformaci\u00f3n pol\u00edtica y jur\u00eddica que garantizara la inviolabilidad de las libertades y los derechos humanos, y el cumplimiento del prop\u00f3sito de la justicia social. Conclusiones: la legislaci\u00f3n ambiental es un gran avance para nuestro pa\u00eds, ya que equivale a una nueva seguridad jur\u00eddica y a una mayor protecci\u00f3n para el bosque natural. Lo primero est\u00e1 interrelacionado con lo segundo, ya que la nueva seguridad jur\u00eddica se materializar\u00e1 en un ambiente propicio para las futuras generaciones.<\/jats:p>","DOI":"10.16925\/2357-5891.2023.02.03","type":"journal-article","created":{"date-parts":[[2024,1,4]],"date-time":"2024-01-04T03:15:00Z","timestamp":1704338100000},"page":"1-31","source":"Crossref","is-referenced-by-count":0,"title":["Delitos ambientales en el manejo forestal del Valle del Cauca: an\u00e1lisis jur\u00eddico ambiental"],"prefix":"10.16925","volume":"25","author":[{"ORCID":"https:\/\/orcid.org\/0009-0006-5842-8239","authenticated-orcid":false,"given":"Julio C\u00e9sar","family":"Cabrera Suarez","sequence":"first","affiliation":[],"role":[{"role":"author","vocabulary":"crossref"}]}],"member":"6711","published-online":{"date-parts":[[2023,6,1]]},"container-title":["Dixi"],"deposited":{"date-parts":[[2024,1,4]],"date-time":"2024-01-04T03:15:01Z","timestamp":1704338101000},"score":0.0,"resource":{"primary":{"URL":"https:\/\/revistas.ucc.edu.co\/index.php\/di\/article\/view\/4801"}},"issued":{"date-parts":[[2023,6,1]]},"references-count":0,"journal-issue":{"issue":"2","published-online":{"date-parts":[[2023,6,1]]}},"URL":"https:\/\/doi.org\/10.16925\/2357-5891.2023.02.03","ISSN":["2357-5891"],"issn-type":[{"type":"electronic","value":"2357-5891"}],"published":{"date-parts":[[2023,6,1]]}},{"indexed":{"date-parts":[[2024,7,19]],"date-time":"2024-07-19T08:29:13Z","timestamp":1721377753365},"reference-count":0,"publisher":"Universidad Cooperativa de Colombia- UCC","issue":"33","content-domain":{"domain":[],"crossmark-restriction":false},"short-container-title":["Rastros rostros"],"abstract":"<jats:p>Introducci\u00f3n: La necesidad de pasar de la ense\u00f1anza al aprendizaje, hace reflexionar el tema en aulas universitarias, desde las exigencias de la educaci\u00f3n para el siglo XXI, lo que reclama estrategias did\u00e1cticas con procesos abiertos, flexibles e interdisciplinares. Desde una investigaci\u00f3n descriptiva, con unidad de trabajo de 1.000 estudiantes de pregrado de tres universidades pereiranas, una muestra probabil\u00edstica aleatoria simple de 100 estudiantes de ambos sexos, 30 de UniCat\u00f3lica, 30 de UniAndina y 40 de UniLibre, a quienes se aplic\u00f3 cuestionario Likert, para medir la ense\u00f1anza desde tres funciones espec\u00edficas: a partir de la experimentaci\u00f3n y el trabajo colaborativo; desde la correcta expresi\u00f3n y gesticulaci\u00f3n del docente y de la motivaci\u00f3n al estudiante; y a partir de buenas relaciones interpersonales y del control al aprendizaje del estudiante; cada funci\u00f3n fue valorada desde diez indicadores. Resultados: Se encontr\u00f3 que en la universidad privada pereirana, en programas de pregrado, la ense\u00f1anza-aprendizaje ofrecida es un proceso efectivo, din\u00e1mico y proactivo desde la perspectiva del estudiante y desde el an\u00e1lisis hecho a las metodolog\u00edas y estrategias did\u00e1cticas utilizadas por los docentes. Conclusiones: En la universidad pereirana en programas de pregrado, se ofrece ense\u00f1anza-aprendizaje a partir de la experimentaci\u00f3n y del trabajo colaborativo grupal; desde una correcta expresi\u00f3n y gesticulaci\u00f3n del docente y de la motivaci\u00f3n del estudiante; a partir de buenas relaciones interpersonales y control al aprendizaje del estudiante. De igual manera se observa que en dichas instituciones, la ense\u00f1anza-aprendizaje es un proceso efectivo, din\u00e1mico y proactivo desde la perspectiva del estudiante.<\/jats:p>","DOI":"10.16925\/ra.v18i33.1720","type":"journal-article","created":{"date-parts":[[2020,8,29]],"date-time":"2020-08-29T07:16:58Z","timestamp":1598685418000},"source":"Crossref","is-referenced-by-count":0,"title":["Procesos de ense\u00f1anza-aprendizaje en la universidad: perspectiva de los estudiantes"],"prefix":"10.16925","volume":"18","author":[{"given":"Jos\u00e9 Fernando","family":"Cardona-Henao","sequence":"first","affiliation":[],"role":[{"role":"author","vocabulary":"crossref"}]}],"member":"6711","published-online":{"date-parts":[[2016,12,1]]},"container-title":["Rastros Rostros"],"link":[{"URL":"https:\/\/revistas.ucc.edu.co\/index.php\/ra\/article\/download\/1720\/2100","content-type":"application\/pdf","content-version":"vor","intended-application":"text-mining"},{"URL":"https:\/\/revistas.ucc.edu.co\/index.php\/ra\/article\/download\/1720\/2100","content-type":"unspecified","content-version":"vor","intended-application":"similarity-checking"}],"deposited":{"date-parts":[[2020,8,29]],"date-time":"2020-08-29T07:16:58Z","timestamp":1598685418000},"score":0.0,"resource":{"primary":{"URL":"https:\/\/revistas.ucc.edu.co\/index.php\/ra\/article\/view\/1720"}},"issued":{"date-parts":[[2016,12,1]]},"references-count":0,"journal-issue":{"issue":"33","published-online":{"date-parts":[[2016,10,30]]}},"URL":"https:\/\/doi.org\/10.16925\/ra.v18i33.1720","ISSN":["2382-4921","0124-406X"],"issn-type":[{"value":"2382-4921","type":"electronic"},{"value":"0124-406X","type":"print"}],"published":{"date-parts":[[2016,12,1]]}},{"indexed":{"date-parts":[[2025,1,29]],"date-time":"2025-01-29T05:57:40Z","timestamp":1738130260070,"version":"3.33.0"},"reference-count":0,"publisher":"Ediciones Universidad Cooperativa de Colombia","content-domain":{"domain":[],"crossmark-restriction":false},"abstract":"<jats:p>En la presente nota de clase se analizan los aspectos relevantes para el proceso de selecci\u00f3n del personal y contrataci\u00f3n. Es necesario indicar que el proceso de reclutamiento es una etapa fundamental cuando se gestionan los recursos humanos de una organizaci\u00f3n. Consiste en atraer, captar nuevos candidatos que cumplan con los requisitos necesarios para ocupar determinados puestos de trabajo. Se debe tener en cuenta que uno de los objetivos principales en el proceso de reclutamiento es identificar y vincular a los mejores profesionales disponibles en el mercado laboral y que se involucren institucionalmente con los valores y objetivos de la empresa. Al respecto, es necesario tener en cuenta que el reclutamiento estrat\u00e9gico implica adoptar un enfoque proactivo y planificado para atraer a los candidatos adecuados; es decir, se trata de dise\u00f1ar e implementar estrategias de reclutamiento que se alineen con los objetivos estrat\u00e9gicos de la organizaci\u00f3n. Lo anterior implica comprender las necesidades actuales y futuras de la empresa, as\u00ed como identificar las habilidades y las competencias requeridas para cada puesto. Antes de iniciar el reclutamiento es esencial realizar un an\u00e1lisis de los puestos de trabajo, lo cual implica identificar las responsabilidades, las tareas, las habilidades y los conocimientos necesarios para cada posici\u00f3n. El an\u00e1lisis de puesto de trabajo permite definir los perfiles que se requieren y establecer los criterios de selecci\u00f3n. Por \u00faltimo, en la presente gu\u00eda se hace un an\u00e1lisis de la planificaci\u00f3n del recurso humano, la cual es una etapa que tambi\u00e9n es una parte crucial del proceso de reclutamiento. Consiste en anticipar las necesidades futuras del personal y desarrollar estrategias para cubrir esas demandas; esta planificaci\u00f3n incluye identificar posibles fuentes de reclutamiento, como anuncios en medios de comunicaci\u00f3n, b\u00fasqueda en bases de datos, redes profesionales o agencias de empleo. Por \u00faltimo, se hace una revisi\u00f3n y an\u00e1lisis al proceso de reclutamiento, teniendo en cuenta que es una serie de pasos que tienen como prop\u00f3sitos atraer y seleccionar a los candidatos m\u00e1s adecuados para cubrir las vacantes de una organizaci\u00f3n. La integraci\u00f3n estrat\u00e9gica busca alinear el reclutamiento con los objetivos estrat\u00e9gicos de la empresa. El an\u00e1lisis de puesto de trabajo permite definir los perfiles requeridos, mientras que la planificaci\u00f3n del recurso humano anticipa las necesidades futuras y establece las estrategias de reclutamiento adecuadas.<\/jats:p>","DOI":"10.16925\/gcnc.92","type":"report","created":{"date-parts":[[2025,1,28]],"date-time":"2025-01-28T21:10:17Z","timestamp":1738098617000},"source":"Crossref","is-referenced-by-count":0,"title":["An\u00e1lisis de los aspectos relevantes para el proceso de reclutamiento de personal"],"prefix":"10.16925","author":[{"name":"Universidad Cooperativa de Colombia","sequence":"first","affiliation":[],"role":[{"role":"author","vocabulary":"crossref"}]},{"given":"Olga Liliana","family":"Robayo-Botiva","sequence":"first","affiliation":[],"role":[{"role":"author","vocabulary":"crossref"}]}],"member":"6711","published-online":{"date-parts":[[2024,3]]},"deposited":{"date-parts":[[2025,1,28]],"date-time":"2025-01-28T21:10:18Z","timestamp":1738098618000},"score":0.0,"resource":{"primary":{"URL":"https:\/\/repository.ucc.edu.co\/entities\/publication\/e5ed2316-5a97-4094-ab05-c86ee7062978"}},"issued":{"date-parts":[[2024,3]]},"references-count":0,"URL":"https:\/\/doi.org\/10.16925\/gcnc.92","published":{"date-parts":[[2024,3]]}},{"indexed":{"date-parts":[[2025,11,2]],"date-time":"2025-11-02T01:07:21Z","timestamp":1762045641350,"version":"3.40.5"},"reference-count":0,"publisher":"Ediciones Universidad Cooperativa de Colombia","isbn-type":[{"type":"print","value":"9789587605129"}],"content-domain":{"domain":[],"crossmark-restriction":false},"published-print":{"date-parts":[[2024,10,31]]},"abstract":"<jats:p>Con el objetivo de analizar a Corea del Sur en el contexto global del siglo xxi, se desarrolla una investigaci\u00f3n colectiva de tipo proyectivo, de gran valor para investigadores y p\u00fablico en general con inter\u00e9s en los estudios coreanos en disciplinas de econom\u00eda, relaciones internacionales y antropolog\u00eda. En este orden, el libro incluye diez cap\u00edtulos que se abordan desde seis ejes tem\u00e1ticos: 1) pol\u00edtica externa, desde el an\u00e1lisis de proyectos de innovaci\u00f3n y transferencia de tecnolog\u00eda digital; 2) cooperaci\u00f3n acad\u00e9mica, mediante el estudio de la cooperaci\u00f3n para el desarrollo con libertad; 3) estrategias de inversi\u00f3n, priorizando el estudio de la posici\u00f3n coreana en la asignaci\u00f3n de fondos para el desarrollo de infraestructura f\u00edsica; 4) redes empresariales, desde el an\u00e1lisis del papel de las empresas de consumo colaborativo as\u00ed como la din\u00e1mica de g\u00e9nero corporativo; 5) cooperaci\u00f3n en arte, cultura e interculturalidad; y 6) relaciones intercoreanas, para comprender su rol como medio de tensi\u00f3n o distensi\u00f3n en la comunidad global. De esta manera, el libro conduce al lector hacia una investigaci\u00f3n proyectiva apoyada en la particularidad del an\u00e1lisis, descripci\u00f3n, exploraci\u00f3n e investigaci\u00f3n-acci\u00f3n de la pol\u00edtica exterior surcoreana, apoyada en criterios de vida digna, libre, confiable y pr\u00f3spera dentro de un contexto global convulso.<\/jats:p>","DOI":"10.16925\/9789587605143","type":"edited-book","created":{"date-parts":[[2024,10,24]],"date-time":"2024-10-24T15:25:07Z","timestamp":1729783507000},"source":"Crossref","is-referenced-by-count":1,"title":["Corea del Sur en el contexto global"],"prefix":"10.16925","author":[{"ORCID":"https:\/\/orcid.org\/0000-0003-3726-0239","authenticated-orcid":false,"given":"B\u00e1rbara In\u00e9s","family":"Bavoleo","sequence":"first","affiliation":[],"role":[{"role":"author","vocabulary":"crossref"}]},{"ORCID":"https:\/\/orcid.org\/0009-0003-8528-7759","authenticated-orcid":false,"given":"Mat\u00edas","family":"Ben\u00edtez","sequence":"additional","affiliation":[],"role":[{"role":"author","vocabulary":"crossref"}]},{"ORCID":"https:\/\/orcid.org\/0000-0001-8775-6473","authenticated-orcid":false,"given":"Karla Noem\u00ed","family":"Padilla Mart\u00ednez","sequence":"additional","affiliation":[],"role":[{"role":"author","vocabulary":"crossref"}]},{"ORCID":"https:\/\/orcid.org\/0009-0003-7817-8482","authenticated-orcid":false,"given":"Myunghoon","family":"Baek","sequence":"additional","affiliation":[],"role":[{"role":"author","vocabulary":"crossref"}]},{"ORCID":"https:\/\/orcid.org\/0000-0002-6221-6734","authenticated-orcid":false,"given":"V\u00edctor Manuel","family":"Gonz\u00e1lez Bernal","sequence":"additional","affiliation":[],"role":[{"role":"author","vocabulary":"crossref"}]},{"ORCID":"https:\/\/orcid.org\/0000-0002-6549-3833","authenticated-orcid":false,"given":"Mar\u00eda del Carmen","family":"Hern\u00e1ndez Cueto","sequence":"additional","affiliation":[],"role":[{"role":"author","vocabulary":"crossref"}]},{"ORCID":"https:\/\/orcid.org\/0000-0002-5661-4445","authenticated-orcid":false,"given":"Juan Felipe","family":"L\u00f3pez Aymes","sequence":"additional","affiliation":[],"role":[{"role":"author","vocabulary":"crossref"}]},{"ORCID":"https:\/\/orcid.org\/0000-0002-2678-8997","authenticated-orcid":false,"given":"Juliana","family":"Correa Jaramillo","sequence":"additional","affiliation":[],"role":[{"role":"author","vocabulary":"crossref"}]},{"given":"Silvia","family":"Seligson","sequence":"additional","affiliation":[],"role":[{"role":"author","vocabulary":"crossref"}]},{"ORCID":"https:\/\/orcid.org\/0009-0001-2970-3063","authenticated-orcid":false,"given":"Mercedes Susana","family":"Giuffre","sequence":"additional","affiliation":[],"role":[{"role":"author","vocabulary":"crossref"}]},{"ORCID":"https:\/\/orcid.org\/0000-0001-6245-8269","authenticated-orcid":false,"given":"\u00c1ngel","family":"Licona Michel","sequence":"additional","affiliation":[],"role":[{"role":"author","vocabulary":"crossref"}]},{"ORCID":"https:\/\/orcid.org\/0000-0002-5102-1210","authenticated-orcid":false,"given":"Sadcidi","family":"Zerpa de Hurtado","sequence":"additional","affiliation":[],"role":[{"role":"author","vocabulary":"crossref"}]}],"member":"6711","published-online":{"date-parts":[[2024,10,24]]},"deposited":{"date-parts":[[2024,10,24]],"date-time":"2024-10-24T15:25:08Z","timestamp":1729783508000},"score":0.0,"resource":{"primary":{"URL":"https:\/\/ediciones.ucc.edu.co\/index.php\/ucc\/catalog\/book\/418"}},"editor":[{"name":"Universidad Cooperativa de Colombia","sequence":"first","affiliation":[],"role":[{"role":"editor","vocabulary":"crossref"}]},{"name":"Universidad de Colima","sequence":"additional","affiliation":[],"role":[{"role":"editor","vocabulary":"crossref"}]}],"issued":{"date-parts":[[2024,10,24]]},"ISBN":["9789587605129"],"references-count":0,"URL":"https:\/\/doi.org\/10.16925\/9789587605143","published":{"date-parts":[[2024,10,24]]}},{"indexed":{"date-parts":[[2022,4,3]],"date-time":"2022-04-03T19:30:25Z","timestamp":1649014225079},"reference-count":0,"publisher":"Universidad Cooperativa de Colombia- UCC","issue":"22","content-domain":{"domain":[],"crossmark-restriction":false},"short-container-title":["Spei Domus"],"abstract":"<jats:p>Prop\u00f3sitos: este art\u00edculo pretende reportar los hallazgos de un caso cl\u00ednico de osteopat\u00eda hipertr\u00f3fica.&#x0D;\nTema: la osteopat\u00eda hipertr\u00f3fica es un raro desorden paraneopl\u00e1sico, asociado con el sobrecrecimiento doloroso del periostio de los huesos largos, normalmente desencadenado por neoplasias primarias o metast\u00e1sicas de pulm\u00f3n.&#x0D;\nDesarrollo: se presenta el caso de un rottweiler, de 12 a\u00f1os, con osteopat\u00eda hipertr\u00f3fica asociada con met\u00e1stasis pulmonar de un carcinoma mamario.&#x0D;\nConclusiones: se comentan los hallazgos cl\u00ednicos, radiogr\u00e1ficos y las posibilidades terap\u00e9uticas.<\/jats:p>","DOI":"10.16925\/sp.v11i22.1157","type":"journal-article","created":{"date-parts":[[2016,5,16]],"date-time":"2016-05-16T22:25:47Z","timestamp":1463437547000},"source":"Crossref","is-referenced-by-count":0,"title":["Osteopat\u00eda hipertr\u00f3fica secundaria a met\u00e1stasis pulmonar de carcinoma mamario"],"prefix":"10.16925","volume":"11","author":[{"given":"Ricardo Andr\u00e9s","family":"Correa","sequence":"first","affiliation":[],"role":[{"role":"author","vocabulary":"crossref"}]},{"given":"Juan Carlos","family":"Giraldo","sequence":"additional","affiliation":[],"role":[{"role":"author","vocabulary":"crossref"}]}],"member":"6711","published-online":{"date-parts":[[2015,6,1]]},"container-title":["Spei Domus"],"link":[{"URL":"https:\/\/revistas.ucc.edu.co\/index.php\/sp\/article\/download\/1157\/1216","content-type":"application\/pdf","content-version":"vor","intended-application":"text-mining"},{"URL":"https:\/\/revistas.ucc.edu.co\/index.php\/sp\/article\/download\/1157\/1216","content-type":"unspecified","content-version":"vor","intended-application":"similarity-checking"}],"deposited":{"date-parts":[[2020,8,29]],"date-time":"2020-08-29T09:05:41Z","timestamp":1598691941000},"score":0.0,"resource":{"primary":{"URL":"https:\/\/revistas.ucc.edu.co\/index.php\/sp\/article\/view\/1157"}},"issued":{"date-parts":[[2015,6,1]]},"references-count":0,"journal-issue":{"issue":"22","published-online":{"date-parts":[[2015,6,1]]}},"URL":"https:\/\/doi.org\/10.16925\/sp.v11i22.1157","ISSN":["2382-4247","1794-7928"],"issn-type":[{"value":"2382-4247","type":"electronic"},{"value":"1794-7928","type":"print"}],"published":{"date-parts":[[2015,6,1]]}},{"indexed":{"date-parts":[[2024,8,6]],"date-time":"2024-08-06T19:01:10Z","timestamp":1722970870182},"reference-count":0,"publisher":"Universidad Cooperativa de Colombia - UCC","issue":"DIXI","content-domain":{"domain":[],"crossmark-restriction":false},"short-container-title":["Dixi"],"abstract":"<jats:p>El avance tecnol\u00f3gico y la inquietud econ\u00f3mica del hombre dieron paso a las criptomonedas, un fen\u00f3meno muy amplio y en constante evoluci\u00f3n. Ante esto, funcionando como un veh\u00edculo para sistematizar fen\u00f3menos sociales, el derecho se ha quedado corto al regular las actividades que rodean a las criptomonedas. En este art\u00edculo, se pone de manifiesto la pertinencia de una obligaci\u00f3n tributaria que emane de las criptomonedas y la anomia tributaria en la que se encuentran. Como consecuencia, se violan principios rectores que son base para encuadrar cualquier sistema jur\u00eddico dentro de un espectro de justicia tributaria, entendida bajo un modelo de justicia en la distribuci\u00f3n de la carga, basado en teor\u00edas de John Rawls, Amartya Sen y Ronald Dworkin. A pesar de la r\u00e1pida y continua evoluci\u00f3n de los fen\u00f3menos sociales, el derecho deber\u00eda ser capaz de regularlos y brindarnos certeza jur\u00eddica. Es deber de nosotros, desde la academia, se\u00f1alar cuando no sea as\u00ed para avanzar en la eliminaci\u00f3n de las corrupciones del derecho que merman la creaci\u00f3n y la aplicaci\u00f3n de leyes.<\/jats:p>","DOI":"10.16925\/2357-5891.2024.03.03","type":"journal-article","created":{"date-parts":[[2024,5,28]],"date-time":"2024-05-28T01:17:27Z","timestamp":1716859047000},"page":"1-19","source":"Crossref","is-referenced-by-count":0,"title":["Criptomonedas : un fen\u00f3meno desprovisto de justicia tributaria"],"prefix":"10.16925","volume":"26","author":[{"name":"Universidad Nacional Aut\u00f3noma de M\u00e9xico","sequence":"first","affiliation":[],"role":[{"role":"author","vocabulary":"crossref"}]},{"given":"Aldo Rafael","family":"Meneses","sequence":"first","affiliation":[],"role":[{"role":"author","vocabulary":"crossref"}]}],"member":"6711","published-online":{"date-parts":[[2024,3,20]]},"container-title":["Dixi"],"deposited":{"date-parts":[[2024,5,28]],"date-time":"2024-05-28T01:17:33Z","timestamp":1716859053000},"score":0.0,"resource":{"primary":{"URL":"https:\/\/revistas.ucc.edu.co\/index.php\/di\/article\/view\/5032"}},"issued":{"date-parts":[[2024,3,20]]},"references-count":0,"journal-issue":{"issue":"DIXI","published-online":{"date-parts":[[2024,3,20]]}},"URL":"https:\/\/doi.org\/10.16925\/2357-5891.2024.03.03","ISSN":["2357-5891"],"issn-type":[{"type":"electronic","value":"2357-5891"}],"published":{"date-parts":[[2024,3,20]]}},{"indexed":{"date-parts":[[2025,8,1]],"date-time":"2025-08-01T16:40:07Z","timestamp":1754066407227,"version":"3.41.2"},"reference-count":0,"publisher":"Ediciones Universidad Cooperativa de Colombia","content-domain":{"domain":[],"crossmark-restriction":false},"abstract":"<jats:p>La simulaci\u00f3n cl\u00ednica es una estrategia que permite que el estudiante realice pr\u00e1cticas deliberadas con el objetivo de perfeccionar sus habilidades. En esta gu\u00eda se encuentra el briefing que recibe el estudiante de una actividad de simulaci\u00f3n zona 1 para el desarrollo de habilidades t\u00e9cnicas en el examen f\u00edsico de cabeza y cuello, en el segundo a\u00f1o de Medicina. Se explica qu\u00e9 se requiere para la pr\u00e1ctica y en qu\u00e9 consistir\u00e1 su desarrollo, la cual tambi\u00e9n podr\u00e1 realizarse luego de forma independiente por el estudiante, recibiendo feedback inmediato, convirti\u00e9ndose as\u00ed en una actividad de simulaci\u00f3n zona 0. Para lograr lo anterior, se encuentra al final la lista de chequeo por utilizar con fines formativos.<\/jats:p>","DOI":"10.16925\/gcgp.150","type":"report","created":{"date-parts":[[2025,8,1]],"date-time":"2025-08-01T16:08:51Z","timestamp":1754064531000},"source":"Crossref","is-referenced-by-count":0,"title":["Examen f\u00edsico de la cabeza y el cuello"],"prefix":"10.16925","author":[{"ORCID":"https:\/\/orcid.org\/0000-0002-3971-3716","authenticated-orcid":false,"given":"Wilson Alonso","family":"V\u00e9lez Mu\u00f1oz","sequence":"first","affiliation":[],"role":[{"role":"author","vocabulary":"crossref"}]}],"member":"6711","published-online":{"date-parts":[[2025,3]]},"deposited":{"date-parts":[[2025,8,1]],"date-time":"2025-08-01T16:08:52Z","timestamp":1754064532000},"score":0.0,"resource":{"primary":{"URL":"https:\/\/repository.ucc.edu.co\/entities\/publication\/4b82c3b6-280e-4330-b29e-62bfef61a34e"}},"issued":{"date-parts":[[2025,3]]},"references-count":0,"URL":"https:\/\/doi.org\/10.16925\/gcgp.150","published":{"date-parts":[[2025,3]]}},{"indexed":{"date-parts":[[2022,11,26]],"date-time":"2022-11-26T06:04:35Z","timestamp":1669442675022},"reference-count":0,"publisher":"Universidad Cooperativa de Colombia- UCC","issue":"1","license":[{"start":{"date-parts":[[2022,4,30]],"date-time":"2022-04-30T00:00:00Z","timestamp":1651276800000},"content-version":"unspecified","delay-in-days":0,"URL":"http:\/\/creativecommons.org\/licenses\/by-nc-nd\/4.0\/"}],"content-domain":{"domain":[],"crossmark-restriction":false},"short-container-title":["ing. Solidar"],"abstract":"<jats:p>Introduction: Mobile computing systems (MCS) comes up with the challenge of low communication bandwidth and energy due to the mobile nature of the network. These features sometimes may come up with the undesirable behaviour of the system that eventually affects the efficiency of the system.&#x0D;\nProblem: Fault tolerance in MCS will increase the efficiency of the system even in the presence of faults.&#x0D;\nObjective: The main objective of this work is the development of the Monitoring Framework and Fault Detection and Classification.&#x0D;\nMethodology: For the Node Monitoring and for the detection and classification of faults in the system a neighbourhood comparison-based technique has been proposed. The proposed framework uses Twin Support Vector Machine (TWSVM) algorithm has been applied to build classifier for fault classification in the mobile network.&#x0D;\nResults: The proposed system has been compared with the existing techniques and has been evaluated towards calculating the detection accuracy, latency, energy consumption, packet delivery ratio, false classification rate and false positive rate.&#x0D;\nConclusion: The proposed framework performs better in terms of all the selected parameters.<\/jats:p>","DOI":"10.16925\/2357-6014.2022.01.11","type":"journal-article","created":{"date-parts":[[2022,11,25]],"date-time":"2022-11-25T03:25:56Z","timestamp":1669346756000},"page":"1-28","source":"Crossref","is-referenced-by-count":0,"title":["Fault diagnosis in mobile computing using TwinSVM"],"prefix":"10.16925","volume":"18","author":[{"given":"Neha","family":"Malhotra","sequence":"first","affiliation":[],"role":[{"role":"author","vocabulary":"crossref"}]},{"given":"Manju","family":"Bala","sequence":"additional","affiliation":[],"role":[{"role":"author","vocabulary":"crossref"}]},{"given":"Vikram","family":"Puri","sequence":"additional","affiliation":[],"role":[{"role":"author","vocabulary":"crossref"}]}],"member":"6711","published-online":{"date-parts":[[2022,4,30]]},"container-title":["Ingenier\u00eda Solidaria"],"link":[{"URL":"https:\/\/revistas.ucc.edu.co\/index.php\/in\/article\/download\/3929\/3384","content-type":"application\/pdf","content-version":"vor","intended-application":"text-mining"},{"URL":"https:\/\/revistas.ucc.edu.co\/index.php\/in\/article\/download\/3929\/3384","content-type":"unspecified","content-version":"vor","intended-application":"similarity-checking"}],"deposited":{"date-parts":[[2022,11,25]],"date-time":"2022-11-25T03:25:56Z","timestamp":1669346756000},"score":0.0,"resource":{"primary":{"URL":"https:\/\/revistas.ucc.edu.co\/index.php\/in\/article\/view\/3929"}},"issued":{"date-parts":[[2022,4,30]]},"references-count":0,"journal-issue":{"issue":"1","published-online":{"date-parts":[[2022,6,3]]}},"URL":"https:\/\/doi.org\/10.16925\/2357-6014.2022.01.11","ISSN":["2357-6014","1900-3102"],"issn-type":[{"value":"2357-6014","type":"electronic"},{"value":"1900-3102","type":"print"}],"published":{"date-parts":[[2022,4,30]]}},{"indexed":{"date-parts":[[2022,3,31]],"date-time":"2022-03-31T13:45:34Z","timestamp":1648734334320},"reference-count":0,"publisher":"Universidad Cooperativa de Colombia- UCC","issue":"30","content-domain":{"domain":[],"crossmark-restriction":false},"short-container-title":["Rastros rostros"],"abstract":"<jats:p>El presente art\u00edculo es el resultado de una investigaci\u00f3n que se viene realizando dentro de la subl\u00ednea de investigaci\u00f3n \u201cLa Etnoeducaci\u00f3n: un espacio para repensar la Educaci\u00f3n en Colombia\u201d, vinculada a la Facultad de Educaci\u00f3n de la Universidad Libre, y busca dar una caracterizaci\u00f3n del grupo \u00e9tnico conformado por las comunidades afrodescendientes desplazadas en la actual coyuntura pol\u00edtica, econ\u00f3mica y social del pa\u00eds e insertadas precipitadamente al tejido social urbano, hecho que vulnera su calidad de vida, su desarrollo humano y afecta las din\u00e1micas sociales urbanas. Esta situaci\u00f3n amerita tanto la investigaci\u00f3n como la intervenci\u00f3n pedag\u00f3gica en la b\u00fasqueda y materializaci\u00f3n de propuestas educativas y planes de vida que contribuyan a la reconstrucci\u00f3n cultural y social de dichas comunidades \u00e9tnicas.<\/jats:p>","DOI":"10.16925\/ra.v16i30.827","type":"journal-article","created":{"date-parts":[[2015,1,29]],"date-time":"2015-01-29T13:31:13Z","timestamp":1422538273000},"source":"Crossref","is-referenced-by-count":0,"title":["Cuerpo, territorio y familia en las comunidades afrocolombianas residentes en Bogot\u00e1"],"prefix":"10.16925","volume":"16","author":[{"given":"Gigson","family":"Useche Gonz\u00e1lez","sequence":"first","affiliation":[],"role":[{"role":"author","vocabulary":"crossref"}]}],"member":"6711","published-online":{"date-parts":[[2014,1,1]]},"container-title":["Rastros Rostros"],"link":[{"URL":"https:\/\/revistas.ucc.edu.co\/index.php\/ra\/article\/download\/827\/819","content-type":"application\/pdf","content-version":"vor","intended-application":"text-mining"},{"URL":"https:\/\/revistas.ucc.edu.co\/index.php\/ra\/article\/download\/827\/819","content-type":"unspecified","content-version":"vor","intended-application":"similarity-checking"}],"deposited":{"date-parts":[[2020,8,29]],"date-time":"2020-08-29T07:26:05Z","timestamp":1598685965000},"score":0.0,"resource":{"primary":{"URL":"https:\/\/revistas.ucc.edu.co\/index.php\/ra\/article\/view\/827"}},"issued":{"date-parts":[[2014,1,1]]},"references-count":0,"journal-issue":{"issue":"30","published-online":{"date-parts":[[2014,12,1]]}},"URL":"https:\/\/doi.org\/10.16925\/ra.v16i30.827","ISSN":["2382-4921","0124-406X"],"issn-type":[{"value":"2382-4921","type":"electronic"},{"value":"0124-406X","type":"print"}],"published":{"date-parts":[[2014,1,1]]}},{"indexed":{"date-parts":[[2022,3,31]],"date-time":"2022-03-31T12:09:32Z","timestamp":1648728572491},"reference-count":0,"publisher":"Universidad Cooperativa de Colombia- UCC","issue":"22","content-domain":{"domain":[],"crossmark-restriction":false},"short-container-title":["Pensando Psicol."],"abstract":"<jats:p>Introdu\u00e7\u00e3o: uma revis\u00e3o te\u00f3rica alargada em diversas \u00e1reas do saber fez antever a possibilidade de a m\u00fasica poder constituir um dispositivo privilegiado para a compreens\u00e3o do desenvolvimento de estruturas psicol\u00f3gicas humanas e um motor propulsionador de mudan\u00e7as. Objetivo: essa possibilidade permitiu configurar o seguinte objeto de estudo: compreender de que forma a m\u00fasica, enquanto arte, poder\u00e1 possuir elementos potenciadores do desenvolvimento psicol\u00f3gico e emocional.M\u00e9todo: assim, desenhou-se um estudo que assumiu uma metodologia quantitativa a fim de avaliar o impacto da forma\u00e7\u00e3o mu\u00adsical em tr\u00eas processos psicol\u00f3gicos: o processamento emp\u00e1tico, a ca\u00adpacidade de diferencia\u00e7\u00e3o e a regula\u00e7\u00e3o emocional. Administraram-se tr\u00eas instrumentos a uma amostra de 237 sujeitos: o \u00cdndice de Rea\u00adtividade Interpessoal, a Escala de Avalia\u00e7\u00e3o do Repert\u00f3rio e da Capa\u00adcidade de Diferencia\u00e7\u00e3o Emocional, e o Question\u00e1rio de Regula\u00e7\u00e3o Emocional.Resultados: embora n\u00e3o se tenham verificado diferen\u00e7as significativas entre ouvintes e performers, o presente estudo permitiu uma compreens\u00e3o aprofundada sobre a forma como: o g\u00e9nero pode determinar o processamento emp\u00e1tico e o uso de estrat\u00e9gias adaptati\u00advas de regula\u00e7\u00e3o emocional; a progress\u00e3o acad\u00e9mica pode influenciar a forma de interpretar e agir sobre o meio envolvente.Conclus\u00e3o: o envolvimento com a m\u00fasica, seja de que forma for, pode ser, por si s\u00f3, suficiente para a promo\u00e7\u00e3o de determinados processos psicol\u00f3gicos.<\/jats:p>","DOI":"10.16925\/pe.v13i22.1989","type":"journal-article","created":{"date-parts":[[2018,8,8]],"date-time":"2018-08-08T20:52:30Z","timestamp":1533761550000},"page":"61-75","source":"Crossref","is-referenced-by-count":0,"title":["No Ritmo de um Sil\u00eancio: a M\u00fasica como Produtora de Processos Psicol\u00f3gicos"],"prefix":"10.16925","volume":"13","author":[{"given":"Ana Rita","family":"Monteiro Ribeiro","sequence":"first","affiliation":[],"role":[{"role":"author","vocabulary":"crossref"}]},{"given":"Carlos Manuel","family":"Gon\u00e7alves","sequence":"additional","affiliation":[],"role":[{"role":"author","vocabulary":"crossref"}]}],"member":"6711","published-online":{"date-parts":[[2017,10,26]]},"container-title":["Pensando Psicolog\u00eda"],"link":[{"URL":"https:\/\/revistas.ucc.edu.co\/index.php\/pe\/article\/download\/1989\/2247","content-type":"application\/pdf","content-version":"vor","intended-application":"text-mining"},{"URL":"https:\/\/revistas.ucc.edu.co\/index.php\/pe\/article\/download\/1989\/2596","content-type":"unspecified","content-version":"vor","intended-application":"text-mining"},{"URL":"https:\/\/revistas.ucc.edu.co\/index.php\/pe\/article\/download\/1989\/2247","content-type":"unspecified","content-version":"vor","intended-application":"similarity-checking"}],"deposited":{"date-parts":[[2020,8,29]],"date-time":"2020-08-29T06:33:36Z","timestamp":1598682816000},"score":0.0,"resource":{"primary":{"URL":"https:\/\/revistas.ucc.edu.co\/index.php\/pe\/article\/view\/1989"}},"issued":{"date-parts":[[2017,10,26]]},"references-count":0,"journal-issue":{"issue":"22","published-online":{"date-parts":[[2017,10,26]]}},"URL":"https:\/\/doi.org\/10.16925\/pe.v13i22.1989","ISSN":["2382-3984","1900-3099"],"issn-type":[{"value":"2382-3984","type":"electronic"},{"value":"1900-3099","type":"print"}],"published":{"date-parts":[[2017,10,26]]}},{"indexed":{"date-parts":[[2025,5,14]],"date-time":"2025-05-14T05:19:06Z","timestamp":1747199946904,"version":"3.40.5"},"reference-count":0,"publisher":"Ediciones Universidad Cooperativa de Colombia","content-domain":{"domain":[],"crossmark-restriction":false},"abstract":"<jats:p>Los modelos de regresi\u00f3n lineal son una herramienta frecuentemente utilizada para realizar predicciones del comportamiento de una variable cuantitativa. En esta gu\u00eda se presentan los temas te\u00f3ricos elementales para la adecuaci\u00f3n de modelos de regresi\u00f3n lineal simple, y su implementaci\u00f3n en el software R. Esta metodolog\u00eda es empleada en diversos campos, desde el \u00e1mbito cient\u00edfico y empresarial, hasta las aplicaciones de aprendizaje autom\u00e1tico com\u00fanmente desarrolladas en la actualidad.<\/jats:p>","DOI":"10.16925\/gcgp.85","type":"report","created":{"date-parts":[[2023,9,22]],"date-time":"2023-09-22T20:51:26Z","timestamp":1695415886000},"source":"Crossref","is-referenced-by-count":0,"title":["Adecuaci\u00f3n de modelos de regresi\u00f3n lineal simple en R-Studio"],"prefix":"10.16925","author":[{"name":"Universidad Cooperativa de Colombia","sequence":"first","affiliation":[],"role":[{"role":"author","vocabulary":"crossref"}]},{"ORCID":"https:\/\/orcid.org\/0000-0003-2604-6739","authenticated-orcid":false,"given":"Manuel Arturo","family":"Nova Mart\u00ednez","sequence":"first","affiliation":[],"role":[{"role":"author","vocabulary":"crossref"}]},{"ORCID":"https:\/\/orcid.org\/0000-0003-3083-1713","authenticated-orcid":false,"given":"Elkin Giovani","family":"Sorza \u00c1lvarez","sequence":"additional","affiliation":[],"role":[{"role":"author","vocabulary":"crossref"}]},{"given":"Lina Mar\u00eda","family":"Zabala Arango","sequence":"additional","affiliation":[],"role":[{"role":"author","vocabulary":"crossref"}]}],"member":"6711","published-online":{"date-parts":[[2023,3]]},"deposited":{"date-parts":[[2023,9,22]],"date-time":"2023-09-22T20:51:27Z","timestamp":1695415887000},"score":0.0,"resource":{"primary":{"URL":"https:\/\/repository.ucc.edu.co\/items\/cd81c597-14b9-422a-98a3-443ac326070b"}},"issued":{"date-parts":[[2023,3]]},"references-count":0,"URL":"https:\/\/doi.org\/10.16925\/gcgp.85","published":{"date-parts":[[2023,3]]}},{"indexed":{"date-parts":[[2022,7,18]],"date-time":"2022-07-18T22:11:13Z","timestamp":1658182273769},"reference-count":0,"publisher":"Universidad Cooperativa de Colombia- UCC","issue":"2","license":[{"start":{"date-parts":[[2022,7,11]],"date-time":"2022-07-11T00:00:00Z","timestamp":1657497600000},"content-version":"unspecified","delay-in-days":0,"URL":"https:\/\/creativecommons.org\/licenses\/by\/4.0\/deed.es"}],"content-domain":{"domain":[],"crossmark-restriction":false},"short-container-title":["Dixi"],"abstract":"<jats:p>Una de las modificaciones en el derecho mexicano consiste en el reconocimiento del par\u00e1metro de control de regularidad constitucional por la Suprema Corte de Justicia de la Naci\u00f3n, que reconoce jer\u00e1rquicamente a los tratados internacionales de derechos humanos con la Constituci\u00f3n. Esto produjo una modificaci\u00f3n material y procesal en el derecho constitucional mexicano, principiando la \u00e9poca del tiempo de los derechos. Sin embargo, debido de la emergencia sanitaria ocasionada por el sars-CoV2, la eficacia del par\u00e1metro de regularidad disminuy\u00f3 por las restricciones y suspensiones de derechos que se ordenaron, y se afect\u00f3 el ejercicio de los derechos humanos por una situaci\u00f3n de emergencia sanitaria. En el presente trabajo, investigaremos los efectos de la crisis de la covid-19 en el par\u00e1metro de control de regularidad, precisando cu\u00e1les son los problemas que se originan con motivo de la emergencia sanitaria. Y a partir de la construcci\u00f3n nacional e interamericana en materia de derechos humanos, se definir\u00e1n qu\u00e9 medidas debe adoptar M\u00e9xico para fortalecer el par\u00e1metro de regularidad sin que el ejercicio de los derechos humanos disminuya de manera desproporcional.<\/jats:p>","DOI":"10.16925\/2357-5891.2022.02.05","type":"journal-article","created":{"date-parts":[[2022,7,18]],"date-time":"2022-07-18T21:33:54Z","timestamp":1658180034000},"page":"1-29","source":"Crossref","is-referenced-by-count":0,"title":["Par\u00e1metro de control de regularidad constitucional frente a las emergencias sanitarias"],"prefix":"10.16925","volume":"24","author":[{"given":"Mart\u00edn","family":"Moreno-Reynaga","sequence":"first","affiliation":[],"role":[{"role":"author","vocabulary":"crossref"}]}],"member":"6711","published-online":{"date-parts":[[2022,7,11]]},"container-title":["DIXI"],"link":[{"URL":"https:\/\/revistas.ucc.edu.co\/index.php\/di\/article\/download\/4393\/3334","content-type":"application\/pdf","content-version":"vor","intended-application":"text-mining"},{"URL":"https:\/\/revistas.ucc.edu.co\/index.php\/di\/article\/download\/4393\/3334","content-type":"unspecified","content-version":"vor","intended-application":"similarity-checking"}],"deposited":{"date-parts":[[2022,7,18]],"date-time":"2022-07-18T21:33:54Z","timestamp":1658180034000},"score":0.0,"resource":{"primary":{"URL":"https:\/\/revistas.ucc.edu.co\/index.php\/di\/article\/view\/4393"}},"subtitle":["Conflictos del modelo constitucional mexicano en tiempos de la covid-19"],"issued":{"date-parts":[[2022,7,11]]},"references-count":0,"journal-issue":{"issue":"2","published-online":{"date-parts":[[2022,7,18]]}},"URL":"https:\/\/doi.org\/10.16925\/2357-5891.2022.02.05","ISSN":["2357-5891","0124-7255"],"issn-type":[{"value":"2357-5891","type":"electronic"},{"value":"0124-7255","type":"print"}],"published":{"date-parts":[[2022,7,11]]}},{"indexed":{"date-parts":[[2025,7,26]],"date-time":"2025-07-26T08:41:15Z","timestamp":1753519275330},"reference-count":15,"publisher":"Universidad Cooperativa de Colombia- UCC","issue":"21","license":[{"start":{"date-parts":[[2017,1,1]],"date-time":"2017-01-01T00:00:00Z","timestamp":1483228800000},"content-version":"unspecified","delay-in-days":0,"URL":"http:\/\/creativecommons.org\/licenses\/by-nc-nd\/4.0\/"}],"content-domain":{"domain":[],"crossmark-restriction":false},"short-container-title":["ing. Solidar"],"abstract":"<jats:p>Introduction: This paper is part of a research project that aims to construct a predictive model for students\u2019 academic performance, as result of an iterative process of experimentation and evaluation of the pertinence of some data mining techniques. Methodology: This paper was written in 2016 in the Universidad El Bosque, Bogot\u00e1, Colombia, and presents a comparative analysis of the performance and relevance of the J48 and Random Forest algorithms, in order to identify the most influential demographic and icfes score variables, as well as the classification rules, to predict the first year academic performance of the Engineering Faculty students, in Universidad El Bosque, Bogot\u00e1, Colombia. Results: The analysis process was carried out on 7,644 students\u2019 records, and it was developed in two phases. Firstly, the data needed to feed the mining process was extracted and prepared. Secondly, the data mining process itself was implemented through preprocessing data and executing the classification algorithms available in Weka. Some significant variables and rules to predict academic performance are found, according to the studied population characteristics. Conclusions: The academic risk seen as the cause of the desertion phenomenon must be studied as a phenomenon itself. Establishing its causes facilitates the creation of preventive strategies for the accompaniment of students through their process, aimed to mitigate the risk of both phenomena.<\/jats:p>","DOI":"10.16925\/in.v13i21.1729","type":"journal-article","created":{"date-parts":[[2017,9,26]],"date-time":"2017-09-26T13:32:42Z","timestamp":1506432762000},"page":"53-61","source":"Crossref","is-referenced-by-count":2,"title":["Engineering Students\u00b4 Academic Performance Prediction using ICFES Test Scores and Demo-graphic Data"],"prefix":"10.16925","volume":"13","author":[{"given":"Sandra","family":"Merch\u00e1n Rubiano","sequence":"first","affiliation":[],"role":[{"role":"author","vocabulary":"crossref"}]},{"given":"Ad\u00e1n","family":"Beltr\u00e1n G\u00f3mez","sequence":"additional","affiliation":[],"role":[{"role":"author","vocabulary":"crossref"}]},{"given":"Jorge","family":"Duarte Garc\u00eda","sequence":"additional","affiliation":[],"role":[{"role":"author","vocabulary":"crossref"}]}],"member":"6711","published-online":{"date-parts":[[2017,1,1]]},"reference":[{"key":"62122","unstructured":"[1] C. Guzman R., D. Duran M., J. Franco G., E. Casta\u00f1o V., S. Gallon G., K. Gomez P. and J. Vas-quez V. Deserci\u00f3n Estudiantil En La Educaci\u00f3n Superior Colombiana. Metodolog\u00eda De Seguimiento, Diagn\u00f3stico Y Elementos Para Su Prevenci\u00f3n 2009."},{"key":"62123","unstructured":"[2] Pruebas Saber. Available: http:\/\/www.mineducacion.gov.co\/1759\/w3-article-244735.html."},{"key":"62124","unstructured":"[3] Centro de Estudios sobre Desarrollo Econ\u00f3mico, CEDE, \"Determinantes de la deserci\u00f3n,\" Febrero 14, 2014."},{"key":"62125","doi-asserted-by":"crossref","unstructured":"[4] N. Su\u00e1rez-Montes and L. B. D\u00edaz-Subieta. \u201cEstr\u00e9s acad\u00e9mico, deserci\u00f3n y estrategias de retenci\u00f3n de estudiantes en la educaci\u00f3n superior\u201d. Revista De Salud P\u00fablica, 17(2), pp. 300-313. 2015. . DOI: 10.15446\/rsap.v17n2.52891.","DOI":"10.15446\/rsap.v17n2.52891"},{"key":"62126","unstructured":"[5] M. Astudillo, \"FACTORES DE RIESGO ASOCIADOS A LA DESERCI\u00d3N ESTUDIANTIL EN LA UNIVERSIDAD ICESI,\" Mayo, 2013."},{"key":"62127","unstructured":"[6] De la Rosa, Juan Carlos, R. Linero, I. Meri\u00f1o and O. Rodr\u00edguez. \"Acompa\u00f1amiento de estudiantes en alto riesgo acad\u00e9mico\" in Encuentro Internacional De Educaci\u00f3n En Ingenier\u00eda ACOFI 2014.&nbsp; Septiembre, 2014, pp. 118-119."},{"key":"62128","doi-asserted-by":"crossref","unstructured":"[7] F. Barrero, C. Barrero, H. Borja and M. Monta\u00f1o. Factores de riesgo asociados a la deserci\u00f3n estu-diantil universitaria en programas de pregrado de la Universidad de San Buenaventura, Bogot\u00e1 (2009-2013) 1. Academia Y Virtualidad 2(8), pp. 60-72. 2015. Availa-ble: http:\/\/revistas.unimilitar.edu.co\/index.php\/ravi\/article\/view\/1423. DOI: \/\/dx.doi.org\/10.18359\/ravi.1423.","DOI":"10.18359\/ravi.1423"},{"key":"62129","doi-asserted-by":"crossref","unstructured":"[8] E. P. Ibarra Garcia and P. Medina Mora, \"Model prediction of academic performance for first year students\" in 2011, pp. 169-174.","DOI":"10.1109\/MICAI.2011.28"},{"key":"62130","doi-asserted-by":"crossref","unstructured":"[9] S. Taruna and M. Pandey. An empirical analysis of classification techniques for predicting academic performance. 2014, Available: http:\/\/ieeexplore.ieee.org\/document\/6779379. DOI: 10.1109\/IAdCC.2014.6779379.","DOI":"10.1109\/IAdCC.2014.6779379"},{"key":"62131","doi-asserted-by":"crossref","unstructured":"[10] G. Gray, C. McGuinness and P. Owende. An application of classification models to predict learner progression in tertiary education. 2014. Available: http:\/\/ieeexplore.ieee.org\/document\/6779384. DOI: 10.1109\/IAdCC.2014.6779384.","DOI":"10.1109\/IAdCC.2014.6779384"},{"key":"62132","doi-asserted-by":"crossref","unstructured":"[11] Nguyen Thai Nghe, P. Janecek and P. Haddawy. A comparative analysis of techniques for predict-ing academic performance. 2007. Available: http:\/\/ieeexplore.ieee.org\/document\/4417993. DOI: 10.1109\/FIE.2007.4417993.","DOI":"10.1109\/FIE.2007.4417993"},{"key":"62133","doi-asserted-by":"crossref","unstructured":"[12] S. M. Merchan Rubiano and J. A. Duarte Garcia. Formulation of a predictive model for academic performance based on students' academic and demographic data. Presented at Frontiers in Education (Conference). 2015, Available: http:\/\/ieeexplore.ieee.org\/document\/7344047. DOI: 10.1109\/FIE.2015.7344047.","DOI":"10.1109\/FIE.2015.7344047"},{"key":"62134","doi-asserted-by":"crossref","unstructured":"[13] S. M. Merchan Rubiano and J. A. Duarte Garcia. \u201cAnalysis of data mining techniques for construct-ing a predictive model for academic performance\u201d. T-La 14(6), pp. 2783-2788. 2016. Availa-ble: http:\/\/ieeexplore.ieee.org\/document\/7555255. DOI: 10.1109\/TLA.2016.7555255.","DOI":"10.1109\/TLA.2016.7555255"},{"key":"62135","unstructured":"[14] S. M. Merchan Rubiano and J. A. Duarte Garcia, \"Analysis of data mining techniques for construct-ing a predictive model for academic performance,\" in UNESCO-UNIR ICT &amp; Education Latam Congress 2016&nbsp; pp. 39-48."},{"key":"62136","unstructured":"[15] (The University of Waikato). Weka 3: Data Mining Software in Java. Availa-ble: http:\/\/www.cs.waikato.ac.nz\/ml\/weka"}],"container-title":["Ingenier\u00eda Solidaria"],"link":[{"URL":"https:\/\/revistas.ucc.edu.co\/index.php\/in\/article\/download\/1729\/1846","content-type":"application\/pdf","content-version":"vor","intended-application":"text-mining"},{"URL":"https:\/\/revistas.ucc.edu.co\/index.php\/in\/article\/download\/1729\/2489","content-type":"unspecified","content-version":"vor","intended-application":"text-mining"},{"URL":"https:\/\/revistas.ucc.edu.co\/index.php\/in\/article\/download\/1729\/1846","content-type":"unspecified","content-version":"vor","intended-application":"similarity-checking"}],"deposited":{"date-parts":[[2019,12,16]],"date-time":"2019-12-16T23:05:55Z","timestamp":1576537555000},"score":0.0,"resource":{"primary":{"URL":"https:\/\/revistas.ucc.edu.co\/index.php\/in\/article\/view\/1729"}},"issued":{"date-parts":[[2017,1,1]]},"references-count":15,"journal-issue":{"issue":"21","published-online":{"date-parts":[[2017,1,1]]}},"URL":"https:\/\/doi.org\/10.16925\/in.v13i21.1729","ISSN":["2357-6014","1900-3102"],"issn-type":[{"value":"2357-6014","type":"electronic"},{"value":"1900-3102","type":"print"}],"published":{"date-parts":[[2017,1,1]]}},{"indexed":{"date-parts":[[2022,4,5]],"date-time":"2022-04-05T05:18:23Z","timestamp":1649135903191},"reference-count":0,"publisher":"Universidad Cooperativa de Colombia- UCC","issue":"22","content-domain":{"domain":[],"crossmark-restriction":false},"short-container-title":["Estrateg"],"abstract":"<jats:p>&lt;p&gt;Este art\u00edculo presenta algunos resultados de la tesis doctoral \u201cDescripci\u00f3n fenomenol\u00f3gica del emprendimiento: formaci\u00f3n de la voluntad\u201d, con el prop\u00f3sito de fundamentar el emprendimiento desde el punto de vista de la voluntad, lo que constituye una oportunidad para generar conciencia en la comunidad acad\u00e9mica, que tradicionalmente ha tenido una visi\u00f3n unidisciplinar del fen\u00f3meno emprendedor, toda vez que las investigaciones sobre el emprendimiento no han dado cuenta de la dimensi\u00f3n humana de la voluntad. La investigaci\u00f3n toma una muestra intencional de emprendimientos apoyados por las instituciones de educaci\u00f3n superior de Medell\u00edn, Colombia, y luego se recurre a la dimensi\u00f3n emp\u00edrica para el establecimiento de categor\u00edas y subcategor\u00edas a partir de las t\u00e9cnicas de entrevista semiestructurada y grupo focal. El hallazgo m\u00e1s relevante es que se comprob\u00f3 como la voluntad constituye la esencia del emprendimiento, la cual se expresa en la autodeterminaci\u00f3n y en la decisi\u00f3n del emprendedor por desarrollar la idea de negocio, entendida como realizaci\u00f3n de s\u00ed mismo y de su proyecto de vida.&lt;\/p&gt;<\/jats:p>","DOI":"10.16925\/es.v12i22.959","type":"journal-article","created":{"date-parts":[[2016,2,3]],"date-time":"2016-02-03T16:58:23Z","timestamp":1454518703000},"page":"17","source":"Crossref","is-referenced-by-count":0,"title":["La voluntad de emprender: un estudio fenomenol\u00f3gico"],"prefix":"10.16925","volume":"12","author":[{"given":"Clara In\u00e9s","family":"Orrego-Correa","sequence":"first","affiliation":[],"role":[{"role":"author","vocabulary":"crossref"}]}],"member":"6711","published-online":{"date-parts":[[2015,2,2]]},"container-title":["Estrategias"],"link":[{"URL":"http:\/\/revistas.ucc.edu.co\/index.php\/es\/article\/viewFile\/959\/1229","content-type":"application\/pdf","content-version":"vor","intended-application":"text-mining"},{"URL":"http:\/\/revistas.ucc.edu.co\/index.php\/es\/article\/viewFile\/959\/1229","content-type":"unspecified","content-version":"vor","intended-application":"similarity-checking"}],"deposited":{"date-parts":[[2016,2,3]],"date-time":"2016-02-03T16:58:23Z","timestamp":1454518703000},"score":0.0,"resource":{"primary":{"URL":"http:\/\/revistas.ucc.edu.co\/index.php\/es\/article\/view\/959"}},"issued":{"date-parts":[[2015,2,2]]},"references-count":0,"journal-issue":{"issue":"22","published-online":{"date-parts":[[2015,2,2]]}},"URL":"https:\/\/doi.org\/10.16925\/es.v12i22.959","ISSN":["2389-9247","1794-1652"],"issn-type":[{"value":"2389-9247","type":"electronic"},{"value":"1794-1652","type":"print"}],"published":{"date-parts":[[2015,2,2]]}},{"indexed":{"date-parts":[[2025,2,19]],"date-time":"2025-02-19T06:40:25Z","timestamp":1739947225726,"version":"3.37.3"},"reference-count":0,"publisher":"Universidad Cooperativa de Colombia - UCC","issue":"129","license":[{"start":{"date-parts":[[2024,12,21]],"date-time":"2024-12-21T00:00:00Z","timestamp":1734739200000},"content-version":"unspecified","delay-in-days":0,"URL":"https:\/\/creativecommons.org\/licenses\/by\/4.0"}],"content-domain":{"domain":[],"crossmark-restriction":false},"short-container-title":["Coop. Desarro."],"abstract":"<jats:p>Este art\u00edculo explora el impacto de la motivaci\u00f3n en la calidad de vida de los empleados de la Cooperativa Jard\u00edn Azuayo. Aborda factores como el estilo de liderazgo, los valores y las creencias que modelan la motivaci\u00f3n, y c\u00f3mo estos influyen en el compromiso y el desempe\u00f1o. La motivaci\u00f3n, entendida como un proceso psicol\u00f3gico que impulsa el comportamiento hacia objetivos, es crucial para lograr un equilibrio entre la vida laboral y personal. El texto resalta la importancia de adoptar medidas como horarios flexibles y trabajo remoto para mejorar dicho equilibrio. Adem\u00e1s, subraya la relaci\u00f3n entre motivaci\u00f3n y retenci\u00f3n de empleados, sugiriendo que la motivaci\u00f3n juega un papel fundamental en la retenci\u00f3n a largo plazo, por encima de la compensaci\u00f3n econ\u00f3mica. El estudio, que incluy\u00f3 la participaci\u00f3n de 300 personas, revela correlaciones moderadas entre la motivaci\u00f3n intr\u00ednseca y diversas dimensiones de la calidad de vida. La estrategia de mejora propuesta incluye la creaci\u00f3n de comit\u00e9s democr\u00e1ticos, la realizaci\u00f3n de encuestas de satisfacci\u00f3n y el fortalecimiento de los planes de carrera para fomentar la motivaci\u00f3n. Las conclusiones enfatizan la importancia de reconocer las condiciones individuales y la influencia de los colaboradores en la motivaci\u00f3n dentro de un entorno cooperativo que valora la libertad de expresi\u00f3n y la importancia del trabajo.<\/jats:p>","DOI":"10.16925\/2382-4220.2024.02.08","type":"journal-article","created":{"date-parts":[[2025,2,19]],"date-time":"2025-02-19T06:06:22Z","timestamp":1739945182000},"page":"1-11","source":"Crossref","is-referenced-by-count":0,"title":["La motivaci\u00f3n y su influencia en la calidad de vida de los colaboradores de la Cooperativa Jard\u00edn Azuayo","Motivation and its influence on the quality of life of the employees of the Jard\u00edn Azuayo Cooperative","A motiva\u00e7\u00e3o e sua influ\u00eancia na qualidade de vida dos colaboradores da Cooperativa Jard\u00edn Azuayo"],"prefix":"10.16925","volume":"32","author":[{"ORCID":"https:\/\/orcid.org\/0009-0003-0411-9033","authenticated-orcid":false,"given":"Diana","family":"Rodr\u00edguez","sequence":"first","affiliation":[],"role":[{"role":"author","vocabulary":"crossref"}]},{"ORCID":"https:\/\/orcid.org\/0009-0006-9682-2878","authenticated-orcid":false,"given":"Edison","family":"Jaramillo","sequence":"additional","affiliation":[],"role":[{"role":"author","vocabulary":"crossref"}]}],"member":"6711","published-online":{"date-parts":[[2024,12,21]]},"container-title":["Cooperativismo &amp; Desarrollo"],"link":[{"URL":"https:\/\/revistas.ucc.edu.co\/index.php\/co\/article\/download\/4957\/3783","content-type":"application\/pdf","content-version":"vor","intended-application":"text-mining"},{"URL":"https:\/\/revistas.ucc.edu.co\/index.php\/co\/article\/download\/4957\/3783","content-type":"unspecified","content-version":"vor","intended-application":"similarity-checking"}],"deposited":{"date-parts":[[2025,2,19]],"date-time":"2025-02-19T06:06:22Z","timestamp":1739945182000},"score":0.0,"resource":{"primary":{"URL":"https:\/\/revistas.ucc.edu.co\/index.php\/co\/article\/view\/4957"}},"issued":{"date-parts":[[2024,12,21]]},"references-count":0,"journal-issue":{"issue":"129","published-online":{"date-parts":[[2024,12,21]]}},"URL":"https:\/\/doi.org\/10.16925\/2382-4220.2024.02.08","ISSN":["2382-4220","0120-7180"],"issn-type":[{"value":"2382-4220","type":"electronic"},{"value":"0120-7180","type":"print"}],"published":{"date-parts":[[2024,12,21]]}},{"indexed":{"date-parts":[[2025,2,21]],"date-time":"2025-02-21T21:57:22Z","timestamp":1740175042390,"version":"3.37.3"},"reference-count":25,"publisher":"Universidad Cooperativa de Colombia - UCC","issue":"1","content-domain":{"domain":[],"crossmark-restriction":false},"short-container-title":["ing. Solidar"],"abstract":"<jats:p>Introduction:The research paper \u201cTrust as a missing link between Quality of work life and Subjective well-being\u201d,\u00a0was developed at KIET School of Management, KIET Group of Institutions in the year 2019.\r\nProblem:Organizations have initiated the search for intervening strategies whenproviding primed quality of work life to retain potential employees for heightened productivity, efficiency, effectiveness and performance.\r\nObjective:The main aim of thisstudy is to examine the influence of quality of work life on subjective well-being of employees. Furthermore, the present study also explores the aforementionedassociation with the mediating effect of trust.\r\nMethodology:The study is comprised of 350 managers working in IT industries. The participants were a convenient purposive sample. The data wasanalyzed by a number of statistical techniques such as: Pearson\u2019s Product Moment Method and Stepwise Multiple Regression Analysis, which were used to explore the influence of quality of work life on trust and subjective well-being.\r\nConclusion:This study makes a theoretical contribution in understanding trust as a missing link between QWL and subjective well-being.\r\nOriginality:The most important aspect which binds an employee to the organization is the level of trust and the well-being of employees at the workplace.This perspective has currently been neglected by the management practitioners and it can be stated that low levels of trust and well-being, when overflowing into the other domains of life,lead to further distrust and life dissatisfaction and makes an employee less productive and incompetent when confrontinglife challenges.\r\nRestrictions:The research paper is entirely relianton cross-sectional data that could also be extended while selecting larger multicultural samples for the better understanding and measurement of cognitive processes across organizational cultures.<\/jats:p>","DOI":"10.16925\/2357-6014.2020.01.06","type":"journal-article","created":{"date-parts":[[2020,7,16]],"date-time":"2020-07-16T14:53:17Z","timestamp":1594911197000},"source":"Crossref","is-referenced-by-count":5,"title":["Trust as a missing link between quality of work life and subjective well-being"],"prefix":"10.16925","volume":"16","author":[{"given":"Shivani","family":"Agarwal","sequence":"first","affiliation":[],"role":[{"role":"author","vocabulary":"crossref"}]}],"member":"6711","published-online":{"date-parts":[[2020,1,30]]},"reference":[{"key":"82558","doi-asserted-by":"crossref","unstructured":"Agarwal, Shivani, P. Garg, and R. Rastogi, \"Testing the reciprocal relationship between quality of work life and subjective well-being: a path analysis model,\" International Journal of Project Organisation and Management, vol. 11, no. 2, pp. 140-153, 2019. [Online]. doi: 10.1504\/IJPOM.2019.100576","DOI":"10.1504\/IJPOM.2019.100576"},{"key":"82559","unstructured":"B. Ballou, and N.H. Godwin, \u201cQuality of work life,\u201dStrategic Finance,October, pp. 41\u201345, 2007."},{"key":"82560","unstructured":"T. Kotz\u00e9, \u201cQuality of work life: What managers need to know,\u201dManagement Today, vol. 20, no.6, pp. 38\u201341, 2004"},{"key":"82561","doi-asserted-by":"crossref","unstructured":"K. Newton, \u201cSocial trust: Individual and cross-national approaches,\u201dPortuguese Journal of Social Science, vol. 3, pp.15-35, 2004","DOI":"10.1386\/pjss.3.1.15\/0"},{"key":"82562","unstructured":"J. W. Newstrom andK. Davis, \u201cOrganizational Behavior at Work,\u201d New York: McGraw Hill Book Company, 2005"},{"key":"82563","unstructured":"A. S. McDonald and National Foundation for Educational Research in England and Wales,\u201cQuality of working life: User's guide,\u201d Windsor: NFER-Nelson,2007."},{"key":"82564","doi-asserted-by":"crossref","unstructured":"D. M.Rousseau, S. B.Sitkin, R. S. Burt, and C. Camerer, \u201cNot so different after all: A cross-discipline view of trust,\u201dAcademy of Management Review, vol.23,no. 3, pp. 393-404, 1998. [Online]. doi:https:\/\/doi.org\/10.5465\/amr.1998.926617","DOI":"10.5465\/amr.1998.926617"},{"key":"82565","doi-asserted-by":"crossref","unstructured":"D. J.McAllister, \u201cAffect- and cognition-based trust as foundations for interpersonal cooperation in organizations,\u201dAcademy of Management Journal, vol. 38, pp. 24-59, 1995. [Online]. doi:https:\/\/www.jstor.org\/stable\/256727","DOI":"10.2307\/256727"},{"key":"82566","doi-asserted-by":"crossref","unstructured":"E. Diener, \u201cSubjective well-being,\u201dPsychological Bulletin,vol.95, pp. 542\u2013575, 1984. [Online] doi:http:\/\/dx.doi.org\/10.1037\/0033-2909.95.3.542","DOI":"10.1037\/0033-2909.95.3.542"},{"key":"82567","doi-asserted-by":"crossref","unstructured":"D. Watson, L. A. Clark and A. Tellegen, \u201cDevelopment and validation of brief measures of positive and negative affect: The PANAS scales,\u201d Journal of Personality and Social Psychology, vol. 54, no. 6, pp. 1063-1070, 1988. [Online]. doi:http:\/\/dx.doi.org\/10.1037\/0022-3514.54.6.1063","DOI":"10.1037\/0022-3514.54.6.1063"},{"key":"82568","unstructured":"Y. P. Sahay, and M. Gupta, \u201cRole of organization structure in innovation in the bulk-drug industry,\u201dIndian Journal of Industrial relations, vol. 45, no. 3,pp. 450-464, 2011.[Online]. doi:https:\/\/www.jstor.org\/stable\/41149462"},{"key":"82569","doi-asserted-by":"crossref","unstructured":"J. Ferres, J. Connell and A. Travaglione, \u201cCo-worker trust as a social catalyst for constructive employee attitudes,\u201dJournal of Management Psychology, vol. 19, no. 6, pp. 608-622, 2004. [Online]. doi:https:\/\/doi.org\/10.1108\/02683940410551516","DOI":"10.1108\/02683940410551516"},{"key":"82570","doi-asserted-by":"crossref","unstructured":"R. F. Baumeister andM. R. Leary,\u201cThe need to belong: Desire for interpersonal attachments as a fundamental human motivation,\u201dPsychological Bulletin,vol. 117, no. 3, pp. 497-529, 1995.[Online] doi: 10.1037%2F0033-2909.117.3.497","DOI":"10.1037\/0033-2909.117.3.497"},{"key":"82571","doi-asserted-by":"crossref","unstructured":"K. Daniels, \u201cMeasures of five aspects of affective well-being at Work,\u201dHumanRelations, vol. 53, pp. 275-294, 2000. [Online]. doi:10.1177\/a010564","DOI":"10.1177\/a010564"},{"key":"82572","unstructured":"T. T. Serey, \u201cChoosing a Robust Quality of Work Life,\u201dBusiness Forum, vol. 27, pp. 7-10, (2006)."},{"key":"82573","doi-asserted-by":"crossref","unstructured":"J. L. Katrina, J. Andrew, J. Noblet and J. J. Rodwell,\u201cPromoting employee well-being: The relevance of work characteristics and organizational justice,\u201d HealthPromotion International, vol. 24, pp. 223-233, 2009.[Online]. doi:10.1093\/heapro\/dap025","DOI":"10.1093\/heapro\/dap025"},{"key":"82574","unstructured":"Kalliny, Morris., Ulas, Ograk., & Saran, A.,\u201cManagement Styles and Commitment: A Cross-Cultural Study\u201d,The Journal of Global Business Management, vol. 3, no.1, pp. 1-5, 2007"},{"key":"82575","doi-asserted-by":"crossref","unstructured":"H. A. Hashmi, M. Khurshid and I. Hassan, \u201cMarital adjustment, stress and depression among working and non-working married women,\u201dInternet Journal ofMedical Update,vol. 2, pp.19-26, 2007.","DOI":"10.4314\/ijmu.v2i1.39843"},{"key":"82576","doi-asserted-by":"crossref","unstructured":"M. Becerra and A. K. Gupta, \u201cPerceived trustworthiness within the organization: The moderating impact of communication frequency on trustor and trustee effects,\u201d Organization Science, vol. 14, no. 1, pp. 32-44,2003. [Online]. doi: http:\/\/dx.doi.org\/10.1287\/orsc.14.1.32.12815.","DOI":"10.1287\/orsc.14.1.32.12815"},{"key":"82577","doi-asserted-by":"crossref","unstructured":"A.Chawla and E. K. Kelloway, \u201cPredicting openness and commitment to change,\u201dLeadership & Organization Development Journal, vol. 25, no.5\/6, pp. 485-498, 2004. [Online] doi: https:\/\/doi.org\/10.1108\/01437730410556734","DOI":"10.1108\/01437730410556734"},{"key":"82578","doi-asserted-by":"crossref","unstructured":"R.D.Putnam, Bowling Alone: The Collapse and Revival of American Community, New York, Simon & Schuster, 2000.","DOI":"10.1145\/358916.361990"},{"key":"82579","doi-asserted-by":"crossref","unstructured":"J.S.Coleman, \u201cSocial capital in the creation of human capital,\u201dThe American Journal of Sociology, vol. 94, no.S95,1988. [Online] doi:http:\/\/www.jstor.org\/stable\/2780243","DOI":"10.1086\/228943"},{"key":"82580","doi-asserted-by":"crossref","unstructured":"C. Kroll, \u201cDifferent things make different people happy: examining social capital and subjective well-being by gender and parental status\u201d,Social Indicator Research,vol. 104, pp. 157\u2013177, 2011. [Online]. doi:https:\/\/doi.org\/10.1093\/heapro\/dap025","DOI":"10.1093\/heapro\/dap025"},{"key":"82581","doi-asserted-by":"crossref","unstructured":"A. Kulig, H. Kolfoort and R. Hoekstra, \u201cThe case of the hybrid capital approach for the measurement of the welfare and sustainability,\u201dEcol. Indic., vol. 10, pp. 118\u2013128, 2010. [Online]. doi:https:\/\/doi.org\/10.1007\/s11205-010-9733-1","DOI":"10.1007\/s11205-010-9733-1"},{"key":"82582","doi-asserted-by":"crossref","unstructured":"T. A. Wright and R. Cropanzano, \u201cThe role of psychological well-being in job performance: A fresh look at an age-old quest,\u201dOrganizational Dynamics, vol. 33, no. 4,pp. 338-351, 2004. [Online]. doi:http:\/\/10.1016\/j.orgdyn.2004.09.002","DOI":"10.1016\/j.orgdyn.2004.09.002"}],"container-title":["Ingenier\u00eda Solidaria"],"link":[{"URL":"https:\/\/revistas.ucc.edu.co\/index.php\/in\/article\/download\/3081\/2808","content-type":"application\/pdf","content-version":"vor","intended-application":"text-mining"},{"URL":"https:\/\/revistas.ucc.edu.co\/index.php\/in\/article\/download\/3081\/2808","content-type":"unspecified","content-version":"vor","intended-application":"similarity-checking"}],"deposited":{"date-parts":[[2020,7,16]],"date-time":"2020-07-16T14:53:32Z","timestamp":1594911212000},"score":0.0,"resource":{"primary":{"URL":"https:\/\/revistas.ucc.edu.co\/index.php\/in\/article\/view\/3081"}},"issued":{"date-parts":[[2020,1,30]]},"references-count":25,"journal-issue":{"issue":"1","published-online":{"date-parts":[[2020,3,4]]}},"URL":"https:\/\/doi.org\/10.16925\/2357-6014.2020.01.06","ISSN":["2357-6014","1900-3102"],"issn-type":[{"type":"electronic","value":"2357-6014"},{"type":"print","value":"1900-3102"}],"published":{"date-parts":[[2020,1,30]]}},{"indexed":{"date-parts":[[2022,4,4]],"date-time":"2022-04-04T06:10:30Z","timestamp":1649052630730},"reference-count":0,"publisher":"Universidad Cooperativa de Colombia","content-domain":{"domain":[],"crossmark-restriction":false},"DOI":"10.16925\/greylit.1722","type":"report","created":{"date-parts":[[2017,3,10]],"date-time":"2017-03-10T22:21:22Z","timestamp":1489184482000},"source":"Crossref","is-referenced-by-count":0,"title":["Efectividad de estrategias de lectura en estudiantes universitarios"],"prefix":"10.16925","author":[{"given":"Amparo Aurora","family":"Ram\u00edrez-Tamayo","sequence":"first","affiliation":[],"role":[{"role":"author","vocabulary":"crossref"}]},{"given":"Juan Luciano","family":"Olivella-Jacqu\u00edn","sequence":"additional","affiliation":[],"role":[{"role":"author","vocabulary":"crossref"}]}],"member":"6711","published-online":{"date-parts":[[2016]]},"deposited":{"date-parts":[[2017,3,10]],"date-time":"2017-03-10T22:21:22Z","timestamp":1489184482000},"score":0.0,"resource":{"primary":{"URL":"https:\/\/revistas.ucc.edu.co\/index.php\/dotr\/article\/view\/1722"}},"issued":{"date-parts":[[2016]]},"references-count":0,"URL":"https:\/\/doi.org\/10.16925\/greylit.1722","published":{"date-parts":[[2016]]}},{"indexed":{"date-parts":[[2024,8,6]],"date-time":"2024-08-06T18:54:00Z","timestamp":1722970440487},"reference-count":0,"publisher":"Ediciones Universidad Cooperativa de Colombia","content-domain":{"domain":[],"crossmark-restriction":false},"abstract":"<jats:p>La trata de personas no es un fen\u00f3meno moderno. Al conocer un poco de historia, podemos encontrarnos con un sinn\u00famero de casos de seres humanos (en especial, personas vulnerables) que han sido v\u00edctimas de hechos de explotaci\u00f3n y tratados como mercanc\u00eda para beneficio de otros, quienes ejercen relaciones de poder y subyugaci\u00f3n, atentando contra los derechos humanos primordiales, como el derecho a una vida sin sometimientos y el disfrute de la libertad, as\u00ed como reduciendo a las v\u00edctimas a situaciones de inferioridad, en las que pierden su autonom\u00eda y, por consiguiente, se ven en la obligaci\u00f3n de realizar actividades degradantes en contra de su voluntad. En este sentido, se considera que la trata de personas no solo es un delito, sino una grave violaci\u00f3n a los derechos humanos, lo que requiere la suma de esfuerzos y acciones de los distintos entes gubernamentales, instituciones, grupos poblacionales y sociedad en general, a fin de combatir este flagelo que causa da\u00f1os inimaginables en la vida de las v\u00edctimas.<\/jats:p>","DOI":"10.16925\/gclc.28","type":"report","created":{"date-parts":[[2022,10,28]],"date-time":"2022-10-28T17:10:41Z","timestamp":1666977041000},"source":"Crossref","is-referenced-by-count":0,"title":["Trata de personas, abuso de situaciones de vulnerabilidad y derechos humanos"],"prefix":"10.16925","author":[{"name":"Universidad Cooperativa de Colombia","sequence":"first","affiliation":[],"role":[{"role":"author","vocabulary":"crossref"}]},{"given":"Sandra Milena","family":"Ruiz Guevara","sequence":"first","affiliation":[],"role":[{"role":"author","vocabulary":"crossref"}]},{"given":"Lizeth Paola","family":"Romero Mu\u00f1et\u00f3n","sequence":"additional","affiliation":[],"role":[{"role":"author","vocabulary":"crossref"}]}],"member":"6711","published-online":{"date-parts":[[2022,10]]},"deposited":{"date-parts":[[2022,10,28]],"date-time":"2022-10-28T17:10:43Z","timestamp":1666977043000},"score":0.0,"resource":{"primary":{"URL":"https:\/\/repository.ucc.edu.co\/handle\/20.500.12494\/46912"}},"issued":{"date-parts":[[2022,10]]},"references-count":0,"URL":"https:\/\/doi.org\/10.16925\/gclc.28","published":{"date-parts":[[2022,10]]}},{"indexed":{"date-parts":[[2025,5,14]],"date-time":"2025-05-14T05:19:10Z","timestamp":1747199950824,"version":"3.40.5"},"reference-count":0,"publisher":"Ediciones Universidad Cooperativa de Colombia","content-domain":{"domain":[],"crossmark-restriction":false},"DOI":"10.16925\/gcnc.09","type":"report","created":{"date-parts":[[2019,10,28]],"date-time":"2019-10-28T13:13:48Z","timestamp":1572268428000},"source":"Crossref","is-referenced-by-count":1,"title":["Recursos personales en el trabajo acad\u00e9mico. \u201cSelf-Efficacy\u201d: una herramienta para la intervenci\u00f3n del burnout en universitarios"],"prefix":"10.16925","author":[{"given":"Yuly","family":"Su\u00e1rez-Colorado","sequence":"first","affiliation":[],"role":[{"role":"author","vocabulary":"crossref"}]},{"ORCID":"https:\/\/orcid.org\/0000-0003-2683-5893","authenticated-orcid":false,"given":"Dayana","family":"Restrepo","sequence":"additional","affiliation":[],"role":[{"role":"author","vocabulary":"crossref"}]}],"member":"6711","published-online":{"date-parts":[[2019,10]]},"deposited":{"date-parts":[[2019,10,28]],"date-time":"2019-10-28T13:13:49Z","timestamp":1572268429000},"score":0.0,"resource":{"primary":{"URL":"https:\/\/repository.ucc.edu.co\/handle\/20.500.12494\/14852"}},"issued":{"date-parts":[[2019,10]]},"references-count":0,"URL":"https:\/\/doi.org\/10.16925\/gcnc.09","published":{"date-parts":[[2019,10]]}},{"indexed":{"date-parts":[[2022,4,4]],"date-time":"2022-04-04T22:32:02Z","timestamp":1649111522869},"reference-count":0,"publisher":"Universidad Cooperativa de Colombia","content-domain":{"domain":[],"crossmark-restriction":false},"DOI":"10.16925\/greylit.2212","type":"report","created":{"date-parts":[[2018,3,1]],"date-time":"2018-03-01T14:20:29Z","timestamp":1519914029000},"source":"Crossref","is-referenced-by-count":1,"title":["Estrategias de control administrativo y contable para la cartera bajo instrumentos financieros en pymes comerciales"],"prefix":"10.16925","author":[{"given":"Luz Marina","family":"Arg\u00fcello-Rinc\u00f3n","sequence":"first","affiliation":[],"role":[{"role":"author","vocabulary":"crossref"}]},{"given":"Paola Andrea","family":"Romero-Rojas","sequence":"additional","affiliation":[],"role":[{"role":"author","vocabulary":"crossref"}]}],"member":"6711","published-online":{"date-parts":[[2017]]},"deposited":{"date-parts":[[2018,3,1]],"date-time":"2018-03-01T14:20:29Z","timestamp":1519914029000},"score":0.0,"resource":{"primary":{"URL":"https:\/\/revistas.ucc.edu.co\/index.php\/dotr\/article\/view\/2212"}},"issued":{"date-parts":[[2017]]},"references-count":0,"URL":"https:\/\/doi.org\/10.16925\/greylit.2212","published":{"date-parts":[[2017]]}},{"indexed":{"date-parts":[[2022,4,3]],"date-time":"2022-04-03T10:28:37Z","timestamp":1648981717366},"reference-count":0,"publisher":"Universidad Cooperativa de Colombia- UCC","issue":"1","license":[{"start":{"date-parts":[[2021,1,12]],"date-time":"2021-01-12T00:00:00Z","timestamp":1610409600000},"content-version":"unspecified","delay-in-days":0,"URL":"https:\/\/creativecommons.org\/licenses\/by\/4.0\/deed.es"}],"content-domain":{"domain":[],"crossmark-restriction":false},"short-container-title":["Dixi"],"abstract":"<jats:p>Prop\u00f3sito: en M\u00e9xico, existen tres medios de control constitucional; sin embargo, han sido superados en cuanto a su alcance y protecci\u00f3n debido a que hay actos de autoridad que no est\u00e1n regulados para su control o est\u00e1n prohibidos expresamente por la ley.&#x0D;\nMetodolog\u00eda: en el presente estudio, analizaremos el alcance de los medios de control constitucional, los cuales son: las controversias constitucionales, las acciones de inconstitucionalidad y el juicio de amparo.&#x0D;\nHallazgos: advertiremos que es un tema complejo de plantear en M\u00e9xico tanto en lo pol\u00edtico como en lo jur\u00eddico, agudizado por el intento de adaptar figuras algo obsoletas o por lo menos insuficientes a la exigencia de un nuevo sistema de justicia constitucional que todo Estado constitucional deber\u00eda tener. Ello ha contribuido a que en M\u00e9xico la justicia tenga una percepci\u00f3n de incertidumbre tanto en la ley como en la pr\u00e1ctica por todos los operadores de justicia involucrados.&#x0D;\nConclusiones: en el desarrollo del presente estudio, hemos advertido que el sistema de justicia para la defensa de derechos humanos en M\u00e9xico es deficiente, en particular en cuanto a los medios de control constitucional tanto en estructura como en hip\u00f3tesis normativas ausentes y otras incluso prohibidas.<\/jats:p>","DOI":"10.16925\/2357-5891.2021.01.09","type":"journal-article","created":{"date-parts":[[2021,10,12]],"date-time":"2021-10-12T13:29:00Z","timestamp":1634045340000},"page":"1-35","source":"Crossref","is-referenced-by-count":0,"title":["Las deficiencias formales y pragm\u00e1ticas de los medios de control constitucional en M\u00e9xico"],"prefix":"10.16925","volume":"23","author":[{"given":"Erick Francisco","family":"Tapia Hern\u00e1ndez","sequence":"first","affiliation":[],"role":[{"role":"author","vocabulary":"crossref"}]}],"member":"6711","published-online":{"date-parts":[[2021,1,12]]},"container-title":["DIXI"],"link":[{"URL":"https:\/\/revistas.ucc.edu.co\/index.php\/di\/article\/download\/4154\/3177","content-type":"application\/pdf","content-version":"vor","intended-application":"text-mining"},{"URL":"https:\/\/revistas.ucc.edu.co\/index.php\/di\/article\/download\/4154\/3177","content-type":"unspecified","content-version":"vor","intended-application":"similarity-checking"}],"deposited":{"date-parts":[[2021,10,12]],"date-time":"2021-10-12T13:29:00Z","timestamp":1634045340000},"score":0.0,"resource":{"primary":{"URL":"https:\/\/revistas.ucc.edu.co\/index.php\/di\/article\/view\/4154"}},"issued":{"date-parts":[[2021,1,12]]},"references-count":0,"journal-issue":{"issue":"1","published-online":{"date-parts":[[2021,9,3]]}},"URL":"https:\/\/doi.org\/10.16925\/2357-5891.2021.01.09","ISSN":["2357-5891","0124-7255"],"issn-type":[{"value":"2357-5891","type":"electronic"},{"value":"0124-7255","type":"print"}],"published":{"date-parts":[[2021,1,12]]}},{"indexed":{"date-parts":[[2022,3,30]],"date-time":"2022-03-30T12:01:59Z","timestamp":1648641719888},"reference-count":0,"publisher":"Ediciones Universidad Cooperativa de Colombia","content-domain":{"domain":[],"crossmark-restriction":false},"DOI":"10.16925\/gcgp.14","type":"report","created":{"date-parts":[[2019,7,23]],"date-time":"2019-07-23T16:51:14Z","timestamp":1563900674000},"source":"Crossref","is-referenced-by-count":0,"title":["Compendio de pr\u00e1cticas en radiolog\u00eda oral"],"prefix":"10.16925","author":[{"given":"Diana Carolina","family":"Rozo-Ortiz","sequence":"first","affiliation":[],"role":[{"role":"author","vocabulary":"crossref"}]}],"member":"6711","published-online":{"date-parts":[[2018,12]]},"deposited":{"date-parts":[[2019,8,23]],"date-time":"2019-08-23T16:45:04Z","timestamp":1566578704000},"score":0.0,"resource":{"primary":{"URL":"http:\/\/repository.ucc.edu.co\/handle\/20.500.12494\/12932"}},"issued":{"date-parts":[[2018,12]]},"references-count":0,"URL":"https:\/\/doi.org\/10.16925\/gcgp.14","published":{"date-parts":[[2018,12]]}},{"indexed":{"date-parts":[[2022,4,1]],"date-time":"2022-04-01T03:46:21Z","timestamp":1648784781784},"reference-count":0,"publisher":"Universidad Cooperativa de Colombia- UCC","issue":"17-18","content-domain":{"domain":[],"crossmark-restriction":false},"short-container-title":["Revista Estrategias"],"DOI":"10.16925\/es.v9i17-18.511","type":"journal-article","created":{"date-parts":[[2015,2,26]],"date-time":"2015-02-26T21:38:44Z","timestamp":1424986724000},"page":"38","source":"Crossref","is-referenced-by-count":0,"title":["Consideraciones conceptuales de la contabilidad y algunos referentes de la teor\u00eda del valor desde esta disciplina"],"prefix":"10.16925","volume":"9","author":[{"given":"Francisco J","family":"Ortega","sequence":"first","affiliation":[],"role":[{"role":"author","vocabulary":"crossref"}]}],"member":"6711","published-online":{"date-parts":[[2014,5,23]]},"container-title":["Estrategias"],"deposited":{"date-parts":[[2015,2,26]],"date-time":"2015-02-26T21:39:19Z","timestamp":1424986759000},"score":0.0,"resource":{"primary":{"URL":"http:\/\/revistas.ucc.edu.co\/index.php\/es\/article\/view\/511"}},"issued":{"date-parts":[[2014,5,23]]},"references-count":0,"journal-issue":{"issue":"17-18","published-online":{"date-parts":[[2014,5,23]]}},"URL":"https:\/\/doi.org\/10.16925\/es.v9i17-18.511","ISSN":["1794-1652"],"issn-type":[{"value":"1794-1652","type":"print"}],"published":{"date-parts":[[2014,5,23]]}},{"indexed":{"date-parts":[[2022,4,1]],"date-time":"2022-04-01T00:28:22Z","timestamp":1648772902793},"reference-count":0,"publisher":"Universidad Cooperativa de Colombia- UCC","issue":"110","content-domain":{"domain":[],"crossmark-restriction":false},"short-container-title":["Coop. Desarro."],"abstract":"<jats:p>Prop\u00f3sito: este trabajo tiene como prop\u00f3sito plantear alternativas econ\u00f3micas y sociales para la organizaci\u00f3n de peque\u00f1os y medianos productores de yuca en la regi\u00f3n de Yopal Casanare, a partir de la conformaci\u00f3n de organizaciones que se fundamenten en principios de econom\u00eda solidaria. Descripci\u00f3n: en su desarrollo, se reconoce de la importancia econ\u00f3mica de la yuca en la regi\u00f3n, y plantea la cadena de valor de la yuca. Punto de vista: Como forma de organizaci\u00f3n, se analizan las formas asociativas solidarias, as\u00ed como las posibilidades que dichas organizaciones ofrecen como mecanismos empresariales que dinamicen la producci\u00f3n y comercializaci\u00f3n de la yuca en Yopal Casanare. Conclusiones: en el contexto de los productores de yuca en Yopal, las organizaciones solidarias se constituyen en un mecanismo viable para unificar esfuerzos y obtener importantes beneficios colectivos, raz\u00f3n por la cual dichas organizaciones se configuran como eje de esta reflexi\u00f3n, tiendo en cuenta adem\u00e1s el potencial econ\u00f3mico de la yuca en esta poblaci\u00f3n.<\/jats:p>","DOI":"10.16925\/co.v25i110.1762","type":"journal-article","created":{"date-parts":[[2019,4,9]],"date-time":"2019-04-09T20:48:02Z","timestamp":1554842882000},"source":"Crossref","is-referenced-by-count":0,"title":["Las organizaciones de econom\u00eda solidaria como mecanismo de integraci\u00f3n de peque\u00f1os y medianos productores de yuca en Yopal Casanare"],"prefix":"10.16925","volume":"25","author":[{"given":"Sandra Milena","family":"C\u00e1rdenas Mora","sequence":"first","affiliation":[],"role":[{"role":"author","vocabulary":"crossref"}]},{"given":"Kelly Johanna","family":"Manzanares Mendoza","sequence":"first","affiliation":[],"role":[{"role":"author","vocabulary":"crossref"}]}],"member":"6711","published-online":{"date-parts":[[2017,3,23]]},"container-title":["Cooperativismo &amp; Desarrollo"],"link":[{"URL":"https:\/\/revistas.ucc.edu.co\/index.php\/co\/article\/download\/1762\/1887","content-type":"application\/pdf","content-version":"vor","intended-application":"text-mining"},{"URL":"https:\/\/revistas.ucc.edu.co\/index.php\/co\/article\/download\/1762\/1887","content-type":"unspecified","content-version":"vor","intended-application":"similarity-checking"}],"deposited":{"date-parts":[[2019,4,9]],"date-time":"2019-04-09T20:48:03Z","timestamp":1554842883000},"score":0.0,"resource":{"primary":{"URL":"https:\/\/revistas.ucc.edu.co\/index.php\/co\/article\/view\/1762"}},"issued":{"date-parts":[[2017,3,23]]},"references-count":0,"journal-issue":{"issue":"110","published-online":{"date-parts":[[2017,1,23]]}},"URL":"https:\/\/doi.org\/10.16925\/co.v25i110.1762","ISSN":["2382-4220","0120-7180"],"issn-type":[{"value":"2382-4220","type":"electronic"},{"value":"0120-7180","type":"print"}],"published":{"date-parts":[[2017,3,23]]}},{"indexed":{"date-parts":[[2022,3,30]],"date-time":"2022-03-30T17:57:37Z","timestamp":1648663057998},"reference-count":0,"publisher":"Universidad Cooperativa de Colombia- UCC","issue":"29","license":[{"start":{"date-parts":[[2019,6,30]],"date-time":"2019-06-30T00:00:00Z","timestamp":1561852800000},"content-version":"unspecified","delay-in-days":0,"URL":"http:\/\/creativecommons.org\/licenses\/by-nc-nd\/4.0"}],"content-domain":{"domain":[],"crossmark-restriction":false},"short-container-title":["Dixi"],"abstract":"<jats:p>Objetivo: el trabajo se orienta a establecer de forma clara el concepto de los derechos fundamentales, para lo cual toma como base las diferentes corrientes filos\u00f3ficas que orientan el tema, adem\u00e1s de lograr determinarlo en los pa\u00edses que conforman Unasur.&#x0D;\nMetodolog\u00eda: estudia cu\u00e1les son las diferentes nociones existentes sobre estos derechos y cu\u00e1les se consideran fundamentales.&#x0D;\nHallazgos: el mundo, y en especial esta regi\u00f3n, ha avanzado de forma considerable en la protecci\u00f3n de los derechos fundamentales.&#x0D;\nConclusiones: se presenta la aproximaci\u00f3n de un concepto com\u00fan a todos estos pa\u00edses, a fin de lograr su protecci\u00f3n de forma uniforme<\/jats:p>","DOI":"10.16925\/2357-5891.2019.01.03","type":"journal-article","created":{"date-parts":[[2020,2,23]],"date-time":"2020-02-23T22:47:26Z","timestamp":1582498046000},"page":"1-13","source":"Crossref","is-referenced-by-count":0,"title":["Aproximaci\u00f3n a una conceptualizaci\u00f3n de los derechos fundamentales"],"prefix":"10.16925","volume":"21","author":[{"given":"Beatriz","family":"Delgado Motoa","sequence":"first","affiliation":[],"role":[{"role":"author","vocabulary":"crossref"}]}],"member":"6711","published-online":{"date-parts":[[2019,6,30]]},"container-title":["DIXI"],"link":[{"URL":"https:\/\/revistas.ucc.edu.co\/index.php\/di\/article\/download\/3063\/2792","content-type":"application\/pdf","content-version":"vor","intended-application":"text-mining"},{"URL":"https:\/\/revistas.ucc.edu.co\/index.php\/di\/article\/download\/3063\/2792","content-type":"unspecified","content-version":"vor","intended-application":"similarity-checking"}],"deposited":{"date-parts":[[2020,2,23]],"date-time":"2020-02-23T22:47:26Z","timestamp":1582498046000},"score":0.0,"resource":{"primary":{"URL":"https:\/\/revistas.ucc.edu.co\/index.php\/di\/article\/view\/3063"}},"issued":{"date-parts":[[2019,6,30]]},"references-count":0,"journal-issue":{"issue":"29","published-online":{"date-parts":[[2020,2,19]]}},"URL":"https:\/\/doi.org\/10.16925\/2357-5891.2019.01.03","ISSN":["2357-5891","0124-7255"],"issn-type":[{"value":"2357-5891","type":"electronic"},{"value":"0124-7255","type":"print"}],"published":{"date-parts":[[2019,6,30]]}},{"indexed":{"date-parts":[[2022,4,3]],"date-time":"2022-04-03T15:23:21Z","timestamp":1648999401084},"reference-count":0,"publisher":"Ediciones Universidad Cooperativa de Colombia","content-domain":{"domain":[],"crossmark-restriction":false},"DOI":"10.16925\/gclc.10","type":"report","created":{"date-parts":[[2020,7,2]],"date-time":"2020-07-02T21:09:37Z","timestamp":1593724177000},"source":"Crossref","is-referenced-by-count":0,"title":["Los derechos jurisprudenciales de la mujer y el activismo judicial: an\u00e1lisis de la Sentencia C-355 de 2006"],"prefix":"10.16925","author":[{"given":"Daniel Fernando","family":"G\u00f3mez Tamayo","sequence":"first","affiliation":[],"role":[{"role":"author","vocabulary":"crossref"}]}],"member":"6711","published-online":{"date-parts":[[2020,7]]},"deposited":{"date-parts":[[2020,7,2]],"date-time":"2020-07-02T21:09:37Z","timestamp":1593724177000},"score":0.0,"resource":{"primary":{"URL":"https:\/\/repository.ucc.edu.co\/handle\/20.500.12494\/18094"}},"issued":{"date-parts":[[2020,7]]},"references-count":0,"URL":"https:\/\/doi.org\/10.16925\/gclc.10","published":{"date-parts":[[2020,7]]}},{"indexed":{"date-parts":[[2022,3,31]],"date-time":"2022-03-31T14:11:22Z","timestamp":1648735882253},"reference-count":0,"publisher":"Universidad Cooperativa de Colombia- UCC","issue":"1","content-domain":{"domain":[],"crossmark-restriction":false},"short-container-title":["Rev. nac. odontol."],"abstract":"<jats:p>Introducci\u00f3n: la falta de funcionalidad f\u00edsica y ps\u00edquica del adulto mayor puede desencadenar serios problemas periodontales, caries y lesiones de la mucosa oral, todas estas son patolog\u00edas que finalmente favorecen la p\u00e9rdida del nivel de inserci\u00f3n cl\u00ednica, movilidad dentaria y por \u00faltimo la p\u00e9rdida dental.&#x0D;\nMateriales y m\u00e9todos: se presenta un estudio anal\u00edtico transversal, de dise\u00f1o no experimental con una muestra de 119 adultos mayores institucionalizados, seleccionados por muestreo probabil\u00edstico sistem\u00e1tico aleatorio. &#x0D;\nResultados: predomina el rango de edad de 67-76 a\u00f1os, el 67,2\u00a0% (80) eran solteros y el 40,3\u00a0% (48) ten\u00edan primaria incompleta. El principal motivo de ingreso a la corporaci\u00f3n fue por extrema vulnerabilidad 75,6\u00a0% (90). El 51,3\u00a0% (61) de los adultos mayores eran ed\u00e9ntulos totales y el 48,7\u00a0% (58) ed\u00e9ntulos parciales, con mayor predomino en los hombres. Perder entre 13 y 24 piezas dentales es un factor de riesgo para tener una clase I de Kennedy en el arco superior (14,700 IC 3551-60.856) e inferior (8,850 IC1378-5682).&#x0D;\nConclusiones: en este estudio se encontraron datos f\u00e1cilmente comparables con otros autores con respecto a la p\u00e9rdida dental, sin embargo, es dif\u00edcil encontrar estudios enfocados en variables sociodemogr\u00e1ficas asociadas al ed\u00e9ntulismo, conocimientos y pr\u00e1cticas de autocuidado para los dientes remanentes en el adulto mayor. Es necesario fortalecer el componente de actividades preventivas no solo para los adultos mayores sino a lo largo del ciclo vital.<\/jats:p>","DOI":"10.16925\/2357-4607.2020.01.09","type":"journal-article","created":{"date-parts":[[2021,8,18]],"date-time":"2021-08-18T21:14:49Z","timestamp":1629321289000},"page":"1-16","source":"Crossref","is-referenced-by-count":0,"title":["P\u00e9rdida dental de los adultos mayores de una corporaci\u00f3n Medell\u00edn, 2018"],"prefix":"10.16925","volume":"16","author":[{"given":"Catalina","family":"Gonz\u00e1lez Penagos","sequence":"first","affiliation":[],"role":[{"role":"author","vocabulary":"crossref"}]},{"given":"Tatiana Mar\u00eda","family":"Restrepo Ocampo","sequence":"additional","affiliation":[],"role":[{"role":"author","vocabulary":"crossref"}]},{"given":"Diana Ver\u00f3nica","family":"Giraldo L\u00f3pez","sequence":"additional","affiliation":[],"role":[{"role":"author","vocabulary":"crossref"}]},{"given":"Diana Isabel","family":"Ram\u00edrez P\u00e9rez","sequence":"additional","affiliation":[],"role":[{"role":"author","vocabulary":"crossref"}]},{"given":"Laura Camila","family":"Isaza Morales","sequence":"additional","affiliation":[],"role":[{"role":"author","vocabulary":"crossref"}]}],"member":"6711","published-online":{"date-parts":[[2020,9,30]]},"container-title":["Revista Nacional de Odontolog\u00eda"],"link":[{"URL":"https:\/\/revistas.ucc.edu.co\/index.php\/od\/article\/download\/3977\/3131","content-type":"application\/pdf","content-version":"vor","intended-application":"text-mining"},{"URL":"https:\/\/revistas.ucc.edu.co\/index.php\/od\/article\/download\/3977\/3131","content-type":"unspecified","content-version":"vor","intended-application":"similarity-checking"}],"deposited":{"date-parts":[[2021,8,18]],"date-time":"2021-08-18T21:14:49Z","timestamp":1629321289000},"score":0.0,"resource":{"primary":{"URL":"https:\/\/revistas.ucc.edu.co\/index.php\/od\/article\/view\/3977"}},"issued":{"date-parts":[[2020,9,30]]},"references-count":0,"journal-issue":{"issue":"1","published-online":{"date-parts":[[2020,9,4]]}},"URL":"https:\/\/doi.org\/10.16925\/2357-4607.2020.01.09","ISSN":["2357-4607","1900-3080"],"issn-type":[{"value":"2357-4607","type":"electronic"},{"value":"1900-3080","type":"print"}],"published":{"date-parts":[[2020,9,30]]}},{"indexed":{"date-parts":[[2022,3,30]],"date-time":"2022-03-30T11:43:11Z","timestamp":1648640591765},"reference-count":0,"publisher":"Universidad Cooperativa de Colombia- UCC","issue":"22","license":[{"start":{"date-parts":[[2016,1,15]],"date-time":"2016-01-15T00:00:00Z","timestamp":1452816000000},"content-version":"unspecified","delay-in-days":0,"URL":"https:\/\/creativecommons.org\/licenses\/by-nc-nd\/4.0"}],"content-domain":{"domain":[],"crossmark-restriction":false},"short-container-title":["Rev. nac. odontol."],"abstract":"<jats:p>Introducci\u00f3n: las enzimas salivales del hu\u00e9sped se han propuesto como biomarcadores de diagn\u00f3stico del estado periodontal. La concentraci\u00f3n de la fosfatasa alcalina salival (FAL) se ha asociado con la enfermedad periodontal (EP). Objetivo: el prop\u00f3sito\u00a0 de este estudio fue determinar la posible relaci\u00f3n entre los niveles de FAL en la saliva y las profundidades de sondaje. Materiales y M\u00e9todos: un total de 90 pacientes, sist\u00e9micamente sanos y con periodontitis, se dividieron en dos grupos: G1, 45 pacientes con bolsas periodontales de 4-5 mm de profundidad y G2, 45 pacientes con 6 o m\u00e1s mm de profundidad. Los niveles de ALP (UI\/l) en la saliva se evaluaron mediante un espectrofot\u00f3metro a 520 nm. Resultados: la concentraci\u00f3n media de ALP salival fue mayor en el G1 en comparaci\u00f3n con el G2 (p &gt; 0,05). La prueba de correlaci\u00f3n de Pearson mostr\u00f3 relaci\u00f3n significativa entre las concentraciones de ALP salival y la profundidad de sondaje (p &gt; 0,05). Conclusi\u00f3n: las determinaciones de ALP salival pueden llegar a ser pr\u00e1cticas y fiables para la detecci\u00f3n de la actividad y gravedad de la EP.<\/jats:p>","DOI":"10.16925\/od.v12i22.1202","type":"journal-article","created":{"date-parts":[[2016,5,12]],"date-time":"2016-05-12T15:58:06Z","timestamp":1463068686000},"page":"17-22","source":"Crossref","is-referenced-by-count":0,"title":["Correlaci\u00f3n entre los niveles de fosfatasa alcalina salival y la profundidad de la bolsa periodontal"],"prefix":"10.16925","volume":"12","author":[{"given":"Miguel","family":"J. Acu\u00f1a","sequence":"first","affiliation":[],"role":[{"role":"author","vocabulary":"crossref"}]},{"given":"Armando","family":"Celia","sequence":"additional","affiliation":[],"role":[{"role":"author","vocabulary":"crossref"}]},{"given":"Fernando","family":"Cuzziol R","sequence":"additional","affiliation":[],"role":[{"role":"author","vocabulary":"crossref"}]},{"given":"Rolando","family":"Ju\u00e1rez","sequence":"additional","affiliation":[],"role":[{"role":"author","vocabulary":"crossref"}]}],"member":"6711","published-online":{"date-parts":[[2016,1,15]]},"container-title":["Revista Nacional de Odontolog\u00eda"],"link":[{"URL":"https:\/\/revistas.ucc.edu.co\/index.php\/od\/article\/download\/1202\/1401","content-type":"application\/pdf","content-version":"vor","intended-application":"text-mining"},{"URL":"https:\/\/revistas.ucc.edu.co\/index.php\/od\/article\/download\/1202\/1401","content-type":"unspecified","content-version":"vor","intended-application":"similarity-checking"}],"deposited":{"date-parts":[[2020,8,29]],"date-time":"2020-08-29T08:04:29Z","timestamp":1598688269000},"score":0.0,"resource":{"primary":{"URL":"https:\/\/revistas.ucc.edu.co\/index.php\/od\/article\/view\/1202"}},"issued":{"date-parts":[[2016,1,15]]},"references-count":0,"journal-issue":{"issue":"22","published-online":{"date-parts":[[2016,4,1]]}},"URL":"https:\/\/doi.org\/10.16925\/od.v12i22.1202","ISSN":["2357-4607","1900-3080"],"issn-type":[{"value":"2357-4607","type":"electronic"},{"value":"1900-3080","type":"print"}],"published":{"date-parts":[[2016,1,15]]}},{"indexed":{"date-parts":[[2022,4,1]],"date-time":"2022-04-01T09:55:21Z","timestamp":1648806921564},"reference-count":0,"publisher":"Universidad Cooperativa de Colombia- UCC","issue":"18","content-domain":{"domain":[],"crossmark-restriction":false},"short-container-title":["Spei Domus"],"abstract":"<jats:p>This review article is an analysis of the most recent published scientific articles about myxomatous valve degeneration (MVD) and was conducted over a five month period. The aim of this review is to consolidate information about the most recent medical developments in regards to myxomatous degeneration in the mitral valve. The authors of this article reached a consensus on both the development of the disease and the most effective type of diagnosis and treatment that is available today. Myxomatous valve degeneration is the most common heart disease in the canine population. It is identified by a loss of mechanical integrity in the heart due to structural changes in the valvular components. Degenerative changes occur due to an accumulation of mucopolysaccharides in the leaflets and chordae which affect the proper operation of the valve apparatus. This is caused by faulty coaptation of the leaflets, resulting in mitral or tricuspid regurgitation, dilated ventricles and annuli, which are lesions that eventually cause the rupture of the chordae tendineae, leading to complications or possibly death. Due to the gradual progression of the disease and the presence or absence of clinical signs, it is very important that veterinarians accurately diagnose and follow-up on these patients in order to achieve stabilization and provide a suitable prognosis and treatment plan. The current ideal treatment of the disease is a low-sodium diet, administration of the aceinhibitor (angiotensin-converting-enzyme inhibitor) spironolactone and a diuretic in order to reduce the presence of pulmonary edema and avoid the progression of the disease to congestive heart failure.<\/jats:p>","DOI":"10.16925\/sp.v9i18.546","type":"journal-article","created":{"date-parts":[[2016,5,16]],"date-time":"2016-05-16T22:17:47Z","timestamp":1463437067000},"source":"Crossref","is-referenced-by-count":0,"title":["Myxomatous valve degeneration"],"prefix":"10.16925","volume":"9","author":[{"given":"Juan Pablo","family":"Reyes Mantilla","sequence":"first","affiliation":[],"role":[{"role":"author","vocabulary":"crossref"}]},{"given":"Fabian Alejandro","family":"G\u00f3mez Torres","sequence":"additional","affiliation":[],"role":[{"role":"author","vocabulary":"crossref"}]},{"given":"Favio","family":"S\u00e1nchez Pico","sequence":"additional","affiliation":[],"role":[{"role":"author","vocabulary":"crossref"}]},{"given":"Javier Hernando","family":"Albarracin Navas","sequence":"additional","affiliation":[],"role":[{"role":"author","vocabulary":"crossref"}]},{"given":"\u00c9dgar Hernando","family":"Toledo Caceres","sequence":"additional","affiliation":[],"role":[{"role":"author","vocabulary":"crossref"}]}],"member":"6711","published-online":{"date-parts":[[2013,6,1]]},"container-title":["Spei Domus"],"link":[{"URL":"https:\/\/revistas.ucc.edu.co\/index.php\/sp\/article\/download\/546\/519","content-type":"application\/pdf","content-version":"vor","intended-application":"text-mining"},{"URL":"https:\/\/revistas.ucc.edu.co\/index.php\/sp\/article\/download\/546\/519","content-type":"unspecified","content-version":"vor","intended-application":"similarity-checking"}],"deposited":{"date-parts":[[2020,8,29]],"date-time":"2020-08-29T09:20:37Z","timestamp":1598692837000},"score":0.0,"resource":{"primary":{"URL":"https:\/\/revistas.ucc.edu.co\/index.php\/sp\/article\/view\/546"}},"subtitle":["A look  at the latest developments of the disease"],"issued":{"date-parts":[[2013,6,1]]},"references-count":0,"journal-issue":{"issue":"18","published-online":{"date-parts":[[2013,6,1]]}},"URL":"https:\/\/doi.org\/10.16925\/sp.v9i18.546","ISSN":["2382-4247","1794-7928"],"issn-type":[{"value":"2382-4247","type":"electronic"},{"value":"1794-7928","type":"print"}],"published":{"date-parts":[[2013,6,1]]}},{"indexed":{"date-parts":[[2022,4,2]],"date-time":"2022-04-02T11:42:44Z","timestamp":1648899764299},"reference-count":0,"publisher":"Universidad Cooperativa de Colombia- UCC","issue":"22","content-domain":{"domain":[],"crossmark-restriction":false},"short-container-title":["Spei Domus"],"abstract":"<jats:p>La Facultad de Medicina Veterinaria y Zootecnia de la sede Bucaramanga, adelanto en el a\u00f1o 2011 el proceso de Autoevaluaci\u00f3n con fines de Acreditaci\u00f3n, lo que dio como resultado la primera Acreditaci\u00f3n obtenida en un programa de la Universidad Cooperativa de Colombia \u201cResoluci\u00f3n del\u00a0 Ministerio de Educaci\u00f3n Nacional No. 3992 de Abril de 2012, por un periodo de 4 a\u00f1os\u201d.\u00a0 Este logro\u00a0 signific\u00f3 un sentimiento de orgullo, resultado de un compromiso colectivo y trabajo en equipo tanto de la facultad como de la Universidad. Ahora nuevamente nos enfrentamos como el primer programa que inicia proceso de renovaci\u00f3n de la Acreditaci\u00f3n,\u00a0 por ello nuestro equipo con mayor responsabilidad\u00a0 asumi\u00f3 esta nueva meta y estamos seguros que durante estos cuatro a\u00f1os hemos logrado aportar destacadas\u00a0 experiencias en diferentes espacios que tienen connotaciones locales, regionales, nacionales e internacionales, entre ellas.<\/jats:p>","DOI":"10.16925\/sp.v11i22.1141","type":"journal-article","created":{"date-parts":[[2016,5,16]],"date-time":"2016-05-16T22:25:47Z","timestamp":1463437547000},"source":"Crossref","is-referenced-by-count":0,"title":["Vamos por la renovaci\u00f3n de la Acreditaci\u00f3n"],"prefix":"10.16925","volume":"11","author":[{"given":"Julia Teresa","family":"Bedoya Mashuth","sequence":"first","affiliation":[],"role":[{"role":"author","vocabulary":"crossref"}]},{"given":"V\u00edctor Hern\u00e1n","family":"Arcila Quiceno","sequence":"additional","affiliation":[],"role":[{"role":"author","vocabulary":"crossref"}]}],"member":"6711","published-online":{"date-parts":[[2015,6,1]]},"container-title":["Spei Domus"],"link":[{"URL":"http:\/\/revistas.ucc.edu.co\/index.php\/sp\/article\/viewFile\/1141\/1210","content-type":"application\/pdf","content-version":"vor","intended-application":"text-mining"},{"URL":"http:\/\/revistas.ucc.edu.co\/index.php\/sp\/article\/viewFile\/1141\/1210","content-type":"unspecified","content-version":"vor","intended-application":"similarity-checking"}],"deposited":{"date-parts":[[2016,5,16]],"date-time":"2016-05-16T22:25:47Z","timestamp":1463437547000},"score":0.0,"resource":{"primary":{"URL":"http:\/\/revistas.ucc.edu.co\/index.php\/sp\/article\/view\/1141"}},"issued":{"date-parts":[[2015,6,1]]},"references-count":0,"journal-issue":{"issue":"22","published-online":{"date-parts":[[2015,6,1]]}},"URL":"https:\/\/doi.org\/10.16925\/sp.v11i22.1141","ISSN":["1794-7928"],"issn-type":[{"value":"1794-7928","type":"print"}],"published":{"date-parts":[[2015,6,1]]}},{"indexed":{"date-parts":[[2022,3,31]],"date-time":"2022-03-31T12:52:40Z","timestamp":1648731160442},"reference-count":0,"publisher":"Universidad Cooperativa de Colombia","isbn-type":[{"value":"9789587600568","type":"print"}],"content-domain":{"domain":[],"crossmark-restriction":false},"DOI":"10.16925\/9789587600568","type":"book","created":{"date-parts":[[2016,9,15]],"date-time":"2016-09-15T00:35:21Z","timestamp":1473899721000},"source":"Crossref","is-referenced-by-count":0,"title":["Los actuales desaf\u00edos del proceso de globalizaci\u00f3n"],"prefix":"10.16925","author":[{"given":"Edgar","family":"Vieira Posada","sequence":"first","affiliation":[],"role":[{"role":"author","vocabulary":"crossref"}]}],"member":"6711","published-online":{"date-parts":[[2016,9,14]]},"deposited":{"date-parts":[[2016,9,15]],"date-time":"2016-09-15T00:35:21Z","timestamp":1473899721000},"score":0.0,"resource":{"primary":{"URL":"http:\/\/ediciones.ucc.edu.co\/index.php\/ucc\/catalog\/book\/38"}},"issued":{"date-parts":[[2016,9,14]]},"ISBN":["9789587600568"],"references-count":0,"URL":"https:\/\/doi.org\/10.16925\/9789587600568","published":{"date-parts":[[2016,9,14]]}},{"indexed":{"date-parts":[[2022,3,29]],"date-time":"2022-03-29T01:18:09Z","timestamp":1648516689125},"reference-count":0,"publisher":"Universidad Cooperativa de Colombia- UCC","issue":"18","content-domain":{"domain":[],"crossmark-restriction":false},"short-container-title":["Pensando Psicol."],"abstract":"<jats:p>Prop\u00f3sito: reflexionar sobre algunas posibles confusiones dadas en la pr\u00e1ctica social y comunicativa de los profesionales en educaci\u00f3n y el tratamiento social al abordaje de la violencia escolar. Al revisar el asunto, se detecta como algunas de las confusiones b\u00e1sicas parecieran darse alrededor del uso de los conceptos de agresi\u00f3n y violencia, los cuales algunos autores tratan de manera indiferenciada como sin\u00f3nimos, desconociendo los esfuerzos de las ciencias sociales por entenderlos y explicarlos. Abordar esta confusi\u00f3n y presentar opciones con el fin de entender las implicaciones de estos dos t\u00e9rminos es el prop\u00f3sito de este texto. Tema: el abordaje de la violencia escolar ha estado al orden del d\u00eda durante los \u00faltimos a\u00f1os. De manera recurrente, publicitan casos extremos acudiendo a expertos que dan explicaciones y soluciones, aunque parece que el asunto de las pr\u00e1cticas violentas se mantiene y los esfuerzos fueran insuficientes. Desarrollo: se abordan las confusiones en las definiciones de los diccionarios, se examinan sus significados etimol\u00f3gicos y se revisa el uso y sentido de la agresi\u00f3n y la violencia desde la sociolog\u00eda, la pol\u00edtica y la psicolog\u00eda. Conclusiones: se propone una mirada de los dos conceptos en la que se establecen sus diferencias, pero la cual parte de un mismo fen\u00f3meno expresado en intensidades y frecuencias graduales. De igual forma, se busca reconocer que todo movimiento dado en espacios limitados es susceptible de ser percibido como agresivo por quien es sujeto de esa fuerza.<\/jats:p>","DOI":"10.16925\/pe.v11i18.1227","type":"journal-article","created":{"date-parts":[[2016,2,2]],"date-time":"2016-02-02T23:14:41Z","timestamp":1454454881000},"page":"169-183","source":"Crossref","is-referenced-by-count":0,"title":["Un acercamiento a la comprensi\u00f3n de la agresi\u00f3n y la violencia humana"],"prefix":"10.16925","volume":"11","author":[{"given":"Humberto","family":"Ya\u00f1ez-Canal","sequence":"first","affiliation":[],"role":[{"role":"author","vocabulary":"crossref"}]}],"member":"6711","published-online":{"date-parts":[[2015,12,15]]},"container-title":["Pensando Psicolog\u00eda"],"link":[{"URL":"https:\/\/revistas.ucc.edu.co\/index.php\/pe\/article\/download\/1227\/1549","content-type":"application\/pdf","content-version":"vor","intended-application":"text-mining"},{"URL":"https:\/\/revistas.ucc.edu.co\/index.php\/pe\/article\/download\/1227\/1549","content-type":"unspecified","content-version":"vor","intended-application":"similarity-checking"}],"deposited":{"date-parts":[[2020,8,29]],"date-time":"2020-08-29T06:49:33Z","timestamp":1598683773000},"score":0.0,"resource":{"primary":{"URL":"https:\/\/revistas.ucc.edu.co\/index.php\/pe\/article\/view\/1227"}},"issued":{"date-parts":[[2015,12,15]]},"references-count":0,"journal-issue":{"issue":"18","published-online":{"date-parts":[[2015,12,15]]}},"URL":"https:\/\/doi.org\/10.16925\/pe.v11i18.1227","ISSN":["2382-3984","1900-3099"],"issn-type":[{"value":"2382-3984","type":"electronic"},{"value":"1900-3099","type":"print"}],"published":{"date-parts":[[2015,12,15]]}},{"indexed":{"date-parts":[[2022,3,31]],"date-time":"2022-03-31T17:15:36Z","timestamp":1648746936095},"reference-count":0,"publisher":"Universidad Cooperativa de Colombia- UCC","issue":"21","content-domain":{"domain":[],"crossmark-restriction":false},"short-container-title":["Revista Estrategias"],"DOI":"10.16925\/es.v11i21.687","type":"journal-article","created":{"date-parts":[[2015,2,26]],"date-time":"2015-02-26T21:38:44Z","timestamp":1424986724000},"page":"95","source":"Crossref","is-referenced-by-count":0,"title":["Evaluaci\u00f3n en la eficiencia tributaria en el municipio de Quibd\u00f3 (2004-2010)"],"prefix":"10.16925","volume":"11","author":[{"given":"Alexander","family":"Aguirre-Moncada","sequence":"first","affiliation":[],"role":[{"role":"author","vocabulary":"crossref"}]}],"member":"6711","published-online":{"date-parts":[[2014,9,12]]},"container-title":["Estrategias"],"deposited":{"date-parts":[[2015,2,26]],"date-time":"2015-02-26T21:38:52Z","timestamp":1424986732000},"score":0.0,"resource":{"primary":{"URL":"http:\/\/revistas.ucc.edu.co\/index.php\/es\/article\/view\/687"}},"issued":{"date-parts":[[2014,9,12]]},"references-count":0,"journal-issue":{"issue":"21","published-online":{"date-parts":[[2014,9,12]]}},"URL":"https:\/\/doi.org\/10.16925\/es.v11i21.687","ISSN":["1794-1652"],"issn-type":[{"value":"1794-1652","type":"print"}],"published":{"date-parts":[[2014,9,12]]}},{"indexed":{"date-parts":[[2022,4,1]],"date-time":"2022-04-01T19:59:49Z","timestamp":1648843189921},"reference-count":0,"publisher":"Universidad Cooperativa de Colombia- UCC","issue":"1","content-domain":{"domain":[],"crossmark-restriction":false},"short-container-title":["Revista Curare"],"DOI":"10.16925\/cu.v1i1.310","type":"journal-article","created":{"date-parts":[[2015,2,26]],"date-time":"2015-02-26T21:24:35Z","timestamp":1424985875000},"page":"71","source":"Crossref","is-referenced-by-count":0,"title":["El estatuto social y epistemol\u00f3gico del oficio de m\u00e9dico"],"prefix":"10.16925","volume":"1","author":[{"given":"Jorge Humberto","family":"M\u00e1rquez-Valderrama*","sequence":"first","affiliation":[],"role":[{"role":"author","vocabulary":"crossref"}]}],"member":"6711","published-online":{"date-parts":[[2014,3,1]]},"container-title":["Curare"],"deposited":{"date-parts":[[2015,2,26]],"date-time":"2015-02-26T21:24:51Z","timestamp":1424985891000},"score":0.0,"resource":{"primary":{"URL":"http:\/\/revistas.ucc.edu.co\/index.php\/cu\/article\/view\/310"}},"issued":{"date-parts":[[2014,3,1]]},"references-count":0,"journal-issue":{"issue":"1","published-online":{"date-parts":[[2014,3,1]]}},"URL":"https:\/\/doi.org\/10.16925\/cu.v1i1.310","ISSN":["2382-3364","2382-3356"],"issn-type":[{"value":"2382-3364","type":"electronic"},{"value":"2382-3356","type":"print"}],"published":{"date-parts":[[2014,3,1]]}},{"indexed":{"date-parts":[[2022,4,1]],"date-time":"2022-04-01T17:44:14Z","timestamp":1648835054751},"reference-count":0,"publisher":"Universidad Cooperativa de Colombia- UCC","issue":"25","content-domain":{"domain":[],"crossmark-restriction":false},"short-container-title":["Rastros rostros"],"abstract":"<jats:p>Este art\u00edculo est\u00e1 basado en la investigaci\u00f3n \u201cPostulaciones pol\u00edticas en la novela colombiana del siglo XX\u201d de la Universidad Cooperativa de Colombia, sede Bucaramanga, 2009, que inici\u00f3 en el segundo semestre del 2009 y finaliz\u00f3 en el primer semestre del 2011. Para este caso espec\u00edfico, se trabaj\u00f3 con la novela Noticia de un secuestrode Gabriel Garc\u00eda M\u00e1rquez, autor colombiano que nace en la regi\u00f3n Caribe en el municipio de Aracataca (Magdalena) el 6 de marzo de 1927.Esta obra nos muestra la problem\u00e1tica pol\u00edtica colombiana del siglo XX y una serie de secuestros ocasionados por los llamados \u201cextraditables\u201d con el fin de evitar su extradici\u00f3n.<\/jats:p>","DOI":"10.16925\/ra.v13i25.1457","type":"journal-article","created":{"date-parts":[[2020,8,29]],"date-time":"2020-08-29T07:35:34Z","timestamp":1598686534000},"source":"Crossref","is-referenced-by-count":0,"title":["Postulaciones pol\u00edticas en la novela Noticia  de un secuestrode Gabriel Garc\u00eda M\u00e1rquez"],"prefix":"10.16925","volume":"13","author":[{"given":"Ketty","family":"Lebethe","sequence":"first","affiliation":[],"role":[{"role":"author","vocabulary":"crossref"}]},{"given":"M\u00f3nica","family":"Toloza","sequence":"additional","affiliation":[],"role":[{"role":"author","vocabulary":"crossref"}]},{"given":"Neyla","family":"Villarreal","sequence":"additional","affiliation":[],"role":[{"role":"author","vocabulary":"crossref"}]}],"member":"6711","published-online":{"date-parts":[[1970,1,1]]},"container-title":["Rastros Rostros"],"link":[{"URL":"https:\/\/revistas.ucc.edu.co\/index.php\/ra\/article\/download\/1457\/1568","content-type":"application\/pdf","content-version":"vor","intended-application":"text-mining"},{"URL":"https:\/\/revistas.ucc.edu.co\/index.php\/ra\/article\/download\/1457\/1568","content-type":"unspecified","content-version":"vor","intended-application":"similarity-checking"}],"deposited":{"date-parts":[[2020,8,29]],"date-time":"2020-08-29T07:35:34Z","timestamp":1598686534000},"score":0.0,"resource":{"primary":{"URL":"https:\/\/revistas.ucc.edu.co\/index.php\/ra\/article\/view\/1457"}},"issued":{"date-parts":[[1970,1,1]]},"references-count":0,"journal-issue":{"issue":"25","published-online":{"date-parts":[[2011,5,10]]}},"URL":"https:\/\/doi.org\/10.16925\/ra.v13i25.1457","ISSN":["2382-4921","0124-406X"],"issn-type":[{"value":"2382-4921","type":"electronic"},{"value":"0124-406X","type":"print"}],"published":{"date-parts":[[1970,1,1]]}},{"indexed":{"date-parts":[[2022,4,5]],"date-time":"2022-04-05T09:41:38Z","timestamp":1649151698994},"reference-count":0,"publisher":"Universidad Cooperativa de Colombia- UCC","issue":"107","content-domain":{"domain":[],"crossmark-restriction":false},"short-container-title":["Coop. Desarro."],"abstract":"<jats:p>Prop\u00f3sito: Este art\u00edculo propone una mirada anal\u00edtica y cr\u00edtica de algunos de los componentes de la econom\u00eda solidaria entendida fundamentalmente como actividad destinada a la \u201creproducci\u00f3n de la vida\u201d. Descripci\u00f3n: Se discuten concepciones que no est\u00e1n en coherencia con este n\u00facleo de sentido, mientras se abordan fuentes que podr\u00edan complementar y fortalecer su visi\u00f3n. Punto de vista: La econom\u00eda solidaria entendida como el proceso social que permite la reproducci\u00f3n de la vida, debe ser asumida de manera multidimensional. En ella convergen varios elementos que permiten imaginar el complejo proceso que supone tal actividad vital y se nutre de vertientes como las del pensamiento andino y su rica y profunda trama val\u00f3rica, que plantea principios como la relacionalidad, la correspondencia, la complementariedad, y la reciprocidad. Conclusiones: En la econom\u00eda solidaria, al contrario de la l\u00f3gica capitalista, se subsume lo econ\u00f3mico a la realizaci\u00f3n de la vida. Por eso se dice que los productos de la econom\u00eda solidaria no son solo econ\u00f3micos, sino fundamentalmente pol\u00edticos y culturales.<\/jats:p>","DOI":"10.16925\/co.v23i107.1249","type":"journal-article","created":{"date-parts":[[2019,8,27]],"date-time":"2019-08-27T02:46:14Z","timestamp":1566873974000},"source":"Crossref","is-referenced-by-count":1,"title":["Apuntes para una econom\u00eda pol\u00edtica de la solidaridad"],"prefix":"10.16925","volume":"23","author":[{"given":"Sebasti\u00e1n","family":"Endara","sequence":"first","affiliation":[],"role":[{"role":"author","vocabulary":"crossref"}]}],"member":"6711","published-online":{"date-parts":[[2016,2,4]]},"container-title":["Cooperativismo &amp; Desarrollo"],"link":[{"URL":"https:\/\/revistas.ucc.edu.co\/index.php\/co\/article\/download\/1249\/1435","content-type":"application\/pdf","content-version":"vor","intended-application":"text-mining"},{"URL":"https:\/\/revistas.ucc.edu.co\/index.php\/co\/article\/download\/1249\/1435","content-type":"unspecified","content-version":"vor","intended-application":"similarity-checking"}],"deposited":{"date-parts":[[2019,8,27]],"date-time":"2019-08-27T02:46:14Z","timestamp":1566873974000},"score":0.0,"resource":{"primary":{"URL":"https:\/\/revistas.ucc.edu.co\/index.php\/co\/article\/view\/1249"}},"issued":{"date-parts":[[2016,2,4]]},"references-count":0,"journal-issue":{"issue":"107","published-online":{"date-parts":[[2015,12,7]]}},"URL":"https:\/\/doi.org\/10.16925\/co.v23i107.1249","ISSN":["2382-4220","0120-7180"],"issn-type":[{"value":"2382-4220","type":"electronic"},{"value":"0120-7180","type":"print"}],"published":{"date-parts":[[2016,2,4]]}},{"indexed":{"date-parts":[[2022,3,30]],"date-time":"2022-03-30T09:26:18Z","timestamp":1648632378329},"reference-count":0,"publisher":"Universidad Cooperativa de Colombia- UCC","issue":"18","content-domain":{"domain":[],"crossmark-restriction":false},"short-container-title":["Spei Domus"],"abstract":"<jats:p>La mastitis infecciosa es una enfermedad que ha cobrado importancia en el \u00e1mbito investigativo por ser causante de p\u00e9rdidas econ\u00f3micas significativas en los sistemas de producci\u00f3n bovino, debido a que altera la leche fisicoqu\u00edmica y organol\u00e9pticamente; disminuye la duraci\u00f3n y la capacidad de lactancia de las vacas; aumenta los costos de producci\u00f3n y puede llegar a convertirse en un riesgo para la salud p\u00fablica. El presente art\u00edculo de revisi\u00f3n aborda parte de los estudios adelantados sobre este tema en Colombia, los cuales han sido publicados en revistas indexadas y aparecen relacionados en las bases de datos cient\u00edficas al realizar consultas con palabras clave como mastitis bovina, prevalencia, agentes etiol\u00f3gicos, pruebas diagn\u00f3sticas. Lo anterior con el objetivo de analizar la prevalencia y los agentes bacterianos asociados a dicha enfermedad, en comparaci\u00f3n con investigaciones de otros lugares del mundo. A pesar de la variabilidad de los estudios y de los objetos de investigaci\u00f3n, se pudo establecer que la mastitis infecciosa bovina es una enfermedad prevalente en Colombia, especialmente en su forma subcl\u00ednica, como sucede de manera similar en otros pa\u00edses, aunque en menor proporci\u00f3n. Asimismo, los pat\u00f3genos bacterianos asociados con mayor frecuencia son Staphylococcus aureus, Streptococcus spp. y Staphylococcus coagulasa negativa, tanto en el contexto nacional como en el internacional.<\/jats:p>","DOI":"10.16925\/sp.v9i18.548","type":"journal-article","created":{"date-parts":[[2016,5,16]],"date-time":"2016-05-16T22:17:47Z","timestamp":1463437067000},"source":"Crossref","is-referenced-by-count":0,"title":["Caracterizaci\u00f3n de la mastitis  bovina en Colombia"],"prefix":"10.16925","volume":"9","author":[{"given":"Rafael","family":"Mu\u00f1oz","sequence":"first","affiliation":[],"role":[{"role":"author","vocabulary":"crossref"}]},{"given":"Norma","family":"Gutierrez","sequence":"additional","affiliation":[],"role":[{"role":"author","vocabulary":"crossref"}]},{"given":"Pilar","family":"Sanchez","sequence":"additional","affiliation":[],"role":[{"role":"author","vocabulary":"crossref"}]},{"given":"Gustavo","family":"Barragan","sequence":"additional","affiliation":[],"role":[{"role":"author","vocabulary":"crossref"}]},{"given":"Ivan","family":"Posada","sequence":"additional","affiliation":[],"role":[{"role":"author","vocabulary":"crossref"}]}],"member":"6711","published-online":{"date-parts":[[2013,6,1]]},"container-title":["Spei Domus"],"deposited":{"date-parts":[[2020,8,29]],"date-time":"2020-08-29T09:19:14Z","timestamp":1598692754000},"score":0.0,"resource":{"primary":{"URL":"https:\/\/revistas.ucc.edu.co\/index.php\/sp\/article\/view\/548"}},"issued":{"date-parts":[[2013,6,1]]},"references-count":0,"journal-issue":{"issue":"18","published-online":{"date-parts":[[2013,6,1]]}},"URL":"https:\/\/doi.org\/10.16925\/sp.v9i18.548","ISSN":["2382-4247","1794-7928"],"issn-type":[{"value":"2382-4247","type":"electronic"},{"value":"1794-7928","type":"print"}],"published":{"date-parts":[[2013,6,1]]}},{"indexed":{"date-parts":[[2022,4,2]],"date-time":"2022-04-02T11:44:30Z","timestamp":1648899870109},"reference-count":0,"publisher":"Universidad Cooperativa de Colombia- UCC","issue":"20","content-domain":{"domain":[],"crossmark-restriction":false},"short-container-title":["Dixi"],"abstract":"<jats:p>La Dra. Janelle Varley, nuestra entrevistada, representa al Departamento de Salud y Servicios Humanos de Carolina del Norte en las audiencias administrativas. Asesora a la Agencia en el cumplimiento de las regulaciones federales y proyecta los escritos de apelaci\u00f3n penal, en lo referente al programa nutricional de los jardines infantiles, p\u00fablicos y privados, adscritos al programa<\/jats:p>","DOI":"10.16925\/di.v16i20.956","type":"journal-article","created":{"date-parts":[[2015,8,6]],"date-time":"2015-08-06T12:18:07Z","timestamp":1438863487000},"source":"Crossref","is-referenced-by-count":0,"title":["Entrevista a Janelle Varley-Fiscal adjunta del Departamento de Salud y Servicios Humanos en Carolina del Norte, Estados Unidos"],"prefix":"10.16925","volume":"16","author":[{"given":"Janelle","family":"Varley","sequence":"first","affiliation":[],"role":[{"role":"author","vocabulary":"crossref"}]}],"member":"6711","published-online":{"date-parts":[[2014,12,1]]},"container-title":["DIXI"],"link":[{"URL":"https:\/\/revistas.ucc.edu.co\/index.php\/di\/article\/download\/956\/879","content-type":"application\/pdf","content-version":"vor","intended-application":"text-mining"},{"URL":"https:\/\/revistas.ucc.edu.co\/index.php\/di\/article\/download\/956\/879","content-type":"unspecified","content-version":"vor","intended-application":"similarity-checking"}],"deposited":{"date-parts":[[2020,8,27]],"date-time":"2020-08-27T09:10:04Z","timestamp":1598519404000},"score":0.0,"resource":{"primary":{"URL":"https:\/\/revistas.ucc.edu.co\/index.php\/di\/article\/view\/956"}},"issued":{"date-parts":[[2014,12,1]]},"references-count":0,"journal-issue":{"issue":"20","published-online":{"date-parts":[[2014,12,1]]}},"URL":"https:\/\/doi.org\/10.16925\/di.v16i20.956","ISSN":["2357-5891","0124-7255"],"issn-type":[{"value":"2357-5891","type":"electronic"},{"value":"0124-7255","type":"print"}],"published":{"date-parts":[[2014,12,1]]}},{"indexed":{"date-parts":[[2025,5,14]],"date-time":"2025-05-14T05:19:01Z","timestamp":1747199941437,"version":"3.40.5"},"reference-count":0,"publisher":"Ediciones Universidad Cooperativa de Colombia","content-domain":{"domain":[],"crossmark-restriction":false},"DOI":"10.16925\/gcgp.18","type":"report","created":{"date-parts":[[2019,12,16]],"date-time":"2019-12-16T11:58:53Z","timestamp":1576497533000},"source":"Crossref","is-referenced-by-count":0,"title":["Gu\u00eda pr\u00e1ctica para la toma de impresi\u00f3n en alginato"],"prefix":"10.16925","author":[{"ORCID":"https:\/\/orcid.org\/0000-0002-8308-5913","authenticated-orcid":false,"given":"Claudia Elena","family":"Restrepo-Villamizar","sequence":"first","affiliation":[],"role":[{"role":"author","vocabulary":"crossref"}]}],"member":"6711","published-online":{"date-parts":[[2019,12]]},"deposited":{"date-parts":[[2019,12,16]],"date-time":"2019-12-16T11:58:54Z","timestamp":1576497534000},"score":0.0,"resource":{"primary":{"URL":"https:\/\/repository.ucc.edu.co\/handle\/20.500.12494\/15697"}},"issued":{"date-parts":[[2019,12]]},"references-count":0,"URL":"https:\/\/doi.org\/10.16925\/gcgp.18","published":{"date-parts":[[2019,12]]}},{"indexed":{"date-parts":[[2026,6,4]],"date-time":"2026-06-04T23:08:02Z","timestamp":1780614482130,"version":"3.54.1"},"reference-count":0,"publisher":"Ediciones Universidad Cooperativa de Colombia","content-domain":{"domain":[],"crossmark-restriction":false},"abstract":"<jats:p>La proyecci\u00f3n social para la Universidad Cooperativa de Colombia representa uno de los grandes compromisos orientados hacia la transformaci\u00f3n mutua entre la Universidad y la comunidad en general, a trav\u00e9s del intercambio de saberes y experiencias rec\u00edprocas que sit\u00faan soluciones reales para las necesidades sentidas o detectadas por las comunidades. En ella participan docentes, estudiantes, investigadores, personal administrativo y miembros de la comunidad en general, con el fin de generar el impacto positivo en el desarrollo social, econ\u00f3mico, ambiental y cultural de los participantes. La planeaci\u00f3n de las brigadas psicol\u00f3gicas para la promoci\u00f3n de la salud psicosocial y el ajuste social en el entorno universitario busca cultivar los valores fundamentales como la empat\u00eda, la responsabilidad social y el compromiso c\u00edvico. Asimismo, establecer nuevos ambientes de aprendizaje pr\u00e1ctico que van m\u00e1s all\u00e1 del contenido acad\u00e9mico tradicional que facilite experiencias para dar respuesta a las necesidades espec\u00edficas de la comunidad. Estas realidades existentes en el entorno social y cultural dentro de los diversos contextos de acci\u00f3n de la psicolog\u00eda estimulan el trabajo colaborativo e interdisciplinario para obtener la comprensi\u00f3n profunda del rol como ciudadanos activos y conscientes del entorno. De esta manera, la inmersi\u00f3n pr\u00e1ctica de las brigadas en los contextos educativos puede contribuir significativamente al bienestar de la comunidad y del mundo en general. Las acciones interdisciplinarias de la Psicolog\u00eda y el Derecho se orientan principalmente para aquellos grupos de personas que, desde su interacci\u00f3n social, se exponen a la amenaza a su condici\u00f3n psicol\u00f3gica, f\u00edsica y mental, en estado de desprotecci\u00f3n o incapacidad primordialmente.<\/jats:p>","DOI":"10.16925\/wpgp.16","type":"report","created":{"date-parts":[[2026,6,4]],"date-time":"2026-06-04T22:24:12Z","timestamp":1780611852000},"source":"Crossref","is-referenced-by-count":0,"title":["Brigadas psicol\u00f3gicas para la promoci\u00f3n de la salud psicosocial y ajuste social en la Universidad Cooperativa de Colombia"],"prefix":"10.16925","author":[{"ORCID":"https:\/\/orcid.org\/0000-0002-1697-2790","authenticated-orcid":false,"given":"Eddy Durfay","family":"Rinc\u00f3n Est\u00e9vez","sequence":"first","affiliation":[{"name":"Universidad Cooperativa de Colombia"}],"role":[{"vocabulary":"crossref","role":"author"}]}],"member":"6711","published-online":{"date-parts":[[2025,11]]},"deposited":{"date-parts":[[2026,6,4]],"date-time":"2026-06-04T22:24:13Z","timestamp":1780611853000},"score":0.0,"resource":{"primary":{"URL":"https:\/\/repository.ucc.edu.co\/entities\/publication\/dd5f6a12-44a7-46e2-8862-eaccf3b3128f"}},"issued":{"date-parts":[[2025,11]]},"references-count":0,"URL":"https:\/\/doi.org\/10.16925\/wpgp.16","published":{"date-parts":[[2025,11]]}},{"indexed":{"date-parts":[[2026,4,2]],"date-time":"2026-04-02T21:14:11Z","timestamp":1775164451827,"version":"3.50.1"},"reference-count":0,"publisher":"Universidad Cooperativa de Colombia- UCC","issue":"3","license":[{"start":{"date-parts":[[2021,9,6]],"date-time":"2021-09-06T00:00:00Z","timestamp":1630886400000},"content-version":"unspecified","delay-in-days":0,"URL":"http:\/\/creativecommons.org\/licenses\/by-nc-nd\/4.0\/"}],"content-domain":{"domain":[],"crossmark-restriction":false},"short-container-title":["ing. Solidar"],"abstract":"<jats:p>Introduction: The present article is the product of the research whose code CS20.04, carried out during 2020. This work was supported by the Institute of Information Technology (IOIT), Vietnam Academy of Science and Technology (VAST).\r\nProblem: Animal monitoring is a significant problem in the agricultural sector. The primary purpose is to monitor the health of animals regularly. Consequently, animal welfare and product quality could be improved, leading to an improvement in profit. Cow behavior recognition system was considered as the right solution for cow monitoring. The requirements for this kind of system are economical, high performance, and real-time.\r\nObjective: The research objective is to design a real-time cow monitoring system based on wireless sensor networks and the K-means clustering algorithm.\r\nMethodology: A wireless sensor node was designed to measure the collar-mounted acceleration data using an accelerometer. Firstly, the collected data were classified into three classes based on the VeDBA (Vector of Dynamic Body Acceleration) feature using the K-means algorithm. Then, the thresholds for VeDBA in the previous step were used to classify new data.\r\nResults: Three behaviors (including feeding, lying, and standing) were classified in real-time with the accuracy of classification about 89%.\r\n\u00a0\r\nConclusion: The proposed system could be adapted in monitoring cow in real-time, the behavior classification could be implemented on the microcontroller. The results confirmed the reliability of the proposed system.\r\nOriginality: The behavior classification could be implemented on the microcontroller for the first time in monitoring cow.\r\nLimitations: Only three behaviors were classified in the experiment.<\/jats:p>","DOI":"10.16925\/2357-6014.2021.03.11","type":"journal-article","created":{"date-parts":[[2022,2,1]],"date-time":"2022-02-01T13:10:14Z","timestamp":1643721014000},"page":"1-18","source":"Crossref","is-referenced-by-count":3,"title":["Design of real-time cow behavior monitoring system based on wireless sensor networks and K-Mmeans clustering algorithm"],"prefix":"10.16925","volume":"17","author":[{"given":"Duc-Tan","family":"Tran","sequence":"first","affiliation":[],"role":[{"role":"author","vocabulary":"crossref"}]}],"member":"6711","published-online":{"date-parts":[[2021,9,6]]},"container-title":["Ingenier\u00eda Solidaria"],"link":[{"URL":"https:\/\/revistas.ucc.edu.co\/index.php\/in\/article\/download\/3837\/3267","content-type":"application\/pdf","content-version":"vor","intended-application":"text-mining"},{"URL":"https:\/\/revistas.ucc.edu.co\/index.php\/in\/article\/download\/3837\/3267","content-type":"unspecified","content-version":"vor","intended-application":"similarity-checking"}],"deposited":{"date-parts":[[2022,2,1]],"date-time":"2022-02-01T13:10:14Z","timestamp":1643721014000},"score":0.0,"resource":{"primary":{"URL":"https:\/\/revistas.ucc.edu.co\/index.php\/in\/article\/view\/3837"}},"issued":{"date-parts":[[2021,9,6]]},"references-count":0,"journal-issue":{"issue":"3","published-online":{"date-parts":[[2021,9,6]]}},"URL":"https:\/\/doi.org\/10.16925\/2357-6014.2021.03.11","ISSN":["2357-6014","1900-3102"],"issn-type":[{"value":"2357-6014","type":"electronic"},{"value":"1900-3102","type":"print"}],"published":{"date-parts":[[2021,9,6]]}},{"indexed":{"date-parts":[[2025,12,12]],"date-time":"2025-12-12T13:34:25Z","timestamp":1765546465809},"reference-count":0,"publisher":"Universidad Cooperativa de Colombia- UCC","issue":"108","content-domain":{"domain":[],"crossmark-restriction":false},"short-container-title":["Coop. Desarro."],"abstract":"<jats:p>Introducci\u00f3n: La innovaci\u00f3n constituye en la actualidad un factor clave para la competitividad y aunque el grado de inter\u00e9s que despierta en el tercer sector es todav\u00eda incipiente cada vez es m\u00e1s frecuente encontrar casos de \u00e9xito de entidades no lucrativas (ENL) que han desarrollado experiencias novedosas en el \u00e1mbito de lo social. Metodolog\u00eda: se ha realizado un estudio en \u00a0instituciones de acci\u00f3n social en la provincia de C\u00f3rdoba que consta de una primera fase de car\u00e1cter cuantitativo, orientada a establecer un diagn\u00f3stico y valoraci\u00f3n general del sector a trav\u00e9s de los datos obtenidos de un cuestionario de autodiagn\u00f3stico de la innovaci\u00f3n social respondido por entidades que aglutinan a m\u00e1s del 80% del sector de acci\u00f3n social de la provincia. Resultados: Los resultados del estudio nos llevan a concluir que existe a\u00fan un gran desconocimiento sobre el concepto de innovaci\u00f3n social. Conclusiones: queda camino por recorrer en las ENL en cuanto a la innovaci\u00f3n en sus procesos y en el uso de las nuevas tecnolog\u00edas de la informaci\u00f3n y la comunicaci\u00f3n, en el trabajo colaborativo y en el intercambio de experiencias. <\/jats:p>","DOI":"10.16925\/co.v24i108.1257","type":"journal-article","created":{"date-parts":[[2019,8,23]],"date-time":"2019-08-23T15:30:27Z","timestamp":1566574227000},"source":"Crossref","is-referenced-by-count":2,"title":["La innovaci\u00f3n en las entidades de acci\u00f3n social de la provincia de C\u00f3rdoba (Espa\u00f1a)"],"prefix":"10.16925","volume":"24","author":[{"given":"Antonio","family":"Ariza Montes","sequence":"first","affiliation":[],"role":[{"role":"author","vocabulary":"crossref"}]},{"given":"Mariano","family":"Carbonero Ruz","sequence":"additional","affiliation":[],"role":[{"role":"author","vocabulary":"crossref"}]},{"given":"M\u00aa Carmen","family":"L\u00f3pez Mart\u00edn","sequence":"additional","affiliation":[],"role":[{"role":"author","vocabulary":"crossref"}]},{"given":"Pilar","family":"Tirado Valencia","sequence":"additional","affiliation":[],"role":[{"role":"author","vocabulary":"crossref"}]}],"member":"6711","published-online":{"date-parts":[[2016,1,4]]},"container-title":["Cooperativismo &amp; Desarrollo"],"link":[{"URL":"https:\/\/revistas.ucc.edu.co\/index.php\/co\/article\/download\/1257\/1629","content-type":"application\/pdf","content-version":"vor","intended-application":"text-mining"},{"URL":"https:\/\/revistas.ucc.edu.co\/index.php\/co\/article\/download\/1257\/1629","content-type":"unspecified","content-version":"vor","intended-application":"similarity-checking"}],"deposited":{"date-parts":[[2019,8,23]],"date-time":"2019-08-23T15:30:27Z","timestamp":1566574227000},"score":0.0,"resource":{"primary":{"URL":"https:\/\/revistas.ucc.edu.co\/index.php\/co\/article\/view\/1257"}},"issued":{"date-parts":[[2016,1,4]]},"references-count":0,"journal-issue":{"issue":"108","published-online":{"date-parts":[[2016,4,8]]}},"URL":"https:\/\/doi.org\/10.16925\/co.v24i108.1257","ISSN":["2382-4220","0120-7180"],"issn-type":[{"value":"2382-4220","type":"electronic"},{"value":"0120-7180","type":"print"}],"published":{"date-parts":[[2016,1,4]]}},{"indexed":{"date-parts":[[2025,5,14]],"date-time":"2025-05-14T05:20:38Z","timestamp":1747200038671,"version":"3.40.5"},"reference-count":0,"publisher":"Universidad Cooperativa de Colombia - UCC","issue":"2","content-domain":{"domain":[],"crossmark-restriction":false},"short-container-title":["ing. Solidar"],"abstract":"<jats:p>Introduction: This paper entails an analysis of flexural behavior of pavers made from recycled plastic; a combination of high-density polyethylene (HLPE), low-density polyethylene (LDPE) and polypropylene (PP), carried out in the period 2022 to 2023, with the academic support of the Universidad Distrital Francisco Jos\u00e9 de Caldas, Sede Tecnol\u00f3gica; Bogot\u00e1 - Colombia.  Problem: To perform flexural tests and analyze the behavior of pavers made from recycled plastic.  Objective: To calculate the Flexural Strength (Re), Maximum Stress, Maximum Breaking Load (Cmax), Modulus of Rupture (Mr), Young\u2019s Modulus, for a sample of 15 paving blocks made from HLPE, LDPE, PP and compare with the NTC 2017 standard.  Methodology: 15 flexural tests were performed on the specimens selected for the study, and calculations were made for their respective analysis.  Results: For flexural strength, the NTC 2017 standard establishes ranges of 3.8 to 4.2 MPa for individual tests and 4.2 to 5 in grouped tests; for the study carried out, a range of 10.8965 \u2264 flexural strength (MPa) \u2264 13.5987 was found.  Conclusion: Tests indicate that recycled plastic pavers have a higher modulus of rupture than conventional pavers.  Originality: Due to the lack of existing information on the subject of paving stones, it is original to carry out a study of paving stone flexural strength and to evaluate the behavior compared to the standard.  Limitations: Did not perform electron microscopy analysis on the material.<\/jats:p>","DOI":"10.16925\/2357-6014.2024.02.01","type":"journal-article","created":{"date-parts":[[2024,10,20]],"date-time":"2024-10-20T22:28:23Z","timestamp":1729463303000},"page":"1-18","source":"Crossref","is-referenced-by-count":0,"title":["Analysis of the flexural behavior of pavers made from recycled plastic; with a combination of high-density polyethylene (HLPE), low-density  polyethylene  (LDPE) and polypropylene (PP)"],"prefix":"10.16925","volume":"20","author":[{"name":"Universidad  Distrital  Francisco Jose de Caldas","sequence":"first","affiliation":[],"role":[{"role":"author","vocabulary":"crossref"}]},{"ORCID":"https:\/\/orcid.org\/0000-0003-3912-5532","authenticated-orcid":false,"given":"Alfonso","family":"Giraldo Toro","sequence":"first","affiliation":[],"role":[{"role":"author","vocabulary":"crossref"}]},{"ORCID":"https:\/\/orcid.org\/0000-0003-2914-4836","authenticated-orcid":false,"given":"Nayive","family":"Nieves Pimiento","sequence":"additional","affiliation":[],"role":[{"role":"author","vocabulary":"crossref"}]},{"name":"Universidad ECCI","sequence":"additional","affiliation":[],"role":[{"role":"author","vocabulary":"crossref"}]},{"ORCID":"https:\/\/orcid.org\/0000-0002-1675-9471","authenticated-orcid":false,"given":"Luini Leonardo","family":"Hurtado Cort\u00e9s","sequence":"additional","affiliation":[],"role":[{"role":"author","vocabulary":"crossref"}]},{"name":"Universidad  Distrital  Francisco  Jose  de  Caldas","sequence":"additional","affiliation":[],"role":[{"role":"author","vocabulary":"crossref"}]}],"member":"6711","published-online":{"date-parts":[[2024,5,2]]},"container-title":["Ingenieria Solidaria"],"deposited":{"date-parts":[[2024,10,20]],"date-time":"2024-10-20T22:28:23Z","timestamp":1729463303000},"score":0.0,"resource":{"primary":{"URL":"https:\/\/revistas.ucc.edu.co\/index.php\/in\/article\/view\/4635\/"}},"issued":{"date-parts":[[2024,5,2]]},"references-count":0,"journal-issue":{"issue":"2","published-online":{"date-parts":[[2024,5,2]]}},"URL":"https:\/\/doi.org\/10.16925\/2357-6014.2024.02.01","ISSN":["2357-6014"],"issn-type":[{"type":"electronic","value":"2357-6014"}],"published":{"date-parts":[[2024,5,2]]}},{"indexed":{"date-parts":[[2025,5,14]],"date-time":"2025-05-14T05:20:26Z","timestamp":1747200026720,"version":"3.40.5"},"reference-count":13,"publisher":"Universidad Cooperativa de Colombia - UCC","issue":"28","content-domain":{"domain":[],"crossmark-restriction":false},"short-container-title":["Dixi"],"abstract":"<jats:p>Introducci\u00f3n: en las relaciones del estudiantado universitario tanto en el \u00e1mbito p\u00fablico como en el privado a menudo se presentan inconformidades, bien sea metodol\u00f3gicas o bien personales, que ponen en evidencia la debilidad de los sistemas educativos de categor\u00eda universitaria en cuanto al manejo de conflictos y su oportuna resoluci\u00f3n. Esto ha creado procedimientos de facto como el \u201cveto que se torna en una v\u00eda de hecho\u201d.\r\nObjetivo: determinar por medio de la jurisprudencia y la ley un procedimiento disciplinario jur\u00eddico obediente a los derechos fundamentales que rija las diferencias del estudiantado con el profesorado y viceversa.\r\nMetodolog\u00eda: mediante el an\u00e1lisis de la jurisprudencia de la Corte Constitucional y de la aplicaci\u00f3n de procedimientos determinados en la ley colombiana se buscar\u00e1 hacer una propuesta de procedimiento viable para resolver las diferencias que surgen entre el estudiantado y el profesorado.\r\nResultados: se propone una forma de juicio que permita, de acuerdo con los manuales de convivencia o reglamentos disciplinarios existentes, ejercer la defensa, la contradicci\u00f3n, la presentaci\u00f3n y la pr\u00e1ctica de pruebas, adem\u00e1s del derecho a un veredicto en condiciones de imparcialidad e igualdad con la opci\u00f3n de presentar los recursos que se estimen necesarios. \r\nConclusiones: se anima a los profesores y estudiantes universitarios a plantear este tipo de situaciones en sus reuniones internas, de modo que se genere discusi\u00f3n, a fin de lograr un consenso que permita la visibilizaci\u00f3n de este problema y que, claro est\u00e1, se busquen soluciones jur\u00eddicas a ellos a fin de evitar que este tipo de situaciones se perpet\u00faen como mecanismo de acci\u00f3n de facto.<\/jats:p>","DOI":"10.16925\/2357-5891.2018.02.05","type":"journal-article","created":{"date-parts":[[2019,6,30]],"date-time":"2019-06-30T14:41:17Z","timestamp":1561905677000},"page":"1-10","source":"Crossref","is-referenced-by-count":0,"title":["Las v\u00edas de hecho estudiantiles y los derechos a la defensa y el debido proceso del profesorado universitario"],"prefix":"10.16925","volume":"20","author":[{"ORCID":"https:\/\/orcid.org\/0000-0003-4652-4486","authenticated-orcid":false,"given":"William Eugene","family":"Ulrich Astaiza","sequence":"first","affiliation":[],"role":[{"role":"author","vocabulary":"crossref"}]},{"given":"Ingrid Jimena","family":"Campo Baena","sequence":"additional","affiliation":[],"role":[{"role":"author","vocabulary":"crossref"}]}],"member":"6711","published-online":{"date-parts":[[2019,1,5]]},"reference":[{"key":"65163","unstructured":"Constituci\u00f3n Pol\u00edtica de Colombia. [Const]. Julio 7 de 1991 (Colombia)."},{"key":"65164","unstructured":"Corte Constitucional de Colombia. Sentencia t-332 de 2015. (mp Alberto Rojas R\u00edos: junio 1 de 2015)."},{"key":"65165","unstructured":"Corte Constitucional de Colombia. Sentencia t-138 de 2017. (mp Luis Guillermo Guerrero: marzo 2 de 2017)."},{"key":"65166","unstructured":"Corte Constitucional de Colombia. Sentencia t-407 de 2012. (mp Mauricio Gonz\u00e1lez Cuervo: mayo 31 de 2017)."},{"key":"65167","unstructured":"Corte Constitucional de Colombia. Sentencia t-018 de 2017. (mp Gabriel Eduardo Mendoza: enero 20 de 2017)."},{"key":"65168","unstructured":"Corte Constitucional de Colombia. Sentencia c-401 de 2013. (mp Mauricio Gonz\u00e1lez Cuervo: julio 3 de 2013)."},{"key":"65169","unstructured":"Corte Constitucional de Colombia. Sentencia t-499 de 2013. (mp Luis Ernesto Vargas Silva: julio 26 de 2013)."},{"key":"65170","unstructured":"Corte Constitucional de Colombia. Sentencia t-555 de 1999. (mp Jose Gregorio Hern\u00e1ndez: agosto 2 de 1999)."},{"key":"65171","unstructured":"Corte Constitucional de Colombia. Sentencia c-593 de 2104. (mp Jorge Ignacio Pretelt: agosto 20 de 2014)."},{"key":"65172","unstructured":"Corte Constitucional de Colombia. Sentencia t-588 de 1998. (mp Eduardo Cifuentes Mu\u00f1oz: octubre 20 de 1998)."},{"key":"65173","unstructured":"Ley Estatutaria 1755. Por medio de la cual se regula el Derecho Fundamental de Petici\u00f3n y se sustituye un t\u00edtulo del C\u00f3digo de Procedimiento Administrativo y de lo Contencioso Administrativo. Junio 30 de 2015. do 49559."},{"key":"65174","unstructured":"Ley 734 de febrero 05 de 2002. Por la cual se expide el C\u00f3digo Disciplinario Unico. Febrero 5 de 2002. do 44699."},{"key":"65175","unstructured":"Ley 1437 de 2011. Por la cual se expide el C\u00f3digo de Procedimiento Administrativo y de lo Contencioso Administrativo. Enero 18 de 2011. do 47956."}],"container-title":["DIXI"],"link":[{"URL":"https:\/\/revistas.ucc.edu.co\/index.php\/di\/article\/download\/2730\/2689","content-type":"application\/pdf","content-version":"vor","intended-application":"text-mining"},{"URL":"https:\/\/revistas.ucc.edu.co\/index.php\/di\/article\/download\/2730\/2765","content-type":"unspecified","content-version":"vor","intended-application":"text-mining"},{"URL":"https:\/\/revistas.ucc.edu.co\/index.php\/di\/article\/download\/2730\/2689","content-type":"unspecified","content-version":"vor","intended-application":"similarity-checking"}],"deposited":{"date-parts":[[2020,5,15]],"date-time":"2020-05-15T14:32:18Z","timestamp":1589553138000},"score":0.0,"resource":{"primary":{"URL":"https:\/\/revistas.ucc.edu.co\/index.php\/di\/article\/view\/2730"}},"issued":{"date-parts":[[2019,1,5]]},"references-count":13,"journal-issue":{"issue":"28","published-online":{"date-parts":[[2019,1,4]]}},"URL":"https:\/\/doi.org\/10.16925\/2357-5891.2018.02.05","ISSN":["2357-5891","0124-7255"],"issn-type":[{"type":"electronic","value":"2357-5891"},{"type":"print","value":"0124-7255"}],"published":{"date-parts":[[2019,1,5]]}},{"indexed":{"date-parts":[[2026,1,13]],"date-time":"2026-01-13T04:19:05Z","timestamp":1768277945138,"version":"3.49.0"},"reference-count":0,"publisher":"Universidad Cooperativa de Colombia - UCC","issue":"2","content-domain":{"domain":[],"crossmark-restriction":false},"short-container-title":["ing. Solidar"],"abstract":"<jats:p>Introduction:This article is the result of the review \u201cQCM Biosensors for the Detection of Pathogens in Water and Food: A Review,\u2019 conducted during the years 2023 and 2024 at the Universidad Distrital Francisco Jos\u00e9 de Caldas\u201dProblem: The fast evolution of pathogen detection through biosensors requires a continuous synthesis of literatu-re to provide an integral comprehension of the state of the art to new researchers. Objective:Perform bibliography research about QCM Biosensors used for pathogen detection in food and water covering a period from 2018 to 2023.Methodology: The research includes three phases: An explanation of the principles of QCM biosensors, their use in water and food pathogen detection, and their use in industry, with an emphasis on water quality.Result:QCM biosensors are solid, measure mass changes at the micro and nanometric scales, and are widely used in the food industry due to their accuracy and ease of use.Conclusion:  The  review  highlights  the  effectiveness  of  QCM  biosensors  when  detecting  different  food  contami-nants and pathogens. It underlines the practical research necessity and importance of updating review papers to orientate future investigations in this specific area.Originality:The  originality  of  this  review  lies  on  its  detailed  approach  to  QCM  biosensor  use  in  food  pathogen  detection.Limitations:The constant evolution of the field of pathogen detection in addition to the diversity of QCM biosen-sors and the wide range of pathogens studied may make it difficult to generalize certain findings.<\/jats:p>","DOI":"10.16925\/2357-6014.2024.02.02","type":"journal-article","created":{"date-parts":[[2024,10,20]],"date-time":"2024-10-20T22:28:23Z","timestamp":1729463303000},"page":"1-30","source":"Crossref","is-referenced-by-count":1,"title":["QCM Biosensors for pathogen detection in water and food: review of published literature"],"prefix":"10.16925","volume":"20","author":[{"name":"Universidad Distrital Francisco Jos\u00e9 de Caldas","sequence":"first","affiliation":[],"role":[{"role":"author","vocabulary":"crossref"}]},{"ORCID":"https:\/\/orcid.org\/0009-0009-9647-3016","authenticated-orcid":false,"given":"Jorge Orlando","family":"Torres Diaz","sequence":"first","affiliation":[],"role":[{"role":"author","vocabulary":"crossref"}]},{"ORCID":"https:\/\/orcid.org\/0000-0002-7904-4676","authenticated-orcid":false,"given":"Aldemar","family":"Fonseca Vel\u00e1squez","sequence":"additional","affiliation":[],"role":[{"role":"author","vocabulary":"crossref"}]},{"name":"Universidad Distrital Francisco Jos\u00e9 de Caldas","sequence":"additional","affiliation":[],"role":[{"role":"author","vocabulary":"crossref"}]}],"member":"6711","published-online":{"date-parts":[[2024,5,2]]},"container-title":["Ingenieria Solidaria"],"deposited":{"date-parts":[[2024,10,20]],"date-time":"2024-10-20T22:28:24Z","timestamp":1729463304000},"score":0.0,"resource":{"primary":{"URL":"https:\/\/revistas.ucc.edu.co\/index.php\/in\/article\/view\/4901\/"}},"issued":{"date-parts":[[2024,5,2]]},"references-count":0,"journal-issue":{"issue":"2","published-online":{"date-parts":[[2024,5,2]]}},"URL":"https:\/\/doi.org\/10.16925\/2357-6014.2024.02.02","ISSN":["2357-6014"],"issn-type":[{"value":"2357-6014","type":"electronic"}],"published":{"date-parts":[[2024,5,2]]}},{"indexed":{"date-parts":[[2026,3,6]],"date-time":"2026-03-06T07:49:11Z","timestamp":1772783351100,"version":"3.50.1"},"reference-count":0,"publisher":"Universidad Cooperativa de Colombia- UCC","issue":"23","content-domain":{"domain":[],"crossmark-restriction":false},"short-container-title":["Mem."],"abstract":"<jats:p>&lt;p class=\"Default\"&gt;&lt;strong&gt;Tema y alcance:&lt;\/strong&gt; el presente trabajo aborda la cultura milenaria china desde el libro escrito por Henrry Kissinger, el cual est\u00e1 compuesto por cap\u00edtulos que tratan las diferentes etapas y momentos hist\u00f3ricos del gigante asi\u00e1tico.\u00a0&lt;strong&gt;Caracter\u00edsticas:&lt;\/strong&gt; desde el an\u00e1lisis documental se realiza un breve recorrido hist\u00f3rico de una de las mayores potencias mundiales, as\u00ed como de su relaci\u00f3n con los Estados Unidos. &lt;strong&gt;Hallazgos:&lt;\/strong&gt; China, como\u00a0 naci\u00f3n milenaria de gran bagaje cultural, est\u00e1 altamente influenciada por el confucianismo como \u201cfilosof\u00eda y religi\u00f3n\u201d, as\u00ed como por ideas pol\u00edticas tales como la de la revoluci\u00f3n cultural, lo que hace de este pa\u00eds un fen\u00f3meno interesante y digno de ser estudiado. &lt;strong&gt;Conclusiones:&lt;\/strong&gt; es necesario conocer e identificar las relaciones de poder de este pa\u00eds frente a las otras naciones del mundo, a fin de tener mayor entendimiento &lt;em&gt;de&lt;\/em&gt; la din\u00e1mica pol\u00edtica actual, especialmente entre China y el gobierno de los Estados Unidos.\u00a0&lt;\/p&gt;&lt;div&gt;&lt;div&gt;&lt;p&gt;\u00a0\u00a0&lt;\/p&gt;&lt;\/div&gt;&lt;\/div&gt;<\/jats:p>","DOI":"10.16925\/me.v13i23.1150","type":"journal-article","created":{"date-parts":[[2017,2,10]],"date-time":"2017-02-10T21:01:48Z","timestamp":1486760508000},"page":"129","source":"Crossref","is-referenced-by-count":1,"title":["On China de Henry Kissinger"],"prefix":"10.16925","volume":"13","author":[{"given":"Wilson","family":"Ladino-Orjuela","sequence":"first","affiliation":[],"role":[{"role":"author","vocabulary":"crossref"}]}],"member":"6711","published-online":{"date-parts":[[2015,6,1]]},"container-title":["Memorias"],"link":[{"URL":"https:\/\/revistas.ucc.edu.co\/index.php\/me\/article\/viewFile\/1150\/1695","content-type":"application\/pdf","content-version":"vor","intended-application":"text-mining"},{"URL":"https:\/\/revistas.ucc.edu.co\/index.php\/me\/article\/viewFile\/1150\/1695","content-type":"unspecified","content-version":"vor","intended-application":"similarity-checking"}],"deposited":{"date-parts":[[2017,2,10]],"date-time":"2017-02-10T21:01:53Z","timestamp":1486760513000},"score":0.0,"resource":{"primary":{"URL":"https:\/\/revistas.ucc.edu.co\/index.php\/me\/article\/view\/1150"}},"issued":{"date-parts":[[2015,6,1]]},"references-count":0,"journal-issue":{"issue":"23","published-online":{"date-parts":[[2015,6,1]]}},"URL":"https:\/\/doi.org\/10.16925\/me.v13i23.1150","ISSN":["2382-4239","0124-4361"],"issn-type":[{"value":"2382-4239","type":"electronic"},{"value":"0124-4361","type":"print"}],"published":{"date-parts":[[2015,6,1]]}},{"indexed":{"date-parts":[[2025,11,1]],"date-time":"2025-11-01T10:21:48Z","timestamp":1761992508658,"version":"build-2065373602"},"reference-count":0,"publisher":"Universidad Cooperativa de Colombia - UCC","issue":"19","content-domain":{"domain":[],"crossmark-restriction":false},"short-container-title":["Pensando Psicol."],"abstract":"<jats:p>Introducci\u00f3n: la convivencia se constituye en un factor primordial\u00a0en el establecimiento de relaciones sociales. Infortunadamente, en\u00a0Colombia se ha visto fracturada por altos \u00edndices de violencia que han\u00a0exigido el desarrollo de pol\u00edticas p\u00fablicas, muchas de ellas impuestasy alejadas de las necesidades de las comunidades. Objetivo: por\u00a0tal motivo, se hace indispensable que sean las comunidades quienes\u00a0definan y signifiquen la convivencia, a fin de generar propuestas m\u00e1s\u00a0cercanas a la realidad. En este sentido, se pretende identificar los significados\u00a0que en relaci\u00f3n con las pr\u00e1cticas de convivencia comunitaria\u00a0construye un grupo de l\u00edderes. Metodolog\u00eda: se realiz\u00f3 un estudio\u00a0cualitativo-descriptivo con dise\u00f1o etnogr\u00e1fico, en un grupo de cinco\u00a0(5) l\u00edderes. Resultados: la convivencia fue definida como aquellos\u00a0procesos que hacen posible la construcci\u00f3n y el establecimiento de\u00a0acuerdos que garantizan la consolidaci\u00f3n de buenas relaciones en la\u00a0comunidad y evitar los conflictos. Esta concepci\u00f3n solo puede operar\u00a0en la medida en que la solidaridad sea el valor que gu\u00ede y oriente las\u00a0relaciones, y que la participaci\u00f3n comunitaria sea efectiva. Sin embargo,\u00a0la conducta de solidaridad termina en el acto mismo de ayuda,\u00a0y no se extiende a otras experiencias comunitarias que promuevan la\u00a0cohesi\u00f3n social. Conclusiones: se evidenci\u00f3 una visi\u00f3n idealizada de\u00a0convivencia en torno a una anhelada solidaridad. En la cotidianidad\u00a0priman din\u00e1micas focalizadas en el individualismo y la apat\u00eda, debido\u00a0a la desconfianza mutua, a la politizaci\u00f3n de las relaciones y a una\u00a0visi\u00f3n asistencialista que impide la transformaci\u00f3n desde un proyecto\u00a0colectivo.<\/jats:p>","DOI":"10.16925\/pe.v12i19.1328","type":"journal-article","created":{"date-parts":[[2016,5,18]],"date-time":"2016-05-18T14:42:38Z","timestamp":1463582558000},"page":"55-67","source":"Crossref","is-referenced-by-count":2,"title":["Significados de convivencia: una comprensi\u00f3n desde la din\u00e1mica cotidiana que los promueve"],"prefix":"10.16925","volume":"12","author":[{"given":"Ana Luc\u00eda","family":"S\u00e1nchez Villafa\u00f1e","sequence":"first","affiliation":[],"role":[{"role":"author","vocabulary":"crossref"}]},{"given":"Jhon Jairo","family":"Quiceno P\u00e9rez","sequence":"additional","affiliation":[],"role":[{"role":"author","vocabulary":"crossref"}]}],"member":"6711","published-online":{"date-parts":[[2016,4,1]]},"container-title":["Pensando Psicolog\u00eda"],"link":[{"URL":"https:\/\/revistas.ucc.edu.co\/index.php\/pe\/article\/download\/1328\/1473","content-type":"application\/pdf","content-version":"vor","intended-application":"text-mining"},{"URL":"https:\/\/revistas.ucc.edu.co\/index.php\/pe\/article\/download\/1328\/1473","content-type":"unspecified","content-version":"vor","intended-application":"similarity-checking"}],"deposited":{"date-parts":[[2020,8,29]],"date-time":"2020-08-29T06:46:15Z","timestamp":1598683575000},"score":0.0,"resource":{"primary":{"URL":"https:\/\/revistas.ucc.edu.co\/index.php\/pe\/article\/view\/1328"}},"issued":{"date-parts":[[2016,4,1]]},"references-count":0,"journal-issue":{"issue":"19","published-online":{"date-parts":[[2016,4,1]]}},"URL":"https:\/\/doi.org\/10.16925\/pe.v12i19.1328","ISSN":["2382-3984","1900-3099"],"issn-type":[{"type":"electronic","value":"2382-3984"},{"type":"print","value":"1900-3099"}],"published":{"date-parts":[[2016,4,1]]}},{"indexed":{"date-parts":[[2025,12,22]],"date-time":"2025-12-22T18:39:14Z","timestamp":1766428754254},"reference-count":0,"publisher":"Centro de Estudios Sociales, Universidad Nacional de Colombia - Universidad del Rosario - Universidad Cooperativa de Colombia","isbn-type":[{"value":"9789587754407","type":"print"}],"content-domain":{"domain":[],"crossmark-restriction":false},"published-print":{"date-parts":[[2015]]},"DOI":"10.16925\/9789587754407","type":"book","created":{"date-parts":[[2015,9,21]],"date-time":"2015-09-21T15:57:11Z","timestamp":1442851031000},"source":"Crossref","is-referenced-by-count":5,"title":["Microhistorias de la transgresi\u00f3n"],"prefix":"10.16925","member":"6711","published-online":{"date-parts":[[2015]]},"deposited":{"date-parts":[[2015,9,21]],"date-time":"2015-09-21T15:57:12Z","timestamp":1442851032000},"score":0.0,"resource":{"primary":{"URL":"http:\/\/ediciones.ucc.edu.co\/index.php\/ucc\/catalog\/book\/26"}},"editor":[{"given":"Max S.","family":"Hering Torres","sequence":"first","affiliation":[],"role":[{"role":"editor","vocabulary":"crossref"}]},{"given":"Nelson A.","family":"Rojas","sequence":"additional","affiliation":[],"role":[{"role":"editor","vocabulary":"crossref"}]}],"issued":{"date-parts":[[2015]]},"ISBN":["9789587754407"],"references-count":0,"URL":"https:\/\/doi.org\/10.16925\/9789587754407","published":{"date-parts":[[2015]]}},{"indexed":{"date-parts":[[2025,10,23]],"date-time":"2025-10-23T02:42:08Z","timestamp":1761187328790,"version":"build-2065373602"},"reference-count":47,"publisher":"Universidad Cooperativa de Colombia - UCC","issue":"1","license":[{"start":{"date-parts":[[2025,10,21]],"date-time":"2025-10-21T00:00:00Z","timestamp":1761004800000},"content-version":"unspecified","delay-in-days":0,"URL":"https:\/\/creativecommons.org\/licenses\/by\/4.0"}],"content-domain":{"domain":[],"crossmark-restriction":false},"short-container-title":["Spei domus"],"abstract":"<jats:p>The blood protein profile was assessed in sheep from different herds in the department of C\u00f3rdoba, involving a total of 100 animals from 10 herds across 5 municipalities. The animals were managed under an extensive grazing system with native pastures. Blood samples were drawn from the jugular vein after a clinical screening to exclude animals with potential health disorders. Key blood metabolites\u2014including total proteins, albumin, urea, and BUN\u2014were analyzed using photocolorimetry. Data was processed through descriptive statistics for each variable using Infostat-software. The metabolic reference ranges obtained were as follows: total proteins (4.97\u20137.96 g\/dL), albumin (2.60\u20134.15 g\/dL), globulin (1.70\u20134.78 g\/dL), urea (36.28\u201363.08 mg\/dL), and BUN (17.05\u201329.65 mg\/dL). These values establish baseline physiological ranges for sheep in tropical conditions across age groups and sexes, reared under extensive grazing on native pastures without supplemental feeding.<\/jats:p>","DOI":"10.16925\/2382-4247.2025.01.08","type":"journal-article","created":{"date-parts":[[2025,10,23]],"date-time":"2025-10-23T02:36:41Z","timestamp":1761187001000},"page":"1-12","source":"Crossref","is-referenced-by-count":0,"title":["Perfil metab\u00f3lico proteico en ovinos criollos (Ovisaries) del tr\u00f3pico bajo del departamento de C\u00f3rdoba","Protein metabolic profile in hair sheep (Ovis aries) of the low tropic of the C\u00f3rdoba","Perfil metab\u00f3lico de prote\u00ednas em ovelhas crioulas (Ovis aries) dos tr\u00f3picos baixos do departamento de C\u00f3rdoba"],"prefix":"10.16925","volume":"21","author":[{"ORCID":"https:\/\/orcid.org\/0000-0003-3659-1458","authenticated-orcid":false,"given":"Rub\u00e9n Fabi\u00e1n","family":"Ch\u00e1vez Serrano","sequence":"first","affiliation":[],"role":[{"role":"author","vocabulary":"crossref"}]},{"ORCID":"https:\/\/orcid.org\/0009-0002-4591-2276","authenticated-orcid":false,"given":"Nicole","family":"Rom\u00e1n-Zambrano","sequence":"additional","affiliation":[],"role":[{"role":"author","vocabulary":"crossref"}]},{"ORCID":"https:\/\/orcid.org\/0000-0002-5610-5712","authenticated-orcid":false,"given":"Clara","family":"Rugeles-Pinto","sequence":"additional","affiliation":[],"role":[{"role":"author","vocabulary":"crossref"}]},{"ORCID":"https:\/\/orcid.org\/0000-0003-2075-9092","authenticated-orcid":false,"given":"Teresa","family":"Oviedo-Socarr\u00e1s","sequence":"additional","affiliation":[],"role":[{"role":"author","vocabulary":"crossref"}]},{"ORCID":"https:\/\/orcid.org\/0000-0003-2630-2704","authenticated-orcid":false,"given":"Elisa","family":"Brunal-Tachak","sequence":"additional","affiliation":[],"role":[{"role":"author","vocabulary":"crossref"}]}],"member":"6711","published-online":{"date-parts":[[2025,10,21]]},"reference":[{"key":"180056","unstructured":"[1] Ministerio de Agricultura y Desarrollo Rural, Observatorio Agrocadenas Colombia. La cadena de ovinos y caprinos en Colombia. 2006;(125):20 p. Disponible en: http:\/\/hdl.handle.net\/20.500.12324\/18867"},{"key":"180057","unstructured":"[2] Meneses JM, Vergara DM, Porras JU, Quintero AF, Cardona J. Variabilidad morfoestructural de la hembra ovina de pelo criollo colombiana. Livest Res Rural Dev. 2018;25(5):1-11. Disponible en: http:\/\/lrrd.cipav.org.co\/lrrd25\/5\/more25083.htm"},{"key":"180058","doi-asserted-by":"crossref","unstructured":"[3] Acero VM. El bienestar animal en sistemas productivos de ovinos-caprinos en Colombia. Spei domus. 2014 Dec. 1;10(21):57-62. Available from: https:\/\/revistas.ucc.edu.co\/index.php\/sp\/article\/view\/918","DOI":"10.16925\/sp.v10i21.918"},{"key":"180059","unstructured":"[4] Galeano L, G\u00f3mez M, G\u00f3mez J. Caracterizaci\u00f3n de los sistemas de pastoreo de peque\u00f1os rumiantes en el sur del Tolima. Revista Colombiana de Ciencia Animal. 2013;6(1): 75\u201385."},{"key":"180060","unstructured":"[5] MADR. Cadena productiva ovino-caprina nacional. Minagricultura. 2012; 1\u201389. https:\/\/sioc.minagricultura.gov.co\/OvinoCaprina\/Documentos\/004"},{"key":"180061","unstructured":"[6] Reyes Sanclemente H, Alzate C. Caracterizaci\u00f3n ocupacional del subsector de especies menores en Colombia. 2007; 200. Disponible en: https:\/\/hdl.handle.net\/11404\/2134"},{"key":"180062","unstructured":"[7] Pugh DG, Baird AN. Sheep and goat medicine. 2nd ed. Maryland Heights, MO: Elsevier\/Saunders; 2012. 621 p. - https:\/\/worldcat.org\/title\/720560519"},{"key":"180063","unstructured":"."},{"key":"180064","doi-asserted-by":"crossref","unstructured":"[8] Ospina \u00d3, Grajales H, Manrique C. C. Gesti\u00f3n del conocimiento: mayor producci\u00f3n y competitividad. Perspectivas para los sistemas de producci\u00f3n ovino-caprinos. Revista de Medicina Veterinaria. 2011;(22): 95. https:\/\/doi.org\/10.19052\/mv.564","DOI":"10.19052\/mv.564"},{"key":"180065","unstructured":"."},{"key":"180066","unstructured":"[9] Instituto Colombiano Agropecuario - ICA. Censos pecuarios nacionales. p. 1. https:\/\/www.ica.gov.co\/areas\/pecuaria\/servicios\/epidemiologia-veterinaria\/censos-2016\/censo-2018"},{"key":"180067","doi-asserted-by":"crossref","unstructured":"[10] Borburema JB, Cezar MF, Marques DD, Cunha MGG, Filho JMP, Sousa WH, et al. Efeito do regime alimentar sobre o perfil metab\u00f3lico de ovinos Santa In\u00eas em confinamento. Arquivo Brasileiro de Medicina Veterinaria e Zootecnia. 2012;64(4): 983\u2013990. https:\/\/doi.org\/10.1590\/S0102-09352012000400027","DOI":"10.1590\/S0102-09352012000400027"},{"key":"180068","unstructured":"."},{"key":"180069","doi-asserted-by":"crossref","unstructured":"[11] Roubies N, Panousis N, Fytianou A, Katsoulos PD, Giadinis N, Karatzias H. Effects of age and reproductive stage on certain serum biochemical parameters of chios sheep under greek rearing conditions. Journal of Veterinary Medicine Series A: Physiology Pathology Clinical Medicine. 2006;53(6): 277\u2013281. https:\/\/doi.org\/10.1111\/j.1439-0442.2006.00832.x","DOI":"10.1111\/j.1439-0442.2006.00832.x"},{"key":"180070","unstructured":"."},{"key":"180071","unstructured":"[12] Esteban D, Gonzales R, Garduza G, Ojeda N, Reyes F, Gutierrez S. Desarrollo de resistencia a nem\u00e1todos gastrointestinales en ovinos de pelo desafiados con diferentes niveles de infecci\u00f3n. Rev med vet zoot. 2013;60(III): 169\u2013181."},{"key":"180072","unstructured":"[13] Bustamante MJ, Maza LA, Rugeles CC, Simanca JC, Pati\u00f1o RM, et al. Determinaci\u00f3n del perfil metab\u00f3lico durante el periodo gestaci\u00f3n-lactancia en hembras ovinas de pelo en C\u00f3rdoba, Colombia Rev. Fac. Cs. Vets. 2016;57 (2): 114\u2013124."},{"key":"180073","doi-asserted-by":"crossref","unstructured":"[14] Plaza Cuadrado AS, Hernandez Padilla EE, Rugeles Pinto CC, Vergara Garay OD, Herrera Benavides YM. Perfil hematol\u00f3gico durante la gestaci\u00f3n de Ovinos de Pelo Criollos (Ovis aries) en el departamento de C\u00f3rdoba, Colombia. Revista Colombiana de Ciencia Animal - RECIA. 2019;11(1): 0\u20139. https:\/\/doi.org\/10.24188\/recia.v0.n0.2019.657","DOI":"10.24188\/recia.v0.n0.2019.657"},{"key":"180074","doi-asserted-by":"crossref","unstructured":"[15] Herrera Benavides YM, Brunal Tachad E, Campillo J, Rugeles Pinto C, Mart\u00ednez Humanes N. Perfil proteico en vacas lactantes y novillas de vientre. Revista Colombiana de Ciencia Animal - RECIA. 2018;10(2): 179\u2013183. https:\/\/doi.org\/10.24188\/recia.v10.n2.2018.624","DOI":"10.24188\/recia.v10.n2.2018.624"},{"key":"180075","doi-asserted-by":"crossref","unstructured":"[16] Seixas L, Peripolli V, Fa\u00e7anha DAE, Fischer V, Poli CHEC, Melo CB, et al. Physiological and hematological parameters of sheep reared in the tropics and subtropics. Arquivo Brasileiro de Medicina Veterinaria e Zootecnia. 2021;73(3): 622\u2013630. https:\/\/doi.org\/10.1590\/1678-4162-12204","DOI":"10.1590\/1678-4162-12204"},{"key":"180076","unstructured":"."},{"key":"180077","doi-asserted-by":"crossref","unstructured":"[17] Geffr\u00e9 A, Friedrichs K, Harr K, Concordet D, Trumel C, Braun JP. Reference values: A review. Veterinary Clinical Pathology. 2009;38(3): 288\u2013298. https:\/\/doi.org\/10.1111\/j.1939-165X.2009.00179.x","DOI":"10.1111\/j.1939-165X.2009.00179.x"},{"key":"180078","unstructured":"."},{"key":"180079","doi-asserted-by":"crossref","unstructured":"[18] The Metabolic Profile Test by J. M. Payne and S. Payne. Equine Veterinary Journal. 1988;20(6): 416. https:\/\/doi.org\/10.1111\/j.2042-3306.1988.tb01562.x","DOI":"10.1111\/j.2042-3306.1988.tb01562.x"},{"key":"180080","unstructured":"."},{"key":"180081","unstructured":"[19] Barrero M, Riera J. El Proteinograma en medicina cl\u00ednica. Medicina Integral. 2001;38: 404\u2013409."},{"key":"180082","doi-asserted-by":"crossref","unstructured":"[20] Jairo Je\u00fa QM, Arnoldo GR, Javier HM, Andr\u00e9s Gilberto LM, Alejandro CP, Juan Carlos MG. Production of hair sheep under grazing conditions in Northeastern Mexico. Revista de Investigaciones Veterinarias del Peru. 2018;29(2): 544\u2013551. https:\/\/doi.org\/10.15381\/rivep.v29i2.13863","DOI":"10.15381\/rivep.v29i2.13863"},{"key":"180083","unstructured":"."},{"key":"180084","unstructured":"[21] Evans GO. Animal clinical chemistry: a practical handbook for toxicologists and biomedical researchers. In: 2009. https:\/\/api.semanticscholar.org\/CorpusID:71123221"},{"key":"180085","unstructured":"[22] Bartges JW. New Tests for Renal Disease: What do They Mean? In: 2015. https:\/\/api.semanticscholar.org\/CorpusID:28917872"},{"key":"180086","unstructured":"[23] Mendenhall W, Beaver RoJ, Beaver BM. Introducci\u00f3n a la probabilidad y estad\u00edstica. 13th ed. Mexico D.F: Cengage Learning; 2013."},{"key":"180087","unstructured":"[24] Z\u00e1rate-Frutos R, Pedrozo-Prieto R, Acosta-Gonz\u00e1lez R, Lara-Nu\u00f1ez M, B\u00e1ez-Escalante M, Gonz\u00e1lez-Castro A. Perfiles metab\u00f3licos en ovejas texel en los periodos de preservicio, \u00faltimo tercio de gestaci\u00f3n e inicio de lactancia. Compend. cienc. vet. 2014;04(02): 39\u201346."},{"key":"180088","doi-asserted-by":"crossref","unstructured":"[25] Alberto L, Ribeiro O, Hilario F, Gonz\u00e1lez D, Concei\u00e7\u00e3o TR, Brito MA, et al. Perfil metab\u00f3lico de borregas Corriedale em pastagem nativa do Rio Grande do Sul. Acta Scientiae Veterinariae. 2003;31(October): 167\u2013170.","DOI":"10.22456\/1679-9216.17161"},{"key":"180089","doi-asserted-by":"crossref","unstructured":"[26] dos Santos RA, Campos AGSS, Afonso JAB, Soares PC, de Mendon\u00e7a CL. Efeito da administra\u00e7\u00e3o de propileno glicol e cobalto associado \u00e0 vitamina B12 sobre o perfil metab\u00f3lico e a atividade enzim\u00e1tica de ovelhas da ra\u00e7a Santa In\u00eas no periparto. Pesquisa Veterinaria Brasileira. 2012;32(SUPPL.): 60\u201366. https:\/\/doi.org\/10.1590\/S0100-736X2012001300012","DOI":"10.1590\/S0100-736X2012001300012"},{"key":"180090","unstructured":"."},{"key":"180091","unstructured":"[27] Maza Angulo L, Cardona \u00c1lvarez J, Vergara Garay O. Analisis del perfil metabolico de hembras ovinas criollas gestantes en condiciones de pastoreo extensivo. Rev Cient\u00edfica, FCU-LUZ [Internet]. 2011;XXI(4):335\u20139. Available from: http:\/\/scholar.google.com\/scholar?hl=en&btnG=Search&q=intitle:Analysis+of+Metabolic+Profile+in+Pregnant+Creole+Sheep+in+Extensive+Grazing+Conditions#0"},{"key":"180092","doi-asserted-by":"crossref","unstructured":"[28] Galv\u00e1n Doria C, Rugeles Pinto C, Vergara Garay \u00d3. Variation of Serum Levels of Glucose and Protein During the Day in Sheep of Different Sex. Rev Med Vet (Bogota) [Internet]. 2014;(28):57\u201366. Available from: http:\/\/www.scielo.org.co\/scielo.php?script=sci_arttext&pid=S0122-93542014000200006","DOI":"10.19052\/mv.3181"},{"key":"180093","unstructured":"[29] Z\u00e1rate R, Pedrozo R, Acosta R, Lara M, B\u00e1ez M, Gonz\u00e1lez A. Perfiles metab\u00f3licos en ovejas Texel en los periodos de preservicio, \u00faltimo tercio de gestaci\u00f3n e inicio de lactancia. Compend Ciencias Vet [Internet]. 2014;04 (02)(2226\u20131761):39\u201346. Available from: http:\/\/scielo.iics.una.py\/pdf\/ccv\/v4n2\/v4n2a07.pdf"},{"key":"180094","doi-asserted-by":"crossref","unstructured":"[30] Perez AV, Avenda\u00f1o Reyes L, Barajas Cruz R, Macias Cruz U, Correa Calderon A, Perez RV, et al. Par\u00e1metros bioqu\u00edmicos y hematol\u00f3gicos en ovinos de pelo con y sin sombra bajo condiciones des\u00e9rticas. Ecosistemas y Recur Agropecu [Internet]. 2018;5(14):259. Available from: http:\/\/era.ujat.mx\/index.php\/rera\/article\/view\/1544","DOI":"10.19136\/era.a5n14.1544"},{"key":"180095","unstructured":"[31] Avellanet R, Cuenca R, Pastor J, Jordana J. Parametros hematologicos y bioquimicos clinicos en la raza ovina xisqueta. Arch Zootec. 2007;56:497\u2013501."},{"key":"180096","unstructured":"[32] El-Sherif M, Assad F. Cambios en algunos componentes de ovejas Batki durante la gestaci\u00f3n y la lactancia en condiciones semi\u00e1ridas. Science Direct. Investigaci\u00f3n sobre peque\u00f1os rumiantes. Junio (2001)."},{"key":"180097","doi-asserted-by":"crossref","unstructured":"[33] Ribero L, D\u00edaz F, Concepci\u00f3n T, Brito M, La Rosa V, Campos. Perfil metab\u00f3lico de borregas Corriedale em pastagem nativa do Rio Grande do Sul. Acta scientiae veterinaria. Porto Alegre, RS. vol. 31, n. 3 (2003)","DOI":"10.22456\/1679-9216.17161"},{"key":"180098","doi-asserted-by":"crossref","unstructured":"[34] Osorio J, Barrera L, Per\u00e9z J. Comparaci\u00f3n del perfil lipidico por sexo y edad en ovinos. Art\u00edculo recibido: 30 de enero de 2014 \u2022 Aprobado: 4 de septiembre de 2014. Rev Med Vet Zoot. 62(1), enero \u2013 junio 2015: 11-19.","DOI":"10.15446\/rfmvz.v62n1.49381"},{"key":"180099","unstructured":"[35] Guerrero L, Rossini M, Bethencourt A, Colmenares O, Rueda E, Rios L. Efecto de la Suplementaci\u00f3n con Semilla de Canavalia ensiformis sobre Par\u00e1metros Sangu\u00edneos de Ovinos Tropicales con Infecciones Parasitarias Gastrointestinales. Revista de la Facultad de Ciencias Veterinarias, UCV, vol. 57, n\u00fam. 2, 2016, pp. 101-113 Universidad Central de Venezuela."},{"key":"180100","doi-asserted-by":"crossref","unstructured":"[36] Brondani, W.C.; Lemes, J.S.; Ferreira, O.G.L.; Roll, V.F.B e Del Pino, F.A.B. Perfil metab\u00f3lico de ovelhas em gesta\u00e7\u00e3o. Programa de P\u00f3s-Gradua\u00e7\u00e3o em Zootecnia (PPGZ)\/Universidade Federal de Pelotas. UFPel. Brasil. Arch. Zootec. 65 (R): 1-6. 2016.","DOI":"10.21071\/az.v65i249.449"},{"key":"180101","unstructured":"[37] Rueda G. Metabolitos sangu\u00edneos energ\u00e9ticos y proteicos asociados al estado nutricional en ovejas criollas. Universidad Cooperativa de Colombia Facultad de Medicina Veterinaria y Zootecnia Maestr\u00eda en salud y producci\u00f3n animal Bucaramanga 2019."},{"key":"180102","unstructured":"[38] Rodriguez L, Mantecon A, Lavin P, Asencia C, Martin A, Olmedos, Khedim M, Delgado D, Perez A, Bartolome D. Param\u00e9tros hematologicos y bioquimicos sanguineos en ovejas y corderas de raza Assaf. Instituto Tecnol\u00f3gico Agrario de Castilla y Le\u00f3n. Estaci\u00f3n Tecnol\u00f3gica de la Leche. Av. De Vi\u00f1alta s\/n. 34071 (Palencia). 2011."}],"container-title":["Spei Domus"],"link":[{"URL":"https:\/\/revistas.ucc.edu.co\/index.php\/sp\/article\/download\/5085\/3897","content-type":"application\/pdf","content-version":"vor","intended-application":"text-mining"},{"URL":"https:\/\/revistas.ucc.edu.co\/index.php\/sp\/article\/download\/5085\/3897","content-type":"unspecified","content-version":"vor","intended-application":"similarity-checking"}],"deposited":{"date-parts":[[2025,10,23]],"date-time":"2025-10-23T02:36:55Z","timestamp":1761187015000},"score":0.0,"resource":{"primary":{"URL":"https:\/\/revistas.ucc.edu.co\/index.php\/sp\/article\/view\/5085"}},"issued":{"date-parts":[[2025,10,21]]},"references-count":47,"journal-issue":{"issue":"1","published-online":{"date-parts":[[2025,10,21]]}},"URL":"https:\/\/doi.org\/10.16925\/2382-4247.2025.01.08","ISSN":["2382-4247","1794-7928"],"issn-type":[{"value":"2382-4247","type":"electronic"},{"value":"1794-7928","type":"print"}],"published":{"date-parts":[[2025,10,21]]}},{"indexed":{"date-parts":[[2026,5,28]],"date-time":"2026-05-28T17:03:54Z","timestamp":1779987834072,"version":"3.53.1"},"reference-count":0,"publisher":"Ediciones Universidad Cooperativa de Colombia","content-domain":{"domain":[],"crossmark-restriction":false},"abstract":"<jats:p>El prop\u00f3sito del presente procedimiento es la clarificaci\u00f3n de las actividades paso a paso que deben realizar los practicantes, asistenciales y personal administrativo durante el proceso de pr\u00e1ctica cl\u00ednica en los consultorios de psicolog\u00eda de la Universidad Cooperativa de Colombia en Bogot\u00e1. Esta gu\u00eda incluye actividades de inicio, desarrollo, seguimiento y aspectos de finalizaci\u00f3n del proceso, responsabilidades, documentos y registros y un flujograma para facilitar la toma de decisiones.<\/jats:p>","DOI":"10.16925\/gcgp.185","type":"report","created":{"date-parts":[[2026,5,28]],"date-time":"2026-05-28T16:26:36Z","timestamp":1779985596000},"source":"Crossref","is-referenced-by-count":0,"title":["Prestaci\u00f3n de pr\u00e1ctica cl\u00ednica en Consultorios de Psicolog\u00eda, UCC, sede Bogot\u00e1"],"prefix":"10.16925","author":[{"ORCID":"https:\/\/orcid.org\/0000-0003-4188-6082","authenticated-orcid":false,"given":"Henry","family":"Cerquera Espinosa","sequence":"first","affiliation":[{"name":"Universidad Cooperativa de Colombia"}],"role":[{"vocabulary":"crossref","role":"author"}]}],"member":"6711","published-online":{"date-parts":[[2025,11]]},"deposited":{"date-parts":[[2026,5,28]],"date-time":"2026-05-28T16:26:36Z","timestamp":1779985596000},"score":0.0,"resource":{"primary":{"URL":"https:\/\/repository.ucc.edu.co\/entities\/publication\/f5f58661-17ee-4251-8029-209df37a61c3"}},"issued":{"date-parts":[[2025,11]]},"references-count":0,"URL":"https:\/\/doi.org\/10.16925\/gcgp.185","published":{"date-parts":[[2025,11]]}},{"indexed":{"date-parts":[[2026,8,21]],"date-time":"2026-08-21T12:11:58Z","timestamp":1787314318201,"version":"build-2736575974"},"reference-count":0,"publisher":"Universidad Cooperativa de Colombia - UCC","issue":"29","content-domain":{"domain":[],"crossmark-restriction":false},"short-container-title":["Dixi"],"abstract":"<jats:p>Objetivo: la mediaci\u00f3n p\u00fablica y la conciliaci\u00f3n intraprocesal son m\u00e9todos alternativos de soluci\u00f3n de conflic-tos que permiten a las partes poner fin a la contienda legal, mediante el di\u00e1logo y acuerdos que beneficien de forma satisfactoria a los involucrados. En la presente investigaci\u00f3n, se realiz\u00f3 un an\u00e1lisis del avance que ha tenido  la  mediaci\u00f3n  p\u00fablica  desde  su  instauraci\u00f3n  en  relaci\u00f3n  con  la  conciliaci\u00f3n  intraprocesal  dentro  de  la  administraci\u00f3n de justicia en la provincia de Tungurahua, desde el a\u00f1o 2014 hasta el 2018. Metodolog\u00eda: los m\u00e9todos utilizados son emp\u00edricos, te\u00f3ricos, encuestas a jueces, abogados y usuarios, y en-trevistas a los mediadores. Resultados: se establece el predominio de la conciliaci\u00f3n intraprocesal como forma de solucionar el conflicto. Se propone instaurar pol\u00edticas p\u00fablicas sobre el uso de la mediaci\u00f3n en el \u00e1mbito educativo de nivel primario, secundario y universitario, con la finalidad de crear semilleros de mediadores para difundir la mediaci\u00f3n como primera opci\u00f3n de soluci\u00f3n al conflicto.<\/jats:p>","DOI":"10.16925\/2357-5891.2019.01.06","type":"journal-article","created":{"date-parts":[[2023,10,23]],"date-time":"2023-10-23T16:57:26Z","timestamp":1698080246000},"page":"1-15","source":"Crossref","is-referenced-by-count":1,"title":["La mediaci\u00f3n p\u00fablica y la conciliaci\u00f3n intraprocesal en la provincia de Tungurahua-Ecuador"],"prefix":"10.16925","volume":"21","author":[{"ORCID":"https:\/\/orcid.org\/0000-0002-0490-7975","authenticated-orcid":false,"given":"Jeanette","family":"Jordan Buena\u00f1o","sequence":"first","affiliation":[],"role":[{"vocabulary":"crossref","role":"author"}]},{"ORCID":"https:\/\/orcid.org\/0000-0002-9333-3861","authenticated-orcid":false,"given":"Patricio","family":"Poaquiza Poaquiza","sequence":"additional","affiliation":[],"role":[{"vocabulary":"crossref","role":"author"}]}],"member":"6711","published-online":{"date-parts":[[2019,6,30]]},"container-title":["DIXI"],"deposited":{"date-parts":[[2023,10,23]],"date-time":"2023-10-23T16:57:27Z","timestamp":1698080247000},"score":0.0,"resource":{"primary":{"URL":"https:\/\/revistas.ucc.edu.co\/index.php\/di\/article\/view\/3563\/"}},"issued":{"date-parts":[[2019,6,30]]},"references-count":0,"journal-issue":{"issue":"29","published-online":{"date-parts":[[2019,6,30]]}},"URL":"https:\/\/doi.org\/10.16925\/2357-5891.2019.01.06","ISSN":["2357-5891"],"issn-type":[{"value":"2357-5891","type":"electronic"}],"published":{"date-parts":[[2019,6,30]]}},{"indexed":{"date-parts":[[2026,7,11]],"date-time":"2026-07-11T05:08:30Z","timestamp":1783746510331,"version":"3.55.0"},"reference-count":33,"publisher":"Universidad Cooperativa de Colombia- UCC","issue":"116","license":[{"start":{"date-parts":[[2020,1,31]],"date-time":"2020-01-31T00:00:00Z","timestamp":1580428800000},"content-version":"unspecified","delay-in-days":0,"URL":"http:\/\/creativecommons.org\/licenses\/by-nc-nd\/4.0"}],"content-domain":{"domain":[],"crossmark-restriction":false},"short-container-title":["Coop. Desarro."],"abstract":"<jats:p>En la b\u00fasqueda de formalizaci\u00f3n de la econom\u00eda y el ordenamiento territorial rural el legislador colombiano dio forma a las Zonas de Inter\u00e9s de Desarrollo Rural, Econ\u00f3mico y Social (Zidres). Estas zonas son territorios de vocaci\u00f3n agropecuaria que ser\u00e1n aprobados a partir de proyectos productivos individuales o asociativos. Seg\u00fan el art\u00edculo 1 de la Ley 1776 de 2016, la asistencia t\u00e9cnica ser\u00e1 realizada por entidades encargadas desde un enfoque integral en el ciclo de los proyectos, garantizando la provisi\u00f3n de los paquetes tecnol\u00f3gicos, fomento de formas empresariales y servicios sociales b\u00e1sicos para el desarrollo rural. \u00a0A trav\u00e9s de una metodolog\u00eda cualitativa de an\u00e1lisis heur\u00edstico e hist\u00f3rico se identifican dos fases de un an\u00e1lisis en retrospectiva de un siglo de historia en la evoluci\u00f3n de las instituciones que han promovido y fomentado la asistencia t\u00e9cnica en diferentes organizaciones y en el caso particular de las cooperativas agrarias. Los momentos identificados se corresponden a momentos hist\u00f3ricos que han condicionado la formulaci\u00f3n de las pol\u00edticas p\u00fablicas.<\/jats:p>","DOI":"10.16925\/2382-4220.2020.01.03","type":"journal-article","created":{"date-parts":[[2021,10,28]],"date-time":"2021-10-28T14:54:21Z","timestamp":1635432861000},"page":"1-22","source":"Crossref","is-referenced-by-count":6,"title":["An\u00e1lisis de evoluci\u00f3n de la asistencia t\u00e9cnica y el fomento de cooperativas rurales en Colombia"],"prefix":"10.16925","volume":"28","author":[{"given":"Amanda","family":"Vargas Prieto","sequence":"first","affiliation":[],"role":[{"vocabulary":"crossref","role":"author"}]},{"given":"C\u00e9sar","family":"S\u00e1nchez \u00c1lvarez","sequence":"additional","affiliation":[],"role":[{"vocabulary":"crossref","role":"author"}]}],"member":"6711","published-online":{"date-parts":[[2020,1,31]]},"reference":[{"key":"94686","doi-asserted-by":"crossref","unstructured":"Anderson, J. R., Feder, G. (2004). Agricultural Extension: Good Intentions and Hard realities. The World Bank Research Observer, 19(1),21.","DOI":"10.1093\/wbro\/lkh013"},{"key":"94687","unstructured":"Ben\u00edtez, V.R. (2002). Investigaci\u00f3n y competitividad agropecuaria. Econom\u00eda Colombiana y Coyuntura Pol\u00edtica, 292, 92-100."},{"key":"94688","unstructured":"Brundtland G.H. (1987). Our Common Future, Rapport de la commission mondiale sur l\u2019environnement et le d\u00e9veloppement de l\u2019Organisation des Nations-Unies, 318."},{"key":"94689","unstructured":"CEPAL. (1989). Cooperativismo Latinoamericano. Santiago de Chile, Chile: CEPAL."},{"key":"94690","doi-asserted-by":"crossref","unstructured":"Coase, R. (1945). Price and Output Policy of State Enterprise: A Comment. The Economic Journal, 55(217), 112-113.","DOI":"10.2307\/2225899"},{"key":"94691","unstructured":"Congreso de Colombia (2016). Ley 1776 por la cual se crean y se desarrollan las zonas de inter\u00e9s de desarrollo rural, econ\u00f3mico y social. (ZIDRES)."},{"key":"94692","unstructured":"Darr\u00e9, J.P. (1986). Comment les fa\u00e7ons de faire et de penser se transforment: l\u2019\u00e9tude des r\u00e9seaux de dialogue. Agriscope, 7, 143-151."},{"key":"94693","unstructured":"Darr\u00e9, J.P. (1994). Pairs et experts dans l\u2019agriculture: dialogues et production de connaissances pour l\u2019action. Ramonville Saint-Agne, Er\u00e8s \u00e9diteur."},{"key":"94694","unstructured":"Departamento Nacional de Planeaci\u00f3n. (1968). Documento CONPES - 39. Programa Sectorial para la Agricultura. Bogot\u00e1: Departamento Nacional de Planeaci\u00f3n"},{"key":"94695","unstructured":"Departamento Nacional de Planeaci\u00f3n. (1969). Documento CONPES - 360. Plan de Inversiones P\u00fablicas 1969-1972 (Anexo Sector Agropecuario). Bogot\u00e1: Departamento Nacional de Planeaci\u00f3n."},{"key":"94696","unstructured":"Departamento Nacional de Planeaci\u00f3n. (1978a). Documento CONPES - 1476. Evaluaci\u00f3n de la ejecuci\u00f3n del programa DRI. Bogot\u00e1: Departamento Nacional de Planeaci\u00f3n"},{"key":"94697","unstructured":"Departamento Nacional de Planeaci\u00f3n. (1978b). Documento CONPES - 1512. Tercer Evaluaci\u00f3n de la Ejecuci\u00f3n del Programa DRI. Bogot\u00e1: Departamento Nacional de Planeaci\u00f3n"},{"key":"94698","unstructured":"Departamento Nacional de Planeaci\u00f3n. (1994). Documento CONPES \u2013 2745. Pol\u00edtica de modernizaci\u00f3n rural y desarrollo empresarial campesino. Bogot\u00e1: Departamento Nacional de Planeaci\u00f3n"},{"key":"94699","unstructured":"Departamento Nacional de Planeaci\u00f3n. (1995). Documento CONPES - 2786. Pol\u00edtica de competitividad agropecuaria, pesquera y forestal. Bogot\u00e1: Departamento Nacional de Planeaci\u00f3n."},{"key":"94700","unstructured":"Faure, G., Desjeux, Y., Gasselin, P. (2011). Revue bibliographique sur les recherches men\u00e9es dans le monde sur le conseil en agriculture. Cahier Agricole, 20, 327-342."},{"key":"94701","unstructured":"GMH. (2013). Basta Ya! Colombia: Memorias de guerra y dignidad. Bogot\u00e1: Imprenta Nacional."},{"key":"94702","unstructured":"Gobierno de Colombia y FARC-EP (2016). Acuerdo Final para la terminaci\u00f3n del conflicto y la construcci\u00f3n de una paz estable y duradera. La Habana. Recuperado de https:\/\/www.mesadeconversaciones.com.co"},{"key":"94703","unstructured":"Goulet, F. (2009). Des oubli\u00e9s si pr\u00e9sents. Dans B. Hervieu, B. Hubert. (Eds.), Colloque de Cerisy. Sciences en campagnes. La Tour d'Aigues: \u00e9ditions de l'Aube."},{"key":"94704","doi-asserted-by":"crossref","unstructured":"Green, K., McMeekin, A., Irwin A. (1994). Technological trajectories and R&D for environmental innovation in UK firms, Futures, 26(10), 1047-1059.","DOI":"10.1016\/0016-3287(94)90072-8"},{"key":"94705","doi-asserted-by":"crossref","unstructured":"Hardin, G. (1968). The Tragedy of the Commons. Science, 1162, 1243-1248.","DOI":"10.1126\/science.162.3859.1243"},{"key":"94706","doi-asserted-by":"crossref","unstructured":"Haug, R. (1999). Some leading issues in international agricultural extension, a literature review. Journal of Agricultural Education and Extension, 4, 263-274.","DOI":"10.1080\/13892249985300061"},{"key":"94707","unstructured":"Labarthe, P. (2006). La privatisation du conseil agricole en question. Evolutions institutionnelles et performances des services de conseil dans trois pays europ\u00e9ens (Allemagne, France, Pays-Bas). France: Universit\u00e9 de Marne-La-Vall\u00e9e, Champs-sur-Marne."},{"key":"94708","unstructured":"Millet, D. (2003). Int\u00e9gration de l'environnement en conception: l'entreprise et le d\u00e9veloppement durable. Herm\u00e8s Science Publications, 150."},{"key":"94709","unstructured":"North, D. C. (1990). Instituciones, cambio institucional y desempe\u00f1o econ\u00f3mico. M\u00e9xico : Fondo de Cultura Econ\u00f3mica."},{"key":"94710","unstructured":"Ocampo, J. A. (Coord.) (2014). El campo colombiano: un camino hacia el bienestar y la paz. Informe detallado de la misi\u00f3n para la transformaci\u00f3n del campo. Bogot\u00e1: Departamento Nacional de Planeaci\u00f3n."},{"key":"94711","unstructured":"OCDE (2015). Revisio\u0301n de la OCDE de las Poli\u0301ticas Agri\u0301colas: Colombia 2015. Evaluacio\u0301n y Recomendaciones de Poli\u0301tica. (Resumen Ejecutivo). Recuperado de https:\/\/www.oecd.org\/countries\/colombia\/OECD-Review-Agriculture-Colombia-2015-Spanish-Summary.pdf"},{"key":"94712","unstructured":"Orozco, L. E., Forero, C., y Wills, E. (2013). Inseguridad rural y asociatividad. Una investigaci\u00f3n sobre violencia y formas organizativas en zonas de conflicto. Bogot\u00e1: Universidad de los Andes."},{"key":"94713","doi-asserted-by":"crossref","unstructured":"Ostrom, E. (2005). Understanding institutional diversity. New Jersey, USA: Princeton University Press.","DOI":"10.1515\/9781400831739"},{"key":"94714","unstructured":"Qamar, M. K., (2005). Modernizing National Agricultural Extension Systems: A practical guide for Policy-Makers of Developing Countries. Rome, Italy: Nations ed., Food Policy."},{"key":"94715","unstructured":"S\u00e1nchez \u00c1lvarez, C. (2016). La Legitimaci\u00f3n del Cooperativismo y de la Econom\u00eda Social y Solidaria en las Pol\u00edticas P\u00fablicas de Iberoam\u00e9rica. El fomento cooperativo desde el gobierno de la Rep\u00fablica de Colombia y la influencia de Naciones Unidas y la Organizaci\u00f3n Internacional del Trabajo (Del 1913 a la actualidad). Tesis. Universidad de Valencia, Espa\u00f1a. Recuperado de http:\/\/roderic.uv.es\/handle\/10550\/53666"},{"key":"94716","doi-asserted-by":"crossref","unstructured":"S\u00e1nchez \u00c1lvarez, C. (2018). Comercio justo y econom\u00eda social y solidaria: historia y evoluci\u00f3n de sus instituciones de fomento. Revista Equidad y Desarrollo, 30, 149-172.","DOI":"10.19052\/ed.4216"},{"key":"94717","unstructured":"Vargas Prieto, A. (2013). Le r\u00f4le du conseil agricole dans la gouvernance cooperative. Tesis. Universidad de Burdeos, Francia. Recuperado de http:\/\/www.theses.fr\/2013BOR40040"},{"key":"94718","unstructured":"Williamson, O. (1989). Las instituciones econ\u00f3micas del capitalismo. M\u00e9xico: Fondo de Cultura Econ\u00f3mica."}],"container-title":["Cooperativismo &amp; Desarrollo"],"link":[{"URL":"https:\/\/revistas.ucc.edu.co\/index.php\/co\/article\/download\/3127\/2801","content-type":"application\/pdf","content-version":"vor","intended-application":"text-mining"},{"URL":"https:\/\/revistas.ucc.edu.co\/index.php\/co\/article\/download\/3127\/2801","content-type":"unspecified","content-version":"vor","intended-application":"similarity-checking"}],"deposited":{"date-parts":[[2021,10,28]],"date-time":"2021-10-28T14:54:37Z","timestamp":1635432877000},"score":0.0,"resource":{"primary":{"URL":"https:\/\/revistas.ucc.edu.co\/index.php\/co\/article\/view\/3127"}},"issued":{"date-parts":[[2020,1,31]]},"references-count":33,"journal-issue":{"issue":"116","published-online":{"date-parts":[[2020,1,31]]}},"URL":"https:\/\/doi.org\/10.16925\/2382-4220.2020.01.03","ISSN":["2382-4220","0120-7180"],"issn-type":[{"value":"2382-4220","type":"electronic"},{"value":"0120-7180","type":"print"}],"published":{"date-parts":[[2020,1,31]]}},{"indexed":{"date-parts":[[2025,3,5]],"date-time":"2025-03-05T05:38:21Z","timestamp":1741153101240,"version":"3.38.0"},"reference-count":0,"publisher":"Universidad Cooperativa de Colombia - UCC","issue":"DIXI","content-domain":{"domain":[],"crossmark-restriction":false},"short-container-title":["Dixi"],"abstract":"<jats:p>En un mundo cada vez m\u00e1s globalizado, la delincuencia econ\u00f3mica transnacional representa un desaf\u00edo sig-nificativo para los sistemas de justicia penal. La aplicaci\u00f3n efectiva de t\u00e9cnicas de investigaci\u00f3n financiera desempe\u00f1a un papel crucial en la detecci\u00f3n, investigaci\u00f3n y sanci\u00f3n de delitos econ\u00f3micos, como la corrup-ci\u00f3n privada y el lavado de activos. Esta ponencia analiza las mejores pr\u00e1cticas en la utilizaci\u00f3n de t\u00e9cnicas de investigaci\u00f3n financiera y los desaf\u00edos asociados con la cooperaci\u00f3n internacional en la lucha contra la delincuencia econ\u00f3mica en Latinoam\u00e9rica. A partir de un enfoque cualitativo los resultados demuestran que la  cooperaci\u00f3n  internacional  es  fundamental  para  recopilar  pruebas,  rastrear  el  dinero  il\u00edcito  y  extraditar  a  sospechosos. Sin embargo, persisten desaf\u00edos en torno a la extradici\u00f3n y el traslado de evidencia digital entre agencias nacionales e internacionales. Estas dificultades han generado lecciones aprendidas y han dado lugar a recomendaciones para fortalecer la cooperaci\u00f3n internacional en la lucha contra la delincuencia econ\u00f3mica.<\/jats:p>","DOI":"10.16925\/2357-5891.2025.03.03","type":"journal-article","created":{"date-parts":[[2025,3,4]],"date-time":"2025-03-04T13:26:52Z","timestamp":1741094812000},"page":"1-14","source":"Crossref","is-referenced-by-count":0,"title":["La aplicaci\u00f3n de t\u00e9cnicas de investigaci\u00f3n en la detecci\u00f3n y persecuci\u00f3n de delitos econ\u00f3micos : mejores pr\u00e1cticas y desaf\u00edos en la cooperaci\u00f3n internacional"],"prefix":"10.16925","volume":"27","author":[{"name":"Universidad Cooperativa de Colombia","sequence":"first","affiliation":[],"role":[{"role":"author","vocabulary":"crossref"}]},{"ORCID":"https:\/\/orcid.org\/0000-0001-8766-6953","authenticated-orcid":false,"given":"Yonni Albeiro","family":"Berm\u00fadez-Berm\u00fadez","sequence":"first","affiliation":[],"role":[{"role":"author","vocabulary":"crossref"}]},{"ORCID":"https:\/\/orcid.org\/0009-0006-1473-2765","authenticated-orcid":false,"given":"Mauricio","family":"Henao Boh\u00f3rquez","sequence":"additional","affiliation":[],"role":[{"role":"author","vocabulary":"crossref"}]},{"name":"Universidad Militar Nueva Granada","sequence":"additional","affiliation":[],"role":[{"role":"author","vocabulary":"crossref"}]}],"member":"6711","published-online":{"date-parts":[[2025,3,3]]},"container-title":["Dixi"],"deposited":{"date-parts":[[2025,3,4]],"date-time":"2025-03-04T13:26:56Z","timestamp":1741094816000},"score":0.0,"resource":{"primary":{"URL":"https:\/\/revistas.ucc.edu.co\/index.php\/di\/article\/view\/5267\/"}},"issued":{"date-parts":[[2025,3,3]]},"references-count":0,"journal-issue":{"issue":"DIXI","published-online":{"date-parts":[[2025,3,3]]}},"URL":"https:\/\/doi.org\/10.16925\/2357-5891.2025.03.03","ISSN":["2357-5891"],"issn-type":[{"value":"2357-5891","type":"electronic"}],"published":{"date-parts":[[2025,3,3]]}},{"indexed":{"date-parts":[[2025,5,14]],"date-time":"2025-05-14T05:18:38Z","timestamp":1747199918695,"version":"3.40.5"},"reference-count":0,"publisher":"Universidad Cooperativa de Colombia - UCC","issue":"128","license":[{"start":{"date-parts":[[2024,10,29]],"date-time":"2024-10-29T00:00:00Z","timestamp":1730160000000},"content-version":"unspecified","delay-in-days":0,"URL":"https:\/\/creativecommons.org\/licenses\/by\/4.0"}],"content-domain":{"domain":[],"crossmark-restriction":false},"short-container-title":["Coop. Desarro."],"abstract":"<jats:p>Este art\u00edculo identifica y organiza la Ruta de emprendimiento de la Red Regional de Emprendimiento (RRE) de Boyac\u00e1, a trav\u00e9s de l\u00edneas y fases de trabajo que se ajustan a las necesidades de los emprendedores del departamento. Este trabajo es de car\u00e1cter descriptivo y se construy\u00f3 a trav\u00e9s de un instrumento de entrevista a profundidad. Lo anterior, permiti\u00f3 establecer las debilidades y fortalezas de la oferta y proponer estrategias, para mejorar y consolidar la oferta que las instituciones ofrecen para el emprendimiento a trav\u00e9s de la Ruta de Emprendimiento de Boyac\u00e1 propuesta.<\/jats:p>","DOI":"10.16925\/2382-4220.2024.01.03","type":"journal-article","created":{"date-parts":[[2024,10,30]],"date-time":"2024-10-30T05:52:14Z","timestamp":1730267534000},"page":"1-23","source":"Crossref","is-referenced-by-count":0,"title":["Ruta de emprendimiento","Entrepreneurship Route","Rota do Empreendedorismo"],"prefix":"10.16925","volume":"32","author":[{"ORCID":"https:\/\/orcid.org\/0000-0002-3748-2520","authenticated-orcid":false,"given":"Jimmy Ferney","family":"Leguizam\u00f3n Arias","sequence":"first","affiliation":[],"role":[{"role":"author","vocabulary":"crossref"}]},{"ORCID":"https:\/\/orcid.org\/0009-0004-5191-9778","authenticated-orcid":false,"given":"Claudia Patricia","family":"Ochoa Arenas","sequence":"additional","affiliation":[],"role":[{"role":"author","vocabulary":"crossref"}]}],"member":"6711","published-online":{"date-parts":[[2024,10,29]]},"container-title":["Cooperativismo &amp; Desarrollo"],"link":[{"URL":"https:\/\/revistas.ucc.edu.co\/index.php\/co\/article\/download\/4758\/3758","content-type":"application\/pdf","content-version":"vor","intended-application":"text-mining"},{"URL":"https:\/\/revistas.ucc.edu.co\/index.php\/co\/article\/download\/4758\/3758","content-type":"unspecified","content-version":"vor","intended-application":"similarity-checking"}],"deposited":{"date-parts":[[2024,10,30]],"date-time":"2024-10-30T05:52:14Z","timestamp":1730267534000},"score":0.0,"resource":{"primary":{"URL":"https:\/\/revistas.ucc.edu.co\/index.php\/co\/article\/view\/4758"}},"subtitle":["una estrategia para dinamizar el emprendimiento en Boyac\u00e1","a strategy to boost entrepreneurshipin Boyac\u00e1","uma estrat\u00e9gia para impulsionar o empreendedorismo em Boyac\u00e1"],"issued":{"date-parts":[[2024,10,29]]},"references-count":0,"journal-issue":{"issue":"128","published-online":{"date-parts":[[2024,7,16]]}},"URL":"https:\/\/doi.org\/10.16925\/2382-4220.2024.01.03","ISSN":["2382-4220","0120-7180"],"issn-type":[{"type":"electronic","value":"2382-4220"},{"type":"print","value":"0120-7180"}],"published":{"date-parts":[[2024,10,29]]}},{"indexed":{"date-parts":[[2025,5,14]],"date-time":"2025-05-14T05:18:38Z","timestamp":1747199918246,"version":"3.40.5"},"reference-count":0,"publisher":"Universidad Cooperativa de Colombia - UCC","issue":"127","content-domain":{"domain":[],"crossmark-restriction":false},"short-container-title":["Coop. Desarro."],"abstract":"<jats:p>Se  expone  la  sistematizaci\u00f3n  del  programa  de  creaci\u00f3n  de  empresas  asociativas  de  base  universitaria  de  la  comunidad para el   territorio, desde la   propuesta del modelo spin-off Social, cuya finalidad es    generar progresosocial, que se aplica desde la Universidad Estatal a Distancia de Costa Rica, el cual se basa en la transferencia de conocimiento, as\u00ed como en el acompa\u00f1amiento acad\u00e9mico gratuito a comunidades con los indicadores m\u00e1s bajos del \u00cdndice de Progreso Social. La iniciativa se apoya en el emprendimiento cooperativo, siendo su objetivo general impulsar las ideas de negocios de baja tecnolog\u00eda, pero que ayudar\u00e1n a las comunidades a empezar a tener una vida con mayor poder adquisitivo por medio de un trabajo decente. La metodolog\u00eda empleada en los \u00faltimos cuatro a\u00f1os ha sido de investigaci\u00f3n-acci\u00f3n en la creaci\u00f3n de cooperativas y gui\u00e1ndolas hasta llegar a su punto de equilibrio econ\u00f3mico para ir generando desarrollo territorial, educaci\u00f3n inclusiva y de calidad a las personas participantes, contribuyendo a cerrar la brecha digital, acompa\u00f1\u00e1ndolas en su maduraci\u00f3n. La apro-ximaci\u00f3n al    estado del arte se realiz\u00f3 por medio de la    revisi\u00f3n bibliogr\u00e1fica y   el    conocimiento de expertos. La indagaci\u00f3n es cualitativa, descriptiva y transversal. El an\u00e1lisis de las Pol\u00edticas de Estado de Costa Rica, as\u00ed como la implementaci\u00f3n de los objetivos de desarrollo sostenible (ods) y su relaci\u00f3n con la econom\u00eda social, bajo los fundamentos del cooperativismo; as\u00ed como la comprensi\u00f3n del modelo cooperativo costarricense. Se detalla el seguimiento de indicadores del \u00cdndice de Progreso Social (ips) que miden el cumplimiento de la Agenda 2030 como instrumentos de alcance de desarrollo territorial. El modelo spin-off social permite generar la trasferencia del conocimiento para impulsar desarrollo en los territorios m\u00e1s vulnerables del pa\u00eds. Actualmente, el modelo tiene cuatro a\u00f1os de funcionamiento, se inici\u00f3 en octubre de 2019, tiene m\u00e1s de 600 personas involucradas en 16 grupos pre-cooperativos y 12 cooperativas conformadas.<\/jats:p>","DOI":"10.16925\/2382-4220.2023.03.05","type":"journal-article","created":{"date-parts":[[2024,2,13]],"date-time":"2024-02-13T17:14:26Z","timestamp":1707844466000},"page":"1-26","source":"Crossref","is-referenced-by-count":0,"title":["Sistematizaci\u00f3n del programa de creaci\u00f3n de empresas asociativas de base universitaria y los objetivos de desarrollo sostenible. Caso: Costa Rica"],"prefix":"10.16925","volume":"31","author":[{"ORCID":"https:\/\/orcid.org\/0000-0002-6390-1194","authenticated-orcid":false,"given":"Federico Li","family":"Bonilla","sequence":"first","affiliation":[],"role":[{"role":"author","vocabulary":"crossref"}]},{"ORCID":"https:\/\/orcid.org\/0000-0002-2681-4884","authenticated-orcid":false,"given":"Monserrat","family":"Espinach Rueda","sequence":"additional","affiliation":[],"role":[{"role":"author","vocabulary":"crossref"}]}],"member":"6711","published-online":{"date-parts":[[2024,2,7]]},"container-title":["Cooperativismo &amp; Desarrollo"],"deposited":{"date-parts":[[2024,2,13]],"date-time":"2024-02-13T17:14:27Z","timestamp":1707844467000},"score":0.0,"resource":{"primary":{"URL":"https:\/\/revistas.ucc.edu.co\/index.php\/co\/article\/view\/4537"}},"issued":{"date-parts":[[2024,2,7]]},"references-count":0,"journal-issue":{"issue":"127","published-online":{"date-parts":[[2024,2,7]]}},"URL":"https:\/\/doi.org\/10.16925\/2382-4220.2023.03.05","ISSN":["2382-4220"],"issn-type":[{"type":"electronic","value":"2382-4220"}],"published":{"date-parts":[[2024,2,7]]}},{"indexed":{"date-parts":[[2025,8,2]],"date-time":"2025-08-02T18:20:07Z","timestamp":1754158807624,"version":"3.41.2"},"reference-count":100,"publisher":"Universidad Cooperativa de Colombia - UCC","issue":"2","license":[{"start":{"date-parts":[[2025,7,16]],"date-time":"2025-07-16T00:00:00Z","timestamp":1752624000000},"content-version":"unspecified","delay-in-days":0,"URL":"https:\/\/creativecommons.org\/licenses\/by\/4.0"}],"content-domain":{"domain":[],"crossmark-restriction":false},"short-container-title":["Pensando Psicol."],"abstract":"<jats:p>The quality of life of university students is a growing concern in the educational field, due to the physical, emotional, and cultural demands that this period of life places on emerging adults. Therefore, the study aimed to understand the implications of mindful eating on the mental health of young people attending a private university in Temuco, Chile, to promote general well-being in the educational setting. Methodologically, a qualitative approach was used through an exploratory, cross-sectional, and non-experimental design. Specifically, a non-probability convenience sample was used, consisting of 17 participants (53% men and 47% women), with an average age of 22 years, attending a private university in Temuco, Chile. Regarding the data collection technique, semi-structured interviews were used to obtain detailed information about the interviewees\u2019 experiences, opinions, motivations, and beliefs. The collected stories were subsequently subjected to content analysis using semantic, thematic, and repetition criteria using ATLAS.TI 22 software. The results revealed that, although students recognize the importance of nutrition in their development, they report a lack of knowledge regarding the meaning of conscious eating. It was also evident that the poor eating habits reported by participants are attributed to the lack of organization and personal time management available to young people in the university context.<\/jats:p>","DOI":"10.16925\/2382-3984.2025.02.03","type":"journal-article","created":{"date-parts":[[2025,7,24]],"date-time":"2025-07-24T15:21:11Z","timestamp":1753370471000},"page":"1-28","source":"Crossref","is-referenced-by-count":0,"title":["Alimentaci\u00f3n consciente y salud mental en estudiantes universitarios de Temuco, Chile","Mindful Eating and Mental Health in University Students of Temuco, Chile","Alimenta\u00e7\u00e3o consciente e sa\u00fade mental em estudantes universit\u00e1rios em Temuco, Chile"],"prefix":"10.16925","volume":"21","author":[{"ORCID":"https:\/\/orcid.org\/0009-0000-1757-6995","authenticated-orcid":false,"given":"Carolina Andrea","family":"Escamilla Garc\u00e9s","sequence":"first","affiliation":[],"role":[{"role":"author","vocabulary":"crossref"}]},{"ORCID":"https:\/\/orcid.org\/0000-0001-7471-6536","authenticated-orcid":false,"given":"Eduardo Enrique","family":"Sandoval Obando","sequence":"additional","affiliation":[],"role":[{"role":"author","vocabulary":"crossref"}]},{"ORCID":"https:\/\/orcid.org\/0000-0002-8924-7821","authenticated-orcid":false,"given":"Gerardo","family":"Fuentes Vilugr\u00f3n","sequence":"additional","affiliation":[],"role":[{"role":"author","vocabulary":"crossref"}]},{"ORCID":"https:\/\/orcid.org\/0000-0002-6884-589X","authenticated-orcid":false,"given":"Felipe","family":"Caama\u00f1o Navarrete","sequence":"additional","affiliation":[],"role":[{"role":"author","vocabulary":"crossref"}]}],"member":"6711","published-online":{"date-parts":[[2025,7,16]]},"reference":[{"key":"176247","doi-asserted-by":"crossref","unstructured":"Adams, R. V., y Blair, E. (2019). Impact of time management behaviors on undergraduate engineering students\u2019 performance. SAGE Open, 9(1), 1-11. https:\/\/doi.org\/10.1177\/2158244019825773","DOI":"10.1177\/2158244018824506"},{"key":"176248","unstructured":"Agray Triana, S., Toro P\u00e9rez, K., Cantillo Ram\u00edrez, L., y Carvajal, D. (2022). Implicaciones de la tendencia fitness extremo en los j\u00f3venes iniciando su vida universitaria. http:\/\/hdl.handle.net\/10882\/12295"},{"key":"176249","doi-asserted-by":"crossref","unstructured":"Almoraie, N., Alothmani, N., Alomari, W., y Al-Amoudi, A. (2024). Addressing nutritional issues and eating behaviours among university students: a narrative review. Nutrition Research Reviews, 1-45. https:\/\/doi.org\/10.1017\/S0954422424000088","DOI":"10.1017\/S0954422424000088"},{"key":"176250","doi-asserted-by":"crossref","unstructured":"\u00c1lvarez, M., Luzania, M., Ortiz-Chacha, C., L\u00f3pez-Galindo, L., P\u00e9rez-Ju\u00e1rez, M. (2023). Seguridad alimentaria, consumo y COVID-19: un estudio observacional en estudiantes universitarios. Horizonte Sanitario, 22(2), 343-351. https:\/\/doi.org\/10.19136\/hs.a22n2.5332","DOI":"10.19136\/hs.a22n2.5332"},{"key":"176251","doi-asserted-by":"crossref","unstructured":"Ambikapathi, R., Schneider, K., Davis, B., Herrero, M., Winters, P., y Fanzo, J. (2022). Global food systems transitions have enabled affordable diets but had less favourable outcomes for nutrition, environmental health, inclusion and equity. Nature Food, 3(9), 764-779. https:\/\/doi.org\/10.1038\/s43016-022-00588-7","DOI":"10.1038\/s43016-022-00588-7"},{"key":"176252","unstructured":"American Psychological Association (2017). Ethical principles of psychologists and code of conduct. https:\/\/www.apa.org\/ethics\/code"},{"key":"176253","doi-asserted-by":"crossref","unstructured":"Ant\u00fanez, Z., Vergara, R. C., Langer, \u00c1., Santander, J., Baader, T., \u00c1lamo, C., Arce, M., Delgado, B., Laurin, K., & Moncada, C. (2023). Impacto de problemas de salud mental y apoyo social en la calidad de sue\u00f1o: Seguimiento longitudinal antes y durante la pandemia de COVID-19 en universitarios chilenos. Anales de Psicolog\u00eda, 39(2), 188\u2013196. https:\/\/doi.org\/10.6018\/analesps.517321","DOI":"10.6018\/analesps.517321"},{"key":"176254","doi-asserted-by":"crossref","unstructured":"Appadurai, A. (2020). Globalization and the Rush to History. Global Perspectives, 1(1), 11656. https:\/\/doi.org\/10.1525\/001c.11656","DOI":"10.1525\/001c.11656"},{"key":"176255","doi-asserted-by":"crossref","unstructured":"Araoz, E. (2024). Burnout acad\u00e9mico y h\u00e1bitos alimentarios en estudiantes universitarios: Un estudio transversal. Gaceta M\u00e9dica de Caracas, 132(3), 599-608. http:\/\/saber.ucv.ve\/ojs\/index.php\/rev_gmc\/article\/view\/29253","DOI":"10.47307\/GMC.2024.132.3.2"},{"key":"176256","unstructured":"Arias-Gonzales, J. y Covinos, M. (2021). Dise\u00f1o y metodolog\u00eda de la investigaci\u00f3n. ENFOQUES CONSULTING EIRL. https:\/\/gc.scalahed.com\/recursos\/files\/r161r\/w26022w\/Arias_S2.pdf"},{"key":"176257","doi-asserted-by":"crossref","unstructured":"Arnett, J. (2014). Emerging adulthood: the winding road from the late teens through the twenties (2a ed.). Oxford University Press.","DOI":"10.1093\/acprof:oso\/9780199929382.001.0001"},{"key":"176258","unstructured":"Arroyave Serna, L., Betancur Galeano, M. y S\u00e1nchez Maldonado, Y. (2023). Familia yarumale\u00f1a como sujeto pol\u00edtico a trav\u00e9s de las narrativas y simbolismos sociales. https:\/\/hdl.handle.net\/10495\/36875"},{"key":"176259","unstructured":"Asociaci\u00f3n M\u00e9dica Mundial (2015). The World Medical Association-Declaraci\u00f3n de Helsinki de la AMM \u2013 Principios \u00e9ticos para las investigaciones m\u00e9dicas en seres humanos. Asociaci\u00f3n M\u00e9dica Mundial. https:\/\/www.wma.net\/es\/policies-post\/declaracion-de-helsinki-de-la-amm-principios-eticos-para-las-investigaciones-medicas-en-seres-humanos\/"},{"key":"176260","doi-asserted-by":"crossref","unstructured":"Bara, E. (2022). Extrav\u00edos de la formaci\u00f3n universitaria contempor\u00e1nea. Teor\u00eda de la Educaci\u00f3n: Revista Interuniversitaria, 34(2), 23-41. https:\/\/www.torrossa.com\/en\/catalog\/preview\/5310213","DOI":"10.14201\/teri.27739"},{"key":"176261","doi-asserted-by":"crossref","unstructured":"Barata-Santos, M., Marta-Sim\u00f5es, J., y Ferreira, C. (2019). Body compassion safeguards against the impact of major life events on binge eating. Appetite, 134, 34\u201339. https:\/\/doi.org\/10.1016\/j.appet.2018.12.016","DOI":"10.1016\/j.appet.2018.12.016"},{"key":"176262","unstructured":"Bashir, S., y Quratulain, S. (2023). Promoting positive body image: Interventions and strategies for adolescents and young adults. Journal Of Psychology, Health And Social Challenges, 1(02), 101-116. https:\/\/jphasc.com\/index.php\/Journal\/article\/view\/25"},{"key":"176263","doi-asserted-by":"crossref","unstructured":"Bisoffi, S., Ahrn\u00e9, L., Aschemann-Witzel, J., B\u00e1ldi, A., Cuhls, K., DeClerck, F., ... y Brunori, G. (2021). COVID-19 and sustainable food systems: what should we learn before the next emergency. Frontiers in Sustainable Food Systems, 5, 650987. https:\/\/doi.org\/10.3389\/fsufs.2021.650987","DOI":"10.3389\/fsufs.2021.650987"},{"key":"176264","doi-asserted-by":"crossref","unstructured":"Bonisoli, L. y Jord\u00e1n, K. (2025). Sembrando conciencia: explorando los factores que impactan la decisi\u00f3n de compra de alimentos org\u00e1nicos en centennials ecuatorianos. UTC Prospectivas: Revista de Ciencias Administrativas y Econ\u00f3micas, 8(1), 129-157. https:\/\/doi.org\/10.61236\/prosp.v8i1.1014","DOI":"10.61236\/prosp.v8i1.1014"},{"key":"176265","doi-asserted-by":"crossref","unstructured":"Briones, J., y Leyton, D. (2020). Meritocratic exceptionality and affirmative action policy in higher education in Chile. Education Policy Analysis Archives, 28, 136. https:\/\/doi.org\/10.14507\/epaa.28.5262","DOI":"10.14507\/epaa.28.5262"},{"key":"176266","unstructured":"Briones, M., Mac\u00edas, L., Murillo, J. y Mu\u00f1oz, D. (2019). Las emociones y su impacto en la alimentaci\u00f3n. Revista Caribe\u00f1a de Ciencias Sociales, (7). https:\/\/www.eumed.net\/rev\/caribe\/2019\/07\/emociones-alimentacion.html"},{"key":"176267","doi-asserted-by":"crossref","unstructured":"Bschaden, A., y Stroebele-Benschop, N. (2025). Associations and patterns in lifestyle and body weight among university students over one year into the Covid-19 pandemic: A cluster analysis. NFS Journal, 38, 100206. https:\/\/doi.org\/10.1016\/j.nfs.2024.100206","DOI":"10.1016\/j.nfs.2024.100206"},{"key":"176268","doi-asserted-by":"crossref","unstructured":"Caama\u00f1o-Navarrete, F., Del-Cuerpo, I., Arriagada-Hern\u00e1ndez, C., Alvarez, C., Gaya, A. R., Reuter, C. P., & Delgado-Floody, P. (2024). Association between Active Commuting and Lifestyle Parameters with Mental Health Problems in Chilean Children and Adolescent. Behavioral Sciences, 14(7), 554. https:\/\/doi.org\/10.3390\/bs14070554","DOI":"10.3390\/bs14070554"},{"key":"176269","doi-asserted-by":"crossref","unstructured":"Ca\u00f1izares Cede\u00f1o, E. y Su\u00e1rez Mena, K. (2022). El M\u00e9todo Delphi Cualitativo y su Rigor Cient\u00edfico: Una revisi\u00f3n argumentativa. Sociedad y Tecnolog\u00eda, 5(3), 530\u2013540. https:\/\/doi.org\/10.51247\/st.v5i3.261","DOI":"10.51247\/st.v5i3.261"},{"key":"176270","unstructured":"Cascante, K. (2022). Obesidad y desnutrici\u00f3n: consecuencias de la globalizaci\u00f3n alimentaria. Los libros de la Catarata."},{"key":"176271","doi-asserted-by":"crossref","unstructured":"Chung, A., Vieira, D., Donley, T., Tan, N., Jean-Louis, G., Gouley, K., y Seixas, A. (2021). Adolescent peer influence on eating behaviors via social media: scoping review. Journal of Medical Internet Research, 23(6), e19697. https:\/\/www.jmir.org\/2021\/6\/e19697","DOI":"10.2196\/19697"},{"key":"176272","doi-asserted-by":"crossref","unstructured":"Colque-Durand, A. (2023). Una visi\u00f3n panor\u00e1mica del estilo de vida y rendimiento acad\u00e9mico en estudiantes de medicina: una revisi\u00f3n actualizada. Revista de la Facultad de Medicina Humana, 23(4), 117-128. http:\/\/dx.doi.org\/10.25176\/rfmh.v23i4.6030","DOI":"10.25176\/RFMH.v23i4.6030"},{"key":"176273","doi-asserted-by":"crossref","unstructured":"Cruz-Riveros, C. (2020). La naturaleza del cuidado humanizado. Enfermer\u00eda, 9(1), 19-30. https:\/\/doi.org\/10.22235\/ech.v9i1.2146","DOI":"10.22235\/ech.v9i1.2146"},{"key":"176274","unstructured":"De Franco, M., y Sol\u00f3rzano, J. (2020, 30 junio). Paradigmas, enfoques y m\u00e9todos de investigaci\u00f3n: an\u00e1lisis te\u00f3rico. https:\/\/www.atlantic.edu.ec\/ojs\/index.php\/mundor\/article\/view\/38"},{"key":"176275","doi-asserted-by":"crossref","unstructured":"Dur\u00e1n-Galdo, R., y Mamani-Urrutia, V. (2021). H\u00e1bitos alimentarios, actividad f\u00edsica y su asociaci\u00f3n con el estr\u00e9s acad\u00e9mico en estudiantes universitarios de primer a\u00f1o de ciencias de la salud. Revista Chilena de Nutrici\u00f3n, 48(3), 389-395. https:\/\/dx.doi.org\/10.4067\/s0717-75182021000300389","DOI":"10.4067\/s0717-75182021000300389"},{"key":"176276","doi-asserted-by":"crossref","unstructured":"Ejtahed, H., Mardi, P., Hejrani, B., Mahdavi, F., Ghoreshi, B., Gohari, K., ... y Qorbani, M. (2024). Association between junk food consumption and mental health problems in adults: a systematic review and meta-analysis. BMC Psychiatry, 24(1), 438. https:\/\/doi.org\/10.1186\/s12888-024-05889-8","DOI":"10.1186\/s12888-024-05889-8"},{"key":"176277","doi-asserted-by":"crossref","unstructured":"Espejo, J., Tumani, M., Aguirre, C., S\u00e1nchez, J., y Parada, A. (2022). Educaci\u00f3n alimentaria nutricional: Estrategias para mejorar la adherencia al plan dietoterap\u00e9utico. http:\/\/dx.doi.org\/10.4067\/s0717-75182022000300391","DOI":"10.4067\/s0717-75182022000300391"},{"key":"176278","unstructured":"Espinoza, F. y Eudaldo, E. (2020). La investigaci\u00f3n cualitativa, una herramienta \u00e9tica en el \u00e1mbito pedag\u00f3gico. Conrado, 16(75), 103\u2013110. https:\/\/conrado.ucf.edu.cu\/index.php\/conrado\/article\/view\/1392"},{"key":"176279","doi-asserted-by":"crossref","unstructured":"Estrada-Araoz, E., Ayay-Arista, G., Pujaico-Espino, J., Yupanqui-Pino, E., Yupanqui-Pino, A., Ferreyros-Yucra, J., ... y Rivera-Mamani, F. (2024). Insatisfacci\u00f3n corporal y los trastornos de la conducta alimentaria en estudiantes de una universidad privada: Un estudio correlacional (Body dissatisfaction and eating disorders in students of a private university: A correlational study). Retos, 61, 626\u2013635. https:\/\/doi.org\/10.47197\/retos.v61.110168","DOI":"10.47197\/retos.v61.110168"},{"key":"176280","doi-asserted-by":"crossref","unstructured":"Faris, M., Vitiello, M., Abdelrahim, D., Cheikh Ismail, L., Jahrami, H., Khaleel, S., ... y Bahammam, A. S. (2022). Eating habits are associated with subjective sleep quality outcomes among university students: findings of a cross-sectional study. Sleep and Breathing, 26, 1365\u20131376. https:\/\/doi.org\/10.1007\/s11325-021-02506-w","DOI":"10.1007\/s11325-021-02506-w"},{"key":"176281","unstructured":"Fern\u00e1ndez V\u00e9lez, Y., y Caballero Torres, A. (2023). An\u00e1lisis del estilo de vida de los estudiantes universitarios ecuatorianos. Revista San Gregorio, 1(53), 97\u2013126. https:\/\/doi.org\/10.36097\/rsan.v0i53.2211"},{"key":"176282","unstructured":"Flores-Salvador, A. (2024). Asociaci\u00f3n entre la adicci\u00f3n a las redes sociales y h\u00e1bitos alimenticios en los internos de medicina humana en la universidad Ricardo Palma en el 2023. https:\/\/hdl.handle.net\/20.500.14138\/7799"},{"key":"176283","doi-asserted-by":"crossref","unstructured":"Garc\u00eda, J., y Berlanga, D. (2023). Diferencias en los estilos de vida saludables de mujeres y hombres universitarios. Revista de Psicolog\u00eda de la Universidad Aut\u00f3noma del Estado de M\u00e9xico, 12(34), 249\u2013267. https:\/\/doi.org\/10.36677\/rpsicologia.v12i34.22525","DOI":"10.36677\/rpsicologia.v12i34.22525"},{"key":"176284","doi-asserted-by":"crossref","unstructured":"Ghosh, B., Ramos-Mej\u00eda, M., Machado, R., Yuana, S., y Schiller, K. (2021). Decolonising transitions in the Global South: Towards more epistemic diversity in transitions research. Environmental Innovation and Societal Transitions, 41, 106\u2013109. https:\/\/doi.org\/10.1016\/j.eist.2021.10.029","DOI":"10.1016\/j.eist.2021.10.029"},{"key":"176285","doi-asserted-by":"crossref","unstructured":"Guanga, V. E., Carrera J\u00e1come, A. M., Soto Urquizo, M. J., Toapanta Viracocha, K. E., Tr\u00e1vez Jaramillo, A. N., & Galarza Esparza, W. B. (2023). The importance of conscious eating in addressing obesity: A bibliographic review. Salud, Ciencia y Tecnolog\u00eda - Serie de Conferencias, 2, 553. https:\/\/doi.org\/10.56294\/sctconf2023553","DOI":"10.56294\/sctconf2023553"},{"key":"176286","doi-asserted-by":"crossref","unstructured":"Guti\u00e9rrez, L., y Lamarque, M. (2020). Alimentaci\u00f3n, estilo de vida y participaci\u00f3n: un estudio etnogr\u00e1fico de los grupos de consumo agroecol\u00f3gico en Castilla y Le\u00f3n. Disparidades, 75(1), 010. https:\/\/doi.org\/10.3989\/dra.2020.010","DOI":"10.3989\/dra.2020.010"},{"key":"176287","doi-asserted-by":"crossref","unstructured":"Hasyim, F., Setyowibowo, H., y Purba, F. (2024). Factors contributing to quarter life crisis on early adulthood: A systematic literature review. Psychology Research and Behavior Management, 17, 1\u201312. https:\/\/doi.org\/10.2147\/PRBM.S438866","DOI":"10.2147\/PRBM.S438866"},{"key":"176288","unstructured":"Izquierdo, A., Armenteros Borrell, M., Lanc\u00e9s Cotilla, L., & Mart\u00edn Gonz\u00e1lez, I. (2004). Alimentaci\u00f3n saludable. Revista Cubana de Enfermer\u00eda, 20(1), 1."},{"key":"176289","doi-asserted-by":"crossref","unstructured":"Jim\u00e9nez, L. (2020). Impacto de la investigaci\u00f3n cuantitativa en la actualidad. Convergence Tech, 4(1), 59\u201368. https:\/\/doi.org\/10.53592\/convtech.v4iIV.35","DOI":"10.53592\/convtech.v4iIV.35"},{"key":"176290","doi-asserted-by":"crossref","unstructured":"Jurado-Gonz\u00e1lez, P., Medina, F. Xavier, F. y Bach-Faig, A. (2024). Barriers to home food preparation and healthy eating among university students in Catalonia. Appetite, 194, 107159. https:\/\/doi.org\/10.1016\/j.appet.2023.107159","DOI":"10.1016\/j.appet.2023.107159"},{"key":"176291","doi-asserted-by":"crossref","unstructured":"Kastner, T., Chaudhary, A., Gingrich, S., Marques, A., Persson, U., Bidoglio, G., ... y Schwarzm\u00fcller, F. (2021). Global agricultural trade and land system sustainability: Implications for ecosystem carbon storage, biodiversity, and human nutrition. One Earth, 4(10), 1425\u20131443. https:\/\/doi.org\/10.1016\/j.oneear.2021.09.006","DOI":"10.1016\/j.oneear.2021.09.006"},{"key":"176292","doi-asserted-by":"crossref","unstructured":"Kumareswaran, K., y Jayasinghe, G. (2022). Systematic review on ensuring the global food security and covid-19 pandemic resilient food systems: towards accomplishing sustainable development goals targets. Discover Sustainability, 3(1), 29. https:\/\/doi.org\/10.1007\/s43621-022-00096-5","DOI":"10.1007\/s43621-022-00096-5"},{"key":"176293","unstructured":"Ley N\u00ba 20.120 (2006). Sobre la Investigaci\u00f3n Cient\u00edfica en el Ser Humano, su Genoma, y Proh\u00edbe la Clonaci\u00f3n Humana. Biblioteca del Congreso Nacional. Subsecretar\u00eda de Salud P\u00fablica, Ministerio de Salud - Chile. https:\/\/www.bcn.cl\/leychile\/navegar?idNorma=253478"},{"key":"176294","doi-asserted-by":"crossref","unstructured":"Lopezosa, C. (2020). Entrevistas semiestructuradas con NVivo: pasos para un an\u00e1lisis cualitativo eficaz. Universitat Pompeu Fabra eBooks (pp. 88\u201397). http:\/\/hdl.handle.net\/10230\/44605","DOI":"10.31009\/methodos.2020.i01.08"},{"key":"176295","doi-asserted-by":"crossref","unstructured":"Losada, A., Zambrano Villalba, M., y Marmo, J. (2022). Clasificaci\u00f3n de m\u00e9todos de investigaci\u00f3n en psicolog\u00eda. Psicolog\u00eda UNEMI, 6(11), 13\u201331. https:\/\/doi.org\/10.29076\/issn.2602-8379vol6iss11.2022pp13-31p","DOI":"10.29076\/issn.2602-8379vol6iss11.2022pp13-31p"},{"key":"176296","unstructured":"Losada, A. y Era\u00f1a, S. (2019). Trastornos de la conducta alimentaria y prevenci\u00f3n primaria. Revista Ajayu, 17(1), 77\u2013102. https:\/\/orcid.org\/0000-0003-0488-4651"},{"key":"176297","unstructured":"Mac-Ginty, S., Jim\u00e9nez-Molina, A. y Mart\u00ednez, V. (2021). Impacto de la pandemia por COVID-19 en la salud mental de estudiantes universitarios en Chile. La Revista Chilena de Psiquiatr\u00eda y Neurolog\u00eda de la Infancia y la Adolescencia, 32(1), 23\u201337. https:\/\/psicologia.udp.cl\/cms\/wp-content\/uploads\/2021\/04\/Rev-SOPNIA-2021-23-37.pdf"},{"key":"176298","doi-asserted-by":"crossref","unstructured":"Marti, A., Calvo, C., y Mart\u00ednez, A. (2021). Consumo de alimentos ultraprocesados y obesidad: una revisi\u00f3n sistem\u00e1tica. Nutrici\u00f3n Hospitalaria, 38(1), 177\u2013185. https:\/\/dx.doi.org\/10.20960\/nh.03151","DOI":"10.20960\/nh.03151"},{"key":"176299","doi-asserted-by":"crossref","unstructured":"Maza-Avila, F., Caneda-Bermejo, M. y Vivas-Castillo, A. (2022). H\u00e1bitos alimenticios y sus efectos en la salud de los estudiantes universitarios. Una revisi\u00f3n sistem\u00e1tica de la literatura. Psicogente, 25(47), 1\u201331. https:\/\/doi.org\/10.17081\/psico.25.47.4861","DOI":"10.17081\/psico.25.47.4861"},{"key":"176300","doi-asserted-by":"crossref","unstructured":"Miravet, M., Arnal, R., Calvo, J., Carrasco, V., y Bover, M. (2020). H\u00e1bitos alimentarios, imagen corporal y bienestar emocional: mens sana in corpore sano. INFAD, 1(1), 361\u2013370. https:\/\/doi.org\/10.17060\/ijodaep.2020.n1.v1.1793","DOI":"10.17060\/ijodaep.2020.n1.v1.1793"},{"key":"176301","doi-asserted-by":"crossref","unstructured":"Montes-Iturrizaga, I. (2021). La tensi\u00f3n entre los m\u00e9todos cuantitativos y cualitativos en educaci\u00f3n: el papel de las revistas cient\u00edficas. Revista Educaci\u00f3n Y Sociedad, 2(4), 1\u20133. https:\/\/doi.org\/10.53940\/reys.v2i4.69","DOI":"10.53940\/reys.v2i4.69"},{"key":"176302","doi-asserted-by":"crossref","unstructured":"Mu\u00f1oz-Galeano, M., L\u00f3pez-Restrepo, S. (2024). Characterization of the food environment of a university in Medell\u00edn, Colombia: challenges for the promotion of healthy eating. Revista Chilena de Nutrici\u00f3n, 51(1), 76\u201385. http:\/\/dx.doi.org\/10.4067\/s0717-75182024000100076","DOI":"10.4067\/s0717-75182024000100076"},{"key":"176303","unstructured":"Mujica Caycho, J. (2023). Factores que influyen en los h\u00e1bitos alimentarios de video jugadores y jugadores profesionales de esports \u2013 Per\u00fa \u2013 2023. https:\/\/repositorio.uwiener.edu.pe\/server\/api\/core\/bitstreams\/0665df53-829d-432a-a75d-212e0619d15c\/content"},{"key":"176304","doi-asserted-by":"crossref","unstructured":"Naheed, S., y Rukhsana. (2024). Transitioning to sustainable food systems in a changing climate and gender equality: a brief review. Agriculture & Food Security, 13(1), 41. https:\/\/doi.org\/10.1186\/s40066-024-00492-2","DOI":"10.1186\/s40066-024-00492-2"},{"key":"176305","doi-asserted-by":"crossref","unstructured":"Nazar, G., Petermann-Rocha, F., Mart\u00ednez-Sanguinetti, M., Leiva, A., Labra\u00f1a, A., Ram\u00edrez-Alarc\u00f3n, K., ... y Celis-Morales, C. (2020). Actitudes y pr\u00e1cticas parentales de alimentaci\u00f3n infantil: Una revisi\u00f3n de la literatura. Revista Chilena de Nutrici\u00f3n, 47(4), 669\u2013676. http:\/\/dx.doi.org\/10.4067\/S0717-75182020000400669","DOI":"10.4067\/S0717-75182020000400669"},{"key":"176306","unstructured":"Nieto-Bravo, J., Garc\u00eda-Manosalva, E., y Muete-Forero, N. (2022). Social representations of special education teachers, from the practices of educational inclusion. Universidad de Magdalena. https:\/\/repositorio.unimagdalena.edu.co\/handle\/123456789\/13654"},{"key":"176307","doi-asserted-by":"crossref","unstructured":"Ochoa-Avil\u00e9s, A. (2023). Alimentaci\u00f3n saludable y sostenible, un reto de salud multidisciplinar. Archivos Latinoamericanos de Nutrici\u00f3n, 73(Supl. 2), 1\u20134. https:\/\/doi.org\/10.37527\/2023.73.s2.001","DOI":"10.37527\/2023.73.S2.001"},{"key":"176308","doi-asserted-by":"crossref","unstructured":"Oliveira, L., y Raposo, A. (2024). Factors that most influence the choice for fast food in a sample of higher education students in Portugal. Nutrients, 16(7), 1007. https:\/\/doi.org\/10.3390\/nu16071007","DOI":"10.3390\/nu16071007"},{"key":"176309","doi-asserted-by":"crossref","unstructured":"Oliveira, L., BinMowyna, M. N., Alasqah, I., Zandonadi, R. P., Teixeira-Lemos, E., Chaves, C., ... y Raposo, A. (2024). A Pilot Study on Dietary Choices at Universities: Vending Machines, Canteens, and Lunch from Home. Nutrients, 16(11), 1722. https:\/\/doi.org\/10.3390\/nu16111722","DOI":"10.3390\/nu16111722"},{"key":"176310","doi-asserted-by":"crossref","unstructured":"Olvera-Ruvalcaba, J., y G\u00f3mez-Peresmitr\u00e9, G. (2021). Promoci\u00f3n de actitudes compasivas y alimentaci\u00f3n con atenci\u00f3n plena en estudiantes universitarias con insatisfacci\u00f3n corporal: un estudio preliminar. Cuadernos Hispanoamericanos de Psicolog\u00eda, 21(1), 1\u201315. https:\/\/doi.org\/10.18270\/chps.v21i1.3711","DOI":"10.18270\/chps..v21i1.3711"},{"key":"176311","doi-asserted-by":"crossref","unstructured":"Onyeaka, H., Ejiohuo, O., Taiwo, O. R., Nnaji, N. D., Odeyemi, O. A., Duan, K., ... y Odeyemi, O. (2024). The intersection of food security and mental health in the pursuit of sustainable development goals. Nutrients, 16(13), 2036. https:\/\/doi.org\/10.3390\/nu16132036","DOI":"10.3390\/nu16132036"},{"key":"176312","unstructured":"Ortega, M. (2024). El proceso de construcci\u00f3n de la identidad en los j\u00f3venes que habitan la ciudad de M\u00e9xico con la transformaci\u00f3n del siglo XXI de los principales agentes de socializaci\u00f3n: La familia y la escuela. Tesis para optar por el grado de Doctora en Psicolog\u00eda. Universidad Nacional Aut\u00f3noma de M\u00e9xico. https:\/\/ru.atheneadigital.filos.unam.mx\/jspui\/handle\/FFYL_UNAM\/10987"},{"key":"176313","doi-asserted-by":"crossref","unstructured":"Palet, D., M\u00e9ndez, G., Juica, N., Puelles, H., Layana, N., Munizaga, R., Mella, F. R., y Haeger, P. (2023). Estr\u00e9s, estrategias de afrontamiento y consumo de alimentos no saludables durante la pandemia de COVID-19 en estudiantes universitarios. Revista Chilena de Nutrici\u00f3n, 50(3), 305\u2013311. https:\/\/doi.org\/10.4067\/s0717-75182023000300305","DOI":"10.4067\/s0717-75182023000300305"},{"key":"176314","doi-asserted-by":"crossref","unstructured":"Paudel, D., Neupane, R. C., Sigdel, S., Poudel, P., y Khanal, A. R. (2023). COVID-19 pandemic, climate change, and conflicts on agriculture: A trio of challenges to global food security. Sustainability, 15(10), 8280. https:\/\/doi.org\/10.3390\/su15108280","DOI":"10.3390\/su15108280"},{"key":"176315","doi-asserted-by":"crossref","unstructured":"Petermann-Rocha, F., Mart\u00ednez-Sanguinetti, M., Villagr\u00e1n, M., Ulloa, N., Nazar, G., Troncoso-Pantoja, C., Garrido-M\u00e9ndez, A., Mardones, L., Lanuza, F., Leiva, A., Lasserre-Laso, N., Martorell, M., y Celis-Morales, C. (2020). Desde una mirada global al contexto chileno: \u00bfQu\u00e9 factores han repercutido en el desarrollo de obesidad en Chile? (Parte 1). Revista Chilena de Nutrici\u00f3n, 47(2), 299\u2013306. https:\/\/dx.doi.org\/10.4067\/S0717-75182020000200299","DOI":"10.4067\/S0717-75182020000200299"},{"key":"176316","unstructured":"Plaza-Torres, J., Mart\u00ednez-S\u00e1nchez, J., y Navarro-Suay, R. (2022). H\u00e1bitos alimenticios, estilos de vida y riesgos para la salud. Estudio en una poblaci\u00f3n militar. Sanidad Militar, 78(2), 74\u201381. https:\/\/dx.doi.org\/10.4321\/s1887-85712022000200004"},{"key":"176317","doi-asserted-by":"crossref","unstructured":"Pl\u00faa, L. y D\u00edaz, R. (2021). Influencia familiar sobre los trastornos en la conducta alimentaria y su relaci\u00f3n con la obesidad en la adolescencia. RECIMUNDO, 5(2), 376\u2013386. https:\/\/doi.org\/10.26820\/recimundo\/5.(2).abril.2021.376-386","DOI":"10.26820\/recimundo\/5.(2).abril.2021.376-386"},{"key":"176318","doi-asserted-by":"crossref","unstructured":"Rai, P., Sonne, C., Song, H., y Kim, K. H. (2022). The effects of COVID-19 transmission on environmental sustainability and human health: Paving the way to ensure its sustainable management. Science of The Total Environment, 838, 156039. https:\/\/doi.org\/10.1016\/j.scitotenv.2022.156039","DOI":"10.1016\/j.scitotenv.2022.156039"},{"key":"176319","unstructured":"Ransley, C., Rees, A., y Stone, T. (2021a). Barriers and facilitators to healthy eating among students: A qualitative study. Journal of Nutrition and Public Health, 16(5), 300\u2013310. https:\/\/doi.org\/10.1016\/j.jnph.2021.05.004"},{"key":"176320","doi-asserted-by":"crossref","unstructured":"Ransley, J., Pomerleau, J., y Griffiths, C. (2021b). Evaluating the effectiveness of a nutrition education program on dietary behavior change among university students. International Journal of Environmental Research and Public Health, 18(3), 1122. https:\/\/doi.org\/10.3390\/ijerph18031122","DOI":"10.3390\/ijerph18031122"},{"key":"176321","doi-asserted-by":"crossref","unstructured":"Reuter, P., Forster, B., y Brister, S. (2021). The influence of eating habits on the academic performance of university students. Journal of American College Health, 69(8), 921\u2013927. https:\/\/doi.org\/10.1080\/07448481.2020.1715986","DOI":"10.1080\/07448481.2020.1715986"},{"key":"176322","doi-asserted-by":"crossref","unstructured":"Reyes-Narvaez, S., y Oyola Canto, M. O. (2020). Conocimientos sobre alimentaci\u00f3n saludable en estudiantes de una universidad p\u00fablica. Revista Chilena de Nutrici\u00f3n, 47(1), 67\u201372. http:\/\/dx.doi.org\/10.4067\/S0717-75182020000100067","DOI":"10.4067\/S0717-75182020000100067"},{"key":"176323","doi-asserted-by":"crossref","unstructured":"Rezende, F., Oliveira, B., & Po\u00ednhos, R. (2024, February). Assessment of intuitive eating and mindful eating among higher education students: a systematic review. Healthcare, 12(5), 12050572. https:\/\/doi.org\/10.3390\/healthcare12050572","DOI":"10.3390\/healthcare12050572"},{"key":"176324","doi-asserted-by":"crossref","unstructured":"Rivera de Ramones, E. (2023). H\u00e1bitos alimentarios y de vida en estudiantes del programa Samuel Robinson. Universidad Central de Venezuela. Anales Venezolanos de Nutrici\u00f3n, 36(2), 67\u201375. https:\/\/doi.org\/10.54624\/2023.36.2.003","DOI":"10.54624\/2023.36.2.003"},{"key":"176325","unstructured":"Rivera-Flores, B. (2024). La alimentaci\u00f3n saludable en el desarrollo cognitivo de los estudiantes de educaci\u00f3n inicial en el cant\u00f3n La Libertad (Master\u2019s thesis, Universidad Estatal Pen\u00ednsula de Santa Elena). https:\/\/repositorio.upse.edu.ec\/handle\/46000\/11406"},{"key":"176326","doi-asserted-by":"crossref","unstructured":"Rocha, A., Teixeira, C., Coelho, C., Alves, F., & Machado, D. (2021). The relationship between nutritional deficiencies and mental health. Revista Chilena de Nutrici\u00f3n, 48(1), 103\u2013108. https:\/\/dx.doi.org\/10.4067\/S0717-75182021000100103","DOI":"10.4067\/S0717-75182021000100103"},{"key":"176327","unstructured":"Rodr\u00edguez, F., Espinoza Oteiza, L., G\u00e1lvez Carvajal, J., Macmillan Kuthe, N., & Solis Urra, P. (2013). Estado nutricional y estilos de vida en estudiantes universitarios de la Pontificia Universidad Cat\u00f3lica de Valpara\u00edso. Universidad y Salud, 15(2), 123\u2013135."},{"key":"176328","doi-asserted-by":"crossref","unstructured":"Rojas, L., Carranza, G., y Bazzan, L. (2020). Fomento de alimentaci\u00f3n laboral saludable en Am\u00e9rica del Sur. Revista Cient\u00edfica Ciencia M\u00e9dica, 23(1), 61\u201368. http:\/\/www.redalyc.org\/articulo.oa?id=426064021009","DOI":"10.51581\/rccm.v23i1.149"},{"key":"176329","doi-asserted-by":"crossref","unstructured":"Rosas, A., Morales, R., Mango, R., Borchard, J., y Aguilar, M. (2023). Alimentaci\u00f3n y rendimiento acad\u00e9mico, una combinaci\u00f3n trascendental. Revista Cient\u00edfica de Salud UNITEPC, 10(1), 27\u201333. https:\/\/doi.org\/10.36716\/unitepc.v10i1.475","DOI":"10.36716\/unitepc.v10i1.475"},{"key":"176330","unstructured":"Salazar, G. (2024). Biodiversidad alimentaria en Ecuador. Un an\u00e1lisis desde la globalizaci\u00f3n. Gesti\u00f3n Joven, 25(1), 46\u201353. https:\/\/gestionjoven.org\/wp-content\/uploads\/2024\/04\/Vol25_num1_3.pdf"},{"key":"176331","unstructured":"Salvioni Cardozo, D., y Rojas Coppari, M. (2019). Propuesta de Agencia de Consultor\u00eda Tur\u00edstica (Doctoral dissertation, Facultad Polit\u00e9cnica, Universidad Nacional del Este). http:\/\/servicios.fpune.edu.py:8080\/jspui\/handle\/123456789\/780"},{"key":"176332","doi-asserted-by":"crossref","unstructured":"S\u00e1nchez, A., y Murillo, A. (2021). Enfoques metodol\u00f3gicos en la investigaci\u00f3n hist\u00f3rica: cuantitativa, cualitativa y comparativa. Debates por la Historia, 9(2), 147\u2013181. https:\/\/doi.org\/10.54167\/debates-por-la-historia.v9i2.792","DOI":"10.54167\/debates-por-la-historia.v9i2.792"},{"key":"176333","unstructured":"S\u00e1nchez, L. (2023). Alimentaci\u00f3n consciente. Tu salud gu\u00eda. https:\/\/tusaludguia.com\/alimentacion-consciente\/"},{"key":"176334","doi-asserted-by":"crossref","unstructured":"Saucedo-Ramos, C., P\u00e9rez-Campos, G., y Canto-Maya, C. (2022). Estudiantes universitarios en tiempos de covid-19: clases en l\u00ednea y vida cotidiana. Revista Latinoamericana de Ciencias Sociales, Ni\u00f1ez y Juventud, 20(2), 421\u2013442. https:\/\/doi.org\/10.11600\/rlcsnj.20.2.5333","DOI":"10.11600\/rlcsnj.20.2.5333"},{"key":"176335","doi-asserted-by":"crossref","unstructured":"Seguias, L., Ferriday, D., Hinton, E., McCaw, T., y Tapper, K. (2025). Mindful eating and food intake: Effects and mechanisms of action. Journal of Experimental Psychology: Applied. https:\/\/psycnet.apa.org\/doi\/10.1037\/xap0000530","DOI":"10.1037\/xap0000530"},{"key":"176336","doi-asserted-by":"crossref","unstructured":"Silva, C. (2020). Para superar el flagelo del hambre: Una integraci\u00f3n regional basada en la soberan\u00eda alimentaria. Textos y Contextos (Porto Alegre). https:\/\/revistaseletronicas.pucrs.br\/fass\/article\/view\/38934\/26503","DOI":"10.15448\/1677-9509.2020.2.38934"},{"key":"176337","doi-asserted-by":"crossref","unstructured":"Soares, P., Almendra-Pegueros, R., Ben\u00edtez Brito, N., Fern\u00e1ndez-Villa, T., Lozano-Lorca, M., Valera-Gran, D., y Navarrete-Mu\u00f1oz, E. (2020). Sistemas alimentarios sostenibles para una alimentaci\u00f3n saludable. Revista Espa\u00f1ola de Nutrici\u00f3n Humana y Diet\u00e9tica, 24(2), 87-89. https:\/\/dx.doi.org\/10.14306\/renhyd.24.2.1058","DOI":"10.14306\/renhyd.24.2.1058"},{"key":"176338","doi-asserted-by":"crossref","unstructured":"T\u00e1rraga, A., Carbayo-Herencia, J., Panisello-Royo, J., L\u00f3pez-Gil, J., T\u00e1rraga, L., y T\u00e1rraga-L\u00f3pez, P. (2023). Evoluci\u00f3n de la dieta y la actividad f\u00edsica de los estudiantes universitarios tras la pandemia de COVID-19. Nutrici\u00f3n Hospitalaria, 40(3), 597-604. https:\/\/dx.doi.org\/10.20960\/nh.04420","DOI":"10.20960\/nh.04420"},{"key":"176339","doi-asserted-by":"crossref","unstructured":"Thomas-Lange, J. (2023). Sobrepeso y obesidad en Chile: Consideraciones para su abordaje en un contexto de inequidad social. Revista chilena de nutrici\u00f3n, 50(4), 457-463. http:\/\/dx.doi.org\/10.4067\/s0717-75182023000400457","DOI":"10.4067\/s0717-75182023000400457"},{"key":"176340","unstructured":"Vallejos, C. (2020). H\u00e1bitos alimentarios de los estudiantes de educaci\u00f3n superior en Chile durante confinamiento por COVID-19 (Tesis de licenciatura). Facultad de Medicina, Universidad del Desarrollo. Santiago, Chile. http:\/\/hdl.handle.net\/11447\/3812"},{"key":"176341","doi-asserted-by":"crossref","unstructured":"Vega-Salas, M., Hermosilla-Llanca, D., Avil\u00e9s-Pe\u00f1a, V., Ulloa-Vallejos, C., & Espinosa-Repenning, A. (2024). Weight stigma among Chilean university students. Revista chilena de nutrici\u00f3n, 51(2), 128-136. https:\/\/dx.doi.org\/10.4067\/s0717-75182024000200128","DOI":"10.4067\/s0717-75182024000200128"},{"key":"176342","doi-asserted-by":"crossref","unstructured":"Villegas-Moreno, M. y Londo\u00f1o-P\u00e9rez, C. (2021). Modelo predictivo de insatisfacci\u00f3n con la imagen corporal. En C. Londo\u00f1o-P\u00e9rez y M. Pe\u00f1a-Sarmiento (Eds.). Perspectivas de investigaci\u00f3n psicol\u00f3gica: aportes a la comprensi\u00f3n e intervenci\u00f3n de problemas sociales. (pp. 133-157). Editorial Universidad Cat\u00f3lica de Colombia. https:\/\/hdl.handle.net\/10983\/26854","DOI":"10.14718\/9789585133808.2021.8"},{"key":"176343","unstructured":"Vinaccia Alpi, S., Serra Majem, L., Ruano Rodriguez, C., Quintero, M. F., Quiceno, J., Ortega, A., ... y Pacheco, A. C. (2019). Adherencia a la dieta mediterr\u00e1nea en poblaci\u00f3n universitaria colombiana. Nutrici\u00f3n cl\u00ednica y diet\u00e9tica hospitalaria, 39(1), 93-100. https:\/\/revista.nutricion.org\/PDF\/VINACCIA.pdf"},{"key":"176344","unstructured":"Yacelga-Calder\u00f3n, E. (2023). Fortaleciendo la ense\u00f1anza en la universidad, a trav\u00e9s de la mediaci\u00f3n pedag\u00f3gica sobre la alimentaci\u00f3n y nutrici\u00f3n del adulto joven (Master\u2019s thesis, Universidad del Azuay). http:\/\/dspace.espoch.edu.ec\/handle\/123456789\/19859"},{"key":"176345","doi-asserted-by":"crossref","unstructured":"Yusof, H., Mun\u0131r, M., Zolkaply, Z., y Anuar, M. (2023). Global Food Security Strategies, Issues and Challenges. The Eurasia Proceedings of Science Technology Engineering and Mathematics, 22, 33-47. https:\/\/doi.org\/10.55549\/epstem.1335036","DOI":"10.55549\/epstem.1335036"},{"key":"176346","unstructured":"Zambrano-Mendoza, G. y Vigueras-Moreno, J. (2020). Rol familiar en el proceso de ense\u00f1anza-aprendizaje. Dominio de las Ciencias, 6(3), 448-473. https:\/\/dialnet.unirioja.es\/servlet\/articulo?codigo=7539686"}],"container-title":["Pensando Psicolog\u00eda"],"link":[{"URL":"https:\/\/revistas.ucc.edu.co\/index.php\/pe\/article\/download\/5296\/3839","content-type":"application\/pdf","content-version":"vor","intended-application":"text-mining"},{"URL":"https:\/\/revistas.ucc.edu.co\/index.php\/pe\/article\/download\/5296\/3839","content-type":"unspecified","content-version":"vor","intended-application":"similarity-checking"}],"deposited":{"date-parts":[[2025,7,25]],"date-time":"2025-07-25T02:01:34Z","timestamp":1753408894000},"score":0.0,"resource":{"primary":{"URL":"https:\/\/revistas.ucc.edu.co\/index.php\/pe\/article\/view\/5296"}},"subtitle":["un estudio de caso","a case study","um estudo de caso"],"issued":{"date-parts":[[2025,7,16]]},"references-count":100,"journal-issue":{"issue":"2","published-online":{"date-parts":[[2025,7,16]]}},"URL":"https:\/\/doi.org\/10.16925\/2382-3984.2025.02.03","ISSN":["2382-3984","1900-3099"],"issn-type":[{"type":"electronic","value":"2382-3984"},{"type":"print","value":"1900-3099"}],"published":{"date-parts":[[2025,7,16]]}},{"indexed":{"date-parts":[[2025,5,14]],"date-time":"2025-05-14T05:20:26Z","timestamp":1747200026527,"version":"3.40.5"},"reference-count":0,"publisher":"Universidad Cooperativa de Colombia - UCC","issue":"27","content-domain":{"domain":[],"crossmark-restriction":false},"short-container-title":["Dixi"],"abstract":"<jats:p>Prop\u00f3sito:\u00a0el\u00a0presente trabajo indaga sobre el concepto de\u00a0cultura\u00a0de la Declaraci\u00f3n\u00a0Universal\u00a0de\u00a0Derechos\u00a0Humanos\u00a0de 1948,\u00a0y el concepto de cultura en la Constituci\u00f3n\u00a0Pol\u00edtica\u00a0de Colombia de 1991, a la luz de la concepci\u00f3n de bloque de constitucionalidad. Nada de particular podr\u00eda tener esta referenciaci\u00f3n salvo que se trata de dos formas de expresar el concepto de\u00a0cultura que\u00a0son diferentes, lo cual supone la generaci\u00f3n de una tensi\u00f3n-distensi\u00f3n entre el concepto de cultura expresado en la Constituci\u00f3n Pol\u00edtica de Colombia de 1991 y el concepto de cultura en la Declaraci\u00f3n de\u00a0Derechos\u00a0Humanos\u00a0de 1948.\u00a0\u00a0\r\nDescripci\u00f3n:\u00a0como\u00a0es apenas natural,\u00a0es imprescindible resolver dicha tensi\u00f3n\u00a0mediante\u00a0un an\u00e1lisis y un estudio interpretativo cuya importancia\u00a0radica en\u00a0que nos debe indicar la\u00a0manera de resolver la tensi\u00f3n de dos conceptos sobre cultura desde la perspectiva jur\u00eddica.\u00a0\r\nPunto de vista: el presente trabajo ofrece un tipo de interpretaci\u00f3n cuya aspiraci\u00f3n es dejar una impronta que pueda utilizar\u00a0el juzgador cuando se deba ocupar de este asunto.\u00a0\u00a0\r\nConclusiones: a\u00a0la fecha, este concepto\u00a0no\u00a0lo\u00a0ha tomado en cuenta ninguna de las altas cortes judiciales en Colombia, y de manera particular la Corte Constitucional, ente encargado por su naturaleza de la interpretaci\u00f3n y\u00a0el\u00a0control de las normas constitucionales.\u00a0<\/jats:p>","DOI":"10.16925\/2357-5891.2018.01.07","type":"journal-article","created":{"date-parts":[[2020,2,23]],"date-time":"2020-02-23T18:08:08Z","timestamp":1582481288000},"page":"1-15","source":"Crossref","is-referenced-by-count":0,"title":["Dos conceptos encontrados de derecho a la cultura en la Constituci\u00f3n de Colombia"],"prefix":"10.16925","volume":"20","author":[{"ORCID":"https:\/\/orcid.org\/0000-0002-0195-9075","authenticated-orcid":false,"given":"Fernando","family":"Charria-Garc\u00eda","sequence":"first","affiliation":[],"role":[{"role":"author","vocabulary":"crossref"}]}],"member":"6711","published-online":{"date-parts":[[2018,8,22]]},"container-title":["DIXI"],"link":[{"URL":"https:\/\/revistas.ucc.edu.co\/index.php\/di\/article\/download\/2715\/2684","content-type":"application\/pdf","content-version":"vor","intended-application":"text-mining"},{"URL":"https:\/\/revistas.ucc.edu.co\/index.php\/di\/article\/download\/2715\/2762","content-type":"unspecified","content-version":"vor","intended-application":"text-mining"},{"URL":"https:\/\/revistas.ucc.edu.co\/index.php\/di\/article\/download\/2715\/2684","content-type":"unspecified","content-version":"vor","intended-application":"similarity-checking"}],"deposited":{"date-parts":[[2020,2,23]],"date-time":"2020-02-23T18:08:08Z","timestamp":1582481288000},"score":0.0,"resource":{"primary":{"URL":"https:\/\/revistas.ucc.edu.co\/index.php\/di\/article\/view\/2715"}},"issued":{"date-parts":[[2018,8,22]]},"references-count":0,"journal-issue":{"issue":"27","published-online":{"date-parts":[[2018,8,22]]}},"URL":"https:\/\/doi.org\/10.16925\/2357-5891.2018.01.07","ISSN":["2357-5891","0124-7255"],"issn-type":[{"type":"electronic","value":"2357-5891"},{"type":"print","value":"0124-7255"}],"published":{"date-parts":[[2018,8,22]]}},{"indexed":{"date-parts":[[2025,5,14]],"date-time":"2025-05-14T05:18:56Z","timestamp":1747199936614,"version":"3.40.5"},"edition-number":"1","reference-count":0,"publisher":"Ediciones Universidad Cooperativa de Colombia","isbn-type":[{"type":"print","value":"9789587604283"}],"content-domain":{"domain":[],"crossmark-restriction":false},"published-print":{"date-parts":[[2023,10,30]]},"abstract":"<jats:p>The emergence of a wide range of antibiotic-resistant infectious bacteria, associated with antibiotic-related malpractice, has triggered alarms of different health agencies, which are inviting healthcare professionals to practice the conscious prescription of these medications and to implement epidemiological surveillance of resistant bacteria. Among the strategies to improve antibiotic prescription, there are educational approaches aimed to update knowledge and generate consciousness regarding the appropriate use of antibiotics. In dentistry, several studies have shown frequent errors on antibiotic stewardship, either prescribed for unnecessary clinical cases or administered prophylactically in healthy individuals. This highlights the need to deliver knowledge tools on conscious antibiotic prescription in a clear and concise manner. Through a reflective and up-to-date writing, this book will facilitate the comprehension of basic concepts that will allow dentists and future dentists to associate the effect of antibiotics to pathogen bacteria and the resistance mechanisms they develop, as well as the key elements on appropriate antibiotic prescription. Subsequently, dentists will comprehend the type of infections and clinical cases requiring antibiotic prescription, prevention on unnecessary administration of antibiotics of broad and moderate spectrum, complementary tests which are useful in diagnosis and legal aspects on antibiotic prescription.<\/jats:p>","DOI":"10.16925\/9789587604283","type":"edited-book","created":{"date-parts":[[2023,10,17]],"date-time":"2023-10-17T16:59:39Z","timestamp":1697561979000},"source":"Crossref","is-referenced-by-count":0,"title":["Prescripci\u00f3n consciente de antibi\u00f3ticos en odontolog\u00eda"],"prefix":"10.16925","author":[{"ORCID":"https:\/\/orcid.org\/0000-0002-5435-3456","authenticated-orcid":false,"given":"Mar\u00eda del Pilar","family":"Angarita","sequence":"additional","affiliation":[],"role":[{"role":"author","vocabulary":"crossref"}]},{"name":"Universidad Cooperativa de Colombia","sequence":"additional","affiliation":[],"role":[{"role":"author","vocabulary":"crossref"}]},{"ORCID":"https:\/\/orcid.org\/0000-0001-8743-1863","authenticated-orcid":false,"given":"Leidy Yamile","family":"Bastidas Legarda","sequence":"additional","affiliation":[],"role":[{"role":"author","vocabulary":"crossref"}]},{"name":"VaxTrials","sequence":"additional","affiliation":[],"role":[{"role":"author","vocabulary":"crossref"}]},{"ORCID":"https:\/\/orcid.org\/0000-0002-2889-5497","authenticated-orcid":false,"given":"Lilia Jadith","family":"Bernal Cepeda","sequence":"additional","affiliation":[],"role":[{"role":"author","vocabulary":"crossref"}]},{"name":"Universidad Nacional de Colombia","sequence":"additional","affiliation":[],"role":[{"role":"author","vocabulary":"crossref"}]},{"given":"Juli\u00e1n Eduardo","family":"Mora Reina","sequence":"additional","affiliation":[],"role":[{"role":"author","vocabulary":"crossref"}]},{"name":"Universidad Cooperativa de Colombia","sequence":"additional","affiliation":[],"role":[{"role":"author","vocabulary":"crossref"}]},{"ORCID":"https:\/\/orcid.org\/0000-0002-4040-091X","authenticated-orcid":false,"given":"Edson Jair","family":"Ospina Lozano","sequence":"additional","affiliation":[],"role":[{"role":"author","vocabulary":"crossref"}]},{"name":"Universidad Nacional de Colombia","sequence":"additional","affiliation":[],"role":[{"role":"author","vocabulary":"crossref"}]},{"ORCID":"https:\/\/orcid.org\/0000-0001-7966-8625","authenticated-orcid":false,"given":"Martha Lucia","family":"Rodriguez-Paz","sequence":"additional","affiliation":[],"role":[{"role":"author","vocabulary":"crossref"}]},{"name":"Universidad del Valle","sequence":"additional","affiliation":[],"role":[{"role":"author","vocabulary":"crossref"}]},{"ORCID":"https:\/\/orcid.org\/0000-0002-2185-4721","authenticated-orcid":false,"given":"Martha Ligia","family":"Vergara Mercado","sequence":"additional","affiliation":[],"role":[{"role":"author","vocabulary":"crossref"}]},{"name":"Universidad del Sin\u00fa","sequence":"additional","affiliation":[],"role":[{"role":"author","vocabulary":"crossref"}]}],"member":"6711","published-online":{"date-parts":[[2023,10,17]]},"deposited":{"date-parts":[[2023,10,17]],"date-time":"2023-10-17T16:59:41Z","timestamp":1697561981000},"score":0.0,"resource":{"primary":{"URL":"https:\/\/ediciones.ucc.edu.co\/index.php\/ucc\/catalog\/book\/290"}},"editor":[{"name":"Universidad Cooperativa de Colombia","sequence":"first","affiliation":[],"role":[{"role":"editor","vocabulary":"crossref"}]},{"ORCID":"https:\/\/orcid.org\/0000-0002-5435-3456","authenticated-orcid":false,"given":"Mar\u00eda del Pilar","family":"Angarita","sequence":"first","affiliation":[],"role":[{"role":"editor","vocabulary":"crossref"}]},{"ORCID":"https:\/\/orcid.org\/0000-0001-8743-1863","authenticated-orcid":false,"given":"Leidy Yamile","family":"Bastidas Legarda","sequence":"additional","affiliation":[],"role":[{"role":"editor","vocabulary":"crossref"}]},{"name":"VaxTrials","sequence":"additional","affiliation":[],"role":[{"role":"editor","vocabulary":"crossref"}]},{"ORCID":"https:\/\/orcid.org\/0000-0002-2889-5497","authenticated-orcid":false,"given":"Lilia Jadith","family":"Bernal Cepeda","sequence":"additional","affiliation":[],"role":[{"role":"editor","vocabulary":"crossref"}]},{"name":"Universidad Nacional de Colombia","sequence":"additional","affiliation":[],"role":[{"role":"editor","vocabulary":"crossref"}]}],"issued":{"date-parts":[[2023,10,17]]},"ISBN":["9789587604283"],"references-count":0,"URL":"https:\/\/doi.org\/10.16925\/9789587604283","published":{"date-parts":[[2023,10,17]]}},{"indexed":{"date-parts":[[2025,5,14]],"date-time":"2025-05-14T05:18:53Z","timestamp":1747199933666,"version":"3.40.5"},"edition-number":"1","reference-count":0,"publisher":"Ediciones Universidad Cooperativa de Colombia","isbn-type":[{"type":"print","value":"9789587603668"}],"content-domain":{"domain":[],"crossmark-restriction":false},"published-print":{"date-parts":[[2022,7,17]]},"abstract":"<jats:p>El presente texto es el resultado de una investigaci\u00f3n realizada en Medell\u00edn sobre los factores que influyen en la creaci\u00f3n y la consolidaci\u00f3n de una empresa. Los resultados aqu\u00ed presentados tienen el prop\u00f3sito de animar a los emprendedores para que contin\u00faen con su proyecto de vida empresarial y a las instituciones y al Estado para que apoyen el fortalecimiento de los programas de creaci\u00f3n y consolidaci\u00f3n de empresas. El emprendimiento se ha establecido en los \u00faltimos tiempos como una alternativa viable para el desarrollo y el crecimiento econ\u00f3mico y social de las regiones, por eso, el inter\u00e9s de estudiar aquellos factores que mayor relevancia tienen en la creaci\u00f3n y la consolidaci\u00f3n de una empresa. Si bien el estudio se centr\u00f3 en el contexto de Medell\u00edn, los resultados presentados podr\u00e1n servir de base para el fortalecimiento de los programas de emprendimiento en otros contextos nacionales, regionales e internacionales, mediante la canalizaci\u00f3n de mejores esfuerzos y recursos para que el proceso de creaci\u00f3n y consolidaci\u00f3n de las empresas se ajuste en mejor medida a las caracter\u00edsticas sociales, econ\u00f3micas y culturales de cada localidad en particular. El texto se desarrolla en cinco temas que se presentan en cinco cap\u00edtulos que respectivamente son casos de emprendimiento, aspectos conceptuales del proceso de creaci\u00f3n de empresas, resultados estad\u00edsticos de la creaci\u00f3n de empresas, aspectos conceptuales del proceso de consolidaci\u00f3n de empresas y resultados factoriales de la consolidaci\u00f3n de empresas. En la parte final del texto se presentan las conclusiones y las recomendaciones. Como contribuci\u00f3n y conclusi\u00f3n, los factores relevantes en la creaci\u00f3n de empresas son los contactos, la educaci\u00f3n, el capital y la capacidad de negociaci\u00f3n. En cuanto a la consolidaci\u00f3n de empresas los factores m\u00e1s relevantes son el riesgo, la perseverancia, la estrategia, el personal y el crecimiento.<\/jats:p>","DOI":"10.16925\/9789587603668","type":"edited-book","created":{"date-parts":[[2022,11,18]],"date-time":"2022-11-18T20:55:33Z","timestamp":1668804933000},"source":"Crossref","is-referenced-by-count":0,"title":["Factores determinantes del proceso de creaci\u00f3n y consolidaci\u00f3n de empresas"],"prefix":"10.16925","author":[{"name":"Universidad Cooperativa de Colombia","sequence":"first","affiliation":[],"role":[{"role":"author","vocabulary":"crossref"}]},{"ORCID":"https:\/\/orcid.org\/0000-0002-4036-3178","authenticated-orcid":false,"given":"Jhon Jaime","family":"Arango Benjumea","sequence":"first","affiliation":[],"role":[{"role":"author","vocabulary":"crossref"}]}],"member":"6711","published-online":{"date-parts":[[2022,11,18]]},"deposited":{"date-parts":[[2022,11,18]],"date-time":"2022-11-18T20:55:34Z","timestamp":1668804934000},"score":0.0,"resource":{"primary":{"URL":"https:\/\/ediciones.ucc.edu.co\/index.php\/ucc\/catalog\/book\/214"}},"issued":{"date-parts":[[2022,7,17]]},"ISBN":["9789587603668"],"references-count":0,"URL":"https:\/\/doi.org\/10.16925\/9789587603668","published":{"date-parts":[[2022,7,17]]}},{"indexed":{"date-parts":[[2026,5,27]],"date-time":"2026-05-27T13:12:56Z","timestamp":1779887576500,"version":"3.53.1"},"reference-count":17,"publisher":"Universidad Cooperativa de Colombia- UCC","issue":"29","license":[{"start":{"date-parts":[[2019,9,16]],"date-time":"2019-09-16T00:00:00Z","timestamp":1568592000000},"content-version":"unspecified","delay-in-days":0,"URL":"http:\/\/creativecommons.org\/licenses\/by-nc-nd\/4.0\/"}],"content-domain":{"domain":[],"crossmark-restriction":false},"short-container-title":["ing. Solidar"],"abstract":"<jats:p>Introduction: This publication is the product of\u00a0 research developed within the research lines of the Smart Sensing, Signal Processing, and Applications (3SPA)\u00a0 research\u00a0 group\u00a0 throughout\u00a0 2018,\u00a0 which\u00a0 supports\u00a0 the\u00a0 work\u00a0 of\u00a0 a\u00a0 doctor\u2019s degree at VNU University of Engineering &amp; Technology, Vietnam.\r\nProblem: The limitations of diagnostic ultrasound techniques using echo information has motivated the study of new imaging models in order to create additional quantitative ultrasound information in multi-model imaging devices. A promising solution is to use image sound contrast because it is capable of detecting changes in diseased tissue structures. Ultrasound tomography shows speed-of-sound changes in the propagation medium of sound waves. This technique is primarily used for imaging cancer-causing cells in womens\u2019 breasts. The Distorted Born Iterative Method (DBIM), based on the first-order Born approximation, is an efficient diffraction tomography approach. The compressed sensing technique is utilized for DBIM to obtain the high-quality ultrasound image, although the image reconstruction process is quite long.\r\nObjective: The objective of the research is to propose an combined method for the efficient ultrasound tomography.\r\nMethodology: In this paper, we proposed an approach to enhance the imaging quality and to reduce the imaging time by applying the compressed sensing technique along with the multi-resolution technique for the DBIM.\r\nResults: The simulation results indicate that the imaging time is reduced by 33% and the imaging quality is improved by 83%.\r\nConclusion: This project seeks to propose an improvement in ultrasound tomography. The simulated results confirmed the realibility of the propsed method.\r\nOriginality: Through this research, a combined method of compressed sensing and multiple resolution are formulated for the first time in ultrasound tomography.\r\nLimitations: The lack of experiments to confirm the proposed method.<\/jats:p>","DOI":"10.16925\/2357-6014.2019.03.08","type":"journal-article","created":{"date-parts":[[2020,2,23]],"date-time":"2020-02-23T23:42:11Z","timestamp":1582501331000},"page":"1-16","source":"Crossref","is-referenced-by-count":3,"title":["The Efficiency of Applying Compressed Sampling and Multi-Resolution Into Ultrasound Tomography"],"prefix":"10.16925","volume":"15","author":[{"given":"Tran","family":"Quang Huy","sequence":"first","affiliation":[],"role":[{"vocabulary":"crossref","role":"author"}]},{"given":"Van","family":"Dung Nguyen","sequence":"additional","affiliation":[],"role":[{"vocabulary":"crossref","role":"author"}]},{"given":"Duc-Tan","family":"Tran*","sequence":"additional","affiliation":[],"role":[{"vocabulary":"crossref","role":"author"}]}],"member":"6711","published-online":{"date-parts":[[2019,9,16]]},"reference":[{"key":"76121","unstructured":"O.S. Haddadin and E.S. Ebbini, \u201cSolution to the inverse scattering problem using a modified distorted Born iterative algorithm,\u201d Proceedings of IEEE Ultrasonics Symposium, pp. 1411-1414."},{"key":"76122","doi-asserted-by":"crossref","unstructured":"J. Wiskin, D.T. Borup, S.A. Johnson, M. Berggren, T. Abbott, and R. Hanover R. \u201cFull-wave, non-linear, inverse scattering high resolution quantitative breast tissue tomography,\u201d Acoustical Imaging, vol. 28, pp. 183-193.","DOI":"10.1007\/1-4020-5721-0_20"},{"key":"76123","doi-asserted-by":"crossref","unstructured":"A. Abubakar, T. M. Habashy, P. M. Van den Berg, and D. Gisolf, \u201cThe diago-nalized contrast source approach: An inversion method beyond the Born approximation,\u201d Inverse Problems, vol. 21, pp. 685-702.","DOI":"10.1088\/0266-5611\/21\/2\/015"},{"key":"76124","doi-asserted-by":"crossref","unstructured":"A.J. Devaney, \u201cInversion formula for inverse scattering within the Born approximation,\u201d Optics Letters, vol. 7, pp. 111-112.","DOI":"10.1364\/OL.7.000111"},{"key":"76125","doi-asserted-by":"crossref","unstructured":"A.J. Hesford and W.C. Chew, \u201cFast inverse scattering solutions using the dis-torted Born iterative method and the multilevel fast multipole algorithm,\u201d J Acous Soc America, vol. 128, pp. 679-690.","DOI":"10.1121\/1.3458856"},{"key":"76126","doi-asserted-by":"crossref","unstructured":"L. V. Wang, Photoacoustic imaging and spectroscopy. CRC Press, 2009.","DOI":"10.1201\/9781420059922"},{"key":"76127","doi-asserted-by":"crossref","unstructured":"R. A. Kruger, D. R. Reinecke, and G. A. Kruger, \u201cThermoacoustic computed tomography-technical considerations,\u201d Med Phys, vol. 26, no. 9, pp. 1832-1837.","DOI":"10.1118\/1.598688"},{"key":"76128","unstructured":"J. R. McLaughlin, N. Zhang, and A. Manduca A., \u201cCalculating tissue shear modulus and pressure by 2D logelastographic methods,\u201d Inverse Problems, 26085007."},{"key":"76129","doi-asserted-by":"crossref","unstructured":"Y. Xu and B. He, \u201cMagnetic Acoustic to-mography with magnetic induction (MAT-MI),\u201d Phys. Med. Bio, vol. 50, pp. 5175-5187.","DOI":"10.1088\/0031-9155\/50\/21\/015"},{"key":"76130","doi-asserted-by":"crossref","unstructured":"E.J. Cand\u00e8s, J. Romberg, and T. Tao, \u201cRobust uncertainty principles: Exact signal reconstruction from highly incomplete frequency information,\u201d IEEE Transactions on Information Theory, vol. 52, no. 2, pp. 489-509.","DOI":"10.1109\/TIT.2005.862083"},{"key":"76131","doi-asserted-by":"crossref","unstructured":"D.L. Donoho, \u201cCompressed sensing,\u201d IEEE Transactions on Information Theory, vol. 52, no. 4, pp. 1289-1306.","DOI":"10.1109\/TIT.2006.871582"},{"key":"76132","unstructured":"Tran-Duc, Tan, Nguyen Linh-Trung, and M. N. Do., \u201cModified Distorted Born Iterative Method for Ultrasound Tomography by Random Sampling,\u201d International Symposium on Communications and Information Technologies (ISCIT), pp. 1065-1068."},{"key":"76133","doi-asserted-by":"crossref","unstructured":"R. Sloun, Pandharipande, A. Mischi, and L. Demi, \u201cCompressed Sensing for Ultrasound Computed Tomography,\u201d IEEE Transactions on Biomedical Engineering, vol. 62, no. 6, pp. 1660-1664.","DOI":"10.1109\/TBME.2015.2422135"},{"key":"76134","unstructured":"Medgadget. (2014) Delphinus Medical's SoftVue Ultrasound Tomography System Cleared in U.S. [Online]. Available: http:\/\/www.medgadget.com\/2014\/01\/delphinus-medicals-softvue-ultrasound-tomography-system-cleared-in-u-s.html."},{"key":"76135","doi-asserted-by":"crossref","unstructured":"R. J. Lavarello and M. L. Oelze, \u201cTomographic Reconstruction of Three-Dimensional Volumes Using the Distorted Born Iterative Method,\u201d IEEE Transactions on Medical Imaging, vol. 28, pp. 1643-1653.","DOI":"10.1109\/TMI.2009.2026274"},{"key":"76136","unstructured":"K. Seung-Jean, et al., \u201cAn interior-point method for large-scale l1-regularized least squares (2007),\u201d IEEE Journal of Selected Topics in Signal Processing, vol. 1, no. 4, pp. 606-617."},{"key":"76137","doi-asserted-by":"crossref","unstructured":"H. Jegou, M. Douze, and C. Schmid, C., \u201cProduct quantization for nearest neighbor search,\u201d IEEE Transactions on Pattern Analysis and Machine Intelligence, vol. 33, no. 1, pp. 117-128.","DOI":"10.1109\/TPAMI.2010.57"}],"container-title":["Ingenier\u00eda Solidaria"],"link":[{"URL":"https:\/\/revistas.ucc.edu.co\/index.php\/in\/article\/download\/2948\/2731","content-type":"application\/pdf","content-version":"vor","intended-application":"text-mining"},{"URL":"https:\/\/revistas.ucc.edu.co\/index.php\/in\/article\/download\/2948\/2731","content-type":"unspecified","content-version":"vor","intended-application":"similarity-checking"}],"deposited":{"date-parts":[[2020,2,23]],"date-time":"2020-02-23T23:42:21Z","timestamp":1582501341000},"score":0.0,"resource":{"primary":{"URL":"https:\/\/revistas.ucc.edu.co\/index.php\/in\/article\/view\/2948"}},"issued":{"date-parts":[[2019,9,16]]},"references-count":17,"journal-issue":{"issue":"29","published-online":{"date-parts":[[2019,9,16]]}},"URL":"https:\/\/doi.org\/10.16925\/2357-6014.2019.03.08","ISSN":["2357-6014","1900-3102"],"issn-type":[{"value":"2357-6014","type":"electronic"},{"value":"1900-3102","type":"print"}],"published":{"date-parts":[[2019,9,16]]}},{"indexed":{"date-parts":[[2025,4,22]],"date-time":"2025-04-22T16:08:27Z","timestamp":1745338107716},"reference-count":0,"publisher":"Universidad Cooperativa de Colombia- UCC","issue":"110","content-domain":{"domain":[],"crossmark-restriction":false},"short-container-title":["Coop. Desarro."],"abstract":"<jats:p>Prop\u00f3sito: presentar un mapeo socio territorial de las expresiones de la Econom\u00eda Social y Solidaria localizadas en el Municipio de Santa Fe. Temas: para la realizaci\u00f3n del art\u00edculo se consult\u00f3 a bibliograf\u00eda espec\u00edfica en la tem\u00e1tica de la Econom\u00eda Social y Solidaria y las distintas fuentes donde se destaca la importancia y los relevamientos llevados a cabo en pa\u00edses de Am\u00e9rica Latina. Desarrollo: Para la realizaci\u00f3n de los mapas se recurri\u00f3 a la consulta de fuentes secundarias que proporcionaron los datos correspondientes para luego procesarlos y representarlos a trav\u00e9s de un Sistema de Informaci\u00f3n Geogr\u00e1fica. Conclusiones: Los resultados que arroja el art\u00edculo se constituyen en la primera fuente de informaci\u00f3n, teniendo en cuenta que no existe un trabajo de esta caracter\u00edstica para el territorio en cuesti\u00f3n. Este art\u00edculo es una base importante para dilucidar la situaci\u00f3n de las viejas y de las nuevas tradiciones de la ESyS con los referentes claves del Municipio de la ciudad de Santa Fe.\u00a0 Se espera que los resultados obtenidos se utilicen como plataforma para dise\u00f1ar e implementar diversas propuestas de trabajo para resolver problem\u00e1ticas de las experiencias involucradas en el campo de las pol\u00edticas p\u00fablicas.<\/jats:p>","DOI":"10.16925\/co.v25i110.1760","type":"journal-article","created":{"date-parts":[[2019,4,9]],"date-time":"2019-04-09T20:48:02Z","timestamp":1554842882000},"source":"Crossref","is-referenced-by-count":1,"title":["Mapeo de la econom\u00eda social y solidaria en el municipio de Santa Fe (Argentina): creaci\u00f3n de una base de datos actualizada de las diferentes experiencias"],"prefix":"10.16925","volume":"25","author":[{"given":"Lucas Gabriel","family":"Cardozo","sequence":"first","affiliation":[],"role":[{"role":"author","vocabulary":"crossref"}]},{"given":"Eugenio","family":"Serafino","sequence":"first","affiliation":[],"role":[{"role":"author","vocabulary":"crossref"}]},{"given":"Orlando","family":"Sotto","sequence":"first","affiliation":[],"role":[{"role":"author","vocabulary":"crossref"}]},{"given":"Julio Claudio","family":"Tealdo","sequence":"first","affiliation":[],"role":[{"role":"author","vocabulary":"crossref"}]}],"member":"6711","published-online":{"date-parts":[[2017,3,23]]},"container-title":["Cooperativismo &amp; Desarrollo"],"link":[{"URL":"https:\/\/revistas.ucc.edu.co\/index.php\/co\/article\/download\/1760\/1885","content-type":"application\/pdf","content-version":"vor","intended-application":"text-mining"},{"URL":"https:\/\/revistas.ucc.edu.co\/index.php\/co\/article\/download\/1760\/1885","content-type":"unspecified","content-version":"vor","intended-application":"similarity-checking"}],"deposited":{"date-parts":[[2019,4,9]],"date-time":"2019-04-09T20:48:05Z","timestamp":1554842885000},"score":0.0,"resource":{"primary":{"URL":"https:\/\/revistas.ucc.edu.co\/index.php\/co\/article\/view\/1760"}},"issued":{"date-parts":[[2017,3,23]]},"references-count":0,"journal-issue":{"issue":"110","published-online":{"date-parts":[[2017,1,23]]}},"URL":"https:\/\/doi.org\/10.16925\/co.v25i110.1760","ISSN":["2382-4220","0120-7180"],"issn-type":[{"value":"2382-4220","type":"electronic"},{"value":"0120-7180","type":"print"}],"published":{"date-parts":[[2017,3,23]]}},{"indexed":{"date-parts":[[2025,9,11]],"date-time":"2025-09-11T17:58:31Z","timestamp":1757613511087,"version":"3.44.0"},"reference-count":0,"publisher":"Ediciones Universidad Cooperativa de Colombia","content-domain":{"domain":[],"crossmark-restriction":false},"abstract":"<jats:p>La simulaci\u00f3n cl\u00ednica es una estrategia que permite al estudiante realizar pr\u00e1cticas deliberadas con el objetivo de perfeccionar sus habilidades. En esta gu\u00eda se presenta la descripci\u00f3n de una actividad de simulaci\u00f3n zona 1, orientada al desarrollo de habilidades t\u00e9cnicas en la realizaci\u00f3n de la oftalmoscopia para estudiantes de segundo a\u00f1o de Medicina. Se explican las necesidades del centro de simulaci\u00f3n, los estudiantes requeridos para la pr\u00e1ctica y, finalmente, su puesta en marcha, la cual tambi\u00e9n podr\u00e1 practicarse luego de forma independiente por el estudiante, recibiendo feedback inmediato, lo que la convierte en una actividad de simulaci\u00f3n zona 0. Para lograr lo anterior, se incluye al final la lista de chequeo que se utilizar\u00e1 con fines formativos.<\/jats:p>","DOI":"10.16925\/gcgp.169","type":"report","created":{"date-parts":[[2025,9,4]],"date-time":"2025-09-04T20:28:32Z","timestamp":1757017712000},"source":"Crossref","is-referenced-by-count":0,"title":["T\u00e9cnica de oftalmoscopia directa (zona 0-1) EST"],"prefix":"10.16925","author":[{"ORCID":"https:\/\/orcid.org\/0000-0002-3971-3716","authenticated-orcid":false,"given":"Wilson Alonso","family":"V\u00e9lez Mu\u00f1oz","sequence":"first","affiliation":[],"role":[{"role":"author","vocabulary":"crossref"}]}],"member":"6711","published-online":{"date-parts":[[2025,4]]},"deposited":{"date-parts":[[2025,9,4]],"date-time":"2025-09-04T20:28:32Z","timestamp":1757017712000},"score":0.0,"resource":{"primary":{"URL":"https:\/\/repository.ucc.edu.co\/entities\/publication\/52b238e9-caec-419f-b6d9-9e6c565e351f"}},"issued":{"date-parts":[[2025,4]]},"references-count":0,"URL":"https:\/\/doi.org\/10.16925\/gcgp.169","published":{"date-parts":[[2025,4]]}},{"indexed":{"date-parts":[[2026,7,16]],"date-time":"2026-07-16T09:18:13Z","timestamp":1784193493868,"version":"3.55.0"},"reference-count":0,"publisher":"Universidad Cooperativa de Colombia- UCC","issue":"2","license":[{"start":{"date-parts":[[2021,12,30]],"date-time":"2021-12-30T00:00:00Z","timestamp":1640822400000},"content-version":"unspecified","delay-in-days":0,"URL":"http:\/\/creativecommons.org\/licenses\/by-nc-nd\/4.0"}],"content-domain":{"domain":[],"crossmark-restriction":false},"short-container-title":["Rastros rostros"],"abstract":"<jats:p>La investigaci\u00f3n consisti\u00f3 en implementar la estrategia de aprendizaje centrado en el estudiante mediado por recursos digitales educativos abiertos, con el fin de analizar si \u00e9sta favorece el desarrollo de competencias emprendedoras en los educandos de grado d\u00e9cimo. Se cont\u00f3 con la participaci\u00f3n de 18 estudiantes y dos docentes, fue una muestra no probabil\u00edstica por conveniencia, con enfoque cualitativo de alcance descriptivo y de tipo investigaci\u00f3n acci\u00f3n realizada en cuatro fases: 1. Detectar y diagnosticar el problema; 2. Dise\u00f1ar del plan de acci\u00f3n; 3. Implementar-evaluar; 4. Retroalimentar. Asimismo, se recolectaron datos por medio de: prueba piloto, entrevistas semiestructuras, cuestionarios electr\u00f3nicos y an\u00e1lisis de contenido. Para el an\u00e1lisis de los datos se emplearon categor\u00edas, subcategor\u00edas y matriz descriptiva de frecuencias y porcentajes. Los resultados sugieren que el aprendizaje centrado es una t\u00e1ctica que aporta un ambiente propicio para el desarrollo de destrezas individuales requeridas para emprender.<\/jats:p>","DOI":"10.16925\/2382-4921.2021.02.02","type":"journal-article","created":{"date-parts":[[2022,7,8]],"date-time":"2022-07-08T21:31:52Z","timestamp":1657315912000},"page":"1-22","source":"Crossref","is-referenced-by-count":4,"title":["Desarrollo de competencias emprendedoras centrado en el aprendizaje del estudiante mediante recursos digitales educativos abiertos"],"prefix":"10.16925","volume":"23","author":[{"given":"Diana Jeannette","family":"De Armas Cristancho","sequence":"first","affiliation":[],"role":[{"vocabulary":"crossref","role":"author"}]},{"given":"Miguel Antonio","family":"Ojeda Enriquez","sequence":"additional","affiliation":[],"role":[{"vocabulary":"crossref","role":"author"}]}],"member":"6711","published-online":{"date-parts":[[2021,12,30]]},"container-title":["Rastros Rostros"],"link":[{"URL":"https:\/\/revistas.ucc.edu.co\/index.php\/ra\/article\/download\/4072\/3318","content-type":"application\/pdf","content-version":"vor","intended-application":"text-mining"},{"URL":"https:\/\/revistas.ucc.edu.co\/index.php\/ra\/article\/download\/4072\/3318","content-type":"unspecified","content-version":"vor","intended-application":"similarity-checking"}],"deposited":{"date-parts":[[2022,7,8]],"date-time":"2022-07-08T21:31:53Z","timestamp":1657315913000},"score":0.0,"resource":{"primary":{"URL":"https:\/\/revistas.ucc.edu.co\/index.php\/ra\/article\/view\/4072"}},"issued":{"date-parts":[[2021,12,30]]},"references-count":0,"journal-issue":{"issue":"2","published-online":{"date-parts":[[2021,10,6]]}},"URL":"https:\/\/doi.org\/10.16925\/2382-4921.2021.02.02","ISSN":["2382-4921","0124-406X"],"issn-type":[{"value":"2382-4921","type":"electronic"},{"value":"0124-406X","type":"print"}],"published":{"date-parts":[[2021,12,30]]}},{"indexed":{"date-parts":[[2025,8,27]],"date-time":"2025-08-27T16:08:14Z","timestamp":1756310894552},"reference-count":0,"publisher":"Universidad Cooperativa de Colombia- UCC","issue":"1","license":[{"start":{"date-parts":[[2022,6,3]],"date-time":"2022-06-03T00:00:00Z","timestamp":1654214400000},"content-version":"unspecified","delay-in-days":0,"URL":"http:\/\/creativecommons.org\/licenses\/by-nc-nd\/4.0\/"}],"content-domain":{"domain":[],"crossmark-restriction":false},"short-container-title":["ing. Solidar"],"abstract":"<jats:p>El siguiente art\u00edculo es producto de la investigaci\u00f3n que describe un modelo de transformaci\u00f3n digital en sistemas de gesti\u00f3n de calidad y su aplicabilidad en \u00e1mbitos empresariales, tal es el caso de Link Wireless. Para verificar su aplicabilidad se llev\u00f3 a cabo un estudio con enfoque cualitativo de tipo descriptivo y exploratorio, a partir de lo que se realiz\u00f3 un diagn\u00f3stico en donde se estableci\u00f3 el estado inicial del sistema de gesti\u00f3n de calidad conforme lo establece la norma ISO 9001:2015 y la capacidad tecnol\u00f3gica de la compa\u00f1\u00eda para dise\u00f1ar la mejor estrategia que potenciara sus capacidades de digitalizar sus procesos con el fin de usar al m\u00e1ximo sus herramientas de software y hardware logrando un modelo que puede garantizar la continuidad de la operaci\u00f3n del sistema de gesti\u00f3n de calidad con el menor costo posible.<\/jats:p>","DOI":"10.16925\/2357-6014.2022.01.04","type":"journal-article","created":{"date-parts":[[2022,6,3]],"date-time":"2022-06-03T21:29:40Z","timestamp":1654291780000},"page":"1-29","source":"Crossref","is-referenced-by-count":1,"title":["Transformaci\u00f3n digital en sistemas de gesti\u00f3n de calidad en empresas tecnol\u00f3gicas"],"prefix":"10.16925","volume":"18","author":[{"given":"Johan Stiven","family":"Pe\u00f1a G\u00f3mez","sequence":"first","affiliation":[],"role":[{"role":"author","vocabulary":"crossref"}]},{"given":"C\u00e9sar","family":"Asdraldo Vargas","sequence":"additional","affiliation":[],"role":[{"role":"author","vocabulary":"crossref"}]}],"member":"6711","published-online":{"date-parts":[[2022,6,3]]},"container-title":["Ingenier\u00eda Solidaria"],"link":[{"URL":"https:\/\/revistas.ucc.edu.co\/index.php\/in\/article\/download\/4201\/3300","content-type":"application\/pdf","content-version":"vor","intended-application":"text-mining"},{"URL":"https:\/\/revistas.ucc.edu.co\/index.php\/in\/article\/download\/4201\/3300","content-type":"unspecified","content-version":"vor","intended-application":"similarity-checking"}],"deposited":{"date-parts":[[2022,6,3]],"date-time":"2022-06-03T21:29:40Z","timestamp":1654291780000},"score":0.0,"resource":{"primary":{"URL":"https:\/\/revistas.ucc.edu.co\/index.php\/in\/article\/view\/4201"}},"subtitle":["caso Link Wireless"],"issued":{"date-parts":[[2022,6,3]]},"references-count":0,"journal-issue":{"issue":"1","published-online":{"date-parts":[[2022,6,3]]}},"URL":"https:\/\/doi.org\/10.16925\/2357-6014.2022.01.04","ISSN":["2357-6014","1900-3102"],"issn-type":[{"value":"2357-6014","type":"electronic"},{"value":"1900-3102","type":"print"}],"published":{"date-parts":[[2022,6,3]]}},{"indexed":{"date-parts":[[2025,5,14]],"date-time":"2025-05-14T05:20:33Z","timestamp":1747200033048,"version":"3.40.5"},"reference-count":0,"publisher":"Universidad Cooperativa de Colombia - UCC","issue":"28","content-domain":{"domain":[],"crossmark-restriction":false},"short-container-title":["ing. Solidar"],"abstract":"<jats:p>Introducci\u00f3n: El art\u00edculo es produto de la investigaci\u00f3n: \u201cPrototipo de un sistema de telecomunicaciones basado en luz visible\u201d, realizado en la Universidad del Valle en el a\u00f1o 2018. Objetivo: El objetivo de este trabajo fue construir un prototipo funcional de un sistema de telecomunicaciones basado en luz visible a trav\u00e9s del cual se pueda realizar el estudio de las caracter\u00edsticas, elementos y comportamientos m\u00e1s relevantes en relaci\u00f3n con esta tecnolog\u00eda. Metodolog\u00eda: Para estudiar el comportamiento del prototipo desarrollado, se realizaron diferentes pruebas que variaron algunas de las variables presentadas en este tipo de sistemas de telecomunicaciones. Adem\u00e1s, el prototipo desarrollado se prob\u00f3 en los modos simplex y halfduplex. Conclusiones: Los resultados obtenidos al desarrollar este trabajo permitieron encontrar las caracter\u00edsticas principales del prototipo, sus limitaciones, as\u00ed como los elementos y variables que rigen un papel fundamental en su dise\u00f1o. Originalidad: El dise\u00f1o presentado propone el desarrollo de un prototipo de bajo costo, capaz de obtener los datos que se enviar\u00e1n a trav\u00e9s de la conexi\u00f3n a otros dispositivos a trav\u00e9s de diferentes perif\u00e9ricos de comunicaci\u00f3n o usar el ADC presente en el dispositivo de procesamiento utilizado. Limitaci\u00f3n: Debido a los elementos de recepci\u00f3n utilizados en el prototipo, existe una limitaci\u00f3n significativa en la velocidad de transmisi\u00f3n m\u00e1xima alcanzable. Adem\u00e1s, es importante mencionar que las condiciones en las que se implementa el prototipo pueden afectar su comportamiento, por ejemplo, los elementos que impiden la l\u00ednea de visi\u00f3n entre los m\u00f3dulos de telecomunicaciones pueden detener la transmisi\u00f3n.<\/jats:p>","DOI":"10.16925\/2357-6014.2019.02.03","type":"journal-article","created":{"date-parts":[[2019,8,27]],"date-time":"2019-08-27T20:22:30Z","timestamp":1566937350000},"page":"1-20","source":"Crossref","is-referenced-by-count":0,"title":["Dise\u00f1o e implementaci\u00f3n de un sistema de  comunicaciones basado en luz visible"],"prefix":"10.16925","volume":"15","author":[{"ORCID":"https:\/\/orcid.org\/0000-0002-2773-5467","authenticated-orcid":false,"given":"Sebastian","family":"Caballero Barragan","sequence":"first","affiliation":[],"role":[{"role":"author","vocabulary":"crossref"}]},{"ORCID":"https:\/\/orcid.org\/0000-0002-5658-9497","authenticated-orcid":false,"given":"Fabio G.","family":"Guerrero","sequence":"additional","affiliation":[],"role":[{"role":"author","vocabulary":"crossref"}]}],"member":"6711","published-online":{"date-parts":[[2019,5,27]]},"container-title":["Ingenier\u00eda Solidaria"],"link":[{"URL":"https:\/\/revistas.ucc.edu.co\/index.php\/in\/article\/download\/2746\/2712","content-type":"application\/pdf","content-version":"vor","intended-application":"text-mining"},{"URL":"https:\/\/revistas.ucc.edu.co\/index.php\/in\/article\/download\/2746\/2712","content-type":"unspecified","content-version":"vor","intended-application":"similarity-checking"}],"deposited":{"date-parts":[[2019,8,27]],"date-time":"2019-08-27T20:22:30Z","timestamp":1566937350000},"score":0.0,"resource":{"primary":{"URL":"https:\/\/revistas.ucc.edu.co\/index.php\/in\/article\/view\/2746"}},"issued":{"date-parts":[[2019,5,27]]},"references-count":0,"journal-issue":{"issue":"28","published-online":{"date-parts":[[2019,5,15]]}},"URL":"https:\/\/doi.org\/10.16925\/2357-6014.2019.02.03","ISSN":["2357-6014","1900-3102"],"issn-type":[{"type":"electronic","value":"2357-6014"},{"type":"print","value":"1900-3102"}],"published":{"date-parts":[[2019,5,27]]}},{"indexed":{"date-parts":[[2022,3,31]],"date-time":"2022-03-31T04:38:15Z","timestamp":1648701495937},"reference-count":0,"publisher":"Universidad Cooperativa de Colombia- UCC","issue":"25","content-domain":{"domain":[],"crossmark-restriction":false},"short-container-title":["Rastros rostros"],"DOI":"10.16925\/ra.v13i25.1460","type":"journal-article","created":{"date-parts":[[2020,8,29]],"date-time":"2020-08-29T07:33:52Z","timestamp":1598686432000},"source":"Crossref","is-referenced-by-count":0,"title":["Editorial"],"prefix":"10.16925","volume":"13","author":[{"given":"Alicia","family":"T\u00e9llez Fajardo","sequence":"first","affiliation":[],"role":[{"role":"author","vocabulary":"crossref"}]}],"member":"6711","published-online":{"date-parts":[[1970,1,1]]},"container-title":["Rastros Rostros"],"link":[{"URL":"https:\/\/revistas.ucc.edu.co\/index.php\/ra\/article\/download\/1460\/1554","content-type":"application\/pdf","content-version":"vor","intended-application":"text-mining"},{"URL":"https:\/\/revistas.ucc.edu.co\/index.php\/ra\/article\/download\/1460\/1554","content-type":"unspecified","content-version":"vor","intended-application":"similarity-checking"}],"deposited":{"date-parts":[[2020,8,29]],"date-time":"2020-08-29T07:33:52Z","timestamp":1598686432000},"score":0.0,"resource":{"primary":{"URL":"https:\/\/revistas.ucc.edu.co\/index.php\/ra\/article\/view\/1460"}},"issued":{"date-parts":[[1970,1,1]]},"references-count":0,"journal-issue":{"issue":"25","published-online":{"date-parts":[[2011,5,10]]}},"URL":"https:\/\/doi.org\/10.16925\/ra.v13i25.1460","ISSN":["2382-4921","0124-406X"],"issn-type":[{"value":"2382-4921","type":"electronic"},{"value":"0124-406X","type":"print"}],"published":{"date-parts":[[1970,1,1]]}},{"indexed":{"date-parts":[[2024,8,6]],"date-time":"2024-08-06T19:01:29Z","timestamp":1722970889659},"reference-count":0,"publisher":"Universidad Cooperativa de Colombia - UCC","issue":"1","content-domain":{"domain":[],"crossmark-restriction":false},"short-container-title":["Pensando Psicol."],"abstract":"<jats:p>El prop\u00f3sito de este art\u00edculo de reflexi\u00f3n es la concientizaci\u00f3n de la situaci\u00f3n de servicios de salud mental en la Rep\u00fablica Dominicana. Se identifican las \u00e1reas problem\u00e1ticas que pueden estar impidiendo la realizaci\u00f3n de propuestas de servicios psicol\u00f3gicos y crecimiento de iniciativas ya puestas en acci\u00f3n. Se concluye que el punto neur\u00e1lgico de la obstaculizaci\u00f3n de proyectos y apertura de servicios contin\u00faa siendo la falta de expresi\u00f3n directa de la poblaci\u00f3n que la necesita y el estigma hacia aquellos que lo hacen.<\/jats:p>","DOI":"10.16925\/2382-3984.2023.01.02","type":"journal-article","created":{"date-parts":[[2024,5,23]],"date-time":"2024-05-23T14:12:30Z","timestamp":1716473550000},"page":"1-13","source":"Crossref","is-referenced-by-count":0,"title":["El verdadero obst\u00e1culo para la salud mental en la Rep\u00fablica Dominicana"],"prefix":"10.16925","volume":"19","author":[{"name":"Universidad Iberoamericana de la Rep\u00fablica Dominicana","sequence":"first","affiliation":[],"role":[{"role":"author","vocabulary":"crossref"}]},{"given":"Bianca","family":"Lajara B\u00e1ez","sequence":"first","affiliation":[],"role":[{"role":"author","vocabulary":"crossref"}]}],"member":"6711","published-online":{"date-parts":[[2024,3,18]]},"container-title":["Pensando Psicolog\u00eda"],"deposited":{"date-parts":[[2024,5,23]],"date-time":"2024-05-23T14:12:31Z","timestamp":1716473551000},"score":0.0,"resource":{"primary":{"URL":"https:\/\/revistas.ucc.edu.co\/index.php\/pe\/article\/view\/4842"}},"issued":{"date-parts":[[2024,3,18]]},"references-count":0,"journal-issue":{"issue":"1","published-online":{"date-parts":[[2024,3,18]]}},"URL":"https:\/\/doi.org\/10.16925\/2382-3984.2023.01.02","ISSN":["2382-3984"],"issn-type":[{"type":"electronic","value":"2382-3984"}],"published":{"date-parts":[[2024,3,18]]}},{"indexed":{"date-parts":[[2023,4,2]],"date-time":"2023-04-02T04:52:08Z","timestamp":1680411128619},"reference-count":0,"publisher":"Universidad Cooperativa de Colombia- UCC","issue":"2","license":[{"start":{"date-parts":[[2022,7,10]],"date-time":"2022-07-10T00:00:00Z","timestamp":1657411200000},"content-version":"unspecified","delay-in-days":0,"URL":"https:\/\/creativecommons.org\/licenses\/by\/4.0"}],"content-domain":{"domain":[],"crossmark-restriction":false},"short-container-title":["Rastros rostros"],"abstract":"<jats:p>El juego como un elemento b\u00e1sico de la pedagog\u00eda y las metodolog\u00edas educativas aporta beneficios importantes tanto al desarrollo como al aprendizaje, considerando que contribuye a mejorar la experiencia que viven los ni\u00f1os. De esta manera, el objetivo principal del estudio fue determinar el papel de los juegos tradicionales como una estrategia en el proceso de ense\u00f1anza \u2013 aprendizaje de los estudiantes de Educaci\u00f3n B\u00e1sica Primaria de la Instituci\u00f3n Educativa La Ventura, de San Benito Abad Sucre. La metodolog\u00eda que se emple\u00f3 se fundament\u00f3 en un enfoque cuantitativo con un alcance descriptivo \u2013 exploratorio y un dise\u00f1o no experimental de tipo transversal, la muestra estuvo conformada por los docentes de b\u00e1sica primaria, y como instrumento de recolecci\u00f3n de la informaci\u00f3n se construy\u00f3 una encuesta enfocada a los docentes de la instituci\u00f3n. Los resultados demostraron que una proporci\u00f3n casi que poco relevante de los docentes hacen uso de estrategias l\u00fadicas, as\u00ed como perciben que el colegio no cuenta con los espacios adecuados para la recreaci\u00f3n. De esta forma se lleg\u00f3 a la conclusi\u00f3n que los juegos tradicionales con un recurso que puede ser de gran ayuda para fomentar la adquisici\u00f3n de los conocimientos dentro del aula de clase y que se debe aumentar su uso.<\/jats:p>","DOI":"10.16925\/2382-4921.2022.02.07","type":"journal-article","created":{"date-parts":[[2023,4,1]],"date-time":"2023-04-01T03:45:23Z","timestamp":1680320723000},"page":"1-16","source":"Crossref","is-referenced-by-count":0,"title":["Juegos tradicionales como estrategia en el proceso de ense\u00f1anza-aprendizaje"],"prefix":"10.16925","volume":"24","author":[{"given":"Wilmer Mois\u00e9s","family":"Salcedo Quiroz","sequence":"first","affiliation":[],"role":[{"role":"author","vocabulary":"crossref"}]},{"given":"Shirle","family":"Goez Truco","sequence":"additional","affiliation":[],"role":[{"role":"author","vocabulary":"crossref"}]},{"given":"Samir","family":"Guar\u00edn Su\u00e1rez","sequence":"additional","affiliation":[],"role":[{"role":"author","vocabulary":"crossref"}]},{"given":"Adriana","family":"Aponte Rivera","sequence":"additional","affiliation":[],"role":[{"role":"author","vocabulary":"crossref"}]}],"member":"6711","published-online":{"date-parts":[[2022,7,10]]},"container-title":["Rastros Rostros"],"link":[{"URL":"https:\/\/revistas.ucc.edu.co\/index.php\/ra\/article\/download\/4277\/3432","content-type":"application\/pdf","content-version":"vor","intended-application":"text-mining"},{"URL":"https:\/\/revistas.ucc.edu.co\/index.php\/ra\/article\/download\/4277\/3432","content-type":"unspecified","content-version":"vor","intended-application":"similarity-checking"}],"deposited":{"date-parts":[[2023,4,1]],"date-time":"2023-04-01T03:45:23Z","timestamp":1680320723000},"score":0.0,"resource":{"primary":{"URL":"https:\/\/revistas.ucc.edu.co\/index.php\/ra\/article\/view\/4277"}},"issued":{"date-parts":[[2022,7,10]]},"references-count":0,"journal-issue":{"issue":"2","published-online":{"date-parts":[[2023,3,31]]}},"URL":"https:\/\/doi.org\/10.16925\/2382-4921.2022.02.07","ISSN":["2382-4921","0124-406X"],"issn-type":[{"value":"2382-4921","type":"electronic"},{"value":"0124-406X","type":"print"}],"published":{"date-parts":[[2022,7,10]]}},{"indexed":{"date-parts":[[2022,3,31]],"date-time":"2022-03-31T10:21:55Z","timestamp":1648722115983},"reference-count":0,"publisher":"Universidad Cooperativa de Colombia","content-domain":{"domain":[],"crossmark-restriction":false},"DOI":"10.16925\/greylit.1143","type":"report","created":{"date-parts":[[2015,12,2]],"date-time":"2015-12-02T21:45:58Z","timestamp":1449092758000},"source":"Crossref","is-referenced-by-count":0,"title":["Algunas explicaciones sobre las leyes mendelianas y el mendelismo complejo (CW)"],"prefix":"10.16925","author":[{"given":"Arcesio","family":"Salamanca-Carre\u00f1o","sequence":"first","affiliation":[],"role":[{"role":"author","vocabulary":"crossref"}]}],"member":"6711","published-online":{"date-parts":[[2015,12]]},"deposited":{"date-parts":[[2019,8,23]],"date-time":"2019-08-23T20:44:46Z","timestamp":1566593086000},"score":0.0,"resource":{"primary":{"URL":"http:\/\/repository.ucc.edu.co\/handle\/20.500.12494\/10114"}},"issued":{"date-parts":[[2015,12]]},"references-count":0,"URL":"https:\/\/doi.org\/10.16925\/greylit.1143","published":{"date-parts":[[2015,12]]}},{"indexed":{"date-parts":[[2022,10,11]],"date-time":"2022-10-11T03:41:23Z","timestamp":1665459683128},"reference-count":28,"publisher":"Universidad Cooperativa de Colombia- UCC","issue":"123","license":[{"start":{"date-parts":[[2022,5,6]],"date-time":"2022-05-06T00:00:00Z","timestamp":1651795200000},"content-version":"unspecified","delay-in-days":0,"URL":"https:\/\/creativecommons.org\/licenses\/by\/4.0"}],"content-domain":{"domain":[],"crossmark-restriction":false},"short-container-title":["Coop. Desarro."],"abstract":"<jats:p>Se decidi\u00f3 enfocar este trabajo investigativo del intraemprendimiento en la ciudad de Medell\u00edn y el \u00e1rea metropolitana, por los prop\u00f3sitos e inter\u00e9s de establecer, las principales caracter\u00edsticas en el abordaje del emprendimiento y la incidencia directa entre ambos conceptos. El emprendimiento sin duda es motor de la econom\u00eda de un pa\u00eds, como una pr\u00e1ctica que se aprende en la cultura de una sociedad, por tal motivo es indispensable promover el emprendimiento en los diferentes escenarios, identificando en ellos los elementos que promueven el fortalecimiento del intraemprendimiento, como motor para el desarrollo de emprendimientos sociales, en la generaci\u00f3n de empleo estable en la ciudad de Medell\u00edn y el \u00e1rea metropolitana.&#x0D;\nEsta investigaci\u00f3n busca abordar esta situaci\u00f3n desde un enfoque emprendedor, profundizando en aspectos que son factores claves en la promoci\u00f3n del intraemprendimiento, desde una visi\u00f3n prospectiva con evaluaciones en campo de diferentes tipos de emprendimientos, a partir de la revisi\u00f3n e implementaci\u00f3n de herramientas que suministren informaci\u00f3n necesaria y suficiente para el establecimiento de consideraciones estrat\u00e9gicas que permitan el desarrollo de acciones para la promoci\u00f3n y fortalecimiento del emprendimiento social<\/jats:p>","DOI":"10.16925\/2382-4220.2022.02.06","type":"journal-article","created":{"date-parts":[[2022,10,11]],"date-time":"2022-10-11T03:18:25Z","timestamp":1665458305000},"page":"1-19","source":"Crossref","is-referenced-by-count":0,"title":["intraemprendimiento como promotor para el desarrollo de emprendimientos sociales."],"prefix":"10.16925","volume":"30","author":[{"given":"Bladimir Jes\u00fas","family":"Coronado R\u00edos","sequence":"first","affiliation":[],"role":[{"role":"author","vocabulary":"crossref"}]}],"member":"6711","published-online":{"date-parts":[[2022,5,6]]},"reference":[{"key":"126014","doi-asserted-by":"crossref","unstructured":"Agca, V., Topal, Y., y Kaya, H. (2009). Linking intrapreneurship activities to multidimensional firm performance in Turkish manufacturing firms: An empirical study, International Entrepreneurship Management, 8, 15-33. https:\/\/doi.org\/10.1007\/s11365-009-0132-5","DOI":"10.1007\/s11365-009-0132-5"},{"key":"126015","doi-asserted-by":"crossref","unstructured":"Antoncic C. B., y Hisrich, R. (2003). Clarifying the intrapreneurship concept. Journal of Small Business and Enterprise Development, 10(1), 7-24. https:\/\/doi.org\/10.1108\/14626000310461187","DOI":"10.1108\/14626000310461187"},{"key":"126016","doi-asserted-by":"crossref","unstructured":"Ben\u00edtez-Amado, J., Llorens-Montes F. y Nieves P\u00e9rez-Arostegui, M. (2010). Information technology-enabled intrapreneurship culture and firm performance. Industrial Management y Data Systems, 110(4), 550-566. https:\/\/doi.org\/10.1108\/02635571011039025","DOI":"10.1108\/02635571011039025"},{"key":"126017","unstructured":"Carland, J. C. y Carland, J. W. (2007). Intrapreneurship: A requisite for success. The Entrepreneurial Executive, 12, 83-94."},{"key":"126018","unstructured":"Confederaci\u00f3n Colombiana de C\u00e1maras de Comercio. Informe 2016-2017. http:\/\/www.confecamaras.org.co\/"},{"key":"126019","doi-asserted-by":"crossref","unstructured":"Covin, J. G. y Slevin, O. P. (1991). A conceptual model of entrepreneurship as firm behavior, Entrepreneurship Theory and Practice, 16(1), 7-26.","DOI":"10.1177\/104225879101600102"},{"key":"126020","unstructured":"Departamento Nacional de Estad\u00edsticas. Informe DANE 2016. http:\/\/www.dane.gov.co\/"},{"key":"126021","doi-asserted-by":"crossref","unstructured":"Deshpand\u00e9, R. y Farle, J. (2004). Organizational culture, market orientation, innovativeness, and firm performance: an international research odyssey. International Journal of Research in Marketing, 21(1), 3-22. https:\/\/doi.org\/10.1016\/j.ijresmar.2003.04.002","DOI":"10.1016\/j.ijresmar.2003.04.002"},{"key":"126022","doi-asserted-by":"crossref","unstructured":"Foba, T. y de Villiers, D. (2007). The integration of intrapreneurship into a performance management model. Journal of Human Resources Management, 5(2), 1-8. https:\/\/doi.org\/10.4102\/sajhrm.v5i2.114","DOI":"10.4102\/sajhrm.v5i2.114"},{"key":"126023","unstructured":"Garz\u00f3n, M. A. (2004). La innovaci\u00f3n intraemprendedora liderada por los gerentes de las pymes. Universidad & Empresa, 3(6), 74-109."},{"key":"126024","doi-asserted-by":"crossref","unstructured":"Igo, T. y Skitmore, M. (2006). Diagnosing the organizational culture of an Australian engineering consultancy using the competing values framework. Construction Innovation, 6, 121-139.","DOI":"10.1108\/14714170610710659"},{"key":"126025","unstructured":"Julien, P. A. (2003). Las pyme: balance y perspectiva El estado del arte. Universidad ICESI."},{"key":"126026","doi-asserted-by":"crossref","unstructured":"Kuratko, D. F., Ireland, R. D., Covin, J. G. y Hornsby, J. S. (2005). A model of midddle-level managers\u2019, entrepreneurial behavior\u2019. Entrepreneurship Theory and Practice, 29(6), 699-716.","DOI":"10.1111\/j.1540-6520.2005.00104.x"},{"key":"126027","unstructured":"Kuz, D. (2010). Exploration of Intrapreneurship and Innovation in Advanced Technology Organizations in the Western United States. (Tesis de doctorado, University of Phoenix)."},{"key":"126028","doi-asserted-by":"crossref","unstructured":"Kyriakopoulos, K., Meulenber, M. y Nilsson, J. (2004). The impact of cooperative structure and firm culture on market orientation and performance. Agrobusiness, 20(4), 379-396. https:\/\/doi.org\/10.1002\/agr.20021","DOI":"10.1002\/agr.20021"},{"key":"126029","unstructured":"L\u00f3pez, C. (2008). Influencia del comportamiento emprendedor de los mandos medios en el fomento del corporate entrepreneurship. (Tesis de doctorado, Universidad Ram\u00f3n Llull)."},{"key":"126030","doi-asserted-by":"crossref","unstructured":"Maldonado, G., Madrid, A., Mart\u00ednez, M. y Aguilera, L. (2009). Los efectos de la innovaci\u00f3n en el rendimiento de las MIPYMES de Aguascalientes: una evidencia emp\u00edrica. Revista de Econom\u00eda, 26(73), 49-69. https:\/\/doi.org\/10.33937\/reveco.2009.8","DOI":"10.33937\/reveco.2009.8"},{"key":"126031","doi-asserted-by":"crossref","unstructured":"Manimala, M. J. (2006). Organizational constraints on innovation and intrapreneurship: Insights from public sector. Vikalpa. The Journal for Decision Makers, 31(1), 49-60.","DOI":"10.1177\/0256090920060104"},{"key":"126032","unstructured":"Marcus, M. H. y Zimmerer, A. (2003). A longitudinal study of the impact of intrapreneurial programs in Fortune 500 firms. Journal of Management Research, 3(1), 11-22. 10.5958\/2455-3298.2018.00002.8"},{"key":"126033","unstructured":"McGinnis, M. y Verney, T. (1987). Innovation management an intrapreneurship. Sam Advanced Management Journal, 19-23."},{"key":"126034","unstructured":"Naranjo, J. C., Sanz, R. y Jim\u00e9nez, D. (2008). Cultura organizacional e innovaci\u00f3n: un estudio emp\u00edrico. En J. Pindado Garc\u00eda y G. Payne (Coords.). Estableciendo puentes en una econom\u00eda global, (pp. 5-23). Salamanca."},{"key":"126035","unstructured":"Nueno, P. (2005). Emprendiendo. Hacia el 2010: una renovada perspectiva global del arte de crear empresas y sus artistas. Ediciones Deusto."},{"key":"126036","doi-asserted-by":"crossref","unstructured":"Quinn, R. y Rohrbaugh, J. (1983). A spatial model of effectiveness criteria: towards a competing values approach to organizational analysis. Management Science, 29(3), 363-377. https:\/\/doi.org\/10.1287\/mnsc.29.3.363","DOI":"10.1287\/mnsc.29.3.363"},{"key":"126037","doi-asserted-by":"crossref","unstructured":"Rodr\u00edguez, A. (2007). Transferencia de conocimiento en relaciones interorganizacionales: su efecto sobre el desempe\u00f1o de la firma receptora. Estudios Gerenciales, 23(103), 13-37.","DOI":"10.1016\/S0123-5923(07)70008-6"},{"key":"126038","unstructured":"Samuelsson, M. y Dahlqvist, J. (2005). Which Schumpeter is right? Comparing nascent exploitation processes. En P. D. Reynolds (Ed.). Frontiers of entrepreneurial research (pp. 1-10). Babson College Center."},{"key":"126039","doi-asserted-by":"crossref","unstructured":"Teltumbde, A. (2006). Entrepreneurs and intrapreneurs in corporations. Vikalpa: The Journal for Decision Makers, 31(1), 129-132. https:\/\/doi.org\/10.1177\/0256090920060112","DOI":"10.1177\/0256090920060112"},{"key":"126040","unstructured":"Trujillo, M. A., y Guzm\u00e1n, A. (2008). Intraemprendimiento: una revisi\u00f3n al constructo te\u00f3rico, sus implicaciones y agenda de investigaci\u00f3n futura. Cuadernos de Administraci\u00f3n, 21(35), 37-63."},{"key":"126041","unstructured":"Varela, J. e Irizar, I. (2009). Caracterizaci\u00f3n de los intraemprendimientos en el Grupo Mondrag\u00f3n de Espa\u00f1a y en las empresas de Ibagu\u00e9 en Colombia. En: Universidad ICESI (Ed.), XIX Congreso Latinoamericano y del Caribe Sobre Esp\u00edritu Empresarial, Brasil, 2008. Universidad ICESI."}],"container-title":["Cooperativismo &amp; Desarrollo"],"link":[{"URL":"https:\/\/revistas.ucc.edu.co\/index.php\/co\/article\/download\/4286\/3368","content-type":"application\/pdf","content-version":"vor","intended-application":"text-mining"},{"URL":"https:\/\/revistas.ucc.edu.co\/index.php\/co\/article\/download\/4286\/3368","content-type":"unspecified","content-version":"vor","intended-application":"similarity-checking"}],"deposited":{"date-parts":[[2022,10,11]],"date-time":"2022-10-11T03:18:52Z","timestamp":1665458332000},"score":0.0,"resource":{"primary":{"URL":"https:\/\/revistas.ucc.edu.co\/index.php\/co\/article\/view\/4286"}},"issued":{"date-parts":[[2022,5,6]]},"references-count":28,"journal-issue":{"issue":"123","published-online":{"date-parts":[[2022,8,8]]}},"URL":"https:\/\/doi.org\/10.16925\/2382-4220.2022.02.06","ISSN":["2382-4220","0120-7180"],"issn-type":[{"value":"2382-4220","type":"electronic"},{"value":"0120-7180","type":"print"}],"published":{"date-parts":[[2022,5,6]]}},{"indexed":{"date-parts":[[2022,4,5]],"date-time":"2022-04-05T09:33:13Z","timestamp":1649151193641},"reference-count":0,"publisher":"Universidad Cooperativa de Colombia- UCC","issue":"22","content-domain":{"domain":[],"crossmark-restriction":false},"short-container-title":["Spei Domus"],"abstract":"<jats:p>Prop\u00f3sito: o objetivo desta revis\u00e3o \u00e9 abordar quest\u00f5es relacionadas ao ensino do Bem-estar Animal (BEA), com \u00eanfase na situa\u00e7\u00e3o brasileira, e discutir sobre os desafios e as possibilidades de aprimoramento&#x0D;\nDescri\u00e7\u00e3o: \u00e9 essencial que estudantes de cursos voltados \u00e0 ci\u00eancia animal aprendam durante a gradua\u00e7\u00e3o as bases conceituais do BEA e suas principais aplica\u00e7\u00f5es.&#x0D;\nPonto de vista: embora recente, o ensino do BEA nas universidades brasileiras apresentou crescimento acentuado nos \u00faltimos anos, o que tem permitido a visualiza\u00e7\u00e3o de algumas caracter\u00edsticas nacionais no ensino do BEA. Este, por sua vez, beneficia-se de maneira significativa da associa\u00e7\u00e3o com a pesquisa na medida em que se trata de uma \u00e1rea de conhecimento em constru\u00e7\u00e3o.&#x0D;\nConclus\u00f5es: os principais desafios que se apresentam no Brasil para o ensino do BEA s\u00e3o discutidos. Ao inserir o ensino do BEA em seus curr\u00edculos, as universidades aumentam a adequa\u00e7\u00e3o dos seus egressos ao mercado de trabalho atual e contribuem para um avan\u00e7o na \u00e9tica da rela\u00e7\u00e3o ser humano-animal.&#x0D;\n&#x0D;\n&#x0D;\n\u00a0&#x0D;\n&#x0D;\n<\/jats:p>","DOI":"10.16925\/sp.v11i22.1208","type":"journal-article","created":{"date-parts":[[2016,5,16]],"date-time":"2016-05-16T22:25:47Z","timestamp":1463437547000},"source":"Crossref","is-referenced-by-count":0,"title":["Bem-estar animal em aulas de Bioclimatologia Animal"],"prefix":"10.16925","volume":"11","author":[{"given":"Matheus","family":"Ramalho de Lima","sequence":"first","affiliation":[],"role":[{"role":"author","vocabulary":"crossref"}]}],"member":"6711","published-online":{"date-parts":[[2015,6,1]]},"container-title":["Spei Domus"],"link":[{"URL":"https:\/\/revistas.ucc.edu.co\/index.php\/sp\/article\/download\/1208\/1217","content-type":"application\/pdf","content-version":"vor","intended-application":"text-mining"},{"URL":"https:\/\/revistas.ucc.edu.co\/index.php\/sp\/article\/download\/1208\/1217","content-type":"unspecified","content-version":"vor","intended-application":"similarity-checking"}],"deposited":{"date-parts":[[2020,8,29]],"date-time":"2020-08-29T09:04:23Z","timestamp":1598691863000},"score":0.0,"resource":{"primary":{"URL":"https:\/\/revistas.ucc.edu.co\/index.php\/sp\/article\/view\/1208"}},"issued":{"date-parts":[[2015,6,1]]},"references-count":0,"journal-issue":{"issue":"22","published-online":{"date-parts":[[2015,6,1]]}},"URL":"https:\/\/doi.org\/10.16925\/sp.v11i22.1208","ISSN":["2382-4247","1794-7928"],"issn-type":[{"value":"2382-4247","type":"electronic"},{"value":"1794-7928","type":"print"}],"published":{"date-parts":[[2015,6,1]]}},{"indexed":{"date-parts":[[2025,12,1]],"date-time":"2025-12-01T15:09:50Z","timestamp":1764601790977,"version":"3.40.5"},"reference-count":0,"publisher":"Universidad Cooperativa de Colombia - UCC","issue":"3","content-domain":{"domain":[],"crossmark-restriction":false},"short-container-title":["ing. Solidar"],"abstract":"<jats:p>Introduction: This article is part of an ongoing research project that started in 2022 and investigates the viability of cooperative associations from an anarchist-cybernetics perspective at the Universidad del Valle, Department of Administrative Sciences. Problem: Management Cybernetics and anarchism are fields with significant coincidences regarding organisational theory. From the point of view of anarchism, voluntary organisation is a form of exercising individualfreedom, while in cybernetics, autonomy is the desirable state of organisation. Objective: The article aims to identify the current state of academic development in the field of anarchist-cybenetics, specifically around the concepts of \u201cautogesti\u00f3n\u201d, \u201cself-management\u201d and \u201cself-control\u201d. Methodology: The article proposes a systematic literature review of the last 10 years in nine academic datbases. Results: The field presents research on radical political groups but lacks research on voluntary organisations such as cooperatives. The predominant research methods used are qualitative for empirical research, and non-empirical research is relevant in this field. Latin America and the developing economies are interesting fields for future development. Case studies and the historical method are relevant for the study of anarchy, and Beer \u0301s VSM is the most used tool for cybernetics in this field. Conclusion: The field appears to be of great interest for various multi-decade old journals. Originality: This is one of the few research projects to link the organisational side of anarchism and management cybernetics. Anarchist-cybernetics is a novel subject after almost 60 years of not having any academic publications. Limitations: As a novel subject, not many publications fit the requirements for the review.<\/jats:p>","DOI":"10.16925\/2357-6014.2023.03.04","type":"journal-article","created":{"date-parts":[[2023,10,23]],"date-time":"2023-10-23T17:48:28Z","timestamp":1698083308000},"page":"1-33","source":"Crossref","is-referenced-by-count":7,"title":["The viability of cooperative societies from the anarchist- cybernetics perspective: a systematic review of the field and research opportunities"],"prefix":"10.16925","volume":"19","author":[{"ORCID":"https:\/\/orcid.org\/0000-0002-6712-6228","authenticated-orcid":false,"given":"Camilo","family":"Osejo-Bucheli","sequence":"first","affiliation":[],"role":[{"role":"author","vocabulary":"crossref"}]}],"member":"6711","published-online":{"date-parts":[[2023,9,15]]},"container-title":["Ingenieria Solidaria"],"deposited":{"date-parts":[[2023,10,23]],"date-time":"2023-10-23T17:48:28Z","timestamp":1698083308000},"score":0.0,"resource":{"primary":{"URL":"https:\/\/revistas.ucc.edu.co\/index.php\/in\/article\/view\/4847"}},"issued":{"date-parts":[[2023,9,15]]},"references-count":0,"journal-issue":{"issue":"3","published-online":{"date-parts":[[2023,9,15]]}},"URL":"https:\/\/doi.org\/10.16925\/2357-6014.2023.03.04","ISSN":["2357-6014"],"issn-type":[{"type":"electronic","value":"2357-6014"}],"published":{"date-parts":[[2023,9,15]]}},{"indexed":{"date-parts":[[2022,4,5]],"date-time":"2022-04-05T21:27:48Z","timestamp":1649194068331},"reference-count":0,"publisher":"Universidad Cooperativa de Colombia","isbn-type":[{"value":"9789587600629","type":"print"}],"content-domain":{"domain":[],"crossmark-restriction":false},"DOI":"10.16925\/9789587600629","type":"book","created":{"date-parts":[[2016,10,25]],"date-time":"2016-10-25T19:16:59Z","timestamp":1477423019000},"source":"Crossref","is-referenced-by-count":0,"title":["M\u00e9dicos Escritores Latinoamericanos"],"prefix":"10.16925","author":[{"given":"Amparo Aurora","family":"Ram\u00edrez Tamayo","sequence":"first","affiliation":[],"role":[{"role":"author","vocabulary":"crossref"}]},{"given":"Luz Mar\u00eda","family":"Aguirre Baeza","sequence":"additional","affiliation":[],"role":[{"role":"author","vocabulary":"crossref"}]},{"given":"Carlos","family":"Alegr\u00eda Jaque","sequence":"additional","affiliation":[],"role":[{"role":"author","vocabulary":"crossref"}]},{"given":"Josyanne Rita","family":"de Arruda Franco","sequence":"additional","affiliation":[],"role":[{"role":"author","vocabulary":"crossref"}]},{"given":"Laura","family":"Caballero Canales","sequence":"additional","affiliation":[],"role":[{"role":"author","vocabulary":"crossref"}]},{"given":"Andrea Mar\u00eda","family":"Cabarr\u00fas Melgar","sequence":"additional","affiliation":[],"role":[{"role":"author","vocabulary":"crossref"}]},{"given":"Raul","family":"C\u00e1rdenas Canales","sequence":"additional","affiliation":[],"role":[{"role":"author","vocabulary":"crossref"}]},{"given":"Amy Lucila","family":"Castro Taks de Reyes","sequence":"additional","affiliation":[],"role":[{"role":"author","vocabulary":"crossref"}]},{"given":"Luis Jos\u00e9","family":"Daza L\u00f3pez","sequence":"additional","affiliation":[],"role":[{"role":"author","vocabulary":"crossref"}]},{"given":"Mercedes","family":"D\u00edaz Cuesta","sequence":"additional","affiliation":[],"role":[{"role":"author","vocabulary":"crossref"}]},{"given":"Catherine","family":"Fieldhouse Alarc\u00f3n","sequence":"additional","affiliation":[],"role":[{"role":"author","vocabulary":"crossref"}]},{"given":"Ver\u00f3nica","family":"Garay Moffat","sequence":"additional","affiliation":[],"role":[{"role":"author","vocabulary":"crossref"}]},{"given":"Valerio","family":"Gonz\u00e1lez Rodr\u00edguez","sequence":"additional","affiliation":[],"role":[{"role":"author","vocabulary":"crossref"}]},{"given":"Alejandro Galo","family":"Illanes Mora","sequence":"additional","affiliation":[],"role":[{"role":"author","vocabulary":"crossref"}]},{"given":"Jasmina","family":"Jackel de Aldana","sequence":"additional","affiliation":[],"role":[{"role":"author","vocabulary":"crossref"}]},{"given":"Jos\u00e9 Ariel Pierre","family":"Lattus Olmos","sequence":"additional","affiliation":[],"role":[{"role":"author","vocabulary":"crossref"}]},{"given":"Oscar","family":"Mart\u00ednez Molina","sequence":"additional","affiliation":[],"role":[{"role":"author","vocabulary":"crossref"}]},{"given":"Pablo Andr\u00e9s","family":"Mart\u00ednez Silva","sequence":"additional","affiliation":[],"role":[{"role":"author","vocabulary":"crossref"}]},{"given":"Carlos Fernando","family":"Matamala Rivas","sequence":"additional","affiliation":[],"role":[{"role":"author","vocabulary":"crossref"}]},{"given":"Evelyn","family":"Mazariegos Carrascosa","sequence":"additional","affiliation":[],"role":[{"role":"author","vocabulary":"crossref"}]},{"given":"Isoris Jacqueline","family":"Mesa Walwyn","sequence":"additional","affiliation":[],"role":[{"role":"author","vocabulary":"crossref"}]},{"given":"Jos\u00e9 Leonel","family":"Miranda Barrios","sequence":"additional","affiliation":[],"role":[{"role":"author","vocabulary":"crossref"}]},{"given":"Ang\u00e9lica","family":"Monreal Urrutia","sequence":"additional","affiliation":[],"role":[{"role":"author","vocabulary":"crossref"}]},{"given":"\u00c1lvaro de Jes\u00fas","family":"Monterrosa Castro","sequence":"additional","affiliation":[],"role":[{"role":"author","vocabulary":"crossref"}]},{"given":"Ang\u00e9lica Margarita","family":"Monterrosa Blanco","sequence":"additional","affiliation":[],"role":[{"role":"author","vocabulary":"crossref"}]},{"given":"Alma Grace","family":"Pineda Ter\u00e1n","sequence":"additional","affiliation":[],"role":[{"role":"author","vocabulary":"crossref"}]},{"given":"Boris Juli\u00e1n","family":"Pinto Bustamante","sequence":"additional","affiliation":[],"role":[{"role":"author","vocabulary":"crossref"}]},{"given":"Carla Andrea","family":"Rojas Solar","sequence":"additional","affiliation":[],"role":[{"role":"author","vocabulary":"crossref"}]},{"given":"Juan Francisco","family":"Serrano de Le\u00f3n","sequence":"additional","affiliation":[],"role":[{"role":"author","vocabulary":"crossref"}]},{"given":"Alba","family":"Testart Tobar","sequence":"additional","affiliation":[],"role":[{"role":"author","vocabulary":"crossref"}]},{"given":"Carmen Gloria","family":"Testart Tobar","sequence":"additional","affiliation":[],"role":[{"role":"author","vocabulary":"crossref"}]},{"given":"Alfredo","family":"Thumala Jaar","sequence":"additional","affiliation":[],"role":[{"role":"author","vocabulary":"crossref"}]},{"given":"Oriana","family":"Valenzuela Castro","sequence":"additional","affiliation":[],"role":[{"role":"author","vocabulary":"crossref"}]},{"given":"Nedy Cristina","family":"Varela Cetani","sequence":"additional","affiliation":[],"role":[{"role":"author","vocabulary":"crossref"}]},{"given":"Katia Alexandra","family":"Velasquez Mart\u00ednez","sequence":"additional","affiliation":[],"role":[{"role":"author","vocabulary":"crossref"}]},{"given":"Guillermo","family":"Witto Arentsen","sequence":"additional","affiliation":[],"role":[{"role":"author","vocabulary":"crossref"}]},{"given":"Juan Ricardo","family":"Kelm","sequence":"additional","affiliation":[],"role":[{"role":"author","vocabulary":"crossref"}]},{"given":"Arturo","family":"Garc\u00eda \u00c1lvarez","sequence":"additional","affiliation":[],"role":[{"role":"author","vocabulary":"crossref"}]},{"given":"Valerio","family":"Germ\u00e1n Gonz\u00e1lez","sequence":"additional","affiliation":[],"role":[{"role":"author","vocabulary":"crossref"}]}],"member":"6711","published-online":{"date-parts":[[2016,10,25]]},"deposited":{"date-parts":[[2019,8,23]],"date-time":"2019-08-23T20:45:05Z","timestamp":1566593105000},"score":0.0,"resource":{"primary":{"URL":"http:\/\/repository.ucc.edu.co\/handle\/20.500.12494\/13199"}},"issued":{"date-parts":[[2016,10,25]]},"ISBN":["9789587600629"],"references-count":0,"URL":"https:\/\/doi.org\/10.16925\/9789587600629","published":{"date-parts":[[2016,10,25]]}},{"indexed":{"date-parts":[[2025,2,27]],"date-time":"2025-02-27T05:31:18Z","timestamp":1740634278563,"version":"3.38.0"},"reference-count":0,"publisher":"Ediciones Universidad Cooperativa de Colombia","isbn-type":[{"value":"9789587604658","type":"print"}],"content-domain":{"domain":[],"crossmark-restriction":false},"DOI":"10.16925\/9789587604658","type":"edited-book","created":{"date-parts":[[2025,2,26]],"date-time":"2025-02-26T20:55:53Z","timestamp":1740603353000},"source":"Crossref","is-referenced-by-count":0,"title":["Estado del arte de la asociatividad solidaria para la paz: di\u00e1logo de saberes y construcci\u00f3n de conocimiento (regi\u00f3n Nororiente)"],"prefix":"10.16925","author":[{"given":"Colombia Patricia","family":"Perez Mu\u00f1oz","sequence":"first","affiliation":[],"role":[{"role":"author","vocabulary":"crossref"}]},{"given":"Cristina","family":"Amariles","sequence":"additional","affiliation":[],"role":[{"role":"author","vocabulary":"crossref"}]},{"given":"Juan","family":"Garc\u00eda","sequence":"additional","affiliation":[],"role":[{"role":"author","vocabulary":"crossref"}]},{"given":"Mar\u00eda Fernanda","family":"G\u00f3mez","sequence":"additional","affiliation":[],"role":[{"role":"author","vocabulary":"crossref"}]},{"given":"Mar\u00eda del Pilar","family":"Mar\u00edn","sequence":"additional","affiliation":[],"role":[{"role":"author","vocabulary":"crossref"}]},{"given":"Sandra","family":"Quintana","sequence":"additional","affiliation":[],"role":[{"role":"author","vocabulary":"crossref"}]},{"given":"Diego","family":"V\u00e1squez","sequence":"additional","affiliation":[],"role":[{"role":"author","vocabulary":"crossref"}]},{"given":"David","family":"Vidal","sequence":"additional","affiliation":[],"role":[{"role":"author","vocabulary":"crossref"}]},{"given":"Ana Mar\u00eda","family":"Calvo","sequence":"additional","affiliation":[],"role":[{"role":"author","vocabulary":"crossref"}]},{"given":"Edna Margarita","family":"Esteban Regino","sequence":"additional","affiliation":[],"role":[{"role":"author","vocabulary":"crossref"}]}],"member":"6711","published-online":{"date-parts":[[2024]]},"deposited":{"date-parts":[[2025,2,26]],"date-time":"2025-02-26T20:55:53Z","timestamp":1740603353000},"score":0.0,"resource":{"primary":{"URL":"https:\/\/repository.ucc.edu.co\/entities\/publication\/33c65912-4dc8-4485-bc7a-587e581c276c"}},"issued":{"date-parts":[[2024]]},"ISBN":["9789587604658"],"references-count":0,"URL":"https:\/\/doi.org\/10.16925\/9789587604658","published":{"date-parts":[[2024]]}},{"indexed":{"date-parts":[[2023,1,26]],"date-time":"2023-01-26T05:55:57Z","timestamp":1674712557406},"edition-number":"1","reference-count":0,"publisher":"Ediciones Universidad Cooperativa de Colombia","isbn-type":[{"value":"9789587603972","type":"print"}],"content-domain":{"domain":[],"crossmark-restriction":false},"published-print":{"date-parts":[[2022,11,30]]},"abstract":"<jats:p>Hacer una presentaci\u00f3n para un libro de poes\u00eda es como intentar preparar al lector para lo inasible. Es, de una forma muy particular, pretender que puede darse por anticipado la comprensi\u00f3n de unas frases que, precisamente, quieren escapar, que buscan estar m\u00e1s all\u00e1 de una definici\u00f3n o de un mensaje. La poes\u00eda es esa paradoja: transmitir un sentido que siempre queda oculto, que es necesario desvelar, intentar atrapar en ese m\u00e1s all\u00e1 informe que se abre cuando las palabras no alcanzan. Un libro de poes\u00eda deber\u00eda pensarse como una invitaci\u00f3n a transitar por lo desconocido, a dejarnos impregnar de aquello que nos es ajeno y nos confronta.  Pero este libro, estas canales recorridas por palabras como lluvia o que se atascan como hojas secas que se convierten en madrigueras o esas cenizas como polvo arrastrado por las carreteras\u2026 estos poemas nos enfrentan a lo cotidiano. Aqu\u00ed veremos la levedad de una vida: aquello que se nos escapa como espectadores de la muerte, que se nos convierte en perorata, en ch\u00e1chara, en abandono existencial que, de a pocos, se refugia en las noticias, en los eventos deportivos vistos en televisi\u00f3n que, como parte del encierro, nos hacen pensar en un afuera, a veces promesa ut\u00f3pica, a veces crueldad descarnada. Un mundo de mensajes perdidos en autopistas inform\u00e1ticas que nos van llenando de ausencias hasta enfermarnos, hasta obligarnos a aceptar una soledad que no desaparece ni siquiera en las calles de las ciudades y su bullicio. Sin embargo, estas urbes nos ense\u00f1an sobre un miedo que se convierte en desprecio, que luego se convertir\u00e1 en desapego. Un desapego que nos permitir\u00e1 tomar una carretera, una l\u00ednea de fuga que nos habr\u00e1 dejado salir de nosotros mismos.  Ediciones UCC quiere agradecer a Marco Cardona por permitirnos publicar sus poemas y presentar al p\u00fablico lo que sabemos es una obra emotiva y bella. Pero sobre todo, es una apuesta por una escritura honesta y dispuesta a tratar de descifrar lo que en lo rutinario de nuestras vidas queda escondido porque lo tomamos como sobreentendido.<\/jats:p>","DOI":"10.16925\/9789587603972","type":"edited-book","created":{"date-parts":[[2023,1,25]],"date-time":"2023-01-25T22:20:51Z","timestamp":1674685251000},"source":"Crossref","is-referenced-by-count":0,"title":["Canales"],"prefix":"10.16925","author":[{"given":"Marco","family":"Cardona Giraldo","sequence":"first","affiliation":[],"role":[{"role":"author","vocabulary":"crossref"}]}],"member":"6711","published-online":{"date-parts":[[2023,1,25]]},"deposited":{"date-parts":[[2023,1,25]],"date-time":"2023-01-25T22:20:54Z","timestamp":1674685254000},"score":0.0,"resource":{"primary":{"URL":"https:\/\/ediciones.ucc.edu.co\/index.php\/ucc\/catalog\/book\/363"}},"issued":{"date-parts":[[2022,11,30]]},"ISBN":["9789587603972"],"references-count":0,"URL":"https:\/\/doi.org\/10.16925\/9789587603972","published":{"date-parts":[[2022,11,30]]}},{"indexed":{"date-parts":[[2022,4,5]],"date-time":"2022-04-05T19:18:21Z","timestamp":1649186301118},"reference-count":0,"publisher":"Universidad Cooperativa de Colombia- UCC","issue":"103","content-domain":{"domain":[],"crossmark-restriction":false},"short-container-title":["Coop. Desarro."],"abstract":"<jats:p>Para la Organizaci\u00f3n de las Naciones Unidas (onu), el modelo cooperativo es un pilar de\u00a0suma importancia en el desarrollo de muchas comunidades, pa\u00edses y regiones a nivel global.\u00a0Aunque es com\u00fan inferir la existencia de una relaci\u00f3n directa entre el cooperativismo y el\u00a0desarrollo socioecon\u00f3mico de las regiones, esta relaci\u00f3n ha sido escasamente estudiada desde\u00a0el punto de vista econ\u00f3mico. Es por ello que en este art\u00edculo se presentan los principales\u00a0hallazgos surgidos a partir del uso de la teor\u00eda econ\u00f3mica y de t\u00e9cnicas econom\u00e9tricas para\u00a0medir esa relaci\u00f3n. El an\u00e1lisis emp\u00edrico se realiza con base en una muestra de datos de corte\u00a0transversal para los 81 cantones del pa\u00eds, y busca abrir una nueva l\u00ednea de investigaci\u00f3n que\u00a0permita medir la contribuci\u00f3n del sector cooperativo al desarrollo costarricense y construir\u00a0un nuevo pensamiento sobre el desarrollo del sector cooperativo en Costa Rica.<\/jats:p>","DOI":"10.16925\/co.v21i103.667","type":"journal-article","created":{"date-parts":[[2015,2,26]],"date-time":"2015-02-26T21:37:18Z","timestamp":1424986638000},"page":"9-17","source":"Crossref","is-referenced-by-count":1,"title":["Importancia y aporte del sector cooperativo en el desarrollo humano: un an\u00e1lisis emp\u00edrico para el caso costarricense"],"prefix":"10.16925","volume":"21","author":[{"given":"Federico","family":"Li-Bonilla","sequence":"first","affiliation":[],"role":[{"role":"author","vocabulary":"crossref"}]},{"given":"Jos\u00e9 F.","family":"Sandoval","sequence":"additional","affiliation":[],"role":[{"role":"author","vocabulary":"crossref"}]}],"member":"6711","published-online":{"date-parts":[[1969,12,31]]},"container-title":["Cooperativismo &amp; Desarrollo"],"link":[{"URL":"https:\/\/revistas.ucc.edu.co\/index.php\/co\/article\/download\/667\/644","content-type":"application\/pdf","content-version":"vor","intended-application":"text-mining"},{"URL":"https:\/\/revistas.ucc.edu.co\/index.php\/co\/article\/download\/667\/644","content-type":"unspecified","content-version":"vor","intended-application":"similarity-checking"}],"deposited":{"date-parts":[[2019,9,19]],"date-time":"2019-09-19T02:52:04Z","timestamp":1568861524000},"score":0.0,"resource":{"primary":{"URL":"https:\/\/revistas.ucc.edu.co\/index.php\/co\/article\/view\/667"}},"issued":{"date-parts":[[1969,12,31]]},"references-count":0,"journal-issue":{"issue":"103","published-online":{"date-parts":[[2014,8,15]]}},"URL":"https:\/\/doi.org\/10.16925\/co.v21i103.667","ISSN":["2382-4220","0120-7180"],"issn-type":[{"value":"2382-4220","type":"electronic"},{"value":"0120-7180","type":"print"}],"published":{"date-parts":[[1969,12,31]]}},{"indexed":{"date-parts":[[2025,3,5]],"date-time":"2025-03-05T05:38:20Z","timestamp":1741153100961,"version":"3.38.0"},"reference-count":0,"publisher":"Universidad Cooperativa de Colombia - UCC","issue":"DIXI","content-domain":{"domain":[],"crossmark-restriction":false},"short-container-title":["Dixi"],"abstract":"<jats:p>Prop\u00f3sito. Las compraventas requieren el cumplimiento de una solemnidad para su perfeccionamiento, como lo contempla el literal segundo del art\u00edculo 1857 del C\u00f3digo Civil. En contraste, la promesa de compraventa, si exige una solemnidad, aunque m\u00e1s flexible, seg\u00fan lo establece el numeral primero del art\u00edculo 1611 del mismo c\u00f3digo, ya que solo se exige literalidad. Esta \u00faltima ser\u00e1 objeto de la investigaci\u00f3n, pues puede reproducirse en un smart contract. No se trata \u00fanicamente de transcribir una promesa en un ordenador, si no que va m\u00e1s all\u00e1, aplicando el sistema descentralizado del Blockchain; que permite igualmente la descentralizaci\u00f3n de la informaci\u00f3n, creando as\u00ed un \u201cBackUp\u201d autom\u00e1tico de los metadatos que ingresemos. Metodolog\u00eda: Inductiva \u2013 Cualitativa de Derecho Comparado. Resultados: Colombia posee un gran potencial jur\u00eddico en tecnolog\u00eda e innovaci\u00f3n, como lo demuestra su historial normativo. Desde hace d\u00e9cadas, leyes como la 270 de 1996 y la 527 de 1999 han sido pilares fundamentales en la construcci\u00f3n de una Colombia digital. Sin embargo, no fue sino hasta la llegada de una pandemia mundial que se permiti\u00f3 la realizaci\u00f3n de negocios, contratos y tr\u00e1mites judiciales a trav\u00e9s de las nuevas tecnolog\u00edas. A\u00fan m\u00e1s relevante, este contexto impuls\u00f3 la creaci\u00f3n de nuevos despachos y oficinas orientados a la innovaci\u00f3n y la integraci\u00f3n tecnol\u00f3gica en la vida cotidiana del pa\u00eds. Conclusiones: Al automatizar las obligaciones contenidas en una promesa de compraventa, disminuiremos los riesgos de posibles errores o delitos en los contratos. Asimismo, se evitan equivocaciones involuntarias que podr\u00edan surgir en estos acuerdos.<\/jats:p>","DOI":"10.16925\/2357-5891.2025.03.07","type":"journal-article","created":{"date-parts":[[2025,3,4]],"date-time":"2025-03-04T13:26:52Z","timestamp":1741094812000},"page":"1-41","source":"Crossref","is-referenced-by-count":0,"title":["Smart contract de promesa de compraventa"],"prefix":"10.16925","volume":"27","author":[{"given":"Jairo Jessiel","family":"Garnica-M\u00e9rida","sequence":"first","affiliation":[],"role":[{"role":"author","vocabulary":"crossref"}]}],"member":"6711","published-online":{"date-parts":[[2025,3,3]]},"container-title":["Dixi"],"deposited":{"date-parts":[[2025,3,4]],"date-time":"2025-03-04T13:26:59Z","timestamp":1741094819000},"score":0.0,"resource":{"primary":{"URL":"https:\/\/revistas.ucc.edu.co\/index.php\/di\/article\/view\/5266\/"}},"issued":{"date-parts":[[2025,3,3]]},"references-count":0,"journal-issue":{"issue":"DIXI","published-online":{"date-parts":[[2025,3,3]]}},"URL":"https:\/\/doi.org\/10.16925\/2357-5891.2025.03.07","ISSN":["2357-5891"],"issn-type":[{"value":"2357-5891","type":"electronic"}],"published":{"date-parts":[[2025,3,3]]}},{"indexed":{"date-parts":[[2023,4,2]],"date-time":"2023-04-02T04:52:40Z","timestamp":1680411160540},"reference-count":0,"publisher":"Universidad Cooperativa de Colombia- UCC","issue":"1","license":[{"start":{"date-parts":[[2023,3,31]],"date-time":"2023-03-31T00:00:00Z","timestamp":1680220800000},"content-version":"unspecified","delay-in-days":0,"URL":"https:\/\/creativecommons.org\/licenses\/by\/4.0"}],"content-domain":{"domain":[],"crossmark-restriction":false},"short-container-title":["Rastros rostros"],"abstract":"<jats:p>El presente documento es el resultado de un proyecto investigativo que indaga acerca de la necesidad de formaci\u00f3n de profesionales en la regi\u00f3n de Girardot y el Alto Magdalena, se presenta como aporte al di\u00e1logo e indagaciones cr\u00edticas orientadas a la determinaci\u00f3n de los factores y o causas que definen la decisi\u00f3n de los estudiantes de bachillerato para el ingreso a la educaci\u00f3n superior; la investigaci\u00f3n fue de car\u00e1cter descriptiva exploratoria, documental, consisti\u00f3 b\u00e1sicamente en la revisi\u00f3n de material bibliogr\u00e1fico, estad\u00edstico y de informaci\u00f3n diversa. El proceso asume como caso de estudio la Seccional del Alto Magdalena de la Universidad Piloto de Colombia, con base en su situaci\u00f3n actual en tanto como Universidad regional, su objetivo es identificar a partir de las condiciones particulares de la ciudad regi\u00f3n el inter\u00e9s de formaci\u00f3n profesional de los estudiantes, el lugar de formaci\u00f3n y su principales motivaciones, esto contrastado con las expectativas de los empresarios de la regi\u00f3n, que buscan profesionales con habilidades y competencias espec\u00edficas. Como resultado preliminar las carreras en Derecho y Marketing son las m\u00e1s demandadas por los estudiantes, los empresarios por su parte se inclinan por las ciencias administrativas a nivel general.&#x0D;\n\u00a0<\/jats:p>","DOI":"10.16925\/2382-4921.2022.01.01","type":"journal-article","created":{"date-parts":[[2023,4,1]],"date-time":"2023-04-01T03:43:23Z","timestamp":1680320603000},"source":"Crossref","is-referenced-by-count":0,"title":["dilema para elegir la formaci\u00f3n profesional, caso de estudio regi\u00f3n del Alto Magdalena"],"prefix":"10.16925","volume":"24","author":[{"given":"Ulises","family":"Segura Bar\u00f3n","sequence":"first","affiliation":[],"role":[{"role":"author","vocabulary":"crossref"}]},{"given":"Blanca Leider","family":"Arias Esquivel","sequence":"additional","affiliation":[],"role":[{"role":"author","vocabulary":"crossref"}]}],"member":"6711","published-online":{"date-parts":[[2023,3,31]]},"container-title":["Rastros Rostros"],"deposited":{"date-parts":[[2023,4,1]],"date-time":"2023-04-01T03:43:23Z","timestamp":1680320603000},"score":0.0,"resource":{"primary":{"URL":"https:\/\/revistas.ucc.edu.co\/index.php\/ra\/article\/view\/4111"}},"issued":{"date-parts":[[2023,3,31]]},"references-count":0,"journal-issue":{"issue":"1","published-online":{"date-parts":[[2023,3,31]]}},"URL":"https:\/\/doi.org\/10.16925\/2382-4921.2022.01.01","ISSN":["2382-4921","0124-406X"],"issn-type":[{"value":"2382-4921","type":"electronic"},{"value":"0124-406X","type":"print"}],"published":{"date-parts":[[2023,3,31]]}},{"indexed":{"date-parts":[[2025,5,14]],"date-time":"2025-05-14T05:19:07Z","timestamp":1747199947333,"version":"3.40.5"},"reference-count":0,"publisher":"Ediciones Universidad Cooperativa de Colombia","content-domain":{"domain":[],"crossmark-restriction":false},"abstract":"<jats:p>La emergencia de nuevos escenarios sociales, como el de la familia \u201cmultiespecie\u201d (en la que hacen parte los animales de compa\u00f1\u00eda), urge a la disciplina del Derecho a reflexionar sobre temas fundamentales como lo son el sujeto\/objeto de derechos, los derechos\/deberes con animales no humanos, entre otros similares. Por esta raz\u00f3n, esta cartilla pedag\u00f3gica busca proponer conceptos importantes que sirvan de base para el conocimiento y la formulaci\u00f3n de un marco normativo de la eutanasia en Colombia, adecuado al ejercicio efectivo y la garant\u00eda del derecho a morir dignamente, tanto en relaci\u00f3n con los seres humanos, como en relaci\u00f3n con los animales no humanos, dando un nuevo alcance al fen\u00f3meno de la eutanasia. Aunque la eutanasia en animales no es un fen\u00f3meno nuevo, tanto que ni siquiera hay conciencia de cu\u00e1ndo se viene practicando, solo de manera reciente se ha abordado desde la teor\u00eda, lo cual ha permitido diferenciarlo y delimitarlo frente a otros fen\u00f3menos, como el maltrato o el sacrificio animales. Lo anterior es de utilidad no solo para la academia y los creadores de leyes y pol\u00edticas p\u00fablicas, sino para la sociedad en general, toda vez que sirve para educar y generar conciencia creciente sobre un tema que adquiere cada vez mayor relevancia.<\/jats:p>","DOI":"10.16925\/gcgp.89","type":"report","created":{"date-parts":[[2023,10,9]],"date-time":"2023-10-09T20:54:22Z","timestamp":1696884862000},"source":"Crossref","is-referenced-by-count":0,"title":["Bienestar animal y prevenci\u00f3n del maltrato animal: cartilla pedag\u00f3gica"],"prefix":"10.16925","author":[{"name":"Universidad Cooperativa de Colombia","sequence":"first","affiliation":[],"role":[{"role":"author","vocabulary":"crossref"}]},{"ORCID":"https:\/\/orcid.org\/0000-0001-6575-5170","authenticated-orcid":false,"given":"Carlos Jesus","family":"Molina Ricaurte","sequence":"first","affiliation":[],"role":[{"role":"author","vocabulary":"crossref"}]}],"member":"6711","published-online":{"date-parts":[[2023,9]]},"deposited":{"date-parts":[[2023,10,9]],"date-time":"2023-10-09T20:54:24Z","timestamp":1696884864000},"score":0.0,"resource":{"primary":{"URL":"https:\/\/repository.ucc.edu.co\/items\/9df78eed-2fd9-43de-889e-5720b35cba3b"}},"issued":{"date-parts":[[2023,9]]},"references-count":0,"URL":"https:\/\/doi.org\/10.16925\/gcgp.89","published":{"date-parts":[[2023,9]]}},{"indexed":{"date-parts":[[2025,2,21]],"date-time":"2025-02-21T21:57:47Z","timestamp":1740175067123,"version":"3.37.3"},"reference-count":0,"publisher":"Universidad Cooperativa de Colombia - UCC","issue":"23","content-domain":{"domain":[],"crossmark-restriction":false},"short-container-title":["Pensando Psicol."],"abstract":"<jats:p>Prop\u00f3sito: reflexionar sobre dos maneras de asumir la democracia (como forma de gobierno y como estilo de vida), con el fin de pensar desde la psicolog\u00eda social \u2014asumida como una psicolog\u00eda que es pol\u00edtica\u2014 su relaci\u00f3n con la biopol\u00edtica, desde un caso particular que se present\u00f3 en Colombia, conocido como \u201clos falsos positivos\u201d.Tema: la posibilidad de pensar desde la psicolog\u00eda social la vida que se controla pol\u00edticamente, por lo cual se asume desde el discurso de la biopol\u00edtica.Desarrollo: se realiza una contextualizaci\u00f3n con el prop\u00f3sito de reconocer que la psicolog\u00eda social es pol\u00edtica dado el uso del conocimiento que produce, por lo que no le pueden ser ajenos problemas que emergen en la construcci\u00f3n de la democracia, y es as\u00ed plausible el abordaje de su expresi\u00f3n como estilo de vida en relaci\u00f3n con lo que es como forma de gobierno. Desde esta se instauran dispositivos biopol\u00edticos para el control de la vida, y son ejemplo de lo anterior las ejecuciones extrajudiciales que se implementaron en Colombia, conocidas como \u201cfalsos positivos\u201d.Conclusiones: se visibiliza a\u00fan c\u00f3mo la psicolog\u00eda, y en particular la psicolog\u00eda social, es pol\u00edtica dados los usos que se le dan al conocimiento. Por tanto, si este se piensa en t\u00e9rminos de las mayor\u00edas populares, puede aportar en la construcci\u00f3n de una sociedad democr\u00e1tica, en la que esta no sea solo un proceso estructural de gobierno, sino que se despliegue como un ethos cultural en la vida cotidiana. Tal vez as\u00ed se generen procesos de resistencia a la biopol\u00edtica y emerja una psicopol\u00edtica.<\/jats:p>","DOI":"10.16925\/pe.v14i23.2263","type":"journal-article","created":{"date-parts":[[2018,8,24]],"date-time":"2018-08-24T16:09:01Z","timestamp":1535126941000},"source":"Crossref","is-referenced-by-count":0,"title":["Biopol\u00edtica y democracia como estilo de vida: una mirada desde la psicolog\u00eda social"],"prefix":"10.16925","volume":"14","author":[{"ORCID":"https:\/\/orcid.org\/0000-0002-2602-1702","authenticated-orcid":false,"given":"Alvaro","family":"D\u00edaz-G\u00f3mez","sequence":"first","affiliation":[],"role":[{"role":"author","vocabulary":"crossref"}]},{"ORCID":"https:\/\/orcid.org\/0000-0002-2149-1182","authenticated-orcid":false,"given":"Olga Luc\u00eda","family":"Carmona","sequence":"additional","affiliation":[],"role":[{"role":"author","vocabulary":"crossref"}]},{"ORCID":"https:\/\/orcid.org\/0000-0002-3879-2459","authenticated-orcid":false,"given":"Liliana Andrea","family":"Salamanca","sequence":"additional","affiliation":[],"role":[{"role":"author","vocabulary":"crossref"}]}],"member":"6711","published-online":{"date-parts":[[2018,4,1]]},"container-title":["Pensando Psicolog\u00eda"],"link":[{"URL":"https:\/\/revistas.ucc.edu.co\/index.php\/pe\/article\/download\/2263\/2397","content-type":"application\/pdf","content-version":"vor","intended-application":"text-mining"},{"URL":"https:\/\/revistas.ucc.edu.co\/index.php\/pe\/article\/download\/2263\/2604","content-type":"unspecified","content-version":"vor","intended-application":"text-mining"},{"URL":"https:\/\/revistas.ucc.edu.co\/index.php\/pe\/article\/download\/2263\/2397","content-type":"unspecified","content-version":"vor","intended-application":"similarity-checking"}],"deposited":{"date-parts":[[2020,8,29]],"date-time":"2020-08-29T06:31:26Z","timestamp":1598682686000},"score":0.0,"resource":{"primary":{"URL":"https:\/\/revistas.ucc.edu.co\/index.php\/pe\/article\/view\/2263"}},"issued":{"date-parts":[[2018,4,1]]},"references-count":0,"journal-issue":{"issue":"23","published-online":{"date-parts":[[2018,4,1]]}},"URL":"https:\/\/doi.org\/10.16925\/pe.v14i23.2263","ISSN":["2382-3984","1900-3099"],"issn-type":[{"type":"electronic","value":"2382-3984"},{"type":"print","value":"1900-3099"}],"published":{"date-parts":[[2018,4,1]]}},{"indexed":{"date-parts":[[2022,3,31]],"date-time":"2022-03-31T20:56:57Z","timestamp":1648760217325},"reference-count":0,"publisher":"Universidad Cooperativa de Colombia- UCC","issue":"3","license":[{"start":{"date-parts":[[2021,9,6]],"date-time":"2021-09-06T00:00:00Z","timestamp":1630886400000},"content-version":"unspecified","delay-in-days":0,"URL":"http:\/\/creativecommons.org\/licenses\/by-nc-nd\/4.0\/"}],"content-domain":{"domain":[],"crossmark-restriction":false},"short-container-title":["ing. Solidar"],"abstract":"<jats:p>Introduction: This paper is the result of the research \u201cOptimal LQG controller to open rudder supplying water to turbine of small and medium hydro power plants\u201d developed in the Electric Power University in Vietnam in 2019.&#x0D;\nProblem: To maintain the frequency of the emitted voltage of the generator at the nominal value of 50 Hz, the authors present a solution to apply the optimal control theory to create a command to control the rudder angle to adjust the water flow into the turbine.&#x0D;\nObjective: The article presented about the order value formation algorithm, to stabilize the frequency of transmission voltage at 50 Hz standard value.&#x0D;\nMethodology: In this paper, the laws to control the rudder supplying water to turbine of small and medium hydro power plants are synthesized by optimal control theory. To establish optimal control rules, the paper proposes using the Kalman filter to estimate the state of the object. By that, the frequency of generated voltage will be stabilized under changing load. The efficacy of the steady and dynamic performance of the control strategy was verified using Matlab\/Simulink software.&#x0D;\nResults: The proposed system can compensate for power fluctuations and is effective in terms of power regulation.&#x0D;\nConclusion: The algorithm presented in the paper is the basis for setting up the software when when designing and manufacturing the turbine - generator combination. Applying this algorithm, the process of adjusting the transmitted power according to the required load will be performed with quality.&#x0D;\nOriginality: This paper\u2019s contribution lies in its employment of an effective optimal LQG control for varying operating conditions.&#x0D;\nLimitations: The authors need to spend more time to the development and and test this algorithm and and implementing it in practice.<\/jats:p>","DOI":"10.16925\/2357-6014.2021.03.07","type":"journal-article","created":{"date-parts":[[2022,2,1]],"date-time":"2022-02-01T13:10:29Z","timestamp":1643721029000},"page":"1-21","source":"Crossref","is-referenced-by-count":0,"title":["Optimal LQG controller to adjust the rudder supplying water to the turbine of small and medium hydro power plants"],"prefix":"10.16925","volume":"17","author":[{"given":"Giang","family":"Le Ngoc","sequence":"first","affiliation":[],"role":[{"role":"author","vocabulary":"crossref"}]}],"member":"6711","published-online":{"date-parts":[[2021,9,6]]},"container-title":["Ingenier\u00eda Solidaria"],"link":[{"URL":"https:\/\/revistas.ucc.edu.co\/index.php\/in\/article\/download\/3575\/3265","content-type":"application\/pdf","content-version":"vor","intended-application":"text-mining"},{"URL":"https:\/\/revistas.ucc.edu.co\/index.php\/in\/article\/download\/3575\/3265","content-type":"unspecified","content-version":"vor","intended-application":"similarity-checking"}],"deposited":{"date-parts":[[2022,2,1]],"date-time":"2022-02-01T13:10:29Z","timestamp":1643721029000},"score":0.0,"resource":{"primary":{"URL":"https:\/\/revistas.ucc.edu.co\/index.php\/in\/article\/view\/3575"}},"issued":{"date-parts":[[2021,9,6]]},"references-count":0,"journal-issue":{"issue":"3","published-online":{"date-parts":[[2021,9,6]]}},"URL":"https:\/\/doi.org\/10.16925\/2357-6014.2021.03.07","ISSN":["2357-6014","1900-3102"],"issn-type":[{"value":"2357-6014","type":"electronic"},{"value":"1900-3102","type":"print"}],"published":{"date-parts":[[2021,9,6]]}},{"indexed":{"date-parts":[[2023,8,29]],"date-time":"2023-08-29T07:44:34Z","timestamp":1693295074388},"reference-count":0,"publisher":"Universidad Cooperativa de Colombia- UCC","issue":"1","content-domain":{"domain":[],"crossmark-restriction":false},"short-container-title":["ing. Solidar"],"abstract":"<jats:p>Introduction: The covid-19 pandemic has significantly changed consumption habits, with by cutting unnecessary spending on fashion products, and focusing on sustainable products. Therefore, greener textile innovation is currently a rapidly growing trend, bringing new sales and flexible production capabilities. The article presents impact of new generation FTA like EVFTA, CPTPP on sustainable textile product innovation.  Problem: Greener production is dominant in several export industries. After the Covid-19 pandemic shifting from fast fashion to sustainable fashion is more and more changing.  Objective: The aim of this study is to examine impact directly as well as indirectly the relationship between FTA expectation on SPIC via 2 mediating variable such as environmental regulation and CEO\u2019s perception.  Methodology: The study is exploratory research, it was modeled using PLS-SEM to test the relationships in the model.  Results: Both Environment Regulation and CEO's perception play an important role as partial mediation in the relationship between FTA expectation and sustainable product innovation capability.  Conclusion: This project seeks to generate a change in the behavior of the use towards efficiency and modification of user practices to favor the sustainability standard of the textile and garment firm.  Originality: Through this research, integrated and sustainable textile and garment management strategies are formulated for green marketing strategies in Vietnam.  Limitations: The lack of information provided by the municipality and access to the sampling points.<\/jats:p>","DOI":"10.16925\/2357-6014.2023.01.10","type":"journal-article","created":{"date-parts":[[2023,8,28]],"date-time":"2023-08-28T15:49:44Z","timestamp":1693237784000},"page":"1-24","source":"Crossref","is-referenced-by-count":0,"title":["Effect of new generation Ftas onsustainable product innovation: empirical evidence fromvietnamese listed textile firms"],"prefix":"10.16925","volume":"19","author":[{"given":"Nguy\u1ec5n Th\u1ecb","family":"H\u1ed3ng Nga","sequence":"first","affiliation":[],"role":[{"role":"author","vocabulary":"crossref"}]},{"given":"Nguyen","family":"Dac Thanh","sequence":"additional","affiliation":[],"role":[{"role":"author","vocabulary":"crossref"}]},{"given":"Xuan Phuong","family":"Xuan Phuong","sequence":"additional","affiliation":[],"role":[{"role":"author","vocabulary":"crossref"}]}],"member":"6711","published-online":{"date-parts":[[2023,6,14]]},"container-title":["Ingenieria Solidaria"],"deposited":{"date-parts":[[2023,8,28]],"date-time":"2023-08-28T15:49:49Z","timestamp":1693237789000},"score":0.0,"resource":{"primary":{"URL":"https:\/\/revistas.ucc.edu.co\/index.php\/in\/article\/view\/4586"}},"issued":{"date-parts":[[2023,6,14]]},"references-count":0,"journal-issue":{"issue":"1","published-online":{"date-parts":[[2023,6,14]]}},"URL":"https:\/\/doi.org\/10.16925\/2357-6014.2023.01.10","ISSN":["2357-6014"],"issn-type":[{"value":"2357-6014","type":"electronic"}],"published":{"date-parts":[[2023,6,14]]}},{"indexed":{"date-parts":[[2022,3,29]],"date-time":"2022-03-29T21:02:51Z","timestamp":1648587771534},"reference-count":0,"publisher":"Universidad Cooperativa de Colombia- UCC","issue":"3","content-domain":{"domain":[],"crossmark-restriction":false},"short-container-title":["ing. Solidar"],"abstract":"<jats:p>Introduction: This article is the result of the research \u201cEnergy efficient routing protocols in wireless sensor network: Examine the impact of M-SEEC routing protocols on the lifetime of WSN with an energy efficient TABU optimization routing protocol\u201ddeveloped in the IKG, Punjab Technical University, India in 2019.Problem: The task of finding and maintaining routes in WSNs is non-trivialsince energy restrictions and sudden changes in node status cause frequent and unpredictable changes.Objective: The objective of this paper is to propose an energy efficient heterogeneous protocolwith the help of a hybrid meta-heuristic technique.Methodology: In the hybrid meta-heuristic technique, the shortest route has been selected and the data forwarded to the sink in a minimal time span,savingenergy and making the network more stable. To evaluate the technique, a new hybrid technique has been created where the data transmission is implemented from the beginning under MATLAB 2013a.Results: The proposed technique is better than the existing ones since the remaining energy in the network is increased by 62% compared to normal nodes in MSEEC, 65% compared to advanced nodes in MSEEC and 70% compared to super nodes in MSEEC. The network lifetime was also enhanced by 70.8% compared to MSEEC.Conclusion: The proposed protocol was found to be superior based on the average residual energy.This paper proposes an efficient routing mechanism towards the energy efficient network.Originality: Through this research, a novel version of MSEEC protocol is carried out using the TABU search mechanism to generate the functions of two neighbourhoods to detect the optimum path with the aim of maximizing the network lifetime in an area of 200\u00d7200m2.Limitations: The lack of other routing techniques falls under swarm intelligence.<\/jats:p>","DOI":"10.16925\/2357-6014.2020.03.07","type":"journal-article","created":{"date-parts":[[2020,11,19]],"date-time":"2020-11-19T16:23:48Z","timestamp":1605803028000},"page":"1-31","source":"Crossref","is-referenced-by-count":0,"title":["Energy Efficient TABU Optimization Routing Protocol for WSN"],"prefix":"10.16925","volume":"16","author":[{"given":"Varsha","family":"Shani","sequence":"first","affiliation":[],"role":[{"role":"author","vocabulary":"crossref"}]},{"given":"Manju","family":"Bala","sequence":"additional","affiliation":[],"role":[{"role":"author","vocabulary":"crossref"}]},{"given":"Manoj","family":"Kumar","sequence":"additional","affiliation":[],"role":[{"role":"author","vocabulary":"crossref"}]},{"given":"Neeraj","family":"Kumar","sequence":"additional","affiliation":[],"role":[{"role":"author","vocabulary":"crossref"}]}],"member":"6711","published-online":{"date-parts":[[2020,9,2]]},"container-title":["Ingenier\u00eda Solidaria"],"link":[{"URL":"https:\/\/revistas.ucc.edu.co\/index.php\/in\/article\/download\/3794\/3087","content-type":"application\/pdf","content-version":"vor","intended-application":"text-mining"},{"URL":"https:\/\/revistas.ucc.edu.co\/index.php\/in\/article\/download\/3794\/3087","content-type":"unspecified","content-version":"vor","intended-application":"similarity-checking"}],"deposited":{"date-parts":[[2020,11,19]],"date-time":"2020-11-19T16:23:49Z","timestamp":1605803029000},"score":0.0,"resource":{"primary":{"URL":"https:\/\/revistas.ucc.edu.co\/index.php\/in\/article\/view\/3794"}},"issued":{"date-parts":[[2020,9,2]]},"references-count":0,"journal-issue":{"issue":"3","published-online":{"date-parts":[[2020,9,1]]}},"URL":"https:\/\/doi.org\/10.16925\/2357-6014.2020.03.07","ISSN":["2357-6014","1900-3102"],"issn-type":[{"value":"2357-6014","type":"electronic"},{"value":"1900-3102","type":"print"}],"published":{"date-parts":[[2020,9,2]]}},{"indexed":{"date-parts":[[2024,2,14]],"date-time":"2024-02-14T01:14:19Z","timestamp":1707873259171},"reference-count":0,"publisher":"Universidad Cooperativa de Colombia - UCC","issue":"127","content-domain":{"domain":[],"crossmark-restriction":false},"short-container-title":["Coop. Desarro."],"abstract":"<jats:p>Este documento pretende mostrar un ejercicio inicial donde se verifica la relaci\u00f3n existente entre la Econom\u00eda Social y Solidaria con el Desarrollo en el Departamento de Antioquia, un ejercicio utilizando la informaci\u00f3n re-portada en uaeos (Unidad Administrativa Especial de Organizaciones Solidarias) para el 2019. Se recurri\u00f3 a la realizaci\u00f3n de una serie de regresiones en M\u00ednimos Cuadrados Ordinarios en base de datos de corte transver-sal por el a\u00f1o mencionado. Se encontr\u00f3 relaci\u00f3n estad\u00edsticamente significativa entre la cantidad de entidades de Econom\u00eda Social y Solidaria existentes en los municipios analizados y el nivel de Producto Interno Bruto como medida inicial de desarrollo. En otras variables la relaci\u00f3n no es significativa a excepci\u00f3n del n\u00famero de socios, excluyendo del an\u00e1lisis a la ciudad de Medell\u00edn.<\/jats:p>","DOI":"10.16925\/2382-4220.2023.03.02","type":"journal-article","created":{"date-parts":[[2024,2,13]],"date-time":"2024-02-13T17:14:26Z","timestamp":1707844466000},"page":"1-17","source":"Crossref","is-referenced-by-count":0,"title":["Econom\u00eda social y solidaria en el desarrollo de Antioquia: una aproximaci\u00f3n"],"prefix":"10.16925","volume":"31","author":[{"given":"Juli\u00e1n Mauricio","family":"V\u00e9lez Tamayo","sequence":"first","affiliation":[],"role":[{"role":"author","vocabulary":"crossref"}]}],"member":"6711","published-online":{"date-parts":[[2024,2,7]]},"container-title":["Cooperativismo &amp; Desarrollo"],"deposited":{"date-parts":[[2024,2,13]],"date-time":"2024-02-13T17:14:30Z","timestamp":1707844470000},"score":0.0,"resource":{"primary":{"URL":"https:\/\/revistas.ucc.edu.co\/index.php\/co\/article\/view\/4531\/"}},"issued":{"date-parts":[[2024,2,7]]},"references-count":0,"journal-issue":{"issue":"127","published-online":{"date-parts":[[2024,2,7]]}},"URL":"https:\/\/doi.org\/10.16925\/2382-4220.2023.03.02","ISSN":["2382-4220"],"issn-type":[{"value":"2382-4220","type":"electronic"}],"published":{"date-parts":[[2024,2,7]]}},{"indexed":{"date-parts":[[2022,4,5]],"date-time":"2022-04-05T18:46:02Z","timestamp":1649184362611},"reference-count":0,"publisher":"Universidad Cooperativa de Colombia- UCC","issue":"1","license":[{"start":{"date-parts":[[2019,12,29]],"date-time":"2019-12-29T00:00:00Z","timestamp":1577577600000},"content-version":"unspecified","delay-in-days":0,"URL":"http:\/\/creativecommons.org\/licenses\/by-nc-nd\/4.0"}],"content-domain":{"domain":[],"crossmark-restriction":false},"short-container-title":["Rev. nac. odontol."],"abstract":"<jats:p>Introducci\u00f3n: el labio o paladar hendido es la malformaci\u00f3n cr\u00e1neo facial m\u00e1s prevalente, su etiolog\u00eda es multifactorial y produce diferentes anomal\u00edas dentales, entre las m\u00e1s frecuentes est\u00e1n: de n\u00famero, forma, posici\u00f3n, tama\u00f1o, estructura y aumenta la probabilidad de desarrollar caries dental. Estas producen a los pacientes problemas de degluci\u00f3n, habla y fonaci\u00f3n, por esto su abordaje es multidisciplinario para tratar la variabilidad de implicaciones est\u00e9ticas, funcionales, anat\u00f3micas y psicol\u00f3gicas.Materiales y m\u00e9todos: se realiz\u00f3 una revisi\u00f3n descriptiva de la literatura incluyendo art\u00edculos originales, meta an\u00e1lisis y revisiones bibliogr\u00e1ficas, publicados entre el 2012 y 2018 que abordaran anomal\u00edas dentales de pacientes con LPH no sindr\u00f3mico, excluyendo reportes de caso, tesis de pregrado y posgrado.\u00a0Resultados: dentro de las anomal\u00edas dentales m\u00e1s frecuentes se encontraron: anomal\u00edas de forma (diente c\u00f3nico y fusi\u00f3n dental), alteraciones de n\u00famero (agenesias dentales, dientes supernumerarios), anomal\u00edas de posici\u00f3n (mesioversi\u00f3n, distoversi\u00f3n, giroversi\u00f3n y gresiones), de tama\u00f1o (microdoncia y macrodoncia), de estructura (amilog\u00e9nesis imperfecta) y alta prevalencia de caries dental.<\/jats:p>","DOI":"10.16925\/2357-4607.2020.01.04","type":"journal-article","created":{"date-parts":[[2020,10,9]],"date-time":"2020-10-09T06:17:12Z","timestamp":1602224232000},"page":"1-17","source":"Crossref","is-referenced-by-count":0,"title":["Anomal\u00edas dentales de los pacientes con labio y paladar hendido"],"prefix":"10.16925","volume":"16","author":[{"given":"Melissa Katherine","family":"S\u00e1nchez Pe\u00f1a","sequence":"first","affiliation":[],"role":[{"role":"author","vocabulary":"crossref"}]},{"given":"Johnny Alexander","family":"Galvis Aricapa","sequence":"additional","affiliation":[],"role":[{"role":"author","vocabulary":"crossref"}]}],"member":"6711","published-online":{"date-parts":[[2019,12,29]]},"container-title":["Revista Nacional de Odontolog\u00eda"],"link":[{"URL":"https:\/\/revistas.ucc.edu.co\/index.php\/od\/article\/download\/3343\/2947","content-type":"application\/pdf","content-version":"vor","intended-application":"text-mining"},{"URL":"https:\/\/revistas.ucc.edu.co\/index.php\/od\/article\/download\/3343\/2947","content-type":"unspecified","content-version":"vor","intended-application":"similarity-checking"}],"deposited":{"date-parts":[[2020,10,9]],"date-time":"2020-10-09T06:17:13Z","timestamp":1602224233000},"score":0.0,"resource":{"primary":{"URL":"https:\/\/revistas.ucc.edu.co\/index.php\/od\/article\/view\/3343"}},"subtitle":["Revisi\u00f3n de la literatura"],"issued":{"date-parts":[[2019,12,29]]},"references-count":0,"journal-issue":{"issue":"1","published-online":{"date-parts":[[2020,9,4]]}},"URL":"https:\/\/doi.org\/10.16925\/2357-4607.2020.01.04","ISSN":["2357-4607","1900-3080"],"issn-type":[{"value":"2357-4607","type":"electronic"},{"value":"1900-3080","type":"print"}],"published":{"date-parts":[[2019,12,29]]}},{"indexed":{"date-parts":[[2022,3,29]],"date-time":"2022-03-29T22:00:33Z","timestamp":1648591233117},"reference-count":0,"publisher":"Universidad Cooperativa de Colombia- UCC","issue":"17","content-domain":{"domain":[],"crossmark-restriction":false},"short-container-title":["Pensando Psicol."],"abstract":"<jats:p>Las redes de apoyo social constituyen un tema de gran inter\u00e9s en relaci\u00f3n con los adultos mayores. Su efecto sobre el bienestar integral ha sido extensamente comprobado y por ello se ha incluido entre los principales objetivos, estrategias, planes y recomendaciones internacionales dirigidos a la poblaci\u00f3n mayor. Este estudio se propuso tanto identificar y caracterizar los v\u00ednculos de la red de apoyo social que brindan mayor satisfacci\u00f3n en esta etapa de la vida, como evaluar las funciones de apoyo que estos cumpl\u00edan seg\u00fan la conformaci\u00f3n del grupo conviviente. Se implement\u00f3 un dise\u00f1o no experimental transversal. El estudio fue descriptivo-correlacional. Se seleccion\u00f3 una muestra no probabil\u00edstica-intencional de 120 adultos mayores (de 60 a 85 a\u00f1os), de ambos sexos y de tres tipos de grupo conviviente: los que viv\u00edan solos, los que viv\u00edan \u00fanicamente con su pareja y los que viv\u00edan con otros familiares. A la muestra se le administr\u00f3 el cuestionario de datos sociodemogr\u00e1ficos y la Entrevista Estructurada de Fuentes de Apoyo Social (Vaux y Harrison, 1985). Los resultados evidencian el papel central que ocupan los hijos, la pareja y los amigos en la vejez. Adem\u00e1s, se observaron diferencias estad\u00edsticamente significativas seg\u00fan g\u00e9nero y grupo conviviente en la elecci\u00f3n del v\u00ednculo que brinda mayor satisfacci\u00f3n.<\/jats:p>","DOI":"10.16925\/pe.v10i17.785","type":"journal-article","created":{"date-parts":[[2015,2,10]],"date-time":"2015-02-10T11:25:11Z","timestamp":1423567511000},"page":"61-70","source":"Crossref","is-referenced-by-count":1,"title":["Los v\u00ednculos que brindan mayor satisfacci\u00f3n en la red de apoyo social de los adultos"],"prefix":"10.16925","volume":"10","author":[{"given":"Luciana","family":"Polizzi","sequence":"first","affiliation":[],"role":[{"role":"author","vocabulary":"crossref"}]},{"given":"Claudia Josefina","family":"Arias","sequence":"additional","affiliation":[],"role":[{"role":"author","vocabulary":"crossref"}]}],"member":"6711","published-online":{"date-parts":[[2014,12,15]]},"container-title":["Pensando Psicolog\u00eda"],"link":[{"URL":"https:\/\/revistas.ucc.edu.co\/index.php\/pe\/article\/download\/785\/880","content-type":"application\/pdf","content-version":"vor","intended-application":"text-mining"},{"URL":"https:\/\/revistas.ucc.edu.co\/index.php\/pe\/article\/download\/785\/880","content-type":"unspecified","content-version":"vor","intended-application":"similarity-checking"}],"deposited":{"date-parts":[[2020,8,29]],"date-time":"2020-08-29T07:01:48Z","timestamp":1598684508000},"score":0.0,"resource":{"primary":{"URL":"https:\/\/revistas.ucc.edu.co\/index.php\/pe\/article\/view\/785"}},"issued":{"date-parts":[[2014,12,15]]},"references-count":0,"journal-issue":{"issue":"17","published-online":{"date-parts":[[2014,12,15]]}},"URL":"https:\/\/doi.org\/10.16925\/pe.v10i17.785","ISSN":["2382-3984","1900-3099"],"issn-type":[{"value":"2382-3984","type":"electronic"},{"value":"1900-3099","type":"print"}],"published":{"date-parts":[[2014,12,15]]}},{"indexed":{"date-parts":[[2022,4,1]],"date-time":"2022-04-01T20:49:02Z","timestamp":1648846142542},"reference-count":0,"publisher":"Universidad Cooperativa de Colombia- UCC","issue":"105","content-domain":{"domain":[],"crossmark-restriction":false},"short-container-title":["Coop. Desarro."],"DOI":"10.16925\/co.v22i105.1112","type":"journal-article","created":{"date-parts":[[2019,9,10]],"date-time":"2019-09-10T02:49:33Z","timestamp":1568083773000},"source":"Crossref","is-referenced-by-count":0,"title":["Editorial"],"prefix":"10.16925","volume":"22","author":[{"given":"Verel Elvira","family":"Monroy Flores","sequence":"first","affiliation":[],"role":[{"role":"author","vocabulary":"crossref"}]}],"member":"6711","published-online":{"date-parts":[[2014,12,5]]},"container-title":["Cooperativismo &amp; Desarrollo"],"link":[{"URL":"https:\/\/revistas.ucc.edu.co\/index.php\/co\/article\/download\/1112\/1504","content-type":"application\/pdf","content-version":"vor","intended-application":"text-mining"},{"URL":"https:\/\/revistas.ucc.edu.co\/index.php\/co\/article\/download\/1112\/1504","content-type":"unspecified","content-version":"vor","intended-application":"similarity-checking"}],"deposited":{"date-parts":[[2019,9,10]],"date-time":"2019-09-10T02:49:33Z","timestamp":1568083773000},"score":0.0,"resource":{"primary":{"URL":"https:\/\/revistas.ucc.edu.co\/index.php\/co\/article\/view\/1112"}},"issued":{"date-parts":[[2014,12,5]]},"references-count":0,"journal-issue":{"issue":"105","published-online":{"date-parts":[[2014,12,5]]}},"URL":"https:\/\/doi.org\/10.16925\/co.v22i105.1112","ISSN":["2382-4220","0120-7180"],"issn-type":[{"value":"2382-4220","type":"electronic"},{"value":"0120-7180","type":"print"}],"published":{"date-parts":[[2014,12,5]]}},{"indexed":{"date-parts":[[2022,4,3]],"date-time":"2022-04-03T14:45:01Z","timestamp":1648997101442},"reference-count":0,"publisher":"Universidad Cooperativa de Colombia- UCC","issue":"20","content-domain":{"domain":[],"crossmark-restriction":false},"short-container-title":["Revista Estrategias"],"DOI":"10.16925\/es.v10i20.36","type":"journal-article","created":{"date-parts":[[2015,2,26]],"date-time":"2015-02-26T21:38:44Z","timestamp":1424986724000},"source":"Crossref","is-referenced-by-count":0,"title":["Inteligencia social: una aproximaci\u00f3n desde la gesti\u00f3n de la organizaci\u00f3n"],"prefix":"10.16925","volume":"10","author":[{"given":"Luis Felipe","family":"Triana","sequence":"first","affiliation":[],"role":[{"role":"author","vocabulary":"crossref"}]},{"given":"Luis G.","family":"Forero","sequence":"additional","affiliation":[],"role":[{"role":"author","vocabulary":"crossref"}]}],"member":"6711","published-online":{"date-parts":[[2013,10,21]]},"container-title":["Estrategias"],"deposited":{"date-parts":[[2015,2,26]],"date-time":"2015-02-26T21:38:58Z","timestamp":1424986738000},"score":0.0,"resource":{"primary":{"URL":"http:\/\/revistas.ucc.edu.co\/index.php\/es\/article\/view\/36"}},"issued":{"date-parts":[[2013,10,21]]},"references-count":0,"journal-issue":{"issue":"20","published-online":{"date-parts":[[2013,10,21]]}},"URL":"https:\/\/doi.org\/10.16925\/es.v10i20.36","ISSN":["1794-1652"],"issn-type":[{"value":"1794-1652","type":"print"}],"published":{"date-parts":[[2013,10,21]]}},{"indexed":{"date-parts":[[2022,6,29]],"date-time":"2022-06-29T19:41:29Z","timestamp":1656531689958},"reference-count":0,"publisher":"Universidad Cooperativa de Colombia- UCC","issue":"1","license":[{"start":{"date-parts":[[2022,6,28]],"date-time":"2022-06-28T00:00:00Z","timestamp":1656374400000},"content-version":"unspecified","delay-in-days":0,"URL":"http:\/\/creativecommons.org\/licenses\/by-nc-nd\/4.0"}],"content-domain":{"domain":[],"crossmark-restriction":false},"short-container-title":["Rastros rostros"],"abstract":"<jats:p>There is enough evidence that Metalinguistic Knowledge (MK) benefits second language (SL) and foreign language (FL) learners\u2019 communicative skills and SL and FL teachers\u2019 classroom performance, therefore it should be an important component in SL and FL teacher training. Very little is known, however, about Chilean English as Foreign Language (EFL) teacher trainees, who are, at the same time, language learners. The study reported here aimed to find out the correlation and regression of future Chilean EFL teachers\u2019 MK and their Communicative Competence (CC).\u00a0 In order to measure their MK, two tests were used: the Metalinguistic Knowledge Test and the Grammaticality Judgement Test. In regard to their CC, the grades of the English CC Development Course were considered. The participants were 59 first year EFL teacher trainees of an EFL teacher training program of a Chilean university. General results show that there is a positive moderate correlation between MK and CC and that the GJT and the MKT explain 26,5 % of the CC Final Grade.\u00a0\u00a0<\/jats:p>","DOI":"10.16925\/2382-4921.2020.01.04","type":"journal-article","created":{"date-parts":[[2022,6,28]],"date-time":"2022-06-28T21:32:20Z","timestamp":1656451940000},"page":"1-16","source":"Crossref","is-referenced-by-count":0,"title":["Exploring the Relationship between Metalinguistic Knowledge and Communicative Competence of Chilean EFL Teacher Trainees"],"prefix":"10.16925","volume":"22","author":[{"given":"Eladio","family":"Donoso","sequence":"first","affiliation":[],"role":[{"role":"author","vocabulary":"crossref"}]}],"member":"6711","published-online":{"date-parts":[[2022,6,28]]},"container-title":["Rastros Rostros"],"link":[{"URL":"https:\/\/revistas.ucc.edu.co\/index.php\/ra\/article\/download\/3803\/3307","content-type":"application\/pdf","content-version":"vor","intended-application":"text-mining"},{"URL":"https:\/\/revistas.ucc.edu.co\/index.php\/ra\/article\/download\/3803\/3307","content-type":"unspecified","content-version":"vor","intended-application":"similarity-checking"}],"deposited":{"date-parts":[[2022,6,28]],"date-time":"2022-06-28T21:32:21Z","timestamp":1656451941000},"score":0.0,"resource":{"primary":{"URL":"https:\/\/revistas.ucc.edu.co\/index.php\/ra\/article\/view\/3803"}},"issued":{"date-parts":[[2022,6,28]]},"references-count":0,"journal-issue":{"issue":"1","published-online":{"date-parts":[[2022,6,28]]}},"URL":"https:\/\/doi.org\/10.16925\/2382-4921.2020.01.04","ISSN":["2382-4921","0124-406X"],"issn-type":[{"value":"2382-4921","type":"electronic"},{"value":"0124-406X","type":"print"}],"published":{"date-parts":[[2022,6,28]]}},{"indexed":{"date-parts":[[2022,4,3]],"date-time":"2022-04-03T19:07:40Z","timestamp":1649012860911},"reference-count":0,"publisher":"Universidad Cooperativa de Colombia- UCC","issue":"23","license":[{"start":{"date-parts":[[2016,5,19]],"date-time":"2016-05-19T00:00:00Z","timestamp":1463616000000},"content-version":"unspecified","delay-in-days":0,"URL":"http:\/\/creativecommons.org\/licenses\/by-nc-nd\/4.0"}],"content-domain":{"domain":[],"crossmark-restriction":false},"short-container-title":["Rev. nac. odontol."],"abstract":"<jats:p>Introducci\u00f3n: la satisfacci\u00f3n de los pacientes con los servicios de salud recibidos, es un elemento fundamental en la medici\u00f3n de la calidad de la atenci\u00f3n. Objetivo:describir la satisfacci\u00f3n de los pacientes respecto a la atenci\u00f3n odontol\u00f3gica, en las cl\u00ednicas del adulto de la Facultad de Odontolog\u00eda de la Universidad Cooperativa de Colombia Sede Medell\u00edn, Envigado. M\u00e9todos: estudio observacional, descriptivo y transversal. Se calcul\u00f3 una muestra representativa de 188 pacientes. Previo consentimiento informado [estudio sin riesgo seg\u00fan la resoluci\u00f3n 8430 de 1993 (Colombia), se encuestaron aleatoriamente los pacientes, quienes consultaron en la facultad de odontolog\u00eda de la Universidad Cooperativa de Colombia, sede Envigado. Para el procesamiento de los datos se utiliz\u00f3 el programa estad\u00edstico SPSS versi\u00f3n 21.0. Se realiz\u00f3 un an\u00e1lisis univariado. Resultados:de los 188 pacientes, 68,1% (128) fueron mujeres, la edad promedio fue de 34,04 \u00b1 9,71 [20-76] a\u00f1os. El 68% asiste a la consulta por tratamiento de pr\u00f3tesis fija, 16,5% pr\u00f3tesis removible, 14,4% pr\u00f3tesis total y 1,1% blanqueamiento dental. El 100% de la poblaci\u00f3n atendida informa que recibi\u00f3 un buen trato por parte del estudiante, docente y auxiliar de cl\u00ednica. El 100% (188) de los pacientes consider\u00f3 que fue solucionado su motivo de consulta. El 95,7% de los pacientes volver\u00eda a consultar y el 99% recomendar\u00eda el servicio de odontolog\u00eda. La opini\u00f3n de los pacientes respecto a las instalaciones f\u00edsicas fue buena en general para la higiene e iluminaci\u00f3n 97%, orden 96% y ventilaci\u00f3n 83%. La privacidad fue el \u00fanico factor evaluado como malo (3,2%). Conclusiones: los pacientes atendidos en la cl\u00ednica integral del adulto quedaron satisfechos con la atenci\u00f3n recibida y su motivo de consulta fue resuelto, consultaron principalmente por tratamiento de pr\u00f3tesis fija y parcial removible, la mayor\u00eda regresar\u00eda, recomendar\u00eda el servicio a otras personas y tienen una opini\u00f3n excelente respecto a las relaciones interpersonales y buena en general en cuanto a la planta f\u00edsica, excepto por la privacidad.<\/jats:p>","DOI":"10.16925\/od.v12i23.1397","type":"journal-article","created":{"date-parts":[[2019,4,9]],"date-time":"2019-04-09T20:55:43Z","timestamp":1554843343000},"page":"57-62","source":"Crossref","is-referenced-by-count":0,"title":["Satisfacci\u00f3n de los pacientes atendidos en Cl\u00ednica Odontol\u00f3gica de la Universidad Cooperativa de Colombia"],"prefix":"10.16925","volume":"12","author":[{"given":"\u00c1ngela Mar\u00eda","family":"Sarrazola-Moncada","sequence":"first","affiliation":[],"role":[{"role":"author","vocabulary":"crossref"}]},{"given":"Melissa Andrea","family":"Casta\u00f1o-Tabares","sequence":"first","affiliation":[],"role":[{"role":"author","vocabulary":"crossref"}]},{"given":"Andrea","family":"S\u00e1nchez-Upegui","sequence":"first","affiliation":[],"role":[{"role":"author","vocabulary":"crossref"}]},{"given":"Mar\u00eda Alejandra","family":"Garc\u00eda-Moreno","sequence":"first","affiliation":[],"role":[{"role":"author","vocabulary":"crossref"}]},{"given":"Milena","family":"Ar\u00e9valo","sequence":"first","affiliation":[],"role":[{"role":"author","vocabulary":"crossref"}]},{"given":"Yenifer","family":"Pel\u00e1ez","sequence":"first","affiliation":[],"role":[{"role":"author","vocabulary":"crossref"}]}],"member":"6711","published-online":{"date-parts":[[2016,5,19]]},"container-title":["Revista Nacional de Odontolog\u00eda"],"link":[{"URL":"https:\/\/revistas.ucc.edu.co\/index.php\/od\/article\/download\/1397\/1732","content-type":"application\/pdf","content-version":"vor","intended-application":"text-mining"},{"URL":"https:\/\/revistas.ucc.edu.co\/index.php\/od\/article\/download\/1397\/1732","content-type":"unspecified","content-version":"vor","intended-application":"similarity-checking"}],"deposited":{"date-parts":[[2019,4,9]],"date-time":"2019-04-09T20:55:44Z","timestamp":1554843344000},"score":0.0,"resource":{"primary":{"URL":"https:\/\/revistas.ucc.edu.co\/index.php\/od\/article\/view\/1397"}},"issued":{"date-parts":[[2016,5,19]]},"references-count":0,"journal-issue":{"issue":"23","published-online":{"date-parts":[[2016,5,10]]}},"URL":"https:\/\/doi.org\/10.16925\/od.v12i23.1397","ISSN":["2357-4607","1900-3080"],"issn-type":[{"value":"2357-4607","type":"electronic"},{"value":"1900-3080","type":"print"}],"published":{"date-parts":[[2016,5,19]]}},{"indexed":{"date-parts":[[2022,6,9]],"date-time":"2022-06-09T16:41:02Z","timestamp":1654792862485},"reference-count":0,"publisher":"Ediciones Universidad Cooperativa de Colombia","content-domain":{"domain":[],"crossmark-restriction":false},"abstract":"<jats:p>El fairtrade procura garantizar el precio justo a los peque\u00f1os productores por sus cosechas, de forma que trasciende mediante el est\u00edmulo al emprendimiento y el empoderamiento de estos, lo que contribuye a la implementaci\u00f3n y la inversi\u00f3n de proyectos para mejorar en t\u00e9rminos sociales, econ\u00f3micos y medioambientales. En este trabajo se har\u00e1 un an\u00e1lisis de la competitividad de los peque\u00f1os productores de cacao con comercio justo en el entorno internacional y establecer si el proceso de certificaci\u00f3n de los peque\u00f1os productores permite obtener los est\u00e1ndares necesarios para competir en el mercado del cacao internacional. En consecuencia, se hace evidente que el objetivo principal de este trabajo es determinar si los peque\u00f1os productores de cacao se ven beneficiados con esta pr\u00e1ctica. Lo anterior seguir\u00e1 la estructura de tres momentos. Primero, se aborda el fairtrade y sus caracter\u00edsticas espec\u00edficas con respecto a la comercializaci\u00f3n del cacao con peque\u00f1os productores en Latinoam\u00e9rica. Luego, se realiza una contextualizaci\u00f3n de las condiciones en las cuales se encuentran los productores de cacao en la actualidad y se analiza c\u00f3mo la implementaci\u00f3n del fairtrade les ha impactado. Finalmente, se analiza la competitividad en los productores con fairtrade y se buscan evidencias que permitan demostrar lo mencionado anteriormente.<\/jats:p>","DOI":"10.16925\/wpai.09","type":"report","created":{"date-parts":[[2022,6,9]],"date-time":"2022-06-09T16:07:41Z","timestamp":1654790861000},"source":"Crossref","is-referenced-by-count":0,"title":["An\u00e1lisis de la competitividad de los peque\u00f1os productores de cacao con fairtrade"],"prefix":"10.16925","author":[{"given":"Edward Enrique","family":"Escobar-Qui\u00f1onez","sequence":"first","affiliation":[],"role":[{"role":"author","vocabulary":"crossref"}]},{"given":"Marisol","family":"Ram\u00edrez Mutis","sequence":"additional","affiliation":[],"role":[{"role":"author","vocabulary":"crossref"}]},{"given":"Luisa Fernanda","family":"P\u00e9rez \u00c1ngel","sequence":"additional","affiliation":[],"role":[{"role":"author","vocabulary":"crossref"}]}],"member":"6711","published-online":{"date-parts":[[2022,6]]},"deposited":{"date-parts":[[2022,6,9]],"date-time":"2022-06-09T16:07:43Z","timestamp":1654790863000},"score":0.0,"resource":{"primary":{"URL":"https:\/\/repository.ucc.edu.co\/handle\/20.500.12494\/45304"}},"issued":{"date-parts":[[2022,6]]},"references-count":0,"URL":"https:\/\/doi.org\/10.16925\/wpai.09","published":{"date-parts":[[2022,6]]}},{"indexed":{"date-parts":[[2024,8,6]],"date-time":"2024-08-06T19:01:15Z","timestamp":1722970875018},"reference-count":0,"publisher":"Universidad Cooperativa de Colombia - UCC","issue":"DIXI","content-domain":{"domain":[],"crossmark-restriction":false},"short-container-title":["Dixi"],"abstract":"<jats:p>El derecho no es est\u00e1tico, evoluciona con las transformaciones de la sociedad y del Estado regulador. En la b\u00fasqueda del control de los riesgos sociales, el sistema jur\u00eddico interviene hasta el punto de legalizar las relaciones sociales, dando paso al derecho regulativo o derecho \u00fatil. Las nuevas tecnolog\u00edas han irrumpido en esta sociedad red, impulsada por el advenimiento del internet. En esta evoluci\u00f3n, la inteligencia artificial se ha abierto espacios \u201cpara manipular conocimiento como si fueran humanos\u201d, y abre nuevos caminos e impactos para la resoluci\u00f3n de conflictos. Ante la variedad de conflictos a los que se enfrentan los ciudadanos en el intercambio de bienes y servicios, el Estado no alcanza a resolver la alta carga de conflictividad social, lo cual hace necesario introducir din\u00e1micas de desregulaci\u00f3n y deslegalizaci\u00f3n, y otras formas de justicia no estatales. Los mecanismos alternativos de soluci\u00f3n de conflictos se presentan como una respuesta a las diversas crisis de la justicia en Colombia, ante las necesidades jur\u00eddicas insatisfechas en resoluci\u00f3n de conflictos y las rutas de inacci\u00f3n de los colombianos. Se aborda esta problem\u00e1tica para responder el objetivo de analizar las implicaciones del derecho regulativo en la conciliaci\u00f3n desde la inteligencia artificial y la ingenier\u00eda para la paz. Esto, desde las aristas de la investigaci\u00f3n sociojur\u00eddica con un enfoque de dise\u00f1o mixto dimix para encontrar que las din\u00e1micas regulativas en el \u00e1mbito de la conciliaci\u00f3n en derecho a\u00fan no est\u00e1n fortalecidas y persisten diversas barreras de acceso que no garantizan el acceso a la justicia, a pesar de las intenciones de la Ley 2220 de 2022. Se concluye que la ingenier\u00eda para la paz puede ser una apuesta para la construcci\u00f3n de nuevas din\u00e1micas regulatorias sociales en la soluci\u00f3n de conflictos.<\/jats:p>","DOI":"10.16925\/2357-5891.2024.03.10","type":"journal-article","created":{"date-parts":[[2024,5,28]],"date-time":"2024-05-28T01:17:27Z","timestamp":1716859047000},"page":"1-18","source":"Crossref","is-referenced-by-count":0,"title":["Implicaciones del derecho regulativo en la conciliaci\u00f3n : retos desde la inteligencia artificial y la ingenier\u00eda para la paz"],"prefix":"10.16925","volume":"26","author":[{"name":"Corporaci\u00f3n  Universitaria  Rafael N\u00fa\u00f1ez","sequence":"first","affiliation":[],"role":[{"role":"author","vocabulary":"crossref"}]},{"given":"Ingrid","family":"Montes Alvarino","sequence":"first","affiliation":[],"role":[{"role":"author","vocabulary":"crossref"}]}],"member":"6711","published-online":{"date-parts":[[2024,3,20]]},"container-title":["Dixi"],"deposited":{"date-parts":[[2024,5,28]],"date-time":"2024-05-28T01:17:41Z","timestamp":1716859061000},"score":0.0,"resource":{"primary":{"URL":"https:\/\/revistas.ucc.edu.co\/index.php\/di\/article\/view\/5028\/"}},"issued":{"date-parts":[[2024,3,20]]},"references-count":0,"journal-issue":{"issue":"DIXI","published-online":{"date-parts":[[2024,3,20]]}},"URL":"https:\/\/doi.org\/10.16925\/2357-5891.2024.03.10","ISSN":["2357-5891"],"issn-type":[{"type":"electronic","value":"2357-5891"}],"published":{"date-parts":[[2024,3,20]]}},{"indexed":{"date-parts":[[2022,4,5]],"date-time":"2022-04-05T19:46:54Z","timestamp":1649188014449},"reference-count":0,"publisher":"Universidad Cooperativa de Colombia","content-domain":{"domain":[],"crossmark-restriction":false},"DOI":"10.16925\/greylit.2257","type":"report","created":{"date-parts":[[2018,4,6]],"date-time":"2018-04-06T13:12:23Z","timestamp":1523020343000},"source":"Crossref","is-referenced-by-count":0,"title":["La gesti\u00f3n de operaciones y emprendimiento de la peque\u00f1a empresa en Santa Marta"],"prefix":"10.16925","author":[{"given":"Yiseth Paola","family":"Osorio Soto","sequence":"first","affiliation":[],"role":[{"role":"author","vocabulary":"crossref"}]},{"given":"Ra\u00fal","family":"Rodr\u00edguez Luna","sequence":"additional","affiliation":[],"role":[{"role":"author","vocabulary":"crossref"}]}],"member":"6711","published-online":{"date-parts":[[2017]]},"deposited":{"date-parts":[[2018,4,6]],"date-time":"2018-04-06T13:12:23Z","timestamp":1523020343000},"score":0.0,"resource":{"primary":{"URL":"https:\/\/revistas.ucc.edu.co\/index.php\/dodo\/article\/view\/2257"}},"issued":{"date-parts":[[2017]]},"references-count":0,"URL":"https:\/\/doi.org\/10.16925\/greylit.2257","published":{"date-parts":[[2017]]}},{"indexed":{"date-parts":[[2025,2,21]],"date-time":"2025-02-21T22:00:01Z","timestamp":1740175201227,"version":"3.37.3"},"reference-count":54,"publisher":"Universidad Cooperativa de Colombia - UCC","issue":"119","license":[{"start":{"date-parts":[[2021,1,15]],"date-time":"2021-01-15T00:00:00Z","timestamp":1610668800000},"content-version":"unspecified","delay-in-days":0,"URL":"http:\/\/creativecommons.org\/licenses\/by-nc-nd\/4.0"}],"content-domain":{"domain":[],"crossmark-restriction":false},"short-container-title":["Coop. Desarro."],"abstract":"<jats:p>Este trabajo tiene como objetivo explorar la relaci\u00f3n entre cooperativismo agrario y desarrollo territorial en Uruguay. Se presenta un marco conceptual que argumenta sobre los importantes puntos de encuentro que existen entre ambos enfoques, utilizando como nexo la noci\u00f3n de desarrollo end\u00f3geno, asociada a la construcci\u00f3n de capacidades locales. La metodolog\u00eda consiste en un an\u00e1lisis descriptivo y exploratorio, con perspectiva hist\u00f3rica. Las fuentes de informaci\u00f3n son de tipo bibliogr\u00e1fica y documental, informaci\u00f3n secundaria disponible y entrevistas a informantes calificados. Se busca describir y comprender c\u00f3mo el cooperativismo agrario ha contribuido al desarrollo territorial rural en Uruguay. Primero se analiza la historia y evoluci\u00f3n del movimiento cooperativo uruguayo, para luego profundizar en el cooperativismo agrario, sus or\u00edgenes, casos m\u00e1s representativos y evoluci\u00f3n. Los resultados muestran una contribuci\u00f3n positiva de las cooperativas agrarias al desarrollo territorial, en buena medida apuntaladas por la pol\u00edtica p\u00fablica. Las cooperativas permiten la vinculaci\u00f3n competitiva del territorio con los mercados internacionales pero protegiendo a los sistemas productivos locales de ser absorbidos y diluidos dentro del esquema del capital transnacional. A su vez, favorecen capacidades end\u00f3genas de innovaci\u00f3n y la construcci\u00f3n de capital social local y redes que son la base para las estrategias locales de desarrollo.<\/jats:p>","DOI":"10.16925\/2382-4220.2021.01.02","type":"journal-article","created":{"date-parts":[[2021,10,21]],"date-time":"2021-10-21T17:23:09Z","timestamp":1634836989000},"page":"1-31","source":"Crossref","is-referenced-by-count":2,"title":["Contribuci\u00f3n de las cooperativas agrarias al desarrollo territorial en Uruguay"],"prefix":"10.16925","volume":"29","author":[{"given":"Adrian","family":"Rodriguez Miranda","sequence":"first","affiliation":[],"role":[{"role":"author","vocabulary":"crossref"}]}],"member":"6711","published-online":{"date-parts":[[2021,1,15]]},"reference":[{"key":"119538","unstructured":"Alburquerque, F. (2015) \"El enfoque del desarrollo econ\u00f3mico territorial\", en Costamagna y P\u00e9rez Rozzi: Enfoque, estrategias e informaci\u00f3n para el desarrollo territorial. Los aprendizajes de ConectaDEL, pp.15-44. FOMIN-BID y ConectaDEL, Buenos Aires."},{"key":"119539","doi-asserted-by":"crossref","unstructured":"Arbeletche, P. (2020) \"El agronegocio en Uruguay: su evoluci\u00f3n y estrategias cambiantes en el siglo XXI\". RIVAR (Santiago), 7(19), 109\u2013129.","DOI":"10.35588\/rivar.v7i19.4355"},{"key":"119540","unstructured":"Arocena, J. y Marsiglia, J. (2017) La escena territorial del desarrollo: Actores, relatos y pol\u00edticas. Montevideo: Taurus."},{"key":"119541","doi-asserted-by":"crossref","unstructured":"Bauer, C.M., Guzm\u00e1n, C. y Santos, F. J. (2012) \"Social capital as a distinctive feature of Social Economy firms\". International Entrepreneurship and Management Journal, N\u00ba 8, pp. 437-448.","DOI":"10.1007\/s11365-012-0230-7"},{"key":"119542","unstructured":"Berdegu\u00e9, J.; Bebbington, A.; Escobal, J.; Favareto, A.; Fern\u00e1ndez, I.; Ospina, P. Munk Ravnborg, H.; Aguirre, F.; Chiriboga, M.; G\u00f3mez, I.; G\u00f3mez, L; Modrego, F.; Paulson, S.; Ram\u00edrez, E.; Schejtman, A.; Trivelli, C. (2012) \u201cTerritorios en Movimiento. Din\u00e1micas Territoriales Rurales en Am\u00e9rica Latina\u201d. Documento de Trabajo N\u00ba 110. Programa Din\u00e1micas Territoriales Rurales. Rimisp, Santiago, Chile."},{"key":"119543","unstructured":"Bertullo, J.; Castro, D.; Isola, G.; Silveira, M. (2003) \u201cEl cooperativismo en Uruguay\u201d. Red Universitaria De las Am\u00e9ricas en Estudios Cooperativos y Asociativismo."},{"key":"119544","unstructured":"Boisier, S. (1993) \u201cDesarrollo regional end\u00f3geno en Chile. \u00bfUtop\u00eda o necesidad?\u201d, en Ambiente y Desarrollo, Vol. IX-2, CIPMA, Santiago de Chile."},{"key":"119545","unstructured":"Brena, T. (1980). El pensamiento y la acci\u00f3n de los cat\u00f3licos en el Uruguay. Montevideo: Club Cat\u00f3lico de Montevideo y Uni\u00f3n Econ\u00f3mica del Uruguay."},{"key":"119546","doi-asserted-by":"crossref","unstructured":"Bretos, Ignacio, y Marcuello, Carmen. (2017). Revisiting globalization challenges and opportunities in the development of cooperatives. Annals of Public and Cooperative Economics, 88 (1), 47-73.","DOI":"10.1111\/apce.12145"},{"key":"119547","doi-asserted-by":"crossref","unstructured":"Bretos, I.; D\u00edaz-Foncea, M.; Marcuello, C. y Marcuello, C. (2018) \"Cooperativas, capital social y emprendimiento: Una perspectiva te\u00f3rica\". REVESCO. Revista de Estudios Cooperativos, Segundo Cuatrimestre, N\u00ba 128, pp. 76-98. DOI: 10.5209\/REVE.59775","DOI":"10.5209\/REVE.59775"},{"key":"119548","unstructured":"Brugger Jakob y S.; D\u00e1vila Moreno, M. (2013) \u201cLas cooperativas agr\u00edcolas ecol\u00f3gicas como motor del desarrollo sustentable. Un estudio neo-institucionalista de las cooperativas coreanas Hansalim e Icoop en Corea del Sur\u201d. Revista Acad\u00e9mica PROCOAS \u2013 AUGM. Revista 1, a\u00f1o 5. Noviembre de 2013."},{"key":"119549","unstructured":"Caetano, G. y Mart\u00ed, J.P. (2019). Lo que nos une. Cudecoop: 30 a\u00f1os de cooperativismo. Montevideo: Cudecoop \/ Inacoop \/ Inefop \/ MEC \/ MTSS."},{"key":"119550","unstructured":"CAF (2014) \u201c30 a\u00f1os produciendo futuro. 1948-2014\u201d. Cooperativas Agrarias Federadas, Uruguay."},{"key":"119551","unstructured":"CAF (2019). Propuestas al pr\u00f3ximo gobierno. Cooperativas Agrarias Federadas, Uruguay."},{"key":"119552","unstructured":"CEPAL (2017). Panorama del desarrollo territorial en Am\u00e9rica Latina y el Caribe, 2017. Santiago, Chile."},{"key":"119553","unstructured":"CEPAL (2019). Enfoque territorial y an\u00e1lisis din\u00e1mico de la ruralidad: alcances y l\u00edmites para el dise\u00f1o de pol\u00edticas de desarrollo rural innovadoras en Am\u00e9rica Latina y el Caribe. Santiago, Chile."},{"key":"119554","unstructured":"Concari, G. (2016). Las Cajas Populares en la primera mitad del siglo XX en Uruguay. Cuadernos de RSO. Publicaci\u00f3n interdisciplinaria sobre Responsabilidad Social de las Organizaciones, 4 (1), 21-36."},{"key":"119555","unstructured":"De Armas Brescia, S. (2003). Proceso de asociativismo en organizaciones de productores del Departamento de Soriano. (Tesis para obtener el t\u00edtulo de Ingeniero Agr\u00f3nomo), Universidad de la Rep\u00fablica, Montevideo."},{"key":"119556","unstructured":"Fern\u00e1ndez, M. I. y Hern\u00e1ndez, R. (editores) (2012) Coaliciones Sociales y Desarrollo Territorial. Lima: Publicaciones IEP."},{"key":"119557","doi-asserted-by":"crossref","unstructured":"Garc\u00eda-Garc\u00eda, F. (2017) \u201cDebate sobre la inclusi\u00f3n del cooperativismo dentro de las pol\u00edticas de la nueva ruralidad en Am\u00e9rica Latina\u201d. Panorama Econ\u00f3mico \u2013 Vol. 25, No. 3 - Julio - Septiembre de 2017.","DOI":"10.32997\/2463-0470-vol.25-num.3-2017-2081"},{"key":"119558","unstructured":"Gil Villamil, G. (2003). Historia de COLEME. [Trabajo realizado a pedido de la administraci\u00f3n de COLEME]. COLEME, Cerro Largo."},{"key":"119559","doi-asserted-by":"crossref","unstructured":"G\u00f3mez-L\u00f3pez, J. D. y Ortiz-P\u00e9rez, S. (2014). Propuesta para la territorializaci\u00f3n de las cooperativas agrarias y los emprendimientos solidarios del Baixo Tocantins en el estado de Par\u00e1, Brasil. Cooperativismo & Desarrollo, 104(22), 21-33. doi: http:\/\/dx.doi.org\/10.16925\/co.v22i104.972","DOI":"10.16925\/co.v22i104.972"},{"key":"119560","doi-asserted-by":"crossref","unstructured":"Guerra, P., y Reyes, S. (2019). La construcci\u00f3n legislativa uruguaya en econom\u00eda social y solidaria en el marco de los gobiernos progresistas del Frente Amplio. Cooperativismo & Desarrollo, 27(114), 1-18. https:\/\/doi.org\/10.16925\/2382-4220.2019.01.05","DOI":"10.16925\/2382-4220.2019.01.05"},{"key":"119561","unstructured":"Gutierrez, D. y Reyes, S (2009) \u201cUruguay\u201d en Reuni\u00f3n Especializada de Cooperativas del MERCOSUR (RECM): \u201cR\u00e9gimen legal de las cooperativas en los pa\u00edses del MERCOSUR\u201d, RECM-Serie Jur\u00eddica, Tercera edici\u00f3n actualizada y ampliada."},{"key":"119562","unstructured":"Hern\u00e1ndez Sampieri, R., Fern\u00e1ndez Collado, C., & Baptista Lucio, P. (2014). Metodolog\u00eda de la investigaci\u00f3n (6a. ed.). M\u00e9xico D.F.: McGraw-Hill."},{"key":"119563","doi-asserted-by":"crossref","unstructured":"Lopez-Castro, N. (2020). Estrategias del cooperativismo agrario frente a las transformaciones sociales y productivas recientes. Una exploraci\u00f3n en el sudoeste bonaerense (Argentina). Cooperativismo & Desarrollo, 27 (2),1-32. doi: https:\/\/doi.org\/10.16925\/2382-4220.2020.02.03","DOI":"10.16925\/2382-4220.2020.02.03"},{"key":"119564","unstructured":"Magri, A., Abrahan, M. y Ogues, L. (2014). Nuevos desaf\u00edos y respuestas de los actores sobre el desarrollo local. La Paloma y Nueva Palmira frente a propuestas de inversi\u00f3n. Colecci\u00f3n Interdisciplinarias 2014. Espacio Interdisciplinario de la Universidad de la Rep\u00fablica, Fondo de Cultura Universitaria."},{"key":"119565","unstructured":"Marqu\u00e9s, J., Pastorini, M. y De Torres, F. (2008) \u201cLos procesos de integraci\u00f3n regional y de globalizaci\u00f3n en el cooperativismo agrario del Uruguay\u201d. En \u201cRevista de Estudios Cooperativos\u201d, Vol. 13, N\u00b01, diciembre 2008. Unidad de Estudios Cooperativos, UdelaR."},{"key":"119566","unstructured":"Mart\u00ed, J.P. (2011) \u201cLegislaci\u00f3n y fomento del cooperativismo en Uruguay. Esfuerzos espasm\u00f3dicos fragmentarios y reactivos\u201d. En Revista de Estudios Cooperativos, Vol 16, N\u00b02, a\u00f1o 2011. Unidad de Estudios Cooperativos, UdelaR."},{"key":"119567","doi-asserted-by":"crossref","unstructured":"Mart\u00ed, J.P. (2013). La Cooperativa Nacional de Productores de Leche. Su creaci\u00f3n analizada desde las pol\u00edticas p\u00fablicas. Am\u00e9rica Latina en la Historia Econ\u00f3mica, Vol. 20, 90-113.","DOI":"10.18232\/alhe.v20i3.550"},{"key":"119568","unstructured":"Mart\u00ed, J.P. (2018). Estado, mercado y cooperativas. Los or\u00edgenes de la legislaci\u00f3n cooperativa en Uruguay a trav\u00e9s del debate parlamentario (1935-1946). En P. Guerra (Ed.), Aportes desde la Universidad de la Rep\u00fablica al campo tem\u00e1tico de la Econom\u00eda Social y Solidaria (pp. 163-192). Montevideo: Red Tem\u00e1tica en Econom\u00eda Social y Solidaria -UDELAR."},{"key":"119569","doi-asserted-by":"crossref","unstructured":"Mart\u00ed, J.P. (2020). Mercado, pol\u00edticas p\u00fablicas y cooperativas de productores en la lecher\u00eda uruguaya a comienzos del siglo XX. Cooperativismo & Desarrollo, 28(116), 1-33. Recuperado: https:\/\/revistas.ucc.edu.co\/index.php\/co\/article\/view\/3124","DOI":"10.16925\/2382-4220.2020.01.02"},{"key":"119570","unstructured":"Mart\u00ed, J.P. (coord.), Marqu\u00e9s, J., Pastorini, M., De Torres, F., Isola, G. y C\u00e1nepa, G. (2010) Los procesos de integraci\u00f3n regional y de globalizaci\u00f3n en el cooperativismo agrario del Uruguay. Servicio Central de Extensi\u00f3n y Actividades en el Medio, Unidad de Estudios Cooperativos. Universidad de la Rep\u00fablica."},{"key":"119571","unstructured":"Mart\u00ednez, E., Delgado, M. y Pedrosa, R. (eds.) (2019) L\u00f3gicas territoriales del Uruguay agroexportador. Facultad de Arquitectura, Dise\u00f1o y Urbanismo de la Universidad de la Rep\u00fablica y Ministerio de Vivienda, Ordenamiento Territorial y Medioambiente de Uruguay, Montevideo."},{"key":"119572","doi-asserted-by":"crossref","unstructured":"Mart\u00ednez-Galarraga, J., Rodr\u00edguez Miranda, A. y Willebald, H. (2020, en prensa) \u201cPatterns of regional income distribution in Uruguay (1872-2012): a story of agglomeration, natural resources and public policies\u201d. En: Badia-Mir\u00f3, Tirado-Fabregat & Willebald (ed.) Time and Space: Latin American Regional Development in Historical Perspective. London: Palgrave MacMillan.","DOI":"10.1007\/978-3-030-47553-6_11"},{"key":"119573","doi-asserted-by":"crossref","unstructured":"M\u00e9ndez, R. (2006) \u201cLa construcci\u00f3n de redes locales y los procesos de innovaci\u00f3n como estrategias de desarrollo rural\u201d. Problemas del Desarrollo. vol.37 no.147.","DOI":"10.22201\/iiec.20078951e.2006.147.7640"},{"key":"119574","doi-asserted-by":"crossref","unstructured":"Pike, A., Rodr\u00edguez-Pose, A. y Tomaney, J. (2007) \u201cWhat Kind of Local and Regional Development and for Whom?\u201d Regional Studies, Vol. 41.9, pp. 1253\u20131269.","DOI":"10.1080\/00343400701543355"},{"key":"119575","doi-asserted-by":"crossref","unstructured":"Pike, A., Rodr\u00edguez-Pose, A. y Tomaney, J. (2011) \u201cLocal and regional development. Reflections and futures\u201d, in PIKE, A., RODR\u00cdGUEZ-POSE, A. and TOMANEY, J. (ed.) Handbook of Local and Regional Development, London, Routledge.","DOI":"10.4324\/9780203842393"},{"key":"119576","unstructured":"Piovani, J. I. (2007). La entrevista en profundidad. En A. Marradi, N. Archenti y J. I. Piovani (Eds.), Metodolog\u00eda de las ciencias sociales (pp. 215-225). Buenos Aires, Argentina: emec\u00e9."},{"key":"119577","unstructured":"Reyes, S. y Guti\u00e9rrez, D. (2005). Situaci\u00f3n de la legislaci\u00f3n cooperativa uruguaya. En R. E. d. C. d. M. (RECM) (Ed.), R\u00e9gimen legal de las cooperativas en los pa\u00edses del MERCOSUR (Segunda edici\u00f3n actualizada y ampliada ed.). Buenos Aires: Ed. INTERCOOP."},{"key":"119578","unstructured":"Reyes, S. y Guti\u00e9rrez, D. (2009). \u201cUruguay\u201d En RECM (Ed.), R\u00e9gimen legal de las cooperativas en los pa\u00edses del MERCOSUR (Tercera edici\u00f3n actualizada y ampliada ed.). Montevideo: RECM (Reuni\u00f3n Especializada de Cooperativas del MERCOSUR)."},{"key":"119579","unstructured":"Rodr\u00edguez Cohard, J.; Mozas Moral, A.; Bernal Jurado, E. (2002) \u201cDesarrollo local por cooperativas: Diversificaci\u00f3n productiva en el \u00e1mbito rural Andaluz. El caso de Bedmar\u201d. REVESCO. Revista de Estudios Cooperativos, n\u00fam. 76, 2002, pp. 173-189. Facultad de Ciencias Econ\u00f3micas y Empresariales. Madrid, Espa\u00f1a"},{"key":"119580","unstructured":"Rodr\u00edguez Miranda, A. (2010) \u201cDesarrollo econ\u00f3mico en el noreste de Uruguay: articulaci\u00f3n rural-urbana y organizaci\u00f3n productiva\u201d. Serie Documentos de Trabajo, DT 03\/2010, Instituto de Econom\u00eda, FCEA, UDELAR."},{"key":"119581","unstructured":"Rodr\u00edguez Miranda, A. (2014) Desarrollo econ\u00f3mico y disparidades territoriales en Uruguay. Cuaderno N\u00ba03, Serie El Futuro en Foco, Programa de las Naciones Unidas para el Desarrollo. Montevideo: PNUD Uruguay."},{"key":"119582","unstructured":"Rodr\u00edguez Miranda, A. (2019) \u201cDin\u00e1micas productivas regionales y sistema urbano nacional\u201d. En: Mart\u00ednez, E., Delgado, M. & Pedrosa, R. (comp.) L\u00f3gicas territoriales del Uruguay agroexportador. Facultad de Arquitectura, Dise\u00f1o y Urbanismo de la Universidad de la Rep\u00fablica y Ministerio de Vivienda, Ordenamiento Territorial y Medioambiente de Uruguay, Montevideo."},{"key":"119583","unstructured":"Rodr\u00edguez Miranda, A., Galaso, P., Goinheix, S. & Mart\u00ednez, C. (2017) \u201cEspecializaciones productivas y desarrollo econ\u00f3mico regional en Uruguay\u201d, Serie Documentos de Trabajo, DT 07\/2017. Instituto de Econom\u00eda, FCEA, UDELAR."},{"key":"119584","doi-asserted-by":"crossref","unstructured":"Rodr\u00edguez-Pose, A. (2013) \u201cDo Institutions Matter for Regional Development?\u201d Regional Studies, 47:7, 1034-1047.","DOI":"10.1080\/00343404.2012.748978"},{"key":"119585","unstructured":"Salazar Arguedas, S. (2017) \u201cThe Creation and Distribution of Benefits in Cooperatives: Some Comparative Findings\u201d. Review of International Co-operation. Volume 104\/2017, pp. 135-147."},{"key":"119586","unstructured":"Schejtman, A. y Berdegu\u00e9, J. (2004). Desarrollo territorial rural. Rimisp (Centro Latinoamericano para el Desarrollo Rural), Santiago de Chile."},{"key":"119587","unstructured":"Segura Castro, A.; C\u00e9spedes Oreamuno, J. (2017) \u201cContributions from Cooperatives to Development: Methodological Input for Awareness of the Cooperative Phenomenon\u201d. Review of International Co-operation. Volume 104\/2017, pp. 148-161."},{"key":"119588","unstructured":"Sili, M., Sanguinetti, J. & Meiller, A. (2014) \u201cEl cooperativismo agrario y su contribuci\u00f3n al desarrollo rural. La experiencia de la Uni\u00f3n Agr\u00edcola de Avellaneda, Argentina\u201d. CIRIEC-Espa\u00f1a, 82, 155-177."},{"key":"119589","unstructured":"Terra, J.P. (2015 [1986]). Proceso y significado del cooperativismo uruguayo (2\u00aa ed.). Montevideo: Instituto Humanista Cristiano Juan Pablo Terra."},{"key":"119590","doi-asserted-by":"crossref","unstructured":"V\u00e1zquez Barquero, A. (2018) \u201cReflexiones te\u00f3ricas sobre la relaci\u00f3n entre desarrollo end\u00f3geno y econom\u00eda social\u201d. Revista Iberoamericana de Econom\u00eda Social y Solidaria. Vol. 1 (2018), pp.11-22.","DOI":"10.33776\/riesise.v1i0.3581"},{"key":"119591","doi-asserted-by":"crossref","unstructured":"V\u00e1zquez Barquero, A., & Rodr\u00edguez\u2010Cohard, J. C. (2016). Endogenous development and institutions: Challenges for local development initiatives. Environment and Planning. C, Government & Policy, 34(6), 1135\u20131153. https:\/\/doi.org\/ 10.1177\/0263774X15624924","DOI":"10.1177\/0263774X15624924"}],"container-title":["Cooperativismo &amp; Desarrollo"],"link":[{"URL":"https:\/\/revistas.ucc.edu.co\/index.php\/co\/article\/download\/3719\/3196","content-type":"application\/pdf","content-version":"vor","intended-application":"text-mining"},{"URL":"https:\/\/revistas.ucc.edu.co\/index.php\/co\/article\/download\/3719\/3196","content-type":"unspecified","content-version":"vor","intended-application":"similarity-checking"}],"deposited":{"date-parts":[[2023,1,13]],"date-time":"2023-01-13T05:00:07Z","timestamp":1673586007000},"score":0.0,"resource":{"primary":{"URL":"https:\/\/revistas.ucc.edu.co\/index.php\/co\/article\/view\/3719"}},"issued":{"date-parts":[[2021,1,15]]},"references-count":54,"journal-issue":{"issue":"119","published-online":{"date-parts":[[2021,10,21]]}},"URL":"https:\/\/doi.org\/10.16925\/2382-4220.2021.01.02","ISSN":["2382-4220","0120-7180"],"issn-type":[{"type":"electronic","value":"2382-4220"},{"type":"print","value":"0120-7180"}],"published":{"date-parts":[[2021,1,15]]}},{"indexed":{"date-parts":[[2025,2,21]],"date-time":"2025-02-21T00:55:21Z","timestamp":1740099321614,"version":"3.37.3"},"reference-count":0,"publisher":"Ediciones Universidad Cooperativa de Colombia","content-domain":{"domain":[],"crossmark-restriction":false},"DOI":"10.16925\/wpai.02","type":"report","created":{"date-parts":[[2019,6,10]],"date-time":"2019-06-10T13:18:44Z","timestamp":1560172724000},"source":"Crossref","is-referenced-by-count":1,"title":["Desaf\u00edos del cooperativismo colombiano en el siglo XXI"],"prefix":"10.16925","author":[{"ORCID":"https:\/\/orcid.org\/0000-0002-6525-519X","authenticated-orcid":false,"given":"N\u00e9stor","family":"Rodr\u00edguez","sequence":"first","affiliation":[],"role":[{"role":"author","vocabulary":"crossref"}]},{"ORCID":"https:\/\/orcid.org\/0000-0002-6790-005X","authenticated-orcid":false,"given":"Colombia","family":"P\u00e9rez-Mu\u00f1oz","sequence":"additional","affiliation":[],"role":[{"role":"author","vocabulary":"crossref"}]},{"given":"Hans","family":"Cediel","sequence":"additional","affiliation":[],"role":[{"role":"author","vocabulary":"crossref"}]}],"member":"6711","published-online":{"date-parts":[[2019,6]]},"deposited":{"date-parts":[[2019,8,23]],"date-time":"2019-08-23T16:44:55Z","timestamp":1566578695000},"score":0.0,"resource":{"primary":{"URL":"http:\/\/repository.ucc.edu.co\/handle\/20.500.12494\/10990"}},"issued":{"date-parts":[[2019,6]]},"references-count":0,"URL":"https:\/\/doi.org\/10.16925\/wpai.02","published":{"date-parts":[[2019,6]]}},{"indexed":{"date-parts":[[2022,4,3]],"date-time":"2022-04-03T09:45:54Z","timestamp":1648979154604},"reference-count":17,"publisher":"Universidad Cooperativa de Colombia- UCC","issue":"106","content-domain":{"domain":[],"crossmark-restriction":false},"short-container-title":["Coop. Desarro."],"abstract":"<jats:p>Prop\u00f3sito: el art\u00edculo reflexiona en torno a la forma en que la ciudad,\u00a0como expresi\u00f3n inacabada del proceso civilizatorio, al menos en Occidente,\u00a0ha favorecido no solo la institucionalizaci\u00f3n de formas socioculturales,\u00a0pol\u00edticas y econ\u00f3micas para beneficio de la humanidad,\u00a0sino que, a su turno, tambi\u00e9n ha provocado su malestar; tanto por el\u00a0car\u00e1cter ego\u00edsta que habita en los seres humanos, como por la b\u00fasqueda\u00a0incesante de mejores condiciones de vida. Descripci\u00f3n: se muestra,\u00a0desde la posici\u00f3n del ciudadano-persona, su fragilidad frente a\u00a0ciertas formas de administraci\u00f3n de la vida humana, que se emplazan\u00a0desde espacios institucionales para subjetivar al sujeto y revelar de\u00a0esa forma la compleja y problem\u00e1tica realidad social, subjetiva y cultural\u00a0de aquellos que la habitan. Punto de vista: es desde la ciudad\u00a0como espacio social donde es posible advertir las tensiones entre los\u00a0diferentes individuos que la habitan, frente a las demarcaciones socioespaciales,\u00a0de tiempo y consumo. Conclusiones: la vida humana\u00a0que se desarrolla en la ciudad no es m\u00e1s que la teatralizaci\u00f3n de un\u00a0proceso civilizatorio que, en su momento, estuvo colmado de buenas\u00a0intenciones. La experiencia de vivir en la ciudad no solo es racional y\u00a0econ\u00f3mica, sino tambi\u00e9n sensorial y muy emotiva.<\/jats:p>","DOI":"10.16925\/co.v23i106.1126","type":"journal-article","created":{"date-parts":[[2019,9,15]],"date-time":"2019-09-15T22:50:01Z","timestamp":1568587801000},"source":"Crossref","is-referenced-by-count":0,"title":["Ciudad: \u00bfm\u00e1scara civilizatoria?"],"prefix":"10.16925","volume":"23","author":[{"given":"Jos\u00e9 Miguel","family":"Segura-Guti\u00e9rrez","sequence":"first","affiliation":[],"role":[{"role":"author","vocabulary":"crossref"}]}],"member":"6711","published-online":{"date-parts":[[1969,12,31]]},"reference":[{"key":"23116","unstructured":"Betancur, M. (2010). \u201cPersona y m\u00e1scara\u201d. Praxis Filos\u00f3fica.30, 127-143."},{"key":"23117","unstructured":"Bobbio, N. (1994). Estado, gobierno y sociedad. M\u00e9xico: Fondo de Cultura Econ\u00f3mica."},{"key":"23118","unstructured":"Castells, M. (1976). La cuesti\u00f3n urbana. M\u00e9xico: Siglo XXI Editores."},{"key":"23119","unstructured":"Choza, J.(1993) Introducci\u00f3n a la filosof\u00eda del hombre. Navarra: Eunsa."},{"key":"23120","doi-asserted-by":"crossref","unstructured":"El\u00edas, N. (1994). \u201cCivilizaci\u00f3n y violencia\u201d. Revista REIS, 65, 141-151.","DOI":"10.2307\/40183672"},{"key":"23122","unstructured":"Eribon, D.(2000). Identidades. Reflexiones sobre la cuesti\u00f3n gay. Barcelona: Bellaterra."},{"key":"23123","unstructured":"Garc\u00eda, G. (1986). El cataclismo de Damocles. San Jos\u00e9: Editorial Universidad para la Paz."},{"key":"23124","unstructured":"Gennari, M. (1998). Sem\u00e1ntica de la ciudad y educaci\u00f3n. Herder. Traducci\u00f3n de Antonio Mart\u00ednez."},{"key":"23125","unstructured":"Gudynas, E. (2011a). Buen vivir: germinando alternativas al desarrollo. Am\u00e9rica Latina en Movimiento."},{"key":"23126","unstructured":"Margot, J. (2007). \u201cLa felicidad\u201d. Praxis Filos\u00f3fica.25, 55-79."},{"key":"23127","unstructured":"M\u00e1rquez, H. (2009).\u201dDiez rostros de la crisis civilizatoria del sistema capitalista mundial\u201d. Problemas del desarrollo. Revista Latinoamericana de Econom\u00eda.159, 191-210."},{"key":"23128","unstructured":"Prada, R. (2011). \u201cEl buen vivir como modelo de Estado y modelo econ\u00f3mico\u201d. En M. Lang & D. Mokrani (Eds.), M\u00e1s all\u00e1 del desarrollo. Quito: Abya-Yala, Fundaci\u00f3n Rosa Luxemburgo."},{"key":"23129","unstructured":"Scribano, A. (2007a). \u201cLa Sociedad hecha callo: conflictividad, dolor social y regulaci\u00f3n de las sensaciones\u201d. En: Scribano (compilador), Mapeando Interiores. Cuerpo, Conflicto y Sensaciones. C\u00f3rdoba: Jorge Sarmiento Editor."},{"key":"23130","unstructured":"___________ (comp) (2007b). Policrom\u00eda Corporal. Cuerpos, Graf\u00edas y Sociedad. UNC-CEA\/CONICET y Universidad de Guadalajara, Colecci\u00f3n Acci\u00f3n Social, C\u00f3rdoba: Universitas."},{"key":"23131","unstructured":"Sen, A. (2000). Desarrollo y libertad. Barcelona: Planeta."},{"key":"23132","unstructured":"Stefanoni, P. (2011). \u00bfAd\u00f3nde nos lleva el pachamamismo? Tabula Rasa.15, 255-273."},{"key":"23133","unstructured":"Vaneigem, R. (1977). Tratado del saber vivir para uso de las j\u00f3venes generaciones. Barcelona:Anagrama."}],"container-title":["Cooperativismo &amp; Desarrollo"],"link":[{"URL":"https:\/\/revistas.ucc.edu.co\/index.php\/co\/article\/download\/1126\/1225","content-type":"application\/pdf","content-version":"vor","intended-application":"text-mining"},{"URL":"https:\/\/revistas.ucc.edu.co\/index.php\/co\/article\/download\/1126\/1225","content-type":"unspecified","content-version":"vor","intended-application":"similarity-checking"}],"deposited":{"date-parts":[[2019,9,15]],"date-time":"2019-09-15T22:50:05Z","timestamp":1568587805000},"score":0.0,"resource":{"primary":{"URL":"https:\/\/revistas.ucc.edu.co\/index.php\/co\/article\/view\/1126"}},"issued":{"date-parts":[[1969,12,31]]},"references-count":17,"journal-issue":{"issue":"106","published-online":{"date-parts":[[2015,6,8]]}},"URL":"https:\/\/doi.org\/10.16925\/co.v23i106.1126","ISSN":["2382-4220","0120-7180"],"issn-type":[{"value":"2382-4220","type":"electronic"},{"value":"0120-7180","type":"print"}],"published":{"date-parts":[[1969,12,31]]}},{"indexed":{"date-parts":[[2024,11,19]],"date-time":"2024-11-19T19:02:30Z","timestamp":1732042950246},"reference-count":0,"publisher":"Ediciones Universidad Cooperativa de Colombia","content-domain":{"domain":[],"crossmark-restriction":false},"abstract":"<jats:p>Esta nota de clase est\u00e1 dirigida a los estudiantes de pr\u00e1ctica cl\u00ednica en psicolog\u00eda. Su objetivo es mostrar un panorama general de la salud mental en el pa\u00eds. Inicialmente, se hace una definici\u00f3n general del concepto de \u201csalud mental\u201d. Luego, se resumen cuatro art\u00edculos cient\u00edficos actuales que hablan de la salud mental desde diferentes perspectivas, entre ellas los enfoques te\u00f3ricos del concepto, la normativa en salud mental del pa\u00eds y la situaci\u00f3n de la salud mental a la luz de encuestas nacionales en salud mental. En conclusi\u00f3n, los estudios revisados evidenciaron un enfoque principalmente cl\u00ednico y patologista en las investigaciones relacionadas con la salud mental en Colombia. Sin embargo, no se han generado los mecanismos de atenci\u00f3n en salud necesarios para atender todas las problem\u00e1ticas.<\/jats:p>","DOI":"10.16925\/gcnc.57","type":"report","created":{"date-parts":[[2023,8,1]],"date-time":"2023-08-01T15:39:14Z","timestamp":1690904354000},"source":"Crossref","is-referenced-by-count":1,"title":["Salud mental en Colombia: revisi\u00f3n documental de estudios recientes"],"prefix":"10.16925","author":[{"name":"Universidad Cooperativa de Colombia","sequence":"first","affiliation":[],"role":[{"role":"author","vocabulary":"crossref"}]},{"given":"Juliana Vanessa","family":"Dur\u00e1n S\u00e1nchez","sequence":"first","affiliation":[],"role":[{"role":"author","vocabulary":"crossref"}]}],"member":"6711","published-online":{"date-parts":[[2023,3]]},"deposited":{"date-parts":[[2023,8,1]],"date-time":"2023-08-01T15:39:15Z","timestamp":1690904355000},"score":0.0,"resource":{"primary":{"URL":"https:\/\/repository.ucc.edu.co\/items\/4994e61d-21d4-444a-8a57-d54ca3fe0ce6"}},"issued":{"date-parts":[[2023,3]]},"references-count":0,"URL":"https:\/\/doi.org\/10.16925\/gcnc.57","published":{"date-parts":[[2023,3]]}},{"indexed":{"date-parts":[[2022,3,31]],"date-time":"2022-03-31T04:53:15Z","timestamp":1648702395783},"reference-count":0,"publisher":"Universidad Cooperativa de Colombia","content-domain":{"domain":[],"crossmark-restriction":false},"DOI":"10.16925\/greylit.1483","type":"report","created":{"date-parts":[[2016,7,26]],"date-time":"2016-07-26T13:16:40Z","timestamp":1469539000000},"source":"Crossref","is-referenced-by-count":0,"title":["Programas de psicolog\u00eda en la regi\u00f3n caribe: departamentos de Atl\u00e1ntico, Magdalena y Bol\u00edvar (WP)"],"prefix":"10.16925","author":[{"given":"Diego Alonso","family":"Mora Mesa","sequence":"first","affiliation":[],"role":[{"role":"author","vocabulary":"crossref"}]}],"member":"6711","published-online":{"date-parts":[[2016]]},"deposited":{"date-parts":[[2016,7,26]],"date-time":"2016-07-26T13:16:40Z","timestamp":1469539000000},"score":0.0,"resource":{"primary":{"URL":"http:\/\/revistas.ucc.edu.co\/index.php\/dotr\/article\/view\/1483"}},"issued":{"date-parts":[[2016]]},"references-count":0,"URL":"https:\/\/doi.org\/10.16925\/greylit.1483","published":{"date-parts":[[2016]]}},{"indexed":{"date-parts":[[2022,4,4]],"date-time":"2022-04-04T01:10:10Z","timestamp":1649034610945},"reference-count":22,"publisher":"Universidad Cooperativa de Colombia- UCC","issue":"26-27","content-domain":{"domain":[],"crossmark-restriction":false},"short-container-title":["Spei Domus"],"abstract":"<jats:p>Introducci\u00f3n: el parasitismo es uno de los principales problemas de salud y producci\u00f3n animal en Colombia, como lo es en otros pa\u00edses de la regi\u00f3n; por lo tanto, es importante identificar aquellos m\u00e1s frecuentes con el prop\u00f3sito de considerar estrategias de prevenci\u00f3n y control.\u00a0 Este trabajo se realiz\u00f3 con el objetivo de aportar al conocimiento sobre los endopar\u00e1sitos y ectopar\u00e1sitos presentes en los \u00e9quidos sacrificados entre octubre y diciembre de 2015 en la Planta de Beneficio Villa Rosa, Piedecuesta, Santander, Colombia.&#x0D;\nMetodolog\u00eda: para la identificaci\u00f3n de los ectopar\u00e1sitos y hemopar\u00e1sitos se utilizaron 83 \u00e9quidos, y 75, para los par\u00e1sitos gastrointestinales. Los ectopar\u00e1sitos se colectaron directamente de la piel y para los hemopar\u00e1sitos se utilizaron las t\u00e9cnicas de hemocultivo, Woo, preparaciones en fresco, extendidos coloreados y Knott. Los par\u00e1sitos gastrointestinales se estudiaron mediante las t\u00e9cnicas de McMaster, sedimentaci\u00f3n-flotaci\u00f3n, cultivo de heces y necropsia helmintol\u00f3gica.&#x0D;\nResultados: el 31,32\u00a0% de los \u00e9quidos examinados estaban parasitados con Anocentor nitens y el 8,43\u00a0% present\u00f3 infestaci\u00f3n mixta con Amblyomma cajennense s.l. El piojo Haematopinus asini fue colectado en un animal. Salvo la presencia de microfilarias de Setaria equina en 7,2\u00a0% de las muestras, no se detectaron hemopar\u00e1sitos con los procedimientos parasitol\u00f3gicos empleados. Se observaron huevos tipo Strongylida en 88\u00a0% de las muestras; Dictyocaulus sp. en 6,6\u00a0%; Parascaris sp. en 5,33\u00a0%; Oxyuris sp. en 5,33\u00a0%; Strongyloides sp. en 1,33\u00a0% y Anoplocephala sp. en 9,3\u00a0%. En el cultivo de heces se observaron 12 larvas L3 de la subfamilia Cyathostominae o \u201cpeque\u00f1os Strongylus\u201d y una del nematodo Trichostrongylus axei. En las necropsias se hallaron adultos de: Habronema megastoma, Setaria equina, Oxyuris equi, Strongylus sp., Triodontophorus, Cyathostominae y Anoplocephala perfoliata.&#x0D;\nConclusiones: los parasitismos por garrapatas, grandes y peque\u00f1os estr\u00f3ngilos y tenias, son frecuentes en los equinos sacrificados. Se recomiendan t\u00e9cnicas serol\u00f3gicas y moleculares para detectar hemopar\u00e1sitos en estudios posteriores.<\/jats:p>","DOI":"10.16925\/2382-4247.2017.01.04","type":"journal-article","created":{"date-parts":[[2020,6,11]],"date-time":"2020-06-11T21:29:40Z","timestamp":1591910980000},"page":"1-9","source":"Crossref","is-referenced-by-count":1,"title":["Caracterizaci\u00f3n de endo y ectopar\u00e1sitos en \u00e9quidos sacrificados para consumo humano"],"prefix":"10.16925","volume":"13","author":[{"given":"Nelson","family":"Uribe","sequence":"first","affiliation":[],"role":[{"role":"author","vocabulary":"crossref"}]},{"given":"Antonio","family":"Betancourt","sequence":"additional","affiliation":[],"role":[{"role":"author","vocabulary":"crossref"}]},{"given":"Darwin","family":"Hern\u00e1ndez","sequence":"additional","affiliation":[],"role":[{"role":"author","vocabulary":"crossref"}]}],"member":"6711","published-online":{"date-parts":[[2019,1,1]]},"reference":[{"key":"80548","unstructured":"Taylor MA, Coop RL, Wall RL. Veterinary Parasitology. 3a. ed. Ames, Iowa, USA: Blackwell Publishing Professional; 2007."},{"key":"80549","doi-asserted-by":"crossref","unstructured":"Tenter AM, Otte MJ, Gonz\u00e1lez CA. Prevalence of piroplasmosis in equines in the Colombian Province of Cordoba. Trop Anim Health Prod. 1988;20:93-98.","DOI":"10.1007\/BF02242234"},{"key":"80550","unstructured":"Ortiz EB, Rodr\u00edguez LE. Epidemiolog\u00eda y control de enfermedades febriles anemizantes en los \u00e9quidos en Colombia. Rev Spei Domus. 2009; 5 (11): 20-31."},{"key":"80551","unstructured":"Ram\u00edrez LE, Wells EA, Betancourt JA. Epidemiologia del Trypanosoma evansi revisi\u00f3n con especial referencia a Colombia. Rev Col Cienc Pec. 1979;1(4):319-333."},{"key":"80552","unstructured":"ICA. Colombia. Sanidad Animal. Informe t\u00e9cnico. Produmedios. 2009."},{"key":"80553","unstructured":"Preciado GP. Piroplasmosis equina: importancia en el comercio internacional de equinos [tesis especializaci\u00f3n]. [Bogot\u00e1]: Universidad de Ciencias Aplicadas y Ambientales UDCA; 2010."},{"key":"80554","unstructured":". Calder\u00f3n R, Gabriel L. Reporte de caso cl\u00ednico de Ehrlichiosis Equina en el municipio de Florencia (Colombia). REDVET. 2013;14:1-12."},{"key":"80555","unstructured":". Casta\u00f1o JA, L\u00f3pez VG, Valencia OJ. Identificacion de larvas L3 de Nematodos gastrointestinales de Bovinos y Equinos del C.I \"El NUS\" en cultivos de materia fecal. Actualidades CORPOICA. 1997;2(10):31-36."},{"key":"80556","unstructured":"Cardona E, Choperena M, Quijano J. Caracterizaci\u00f3n de nem\u00e1todos gastrointestinales de equinos que llegan a la central ganadera de Medell\u00edn. Rev Col Cienc Pec. 2005;18:4."},{"key":"80557","unstructured":"Prada GA, Romero CS. Determinaci\u00f3n de g\u00e9neros de endopar\u00e1sitos que afectan a los equinos de las sabanas del Casanare. Rev Med Vet. 2009;18:71-79."},{"key":"80558","unstructured":"Bedoya RM, Arcila QV, Diaz AD. Prevalencia de par\u00e1sitos gastrointestinales en \u00e9quidos del municipio de Oiba (Santander). Spei Domus. 2011;7(15):17-23."},{"key":"80559","unstructured":"Robayo SLN, Ram\u00edre HA, Imbaquean PWO, Cruz MOA, Cort\u00e9s VJA. An\u00e1lisis de casu\u00edstica de parasitismo gastrointestinal y pulmonar en equinos carretilleros de la ciudad de Bogot\u00e1, D.C.(Colombia). Col. C. Pec. 2017;30(Suppl):140."},{"key":"80560","unstructured":"Otte J. El dise\u00f1o de investigaciones epidemiologicas. Bogot\u00e1: Cicadep; 1991."},{"key":"80561","unstructured":"Betancourt JA, Ram\u00edrez LE, Wells EA, Bazalar H. Observaciones sobre la t\u00e9cnica de centrifugaci\u00f3n en tubo capilar y otros m\u00e9todos directos en el diagn\u00f3stico de tripanosomiasis experimental. Rev ICA. 1979;14(2):97-104."},{"key":"80562","unstructured":"Dunn AM. Veterinary Helminthology. Philadelphia: Lea and Febiger; 1969."},{"key":"80563","unstructured":"P\u00e9rez RI. Manual de pr\u00e1cticas del Departamento de Parasitologia. Nuevo Le\u00f3n: Universidad Aut\u00f3noma de Nuevo Le\u00f3n; 2013. Cap. 4. M\u00e9todo de McMaster. p. 27-30."},{"key":"80564","unstructured":"Prada GA. Parasitismos en equinos. Rev Consensus. 2004:1-8."},{"key":"80565","unstructured":"Hutchinson G. Nematode parasites of ruminants, camelids and cattle. Diagnosis with emphasis on anthelmintic efficacy and resistance testing. Australian and New Zealand Diagnostic Procedures. 2009."},{"key":"80566","unstructured":"Soulsby EJL. A textbook of veterinary clinical parasitology. Helminths. Vol 1. Philadelphia: F.A. Davis Company; 1965."},{"key":"80567","doi-asserted-by":"crossref","unstructured":"Nava, S, Beati L, Labruna M, C\u00e1ceres AG, Mangold A, Guglielmone A. Reassessment of the taxonomic status of Amblyomma cajennense (Fabricius, 1787) with the description of three new species, Amblyomma tonelliae n.sp.Amblyomma interandinum n.sp.and Amblyomma patinoi n.sp. and the reinstatement of Amblyomma sculptum Berlese, 1888 (Ixodida: Ixodidae). Ticks Tick Borne Dis. 2014;5(3):252-76. doi: 10.1016\/j.ttbdis.2013.11.004.","DOI":"10.1016\/j.ttbdis.2013.11.004"},{"key":"80568","unstructured":"Iowa State University. Equine piroplasmosis. [En l\u00ednea]. 2010. [Citado en 2015 dic.]. Disponible en: http:\/\/www.cfsp.h.iastate.edu\/Factsheets\/es\/equine_piroplasmosis-es.pdf"},{"key":"80569","unstructured":"Ball M., Cable CS. What blood can tell you. The horse. [En l\u00ednea]. 2014 my. 20. [Citado en 2016 ju\u00f1.]. Disponible en: www.thehorse.com\/articles\/14013\/what-blood-can-tell-you"}],"container-title":["Spei Domus"],"link":[{"URL":"https:\/\/revistas.ucc.edu.co\/index.php\/sp\/article\/download\/3357\/2962","content-type":"application\/pdf","content-version":"vor","intended-application":"text-mining"},{"URL":"https:\/\/revistas.ucc.edu.co\/index.php\/sp\/article\/download\/3357\/2962","content-type":"unspecified","content-version":"vor","intended-application":"similarity-checking"}],"deposited":{"date-parts":[[2020,6,11]],"date-time":"2020-06-11T21:29:50Z","timestamp":1591910990000},"score":0.0,"resource":{"primary":{"URL":"https:\/\/revistas.ucc.edu.co\/index.php\/sp\/article\/view\/3357"}},"issued":{"date-parts":[[2019,1,1]]},"references-count":22,"journal-issue":{"issue":"26-27","published-online":{"date-parts":[[2020,5,29]]}},"URL":"https:\/\/doi.org\/10.16925\/2382-4247.2017.01.04","ISSN":["2382-4247","1794-7928"],"issn-type":[{"value":"2382-4247","type":"electronic"},{"value":"1794-7928","type":"print"}],"published":{"date-parts":[[2019,1,1]]}},{"indexed":{"date-parts":[[2022,4,3]],"date-time":"2022-04-03T22:57:13Z","timestamp":1649026633416},"reference-count":0,"publisher":"Universidad Cooperativa de Colombia- UCC","issue":"24","content-domain":{"domain":[],"crossmark-restriction":false},"short-container-title":["Mem."],"abstract":"<jats:p>Prop\u00f3sito: en el marco del proyecto Ecosistema de aprendizaje ubicuo para el desarrollo de competencias de un programa de Ingenier\u00eda de Sistemas, se plantea su arquitectura basada en cuatro componentes: in\u00adfraestructura, usuarios, servicios \u2013recursos y contenidos\u2013 y aplicacio\u00adnes. Temas: su infraestructura corresponde a elementos que proveen conectividad digital sincr\u00f3nica y asincr\u00f3nica, siendo los recursos TIC y las aplicaciones la parte esencial del aprendizaje. Por tal motivo, es de gran importancia evaluar adecuadamente el qu\u00e9 y el c\u00f3mo y el cu\u00e1ndo se van a presentar estos elementos, para as\u00ed identificar el mecanismo de aprendizaje dispuesto para los usuarios que inician un curso en la plataforma. Desarrollo: por esta raz\u00f3n, se tom\u00f3 como referente la teor\u00eda de las inteligencias m\u00faltiples de Howard Gardner, la cual explica las ca\u00adpacidades que una persona tiene para aprender, generar conocimiento y solucionar problemas, seg\u00fan sus habilidades. Conclusiones: de esta forma, se plantea trabajar los contenidos del MOOC con los recursos TIC que permitan potenciar el aprendizaje del alumno, puesto que las he\u00adrramientas ofrecidas en la plataforma se reconfiguran de acuerdo con la inteligencia predominante detectada en el test de Gardner, en la cual tendr\u00e1 a su disposici\u00f3n contenidos y objetos virtuales de aprendizaje que facilitan la integraci\u00f3n del nuevo conocimiento din\u00e1micamente en su universo conceptual; tambi\u00e9n se integran patrones de aprendizaje con el fin de descubrir en los estudiantes caracter\u00edsticas de aprendizaje.<\/jats:p>","DOI":"10.16925\/me.v13i24.1499","type":"journal-article","created":{"date-parts":[[2017,12,11]],"date-time":"2017-12-11T10:54:56Z","timestamp":1512989696000},"page":"31","source":"Crossref","is-referenced-by-count":0,"title":["Evaluaci\u00f3n de recursos, contenidos, patrones de aprendizaje y aplicaciones para un ecosistema de gesti\u00f3n de aprendizaje ubicuo"],"prefix":"10.16925","volume":"13","author":[{"given":"Jhon Haide","family":"Cano-Beltr\u00e1n","sequence":"first","affiliation":[],"role":[{"role":"author","vocabulary":"crossref"}]},{"given":"Diana Carolina","family":"Rivera-Velasco","sequence":"additional","affiliation":[],"role":[{"role":"author","vocabulary":"crossref"}]}],"member":"6711","published-online":{"date-parts":[[2015,12,1]]},"container-title":["Memorias"],"link":[{"URL":"https:\/\/revistas.ucc.edu.co\/index.php\/me\/article\/viewFile\/1499\/2179","content-type":"application\/pdf","content-version":"vor","intended-application":"text-mining"},{"URL":"https:\/\/revistas.ucc.edu.co\/index.php\/me\/article\/viewFile\/1499\/2179","content-type":"unspecified","content-version":"vor","intended-application":"similarity-checking"}],"deposited":{"date-parts":[[2017,12,11]],"date-time":"2017-12-11T10:54:57Z","timestamp":1512989697000},"score":0.0,"resource":{"primary":{"URL":"https:\/\/revistas.ucc.edu.co\/index.php\/me\/article\/view\/1499"}},"issued":{"date-parts":[[2015,12,1]]},"references-count":0,"journal-issue":{"issue":"24","published-online":{"date-parts":[[2015,12,1]]}},"URL":"https:\/\/doi.org\/10.16925\/me.v13i24.1499","ISSN":["2382-4239","0124-4361"],"issn-type":[{"value":"2382-4239","type":"electronic"},{"value":"0124-4361","type":"print"}],"published":{"date-parts":[[2015,12,1]]}},{"indexed":{"date-parts":[[2025,3,5]],"date-time":"2025-03-05T05:38:15Z","timestamp":1741153095310,"version":"3.38.0"},"reference-count":0,"publisher":"Universidad Cooperativa de Colombia - UCC","issue":"DIXI","content-domain":{"domain":[],"crossmark-restriction":false},"short-container-title":["Dixi"],"abstract":"<jats:p>Los mercados de trabajo en el siglo XXI se han diversificado ante el auge tecnol\u00f3gico, generando nuevas opor-tunidades para garantizar el derecho humano al trabajo desde una perspectiva de igualdad, inclusi\u00f3n y no dis-criminaci\u00f3n. No obstante, a\u00fan persisten prejuicios socioculturales que limitan el acceso al empleo para ciertos grupos espec\u00edficos como lo son las personas que compurgaron una pena privativa de la libertad. A partir de ello, se plante\u00f3 como objetivo analizar c\u00f3mo el avance tecnol\u00f3gico ha influido en la reconfiguraci\u00f3n del trabajo en contexto penitenciario, consider\u00e1ndolo como un eje clave. para la reinserci\u00f3n social de mujeres privadas de la libertad. Por ello, se llev\u00f3 a cabo un estudio cualitativo de car\u00e1cter descriptivo. Entre los resultados se identific\u00f3 la ampliaci\u00f3n de las oportunidades laborales dentro del entorno penitenciario, el uso de tecnolog\u00edas de  la  informaci\u00f3n  y  comunicaci\u00f3n  (TIC)  en  estos  procesos,  as\u00ed  como  caracter\u00edsticas  del  derecho  humano  al  trabajo  que  han  contribuido  en  su  reconfiguraci\u00f3n.  Adem\u00e1s,  se  destaca  el  papel  de  la  colaboraci\u00f3n  que  se establece con actores, actoras e instituciones sociales que han contribuido al trabajo y capacitaci\u00f3n en apego al fundamento socio jur\u00eddico. Asimismo, se analiz\u00f3 c\u00f3mo estas iniciativas son percibidas e interiorizadas por las mujeres privadas de la libertad, apoy\u00e1ndose de herramientas tecnol\u00f3gicas. Entre las conclusiones resalta la  pertinencia  de  continuar  con  estudios  multidisciplinarios  que  reconozcan  las  particularidades  de  grupos  sociales para el fortalecimiento del tejido social donde confluyen voluntades y cooperaci\u00f3n interinstitucional a fin de dar cuenta de las transformaciones de aspectos espec\u00edficos como el trabajo en el contexto penitenciario y lo que este representa para las personas privadas de la libertad.<\/jats:p>","DOI":"10.16925\/2357-5891.2025.03.04","type":"journal-article","created":{"date-parts":[[2025,3,4]],"date-time":"2025-03-04T13:26:52Z","timestamp":1741094812000},"page":"1-17","source":"Crossref","is-referenced-by-count":0,"title":["Avance tecnol\u00f3gico en la reconfiguraci\u00f3n del trabajo en contexto penitenciario para la reinserci\u00f3n social de mujeres privadas de la libertad"],"prefix":"10.16925","volume":"27","author":[{"name":"Universidad de Guadalajara","sequence":"first","affiliation":[],"role":[{"role":"author","vocabulary":"crossref"}]},{"ORCID":"https:\/\/orcid.org\/0000-0001-8515-7864","authenticated-orcid":false,"given":"Margarita","family":"Cantero Ram\u00edrez","sequence":"first","affiliation":[],"role":[{"role":"author","vocabulary":"crossref"}]},{"ORCID":"https:\/\/orcid.org\/0000-0002-7991-3173","authenticated-orcid":false,"given":"Lorena","family":"Mart\u00ednez Mart\u00ednez","sequence":"additional","affiliation":[],"role":[{"role":"author","vocabulary":"crossref"}]},{"name":"Universidad de Guadalajara","sequence":"additional","affiliation":[],"role":[{"role":"author","vocabulary":"crossref"}]},{"ORCID":"https:\/\/orcid.org\/0000-0001-6465-2735","authenticated-orcid":false,"given":"Jos\u00e9 Cruz","family":"Guzm\u00e1n D\u00edaz","sequence":"additional","affiliation":[],"role":[{"role":"author","vocabulary":"crossref"}]},{"name":"Universidad de Guadalajara","sequence":"additional","affiliation":[],"role":[{"role":"author","vocabulary":"crossref"}]},{"ORCID":"https:\/\/orcid.org\/0000-0002-1359-8051","authenticated-orcid":false,"given":"Karina del Carmen","family":"Ch\u00e1vez Ochoa","sequence":"additional","affiliation":[],"role":[{"role":"author","vocabulary":"crossref"}]},{"name":"Universidad de Guadalajara","sequence":"additional","affiliation":[],"role":[{"role":"author","vocabulary":"crossref"}]}],"member":"6711","published-online":{"date-parts":[[2025,3,3]]},"container-title":["Dixi"],"deposited":{"date-parts":[[2025,3,4]],"date-time":"2025-03-04T13:26:57Z","timestamp":1741094817000},"score":0.0,"resource":{"primary":{"URL":"https:\/\/revistas.ucc.edu.co\/index.php\/di\/article\/view\/5261"}},"issued":{"date-parts":[[2025,3,3]]},"references-count":0,"journal-issue":{"issue":"DIXI","published-online":{"date-parts":[[2025,3,3]]}},"URL":"https:\/\/doi.org\/10.16925\/2357-5891.2025.03.04","ISSN":["2357-5891"],"issn-type":[{"value":"2357-5891","type":"electronic"}],"published":{"date-parts":[[2025,3,3]]}},{"indexed":{"date-parts":[[2022,4,3]],"date-time":"2022-04-03T06:30:42Z","timestamp":1648967442313},"reference-count":0,"publisher":"Universidad Cooperativa de Colombia- UCC","issue":"24","content-domain":{"domain":[],"crossmark-restriction":false},"short-container-title":["Mem."],"abstract":"<jats:p>Introducci\u00f3n: este art\u00edculo presenta el desarrollo de un modelo de gesti\u00f3n que comprende las problem\u00e1ticas propias del fortalecimiento de las habilidades metodol\u00f3gicas en la incorporaci\u00f3n del uso edu\u00adcativo de las TIC en las Facultades de Medicina y Odontolog\u00eda de la Universidad de Valpara\u00edso. Metodolog\u00eda: se implementaron dos fa\u00adses diagn\u00f3sticas: una cualitativa de tres herramientas: observaci\u00f3n de aula, realizaci\u00f3n de entrevistas semiestructuradas a docentes y realizaci\u00f3n de grupos focales con estudiantes; y una cuantitativa, en la cual se aplic\u00f3 una encuesta a 542 docentes. Resultados: existe la demanda entre la comunidad docente y estudiantil de mayor articula\u00adci\u00f3n curricular, mejora en la formaci\u00f3n docente y uso educativo de las TIC, adem\u00e1s de la necesidad de que las TIC tengan un significado m\u00e1s relevante desde el modelo educativo de la Instituci\u00f3n y su forma de estructurar el curr\u00edculo, por lo que se desarroll\u00f3 una l\u00ednea estrat\u00e9gica para estructurar un sello distintivo en la formaci\u00f3n de profesionales, utilizando como insumo el escalonamiento de la competencia digital declarada en el perfil de egreso. Finalmente, se ide\u00f3 un sistema inte\u00adgral de ense\u00f1anza y un plan de estudios que responden a estas necesi\u00addades. Conclusiones: las TIC son medio habilitante de la metodolog\u00eda para el proceso formativo de los estudiantes. Por ello, la generaci\u00f3n de condiciones docentes y tecnol\u00f3gicas han de constituirse en una he\u00adrramienta pedag\u00f3gica efectiva, lo cual se materializa a trav\u00e9s del fortalecimiento de la infraestructura de la plataforma tecnol\u00f3gica; desde el \u00e1mbito pedag\u00f3gico, fortaleciendo las habilidades metodol\u00f3gicas, y desde el organizacional, propiciando condiciones que motiven la incorporaci\u00f3n de TIC.<\/jats:p>","DOI":"10.16925\/me.v13i24.1518","type":"journal-article","created":{"date-parts":[[2017,12,11]],"date-time":"2017-12-11T10:54:56Z","timestamp":1512989696000},"page":"11","source":"Crossref","is-referenced-by-count":0,"title":["Inclusi\u00f3n del uso de las tecnolog\u00edas de informaci\u00f3n y comunicaci\u00f3n mediante utilizaci\u00f3n de un nuevo sistema educacional basado en un Plan de Experiencias Formativas (PEF)"],"prefix":"10.16925","volume":"13","author":[{"given":"Antonio Alberto","family":"Gonz\u00e1lez-Grez","sequence":"first","affiliation":[],"role":[{"role":"author","vocabulary":"crossref"}]}],"member":"6711","published-online":{"date-parts":[[2015,12,1]]},"container-title":["Memorias"],"link":[{"URL":"https:\/\/revistas.ucc.edu.co\/index.php\/me\/article\/viewFile\/1518\/2177","content-type":"application\/pdf","content-version":"vor","intended-application":"text-mining"},{"URL":"https:\/\/revistas.ucc.edu.co\/index.php\/me\/article\/viewFile\/1518\/2177","content-type":"unspecified","content-version":"vor","intended-application":"similarity-checking"}],"deposited":{"date-parts":[[2017,12,11]],"date-time":"2017-12-11T10:54:59Z","timestamp":1512989699000},"score":0.0,"resource":{"primary":{"URL":"https:\/\/revistas.ucc.edu.co\/index.php\/me\/article\/view\/1518"}},"issued":{"date-parts":[[2015,12,1]]},"references-count":0,"journal-issue":{"issue":"24","published-online":{"date-parts":[[2015,12,1]]}},"URL":"https:\/\/doi.org\/10.16925\/me.v13i24.1518","ISSN":["2382-4239","0124-4361"],"issn-type":[{"value":"2382-4239","type":"electronic"},{"value":"0124-4361","type":"print"}],"published":{"date-parts":[[2015,12,1]]}},{"indexed":{"date-parts":[[2022,4,3]],"date-time":"2022-04-03T02:23:51Z","timestamp":1648952631054},"reference-count":0,"publisher":"Universidad Cooperativa de Colombia- UCC","issue":"32","content-domain":{"domain":[],"crossmark-restriction":false},"short-container-title":["Rastros rostros"],"abstract":"<jats:p>Introducci\u00f3n: este art\u00edculo presenta los resultados de la investigaci\u00f3n \u201cImplementaci\u00f3n del Nivel C1 del Marco Com\u00fan de Referencia Europea para las Lenguas (2012)\u201d, la cual origin\u00f3 una de las etapas del libro Comunicarse en espa\u00f1ol: la mejor opci\u00f3n. Este libro se estructur\u00f3 en varias etapas, la etapa mencionada es: \u201cComparta sus ideas con la red social\u201d. Metodolog\u00eda: para el logro del objetivo, se llev\u00f3 a cabo una investigaci\u00f3n-acci\u00f3n. El m\u00e9todo fue inductivo, pues el uso de diversas lecturas y la escritura de los mensajes de texto permitieron que el extranjero usara las redes sociales con fines acad\u00e9micos. Los ejercicios se aplicaron a un grupo de cuatro estudiantes extranjeros: tres alemanes y una de la China, entre las edades de 18-20 y 23 a\u00f1os, interesados en aprender, mejorar y hablar el espa\u00f1ol como lengua extranjera (ele). Resultados: se evidenci\u00f3 que los estudiantes extranjeros mejoraron los procesos de lectoescritura; esto se reflej\u00f3 en el reconocimiento y la contextualizaci\u00f3n que los aprendientes de ele demostraron en la realizaci\u00f3n de cada ejercicio de lectura y escritura a trav\u00e9s de los mensajes de texto y las intenciones comunicativas que rodean su uso en contextos determinados. Conclusiones: de acuerdo con las indicaciones en los ejercicios del libro Comunicarse en espa\u00f1ol: la mejor opci\u00f3n en la etapa de \u201cComparta sus ideas en la red social\u201d, los estudiantes extranjeros, desarrollaron los ejercicios utilizando las redes sociales mediante la lectura y escritura.\u00a0 Esta investigaci\u00f3n fue de gran aporte para los aprendientes en cuanto al manejo de la lengua espa\u00f1ola.<\/jats:p>","DOI":"10.16925\/ra.v18i32.1319","type":"journal-article","created":{"date-parts":[[2020,8,29]],"date-time":"2020-08-29T07:22:48Z","timestamp":1598685768000},"source":"Crossref","is-referenced-by-count":0,"title":["Los  procesos de lectoescritura de los mensajes de texto en redes sociales para la ense\u00f1anza de ELE"],"prefix":"10.16925","volume":"18","author":[{"given":"Myriam","family":"Waked-Hern\u00e1ndez","sequence":"first","affiliation":[],"role":[{"role":"author","vocabulary":"crossref"}]}],"member":"6711","published-online":{"date-parts":[[2016,3,17]]},"container-title":["Rastros Rostros"],"link":[{"URL":"https:\/\/revistas.ucc.edu.co\/index.php\/ra\/article\/download\/1319\/1595","content-type":"application\/pdf","content-version":"vor","intended-application":"text-mining"},{"URL":"https:\/\/revistas.ucc.edu.co\/index.php\/ra\/article\/download\/1319\/1595","content-type":"unspecified","content-version":"vor","intended-application":"similarity-checking"}],"deposited":{"date-parts":[[2020,8,29]],"date-time":"2020-08-29T07:22:49Z","timestamp":1598685769000},"score":0.0,"resource":{"primary":{"URL":"https:\/\/revistas.ucc.edu.co\/index.php\/ra\/article\/view\/1319"}},"issued":{"date-parts":[[2016,3,17]]},"references-count":0,"journal-issue":{"issue":"32","published-online":{"date-parts":[[2016,4,1]]}},"URL":"https:\/\/doi.org\/10.16925\/ra.v18i32.1319","ISSN":["2382-4921","0124-406X"],"issn-type":[{"value":"2382-4921","type":"electronic"},{"value":"0124-406X","type":"print"}],"published":{"date-parts":[[2016,3,17]]}},{"indexed":{"date-parts":[[2024,8,6]],"date-time":"2024-08-06T18:54:14Z","timestamp":1722970454046},"reference-count":0,"publisher":"Ediciones Universidad Cooperativa de Colombia","content-domain":{"domain":[],"crossmark-restriction":false},"abstract":"<jats:p>El prop\u00f3sito de esta gu\u00eda pr\u00e1ctica es proporcionar un curso de preparaci\u00f3n para la maternidad y paternidad en base a la correlaci\u00f3n disciplinar fundamentada en el microsistema que plantea Ramona Mercer en su teor\u00eda de rango medio de Adopci\u00f3n maternal, en el factor de Madre, con las caracter\u00edsticas embarazo-experiencia del nacimiento, relaci\u00f3n con los padres de ni\u00f1a, autoestima-autoconcepto, salud-depresi\u00f3n-ansiedad y conflicto del rol-tensi\u00f3n. Se incluyen aqu\u00ed sesiones del curso cuyos temas son: cambios anatomofisiol\u00f3gicos, signos de alarma, nutrici\u00f3n y ejercicio f\u00edsico en el embarazo, as\u00ed como cuidados iniciales del reci\u00e9n nacido, proceso de parto, lactancia materna, estimulaci\u00f3n del crecimiento, planificaci\u00f3n familiar y anticoncepci\u00f3n e identificaci\u00f3n de signos de depresi\u00f3n posparto. Con su aplicaci\u00f3n, se busca que los alumnos alcancen la competencia del curso de cuidado de enfermer\u00eda a la mujer y el reci\u00e9n nacido, y que, adem\u00e1s, pueda ser utilizado por profesionales en salud en las instituciones donde se implemente la ruta integral de atenci\u00f3n materna perinatal.<\/jats:p>","DOI":"10.16925\/gcgp.99","type":"report","created":{"date-parts":[[2023,12,19]],"date-time":"2023-12-19T19:00:36Z","timestamp":1703012436000},"source":"Crossref","is-referenced-by-count":0,"title":["Promoci\u00f3n y prevenci\u00f3n en el cuidado de enfermer\u00eda a la gestante en el curso de preparaci\u00f3n para la maternidad y paternidad, articulado con la teor\u00eda de rol de adopci\u00f3n maternal de Ramona Mercer"],"prefix":"10.16925","author":[{"name":"Universidad Cooperativa de Colombia","sequence":"first","affiliation":[],"role":[{"role":"author","vocabulary":"crossref"}]},{"given":"Laura Victoria","family":"Morales Urbina","sequence":"first","affiliation":[],"role":[{"role":"author","vocabulary":"crossref"}]}],"member":"6711","published-online":{"date-parts":[[2023,7]]},"deposited":{"date-parts":[[2023,12,19]],"date-time":"2023-12-19T19:00:37Z","timestamp":1703012437000},"score":0.0,"resource":{"primary":{"URL":"https:\/\/repository.ucc.edu.co\/items\/5d364e60-e1e2-4645-b638-5788ff81b466"}},"issued":{"date-parts":[[2023,7]]},"references-count":0,"URL":"https:\/\/doi.org\/10.16925\/gcgp.99","published":{"date-parts":[[2023,7]]}},{"indexed":{"date-parts":[[2022,4,5]],"date-time":"2022-04-05T18:20:03Z","timestamp":1649182803740},"reference-count":0,"publisher":"Universidad Cooperativa de Colombia","content-domain":{"domain":[],"crossmark-restriction":false},"DOI":"10.16925\/greylit.1441","type":"report","created":{"date-parts":[[2016,6,24]],"date-time":"2016-06-24T19:58:18Z","timestamp":1466798298000},"source":"Crossref","is-referenced-by-count":0,"title":["Una mirada te\u00f3rica a la reparaci\u00f3n integral a las v\u00edctimas en Colombia (WP)"],"prefix":"10.16925","author":[{"given":"V\u00edctor Javier","family":"Vera C\u00e1rdenas","sequence":"first","affiliation":[],"role":[{"role":"author","vocabulary":"crossref"}]},{"given":"Zulma Yadira","family":"Cepeda Rodr\u00edguez","sequence":"additional","affiliation":[],"role":[{"role":"author","vocabulary":"crossref"}]}],"member":"6711","published-online":{"date-parts":[[2016]]},"deposited":{"date-parts":[[2016,6,24]],"date-time":"2016-06-24T19:58:19Z","timestamp":1466798299000},"score":0.0,"resource":{"primary":{"URL":"http:\/\/revistas.ucc.edu.co\/index.php\/dotr\/article\/view\/1441"}},"issued":{"date-parts":[[2016]]},"references-count":0,"URL":"https:\/\/doi.org\/10.16925\/greylit.1441","published":{"date-parts":[[2016]]}},{"indexed":{"date-parts":[[2022,3,31]],"date-time":"2022-03-31T19:27:28Z","timestamp":1648754848054},"reference-count":0,"publisher":"Universidad Cooperativa de Colombia- UCC","issue":"20","content-domain":{"domain":[],"crossmark-restriction":false},"short-container-title":["Revista Estrategias"],"DOI":"10.16925\/es.v10i20.42","type":"journal-article","created":{"date-parts":[[2015,2,26]],"date-time":"2015-02-26T16:38:44Z","timestamp":1424968724000},"source":"Crossref","is-referenced-by-count":0,"title":["La globalizaci\u00f3n de la educaci\u00f3n superior desde una mirada regional"],"prefix":"10.16925","volume":"10","author":[{"given":"Lesly Esther","family":"Zambrano Moreno","sequence":"first","affiliation":[],"role":[{"role":"author","vocabulary":"crossref"}]},{"given":"Paola Andrea","family":"Berm\u00fadez Ag\u00e1mez","sequence":"additional","affiliation":[],"role":[{"role":"author","vocabulary":"crossref"}]}],"member":"6711","published-online":{"date-parts":[[2013,10,21]]},"container-title":["Estrategias"],"deposited":{"date-parts":[[2015,2,26]],"date-time":"2015-02-26T16:38:56Z","timestamp":1424968736000},"score":0.0,"resource":{"primary":{"URL":"http:\/\/revistas.ucc.edu.co\/index.php\/es\/article\/view\/42"}},"issued":{"date-parts":[[2013,10,21]]},"references-count":0,"journal-issue":{"issue":"20","published-online":{"date-parts":[[2013,10,21]]}},"URL":"https:\/\/doi.org\/10.16925\/es.v10i20.42","ISSN":["1794-1652"],"issn-type":[{"value":"1794-1652","type":"print"}],"published":{"date-parts":[[2013,10,21]]}},{"indexed":{"date-parts":[[2024,7,23]],"date-time":"2024-07-23T14:10:27Z","timestamp":1721743827710},"reference-count":47,"publisher":"Universidad Cooperativa de Colombia - UCC","issue":"106","content-domain":{"domain":[],"crossmark-restriction":false},"short-container-title":["Coop. Desarro."],"abstract":"<jats:p>Introducci\u00f3n: la pol\u00edtica de Vivienda de Inter\u00e9s Social (vis) se ha\u00a0dise\u00f1ado para contribuir al mejoramiento de la calidad de vida de las\u00a0familias de escasos recursos mediante la entrega de un subsidio en\u00a0dinero, de acuerdo con las diferentes condiciones socioecon\u00f3micas.\u00a0Metodolog\u00eda: en Bogot\u00e1, se tienen en cuenta los siguientes indicadores:\u00a0coeficiente de utilizaci\u00f3n del subsidio de vivienda, tasas de inter\u00e9s\u00a0para financiar vivienda en valor real uvr, \u00edndice de aprobaci\u00f3n de\u00a0cr\u00e9ditos hipotecarios, variaci\u00f3n del \u00edndice de precios de la vivienda\u00a0nueva y usada, demanda de vivienda no vis y tasa de desempleo. Esto\u00a0con el objetivo de determinar c\u00f3mo es el comportamiento de la Demanda\u00a0de Vivienda de Inter\u00e9s Social (demvis) y la efectividad de los\u00a0incentivos de la pol\u00edtica. Resultados: el presente art\u00edculo de investigaci\u00f3n\u00a0resume los resultados encontrados durante la comparaci\u00f3n\u00a0de la estructura conceptual, te\u00f3rica y normativa de la pol\u00edtica de Vivienda\u00a0de Inter\u00e9s Social, mediante un an\u00e1lisis cualitativo que muestra\u00a0aparentemente la efectividad de dicha pol\u00edtica y el cumplimiento de\u00a0los requerimientos en b\u00fasqueda de favorecer las familias de escasos\u00a0recursos. Conclusiones: con base en el modelo econom\u00e9trico, se evidencia\u00a0que hay poca efectividad del subsidio de vivienda en el dinamismo\u00a0de la demanda de Vivienda de Inter\u00e9s Social.<\/jats:p>","DOI":"10.16925\/co.v23i106.1123","type":"journal-article","created":{"date-parts":[[2019,9,16]],"date-time":"2019-09-16T02:51:01Z","timestamp":1568602261000},"source":"Crossref","is-referenced-by-count":0,"title":["Demanda de Vivienda de Inter\u00e9s Social y efectividad de incentivos de la pol\u00edtica de subsidio familiar en Bogot\u00e1 de 2000 a 2012"],"prefix":"10.16925","volume":"23","author":[{"given":"Carol Alejandra","family":"Bol\u00edvar-Silva","sequence":"first","affiliation":[],"role":[{"role":"author","vocabulary":"crossref"}]},{"given":"Pedro El\u00edas","family":"Galindo-Le\u00f3n","sequence":"additional","affiliation":[],"role":[{"role":"author","vocabulary":"crossref"}]}],"member":"6711","published-online":{"date-parts":[[1969,12,31]]},"reference":[{"key":"22975","unstructured":"Acero, N. (2010). Urbanismo con humanismo, un reto en Colombia. Recuperado el 25 de mayo de 2013, en http:\/\/www.suite101.net\/content\/urbanismo-con-humanismo-un-reto-en-colombia-a10210#ixzz1JVaTbmFs."},{"key":"22976","unstructured":"Acuerdo 61, Por el cual se crea el \"Instituto de Acci\u00f3n Social de Bogot\u00e1\", se dicta una disposici\u00f3n sobre seguro de vida para los servidores municipales y se vota una partida para el regalo de A\u00f1o Nuevo del soldado (27 de Diciembre de 1932)."},{"key":"22977","unstructured":"Acuerdo No. 61, Creaci\u00f3n de la Caja de vivienda popular de Bogot\u00e1 (Consejo Municipal de Bogot\u00e1 1932)."},{"key":"22978","unstructured":"Aguirre, B., & Rabi, S. (2004). El paradigma de la CORVI en la Arquitectura Habitacional Chilena. 1953-1976. En Trayectoria Institucional de la CORVI (p\u00e1g."},{"key":"22979","unstructured":"http:\/\/www.ucentral.cl\/fid\/pdf\/i_paradigma_corvi\/trayectoria_espacial.pdf). Chile: Universidad Central."},{"key":"22980","unstructured":"APA, (2012). Publication Manual of the American Psychological Association. Sixth Edition."},{"key":"22981","unstructured":"Bogot\u00e1, A. d, (2011). Recuperado 14 de febrero de 2011 en http:\/\/www.cajaviviendapopular.gov.co\/index.php?option=com_content&view=article&id=56&Itemid=60&lang=es."},{"key":"22982","unstructured":"Castro, S. (2004). Pensar el siglo XXI. Cultura, biopol\u00edtica y modernidad en Colombia. . Pittsburgh: Instituto Internacional de Literatura Iberoamericana."},{"key":"22983","unstructured":"Ceballos Ramos, O. L. (2008). Vivienda Social en Colombia. Una mirada desde su legislaci\u00f3n 1918 - 2005. Bogot\u00e1: Pontificia Universidad Javeriana - Bogot\u00e1."},{"key":"22984","unstructured":"Cuadernos de la Ciudad. Serie Equidad y Bienestar No. 7. Vivienda y Pobreza en Bogot\u00e1. Nuevos desarrollos en la pol\u00edtica habitacional. Para la ciudad Secretar\u00eda de Hacienda Distrital. Direcci\u00f3n de Estudios Econ\u00f3micos Carol Rodr\u00edguez. 2005."},{"key":"22985","unstructured":"Currie, L. (No. 18-19. A\u00f1o 1993). La teor\u00eda en que se basa la estrategia del sector l\u00edder. Cuadernos de Econom\u00eda. En Cuadernos de Econom\u00eda (p\u00e1gs. 225-230). Bogot\u00e1; D. C.: Universidad Nacional de Colombia."},{"key":"22986","unstructured":"Creaci\u00f3n del Instituto de Cr\u00e9dito territorial, Decreto 200 (Republica de Colombia. Honorable Congreso de la Rep\u00fablica 1939)."},{"key":"22987","unstructured":"Le Blanc, D (2005). A Methodology with Application to Morocco. Economic Evaluation of Housing Subsidy Systems. Transport and Urban Development Department. Urban Unit World Bank, 2005."},{"key":"22988","unstructured":"Decreto 1132, Funciones BCH (Congreso de la republica de Colombia. 1953)."},{"key":"22989","unstructured":"Decreto 1371, C\u00f3digo Sanitario Nacional (Congreso de la Republica de Colombia 1953)."},{"key":"22990","unstructured":"Decreto 2241, Vivienda campesina (Congreso de la republica de Colombia. 1948)."},{"key":"22991","unstructured":"Decreto 2349, Banco de Ahorro y Vivienda (Congreso dela Republica de Colombia 1965)."},{"key":"22992","unstructured":"Decreto 2620, Por el cual se reglamentan parcialmente la Ley 3a. de 1991 en relaci\u00f3n con el Subsidio Familiar de Vivienda en dinero y en especie para \u00e1reas urbanas, la Ley 49 de 1990, en cuanto a su asignaci\u00f3n por parte de las Cajas de Compensaci\u00f3n Familiar (Congreso de la Republica de Colombia 18 de Diciembre de 2000)."},{"key":"22993","unstructured":"Decreto 3118, Creaci\u00f3n del Fondo Nacional del Ahorro (Congreso de la Republica de Colombia 1968)."},{"key":"22994","unstructured":"Decreto 4133, \"Por el cual se adoptan como normas legales unas disposiciones\" (16 de Diciembre de 1948)."},{"key":"22995","unstructured":"Decreto 554, Supresi\u00f3n del Instituto Nacional de vivienda de Interes Social y Reforma Urbana [UNIRBE] (Congreso de la Republica de Colombia 2003)."},{"key":"22996","unstructured":"Decreto 677, Por medio del cual se crean las corporaciones privadas de Ahorro y vivienda (Congreso d ela Republica de Colombia 1972)."},{"key":"22997","unstructured":"Decreto 975, Distribuci\u00f3n de recursos del Subsidio de Vivienda de Interes social del FONAVIVIENDA (Congreso de la republica de Colombia 2004)."},{"key":"22998","unstructured":"Decreto Ley 555, Distribuci\u00f3n regional de recursos del Subsidio (Congreso de la republica de Colombia 2003)."},{"key":"22999","unstructured":"Declaraci\u00f3n de Vancouver sobre asentamientos humanos. (Del 31 de mayo al 11 de junio de 1976). Compromisos de los gobiernos en adelantar acciones dirigidas a resolver los principales problemas de lso asentamientos humanos. Vancouver; Canad\u00e1: United Nations Conference on Human."},{"key":"23000","unstructured":"Foucault, M. (1997). Vigilar y castigar. Madrid: Siglo XXI."},{"key":"23001","unstructured":"Grynspan, R., & Mel\u00e9ndez, D. (1999). El factor institucional en reformas a la pol\u00edtica de vivienda de inter\u00e9s. Serie Financiamiento del Desarrollo. No. 81. CEPAL , 50-62."},{"key":"23002","unstructured":"Herrera, \u00c1. (No. 313-314. A\u00f1o 2006). Lauchlin Currie interprete y autor de su tiempo. En Revista de Econom\u00eda Colombiana (p\u00e1g. 180ss). Bogot\u00e1; D. C.: Universidad Nacional de Colombia."},{"key":"23003","unstructured":"Kalmanovitz Krauter, S., & Duz\u00e1n, P. (1986). Hisotira de Colombia. Bogot\u00e1: Editorial El Cid."},{"key":"23004","unstructured":"Ley 20, Vivienda rural (Congreso de la republica de Colombia 1976)."},{"key":"23005","unstructured":"Ley 3, Sistema Nacional de vivienda de Inter\u00e9 Social (Congreso de la republica de Colombia 1991)."},{"key":"23006","unstructured":"Ley 46, Por la cual se dicta una medida de salubridad p\u00fablica y se provee a la existencia de habitaciones higi\u00e9nicas para la clase proletaria. (Honorable Congreso de la republica de Colombia. 19 de noviembre de 1918)."},{"key":"23007","unstructured":"Ley 87, Caja de la Vivienda Militar (1947)."},{"key":"23008","unstructured":"Ley 9, Codigo Sanitario Nacional (Congreso de la Republica de Colombia 1979)."},{"key":"23009","unstructured":"Ley 9, Reforma Urbana (Congreso de la Republica de Colombia 1989)."},{"key":"23010","unstructured":"Ministerior de Medio Ambiente, H. y. (s.f.). Recuperado el 31 de enero de 2011, http:\/\/www.dnp.gov.co\/PortalWeb\/Programas\/ViviendaAguayDesarrolloUrbano\/Vivienda\/Pol%C3%ADticaNacionaldeVivienda\/Distribuci%C3%B3ngeogr%C3%A1ficadelSubsidioFamiliardeV.aspx."},{"key":"23011","doi-asserted-by":"crossref","unstructured":"Mokate K, 2001: p\u00e1g. 3). Eficacia, eficiencia, equidad y sostenibilidad: \u00bfQu\u00e9 queremos decir?","DOI":"10.18235\/0012059"},{"key":"23012","unstructured":"Naciones Unidas. (16 de diciembre de 1966)."},{"key":"23013","unstructured":"Pacto Internacional de Derechos Econ\u00f3micos, Sociales y Culturales [ICESCR]. XXI Asamblea General de las Nacionaes Unidas. Naciones Unidas."},{"key":"23014","unstructured":"Segunda Conferencia de las Naciones Unidas sobre Asentamientos Humanos [Habitat II]. (Del 3 al 14 de junio de 1996)."},{"key":"23015","unstructured":"Programa de Habital y Declaraci\u00f3n de Estambul sobre asentamientos Humanos. Estambul, Turqu\u00eda: Naciones Unidas."},{"key":"23016","doi-asserted-by":"crossref","unstructured":"Clavijo, S (2004). La vivienda en Colombia: Sus Determinantes Socio- Econ\u00f3micos y Financieros Bogot\u00e1.","DOI":"10.13043\/dys.55.3"},{"key":"23017","unstructured":"Suarez A. F. (1999: P\u00e1g. 23). Fundmaentos de Estad\u00edstica. Bogot\u00e1: Rojas Eberhard Editores, Ltda."},{"key":"23018","unstructured":"Suarez, H. D. (2003). Evaluaci\u00f3n de la pol\u00edtica p\u00fablica en procesos de restablecimiento de la poblaci\u00f3n desplazada desde un enfoque de derecho. Bogot\u00e1; D. C.: Defensoria del Pueblo."},{"key":"23019","unstructured":"Suarez, H. D. (2003). Evaluaci\u00f3n de la pol\u00edtica p\u00fablica en procesos de restablecimiento de la poblaci\u00f3n desplazada desde un enfoque de derecho. Bogot\u00e1; D. C.: Defensoria del Pueblo."},{"key":"23020","unstructured":"Velez Posada, M. A. (No. 262. A\u00f1o 2006). Inversi\u00f3n rentable. Revista Dinero , 66."},{"key":"23021","unstructured":"Zapata, G. S. (1997.). El neoliberalismo en America Latina. Carta de los Superiores Provinciales Latinoamericanos de la Compa\u00f1\u00eda de Jes\u00fas. Venezuela Anal\u00edtica, Revista Electr\u00f3nica. (14, 3)"}],"container-title":["Cooperativismo &amp; Desarrollo"],"link":[{"URL":"https:\/\/revistas.ucc.edu.co\/index.php\/co\/article\/download\/1123\/1223","content-type":"application\/pdf","content-version":"vor","intended-application":"text-mining"},{"URL":"https:\/\/revistas.ucc.edu.co\/index.php\/co\/article\/download\/1123\/1223","content-type":"unspecified","content-version":"vor","intended-application":"similarity-checking"}],"deposited":{"date-parts":[[2024,7,23]],"date-time":"2024-07-23T12:59:16Z","timestamp":1721739556000},"score":0.0,"resource":{"primary":{"URL":"https:\/\/revistas.ucc.edu.co\/index.php\/co\/article\/view\/1123"}},"issued":{"date-parts":[[1969,12,31]]},"references-count":47,"journal-issue":{"issue":"106","published-online":{"date-parts":[[2015,6,8]]}},"URL":"https:\/\/doi.org\/10.16925\/co.v23i106.1123","ISSN":["2382-4220","0120-7180"],"issn-type":[{"value":"2382-4220","type":"electronic"},{"value":"0120-7180","type":"print"}],"published":{"date-parts":[[1969,12,31]]}},{"indexed":{"date-parts":[[2022,3,29]],"date-time":"2022-03-29T04:03:47Z","timestamp":1648526627758},"reference-count":0,"publisher":"Universidad Cooperativa de Colombia","content-domain":{"domain":[],"crossmark-restriction":false},"DOI":"10.16925\/greylit.1585","type":"report","created":{"date-parts":[[2016,9,30]],"date-time":"2016-09-30T02:46:13Z","timestamp":1475203573000},"source":"Crossref","is-referenced-by-count":0,"title":["El estudio de la calidad de vida en la primera infancia"],"prefix":"10.16925","author":[{"given":"Omar","family":"Calvache","sequence":"first","affiliation":[],"role":[{"role":"author","vocabulary":"crossref"}]}],"member":"6711","published-online":{"date-parts":[[2016]]},"deposited":{"date-parts":[[2016,9,30]],"date-time":"2016-09-30T02:46:13Z","timestamp":1475203573000},"score":0.0,"resource":{"primary":{"URL":"http:\/\/revistas.ucc.edu.co\/index.php\/dotr\/article\/view\/1585"}},"issued":{"date-parts":[[2016]]},"references-count":0,"URL":"https:\/\/doi.org\/10.16925\/greylit.1585","published":{"date-parts":[[2016]]}},{"indexed":{"date-parts":[[2022,4,1]],"date-time":"2022-04-01T10:05:37Z","timestamp":1648807537717},"reference-count":0,"publisher":"Universidad Cooperativa de Colombia","content-domain":{"domain":[],"crossmark-restriction":false},"DOI":"10.16925\/greylit.2364","type":"report","created":{"date-parts":[[2018,8,21]],"date-time":"2018-08-21T16:15:12Z","timestamp":1534868112000},"source":"Crossref","is-referenced-by-count":0,"title":["Finanzas particulares: una aproximaci\u00f3n a la cultura del ahorro"],"prefix":"10.16925","author":[{"given":"Germ\u00e1n Andr\u00e9s","family":"Alarc\u00f3n-Leudo","sequence":"first","affiliation":[],"role":[{"role":"author","vocabulary":"crossref"}]}],"member":"6711","published-online":{"date-parts":[[2017]]},"deposited":{"date-parts":[[2018,8,21]],"date-time":"2018-08-21T16:15:12Z","timestamp":1534868112000},"score":0.0,"resource":{"primary":{"URL":"https:\/\/revistas.ucc.edu.co\/index.php\/dodo\/article\/view\/2364"}},"issued":{"date-parts":[[2017]]},"references-count":0,"URL":"https:\/\/doi.org\/10.16925\/greylit.2364","published":{"date-parts":[[2017]]}},{"indexed":{"date-parts":[[2022,4,5]],"date-time":"2022-04-05T21:25:37Z","timestamp":1649193937894},"reference-count":0,"publisher":"Universidad Cooperativa de Colombia- UCC","issue":"31","content-domain":{"domain":[],"crossmark-restriction":false},"short-container-title":["Rastros rostros"],"abstract":"<jats:p>Prop\u00f3sito: Este art\u00edculo busca dar cuenta de las preocupaciones renovadoras del lenguaje en la poes\u00eda concreta brasile\u00f1a, ahondando en el concepto paideuma. Temas: Para cumplir este prop\u00f3sito, se hace aqu\u00ed una revisi\u00f3n y explicaci\u00f3n de este t\u00e9rmino, recurriendo a los planteamientos realizados por los hermanos Augusto y Haroldo de Campos y Decio Pignatari en \u201cOlho por olho a olho un (manifiesto)\u201d. Desarrollo: Asimismo, se explora la poes\u00eda de los autores seleccionados y establecidos por este tr\u00edo como precursores de las nuevas formas, temas y modos de expresi\u00f3n de este programa art\u00edstico y literario latinoamericano. Conclusiones: As\u00ed, la poes\u00eda concreta brasile\u00f1a entra\u00f1a un cambio en el uso del lenguaje literario, pues problematiza el modo en que se realiza la expresi\u00f3n de los contenidos a trav\u00e9s de algunos procedimientos estil\u00edsticos, dictados desde el influyente acervo po\u00e9tico de autores como Joyce E. E. Cummings y Ezra Pound.<\/jats:p>","DOI":"10.16925\/ra.v17i31.1099","type":"journal-article","created":{"date-parts":[[2020,8,29]],"date-time":"2020-08-29T07:47:51Z","timestamp":1598687271000},"source":"Crossref","is-referenced-by-count":0,"title":["Paideuma concreto y c\u00f3mo dar dimensiones al poema"],"prefix":"10.16925","volume":"17","author":[{"given":"\u00d3scar Humberto","family":"Mej\u00eda-Blanco","sequence":"first","affiliation":[],"role":[{"role":"author","vocabulary":"crossref"}]}],"member":"6711","published-online":{"date-parts":[[1970,1,1]]},"container-title":["Rastros Rostros"],"link":[{"URL":"https:\/\/revistas.ucc.edu.co\/index.php\/ra\/article\/download\/1099\/1094","content-type":"application\/pdf","content-version":"vor","intended-application":"text-mining"},{"URL":"https:\/\/revistas.ucc.edu.co\/index.php\/ra\/article\/download\/1099\/1094","content-type":"unspecified","content-version":"vor","intended-application":"similarity-checking"}],"deposited":{"date-parts":[[2020,8,29]],"date-time":"2020-08-29T07:47:51Z","timestamp":1598687271000},"score":0.0,"resource":{"primary":{"URL":"https:\/\/revistas.ucc.edu.co\/index.php\/ra\/article\/view\/1099"}},"issued":{"date-parts":[[1970,1,1]]},"references-count":0,"journal-issue":{"issue":"31","published-online":{"date-parts":[[2015,12,1]]}},"URL":"https:\/\/doi.org\/10.16925\/ra.v17i31.1099","ISSN":["2382-4921","0124-406X"],"issn-type":[{"value":"2382-4921","type":"electronic"},{"value":"0124-406X","type":"print"}],"published":{"date-parts":[[1970,1,1]]}},{"indexed":{"date-parts":[[2022,4,5]],"date-time":"2022-04-05T01:07:29Z","timestamp":1649120849414},"reference-count":0,"publisher":"Universidad Cooperativa de Colombia- UCC","issue":"105","content-domain":{"domain":[],"crossmark-restriction":false},"short-container-title":["Coop. Desarro."],"abstract":"<jats:p>El \u00e9xito competitivo de las empresas proviene, como ya anunciaban Navas y Urbina (2002), de los\u00a0activos intangibles por la identificaci\u00f3n y medici\u00f3n, lo cual ha resultado ser imprescindible para las\u00a0organizaciones a fin de desarrollar una evaluaci\u00f3n correcta de sus procesos productivos. La valorizaci\u00f3n\u00a0de los procesos productivos y del \u00e1rea de gesti\u00f3n de las cooperativas no se hace ajeno a este\u00a0proceder, ni reciben el valor que merecen, ya que tampoco el sector cooperativo ha valorizado su\u00a0posicionamiento en el entorno productivo en el que se mueve y lo que ello conlleva. Sin embargo,\u00a0hoy en d\u00eda las estrategias de las empresas y de las cooperativas precisan de un correcto y acertado\u00a0conocimiento de la intangibilidad de los propios productos, y de lo que conlleva la actividad de las\u00a0cooperativas en los entornos en los que se mueven. Los activos intangibles se est\u00e1n convirtiendo en\u00a0la clave del \u00e9xito competitivo de las empresas, por lo que su identificaci\u00f3n, medici\u00f3n y evaluaci\u00f3n es\u00a0un estudio relevante e, incluso ahora, imprescindible para las organizaciones. En este art\u00edculo se han\u00a0elegido las cooperativas de la provincia de Toledo como ejemplo de potencialidad de aplicaci\u00f3n de\u00a0estrategias de valoraci\u00f3n de intangibles, en tanto herramienta de ventaja competitiva ante la apertura\u00a0de nuevos canales de comercializaci\u00f3n internacionales.<\/jats:p>","DOI":"10.16925\/co.v22i105.1034","type":"journal-article","created":{"date-parts":[[2019,9,11]],"date-time":"2019-09-11T22:49:43Z","timestamp":1568242183000},"source":"Crossref","is-referenced-by-count":1,"title":["La intangibilidad de las cooperativas como ventaja competitiva"],"prefix":"10.16925","volume":"22","author":[{"given":"Ignacio","family":"Ruiz-Guerra","sequence":"first","affiliation":[],"role":[{"role":"author","vocabulary":"crossref"}]},{"given":"Valent\u00edn","family":"Molina-Moreno","sequence":"additional","affiliation":[],"role":[{"role":"author","vocabulary":"crossref"}]}],"member":"6711","published-online":{"date-parts":[[2014,12,5]]},"container-title":["Cooperativismo &amp; Desarrollo"],"link":[{"URL":"https:\/\/revistas.ucc.edu.co\/index.php\/co\/article\/download\/1034\/1508","content-type":"application\/pdf","content-version":"vor","intended-application":"text-mining"},{"URL":"https:\/\/revistas.ucc.edu.co\/index.php\/co\/article\/download\/1034\/1508","content-type":"unspecified","content-version":"vor","intended-application":"similarity-checking"}],"deposited":{"date-parts":[[2019,9,11]],"date-time":"2019-09-11T22:49:44Z","timestamp":1568242184000},"score":0.0,"resource":{"primary":{"URL":"https:\/\/revistas.ucc.edu.co\/index.php\/co\/article\/view\/1034"}},"issued":{"date-parts":[[2014,12,5]]},"references-count":0,"journal-issue":{"issue":"105","published-online":{"date-parts":[[2014,12,5]]}},"URL":"https:\/\/doi.org\/10.16925\/co.v22i105.1034","ISSN":["2382-4220","0120-7180"],"issn-type":[{"value":"2382-4220","type":"electronic"},{"value":"0120-7180","type":"print"}],"published":{"date-parts":[[2014,12,5]]}},{"indexed":{"date-parts":[[2022,3,31]],"date-time":"2022-03-31T07:24:46Z","timestamp":1648711486582},"reference-count":0,"publisher":"Universidad Cooperativa de Colombia","content-domain":{"domain":[],"crossmark-restriction":false},"DOI":"10.16925\/greylit.2100","type":"report","created":{"date-parts":[[2018,1,17]],"date-time":"2018-01-17T15:54:23Z","timestamp":1516204463000},"source":"Crossref","is-referenced-by-count":0,"title":["T\u00f3picos generales de marketing estrat\u00e9gico"],"prefix":"10.16925","author":[{"given":"Jos\u00e9 Luis","family":"Rosenstiehl-Mart\u00ednez","sequence":"first","affiliation":[],"role":[{"role":"author","vocabulary":"crossref"}]}],"member":"6711","published-online":{"date-parts":[[2016]]},"deposited":{"date-parts":[[2020,1,17]],"date-time":"2020-01-17T14:44:51Z","timestamp":1579272291000},"score":0.0,"resource":{"primary":{"URL":"https:\/\/repository.ucc.edu.co\/handle\/20.500.12494\/14575"}},"issued":{"date-parts":[[2016]]},"references-count":0,"URL":"https:\/\/doi.org\/10.16925\/greylit.2100","published":{"date-parts":[[2016]]}},{"indexed":{"date-parts":[[2026,8,18]],"date-time":"2026-08-18T03:22:10Z","timestamp":1787023330630,"version":"build-2736575974"},"reference-count":0,"publisher":"Universidad Cooperativa de Colombia - UCC","issue":"3","license":[{"start":{"date-parts":[[2021,9,6]],"date-time":"2021-09-06T00:00:00Z","timestamp":1630886400000},"content-version":"unspecified","delay-in-days":0,"URL":"http:\/\/creativecommons.org\/licenses\/by-nc-nd\/4.0\/"}],"content-domain":{"domain":[],"crossmark-restriction":false},"short-container-title":["ing. Solidar"],"abstract":"<jats:p>Abstract:\r\nIntroduction: This article is the product of the research \"design of a comprehensive methodology for the implementation of lean manufacturing in the Colombian context\", carried out during the years 2019, 2020 and 2021 in Bogot\u00e1, Cundinamarca.\r\nProblem: Existing Lean Manufacturing implementation methodologies do not take into account the organizational aspects of the culture of the country in which it is being developed, thus making its full implementation difficult.\r\nObjective: Propose a comprehensive implementation methodology that allows increasing the successful application of Lean Manufacturing in the Colombian industry.\r\nMethodology: This article presents the review and analysis of the existing implementation methodologies and the results of the analysis of problems in implementation processes in the Colombian industry, as well as the comprehensive implementation methodology designed.\r\nResults: To achieve the successful implementation of lean manufacturing in the Colombian context, an adequate follow-up of the implementation process is required, the commitment of the company's senior managers, the definition of appropriate leaders for the implementation process and the adequate training of personnel.\r\nConclusion: This project seeks to propose a flexible methodology that adjusts to organizational conditions.\r\nOriginality: This research integrates key success factors associated with the Colombian context in the implementation methodology.\r\nLimitations: The sample size of the diagnosis of the degree of implementation of Lean Manufacturing in the Colombian industry from which the key success factors to be included in the methodology are taken.<\/jats:p>","DOI":"10.16925\/2357-6014.2021.03.10","type":"journal-article","created":{"date-parts":[[2022,2,1]],"date-time":"2022-02-01T08:09:43Z","timestamp":1643702983000},"page":"1-30","source":"Crossref","is-referenced-by-count":2,"title":["Design of a comprehensive methodology for the lean manufacturing implementation in the colombian context"],"prefix":"10.16925","volume":"17","author":[{"given":"Luz Angela","family":"Ospina Jim\u00e9nez","sequence":"first","affiliation":[],"role":[{"vocabulary":"crossref","role":"author"}]}],"member":"6711","published-online":{"date-parts":[[2021,9,6]]},"container-title":["Ingenier\u00eda Solidaria"],"link":[{"URL":"https:\/\/revistas.ucc.edu.co\/index.php\/in\/article\/download\/4041\/3266","content-type":"application\/pdf","content-version":"vor","intended-application":"text-mining"},{"URL":"https:\/\/revistas.ucc.edu.co\/index.php\/in\/article\/download\/4041\/3266","content-type":"unspecified","content-version":"vor","intended-application":"similarity-checking"}],"deposited":{"date-parts":[[2022,2,1]],"date-time":"2022-02-01T08:09:43Z","timestamp":1643702983000},"score":0.0,"resource":{"primary":{"URL":"https:\/\/revistas.ucc.edu.co\/index.php\/in\/article\/view\/4041"}},"issued":{"date-parts":[[2021,9,6]]},"references-count":0,"journal-issue":{"issue":"3","published-online":{"date-parts":[[2021,9,6]]}},"URL":"https:\/\/doi.org\/10.16925\/2357-6014.2021.03.10","ISSN":["2357-6014","1900-3102"],"issn-type":[{"value":"2357-6014","type":"electronic"},{"value":"1900-3102","type":"print"}],"published":{"date-parts":[[2021,9,6]]}},{"indexed":{"date-parts":[[2026,8,7]],"date-time":"2026-08-07T16:37:22Z","timestamp":1786120642680,"version":"build-2736575974"},"reference-count":29,"publisher":"Universidad Cooperativa de Colombia - UCC","issue":"1","license":[{"start":{"date-parts":[[2026,1,13]],"date-time":"2026-01-13T00:00:00Z","timestamp":1768262400000},"content-version":"unspecified","delay-in-days":0,"URL":"https:\/\/creativecommons.org\/licenses\/by\/4.0"}],"content-domain":{"domain":[],"crossmark-restriction":false},"short-container-title":["ing. Solidar"],"abstract":"<jats:p>Introduction: This article is derived from the research project entitled \u201cCreativity as a Competitive Advantage in the Baking Industry of Pamplona, Norte de Santander,\u201d conducted at the University of Pamplona in 2025. Problem: Despite the importance of the baking sector to the local and regional economy, these organizations face limitations in the use of technological resources and the implementation of innovative strategies. This situation restricts their ability to compete effectively in an increasingly dynamic and demanding market. Objective: To analyze creativity as a driver of competitiveness in the food manufacturing industry. Methodology: The study was conducted using a quantitative approach and a descriptive, non-experimental design. The population consisted of a census of 70 participants, including owners, managers, and employees from the 10 registered bakeries in the city. Data were collected using the self-developed CA-COM questionnaire, which was validated through a pilot study. The instrument employed a Likert-type scale to assess creativity and competitiveness factors. Data were analyzed using descriptive statistical techniques. Results: The findings revealed that creativity is developed at a high level within the baking industry, while competitiveness reached a very high level of performance. However, the technology-related factor showed a moderate level, highlighting a gap in the sector\u2019s innovation capacity. Conclusion: Organizations within the baking industry perceive creativity as a key resource for enhancing competitiveness, increasing revenues, and strengthening their strategic position in the local market.<\/jats:p>","DOI":"10.16925\/2357-6014.2026.01.05","type":"journal-article","created":{"date-parts":[[2026,8,6]],"date-time":"2026-08-06T00:56:00Z","timestamp":1785977760000},"page":"1-20","source":"Crossref","is-referenced-by-count":0,"title":["Creativity and innovation management for the optimization of competitive performance in the baking industry","Gesti\u00f3n de la creatividad y la innovaci\u00f3n para la optimizaci\u00f3n del desempe\u00f1o competitivo en la industria panificadora"],"prefix":"10.16925","volume":"22","author":[{"given":"Andrea Johana","family":"Ram\u00f3n Torres","sequence":"first","affiliation":[{"id":[{"id":"https:\/\/ror.org\/04dfr7a85","id-type":"ROR","asserted-by":"publisher"}],"name":"University of Pamplona"}],"role":[{"vocabulary":"crossref","role":"author"}]},{"given":"Laura Teresa","family":"Tuta Ram\u00edrez","sequence":"additional","affiliation":[{"id":[{"id":"https:\/\/ror.org\/04dfr7a85","id-type":"ROR","asserted-by":"publisher"}],"name":"University of Pamplona"}],"role":[{"vocabulary":"crossref","role":"author"}]},{"given":"Edwin Omar","family":"Jaimes Rico","sequence":"additional","affiliation":[],"role":[{"vocabulary":"crossref","role":"author"}]}],"member":"6711","published-online":{"date-parts":[[2026,1,13]]},"reference":[{"key":"191538","unstructured":"[1] C. Agull\u00f3, \u201cCambios significativos en el mundo empresarial,\u201d Revista Econom\u00eda Industrial, vol. 8, s.f."},{"key":"191539","doi-asserted-by":"crossref","unstructured":"[2] V. Medeiros, L. Gon\u00e7alves, and E. Camargos, \u201cLa competitividad y sus factores determinantes: Un an\u00e1lisis sist\u00e9mico para pa\u00edses en desarrollo,\u201d Revista de la CEPAL, no. 129, pp. 7\u201321, 2019.","DOI":"10.18356\/9c2a7060-es"},{"key":"191540","unstructured":"[3] IMD (Institute for Management Development), World Competitiveness Yearbook. Lausanne, Switzerland: IMD, 2012."},{"key":"191541","unstructured":"[4] Uni\u00f3n Europea, Desarrollo sostenible en Europa para un mundo mejor: Estrategia de la Uni\u00f3n Europea para un desarrollo sostenible. Bruselas, B\u00e9lgica: Comisi\u00f3n Europea, 2001. [Online]. Available: https:\/\/eur-lex.europa.eu\/legal-content\/ES\/TXT\/PDF\/?uri=CELEX%3A52001DC0264"},{"key":"191542","unstructured":"[5] UNESCO, Pol\u00edticas para la creatividad: Gu\u00eda para el desarrollo de las industrias culturales y creativas. Buenos Aires, Argentina: UNESCO, 2010."},{"key":"191543","unstructured":"[6] L. Guilera, Anatom\u00eda de la creatividad. Valencia-Barcelona, Espa\u00f1a: Marge Books, 2020."},{"key":"191544","unstructured":"[7] I. L\u00f3pez Forni\u00e9s, Taller de dise\u00f1o: Creatividad y proceso creativo. Zaragoza, Espa\u00f1a: Prensas de la Universidad de Zaragoza, 2020."},{"key":"191545","unstructured":"[8] R. Casta\u00f1\u00f3n, La pol\u00edtica industrial como eje conductor de la competitividad en las PyME. M\u00e9xico: Fondo de Cultura Econ\u00f3mica, 2018."},{"key":"191546","unstructured":"[9] D. Saavedra, \u201cUna propuesta para la determinaci\u00f3n de la competitividad en la PyME latinoamericana,\u201d Pensamiento & Gesti\u00f3n, no. 33, pp. 93\u2013124, 2012."},{"key":"191547","unstructured":"[10] J. Ram\u00edrez and M. Ampudia, \u201cFactores de competitividad empresarial en el sector comercial,\u201d RECITIUTM: Revista Electr\u00f3nica de Ciencia y Tecnolog\u00eda del Instituto Universitario de Tecnolog\u00eda de Maracaibo, 2018."},{"key":"191548","unstructured":"[11] Banco Interamericano de Desarrollo, Mapa de competitividad del BID. Washington, DC, USA: BID, 2008."},{"key":"191549","unstructured":"[12] Euromonitor International, citado en Diario La Rep\u00fablica, \u201cConsumo per c\u00e1pita de pan en Colombia es de 23 kilos al a\u00f1o,\u201d May 8, 2022."},{"key":"191550","unstructured":"[13] Diario La Rep\u00fablica, \u201cConsumo per c\u00e1pita de pan en Colombia es de 23 kilos al a\u00f1o,\u201d May 8, 2022."},{"key":"191551","unstructured":"[14] ANIPAN, Consumo per c\u00e1pita de pan en Colombia es de 23 kilos al a\u00f1o. Cali, Colombia: ANIPAN, 2022."},{"key":"191552","unstructured":"[15] A. Cruz and O. Garc\u00eda, Recopilaci\u00f3n de la costumbre mercantil en las panader\u00edas del municipio de Pamplona, que han manejado el vendaje como estrategia promocional y comercial dentro del ambiente de mercadeo. Pamplona, Colombia: Universidad Nacional Abierta y a Distancia, 2005."},{"key":"191553","doi-asserted-by":"crossref","unstructured":"[16] R. Guerrero, \u201cSostenibilidad financiera para las empresas del sector panificador de Pamplona, Norte de Santander, Colombia,\u201d Dictamen Libre, pp. 33\u201347, 2021.","DOI":"10.18041\/2619-4244\/dl.28.7291"},{"key":"191554","unstructured":"[17] Diario La Opini\u00f3n, Creatividad en el sector panadero. Pamplona, Colombia, 2019."},{"key":"191555","unstructured":"[18] S. L\u00f3pez Mora, J. A. Blanco Silva, and N. Contreras Arroyo, Innovaci\u00f3n y creatividad en las empresas del subsector panadero de Bucaramanga y su \u00e1rea metropolitana, 2020."},{"key":"191556","unstructured":"[19] M. A. Aponte de la Cruz and B. O. Flores P\u00e9rez, \u201cPropuesta de mejora en las \u00e1reas de producci\u00f3n y log\u00edstica para reducir costos en una empresa del sector panadero,\u201d 2022."},{"key":"191557","unstructured":"[20] J. P. Herrera, Correlaci\u00f3n entre competitividad e innovaci\u00f3n: Una validaci\u00f3n emp\u00edrica de la teor\u00eda. Bogot\u00e1, Colombia: Universidad Nacional de Colombia, 2019."},{"key":"191558","unstructured":"[21] S. Herrera, Umbrales de la creatividad: Construcci\u00f3n social de conocimiento creativo en algunas micro-peque\u00f1as organizaciones productivas (MiPymes). Bogot\u00e1, Colombia: Universidad Nacional de Colombia, 2019."},{"key":"191559","unstructured":"[22] D. Vel\u00e1squez, An\u00e1lisis de la competitividad del sector financiero de la ciudad de Manizales. Bogot\u00e1, Colombia: Universidad Nacional de Colombia, 2018."},{"key":"191560","unstructured":"[23] R. Hern\u00e1ndez Sampieri, C. Fern\u00e1ndez Collado, and P. Baptista Lucio, Metodolog\u00eda de la investigaci\u00f3n, 6th ed. M\u00e9xico: McGraw-Hill Education, 2014."},{"key":"191561","unstructured":"[24] M. E. Porter, The Competitive Advantage of Nations. New York, NY, USA: Free Press, 2021."},{"key":"191562","doi-asserted-by":"crossref","unstructured":"[25] L. A. Jim\u00e9nez Rodr\u00edguez, R. Gamboa Su\u00e1rez, and J. M. Garc\u00eda Mogoll\u00f3n, \u201cAnti-networking and digital technology animosity as a challenge in postmodern organization,\u201d Ingenier\u00eda Solidaria, vol. 20, no. 3, pp. 1\u201314, 2025, doi: https:\/\/doi.org\/10.16925\/2357-6014.2024.03.06.","DOI":"10.16925\/2357-6014.2024.03.06"},{"key":"191563","doi-asserted-by":"crossref","unstructured":"[26] S. A. Caicedo Tapias, \u201cSinergia de tecnolog\u00edas de la industria 4.0 en el sistema de gesti\u00f3n de seguridad operacional para su integraci\u00f3n en la gesti\u00f3n empresarial,\u201d Ingenier\u00eda Solidaria, vol. 21, no. 1, pp. 1\u201323, 2025, doi: https:\/\/doi.org\/10.16925\/2357-6014.2025.01.02.","DOI":"10.16925\/2357-6014.2025.01.02"},{"key":"191564","doi-asserted-by":"crossref","unstructured":"[27] C. A. L\u00f3pez Bello and L. A. Ospina Jim\u00e9nez, \u201cDise\u00f1o de una metodolog\u00eda integral para la implementaci\u00f3n de manufactura esbelta en el contexto colombiano,\u201d Ingenier\u00eda Solidaria, vol. 17, no. 3, pp. 1\u201330, 2021, doi: https:\/\/doi.org\/10.16925\/2357-6014.2021.03.10.","DOI":"10.16925\/2357-6014.2021.03.10"},{"key":"191565","doi-asserted-by":"crossref","unstructured":"[28] Y. K. Parra Acosta, C. A. Almanza, and D. F. Astudillo Valverde, \u201cAn\u00e1lisis de estrategia en redes sociales para el sector de los restaurantes colombianos en tiempos de crisis por la pandemia COVID-19,\u201d FACE: Revista de la Facultad de Ciencias Econ\u00f3micas y Empresariales, vol. 21, no. 2, pp. 84\u201398, 2021, doi: https:\/\/doi.org\/10.24054\/face.v21i2.1106.","DOI":"10.24054\/01204211.v2.n2.2021.1106"},{"key":"191566","doi-asserted-by":"crossref","unstructured":"[29] G. J. Benavides Mart\u00ednez and E. Larios-G\u00f3mez, \u201cEmprendimiento universitario en Monterrey, Nuevo Le\u00f3n, M\u00e9xico,\u201d FACE: Revista de la Facultad de Ciencias Econ\u00f3micas y Empresariales, vol. 21, no. 3, pp. 102\u2013114, 2021, doi: https:\/\/doi.org\/10.24054\/face.v21i3.1139.","DOI":"10.24054\/face.v21i3.1139"}],"container-title":["Ingenier\u00eda Solidaria"],"link":[{"URL":"https:\/\/revistas.ucc.edu.co\/index.php\/in\/article\/download\/5282\/3984","content-type":"application\/pdf","content-version":"vor","intended-application":"text-mining"},{"URL":"https:\/\/revistas.ucc.edu.co\/index.php\/in\/article\/download\/5282\/3984","content-type":"unspecified","content-version":"vor","intended-application":"similarity-checking"}],"deposited":{"date-parts":[[2026,8,7]],"date-time":"2026-08-07T00:01:03Z","timestamp":1786060863000},"score":0.0,"resource":{"primary":{"URL":"https:\/\/revistas.ucc.edu.co\/index.php\/in\/article\/view\/5282"}},"issued":{"date-parts":[[2026,1,13]]},"references-count":29,"journal-issue":{"issue":"1","published-online":{"date-parts":[[2026,1,13]]}},"URL":"https:\/\/doi.org\/10.16925\/2357-6014.2026.01.05","ISSN":["2357-6014","1900-3102"],"issn-type":[{"value":"2357-6014","type":"electronic"},{"value":"1900-3102","type":"print"}],"published":{"date-parts":[[2026,1,13]]}},{"indexed":{"date-parts":[[2026,7,16]],"date-time":"2026-07-16T03:18:04Z","timestamp":1784171884210,"version":"3.55.0"},"edition-number":"1","reference-count":0,"publisher":"Ediciones Universidad Cooperativa de Colombia","isbn-type":[{"value":"9789587604191","type":"print"}],"content-domain":{"domain":[],"crossmark-restriction":false},"published-print":{"date-parts":[[2023,4,30]]},"abstract":"<jats:p>\u00bfC\u00f3mo enfrentar los desaf\u00edos de la educaci\u00f3n en tiempos de pandemia? \u00bfQu\u00e9 herramientas y estrategias pueden utilizar las instituciones educativas para garantizar la calidad y la equidad en el aprendizaje? \u00bfQu\u00e9 experiencias exitosas se han desarrollado en Colombia para innovar en la educaci\u00f3n superior con el apoyo de la tecnolog\u00eda? Estas son algunas de las preguntas que se responden en el libro Experiencias innovadoras en la educaci\u00f3n superior colombiana. Esta publicaci\u00f3n es el resultado de una investigaci\u00f3n que recoge diez casos de universidades colombianas que han logrado transformar sus pr\u00e1cticas pedag\u00f3gicas y adaptarse a la nueva realidad. En sus tres secciones, se ofrece un panorama amplio y diverso de las posibilidades que da la tecnolog\u00eda para mejorar la ense\u00f1anza y el aprendizaje. Aqu\u00ed el lector encontrar\u00e1 ejemplos y casos de c\u00f3mo los docentes han logrado modificar sus estrategias did\u00e1cticas, c\u00f3mo las instituciones han adoptado soluciones tecnol\u00f3gicas y educativas, y de qu\u00e9 forma los estudiantes han desarrollado competencias profesionales y habilidades para el mundo laboral, gracias a la apropiaci\u00f3n y uso adecuado de nuevas herramientas que les permiten interactuar y comprender las tem\u00e1ticas de manera m\u00e1s profunda y contextualizada. Este libro funciona como fuente de inspiraci\u00f3n y orientaci\u00f3n para todas aquellas personas e instituciones interesadas en innovar en la educaci\u00f3n con el uso de la tecnolog\u00eda. Es una apuesta por dar a conocer las experiencias m\u00e1s relevantes y exitosas de la educaci\u00f3n superior colombiana en tiempos de pandemia.<\/jats:p>","DOI":"10.16925\/9789587604191","type":"edited-book","created":{"date-parts":[[2023,5,10]],"date-time":"2023-05-10T16:56:03Z","timestamp":1683737763000},"source":"Crossref","is-referenced-by-count":1,"title":["Experiencias innovadoras en la educaci\u00f3n superior colombiana"],"prefix":"10.16925","author":[{"ORCID":"https:\/\/orcid.org\/0000-0002-3560-5443","authenticated-orcid":false,"given":"Carolina","family":"Mej\u00eda Corredor","sequence":"additional","affiliation":[],"role":[{"vocabulary":"crossref","role":"author"}]},{"name":"Corporaci\u00f3n Universitaria Minuto de Dios","sequence":"additional","affiliation":[],"role":[{"vocabulary":"crossref","role":"author"}]},{"ORCID":"https:\/\/orcid.org\/0000-0003-1526-5098","authenticated-orcid":false,"given":"Liliana","family":"Silva","sequence":"additional","affiliation":[],"role":[{"vocabulary":"crossref","role":"author"}]},{"name":"Universidad Aut\u00f3noma de Manizales","sequence":"additional","affiliation":[],"role":[{"vocabulary":"crossref","role":"author"}]},{"ORCID":"https:\/\/orcid.org\/0000-0002-8156-4806","authenticated-orcid":false,"given":"Alexander","family":"Rinc\u00f3n Rojas","sequence":"additional","affiliation":[],"role":[{"vocabulary":"crossref","role":"author"}]},{"name":"Universidad Aut\u00f3noma de Manizales","sequence":"additional","affiliation":[],"role":[{"vocabulary":"crossref","role":"author"}]},{"ORCID":"https:\/\/orcid.org\/0000-0003-3121-6122","authenticated-orcid":false,"given":"Juliette","family":"Agamez Triana","sequence":"additional","affiliation":[],"role":[{"vocabulary":"crossref","role":"author"}]},{"name":"Universidad Aut\u00f3noma de Manizales","sequence":"additional","affiliation":[],"role":[{"vocabulary":"crossref","role":"author"}]},{"ORCID":"https:\/\/orcid.org\/0000-0002-6073-1505","authenticated-orcid":false,"given":"Edgar Andr\u00e9s","family":"Sosa Neira","sequence":"additional","affiliation":[],"role":[{"vocabulary":"crossref","role":"author"}]},{"name":"Universidad Aut\u00f3noma de Manizales","sequence":"additional","affiliation":[],"role":[{"vocabulary":"crossref","role":"author"}]},{"ORCID":"https:\/\/orcid.org\/0000-0003-2649-9316","authenticated-orcid":false,"given":"Claudia Liliana","family":"Daza Saray","sequence":"additional","affiliation":[],"role":[{"vocabulary":"crossref","role":"author"}]},{"name":"Universidad Aut\u00f3noma de Manizales","sequence":"additional","affiliation":[],"role":[{"vocabulary":"crossref","role":"author"}]},{"ORCID":"https:\/\/orcid.org\/0000-0001-7670-4379","authenticated-orcid":false,"given":"Norely Margarita","family":"Soto Builes","sequence":"additional","affiliation":[],"role":[{"vocabulary":"crossref","role":"author"}]},{"name":"Universidad de Medell\u00edn","sequence":"additional","affiliation":[],"role":[{"vocabulary":"crossref","role":"author"}]},{"given":"Julia Elena","family":"G\u00f3mez G\u00f3mez","sequence":"additional","affiliation":[],"role":[{"vocabulary":"crossref","role":"author"}]},{"name":"Universidad de Medell\u00edn","sequence":"additional","affiliation":[],"role":[{"vocabulary":"crossref","role":"author"}]},{"ORCID":"https:\/\/orcid.org\/0009-0000-9957-1150","authenticated-orcid":false,"given":"\u00c1lvaro Neill","family":"Monroy L\u00f3pez","sequence":"additional","affiliation":[],"role":[{"vocabulary":"crossref","role":"author"}]},{"name":"Universidad de Medell\u00edn","sequence":"additional","affiliation":[],"role":[{"vocabulary":"crossref","role":"author"}]},{"ORCID":"https:\/\/orcid.org\/0009-0001-5768-3928","authenticated-orcid":false,"given":"Mauricio","family":"Villegas Mej\u00eda","sequence":"additional","affiliation":[],"role":[{"vocabulary":"crossref","role":"author"}]},{"name":"Universidad de Medell\u00edn","sequence":"additional","affiliation":[],"role":[{"vocabulary":"crossref","role":"author"}]},{"given":"Doris Adriana","family":"Ram\u00edrez Salazar","sequence":"additional","affiliation":[],"role":[{"vocabulary":"crossref","role":"author"}]},{"name":"Universidad de Antioquia","sequence":"additional","affiliation":[],"role":[{"vocabulary":"crossref","role":"author"}]},{"ORCID":"https:\/\/orcid.org\/0000-0001-5714-2884","authenticated-orcid":false,"given":"\u00c1ngela Mar\u00eda","family":"Valderrama Mu\u00f1oz","sequence":"additional","affiliation":[],"role":[{"vocabulary":"crossref","role":"author"}]},{"name":"Universidad de Antioquia","sequence":"additional","affiliation":[],"role":[{"vocabulary":"crossref","role":"author"}]},{"ORCID":"https:\/\/orcid.org\/0000-0003-2563-2496","authenticated-orcid":false,"given":"Adriana Mar\u00eda","family":"Villegas Ot\u00e1lvaro","sequence":"additional","affiliation":[],"role":[{"vocabulary":"crossref","role":"author"}]},{"name":"Universidad de Antioquia","sequence":"additional","affiliation":[],"role":[{"vocabulary":"crossref","role":"author"}]},{"ORCID":"https:\/\/orcid.org\/0000-0003-0662-2110","authenticated-orcid":false,"given":"Mariana","family":"M\u00fanera Manco","sequence":"additional","affiliation":[],"role":[{"vocabulary":"crossref","role":"author"}]},{"name":"Universidad de Antioquia","sequence":"additional","affiliation":[],"role":[{"vocabulary":"crossref","role":"author"}]},{"ORCID":"https:\/\/orcid.org\/0000-0002-7250-5599","authenticated-orcid":false,"given":"Laura","family":"Rojas De Francisco","sequence":"additional","affiliation":[],"role":[{"vocabulary":"crossref","role":"author"}]},{"name":"Universidad EAFIT","sequence":"additional","affiliation":[],"role":[{"vocabulary":"crossref","role":"author"}]},{"ORCID":"https:\/\/orcid.org\/0000-0001-9947-027X","authenticated-orcid":false,"given":"Tatiana","family":"Ortiz Pradilla","sequence":"additional","affiliation":[],"role":[{"vocabulary":"crossref","role":"author"}]},{"name":"Universidad EAFIT","sequence":"additional","affiliation":[],"role":[{"vocabulary":"crossref","role":"author"}]},{"ORCID":"https:\/\/orcid.org\/0000-0002-6154-6766","authenticated-orcid":false,"given":"Diego Ernesto","family":"Leal Fonseca","sequence":"additional","affiliation":[],"role":[{"vocabulary":"crossref","role":"author"}]},{"name":"Universidad EAFIT","sequence":"additional","affiliation":[],"role":[{"vocabulary":"crossref","role":"author"}]},{"ORCID":"https:\/\/orcid.org\/0000-0001-6347-7269","authenticated-orcid":false,"given":"Viviana","family":"Betancur Chicu\u00e9","sequence":"additional","affiliation":[],"role":[{"vocabulary":"crossref","role":"author"}]},{"name":"Universidad de La Salle","sequence":"additional","affiliation":[],"role":[{"vocabulary":"crossref","role":"author"}]},{"ORCID":"https:\/\/orcid.org\/0000-0001-6576-6945","authenticated-orcid":false,"given":"Liz Stefany","family":"L\u00f3pez Ospina","sequence":"additional","affiliation":[],"role":[{"vocabulary":"crossref","role":"author"}]},{"name":"Universidad de La Salle","sequence":"additional","affiliation":[],"role":[{"vocabulary":"crossref","role":"author"}]},{"ORCID":"https:\/\/orcid.org\/0000-0002-4463-0122","authenticated-orcid":false,"given":"Jorge Edison","family":"Rojas Rodr\u00edguez","sequence":"additional","affiliation":[],"role":[{"vocabulary":"crossref","role":"author"}]},{"name":"Universidad de La Salle","sequence":"additional","affiliation":[],"role":[{"vocabulary":"crossref","role":"author"}]},{"ORCID":"https:\/\/orcid.org\/0000-0001-9527-0991","authenticated-orcid":false,"given":"Carlos Eduardo","family":"Aguilar Cort\u00e9s","sequence":"additional","affiliation":[],"role":[{"vocabulary":"crossref","role":"author"}]},{"name":"Universidad de La Salle","sequence":"additional","affiliation":[],"role":[{"vocabulary":"crossref","role":"author"}]},{"ORCID":"https:\/\/orcid.org\/0000-0003-4009-7831","authenticated-orcid":false,"given":"M\u00f3nica Mar\u00eda","family":"Berm\u00fadez Grajales","sequence":"additional","affiliation":[],"role":[{"vocabulary":"crossref","role":"author"}]},{"name":"Pontificia Universidad Javeriana","sequence":"additional","affiliation":[],"role":[{"vocabulary":"crossref","role":"author"}]},{"ORCID":"https:\/\/orcid.org\/0000-0003-3386-3251","authenticated-orcid":false,"given":"Martha Leonor","family":"Sabogal Modera","sequence":"additional","affiliation":[],"role":[{"vocabulary":"crossref","role":"author"}]},{"name":"Pontificia Universidad Javeriana","sequence":"additional","affiliation":[],"role":[{"vocabulary":"crossref","role":"author"}]},{"ORCID":"https:\/\/orcid.org\/0000-0002-8666-8284","authenticated-orcid":false,"given":"Rennier","family":"Ligarretto Feo","sequence":"additional","affiliation":[],"role":[{"vocabulary":"crossref","role":"author"}]},{"name":"Pontificia Universidad Javeriana","sequence":"additional","affiliation":[],"role":[{"vocabulary":"crossref","role":"author"}]},{"ORCID":"https:\/\/orcid.org\/0000-0003-0075-5828","authenticated-orcid":false,"given":"M\u00f3nica Ilanda","family":"Brijaldo Rodr\u00edguez","sequence":"additional","affiliation":[],"role":[{"vocabulary":"crossref","role":"author"}]},{"name":"Pontificia Universidad Javeriana","sequence":"additional","affiliation":[],"role":[{"vocabulary":"crossref","role":"author"}]},{"ORCID":"https:\/\/orcid.org\/0000-0002-5937-941X","authenticated-orcid":false,"given":"Roc\u00edo Viviana","family":"L\u00f3pez Ordosgoitia","sequence":"additional","affiliation":[],"role":[{"vocabulary":"crossref","role":"author"}]},{"name":"Pontificia Universidad Javeriana","sequence":"additional","affiliation":[],"role":[{"vocabulary":"crossref","role":"author"}]},{"ORCID":"https:\/\/orcid.org\/0000-0001-5149-1338","authenticated-orcid":false,"given":"Manuel Medardo","family":"Montero C\u00e1diz","sequence":"additional","affiliation":[],"role":[{"vocabulary":"crossref","role":"author"}]},{"name":"Universidad Cooperativa de Colombia","sequence":"additional","affiliation":[],"role":[{"vocabulary":"crossref","role":"author"}]},{"ORCID":"https:\/\/orcid.org\/0000-0002-4095-0495","authenticated-orcid":false,"given":"Claudia Elena","family":"Espinal Correa","sequence":"additional","affiliation":[],"role":[{"vocabulary":"crossref","role":"author"}]},{"name":"Universidad Cooperativa de Colombia","sequence":"additional","affiliation":[],"role":[{"vocabulary":"crossref","role":"author"}]},{"ORCID":"https:\/\/orcid.org\/0000-0002-5741-1156","authenticated-orcid":false,"given":"Laura","family":"Mancera Valetts","sequence":"additional","affiliation":[],"role":[{"vocabulary":"crossref","role":"author"}]},{"name":"Universidad EAN","sequence":"additional","affiliation":[],"role":[{"vocabulary":"crossref","role":"author"}]},{"ORCID":"https:\/\/orcid.org\/0000-0002-6624-1865","authenticated-orcid":false,"given":"Martha","family":"Jaimes Casta\u00f1eda","sequence":"additional","affiliation":[],"role":[{"vocabulary":"crossref","role":"author"}]},{"name":"Universidad EAN","sequence":"additional","affiliation":[],"role":[{"vocabulary":"crossref","role":"author"}]},{"ORCID":"https:\/\/orcid.org\/0000-0001-7850-3183","authenticated-orcid":false,"given":"Mar\u00eda Teresa","family":"Castellanos S\u00e1nchez","sequence":"additional","affiliation":[],"role":[{"vocabulary":"crossref","role":"author"}]},{"name":"Universidad de los Llanos","sequence":"additional","affiliation":[],"role":[{"vocabulary":"crossref","role":"author"}]},{"ORCID":"https:\/\/orcid.org\/0000-0002-4283-2871","authenticated-orcid":false,"given":"Jorge Alejandro","family":"Obando Bastidas","sequence":"additional","affiliation":[],"role":[{"vocabulary":"crossref","role":"author"}]},{"name":"Universidad de los Llanos","sequence":"additional","affiliation":[],"role":[{"vocabulary":"crossref","role":"author"}]},{"ORCID":"https:\/\/orcid.org\/0000-0001-9013-7681","authenticated-orcid":false,"given":"Juan Carlos","family":"Diaz \u00c1lvarez","sequence":"additional","affiliation":[],"role":[{"vocabulary":"crossref","role":"author"}]},{"name":"Universidad Nacional de Colombia","sequence":"additional","affiliation":[],"role":[{"vocabulary":"crossref","role":"author"}]},{"given":"Sandra Patricia","family":"Guevara N\u00fa\u00f1ez","sequence":"additional","affiliation":[],"role":[{"vocabulary":"crossref","role":"author"}]},{"name":"Universidad Nacional de Colombia","sequence":"additional","affiliation":[],"role":[{"vocabulary":"crossref","role":"author"}]}],"member":"6711","published-online":{"date-parts":[[2023,4,30]]},"deposited":{"date-parts":[[2023,5,10]],"date-time":"2023-05-10T16:56:08Z","timestamp":1683737768000},"score":0.0,"resource":{"primary":{"URL":"https:\/\/ediciones.ucc.edu.co\/index.php\/ucc\/catalog\/book\/367"}},"editor":[{"name":"Corporaci\u00f3n Universitaria Minuto de Dios","sequence":"first","affiliation":[],"role":[{"vocabulary":"crossref","role":"editor"}]},{"ORCID":"https:\/\/orcid.org\/0000-0002-3560-5443","authenticated-orcid":false,"given":"Carolina","family":"Mej\u00eda Corredor","sequence":"first","affiliation":[],"role":[{"vocabulary":"crossref","role":"editor"}]},{"ORCID":"https:\/\/orcid.org\/0000-0003-1526-5098","authenticated-orcid":false,"given":"Liliana","family":"Silva","sequence":"additional","affiliation":[],"role":[{"vocabulary":"crossref","role":"editor"}]},{"name":"Universidad Aut\u00f3noma de Manizales","sequence":"additional","affiliation":[],"role":[{"vocabulary":"crossref","role":"editor"}]}],"issued":{"date-parts":[[2023,4,30]]},"ISBN":["9789587604191"],"references-count":0,"URL":"https:\/\/doi.org\/10.16925\/9789587604191","published":{"date-parts":[[2023,4,30]]}},{"indexed":{"date-parts":[[2026,2,8]],"date-time":"2026-02-08T23:43:09Z","timestamp":1770594189193,"version":"3.49.0"},"reference-count":20,"publisher":"Universidad Cooperativa de Colombia - UCC","issue":"2","license":[{"start":{"date-parts":[[2025,7,5]],"date-time":"2025-07-05T00:00:00Z","timestamp":1751673600000},"content-version":"unspecified","delay-in-days":0,"URL":"https:\/\/creativecommons.org\/licenses\/by\/4.0"}],"content-domain":{"domain":[],"crossmark-restriction":false},"short-container-title":["ing. Solidar"],"abstract":"<jats:p>Introduction: International trade faces a crucial challenge in achieving sustainable development, which drives the adoption of circular economy strategies. This transition optimizes resource use, minimizes waste, and reduces the environmental impact of global trade.\nProblem: Despite its benefits, regulatory and technological barriers hinder the implementation of the circular economy in international trade, limiting its contribution to sustainability.\nObjective: To analyse the relationship between international trade and the circular economy, identifying opportunities and challenges for global sustainability.\nMethodology: A qualitative approach based on the review of academic literature and case studies was used, allowing for an in-depth exploration of the impact, limitations, and potential of circular economy strategies.\nResults: The findings indicate that the circular economy reduces the environmental footprint of trade by optimizing resources, reusing materials, and minimizing waste. However, regulatory inconsistencies, technological gaps, and a lack of coordinated policies hinder large-scale adoption.\nConclusion: The transition to a circular economy in trade requires multilateral collaboration, robust regulatory frameworks, and public policies that foster sustainable innovation. Without these structural changes, a sustainable and resilient trading system will remain difficult to achieve.\nOriginality: This study explores the intersection between the circular economy and international trade, addressing gaps in policy and implementation research.\nLimitations: The qualitative approach, while valuable for theoretical and policy analysis, does not include quantitative models of business or environmental impact.<\/jats:p>","DOI":"10.16925\/2357-6014.2025.02.05","type":"journal-article","created":{"date-parts":[[2026,2,8]],"date-time":"2026-02-08T00:37:56Z","timestamp":1770511076000},"page":"1-17","source":"Crossref","is-referenced-by-count":0,"title":["International trade and sustainable development","Comercio internacional y desarrollo sostenible"],"prefix":"10.16925","volume":"21","author":[{"ORCID":"https:\/\/orcid.org\/0000-0001-6371-448X","authenticated-orcid":false,"given":"Germ\u00e1n","family":"Mart\u00ednez Prats","sequence":"first","affiliation":[],"role":[{"role":"author","vocabulary":"crossref"}]}],"member":"6711","published-online":{"date-parts":[[2025,7,5]]},"reference":[{"key":"185018","doi-asserted-by":"crossref","unstructured":"[1] E. R. Aranibar-Ramos and A. D. Quispe-Ambrocio, \u201cExploraci\u00f3n del comercio global: una revisi\u00f3n integral del comercio internacional y el comercio exterior,\u201d Quipukamayoc, vol. 31, no. 66, pp. 85\u2013100, 2023. [Online]. Available: http:\/\/www.scielo.org.pe\/scielo.php?pid=S1609-81962023000200085&script=sci_abstract&tlng=en","DOI":"10.15381\/quipu.v31i66.25573"},{"key":"185019","doi-asserted-by":"crossref","unstructured":"[2] V. Alonso, \u201cEl comercio internacional de armamento y las ventajas comparativas,\u201d RESI: Revista de Estudios en Seguridad Internacional, vol. 7, no. 2, pp. 83\u2013104, 2021. [Online]. Available: https:\/\/dialnet.unirioja.es\/servlet\/articulo?codigo=8306039","DOI":"10.18847\/1.14.5"},{"key":"185020","unstructured":"[3] OCDE, Emisiones de CO\u2082 en el comercio internacional: Una evaluaci\u00f3n global, 2018. [Online]. Available: https:\/\/doi.org\/10.1787\/9789264303015-es"},{"key":"185021","unstructured":"[4] ONU Medio Ambiente, Impactos ambientales de la industria textil en Asia. Programa de las Naciones Unidas para el Medio Ambiente, 2019. [Online]. Available: https:\/\/wedocs.unep.org\/handle\/20.500.11822\/28415"},{"key":"185022","unstructured":"[5] CEPAL, Econom\u00eda circular y desarrollo sostenible en Am\u00e9rica Latina. Naciones Unidas, 2021. [Online]. Available: https:\/\/repositorio.cepal.org\/handle\/11362\/46921"},{"key":"185023","unstructured":"[6] L. G\u00f3mez and M. Rivas, \u201cInnovaci\u00f3n circular en el Corredor Seco Centroamericano,\u201d Revista Latinoamericana de Econom\u00eda Ecol\u00f3gica, vol. 15, no. 2, pp. 78\u201395, 2022. https:\/\/doi.org\/10.15446\/rlee.v15n2.91234"},{"key":"185024","doi-asserted-by":"crossref","unstructured":"[7] C. C. Da Costa Pimenta, \u201cLa econom\u00eda circular como eje de desarrollo de los pa\u00edses latinoamericanos,\u201d Revista Econom\u00eda y Pol\u00edtica, no. 35, pp. 1\u201318, 2022. [Online]. Available: http:\/\/scielo.senescyt.gob.ec\/scielo.php?pid=S2477-90752022000100001&script=sci_arttext","DOI":"10.25097\/rep.n35.2022.01"},{"key":"185025","unstructured":"[8] M. Almeida-Guzm\u00e1n and C. D\u00edaz-Guevara, \u201cEconom\u00eda circular, una estrategia para el desarrollo sostenible: avances en Ecuador,\u201d Estudios de la Gesti\u00f3n, no. 8, pp. 35\u201357, 2020. [Online]. Available: https:\/\/www.redalyc.org\/pdf\/7198\/719877737010.pdf"},{"key":"185026","unstructured":"[9] Comisi\u00f3n Europea, Directiva de ecodise\u00f1o 2025: Hacia productos m\u00e1s sostenibles, 2020. [Online]. Available: https:\/\/eur-lex.europa.eu\/legal-content\/ES\/TXT\/?uri=CELEX:52020DC0560"},{"key":"185027","doi-asserted-by":"crossref","unstructured":"[10] A. Cer\u00f3n Islas, R. J. Alc\u00e1ntara Hern\u00e1ndez, H. Zapote Monroy, and H. Cer\u00f3n Islas, \u201cComportamiento del consumidor post pandemia hacia el consumo de productos sustentables,\u201d FACE: Revista de la Facultad de Ciencias Econ\u00f3micas y Empresariales, vol. 22, no. 2, pp. 79\u201392, 2022. https:\/\/doi.org\/10.24054\/face.v22i2.1331","DOI":"10.24054\/face.v22i2.1331"},{"key":"185028","unstructured":"[11] J. Torres, R. P\u00e9rez, and A. Silva, \u201cBiocombustibles a partir de desechos vitivin\u00edcolas: experiencia chilena,\u201d Revista Iberoamericana de Energ\u00edas Renovables, vol. 9, no. 3, pp. 45\u201360, 2021. https:\/\/doi.org\/10.4067\/S0718-33052021000300045"},{"key":"185029","unstructured":"[12] M. Hern\u00e1ndez and K. Schmidt, \u201cCooperaci\u00f3n internacional en gesti\u00f3n de residuos pl\u00e1sticos: el caso Alemania\u2013M\u00e9xico,\u201d Estudios de Econom\u00eda Circular Global, vol. 7, no. 1, pp. 112\u2013130, 2023."},{"key":"185030","doi-asserted-by":"crossref","unstructured":"[13] N. Van Buren et al., \u201cPasaporte de materiales digitales: una herramienta para la transparencia comercial,\u201d Journal of Cleaner Production, vol. 298, 2021. https:\/\/doi.org\/10.1016\/j.jclepro.2021.126785","DOI":"10.1016\/j.jclepro.2021.126785"},{"key":"185031","doi-asserted-by":"crossref","unstructured":"[14] A. Castro Alfaro, \u201cLa contabilidad ambiental y su productividad cient\u00edfica a trav\u00e9s de la bibliometr\u00eda,\u201d FACE: Revista de la Facultad de Ciencias Econ\u00f3micas y Empresariales, vol. 20, no. 1, pp. 5\u201320, 2020. https:\/\/doi.org\/10.24054\/face.v20i1.462","DOI":"10.24054\/face.v20i1.462"},{"key":"185032","doi-asserted-by":"crossref","unstructured":"[15] R. Eslava Zapata, H. A. Gonzalez J\u00fanior, and E. Chac\u00f3n Guerrero, \u201cClima organizacional en agencias de autom\u00f3viles: Belo Horizonte, Brasil,\u201d FACE: Revista de la Facultad de Ciencias Econ\u00f3micas y Empresariales, vol. 22, no. 1, pp. 30\u201341, 2022. https:\/\/doi.org\/10.24054\/face.v22i1.1474","DOI":"10.24054\/face.v22i1.1474"},{"key":"185033","unstructured":"[16] BIR, Informe global sobre reciclaje de residuos electr\u00f3nicos. Bureau of International Recycling, 2023. [Online]. Available: https:\/\/www.bir.org\/publications\/facts-figures\/"},{"key":"185034","unstructured":"[17] R. Fern\u00e1ndez et al., \u201cImpacto del Reglamento de Deforestaci\u00f3n Cero en las exportaciones sudamericanas,\u201d Revista de Derecho Ambiental, vol. 18, no. 4, pp. 55\u201372, 2022. https:\/\/doi.org\/10.15446\/rda.v18n4.98765"},{"key":"185035","unstructured":"[18] BID, Financiamiento para la econom\u00eda circular en Am\u00e9rica Latina. Banco Interamericano de Desarrollo, 2021. [Online]. Available: https:\/\/publications.iadb.org\/es\/financiamiento-para-la-economia-circular"},{"key":"185036","unstructured":"[19] FMI, Subsidios a combustibles f\u00f3siles: Tendencias y alternativas. Fondo Monetario Internacional, 2023. [Online]. Available: https:\/\/www.imf.org\/es\/Publications\/WP\/Issues\/2023\/07\/20\/Global-Fossil-Fuel-Subsidies-536432"},{"key":"185037","doi-asserted-by":"crossref","unstructured":"[20] M. E. D. L. Rosa Leal, \u201cEl enfoque de sostenibilidad en las teor\u00edas organizacionales,\u201d Trascender, Contabilidad y Gesti\u00f3n, vol. 6, no. 17, pp. 87\u2013102, 2021. [Online]. Available: https:\/\/www.scielo.org.mx\/scielo.php?pid=S2448-63882021000200087&script=sci_arttext","DOI":"10.36791\/tcg.v0i17.102"}],"container-title":["Ingenier\u00eda Solidaria"],"link":[{"URL":"https:\/\/revistas.ucc.edu.co\/index.php\/in\/article\/download\/5280\/3945","content-type":"application\/pdf","content-version":"vor","intended-application":"text-mining"},{"URL":"https:\/\/revistas.ucc.edu.co\/index.php\/in\/article\/download\/5280\/3945","content-type":"unspecified","content-version":"vor","intended-application":"similarity-checking"}],"deposited":{"date-parts":[[2026,2,8]],"date-time":"2026-02-08T00:38:02Z","timestamp":1770511082000},"score":0.0,"resource":{"primary":{"URL":"https:\/\/revistas.ucc.edu.co\/index.php\/in\/article\/view\/5280"}},"subtitle":["a circular economy approach","un enfoque basado en la econom\u00eda circular"],"issued":{"date-parts":[[2025,7,5]]},"references-count":20,"journal-issue":{"issue":"2","published-online":{"date-parts":[[2025,10,20]]}},"URL":"https:\/\/doi.org\/10.16925\/2357-6014.2025.02.05","ISSN":["2357-6014","1900-3102"],"issn-type":[{"value":"2357-6014","type":"electronic"},{"value":"1900-3102","type":"print"}],"published":{"date-parts":[[2025,7,5]]}},{"indexed":{"date-parts":[[2025,7,26]],"date-time":"2025-07-26T09:08:28Z","timestamp":1753520908277,"version":"3.40.5"},"reference-count":0,"publisher":"Ediciones Universidad Cooperativa de Colombia","content-domain":{"domain":[],"crossmark-restriction":false},"abstract":"<jats:p>El presente documento integra los apartados concernientes a la investigaci\u00f3n que tuvo como objetivo principal \u201cEstablecer los aspectos tecnol\u00f3gicos necesarios para el dise\u00f1o de un portal web que permita acceder a los recursos y servicios del observatorio de econom\u00eda solidaria, garantizando la conservaci\u00f3n y actualizaci\u00f3n permanente de la informaci\u00f3n\u201d. Se describe la metodolog\u00eda propuesta para el logro de los objetivos, la cual consisti\u00f3, principalmente, en realizar una revisi\u00f3n bibliogr\u00e1fica de art\u00edculos cient\u00edficos en diversas bases de datos de acceso abierto (Scopus, Mendeley y Google acad\u00e9mico) en las que se declar\u00f3 un tiempo de 10 a\u00f1os de antig\u00fcedad. Se cuenta con el desarrollo del estado del arte y el marco conceptual integrado por conceptos como: observatorio, econom\u00eda solidaria y portal web. Se realiza la presentaci\u00f3n de resultados y se llega a la conclusi\u00f3n de que es necesario implementar todos aquellos requerimientos funcionales que ayuden al cumplimiento de sus funciones u obligaciones del observatorio. Para los requerimientos no funcionales, es relevante contar con una plataforma de colaboraci\u00f3n electr\u00f3nica basada en la web y m\u00f3vil compatible con diferentes navegadores, con un sistema de informaci\u00f3n que d\u00e9 soporte al almacenamiento de la informaci\u00f3n, la difusi\u00f3n de resultados, el procesamiento eficiente y apoyo a la toma de decisiones. Por otra parte, es importante no desconocer los desaf\u00edos a los que se enfrenta el desarrollo de un portal web: rendimiento de los algoritmos, aprendizaje autom\u00e1tico, amigabilidad de la interfaz de usuario, recolecci\u00f3n de los datos y actualizaci\u00f3n autom\u00e1tica de la informaci\u00f3n.<\/jats:p>","DOI":"10.16925\/wpai.08","type":"report","created":{"date-parts":[[2021,12,17]],"date-time":"2021-12-17T16:58:42Z","timestamp":1639760322000},"source":"Crossref","is-referenced-by-count":2,"title":["Dise\u00f1o de un portal web que permita acceder a los recursos y servicios del Observatorio de Econom\u00eda Solidaria"],"prefix":"10.16925","author":[{"ORCID":"https:\/\/orcid.org\/0000-0001-7790-4532","authenticated-orcid":false,"given":"Edna Margarita","family":"Esteban Regino","sequence":"first","affiliation":[],"role":[{"role":"author","vocabulary":"crossref"}]},{"ORCID":"https:\/\/orcid.org\/0000-0003-3547-3679","authenticated-orcid":false,"given":"Osman Dar\u00edo","family":"Obreg\u00f3n Silgado","sequence":"additional","affiliation":[],"role":[{"role":"author","vocabulary":"crossref"}]},{"ORCID":"https:\/\/orcid.org\/0000-0002-3570-9488","authenticated-orcid":false,"given":"Henry","family":"Hern\u00e1ndez Padilla","sequence":"additional","affiliation":[],"role":[{"role":"author","vocabulary":"crossref"}]},{"ORCID":"https:\/\/orcid.org\/0000-0002-0772-703X","authenticated-orcid":false,"given":"Mario Miguel","family":"Mezquida Mendoza","sequence":"additional","affiliation":[],"role":[{"role":"author","vocabulary":"crossref"}]},{"ORCID":"https:\/\/orcid.org\/0000-0001-9591-9447","authenticated-orcid":false,"given":"Sohely","family":"Rua Casta\u00f1eda","sequence":"additional","affiliation":[],"role":[{"role":"author","vocabulary":"crossref"}]}],"member":"6711","published-online":{"date-parts":[[2021,12]]},"deposited":{"date-parts":[[2021,12,17]],"date-time":"2021-12-17T16:58:42Z","timestamp":1639760322000},"score":0.0,"resource":{"primary":{"URL":"https:\/\/repository.ucc.edu.co\/handle\/20.500.12494\/43082"}},"issued":{"date-parts":[[2021,12]]},"references-count":0,"URL":"https:\/\/doi.org\/10.16925\/wpai.08","published":{"date-parts":[[2021,12]]}},{"indexed":{"date-parts":[[2026,3,20]],"date-time":"2026-03-20T04:55:16Z","timestamp":1773982516797,"version":"3.50.1"},"reference-count":0,"publisher":"Universidad Cooperativa de Colombia- UCC","issue":"20","license":[{"start":{"date-parts":[[2015,6,30]],"date-time":"2015-06-30T00:00:00Z","timestamp":1435622400000},"content-version":"unspecified","delay-in-days":0,"URL":"https:\/\/creativecommons.org\/licenses\/by-nc-nd\/4.0"}],"content-domain":{"domain":[],"crossmark-restriction":false},"short-container-title":["Rev. nac. odontol."],"abstract":"<jats:p>Resumen. El estado nutricional de la poblaci\u00f3n, espec\u00edficamente en la primera infancia,es un indicador de su calidad de vida, en cuanto refleja el desarrollo f\u00edsico,intelectual y emocional de los individuos, \u00edntimamente relacionados con su estadode salud y con factores alimentarios, socioecon\u00f3micos, ambientales y culturales,entre otros; por tanto, el estado nutricional juega un papel importante en el estadode la salud bucal. Por el contrario, la malnutrici\u00f3n, definida como cualquieralteraci\u00f3n del estado nutricional, es decir, tanto las situaciones de alteraci\u00f3n porexceso (sobrepeso y obesidad) como por defecto (desnutrici\u00f3n), puede afectar eldesarrollo de las estructuras bucales si se presenta a edad temprana. Debido a esto,se consider\u00f3 importante conocer cu\u00e1les pueden ser los efectos de la malnutrici\u00f3nen la salud bucal y sus posibles manifestaciones cl\u00ednicas, intra y extra bucales, enlos ni\u00f1os con desnutrici\u00f3n. El objetivo de este estudio fue establecer la presencia delas anomal\u00edas dentales, posiblemente asociadas con la malnutrici\u00f3n infantil, medianteun an\u00e1lisis cr\u00edtico de la literatura, con base en publicaciones de art\u00edculosoriginales en revistas indexadas nacionales e internacionales, correspondientes alperiodo 2000-2012.<\/jats:p>","DOI":"10.16925\/od.v11i20.941","type":"journal-article","created":{"date-parts":[[2015,5,19]],"date-time":"2015-05-19T20:57:21Z","timestamp":1432069041000},"source":"Crossref","is-referenced-by-count":2,"title":["Anomal\u00edas dentales y su relaci\u00f3n con la malnutrici\u00f3n en la primera infancia: un an\u00e1lisis cr\u00edtico de literatura"],"prefix":"10.16925","volume":"11","author":[{"given":"Luz Estella","family":"Torres Trujillo","sequence":"first","affiliation":[],"role":[{"role":"author","vocabulary":"crossref"}]},{"given":"Jessika Andrea","family":"Duque Cano","sequence":"additional","affiliation":[],"role":[{"role":"author","vocabulary":"crossref"}]},{"given":"Jakelyne","family":"Granada Garcia","sequence":"additional","affiliation":[],"role":[{"role":"author","vocabulary":"crossref"}]},{"given":"Marianny","family":"Serna Valencia","sequence":"additional","affiliation":[],"role":[{"role":"author","vocabulary":"crossref"}]},{"given":"Rodrigo Andres","family":"Garc\u00eda Mu\u00f1oz","sequence":"additional","affiliation":[],"role":[{"role":"author","vocabulary":"crossref"}]}],"member":"6711","published-online":{"date-parts":[[2015,6,30]]},"container-title":["Revista Nacional de Odontolog\u00eda"],"link":[{"URL":"https:\/\/revistas.ucc.edu.co\/index.php\/od\/article\/download\/941\/895","content-type":"application\/pdf","content-version":"vor","intended-application":"text-mining"},{"URL":"https:\/\/revistas.ucc.edu.co\/index.php\/od\/article\/download\/941\/895","content-type":"unspecified","content-version":"vor","intended-application":"similarity-checking"}],"deposited":{"date-parts":[[2020,8,29]],"date-time":"2020-08-29T08:10:59Z","timestamp":1598688659000},"score":0.0,"resource":{"primary":{"URL":"https:\/\/revistas.ucc.edu.co\/index.php\/od\/article\/view\/941"}},"issued":{"date-parts":[[2015,6,30]]},"references-count":0,"journal-issue":{"issue":"20","published-online":{"date-parts":[[2015,6,30]]}},"URL":"https:\/\/doi.org\/10.16925\/od.v11i20.941","ISSN":["2357-4607","1900-3080"],"issn-type":[{"value":"2357-4607","type":"electronic"},{"value":"1900-3080","type":"print"}],"published":{"date-parts":[[2015,6,30]]}},{"indexed":{"date-parts":[[2025,10,1]],"date-time":"2025-10-01T16:29:35Z","timestamp":1759336175103},"reference-count":0,"publisher":"Universidad Cooperativa de Colombia- UCC","issue":"30","content-domain":{"domain":[],"crossmark-restriction":false},"short-container-title":["Rastros rostros"],"abstract":"<jats:p>El presente art\u00edculo tiene como prop\u00f3sito describir las necesidades y expectativas educativas en la formaci\u00f3n posgradual en Discapacidad de algunos profesionales de la salud en Santiago de Cali. Se realiz\u00f3 un estudio exploratorio con informaci\u00f3n recolectada en dos instituciones de educaci\u00f3n superior de la ciudad de Cali. El instrumento fue dise\u00f1ado por los investigadores e incluy\u00f3 variables sociodemogr\u00e1ficas, acad\u00e9micas, laborales y necesidades, y expectativas educativas. Se encontr\u00f3 que el 48 % de los encuestados manifiesta estar interesado en formarse en el \u00e1rea de Discapacidad. Dentro de las razones para cursar programas de posgrado se encuentran la relaci\u00f3n de la tem\u00e1tica con su labor y la motivaci\u00f3n de incrementar sus ingresos. Existe una cantidad de personas que est\u00e1n interesadas en formarse en el \u00e1rea de Discapacidad, sin embargo, en la ciudad no existe oferta de programas en esta \u00e1rea.<\/jats:p>","DOI":"10.16925\/ra.v16i30.820","type":"journal-article","created":{"date-parts":[[2015,1,29]],"date-time":"2015-01-29T13:31:13Z","timestamp":1422538273000},"source":"Crossref","is-referenced-by-count":1,"title":["La Importancia de la formaci\u00f3n en discapacidad para algunos profesionales de la salud en Santiago de Cali"],"prefix":"10.16925","volume":"16","author":[{"given":"Paula Andrea","family":"Pe\u00f1a Hern\u00e1ndez","sequence":"first","affiliation":[],"role":[{"role":"author","vocabulary":"crossref"}]},{"given":"Johanna","family":"Celorio Monta\u00f1o","sequence":"additional","affiliation":[],"role":[{"role":"author","vocabulary":"crossref"}]}],"member":"6711","published-online":{"date-parts":[[2014,1,1]]},"container-title":["Rastros Rostros"],"link":[{"URL":"https:\/\/revistas.ucc.edu.co\/index.php\/ra\/article\/download\/820\/825","content-type":"application\/pdf","content-version":"vor","intended-application":"text-mining"},{"URL":"https:\/\/revistas.ucc.edu.co\/index.php\/ra\/article\/download\/820\/825","content-type":"unspecified","content-version":"vor","intended-application":"similarity-checking"}],"deposited":{"date-parts":[[2020,8,29]],"date-time":"2020-08-29T07:30:01Z","timestamp":1598686201000},"score":0.0,"resource":{"primary":{"URL":"https:\/\/revistas.ucc.edu.co\/index.php\/ra\/article\/view\/820"}},"issued":{"date-parts":[[2014,1,1]]},"references-count":0,"journal-issue":{"issue":"30","published-online":{"date-parts":[[2014,12,1]]}},"URL":"https:\/\/doi.org\/10.16925\/ra.v16i30.820","ISSN":["2382-4921","0124-406X"],"issn-type":[{"value":"2382-4921","type":"electronic"},{"value":"0124-406X","type":"print"}],"published":{"date-parts":[[2014,1,1]]}},{"indexed":{"date-parts":[[2025,5,14]],"date-time":"2025-05-14T05:19:20Z","timestamp":1747199960522,"version":"3.40.5"},"reference-count":0,"publisher":"Ediciones Universidad Cooperativa de Colombia","content-domain":{"domain":[],"crossmark-restriction":false},"DOI":"10.16925\/wpgp.01","type":"report","created":{"date-parts":[[2019,10,18]],"date-time":"2019-10-18T13:34:30Z","timestamp":1571405670000},"source":"Crossref","is-referenced-by-count":0,"title":["Glosario sobre el Modelo Educativo Cr\u00edtico con Enfoque de Competencias"],"prefix":"10.16925","author":[{"given":"Carlos Julio","family":"Restrepo-Vel\u00e1squez","sequence":"first","affiliation":[],"role":[{"role":"author","vocabulary":"crossref"}]},{"ORCID":"https:\/\/orcid.org\/0000-0002-4095-0495","authenticated-orcid":false,"given":"Claudia","family":"Espinal-Correa","sequence":"additional","affiliation":[],"role":[{"role":"author","vocabulary":"crossref"}]}],"member":"6711","published-online":{"date-parts":[[2019,10]]},"deposited":{"date-parts":[[2019,10,18]],"date-time":"2019-10-18T13:34:31Z","timestamp":1571405671000},"score":0.0,"resource":{"primary":{"URL":"https:\/\/repository.ucc.edu.co\/handle\/20.500.12494\/14626"}},"issued":{"date-parts":[[2019,10]]},"references-count":0,"URL":"https:\/\/doi.org\/10.16925\/wpgp.01","published":{"date-parts":[[2019,10]]}},{"indexed":{"date-parts":[[2025,5,14]],"date-time":"2025-05-14T05:19:05Z","timestamp":1747199945876,"version":"3.40.5"},"reference-count":0,"publisher":"Ediciones Universidad Cooperativa de Colombia","content-domain":{"domain":[],"crossmark-restriction":false},"abstract":"<jats:p>El prop\u00f3sito de la presente gu\u00eda es mostrar al estudiante, de forma detallada, el proceso necesario para dise\u00f1ar diagramas de flujo b\u00e1sicos (no se incluyen estructuras repetitivas). El lector encontrar\u00e1 aqu\u00ed explicaciones de los conceptos relacionados con los diagramas de flujo, su estructura y la notaci\u00f3n est\u00e1ndar utilizada para su implementaci\u00f3n. Se relacionan algunas herramientas de software \u00fatiles para la creaci\u00f3n de estos diagramas y se detalla paso a paso su elaboraci\u00f3n.<\/jats:p>","DOI":"10.16925\/gcgp.82","type":"report","created":{"date-parts":[[2023,8,2]],"date-time":"2023-08-02T20:12:06Z","timestamp":1691007126000},"source":"Crossref","is-referenced-by-count":0,"title":["Elaboraci\u00f3n de diagramas de flujo b\u00e1sicos"],"prefix":"10.16925","author":[{"name":"Universidad Cooperativa de Colombia","sequence":"first","affiliation":[],"role":[{"role":"author","vocabulary":"crossref"}]},{"ORCID":"https:\/\/orcid.org\/0000-0003-2113-1782","authenticated-orcid":false,"given":"Francy Yaneth","family":"Pati\u00f1o Mart\u00ednez","sequence":"first","affiliation":[],"role":[{"role":"author","vocabulary":"crossref"}]},{"ORCID":"https:\/\/orcid.org\/0000-0002-4438-833X","authenticated-orcid":false,"given":"Carlos Ignacio","family":"Torres Londo\u00f1o","sequence":"additional","affiliation":[],"role":[{"role":"author","vocabulary":"crossref"}]},{"ORCID":"https:\/\/orcid.org\/0000-0003-2828-7026","authenticated-orcid":false,"given":"Piedad","family":"Chica Sosa","sequence":"additional","affiliation":[],"role":[{"role":"author","vocabulary":"crossref"}]}],"member":"6711","published-online":{"date-parts":[[2023,3]]},"deposited":{"date-parts":[[2023,8,2]],"date-time":"2023-08-02T20:12:07Z","timestamp":1691007127000},"score":0.0,"resource":{"primary":{"URL":"https:\/\/repository.ucc.edu.co\/items\/2172ade4-eaff-4934-bc18-7d3625d8ce6f"}},"issued":{"date-parts":[[2023,3]]},"references-count":0,"URL":"https:\/\/doi.org\/10.16925\/gcgp.82","published":{"date-parts":[[2023,3]]}},{"indexed":{"date-parts":[[2026,2,25]],"date-time":"2026-02-25T14:07:18Z","timestamp":1772028438884,"version":"3.50.1"},"reference-count":29,"publisher":"Universidad Cooperativa de Colombia - UCC","issue":"1","license":[{"start":{"date-parts":[[2025,8,29]],"date-time":"2025-08-29T00:00:00Z","timestamp":1756425600000},"content-version":"unspecified","delay-in-days":0,"URL":"https:\/\/creativecommons.org\/licenses\/by\/4.0"}],"content-domain":{"domain":[],"crossmark-restriction":false},"short-container-title":["Rev. nac. odontol."],"abstract":"<jats:p>Community practices allow the integration of concepts, the identification of problems and the participation in joint decisions to offer comprehensive care to patients, families and communities; they are carried out in real scenarios to foster engagement with the community and enable direct observation for the analysis of health-related problems. A qualitative research study was conducted using a phenomenological method. Eighteen participants, including students and graduates, took part in the study. Data were collected through a single-session focus group. The main results identified four categories of analysis: experiences, strengths, contributions and difficulties among students and graduates. It is concluded that community practices during dental education provide significant benefits by strengthening professional training and interpersonal skills, while promoting a community-oriented approach and the advancement of public health.<\/jats:p>","DOI":"10.16925\/2357-4607.2025.01.02","type":"journal-article","created":{"date-parts":[[2026,2,25]],"date-time":"2026-02-25T13:04:59Z","timestamp":1772024699000},"page":"1-16","source":"Crossref","is-referenced-by-count":0,"title":["Percepci\u00f3n de los estudiantes y egresados de odontolog\u00eda sobre las pr\u00e1cticas comunitarias realizadas durante su formaci\u00f3n profesional","Perception of dental students and graduates on the community practices carried out during their professional training","Percep\u00e7\u00e3o de estudantes e graduados de odontologia sobre as pr\u00e1ticas comunit\u00e1rias realizadas durante sua forma\u00e7\u00e3o profissional"],"prefix":"10.16925","volume":"21","author":[{"ORCID":"https:\/\/orcid.org\/0009-0008-9097-7777","authenticated-orcid":false,"given":"Lisbeth Andrea","family":"Ocampo-Gallo","sequence":"first","affiliation":[],"role":[{"role":"author","vocabulary":"crossref"}]},{"ORCID":"https:\/\/orcid.org\/0009-0009-2439-2890","authenticated-orcid":false,"given":"Andr\u00e9s Felipe","family":"Garc\u00eda-Gallego","sequence":"additional","affiliation":[],"role":[{"role":"author","vocabulary":"crossref"}]},{"ORCID":"https:\/\/orcid.org\/0009-0003-9131-168X","authenticated-orcid":false,"given":"Juli\u00e1n Santiago","family":"Restrepo-Barrientos","sequence":"additional","affiliation":[],"role":[{"role":"author","vocabulary":"crossref"}]},{"ORCID":"https:\/\/orcid.org\/0009-0003-4742-4142","authenticated-orcid":false,"given":"Mar\u00eda del Mar","family":"Ortega-Mateos","sequence":"additional","affiliation":[],"role":[{"role":"author","vocabulary":"crossref"}]},{"ORCID":"https:\/\/orcid.org\/0009-0004-9628-0525","authenticated-orcid":false,"given":"Alexandra","family":"Rodr\u00edguez-Londo\u00f1o","sequence":"additional","affiliation":[],"role":[{"role":"author","vocabulary":"crossref"}]},{"ORCID":"https:\/\/orcid.org\/0000-0002-7133-891X","authenticated-orcid":false,"given":"Catalina","family":"Gonz\u00e1lez Penagos","sequence":"additional","affiliation":[],"role":[{"role":"author","vocabulary":"crossref"}]},{"ORCID":"https:\/\/orcid.org\/0000-0003-1926-2521","authenticated-orcid":false,"given":"Leidys Helena","family":"Rivera Quiroz","sequence":"additional","affiliation":[],"role":[{"role":"author","vocabulary":"crossref"}]}],"member":"6711","published-online":{"date-parts":[[2025,8,29]]},"reference":[{"key":"185716","unstructured":"[1] Dos est\u00e1gios supervisionados curriculares no SUS para a forma\u00e7\u00e3o acad\u00eamica brasileira e o ensino odontol\u00f3gico AI. La importancia de las etapas curriculares supervisadas en el Sistema \u00danico de Salud (SUS) para la formaci\u00f3n acad\u00e9mica brasile\u00f1a y la ense\u00f1anza odontol\u00f3gica [Internet]. Medigraphic.com; 2015 [citado 2025 jul 7]. Disponible en: https:\/\/www.medigra-phic.com\/pdfs\/educacion\/cem-2015\/cem153s.pdf"},{"key":"185717","unstructured":"[2] Bonet MM. Pr\u00e1ctica colaborativa interprofesional en salud: Conceptos clave, factores y percepciones de los profesionales. Educ Med [Internet]. 2016 [citado 2025 jul 7]; 17:21-4. Disponible en: https:\/\/www.sap2.org.ar\/i2\/archivos\/279.pdf."},{"key":"185718","doi-asserted-by":"crossref","unstructured":"[3] P\u00e9rez Y, Flores DO. Experiencias de la pr\u00e1ctica conjunta de estudiantes de higiene oral de la Universidad del Valle en los servicios de salud con comunidades de los municipios de Yumbo y Cali [Internet]. Rev Estomatol. 2000 jul;9(1). [citado 2025 jul 7]. Disponible en: https:\/\/bit.ly\/3JLvR70","DOI":"10.25100\/re.v9i1.5506"},{"key":"185719","doi-asserted-by":"crossref","unstructured":"[4] Lopes RT, Neves \u00c9TB, Gomes MC, Paiva SM, Ferreira FM, Granville-Garcia AF. Family structure, sociodemographic factors and type of dental service associated with oral health literacy in the early adolescence. Cien Saude Colet [Internet]. 2021 [citado 2025 jul 7]; 26(suppl 3):5241-50. Disponible en: https:\/\/doi.org\/10.1590\/1413-812320212611.3.34782019","DOI":"10.1590\/1413-812320212611.3.34782019"},{"key":"185720","doi-asserted-by":"crossref","unstructured":"[5] Sarmento DMF, Dirleia RA. Responsabilidad social universitaria: la perspectiva de los colaboradores en una [Internet]. Uam.es; 2018 [citado 2025 jul 7]. DOI: https:\/\/doi.org\/10.15366\/tp2018.31.016","DOI":"10.15366\/tp2018.31.016"},{"key":"185721","unstructured":"[6] V\u00e9lez CA. Las pr\u00e1cticas comunitarias y su aporte en la construcci\u00f3n de un curr\u00edculo escolar rural, contextualizado y participativo de la vereda El Cardal, municipio de Andes, Antioquia [trabajo de grado en Internet]. Medell\u00edn: Universidad de Antioquia, Facultad de Educaci\u00f3n; 2018 [citado 2025 jul 7]. Disponible en: https:\/\/bit.ly\/4lL1NWF"},{"key":"185722","unstructured":"[7] Pe\u00f1a Lapeira CJ, Vargas Puentes L. La pr\u00e1ctica profesional, retos y desaf\u00edos para el apoyo organizacional [Internet]. 1\u00aa ed. Bogot\u00e1, D.C.: Centro Editorial UNIMINUTO; 2020 [citado 2025 jul 7]. 144 p. Disponible en: https:\/\/bit.ly\/45IjJew"},{"key":"185723","doi-asserted-by":"crossref","unstructured":"[8] Swierad EM, Huang TT-K. It starts with a conversation: The importance of values as building blocks of engagement strategies in community-centered public health research. Int J Environ Res Public Health [Internet]. 2021; 18(6):2940. Disponible en: https:\/\/doi.org\/10.3390\/ijerph18062940","DOI":"10.3390\/ijerph18062940"},{"key":"185724","doi-asserted-by":"crossref","unstructured":"[9] Haque M, Rahman NA, Rahman S, Majumder MAA, Syed Mohdhar SSB, Lugova H, Abdullah A, Binti Abdullah SL, Ismail MHB, Charan J, et al. Medical students\u2019 perception regarding health policy teaching and their participation in health policy roles: a survey at a public university in Malaysia. Healthcare. 2022;10(6):967. Disponible en: https:\/\/doi.org\/10.3390\/healthcare10060967","DOI":"10.3390\/healthcare10060967"},{"key":"185725","doi-asserted-by":"crossref","unstructured":"[10] Sophie EF, la Vega SBS-D, Sen KP-S. Aportaciones de una pr\u00e1ctica de promoci\u00f3n de salud comunitaria a la formaci\u00f3n profesional de estudiantes [Internet]. Fem: Rev Fund Educ M\u00e9dica. [citado 2025 jul 7];23(3):135-9. DOI: https:\/\/doi.org\/10.33588\/fem.233.1057","DOI":"10.33588\/fem.233.1057"},{"key":"185726","unstructured":"[11] Garc\u00eda Y. pr\u00e1ctica comunitaria, salud comunitaria IV. En: Medell\u00edn, Antioquia. Instituci\u00f3n universitaria visi\u00f3n de las Am\u00e9ricas; 2021. p. 3-6-"},{"key":"185727","doi-asserted-by":"crossref","unstructured":"[12] Lafaurie Villamil MM, Ru\u00edz Carrizosa JA, Gonz\u00e1lez Carrera MC, Restrepo P\u00e9rez LF. Odontolog\u00eda comunitaria y atenci\u00f3n primaria en salud: una aproximaci\u00f3n conceptual [Internet]. 1\u00aa ed. Bogot\u00e1: Editorial Universidad El Bosque; 2022. https:\/\/bit.ly\/4lMdr3A","DOI":"10.2307\/jj.5329338"},{"key":"185728","doi-asserted-by":"crossref","unstructured":"[13] Arribas-Cubero H, Frutos-de Miguel J, Gonz\u00e1lez-Gonz\u00e1lez XM. Aprendizaje-Servicio en experiencias intergeneracionales: un estudio de caso en la formaci\u00f3n de Educaci\u00f3n Social. Estud Pedag\u00f3g [Internet]. 2021; 47(4):245-69. DOI: https:\/\/doi.org\/10.4067\/S0718-07052021000400245","DOI":"10.4067\/S0718-07052021000400245"},{"key":"185729","doi-asserted-by":"crossref","unstructured":"[14] Vista de \u00bfPodr\u00edan las actividades profesionales confiables mediar servicios de integraci\u00f3n docente asistencial en la comunidad? [Internet]. Rev Fac Med; 2021 [citado 2025 jul 7]. DOI: https:\/\/doi.org\/10.15446\/revfacmed.v69n2.83906","DOI":"10.15446\/revfacmed.v69n2.83906"},{"key":"185730","unstructured":"[15] Dobles Jim\u00e9nez AL. Percepci\u00f3n de los estudiantes de la Licenciatura de Odontolog\u00eda de ULACIT acerca de las actividades de vinculaci\u00f3n comunitaria como estrategia de aprendizaje de la Ense\u00f1anza para la Comprensi\u00f3n [tesis de maestr\u00eda en Internet]. San Jos\u00e9 (CR): Universidad Latinoamericana de Ciencia y Tecnolog\u00eda; 2012 [citado 2025 jul 7]. Disponible en: https:\/\/bit.ly\/41Qjj4y"},{"key":"185731","unstructured":"[16] Rond\u00f3n E. The doing of community service in the social ethics training of students in the university sector. I. 2021;1:1-16. Disponible en: https:\/\/saber.unerg.edu.ve\/index.php\/cienciaeduc\/article\/view\/186\/364"},{"key":"185732","unstructured":"[17] Latorre Uriza C, Berm\u00fadez de Caicedo C, Bot\u00eda L\u00f3pez MA. Las pr\u00e1cticas sociales desde la Carrera de Odontolog\u00eda. Invest Enferm Imagen Desar. 2009;11(2):93-105. Disponible en: https:\/\/shorturl.at\/0AOBQ"},{"key":"185733","unstructured":"[18] Barrutia Araujo LE. La odontolog\u00eda comunitaria y su relaci\u00f3n con la salud bucodental en estudiantes de la instituci\u00f3n educativa Juan Primo Ruiz - Yurimaguas \u2013 2017 [tesis de maestr\u00eda en Internet]. Tarapoto (PE): Universidad C\u00e9sar Vallejo, Escuela de Posgrado; 2017 [citado 2025 jul 7]. Disponible en: https:\/\/shorturl.at\/l45Jo"},{"key":"185734","unstructured":"[19] Diaz Reissner CV. Odontolog\u00eda, Universidad y Sociedad = Dentistry, University and Society [revisi\u00f3n]. Rev Salud P\u00fablica Parag. 2013 Jul\u2013Dec;3(2):29\u201338 [Internet]. Paraguay. Disponible en: https:\/\/docs.bvsalud.org\/biblioref\/2018\/11\/965009\/29-38.pdf"},{"key":"185735","doi-asserted-by":"crossref","unstructured":"[20] Castillo-L\u00f3pez M, Romero E, M\u00ednguez R. El m\u00e9todo fenomenol\u00f3gico en investigaci\u00f3n educativa: una revisi\u00f3n sistem\u00e1tica. Rev Latinoam Estud Educ. 2022;18(2):241-267. Disponible en: https:\/\/shorturl.at\/iRZur","DOI":"10.17151\/rlee.2023.18.2.11"},{"key":"185736","doi-asserted-by":"crossref","unstructured":"[21] Palomer L, Humeres P, S\u00e1nchez A, Gonz\u00e1lez S, Contreras A. Una experiencia de \u201caprendizaje-servicio\u201d: fomentando el desarrollo de valores en estudiantes de odontolog\u00eda chilenos [Internet]. Isciii.es. 2013 [citado el 10 de julio de 2025]. Disponible en: https:\/\/scielo.isciii.es\/pdf\/fem\/v16n2\/original3.pdf","DOI":"10.33588\/fem.162.685"},{"key":"185737","unstructured":"[22] Calatrava O LA. Reflexiones para responder a la salud oral de la comunidad venezolana. ODOUS Cient\u00edfica Rev Fac Odontol Univ Carabobo. 2003;4(2). Disponible en: https:\/\/servicio.bc.uc.edu.ve\/odontologia\/revista\/v4n2\/4-2-5.pdf."},{"key":"185738","doi-asserted-by":"crossref","unstructured":"[23] Wallerstein N, Duran B. Community-based participatory research contributions to intervention research: the intersection of science and practice to improve health equity. Am J Public Health [Internet]. 2010;100 Suppl 1:S40-6. Disponible en: http:\/\/dx.doi.org\/10.2105\/AJPH.2009.184036","DOI":"10.2105\/AJPH.2009.184036"},{"key":"185739","unstructured":"[24] Pastor Sellery E, Torralba Planes R. Trabajo Social Comunitario: aprendiendo de las pr\u00e1cticas en barrios desfavorecidos de la Regi\u00f3n de Murcia (Espa\u00f1a). Rev Trab Soc [Internet]. 2015;5(1):12-35. Disponible en: https:\/\/shorturl.at\/oPzPP"},{"key":"185740","unstructured":"[25] Cotonieto-Mart\u00ednez E, Rodr\u00edguez-Ter\u00e1n R. Vista de Salud comunitaria: una revisi\u00f3n de los pilares, enfoques, instrumentos de intervenci\u00f3n y su integraci\u00f3n con la atenci\u00f3n primaria [Internet]. Proeditio.com. [citado 2025 Jul 10]. DOI: https:\/\/doi.org\/10.19230\/jonnpr.3816"},{"key":"185741","doi-asserted-by":"crossref","unstructured":"[26] Hausberger M, Wacsman R. Participaci\u00f3n de la comunidad en la problem\u00e1tica de salud: un modelo interdisciplinario de investigaci\u00f3n acci\u00f3n. Rev Lat Am Enfermagem [Internet]. 2000 [citado el 10 de julio de 2025];8(1):123\u201330. Disponible en: https:\/\/www.scielo.br\/j\/rlae\/a\/dMHch6FB6CqbMKLN4Y7hKpg\/?lang=es","DOI":"10.1590\/S0104-11692000000100018"},{"key":"185742","unstructured":"[27] Gerstein M. Building communities of practice in accounting: A framework to link practice, research and education [Internet]. Na-businesspress.com. [citado el 10 de julio de 2025]. Disponible en: http:\/\/www.na-businesspress.com\/JAF\/GersteinM_Web16_7_.pdf"},{"key":"185743","doi-asserted-by":"crossref","unstructured":"[28] Burgess A, Haq I, Bleasel J, Roberts C, Garsia R, Randal N, et al. Team-based learning (TBL): a community of practice. BMC Med Educ [Internet]. 2019;19(1). Disponible en: https:\/\/bmc-mededuc.biomedcentral.com\/articles\/10.1186\/s12909-019-1795-4","DOI":"10.1186\/s12909-019-1795-4"},{"key":"185744","unstructured":"[29] Organizaci\u00f3n Panamericana de la Salud. Las funciones esenciales de la salud p\u00fablica en las Am\u00e9ricas. Una renovaci\u00f3n para el siglo XXI. Marco conceptual y descripci\u00f3n. Washington, D.C.: Organizaci\u00f3n Panamericana de la Salud; 2020. Licencia: CC BY-NC-SA 3.0 IGO. Disponible en: https:\/\/shorturl.at\/Br7DH"}],"container-title":["Revista Nacional de Odontolog\u00eda"],"link":[{"URL":"https:\/\/revistas.ucc.edu.co\/index.php\/od\/article\/download\/5079\/3956","content-type":"application\/pdf","content-version":"vor","intended-application":"text-mining"},{"URL":"https:\/\/revistas.ucc.edu.co\/index.php\/od\/article\/download\/5079\/3956","content-type":"unspecified","content-version":"vor","intended-application":"similarity-checking"}],"deposited":{"date-parts":[[2026,2,25]],"date-time":"2026-02-25T13:05:23Z","timestamp":1772024723000},"score":0.0,"resource":{"primary":{"URL":"https:\/\/revistas.ucc.edu.co\/index.php\/od\/article\/view\/5079"}},"issued":{"date-parts":[[2025,8,29]]},"references-count":29,"journal-issue":{"issue":"1","published-online":{"date-parts":[[2025,10,23]]}},"URL":"https:\/\/doi.org\/10.16925\/2357-4607.2025.01.02","ISSN":["2357-4607","1900-3080"],"issn-type":[{"value":"2357-4607","type":"electronic"},{"value":"1900-3080","type":"print"}],"published":{"date-parts":[[2025,8,29]]}},{"indexed":{"date-parts":[[2026,5,6]],"date-time":"2026-05-06T19:11:13Z","timestamp":1778094673292,"version":"3.51.4"},"reference-count":0,"publisher":"Ediciones Universidad Cooperativa de Colombia","content-domain":{"domain":[],"crossmark-restriction":false},"abstract":"<jats:p>La asignatura de Contratos Civiles y Mercantiles se realiza con el objeto de plantear una fase de recolecci\u00f3n de conocimientos que debe contribuir de manera significativa al desarrollo de habilidades y destrezas requeridas para desempe\u00f1arse en el \u00e1rea de contratos y, de esta forma, permitir establecer el nivel en el que los estudiantes de un curso puedan sentirse unidos unos a otros; adem\u00e1s, valorar la capacidad de proyectarse a s\u00ed mismos como personas por medio que este establecido. En cuanto al papel del estudiante, este debe ser consciente de su propio aprendizaje, debe estar atento al papel que ejerce en la autodisciplina y el autoaprendizaje, debiendo estudiar, analizar, reflexionar y participar en un trabajo mancomunado, ya que esto le permite al estudiante proyectarse y ver con claridad la visi\u00f3n para poder logar su objetivo.<\/jats:p>","DOI":"10.16925\/gcnc.125","type":"report","created":{"date-parts":[[2026,5,6]],"date-time":"2026-05-06T18:27:55Z","timestamp":1778092075000},"source":"Crossref","is-referenced-by-count":0,"title":["Contrato de arrendamiento"],"prefix":"10.16925","author":[{"given":"Rudht Patricia","family":"Santos Manosalva","sequence":"first","affiliation":[],"role":[{"role":"author","vocabulary":"crossref"}]}],"member":"6711","published-online":{"date-parts":[[2025]]},"deposited":{"date-parts":[[2026,5,6]],"date-time":"2026-05-06T18:27:55Z","timestamp":1778092075000},"score":0.0,"resource":{"primary":{"URL":"https:\/\/repository.ucc.edu.co\/entities\/publication\/8eba2d18-f56e-4342-ba93-48b0a2864f9a"}},"issued":{"date-parts":[[2025]]},"references-count":0,"URL":"https:\/\/doi.org\/10.16925\/gcnc.125","published":{"date-parts":[[2025]]}},{"indexed":{"date-parts":[[2026,6,27]],"date-time":"2026-06-27T13:26:42Z","timestamp":1782566802826,"version":"3.54.5"},"reference-count":0,"publisher":"Universidad Cooperativa de Colombia- UCC","issue":"115","content-domain":{"domain":[],"crossmark-restriction":false},"short-container-title":["Coop. Desarro."],"abstract":"<jats:p>Debido a la desarticulaci\u00f3n existente entre los entes gubernamentales y la poblaci\u00f3n rural, se ha producido la necesidad de crear una estrategia de fortalecimiento para los peque\u00f1os productores de papa criolla de Subachoque, Cundinamarca. Esto hace que la asociatividad empiece a tomar un protagonismo de alto nivel en este campo, puesto que permite dinamizar el fortalecimiento organizacional, productivo, econ\u00f3mico, social y humano, en pro de pr\u00e1cticas agr\u00edcolas modernas, rentables y sostenibles, que favorecen a las cadenas productivas de los bienes de este sector productivo. El trabajo de campo realizado en esta investigaci\u00f3n, permiti\u00f3 encontrar las principales problem\u00e1ticas que afrontan los peque\u00f1os productores de Subachoque y los factores que permitir\u00edan potencializar sus actividades productivas, esto con el fin de establecer par\u00e1metros que les d\u00e9 soluci\u00f3n a las falencias presentes en la cadena productiva actual. Tambi\u00e9n se dio paso a la inclusi\u00f3n de una hoja de ruta que les brinde mejores condiciones productivas y de vida, con el objetivo de hacer los encadenamientos productivos m\u00e1s eficientes.<\/jats:p>","DOI":"10.16925\/2382-4220.2019.02.10","type":"journal-article","created":{"date-parts":[[2020,2,21]],"date-time":"2020-02-21T15:33:19Z","timestamp":1582299199000},"page":"1-34","source":"Crossref","is-referenced-by-count":7,"title":["La asociatividad para articular cadenas productivas en Colombia"],"prefix":"10.16925","volume":"27","author":[{"given":"Amanda","family":"Vargas Prieto","sequence":"first","affiliation":[],"role":[{"vocabulary":"crossref","role":"author"}]},{"given":"Cindy Lorena","family":"Fajardo Rodr\u00edguez","sequence":"additional","affiliation":[],"role":[{"vocabulary":"crossref","role":"author"}]},{"given":"Yesica Estefan\u00eda","family":"Romero Rodr\u00edguez","sequence":"additional","affiliation":[],"role":[{"vocabulary":"crossref","role":"author"}]},{"given":"Karen Yiseth","family":"Nieves Forero","sequence":"additional","affiliation":[],"role":[{"vocabulary":"crossref","role":"author"}]}],"member":"6711","published-online":{"date-parts":[[2019,11,22]]},"container-title":["Cooperativismo &amp; Desarrollo"],"link":[{"URL":"https:\/\/revistas.ucc.edu.co\/index.php\/co\/article\/download\/2999\/2786","content-type":"application\/pdf","content-version":"vor","intended-application":"text-mining"},{"URL":"https:\/\/revistas.ucc.edu.co\/index.php\/co\/article\/download\/2999\/2786","content-type":"unspecified","content-version":"vor","intended-application":"similarity-checking"}],"deposited":{"date-parts":[[2020,2,21]],"date-time":"2020-02-21T15:33:20Z","timestamp":1582299200000},"score":0.0,"resource":{"primary":{"URL":"https:\/\/revistas.ucc.edu.co\/index.php\/co\/article\/view\/2999"}},"issued":{"date-parts":[[2019,11,22]]},"references-count":0,"journal-issue":{"issue":"115","published-online":{"date-parts":[[2019,11,22]]}},"URL":"https:\/\/doi.org\/10.16925\/2382-4220.2019.02.10","ISSN":["2382-4220","0120-7180"],"issn-type":[{"value":"2382-4220","type":"electronic"},{"value":"0120-7180","type":"print"}],"published":{"date-parts":[[2019,11,22]]}},{"indexed":{"date-parts":[[2026,9,2]],"date-time":"2026-09-02T08:32:27Z","timestamp":1788337947727,"version":"build-2803163510"},"reference-count":0,"publisher":"Universidad Cooperativa de Colombia - UCC","issue":"25","license":[{"start":{"date-parts":[[2019,11,7]],"date-time":"2019-11-07T00:00:00Z","timestamp":1573084800000},"content-version":"unspecified","delay-in-days":0,"URL":"http:\/\/creativecommons.org\/licenses\/by-nc-nd\/4.0"}],"content-domain":{"domain":[],"crossmark-restriction":false},"short-container-title":["Pensando Psicol."],"abstract":"<jats:p>Prop\u00f3sito: Ofrecer una gu\u00eda metodol\u00f3gica para la implementaci\u00f3n del an\u00e1lisis fenomenol\u00f3gico interpretativo (AFI), en especial, para aquellos que se inician en la investigaci\u00f3n cualitativa.\r\nTema: El an\u00e1lisis fenomenol\u00f3gico interpretativo como m\u00e9todo para la comprensi\u00f3n de las experiencias personales y su aplicaci\u00f3n en el campo de la psicolog\u00eda.\r\nDesarrollo: Se presentan las caracter\u00edsticas generales de la metodolog\u00eda AFI, luego se describen cada una de sus etapas, desde la formulaci\u00f3n de la pregunta de investigaci\u00f3n y el acceso al campo, hasta la selecci\u00f3n de los participantes y la recolecci\u00f3n de informaci\u00f3n. Por \u00faltimo, se describen en detalle las fases y procedimientos para el an\u00e1lisis de datos, as\u00ed como la redacci\u00f3n y presentaci\u00f3n de los resultados.\r\nConclusi\u00f3n: El an\u00e1lisis fenomenol\u00f3gico interpretativo es un enfoque de investigaci\u00f3n cualitativo que busca comprender los significados asociados a la experiencia vivida. En la actualidad, goza de gran reconocimiento y es ampliamente utilizado en el campo de la psicolog\u00eda, especialmente en pa\u00edses de habla inglesa.<\/jats:p>","DOI":"10.16925\/2382-3984.2019.01.03","type":"journal-article","created":{"date-parts":[[2020,2,23]],"date-time":"2020-02-23T20:41:20Z","timestamp":1582490480000},"page":"1-24","source":"Crossref","is-referenced-by-count":72,"title":["An\u00e1lisis fenomenol\u00f3gico interpretativo"],"prefix":"10.16925","volume":"15","author":[{"given":"Hansel","family":"Duque","sequence":"first","affiliation":[],"role":[{"vocabulary":"crossref","role":"author"}]},{"given":"Edith T.","family":"Aristiz\u00e1bal D\u00edaz-Granados","sequence":"additional","affiliation":[],"role":[{"vocabulary":"crossref","role":"author"}]}],"member":"6711","published-online":{"date-parts":[[2019,11,7]]},"container-title":["Pensando Psicolog\u00eda"],"link":[{"URL":"https:\/\/revistas.ucc.edu.co\/index.php\/pe\/article\/download\/2956\/2771","content-type":"application\/pdf","content-version":"vor","intended-application":"text-mining"},{"URL":"https:\/\/revistas.ucc.edu.co\/index.php\/pe\/article\/download\/2956\/2771","content-type":"unspecified","content-version":"vor","intended-application":"similarity-checking"}],"deposited":{"date-parts":[[2020,2,23]],"date-time":"2020-02-23T20:41:20Z","timestamp":1582490480000},"score":0.0,"resource":{"primary":{"URL":"https:\/\/revistas.ucc.edu.co\/index.php\/pe\/article\/view\/2956"}},"issued":{"date-parts":[[2019,11,7]]},"references-count":0,"journal-issue":{"issue":"25","published-online":{"date-parts":[[2019,11,12]]}},"URL":"https:\/\/doi.org\/10.16925\/2382-3984.2019.01.03","ISSN":["2382-3984","1900-3099"],"issn-type":[{"value":"2382-3984","type":"electronic"},{"value":"1900-3099","type":"print"}],"published":{"date-parts":[[2019,11,7]]}},{"indexed":{"date-parts":[[2025,12,18]],"date-time":"2025-12-18T19:58:26Z","timestamp":1766087906803},"reference-count":0,"publisher":"Universidad Cooperativa de Colombia- UCC","issue":"1","license":[{"start":{"date-parts":[[2022,6,3]],"date-time":"2022-06-03T00:00:00Z","timestamp":1654214400000},"content-version":"unspecified","delay-in-days":0,"URL":"http:\/\/creativecommons.org\/licenses\/by-nc-nd\/4.0\/"}],"content-domain":{"domain":[],"crossmark-restriction":false},"short-container-title":["ing. Solidar"],"abstract":"<jats:p>Introduction: This article is the product of a project developed by UNIMINUTO in the nineth grade of the Educational Institution Sim\u00f3n Bolivar in \u201cLa Nohora\u201d neighbourhood of the Villavicencio - Colombia, this project was executed during 2017 and 2018.&#x0D;\nProblem: The problem is the low academic performance of students in mathematics, in addition to multiple possible adverse situations they face as a vulnerable population.&#x0D;\nObjective: The objective is to have a positive impact on the academic performance of the students.&#x0D;\nMethodology: In the strategy development, STEM education was used to support the learning of math through six sessions were carried out your own classroom. The students solved challenges by programming robots.&#x0D;\nResults: Complete each challenge had an important attitudinal impact on the students, the joy and satisfaction of them were an unexpected result. A previous knowledge test was carried out at beginning and at the end of the sessions a formative test was applied too. Afterwards, the results of both tests were compared to evidence improvements in the students' mathematical skills.&#x0D;\nConclusions: It was possible to provide the target population with an alternative to understand issues mistakenly considered difficult and to propose important playful and didactic moments in cognitive development.&#x0D;\nOriginality: This article shows an educational innovation that the team of researchers will continue to apply. through new projects that allow financing the purchase of equipment and the logistics of the workshops.&#x0D;\nLimitations: Lack of strategic alliances that allow financing more meetings with students and the acquisition of more robots.<\/jats:p>","DOI":"10.16925\/2357-6014.2022.01.02","type":"journal-article","created":{"date-parts":[[2022,6,3]],"date-time":"2022-06-03T21:29:57Z","timestamp":1654291797000},"page":"1-22","source":"Crossref","is-referenced-by-count":1,"title":["Stem education and the learning of mathematics in vulnerable populations"],"prefix":"10.16925","volume":"18","author":[{"given":"Jairo Alberto","family":"Cu\u00e9llar-Guarnizo","sequence":"first","affiliation":[],"role":[{"role":"author","vocabulary":"crossref"}]},{"given":"Wilmer","family":"Hern\u00e1ndez-\u00c1lvarez","sequence":"additional","affiliation":[],"role":[{"role":"author","vocabulary":"crossref"}]},{"given":"Marco Antonio","family":"Guti\u00e9rrez-C\u00e1rdenas","sequence":"additional","affiliation":[],"role":[{"role":"author","vocabulary":"crossref"}]},{"given":"Hayley Dahiana","family":"Vega-Santofimio","sequence":"additional","affiliation":[],"role":[{"role":"author","vocabulary":"crossref"}]}],"member":"6711","published-online":{"date-parts":[[2022,6,3]]},"container-title":["Ingenier\u00eda Solidaria"],"link":[{"URL":"https:\/\/revistas.ucc.edu.co\/index.php\/in\/article\/download\/3944\/3302","content-type":"application\/pdf","content-version":"vor","intended-application":"text-mining"},{"URL":"https:\/\/revistas.ucc.edu.co\/index.php\/in\/article\/download\/3944\/3302","content-type":"unspecified","content-version":"vor","intended-application":"similarity-checking"}],"deposited":{"date-parts":[[2022,6,3]],"date-time":"2022-06-03T21:29:57Z","timestamp":1654291797000},"score":0.0,"resource":{"primary":{"URL":"https:\/\/revistas.ucc.edu.co\/index.php\/in\/article\/view\/3944"}},"issued":{"date-parts":[[2022,6,3]]},"references-count":0,"journal-issue":{"issue":"1","published-online":{"date-parts":[[2022,6,3]]}},"URL":"https:\/\/doi.org\/10.16925\/2357-6014.2022.01.02","ISSN":["2357-6014","1900-3102"],"issn-type":[{"value":"2357-6014","type":"electronic"},{"value":"1900-3102","type":"print"}],"published":{"date-parts":[[2022,6,3]]}},{"indexed":{"date-parts":[[2026,5,13]],"date-time":"2026-05-13T03:59:19Z","timestamp":1778644759270,"version":"3.51.4"},"reference-count":0,"publisher":"Universidad Cooperativa de Colombia - UCC","issue":"2","content-domain":{"domain":[],"crossmark-restriction":false},"short-container-title":["Dixi"],"abstract":"<jats:p>El avance de la tecnolog\u00eda con respecto a la inteligencia artificial (ia) ha llevado a la academia a cuestionar no solo cu\u00e1n lejos puede llegar, sino tambi\u00e9n cu\u00e1les son los posibles efectos nocivos que puede traer a la humanidad, motivo por el cual, y ante la falta de regulaci\u00f3n legal del asunto, la Presidencia de la Rep\u00fablica public\u00f3 el \u201cMarco \u00e9tico para la inteligencia artificial en Colombia\u201d en atenci\u00f3n a las din\u00e1micas mundiales de la ia.  Objetivo: establecer la necesidad de la implementaci\u00f3n de un marco \u00e9tico y legal obligatorio para la ia y los algoritmos en Colombia.  Metodolog\u00eda: se lleva cabo el an\u00e1lisis de los diferentes casos internacionales en los que se han discutido problemas \u00e9ticos y legales de la ia y los algoritmos, y se propone la necesidad de cambios a nivel legislativo para Colombia.  Resultados: un mecanismo necesario para la regulaci\u00f3n es acudir al Congreso de la Rep\u00fablica para que legisle acerca de los aspectos \u00e9ticos y de responsabilidad de la ia y los algoritmos.  Conclusiones: la importancia y la necesidad de regular aspectos como la \u00e9tica y la responsabilidad de la ia y los algoritmos deben animar al Congreso a regular el asunto. De igual forma, en manos de las altas corporaciones judiciales de Colombia est\u00e1 la responsabilidad de crear reglas que permitan la comprensi\u00f3n y el manejo de los conflictos suscitados por la ia y los algoritmos.<\/jats:p>","DOI":"10.16925\/2357-5891.2023.02.04","type":"journal-article","created":{"date-parts":[[2023,8,24]],"date-time":"2023-08-24T17:21:27Z","timestamp":1692897687000},"page":"1-28","source":"Crossref","is-referenced-by-count":3,"title":["La necesidad de un marco \u00e9tico y legal obligatorio para la inteligencia artificial y los algoritmos en Colombia"],"prefix":"10.16925","volume":"25","author":[{"ORCID":"https:\/\/orcid.org\/0000-0003-4652-4486","authenticated-orcid":false,"given":"William Eugene","family":"Ulrich Astaiza","sequence":"first","affiliation":[],"role":[{"role":"author","vocabulary":"crossref"}]}],"member":"6711","published-online":{"date-parts":[[2023,7,1]]},"container-title":["Dixi"],"deposited":{"date-parts":[[2023,8,24]],"date-time":"2023-08-24T17:21:28Z","timestamp":1692897688000},"score":0.0,"resource":{"primary":{"URL":"https:\/\/revistas.ucc.edu.co\/index.php\/di\/article\/view\/4765"}},"issued":{"date-parts":[[2023,7,1]]},"references-count":0,"journal-issue":{"issue":"2","published-online":{"date-parts":[[2023,7,1]]}},"URL":"https:\/\/doi.org\/10.16925\/2357-5891.2023.02.04","ISSN":["2357-5891"],"issn-type":[{"value":"2357-5891","type":"electronic"}],"published":{"date-parts":[[2023,7,1]]}},{"indexed":{"date-parts":[[2025,8,31]],"date-time":"2025-08-31T10:39:10Z","timestamp":1756636750507},"reference-count":0,"publisher":"Universidad Coperativa de Colombia","isbn-type":[{"value":"9789587600889","type":"print"}],"content-domain":{"domain":[],"crossmark-restriction":false},"DOI":"10.16925\/9789587600889","type":"book","created":{"date-parts":[[2017,12,19]],"date-time":"2017-12-19T16:36:47Z","timestamp":1513701407000},"source":"Crossref","is-referenced-by-count":0,"title":["Historia de la plaza minorista Jos\u00e9 Mar\u00eda Villa: Basti\u00f3n de la econom\u00eda popular en Medell\u00edn"],"prefix":"10.16925","author":[{"given":"Jhon","family":"Arbel\u00e1ez Ochoa","sequence":"first","affiliation":[],"role":[{"role":"author","vocabulary":"crossref"}]}],"member":"6711","published-online":{"date-parts":[[2017]]},"deposited":{"date-parts":[[2017,12,19]],"date-time":"2017-12-19T16:36:47Z","timestamp":1513701407000},"score":0.0,"resource":{"primary":{"URL":"http:\/\/ediciones.ucc.edu.co\/index.php\/ucc\/catalog\/book\/85"}},"issued":{"date-parts":[[2017]]},"ISBN":["9789587600889"],"references-count":0,"URL":"https:\/\/doi.org\/10.16925\/9789587600889","published":{"date-parts":[[2017]]}},{"indexed":{"date-parts":[[2025,8,31]],"date-time":"2025-08-31T23:26:25Z","timestamp":1756682785667},"reference-count":0,"publisher":"Universidad Cooperativa de Colombia- UCC","issue":"1","content-domain":{"domain":[],"crossmark-restriction":false},"short-container-title":["Pensando Psicol."],"abstract":"<jats:p>Purpose: To analyse the levels of depression and its influence on the presence of suicide ideation among high-school students.&#x0D;\nMethods: cross-sectional, observational, and comparative study. The sample included 447 students who answered the following: the Beck Depression Inventory, the Beck Scale for Suicide Ideation, the Hamilton Scale for depression and a risk factor questionnaire elaborated ex professor. Statistical analysis included a description of variables, Pearson\u2019s correlation coefficient, and multiple regression.&#x0D;\nResults: Sixty-six students (14.8%) presented with suicide risk and 29 had made a suicide attempt. Almost 34% of the students presented some level of depression according to the Hamilton Scale.&#x0D;\nConclusions: There is a strong correlation between suicidal behaviours and depression. It is important to raise awareness of the early signs of depression as a risk factor that may potentiate the risk of a suicide attempt.<\/jats:p>","DOI":"10.16925\/2382-3984.2020.01.05","type":"journal-article","created":{"date-parts":[[2021,2,23]],"date-time":"2021-02-23T12:50:48Z","timestamp":1614084648000},"page":"1-17","source":"Crossref","is-referenced-by-count":1,"title":["Suicide Ideation and Depression among High-School Students in Mexico"],"prefix":"10.16925","volume":"16","author":[{"given":"Jos\u00e9 Mar\u00eda","family":"De la Roca Chiapas","sequence":"first","affiliation":[],"role":[{"role":"author","vocabulary":"crossref"}]},{"given":"Iliana Pamela","family":"Tapia Ibarra","sequence":"additional","affiliation":[],"role":[{"role":"author","vocabulary":"crossref"}]},{"given":"Jos\u00e9 Eduardo","family":"Huerta Lepez","sequence":"additional","affiliation":[],"role":[{"role":"author","vocabulary":"crossref"}]},{"given":"Daniel","family":"Paramo Castillo","sequence":"additional","affiliation":[],"role":[{"role":"author","vocabulary":"crossref"}]},{"given":"V\u00edctor","family":"Ramos Frausto","sequence":"additional","affiliation":[],"role":[{"role":"author","vocabulary":"crossref"}]},{"given":"Luc\u00eda","family":"P\u00e9rez S\u00e1nchez","sequence":"additional","affiliation":[],"role":[{"role":"author","vocabulary":"crossref"}]}],"member":"6711","published-online":{"date-parts":[[2020,5,20]]},"container-title":["Pensando Psicolog\u00eda"],"link":[{"URL":"https:\/\/revistas.ucc.edu.co\/index.php\/pe\/article\/download\/3659\/3069","content-type":"application\/pdf","content-version":"vor","intended-application":"text-mining"},{"URL":"https:\/\/revistas.ucc.edu.co\/index.php\/pe\/article\/download\/3659\/3069","content-type":"unspecified","content-version":"vor","intended-application":"similarity-checking"}],"deposited":{"date-parts":[[2021,2,23]],"date-time":"2021-02-23T12:50:48Z","timestamp":1614084648000},"score":0.0,"resource":{"primary":{"URL":"https:\/\/revistas.ucc.edu.co\/index.php\/pe\/article\/view\/3659"}},"issued":{"date-parts":[[2020,5,20]]},"references-count":0,"journal-issue":{"issue":"1","published-online":{"date-parts":[[2020,3,2]]}},"URL":"https:\/\/doi.org\/10.16925\/2382-3984.2020.01.05","ISSN":["2382-3984","1900-3099"],"issn-type":[{"value":"2382-3984","type":"electronic"},{"value":"1900-3099","type":"print"}],"published":{"date-parts":[[2020,5,20]]}},{"indexed":{"date-parts":[[2025,8,2]],"date-time":"2025-08-02T19:04:15Z","timestamp":1754161455934,"version":"3.41.2"},"reference-count":0,"publisher":"Ediciones Universidad Cooperativa de Colombia","content-domain":{"domain":[],"crossmark-restriction":false},"abstract":"<jats:p>La Teor\u00eda General de Sistemas (TGS), propuesta por el bi\u00f3logo austriaco Ludwig Von Berthalanffy a mediados del siglo XX, plantea una terminolog\u00eda y unos m\u00e9todos para el an\u00e1lisis de los sistemas, lo cual se ha generalizado en todos los campos del conocimiento y son usados ampliamente por profesionales y cient\u00edficos de la f\u00edsica, la biolog\u00eda y las ciencias sociales como, por ejemplo: holismo o sinergia, caja negra, homeostasis, entre otros. La TGS tambi\u00e9n es llamada la ciencia de la totalidad, ya que trata del estudio interdisciplinario que comprende propiedades comunes a entidades y sistemas, que se presentan en todos los niveles de la realidad, pero que son objeto de disciplinas acad\u00e9micas diferentes. El contenido de esta gu\u00eda se puede aplicar a varios contextos. Sector salud: hospitales, cl\u00ednicas. Sector tur\u00edstico: sitio tur\u00edstico. Sector comercial: centros comerciales, empresa. Sector educativo: colegios y universidades. La aplicaci\u00f3n de los temas del curso de Teor\u00eda General de Sistemas o Pensamiento Sist\u00e9mico se realiza mediante un modelo sist\u00e9mico. La construcci\u00f3n de un modelo no es una tarea reservada \u00fanicamente a los cient\u00edficos o a los especialistas en Ingenier\u00eda de Sistemas, sino que tambi\u00e9n est\u00e1 al alcance de todas las personas. En la TGS se analizan conceptos como: sistema, entradas (input), salidas (outputs), caja negra y retroalimentaci\u00f3n o feedback.<\/jats:p>","DOI":"10.16925\/gcgp.146","type":"report","created":{"date-parts":[[2025,7,28]],"date-time":"2025-07-28T22:45:19Z","timestamp":1753742719000},"source":"Crossref","is-referenced-by-count":0,"title":["Modelo sist\u00e9mico de un contexto"],"prefix":"10.16925","author":[{"ORCID":"https:\/\/orcid.org\/0000-0003-2828-7026","authenticated-orcid":false,"given":"Piedad","family":"Chica Sosa","sequence":"first","affiliation":[],"role":[{"role":"author","vocabulary":"crossref"}]},{"ORCID":"https:\/\/orcid.org\/0000-0003-2113-1782","authenticated-orcid":false,"given":"Francy Yaneth","family":"Pati\u00f1o Mart\u00ednez","sequence":"additional","affiliation":[],"role":[{"role":"author","vocabulary":"crossref"}]}],"member":"6711","published-online":{"date-parts":[[2024,12]]},"deposited":{"date-parts":[[2025,7,28]],"date-time":"2025-07-28T22:45:19Z","timestamp":1753742719000},"score":0.0,"resource":{"primary":{"URL":"https:\/\/repository.ucc.edu.co\/entities\/publication\/a1c37a3e-ec64-4bed-937c-d0c70403869e"}},"issued":{"date-parts":[[2024,12]]},"references-count":0,"URL":"https:\/\/doi.org\/10.16925\/gcgp.146","published":{"date-parts":[[2024,12]]}},{"indexed":{"date-parts":[[2026,3,14]],"date-time":"2026-03-14T09:14:06Z","timestamp":1773479646578,"version":"3.50.1"},"reference-count":0,"publisher":"Universidad Cooperativa de Colombia","content-domain":{"domain":[],"crossmark-restriction":false},"DOI":"10.16925\/greylit.1089","type":"report","created":{"date-parts":[[2015,12,2]],"date-time":"2015-12-02T17:03:46Z","timestamp":1449075826000},"source":"Crossref","is-referenced-by-count":4,"title":["Aproximaci\u00f3n te\u00f3rica de la categor\u00eda \"agricultura familiar\" como contribuci\u00f3n al an\u00e1lisis conceptual en la pol\u00edtica p\u00fablica de desarrollo rural en Colombia (WP)"],"prefix":"10.16925","author":[{"given":"Carolina","family":"Ni\u00f1o-Mart\u00ednez","sequence":"first","affiliation":[],"role":[{"role":"author","vocabulary":"crossref"}]}],"member":"6711","published-online":{"date-parts":[[2015,12]]},"deposited":{"date-parts":[[2015,12,2]],"date-time":"2015-12-02T17:03:46Z","timestamp":1449075826000},"score":0.0,"resource":{"primary":{"URL":"http:\/\/revistas.ucc.edu.co\/index.php\/dotr\/article\/view\/1089"}},"issued":{"date-parts":[[2015,12]]},"references-count":0,"URL":"https:\/\/doi.org\/10.16925\/greylit.1089","published":{"date-parts":[[2015,12]]}},{"indexed":{"date-parts":[[2026,6,2]],"date-time":"2026-06-02T15:16:52Z","timestamp":1780413412914,"version":"3.54.1"},"reference-count":0,"publisher":"Universidad Cooperativa de Colombia- UCC","issue":"24","license":[{"start":{"date-parts":[[2018,1,1]],"date-time":"2018-01-01T00:00:00Z","timestamp":1514764800000},"content-version":"unspecified","delay-in-days":0,"URL":"http:\/\/creativecommons.org\/licenses\/by-nc-nd\/4.0\/"}],"content-domain":{"domain":[],"crossmark-restriction":false},"short-container-title":["ing. Solidar"],"abstract":"<jats:p>Introducci\u00f3n: el art\u00edculo es producto de la investigaci\u00f3n \u201cUso de la realidad aumentada en la ense\u00f1anza-aprendizaje de ciencias naturales\u201d, desarrollada durante el 2016 y el primer semestre del 2017 en la Facultad de Ingenier\u00eda de Sistemas Computacionales de la Universidad Tecnol\u00f3gica de Panam\u00e1.Problema: en Panam\u00e1 no se brindan en la actualidad soluciones tecnol\u00f3gicas en el \u00e1mbito educativo que apoyen el proceso ense\u00f1anza-aprendizaje de sitios naturales y su conservaci\u00f3n.Objetivo: contribuir a mejorar el proceso ense\u00f1anza-aprendizaje de las ciencias naturales y la conservaci\u00f3n del medio ambiente, por medio de dispositivos m\u00f3viles y la realidad aumentada.Metodolog\u00eda: se utiliza la investigaci\u00f3n-acci\u00f3n, por la cual se planific\u00f3 el trabajo a realizar, se desarroll\u00f3 la aplicaci\u00f3n, luego se observ\u00f3 a los estudiantes utilizar la aplicaci\u00f3n y se plantearon los resultados de acuerdo con las observaciones y una r\u00fabrica aplicada a los estudiantes.Resultados: se desarroll\u00f3 una aplicaci\u00f3n con realidad aumentada que permite apoyar el proceso ense\u00f1anza-aprendizaje de ciencias naturales, y en este caso en particular de la ense\u00f1anza y conservaci\u00f3n de sitios naturales.Conclusi\u00f3n: se han logrado recrear animaciones que permiten a los estudiantes asimilar de forma efectiva la informaci\u00f3n de los sitios naturales, y as\u00ed reforzar su aprendizaje a trav\u00e9s de contenidos interactivos.Originalidad: hasta el momento no se hab\u00eda abordado la implementaci\u00f3n de este tipo de aplicaciones en escuelas rurales desde este enfoque. El proyecto ha permitido a la comunidad acad\u00e9mica contar con una aplicaci\u00f3n de gran valor que permite ense\u00f1ar sobre la conservaci\u00f3n de sitios naturales.Limitaciones: el proyecto solo abarca el aprendizaje y la conservaci\u00f3n de sitios naturales.<\/jats:p>","DOI":"10.16925\/in.v14i24.2155","type":"journal-article","created":{"date-parts":[[2018,8,2]],"date-time":"2018-08-02T17:05:55Z","timestamp":1533229555000},"page":"1-9","source":"Crossref","is-referenced-by-count":4,"title":["Uso de la realidad aumentada en la ense\u00f1anza-aprendizaje de Ciencias Naturales"],"prefix":"10.16925","volume":"14","author":[{"given":"Lilia Esther","family":"Mu\u00f1oz Arracera","sequence":"first","affiliation":[],"role":[{"vocabulary":"crossref","role":"author"}]},{"given":"Reyes","family":"Montenegro Santos","sequence":"additional","affiliation":[],"role":[{"vocabulary":"crossref","role":"author"}]}],"member":"6711","published-online":{"date-parts":[[2018,1,1]]},"container-title":["Ingenier\u00eda Solidaria"],"link":[{"URL":"https:\/\/revistas.ucc.edu.co\/index.php\/in\/article\/download\/2155\/2190","content-type":"application\/pdf","content-version":"vor","intended-application":"text-mining"},{"URL":"https:\/\/revistas.ucc.edu.co\/index.php\/in\/article\/download\/2155\/2505","content-type":"unspecified","content-version":"vor","intended-application":"text-mining"},{"URL":"https:\/\/revistas.ucc.edu.co\/index.php\/in\/article\/download\/2155\/2190","content-type":"unspecified","content-version":"vor","intended-application":"similarity-checking"}],"deposited":{"date-parts":[[2019,10,23]],"date-time":"2019-10-23T02:55:14Z","timestamp":1571799314000},"score":0.0,"resource":{"primary":{"URL":"https:\/\/revistas.ucc.edu.co\/index.php\/in\/article\/view\/2155"}},"issued":{"date-parts":[[2018,1,1]]},"references-count":0,"journal-issue":{"issue":"24","published-online":{"date-parts":[[2018,1,1]]}},"URL":"https:\/\/doi.org\/10.16925\/in.v14i24.2155","ISSN":["2357-6014","1900-3102"],"issn-type":[{"value":"2357-6014","type":"electronic"},{"value":"1900-3102","type":"print"}],"published":{"date-parts":[[2018,1,1]]}},{"indexed":{"date-parts":[[2026,6,9]],"date-time":"2026-06-09T21:58:19Z","timestamp":1781042299690,"version":"3.54.1"},"reference-count":17,"publisher":"Universidad Cooperativa de Colombia - UCC","issue":"1","license":[{"start":{"date-parts":[[2026,1,13]],"date-time":"2026-01-13T00:00:00Z","timestamp":1768262400000},"content-version":"unspecified","delay-in-days":0,"URL":"https:\/\/creativecommons.org\/licenses\/by\/4.0"}],"content-domain":{"domain":[],"crossmark-restriction":false},"short-container-title":["Dixi"],"abstract":"<jats:p>This paper considers the issue of users\u2019 rights protection, namely regarding the users of online games. Nowadays, the rules for using online gaming accounts are prescribed by the license agreements, which are mandatory for everyone who wants to get access to digital service. However, such agreements oftentimes break the users\u2019 rights, giving large possibilities for providers who are openly abusing users. One of the ways to protect rights of users of online gaming accounts is to recognize their property rights regarding the in-game items. This approach is highly debatable, but there are arguments in favor of such. This paper is focusing on the status of online gaming accounts and in-game items as digital assets and looks into the possibility to extend property rights to these objects. Current issues regarding the rights and interests of users in relation to virtual world providers are also discussed, as well as the current regulatory landscape for digital assets, including online gaming accounts, which is briefly reviewed.<\/jats:p>","DOI":"10.16925\/2357-5891.2026.01.01","type":"journal-article","created":{"date-parts":[[2026,1,14]],"date-time":"2026-01-14T12:13:43Z","timestamp":1768392823000},"page":"1-17","source":"Crossref","is-referenced-by-count":0,"title":["Protection of property rights in online gaming accounts","Protecci\u00f3n de los derechos de propiedad en las cuentas de juegos en l\u00ednea","Prote\u00e7\u00e3o de direitos de propriedade em contas de jogos on-line"],"prefix":"10.16925","volume":"28","author":[{"ORCID":"https:\/\/orcid.org\/0000-0002-7271-6505","authenticated-orcid":false,"given":"Oksana","family":"Zalizko","sequence":"first","affiliation":[],"role":[{"vocabulary":"crossref","role":"author"}]},{"ORCID":"https:\/\/orcid.org\/0000-0001-5388-7600","authenticated-orcid":false,"given":"Bogdan","family":"Shcherbyna","sequence":"additional","affiliation":[],"role":[{"vocabulary":"crossref","role":"author"}]},{"ORCID":"https:\/\/orcid.org\/0000-0002-6069-7976","authenticated-orcid":false,"given":"Valentyn","family":"Bazhanov","sequence":"additional","affiliation":[],"role":[{"vocabulary":"crossref","role":"author"}]},{"ORCID":"https:\/\/orcid.org\/0000-0002-3913-7974","authenticated-orcid":false,"given":"Viktoriia","family":"Bazhanova","sequence":"additional","affiliation":[],"role":[{"vocabulary":"crossref","role":"author"}]},{"ORCID":"https:\/\/orcid.org\/0000-0003-1260-2888","authenticated-orcid":false,"given":"Ernest","family":"Gramatskyy","sequence":"additional","affiliation":[],"role":[{"vocabulary":"crossref","role":"author"}]}],"member":"6711","published-online":{"date-parts":[[2026,1,13]]},"reference":[{"key":"183528","unstructured":"Da Cunha, N. (2010). Virtual property, real concerns. Akron Intellectual Property Journal, 4(1), 35\u201372. https:\/\/ideaexchange.uakron.edu\/akronintellectualproperty\/vol4\/iss1\/2\/"},{"key":"183529","doi-asserted-by":"publisher","DOI":"10.2308\/isys-50571"},{"key":"183530","unstructured":"European Commission. (2023). The Digital Services Act package. https:\/\/digital-strategy.ec.europa.eu\/en\/policies\/digital-services-act-package"},{"key":"183531","unstructured":"European Law Institute. (2022). ELI principles on the use of digital assets as security: Report of the European Law Institute. https:\/\/www.europeanlawinstitute.eu\/fileadmin\/user_upload\/p_eli\/Publications\/ELI_Principles_on_the_Use_of_Digital_Assets_as_Security.pdf"},{"key":"183532","unstructured":"Fairfield, J. (2005). Virtual property. Boston University Law Review, 85, 1047\u20131102. https:\/\/papers.ssrn.com\/sol3\/papers.cfm?abstract_id=807966"},{"key":"183533","doi-asserted-by":"publisher","DOI":"10.2307\/3481444"},{"key":"183534","unstructured":"Linklaters. (2023, June 5). Gaming series #2: Online safety and gaming \u2013 EU and UK approaches to regulation. https:\/\/techinsights.linklaters.com\/post\/102ig9a\/gaming-series-2-online-safety-and-gaming-eu-and-uk-approaches-to-regulation"},{"key":"183535","doi-asserted-by":"publisher","DOI":"10.4101\/jvwr.v6i3.7028"},{"key":"183536","unstructured":"Nekit, K. (2020a). Legal aspects of the use of social media accounts: Current state and perspectives. Lawyer Quarterly, 10(3), 305\u2013323. http:\/\/news.bbc.co.uk\/2\/hi\/technology\/3138456.stm"},{"key":"183537","doi-asserted-by":"publisher","DOI":"10.5817\/MUJLT2020-2-3"},{"key":"183538","doi-asserted-by":"publisher","DOI":"10.2139\/ssrn.1805853"},{"key":"183539","unstructured":"Palka, P. (2017). Virtual property: Towards a general theory (Doctoral dissertation, European University Institute). https:\/\/cadmus.eui.eu\/handle\/1814\/49664"},{"key":"183540","unstructured":"Prudour Private Limited. (2024, February 1). Online gaming market to hit USD 163.0 bn globally by 2032 at 10.2% CAGR. Enterprise Apps Today. https:\/\/www.enterpriseappstoday.com\/news\/online-gaming-market-to-hit-usd-163-0-bn-globally-by-2032-at-10-2-cagr.html"},{"key":"183541","unstructured":"Sheldon, D. P. (2007). Claiming ownership, but getting owned: Contractual limitations on asserting property interests in virtual goods. UCLA Law Review, 54, 751\u2013787. https:\/\/www.uclalawreview.org\/claiming-ownership-but-getting-owned-contractual-limitations-on-asserting-property-interests-in-virtual-goods\/"},{"key":"183542","unstructured":"Statista. (n.d.). Online games \u2013 Europe. https:\/\/www.statista.com\/outlook\/amo\/media\/games\/online-games\/europe"},{"key":"183543","unstructured":"UNIDROIT. (2023). UNIDROIT principles on digital assets and private law. https:\/\/www.unidroit.org\/wp-content\/uploads\/2024\/01\/Principles-on-Digital-Assets-and-Private-Law-linked-1.pdf"},{"key":"183544","unstructured":"Ward, M. (2003, September 29). Does virtual crime need real justice? BBC News. http:\/\/news.bbc.co.uk\/2\/hi\/technology\/3138456.stm"}],"container-title":["DIXI"],"link":[{"URL":"https:\/\/revistas.ucc.edu.co\/index.php\/di\/article\/download\/5141\/3923","content-type":"application\/pdf","content-version":"vor","intended-application":"text-mining"},{"URL":"https:\/\/revistas.ucc.edu.co\/index.php\/di\/article\/download\/5141\/3923","content-type":"unspecified","content-version":"vor","intended-application":"similarity-checking"}],"deposited":{"date-parts":[[2026,6,9]],"date-time":"2026-06-09T21:26:45Z","timestamp":1781040405000},"score":0.0,"resource":{"primary":{"URL":"https:\/\/revistas.ucc.edu.co\/index.php\/di\/article\/view\/5141"}},"issued":{"date-parts":[[2026,1,13]]},"references-count":17,"journal-issue":{"issue":"1","published-online":{"date-parts":[[2025,12,5]]}},"URL":"https:\/\/doi.org\/10.16925\/2357-5891.2026.01.01","ISSN":["2357-5891","0124-7255"],"issn-type":[{"value":"2357-5891","type":"electronic"},{"value":"0124-7255","type":"print"}],"published":{"date-parts":[[2026,1,13]]}},{"indexed":{"date-parts":[[2022,4,5]],"date-time":"2022-04-05T15:52:06Z","timestamp":1649173926377},"reference-count":0,"publisher":"Universidad Cooperativa de Colombia- UCC","issue":"119","license":[{"start":{"date-parts":[[2021,5,4]],"date-time":"2021-05-04T00:00:00Z","timestamp":1620086400000},"content-version":"unspecified","delay-in-days":0,"URL":"http:\/\/creativecommons.org\/licenses\/by-nc-nd\/4.0"}],"content-domain":{"domain":[],"crossmark-restriction":false},"short-container-title":["Coop. Desarro."],"abstract":"<jats:p>El prop\u00f3sito central de este trabajo es presentar una propuesta de estrategias de desarrollo nacional y local, orientada a contribuir al mejoramiento de los desfavorables indicadores sociales, econ\u00f3micos y ambientales, que se presentan en el contexto colombiano. La metodolog\u00eda es de tipo propositiva, por cuanto parte de un diagn\u00f3stico de la situaci\u00f3n social, econ\u00f3mica y ambiental nacional y local, que permite el dise\u00f1o de la propuesta con \u00e9nfasis en la \u00e9tica, sustentada en los principios de verdad, justicia, bondad, cooperaci\u00f3n, solidaridad y responsabilidad. Entre los principales resultados se encuentra que, los planes de desarrollo nacional, departamental y municipal son insuficientes para reducir las estad\u00edsticas negativas en materia de convivencia, econom\u00eda y sostenibilidad, y, para contener la criminalidad, aunque permiten a los gobiernos alcanzar metas. Una importante conclusi\u00f3n es que, esta propuesta es una opci\u00f3n viable, puesto que contiene los principios fundamentales para lograr una sociedad sostenible, a pesar de las diferencias de los seres humanos y porque est\u00e1 dise\u00f1ada para llegar a todos los sectores sociales y contribuir a renovar la manera de pensar individual y el imaginario colectivo que desestima los principios mencionados en el siglo XXI.<\/jats:p>","DOI":"10.16925\/2382-4220.2021.01.07","type":"journal-article","created":{"date-parts":[[2021,10,21]],"date-time":"2021-10-21T23:12:52Z","timestamp":1634857972000},"page":"1-16","source":"Crossref","is-referenced-by-count":0,"title":["Estrategias para el desarrollo nacional y local"],"prefix":"10.16925","volume":"29","author":[{"given":"Jhon William","family":"Pinedo L\u00f3pez","sequence":"first","affiliation":[],"role":[{"role":"author","vocabulary":"crossref"}]}],"member":"6711","published-online":{"date-parts":[[2021,5,4]]},"container-title":["Cooperativismo &amp; Desarrollo"],"link":[{"URL":"https:\/\/revistas.ucc.edu.co\/index.php\/co\/article\/download\/3710\/3199","content-type":"application\/pdf","content-version":"vor","intended-application":"text-mining"},{"URL":"https:\/\/revistas.ucc.edu.co\/index.php\/co\/article\/download\/3710\/3199","content-type":"unspecified","content-version":"vor","intended-application":"similarity-checking"}],"deposited":{"date-parts":[[2021,10,21]],"date-time":"2021-10-21T23:12:53Z","timestamp":1634857973000},"score":0.0,"resource":{"primary":{"URL":"https:\/\/revistas.ucc.edu.co\/index.php\/co\/article\/view\/3710"}},"subtitle":["Una propuesta de gesti\u00f3n p\u00fablica con enfoque desde la \u00e9tica"],"issued":{"date-parts":[[2021,5,4]]},"references-count":0,"journal-issue":{"issue":"119","published-online":{"date-parts":[[2021,10,21]]}},"URL":"https:\/\/doi.org\/10.16925\/2382-4220.2021.01.07","ISSN":["2382-4220","0120-7180"],"issn-type":[{"value":"2382-4220","type":"electronic"},{"value":"0120-7180","type":"print"}],"published":{"date-parts":[[2021,5,4]]}},{"indexed":{"date-parts":[[2024,8,6]],"date-time":"2024-08-06T18:54:02Z","timestamp":1722970442368},"reference-count":0,"publisher":"Ediciones Universidad Cooperativa de Colombia","content-domain":{"domain":[],"crossmark-restriction":false},"abstract":"<jats:p>La deserci\u00f3n universitaria como realidad que se ha incrementado por m\u00faltiples causas involucra una mirada integradora desde lo acad\u00e9mico, as\u00ed como las distintas maneras de posibilitar al que est\u00e9 tentado a dejar de lado sus estudios para adquirir las herramientas necesarias para no sucumbir. Desde la logoterapia, se propone la formaci\u00f3n en la b\u00fasqueda de sentido o sentido de vida como elemento fundamental en la educaci\u00f3n de quien se prepara en la universidad. Constituir razones de sentido desde lo personal, acompa\u00f1ado del ejemplo de quien educa, ayuda enormemente a nutrir la decisi\u00f3n de tener una profesi\u00f3n y evita el costo social que trae abandonar la vida universitaria.<\/jats:p>","DOI":"10.16925\/gclc.29","type":"report","created":{"date-parts":[[2022,11,16]],"date-time":"2022-11-16T21:11:41Z","timestamp":1668633101000},"source":"Crossref","is-referenced-by-count":0,"title":["Una mirada con sentido al problema de la deserci\u00f3n universitaria"],"prefix":"10.16925","author":[{"name":"Universidad Cooperativa de Colombia","sequence":"first","affiliation":[],"role":[{"role":"author","vocabulary":"crossref"}]},{"given":"Paola Andrea","family":"Rueda Rodr\u00edguez","sequence":"first","affiliation":[],"role":[{"role":"author","vocabulary":"crossref"}]}],"member":"6711","published-online":{"date-parts":[[2022,11]]},"deposited":{"date-parts":[[2022,11,16]],"date-time":"2022-11-16T21:11:45Z","timestamp":1668633105000},"score":0.0,"resource":{"primary":{"URL":"https:\/\/repository.ucc.edu.co\/handle\/20.500.12494\/47081"}},"issued":{"date-parts":[[2022,11]]},"references-count":0,"URL":"https:\/\/doi.org\/10.16925\/gclc.29","published":{"date-parts":[[2022,11]]}},{"indexed":{"date-parts":[[2025,1,29]],"date-time":"2025-01-29T05:48:55Z","timestamp":1738129735408,"version":"3.33.0"},"reference-count":0,"publisher":"Ediciones Universidad Cooperativa de Colombia","content-domain":{"domain":[],"crossmark-restriction":false},"abstract":"<jats:p>Esta nota de clase aborda la importancia del an\u00e1lisis costo-volumen-utilidad (CVU), como una herramienta esencial para la toma de decisiones estrat\u00e9gicas en el \u00e1mbito empresarial. Destaca la relaci\u00f3n intr\u00ednseca entre costos, volumen de producci\u00f3n y utilidades, resaltando c\u00f3mo este an\u00e1lisis proporciona informaci\u00f3n valiosa para la gesti\u00f3n financiera y la planificaci\u00f3n a corto y largo plazo. El CVU se presenta como un enfoque din\u00e1mico que va m\u00e1s all\u00e1 de la mera contabilidad, ofreciendo una visi\u00f3n integral de c\u00f3mo las variaciones en los costos y los vol\u00famenes de producci\u00f3n afectan directamente las utilidades de una empresa. Se explora la determinaci\u00f3n del punto de equilibrio, en el que los ingresos igualan los costos y se subraya su relevancia como referencia para evaluar la rentabilidad y establecer metas realistas. Adem\u00e1s, esta nota de clase proporciona ejemplos pr\u00e1cticos de aplicaci\u00f3n del CVU en diferentes escenarios empresariales, desde la fijaci\u00f3n de precios \u00f3ptimos hasta la evaluaci\u00f3n de la sensibilidad de las utilidades ante cambios en el volumen de ventas; asimismo, se destaca c\u00f3mo este an\u00e1lisis se convierte en una herramienta predictiva esencial. Se enfatiza la necesidad de adaptar estrategias en funci\u00f3n de los hallazgos del CVU para maximizar los m\u00e1rgenes de utilidad y mitigar riesgos financieros. El an\u00e1lisis costo-volumen-utilidad emerge como un pilar fundamental para la gesti\u00f3n financiera y la toma de decisiones estrat\u00e9gicas en el entorno empresarial. Su capacidad para proporcionar una visi\u00f3n cuantitativa y proactiva de los costos y las utilidades le posiciona al CVU una herramienta indispensable para la sostenibilidad y el crecimiento de las organizaciones en un mercado din\u00e1mico y competitivo.<\/jats:p>","DOI":"10.16925\/gcnc.89","type":"report","created":{"date-parts":[[2025,1,28]],"date-time":"2025-01-28T17:44:42Z","timestamp":1738086282000},"source":"Crossref","is-referenced-by-count":0,"title":["An\u00e1lisis costo-volumen utilidad: desentra\u00f1ando el \u00e9xito financiero"],"prefix":"10.16925","author":[{"name":"Universidad Cooperativa de Colombia","sequence":"first","affiliation":[],"role":[{"role":"author","vocabulary":"crossref"}]},{"given":"Oscar Ren\u00e9","family":"Carvajal Torres","sequence":"first","affiliation":[],"role":[{"role":"author","vocabulary":"crossref"}]}],"member":"6711","published-online":{"date-parts":[[2024,3]]},"deposited":{"date-parts":[[2025,1,28]],"date-time":"2025-01-28T17:44:43Z","timestamp":1738086283000},"score":0.0,"resource":{"primary":{"URL":"https:\/\/repository.ucc.edu.co\/entities\/publication\/e2cde638-a14e-40ad-b9ce-7793f74c60d7"}},"issued":{"date-parts":[[2024,3]]},"references-count":0,"URL":"https:\/\/doi.org\/10.16925\/gcnc.89","published":{"date-parts":[[2024,3]]}},{"indexed":{"date-parts":[[2022,4,4]],"date-time":"2022-04-04T20:09:52Z","timestamp":1649102992792},"reference-count":0,"publisher":"Universidad Cooperativa de Colombia- UCC","issue":"119","license":[{"start":{"date-parts":[[2021,4,12]],"date-time":"2021-04-12T00:00:00Z","timestamp":1618185600000},"content-version":"unspecified","delay-in-days":0,"URL":"http:\/\/creativecommons.org\/licenses\/by-nc-nd\/4.0"}],"content-domain":{"domain":[],"crossmark-restriction":false},"short-container-title":["Coop. Desarro."],"abstract":"<jats:p>El cooperativismo argentino en sus distintos subtipos y clasificaciones, a lo largo de la historia argentina, asumi\u00f3 nuevas y diversas funciones socioecon\u00f3micas; varias de las modalidades funcionales en muchos casos se vincularon a las din\u00e1micas econ\u00f3micas contextuales y a las posibilidades y oportunidades que se abrieron a estas organizaciones en cada coyuntura de la historia econ\u00f3mico-social. n este sentido, el presente escrito propone analizar las reconfiguraciones que transit\u00f3, espec\u00edficamente, el cooperativismo de trabajo en cuanto a sus funciones y actividades, desde 1989 hasta 2015, a la luz de las transformaciones de la econom\u00eda pol\u00edtica de la Argentina. De este modo, este art\u00edculo se propone demostrar las repercusiones de los distintos modelos de acumulaci\u00f3n y marcos contextuales, a nivel nacional, en las funciones que asumen organizaciones territoriales de escala local, como las cooperativas. Esto, a partir del abordaje de un estudio de caso: las cooperativas de trabajo en Villa Mar\u00eda, provincia de C\u00f3rdoba. Para este prop\u00f3sito, la metodolog\u00eda utilizada fue el relevamiento de bibliograf\u00eda especializada, el an\u00e1lisis documental de diarios, leyes nacionales, documentos oficiales del Instituto Nacional de Asociativismo y Econom\u00eda Social de la Argentina (Inaes)[1] y la sistematizaci\u00f3n y construcci\u00f3n de informaci\u00f3n a partir de datos provistos por el municipio de Villa Mar\u00eda, federaciones y confederaciones de cooperativas de trabajo de la Rep\u00fablica Argentina. Se concluye que las cooperativas de trabajo transformaron sus modalidades funcionales a partir de los cambios en los distintos modelos de acumulaci\u00f3n en Argentina, a lo largo de los a\u00f1os analizados.<\/jats:p>","DOI":"10.16925\/2382-4220.2021.01.04","type":"journal-article","created":{"date-parts":[[2021,10,21]],"date-time":"2021-10-21T17:22:42Z","timestamp":1634836962000},"page":"1-28","source":"Crossref","is-referenced-by-count":0,"title":["Las funciones del cooperativismo en los diferentes marcos contextuales"],"prefix":"10.16925","volume":"29","author":[{"given":"Aim\u00e9","family":"Aminahuel","sequence":"first","affiliation":[],"role":[{"role":"author","vocabulary":"crossref"}]}],"member":"6711","published-online":{"date-parts":[[2021,4,12]]},"container-title":["Cooperativismo &amp; Desarrollo"],"link":[{"URL":"https:\/\/revistas.ucc.edu.co\/index.php\/co\/article\/download\/3698\/3198","content-type":"application\/pdf","content-version":"vor","intended-application":"text-mining"},{"URL":"https:\/\/revistas.ucc.edu.co\/index.php\/co\/article\/download\/3698\/3198","content-type":"unspecified","content-version":"vor","intended-application":"similarity-checking"}],"deposited":{"date-parts":[[2021,10,21]],"date-time":"2021-10-21T17:22:42Z","timestamp":1634836962000},"score":0.0,"resource":{"primary":{"URL":"https:\/\/revistas.ucc.edu.co\/index.php\/co\/article\/view\/3698"}},"subtitle":["An\u00e1lisis del sector cooperativo de trabajo en Villa Mar\u00eda, provincia de C\u00f3rdoba, Argentina (1989-2015)"],"issued":{"date-parts":[[2021,4,12]]},"references-count":0,"journal-issue":{"issue":"119","published-online":{"date-parts":[[2021,10,21]]}},"URL":"https:\/\/doi.org\/10.16925\/2382-4220.2021.01.04","ISSN":["2382-4220","0120-7180"],"issn-type":[{"value":"2382-4220","type":"electronic"},{"value":"0120-7180","type":"print"}],"published":{"date-parts":[[2021,4,12]]}},{"indexed":{"date-parts":[[2026,1,14]],"date-time":"2026-01-14T22:34:42Z","timestamp":1768430082610,"version":"3.49.0"},"reference-count":0,"publisher":"Universidad Cooperativa de Colombia- UCC","issue":"18","content-domain":{"domain":[],"crossmark-restriction":false},"short-container-title":["Pensando Psicol."],"abstract":"<jats:p>Introducci\u00f3n: el estr\u00e9s es una problem\u00e1tica que tambi\u00e9n alcanza a los ni\u00f1os. Se manifiesta en ellos a trav\u00e9s de un conjunto de reacciones, tanto a nivel biol\u00f3gico como psicol\u00f3gico, ante situaciones que sienten incontrolables. En la infancia, los ni\u00f1os tienen que poner en pr\u00e1ctica distintas estrategias de afrontamiento y esfuerzos cognitivos-comportamentales, con el fin de sobrellevar los cambios propios de la etapa. Objetivos: indagar las estrategias de afrontamiento utilizadas por un grupo de ni\u00f1os de ambos sexos, de la ciudad de San Luis, Argentina, as\u00ed como detectar relaciones entre las estrategias de afrontamiento, el sexo y el nivel de estr\u00e9s vivenciado. Metodolog\u00eda: la muestra fue no probabil\u00edstica-intencional conformada por 106 ni\u00f1os (entre los 8 y 12 a\u00f1os), los cuales concurr\u00edan a dos establecimientos educativos de la ciudad. Se aplicaron el Inventario Infantil de Estresores Cotidianos, y el Cuestionario de Estrategias Situacionales de Afrontamiento en ni\u00f1os y ni\u00f1as. Resultados y discusi\u00f3n: las estrategias de afrontamiento m\u00e1s utilizadas fueron las de tipo activas (tales como b\u00fasqueda de informaci\u00f3n y de apoyo) y emocionales para reducir el estr\u00e9s. Se encontraron diferencias en la utilizaci\u00f3n de estrategias de afrontamiento, en relaci\u00f3n con el sexo y a nivel de estr\u00e9s vivenciado por los ni\u00f1os.<\/jats:p>","DOI":"10.16925\/pe.v11i18.1222","type":"journal-article","created":{"date-parts":[[2016,2,2]],"date-time":"2016-02-02T23:14:41Z","timestamp":1454454881000},"page":"97-106","source":"Crossref","is-referenced-by-count":2,"title":["Estrategias de afrontamiento y estr\u00e9s en un grupo de ni\u00f1os de la ciudad de San Luis (Argentina)"],"prefix":"10.16925","volume":"11","author":[{"given":"Gisela Anah\u00ed","family":"Arrieta","sequence":"first","affiliation":[],"role":[{"role":"author","vocabulary":"crossref"}]},{"given":"Graciela","family":"Baldi-L\u00f3pez","sequence":"additional","affiliation":[],"role":[{"role":"author","vocabulary":"crossref"}]},{"given":"Susana","family":"Albanesi de Nasetta","sequence":"additional","affiliation":[],"role":[{"role":"author","vocabulary":"crossref"}]}],"member":"6711","published-online":{"date-parts":[[2015,12,15]]},"container-title":["Pensando Psicolog\u00eda"],"link":[{"URL":"https:\/\/revistas.ucc.edu.co\/index.php\/pe\/article\/download\/1222\/1543","content-type":"application\/pdf","content-version":"vor","intended-application":"text-mining"},{"URL":"https:\/\/revistas.ucc.edu.co\/index.php\/pe\/article\/download\/1222\/1543","content-type":"unspecified","content-version":"vor","intended-application":"similarity-checking"}],"deposited":{"date-parts":[[2020,8,29]],"date-time":"2020-08-29T06:52:18Z","timestamp":1598683938000},"score":0.0,"resource":{"primary":{"URL":"https:\/\/revistas.ucc.edu.co\/index.php\/pe\/article\/view\/1222"}},"issued":{"date-parts":[[2015,12,15]]},"references-count":0,"journal-issue":{"issue":"18","published-online":{"date-parts":[[2015,12,15]]}},"URL":"https:\/\/doi.org\/10.16925\/pe.v11i18.1222","ISSN":["2382-3984","1900-3099"],"issn-type":[{"value":"2382-3984","type":"electronic"},{"value":"1900-3099","type":"print"}],"published":{"date-parts":[[2015,12,15]]}},{"indexed":{"date-parts":[[2022,4,1]],"date-time":"2022-04-01T00:42:26Z","timestamp":1648773746901},"reference-count":0,"publisher":"Universidad Cooperativa de Colombia- UCC","issue":"21","content-domain":{"domain":[],"crossmark-restriction":false},"short-container-title":["Dixi"],"abstract":"<jats:p>La situaci\u00f3n econ\u00f3mica en ciertas regiones est\u00e1 propiciando el trabajo infantil como apoyo a la cadena productiva familiar. La mayor\u00eda de estudios realizados presentan las estad\u00edsticas de lo encontrado a nivel urbano, de manera que lo rural queda por fuera de los indicadores a ese respecto. Sin embargo, un estudio realizado a una comunidad rural en Santander (Colombia), revel\u00f3 que el trabajo infantil que desempe\u00f1an los infanto-j\u00f3venes est\u00e1 incidiendo en el desempe\u00f1o escolar y en la deserci\u00f3n de los procesos de formaci\u00f3n para toda la vida. Partiendo de los resultados de este estudio se dise\u00f1aron las estrategias para minimizar las consecuencias del trabajo infantil. Como resultado, se presentan las iniciativas que pueden ofrecerse a la comunidad acad\u00e9mica y a la sociedad a fin de mitigar los impactos negativos ocasionados por el trabajo infantil. De igual forma, se plantea c\u00f3mo es necesario para la academia hacer ajustes al curr\u00edculo con la incorporaci\u00f3n de nuevas estrategias pedag\u00f3gicas, fundamentadas en el aprendizaje basado en problemas, el trabajo colaborativo y la creaci\u00f3n de programas abiertos y a distancia. Por su parte, para la sociedad se proponen los talleres de sensibilizaci\u00f3n.\u00a0\u00a0<\/jats:p>","DOI":"10.16925\/di.v17i21.981","type":"journal-article","created":{"date-parts":[[2015,8,6]],"date-time":"2015-08-06T12:19:54Z","timestamp":1438863594000},"source":"Crossref","is-referenced-by-count":0,"title":["Estrategias para mitigar impactos negativos del trabajo infantil"],"prefix":"10.16925","volume":"17","author":[{"given":"Maria Fernanda","family":"Serrano-Guzm\u00e1n","sequence":"first","affiliation":[],"role":[{"role":"author","vocabulary":"crossref"}]},{"given":"Monica Natalia","family":"Serrano-Guzm\u00e1n","sequence":"additional","affiliation":[],"role":[{"role":"author","vocabulary":"crossref"}]},{"given":"Marisol","family":"Mesa-Rivera","sequence":"additional","affiliation":[],"role":[{"role":"author","vocabulary":"crossref"}]},{"given":"Marina del Mar","family":"Marmol-Rios","sequence":"additional","affiliation":[],"role":[{"role":"author","vocabulary":"crossref"}]}],"member":"6711","published-online":{"date-parts":[[2015,6,1]]},"container-title":["DIXI"],"link":[{"URL":"https:\/\/revistas.ucc.edu.co\/index.php\/di\/article\/download\/981\/1141","content-type":"application\/pdf","content-version":"vor","intended-application":"text-mining"},{"URL":"https:\/\/revistas.ucc.edu.co\/index.php\/di\/article\/download\/981\/1141","content-type":"unspecified","content-version":"vor","intended-application":"similarity-checking"}],"deposited":{"date-parts":[[2020,8,24]],"date-time":"2020-08-24T09:10:27Z","timestamp":1598260227000},"score":0.0,"resource":{"primary":{"URL":"https:\/\/revistas.ucc.edu.co\/index.php\/di\/article\/view\/981"}},"issued":{"date-parts":[[2015,6,1]]},"references-count":0,"journal-issue":{"issue":"21","published-online":{"date-parts":[[2015,6,1]]}},"URL":"https:\/\/doi.org\/10.16925\/di.v17i21.981","ISSN":["2357-5891","0124-7255"],"issn-type":[{"value":"2357-5891","type":"electronic"},{"value":"0124-7255","type":"print"}],"published":{"date-parts":[[2015,6,1]]}},{"indexed":{"date-parts":[[2022,4,1]],"date-time":"2022-04-01T16:16:17Z","timestamp":1648829777651},"reference-count":38,"publisher":"Universidad Cooperativa de Colombia- UCC","issue":"25","license":[{"start":{"date-parts":[[2018,5,1]],"date-time":"2018-05-01T00:00:00Z","timestamp":1525132800000},"content-version":"unspecified","delay-in-days":0,"URL":"http:\/\/creativecommons.org\/licenses\/by-nc-nd\/4.0\/"}],"content-domain":{"domain":[],"crossmark-restriction":false},"short-container-title":["ing. Solidar"],"abstract":"<jats:p>Introduction: The present research was conducted at Sikha \u2018O\u2019 Anusandan (deemed to be University) in 2017. Telemedicine application in the field of medicine creates a new age. Accordingly, it requires technology to be compatible. Easy access and fast processing are the major focuses in different applications. In this paper, an approach has been considered to diagnose heart diseases.Methods: The model is designed using fuzzy logic in which the rule-based principle is applied to satisfy the objective. The model is developed keeping a view over the multi-agent system. The diagnosis of the patient is performed using Fuzzy Inference System (fis).Results: The pathological test results will help to form the rules of the model and can work for the diagnosis in a convenient way. Furthermore, the results of detection are communicated through Internet and sms for monitoring and post care purpose of supporting IoT application.Conclusion: The simulated result shows its performance can be helpful to physicians as well as patients from remote places.Originality: The model is proposed for disease detection and monitoring patients on remote locations. Also, distributed agents are proposed to act on a common platform using Internet for the benefit of society. This will save time for physicians and travelling costs for the patient.Limitations: The research results can be practically implemented in new medical equipment for hospitals with earlier equipment.<\/jats:p>","DOI":"10.16925\/.v14i0.2227","type":"journal-article","created":{"date-parts":[[2018,8,31]],"date-time":"2018-08-31T14:09:47Z","timestamp":1535724587000},"page":"1-12","source":"Crossref","is-referenced-by-count":0,"title":["An Intelligent Approach Based Embedded System Design For Telemedicine Application"],"prefix":"10.16925","volume":"14","author":[{"given":"Mihir","family":"Narayan Mohanty","sequence":"first","affiliation":[],"role":[{"role":"author","vocabulary":"crossref"}]}],"member":"6711","published-online":{"date-parts":[[2018,5,1]]},"reference":[{"key":"63591","doi-asserted-by":"crossref","unstructured":"[1] H.D Lee, A.Rabbi, J.Choi, and R.F,Rezai, \u201cDevelopment of a Mobile Phone Based e-Health Monitoring Application,\u201d International Journal of Advanced Computer Science and Applications, vol. 3, no. 3, pp. 8-43,2012 (DOI):10.14569\/IJACSA.2012.030307 http:\/\/thesai.org\/Publications\/ViewPaper?Volume=3&Issue=3&Code=IJACSA&SerialNo=7","DOI":"10.14569\/IJACSA.2012.030307"},{"key":"63592","doi-asserted-by":"crossref","unstructured":"[2] J.C Su, \u201cMobile multi-agent based, distributed information platform (MADIP) for wide-area e-health monitoring\u201d, Computers in Industry, vol. 59, pp: 55\u201368, 2008. https:\/\/doi.org\/10.1016\/j.compind.2007.06.001","DOI":"10.1016\/j.compind.2007.06.001"},{"key":"63593","doi-asserted-by":"crossref","unstructured":"[3] N. Benhajji, D.Roy, and D. Anciaux, \u201cPatient-centered multi agent system for health care\u201d,IFAC-Papers On Line, vol. 48, no. 3, pp: 710\u2013714, 2015. https:\/\/doi.org\/10.1016\/j.ifacol.2015.06.166","DOI":"10.1016\/j.ifacol.2015.06.166"},{"key":"63594","doi-asserted-by":"crossref","unstructured":"[4] G. B. Silverman,N. Hanrahan, G. Bharathy, K. Gordon K, and D. Johnson, \u201cA systems approach to healthcare: Agent-based modeling,community mental health, and population well-being\u201d, Artificial Intelligence in Medicine,vol. 63, pp. 61\u201371, 2015. https:\/\/doi.org\/10.1016\/j.artmed.2014.08.006","DOI":"10.1016\/j.artmed.2014.08.006"},{"key":"63595","doi-asserted-by":"crossref","unstructured":"[5] H. O. Al-Sakran, \u201cFramework architecture for improving healthcare information systems using agent technology\u201d, International Journal of Managing Information Technology,vol.7, no.1, pp. 17-31,February2015. DOI : 10.5121\/ijmit.2015.7102","DOI":"10.5121\/ijmit.2015.7102"},{"key":"63596","doi-asserted-by":"crossref","unstructured":"[6] K. AlSharqi, A. Abdelbari,,A. Abou-Elnour, and M. Tarique M, \u201cZigbee based wearable remote healthcare monitoring system for elderly patients\u201d International Journal of Wireless & Mobile Networks (IJWMN), 2014; June, Vol. 6, No. 3, pp-53-67. DOI : 10.5121\/ijwmn.2014.6304","DOI":"10.5121\/ijwmn.2014.6304"},{"key":"63597","doi-asserted-by":"crossref","unstructured":"[7] M.N Mohanty, \u201cAn Efficient Design for Low Cost Cardiac-Monitoring System\u201d, Adv. Science Letters, vol.22, Iss. 2, pp. 349-353,2016. https:\/\/doi.org\/10.1166\/asl.2016.6854","DOI":"10.1166\/asl.2016.6854"},{"key":"63598","doi-asserted-by":"crossref","unstructured":"[8] S.S Biswal, M.N Mohanty, B.Sahu, and S. Das, \u201cUnconscious State Analysis Using Intelligent Signal Processing Techniques\u201d, Adv. Science Letters, vol.22, Iss. 2, pp. 314-318,2016. https:\/\/doi.org\/10.1166\/asl.2016.6856","DOI":"10.1166\/asl.2016.6856"},{"key":"63599","doi-asserted-by":"crossref","unstructured":"[9] A. Das, S. S.Biswal,S. Shalinee, and M. N.Mohanty, \u201cDesign of Telemedicine System for Brain Signal Analysis\u201d, IJTMCP, Inder Sc. Pub., vol.1, no. 3,2016. https:\/\/doi.org\/10.1504\/IJTMCP.2016.077918","DOI":"10.1504\/IJTMCP.2016.077918"},{"key":"63600","unstructured":"[10] M. Singh, M. N.Mohanty, and R.N.D Choudhury, \u201cAn Embedded Design for Patient Monitoring and Telemedicine\u201d, Int. Journal of Electrical, Electronics & Computer Engineering\u201d, vol. 2, no. 2, pp. 66-71, 2013. http:\/\/citeseerx.ist.psu.edu\/viewdoc\/download?doi=10.1.1.668.3590&rep=rep1&type=pdf"},{"key":"63601","unstructured":"[11] C. SDevi, G. G Ramani,andJ.A Pandian, \u201cIntelligent E-Healthcare Management System in Medicinal Science\u201d, International Journal of PharmTech Research, vol. 6, no.6, pp. 1838-1845,Oct-Nov. 2014. http:\/\/www.sphinxsai.com\/2014\/ph_vol6_no6\/2\/(1838-1845)%20014.pdf"},{"key":"63602","unstructured":"[12] E. E Elavathingal, and T.K Sethuramalingam, \u201cA Survey of E-Healthcare Systems Using Wearable Devices and Medical Sensor Networks\u201d, Karpagam journal of engineering research (KJER),vol1,no.1Iss.1,2014.https:\/\/www.researchgate.net\/profile\/Ebin_Elavathingal\/publication\/271832274_A_Survey_of_EHealthcare_Systems_Using_Wearable_Devices_and_Medical_Sensor_Networks\/links\/54d308980cf2b0c6146ca01b.pdf"},{"key":"63603","unstructured":"[13] S.Tupe, and N. P.Kulkarni, \u201cECA: Evolutionary Computing Algorithm for E-Healthcare Information System\u201d, SPPU, Pune iPGCON-2015. http:\/\/spvryan.org\/splissue\/ipgcon\/063.pdf"},{"key":"63604","unstructured":"[14] S.A. Hannan, A.V Mane, R. R.Manza,and R. J. Ramteke, \u201cPrediction of heart disease medical prescription using radial basis function\u201d,978-1-4244-5967-4\/10\/$26.00 \u00a9 IEEE, 2010."},{"key":"63605","doi-asserted-by":"crossref","unstructured":"DOI: 10.1109\/ICCIC.2010.5705900","DOI":"10.1109\/ICCIC.2010.5705900"},{"key":"63606","unstructured":"[15] M. Shouman, T. Turner, andR. Stocker, \u201cUsing Decision Tree for Diagnosing Heart Disease Patients\u201d,Conferences in Research and Practice in Information Technology (CRPIT),vol. 121, pp. 23-29,2011. http:\/\/crpit.com\/confpapers\/CRPITV121Shouman.pdf"},{"key":"63607","doi-asserted-by":"crossref","unstructured":"[16] M.Shouman, T. Turner, and R. Stocker, \u201cApplying k-Nearest Neighbour in Diagnosing Heart Disease Patients\u201d, International Journal of Information and Education Technology,vol. 2, no. 3, pp. 220-223, June 2012. 10.18178\/IJIET","DOI":"10.7763\/IJIET.2012.V2.114"},{"key":"63608","doi-asserted-by":"crossref","unstructured":"[17] D Mandal,I. M Chattopadhyay, and SMishra, \u201cA Low Cost Non-invasive Digital Signal Processor Based (TMS320C6713) Heart Diagnosis System\u201d, 1st Int\u2019l Conf. on Recent Advances in Information Technology, RAIT-2012. DOI: 10.1109\/RAIT.2012.6194535","DOI":"10.1109\/RAIT.2012.6194535"},{"key":"63609","unstructured":"[18] B. Venkatalakshmi, and M.VShivsankar, \u201cHeart Disease Diagnosis Using Predictive Data mining\u201dInternational Journal of Innovative Research in Science, Engineering and Technology, vol. 3, Special Iss. 3, pp. 1873-1877, March 2014. 10.15680\/IJIRSET"},{"key":"63610","doi-asserted-by":"crossref","unstructured":"[19] Z. F.Fitrilina, and H.,I. K. Kamil, \u201cPrototype Early Warning System for Heart Disease Detection UsingAndroid Application\u201d, 978-1-4244-7929-0\/14\/$26.00 \u00a92014, IEEE, pp. 3468-3471, 2014. DOI: 10.1109\/EMBC.2014.6944369","DOI":"10.1109\/EMBC.2014.6944369"},{"key":"63611","doi-asserted-by":"crossref","unstructured":"[20] Q.A Rahman, L.G Tereshchenko, M.Kongkatong, T. M.Abraham, M.R Abraham, and H Shatkay, \u201cUtilizing ECG-Based Heartbeat Classification for Hypertrophic Cardiomyopathy Identification\u201d, IEEE transactions on nanobioscience, vol. 14, no. 5, pp. 505-512, July 2015.","DOI":"10.1109\/TNB.2015.2426213"},{"key":"63612","doi-asserted-by":"crossref","unstructured":"DOI: 10.1109\/TNB.2015.2426213","DOI":"10.1109\/TNB.2015.2426213"},{"key":"63613","unstructured":"[21] A. Forkan, I. Khalil, T.Z.Zahir, \u201cContext-aware Cardiac Monitoring for Early Detection of Heart Diseases\u201d, Computing in Cardiology; vol. 40, pp.277-280, 2013. http:\/\/ieeexplore.ieee.org\/document\/6712465\/"},{"key":"63614","doi-asserted-by":"crossref","unstructured":"[22] L.Sarangi, M.N. Mohanty and S. Patnaik\u201cDesign of MLP Based Model for Analysis of Patient Suffering from Influenza\u201d Proceedia Computer Science, Elsevier, 92, 2016; pp-396-403.","DOI":"10.1016\/j.procs.2016.07.396"},{"key":"63615","doi-asserted-by":"crossref","unstructured":"https:\/\/doi.org\/10.1016\/j.procs.2016.07.396","DOI":"10.1016\/j.procs.2016.07.396"},{"key":"63616","unstructured":"[23] L.Sarangi, M.N. Mohanty and S. Patnaik\u201cAn Intelligent Decision Support System for Cardiac Disease Detection\u201d International Journal of Control Theory and Applications, 8(5), 2015; pp. 2137-2143. http:\/\/www.serialsjournals.com\/serialjournalmanager\/pdf\/1460974653.pdf"},{"key":"63617","doi-asserted-by":"crossref","unstructured":"[24] L.Sarangi, M.N. Mohanty and S. Patnaik \u201cCritical Heart Condition Analysis through Diagnostic Agent of e-Healthcare System using Spectral Domain Transfom\u201d Indian Journal of Science & Technology, Vol 9(38) 2016; pp.1-6. DOI: 10.17485\/ijst\/2016\/v9i38\/101937","DOI":"10.17485\/ijst\/2016\/v9i38\/101937"},{"key":"63618","doi-asserted-by":"crossref","unstructured":"[25] Semwal, Vijay Bhaskar, PavanChakraborty, and Gora Chand Nandi. \"Less computationally intensive fuzzy logic (type-1)-based controller for humanoid push recovery.\" Robotics and Autonomous Systems 63 (2015): 122-135. https:\/\/doi.org\/10.1016\/j.robot.2014.09.001","DOI":"10.1016\/j.robot.2014.09.001"},{"key":"63619","unstructured":"[26] Kumari, Pinki, and AbhishekVaish. \"Information-theoretic measures on intrinsic mode function for the individual identification using EEG sensors.\" IEEE Sensors Journal 15.9 (2015): 4950-4960. https:\/\/doi.org\/10.101146\/j.procs.2016.07.396"},{"key":"63620","doi-asserted-by":"crossref","unstructured":"[27] Kumari, Pinki, and AbhishekVaish. \"Feature-level fusion of mental task\u2019s brain signal for an efficient identification system.\" Neural Computing and Applications 27.3 (2016): 659-669.","DOI":"10.1007\/s00521-015-1885-0"},{"key":"63621","doi-asserted-by":"crossref","unstructured":"https:\/\/doi.org\/10.1007\/s00521-015-1885-0","DOI":"10.1007\/s00521-015-1885-0"},{"key":"63622","unstructured":"[28] Maik Schmidt. Raspberry Pi. A Quick Start Guide. Dallas, Texas: The Pragmatic Bookshelf, (2012):11-42. 10.17485\/ijst\/2016\/v9i38\/101937"},{"key":"63623","doi-asserted-by":"crossref","unstructured":"[29] Perumal, T.; Sulaiman, M.N.; Mustapha, N.; Shahi, A.; Thinaharan, R., \"Proactive architecture for Internet of Things (IoTs) management in smart homes,\" IEEE 3rd Global Conference on Consumer Electronics (GCCE), 2014, vol., no., (Oct. 2014):16, 17. https:\/\/doi.org\/10.1016\/j.robot.2014.09.001","DOI":"10.1016\/j.robot.2014.09.001"},{"key":"63624","doi-asserted-by":"crossref","unstructured":"[30] Mo Guan; MinghaiGu, \"Design and implementation of an embedded web server based on ARM,\" IEEE International Conference on Software Engineering and Service Sciences(ICSESS), 2010, vol., no., (July 2010): 16-18. DOI: 10.1109\/ICINDMA.2010.5538305","DOI":"10.1109\/ICINDMA.2010.5538305"},{"key":"63625","doi-asserted-by":"crossref","unstructured":"[31] Hong-TaekJu, Mi-Joung Choi and James W. Hong \u201cAn efficient and light weight embedded Web server for Web-based networkelement management\u201dInternational Journal of Network Management, (Oct 2000): 261 \u2013 275. DOI: 10.1109\/NOMS.2000.830384","DOI":"10.1109\/NOMS.2000.830384"},{"key":"63626","unstructured":"[32] XBee-PRO RF Module. Digi Int. Inc., Hopkins, MN, USA.[Online]. Available: http:\/\/www.digi.com, accessed (Jun. 15, 2013)."},{"key":"63627","doi-asserted-by":"crossref","unstructured":"[33] IEEE Standard for Information Technology-Telecommunications and Information Exchange between Systems-Local and Metropolitan AreaNetworks, IEEE Standard 802.15.4-2003, (2003). DOI:10.1109\/IEEESTD.2003.94389","DOI":"10.1109\/IEEESTD.2003.94389"},{"key":"63628","unstructured":"[34] Rhydo Technologies, \"SIM900 GSM\/GPRS RS232 Modem \u2013 UserManual\", (Dec, 2011)."}],"container-title":["Ingenier\u00eda Solidaria"],"link":[{"URL":"https:\/\/revistas.ucc.edu.co\/index.php\/in\/article\/download\/2227\/2354","content-type":"application\/pdf","content-version":"vor","intended-application":"text-mining"},{"URL":"https:\/\/revistas.ucc.edu.co\/index.php\/in\/article\/download\/2227\/2519","content-type":"unspecified","content-version":"vor","intended-application":"text-mining"},{"URL":"https:\/\/revistas.ucc.edu.co\/index.php\/in\/article\/download\/2227\/2354","content-type":"unspecified","content-version":"vor","intended-application":"similarity-checking"}],"deposited":{"date-parts":[[2019,10,12]],"date-time":"2019-10-12T02:53:43Z","timestamp":1570848823000},"score":0.0,"resource":{"primary":{"URL":"https:\/\/revistas.ucc.edu.co\/index.php\/in\/article\/view\/2227"}},"issued":{"date-parts":[[2018,5,1]]},"references-count":38,"journal-issue":{"issue":"25","published-online":{"date-parts":[[2018,5,1]]}},"URL":"https:\/\/doi.org\/10.16925\/.v14i0.2227","ISSN":["2357-6014","1900-3102"],"issn-type":[{"value":"2357-6014","type":"electronic"},{"value":"1900-3102","type":"print"}],"published":{"date-parts":[[2018,5,1]]}},{"indexed":{"date-parts":[[2025,10,27]],"date-time":"2025-10-27T16:08:31Z","timestamp":1761581311589},"reference-count":0,"publisher":"Universidad Cooperativa de Colombia- UCC","issue":"20","license":[{"start":{"date-parts":[[2015,6,30]],"date-time":"2015-06-30T00:00:00Z","timestamp":1435622400000},"content-version":"unspecified","delay-in-days":0,"URL":"https:\/\/creativecommons.org\/licenses\/by-nc-nd\/4.0"}],"content-domain":{"domain":[],"crossmark-restriction":false},"short-container-title":["Rev. nac. odontol."],"abstract":"<jats:p>Introducci\u00f3n: la evidencia cient\u00edfica sugiere que el estr\u00e9s y los s\u00edntomas psicol\u00f3gicosdesempe\u00f1an un papel importante en las enfermedades. El objetivo del estudio fue investigar el\u00a0clicking en individuos con estr\u00e9s y diferentes s\u00edntomas psicopatol\u00f3gicos. M\u00e9todos: se compararon\u00a030 estudiantes universitarios que experimentaron clicking con 60 voluntarios sanos como controles.\u00a0Los participantes recibieron el pss-10 y scl-90-r en versiones espa\u00f1olas. Se calcularon los odds ratios (or) e ic al 95% para determinar el riesgo de estas variables para la presencia de clicking mediante regresi\u00f3n log\u00edstica. Resultados: el estr\u00e9s fue d\u00e9bilmente asociado con la ocurrencia de clicking(or = 1,35, ic al 95%: 0,46-3,95, p = 0,57). Ser un individuo con estr\u00e9s y depresi\u00f3n (or = 2,92, ic al 95%: 0,61-14,0, p = 0,16) y ansiedad (or = 2,80, ic al 95%: 0,69-11,31, p = 0,13) pudieran aumentar el riesgo de presentar clicking. Adem\u00e1s, la depresi\u00f3n (or = 7,00, ic al 95%: 0,66-74,28, p = 0,07) y\u00a0la ansiedad (or = 4,90, ic al 95%: 0,78-30,80, p = 0,07) ajustadas por s\u00edntomas de dolor parecen importantes para unos sujetos. El riesgo de clicking en estudiantes con comorbilidad de depresi\u00f3n y ansiedad y estr\u00e9s fue m\u00e1s alto (or = 2,11, ic al 95%: 0,40-11,15, p = 0,37). Por otra parte, existi\u00f3 un riesgo diferente cuando esta comorbilidad, estr\u00e9s y el s\u00edntoma de dolor estuvieron presentes(or= 4,30, ic al 95%: 0,35-51,90, p = 0,21).Conclusi\u00f3n: la depresi\u00f3n, la ansiedad, el estr\u00e9s y el dolor pudieran ser factores predictivos para el desarrollo de tdm como el clicking. En este sentido, la medici\u00f3n de esas condiciones debe ser una prioridad en estos pacientes.<\/jats:p>","DOI":"10.16925\/od.v11i20.764","type":"journal-article","created":{"date-parts":[[2015,5,19]],"date-time":"2015-05-19T20:57:21Z","timestamp":1432069041000},"source":"Crossref","is-referenced-by-count":1,"title":["Estr\u00e9s, s\u00edntomas psicopatol\u00f3gicos y riesgo de clicking en estudiantes universitarios: un estudio de casos y controles"],"prefix":"10.16925","volume":"11","author":[{"given":"Ana Cristina","family":"Mafla","sequence":"first","affiliation":[],"role":[{"role":"author","vocabulary":"crossref"}]},{"given":"Carlos Alberto","family":"Timar\u00e1n Delgado","sequence":"additional","affiliation":[],"role":[{"role":"author","vocabulary":"crossref"}]},{"given":"Carlos Eduardo","family":"Bastidas Eraso","sequence":"additional","affiliation":[],"role":[{"role":"author","vocabulary":"crossref"}]},{"given":"Diana Carolina","family":"Zambrano Mu\u00f1oz","sequence":"additional","affiliation":[],"role":[{"role":"author","vocabulary":"crossref"}]}],"member":"6711","published-online":{"date-parts":[[2015,6,30]]},"container-title":["Revista Nacional de Odontolog\u00eda"],"link":[{"URL":"https:\/\/revistas.ucc.edu.co\/index.php\/od\/article\/download\/764\/1084","content-type":"application\/pdf","content-version":"vor","intended-application":"text-mining"},{"URL":"https:\/\/revistas.ucc.edu.co\/index.php\/od\/article\/download\/764\/1084","content-type":"unspecified","content-version":"vor","intended-application":"similarity-checking"}],"deposited":{"date-parts":[[2020,8,29]],"date-time":"2020-08-29T08:13:25Z","timestamp":1598688805000},"score":0.0,"resource":{"primary":{"URL":"https:\/\/revistas.ucc.edu.co\/index.php\/od\/article\/view\/764"}},"issued":{"date-parts":[[2015,6,30]]},"references-count":0,"journal-issue":{"issue":"20","published-online":{"date-parts":[[2015,6,30]]}},"URL":"https:\/\/doi.org\/10.16925\/od.v11i20.764","ISSN":["2357-4607","1900-3080"],"issn-type":[{"value":"2357-4607","type":"electronic"},{"value":"1900-3080","type":"print"}],"published":{"date-parts":[[2015,6,30]]}},{"indexed":{"date-parts":[[2022,3,28]],"date-time":"2022-03-28T23:19:54Z","timestamp":1648509594615},"reference-count":0,"publisher":"Universidad Cooperativa de Colombia- UCC","issue":"114","content-domain":{"domain":[],"crossmark-restriction":false},"short-container-title":["Coop. Desarro."],"abstract":"<jats:p>O artigo pretende explicitar algumas das poss\u00edveis contribui\u00e7\u00f5es do Direito Cooperativo para uma an\u00e1lise integradados poss\u00edveis casos de conflito em mat\u00e9ria antitruste envolvendo cooperativas. Tem-se como hip\u00f3tese que, se porumladoexistepoucoconhecimentoedivulga\u00e7\u00e3osobreocooperativismonosetoracad\u00eamicon\u00e3oespecializado,n\u00e3oh\u00e1, por outro, qualquer incompatibilidade aprior\u00edstica entre os objetivos da conduta de coopera\u00e7\u00e3o cooperativista eos objetivos doDireitoConcorrencial.Ao contr\u00e1rio, a identifica\u00e7\u00e3o de par\u00e2metros estruturais doDireitoCooperativo esua recep\u00e7\u00e3o no ordenamento jur\u00eddico por meio de par\u00e2metros constitucionais destinados ao exerc\u00edcio da atividadecooperativista permitem estabelecer o di\u00e1logo das fontes com base na ideia de desenvolvimento, que n\u00e3o se limitaao significado de crescimento econ\u00f4mico. A t\u00edtulo de demonstra\u00e7\u00e3o, critica-se a jurisprud\u00eancia consolidada sobrea poss\u00edvel ilicitude concorrencial consistente em algumas pr\u00e1ticas no \u00e2mbito das cooperativas de sa\u00fade. Com basena doutrina e na legisla\u00e7\u00e3o, prop\u00f5e-se, a t\u00edtulo de demonstra\u00e7\u00e3o final, uma aplica\u00e7\u00e3o adaptada das v\u00e1lvulas deescape da lei que estrutura o Sistema Brasileiro de Defesa da Concorr\u00eancia (Lei n\u00b0 12.529\/2011).<\/jats:p>","DOI":"10.16925\/2382-4220.2019.01.12","type":"journal-article","created":{"date-parts":[[2020,2,23]],"date-time":"2020-02-23T16:46:51Z","timestamp":1582476411000},"page":"1-30","source":"Crossref","is-referenced-by-count":0,"title":["Direito cooperativo como lacuna na an\u00e1lise antitruste \u2013 o caso das cooperativas de sa\u00fade no Brasil"],"prefix":"10.16925","volume":"27","author":[{"given":"Ronaldo","family":"Gaudio","sequence":"first","affiliation":[],"role":[{"role":"author","vocabulary":"crossref"}]},{"given":"Enzo","family":"Baiocchi","sequence":"additional","affiliation":[],"role":[{"role":"author","vocabulary":"crossref"}]}],"member":"6711","published-online":{"date-parts":[[2019,4,5]]},"container-title":["Cooperativismo &amp; Desarrollo"],"link":[{"URL":"https:\/\/revistas.ucc.edu.co\/index.php\/co\/article\/download\/2709\/2681","content-type":"application\/pdf","content-version":"vor","intended-application":"text-mining"},{"URL":"https:\/\/revistas.ucc.edu.co\/index.php\/co\/article\/download\/2709\/2681","content-type":"unspecified","content-version":"vor","intended-application":"similarity-checking"}],"deposited":{"date-parts":[[2020,2,23]],"date-time":"2020-02-23T16:46:52Z","timestamp":1582476412000},"score":0.0,"resource":{"primary":{"URL":"https:\/\/revistas.ucc.edu.co\/index.php\/co\/article\/view\/2709"}},"issued":{"date-parts":[[2019,4,5]]},"references-count":0,"journal-issue":{"issue":"114","published-online":{"date-parts":[[2019,4,30]]}},"URL":"https:\/\/doi.org\/10.16925\/2382-4220.2019.01.12","ISSN":["2382-4220","0120-7180"],"issn-type":[{"value":"2382-4220","type":"electronic"},{"value":"0120-7180","type":"print"}],"published":{"date-parts":[[2019,4,5]]}},{"indexed":{"date-parts":[[2022,4,5]],"date-time":"2022-04-05T02:23:54Z","timestamp":1649125434875},"reference-count":25,"publisher":"Universidad Cooperativa de Colombia- UCC","issue":"2","content-domain":{"domain":[],"crossmark-restriction":false},"short-container-title":["ing. Solidar"],"abstract":"<jats:p>Introduction:This article is the product of the research \u201cSimulation level performance analysis of optical amplifiers for a DWDM XGS-PON network environment\u201d, supported by the Research Group in New Technologies in Telecommunications (GNTT) of the University of Cauca during 2019.&#x0D;\nProblem:For the implementation of XGS-PON optical network architectures, amplification processes are required. These generate power penalties that lead to the presence of non-linear phenomena, significantly degrading network performance.&#x0D;\nObjective:To analyze the performance of a DWDM \/ XGS-PON network architecture, respecting the power penalties generated by implementing different types of optical amplifiers in different amplification modes.&#x0D;\nMethodology:Compilation of relevant bibliography on long-range network architectures with symmetric speeds of 10 Gbps.&#x0D;\nResults:Not working in the ideal region of amplification affects the performance of a DWDM XGS-PON network, generating a migration of a linear to non-linear propagation regime, due to the presence of power penalties such as FWM.&#x0D;\nConclusion:With this investigation it is possible to determine which amplifier should be used according to the needs of the optical network, evaluating the different alternatives available in the market, depending on the cost, configuration and performance of the system.&#x0D;\nOriginality:A new research is carried out for the performance of DWDM XGS-PON state-of-the-art network architectures, regarding the incidence of non-linear propagation phenomena.&#x0D;\nRestrictions:In some cases, the simulation tool requires a high consumption of machine resources and processing time.<\/jats:p>","DOI":"10.16925\/2357-6014.2020.02.04","type":"journal-article","created":{"date-parts":[[2020,6,11]],"date-time":"2020-06-11T21:52:52Z","timestamp":1591912372000},"source":"Crossref","is-referenced-by-count":0,"title":["Performance of optical amplifiers with regard to the power penalties of a DWDM XGS-PON"],"prefix":"10.16925","volume":"16","author":[{"given":"Ana Mar\u00eda","family":"Marulanda Pungo","sequence":"first","affiliation":[],"role":[{"role":"author","vocabulary":"crossref"}]},{"given":"Paola Juliana","family":"Paredes Cer\u00f3n","sequence":"additional","affiliation":[],"role":[{"role":"author","vocabulary":"crossref"}]},{"given":"Gustavo Adolfo","family":"G\u00f3mez Agredo","sequence":"additional","affiliation":[],"role":[{"role":"author","vocabulary":"crossref"}]}],"member":"6711","published-online":{"date-parts":[[2020,2,17]]},"reference":[{"key":"81071","doi-asserted-by":"crossref","unstructured":"M. ul zaman, S. Iqbal y Isha, \"Performance analysis of EDFA amplifier for DWDM system,\" in 2014 International Conference on Computing for Sustainable Global Development (INDIACom), New Delhi, 2014, pp. 840-843. [Online]. doi: 10.1109\/IndiaCom.2014.6828081","DOI":"10.1109\/IndiaCom.2014.6828081"},{"key":"81072","unstructured":"J. F. Grijalba y G. A. G\u00f3mez, \u201cAn\u00e1lisis del Desempe\u00f1o de Formatos de Modulaci\u00f3n en Comunicaciones \u00d3pticas sobre Redes WDM,\u201d Universidad del Cauca, Tesis de pregrado, 2010, pp. 1-18. Available: Biblioteca Jose Mar\u00eda Serrano, Universidad del Cauca"},{"key":"81073","unstructured":"ITU-T Rec. G.697, Optical monitoring for dense wavelength division multiplexing systems, 2016, pp. 5-10. [Online]. Available: https:\/\/www.itu.int\/rec\/T-REC-G.697\/es"},{"key":"81074","unstructured":"R. Ramaswami y K. N. Sivajaran, Optical Networks. A pratical perspective, 3rd ed. San Francisco: Morgan Kaufmann Publishers, 2002, pp. 290-292. [Online]. Available: http:\/\/www.cesarkallas.net\/arquivos\/faculdade-pos\/TP319-redes-opticas\/Optical-Networks-3nd.pdf"},{"key":"81075","doi-asserted-by":"crossref","unstructured":"S. Singh, A. Singh, R.S. Kaler, \u201cPerformance evaluation of EDFA, RAMAN and SOA optical amplifier for WDM systems,\u201d Optik, vol. 124, no. 2, pp. 95-101, 2013. [Online]. doi: https:\/\/doi.org\/10.1016\/j.ijleo.2011.11.043","DOI":"10.1016\/j.ijleo.2011.11.043"},{"key":"81076","unstructured":"M. \u00c1. Y\u00e9pez Torres, \u201cSistemas l\u00e1ser con amplificadores semiconductores y de fibra \u00f3ptica,\u201d Universidad Nacional Aut\u00f3noma de M\u00e9xico, Tesis de pregrado, 2012, pp. 62-67. [Online]. Available: http:\/\/www.ptolomeo.unam.mx:8080\/xmlui\/"},{"key":"81077","unstructured":"ITU-T Rec. G.661, Definitions and test methods for the relevant generic parameters of optical amplifier devices and subsystems, 2007, pp. 18-20. [Online]. Available: https:\/\/www.itu.int\/rec\/T-REC-G.661\/es"},{"key":"81078","unstructured":"ITU-T Rec. G.663, Application-related aspects of optical amplifier devices and subsystems, 2011, pp. 34-35. [Online]. Available: https:\/\/www.itu.int\/rec\/T-REC-G.663\/es"},{"key":"81079","doi-asserted-by":"crossref","unstructured":"G. A. Mu\u00f1oz Castro, \u201cDWDM Networks When Using Raman Configurations with DCF Fibers,\u201d Sist. y Telem\u00e1tica, vol. 15, no. 41, pp. 27\u201343, 2017. [Online]. doi: https:\/\/doi.org\/10.18046\/syt.v15i41.2454","DOI":"10.18046\/syt.v15i41.2454"},{"key":"81080","unstructured":"ITU-T Rec. G.665, Caracter\u00edsticas generales de los amplificadores Raman y de los subsistemas con amplificaci\u00f3n Raman, 2005, pp. 2-3. [Online]. Available: https:\/\/www.itu.int\/rec\/T-REC-G.665\/es"},{"key":"81081","doi-asserted-by":"crossref","unstructured":"J. Putrina, S. Olonkins, V. Bobrovs y G. Ivanovs, \"Comparison of discrete and distributed in-line Raman amplifiers in a 16 channel DWDM transmission system,\" in 2017 Progress in Electromagnetics Research Symposium - Fall (PIERS - FALL), Singapore, 2017, pp. 236-241. [Online]. doi: 10.1109\/PIERS-FALL.2017.8293141","DOI":"10.1109\/PIERS-FALL.2017.8293141"},{"key":"81082","unstructured":"ITU-T Rec. G.662, Caracter\u00edsticas gen\u00e9ricas de los dispositivos y subsistemas de amplificadores \u00f3pticos, 2005, pp. 2-6. [Online]. Available: https:\/\/www.itu.int\/rec\/T-REC-G.662\/es"},{"key":"81083","doi-asserted-by":"crossref","unstructured":"K. A. Mat Sharif, N. A Ngah, A. Ahmad, K. Khairi, Z. A. Manaf y D. Tarsono, \"Demonstration of XGS-PON and GPON Co-Existing in the Same Passive Optical Network,\" in 2018 IEEE 7th International Conference on Photonics (ICP), Kuah, 2018, pp. 1-3. [Online]. doi: 10.1109\/ICP.2018.8533167","DOI":"10.1109\/ICP.2018.8533167"},{"key":"81084","unstructured":"ITU-T Rec. G.9807.1, 10-Gigabit-capable symmetric passive optical network (XGS-PON), 2016, pp. 24-49. [Online]. Available: https:\/\/www.itu.int\/rec\/T-REC-G.9807.1\/es"},{"key":"81085","unstructured":"SYNOPSYS, OptSim Product Overview, 2019. [Online]. Available: https:\/\/www.synopsys.com\/optical-solutions\/rsoft\/system-network-optsim.html"},{"key":"81086","unstructured":"R. S. Pressman, Ingenier\u00eda del Software, un enfoque pr\u00e1ctico, 7th ed. Madrid: McGraw-Hill, 2001, pp. 33-34. [Online]. Available: http:\/\/cotana.informatica.edu.bo\/downloads\/ld-Ingenieria.de.software.enfoque.practico.7ed.Pressman.PDF"},{"key":"81087","unstructured":"Universitat Polit\u00e9ctnica de Catalunya, OPNET: Manual de usuario, Barcelona, 2004, pp. 12-13. [Online]. Available: https:\/\/ansat.es\/soporte\/docs\/fragmentacion\/OPNET_Modeler_Manual.pdf"},{"key":"81088","unstructured":"E. Villalba Dom\u00ednguez y E. Y. Ram\u00f3n Mart\u00ednez, Desarrollo de sistemas con metodolog\u00eda RUP (Rational Unified Process), Facultad de Ingenier\u00eda, Universidad Nacional Aut\u00f3noma de M\u00e9xico (UNAM), Tesis de pregrado, 2012, pp. 113- 130. [Online]. doi: https:\/\/132.248.52.100:8080\/xmlui\/handle\/132.248.52.100\/175"},{"key":"81089","unstructured":"ITU-T Rec. G. 694, Spectral grids for WDM applications: DWDM frequency grid, 2012, pp. 2-5. [Online]. Available: https:\/\/www.itu.int\/rec\/T-REC-G.694.1\/es"},{"key":"81090","unstructured":"ITU-T Rec. G.698.1, Aplicaciones multicanal de multiplexaci\u00f3n por divisi\u00f3n en longitud de onda densa con interfaces \u00f3pticas monocanal, 2009, pp. 10-16. [Online]. Available: https:\/\/www.itu.int\/rec\/T-REC-G.698.1\/es"},{"key":"81091","unstructured":"ITU-T Rec. G.Sup39, Optical system design and engineering considerations, 2016, pp. 56-58. [Online]. Available: https:\/\/www.itu.int\/rec\/T-REC-G.Sup39\/en"},{"key":"81092","unstructured":"Alcatel Thal\u00e9s Research and Technology, 10G SOA, 2016. [Online]. Available: https:\/\/www.3-5lab.fr\/"},{"key":"81093","unstructured":"Fibercore, Product Factnote IsoGain, 2015. [Online]. Available: https:\/\/www.fibercore.com\/product\/erbium-doped-fiber-isogain"},{"key":"81094","unstructured":"Optilab, 5 Channels Raman Laser Source, Rackmount, 2016. [Online]. Available: https:\/\/legacy.optilab.com\/products\/category\/Raman_Amplifier\/5_Channels_Raman_Laser_Source_Rackmount\/"},{"key":"81095","unstructured":"CISCO, Cisco ONS 15454 MSTP High-Power CounterPropagating and Co-Propagating Raman Amplifiers, 2012. [Online]. Available: https:\/\/www.cisco.com\/c\/en\/us\/products\/collateral\/optical-networking\/ons-15454-series-multiservice-provisioning-platforms\/data_sheet_c78-658538.html"}],"container-title":["Ingenier\u00eda Solidaria"],"link":[{"URL":"https:\/\/revistas.ucc.edu.co\/index.php\/in\/article\/download\/3113\/2928","content-type":"application\/pdf","content-version":"vor","intended-application":"text-mining"},{"URL":"https:\/\/revistas.ucc.edu.co\/index.php\/in\/article\/download\/3113\/2928","content-type":"unspecified","content-version":"vor","intended-application":"similarity-checking"}],"deposited":{"date-parts":[[2020,6,11]],"date-time":"2020-06-11T21:53:02Z","timestamp":1591912382000},"score":0.0,"resource":{"primary":{"URL":"https:\/\/revistas.ucc.edu.co\/index.php\/in\/article\/view\/3113"}},"issued":{"date-parts":[[2020,2,17]]},"references-count":25,"journal-issue":{"issue":"2","published-online":{"date-parts":[[2020,5,13]]}},"URL":"https:\/\/doi.org\/10.16925\/2357-6014.2020.02.04","ISSN":["2357-6014","1900-3102"],"issn-type":[{"value":"2357-6014","type":"electronic"},{"value":"1900-3102","type":"print"}],"published":{"date-parts":[[2020,2,17]]}},{"indexed":{"date-parts":[[2025,6,9]],"date-time":"2025-06-09T03:40:06Z","timestamp":1749440406177,"version":"3.41.0"},"reference-count":0,"publisher":"Universidad Cooperativa de Colombia - UCC","issue":"2","content-domain":{"domain":[],"crossmark-restriction":false},"short-container-title":["Dixi"],"abstract":"<jats:p>Understanding the   principles of  control over    notarial activities is  impossible without first    examining their    his-torical  origins.  These  principles  have  long  been  a  cornerstone  of  Ukraine\u2019s  national  legal  tradition.  Although  the   specific principles of  notarial oversight were    not   explicitly outlined in  the   Ruska Pravda, it  was    during that period that the ideological, cultural, and ethical foundations for the development of national public service were established.  It  is  essential  to  recognize  that  moral  and  ethical  principles  must  remain  a  fundamental  com-ponent of the notary profession, as they play a crucial role in overseeing notarial activities in Ukraine. Ethical leadership, which is of paramount importance in both higher education and civil service, should be rooted in strong moral character and responsible management. The principle of digital transparency in the oversight of notarial activities has   emerged as   a  means of  enhancing public administration efficiency, reducing adminis-trative costs, improving the quality and accessibility of public services, and combating corruption. Additionally, ensuring  the  high  professionalism  of  notaries  involves  developing  specialized  skills,  such  as  working  with  veterans and military personnel, engaging in public activism, and fostering legal education through interaction with the public as part of the Notary Chamber of Ukraine\u2019s initiatives. Finally, the   principle of  judicial oversight over    notarial activities, with    a  focus     on   protecting human rights and freedoms, naturally stems from the provisions of the Constitution of Ukraine and the European Code of Notarial Ethics. This oversight serves as a safeguard for the rights and freedoms of citizens.<\/jats:p>","DOI":"10.16925\/2357-5891.2025.02.01","type":"journal-article","created":{"date-parts":[[2025,6,9]],"date-time":"2025-06-09T03:18:04Z","timestamp":1749439084000},"page":"1-12","source":"Crossref","is-referenced-by-count":0,"title":["An Assessment of the principles of control over notarial activities in Ukraine"],"prefix":"10.16925","volume":"27","author":[{"name":"Kharkiv National University of Internal Affairs","sequence":"first","affiliation":[],"role":[{"role":"author","vocabulary":"crossref"}]},{"ORCID":"https:\/\/orcid.org\/0009-0003-7012-0665","authenticated-orcid":false,"given":"Anna","family":"Servetnyk","sequence":"first","affiliation":[],"role":[{"role":"author","vocabulary":"crossref"}]},{"ORCID":"https:\/\/orcid.org\/0000-0001-9329-5378","authenticated-orcid":false,"given":"Iryna","family":"Popovich","sequence":"additional","affiliation":[],"role":[{"role":"author","vocabulary":"crossref"}]},{"name":"Ministry of Justice of Ukraine","sequence":"additional","affiliation":[],"role":[{"role":"author","vocabulary":"crossref"}]},{"ORCID":"https:\/\/orcid.org\/0000-0003-2361-3726","authenticated-orcid":false,"given":"Iryna","family":"Antol","sequence":"additional","affiliation":[],"role":[{"role":"author","vocabulary":"crossref"}]},{"name":"Kharkiv National University of Internal Affairs","sequence":"additional","affiliation":[],"role":[{"role":"author","vocabulary":"crossref"}]},{"ORCID":"https:\/\/orcid.org\/0009-0004-0901-7033","authenticated-orcid":false,"given":"Oleksandr","family":"Krasnohor","sequence":"additional","affiliation":[],"role":[{"role":"author","vocabulary":"crossref"}]},{"name":"Private Notary of Chernihiv City Notary District","sequence":"additional","affiliation":[],"role":[{"role":"author","vocabulary":"crossref"}]},{"ORCID":"https:\/\/orcid.org\/0000-0003-0729-9079","authenticated-orcid":false,"given":"Oleg","family":"Bolgar","sequence":"additional","affiliation":[],"role":[{"role":"author","vocabulary":"crossref"}]},{"name":"Odessa State University of Internal Affairs","sequence":"additional","affiliation":[],"role":[{"role":"author","vocabulary":"crossref"}]},{"ORCID":"https:\/\/orcid.org\/0000-0002-5344-6458","authenticated-orcid":false,"given":"Tetiana","family":"Kolotilova","sequence":"additional","affiliation":[],"role":[{"role":"author","vocabulary":"crossref"}]},{"name":"Poltava Institute of  Economics and Law","sequence":"additional","affiliation":[],"role":[{"role":"author","vocabulary":"crossref"}]}],"member":"6711","published-online":{"date-parts":[[2025,5,21]]},"container-title":["Dixi"],"deposited":{"date-parts":[[2025,6,9]],"date-time":"2025-06-09T03:18:05Z","timestamp":1749439085000},"score":0.0,"resource":{"primary":{"URL":"https:\/\/revistas.ucc.edu.co\/index.php\/di\/article\/view\/5352\/"}},"issued":{"date-parts":[[2025,5,21]]},"references-count":0,"journal-issue":{"issue":"2","published-online":{"date-parts":[[2025,5,21]]}},"URL":"https:\/\/doi.org\/10.16925\/2357-5891.2025.02.01","ISSN":["2357-5891"],"issn-type":[{"value":"2357-5891","type":"electronic"}],"published":{"date-parts":[[2025,5,21]]}},{"indexed":{"date-parts":[[2022,3,30]],"date-time":"2022-03-30T05:47:21Z","timestamp":1648619241352},"reference-count":0,"publisher":"Universidad Cooperativa de Colombia- UCC","issue":"25","license":[{"start":{"date-parts":[[2017,6,13]],"date-time":"2017-06-13T00:00:00Z","timestamp":1497312000000},"content-version":"unspecified","delay-in-days":0,"URL":"http:\/\/creativecommons.org\/licenses\/by-nc-nd\/4.0"}],"content-domain":{"domain":[],"crossmark-restriction":false},"short-container-title":["Rev. nac. odontol."],"abstract":"<jats:p>Introducci\u00f3n: la recesi\u00f3n gingival es un hallazgo cl\u00ednico tras el desplazamiento apical del margen gingival, puede ser localizado o generalizado y asociarse con una o varias superficies dentales, provocando seg\u00fan su grado de extensi\u00f3n, compromiso a nivel est\u00e9tico y funcional. Objetivo: describir el tratamiento de recesi\u00f3n gingival clase I de Miller utilizando injerto de conectivo subepitelial y colgajo desplazado coronal. Materiales y m\u00e9todos: estudio descriptivo de reporte de Caso Cl\u00ednico, en paciente masculino, con motivo de consulta tipo inconformidad est\u00e9tica en zona del maxilar superior, se\u00a0 realizan los procedimientos correspondientes de anamnesis en la que se identifica la ausencia de antecedentes sist\u00e9micos de relevancia, posteriormente se realiz\u00f3 el examen cl\u00ednico con emisi\u00f3n de diagnostico, se realiza planificaci\u00f3n y ejecuci\u00f3n de tratamiento y controles postquir\u00fargicos. Resultados:con diagnostico de recesi\u00f3n clase I de Miller localizada en \u00f3rganos dentarios 13 y 14, se decidi\u00f3 implementar la t\u00e9cnica de injerto de conectivo subepitelial y colgajo desplazado coronal, logrando un recubrimiento radicular completo, respuesta tisular favorable y satisfacci\u00f3n est\u00e9tica en el paciente. Conclusiones: el injerto de tejido conectivo en combinaci\u00f3n con el colgajo desplazado coronal es viable a nivel del recubrimiento radicular en recesiones gingivales en m\u00faltiples dientes con una cantidad inadecuada de enc\u00eda queratinizada mostr\u00e1ndose como una t\u00e9cnica predecible y satisfaciendo las necesidades est\u00e9ticas del paciente.\u00a0<\/jats:p>","DOI":"10.16925\/od.v13i25.1707","type":"journal-article","created":{"date-parts":[[2019,4,9]],"date-time":"2019-04-09T20:31:45Z","timestamp":1554841905000},"source":"Crossref","is-referenced-by-count":1,"title":["Tratamiento de recesi\u00f3n gingival con injerto conectivo subepitelial y colgajo desplazado coronal"],"prefix":"10.16925","volume":"13","author":[{"given":"Carmen Julia","family":"Rovira-Ortiz","sequence":"first","affiliation":[],"role":[{"role":"author","vocabulary":"crossref"}]},{"given":"Lesbia Rosa","family":"Tirado-Amador","sequence":"first","affiliation":[],"role":[{"role":"author","vocabulary":"crossref"}]},{"given":"Carlos Jes\u00fas","family":"Camargo-Moreno","sequence":"first","affiliation":[],"role":[{"role":"author","vocabulary":"crossref"}]}],"member":"6711","published-online":{"date-parts":[[2017,6,13]]},"container-title":["Revista Nacional de Odontolog\u00eda"],"link":[{"URL":"https:\/\/revistas.ucc.edu.co\/index.php\/od\/article\/download\/1707\/1976","content-type":"application\/pdf","content-version":"vor","intended-application":"text-mining"},{"URL":"https:\/\/revistas.ucc.edu.co\/index.php\/od\/article\/download\/1707\/1976","content-type":"unspecified","content-version":"vor","intended-application":"similarity-checking"}],"deposited":{"date-parts":[[2019,4,9]],"date-time":"2019-04-09T20:31:47Z","timestamp":1554841907000},"score":0.0,"resource":{"primary":{"URL":"https:\/\/revistas.ucc.edu.co\/index.php\/od\/article\/view\/1707"}},"issued":{"date-parts":[[2017,6,13]]},"references-count":0,"journal-issue":{"issue":"25","published-online":{"date-parts":[[2017,6,13]]}},"URL":"https:\/\/doi.org\/10.16925\/od.v13i25.1707","ISSN":["2357-4607","1900-3080"],"issn-type":[{"value":"2357-4607","type":"electronic"},{"value":"1900-3080","type":"print"}],"published":{"date-parts":[[2017,6,13]]}},{"indexed":{"date-parts":[[2022,4,2]],"date-time":"2022-04-02T06:13:12Z","timestamp":1648879992650},"reference-count":0,"publisher":"Universidad Cooperativa de Colombia- UCC","issue":"1","license":[{"start":{"date-parts":[[2021,5,30]],"date-time":"2021-05-30T00:00:00Z","timestamp":1622332800000},"content-version":"unspecified","delay-in-days":0,"URL":"http:\/\/creativecommons.org\/licenses\/by-nc-nd\/4.0"}],"content-domain":{"domain":[],"crossmark-restriction":false},"short-container-title":["Rev. nac. odontol."],"abstract":"<jats:p>Prop\u00f3sito: En este art\u00edculo se reporta un caso de un paciente de sexo femenino de 9 a\u00f1os de edad, que presenta un supernumerario fusionado al lateral superior izquierdo.&#x0D;\nTemas: El t\u00e9rmino de diente doble se ha usado para referirse a dientes unidos por fusi\u00f3n o geminaci\u00f3n. La fusi\u00f3n se define como una uni\u00f3n parcial o completa de dos o m\u00e1s dientes durante el desarrollo. La fusi\u00f3n se puede dar entre 2 dientes normales o entre un diente normal y un supernumerario. Esta anomal\u00eda puede presentarse en dentici\u00f3n decidua o permanente, y adem\u00e1s de afectar la funci\u00f3n masticatoria y la imagen del paciente, causa una alteraci\u00f3n en el espacio de los arcos dentarios y puede comprometer el periodonto.&#x0D;\nDesarrollo: Al examen cl\u00ednico se observ\u00f3 un diente doble que ocasionaba api\u00f1amiento y falta de espacio para la erupci\u00f3n del canino. Al examen radiogr\u00e1fico se observ\u00f3 dos dientes fusionados por la corona y el tercio medio de la ra\u00edz, en estado nueve de Nolla. Su tratamiento fu\u00e9 primero esperar cierre completo de las ra\u00edces y luego la hemisecci\u00f3n y exodoncia del supernumerario, colocaci\u00f3n de aparatolog\u00eda ortod\u00f3ntica removible, as\u00ed como el seguimiento radiogr\u00e1fico y cl\u00ednico durante cuarenta meses observ\u00e1ndose un diente periodontalmente sano con obliteraci\u00f3n parcial del conducto radicular sin cambio de color.&#x0D;\nConclusiones: La hemisecci\u00f3n se puede considerar como una alternativa de tratamiento apropiada para un diente permanente fusionado con un diente supernumerario.<\/jats:p>","DOI":"10.16925\/2357-4607.2021.01.02","type":"journal-article","created":{"date-parts":[[2021,10,27]],"date-time":"2021-10-27T13:00:58Z","timestamp":1635339658000},"page":"1-17","source":"Crossref","is-referenced-by-count":0,"title":["Incisivo lateral permanente doble"],"prefix":"10.16925","volume":"17","author":[{"given":"Gabriel E","family":"Espinal B","sequence":"first","affiliation":[],"role":[{"role":"author","vocabulary":"crossref"}]},{"given":"Sara","family":"S\u00e1nchez G","sequence":"additional","affiliation":[],"role":[{"role":"author","vocabulary":"crossref"}]},{"given":"Sara","family":"Tamayo C.","sequence":"additional","affiliation":[],"role":[{"role":"author","vocabulary":"crossref"}]},{"given":"Monica Tatiana","family":"Parada-Sanchez","sequence":"additional","affiliation":[],"role":[{"role":"author","vocabulary":"crossref"}]}],"member":"6711","published-online":{"date-parts":[[2021,5,30]]},"container-title":["Revista Nacional de Odontolog\u00eda"],"link":[{"URL":"https:\/\/revistas.ucc.edu.co\/index.php\/od\/article\/download\/3696\/3211","content-type":"application\/pdf","content-version":"vor","intended-application":"text-mining"},{"URL":"https:\/\/revistas.ucc.edu.co\/index.php\/od\/article\/download\/3696\/3211","content-type":"unspecified","content-version":"vor","intended-application":"similarity-checking"}],"deposited":{"date-parts":[[2021,10,27]],"date-time":"2021-10-27T13:00:59Z","timestamp":1635339659000},"score":0.0,"resource":{"primary":{"URL":"https:\/\/revistas.ucc.edu.co\/index.php\/od\/article\/view\/3696"}},"subtitle":["Revisi\u00f3n y reporte de un caso de fusi\u00f3n con un diente supernumerario.  Seguimiento de 40 meses."],"issued":{"date-parts":[[2021,5,30]]},"references-count":0,"journal-issue":{"issue":"1","published-online":{"date-parts":[[2021,10,27]]}},"URL":"https:\/\/doi.org\/10.16925\/2357-4607.2021.01.02","ISSN":["2357-4607","1900-3080"],"issn-type":[{"value":"2357-4607","type":"electronic"},{"value":"1900-3080","type":"print"}],"published":{"date-parts":[[2021,5,30]]}},{"indexed":{"date-parts":[[2022,4,5]],"date-time":"2022-04-05T19:26:58Z","timestamp":1649186818964},"reference-count":0,"publisher":"Universidad Cooperativa de Colombia- UCC","issue":"20","license":[{"start":{"date-parts":[[2016,10,1]],"date-time":"2016-10-01T00:00:00Z","timestamp":1475280000000},"content-version":"unspecified","delay-in-days":0,"URL":"http:\/\/creativecommons.org\/licenses\/by-nc-nd\/4.0\/"}],"content-domain":{"domain":[],"crossmark-restriction":false},"short-container-title":["ing. Solidar"],"abstract":"<jats:p>Resumen. Introducci\u00f3n: este art\u00edculo es producto de la investigaci\u00f3n \u201cImportancia\u00a0de la simplicidad Software CRM desde la perspectiva del usuario\u201d, dirigida por el\u00a0Grupo de Investigaci\u00f3n en Interoperabilidad de Redes Acad\u00e9micas (GIIRA) de la\u00a0Universidad Distrital Francisco Jos\u00e9 de Caldas realizada durante el 2015. Metodolog\u00eda:\u00a0se implement\u00f3 el m\u00e9todo Kanban en la plataforma basada en Open Source\u00a0Vtiger y se hizo seguimiento a 20 empresas usuarias, a trav\u00e9s de recolecci\u00f3n de\u00a0datos sobre estad\u00edsticas de uso para compararlas con la informaci\u00f3n previa obtenida\u00a0durante el primer semestre del 2015, periodo en el cual la plataforma presentaba\u00a0una interfaz similar a la de Vtiger. Resultados: el 85 % de las empresas aument\u00f3\u00a0significativamente el uso de la plataforma hasta en un 310 %; el 10 % no tuvo variaciones\u00a0significativas y el 5 % restante registr\u00f3 un menor uso. Conclusiones: la implementaci\u00f3n\u00a0del m\u00e9todo Kanban en el software Customer Relationship Management\u00a0(CRM) permite tener acceso a la informaci\u00f3n de gesti\u00f3n comercial de manera\u00a0organizada, resaltando en primer plano datos de inter\u00e9s f\u00e1cilmente concluyentes,\u00a0al igual que redireccionar la informaci\u00f3n complementaria si es necesario.<\/jats:p>","DOI":"10.16925\/in.v19i20.1412","type":"journal-article","created":{"date-parts":[[2017,2,2]],"date-time":"2017-02-02T15:15:12Z","timestamp":1486048512000},"page":"9-22","source":"Crossref","is-referenced-by-count":0,"title":["Aplicaci\u00f3n del m\u00e9todo Kanban a un software CRM basado en plataforma Open Source \"Vtiger\""],"prefix":"10.16925","volume":"12","author":[{"given":"Mar\u00eda Fernanda","family":"Botia Mendivelso","sequence":"first","affiliation":[],"role":[{"role":"author","vocabulary":"crossref"}]},{"given":"Mar\u00eda Teresa","family":"S\u00faarez Valderrama","sequence":"additional","affiliation":[],"role":[{"role":"author","vocabulary":"crossref"}]},{"given":"Oswaldo Alberto","family":"Romero Villalobos","sequence":"additional","affiliation":[],"role":[{"role":"author","vocabulary":"crossref"}]}],"member":"6711","published-online":{"date-parts":[[2016,10,1]]},"container-title":["Ingenier\u00eda Solidaria"],"link":[{"URL":"https:\/\/revistas.ucc.edu.co\/index.php\/in\/article\/download\/1412\/1518","content-type":"application\/pdf","content-version":"vor","intended-application":"text-mining"},{"URL":"https:\/\/revistas.ucc.edu.co\/index.php\/in\/article\/download\/1412\/1518","content-type":"unspecified","content-version":"vor","intended-application":"similarity-checking"}],"deposited":{"date-parts":[[2020,1,18]],"date-time":"2020-01-18T04:12:07Z","timestamp":1579320727000},"score":0.0,"resource":{"primary":{"URL":"https:\/\/revistas.ucc.edu.co\/index.php\/in\/article\/view\/1412"}},"issued":{"date-parts":[[2016,10,1]]},"references-count":0,"journal-issue":{"issue":"20","published-online":{"date-parts":[[2016,10,1]]}},"URL":"https:\/\/doi.org\/10.16925\/in.v19i20.1412","ISSN":["2357-6014","1900-3102"],"issn-type":[{"value":"2357-6014","type":"electronic"},{"value":"1900-3102","type":"print"}],"published":{"date-parts":[[2016,10,1]]}},{"indexed":{"date-parts":[[2022,4,5]],"date-time":"2022-04-05T06:02:34Z","timestamp":1649138554905},"reference-count":0,"publisher":"Universidad Cooperativa de Colombia","isbn-type":[{"value":"9789587600780","type":"print"}],"content-domain":{"domain":[],"crossmark-restriction":false},"DOI":"10.16925\/9789587600780","type":"book","created":{"date-parts":[[2018,4,4]],"date-time":"2018-04-04T16:10:56Z","timestamp":1522858256000},"source":"Crossref","is-referenced-by-count":1,"title":["Psicolog\u00eda e hipnosis en el tratamiento del dolor"],"prefix":"10.16925","author":[{"given":"Martha de la Caridad","family":"Mart\u00edn Carbonell","sequence":"first","affiliation":[],"role":[{"role":"author","vocabulary":"crossref"}]}],"member":"6711","published-online":{"date-parts":[[2018,3,21]]},"deposited":{"date-parts":[[2019,11,12]],"date-time":"2019-11-12T15:46:27Z","timestamp":1573573587000},"score":0.0,"resource":{"primary":{"URL":"http:\/\/ediciones.ucc.edu.co\/index.php\/ucc\/catalog\/book\/72"}},"issued":{"date-parts":[[2018,3,21]]},"ISBN":["9789587600780"],"references-count":0,"URL":"https:\/\/doi.org\/10.16925\/9789587600780","published":{"date-parts":[[2018,3,21]]}},{"indexed":{"date-parts":[[2022,3,31]],"date-time":"2022-03-31T11:54:25Z","timestamp":1648727665706},"reference-count":0,"publisher":"Universidad Cooperativa de Colombia","content-domain":{"domain":[],"crossmark-restriction":false},"DOI":"10.16925\/greylit.2251","type":"report","created":{"date-parts":[[2018,4,6]],"date-time":"2018-04-06T13:03:24Z","timestamp":1523019804000},"source":"Crossref","is-referenced-by-count":0,"title":["Procesal 2: procesos generales o t\u00edpicos (verbal y verbal sumario) en el C\u00f3digo General del Proceso. Ley 1564 de 2012"],"prefix":"10.16925","author":[{"given":"V\u00edctor Manuel","family":"G\u00f3mez Moreno","sequence":"first","affiliation":[],"role":[{"role":"author","vocabulary":"crossref"}]}],"member":"6711","published-online":{"date-parts":[[2017]]},"deposited":{"date-parts":[[2018,4,6]],"date-time":"2018-04-06T13:03:24Z","timestamp":1523019804000},"score":0.0,"resource":{"primary":{"URL":"https:\/\/revistas.ucc.edu.co\/index.php\/dodo\/article\/view\/2251"}},"issued":{"date-parts":[[2017]]},"references-count":0,"URL":"https:\/\/doi.org\/10.16925\/greylit.2251","published":{"date-parts":[[2017]]}},{"indexed":{"date-parts":[[2022,4,3]],"date-time":"2022-04-03T05:29:17Z","timestamp":1648963757277},"reference-count":0,"publisher":"Universidad Coperativa de Colombia","isbn-type":[{"value":"9789587600926","type":"print"}],"content-domain":{"domain":[],"crossmark-restriction":false},"DOI":"10.16925\/9789587600926","type":"book","created":{"date-parts":[[2017,12,19]],"date-time":"2017-12-19T16:53:45Z","timestamp":1513702425000},"source":"Crossref","is-referenced-by-count":1,"title":["Las crisis en el multilateralismo y en los acuerdos regionales"],"prefix":"10.16925","author":[{"given":"F\u00e9lix","family":"Pe\u00f1a","sequence":"first","affiliation":[],"role":[{"role":"author","vocabulary":"crossref"}]}],"member":"6711","published-online":{"date-parts":[[2017]]},"deposited":{"date-parts":[[2017,12,19]],"date-time":"2017-12-19T16:53:45Z","timestamp":1513702425000},"score":0.0,"resource":{"primary":{"URL":"http:\/\/ediciones.ucc.edu.co\/index.php\/ucc\/catalog\/book\/84"}},"issued":{"date-parts":[[2017]]},"ISBN":["9789587600926"],"references-count":0,"URL":"https:\/\/doi.org\/10.16925\/9789587600926","published":{"date-parts":[[2017]]}},{"indexed":{"date-parts":[[2022,4,3]],"date-time":"2022-04-03T11:29:58Z","timestamp":1648985398224},"reference-count":0,"publisher":"Universidad Cooperativa de Colombia- UCC","issue":"105","content-domain":{"domain":[],"crossmark-restriction":false},"short-container-title":["Coop. Desarro."],"abstract":"<jats:p>El presente art\u00edculo identifica y caracteriza los diferentes estilos de gesti\u00f3n directiva que se emplean\u00a0en las instituciones educativas (denominadas aqu\u00ed x y y). En cada una se percibe un estilo\u00a0de direcci\u00f3n y las implicaciones de uso dentro de los procesos de la vida escolar, pues, dados sus\u00a0contextos espec\u00edficos, es posible un reconocimiento diferenciado. Tambi\u00e9n analiza las diversas\u00a0interacciones que aparecen en la cotidianidad institucional, de manera que permite entrever una\u00a0estrecha conexi\u00f3n entre los estilos de direcci\u00f3n, el liderazgo, la gesti\u00f3n y la comunicaci\u00f3n, as\u00ed\u00a0como con la personalidad, la formaci\u00f3n \u00e9tica y profesional, el estilo, las f\u00f3rmulas de tratamiento\u00a0de quienes dirigen y son dirigidos, factores b\u00e1sicos a la hora de direccionar los destinos de quienes\u00a0est\u00e1n a su cargo. En este \u00e1mbito, la gestaci\u00f3n de intereses, conflictos, necesidades, expectativas, actitudes,\u00a0etc., entre quienes comparten y \u201cconviven\u201d dentro de estas instituciones lleva a una construcci\u00f3n\u00a0social y cultural propia que beneficia y afecta los procesos de formaci\u00f3n que emergen.<\/jats:p>","DOI":"10.16925\/co.v22i105.1338","type":"journal-article","created":{"date-parts":[[2019,9,10]],"date-time":"2019-09-10T02:49:13Z","timestamp":1568083753000},"source":"Crossref","is-referenced-by-count":0,"title":["Incidencia de la gesti\u00f3n directiva en instituciones de educaci\u00f3n b\u00e1sica y media"],"prefix":"10.16925","volume":"22","author":[{"given":"\u00d3scar Fernando","family":"Cucaita\u2013Melo","sequence":"first","affiliation":[],"role":[{"role":"author","vocabulary":"crossref"}]}],"member":"6711","published-online":{"date-parts":[[2014,12,5]]},"container-title":["Cooperativismo &amp; Desarrollo"],"link":[{"URL":"https:\/\/revistas.ucc.edu.co\/index.php\/co\/article\/download\/1338\/1510","content-type":"application\/pdf","content-version":"vor","intended-application":"text-mining"},{"URL":"https:\/\/revistas.ucc.edu.co\/index.php\/co\/article\/download\/1338\/1510","content-type":"unspecified","content-version":"vor","intended-application":"similarity-checking"}],"deposited":{"date-parts":[[2019,9,10]],"date-time":"2019-09-10T02:49:13Z","timestamp":1568083753000},"score":0.0,"resource":{"primary":{"URL":"https:\/\/revistas.ucc.edu.co\/index.php\/co\/article\/view\/1338"}},"issued":{"date-parts":[[2014,12,5]]},"references-count":0,"journal-issue":{"issue":"105","published-online":{"date-parts":[[2014,12,5]]}},"URL":"https:\/\/doi.org\/10.16925\/co.v22i105.1338","ISSN":["2382-4220","0120-7180"],"issn-type":[{"value":"2382-4220","type":"electronic"},{"value":"0120-7180","type":"print"}],"published":{"date-parts":[[2014,12,5]]}},{"indexed":{"date-parts":[[2022,4,5]],"date-time":"2022-04-05T19:47:31Z","timestamp":1649188051242},"reference-count":0,"publisher":"Universidad Cooperativa de Colombia","content-domain":{"domain":[],"crossmark-restriction":false},"DOI":"10.16925\/greylit.1852","type":"report","created":{"date-parts":[[2017,6,28]],"date-time":"2017-06-28T19:42:44Z","timestamp":1498678964000},"source":"Crossref","is-referenced-by-count":0,"title":["Modelado de requerimientos de softwares"],"prefix":"10.16925","author":[{"given":"Jorge Manuel","family":"Pacheco-Casadiego","sequence":"first","affiliation":[],"role":[{"role":"author","vocabulary":"crossref"}]}],"member":"6711","published-online":{"date-parts":[[2016]]},"deposited":{"date-parts":[[2020,1,17]],"date-time":"2020-01-17T19:44:56Z","timestamp":1579290296000},"score":0.0,"resource":{"primary":{"URL":"https:\/\/repository.ucc.edu.co\/handle\/20.500.12494\/15376"}},"issued":{"date-parts":[[2016]]},"references-count":0,"URL":"https:\/\/doi.org\/10.16925\/greylit.1852","published":{"date-parts":[[2016]]}},{"indexed":{"date-parts":[[2022,4,2]],"date-time":"2022-04-02T11:22:44Z","timestamp":1648898564864},"reference-count":0,"publisher":"Universidad Cooperativa de Colombia","content-domain":{"domain":[],"crossmark-restriction":false},"DOI":"10.16925\/greylit.2080","type":"report","created":{"date-parts":[[2017,11,1]],"date-time":"2017-11-01T20:04:10Z","timestamp":1509566650000},"source":"Crossref","is-referenced-by-count":0,"title":["I Encuentro Regional de Semilleros de Investigaci\u00f3n"],"prefix":"10.16925","author":[{"name":"Universidad Cooperativa de Colombia","sequence":"first","affiliation":[],"role":[{"role":"author","vocabulary":"crossref"}]}],"member":"6711","published-online":{"date-parts":[[2017]]},"deposited":{"date-parts":[[2017,11,1]],"date-time":"2017-11-01T20:04:12Z","timestamp":1509566652000},"score":0.0,"resource":{"primary":{"URL":"https:\/\/revistas.ucc.edu.co\/index.php\/dotr\/article\/view\/2080"}},"issued":{"date-parts":[[2017]]},"references-count":0,"URL":"https:\/\/doi.org\/10.16925\/greylit.2080","published":{"date-parts":[[2017]]}},{"indexed":{"date-parts":[[2022,4,2]],"date-time":"2022-04-02T16:25:50Z","timestamp":1648916750551},"reference-count":0,"publisher":"Universidad Cooperativa de Colombia","content-domain":{"domain":[],"crossmark-restriction":false},"DOI":"10.16925\/greylit.2272","type":"report","created":{"date-parts":[[2018,5,18]],"date-time":"2018-05-18T10:41:08Z","timestamp":1526640068000},"source":"Crossref","is-referenced-by-count":0,"title":["Responsabilidad social empresarial: una expresi\u00f3n de los derechos humanos"],"prefix":"10.16925","author":[{"given":"Diva Mara","family":"Cardona Henriquez","sequence":"first","affiliation":[],"role":[{"role":"author","vocabulary":"crossref"}]}],"member":"6711","published-online":{"date-parts":[[2017]]},"deposited":{"date-parts":[[2018,5,18]],"date-time":"2018-05-18T10:41:08Z","timestamp":1526640068000},"score":0.0,"resource":{"primary":{"URL":"https:\/\/revistas.ucc.edu.co\/index.php\/dodo\/article\/view\/2272"}},"issued":{"date-parts":[[2017]]},"references-count":0,"URL":"https:\/\/doi.org\/10.16925\/greylit.2272","published":{"date-parts":[[2017]]}},{"indexed":{"date-parts":[[2022,3,30]],"date-time":"2022-03-30T10:23:16Z","timestamp":1648635796647},"reference-count":0,"publisher":"Universidad Cooperativa de Colombia- UCC","issue":"118","license":[{"start":{"date-parts":[[2020,10,20]],"date-time":"2020-10-20T00:00:00Z","timestamp":1603152000000},"content-version":"unspecified","delay-in-days":0,"URL":"http:\/\/creativecommons.org\/licenses\/by-nc-nd\/4.0"}],"content-domain":{"domain":[],"crossmark-restriction":false},"short-container-title":["Coop. Desarro."],"abstract":"<jats:p>Neste artigo se realiza uma an\u00e1lise comparada na \u00faltima d\u00e9cada entre Col\u00f4mbia e Brasil, avaliando as situa\u00e7\u00f5es que entusiasmam a migra\u00e7\u00e3o rural da juventude, fundamentado em levantamentos bibliogr\u00e1ficos, dados e argumentos que comprovam esta hip\u00f3tese. O texto finaliza apresentando os resultados e an\u00e1lises que fornecem informa\u00e7\u00f5es para o aprimoramento da pesquisa no ramo da juventude rural.<\/jats:p>","DOI":"10.16925\/2382-4220.2020.03.02","type":"journal-article","created":{"date-parts":[[2021,10,21]],"date-time":"2021-10-21T16:52:25Z","timestamp":1634835145000},"page":"1-19","source":"Crossref","is-referenced-by-count":0,"title":["Evolu\u00e7\u00e3o da perman\u00eancia e educa\u00e7\u00e3o da juventude rural no Brasil e na Col\u00f4mbia"],"prefix":"10.16925","volume":"28","author":[{"given":"Jorge","family":"Triana","sequence":"first","affiliation":[],"role":[{"role":"author","vocabulary":"crossref"}]}],"member":"6711","published-online":{"date-parts":[[2020,10,20]]},"container-title":["Cooperativismo &amp; Desarrollo"],"link":[{"URL":"https:\/\/revistas.ucc.edu.co\/index.php\/co\/article\/download\/3655\/3194","content-type":"application\/pdf","content-version":"vor","intended-application":"text-mining"},{"URL":"https:\/\/revistas.ucc.edu.co\/index.php\/co\/article\/download\/3655\/3194","content-type":"unspecified","content-version":"vor","intended-application":"similarity-checking"}],"deposited":{"date-parts":[[2021,10,21]],"date-time":"2021-10-21T16:52:25Z","timestamp":1634835145000},"score":0.0,"resource":{"primary":{"URL":"https:\/\/revistas.ucc.edu.co\/index.php\/co\/article\/view\/3655"}},"subtitle":["Uma an\u00e1lise hist\u00f3rico-comparada"],"issued":{"date-parts":[[2020,10,20]]},"references-count":0,"journal-issue":{"issue":"118","published-online":{"date-parts":[[2021,5,28]]}},"URL":"https:\/\/doi.org\/10.16925\/2382-4220.2020.03.02","ISSN":["2382-4220","0120-7180"],"issn-type":[{"value":"2382-4220","type":"electronic"},{"value":"0120-7180","type":"print"}],"published":{"date-parts":[[2020,10,20]]}},{"indexed":{"date-parts":[[2022,3,30]],"date-time":"2022-03-30T22:46:14Z","timestamp":1648680374858},"reference-count":13,"publisher":"Universidad Cooperativa de Colombia- UCC","issue":"21","license":[{"start":{"date-parts":[[2017,1,1]],"date-time":"2017-01-01T00:00:00Z","timestamp":1483228800000},"content-version":"unspecified","delay-in-days":0,"URL":"http:\/\/creativecommons.org\/licenses\/by-nc-nd\/4.0\/"}],"content-domain":{"domain":[],"crossmark-restriction":false},"short-container-title":["ing. Solidar"],"abstract":"<jats:p>Introduction: This paper presents an overview of the lecture presented to unesco-unir tic &amp; Education Latam Congress 2016, conducted by unesco and coordinated by Universidad de la Rioja, (unir) in Spain. The lecture was named \u201cContributions of the Analysis Model as a systematization of project research redco Knowledge Network: cier Occidente\u201d enlightened about the systematization of the final report of the research work that the Education and Virtuality Research Line of the gitt Group (in Terminology and Translation) of Universidad de Antioquia performed between 2014 and 2015 as one of the five universities that participated in the Project of Colciencias cier Occidente, through its Macro Project: redco Knowledge Network. Methodology: This paper begins with an ample view of redco as knowledge network to characterize the core of the research project in question, where redco was endorsed as a pedago- gical methodological matrix based on the appropriation of ict in two EI (Innovative schools) as a basic scenario where multiple paths, channels, and languages coincide, this by a strong technological component. Results and Conclusions: redco cier Occidente promotes teacher training, considering that the chain value in education is teacher centered, as teachers are who program the learning activities, who need to improve the processes, who use new media and share knowledge and good practices to improve  the academic services and refine the outcomes.<\/jats:p>","DOI":"10.16925\/in.v13i21.1730","type":"journal-article","created":{"date-parts":[[2017,9,26]],"date-time":"2017-09-26T13:32:42Z","timestamp":1506432762000},"page":"63-70","source":"Crossref","is-referenced-by-count":0,"title":["Possible horizons for educational innovation in Colombia through contemporary technological perspectives. A training experience with TIC. Contributions of the Project Analysis Model RED-CO CIER Occidente"],"prefix":"10.16925","volume":"13","author":[{"given":"Eugenia","family":"Ram\u00edrez Isaza","sequence":"first","affiliation":[],"role":[{"role":"author","vocabulary":"crossref"}]}],"member":"6711","published-online":{"date-parts":[[2017,1,1]]},"reference":[{"key":"62137","unstructured":"[1] \"Horizon 2020 Report\". First results. European Commission. Directorate-General for Research and Innovation, 2015."},{"key":"62138","unstructured":"[2] \"Red RELPE\". Latin American Network of Educational Portals, August 2014- 2016. http:\/\/www.relpe.org\/."},{"key":"62139","unstructured":"[3] P. Freire. The political nature of education. Ministry of Education and Science. Editions Paidos, Ib\u00e9rica. 1990."},{"key":"62140","unstructured":"[4] Research Line Education and Virtuality. http:\/\/linea.comunidadredco.com\/"},{"key":"62141","unstructured":"[5] REDCO Knowledge Network. http:\/\/comunidadredco.com\/"},{"key":"62142","unstructured":"[6] J Cloutier. L'ere d'Emerec, University of Montreal. Montreal. 1975."},{"key":"62143","unstructured":"[7] M, Castel. The Red Society, Spain. Edit. Alia, 2006."},{"key":"62144","unstructured":"[8] A. Guti\u00e9rrez. \"Multimedia Education and New Technologies\". Madrid: De La Torre editions. 1991."},{"key":"62145","unstructured":"[9] E. Ram\u00edrez. \"Conceptual and methodological strategies for the construction of today's knowledge\". Medell\u00edn: Zuluaga. 2003."},{"key":"62146","unstructured":"[10] \"University of Antioquia Development Plan\". University of Antioquia. Ed. University of An-tioquia, Medell\u00edn, Antioquia, 2007."},{"key":"62147","unstructured":"[11] P. Freire. \"Liberating Education\". Medell\u00edn: Prisma. 1972."},{"key":"62148","unstructured":"[12] M. Albornoz and C. Alfaraz. \"Networks of knowledge: construction, dynamics and management\". Ibero-American Network of Science and Technology Indicators (RICYT) and UNESCO Regional Of-fice for Science in Latin America and the Caribbean. 2006."},{"key":"62149","unstructured":"[13] M. Macluhan. La Aldea Global, The Gutenberg Galaxy: The Making of Typographic Man (1962) y Understanding Media (1964)."}],"container-title":["Ingenier\u00eda Solidaria"],"link":[{"URL":"https:\/\/revistas.ucc.edu.co\/index.php\/in\/article\/download\/1730\/1847","content-type":"application\/pdf","content-version":"vor","intended-application":"text-mining"},{"URL":"https:\/\/revistas.ucc.edu.co\/index.php\/in\/article\/download\/1730\/2490","content-type":"unspecified","content-version":"vor","intended-application":"text-mining"},{"URL":"https:\/\/revistas.ucc.edu.co\/index.php\/in\/article\/download\/1730\/1847","content-type":"unspecified","content-version":"vor","intended-application":"similarity-checking"}],"deposited":{"date-parts":[[2019,11,15]],"date-time":"2019-11-15T22:59:57Z","timestamp":1573858797000},"score":0.0,"resource":{"primary":{"URL":"https:\/\/revistas.ucc.edu.co\/index.php\/in\/article\/view\/1730"}},"issued":{"date-parts":[[2017,1,1]]},"references-count":13,"journal-issue":{"issue":"21","published-online":{"date-parts":[[2017,1,1]]}},"URL":"https:\/\/doi.org\/10.16925\/in.v13i21.1730","ISSN":["2357-6014","1900-3102"],"issn-type":[{"value":"2357-6014","type":"electronic"},{"value":"1900-3102","type":"print"}],"published":{"date-parts":[[2017,1,1]]}},{"indexed":{"date-parts":[[2022,4,1]],"date-time":"2022-04-01T18:59:01Z","timestamp":1648839541822},"reference-count":0,"publisher":"Universidad Cooperativa de Colombia- UCC","issue":"18","content-domain":{"domain":[],"crossmark-restriction":false},"short-container-title":["ing. Solidar"],"abstract":"<jats:p>Dado que es dif\u00edcil aplaudir sin restricciones el avance cient\u00edfico-tecnol\u00f3gico, la exploraci\u00f3n de una u otra comprensi\u00f3n acerca de la tecnolog\u00eda se hace necesaria. El desarrollo acelerado y la irrupci\u00f3n permanente de nuevas tecnolog\u00edas, junto con la vertiginosa renovaci\u00f3n de artefactos, plataformas y sistemas tecnol\u00f3gicos, propone desaf\u00edos cada vez mayores en materia de decisiones. Los cambios sociales en los pa\u00edses industrializados han llevado a ciertos colectivos sociales a comprender que las decisiones sobre la tecnolog\u00eda no son materia exclusiva de expertos y son intr\u00ednsecamente sociales. En este art\u00edculo de revisi\u00f3n se analizan las implicaciones de la tecnolog\u00eda en la sociedad; m\u00e1s espec\u00edficamente la relaci\u00f3n entre progreso y tecnolog\u00eda y la diferencia entre tecnolog\u00eda y t\u00e9cnica. Posteriormente se discute el rol de la tecnolog\u00eda en la sociedad; se examina c\u00f3mo el uso descontextualizado de la tecnolog\u00eda es arriesgado para la sociedad y el ser humano, y se expone la idea de una sociedad capaz de comprender la imbricaci\u00f3n entre tecnolog\u00eda y humanidad. No cabe duda de que debemos plantearnos ciertas interrogantes: \u00bfcu\u00e1l podr\u00eda ser nuestro papel en la creaci\u00f3n de ese futuro tecnol\u00f3gico? y \u00bfqu\u00e9 nuevas formas de identidad humana, orden pol\u00edtico, comunidad y participaci\u00f3n ciudadana surgen de las tecnolog\u00edas desarrolladas?<\/jats:p>","DOI":"10.16925\/in.v11i18.997","type":"journal-article","created":{"date-parts":[[2016,5,12]],"date-time":"2016-05-12T12:07:51Z","timestamp":1463054871000},"page":"105-114","source":"Crossref","is-referenced-by-count":1,"title":["Tecnolog\u00eda y sociedad: reflexiones acerca de las visiones y las tensiones de la tecnolog\u00eda"],"prefix":"10.16925","volume":"11","author":[{"given":"Mar\u00eda Teresa","family":"Santander","sequence":"first","affiliation":[],"role":[{"role":"author","vocabulary":"crossref"}]}],"member":"6711","published-online":{"date-parts":[[2015,12,1]]},"container-title":["Ingenier\u00eda Solidaria"],"link":[{"URL":"https:\/\/revistas.ucc.edu.co\/index.php\/in\/article\/download\/997\/951","content-type":"application\/pdf","content-version":"vor","intended-application":"text-mining"},{"URL":"https:\/\/revistas.ucc.edu.co\/index.php\/in\/article\/download\/997\/951","content-type":"unspecified","content-version":"vor","intended-application":"similarity-checking"}],"deposited":{"date-parts":[[2020,2,4]],"date-time":"2020-02-04T23:15:49Z","timestamp":1580858149000},"score":0.0,"resource":{"primary":{"URL":"https:\/\/revistas.ucc.edu.co\/index.php\/in\/article\/view\/997"}},"issued":{"date-parts":[[2015,12,1]]},"references-count":0,"journal-issue":{"issue":"18","published-online":{"date-parts":[[2015,12,1]]}},"URL":"https:\/\/doi.org\/10.16925\/in.v11i18.997","ISSN":["2357-6014","1900-3102"],"issn-type":[{"value":"2357-6014","type":"electronic"},{"value":"1900-3102","type":"print"}],"published":{"date-parts":[[2015,12,1]]}},{"indexed":{"date-parts":[[2025,2,4]],"date-time":"2025-02-04T05:13:38Z","timestamp":1738646018399,"version":"3.35.0"},"reference-count":0,"publisher":"Ediciones Universidad Cooperativa de Colombia","content-domain":{"domain":[],"crossmark-restriction":false},"abstract":"<jats:p>Esta gu\u00eda pr\u00e1ctica presenta la aplicaci\u00f3n de un caso de estudio de simulaci\u00f3n mediante el software Flex-Sim. La simulaci\u00f3n permite realizar experimentos en entornos virtuales, reduciendo su impacto en el sistema real. Generalmente, se aplica en escenarios de alto riesgo o en sistemas a\u00fan no implementados, con diversas aplicaciones en \u00e1reas como ingenier\u00eda, salud, log\u00edstica y transporte. El objetivo del simulador de citas m\u00e9dicas es optimizar la gesti\u00f3n de citas, permitiendo a los pacientes programarlas de manera m\u00e1s r\u00e1pida y efectiva, y facilitando al personal de salud la administraci\u00f3n eficiente de sus agendas. A trav\u00e9s de esta pr\u00e1ctica, el estudiante aprender\u00e1 a aplicar modelos de simulaci\u00f3n en el contexto de la salud. Adem\u00e1s, se familiarizar\u00e1 con el uso de FlexSim para la simulaci\u00f3n en el sector sanitario, adquiriendo conocimientos pr\u00e1cticos sobre su implementaci\u00f3n y beneficios.<\/jats:p>","DOI":"10.16925\/gcgp.114","type":"report","created":{"date-parts":[[2025,2,3]],"date-time":"2025-02-03T16:56:43Z","timestamp":1738601803000},"source":"Crossref","is-referenced-by-count":0,"title":["Simulaci\u00f3n del sistema de citas m\u00e9dicas utilizando Flexsim"],"prefix":"10.16925","author":[{"name":"Universidad Cooperativa de Colombia","sequence":"first","affiliation":[],"role":[{"role":"author","vocabulary":"crossref"}]},{"given":"Yomaira","family":"Guzm\u00e1n Paredes","sequence":"first","affiliation":[],"role":[{"role":"author","vocabulary":"crossref"}]}],"member":"6711","published-online":{"date-parts":[[2023,11]]},"deposited":{"date-parts":[[2025,2,3]],"date-time":"2025-02-03T16:56:44Z","timestamp":1738601804000},"score":0.0,"resource":{"primary":{"URL":"https:\/\/repository.ucc.edu.co\/entities\/publication\/5c3de2d0-de95-44cb-9439-85be4357d579"}},"issued":{"date-parts":[[2023,11]]},"references-count":0,"URL":"https:\/\/doi.org\/10.16925\/gcgp.114","published":{"date-parts":[[2023,11]]}},{"indexed":{"date-parts":[[2022,8,8]],"date-time":"2022-08-08T22:11:06Z","timestamp":1659996666909},"reference-count":0,"publisher":"Universidad Cooperativa de Colombia- UCC","issue":"123","license":[{"start":{"date-parts":[[2022,5,6]],"date-time":"2022-05-06T00:00:00Z","timestamp":1651795200000},"content-version":"unspecified","delay-in-days":0,"URL":"https:\/\/creativecommons.org\/licenses\/by\/4.0"}],"content-domain":{"domain":[],"crossmark-restriction":false},"short-container-title":["Coop. Desarro."],"abstract":"<jats:p>De acuerdo con la Alianza Cooperativa Internacional existen m\u00e1s de 3 millones de cooperativas, generando ingresos por m\u00e1s de 2000 billones de d\u00f3lares al a\u00f1o. Este art\u00edculo tiene como objetivo identificar, desde los Cr\u00edtical Management Studies, estrategias desarrolladas en cooperativas que expresen un potencial emancipador y transformen con su pr\u00e1ctica las teor\u00edas del management. Se trata de un estudio de car\u00e1cter cualitativo, sobre una muestra de seis cooperativas en M\u00e9xico y Europa, mediante entrevistas a profundidad realizadas a los administradores de las cooperativas. Los principales resultados de la investigaci\u00f3n son que la autogesti\u00f3n, el consenso, la confianza y la participaci\u00f3n representan pr\u00e1cticas emancipadoras y que, a menor presencia de las cooperativas en el mercado capitalista, mayor es su potencial emancipador.<\/jats:p>","DOI":"10.16925\/2382-4220.2022.02.04","type":"journal-article","created":{"date-parts":[[2022,8,8]],"date-time":"2022-08-08T21:33:15Z","timestamp":1659994395000},"page":"1-25","source":"Crossref","is-referenced-by-count":0,"title":["Critical Management Studies, cooperativas y emancipaci\u00f3n en M\u00e9xico y Europa"],"prefix":"10.16925","volume":"30","author":[{"given":"Maria Ivette","family":"Ayvar Acosta","sequence":"first","affiliation":[],"role":[{"role":"author","vocabulary":"crossref"}]}],"member":"6711","published-online":{"date-parts":[[2022,5,6]]},"container-title":["Cooperativismo &amp; Desarrollo"],"link":[{"URL":"https:\/\/revistas.ucc.edu.co\/index.php\/co\/article\/download\/4182\/3339","content-type":"application\/pdf","content-version":"vor","intended-application":"text-mining"},{"URL":"https:\/\/revistas.ucc.edu.co\/index.php\/co\/article\/download\/4182\/3339","content-type":"unspecified","content-version":"vor","intended-application":"similarity-checking"}],"deposited":{"date-parts":[[2022,8,8]],"date-time":"2022-08-08T21:33:16Z","timestamp":1659994396000},"score":0.0,"resource":{"primary":{"URL":"https:\/\/revistas.ucc.edu.co\/index.php\/co\/article\/view\/4182"}},"issued":{"date-parts":[[2022,5,6]]},"references-count":0,"journal-issue":{"issue":"123","published-online":{"date-parts":[[2022,8,8]]}},"URL":"https:\/\/doi.org\/10.16925\/2382-4220.2022.02.04","ISSN":["2382-4220","0120-7180"],"issn-type":[{"value":"2382-4220","type":"electronic"},{"value":"0120-7180","type":"print"}],"published":{"date-parts":[[2022,5,6]]}},{"indexed":{"date-parts":[[2022,7,11]],"date-time":"2022-07-11T22:12:13Z","timestamp":1657577533908},"reference-count":0,"publisher":"Universidad Cooperativa de Colombia- UCC","issue":"1","license":[{"start":{"date-parts":[[2021,8,3]],"date-time":"2021-08-03T00:00:00Z","timestamp":1627948800000},"content-version":"unspecified","delay-in-days":0,"URL":"http:\/\/creativecommons.org\/licenses\/by-nc-nd\/4.0"}],"content-domain":{"domain":[],"crossmark-restriction":false},"short-container-title":["Rastros rostros"],"abstract":"<jats:p>Introducci\u00f3n: El presente art\u00edculo enmarca el papel de las artes pl\u00e1sticas en el fortalecimiento de la motricidad fina de los ni\u00f1os, inicia dando a conocer la importancia de las artes en la educaci\u00f3n y las competencias que \u00e9stas desarrollan. Luego, se describe la motricidad fina analizada a la luz de diferentes pedagogos y las t\u00e9cnicas art\u00edsticas a trabajar que contribuyen al perfeccionamiento de los procesos motrices finos en los estudiantes, de acuerdo a sus etapas, edad y caracter\u00edsticas evolutivas. Metodolog\u00eda: Se muestra tambi\u00e9n la metodolog\u00eda empleada refiriendo una investigaci\u00f3n de car\u00e1cter cuantitativo, utilizando como t\u00e9cnica de investigaci\u00f3n: la observaci\u00f3n directa y como instrumentos de recolecci\u00f3n de informaci\u00f3n: una prueba diagn\u00f3stica aplicada a treinta estudiantes de grado segundo y un cuestionario aplicado a ocho docentes; dicha informaci\u00f3n fue analizada posteriormente a la luz de unas categor\u00edas y subcategor\u00edas de an\u00e1lisis. Resultados: Una vez analizados los datos recolectados se evidenci\u00f3 que los estudiantes presentan dificultades motrices finas, por lo que, requieren de actividades que desarrollen, estimulen y perfeccionen sus habilidades motrices, fue as\u00ed como, se propusieron y ejecutaron t\u00e9cnicas de artes pl\u00e1sticas que contribuyeran a este proceso. Conclusiones: Finalmente, si se da una buena estimulaci\u00f3n y desarrollo de la motricidad fina a trav\u00e9s del arte, desde las primeras edades del ni\u00f1o de manera secuencial, progresiva y coordinada, obtendremos prevenci\u00f3n de posibles dificultades y disminuci\u00f3n de problemas de aprendizaje en las aulas de clase.<\/jats:p>","DOI":"10.16925\/2382-4921.2019.01.06","type":"journal-article","created":{"date-parts":[[2022,7,11]],"date-time":"2022-07-11T21:31:59Z","timestamp":1657575119000},"page":"1-30","source":"Crossref","is-referenced-by-count":0,"title":["Las artes pl\u00e1sticas para el desarrollo de la motricidad fina en ni\u00f1os de grado segundo del Colegio Rep\u00fablica Dominicana"],"prefix":"10.16925","volume":"21","author":[{"given":"Sonia","family":"Gonz\u00e1lez","sequence":"first","affiliation":[],"role":[{"role":"author","vocabulary":"crossref"}]},{"given":"Johana Marcela","family":"Almeyda Cortes","sequence":"additional","affiliation":[],"role":[{"role":"author","vocabulary":"crossref"}]}],"member":"6711","published-online":{"date-parts":[[2021,8,3]]},"container-title":["Rastros Rostros"],"link":[{"URL":"https:\/\/revistas.ucc.edu.co\/index.php\/ra\/article\/download\/4037\/3320","content-type":"application\/pdf","content-version":"vor","intended-application":"text-mining"},{"URL":"https:\/\/revistas.ucc.edu.co\/index.php\/ra\/article\/download\/4037\/3320","content-type":"unspecified","content-version":"vor","intended-application":"similarity-checking"}],"deposited":{"date-parts":[[2022,7,11]],"date-time":"2022-07-11T21:31:59Z","timestamp":1657575119000},"score":0.0,"resource":{"primary":{"URL":"https:\/\/revistas.ucc.edu.co\/index.php\/ra\/article\/view\/4037"}},"issued":{"date-parts":[[2021,8,3]]},"references-count":0,"journal-issue":{"issue":"1","published-online":{"date-parts":[[2021,11,16]]}},"URL":"https:\/\/doi.org\/10.16925\/2382-4921.2019.01.06","ISSN":["2382-4921","0124-406X"],"issn-type":[{"value":"2382-4921","type":"electronic"},{"value":"0124-406X","type":"print"}],"published":{"date-parts":[[2021,8,3]]}},{"indexed":{"date-parts":[[2023,4,2]],"date-time":"2023-04-02T04:53:41Z","timestamp":1680411221420},"reference-count":0,"publisher":"Universidad Cooperativa de Colombia- UCC","issue":"1","license":[{"start":{"date-parts":[[2023,1,16]],"date-time":"2023-01-16T00:00:00Z","timestamp":1673827200000},"content-version":"unspecified","delay-in-days":0,"URL":"https:\/\/creativecommons.org\/licenses\/by\/4.0"}],"content-domain":{"domain":[],"crossmark-restriction":false},"short-container-title":["Rastros rostros"],"abstract":"<jats:p>Introducci\u00f3n: El presente art\u00edculo comparte las posibilidades de la autobiograf\u00eda para explorar por medio de las artes la realidad migrante, el g\u00e9nero, la raza o el sentido de pertenencia y compartir esa b\u00fasqueda en las aulas. Metodolog\u00eda: Partiendo de la historia de vida de la autora \u2014una mujer negra, bubi (pueblo aut\u00f3ctono de la isla de Bioko, Guinea Ecuatorial) y gallega (Galicia, Espa\u00f1a) que habita un territorio mayoritariamente blanco\u2014, se crea una metodolog\u00eda de Investigaci\u00f3n Basada en las Artes protagonizada por recuerdos visuales extra\u00eddos del archivo fotogr\u00e1fico dom\u00e9stico y microrrelatos conectados con experiencias racistas. Resultados: Conectando la intimidad de esa autopercepci\u00f3n con un discurso afro, com\u00fan y colectivo, se extrapolan las vivencias complet\u00e1ndolas con referentes art\u00edsticos y bibliogr\u00e1ficos, obteni\u00e9ndose as\u00ed estrategias art\u00edsticas educativas para acercar al alumnado un discurso decolonial, antirracista y afrofeminista con el que trabajar el autoconocimiento, el respeto y la no discriminaci\u00f3n en el grupo. Conclusiones: El viaje de la autora como hija de mujer migrante cuenta su realidad diasp\u00f3rica por medio de la foto, el v\u00eddeo, el collage y la narrativa identitaria y llega a las aulas de distintos centros educativos de Espa\u00f1a, Canad\u00e1, India y Guinea Ecuatorial. De todos ellos, este art\u00edculo se centra en la puesta en pr\u00e1ctica en sus dos or\u00edgenes: Oleiros (A Coru\u00f1a, Galicia, Espa\u00f1a) y Ela Nguema (Malabo, Guinea Ecuatorial).<\/jats:p>","DOI":"10.16925\/2382-4921.2023.01.05","type":"journal-article","created":{"date-parts":[[2023,4,1]],"date-time":"2023-04-01T03:44:17Z","timestamp":1680320657000},"page":"1-18","source":"Crossref","is-referenced-by-count":0,"title":["narrativa visual de una arteducadora bubi y gallega viaja a las aulas de sus dos or\u00edgenes"],"prefix":"10.16925","volume":"25","author":[{"given":"Tiffany","family":"L\u00f3pez-Ganet","sequence":"first","affiliation":[],"role":[{"role":"author","vocabulary":"crossref"}]}],"member":"6711","published-online":{"date-parts":[[2023,1,16]]},"container-title":["Rastros Rostros"],"link":[{"URL":"https:\/\/revistas.ucc.edu.co\/index.php\/ra\/article\/download\/4308\/3427","content-type":"application\/pdf","content-version":"vor","intended-application":"text-mining"},{"URL":"https:\/\/revistas.ucc.edu.co\/index.php\/ra\/article\/download\/4308\/3427","content-type":"unspecified","content-version":"vor","intended-application":"similarity-checking"}],"deposited":{"date-parts":[[2023,4,1]],"date-time":"2023-04-01T03:44:17Z","timestamp":1680320657000},"score":0.0,"resource":{"primary":{"URL":"https:\/\/revistas.ucc.edu.co\/index.php\/ra\/article\/view\/4308"}},"issued":{"date-parts":[[2023,1,16]]},"references-count":0,"journal-issue":{"issue":"1","published-online":{"date-parts":[[2023,3,31]]}},"URL":"https:\/\/doi.org\/10.16925\/2382-4921.2023.01.05","ISSN":["2382-4921","0124-406X"],"issn-type":[{"value":"2382-4921","type":"electronic"},{"value":"0124-406X","type":"print"}],"published":{"date-parts":[[2023,1,16]]}},{"indexed":{"date-parts":[[2022,4,4]],"date-time":"2022-04-04T07:03:11Z","timestamp":1649055791984},"reference-count":0,"publisher":"Universidad Cooperativa de Colombia- UCC","issue":"17","content-domain":{"domain":[],"crossmark-restriction":false},"short-container-title":["Pensando Psicol."],"abstract":"<jats:p>Alemania es un referente mundial en muchos \u00e1mbitos del conocimiento humano, especialmente el cient\u00edfico y human\u00edstico. En este ensayo se tratar\u00e1 de explicar c\u00f3mo finalizando el siglo XIX y hasta la d\u00e9cada de los sesenta del siglo XX, Alemania influy\u00f3 en Colombia en tres campos human\u00edsticos: la Filosof\u00eda, la Psicolog\u00eda y la Pedagog\u00eda, tres disciplinas estrechamente relacionadas que se sirvieron de los conocimientos y avances alemanes representados en figuras eminentes como Nietzsche, Heidegger, Wundt y Franziska Radke. Se relacionar\u00e1 la influencia de cada uno a la disciplina espec\u00edfica. \u00a0Al finalizar el ensayo, se retomar\u00e1 el aporte de Nietzsche y Heidegger, constituy\u00e9ndose as\u00ed en el argumento central de este escrito, explicando la vigencia de ambos planteamientos en la realidad actual colombiana, afirmando la \u201cencarnaci\u00f3n\u201d del olvido del ser planteado por Heidegger y la reivindicaci\u00f3n de lo humano planteada por Nietzsche. Por otro lado, se invita a la Psicolog\u00eda, desde el pensamiento de ambos fil\u00f3sofos, a plantear desde su quehacer investigativo o de intervenci\u00f3n, alternativas que propendan por ese \u201cvolver al ser\u201d interpretado en este texto como \u201cvolver a lo humano\u201d. En este sentido, el papel del psic\u00f3logo se reivindica en un contexto deshumanizante como el que ha generado el conflicto colombiano.<\/jats:p>","DOI":"10.16925\/pe.v10i17.893","type":"journal-article","created":{"date-parts":[[2020,8,29]],"date-time":"2020-08-29T06:57:19Z","timestamp":1598684239000},"page":"149-154","source":"Crossref","is-referenced-by-count":0,"title":["De algunas influencias alemanas en Colombia y su exhortaci\u00f3n actual al psic\u00f3logo"],"prefix":"10.16925","volume":"10","author":[{"given":"John Alejandro","family":"Ram\u00edrez Tob\u00f3n","sequence":"first","affiliation":[],"role":[{"role":"author","vocabulary":"crossref"}]}],"member":"6711","published-online":{"date-parts":[[2014,12,15]]},"container-title":["Pensando Psicolog\u00eda"],"link":[{"URL":"https:\/\/revistas.ucc.edu.co\/index.php\/pe\/article\/download\/893\/806","content-type":"application\/pdf","content-version":"vor","intended-application":"text-mining"},{"URL":"https:\/\/revistas.ucc.edu.co\/index.php\/pe\/article\/download\/893\/806","content-type":"unspecified","content-version":"vor","intended-application":"similarity-checking"}],"deposited":{"date-parts":[[2020,8,29]],"date-time":"2020-08-29T06:57:20Z","timestamp":1598684240000},"score":0.0,"resource":{"primary":{"URL":"https:\/\/revistas.ucc.edu.co\/index.php\/pe\/article\/view\/893"}},"issued":{"date-parts":[[2014,12,15]]},"references-count":0,"journal-issue":{"issue":"17","published-online":{"date-parts":[[2014,12,15]]}},"URL":"https:\/\/doi.org\/10.16925\/pe.v10i17.893","ISSN":["2382-3984","1900-3099"],"issn-type":[{"value":"2382-3984","type":"electronic"},{"value":"1900-3099","type":"print"}],"published":{"date-parts":[[2014,12,15]]}},{"indexed":{"date-parts":[[2022,4,4]],"date-time":"2022-04-04T21:51:48Z","timestamp":1649109108575},"reference-count":0,"publisher":"Universidad Cooperativa de Colombia- UCC","issue":"101","content-domain":{"domain":[],"crossmark-restriction":false},"short-container-title":["Rev. Cooperativismo y Desarrollo"],"DOI":"10.16925\/co.v20i101.19","type":"journal-article","created":{"date-parts":[[2015,2,26]],"date-time":"2015-02-26T21:37:18Z","timestamp":1424986638000},"source":"Crossref","is-referenced-by-count":0,"title":["Cuatro funciones b\u00e1sicas de las cooperativas. Su actualidad"],"prefix":"10.16925","volume":"20","author":[{"given":"Jos\u00e9 Odelso","family":"Schneider","sequence":"first","affiliation":[],"role":[{"role":"author","vocabulary":"crossref"}]}],"member":"6711","published-online":{"date-parts":[[2013,10,15]]},"container-title":["Cooperativismo &amp; Desarrollo"],"deposited":{"date-parts":[[2015,2,26]],"date-time":"2015-02-26T21:37:39Z","timestamp":1424986659000},"score":0.0,"resource":{"primary":{"URL":"http:\/\/revistas.ucc.edu.co\/index.php\/co\/article\/view\/19"}},"issued":{"date-parts":[[2013,10,15]]},"references-count":0,"journal-issue":{"issue":"101","published-online":{"date-parts":[[2013,10,15]]}},"URL":"https:\/\/doi.org\/10.16925\/co.v20i101.19","ISSN":["0120-7180"],"issn-type":[{"value":"0120-7180","type":"print"}],"published":{"date-parts":[[2013,10,15]]}},{"indexed":{"date-parts":[[2022,4,2]],"date-time":"2022-04-02T12:06:51Z","timestamp":1648901211892},"reference-count":0,"publisher":"Universidad Cooperativa de Colombia- UCC","issue":"2","license":[{"start":{"date-parts":[[2020,12,31]],"date-time":"2020-12-31T00:00:00Z","timestamp":1609372800000},"content-version":"unspecified","delay-in-days":0,"URL":"http:\/\/creativecommons.org\/licenses\/by-nc-nd\/4.0"}],"content-domain":{"domain":[],"crossmark-restriction":false},"short-container-title":["Rev. nac. odontol."],"abstract":"<jats:p>Resumen&#x0D;\nIntroducci\u00f3n: la saliva protege la integridad de los tejidos orales, pero tambi\u00e9n ofrece evidencias de enfermedades locales y sist\u00e9micas. La bibliometr\u00eda en estudios relacionados con la odontolog\u00eda es poco com\u00fan en la literatura. Desde esta perspectiva, el objetivo de este estudio fue realizar el mapeo del panorama cient\u00edfico relacionado con la investigaci\u00f3n de biomarcadores salivales en todo el mundo entre los a\u00f1os 2004 y 2018.&#x0D;\nM\u00e9todos: este estudio adopt\u00f3 un m\u00e9todo bibliom\u00e9trico. Se realiz\u00f3 una investigaci\u00f3n documental, observacional, descriptiva, retrospectiva, con descripci\u00f3n cuantitativa de los datos. Dentistry &amp; Oral Sciences Source ha sido seleccionada como base de datos bibliom\u00e9trica en l\u00ednea para buscar y recuperar documentos. Todos los datos presentados en este estudio se analizaron utilizando los siguientes programas de software: VOSviewer, Publish or Perish, Mendeley Desktop y SPSS versi\u00f3n 19 para Windows. Se utilizaron, m\u00e9todos estad\u00edsticos descriptivos e inferenciales.&#x0D;\nResultados: se registraron 218 documentos. Las medias y desviaci\u00f3n est\u00e1ndar de las publicaciones entre 2004-2011 (4,67 \u00b1 1,52) y 2012-2018 (24,67 \u00b1 2,47) mostraron diferencias significativas (p=0.001). La enfermedad periodontal (37%) y el c\u00e1ncer oral (20%) fueron los temas de diagn\u00f3stico m\u00e1s estudiados. Wong DT (Universidad de California en Los \u00c1ngeles, EE. UU.) fue el autor con m\u00e1s art\u00edculos (5,96%).&#x0D;\nConclusi\u00f3n: durante el per\u00edodo de estudio, se increment\u00f3 la investigaci\u00f3n internacional sobre biomarcadores salivales, lo que indica la importancia de los componentes salivales para los enfoques novedosos de pron\u00f3stico, diagn\u00f3stico y monitoreo de pacientes con enfermedades orales y sist\u00e9micas.&#x0D;\n\u00a0&#x0D;\n\u00a0<\/jats:p>","DOI":"10.16925\/2357-4607.2020.02.08","type":"journal-article","created":{"date-parts":[[2021,10,22]],"date-time":"2021-10-22T18:21:59Z","timestamp":1634926919000},"page":"1-16","source":"Crossref","is-referenced-by-count":0,"title":["An\u00e1lisis bibliom\u00e9trico de la producci\u00f3n cient\u00edfica internacional sobre biomarcadores salivales durante el per\u00edodo 2004-2018"],"prefix":"10.16925","volume":"16","author":[{"given":"Rolando Pablo","family":"Ju\u00e1rez","sequence":"first","affiliation":[],"role":[{"role":"author","vocabulary":"crossref"}]}],"member":"6711","published-online":{"date-parts":[[2020,12,31]]},"container-title":["Revista Nacional de Odontolog\u00eda"],"link":[{"URL":"https:\/\/revistas.ucc.edu.co\/index.php\/od\/article\/download\/3839\/3157","content-type":"application\/pdf","content-version":"vor","intended-application":"text-mining"},{"URL":"https:\/\/revistas.ucc.edu.co\/index.php\/od\/article\/download\/3839\/3157","content-type":"unspecified","content-version":"vor","intended-application":"similarity-checking"}],"deposited":{"date-parts":[[2021,10,22]],"date-time":"2021-10-22T18:22:00Z","timestamp":1634926920000},"score":0.0,"resource":{"primary":{"URL":"https:\/\/revistas.ucc.edu.co\/index.php\/od\/article\/view\/3839"}},"subtitle":["An\u00e1lisis bibliom\u00e9trico sobre biomarcadores salivales"],"issued":{"date-parts":[[2020,12,31]]},"references-count":0,"journal-issue":{"issue":"2","published-online":{"date-parts":[[2020,7,1]]}},"URL":"https:\/\/doi.org\/10.16925\/2357-4607.2020.02.08","ISSN":["2357-4607","1900-3080"],"issn-type":[{"value":"2357-4607","type":"electronic"},{"value":"1900-3080","type":"print"}],"published":{"date-parts":[[2020,12,31]]}},{"indexed":{"date-parts":[[2025,6,19]],"date-time":"2025-06-19T04:13:32Z","timestamp":1750306412931},"reference-count":0,"publisher":"Universidad Cooperativa de Colombia- UCC","issue":"1","license":[{"start":{"date-parts":[[2021,1,12]],"date-time":"2021-01-12T00:00:00Z","timestamp":1610409600000},"content-version":"unspecified","delay-in-days":0,"URL":"https:\/\/creativecommons.org\/licenses\/by\/4.0\/deed.es"}],"content-domain":{"domain":[],"crossmark-restriction":false},"short-container-title":["Dixi"],"abstract":"<jats:p>Prop\u00f3sito: el texto es una propuesta para fortalecer las capacidades ciudadanas en materia de seguridad en el contexto mexicano.&#x0D;\nDescripci\u00f3n: el incremento de los \u00edndices de violencia y delincuencia exige una ciudadan\u00eda m\u00e1s participativa y con mayores herramientas para colaborar con las autoridades. Por ello, busca empoderar al ciudadano para que ayude a las autoridades, a trav\u00e9s de la valoraci\u00f3n de elementos t\u00e9cnicos y de derechos humanos, a fin de vigilar la seguridad y las acciones gubernamentales en la materia.&#x0D;\nPunto de vista: la propuesta busca empoderar y legitimar a la ciudadan\u00eda como observadores e interlocutores v\u00e1lidos.&#x0D;\nConclusiones: con esta posibilidad, creemos, los niveles de seguridad mejorar\u00e1n sensiblemente.<\/jats:p>","DOI":"10.16925\/2357-5891.2021.01.05","type":"journal-article","created":{"date-parts":[[2021,10,12]],"date-time":"2021-10-12T13:29:46Z","timestamp":1634045386000},"page":"1-32","source":"Crossref","is-referenced-by-count":1,"title":["Seguridad y ciudadan\u00eda en M\u00e9xico"],"prefix":"10.16925","volume":"23","author":[{"given":"Eduardo Arist\u00f3teles","family":"Ram\u00edrez Mart\u00ednez","sequence":"first","affiliation":[],"role":[{"role":"author","vocabulary":"crossref"}]}],"member":"6711","published-online":{"date-parts":[[2021,1,12]]},"container-title":["DIXI"],"link":[{"URL":"https:\/\/revistas.ucc.edu.co\/index.php\/di\/article\/download\/4158\/3180","content-type":"application\/pdf","content-version":"vor","intended-application":"text-mining"},{"URL":"https:\/\/revistas.ucc.edu.co\/index.php\/di\/article\/download\/4158\/3180","content-type":"unspecified","content-version":"vor","intended-application":"similarity-checking"}],"deposited":{"date-parts":[[2021,10,12]],"date-time":"2021-10-12T13:29:46Z","timestamp":1634045386000},"score":0.0,"resource":{"primary":{"URL":"https:\/\/revistas.ucc.edu.co\/index.php\/di\/article\/view\/4158"}},"subtitle":["Propuesta para un ejercicio ciudadano efectivo"],"issued":{"date-parts":[[2021,1,12]]},"references-count":0,"journal-issue":{"issue":"1","published-online":{"date-parts":[[2021,9,3]]}},"URL":"https:\/\/doi.org\/10.16925\/2357-5891.2021.01.05","ISSN":["2357-5891","0124-7255"],"issn-type":[{"value":"2357-5891","type":"electronic"},{"value":"0124-7255","type":"print"}],"published":{"date-parts":[[2021,1,12]]}},{"indexed":{"date-parts":[[2022,3,30]],"date-time":"2022-03-30T04:17:57Z","timestamp":1648613877361},"reference-count":12,"publisher":"Universidad Cooperativa de Colombia- UCC","issue":"21","license":[{"start":{"date-parts":[[2017,1,1]],"date-time":"2017-01-01T00:00:00Z","timestamp":1483228800000},"content-version":"unspecified","delay-in-days":0,"URL":"http:\/\/creativecommons.org\/licenses\/by-nc-nd\/4.0\/"}],"content-domain":{"domain":[],"crossmark-restriction":false},"short-container-title":["ing. Solidar"],"abstract":"<jats:p>Introduction: The proxy servers offer many advantages in business and academia. One of their main uses is to protect both the network and its users, offering a secure and fast connection to multiple users who require a service such as Internet. However, manual proxy settings require time and expertise by the end user, which leads to the network being less user friendly. The article was written in 2016 in the faculty of Engineering of the Universidad Distrital Francisco Jos\u00e9 de Caldas, Bogot\u00e1, Colombia.&#x0D;\nMethology: The paper has been elaborated at Colombia using a Cascade Model. Results: The article presents an introduction to proxy auto configuration and proxy servers, as well as a detailed explanation of the configuration methods.&#x0D;\nConclusions: The study demonstrates methods and times that can lead to the reduction in standard connection time through manual configuration vs. automatic proxy configuration. This was implemented as a real case study in a company.<\/jats:p>","DOI":"10.16925\/in.v13i21.1723","type":"journal-article","created":{"date-parts":[[2017,9,26]],"date-time":"2017-09-26T17:32:42Z","timestamp":1506447162000},"page":"9-18","source":"Crossref","is-referenced-by-count":1,"title":["Method of auto-configuration for corporate proxies"],"prefix":"10.16925","volume":"13","author":[{"given":"Andr\u00e9s Abelardo","family":"Villarroel Acosta","sequence":"first","affiliation":[],"role":[{"role":"author","vocabulary":"crossref"}]},{"given":"Carlos Enrique","family":"Montenegro Mar\u00edn","sequence":"additional","affiliation":[],"role":[{"role":"author","vocabulary":"crossref"}]},{"given":"Paulo Alonso","family":"Gaona Garc\u00eda","sequence":"additional","affiliation":[],"role":[{"role":"author","vocabulary":"crossref"}]},{"given":"Yuri Vanessa","family":"Nieto Acevedo","sequence":"additional","affiliation":[],"role":[{"role":"author","vocabulary":"crossref"}]}],"member":"6711","published-online":{"date-parts":[[2017,1,1]]},"reference":[{"key":"61995","unstructured":"[1] C. Jackson, \u201cMethod and apparatus for creating proxy auto-configuration file.\u201d Google Patents, January 8th , 2004."},{"key":"61996","doi-asserted-by":"crossref","unstructured":"[2] M.Sysel, & O. Dole\u017e, \u201cAn Educational HTTP Proxy Server\u201d, Procedia Engineering, vol. 69, pp. 128-132, 2014. doi:10.1016\/j.proeng.2014.02.212","DOI":"10.1016\/j.proeng.2014.02.212"},{"key":"61997","unstructured":"[3] L. L. C. Books & G. B. LLC, Proxy Servers: Proxy Server, Wingate, Tor, Proxomitron, Proxy Auto-Config, Java Anon Proxy, Sun Java System Web Proxy Server, Web Cache. Memphis, Tennessee: General Books LLC, 2010."},{"key":"61998","doi-asserted-by":"crossref","unstructured":"[4] S. Shiwani, S. Kumar, V. Chandra & S. Bansal, \u201cPerformance Measurements: Proxy Server For Various Operating Systems\u201d, en 2014 International Conference on Contemporary Computing and Informatics (IC3I), Mysore, India, Nov. 27-29, 2014, pp. 98-102.","DOI":"10.1109\/IC3I.2014.7019652"},{"key":"61999","unstructured":"[5] Internet Protocol, Defense Advanced Research Projects Agency, Darpa Standard 791, 1981. Available: https:\/\/tools.ietf.org\/html\/rfc791"},{"key":"62000","unstructured":"[6] Transmission Control Protocol, Defense Advanced Research Projects Agency, Darpa Standard 793, 1981. Available: https:\/\/www.ietf.org\/rfc\/rfc793.txt"},{"key":"62001","unstructured":"[7] P. Hayes. (2007). Guiding principle behind Find ProxyForURL, Find and proxy for URL iniciative [Online]. Available: http:\/\/findproxyforurl.com\/"},{"key":"62002","unstructured":"[8] A. Tucker, Computer science hand book, 2 nd ed. Boca Rat\u00f3n, Florida: crc Press, 2004, p. 2752."},{"key":"62003","unstructured":"[9] Colciencias. (2004, March, 19). Resoluci\u00f3n 00285. Por la cual se establecen los criterios para la asignaci\u00f3n de puntajes por productividad acad\u00e9mica en producci\u00f3n de software, para los docentes de entidades p\u00fablicas o estatales. Available: https:\/\/www.uniatlantico.edu.co\/uatlantico\/sites\/default\/files\/docencia\/pdf\/Resolucion%20285%20Reglamentacion%20Software.pdf"},{"key":"62004","unstructured":"[10] I. Sommerville, Software Engineering. 9 th ed. United States: Pearson Education, 2011, p. 773."},{"key":"62005","unstructured":"[11] M. P. Groover, Work Systems and the Methods, Measurement, and Management of Work. United States: Pearson Prentice Hall, 2007, p. 792."},{"key":"62006","unstructured":"[12] A. Freivalds & B. Niebel. (2013). Niebel\u2019s Methods, Standards, & Work Design. 13th ed.United States: Mc Graw Hill, p. 752."}],"container-title":["Ingenier\u00eda Solidaria"],"link":[{"URL":"https:\/\/revistas.ucc.edu.co\/index.php\/in\/article\/download\/1723\/1841","content-type":"application\/pdf","content-version":"vor","intended-application":"text-mining"},{"URL":"https:\/\/revistas.ucc.edu.co\/index.php\/in\/article\/download\/1723\/2484","content-type":"unspecified","content-version":"vor","intended-application":"text-mining"},{"URL":"https:\/\/revistas.ucc.edu.co\/index.php\/in\/article\/download\/1723\/1841","content-type":"unspecified","content-version":"vor","intended-application":"similarity-checking"}],"deposited":{"date-parts":[[2020,1,1]],"date-time":"2020-01-01T04:09:05Z","timestamp":1577851745000},"score":0.0,"resource":{"primary":{"URL":"https:\/\/revistas.ucc.edu.co\/index.php\/in\/article\/view\/1723"}},"issued":{"date-parts":[[2017,1,1]]},"references-count":12,"journal-issue":{"issue":"21","published-online":{"date-parts":[[2017,1,1]]}},"URL":"https:\/\/doi.org\/10.16925\/in.v13i21.1723","ISSN":["2357-6014","1900-3102"],"issn-type":[{"value":"2357-6014","type":"electronic"},{"value":"1900-3102","type":"print"}],"published":{"date-parts":[[2017,1,1]]}},{"indexed":{"date-parts":[[2022,4,2]],"date-time":"2022-04-02T05:35:48Z","timestamp":1648877748812},"reference-count":0,"publisher":"Universidad Cooperativa de Colombia- UCC","issue":"29","content-domain":{"domain":[],"crossmark-restriction":false},"short-container-title":["Rev. nac. odontol."],"abstract":"<jats:p>Introducci\u00f3n: la correlaci\u00f3n entre caries de la infancia temprana y el consumo de az\u00facar en alimentos y bebidas no ha sido reportada en Colombia.&#x0D;\nObjetivo: investigar la prevalencia de las caries en la infancia temprana y el consumo de az\u00facar en alimentos dentro de un jard\u00edn de educaci\u00f3n preescolar.&#x0D;\nDise\u00f1o: se realiz\u00f3 un estudio descriptivo con 124 ni\u00f1os con edades entre 3 y 4 a\u00f1os que asisten a tres entidades p\u00fablicas de cuidado infantil entre semana. Se registraron sus h\u00e1bitos alimenticios durante tres meses y se proyectaron hacia un a\u00f1o. Los ni\u00f1os fueron alimentados de acuerdo con un men\u00fa institucional que incluye el desayuno, el almuerzo y dos meriendas entre comidas y que se prepara siguiendo los lineamientos gubernamentales que miden las calor\u00edas y clasifican los alimentos por grupos. Luego de dejar la instituci\u00f3n, la alimentaci\u00f3n de los ni\u00f1os es responsabilidad de los padres y por esto, se les consult\u00f3, mediante un cuestionario, una entrevista y una visita domiciliaria, los h\u00e1bitos alimenticios de los ni\u00f1os durante los fines de semana. La caries de la infancia temprana se investig\u00f3 a trav\u00e9s del sistema internacional de evaluaci\u00f3n y detecci\u00f3n de las caries.&#x0D;\nResultados: por a\u00f1o, se estim\u00f3 que el consumo de az\u00facar de los ni\u00f1os es de 52.20 kg, lo que est\u00e1 por encima de la recomendaci\u00f3n de la OMS. Incluso, aunque hay un aumento en el consumo de az\u00facar durante los fines de semana, la cantidad de az\u00facar entre semana tambi\u00e9n es importante, lo que se asocia con un incremento en el \u00edndice dmft. As\u00edmismo, se asoci\u00f3 el tetero de la noche con la caries de la infancia temprana y se encontr\u00f3 que el cepillado para el control de la placa tambi\u00e9n es insuficiente.&#x0D;\nConclusi\u00f3n: el consumo excesivo de az\u00facar y el cepillado insuficiente son factores de riesgo importante para el desarrollo de caries de la infancia temprana en los ni\u00f1os colombianos. Colombia necesita promover e implementar pol\u00edticas nutricionales m\u00e1s estrictas para reducir el consumo de az\u00facar de los ni\u00f1os y para mejorar el control de la placa dental en instituciones de cuidado y en casa para reducir la prevalencia de la caries en este momento del ciclo vital.<\/jats:p>","DOI":"10.16925\/2357-4607.2019.02.11","type":"journal-article","created":{"date-parts":[[2020,8,29]],"date-time":"2020-08-29T07:58:52Z","timestamp":1598687932000},"page":"1-15","source":"Crossref","is-referenced-by-count":0,"title":["Consumo de az\u00facar y caries de la infancia temprana en Cali, Colombia"],"prefix":"10.16925","volume":"15","author":[{"given":"Lina Mar\u00eda","family":"Villegas Trujillo","sequence":"first","affiliation":[],"role":[{"role":"author","vocabulary":"crossref"}]},{"given":"Judy Elena","family":"Villavicencio Fl\u00f3rez","sequence":"additional","affiliation":[],"role":[{"role":"author","vocabulary":"crossref"}]},{"given":"Fanny","family":"Rios","sequence":"additional","affiliation":[],"role":[{"role":"author","vocabulary":"crossref"}]},{"given":"Adolfo","family":"Contreras Rengifo","sequence":"additional","affiliation":[],"role":[{"role":"author","vocabulary":"crossref"}]}],"member":"6711","published-online":{"date-parts":[[2019,12,15]]},"container-title":["Revista Nacional de Odontolog\u00eda"],"link":[{"URL":"https:\/\/revistas.ucc.edu.co\/index.php\/od\/article\/download\/3593\/3055","content-type":"application\/pdf","content-version":"vor","intended-application":"text-mining"},{"URL":"https:\/\/revistas.ucc.edu.co\/index.php\/od\/article\/download\/3593\/3055","content-type":"unspecified","content-version":"vor","intended-application":"similarity-checking"}],"deposited":{"date-parts":[[2020,8,29]],"date-time":"2020-08-29T07:58:52Z","timestamp":1598687932000},"score":0.0,"resource":{"primary":{"URL":"https:\/\/revistas.ucc.edu.co\/index.php\/od\/article\/view\/3593"}},"issued":{"date-parts":[[2019,12,15]]},"references-count":0,"journal-issue":{"issue":"29","published-online":{"date-parts":[[2019,7,1]]}},"URL":"https:\/\/doi.org\/10.16925\/2357-4607.2019.02.11","ISSN":["2357-4607","1900-3080"],"issn-type":[{"value":"2357-4607","type":"electronic"},{"value":"1900-3080","type":"print"}],"published":{"date-parts":[[2019,12,15]]}},{"indexed":{"date-parts":[[2023,3,1]],"date-time":"2023-03-01T15:26:27Z","timestamp":1677684387501},"reference-count":17,"publisher":"Universidad Cooperativa de Colombia- UCC","issue":"17","content-domain":{"domain":[],"crossmark-restriction":false},"short-container-title":["ing. Solidar"],"abstract":"<jats:p>El art\u00edculo corresponde a un proyecto de investigaci\u00f3n desarrollado en la Escuela de Administraci\u00f3n de la Universidad del Rosario, dirigido a fortalecer la utilizaci\u00f3n de los m\u00e9todos inferenciales de regresi\u00f3n lineal, no lineal y m\u00faltiple en la ejecuci\u00f3n de procesos de toma de decisi\u00f3n, a trav\u00e9s de la construcci\u00f3n de materiales did\u00e1cticos dirigidos a estudiantes, docentes e investigadores. Este art\u00edculo muestra las bondades del modelo de regresi\u00f3n polin\u00f3mica de tercer orden y su aplicaci\u00f3n en la administraci\u00f3n y la ciencia, mediante el desarrollo de un caso real aplicado a la salud, en el que se estima el porcentaje de mujeres que consumen m\u00e1s de 20 cigarrillos diarios seg\u00fan la edad. Dentro del proyecto de investigaci\u00f3n iniciado el segundo semestre del 2012, se ha realizado la publicaci\u00f3n de diferentes recursos did\u00e1cticos entre los que se encuentran documentos de investigaci\u00f3n como: \u201cUna aproximaci\u00f3n de la variable aleatoria a procesos de toma de decisi\u00f3n que implican condiciones de riesgo e incertidumbre\u201d, \u201cAplicaci\u00f3n de colas de Poisson en procesos de \u2018toma de decisiones\u2019 en la gesti\u00f3n de servicios m\u00e9dicos\u201d y gu\u00edas de inferencia estad\u00edstica de los m\u00e9todos de regresi\u00f3n lineal y no lineal.<\/jats:p>","DOI":"10.16925\/in.v9i17.828","type":"journal-article","created":{"date-parts":[[2015,1,29]],"date-time":"2015-01-29T13:23:26Z","timestamp":1422537806000},"page":"153-160","source":"Crossref","is-referenced-by-count":1,"title":["Estimaci\u00f3n y predicci\u00f3n con el modelo de regresi\u00f3n c\u00fabica aplicado a un problema de salud"],"prefix":"10.16925","volume":"10","author":[{"given":"Diego","family":"Cardona","sequence":"first","affiliation":[],"role":[{"role":"author","vocabulary":"crossref"}]},{"given":"Miller","family":"Rivera","sequence":"additional","affiliation":[],"role":[{"role":"author","vocabulary":"crossref"}]},{"given":"Javier","family":"Gonz\u00e1lez","sequence":"additional","affiliation":[],"role":[{"role":"author","vocabulary":"crossref"}]},{"given":"Edwin","family":"C\u00e1rdenas","sequence":"additional","affiliation":[],"role":[{"role":"author","vocabulary":"crossref"}]}],"member":"6711","published-online":{"date-parts":[[2014,12,1]]},"reference":[{"key":"18689","unstructured":"J. E. Freund y G. A. Simon, Estad\u00edstica elemental, 8a ed., M\u00e9xico: Prentice Hall, 1994."},{"key":"18690","unstructured":"J. L. Devore, Probabilidad y estad\u00edstica para ingenier\u00eda y ciencias, 6a ed., M\u00e9xico: Thomson Learning, 2005."},{"key":"18691","unstructured":"R. E. Walpole y R. H. Myers, Probabilidad y estad\u00edstica para ingenieros, 6a ed., M\u00e9xico: Prentice Hall, 1999."},{"key":"18692","unstructured":"H. Mendoza, J. Vargas, L. L\u00f3pez y G. Bautista, \"M\u00e9todos de regresi\u00f3n\", 2002. [En l\u00ednea]. Disponible en: http:\/\/www.virtual.unal.edu.co\/cursos\/ciencias\/2007315\/ [\u00daltimo acceso: 2 octubre 2013]."},{"key":"18693","unstructured":"F. De Mendiburu, \"Modelos no lineales\", 2006. [En l\u00ednea]. Disponible en: http:\/\/tarwi.lamolina.edu.pe\/~fmendiburu\/index-filer\/academic\/Foresteria%20I\/Teoria\/Teoria%20modelos%20no%20lineales.pdf [\u00daltimo acceso: 12 septiembre 2013]."},{"key":"18694","unstructured":"A. Sancho y G. Serrano, \"Econometr\u00eda de Econ\u00f3micas: apuntes para el tema 6\", 2006. [En l\u00ednea]. Disponible en: http:\/\/www.uv.es\/~sancho\/panel.pdf"},{"key":"18695","unstructured":"H. Mendoza y G. Bautista, \"Bioestad\u00edstica fundamental\", 2002. [En l\u00ednea]. Disponible en: http:\/\/www.virtual.unal.edu.co\/cursos\/ciencias\/2001091\/"},{"key":"18696","unstructured":"L. A. Mu\u00f1oz R., \"Comprobaci\u00f3n de los supuestos del modelo de regresi\u00f3n lineal\", 2006. [En l\u00ednea]. Disponible en: http:\/\/augusta.uao.edu.co\/moodle\/file.php\/284\/ 18_supuestos_de_la_regresion_lineal.pdf [\u00daltimo acceso: 26 noviembre 2013]."},{"key":"18697","unstructured":"Ministerio de Sanidad, Servicios Sociales e Igualdad, \"Encuesta Europea de Salud en Espa\u00f1a\", 2009. [En l\u00ednea]. Disponible en: https:\/\/www.msssi.gob.es\/estadEstudios\/estadisticas\/ EncuestaEuropea\/Principales_Resultados_Informe.pdf [\u00daltimo acceso: 20 octubre 2013]."},{"key":"18698","unstructured":"R. I. Levin y D. S. Rubin, Estad\u00edstica para administraci\u00f3n y econom\u00eda, M\u00e9xico: Pearson Educaci\u00f3n, 2004."},{"key":"18699","unstructured":"D. R. Anderson, D. J. Sweeney y T. A. Williams, Estad\u00edstica para administraci\u00f3n y econom\u00eda, 7a ed., vol. II, M\u00e9xico: Thomson, 2001."},{"key":"18700","unstructured":"A. Novales, Econometr\u00eda, 2\u00aa ed., Madrid: McGraw-Hill, 1993."},{"key":"18701","unstructured":"M. Evans y J. S. Rosenthal, Probabilidad y estad\u00edstica. La ciencia de la incertidumbre, Barcelona: Revert\u00e9 S.A., 2005."},{"key":"18702","unstructured":"L. Orellana, \"An\u00e1lisis de regresi\u00f3n\", 2008. [En l\u00ednea]. Disponible en: http:\/\/www.dm.uba.ar\/materias\/estadistica_Q\/2011\/1\/clase%20regresion%20simple.pdf [\u00daltimo acceso: 15 diciembre 2013]."},{"key":"18703","unstructured":"C. M. Lopera, \"An\u00e1lisis de Residuales\", 2002. [En l\u00ednea]. Disponible en: http:\/\/www.docentes.unal.edu.co\/cmlopera\/docs\/Estad2\/2_RLM\/2.(Complemento)An\u00e1lisis de Residuales y Otros en RLM.pdf [\u00daltimo acceso: 10 noviembre 2013]."},{"key":"18704","unstructured":"P. Pacheco, \"Verificaci\u00f3n de supuestos\", 2012. [En l\u00ednea]. Disponible en: http:\/\/www.virtual.unal.edu.co\/cursos\/ciencias\/dis_exp\/und_3\/pdf\/validaciondesupuestosunidad 3b[1].pdf [\u00daltimo acceso: 12 diciembre 2013]."},{"key":"18705","unstructured":"D. F. Cardona, J. L. Gonz\u00e1lez, M. Rivera y E. H. C\u00e1rdenas, M\u00f3dulo de regresi\u00f3n lineal, Bogot\u00e1: Universidad del Rosario, 2013."}],"container-title":["Ingenier\u00eda Solidaria"],"link":[{"URL":"https:\/\/revistas.ucc.edu.co\/index.php\/in\/article\/download\/828\/773","content-type":"application\/pdf","content-version":"vor","intended-application":"text-mining"},{"URL":"https:\/\/revistas.ucc.edu.co\/index.php\/in\/article\/download\/828\/773","content-type":"unspecified","content-version":"vor","intended-application":"similarity-checking"}],"deposited":{"date-parts":[[2020,2,12]],"date-time":"2020-02-12T04:17:16Z","timestamp":1581481036000},"score":0.0,"resource":{"primary":{"URL":"https:\/\/revistas.ucc.edu.co\/index.php\/in\/article\/view\/828"}},"issued":{"date-parts":[[2014,12,1]]},"references-count":17,"journal-issue":{"issue":"17","published-online":{"date-parts":[[2014,12,1]]}},"URL":"https:\/\/doi.org\/10.16925\/in.v9i17.828","ISSN":["2357-6014","1900-3102"],"issn-type":[{"value":"2357-6014","type":"electronic"},{"value":"1900-3102","type":"print"}],"published":{"date-parts":[[2014,12,1]]}},{"indexed":{"date-parts":[[2024,8,6]],"date-time":"2024-08-06T18:54:26Z","timestamp":1722970466686},"reference-count":0,"publisher":"Ediciones Universidad Cooperativa de Colombia","content-domain":{"domain":[],"crossmark-restriction":false},"abstract":"<jats:p>La discapacidad cognitiva o intelectual (DC\/DI) seg\u00fan la Asociaci\u00f3n Americana de Discapacidad Intelectual y Discapacidades del Desarrollo (AAIDD) es din\u00e1mica y funcional, es decir, que el desempe\u00f1o de un sujeto con esta discapacidad se puede reflejar en su entorno y no necesariamente desde sus rasgos cl\u00ednicos, considerando que este puede desarrollar habilidades que le permitan adaptarse al medio. Se entiende por esto que una persona con DC\/DI tiene la posibilidad de enfrentarse a diferentes campos de acci\u00f3n en su cotidianidad (laboral, educativa e interpersonal) y, en su interacci\u00f3n con estos, desarrollar nuevas habilidades y competencias que le ayuden a su propio crecimiento personal, lo cual se logra gracias a la inclusi\u00f3n que permite desde diferentes contextos brindarles oportunidades y prevenir la exclusi\u00f3n; es decir, la segregaci\u00f3n ante las caracter\u00edsticas de su trastorno. Por lo tanto, desde el desarrollo profesional docente, es importante reflexionar en cuanto a la formaci\u00f3n integral en los procesos de inclusi\u00f3n de personas con DC\/DI, con el fin de reconocer la diversidad intercultural del alumnado y, en aras de una cr\u00edtica constructiva, lograr una educaci\u00f3n de calidad basada en contextos inclusivos, donde se reconozca la diferencia y la diversidad como parte natural del ser humano.<\/jats:p>","DOI":"10.16925\/gclc.48","type":"report","created":{"date-parts":[[2024,6,17]],"date-time":"2024-06-17T16:51:55Z","timestamp":1718643115000},"source":"Crossref","is-referenced-by-count":0,"title":["Discapacidad cognitiva en la educaci\u00f3n superior: cr\u00edtica, contexto y reflexi\u00f3n"],"prefix":"10.16925","author":[{"name":"Universidad Cooperativa de Colombia","sequence":"first","affiliation":[],"role":[{"role":"author","vocabulary":"crossref"}]},{"given":"Jos\u00e9 Jairo","family":"Jaimes","sequence":"first","affiliation":[],"role":[{"role":"author","vocabulary":"crossref"}]},{"given":"Ronald","family":"Acacio Quintero","sequence":"additional","affiliation":[],"role":[{"role":"author","vocabulary":"crossref"}]}],"member":"6711","published-online":{"date-parts":[[2023,11]]},"deposited":{"date-parts":[[2024,6,17]],"date-time":"2024-06-17T16:51:56Z","timestamp":1718643116000},"score":0.0,"resource":{"primary":{"URL":"https:\/\/repository.ucc.edu.co\/entities\/publication\/a668a540-ddff-42c4-a405-3c4ced63959a"}},"issued":{"date-parts":[[2023,11]]},"references-count":0,"URL":"https:\/\/doi.org\/10.16925\/gclc.48","published":{"date-parts":[[2023,11]]}},{"indexed":{"date-parts":[[2022,4,5]],"date-time":"2022-04-05T11:28:16Z","timestamp":1649158096540},"reference-count":0,"publisher":"Universidad Cooperativa de Colombia- UCC","issue":"18","content-domain":{"domain":[],"crossmark-restriction":false},"short-container-title":["Spei Domus"],"abstract":"<jats:p>El primer \u00f3rgano blanco que lesiona el virus de la enfermedad infecciosa de la bolsa (IBDV) es la bolsa de Fabricio, que manifiesta una depleci\u00f3n severa de las c\u00e9lulas B. Fundamentados en la relaci\u00f3n existente entre la morfometr\u00eda de los \u00f3rganos linfoides y la inmunocompetencia de las aves, es de inter\u00e9s observar la acci\u00f3n que pueden ejercer los inmunomoduladores, vitaminas y amino\u00e1cidos en la respuesta inmune para la enfermedad de Gumboro (IBD). En los \u00f3rganos linfoides (timo, bazo y bolsa de Fabricio) se evaluaron hasta las primeras ocho semanas de edad los siguientes par\u00e1metros: peso del ave, peso de cada \u00f3rgano y serolog\u00edas para la entidad de Gumboro a cinco y nueve semanas. Se dividieron en dos grupos con el mismo manejo (alojamiento, alimentaci\u00f3n y ambiente), pero con tratamientos diferentes. El grupo A (prueba J8), con 55.062 aves, recibi\u00f3 inmunomodulador los tres primeros d\u00edas de vida y los dos d\u00edas posteriores a cada una de las aplicaciones de la vacuna de Gumboro. Las vitaminas y amino\u00e1cidos se administraron del cuarto al sexto d\u00eda de vida y dos d\u00edas posteriores al cambio de alimento (fase de preiniciaci\u00f3n e iniciaci\u00f3n). Al grupo B (control J7), con 55.484 aves, se administr\u00f3 protector hep\u00e1tico; para los dos grupos se tomaron muestras serol\u00f3gicas a cinco y nueve semanas de edad. En conclusi\u00f3n, el uso del inmunomodulador, vitaminas y amino\u00e1cidos durante el protocolo de recepci\u00f3n presenta beneficios que se pueden observar en el mejor consumo, peso, uniformidad y buen desarrollo del sistema inmune.<\/jats:p>","DOI":"10.16925\/sp.v9i18.544","type":"journal-article","created":{"date-parts":[[2016,5,16]],"date-time":"2016-05-16T22:17:47Z","timestamp":1463437067000},"source":"Crossref","is-referenced-by-count":0,"title":["Caracter\u00edsticas morfom\u00e9tricas de \u00f3rganos linfoides y estudios serol\u00f3gicos  en levante de ponedoras utilizando un  inmunomodulador, vitaminas y amino\u00e1cidos"],"prefix":"10.16925","volume":"9","author":[{"given":"Luz","family":"Cort\u00e9s Machado","sequence":"first","affiliation":[],"role":[{"role":"author","vocabulary":"crossref"}]},{"given":"Sonia","family":"Villamar\u00edn Jurado","sequence":"additional","affiliation":[],"role":[{"role":"author","vocabulary":"crossref"}]}],"member":"6711","published-online":{"date-parts":[[2013,6,1]]},"container-title":["Spei Domus"],"link":[{"URL":"https:\/\/revistas.ucc.edu.co\/index.php\/sp\/article\/download\/544\/517","content-type":"application\/pdf","content-version":"vor","intended-application":"text-mining"},{"URL":"https:\/\/revistas.ucc.edu.co\/index.php\/sp\/article\/download\/544\/517","content-type":"unspecified","content-version":"vor","intended-application":"similarity-checking"}],"deposited":{"date-parts":[[2020,8,29]],"date-time":"2020-08-29T09:21:58Z","timestamp":1598692918000},"score":0.0,"resource":{"primary":{"URL":"https:\/\/revistas.ucc.edu.co\/index.php\/sp\/article\/view\/544"}},"issued":{"date-parts":[[2013,6,1]]},"references-count":0,"journal-issue":{"issue":"18","published-online":{"date-parts":[[2013,6,1]]}},"URL":"https:\/\/doi.org\/10.16925\/sp.v9i18.544","ISSN":["2382-4247","1794-7928"],"issn-type":[{"value":"2382-4247","type":"electronic"},{"value":"1794-7928","type":"print"}],"published":{"date-parts":[[2013,6,1]]}},{"indexed":{"date-parts":[[2025,2,21]],"date-time":"2025-02-21T21:57:22Z","timestamp":1740175042716,"version":"3.37.3"},"reference-count":36,"publisher":"Universidad Cooperativa de Colombia - UCC","issue":"3","license":[{"start":{"date-parts":[[2022,9,12]],"date-time":"2022-09-12T00:00:00Z","timestamp":1662940800000},"content-version":"unspecified","delay-in-days":0,"URL":"http:\/\/creativecommons.org\/licenses\/by-nc-nd\/4.0\/"}],"content-domain":{"domain":[],"crossmark-restriction":false},"short-container-title":["ing. Solidar"],"abstract":"<jats:p>Introduction: The article presents a research carried out in an educational institution where video game design is worked through Kodu, for three years in a teaching-learning process of Mathematics and Natural Sciences in primary school with STEAM methodology. Objective: Strengthen skills in mathematical logic, creativity and environment as a basis for future engineering in 5th grade students. Methodology: The research was of a mixed type, using a documentary analysis for performance levels in mathematics and natural sciences in fifth grade. , an observation protocol for the characterization of the population, a verification test in the creation of video games. Results: As part of the statistical analysis, a significant progress is evidenced in the results obtained during the three years, and in conclusion, it is considered that the STEAM methodology is adequate to work with Kodu as the appropriate programming environment for the development of competence through Video game design in the educational process. Conclusion: The young researchers assume the role of inclusion engineer, using the Kodu programming environment with a STEAM learning methodology that integrates Science, Technology, Engineering, Art and Mathematics through the creation of their own video games, with representative bases to start in the world of engineering.<\/jats:p>","DOI":"10.16925\/2357-6014.2022.03.10","type":"journal-article","created":{"date-parts":[[2022,12,2]],"date-time":"2022-12-02T03:27:25Z","timestamp":1669951645000},"page":"1-23","source":"Crossref","is-referenced-by-count":1,"title":["inclusion engineer with STEAM in the educational institution"],"prefix":"10.16925","volume":"18","author":[{"given":"Jaime Malqui","family":"Cabrera Medina","sequence":"first","affiliation":[],"role":[{"role":"author","vocabulary":"crossref"}]},{"given":"Irlesa Indira","family":"S\u00e1nchez Medina","sequence":"additional","affiliation":[],"role":[{"role":"author","vocabulary":"crossref"}]},{"given":"Boris Alberto","family":"C\u00e9spedes Mu\u00f1oz","sequence":"additional","affiliation":[],"role":[{"role":"author","vocabulary":"crossref"}]}],"member":"6711","published-online":{"date-parts":[[2022,9,12]]},"reference":[{"key":"125270","doi-asserted-by":"crossref","unstructured":"O. Zepeda y G. Villag\u00f3mez, \u00abMujeres estudiantes de ingenier\u00eda:Una revisi\u00f3n sistem\u00e1tica de Iberoam\u00e9rica,\u00bb Revista Innovaciones Educativas, pp. 161-174, 2021.","DOI":"10.22458\/ie.v23i35.3571"},{"key":"125271","unstructured":"P. Dominguez, M. A. Oliveros, M. A. Coronada y B. Valdez, \u00abRetos de ingenier\u00eda: enfoque educativo STEM+A en la revoluci\u00f3n industrial 4.0,\u00bb Innovaci\u00f3n Educativa, pp. 15-32, 2019."},{"key":"125272","doi-asserted-by":"crossref","unstructured":"J. Cabrera, I. S\u00e1nchez y F. Medina, \u00abEl ingeniero de inclusi\u00f3n y el lenguaje Scratch en el aprendizaje de la matem\u00e1tica,\u00bb Informaci\u00f3n Tecnol\u00f3gica, pp. 117-124, 2020.","DOI":"10.4067\/S0718-07642020000600117"},{"key":"125273","unstructured":"R. Mart\u00ednez, P. Lacasa y A. Guzm\u00e1n, \u00abVideo Game Narratives: A \u201cWalk-Through\u201d Of Children\u2019s Popular Culture And Formal Education,\u00bb Revista Electr\u00f3nica de Investigaci\u00f3n Educativa , pp. 10(1), 1-18, 2008."},{"key":"125274","unstructured":"L. Solano y L. P. Santacruz, \u00abVideojuegos como herramienta en Educaci\u00f3n Primaria: Caso de estudio con eAdventure,\u00bb Revista Iberoamericana de Tecnolog\u00eda en Educaci\u00f3n y Educaci\u00f3n en Tecnolog\u00eda, pp. 18, 1-21, 2016."},{"key":"125275","doi-asserted-by":"crossref","unstructured":"J. A. Mera, \u00abAn\u00e1lisis del proceso de pruebas de calidad de Software.,\u00bb Ingenier\u00eda Solidaria, pp. 163-176. http:\/\/dx.doi.org\/10.16925\/in.v12i20.1482, 2016.","DOI":"10.16925\/in.v12i20.1482"},{"key":"125276","unstructured":"S. A. Zabala, J. A. P\u00e9rez y H. F. Rodr\u00edguez, \u00abEstrategia para el desarrollo de aprendizajes en ingenier\u00eda basado en rob\u00f3tica educativa y competitiva: caso Universitaria de Investigaci\u00f3n y Desarrollo, UDI.,\u00bb Ingenier\u00eda Solidaria, pp. 154-159, 2013."},{"key":"125277","unstructured":"J. L. Ram\u00edrez y A. Rubiano, \u00abMathematical modeling of the direct and inverse kinetics of a handling robot with three degrees of freedom.,\u00bb Ingenier\u00eda Solidaria, pp. 46-51, 2012."},{"key":"125278","doi-asserted-by":"crossref","unstructured":"C. R\u00edos, D. A. Guerrero y P. O. Ortiz, \u00abEstado del arte de los juegos serios sobre plataforma m\u00f3vil Android para el aprendizaje del modelado de software,\u00bb Ingenier\u00eda solidaria, pp. 139-150. doi: https:\/\/doi.org\/10.16925\/in.v13i23.2069, 2017.","DOI":"10.16925\/in.v13i23.2069"},{"key":"125279","unstructured":"C. Roberto, \u00abLa programaci\u00f3n es un juego de ni\u00f1os (o eso intentan estas 14 propuestas),\u00bb 26 12 2014. [En l\u00ednea]. Available: http:\/\/www.bloglenovo.es\/la-programacion-es-un-juego-de-ninos-o-eso-intentan-estas-catorce-propuestas\/. [\u00daltimo acceso: 14 12 2016]."},{"key":"125280","unstructured":"M. Garcia Astete, \u00abVideojuegos para apoyar el desarrollo de competencias TIC en,\u00bb RED - Revista de Educaci\u00f3n a Distancia, n\u00ba 44, pp. 1-18, 2014."},{"key":"125281","unstructured":"C. Vargas , \u00abCreation of video games in natural sciences and the competency to solve problems,\u00bb Corporacion Universitaria Lasallista, pp. 66-74, 2015."},{"key":"125282","unstructured":"M. Unigarro, Un modelo educativo cr\u00edtico con enfoque de competencias, Bogot\u00e1: Universidad Cooperativa de Colombia, 2017."},{"key":"125283","doi-asserted-by":"crossref","unstructured":"R. Rosas, M. Nussbaum, P. Cumsille, V. Marianow, M. Correa y P. Flores, \u00ab\"Beyond Nintendo: Design and assessment of educational video games for first and second grade students\",\u00bb Computers and Education, vol. 40, n\u00ba 1, pp. 71 - 94, 2003.","DOI":"10.1016\/S0360-1315(02)00099-4"},{"key":"125284","doi-asserted-by":"crossref","unstructured":"s. Higgins, \u00ab\"ICT and teaching for understanding\",\u00bb Evaluation and Research in Education, vol. 15, n\u00ba 3, pp. 164 - 171, 2001.","DOI":"10.1080\/09500790108666994"},{"key":"125285","unstructured":"C. Dondi, B. Edvinsson y M. Moretti, \u00abWhy choose a game for improving learning and teaching processes?,\u00bb Guidelines for game-based learning, pp. 8-26, 2004."},{"key":"125286","unstructured":"E. Alvarez, \u00abVideoJuegos Educativos,\u00bb 18 7 2018. [En l\u00ednea]. Available: http:\/\/aprende.colombiaaprende.edu.co\/es\/agenda\/noticias\/videojuegos-educativos."},{"key":"125287","doi-asserted-by":"crossref","unstructured":"B. Caci , G. Chiazzese y A. D\u2019Amico, \u00abRobotic and virtual world programming labs to stimulate reasoning and visual-spatial abilities,\u00bb Procedia - Social and Behavioral Sciences, pp. 93, 1493 \u2013 1497, doi:10.1016\/j.sbspro.2013.10.070, 12 6 2013.","DOI":"10.1016\/j.sbspro.2013.10.070"},{"key":"125288","unstructured":"Tboxplanet, \u00abIntroducci\u00f3n a KoduGameLab,\u00bb 22 1 2019. [En l\u00ednea]. Available: https:\/\/www.tboxplanet.com\/web\/aulakodu\/guiakodu\/files\/assets\/basic-html\/page6.html."},{"key":"125289","doi-asserted-by":"crossref","unstructured":"D. Ruggiero y L. Green, \u00abCorrigendum to \u201cProblem solving through digital game design: A quantitative content analysis\u201d,\u00bb Computers in Human Behavior, pp. https:\/\/doi.org\/10.1016\/j.chb.2017.11.016, 80, 478-479, 2018.","DOI":"10.1016\/j.chb.2017.11.016"},{"key":"125290","unstructured":"Microsoft, \u00abKodu,\u00bb 3 2 2016. [En l\u00ednea]. Available: https:\/\/www.microsoft.com\/es-co\/p\/kodu-game-lab\/9nv0b9m1vkwr?cid=msft_web_chart&activetab=pivot:overviewtab. [\u00daltimo acceso: 1 8 2016]."},{"key":"125291","unstructured":"Microsoft, \u00abKodugamelab,\u00bb 2022. [En l\u00ednea]. Available: https:\/\/www.kodugamelab.com\/downloads\/."},{"key":"125292","unstructured":"D. El-ca, \u00abKodu Game Lab,\u00bb slideshare, 7 7 2013. [En l\u00ednea]. Available: https:\/\/es.slideshare.net\/delsaespinosa\/manual-kodu. [\u00daltimo acceso: 19 Septiembre 2018]."},{"key":"125293","unstructured":"M. V. Sierra, \u00abTurorial1: manejo de herramientas de kodu,\u00bb 30 9 2013. [En l\u00ednea]. Available: https:\/\/es.slideshare.net\/vicuda13\/tutorial-1-manejo-de-herramientas-de-kodu. [\u00daltimo acceso: 19 Septiembre 2018]."},{"key":"125294","unstructured":"I. I. S\u00e1nchez, J. M. Cabrera y J. F. Ortiz, \u00abCopa Kodu Colombia,\u00bb 1 5 2018. [En l\u00ednea]. Available: http:\/\/koducolombia.com\/."},{"key":"125295","unstructured":"M. E. Montes, \u00abLos video juegos en el proceso de aprendizaje,\u00bb 20 5 2012. [En l\u00ednea]. Available: https:\/\/colombiadigital.net\/opinion\/columnistas\/conexion\/item\/1914-los-videojuegos-en-el-proceso-de-aprendizaje.html."},{"key":"125296","unstructured":"A. Boh\u00f3rquez S., \u00abRecursos didacticos,\u00bb 18 5 2015. [En l\u00ednea]. Available: https:\/\/compartirpalabramaestra.org\/articulos-informativos\/que-es-un-recurso-didactico. [\u00daltimo acceso: 27 Julio 2018]."},{"key":"125297","unstructured":"I. M. Copi y C. Cohen, Introducci\u00f3n a la LOGICA, M\u00e9xico: Limusa, 2017."},{"key":"125298","unstructured":"S. C. d. B. d. l. Rep\u00fablica, \u00abAyudas para el medio ambiente,\u00bb 6 9 2015. [En l\u00ednea]. Available: http:\/\/www.banrepcultural.org\/blaavirtual\/ayudadetareas\/ciencias\/medio_ambiente."},{"key":"125299","unstructured":"E. I. C. p. l. E. d. l. E. ICFES, \u00abInforme Nacional - Saber 3\u00b0, 5\u00b0 y 9\u00b0,\u00bb 2022. [En l\u00ednea]. Available: https:\/\/www2.icfes.gov.co\/web\/guest\/saber-%E2%80%8B3-5-7-9."},{"key":"125300","doi-asserted-by":"crossref","unstructured":"C. Vargas, \u00abLa creaci\u00f3n de videojuegos en ciencias naturales y la competencia para resolver problemas,\u00bb Rev. Lasallista Investig. , pp. 12(2), 66-74, 10 Noviembre 2015.","DOI":"10.22507\/rli.v12n2a7"},{"key":"125301","unstructured":"J. L. Eguia, R. S. Contreras y L. Solano, \u00abVideojuegos: conceptos, historia y su potencial como herramientas para la educaci\u00f3n,\u00bb Revista de investigaci\u00f3n, pp. 1-14, 2013."},{"key":"125302","unstructured":"A. Cuervo y J. Escobar, \u00abJuicio de Expertos,\u00bb 2008. [En l\u00ednea]. Available: http:\/\/www.humanas.unal.edu.co\/psicometria\/files\/7113\/8574\/5708\/Articulo3_Juicio_de_expertos_27-36.pdf. [\u00daltimo acceso: 28 Octubre 2018]."},{"key":"125303","unstructured":"L. Soler y S. Soler, \u00abUsos del coeficiente alfa de Cronbach en el an\u00e1lisis de instrumentos escritos,\u00bb Revista M\u00e9dica Electr\u00f3nica, pp. 1-5, 2012."},{"key":"125304","unstructured":"Microsoft, \u00abMost Valuable Professional,\u00bb 16 9 2018. [En l\u00ednea]. Available: https:\/\/mvp.microsoft.com\/en-us\/PublicProfile\/5001461?fullName=John%20Ortiz%20Ordo%C3%B1ez."},{"key":"125305","unstructured":"A. i. Torres V\u00e1squez, \u00absites.google.com,\u00bb 22 Abril 2013. [En l\u00ednea]. Available: https:\/\/sites.google.com\/site\/herradigedu128\/actividad-7."}],"container-title":["Ingenier\u00eda Solidaria"],"link":[{"URL":"https:\/\/revistas.ucc.edu.co\/index.php\/in\/article\/download\/4431\/3388","content-type":"application\/pdf","content-version":"vor","intended-application":"text-mining"},{"URL":"https:\/\/revistas.ucc.edu.co\/index.php\/in\/article\/download\/4431\/3388","content-type":"unspecified","content-version":"vor","intended-application":"similarity-checking"}],"deposited":{"date-parts":[[2022,12,2]],"date-time":"2022-12-02T03:27:45Z","timestamp":1669951665000},"score":0.0,"resource":{"primary":{"URL":"https:\/\/revistas.ucc.edu.co\/index.php\/in\/article\/view\/4431"}},"issued":{"date-parts":[[2022,9,12]]},"references-count":36,"journal-issue":{"issue":"3","published-online":{"date-parts":[[2022,9,5]]}},"URL":"https:\/\/doi.org\/10.16925\/2357-6014.2022.03.10","ISSN":["2357-6014","1900-3102"],"issn-type":[{"type":"electronic","value":"2357-6014"},{"type":"print","value":"1900-3102"}],"published":{"date-parts":[[2022,9,12]]}},{"indexed":{"date-parts":[[2025,2,12]],"date-time":"2025-02-12T05:28:06Z","timestamp":1739338086755,"version":"3.37.0"},"reference-count":0,"publisher":"Ediciones Universidad Cooperativa de Colombia","content-domain":{"domain":[],"crossmark-restriction":false},"abstract":"<jats:p>Esta cartilla aborda la implementaci\u00f3n de pol\u00edticas para mejorar el bienestar animal en la regi\u00f3n. A trav\u00e9s de un an\u00e1lisis exhaustivo, se identifican problemas cr\u00edticos como el maltrato, el abandono y la falta de recursos para el cuidado adecuado de los animales. Este documento destaca la necesidad de mayor conciencia y educaci\u00f3n sobre la importancia del bienestar animal entre la poblaci\u00f3n. Se detallan las normativas vigentes que regulan la protecci\u00f3n animal, haciendo \u00e9nfasis en la importancia de su implementaci\u00f3n y cumplimiento, incluyendo leyes contra el maltrato y regulaciones sobre la tenencia responsable de animales. La cartilla presenta un \u00e1rbol de problemas que visualiza los principales desaf\u00edos en la protecci\u00f3n animal y sus causas subyacentes, como la falta de educaci\u00f3n y recursos, y sus efectos, como el aumento de animales en situaci\u00f3n de calle y el deterioro de la salud p\u00fablica.<\/jats:p>","DOI":"10.16925\/gcgp.128","type":"report","created":{"date-parts":[[2025,2,11]],"date-time":"2025-02-11T16:25:32Z","timestamp":1739291132000},"source":"Crossref","is-referenced-by-count":0,"title":["Nuestro v\u00ednculo con los animales. Gu\u00eda pr\u00e1ctica: pol\u00edtica p\u00fablica de protecci\u00f3n y bienestar animal para el departamento de Cundinamarca"],"prefix":"10.16925","author":[{"given":"Yenifer Yiseth","family":"Su\u00e1rez D\u00edaz","sequence":"first","affiliation":[],"role":[{"role":"author","vocabulary":"crossref"}]},{"given":"Gloria del Pilar","family":"Aya","sequence":"additional","affiliation":[],"role":[{"role":"author","vocabulary":"crossref"}]},{"given":"Juan Camilo","family":"Gonz\u00e1lez Ni\u00f1o","sequence":"additional","affiliation":[],"role":[{"role":"author","vocabulary":"crossref"}]},{"given":"Nelson","family":"Ar\u00e9valo","sequence":"additional","affiliation":[],"role":[{"role":"author","vocabulary":"crossref"}]}],"member":"6711","published-online":{"date-parts":[[2023,12]]},"deposited":{"date-parts":[[2025,2,11]],"date-time":"2025-02-11T16:25:33Z","timestamp":1739291133000},"score":0.0,"resource":{"primary":{"URL":"https:\/\/repository.ucc.edu.co\/entities\/publication\/60ebf83e-655d-4ac2-9ca5-93c45d6f6cc8"}},"issued":{"date-parts":[[2023,12]]},"references-count":0,"URL":"https:\/\/doi.org\/10.16925\/gcgp.128","published":{"date-parts":[[2023,12]]}},{"indexed":{"date-parts":[[2022,8,12]],"date-time":"2022-08-12T20:06:53Z","timestamp":1660334813803},"reference-count":0,"publisher":"Universidad Cooperativa de Colombia- UCC","issue":"108","content-domain":{"domain":[],"crossmark-restriction":false},"short-container-title":["Coop. Desarro."],"abstract":"<jats:p>Prop\u00f3sito: El prop\u00f3sito de este art\u00edculo es ofrecer una mirada r\u00e1pida a las posibilidades de la innovaci\u00f3n social en el contexto de la cultura solidaria que debe caracterizar a las organizaciones cooperativas o similares. Descripci\u00f3n: Con base en\u00a0 investigaciones de diferentes autores se definen y relacionan entre s\u00ed los conceptos de innovaci\u00f3n social y cultura de la solidaridad, desde las perspectivas antropol\u00f3gica, sociol\u00f3gica, econ\u00f3mica y cooperativa. Punto de vista: Se exploran posibilidades de cambio en la cultura solidaria de las empresas cooperativas a trav\u00e9s de la gesti\u00f3n espec\u00edfica en el campo de la innovaci\u00f3n social. Conclusiones: Se concluye que mediante una nueva pedagog\u00eda social es posible transformar la cultura solidaria actual en una din\u00e1mica experiencia de innovaci\u00f3n social.<\/jats:p>","DOI":"10.16925\/co.v24i108.1258","type":"journal-article","created":{"date-parts":[[2019,9,1]],"date-time":"2019-09-01T02:49:12Z","timestamp":1567306152000},"source":"Crossref","is-referenced-by-count":2,"title":["Gesti\u00f3n de la innovaci\u00f3n social cooperativa a trav\u00e9s de una cultura solidaria innovadora"],"prefix":"10.16925","volume":"24","author":[{"given":"Alveiro","family":"Monsalve Zapata","sequence":"first","affiliation":[],"role":[{"role":"author","vocabulary":"crossref"}]}],"member":"6711","published-online":{"date-parts":[[2016,1,4]]},"container-title":["Cooperativismo &amp; Desarrollo"],"link":[{"URL":"https:\/\/revistas.ucc.edu.co\/index.php\/co\/article\/download\/1258\/1630","content-type":"application\/pdf","content-version":"vor","intended-application":"text-mining"},{"URL":"https:\/\/revistas.ucc.edu.co\/index.php\/co\/article\/download\/1258\/1630","content-type":"unspecified","content-version":"vor","intended-application":"similarity-checking"}],"deposited":{"date-parts":[[2019,9,1]],"date-time":"2019-09-01T02:49:12Z","timestamp":1567306152000},"score":0.0,"resource":{"primary":{"URL":"https:\/\/revistas.ucc.edu.co\/index.php\/co\/article\/view\/1258"}},"issued":{"date-parts":[[2016,1,4]]},"references-count":0,"journal-issue":{"issue":"108","published-online":{"date-parts":[[2016,4,8]]}},"URL":"https:\/\/doi.org\/10.16925\/co.v24i108.1258","ISSN":["2382-4220","0120-7180"],"issn-type":[{"value":"2382-4220","type":"electronic"},{"value":"0120-7180","type":"print"}],"published":{"date-parts":[[2016,1,4]]}},{"indexed":{"date-parts":[[2022,4,2]],"date-time":"2022-04-02T18:04:58Z","timestamp":1648922698993},"reference-count":0,"publisher":"Universidad Cooperativa de Colombia- UCC","issue":"19","content-domain":{"domain":[],"crossmark-restriction":false},"short-container-title":["ing. Solidar"],"abstract":"<jats:p>Introducci\u00f3n: este art\u00edculo es producto del proyecto de investigaci\u00f3n \u201cIdentificaci\u00f3n de factores de tipo categ\u00f3rico con la condici\u00f3n estructural de tuber\u00edas de alcantarillado de Bogot\u00e1 a partir de conceptos de entrop\u00eda de la informaci\u00f3n\u201d, financiado por la Maestr\u00eda en Hidrosistemas de la Pontificia Universidad Javeriana, y desarrollado durante el 2014 y el 2015. El objetivo fue identificar qu\u00e9 influencia tienen factores de tipo cualitativo (tipo de red, material de la superficie vial asociada y material de las tuber\u00edas) sobre el grado estructural obtenido a partir de inspecciones CCTV \u00a0realizadas en Bogot\u00e1 entre el 2007 y el 2011. Metodolog\u00eda: se estudiaron los conceptos de entrop\u00eda de la informaci\u00f3n mutua a fin de encontrar independencia entre las siguientes variables categ\u00f3ricas: tipo de tuber\u00eda, tipo de superficie vial sobre la tuber\u00eda y material de la tuber\u00eda. Resultados: obtenidos a partir de la aplicaci\u00f3n de conceptos tales como entrop\u00eda e informaci\u00f3n mutua, muestran que la categor\u00eda estructural es independiente del tipo de tuber\u00eda, del tipo de material de la tuber\u00eda y del tipo de superficie de la v\u00eda que pasa sobre la tuber\u00eda, ya que presentan valores elevados de entrop\u00eda conjunta, lo cual implica un alto grado de incertidumbre en sus relaciones. Conclusiones: las variables categ\u00f3ricas estudiadas son factores importantes para tener en cuenta en un modelo de deterioro de las tuber\u00edas de alcantarillado, adem\u00e1s de facilitar la toma de decisiones para direccionar los planes de inspecci\u00f3n del alcantarillado en la ciudad.<\/jats:p>","DOI":"10.16925\/in.v12i19.1194","type":"journal-article","created":{"date-parts":[[2016,5,12]],"date-time":"2016-05-12T12:12:05Z","timestamp":1463055125000},"page":"63-71","source":"Crossref","is-referenced-by-count":4,"title":["Identificaci\u00f3n de factores de tipo categ\u00f3rico relacionados con la condici\u00f3n estructural de tuber\u00edas de alcantarillado de Bogot\u00e1 a partir de conceptos de entrop\u00eda de la informaci\u00f3n"],"prefix":"10.16925","volume":"12","author":[{"given":"Natalie","family":"Hern\u00e1ndez Rodr\u00edguez","sequence":"first","affiliation":[],"role":[{"role":"author","vocabulary":"crossref"}]},{"given":"Nelson","family":"Obreg\u00f3n Neira","sequence":"additional","affiliation":[],"role":[{"role":"author","vocabulary":"crossref"}]},{"given":"Andr\u00e9s","family":"Torres","sequence":"additional","affiliation":[],"role":[{"role":"author","vocabulary":"crossref"}]}],"member":"6711","published-online":{"date-parts":[[2016,4,1]]},"container-title":["Ingenier\u00eda Solidaria"],"link":[{"URL":"https:\/\/revistas.ucc.edu.co\/index.php\/in\/article\/download\/1194\/1160","content-type":"application\/pdf","content-version":"vor","intended-application":"text-mining"},{"URL":"https:\/\/revistas.ucc.edu.co\/index.php\/in\/article\/download\/1194\/1160","content-type":"unspecified","content-version":"vor","intended-application":"similarity-checking"}],"deposited":{"date-parts":[[2020,1,17]],"date-time":"2020-01-17T23:13:26Z","timestamp":1579302806000},"score":0.0,"resource":{"primary":{"URL":"https:\/\/revistas.ucc.edu.co\/index.php\/in\/article\/view\/1194"}},"issued":{"date-parts":[[2016,4,1]]},"references-count":0,"journal-issue":{"issue":"19","published-online":{"date-parts":[[2016,4,1]]}},"URL":"https:\/\/doi.org\/10.16925\/in.v12i19.1194","ISSN":["2357-6014","1900-3102"],"issn-type":[{"value":"2357-6014","type":"electronic"},{"value":"1900-3102","type":"print"}],"published":{"date-parts":[[2016,4,1]]}},{"indexed":{"date-parts":[[2022,4,6]],"date-time":"2022-04-06T02:48:36Z","timestamp":1649213316704},"edition-number":"1","reference-count":0,"publisher":"Ediciones Universidad Cooperativa de Colombia","isbn-type":[{"value":"9789587603378","type":"print"}],"content-domain":{"domain":[],"crossmark-restriction":false},"published-print":{"date-parts":[[2021,9,17]]},"abstract":"<jats:p>La Palabrera es la historia de un pueblo y sus habitantes que se ven enfrentados a lo que podr\u00eda entenderse como un acontecimiento: la irrupci\u00f3n de lo inesperado en un mundo que parec\u00eda acabado; la evidencia de una transformaci\u00f3n que llega con sus oportunidades de cambio, sus premoniciones y la necesidad de descifrarlas. Aquel paraje llamado Entre Voces, alejado de la civilizaci\u00f3n, rodeado por dos monta\u00f1as y un volc\u00e1n, un d\u00eda se despierta con la noticia de que Ismenia, la muda del pueblo (y quien es una de las hijas de su fundador), puede hablar. De manera m\u00e1s precisa, lo que hace es pronunciar cuatro palabras que se asemejan al esbozo de un poema, una especie de rima inconclusa que est\u00e1 a la espera de ser completada. Ella es una mujer de vida asc\u00e9tica, que hace lo m\u00ednimo; la mayor parte del tiempo est\u00e1 sentada frente a la venta pintando el paisaje. Al mejor estilo de Bartleby, revoluciona todo a su alrededor. Ella en su quietud se convierte en una potencia que transforma a trav\u00e9s de las palabras (esas cuatro palabras). As\u00ed, su voz funciona como un or\u00e1culo, un vaticinio, una advertencia. Un mensaje en clave, un rompecabezas que, al armarlo, revelar\u00eda su sentido y nos salvar\u00eda de lo siniestro.<\/jats:p>","DOI":"10.16925\/9789587603378","type":"book","created":{"date-parts":[[2022,2,16]],"date-time":"2022-02-16T21:37:56Z","timestamp":1645047476000},"source":"Crossref","is-referenced-by-count":0,"title":["La Palabrera"],"prefix":"10.16925","author":[{"given":"Mar\u00eda Eliana","family":"Carrasco Linford","sequence":"first","affiliation":[],"role":[{"role":"author","vocabulary":"crossref"}]}],"member":"6711","published-online":{"date-parts":[[2022,2,16]]},"deposited":{"date-parts":[[2022,2,16]],"date-time":"2022-02-16T21:37:59Z","timestamp":1645047479000},"score":0.0,"resource":{"primary":{"URL":"https:\/\/ediciones.ucc.edu.co\/index.php\/ucc\/catalog\/book\/310"}},"issued":{"date-parts":[[2021,9,17]]},"ISBN":["9789587603378"],"references-count":0,"URL":"https:\/\/doi.org\/10.16925\/9789587603378","published":{"date-parts":[[2021,9,17]]}},{"indexed":{"date-parts":[[2022,4,6]],"date-time":"2022-04-06T01:53:17Z","timestamp":1649209997814},"reference-count":0,"publisher":"Universidad Cooperativa de Colombia- UCC","issue":"30","content-domain":{"domain":[],"crossmark-restriction":false},"short-container-title":["Revista Rastros Rostros"],"DOI":"10.16925\/ra.v16i30.819","type":"journal-article","created":{"date-parts":[[2015,1,29]],"date-time":"2015-01-29T08:31:13Z","timestamp":1422520273000},"source":"Crossref","is-referenced-by-count":0,"title":["Analisis cr\u00edtico y comparativo acerca de los planteamientos de Teodoro P\u00e9rez P., relacionados con la convivencia solidaria y democr\u00e1tica"],"prefix":"10.16925","volume":"16","author":[{"given":"Carmen","family":"Forero Baena","sequence":"first","affiliation":[],"role":[{"role":"author","vocabulary":"crossref"}]},{"given":"Evelyn","family":"Guerra Morales","sequence":"additional","affiliation":[],"role":[{"role":"author","vocabulary":"crossref"}]}],"member":"6711","published-online":{"date-parts":[[2014,1,1]]},"container-title":["Rastros Rostros"],"deposited":{"date-parts":[[2015,1,29]],"date-time":"2015-01-29T08:31:18Z","timestamp":1422520278000},"score":0.0,"resource":{"primary":{"URL":"http:\/\/revistas.ucc.edu.co\/index.php\/ra\/article\/view\/819"}},"issued":{"date-parts":[[2014,1,1]]},"references-count":0,"journal-issue":{"issue":"30","published-online":{"date-parts":[[2015,1,27]]}},"URL":"https:\/\/doi.org\/10.16925\/ra.v16i30.819","ISSN":["0124-406X"],"issn-type":[{"value":"0124-406X","type":"print"}],"published":{"date-parts":[[2014,1,1]]}},{"indexed":{"date-parts":[[2022,4,2]],"date-time":"2022-04-02T23:14:15Z","timestamp":1648941255684},"reference-count":0,"publisher":"Universidad Cooperativa de Colombia- UCC","issue":"114","content-domain":{"domain":[],"crossmark-restriction":false},"short-container-title":["Coop. Desarro."],"abstract":"<jats:p>Este art\u00edculo presenta el an\u00e1lisis y sistematizaci\u00f3n de la legislaci\u00f3n auton\u00f3mica espa\u00f1ola en materia de responsabilidad de administradores de sociedades cooperativas incursas en causas de disoluci\u00f3n forzosa. Igualmente, un estudio de la legislaci\u00f3n estatal sobre la cuesti\u00f3n. Una propuesta de armonizaci\u00f3n y mejora de las leyes estatales y auton\u00f3micas, con el objetivo de garantizar un r\u00e9gimen jur\u00eddico uniforme, aplicable tambi\u00e9n a la Sociedad Cooperativa Europea domiciliada en cualquier lugar de Espa\u00f1a.<\/jats:p>","DOI":"10.16925\/2382-4220.2019.01.08","type":"journal-article","created":{"date-parts":[[2020,2,23]],"date-time":"2020-02-23T21:49:07Z","timestamp":1582494547000},"page":"1-38","source":"Crossref","is-referenced-by-count":0,"title":["Responsabilidad de  los administradores  de las sociedades cooperativas en situaci\u00f3n  de disoluci\u00f3n forzosa"],"prefix":"10.16925","volume":"27","author":[{"given":"Mar\u00eda Isabel","family":"Huerta Viesca","sequence":"first","affiliation":[],"role":[{"role":"author","vocabulary":"crossref"}]},{"given":"Daniel","family":"Rodr\u00edguez Ruiz de Villa","sequence":"additional","affiliation":[],"role":[{"role":"author","vocabulary":"crossref"}]}],"member":"6711","published-online":{"date-parts":[[2019,4,25]]},"container-title":["Cooperativismo &amp; Desarrollo"],"link":[{"URL":"https:\/\/revistas.ucc.edu.co\/index.php\/co\/article\/download\/2612\/2639","content-type":"application\/pdf","content-version":"vor","intended-application":"text-mining"},{"URL":"https:\/\/revistas.ucc.edu.co\/index.php\/co\/article\/download\/2612\/2639","content-type":"unspecified","content-version":"vor","intended-application":"similarity-checking"}],"deposited":{"date-parts":[[2020,2,23]],"date-time":"2020-02-23T21:49:07Z","timestamp":1582494547000},"score":0.0,"resource":{"primary":{"URL":"https:\/\/revistas.ucc.edu.co\/index.php\/co\/article\/view\/2612"}},"issued":{"date-parts":[[2019,4,25]]},"references-count":0,"journal-issue":{"issue":"114","published-online":{"date-parts":[[2019,4,30]]}},"URL":"https:\/\/doi.org\/10.16925\/2382-4220.2019.01.08","ISSN":["2382-4220","0120-7180"],"issn-type":[{"value":"2382-4220","type":"electronic"},{"value":"0120-7180","type":"print"}],"published":{"date-parts":[[2019,4,25]]}},{"indexed":{"date-parts":[[2022,4,3]],"date-time":"2022-04-03T19:20:44Z","timestamp":1649013644916},"reference-count":0,"publisher":"Universidad Cooperativa de Colombia- UCC","issue":"31","content-domain":{"domain":[],"crossmark-restriction":false},"short-container-title":["Rastros rostros"],"abstract":"<jats:p>Introducci\u00f3n: el objetivo del presente art\u00edculo es proponer un modelo deaula virtual para la ense\u00f1anza de lengua extranjera, dirigido a estudiantesde primer semestre de una universidad privada en Bucaramanga, Colombia. Metodolog\u00eda: se busca que dicha aula responda a la filosof\u00eda pedag\u00f3gica de la instituci\u00f3n, a la propuesta metodol\u00f3gica comunicativa propia de la ense\u00f1anza del ingl\u00e9s como lengua extranjera, y que a su vez est\u00e9 en concordancia con los estilos de aprendizaje de los estudiantes. Resultados: un total de 55 aprendices de lengua de primer nivel de ingl\u00e9s respondieron el test de Felder y Silverman para identificar los estilos de aprendizaje dominantes, determinando as\u00ed que la mayor\u00eda de ellos son aprendices visuales, activos, sensoriales y secuenciales. Posteriormente se procedi\u00f3 a identificar las herramientas disponibles en la plataforma moodle y c\u00f3mo cada una de ellas pod\u00eda satisfacer de manera puntual las necesidades de los aprendices. Conclusiones: finalmente, se propuso un modelo de aula virtual usando los recursos disponibles en la plataforma, de acuerdo con los estilos de aprendizaje de los estudiantes.<\/jats:p>","DOI":"10.16925\/ra.v17i31.1095","type":"journal-article","created":{"date-parts":[[2020,8,29]],"date-time":"2020-08-29T07:50:12Z","timestamp":1598687412000},"source":"Crossref","is-referenced-by-count":0,"title":["Estilos de aprendizaje aplicados a las aulas virtuales de lengua extranjera"],"prefix":"10.16925","volume":"17","author":[{"given":"Wilmar Dar\u00edo","family":"Mac\u00edas-Romero","sequence":"first","affiliation":[],"role":[{"role":"author","vocabulary":"crossref"}]}],"member":"6711","published-online":{"date-parts":[[1970,1,1]]},"container-title":["Rastros Rostros"],"link":[{"URL":"https:\/\/revistas.ucc.edu.co\/index.php\/ra\/article\/download\/1095\/1296","content-type":"application\/pdf","content-version":"vor","intended-application":"text-mining"},{"URL":"https:\/\/revistas.ucc.edu.co\/index.php\/ra\/article\/download\/1095\/1296","content-type":"unspecified","content-version":"vor","intended-application":"similarity-checking"}],"deposited":{"date-parts":[[2020,8,29]],"date-time":"2020-08-29T07:50:13Z","timestamp":1598687413000},"score":0.0,"resource":{"primary":{"URL":"https:\/\/revistas.ucc.edu.co\/index.php\/ra\/article\/view\/1095"}},"issued":{"date-parts":[[1970,1,1]]},"references-count":0,"journal-issue":{"issue":"31","published-online":{"date-parts":[[2015,12,1]]}},"URL":"https:\/\/doi.org\/10.16925\/ra.v17i31.1095","ISSN":["2382-4921","0124-406X"],"issn-type":[{"value":"2382-4921","type":"electronic"},{"value":"0124-406X","type":"print"}],"published":{"date-parts":[[1970,1,1]]}},{"indexed":{"date-parts":[[2022,4,5]],"date-time":"2022-04-05T12:43:38Z","timestamp":1649162618147},"reference-count":0,"publisher":"Universidad Cooperativa de Colombia- UCC","issue":"24","content-domain":{"domain":[],"crossmark-restriction":false},"short-container-title":["Dixi"],"abstract":"<jats:p>Introducci\u00f3n: el presente art\u00edculo de investigaci\u00f3n tiene como eje\u00a0tem\u00e1tico la aplicaci\u00f3n del control de convencionalidad ejercido por\u00a0la Corte Interamericana de Derechos Humanos y su recepci\u00f3n en los\u00a0jueces, los funcionarios jurisdiccionales y las autoridades p\u00fablicas,la aplicaci\u00f3n de garant\u00edas en materia de derechos innominados, as\u00ed\u00a0como la creaci\u00f3n del activismo judicial a trav\u00e9s del derecho a la educaci\u00f3n como materia jurisdiccional local dentro de los pa\u00edses miembros\u00a0americanos, y c\u00f3mo estos arremeten en grave violaci\u00f3n colectiva. Metodolog\u00eda: con el fi de analizar esta tem\u00e1tica, es necesario irradiarla\u00a0en el ordenamiento jur\u00eddico mexicano y colombiano, de modo que\u00a0jueguen un papel imperativo en el prop\u00f3sito de derivar su origen y\u00a0sus causas, entre las que se encuentran: 1. Del bloque de constitucionalidad al bloque de convencionalidad; 2. La internacionalizaci\u00f3nde los derechos humanos; 3. La convencionalizaci\u00f3n del Derecho;\u00a04. Circulaci\u00f3n judicial del precedente; y 5. Derechos innominados.\u00a0Resultados: todo esto es consecuencia de las normas de textura abierta\u00a0descritas en la Declaraci\u00f3n Americana y Convenci\u00f3n Americana de\u00a0Derechos Humanos, y un fuerte compromiso en torno al Derecho internacional de los derechos humanos. Conclusiones: lo anterior exige\u00a0una interpretaci\u00f3n hermen\u00e9utica de los casos interpartes y sus efectos\u00a0irradiadores en la sentencia para los pa\u00edses americanos.<\/jats:p>","DOI":"10.16925\/di.v18i24.1520","type":"journal-article","created":{"date-parts":[[2019,4,18]],"date-time":"2019-04-18T13:59:21Z","timestamp":1555595961000},"source":"Crossref","is-referenced-by-count":0,"title":["Derechos innominados en el sistema interamericano"],"prefix":"10.16925","volume":"18","author":[{"given":"Edgar Fab\u00edan","family":"Garz\u00f3n-Buenaventura","sequence":"first","affiliation":[],"role":[{"role":"author","vocabulary":"crossref"}]}],"member":"6711","published-online":{"date-parts":[[2016,8,22]]},"container-title":["DIXI"],"link":[{"URL":"https:\/\/revistas.ucc.edu.co\/index.php\/di\/article\/download\/1520\/1931","content-type":"application\/pdf","content-version":"vor","intended-application":"text-mining"},{"URL":"https:\/\/revistas.ucc.edu.co\/index.php\/di\/article\/download\/1520\/1931","content-type":"unspecified","content-version":"vor","intended-application":"similarity-checking"}],"deposited":{"date-parts":[[2020,6,21]],"date-time":"2020-06-21T14:30:50Z","timestamp":1592749850000},"score":0.0,"resource":{"primary":{"URL":"https:\/\/revistas.ucc.edu.co\/index.php\/di\/article\/view\/1520"}},"issued":{"date-parts":[[2016,8,22]]},"references-count":0,"journal-issue":{"issue":"24","published-online":{"date-parts":[[2016,8,22]]}},"URL":"https:\/\/doi.org\/10.16925\/di.v18i24.1520","ISSN":["2357-5891","0124-7255"],"issn-type":[{"value":"2357-5891","type":"electronic"},{"value":"0124-7255","type":"print"}],"published":{"date-parts":[[2016,8,22]]}},{"indexed":{"date-parts":[[2026,5,13]],"date-time":"2026-05-13T21:14:44Z","timestamp":1778706884032,"version":"3.51.4"},"reference-count":0,"publisher":"Ediciones Universidad Cooperativa de Colombia","content-domain":{"domain":[],"crossmark-restriction":false},"abstract":"<jats:p>Kinesthetic therapy is a therapeutic intervention applied to newborns, especially premature infants, which seeks to stimulate physical and neurological development through controlled sequential movements. This procedure is beneficial because it helps maintain body balance, stimulates neurodevelopment, and progressively aids in the cognitive, sensory, and motor alterations of the neonate. By applying Callista Roy's model to the care of premature infants, an open and adaptive system is created, focused on responding to internal and external stimuli through physiological, psychological, and behavioral regulation mechanisms. This intervention has been used by students in formative practice settings to strengthen knowledge, skills, and abilities in a holistic manner, focusing primarily on human care.<\/jats:p>","DOI":"10.16925\/gcnc.126","type":"report","created":{"date-parts":[[2026,5,13]],"date-time":"2026-05-13T20:55:47Z","timestamp":1778705747000},"source":"Crossref","is-referenced-by-count":0,"title":["Nursing Approach in Kinesthetic Tactile Therapy: Based on Callista Roy's Adaptation Theory"],"prefix":"10.16925","author":[{"ORCID":"https:\/\/orcid.org\/0000-0001-6870-2664","authenticated-orcid":false,"given":"Nini Milena","family":"Quintero Ram\u00edrez","sequence":"first","affiliation":[{"name":"Universidad Cooperativa de Colombia"}],"role":[{"role":"author","vocabulary":"crossref"}]},{"ORCID":"https:\/\/orcid.org\/0000-0002-4074-6240","authenticated-orcid":false,"given":"Yuris","family":"S\u00e1nchez Garc\u00eda","sequence":"additional","affiliation":[{"name":"Universidad Cooperativa de Colombia"}],"role":[{"role":"author","vocabulary":"crossref"}]},{"ORCID":"https:\/\/orcid.org\/0000-0001-7913-0171","authenticated-orcid":false,"given":"Yasmina","family":"Toncel","sequence":"additional","affiliation":[{"name":"Universidad Cooperativa de Colombia"}],"role":[{"role":"author","vocabulary":"crossref"}]},{"ORCID":"https:\/\/orcid.org\/0000-0001-9396-0534","authenticated-orcid":false,"given":"Liliana","family":"Reales Hern\u00e1ndez","sequence":"additional","affiliation":[{"name":"Universidad Cooperativa de Colombia"}],"role":[{"role":"author","vocabulary":"crossref"}]},{"given":"Royer Dar\u00edo","family":"Ramos G\u00f3mez","sequence":"additional","affiliation":[{"name":"Universidad Cooperativa de Colombia"}],"role":[{"role":"author","vocabulary":"crossref"}]}],"member":"6711","published-online":{"date-parts":[[2025]]},"deposited":{"date-parts":[[2026,5,13]],"date-time":"2026-05-13T20:55:47Z","timestamp":1778705747000},"score":0.0,"resource":{"primary":{"URL":"https:\/\/repository.ucc.edu.co\/entities\/publication\/26b62bb2-0949-47cd-9c1a-5e7cc09fdc9a"}},"issued":{"date-parts":[[2025]]},"references-count":0,"URL":"https:\/\/doi.org\/10.16925\/gcnc.126","published":{"date-parts":[[2025]]}},{"indexed":{"date-parts":[[2026,6,4]],"date-time":"2026-06-04T16:54:26Z","timestamp":1780592066139,"version":"3.54.1"},"reference-count":0,"publisher":"Ediciones Universidad Cooperativa de Colombia","content-domain":{"domain":[],"crossmark-restriction":false},"abstract":"<jats:p>Los enfoques te\u00f3ricos recientes en el estudio de la sexualidad proponen un modelo de an\u00e1lisis con enfoque positivo, el cual, desde una perspectiva multidimensional, integra elementos biol\u00f3gicos, psicol\u00f3gicos, sociales, culturales y relacionales cruciales para el bienestar general del individuo. El modelo de la sexualidad positiva plantea que la calidad de las experiencias sexuales se encuentra intr\u00ednsecamente asociadas a la autoestima, la autoeficacia, el placer y la satisfacci\u00f3n como dimensiones que impactan significativamente la salud f\u00edsica, mental y emocional de los individuos en todos los \u00e1mbitos de desarrollo. A pesar de la tendencia global en el abordaje de la sexualidad desde este enfoque positivo, en Latinoam\u00e9rica a\u00fan persisten visiones patol\u00f3gicas centradas en se\u00f1alar las consecuencias negativas de las experiencias sexuales, como los embarazos no deseados, los abortos, las infecciones, la violencia, la coerci\u00f3n, las disfunciones, entre otras. En este contexto, la investigaci\u00f3n e intervenci\u00f3n sobre la sexualidad requiere instrumentos v\u00e1lidos y confiables que permitan develar el rol positivo que desempe\u00f1a la sexualidad en el bienestar general de las poblaciones. Con este prop\u00f3sito, el equipo investigador se dio a la tarea de construir y validar una escala para la evaluaci\u00f3n de la sexualidad en sus componentes positivos de autoestima sexual, autoeficacia sexual, placer sexual, y satisfacci\u00f3n sexual. Participaron del estudio 503 adultos j\u00f3venes colombianos entre 18 y 35 a\u00f1os (60 % hombres). Se condujeron an\u00e1lisis factoriales en dos pasos; primero un an\u00e1lisis factorial exploratorio (AFE) para identificar la mejor estructura subyacente a los datos, seguido de un an\u00e1lisis factorial confirmatorio (AFC), el cual prob\u00f3 la validez y la confiabilidad de las escalas del instrumento. Los resultados mostraron que la escala denominada SEXPA es v\u00e1lida y confiable para identificar las cuatro dimensiones de la sexualidad positiva. Los excelentes indicadores de confiabilidad y consistencia interna permitieron concluir que este instrumento proporciona una visi\u00f3n integral de la sexualidad, alineada con los enfoques te\u00f3ricos contempor\u00e1neos para la evaluaci\u00f3n de la sexualidad positiva en la poblaci\u00f3n estudiada.<\/jats:p>","DOI":"10.16925\/wpri.07","type":"report","created":{"date-parts":[[2025,6,20]],"date-time":"2025-06-20T19:56:04Z","timestamp":1750449364000},"source":"Crossref","is-referenced-by-count":1,"title":["Validaci\u00f3n psicom\u00e9trica de la Escala para la Evaluaci\u00f3n de la Sexualidad Positiva \u201cSEXPA\u201d"],"prefix":"10.16925","author":[{"ORCID":"https:\/\/orcid.org\/0009-0002-0442-1382","authenticated-orcid":false,"given":"Gelian","family":"Medina","sequence":"first","affiliation":[],"role":[{"vocabulary":"crossref","role":"author"}]},{"ORCID":"https:\/\/orcid.org\/0000-0003-2683-5893","authenticated-orcid":false,"given":"Dayana","family":"Restrepo","sequence":"additional","affiliation":[],"role":[{"vocabulary":"crossref","role":"author"}]},{"ORCID":"https:\/\/orcid.org\/0000-0001-7715-3556","authenticated-orcid":false,"given":"Yuly","family":"Su\u00e1rez Colorado","sequence":"additional","affiliation":[],"role":[{"vocabulary":"crossref","role":"author"}]},{"ORCID":"https:\/\/orcid.org\/0000-0001-7712-9927","authenticated-orcid":false,"given":"Ana","family":"Chamorro Coneo","sequence":"additional","affiliation":[],"role":[{"vocabulary":"crossref","role":"author"}]}],"member":"6711","published-online":{"date-parts":[[2023,11]]},"deposited":{"date-parts":[[2025,6,20]],"date-time":"2025-06-20T19:56:04Z","timestamp":1750449364000},"score":0.0,"resource":{"primary":{"URL":"https:\/\/repository.ucc.edu.co\/entities\/publication\/6150a902-81ee-41b6-89eb-8ec080a6cbfb"}},"issued":{"date-parts":[[2023,11]]},"references-count":0,"URL":"https:\/\/doi.org\/10.16925\/wpri.07","published":{"date-parts":[[2023,11]]}},{"indexed":{"date-parts":[[2026,5,27]],"date-time":"2026-05-27T13:15:54Z","timestamp":1779887754251,"version":"3.53.1"},"reference-count":0,"publisher":"Universidad Cooperativa de Colombia - UCC","content-domain":{"domain":[],"crossmark-restriction":false},"DOI":"10.16925\/issn.1900-3102","type":"journal","created":{"date-parts":[[2016,6,20]],"date-time":"2016-06-20T19:42:27Z","timestamp":1466451747000},"source":"Crossref","is-referenced-by-count":1,"title":["Ingenieria Solidaria"],"prefix":"10.16925","member":"6711","deposited":{"date-parts":[[2025,6,9]],"date-time":"2025-06-09T02:22:11Z","timestamp":1749435731000},"score":0.0,"resource":{"primary":{"URL":"https:\/\/revistas.ucc.edu.co\/index.php\/in\/index"}},"short-title":["ing. Solidar"],"issued":{"date-parts":[[null]]},"references-count":0,"URL":"https:\/\/doi.org\/10.16925\/issn.1900-3102","ISSN":["2357-6014"],"issn-type":[{"value":"2357-6014","type":"electronic"}]},{"indexed":{"date-parts":[[2026,4,13]],"date-time":"2026-04-13T18:06:16Z","timestamp":1776103576402,"version":"3.50.1"},"reference-count":0,"publisher":"Ediciones Universidad Cooperativa de Colombia","content-domain":{"domain":[],"crossmark-restriction":false},"abstract":"<jats:p>En esta gu\u00eda pr\u00e1ctica, los estudiantes detallan el paso a paso para realizar debidamente la administraci\u00f3n de medicamentos por v\u00eda parenteral, lo cual contribuye al conocimiento, la habilidad, la destreza y la actitud que aportan a minimizar los eventos adversos asociados al quehacer de enfermer\u00eda. Por esta raz\u00f3n, se incorpora la estrategia de simulaci\u00f3n cl\u00ednica para la formaci\u00f3n y evaluaci\u00f3n de la competencia del cuidado b\u00e1sico de enfermer\u00eda. Esta gu\u00eda se estructura con aspectos generales tales como recomendaciones, marco te\u00f3rico, objetivos, materiales e insumos, normas del centro de simulaci\u00f3n, condiciones y principios generales; seguido de la descripci\u00f3n de actividades y el paso a paso del procedimiento en administraci\u00f3n de medicamentos. Asimismo, cuenta con tres secciones que corresponden a la administraci\u00f3n de medicamentos por v\u00eda parenteral: endovenosa, subcut\u00e1nea e intramuscular. En cada una de estas, se anexa una evaluaci\u00f3n que proporciona retroalimentaci\u00f3n sobre el proceso realizado. Esta gu\u00eda facilita el aprendizaje aut\u00f3nomo integrando el conocer, ser y hacer del estudiante mediante la simulaci\u00f3n cl\u00ednica.<\/jats:p>","DOI":"10.16925\/gcgp.184","type":"report","created":{"date-parts":[[2026,4,13]],"date-time":"2026-04-13T16:59:43Z","timestamp":1776099583000},"source":"Crossref","is-referenced-by-count":0,"title":["Administraci\u00f3n de medicamentos parenterales endovenosos, subcut\u00e1neos e intramusculares en simulaci\u00f3n cl\u00ednica"],"prefix":"10.16925","author":[{"ORCID":"https:\/\/orcid.org\/0000-0003-4774-8545","authenticated-orcid":false,"given":"Magda Liliana","family":"Villamizar-Osorio","sequence":"first","affiliation":[{"name":"Universidad Cooperativa de Colombia"}],"role":[{"role":"author","vocabulary":"crossref"}]},{"ORCID":"https:\/\/orcid.org\/0000-0001-7169-6912","authenticated-orcid":false,"given":"Elveny","family":"Laguado Jaimes","sequence":"additional","affiliation":[{"name":"Universidad Cooperativa de Colombia"}],"role":[{"role":"author","vocabulary":"crossref"}]},{"ORCID":"https:\/\/orcid.org\/0000-0003-2270-9902","authenticated-orcid":false,"given":"Marleny","family":"Pico Ferreira","sequence":"additional","affiliation":[{"name":"Universidad Cooperativa de Colombia"}],"role":[{"role":"author","vocabulary":"crossref"}]},{"given":"Luz Mery","family":"Contreras-Ramos","sequence":"additional","affiliation":[{"name":"Universidad Cooperativa de Colombia"}],"role":[{"role":"author","vocabulary":"crossref"}]}],"member":"6711","published-online":{"date-parts":[[2025,9]]},"deposited":{"date-parts":[[2026,4,13]],"date-time":"2026-04-13T16:59:43Z","timestamp":1776099583000},"score":0.0,"resource":{"primary":{"URL":"https:\/\/repository.ucc.edu.co\/entities\/publication\/7156074c-5c16-430a-b44d-561c4311eedc"}},"issued":{"date-parts":[[2025,9]]},"references-count":0,"URL":"https:\/\/doi.org\/10.16925\/gcgp.184","published":{"date-parts":[[2025,9]]}},{"indexed":{"date-parts":[[2025,10,8]],"date-time":"2025-10-08T00:38:49Z","timestamp":1759883929411,"version":"build-2065373602"},"reference-count":0,"publisher":"Ediciones Universidad Cooperativa de Colombia","content-domain":{"domain":[],"crossmark-restriction":false},"abstract":"<jats:p>Esta nota de clase busca que el estudiante avance en la aplicaci\u00f3n de los conocimientos te\u00f3ricos adquiridos en los cursos de mec\u00e1nica de fluidos hidr\u00e1ulica y calidad de tratamiento de aguas y que desarrolle apropiadamente las competencias pr\u00e1cticas del dise\u00f1o de sistemas de tratamiento de aguas residuales. As\u00ed mismo, el desarrollo de los talleres que aqu\u00ed se presentan ejercita sus conocimientos en el manejo de software como MS Excel y sus habilidades de b\u00fasqueda de informaci\u00f3n e interpretaci\u00f3n de gu\u00edas t\u00e9cnicas oficiales como el Reglamento T\u00e9cnico del Sector de Agua Potable y Saneamiento B\u00e1sico de Colombia.<\/jats:p>","DOI":"10.16925\/gcgp.176","type":"report","created":{"date-parts":[[2025,10,7]],"date-time":"2025-10-07T21:18:05Z","timestamp":1759871885000},"source":"Crossref","is-referenced-by-count":0,"title":["Dise\u00f1o de lagunas facultativas para el tratamiento de aguas residuales dom\u00e9sticas"],"prefix":"10.16925","author":[{"given":"Patricia","family":"Guti\u00e9rrez Lozano","sequence":"first","affiliation":[],"role":[{"role":"author","vocabulary":"crossref"}]}],"member":"6711","published-online":{"date-parts":[[2025,5]]},"deposited":{"date-parts":[[2025,10,7]],"date-time":"2025-10-07T21:18:06Z","timestamp":1759871886000},"score":0.0,"resource":{"primary":{"URL":"https:\/\/repository.ucc.edu.co\/entities\/publication\/432107be-9794-4524-9eec-ba8809f6c1ea"}},"issued":{"date-parts":[[2025,5]]},"references-count":0,"URL":"https:\/\/doi.org\/10.16925\/gcgp.176","published":{"date-parts":[[2025,5]]}},{"indexed":{"date-parts":[[2023,4,18]],"date-time":"2023-04-18T22:30:54Z","timestamp":1681857054177},"reference-count":0,"publisher":"Universidad Cooperativa de Colombia","content-domain":{"domain":[],"crossmark-restriction":false},"DOI":"10.16925\/greylit.1370","type":"report","created":{"date-parts":[[2016,8,25]],"date-time":"2016-08-25T22:08:37Z","timestamp":1472162917000},"source":"Crossref","is-referenced-by-count":2,"title":["Introducci\u00f3n a la investigaci\u00f3n contable (CW)"],"prefix":"10.16925","author":[{"given":"Alexander Luis","family":"Ortiz Oca\u00f1a","sequence":"first","affiliation":[],"role":[{"role":"author","vocabulary":"crossref"}]}],"member":"6711","published-online":{"date-parts":[[2016]]},"deposited":{"date-parts":[[2019,8,23]],"date-time":"2019-08-23T20:44:49Z","timestamp":1566593089000},"score":0.0,"resource":{"primary":{"URL":"http:\/\/repository.ucc.edu.co\/handle\/20.500.12494\/10207"}},"issued":{"date-parts":[[2016]]},"references-count":0,"URL":"https:\/\/doi.org\/10.16925\/greylit.1370","published":{"date-parts":[[2016]]}},{"indexed":{"date-parts":[[2024,3,12]],"date-time":"2024-03-12T05:22:00Z","timestamp":1710220920052},"reference-count":0,"publisher":"Universidad Cooperativa de Colombia- UCC","issue":"111","content-domain":{"domain":[],"crossmark-restriction":false},"short-container-title":["Coop. Desarro."],"abstract":"<jats:p>Prop\u00f3sito: el emprendimiento solidario representa una de las bases del progreso de la sociedad actual, por tanto, los objetivos de este art\u00edculo son identificar la percepci\u00f3n de los estudiantes universitarios sobre deseabilidad, viabilidad e intencionalidad de crear empresa propia, las motivaciones para crear una sociedad cooperativa y conocer el papel de la Universidad en el fomento de la actividad empresarial. Descripci\u00f3n: se presenta de forma independiente los temas para sensibilizar al lector en cuanto la importancia de la educaci\u00f3n emprendedora cooperativa. Punto de vista: se considera pertinente establecer una reflexi\u00f3n en la vida universitaria, que permita, entre otras cosas, visualizar las bondades que generan las cooperativas para el bienestar de la sociedad. Conclusiones: la existencia del deseo e intenci\u00f3n de los estudiantes pr\u00f3ximos a egresar, hacia la creaci\u00f3n de empresa y esta, deber\u00e1 tener la forma jur\u00eddica de sociedad cooperativa, con el fin de favorecer la viabilidad de la misma.<\/jats:p>","DOI":"10.16925\/co.v25i111.1770","type":"journal-article","created":{"date-parts":[[2019,4,9]],"date-time":"2019-04-09T20:10:38Z","timestamp":1554840638000},"source":"Crossref","is-referenced-by-count":1,"title":["El papel de la Universidad en el emprendimiento de organizaciones solidarias cooperativas"],"prefix":"10.16925","volume":"25","author":[{"given":"Gloria Silviana","family":"Monta\u00f1ez-Moya","sequence":"first","affiliation":[],"role":[{"role":"author","vocabulary":"crossref"}]}],"member":"6711","published-online":{"date-parts":[[2017,6,12]]},"container-title":["Cooperativismo &amp; Desarrollo"],"link":[{"URL":"https:\/\/revistas.ucc.edu.co\/index.php\/co\/article\/download\/1770\/1956","content-type":"application\/pdf","content-version":"vor","intended-application":"text-mining"},{"URL":"https:\/\/revistas.ucc.edu.co\/index.php\/co\/article\/download\/1770\/1956","content-type":"unspecified","content-version":"vor","intended-application":"similarity-checking"}],"deposited":{"date-parts":[[2019,4,9]],"date-time":"2019-04-09T20:10:38Z","timestamp":1554840638000},"score":0.0,"resource":{"primary":{"URL":"https:\/\/revistas.ucc.edu.co\/index.php\/co\/article\/view\/1770"}},"issued":{"date-parts":[[2017,6,12]]},"references-count":0,"journal-issue":{"issue":"111","published-online":{"date-parts":[[2017,6,12]]}},"URL":"https:\/\/doi.org\/10.16925\/co.v25i111.1770","ISSN":["2382-4220","0120-7180"],"issn-type":[{"value":"2382-4220","type":"electronic"},{"value":"0120-7180","type":"print"}],"published":{"date-parts":[[2017,6,12]]}},{"indexed":{"date-parts":[[2023,9,26]],"date-time":"2023-09-26T18:48:59Z","timestamp":1695754139159},"reference-count":0,"publisher":"Universidad Cooperativa de Colombia- UCC","issue":"115","license":[{"start":{"date-parts":[[2019,11,14]],"date-time":"2019-11-14T00:00:00Z","timestamp":1573689600000},"content-version":"unspecified","delay-in-days":0,"URL":"http:\/\/creativecommons.org\/licenses\/by-nc-nd\/4.0"}],"content-domain":{"domain":[],"crossmark-restriction":false},"short-container-title":["Coop. Desarro."],"abstract":"<jats:p>A educa\u00e7\u00e3o cooperativista nasce junto \u00e0 pr\u00f3pria ideia de cooperativa. Esta organiza\u00e7\u00e3o tem caracter\u00edsticas peculiares, nas quais a coopera\u00e7\u00e3o se prop\u00f5e como alternativa \u00e0 competi\u00e7\u00e3o. Como um dos pilares de sustenta\u00e7\u00e3o do desenvolvimento cooperativo, a educa\u00e7\u00e3o cooperativista \u00e9 uma necessidade expl\u00edcita dessas organiza\u00e7\u00f5es. Neste intento, o objetivo deste trabalho \u00e9 realizar uma revis\u00e3o de literatura acerca desse conceito.<\/jats:p>","DOI":"10.16925\/2382-4220.2019.02.04","type":"journal-article","created":{"date-parts":[[2020,2,23]],"date-time":"2020-02-23T04:18:12Z","timestamp":1582431492000},"source":"Crossref","is-referenced-by-count":2,"title":["Educa\u00e7\u00e3o cooperativista"],"prefix":"10.16925","volume":"27","author":[{"given":"Palloma Rosa","family":"Ferreira","sequence":"first","affiliation":[],"role":[{"role":"author","vocabulary":"crossref"}]},{"given":"Diego","family":"Neves de Sousa","sequence":"additional","affiliation":[],"role":[{"role":"author","vocabulary":"crossref"}]}],"member":"6711","published-online":{"date-parts":[[2019,11,14]]},"container-title":["Cooperativismo &amp; Desarrollo"],"link":[{"URL":"https:\/\/revistas.ucc.edu.co\/index.php\/co\/article\/download\/2976\/2785","content-type":"application\/pdf","content-version":"vor","intended-application":"text-mining"},{"URL":"https:\/\/revistas.ucc.edu.co\/index.php\/co\/article\/download\/2976\/2785","content-type":"unspecified","content-version":"vor","intended-application":"similarity-checking"}],"deposited":{"date-parts":[[2020,2,23]],"date-time":"2020-02-23T19:40:38Z","timestamp":1582486838000},"score":0.0,"resource":{"primary":{"URL":"https:\/\/revistas.ucc.edu.co\/index.php\/co\/article\/view\/2976"}},"issued":{"date-parts":[[2019,11,14]]},"references-count":0,"journal-issue":{"issue":"115","published-online":{"date-parts":[[2019,11,22]]}},"URL":"https:\/\/doi.org\/10.16925\/2382-4220.2019.02.04","ISSN":["2382-4220","0120-7180"],"issn-type":[{"value":"2382-4220","type":"electronic"},{"value":"0120-7180","type":"print"}],"published":{"date-parts":[[2019,11,14]]}},{"indexed":{"date-parts":[[2025,5,14]],"date-time":"2025-05-14T05:20:38Z","timestamp":1747200038048,"version":"3.40.5"},"reference-count":0,"publisher":"Universidad Cooperativa de Colombia - UCC","issue":"2","content-domain":{"domain":[],"crossmark-restriction":false},"short-container-title":["ing. Solidar"],"abstract":"<jats:p>Introduction: This article is the result of the research \u201cAnalysis of the dynamic systems component of the engineering programs in control and automation and technology in industrial electronics,\u201d developed at the Francisco Jos\u00e9 de Caldas District University in the years 2022-2023.  Problem: The document addresses the lack of a clear and comprehensive structure in the analysis of linear dynamic systems, as well as the absence of an innovative approach to addressing these topics in traditional courses, which hinders their understanding and application in different disciplines.  Objective: The objective is to present a novel approach to analyzing linear dynamic systems, providing a complete framework of concepts, relationships, and important tools in this analysis, as well as a literature review based on over seventeen years of experience in courses and studies of this kind.  Methodology: A journey of concepts is proposed from signals and systems, through modeling with methods such as black box, white box, gray box, to linear analysis based on examples with calculation of differential equations, state representation, transfer function, and block diagrams.  Results: The document aggregates and articulates all the concepts of dynamic systems, along with the relationships and tools used, offering a more practical and intuitive approach to understanding the material.  Conclusion: The document provides a comprehensive and articulated view of key concepts in the analysis of linear dynamic systems, highlighting an innovative approach that facilitates their understanding. Its main contribution is to aggregate and articulate these concepts, along with the tools and relationships used, to offer a more practical and clear approach for their study.  Originality: The originality lies in proposing a novel and structured approach to analyzing linear dynamic systems, addressing the lack of clarity and completeness in traditional approaches.  Limitations: Although the document proposes a novel approach, it does not delve into specific aspects of some topics covered, which could limit the detailed understanding of certain concepts.  Deepening: The document could delve into the practical application of the proposed concepts and tools in real cases of dynamic systems, as well as into the comparison with traditional approaches to highlight the differences and advantages of the proposed new approach.<\/jats:p>","DOI":"10.16925\/2357-6014.2024.02.04","type":"journal-article","created":{"date-parts":[[2024,10,20]],"date-time":"2024-10-20T22:28:23Z","timestamp":1729463303000},"page":"1-36","source":"Crossref","is-referenced-by-count":0,"title":["New Approach and Integration for The Introduction of Dynamic Systems : Methodology, Models, And Relations"],"prefix":"10.16925","volume":"20","author":[{"name":"Universidad  Distrital  Francisco Jose de Caldas","sequence":"first","affiliation":[],"role":[{"role":"author","vocabulary":"crossref"}]},{"ORCID":"https:\/\/orcid.org\/0009-0006-2629-3253","authenticated-orcid":false,"given":"Gerffenson","family":"Ortiz Castillo","sequence":"first","affiliation":[],"role":[{"role":"author","vocabulary":"crossref"}]},{"ORCID":"https:\/\/orcid.org\/0009-0006-9286-4421","authenticated-orcid":false,"given":"Iv\u00e1n Gerardo","family":"Perilla Mart\u00ednez","sequence":"additional","affiliation":[],"role":[{"role":"author","vocabulary":"crossref"}]},{"name":"Universidad  Distrital  Francisco Jose de Caldas","sequence":"additional","affiliation":[],"role":[{"role":"author","vocabulary":"crossref"}]},{"ORCID":"https:\/\/orcid.org\/0000-0003-0527-8776","authenticated-orcid":false,"given":"Andr\u00e9s","family":"Escobar D\u00edaz","sequence":"additional","affiliation":[],"role":[{"role":"author","vocabulary":"crossref"}]},{"name":"Universidad  Distrital  Francisco Jose de Caldas","sequence":"additional","affiliation":[],"role":[{"role":"author","vocabulary":"crossref"}]}],"member":"6711","published-online":{"date-parts":[[2024,5,2]]},"container-title":["Ingenieria Solidaria"],"deposited":{"date-parts":[[2024,10,20]],"date-time":"2024-10-20T22:28:27Z","timestamp":1729463307000},"score":0.0,"resource":{"primary":{"URL":"https:\/\/revistas.ucc.edu.co\/index.php\/in\/article\/view\/4911\/"}},"issued":{"date-parts":[[2024,5,2]]},"references-count":0,"journal-issue":{"issue":"2","published-online":{"date-parts":[[2024,5,2]]}},"URL":"https:\/\/doi.org\/10.16925\/2357-6014.2024.02.04","ISSN":["2357-6014"],"issn-type":[{"type":"electronic","value":"2357-6014"}],"published":{"date-parts":[[2024,5,2]]}},{"indexed":{"date-parts":[[2025,5,17]],"date-time":"2025-05-17T04:11:00Z","timestamp":1747455060094,"version":"3.40.5"},"edition-number":"1","reference-count":0,"publisher":"Ediciones Universidad Cooperativa de Colombia","isbn-type":[{"value":"9789587605471","type":"print"}],"content-domain":{"domain":[],"crossmark-restriction":false},"published-print":{"date-parts":[[2025,3,18]]},"abstract":"<jats:p>This book is a collaborative work that explores the intersection between the social and solidarity economy (SSE) and gender equity. It brings together fourteen articles that examine how women and other feminized identities participate in the SSE, highlight-ing the obstacles they face in this field as well as the opportunities to advance toward greater equity.The authors analyze how, despite the SSE being founded on principles of equality and social justice, patriarchal dynamics and gender inequalities persist in its daily practice. The study focuses on experiences from Latin America and Spain, emphasizing both internal resistance within SSE entities and the structural challenges in the global so-cioeconomic context.The book is organized into three thematic sections that address: the relationship be-tween  labor  and  gender  in  the  SSE,  grassroots  and  community  experiences  from  a  gender perspective, and the impacts of the covid-19 pandemic on the sustainability of life. Through these studies, the two volumes offer a critical and relevant contribution to the discussion on the role of the SSE in building more just and equitable societies.Keywords:  Best  practices,  care  economy,  social  and  solidarity  economy,  feminism,  gender, labor, SDGs, entrepreneurship, cooperatives.\u00bfC\u00f3mo citar este libro?  \/  How to cite this book?Castillo  Romero,  N.,  Dicapua,  M.  de  los  \u00c1.,  Maturana  Rubilar,  C.,  Oviedo,  E,.  P\u00e9rez  Mu\u00f1oz,  C.  y  Teglia Palermo, P. (Eds.). (2025). La econom\u00eda social y solidaria en la b\u00fasqueda de la equidad de g\u00e9nero: Vol. 2. Experiencias de econom\u00eda popular y comunitarias desde el g\u00e9nero. Ediciones Universidad Cooperativa de Colombia. https:\/\/doi.org\/10.16925\/9789587605471<\/jats:p>","DOI":"10.16925\/9789587605471","type":"edited-book","created":{"date-parts":[[2025,5,16]],"date-time":"2025-05-16T15:51:54Z","timestamp":1747410714000},"source":"Crossref","is-referenced-by-count":0,"title":["La econom\u00eda social y solidaria en la b\u00fasqueda de la equidad de g\u00e9nero. Volumen II. Experiencias de econom\u00eda popular y comunitarias desde el g\u00e9nero"],"prefix":"10.16925","author":[{"given":"Nadia","family":"Castillo Romero","sequence":"first","affiliation":[],"role":[{"role":"author","vocabulary":"crossref"}]}],"member":"6711","published-online":{"date-parts":[[2025,3,18]]},"deposited":{"date-parts":[[2025,5,16]],"date-time":"2025-05-16T15:51:54Z","timestamp":1747410714000},"score":0.0,"resource":{"primary":{"URL":"https:\/\/ediciones.ucc.edu.co\/index.php\/ucc\/catalog\/book\/464"}},"issued":{"date-parts":[[2025,3,18]]},"ISBN":["9789587605471"],"references-count":0,"URL":"https:\/\/doi.org\/10.16925\/9789587605471","published":{"date-parts":[[2025,3,18]]}},{"indexed":{"date-parts":[[2024,8,6]],"date-time":"2024-08-06T18:51:53Z","timestamp":1722970313342},"reference-count":0,"publisher":"Ediciones Universidad Cooperativa de Colombia","content-domain":{"domain":[],"crossmark-restriction":false},"abstract":"<jats:p>El Primer Seminario de Investigaci\u00f3n Tik\u00fan: modelos educativos basados en competencias en la educaci\u00f3n superior surge como un espacio trascendental para la comunidad acad\u00e9mica en general, con el prop\u00f3sito de explorar y compartir investigaciones avanzadas relacionadas con los modelos educativos que se basan en el enfoque por competencias en la educaci\u00f3n superior. El enfoque por competencias en la educaci\u00f3n superior representa un cambio significativo en la forma en que se concibe la ense\u00f1anza y el aprendizaje. Este paradigma se basa en la adquisici\u00f3n de habilidades pr\u00e1cticas y el desarrollo de competencias esenciales para enfrentar los desaf\u00edos del siglo XXI. Estas habilidades incluyen el pensamiento cr\u00edtico, la resoluci\u00f3n de problemas y la aplicaci\u00f3n efectiva del conocimiento en situaciones reales. No solo son cruciales para el \u00e9xito acad\u00e9mico, sino que tambi\u00e9n son altamente valoradas por los empleadores en el mercado laboral actual. Este Primer Seminario se presenta como un evento de intercambio de conocimientos y experiencias entre expertos, acad\u00e9micos y profesionales de la educaci\u00f3n superior. Su objetivo fundamental es el an\u00e1lisis y la divulgaci\u00f3n de los avances y resultados de investigaciones en torno al modelo institucional de la Universidad Cooperativa de Colombia. Se abordar\u00e1n cuestiones relevantes relacionadas con la implementaci\u00f3n, evaluaci\u00f3n y mejora de estos enfoques en diversos contextos acad\u00e9micos. El Primer Seminario Internacional Tik\u00fan representa un esfuerzo importante por parte de la Universidad Cooperativa de Colombia para promover la mejora continua de la calidad educativa y la difusi\u00f3n de pr\u00e1cticas innovadoras en la educaci\u00f3n superior. Este evento se posiciona como una oportunidad invaluable para que la comunidad acad\u00e9mica enriquezca su conocimiento y fortalezca sus capacidades en la promoci\u00f3n de modelos educativos que preparan a los estudiantes para un futuro exitoso.<\/jats:p>","DOI":"10.16925\/eccr.07","type":"report","created":{"date-parts":[[2023,10,26]],"date-time":"2023-10-26T13:55:31Z","timestamp":1698328531000},"source":"Crossref","is-referenced-by-count":0,"title":["Primer Seminario Internacional de Investigaci\u00f3n Tik\u00fan: modelos educativos basados en competencias en educaci\u00f3n superior"],"prefix":"10.16925","author":[{"name":"Universidad Cooperativa de Colombia","sequence":"first","affiliation":[],"role":[{"role":"author","vocabulary":"crossref"}]},{"given":"Garz\u00f3n Correa","family":"Camilo Andr\u00e9s","sequence":"first","affiliation":[],"role":[{"role":"author","vocabulary":"crossref"}]}],"member":"6711","published-online":{"date-parts":[[2023,10,26]]},"deposited":{"date-parts":[[2023,10,26]],"date-time":"2023-10-26T13:55:32Z","timestamp":1698328532000},"score":0.0,"resource":{"primary":{"URL":"https:\/\/repository.ucc.edu.co\/items\/922e50da-fe90-460f-af89-994ed7b68864"}},"issued":{"date-parts":[[2023,10,26]]},"references-count":0,"URL":"https:\/\/doi.org\/10.16925\/eccr.07","published":{"date-parts":[[2023,10,26]]}},{"indexed":{"date-parts":[[2024,8,6]],"date-time":"2024-08-06T19:02:45Z","timestamp":1722970965197},"edition-number":"1","reference-count":0,"publisher":"Ediciones Universidad Cooperativa de Colombia","isbn-type":[{"type":"print","value":"9789587602517"}],"content-domain":{"domain":[],"crossmark-restriction":false},"published-print":{"date-parts":[[2020,12,22]]},"abstract":"<jats:p>Este libro expone el efecto de la implementaci\u00f3n de un programa de intervenci\u00f3n dirigida a poblaci\u00f3n infantil, que presenta un conjunto de dificultades comportamentales, y que pertenecen a sectores sociales vulnerables de la ciudad de Neiva. La obra se fundamenta en el contexto de las investigaciones realizadas a nivel mundial, latinoamericano y nacional sobre programas de evaluaci\u00f3n e intervenci\u00f3n enfocados en disminuir d\u00e9ficits comportamentales, que permitan una mejor adaptaci\u00f3n de los ni\u00f1os a los diferentes \u00e1mbitos de su vida cotidiana. En este sentido, uno de los constructos m\u00e1s estudiados en relaci\u00f3n con las dificultades del comportamiento es la cognici\u00f3n social, principalmente el dominio de la Teor\u00eda de la Mente (ToM) que, explica desde el punto de vista cognitivo, las deficiencias emocionales y comunicativas en situaciones sociales y las dificultades manifiestas en poblaci\u00f3n con diagn\u00f3stico de trastornos asociados a sintomatolog\u00eda comportamental, como el trastorno disocial de la conducta (TDC) y el trastorno por d\u00e9ficit de atenci\u00f3n e hiperactividad (TDAH). El libro comienza con la presentaci\u00f3n del desarrollo hist\u00f3rico y la conceptualizaci\u00f3n de los trastornos en cuesti\u00f3n; posteriormente, se describen las caracter\u00edsticas familiares, cl\u00ednicas, adaptativas; as\u00ed como, el funcionamiento ejecutivo y de la cognici\u00f3n social en ni\u00f1os y ni\u00f1as participantes del programa de intervenci\u00f3n. Finalmente, se presentan los resultados y contribuciones del estudio al conocimiento y a la pr\u00e1ctica en el \u00e1rea.<\/jats:p>","DOI":"10.16925\/9789587602517","type":"edited-book","created":{"date-parts":[[2021,2,3]],"date-time":"2021-02-03T14:54:48Z","timestamp":1612364088000},"source":"Crossref","is-referenced-by-count":1,"title":["Evaluaci\u00f3n e intervenci\u00f3n neurocognitiva en ni\u00f1os y ni\u00f1as con dificultades comportamentales"],"prefix":"10.16925","author":[{"given":"Jasmin","family":"Bonilla Santos","sequence":"additional","affiliation":[],"role":[{"role":"author","vocabulary":"crossref"}]},{"name":"Universidad Cooperativa de Colombia","sequence":"additional","affiliation":[],"role":[{"role":"author","vocabulary":"crossref"}]},{"given":"Alfredis","family":"Gonz\u00e1lez Hern\u00e1ndez","sequence":"additional","affiliation":[],"role":[{"role":"author","vocabulary":"crossref"}]},{"name":"Universidad Surcolombiana","sequence":"additional","affiliation":[],"role":[{"role":"author","vocabulary":"crossref"}]},{"given":"Gisella","family":"Bonilla Santos","sequence":"additional","affiliation":[],"role":[{"role":"author","vocabulary":"crossref"}]},{"name":"Universidad Surcolombiana","sequence":"additional","affiliation":[],"role":[{"role":"author","vocabulary":"crossref"}]},{"given":"Cristian Fabi\u00e1n","family":"Villanueva Bonilla","sequence":"additional","affiliation":[],"role":[{"role":"author","vocabulary":"crossref"}]},{"name":"Universidad Surcolombiana","sequence":"additional","affiliation":[],"role":[{"role":"author","vocabulary":"crossref"}]},{"given":"Leidy Marcela","family":"Casta\u00f1o Baquero","sequence":"additional","affiliation":[],"role":[{"role":"author","vocabulary":"crossref"}]},{"name":"Universidad Surcolombiana","sequence":"additional","affiliation":[],"role":[{"role":"author","vocabulary":"crossref"}]},{"given":"Dorian Yisela","family":"Cala Mart\u00ednez","sequence":"additional","affiliation":[],"role":[{"role":"author","vocabulary":"crossref"}]},{"name":"Universidad Cooperativa de Colombia","sequence":"additional","affiliation":[],"role":[{"role":"author","vocabulary":"crossref"}]},{"given":"Leidy Tatiana","family":"Padilla Garc\u00eda","sequence":"additional","affiliation":[],"role":[{"role":"author","vocabulary":"crossref"}]},{"name":"Universidad Surcolombiana","sequence":"additional","affiliation":[],"role":[{"role":"author","vocabulary":"crossref"}]},{"given":"Luisa Fernanda","family":"Mu\u00f1oz Bernal","sequence":"additional","affiliation":[],"role":[{"role":"author","vocabulary":"crossref"}]},{"name":"Universidad Surcolombiana","sequence":"additional","affiliation":[],"role":[{"role":"author","vocabulary":"crossref"}]}],"member":"6711","published-online":{"date-parts":[[2020,12,22]]},"deposited":{"date-parts":[[2021,2,3]],"date-time":"2021-02-03T14:54:48Z","timestamp":1612364088000},"score":0.0,"resource":{"primary":{"URL":"https:\/\/ediciones.ucc.edu.co\/index.php\/ucc\/catalog\/book\/62"}},"editor":[{"name":"Universidad Cooperativa de Colombia","sequence":"first","affiliation":[],"role":[{"role":"editor","vocabulary":"crossref"}]},{"given":"Jasmin","family":"Bonilla Santos","sequence":"first","affiliation":[],"role":[{"role":"editor","vocabulary":"crossref"}]},{"given":"Alfredis","family":"Gonz\u00e1lez Hern\u00e1ndez","sequence":"additional","affiliation":[],"role":[{"role":"editor","vocabulary":"crossref"}]},{"name":"Universidad Surcolombiana","sequence":"additional","affiliation":[],"role":[{"role":"editor","vocabulary":"crossref"}]},{"given":"Gisella","family":"Bonilla Santos","sequence":"additional","affiliation":[],"role":[{"role":"editor","vocabulary":"crossref"}]},{"name":"Universidad Surcolombiana","sequence":"additional","affiliation":[],"role":[{"role":"editor","vocabulary":"crossref"}]}],"issued":{"date-parts":[[2020,12,22]]},"ISBN":["9789587602517"],"references-count":0,"URL":"https:\/\/doi.org\/10.16925\/9789587602517","published":{"date-parts":[[2020,12,22]]}},{"indexed":{"date-parts":[[2024,8,6]],"date-time":"2024-08-06T19:02:08Z","timestamp":1722970928531},"reference-count":0,"publisher":"Ediciones Universidad Cooperativa de Colombia","isbn-type":[{"type":"print","value":"9789587600988"}],"content-domain":{"domain":[],"crossmark-restriction":false},"abstract":"<jats:p>La humanidad se encuentra en transici\u00f3n demogr\u00e1fica desde que, hace 70 000 a\u00f1os, el Homo sapiens se desplaz\u00f3 de \u00c1frica oriental por la pen\u00ednsula ar\u00e1biga para conquistar el planeta. El hombre ha migrado a trav\u00e9s de la historia para mejorar sus condiciones de vida o por razones de seguridad. Gracias a las tecnolog\u00edas actuales, al orden internacional construido y a las facilidades de movilidad, aumentar\u00e1 la cantidad de migrantes, que es poca respecto a la poblaci\u00f3n mundial, y estar\u00e1 compuesta cada vez m\u00e1s por personas calificadas y de pa\u00edses desarrollados. Este libro llama la atenci\u00f3n sobre el giro in\u00e9dito y el v\u00e9rtigo que la globalizaci\u00f3n del siglo XXI ha provocado en la transici\u00f3n demogr\u00e1fica hist\u00f3rica. La poblaci\u00f3n crece menos y envejece m\u00e1s, por lo que la composici\u00f3n etaria est\u00e1 cambiando y, con ella, los h\u00e1bitos de consumo que impactan las econom\u00edas.<\/jats:p>","DOI":"10.16925\/9789587600988","type":"edited-book","created":{"date-parts":[[2018,4,4]],"date-time":"2018-04-04T20:26:14Z","timestamp":1522873574000},"source":"Crossref","is-referenced-by-count":0,"title":["Demograf\u00eda y migraciones en la globalizaci\u00f3n"],"prefix":"10.16925","author":[{"name":"Universidad Cooperativa de Colombia","sequence":"first","affiliation":[],"role":[{"role":"author","vocabulary":"crossref"}]},{"given":"Gustavo","family":"Guzman","sequence":"first","affiliation":[],"role":[{"role":"author","vocabulary":"crossref"}]}],"member":"6711","published-online":{"date-parts":[[2018,4]]},"deposited":{"date-parts":[[2023,6,28]],"date-time":"2023-06-28T13:17:54Z","timestamp":1687958274000},"score":0.0,"resource":{"primary":{"URL":"https:\/\/ediciones.ucc.edu.co\/index.php\/ucc\/catalog\/book\/68"}},"issued":{"date-parts":[[2018,4]]},"ISBN":["9789587600988"],"references-count":0,"URL":"https:\/\/doi.org\/10.16925\/9789587600988","published":{"date-parts":[[2018,4]]}},{"indexed":{"date-parts":[[2024,8,6]],"date-time":"2024-08-06T19:02:03Z","timestamp":1722970923218},"edition-number":"1","reference-count":0,"publisher":"Ediciones Universidad Cooperativa de Colombia","isbn-type":[{"type":"print","value":"9789587600605"}],"content-domain":{"domain":[],"crossmark-restriction":false},"published-print":{"date-parts":[[2016,12,15]]},"abstract":"<jats:p>Este libro de investigaci\u00f3n tiene como objetivo dar a conocer las condiciones que permiten la potenciaci\u00f3n de sujetos sociales en dos colegios de la ciudad de Bogot\u00e1, de la localidad de Ciudad Bol\u00edvar: colegios Arborizadora Alta y Mar\u00eda Mercedes Carranza. Se intenta ir m\u00e1s all\u00e1 de las m\u00faltiples investigaciones sobre ambientes democr\u00e1ticos educativos, pr\u00e1cticas pedag\u00f3gicas, ciudadan\u00eda, etc., y ver de qu\u00e9 forma se pueden formar sujetos sociales que tengan la capacidad de transformar sus realidades, partiendo de un an\u00e1lisis de las condiciones sociohist\u00f3ricas del lugar en el que se llev\u00f3 a cabo la investigaci\u00f3n y un recuento de las pol\u00edticas p\u00fablicas de educaci\u00f3n y su impacto en la sociedad colombiana. La importancia de los hallazgos radica en demostrar que existen elementos que permiten la resistencia y la construcci\u00f3n de horizontes de posibilidad para la transformaci\u00f3n de realidades dentro y fuera del aula. As\u00ed mismo, a partir de los postulados te\u00f3ricos y metodol\u00f3gicos de Hugo Zemelman, se analiza a los sujetos sociales multidimensionalmente y en un contexto concreto. Es as\u00ed como, en esta obra, el lector encontrar\u00e1 la importancia de los docentes y el proyecto educativo institucional en la generaci\u00f3n de condiciones propicias para la potenciaci\u00f3n de sujetos sociales, considerando a los docentes como sujetos sociales que anhelan y desean la transformaci\u00f3n de las realidades de sus estudiantes.<\/jats:p>","DOI":"10.16925\/9789587600605","type":"edited-book","created":{"date-parts":[[2017,6,16]],"date-time":"2017-06-16T15:40:51Z","timestamp":1497627651000},"source":"Crossref","is-referenced-by-count":0,"title":["Condiciones para la potenciaci\u00f3n del sujeto social en la educaci\u00f3n secundaria en Bogot\u00e1"],"prefix":"10.16925","author":[{"name":"Universidad Cooperativa de Colombia","sequence":"first","affiliation":[],"role":[{"role":"author","vocabulary":"crossref"}]},{"given":"M\u00f3nica","family":"G\u00f3mez Vargas","sequence":"first","affiliation":[],"role":[{"role":"author","vocabulary":"crossref"}]}],"member":"6711","published-online":{"date-parts":[[2016,12,15]]},"deposited":{"date-parts":[[2022,6,6]],"date-time":"2022-06-06T21:19:48Z","timestamp":1654550388000},"score":0.0,"resource":{"primary":{"URL":"https:\/\/ediciones.ucc.edu.co\/index.php\/ucc\/catalog\/book\/139"}},"issued":{"date-parts":[[2016,12,15]]},"ISBN":["9789587600605"],"references-count":0,"URL":"https:\/\/doi.org\/10.16925\/9789587600605","published":{"date-parts":[[2016,12,15]]}},{"indexed":{"date-parts":[[2025,9,24]],"date-time":"2025-09-24T00:18:02Z","timestamp":1758673082919,"version":"3.44.0"},"reference-count":0,"publisher":"Ediciones Universidad Cooperativa de Colombia","content-domain":{"domain":[],"crossmark-restriction":false},"abstract":"<jats:p>La m\u00fasica es un producto cultural distintivo y particular de la especie que tiene implicaciones significativas para el desarrollo individual y social. A nivel individual, la m\u00fasica facilita la creaci\u00f3n de significados, estimula la imaginaci\u00f3n y la creatividad y entre tanto promueve el bienestar y la salud mental. A nivel social, la m\u00fasica facilita el contacto con los pares y brinda un sentido de pertenencia a la comunidad. Dada la importancia de la m\u00fasica para los seres humanos, el prop\u00f3sito del presente estudio fue conocer las preferencias musicales de los j\u00f3venes de la regi\u00f3n Caribe colombiana. La poblaci\u00f3n estuvo conformada por 200 adultos j\u00f3venes entre 18 y 30 a\u00f1os, con caracter\u00edsticas socioecon\u00f3micas diversas. Se sigui\u00f3 un dise\u00f1o descriptivo y de corte transversal. Los resultados mostraron una preferencia musical variada donde destaca la M\u00fasica Tropical como aquella con m\u00e1s agrado con los subg\u00e9neros Salsa (82%) y Merengue (69%). El g\u00e9nero musical de mayor disgusto fue el Metal con un 84%, correspondiente a la categor\u00eda de M\u00fasica Anglo. En conclusi\u00f3n, se ha revelado un panorama claro sobre las preferencias musicales de los j\u00f3venes universitarios de la regi\u00f3n Caribe, donde predomina la inclinaci\u00f3n a la M\u00fasica Tropical y lo sonidos aut\u00f3ctonos folcl\u00f3ricos. Este estudio ofrece una valiosa comprensi\u00f3n de los intereses musicales de los j\u00f3venes en un contexto social diverso como es el Caribe colombiano, referente en arte, folclor y cultura musical a nivel nacional e internacional.<\/jats:p>","DOI":"10.16925\/wpri.08","type":"report","created":{"date-parts":[[2025,9,23]],"date-time":"2025-09-23T15:42:04Z","timestamp":1758642124000},"source":"Crossref","is-referenced-by-count":0,"title":["Las preferencias musicales de los adultos j\u00f3venes del Caribe colombiano"],"prefix":"10.16925","author":[{"given":"Jos\u00e9","family":"Santiago","sequence":"first","affiliation":[],"role":[{"role":"author","vocabulary":"crossref"}]},{"ORCID":"https:\/\/orcid.org\/0000-0003-2683-5893","authenticated-orcid":false,"given":"Dayana","family":"Restrepo","sequence":"additional","affiliation":[],"role":[{"role":"author","vocabulary":"crossref"}]},{"ORCID":"https:\/\/orcid.org\/0000-0001-7715-3556","authenticated-orcid":false,"given":"Yuly","family":"Su\u00e1rez Colorado","sequence":"additional","affiliation":[],"role":[{"role":"author","vocabulary":"crossref"}]},{"given":"Mar\u00eda Jos\u00e9","family":"Zapata","sequence":"additional","affiliation":[],"role":[{"role":"author","vocabulary":"crossref"}]}],"member":"6711","published-online":{"date-parts":[[2024,12]]},"deposited":{"date-parts":[[2025,9,23]],"date-time":"2025-09-23T15:42:04Z","timestamp":1758642124000},"score":0.0,"resource":{"primary":{"URL":"https:\/\/repository.ucc.edu.co\/entities\/publication\/a82c6e54-0aa8-4246-bf67-435436d4cb8c"}},"issued":{"date-parts":[[2024,12]]},"references-count":0,"URL":"https:\/\/doi.org\/10.16925\/wpri.08","published":{"date-parts":[[2024,12]]}},{"indexed":{"date-parts":[[2025,11,10]],"date-time":"2025-11-10T21:09:03Z","timestamp":1762808943026},"reference-count":0,"publisher":"Universidad Cooperativa de Colombia- UCC","issue":"29","content-domain":{"domain":[],"crossmark-restriction":false},"short-container-title":["Rev. nac. odontol."],"abstract":"<jats:p>Introducci\u00f3n: en la pr\u00e1ctica odontol\u00f3gica es frecuente la demanda de odont\u00f3logos con competencias para el diagn\u00f3stico oportuno e instauraci\u00f3n del tratamiento. Algunas condiciones patol\u00f3gicas ocasionalmente no son del inter\u00e9s directo para el odont\u00f3logo en su lista de prioridades, sin embargo, todo y cuanto le concierne al sistema estomatogn\u00e1tico y a su funcionamiento debe ser considerado relevante, particularmente lo referente al Nervio Trig\u00e9mino (V par craneal), encargado de transmitir sensaciones a la boca, dientes, cara, cavidad nasal e inervaci\u00f3n de m\u00fasculos masticadores. Algunas condiciones pueden provocar neuralgia trigeminal, una afecci\u00f3n dolorosa e incapacitante, que puede afectar la calidad de vida.&#x0D;\nObjetivo: generar inter\u00e9s en el profesional de odontolog\u00eda respecto a neuralgia trigeminal y el rol que puede asumir en la oportuna atenci\u00f3n del paciente y prevenci\u00f3n durante algunos procedimientos dentales que podr\u00edan desencadenarla.&#x0D;\nMetodolog\u00eda: en la atenci\u00f3n cl\u00ednica es importante reflexionar acerca de la anatom\u00eda del nervio trig\u00e9mino y respecto a la neuralgia trigeminal, su definici\u00f3n, caracter\u00edsticas, clasificaci\u00f3n, etiolog\u00eda, consideraciones diagn\u00f3sticas, la relaci\u00f3n existente entre el odont\u00f3logo, la consulta odontol\u00f3gica y los pacientes con neuralgia trigeminal, as\u00ed como la toma de decisiones en el tratamiento e intervenci\u00f3n del odont\u00f3logo en esta afecci\u00f3n.&#x0D;\nConclusiones: el conocimiento de los factores desencadenantes, signos, s\u00edntomas y alternativas terap\u00e9uticas permite al odont\u00f3logo contribuir para interactuar de manera activa e interdisciplinaria con el equipo de atenci\u00f3n, m\u00e1s a\u00fan cuando se trata de uno de los principales nervios sobre los cuales se influye durante los tratamientos odontol\u00f3gicos.<\/jats:p>","DOI":"10.16925\/2357-4607.2019.02.06","type":"journal-article","created":{"date-parts":[[2020,6,8]],"date-time":"2020-06-08T22:48:01Z","timestamp":1591656481000},"page":"1-15","source":"Crossref","is-referenced-by-count":1,"title":["Neuralgia trigeminal y algunas consideraciones en la pr\u00e1ctica cl\u00ednica de la odontolog\u00eda"],"prefix":"10.16925","volume":"15","author":[{"given":"Lesbia Rosa","family":"Tirado Amador","sequence":"first","affiliation":[],"role":[{"role":"author","vocabulary":"crossref"}]},{"given":"Lenin","family":"Torres Osorio","sequence":"additional","affiliation":[],"role":[{"role":"author","vocabulary":"crossref"}]},{"given":"Jhon Alex","family":"Arce Vanegas","sequence":"additional","affiliation":[],"role":[{"role":"author","vocabulary":"crossref"}]}],"member":"6711","published-online":{"date-parts":[[2019,7,1]]},"container-title":["Revista Nacional de Odontolog\u00eda"],"link":[{"URL":"https:\/\/revistas.ucc.edu.co\/index.php\/od\/article\/download\/3348\/2952","content-type":"application\/pdf","content-version":"vor","intended-application":"text-mining"},{"URL":"https:\/\/revistas.ucc.edu.co\/index.php\/od\/article\/download\/3348\/2952","content-type":"unspecified","content-version":"vor","intended-application":"similarity-checking"}],"deposited":{"date-parts":[[2020,6,8]],"date-time":"2020-06-08T22:51:28Z","timestamp":1591656688000},"score":0.0,"resource":{"primary":{"URL":"https:\/\/revistas.ucc.edu.co\/index.php\/od\/article\/view\/3348"}},"issued":{"date-parts":[[2019,7,1]]},"references-count":0,"journal-issue":{"issue":"29","published-online":{"date-parts":[[2020,5,28]]}},"URL":"https:\/\/doi.org\/10.16925\/2357-4607.2019.02.06","ISSN":["2357-4607","1900-3080"],"issn-type":[{"value":"2357-4607","type":"electronic"},{"value":"1900-3080","type":"print"}],"published":{"date-parts":[[2019,7,1]]}},{"indexed":{"date-parts":[[2024,8,6]],"date-time":"2024-08-06T18:54:43Z","timestamp":1722970483864},"reference-count":0,"publisher":"Ediciones Universidad Cooperativa de Colombia","content-domain":{"domain":[],"crossmark-restriction":false},"abstract":"<jats:p>Este documento facilita el aprendizaje de la integral directa, utilizando las tablas de integraci\u00f3n para la soluci\u00f3n de ella. Es necesario contar con los conocimientos previos del \u00e1lgebra como operaciones b\u00e1sicas con expresiones algebraicas, factorizaci\u00f3n, las reglas de derivaci\u00f3n, etc. Los conceptos por desarrollar empiezan con exponentes y radicales, factorizaci\u00f3n y la integral directa; por consiguiente, es un documento que nos sirve para afianzar el desarrollo de la integral directa, para resolver problemas b\u00e1sicos y tener las bases matem\u00e1ticas para desarrollar situaciones complejas durante la carrera de ingenier\u00eda y la pr\u00e1ctica profesional.<\/jats:p>","DOI":"10.16925\/gcnc.30","type":"report","created":{"date-parts":[[2022,12,13]],"date-time":"2022-12-13T20:40:16Z","timestamp":1670964016000},"source":"Crossref","is-referenced-by-count":0,"title":["La integral directa"],"prefix":"10.16925","author":[{"name":"Universidad Cooperativa de Colombia","sequence":"first","affiliation":[],"role":[{"role":"author","vocabulary":"crossref"}]},{"given":"Alberto","family":"G\u00f3mez Lozano","sequence":"first","affiliation":[],"role":[{"role":"author","vocabulary":"crossref"}]}],"member":"6711","published-online":{"date-parts":[[2022,12]]},"deposited":{"date-parts":[[2022,12,13]],"date-time":"2022-12-13T20:40:20Z","timestamp":1670964020000},"score":0.0,"resource":{"primary":{"URL":"https:\/\/repository.ucc.edu.co\/handle\/20.500.12494\/47503"}},"issued":{"date-parts":[[2022,12]]},"references-count":0,"URL":"https:\/\/doi.org\/10.16925\/gcnc.30","published":{"date-parts":[[2022,12]]}},{"indexed":{"date-parts":[[2025,5,14]],"date-time":"2025-05-14T05:20:25Z","timestamp":1747200025206,"version":"3.40.5"},"reference-count":0,"publisher":"Universidad Cooperativa de Colombia - UCC","issue":"28","content-domain":{"domain":[],"crossmark-restriction":false},"short-container-title":["Rev. nac. odontol."],"abstract":"<jats:p>Introducci\u00f3n: la autoestima y el bienestar pueden verse afectados por problemas bucodentales. La maloclusi\u00f3n ocupa el tercer lugar de prevalencia a nivel mundial.\r\nObjetivo: determinar la prevalencia de necesidad de tratamiento ortod\u00f3ncico y relacionarla con el impacto psicosocial en adolescentes de 12 a 16 a\u00f1os matriculados en escuelas p\u00fablicas de Asunci\u00f3n y Piray\u00fa (Paraguay), en el a\u00f1o 2017.\r\nMetodolog\u00eda: el dise\u00f1o es observacional descriptivo de corte transversal. La necesidad de tratamiento de ortodoncia se midi\u00f3 con el \u00cdndice de Est\u00e9tica Dental (IED) utilizando la sonda periodontal PCPUNC15 y el impacto psicosocial con el Cuestionario de Impacto Psicosocial de la Est\u00e9tica Dental (PIDAQ). Participaron del estudio 206 adolescentes. Las escuelas fueron seleccionadas por conveniencia. Se aplicaron las pruebas Chi-cuadrado de Pearson de homogeneidad, U de Mann-Whitney y Kruskal Wallis con un nivel de confianza del 95 %.\r\nResultados: el 61,7 % fueron mujeres. Siendo el 38,3 % de Asunci\u00f3n y 61,7 % de Piray\u00fa. La necesidad de tratamiento de maloclusi\u00f3n fue de 19,0 % en Asunci\u00f3n y 4,0 % en Piray\u00fa, siendo significativa la diferencia (p=0,001). El PIDAQ promedio fue de 58,22 (DE=9,97) en Asunci\u00f3n y 61,77 (DE=14,87) en Piray\u00fa siendo esta diferencia significativa (p&lt;0,001). Fue homog\u00e9nea la distribuci\u00f3n por sexo para IED y PIDAQ. La subescala \u201cconfianza en la propia est\u00e9tica dental\u201d difiri\u00f3 significativamente seg\u00fan necesidad de tratamiento (p=0,034).\r\nConclusiones: Aadolescentes del estudio que acudieron a escuelas rurales presentaron menor necesidad de tratamiento de ortodoncia y mejor percepci\u00f3n de su aspecto est\u00e9tico dental que los de escuelas urbanas. Se requiere ahondar sobre factores de riesgo implicados.<\/jats:p>","DOI":"10.16925\/2357-4607.2019.01.07","type":"journal-article","created":{"date-parts":[[2019,5,15]],"date-time":"2019-05-15T10:08:58Z","timestamp":1557914938000},"source":"Crossref","is-referenced-by-count":0,"title":["Impacto psicosocial de la maloclusi\u00f3n en adolescentes que acuden a escuelas de Asunci\u00f3n y Piray\u00fa, Paraguay"],"prefix":"10.16925","volume":"15","author":[{"ORCID":"https:\/\/orcid.org\/0000-0002-7312-1386","authenticated-orcid":false,"given":"Clarisse Virginia","family":"D\u00edaz-Reissner","sequence":"first","affiliation":[],"role":[{"role":"author","vocabulary":"crossref"}]},{"ORCID":"https:\/\/orcid.org\/0000-0001-6276-4688","authenticated-orcid":false,"given":"Milner Iv\u00e1n","family":"Morel-Barrios","sequence":"additional","affiliation":[],"role":[{"role":"author","vocabulary":"crossref"}]},{"ORCID":"https:\/\/orcid.org\/0000-0003-2965-1686","authenticated-orcid":false,"given":"Mar\u00eda Elida","family":"Quintana-Molinas","sequence":"additional","affiliation":[],"role":[{"role":"author","vocabulary":"crossref"}]}],"member":"6711","published-online":{"date-parts":[[2019,4,22]]},"container-title":["Revista Nacional de Odontolog\u00eda"],"link":[{"URL":"https:\/\/revistas.ucc.edu.co\/index.php\/od\/article\/download\/2601\/2634","content-type":"application\/pdf","content-version":"vor","intended-application":"text-mining"},{"URL":"https:\/\/revistas.ucc.edu.co\/index.php\/od\/article\/download\/2601\/2634","content-type":"unspecified","content-version":"vor","intended-application":"similarity-checking"}],"deposited":{"date-parts":[[2020,2,23]],"date-time":"2020-02-23T21:57:14Z","timestamp":1582495034000},"score":0.0,"resource":{"primary":{"URL":"https:\/\/revistas.ucc.edu.co\/index.php\/od\/article\/view\/2601"}},"issued":{"date-parts":[[2019,4,22]]},"references-count":0,"journal-issue":{"issue":"28","published-online":{"date-parts":[[2019,4,22]]}},"URL":"https:\/\/doi.org\/10.16925\/2357-4607.2019.01.07","ISSN":["2357-4607","1900-3080"],"issn-type":[{"type":"electronic","value":"2357-4607"},{"type":"print","value":"1900-3080"}],"published":{"date-parts":[[2019,4,22]]}},{"indexed":{"date-parts":[[2025,11,22]],"date-time":"2025-11-22T18:45:26Z","timestamp":1763837126234},"reference-count":0,"publisher":"Universidad Cooperativa de Colombia- UCC","issue":"1","content-domain":{"domain":[],"crossmark-restriction":false},"short-container-title":["Revista Curare"],"DOI":"10.16925\/cu.v1i1.304","type":"journal-article","created":{"date-parts":[[2015,2,26]],"date-time":"2015-02-26T21:24:35Z","timestamp":1424985875000},"page":"17","source":"Crossref","is-referenced-by-count":4,"title":["Prevalencia de hipertensi\u00f3n arterial en universitarios, Medell\u00edn"],"prefix":"10.16925","volume":"1","author":[{"given":"Jaiberth Antonio","family":"Cardona-Arias*","sequence":"first","affiliation":[],"role":[{"role":"author","vocabulary":"crossref"}]},{"given":"Ebelin Yalena","family":"Arrroyave-Mart\u00ednez","sequence":"additional","affiliation":[],"role":[{"role":"author","vocabulary":"crossref"}]}],"member":"6711","published-online":{"date-parts":[[2014,3,1]]},"container-title":["Curare"],"deposited":{"date-parts":[[2015,2,26]],"date-time":"2015-02-26T21:24:46Z","timestamp":1424985886000},"score":0.0,"resource":{"primary":{"URL":"http:\/\/revistas.ucc.edu.co\/index.php\/cu\/article\/view\/304"}},"issued":{"date-parts":[[2014,3,1]]},"references-count":0,"journal-issue":{"issue":"1","published-online":{"date-parts":[[2014,3,1]]}},"URL":"https:\/\/doi.org\/10.16925\/cu.v1i1.304","ISSN":["2382-3364","2382-3356"],"issn-type":[{"value":"2382-3364","type":"electronic"},{"value":"2382-3356","type":"print"}],"published":{"date-parts":[[2014,3,1]]}},{"indexed":{"date-parts":[[2025,5,14]],"date-time":"2025-05-14T05:19:05Z","timestamp":1747199945563,"version":"3.40.5"},"reference-count":0,"publisher":"Ediciones Universidad Cooperativa de Colombia","content-domain":{"domain":[],"crossmark-restriction":false},"abstract":"<jats:p>La pr\u00e1ctica de laboratorio de psicofisiolog\u00eda es una actividad complementaria a la conceptualizaci\u00f3n te\u00f3rica desarrollada en el aula, incorporando recursos did\u00e1cticos para el desarrollo de competencias generales y espec\u00edficas para un proceso acad\u00e9mico significativo, el cual permite a los estudiantes participar activamente en la construcci\u00f3n de su propio conocimiento, en un contexto experiencial, de descubrimiento e investigaci\u00f3n. Los ambientes pr\u00e1cticos de aprendizaje (APA) motivan al estudiante a la investigaci\u00f3n cient\u00edfica y potencian habilidades de observaci\u00f3n, identificaci\u00f3n, comparaci\u00f3n, an\u00e1lisis y discusi\u00f3n. En esta gu\u00eda, se incluyen contenidos te\u00f3ricos que facilitan al estudiante la preparaci\u00f3n del conocimiento para el desarrollo pr\u00e1ctico en el laboratorio. Adicionalmente, esta gu\u00eda dispone de actividades din\u00e1micas de estudio en grupos de trabajo para mejorar su comprensi\u00f3n. Incluye par\u00e1metros claves para la presentaci\u00f3n del informe del desarrollo de la actividad pr\u00e1ctica. Esta gu\u00eda pr\u00e1ctica corresponde a uno de los componentes desarrollados en el curso de Neurociencia Cognitiva y del Comportamiento para los estudiantes de segundo semestre de Psicolog\u00eda.<\/jats:p>","DOI":"10.16925\/gcgp.79","type":"report","created":{"date-parts":[[2023,7,18]],"date-time":"2023-07-18T22:44:14Z","timestamp":1689720254000},"source":"Crossref","is-referenced-by-count":0,"title":["Laboratorio de psicofisiolog\u00eda para la evaluaci\u00f3n, intervenci\u00f3n e investigaci\u00f3n de procesos psicol\u00f3gicos"],"prefix":"10.16925","author":[{"name":"Universidad Cooperativa de Colombia","sequence":"first","affiliation":[],"role":[{"role":"author","vocabulary":"crossref"}]},{"ORCID":"https:\/\/orcid.org\/0000-0002-3723-405X","authenticated-orcid":false,"given":"Silvia In\u00e9s","family":"Parada Dur\u00e1n","sequence":"first","affiliation":[],"role":[{"role":"author","vocabulary":"crossref"}]}],"member":"6711","published-online":{"date-parts":[[2022,12]]},"deposited":{"date-parts":[[2023,7,18]],"date-time":"2023-07-18T22:44:16Z","timestamp":1689720256000},"score":0.0,"resource":{"primary":{"URL":"https:\/\/repository.ucc.edu.co\/items\/d6eebc13-5a5c-4ae9-93ed-085936fdb742"}},"issued":{"date-parts":[[2022,12]]},"references-count":0,"URL":"https:\/\/doi.org\/10.16925\/gcgp.79","published":{"date-parts":[[2022,12]]}},{"indexed":{"date-parts":[[2025,2,21]],"date-time":"2025-02-21T21:57:20Z","timestamp":1740175040948,"version":"3.37.3"},"reference-count":20,"publisher":"Universidad Cooperativa de Colombia - UCC","issue":"27","content-domain":{"domain":[],"crossmark-restriction":false},"short-container-title":["ing. Solidar"],"abstract":"<jats:p>Introducci\u00f3n: este art\u00edculo es producto de la investigaci\u00f3n de la incidencia del fen\u00f3meno de oscilaci\u00f3n cuasi-bienal sobre el comportamiento h\u00eddrico en el norte de abastecimiento de Bogot\u00e1 realizado en la Universidad Militar Nueva Granada en el a\u00f1o 2017.\r\n Problema: en la \u00faltima d\u00e9cada, en Colombia, se han presentado a\u00f1os de muy alta y de muy baja humedad relativa, los cuales se asocian con los fen\u00f3menos macroclimatol\u00f3gicos que tienen repercusi\u00f3n sobre el r\u00e9gimen hidrol\u00f3gico regional y local, y generan variabilidad de la oferta h\u00eddrica.\r\n Metodolog\u00eda: en este estudio se presenta un an\u00e1lisis estad\u00edstico proclive a determinar la influencia de la oscilaci\u00f3n cuasi-bienal sobre los caudales medios mensuales de los embalses de Sisga, Tomin\u00e9 y Neusa del sistema de abastecimiento norte de Bogot\u00e1, a partir de correlaciones lineales entre las dos variables.\r\nResultado: se evidenci\u00f3 una incidencia del fen\u00f3meno de oscilaci\u00f3n cuasi-bienal sobre los afluentes a los embalses entre un 2,7% y 4,0% que tarda en reflejarse en un periodo de nueve meses.\r\nConclusi\u00f3n: el fen\u00f3meno de oscilaci\u00f3n cuasi-bienal no aporta de manera significativa la escorrent\u00eda superficial de las cuencas estudiadas.\r\nLimitaciones: aunque en el estudio no se ha podido demostrar la incidencia del fen\u00f3meno natural, en otras zonas del pa\u00eds este efecto es demostrado. A manera de hip\u00f3tesis, se puede suponer que la aplicaci\u00f3n de otros m\u00e9todos estad\u00edsticos diferentes al aplicado, posibilitar\u00e1 un an\u00e1lisis m\u00e1s profundo de los resultados.\r\nOriginalidad: en el marco nacional son pocos los estudios realizados acerca del fen\u00f3meno de oscilaci\u00f3n cuasi- bienal y su influencia sobre la variabilidad h\u00eddrica interanual.<\/jats:p>","DOI":"10.16925\/2357-6014.2019.01.09","type":"journal-article","created":{"date-parts":[[2020,2,23]],"date-time":"2020-02-23T19:11:51Z","timestamp":1582485111000},"page":"1-18","source":"Crossref","is-referenced-by-count":0,"title":["Dependencia de la variabilidad hidrol\u00f3gica de los fen\u00f3menos macroclimaticos. Caso de estudio"],"prefix":"10.16925","volume":"15","author":[{"ORCID":"https:\/\/orcid.org\/0000-0001-7923-6937","authenticated-orcid":false,"given":"Lina Betulia","family":"Arteaga \u00c1vila","sequence":"first","affiliation":[],"role":[{"role":"author","vocabulary":"crossref"}]},{"ORCID":"https:\/\/orcid.org\/0000-0001-9015-1520","authenticated-orcid":false,"given":"Lina Fernanda","family":"Delgado-Pe\u00f1a","sequence":"additional","affiliation":[],"role":[{"role":"author","vocabulary":"crossref"}]}],"member":"6711","published-online":{"date-parts":[[2019,1,10]]},"reference":[{"key":"73736","unstructured":"G. Poveda, J. V\u00e9lez, O. Mesa, C. Hoyos, L. Salazar, J. Mej\u00eda, O. Barco y P. Correa, \u201cInfluencia de fen\u00f3menos macroclim\u00e1ticos sobre el ciclo anual de la hidrolog\u00eda colombiana: cuantificaci\u00f3n lineal, no lineal y percentiles probabil\u00edsticos\u201d, Meteorol. Colomb, vol. 6, pp. 121-130, oct. 2002. [En l\u00ednea] Disponible en: http:\/\/www.matematicas.unal.edu.co\/unciencias\/data-file\/user_23\/file\/METEOROLOGIA\/13Poveda%20Clima%20Nuevo.pdf"},{"key":"73737","doi-asserted-by":"crossref","unstructured":"W. Buytaert, R. Celleri, P. Willems, B. De Bi\u00e9vre y G. Wyseure, \u201cSpatial and temporal rainfall variability in mountainous areas: a case study from the south Ecuadorian Andes\u201d, Journal of Hydrology, vol. 329, pp. 413-421, oct. 2006. [En l\u00ednea] Disponible en: https:\/\/doi.org\/10.1016\/j.jhydrol.2006.02.031","DOI":"10.1016\/j.jhydrol.2006.02.031"},{"key":"73738","unstructured":"M. Zuluaga, J. Posada, G. Poveda, \u201cRelaci\u00f3n entre las fases de la oscilaci\u00f3n cuasi-bienal, la precipitaci\u00f3n mensual y la radiaci\u00f3n de onda larga emergente en Colombia\u201d. Memorias IX Congreso Latinoamericano e Ib\u00e9rico de Meteorolog\u00eda, Buenos Aires Argentina, pp.1-2. 2001. [En l\u00ednea] Disponible en: http:\/\/www.bdigital.unal.edu.co\/4416\/1\/AA3318.pdf"},{"key":"73739","unstructured":"J. Amador, \u201cLa oscilaci\u00f3n cuasi-bienal, ENOS y acoplamiento de algunos par\u00e1metros superficiales y estratosf\u00e9ricos sobre Costa Rica\u201d, Topograf\u00eda y Meteorolog\u00eda Oceanogr\u00e1fica, vol. 3, pp. 45-53, 1996. [En l\u00ednea] Disponible en: http:\/\/65.182.2.246\/docum\/crid\/Abril2006\/CD1\/pdf\/spa\/doc8710\/doc8710-contenido.pdf"},{"key":"73740","doi-asserted-by":"crossref","unstructured":"M. Baldwin, L. Gray, T. Dunkerton, K. Hamilton, P. Haynes, W. Randel, J. Holton, M. Alexander, I. Hirota, T. Horinouchi, D. Jones, J. Kinnersley, C. Marquardt, K.Santoy M. Takahashi,\u201cThe Quasi-biennial Oscillation\u201d, Reviews of Geophysics, vol.39, pp.179-229, 2001. [En l\u00ednea] Disponible en: http:\/\/onlinelibrary.wiley.com\/doi\/10.1029\/1999RG000073\/epdf","DOI":"10.1029\/1999RG000073"},{"key":"73741","doi-asserted-by":"crossref","unstructured":"M. Giorgetta, E. Manzini y E. Roeckner, \u201cForcing of the quasi-biennial oscillation from a broad spectrum of atmospheric waves\u201d, Geophysical Research Letters, vol. 29, pp. 86-1-86-4, abr. 2002. [En l\u00ednea] Disponible en: http:\/\/onlinelibrary.wiley.com\/doi\/10.1029\/2002GL014756\/full","DOI":"10.1029\/2002GL014756"},{"key":"73742","unstructured":"E. Torres, \u201cDiagn\u00f3stico ambiental de las cuencas hidrogr\u00e1ficas de embalses en Colombia\u201d, Avances. Investigaci\u00f3n en Ingenier\u00eda, vol.10, pp. 66-68, 2009. [En l\u00ednea] Disponible en: http:\/\/www.unilibre.edu.co\/revistaavances\/index.php\/2-uncategorised\/216-revista-avances-volumen-10.html"},{"key":"73743","doi-asserted-by":"crossref","unstructured":"B. Naujokat, \u201cAn update of the observed Quasi- Biennial Oscillation of stratospheric winds over the 27 tropics\u201d, Journal of the Atmospheric Sciences, vol. 43, no. 17, pp. 1873-1877, 1986. . [En l\u00ednea] Disponible en: https:\/\/doi.org\/10.1175\/1520-0469(1986)043<1873:AUOTOQ>2.0.CO;2","DOI":"10.1175\/1520-0469(1986)043<1873:AUOTOQ>2.0.CO;2"},{"key":"73744","doi-asserted-by":"crossref","unstructured":"C. I. Garfinkel, T. A.Shaw, D. L. Hartmann y D. W. Waugh, \u201cDoes the Holton-Tan mechanism explain how the quasi-biennial oscillation modulates the Arctic Polar vortex?\u201d Journal of the Atmospheric Sciences, vol. 69, no. 5, pp. 1713-1733, 2012. [En l\u00ednea] Disponible en: https:\/\/doi.org\/10.1175\/JAS-D-13-096.1","DOI":"10.1175\/JAS-D-13-096.1"},{"key":"73745","doi-asserted-by":"crossref","unstructured":"S. Br\u00f6nnimann, A. Malik, A. Stickler, M. Wegmann, C. Raible, S. Muthers, J. Anet, E. Rozanov, W. y Schmutz. \u201cMultidecadal variations of the effects of the Quasi-Biennial Oscillation on the climate system\u201d, Atmos. Chem. Phys., vol. 16, pp. 15529-15543, 2016. [En l\u00ednea] Disponible en: https:\/\/www.atmos-chem-phys.net\/16\/15529\/2016\/","DOI":"10.5194\/acp-16-15529-2016"},{"key":"73746","doi-asserted-by":"crossref","unstructured":"F. Hansen y K. Matthes, \u201cTropospheric QBO\u2013ENSO interactions and differences between the Atlantic and Paci\ufb01c\u201d, Journal of Climate, vol. 29 no. 4, pp. 1353-1368, 2016. [En l\u00ednea] Disponible en: http:\/\/journals.ametsoc.org\/doi\/abs\/10.1175\/JCLI-D-15-0164.1","DOI":"10.1175\/JCLI-D-15-0164.1"},{"key":"73747","unstructured":"M. Martelo, O. Moreno y C. Mendoza, \u201cEstudio del impacto del cambio clim\u00e1tico sobre la agricultura y la seguridad alimentaria en la Rep\u00fablica Bolivariana de Venezuela\u201d, Direcci\u00f3n de Hidrolog\u00eda y Meteorolog\u00eda, Ministerio del Ambiente y los Recursos Naturales, Venezuela, 2010, pp. 38-40. [En l\u00ednea] Disponible en: http:\/\/www.fao.org\/3\/a-ax365s.pdf"},{"key":"73748","unstructured":"B. Hern\u00e1ndez. (2002). \u201cVariabilidad interanual de las anomal\u00edas de la temperatura superficial del mar en aguas cubanas y su relaci\u00f3n con eventos El Ni\u00f1o-Oscilaci\u00f3n del Sur (ENSO)\u201d. Latin American Journal of Aquatic Research, vol. 30, no. 2, pp. 21-31, nov. 2002. [En l\u00ednea] Disponible en: http:\/\/dx.doi.org\/10.4067\/S0717-7178200200020000"},{"key":"73749","unstructured":"M. Cort\u00e9s, \u201cAn\u00e1lisis de variables de caudal y precipitaci\u00f3n de sectores en los departamentos de Boyac\u00e1 y Casanare y su alteraci\u00f3n por fen\u00f3menos macroclim\u00e1ticos y de cambio global\u201d, L'esprit Ing\u00e9nieux, vol. 3, no. 1, pp. 115-116, 2012. [En l\u00ednea] Disponible en: http:\/\/revistas.ustatunja.edu.co\/index.php\/lingenieux\/article\/view\/129"},{"key":"73750","doi-asserted-by":"crossref","unstructured":"A.D. Aguirre-C\u00e1rdenas, S. Almanza-Velazco y Y. Ivanova. \u201cInfluencia del fen\u00f3meno de oscilaci\u00f3n cuasi-bienal en las afluencias del sistema sur de abastecimiento de Bogot\u00e1\u201d, Rev. Ingenier\u00eda, Investigaci\u00f3n y Desarrollo, vol. 18, no.1, pp. 16-24, 2018. [En l\u00ednea] Disponible en: https:\/\/doi.org\/10.19053\/1900771X.v18.n1.2018.7822","DOI":"10.19053\/1900771X.v18.n1.2018.7822"},{"key":"73751","doi-asserted-by":"crossref","unstructured":"J. R. Holton y H. C. Tan-Tan, \u201cThe Influence of the equatorial quasi-bienal oscillation on the global circulation at 50 mb\u201d, Journal of Atmospheric Sciences, vol. 37, pp. 2200-2208, 1980. [En l\u00ednea] Disponible en: https:\/\/doi.org\/10.1175\/1520-0469(1980)037<2200:TIOTEQ>2.0.CO;2","DOI":"10.1175\/1520-0469(1980)037<2200:TIOTEQ>2.0.CO;2"},{"key":"73752","doi-asserted-by":"crossref","unstructured":"C. Wang, K. Viswanathan, L. Choudur, V. Talwar, W. Satterfield y K. Schwan. \u201cStatistical techniques for online anomaly detection in data centers\u201d, en IFIP\/IEEE International Symposium on Integrated Network Management (1M), my. 2011. [En l\u00ednea] Disponible en: http:\/\/www.hpl.hp.com\/techreports\/2011\/HPL-2011-8.pdf","DOI":"10.1109\/INM.2011.5990537"},{"key":"73753","unstructured":"M. DeGroot y M. Schervish, Probability and Statistics, vol. 4m, pp.514-517, 2012. [En l\u00ednea] Disponible en: http:\/\/lib.hpu.edu.vn\/handle\/123456789\/28621"},{"key":"73754","unstructured":"L. Guenni, E. Degryze y K. Alvarado, \u201cAn\u00e1lisis de la tendencia y la estacionalidad de la precipitaci\u00f3n mensual en Venezuela\u201d, Revista Colombiana de Estad\u00edstica, vol. 31, pp. 41-61, jun. 2008. [En l\u00ednea] Disponible en: http:\/\/www.scielo.org.co\/pdf\/rce\/v31n1\/v31n1a03.pdf"},{"key":"73755","unstructured":"J. L. Devore, Probabilidad y estad\u00edstica para ingenier\u00eda y ci\u00eancias, 7\u00aa ed., M\u00e9xico, D. F.: Cengage Learning, 2008, pp 485-487."}],"container-title":["Ingenier\u00eda Solidaria"],"link":[{"URL":"https:\/\/revistas.ucc.edu.co\/index.php\/in\/article\/download\/2742\/2698","content-type":"application\/pdf","content-version":"vor","intended-application":"text-mining"},{"URL":"https:\/\/revistas.ucc.edu.co\/index.php\/in\/article\/download\/2742\/2698","content-type":"unspecified","content-version":"vor","intended-application":"similarity-checking"}],"deposited":{"date-parts":[[2020,2,23]],"date-time":"2020-02-23T19:12:02Z","timestamp":1582485122000},"score":0.0,"resource":{"primary":{"URL":"https:\/\/revistas.ucc.edu.co\/index.php\/in\/article\/view\/2742"}},"issued":{"date-parts":[[2019,1,10]]},"references-count":20,"journal-issue":{"issue":"27","published-online":{"date-parts":[[2019,1,10]]}},"URL":"https:\/\/doi.org\/10.16925\/2357-6014.2019.01.09","ISSN":["2357-6014","1900-3102"],"issn-type":[{"type":"electronic","value":"2357-6014"},{"type":"print","value":"1900-3102"}],"published":{"date-parts":[[2019,1,10]]}},{"indexed":{"date-parts":[[2025,11,18]],"date-time":"2025-11-18T15:35:35Z","timestamp":1763480135681,"version":"3.37.3"},"reference-count":85,"publisher":"Universidad Cooperativa de Colombia - UCC","issue":"20","license":[{"start":{"date-parts":[[2016,10,1]],"date-time":"2016-10-01T00:00:00Z","timestamp":1475280000000},"content-version":"unspecified","delay-in-days":0,"URL":"http:\/\/creativecommons.org\/licenses\/by-nc-nd\/4.0\/"}],"content-domain":{"domain":[],"crossmark-restriction":false},"short-container-title":["ing. Solidar"],"abstract":"<jats:p>Introducci\u00f3n: El art\u00edculo es producto de investigaci\u00f3n derivado del proyecto \u201cUso de aguas residuales como sustratos alternativos para la generaci\u00f3n de biomasa microalgal\u201d desarrollado por el semillero de investigaci\u00f3n en Ingenier\u00eda Ambiental y Bioprocesos SIIAB de la universidad Sergio Arboleda y ejecutado durante el a\u00f1o 2015. El objetivo de la investigaci\u00f3n fue evaluar del uso de la microalga Scenedesmus sp. como herramienta de tratamiento de las aguas residuales industriales producidas en una empresa de textiles ubicada en la ciudad de Bogot\u00e1, que presentan altas concentraciones de metales pesados, aluminio y nutrientes inorg\u00e1nicos, los cuales pueden alterar la calidad de los cuerpos de agua superficiales o subterr\u00e1neos. Metodolog\u00eda: Durante la investigaci\u00f3n se evaluaron tres diluciones diferentes del agua residual (100, 50 y 20%) para el valorar el efecto que podr\u00eda presentar el efluente industrial sobre el crecimiento de la microalga en un periodo de tiempo de 15 d\u00edas. Resultados: Se obtuvo un mayor crecimiento de Scenedesmus en el agua sin diluir (concentraci\u00f3n 100%) alcanzando reducciones de aluminio (88,8%), cromo (85,2%), nitratos (99,8%) y nitritos (99,9%) y en menor medida de la carga org\u00e1nica (25.2%). Conclusiones: La microalga Scenedesmus sp. exhibi\u00f3 un papel de ficorremediaci\u00f3n sobre las aguas residuales de la industria textil, las cuales pueden ser utilizadas como sustratos alternativos para la generaci\u00f3n de biomasa microalgal.<\/jats:p>","DOI":"10.16925\/in.v19i20.1418","type":"journal-article","created":{"date-parts":[[2017,2,2]],"date-time":"2017-02-02T10:15:12Z","timestamp":1486030512000},"page":"95-105","source":"Crossref","is-referenced-by-count":5,"title":["Uso de Scenedesmus para la remoci\u00f3n de metales pesados y nutrientes de aguas residuales para la industria textil"],"prefix":"10.16925","volume":"12","author":[{"given":"Karen Roc\u00edo","family":"P\u00e9rez Silva","sequence":"first","affiliation":[],"role":[{"role":"author","vocabulary":"crossref"}]},{"given":"Asly Michell","family":"Vega Bola\u00f1os","sequence":"additional","affiliation":[],"role":[{"role":"author","vocabulary":"crossref"}]},{"given":"Luisa Carolina","family":"Hern\u00e1ndez Rodr\u00edguez","sequence":"additional","affiliation":[],"role":[{"role":"author","vocabulary":"crossref"}]},{"given":"David Alejandro","family":"Parra Ospina","sequence":"additional","affiliation":[],"role":[{"role":"author","vocabulary":"crossref"}]},{"given":"Miguel \u00c1ngel","family":"Ballen Segura","sequence":"additional","affiliation":[],"role":[{"role":"author","vocabulary":"crossref"}]}],"member":"6711","published-online":{"date-parts":[[2016,10,1]]},"reference":[{"key":"30802","doi-asserted-by":"crossref","unstructured":"J.-S. Bae, H. S. Freeman, and S. D. Kim, \"Influences of new azo dyes to the aquatic ecosystem\" Fibers and Polymers, vol. 7, pp. 30-35, 2006. DOI: http:\/\/link.springer.com\/article\/10.1007%2FBF02933599","DOI":"10.1007\/BF02933599"},{"key":"30803","unstructured":"S. Sharma, A. Munjal, and S. Gupta, \"Comparative studies on decolorization of textile Azo dyes by different bacterial consortia and pure bacterial isolate,\" Journal of Pharmacy Research, vol. 4, 2011. DOI: http:\/\/jprsolutions.info\/newfiles\/journal-file-56f780bd666dd1.10475241.pdf"},{"key":"30804","doi-asserted-by":"crossref","unstructured":"H. Y. El-Kassas and L. A. Mohamed, \"Bioremediation of the textile waste efflu-ent by Chlorella vulgaris,\" The Egyptian Journal of Aquatic Research, vol. 40, pp. 301-308, 2014. DOI:10.1016\/j.ejar.2014.08.003","DOI":"10.1016\/j.ejar.2014.08.003"},{"key":"30805","doi-asserted-by":"crossref","unstructured":"http:\/\/dx.doi.org\/10.1016\/j.ejar.2014.08.003","DOI":"10.1016\/j.ejar.2014.08.003"},{"key":"30806","doi-asserted-by":"crossref","unstructured":"A. Asghar, A. Raman, A. Aziz, W. Daud, and W. M. Ashri, \"Challenges and recommendations for using membranes in wastewater-based microbial fuel cells for in situ Fenton oxidation for textile wastewater treatment,\" Reviews in Chemical Engineer-ing, vol. 31, pp. 45-67, 2015. DOI: 10.1515\/revce-2014-0030","DOI":"10.1515\/revce-2014-0030"},{"key":"30807","doi-asserted-by":"crossref","unstructured":"http:\/\/dx.doi.org\/10.1515\/revce-2014-0030","DOI":"10.1515\/revce-2014-0030"},{"key":"30808","doi-asserted-by":"crossref","unstructured":"N. Daneshvar, M. Ayazloo, A. Khataee, and M. Pourhassan, \"Biological decol-orization of dye solution containing Malachite Green by microalgae Cosmarium sp,\" Bioresource technology, vol. 98, pp. 1176-1182, 2007. DOI: 10.1016\/j.biortech.2006.05.025","DOI":"10.1016\/j.biortech.2006.05.025"},{"key":"30809","doi-asserted-by":"crossref","unstructured":"http:\/\/dx.doi.org\/10.1016\/j.biortech.2006.05.025","DOI":"10.1016\/j.biortech.2006.05.025"},{"key":"30810","doi-asserted-by":"crossref","unstructured":"N. Abdel-Raouf, A. A. Al-Homaidan, and I. B. M. Ibraheem, \"Microalgae and wastewater treatment,\" Saudi Journal of Biological Sciences, vol. 19, pp. 257-275, 2012. DOI: 10.1016\/j.sjbs.2012.04.005","DOI":"10.1016\/j.sjbs.2012.04.005"},{"key":"30811","doi-asserted-by":"crossref","unstructured":"http:\/\/dx.doi.org\/10.1016\/j.sjbs.2012.04.005","DOI":"10.1016\/j.sjbs.2012.04.005"},{"key":"30812","doi-asserted-by":"crossref","unstructured":"S. Mehta and J. Gaur, \"Use of algae for removing heavy metal ions from wastewater: progress and prospects,\" Critical Reviews in Biotechnology, vol. 25, pp. 113-152, 2005. DOI: 10.1080\/07388550500248571","DOI":"10.1080\/07388550500248571"},{"key":"30813","doi-asserted-by":"crossref","unstructured":"http:\/\/dx.doi.org\/10.1080\/07388550500248571","DOI":"10.1080\/07388550500248571"},{"key":"30814","doi-asserted-by":"crossref","unstructured":"K. S. Kumar, H.-U. Dahms, E.-J. Won, J.-S. Lee, and K.-H. Shin, \"Microalgae\u2013A promising tool for heavy metal remediation,\" Ecotoxicology and environmental safe-ty, vol. 113, pp. 329-352, 2015. DOI: 10.1016\/j.ecoenv.2014.12.019","DOI":"10.1016\/j.ecoenv.2014.12.019"},{"key":"30815","doi-asserted-by":"crossref","unstructured":"http:\/\/dx.doi.org\/10.1016\/j.ecoenv.2014.12.019","DOI":"10.1016\/j.ecoenv.2014.12.019"},{"key":"30816","doi-asserted-by":"crossref","unstructured":"T. Mutanda, S. Karthikeyan, and F. Bux, \"The utilization of post-chlorinated municipal domestic wastewater for biomass and lipid production by Chlorella spp. under batch conditions,\" Applied biochemistry and biotechnology, vol. 164, pp. 1126-1138, 2011. DOI: 10.1007\/s12010-011-9199-x","DOI":"10.1007\/s12010-011-9199-x"},{"key":"30817","doi-asserted-by":"crossref","unstructured":"http:\/\/dx.doi.org\/10.1007\/s12010-011-9199-x","DOI":"10.1007\/s12010-011-9199-x"},{"key":"30818","doi-asserted-by":"crossref","unstructured":"S. S. Mostafa, E. A. Shalaby, and G. I. Mahmoud, \"Cultivating microalgae in domestic wastewater for biodiesel production,\" Notulae Scientia Biologicae, vol. 4, p. 56, 2012. DOI: www.notulebiologicae.ro","DOI":"10.15835\/nsb417298"},{"key":"30819","doi-asserted-by":"crossref","unstructured":"K. V. Ajayan, M. Selvaraju, P. Unnikannan, and P. Sruthi, \"Phycoremediation of tannery waste water using microalgae Scenedesmus species,\" International journal of phytoremediation, vol. 17, pp. 907-916, 2015. DOI: 10.1080\/15226514.2014.989313","DOI":"10.1080\/15226514.2014.989313"},{"key":"30820","doi-asserted-by":"crossref","unstructured":"http:\/\/dx.doi.org\/10.1080\/15226514.2014.989313","DOI":"10.1080\/15226514.2014.989313"},{"key":"30821","doi-asserted-by":"crossref","unstructured":"S. Chinnasamy, A. Bhatnagar, R. W. Hunt, and K. Das, \"Microalgae cultivation in a wastewater dominated by carpet mill effluents for biofuel applications,\" Bioresource technology, vol. 101, pp. 3097-3105, 2010. DOI: 10.1016\/j.biortech.2009.12.026","DOI":"10.1016\/j.biortech.2009.12.026"},{"key":"30822","doi-asserted-by":"crossref","unstructured":"http:\/\/dx.doi.org\/10.1016\/j.biortech.2009.12.026","DOI":"10.1016\/j.biortech.2009.12.026"},{"key":"30823","doi-asserted-by":"crossref","unstructured":"G. Hodaifa, M. E. Mart\u00ednez, and S. S\u00e1nchez, \"Use of industrial wastewater from olive-oil extraction for biomass production of Scenedesmus obliquus,\" Bioresource technology, vol. 99, pp. 1111-1117, 2008. DOI: 10.1016\/j.biortech.2007.02.020","DOI":"10.1016\/j.biortech.2007.02.020"},{"key":"30824","doi-asserted-by":"crossref","unstructured":"http:\/\/dx.doi.org\/10.1016\/j.biortech.2007.02.020","DOI":"10.1016\/j.biortech.2007.02.020"},{"key":"30825","doi-asserted-by":"crossref","unstructured":"N. C. Bhatt, A. Panwar, T. S. Bisht, and S. Tamta, \"Coupling of algal biofuel production with wastewater,\" The Scientific World Journal, vol. 2014, 2014. DOI: http:\/\/dx.doi.org\/10.1155\/2014\/210504","DOI":"10.1155\/2014\/210504"},{"key":"30826","doi-asserted-by":"crossref","unstructured":"http:\/\/dx.doi.org\/10.1155\/2014\/210504","DOI":"10.1155\/2014\/210504"},{"key":"30827","doi-asserted-by":"crossref","unstructured":"A. F. Aravantinou, M. A. Theodorakopoulos, and I. D. Manariotis, \"Selection of microalgae for wastewater treatment and potential lipids production,\" Bioresource tech-nology, vol. 147, pp. 130-134, 2013. DOI: 10.1016\/j.biortech.2013.08.024","DOI":"10.1016\/j.biortech.2013.08.024"},{"key":"30828","doi-asserted-by":"crossref","unstructured":"http:\/\/dx.doi.org\/10.1016\/j.biortech.2013.08.024","DOI":"10.1016\/j.biortech.2013.08.024"},{"key":"30829","doi-asserted-by":"crossref","unstructured":"J. Pires, M. Alvim-Ferraz, F. Martins, and M. Sim\u00f5es, \"Wastewater treatment to enhance the economic viability of microalgae culture,\" Environmental Science and Pol-lution Research, vol. 20, pp. 5096-5105, 2013. DOI: 10.1007\/s11356-013-1791-x","DOI":"10.1007\/s11356-013-1791-x"},{"key":"30830","doi-asserted-by":"crossref","unstructured":"http:\/\/dx.doi.org\/10.1007\/s11356-013-1791-x","DOI":"10.1007\/s11356-013-1791-x"},{"key":"30831","doi-asserted-by":"crossref","unstructured":"P. J. McGinn, K. E. Dickinson, S. Bhatti, J.-C. Frigon, S. R. Guiot, and S. J. O\u2019Leary, \"Integration of microalgae cultivation with industrial waste remediation for biofuel and bioenergy production: opportunities and limitations,\" Photosynthesis re-search, vol. 109, pp. 231-247, 2011. DOI: 10.1007\/s11120-011-9638-0","DOI":"10.1007\/s11120-011-9638-0"},{"key":"30832","doi-asserted-by":"crossref","unstructured":"http:\/\/dx.doi.org\/10.1007\/s11120-011-9638-0","DOI":"10.1007\/s11120-011-9638-0"},{"key":"30833","unstructured":"A. Pandey, D.-J. Lee, Y. Chisti, and C. R. Soccol (Eds.), \u201cBiofuels from algae,\u201d Newnes, 2013."},{"key":"30834","doi-asserted-by":"crossref","unstructured":"Y. Chisti, \"Biodiesel from microalgae,\" Biotechnology advances, vol. 25, pp. 294-306, 2007.","DOI":"10.1016\/j.biotechadv.2007.02.001"},{"key":"30835","doi-asserted-by":"crossref","unstructured":"http:\/\/dx.doi.org\/10.1016\/j.biotechadv.2007.02.001","DOI":"10.1016\/j.biotechadv.2007.02.001"},{"key":"30836","doi-asserted-by":"crossref","unstructured":"P. Lau, N. Tam, and Y. Wong, \"Effect of algal density on nutrient removal from primary settled wastewater,\" Environmental Pollution, vol. 89, pp. 59-66, 1995. DOI: 10.1016\/0269-7491(94)00044-E","DOI":"10.1016\/0269-7491(94)00044-E"},{"key":"30837","doi-asserted-by":"crossref","unstructured":"http:\/\/dx.doi.org\/10.1016\/0269-7491(94)00044-E","DOI":"10.1016\/0269-7491(94)00044-E"},{"key":"30838","doi-asserted-by":"crossref","unstructured":"M. Mart\u0131nez, S. S\u00e1nchez, J. Jimenez, F. El Yousfi, and L. Munoz, \"Nitrogen and phosphorus removal from urban wastewater by the microalga Scenedesmus obliquus,\" Bioresource technology, vol. 73, pp. 263-272, 2000. DOI: 10.1016\/S0960-8524(99)00121-2","DOI":"10.1016\/S0960-8524(99)00121-2"},{"key":"30839","doi-asserted-by":"crossref","unstructured":"http:\/\/dx.doi.org\/10.1016\/S0960-8524(99)00121-2","DOI":"10.1016\/S0960-8524(99)00121-2"},{"key":"30840","doi-asserted-by":"crossref","unstructured":"A. Ruiz-Marin, L. G. Mendoza-Espinosa, and T. Stephenson, \"Growth and nu-trient removal in free and immobilized green algae in batch and semi-continuous cultures treating real wastewater,\" Bioresource Technology, vol. 101, pp. 58-64, 2010. DOI: 10.1016\/j.biortech.2009.02.076","DOI":"10.1016\/j.biortech.2009.02.076"},{"key":"30841","doi-asserted-by":"crossref","unstructured":"http:\/\/dx.doi.org\/10.1016\/j.biortech.2009.02.076","DOI":"10.1016\/j.biortech.2009.02.076"},{"key":"30842","doi-asserted-by":"crossref","unstructured":"P. Chevalier and J. de la No\u00fce, \"Wastewater nutrient removal with microalgae immobilized in carrageenan,\" Enzyme and microbial technology, vol. 7, pp. 621-624, 1985. DOI: 10.1016\/0141-0229(85)90032-8","DOI":"10.1016\/0141-0229(85)90032-8"},{"key":"30843","doi-asserted-by":"crossref","unstructured":"http:\/\/dx.doi.org\/10.1016\/0141-0229(85)90032-8","DOI":"10.1016\/0141-0229(85)90032-8"},{"key":"30844","doi-asserted-by":"crossref","unstructured":"P. Chevalier and J. de la No\u00fce, \"Efficiency of immobilized hyperconcentrated algae for ammonium and orthophosphate removal from wastewaters,\" Biotechnology letters, vol. 7, pp. 395-400, 1985. DOI: 10.1007\/BF01166210","DOI":"10.1007\/BF01166210"},{"key":"30845","doi-asserted-by":"crossref","unstructured":"http:\/\/dx.doi.org\/10.1007\/BF01166210","DOI":"10.1007\/BF01166210"},{"key":"30846","doi-asserted-by":"crossref","unstructured":"J. Jeanfils, M. Canisius, and N. Burlion, \"Effect of high nitrate concentrations on growth and nitrate uptake by free-living and immobilized Chlorella vulgaris cells,\" Journal of applied phycology, vol. 5, pp. 369-374, 1993. DOI: 10.1007\/BF02186240","DOI":"10.1007\/BF02186240"},{"key":"30847","doi-asserted-by":"crossref","unstructured":"http:\/\/dx.doi.org\/10.1007\/BF02186240","DOI":"10.1007\/BF02186240"},{"key":"30848","doi-asserted-by":"crossref","unstructured":"P. Lau, N. Tam, and Y. Wong, \"Wastewater nutrients (N and P) removal by car-rageenan and alginate immobilized Chlorella vulgaris,\" Environmental Technology, vol. 18, pp. 945-951, 1997. DOI: 10.1080\/09593331808616614","DOI":"10.1080\/09593331808616614"},{"key":"30849","doi-asserted-by":"crossref","unstructured":"http:\/\/dx.doi.org\/10.1080\/09593331808616614","DOI":"10.1080\/09593331808616614"},{"key":"30850","doi-asserted-by":"crossref","unstructured":"N. Tam and Y. Wong, \"Effect of immobilized microalgal bead concentrations on wastewater nutrient removal,\" Environmental Pollution, vol. 107, pp. 145-151, 2000. DOI: 10.1016\/S0269-7491(99)00118-9","DOI":"10.1016\/S0269-7491(99)00118-9"},{"key":"30851","doi-asserted-by":"crossref","unstructured":"http:\/\/dx.doi.org\/10.1016\/S0269-7491(99)00118-9","DOI":"10.1016\/S0269-7491(99)00118-9"},{"key":"30852","doi-asserted-by":"crossref","unstructured":"M. Jimenez-Perez, P. Sanchez-Castillo, O. Romera, D. Fernandez-Moreno, and C. P\u00e9rez-Mart\u0131nez, \"Growth and nutrient removal in free and immobilized planktonic green algae isolated from pig manure,\" Enzyme and Microbial Technology, vol. 34, pp. 392-398, 2004. DOI: 10.1016\/j.enzmictec.2003.07.010","DOI":"10.1016\/j.enzmictec.2003.07.010"},{"key":"30853","doi-asserted-by":"crossref","unstructured":"http:\/\/dx.doi.org\/10.1016\/j.enzmictec.2003.07.010","DOI":"10.1016\/j.enzmictec.2003.07.010"},{"key":"30854","doi-asserted-by":"crossref","unstructured":"K. T. Semple, R. B. Cain, and S. Schmidt, \"Biodegradation of aromatic com-pounds by microalgae,\" FEMS Microbiology letters, vol. 170, pp. 291-300, 1999. DOI: http:\/\/dx.doi.org\/10.1111\/j.1574-6968.1999.tb13386.x","DOI":"10.1111\/j.1574-6968.1999.tb13386.x"},{"key":"30855","doi-asserted-by":"crossref","unstructured":"http:\/\/dx.doi.org\/10.1111\/j.1574-6968.1999.tb13386.x","DOI":"10.1111\/j.1574-6968.1999.tb13386.x"},{"key":"30856","doi-asserted-by":"crossref","unstructured":"A.-P. Lei, Z.-L. Hu, Y.-S. Wong, and N. F.-Y. Tam, \"Removal of fluoranthene and pyrene by different microalgal species,\" Bioresource technology, vol. 98, pp. 273-280, 2007. DOI: 10.1016\/j.biortech.2006.01.012","DOI":"10.1016\/j.biortech.2006.01.012"},{"key":"30857","doi-asserted-by":"crossref","unstructured":"http:\/\/dx.doi.org\/10.1016\/j.biortech.2006.01.012","DOI":"10.1016\/j.biortech.2006.01.012"},{"key":"30858","doi-asserted-by":"crossref","unstructured":"K. Chojnacka, A. Chojnacki, and H. Gorecka, \"Biosorption of Cr 3+, Cd 2+ and Cu 2+ ions by blue\u2013green algae Spirulina sp.: kinetics, equilibrium and the mechanism of the process,\" Chemosphere, vol. 59, pp. 75-84, 2005. DOI: 10.1016\/j.chemosphere.2004.10.005","DOI":"10.1016\/j.chemosphere.2004.10.005"},{"key":"30859","doi-asserted-by":"crossref","unstructured":"http:\/\/dx.doi.org\/10.1016\/j.chemosphere.2004.10.005","DOI":"10.1016\/j.chemosphere.2004.10.005"},{"key":"30860","doi-asserted-by":"crossref","unstructured":"S. Wilkinson, K. Goulding, and P. Robinson, \"Mercury removal by immobilized algae in batch culture systems,\" Journal of Applied Phycology, vol. 2, pp. 223-230, 1990. DOI: 10.1007\/BF02179779","DOI":"10.1007\/BF02179779"},{"key":"30861","doi-asserted-by":"crossref","unstructured":"http:\/\/dx.doi.org\/10.1007\/BF02179779","DOI":"10.1007\/BF02179779"},{"key":"30862","doi-asserted-by":"crossref","unstructured":"D. Kaplan, Y. M. Heimer, A. Abeliovich, and P. B. Goldsbrough, \"Cadmium toxicity and resistance in Chlorella sp.,\" Plant Science, vol. 109, pp. 129-137, 1995. DOI: 10.1016\/0168-9452(95)04165-Q","DOI":"10.1016\/0168-9452(95)04165-Q"},{"key":"30863","doi-asserted-by":"crossref","unstructured":"http:\/\/dx.doi.org\/10.1016\/0168-9452(95)04165-Q","DOI":"10.1016\/0168-9452(95)04165-Q"},{"key":"30864","doi-asserted-by":"crossref","unstructured":"S.-L. Lim, W.-L. Chu, and S.-M. Phang, \"Use of Chlorella vulgaris for biore-mediation of textile wastewater,\" Bioresource Technology, vol. 101, pp. 7314-7322, 2010. DOI: 10.1016\/j.biortech.2010.04.092","DOI":"10.1016\/j.biortech.2010.04.092"},{"key":"30865","doi-asserted-by":"crossref","unstructured":"http:\/\/dx.doi.org\/10.1016\/j.biortech.2010.04.092","DOI":"10.1016\/j.biortech.2010.04.092"},{"key":"30866","doi-asserted-by":"crossref","unstructured":"C. B. Sekomo, D. P. Rousseau, S. A. Saleh, and P. N. Lens, \"Heavy metal re-moval in duckweed and algae ponds as a polishing step for textile wastewater treat-ment,\" Ecological engineering, vol. 44, pp. 102-110, 2012. DOI: 10.1016\/j.ecoleng.2012.03.003","DOI":"10.1016\/j.ecoleng.2012.03.003"},{"key":"30867","doi-asserted-by":"crossref","unstructured":"http:\/\/dx.doi.org\/10.1016\/j.ecoleng.2012.03.003","DOI":"10.1016\/j.ecoleng.2012.03.003"},{"key":"30868","unstructured":"V. Shashirekha, M. Pandi, and M. SWAMY, \"Bioremediation of tannery efflu-ents and chromium containing wastes using cyanobacterial species,\" The Journal of the American Leather Chemists Association, vol. 100, pp. 419-426, 2005. DOI: http:\/\/cat.inist.fr\/?aModele=afficheN&cpsidt=17465777"},{"key":"30869","doi-asserted-by":"crossref","unstructured":"M. K. Lam and K. T. Lee, \"Microalgae biofuels: a critical review of issues, prob-lems and the way forward,\" Biotechnology advances, vol. 30, pp. 673-690, 2012. DOI: 10.1016\/j.biotechadv.2011.11.008","DOI":"10.1016\/j.biotechadv.2011.11.008"},{"key":"30870","doi-asserted-by":"crossref","unstructured":"http:\/\/dx.doi.org\/10.1016\/j.biotechadv.2011.11.008","DOI":"10.1016\/j.biotechadv.2011.11.008"},{"key":"30871","unstructured":"H. W. Bischoff and H. C. Bold, Some soil algae from Enchanted Rock and relat-ed algal species: University of Texas, 1963."},{"key":"30872","unstructured":"A. R. Krishna, L. Dev, and V. Thankamani, \"An integrated process for Industrial effluent treatment and Biodiesel production using Microalgae,\" Research in Biotechnol-ogy, vol. 3, 2012. DOI: http:\/\/researchinbiotechnology.com\/article\/view\/72\/69"},{"key":"30873","doi-asserted-by":"crossref","unstructured":"F. Azam, T. Fenchel, J. Field, J. Gray, L. Meyer-Reil, and F. Thingstad, \"The ecological role of water-column microbes in the sea,\" Marine ecology progress series. Oldendorf, vol. 10, pp. 257-263, 1983. DOI: http:\/\/people.uncw.edu\/borretts\/courses\/BIO602\/Azam%20et%20al%201983%20Microbial%20Loop.pdf","DOI":"10.3354\/meps010257"},{"key":"30874","doi-asserted-by":"crossref","unstructured":"S. K. Singh, A. Bansal, M. Jha, and A. Dey, \"An integrated approach to remove Cr (VI) using immobilized Chlorella minutissima grown in nutrient rich sewage wastewater,\" Bioresource technology, vol. 104, pp. 257-265, 2012. DOI: 10.1016\/j.biortech.2011.11.044","DOI":"10.1016\/j.biortech.2011.11.044"},{"key":"30875","doi-asserted-by":"crossref","unstructured":"http:\/\/dx.doi.org\/10.1016\/j.biortech.2011.11.044","DOI":"10.1016\/j.biortech.2011.11.044"},{"key":"30876","doi-asserted-by":"crossref","unstructured":"C. D. Magro, M. C. Deon, A. D. Rossi, C. O. Reinehr, M. Hemkemeier, and L. M. Colla, \"Chromium (VI) biosorption and removal of chemical oxygen demand by Spirulina platensis from wastewater-supplemented culture medium,\" Journal of Envi-ronmental Science and Health, Part A, vol. 47, pp. 1818-1824, 2012. DOI: 10.1080\/10934529.2012.689539","DOI":"10.1080\/10934529.2012.689539"},{"key":"30877","doi-asserted-by":"crossref","unstructured":"http:\/\/dx.doi.org\/10.1080\/10934529.2012.689539","DOI":"10.1080\/10934529.2012.689539"},{"key":"30878","unstructured":"R. W. Peters and L. Shem, \"Separation of heavy metals: removal from industrial wastewaters and contaminated soil,\" Argonne National Lab., IL (United States). Energy Systems Div.1993. DOI: http:\/\/www.osti.gov\/scitech\/servlets\/purl\/10136865"},{"key":"30879","unstructured":"W. Stumm and J. J. Morgan, Aquatic chemistry: chemical equilibria and rates in natural waters vol. 126: John Wiley & Sons, 2012."},{"key":"30880","unstructured":"J. M. V. A. Menacho and J. Leon, \"Nitrate assimilation by microalgae,\" Trends in Photochemistry & Photobiology, vol. 2, pp. 69-111, 1991. DOI: https:\/\/www.researchgate.net\/profile\/Jose_Vega3\/publication\/258316899_Nitrate_assimilation_by_microalgae\/links\/00b49527ca6c89c35d000000.pdf"},{"key":"30881","doi-asserted-by":"crossref","unstructured":"R. Inokuchi, K. i. Kuma, T. Miyata, and M. Okada, \"Nitrogen\u2010assimilating en-zymes in land plants and algae: phylogenic and physiological perspectives,\" Physiologia Plantarum, vol. 116, pp. 1-11, 2002. DOI: 10.1034\/j.1399-3054.2002.1160101.x","DOI":"10.1034\/j.1399-3054.2002.1160101.x"},{"key":"30882","doi-asserted-by":"crossref","unstructured":"http:\/\/dx.doi.org\/10.1034\/j.1399-3054.2002.1160101.x","DOI":"10.1034\/j.1399-3054.2002.1160101.x"},{"key":"30883","doi-asserted-by":"crossref","unstructured":"J.-M. Girard, M.-L. Roy, M. B. Hafsa, J. Gagnon, N. Faucheux, M. Heitz, et al., \"Mixotrophic cultivation of green microalgae Scenedesmus obliquus on cheese whey permeate for biodiesel production,\" Algal Research, vol. 5, pp. 241-248, 2014. DOI: 10.1016\/j.algal.2014.03.002","DOI":"10.1016\/j.algal.2014.03.002"},{"key":"30884","doi-asserted-by":"crossref","unstructured":"http:\/\/dx.doi.org\/10.1016\/j.algal.2014.03.002","DOI":"10.1016\/j.algal.2014.03.002"},{"key":"30885","doi-asserted-by":"crossref","unstructured":"J.-S. Desch\u00eanes, A. Boudreau, and R. Tremblay, \"Mixotrophic production of microalgae in pilot-scale photobioreactors: Practicability and process considerations,\" Algal Research, vol. 10, pp. 80-86, 2015. DOI: 10.1016\/j.algal.2015.04.015","DOI":"10.1016\/j.algal.2015.04.015"},{"key":"30886","doi-asserted-by":"crossref","unstructured":"http:\/\/dx.doi.org\/10.1016\/j.algal.2015.04.015","DOI":"10.1016\/j.algal.2015.04.015"}],"container-title":["Ingenier\u00eda Solidaria"],"link":[{"URL":"https:\/\/revistas.ucc.edu.co\/index.php\/in\/article\/download\/1418\/1526","content-type":"application\/pdf","content-version":"vor","intended-application":"text-mining"},{"URL":"https:\/\/revistas.ucc.edu.co\/index.php\/in\/article\/download\/1418\/1526","content-type":"unspecified","content-version":"vor","intended-application":"similarity-checking"}],"deposited":{"date-parts":[[2020,1,4]],"date-time":"2020-01-04T23:10:10Z","timestamp":1578179410000},"score":0.0,"resource":{"primary":{"URL":"https:\/\/revistas.ucc.edu.co\/index.php\/in\/article\/view\/1418"}},"issued":{"date-parts":[[2016,10,1]]},"references-count":85,"journal-issue":{"issue":"20","published-online":{"date-parts":[[2016,10,1]]}},"URL":"https:\/\/doi.org\/10.16925\/in.v19i20.1418","ISSN":["2357-6014","1900-3102"],"issn-type":[{"type":"electronic","value":"2357-6014"},{"type":"print","value":"1900-3102"}],"published":{"date-parts":[[2016,10,1]]}},{"indexed":{"date-parts":[[2025,5,14]],"date-time":"2025-05-14T05:18:36Z","timestamp":1747199916882,"version":"3.40.5"},"reference-count":43,"publisher":"Universidad Cooperativa de Colombia - UCC","issue":"121","license":[{"start":{"date-parts":[[2021,9,6]],"date-time":"2021-09-06T00:00:00Z","timestamp":1630886400000},"content-version":"unspecified","delay-in-days":0,"URL":"https:\/\/creativecommons.org\/licenses\/by\/4.0"}],"content-domain":{"domain":[],"crossmark-restriction":false},"short-container-title":["Coop. Desarro."],"abstract":"<jats:p>Desde los a\u00f1os ochenta, la situaci\u00f3n pol\u00edtica de Venezuela ha generado una crisis nacional que se ha visto reflejada en la migraci\u00f3n de m\u00e1s del 5% de la poblaci\u00f3n en su mayor\u00eda a Colombia y Per\u00fa. Esta situaci\u00f3n presenta dos problem\u00e1ticas para Colombia. La primera se refiere a la ausencia de datos actualizados porque no se cuenta con la infraestructura para recoger la informaci\u00f3n necesaria. La segunda es la larga extensi\u00f3n de la frontera colombo venezolana, encontrando particularmente que en Norte de Santander se encuentra el mayor n\u00famero de venezolanos en Colombia. Por esto, el objetivo de esta investigaci\u00f3n es estudiar la situaci\u00f3n de los venezolanos migrantes en este departamento. Para lograr este objetivo se plante\u00f3 una metodolog\u00eda cualitativa, basada en un estudio de caso \u00fanico en el municipio de Oca\u00f1a. En donde se realiz\u00f3 observaci\u00f3n, revisi\u00f3n documental y encuestas, lo que permiti\u00f3 la caracterizaci\u00f3n de la poblaci\u00f3n.<\/jats:p>","DOI":"10.16925\/2382-4220.2021.03.06","type":"journal-article","created":{"date-parts":[[2022,7,13]],"date-time":"2022-07-13T14:37:17Z","timestamp":1657723037000},"page":"1-23","source":"Crossref","is-referenced-by-count":0,"title":["situaci\u00f3n de los migrantes venezolanos en Norte de Santander"],"prefix":"10.16925","volume":"29","author":[{"ORCID":"https:\/\/orcid.org\/0000-0002-2969-5702","authenticated-orcid":false,"given":"Bel\u00e9n Torcoroma","family":"Quintero BayonaQuintero Bayona","sequence":"first","affiliation":[],"role":[{"role":"author","vocabulary":"crossref"}]},{"ORCID":"https:\/\/orcid.org\/0000-0002-9369-582X","authenticated-orcid":false,"given":"Carlos Alberto","family":"Pacheco S\u00e1nchez","sequence":"additional","affiliation":[],"role":[{"role":"author","vocabulary":"crossref"}]},{"ORCID":"https:\/\/orcid.org\/0000-0002-8508-6979","authenticated-orcid":false,"given":"Amanda","family":"Vargas Prieto","sequence":"additional","affiliation":[],"role":[{"role":"author","vocabulary":"crossref"}]}],"member":"6711","published-online":{"date-parts":[[2021,9,6]]},"reference":[{"doi-asserted-by":"crossref","unstructured":"Allen Gonz\u00e1lez, A. y Fazito, D. (2018). Din\u00e1mica de cambio en las redes sociales y la formaci\u00f3n de v\u00ednculos transnacionales: Un caso de venezolanos profesionales viviendo en Par\u00eds. Redes: Revista hispana para el an\u00e1lisis de redes sociales, 29(1), 44-64.","key":"122286","DOI":"10.5565\/rev\/redes.747"},{"unstructured":"Alvarado, R. (2008). Salud mental en inmigrantes. Salud P\u00fablica, 37-41.","key":"122287"},{"unstructured":"Avenda\u00f1o Cruz, H. (2019). La migraci\u00f3n venezolana: un tsunami. Fasecolda, 174, 28-33. https:\/\/bit.ly\/3vBR3Bj","key":"122288"},{"unstructured":"Banco Mundial. (2018). Migration from Venezuela to Colombia (2018). Migraci\u00f3n desde Venezuela a Colombia: impactos y estrategia de respuesta en el corto y mediano plazo. https:\/\/bit.ly\/3nyUmWs","key":"122289"},{"unstructured":"Canciller\u00eda de Colombia. (2018). Documento CONPES 3603. https:\/\/bit.ly\/3m4dhsy","key":"122290"},{"unstructured":"Castillo, T. y Reguant, M. (2017). Percepciones sobre la migraci\u00f3n venezolana: causas, Espa\u00f1a como destino, expectativas de retorno. Migraciones, l(41), 133-163.","key":"122291"},{"doi-asserted-by":"crossref","unstructured":"Castillo Ram\u00edrez, G. y Gonz\u00e1lez, J. (2020). Cambios espaciales y socioecon\u00f3micos en la migraci\u00f3n mexicana a Estados Unidos a inicios del siglo XXI (1994\u20132007). Bolet\u00edn de la Asociaci\u00f3n de Ge\u00f3grafos Espa\u00f1oles, 85. https:\/\/doi.org \/10.21138\/bage.2847","key":"122292","DOI":"10.21138\/bage.2847"},{"doi-asserted-by":"crossref","unstructured":"Ciurlo, A. (2015). Nueva pol\u00edtica migratoria colombiana: El actual enfoque de inmigraci\u00f3n y emi-graci\u00f3n. Revista internacional de cooperaci\u00f3n y desarrollo, II(2), 205-242.","key":"122293","DOI":"10.21500\/23825014.2276"},{"doi-asserted-by":"crossref","unstructured":"Cort\u00e9s-Mart\u00ednez, C. (2018). Xenofobia y periodismo: Colombia y la migraci\u00f3n venezolana. Palabra Clave, 21(4), 960-963.","key":"122294","DOI":"10.5294\/pacla.2018.21.4.1"},{"doi-asserted-by":"crossref","unstructured":"Cuadro Guzman, E., Trujillo, L. D. y Lince, C. (2019). Determinantes de la informalidad laboral en Colombia: un enfoque desde la inmigraci\u00f3n venezolana. Panorama Econ\u00f3mico, 27(2), 387-409.","key":"122295","DOI":"10.32997\/2463-0470-vol.27-num.2-2019-2634"},{"doi-asserted-by":"crossref","unstructured":"D\u00e1vila, R., Vargas, A., Blanco, L., Roa, E., C\u00e1ceres, L.E. y Vargas, L.A. (2018). Caracter\u00edsticas de la econom\u00eda solidaria colombiana. Aproximaciones a las corrientes influyentes en Colombia. Revista de Econom\u00eda P\u00fablica, Social y Cooperativa, 93, 85-113. https:\/\/doi.org \/10.7203\/CIRIEC-E.93.10327","key":"122296","DOI":"10.7203\/CIRIEC-E.93.10327"},{"unstructured":"De la Vega, I. y Vargas, C. (2014). Emigraci\u00f3n intelectual y general en Venezuela: una mirada des-de dos fuentes de informaci\u00f3n. Revista Electr\u00f3nica Latinoamericana de Estudios Sociales, Hist\u00f3ricos y Culturales de La Ciencia y La Tecnolog\u00eda, (1), 66-92.","key":"122297"},{"doi-asserted-by":"crossref","unstructured":"Deavila Pert\u00faz, O. C. (2018). Lazos transnacionales: la migraci\u00f3n colombiana a Venezuela y el de-sarrollo de la vivienda popular en Cartagena, 1973 - 1983. Palobra, (18), 68-82.","key":"122298","DOI":"10.32997\/2346-2884-vol.0-num.18-2018-2184"},{"doi-asserted-by":"crossref","unstructured":"Fajardo, K. N. y Vargas Prieto, A. (2018). Reconocimiento social en el marco del posconflicto en Colombia: el caso de las zonas de reserva campesina. Revista Cooperativismo & Desarrollo, 26(112). https:\/\/doi.org \/10.16925\/co.v26i113.2189","key":"122299","DOI":"10.16925\/co.v26i113.2189"},{"doi-asserted-by":"crossref","unstructured":"Fern\u00e1ndez Rodr\u00edguez, A., Figueroa de la Fuente, A., Medina Alonso, A. y Pacheco Cocom, M. (2020). Migraci\u00f3n interna y din\u00e1micas laborales en la industria tur\u00edstica de la Riviera Maya, Quintana Roo, M\u00e9xico. Revista ABRA, 40(60).","key":"122300","DOI":"10.15359\/abra.40-60.3"},{"doi-asserted-by":"crossref","unstructured":"Flyvbjerg, B. (2006). Five Misunderstandings about Case Study Research: Qualitative Inquiry (Vol. 12). Sage Publications.","key":"122301","DOI":"10.1177\/1077800405284363"},{"doi-asserted-by":"crossref","unstructured":"Fonseca, V., Contreras, L., Porras, L. y Vargas Prieto, A. (2017). Estado del arte sobre el desarrollo rural en Colombia. Revista CIFE, 19(30), 121-148.","key":"122302","DOI":"10.15332\/22484914\/3892"},{"unstructured":"Gait\u00e1n, J. y Lozano, C. (2013). Triangulation in the Analysis of Social Representation of Climate Change. Congreso Nacional sobre Metodolog\u00eda de la Investigaci\u00f3n en Comunicaci\u00f3n.","key":"122303"},{"unstructured":"Gatu, A. y Mart\u00ednez Carlevarino, W. (2018). Liminal: historias de migraci\u00f3n extranjera en Lima Negociaci\u00f3n de identidades en el proceso de integraci\u00f3n a la sociedad peruana. [Trabajo de Grado, Pontifica Universidad Cat\u00f3lica del Per\u00fa]. https:\/\/bit.ly\/3E5ZKXz","key":"122304"},{"unstructured":"Labarca Reverol, C. (2017). P\u00e9rdida de significados en el emigrante venezolano. Bolet\u00edn Cientifico Sapiens Research, 7(2), 3-12.","key":"122305"},{"unstructured":"Labrin, J. (2009). Migraci\u00f3n y medios de comunicaci\u00f3n: elementos para su an\u00e1lisis desde una pers-pectiva intercultural. Prospectivas de la comunicaci\u00f3n, 66-74.","key":"122306"},{"unstructured":"Le\u00f3n Ganatios, L. E. (2010). La migraci\u00f3n en la quinta rep\u00fablica: redimensi\u00f3n del clivaje partidista y nuevos desarraigos un fen\u00f3meno reciente de movilizaci\u00f3n social en Venezuela 1999 \u2013 2009. Cl\u00edo Am\u00e9rica, 4(7), 58-69.","key":"122307"},{"doi-asserted-by":"crossref","unstructured":"L\u00f3pez, E. P., Mart\u00ednez, L. M., Mart\u00ednez-Ca\u00f1as, C. A. y Vargas-Prieto, A. (2018). Desarrollo rural y envejecimiento: caso de estudio municipio de Chinavita, Boyac\u00e1, Colombia. Revista de Investigaci\u00f3n, Desarrollo e Innovaci\u00f3n, 8(2), 193\u2013206. https:\/\/doi.org \/10.19053\/20278306.v8.n2.2018.7959","key":"122308","DOI":"10.19053\/20278306.v8.n2.2018.7959"},{"unstructured":"Mart\u00ednez, E. (2006). Conceptos previos: ruralidad, territorio y desarrollo (1\u00b0 ed.). McGraw-Hill.","key":"122309"},{"unstructured":"Mendoza, D. (2015). Familias y migraciones en venezuela: apuntes para una historia social. Naveg@m\u00e9rica, (15), 1-18.","key":"122310"},{"unstructured":"Munarriz, B. (1992). Metodolog\u00eda educativa I. En E. Abalde Paz y J. M. Mu\u00f1oz Cantero (Coords.). Xornadas de Metodolox\u00eda de Investigaci\u00f3n Educativa. Universidade da Coru\u00f1a.","key":"122311"},{"doi-asserted-by":"crossref","unstructured":"Ord\u00f3\u00f1ez, J. T. y Ram\u00edrez, H. E. (2019). (Des)orden nacional: la construcci\u00f3n de la migraci\u00f3n vene-zolana como una amenaza de salud y seguridad p\u00fablica en Colombia. Ciencias de la salud, (17), 48-68.","key":"122312","DOI":"10.12804\/revistas.urosario.edu.co\/revsalud\/a.8119"},{"unstructured":"Pacheco, A., Lucca, N. y Wapner, S. (1984). El estudio de la migraci\u00f3n: retos para la psicolog\u00eda social y la psicolog\u00eda ambiental. Revista Latinoamericana de Psicolog\u00eda, XVI (2), 253-276.","key":"122313"},{"doi-asserted-by":"crossref","unstructured":"Parada-Rico, D. A. (2020). Embarazo en condici\u00f3n juvenil: contexto hist\u00f3rico en Colombia y trayec-toria en ciudad fronteriza. Duazary, 17(3), 86\u2013100. https:\/\/doi.org \/10.21676\/2389783X.3316","key":"122314","DOI":"10.21676\/2389783X.3316"},{"doi-asserted-by":"crossref","unstructured":"Pereira, G. y Barrios, O. (2019). J\u00f3venes y participaci\u00f3n pol\u00edtica en el oriente colombiano: el papel de las redes sociales y los medios masivos. Revista Facultad de Derecho y Ciencias Pol\u00edticas, 49(130), 175-201.","key":"122315","DOI":"10.18566\/rfdcp.v49n130.a08"},{"doi-asserted-by":"crossref","unstructured":"Pertuz Belloso, R. A. (2014). Pertinencia de los institutos universitarios con la realidad socio-econ\u00f3-mica venezolana. Actualidades Investigativas en Educaci\u00f3n, 14(2), 298-315.","key":"122316","DOI":"10.15517\/aie.v14i2.14806"},{"doi-asserted-by":"crossref","unstructured":"Pineda, E. y \u00c1vila, K. (2019). Aproximaciones a la migraci\u00f3n colombo-venezolana: desigualdad, prejuicio y vulnerabilidad. Clivatge, 7. https:\/\/doi.org \/10.1344\/CLIVATGE2019.7.3","key":"122317","DOI":"10.1344\/CLIVATGE2019.7.3"},{"unstructured":"R4V \u2013 Plataforma de Coordinaci\u00f3n para Refugiados y Migrantes de Venezuela (2019). Refugiados y Migrantes Venezolanos en la regi\u00f3n, hasta marzo de 2019. R4V. https:\/\/www.r4v.info\/en\/node\/3669","key":"122318"},{"unstructured":"R\u00edos Zamudio, J. L. (2014). La violencia en la migraci\u00f3n de tr\u00e1nsito de centroamericanos en M\u00e9xico. Clivajes, 1(1), 1-17.","key":"122319"},{"unstructured":"Romero, H. y Fajardo Ortiz, E. (2016). Estructura cambiaria alternativa en Venezuela (1960-2013). Implicaciones y consecuencias. Revista Telos, 18(2), 165-186.","key":"122320"},{"doi-asserted-by":"crossref","unstructured":"Ruiz, M. (2012). Inmigraci\u00f3n y salud psicosocial: creando puentes, formando redes. Revista Castellano-Manchega de Ciencias Sociales, (13), 253-273. https:\/\/doi.org \/10.20932\/barataria.v0i13.126","key":"122321","DOI":"10.20932\/barataria.v0i13.126"},{"doi-asserted-by":"crossref","unstructured":"Salazar Marroqu\u00edn, S. (2017). Siguiendo el patr\u00f3n latinoamericano. De pa\u00eds receptor a emisor de emigrantes: Un caso de venezolanos en Ecuador. Polisemia, 13(24), 87-102.","key":"122322","DOI":"10.26620\/uniminuto.polisemia.13.24.2017.87-102"},{"unstructured":"Unidad Administrativa Especial Migraci\u00f3n Colombia. (2013). Redmigrantes. https:\/\/bit.ly\/3pJn6yu","key":"122323"},{"unstructured":"Vargas Prieto, A. (2018). La asociatividad en la construcci\u00f3n de paz en Colombia. En R. Garc\u00eda (Ed.), La Colombia del posacuerdo: retos de un pa\u00eds excluido por el conflicto armado (pp. 403-416). Universidad Distrital Francisco Jos\u00e9 de Caldas.","key":"122324"},{"unstructured":"Vargas Prieto, A. y C\u00e1ceres G\u00f3mez, L. S. (2020). Reflexiones metodol\u00f3gicas para el estudio de exploraci\u00f3n documental solidaria en Colombia. En A. Vargas Prieto, L. S. C\u00e1ceres G\u00f3mez y L. Y. Blanco Cardona, (Eds.), Econom\u00eda solidaria en Colombia: autores y reflexi\u00f3n con-ceptual (pp. 47-72). Ediciones Universidad Cooperativa de Colombia. https:\/\/dx.doi.org \/10.16925\/9789587602159","key":"122325"},{"unstructured":"Vargas Prieto, A. y Garc\u00eda Est\u00e9vez, J. (2018). El impacto del sector minero energ\u00e9tico en el desarrollo social de las regiones: en caso del Catatumbo, Colombia. En H. F. Guerrero (Ed.), Estudios sobre medio ambiente y sostenibilidad: una mirada desde Colombia (pp. 193-216). Ediciones USTA.","key":"122326"},{"unstructured":"Vargas Prieto, A. y Yepes Lugo, C. (2018). Aportes te\u00f3ricos y metodol\u00f3gicos sobre el emprendimien-to agr\u00edcola. En A. Vargas Prieto y C. S\u00e1nchez \u00c1lvarez (Eds.), Desarrollo, estructuras econ\u00f3micas, pol\u00edticas p\u00fablicas y gesti\u00f3n. Reflexi\u00f3n interdisciplinar (pp. 131-160). Ediciones Unisalle.","key":"122327"},{"unstructured":"Yin, R. (2003). Case Study Research: Design and Methods (5ta Ed.). SAGE Publications.","key":"122328"}],"container-title":["Cooperativismo &amp; Desarrollo"],"link":[{"URL":"https:\/\/revistas.ucc.edu.co\/index.php\/co\/article\/download\/4008\/3236","content-type":"application\/pdf","content-version":"vor","intended-application":"text-mining"},{"URL":"https:\/\/revistas.ucc.edu.co\/index.php\/co\/article\/download\/4008\/3236","content-type":"unspecified","content-version":"vor","intended-application":"similarity-checking"}],"deposited":{"date-parts":[[2024,9,29]],"date-time":"2024-09-29T02:04:59Z","timestamp":1727575499000},"score":0.0,"resource":{"primary":{"URL":"https:\/\/revistas.ucc.edu.co\/index.php\/co\/article\/view\/4008"}},"issued":{"date-parts":[[2021,9,6]]},"references-count":43,"journal-issue":{"issue":"121","published-online":{"date-parts":[[2021,9,1]]}},"URL":"https:\/\/doi.org\/10.16925\/2382-4220.2021.03.06","ISSN":["2382-4220","0120-7180"],"issn-type":[{"type":"electronic","value":"2382-4220"},{"type":"print","value":"0120-7180"}],"published":{"date-parts":[[2021,9,6]]}},{"indexed":{"date-parts":[[2025,2,13]],"date-time":"2025-02-13T05:26:35Z","timestamp":1739424395397,"version":"3.37.0"},"reference-count":0,"publisher":"Ediciones Universidad Cooperativa de Colombia","isbn-type":[{"value":"9789587605280","type":"print"}],"content-domain":{"domain":[],"crossmark-restriction":false},"abstract":"<jats:p>Este libro de texto pretende implementar y potenciar estrategias de aprendizaje que favorezcan el proceso de adquisici\u00f3n b\u00e1sica de la lengua espa\u00f1ola escrita como segunda lengua para las personas sordas. La creaci\u00f3n de este libro de texto es el resultado del ejercicio pedag\u00f3gico practicado con alumnos con discapacidad auditiva de un colegio distrital en Bogot\u00e1 (Colombia), en el que se han tomado diferentes aspectos del plan de estudios y la metodolog\u00eda de ense\u00f1anza, con ciertas flexibilizaciones y adecuaciones, para que sus contenidos en modalidad escrita puedan adecuarse m\u00e1s al estilo cognitivo de este grupo poblacional. Sus contenidos y metodolog\u00eda est\u00e1n dise\u00f1ados mediante apoyo visual de im\u00e1genes que ayudan al estudiante a relacionar lo escrito con su referente, explicaciones que van avanzando seg\u00fan el nivel de dificultad de la lecci\u00f3n y diferentes ejercicios y actividades presentados de una manera agradable y sencilla, con el objetivo de que el desarrollo y avance de la lengua escrita en espa\u00f1ol sea accesible y pr\u00e1ctico. Cada unidad se presenta con un t\u00edtulo bajo el cual se organiza el tema de la lectura inicial, el vocabulario, los aspectos gramaticales m\u00e1s importantes, las actividades pr\u00e1cticas y las lecturas complementarias. A su vez, este libro est\u00e1 ligado a un hilo conductor que lleva al estudiante sordo a avanzar y profundizar en el conocimiento sobre lo que le rodea, de manera que entienda, no solo el funcionamiento esencial de la lengua, sino tambi\u00e9n todo lo inherente a su entorno social y cultural m\u00e1s cotidiano. Esto hace que este libro de texto sea tambi\u00e9n un proceso de inmersi\u00f3n, acceso y apropiaci\u00f3n de la ciudad que favorezca el ejercicio de los derechos de las personas con discapacidad auditiva.<\/jats:p>","DOI":"10.16925\/9789587605280","type":"edited-book","created":{"date-parts":[[2025,2,12]],"date-time":"2025-02-12T20:25:42Z","timestamp":1739391942000},"source":"Crossref","is-referenced-by-count":0,"title":["Ense\u00f1anza b\u00e1sica del espa\u00f1ol escrito para personas sordas"],"prefix":"10.16925","author":[{"name":"Universidad Cooperativa de Colombia","sequence":"first","affiliation":[],"role":[{"role":"author","vocabulary":"crossref"}]},{"given":"Martha Luc\u00eda","family":"Gait\u00e1n Quiroga","sequence":"first","affiliation":[],"role":[{"role":"author","vocabulary":"crossref"}]},{"given":"Daniel","family":"Urquijo Molina","sequence":"additional","affiliation":[],"role":[{"role":"author","vocabulary":"crossref"}]}],"member":"6711","published-online":{"date-parts":[[2024,12]]},"deposited":{"date-parts":[[2025,2,12]],"date-time":"2025-02-12T20:25:43Z","timestamp":1739391943000},"score":0.0,"resource":{"primary":{"URL":"https:\/\/ediciones.ucc.edu.co\/index.php\/ucc\/catalog\/book\/460"}},"issued":{"date-parts":[[2024,12]]},"ISBN":["9789587605280"],"references-count":0,"URL":"https:\/\/doi.org\/10.16925\/9789587605280","published":{"date-parts":[[2024,12]]}},{"indexed":{"date-parts":[[2024,8,6]],"date-time":"2024-08-06T18:55:12Z","timestamp":1722970512066},"reference-count":0,"publisher":"Ediciones Universidad Cooperativa de Colombia","content-domain":{"domain":[],"crossmark-restriction":false},"abstract":"<jats:p>This class note helps to develop skills that enable students to generate ideas of digital, social, and solidarity entrepreneurship from identifying social problems. It begins by emphasizing the need to promote digital, social, and supportive entrepreneurship. Then it defines social problems that are articulated with the national legal framework and the sustainable development goals (SDGs). Next, it describes the business idea as an opportunity to solve a social problem, working throughout the process under the Design Thinking methodology. This technique is focused on creativity and is used strongly for problem-solving, business modeling, strategic planning, and idea development, allowing for innovation in many aspects focused on the user. This approach helps to identify what people need and want, as well as what they like or dislike. Finally, the learning unit\u2019s product is explained, which must be a technical sheet that reflects the use of the Design Thinking methodology as a strategy for obtaining business ideas. Through these contents, students develop the competence to analyze social problems, generate ideas of digital, social, and solidarity entrepreneurship that are aligned with existing policies and the SDGs.<\/jats:p>","DOI":"10.16925\/gcnc.43","type":"report","created":{"date-parts":[[2023,3,23]],"date-time":"2023-03-23T18:10:41Z","timestamp":1679595041000},"source":"Crossref","is-referenced-by-count":0,"title":["Use of Design Thinking to Generate Ideas for Digital, Social, and Solidarity Entrepreneurship"],"prefix":"10.16925","author":[{"name":"Universidad Cooperativa de Colombia","sequence":"first","affiliation":[],"role":[{"role":"author","vocabulary":"crossref"}]},{"given":"Edna Margarita","family":"Esteban Regino","sequence":"first","affiliation":[],"role":[{"role":"author","vocabulary":"crossref"}]},{"given":"Jos\u00e9 David","family":"Torrenegra Ariza","sequence":"additional","affiliation":[],"role":[{"role":"author","vocabulary":"crossref"}]},{"given":"Enrique Carlos","family":"Urzola Mestra","sequence":"additional","affiliation":[],"role":[{"role":"author","vocabulary":"crossref"}]}],"member":"6711","published-online":{"date-parts":[[2022,12]]},"deposited":{"date-parts":[[2023,3,23]],"date-time":"2023-03-23T18:10:44Z","timestamp":1679595044000},"score":0.0,"resource":{"primary":{"URL":"https:\/\/repository.ucc.edu.co\/items\/4d91287f-3fbb-4ad4-a9aa-11192a77a206"}},"issued":{"date-parts":[[2022,12]]},"references-count":0,"URL":"https:\/\/doi.org\/10.16925\/gcnc.43","published":{"date-parts":[[2022,12]]}},{"indexed":{"date-parts":[[2025,1,28]],"date-time":"2025-01-28T05:47:36Z","timestamp":1738043256387,"version":"3.33.0"},"reference-count":0,"publisher":"Ediciones Universidad Cooperativa de Colombia","content-domain":{"domain":[],"crossmark-restriction":false},"abstract":"<jats:p>This class note aims to clarify the content and practical applications of the Criminal Procedure subject, and it will delve into matters related to its conceptualization, the importance of understanding the basic concepts of criminal law, criminal offenses, and their consequences. The theoretical part of criminal procedure, the fundamental principles of procedural criminal law, and their relationship with other areas of law will be analyzed. A conceptual characterization of the penal system, the normative hierarchy, and a detailed overview of the legal order in the Colombian penal regime will be developed, taking into account the current regulations. Finally, the aim is to provide a well-detailed outline of the topics to be covered in the Criminal Procedure course. Moreover, it will demonstrate how these contents can be practically applied in the legal field to resolve common situations encountered during the student\u2019s academic journey.<\/jats:p>","DOI":"10.16925\/gcnc.86","type":"report","created":{"date-parts":[[2025,1,27]],"date-time":"2025-01-27T21:29:51Z","timestamp":1738013391000},"source":"Crossref","is-referenced-by-count":0,"title":["Criminal Procedure: Practical Applications"],"prefix":"10.16925","author":[{"name":"Universidad Cooperativa de Colombia","sequence":"first","affiliation":[],"role":[{"role":"author","vocabulary":"crossref"}]},{"given":"Liliana","family":"Anaya Caraballo","sequence":"first","affiliation":[],"role":[{"role":"author","vocabulary":"crossref"}]},{"given":"Nuby","family":"Mogoll\u00f3n Anaya","sequence":"additional","affiliation":[],"role":[{"role":"author","vocabulary":"crossref"}]},{"given":"Enrique Carlos","family":"Urzola Mestra","sequence":"additional","affiliation":[],"role":[{"role":"author","vocabulary":"crossref"}]}],"member":"6711","published-online":{"date-parts":[[2023,11]]},"deposited":{"date-parts":[[2025,1,27]],"date-time":"2025-01-27T21:29:52Z","timestamp":1738013392000},"score":0.0,"resource":{"primary":{"URL":"https:\/\/repository.ucc.edu.co\/entities\/publication\/de114b0f-8405-4111-a976-4cbc1b6dbac4"}},"issued":{"date-parts":[[2023,11]]},"references-count":0,"URL":"https:\/\/doi.org\/10.16925\/gcnc.86","published":{"date-parts":[[2023,11]]}},{"indexed":{"date-parts":[[2022,4,2]],"date-time":"2022-04-02T14:07:51Z","timestamp":1648908471526},"reference-count":0,"publisher":"Ediciones Universidad Cooperativa de Colombia","content-domain":{"domain":[],"crossmark-restriction":false},"DOI":"10.16925\/gclc.07","type":"report","created":{"date-parts":[[2019,12,6]],"date-time":"2019-12-06T14:34:48Z","timestamp":1575642888000},"source":"Crossref","is-referenced-by-count":0,"title":["Inclusi\u00f3n educativa en el contexto de educaci\u00f3n superior: una v\u00eda para todos"],"prefix":"10.16925","author":[{"given":"\u00c1ngela Patricia","family":"Pinz\u00f3n Le\u00f3n","sequence":"first","affiliation":[],"role":[{"role":"author","vocabulary":"crossref"}]},{"given":"\u00c1ngela Patricia","family":"Medina D\u00edaz","sequence":"additional","affiliation":[],"role":[{"role":"author","vocabulary":"crossref"}]}],"member":"6711","published-online":{"date-parts":[[2019,12]]},"deposited":{"date-parts":[[2019,12,6]],"date-time":"2019-12-06T14:34:48Z","timestamp":1575642888000},"score":0.0,"resource":{"primary":{"URL":"https:\/\/repository.ucc.edu.co\/handle\/20.500.12494\/15439"}},"issued":{"date-parts":[[2019,12]]},"references-count":0,"URL":"https:\/\/doi.org\/10.16925\/gclc.07","published":{"date-parts":[[2019,12]]}},{"indexed":{"date-parts":[[2022,3,30]],"date-time":"2022-03-30T13:07:52Z","timestamp":1648645672948},"reference-count":0,"publisher":"Universidad Cooperativa de Colombia- UCC","issue":"31","content-domain":{"domain":[],"crossmark-restriction":false},"short-container-title":["Rastros rostros"],"abstract":"<jats:p>Prop\u00f3sito: Este art\u00edculo es un ejercicio de \u201cfilosof\u00eda fant\u00e1stica\u201d, donde se concibe la escritura de un libro imaginado: Observaciones a los Cuadernos de Gramsci. Temas: Desde el espacio inasible de los confines y las fronteras \u2014entre lo literario y lo filos\u00f3fico, lo real y lo ficticio, lo necesario y lo posible\u2014, se reconstruye un texto que propicia el encuentro de dos pensadores: Wittgenstein y Gramsci. Desarrollo: Un encuentro quiz\u00e1s inexistente, pero no por completo imposible. Un encuentro que permite resignificar la obra de Wittgenstein a partir de las marcas que la lectura de Gramsci imprimen a su tradicional preocupaci\u00f3n por el lenguaje, orientando la filosof\u00eda terape\u00fatica hacia una teor\u00eda de la praxis. Conclusiones: As\u00ed se enriquece el espectro de alternativas que Wittgenstein lega, en especial, en el campo de la teor\u00eda social, que se expande al ser investida por un franco compromiso \u00e9tico-pol\u00edtico.<\/jats:p>","DOI":"10.16925\/ra.v17i31.1100","type":"journal-article","created":{"date-parts":[[2020,8,29]],"date-time":"2020-08-29T07:47:17Z","timestamp":1598687237000},"source":"Crossref","is-referenced-by-count":0,"title":["Ludwig Wittgenstein y Observaciones a los cuadernos de Gramsci: una ficci\u00f3n filos\u00f3fica"],"prefix":"10.16925","volume":"17","author":[{"given":"Silvia Adriana","family":"Rivera","sequence":"first","affiliation":[],"role":[{"role":"author","vocabulary":"crossref"}]}],"member":"6711","published-online":{"date-parts":[[1970,1,1]]},"container-title":["Rastros Rostros"],"link":[{"URL":"https:\/\/revistas.ucc.edu.co\/index.php\/ra\/article\/download\/1100\/1095","content-type":"application\/pdf","content-version":"vor","intended-application":"text-mining"},{"URL":"https:\/\/revistas.ucc.edu.co\/index.php\/ra\/article\/download\/1100\/1095","content-type":"unspecified","content-version":"vor","intended-application":"similarity-checking"}],"deposited":{"date-parts":[[2020,8,29]],"date-time":"2020-08-29T07:47:18Z","timestamp":1598687238000},"score":0.0,"resource":{"primary":{"URL":"https:\/\/revistas.ucc.edu.co\/index.php\/ra\/article\/view\/1100"}},"issued":{"date-parts":[[1970,1,1]]},"references-count":0,"journal-issue":{"issue":"31","published-online":{"date-parts":[[2015,12,1]]}},"URL":"https:\/\/doi.org\/10.16925\/ra.v17i31.1100","ISSN":["2382-4921","0124-406X"],"issn-type":[{"value":"2382-4921","type":"electronic"},{"value":"0124-406X","type":"print"}],"published":{"date-parts":[[1970,1,1]]}},{"indexed":{"date-parts":[[2025,12,1]],"date-time":"2025-12-01T17:38:30Z","timestamp":1764610710334,"version":"3.46.0"},"reference-count":0,"publisher":"Ediciones Universidad Cooperativa de Colombia","content-domain":{"domain":[],"crossmark-restriction":false},"abstract":"<jats:p>Esta cartilla presenta una reconstrucci\u00f3n narrativa y anal\u00edtica del proceso organizativo de la Asociaci\u00f3n Municipal de Usuarios Campesinos (AMUC) del municipio de Pradera (Valle del Cauca, Colombia), destacando su trayectoria hist\u00f3rica, sus luchas colectivas y las formas de acci\u00f3n comunitaria que han configurado su presencia en el territorio. Este documento recoge las principales transformaciones sociopol\u00edticas que han atravesado a la organizaci\u00f3n, desde sus or\u00edgenes en el movimiento agrario hasta sus iniciativas contempor\u00e1neas orientadas a la defensa de la vida campesina, la protecci\u00f3n del territorio y la consolidaci\u00f3n de pr\u00e1cticas de econom\u00eda solidaria. Tambi\u00e9n enfatiza en el papel de la AMUC como un actor social significativo en la producci\u00f3n de sentidos sobre la memoria del conflicto armado, visibilizando experiencias de resistencia, cuidado y construcci\u00f3n de alternativas comunitarias. Asimismo, describe las pr\u00e1cticas organizativas que sustentan la autonom\u00eda campesina, incluyendo procesos de participaci\u00f3n, formaci\u00f3n pol\u00edtica, articulaci\u00f3n interinstitucional y fortalecimiento de capacidades locales. El texto forma parte de un ejercicio de Apropiaci\u00f3n Social del Conocimiento (ASC), desarrollado de manera colaborativa entre la organizaci\u00f3n y el equipo acad\u00e9mico, con el prop\u00f3sito de consolidar herramientas pedag\u00f3gicas que fortalezcan la transmisi\u00f3n intergeneracional de saberes y la documentaci\u00f3n de experiencias colectivas. En conjunto, la cartilla ofrece un aporte relevante al reconocimiento de las din\u00e1micas campesinas y contribuye a la comprensi\u00f3n de los v\u00ednculos entre memoria, territorio y acci\u00f3n colectiva en contextos rurales afectados por el conflicto armado.<\/jats:p>","DOI":"10.16925\/gcgp.180","type":"report","created":{"date-parts":[[2025,12,1]],"date-time":"2025-12-01T17:35:43Z","timestamp":1764610543000},"source":"Crossref","is-referenced-by-count":0,"title":["AMUC: una historia campesina que resiste y transforma"],"prefix":"10.16925","author":[{"given":"Ana Luc\u00eda","family":"S\u00e1nchez Villafa\u00f1e","sequence":"first","affiliation":[],"role":[{"role":"author","vocabulary":"crossref"}]},{"given":"Mar\u00eda Catalina","family":"Echeverri Londo\u00f1o","sequence":"additional","affiliation":[],"role":[{"role":"author","vocabulary":"crossref"}]},{"given":"Nayib","family":"Carrasco Tapia","sequence":"additional","affiliation":[],"role":[{"role":"author","vocabulary":"crossref"}]},{"given":"Edwin Alexander","family":"Hern\u00e1ndez Zapata","sequence":"additional","affiliation":[],"role":[{"role":"author","vocabulary":"crossref"}]},{"given":"Juan Carlos","family":"Arboleda","sequence":"additional","affiliation":[],"role":[{"role":"author","vocabulary":"crossref"}]},{"given":"Carolina","family":"Villafa\u00f1e","sequence":"additional","affiliation":[],"role":[{"role":"author","vocabulary":"crossref"}]},{"given":"Mar\u00eda Alejandra","family":"Vernaza Caucayo","sequence":"additional","affiliation":[],"role":[{"role":"author","vocabulary":"crossref"}]},{"given":"Wendy Alejandra","family":"Quiceno Urrutia","sequence":"additional","affiliation":[],"role":[{"role":"author","vocabulary":"crossref"}]}],"member":"6711","published-online":{"date-parts":[[2025,11]]},"deposited":{"date-parts":[[2025,12,1]],"date-time":"2025-12-01T17:35:43Z","timestamp":1764610543000},"score":0.0,"resource":{"primary":{"URL":"https:\/\/repository.ucc.edu.co\/entities\/publication\/00a4527c-2016-4138-9690-8fcd3dd60c63"}},"issued":{"date-parts":[[2025,11]]},"references-count":0,"URL":"https:\/\/doi.org\/10.16925\/gcgp.180","published":{"date-parts":[[2025,11]]}},{"indexed":{"date-parts":[[2026,7,30]],"date-time":"2026-07-30T16:16:30Z","timestamp":1785428190649,"version":"3.56.0"},"reference-count":38,"publisher":"Universidad Cooperativa de Colombia - UCC","issue":"2","license":[{"start":{"date-parts":[[2026,7,6]],"date-time":"2026-07-06T00:00:00Z","timestamp":1783296000000},"content-version":"unspecified","delay-in-days":0,"URL":"https:\/\/creativecommons.org\/licenses\/by\/4.0"}],"content-domain":{"domain":[],"crossmark-restriction":false},"short-container-title":["Dixi"],"abstract":"<jats:p>The purpose of this article is to conduct a conceptual analysis of the term happiness from both philosophical and legal perspectives, and to examine whether it could be regarded as a right subject to some form of state protection. The notion of happiness has been incorporated, since the eighteenth century, into various international instruments that played a pioneering role in the establishment of human rights, and it is currently enshrined in the constitutions of certain countries. Happiness is a subjective concept, as it represents an individual feeling that arises from a person\u2019s experiences, circumstances, and the fulfillment of their desires. In this sense, everyone is solely responsible for managing their own happiness according to their personal understanding of it, making it utopian to claim that the State can guarantee happiness for all. Nevertheless, the State can provide and safeguard a set of conditions and goods that enable each person to self-manage their own happiness.<\/jats:p>","DOI":"10.16925\/2357-5891.2026.02.03","type":"journal-article","created":{"date-parts":[[2026,7,6]],"date-time":"2026-07-06T18:04:55Z","timestamp":1783361095000},"page":"1-18","source":"Crossref","is-referenced-by-count":0,"title":["El mal llamado \u201cderecho a la Felicidad\u201d","The evil call \u201cright to happiness\u201d","El mal chamado \u201cderecho a la Felicidad\u201d"],"prefix":"10.16925","volume":"28","author":[{"ORCID":"https:\/\/orcid.org\/0009-0004-0957-9976","authenticated-orcid":false,"given":"Marcela","family":"Arreola Islas","sequence":"first","affiliation":[{"id":[{"id":"https:\/\/ror.org\/05ppk0267","id-type":"ROR","asserted-by":"publisher"}],"name":"Universidad Aut\u00f3noma de Guadalajara"}],"role":[{"vocabulary":"crossref","role":"author"}]}],"member":"6711","published-online":{"date-parts":[[2026,7,6]]},"reference":[{"key":"188594","unstructured":"Alexy, R. (1993). Teor\u00eda de los derechos fundamentales. Centro de Estudios Constitucionales."},{"key":"188595","doi-asserted-by":"crossref","unstructured":"Alexy, R. (1988). Sistema jur\u00eddico, principios jur\u00eddicos y raz\u00f3n pr\u00e1ctica. DOXA. Cuadernos de Filosof\u00eda del Derecho, (5), 139-151. https:\/\/doi.org\/10.14198\/DOXA1988.5.07","DOI":"10.14198\/DOXA1988.5.07"},{"key":"188596","unstructured":"Arias Torres, D., & Herrera Torres, H. (2012). Entre pol\u00edticas gubernamentales y pol\u00edticas p\u00fablicas. An\u00e1lisis del ciclo de las pol\u00edticas de desarrollo del gobierno del Estado de Michoac\u00e1n, M\u00e9xico, 2003-2010. Instituto Nacional de Administraci\u00f3n P\u00fablica, A.C."},{"key":"188597","unstructured":"Arist\u00f3teles. (2016). \u00c9tica a Nic\u00f3maco (P. De Azc\u00e1rate, trad.) [Recurso electr\u00f3nico]. Editorial Digital Imprenta Nacional."},{"key":"188598","doi-asserted-by":"crossref","unstructured":"Atienza Rodr\u00edguez, M., & Ruiz Manero, J. (1991). Sobre principios y reglas. DOXA. Cuadernos de Filosof\u00eda del Derecho, (10), 101-120. https:\/\/doi.org\/10.14198\/DOXA1991.10.04","DOI":"10.14198\/DOXA1991.10.04"},{"key":"188599","unstructured":"Beccaria, C. (2013). Tratado de los delitos y de las penas. ePubLibre."},{"key":"188600","unstructured":"Bobbio, N. (1991). El tiempo de los derechos. Sistema."},{"key":"188601","unstructured":"Camacho, C. (Ed.). (2017). Fuentes hist\u00f3ricas, Constituci\u00f3n de 1917: Volumen I. M. A. Porr\u00faa."},{"key":"188602","doi-asserted-by":"crossref","unstructured":"Carpizo, J. (2011). Los derechos humanos: Naturaleza, denominaci\u00f3n y caracter\u00edsticas. Cuestiones Constitucionales: Revista Mexicana de Derecho Constitucional, (25), 3-29.","DOI":"10.22201\/iij.24484881e.2011.25.5965"},{"key":"188603","unstructured":"Constituci\u00f3n de Apatzing\u00e1n. (1814, 22 de octubre). Texto abrogado. https:\/\/www.diputados.gob.mx\/biblioteca\/bibdig\/const_mex\/const-apat.pdf"},{"key":"188604","unstructured":"Constituci\u00f3n Pol\u00edtica de los Estados Unidos Mexicanos. (1917, 5 de febrero). \u00daltima reforma publicada en el Diario Oficial de la Federaci\u00f3n el 15 de abril de 2025. https:\/\/www.diputados.gob.mx\/LeyesBiblio\/pdf\/CPEUM.pdf"},{"key":"188605","unstructured":"De La Mettrie, J. O. (2005). Discurso sobre la felicidad. El Cuenco de Plata."},{"key":"188606","unstructured":"Dworkin, R. (2014). \u00bfEs el derecho un sistema de normas? En R. Dworkin, La filosof\u00eda del Derecho (pp. 107-159). Fondo de Cultura Econ\u00f3mica."},{"key":"188607","unstructured":"Epicuro. (2018). El placer y la felicidad. Verbum."},{"key":"188608","unstructured":"Escobar Roca, G. (2005). Introducci\u00f3n a la teor\u00eda jur\u00eddica de los derechos humanos. Trama Editorial."},{"key":"188609","unstructured":"Ferrajoli, L. (2004). Derechos y garant\u00edas: La Ley del m\u00e1s d\u00e9bil. Trotta."},{"key":"188610","doi-asserted-by":"crossref","unstructured":"Gorj\u00f3n G\u00f3mez, F. J. (2020). La mediaci\u00f3n como v\u00eda al bienestar y la felicidad. Tirant lo Blanch.","DOI":"10.29105\/pgc6.12-4"},{"key":"188611","unstructured":"Gray, T. (2024). Oda a una perspectiva lejana de Eton College. Archivo Thomas Gray. https:\/\/www.thomasgray.org\/texts\/poems\/odec#poem"},{"key":"188612","unstructured":"Guastini, R. (1993). La garant\u00eda de los derechos fundamentales en la constituci\u00f3n italiana. Derechos y Libertades: Revista del Instituto Bartolom\u00e9 de las Casas, (1), 237-250."},{"key":"188613","doi-asserted-by":"crossref","unstructured":"Guastini, R. (2016). La sintaxis del derecho. Marcial Pons, Ediciones Jur\u00eddicas y Sociales.","DOI":"10.2307\/jj.2322021"},{"key":"188614","unstructured":"Hart, H. L. (1961). El concepto de derecho. Abeledo-Perrot."},{"key":"188615","unstructured":"Hobbes, T. (2019). Leviat\u00e1n. Verbum."},{"key":"188616","unstructured":"Kant, I. (2005). Cr\u00edtica de la raz\u00f3n pura. Fondo de Cultura Econ\u00f3mica; UAM; UNAM."},{"key":"188617","doi-asserted-by":"crossref","unstructured":"Laporta San Miguel, F. J. (1987). Sobre el concepto de derechos humanos. DOXA. Cuadernos de Filosof\u00eda del Derecho, (10), 23-46.","DOI":"10.14198\/DOXA1987.4.01"},{"key":"188618","unstructured":"Mill, J. S. (2009). Utilitarism. The Floating Press."},{"key":"188619","doi-asserted-by":"crossref","unstructured":"Peces-Barba Mart\u00ednez, G. (1988). Sobre el fundamento de los derechos humanos (Un problema de Moral y derecho). Anales de la C\u00e1tedra Francisco Su\u00e1rez: Derecho y Moral, (28), 193-207.","DOI":"10.30827\/acfs.v28i0.12259"},{"key":"188620","unstructured":"Peces-Barba Mart\u00ednez, G. (1993). Concepto y problemas actuales de los derechos fundamentales. Derechos y Libertades: Revista del Instituto Bartolom\u00e9 de las Casas, (1), 76-86."},{"key":"188621","unstructured":"Rawls, J. (1995). Teor\u00eda de la Justicia. Fondo de Cultura Econ\u00f3mica."},{"key":"188622","unstructured":"Real Academia Espa\u00f1ola. (2014). Felicidad. En Diccionario de la lengua espa\u00f1ola. https:\/\/dle.rae.es\/felicidad"},{"key":"188623","unstructured":"Representantes de los Estados Unidos de Am\u00e9rica. (1776, 4 de julio). La Declaraci\u00f3n de Independencia. The U.S. National Archives and Records Administration. https:\/\/www.archives.gov\/espanol\/la-declaracion-de-independencia.html"},{"key":"188624","unstructured":"Representantes del Pueblo Franc\u00e9s. (1789). Declaraci\u00f3n de los Derechos del Hombre y del Ciudadano de 1789. Consejo Constitucional. https:\/\/www.conseil-constitutionnel.fr\/sites\/default\/files\/as\/root\/bank_mm\/espagnol\/es_ddhc.pdf"},{"key":"188625","unstructured":"Santiago Nino, C. (1989). \u00c9tica y derechos humanos: Un ensayo de fundamentaci\u00f3n. Astrea de Alfredo y Ricardo Depalma."},{"key":"188626","doi-asserted-by":"crossref","unstructured":"Schopenhauer, A. (2011). El arte de ser feliz: Explicado en cincuenta reglas para la vida. Herder Editorial.","DOI":"10.2307\/j.ctvt9k0gq"},{"key":"188627","unstructured":"Schopenhauer, A. (2015). El arte de sobrevivir. Herder Editorial."},{"key":"188628","unstructured":"S\u00e9neca, L. A. (2018). Sobre la felicidad: De Vita Beata. Verbum."},{"key":"188629","unstructured":"Sheinbaum Pardo, C. (2025). Plan Nacional de Desarrollo 2025-2029. Diario Oficial de la Federaci\u00f3n."},{"key":"188630","doi-asserted-by":"crossref","unstructured":"Ura, K., Alkire, S., Zangmo, T., & Wangdi, D. (2012). A short guide to Gross National Happiness Index. Centro de Estudios sobre But\u00e1n y el FNB. https:\/\/bhutanstudies.org.bt\/wp-content\/uploads\/2025\/01\/A-Short-Guide-to-Gross-National-Happiness-Index.pdf","DOI":"10.35648\/20.500.12413\/11781\/ii025"},{"key":"188631","unstructured":"Vel\u00e1squez Gavilanes, R. (2009). Hacia una nueva definici\u00f3n del concepto \u201cpol\u00edtica p\u00fablica\u201d. Desaf\u00edos, (20), 149-187."}],"container-title":["DIXI"],"link":[{"URL":"https:\/\/revistas.ucc.edu.co\/index.php\/di\/article\/download\/5703\/3973","content-type":"application\/pdf","content-version":"vor","intended-application":"text-mining"},{"URL":"https:\/\/revistas.ucc.edu.co\/index.php\/di\/article\/download\/5703\/3973","content-type":"unspecified","content-version":"vor","intended-application":"similarity-checking"}],"deposited":{"date-parts":[[2026,7,6]],"date-time":"2026-07-06T18:05:58Z","timestamp":1783361158000},"score":0.0,"resource":{"primary":{"URL":"https:\/\/revistas.ucc.edu.co\/index.php\/di\/article\/view\/5703"}},"issued":{"date-parts":[[2026,7,6]]},"references-count":38,"journal-issue":{"issue":"2","published-online":{"date-parts":[[2026,6,16]]}},"URL":"https:\/\/doi.org\/10.16925\/2357-5891.2026.02.03","ISSN":["2357-5891","0124-7255"],"issn-type":[{"value":"2357-5891","type":"electronic"},{"value":"0124-7255","type":"print"}],"published":{"date-parts":[[2026,7,6]]}},{"indexed":{"date-parts":[[2026,8,18]],"date-time":"2026-08-18T03:22:12Z","timestamp":1787023332304,"version":"build-2736575974"},"reference-count":0,"publisher":"Universidad Cooperativa de Colombia - UCC","issue":"2","content-domain":{"domain":[],"crossmark-restriction":false},"short-container-title":["Rastros rostros"],"abstract":"<jats:p>Este estudio explora el impacto de estrategias basadas en cartillas interactivas digitales en la comprensi\u00f3n y desempe\u00f1o estudiantil en matem\u00e1ticas de estudiantes en etapa escolar. Teniendo como base las dificultades persistentes en matem\u00e1ticas y los bajos desempe\u00f1os acad\u00e9micos en pruebas objetivas, se propone una intervenci\u00f3n educativa mediante la implementaci\u00f3n de materiales digitales atractivos y adaptativos. El prop\u00f3sito del proyecto es mejorar la comprensi\u00f3n de conceptos matem\u00e1ticos fundamentales, aprovechando la afinidad de los estudiantes, quienes son nativos digitales, con las tecnolog\u00edas interactivas. Adoptando un enfoque cualitativo y trabajando por etapas, se dise\u00f1aron y aplicaron cartillas matem\u00e1ticas digitales para abordar \u00e1reas problem\u00e1ticas identificadas mediante diagn\u00f3sticos previos. Los hallazgos preliminares indican un impacto positivo en las pruebas objetivas, lo que sugiere la eficacia de este enfoque innovador. Este estudio contribuye al campo de la educaci\u00f3n matem\u00e1tica al demostrar c\u00f3mo los recursos tecnol\u00f3gicos interactivos pueden ser utilizados efectivamente para fortalecer la ense\u00f1anza y el aprendizaje de las matem\u00e1ticas.<\/jats:p>","DOI":"10.16925\/2382-4921.2024.02.03","type":"journal-article","created":{"date-parts":[[2024,10,20]],"date-time":"2024-10-20T17:59:15Z","timestamp":1729447155000},"page":"1-16","source":"Crossref","is-referenced-by-count":1,"title":["Matem\u00e1tica escolar digital e interactiva"],"prefix":"10.16925","volume":"26","author":[{"name":"Universidad del Atl\u00e1ntico","sequence":"first","affiliation":[],"role":[{"vocabulary":"crossref","role":"author"}]},{"ORCID":"https:\/\/orcid.org\/0000-0001-5100-8254","authenticated-orcid":false,"given":"Nelsy Carolina","family":"Vanegas Ib\u00e1\u00f1ez","sequence":"first","affiliation":[],"role":[{"vocabulary":"crossref","role":"author"}]},{"ORCID":"https:\/\/orcid.org\/0000-0003-3667-1087","authenticated-orcid":false,"given":"Sonia","family":"Valbuena Duarte","sequence":"additional","affiliation":[],"role":[{"vocabulary":"crossref","role":"author"}]},{"name":"Universidad del Atl\u00e1ntico","sequence":"additional","affiliation":[],"role":[{"vocabulary":"crossref","role":"author"}]},{"ORCID":"https:\/\/orcid.org\/0000-0002-4014-5322","authenticated-orcid":false,"given":"Jesus David","family":"Berr\u00edo Valbuena","sequence":"additional","affiliation":[],"role":[{"vocabulary":"crossref","role":"author"}]},{"name":"Universidad del Atl\u00e1ntico","sequence":"additional","affiliation":[],"role":[{"vocabulary":"crossref","role":"author"}]}],"member":"6711","published-online":{"date-parts":[[2024,7,1]]},"container-title":["Rastros Rostros"],"deposited":{"date-parts":[[2024,10,20]],"date-time":"2024-10-20T17:59:18Z","timestamp":1729447158000},"score":0.0,"resource":{"primary":{"URL":"https:\/\/revistas.ucc.edu.co\/index.php\/ra\/article\/view\/4979"}},"issued":{"date-parts":[[2024,7,1]]},"references-count":0,"journal-issue":{"issue":"2","published-online":{"date-parts":[[2024,7,1]]}},"URL":"https:\/\/doi.org\/10.16925\/2382-4921.2024.02.03","ISSN":["2382-4921"],"issn-type":[{"value":"2382-4921","type":"electronic"}],"published":{"date-parts":[[2024,7,1]]}},{"indexed":{"date-parts":[[2026,8,14]],"date-time":"2026-08-14T10:06:17Z","timestamp":1786701977073,"version":"build-2736575974"},"reference-count":0,"publisher":"Universidad Cooperativa de Colombia- UCC","issue":"1","license":[{"start":{"date-parts":[[2021,5,5]],"date-time":"2021-05-05T00:00:00Z","timestamp":1620172800000},"content-version":"unspecified","delay-in-days":0,"URL":"http:\/\/creativecommons.org\/licenses\/by-nc-nd\/4.0"}],"content-domain":{"domain":[],"crossmark-restriction":false},"short-container-title":["Pensando Psicol."],"abstract":"<jats:p>Introducci\u00f3n: Las representaciones sociales son teor\u00edas del sentido com\u00fan sobre un objeto pol\u00e9mico, construidas consensualmente por los grupos. Desde el punto de vista de la epistemolog\u00eda interaccional, se trata de formas de pensamiento social o esquemas de interpretaci\u00f3n del mundo directamente asociados a las pr\u00e1cticas sociales, es decir, a la forma como los grupos se comportan.\r\nObjetivo: 1) Identificar la posible representaci\u00f3n social de la \u2018derecha\u2019 y la \u2018izquierda\u2019 en Colombia. 2) Establecer la relacion entre el efecto movilizador del r\u00f3tulo y la adhesi\u00f3n o rechazo a postulados de ambas vertientes ideol\u00f3gicas.\r\nM\u00e9todo: Se aplic\u00f3 un cuestionario a 104 colombianos adultos, segmentados de acuerdo con su orientaci\u00f3n ideol\u00f3gica de derecha, izquierda o centro. El cuestionario conten\u00eda una t\u00e9cnica de asociaci\u00f3n libre de palabras (TALP), a partir de la cual se realiz\u00f3 un an\u00e1lisis protot\u00edpico y un an\u00e1lisis de similitud; y una escala Likert, con base en la cual se efectu\u00f3 un an\u00e1lisis de varianza (ANOVA).\r\nResultados: Se identific\u00f3 una posible representaci\u00f3n social de la \u2018derecha\u2019 estructurada en torno de la figura del expresidente \u00c1lvaro Uribe y dos posibles representaciones de la \u2018izquierda\u2019, una vinculada al comunismo y otra a las expectativas por la consolidaci\u00f3n del proceso de paz. Con base en la teor\u00eda de la identidad social tambi\u00e9n fue posible evidenciar en los votantes de izquierda el efecto movilizador del r\u00f3tulo como activador de una representaci\u00f3n social vinculada a la identidad grupal.<\/jats:p>","DOI":"10.16925\/2382-3984.2021.01.01","type":"journal-article","created":{"date-parts":[[2021,11,25]],"date-time":"2021-11-25T21:18:13Z","timestamp":1637875093000},"page":"1-24","source":"Crossref","is-referenced-by-count":2,"title":["Pensamiento social y posicionamiento pol\u00edtico: representaciones sociales de la derecha y la izquierda en Colombia"],"prefix":"10.16925","volume":"17","author":[{"given":"Georgie","family":"Echeverri V\u00e1squez","sequence":"first","affiliation":[],"role":[{"vocabulary":"crossref","role":"author"}]},{"given":"\u00c1lvaro Rafael","family":"Santana Peixoto","sequence":"additional","affiliation":[],"role":[{"vocabulary":"crossref","role":"author"}]},{"given":"Ana Raquel","family":"Rosas Torres","sequence":"additional","affiliation":[],"role":[{"vocabulary":"crossref","role":"author"}]}],"member":"6711","published-online":{"date-parts":[[2021,5,5]]},"container-title":["Pensando Psicolog\u00eda"],"link":[{"URL":"https:\/\/revistas.ucc.edu.co\/index.php\/pe\/article\/download\/3579\/3221","content-type":"application\/pdf","content-version":"vor","intended-application":"text-mining"},{"URL":"https:\/\/revistas.ucc.edu.co\/index.php\/pe\/article\/download\/3579\/3221","content-type":"unspecified","content-version":"vor","intended-application":"similarity-checking"}],"deposited":{"date-parts":[[2021,11,25]],"date-time":"2021-11-25T21:18:14Z","timestamp":1637875094000},"score":0.0,"resource":{"primary":{"URL":"https:\/\/revistas.ucc.edu.co\/index.php\/pe\/article\/view\/3579"}},"issued":{"date-parts":[[2021,5,5]]},"references-count":0,"journal-issue":{"issue":"1","published-online":{"date-parts":[[2021,5,5]]}},"URL":"https:\/\/doi.org\/10.16925\/2382-3984.2021.01.01","ISSN":["2382-3984","1900-3099"],"issn-type":[{"value":"2382-3984","type":"electronic"},{"value":"1900-3099","type":"print"}],"published":{"date-parts":[[2021,5,5]]}},{"indexed":{"date-parts":[[2026,8,23]],"date-time":"2026-08-23T16:06:25Z","timestamp":1787501185671,"version":"build-2736575974"},"edition-number":"1","reference-count":0,"publisher":"Ediciones Universidad Cooperativa de Colombia","isbn-type":[{"value":"9789587603163","type":"print"}],"content-domain":{"domain":[],"crossmark-restriction":false},"published-print":{"date-parts":[[2021,4,1]]},"abstract":"<jats:p>El principal objetivo de este libro analizar la evaluaci\u00f3n como un proceso fundamental para asegurar una formaci\u00f3n de calidad basada en competencias. Los tres trabajos que componen este tercer tomo dan cuenta de todo lo anterior. El cap\u00edtulo \u201cEstrategia de evaluaci\u00f3n de competencias: pr\u00e1cticas contextualizadas y el modelo educativo cr\u00edtico a trav\u00e9s de una metodolog\u00eda participativa\u201d tiene como objetivo analizar, desde el enfoque de competencias en la Universidad, las formas de evaluaci\u00f3n que emplean los profesores con sus estudiantes y c\u00f3mo, a su vez, estos identifican y comprenden dichas pr\u00e1cticas para, finalmente, proponer estrategias de mejoramiento que apliquen al modelo educativo adoptado por la Universidad. La segunda investigaci\u00f3n, titulada \u201cLa evaluaci\u00f3n de competencias: sistematizaci\u00f3n de una experiencia innovadora en la Universidad Cooperativa de Colombia\u201d, tiene como objetivo sistematizar la manera en que se hace el dise\u00f1o y aplicaci\u00f3n de pruebas para la evaluaci\u00f3n de competencias gen\u00e9ricas y transversales, con el fin de optimizar los procesos de evaluaci\u00f3n al interior de la instituci\u00f3n. Para finalizar, la investigaci\u00f3n denominada \u201cLa evaluaci\u00f3n por competencias del desempe\u00f1o docente como estrategia de mejora continua\u201d, buscar identificar cu\u00e1les son los criterios diferenciados dentro el Modelo Educativo para la evaluaci\u00f3n del profesor, de manera que se pueda proponer una rubrica que permite desarrollar este proceso en todas sus dimensiones.<\/jats:p>","DOI":"10.16925\/9789587603163","type":"edited-book","created":{"date-parts":[[2021,12,7]],"date-time":"2021-12-07T15:41:03Z","timestamp":1638891663000},"source":"Crossref","is-referenced-by-count":1,"title":["La evaluaci\u00f3n de las competencias"],"prefix":"10.16925","author":[{"given":"Anabela","family":"Villa Saavedra","sequence":"additional","affiliation":[],"role":[{"vocabulary":"crossref","role":"author"}]},{"name":"Universidad Cooperativa de Colombia","sequence":"additional","affiliation":[],"role":[{"vocabulary":"crossref","role":"author"}]},{"given":"Jackeline","family":"Caballero Caballero","sequence":"additional","affiliation":[],"role":[{"vocabulary":"crossref","role":"author"}]},{"name":"Universidad Cooperativa de Colombia","sequence":"additional","affiliation":[],"role":[{"vocabulary":"crossref","role":"author"}]},{"given":"Martha Patricia","family":"G\u00f3mez D\u00edaz","sequence":"additional","affiliation":[],"role":[{"vocabulary":"crossref","role":"author"}]},{"name":"Universidad Cooperativa de Colombia","sequence":"additional","affiliation":[],"role":[{"vocabulary":"crossref","role":"author"}]},{"given":"Avigdor Roberto","family":"Guerrero Garc\u00eda","sequence":"additional","affiliation":[],"role":[{"vocabulary":"crossref","role":"author"}]},{"name":"Universidad Cooperativa de Colombia","sequence":"additional","affiliation":[],"role":[{"vocabulary":"crossref","role":"author"}]},{"given":"Nidia Mar\u00eda","family":"Tejada Rivera","sequence":"additional","affiliation":[],"role":[{"vocabulary":"crossref","role":"author"}]},{"name":"Universidad Cooperativa de Colombia","sequence":"additional","affiliation":[],"role":[{"vocabulary":"crossref","role":"author"}]},{"given":"Juan Esteban","family":"Rivera Rico","sequence":"additional","affiliation":[],"role":[{"vocabulary":"crossref","role":"author"}]},{"name":"Universidad Cooperativa de Colombia","sequence":"additional","affiliation":[],"role":[{"vocabulary":"crossref","role":"author"}]},{"given":"Lina Marcela","family":"Zapata Gil","sequence":"additional","affiliation":[],"role":[{"vocabulary":"crossref","role":"author"}]},{"name":"Universidad Cooperativa de Colombia","sequence":"additional","affiliation":[],"role":[{"vocabulary":"crossref","role":"author"}]},{"given":"Beatriz Eugenia","family":"Betancur Caro","sequence":"additional","affiliation":[],"role":[{"vocabulary":"crossref","role":"author"}]},{"name":"Universidad Cooperativa de Colombia","sequence":"additional","affiliation":[],"role":[{"vocabulary":"crossref","role":"author"}]},{"given":"Andr\u00e9s Gustavo","family":"Moreno Rojas","sequence":"additional","affiliation":[],"role":[{"vocabulary":"crossref","role":"author"}]},{"name":"Universidad Cooperativa de Colombia","sequence":"additional","affiliation":[],"role":[{"vocabulary":"crossref","role":"author"}]}],"member":"6711","published-online":{"date-parts":[[2021,4,1]]},"deposited":{"date-parts":[[2021,12,7]],"date-time":"2021-12-07T15:41:03Z","timestamp":1638891663000},"score":0.0,"resource":{"primary":{"URL":"https:\/\/ediciones.ucc.edu.co\/index.php\/ucc\/catalog\/book\/255"}},"editor":[{"name":"Universidad Cooperativa de Colombia","sequence":"first","affiliation":[],"role":[{"vocabulary":"crossref","role":"editor"}]},{"given":"Anabela","family":"Villa Saavedra","sequence":"first","affiliation":[],"role":[{"vocabulary":"crossref","role":"editor"}]}],"issued":{"date-parts":[[2021,4,1]]},"ISBN":["9789587603163"],"references-count":0,"URL":"https:\/\/doi.org\/10.16925\/9789587603163","published":{"date-parts":[[2021,4,1]]}},{"indexed":{"date-parts":[[2026,8,31]],"date-time":"2026-08-31T18:47:13Z","timestamp":1788202033355,"version":"build-2803163510"},"reference-count":0,"publisher":"Universidad Cooperativa de Colombia- UCC","issue":"1","license":[{"start":{"date-parts":[[2022,1,11]],"date-time":"2022-01-11T00:00:00Z","timestamp":1641859200000},"content-version":"unspecified","delay-in-days":0,"URL":"http:\/\/creativecommons.org\/licenses\/by-nc-nd\/4.0\/"}],"content-domain":{"domain":[],"crossmark-restriction":false},"short-container-title":["ing. Solidar"],"abstract":"<jats:p>Este es un art\u00edculo de revisi\u00f3n de literatura, donde se consultaron las siguientes bases de datos: Google Scholar, EBSCO, IEEE Explore y ScienceDirect, obteni\u00e9ndose un total de 100 coincidencias de b\u00fasqueda, con el objetivo de determinar la factibilidad que involucra la implementaci\u00f3n de un sistema ERP en PYMES. De estos art\u00edculos encontrados se realiz\u00f3 un filtro teniendo en cuenta una serie de criterios, quedando un total de 61 art\u00edculos, de los cuales a los que abordaban alg\u00fan tipo de sistemas ERP, se le analizaron factores como: costos, tiempo de implantaci\u00f3n, flexibilidad y adaptabilidad. Con base a los resultados encontrados se pudo determinar teniendo presente tambi\u00e9n puntos de vista de varios autores, que el sistema tecnol\u00f3gico que m\u00e1s le conviene a las PYMES en Am\u00e9rica Latina, es el sistema Open ERP ODOO que sea gestionado por la nube, ya que permite ahorrar dinero, tiempo en la implementaci\u00f3n y se puede ajustar a las necesidades de la empresa.<\/jats:p>","DOI":"10.16925\/2357-6014.2022.01.01","type":"journal-article","created":{"date-parts":[[2022,7,18]],"date-time":"2022-07-18T21:34:10Z","timestamp":1658180050000},"page":"1-24","source":"Crossref","is-referenced-by-count":2,"title":["sistema ERP para las pyme en Am\u00e9rica Latina"],"prefix":"10.16925","volume":"18","author":[{"given":"Jhon","family":"Mu\u00f1oz Ruano","sequence":"first","affiliation":[],"role":[{"vocabulary":"crossref","role":"author"}]},{"given":"Juan Manuel","family":"Segura","sequence":"additional","affiliation":[],"role":[{"vocabulary":"crossref","role":"author"}]},{"given":"Jaime Humberto","family":"Mendoza","sequence":"additional","affiliation":[],"role":[{"vocabulary":"crossref","role":"author"}]}],"member":"6711","published-online":{"date-parts":[[2022,1,11]]},"container-title":["Ingenier\u00eda Solidaria"],"link":[{"URL":"https:\/\/revistas.ucc.edu.co\/index.php\/in\/article\/download\/4128\/3335","content-type":"application\/pdf","content-version":"vor","intended-application":"text-mining"},{"URL":"https:\/\/revistas.ucc.edu.co\/index.php\/in\/article\/download\/4128\/3335","content-type":"unspecified","content-version":"vor","intended-application":"similarity-checking"}],"deposited":{"date-parts":[[2022,7,18]],"date-time":"2022-07-18T21:34:10Z","timestamp":1658180050000},"score":0.0,"resource":{"primary":{"URL":"https:\/\/revistas.ucc.edu.co\/index.php\/in\/article\/view\/4128"}},"subtitle":["Revisi\u00f3n de literatura"],"issued":{"date-parts":[[2022,1,11]]},"references-count":0,"journal-issue":{"issue":"1","published-online":{"date-parts":[[2022,6,3]]}},"URL":"https:\/\/doi.org\/10.16925\/2357-6014.2022.01.01","ISSN":["2357-6014","1900-3102"],"issn-type":[{"value":"2357-6014","type":"electronic"},{"value":"1900-3102","type":"print"}],"published":{"date-parts":[[2022,1,11]]}},{"indexed":{"date-parts":[[2025,5,17]],"date-time":"2025-05-17T04:11:39Z","timestamp":1747455099725,"version":"3.40.5"},"edition-number":"1","reference-count":0,"publisher":"Ediciones Universidad Cooperativa de Colombia","isbn-type":[{"value":"9789587605556","type":"print"}],"content-domain":{"domain":[],"crossmark-restriction":false},"published-print":{"date-parts":[[2025,3,20]]},"abstract":"<jats:p>La de Diana es una palabra que no podr\u00eda ser un susurro, un secreto, un disimulo, sino el sonido de la indignaci\u00f3n, la rabia, el dolor, la muerte. El mundo se desdobla en estos poemas y aparecen atisbos de su belleza, pero la herida es inmensa y la belleza no alcanza para nombrarla. La palabra se hace morada de lo innombrable, de la cicatriz que, con solo rosar, comienza de nuevo a cubrirlo todo con su duelo infinito. En estos poemas habita el fantasma de quien se ha ido, de aquel que se llevaron a la fuerza y nunca pudo regresar, del que se espera en puertas que ya no existen. La escritura de estos poemas est\u00e1 parada sobre una ausencia que agrieta todo el edificio de las palabras. A la grieta le crecen plantas, enredaderas, flores que sostienen los fragmentos, que evitan que el edificio se caiga a pedazos; las palabras se convierten en agujas que toman el lugar de la memoria, para que los recuerdos no se pierdan entre la bruma del presente.DIANA PAOLA GUZM\u00c1N M\u00c9NDEZJARDINES COLGANTES Y OTROS DIARIOS DE LECTURA<\/jats:p>","DOI":"10.16925\/9789587605556","type":"edited-book","created":{"date-parts":[[2025,5,16]],"date-time":"2025-05-16T16:43:28Z","timestamp":1747413808000},"source":"Crossref","is-referenced-by-count":0,"title":["Jardines colgantes y otros diarios de lectura"],"prefix":"10.16925","author":[{"given":"Diana Paola","family":"G\u00f3mez M\u00e9ndez","sequence":"first","affiliation":[],"role":[{"role":"author","vocabulary":"crossref"}]}],"member":"6711","published-online":{"date-parts":[[2025,3,20]]},"deposited":{"date-parts":[[2025,5,16]],"date-time":"2025-05-16T16:43:28Z","timestamp":1747413808000},"score":0.0,"resource":{"primary":{"URL":"https:\/\/ediciones.ucc.edu.co\/index.php\/ucc\/catalog\/book\/458"}},"issued":{"date-parts":[[2025,3,20]]},"ISBN":["9789587605556"],"references-count":0,"URL":"https:\/\/doi.org\/10.16925\/9789587605556","published":{"date-parts":[[2025,3,20]]}},{"indexed":{"date-parts":[[2023,10,3]],"date-time":"2023-10-03T10:14:42Z","timestamp":1696328082750},"reference-count":37,"publisher":"Universidad Cooperativa de Colombia- UCC","issue":"30","content-domain":{"domain":[],"crossmark-restriction":false},"short-container-title":["Dixi"],"abstract":"<jats:p>Objetivo:\u00a0el\u00a0prop\u00f3sito de esta investigaci\u00f3n es realizar un estudio interdisciplinario sobre el marco jur\u00eddico, doctrinal y jurisprudencial de los sistemas de valoraci\u00f3n y los est\u00e1ndares de prueba en el derecho procesal colombiano, con el fin de determinar su aplicaci\u00f3n por parte de los jueces al momento de fallar.\u00a0\u00a0 Metodolog\u00eda:\u00a0el\u00a0desarrollo de la presente propuesta est\u00e1 enmarcada en el tipo de investigaci\u00f3n jur\u00eddica toda vez que pretende, a partir de un estudio normativo e interdisciplinario (derecho procesal), revisar\u00a0el tema de los sistemas de valoraci\u00f3n y\u00a0el\u00a0est\u00e1ndar de prueba.\u00a0As\u00ed\u00a0mismo, est\u00e1 cimentada en el m\u00e9todo deductivo y anal\u00edtico-descriptivo; por \u00faltimo, la t\u00e9cnica aplicada es la documental bibliogr\u00e1fica.\u00a0\u00a0 Resultados y conclusiones:\u00a0primero:\u00a0en\u00a0la actualidad, el\u00a0derecho procesal probatorio est\u00e1 cimentado en\u00a0\u201cla sana cr\u00edtica\u201d\u00a0como sistema de valoraci\u00f3n de la prueba;\u00a0segundo:\u00a0en\u00a0Colombia, el\u00a0derecho probatorio penal, en el art\u00edculo 381\u00a0cpp, enuncia el est\u00e1ndar de prueba, consistente en el\u00a0\u201cconocimiento m\u00e1s all\u00e1 de toda duda\u201d;\u00a0tercero:\u00a0el derecho procesal en materia probatoria no desarroll\u00f3 los elementos de la sana cr\u00edtica, ni los est\u00e1ndares de prueba a aplicar, los cuales son normas vac\u00edas que requieren ser llenadas a trav\u00e9s de la doctrina y\u00a0la\u00a0jurisprudencia.\u00a0<\/jats:p>","DOI":"10.16925\/2357-5891.2019.02.01","type":"journal-article","created":{"date-parts":[[2020,6,8]],"date-time":"2020-06-08T21:02:22Z","timestamp":1591650142000},"page":"1-49","source":"Crossref","is-referenced-by-count":1,"title":["Estudio interdisciplinario sobre los Sistemas de Valoraci\u00f3n y Est\u00e1ndares Probatorios en el derecho procesal colombiano"],"prefix":"10.16925","volume":"21","author":[{"given":"Francisco Javier","family":"Rivera-Olarte","sequence":"first","affiliation":[],"role":[{"role":"author","vocabulary":"crossref"}]},{"given":"Lina Fernanda","family":"Rojas-Quinay\u00e1","sequence":"additional","affiliation":[],"role":[{"role":"author","vocabulary":"crossref"}]}],"member":"6711","published-online":{"date-parts":[[2020,1,10]]},"reference":[{"key":"80024","unstructured":"Ana Giacomette Ferre. Para lograr la tutela jurisdiccional efectiva en la prueba en los procesos constitucionales. 2.\u00aa edici\u00f3n. Se\u00f1al Editorial y Ediciones Uniandes. (2009)."},{"key":"80025","doi-asserted-by":"crossref","unstructured":"Ana Mar\u00eda L\u00f3pez Pinilla. Est\u00e1ndar de la prueba y defensas afirmativas en el proceso penal. An\u00e1lisis con referencia al caso colombiano y espa\u00f1ol. Nuevo Foro Penal 86. Enero-junio 2016. P\u00e1g. 151.","DOI":"10.17230\/nfp.12.86.4"},{"key":"80026","doi-asserted-by":"crossref","unstructured":"Carmen V\u00e1squez. Est\u00e1ndares de prueba y prueba cient\u00edfica. Ensayos de epistemolog\u00eda jur\u00eddica. Marcial Pons. (2013).","DOI":"10.2307\/jj.2322011"},{"key":"80027","doi-asserted-by":"crossref","unstructured":"Daniela Accatino. Certezas, dudas y propuestas en torno a est\u00e1ndar de prueba penal. Revista de Derecho de la Pontificia Universidad Cat\u00f3lica de Valpara\u00edso 48. 2011.","DOI":"10.4067\/S0718-68512011000200012"},{"key":"#cr-split#-80028.1","unstructured":"Decreto 2158 de 1948. Por medio del cual se expide el C\u00f3digo Procesal del Trabajo y de la Seguridad Social sobre procedimientos en los juicios de trabajo. Julio 24 de 1948. do 26773"},{"key":"#cr-split#-80028.2","unstructured":"modificado por la Ley 712 de 2001, del 8 de diciembre de 2001. do 44. 680."},{"key":"80029","unstructured":"Decreto-Ley 2158 de 1948. Por medio del cual se expide el C\u00f3digo Procesal del Trabajo y la Seguridad Social. Modificado por la Ley 712 de 2001. Diciembre 8 de 2001. do 44.640."},{"key":"80030","unstructured":"Eduardo J. Couture. Fundamentos del derecho procesal civil. 3.\u00aa edici\u00f3n. Roque Depalma Editores. (1958)."},{"key":"80031","unstructured":"Eduardo J. Couture. Estudios del derecho procesal civil. Tomo II. 2.\u00aa edici\u00f3n. Ediciones Depalma. (1978)."},{"key":"80032","unstructured":"Enrique V\u00e9scovi, Teor\u00eda general del proceso. 2.a edici\u00f3n. Editorial Temis. (2006)."},{"key":"80033","unstructured":"Gabriel Real Ferrer. La solidaridad en el Derecho Administrativo. Revista de Administraci\u00f3n P\u00fablica 161. Mayo-agosto 2003. P\u00e1g. 123."},{"key":"80034","unstructured":"Hern\u00e1n Fabio L\u00f3pez Blanco. C\u00f3digo general del proceso. Pruebas. dupre Editores. Ltda. (2017)."},{"key":"80035","unstructured":"Hernando Devis Echand\u00eda. Teor\u00eda general de la prueba pericial. Biblioteca Jur\u00eddica Dik\u00e9. (1987)."},{"key":"80036","unstructured":"Hernando Devis Echand\u00eda. Compendio de la prueba judicial. Tomo I. Rubinzal-Culzoni Editores. (2000)."},{"key":"80037","unstructured":"Jaime Azula Camacho. Manual de derecho procesal. Tomo VI. Pruebas judiciales. 4.a edici\u00f3n. Editorial Temis. (2017)."},{"key":"80038","unstructured":"Jairo Iv\u00e1n Pe\u00f1a Ayazo. Prueba judicial: an\u00e1lisis y valorizaci\u00f3n. Consejo Superior de la Judicatura Escuela Judicial Rodrigo Lara Bonilla. (2008)."},{"key":"80039","unstructured":"Jairo Parra Quijano. Manual de derecho probatorio. 10.\u00aa edici\u00f3n ampliada y actualizada. Librer\u00eda Ediciones del Profesional Ltda. (1999)."},{"key":"80040","unstructured":"Jairo Parra Quijano. Manual de derecho probatorio. 18.a edici\u00f3n. Librer\u00eda Ediciones del Profesional Ltda. (2011)."},{"key":"80041","unstructured":"Jairo Parra Quijano. Razonamiento judicial en materia probatoria. Biblioteca Jur\u00eddica Virtual del Instituto de Investigaciones Jur\u00eddicas de la unam. (s. f.)."},{"key":"80042","unstructured":"Juan Linares San Rom\u00e1n. La valoraci\u00f3n de la prueba. Blog Derecho y Cambio Social. (s. f.). Disponible en: http:\/\/www.derechoycambiosocial.com\/revista013\/laprueba.htm."},{"key":"80043","unstructured":"Jorge Cardozo Isaza. Pruebas judiciales. 4.\u00aa edici\u00f3n. Ediciones Librer\u00eda del Profesional. (1982)."},{"key":"80044","doi-asserted-by":"crossref","unstructured":"Jorge Larroucau Torres. Hacia un est\u00e1ndar de prueba civil. Revista Chilena de Derecho 3. Diciembre 2012.","DOI":"10.4067\/S0718-34372012000300008"},{"key":"80045","doi-asserted-by":"crossref","unstructured":"Larry Laudan. Verdad, error y proceso penal. Marcial Pons. (2013).","DOI":"10.2307\/jj.2321936"},{"key":"80046","unstructured":"Leonel Gustavo C\u00e1ceres. El falso raciocinio, quebrantamiento de la sana cr\u00edtica. Ediciones Jur\u00eddicas Gustavo Ib\u00e1\u00f1ez Ltda. (2005)."},{"key":"80047","unstructured":"Marina Gasc\u00f3n Abell\u00e1n. Prueba judicial: valoraci\u00f3n racional y motivaci\u00f3n. Universidad de Castilla-La Mancha. (2012). Disponible en: http:\/\/www.uclm.es\/posgrado.derecho\/02\/web\/materiales\/filosofia\/Prueba.pdf"},{"key":"80048","doi-asserted-by":"crossref","unstructured":"Michele Taruffo. Algunas consideraciones sobre la relaci\u00f3n entre prueba y verdad. La prueba. Editorial Metropolitana. (2008). Disponible en: http:\/\/letrujil.files.wordpress.com\/2012\/01\/la-prueba-michele-taruffo.pdf","DOI":"10.2307\/jj.2321982"},{"key":"80049","unstructured":"Nadia Paz Jara Astudillo y Cristi\u00e1n Andr\u00e9s Vigneaux Ram\u00edrez. Est\u00e1ndar de prueba en el proceso civil. Estudio sobre los tipos de est\u00e1ndar de prueba y su necesidad en el futuro proceso civil chileno. Trabajo de grado. Universidad de Chile. (2017)."},{"key":"80050","unstructured":"Natalia Vallejo Montoya, et al. Aplicacion del Est\u00e1ndar de Prueba por los Jueces Promiscuos. Universidad Eafit. (2019). Disponible en http:\/\/www.eafit.edu.co\/investigacion\/semilleros\/Documents\/estandar-prueba-jueces.pdf"},{"key":"80051","unstructured":"Ley 906 de 2004. Por medio de la cual se expide el C\u00f3digo de Procedimiento Penal. Septiembre 1 de 2004. do 45.658."},{"key":"80052","unstructured":"Ley 1448 de 2011. Por medio de la cual se dictan medidas de atenci\u00f3n, asistencia, y reparaci\u00f3n integral a las v\u00edctimas del conflicto armado interno. Junio 10 de 2011. do 48.096."},{"key":"80053","unstructured":"Ley 1437 de 2011. Por la cual se expide el C\u00f3digo de Procedimiento Administrativo y de lo Contencioso Administrativo. Julio 2 de 2011. do 47.956."},{"key":"80054","unstructured":"Ley 1564 de 2012. Por medio de la cual se expide el C\u00f3digo General del Proceso. Julio 12 de 2012. do 48.489."},{"key":"80055","unstructured":"Lucero Ocampo Henao y Johana Catalina Restrepo Ram\u00edrez. El est\u00e1ndar de prueba en los procesos administrativos sancionatorios. Maestr\u00eda en Derecho Procesal, Universidad de Medell\u00edn-Universidad Cat\u00f3lica del Oriente. (2018)."},{"key":"80056","unstructured":"\u00d3scar Eduardo Henao Carrasquilla. C\u00f3digo general del proceso. Anotado. Editorial Leyer. (2017)."},{"key":"80057","unstructured":"Real Academia Espa\u00f1ola. Diccionario de la lengua espa\u00f1ola. 23.a edici\u00f3n. rae. (2010)."},{"key":"80058","unstructured":"Roberto van Hasselt Garrido. El est\u00e1ndar de prueba en materia infraccional. An\u00e1lisis jurisprudencial. Centro de Estudios Tributarios Universidad de Chile. (2015)."},{"key":"80059","unstructured":"\u200bUgo Rocco. Tratado de derecho procesal civil. Tomo I. Editorial Depalma. (1996)."}],"container-title":["DIXI"],"link":[{"URL":"https:\/\/revistas.ucc.edu.co\/index.php\/di\/article\/download\/3335\/2940","content-type":"application\/pdf","content-version":"vor","intended-application":"text-mining"},{"URL":"https:\/\/revistas.ucc.edu.co\/index.php\/di\/article\/download\/3335\/2940","content-type":"unspecified","content-version":"vor","intended-application":"similarity-checking"}],"deposited":{"date-parts":[[2023,10,2]],"date-time":"2023-10-02T04:18:51Z","timestamp":1696220331000},"score":0.0,"resource":{"primary":{"URL":"https:\/\/revistas.ucc.edu.co\/index.php\/di\/article\/view\/3335"}},"issued":{"date-parts":[[2020,1,10]]},"references-count":37,"journal-issue":{"issue":"30","published-online":{"date-parts":[[2020,5,27]]}},"URL":"https:\/\/doi.org\/10.16925\/2357-5891.2019.02.01","ISSN":["2357-5891","0124-7255"],"issn-type":[{"value":"2357-5891","type":"electronic"},{"value":"0124-7255","type":"print"}],"published":{"date-parts":[[2020,1,10]]}},{"indexed":{"date-parts":[[2025,2,21]],"date-time":"2025-02-21T01:01:28Z","timestamp":1740099688161,"version":"3.37.3"},"edition-number":"1","reference-count":0,"publisher":"Ediciones Universidad Cooperativa de Colombia","isbn-type":[{"type":"print","value":"9789587602302"}],"content-domain":{"domain":[],"crossmark-restriction":false},"published-print":{"date-parts":[[2020,5,1]]},"DOI":"10.16925\/9789587602302","type":"edited-book","created":{"date-parts":[[2020,9,2]],"date-time":"2020-09-02T19:34:32Z","timestamp":1599075272000},"source":"Crossref","is-referenced-by-count":0,"title":["El ADN de la paz con enfoque territorial en tres municipios del Magdalena Medio"],"prefix":"10.16925","author":[{"name":"Universidad Cooperativa de Colombia","sequence":"first","affiliation":[],"role":[{"role":"author","vocabulary":"crossref"}]},{"ORCID":"https:\/\/orcid.org\/0000-0003-1458-6770","authenticated-orcid":false,"given":"Wilson Miguel","family":"Salas Pic\u00f3n","sequence":"first","affiliation":[],"role":[{"role":"author","vocabulary":"crossref"}]},{"ORCID":"https:\/\/orcid.org\/0000-0001-6464-5877","authenticated-orcid":false,"given":"Elsa Beatriz","family":"Valenzuela Bonilla","sequence":"additional","affiliation":[],"role":[{"role":"author","vocabulary":"crossref"}]},{"name":"Universidad Cooperativa de Colombia","sequence":"additional","affiliation":[],"role":[{"role":"author","vocabulary":"crossref"}]},{"ORCID":"https:\/\/orcid.org\/0000-0002-3917-4329","authenticated-orcid":false,"given":"Dora Beatriz","family":"Bilbao Fuentes","sequence":"additional","affiliation":[],"role":[{"role":"author","vocabulary":"crossref"}]},{"name":"Universidad Cooperativa de Colombia","sequence":"additional","affiliation":[],"role":[{"role":"author","vocabulary":"crossref"}]},{"ORCID":"https:\/\/orcid.org\/0000-0002-9222-5586","authenticated-orcid":false,"given":"Julio C\u00e9sar","family":"Moreno Correa","sequence":"additional","affiliation":[],"role":[{"role":"author","vocabulary":"crossref"}]},{"name":"Universidad Cooperativa de Colombia","sequence":"additional","affiliation":[],"role":[{"role":"author","vocabulary":"crossref"}]},{"ORCID":"https:\/\/orcid.org\/0000-0002-7326-4256","authenticated-orcid":false,"given":"Alberto","family":"Prada Galvis","sequence":"additional","affiliation":[],"role":[{"role":"author","vocabulary":"crossref"}]},{"name":"Universidad Cooperativa de Colombia","sequence":"additional","affiliation":[],"role":[{"role":"author","vocabulary":"crossref"}]}],"member":"6711","published-online":{"date-parts":[[2020,5,1]]},"deposited":{"date-parts":[[2020,9,2]],"date-time":"2020-09-02T19:34:32Z","timestamp":1599075272000},"score":0.0,"resource":{"primary":{"URL":"https:\/\/ediciones.ucc.edu.co\/index.php\/ucc\/catalog\/book\/163"}},"issued":{"date-parts":[[2020,5,1]]},"ISBN":["9789587602302"],"references-count":0,"URL":"https:\/\/doi.org\/10.16925\/9789587602302","published":{"date-parts":[[2020,5,1]]}},{"indexed":{"date-parts":[[2022,3,31]],"date-time":"2022-03-31T19:47:02Z","timestamp":1648756022159},"reference-count":0,"publisher":"Universidad Cooperativa de Colombia- UCC","issue":"25","license":[{"start":{"date-parts":[[2017,6,13]],"date-time":"2017-06-13T00:00:00Z","timestamp":1497312000000},"content-version":"unspecified","delay-in-days":0,"URL":"http:\/\/creativecommons.org\/licenses\/by-nc-nd\/4.0"}],"content-domain":{"domain":[],"crossmark-restriction":false},"short-container-title":["Rev. nac. odontol."],"abstract":"<jats:p>The aims of this study were to assess children's dental fear by using a projective technique CDFP (Children\u2019s dental fear picture test). 40 patients from a pediatric dental clinic, between 5-9 years old, took part in this study. At first, the CDFP was applied to the children. This method has three subtests and its overall assessment classifies children as \"fearful, non fearful and uncertain\". The children answered the CFSS-DS (Children Fear Survey Schedule\u2013Dental Subscale). The results showed that CDFP has inter-examiner reliability and a significant correlation with the CFSS-DS was observed.<\/jats:p>","DOI":"10.16925\/od.v13i25.1705","type":"journal-article","created":{"date-parts":[[2019,4,9]],"date-time":"2019-04-09T20:31:45Z","timestamp":1554841905000},"source":"Crossref","is-referenced-by-count":0,"title":["Application of a projective method for the assessment of children\u2019s dental fear"],"prefix":"10.16925","volume":"13","author":[{"given":"Alessandra Maia","family":"Castro","sequence":"first","affiliation":[],"role":[{"role":"author","vocabulary":"crossref"}]},{"given":"Denise Ascen\u00e7\u00e3o","family":"Klatchoian","sequence":"first","affiliation":[],"role":[{"role":"author","vocabulary":"crossref"}]},{"given":"Marcelle","family":"Danelon","sequence":"first","affiliation":[],"role":[{"role":"author","vocabulary":"crossref"}]},{"given":"Luhana Santos","family":"Gonzales  Garcia","sequence":"first","affiliation":[],"role":[{"role":"author","vocabulary":"crossref"}]},{"given":"C\u00e9lio","family":"Percinoto","sequence":"first","affiliation":[],"role":[{"role":"author","vocabulary":"crossref"}]}],"member":"6711","published-online":{"date-parts":[[2017,6,13]]},"container-title":["Revista Nacional de Odontolog\u00eda"],"link":[{"URL":"https:\/\/revistas.ucc.edu.co\/index.php\/od\/article\/download\/1705\/1961","content-type":"application\/pdf","content-version":"vor","intended-application":"text-mining"},{"URL":"https:\/\/revistas.ucc.edu.co\/index.php\/od\/article\/download\/1705\/1961","content-type":"unspecified","content-version":"vor","intended-application":"similarity-checking"}],"deposited":{"date-parts":[[2019,4,9]],"date-time":"2019-04-09T20:31:50Z","timestamp":1554841910000},"score":0.0,"resource":{"primary":{"URL":"https:\/\/revistas.ucc.edu.co\/index.php\/od\/article\/view\/1705"}},"issued":{"date-parts":[[2017,6,13]]},"references-count":0,"journal-issue":{"issue":"25","published-online":{"date-parts":[[2017,6,13]]}},"URL":"https:\/\/doi.org\/10.16925\/od.v13i25.1705","ISSN":["2357-4607","1900-3080"],"issn-type":[{"value":"2357-4607","type":"electronic"},{"value":"1900-3080","type":"print"}],"published":{"date-parts":[[2017,6,13]]}},{"indexed":{"date-parts":[[2025,6,9]],"date-time":"2025-06-09T04:10:07Z","timestamp":1749442207627,"version":"3.41.0"},"reference-count":0,"publisher":"Universidad Cooperativa de Colombia - UCC","issue":"1","content-domain":{"domain":[],"crossmark-restriction":false},"short-container-title":["Dixi"],"abstract":"<jats:p>El  trabajo  de  investigaci\u00f3n  sobre  la  acci\u00f3n  de  reparaci\u00f3n  en  el  complejo  marco  de  la  responsabilidad  civil  colombiana  toma  un  estudio  de  caso  para  analizar  y  profundizar  en  la  evoluci\u00f3n  de  la  protecci\u00f3n  del  llama-do  d\u00e9bil  en  la  estructura  de  la  carga  din\u00e1mica  de  la  prueba  en  Colombia.  El  caso  en  concreto  fue  fallado  en  2016, despu\u00e9s de un proceso que se hab\u00eda iniciado en 2007, situaci\u00f3n que afect\u00f3 a todo un grupo familiar. La jurisprudencia  colombiana  y  sus  operadores  de  justicia  son  cada  vez  m\u00e1s  garantes  de  la  dignidad  humana.  En el caso concreto, a pesar de las dilaciones de tiempo, se hizo justicia y el asunto se resolvi\u00f3 con equidad. La  Constituci\u00f3n  colombiana  se  basa  en  la  dignidad  humana,  ya  que  somos  un  Estado  social  de  derecho.  La  funci\u00f3n del Estado, entre otros aspectos, es velar por la calidad de vida de sus asociados.<\/jats:p>","DOI":"10.16925\/2357-5891.2025.01.08","type":"journal-article","created":{"date-parts":[[2025,6,9]],"date-time":"2025-06-09T03:44:33Z","timestamp":1749440673000},"page":"1-23","source":"Crossref","is-referenced-by-count":0,"title":["Acci\u00f3n de reparaci\u00f3n directa: estudio de caso"],"prefix":"10.16925","volume":"27","author":[{"name":"Fundaci\u00f3n  Universitaria  del  \u00c1rea  Andina","sequence":"first","affiliation":[],"role":[{"role":"author","vocabulary":"crossref"}]},{"ORCID":"https:\/\/orcid.org\/0000-0001-5816-8664","authenticated-orcid":false,"given":"Viviana","family":"Gal\u00e1n Camargo","sequence":"first","affiliation":[],"role":[{"role":"author","vocabulary":"crossref"}]}],"member":"6711","published-online":{"date-parts":[[2024,12,2]]},"container-title":["Dixi"],"deposited":{"date-parts":[[2025,6,9]],"date-time":"2025-06-09T03:44:37Z","timestamp":1749440677000},"score":0.0,"resource":{"primary":{"URL":"https:\/\/revistas.ucc.edu.co\/index.php\/di\/article\/view\/5191\/"}},"issued":{"date-parts":[[2024,12,2]]},"references-count":0,"journal-issue":{"issue":"1","published-online":{"date-parts":[[2024,12,2]]}},"URL":"https:\/\/doi.org\/10.16925\/2357-5891.2025.01.08","ISSN":["2357-5891"],"issn-type":[{"value":"2357-5891","type":"electronic"}],"published":{"date-parts":[[2024,12,2]]}},{"indexed":{"date-parts":[[2024,8,6]],"date-time":"2024-08-06T18:52:51Z","timestamp":1722970371048},"reference-count":0,"publisher":"Ediciones Universidad Cooperativa de Colombia","content-domain":{"domain":[],"crossmark-restriction":false},"abstract":"<jats:p>Esta gu\u00eda pr\u00e1ctica de clase expondr\u00e1 todos los pasos para el desarrollo de un presupuesto de utilidad bruta. Tiene como finalidad abordar los diferentes conceptos y procedimientos presupuestales con el \u00e1nimo de que los estudiantes pongan en pr\u00e1ctica lo aprendido durante el desarrollo del curso de Elaboraci\u00f3n de Presupuesto. En una primera parte se desarrollar\u00e1n los principales conceptos relacionados con costos. All\u00ed se abordar\u00e1n definiciones de conceptos como materia prima, mano de obra directa, costos indirectos de fabricaci\u00f3n y presupuesto. Posteriormente, se detallar\u00e1n todos los procedimientos con sus respectivas tablas para realizar cada una de las c\u00e9dulas presupuestarias para la vigencia de un a\u00f1o, incluyendo cada una de las f\u00f3rmulas para su desarrollo. Con esto se busca que los estudiantes del curso de Elaboraci\u00f3n de Presupuesto de la Universidad Cooperativa de Colombia desarrollen las competencias del Hacer, que busca c\u00f3mo realizar un presupuesto de compras, ventas, inventarios, costos de producci\u00f3n y de utilidad bruta.<\/jats:p>","DOI":"10.16925\/gcgp.66","type":"report","created":{"date-parts":[[2023,2,15]],"date-time":"2023-02-15T21:04:20Z","timestamp":1676495060000},"source":"Crossref","is-referenced-by-count":0,"title":["Elaboraci\u00f3n del presupuesto de utilidad bruta"],"prefix":"10.16925","author":[{"name":"Universidad Cooperativa de Colombia","sequence":"first","affiliation":[],"role":[{"role":"author","vocabulary":"crossref"}]},{"given":"Luis Enrique","family":"Venera Cruz","sequence":"first","affiliation":[],"role":[{"role":"author","vocabulary":"crossref"}]},{"given":"Carlos Enrique","family":"Escalante P\u00e9rez","sequence":"additional","affiliation":[],"role":[{"role":"author","vocabulary":"crossref"}]}],"member":"6711","published-online":{"date-parts":[[2022,12]]},"deposited":{"date-parts":[[2023,2,15]],"date-time":"2023-02-15T21:04:22Z","timestamp":1676495062000},"score":0.0,"resource":{"primary":{"URL":"https:\/\/repository.ucc.edu.co\/items\/4f5ca0dc-79a2-4532-9b97-c00c6ed6727e"}},"issued":{"date-parts":[[2022,12]]},"references-count":0,"URL":"https:\/\/doi.org\/10.16925\/gcgp.66","published":{"date-parts":[[2022,12]]}},{"indexed":{"date-parts":[[2023,6,20]],"date-time":"2023-06-20T23:07:34Z","timestamp":1687302454392},"reference-count":0,"publisher":"Ediciones Universidad Cooperativa de Colombia","content-domain":{"domain":[],"crossmark-restriction":false},"abstract":"<jats:p>La intenci\u00f3n del texto es ofrecer una gu\u00eda pr\u00e1ctica de aprendizaje frente a la comprensi\u00f3n de aspectos clave de la ingenier\u00eda econ\u00f3mica, a trav\u00e9s de algunos ejemplos y ejercicios. De ah\u00ed que el documento est\u00e9 organizado en tres secciones: la primera relacionada con la pregunta \u00bfqu\u00e9 se entiende por ingenier\u00eda econ\u00f3mica y cu\u00e1l es su utilidad?; la segunda orientada a establecer los aspectos generales de la ingenier\u00eda econ\u00f3mica; y la \u00faltima enfocada en los usos y las aplicaciones de la disciplina de la ingenier\u00eda econ\u00f3mica en relaci\u00f3n con la toma de decisiones empresariales.<\/jats:p>","DOI":"10.16925\/gcgp.72","type":"report","created":{"date-parts":[[2023,5,30]],"date-time":"2023-05-30T16:09:39Z","timestamp":1685462979000},"source":"Crossref","is-referenced-by-count":0,"title":["Aspectos b\u00e1sicos de ingenier\u00eda econ\u00f3mica"],"prefix":"10.16925","author":[{"given":"Luis Eduardo","family":"Rey Huertas","sequence":"first","affiliation":[],"role":[{"role":"author","vocabulary":"crossref"}]},{"name":"Universidad Cooperativa de Colombia","sequence":"first","affiliation":[],"role":[{"role":"author","vocabulary":"crossref"}]},{"given":"Vivian Carolina","family":"Moreno Sierra","sequence":"additional","affiliation":[],"role":[{"role":"author","vocabulary":"crossref"}]}],"member":"6711","published-online":{"date-parts":[[2022,12]]},"deposited":{"date-parts":[[2023,5,30]],"date-time":"2023-05-30T16:09:44Z","timestamp":1685462984000},"score":0.0,"resource":{"primary":{"URL":"https:\/\/repository.ucc.edu.co\/items\/05bb74b7-949b-4bc1-8d26-0fc8993b5522"}},"issued":{"date-parts":[[2022,12]]},"references-count":0,"URL":"https:\/\/doi.org\/10.16925\/gcgp.72","published":{"date-parts":[[2022,12]]}},{"indexed":{"date-parts":[[2022,4,5]],"date-time":"2022-04-05T19:41:59Z","timestamp":1649187719264},"reference-count":0,"publisher":"Universidad Cooperativa de Colombia- UCC","issue":"17","license":[{"start":{"date-parts":[[2013,12,30]],"date-time":"2013-12-30T00:00:00Z","timestamp":1388361600000},"content-version":"unspecified","delay-in-days":0,"URL":"https:\/\/creativecommons.org\/licenses\/by-nc-nd\/4.0"}],"content-domain":{"domain":[],"crossmark-restriction":false},"short-container-title":["Rev. nac. odontol."],"DOI":"10.16925\/od.v9i17.549","type":"journal-article","created":{"date-parts":[[2016,6,15]],"date-time":"2016-06-15T19:48:31Z","timestamp":1466020111000},"page":"5","source":"Crossref","is-referenced-by-count":1,"title":["Editorial"],"prefix":"10.16925","volume":"9","author":[{"given":"Emilia Mar\u00eda","family":"Ochoa Acosta","sequence":"first","affiliation":[],"role":[{"role":"author","vocabulary":"crossref"}]}],"member":"6711","published-online":{"date-parts":[[2013,12,30]]},"container-title":["Revista Nacional de Odontolog\u00eda"],"link":[{"URL":"https:\/\/revistas.ucc.edu.co\/index.php\/od\/article\/download\/549\/521","content-type":"application\/pdf","content-version":"vor","intended-application":"text-mining"},{"URL":"https:\/\/revistas.ucc.edu.co\/index.php\/od\/article\/download\/549\/521","content-type":"unspecified","content-version":"vor","intended-application":"similarity-checking"}],"deposited":{"date-parts":[[2020,8,29]],"date-time":"2020-08-29T08:42:40Z","timestamp":1598690560000},"score":0.0,"resource":{"primary":{"URL":"https:\/\/revistas.ucc.edu.co\/index.php\/od\/article\/view\/549"}},"issued":{"date-parts":[[2013,12,30]]},"references-count":0,"journal-issue":{"issue":"17","published-online":{"date-parts":[[2013,12,30]]}},"URL":"https:\/\/doi.org\/10.16925\/od.v9i17.549","ISSN":["2357-4607","1900-3080"],"issn-type":[{"value":"2357-4607","type":"electronic"},{"value":"1900-3080","type":"print"}],"published":{"date-parts":[[2013,12,30]]}},{"indexed":{"date-parts":[[2022,4,5]],"date-time":"2022-04-05T23:25:30Z","timestamp":1649201130450},"reference-count":0,"publisher":"Universidad Cooperativa de Colombia- UCC","issue":"21","content-domain":{"domain":[],"crossmark-restriction":false},"short-container-title":["Revista Memorias"],"DOI":"10.16925\/me.v12i21.876","type":"journal-article","created":{"date-parts":[[2015,2,10]],"date-time":"2015-02-10T15:28:11Z","timestamp":1423582091000},"source":"Crossref","is-referenced-by-count":0,"title":["EDITORIAL"],"prefix":"10.16925","volume":"12","author":[{"given":"Ramon Albeiro","family":"Hern\u00e1ndez Valencia","sequence":"first","affiliation":[],"role":[{"role":"author","vocabulary":"crossref"}]}],"member":"6711","published-online":{"date-parts":[[2015,1,28]]},"container-title":["Memorias"],"deposited":{"date-parts":[[2015,2,10]],"date-time":"2015-02-10T15:28:35Z","timestamp":1423582115000},"score":0.0,"resource":{"primary":{"URL":"http:\/\/revistas.ucc.edu.co\/index.php\/me\/article\/view\/876"}},"issued":{"date-parts":[[2015,1,28]]},"references-count":0,"journal-issue":{"issue":"21","published-online":{"date-parts":[[2015,1,28]]}},"URL":"https:\/\/doi.org\/10.16925\/me.v12i21.876","ISSN":["0124-4361"],"issn-type":[{"value":"0124-4361","type":"print"}],"published":{"date-parts":[[2015,1,28]]}},{"indexed":{"date-parts":[[2022,3,30]],"date-time":"2022-03-30T10:49:11Z","timestamp":1648637351770},"reference-count":0,"publisher":"Universidad Cooperativa de Colombia- UCC","issue":"21","content-domain":{"domain":[],"crossmark-restriction":false},"short-container-title":["Dixi"],"abstract":"<jats:p>El presente art\u00edculo tiene como objeto analizar la crisis en los derechos humanos, enmarcada en el contexto nacional y regional, como fuente de preocupaci\u00f3n para la academia, la cual por su rol en la sociedad tiene el deber y la obligaci\u00f3n de aportar desde su labor investigativa un conocimiento cient\u00edfico que responda a las necesidades sociales, y contribuya a solucionar las problem\u00e1ticas que acontecen en el pa\u00eds. En este sentido, en el marco de esta investigaci\u00f3n se propone la estructura org\u00e1nica y te\u00f3rica de un observatorio de derechos humanos en la Facultad de Derecho de la Universidad Cooperativa de Colombia, sede Bucaramanga, como un instrumento indispensable de investigaci\u00f3n que contribuya no s\u00f3lo a formar estudiantes con sentido cr\u00edtico, reflexivo y libre, sino tambi\u00e9n aportar el conocimiento cient\u00edfico necesario en aras de conocer la realidad social y dar soluci\u00f3n a los problemas que en materia de derechos humanos se presentan en el pa\u00eds. Se ha partido de una concepci\u00f3n cualitativa como m\u00e9todo para interpretar. Preocupados por los acontecimientos del entorno y centrados en la investigaci\u00f3n de los hechos, dentro de su contexto natural, hemos partido de una concepci\u00f3n cualitativa para adelantar la investigaci\u00f3n.<\/jats:p>","DOI":"10.16925\/di.v17i21.979","type":"journal-article","created":{"date-parts":[[2015,8,6]],"date-time":"2015-08-06T12:19:54Z","timestamp":1438863594000},"source":"Crossref","is-referenced-by-count":0,"title":["Propuesta de construcci\u00f3n del observatorio de derechos humanos en la Facultad de Derecho de la Universidad Cooperativa de Colombia, sede Bucaramanga"],"prefix":"10.16925","volume":"17","author":[{"given":"Ernesto","family":"Rueda-Puyana","sequence":"first","affiliation":[],"role":[{"role":"author","vocabulary":"crossref"}]},{"given":"Hernan Alberto","family":"Morantes-Avenda\u00f1o","sequence":"additional","affiliation":[],"role":[{"role":"author","vocabulary":"crossref"}]},{"given":"Yeni Yuliet","family":"Calder\u00f3n-Calder\u00f3n","sequence":"additional","affiliation":[],"role":[{"role":"author","vocabulary":"crossref"}]}],"member":"6711","published-online":{"date-parts":[[2015,6,1]]},"container-title":["DIXI"],"link":[{"URL":"https:\/\/revistas.ucc.edu.co\/index.php\/di\/article\/download\/979\/1111","content-type":"application\/pdf","content-version":"vor","intended-application":"text-mining"},{"URL":"https:\/\/revistas.ucc.edu.co\/index.php\/di\/article\/download\/979\/1111","content-type":"unspecified","content-version":"vor","intended-application":"similarity-checking"}],"deposited":{"date-parts":[[2020,8,25]],"date-time":"2020-08-25T09:09:26Z","timestamp":1598346566000},"score":0.0,"resource":{"primary":{"URL":"https:\/\/revistas.ucc.edu.co\/index.php\/di\/article\/view\/979"}},"issued":{"date-parts":[[2015,6,1]]},"references-count":0,"journal-issue":{"issue":"21","published-online":{"date-parts":[[2015,6,1]]}},"URL":"https:\/\/doi.org\/10.16925\/di.v17i21.979","ISSN":["2357-5891","0124-7255"],"issn-type":[{"value":"2357-5891","type":"electronic"},{"value":"0124-7255","type":"print"}],"published":{"date-parts":[[2015,6,1]]}},{"indexed":{"date-parts":[[2022,3,31]],"date-time":"2022-03-31T08:58:02Z","timestamp":1648717082466},"reference-count":0,"publisher":"Universidad Cooperativa de Colombia","content-domain":{"domain":[],"crossmark-restriction":false},"DOI":"10.16925\/greylit.2016","type":"report","created":{"date-parts":[[2017,10,27]],"date-time":"2017-10-27T14:36:20Z","timestamp":1509114980000},"source":"Crossref","is-referenced-by-count":0,"title":["Pr\u00e1ctica de ejercicio f\u00edsico en pacientes con diagn\u00f3stico de hipertensi\u00f3n arterial, Santa Marta-Colombia"],"prefix":"10.16925","author":[{"given":"Gisela Esther","family":"Gonz\u00e1lez-Ruiz","sequence":"first","affiliation":[],"role":[{"role":"author","vocabulary":"crossref"}]},{"given":"Laura Paola","family":"Caballero-D\u00edaz","sequence":"additional","affiliation":[],"role":[{"role":"author","vocabulary":"crossref"}]},{"given":"Mar\u00eda Yaquelin","family":"Exp\u00f3sito-Concepci\u00f3n","sequence":"additional","affiliation":[],"role":[{"role":"author","vocabulary":"crossref"}]}],"member":"6711","published-online":{"date-parts":[[2017]]},"deposited":{"date-parts":[[2017,10,27]],"date-time":"2017-10-27T14:36:20Z","timestamp":1509114980000},"score":0.0,"resource":{"primary":{"URL":"https:\/\/revistas.ucc.edu.co\/index.php\/dotr\/article\/view\/2016"}},"issued":{"date-parts":[[2017]]},"references-count":0,"URL":"https:\/\/doi.org\/10.16925\/greylit.2016","published":{"date-parts":[[2017]]}},{"indexed":{"date-parts":[[2025,1,25]],"date-time":"2025-01-25T05:21:53Z","timestamp":1737782513139,"version":"3.33.0"},"reference-count":0,"publisher":"Ediciones Universidad Cooperativa de Colombia","content-domain":{"domain":[],"crossmark-restriction":false},"abstract":"<jats:p>Esta gu\u00eda pr\u00e1ctica est\u00e1 concebida para que los estudiantes- de pr\u00e1ctica en Psicolog\u00eda Educativa aborden temas de derechos humanos sexuales y reproductivos en los espacios escolares con estudiantes adolescentes a trav\u00e9s de una construcci\u00f3n individual de conocimientos, habilidades, valores y actitudes que fortalezcan su proyecto de vida a lo largo de su trayectoria escolar. Este abordaje se puede llevar a cabo en las aulas de clase o con grupos focales con un n\u00famero no mayor a diez estudiantes. Por tal raz\u00f3n, en el presente documento se entregar\u00e1n los lineamientos que establece la labor pr\u00e1ctica en funci\u00f3n de formar a los j\u00f3venes en temas de sexualidad.<\/jats:p>","DOI":"10.16925\/gcgp.122","type":"report","created":{"date-parts":[[2025,1,24]],"date-time":"2025-01-24T16:56:57Z","timestamp":1737737817000},"source":"Crossref","is-referenced-by-count":0,"title":["Estrategias de acci\u00f3n para el fomento de competencias en derechos sexuales y reproductivos en poblaci\u00f3n adolescente"],"prefix":"10.16925","author":[{"name":"Universidad Cooperativa de Colombia","sequence":"first","affiliation":[],"role":[{"role":"author","vocabulary":"crossref"}]},{"ORCID":"https:\/\/orcid.org\/0000-0003-0542-944X","authenticated-orcid":false,"given":"Alba Patricia","family":"C\u00e1rdenas Quintero","sequence":"first","affiliation":[],"role":[{"role":"author","vocabulary":"crossref"}]}],"member":"6711","published-online":{"date-parts":[[2023,11]]},"deposited":{"date-parts":[[2025,1,24]],"date-time":"2025-01-24T16:56:58Z","timestamp":1737737818000},"score":0.0,"resource":{"primary":{"URL":"https:\/\/repository.ucc.edu.co\/entities\/publication\/47a8336d-338f-4c91-a6be-2935c864ffe6"}},"issued":{"date-parts":[[2023,11]]},"references-count":0,"URL":"https:\/\/doi.org\/10.16925\/gcgp.122","published":{"date-parts":[[2023,11]]}},{"indexed":{"date-parts":[[2023,8,29]],"date-time":"2023-08-29T08:12:05Z","timestamp":1693296725230},"reference-count":0,"publisher":"Universidad Cooperativa de Colombia- UCC","issue":"2","content-domain":{"domain":[],"crossmark-restriction":false},"short-container-title":["ing. Solidar"],"abstract":"<jats:p>This article is a product of the project \"Estudio para identificar las capacidades tecnol\u00f3gicas en las pymes de la Villa de San Diego de Ubat\u00e9\", developed by the Creing seedbed of the systems engineering program of the Universidad de Cundinamarca Seccional Ubat\u00e9 during the year 2022.  Objective: To develop an assistance system using unmanned aerial vehicles (drones) to support the Fire Department in risk management in the Villa de San Diego Ubat\u00e9.  Method: Research conducted around the use of different programming languages for the creation of the website, trying to maintain the optimization of, where the user can find all the information about the service, likewise, is included mathematical and physical research with which you can analyze the flight characteristics according to the properties of the drone.  Results: Mathematical and physical research applied to the analysis of the flight characteristics is evidenced, taking into account the properties and functionalities of the drone.[1]  and the geographical details of the municipality of Ubat\u00e9-Cundinamarca, a bibliographic inquiry where the history, classification and Colombian regulations are supported, as well as the planning and the different tools and activities that are developed for the achievement of the project.  Conclusion: The use of drones in different fields has intensified in recent years, however, although they are very useful for quick access to areas with difficulties or precarious situations, drone systems have not been implemented that allow surveillance and attention to these situations in a timely manner in the northern area of the department of Cundinamarca.  Limitation of the study: this project is focused on the study and analysis for the municipality of Villa de San Diego de Ubat\u00e9 due to the relevance of the sector and the study, as well as the ease of information gathering.<\/jats:p>","DOI":"10.16925\/2357-6014.2023.02.06","type":"journal-article","created":{"date-parts":[[2023,8,28]],"date-time":"2023-08-28T15:48:32Z","timestamp":1693237712000},"page":"1-20","source":"Crossref","is-referenced-by-count":0,"title":["Drone system for risk management"],"prefix":"10.16925","volume":"19","author":[{"given":"Cristian Eduardo","family":"Cano L\u00f3pez","sequence":"first","affiliation":[],"role":[{"role":"author","vocabulary":"crossref"}]},{"given":"Yeny Liliana","family":"Casas M\u00e9ndez","sequence":"additional","affiliation":[],"role":[{"role":"author","vocabulary":"crossref"}]}],"member":"6711","published-online":{"date-parts":[[2023,8,4]]},"container-title":["Ingenieria Solidaria"],"deposited":{"date-parts":[[2023,8,28]],"date-time":"2023-08-28T15:48:37Z","timestamp":1693237717000},"score":0.0,"resource":{"primary":{"URL":"https:\/\/revistas.ucc.edu.co\/index.php\/in\/article\/view\/4463"}},"issued":{"date-parts":[[2023,8,4]]},"references-count":0,"journal-issue":{"issue":"2","published-online":{"date-parts":[[2023,8,4]]}},"URL":"https:\/\/doi.org\/10.16925\/2357-6014.2023.02.06","ISSN":["2357-6014"],"issn-type":[{"value":"2357-6014","type":"electronic"}],"published":{"date-parts":[[2023,8,4]]}},{"indexed":{"date-parts":[[2022,4,5]],"date-time":"2022-04-05T08:37:06Z","timestamp":1649147826748},"reference-count":0,"publisher":"Universidad Cooperativa de Colombia- UCC","issue":"21","content-domain":{"domain":[],"crossmark-restriction":false},"short-container-title":["Pensando Psicol."],"abstract":"<jats:p>Introducci\u00f3n: el rendimiento acad\u00e9mico (RA) es un tema relevante en la investigaci\u00f3n educativa, pero su operacionalizaci\u00f3n a\u00fan est\u00e1 sujeta a controversia, ya que no hay un criterio unificado sobre considerar el promedio ponderado (PP) o el rendimiento en los ex\u00e1menes (RE) como medida de RA en investigaci\u00f3n, sobre todo con constructos dependientes de la situaci\u00f3n, como, por ejemplo, la ansiedad ante ex\u00e1menes (AE).Objetivo: el objetivo fue analizar la equivalencia emp\u00edrica entre el PP y el RE.M\u00e9todo: participaron 115 estudiantes de psicolog\u00eda de una universidad privada con edades entre los 18 y 31 a\u00f1os (M = 22,704; DE = 3,126), pertenecientes a tres ciclos acad\u00e9micos distintos. Fueron evaluados con el Inventario de Ansiedad ante Ex\u00e1menes \u2013 Estado, considerando adem\u00e1s las calificaciones de ex\u00e1menes y promedios ponderados de cada estudiante. En cuanto al an\u00e1lisis de datos, fueron implementadas correlaciones bivariadas entre RE y PP (rRE-PP). Posteriormente, las rRE-PP observadas en diferentes ciclos fueron comparadas. Por \u00faltimo, se analizaron las diferencias entre las correlaciones de la AE con el RE (rAE-RE) y el PP (rAE-PP), observadas en cada ciclo. Todos los an\u00e1lisis fueron complementados con una medida de magnitud del efecto.Resultados: la correlaci\u00f3n entre RE y PP es de magnitud baja, y las diferencias halladas entre correlaciones no fueron estad\u00edsticamente significativas.Conclusiones: no es conveniente considerar como equivalentes el RE y el PP en el marco de estudios con variables dependientes de la situaci\u00f3n. Se sugiri\u00f3 la importancia de superar las limitaciones observadas en el presente estudio.<\/jats:p>","DOI":"10.16925\/pe.v13i21.1712","type":"journal-article","created":{"date-parts":[[2018,8,6]],"date-time":"2018-08-06T20:56:36Z","timestamp":1533588996000},"page":"33-39","source":"Crossref","is-referenced-by-count":0,"title":["\u00bfRendimiento en ex\u00e1menes o promedio general? Algunas cuestiones sobre la medici\u00f3n del rendimiento acad\u00e9mico en investigaci\u00f3n"],"prefix":"10.16925","volume":"13","author":[{"given":"Sergio","family":"Dominguez-Lara","sequence":"first","affiliation":[],"role":[{"role":"author","vocabulary":"crossref"}]}],"member":"6711","published-online":{"date-parts":[[2017,4,25]]},"container-title":["Pensando Psicolog\u00eda"],"link":[{"URL":"https:\/\/revistas.ucc.edu.co\/index.php\/pe\/article\/download\/1712\/2381","content-type":"application\/pdf","content-version":"vor","intended-application":"text-mining"},{"URL":"https:\/\/revistas.ucc.edu.co\/index.php\/pe\/article\/download\/1712\/2541","content-type":"unspecified","content-version":"vor","intended-application":"text-mining"},{"URL":"https:\/\/revistas.ucc.edu.co\/index.php\/pe\/article\/download\/1712\/2381","content-type":"unspecified","content-version":"vor","intended-application":"similarity-checking"}],"deposited":{"date-parts":[[2020,8,29]],"date-time":"2020-08-29T06:38:30Z","timestamp":1598683110000},"score":0.0,"resource":{"primary":{"URL":"https:\/\/revistas.ucc.edu.co\/index.php\/pe\/article\/view\/1712"}},"issued":{"date-parts":[[2017,4,25]]},"references-count":0,"journal-issue":{"issue":"21","published-online":{"date-parts":[[2017,4,25]]}},"URL":"https:\/\/doi.org\/10.16925\/pe.v13i21.1712","ISSN":["2382-3984","1900-3099"],"issn-type":[{"value":"2382-3984","type":"electronic"},{"value":"1900-3099","type":"print"}],"published":{"date-parts":[[2017,4,25]]}}],"items-per-page":300,"query":{"start-index":0,"search-terms":null}}}