{"status":"ok","message-type":"work-list","message-version":"1.0.0","message":{"facets":{},"total-results":408,"items":[{"indexed":{"date-parts":[[2022,4,2]],"date-time":"2022-04-02T17:59:56Z","timestamp":1648922396015},"reference-count":0,"publisher":"Escuela Superior de Administracion Publica","content-domain":{"domain":[],"crossmark-restriction":false},"DOI":"10.22431\/issn.2500-5227","type":"journal","created":{"date-parts":[[2021,11,7]],"date-time":"2021-11-07T20:55:09Z","timestamp":1636318509000},"source":"Crossref","is-referenced-by-count":0,"title":["Administraci\u00f3n y Desarrollo"],"prefix":"10.22431","member":"9723","deposited":{"date-parts":[[2021,11,7]],"date-time":"2021-11-07T20:55:09Z","timestamp":1636318509000},"score":0.0,"resource":{"primary":{"URL":"https:\/\/revistas.esap.edu.co\/index.php\/admindesarro"}},"short-title":["adm. desarro."],"issued":{"date-parts":[[null]]},"references-count":0,"URL":"https:\/\/doi.org\/10.22431\/issn.2500-5227","ISSN":["0120-3754","2500-5227"],"issn-type":[{"value":"0120-3754","type":"print"},{"value":"2500-5227","type":"electronic"}]},{"indexed":{"date-parts":[[2022,3,29]],"date-time":"2022-03-29T15:39:02Z","timestamp":1648568342205},"reference-count":0,"publisher":"Escuela Superior de Administracion Publica","issue":"58","license":[{"start":{"date-parts":[[2013,12,15]],"date-time":"2013-12-15T00:00:00Z","timestamp":1387065600000},"content-version":"unspecified","delay-in-days":0,"URL":"http:\/\/creativecommons.org\/licenses\/by-nc-nd\/4.0"}],"content-domain":{"domain":[],"crossmark-restriction":false},"short-container-title":["Adm. Desarro."],"abstract":"<jats:p>Tradicionalmente, la justicia social (equidad) no ha sido un punto focal en\u00a0la econom\u00eda; en su defecto, su principal preocupaci\u00f3n ha sido el problema\u00a0de la eficiencia. La mayor\u00eda de los sistemas regulatorios se proponen por lo\u00a0general objetivos relacionados con la eficiencia en la asignaci\u00f3n (precio igual al\u00a0costo marginal) y el cubrimiento de costos (suficiencia financiera) por encima\u00a0del criterio de equidad. La eficiencia como criterio de fijaci\u00f3n de precios\u00a0encuentra gran aceptaci\u00f3n, en tanto que la equidad se somete a debates y\u00a0discusiones.En t\u00e9rminos generales, la eficiencia econ\u00f3mica est\u00e1 relacionada con dos conceptos fundamentales: el \u00f3ptimo de Pareto y el costo marginal. Una asignaci\u00f3n es eficiente, en sentido de Pareto, cuando no es posible reasignar los recursos existentes de tal forma que alguno (algunos) mejore(n) sin que otro (otros) empeore(n). Como las reglas de eficiencia permiten caracterizar las situaciones \u00f3ptimas, existe una cantidad infinita de \u00f3ptimos posibles, y la elecci\u00f3n entre estas situaciones, igualmente \u201ceficientes\u201d, es posible \u00fanicamente a partir de consideraciones de equidad. Pareto separa de manera contundente los criterios de eficiencia de los de equidad. Este criterio plantea una disyuntiva entre eficiencia y equidad. En general, para aumentar la equidad, debe sacrificarse una cierta cantidad de eficiencia. Pero el objetivo de la eficiencia no lo es todo ni el \u00fanico, la distribuci\u00f3n del bienestar tambi\u00e9n es fundamental.<\/jats:p>","DOI":"10.22431\/25005227.112","type":"journal-article","created":{"date-parts":[[2017,7,5]],"date-time":"2017-07-05T16:06:06Z","timestamp":1499270766000},"page":"39-57","source":"Crossref","is-referenced-by-count":1,"title":["La eficiencia y la equidad en los sectores p\u00fablico y privado: econom\u00eda distributiva y justicia social"],"prefix":"10.22431","volume":"42","author":[{"given":"Roberto","family":"Herrera Daza","sequence":"first","affiliation":[],"role":[{"role":"author","vocabulary":"crossref"}]}],"member":"9723","published-online":{"date-parts":[[2013,12,15]]},"container-title":["Administraci\u00f3n &amp; Desarrollo"],"link":[{"URL":"https:\/\/revistas.esap.edu.co\/index.php\/admindesarro\/article\/download\/112\/pdf","content-type":"application\/pdf","content-version":"vor","intended-application":"text-mining"},{"URL":"https:\/\/revistas.esap.edu.co\/index.php\/admindesarro\/article\/download\/112\/pdf","content-type":"unspecified","content-version":"vor","intended-application":"similarity-checking"}],"deposited":{"date-parts":[[2021,11,12]],"date-time":"2021-11-12T19:11:37Z","timestamp":1636744297000},"score":0.0,"resource":{"primary":{"URL":"https:\/\/revistas.esap.edu.co\/index.php\/admindesarro\/article\/view\/112"}},"issued":{"date-parts":[[2013,12,15]]},"references-count":0,"journal-issue":{"issue":"58","published-online":{"date-parts":[[2013,12,15]]}},"URL":"https:\/\/doi.org\/10.22431\/25005227.112","ISSN":["2500-5227","0120-3754"],"issn-type":[{"value":"2500-5227","type":"electronic"},{"value":"0120-3754","type":"print"}],"published":{"date-parts":[[2013,12,15]]}},{"indexed":{"date-parts":[[2025,11,6]],"date-time":"2025-11-06T16:37:42Z","timestamp":1762447062875,"version":"build-2065373602"},"reference-count":0,"publisher":"Escuela Superior de Administracion Publica","issue":"1","license":[{"start":{"date-parts":[[2017,6,30]],"date-time":"2017-06-30T00:00:00Z","timestamp":1498780800000},"content-version":"unspecified","delay-in-days":0,"URL":"http:\/\/creativecommons.org\/licenses\/by-nc-nd\/4.0"}],"content-domain":{"domain":[],"crossmark-restriction":false},"short-container-title":["Adm. Desarro."],"abstract":"<jats:p>En el presente trabajo, pretendemos contribuir a llenar parcialmente el vac\u00edo existente en la historiograf\u00eda de diferente raigambre acad\u00e9mica para los historiadores -nos referimos a la historia regional y la historia pol\u00edtica-, pero que a la postre, terminan siendo complementarias, no solo porque est\u00e1n inscritas en un mismo periodo, el siglo XIX, sino porque est\u00e1n estrechamente vinculadas con la formaci\u00f3n del Estado y la Naci\u00f3n. El primero de estos aspectos, est\u00e1 inscrito geogr\u00e1ficamente, en el marco de las historias regionales y apunta a contribuir a la historia de Cundinamarca en los primeros a\u00f1os de vida republicana. La segunda, en relaci\u00f3n con la historia pol\u00edtica, estudiar las formas de sociabilidad moderna. Mientras que en el primer punto, sobre la historia de Cundinamarca, los estudios hist\u00f3ricos son muy escasos (Rueda, 2006), inclusive para el periodo investigado; en el segundo, existen abundantes y diversos estudios generales que dan cuenta tanto del origen de los partidos pol\u00edticos colombianos, como de las formas de asociaci\u00f3n pol\u00edtica que surgieron durante las primeras d\u00e9cadas de la Republica.\u00a0<\/jats:p>","DOI":"10.22431\/25005227.90","type":"journal-article","created":{"date-parts":[[2017,8,28]],"date-time":"2017-08-28T10:00:28Z","timestamp":1503914428000},"page":"12-28","source":"Crossref","is-referenced-by-count":0,"title":["Sociabilidad y Pol\u00edtica en Cundinamarca 1780 -1820: Del antiguo R\u00e9gimen a la pol\u00edtica moderna"],"prefix":"10.22431","volume":"47","author":[{"given":"Iv\u00e1n","family":"Mar\u00edn","sequence":"first","affiliation":[],"role":[{"role":"author","vocabulary":"crossref"}]}],"member":"9723","published-online":{"date-parts":[[2017,6,30]]},"container-title":["Administraci\u00f3n &amp; Desarrollo"],"link":[{"URL":"https:\/\/revistas.esap.edu.co\/index.php\/admindesarro\/article\/download\/90\/pdf","content-type":"application\/pdf","content-version":"vor","intended-application":"text-mining"},{"URL":"https:\/\/revistas.esap.edu.co\/index.php\/admindesarro\/article\/download\/90\/pdf","content-type":"unspecified","content-version":"vor","intended-application":"similarity-checking"}],"deposited":{"date-parts":[[2025,11,6]],"date-time":"2025-11-06T16:33:44Z","timestamp":1762446824000},"score":0.0,"resource":{"primary":{"URL":"https:\/\/revistas.esap.edu.co\/index.php\/admindesarro\/article\/view\/90"}},"issued":{"date-parts":[[2017,6,30]]},"references-count":0,"journal-issue":{"issue":"1","published-online":{"date-parts":[[2017,6,30]]}},"URL":"https:\/\/doi.org\/10.22431\/25005227.90","ISSN":["2500-5227","0120-3754"],"issn-type":[{"type":"electronic","value":"2500-5227"},{"type":"print","value":"0120-3754"}],"published":{"date-parts":[[2017,6,30]]}},{"indexed":{"date-parts":[[2025,11,6]],"date-time":"2025-11-06T16:52:21Z","timestamp":1762447941117,"version":"build-2065373602"},"reference-count":0,"publisher":"Escuela Superior de Administracion Publica","issue":"27","license":[{"start":{"date-parts":[[2018,12,3]],"date-time":"2018-12-03T00:00:00Z","timestamp":1543795200000},"content-version":"unspecified","delay-in-days":0,"URL":"http:\/\/creativecommons.org\/licenses\/by-nc-nd\/4.0"}],"content-domain":{"domain":[],"crossmark-restriction":false},"short-container-title":["Nova vetera"],"abstract":"<jats:p>This reflection article is product of a research entitled \u201cTraining of citizens of the world: a study of IAP and ApS from glocality and critical pedagogy in a higher education context\u201d. The objective is to present the understanding of citizenship education according to Adela Cortina, under the Research-Action-Participation methodology, and the didactic-methodological proposal of Learning by Service. It was determined that the training of citizens starts from global thinking and acts locally under the principles of dialogue, consensus, justice and democracy, linking the dynamic action-language-thought-world relationship, from everyday life to the classroom of class as a dialogic exercise between agents that are questioned in relation to their vital world. Otherwise, the formation of citizens becomes an empty discourse of content of public policies on education and educational projects of educational institutions.<\/jats:p>","DOI":"10.22431\/25005103.505","type":"journal-article","created":{"date-parts":[[2018,12,17]],"date-time":"2018-12-17T09:22:03Z","timestamp":1545038523000},"page":"76-96","source":"Crossref","is-referenced-by-count":1,"title":["La educaci\u00f3n en ciudadan\u00eda en el pensamiento de Adela Cortina"],"prefix":"10.22431","author":[{"given":"\u00c1LVARO","family":"HERN\u00c1NDEZ ACEVEDO","sequence":"first","affiliation":[],"role":[{"role":"author","vocabulary":"crossref"}]}],"member":"9723","published-online":{"date-parts":[[2018,12,3]]},"container-title":["Nova et Vetera"],"link":[{"URL":"https:\/\/revistas.esap.edu.co\/index.php\/novaetvetera\/article\/download\/505\/477","content-type":"application\/pdf","content-version":"vor","intended-application":"text-mining"},{"URL":"https:\/\/revistas.esap.edu.co\/index.php\/novaetvetera\/article\/download\/505\/477","content-type":"unspecified","content-version":"vor","intended-application":"similarity-checking"}],"deposited":{"date-parts":[[2025,11,6]],"date-time":"2025-11-06T16:47:35Z","timestamp":1762447655000},"score":0.0,"resource":{"primary":{"URL":"https:\/\/revistas.esap.edu.co\/index.php\/novaetvetera\/article\/view\/505"}},"issued":{"date-parts":[[2018,12,3]]},"references-count":0,"journal-issue":{"issue":"27","published-online":{"date-parts":[[2018,12,11]]}},"URL":"https:\/\/doi.org\/10.22431\/25005103.505","ISSN":["2500-5103","0123-2614"],"issn-type":[{"type":"electronic","value":"2500-5103"},{"type":"print","value":"0123-2614"}],"published":{"date-parts":[[2018,12,3]]}},{"indexed":{"date-parts":[[2025,11,6]],"date-time":"2025-11-06T16:35:44Z","timestamp":1762446944121,"version":"build-2065373602"},"reference-count":0,"publisher":"Escuela Superior de Administracion Publica","issue":"2","license":[{"start":{"date-parts":[[2017,12,11]],"date-time":"2017-12-11T00:00:00Z","timestamp":1512950400000},"content-version":"unspecified","delay-in-days":0,"URL":"http:\/\/creativecommons.org\/licenses\/by-nc-nd\/4.0"}],"content-domain":{"domain":[],"crossmark-restriction":false},"short-container-title":["Adm. Desarro."],"abstract":"<jats:p>Con el presente art\u00edculo se pretende hacer evidente que la evoluci\u00f3n conceptual de la planeaci\u00f3n y del desarrollo a trav\u00e9s de la historia decant\u00f3 en la consolidaci\u00f3n de la t\u00e9cnica de la planeaci\u00f3n econ\u00f3mica del desarrollo. Hacia el siglo XVIII se usaban de manera alterna los t\u00e9rminos riqueza y progreso para nominar un estadio satisfactorio de bienestar material. Ya en los inicios del siglo XX surgi\u00f3 el concepto de valorizaci\u00f3n, seguido en los a\u00f1os 50 por los de crecimiento, expansi\u00f3n, maximaci\u00f3n[1] y optimizaci\u00f3n, como preludio a la nominaci\u00f3n definitiva del desarrollo que apareci\u00f3 a principios de los a\u00f1os 60 y que ha tenido vigencia hasta nuestros d\u00edas.[1] Se advierte al lector que el concepto de \u201cmaximaci\u00f3n\u201d fue tomado textualmente del trabajo de Louis Joseph Lebret &lt;Din\u00e1mica concreta del Desarrollo&gt; y que a pesar de que \u00e9ste no est\u00e1 reconocido por la Real Academia de la Lengua Espa\u00f1ola se respeta la traducci\u00f3n de la misma, haciendo la salvedad de que el concepto m\u00e1s apropiado ser\u00eda \u201cmaximizaci\u00f3n\u201d.<\/jats:p>","DOI":"10.22431\/25005227.95","type":"journal-article","created":{"date-parts":[[2017,12,12]],"date-time":"2017-12-12T15:13:01Z","timestamp":1513091581000},"page":"10-22","source":"Crossref","is-referenced-by-count":1,"title":["La planeaci\u00f3n del desarrollo a trav\u00e9s de la historia: de los conceptos a la t\u00e9cnica"],"prefix":"10.22431","volume":"47","author":[{"given":"Juan David","family":"Huertas Ramos","sequence":"first","affiliation":[],"role":[{"role":"author","vocabulary":"crossref"}]}],"member":"9723","published-online":{"date-parts":[[2017,12,11]]},"container-title":["Administraci\u00f3n &amp; Desarrollo"],"link":[{"URL":"https:\/\/revistas.esap.edu.co\/index.php\/admindesarro\/article\/download\/95\/pdf","content-type":"application\/pdf","content-version":"vor","intended-application":"text-mining"},{"URL":"https:\/\/revistas.esap.edu.co\/index.php\/admindesarro\/article\/download\/95\/pdf","content-type":"unspecified","content-version":"vor","intended-application":"similarity-checking"}],"deposited":{"date-parts":[[2025,11,6]],"date-time":"2025-11-06T16:33:50Z","timestamp":1762446830000},"score":0.0,"resource":{"primary":{"URL":"https:\/\/revistas.esap.edu.co\/index.php\/admindesarro\/article\/view\/95"}},"issued":{"date-parts":[[2017,12,11]]},"references-count":0,"journal-issue":{"issue":"2","published-online":{"date-parts":[[2017,12,11]]}},"URL":"https:\/\/doi.org\/10.22431\/25005227.95","ISSN":["2500-5227","0120-3754"],"issn-type":[{"type":"electronic","value":"2500-5227"},{"type":"print","value":"0120-3754"}],"published":{"date-parts":[[2017,12,11]]}},{"indexed":{"date-parts":[[2025,7,22]],"date-time":"2025-07-22T11:16:13Z","timestamp":1753182973897,"version":"3.40.5"},"reference-count":34,"publisher":"Escuela Superior de Administracion Publica","issue":"1","license":[{"start":{"date-parts":[[2021,6,30]],"date-time":"2021-06-30T00:00:00Z","timestamp":1625011200000},"content-version":"unspecified","delay-in-days":0,"URL":"http:\/\/creativecommons.org\/licenses\/by-nc-nd\/4.0"}],"content-domain":{"domain":[],"crossmark-restriction":false},"short-container-title":["Adm. Desarro."],"abstract":"<jats:p>El objetivo del art\u00edculo es analizar el proceso de desarrollo de la gobernanza local de las pol\u00edticas sociales en municipios del Gran Buenos Aires en Argentina, particularmente en dos campos: econom\u00eda social y ni\u00f1ez y adolescencia. Para ello, nos concentramos en el abordaje de los entramados interjurisdiccionales y en la participaci\u00f3n de los actores de la sociedad civil en diferentes programas y dispositivos de dise\u00f1o participativo en los campos referidos. La metodolog\u00eda es cualitativa y utilizamos como fuentes normativas y documentos institucionales, as\u00ed como tambi\u00e9n entrevistas a diferentes funcionarios del \u00e1mbito municipal, provinciales y nacionales y referentes de organizaciones sociales. Las caracter\u00edsticas reconstruidas para los programas y dispositivos elegidos evidencian el amplio universo de mecanismos de participaci\u00f3n ciudadana que organizan su gesti\u00f3n, una diversidad de actores sociales a lo largo de su ciclo y permiten apreciar la complejidad de la trama interjurisdiccional en que se inscriben.<\/jats:p>","DOI":"10.22431\/25005227.vol51n1.3","type":"journal-article","created":{"date-parts":[[2022,6,16]],"date-time":"2022-06-16T16:58:41Z","timestamp":1655398721000},"page":"61-86","source":"Crossref","is-referenced-by-count":2,"title":["Pol\u00edticas sociales locales en Gran Buenos Aires: gobernanza participativa y multinivel en econom\u00eda social e infancia"],"prefix":"10.22431","volume":"51","author":[{"ORCID":"https:\/\/orcid.org\/0000-0002-7416-6754","authenticated-orcid":false,"given":"Cynthia","family":"Ferrari Mango","sequence":"first","affiliation":[],"role":[{"role":"author","vocabulary":"crossref"}]},{"ORCID":"https:\/\/orcid.org\/0000-0001-7810-5644","authenticated-orcid":false,"given":"Carolina","family":"Foglia","sequence":"additional","affiliation":[],"role":[{"role":"author","vocabulary":"crossref"}]},{"ORCID":"https:\/\/orcid.org\/0000-0002-8333-1053","authenticated-orcid":false,"given":"Adriana","family":"Rofman","sequence":"additional","affiliation":[],"role":[{"role":"author","vocabulary":"crossref"}]}],"member":"9723","published-online":{"date-parts":[[2021,6,30]]},"reference":[{"key":"4072","unstructured":"Barna, A. (2012) Convenci\u00f3n Internacional de los Derechos del Ni\u00f1o hacia un abordaje desacralizador. Kairos: Revista de temas sociales, (29), 31-48."},{"key":"4073","doi-asserted-by":"crossref","unstructured":"Blanco, I., Gom\u00e0, R. & Subirats, J. (2018). El nuevo municipalismo: derecho a la ciudad y comunes urbanos. Gesti\u00f3n y An\u00e1lisis de Pol\u00edticas P\u00fablicas, (20), 14-28.","DOI":"10.24965\/gapp.v0i20.10491"},{"key":"4074","unstructured":"Gom\u00e1, R., & Blanco, I. (2017). Construyendo el municipalismo del bien com\u00fan. En Alternativas urbanas y sujetos de transformaci\u00f3n (pp. 172-198). Friedrich-Ebert-Stiftung Ecuador."},{"key":"4075","unstructured":"Couto, B., Foglia, C. & Rofman, A. (2016). Pol\u00edticas participativas locales en municipios bonaerenses: una aproximaci\u00f3n pol\u00edtico-territorial. En Participaci\u00f3n, pol\u00edticas p\u00fablicas y territorio (pp. 73-118). Ediciones UNGS."},{"key":"4076","unstructured":"Falappa, F. & Andrenacci, L. (2008). La pol\u00edtica social de la Argentina democr\u00e1tica: 19832008. Biblioteca Nacional."},{"key":"4077","unstructured":"Ferrari, C. (2020) El municipio como ente ejecutor de la pol\u00edtica social nacional: argentina trabaja (2009-2018). Revista Iberoamericana de Estudios Municipales (22), 93-124."},{"key":"4078","doi-asserted-by":"crossref","unstructured":"Ferrari, C. (2019) Pol\u00edtica Social desde Cooperativas Reguladas: Argentina Trabaja-Programa Ingreso Social Con Trabajo. Revista de ciencias sociales de la Universidad de Costa Rica (165), 121-133.","DOI":"10.15517\/rcs.v0i165.40068"},{"key":"4079","unstructured":"Foglia, C. (2019) Los Consejos Locales de Ni\u00f1ez y Adolescencia: institucionalizando la participaci\u00f3n de la sociedad civil en la producci\u00f3n de la pol\u00edtica p\u00fablica de infancia a nivel local en el Conurbano Bonaerense. Ciudadan\u00edas. Revista de Pol\u00edticas Sociales Urbanas (4), 71-98."},{"key":"4080","unstructured":"Foglia C. & Rofman A. (2020). Fluctuaciones de las pol\u00edticas participativas locales en el Conurbano Bonaerense: el recorrido durante la \u00faltima d\u00e9cada en Clemente Adriana (coord.) En El bienestar en retroceso. El caso de las pol\u00edticas asistenciales ante la incertidumbre: 2016\u2013 2019 (pp. 117-136). Departamento de Publicaciones de la Facultad de Derecho y Ciencias Sociales de la Universidad de Buenos Aires."},{"key":"4081","unstructured":"Foglia, C., Moro J. & Orizaola G. (2021). Pol\u00edticas de ni\u00f1ez y adolescencia en el conurbano bonaerense: agenda y construcci\u00f3n institucional de las \u00e1reas de protecci\u00f3n. Observatorio del Conurbano Bonaerense, Bolet\u00edn Julio 2021. http:\/\/observatorioconurbano.ungs.edu.ar\/Newsletter\/2021Julio\/index2.html"},{"key":"4082","unstructured":"Gamallo, G. (2017). El gobierno de la pobreza en la Argentina de la posconvertibilidad. El Ministerio de Desarrollo Social de la Naci\u00f3n. Centros de Estudios para el Cambio Estructural (CECE)."},{"key":"4083","unstructured":"Goldstein, F. (2018). El Sistema de Protecci\u00f3n Integral en la Provincia de Buenos Aires: definici\u00f3n de competencias y capacidades estatales para el gobierno de la infancia y adolescencia. Jornadas de Sociolog\u00eda de la Universidad Nacional de la Plata."},{"key":"4084","doi-asserted-by":"crossref","unstructured":"Grassi, E. (2012). Pol\u00edtica socio laboral en la argentina contempor\u00e1nea. Alcances, novedades y salvedades. Revista Ciencias Sociales, 1(135-136), 185-198.","DOI":"10.15517\/rcs.v0i135-136.3676"},{"key":"4085","unstructured":"Hintze, S. (2014). Las pol\u00edticas p\u00fablicas para la econom\u00eda social y solidaria: cuestiones en debate. Revista del Plan F\u00e9nix, (37), 20-27."},{"key":"4086","doi-asserted-by":"crossref","unstructured":"Hudson, J. (2016). Pol\u00edticas p\u00fablicas y empresas recuperadas por sus obreros en Argentina. Un an\u00e1lisis del Programa de Trabajo Autogestionado 2004-2012. Revista de Ciencias Sociales Apuntes, 3(79), 157-184.","DOI":"10.21678\/apuntes.79.869"},{"key":"4087","unstructured":"Magistris, G. (2013) La territorializaci\u00f3n de las pol\u00edticas y programas de protecci\u00f3n de derechos de los ni\u00f1os, ni\u00f1as y adolescentes en la provincia de Buenos Aires. Universidad de Buenos Aires."},{"key":"4088","unstructured":"Maldovan, J. & Dzembrowski, N. (2010). Asociatividad y trabajo: una comparaci\u00f3n de casos entre cooperativas provenientes de recuperaci\u00f3n de empresas y cooperativas de recuperadores urbanos en el \u00e1rea metropolitana de buenos aires. Revista Cr\u00edtica de Ciencias Sociales y Jur\u00eddicas. (Especial), 1-20."},{"key":"4089","unstructured":"Mayntz, R. (2001). El Estado y la sociedad civil en la gobernanza moderna. Reforma y democracia, (21), 7-22."},{"key":"4090","unstructured":"Mayntz, R. (2006). Governance en el Estado moderno. PostData, (11), 103-120."},{"key":"4091","unstructured":"Mart\u00ednez, C. (2019). El rol del gobierno provincial en el financiamiento de los municipios (20132018). Para el Conurbano, no alcanza, Conurbano en Debate, Observatorio del Conurbano (ICO-UNGS). http:\/\/observatorioconurbano.ungs.edu.ar\/?p=10066."},{"key":"4092","unstructured":"Ministerio de Desarrollo de la comunidad. (2021). Unidades de desarrollo infantil por tipo de gesti\u00f3n y becas."},{"key":"4093","unstructured":"Mu\u00f1oz, A. (2019). Voluntades populares, voluntades laborales. El caso de la Confederaci\u00f3n de los Trabajadores de la Econom\u00eda Popular. Trabajo y Sociedad, (32), 479-510."},{"key":"4094","unstructured":"Natera, A. (2004). La noci\u00f3n de gobernanza como gesti\u00f3n p\u00fablica participativa y reticular. Universidad Carlos III de Madrid."},{"key":"4095","unstructured":"P\u00edrez, P. (2010). Para pensar el gobierno metropolitano de Buenos Aires. A. Cicioni (comp.) La Gran Buenos Aires, 241-263."},{"key":"4096","unstructured":"Prats, J. (2001). Gobernabilidad democr\u00e1tica para el desarrollo humano. Marco conceptual y anal\u00edtico. Revista Instituciones y desarrollo, 10(1), 103-148."},{"key":"4097","doi-asserted-by":"crossref","unstructured":"Rofman, A. (2014). Participaci\u00f3n ciudadana y territorio en el Gran Buenos Aires. territorios, (31), 37-56.","DOI":"10.12804\/territ31.2014.02"},{"key":"4098","unstructured":"Rofman, A. (2019). El escenario participativo de base popular en el Gran Buenos Aires en tiempos neoliberales: huellas de la historia reciente y cambios emergentes. Ciudadan\u00edas. Revista de Pol\u00edticas Sociales Urbanas, (4), 37-70."},{"key":"4099","unstructured":"Rofman, A. & Foglia, C. (2014). Pol\u00edticas participativas locales en ciudades bonaerenses, Argentina. Revista Proyecci\u00f3n, (16), 150-175."},{"key":"4100","unstructured":"Rofman, A. & Foglia, C. (2015). La participaci\u00f3n ciudadana local en la historia argentina reciente (de los\u2019 90 a la actualidad): asistencia, movilizaci\u00f3n, institucionalizaci\u00f3n. Revista Estado y Pol\u00edticas P\u00fablicas, (5), 41-61."},{"key":"4101","doi-asserted-by":"crossref","unstructured":"Schneider, C. & Welp, Y. (2011). \u00bfTransformaci\u00f3n democr\u00e1tica o control pol\u00edtico? An\u00e1lisis comparado de la participaci\u00f3n ciudadana institucional en Am\u00e9rica del Sur. \u00cdconos. Revista de Ciencias Sociales, (40), 21-39.","DOI":"10.17141\/iconos.40.2011.444"},{"key":"4102","unstructured":"Subirats, J. (2019). Dilemas: gobierno multinivel, gobernanza en red y coproducci\u00f3n de pol\u00edticas. En G\u00f3mez-\u00c1lvarez D., Rajack R., L\u00f3pez-Moreno, E y Lanfranchi Gabriel (eds) Gobernanza Metropolitana: El gobierno de las metr\u00f3polis para el desarrollo urbano sostenible (pp.92-104). Banco Interamericano de Desarrollo"},{"key":"4103","unstructured":"Vuotto, M. (2011). Acerca del cooperativismo del trabajo en la Argentina. Voces en el F\u00e9nix, (6), 18-23."},{"key":"4104","unstructured":"Ziccardi, A. (2004). Participaci\u00f3n ciudadana y pol\u00edticas sociales del \u00e1mbito local. UNAM-Instituto de Investigaciones Sociales\/Instituto Nacional de Desarrollo Social\/Consejo Mexicano de Ciencias Sociales."},{"key":"4105","doi-asserted-by":"crossref","unstructured":"Zurbriggen, C. (2014). Pol\u00edticas latinoamericanas en la gesti\u00f3n del agua: De la gobernanza neoliberal a una gobernanza p\u00fablica. Agua y Territorio\/Water and Landscape, (3), 89-99.","DOI":"10.17561\/at.v1i3.1427"}],"container-title":["Administraci\u00f3n &amp; Desarrollo"],"link":[{"URL":"https:\/\/revistas.esap.edu.co\/index.php\/admindesarro\/article\/download\/648\/570","content-type":"application\/pdf","content-version":"vor","intended-application":"text-mining"},{"URL":"https:\/\/revistas.esap.edu.co\/index.php\/admindesarro\/article\/download\/648\/559","content-type":"text\/xml","content-version":"vor","intended-application":"text-mining"},{"URL":"https:\/\/revistas.esap.edu.co\/index.php\/admindesarro\/article\/download\/648\/548","content-type":"unspecified","content-version":"vor","intended-application":"similarity-checking"}],"deposited":{"date-parts":[[2022,7,29]],"date-time":"2022-07-29T15:28:17Z","timestamp":1659108497000},"score":0.0,"resource":{"primary":{"URL":"https:\/\/revistas.esap.edu.co\/index.php\/admindesarro\/article\/view\/648"}},"issued":{"date-parts":[[2021,6,30]]},"references-count":34,"journal-issue":{"issue":"1","published-online":{"date-parts":[[2021,6,30]]}},"URL":"https:\/\/doi.org\/10.22431\/25005227.vol51n1.3","ISSN":["2500-5227","0120-3754"],"issn-type":[{"type":"electronic","value":"2500-5227"},{"type":"print","value":"0120-3754"}],"published":{"date-parts":[[2021,6,30]]}},{"indexed":{"date-parts":[[2025,12,31]],"date-time":"2025-12-31T19:49:56Z","timestamp":1767210596162,"version":"3.48.0"},"reference-count":25,"publisher":"Escuela Superior de Administracion Publica","issue":"1","license":[{"start":{"date-parts":[[2025,6,20]],"date-time":"2025-06-20T00:00:00Z","timestamp":1750377600000},"content-version":"unspecified","delay-in-days":0,"URL":"https:\/\/creativecommons.org\/licenses\/by-nc-sa\/4.0"}],"content-domain":{"domain":[],"crossmark-restriction":false},"short-container-title":["Adm. Desarro."],"abstract":"<jats:p>Citizen participation forums are established as essential spaces for the exchange of ideas, deliberation, and analysis of public policies. These forums can bring together a diverse and numerous group of civil society representatives around a specific topic and with concrete objectives.\nIn this work, we will analyze the fundamental role of citizen participation forums in participatory processes at the regional and local levels. We will examine their characteristics, scope, and limitations as tools for fostering a more inclusive and participatory democracy. Through this analysis, we will highlight how these spaces facilitate dialogue and cooperation among different social and governmental actors.\nTo complement our analysis, we will present two practical cases of citizen participation forums: one conducted in a municipality and another in an autonomous community of Spain. These examples will demonstrate the functioning and effectiveness of the forums in specific contexts, providing a comprehensive understanding of their impact and relevance.<\/jats:p>","DOI":"10.22431\/25005227.1218","type":"journal-article","created":{"date-parts":[[2025,7,9]],"date-time":"2025-07-09T13:46:52Z","timestamp":1752068812000},"page":"e1218","source":"Crossref","is-referenced-by-count":0,"title":["El foro: instrumento de participaci\u00f3n ciudadana","Forum: an instrument for citizen participation","O f\u00f3rum: um instrumento de participa\u00e7\u00e3o cidad\u00e3"],"prefix":"10.22431","volume":"55","author":[{"ORCID":"https:\/\/orcid.org\/0009-0002-7938-693X","authenticated-orcid":false,"given":"David","family":"Caama\u00f1o Villanueva","sequence":"first","affiliation":[],"role":[{"role":"author","vocabulary":"crossref"}]}],"member":"9723","published-online":{"date-parts":[[2025,6,20]]},"reference":[{"key":"22003","unstructured":"Aba-Catoira, A. (2019). \u00abRealidad social\/realidad pol\u00edtica\/realidad jur\u00eddica: Relaciones a tres bandas entre la ciudadan\u00eda, parlamento y gobierno\u00bb. Revista \"Cuadernos Manuel Gim\u00e9nez Abad\", 18, 164-179. https:\/\/www.fundacionmgimenezabad.es\/sites\/default\/files\/Publicar\/publicaciones\/documentos\/cuadernos_18_diciembre_2019.pdf"},{"key":"22004","unstructured":"Aguado i Hern\u00e1ndez, J; Sigalat Signes, E; y Calvo Palomares, R. (2024). \u00abNuevos municipalismos y participaci\u00f3n en tiempos de pandemia. El caso del \u00e1rea metropolitana de Valencia (Espa\u00f1a)\u00bb. Aposta: Revista de ciencias sociales, 103, 1696-7348. https:\/\/www.apostadigital.com\/revistav3\/hemeroteca\/jaguado2.pdf"},{"key":"22005","unstructured":"Arauz Ch\u00e1vez, M.R, y Delgado Aguilera, R.L. (2024). \u00abParticipaci\u00f3n ciudadana en la constituci\u00f3n del ecuador: asunto de gesti\u00f3n en las pol\u00edticas p\u00fablicas\u00bb. Revista del Centro de Investigaci\u00f3n de Ciencias Administrativas y Gerenciales, 21, 27-57. https:\/\/ojs.urbe.edu\/index.php\/cicag\/issue\/view\/291"},{"key":"22006","doi-asserted-by":"publisher","DOI":"10.24965\/gapp.11344"},{"key":"22007","doi-asserted-by":"publisher","DOI":"10.37230\/CyTET.2024.221.6"},{"key":"22008","doi-asserted-by":"publisher","DOI":"10.33732\/shj.v4i1.122"},{"key":"22009","unstructured":"Dom\u00e9nech Alegre, S. (2024) \u00abParticipaci\u00f3n ciudadana: un parlamento abierto\u00bb, en Sarmiento M\u00e9ndez, X.A, y Visedo Maz\u00f3n, F.J (eds.), El parlamento contempor\u00e1neo: El presente y sus retos, (pp. 107-129). Colecci\u00f3n Obras colectivas, Fundaci\u00f3n Manuel Gim\u00e9nez Abad. https:\/\/www.fundacionmgimenezabad.es\/publicaciones-libros-por-capitulos\/el-parlamento-contemporaneo-el-presente-y-sus-retos-xxv-jornadas"},{"key":"22010","unstructured":"Fern\u00e1ndez Ramos, S. (2019). \u00abLas consultas populares no referendarias mediante votaci\u00f3n: \u00bfun artificio del derecho p\u00fablico espa\u00f1ol?\u00bb Revista General de Derecho Administrativo, 52, https:\/\/www.iustel.com\/v2\/revistas\/detalle_revista.asp?id_noticia=421881"},{"key":"22011","unstructured":"Fern\u00e1ndez Ramos, S, y P\u00e9rez Mongui\u00f3, J. M. (2019). Vox populi: consultas populares y procesos participativos. Thomson Reuters Aranzadi."},{"key":"22012","doi-asserted-by":"publisher","DOI":"10.47919\/FMGA.OC22.0111"},{"key":"22013","unstructured":"Font, J, y Blanco, I. (2007). \u00abConclusiones\u00bb, en Font, J. (ed), Ciudadanos y decisiones p\u00fablicas, (pp. 219-237). Ariel Ciencia Pol\u00edtica."},{"key":"22014","unstructured":"Garrote Campillay, E.A, y Fern\u00e1ndez Mu\u00f1oz, A. (2025). \u00abPercepciones y pr\u00e1cticas de participaci\u00f3n ciudadana como instrumento para la gobernanza. Caso de estudio: Parque Kaukari, Copiap\u00f3, Regi\u00f3n de Atacama\u00bb, Reflexiones. Universidad de Costa Rica, 104 (2). https:\/\/doi.org\/10.15517\/rr.v104i2.59572"},{"key":"22015","doi-asserted-by":"publisher","DOI":"10.37811\/cl_rcm.v8i1.9963"},{"key":"22016","doi-asserted-by":"publisher","DOI":"10.46652\/runas.v5i9.178"},{"key":"22017","unstructured":"Mas Mas, A. (2018). \u00abParticipaci\u00f3n ciudadana en Valencia\u00bb, en G\u00fcemes, C, Resina, J, y Cruz-Rubio, C (eds), Participaci\u00f3n ciudadana: experiencias inspiradoras en Espa\u00f1a, (pp. 139-146). Centro de Estudios y constitucionales."},{"key":"22018","unstructured":"Mori, L. (2006). Immaginare pratiche democratiche, Univesit\u00e0 di Pisa, visto en Tur Asina, R. (2013). Leyes de participaci\u00f3n ciudadana: las experiencias canaria y valenciana, Revista Aragonesa de Administraci\u00f3n P\u00fablica, 14. 203-232."},{"key":"22019","doi-asserted-by":"publisher","DOI":"10.71296\/raap.95"},{"key":"22020","unstructured":"Porro Guti\u00e9rrez, J.M. (2019). \u00abLa participaci\u00f3n ciudadana no es una opci\u00f3n. La orientaci\u00f3n deliberativa de los Gobiernos Locales\u00bb, en Zambonino Pulito, M. (dir.), Buen gobierno y buena administraci\u00f3n. Cuestiones claves, (pp. 125-156). Iustel."},{"key":"22021","doi-asserted-by":"publisher","DOI":"10.36390\/telos261.13"},{"key":"22022","unstructured":"Subirats, J. (2007). \u00abNuevos mecanismos participativos y democracia: promesas y amenazas\u00bb, en Font, J. (coord.), Ciudadanos y decisiones p\u00fablicas, (pp. 33-42). Ariel Ciencia Pol\u00edtica."},{"key":"22023","unstructured":"Jurisprudencia"},{"key":"22024","unstructured":"Sentencia del Tribunal Superior de Justicia de Catalu\u00f1a [STSC], de 25 de octubre, 2019, n\u00fam. 847\/2019."},{"key":"22025","unstructured":"Sentencia del Tribunal Constitucional [STC], de 11 de septiembre, 2008, n\u00fam. 103\/2008."},{"key":"22026","unstructured":"Sentencia del Tribunal Constitucional [STC], de 17 de julio, 1995, n\u00fam. 119\/1995."},{"key":"22027","unstructured":"Sentencia del Tribunal Constitucional [STC], de 14 de marzo, 1994, n\u00fam. 80\/1994."}],"container-title":["Administraci\u00f3n &amp; Desarrollo"],"link":[{"URL":"https:\/\/revistas.esap.edu.co\/index.php\/admindesarro\/article\/download\/foro_instrumento_de_participacion_ciudadana\/800","content-type":"application\/pdf","content-version":"vor","intended-application":"text-mining"},{"URL":"https:\/\/revistas.esap.edu.co\/index.php\/admindesarro\/article\/download\/foro_instrumento_de_participacion_ciudadana\/824","content-type":"text\/xml","content-version":"vor","intended-application":"text-mining"},{"URL":"https:\/\/revistas.esap.edu.co\/index.php\/admindesarro\/article\/download\/foro_instrumento_de_participacion_ciudadana\/800","content-type":"unspecified","content-version":"vor","intended-application":"similarity-checking"}],"deposited":{"date-parts":[[2025,12,31]],"date-time":"2025-12-31T19:47:30Z","timestamp":1767210450000},"score":0.0,"resource":{"primary":{"URL":"https:\/\/revistas.esap.edu.co\/index.php\/admindesarro\/article\/view\/foro_instrumento_de_participacion_ciudadana"}},"issued":{"date-parts":[[2025,6,20]]},"references-count":25,"journal-issue":{"issue":"1","published-online":{"date-parts":[[2025,2,3]]}},"URL":"https:\/\/doi.org\/10.22431\/25005227.1218","ISSN":["2500-5227","0120-3754"],"issn-type":[{"type":"electronic","value":"2500-5227"},{"type":"print","value":"0120-3754"}],"published":{"date-parts":[[2025,6,20]]}},{"indexed":{"date-parts":[[2025,12,31]],"date-time":"2025-12-31T20:19:24Z","timestamp":1767212364271,"version":"3.48.0"},"reference-count":0,"publisher":"Escuela Superior de Administracion Publica","issue":"1","license":[{"start":{"date-parts":[[2016,6,21]],"date-time":"2016-06-21T00:00:00Z","timestamp":1466467200000},"content-version":"unspecified","delay-in-days":0,"URL":"http:\/\/creativecommons.org\/licenses\/by-nc-nd\/4.0"}],"content-domain":{"domain":[],"crossmark-restriction":false},"short-container-title":["Adm. Desarro."],"abstract":"<jats:p>In this article the contents of the Free Trade Agreement between Colombia and South Korea are discussed, based on a critic discourse analysis, which allows identifying the relationships of power. Addition\u00acally, some other particular features of different free trade agreements are analyzed from a linguistic perspective; bearing in mind different variables such as, goods access to the market, customs procedure, trade defense, public procurement, intellectual property rights, labor issues and environment. The results are displayed based on a content discursive analysis process of free trade agreements in three different levels: text grammar, pragmatics and psychosocial perspective, to understand the discourse\u2019s role in the interpretation and reproduction of the social domination.<\/jats:p>","DOI":"10.22431\/25005227.17","type":"journal-article","created":{"date-parts":[[2017,7,5]],"date-time":"2017-07-05T12:05:54Z","timestamp":1499256354000},"page":"9-22","source":"Crossref","is-referenced-by-count":0,"title":["Alcances del tratado de libre comercio Colombia-Corea del sur desde el an\u00e1lisis cr\u00edtico del discurso (ACD)","The range of the Free trade agreement between Colombia and South Korea from a critical discourse analysis perspective"],"prefix":"10.22431","volume":"46","author":[{"given":"Cristian","family":"Yepes Lugo","sequence":"first","affiliation":[],"role":[{"role":"author","vocabulary":"crossref"}]},{"given":"Robert","family":"Ojeda P\u00e9rez","sequence":"additional","affiliation":[],"role":[{"role":"author","vocabulary":"crossref"}]},{"given":"Ofelia","family":"Castro Castell","sequence":"additional","affiliation":[],"role":[{"role":"author","vocabulary":"crossref"}]}],"member":"9723","published-online":{"date-parts":[[2016,6,21]]},"container-title":["Administraci\u00f3n &amp; Desarrollo"],"link":[{"URL":"https:\/\/revistas.esap.edu.co\/index.php\/admindesarro\/article\/download\/17\/pdf","content-type":"application\/pdf","content-version":"vor","intended-application":"text-mining"},{"URL":"https:\/\/revistas.esap.edu.co\/index.php\/admindesarro\/article\/download\/17\/pdf","content-type":"unspecified","content-version":"vor","intended-application":"similarity-checking"}],"deposited":{"date-parts":[[2025,12,31]],"date-time":"2025-12-31T20:17:02Z","timestamp":1767212222000},"score":0.0,"resource":{"primary":{"URL":"https:\/\/revistas.esap.edu.co\/index.php\/admindesarro\/article\/view\/17"}},"issued":{"date-parts":[[2016,6,21]]},"references-count":0,"journal-issue":{"issue":"1","published-online":{"date-parts":[[2016,6,21]]}},"URL":"https:\/\/doi.org\/10.22431\/25005227.17","ISSN":["2500-5227","0120-3754"],"issn-type":[{"type":"electronic","value":"2500-5227"},{"type":"print","value":"0120-3754"}],"published":{"date-parts":[[2016,6,21]]}},{"indexed":{"date-parts":[[2026,7,3]],"date-time":"2026-07-03T23:33:25Z","timestamp":1783121605710,"version":"3.54.6"},"reference-count":0,"publisher":"Escuela Superior de Administracion Publica","issue":"59","license":[{"start":{"date-parts":[[2014,12,1]],"date-time":"2014-12-01T00:00:00Z","timestamp":1417392000000},"content-version":"unspecified","delay-in-days":0,"URL":"http:\/\/creativecommons.org\/licenses\/by-nc-nd\/4.0"}],"content-domain":{"domain":[],"crossmark-restriction":false},"short-container-title":["Adm. Desarro."],"abstract":"<jats:p>La reflexi\u00f3n propuesta en este art\u00edculo busca formular una cr\u00edtica argumentada a los principios o supuestos b\u00e1sicos que sustentan lo que aqu\u00ed hemos denominado la concepci\u00f3n convencional de ciudadan\u00eda. Para esto, se soporta en una bibliograf\u00eda de trabajos acad\u00e9micos que presentan el denominador com\u00fan de una apuesta por construir nuevos marcos conceptuales e investigativos desde los cuales abordarla y caracterizarla. Asumen los mismos que para la edificaci\u00f3n de la ciudadan\u00eda no es suficiente su promulgaci\u00f3n por constituciones o leyes, sino que cobra vida, en una trama compleja de acciones, interacciones y relaciones pol\u00edticas.<\/jats:p>","DOI":"10.22431\/25005227.107","type":"journal-article","created":{"date-parts":[[2017,7,5]],"date-time":"2017-07-05T16:06:06Z","timestamp":1499270766000},"page":"87-98","source":"Crossref","is-referenced-by-count":1,"title":["Aportes para pensar la ciudadan\u00eda Por una cr\u00edtica a su concepci\u00f3n convencional"],"prefix":"10.22431","volume":"43","author":[{"given":"Jesus Maria","family":"Molina\u00a0Giraldo","sequence":"first","affiliation":[],"role":[{"vocabulary":"crossref","role":"author"}]}],"member":"9723","published-online":{"date-parts":[[2014,12,1]]},"container-title":["Administraci\u00f3n &amp; Desarrollo"],"link":[{"URL":"https:\/\/revistas.esap.edu.co\/index.php\/admindesarro\/article\/download\/107\/pdf","content-type":"application\/pdf","content-version":"vor","intended-application":"text-mining"},{"URL":"https:\/\/revistas.esap.edu.co\/index.php\/admindesarro\/article\/download\/107\/pdf","content-type":"unspecified","content-version":"vor","intended-application":"similarity-checking"}],"deposited":{"date-parts":[[2021,11,12]],"date-time":"2021-11-12T19:11:21Z","timestamp":1636744281000},"score":0.0,"resource":{"primary":{"URL":"https:\/\/revistas.esap.edu.co\/index.php\/admindesarro\/article\/view\/107"}},"issued":{"date-parts":[[2014,12,1]]},"references-count":0,"journal-issue":{"issue":"59","published-online":{"date-parts":[[2014,12,1]]}},"URL":"https:\/\/doi.org\/10.22431\/25005227.107","ISSN":["2500-5227","0120-3754"],"issn-type":[{"value":"2500-5227","type":"electronic"},{"value":"0120-3754","type":"print"}],"published":{"date-parts":[[2014,12,1]]}},{"indexed":{"date-parts":[[2026,8,28]],"date-time":"2026-08-28T15:28:16Z","timestamp":1787930896610,"version":"build-2784847793"},"reference-count":110,"publisher":"Escuela Superior de Administracion Publica","issue":"34","license":[{"start":{"date-parts":[[2025,12,10]],"date-time":"2025-12-10T00:00:00Z","timestamp":1765324800000},"content-version":"unspecified","delay-in-days":0,"URL":"https:\/\/creativecommons.org\/licenses\/by-nc-sa\/4.0"}],"content-domain":{"domain":[],"crossmark-restriction":false},"short-container-title":["Nova vetera"],"abstract":"<jats:p>Problem statement: Displaced Indigenous women in Colombia continue to face rights violations despite having regulatory protection mechanisms. Objective: Compare social and institutional discourses on the protection of Indigenous women's rights in Colombia since Auto 092 of 2008, to understand changes and continuities in the public agenda and its implementation, considering the intersections of gender and ethnicity in transitional scenarios marked by three presidential administrations during the post-agreement with the FARC-EP (2016-2024). Methodology: A qualitative hermeneutic study based on the archaeology and genealogy of the Foucauldian discourse of 41 public documents. Results: The findings reveal a dominant legal knowledge that has rendered community practices and specific forms of protection invisible, subordinating other truth regimes such as ancestral or Indigenous feminist truths. Conclusion: The omission of dominant legal knowledge limits the effectiveness of public policies and reinforces colonial practices within institutions. Furthermore, it is concluded that the figure of the \"protected indigenous woman\" does not pre-exist in law, but rather an institutionalized discursive construction under the pressure of historical struggles and organizational processes.<\/jats:p>","DOI":"10.22431\/25005103.1294","type":"journal-article","created":{"date-parts":[[2025,12,17]],"date-time":"2025-12-17T18:40:58Z","timestamp":1765996858000},"source":"Crossref","is-referenced-by-count":0,"title":["Protecci\u00f3n de las mujeres ind\u00edgenas en Colombia (2016 \u2013 2024): comparaci\u00f3n de discursos sociales e institucionales a partir del Auto 092 de 2008","Protection of Indigenous Women in Colombia (2016 \u2013 2024): A comparison of social and institutional discourses based on Auto 092 of 2008"],"prefix":"10.22431","author":[{"ORCID":"https:\/\/orcid.org\/0009-0003-0845-3784","authenticated-orcid":false,"given":"Gloria Jannette","family":"Jojoa Jamioy","sequence":"first","affiliation":[],"role":[{"vocabulary":"crossref","role":"author"}]}],"member":"9723","published-online":{"date-parts":[[2025,12,10]]},"reference":[{"key":"29079","unstructured":"Abad\u00eda, M. (2014). Pol\u00edtica criminal por medio del uso de indicadores: el caso de la violencia sexual en el conflicto armado colombiano. International Law, Revista Colombiana de Derecho Internacional, (25), 53-90. http:\/\/dx.doi.org\/10.11144\/Javeriana.il14-25.pcpm"},{"key":"29080","doi-asserted-by":"publisher","DOI":"10.18356\/a48f3cca-es"},{"key":"29081","unstructured":"ABColombia (2018). Hacia un Cambio Transformador: las mujeres y la implementaci\u00f3n del Acuerdo de Paz colombiano. https:\/\/www.abcolombia.org.uk\/hacia-un-cambio-transformador-es\/"},{"key":"29082","doi-asserted-by":"publisher","DOI":"10.11144\/Javeriana.upsy16-3.acpi"},{"key":"29083","unstructured":"Bermeo, D. (2011). An\u00e1lisis del Auto 092 de 2008 de la Corte Constitucional desde la perspectiva de g\u00e9nero. FORUM, (2), 155 \u2013 175. https:\/\/repositorio.unal.edu.co\/handle\/unal\/42693"},{"key":"29084","unstructured":"Berm\u00fadez, G. (2019). El remez\u00f3n de la naci\u00f3n tras los Acuerdos de paz: el g\u00e9nero en la configuraci\u00f3n del campo pol\u00edtico colombiano. Tesis de maestr\u00eda. Facultad Latinoamericana de Ciencias Sociales FLACSO Ecuador - Departamento Sociolog\u00eda y Estudios de G\u00e9nero. https:\/\/repositorio.flacsoandes.edu.ec\/xmlui\/handle\/10469\/15677"},{"key":"29085","doi-asserted-by":"publisher","DOI":"10.18235\/0003663"},{"key":"29086","unstructured":"Cabnal, L. (S.f.). Acercamiento a la construcci\u00f3n de la propuesta de pensamiento epist\u00e9mico de las mujeres ind\u00edgenas feministas comunitarias de Abya Yala. Artesana \u2013 La casa de las mujeres. https:\/\/www.elizabethruano.com\/wp-content\/uploads\/2019\/07\/Cabnal-2010-Propuesta-de-Pensamiento-Epistemico-Mujeres-Indigenas.pdf"},{"key":"29087","unstructured":"Cejudo, G. (2008). Discurso y pol\u00edticas p\u00fablicas: enfoque constructivista. Documento de Trabajo. Centro de Investigaci\u00f3n y Docencia Econ\u00f3micas, Divisi\u00f3n de Administraci\u00f3n P\u00fablica CIDE. https:\/\/repositorio-digital.cide.edu\/handle\/11651\/817"},{"key":"29088","unstructured":"Centro Nacional de Memoria Hist\u00f3rica. (2018). Memorias plurales: experiencias y lecciones aprendidas para el desarrollo de los enfoques diferenciales en el Centro Nacional de Memoria Hist\u00f3rica. Balance de la contribuci\u00f3n del CNMH al esclarecimiento hist\u00f3rico. https:\/\/centrodememoriahistorica.gov.co\/wp-content\/uploads\/2020\/01\/MEMORIAS_PLURALES.pdf"},{"key":"29089","unstructured":"Comisi\u00f3n Nacional de Memoria Hist\u00f3rica. (2020). Los pueblos ind\u00edgenas v\u00edctimas de violencias de larga duraci\u00f3n. https:\/\/centrodememoriahistorica.gov.co\/pueblos-indigenas-victimas-de-violencias-de-larga-duracion\/"},{"key":"29090","unstructured":"Comisi\u00f3n para el Esclarecimiento de la Verdad, la Convivencia y la No Repetici\u00f3n. Casos de profundizaci\u00f3n Pueblos"},{"key":"29091","unstructured":"\u00c9tnicos. (S.f.). Resistir no es aguantar. Violencias y da\u00f1os contra las mujeres ind\u00edgenas en medio del conflicto armado en Colombia. https:\/\/www.comisiondelaverdad.co\/sites\/default\/files\/2022-08\/04_Casos_Ind%C3%ADgenas-pdf-9.4MB.pdf"},{"key":"29092","doi-asserted-by":"publisher","DOI":"10.22431\/25005103.n31.3"},{"key":"29093","unstructured":"Corte Constitucional, Sala Tercera de Revisi\u00f3n. Sentencia T-025 de 2004, M.P. Manuel Jos\u00e9 Cepeda Espinosa; 22 de enero de 2004."},{"key":"29094","unstructured":"Corte Constitucional, Sala Segunda de Revisi\u00f3n. Auto 092 de 2008, M.P. Manuel Jos\u00e9 Cepeda Espinosa; 14 de abril de 2008."},{"key":"29095","unstructured":"Corte Constitucional de Colombia. Sala Especial de Seguimiento a la Sentencia T-025 del 2004. Auto 237 de 2008, M.P. Manuel Jos\u00e9 Cepeda Espinosa; 19 de septiembre de 2008."},{"key":"29096","unstructured":"Corte Constitucional de Colombia. Sala Especial de Seguimiento a la Sentencia T-025 del 2004. Auto 004 de 2009, M.P. Manuel Jos\u00e9 Cepeda Espinosa; 26 de enero de 2009."},{"key":"29097","unstructured":"Corte Constitucional de Colombia. Sala Especial de Seguimiento a la Sentencia T-025 del 2004. Auto 098 de 2013, M.P. Luis Ernesto Vargas Silva. 21 de mayo de 2013."},{"key":"29098","unstructured":"Corte Constitucional de Colombia. Sala Especial de Seguimiento Sentencia T-025 de 2004. Auto 145 de 2013, M.P. Luis Ernesto Vargas Silva. 12 de julio de 2013."},{"key":"29099","unstructured":"Corte Constitucional de Colombia. Sala Especial de Seguimiento Sentencia T-025 de 2004. Auto 196 de 2014, M.P. Luis Ernesto Vargas Silva. 1 de julio de 2014."},{"key":"29100","unstructured":"Corte Constitucional de Colombia. Sala Especial de Seguimiento Sentencia T-025 de 2004. Auto 443 de 2015, M.P. Luis Ernesto Vargas Silva. 25 de septiembre de 2015."},{"key":"29101","unstructured":"Corte Constitucional de Colombia. Sala Especial de Seguimiento Sentencia T-025 de 2004. Auto 438 de 2016, M.P. Luis Ernesto Vargas Silva. 19 de septiembre de 2016."},{"key":"29102","unstructured":"Corte Constitucional de Colombia. Sala Especial de Seguimiento Sentencia T-025 de 2004. Auto 266 de 2017, M.P. Gloria Stella Ortiz Delgado; 12 de junio de 2017."},{"key":"29103","unstructured":"Corte Constitucional de Colombia. Sala Especial de Seguimiento Sentencia T-025 de 2004. Auto 737 de 2017, M.P. Gloria Stella Ortiz Delgado; 18 de diciembre de 2017."},{"key":"29104","unstructured":"Corte Constitucional de Colombia. Sala Especial de Seguimiento Sentencia T-025 de 2004. Auto 681 de 2018, M.P. Gloria Stella Ortiz Delgado; 19 de octubre de 2018."},{"key":"29105","unstructured":"Corte Constitucional de Colombia. Sala Especial de Seguimiento Sentencia T-025 de 2004. Auto 331 de 2019. M.P. Gloria Stella Ortiz Delgado; 20 de junio de 2019."},{"key":"29106","unstructured":"Corte Constitucional de Colombia. Sala Especial de Seguimiento Sentencia T-025 de 2004. Auto 166 de 2020. M.P. Gloria Stella Ortiz Delgado; 11 de mayo de 2020."},{"key":"29107","unstructured":"Corte Constitucional de Colombia. Sala Especial de Seguimiento Sentencia T-025 de 2004. Auto 922 de 2021. M.P. Gloria Stella Ortiz Delgado; 5 de noviembre de 2021."},{"key":"29108","unstructured":"Corte Constitucional de Colombia. Sala Especial de Seguimiento Sentencia T-025 de 2004. Auto 390 de 2024. M.S. Natalia \u00c1ngel Cabo; 23 de febrero de 2024."},{"key":"29109","unstructured":"Corte Constitucional de Colombia. Sala Especial de Seguimiento Sentencia T-025 de 2004. Auto 549 de 2024. M.S. Natalia \u00c1ngel Cabo; 19 de marzo de 2024."},{"key":"29110","unstructured":"Corte Constitucional de Colombia. Sala Especial de Seguimiento Sentencia T-025 de 2004. Auto 1846 de 2024. M.S. Jos\u00e9 Fernando Reyes Cuartas; 13 de noviembre de 2024."},{"key":"29111","unstructured":"Comisi\u00f3n Interamericana de Derechos Humanos CIDH: Convenci\u00f3n Americana sobre Derechos Humanos. 22 de noviembre de 1969."},{"key":"29112","unstructured":"Corte Interamericana de Derechos Humanos CIDH. (2021). Cuadernillo de Jurisprudencia de la Corte Interamericana de Derechos Humanos No. 11: Pueblos ind\u00edgenas y tribales. https:\/\/www.corteidh.or.cr\/sitios\/libros\/todos\/docs\/cuadernillo11_2021.pdf"},{"key":"29113","unstructured":"Corporaci\u00f3n SISMA Mujer y Red Nacional de Mujeres Defensoras de Derechos Humanos. (2019). Informe 7. Situaci\u00f3n de las mujeres defensoras en Colombia 2013 \u2013 2018. Informe de seguimiento al Auto 098 de 2013, presentado a la Corte Constitucional. https:\/\/www.sismamujer.org\/wp-content\/uploads\/2021\/08\/CC-Sisma-RND-PUBLICO-2.pdf"},{"key":"29114","unstructured":"Cristancho, H., Rico, D., y Nates, B. (2024). Territorializaci\u00f3n de Memorias Plurales. Trayectorias de organizaciones de v\u00edctimas del conflicto armado. Universidad de Caldas."},{"key":"29115","unstructured":"Cruz, M. (2012). M\u00faltiples derechos, la misma desprotecci\u00f3n: la eficacia simb\u00f3lica de los derechos de las mujeres. Revista Estudios Socio-Jur\u00eddicos, 14(2), 289-326."},{"key":"29116","unstructured":"Decreto Ley 4633 de 2011. Por medio del cual se dictan medidas de asistencia, atenci\u00f3n, reparaci\u00f3n integral y de restituci\u00f3n de derechos territoriales a las v\u00edctimas pertenecientes a los pueblos y comunidades ind\u00edgenas. 9 de diciembre de 2011."},{"key":"29117","doi-asserted-by":"publisher","DOI":"10.22380\/2539472X.1374"},{"key":"29118","unstructured":"De Marinis, N. (2017). Despojo, materialidad y afectos: la experiencia del desplazamiento forzado entre mujeres triquis. Desacatos, (53), 98-113. https:\/\/doi.org\/10.29340\/53.1693"},{"key":"29119","unstructured":"Departamento Nacional de Planeaci\u00f3n. Gobierno de Colombia. Sinergia, Incidiendo con evidencia. https:\/\/sinergia.dnp.gov.co\/pnd"},{"key":"29120","doi-asserted-by":"publisher","DOI":"10.26807\/rfj.v0i3.39"},{"key":"29121","doi-asserted-by":"publisher","DOI":"10.17533\/udea.espo.n57a04"},{"key":"29122","unstructured":"Foucault, M. (2000). Defender la sociedad. Curso en el Coll\u00e8ge de France (1975-1976). Fondo de Cultura Econ\u00f3mica de Argentina, A.A. Primera edici\u00f3n en espa\u00f1ol. https:\/\/www.uv.mx\/tipmal\/files\/2016\/10\/M-FOUCAULT-DEFENDER-LA-SOCIEDAD.pdf"},{"key":"29123","unstructured":"Foucault, M. (1969). La arqueolog\u00eda del saber. (Garz\u00f3n, A. Trans.). Siglo XXI Editores. https:\/\/desarmandolacultura.wordpress.com\/wp-content\/uploads\/2018\/04\/foucault-michel-la-arqueologia-del-saber.pdf"},{"key":"29124","unstructured":"Fundaci\u00f3n para el Debido Proceso (DPLF, por sus siglas en ingl\u00e9s), Comit\u00e9 Campesino del Altiplano (CCDA), Uni\u00f3n Verapacense de Organizaciones Campesinas (UVOC), Bufete para Pueblos Ind\u00edgenas, Protection International Mesoam\u00e9rica, Fundaci\u00f3n Guillermo Toriello, Asociaci\u00f3n Puente de Paz, Comit\u00e9 de Unidad Campesina (CUC), Bufete Jur\u00eddico de Derechos Humanos (BDH). (2024). Audiencia tem\u00e1tica \u201cGuatemala: Desplazamiento interno forzado de Comunidades ind\u00edgenas y campesinas\u201d. https:\/\/dplf.org\/informe-de-audiencia-tematica-guatemala-desplazamiento-interno-forzado-de-comunidades-indigenas-y-campesinas-ante-la-cidh\/"},{"key":"29125","unstructured":"Garc\u00eda, E. (S.f.). Pol\u00edticas de Igualdad, Equidad y Gender Mainstreaming \u00bfDe qu\u00e9 estamos hablando?: Marco conceptual. Edici\u00f3n revisada y actualizada. \u00c1rea de G\u00e9nero del Centro Regional del PNUD para Am\u00e9rica Latina y el Caribe. https:\/\/www.undp.org\/es\/latin-america\/publicaciones\/politicas-de-igualdad-equidad-y-gender-mainstreaming-de-que-estamos-hablando"},{"key":"29126","doi-asserted-by":"publisher","DOI":"10.17141\/eutopia.8.2015.1830"},{"key":"29127","unstructured":"Gargallo, F. (2014). Feminismos desde Abya Yala. Ideas y proposiciones de las mujeres de 607 pueblos en nuestra Am\u00e9rica. Editorial Corte y Confecci\u00f3n. https:\/\/francescagargallo.wordpress.com\/wp-content\/uploads\/2014\/01\/francesca-gargallo-feminismos-desde-abya-yala-ene20141.pdf"},{"key":"29128","unstructured":"Gobierno de Colombia, Presidencia. (2014-2018). Plan Nacional de Desarrollo, Todos por un nuevo pa\u00eds, Tomo 1. https:\/\/colaboracion.dnp.gov.co\/CDT\/PND\/PND%202014-2018%20Tomo%201%20internet.pdf"},{"key":"29129","unstructured":"Tomo 2. https:\/\/colaboracion.dnp.gov.co\/CDT\/PND\/PND%202014-2018%20Tomo%202%20internet.pdf"},{"key":"29130","unstructured":"Gobierno de Colombia, Presidencia de la Rep\u00fablica (2016). Informe al Congreso \u2013 Territorio de Paz, https:\/\/colaboracion.dnp.gov.co\/CDT\/Sinergia\/Documentos\/Informe_Presidente_al_Congreso_de_la_Republica_2016.pdf"},{"key":"29131","unstructured":"Gobierno de Colombia, Presidencia de la Rep\u00fablica (2017). Informe al Congreso \u2013 Juan Manuel Santos, https:\/\/colaboracion.dnp.gov.co\/CDT\/Sinergia\/Documentos\/Informe%20al%20Congreso%20Presidencia%202017_Baja_f.pdf"},{"key":"29132","unstructured":"Gobierno de Colombia, Presidencia de la Rep\u00fablica (2018). Informe al Congreso \u2013 Juan Manuel Santos, https:\/\/colaboracion.dnp.gov.co\/CDT\/Sinergia\/Documentos\/Informe_al_Congreso_Presidencia_2018_VF.pdf"},{"key":"29133","unstructured":"Gobierno de Colombia, Presidencia. (2018-2022). Plan Nacional de Desarrollo: Pacto por Colombia, Pacto por la Equidad. Tomo 1. https:\/\/colaboracion.dnp.gov.co\/CDT\/portalDNP\/PND-2023\/PND_2018-2022\/pdf\/tomo-1-dnp.pdf"},{"key":"29134","unstructured":"Tomo 2. https:\/\/colaboracion.dnp.gov.co\/CDT\/portalDNP\/PND-2023\/PND_2018-2022\/pdf\/tomo-2-pnd.pdf"},{"key":"29135","unstructured":"Gobierno de Colombia, Presidencia de la Rep\u00fablica (2019). Informe al Congreso \u2013 Iv\u00e1n Duque M\u00e1rquez, https:\/\/colaboracion.dnp.gov.co\/CDT\/Sinergia\/Documentos\/Informe_del_Presidente_al_Congreso_2019_PUBLICADO.pdf"},{"key":"29136","unstructured":"Gobierno de Colombia, Presidencia de la Rep\u00fablica (2020). Informe al Congreso \u2013 Juntos Construimos Pa\u00eds, https:\/\/dapre.presidencia.gov.co\/oci\/DocumentosOCI\/Informe_congreso_2020-IDM.pdf"},{"key":"29137","unstructured":"Gobierno de Colombia, Presidencia de la Rep\u00fablica (2021). Informe al Congreso \u2013 Vacunaci\u00f3n y reactivaci\u00f3n, https:\/\/dapre.presidencia.gov.co\/oci\/DocumentosOCI\/Informe_congreso_2021-IDM.pdf"},{"key":"29138","unstructured":"Gobierno de Colombia, Presidencia de la Rep\u00fablica (2022). Informe al Congreso \u2013 Construimos pa\u00eds, https:\/\/colaboracion.dnp.gov.co\/CDT\/Sinergia\/Documentos\/Informe_congreso_2022-IDM.pdf"},{"key":"29139","unstructured":"Gobierno de Colombia, Presidencia de la Rep\u00fablica (2022 - 2026). Plan Nacional de Desarrollo: Colombia, Potencia Mundial de la Vida, https:\/\/colaboracion.dnp.gov.co\/CDT\/Prensa\/Publicaciones\/plan-nacional-de-desarrollo-2022-2026-colombia-potencia-mundial-de-la-vida.pdf"},{"key":"29140","unstructured":"Gobierno de Colombia, Presidencia de la Rep\u00fablica (2023). Informe al Congreso \u2013 Gustavo Petro Urrego, https:\/\/colaboracion.dnp.gov.co\/CDT\/Sinergia\/Documentos\/Informe_Presidente_al_Congreso_Republica_2023.pdf"},{"key":"29141","unstructured":"Gobierno de Colombia, Presidencia de la Rep\u00fablica (2024). Informe al Congreso\u2013 Gustavo Petro Urrego, https:\/\/colaboracion.dnp.gov.co\/CDT\/Sinergia\/Documentos\/Informe_presidente_al_congreso_rep%C3%BAblica_2024_vw.pdf"},{"key":"29142","unstructured":"Grupo de Trabajo Internacional para Asuntos Ind\u00edgenas (IWGIA) y Organizaci\u00f3n Internacional del Trabajo (OIT). (2020). Realidades de las mujeres ind\u00edgenas: Una mirada desde el Navegador Ind\u00edgena. https:\/\/www.ilo.org\/sites\/default\/files\/wcmsp5\/groups\/public\/%40dgreports\/%40gender\/documents\/publication\/wcms_760040.pdf"},{"key":"29143","unstructured":"Hern\u00e1ndez, A. (2017). Confrontando la Utop\u00eda Desarrollista: El Buen Vivir y la Comunalidad en las luchas de las Mujeres Ind\u00edgenas, en S. Varea y S. Zaragocin, compiladoras. Feminismo y Buen Vivir: Utop\u00edas Decoloniales. PYDLOS Ediciones. https:\/\/rest-dspace.ucuenca.edu.ec\/server\/api\/core\/bitstreams\/099d2ab7-23c1-4eeb-a0d3-94d7d836eef7\/content"},{"key":"29144","unstructured":"Instancia Especial de Alto Nivel de los Pueblos \u00c9tnicos de Colombia. (S.f.). Informes. III Informe sobre la implementaci\u00f3n del Cap\u00edtulo, 2023. Informe Ejecutivo \"Caminamos hacia el Plan Nacional de Desarrollo\", 2022. A cinco a\u00f1os de la implementaci\u00f3n del Cap\u00edtulo \u00c9tnico del Acuerdo de Paz en Colombia: Un balance independiente, 2022. III Balance de la Comisi\u00f3n \u00c9tnica: Un proceso de paz en medio de la guerra, 2021. Informe de seguimiento, impulso y verificaci\u00f3n a la implementaci\u00f3n del Cap\u00edtulo \u00c9tnico del Acuerdo Final para la Terminaci\u00f3n del Conflicto y la Construcci\u00f3n de una Paz Estable y Duradera, 2021. 1er Informe de cumplimiento del Cap\u00edtulo \u00c9tnico en el marco de la implementaci\u00f3n del Acuerdo Final de Paz, 2019. https:\/\/ieanpe.com\/informes\/"},{"key":"29145","doi-asserted-by":"publisher","DOI":"10.22380\/2539472X.962"},{"key":"29146","unstructured":"Ley 387 de 1997. Por la cual se adoptan medidas para la prevenci\u00f3n del desplazamiento forzado; la atenci\u00f3n, protecci\u00f3n, consolidaci\u00f3n y esta estabilizaci\u00f3n socioecon\u00f3mica de los desplazados internos por la violencia en la Rep\u00fablica de Colombia. 18 de julio de 1997. D.O. No. 43091."},{"key":"29147","unstructured":"Ley 1448 de 2011. Por la cual se dictan medidas de atenci\u00f3n, asistencia y reparaci\u00f3n integral a las v\u00edctimas del conflicto armado interno y se dictan otras disposiciones. 10 de julio de 2011. D.O. No. 48096."},{"key":"29148","unstructured":"Ley 2215 de 2022. Por medio de la cual se establecen las Casas de Refugio en el marco de la Ley 1257 de 2008 y se fortalece la pol\u00edtica p\u00fablica en contra de la violencia hacia las mujeres. 23 de junio de 2022."},{"key":"29149","unstructured":"Ley 2421 de 2024. Por la cual se modifica la Ley 1448 de 2011 y se dictan otras disposiciones sobre reparaci\u00f3n a las v\u00edctimas del conflicto armado interno. 22 de agosto de 2024."},{"key":"29150","doi-asserted-by":"publisher","DOI":"10.32870\/lv.v6i50.7013"},{"key":"29151","doi-asserted-by":"publisher","DOI":"10.14198\/INGEO2016.65.11"},{"key":"29152","unstructured":"Macleod, M. (2023). Entre la desaparici\u00f3n y el desplazamiento forzado en M\u00e9xico. Vivencias de dos mujeres buscadoras. Revista Cultura y Representaciones Sociales, 17(34), 1-24."},{"key":"29153","unstructured":"Mantilla, Ch. (2019). Pol\u00edtica p\u00fablica de protecci\u00f3n para defensores colectivos de la tierra y el territorio L\u00edmites y posibilidades en el posacuerdo. Pensamiento y Acci\u00f3n Social (PAS) y Protection International (PI). https:\/\/www.pas.org.co\/_files\/ugd\/b432f9_dbaeacf4203442028c81c203dd465eb5.pdf"},{"key":"29154","unstructured":"Marcos, S. (2010). Cruzando Fronteras. Mujeres ind\u00edgenas y feminismos abajo y a la izquierda. Universidad de la Tierra Chiapas, M\u00e9xico. https:\/\/www.sylviamarcos.org.mx\/cruzando_fronteras.pdf"},{"key":"29155","doi-asserted-by":"publisher","DOI":"10.22431\/25005103.n29.1"},{"key":"29156","unstructured":"Morales, C., P\u00e9rez, R., Riffo, L., y Williner, A. (2020). Desarrollo territorial sostenible y nuevas ciudadan\u00edas. Consideraciones sobre pol\u00edticas p\u00fablicas para un mundo en transformaci\u00f3n. Naciones Unidas, CEPAL. https:\/\/repositorio.cepal.org\/server\/api\/core\/bitstreams\/59e0c82b-1619-493b-b91e-761dd4da6dbc\/content"},{"key":"29157","doi-asserted-by":"publisher","DOI":"10.1590\/1806-9584-2021v29n163207"},{"key":"29158","unstructured":"Ministerio de Justicia, (s.f.). Glosario. https:\/\/www.minjusticia.gov.co\/programas-co\/LegalApp\/Paginas\/glosario-legalapp.aspx#:~:text=Auto,que%20no%20se%20requiere%20sentencia."},{"key":"29159","unstructured":"Naciones Unidas, Asamblea General. Septuag\u00e9simo quinto per\u00edodo de sesiones. Tema 72 b) del programa provisional A\/74\/150. Informe del Relator Especial sobre la promoci\u00f3n de la verdad, la justicia, la reparaci\u00f3n y las garant\u00edas de no repetici\u00f3n. Relator Especial: Fabi\u00e1n Salvioli, 17 de julio de 2020."},{"key":"29160","unstructured":"Naciones Unidas. Asamblea General. Declaraci\u00f3n de las Naciones Unidas sobre los derechos de los pueblos ind\u00edgenas. 13 de septiembre de 2007."},{"key":"29161","doi-asserted-by":"publisher","DOI":"10.5377\/cuadernojurypol.v4i12.11125"},{"key":"29162","unstructured":"Naciones Unidas. Comit\u00e9 para la Eliminaci\u00f3n de la Discriminaci\u00f3n contra la Mujer. Convenci\u00f3n sobre la Eliminaci\u00f3n de Todas las Formas de Discriminaci\u00f3n contra la Mujer. Recomendaci\u00f3n general n\u00fam. 39 (2022) sobre los derechos de las mujeres y las ni\u00f1as ind\u00edgenas. 31 de octubre de 2022."},{"key":"29163","unstructured":"Oficina del Alto Comisionado de las Naciones Unidas para los Derechos Humanos ACNUDH, Am\u00e9rica del sur. (2021). Los derechos humanos de las mujeres y el enfoque de g\u00e9nero. https:\/\/acnudh.org\/wp-content\/uploads\/2021\/11\/05-Los-derechos-humanos-de-las-mujeres-y-el-enfoque-de-genero.pdf"},{"key":"29164","unstructured":"Oficina del Alto Comisionado de las Naciones Unidas para los Derechos Humanos ACNUDH, M\u00e9xico. (S.f.). Conferencia Magistral de Guillermo Fern\u00e1ndez-Maldonado | \u201cEl desplazamiento forzado en M\u00e9xico\u201d. (Oaxaca, 12 de enero de 2023) LVI Congreso Nacional de la FMOPDH: \u201cPUEBLOS Y COMUNIDADES IND\u00cdGENAS Y AFRODESCENDIENTES\u201d. https:\/\/hchr.org.mx\/discursos_cartas\/conferencia-magistral-de-guillermo-fernandez-maldonado-el-desplazamiento-forzado-en-mexico\/"},{"key":"29165","unstructured":"Organizaci\u00f3n Internacional del Trabajo OIT. (2007). Convenio No 169 sobre Pueblos Ind\u00edgenas y Tribales en Pa\u00edses Independientes. OIT Segunda Edici\u00f3n. https:\/\/consultaprevia.cultura.gob.pe\/sites\/default\/files\/pi\/archivos\/Convenio%20169%20de%20la%20OIT.pdf"},{"key":"29166","unstructured":"Organizaci\u00f3n Nacional Ind\u00edgena de Colombia ONIC (2024). Memorias de Vida y Armon\u00edas. 1er Informe peri\u00f3dico 2024 de la Consejer\u00eda de Derechos de los Pueblos Ind\u00edgenas, Derechos Humanos y Paz ONIC. https:\/\/www.onic.org.co\/images\/MEMORIAS_DE_VIDA_Y_ARMONI%CC%81AS_abril_2024.pdf"},{"key":"29167","unstructured":"Organizaci\u00f3n Nacional Ind\u00edgena de Colombia ONIC (5 de septiembre de 2017). Noticias. Mujeres Ind\u00edgenas, Somos cuidadoras de la Vida, Somos Territorio, Somos Origen. https:\/\/www.onic.org.co\/noticias\/70-destacadas\/2027-mujeres-indigenassomos-cuidadoras-de-la-vida-somos-territorio-somos-origen"},{"key":"29168","unstructured":"OXFAN Colombia. (2022). Situaci\u00f3n de los derechos humanos de las mujeres ind\u00edgenas en Colombia. Mujeres ind\u00edgenas reunidas en Minga de Pensamiento. https:\/\/www.oxfamcolombia.org\/informe-de-la-situacion-de-los-derechos-humanos-de-las-mujeres-indigenas-en-colombia\/"},{"key":"29169","doi-asserted-by":"publisher","DOI":"10.12804\/revistas.urosario.edu.co\/sociojuridicos\/a.6612"},{"key":"29170","doi-asserted-by":"publisher","DOI":"10.30778\/2018.47"},{"key":"29171","unstructured":"Pe\u00f1a, V. y Pirela, J. (2007). La complejidad del an\u00e1lisis documental. Informaci\u00f3n, Cultura y Sociedad, (16), 55-81."},{"key":"29172","unstructured":"Presidencia de la Rep\u00fablica de Colombia y comandante del Estado Mayor Central de las FARC-EP: Acuerdo Final para la Terminaci\u00f3n del Conflicto y la Construcci\u00f3n de una Paz Estable y Duradera (Acuerdo de Paz - 2016). 24 de noviembre de 2016."},{"key":"29173","unstructured":"Rico Revelo, D. (2023). Territorializaci\u00f3n en Marcha. Memorias de v\u00edctimas en el Atl\u00e1ntico. Editorial Uninorte."},{"key":"29174","doi-asserted-by":"publisher","DOI":"10.7440\/res86.2023.06"},{"key":"29175","unstructured":"Rivas, L. y Duarte, C. (2018). El Auto 092 de 2008 y las mujeres ind\u00edgenas de los pueblos U\u00b4wa y Bari en Colombia. Revista Direitos Humanos y Sociedade \u2013 PPGD UNESC, (1), 185 \u2013 199. https:\/\/periodicos.unesc.net\/ojs\/index.php\/dirhumanos\/article\/view\/4156\/4209"},{"key":"29176","unstructured":"Rivera, S. (2010). Ch\u2019ixinakax utxiwa: una reflexi\u00f3n sobre pr\u00e1cticas y discursos descolonizadores. Editorial Tinta lim\u00f3n. https:\/\/chixinakax.wordpress.com\/wp-content\/uploads\/2010\/07\/silvia-rivera-cusicanqui.pdf"},{"key":"29177","doi-asserted-by":"publisher","DOI":"10.30578\/nomadas.n53a14"},{"key":"29178","unstructured":"Rodr\u00edguez, E. y Iturmendi, A. (2013). Igualdad de g\u00e9nero e interculturalidad: Enfoques y estrategias para avanzar en el debate. Programa de las Naciones Unidas para el Desarrollo. Colecci\u00f3n de cuadernos: \u201cAtando cabos, Deshaciendo nudos\u201d. https:\/\/iknowpolitics.org\/sites\/default\/files\/atando_cabos_may30.pdf"},{"key":"29179","unstructured":"Rozo, D. (2023). Documento de Trabajo PIPEC. Auto 092: Aproximaci\u00f3n preliminar a las ra\u00edces del movimiento de mujeres ind\u00edgenas Amaz\u00f3nicas de Colombia. Serie Documentos de Trabajo, Fundaci\u00f3n Grothendieck y Programa de Investigaci\u00f3n de Pol\u00edtica Exterior Colombiana PIPEC. https:\/\/repositorio.uniandes.edu.co\/server\/api\/core\/bitstreams\/ac0381de-0ed4-42f7-ba96-dc6bdd3f2554\/content"},{"key":"29180","unstructured":"Sabogal, S. (2014). Incidencia pol\u00edtica de las mujeres Ind\u00edgenas Latinoamericanas en medio de conflicto armados internos. Tesis de maestr\u00eda en Estudios Pol\u00edticos Latinoamericanos. Universidad Nacional de Colombia. https:\/\/repositorio.unal.edu.co\/handle\/unal\/54186"},{"key":"29181","unstructured":"Salazar, C. (2009). La evaluaci\u00f3n y el an\u00e1lisis de las pol\u00edticas p\u00fablicas. Rev. Opera, (9), 23-51."},{"key":"29182","doi-asserted-by":"publisher","DOI":"10.1590\/1678-49442019v25n1p095"},{"key":"29183","unstructured":"Salgado, A. (2007). Investigaci\u00f3n Cualitativa: Dise\u00f1os, evaluaci\u00f3n del rigor metodol\u00f3gico y retos. LIBERABIT, (13), p. 71 -78."},{"key":"29184","unstructured":"Segato, R. (2010). Los cauces profundos de la raza latinoamericana: una relectura del mestizaje. Critica y Emancipaci\u00f3n, Revista latinoamericana de ciencias sociales, 2(3), 11-44. https:\/\/biblioteca.clacso.edu.ar\/clacso\/se\/20120301125018\/CyE3.pdf"},{"key":"29185","doi-asserted-by":"publisher","DOI":"10.18041\/0121-3474\/verbaiuris.44.6878"},{"key":"29186","unstructured":"Unidad de V\u00edctimas. Gobierno de Colombia. (30 de abril de 2024). Registro \u00danico de V\u00edctimas. Datos para la Paz. https:\/\/www.unidadvictimas.gov.co\/registro-unico-de-victimas-ruv\/"},{"key":"29187","unstructured":"University of Notredame \u2013 Kroc Institute for International Peace Studies. (2023). El tiempo se agota para la implementaci\u00f3n del enfoque de g\u00e9nero: avances, retos y oportunidades a seis a\u00f1os de la firma del Acuerdo Final. Diciembre de 2021 a noviembre de 2022. https:\/\/curate.nd.edu\/articles\/report\/El_tiempo_se_agota_para_la_implementaci_n_del_enfoque_de_g_nero_avances_retos_y_oportunidades_a_seis_a_os_de_la_firma_del_Acuerdo_Final\/24870177?file=43760886"},{"key":"29188","doi-asserted-by":"publisher","DOI":"10.21615\/cesder.3297"}],"container-title":["Nova et Vetera"],"link":[{"URL":"https:\/\/revistas.esap.edu.co\/index.php\/novaetvetera\/article\/download\/1294\/859","content-type":"application\/pdf","content-version":"vor","intended-application":"text-mining"},{"URL":"https:\/\/revistas.esap.edu.co\/index.php\/novaetvetera\/article\/download\/1294\/877","content-type":"text\/xml","content-version":"vor","intended-application":"text-mining"},{"URL":"https:\/\/revistas.esap.edu.co\/index.php\/novaetvetera\/article\/download\/1294\/906","content-type":"unspecified","content-version":"vor","intended-application":"text-mining"},{"URL":"https:\/\/revistas.esap.edu.co\/index.php\/novaetvetera\/article\/download\/1294\/859","content-type":"unspecified","content-version":"vor","intended-application":"similarity-checking"}],"deposited":{"date-parts":[[2026,8,28]],"date-time":"2026-08-28T15:07:03Z","timestamp":1787929623000},"score":0.0,"resource":{"primary":{"URL":"https:\/\/revistas.esap.edu.co\/index.php\/novaetvetera\/article\/view\/1294"}},"issued":{"date-parts":[[2025,12,10]]},"references-count":110,"journal-issue":{"issue":"34","published-online":{"date-parts":[[2025,11,25]]}},"URL":"https:\/\/doi.org\/10.22431\/25005103.1294","ISSN":["2500-5103","0123-2614"],"issn-type":[{"value":"2500-5103","type":"electronic"},{"value":"0123-2614","type":"print"}],"published":{"date-parts":[[2025,12,10]]}},{"indexed":{"date-parts":[[2022,4,2]],"date-time":"2022-04-02T13:43:39Z","timestamp":1648907019678},"reference-count":0,"publisher":"Escuela Superior de Administracion Publica","issue":"55","license":[{"start":{"date-parts":[[2012,6,15]],"date-time":"2012-06-15T00:00:00Z","timestamp":1339718400000},"content-version":"unspecified","delay-in-days":0,"URL":"http:\/\/creativecommons.org\/licenses\/by-nc-nd\/4.0"}],"content-domain":{"domain":[],"crossmark-restriction":false},"short-container-title":["Adm. Desarro."],"abstract":"<jats:p>Este art\u00edculo presenta los resultados del proyecto denominado \u201cFronteras y gesti\u00f3n cultural, an\u00e1lisis de las din\u00e1micas fronterizas y culturales en los departamentos de Vaup\u00e9s y Guain\u00eda\u201d, en la perspectiva de involucrar la gesti\u00f3n cultural como aspecto importante en los tratados y acuerdos fronterizos, gesti\u00f3n que fundamentalmente hace referencia a la participaci\u00f3n de las comunidades ind\u00edgenas en los problemas que los aquejan dentro del \u00e1mbito fronterizo estudiado. El documento, que presenta una estructura tipo art\u00edculo cient\u00edfico y tecnol\u00f3gico, explora la diferencia entre el concepto tradicional de frontera y el nuevo concepto de frontera, demuestra que aunque la cultura es un aspecto pilar en los tratados y acuerdos fronterizos, estos no la incluyen suficientemente como s\u00ed son incluidos temas educativos, de salud, de control a la movilidad y la seguridad, e incluye una breve caracterizaci\u00f3n de las zonas de frontera de Vaup\u00e9s y Guain\u00eda. La conclusi\u00f3n principal sugiere que es importante involucrar la gesti\u00f3n cultural en el desarrollo fronterizo de ambos departamentos para poder superar problemas de pobreza, exclusi\u00f3n y marginalidad.<\/jats:p>","DOI":"10.22431\/25005227.125","type":"journal-article","created":{"date-parts":[[2017,7,5]],"date-time":"2017-07-05T16:06:06Z","timestamp":1499270766000},"page":"7-18","source":"Crossref","is-referenced-by-count":0,"title":["Aproximaciones a la relaci\u00f3n entre fronteras y gesti\u00f3n cultura El caso de los departamentos de Vaup\u00e9s y Guain\u00eda"],"prefix":"10.22431","volume":"40","author":[{"given":"Omar","family":"Rey Anacona","sequence":"first","affiliation":[],"role":[{"role":"author","vocabulary":"crossref"}]}],"member":"9723","published-online":{"date-parts":[[2012,6,15]]},"container-title":["Administraci\u00f3n &amp; Desarrollo"],"link":[{"URL":"https:\/\/revistas.esap.edu.co\/index.php\/admindesarro\/article\/download\/125\/pdf","content-type":"application\/pdf","content-version":"vor","intended-application":"text-mining"},{"URL":"https:\/\/revistas.esap.edu.co\/index.php\/admindesarro\/article\/download\/125\/pdf","content-type":"unspecified","content-version":"vor","intended-application":"similarity-checking"}],"deposited":{"date-parts":[[2021,11,12]],"date-time":"2021-11-12T19:12:22Z","timestamp":1636744342000},"score":0.0,"resource":{"primary":{"URL":"https:\/\/revistas.esap.edu.co\/index.php\/admindesarro\/article\/view\/125"}},"issued":{"date-parts":[[2012,6,15]]},"references-count":0,"journal-issue":{"issue":"55","published-online":{"date-parts":[[2012,6,15]]}},"URL":"https:\/\/doi.org\/10.22431\/25005227.125","ISSN":["2500-5227","0120-3754"],"issn-type":[{"value":"2500-5227","type":"electronic"},{"value":"0120-3754","type":"print"}],"published":{"date-parts":[[2012,6,15]]}},{"indexed":{"date-parts":[[2022,4,3]],"date-time":"2022-04-03T03:44:41Z","timestamp":1648957481946},"reference-count":0,"publisher":"Escuela Superior de Administracion Publica","issue":"57","license":[{"start":{"date-parts":[[2013,11,1]],"date-time":"2013-11-01T00:00:00Z","timestamp":1383264000000},"content-version":"unspecified","delay-in-days":0,"URL":"http:\/\/creativecommons.org\/licenses\/by-nc-nd\/4.0"}],"content-domain":{"domain":[],"crossmark-restriction":false},"short-container-title":["Adm. Desarro."],"abstract":"<jats:p>En julio de 2010, los 12 pa\u00edses, que conforman la UNASUR, incluido Colombia, ratificaron el tratado; desde all\u00ed este foro se ha vuelto propicio para el dialogo y soluci\u00f3n de problemas pol\u00edticos con los vecinos; Colombia tambi\u00e9n ha utilizado el tratado aumentar sus exportaciones a los pa\u00edses miembros; esto ha ocurrido porque Colombia es una vecindad manufacturera complementaria para ese bloque; dentro de las cadenas productivas conjuntas que piensa crear UNASUR, Colombia tiene alta competitividad los sectores: minero petrolero, agroindustria, y servicios en los cl\u00fasteres de: salud, turismo y producci\u00f3n de telenovelas<\/jats:p>","DOI":"10.22431\/25005227.121","type":"journal-article","created":{"date-parts":[[2017,7,5]],"date-time":"2017-07-05T16:06:06Z","timestamp":1499270766000},"page":"93-104","source":"Crossref","is-referenced-by-count":0,"title":["Unasur, una oportunidad para el di\u00e1logo pol\u00edtico y la oferta exportadora colombiana."],"prefix":"10.22431","volume":"41","author":[{"given":"Luis Nelson","family":"Beltran Mora","sequence":"first","affiliation":[],"role":[{"role":"author","vocabulary":"crossref"}]}],"member":"9723","published-online":{"date-parts":[[2013,11,1]]},"container-title":["Administraci\u00f3n &amp; Desarrollo"],"link":[{"URL":"https:\/\/revistas.esap.edu.co\/index.php\/admindesarro\/article\/download\/121\/pdf","content-type":"application\/pdf","content-version":"vor","intended-application":"text-mining"},{"URL":"https:\/\/revistas.esap.edu.co\/index.php\/admindesarro\/article\/download\/121\/pdf","content-type":"unspecified","content-version":"vor","intended-application":"similarity-checking"}],"deposited":{"date-parts":[[2021,11,12]],"date-time":"2021-11-12T19:11:48Z","timestamp":1636744308000},"score":0.0,"resource":{"primary":{"URL":"https:\/\/revistas.esap.edu.co\/index.php\/admindesarro\/article\/view\/121"}},"issued":{"date-parts":[[2013,11,1]]},"references-count":0,"journal-issue":{"issue":"57","published-online":{"date-parts":[[2013,11,1]]}},"URL":"https:\/\/doi.org\/10.22431\/25005227.121","ISSN":["2500-5227","0120-3754"],"issn-type":[{"value":"2500-5227","type":"electronic"},{"value":"0120-3754","type":"print"}],"published":{"date-parts":[[2013,11,1]]}},{"indexed":{"date-parts":[[2026,6,30]],"date-time":"2026-06-30T19:28:26Z","timestamp":1782847706278,"version":"3.54.5"},"reference-count":20,"publisher":"Escuela Superior de Administracion Publica","issue":"1","license":[{"start":{"date-parts":[[2023,6,29]],"date-time":"2023-06-29T00:00:00Z","timestamp":1687996800000},"content-version":"unspecified","delay-in-days":0,"URL":"https:\/\/creativecommons.org\/licenses\/by-nc-sa\/4.0"}],"content-domain":{"domain":[],"crossmark-restriction":false},"short-container-title":["Adm. Desarro."],"abstract":"<jats:p>This article collects reflections and analysis of the political and social unrest in Colombia, as a result of the national strike carried out by the social organizations and worker\u2019s unions in the year 2021. Social and political issues and situations are addressed that are experienced in this conjunctural period, such as the participation of different social groups, how the Duque administration handled the actions of the national police, the behavior and the relationship between the state and the civil society, and the international context with the declarations of the Inter-American Commission on Human Rights, facing the crisis and the social outburst that affected Colombia for almost four months of the year in question.<\/jats:p>","DOI":"10.22431\/25005227.vol53n1.9","type":"journal-article","created":{"date-parts":[[2023,6,29]],"date-time":"2023-06-29T15:41:55Z","timestamp":1688053315000},"page":"1-18","source":"Crossref","is-referenced-by-count":6,"title":["Crisis y estallido social en Colombia","Crisis and Social outbreak in Colombia"],"prefix":"10.22431","volume":"53","author":[{"given":"Edgar","family":"Ram\u00edrez Monsalve","sequence":"first","affiliation":[],"role":[{"vocabulary":"crossref","role":"author"}]},{"ORCID":"https:\/\/orcid.org\/0009-0006-3962-9406","authenticated-orcid":false,"given":"Lina Marcela","family":"Vargas Naranjo","sequence":"additional","affiliation":[],"role":[{"vocabulary":"crossref","role":"author"}]}],"member":"9723","published-online":{"date-parts":[[2023,6,29]]},"reference":[{"key":"7419","unstructured":"Acuerdo de La Habana (12 de noviembre de 2016). Acuerdo final para la terminaci\u00f3n del conflicto y la construcci\u00f3n de una paz estable y duradera. https:\/\/www.cancilleria.gov.co\/sites\/default\/files\/Fotos2016\/12.11_1.2016nuevoacuerdofinal.pdf"},{"key":"7420","unstructured":"Asamblea Nacional Constituyente. (1991). Constituci\u00f3n Pol\u00edtica de Colombia de 1991. Gaceta Constitucional 116 de 20 de julio de 1991. http:\/\/www.secretariasenado.gov.co\/senado\/basedoc\/constitucion_politica_1991.html"},{"key":"7421","unstructured":"Benotman, A. (29 de abril, 2022). 28 de abril de 2021: una fecha que sacudi\u00f3 la historia reciente de Colombia. https:\/\/www.france24.com\/es\/am%C3%A9rica-latina\/20220429-aniversario-protestas-pano-nacional-colombia"},{"key":"7422","unstructured":"Borda, S. (2020). Parar para avanzar. Cr\u00f3nica del movimiento estudiantil que paraliz\u00f3 a Colombia. Bogot\u00e1: Cr\u00edtica. https:\/\/journals.openedition.org\/revestudsoc\/51669"},{"key":"7423","unstructured":"Carranza Jim\u00e9nez, D. (15 de mayo, 2021). La CIDH solicita una visita de trabajo a Colombia por denuncias sobre violaci\u00f3n de derechos humanos en las protestas. https:\/\/www.aa.com.tr\/es\/mundo\/la-cidh-solicita-una-visita-de-trabajo-a-colombia-por-denuncias-sobre-violaci%C3%B3n-de-derechos-humanos-en-las-protestas\/2241840"},{"key":"7424","unstructured":"Comisi\u00f3n Interamericana de Derechos Humanos. (8-10 junio, 2021). Observaciones y recomendaciones. Visita de trabajo a Colombia. https:\/\/www.oas.org\/es\/cidh\/informes\/pdfs\/ObservacionesVisita_cidh_Colombia_spA.pdf"},{"key":"7425","unstructured":"Congreso de la Rep\u00fablica de Colombia. (25 de enero, 2022). Ley 2197 de 2022. Por medio de la cual se dictan normas tendientes al fortalecimiento de la seguridad ciudadana y se dictan otras disposiciones. Diario Oficial 51.928 de 25 de enero de 2022. https:\/\/www.funcionpublica.gov.co\/eva\/gestornormativo\/norma.php?i=176406"},{"key":"7426","unstructured":"Consejo de Estado, Sala de Consulta y Servicio Civil. (2000). Consulta 1276. Consejero Ponente Cesar Hoyos Salazar. https:\/\/www.redjurista.com\/Documents\/consejo_de_estado,_sala_de_consulta_y_servicio_civil_consulta_no._1276_de_2000.aspx#\/"},{"key":"7427","unstructured":"Corte Constitucional de Colombia. (2013). Sentencia T-453. Magistrado Ponente Nilson Pinilla Pinilla. https:\/\/rb.gy\/byuk2"},{"key":"7428","unstructured":"De Sousa Santos, B. (2007). Conocer desde el Sur. Para una cultura pol\u00edtica emancipatoria (2.a ed.). CLACSO\/CIDES-UMSA\/Plural Editores. (2009). Sociolog\u00eda Jur\u00eddica Cr\u00edtica. Para un nuevo Sentido Com\u00fan en el Derecho. Trotta. https:\/\/www.boaventuradesousasantos.pt\/media\/Conocer%20desde%20el%20Sur_Lima_2006.pdf"},{"key":"7429","unstructured":"Duz\u00e1n, M. J. (2021, 24 de mayo). Hablan los j\u00f3venes de la Primera l\u00ednea de las protestas en Colombia [video]. https:\/\/www.youtube.com\/watch?v=wZjLJr34k6w"},{"key":"7430","unstructured":"Efeminista Agencia EFE. (2023, 17 de abril). Rita Segato: \u201cLa lucha de las mujeres es por toda la humanidad\u201d [video]. https:\/\/rb.gy\/5mys7"},{"key":"7431","unstructured":"Escobar, A. (2012). M\u00e1s all\u00e1 del Tercer Mundo. Globalizaci\u00f3n y Diferencia. ICANH. https:\/\/publicaciones.icanh.gov.co\/index.php\/picanh\/catalog\/download\/98\/99\/69?inline=1"},{"key":"7432","unstructured":"Fajardo Carrillo, J. E. (2021). Organizaci\u00f3n popular en Colombia: mujeres y diversidades sexuales desplazadas\/es, desprotegidas\/es, movilizadas\/es y organizadas\/ es, en el marco del Paro Nacional 2021. https:\/\/politicaspublicas.flacso.org.ar\/2021\/06\/09\/informeoppce23-junio-2021\/"},{"key":"7433","unstructured":"Gobierno Nacional de Colombia, FARC-EP. (2016, 12 de noviembre). Acuerdo final para la terminaci\u00f3n del conflicto y la construcci\u00f3n de una paz estable y duradera. La Habana, Cuba. https:\/\/www.cancilleria.gov.co\/sites\/default\/files\/Fotos2016\/12.11_1.2016nuevoacuerdofinal.pdf"},{"key":"7434","unstructured":"Ibarra Melo, M. E. (2011). Acciones colectivas de mujeres por la verdad, la justicia y la reparaci\u00f3n. Revista Reflexi\u00f3n Pol\u00edtica, 13(25). https:\/\/revistas.unab.edu.co\/index.php\/reflexion\/article\/view\/1474"},{"key":"7435","unstructured":"Melucci, A. (1994). Asumir un compromiso: identidad y movilizaci\u00f3n en los movimientos sociales. Zona Abierta, 69, 153-180. https:\/\/rb.gy\/smlf1"},{"key":"7436","unstructured":"Oficina del Alto Comisionado para los Derechos Humanos. (15 de diciembre de 2021). El Paro Nacional 2021: lecciones aprendidas para el ejercicio del derecho de reuni\u00f3n pacifica en Colombia. https:\/\/rb.gy\/4rthf"},{"key":"7437","unstructured":"Reyes, M. (7 de febrero, 2022). Paro Nacional: Las mujeres cuidadoras de las primeras l\u00edneas de Usme. https:\/\/rb.gy\/f0jq3"},{"key":"7438","unstructured":"Semana. (2 de mayo, 2021). Duque orden\u00f3 \u201casistencia militar\u201d en las ciudades m\u00e1s afectadas por los desmanes. https:\/\/rb.gy\/1w9cy"}],"container-title":["Administraci\u00f3n &amp; Desarrollo"],"link":[{"URL":"https:\/\/revistas.esap.edu.co\/index.php\/admindesarro\/article\/download\/833\/659","content-type":"application\/pdf","content-version":"vor","intended-application":"text-mining"},{"URL":"https:\/\/revistas.esap.edu.co\/index.php\/admindesarro\/article\/download\/833\/668","content-type":"text\/xml","content-version":"vor","intended-application":"text-mining"},{"URL":"https:\/\/revistas.esap.edu.co\/index.php\/admindesarro\/article\/download\/833\/659","content-type":"unspecified","content-version":"vor","intended-application":"similarity-checking"}],"deposited":{"date-parts":[[2025,11,6]],"date-time":"2025-11-06T16:35:50Z","timestamp":1762446950000},"score":0.0,"resource":{"primary":{"URL":"https:\/\/revistas.esap.edu.co\/index.php\/admindesarro\/article\/view\/833"}},"issued":{"date-parts":[[2023,6,29]]},"references-count":20,"journal-issue":{"issue":"1","published-online":{"date-parts":[[2023,1,1]]}},"URL":"https:\/\/doi.org\/10.22431\/25005227.vol53n1.9","ISSN":["2500-5227","0120-3754"],"issn-type":[{"value":"2500-5227","type":"electronic"},{"value":"0120-3754","type":"print"}],"published":{"date-parts":[[2023,6,29]]}},{"indexed":{"date-parts":[[2025,11,6]],"date-time":"2025-11-06T16:35:53Z","timestamp":1762446953204,"version":"build-2065373602"},"reference-count":0,"publisher":"Escuela Superior de Administracion Publica","issue":"52","license":[{"start":{"date-parts":[[2010,12,1]],"date-time":"2010-12-01T00:00:00Z","timestamp":1291161600000},"content-version":"unspecified","delay-in-days":0,"URL":"http:\/\/creativecommons.org\/licenses\/by-nc-nd\/4.0"}],"content-domain":{"domain":[],"crossmark-restriction":false},"short-container-title":["Adm. Desarro."],"abstract":"<jats:p>Members of a police force are trained to act in a reactive manner whenever a state adopts a repressive security policy. However, policy enforcement based on management and prevention means that the police are trained to act proactively in resolving problems. This paper thus addresses training public safety operators in Rio de Janeiro from a military police point of view. The research was predominantly qualitative and exploratory, attempting to understand Rio de Janeiro military police training from the agents\u00b4 ; this is a field in which little knowledge has been accumulated and systematised in Brazil. Field work was chosen for approaching the topic; it was combined with consulting documentary sources and the pertinent literature. Twenty-four semi-structured interviews were conducted with military police agents. The interviews were then subjected to content analysis. The study showed that there is still a long way to go, highlighting the need for defining a Rio de Janeiro police officer\u00b4s desirable profile. Is an agent trained simply to react or to resolve conflicts? This is feasible through re-structuring police training linked to a defined profile, thus producing a change in the police officer\u00b4s image in society<\/jats:p>","DOI":"10.22431\/25005227.156","type":"journal-article","created":{"date-parts":[[2017,7,5]],"date-time":"2017-07-05T12:06:06Z","timestamp":1499256366000},"page":"71-96","source":"Crossref","is-referenced-by-count":2,"title":["O Desafio da Forma\u00e7\u00e3o do Policial Militar do Estado do Rio de Janeiro: Entre o Modelo Reativo e o Contingencial","The challenge of training military police officers in the state of Rio de Janeiro using a reactive model and conflict resolution"],"prefix":"10.22431","volume":"38","author":[{"given":"Marcio","family":"Pereira Basilio","sequence":"first","affiliation":[],"role":[{"role":"author","vocabulary":"crossref"}]}],"member":"9723","published-online":{"date-parts":[[2010,12,1]]},"container-title":["Administraci\u00f3n &amp; Desarrollo"],"link":[{"URL":"https:\/\/revistas.esap.edu.co\/index.php\/admindesarro\/article\/download\/156\/pdf_1","content-type":"application\/pdf","content-version":"vor","intended-application":"text-mining"},{"URL":"https:\/\/revistas.esap.edu.co\/index.php\/admindesarro\/article\/download\/156\/pdf_1","content-type":"unspecified","content-version":"vor","intended-application":"similarity-checking"}],"deposited":{"date-parts":[[2025,11,6]],"date-time":"2025-11-06T16:34:13Z","timestamp":1762446853000},"score":0.0,"resource":{"primary":{"URL":"https:\/\/revistas.esap.edu.co\/index.php\/admindesarro\/article\/view\/156"}},"issued":{"date-parts":[[2010,12,1]]},"references-count":0,"journal-issue":{"issue":"52","published-online":{"date-parts":[[2010,12,1]]}},"URL":"https:\/\/doi.org\/10.22431\/25005227.156","ISSN":["2500-5227","0120-3754"],"issn-type":[{"type":"electronic","value":"2500-5227"},{"type":"print","value":"0120-3754"}],"published":{"date-parts":[[2010,12,1]]}},{"indexed":{"date-parts":[[2025,11,6]],"date-time":"2025-11-06T16:50:16Z","timestamp":1762447816886,"version":"build-2065373602"},"reference-count":16,"publisher":"Escuela Superior de Administracion Publica","issue":"31","license":[{"start":{"date-parts":[[2022,6,30]],"date-time":"2022-06-30T00:00:00Z","timestamp":1656547200000},"content-version":"unspecified","delay-in-days":0,"URL":"https:\/\/creativecommons.org\/licenses\/by-nc-nd\/4.0"}],"content-domain":{"domain":[],"crossmark-restriction":false},"short-container-title":["Nova vetera"],"abstract":"<jats:p>In this essay look for auscultating and reflecting on ways proposed for the expansion of democracy, peaceful coexistence and the breakdown of the link between weapons and politics, contained in the peace agreements signed between Colombian government and the FARC, first at all in two points \u201cpolitics participation: democratic opening to build peace\u201d. For that, it\u2019s necessary to study politic practice, institutional changes in the electoral system that have a goal an effective participation of underrepresented groups, including guerrillas; moreover, analyzing all the mechanism of social participation that propose the peace appropriation of the public and, in particular, that citizens participate in the administrative control activity.The relationship between weapons and politics has shaped the Colombian State based on the violent appropriation of public administration by the armed actors in the history of Colombia. The use of violence in politics is also an impediment to the consolidation of a democracy, par excellence the space of the encounter between society and the State, understood as one that promotes rights fundamentals and the dignity of people.<\/jats:p>","DOI":"10.22431\/25005103.n31.4","type":"journal-article","created":{"date-parts":[[2024,1,30]],"date-time":"2024-01-30T11:35:22Z","timestamp":1706614522000},"source":"Crossref","is-referenced-by-count":0,"title":["Armas y pol\u00edtica la constante hist\u00f3rica: pol\u00edtica sin armas condici\u00f3n para consolidar la paz y la buena administraci\u00f3n","Arms and politics the historical constant: politics without weapons condition to consolidate peace and good administration"],"prefix":"10.22431","author":[{"ORCID":"https:\/\/orcid.org\/0000-0001-6768-7853","authenticated-orcid":false,"given":"Jacinto","family":"Pineda Jim\u00e9nez","sequence":"first","affiliation":[],"role":[{"role":"author","vocabulary":"crossref"}]}],"member":"9723","published-online":{"date-parts":[[2022,6,30]]},"reference":[{"key":"11559","unstructured":"Blair, E. (2009). Aproximaci\u00f3n te\u00f3rica al concepto de violencia: avatares de una definici\u00f3n. Pol\u00edtica y Cultura, (32), 9-33. https:\/\/www.redalyc.org\/articulo.oa?id=26711870002"},{"key":"11560","unstructured":"Bushnell, D. (1994). Las elecciones en Colombia: Siglo XIX. Credencial Historia, (50). http:\/\/www.banrepcultural.org\/biblioteca-virtual\/credencial-historia\/numero-50\/las-elecciones-en-colombia-siglo-xix"},{"key":"11561","unstructured":"Calveiro, P. (2008). Acerca de la dif\u00edcil relaci\u00f3n entre violencia y resistencia. En CLACSO (Ed.). Luchas contrahegem\u00f3nicas y cambios pol\u00edticos recientes de Am\u00e9rica Latina, 23-46. http:\/\/biblioteca.clacso.edu.ar\/clacso\/gt\/20160229031704\/03calve.pdf"},{"key":"11562","unstructured":"Centro Latinoamericano de Administraci\u00f3n para el Desarrollo [CLAD] (2013). Carta Iberoamericana de los Derechos y Deberes del ciudadano en relaci\u00f3n con la Administraci\u00f3n P\u00fablica. https:\/\/clad.org\/escuela\/publicaciones-escuela-clad\/cartas-iberoamericanas\/"},{"key":"11563","unstructured":"Gobierno de Colombia y FARC-EP. (2021). Acuerdo Final para la Terminaci\u00f3n del Conflicto y la Construcci\u00f3n de una Paz Estable y Duradera. Acuerdo Final. https:\/\/www.jep.gov.co\/Documents\/Acuerdo%20Final\/Acuerdo%20Final%20Firmado.pdf"},{"key":"11564","unstructured":"Gonz\u00e1lez, F. (2014). Poder y violencia en Colombia. Bogot\u00e1, Colombia: Odecofi-Cinep-Colciencias.Historia y espacio (47), 147-150. https:\/\/bibliotecadigital.univalle.edu.co\/server\/api\/core\/bitstreams\/a3479f4d-9605-42e0-a9b7-dca1b5eedfef\/content"},{"key":"11565","unstructured":"Grupo Memoria Hist\u00f3rica [GMH] (2013). \u00a1Basta ya! Colombia: Memorias de guerra y dignidad. Informe General, Imprenta Nacional. http:\/\/www.centrodememoriahistorica.gov.co\/micrositios\/informeGeneral\/"},{"key":"11566","unstructured":"Kalmanovitz, S. (2001). Las instituciones colombianas en el siglo XX. Bogot\u00e1, Colombia: Alfaomega. http:\/\/www.banrep.gov.co\/docum\/ftp\/borra131.pdf"},{"key":"11567","unstructured":"Ley 88 de 1931.(02 de julio). \u201cPor la cual se adopta el plan de carreteras nacionales\u201d. D.O. No. 21746. http:\/\/www.suin-juriscol.gov.co\/viewDocument.asp?id=1630074"},{"key":"11568","unstructured":"Madariaga, A. (2-8 de mayo de 2014). La apuesta es por la ciudadan\u00eda: comentarios a la conferencia del Alto Consejero para la Paz Sergio Jaramillo [Edici\u00f3n 00397]. Seminario Virtual Caja de Herramientas. http:\/\/viva.org.co\/cajavirtual\/svc0397\/articulo03.html"},{"key":"11569","unstructured":"Melo, J. (1991). Las reformas liberales de 1936 y 1968. Credencial Historia, (13). http:\/\/www.banrepcultural.org\/node\/81508"},{"key":"11570","doi-asserted-by":"crossref","unstructured":"Ortiz, W. (2009). Los paraestados en Colombia. A prop\u00f3sito de una investigaci\u00f3n terminada. Revista Facultad de Derecho. Ratio Juris, 5(10), 77-97. DOI:","DOI":"10.24142\/raju.v5n10a7"},{"key":"11571","doi-asserted-by":"crossref","unstructured":"https:\/\/doi.org\/10.24142\/raju.v5n10a7","DOI":"10.24142\/raju.v5n10a7"},{"key":"11572","unstructured":"P\u00e9caut, D. (2015). Una lucha armada al servicio del statu quo social y pol\u00edtico. En Comisi\u00f3n Hist\u00f3rica del Conflicto y sus V\u00edctimas (Ed.) Contribuci\u00f3n al entendimiento del conflicto en Colombia, 599 \u2013 651. https:\/\/www.humanas.unal.edu.co\/observapazyconflicto\/files\/5714\/6911\/9376\/Version_final_informes_CHCV.pdf"},{"key":"11573","unstructured":"Pineda J. (2018). Descentralizaci\u00f3n: del conflicto al posconflicto. Principia Iuris, 16(29), 70-85. http:\/\/revistas.ustatunja.edu.co\/index.php\/piuris\/article\/view\/1562"},{"key":"11574","doi-asserted-by":"crossref","unstructured":"Uribe, M. (2001). Las guerras por la naci\u00f3n en Colombia durante el siglo XIX. Estudios Pol\u00edticos, (18), 9-27. https:\/\/doi.org\/10.17533\/udea.espo.17426","DOI":"10.17533\/udea.espo.17426"}],"container-title":["Nova et Vetera"],"link":[{"URL":"https:\/\/revistas.esap.edu.co\/index.php\/novaetvetera\/article\/download\/485\/731","content-type":"application\/pdf","content-version":"vor","intended-application":"text-mining"},{"URL":"https:\/\/revistas.esap.edu.co\/index.php\/novaetvetera\/article\/download\/485\/731","content-type":"unspecified","content-version":"vor","intended-application":"similarity-checking"}],"deposited":{"date-parts":[[2025,11,6]],"date-time":"2025-11-06T16:47:17Z","timestamp":1762447637000},"score":0.0,"resource":{"primary":{"URL":"https:\/\/revistas.esap.edu.co\/index.php\/novaetvetera\/article\/view\/485"}},"issued":{"date-parts":[[2022,6,30]]},"references-count":16,"journal-issue":{"issue":"31","published-online":{"date-parts":[[2023,12,15]]}},"URL":"https:\/\/doi.org\/10.22431\/25005103.n31.4","ISSN":["2500-5103","0123-2614"],"issn-type":[{"type":"electronic","value":"2500-5103"},{"type":"print","value":"0123-2614"}],"published":{"date-parts":[[2022,6,30]]}},{"indexed":{"date-parts":[[2025,12,31]],"date-time":"2025-12-31T20:29:44Z","timestamp":1767212984235,"version":"3.48.0"},"reference-count":0,"publisher":"Escuela Superior de Administracion Publica","issue":"64","license":[{"start":{"date-parts":[[2011,12,15]],"date-time":"2011-12-15T00:00:00Z","timestamp":1323907200000},"content-version":"unspecified","delay-in-days":0,"URL":"http:\/\/creativecommons.org\/licenses\/by-nc-nd\/4.0"}],"content-domain":{"domain":[],"crossmark-restriction":false},"short-container-title":["Nova vetera"],"abstract":"<jats:p>El siguiente discurso analiza la relaci\u00f3n entre la modernidad y los discursos sobre los derechos, la Igualdad y sus garant\u00edas. Desde una perspectiva comprensiva, define a la relaci\u00f3n entre modernidad y derechos fundamentales como necesaria para la explicaci\u00f3n de las concepciones y condiciones de la Igualdad en el Estado social y democr\u00e1tico de Derecho contempor\u00e1neo. Supone que no es posible construir una concepci\u00f3n de teor\u00eda y filosof\u00eda social sobre los derechos y la Igualdad con independencia de la comprensi\u00f3n de la modernidad en que evolucionan instituciones y teor\u00edas sociales. Se asegura, tambi\u00e9n, de establecer algunos paradigmas modernos y contempor\u00e1neos sobre las teor\u00edas de los derechos y la igualdad y su comunicaci\u00f3n estrecha con las mediaciones t\u00e9cnicas e instrumentales que en la modernidad pretenden hacerse de los discursos de los derechos y de sus modelos de garant\u00eda y tutela. Al final, quedan establecidas relaciones s\u00f3lidas y estrechas entre la modernidad y los derechos que permiten observar, de forma cr\u00edtica, el desdoblamiento entre las condiciones modernas de la Igualdad y las concepciones que la teor\u00eda social, convertida en ingenier\u00eda del tr\u00e1fico social, ha planteado. Con lo que se asigna a las teor\u00edas de tipo comprensivo, dif\u00edciles de construir y complejas en su aplicaci\u00f3n, la labor de establecer la cerradura cr\u00edtica ante tal desdoblamiento.<\/jats:p>","DOI":"10.22431\/25005103.170","type":"journal-article","created":{"date-parts":[[2017,7,5]],"date-time":"2017-07-05T15:34:05Z","timestamp":1499268845000},"page":"79-92","source":"Crossref","is-referenced-by-count":0,"title":["Derechos fundamentales, igualdad y modernidad. Significados, paradigmas y cr\u00edticas de su relaci\u00f3n con la historia"],"prefix":"10.22431","volume":"20","author":[{"given":"Roman","family":"Rodriguez Sal\u00f3n","sequence":"first","affiliation":[],"role":[{"role":"author","vocabulary":"crossref"}]}],"member":"9723","published-online":{"date-parts":[[2011,12,15]]},"container-title":["Nova et Vetera"],"link":[{"URL":"https:\/\/revistas.esap.edu.co\/index.php\/novaetvetera\/article\/download\/170\/pdf_1","content-type":"application\/pdf","content-version":"vor","intended-application":"text-mining"},{"URL":"https:\/\/revistas.esap.edu.co\/index.php\/novaetvetera\/article\/download\/170\/pdf_1","content-type":"unspecified","content-version":"vor","intended-application":"similarity-checking"}],"deposited":{"date-parts":[[2025,12,31]],"date-time":"2025-12-31T20:26:45Z","timestamp":1767212805000},"score":0.0,"resource":{"primary":{"URL":"https:\/\/revistas.esap.edu.co\/index.php\/novaetvetera\/article\/view\/170"}},"issued":{"date-parts":[[2011,12,15]]},"references-count":0,"journal-issue":{"issue":"64","published-online":{"date-parts":[[2011,12,15]]}},"URL":"https:\/\/doi.org\/10.22431\/25005103.170","ISSN":["2500-5103","0123-2614"],"issn-type":[{"type":"electronic","value":"2500-5103"},{"type":"print","value":"0123-2614"}],"published":{"date-parts":[[2011,12,15]]}},{"indexed":{"date-parts":[[2025,11,6]],"date-time":"2025-11-06T16:40:22Z","timestamp":1762447222774,"version":"build-2065373602"},"reference-count":0,"publisher":"Escuela Superior de Administracion Publica","issue":"2","license":[{"start":{"date-parts":[[2017,12,11]],"date-time":"2017-12-11T00:00:00Z","timestamp":1512950400000},"content-version":"unspecified","delay-in-days":0,"URL":"http:\/\/creativecommons.org\/licenses\/by-nc-nd\/4.0"}],"content-domain":{"domain":[],"crossmark-restriction":false},"short-container-title":["Adm. Desarro."],"abstract":"<jats:p>El presente art\u00edculo resultado de investigaci\u00f3n relaciona los elementos te\u00f3ricos de dos modelos administrativos que estudian la cultura organizacional incorporada a los servicios de salud, uno de ellos fue acogido por el gobierno nacional y representan la garant\u00eda de calidad para la atenci\u00f3n integral de los servicios de salud para todos los ciudadanos colombianos, derivado de la vertiente macroecon\u00f3mica neoliberal, identificad por el Departamento Administrativo de la Funci\u00f3n P\u00fablica - DAFP dentro del enfoque anal\u00edtico-cualitativo, con perspectiva antropol\u00f3gica. El segundo modelo asume los postulados de la profesora Ren\u00e9e B\u00e9dard, autora del rombo filos\u00f3fico, mediante el cual acu\u00f1o los fundamentos del pensamiento y las pr\u00e1cticas administrativa para los servicios hospitalarios, su concepci\u00f3n humanista propone un enfoque que reconoce al ser humano por sus particularidades individuales y potencia los conocimientos y capacidades del grupo interno de trabajo desde el \u00e1mbito institucional biopsicosocial.\u00a0<\/jats:p>","DOI":"10.22431\/25005227.369","type":"journal-article","created":{"date-parts":[[2017,12,12]],"date-time":"2017-12-12T15:13:01Z","timestamp":1513091581000},"page":"136-159","source":"Crossref","is-referenced-by-count":0,"title":["Cultura organizacional y la gesti\u00f3n p\u00fablica en el \u00e1mbito de los servicios de salud en Colombia"],"prefix":"10.22431","volume":"47","author":[{"given":"Leisa Mar\u00eda","family":"Borja Garc\u00eda","sequence":"first","affiliation":[],"role":[{"role":"author","vocabulary":"crossref"}]}],"member":"9723","published-online":{"date-parts":[[2017,12,11]]},"container-title":["Administraci\u00f3n &amp; Desarrollo"],"link":[{"URL":"https:\/\/revistas.esap.edu.co\/index.php\/admindesarro\/article\/download\/369\/pdf","content-type":"application\/pdf","content-version":"vor","intended-application":"text-mining"},{"URL":"https:\/\/revistas.esap.edu.co\/index.php\/admindesarro\/article\/download\/369\/pdf","content-type":"unspecified","content-version":"vor","intended-application":"similarity-checking"}],"deposited":{"date-parts":[[2025,11,6]],"date-time":"2025-11-06T16:34:22Z","timestamp":1762446862000},"score":0.0,"resource":{"primary":{"URL":"https:\/\/revistas.esap.edu.co\/index.php\/admindesarro\/article\/view\/369"}},"issued":{"date-parts":[[2017,12,11]]},"references-count":0,"journal-issue":{"issue":"2","published-online":{"date-parts":[[2017,12,11]]}},"URL":"https:\/\/doi.org\/10.22431\/25005227.369","ISSN":["2500-5227","0120-3754"],"issn-type":[{"type":"electronic","value":"2500-5227"},{"type":"print","value":"0120-3754"}],"published":{"date-parts":[[2017,12,11]]}},{"indexed":{"date-parts":[[2025,12,31]],"date-time":"2025-12-31T20:04:56Z","timestamp":1767211496604,"version":"3.48.0"},"reference-count":53,"publisher":"Escuela Superior de Administracion Publica","issue":"2","license":[{"start":{"date-parts":[[2023,8,30]],"date-time":"2023-08-30T00:00:00Z","timestamp":1693353600000},"content-version":"unspecified","delay-in-days":0,"URL":"https:\/\/creativecommons.org\/licenses\/by-nc-sa\/4.0"}],"content-domain":{"domain":[],"crossmark-restriction":false},"short-container-title":["Adm. Desarro."],"abstract":"<jats:p>Federal Institutions of Higher Education are increasingly required to adopt tools for the improvement of internal processes. In this sense, this study aims to present a set of criteria for prioritizing processes under different aspects and areas of management, in order to contribute to the fulfillment of the different demands of the public educational context. After conducting the study, it is proposed to use twelve criteria that reveal the complexity, performance, and characteristics of the processes. As these criteria are aligned with the normative acts that regulate the different areas of the institution, they also provide greater visibility and control of the processes, improving performance and the results delivered, both internally and externally. The document details the objectives of each criterion, demonstrating how it can positively impact the other areas.<\/jats:p>","DOI":"10.22431\/25005227.vol53n2.1","type":"journal-article","created":{"date-parts":[[2023,8,30]],"date-time":"2023-08-30T18:21:32Z","timestamp":1693419692000},"source":"Crossref","is-referenced-by-count":0,"title":["Proposi\u00e7\u00e3o de crit\u00e9rios para prioriza\u00e7\u00e3o dos processos internos das IFES","Proposition of criteria to prioritize the internal processes of the IFES","Propuesta de criterios para priorizar los procesos internos del IFES"],"prefix":"10.22431","volume":"53","author":[{"ORCID":"https:\/\/orcid.org\/0000-0002-6204-8873","authenticated-orcid":false,"given":"Fernando Rufino de","family":"Barros","sequence":"first","affiliation":[],"role":[{"role":"author","vocabulary":"crossref"}]},{"ORCID":"https:\/\/orcid.org\/0009-0009-3406-046X","authenticated-orcid":false,"given":"Ester Peixoto","family":"Nunes","sequence":"additional","affiliation":[],"role":[{"role":"author","vocabulary":"crossref"}]},{"ORCID":"https:\/\/orcid.org\/0000-0002-9613-4470","authenticated-orcid":false,"given":"Alline Sardinha Cordeiro","family":"Morais","sequence":"additional","affiliation":[],"role":[{"role":"author","vocabulary":"crossref"}]}],"member":"9723","published-online":{"date-parts":[[2023,8,30]]},"reference":[{"key":"8184","doi-asserted-by":"crossref","unstructured":"Afflerbach, P., Hohendorf, M., & Manderscheid, J. (2017). Design it like Darwin\u2014A value-based application of evolutionary algorithms for proper and unambiguous business process redesign. Information Systems Frontiers, 19(5), 1101\u20131121. https:\/\/doi.org\/10.1007\/s10796-016-9715-1","DOI":"10.1007\/s10796-016-9715-1"},{"key":"8185","doi-asserted-by":"crossref","unstructured":"Asatiani, A., & Penttinen, E. (2016). Turning robotic process automation into commercial success \u2013 Case OpusCapita. Journal of Information Technology Teaching Cases, 6(2), 67\u201374. https:\/\/doi.org\/10.1057\/jittc.2016.5","DOI":"10.1057\/jittc.2016.5"},{"key":"8186","unstructured":"Barros, F. R. de, Paes, J. C., Garnier, N. R. C., Nogueira, R. T., & Morais, A. S. C. (2021). Gerenciamento de processos de neg\u00f3cio no setor p\u00fablico. EnANPAD 2021, 45."},{"key":"8187","doi-asserted-by":"crossref","unstructured":"Barros, F. R. de, Santos, M. de L. dos, Santos, R. K. P. dos, & Pessanha, M. L. de S. (2022a). Mapeamento de compet\u00eancias na rede federal de educa\u00e7\u00e3o profissional, cient\u00edfica e tecnol\u00f3gica: Cen\u00e1rio e perspectivas. Business Journal, 4(2), 25\u201333. https:\/\/doi.org\/10.6008\/CBPC2674-6433.2022.002.0003","DOI":"10.6008\/CBPC2674-6433.2022.002.0003"},{"key":"8188","doi-asserted-by":"crossref","unstructured":"Barros, F. R. de, Santos, R. K. P. dos, Santos, M. de L. dos, & Pessanha, M. L. de S. (2022b). Gest\u00e3o por compet\u00eancias no setor p\u00fablico: Uma revis\u00e3o sistem\u00e1tica da literatura. Management Journal, 4(2), Article 2. https:\/\/doi.org\/10.6008\/CBPC2674-6417.2022.002.0002","DOI":"10.6008\/CBPC2674-6417.2022.002.0002"},{"key":"8189","doi-asserted-by":"crossref","unstructured":"Battilani, C., Galli, G., Arecco, S., Casarino, B., Granero, A., Lavagna, K., Varna, R., Ventura, M., Revetria, R., & Damiani, L. (2022). Business Process Re-engineering in Public Administration: The case study of Western Ligurian Sea Port Authority. Sustainable Futures, 4, 100065. https:\/\/doi.org\/10.1016\/j.sftr.2022.100065","DOI":"10.1016\/j.sftr.2022.100065"},{"key":"8190","unstructured":"Benedict, T., Kirchmer, M., & Scarsig, M. (2021). BPM CBOK Version 4.0: Association of Business Process Management Professionals International- Portuguese Version (4.0). Independently Published."},{"key":"8191","doi-asserted-by":"crossref","unstructured":"Brocke, J. vom, & Rosemann, M. (2010). Handbook on Business Process Management 1. Springer Berlin Heidelberg. https:\/\/doi.org\/10.1007\/978-3-642-00416-2","DOI":"10.1007\/978-3-642-00416-2"},{"key":"8192","doi-asserted-by":"crossref","unstructured":"Cardoso, P., Resp\u00edcio, A., & Domingo, D. (2021). RiskaBPMN - a BPMN extension for risk assessment. Procedia Computer Science, 181, 1247\u20131254. https:\/\/doi.org\/10.1016\/j.procs.2021.01.324","DOI":"10.1016\/j.procs.2021.01.324"},{"key":"8193","doi-asserted-by":"crossref","unstructured":"Chernova, E., Akhobadze, T., Malova, A., & Saltan, A. (2017). Higher Education Funding Models and Institutional Effectiveness: Empirical Research of European Experience and Russian Trends. Voprosy Obrazovaniya \/ Educational Studies Moscow, 3, 37\u201382. https:\/\/doi.org\/10.17323\/1814-9545-2017-3-37-82","DOI":"10.17323\/1814-9545-2017-3-37-82"},{"key":"8194","doi-asserted-by":"crossref","unstructured":"Costa, L., Barbosa, M. B. A., Baldam, R. de L., & Coelho, T. de P. (2019). Challenges of Process Modeling in Architecture and Engineering to Execute Projects and Public Works. Journal of Construction Engineering and Management, 145(1), 05018015. https:\/\/doi.org\/10.1061\/(ASCE)CO.1943-7862.0001575","DOI":"10.1061\/(ASCE)CO.1943-7862.0001575"},{"key":"8195","unstructured":"Decreto No 9.991, de 28 de agosto de 2019. (2019). Disp\u00f5e sobre a Pol\u00edtica Nacional de Desenvolvimento de Pessoas da administra\u00e7\u00e3o p\u00fablica federal direta, aut\u00e1rquica e fundacional, e regulamenta dispositivos da Lei no 8.112, de 11 de dezembro de 1990, quanto a licen\u00e7as e afastamentos para a\u00e7\u00f5es de desenvolvimento. Bras\u00edlia. http:\/\/www.planalto.gov.br\/ccivil_03\/_ato2019-2022\/2019\/decreto\/D9991.htm"},{"key":"8196","unstructured":"Decreto No 10.332, de 28 de abril de 2020. (2020). Institui a Estrat\u00e9gia de Governo Digital para o per\u00edodo de 2020 a 2022, no \u00e2mbito dos \u00f3rg\u00e3os e das entidades da administra\u00e7\u00e3o p\u00fablica federal direta, aut\u00e1rquica e fundacional e d\u00e1 outras provid\u00eancias. Bras\u00edlia. http:\/\/www.planalto.gov.br\/ccivil_03\/_ato2019-2022\/2019\/decreto\/D9991.htm"},{"key":"8197","doi-asserted-by":"crossref","unstructured":"Dobrosavljevi\u0307\u0106, A., & Uro\u0161evi\u0307\u0106, S. (2020). Prioritization of Key Activities on Establishment of BPM Practice in Apparel Organizations. TEKST\u0130L VE KONFEKS\u0130YON. https:\/\/doi.org\/10.32710\/tekstilvekonfeksiyon.672312","DOI":"10.32710\/tekstilvekonfeksiyon.672312"},{"key":"8198","doi-asserted-by":"crossref","unstructured":"Dobrosavljevi\u0107, A., Uro\u0161evi\u0107, S., Vukovi\u0107, M., Talijan, M., & Marinkovi\u0107, D. (2020). Evaluation of Process Orientation Dimensions in the Apparel Industry. Sustainability, 12(10), 4145. https:\/\/doi.org\/10.3390\/su12104145","DOI":"10.3390\/su12104145"},{"key":"8199","doi-asserted-by":"crossref","unstructured":"Dumas, M., Rosa, M. L., Mendling, J., & Reijers, H. (2018). Fundamentals of Business Process Management (2nd ed.). Springer-Verlag. https:\/\/doi.org\/10.1007\/978-3-662-56509-4","DOI":"10.1007\/978-3-662-56509-4"},{"key":"8200","doi-asserted-by":"crossref","unstructured":"Elena, C., Akhobadze, T., Malova, A., & Saltan, A. (2017). Higher Education Funding Models and Institutional Effectiveness: Empirical Research of European Experience and Russian Trends. Voprosy Obrazovaniya \/ Educational Studies Moscow, 3, 37\u201382. https:\/\/doi.org\/10.17323\/1814-9545-2017-3-37-82","DOI":"10.17323\/1814-9545-2017-3-37-82"},{"key":"8201","doi-asserted-by":"crossref","unstructured":"Fischer, M., Hofmann, A., Imgrund, F., Janiesch, C., & Winkelmann, A. (2021). On the composition of the long tail of business processes: Implications from a process mining study. Information Systems, 97, 101689. https:\/\/doi.org\/10.1016\/j.is.2020.101689","DOI":"10.1016\/j.is.2020.101689"},{"key":"8202","doi-asserted-by":"crossref","unstructured":"Guerreiro, S. (2021). Conceptualizing on dynamically stable business processes operation: A literature review on existing concepts. Business Process Management Journal, 27(1), 24\u201354. https:\/\/doi.org\/10.1108\/BPMJ-02-2020-0072","DOI":"10.1108\/BPMJ-02-2020-0072"},{"key":"8203","unstructured":"Heberle, A., L\u00f6we, W., & Gustafsson, A. (2017). Digitalization Canvas \u2013 Towards Identifying Digitalization Use Cases and Projects. Journal of Universal Computer Science, 23(11), Article 11."},{"key":"8204","doi-asserted-by":"crossref","unstructured":"Hoffmann, C., Zanini, R. R., Corr\u00eaa, \u00c2. C., Siluk, J. C. M., Schuch J\u00fanior, V. F., & \u00c1vila, L. V. (2014). O desempenho das universidades brasileiras na perspectiva do \u00cdndice Geral de Cursos (IGC). Educa\u00e7\u00e3o e Pesquisa, 40(3), 651\u2013665. https:\/\/doi.org\/10.1590\/s1517-97022014041491","DOI":"10.1590\/s1517-97022014041491"},{"key":"8205","unstructured":"Instru\u00e7\u00e3o de Normativa Conjunta no 1, de 10 de maio de 2016. (2016). Disp\u00f5e sobre controles internos, gest\u00e3o deriscos e governan\u00e7a no \u00e2mbito do PoderExecutivo federal. Bras\u00edlia. https:\/\/www.in.gov.br\/materia"},{"key":"8206","unstructured":"Instru\u00e7\u00e3o Normativa no 24, de 18 de mar\u00e7o de 2020. (2020). Disp\u00f5e sobre a elabora\u00e7\u00e3o, avalia\u00e7\u00e3o e revis\u00e3o do planejamento estrat\u00e9gico institucional dos \u00f3rg\u00e3os e das entidades da administra\u00e7\u00e3o p\u00fablica federal integrantes do Sistema de Organiza\u00e7\u00e3o e Inova\u00e7\u00e3o Institucional do Governo Federal\u2014SIORG, estruturado nos termos do art. 21 do Decreto no 9.739, de 28 de mar\u00e7o de 2019. Bras\u00edlia. https:\/\/www.in.gov.br\/materia"},{"key":"8207","unstructured":"Kano, N. (1984). Attractive quality and must-be quality. Hinshitsu (Quality, The Journal of Japanese Society for Quality Control), 14, 39\u201348."},{"key":"8208","unstructured":"Kepner, C. H., & Tregoe, B. B. (1981). O administrador racional: Uma abordagem sistem\u00e1tica \u00e0 solu\u00e7\u00e3o de problemas e tomada de decis\u00f5es (2nd ed.). Atlas."},{"key":"8209","doi-asserted-by":"crossref","unstructured":"Kratsch, W., Manderscheid, J., Rei\u00dfner, D., & R\u00f6glinger, M. (2017). Data-driven Process Prioritization in Process Networks. Decision Support Systems, 100, 27\u201340. https:\/\/doi.org\/10.1016\/j.dss.2017.02.011","DOI":"10.1016\/j.dss.2017.02.011"},{"key":"8210","doi-asserted-by":"crossref","unstructured":"Kregel, I., Distel, B., & Coners, A. (2022). Business process management culture in public administration and its determinants. Business & Information Systems Engineering, 64(2), Article 2.","DOI":"10.1007\/s12599-021-00713-z"},{"key":"8211","doi-asserted-by":"crossref","unstructured":"Kreuzer, T., R\u00f6glinger, M., & Rupprecht, L. (2020). Customer-centric prioritization of process improvement projects. Decision Support Systems, 133, 113286. https:\/\/doi.org\/10.1016\/j.dss.2020.113286","DOI":"10.1016\/j.dss.2020.113286"},{"key":"8212","doi-asserted-by":"crossref","unstructured":"Kubrak, K., Milani, F., & Nolte, A. (2023). A visual approach to support process analysts in working with process improvement opportunities. Business Process Management Journal, 29(8), 101\u2013132. https:\/\/doi.org\/10.1108\/BPMJ-10-2021-0631","DOI":"10.1108\/BPMJ-10-2021-0631"},{"key":"8213","doi-asserted-by":"crossref","unstructured":"Lapuente, V., & Van de Walle, S. (2020). The effects of new public management on the quality of public services. Governance, 33(3), 461\u2013475. https:\/\/doi.org\/10.1111\/gove.12502","DOI":"10.1111\/gove.12502"},{"key":"8214","doi-asserted-by":"crossref","unstructured":"Lee, J., & Choi, J. H. (2009). Process selection for Business Process Management in a mobile telecommunications company. International Journal of Information Technology and Management, 8(4), Article 4. https:\/\/doi.org\/10.1504\/IJITM.2009.024801","DOI":"10.1504\/IJITM.2009.024801"},{"key":"8215","doi-asserted-by":"crossref","unstructured":"Lehnert, M., R\u00f6glinger, M., & Seyfried, J. (2018). Prioritization of Interconnected Processes. Business & Information Systems Engineering, 60(2), 95\u2013114. https:\/\/doi.org\/10.1007\/s12599-017-0490-4","DOI":"10.1007\/s12599-017-0490-4"},{"key":"8216","unstructured":"Lei no 11.982, de 29 de Dezembro de 2008. (2008). Institui a Rede Federal de Educa\u00e7\u00e3o Profissional, Cient\u00edfica e Tecnol\u00f3gica, cria os Institutos Federais de Educa\u00e7\u00e3o, Ci\u00eancia e Tecnologia, e d\u00e1 outras provid\u00eancias. Bras\u00edlia, Lei n. 11.982, de 29 de dez. de 2008. http:\/\/www.planalto.gov.br\/ccivil_03\/_Ato2007-2010\/2008\/Lei\/L11892.htm"},{"key":"8217","unstructured":"Lei no 13.460, de 26 de junho de 2017. (2017). Disp\u00f5e sobre participa\u00e7\u00e3o, prote\u00e7\u00e3o e defesa dos direitos do usu\u00e1rio dos servi\u00e7os p\u00fablicos da administra\u00e7\u00e3o p\u00fablica. Bras\u00edlia. http:\/\/www.planalto.gov.br\/ccivil_03\/_ato2019-2022\/2019\/decreto\/D9991.htm"},{"key":"8218","unstructured":"Lei no 14.133, de 1o de Abril de 2021. (2021). Lei de Licita\u00e7\u00f5es e Contratos Administrativos. Bras\u00edlia. http:\/\/www.planalto.gov.br\/ccivil_03\/_ato2019-2022\/2019\/decreto\/D9991.htm"},{"key":"8219","doi-asserted-by":"crossref","unstructured":"Lopez-Campos, M., Crespo-Marquez, A., Viveros-Gunckel, P., Kristjanpoller-Rodriguez, F., & Stegmaier-Bravo, R. (2014). Metodolog\u00eda para auditar la asignaci\u00f3n de recursos a las actividades de mantenimiento. Dyna ingenieria e industria, 89(3), 89\u201397. https:\/\/doi.org\/10.6036\/5819","DOI":"10.6036\/5819"},{"key":"8220","doi-asserted-by":"crossref","unstructured":"Lu, J., Laux, C., & Antony, J. (2017). Lean Six Sigma leadership in higher education institutions. International Journal of Productivity and Performance Management, 66(5), 638\u2013650. https:\/\/doi.org\/10.1108\/IJPPM-09-2016-0195","DOI":"10.1108\/IJPPM-09-2016-0195"},{"key":"8221","doi-asserted-by":"crossref","unstructured":"Miranda, S. V. de. (2010). A gest\u00e3o da informa\u00e7\u00e3o e a modelagem de processos. Revista do Servi\u00e7o P\u00fablico, 61(1), Article 1. https:\/\/doi.org\/10.21874\/rsp.v61i1.39","DOI":"10.21874\/rsp.v61i1.39"},{"key":"8222","doi-asserted-by":"crossref","unstructured":"Nascimento, A. R. D., Baldam, R. de L., Costa, L., & Coelho Junior, T. de P. (2019). Applications of business governance and the Unified BPM Cycle in public credit recovery activities. Business Process Management Journal, 26(1), Article 1. https:\/\/doi.org\/10.1108\/BPMJ-11-2017-0317","DOI":"10.1108\/BPMJ-11-2017-0317"},{"key":"8223","doi-asserted-by":"crossref","unstructured":"Ohlsson, J., Han, S., & Bouwman, H. (2017). The prioritization and categorization method (PCM) process evaluation at Ericsson: A case study. Business Process Management Journal, 23(2), 377\u2013398. https:\/\/doi.org\/10.1108\/BPMJ-07-2016-0136","DOI":"10.1108\/BPMJ-07-2016-0136"},{"key":"8224","doi-asserted-by":"crossref","unstructured":"Ostadi, B., Alibakhshi, M., & Sepehri, M. M. (2020). Identification and prioritisation the critical activities of the emergency department using business continuity management concept. International Journal of Business Excellence, 22(1), 98. https:\/\/doi.org\/10.1504\/IJBEX.2020.109214","DOI":"10.1504\/IJBEX.2020.109214"},{"key":"8225","unstructured":"Rebou\u00e7as, D. de P. de O. (2019). Administra\u00e7\u00e3o de Processos: Conceitos, Metodologias, Pr\u00e1ticas (6th ed.). Atlas."},{"key":"8226","doi-asserted-by":"crossref","unstructured":"Reijers, H. A. (2021). Business Process Management: The evolution of a discipline. Computers in Industry, 126, 103404. https:\/\/doi.org\/10.1016\/j.compind.2021.103404","DOI":"10.1016\/j.compind.2021.103404"},{"key":"8227","doi-asserted-by":"crossref","unstructured":"Richard, S., Pellerin, R., Bellemare, J., & Perrier, N. (2021). A business process and portfolio management approach for Industry 4.0 transformation. Business Process Management Journal, 27(2), 505\u2013528. https:\/\/doi.org\/10.1108\/BPMJ-05-2020-0216","DOI":"10.1108\/BPMJ-05-2020-0216"},{"key":"8228","doi-asserted-by":"crossref","unstructured":"Rinaldi, M., Montanari, R., & Bottani, E. (2015). Improving the efficiency of public administrations through business process reengineering and simulation: A case study. Business Process Management Journal, 21(2), 419\u2013462. https:\/\/doi.org\/10.1108\/BPMJ-06-2014-0054","DOI":"10.1108\/BPMJ-06-2014-0054"},{"key":"8229","doi-asserted-by":"crossref","unstructured":"Rz\u0105dzi\u0144ski, L., & Sworowska, A. (2016). Parametric and Non Parametric Methods for Efficiency Assessment of State Higher Vocational Schools in 2009-2011. Entrepreneurial Business and Economics Review, 4(1), 95\u2013112. https:\/\/doi.org\/10.15678\/EBER.2016.040107","DOI":"10.15678\/EBER.2016.040107"},{"key":"8230","doi-asserted-by":"crossref","unstructured":"Santos, R. P. dos, Salgado, T. M., & Pereira, V. R. (2022). Business process prioritization criteria: A case study in the financial market. RAUSP Management Journal, 57, 35\u201348. https:\/\/doi.org\/10.1108\/RAUSP-07-2020-0155","DOI":"10.1108\/RAUSP-07-2020-0155"},{"key":"8231","doi-asserted-by":"crossref","unstructured":"Scheuerlein, H., Rauchfuss, F., Dittmar, Y., Molle, R., Lehmann, T., Pienkos, N., & Settmacher, U. (2012). New methods for clinical pathways\u2014Business Process Modeling Notation (BPMN) and Tangible Business Process Modeling (t.BPM). Langenbeck\u2019s Archives of Surgery, 397(5), Article 5. https:\/\/doi.org\/10.1007\/s00423-012-0914-z","DOI":"10.1007\/s00423-012-0914-z"},{"key":"8232","doi-asserted-by":"crossref","unstructured":"Sch\u00f6nreiter, I. M. (2018). Methodologies for process harmonization in the post-merger integration phase: A literature review. Business Process Management Journal, 24(2), 330\u2013356. https:\/\/doi.org\/10.1108\/BPMJ-07-2016-0141","DOI":"10.1108\/BPMJ-07-2016-0141"},{"key":"8233","doi-asserted-by":"crossref","unstructured":"Shahul Hameed, N. S., Salamzadeh, Y., Abdul Rahim, N. F., & Salamzadeh, A. (2021). The impact of business process reengineering on organizational performance during the coronavirus pandemic: Moderating role of strategic thinking. Foresight, ahead-of-print(ahead-of-print). https:\/\/doi.org\/10.1108\/FS-02-2021-0036","DOI":"10.1108\/FS-02-2021-0036"},{"key":"8234","doi-asserted-by":"crossref","unstructured":"Stravinskiene, I., & Serafinas, D. (2020). The Link between Business Process Management and Quality Management. Journal of Risk and Financial Management, 13(10), Article 10. https:\/\/doi.org\/10.3390\/jrfm13100225","DOI":"10.3390\/jrfm13100225"},{"key":"8235","doi-asserted-by":"crossref","unstructured":"Tavares, R. S., & Meza, L. A. (2021). Performance evaluation of undergraduate courses at a Brazilian Federal University. Ensaio: Avalia\u00e7\u00e3o e Pol\u00edticas P\u00fablicas Em Educa\u00e7\u00e3o, 29(110), Article 110. https:\/\/doi.org\/10.1590\/s0104-40362020002802223","DOI":"10.1590\/s0104-40362020002802223"},{"key":"8236","doi-asserted-by":"crossref","unstructured":"Wanke, P., Chen, Z., Zheng, X., & Antunes, J. (2020). Sustainability efficiency and carbon inequality of the Chinese transportation system: A Robust Bayesian Stochastic Frontier Analysis. Journal of Environmental Management, 260, 110163. https:\/\/doi.org\/10.1016\/j.jenvman.2020.110163","DOI":"10.1016\/j.jenvman.2020.110163"}],"container-title":["Administraci\u00f3n &amp; Desarrollo"],"link":[{"URL":"https:\/\/revistas.esap.edu.co\/index.php\/admindesarro\/article\/download\/814\/673","content-type":"text\/xml","content-version":"vor","intended-application":"text-mining"},{"URL":"https:\/\/revistas.esap.edu.co\/index.php\/admindesarro\/article\/download\/814\/690","content-type":"application\/pdf","content-version":"vor","intended-application":"text-mining"},{"URL":"https:\/\/revistas.esap.edu.co\/index.php\/admindesarro\/article\/download\/814\/690","content-type":"unspecified","content-version":"vor","intended-application":"similarity-checking"}],"deposited":{"date-parts":[[2025,12,31]],"date-time":"2025-12-31T20:00:29Z","timestamp":1767211229000},"score":0.0,"resource":{"primary":{"URL":"https:\/\/revistas.esap.edu.co\/index.php\/admindesarro\/article\/view\/814"}},"issued":{"date-parts":[[2023,8,30]]},"references-count":53,"journal-issue":{"issue":"2","published-online":{"date-parts":[[2023,7,1]]}},"URL":"https:\/\/doi.org\/10.22431\/25005227.vol53n2.1","ISSN":["2500-5227","0120-3754"],"issn-type":[{"type":"electronic","value":"2500-5227"},{"type":"print","value":"0120-3754"}],"published":{"date-parts":[[2023,8,30]]}},{"indexed":{"date-parts":[[2026,6,6]],"date-time":"2026-06-06T12:47:31Z","timestamp":1780750051777,"version":"3.54.1"},"reference-count":21,"publisher":"Escuela Superior de Administracion Publica","issue":"1","license":[{"start":{"date-parts":[[2021,6,30]],"date-time":"2021-06-30T00:00:00Z","timestamp":1625011200000},"content-version":"unspecified","delay-in-days":0,"URL":"http:\/\/creativecommons.org\/licenses\/by-nc-nd\/4.0"}],"content-domain":{"domain":[],"crossmark-restriction":false},"short-container-title":["Adm. Desarro."],"abstract":"<jats:p>Este trabajo de investigaci\u00f3n determina los efectos de la doble tributaci\u00f3n internacional sobre la inversi\u00f3n extranjera en American Latina y el Caribe, al considerar los resultados entre 2008 y 2020. Se definen factores monetarios sobre los efectos y el costo de inversi\u00f3n por pa\u00eds en los que se busca determinar la importaci\u00f3n al determinar suscripci\u00f3n de los contratos de doble imposici\u00f3n con los pa\u00edses, demostrando por un estudio descriptivo que, a mayor firma de convenios de doble tributaci\u00f3n internacional aumenta igualmente la entrada de recursos de inversi\u00f3n extranjera al pa\u00eds, lo que favorece la econom\u00eda, influyendo en factores negativos ocasionados por la afectaci\u00f3n del Coronavirus (Covid-19). La investigaci\u00f3n se realiz\u00f3 bajo la metodolog\u00eda de investigaci\u00f3n descriptiva, donde se analiza la doble tributaci\u00f3n con la \u00f3ptica econ\u00f3mica de la inversi\u00f3n directa frente al convenio de doble imposici\u00f3n tributaria. Se consideraron las normas jur\u00eddicas (tratados de doble tributaci\u00f3n, conceptos, jurisprudencia), revistas cient\u00edficas de Scopus, informes de organismos internacionales (OCDE) acerca de la tributaci\u00f3n internacional y del an\u00e1lisis de la informaci\u00f3n relacionada en el marco te\u00f3rico. De este, se visualizan aportes para la comunidad acad\u00e9mica y para los Estados y organismos internacionales que investigan el fen\u00f3meno de la doble tributaci\u00f3n. Se concluye con el estudio que disponer de convenios de doble tributaci\u00f3n internacional muestra una actitud abierta al exterior y receptiva al mantenimiento de relaciones econ\u00f3micas que ayudan al comercio exterior, adem\u00e1s se observa que a mayor n\u00famero de convenios firmados por los gobiernos y pol\u00edticas fiscales claras sobre tributaci\u00f3n interna de los pa\u00edses crece la inversi\u00f3n directa extranjera.<\/jats:p>","DOI":"10.22431\/25005227.vol51n1.8","type":"journal-article","created":{"date-parts":[[2022,6,16]],"date-time":"2022-06-16T16:58:41Z","timestamp":1655398721000},"page":"165-183","source":"Crossref","is-referenced-by-count":3,"title":["La doble tributaci\u00f3n internacional sobre la inversi\u00f3n directa extranjera en Am\u00e9rica Latina y el Caribe"],"prefix":"10.22431","volume":"51","author":[{"ORCID":"https:\/\/orcid.org\/0000-0002-3129-1942","authenticated-orcid":false,"given":"Orlando Carmelo","family":"Castellanos Polo","sequence":"first","affiliation":[],"role":[{"vocabulary":"crossref","role":"author"}]},{"ORCID":"https:\/\/orcid.org\/0000-0002-8535-841X","authenticated-orcid":false,"given":"Jos\u00e9 Alexander","family":"Vel\u00e1squez Ochoa","sequence":"additional","affiliation":[],"role":[{"vocabulary":"crossref","role":"author"}]},{"ORCID":"https:\/\/orcid.org\/0000-0003-3690-2842","authenticated-orcid":false,"given":"Gladys Irene","family":"Arboleda Posada","sequence":"additional","affiliation":[],"role":[{"vocabulary":"crossref","role":"author"}]}],"member":"9723","published-online":{"date-parts":[[2021,6,30]]},"reference":[{"key":"3860","doi-asserted-by":"crossref","unstructured":"Barrios, S., Huizinga, H., Laeven, L., & Nicodeme, G. (2012). Fiscalidad internacional y decisiones de localizaci\u00f3n de empresas multinacionales. Revista de Econom\u00eda P\u00fablica, 96(11), 946\u2013958. https:\/\/doi.org\/10.1016\/j.jpubeco.2012.06.004","DOI":"10.1016\/j.jpubeco.2012.06.004"},{"key":"3861","unstructured":"Braun, J., Weichenrieder, A. J. (2015). \u00bfInfluye el intercambio de informaci\u00f3n entre las autoridades fiscales en el uso de los para\u00edsos fiscales por parte de las multinacionales? WU International Taxation Research Paper Series 11."},{"key":"3862","doi-asserted-by":"crossref","unstructured":"Blonigen, B. A., Oldenski, L., & Sly, N. (2014). Los efectos diferenciales de los tratados fiscales bilaterales. American Economic Journal: Economic Policy, 6(2), 1\u201318.","DOI":"10.1257\/pol.6.2.1"},{"key":"3863","doi-asserted-by":"crossref","unstructured":"Barthel, F., Busse, M., & Neumayer, E. (2010). The impact of double taxation treaties on foreign direct investment: evidence from large dyadic panel data. Contemporary Economic Policy, 28(3), 366-377. DOI: https:\/\/doi.org\/10.1111\/j.1465-7287.2009.00185.x","DOI":"10.1111\/j.1465-7287.2009.00185.x"},{"key":"3864","doi-asserted-by":"crossref","unstructured":"Blonigen, B. A., Oldenski, L., & Sly, N. (2014). Los efectos diferenciales de los tratados fiscales bilaterales. American Economic Journal: Economic Policy, 6(2), 1-18.","DOI":"10.1257\/pol.6.2.1"},{"key":"3865","doi-asserted-by":"crossref","unstructured":"Blonigen, B., & Davies, R. (2004). The Effects of Bilateral Tax Treaties on U.S. FDI Activity. International Tax and Public Finance, 11(5), 601-622. DOI: https:\/\/doi.org\/10.1023\/b:itax.0000036693.32618.00","DOI":"10.1023\/B:ITAX.0000036693.32618.00"},{"key":"3866","unstructured":"Black, F. (1974), \u201cEquilibrio del mercado de capitales internacional con barreras a la inversi\u00f3n\u201d. Revista de econom\u00eda financiera."},{"key":"3867","doi-asserted-by":"crossref","unstructured":"Barrios, S., Huizinga, H., Laeven, L., & Nicodeme, G. (2012). International taxation and multinational firm location decisions. Journal of Public Economics, 96(11), 946-958","DOI":"10.1016\/j.jpubeco.2012.06.004"},{"key":"3868","unstructured":"B\u00f6senberg, S., Egger, P., & Erhardt, K. (2016). La anatom\u00eda de los tratados de doble imposici\u00f3n: complejidad, generosidad e intercambio de informaci\u00f3n y sus efectos. Manuscrito in\u00e9dito."},{"key":"3869","unstructured":"Castillo, A., & L\u00f3pez, J. (2019). Efecto de los tratados de doble imposici\u00f3n sobre la actividad de inversi\u00f3n extranjera directa bilateral espa\u00f1ola. Economics: The OpenAccess, Open-Assessment E-Journal, 13, 19-22"},{"key":"3870","unstructured":"Davies, R.B., Norb\u00e4ck, P. J., & Tekin-Koru, A. (2009). El efecto de los tratados fiscales en las empresas multinacionales: nueva evidencia de microdatos. La econom\u00eda mundial, 32(1), 77\u2013110."},{"key":"3871","unstructured":"Easson, A. (2000). \u00bfSeguimos necesitando tratados fiscales? Bolet\u00edn de Documentaci\u00f3n Fiscal Internacional, 54(12), 619-625"},{"key":"3872","doi-asserted-by":"crossref","unstructured":"Egger, P., y Merlo, V. (2011). Statutory corporate tax rates and double-taxation treaties as determinants of multinational firm activity. FinanzArchiv: Public Finance Analysis, 67(2), 145-170.","DOI":"10.1628\/001522111X588754"},{"key":"3873","unstructured":"Hong, S. (2018). Tratados fiscales e inversi\u00f3n extranjera directa: un enfoque de red. Impuestos Internacionales y Finanzas P\u00fablicas, 25(5), 1277\u20131320."},{"key":"3874","unstructured":"Hern\u00e1ndez Sampieri, R. (2006). Metodolog\u00eda de la investigaci\u00f3n. Editorial McGraw Hill M\u00e9xico"},{"key":"3875","doi-asserted-by":"crossref","unstructured":"Marques, M., & Pinho, C. (2014). Tax-treaty effects on foreign investment: Evidence from European multinationals. FinanzArchiv: Public Finance Analysis, 70(4), 527-555.","DOI":"10.1628\/001522114X685474"},{"key":"3876","doi-asserted-by":"crossref","unstructured":"Murthy, K., & Bhasin, N. (2015). The impact of bilateral tax treaties: A multi-country analysis of FDI inflows into India. Journal of International Trade & Economic Development, 24(6), 751-766. DOI: 10.1080\/09638199.2014.960442","DOI":"10.1080\/09638199.2014.960442"},{"key":"3877","unstructured":"Neumayer, E. (2007). \u00bfAumentan los tratados de doble imposici\u00f3n la inversi\u00f3n extranjera directa en los pa\u00edses en desarrollo? The Journal of Development Studies, 43(8), 1501-1519"},{"key":"3878","doi-asserted-by":"crossref","unstructured":"OCDE. (2018) Tendencias del impuesto al consumo IVA \/ GST e impuestos especiales tasas, tendencias y cuestiones de pol\u00edtica. Par\u00eds: Publicaciones de la OCDE. https:\/\/doi.org\/10.1787\/ctt-2018-en","DOI":"10.1787\/ctt-2018-en"},{"key":"3879","doi-asserted-by":"crossref","unstructured":"Van\u2019t Riet, M., & Lejour, A. (2018). Enrutamiento tributario \u00f3ptimo: An\u00e1lisis de red del desv\u00edo de IED. Impuestos Internacionales y Finanzas P\u00fablicas, 25(5), 1321\u20131371.","DOI":"10.1007\/s10797-018-9491-6"},{"key":"3880","unstructured":"Schjeldrup, G. (2016). Jurisdicciones secretas. Impuestos Internacionales y Finanzas P\u00fablicas, 23(1), 168\u2013189."}],"container-title":["Administraci\u00f3n &amp; Desarrollo"],"link":[{"URL":"https:\/\/revistas.esap.edu.co\/index.php\/admindesarro\/article\/download\/653\/575","content-type":"application\/pdf","content-version":"vor","intended-application":"text-mining"},{"URL":"https:\/\/revistas.esap.edu.co\/index.php\/admindesarro\/article\/download\/653\/564","content-type":"text\/xml","content-version":"vor","intended-application":"text-mining"},{"URL":"https:\/\/revistas.esap.edu.co\/index.php\/admindesarro\/article\/download\/653\/553","content-type":"unspecified","content-version":"vor","intended-application":"similarity-checking"}],"deposited":{"date-parts":[[2022,7,29]],"date-time":"2022-07-29T15:25:41Z","timestamp":1659108341000},"score":0.0,"resource":{"primary":{"URL":"https:\/\/revistas.esap.edu.co\/index.php\/admindesarro\/article\/view\/653"}},"issued":{"date-parts":[[2021,6,30]]},"references-count":21,"journal-issue":{"issue":"1","published-online":{"date-parts":[[2021,6,30]]}},"URL":"https:\/\/doi.org\/10.22431\/25005227.vol51n1.8","ISSN":["2500-5227","0120-3754"],"issn-type":[{"value":"2500-5227","type":"electronic"},{"value":"0120-3754","type":"print"}],"published":{"date-parts":[[2021,6,30]]}},{"indexed":{"date-parts":[[2025,12,19]],"date-time":"2025-12-19T15:33:15Z","timestamp":1766158395171,"version":"3.48.0"},"reference-count":38,"publisher":"Escuela Superior de Administracion Publica","issue":"34","license":[{"start":{"date-parts":[[2025,11,25]],"date-time":"2025-11-25T00:00:00Z","timestamp":1764028800000},"content-version":"unspecified","delay-in-days":0,"URL":"https:\/\/creativecommons.org\/licenses\/by-nc-sa\/4.0"}],"content-domain":{"domain":[],"crossmark-restriction":false},"short-container-title":["Nova vetera"],"abstract":"<jats:p>Problem statement: The 2021 Colombian National Strike was a milestone of social mobilization in the recent history of the country and the region, where memory was consolidated as an articulating axis of resistance, collective action and dispute over the meaning of the past. The main problematic lies in understanding how memory was mobilized, performed, and resignified amid a context of social crisis, protest, state repression, and the search for recognition. Objective: To analyze the roles and uses of memory within the repertoires of collective action of the National Strike, emphasizing its artistic, ritual, and pedagogical dimensions as forms of resistance and political meaning-making. Methodology: A qualitative and constructivist approach was adopted, combining documentary review of press materials, social media content, and audiovisual sources with semi-structured interviews conducted with participants in the mobilizations. Results: The analysis identified symbolic and narrative patterns showing how memory operated as a political, aesthetic, and emotional tool capable of activating processes of recognition and denunciation. Conclusion: These memory practices not only made visible the dynamics of violence and injustice but also functioned as performative devices for community reconfiguration and for resignifying the past in the present.<\/jats:p>","DOI":"10.22431\/25005103.1122","type":"journal-article","created":{"date-parts":[[2025,12,17]],"date-time":"2025-12-17T18:38:39Z","timestamp":1765996719000},"source":"Crossref","is-referenced-by-count":0,"title":["Roles y usos de la memoria en el Paro Nacional de Colombia 2021","Roles and Uses of Memory in the 2021 Colombian National Strike"],"prefix":"10.22431","author":[{"ORCID":"https:\/\/orcid.org\/0000-0003-3028-6444","authenticated-orcid":false,"given":"Juli\u00e1n","family":"Mu\u00f1oz Londo\u00f1o","sequence":"first","affiliation":[],"role":[{"role":"author","vocabulary":"crossref"}]}],"member":"9723","published-online":{"date-parts":[[2025,11,25]]},"reference":[{"key":"28004","doi-asserted-by":"publisher","DOI":"10.7440\/res86.2023.01"},{"key":"28005","doi-asserted-by":"publisher","DOI":"10.5565\/rev\/qpsicologia.1535"},{"key":"28006","doi-asserted-by":"publisher","DOI":"10.5565\/rev\/athenea.1577"},{"key":"28007","unstructured":"Calveiro, P. (2016). Algunos usos de la memoria en el rebasamiento del miedo. Foros sobre Memoria Social e Historia Reciente. https:\/\/www.ides.org.ar\/sites\/default\/files\/attach\/TEXTO-CALVEIRO-FORO-FINAL.pdf"},{"key":"28008","unstructured":"Cartel Urbano. (15 de mayo de 2021). \u00bfDe qui\u00e9n es la calle?: pintura callejera y censura en el paro nacional. Cartel Urbano: Historias. https:\/\/cartelurbano.com\/historias\/de-quien-es-la-calle-pintura-callejera-y-censura-en-el-paro-nacional"},{"key":"28009","unstructured":"Cassiani, \u00c1. (28 de junio de 2021). Con plant\u00f3n y velat\u00f3n conmemoran dos meses del paro nacional en Cartagena. RCN Radio. https:\/\/noticias.rcnradio.com\/colombia\/caribe\/con-planton-y-velaton-conmemoran-dos-meses-del-paro-nacional-en-cartagena"},{"key":"28010","doi-asserted-by":"publisher","DOI":"10.25058\/20112742.n44.07"},{"key":"28011","doi-asserted-by":"publisher","DOI":"10.21501\/22161201.1779"},{"key":"28012","doi-asserted-by":"publisher","DOI":"10.29344\/07196458.27.2472"},{"key":"28013","unstructured":"C\u00e9spedes, J. S., y Acevedo, A. M. (4 de septiembre de 2021). Sobre los repertorios de acci\u00f3n colectiva en el marco del paro nacional del 28 de abril del 2021 en Santiago de Cali. Indepaz. https:\/\/indepaz.org.co\/sobre-los-repertorios-de-accion-colectiva-en-el-marco-del-paro-nacional-del-28-de-abril-del-2021-en-santiago-de-cali\/"},{"key":"28014","unstructured":"Cristancho, H., Rico, D., y Nates, B. (2024). Memorias plurales. Trayectorias territoriales de organizaciones de v\u00edctimas del conflicto armado en Caldas (Colombia). Editorial Universidad de Caldas."},{"key":"28015","unstructured":"Cuesti\u00f3n P\u00fablica. (9 de mayo de 2021). Abuso policial y violencia: en memoria de a quienes hemos perdido durante las movilizaciones sociales. Cuesti\u00f3n P\u00fablica. https:\/\/cuestionpublica.com\/en-memoria-victimas-mortales-abuso-policial-violencia-movilizaciones-sociales\/"},{"key":"28016","unstructured":"Delgado-Salazar, R. (2011). Educaci\u00f3n para la ciudadan\u00eda desde la acci\u00f3n colectiva. magis, Revista Internacional de Investigaci\u00f3n en Educaci\u00f3n, 4(7), 201-210. https:\/\/revistas.javeriana.edu.co\/index.php\/MAGIS\/article\/view\/3564"},{"key":"28017","unstructured":"Dousdebes, C. (11 de mayo de 2021a). El arte de incomodar: la pintura como voz de protesta. Semana: Cultura. https:\/\/www.semana.com\/cultura\/articulo\/el-arte-de-incomodar-la-pintura-como-voz-de-protesta\/202157\/"},{"key":"28018","unstructured":"Dousdebes, C. (3 de febrero de 2021b). Todas las vidas valen: el arte urbano crea memoria colectiva. Semana: Cultura. https:\/\/www.semana.com\/cultura\/articulo\/todas-las-vidas-valen-el-arte-urbano-crea-memoria-colectiva\/202107\/"},{"key":"28019","unstructured":"El Espectador. (10 de mayo de 2021a). Grafitis y murales: algunas expresiones art\u00edsticas del paro nacional. Cultura. https:\/\/www.elespectador.com\/el-magazin-cultural\/grafitis-y-murales-algunas-expresiones-artisticas-no-censuradas-del-paro-nacional\/"},{"key":"28020","unstructured":"El Espectador. (4 de mayo de 2021b). Velat\u00f3n por Colombia: ciudadanos en el pa\u00eds y en el exterior se unen para pedir que cese la violencia. https:\/\/www.elespectador.com\/colombia\/cali\/velaton-por-colombia-ciudadanos-en-el-pais-y-en-el-exterior-se-unen-para-pedir-que-cese-la-violencia-article\/"},{"key":"28021","unstructured":"Fl\u00f3rez, M. (10 de agosto de 2021). Un antimuseo desde el sur por la memoria del paro. Centro de Memoria, Paz y Reconciliaci\u00f3n. http:\/\/centromemoria.gov.co\/un-antimuseo-desde-el-sur-por-la-memoria-del-paro\/"},{"key":"28022","doi-asserted-by":"publisher","DOI":"10.1177\/17506980211044696"},{"key":"28023","doi-asserted-by":"publisher","DOI":"10.1080\/14742830600621159"},{"key":"28024","doi-asserted-by":"publisher","DOI":"10.14409\/rc.v0i10.9147"},{"key":"28025","unstructured":"Manero Brito, R., y Soto Mart\u00ednez, M. (2005). Memoria colectiva y procesos sociales. Ense\u00f1anza e Investigaci\u00f3n en Psicolog\u00eda, 10(1), 171-189. http:\/\/www.redalyc.org\/articulo.oa?id=29210112"},{"key":"28026","doi-asserted-by":"publisher","DOI":"10.30973\/esdi\/2018.5.1\/6"},{"key":"28027","unstructured":"Parada, V. (19 de junio de 2021). Hacer memoria sobre la guerra y el paro nacional: una tarea de los j\u00f3venes. El Espectador: Colombia + 20. https:\/\/www.elespectador.com\/colombia-20\/paz-y-memoria\/hacer-memoria-sobre-la-guerra-y-el-paro-nacional-una-tarea-de-los-jovenes\/"},{"key":"28028","unstructured":"Pernett, N. (2 de noviembre de 2020). El ocaso de los \u00eddolos: sobre la destrucci\u00f3n de estatuas. Raz\u00f3n P\u00fablica: Arte y Cultura. https:\/\/razonpublica.com\/ocaso-los-idolos-la-destruccion-estatuas\/"},{"key":"28029","unstructured":"Piedrahita, N. (25 de mayo de 2021). Las graf\u00edas callejeras del paro nacional. Universidad de Antioquia - UdeA Noticias. https:\/\/bit.ly\/49Cv4Ag"},{"key":"28030","doi-asserted-by":"publisher","DOI":"10.7764\/psykhe.22.2.574"},{"key":"28031","unstructured":"Puentes, A. (26 de octubre de 2021). Grafiti y protesta social en Bogot\u00e1: los muros que no callan en el paro. Obtenido de El Tiempo: Bogot\u00e1: https:\/\/www.eltiempo.com\/bogota\/grafiti-y-arte-urbano-en-el-paro-nacional-en-bogota-612675"},{"key":"28032","unstructured":"Puga, C. (23 de abril de 2024). Performatividad. Instituto de Investigaciones Sociales de la Universidad Nacional Aut\u00f3noma de M\u00e9xico - IIS-UNAM. https:\/\/prontuario-democracia.sociales.unam.mx\/performatividad\/"},{"key":"28033","unstructured":"Rabotnikof, N. (2009). Pol\u00edtica y tiempo: Pensar la conmemoraci\u00f3n. Sociohist\u00f3rica \/ Cuadernos del CISH, 26, 179-212. https:\/\/www.memoria.fahce.unlp.edu.ar\/art_revistas\/pr.4513\/pr.4513.pdf"},{"key":"28034","unstructured":"Radiophonium. (10 de junio de 2021). Especial de la memoria del paro nacional. Radiophonium Podcast: Universidad del Rosario. https:\/\/www.spreaker.com\/user\/urosarioradio\/especial-de-la-memoria-del-paro-nacional"},{"key":"28035","unstructured":"Ram\u00edrez, C., D\u00edaz, A., V\u00e9lez, M., Mu\u00f1oz, G., y D\u00e1vila, M. C. (10 de agosto de 2021). Los murales que sacudieron a todo el pa\u00eds en el paro nacional. Radi\u00f3nica. https:\/\/www.radionica.rocks\/cultura\/teatro-arte\/los-murales-que-sacudieron-todo-el-pais-en-el-paro-nacional"},{"key":"28036","unstructured":"Retamozo, M. (2012). Constructivismo: Epistemolog\u00eda y metodolog\u00eda en las ciencias sociales. En E. de la Garza Toledo, y G. Leyva (eds.), Tratado de metodolog\u00eda de las ciencias sociales: Perspectivas actuales (pp. 325-351). Universidad Aut\u00f3noma Metropolitana."},{"key":"28037","unstructured":"Schindel, E. (2009). Inscribir el pasado en el presente: memoria y espacio urbano. Pol\u00edtica y Cultura, (31), 65-87. https:\/\/www.scielo.org.mx\/scielo.php?pid=S0188-77422009000100005&script=sci_abstract"},{"key":"28038","unstructured":"Schmucler, H. (2006). La inquietante relaci\u00f3n entre lugares y memorias. Memoria Abierta. https:\/\/www.memoriaabierta.org.ar\/materiales\/pdf\/hector_schmucler.pdf"},{"key":"28039","unstructured":"Torrado, S. (28 de mayo de 2021). \u2018Vidas robadas\u2019, el r\u00e9quiem con el que Doris Salcedo honra a los muertos de las protestas en Colombia. El Pa\u00eds: Cultura. https:\/\/elpais.com\/cultura\/2021-05-28\/vidas-robadas-el-requiem-con-el-que-doris-salcedo-honra-a-los-muertos-de-las-protestas-en-colombia.html"},{"key":"28040","unstructured":"V\u00e1zquez Guzm\u00e1n, A. (2015). La contramemoria neozapatista. \u201cUna guerra contra el olvido, una guerra por la memoria\u201d [tesis de licenciatura]. Universidad Aut\u00f3noma de la Ciudad de M\u00e9xico. https:\/\/www.repositorioinstitucionaluacm.mx\/jspui\/bitstream\/123456789\/318\/3\/ARACELI%20V%C3%81ZQUEZ%20GUZM%C3%81N_HSC.pdf"},{"key":"28041","unstructured":"Vinyes, R. (2009). La memoria del Estado. En Vinyes, R. (ed.), El Estado y la memoria (pp. 23-66). RBA."}],"container-title":["Nova et Vetera"],"link":[{"URL":"https:\/\/revistas.esap.edu.co\/index.php\/novaetvetera\/article\/download\/1122\/856","content-type":"application\/pdf","content-version":"vor","intended-application":"text-mining"},{"URL":"https:\/\/revistas.esap.edu.co\/index.php\/novaetvetera\/article\/download\/1122\/856","content-type":"unspecified","content-version":"vor","intended-application":"similarity-checking"}],"deposited":{"date-parts":[[2025,12,19]],"date-time":"2025-12-19T15:26:52Z","timestamp":1766158012000},"score":0.0,"resource":{"primary":{"URL":"https:\/\/revistas.esap.edu.co\/index.php\/novaetvetera\/article\/view\/1122"}},"issued":{"date-parts":[[2025,11,25]]},"references-count":38,"journal-issue":{"issue":"34","published-online":{"date-parts":[[2025,11,25]]}},"URL":"https:\/\/doi.org\/10.22431\/25005103.1122","ISSN":["2500-5103","0123-2614"],"issn-type":[{"type":"electronic","value":"2500-5103"},{"type":"print","value":"0123-2614"}],"published":{"date-parts":[[2025,11,25]]}},{"indexed":{"date-parts":[[2025,11,6]],"date-time":"2025-11-06T16:51:17Z","timestamp":1762447877693,"version":"build-2065373602"},"reference-count":0,"publisher":"Escuela Superior de Administracion Publica","issue":"27","license":[{"start":{"date-parts":[[2018,11,29]],"date-time":"2018-11-29T00:00:00Z","timestamp":1543449600000},"content-version":"unspecified","delay-in-days":0,"URL":"http:\/\/creativecommons.org\/licenses\/by-nc-nd\/4.0"}],"content-domain":{"domain":[],"crossmark-restriction":false},"short-container-title":["Nova vetera"],"abstract":"<jats:p>Cerramos un a\u00f1o dif\u00edcil para el pa\u00eds, pues cada cambio de gobierno suele estar acompa\u00f1ado de cierto grado de incertidumbre frente a la continuidad y la coherencia de lo que ven\u00edamos construyendo. Si bien el nuevo presidente de Colombia, 2018-2022, se ha comprometido a no romper el acuerdo de Paz con las FARC, tambi\u00e9n ha sido enf\u00e1tico en su inter\u00e9s por modificarlo, lo que ha significado un a\u00f1o muy incierto para quienes estamos comprometidos con la defensa de los Derechos Humanos y la construcci\u00f3n de un pa\u00eds en Paz.\u00a0<\/jats:p>","DOI":"10.22431\/25005103.499","type":"journal-article","created":{"date-parts":[[2018,12,17]],"date-time":"2018-12-17T09:22:03Z","timestamp":1545038523000},"page":"6-7","source":"Crossref","is-referenced-by-count":0,"title":["Editorial"],"prefix":"10.22431","author":[{"given":"MAR\u00cdA VICTORIA","family":"WHITTINGHAM MUN\u00c9VAR","sequence":"first","affiliation":[],"role":[{"role":"author","vocabulary":"crossref"}]}],"member":"9723","published-online":{"date-parts":[[2018,11,29]]},"container-title":["Nova et Vetera"],"link":[{"URL":"https:\/\/revistas.esap.edu.co\/index.php\/novaetvetera\/article\/download\/499\/474","content-type":"application\/pdf","content-version":"vor","intended-application":"text-mining"},{"URL":"https:\/\/revistas.esap.edu.co\/index.php\/novaetvetera\/article\/download\/499\/474","content-type":"unspecified","content-version":"vor","intended-application":"similarity-checking"}],"deposited":{"date-parts":[[2025,11,6]],"date-time":"2025-11-06T16:47:22Z","timestamp":1762447642000},"score":0.0,"resource":{"primary":{"URL":"https:\/\/revistas.esap.edu.co\/index.php\/novaetvetera\/article\/view\/499"}},"issued":{"date-parts":[[2018,11,29]]},"references-count":0,"journal-issue":{"issue":"27","published-online":{"date-parts":[[2018,12,11]]}},"URL":"https:\/\/doi.org\/10.22431\/25005103.499","ISSN":["2500-5103","0123-2614"],"issn-type":[{"type":"electronic","value":"2500-5103"},{"type":"print","value":"0123-2614"}],"published":{"date-parts":[[2018,11,29]]}},{"indexed":{"date-parts":[[2025,11,6]],"date-time":"2025-11-06T16:40:25Z","timestamp":1762447225788,"version":"build-2065373602"},"reference-count":0,"publisher":"Escuela Superior de Administracion Publica","issue":"1","license":[{"start":{"date-parts":[[2018,6,18]],"date-time":"2018-06-18T00:00:00Z","timestamp":1529280000000},"content-version":"unspecified","delay-in-days":0,"URL":"http:\/\/creativecommons.org\/licenses\/by-nc-nd\/4.0"}],"content-domain":{"domain":[],"crossmark-restriction":false},"short-container-title":["Adm. Desarro."],"abstract":"<jats:p>The present is a critical analysis of the public policy for the inclusion of the ex-officio recycler population in the cleaning service of the capital city of Colombia, Bogot\u00e1. The demands made by a population in conditions of manifest vulnerability give rise to a serie of issues related to the public toilet service in the utilization component. The reference period is between the years 2012 - 2016, in which the assessments on the impact of the Zero Waste programs on indicators such as the formalization of the re- cycling and waste management population are analyzed.<\/jats:p>","DOI":"10.22431\/25005227.421","type":"journal-article","created":{"date-parts":[[2018,6,20]],"date-time":"2018-06-20T19:34:32Z","timestamp":1529523272000},"page":"93-113","source":"Crossref","is-referenced-by-count":0,"title":["Servicio p\u00fablico de aseo en Bogot\u00e1 y pol\u00edticas para la poblaci\u00f3n recicladora.","Sanitary public service in Bogot\u00e1 and policies for recicler population"],"prefix":"10.22431","volume":"48","author":[{"ORCID":"https:\/\/orcid.org\/0000-0002-3486-1728","authenticated-orcid":false,"given":"Jairo Alberto","family":"Barriga Chia","sequence":"first","affiliation":[],"role":[{"role":"author","vocabulary":"crossref"}]}],"member":"9723","published-online":{"date-parts":[[2018,6,18]]},"container-title":["Administraci\u00f3n &amp; Desarrollo"],"link":[{"URL":"https:\/\/revistas.esap.edu.co\/index.php\/admindesarro\/article\/download\/421\/460","content-type":"application\/pdf","content-version":"vor","intended-application":"text-mining"},{"URL":"https:\/\/revistas.esap.edu.co\/index.php\/admindesarro\/article\/download\/421\/460","content-type":"unspecified","content-version":"vor","intended-application":"similarity-checking"}],"deposited":{"date-parts":[[2025,11,6]],"date-time":"2025-11-06T16:34:31Z","timestamp":1762446871000},"score":0.0,"resource":{"primary":{"URL":"https:\/\/revistas.esap.edu.co\/index.php\/admindesarro\/article\/view\/421"}},"issued":{"date-parts":[[2018,6,18]]},"references-count":0,"journal-issue":{"issue":"1","published-online":{"date-parts":[[2018,6,18]]}},"URL":"https:\/\/doi.org\/10.22431\/25005227.421","ISSN":["2500-5227","0120-3754"],"issn-type":[{"type":"electronic","value":"2500-5227"},{"type":"print","value":"0120-3754"}],"published":{"date-parts":[[2018,6,18]]}},{"indexed":{"date-parts":[[2025,11,6]],"date-time":"2025-11-06T16:37:41Z","timestamp":1762447061570,"version":"build-2065373602"},"reference-count":0,"publisher":"Escuela Superior de Administracion Publica","issue":"1","license":[{"start":{"date-parts":[[2015,6,24]],"date-time":"2015-06-24T00:00:00Z","timestamp":1435104000000},"content-version":"unspecified","delay-in-days":0,"URL":"http:\/\/creativecommons.org\/licenses\/by-nc-nd\/4.0"}],"content-domain":{"domain":[],"crossmark-restriction":false},"short-container-title":["Adm. Desarro."],"abstract":"<jats:p>Presentamos el primer n\u00famero del volumen 45 de la Revista Administraci\u00f3n &amp; Desarrollo . En esta ocasi\u00f3n la publicaci\u00f3n se ocupa de dos temas de inter\u00e9s: 1) la gobernanza relacionada con alternativas para propiciar un papel m\u00e1s activo por parte de la ciudadan\u00eda en la acci\u00f3n p\u00fablica, y 2) la competitividad empresarial y sus efectos sobre el desarrollo integral.<\/jats:p>","DOI":"10.22431\/25005227.88","type":"journal-article","created":{"date-parts":[[2017,7,5]],"date-time":"2017-07-05T12:06:06Z","timestamp":1499256366000},"page":"1-3","source":"Crossref","is-referenced-by-count":0,"title":["Editorial"],"prefix":"10.22431","volume":"45","author":[{"given":"Esther","family":"Parra Ram\u00edrez","sequence":"first","affiliation":[],"role":[{"role":"author","vocabulary":"crossref"}]}],"member":"9723","published-online":{"date-parts":[[2015,6,24]]},"container-title":["Administraci\u00f3n &amp; Desarrollo"],"link":[{"URL":"https:\/\/revistas.esap.edu.co\/index.php\/admindesarro\/article\/download\/88\/pdf_1","content-type":"application\/pdf","content-version":"vor","intended-application":"text-mining"},{"URL":"https:\/\/revistas.esap.edu.co\/index.php\/admindesarro\/article\/download\/88\/pdf_1","content-type":"unspecified","content-version":"vor","intended-application":"similarity-checking"}],"deposited":{"date-parts":[[2025,11,6]],"date-time":"2025-11-06T16:33:38Z","timestamp":1762446818000},"score":0.0,"resource":{"primary":{"URL":"https:\/\/revistas.esap.edu.co\/index.php\/admindesarro\/article\/view\/88"}},"issued":{"date-parts":[[2015,6,24]]},"references-count":0,"journal-issue":{"issue":"1","published-online":{"date-parts":[[2015,6,24]]}},"URL":"https:\/\/doi.org\/10.22431\/25005227.88","ISSN":["2500-5227","0120-3754"],"issn-type":[{"type":"electronic","value":"2500-5227"},{"type":"print","value":"0120-3754"}],"published":{"date-parts":[[2015,6,24]]}},{"indexed":{"date-parts":[[2022,4,4]],"date-time":"2022-04-04T02:39:03Z","timestamp":1649039943212},"reference-count":0,"publisher":"Escuela Superior de Administracion Publica","issue":"56","license":[{"start":{"date-parts":[[2012,12,1]],"date-time":"2012-12-01T00:00:00Z","timestamp":1354320000000},"content-version":"unspecified","delay-in-days":0,"URL":"http:\/\/creativecommons.org\/licenses\/by-nc-nd\/4.0"}],"content-domain":{"domain":[],"crossmark-restriction":false},"short-container-title":["Adm. Desarro."],"abstract":"<jats:p>Este art\u00edculo pretende, una vez encuestados 173 docentes e investigadores del sistema universitario colombiano, utilizando la escala de likert, esbozar los tipos de gobernanza que se evidencian entre este gremio debido al tipo de participaci\u00f3n que los mismos tienen con el dise\u00f1o de las pol\u00edticas de C+T+I. Por ejemplo la gobernanza discrecional, aquella que impone planes, programas y proyectos de C+T+I, es percibida por los docentes como algo real en Colombia. Este tipo de gobernanza de la ciencia, tecnolog\u00eda e innovaci\u00f3n es realizada por expertos de las organizaciones p\u00fablicas y privadas. excluyendo a los docentes e investigadores del pa\u00eds de tan importante labor. Es decir, los seis tipos de gobernanza de la C+T+l que tambi\u00e9n se dan entre los docentes e investigadores del pa\u00eds se ha basado en la investigaci\u00f3n de Healy (2005) y su grupo de investigaci\u00f3n\u00a0STAGE (Science, Technology and Governance in Europe), con el fin de estimular acciones p\u00fablicas que permitan, en el campo de la C+T+I. una masiva participaci\u00f3n comunitaria.<\/jats:p>","DOI":"10.22431\/25005227.343","type":"journal-article","created":{"date-parts":[[2017,7,5]],"date-time":"2017-07-05T16:06:06Z","timestamp":1499270766000},"page":"69-84","source":"Crossref","is-referenced-by-count":0,"title":["Gobernanza de la C+T+I y los investigadores del pai\u0301s"],"prefix":"10.22431","volume":"40","author":[{"given":"Pedro Pablo","family":"Burbano","sequence":"first","affiliation":[],"role":[{"role":"author","vocabulary":"crossref"}]}],"member":"9723","published-online":{"date-parts":[[2012,12,1]]},"container-title":["Administraci\u00f3n &amp; Desarrollo"],"link":[{"URL":"https:\/\/revistas.esap.edu.co\/index.php\/admindesarro\/article\/download\/343\/pdf","content-type":"application\/pdf","content-version":"vor","intended-application":"text-mining"},{"URL":"https:\/\/revistas.esap.edu.co\/index.php\/admindesarro\/article\/download\/343\/pdf","content-type":"unspecified","content-version":"vor","intended-application":"similarity-checking"}],"deposited":{"date-parts":[[2021,11,12]],"date-time":"2021-11-12T19:11:57Z","timestamp":1636744317000},"score":0.0,"resource":{"primary":{"URL":"https:\/\/revistas.esap.edu.co\/index.php\/admindesarro\/article\/view\/343"}},"issued":{"date-parts":[[2012,12,1]]},"references-count":0,"journal-issue":{"issue":"56","published-online":{"date-parts":[[2012,12,1]]}},"URL":"https:\/\/doi.org\/10.22431\/25005227.343","ISSN":["2500-5227","0120-3754"],"issn-type":[{"value":"2500-5227","type":"electronic"},{"value":"0120-3754","type":"print"}],"published":{"date-parts":[[2012,12,1]]}},{"indexed":{"date-parts":[[2026,3,14]],"date-time":"2026-03-14T21:21:15Z","timestamp":1773523275384,"version":"3.50.1"},"reference-count":25,"publisher":"Escuela Superior de Administracion Publica","issue":"2","license":[{"start":{"date-parts":[[2022,12,28]],"date-time":"2022-12-28T00:00:00Z","timestamp":1672185600000},"content-version":"unspecified","delay-in-days":0,"URL":"https:\/\/creativecommons.org\/licenses\/by-nc-sa\/4.0"}],"content-domain":{"domain":[],"crossmark-restriction":false},"short-container-title":["Adm. Desarro."],"abstract":"<jats:p>The research aims to analyze the collection of industry and commerce tax in the municipality of Apartad\u00f3, in the period between 2016-2019, as well as the budgetary execution the impact of the collection of the municipal tax, with the determination of the incidence that has the collection of the related taxes in the tax reforms. It is highlighted that the applied research is mixed, with qualitative and quantitative approach, which facilitates the collection and treatment of information; the methods are framed in the exploratory-descriptive research. The population chosen as a sample has to do with the taxpayers of the municipality of Apartad\u00f3, the results determined a non-significant increase in the collection of the industry and commerce tax, for the execution of the social programs of the Municipality.<\/jats:p>","DOI":"10.22431\/25005227.vol52n2.3","type":"journal-article","created":{"date-parts":[[2022,12,28]],"date-time":"2022-12-28T09:58:37Z","timestamp":1672221517000},"page":"47-63","source":"Crossref","is-referenced-by-count":1,"title":["Las reformas tributarias: afectaci\u00f3n en el recaudo del impuesto de industria y comercio","Tax Reforms: Impact on Industry and Commerce Tax Collections"],"prefix":"10.22431","volume":"52","author":[{"ORCID":"https:\/\/orcid.org\/0000-0002-3917-9023","authenticated-orcid":false,"given":"Joaqu\u00edn Orlando","family":"Adarve Henao","sequence":"first","affiliation":[],"role":[{"role":"author","vocabulary":"crossref"}]},{"ORCID":"https:\/\/orcid.org\/0000-0002-3129-1942","authenticated-orcid":false,"given":"Orlando Carmelo","family":"Castellanos Polo","sequence":"additional","affiliation":[],"role":[{"role":"author","vocabulary":"crossref"}]},{"ORCID":"https:\/\/orcid.org\/0000-0002-5761-9096","authenticated-orcid":false,"given":"Elkin David","family":"L\u00f3pez Perea","sequence":"additional","affiliation":[],"role":[{"role":"author","vocabulary":"crossref"}]},{"ORCID":"https:\/\/orcid.org\/0000-0003-3690-2842","authenticated-orcid":false,"given":"Gladys Irene","family":"Arboleda Posada","sequence":"additional","affiliation":[],"role":[{"role":"author","vocabulary":"crossref"}]}],"member":"9723","published-online":{"date-parts":[[2022,12,28]]},"reference":[{"key":"10001","unstructured":"Alcald\u00eda de Apartad\u00f3. (2019). Informe de Gesti\u00f3n 2016-2019. Alcald\u00eda de Apartad\u00f3."},{"key":"10002","unstructured":"Cardona, J. (2020). Beneficios tributarios otorgados por las entidades territoriales en el marco del principio de autonom\u00eda territorial. https:\/\/bdigital.uexternado.edu.co\/server\/api\/core\/bitstreams\/bb44cb05-ea51-4555-a897-6ba8a15f4ffd\/content."},{"key":"10003","doi-asserted-by":"crossref","unstructured":"Castellanos, O., Vel\u00e1squez, J. y Arboleda, G. (2021). La doble tributaci\u00f3n internacional sobre la inversi\u00f3n directa extranjera en Am\u00e9rica Latina y el Caribe. Administraci\u00f3n & Desarrollo, 51(1),165-183.","DOI":"10.22431\/25005227.vol51n1.8"},{"key":"10004","doi-asserted-by":"crossref","unstructured":"Castellanos, O. y P\u00e9rez, E. (2022). Los tratados de doble imposici\u00f3n tributaria y su efecto en la inversi\u00f3n extranjera directa en Colombia. Revista Enfoques, 6(21), 50-62.","DOI":"10.33996\/revistaenfoques.v6i21.125"},{"key":"10005","unstructured":"Castillo, R. (2016). Relaci\u00f3n de la gesti\u00f3n del presupuesto por resultados con el gasto municipal del distrito de Morales. 2015. https:\/\/repositorio.ucv.edu.pe\/bitstream\/handle\/20.500.12692\/5398\/castillo_sr.pdf?sequence=1&isAllowed=y"},{"key":"10006","unstructured":"Concha, T., Ram\u00edrez, J. y Acosta, O. (2017). Tributaci\u00f3n en Colombia: reformas, evasi\u00f3n y equidad. Notas de estudio. Cepal."},{"key":"10007","unstructured":"Congreso de la Rep\u00fablica. (2000). Ley 617 por la cual se reforma parcialmente la Ley 136 de 1994, el Decreto Extraordinario 1222 de 1986, se adiciona la Ley Org\u00e1nica de Presupuesto, el Decreto 1421 de 1993, se dictan otras normas tendientes a fortalecer la descentralizaci\u00f3n, y se dictan normas para la racionalizaci\u00f3n del gasto p\u00fablico nacional. Diario Oficial 44.188."},{"key":"10008","unstructured":"Congreso de la Rep\u00fablica. (2003). Ley 863 por la cual se establecen normas tributarias, aduaneras, fiscales y de control para estimular el crecimiento econ\u00f3mico y el saneamiento de las finanzas p\u00fablicas. Diario Oficial 45.415."},{"key":"10009","unstructured":"Congreso de la Rep\u00fablica. (2006). Ley 1111 por la cual se modifica el estatuto tributario de los impuestos administrados por la Direcci\u00f3n de Impuestos y Aduanas Nacionales. Diario Oficial 46.494."},{"key":"10010","unstructured":"Congreso de la Rep\u00fablica. (2013). Ley 1694 de 2013. Por la cual se modifican normas del Estatuto Tributario y se dictan otras disposiciones. 17 de diciembre de 2013 Diario Oficial. 49.007."},{"key":"10011","unstructured":"Cubides, Y. (2016). \u00bfEs equitativa la carga tributaria en Colombia? [Trabajo de grado]. Universidad Militar Nueva Granada."},{"key":"10012","unstructured":"Departamento Nacional de Planeaci\u00f3n. DNP. (2017). Desempe\u00f1o flscal de los departamentos y municipios. Informe art\u00edculo 79 de la Ley 617 del 2000. DNP."},{"key":"10013","unstructured":"Duque, N. y Chavarro-Velandia, A. (2020). El municipio en el marco de la descentralizaci\u00f3n y las relaciones intergubernamentales en Colombia. Polit\u00e9cnico Grancolombiano."},{"key":"10014","doi-asserted-by":"crossref","unstructured":"Espitia, J., Ferrari, C., Hern\u00e1ndez, G., Hern\u00e1ndez, I., Gonz\u00e1lez, J., Reyes, L. et al. (2017). Sobre la reforma tributaria estructural que se requiere En Colombia. Reflexiones y propuestas. Revista de Econom\u00eda Institucional, 19(36), 149-174.","DOI":"10.18601\/01245996.v19n36.06"},{"key":"10015","doi-asserted-by":"crossref","unstructured":"Gonz\u00e1lez, J. y Corredor, F. (2016). La reforma tributaria en Colombia no es estructural, ni integral ni progresiva. Revista de Econom\u00eda Institucional, 18(34), 173-200.","DOI":"10.18601\/01245996.v18n34.11"},{"key":"10016","unstructured":"Guerrero, J. (2016). Complejidad del sistema tributario en Colombia fundamentado en leyes imprecisas e inestables [Trabajo de grado de especializaci\u00f3n]. Universidad Jorge Tadeo Lozano, Bogot\u00e1."},{"key":"10017","unstructured":"Ibarra, C. (2015). Tipos de investigaci\u00f3n: Exploratoria, descriptiva, explicativa y correlacional. Cuadernos de Metodolog\u00eda de la Investigaci\u00f3n, (21)."},{"key":"10018","unstructured":"Jaimes, S. y Fuentes, V. (2017). Estudio de las reformas tributarias en Colombia y sus efectos sobre las variables macroecon\u00f3micas. https:\/\/repository.ucatolica.edu.co\/jspui\/bitstream\/10983\/15196\/1\/Jaimes%20y%20Fuentes%202017.%20Reformas%20tributarias%2027.pdf."},{"key":"10019","doi-asserted-by":"crossref","unstructured":"Mart\u00ednez-V\u00e1zquez, J., Radics, A. y Rinc\u00f3n, B. P. (2017). Descentralizaci\u00f3n en Rep\u00fablica Dominicana: desempe\u00f1o actual y perspectivas de reforma. Documento para Discusi\u00f3n, (222). https:\/\/publications.iadb.org\/publications\/spanish\/document\/Descentralizaci%C3%B3n-en-Rep%C3%BAblica-Dominicana-Desempe%C3%B1o-actual-y-perspectivas-de-reforma.pdf.","DOI":"10.18235\/0000725"},{"key":"10020","doi-asserted-by":"crossref","unstructured":"Otzen, T., Manterola, C., Rodr\u00edguez-N\u00fa\u00f1ez, I. y Garc\u00eda-Dom\u00ednguez, M. (2017). La necesidad de aplicar el m\u00e9todo cient\u00edfico en investigaci\u00f3n cl\u00ednica: problemas, beneficios y factibilidad del desarrollo de protocolos de investigaci\u00f3n. International Journal of Morphology, 35(3), 1031-1036.","DOI":"10.4067\/S0717-95022017000300035"},{"key":"10021","unstructured":"Parra, J. y La Madriz, J. (2017). Presupuesto como instrumento de control financiero en peque\u00f1as empresas de estructura familiar. Negotium, 13(38), 33-48."},{"key":"10022","unstructured":"Polo, F. y Villamil, M. (2018). Estudio comparado sobre la regulaci\u00f3n del impuesto al valor agregado IVA, Colombia y Espa\u00f1a. Revista Dictamen Libre, (23), 11-31."},{"key":"10023","doi-asserted-by":"crossref","unstructured":"Rodr\u00edguez, J. y \u00c1vila, J. (2017). La carga tributaria sobre los ingresos laborales y de capital en Colombia: el caso del impuesto sobre la renta y el IVA. Cuadernos de Econom\u00eda, 36(72), 99-138.","DOI":"10.15446\/cuad.econ.v36n72.65877"},{"key":"10024","unstructured":"Romero, G., \u00c1lvarez, A., Calder\u00f3n, S. y Ordo\u00f1ez, D. (2015). Impactos distributivos de un impuesto verde en Colombia. Archivos de Econom\u00eda. Departamento Nacional de Planeaci\u00f3n."},{"key":"10025","unstructured":"Steiner, R. y Ca\u00f1as, A. (2013). Tributaci\u00f3n y equidad en Colombia. Misi\u00f3n de Equidad y Movilidad Social del Departamento Nacional de Planeaci\u00f3n."}],"container-title":["Administraci\u00f3n &amp; Desarrollo"],"link":[{"URL":"https:\/\/revistas.esap.edu.co\/index.php\/admindesarro\/article\/download\/789\/638","content-type":"application\/pdf","content-version":"vor","intended-application":"text-mining"},{"URL":"https:\/\/revistas.esap.edu.co\/index.php\/admindesarro\/article\/download\/789\/702","content-type":"text\/xml","content-version":"vor","intended-application":"text-mining"},{"URL":"https:\/\/revistas.esap.edu.co\/index.php\/admindesarro\/article\/download\/789\/638","content-type":"unspecified","content-version":"vor","intended-application":"similarity-checking"}],"deposited":{"date-parts":[[2025,11,6]],"date-time":"2025-11-06T16:38:01Z","timestamp":1762447081000},"score":0.0,"resource":{"primary":{"URL":"https:\/\/revistas.esap.edu.co\/index.php\/admindesarro\/article\/view\/789"}},"issued":{"date-parts":[[2022,12,28]]},"references-count":25,"journal-issue":{"issue":"2","published-online":{"date-parts":[[2022,12,28]]}},"URL":"https:\/\/doi.org\/10.22431\/25005227.vol52n2.3","ISSN":["2500-5227","0120-3754"],"issn-type":[{"value":"2500-5227","type":"electronic"},{"value":"0120-3754","type":"print"}],"published":{"date-parts":[[2022,12,28]]}},{"indexed":{"date-parts":[[2025,12,31]],"date-time":"2025-12-31T20:19:18Z","timestamp":1767212358954,"version":"3.48.0"},"reference-count":0,"publisher":"Escuela Superior de Administracion Publica","issue":"55","license":[{"start":{"date-parts":[[2012,6,15]],"date-time":"2012-06-15T00:00:00Z","timestamp":1339718400000},"content-version":"unspecified","delay-in-days":0,"URL":"http:\/\/creativecommons.org\/licenses\/by-nc-nd\/4.0"}],"content-domain":{"domain":[],"crossmark-restriction":false},"short-container-title":["Adm. Desarro."],"abstract":"<jats:p>The purpose of the present article is to explore the economic and financial reality of the public utility associations the Autonomous Community of the Canary Islands (Spain) at the beginning of the economic crisis, analyzing the period 2004- 2009, and making it possible to obtain an x-ray of some general financial characteristics of these organizations during that temporal horizon. The public utility associations are not of the same nature as the rest of Spain\u00bfs public administration entities, although they perform some equally valuable collaborative functions with them, assuming part of their functions that do not lie outside the public terrain and the provision of this type of services.<\/jats:p>","DOI":"10.22431\/25005227.128","type":"journal-article","created":{"date-parts":[[2017,7,5]],"date-time":"2017-07-05T12:06:06Z","timestamp":1499256366000},"page":"49-60","source":"Crossref","is-referenced-by-count":0,"title":["Comportamiento financiero de las asociaciones de utilidad p\u00fablica en Canarias","Financial Behavior of Public Utility Associations in the Canary Islands"],"prefix":"10.22431","volume":"40","author":[{"given":"Jose Andres","family":"Dorta Velasquez","sequence":"first","affiliation":[],"role":[{"role":"author","vocabulary":"crossref"}]},{"given":"Javier","family":"De Leon Ledesma","sequence":"additional","affiliation":[],"role":[{"role":"author","vocabulary":"crossref"}]}],"member":"9723","published-online":{"date-parts":[[2012,6,15]]},"container-title":["Administraci\u00f3n &amp; Desarrollo"],"link":[{"URL":"https:\/\/revistas.esap.edu.co\/index.php\/admindesarro\/article\/download\/128\/pdf","content-type":"application\/pdf","content-version":"vor","intended-application":"text-mining"},{"URL":"https:\/\/revistas.esap.edu.co\/index.php\/admindesarro\/article\/download\/128\/pdf","content-type":"unspecified","content-version":"vor","intended-application":"similarity-checking"}],"deposited":{"date-parts":[[2025,12,31]],"date-time":"2025-12-31T20:15:56Z","timestamp":1767212156000},"score":0.0,"resource":{"primary":{"URL":"https:\/\/revistas.esap.edu.co\/index.php\/admindesarro\/article\/view\/128"}},"issued":{"date-parts":[[2012,6,15]]},"references-count":0,"journal-issue":{"issue":"55","published-online":{"date-parts":[[2012,6,15]]}},"URL":"https:\/\/doi.org\/10.22431\/25005227.128","ISSN":["2500-5227","0120-3754"],"issn-type":[{"type":"electronic","value":"2500-5227"},{"type":"print","value":"0120-3754"}],"published":{"date-parts":[[2012,6,15]]}},{"indexed":{"date-parts":[[2025,11,6]],"date-time":"2025-11-06T16:35:44Z","timestamp":1762446944792,"version":"build-2065373602"},"reference-count":0,"publisher":"Escuela Superior de Administracion Publica","issue":"2","license":[{"start":{"date-parts":[[2015,12,1]],"date-time":"2015-12-01T00:00:00Z","timestamp":1448928000000},"content-version":"unspecified","delay-in-days":0,"URL":"http:\/\/creativecommons.org\/licenses\/by-nc-nd\/4.0"}],"content-domain":{"domain":[],"crossmark-restriction":false},"short-container-title":["Adm. Desarro."],"abstract":"<jats:p>The twenty first century has come with varied challenges to the global societies. One of them can be found in the information and knowledge processes and their fundamental key relationships with buen vivir and vivir bien (without restriction to the mere development) of the population in a global scale.The so called Information and knowledge societies nowadays muster different debates about the senses and practices result of the information dissemination and the creation and reproduction of knowledge, which respond to the question on, how it would be possible to improve people\u2019s living conditions. This challenge is appealing and it enhances urgent reflections particularly for Colombia and for Latin America in general.<\/jats:p>","DOI":"10.22431\/25005227.93","type":"journal-article","created":{"date-parts":[[2017,7,5]],"date-time":"2017-07-05T12:06:06Z","timestamp":1499256366000},"page":"142-144","source":"Crossref","is-referenced-by-count":0,"title":["Sociedades del conocimiento, saberes para el reconocimiento. L\u00edmites y desaf\u00edos actuales en Nuestra Am\u00e9rica","Knowledge societies, recognition of knowledge. Current limits and challenges in Latin America"],"prefix":"10.22431","volume":"45","author":[{"given":"Jos\u00e9 Francisco","family":"Puello-Socarr\u00e1s","sequence":"first","affiliation":[],"role":[{"role":"author","vocabulary":"crossref"}]}],"member":"9723","published-online":{"date-parts":[[2015,12,1]]},"container-title":["Administraci\u00f3n &amp; Desarrollo"],"link":[{"URL":"https:\/\/revistas.esap.edu.co\/index.php\/admindesarro\/article\/download\/93\/pdf_2","content-type":"application\/pdf","content-version":"vor","intended-application":"text-mining"},{"URL":"https:\/\/revistas.esap.edu.co\/index.php\/admindesarro\/article\/download\/93\/html","content-type":"text\/html","content-version":"vor","intended-application":"text-mining"},{"URL":"https:\/\/revistas.esap.edu.co\/index.php\/admindesarro\/article\/download\/93\/pdf_2","content-type":"unspecified","content-version":"vor","intended-application":"similarity-checking"}],"deposited":{"date-parts":[[2025,11,6]],"date-time":"2025-11-06T16:33:50Z","timestamp":1762446830000},"score":0.0,"resource":{"primary":{"URL":"https:\/\/revistas.esap.edu.co\/index.php\/admindesarro\/article\/view\/93"}},"issued":{"date-parts":[[2015,12,1]]},"references-count":0,"journal-issue":{"issue":"2","published-online":{"date-parts":[[2015,12,1]]}},"URL":"https:\/\/doi.org\/10.22431\/25005227.93","ISSN":["2500-5227","0120-3754"],"issn-type":[{"type":"electronic","value":"2500-5227"},{"type":"print","value":"0120-3754"}],"published":{"date-parts":[[2015,12,1]]}},{"indexed":{"date-parts":[[2025,12,31]],"date-time":"2025-12-31T19:44:32Z","timestamp":1767210272464,"version":"3.48.0"},"reference-count":38,"publisher":"Escuela Superior de Administracion Publica","issue":"2","license":[{"start":{"date-parts":[[2025,11,26]],"date-time":"2025-11-26T00:00:00Z","timestamp":1764115200000},"content-version":"unspecified","delay-in-days":0,"URL":"https:\/\/creativecommons.org\/licenses\/by-nc-sa\/4.0"}],"content-domain":{"domain":[],"crossmark-restriction":false},"short-container-title":["Adm. Desarro."],"abstract":"<jats:p>Problem statement: The theory of humanized care emphasizes the importance of a therapeutic bond focused on compassion and empathy, viewing the patient as a whole being, which fosters a care environment that enhances personal worth. Objective: To determine the relationship between training and the humanization of care in the emergency department of public hospitals. Methodology: A quantitative, descriptive, and correlational study was conducted to analyze the relationship between training and humanization in the emergency department. The study was carried out through the application of a questionnaire adapted from proven tools (ECCOE and qCT). Results: Educational initiatives, such as presentations and instruction, significantly increase affinity and skill in personalizing communication, deference, and emotional support for patients. Furthermore, workers with more years of service and adequate working hours express more positive opinions. The resource used demonstrated remarkable reliability (\u03b1=0.968). Significant differences in the perception of emotional support were also identified by gender. Conclusion: Continuing staff training is essential to promote more humane care, improve quality of care, and increase patient satisfaction in complex hospital settings.<\/jats:p>","DOI":"10.22431\/25005227.1234","type":"journal-article","created":{"date-parts":[[2025,11,26]],"date-time":"2025-11-26T14:55:30Z","timestamp":1764168930000},"source":"Crossref","is-referenced-by-count":0,"title":["El entrenamiento del personal y la humanizaci\u00f3n en hospitales p\u00fablicos en Colombia","Staff Training and Humanization in Public Hospitals in Colombia"],"prefix":"10.22431","volume":"55","author":[{"ORCID":"https:\/\/orcid.org\/0009-0009-3038-3907","authenticated-orcid":false,"given":"Diana Katerinne","family":"Gonz\u00e1lez Vargas","sequence":"first","affiliation":[],"role":[{"role":"author","vocabulary":"crossref"}]},{"ORCID":"https:\/\/orcid.org\/0000-0002-7925-3005","authenticated-orcid":false,"given":"Dagoberto","family":"Torres-Fl\u00f3rez","sequence":"additional","affiliation":[],"role":[{"role":"author","vocabulary":"crossref"}]}],"member":"9723","published-online":{"date-parts":[[2025,11,26]]},"reference":[{"doi-asserted-by":"publisher","key":"27770","DOI":"10.18270\/rcb.v13i2.1945"},{"doi-asserted-by":"publisher","key":"27771","DOI":"10.11144\/Javeriana.ie23.ecco"},{"unstructured":"Caballero, B. Y., Bueno, J. M. V., Ruiz, F. R., Gonz\u00e1lez, A. J. G., y S\u00e1nchez, J. C. C. (2023). Proceso de implementaci\u00f3n de buenas pr\u00e1cticas de humanizaci\u00f3n en un servicio de urgencias hospitalarias. Revista Espa\u00f1ola de Urgencias y Emergencias, 2(2), 70-77. https:\/\/dialnet.unirioja.es\/servlet\/articulo?codigo=8899449","key":"27772"},{"doi-asserted-by":"publisher","key":"27773","DOI":"10.5294\/pebi.2019.23.2.6"},{"doi-asserted-by":"publisher","key":"27774","DOI":"10.35985\/9789585147751.1"},{"unstructured":"Congreso de la Rep\u00fablica de Colombia. (2021). Ley 2101 - Por medio de la cual se reduce la jornada laboral semanal de manera gradual, sin disminuir el salario de los trabajadores y se dictan otras disposiciones https:\/\/www.funcionpublica.gov.co\/eva\/gestornormativo\/norma.php?i=166506","key":"27775"},{"unstructured":"Congreso de la Rep\u00fablica de Colombia. (2011). Ley 1438 - Por medio de la cual se reforma el Sistema General de Seguridad Social en Salud y se dictan otras disposiciones. https:\/\/www.funcionpublica.gov.co\/eva\/gestornormativo\/norma.php?i=41355","key":"27776"},{"unstructured":"Congreso de la Rep\u00fablica de Colombia. (1996). Ley 269 - Por la cual se regula parcialmente el art\u00edculo 128 de la Constituci\u00f3n Pol\u00edtica, en relaci\u00f3n con quienes prestan servicios de salud en las entidades de derecho p\u00fablico https:\/\/www.funcionpublica.gov.co\/eva\/gestornormativo\/norma.php?i=27940","key":"27777"},{"unstructured":"Congreso de la Rep\u00fablica de Colombia. (1993). Ley 100 - Sistema de seguridad social integral. https:\/\/www.funcionpublica.gov.co\/eva\/gestornormativo\/norma.php?i=5248","key":"27778"},{"doi-asserted-by":"publisher","key":"27779","DOI":"10.1016\/j.aenj.2007.11.005"},{"unstructured":"E.S.E. Hospital San Juan De Dios Yarumal. (2020). Manual de Inducci\u00f3n, Reinducci\u00f3n, Capacitaci\u00f3n Y Desarrollo del Personal https:\/\/hospitalyarumal.gov.co\/wp-content\/uploads\/2023\/08\/MA-16- 007-INDUCCION-Y-REINDUCCION.pdf","key":"27780"},{"doi-asserted-by":"publisher","key":"27781","DOI":"10.4067\/S1726-569X2018000100039"},{"unstructured":"Garc\u00eda, C. (2016). Bio\u00e9tica y humanismo: dos conceptos en una relaci\u00f3n problem\u00e1tica. V Encuentro Latinoamericano de Metodolog\u00eda de las Ciencias Sociales, 16 al 18 de noviembre de 2016 Mendoza, Argentina. M\u00e9todos, metodolog\u00edas y nuevas epistemolog\u00edas en las ciencias sociales: desaf\u00edos para el conocimiento profundo de Nuestra Am\u00e9rica. En Memoria Acad\u00e9mica. http:\/\/www.memoria.fahce.unlp.edu.ar\/trab_eventos\/ev.8452\/ev.8452.pdf","key":"27782"},{"doi-asserted-by":"publisher","key":"27783","DOI":"10.1111\/jocn.15395"},{"doi-asserted-by":"publisher","key":"27784","DOI":"10.20453\/renh.v9i2.3017"},{"doi-asserted-by":"publisher","key":"27785","DOI":"10.1007\/s11019-021-10033-4"},{"unstructured":"Guti\u00e9rrez, (2017) R. La humanizaci\u00f3n de (en) la Atenci\u00f3n Primaria. Revista Cl\u00ednica de Medicina de Familia, 10(1). https:\/\/scielo.isciii.es\/scielo.php?script=sci_arttext&pid=S1699-695X2017000100005","key":"27786"},{"doi-asserted-by":"publisher","key":"27787","DOI":"10.3389\/fpsyg.2023.1091605"},{"doi-asserted-by":"publisher","key":"27788","DOI":"10.17993\/3cemp.2020.090444.53-71"},{"doi-asserted-by":"publisher","key":"27789","DOI":"10.1056\/NEJMra1404684"},{"doi-asserted-by":"publisher","key":"27790","DOI":"10.1186\/s12912-021-00684-2"},{"doi-asserted-by":"publisher","key":"27791","DOI":"10.56443\/rsm.v77i1.371"},{"unstructured":"Ministerio de salud y protecci\u00f3n social (2022) Resoluci\u00f3n 755 de 2022 - Se adopta la pol\u00edtica Nacional de talento humano de enfermer\u00eda, para el fortalecimiento del talento humano en salud. https:\/\/www.minsalud.gov.co\/Normatividad_Nuevo\/Resoluci %C3 %B3n %20No. %20755 %20de %202022.pdf","key":"27792"},{"unstructured":"Mora Ortiz, K. J., Lizarazo Barreto, M. J., y Garz\u00f3n Pe\u00f1a, Y. A. (2021). Humanizaci\u00f3n de la atenci\u00f3n en salud en el servicio de urgencias de una IPS oncol\u00f3gica. [Tesis de posgrado, Universidad del Bosque]. https:\/\/hdl.handle.net\/20.500.12495\/8736","key":"27793"},{"unstructured":"Mu\u00f1oz, F. (2022) La jornada laboral en el Sector de la Prestaci\u00f3n de Servicios de Salud. Revista Hospitalaria. https:\/\/revistahospitalaria.org\/nos-preguntan\/la-jornada-laboral-en-el-sector-de-la- prestacion-de-servicios-de-salud-139\/","key":"27794"},{"unstructured":"Oidor Campo, N. (2021). Fortalecer, articular y humanizar el ejercicio pr\u00e1ctico del Sistema de Informaci\u00f3n y Atenci\u00f3n al Usuario (SIAU) en la ESE Hospital San Rafael Yolomb\u00f3. [Tesis de pregrado, Universidad de Antioquia]. https:\/\/bibliotecadigital.udea.edu.co\/entities\/publication\/0437b0a7-c53a-4972-97a0-54e1568d8e6f","key":"27795"},{"doi-asserted-by":"crossref","unstructured":"Ortiz, E. M. P., Cruz, J. V. D. M., Monta\u00f1ez, R. A. C., y Buitrago, C. Y. B. (2021). Estrategias para fortalecer la humanizaci\u00f3n de los servicios en salud en urgencias. Revista Ciencia y Cuidado, 18(1), 94-104. https:\/\/doi.org\/10.22463\/17949831.2512","key":"27796","DOI":"10.22463\/17949831.2512"},{"doi-asserted-by":"publisher","key":"27797","DOI":"10.22463\/17949831.2512"},{"doi-asserted-by":"publisher","key":"27798","DOI":"10.5116\/ijme.61d4.4216"},{"doi-asserted-by":"publisher","key":"27799","DOI":"10.1007\/s11606-018-4470-2"},{"unstructured":"Romero, Z., y Torres J. (2001). Fuentes te\u00f3ricas de la enfermer\u00eda profesional: Su influencia en la atenci\u00f3n al hombre como ser biosicosocial. Revista Cubana de Salud P\u00fablica, 27(1), 11-18. http:\/\/scielo.sld.cu\/pdf\/rcsp\/v27n1\/spu02101.pdf","key":"27800"},{"doi-asserted-by":"publisher","key":"27801","DOI":"10.4314\/ejhs.v30i3.2"},{"unstructured":"Tejada, A. (2020) La humanizaci\u00f3n en salud desde una perspectiva psicosocial: definici\u00f3n, contextualizaci\u00f3n e implementaci\u00f3n. En L. Obando Cabezas, ed. Aportes de la psicolog\u00eda en el \u00e1mbito hospitalario: la humanizaci\u00f3n en los servicios de salud como objetivo prioritario (pp. 19-49). Editorial Universidad Santiago de Cali. https:\/\/books.scielo.org\/id\/dk8c5\/pdf\/obando-9786287501621-02.pdf","key":"27802"},{"doi-asserted-by":"publisher","key":"27803","DOI":"10.18583\/umr.v4i1.133"},{"unstructured":"Universidad EAFIT, (2025) Por qu\u00e9 los hombres expresan menos sus emociones y la importancia de hacerlo. https:\/\/www.eafit.edu.co\/noticias\/nuestro-impacto\/por-que-los-hombres-expresan-menos-sus-emociones-y-la-importancia-de","key":"27804"},{"unstructured":"Universidad Europea. (2021). \u00bfPor qu\u00e9 es importante una buena comunicaci\u00f3n con el paciente? https:\/\/universidadeuropea.com\/blog\/comunicacion-con-paciente\/","key":"27805"},{"doi-asserted-by":"publisher","key":"27806","DOI":"10.4067\/S0717-95532011000300002"},{"doi-asserted-by":"publisher","key":"27807","DOI":"10.1177\/0894318406296785"}],"container-title":["Administraci\u00f3n &amp; Desarrollo"],"link":[{"URL":"https:\/\/revistas.esap.edu.co\/index.php\/admindesarro\/article\/download\/1234\/844","content-type":"application\/pdf","content-version":"vor","intended-application":"text-mining"},{"URL":"https:\/\/revistas.esap.edu.co\/index.php\/admindesarro\/article\/download\/1234\/855","content-type":"text\/xml","content-version":"vor","intended-application":"text-mining"},{"URL":"https:\/\/revistas.esap.edu.co\/index.php\/admindesarro\/article\/download\/1234\/844","content-type":"unspecified","content-version":"vor","intended-application":"similarity-checking"}],"deposited":{"date-parts":[[2025,12,31]],"date-time":"2025-12-31T19:42:44Z","timestamp":1767210164000},"score":0.0,"resource":{"primary":{"URL":"https:\/\/revistas.esap.edu.co\/index.php\/admindesarro\/article\/view\/1234"}},"issued":{"date-parts":[[2025,11,26]]},"references-count":38,"journal-issue":{"issue":"2","published-online":{"date-parts":[[2025,7,16]]}},"URL":"https:\/\/doi.org\/10.22431\/25005227.1234","ISSN":["2500-5227","0120-3754"],"issn-type":[{"type":"electronic","value":"2500-5227"},{"type":"print","value":"0120-3754"}],"published":{"date-parts":[[2025,11,26]]}},{"indexed":{"date-parts":[[2025,11,6]],"date-time":"2025-11-06T16:41:13Z","timestamp":1762447273917,"version":"build-2065373602"},"reference-count":0,"publisher":"Escuela Superior de Administracion Publica","issue":"2","license":[{"start":{"date-parts":[[2015,12,1]],"date-time":"2015-12-01T00:00:00Z","timestamp":1448928000000},"content-version":"unspecified","delay-in-days":0,"URL":"http:\/\/creativecommons.org\/licenses\/by-nc-nd\/4.0"}],"content-domain":{"domain":[],"crossmark-restriction":false},"short-container-title":["Adm. Desarro."],"abstract":"<jats:p>This paper aims to analyze the process performed by the territorial ngovernments in the assistance to victims of violence between 2011 and 2013. The hypothesis on which the work is based, establishes that the moment right in the middle between the institutionalization of the displacement assistance as part of the State\u2019s roles (Ley 387 de 1997) and its integration to the framework for the assistance to victims of the conflict (Ley 1448 de 2011), a series of projects and initiatives are developed independently (or disarticulated, according other perspective), set for a short term period and adjusted to both, the Development Plans and cooperation agendas timing, in which the tendency is to favor the policies settings and not providing the services directly, these without trying to modify well\u2013established bureaucracy models and with low financial resources addition. The territorial institutions made very little or no modifications to their operation scheme, worsening their crisis due to low response capacities to this complex situation.<\/jats:p>","DOI":"10.22431\/25005227.64","type":"journal-article","created":{"date-parts":[[2017,7,5]],"date-time":"2017-07-05T12:06:06Z","timestamp":1499256366000},"page":"224-238","source":"Crossref","is-referenced-by-count":0,"title":["Atenci\u00f3n a las v\u00edctimas de la violencia por los gobiernos territoriales: entre la gesti\u00f3n de pol\u00edticas y el burocratismo rampante","Territorial governments\u2019 assistance provided to victims of the violence: between the policies management and the bureaucracy"],"prefix":"10.22431","volume":"45","author":[{"given":"Jairo Enrique","family":"Rodr\u00edguez Hern\u00e1ndez","sequence":"first","affiliation":[],"role":[{"role":"author","vocabulary":"crossref"}]},{"given":"Velmar David","family":"Alzate P\u00e9rez","sequence":"additional","affiliation":[],"role":[{"role":"author","vocabulary":"crossref"}]}],"member":"9723","published-online":{"date-parts":[[2015,12,1]]},"container-title":["Administraci\u00f3n &amp; Desarrollo"],"link":[{"URL":"https:\/\/revistas.esap.edu.co\/index.php\/admindesarro\/article\/download\/64\/pdf","content-type":"application\/pdf","content-version":"vor","intended-application":"text-mining"},{"URL":"https:\/\/revistas.esap.edu.co\/index.php\/admindesarro\/article\/download\/64\/pdf","content-type":"unspecified","content-version":"vor","intended-application":"similarity-checking"}],"deposited":{"date-parts":[[2025,11,6]],"date-time":"2025-11-06T16:38:54Z","timestamp":1762447134000},"score":0.0,"resource":{"primary":{"URL":"https:\/\/revistas.esap.edu.co\/index.php\/admindesarro\/article\/view\/64"}},"issued":{"date-parts":[[2015,12,1]]},"references-count":0,"journal-issue":{"issue":"2","published-online":{"date-parts":[[2015,12,1]]}},"URL":"https:\/\/doi.org\/10.22431\/25005227.64","ISSN":["2500-5227","0120-3754"],"issn-type":[{"type":"electronic","value":"2500-5227"},{"type":"print","value":"0120-3754"}],"published":{"date-parts":[[2015,12,1]]}},{"indexed":{"date-parts":[[2026,4,17]],"date-time":"2026-04-17T12:07:03Z","timestamp":1776427623505,"version":"3.51.2"},"reference-count":0,"publisher":"Escuela Superior de Administracion Publica","issue":"53","license":[{"start":{"date-parts":[[2011,6,1]],"date-time":"2011-06-01T00:00:00Z","timestamp":1306886400000},"content-version":"unspecified","delay-in-days":0,"URL":"http:\/\/creativecommons.org\/licenses\/by-nc-nd\/4.0"}],"content-domain":{"domain":[],"crossmark-restriction":false},"short-container-title":["Adm. Desarro."],"abstract":"<jats:p>The success of a particular business venture depends on a good business model; nevertheless, the definition of a business model remains vague given the settings in which it is managed and the elements included in it. The success of many companies\u00b4 business models is due to the inclusion of differentiating elements and the ever increasing rhythm of change in the economy, meaning that innovation becomes a fundamental element in business models. Productivity centres\u00b4 main objective is to promote productivity and competitiveness for improving the quality of life. Guidelines are proposed in this article for formulating productivity centre business models which have been based on proposed conceptual frameworks incorporating four elements: their roles, internal resources and processes, external resources and processes and evaluation.<\/jats:p>","DOI":"10.22431\/25005227.144","type":"journal-article","created":{"date-parts":[[2017,7,5]],"date-time":"2017-07-05T12:06:06Z","timestamp":1499256366000},"page":"23-34","source":"Crossref","is-referenced-by-count":6,"title":["Modelos de negocio: propuesta de un marco conceptual para centros de productividad","Business models: a proposal for a conceptual framework for productivity centres"],"prefix":"10.22431","volume":"39","author":[{"given":"Mariana","family":"Palacios Preciado","sequence":"first","affiliation":[],"role":[{"role":"author","vocabulary":"crossref"}]},{"given":"Edison Jair","family":"Duque Oliva","sequence":"additional","affiliation":[],"role":[{"role":"author","vocabulary":"crossref"}]}],"member":"9723","published-online":{"date-parts":[[2011,6,1]]},"container-title":["Administraci\u00f3n &amp; Desarrollo"],"link":[{"URL":"https:\/\/revistas.esap.edu.co\/index.php\/admindesarro\/article\/download\/144\/pdf","content-type":"application\/pdf","content-version":"vor","intended-application":"text-mining"},{"URL":"https:\/\/revistas.esap.edu.co\/index.php\/admindesarro\/article\/download\/144\/pdf","content-type":"unspecified","content-version":"vor","intended-application":"similarity-checking"}],"deposited":{"date-parts":[[2025,11,6]],"date-time":"2025-11-06T16:34:04Z","timestamp":1762446844000},"score":0.0,"resource":{"primary":{"URL":"https:\/\/revistas.esap.edu.co\/index.php\/admindesarro\/article\/view\/144"}},"issued":{"date-parts":[[2011,6,1]]},"references-count":0,"journal-issue":{"issue":"53","published-online":{"date-parts":[[2011,6,1]]}},"URL":"https:\/\/doi.org\/10.22431\/25005227.144","ISSN":["2500-5227","0120-3754"],"issn-type":[{"value":"2500-5227","type":"electronic"},{"value":"0120-3754","type":"print"}],"published":{"date-parts":[[2011,6,1]]}},{"indexed":{"date-parts":[[2025,12,31]],"date-time":"2025-12-31T20:16:13Z","timestamp":1767212173820,"version":"3.48.0"},"reference-count":0,"publisher":"Escuela Superior de Administracion Publica","issue":"2","license":[{"start":{"date-parts":[[2017,12,11]],"date-time":"2017-12-11T00:00:00Z","timestamp":1512950400000},"content-version":"unspecified","delay-in-days":0,"URL":"https:\/\/creativecommons.org\/licenses\/by-nc-sa\/4.0"}],"content-domain":{"domain":[],"crossmark-restriction":false},"short-container-title":["Adm. Desarro."],"abstract":"<jats:p>El presupuesto p\u00fablico local en nuestro pa\u00eds en su proceso tradicional es un espacio limitado para la ciudadan\u00eda, marca una distancia entre los gobernantes y los gobernados, guiado por criterios t\u00e9cnicos sin el involucramiento de la comunidad en la definici\u00f3n de prioridades en el uso de los recursos. Las nuevas tendencias de gerencia p\u00fablica procuran que el \u00a0ciudadano vaya m\u00e1s all\u00e1 de participar en las urnas cada 4 a\u00f1os; el ciudadano debe ser parte activa en las decisiones p\u00fablicas que lo afectan. El presupuesto participativo le permite al ciudadano ser parte activa con voz y voto en la definici\u00f3n de prioridades en el uso de los recursos p\u00fablicos, y es el instrumento de gesti\u00f3n local que garantiza mayor efectividad, equidad y legitimidad en la utilizaci\u00f3n de estos. Las experiencias a nivel nacional de Medell\u00edn, Pasto y Marsella Risaralda y a nivel internacional Porto Alegre y Belo Horizonte Brasil permiten ver que el proceso de PP se puede constituir en parte de la cultura y adaptado a las condiciones de cada territorio; basta la voluntad pol\u00edtica y el apoyo de la sociedad civil para hacer frente a los inconvenientes en su desarrollo, mejorar el proceso permanentemente y hacerlo sostenible. No existe un ciclo \u00fanico para el Presupuesto Participativo en Colombia, no obstante es importante tener en cuenta los tiempos y las fechas establecidas por la normatividad que regula el presupuesto y la planeaci\u00f3n.<\/jats:p>","DOI":"10.22431\/25005227.51","type":"journal-article","created":{"date-parts":[[2017,12,12]],"date-time":"2017-12-12T15:13:01Z","timestamp":1513091581000},"page":"110-135","source":"Crossref","is-referenced-by-count":1,"title":["Bosquejo de una propuesta de presupuesto participativo para los municipios de Colombia"],"prefix":"10.22431","volume":"47","author":[{"given":"Gineth Paola","family":"Saenz Pinzon","sequence":"first","affiliation":[],"role":[{"role":"author","vocabulary":"crossref"}]}],"member":"9723","published-online":{"date-parts":[[2017,12,11]]},"container-title":["Administraci\u00f3n &amp; Desarrollo"],"link":[{"URL":"https:\/\/revistas.esap.edu.co\/index.php\/admindesarro\/article\/download\/51\/pdf","content-type":"application\/pdf","content-version":"vor","intended-application":"text-mining"},{"URL":"https:\/\/revistas.esap.edu.co\/index.php\/admindesarro\/article\/download\/51\/pdf","content-type":"unspecified","content-version":"vor","intended-application":"similarity-checking"}],"deposited":{"date-parts":[[2025,12,31]],"date-time":"2025-12-31T20:12:58Z","timestamp":1767211978000},"score":0.0,"resource":{"primary":{"URL":"https:\/\/revistas.esap.edu.co\/index.php\/admindesarro\/article\/view\/51"}},"issued":{"date-parts":[[2017,12,11]]},"references-count":0,"journal-issue":{"issue":"2","published-online":{"date-parts":[[2017,12,11]]}},"URL":"https:\/\/doi.org\/10.22431\/25005227.51","ISSN":["2500-5227","0120-3754"],"issn-type":[{"type":"electronic","value":"2500-5227"},{"type":"print","value":"0120-3754"}],"published":{"date-parts":[[2017,12,11]]}},{"indexed":{"date-parts":[[2025,12,31]],"date-time":"2025-12-31T20:29:35Z","timestamp":1767212975573,"version":"3.48.0"},"reference-count":0,"publisher":"Escuela Superior de Administracion Publica","license":[{"start":{"date-parts":[[2016,10,10]],"date-time":"2016-10-10T00:00:00Z","timestamp":1476057600000},"content-version":"unspecified","delay-in-days":0,"URL":"http:\/\/creativecommons.org\/licenses\/by-nc-nd\/4.0"}],"content-domain":{"domain":[],"crossmark-restriction":false},"short-container-title":["Nova vetera"],"abstract":"<jats:p>Es innegable la importancia hist\u00f3rica que tienen los acuerdos firmados por el Gobierno colombiano en cabeza del presidente Juan Manuel Santos y el grupo guerrillero m\u00e1s grande de Colombia, las Fuerzas Armadas Revolucionarias de las FARC-EP el pasado 23 de junio de 2016. Sin embargo, en t\u00e9rminos de lucha social desde los estratos m\u00e1s bajos y la movilizaci\u00f3n popular, la pompa y los hechos en La Habana oscurecieron tanto como revelaron. Internacionalmente \u2014y debido a las restricciones informativas\u2014 solo una peque\u00f1a minor\u00eda de observadores y activistas se enter\u00f3 de que acababa de pasar la manifestaci\u00f3n m\u00e1s grande del pa\u00eds en las \u00faltimas d\u00e9cadas.<\/jats:p>","DOI":"10.22431\/25005103.196","type":"journal-article","created":{"date-parts":[[2017,7,5]],"date-time":"2017-07-05T15:34:05Z","timestamp":1499268845000},"page":"116-122","source":"Crossref","is-referenced-by-count":0,"title":["La paz en Colombia: una nueva estrategia de crecimiento"],"prefix":"10.22431","volume":"25","author":[{"given":"Forrest","family":"Hylton","sequence":"first","affiliation":[],"role":[{"role":"author","vocabulary":"crossref"}]},{"given":"Aaron","family":"Tauss","sequence":"additional","affiliation":[],"role":[{"role":"author","vocabulary":"crossref"}]}],"member":"9723","published-online":{"date-parts":[[2016,10,10]]},"container-title":["Nova et Vetera"],"link":[{"URL":"https:\/\/revistas.esap.edu.co\/index.php\/novaetvetera\/article\/download\/196\/pdf","content-type":"application\/pdf","content-version":"vor","intended-application":"text-mining"},{"URL":"https:\/\/revistas.esap.edu.co\/index.php\/novaetvetera\/article\/download\/196\/pdf","content-type":"unspecified","content-version":"vor","intended-application":"similarity-checking"}],"deposited":{"date-parts":[[2025,12,31]],"date-time":"2025-12-31T20:26:04Z","timestamp":1767212764000},"score":0.0,"resource":{"primary":{"URL":"https:\/\/revistas.esap.edu.co\/index.php\/novaetvetera\/article\/view\/196"}},"issued":{"date-parts":[[2016,10,10]]},"references-count":0,"URL":"https:\/\/doi.org\/10.22431\/25005103.196","ISSN":["2500-5103","0123-2614"],"issn-type":[{"type":"electronic","value":"2500-5103"},{"type":"print","value":"0123-2614"}],"published":{"date-parts":[[2016,10,10]]}},{"indexed":{"date-parts":[[2026,6,5]],"date-time":"2026-06-05T19:00:18Z","timestamp":1780686018727,"version":"3.54.1"},"reference-count":0,"publisher":"Escuela Superior de Administracion Publica","license":[{"start":{"date-parts":[[2026,3,20]],"date-time":"2026-03-20T00:00:00Z","timestamp":1773964800000},"content-version":"unspecified","delay-in-days":0,"URL":"https:\/\/creativecommons.org\/licenses\/by-nc-sa\/4.0"}],"content-domain":{"domain":[],"crossmark-restriction":false},"short-container-title":["Nova vetera"],"abstract":"<jats:p>Problem statement: This article aims to analyze the thought of Camilo Torres Restrepo from the perspective of a situated appropriation of Catholic Social Teaching (CST) in the Colombian context of the 1960s.\u00a0 Methodology: Through a hermeneutic-documentary approach to his texts and speeches, contrasted with magisterial documents, it is argued that Camilo reinterprets and radicalizes principles such as I) human dignity, II) social justice, and III) charity. He translates them into operational categories (\"effective love,\" structural transformation, revolution) to respond to inequality and oligarchic closure. The recent discovery of his remains (UBPD, 2026) introduces elements for debate aimed at \"de-guerillerizing\" his figure without ignoring his final choice for armed struggle. Conclusion:\u00a0Analytically, the article provides an integrative perspective that overcomes the compartmentalization between theology, sociology, and politics, offering insights to understand his intellectual density through the link between faith and political action.<\/jats:p>","DOI":"10.22431\/25005103.1356","type":"journal-article","created":{"date-parts":[[2026,6,5]],"date-time":"2026-06-05T18:03:26Z","timestamp":1780682606000},"source":"Crossref","is-referenced-by-count":0,"title":["Camilo Torres Restrepo, desde una interpretaci\u00f3n y aplicaci\u00f3n pr\u00e1ctica de su pensamiento social cristiano","Camilo Torres Restrepo, from an Interpretation and Practical Application of his Christian Social Thought"],"prefix":"10.22431","volume":"35","author":[{"ORCID":"https:\/\/orcid.org\/0000-0003-4988-8576","authenticated-orcid":false,"given":"Luis","family":"Trejos Rosero","sequence":"first","affiliation":[],"role":[{"vocabulary":"crossref","role":"author"}]},{"ORCID":"https:\/\/orcid.org\/0000-0003-1579-8329","authenticated-orcid":false,"given":"Alejandro","family":"Blanco Zu\u00f1iga","sequence":"additional","affiliation":[],"role":[{"vocabulary":"crossref","role":"author"}]}],"member":"9723","published-online":{"date-parts":[[2026,3,20]]},"container-title":["Nova et Vetera"],"link":[{"URL":"https:\/\/revistas.esap.edu.co\/index.php\/novaetvetera\/article\/download\/1356\/875","content-type":"application\/pdf","content-version":"vor","intended-application":"text-mining"},{"URL":"https:\/\/revistas.esap.edu.co\/index.php\/novaetvetera\/article\/download\/1356\/875","content-type":"unspecified","content-version":"vor","intended-application":"similarity-checking"}],"deposited":{"date-parts":[[2026,6,5]],"date-time":"2026-06-05T18:03:27Z","timestamp":1780682607000},"score":0.0,"resource":{"primary":{"URL":"https:\/\/revistas.esap.edu.co\/index.php\/novaetvetera\/article\/view\/1356"}},"issued":{"date-parts":[[2026,3,20]]},"references-count":0,"URL":"https:\/\/doi.org\/10.22431\/25005103.1356","ISSN":["2500-5103","0123-2614"],"issn-type":[{"value":"2500-5103","type":"electronic"},{"value":"0123-2614","type":"print"}],"published":{"date-parts":[[2026,3,20]]}},{"indexed":{"date-parts":[[2025,12,31]],"date-time":"2025-12-31T19:50:12Z","timestamp":1767210612843,"version":"3.48.0"},"reference-count":30,"publisher":"Escuela Superior de Administracion Publica","issue":"2","license":[{"start":{"date-parts":[[2024,9,4]],"date-time":"2024-09-04T00:00:00Z","timestamp":1725408000000},"content-version":"unspecified","delay-in-days":0,"URL":"https:\/\/creativecommons.org\/licenses\/by-nc-sa\/4.0"}],"content-domain":{"domain":[],"crossmark-restriction":false},"short-container-title":["Adm. Desarro."],"abstract":"<jats:p>Colombian economic, social, political, and cultural history has been marked by an intermittent and coercive state presence, especially in those territories that, due to geographical conditions, have been classified as border regions. In this sense, this reflection article constitutes as a preliminary approach to the development dynamics of a territory that, perhaps like no other, reflects the historical and administrative conditions of this classification: the department of Arauca. This initial phase of the research involved a systematic review of the available secondary sources, which, examined through a hermeneutic processthat favors the expressive forms of essay over the more traditional scientific discourse, allowed for the identification of advances or progress that could resemble certain development achievements. These advances stem from specific historical processes in which the state has played a marginal role, with delayed and out-of-context interventions that are negatively perceived by an significant part of social actors.<\/jats:p>","DOI":"10.22431\/25005227.974","type":"journal-article","created":{"date-parts":[[2024,10,7]],"date-time":"2024-10-07T10:11:26Z","timestamp":1728295886000},"page":"e974","source":"Crossref","is-referenced-by-count":0,"title":["Un breve ensayo sobre Arauca: antecedentes y perspectivas del desarrollo regional","A brief essay about Arauca: Background and prospects of regional development"],"prefix":"10.22431","volume":"54","author":[{"ORCID":"https:\/\/orcid.org\/0000-0001-9230-5239","authenticated-orcid":false,"given":"Eduardo Andr\u00e9s","family":"Botero Cede\u00f1o","sequence":"first","affiliation":[],"role":[{"role":"author","vocabulary":"crossref"}]}],"member":"9723","published-online":{"date-parts":[[2024,9,4]]},"reference":[{"key":"14352","unstructured":"Anzola Pinto, L. F., Peraza, L. A., Trujillo, F. y Mosquera Guerra, F. (2019). Comunidades de Arauca: la gente y su cultura. En Biodiversidad en el departamento de Arauca (pp. 43\u201362). Gobernaci\u00f3n de Arauca, Fundaci\u00f3n Omacha y Fundaci\u00f3n Ecollano."},{"key":"14353","unstructured":"Camejo Troanes, E. (2011). Breves apuntaciones sobre Arauca. Ediciones PENTANDRA."},{"key":"14354","unstructured":"Carrillo Blanco, A. M. (2021). Sobre c\u00f3mo parimos este pueblo: memorias campesinas de la fundaci\u00f3n de Saravena. Universidad Nacional de C\u00f3rdoba."},{"key":"14355","unstructured":"Comisi\u00f3n de la Verdad. (2020, agosto 1). Arauca, conflicto, biodiversidad y petroleo. https:\/\/comisiondelaverdad.co\/actualidad\/noticias\/arauca-conflicto-biodiversidad-y-petroleo"},{"key":"14356","doi-asserted-by":"crossref","unstructured":"Cort\u00e1zar-G\u00f3mez, D. M. y Pineda-Guar\u00edn, J. F. (2019). Red de comercio departamental en Colombia: Enfoque gravitacional y an\u00e1lisis topol\u00f3gico de redes. Banco de la Rep\u00fablica.","DOI":"10.32468\/dtseru.285"},{"key":"14357","unstructured":"Departamento Administrativo Nacional de Estad\u00edstica [DANE]. (2020, septiembre 25). Boleti\u0301n Te\u0301cnico Cuentas departamentales. https:\/\/www.dane.gov.co\/index.php\/estadisticas-por-tema\/cuentas-nacionales\/cuentas-nacionales-departamentales"},{"key":"14358","unstructured":"Departamento Administrativo Nacional de Estad\u00edstica [DANE]. (2021a, junio 25). PIB por Departamento. https:\/\/www.dane.gov.co\/index.php\/estadisticas-por-tema\/cuentas-nacionales\/cuentas-nacionales-departamentales#pib-base-1975"},{"key":"14359","unstructured":"Departamento Administrativo Nacional de Estad\u00edstica [DANE]. (2021b, septiembre 2). Pobreza Multidimensional. https:\/\/www.dane.gov.co\/index.php\/estadisticas-por-tema\/pobreza-y-condiciones-de-vida\/pobreza-multidimensional"},{"key":"14360","unstructured":"De Currea-Lugo, V. (2016). Historias del Sarare: de como el occidente de Arauca se fue poblando hasta convertirse en un sue\u00f1o colectivo. \u00c1ntropos Ltda."},{"key":"14361","unstructured":"De Montaigne, M. (2020). Ensayos. Editorial Alma."},{"key":"14362","unstructured":"El Tiempo. (1995, marzo 4). Arauca Saudita, en quiebra. https:\/\/www.eltiempo.com\/archivo\/documento\/MAM-287517"},{"key":"14363","unstructured":"Fundaci\u00f3n Ideas Para La Paz. (2014). Din\u00e1micas del conflicto armado en Arauca y su impacto humanitario. Fundaci\u00f3n Ideas para la Paz."},{"key":"14364","unstructured":"G\u00f3mez Cuar\u00e1n, E. F. (2010). An\u00e1lisis de las configuraciones d\u00edgitopalmares de la poblaci\u00f3n ind\u00edgena del municipio de Tame-departamento de Arauca. Universidad Nacional de Colombia."},{"key":"14365","unstructured":"Guti\u00e9rrez Lemus, O. J. (2010). Arauca: espacio, conflicto e institucionalidad. An\u00e1lisis Pol\u00edtico, Mayo-agosto, 3\u201334."},{"key":"14366","unstructured":"Hormaza Jimenez, I. C. (2016). La reforma agraria como ejercicio de planificaci\u00f3n: experiencias de los proyectos de colonizaci\u00f3n del INCORA en el Caquet\u00e1 entre 1964-1974. Universidad Nacional de Colombia."},{"key":"14367","unstructured":"Mantilla Trejos, E. (2019). Los Tumbatiranos. Gente Nueva."},{"key":"14368","doi-asserted-by":"crossref","unstructured":"Mendoza Padilla, B. E. (2011). Estructuraci\u00f3n socio territorial del departamento de Arauca, 1950\u20132008. Perspectiva Geogr\u00e1fica, 16, 151\u2013172.","DOI":"10.19053\/01233769.1746"},{"key":"14369","unstructured":"Monsalve, E. (2013). An\u00e1lisis de las regal\u00edas petroleras en el desarrollo regional: Una visi\u00f3n retrospectiva del departamento de Arauca, 1985-2007. Universidad Nacional de Colombia."},{"key":"14370","doi-asserted-by":"crossref","unstructured":"Moreno Romero, J. y P\u00e9rez, D. (2022). Memorias de la fragmentaci\u00f3n de la selva: colonizaci\u00f3n y luchas agrarias en la regi\u00f3n del Sarare, Arauca, Colombia, 1960-1990. Jangwa Pana, 22, 132\u2013145.","DOI":"10.21676\/16574923.4711"},{"key":"14371","unstructured":"Palacios, M., & Safford, F. (2002). Colombia: pa\u00eds fragmentado, sociedad dividida. Norma."},{"key":"14372","unstructured":"Paul Cantor, R. \u00c1. (2019). Los intentos por integrar un territorio de frontera: la comisar\u00eda especial de Arauca, 1911\u20131955 [Maestr\u00eda de Historia, Pontificia Universidad Javeriana]."},{"key":"14373","unstructured":"Rausch, J. (1989). Rebeli\u00f3n en los llanos colombianos: el \u201caffaire Arauca\u201d de 1917. Bolet\u00edn Cultural y Bibliogr\u00e1fico, 26, 33\u201357."},{"key":"14374","doi-asserted-by":"crossref","unstructured":"Rausch, J. (2022). La regionalizaci\u00f3n en Colombia y la transformaci\u00f3n de los Llano Orientales. Universidad Externado de Colombia.","DOI":"10.2307\/jj.3205983"},{"key":"14375","unstructured":"Revista Semana. (1986, octubre 27). Arauca Saudita. https:\/\/www.semana.com\/especiales\/articulo\/arauca-saudita\/8217-3\/"},{"key":"14376","unstructured":"Revista Semana. (1995, junio 26). Petr\u00f3leo que no has de beber... www.semana.com\/especiales\/articulo\/petroleo-que-no-has-de-beber\/25902-3\/"},{"key":"14377","unstructured":"Salazar Gonz\u00e1lez, L. A. (2017). De blanco y negro a color: Arauquita a trav\u00e9s de sus memorias. Pontificia Universidad Javeriana."},{"key":"14378","unstructured":"Santamar\u00eda, D. (1994). Del tabaco al incienso: Reducci\u00f3n y conversi\u00f3n en las misiones jesu\u00edtas de las selvas sudamericanas siglos XVII y XVIII. Centro de Estudios Ind\u00edgenas y Coloniales."},{"key":"14379","unstructured":"Sarmiento Anzola, L. (2015). Arauca 1983-2015: fin de un ciclo hist\u00f3rico y transici\u00f3n incierta. 1\u201368."},{"key":"14380","unstructured":"Serge, M. (2011). El Rev\u00e9s de la Naci\u00f3n. Universidad de los Andes."},{"key":"14381","doi-asserted-by":"crossref","unstructured":"Viloria De La Hoz, J. (2009). Geograf\u00eda Econ\u00f3mica de la Orinoqu\u00eda. Banco de la Rep\u00fablica de Colombia.","DOI":"10.32468\/dtseru.113"}],"container-title":["Administraci\u00f3n &amp; Desarrollo"],"link":[{"URL":"https:\/\/revistas.esap.edu.co\/index.php\/admindesarro\/article\/download\/974\/768","content-type":"application\/pdf","content-version":"vor","intended-application":"text-mining"},{"URL":"https:\/\/revistas.esap.edu.co\/index.php\/admindesarro\/article\/download\/974\/779","content-type":"text\/xml","content-version":"vor","intended-application":"text-mining"},{"URL":"https:\/\/revistas.esap.edu.co\/index.php\/admindesarro\/article\/download\/974\/768","content-type":"unspecified","content-version":"vor","intended-application":"similarity-checking"}],"deposited":{"date-parts":[[2025,12,31]],"date-time":"2025-12-31T19:48:29Z","timestamp":1767210509000},"score":0.0,"resource":{"primary":{"URL":"https:\/\/revistas.esap.edu.co\/index.php\/admindesarro\/article\/view\/974"}},"issued":{"date-parts":[[2024,9,4]]},"references-count":30,"journal-issue":{"issue":"2","published-online":{"date-parts":[[2024,7,1]]}},"URL":"https:\/\/doi.org\/10.22431\/25005227.974","ISSN":["2500-5227","0120-3754"],"issn-type":[{"type":"electronic","value":"2500-5227"},{"type":"print","value":"0120-3754"}],"published":{"date-parts":[[2024,9,4]]}},{"indexed":{"date-parts":[[2022,3,30]],"date-time":"2022-03-30T01:56:19Z","timestamp":1648605379457},"reference-count":23,"publisher":"Escuela Superior de Administracion Publica","issue":"1","license":[{"start":{"date-parts":[[2020,6,30]],"date-time":"2020-06-30T00:00:00Z","timestamp":1593475200000},"content-version":"unspecified","delay-in-days":0,"URL":"http:\/\/creativecommons.org\/licenses\/by-nc-nd\/4.0"}],"content-domain":{"domain":[],"crossmark-restriction":false},"short-container-title":["Adm. Desarro."],"abstract":"<jats:p>El presente art\u00edculo muestra los resultados de la investigaci\u00f3n-consultor\u00eda realizada en la Alcald\u00eda de Popay\u00e1n durante el segundo semestre de 2017, con el fin de evaluar acciones vinculadas con la defensa jur\u00eddica de la Alcald\u00eda de Popay\u00e1n, as\u00ed como la existencia y el grado de articulaci\u00f3n de los procesos y procedimientos relacionados con el tema en la Oficina Asesora Jur\u00eddica y las dem\u00e1s \u00e1reas misionales de la Alcald\u00eda de Popay\u00e1n. As\u00ed mismo, conocer las causas y consecuencias de la no atenci\u00f3n oportuna a los requerimientos judiciales originados de acciones constitucionales instaurados por la ciudadan\u00eda.Fue as\u00ed como, mediante trabajo de campo, encuesta realizada a los abogados de la Oficina Asesora Jur\u00eddica y \u00e1reas misionales de la Alcald\u00eda de Popay\u00e1n y posterior an\u00e1lisis estad\u00edstico, se identific\u00f3 la articulaci\u00f3n entre procesos y procedimientos que se relacionan con la defensa jur\u00eddica de la Alcald\u00eda de Popay\u00e1n.<\/jats:p>","DOI":"10.22431\/25005227.vol50n1.5","type":"journal-article","created":{"date-parts":[[2021,11,7]],"date-time":"2021-11-07T20:52:27Z","timestamp":1636318347000},"page":"113-132","source":"Crossref","is-referenced-by-count":0,"title":["An\u00e1lisis estad\u00edstico para mejorar la atenci\u00f3n de acciones constitucionales en la Alcald\u00eda de Popay\u00e1n"],"prefix":"10.22431","volume":"50","author":[{"given":"Jairo Alberto","family":"Rengifo Osorio","sequence":"first","affiliation":[],"role":[{"role":"author","vocabulary":"crossref"}]},{"given":"Milton Javier","family":"Diago Ortiz","sequence":"additional","affiliation":[],"role":[{"role":"author","vocabulary":"crossref"}]}],"member":"9723","published-online":{"date-parts":[[2020,6,30]]},"reference":[{"key":"1083","unstructured":"Alcald\u00eda de Popay\u00e1n. (s.f.). Atenci\u00f3n al ciudadano Secretar\u00eda de Educaci\u00f3n y Cultura del departamento del Cauca. Recuperado de http:\/\/sac.gestionsecretariasdeeducacion.gov.co:2380\/crm_sed_v30\/default.php?ent=19000"},{"key":"1084","unstructured":"Alcald\u00eda Municipal de Popay\u00e1n. (2016). Plan de Desarrollo Alcald\u00eda de Popay\u00e1n 2016-2019 Vive el Cambio. Popay\u00e1n."},{"key":"1085","unstructured":"Alvarado, R. (2012). Defensa Judicial del Estado: Elementos para su construcci\u00f3n (Colombia 1.991-2.011) (Trabajo de grado). Universidad Libre. Recuperado de https:\/\/repository.unilibre.edu.co\/bitstream\/handle\/10901\/6593\/AlvaradoBermudezReinaldo2012.pdf?sequence=1&isAllowed=y"},{"key":"1086","unstructured":"Arango, B., Palacio, M., Olaya, G., Bautista, L., & Arias, M. (2004). Guia Administracion del Riesgo (Segunda ed.). DAFP. Recuperado de http:\/\/www.dafp.gov.co\/Documentos\/Publicaciones\/GuiaRiesgo.pdf"},{"key":"1087","unstructured":"Asamblea Nacional Constituyente. (1991). Constituci\u00f3n Pol\u00edtica de Colombia."},{"key":"1088","unstructured":"BID. (2014). \u00bfEs efectiva la defensa jur\u00eddica del Estado? Perspectivas sobre la gesti\u00f3n del riesgo fiscal en Am\u00e9rica Latina. Recuperado de http:\/\/docplayer.es\/2183973-Es-efectiva-la-defensa-juridica-del-estado.html"},{"key":"1089","unstructured":"Carrillo Fl\u00f3rez, F., & Varela, D. (2013). Hacia un Sistema Integrado de Defensa Jur\u00eddica Estatal: situaci\u00f3n y perspectivas de una pol\u00edtica p\u00fablica en Colombia. Revista del CLAD Reforma y Democracia(56), pp. 123-176."},{"key":"1090","unstructured":"Cea D\u2019Ancona, M. (2004). M\u00e9todos de Encuesta. Teor\u00eda y Pr\u00e1ctica, Errores y Mejora. Espa\u00f1a: S\u00edntesis. Recuperado de https:\/\/dialnet.unirioja.es\/servlet\/libro?codigo=252404"},{"key":"1091","unstructured":"Chiavenato, I. (2007). Introducci\u00f3n a la teor\u00eda general de la administraci\u00f3n. M\u00e9xico: Mc- Graw-Hill Interamericana."},{"key":"1092","unstructured":"Departamento Administrativo de la Funci\u00f3n P\u00fablica . (2006). Gu\u00eda de Administraci\u00f3n del Riesgo Rep\u00fablica de Colombia. Bogot\u00e1, D.C: \u00c1rea de comunicaciones DAFP."},{"key":"1093","unstructured":"Departamento Nacional de Planeaci\u00f3n. (2009). Resumen ejecutivo. Programa de Renovaci\u00f3n de la Administraci\u00f3n P\u00fablica. Bogot\u00e1, D.C.: DNP."},{"key":"1094","unstructured":"G\u00f3mez, M. (2008). Dise\u00f1o de estrategias que permiten a las organizaciones pasar a una posici\u00f3n de generaci\u00f3n y difusi\u00f3n de conocimiento El caso de las organizaciones del sector paraestatal (Tesis doctoral). Recuperado de http:\/\/fca.uaq.mx\/files\/investigacion\/doctorado\/tesis\/MariaTeresa-GomezSaldana.pdf"},{"key":"1095","unstructured":"Gordillo, A. (1998). Tratado de derecho administrativo y obras selectas. La defensa del usuario y del administrado - Tomo 2 (Segunda ed.). F.D.A. Recuperado de https:\/\/www.gordillo.com\/tomo2.php"},{"key":"1096","unstructured":"Guti\u00e9rrez, J. (Enero - Junio de 2014). Estructura reglamentaria de la agencia para la defensa jur\u00eddica y patrimonial del Estado en Colombia. (F. L. Libertadores, Ed.) Via Iuris(16), 51-69. Recuperado de https:\/\/revistas.libertadores.edu.co\/index.php\/ViaIuris\/article\/view\/437"},{"key":"1097","doi-asserted-by":"crossref","unstructured":"Kaiser, H., & Caffrey, J. (1965). An\u00e1lisis de factor alfa. Psychometrika, 30(1), pp. 1-14. doi:https:\/\/doi.org\/10.1007\/BF02289743","DOI":"10.1007\/BF02289743"},{"key":"1098","unstructured":"Mart\u00ednez, M. (2005). Estudio del cuestionario de evaluaci\u00f3n del profesorado de la UPV mediante opini\u00f3n de los estudiantes. Tratamiento estad\u00edstico (Tesis doctoral). Universidad Polit\u00e9cnica de Valencia."},{"key":"1099","unstructured":"Ministerio del Interior. (2017). Agencia Nacional de Defensa Jur\u00eddica del Estado. Recuperado de https:\/\/www.defensajuridica.gov.co\/agencia\/quienessomos\/Paginas\/informacion-general-agencia.aspx"},{"key":"1100","unstructured":"Mullins, I. (2014). La Agroecolog\u00eda y la Incorporaci\u00f3n a la Actividad Agraria en Catalunya. Universitat de Barcelona. Recuperado de https:\/\/lazanahoriateatrera.files.wordpress.com\/2014\/07\/entrega-final-tis-ii.pdf"},{"key":"1101","unstructured":"Obea research group. (Sf). Innovaci\u00f3n abierta. Recuperado de http:\/\/www.emotools.com\/media\/upload\/files\/obeainnovabrt.pdf"},{"key":"1102","unstructured":"OrfeoLibre. (s.f.). OrfeoLibre. Recuperado de https:\/\/orfeolibre.org\/inicio\/"},{"key":"1103","unstructured":"Oviedo, H., & Campo-Arias, A. (2005). Aproximaci\u00f3n al uso del coeficiente alfa de Cronbach. Revista Colombiana de Psiquiatr\u00eda, XXXIV (4), pp. 572-580. Recuperado de https:\/\/www.redalyc.org\/pdf\/806\/80634409.pdf"},{"key":"1104","unstructured":"S\u00e1nchez, J. (2007). Estudio de la ciencia de la administraci\u00f3n. Instituto de Administraci\u00f3n P\u00fablica del Estado de M\u00e9xico, Instituto de Administraci\u00f3n P\u00fablica del Estado de Quintana Roo, Miguel \u00c1ngel Porr\u00faa."},{"key":"1105","unstructured":"Tadlaoui, S. (2013). Manual de Consultor\u00eda en Asuntos P\u00fablicos. Bogot\u00e1: Universidad Externado de Colombia."}],"container-title":["Administraci\u00f3n y Desarrollo"],"link":[{"URL":"https:\/\/revistas.esap.edu.co\/index.php\/admindesarro\/article\/download\/555\/515","content-type":"application\/pdf","content-version":"vor","intended-application":"text-mining"},{"URL":"https:\/\/revistas.esap.edu.co\/index.php\/admindesarro\/article\/download\/555\/515","content-type":"unspecified","content-version":"vor","intended-application":"similarity-checking"}],"deposited":{"date-parts":[[2021,11,7]],"date-time":"2021-11-07T20:53:48Z","timestamp":1636318428000},"score":0.0,"resource":{"primary":{"URL":"https:\/\/revistas.esap.edu.co\/index.php\/admindesarro\/article\/view\/555"}},"issued":{"date-parts":[[2020,6,30]]},"references-count":23,"journal-issue":{"issue":"1","published-online":{"date-parts":[[2020,6,30]]}},"URL":"https:\/\/doi.org\/10.22431\/25005227.vol50n1.5","ISSN":["2500-5227","0120-3754"],"issn-type":[{"value":"2500-5227","type":"electronic"},{"value":"0120-3754","type":"print"}],"published":{"date-parts":[[2020,6,30]]}},{"indexed":{"date-parts":[[2025,12,31]],"date-time":"2025-12-31T20:05:30Z","timestamp":1767211530788,"version":"3.48.0"},"reference-count":50,"publisher":"Escuela Superior de Administracion Publica","issue":"2","license":[{"start":{"date-parts":[[2022,12,28]],"date-time":"2022-12-28T00:00:00Z","timestamp":1672185600000},"content-version":"unspecified","delay-in-days":0,"URL":"https:\/\/creativecommons.org\/licenses\/by-nc-sa\/4.0"}],"content-domain":{"domain":[],"crossmark-restriction":false},"short-container-title":["Adm. Desarro."],"abstract":"<jats:p>The objective is to contribute to the design of the Social Observatory for Local Regional Development and Human Rights (ODRL and DDHH) based on the study of observatories that involve at least two axes of those proposed by the nascent Observatory. The search and careful review took into account results from the local-regional, national and international level. From the exploration of 20 selected Observatories, based on theoretical elements that would allow their characterization, classification and comparison with the ODRL and Human Rights proposal, the existence of an informational gap around the complex relationship between public policies, development , human rights and participation in the framework of the 2030 Agenda, especially at the regional-local level, which implies the relevance of carrying out processes of documentation, monitoring and evaluation of local actions in the area of human rights, policies public and SDGs. In short, the potential and great contribution of the ODRL and Human Rights as an innovative academic proposal against the Observatories investigated is confirmed, from its operation in the collection, production and social dissemination of knowledge for the public administration, the academic community and the communities studied.<\/jats:p>","DOI":"10.22431\/25005227.vol52n2.1","type":"journal-article","created":{"date-parts":[[2022,12,28]],"date-time":"2022-12-28T09:58:37Z","timestamp":1672221517000},"page":"5-25","source":"Crossref","is-referenced-by-count":0,"title":["Observatorio Social de Desarrollo Regional Local y de Derechos Humanos, propuesta para la ESAP","Social Observatory for Local Regional Development and Human Rights proposal for ESAP"],"prefix":"10.22431","volume":"52","author":[{"ORCID":"https:\/\/orcid.org\/0000-0002-7802-0699","authenticated-orcid":false,"given":"Hernando","family":"Delgado Quintero","sequence":"first","affiliation":[],"role":[{"role":"author","vocabulary":"crossref"}]},{"ORCID":"https:\/\/orcid.org\/0000-0002-8551-6609","authenticated-orcid":false,"given":"Lyda Marcela","family":"Herrera-Camargo","sequence":"additional","affiliation":[],"role":[{"role":"author","vocabulary":"crossref"}]},{"ORCID":"https:\/\/orcid.org\/0000-0002-0926-8180","authenticated-orcid":false,"given":"Judith Joana","family":"Castro Hern\u00e1ndez","sequence":"additional","affiliation":[],"role":[{"role":"author","vocabulary":"crossref"}]}],"member":"9723","published-online":{"date-parts":[[2022,12,28]]},"reference":[{"key":"9894","unstructured":"Andrade, \u00c1., & Pe\u00f1a, C. (26 de 07 de 2019). La ciudadanizaci\u00f3n de la informaci\u00f3n y el monitoreo de los ODS en Ecuador. Obtenido de Abierto al p\u00fablico BID: https:\/\/blogs.iadb.org\/conocimiento-abierto\/es\/ciudadania-monitoreo-ods-ecuador\/"},{"key":"9895","unstructured":"Bustamente, K. C. (2018). Repositorio Digital de la UTMACH. (U. A. UTMACH, Ed.) Obtenido de http:\/\/repositorio.utmachala.edu.ec\/handle\/48000\/12108"},{"key":"9896","unstructured":"Campos, E. M. (2001). La sociedad de la informaci\u00f3n en el Siglo XXI y la Biblioteca Universitaria. Revista Digital Universitaria."},{"key":"9897","unstructured":"Casalis, A. (2009). Scribd. Obtenido de https:\/\/es.scribd.com\/document\/393467232\/Que-Es-El-Desarrollo-Local-Casalis"},{"key":"9898","unstructured":"CEPAL. (2022). Observatorio Regional de Planificaci\u00f3n para el Desarrollo de America Latina y el Caribe. Recuperado el 2022, de Observatorio Regional de Planificaci\u00f3n para el Desarrollo de America Latina y el Caribe: https:\/\/observatorioplanificacion.cepal.org\/es\/acerca-de"},{"key":"9899","unstructured":"CEUPE. (2021). CEUPE Magazine. Obtenido de https:\/\/www.ceupe.com\/blog\/en-que-consisten-la-gestion-de-la-mision-la-vision-y-los-valores.html"},{"key":"9900","unstructured":"comisionado, O. d. (s.f.). Naciones unidas Derechos Humanos. Obtenido de https:\/\/www.ohchr.org\/sp\/issues\/pages\/whatarehu-manrights.aspx"},{"key":"9901","unstructured":"Constituyente, A. N. (1991). Secretaria del Senado. Obtenido de http:\/\/www.secretariasenado.gov.co\/senado\/basedoc\/constitucion_politica_1991.html"},{"key":"9902","unstructured":"Defensorba. (2022). Observatorio de Derechos Humanos de las Defensor\u00edas del P\u00faeblo de Suramerica. Obtenido de \u00bfQu\u00e9 es el Observatorio?: https:\/\/www.defensorba.org.ar\/micrositios\/Observatorio_DDHH\/#:~:text=El%20Observatorio%20de%20Derechos%20Humanos,locales%20de%20Derechos%20Humanos%20de"},{"key":"9903","unstructured":"Definici\u00f3n ABC. (2021). Definici\u00f3n ABC . Tu diccionario hecho facil. Obtenido de https:\/\/www.definicionabc.com\/social\/integrante.php"},{"key":"9904","unstructured":"DEJ Panhispanico. (2021). Diccionario panhisp\u00e1nico del Espa\u00f1ol jur\u00eddico. Obtenido de https:\/\/dpej.rae.es\/lema\/objetivo2"},{"key":"9905","unstructured":"Desarrollo, P. d. (2021). Programa de Naciones Unidas para el Desarrollo. Obtenido de https:\/\/www1.undp.org\/content\/undp\/es\/home\/sustainable-development-goals.html"},{"key":"9906","unstructured":"Deubel, A. N. (Septiembre de 2002). Polpublicas. (Aurora, Ed.) Obtenido de https:\/\/polpublicas.files.wordpress.com\/2016\/08\/roth_andre-politicas-publicas-libro-completo.pdf"},{"key":"9907","unstructured":"DNP. (2020). Aprovechamiento de datos para la toma de decisiones en el sector p\u00fablico. Bogot\u00e1: Documento borrador."},{"key":"9908","unstructured":"DNP. (16 de 03 de 2022). Observatorio del Sistema de Ciudades. Obtenido de Observatorio del Sistema de Ciudades: https:\/\/osc.dnp.gov.co\/"},{"key":"9909","unstructured":"Etnoterritorios. (s.f.). Observatorio de Territorios \u00e9tnicos y Campesinos. Obtenido de https:\/\/www.etnoterritorios.org\/es\/inicio"},{"key":"9910","unstructured":"FUNDEPAZ. (16 de 03 de 2022). Observatorio Regional de Derechos Humanos y DIH. Obtenido de El Observatorio Regional de Derechos Humanos y DIH (ORDHDIH): https:\/\/www.fundepaz.org\/observatorio-de-derechos-humanos-y-dih\/"},{"key":"9911","unstructured":"Herrera-Camargo, L. M. (17 de 11 de 2021). Observatorio Social de Desarrollo Local Regional y Derechos Humanos. Obtenido de Informe t\u00e9cnico."},{"key":"9912","unstructured":"IPC. (2022). Observatorio de Derechos Humanos y Paz. Obtenido de Instituto Popular de Capacitaci\u00f3n: http:\/\/ipc.org.co\/index.php\/unidad-observatorio-de-derechos-humanos\/"},{"key":"9913","unstructured":"Marcial, N. A. (2009). \u00bfQu\u00e9 son los observatorios y cu\u00e1les son sus funciones? Innovaci\u00f3n Educativa , vol. 9, n\u00fam. 47 , abril-junio, 5 17."},{"key":"9914","unstructured":"Marcial, N.A. (2009). Redalyc.org. Obtenido de https:\/\/www.redalyc.org\/pdf\/1794\/179414895002.pdf"},{"key":"9915","doi-asserted-by":"crossref","unstructured":"Moreno Soler, G. E., & Mantilla Castellanos, J. F. (2016). Una revisi\u00f3n del concepto observatorio social: hacia una comprensi\u00f3n de sus objetivos, alcances, m\u00e9todos y finalidades. Psicogente 19 (36), 347 359.","DOI":"10.17081\/psico.19.36.1303"},{"key":"9916","unstructured":"OAB. (16 de 01 de 2022). Observatorio Ambiental de Bogot\u00e1 (OAB). Obtenido de Nosotros: https:\/\/oab.ambientebogota.gov.co\/sobre-el-oab\/sobre-el-observatorio\/"},{"key":"9917","unstructured":"Observatorio de pol\u00edticas p\u00fablicas de la Secretar\u00eda de Bienestar Social. (28 de 05 de 2021). Observatorio de pol\u00edticas p\u00fablicas de la Secretar\u00eda de Bienestar Social. Obtenido de Alcald\u00eda de Santiago de Cali: https:\/\/www.cali.gov.co\/bienestar\/publicaciones\/161117\/Observatorio\/"},{"key":"9918","unstructured":"Observatorio de Pol\u00edticas Sociales y Desarrollo. (s.f.). Observatorio de Pol\u00edticas Sociales y Desarrollo. Obtenido de Observatorio de Pol\u00edticas Sociales y Desarrollo: http:\/\/enfoquesocial.gob.do\/observatorio\/qui%C3%A9nes-somos\/"},{"key":"9919","unstructured":"Observatorio del Desarrollo Sostenible. (2022). Comite Econ\u00f3mico Social Europeo. Obtenido de Observatorio del Desarrollo Sostenible: https:\/\/www.eesc.europa.eu\/es\/sections-other-bodies\/observatories\/sustainable-development-observatory#downloads"},{"key":"9920","unstructured":"Observatorio Desarrollo Rural y Local. (28 de 09 de 2017). Observatorio de Desarrollo Rural, Local y de Empleo de la Regi\u00f3n de Murcia. Obtenido de \u00bfPorqu\u00e9 un Observatorio?: https:\/\/www.um.es\/observalocal\/?page_id=205"},{"key":"9921","unstructured":"Observatorio OPERA. (2022). Centro de Investigaciones y proyectos especiales CIPE. Obtenido de Universidad Externado de Colombia: https:\/\/www.uexternado.edu.co\/cipe\/opera-observatorio-politicas-ejecucion-resultados-la-administracion-publica\/#:~:text=El%20Observatorio%20de%20Pol%C3%ADticas%2C%20Ejecuci%C3%B3n,administraci%C3%B3n%20p%C3%BAblica%20y%20las%20pol%C3%ADticas"},{"key":"9922","unstructured":"Observatorio OSA. (16 de 03 de 2022). Observatorio Sabidur\u00eda y Ambiente, OSA. Obtenido de Acerca del Observatorio: http:\/\/www.osacorpoguavio.com\/acerca-del-observatorio.php"},{"key":"9923","unstructured":"ObservatorioMERCOSUR. (2022). Presentaci\u00f3n. Obtenido de Observatorio de Pol\u00edticas P\u00fablicas de Derechos Humanos en el Mercosur: http:\/\/www.observatoriomercosur.org.uy\/es\/observatorio.php#:~:text=El%20Observatorio%20de%20Pol%C3%ADticas%20P%C3%BAblicas,%2C%20Brasil%2C%20Paraguay%20 y%20Uruguay."},{"key":"9924","unstructured":"ODH. (2022). Observatorio de Derechos Humanos. Universidad de Valladolid. Obtenido de Qui\u00e9nes somos: http:\/\/odh.uva.es\/quienes-somos\/#:~:-text=Objetivos-,El%20Observatorio%20de%20Derechos%20Humanos%20de%20la%20Universidad%20de%20Valladolid,instrumentos%20internacionales%20emanados%20de%20ella."},{"key":"9925","unstructured":"ODS. (2022). ODS, Observatorio de Desarrollo Sostenible. Obtenido de Fundaci\u00f3n Universitaria Los Libertadores : https:\/\/www.ulibertadores.edu.co\/facultad-ciencias-economicas-administrativas-contables\/observatorio-desarrollo-sostenible-bogota-region\/"},{"key":"9926","unstructured":"OEB. (2022). Observatorio Econ\u00f3mico de Boyac\u00e1. Obtenido de Gobernaci\u00f3n de Boyac\u00e1: http:\/\/190.90.95.148:97\/Economico\/index.php\/sobre-nosotros\/mision"},{"key":"9927","unstructured":"ORB. (16 de 03 de 2022). COLNODO. Uso estrat\u00e9gico de Internet para el desarrollo. Obtenido de Observatorio Rural de Bogot\u00e1: https:\/\/www.colnodo.apc.org\/es\/nuestra-labor\/proyectos-gestion-del-conocimiento\/observatorio-rural-de-bogota-orb-4"},{"key":"9928","unstructured":"Organizaci\u00f3n de los Estados Americanos. (s.f.). Observatorios de pol\u00edticas p\u00fablicas en las Americas."},{"key":"9929","unstructured":"OSB. (22 de 10 de 2017). Observatorio Social de Boyac\u00e1. Obtenido de Gobernaci\u00f3n de Boyac\u00e1: http:\/\/190.90.95.148:97\/social\/index.php\/observatorio"},{"key":"9930","unstructured":"P\u00e9rez, O. D. (s.f.). webcache. Recuperado el 2021, de Recuperado el 2021, de http:\/\/webcache.googleusercontent.com\/search?q=cache:jXrgiIPnB5oJ:www.cs.umss.edu.bo\/doc\/material\/mat_gral_87\/Parte%25203%2520Contenido%2520del%2520Perfil%2520de%2520Tesis.pptx+&cd=1&hl=es-419&ct=clnk&gl=co"},{"key":"9931","unstructured":"Personer\u00eda Medell\u00edn. (2019). Observatorio de Participaci\u00f3n Ciudadana. Obtenido de http:\/\/www.personeriamedellin.gov.co\/index.php\/insitucional\/25-observatorios\/observatorio-de-participacion-ciudadana"},{"key":"9932","unstructured":"P\u00fablica, F. (2021). Funci\u00f3n p\u00fablica. Obtenido de https:\/\/www.funcionpublica.gov.co\/web\/murc\/que-son-los-objetivos-de-desarrollo-sostenible-ods-1"},{"key":"9933","unstructured":"RAE. (2005). Diccionario panhisp\u00e1nico de dudas. Obtenido de https:\/\/www.rae.es\/dpd\/miembro"},{"key":"9934","unstructured":"Ram\u00edrez Alujas, \u00c1., & CruzRubio, C. (2018). El despertar de la apertura y participaci\u00f3n en Latinoam\u00e9rica (en el marco de la alianza para el gobierno abierto). En C. G\u00fcemes, J. Resina, & C. N. Cruz-Rubio, Participaci\u00f3n ciudadana: Experiencias inspiradoras en Espa\u00f1a (p\u00e1gs. 59 -)."},{"key":"9935","unstructured":"Rep\u00fablica de Colombia, P. d. (2006). (I. E. Ltda., Ed.) Obtenido de http:\/\/historico.derechos-humanos.gov.co\/Observatorio\/Publicaciones\/documents\/2010\/manualguia.pdf"},{"key":"9936","unstructured":"Rep\u00fablica, C. d. (06 de Julio de 2015). Secretar\u00eda del Senado. Obtenido de http:\/\/www.secretariasenado.gov.co\/senado\/basedoc\/ley_1757_2015.html"},{"key":"9937","unstructured":"Sarmiento Reyes, Y. R., Delgado Fernandez, M., & Infante Abreu, M. B. (24 de 04 de 2019). Observatorios: clasificaci\u00f3n y concepci\u00f3n en el contexto iberoamericano. Obtenido de Revista Cubana de Informaci\u00f3n en Ciencias de la Salud, vol. 30, n\u00fam. 2, e1335, 2019: https:\/\/www.redalyc.org\/jatsRepo\/3776\/377665578007\/html\/"},{"key":"9938","unstructured":"Significados. (2021). Significados. Obtenido de https:\/\/www.significados.com\/producto\/"},{"key":"9939","unstructured":"Thompson, I. (2006). Promonegocios.net. Obtenido de Promonegocios.net: http:\/\/www.colegio-isma.com.ar\/Secundaria\/Apuntes\/Mercantil\/4%20Mer\/Administracion\/Mision%20y%20Vision.pdf"},{"key":"9940","unstructured":"Torres-Melo, J., & Santander, J. (2013). Introducci\u00f3n a las pol\u00edticas p\u00fablicas: conceptos y herramientas desde la relaci\u00f3n entre Estado y Ciudadan\u00eda. IEMP Ediciones."},{"key":"9941","unstructured":"Transparencia por Colombia. (2021). Siete a\u00f1os de la Ley de Transparencia y del Derecho de Acceso a la Informaci\u00f3n P\u00fablica Nacional Avances y retos pendientes. Bogot\u00e1: Comunicado de prensa."},{"key":"9942","unstructured":"Uniciencia. (2022). Observatorio de Derechos Humanos y La Paz. Obtenido de Uniciencia: https:\/\/observatorioddhhypaz.unicienciabga.edu.co\/conocenos"},{"key":"9943","unstructured":"Vicepresidencia de la Rep\u00fablica. (08 de 2006). Gu\u00eda para la conformaci\u00f3n de Observatorios de DH y DIH. Obtenido de Observatorio del programa presidencial de Derechos Humanos y DIH: http:\/\/historico.derechoshumanos.gov.co\/Observatorio\/Publicaciones\/documents\/2010\/manualguia.pdf"}],"container-title":["Administraci\u00f3n &amp; Desarrollo"],"link":[{"URL":"https:\/\/revistas.esap.edu.co\/index.php\/admindesarro\/article\/download\/787\/636","content-type":"application\/pdf","content-version":"vor","intended-application":"text-mining"},{"URL":"https:\/\/revistas.esap.edu.co\/index.php\/admindesarro\/article\/download\/787\/699","content-type":"text\/xml","content-version":"vor","intended-application":"text-mining"},{"URL":"https:\/\/revistas.esap.edu.co\/index.php\/admindesarro\/article\/download\/787\/636","content-type":"unspecified","content-version":"vor","intended-application":"similarity-checking"}],"deposited":{"date-parts":[[2025,12,31]],"date-time":"2025-12-31T20:01:00Z","timestamp":1767211260000},"score":0.0,"resource":{"primary":{"URL":"https:\/\/revistas.esap.edu.co\/index.php\/admindesarro\/article\/view\/787"}},"issued":{"date-parts":[[2022,12,28]]},"references-count":50,"journal-issue":{"issue":"2","published-online":{"date-parts":[[2022,12,28]]}},"URL":"https:\/\/doi.org\/10.22431\/25005227.vol52n2.1","ISSN":["2500-5227","0120-3754"],"issn-type":[{"type":"electronic","value":"2500-5227"},{"type":"print","value":"0120-3754"}],"published":{"date-parts":[[2022,12,28]]}},{"indexed":{"date-parts":[[2022,4,3]],"date-time":"2022-04-03T03:00:35Z","timestamp":1648954835018},"reference-count":0,"publisher":"Escuela Superior de Administracion Publica","issue":"51","license":[{"start":{"date-parts":[[2009,6,29]],"date-time":"2009-06-29T00:00:00Z","timestamp":1246233600000},"content-version":"unspecified","delay-in-days":0,"URL":"http:\/\/creativecommons.org\/licenses\/by-nc-nd\/4.0"}],"content-domain":{"domain":[],"crossmark-restriction":false},"short-container-title":["Adm. Desarro."],"abstract":"<jats:p>El art\u00edculo hace una aproximaci\u00f3n a la tem\u00e1tica de la certificaci\u00f3n en Agua Potable y Saneamiento B\u00e1sico, especialmente a los puntos que la Ley 1176 de 2007 ha establecido para que las entidades territoriales puedan certificarse.Se exponen, adem\u00e1s, los criterios y el r\u00e9gimen de transici\u00f3n o provisional que se ha contemplado por parte del legislador para realizar la distribuci\u00f3n de los recursos, con el fin de coadyuvar al cumplimiento de las funciones de los entes territoriales y potenciar una distribuci\u00f3n de recursos m\u00e1s consistente con las necesidades locales en agua potable y saneamiento b\u00e1sico.<\/jats:p>","DOI":"10.22431\/25005227.351","type":"journal-article","created":{"date-parts":[[2017,7,5]],"date-time":"2017-07-05T16:06:06Z","timestamp":1499270766000},"page":"59-80","source":"Crossref","is-referenced-by-count":0,"title":["El proceso de certificaci\u00f3n municipal en agua potable y saneamiento b\u00e1sico"],"prefix":"10.22431","volume":"37","author":[{"given":"Diego Armando","family":"Barrera Ayala","sequence":"first","affiliation":[],"role":[{"role":"author","vocabulary":"crossref"}]}],"member":"9723","published-online":{"date-parts":[[2009,6,29]]},"container-title":["Administraci\u00f3n &amp; Desarrollo"],"link":[{"URL":"https:\/\/revistas.esap.edu.co\/index.php\/admindesarro\/article\/download\/351\/pdf","content-type":"application\/pdf","content-version":"vor","intended-application":"text-mining"},{"URL":"https:\/\/revistas.esap.edu.co\/index.php\/admindesarro\/article\/download\/351\/pdf","content-type":"unspecified","content-version":"vor","intended-application":"similarity-checking"}],"deposited":{"date-parts":[[2021,11,12]],"date-time":"2021-11-12T19:13:21Z","timestamp":1636744401000},"score":0.0,"resource":{"primary":{"URL":"https:\/\/revistas.esap.edu.co\/index.php\/admindesarro\/article\/view\/351"}},"issued":{"date-parts":[[2009,6,29]]},"references-count":0,"journal-issue":{"issue":"51","published-online":{"date-parts":[[2009,6,29]]}},"URL":"https:\/\/doi.org\/10.22431\/25005227.351","ISSN":["2500-5227","0120-3754"],"issn-type":[{"value":"2500-5227","type":"electronic"},{"value":"0120-3754","type":"print"}],"published":{"date-parts":[[2009,6,29]]}},{"indexed":{"date-parts":[[2022,4,1]],"date-time":"2022-04-01T22:55:26Z","timestamp":1648853726279},"reference-count":0,"publisher":"Escuela Superior de Administraci\u00f3n P\u00fablica","isbn-type":[{"value":"9789586524377","type":"print"}],"content-domain":{"domain":[],"crossmark-restriction":false},"DOI":"10.22431\/9789586524377","type":"book","created":{"date-parts":[[2018,4,25]],"date-time":"2018-04-25T22:34:54Z","timestamp":1524695694000},"source":"Crossref","is-referenced-by-count":0,"title":["Cundinamarca. Particularidades hist\u00f3rico-pol\u00edticas de su formaci\u00f3n"],"prefix":"10.22431","author":[{"given":"Diana","family":"Bonnett V\u00e9lez","sequence":"additional","affiliation":[],"role":[{"role":"author","vocabulary":"crossref"}]}],"member":"9723","published-online":{"date-parts":[[2017,5]]},"deposited":{"date-parts":[[2018,4,25]],"date-time":"2018-04-25T22:34:54Z","timestamp":1524695694000},"score":0.0,"resource":{"primary":{"URL":"http:\/\/www.esap.edu.co\/portal\/\/wp-content\/uploads\/2018\/04\/7.-Cundinamarca-particularidades-historico-politicas-de-su-formacion_virtual.pdf"}},"editor":[{"given":"Iv\u00e1n","family":"Mar\u00edn Taborda","sequence":"first","affiliation":[],"role":[{"role":"editor","vocabulary":"crossref"}]}],"issued":{"date-parts":[[2017,5]]},"ISBN":["9789586524377"],"references-count":0,"URL":"https:\/\/doi.org\/10.22431\/9789586524377","published":{"date-parts":[[2017,5]]}},{"indexed":{"date-parts":[[2022,4,5]],"date-time":"2022-04-05T05:25:49Z","timestamp":1649136349013},"reference-count":0,"publisher":"Escuela Superior de Administracion Publica","issue":"2","license":[{"start":{"date-parts":[[2015,12,1]],"date-time":"2015-12-01T00:00:00Z","timestamp":1448928000000},"content-version":"unspecified","delay-in-days":0,"URL":"http:\/\/creativecommons.org\/licenses\/by-nc-nd\/4.0"}],"content-domain":{"domain":[],"crossmark-restriction":false},"short-container-title":["Adm. Desarro."],"abstract":"<jats:p>Public administration\u00b4s focal groups design the cross-sectorial strategy and this articulates, in turn, important environmental infrastructure projects that allow local sociocultural ownership in Bogota. This article first claims that both the fragmentation and emotional and knowledge gaps affect the results of the technical-social works in city sectors. It follows by arguing that higher education ignores the emotional and sociocultural competences that normally arise when working in teams. Hence the excessive knowledge fragmentation among the different levels, desktop jobs and field work disrupt both style and management results impacting upon communities. Lastly it concludes with two important facts, first, teamwork is decisive in transversal management processes and second, the social-mapping methodology is an option to the reinterpretation of local territories while involved in a plenty of uncertainties environment because of the neoliberal politics.<\/jats:p>","DOI":"10.22431\/25005227.347","type":"journal-article","created":{"date-parts":[[2017,7,5]],"date-time":"2017-07-05T16:06:06Z","timestamp":1499270766000},"page":"148-172","source":"Crossref","is-referenced-by-count":0,"title":["Relations among knowledge society, formal education and the government cross sectorial strategy"],"prefix":"10.22431","volume":"45","author":[{"given":"Nubia","family":"Barrera Silva","sequence":"first","affiliation":[],"role":[{"role":"author","vocabulary":"crossref"}]}],"member":"9723","published-online":{"date-parts":[[2015,12,1]]},"container-title":["Administraci\u00f3n &amp; Desarrollo"],"link":[{"URL":"https:\/\/revistas.esap.edu.co\/index.php\/admindesarro\/article\/download\/347\/pdf","content-type":"application\/pdf","content-version":"vor","intended-application":"text-mining"},{"URL":"https:\/\/revistas.esap.edu.co\/index.php\/admindesarro\/article\/download\/347\/pdf","content-type":"unspecified","content-version":"vor","intended-application":"similarity-checking"}],"deposited":{"date-parts":[[2021,11,12]],"date-time":"2021-11-12T19:10:32Z","timestamp":1636744232000},"score":0.0,"resource":{"primary":{"URL":"https:\/\/revistas.esap.edu.co\/index.php\/admindesarro\/article\/view\/347"}},"issued":{"date-parts":[[2015,12,1]]},"references-count":0,"journal-issue":{"issue":"2","published-online":{"date-parts":[[2015,12,1]]}},"URL":"https:\/\/doi.org\/10.22431\/25005227.347","ISSN":["2500-5227","0120-3754"],"issn-type":[{"value":"2500-5227","type":"electronic"},{"value":"0120-3754","type":"print"}],"published":{"date-parts":[[2015,12,1]]}},{"indexed":{"date-parts":[[2026,6,29]],"date-time":"2026-06-29T23:39:53Z","timestamp":1782776393057,"version":"3.54.5"},"reference-count":26,"publisher":"Escuela Superior de Administracion Publica","issue":"1","license":[{"start":{"date-parts":[[2023,6,16]],"date-time":"2023-06-16T00:00:00Z","timestamp":1686873600000},"content-version":"unspecified","delay-in-days":0,"URL":"https:\/\/creativecommons.org\/licenses\/by-nc-sa\/4.0"}],"content-domain":{"domain":[],"crossmark-restriction":false},"short-container-title":["Adm. Desarro."],"abstract":"<jats:p>This research work analyzes the evidence provided by the scientific literature on international taxation on the effects of the network of double taxation treaties on the results of the domestic tax policies of the States. To this end, a systematic review has been carried out following the PRISMA guidelines of the empirical studies found in Scopus, with a refinement of bibliometric analysis under bibliometric packages from the statistical software R. From this, an increase of research studies that relate the concept of international taxation to several lines such as international trade, taxes on environmental pollution, and empirical cases of analysis by countries has been verified. It is concluded that the national and international advantages and disadvantages of alternative corporate taxation regimes in taxation originating by country vary widely in their implications for determining global tax planning.<\/jats:p>","DOI":"10.22431\/25005227.vol53n1.4","type":"journal-article","created":{"date-parts":[[2023,6,16]],"date-time":"2023-06-16T12:50:36Z","timestamp":1686919836000},"page":"1-16","source":"Crossref","is-referenced-by-count":1,"title":["Estado de la cuesti\u00f3n sobre tributaci\u00f3n internacional. Revisi\u00f3n sistem\u00e1tica desde las directrices de prisma","State of the question on international taxation. Systematic review from prism guidelines"],"prefix":"10.22431","volume":"53","author":[{"ORCID":"https:\/\/orcid.org\/0000-0002-3129-1942","authenticated-orcid":false,"given":"Orlando Carmelo","family":"Castellanos Polo","sequence":"first","affiliation":[],"role":[{"vocabulary":"crossref","role":"author"}]},{"ORCID":"https:\/\/orcid.org\/0000-0002-8535-841X","authenticated-orcid":false,"given":"Jos\u00e9 Alexander","family":"Vel\u00e1squez Ochoa","sequence":"additional","affiliation":[],"role":[{"vocabulary":"crossref","role":"author"}]},{"ORCID":"https:\/\/orcid.org\/0000-0002-2242-3261","authenticated-orcid":false,"given":"Jairo Andr\u00e9s","family":"Sastoque","sequence":"additional","affiliation":[],"role":[{"vocabulary":"crossref","role":"author"}]},{"ORCID":"https:\/\/orcid.org\/0000-0002-0031-4275","authenticated-orcid":false,"given":"David Alberto","family":"Garc\u00eda Arango","sequence":"additional","affiliation":[],"role":[{"vocabulary":"crossref","role":"author"}]}],"member":"9723","published-online":{"date-parts":[[2023,6,16]]},"reference":[{"key":"6956","doi-asserted-by":"crossref","unstructured":"Aria, M., y Curcullo, C. (2017). bibliometrix: An R-tool for comprehensive science mapping analysis. Journal of Informetrics, 11(4), 959\u2013975.","DOI":"10.1016\/j.joi.2017.08.007"},{"key":"6957","doi-asserted-by":"crossref","unstructured":"Barrios, S., Huizinga, H., Laeven, L. y Nicodeme, G. (2012). International taxation and multinational firm location decisions. Journal of Public Economics, 96(11), 946-958.","DOI":"10.1016\/j.jpubeco.2012.06.004"},{"key":"6958","doi-asserted-by":"crossref","unstructured":"Barthel, F., Busse, M. y Neumayer, E. (2010). The impact of double taxation treaties on foreign direct investment: evidence from large dyadic panel data. Contemporary.","DOI":"10.59403\/34p3q6q001"},{"key":"6959","doi-asserted-by":"crossref","unstructured":"Bierbrauer, F. J., Boyer, P. C. y Peichl, A. (2021). Reformas pol\u00edticamente viables de los sistemas tributarios no lineales. American Economic Review, 111(1), 153\u2013191.","DOI":"10.1257\/aer.20190021"},{"key":"6960","unstructured":"Black, F. (1974), Equilibrio del mercado de capitales internacional con barreras a la inversi\u00f3n. Revista de econom\u00eda financiera."},{"key":"6961","doi-asserted-by":"crossref","unstructured":"Blonigen, B. A., Oldenski, L. y Sly, N. (2014). Los efectos diferenciales de los tratados fiscales bilaterales. American Economic Journal: Economic Policy, 6(2), 1\u201318.","DOI":"10.1257\/pol.6.2.1"},{"key":"6962","unstructured":"Braun, J., Weichenrieder, A. J. (2015). \u00bfInfluye el intercambio de informaci\u00f3n entre las autoridades fiscales en el uso de los para\u00edsos fiscales por parte de las multinacionales? WU International Taxation Research Paper Series 11."},{"key":"6963","doi-asserted-by":"crossref","unstructured":"Castellanos Polo , O. C. . y P\u00e9rez Barrios, E. E. . (2022). Los tratados de doble imposici\u00f3n tributaria y su efecto en la inversi\u00f3n extranjera directa en Colombia. Revista Enfoques, 6(21), 50\u201362. https:\/\/doi.org\/10.33996\/revistaenfoques.v6i21.125.","DOI":"10.33996\/revistaenfoques.v6i21.125"},{"key":"6964","doi-asserted-by":"crossref","unstructured":"Castellanos Polo, O. C. . y Perez Barrios, E. E. (2022). El impacto de los tratados de doble imposici\u00f3n tributaria sobre la inversi\u00f3n extranjera en Colombia. Saber, Ciencia Y Libertad, 17(2), 352\u2013368. https:\/\/doi.org\/10.18041\/2382-3240\/saber.2022v17n2.9296","DOI":"10.18041\/2382-3240\/saber.2022v17n2.9296"},{"key":"6965","doi-asserted-by":"crossref","unstructured":"Castellanos, O.; Vel\u00e1squez, J. y Arboleda, G. (2021). La doble tributaci\u00f3n internacional sobre la inversi\u00f3n directa extranjera en Am\u00e9rica Latina y el Caribe. Administraci\u00f3n & Desarrollo, 51(1),165-183. https:\/\/doi.org\/10.22431\/25005227.vol51n1.8.","DOI":"10.22431\/25005227.vol51n1.8"},{"key":"6966","unstructured":"Castillo, A. y L\u00f3pez, J. (2019). Efecto de los Tratados de Doble Imposici\u00f3n sobre la actividad de Inversi\u00f3n Extranjera Directa bilateral espa\u00f1ola. Economics: The OpenAccess, Open-Assessment E-Journal, 13, 19-22."},{"key":"6967","doi-asserted-by":"crossref","unstructured":"Clausing, K. A. (2020). Corregir cinco fallas de la Ley de Empleos y Reducci\u00f3n de Impuestos (SSRN Scholarly Paper No. ID 3397387). Rochester, NY: Red de Investigaci\u00f3n en Ciencias Sociales. https:\/\/doi.org\/10.2139\/ssrn.3397387","DOI":"10.2139\/ssrn.3397387"},{"key":"6968","unstructured":"Easson, A. (2000). \u00bfSeguimos necesitando tratados fiscales? Bolet\u00edn de Documentaci\u00f3n Fiscal Internacional, 54(12), 619-625."},{"key":"6969","unstructured":"Gravelle, J. G. y Marples, D. J. (2020). Cuestiones relativas a la fiscalidad internacional de las empresas: la revisi\u00f3n de 2017 (P.L. 115-97) (No. R45186) (p\u00e1g. 49). Servicio de Investigaci\u00f3n del Congreso. https:\/\/fas.org\/sgp\/crs\/misc\/R45186.pdf."},{"key":"6970","doi-asserted-by":"crossref","unstructured":"Huizinga, H. (1996). Tributaci\u00f3n, preferencia temporal y pr\u00e9stamos internacionales a largo plazo. Springer Link, 515-522. https:\/\/doi.org\/10.1007\/BF00540220.","DOI":"10.1007\/BF00540220"},{"key":"6971","doi-asserted-by":"crossref","unstructured":"Kubicova, J. (2004). El Tratamiento y Tributaci\u00f3n de la Inversi\u00f3n Extranjera bajo el Derecho Internacional: Hacia Disciplinas Internacionales. Springer Link, 349-353. https:\/\/doi.org\/10.1057\/palgrave.jird.1800021","DOI":"10.1057\/palgrave.jird.1800021"},{"key":"6972","doi-asserted-by":"crossref","unstructured":"Lommerud, K. E., Olsen, T. E. y Straume de Runas Extra\u00f1as. (2012). Tributaci\u00f3n de Empresas e Incentivos de Fusi\u00f3n en Oligopolios Internacionales: sobre la Coordinaci\u00f3n de Pol\u00edticas Internacionales con Comercio Estrat\u00e9gico. Springer Link, 161-186. https:\/\/doi.org\/10.1007\/s10842-009-0060-7.","DOI":"10.1007\/s10842-009-0060-7"},{"key":"6973","doi-asserted-by":"crossref","unstructured":"Marques, M. y Pinho, C. (2014). Tax-treaty effects on foreign investment: Evidence from European multinationals. FinanzArchiv: Public Finance Analysis, 70(4), 527-555.","DOI":"10.1628\/001522114X685474"},{"key":"6974","doi-asserted-by":"crossref","unstructured":"Matsuoka, A. (2021). El nuevo r\u00e9gimen fiscal internacional: an\u00e1lisis desde la perspectiva del poder. Springer Link, 68. https:\/\/doi.org\/10.1007\/s43546-021-00072-7.","DOI":"10.1007\/s43546-021-00072-7"},{"key":"6975","doi-asserted-by":"crossref","unstructured":"Murthy, K. y Bhasin, N. (2015). The impact of bilateral tax treaties: A multi-country analysis of FDI inflows into India. Journal of International Trade & Economic Development, 24(6), 751-766. 10.1080\/09638199.2014.960442.","DOI":"10.1080\/09638199.2014.960442"},{"key":"6976","unstructured":"Neumayer, E. (2007). \u00bfAumentan los tratados de doble imposici\u00f3n la inversi\u00f3n extranjera directa en los pa\u00edses en desarrollo? The Journal of Development Studies, 43(8), 1501-1519."},{"key":"6977","doi-asserted-by":"crossref","unstructured":"Page, M. J., McKenzie, J. E., Bossuyt, P. M., Boutron, I., Hoffmann, T. C., Mulrow, C. D., Shamseer, L., Tetzlaff, J. M., Akl, E. A., Brennan, S. E., Chou, R., Glanville, J., Grimshaw, J. M., Hr\u00f3bjartsson, A., Lalu, M. M., Li, T., Loder, E. W., Mayo-Wilson, E., McDonald, S., \u2026 Moher, D. (2021). The PRISMA 2020 statement: An updated guideline for reporting systematic reviews. Rev Esp Cardiol, 372. https:\/\/doi.org\/10.1136\/bmj.n71.","DOI":"10.31222\/osf.io\/v7gm2_v1"},{"key":"6978","doi-asserted-by":"crossref","unstructured":"Qari, S., Konrad, K. A. y Geys, B. (2012). Patriotismo, fiscalidad y movilidad internacional. Springer Link, 695-717. https:\/\/doi.org\/10.1007\/s11127-011-9765-3.","DOI":"10.1007\/s11127-011-9765-3"},{"key":"6979","doi-asserted-by":"crossref","unstructured":"Sanchirico, C. W. (2018). La nueva preferencia fiscal de los Estados Unidos para los \u201cingresos intangibles derivados del extranjero\u201d. Tax Law Review, 4(71), 625\u2013 664. https:\/\/doi.org\/10.2139\/ssrn.3171091.","DOI":"10.2139\/ssrn.3171091"},{"key":"6980","doi-asserted-by":"crossref","unstructured":"Sato, M. y P\u00e1jaro, R. M. (1975). Aspectos Internacionales de la Tributaci\u00f3n de Sociedades An\u00f3nimas y Accionistas. Springer Link, 384-455. https:\/\/doi.org\/10.2307\/3866483.","DOI":"10.2307\/3866483"},{"key":"6981","doi-asserted-by":"crossref","unstructured":"Slemrod, J. B. (1995). Tributaci\u00f3n librecambista y tributaci\u00f3n proteccionista. Springer Link, 471-489. https:\/\/doi.org\/10.1007\/BF00872778","DOI":"10.1007\/BF00872778"}],"container-title":["Administraci\u00f3n &amp; Desarrollo"],"link":[{"URL":"https:\/\/revistas.esap.edu.co\/index.php\/admindesarro\/article\/download\/823\/653","content-type":"application\/pdf","content-version":"vor","intended-application":"text-mining"},{"URL":"https:\/\/revistas.esap.edu.co\/index.php\/admindesarro\/article\/download\/823\/662","content-type":"text\/xml","content-version":"vor","intended-application":"text-mining"},{"URL":"https:\/\/revistas.esap.edu.co\/index.php\/admindesarro\/article\/download\/823\/653","content-type":"unspecified","content-version":"vor","intended-application":"similarity-checking"}],"deposited":{"date-parts":[[2025,12,31]],"date-time":"2025-12-31T20:00:01Z","timestamp":1767211201000},"score":0.0,"resource":{"primary":{"URL":"https:\/\/revistas.esap.edu.co\/index.php\/admindesarro\/article\/view\/823"}},"issued":{"date-parts":[[2023,6,16]]},"references-count":26,"journal-issue":{"issue":"1","published-online":{"date-parts":[[2023,1,1]]}},"URL":"https:\/\/doi.org\/10.22431\/25005227.vol53n1.4","ISSN":["2500-5227","0120-3754"],"issn-type":[{"value":"2500-5227","type":"electronic"},{"value":"0120-3754","type":"print"}],"published":{"date-parts":[[2023,6,16]]}},{"indexed":{"date-parts":[[2025,12,26]],"date-time":"2025-12-26T22:12:02Z","timestamp":1766787122692,"version":"3.41.2"},"reference-count":35,"publisher":"Escuela Superior de Administracion Publica","issue":"2","license":[{"start":{"date-parts":[[2024,12,11]],"date-time":"2024-12-11T00:00:00Z","timestamp":1733875200000},"content-version":"unspecified","delay-in-days":0,"URL":"https:\/\/creativecommons.org\/licenses\/by-nc-sa\/4.0"}],"content-domain":{"domain":[],"crossmark-restriction":false},"short-container-title":["Adm. Desarro."],"abstract":"<jats:p>The origin of the tax obligation for the industry and commerce tax in Colombia was established through Decree Law 1333 of 1986. At the territorial level, the municipality of C\u00facuta issued Agreement 040 of 2010, which regulates the collection of this tax. The municipality\u2019s Department of Treasury considers it the most important tax for implementing and fulfilling the development plan. However, in 2020, due to the COVID-19 pandemic, an unforeseen economic impact occurred. The aim of this study was to establish the impact of the pandemic on the collection of the industry and commerce tax in C\u00facuta. A descriptive research approach was employed, focusing on the determination of qualitative variables, with a non-experimental design concerning the figures determining the tax collection. The results show a 26% decrease in 2020 compared to 2019. In conclusion, the findings indicate a decline in the collection of the industry and commerce tax as a consequence of the suspension of economic activities due to the COVID-19 pandemic.<\/jats:p>","DOI":"10.22431\/25005227.910","type":"journal-article","created":{"date-parts":[[2024,12,12]],"date-time":"2024-12-12T10:19:09Z","timestamp":1733998749000},"page":"e910","source":"Crossref","is-referenced-by-count":1,"title":["Incidencia de la pandemia de COVID-19 sobre el recaudo del impuesto de industria y comercio en C\u00facuta (Norte de Santander) durante el periodo 2019 - 2021","Incidence of the COVID-19 pandemic on the collection of the Industry and Commerce tax in C\u00facuta (Norte de Santander) during the period 2019 - 2021"],"prefix":"10.22431","volume":"54","author":[{"ORCID":"https:\/\/orcid.org\/0000-0001-8806-7311","authenticated-orcid":false,"given":"Jes\u00fas Alexander","family":"Pinillos Villamizar","sequence":"first","affiliation":[],"role":[{"role":"author","vocabulary":"crossref"}]},{"ORCID":"https:\/\/orcid.org\/0009-0002-0509-5523","authenticated-orcid":false,"given":"Mar\u00eda Daniela","family":"Morales Sandoval","sequence":"additional","affiliation":[],"role":[{"role":"author","vocabulary":"crossref"}]},{"ORCID":"https:\/\/orcid.org\/0009-0004-8897-8659","authenticated-orcid":false,"given":"Johan Sebasti\u00e1n","family":"Quintero Arguello","sequence":"additional","affiliation":[],"role":[{"role":"author","vocabulary":"crossref"}]}],"member":"9723","published-online":{"date-parts":[[2024,12,11]]},"reference":[{"key":"16732","unstructured":"Acuerdo 025 de 2018 (Concejo Municipal de San Jos\u00e9 de C\u00facuta). (2018, diciembre 28). Por medio del cual se adoptan modificaciones parciales a las normas tributarias del municipio de San Jos\u00e9 de C\u00facuta."},{"key":"16733","unstructured":"Arias, F. G. (2012). El proyecto de investigaci\u00f3n: Introducci\u00f3n a la metodolog\u00eda cient\u00edfica (6.\u00aa ed.). Episteme."},{"key":"16734","unstructured":"Bolet\u00edn Econ\u00f3mico Regional: Centro, I trimestre de 2021 | Banco de la Rep\u00fablica. (s. f.). Recuperado 18 de noviembre de 2024, de https:\/\/www.banrep.gov.co\/es\/boletin-economico-regional-centro-i-trimestre-2021"},{"key":"16735","unstructured":"Bernal, C. (2010). Metodolog\u00eda de la investigaci\u00f3n: Administraci\u00f3n, econom\u00eda, humanidades y ciencias sociales (3.\u00aa ed.). Pearson Educaci\u00f3n."},{"key":"16736","unstructured":"Bojac\u00e1, J. y Mantilla, N. (2022). Impacto en el recaudo del Impuesto de Industria y Comercio en el municipio de Girardot, Cundinamarca a partir de la pandemia del Covid-19 [Tesis de pregrado, Universidad Piloto de Colombia]."},{"key":"16737","unstructured":"Botia, S., Padr\u00f3n, T. y Monroy, R. (2021). Impacto del Covid-19 en el tejido empresarial en la ciudad de C\u00facuta [Trabajo de grado Especializaci\u00f3n en Alta Gerencia, Universidad Libre Seccional C\u00facuta]. https:\/\/repository.unilibre.edu.co\/bitstream\/handle\/10901\/19183\/Trabajo%20de%20grado.pdf?sequence=4&isAllowed=y"},{"key":"16738","unstructured":"C\u00e1mara de Comercio de C\u00facuta. (2019). Panorama econ\u00f3mico regional 2019."},{"key":"16739","unstructured":"C\u00e1mara de Comercio de C\u00facuta. (2021). Informe de tejido empresarial."},{"key":"16740","unstructured":"Contadur\u00eda General de la Rep\u00fablica de Colombia. (2018). Gu\u00eda para instalaci\u00f3n y operaci\u00f3n del CHIP local en Sistema Operativo Windows 10."},{"key":"16741","unstructured":"Constituci\u00f3n Pol\u00edtica de Colombia. (1991, julio 6). Colombia."},{"key":"16742","unstructured":"Decreto 1333 de 1986. (Congreso de la Rep\u00fablica de Colombia). (1986, abril 25). Por el cual se expide el C\u00f3digo de R\u00e9gimen Municipal."},{"key":"16743","unstructured":"Decreto 434 de 2020. (Ministerio de Comercio, Industria y Turismo de la Rep\u00fablica de Colombia). (2020, marzo 19). Por el cual se establecen plazos especiales para la renovaci\u00f3n de la matr\u00edcula mercantil, el RUNEOL y los dem\u00e1s registros que integran el Registro \u00danico Empresarial y Social (RUES)."},{"key":"16744","unstructured":"Decreto 417 de 2020. (Presidencia de la Rep\u00fablica de Colombia). (2020, marzo 17). Por el cual se declara un Estado de Emergencia Econ\u00f3mica, Social y Ecol\u00f3gica en todo el territorio Nacional."},{"key":"16745","unstructured":"Decreto 531 de 2020. (Presidencia de la Rep\u00fablica de Colombia). (2020, abril 15). Por la cual se adoptan medidas sobre la prestaci\u00f3n del servicio p\u00fablico de transporte y su infraestructura, dentro del Estado de Emergencia Econ\u00f3mica, Social y Ecol\u00f3gica."},{"key":"16746","unstructured":"Departamento Nacional de Planeaci\u00f3n de Colombia. (2020). Mercado laboral urbano: Resultados 2019 C\u00facuta. DNP. https:\/\/colaboracion.dnp.gov.co\/CDT\/Estudios%20Econmicos\/Informe%20Cucuta%202019.pdf"},{"key":"16747","unstructured":"Departamento Nacional de Planeaci\u00f3n de la Rep\u00fablica de Colombia. (2013). Formulario \u00danico Territorial (FUT). DNP. http:\/\/sisfut.dnp.gov.co\/Sisfut"},{"key":"16748","doi-asserted-by":"publisher","DOI":"10.24054\/face.v22i1.1477"},{"key":"16749","unstructured":"Direcci\u00f3n de Estudios Econ\u00f3micos. (2022). Mercado laboral urbano - Resultados 2021: C\u00facuta. https:\/\/colaboracion.dnp.gov.co\/CDT\/Estudios%20Econmicos\/6%20Informe%20tercer%20trimestre%20C%C3%BAcuta%202021.pdf"},{"key":"16750","unstructured":"Direcci\u00f3n General de Apoyo Fiscal. (2021). Viabilidad fiscal territorial 2021. https:\/\/www.minhacienda.gov.co\/webcenter\/ShowProperty?nodeId=%2FConexionContent%2FWCC_CLUSTER-199827%2F%2FidcPrimaryFile&revision=latestreleased"},{"key":"16751","unstructured":"Fern\u00e1ndez, C. y Fern\u00e1ndez, F. (2018). La informalidad empresarial, el pago de tributos locales y el monotributo: el caso de las microempresas en Bogot\u00e1. Estructura Tributaria de Bogot\u00e1. M\u00f3dulo 3. Fedesarrollo."},{"key":"16752","unstructured":"Hern\u00e1ndez, R., Fern\u00e1ndez, C. y Baptista, M. D. (2010). Metodolog\u00eda de la investigaci\u00f3n (5.\u00aa ed.). McGraw Hill."},{"key":"16753","unstructured":"Ley 97 de 1913. (Congreso de la Rep\u00fablica de Colombia). (1913, noviembre 24). Que da autorizaciones especiales a ciertos Concejos Municipales."},{"key":"16754","unstructured":"Ley 14 de 1983. (Congreso de la Rep\u00fablica de Colombia). (1983, junio 6). Por la cual se fortalecen los fiscos de las entidades territoriales y se dictan otras disposiciones."},{"key":"16755","unstructured":"Observatorio Econ\u00f3mico de la C\u00e1mara de Comercio de C\u00facuta. (2020). Estudio de tejido empresarial de 2020. http:\/\/datacucuta.com\/images\/ESTUDIOTEJIDOEMPRESARIAL.pdf"},{"key":"16756","doi-asserted-by":"publisher","DOI":"10.33386\/593dp.2021.6.710"},{"key":"16757","unstructured":"Palomo, C. (2021). El recaudo de impuestos tributarios en el municipio de Neiva vigencia 2016\u20132020 dado el covid19 [Trabajo de grado, EAN]."},{"key":"16758","doi-asserted-by":"publisher","DOI":"10.18041\/2215-8944\/academia.19.6016"},{"key":"16759","unstructured":"Peri\u00f3dico La Opini\u00f3n. (2017). C\u00facuta report\u00f3 un recaudo hist\u00f3rico de impuestos. https:\/\/www.laopinion.co\/cucuta\/cucuta-reporto-un-recaudo-historico-de-impuestos"},{"key":"16760","unstructured":"Qui\u00f1ones, A. (2009). El impuesto de industria y comercio como un impuesto sobre la renta local. Tesis doctoral. Universidad de Salamanca."},{"key":"16761","unstructured":"Resoluci\u00f3n 022 de 2021. (Secretar\u00eda de Hacienda Municipal de San Jos\u00e9 de C\u00facuta). (2021, mayo 1). Mediante la cual se ampl\u00eda el plazo para la presentaci\u00f3n y pago de la declaraci\u00f3n privada del impuesto de industria y comercio, avisos y tableros del a\u00f1o gravable 2020 y se modifica el lugar de presentaci\u00f3n."},{"key":"16762","unstructured":"Resoluci\u00f3n 085 de 2018. (Alcald\u00eda Municipal de San Jos\u00e9 de C\u00facuta). (2018, diciembre 28). Por la cual se establece el calendario tributario para el a\u00f1o 2019 en el municipio de San Jos\u00e9 de C\u00facuta."},{"key":"16763","unstructured":"Resoluci\u00f3n 022 de 2021. (Alcald\u00eda Municipal de San Jos\u00e9 de C\u00facuta). (2021, mayo 31). Mediante la cual se ampl\u00eda el plazo para la presentaci\u00f3n y pago de la declaraci\u00f3n privada del impuesto de industria y comercio, avisos y tableros del a\u00f1o gravable 2020 y se modifica el lugar de presentaci\u00f3n."},{"key":"16764","unstructured":"Resoluci\u00f3n 0054 de 2019. (Alcald\u00eda Municipal de San Jos\u00e9 de C\u00facuta). (2019, diciembre 17). Por la cual se establece el calendario tributario para el a\u00f1o 2020 en el municipio de San Jos\u00e9 de C\u00facuta."},{"key":"16765","unstructured":"S\u00e1enz, J. (2023). Impacto del covid en el a\u00f1o 2020 sobre el recaudo del impuesto predial y de industria y comercio en el municipio de Guataqu\u00ed, Cundinamarca. Revista Aula Contable, 7(12)."},{"key":"16766","unstructured":"Vila, N., Su\u00e1rez, L. y D\u00edaz, N. (2020). Beneficios tributarios para incentivar el recaudo de impuestos en C\u00facuta 2014-2018. Revista Gesti\u00f3n y Desarrollo Libre, 5(10), 162-184."}],"container-title":["Administraci\u00f3n &amp; Desarrollo"],"link":[{"URL":"https:\/\/revistas.esap.edu.co\/index.php\/admindesarro\/article\/download\/910\/785","content-type":"application\/pdf","content-version":"vor","intended-application":"text-mining"},{"URL":"https:\/\/revistas.esap.edu.co\/index.php\/admindesarro\/article\/download\/910\/791","content-type":"text\/xml","content-version":"vor","intended-application":"text-mining"},{"URL":"https:\/\/revistas.esap.edu.co\/index.php\/admindesarro\/article\/download\/910\/785","content-type":"unspecified","content-version":"vor","intended-application":"similarity-checking"}],"deposited":{"date-parts":[[2025,7,9]],"date-time":"2025-07-09T16:05:09Z","timestamp":1752077109000},"score":0.0,"resource":{"primary":{"URL":"https:\/\/revistas.esap.edu.co\/index.php\/admindesarro\/article\/view\/910"}},"issued":{"date-parts":[[2024,12,11]]},"references-count":35,"journal-issue":{"issue":"2","published-online":{"date-parts":[[2024,7,1]]}},"URL":"https:\/\/doi.org\/10.22431\/25005227.910","ISSN":["2500-5227","0120-3754"],"issn-type":[{"type":"electronic","value":"2500-5227"},{"type":"print","value":"0120-3754"}],"published":{"date-parts":[[2024,12,11]]}},{"indexed":{"date-parts":[[2025,11,6]],"date-time":"2025-11-06T16:40:16Z","timestamp":1762447216548,"version":"build-2065373602"},"reference-count":0,"publisher":"Escuela Superior de Administracion Publica","issue":"1","license":[{"start":{"date-parts":[[2017,6,30]],"date-time":"2017-06-30T00:00:00Z","timestamp":1498780800000},"content-version":"unspecified","delay-in-days":0,"URL":"http:\/\/creativecommons.org\/licenses\/by-nc-nd\/4.0"}],"content-domain":{"domain":[],"crossmark-restriction":false},"short-container-title":["Adm. Desarro."],"abstract":"<jats:p>En este art\u00edculo se examinan cr\u00edticamente los presupuestos sobre los cuales se estructuran y promueven iniciativas de educaci\u00f3n financiera en el mundo, con especial referencia a la estrategia nacional de educaci\u00f3n econ\u00f3mica y financiera que se est\u00e1 implementando en Colombia. Estas iniciativas se difunden a partir de las directrices sobre buenas pr\u00e1cticas expedidas por la Organizaci\u00f3n para la Cooperaci\u00f3n y el Desarrollo Econ\u00f3micos (OCDE) en 2005, as\u00ed como con base en documentos de pol\u00edtica elaborados desde instancias internacionales como el Banco Mundial y el Banco Interamericano de Desarrollo. Este an\u00e1lisis devela el sentido estrat\u00e9gico y pol\u00edtico de la \u201calfabetizaci\u00f3n financiera\u201d y revela los efectos de poder del saber relacionado con el desarrollo de habilidades financieras. Visibiliza el trasfondo de la racionalidad econ\u00f3mica neoliberal en la justificaci\u00f3n sobre la conveniencia de la educaci\u00f3n financiera y en la formaci\u00f3n de un sujeto financiero determinado.\u00a0<\/jats:p>","DOI":"10.22431\/25005227.311","type":"journal-article","created":{"date-parts":[[2017,8,28]],"date-time":"2017-08-28T10:00:28Z","timestamp":1503914428000},"page":"29-40","source":"Crossref","is-referenced-by-count":0,"title":["La invenci\u00f3n del sujeto financiero"],"prefix":"10.22431","volume":"47","author":[{"given":"Felipe","family":"Galvis Castro","sequence":"first","affiliation":[],"role":[{"role":"author","vocabulary":"crossref"}]}],"member":"9723","published-online":{"date-parts":[[2017,6,30]]},"container-title":["Administraci\u00f3n &amp; Desarrollo"],"link":[{"URL":"https:\/\/revistas.esap.edu.co\/index.php\/admindesarro\/article\/download\/311\/pdf","content-type":"application\/pdf","content-version":"vor","intended-application":"text-mining"},{"URL":"https:\/\/revistas.esap.edu.co\/index.php\/admindesarro\/article\/download\/311\/pdf","content-type":"unspecified","content-version":"vor","intended-application":"similarity-checking"}],"deposited":{"date-parts":[[2025,11,6]],"date-time":"2025-11-06T16:36:54Z","timestamp":1762447014000},"score":0.0,"resource":{"primary":{"URL":"https:\/\/revistas.esap.edu.co\/index.php\/admindesarro\/article\/view\/311"}},"issued":{"date-parts":[[2017,6,30]]},"references-count":0,"journal-issue":{"issue":"1","published-online":{"date-parts":[[2017,6,30]]}},"URL":"https:\/\/doi.org\/10.22431\/25005227.311","ISSN":["2500-5227","0120-3754"],"issn-type":[{"type":"electronic","value":"2500-5227"},{"type":"print","value":"0120-3754"}],"published":{"date-parts":[[2017,6,30]]}},{"indexed":{"date-parts":[[2022,4,4]],"date-time":"2022-04-04T18:29:50Z","timestamp":1649096990631},"reference-count":0,"publisher":"Escuela Superior de Administracion Publica","issue":"57","license":[{"start":{"date-parts":[[2013,11,1]],"date-time":"2013-11-01T00:00:00Z","timestamp":1383264000000},"content-version":"unspecified","delay-in-days":0,"URL":"http:\/\/creativecommons.org\/licenses\/by-nc-nd\/4.0"}],"content-domain":{"domain":[],"crossmark-restriction":false},"short-container-title":["Adm. Desarro."],"abstract":"<jats:p>\u00bfPueden los gobiernos locales desempe\u00f1ar un papel proactivo en el desarrollo econ\u00f3mico y en la reducci\u00f3n de la pobreza en Latinoam\u00e9rica? Al parecer, los procesos de reformas de descentralizaci\u00f3n de las d\u00e9cadas de los ochenta y noventa se encuentran inacabados (Finot, 2001; Tulchin y Selee, 2004 y Wiesner, 2003). Los responsables de la pol\u00edtica fiscal no tienen a\u00fan un tratamiento coherente del federalismo fiscal (Rondinelli, 1981 y Falleti, 2005). Polit\u00f3logos y economistas se\u00f1alan que la falta de desarrollo de los gobiernos locales para aumentar su autonom\u00eda fiscal se debe a la incapacidad administrativa en el \u00e1mbito local (Campbell, 2003; Tulchin y Selee, 2004; Rosenbaum y Rodr\u00edguez, 2006). Este trabajo examina los efectos del proceso de descentralizaci\u00f3n en Latinoam\u00e9rica, describe el papel de los gobiernos locales en la aplicaci\u00f3n de programas de transferencias condicionadas de efectivo, enfatiza las tensiones actuales intergubernamentales y ofrece recomendaciones de pol\u00edtica para promover la autonom\u00eda local. Por \u00faltimo, el documento examina la pol\u00edtica en materia de emisi\u00f3n de bonos municipales en M\u00e9xico y Argentina para mostrar c\u00f3mo algunas municipalidades est\u00e1n financiando sus presupuestos locales. Los resultados de esta investigaci\u00f3n est\u00e1n basados en un n\u00famero considerable de entrevistas que se llevaron a cabo con especialistas en finanzas, presidentes municipales y autoridades locales.<\/jats:p>","DOI":"10.22431\/25005227.117","type":"journal-article","created":{"date-parts":[[2017,7,5]],"date-time":"2017-07-05T16:06:06Z","timestamp":1499270766000},"page":"45-58","source":"Crossref","is-referenced-by-count":0,"title":["Descentralizaci\u00f3n fiscal y capacidad de gobiernos locales: los casos de M\u00e9xico y Argentina 1990-2010."],"prefix":"10.22431","volume":"41","author":[{"given":"Heidi","family":"Smith","sequence":"first","affiliation":[],"role":[{"role":"author","vocabulary":"crossref"}]}],"member":"9723","published-online":{"date-parts":[[2013,11,1]]},"container-title":["Administraci\u00f3n &amp; Desarrollo"],"link":[{"URL":"https:\/\/revistas.esap.edu.co\/index.php\/admindesarro\/article\/download\/117\/pdf","content-type":"application\/pdf","content-version":"vor","intended-application":"text-mining"},{"URL":"https:\/\/revistas.esap.edu.co\/index.php\/admindesarro\/article\/download\/117\/pdf","content-type":"unspecified","content-version":"vor","intended-application":"similarity-checking"}],"deposited":{"date-parts":[[2021,11,12]],"date-time":"2021-11-12T19:11:51Z","timestamp":1636744311000},"score":0.0,"resource":{"primary":{"URL":"https:\/\/revistas.esap.edu.co\/index.php\/admindesarro\/article\/view\/117"}},"issued":{"date-parts":[[2013,11,1]]},"references-count":0,"journal-issue":{"issue":"57","published-online":{"date-parts":[[2013,11,1]]}},"URL":"https:\/\/doi.org\/10.22431\/25005227.117","ISSN":["2500-5227","0120-3754"],"issn-type":[{"value":"2500-5227","type":"electronic"},{"value":"0120-3754","type":"print"}],"published":{"date-parts":[[2013,11,1]]}},{"indexed":{"date-parts":[[2025,11,6]],"date-time":"2025-11-06T16:36:56Z","timestamp":1762447016033,"version":"build-2065373602"},"reference-count":0,"publisher":"Escuela Superior de Administracion Publica","issue":"52","license":[{"start":{"date-parts":[[2010,12,1]],"date-time":"2010-12-01T00:00:00Z","timestamp":1291161600000},"content-version":"unspecified","delay-in-days":0,"URL":"http:\/\/creativecommons.org\/licenses\/by-nc-nd\/4.0"}],"content-domain":{"domain":[],"crossmark-restriction":false},"short-container-title":["Adm. Desarro."],"abstract":"<jats:p>This article focuses on the need for cooperation amongst companies. Clustering is an expression of inter-organisational cooperation which has been studied in depth by NeoSchumpeterian thinking and specialises in the flow of products, services, capitals, workers and knowledge amongst the different agents comprising countries\u00bf production sectors. Forming clusters provides each participating agent with a series of advantages which they would hardly achieve if acting separately. Companies can obtain greater flexibility and a more efficient and accurate access to new knowledge through cooperation applied to the many activities involved in the value chain, - all of which could redound to optimising competitiveness.<\/jats:p>","DOI":"10.22431\/25005227.160","type":"journal-article","created":{"date-parts":[[2017,7,5]],"date-time":"2017-07-05T12:06:06Z","timestamp":1499256366000},"page":"131-144","source":"Crossref","is-referenced-by-count":0,"title":["Una aportaci\u00f3n neoschumpeteriana al estudio de la cooperaci\u00f3n entre empresas: la complejidad, el caos y las rutinas como elementos potenciadores","A schumpeterian contribution towards studying cooperation between firms: complexity, chaos and routines as enhancers"],"prefix":"10.22431","volume":"38","author":[{"given":"Sergio","family":"Berumen Arellano","sequence":"first","affiliation":[],"role":[{"role":"author","vocabulary":"crossref"}]}],"member":"9723","published-online":{"date-parts":[[2010,12,1]]},"container-title":["Administraci\u00f3n &amp; Desarrollo"],"link":[{"URL":"https:\/\/revistas.esap.edu.co\/index.php\/admindesarro\/article\/download\/160\/pdf","content-type":"application\/pdf","content-version":"vor","intended-application":"text-mining"},{"URL":"https:\/\/revistas.esap.edu.co\/index.php\/admindesarro\/article\/download\/160\/pdf","content-type":"unspecified","content-version":"vor","intended-application":"similarity-checking"}],"deposited":{"date-parts":[[2025,11,6]],"date-time":"2025-11-06T16:34:15Z","timestamp":1762446855000},"score":0.0,"resource":{"primary":{"URL":"https:\/\/revistas.esap.edu.co\/index.php\/admindesarro\/article\/view\/160"}},"issued":{"date-parts":[[2010,12,1]]},"references-count":0,"journal-issue":{"issue":"52","published-online":{"date-parts":[[2010,12,1]]}},"URL":"https:\/\/doi.org\/10.22431\/25005227.160","ISSN":["2500-5227","0120-3754"],"issn-type":[{"type":"electronic","value":"2500-5227"},{"type":"print","value":"0120-3754"}],"published":{"date-parts":[[2010,12,1]]}},{"indexed":{"date-parts":[[2025,11,6]],"date-time":"2025-11-06T16:49:32Z","timestamp":1762447772680,"version":"build-2065373602"},"reference-count":0,"publisher":"Escuela Superior de Administracion Publica","issue":"67","license":[{"start":{"date-parts":[[2014,12,1]],"date-time":"2014-12-01T00:00:00Z","timestamp":1417392000000},"content-version":"unspecified","delay-in-days":0,"URL":"http:\/\/creativecommons.org\/licenses\/by-nc-nd\/4.0"}],"content-domain":{"domain":[],"crossmark-restriction":false},"short-container-title":["Nova vetera"],"abstract":"<jats:p>En este art\u00edculo se reflexiona en torno a las formas y expresiones de poder que docentes y estudiantes vinculados a la instituci\u00f3n escolar desarrollan para contrarrestar aquellas actitudes o comportamientos \u201cno varoniles\u201d proyectados por alumnos y compa\u00f1eros de clase. Esto debido a que la escuela, como dispositivo* social, favorece la producci\u00f3n y regulaci\u00f3n de las identidades sexuales desde la prescripci\u00f3n y proscripci\u00f3n de roles, emociones y actitudes asociados a las expectativas de g\u00e9nero.<\/jats:p>","DOI":"10.22431\/25005103.28","type":"journal-article","created":{"date-parts":[[2017,7,5]],"date-time":"2017-07-05T15:34:05Z","timestamp":1499268845000},"page":"104-113","source":"Crossref","is-referenced-by-count":0,"title":["Masculinidad gay en la escuela. Educaci\u00f3n, sujetos y subjetividad"],"prefix":"10.22431","volume":"23","author":[{"given":"Jos\u00e9 Miguel","family":"Segura Guti\u00e9rrez","sequence":"first","affiliation":[],"role":[{"role":"author","vocabulary":"crossref"}]}],"member":"9723","published-online":{"date-parts":[[2014,12,1]]},"container-title":["Nova et Vetera"],"link":[{"URL":"https:\/\/revistas.esap.edu.co\/index.php\/novaetvetera\/article\/download\/28\/32","content-type":"application\/pdf","content-version":"vor","intended-application":"text-mining"},{"URL":"https:\/\/revistas.esap.edu.co\/index.php\/novaetvetera\/article\/download\/28\/32","content-type":"unspecified","content-version":"vor","intended-application":"similarity-checking"}],"deposited":{"date-parts":[[2025,11,6]],"date-time":"2025-11-06T16:45:03Z","timestamp":1762447503000},"score":0.0,"resource":{"primary":{"URL":"https:\/\/revistas.esap.edu.co\/index.php\/novaetvetera\/article\/view\/28"}},"issued":{"date-parts":[[2014,12,1]]},"references-count":0,"journal-issue":{"issue":"67","published-online":{"date-parts":[[2014,12,1]]}},"URL":"https:\/\/doi.org\/10.22431\/25005103.28","ISSN":["2500-5103","0123-2614"],"issn-type":[{"type":"electronic","value":"2500-5103"},{"type":"print","value":"0123-2614"}],"published":{"date-parts":[[2014,12,1]]}},{"indexed":{"date-parts":[[2025,12,19]],"date-time":"2025-12-19T22:09:34Z","timestamp":1766182174150,"version":"build-2065373602"},"reference-count":0,"publisher":"Escuela Superior de Administracion Publica","issue":"29","license":[{"start":{"date-parts":[[2023,9,13]],"date-time":"2023-09-13T00:00:00Z","timestamp":1694563200000},"content-version":"unspecified","delay-in-days":0,"URL":"https:\/\/creativecommons.org\/licenses\/by-nc-nd\/4.0"}],"content-domain":{"domain":[],"crossmark-restriction":false},"short-container-title":["Nova vetera"],"abstract":"<jats:p>In this article, a historical exploration was made of the background of the thirty rights that were embodied in 1948 in the Universal Declaration of Human Rights, signed by the UN to generate reflections on its effective applicability and for the fulfillment of the purposes of the statement. A documentary review of authors was carried out between 2017 and 2022 to analyze from different perspectives the causes and consequences of world wars, and the value of international instruments created for the protection of these rights. Each of the thirty rights was exemplified to show how all the world's phenomena are interconnected, that nothing is isolated, and that everything produces an impact.<\/jats:p>","DOI":"10.22431\/25005103.n29.1","type":"journal-article","created":{"date-parts":[[2023,9,13]],"date-time":"2023-09-13T16:10:06Z","timestamp":1694621406000},"source":"Crossref","is-referenced-by-count":1,"title":["Interconexiones de los treinta derechos: antecedentes y actualidad","Reflections of the thirty rights: background and present"],"prefix":"10.22431","author":[{"ORCID":"https:\/\/orcid.org\/0000-0001-8167-6181","authenticated-orcid":false,"given":"Maria Fernanda","family":"Molano Giraldo","sequence":"first","affiliation":[],"role":[{"role":"author","vocabulary":"crossref"}]}],"member":"9723","published-online":{"date-parts":[[2023,9,13]]},"container-title":["Nova et Vetera"],"link":[{"URL":"https:\/\/revistas.esap.edu.co\/index.php\/novaetvetera\/article\/download\/841\/675","content-type":"text\/xml","content-version":"vor","intended-application":"text-mining"},{"URL":"https:\/\/revistas.esap.edu.co\/index.php\/novaetvetera\/article\/download\/841\/694","content-type":"application\/pdf","content-version":"vor","intended-application":"text-mining"},{"URL":"https:\/\/revistas.esap.edu.co\/index.php\/novaetvetera\/article\/download\/841\/694","content-type":"unspecified","content-version":"vor","intended-application":"similarity-checking"}],"deposited":{"date-parts":[[2025,11,6]],"date-time":"2025-11-06T16:47:56Z","timestamp":1762447676000},"score":0.0,"resource":{"primary":{"URL":"https:\/\/revistas.esap.edu.co\/index.php\/novaetvetera\/article\/view\/841"}},"issued":{"date-parts":[[2023,9,13]]},"references-count":0,"journal-issue":{"issue":"29","published-online":{"date-parts":[[2023,9,13]]}},"URL":"https:\/\/doi.org\/10.22431\/25005103.n29.1","ISSN":["2500-5103","0123-2614"],"issn-type":[{"type":"electronic","value":"2500-5103"},{"type":"print","value":"0123-2614"}],"published":{"date-parts":[[2023,9,13]]}},{"indexed":{"date-parts":[[2025,11,6]],"date-time":"2025-11-06T16:51:27Z","timestamp":1762447887547,"version":"build-2065373602"},"reference-count":0,"publisher":"Escuela Superior de Administracion Publica","issue":"28","license":[{"start":{"date-parts":[[2019,12,29]],"date-time":"2019-12-29T00:00:00Z","timestamp":1577577600000},"content-version":"unspecified","delay-in-days":0,"URL":"http:\/\/creativecommons.org\/licenses\/by-nc-nd\/4.0"}],"content-domain":{"domain":[],"crossmark-restriction":false},"short-container-title":["Nova vetera"],"abstract":"<jats:p>This article aims to show how the social security integration process and its legal impact on Human Rights originate from Public International Law. The contextual framework to develop this work is constituted by the international agreement between the Republic of Colombia and the Kingdom of Spain. The work carries out an analysis as well as a recount of the historical and political reality in which the agreement originated. This analysis and historical documentation allows us to show that the process of political rapprochement is generated with a view to guaranteeing the protection of Human Rights through social security. However, the validity and good disposition of the Colombian State and the Spanish State, it is disconcerting that the process of integration in social security is not very effective among the citizens of both States. Mainly, the effectiveness or efficiency is not observed since the few statistical records allow us to infer that the mechanisms for promoting the agreement have not been accepted as essential in the national political agendas. Thus, in this paper the hypothesis is taken for granted that there are well-founded reasons to attribute the success or failure of attempts at integration into social security in the agreement under study to the rulers of the day. To develop the theme, this work is divided into three chapters. The first gives an account of the social background in Colombia prior to the signing of the agreement. In the second, the normative provisions that were enshrined in the agreement are presented, and in the third, an analysis is made of the results of the application of this agreement from what happened in Colombia. Finally, this work concludes that the integration process encounters administrative and logistical barriers that do not captivate the interest of its citizens to make effective the validation of the weeks of pension contributions. These barriers are presented in the inefficiency of the State officials in charge of carrying out the procedures once the request is filed. All these compelling reasons do not allow us to speak of a protection of Human Rights through social security.<\/jats:p>","DOI":"10.22431\/25005103.n28.4","type":"journal-article","created":{"date-parts":[[2022,12,29]],"date-time":"2022-12-29T01:15:54Z","timestamp":1672276554000},"page":"56-71","source":"Crossref","is-referenced-by-count":0,"title":["An\u00e1lisis en perspectiva de Derechos Humanos del Convenio sobre Seguridad Social entre la Rep\u00fablica de Colombia y el Reino de Espa\u00f1a","Human Rights Perspective Analysis of the Agreement on Social Security between the Republic of Colombia and the Kingdom of Spain"],"prefix":"10.22431","author":[{"ORCID":"https:\/\/orcid.org\/0000-0002-4995-1777","authenticated-orcid":false,"given":"Jos\u00e9 Luis","family":"Osorio Mu\u00f1oz","sequence":"first","affiliation":[],"role":[{"role":"author","vocabulary":"crossref"}]},{"ORCID":"https:\/\/orcid.org\/0000-0001-8831-6648","authenticated-orcid":false,"given":"Luis Alberto","family":"Sierra Pajoy","sequence":"additional","affiliation":[],"role":[{"role":"author","vocabulary":"crossref"}]}],"member":"9723","published-online":{"date-parts":[[2019,12,29]]},"container-title":["Nova et Vetera"],"link":[{"URL":"https:\/\/revistas.esap.edu.co\/index.php\/novaetvetera\/article\/download\/801\/649","content-type":"application\/pdf","content-version":"vor","intended-application":"text-mining"},{"URL":"https:\/\/revistas.esap.edu.co\/index.php\/novaetvetera\/article\/download\/801\/649","content-type":"unspecified","content-version":"vor","intended-application":"similarity-checking"}],"deposited":{"date-parts":[[2025,11,6]],"date-time":"2025-11-06T16:47:54Z","timestamp":1762447674000},"score":0.0,"resource":{"primary":{"URL":"https:\/\/revistas.esap.edu.co\/index.php\/novaetvetera\/article\/view\/801"}},"issued":{"date-parts":[[2019,12,29]]},"references-count":0,"journal-issue":{"issue":"28","published-online":{"date-parts":[[2019,12,29]]}},"URL":"https:\/\/doi.org\/10.22431\/25005103.n28.4","ISSN":["2500-5103","0123-2614"],"issn-type":[{"type":"electronic","value":"2500-5103"},{"type":"print","value":"0123-2614"}],"published":{"date-parts":[[2019,12,29]]}},{"indexed":{"date-parts":[[2025,5,14]],"date-time":"2025-05-14T07:41:25Z","timestamp":1747208485752,"version":"3.40.5"},"reference-count":51,"publisher":"Escuela Superior de Administracion Publica","issue":"2","license":[{"start":{"date-parts":[[2018,12,1]],"date-time":"2018-12-01T00:00:00Z","timestamp":1543622400000},"content-version":"unspecified","delay-in-days":0,"URL":"http:\/\/creativecommons.org\/licenses\/by-nc-nd\/4.0"}],"content-domain":{"domain":[],"crossmark-restriction":false},"short-container-title":["Adm. Desarro."],"abstract":"<jats:p>La ley 1448 del 2011 (Ley de V\u00edctimas y Restituci\u00f3n de Tierras) fue una apuesta del gobierno del expresidente Juan Manuel Santos por el cumplimiento de los est\u00e1ndares internacionales en materia de reparaci\u00f3n integral con miras a incrementar la legitimidad y confianza de la comunidad internacional hacia los acuerdos de paz suscritos en 2016 entre el gobierno y las FARC. Ahora bien, el presente art\u00edculo pretende dar cuenta de c\u00f3mo se han sedimentado los est\u00e1ndares internacionales que orientan los modelos de justicia transicional desde los marcos te\u00f3ricos de la gobernanza. Seguidamente, se aborda el an\u00e1lisis institucional de la Ley de V\u00edctimas y Restituci\u00f3n de Tierras a la luz de los est\u00e1ndares internacionales relacionados anteriormente. En ese contexto, se concluye que los actores p\u00fablicos y privados impactan de diferentes formas la construcci\u00f3n y configuraci\u00f3n de los est\u00e1ndares internacionales de justicia transicional y reparaci\u00f3n integral, dando cuenta de las l\u00f3gicas y estrategias de los modelos de gobernanza global.Finalmente, se precisa que, si bien el dise\u00f1o institucional de la ley 1448 de 2011 logra un avance importante en el cumplimiento de los est\u00e1ndares internacionales de reparaci\u00f3n integral, su implementaci\u00f3n y operacionalizaci\u00f3n no ha cumplido con el prop\u00f3sito de proteger y reparar integralmente a las v\u00edctimas del conflicto armado colombiano.<\/jats:p>","DOI":"10.22431\/25005227.vol48n2.1","type":"journal-article","created":{"date-parts":[[2021,11,7]],"date-time":"2021-11-07T20:52:27Z","timestamp":1636318347000},"page":"7-45","source":"Crossref","is-referenced-by-count":0,"title":["La Gobernanza y su incidencia en los est\u00e1ndares internacionales de justicia transicional: an\u00e1lisis de la Ley 1448 de 2001"],"prefix":"10.22431","volume":"48","author":[{"ORCID":"https:\/\/orcid.org\/0000-0002-1256-639X","authenticated-orcid":false,"given":"Andr\u00e9s Mauricio","family":"Valdivieso Collazos","sequence":"first","affiliation":[],"role":[{"role":"author","vocabulary":"crossref"}]},{"ORCID":"https:\/\/orcid.org\/0000-0002-7161-1365","authenticated-orcid":false,"given":"Ricardo","family":"Garc\u00eda Brice\u00f1o","sequence":"additional","affiliation":[],"role":[{"role":"author","vocabulary":"crossref"}]}],"member":"9723","published-online":{"date-parts":[[2018,12,1]]},"reference":[{"unstructured":"Beck, U., Giddens, A. & Lash, S. (1997). Modernizaci\u00f3n reflexiva. Pol\u00edtica, tradici\u00f3n y est\u00e9tica en el orden social moderno. Citado por Almaraz, J. Dimensiones sociales de la globalizaci\u00f3n, los procesos globales y la pol\u00edtica en la sociedad del riesgo.","key":"346"},{"unstructured":"Botero, C. & Restrepo, E. (2006). Est\u00e1ndares internacionales y procesos de transici\u00f3n en Colombia. Citado por Uprimmy, R., Botero, C., Restrepo, E. & Saffon, M. (2006). \u00bfJusticia transicional sin transici\u00f3n? Verdad, justicia y reparaci\u00f3n para Colombia. DeJusticia: Bogot\u00e1.","key":"347"},{"unstructured":"Brown, C. (2002). \u201cEl r\u00e9gimen internacional contempor\u00e1neo de derechos humanos\u201d. Revista Acad\u00e9mica de Relaciones Internacionales (1). GERI \u2013 UAM.(2005) \u201cEl r\u00e9gimen internacional contempor\u00e1neo de derechos humanos\u201d. Revista Acad\u00e9mica de Relaciones Internacionales (1). GERI \u2013 UAM.","key":"348"},{"unstructured":"Can\u00e7ado, A. & Santiago, R. (2003). \u201cReflexiones sobre el Desarraigo como Problema de Derechos Humanos frente a la Conciencia Jur\u00eddica Internacional\u201d. En: La nueva dimensi\u00f3n de las necesidades de protecci\u00f3n del ser humano en el inicio del siglo XXI, pp 68-100. Corte Interamericana de Derechos Humanos: San Jos\u00e9.","key":"349"},{"unstructured":"Casas, A. & Herrera, G. (2008). \u201cEl juego pol\u00edtico de las reparaciones: un marco anal\u00edtico de las reparaciones en procesos de justicia transicional\u201d. Revista Papel Pol\u00edtico. 13 (1). Bogot\u00e1.","key":"350"},{"unstructured":"Comisi\u00f3n Colombiana de Juristas (2012a). Colombia: Informe sobre la implementaci\u00f3n de las medidas de restituci\u00f3n de tierras de la poblaci\u00f3n desplazada contempladas en la Ley de V\u00edctimas. Coljuristas: Bogot\u00e1. Recuperado de http:\/\/www.coljuristas.org\/documentos\/libros_e_informes\/inf_2012_n3.pdf","key":"351"},{"unstructured":"Comisi\u00f3n Colombiana de Juristas (2012b). Colombia: sigue esperando la hora de los derechos humanos Informe sobre la situaci\u00f3n de derechos humanos y derecho humanitario. Coljuristas: Bogot\u00e1 D.C. Recuperado de http:\/\/www.coljuristas.org\/documentos\/libros_e_informes\/colombia_2010-2012.pdf","key":"352"},{"unstructured":"Corporaci\u00f3n Nuevo Arco Iris (2012). Ley de v\u00edctimas y restituci\u00f3n de tierras, un a\u00f1o de ajustes. Recuperado de http:\/\/www.arcoiris.com.co\/2012\/08\/ley-de-victimas-y-restitucion-de-tierras-un-ano-de-ajustes\/","key":"353"},{"unstructured":"Cuervo, J., Bechara, E. & Hinestroza, V. (2007). \u201cJusticia transicional: modelos y experiencias internacionales. A prop\u00f3sito de la Ley de Justicia y Paz\u201d. Serie Pretextos (32). Universidad Externado de Colombia: Bogot\u00e1.","key":"354"},{"unstructured":"De Greiff, P. (2005). \u201cReparaci\u00f3n de v\u00edctimas en proceso de paz\u201d. Cuadernos del conflicto. Justicia, Verdad y Reparaci\u00f3n en medio del conflicto. Legis, Fundaci\u00f3n Ideas para la Paz: Bogot\u00e1.","key":"355"},{"unstructured":"Delgado, C. F. R. (2015). Los momentos de la justicia transicional en Colombia. Revista de Derecho (43), pp. 71-109.","key":"356"},{"unstructured":"Dussel, E. (2005). \u00bfUna gobernanza global ante la creciente polarizaci\u00f3n territorial internacional? Recuperado de www.nuevasociedad.com","key":"357"},{"unstructured":"Escobar Solano, J. (2008). \u201cGlobalizaci\u00f3n del Derecho, Producci\u00f3n Legislativa y Transformaci\u00f3n del Estado en Colombia\u201d. Revista Papel Pol\u00edtico, 13 (2). Bogot\u00e1.","key":"358"},{"unstructured":"Giraldo, J. (1991). Irresponsabilidad Estatal en pol\u00edticas de derechos humanos. Recuperado de http:\/\/www.javiergiraldo.org\/spip.php?article20","key":"359"},{"unstructured":"Habermas, J. (1992). Teor\u00eda de la acci\u00f3n comunicativa Tomo I. Racionalidad de la acci\u00f3n y Racionalizaci\u00f3n social. Editorial Taurus: Buenos Aires.","key":"360"},{"unstructured":"Habermas, J. (2004). Der gespaltene Westen, Frankfurt am main, Suhrkamp. Citado por Pastrana, E. (2005). \u201cExtinci\u00f3n o reinvenci\u00f3n del Estado naci\u00f3n frente a los desaf\u00edos globales\u201d. Desaf\u00edos (12). CEPI","key":"361"},{"unstructured":"Held, D. (2002). Transformaciones globales: pol\u00edtica, econom\u00eda y cultura. Oxford Press: M\u00e9xico.(2006). \u201cRetos globales redefinir la gobernabilidad global\u201d. En: Sanabria, V. (Trad.) Revista An\u00e1lisis Pol\u00edtico: Bogot\u00e1.","key":"362"},{"unstructured":"Held, D. & Mcgrew, A. (2003). Globalization. Sobre la reconstrucci\u00f3n del orden mundial. Paid\u00f3s: Barcelona. Citado por Zamora, J. \u201cContradicciones de la globalizaci\u00f3n\u201d. Revista telem\u00e1tica de filosof\u00eda del derecho (10). Recuperado de www.filosofiayderecho.com\/rtfd\/numero10\/6-10.pdf","key":"363"},{"unstructured":"Herrera, C. & Torres, S. (2005). \u201cReconciliaci\u00f3n y Justicia Transicional: Opciones de Justicia, Verdad, Reparaci\u00f3n y Perd\u00f3n\u201d. Revista Papel Pol\u00edtico. 18. Bogot\u00e1.","key":"364"},{"unstructured":"Hirst, P. & Thompson, G. (1996). \u201cGlobalization in Question\u201d. En: Bodemer, K. (1998). La globalizaci\u00f3n un concepto y sus problemas. Nueva Sociedad (156).","key":"365"},{"unstructured":"Human Rights Watch (2011). \u201cColombia: la ley de v\u00edctimas ofrece una oportunidad hist\u00f3rica\u201d. En: ICTJ (2012). El papel de la ICTJ. Recuperado de http:\/\/ictj.org\/es\/our-work\/regions-and-countries\/colombia","key":"366"},{"unstructured":"Joinet, L. (1997). ONU, Comisi\u00f3n de Derechos Humanos, 49 periodos de sesiones, informe final revisado acerca de la cuesti\u00f3n de la impunidad de los autores de violaciones de los derechos humanos con la resoluci\u00f3n 1996\/119 de la subcomisi\u00f3n, Doc. E\/ CN.4\/sub.2\/1997\/20\/rev.1, anexo II.","key":"367"},{"unstructured":"Kaldor, M. (2005). La sociedad Civil Global, una respuesta a la guerra. 1ra Edici\u00f3n enero","key":"368"},{"unstructured":"Keohane, R. (1984). International Institutions and State Power. Westview Press.","key":"369"},{"unstructured":"Keohane, R. & Nye, H. (1977). Internationalization and Domestic Politics. Cambridge University Press.(1988). Poder e interdependencia. Grupo Editor Latinoamericano.","key":"370"},{"unstructured":"Llano \u00c1ngel, H. (2005). \u201cLa Carta del 91, un consenso Constitucional\u201d. Revista Criterio jur\u00eddico, 5. Universidad Pontificia Javeriana de Cali: Cali.","key":"371"},{"unstructured":"Mart\u00ednez, E. (2006). \u201cLa guerrilla liberal\u201d. Revista Credencial Historia, edici\u00f3n 202.","key":"372"},{"unstructured":"Mayntz, R. (2002). Los Estados nacionales y la gobernanza global. Revista del CLAD Reforma y Democracia (24). Caracas.","key":"373"},{"unstructured":"Messner, D. (1999). Globalizaci\u00f3n y gobernabilidad global. Recuperado de www.nuso.com","key":"374"},{"unstructured":"Morla, S. (2006). \u201cIdeas filos\u00f3ficas y sociales en torno a la globalizaci\u00f3n\u201d. Revista filos\u00f3fica (2). Eikasia.","key":"375"},{"unstructured":"Norwegian Refugee Council (2017). Global report on internal displacement. Recuperado de http:\/\/www.internal-displacement.org\/sites\/default\/files\/publications\/documents\/20170522-GRID.pdf","key":"376"},{"unstructured":"Olas\u00f3lo, H. (2010). \u201cEl estatuto de Roma y la jurisprudencia de la Corte Penal Internacional en materia de participaci\u00f3n de v\u00edctimas\u201d. Revista electr\u00f3nica de ciencia penal y criminolog\u00eda. Recuperado de http:\/\/criminet.ugr.es\/recpc\/12\/recpc12-13.pdf","key":"377"},{"unstructured":"Orentlicher, D. (2004). ONU. Comisi\u00f3n de Derechos Humanos, 60\u00aa per\u00edodo de sesiones, Estudio independiente, con inclusi\u00f3n de recomendaciones, sobre las mejores pr\u00e1cticas para ayudar a los Estados a reforzar su capacidad nacional con miras a combatir todos los aspectos de la impunidad, Doc. E\/CN.4\/2004\/88.","key":"378"},{"unstructured":"Orozco Abad, I. (1999). \u201cLa situaci\u00f3n jur\u00eddico-pol\u00edtica del paramilitarismo, Metodolog\u00eda del paramilitarismo\u201d. Revista Foro (36).","key":"379"},{"unstructured":"Pastrana, E. (2005). \u201cExtinci\u00f3n o reinvenci\u00f3n del estado naci\u00f3n frente a los desaf\u00edos globales\u201d. Desaf\u00edos (12). CEPI. (2005). La investigaci\u00f3n social, m\u00f3dulo de capacitaci\u00f3n para docentes universitarios de ciencias sociales. USC.","key":"380"},{"unstructured":"Putman, R. (1998). Diplomacy and Domestic Politics: the Logic of Two-levels Game. International Organization.","key":"381"},{"unstructured":"Reinalda, V. (1998). Autonomous Policy Making by International Organizations. Routledge: Londres\/Nueva York. Citado por Mayntz, R. (2002). \u201cLos Estados nacionales y la gobernanza global\u201d. Revista del CLAD Reforma y Democracia. (24). Caracas.","key":"382"},{"unstructured":"Restrepo Salazar, J. C., & Bernal Morales, A. (2014). La cuesti\u00f3n agraria, tierra y posconflicto en Colombia. Penguin Random House: Bogot\u00e1.","key":"383"},{"unstructured":"Rettberg, A. (2005). Entre el perd\u00f3n y el pared\u00f3n: preguntas y dilemas de la justicia transicional. Uniandes: Bogot\u00e1. Arango, R. (2010). Cinco a\u00f1os de justicia y paz, camino hacia la impunidad. Recuperado de http:\/\/www.razonpublica.com\/index.php?option=com_content&view=article&id=1210:cinco-anos-de-justicia-y-paz-camino-hacia-la-impunidad-&catid=19:politica-y-gobierno-&Itemid=27","key":"384"},{"unstructured":"Romero, C. (2012). Pol\u00edtica de tierras y territorios. Recuperado de: http:\/\/www.indepaz.org.co\/wp-content\/uploads\/2012\/05\/DOCUMENTO-PTT.pdf","key":"385"},{"unstructured":"Rosenau, J. (1997). The Complexities and Contradictions of Globalization, in Current History. 96 (613). Citado por Serbin, A. \u201cGlobalizaci\u00f3n y sociedad civil transnacional, el estado actual del debate\u201d. Revista Papel Pol\u00edtico, pp 9-10.","key":"386"},{"doi-asserted-by":"crossref","unstructured":"San\u00edn, F. G., Huertas, R. D. P. P., & Hern\u00e1ndez, M. M. P. (2019). La tierra prometida: balance de la pol\u00edtica de restituci\u00f3n de tierras en Colombia (Vol. 4). Editorial Universidad del Rosario: Bogot\u00e1.","key":"387","DOI":"10.2307\/j.ctvk12svp"},{"unstructured":"Terz, P. & Pastrana, E. (2007). \u201cEl derecho internacional al despuntar el siglo XXI, un punto de vista sociol\u00f3gico del derecho internacional\u201d. Revista Papel Pol\u00edtico. 12 (2). Bogot\u00e1.","key":"388"},{"unstructured":"Uprimmy, R. (2006). \u00bfJusticia transicional sin transici\u00f3n? Verdad, justicia y reparaci\u00f3n para Colombia. Dejusticia: Bogot\u00e1.(2005). \u00bfExiste o no un conflicto armado en Colombia?. Disponible en l\u00ednea.","key":"389"},{"unstructured":"Uprimmy, R. & Saffon, P. (2007). Usos y Abusos de la Justicia Transicional en Colombia. Articulo presentado en el Seminario Internacional Paz y Responsabilidad en Transiciones de Conflictos Armados. Universidad del Rosario, junio del 2007. Recuperado de www.anuariocdh.uchile.cl.com","key":"390"},{"unstructured":"Uprimmy, R. & Saffon, P. (2006). \u201c\u00bfAl fin, ley de justicia y paz? La Ley 975 de 2005 tras el fallo de la Corte Constitucional\u201d. \u00bfJusticia Transicional sin transici\u00f3n? Verdad, Justicia y Reparaci\u00f3n para Colombia. Centro de Estudios de Derecho, Justicia y Sociedad: Bogot\u00e1.","key":"391"},{"unstructured":"Van Boven & Bassiouni (2004). ONU, Comisi\u00f3n de Derechos Humanos, 60 periodos de sesiones. Principios y Directrices B\u00e1sicos sobre el derecho a las v\u00edctimas de violaciones de las normas internacionales de derechos humanos y el derecho internacional humanitario a interponer recursos y obtener reparaciones. Doc. E\/ CN.4\/2004\/57. Anexo 1.","key":"392"},{"unstructured":"Valdivieso, A., & Macana, M. (2014). \u201cLa cooperaci\u00f3n entre Alemania y Colombia en el \u00e1mbito de la justicia transicional: Apoyo al proceso de paz de Colombia en el marco del proceso de justicia y paz\u201d. En: Pastrana, E. y Ghering, H. Suram\u00e9rica en el escenario global: gobernanza multinivel y biregionalismo. KAS: Bogot\u00e1.","key":"393"},{"unstructured":"Valdivieso A., & Fern\u00e1ndez, D. (2016). \u201cPol\u00edtica exterior, justicia transicional, derechos humanos y el papel de la CPI y la Corte IDH frente al posconflicto\u201d. En: Pastrana, E. y Ghering, H. La pol\u00edtica exterior colombiana: escenarios y desaf\u00edos en el posconflicto. Konrad Adenauer: Bogot\u00e1.","key":"394"},{"unstructured":"Valdivieso, A. (2012). \u201cLa justicia Transicional en Colombia. Los Est\u00e1ndares Internacionales de derechos humanos y derecho internacional humanitario en la pol\u00edtica de Santos\u201d. Revista Papel Pol\u00edtico. 17 (2). Pontificia Universidad Javeriana: Bogot\u00e1, pp. 621-653.","key":"395"},{"unstructured":"Wallerstein (1999). As we Know it of the World the End. University of Minnesota Press, Minne\u00e1polis-Londres, Citado por Dussel Enrique. Una gobernanza global ante la creciente polarizaci\u00f3n territorial internacional?","key":"396"}],"container-title":["Administraci\u00f3n y Desarrollo"],"link":[{"URL":"https:\/\/revistas.esap.edu.co\/index.php\/admindesarro\/article\/download\/536\/494","content-type":"application\/pdf","content-version":"vor","intended-application":"text-mining"},{"URL":"https:\/\/revistas.esap.edu.co\/index.php\/admindesarro\/article\/download\/536\/494","content-type":"unspecified","content-version":"vor","intended-application":"similarity-checking"}],"deposited":{"date-parts":[[2021,11,7]],"date-time":"2021-11-07T20:59:19Z","timestamp":1636318759000},"score":0.0,"resource":{"primary":{"URL":"https:\/\/revistas.esap.edu.co\/index.php\/admindesarro\/article\/view\/536"}},"issued":{"date-parts":[[2018,12,1]]},"references-count":51,"journal-issue":{"issue":"2","published-online":{"date-parts":[[2018,12,31]]}},"URL":"https:\/\/doi.org\/10.22431\/25005227.vol48n2.1","ISSN":["2500-5227","0120-3754"],"issn-type":[{"type":"electronic","value":"2500-5227"},{"type":"print","value":"0120-3754"}],"published":{"date-parts":[[2018,12,1]]}},{"indexed":{"date-parts":[[2022,3,31]],"date-time":"2022-03-31T07:04:46Z","timestamp":1648710286483},"reference-count":0,"publisher":"Escuela Superior de Administracion Publica","issue":"65","license":[{"start":{"date-parts":[[2016,9,28]],"date-time":"2016-09-28T00:00:00Z","timestamp":1475020800000},"content-version":"unspecified","delay-in-days":0,"URL":"http:\/\/creativecommons.org\/licenses\/by-nc-nd\/4.0"}],"content-domain":{"domain":[],"crossmark-restriction":false},"short-container-title":["Nova vetera"],"abstract":"<jats:p>El texto busca ampliar la reflexi\u00f3n en torno a la Gerencia Social y sus planteamientos frente al tema de la exclusi\u00f3n por motivos de orientaci\u00f3n sexual.En ese sentido, se considera que las relaciones homoer\u00f3ticas como sucesos de la cotidianidad, acontecen en un contexto hist\u00f3rico-cultural particular que ofrece oportunidades de intervenci\u00f3n socio-estatal ante la hostilidad social registrada hacia grupos hist\u00f3ricamente oprimidos (homosexuales), en raz\u00f3n a su experiencia vital y cuya reducci\u00f3n, necesita la valoraci\u00f3n del car\u00e1cter dual de la democracia (integraci\u00f3n y lucha).<\/jats:p>","DOI":"10.22431\/25005103.326","type":"journal-article","created":{"date-parts":[[2017,7,5]],"date-time":"2017-07-05T19:34:05Z","timestamp":1499283245000},"page":"95-108","source":"Crossref","is-referenced-by-count":0,"title":["Homosexualidad y gerencia social. El encuentro del ciudadano con las instituciones"],"prefix":"10.22431","volume":"21","author":[{"given":"Jose Miguel","family":"Segura Gutierrez","sequence":"first","affiliation":[],"role":[{"role":"author","vocabulary":"crossref"}]}],"member":"9723","published-online":{"date-parts":[[2016,9,28]]},"container-title":["Nova et Vetera"],"link":[{"URL":"https:\/\/revistas.esap.edu.co\/index.php\/novaetvetera\/article\/download\/326\/pdf","content-type":"application\/pdf","content-version":"vor","intended-application":"text-mining"},{"URL":"https:\/\/revistas.esap.edu.co\/index.php\/novaetvetera\/article\/download\/326\/pdf","content-type":"unspecified","content-version":"vor","intended-application":"similarity-checking"}],"deposited":{"date-parts":[[2021,11,30]],"date-time":"2021-11-30T03:21:13Z","timestamp":1638242473000},"score":0.0,"resource":{"primary":{"URL":"https:\/\/revistas.esap.edu.co\/index.php\/novaetvetera\/article\/view\/326"}},"issued":{"date-parts":[[2016,9,28]]},"references-count":0,"journal-issue":{"issue":"65","published-online":{"date-parts":[[2016,9,28]]}},"URL":"https:\/\/doi.org\/10.22431\/25005103.326","ISSN":["2500-5103","0123-2614"],"issn-type":[{"value":"2500-5103","type":"electronic"},{"value":"0123-2614","type":"print"}],"published":{"date-parts":[[2016,9,28]]}},{"indexed":{"date-parts":[[2025,11,6]],"date-time":"2025-11-06T16:39:24Z","timestamp":1762447164466,"version":"build-2065373602"},"reference-count":0,"publisher":"Escuela Superior de Administracion Publica","issue":"2","license":[{"start":{"date-parts":[[2017,12,11]],"date-time":"2017-12-11T00:00:00Z","timestamp":1512950400000},"content-version":"unspecified","delay-in-days":0,"URL":"http:\/\/creativecommons.org\/licenses\/by-nc-nd\/4.0"}],"content-domain":{"domain":[],"crossmark-restriction":false},"short-container-title":["Adm. Desarro."],"abstract":"<jats:p>El presente art\u00edculo busca hacer un an\u00e1lisis comparativo entre los procesos de descentralizaci\u00f3n administrativa en Colombia y Chile con el fin de contribuir al desarrollo territorial. Se pretende responder \u00bfCu\u00e1les son los niveles de territoriales en Colombia y Chile?, \u00bfCu\u00e1les son las competencias asignadas a cada nivel territorial en Colombia y Chile?, \u00bfCu\u00e1l son las autoridades en cada nivel de gobierno, \u00bfC\u00f3mo son elegidas y cu\u00e1l es su grado de autonom\u00eda? \u00bfCu\u00e1les son los desaf\u00edos que enfrentan estos dos pa\u00edses en materia de descentralizaci\u00f3n administrativa?\u00a0<\/jats:p>","DOI":"10.22431\/25005227.384","type":"journal-article","created":{"date-parts":[[2017,12,12]],"date-time":"2017-12-12T15:13:01Z","timestamp":1513091581000},"page":"160-171","source":"Crossref","is-referenced-by-count":1,"title":["An\u00e1lisis comparado entre la descentralizaci\u00f3n administrativa colombiana y chilena: Avances y desaf\u00edos para el desarrollo"],"prefix":"10.22431","volume":"47","author":[{"given":"Laila Katrina del Pilar","family":"Rojas Santana","sequence":"first","affiliation":[],"role":[{"role":"author","vocabulary":"crossref"}]},{"given":"Fabian","family":"Castellanos","sequence":"additional","affiliation":[],"role":[{"role":"author","vocabulary":"crossref"}]}],"member":"9723","published-online":{"date-parts":[[2017,12,11]]},"container-title":["Administraci\u00f3n &amp; Desarrollo"],"link":[{"URL":"https:\/\/revistas.esap.edu.co\/index.php\/admindesarro\/article\/download\/384\/pdf","content-type":"application\/pdf","content-version":"vor","intended-application":"text-mining"},{"URL":"https:\/\/revistas.esap.edu.co\/index.php\/admindesarro\/article\/download\/384\/pdf","content-type":"unspecified","content-version":"vor","intended-application":"similarity-checking"}],"deposited":{"date-parts":[[2025,11,6]],"date-time":"2025-11-06T16:34:26Z","timestamp":1762446866000},"score":0.0,"resource":{"primary":{"URL":"https:\/\/revistas.esap.edu.co\/index.php\/admindesarro\/article\/view\/384"}},"issued":{"date-parts":[[2017,12,11]]},"references-count":0,"journal-issue":{"issue":"2","published-online":{"date-parts":[[2017,12,11]]}},"URL":"https:\/\/doi.org\/10.22431\/25005227.384","ISSN":["2500-5227","0120-3754"],"issn-type":[{"type":"electronic","value":"2500-5227"},{"type":"print","value":"0120-3754"}],"published":{"date-parts":[[2017,12,11]]}},{"indexed":{"date-parts":[[2025,12,31]],"date-time":"2025-12-31T20:19:16Z","timestamp":1767212356011,"version":"3.48.0"},"reference-count":0,"publisher":"Escuela Superior de Administracion Publica","issue":"55","license":[{"start":{"date-parts":[[2012,6,15]],"date-time":"2012-06-15T00:00:00Z","timestamp":1339718400000},"content-version":"unspecified","delay-in-days":0,"URL":"http:\/\/creativecommons.org\/licenses\/by-nc-nd\/4.0"}],"content-domain":{"domain":[],"crossmark-restriction":false},"short-container-title":["Adm. Desarro."],"abstract":"<jats:p>Analysis of the phenomenon of state responsibility for legislative acts has been a subject of study that has been developed both in midtwentieth century doctrine and international jurisprudence. In the Colombian case, Article 90 of the Constitution of 1991 introduced the constitutional principle of patrimonial responsibility of the state, without this meaning that Council of State jurisprudence would find the basis of this responsibility in different provisions of the Constitution of 1886, such as articles 2, 16 and 30, constitutional provisions which establish the principle of legality, the duty of the state to protect the life, honor and property of citizens, as well as to guarantee the right to private property and other acquired rights of persons. Nevertheless, the first decisions relating to this title of imputation in Colombia were handed down by the Maximum Colombian Tribunal of Administrative Litigation in 1998 and by the Constitutional Court through decision C-038 of 2006, a judicial writ that established some of the characteristics of this legal figure.<\/jats:p>","DOI":"10.22431\/25005227.127","type":"journal-article","created":{"date-parts":[[2017,7,5]],"date-time":"2017-07-05T12:06:06Z","timestamp":1499256366000},"page":"33-48","source":"Crossref","is-referenced-by-count":2,"title":["La responsabilidad patrimonial del legislador","The Patrimonial Responsibility of Legislators"],"prefix":"10.22431","volume":"40","author":[{"given":"Eric","family":"Leiva Ramirez","sequence":"first","affiliation":[],"role":[{"role":"author","vocabulary":"crossref"}]},{"given":"Maria Consuelo","family":"Alonso Garcia","sequence":"additional","affiliation":[],"role":[{"role":"author","vocabulary":"crossref"}]}],"member":"9723","published-online":{"date-parts":[[2012,6,15]]},"container-title":["Administraci\u00f3n &amp; Desarrollo"],"link":[{"URL":"https:\/\/revistas.esap.edu.co\/index.php\/admindesarro\/article\/download\/127\/pdf","content-type":"application\/pdf","content-version":"vor","intended-application":"text-mining"},{"URL":"https:\/\/revistas.esap.edu.co\/index.php\/admindesarro\/article\/download\/127\/pdf","content-type":"unspecified","content-version":"vor","intended-application":"similarity-checking"}],"deposited":{"date-parts":[[2025,12,31]],"date-time":"2025-12-31T20:16:06Z","timestamp":1767212166000},"score":0.0,"resource":{"primary":{"URL":"https:\/\/revistas.esap.edu.co\/index.php\/admindesarro\/article\/view\/127"}},"issued":{"date-parts":[[2012,6,15]]},"references-count":0,"journal-issue":{"issue":"55","published-online":{"date-parts":[[2012,6,15]]}},"URL":"https:\/\/doi.org\/10.22431\/25005227.127","ISSN":["2500-5227","0120-3754"],"issn-type":[{"type":"electronic","value":"2500-5227"},{"type":"print","value":"0120-3754"}],"published":{"date-parts":[[2012,6,15]]}},{"indexed":{"date-parts":[[2025,12,31]],"date-time":"2025-12-31T20:25:01Z","timestamp":1767212701256,"version":"3.48.0"},"reference-count":32,"publisher":"Escuela Superior de Administracion Publica","issue":"34","license":[{"start":{"date-parts":[[2025,12,23]],"date-time":"2025-12-23T00:00:00Z","timestamp":1766448000000},"content-version":"unspecified","delay-in-days":0,"URL":"https:\/\/creativecommons.org\/licenses\/by-nc-sa\/4.0"}],"content-domain":{"domain":[],"crossmark-restriction":false},"short-container-title":["Nova vetera"],"abstract":"<jats:p>Problem statement: Various higher education institutions (HEIs) in Ecuador developed institutional practices of support and humanitarian aid aimed at Indigenous collectives that participated in the 2019 social uprising, which lack a consolidated theoretical conceptualization. These practices were deployed as peaceful responses within a context of state violence and repression of social protest. Objective: To analyze how members of the HEIs themselves perceive these forms of support and how they conceptualize them, based on the experience of four universities located in Quito, considering universities as ethical-political actors in contexts of social conflict. Methodology: An interpretive\u2013hermeneutic epistemological approach was adopted, aimed at understanding the meanings attributed by university actors to the practices developed, based on the analytical categories of the study. Results: The findings show that the notion of \u201cspaces of peace\u201d emerges as a situated category, constructed by universities to justify practices of support and protection, whose attribution proves to be temporary, distinctive, and ostensibly neutral in scenarios of high social conflict. Conclusion: HEI actions are configured as ethical practices with political implications that, from a human rights approach, express forms of care and solidarity in the face of state violence, revealing tensions between neutrality, humanitarian action, and university autonomy.<\/jats:p>","DOI":"10.22431\/25005103.1132","type":"journal-article","created":{"date-parts":[[2025,12,19]],"date-time":"2025-12-19T15:26:32Z","timestamp":1766157992000},"source":"Crossref","is-referenced-by-count":0,"title":["Las Universidades como espacios de paz en las movilizaciones en Ecuador de 2019","Universities as Spaces of Peace in the 2019 Mobilizations in Ecuador"],"prefix":"10.22431","author":[{"ORCID":"https:\/\/orcid.org\/0000-0001-8911-700X","authenticated-orcid":false,"given":"Carlos","family":"Reyes Valenzuela","sequence":"first","affiliation":[],"role":[{"role":"author","vocabulary":"crossref"}]}],"member":"9723","published-online":{"date-parts":[[2025,12,23]]},"reference":[{"key":"29331","unstructured":"Altamirano, K. (2020). \u201cLo que el paro nos dej\u00f3\u201d. En: Pablo Ort\u00edz (Coord.). La Salesiana frente a la movilizaci\u00f3n popular de octubre de 2019. Memoria de una acci\u00f3n solidaria. Quito: Editorial Abya Yala."},{"key":"29332","doi-asserted-by":"crossref","unstructured":"\u00c1lvarez-Rodr\u00edguez, A. A. (2022). El Paro nacional del 2021 en Colombia: estallido social entre din\u00e1micas estructurales y de coyuntura. La relevancia de la acci\u00f3n pol\u00edtica y del di\u00e1logo en su desarrollo y transformaci\u00f3n. Prospectiva: Revista de Trabajo Social e Intervenci\u00f3n Social, (33), 1-12. https:\/\/doi.org\/10.25100\/prts.v0i33.11864","DOI":"10.25100\/prts.v0i33.11864"},{"key":"29333","doi-asserted-by":"crossref","unstructured":"Barrero Espinosa, C., Boh\u00f3rquez Agudelo, L., y Mej\u00eda Pach\u00f3n, M. P. (2011). La hermen\u00e9utica en el desarrollo de la investigaci\u00f3n educativa en el siglo XXI. Itinerario Educativo: Revista de la Facultad de Educaci\u00f3n, 25(57), 101-120.","DOI":"10.21500\/01212753.1436"},{"key":"29334","doi-asserted-by":"crossref","unstructured":"Beltr\u00e1n-Llevador, J., \u00cd\u00f1igo-Bajos, E., y Mata-Segreda, A. (2014). La responsabilidad social universitaria, el reto de su construcci\u00f3n permanente. Revista Iberoamericana de Educaci\u00f3n Superior, 5(14), 3-18.","DOI":"10.22201\/iisue.20072872e.2014.14.128"},{"key":"29335","unstructured":"Beristain, C. M. (2009). Di\u00e1logos sobre la reparaci\u00f3n \u00bfQu\u00e9 reparar en los casos de violaciones de derechos humanos? Instituto Interamericano de Derechos Humanos."},{"key":"29336","unstructured":"C\u00e1rdenas Tapia, J. y Ru\u00edz V\u00e1squez, M. (2025). Rostros y voces de la solidaridad universitaria. La respuesta humanitaria de la UPS durante el paro nacional del 2022. Quito: Abya Yala y Universidad Polit\u00e9cnica Salesiana, Ecuador."},{"key":"29337","unstructured":"Comisi\u00f3n Interamericana de Derechos Humanos (CIDH). (2020, 14 de enero). CIDH presenta observaciones de su visita a Ecuador. Organizaci\u00f3n de los Estados Americanos (OEA). https:\/\/www.oas.org\/es\/cidh\/prensa\/comunicados\/2020\/008.asp"},{"key":"29338","unstructured":"De la Vega Vel\u00e1stegui, P. (2023). Cultura de paz: De la ret\u00f3rica salvacionista a la alteraci\u00f3n del mapa de posibles. RGC Ediciones. https:\/\/rgcediciones.com.ar\/cultura-de-paz-de-la-retorica-salvacionista-a-la-alteracion-del-mapa-de-posibles\/"},{"key":"29339","doi-asserted-by":"crossref","unstructured":"De-O\u00f1a-Cots, J. M., y Garc\u00eda G\u00e1lvez, E. A. (2016). Proyecto escuela: Espacio de paz. Reflexiones sobre una experiencia en un centro educativo. REICE. Revista Iberoamericana sobre Calidad, Eficacia y Cambio en Educaci\u00f3n, 14(2), 115-131. https\/\/doi.org\/10.15366\/reice2016.14.2.007","DOI":"10.15366\/reice2016.14.2.007"},{"key":"29340","doi-asserted-by":"crossref","unstructured":"Esquivel Mar\u00edn, C. G. (2018). Las pr\u00e1cticas restaurativas en la creaci\u00f3n de espacios de paz dentro de la escuela. Pensamiento Americano, 11(20), 213-226.","DOI":"10.21803\/pensam.v11i20.25"},{"key":"29341","unstructured":"http:\/\/dx.doi.org\/10.21803%2Fpenamer.11.20.511"},{"key":"29342","doi-asserted-by":"crossref","unstructured":"Garc\u00eda-Noguera, L., y Due\u00f1as Gait\u00e1n, F. F. (2024). Cultura de paz en la educaci\u00f3n superior: aproximaci\u00f3n desde la c\u00e1tedra de la paz. European Public & Social Innovation Review, 9, 1-16. https:\/\/doi.org\/10.31637\/epsir-2024-1706","DOI":"10.31637\/epsir-2024-1706"},{"key":"29343","doi-asserted-by":"crossref","unstructured":"Gonz\u00e1lez \u00c1vila, M. (2002). Aspectos \u00e9ticos de la investigaci\u00f3n cualitativa. Revista Iberoamericana de Educaci\u00f3n, 29, 85-103. https:\/\/doi.org\/10.35362\/rie290952","DOI":"10.35362\/rie290952"},{"key":"29344","unstructured":"Gualy, L. F. (2014). Construcci\u00f3n de cultura de paz en Am\u00e9rica Latina desde la educaci\u00f3n superior. Revista de la Universidad de la Salle, 65, 51-84."},{"key":"29345","doi-asserted-by":"crossref","unstructured":"Islas Col\u00edn, A., Vera-Hern\u00e1ndez, D., y Miranda-Medina, C. (2018). La cultura de paz en las pol\u00edticas de Educaci\u00f3n Superior de M\u00e9xico, Colombia y El Salvador. Educaci\u00f3n y humanismo, 20(34), 312-325. http:\/\/dx.doi.org\/10.17081\/eduhum.20.34.2875","DOI":"10.17081\/eduhum.20.34.2875"},{"key":"29346","unstructured":"Jim\u00e9nez Bautista, F. (2009). Hacia un paradigma pac\u00edfico: la paz neutra. Convergencia. Revista de Ciencias Sociales, 16, 141-189."},{"key":"29347","unstructured":"Jim\u00e9nez Bautista, F. (2018). Violencia h\u00edbrida: una ilustraci\u00f3n del concepto para el caso de Colombia. Revista de Cultura de Paz, 2, 295-321."},{"key":"29348","doi-asserted-by":"crossref","unstructured":"Morales, G., y Cazar, J. C. (2019). Participaci\u00f3n de la Universidad Central de Ecuador en la atenci\u00f3n m\u00e9dica y humanitaria durante la crisis social de octubre 2019. Revista de la Facultad de Ciencias M\u00e9dicas, 44(1), 86-88.","DOI":"10.29166\/ciencias_medicas.v44i1.1974"},{"key":"29349","unstructured":"Mu\u00f1oz, F. A., y Molina Rueda, B. (2010). Una cultura de paz compleja y conflictiva: La b\u00fasqueda de equilibrios din\u00e1micos. Revista de Paz y Conflictos, 3, 44-61."},{"key":"29350","unstructured":"https:\/\/doi.org\/10.30827\/revpaz.v3i0.441"},{"key":"29351","doi-asserted-by":"crossref","unstructured":"Nava, A., y Grigera, J. (2022). Pandemia y protesta social en Am\u00e9rica Latina: tendencias, actores y demandas de la conflictividad social y laboral en Brasil, Argentina, Chile y Colombia. 2019-2020. Archivos de historia del movimiento obrero y la izquierda, (20), 111-138. https:\/\/doi.org\/10.46688\/ahmoi.n20.347","DOI":"10.46688\/ahmoi.n20.347"},{"key":"29352","doi-asserted-by":"crossref","unstructured":"Olivier, G. (2012). Reto de la educaci\u00f3n superior privada en Am\u00e9rica latina: entre la expansi\u00f3n y la resistencia. IdeAs Id\u00e9es d\u00c1meriques, 2. https:\/\/doi.org\/10.4000\/ideas.382","DOI":"10.4000\/ideas.382"},{"key":"29353","unstructured":"Organizaci\u00f3n de Naciones Unidas (1999). Declaraci\u00f3n y Programa de Acci\u00f3n sobre una Cultura de Paz, Resoluci\u00f3n de la Asamblea General de las Naciones Unidas n\u00fam. A\/ RES\/53\/243. Nueva York: Organizaci\u00f3n de Naciones Unidas."},{"key":"29354","unstructured":"Ort\u00edz, P. (2020). La Salesiana frente a la movilizaci\u00f3n popular de octubre de 2019. Memoria de una acci\u00f3n solidaria. Quito: Universidad Polit\u00e9cnica Salesiana, Ecuador."},{"key":"29355","doi-asserted-by":"crossref","unstructured":"Pic\u00f3n, G., y Frausto, M. (2022). Cultura de paz y transversalidad de una educaci\u00f3n para la paz en el curr\u00edculo universitario. Ciencia Latina Revista Cient\u00edfica Multidisciplinar, 6(1), 4999-5022. https:\/\/doi.org\/10.37811\/cl_rcm.v6i2.1874","DOI":"10.37811\/cl_rcm.v6i2.1874"},{"key":"29356","doi-asserted-by":"crossref","unstructured":"Reyes-Valenzuela, C., Bustillos Caranqui, J., Aguirre Jaramillo, A., Moreta-Herrera, R., Dur\u00e1n Pereira, A., Maturana Iturriaga, K., & Villagr\u00e1n Valenzuela, L. (2021). Cumplimiento de medidas de reparaci\u00f3n y construcci\u00f3n de cultura de paz en Ecuador y Chile. Revista de Psicolog\u00eda (PUCP), 39(2), 590-624.","DOI":"10.18800\/psico.202102.004"},{"key":"29357","doi-asserted-by":"crossref","unstructured":"http:\/\/dx.doi.org\/10.18800\/psico.202102.004","DOI":"10.18800\/psico.202102.004"},{"key":"29358","doi-asserted-by":"crossref","unstructured":"Reyes-Valenzuela, C. (2025). Cultura de paz y educaci\u00f3n superior: acciones de promoci\u00f3n, prevenci\u00f3n y atenci\u00f3n en el abordaje de conflictos y violencia h\u00edbrida en culturas universitarias. Revista de Humanidades y Ciencias Sociales y Multidisciplinaria, 10(2), 24-38. https:\/\/doi.org\/10.58210\/r100cs254","DOI":"10.58210\/100cs254"},{"key":"29359","doi-asserted-by":"crossref","unstructured":"Santana Gonz\u00e1lez, D., P\u00e9rez G\u00f3mez, N., & Morales Garc\u00eda, D. (2021). La formaci\u00f3n de la Cultura de Paz en la Educaci\u00f3n Superior. Revista de Paz y Conflictos, 14(2), 234-248. http:\/\/dx.doi.org\/10.30827\/revpaz.v14i2.18499","DOI":"10.30827\/revpaz.v14i2.18499"},{"key":"29360","doi-asserted-by":"crossref","unstructured":"Silva, E. (2017). Cultura de paz, integraci\u00f3n latinoamericana y universidades. Cultura de Paz, 23(71), 9-14. https:\/\/doi.org\/10.5377\/cultura.v23i71.3575","DOI":"10.5377\/cultura.v23i71.3575"},{"key":"29361","doi-asserted-by":"crossref","unstructured":"Urbina C\u00e1rdenas, J. E., & Barrera Acevedo, R. (2017). Representaciones de estudiantes universitarios sobre el reconocimiento y su contribuci\u00f3n a la construcci\u00f3n de cultura de paz. Katharsis, (23), 87-106. http:\/\/dx.doi.org\/10.25057\/25005731.864","DOI":"10.25057\/25005731.864"},{"key":"29362","unstructured":"Vain, P. D. (2012). El enfoque interpretativo en investigaci\u00f3n educativa: algunas consideraciones te\u00f3rico-metodol\u00f3gicas. Revista de Educaci\u00f3n, 4(4), 37-45."}],"container-title":["Nova et Vetera"],"link":[{"URL":"https:\/\/revistas.esap.edu.co\/index.php\/novaetvetera\/article\/download\/1132\/869","content-type":"application\/pdf","content-version":"vor","intended-application":"text-mining"},{"URL":"https:\/\/revistas.esap.edu.co\/index.php\/novaetvetera\/article\/download\/1132\/869","content-type":"unspecified","content-version":"vor","intended-application":"similarity-checking"}],"deposited":{"date-parts":[[2025,12,31]],"date-time":"2025-12-31T20:19:05Z","timestamp":1767212345000},"score":0.0,"resource":{"primary":{"URL":"https:\/\/revistas.esap.edu.co\/index.php\/novaetvetera\/article\/view\/1132"}},"issued":{"date-parts":[[2025,12,23]]},"references-count":32,"journal-issue":{"issue":"34","published-online":{"date-parts":[[2025,11,25]]}},"URL":"https:\/\/doi.org\/10.22431\/25005103.1132","ISSN":["2500-5103","0123-2614"],"issn-type":[{"type":"electronic","value":"2500-5103"},{"type":"print","value":"0123-2614"}],"published":{"date-parts":[[2025,12,23]]}},{"indexed":{"date-parts":[[2025,12,31]],"date-time":"2025-12-31T19:58:15Z","timestamp":1767211095468,"version":"3.48.0"},"reference-count":41,"publisher":"Escuela Superior de Administracion Publica","issue":"1","license":[{"start":{"date-parts":[[2023,6,28]],"date-time":"2023-06-28T00:00:00Z","timestamp":1687910400000},"content-version":"unspecified","delay-in-days":0,"URL":"https:\/\/creativecommons.org\/licenses\/by-nc-sa\/4.0"}],"content-domain":{"domain":[],"crossmark-restriction":false},"short-container-title":["Adm. Desarro."],"abstract":"<jats:p>The appearance of electronic information systems and the Internet has influenced the response capacity, the operation of the public system and in some core functions of the State; In turn, socioeconomic, political, and regulatory changes have revolutionized the management instruments and the behavior of officials, making it necessary to explore factors that address the challenges of the administrator in the new horizon of public administration. The present study was carried out from a bibliometric analysis through the Scopus database, obtaining a total of 548 articles on the subject, which were analyzed from bibliometric indicators. Among the results, it is observed that the trends in this field are oriented towards public sustainability, attitudes towards change, human capital, cooperation, electronic government, and motivation of the public service.<\/jats:p>","DOI":"10.22431\/25005227.vol53n1.5","type":"journal-article","created":{"date-parts":[[2023,6,28]],"date-time":"2023-06-28T17:10:25Z","timestamp":1687972225000},"page":"1-22","source":"Crossref","is-referenced-by-count":0,"title":["Repensar la esfera p\u00fablica: una contribuci\u00f3n de los administradores en la gesti\u00f3n p\u00fablica","Rethinking the public sphere: A contribution of administrators in public management"],"prefix":"10.22431","volume":"53","author":[{"ORCID":"https:\/\/orcid.org\/0000-0001-9434-6923","authenticated-orcid":false,"given":"Alejandro","family":"Valencia-Arias","sequence":"first","affiliation":[],"role":[{"role":"author","vocabulary":"crossref"}]},{"ORCID":"https:\/\/orcid.org\/0000-0003-3891-0862","authenticated-orcid":false,"given":"Luc\u00eda","family":"Palacios-Moya","sequence":"additional","affiliation":[],"role":[{"role":"author","vocabulary":"crossref"}]},{"ORCID":"https:\/\/orcid.org\/0000-0002-4094-0940","authenticated-orcid":false,"given":"Ledy","family":"G\u00f3mez-Bayona","sequence":"additional","affiliation":[],"role":[{"role":"author","vocabulary":"crossref"}]},{"ORCID":"https:\/\/orcid.org\/0000-0003-4122-0344","authenticated-orcid":false,"given":"Gustavo","family":"Moreno-L\u00f3pez","sequence":"additional","affiliation":[],"role":[{"role":"author","vocabulary":"crossref"}]},{"ORCID":"https:\/\/orcid.org\/0000-0002-6192-2928","authenticated-orcid":false,"given":"Sebasti\u00e1n","family":"Cardona-Acevedo","sequence":"additional","affiliation":[],"role":[{"role":"author","vocabulary":"crossref"}]}],"member":"9723","published-online":{"date-parts":[[2023,6,28]]},"reference":[{"key":"7358","doi-asserted-by":"crossref","unstructured":"Agranoff, R. (2006). Inside collaborative networks: Ten lessons for public managers. Public administration review, 66, 56-65. https:\/\/doi.org\/10.1111\/j.1540-6210.2006.00666.x","DOI":"10.1111\/j.1540-6210.2006.00666.x"},{"key":"7359","doi-asserted-by":"crossref","unstructured":"Alvarado Borrego, A. (2009). Linking university-enterprise and its contribution to regional development. Revista ra ximhai, 5(3), 407-414. https:\/\/doi.org\/10.35197\/rx.05.03.2009.13.aa","DOI":"10.35197\/rx.05.03.2009.13.aa"},{"key":"7360","unstructured":"Araya, E. y Cerpa, A. (2009). La nueva gesti\u00f3n p\u00fablica y las reformas en la Administraci\u00f3n P\u00fablica Chilena. T\u00e9khne-Revista de Estudos Polit\u00e9cnicos, 5(11), 19-47."},{"key":"7361","doi-asserted-by":"crossref","unstructured":"Asatryan, Z., Heinemann, F. y Pitlik, H. (2017). Reforming the public administration: The role of crisis and the power of bureaucracy. European Journal of Political Economy, 48, 128-143. https:\/\/doi.org\/10.1016\/j.ejpoleco.2016.08.004","DOI":"10.1016\/j.ejpoleco.2016.08.004"},{"key":"7362","doi-asserted-by":"crossref","unstructured":"Bordons, M. y Zuleta, M. A. (1999). Evaluaci\u00f3n de la actividad cient\u00edfica a trav\u00e9s de indicadores bibliom\u00e9tricos. Revista espa\u00f1ola de cardiolog\u00eda, 10(52), 790-800. https:\/\/doi.org\/10.1016\/S0300-8932(99)75008-6","DOI":"10.1016\/S0300-8932(99)75008-6"},{"key":"7363","doi-asserted-by":"crossref","unstructured":"Brice\u00f1o Mar\u00edn, L. A. y Morales Rubiano, M. E. (2015). Desaf\u00edos de la pol\u00edtica p\u00fablica colombiana frente a la transferencia de resultados de investigaci\u00f3n universitaria. Via Inveniendi Et Iudicandi, 10(1), 43-86. https:\/\/doi.org\/10.15332\/s1909-0528.2015.0001.02","DOI":"10.15332\/s1909-0528.2015.0001.02"},{"key":"7364","unstructured":"Brito, M. (2002). Buen gobierno local y calidad de la democracia. Revista Instituciones y Desarrollo, 12-13, 249-279."},{"key":"7365","doi-asserted-by":"crossref","unstructured":"Bryson, J., Sancino, A., Benington, J. y S\u00f8rensen, E. (2017). Towards a multi-actor theory of public value co-creation. Public Management Review, 19(5), 640-654. https:\/\/doi.org\/10.1080\/14719037.2016.1192164","DOI":"10.1080\/14719037.2016.1192164"},{"key":"7366","doi-asserted-by":"crossref","unstructured":"Butler, P. y Harris, P. (2009). Considerations on the evolution of political marketing theory. Marketing Theory, 9(2), 149-164. https:\/\/doi.org\/10.1177\/1470593109103022","DOI":"10.1177\/1470593109103022"},{"key":"7367","doi-asserted-by":"crossref","unstructured":"Camps, D. (2008). Limitaciones de los indicadores bibliom\u00e9tricos en la evaluaci\u00f3n de la actividad cient\u00edfica biom\u00e9dica. Colombia M\u00e9dica, 39(1), 74-79. https:\/\/doi.org\/10.1016\/S0300-8932(99)75008-6","DOI":"10.1016\/S0300-8932(99)75008-6"},{"key":"7368","unstructured":"Carvajal, L. (2015). \u00bfQu\u00e9 debe hacer la administraci\u00f3n p\u00fablica colombiana para ser exitosa? [tesis de especializaci\u00f3n Universidad Militar Nueva Granada]. Repositorio Institucional Unimilitar. https:\/\/repository.unimilitar.edu.co\/handle\/10654\/6440"},{"key":"7369","unstructured":"Castro Mart\u00ednez, E. y Vega Jurado, J. (2009). Las relaciones universidad-entorno socioecon\u00f3mico en el Espacio Iberoamericano del Conocimiento. Revista iberoamericana de ciencia tecnolog\u00eda y sociedad, 4(12), 71-81."},{"key":"7370","doi-asserted-by":"crossref","unstructured":"Chen, C. A. y Bozeman, B. (2013). Understanding public and nonprofit managers\u2019 motivation through the lens of self-determination theory. Public Management Review, 15(4), 584-607. https:\/\/doi.org\/10.1080\/14719037.2012.698853","DOI":"10.1080\/14719037.2012.698853"},{"key":"7371","doi-asserted-by":"crossref","unstructured":"Chen, C. A. y Bozeman, B. (2014). Am I a public servant or am I a pathogen? Public managers\u2019sector comparison of worker abilities. Public Administration, 92(3), 549-564. https:\/\/doi.org\/10.1111\/padm.12034","DOI":"10.1111\/padm.12034"},{"key":"7372","doi-asserted-by":"crossref","unstructured":"Chen, C. A., Hsieh, C. W. y Chen, D. Y. (2014). Fostering public service motivation through workplace trust: Evidence from public managers in Taiwan. Public Administration, 92(4), 954-973. https:\/\/doi.org\/10.1111\/padm.12042","DOI":"10.1111\/padm.12042"},{"key":"7373","unstructured":"G\u00f3mez, I., Bordons, M., Morillo, F., Moreno, L., Gonz\u00e1lez, B., Candelario, A. y Herrero, M. (2007). La actividad cient\u00edfica del CSIC a trav\u00e9s del Web of Science. Estudio bibliom\u00e9trico del periodo 2000-2007. https:\/\/digital.csic.es\/handle\/10261\/20711"},{"key":"7374","unstructured":"Guevara Baltazar, A., Espejel Mena, J. y Flores Vega, M. (2010). Los retos de la nueva gesti\u00f3n p\u00fablica en Am\u00e9rica Latina. Espacios P\u00fablicos, 13(27), 33-46."},{"key":"7375","doi-asserted-by":"crossref","unstructured":"Johnston, J. (2015). Public administration: Organizational aspects. International Encyclopedia of the Social & Behavioral Sciences, 19(2), 521-525. https:\/\/doi.org\/10.1016\/B978-0-08-097086-8.73057-1","DOI":"10.1016\/B978-0-08-097086-8.73057-1"},{"key":"7376","doi-asserted-by":"crossref","unstructured":"Jurado, J. M. V., de Lucio, I. F. y L\u00f3pez, R. H. (2007). La relaci\u00f3n universidad-empresa en Am\u00e9rica Latina: \u00bfapropiaci\u00f3n incorrecta de modelos for\u00e1neos? Journal of Technology Management & Innovation, 2(3), 97-107. https:\/\/doi.org\/10.32870\/in.v0i3.7045","DOI":"10.32870\/in.v0i3.7045"},{"key":"7377","doi-asserted-by":"crossref","unstructured":"Lee, Y. J. y Wilkins, V. M. (2011). More similarities or more differences? Comparing public and nonprofit managers\u2019 job motivations. Public Administration Review, 71(1), 45-56. https:\/\/doi.org\/10.1111\/j.1540-6210.2010.02305.x","DOI":"10.1111\/j.1540-6210.2010.02305.x"},{"key":"7378","doi-asserted-by":"crossref","unstructured":"Liguori, M., Sicilia, M. y Steccolini, I. (2012). Some like it non-financial\u2026 Politicians\u2019 and managers\u2019 views on the importance of performance information. Public Management Review, 14(7), 903-922. https:\/\/doi.org\/10.1080\/14719037.2011.650054","DOI":"10.1080\/14719037.2011.650054"},{"key":"7379","doi-asserted-by":"crossref","unstructured":"McNamara, M. (2012). Starting to untangle the web of cooperation, coordination, and collaboration: A framework for public managers. International Journal of Public Administration, 35(6), 389-401.https:\/\/doi.org\/10.1080\/01900692.2012.655527","DOI":"10.1080\/01900692.2012.655527"},{"key":"7380","doi-asserted-by":"crossref","unstructured":"Melton, E. K. y Meier, K. J. (2016). For the Want of a Nail: The Interaction of Managerial Capacity and Human Resource Management on Organizational Performance. Public Administration Review, 77(1), 118-130. https:\/\/doi.org\/10.1111\/puar.12611","DOI":"10.1111\/puar.12611"},{"key":"7381","doi-asserted-by":"crossref","unstructured":"Merritt, C. C. y Kelley, D. C. (2018). What individual and organizational competencies facilitate effective collaboration? Findings from a collaborative governance simulation. Journal of Public Affairs Education, 24(1), 97-121. https:\/\/doi.org\/10.1080\/15236803.2018.1429812","DOI":"10.1080\/15236803.2018.1429812"},{"key":"7382","unstructured":"Oszlak, O. (2013). Estado abierto: \u00bfhacia un nuevo paradigma de gesti\u00f3n p\u00fablica? Retos e innovaciones, 14(1), 11-43."},{"key":"7383","doi-asserted-by":"crossref","unstructured":"O\u2019Toole Jr, L. J. (1997). Treating networks seriously: Practical and research-based agendas in public administration. Public administration review, 57(1) 45-52. https:\/\/doi.org\/10.2307\/976691","DOI":"10.2307\/976691"},{"key":"7384","doi-asserted-by":"crossref","unstructured":"Pandey, S. K. y Wright, B. E. (2006). Connecting the dots in public management: Political environment, organizational goal ambiguity, and the public manager\u2019s role ambiguity. Journal of Public Administration Research and Theory, 16(4), 511-532. https:\/\/doi.org\/10.1093\/jopart\/muj006","DOI":"10.1093\/jopart\/muj006"},{"key":"7385","doi-asserted-by":"crossref","unstructured":"Park, S. (2014). Motivation of public managers as raters in performance appraisal: Developing a model of rater motivation. Public Personnel Management, 43(4), 387-414. https:\/\/doi.org\/10.1177\/0091026014530675","DOI":"10.1177\/0091026014530675"},{"key":"7386","doi-asserted-by":"crossref","unstructured":"Park, S. M. y Rainey, H. G. (2012). Work motivation and social communication among public managers. The International Journal of Human Resource Management, 23(13), 2630-2660. https:\/\/doi.org\/10.1080\/09585192.2011.637060","DOI":"10.1080\/09585192.2011.637060"},{"key":"7387","doi-asserted-by":"crossref","unstructured":"Ram\u00edrez Alujas, \u00c1. V. (2011). El rol del Administrador P\u00fablico en Chile: \u00bfVale la pena vivir para este oficio? Una reflexi\u00f3n abierta sobre los desaf\u00edos que enfrenta la formaci\u00f3n profesional universitaria de cara al siglo XXI. Estado, Gobierno y Gesti\u00f3n P\u00fablica, 17, 35-79. https:\/\/doi.org\/10.5354\/0717-6759.2011.15591","DOI":"10.5354\/0717-6759.2011.15591"},{"key":"7388","unstructured":"Reynolds, R. (2017). Human capital contributions to organizational innovativeness: A quantitative explanatory study of firstline manager perception among Fortune 500 organizations [Tesis doctoral Capella University]. https:\/\/www.proquest.com\/openview\/feabbb88557a6ca4b78b85fe4003a0ef\/1?pq-origsite=gscholar&cbl=18750"},{"key":"7389","doi-asserted-by":"crossref","unstructured":"Riccucci, N. M., Meyers, M. K., Lurie, I. y Han, J. S. (2004). The implementation of welfare reform policy: The role of public managers in front-line practices. Public Administration Review, 64(4), 438-448. https:\/\/doi.org\/10.1111\/j.1540-6210.2004.00390.x","DOI":"10.1111\/j.1540-6210.2004.00390.x"},{"key":"7390","unstructured":"Rodr\u00edguez, R. y P\u00e9rez Parra, W. (2014). Democracia y administraci\u00f3n p\u00fablica. Academia, 13(29), 91-105."},{"key":"7391","doi-asserted-by":"crossref","unstructured":"Roman, A. V. (2017). Institutionalizing sustainability: A structural equation model of sustainable procurement in US public agencies. Journal of Cleaner Production, 143(1), 1048-1059. https:\/\/doi.org\/10.1016\/j.jclepro.2016.12.014","DOI":"10.1016\/j.jclepro.2016.12.014"},{"key":"7392","doi-asserted-by":"crossref","unstructured":"Schneider, A. (2016). Social Entrepreneurship, Entrepreneurship, Collectivism, and Everything in Between: Prototypes and Continuous Dimensions. Public Administration Review, 77(3), 421-431. https:\/\/doi.org\/10.1111\/puar.12635","DOI":"10.1111\/puar.12635"},{"key":"7393","doi-asserted-by":"crossref","unstructured":"Sedgwick, D. (2016). Building Collaboration: Examining the Relationship between Collaborative Processes and Activities. Journal of Public Administration Research and Theory, 27(2). https:\/\/doi.org\/10.1093\/jopart\/muw057","DOI":"10.1093\/jopart\/muw057"},{"key":"7394","unstructured":"Stoker, G. (1998). El buen gobierno como teor\u00eda: cinco propuestas. Revista Internacional de Ciencias Sociales, 155(1), 3-35."},{"key":"7395","unstructured":"Su\u00e1rez, C. S. y Teller\u00eda, N. A. (2000). La gesti\u00f3n \u00e9tica en la administraci\u00f3n p\u00fablica: base fundamental para la gerencia \u00e9tica del desarrollo. CICAG, 5(1), 14-26."},{"key":"7396","doi-asserted-by":"crossref","unstructured":"Taylor, W. A. y Wright, G. H. (2004). Organizational readiness for successful knowledge sharing: Challenges for public sector managers. Information Resources Management Journal (IRMJ), 17(2), 22-37. https:\/\/doi.org\/10.4018\/irmj.2004040102","DOI":"10.4018\/irmj.2004040102"},{"key":"7397","doi-asserted-by":"crossref","unstructured":"Thomson, A. M., & Perry, J. L. (2006). Collaboration Processes Inside the Black Box. Public Administration Review, 66, 20-32. https:\/\/doi.org\/10.1111\/j.1540-6210.2006.00663.x","DOI":"10.1111\/j.1540-6210.2006.00663.x"},{"key":"7398","doi-asserted-by":"crossref","unstructured":"Wise, L. R y Tschirhart, M. (2000). Examining empirical evidence on diversity effects: how useful is diversity research for public-sector managers? Public Administration Review, 60(5), 386-394. https:\/\/doi.org\/10.1111\/0033-3352.00102","DOI":"10.1111\/0033-3352.00102"}],"container-title":["Administraci\u00f3n &amp; Desarrollo"],"link":[{"URL":"https:\/\/revistas.esap.edu.co\/index.php\/admindesarro\/article\/download\/832\/658","content-type":"application\/pdf","content-version":"vor","intended-application":"text-mining"},{"URL":"https:\/\/revistas.esap.edu.co\/index.php\/admindesarro\/article\/download\/832\/667","content-type":"text\/xml","content-version":"vor","intended-application":"text-mining"},{"URL":"https:\/\/revistas.esap.edu.co\/index.php\/admindesarro\/article\/download\/832\/658","content-type":"unspecified","content-version":"vor","intended-application":"similarity-checking"}],"deposited":{"date-parts":[[2025,12,31]],"date-time":"2025-12-31T19:52:41Z","timestamp":1767210761000},"score":0.0,"resource":{"primary":{"URL":"https:\/\/revistas.esap.edu.co\/index.php\/admindesarro\/article\/view\/832"}},"issued":{"date-parts":[[2023,6,28]]},"references-count":41,"journal-issue":{"issue":"1","published-online":{"date-parts":[[2023,1,1]]}},"URL":"https:\/\/doi.org\/10.22431\/25005227.vol53n1.5","ISSN":["2500-5227","0120-3754"],"issn-type":[{"type":"electronic","value":"2500-5227"},{"type":"print","value":"0120-3754"}],"published":{"date-parts":[[2023,6,28]]}},{"indexed":{"date-parts":[[2026,6,5]],"date-time":"2026-06-05T01:59:58Z","timestamp":1780624798976,"version":"3.54.1"},"reference-count":0,"publisher":"Escuela Superior de Administracion Publica","issue":"1","license":[{"start":{"date-parts":[[2026,5,26]],"date-time":"2026-05-26T00:00:00Z","timestamp":1779753600000},"content-version":"unspecified","delay-in-days":0,"URL":"https:\/\/creativecommons.org\/licenses\/by-nc-sa\/4.0"}],"content-domain":{"domain":[],"crossmark-restriction":false},"short-container-title":["Adm. Desarro."],"abstract":"<jats:p>Problem Statement: In volatile and digitally transformed environments, traditional control models are insufficient to effectively manage complexity and foster adaptability. Objective: To analyze the evolution of organizational control through a flexible, adaptive lens, integrating complexity theory and transdisciplinarity to identify recent theoretical and empirical trends. Methodology: A qualitative systematic literature review was conducted using the PRISMA protocol. From 212 records identified in international academic databases (2015\u20132025), 30 studies met the strict eligibility criteria for final analysis. Results: Three primary trends emerged: a predominance of qualitative approaches focusing on relational control mechanisms; the integration of formal control with organizational trust; and the alignment of control with adaptive learning and agility. Conclusion: Contemporary organizational control operates as a relational, complex, and adaptive process that integrates formal structures, trust, and learning to balance stability and autonomy in uncertain environments. Contribution\/Originality: This study provides an integrative perspective by applying complexity theory and transdisciplinarity to reinterpret organizational control through a flexible, dynamic, and adaptive logic.<\/jats:p>","DOI":"10.22431\/25005227.1341","type":"journal-article","created":{"date-parts":[[2026,6,5]],"date-time":"2026-06-05T01:09:58Z","timestamp":1780621798000},"source":"Crossref","is-referenced-by-count":0,"title":["El control organizacional desde una mirada flexible y adaptable","Organizational Control from a Flexible and Adaptable Perspective"],"prefix":"10.22431","volume":"56","author":[{"ORCID":"https:\/\/orcid.org\/0009-0001-1214-3880","authenticated-orcid":false,"given":"Yaliang\u00e9lica","family":"Brice\u00f1o Romero","sequence":"first","affiliation":[],"role":[{"vocabulary":"crossref","role":"author"}]},{"ORCID":"https:\/\/orcid.org\/0000-0001-9891-553X","authenticated-orcid":false,"given":"Nadeska","family":"Gallardo Licha\u00e1","sequence":"additional","affiliation":[],"role":[{"vocabulary":"crossref","role":"author"}]}],"member":"9723","published-online":{"date-parts":[[2026,5,26]]},"container-title":["Administraci\u00f3n &amp; Desarrollo"],"link":[{"URL":"https:\/\/revistas.esap.edu.co\/index.php\/admindesarro\/article\/download\/1341\/888","content-type":"application\/pdf","content-version":"vor","intended-application":"text-mining"},{"URL":"https:\/\/revistas.esap.edu.co\/index.php\/admindesarro\/article\/download\/1341\/889","content-type":"unspecified","content-version":"vor","intended-application":"text-mining"},{"URL":"https:\/\/revistas.esap.edu.co\/index.php\/admindesarro\/article\/download\/1341\/888","content-type":"unspecified","content-version":"vor","intended-application":"similarity-checking"}],"deposited":{"date-parts":[[2026,6,5]],"date-time":"2026-06-05T01:09:58Z","timestamp":1780621798000},"score":0.0,"resource":{"primary":{"URL":"https:\/\/revistas.esap.edu.co\/index.php\/admindesarro\/article\/view\/1341"}},"issued":{"date-parts":[[2026,5,26]]},"references-count":0,"journal-issue":{"issue":"1","published-online":{"date-parts":[[2026,1,16]]}},"URL":"https:\/\/doi.org\/10.22431\/25005227.1341","ISSN":["2500-5227","0120-3754"],"issn-type":[{"value":"2500-5227","type":"electronic"},{"value":"0120-3754","type":"print"}],"published":{"date-parts":[[2026,5,26]]}},{"indexed":{"date-parts":[[2025,11,6]],"date-time":"2025-11-06T16:50:32Z","timestamp":1762447832055,"version":"build-2065373602"},"reference-count":0,"publisher":"Escuela Superior de Administracion Publica","issue":"28","license":[{"start":{"date-parts":[[2019,12,29]],"date-time":"2019-12-29T00:00:00Z","timestamp":1577577600000},"content-version":"unspecified","delay-in-days":0,"URL":"http:\/\/creativecommons.org\/licenses\/by-nc-nd\/4.0"}],"content-domain":{"domain":[],"crossmark-restriction":false},"short-container-title":["Nova vetera"],"abstract":"<jats:p>With the study on of the sustainability socio-economic of the families that had been involved in the restitution process who are located in the properties of Santa Paula and Cedro Cocido in the departmental county of Leticia in the municipality of Monteria. This study is examined several aspects as: the sustainability economic of the families returned in properties of Santa Paula and Cedro Cocido in the period 2013- 2015, the causes of the diminutive effectiveness of the productive projects , the shortcomings of this population returned in the management of productive projects that have not allowed a real and effective income-generation, the mechanisms that benefit families who are settled in this places and the reconstruction of the social fabric of families returned in the lands of Santa Paula and Cedro Cocido and knowledge by the returnee families in the path to restoration of rights for its enforceability.<\/jats:p>","DOI":"10.22431\/25005103.n28.3","type":"journal-article","created":{"date-parts":[[2022,12,29]],"date-time":"2022-12-29T01:15:54Z","timestamp":1672276554000},"page":"38-55","source":"Crossref","is-referenced-by-count":0,"title":["An\u00e1lisis de la sostenibilidad socioecon\u00f3mica de las familias restituidas en los predios Santa Paula y Cedro Cocido corregimiento de Leticia del Municipio de Monter\u00eda","Analysis of the socioeconomic sustainability of the restituted families in the Santa Paula and Cedro Cocido properties, district of Leticia in the Municipality of Monter\u00eda"],"prefix":"10.22431","author":[{"given":"Luis Fernando","family":"Otero Hoyos","sequence":"first","affiliation":[],"role":[{"role":"author","vocabulary":"crossref"}]}],"member":"9723","published-online":{"date-parts":[[2019,12,29]]},"container-title":["Nova et Vetera"],"link":[{"URL":"https:\/\/revistas.esap.edu.co\/index.php\/novaetvetera\/article\/download\/800\/648","content-type":"application\/pdf","content-version":"vor","intended-application":"text-mining"},{"URL":"https:\/\/revistas.esap.edu.co\/index.php\/novaetvetera\/article\/download\/800\/648","content-type":"unspecified","content-version":"vor","intended-application":"similarity-checking"}],"deposited":{"date-parts":[[2025,11,6]],"date-time":"2025-11-06T16:47:56Z","timestamp":1762447676000},"score":0.0,"resource":{"primary":{"URL":"https:\/\/revistas.esap.edu.co\/index.php\/novaetvetera\/article\/view\/800"}},"issued":{"date-parts":[[2019,12,29]]},"references-count":0,"journal-issue":{"issue":"28","published-online":{"date-parts":[[2019,12,29]]}},"URL":"https:\/\/doi.org\/10.22431\/25005103.n28.3","ISSN":["2500-5103","0123-2614"],"issn-type":[{"type":"electronic","value":"2500-5103"},{"type":"print","value":"0123-2614"}],"published":{"date-parts":[[2019,12,29]]}},{"indexed":{"date-parts":[[2026,6,23]],"date-time":"2026-06-23T16:48:52Z","timestamp":1782233332485,"version":"3.54.5"},"reference-count":0,"publisher":"Escuela Superior de Administracion Publica","issue":"64","license":[{"start":{"date-parts":[[2011,12,15]],"date-time":"2011-12-15T00:00:00Z","timestamp":1323907200000},"content-version":"unspecified","delay-in-days":0,"URL":"http:\/\/creativecommons.org\/licenses\/by-nc-nd\/4.0"}],"content-domain":{"domain":[],"crossmark-restriction":false},"short-container-title":["Nova vetera"],"abstract":"<jats:p>In recent years, tackling effectively human trafficking has become priority for the EU legislator. The Directive on this subject was adopted on the 5th o April 2011. It is designed to provide the powerful measures to prevent crime, to protect victims and to punish the offenders. It also promises to offer more interaction among different platforms and international instruments at the European and International level: the EU, the Council of Europe, the UN and the ILO.<\/jats:p>","DOI":"10.22431\/25005103.180","type":"journal-article","created":{"date-parts":[[2017,7,5]],"date-time":"2017-07-05T19:34:05Z","timestamp":1499283245000},"page":"227-238","source":"Crossref","is-referenced-by-count":6,"title":["EU Directive on preventing and combating trafficking in human beings and protecting victims: Will it be effective?"],"prefix":"10.22431","volume":"20","author":[{"given":"Katarsyna","family":"Gromek- Broc","sequence":"first","affiliation":[],"role":[{"vocabulary":"crossref","role":"author"}]}],"member":"9723","published-online":{"date-parts":[[2011,12,15]]},"container-title":["Nova et Vetera"],"link":[{"URL":"https:\/\/revistas.esap.edu.co\/index.php\/novaetvetera\/article\/download\/180\/pdf_1","content-type":"application\/pdf","content-version":"vor","intended-application":"text-mining"},{"URL":"https:\/\/revistas.esap.edu.co\/index.php\/novaetvetera\/article\/download\/180\/pdf_1","content-type":"unspecified","content-version":"vor","intended-application":"similarity-checking"}],"deposited":{"date-parts":[[2021,11,30]],"date-time":"2021-11-30T03:22:25Z","timestamp":1638242545000},"score":0.0,"resource":{"primary":{"URL":"https:\/\/revistas.esap.edu.co\/index.php\/novaetvetera\/article\/view\/180"}},"issued":{"date-parts":[[2011,12,15]]},"references-count":0,"journal-issue":{"issue":"64","published-online":{"date-parts":[[2011,12,15]]}},"URL":"https:\/\/doi.org\/10.22431\/25005103.180","ISSN":["2500-5103","0123-2614"],"issn-type":[{"value":"2500-5103","type":"electronic"},{"value":"0123-2614","type":"print"}],"published":{"date-parts":[[2011,12,15]]}},{"indexed":{"date-parts":[[2026,1,25]],"date-time":"2026-01-25T02:49:37Z","timestamp":1769309377428,"version":"3.49.0"},"reference-count":0,"publisher":"Escuela Superior de Administracion Publica","issue":"59","license":[{"start":{"date-parts":[[2014,12,1]],"date-time":"2014-12-01T00:00:00Z","timestamp":1417392000000},"content-version":"unspecified","delay-in-days":0,"URL":"http:\/\/creativecommons.org\/licenses\/by-nc-nd\/4.0"}],"content-domain":{"domain":[],"crossmark-restriction":false},"short-container-title":["Adm. Desarro."],"abstract":"<jats:p>El objetivo y el \u00e9xito de un Gobierno nacional o seccional es asegurar a sus ciudadanos un buen vivir o sumak kawsay, como se conoce actualmente el desarrollo socioecon\u00f3mico en Ecuador; pero ese resultado exitoso demand a a su vez de una gobernanza eficaz, esto es, de una intervenci\u00f3n del Estado en todos sus niveles; objetivo que, en el caso de la provincia de Esmeraldas, no se est\u00e1 produciendo. Ello ha motivado este estudio investigativo de revisi\u00f3n bibliogr\u00e1fica, para establecer qu\u00e9 incidencia tienen los factores socio-hist\u00f3ricos-culturales, \u00e9ticos y pol\u00edticos para que exista una gobernanza ineficaz en la provincia verde del Ecuador, y que esta gobernanza est\u00e9, a su vez, generando o contribuyendo en el mal vivir de sus ciudadanos. Los m\u00e9todos pr\u00e1cticos aplicados permiten establecer la directa relaci\u00f3n entre la gobernanza democr\u00e1tica, originada por los factores indicados, y los niveles de desarrollo humano y econ\u00f3mico de la provincia de Esmeraldas (buen vivir) que, teniendo las condiciones para tener altos est\u00e1ndares de vida de sus ciudadanos, se ubica entre las m\u00e1s atrasadas del pa\u00eds.<\/jats:p>","DOI":"10.22431\/25005227.104","type":"journal-article","created":{"date-parts":[[2017,7,5]],"date-time":"2017-07-05T16:06:06Z","timestamp":1499270766000},"page":"53-63","source":"Crossref","is-referenced-by-count":1,"title":["La gobernanza democr\u00e1tica, la gobernabilidad y el buen vivir en la provincia de Esmeraldas (Ecuador), desde la perspectiva sociocultural, \u00e9tica y pol\u00edtica"],"prefix":"10.22431","volume":"43","author":[{"given":"Cesar","family":"Saavedra Bustos","sequence":"first","affiliation":[],"role":[{"role":"author","vocabulary":"crossref"}]}],"member":"9723","published-online":{"date-parts":[[2014,12,1]]},"container-title":["Administraci\u00f3n &amp; Desarrollo"],"link":[{"URL":"https:\/\/revistas.esap.edu.co\/index.php\/admindesarro\/article\/download\/104\/pdf","content-type":"application\/pdf","content-version":"vor","intended-application":"text-mining"},{"URL":"https:\/\/revistas.esap.edu.co\/index.php\/admindesarro\/article\/download\/104\/pdf","content-type":"unspecified","content-version":"vor","intended-application":"similarity-checking"}],"deposited":{"date-parts":[[2021,11,12]],"date-time":"2021-11-12T19:11:25Z","timestamp":1636744285000},"score":0.0,"resource":{"primary":{"URL":"https:\/\/revistas.esap.edu.co\/index.php\/admindesarro\/article\/view\/104"}},"issued":{"date-parts":[[2014,12,1]]},"references-count":0,"journal-issue":{"issue":"59","published-online":{"date-parts":[[2014,12,1]]}},"URL":"https:\/\/doi.org\/10.22431\/25005227.104","ISSN":["2500-5227","0120-3754"],"issn-type":[{"value":"2500-5227","type":"electronic"},{"value":"0120-3754","type":"print"}],"published":{"date-parts":[[2014,12,1]]}},{"indexed":{"date-parts":[[2022,3,31]],"date-time":"2022-03-31T08:07:36Z","timestamp":1648714056301},"reference-count":0,"publisher":"Escuela Superior de Administracion Publica","issue":"1","license":[{"start":{"date-parts":[[2016,6,21]],"date-time":"2016-06-21T00:00:00Z","timestamp":1466467200000},"content-version":"unspecified","delay-in-days":0,"URL":"http:\/\/creativecommons.org\/licenses\/by-nc-nd\/4.0"}],"content-domain":{"domain":[],"crossmark-restriction":false},"short-container-title":["Adm. Desarro."],"abstract":"<jats:p>La presente investigaci\u00f3n pretende demostrar que s\u00f3lo a trav\u00e9s de una nueva pol\u00edtica energ\u00e9tica basada en la generaci\u00f3n, transformaci\u00f3n, transmisi\u00f3n, distribuci\u00f3n y comercializaci\u00f3n de energ\u00eda el\u00e9ctrica obtenida a trav\u00e9s de fuentes o recursos renovables en la regi\u00f3n, acompa\u00f1ada de procesos de planificaci\u00f3n, reorganizaci\u00f3n productiva y regulaci\u00f3n de marcos legales adecuados que permitan la libre inversi\u00f3n y la gobernabilidad democr\u00e1tica; la integraci\u00f3n energ\u00e9tica andina y suramericana ser\u00e1 alcanzable y deseable.\u00a0La nueva visi\u00f3n de pol\u00edtica energ\u00e9tica en la regi\u00f3n andina tendr\u00eda que estimarse con base en los principios de eficiencia, universalidad, complementariedad y competitividad que se logran a trav\u00e9s de la obtenci\u00f3n de una pol\u00edtica energ\u00e9tica m\u00e1s amplia acompa\u00f1ada de la modernizaci\u00f3n del mercado energ\u00e9tico, donde se involucre la viabilidad econ\u00f3mica, as\u00ed como el aprovechamiento macroecon\u00f3mico, industrial, social, ambiental y pol\u00edtico. En definitiva, es la b\u00fasqueda de una nueva arquitectura energ\u00e9tica en la regi\u00f3n andina, que permita la convergencia de una matriz com\u00fan, como primer paso hacia una real integraci\u00f3n energ\u00e9tica para Am\u00e9rica del Sur.\u00a0<\/jats:p>","DOI":"10.22431\/25005227.80","type":"journal-article","created":{"date-parts":[[2017,7,5]],"date-time":"2017-07-05T16:05:54Z","timestamp":1499270754000},"page":"23-32","source":"Crossref","is-referenced-by-count":0,"title":["Una nueva perspectiva de la integraci\u00f3n energ\u00e9tica en Sudam\u00e9rica"],"prefix":"10.22431","volume":"46","author":[{"given":"Carlos Hugo","family":"Angarita Calle","sequence":"first","affiliation":[],"role":[{"role":"author","vocabulary":"crossref"}]}],"member":"9723","published-online":{"date-parts":[[2016,6,21]]},"container-title":["Administraci\u00f3n &amp; Desarrollo"],"link":[{"URL":"https:\/\/revistas.esap.edu.co\/index.php\/admindesarro\/article\/download\/80\/pdf","content-type":"application\/pdf","content-version":"vor","intended-application":"text-mining"},{"URL":"https:\/\/revistas.esap.edu.co\/index.php\/admindesarro\/article\/download\/80\/pdf","content-type":"unspecified","content-version":"vor","intended-application":"similarity-checking"}],"deposited":{"date-parts":[[2021,11,12]],"date-time":"2021-11-12T19:10:17Z","timestamp":1636744217000},"score":0.0,"resource":{"primary":{"URL":"https:\/\/revistas.esap.edu.co\/index.php\/admindesarro\/article\/view\/80"}},"issued":{"date-parts":[[2016,6,21]]},"references-count":0,"journal-issue":{"issue":"1","published-online":{"date-parts":[[2016,6,21]]}},"URL":"https:\/\/doi.org\/10.22431\/25005227.80","ISSN":["2500-5227","0120-3754"],"issn-type":[{"value":"2500-5227","type":"electronic"},{"value":"0120-3754","type":"print"}],"published":{"date-parts":[[2016,6,21]]}},{"indexed":{"date-parts":[[2023,11,13]],"date-time":"2023-11-13T00:18:26Z","timestamp":1699834706533},"reference-count":45,"publisher":"Escuela Superior de Administracion Publica","issue":"2","license":[{"start":{"date-parts":[[2018,12,1]],"date-time":"2018-12-01T00:00:00Z","timestamp":1543622400000},"content-version":"unspecified","delay-in-days":0,"URL":"http:\/\/creativecommons.org\/licenses\/by-nc-nd\/4.0"}],"content-domain":{"domain":[],"crossmark-restriction":false},"short-container-title":["Adm. Desarro."],"abstract":"<jats:p>Las \u00e1reas protegidas, como instrumento para la conservaci\u00f3n \u201cin situ\u201d, constituyen un componente fundamental para la gesti\u00f3n y sostenibilidad de la biodiversidad. Sin embargo, son tambi\u00e9n objeto de disputa y conflictos derivados de las diversas interpretaciones sobre los recursos y el territorio. La gesti\u00f3n de estos conflictos debe partir de comprender las \u00e1reas protegidas y las din\u00e1micas que en estas se gestan como producto de la interacci\u00f3n entre los sistemas sociales y ecol\u00f3gicos que, adem\u00e1s, se soportan en un car\u00e1cter din\u00e1mico e hist\u00f3rico. Este documento realiza un an\u00e1lisis de los motores de presi\u00f3n sobre \u00e1reas protegidas en Colombia y propone un acercamiento conceptual para avanzar en la construcci\u00f3n de procesos de gesti\u00f3n y resoluci\u00f3n de conflictos.<\/jats:p>","DOI":"10.22431\/25005227.vol48n2.3","type":"journal-article","created":{"date-parts":[[2021,11,7]],"date-time":"2021-11-07T20:52:27Z","timestamp":1636318347000},"page":"76-106","source":"Crossref","is-referenced-by-count":0,"title":["Conflictos de uso del territorio y \u00e1reas protegidas en Colombia: aproximaciones para su an\u00e1lisis"],"prefix":"10.22431","volume":"48","author":[{"given":"Juan Esteban","family":"Monsalve","sequence":"first","affiliation":[],"role":[{"role":"author","vocabulary":"crossref"}]},{"given":"Carlos Eduardo","family":"Vargas M","sequence":"additional","affiliation":[],"role":[{"role":"author","vocabulary":"crossref"}]}],"member":"9723","published-online":{"date-parts":[[2018,12,1]]},"reference":[{"key":"415","unstructured":"Alvanera, P., Castillo, A., Lazos, E., Caballero, K., Quijas, S., Flores-D\u00edaz, A., Galicia, C., Mart\u00ednez, L., Salda\u00f1a, A., S\u00e1nchez, M., Maass, M., Garc\u00eda, P., Mart\u00ednez, Y., Galindo, L., y Sarukh\u00e1n, J. (2015) Marcos conceptuales interdisciplinarios para el estudio de los servicios ecosist\u00e9micos en am\u00e9rica latina. En: Laterra, P., Jobb\u00e1gy, y Paruelo, E. (ed) Valoraci\u00f3n de Servicios Ecosist\u00e9micos. Conceptos, Herramientas y Aplicaciones para el Ordenamiento Territorial. Primera edici\u00f3n. Ediciones INTA. (pp. 38-67)"},{"key":"416","unstructured":"Andrade G. I., M. E. Chaves, G. Corzo y C. Tapia (eds.). (2018) Transiciones socioecol\u00f3gicas hacia la sostenibilidad. Gesti\u00f3n de la biodiversidad en los procesos de cambio en el territorio continental colombiano. Primera aproximaci\u00f3n. Bogot\u00e1, Colombia: Instituto de Investigaci\u00f3n de Recursos Biol\u00f3gicos Alexander von Humboldt. 220 p."},{"key":"417","unstructured":"Borrini-Feyerabend, G., Dudley, Jaeger, N., Lassen, B., Pathak Broome, N., Phillips, A. y Sandwith, T. (2014) Gobernanza de \u00e1reas protegidas: de la comprensi\u00f3n a la acci\u00f3n. No. 20 de la Serie Directrices para buenas pr\u00e1cticas en \u00e1reas protegidas, Gland, Suiza: UICN. 123 pp."},{"key":"#cr-split#-418.1","doi-asserted-by":"crossref","unstructured":"Chapin III, F. S., Folke, C., y Kofinas, G. (2009) A Framework for Understanding Change. En Chapin III, F.S.,","DOI":"10.1007\/978-0-387-73033-2_1"},{"key":"#cr-split#-418.2","doi-asserted-by":"crossref","unstructured":"(ed) Principles of Ecosystem Stewardship. (pp. 3-28). Springer Science+ Business Media, LLC 2009. https:\/\/doi.org\/10.1007\/978-0-387-73033-2 1s","DOI":"10.1007\/978-0-387-73033-2"},{"key":"419","doi-asserted-by":"crossref","unstructured":"Collier, Paul and Anke Hoeffler (2004) \u2018Greed and Grievance in Civil War\u2019, Oxford Economic Papers 56(4): 563\u2013595.","DOI":"10.1093\/oep\/gpf064"},{"key":"420","doi-asserted-by":"crossref","unstructured":"Coronel, M. y Sol\u00f3rzano, J. (2017) Comunidades locales y pueblos ind\u00edgenas. Su rol en la conservaci\u00f3n, mantenimiento y creaci\u00f3n de \u00e1reas protegidas. Iniciativa Visi\u00f3n Amaz\u00f3nica. REDPARQUES, WWF, FAO, UICN, ONU Medio Ambiente. 192pp. Quito, Ecuador: UICN. DOI: https:\/\/doi.org\/10.2305\/IUCN.CH.2017.09.es","DOI":"10.2305\/IUCN.CH.2017.09.es"},{"key":"421","doi-asserted-by":"crossref","unstructured":"Cuervo, L. M. (2012) \u00c9tica territorial. \u00c9tica y pol\u00edtica econ\u00f3mica. Discusi\u00f3n de sus relaciones fundamentales a la luz de las pol\u00edticas de desarrollo territorial. Santiago de Chile: CEPAL.","DOI":"10.24302\/drd.v2i2.294"},{"key":"422","unstructured":"DANE (2016) 3er CENSO NACIONAL AGROPECUARIO. TOMO 2: RESULTADOS. Bogot\u00e1 DC, Colombia: DANE de desarrollo territorial. Santiago de Chile: CEPAL."},{"key":"423","unstructured":"Decreto-Ley 2811. (18 de diciembre de 1974). Rep\u00fablica de Colombia. Publicado en Diario Oficial No. 34243."},{"key":"424","unstructured":"Decreto 2372 (01 de julio de 2010). Presidencia de la rep\u00fablica de Colombia. Publicado en Diario Oficial 47757 de julio 1 de 2010"},{"key":"425","unstructured":"DNP (2014) Plan Nacional de Desarrollo 2014 \u2013 2018 \u201cTodos por un nuevo pa\u00eds\u201d. Bogot\u00e1 D.C. Departamento Nacional de Planeaci\u00f3n."},{"key":"426","doi-asserted-by":"crossref","unstructured":"Fearon, James D. & David D. Laitin (2003) Ethnicity, Insurgency, and Civil War, American Political Science Review 97(1): 75\u201390.","DOI":"10.1017\/S0003055403000534"},{"key":"427","doi-asserted-by":"crossref","unstructured":"Dudley, N. (Editor) (2008) Directrices para la aplicaci\u00f3n de las categor\u00edas de gesti\u00f3n de \u00e1reas protegidas. Gland, Suiza: UICN.","DOI":"10.2305\/IUCN.CH.2008.PAPS.2.es"},{"key":"428","doi-asserted-by":"crossref","unstructured":"Eckerberg, K. y Joas, M. (2004) Multi-level Environmental Governance: a concept under stress? Local Environment. 9(5), 405-412.","DOI":"10.1080\/1354983042000255315"},{"key":"429","unstructured":"Fandi\u00f1o, M.C. y Ferreira, P. (Editores) (1998) Colombia Biodiversidad Siglo XXI. Bogot\u00e1, Colombia: : Instituto de Investigaci\u00f3n de Recursos Biol\u00f3gicos Alexander von Humboldt, Ministerio del Medio Ambiente, DNP. 240p."},{"key":"430","unstructured":"FAO (2012) Directrices voluntarias sobre la Gobernanza responsable de la tenencia de la tierra, la pesca y los bosques en el contexto de la seguridad alimentaria nacional. Roma, Italia: FAO"},{"key":"431","unstructured":"FAO (2016) Cuarenta a\u00f1os de la forester\u00eda comunitaria. Un estudio sobre su alcance y eficacia. Roma, Italia: FAO"},{"key":"432","unstructured":"FAO (2018) Fortalecer las pol\u00edticas sectoriales para mejorar los resultados en materia de seguridad alimentaria y nutrici\u00f3n. Roma, Italia: FAO"},{"key":"433","doi-asserted-by":"crossref","unstructured":"Folke, C., Hahn, T., Olsson, L. y Norberg, J. (2005) Adaptive governance of social- ecological systems. Annual Review of Environment and Resources. 30, 441-473. https:\/\/10.1146\/annurev.energy.30.050504.144511","DOI":"10.1146\/annurev.energy.30.050504.144511"},{"key":"434","unstructured":"IGAC (2012) Estudio de los conflictos de uso del territorio Colombia. Escala 1:100.000. Bogot\u00e1, D. C."},{"key":"435","doi-asserted-by":"crossref","unstructured":"Kobe De Pourcq, Evert Thomas, Patrick Van Damme, Tom\u00e1s L\u00e9on-Sicard (2017) An\u00e1lisis de los confictos entre comunidades locales y autoridades de conservaci\u00f3n en Colombia. Causas y recomendaciones. En Gesti\u00f3n y Ambiente (20). P\u00e1gs 122 \u2013 139.","DOI":"10.15446\/ga.v20n1.71174"},{"key":"436","unstructured":"Latorre, Juan Pablo y Corredor, Luisa Patricia (2010) Monitoreo Satelital de las Coberturas de la Tierra para la Caracterizaci\u00f3n de Indicadores de Estado y Presi\u00f3n en los Parques Nacionales Naturales de Colombia. L\u00ednea base 2000 \u2013 2002."},{"key":"437","unstructured":"Latorre, Juan Pablo y Corredor, Luisa Patricia (2011) Monitoreo Satelital de las Coberturas de la Tierra para la Caracterizaci\u00f3n de Indicadores de Estado y Presi\u00f3n en los Parques Nacionales Naturales de Colombia. Per\u00edodo 2005\u2013 2007."},{"key":"438","unstructured":"Latorre, Juan Pablo y Corredor, Luisa Patricia (2013) Monitoreo Satelital de las Coberturas de la Tierra para la Caracterizaci\u00f3n de Indicadores de Estado y Presi\u00f3n en los Parques Nacionales Naturales de Colombia. Per\u00edodo 2010 \u2013 2012."},{"key":"439","unstructured":"Latorre, Juan Pablo y Corredor, Luisa Patricia (2017) Monitoreo Satelital de las Coberturas de la Tierra para la Caracterizaci\u00f3n de Indicadores de Estado y Presi\u00f3n en los Parques Nacionales Naturales de Colombia. Per\u00edodo 2014 \u2013 2015."},{"key":"440","unstructured":"Ley 2 de 1959. (16 de diciembre de 1959). Rep\u00fablica de Colombia."},{"key":"441","doi-asserted-by":"crossref","unstructured":"Melo, J. O. (2017). Historia M\u00ednima de Colombia. Turner Publicaciones.","DOI":"10.2307\/j.ctv1nhm21"},{"key":"442","doi-asserted-by":"crossref","unstructured":"Munk, H. Y G\u00f3mez, L.I. (2014) La Importancia de la Inequidad para la Gobernanza de los Recursos Naturales: Evidencia extra\u00edda de Dos Territorios Nicarag\u00fcenses. World Development. 73, 72-84. https:\/\/doi.org\/10.1016\/j.worlddev.2014.11.001","DOI":"10.1016\/j.worlddev.2014.11.001"},{"key":"443","unstructured":"PNNC (2018) Parque Nacional Natural Sierra de la Macarena. Plan de Manejo 2018 \u2013 2023. Direcci\u00f3n Territorial Orinoqu\u00eda. Junio de 2018."},{"key":"444","unstructured":"PNNC (2018) Parque Nacional Natural Tinigua. Plan de Manejo 2018 \u2013 2023. Direcci\u00f3n Territorial Orinoqu\u00eda. Junio de 2018."},{"key":"445","unstructured":"PNNC (2017) Parque Nacional Natural Cordillera de los Picachos. Plan de Manejo. Direcci\u00f3n Territorial Orinoqu\u00eda. Septiembre de 2018."},{"key":"446","unstructured":"PNNC (2018) Caracterizaci\u00f3n de Presiones en Parques Nacionales Naturales de Colombia. Identificadas desde el monitoreo de coberturas de la tierra. Subdirecci\u00f3n de Gesti\u00f3n y Manejo de \u00c1reas. Grupo de Sistemas de Informaci\u00f3n y Radiocomunicaciones."},{"key":"447","unstructured":"PNUD (2011) Colombia Rural. Razones para la Esperanza. Informe Nacional de Desarrollo Humano 2011. Bogot\u00e1 INDH: PNUD. Septiembre."},{"key":"448","unstructured":"Ponce de Le\u00f3n, E. (2005) Estudio jur\u00eddico sobre las categor\u00edas regionales de \u00e1reas protegidas. Bogot\u00e1, Colombia: Instituto de Investigaci\u00f3n de Recursos Biol\u00f3gicos Alexander von Humboldt"},{"key":"449","unstructured":"UNODC \u2013 SIMCI (2018) Colombia, Monitoreo de territorios afectados por cultivos il\u00edcitos 2017. Septiembre de 2018."},{"key":"450","unstructured":"Unidad de Planificaci\u00f3n Rural Agropecuaria (UPRA). (2016). Lineamientos para el ordenamiento territorial agropecuario. Anexo 3. An\u00e1lisis de los Conflictos de Ordenamiento Territorial y Productivo que Afectan el Eficiente Uso del Suelo Rural. Bogot\u00e1 (Colombia). UPRA."},{"key":"451","unstructured":"Rodr\u00edguez, Manuel (1994) INDERENA, El gran pionero de la gesti\u00f3n ambiental en Colombia. Art\u00edculo tomado de Memoria del primer ministro del medio ambiente. Tomo I. Manuel Rodr\u00edguez Becerra. 7 de febrero-6 de agosto de 1994."},{"key":"452","unstructured":"Secretar\u00eda del Convenio sobre la Diversidad Biol\u00f3gica (2004). Enfoque por ecosistemas. 50 p. (Directrices del CDB)"},{"key":"453","unstructured":"Secretar\u00eda del Convenio sobre la Diversidad Biol\u00f3gica (2004) Principios y directrices de Addis Abeba para la utilizaci\u00f3n sostenible de la diversidad biol\u00f3gica (Directrices del CDB) Montreal, Canad\u00e1: Secretar\u00eda del Convenio sobre la Diversidad Biol\u00f3gica, 21 p."},{"key":"454","unstructured":"UAESPNN (2005) Parque Nacional Natural Paramillo. Plan de Manejo 2004 \u2013 2011. Direcci\u00f3n Territorial Noroccidental. Tierralta, C\u00f3rdoba. 2005."},{"key":"455","unstructured":"UAESPNN (2005) Parque Nacional Natural Sierra Nevada de Santa Marta. Plan de Manejo B\u00e1sico 2004 \u2013 2009. Territorial Costa Atl\u00e1ntica. Santa Marta, Magdalena. 2005."},{"key":"456","doi-asserted-by":"crossref","unstructured":"Urquiza, A. y Cadenas, H. (2015) Sistemas socio- ecol\u00f3gicos: elementos te\u00f3ricos y conceptuales para la discusi\u00f3n en torno a vulnerabilidad h\u00eddrica. en L\u2019Ordinaire des Am\u00e9riques [En l\u00ednea] N 218. Consultado el 26 de 28 enero de 2019. URL: http:\/\/journals.openedition.org\/orda\/1774 https:\/\/doi.org\/10.4000\/orda.1774","DOI":"10.4000\/orda.1774"},{"key":"457","unstructured":"Vargas, C., Monsalve, J., Mafla, H. (2018) An\u00e1lisis de Coberturas de Suelos, Conflictos de Uso y Estructura de la Tenencia de la Tierra en Municipios de Influencia del Parque Nacional Natural \u2013 PNN Sierra Nevada de Santa Marta. Equipo FAO \u2013 UPRA. Proyecto de Directrices de Gobernanza de la Tierra. FAO. Documento de trabajo"},{"key":"458","doi-asserted-by":"crossref","unstructured":"Zurbriggen, C. (2011) Gobernanza: una mirada desde Am\u00e9rica Latina. Perfiles latinoamericanos, 19(38), 39- 64. Recuperado en 27 de enero de 2019, de http:\/\/www.scielo.org.mx\/scielo.php?script=sci_arttextypid=S0188-76532011000200002ylng=esytlng=es","DOI":"10.18504\/pl1938-039-2011"}],"container-title":["Administraci\u00f3n y Desarrollo"],"link":[{"URL":"https:\/\/revistas.esap.edu.co\/index.php\/admindesarro\/article\/download\/538\/496","content-type":"application\/pdf","content-version":"vor","intended-application":"text-mining"},{"URL":"https:\/\/revistas.esap.edu.co\/index.php\/admindesarro\/article\/download\/538\/496","content-type":"unspecified","content-version":"vor","intended-application":"similarity-checking"}],"deposited":{"date-parts":[[2023,11,12]],"date-time":"2023-11-12T10:09:56Z","timestamp":1699783796000},"score":0.0,"resource":{"primary":{"URL":"https:\/\/revistas.esap.edu.co\/index.php\/admindesarro\/article\/view\/538"}},"issued":{"date-parts":[[2018,12,1]]},"references-count":45,"journal-issue":{"issue":"2","published-online":{"date-parts":[[2018,12,31]]}},"URL":"https:\/\/doi.org\/10.22431\/25005227.vol48n2.3","ISSN":["2500-5227","0120-3754"],"issn-type":[{"value":"2500-5227","type":"electronic"},{"value":"0120-3754","type":"print"}],"published":{"date-parts":[[2018,12,1]]}},{"indexed":{"date-parts":[[2022,4,4]],"date-time":"2022-04-04T08:50:45Z","timestamp":1649062245575},"reference-count":0,"publisher":"Escuela Superior de Administracion Publica","license":[{"start":{"date-parts":[[2016,10,10]],"date-time":"2016-10-10T00:00:00Z","timestamp":1476057600000},"content-version":"unspecified","delay-in-days":0,"URL":"http:\/\/creativecommons.org\/licenses\/by-nc-nd\/4.0"}],"content-domain":{"domain":[],"crossmark-restriction":false},"short-container-title":["Nova vetera"],"abstract":"<jats:p>El presente art\u00edculo maneja la hip\u00f3tesis que el arte y los procesos culturales pueden ser un escenario propicio para la reparaci\u00f3n a las v\u00edctimas del conflicto armado colombiano, para ello se parte de una experiencia particular, el Carnaval de Negros y Blancos que se juega en el departamento de Nari\u00f1o, encontrando que hay elementos claves para poder iniciar procesos de reconstrucci\u00f3n colectiva a trav\u00e9s de las pr\u00e1cticas y singularidades propias de esta experiencia social, tales como son el encuentro con las alteridades y la apropiaci\u00f3n de elementos del com\u00fan social, como son el permiso para poder iniciar la fiesta, la invitaci\u00f3n al juego y la asimilaci\u00f3n de la fiesta como un proceso de purificaci\u00f3n que permite reconocer en el otro la posibilidad del ejercicio de encuentro.<\/jats:p>","DOI":"10.22431\/25005103.52","type":"journal-article","created":{"date-parts":[[2017,7,5]],"date-time":"2017-07-05T19:34:05Z","timestamp":1499283245000},"page":"20-30","source":"Crossref","is-referenced-by-count":0,"title":["Reparaci\u00f3n a v\u00edctimas de DD.HH desde la perspectiva del arte y los procesos culturales"],"prefix":"10.22431","volume":"25","author":[{"given":"Ricardo German","family":"Chaves Bustos","sequence":"first","affiliation":[],"role":[{"role":"author","vocabulary":"crossref"}]}],"member":"9723","published-online":{"date-parts":[[2016,10,10]]},"container-title":["Nova et Vetera"],"link":[{"URL":"https:\/\/revistas.esap.edu.co\/index.php\/novaetvetera\/article\/download\/52\/pdf","content-type":"application\/pdf","content-version":"vor","intended-application":"text-mining"},{"URL":"https:\/\/revistas.esap.edu.co\/index.php\/novaetvetera\/article\/download\/52\/pdf","content-type":"unspecified","content-version":"vor","intended-application":"similarity-checking"}],"deposited":{"date-parts":[[2021,11,30]],"date-time":"2021-11-30T03:20:37Z","timestamp":1638242437000},"score":0.0,"resource":{"primary":{"URL":"https:\/\/revistas.esap.edu.co\/index.php\/novaetvetera\/article\/view\/52"}},"issued":{"date-parts":[[2016,10,10]]},"references-count":0,"URL":"https:\/\/doi.org\/10.22431\/25005103.52","ISSN":["2500-5103","0123-2614"],"issn-type":[{"value":"2500-5103","type":"electronic"},{"value":"0123-2614","type":"print"}],"published":{"date-parts":[[2016,10,10]]}},{"indexed":{"date-parts":[[2025,12,31]],"date-time":"2025-12-31T20:04:21Z","timestamp":1767211461996,"version":"3.48.0"},"reference-count":37,"publisher":"Escuela Superior de Administracion Publica","issue":"2","license":[{"start":{"date-parts":[[2023,12,5]],"date-time":"2023-12-05T00:00:00Z","timestamp":1701734400000},"content-version":"unspecified","delay-in-days":0,"URL":"https:\/\/creativecommons.org\/licenses\/by-nc-sa\/4.0"}],"content-domain":{"domain":[],"crossmark-restriction":false},"short-container-title":["Adm. Desarro."],"abstract":"<jats:p>Public policies, as actions to address social issues, often exhibit deficiencies in the definition, justification, and formulation of objectives, directly impacting their effectiveness. This study focuses on evaluating the design of public policies to enhance their adaptation to territorial contexts. The methodology employed is a comparative evaluative approach, involving the analysis of various evaluation models to create a new one. The proposed evaluation framework consists of four phases: strategic foundation, exploration and deep contextualization in design evaluation, analysis of evaluation results, and preparation and disclosure of the final report. These phases encompass eight categories, emphasizing aspects such as the strategic component of public policy and its alignment with local and international perspectives. The results provide a comprehensive framework for assessing and enhancing the design of public policies, promoting their effectiveness and adaptability.<\/jats:p>","DOI":"10.22431\/25005227.vol53n2.9","type":"journal-article","created":{"date-parts":[[2023,12,5]],"date-time":"2023-12-05T14:07:51Z","timestamp":1701785271000},"source":"Crossref","is-referenced-by-count":0,"title":["Evaluaci\u00f3n del dise\u00f1o para adaptar pol\u00edticas p\u00fablicas en territorios","Design evaluation to adapt public policies in territories"],"prefix":"10.22431","volume":"53","author":[{"ORCID":"https:\/\/orcid.org\/0000-0003-3267-5283","authenticated-orcid":false,"given":"Jeammy Julieth","family":"Sierra Hern\u00e1ndez","sequence":"first","affiliation":[],"role":[{"role":"author","vocabulary":"crossref"}]},{"ORCID":"https:\/\/orcid.org\/0000-0002-2453-1477","authenticated-orcid":false,"given":"Yenny Yarley","family":"Garz\u00f3n Rodr\u00edguez","sequence":"additional","affiliation":[],"role":[{"role":"author","vocabulary":"crossref"}]}],"member":"9723","published-online":{"date-parts":[[2023,12,5]]},"reference":[{"key":"10779","unstructured":"Aguilar, L. F. (2007). El aporte de la pol\u00edtica p\u00fablica y de la Nueva Gesti\u00f3n P\u00fablica a la gobernanza. Revista CLAD Reforma y Democracia(39), 5-32. https:\/\/www.redalyc.org\/articulo.oa?id=357533693001"},{"key":"10780","unstructured":"Anderson, J. (1975). Public Policy Making. New York: Praeger."},{"key":"10781","unstructured":"Arenas, D. (2021). Evaluaci\u00f3n de programas p\u00fablicos. Santiago, Chile: Comisi\u00f3n Econ\u00f3mica para Am\u00e9rica Latina y el Caribe (CEPAL). https:\/\/repositorio.cepal.org\/bitstream\/handle\/11362\/46795\/S2100039_es.pdf?sequence=1&isAllowed=y"},{"key":"10782","unstructured":"Arrechea, R. (2018). Gobierno de Arag\u00f3n. Gobierno de Arag\u00f3n: https:\/\/transparencia.aragon.es\/sites\/default\/files\/documents\/igs2018_guia_eval_politicas_publ.pdf"},{"key":"10783","unstructured":"Bamberger, M. y Segone, M. (2012). Red Peruana de Evaluaci\u00f3n. Red Peruana de Evaluaci\u00f3n: https:\/\/www.evalperu.org\/recursos\/como-disenar-y-gestionar-evaluaciones-centradas-en-la-equidad\/"},{"key":"10784","unstructured":"Bausela, H. E. (2003). Metodolog\u00eda de la investigaci\u00f3n evaluativa: modelo CIPP. Revista Complutense de Educaci\u00f3n, 14(2), 361-376. https:\/\/redined.educacion.gob.es\/xmlui\/bitstream\/handle\/11162\/125902\/17241-17317-1-PB.pdf?sequence=1&isAllowed=y"},{"key":"10785","unstructured":"Bertranou, J. (2019). El seguimiento y evaluaci\u00f3n de Pol\u00edticas P\u00fablicas. Millcayac - Revista Digital De Ciencias Sociales, 6(10), 151\u2013188. https:\/\/revistas.uncu.edu.ar\/ojs3\/index.php\/millca-digital\/article\/view\/1730"},{"key":"10786","unstructured":"Betancourt Garc\u00eda, M. y Ram\u00edrez Chaparro, C. A. (2008). Pol\u00edtica P\u00fablica Territorial 1. Bogot\u00e1: Escuela Superior de Administraci\u00f3n P\u00fablica. https:\/\/repositoriocdim.esap.edu.co\/bitstream\/handle\/123456789\/26026\/1-Gobierno-y-Politica-Publica.pdf?sequence=1"},{"key":"10787","doi-asserted-by":"crossref","unstructured":"Birkland, T. A. (2020). An Introduction to the Policy Process: Theories, Concepts, and Models of Public Policy Making (5th ed.). Taylor & Francis.","DOI":"10.4324\/9781315292335"},{"key":"10788","unstructured":"Casillas, C., Mac\u00eda, M. y Rico, J. (2020). Gu\u00eda de evaluaci\u00f3n de dise\u00f1o de pol\u00edticas p\u00fablicas. Secretar\u00eda de Estado de Pol\u00edtica Territorial y Funci\u00f3n P\u00fablica. Ministerio de Hacienda y Funci\u00f3n P\u00fablica: https:\/\/funcionpublica.hacienda.gob.es\/dam\/es\/portalsefp\/evaluacion-politicas-publicas\/Documentos\/Metodologias\/Guia_de_Evaluacion_de_Diseno.pdf"},{"key":"10789","unstructured":"Casillas, C., Mac\u00eda, M., Marisa, M., Paja, M., Rico, j. y Ruiz, A. (2015). Gu\u00eda pr\u00e1ctica para el dise\u00f1o y la realizaci\u00f3n de evaluaciones de pol\u00edticas p\u00fablicas. Agencia Estatal de Evaluaci\u00f3n de las Pol\u00edticas P\u00fablicas y la Calidad de los Servicios. Ministerio de Hacienda y Funci\u00f3n P\u00fablica: https:\/\/funcionpublica.hacienda.gob.es\/dam\/es\/portalsefp\/evaluacion-politicas-publicas\/Documentos\/Metodologias\/Guia1.pdf"},{"key":"10790","unstructured":"Congreso de la Rep\u00fablica de Colombia. (1991). Constituci\u00f3n Pol\u00edtica de Colombia. Gaceta Oficial del Congreso. http:\/\/www.secretariasenado.gov.co\/"},{"key":"10791","unstructured":"De la Fuente, \u00c1., De Rus, G., Fern\u00e1ndez, M., Garc\u00eda, M. \u00c1., Jansen, M., Jim\u00e9nez, S., . . . Sicilia, J. (2021). La evaluaci\u00f3n de pol\u00edticas p\u00fablicas en Espa\u00f1a. Madrid: Fedea Policy Papers. https:\/\/documentos.fedea.net\/pubs\/fpp\/2021\/10\/FPP2021-09.pdf?utm_source=wordpress&utm_medium=actualidad&utm_campaign=estudio&_ga=2.22197500.619120242.1693090137-1471176622.1693090137&_gl=1*1j3gu7t*_ga*MTQ3MTE3NjYyMi4xNjkzMDkwMTM3*_ga_K71EGLC8JC*MTY5MzA5MD"},{"key":"10792","unstructured":"Departamento Nacional de Planeaci\u00f3n (DNP). (2019). Las pol\u00edticas p\u00fablicas y el desarrollo territorial en Colombia. Bogot\u00e1, D.C.: Departamento Nacional de Planeaci\u00f3n (DNP)."},{"key":"10793","unstructured":"Departamento Nacional de Planeaci\u00f3n (DNP). (2020). Departamento Nacional de Planeaci\u00f3n (DNP). Departamento Nacional de Planeaci\u00f3n (DNP): https:\/\/colaboracion.dnp.gov.co\/CDT\/DNP\/SIG\/PT-CA-03%20Formulaci%C3%B3n%20de%20Pol%C3%ADticas%20P%C3%BAblicas%20y%20Programas.Pu.pdf"},{"key":"10794","unstructured":"Dunn, W. (2008). Public Policy Analysis: An introduction. Prentice Hall."},{"key":"10795","unstructured":"El Consejo Nacional de Evaluaci\u00f3n de la Pol\u00edtica de Desarrollo Social (CONEVAL). (s.f.). Evaluaci\u00f3n de la Politica Social, evaluaci\u00f3n de Dise\u00f1o. https:\/\/www.coneval.org.mx\/Evaluacion\/MDE\/Paginas\/Evaluaciones_Diseno.aspx"},{"key":"10796","unstructured":"Fajardo, J. (2016). La evaluaci\u00f3n de dise\u00f1o, como instrumento para mejorar las pol\u00edticas p\u00fablicas y el ejercicio del control p\u00fablico. IV Congreso Internacional de Investigaci\u00f3n en Gesti\u00f3n P\u00fablica (p. 16). Escuela Superior de Administraci\u00f3n P\u00fablica, Instituto de Estudios del Ministerio P\u00fablico, la Fundaci\u00f3n Universitaria Konrad Lorenz."},{"key":"10797","doi-asserted-by":"crossref","unstructured":"Fischer, F., Gerald J, M. y Mara S, S. (2017). Handbook of Public Policy Analysis: Theory, Politics, and Methods (Public Administration and Public Policy). En F. Fischer, & J. M. Gerald, Handbook of Public Policy Analysis: Theory, Politics, and Methods (Public Administration and Public Policy) (p. 668). New Jersey: CRC Press.","DOI":"10.4324\/9781315093192"},{"key":"10798","doi-asserted-by":"crossref","unstructured":"Fuenmayor, J. (2017). Actores en las decisiones p\u00fablicas. Econ\u00f3micas CUC, 38(2), 43-60. https:\/\/doi.org\/10.17981\/econcuc.38.2.2017.04","DOI":"10.17981\/econcuc.38.2.2017.04"},{"key":"10799","doi-asserted-by":"crossref","unstructured":"Gover, A. R. y Moore, A. M. (2021). The 1994 Violence Against Women Act: A Historic Response to Gender Violence. Violence Against Women, 29(1), 8-29. https:\/\/doi.org\/10.1177\/1077801220949705","DOI":"10.1177\/1077801220949705"},{"key":"10800","doi-asserted-by":"crossref","unstructured":"Guzm\u00e1n-Le\u00f3n, A. (2016). Comparar para construir pol\u00edtica p\u00fablica en tiempos de globalizaci\u00f3n. Universia, 7(20), 135-156.","DOI":"10.22201\/iisue.20072872e.2016.20.204"},{"key":"10801","unstructured":"Jones, C. O. (1970). An Introduction to the Study of Public Policy. Pensilvania: La Universidad de Pittsburgh."},{"key":"10802","doi-asserted-by":"crossref","unstructured":"L\u00f3pez, D. F. (2021). Las pol\u00edticas p\u00fablicas como garant\u00eda de los derechos fundamentales. Sociedad & Tecnolog\u00eda, 4(S1), 44\u201360. https:\/\/doi.org\/10.51247\/st.v4iS1.113","DOI":"10.51247\/st.v4iS1.113"},{"key":"10803","unstructured":"Monnier, E. (1995). Evaluaci\u00f3n de la acci\u00f3n de los poderes p\u00fablicos. Madrid: Ministerio de Hacienda."},{"key":"10804","unstructured":"Morales, C. P. (2020). Desarrollo territorial sostenible y nuevas ciudadan\u00edas: Consideraciones sobre pol\u00edticas p\u00fablicas para un mundo en transformaci\u00f3n. Santiago, Chile: Comisi\u00f3n Econ\u00f3mica para Am\u00e9rica Latina y el Caribe. https:\/\/repositorio.cepal.org\/items\/59ac3029-860f-4e9e-9b47-6be11bee2ac9"},{"key":"10805","doi-asserted-by":"crossref","unstructured":"Oszlak, O. y O'Donnell, G. (1995). Estado y pol\u00edticas estatales en Am\u00e9rica Latina: hacia una estrategia de investigaci\u00f3n. Redes, 2(4), 99-128. https:\/\/www.redalyc.org\/pdf\/907\/90711285004.pdf","DOI":"10.48160\/18517072re4.735"},{"key":"10806","unstructured":"Reverol, J., Faria, J. y Parra, A. (2008). Esperanza activa en la planificaci\u00f3n estrat\u00e9gica para la administraci\u00f3n de la salud p\u00fablica. CICAG,, 54-70. http:\/\/ojs.urbe.edu\/index.php\/cicag\/article\/view\/451"},{"key":"10807","unstructured":"Roth Deubel, A. N. (2002). Pol\u00edticas P\u00fablicas Formulaci\u00f3n, Implementaci\u00f3n y Evaluaci\u00f3n. Bogot\u00e1: Ediciones Aurora."},{"key":"10808","unstructured":"Roth Deubel, A.-N. (Enero de 2019). Las pol\u00edticas p\u00fablicas y la gesti\u00f3n p\u00fablica: un an\u00e1lisis desde la teor\u00eda y la pr\u00e1ctica. Estudios de la Gesti\u00f3n: revista internacional de administraci\u00f3n, No. 5. (J. Rivera, Entrevistador). https:\/\/revistas.uasb.edu.ec\/index.php\/eg\/article\/download\/1207\/1125"},{"key":"10809","doi-asserted-by":"crossref","unstructured":"S\u00e1nchez, D. (2020). Introducci\u00f3n al estudio de las pol\u00edticas p\u00fablicas. Saber Servir(4), 59-76. https:\/\/doi.org\/10.54774\/ss.2020.04.04","DOI":"10.54774\/ss.2020.04.04"},{"key":"10810","doi-asserted-by":"crossref","unstructured":"Sierra Hern\u00e1ndez, J. J. (2021). Evaluaci\u00f3n Ex\u00f3gena de la Capacidad Institucional en Tiempo de Crisis (Covid-19): Resiliencia Gubernamental Local. Administraci\u00f3n & Desarrollo, 51(2), 203-227. https:\/\/doi.org\/10.22431\/25005227.vol51n2.9","DOI":"10.22431\/25005227.vol51n2.9"},{"key":"10811","unstructured":"Tamayo S\u00e1ez, M. (1997). El an\u00e1lisis de las pol\u00edticas p\u00fablicas. En R. Ba\u00f1\u00f3n, y C. Ernesto, La nueva Administraci\u00f3n P\u00fablica (pp. 281-312). Alianza."},{"key":"10812","doi-asserted-by":"crossref","unstructured":"Tejedor, F. (2000). El dise\u00f1o y los dise\u00f1os en la evaluaci\u00f3n de programas. Revista de Investigaci\u00f3n Educativa, 18(2), 319-339. https:\/\/doi.org\/10.6018\/rie","DOI":"10.6018\/rie"},{"key":"10813","unstructured":"Torres Melo, J. y Santander, J. (2013). Introducci\u00f3n a las pol\u00edticas p\u00fablicas: Conceptos y herramientas desde la relaci\u00f3n entre Estado y ciudadan\u00eda. Bogot\u00e1 D.C. Colombia: IEMP Ediciones. https:\/\/www.researchgate.net\/publication\/361619865_Introduccion_a_las_politicas_publicas_Conceptos_y_herramientas_desde_la_relacion_entre_Estado_y_ciudadania\/link\/62bcc44893242c74cad77bdc\/download"},{"key":"10814","unstructured":"Urbanos, R. (2012). Evaluaci\u00f3n de pol\u00edticas p\u00fablicas. Madrid: Unidades Docentes de la Escuela Nacional de Sanidad. http:\/\/e-spacio.uned.es\/fez\/eserv\/bibliuned:500666\/n7.10_Evaluaci__n_de_pol__ticas_p__blicas.pdf"},{"key":"10815","unstructured":"V\u00e1zquez H, M. (22 de Junio de 2022). Evaluaci\u00f3n de pol\u00edticas y programas p\u00fablicos municipales: el caso de los municipios de Michoac\u00e1n, M\u00e9xico. Enfoques, 52-79. http:\/\/www.revistaenfoques.cl\/index.php\/revista-uno\/article\/view\/564"}],"container-title":["Administraci\u00f3n &amp; Desarrollo"],"link":[{"URL":"https:\/\/revistas.esap.edu.co\/index.php\/admindesarro\/article\/download\/873\/714","content-type":"application\/pdf","content-version":"vor","intended-application":"text-mining"},{"URL":"https:\/\/revistas.esap.edu.co\/index.php\/admindesarro\/article\/download\/873\/729","content-type":"text\/xml","content-version":"vor","intended-application":"text-mining"},{"URL":"https:\/\/revistas.esap.edu.co\/index.php\/admindesarro\/article\/download\/873\/714","content-type":"unspecified","content-version":"vor","intended-application":"similarity-checking"}],"deposited":{"date-parts":[[2025,12,31]],"date-time":"2025-12-31T19:59:52Z","timestamp":1767211192000},"score":0.0,"resource":{"primary":{"URL":"https:\/\/revistas.esap.edu.co\/index.php\/admindesarro\/article\/view\/873"}},"issued":{"date-parts":[[2023,12,5]]},"references-count":37,"journal-issue":{"issue":"2","published-online":{"date-parts":[[2023,7,1]]}},"URL":"https:\/\/doi.org\/10.22431\/25005227.vol53n2.9","ISSN":["2500-5227","0120-3754"],"issn-type":[{"type":"electronic","value":"2500-5227"},{"type":"print","value":"0120-3754"}],"published":{"date-parts":[[2023,12,5]]}},{"indexed":{"date-parts":[[2026,6,27]],"date-time":"2026-06-27T07:42:20Z","timestamp":1782546140356,"version":"3.54.5"},"reference-count":0,"publisher":"Escuela Superior de Administracion Publica","issue":"1","license":[{"start":{"date-parts":[[2017,6,30]],"date-time":"2017-06-30T00:00:00Z","timestamp":1498780800000},"content-version":"unspecified","delay-in-days":0,"URL":"http:\/\/creativecommons.org\/licenses\/by-nc-nd\/4.0"}],"content-domain":{"domain":[],"crossmark-restriction":false},"short-container-title":["Adm. Desarro."],"abstract":"<jats:p>En ese ensayo se problematiza la cr\u00edtica establecida en los Estudios Organizacionales como parte de las ciencias funcionales, y se contrapone como alternativa, no otra cr\u00edtica parcial y euroc\u00e9ntrica, como los estudios poscoloniales, pero una cr\u00edtica \u00e9tica, negativa y ontol\u00f3gica, en di\u00e1logo con el pensamiento social latino-americano y con las luchas sociales que se organizan en nuestro espacio de pr\u00e1cticas.<\/jats:p>","DOI":"10.22431\/25005227.310","type":"journal-article","created":{"date-parts":[[2017,8,28]],"date-time":"2017-08-28T10:00:28Z","timestamp":1503914428000},"page":"141-149","source":"Crossref","is-referenced-by-count":15,"title":["\u00bfDe qu\u00e9 hablamos cuando decimos cr\u00edtica en los Estudios Organizacionales?"],"prefix":"10.22431","volume":"47","author":[{"given":"Maria Ceci","family":"Misoczky Araujo","sequence":"first","affiliation":[],"role":[{"vocabulary":"crossref","role":"author"}]}],"member":"9723","published-online":{"date-parts":[[2017,6,30]]},"container-title":["Administraci\u00f3n &amp; Desarrollo"],"link":[{"URL":"https:\/\/revistas.esap.edu.co\/index.php\/admindesarro\/article\/download\/310\/pdf","content-type":"application\/pdf","content-version":"vor","intended-application":"text-mining"},{"URL":"https:\/\/revistas.esap.edu.co\/index.php\/admindesarro\/article\/download\/310\/pdf","content-type":"unspecified","content-version":"vor","intended-application":"similarity-checking"}],"deposited":{"date-parts":[[2025,11,6]],"date-time":"2025-11-06T16:36:49Z","timestamp":1762447009000},"score":0.0,"resource":{"primary":{"URL":"https:\/\/revistas.esap.edu.co\/index.php\/admindesarro\/article\/view\/310"}},"issued":{"date-parts":[[2017,6,30]]},"references-count":0,"journal-issue":{"issue":"1","published-online":{"date-parts":[[2017,6,30]]}},"URL":"https:\/\/doi.org\/10.22431\/25005227.310","ISSN":["2500-5227","0120-3754"],"issn-type":[{"value":"2500-5227","type":"electronic"},{"value":"0120-3754","type":"print"}],"published":{"date-parts":[[2017,6,30]]}},{"indexed":{"date-parts":[[2025,12,31]],"date-time":"2025-12-31T20:29:40Z","timestamp":1767212980349,"version":"3.48.0"},"reference-count":0,"publisher":"Escuela Superior de Administracion Publica","issue":"64","license":[{"start":{"date-parts":[[2011,12,15]],"date-time":"2011-12-15T00:00:00Z","timestamp":1323907200000},"content-version":"unspecified","delay-in-days":0,"URL":"http:\/\/creativecommons.org\/licenses\/by-nc-nd\/4.0"}],"content-domain":{"domain":[],"crossmark-restriction":false},"short-container-title":["Nova vetera"],"abstract":"<jats:p>En primer lugar, para analizar el fen\u00f3meno de las migraciones femeninas es preciso situarse en los cambios producidos tanto en el \u00e1mbito del control de los flujos migratorios como en la emergencia de nuevas subjetividades pol\u00edticas. En segundo lugar, este conocimiento situado sugiere reexaminar el discurso de la protecci\u00f3n de los derechos humanos construido con l\u00f3gicas securitarias. Por \u00faltimo, se considerar\u00e1n las nuevas gram\u00e1ticas de control y las tecnolog\u00edas movidas por el riesgo en el supuesto particular de la trata de mujeres con fines de explotaci\u00f3n sexual. Para ello se propone explorar las formas en las cuales el g\u00e9nero y la sexualidad son visibilizadas en las normas y los reg\u00edmenes de control para producir diferenciaciones y estratificaciones en las formas de trabajo y en el acceso a la ciudadan\u00eda.<\/jats:p>","DOI":"10.22431\/25005103.173","type":"journal-article","created":{"date-parts":[[2017,7,5]],"date-time":"2017-07-05T15:34:05Z","timestamp":1499268845000},"page":"121-132","source":"Crossref","is-referenced-by-count":0,"title":["La protecci\u00f3n de los derechos humanos en el \u00e1mbito de las pol\u00edticas contra la trata de mujeres con fines de explotaci\u00f3n sexual"],"prefix":"10.22431","volume":"20","author":[{"given":"Agustina","family":"Iglesias Skulj","sequence":"first","affiliation":[],"role":[{"role":"author","vocabulary":"crossref"}]}],"member":"9723","published-online":{"date-parts":[[2011,12,15]]},"container-title":["Nova et Vetera"],"link":[{"URL":"https:\/\/revistas.esap.edu.co\/index.php\/novaetvetera\/article\/download\/173\/pdf","content-type":"application\/pdf","content-version":"vor","intended-application":"text-mining"},{"URL":"https:\/\/revistas.esap.edu.co\/index.php\/novaetvetera\/article\/download\/173\/pdf","content-type":"unspecified","content-version":"vor","intended-application":"similarity-checking"}],"deposited":{"date-parts":[[2025,12,31]],"date-time":"2025-12-31T20:26:29Z","timestamp":1767212789000},"score":0.0,"resource":{"primary":{"URL":"https:\/\/revistas.esap.edu.co\/index.php\/novaetvetera\/article\/view\/173"}},"issued":{"date-parts":[[2011,12,15]]},"references-count":0,"journal-issue":{"issue":"64","published-online":{"date-parts":[[2011,12,15]]}},"URL":"https:\/\/doi.org\/10.22431\/25005103.173","ISSN":["2500-5103","0123-2614"],"issn-type":[{"type":"electronic","value":"2500-5103"},{"type":"print","value":"0123-2614"}],"published":{"date-parts":[[2011,12,15]]}},{"indexed":{"date-parts":[[2025,12,31]],"date-time":"2025-12-31T20:05:00Z","timestamp":1767211500294,"version":"3.48.0"},"reference-count":16,"publisher":"Escuela Superior de Administracion Publica","issue":"2","license":[{"start":{"date-parts":[[2023,11,30]],"date-time":"2023-11-30T00:00:00Z","timestamp":1701302400000},"content-version":"unspecified","delay-in-days":0,"URL":"https:\/\/creativecommons.org\/licenses\/by-nc-sa\/4.0"}],"content-domain":{"domain":[],"crossmark-restriction":false},"short-container-title":["Adm. Desarro."],"abstract":"<jats:p>The question that this research article resolves is what are the semantic limits of the concepts of public function, administrative function and public service with respect to the application of the constitutional principle of solidarity? The provision of public services by the State is carried out, mainly, through the administration function and the public function. For this reason, these three concepts are closely linked to the point that one cannot exist without the other, especially within the framework of the Social State of Law in which States have a greater responsibility towards citizens regarding to the safeguarding and protection of social, economic and cultural rights. Both the administrative function, the public function and the provision of public services must materialize the principle of solidarity in accordance with Article 95 of the Political Constitution of Colombia, which in turn aims to materialize the principles of equity and social equality.<\/jats:p>","DOI":"10.22431\/25005227.vol53n2.8","type":"journal-article","created":{"date-parts":[[2023,11,30]],"date-time":"2023-11-30T12:29:53Z","timestamp":1701347393000},"source":"Crossref","is-referenced-by-count":0,"title":["L\u00edmites sem\u00e1nticos de los conceptos de servicio p\u00fablico, funci\u00f3n p\u00fablica y administrativa frente al principio constitucional de solidaridad","Semantic limits of the concepts of public function, administrative function and public service with respect to the constitutional principle of solidarity"],"prefix":"10.22431","volume":"53","author":[{"ORCID":"https:\/\/orcid.org\/0000-0002-6237-5057","authenticated-orcid":false,"given":"Edier Adolfo","family":"Giraldo Jim\u00e9nez","sequence":"first","affiliation":[],"role":[{"role":"author","vocabulary":"crossref"}]},{"ORCID":"https:\/\/orcid.org\/0000-0003-3286-8704","authenticated-orcid":false,"given":"Luis Fernando","family":"Garc\u00e9s Giraldo","sequence":"additional","affiliation":[],"role":[{"role":"author","vocabulary":"crossref"}]},{"ORCID":"https:\/\/orcid.org\/0009-0009-3807-9555","authenticated-orcid":false,"given":"Edgar James","family":"Rey Alba","sequence":"additional","affiliation":[],"role":[{"role":"author","vocabulary":"crossref"}]}],"member":"9723","published-online":{"date-parts":[[2023,11,30]]},"reference":[{"key":"10627","unstructured":"Alexy, R. (2010). A theory of constitutional rights. Oxford University Press, USA. https:\/\/books.google.es\/books?hl=es&lr=&id=ZbWxWYhhe8UC&oi=fnd&pg=PR9&dq=Robert+Alexy+&ots=UbQcFXwjdi&sig=FLQZRnRqFbX8P5eV8oy1vYajvfM#v=onepage&q=Robert%20Alexy&f=false"},{"key":"10628","unstructured":"Asamblea Nacional Constituyente. (1991). Constituci\u00f3n Pol\u00edtica de Colombia. Gaceta constitucional. http:\/\/www.secretariasenado.gov.co\/senado\/basedoc\/constitucion_politica_1991.html"},{"key":"10629","unstructured":"Ley 100 de 1993. Congreso de la Rep\u00fablica. Gaceta oficial. http:\/\/www.secretariasenado.gov.co\/senado\/basedoc\/ley_0100_1993.html"},{"key":"10630","unstructured":"Ley 142 de 1994. Congreso de la Rep\u00fablica de Colombia. Gaceta oficial. http:\/\/www.secretariasenado.gov.co\/senado\/basedoc\/ley_0142_1994.html."},{"key":"10631","unstructured":"Ley 270 de 1996. Congreso de la Rep\u00fablica. (1996). Gaceta oficial. http:\/\/www.secretariasenado.gov.co\/senado\/basedoc\/ley_0270_1996.html"},{"key":"10632","unstructured":"Ley 489 de 1998. Congreso de la Rep\u00fablica de Colombia. Gaceta oficial. http:\/\/www.secretariasenado.gov.co\/senado\/basedoc\/ley_0489_1998.html"},{"key":"10633","unstructured":"Ley 909 de 2004. Congreso de la Rep\u00fablica de Colombia. Gaceta oficial. http:\/\/www.secretariasenado.gov.co\/senado\/basedoc\/ley_0909_2004.html"},{"key":"10634","unstructured":"Ley 1369 de 2009. Congreso de la Rep\u00fablica. (2009). Gaceta oficial. http:\/\/www.secretariasenado.gov.co\/senado\/basedoc\/ley_1369_2009.html"},{"key":"10635","unstructured":"Ley 1437 de 2011. Congreso de la Rep\u00fablica de Colombia. Gaceta oficial. http:\/\/www.secretariasenado.gov.co\/senado\/basedoc\/ley_1437_2011.html"},{"key":"10636","unstructured":"Mendoza, P. W. (2021). Garant\u00eda eficiente de los servicios p\u00fablicos esenciales en el marco del estado social de derecho en Colombia. https:\/\/repository.unilibre.edu.co\/bitstream\/handle\/10901\/20130\/Paper%20final.pdf"},{"key":"10637","unstructured":"Rodr\u00edguez, R., L. (2021). Derecho administrativo general y colombiano. Ed. Temis. https:\/\/libreriatemis.com\/product\/derecho-administrativo-general-y-colombiano-2-tomos\/"},{"key":"10638","unstructured":"Sentencia T-443 de 1992. (Alejandro Mart\u00ednez Caballero, M.P). Corte Constitucional. https:\/\/www.corteconstitucional.gov.co\/relatoria\/1992\/T-443-92.htm"},{"key":"10639","unstructured":"Sentencia T-520 de 2003. Corte Constitucional. (Rodrigo Escobar Gil, M.P). https:\/\/www.corteconstitucional.gov.co\/relatoria\/2003\/t-520-03.htm"},{"key":"10640","unstructured":"Sentencia C-459 de 2004. Corte Constitucional. (Jaime Araujo Renter\u00eda, M.P) https:\/\/www.corteconstitucional.gov.co\/relatoria\/2004\/c-459-04.htm#:~:text=El%20deber%20de%20solidaridad%20en,en%20los%20t%C3%A9rminos%20de%20ley."},{"key":"10641","unstructured":"Sentencia C-767 de 2014. Corte Constitucional. (Jorge Ignacio Pretelt Chaljub, M.P) https:\/\/www.corteconstitucional.gov.co\/relatoria\/2014\/C-767-14.htm#:~:text=La%20Corte%20ha%20definido%20el,asociados%20o%20en%20inter%C3%A9s%20colectivo%E2%80%9D"},{"key":"10642","unstructured":"Sentencia T-032 de 2020. Corte Constitucional. (Luis Guillermo Guerrero P\u00e9rez, M.P) https:\/\/www.corteconstitucional.gov.co\/Relatoria\/2020\/T-032-20.htm"}],"container-title":["Administraci\u00f3n &amp; Desarrollo"],"link":[{"URL":"https:\/\/revistas.esap.edu.co\/index.php\/admindesarro\/article\/download\/816\/713","content-type":"application\/pdf","content-version":"vor","intended-application":"text-mining"},{"URL":"https:\/\/revistas.esap.edu.co\/index.php\/admindesarro\/article\/download\/816\/728","content-type":"text\/xml","content-version":"vor","intended-application":"text-mining"},{"URL":"https:\/\/revistas.esap.edu.co\/index.php\/admindesarro\/article\/download\/816\/713","content-type":"unspecified","content-version":"vor","intended-application":"similarity-checking"}],"deposited":{"date-parts":[[2025,12,31]],"date-time":"2025-12-31T20:00:30Z","timestamp":1767211230000},"score":0.0,"resource":{"primary":{"URL":"https:\/\/revistas.esap.edu.co\/index.php\/admindesarro\/article\/view\/816"}},"issued":{"date-parts":[[2023,11,30]]},"references-count":16,"journal-issue":{"issue":"2","published-online":{"date-parts":[[2023,7,1]]}},"URL":"https:\/\/doi.org\/10.22431\/25005227.vol53n2.8","ISSN":["2500-5227","0120-3754"],"issn-type":[{"type":"electronic","value":"2500-5227"},{"type":"print","value":"0120-3754"}],"published":{"date-parts":[[2023,11,30]]}},{"indexed":{"date-parts":[[2025,12,31]],"date-time":"2025-12-31T20:05:06Z","timestamp":1767211506512,"version":"3.48.0"},"reference-count":34,"publisher":"Escuela Superior de Administracion Publica","issue":"2","license":[{"start":{"date-parts":[[2022,12,28]],"date-time":"2022-12-28T00:00:00Z","timestamp":1672185600000},"content-version":"unspecified","delay-in-days":0,"URL":"https:\/\/creativecommons.org\/licenses\/by-nc-sa\/4.0"}],"content-domain":{"domain":[],"crossmark-restriction":false},"short-container-title":["Adm. Desarro."],"abstract":"<jats:p>The objective sought is to recognize, from the voices of the participants, the experiences related to parenting practices and their relationship with parenting styles in adolescent girls who are in boarding school. For this, semi-structured interviews and cases of problem situations were carried out, which were applied to 10 adolescents between 15 and 17 years of the Divina Providencia Foundation in Medell\u00edn. Parenting practices were found to be passed down from generation to generation. Parenting styles determine parenting practices and in them beliefs and guidelines for caring for and educating children. It is concluded that parenting practices, despite being received from caregivers, can change and be re-signified.<\/jats:p>","DOI":"10.22431\/25005227.vol52n2.10","type":"journal-article","created":{"date-parts":[[2022,12,28]],"date-time":"2022-12-28T09:58:37Z","timestamp":1672221517000},"page":"182-202","source":"Crossref","is-referenced-by-count":2,"title":["Pr\u00e1cticas de crianza y estilos parentales: contextos sociales y retos para la Administraci\u00f3n P\u00fablica","Parenting practices and parenting styles: social contexts and challenges for the Public Administration"],"prefix":"10.22431","volume":"52","author":[{"ORCID":"https:\/\/orcid.org\/0000-0003-2952-1603","authenticated-orcid":false,"given":"Adriana Mar\u00eda","family":"Gallego Henao","sequence":"first","affiliation":[],"role":[{"role":"author","vocabulary":"crossref"}]},{"ORCID":"https:\/\/orcid.org\/0000-0002-3894-0554","authenticated-orcid":false,"given":"M\u00f3nica Mar\u00eda","family":"\u00c1lvarez Gallego","sequence":"additional","affiliation":[],"role":[{"role":"author","vocabulary":"crossref"}]},{"ORCID":"https:\/\/orcid.org\/0000-0001-9528-2853","authenticated-orcid":false,"given":"Diego Alejandro","family":"Correa Correa","sequence":"additional","affiliation":[],"role":[{"role":"author","vocabulary":"crossref"}]},{"ORCID":"https:\/\/orcid.org\/0000-0001-6055-9445","authenticated-orcid":false,"given":"Carlos Augusto","family":"Arboleda Jaramillo","sequence":"additional","affiliation":[],"role":[{"role":"author","vocabulary":"crossref"}]},{"ORCID":"https:\/\/orcid.org\/0000-0002-1581-175X","authenticated-orcid":false,"given":"Nesly Edilma","family":"Rey Cruz","sequence":"additional","affiliation":[],"role":[{"role":"author","vocabulary":"crossref"}]}],"member":"9723","published-online":{"date-parts":[[2022,12,28]]},"reference":[{"key":"10290","unstructured":"Aguirre, D. E. y Dur\u00e1n S. E. (2000). Socializaci\u00f3n: pr\u00e1cticas de crianza y cuidado de la salud. Bogot\u00e1, D.C.: CES Universidad Nacional de Colombia"},{"key":"10291","unstructured":"\u00c1lvarez Gallego, M. M. (2010, septiembre-diciembre). Pr\u00e1cticas educativas parentales: autoridad familiar,incidencia en el comportamiento agresivo infantil. Revista Virtual Universidad Cat\u00f3lica del Norte, (31). Recuperado de: http:\/\/revistavirtual.ucn.edu.co\/index.php\/RevistaUCN\/article\/view\/44"},{"key":"10292","unstructured":"Amar\u00eds Mac\u00edas, M. (2004). Roles parentales y el trabajo fuera del hogar. Psicolog\u00eda desde el Caribe, (13), pp. 15-28. ISSN: 0123-417X. Recuperado de: https:\/\/www.redalyc.org\/articulo.oa?id=21301303"},{"key":"10293","unstructured":"Asamblea Nacional Constituyente. (1991). Constituci\u00f3n Pol\u00edtica de Colombia."},{"key":"10294","doi-asserted-by":"crossref","unstructured":"Balzano, S. (2002). Las construcciones culturales sobre el \u00e9xito y el fracaso escolar y sus implicaciones sobre los modelos educativos en Argentina. Cultura y Educaci\u00f3n, 3 (14), pp. 283-296. Recuperado de: https:\/\/dialnet.unirioja.es\/servlet\/articulo?codigo=271848","DOI":"10.1174\/11356400260366106"},{"key":"10295","doi-asserted-by":"crossref","unstructured":"Capano, \u00c1. y Ubach, A. (2013). Estilos parentales, parentalidad positiva y formaci\u00f3n de padres. Ciencias Psicol\u00f3gicas, 7(1), pp. 83-95. Recuperado de http:\/\/www.scielo.edu.uy\/scielo.php?pid=s1688-42212013000100008&script=sci_arttext","DOI":"10.22235\/cp.v7i1.41"},{"key":"10296","doi-asserted-by":"crossref","unstructured":"Capano Bosch, A., Gonz\u00e1lez Tornar\u00eda, M.L. y Massonnier, N. (2016). Estilos relacionales parentales: estudio con adolescentes y sus padres. Revista de Psicolog\u00eda (PUCP), 34 (2), pp. 413-444. Recuperado de: http:\/\/www.scielo.org.pe\/pdf\/psico\/v34n2\/a09v34n2.pdf","DOI":"10.18800\/psico.201602.008"},{"key":"10297","unstructured":"Comellas, M. J. (2003). Criterios educativos b\u00e1sicos en la infancia como prevenci\u00f3n de trastornos. Recuperado de: http:\/\/www.avpap.org\/documentos\/comellas.pdf"},{"key":"10298","unstructured":"Congreso de la Rep\u00fablica. (2000). C\u00f3digo Penal, Ley 599."},{"key":"10299","unstructured":"Congreso de la Rep\u00fablica. (2006). C\u00f3digo de la Infancia y Adolescencia, Ley 1098."},{"key":"10300","unstructured":"Evans, J. y Myers, R. (1994). Pr\u00e1cticas de crianza: creando programas donde las tradiciones y las pr\u00e1cticas modernas se encuentran. Universidad del Valle. Tomado de Coordinators Notebook CHILDREARING, (15), pp. 1-21. Recuperado de: http:\/\/cognitiva.univalle.edu.co\/archivos\/grupo%20cultura\/recursos\/Pr%E1cticas%20de%20crianza.pdf"},{"key":"10301","doi-asserted-by":"crossref","unstructured":"Fuentes, M.C., Garc\u00eda, F., Gracia., E. y Alarc\u00f3n, A. (2015). Los estilos parentales de socializaci\u00f3n y el ajuste psicol\u00f3gico. Un estudio con adolescentes espa\u00f1oles. Revista de Psicodid\u00e1ctica, 20 (1), pp. 117-138. ISSN: 1136-1034. Recuperado de: https:\/\/www.redalyc.org\/articulo.oa?id=17532968007.","DOI":"10.1387\/RevPsicodidact.10876"},{"key":"10302","doi-asserted-by":"crossref","unstructured":"Hart, C.H., Ladd, G.W., y Burleson, B.R. (1990). Children\u2019s expectations of the outcomes of social strategies: Relations with sociometric status and materal disciplinary styles. Child Development, 61 (1), pp. 127-137. Recuperado de: https:\/\/www.jstor.org\/stable\/1131053?seq=1","DOI":"10.1111\/j.1467-8624.1990.tb02766.x"},{"key":"10303","doi-asserted-by":"crossref","unstructured":"Hasicic, C. (2018). J\u00f3venes y cuidado: un an\u00e1lisis sobre las pr\u00e1cticas de crianza y cuidado de padres varones de un barrio popular del Gran La Plata (Argentina). Polis (Santiago), 17 (50), pp. 91-109. DOI: https:\/\/doi.org\/10.4067\/S0718-65682018000200091","DOI":"10.4067\/S0718-65682018000200091"},{"key":"10304","unstructured":"Heredia, E. (2016). Padres permisivos. Recuperado de https:\/\/prezi.com\/mjp9segme8fj\/padres-permisivos\/#:~:text=En%20principio%20son%20ni%C3%B1os%20m%C3%A1s,tareas%20que%20sobrepasan%20sus%20capacidades."},{"key":"10305","unstructured":"Hern\u00e1ndez,R.,Fern\u00e1ndez, C., y Baptista, M. (2014). Metodolog\u00eda de la Investigaci\u00f3n (Sexta ed.). McGraw-Hill. Recuperado de https:\/\/www.uca.ac.cr\/wp-content\/uploads\/2017\/10\/Investigacion.pdf"},{"key":"10306","doi-asserted-by":"crossref","unstructured":"Huam\u00e1n Chura, K. E. (2018). Estilos parentales e indicadores de salud mental adolescente. Tem\u00e1tica Psicol\u00f3gica, 12(12), pp. 35-46. Recuperado de: http:\/\/revistas.unife.edu.pe\/index.php\/tematicapsicologica\/article\/view\/1071\/983","DOI":"10.33539\/tematpsicol.2016.n12.1071"},{"key":"10307","unstructured":"ICBF. (2016). Lineamiento t\u00e9cnico del programa especializado para la atenci\u00f3n a adolescentes y mujeres mayores de 18 a\u00f1os, gestantes o en periodo de lactancia, con sus derechos inobservados, amenazados o vulnerados. Recuperado de https:\/\/www.icbf.gov.co\/sites\/default\/files\/procesos\/lm6.p_lineamiento_tecnico_para_la_atencion_de_adolescentes_y_mujeres_mayores_de_18_anos_gestantes_o_en_periodo_de_lactancia_v1.pdf"},{"key":"10308","unstructured":"ICBF. (2017). Lineamiento t\u00e9cnico de modalidades para la atenci\u00f3n de ni\u00f1os, ni\u00f1as y adolescentes, con derechos inobservados, amenazados o vulnerados. Recuperado de https:\/\/www.icbf.gov.co\/sites\/default\/files\/procesos\/document_20.pdf"},{"key":"10309","unstructured":"ICBF. (2021). Lineamiento t\u00e9cnico para la atenci\u00f3n a la primera infancia. Recuperado de https:\/\/www.icbf.gov.co\/sites\/default\/files\/documentos-construccion\/lm5.pp_lineamiento_tecnico_para_la_atencion_a_la_primera_infancia_v6_002.pdf"},{"key":"10310","unstructured":"Naranjo, D., y Rosado, M. (2018). Ceuta guia drogas adiciones adolescentes. Editorial MIC. Recuperado de: https:\/\/issuu.com\/editorialmic\/docs\/ceuta_guiadrogasadicionesadolescentes2018"},{"key":"10311","unstructured":"Neira, T. R. (2003). Pedagog\u00eda y educaci\u00f3n familiar. En E. Gervilla (Coord.), Educaci\u00f3n familiar: nuevas relaciones humanas y humanizadoras, pp. 13-26. Narcea."},{"key":"10312","unstructured":"ONU. (1989). Convenci\u00f3n sobre los Derechos del Ni\u00f1o."},{"key":"10313","unstructured":"ONU UNFPA. (2021). Trabajando para que las y los j\u00f3venes ingresen a la edad adulta como ciudadanos empoderados. Recuperado de: https:\/\/lac.unfpa.org\/es\/temas\/embarazo-en-adolescentes#:~:text=La%20estrategia%20del%20UNFPA%20para,los%2018%20a%C3%B1os%20de%20edad."},{"key":"10314","unstructured":"ONU-UNFPA. (2020). Consecuencias socioecon\u00f3micas del embarazo y la maternidad en la adolescencia en Colombia. Implementaci\u00f3n de la metodolog\u00eda para estimar el impacto socioecon\u00f3mico del embarazo y la maternidad en adolescentes en pa\u00edses de Am\u00e9rica Latina y el Caribe. Recuperado de: https:\/\/colombia.unfpa.org\/sites\/default\/files\/pub-pdf\/informe_milena_colombia-v9.pdf"},{"key":"10315","doi-asserted-by":"crossref","unstructured":"Ort\u00edz-Zavaleta, M. y Moreno-Almaz\u00e1n, O. (2016). Estilos parentales: Implicaciones sobre el rendimiento escolar en alumnos de educaci\u00f3n media. Revista Digital Internacional de Psicolog\u00eda y Ciencia Social, 2 (1), pp. 76-88. Recuperado de: http:\/\/cuved.unam.mx\/revistas\/index.php\/rdpcs\/article\/view\/61\/109","DOI":"10.22402\/j.rdipycs.unam.2.1.2016.61.76-88"},{"key":"10316","unstructured":"Peralbo Uzquiano, M., y Fern\u00e1ndez Amado, M\u00aa L. (2003). Estructura familiar y rendimiento escolar en Educaci\u00f3n Secundaria Obligatoria. Revista Galego-Portuguesa de Psicolox\u00eda e Educaci\u00f3n, 7 (8), pp. 309-322. Recuperado de: https:\/\/ruc.udc.es\/dspace\/bitstream\/handle\/2183\/6933\/RGP_9-23.pdf?sequence=1&isAllowed=y"},{"key":"10317","unstructured":"P\u00e9rez Contreras, B. y Arr\u00e1zola, E. T. (2013). V\u00ednculo afectivo en la relaci\u00f3n parento-filial como factor de calidad de vida. Tendencias & Retos, 18 (1), pp. 17-32. Recuperado de: https:\/\/dialnet.unirioja.es\/descarga\/articulo\/4929410.pdf"},{"key":"10318","unstructured":"Pillcorema, B. (2013). Tipos de familia estructural y la relaci\u00f3n con sus l\u00edmites. Tesis de posgrado. Universidad de Cuenca. Cuenca, Ecuador. Recuperado de: http:\/\/dspace.ucuenca.edu.ec\/jspui\/bitstream\/123456789\/4302\/1\/Tesis.pdf"},{"key":"10319","unstructured":"Podall, M. (1993). Pautas educativas en la familia. En J. Quintana (Coord.), Pedagog\u00eda familiar pp 85-94. Narcea."},{"key":"10320","doi-asserted-by":"crossref","unstructured":"Ram\u00edrez, M. (2005). Padres y desarrollo de los hijos: pr\u00e1cticas de crianza. Estudios Pedag\u00f3gicos, 31(2), pp. 167-177. Recuperado de: https:\/\/www.redalyc.org\/articulo.oa?id=173519073011","DOI":"10.4067\/S0718-07052005000200011"},{"key":"10321","unstructured":"Tarazona Sotelo, G.Y. (2019). Rol maternal en adolescentes con reci\u00e9n nacidos prematuros en la uci neonatal de un hospital nacional. Tesis Especialista en enfermer\u00eda en cuidados intensivos neonatales. Universidad Peruana Cayetano Heredia. Per\u00fa. Recuperado de: https:\/\/repositorio.upch.edu.pe\/bitstream\/handle\/20.500.12866\/6586\/Rol_Tarazona-Sotelo_Gehidy.pdf?sequence=1&isAllowed=y"},{"key":"10322","unstructured":"Tor\u00edo L\u00f3pez, S., Pe\u00f1a Calvo, J.V., y Inda Caro, M. (2008). Estilos de educaci\u00f3n familiar. Psicothema, 20 (1), p. 62. Recuperado de: https:\/\/go.gale.com\/ps\/anonymous?id=GALE%7CA190462966&sid=googleScholar&v=2.1&it=r&linkaccess=abs&issn=02149915&p=AONE&sw=w"},{"key":"10323","doi-asserted-by":"crossref","unstructured":"Varela Londo\u00f1o, S. P., Chinchilla Salcedo, T. y Murad Guti\u00e9rrez, V. (2015). Pr\u00e1cticas de crianza en ni\u00f1os y ni\u00f1as menores de seis a\u00f1os en Colombia. Zona Pr\u00f3xima, (22), pp. 193-215. Recuperado de: https:\/\/www.redalyc.org\/articulo.oa?id=85339658014","DOI":"10.14482\/zp.22.6129"}],"container-title":["Administraci\u00f3n &amp; Desarrollo"],"link":[{"URL":"https:\/\/revistas.esap.edu.co\/index.php\/admindesarro\/article\/download\/796\/645","content-type":"application\/pdf","content-version":"vor","intended-application":"text-mining"},{"URL":"https:\/\/revistas.esap.edu.co\/index.php\/admindesarro\/article\/download\/796\/709","content-type":"text\/xml","content-version":"vor","intended-application":"text-mining"},{"URL":"https:\/\/revistas.esap.edu.co\/index.php\/admindesarro\/article\/download\/796\/645","content-type":"unspecified","content-version":"vor","intended-application":"similarity-checking"}],"deposited":{"date-parts":[[2025,12,31]],"date-time":"2025-12-31T20:00:37Z","timestamp":1767211237000},"score":0.0,"resource":{"primary":{"URL":"https:\/\/revistas.esap.edu.co\/index.php\/admindesarro\/article\/view\/796"}},"issued":{"date-parts":[[2022,12,28]]},"references-count":34,"journal-issue":{"issue":"2","published-online":{"date-parts":[[2022,12,28]]}},"URL":"https:\/\/doi.org\/10.22431\/25005227.vol52n2.10","ISSN":["2500-5227","0120-3754"],"issn-type":[{"type":"electronic","value":"2500-5227"},{"type":"print","value":"0120-3754"}],"published":{"date-parts":[[2022,12,28]]}},{"indexed":{"date-parts":[[2022,4,3]],"date-time":"2022-04-03T11:35:34Z","timestamp":1648985734103},"reference-count":0,"publisher":"Escuela Superior de Administracion Publica","issue":"55","license":[{"start":{"date-parts":[[2012,6,15]],"date-time":"2012-06-15T00:00:00Z","timestamp":1339718400000},"content-version":"unspecified","delay-in-days":0,"URL":"http:\/\/creativecommons.org\/licenses\/by-nc-nd\/4.0"}],"content-domain":{"domain":[],"crossmark-restriction":false},"short-container-title":["Adm. Desarro."],"abstract":"<jats:p>La industria del f\u00fatbol ha experimentado en los \u00faltimos a\u00f1os un extraordinario crecimiento que se ha representado entre el 10 y el 15% dependiendo de su mercado por algunos autores. Sin embargo, se pronostica que este crecimiento presente una desaceleraci\u00f3n en los a\u00f1os venideros como resultado la crisis econ\u00f3mica y financiera en el \u00e1mbito global de 2008-2009. Por lo tanto, algunas de estas organizaciones deportivas dedicadas al f\u00fatbol en M\u00e9xico han comenzado a trabajar en modelos de gesti\u00f3n orientados a la mejora continua (Kaizen en su t\u00e9rmino en japon\u00e9s), la gesti\u00f3n de calidad y la planificaci\u00f3n estrat\u00e9gica. De esta manera, el prop\u00f3sito principal de la investigaci\u00f3n es comprender la aplicaci\u00f3n del Kaizen en un contexto tan espec\u00edfico como lo es una organizaci\u00f3n deportiva dedicada al f\u00fatbol. A trav\u00e9s de un m\u00e9todo cualitativo del caso de estudio se logr\u00f3 comprender que la aproximaci\u00f3n gerencial del Kaizen puede ayudar a una organizaci\u00f3n deportiva a mejorar su sistema de gesti\u00f3n y, por lo tanto, obtener mejores resultados deportivos. Un esquema te\u00f3rico de la gesti\u00f3n de la mejora continua es el resultado final de esta investigaci\u00f3n.<\/jats:p>","DOI":"10.22431\/25005227.129","type":"journal-article","created":{"date-parts":[[2017,7,5]],"date-time":"2017-07-05T16:06:06Z","timestamp":1499270766000},"page":"61-76","source":"Crossref","is-referenced-by-count":0,"title":["El kaizen en una organizaci\u00f3n deportiva: un esquema de mejora continua"],"prefix":"10.22431","volume":"40","author":[{"given":"Manuel Francisco","family":"Suarez Barraza","sequence":"first","affiliation":[],"role":[{"role":"author","vocabulary":"crossref"}]},{"given":"Jose Angel","family":"Miguel Davila","sequence":"additional","affiliation":[],"role":[{"role":"author","vocabulary":"crossref"}]}],"member":"9723","published-online":{"date-parts":[[2012,6,15]]},"container-title":["Administraci\u00f3n &amp; Desarrollo"],"link":[{"URL":"https:\/\/revistas.esap.edu.co\/index.php\/admindesarro\/article\/download\/129\/pdf","content-type":"application\/pdf","content-version":"vor","intended-application":"text-mining"},{"URL":"https:\/\/revistas.esap.edu.co\/index.php\/admindesarro\/article\/download\/129\/pdf","content-type":"unspecified","content-version":"vor","intended-application":"similarity-checking"}],"deposited":{"date-parts":[[2021,11,12]],"date-time":"2021-11-12T19:12:16Z","timestamp":1636744336000},"score":0.0,"resource":{"primary":{"URL":"https:\/\/revistas.esap.edu.co\/index.php\/admindesarro\/article\/view\/129"}},"issued":{"date-parts":[[2012,6,15]]},"references-count":0,"journal-issue":{"issue":"55","published-online":{"date-parts":[[2012,6,15]]}},"URL":"https:\/\/doi.org\/10.22431\/25005227.129","ISSN":["2500-5227","0120-3754"],"issn-type":[{"value":"2500-5227","type":"electronic"},{"value":"0120-3754","type":"print"}],"published":{"date-parts":[[2012,6,15]]}},{"indexed":{"date-parts":[[2022,3,31]],"date-time":"2022-03-31T17:42:14Z","timestamp":1648748534627},"reference-count":0,"publisher":"Escuela Superior de Administracion Publica","issue":"51","license":[{"start":{"date-parts":[[2009,6,29]],"date-time":"2009-06-29T00:00:00Z","timestamp":1246233600000},"content-version":"unspecified","delay-in-days":0,"URL":"http:\/\/creativecommons.org\/licenses\/by-nc-nd\/4.0"}],"content-domain":{"domain":[],"crossmark-restriction":false},"short-container-title":["Adm. Desarro."],"abstract":"<jats:p>La sociedad brasile\u00f1a em experimentado em serie de ltoosias de participaci\u00f3n basada em la colaboraci\u00f3n entre l gobierno y la sociedad, desde l proceso de descentralizaci\u00f3n pol\u00edtica y administrativa que se inici\u00f3 em la d\u00e9cada de 1980. El fomento de la participaci\u00f3n l parte de em nuevo modelo de gesti\u00f3n, sin embargo, em modelo se enfrenta em realidades pol\u00edticas e hist\u00f3ricas que lo inhiben o lo promueven, de modo que em su aplicaci\u00f3n se debe considerar l contexto. Este art\u00edculo se apoya em ltoos emp\u00edricos realizados em juntas, foros y em procesos de elaboraci\u00f3n presupuestal participativa em diferentes ciudades brasile\u00f1as, as\u00ed como em b\u00fasqueda em la ciudad de Paraty, R\u00edo de Janeiro, em l Foro del Desarrollo Local. Estos ltoos indican que l tipo de participaci\u00f3n del p\u00fablico l crucial para l lto o l fracaso de tales experimentos.<\/jats:p>","DOI":"10.22431\/25005227.355","type":"journal-article","created":{"date-parts":[[2017,7,5]],"date-time":"2017-07-05T16:06:06Z","timestamp":1499270766000},"page":"141-152","source":"Crossref","is-referenced-by-count":0,"title":["As Dimens\u00f5es Governamental e Societal e as Experi\u00eancias Participativas: uma an\u00e1lise do processo participativo em uma sociedade redemocratizada"],"prefix":"10.22431","volume":"37","author":[{"given":"Gisele","family":"Dos Reis Cruz","sequence":"first","affiliation":[],"role":[{"role":"author","vocabulary":"crossref"}]}],"member":"9723","published-online":{"date-parts":[[2009,6,29]]},"container-title":["Administraci\u00f3n &amp; Desarrollo"],"link":[{"URL":"https:\/\/revistas.esap.edu.co\/index.php\/admindesarro\/article\/download\/355\/pdf","content-type":"application\/pdf","content-version":"vor","intended-application":"text-mining"},{"URL":"https:\/\/revistas.esap.edu.co\/index.php\/admindesarro\/article\/download\/355\/pdf","content-type":"unspecified","content-version":"vor","intended-application":"similarity-checking"}],"deposited":{"date-parts":[[2021,11,12]],"date-time":"2021-11-12T19:13:14Z","timestamp":1636744394000},"score":0.0,"resource":{"primary":{"URL":"https:\/\/revistas.esap.edu.co\/index.php\/admindesarro\/article\/view\/355"}},"issued":{"date-parts":[[2009,6,29]]},"references-count":0,"journal-issue":{"issue":"51","published-online":{"date-parts":[[2009,6,29]]}},"URL":"https:\/\/doi.org\/10.22431\/25005227.355","ISSN":["2500-5227","0120-3754"],"issn-type":[{"value":"2500-5227","type":"electronic"},{"value":"0120-3754","type":"print"}],"published":{"date-parts":[[2009,6,29]]}},{"indexed":{"date-parts":[[2025,5,7]],"date-time":"2025-05-07T19:21:52Z","timestamp":1746645712067},"reference-count":0,"publisher":"Escuela Superior de Administracion Publica","issue":"58","license":[{"start":{"date-parts":[[2013,12,15]],"date-time":"2013-12-15T00:00:00Z","timestamp":1387065600000},"content-version":"unspecified","delay-in-days":0,"URL":"http:\/\/creativecommons.org\/licenses\/by-nc-nd\/4.0"}],"content-domain":{"domain":[],"crossmark-restriction":false},"short-container-title":["Adm. Desarro."],"abstract":"<jats:p>El art\u00edculo presentado es uno de los resultados del proyecto de investigaci\u00f3n sobre evaluaci\u00f3n del desempe\u00f1o laboral de los empleados de carrera administrativa, en el cual se ubica este sistema dentro del servicio civil o funci\u00f3n p\u00fablica, para luego mostrar algunos de los resultados cuantitativos y cualitativos de la indagaci\u00f3n realizada, y concluir con algunas reflexiones sobre la formalizaci\u00f3n y la institucionalizaci\u00f3n de este sistema.<\/jats:p>","DOI":"10.22431\/25005227.110","type":"journal-article","created":{"date-parts":[[2017,7,5]],"date-time":"2017-07-05T16:06:06Z","timestamp":1499270766000},"page":"19-38","source":"Crossref","is-referenced-by-count":3,"title":["El sistema de evaluaci\u00f3n del desempe\u00f1o laboral en Colombia: un caso de alta formalizaci\u00f3n con baja institucionalizaci\u00f3n"],"prefix":"10.22431","volume":"42","author":[{"given":"Jairo Enrique","family":"Rodr\u00edguez Hern\u00e1ndez","sequence":"first","affiliation":[],"role":[{"role":"author","vocabulary":"crossref"}]}],"member":"9723","published-online":{"date-parts":[[2013,12,15]]},"container-title":["Administraci\u00f3n &amp; Desarrollo"],"link":[{"URL":"https:\/\/revistas.esap.edu.co\/index.php\/admindesarro\/article\/download\/110\/pdf","content-type":"application\/pdf","content-version":"vor","intended-application":"text-mining"},{"URL":"https:\/\/revistas.esap.edu.co\/index.php\/admindesarro\/article\/download\/110\/pdf","content-type":"unspecified","content-version":"vor","intended-application":"similarity-checking"}],"deposited":{"date-parts":[[2021,11,12]],"date-time":"2021-11-12T19:11:41Z","timestamp":1636744301000},"score":0.0,"resource":{"primary":{"URL":"https:\/\/revistas.esap.edu.co\/index.php\/admindesarro\/article\/view\/110"}},"issued":{"date-parts":[[2013,12,15]]},"references-count":0,"journal-issue":{"issue":"58","published-online":{"date-parts":[[2013,12,15]]}},"URL":"https:\/\/doi.org\/10.22431\/25005227.110","ISSN":["2500-5227","0120-3754"],"issn-type":[{"value":"2500-5227","type":"electronic"},{"value":"0120-3754","type":"print"}],"published":{"date-parts":[[2013,12,15]]}},{"indexed":{"date-parts":[[2022,4,4]],"date-time":"2022-04-04T20:00:39Z","timestamp":1649102439090},"reference-count":0,"publisher":"Escuela Superior de Administracion Publica","issue":"55","license":[{"start":{"date-parts":[[2012,6,15]],"date-time":"2012-06-15T00:00:00Z","timestamp":1339718400000},"content-version":"unspecified","delay-in-days":0,"URL":"http:\/\/creativecommons.org\/licenses\/by-nc-nd\/4.0"}],"content-domain":{"domain":[],"crossmark-restriction":false},"short-container-title":["Adm. Desarro."],"abstract":"<jats:p>\u00bfCu\u00e1les son las relaciones entre el Estado y la sociedad que generan las Veedur\u00edas Ciudadanas para favorecer la eficacia de la Gesti\u00f3n P\u00fablica Local, y su correspondiente objetivo espec\u00edfico: Describir los rasgos que caracterizan a las Veedur\u00edas Ciudadanas, en t\u00e9rminos de la Ley 850 de 2003, en cuanto: tipo de veedur\u00eda, \u00e1mbito del ejercicio de vigilancia, objetivos, principios rectores, funciones, medios, recursos de acci\u00f3n, instrumentos, actores, procesos, resultados? Dicha caracterizaci\u00f3n es determinada en el \u00e1mbito local, acogiendo la figura del \u201cmunicipio\u201d, en cuanto entidad territorial del pa\u00eds, lo que implica indagar y reflexionar sobre las condiciones de posibilidad (relaciones \/ relacionamientos) de las Veedur\u00edas, en cuanto mediaciones \u2013 mediadores, y, si bien, la intencionalidad, no es profundizar en el tema, si es importante, al menos, reconocerlas en sus rasgos m\u00e1s sobresalientes, dado que, se podr\u00eda caer en una casu\u00edstica de t\u00e9rminos, posiblemente sustantivos, sustantivados o adjetivados, y ello, no s\u00f3lo produce confusi\u00f3n, sino que sobre todo, lleva a una verdadera \u201ctautologizaci\u00f3n\u201d de los conceptos. Para ello, se recurre a la figura metodol\u00f3gica de \u201cSupuestos te\u00f3ricos\u201d, en procura de lograr la construcci\u00f3n de un plano de pertinencia te\u00f3rica y conceptual, que es finalmente, lo que hoy se presenta en este art\u00edculo.<\/jats:p>","DOI":"10.22431\/25005227.126","type":"journal-article","created":{"date-parts":[[2017,7,5]],"date-time":"2017-07-05T16:06:06Z","timestamp":1499270766000},"page":"19-32","source":"Crossref","is-referenced-by-count":1,"title":["Las veedur\u00edas ciudadanas en cuanto mediaciones\/ mediadores de las relaciones Estado-sociedad en el \u00e1mbito loca"],"prefix":"10.22431","volume":"40","author":[{"given":"Silvio","family":"Cardona Gonz\u00e1lez","sequence":"first","affiliation":[],"role":[{"role":"author","vocabulary":"crossref"}]}],"member":"9723","published-online":{"date-parts":[[2012,6,15]]},"container-title":["Administraci\u00f3n &amp; Desarrollo"],"link":[{"URL":"https:\/\/revistas.esap.edu.co\/index.php\/admindesarro\/article\/download\/126\/pdf","content-type":"application\/pdf","content-version":"vor","intended-application":"text-mining"},{"URL":"https:\/\/revistas.esap.edu.co\/index.php\/admindesarro\/article\/download\/126\/pdf","content-type":"unspecified","content-version":"vor","intended-application":"similarity-checking"}],"deposited":{"date-parts":[[2021,11,12]],"date-time":"2021-11-12T19:12:21Z","timestamp":1636744341000},"score":0.0,"resource":{"primary":{"URL":"https:\/\/revistas.esap.edu.co\/index.php\/admindesarro\/article\/view\/126"}},"issued":{"date-parts":[[2012,6,15]]},"references-count":0,"journal-issue":{"issue":"55","published-online":{"date-parts":[[2012,6,15]]}},"URL":"https:\/\/doi.org\/10.22431\/25005227.126","ISSN":["2500-5227","0120-3754"],"issn-type":[{"value":"2500-5227","type":"electronic"},{"value":"0120-3754","type":"print"}],"published":{"date-parts":[[2012,6,15]]}},{"indexed":{"date-parts":[[2025,11,6]],"date-time":"2025-11-06T16:49:40Z","timestamp":1762447780465,"version":"build-2065373602"},"reference-count":0,"publisher":"Escuela Superior de Administracion Publica","issue":"67","license":[{"start":{"date-parts":[[2014,12,1]],"date-time":"2014-12-01T00:00:00Z","timestamp":1417392000000},"content-version":"unspecified","delay-in-days":0,"URL":"http:\/\/creativecommons.org\/licenses\/by-nc-nd\/4.0"}],"content-domain":{"domain":[],"crossmark-restriction":false},"short-container-title":["Nova vetera"],"abstract":"<jats:p>La pornocracia surge en un campo social propio del sistema clientelista en el cual los diferentes actores se encuentran dotados o desprovistos de poder o capital de todo tipo: simb\u00f3lico, cultural, social o econ\u00f3mico, otorgado por su desarrollo personal dentro de dicho campo (condici\u00f3n social, poder pol\u00edtico, fuerza de trabajo como agente electoral, el propio voto, votos y \/ o capital sensual), compitiendo dentro del sistema por el acceso a los beneficios existentes en el campo social, para nuestro caso los beneficios emanados del Estado, contratos de \u00f3rdenes de prestaci\u00f3n de servicios, cargos p\u00fablicos o subsidios, etc.<\/jats:p>","DOI":"10.22431\/25005103.30","type":"journal-article","created":{"date-parts":[[2017,7,5]],"date-time":"2017-07-05T15:34:05Z","timestamp":1499268845000},"page":"124-141","source":"Crossref","is-referenced-by-count":0,"title":["Pornocracia, \u201crelaciones mujer y poder\u201d. Tradici\u00f3n patriarcal, clientelismo, sistema electoral y participaci\u00f3n femenina en pol\u00edtica en el departamento de Boyac\u00e1"],"prefix":"10.22431","volume":"23","author":[{"given":"Diego Fernando","family":"Rodr\u00edguez Casallas","sequence":"first","affiliation":[],"role":[{"role":"author","vocabulary":"crossref"}]}],"member":"9723","published-online":{"date-parts":[[2014,12,1]]},"container-title":["Nova et Vetera"],"link":[{"URL":"https:\/\/revistas.esap.edu.co\/index.php\/novaetvetera\/article\/download\/30\/34","content-type":"application\/pdf","content-version":"vor","intended-application":"text-mining"},{"URL":"https:\/\/revistas.esap.edu.co\/index.php\/novaetvetera\/article\/download\/30\/34","content-type":"unspecified","content-version":"vor","intended-application":"similarity-checking"}],"deposited":{"date-parts":[[2025,11,6]],"date-time":"2025-11-06T16:45:24Z","timestamp":1762447524000},"score":0.0,"resource":{"primary":{"URL":"https:\/\/revistas.esap.edu.co\/index.php\/novaetvetera\/article\/view\/30"}},"issued":{"date-parts":[[2014,12,1]]},"references-count":0,"journal-issue":{"issue":"67","published-online":{"date-parts":[[2014,12,1]]}},"URL":"https:\/\/doi.org\/10.22431\/25005103.30","ISSN":["2500-5103","0123-2614"],"issn-type":[{"type":"electronic","value":"2500-5103"},{"type":"print","value":"0123-2614"}],"published":{"date-parts":[[2014,12,1]]}},{"indexed":{"date-parts":[[2022,3,30]],"date-time":"2022-03-30T00:37:23Z","timestamp":1648600643562},"reference-count":0,"publisher":"Escuela Superior de Administracion Publica","issue":"65","license":[{"start":{"date-parts":[[2016,9,28]],"date-time":"2016-09-28T00:00:00Z","timestamp":1475020800000},"content-version":"unspecified","delay-in-days":0,"URL":"http:\/\/creativecommons.org\/licenses\/by-nc-nd\/4.0"}],"content-domain":{"domain":[],"crossmark-restriction":false},"short-container-title":["Nova vetera"],"abstract":"<jats:p>El art\u00edculo expone el resultado de indagar sobre la experiencia y la percepci\u00f3n de los empleados de las organizaciones de la ciudad de Armenia (Quind\u00edo), respecto a la presencia de situaciones constitutivas de vulneraci\u00f3n a los Derechos Humanos, que competen a la din\u00e1mica de los sitios de trabajo.En primer lugar, se exponen los antecedentes de la discusi\u00f3n sobre organizaciones y Derechos Humanos. En segundo lugar, se documentan los derechos seleccionados para el an\u00e1lisis y se describen los eventos que pueden constituir vulneraci\u00f3n a ellos. En tercer lugar, se describen los aspectos metodol\u00f3gicos, que muestran la naturaleza emp\u00edrica, exploratoria, descriptiva del estudio y como para su realizaci\u00f3n se aplic\u00f3 una encuesta a 391 empleados de la ciudad. En cuarto lugar, se presentan los hallazgos a partir de cada derecho seleccionado y cada vulneraci\u00f3n identificada. Para terminar, se muestra c\u00f3mo, en la cotidianidad de las organizaciones de Armenia se presentan situaciones que vulneran algunos Derechos Humanos de los empleados, y como estas vulneraciones, est\u00e1n presentes en organizaciones privadas y p\u00fablicas, as\u00ed como en industriales, comerciales y de servicios. Tambi\u00e9n, se concretan los rasgos de los segmentos de empleados m\u00e1s vulnerados y se argumenta respecto a las implicaciones de esta realidad sobre la calidad de vida, la motivaci\u00f3n y la productividad en las organizaciones.Al final, se proponen algunas problem\u00e1ticas y l\u00edneas de investigaci\u00f3n para avanzar en el desarrollo del tema.<\/jats:p>","DOI":"10.22431\/25005103.327","type":"journal-article","created":{"date-parts":[[2017,7,5]],"date-time":"2017-07-05T19:34:05Z","timestamp":1499283245000},"page":"109-126","source":"Crossref","is-referenced-by-count":0,"title":["Derechos humanos en las organizaciones de Armenia: una evaluaci\u00f3n de eventos de vulneraci\u00f3n en los empleados"],"prefix":"10.22431","volume":"21","author":[{"given":"Jos\u00e9 G.","family":"Carvajal Orozco","sequence":"first","affiliation":[],"role":[{"role":"author","vocabulary":"crossref"}]},{"given":"Juli\u00e1n A.","family":"Valencia Garc\u00eda","sequence":"additional","affiliation":[],"role":[{"role":"author","vocabulary":"crossref"}]}],"member":"9723","published-online":{"date-parts":[[2016,9,28]]},"container-title":["Nova et Vetera"],"link":[{"URL":"https:\/\/revistas.esap.edu.co\/index.php\/novaetvetera\/article\/download\/327\/pdf","content-type":"application\/pdf","content-version":"vor","intended-application":"text-mining"},{"URL":"https:\/\/revistas.esap.edu.co\/index.php\/novaetvetera\/article\/download\/327\/pdf","content-type":"unspecified","content-version":"vor","intended-application":"similarity-checking"}],"deposited":{"date-parts":[[2021,11,30]],"date-time":"2021-11-30T03:21:11Z","timestamp":1638242471000},"score":0.0,"resource":{"primary":{"URL":"https:\/\/revistas.esap.edu.co\/index.php\/novaetvetera\/article\/view\/327"}},"issued":{"date-parts":[[2016,9,28]]},"references-count":0,"journal-issue":{"issue":"65","published-online":{"date-parts":[[2016,9,28]]}},"URL":"https:\/\/doi.org\/10.22431\/25005103.327","ISSN":["2500-5103","0123-2614"],"issn-type":[{"value":"2500-5103","type":"electronic"},{"value":"0123-2614","type":"print"}],"published":{"date-parts":[[2016,9,28]]}},{"indexed":{"date-parts":[[2025,10,1]],"date-time":"2025-10-01T15:19:03Z","timestamp":1759331943473},"reference-count":0,"publisher":"Escuela Superior de Administracion Publica","issue":"57","license":[{"start":{"date-parts":[[2013,11,1]],"date-time":"2013-11-01T00:00:00Z","timestamp":1383264000000},"content-version":"unspecified","delay-in-days":0,"URL":"http:\/\/creativecommons.org\/licenses\/by-nc-nd\/4.0"}],"content-domain":{"domain":[],"crossmark-restriction":false},"short-container-title":["Adm. Desarro."],"abstract":"<jats:p>El presente trabajo de investigaci\u00f3n se dedica a la creaci\u00f3n de los municipios despu\u00e9s de la Constituci\u00f3n Pol\u00edtica de 1991. El tema municipal es importante, en la medida que con la nueva Carta Pol\u00edtica se fortaleci\u00f3 la descentralizaci\u00f3n pol\u00edtica, administrativa y fiscal de las entidades territoriales y particularmente se le confiri\u00f3 un protagonismo en la ejecuci\u00f3n de pol\u00edticas p\u00fablicas al municipio, al considerarse la unidad fundamental de la organizaci\u00f3n pol\u00edtica y administrativa del Estado colombiano. En este sentido, se indaga sobre las particularidades del proceso de creaci\u00f3n de municipios en Colombia y sobre las principales caracter\u00edsticas 1991.<\/jats:p>","DOI":"10.22431\/25005227.119","type":"journal-article","created":{"date-parts":[[2017,7,5]],"date-time":"2017-07-05T16:06:06Z","timestamp":1499270766000},"page":"73-91","source":"Crossref","is-referenced-by-count":4,"title":["La creaci\u00f3n de municipios en Colombia despu\u00e9s de la Constituci\u00f3n de 1991. Un primer acercamiento"],"prefix":"10.22431","volume":"41","author":[{"given":"L\u00fabar Andr\u00e9s","family":"Chaparro","sequence":"first","affiliation":[],"role":[{"role":"author","vocabulary":"crossref"}]}],"member":"9723","published-online":{"date-parts":[[2013,11,1]]},"container-title":["Administraci\u00f3n &amp; Desarrollo"],"link":[{"URL":"https:\/\/revistas.esap.edu.co\/index.php\/admindesarro\/article\/download\/119\/pdf","content-type":"application\/pdf","content-version":"vor","intended-application":"text-mining"},{"URL":"https:\/\/revistas.esap.edu.co\/index.php\/admindesarro\/article\/download\/119\/pdf","content-type":"unspecified","content-version":"vor","intended-application":"similarity-checking"}],"deposited":{"date-parts":[[2021,11,12]],"date-time":"2021-11-12T19:11:49Z","timestamp":1636744309000},"score":0.0,"resource":{"primary":{"URL":"https:\/\/revistas.esap.edu.co\/index.php\/admindesarro\/article\/view\/119"}},"issued":{"date-parts":[[2013,11,1]]},"references-count":0,"journal-issue":{"issue":"57","published-online":{"date-parts":[[2013,11,1]]}},"URL":"https:\/\/doi.org\/10.22431\/25005227.119","ISSN":["2500-5227","0120-3754"],"issn-type":[{"value":"2500-5227","type":"electronic"},{"value":"0120-3754","type":"print"}],"published":{"date-parts":[[2013,11,1]]}},{"indexed":{"date-parts":[[2025,12,31]],"date-time":"2025-12-31T19:49:07Z","timestamp":1767210547951,"version":"3.48.0"},"reference-count":52,"publisher":"Escuela Superior de Administracion Publica","issue":"2","license":[{"start":{"date-parts":[[2025,9,16]],"date-time":"2025-09-16T00:00:00Z","timestamp":1757980800000},"content-version":"unspecified","delay-in-days":0,"URL":"https:\/\/creativecommons.org\/licenses\/by-nc-sa\/4.0"}],"content-domain":{"domain":[],"crossmark-restriction":false},"short-container-title":["Adm. Desarro."],"abstract":"<jats:p>Problem statement: Lack of awareness and low participation of specific key stakeholders in the formulation of the National Science, Technology, and Innovation (STI) Policy. Objective: To analyze the awareness and participation of the rural agricultural production sector of Pasto in the formulation of CONPES 3582 of 2009 (National STI Policy). Methodology: The study used a qualitative methodology supported by the rational choice model for analytical comparison between the economic, public, and social dimensions. Information was obtained through fieldwork with questionnaires and semi-structured interviews to obtain empirical results derived from population participation in policy formulation. Results: The results revealed the degree of participation and acceptance of the population with respect to the comprehensive sets of tools formulated. Conclusion: The conclusions highlight the construction of the instrument with a redistributive logic that reveals structural deficiencies in CONPES 3582 and a disconnect between the levels of government. Furthermore, a reductionist view of citizen participation and the context in which they live, which gives priority to the top-down formulation model and the concept of governability over governance.<\/jats:p>","DOI":"10.22431\/25005227.964","type":"journal-article","created":{"date-parts":[[2025,9,23]],"date-time":"2025-09-23T18:40:00Z","timestamp":1758652800000},"source":"Crossref","is-referenced-by-count":0,"title":["Relaci\u00f3n del CONPES 3582 (pol\u00edtica de CTeI) respecto al sector agr\u00edcola rural de Pasto, 2022","Relationship of CONPES 3582 (CTeI policy) regarding the rural agricultural sector of Pasto, 2022"],"prefix":"10.22431","volume":"55","author":[{"ORCID":"https:\/\/orcid.org\/0009-0004-3686-1977","authenticated-orcid":false,"given":"Daniel Oswaldo","family":"Mu\u00f1oz Castro","sequence":"first","affiliation":[],"role":[{"role":"author","vocabulary":"crossref"}]},{"ORCID":"https:\/\/orcid.org\/0000-0001-9405-9705","authenticated-orcid":false,"given":"Robert Wilson","family":"Ortiz L\u00f3pez","sequence":"additional","affiliation":[],"role":[{"role":"author","vocabulary":"crossref"}]},{"ORCID":"https:\/\/orcid.org\/0009-0008-4221-9197","authenticated-orcid":false,"given":"Ram\u00f3n Antonio","family":"Bastidas Unigarro","sequence":"additional","affiliation":[],"role":[{"role":"author","vocabulary":"crossref"}]}],"member":"9723","published-online":{"date-parts":[[2025,9,16]]},"reference":[{"key":"24572","unstructured":"Alcald\u00eda Municipal de Pasto. (30 de abril de 2020). Plan de Desarrollo Municipal \u201cPasto la Gran Capital\u201d. https:\/\/concejodepasto.gov.co\/wp-content\/uploads\/2020\/05\/PDM-CONCEJO-MUNICIPAL-21-05-2020.pdf"},{"key":"24573","unstructured":"Alc\u00edvar Gavilanes, M., y Vegas Mel\u00e9ndez, H. (2025). Paradigmas que contribuyen con la desburocratizaci\u00f3n de la administraci\u00f3n p\u00fablica. Revista Cient\u00edfica Multidisciplinaria Arbitrada YACHASUN, 9(16), 820-836. https:\/\/editorialibkn.com\/index.php\/Yachasun\/article\/view\/637"},{"key":"24574","unstructured":"Amosa, D. (2018). Policy Analysis and Engagement Toolkit. Fiji. https:\/\/d2ouvy59p0dg6k.cloudfront.net\/downloads\/cso_policy_analysis_and_engagement_toolkit.pdf"},{"key":"24575","unstructured":"Becerra P\u00e9rez, M. (2002). C\u00f3mo tomar en cuenta las experiencias de otros: un an\u00e1lisis de la transferencia de pol\u00edticas p\u00fablicas. Gaceta Ecol\u00f3gica, (63), 75-83. https:\/\/www.redalyc.org\/pdf\/539\/53906305.pdf"},{"key":"24576","unstructured":"Bernal, C. (2016). Metodolog\u00eda de la investigaci\u00f3n. PEARSON. https:\/\/www.academia.edu\/44228601\/Metodologia_De_La_Investigaci%C3%B3n_Bernal_4ta_edicion"},{"key":"24577","unstructured":"Boneti, L. (2017). Pol\u00edticas p\u00fablicas por dentro. Mercado de Letras. https:\/\/biblioteca.clacso.edu.ar\/clacso\/se\/20171002015938\/Politicas_publicas_por_dentro.pdf"},{"key":"24578","unstructured":"Briones, G. (1998). La investigaci\u00f3n de la comunidad . Gente Nueva. https:\/\/descubridor.idep.edu.co\/Record\/ir-001-222"},{"key":"24579","unstructured":"Canto S\u00e1enz, R. (2018). An\u00e1lisis de pol\u00edticas p\u00fablicas: evitar enfoques \u00fanicos. En C. Matute Gonz\u00e1lez, M. Garc\u00eda Guzm\u00e1n, y C. S\u00e1nchez J\u00e1uregui, El Instituto Nacional de Administraci\u00f3n P\u00fabica en la Reuni\u00f3n Nacional de Administraci\u00f3n P\u00fablica 2018. Colecci\u00f3n INAP (pp. 233-260). UNAM. https:\/\/biblio.juridicas.unam.mx\/bjv\/detalle-libro\/5730-el-instituto-nacional-de-administracion-pubica-en-la-reunion-nacional-de-administracion-publica-2018-coleccion-inap"},{"key":"24580","unstructured":"Castro Buitrago, E. (2011). Aproximaci\u00f3n al concepto de gobernanza en Colombia y algunos apuntes sobre su importancia en el derecho ambiental. Opini\u00f3n Jur\u00eddica, 10, 33-56. https:\/\/www.redalyc.org\/pdf\/945\/94522288003.pdf"},{"key":"24581","unstructured":"Consejo Nacional de Pol\u00edtica Econ\u00f3mica y Social - CONPES. (2009). Pol\u00edtica Nacional de Ciencia, Tecnolog\u00eda e Innovaci\u00f3n. https:\/\/colaboracion.dnp.gov.co\/CDT\/Conpes\/Econ%C3%B3micos\/3582.pdf"},{"key":"24582","doi-asserted-by":"publisher","DOI":"10.12804\/th9789587841336"},{"key":"24583","doi-asserted-by":"publisher","DOI":"10.53995\/23463279.1446"},{"key":"24584","unstructured":"Departamento Administrativo Nacional de Estad\u00edstica. (26 de julio de 2019). Resultados. Censo Nacional de Poblaci\u00f3n y Vivienda 2018. DANE. https:\/\/www.dane.gov.co\/files\/censo2018\/informacion-tecnica\/presentaciones-territorio\/190726-CNPV-presentacion-Narino-Pasto.pdf"},{"key":"24585","unstructured":"Departamento Nacional de Planeaci\u00f3n. (2021). Gu\u00eda metodol\u00f3gica para la aplicaci\u00f3n de prospectiva a la formulaci\u00f3n de pol\u00edticas p\u00fablicas en Colombia. DNP. https:\/\/www.colombiamascompetitiva.com\/wp-content\/uploads\/2022\/01\/SC-Guia-metodologica-prospectiva-LIBRO-DIGITAL-110121.pdf"},{"key":"24586","unstructured":"Dietrich, F., y List, C. (2009). A reason-based theory of rational choice. The London School of Economics. https:\/\/eprints.lse.ac.uk\/27003\/2\/A_reason_based_theory_of_rational_choice(lsero).pdf"},{"key":"24587","doi-asserted-by":"publisher","DOI":"10.21930\/rcta.vol4_num1_art:7"},{"key":"24588","doi-asserted-by":"publisher","DOI":"10.4324\/9781315181226"},{"key":"24589","doi-asserted-by":"publisher","DOI":"10.17533\/udea.rfnsp.893"},{"key":"24590","doi-asserted-by":"publisher","DOI":"10.17533\/udea.rfnsp.12588"},{"key":"24591","doi-asserted-by":"publisher","DOI":"10.36367\/ntqr.14.2022.e571"},{"key":"24592","unstructured":"Goyeneche, G., y Parodi, T. (2017). Introducci\u00f3n a la prospectiva. S\u00edntesis metodol\u00f3gica. Oficina de Planeaci\u00f3n y Presupuesto. https:\/\/www.opp.gub.uy\/sites\/default\/files\/documentos\/2018-05\/Manual_Prospectiva.pdf"},{"key":"24593","doi-asserted-by":"publisher","DOI":"10.7770\/rchdcp-v14n1-art332"},{"key":"24594","doi-asserted-by":"publisher","DOI":"10.17151\/rasv.2023.25.1.2"},{"key":"24595","doi-asserted-by":"publisher","DOI":"10.31009\/methodos.2020.i01.08"},{"key":"24596","unstructured":"Manzano Arrondo, V. (1998). La calidad del muestreo en las investigaciones sociales. Revista Electr\u00f3nica de Metodolog\u00eda Aplicada, 3(1), 19-29. https:\/\/reunido.uniovi.es\/index.php\/Rema\/article\/view\/9738"},{"key":"24597","unstructured":"Mart\u00ednez de S\u00e1nchez, A. M. (2011). T\u00e9cnica de muestreo para la selecci\u00f3n documental: una mirada desde el m\u00e9todo. C\u00f3dices, 7(2), 81-96. https:\/\/revistas.lasalle.edu.co\/index.php\/co\/article\/view\/3820"},{"key":"24598","unstructured":"Marume, S. B., Jubenkanda, R. R., Namusi, C. W., y Madziyire, N. C. (2016). The Concept of Public Policy Analysis. IOSR Journal of Business and Management (IOSR-JBM), 18(4), 52-58. https:\/\/www.iosrjournals.org\/iosr-jbm\/papers\/Vol18-issue4\/Version-5\/H1804055258.pdf"},{"key":"24599","doi-asserted-by":"publisher","DOI":"10.24320\/redie.2018.20.1.1347"},{"key":"24600","doi-asserted-by":"publisher","DOI":"10.18601\/16578651.n33.11"},{"key":"24601","doi-asserted-by":"publisher","DOI":"10.24201\/fi.v64i3.3041"},{"key":"24602","doi-asserted-by":"publisher","DOI":"10.21500\/16578031.6822"},{"key":"24603","unstructured":"Oliveros Ossa, J. F., y Eslava, A. (2016). Pol\u00edticas p\u00fablicas desde abajo: proceso de concertaci\u00f3n durante la formulaci\u00f3n del programa Barrios Sostenibles en Medell\u00edn [tesis de maestr\u00eda]. Departamento de Gobierno y Pol\u00edticas P\u00fablicas, Universidad EAFIT. https:\/\/repository.eafit.edu.co\/server\/api\/core\/bitstreams\/efe68802-cb21-480b-baae-3784502c6641\/content"},{"key":"24604","doi-asserted-by":"publisher","DOI":"10.4067\/S0717-95022017000100037"},{"key":"24605","doi-asserted-by":"publisher","DOI":"10.4324\/9781315664736"},{"key":"24606","unstructured":"Ponce Rodas, A. M. (febrero de 2005). T\u00e9cnicas de procesamiento de datos en censos y encuestas [tesis de grado]. Escuela de Ingenier\u00eda en Ciencias y Sistemas, Universidad de San Carlos de Guatemala. https:\/\/biblioteca.usac.edu.gt\/tesis\/08\/08_0240_CS.pdf"},{"key":"24607","doi-asserted-by":"publisher","DOI":"10.33064\/41crscsh1203"},{"key":"24608","doi-asserted-by":"publisher","DOI":"10.24215\/18537863e059"},{"key":"24609","unstructured":"Roth Deubel, A. N. (2002). Pol\u00edticas p\u00fablicas: formulaci\u00f3n, implementaci\u00f3n y evaluaci\u00f3n. Ediciones Aurora. https:\/\/polpublicas.wordpress.com\/wp-content\/uploads\/2016\/08\/roth_andre-politicas-publicas-libro-completo.pdf"},{"key":"24610","doi-asserted-by":"publisher","DOI":"10.17533\/udea.espo.1943"},{"key":"24611","doi-asserted-by":"publisher","DOI":"10.5944\/empiria.43.2019.24305"},{"key":"24612","doi-asserted-by":"publisher","DOI":"10.18359\/rfce.7014"},{"key":"24613","unstructured":"Thomas, D. R. (march de 2000). Policy under the microscope: research strategies for investigating policy processes. En P. Davis y T. Ashton (eds.), Health and public policy in New Zealand. Oxford University Press. https:\/\/www.researchgate.net\/profile\/David-Thomas57\/publication\/251716197_Policy_under_the_microscope_Research_strategies_for_investigating_policy_processes\/links\/0deec53b32a5e7a1a9000000\/Policy-under-the-microscope-Research-strategies-for-investigating-"},{"key":"24614","doi-asserted-by":"publisher","DOI":"10.1007\/978-94-007-0702-3_2"},{"key":"24615","unstructured":"https:\/\/www.researchgate.net\/publication\/227091950_Qualitative_Research_and_Public_Policy_The_Challenges_of_Relevance_and_Trustworthiness"},{"key":"24616","unstructured":"Torres Melo, J., y Santander, J. (2013). Introduccion a las pol\u00edticas p\u00fablicas: conceptos y herramientas desde la relaci\u00f3n entre el Estado y la ciudadan\u00eda. IEMP ediciones. https:\/\/www.supertransporte.gov.co\/documentos\/2017\/Noviembre\/Normograma\/Criterios_y_riesgos_de_supervision\/Introduccion_a_politicas_publicas.pdf"},{"key":"24617","doi-asserted-by":"publisher","DOI":"10.22518\/book\/9789585511972\/ch05"},{"key":"24618","unstructured":"Vargas Ar\u00e9balo, C. (2007). An\u00e1lisis de las Pol\u00edticas P\u00fablicas. Perspectivas, (19), 127-136. https:\/\/www.redalyc.org\/pdf\/4259\/425942453011.pdf"},{"key":"24619","doi-asserted-by":"publisher","DOI":"10.22458\/caes.v3i1.436"},{"key":"24620","doi-asserted-by":"publisher","DOI":"10.15174\/remap.v3i1.73"},{"key":"24621","doi-asserted-by":"publisher","DOI":"10.22191\/gobernar\/vol1\/iss1\/2"},{"key":"24622","doi-asserted-by":"publisher","DOI":"10.5354\/0719-6296.2024.73970"},{"key":"24623","unstructured":"Zuluaga, \u00c1. M., y Restrepo, J. C. (2018). Gu\u00eda t\u00e9cnica - Metodolog\u00eda para la formulaci\u00f3n de pol\u00edticas p\u00fablicas en el municipio de Pereira. Entrelibros. https:\/\/digitk.areandina.edu.co\/handle\/areandina\/3317"}],"container-title":["Administraci\u00f3n &amp; Desarrollo"],"link":[{"URL":"https:\/\/revistas.esap.edu.co\/index.php\/admindesarro\/article\/download\/964\/831","content-type":"application\/pdf","content-version":"vor","intended-application":"text-mining"},{"URL":"https:\/\/revistas.esap.edu.co\/index.php\/admindesarro\/article\/download\/964\/837","content-type":"text\/xml","content-version":"vor","intended-application":"text-mining"},{"URL":"https:\/\/revistas.esap.edu.co\/index.php\/admindesarro\/article\/download\/964\/831","content-type":"unspecified","content-version":"vor","intended-application":"similarity-checking"}],"deposited":{"date-parts":[[2025,12,31]],"date-time":"2025-12-31T19:44:20Z","timestamp":1767210260000},"score":0.0,"resource":{"primary":{"URL":"https:\/\/revistas.esap.edu.co\/index.php\/admindesarro\/article\/view\/964"}},"issued":{"date-parts":[[2025,9,16]]},"references-count":52,"journal-issue":{"issue":"2","published-online":{"date-parts":[[2025,7,16]]}},"URL":"https:\/\/doi.org\/10.22431\/25005227.964","ISSN":["2500-5227","0120-3754"],"issn-type":[{"type":"electronic","value":"2500-5227"},{"type":"print","value":"0120-3754"}],"published":{"date-parts":[[2025,9,16]]}},{"indexed":{"date-parts":[[2025,11,7]],"date-time":"2025-11-07T19:12:55Z","timestamp":1762542775581,"version":"build-2065373602"},"reference-count":0,"publisher":"Escuela Superior de Administracion Publica","issue":"2","license":[{"start":{"date-parts":[[2017,12,11]],"date-time":"2017-12-11T00:00:00Z","timestamp":1512950400000},"content-version":"unspecified","delay-in-days":0,"URL":"https:\/\/creativecommons.org\/licenses\/by-nc-sa\/4.0"}],"content-domain":{"domain":[],"crossmark-restriction":false},"short-container-title":["Adm. Desarro."],"abstract":"<jats:p>Planning and development concepts have independently evolved in their meaning until jointly configuring the development planning technique. Now then, by virtue of the fact that concepts make up realities, even institutions, this article proposes that the first step towards the development of a country is the consensus around the definition of such term, as it must be related to the cultural, historical, anthropological and geographic aspects that determine a nation; otherwise it would be unfruitful to design public policies. After a deductive exercise, it was concluded that the consensus on the meaning of development must be followed by the insertion thereof as a public institution in the structure of the State, as economic planning of development must be a state matter and not a government matter, which, this way will guarantee the dignification of the human individual and the non-use of the State for the stingy satisfaction of personal interests.\u00a0<\/jats:p>","DOI":"10.22431\/25005227.389","type":"journal-article","created":{"date-parts":[[2017,12,12]],"date-time":"2017-12-12T15:13:01Z","timestamp":1513091581000},"page":"24-35","source":"Crossref","is-referenced-by-count":3,"title":["Development planning: from the concepts to the technique","La planeaci\u00f3n del desarrollo: de los conceptos a la t\u00e9cnica"],"prefix":"10.22431","volume":"47","author":[{"given":"Juan David","family":"Huertas Ramos","sequence":"first","affiliation":[],"role":[{"role":"author","vocabulary":"crossref"}]}],"member":"9723","published-online":{"date-parts":[[2017,12,11]]},"container-title":["Administraci\u00f3n &amp; Desarrollo"],"link":[{"URL":"https:\/\/revistas.esap.edu.co\/index.php\/admindesarro\/article\/download\/389\/pdf","content-type":"application\/pdf","content-version":"vor","intended-application":"text-mining"},{"URL":"https:\/\/revistas.esap.edu.co\/index.php\/admindesarro\/article\/download\/389\/pdf","content-type":"unspecified","content-version":"vor","intended-application":"similarity-checking"}],"deposited":{"date-parts":[[2025,11,6]],"date-time":"2025-11-06T16:34:38Z","timestamp":1762446878000},"score":0.0,"resource":{"primary":{"URL":"https:\/\/revistas.esap.edu.co\/index.php\/admindesarro\/article\/view\/389"}},"issued":{"date-parts":[[2017,12,11]]},"references-count":0,"journal-issue":{"issue":"2","published-online":{"date-parts":[[2017,12,11]]}},"URL":"https:\/\/doi.org\/10.22431\/25005227.389","ISSN":["2500-5227","0120-3754"],"issn-type":[{"type":"electronic","value":"2500-5227"},{"type":"print","value":"0120-3754"}],"published":{"date-parts":[[2017,12,11]]}},{"indexed":{"date-parts":[[2025,12,31]],"date-time":"2025-12-31T20:18:15Z","timestamp":1767212295677,"version":"3.48.0"},"reference-count":35,"publisher":"Escuela Superior de Administracion Publica","issue":"1","license":[{"start":{"date-parts":[[2024,4,26]],"date-time":"2024-04-26T00:00:00Z","timestamp":1714089600000},"content-version":"unspecified","delay-in-days":0,"URL":"https:\/\/creativecommons.org\/licenses\/by-nc-sa\/4.0"}],"content-domain":{"domain":[],"crossmark-restriction":false},"short-container-title":["Adm. Desarro."],"abstract":"<jats:p>This article reviews the Colombian regulatory system, which has developed various forms of transferring resources from the national level to the local level for financing social expenditures, primarily in education, which is the sector with the highest allocation. Subsequently, the current system is described, which grants the most representative transfers from the nation to territorial entities to address sector-specific social expenditure. To analyze the resources allocated to the education sector in the Sucre department during the period 2010-2020 in practice and to determine if the transfer system effectively aims at fiscal decentralization, coupled with strengthening local and departmental capacities to autonomously manage transferred resources and efficiently manage tax collection and the acquisition of own resources. The work was developed using a mixed-method methodology, allowing for the approach of quantitative data to support qualitative analyses of the research using primary and secondary sources, as well as the observation of socioeconomic phenomena, establishing concurrent triangulation design.<\/jats:p>","DOI":"10.22431\/25005227.vol54n1.869","type":"journal-article","created":{"date-parts":[[2024,4,26]],"date-time":"2024-04-26T15:32:35Z","timestamp":1714145555000},"page":"e869","source":"Crossref","is-referenced-by-count":1,"title":["El gasto educativo del departamento de Sucre en el marco de la descentralizaci\u00f3n fiscal en Colombia","Educational spending in the department of Sucre in the framework of fiscal decentralization in Colombia"],"prefix":"10.22431","volume":"54","author":[{"ORCID":"https:\/\/orcid.org\/0000-0002-9380-3501","authenticated-orcid":false,"given":"Jos\u00e9 Alexander","family":"Manjarres M\u00e1rquez","sequence":"first","affiliation":[],"role":[{"role":"author","vocabulary":"crossref"}]},{"ORCID":"https:\/\/orcid.org\/0000-0003-1379-9512","authenticated-orcid":false,"given":"Ramiro Enrique","family":"Salazar Ramos","sequence":"additional","affiliation":[],"role":[{"role":"author","vocabulary":"crossref"}]},{"ORCID":"https:\/\/orcid.org\/0009-0002-3074-8581","authenticated-orcid":false,"given":"Erika Sofia","family":"Serna P\u00e9rez","sequence":"additional","affiliation":[],"role":[{"role":"author","vocabulary":"crossref"}]}],"member":"9723","published-online":{"date-parts":[[2024,4,26]]},"reference":[{"key":"12438","unstructured":"Acto Legislativo 01 de 1968. Por el cual se reforma la Constituci\u00f3n Pol\u00edtica de Colombia. 17 de diciembre de 1968. D. O. No. 32673."},{"key":"12439","unstructured":"Acto Legislativo 01 de 2001. Por medio del cual se modifican algunos art\u00edculos de la Constituci\u00f3n Pol\u00edtica. 30 de julio de 2001. D. O. No. 44506."},{"key":"12440","unstructured":"Acto Legislativo 04 de 2007. Por el cual se reforman los art\u00edculos 356 y 357 de la Constituci\u00f3n Pol\u00edtica. 11 de julio de 2007. D. O. No. 46686."},{"key":"12441","unstructured":"Bonet, J. (2004). \u201cDescentralizaci\u00f3n fiscal y disparidades en el ingreso regional la experiencia colombiana\u201d, Documentos de Trabajo sobre Econom\u00eda Regional No. 49. Banco de la Rep\u00fablica."},{"key":"12442","unstructured":"Bonet, J., P\u00e9rez, G. y Ayala, J. (2016). Contexto hist\u00f3rico y evoluci\u00f3n del SGP en Colombia, En J. Bonet y L. Galvis, (Ed.). Sistemas de transferencias subnacionales: lecciones para una reforma en Colombia (Pp. 83-128). Banco de la Rep\u00fablica de Colombia."},{"key":"12443","unstructured":"Congreso de la Rep\u00fablica, Acto legislativo 01 de diciembre 11 de 1968. Por el cual se reforma la Constituci\u00f3n Pol\u00edtica de Colombia"},{"key":"12444","unstructured":"Congreso de Colombia, diario oficial No. 33.520 del 16 de febrero de 1972. Ley 146 de 1971. Por el cual se desarrolla parcialmente el art\u00edculo 182 de la Constituci\u00f3n Nacional"},{"key":"12445","unstructured":"Congreso de la Rep\u00fablica de Colombia, Ley 12 de 1986. Por el cual se dictan normas sobre la cesi\u00f3n del impuesto a las ventas o impuesto al valor agregado (IVA) y se reforma el decreto 232 de 1983"},{"key":"12446","unstructured":"Congreso de la Rep\u00fablica de Colombia. Ley 60 de 1993, diario oficial No. 40.987 del 12 de agosto de 1993. Por el cual se dictan normas org\u00e1nicas sobre la distribuci\u00f3n de competencias de conformidad con los art\u00edculos 151 y 288 del C.P.C, y se distribuyen recursos seg\u00fan los art\u00edculos 356 y 357 de la C.P.C. Art 10"},{"key":"12447","unstructured":"Congreso de la Rep\u00fablica de Colombia. Acto legislativo 01 del 2001, reforma a la constituci\u00f3n nacional de Colombia en los art\u00edculos 356 y 357 creaci\u00f3n del sistema general de participaciones (SGP). Art. 3"},{"key":"12448","unstructured":"Congreso de la Rep\u00fablica de Colombia. Ley 715 del 2001, diario oficial No. 44.654 del 21 de diciembre del 2001. Mediante el cual se dictan normas en materia de recursos y competencias. Art,4"},{"key":"12449","unstructured":"Congreso de la Rep\u00fablica de Colombia, Ley 1176 del 2007, diario oficial No. 46.854 del 27 de diciembre del 2007. Por el cual se desarrollan los art\u00edculos 352 y 357 de la C.P.C"},{"key":"12450","unstructured":"Constituci\u00f3n Pol\u00edtica de 1991. Descentralizaci\u00f3n Fiscal Art. 357"},{"key":"12451","unstructured":"Constituci\u00f3n Pol\u00edtica de la Rep\u00fablica de Colombia [Const]. Art. 356 y 357. Gaceta Constitucional n.\u00ba 116. 13 de junio de 1991 (Colombia)."},{"key":"12452","unstructured":"Decreto 77 de enero 15 de 1987. Por el cual se expide el estatuto de descentralizaci\u00f3n en beneficio de los municipios"},{"key":"12453","unstructured":"Decreto Ley 1333 de 1986. Por el cual se expide el C\u00f3digo de R\u00e9gimen Municipal. 25 de abril de 1986. D. O. No. 37466."},{"key":"12454","unstructured":"Departamento Administrativo Nacional de Estad\u00edsticas. (2020) Proyecciones de poblaci\u00f3n municipal por \u00e1rea, sexo y edad. 2018-2035. Gran Encuesta Integrada de Hogares GEIH. DANE. https:\/\/www.dane.gov.co\/index.php\/estadisticas-por-tema\/demografia-y-poblacion\/proyecciones-de-poblacion"},{"key":"12455","unstructured":"Departamento Administrativo Nacional de Estad\u00edsticas (DANE). (2022). PIB por departamento https:\/\/www.dane.gov.co\/index.php\/estadisticas-por-tema\/cuentas-nacionales\/cuentas-nacionales-departamentales"},{"key":"12456","unstructured":"Departamento Nacional de Planeaci\u00f3n (DNP). (2022). Sistema General de Participaciones. Detalle hist\u00f3rico por entidad y concepto. https:\/\/sicodis.dnp.gov.co\/ReportesSGP\/SGP_ReportePorEntidadyFuente.aspx"},{"key":"12457","unstructured":"Fainboim, I., Cadena, H. J. &. Acosta, O. (1994). El proceso reciente de descentralizaci\u00f3n fiscal en Colombia y sus perspectivas. Coyuntura Social, 63 - 102"},{"key":"12458","unstructured":"Franco, M y Cristancho, F. (2011) El Federalismo fiscal y el proceso de descentralizaci\u00f3n fiscal. Estudios de derecho, 69(154), 235-262. https:\/\/doi.org\/10.17533\/udea.esde.18416"},{"key":"12459","unstructured":"Garc\u00eda, M. (2007). Impacto de la reforma al sistema de transferencias en el proceso de descentralizaci\u00f3n fiscal del pa\u00eds. Fundaci\u00f3n Universidad de Am\u00e9rica."},{"key":"12460","doi-asserted-by":"crossref","unstructured":"Garc\u00eda, M. (2017). El sistema general de participaciones en el proceso de descentralizaci\u00f3n fiscal en Colombia. Revista Questionar, 5(1), 121-130.","DOI":"10.29097\/23461098.105"},{"key":"12461","unstructured":"Iregui, A. M., J. Ramos y L. A. Saavedra (2001). An\u00e1lisis de la descentralizaci\u00f3n fiscal en Colombia. Banco de la Rep\u00fablica de Colombia."},{"key":"12462","unstructured":"Ley 12 de 1986. Por la cual se dictan normas sobre la Cesi\u00f3n de impuesto a las Ventas o Impuesto al Valor Agregado (I.V.A.) y se reforma el Decreto 232 de 1983. 17 de enero de 1986. D. O. CXXII. No. 37310."},{"key":"12463","unstructured":"Ley 12 de 1986. Por la cual se dictan normas sobre la Cesi\u00f3n de impuesto a las Ventas o Impuesto al Valor Agregado (I.V.A.) y se reforma el Decreto 232 de 1983. 17 de enero de 1986. Diario Oficial, CXXII, No. 37310."},{"key":"12464","unstructured":"Ley 60 de 1993. Por la cual se dictan normas org\u00e1nicas sobre la distribuci\u00f3n de competencias de conformidad con los art\u00edculos 151 y 288 de la Constituci\u00f3n Pol\u00edtica y se distribuyen recursos seg\u00fan los art\u00edculos 356 y 357 de la Constituci\u00f3n Pol\u00edtica y se dictan otras disposiciones. 12 de agosto de 1993. Diario Oficial, No. 40.987."},{"key":"12465","unstructured":"Ley 617 de (2000). Por la cual se reforma parcialmente la Ley 136 de 1994, el Decreto Extraordinario 1222 de 1986, se adiciona la ley org\u00e1nica de presupuesto, el Decreto 1421 de 1993, se dictan otras normas tendientes a fortalecer la descentralizaci\u00f3n, y se dictan normas para la racionalizaci\u00f3n del gasto p\u00fablico nacional."},{"key":"12466","unstructured":"Ley 715 de 2001. Por la cual se dictan normas org\u00e1nicas en materia de recursos y competencias de conformidad con los art\u00edculos 151, 288, 356 y 357 (Acto Legislativo 01 de 2001) de la Constituci\u00f3n Pol\u00edtica y se dictan otras disposiciones para organizar la prestaci\u00f3n de los servicios de educaci\u00f3n y salud, entre otros. 21 de diciembre de 2001. Diario Oficial, No. 44654."},{"key":"12467","doi-asserted-by":"crossref","unstructured":"Lozano, I. & Julio, J. M. (2016) Descentralizaci\u00f3n fiscal y crecimiento econ\u00f3mico en Colombia: evidencia de datos de panel a nivel regional. Revista Cepal, 119, 69-78.","DOI":"10.18356\/d873c672-es"},{"key":"12468","unstructured":"Organizaci\u00f3n de las Naciones Unidas (1993). Descentralizaci\u00f3n Fiscal: Marco Conceptual."},{"key":"12469","unstructured":"Organizaci\u00f3n de las Naciones Unidas."},{"key":"12470","unstructured":"Mar\u00edn, M. (2009). Descentralizaci\u00f3n fiscal en Colombia: an\u00e1lisis y evaluaci\u00f3n del proceso (2000-2008). [Tesis de Maestr\u00eda, Universidad Jesuita Alberto Hurtado]."},{"key":"12471","unstructured":"Mart\u00ednez, R. & Collinao, M. (2010). Gasto Social, modelo para la medici\u00f3n y an\u00e1lisis para Am\u00e9rica Latina y el Caribe. CEPAL."},{"key":"12472","unstructured":"Sampieri, R., Fern\u00e1ndez, C. & Baptista, P. (2010). Metodolog\u00eda de la investigaci\u00f3n (5\u00b0 Ed.). McGraw Hill Interamericana"}],"container-title":["Administraci\u00f3n &amp; Desarrollo"],"link":[{"URL":"https:\/\/revistas.esap.edu.co\/index.php\/admindesarro\/article\/download\/869\/750","content-type":"application\/pdf","content-version":"vor","intended-application":"text-mining"},{"URL":"https:\/\/revistas.esap.edu.co\/index.php\/admindesarro\/article\/download\/869\/757","content-type":"text\/xml","content-version":"vor","intended-application":"text-mining"},{"URL":"https:\/\/revistas.esap.edu.co\/index.php\/admindesarro\/article\/download\/869\/750","content-type":"unspecified","content-version":"vor","intended-application":"similarity-checking"}],"deposited":{"date-parts":[[2025,12,31]],"date-time":"2025-12-31T20:00:06Z","timestamp":1767211206000},"score":0.0,"resource":{"primary":{"URL":"https:\/\/revistas.esap.edu.co\/index.php\/admindesarro\/article\/view\/869"}},"issued":{"date-parts":[[2024,4,26]]},"references-count":35,"journal-issue":{"issue":"1","published-online":{"date-parts":[[2024,1,1]]}},"URL":"https:\/\/doi.org\/10.22431\/25005227.vol54n1.869","ISSN":["2500-5227","0120-3754"],"issn-type":[{"type":"electronic","value":"2500-5227"},{"type":"print","value":"0120-3754"}],"published":{"date-parts":[[2024,4,26]]}},{"indexed":{"date-parts":[[2025,11,6]],"date-time":"2025-11-06T16:39:56Z","timestamp":1762447196115,"version":"build-2065373602"},"reference-count":27,"publisher":"Escuela Superior de Administracion Publica","issue":"1","license":[{"start":{"date-parts":[[2023,7,4]],"date-time":"2023-07-04T00:00:00Z","timestamp":1688428800000},"content-version":"unspecified","delay-in-days":0,"URL":"https:\/\/creativecommons.org\/licenses\/by-nc-sa\/4.0"}],"content-domain":{"domain":[],"crossmark-restriction":false},"short-container-title":["Adm. Desarro."],"abstract":"<jats:p>This research aims to identify and analyze innovative actions (social innovations), developed, and applied to agri-food systems and food security in the department of Caldas, Colombia, during 2020 and 2021, which have contributed to the improvement of adaptation capacities. to the restrictive measures triggered by the covid-19 pandemic.A qualitative research methodology complemented by quantitative information was used. The case systematization design was established as a guide. The purpose of this article is to establish and assess, in each of the three Caldas municipalities (Aguadas, Manzanares and Villamar\u00eda), the knowledge and practices of social innovation around food safety and agri-food systems, as effective measures of municipal care in pandemic times. In these municipalities, an effort was made to guarantee food security during the pandemic, which is why it was necessary to strengthen relations between public officials in charge of food security and agriculture issues in the municipalities with peasants and leaders of the rural sector. As part of the learning, it was recognized how the continuous work of the peasants was essential to guarantee the supply of agricultural products, the basis of the family basket to urban residents, positively affecting the agri-food systems and rural livelihoods and strengthening traditional practices. typical of family farming, thereby improving both the relations between officials and representatives of municipal government cabinets with peasants and rural leaders, as well as the use of production.<\/jats:p>","DOI":"10.22431\/25005227.vol53n1.3","type":"journal-article","created":{"date-parts":[[2023,7,4]],"date-time":"2023-07-04T23:24:42Z","timestamp":1688513082000},"page":"1-19","source":"Crossref","is-referenced-by-count":0,"title":["Innovaciones sociales y lecciones en seguridad alimentaria aprendidas en tiempos de pandemia covid-19 en Caldas, Colombia","Social innovations and food safety lessons learned in times of the covid-19 pandemic in Caldas, Colombia"],"prefix":"10.22431","volume":"53","author":[{"ORCID":"https:\/\/orcid.org\/0000-0002-0139-1715","authenticated-orcid":false,"given":"Claudia","family":"Jurado Alvar\u00e1n","sequence":"first","affiliation":[],"role":[{"role":"author","vocabulary":"crossref"}]},{"ORCID":"https:\/\/orcid.org\/0000-0002-9620-9663","authenticated-orcid":false,"given":"Juli\u00e1n Andr\u00e9s","family":"Cardona Romero","sequence":"additional","affiliation":[],"role":[{"role":"author","vocabulary":"crossref"}]},{"ORCID":"https:\/\/orcid.org\/0000-0002-2881-9056","authenticated-orcid":false,"given":"C\u00e9sar Nicandro","family":"Cruz-Rubio","sequence":"additional","affiliation":[],"role":[{"role":"author","vocabulary":"crossref"}]},{"ORCID":"https:\/\/orcid.org\/0000-0002-3619-6004","authenticated-orcid":false,"given":"Jaime Andr\u00e9s","family":"Pinilla Ferreira","sequence":"additional","affiliation":[],"role":[{"role":"author","vocabulary":"crossref"}]}],"member":"9723","published-online":{"date-parts":[[2023,7,4]]},"reference":[{"key":"7466","doi-asserted-by":"crossref","unstructured":"Calder\u00f3n, J. C., Arias, D., Papamija, M. Quintero, M. P. (2018). Condiciones de seguridad alimentaria en una comunidad ind\u00edgena de Colombia. Physis, 28(4). https:\/\/doi.org\/10.1590\/S0103-73312018280405","DOI":"10.1590\/s0103-73312018280405"},{"key":"7467","unstructured":"Comisi\u00f3n Econ\u00f3mica para Am\u00e9rica Latina y el Caribe -CEPAL-, Organizaci\u00f3n de las Naciones Unidas para la Alimentaci\u00f3n y la Agricultura (2020). C\u00f3mo evitar que la crisis del COVID-19 se transforme en una crisis alimentaria. Acciones urgentes contra el hambre en Am\u00e9rica Latina y el Caribe. https:\/\/repositorio.cepal.org\/bitstream\/handle\/11362\/45702\/4\/S2000393_es.pdf"},{"key":"7468","unstructured":"Comit\u00e9 de Seguridad Alimentaria Mundial, 2020. Los efectos de la COVID-19 en la seguridad alimentaria y la nutrici\u00f3n: elaboraci\u00f3n de respuestas eficaces en materia de pol\u00edticas para abordar la pandemia del hambre y la malnutrici\u00f3n, p. Disponible en: https:\/\/www.fao.org\/3\/cb1000es\/cb1000es.pdf"},{"key":"7469","doi-asserted-by":"crossref","unstructured":"Echaverr\u00eda, J. (2008). El Manual de Oslo y la innovaci\u00f3n social, ARBOR, Ciencia, Pensamiento y Cultura, CLXXXIV 732, Julio-agosto, 609-618.","DOI":"10.3989\/arbor.2008.i732.210"},{"key":"7470","unstructured":"Fontaine, G. (2015). El an\u00e1lisis de las pol\u00edticas p\u00fablicas. Conceptos, teor\u00edas y m\u00e9todos. Anthropos, Barcelona."},{"key":"7471","unstructured":"Food and Agriculture Organization of the United Nations -FAO-, Naciones Unidas, (1996). Declaraci\u00f3n de Roma sobre la Seguridad Alimentaria Mundial. Plan de Acci\u00f3n de la Cumbre Mundial sobre la Alimentaci\u00f3n. https:\/\/www.fao.org\/3\/w3613s\/w3613s00.htm"},{"key":"7472","unstructured":"Food and Agriculture Organization of the United Nations -FAO, (2009). How to feed the world in 2050. FAO. Roma. p. 35 https:\/\/www.fao.org\/fileadmin\/templates\/wsfs\/docs\/expert_paper\/How_to_Feed_the_World_in_2050.pdf"},{"key":"7473","unstructured":"Food and Agriculture Organization of the United Nations, FAO (2011). El estado mundial de la agricultura y la alimentaci\u00f3n. Las mujeres en la agricultura: cerrar la brecha de g\u00e9nero en aras del desarrollo. http:\/\/www.fao.org\/publications\/sofa\/es\/, consultado en noviembre de 2021."},{"key":"7474","unstructured":"Gonz\u00e1lez, M.I. (2017). Autogesti\u00f3n, relocalizaci\u00f3n y reapropiaci\u00f3n de los sistemas agroalimentarios y su biodiversidad ecol\u00f3gica y cultural: construyendo mercados sustentables para nuestros alimentos desde propuestas agroecol\u00f3gicas. La experiencia de Ecovalle en el Valle de Lecr\u00edn. (Granada). Tesis doctoral. Universidad de C\u00f3rdoba. Repositorio UG."},{"key":"7475","doi-asserted-by":"crossref","unstructured":"Gupta, J., Bavinck, M., Ros-Tonen, M., Asubonteng, K., Bosch, H., van Ewijk, E., ... y Verrest, H. (2021). covid-19, poverty and inclusive development. World Development, 145, 105527.","DOI":"10.1016\/j.worlddev.2021.105527"},{"key":"7476","doi-asserted-by":"crossref","unstructured":"Hern\u00e1ndez-Ascanio, Jos\u00e9; Tirado-Valencia, Pilar; Ariza-Montes, Antonio (2016). El concepto de innovaci\u00f3n social: \u00e1mbitos, definiciones y alcances te\u00f3ricos. CIRIEC- Espa\u00f1a. Revista de Econom\u00eda P\u00fablica, Social y Cooperativa, (88), diciembre, 2016, pp. 164-199.","DOI":"10.7203\/CIRIEC-E.88.8849"},{"key":"7477","unstructured":"Hidalgo, J. A., Rindermann, R. S., y Cruz, M. A. G. (2017). Sistematizaci\u00f3n de experiencias en el establecimiento de huertos familiares en San Bartolom\u00e9 Loxicha, Oaxaca. Chapingo, Ed. de M\u00e9xico, noviembre 2017."},{"key":"7478","unstructured":"Jara, O. (2011). La sistematizaci\u00f3n de experiencias: aspectos te\u00f3ricos y metodol\u00f3gicos. (Entrevista). En: Decisio: Enero-abril 2011, p 67-74."},{"key":"7479","unstructured":"Mej\u00eda Herrera, O. A. (2018). Sistematizaci\u00f3n de experiencias del Banco Comunitario de Semilla (BCS) \u201cEl Esfuerzo\u201d, en la comunidad Mirazul del Llano, Masatepe, Masaya 2011-2015 (Doctoral dissertation, Universidad Nacional Agraria)."},{"key":"7480","unstructured":"Ministerio de Agricultura y Desarrollo Rural (2020). Normatividad COVID. Decretos expedidos por el Gobierno Nacional con ocasi\u00f3n del Estado de Emergencia Econ\u00f3mica, Social y Ecol\u00f3gica en todo el territorio nacional relacionados con el sector agropecuario y desarrollo rural. Recuperado de: https:\/\/www.minagricultura.gov.co\/Paginas\/Normativa-COVID.aspx"},{"key":"7481","unstructured":"Morales, A. (2019). El abastecimiento urbano de alimentos y la situaci\u00f3n alimentaria y nutricional en Venezuela durante la V Rep\u00fablica, 1999-2017. Revista Venezolana de An\u00e1lisis de Coyuntura, 25(2), 9-39."},{"key":"7482","unstructured":"Mor\u00edn, E. (2011). Introducci\u00f3n al pensamiento complejo. Madrid, Espa\u00f1a: Gedisa."},{"key":"7483","doi-asserted-by":"crossref","unstructured":"P\u00e9rez, J. J., y Razz, R. (2009). La teor\u00eda general de los sistemas y su aplicaci\u00f3n en el estudio de la seguridad agroalimentaria. Revista de Ciencias Sociales,15(3), 486-498.","DOI":"10.31876\/rcs.v15i3.25460"},{"key":"7484","unstructured":"Piura, J. (2000). Introducci\u00f3n a la Metodolog\u00eda de la Investigaci\u00f3n Cient\u00edfica. Managua: Litograf\u00eda el Renacimiento."},{"key":"7485","unstructured":"Presidencia de la Rep\u00fablica de Colombia (2020). Decreto 417 de 2020. Por el cual se declara un Estado de Emergencia Econ\u00f3mica, Social y Ecol\u00f3gica en todo el territorio Nacional. https:\/\/www.funcionpublica.gov.co\/eva\/gestornormativo\/norma.php?i=110334"},{"key":"7486","unstructured":"Quintero, L. 2009. Aportes te\u00f3ricos para el estudio de un sistema de innovaci\u00f3n. Revista Ciencias Administrativas y Sociales. 20(38),57-76."},{"key":"7487","doi-asserted-by":"crossref","unstructured":"Rojas, J. (2015). Medici\u00f3n de la innovaci\u00f3n agropecuaria desde los territorios: una propuesta conceptual y metodol\u00f3gica. Revista cient\u00edfica La Calera, 15(24), p. 40- 48 \/ mayo 20. https:\/\/lacalera.una.edu.ni\/index.php\/CALERA\/article\/view\/209\/209","DOI":"10.5377\/calera.v15i24.2937"},{"key":"7488","unstructured":"Sampieri, R. (2014). Metodolog\u00eda de la investigaci\u00f3n. Mc. Graw Hill, Sexta Edici\u00f3n."},{"key":"7489","unstructured":"Vega, X. A. L. (2018). Soberan\u00eda alimentaria. Sistemas agroalimentarios, movimientos campesinos y pol\u00edticas p\u00fablicas. El caso de ecuador (Doctoral dissertation, Universidad del Pa\u00eds Vasco-Euskal Herriko Unibertsitatea)."},{"key":"7490","doi-asserted-by":"crossref","unstructured":"Werkheiser, I., y Noll, S. (2014). From food justice to a tool of the Status quo: Three sub-movements within local food. Journal of Agricultural and Environmental Ethics, 27, 201\u2013210.","DOI":"10.1007\/s10806-013-9459-6"},{"key":"7491","unstructured":"Yin, R. (1994). Investigaci\u00f3n sobre estudio de casos. Dise\u00f1o y m\u00e9todos. Applied social research methods series, 5(2), 1-35. https:\/\/shorturl.at\/nopsG"},{"key":"7492","unstructured":"Zuluaga, J., y de Paoli, L. (2016). Sistemas agroalimentario ciudad-regi\u00f3n. An\u00e1lisis de la Situaci\u00f3n. Colombia, FAO (Programa alimentos de las ciudades), RUAF-Foundation."}],"container-title":["Administraci\u00f3n &amp; Desarrollo"],"link":[{"URL":"https:\/\/revistas.esap.edu.co\/index.php\/admindesarro\/article\/download\/834\/663","content-type":"application\/pdf","content-version":"vor","intended-application":"text-mining"},{"URL":"https:\/\/revistas.esap.edu.co\/index.php\/admindesarro\/article\/download\/834\/670","content-type":"text\/xml","content-version":"vor","intended-application":"text-mining"},{"URL":"https:\/\/revistas.esap.edu.co\/index.php\/admindesarro\/article\/download\/834\/663","content-type":"unspecified","content-version":"vor","intended-application":"similarity-checking"}],"deposited":{"date-parts":[[2025,11,6]],"date-time":"2025-11-06T16:36:05Z","timestamp":1762446965000},"score":0.0,"resource":{"primary":{"URL":"https:\/\/revistas.esap.edu.co\/index.php\/admindesarro\/article\/view\/834"}},"issued":{"date-parts":[[2023,7,4]]},"references-count":27,"journal-issue":{"issue":"1","published-online":{"date-parts":[[2023,1,1]]}},"URL":"https:\/\/doi.org\/10.22431\/25005227.vol53n1.3","ISSN":["2500-5227","0120-3754"],"issn-type":[{"type":"electronic","value":"2500-5227"},{"type":"print","value":"0120-3754"}],"published":{"date-parts":[[2023,7,4]]}},{"indexed":{"date-parts":[[2025,12,31]],"date-time":"2025-12-31T20:16:16Z","timestamp":1767212176905,"version":"3.48.0"},"reference-count":0,"publisher":"Escuela Superior de Administracion Publica","issue":"2","license":[{"start":{"date-parts":[[2016,7,31]],"date-time":"2016-07-31T00:00:00Z","timestamp":1469923200000},"content-version":"unspecified","delay-in-days":0,"URL":"http:\/\/creativecommons.org\/licenses\/by-nc-nd\/4.0"}],"content-domain":{"domain":[],"crossmark-restriction":false},"short-container-title":["Adm. Desarro."],"abstract":"<jats:p>The topic of public value relates the connection of the public authorities and the citizens, as long as the public authorities induce impact conditions that citizens find valuable. To this regard the works by Mark Moore and Enrique Conejero are relevant, since they exhibit the public value\u00bfs fundament and the necessity of inducing it through the public administration action. Concerning this matter, it is expected to answer whether Boyaca\u00bfs government had a track record that shows public value in the operation management dimensions, legitimacy, support and impacts. These all, through a qualitative and quantitative analysis nurtured in the Moore\u00bfs triangle. The results show that Boyaca\u00bfs government has progressively improved as an agent promoter of public value, but it also shows that there is still a lot to improve, especially regarding legitimacy and support.<\/jats:p>","DOI":"10.22431\/25005227.61","type":"journal-article","created":{"date-parts":[[2017,7,5]],"date-time":"2017-07-05T12:05:54Z","timestamp":1499256354000},"page":"219-234","source":"Crossref","is-referenced-by-count":1,"title":["Gobiernos responsables que inducen valor p\u00fablico: de productos a impactos en la Gobernaci\u00f3n de Boyac\u00e1 2005-2015","Responsible governments that encourage public value: from products to impacts in Boyaca\u2019s government 2005-2015"],"prefix":"10.22431","volume":"46","author":[{"given":"Orlando","family":"Velasco Ulloa","sequence":"first","affiliation":[],"role":[{"role":"author","vocabulary":"crossref"}]},{"given":"Fabi\u00e1n Leonardo","family":"Romero Bol\u00edvar","sequence":"additional","affiliation":[],"role":[{"role":"author","vocabulary":"crossref"}]},{"given":"William Ernesto","family":"Caro Cristancho","sequence":"additional","affiliation":[],"role":[{"role":"author","vocabulary":"crossref"}]}],"member":"9723","published-online":{"date-parts":[[2016,7,31]]},"container-title":["Administraci\u00f3n &amp; Desarrollo"],"link":[{"URL":"https:\/\/revistas.esap.edu.co\/index.php\/admindesarro\/article\/download\/61\/pdf_a","content-type":"application\/pdf","content-version":"vor","intended-application":"text-mining"},{"URL":"https:\/\/revistas.esap.edu.co\/index.php\/admindesarro\/article\/download\/61\/pdf_a","content-type":"unspecified","content-version":"vor","intended-application":"similarity-checking"}],"deposited":{"date-parts":[[2025,12,31]],"date-time":"2025-12-31T20:12:28Z","timestamp":1767211948000},"score":0.0,"resource":{"primary":{"URL":"https:\/\/revistas.esap.edu.co\/index.php\/admindesarro\/article\/view\/61"}},"issued":{"date-parts":[[2016,7,31]]},"references-count":0,"journal-issue":{"issue":"2","published-online":{"date-parts":[[2016,7,31]]}},"URL":"https:\/\/doi.org\/10.22431\/25005227.61","ISSN":["2500-5227","0120-3754"],"issn-type":[{"type":"electronic","value":"2500-5227"},{"type":"print","value":"0120-3754"}],"published":{"date-parts":[[2016,7,31]]}},{"indexed":{"date-parts":[[2025,11,6]],"date-time":"2025-11-06T16:39:40Z","timestamp":1762447180911,"version":"build-2065373602"},"reference-count":39,"publisher":"Escuela Superior de Administracion Publica","issue":"2","license":[{"start":{"date-parts":[[2021,12,1]],"date-time":"2021-12-01T00:00:00Z","timestamp":1638316800000},"content-version":"unspecified","delay-in-days":0,"URL":"https:\/\/creativecommons.org\/licenses\/by-nc-sa\/4.0"}],"content-domain":{"domain":[],"crossmark-restriction":false},"short-container-title":["Adm. Desarro."],"abstract":"<jats:p>Although there is a broad corpus respect to institutional capacity (IC) the evaluation of perspectives sectors impacted by the deficit or not of IC goes unnoticed, mainly in times of economic crisis such as that caused by Covid-19, where governance multilevel was decisive in reducing the effects of the pandemic. Thus, with a complementary instrument to the IC evaluation forms, in the economic and productive sector in the department of Tolima (Colombia) which evaluated exogenously the perception about IC subnational governments as from economic problems caused by COVID-19. Five (5) factors were adapted in the instrument. Content validity was tested through expert judgment, and construct validity through exploratory factor analysis. It has good content validity (CVC = 0.82) and internal consistency (Cronbach\u2019s alpha coefficient 0.921). It was identified in the perception of the IC that the Intergovernmental Relations and Co-responsibility dimension contributes 41.62% to the explained variance. Thus, when IC is evaluated, this dimension deserves a higher weighting than the other four; and it is that the imbalances in intergovernmental relations, especially due to the way in which functions are distributed, were decisive in the effectiveness of policies, that is, in achieving benefits that were supposed to be achieved in the midst of the pandemic.<\/jats:p>","DOI":"10.22431\/25005227.vol51n2.9","type":"journal-article","created":{"date-parts":[[2022,8,11]],"date-time":"2022-08-11T12:22:48Z","timestamp":1660220568000},"page":"203-227","source":"Crossref","is-referenced-by-count":1,"title":["Evaluaci\u00f3n ex\u00f3gena de la capacidad institucional en tiempo de crisis (COVID-19): resiliencia gubernamental local","Exogenous assessment of institutional capacity in times of crisis (COVID-19): resilience local government"],"prefix":"10.22431","volume":"51","author":[{"given":"Jeammy Julieth","family":"Sierra Hern\u00e1ndez","sequence":"first","affiliation":[],"role":[{"role":"author","vocabulary":"crossref"}]}],"member":"9723","published-online":{"date-parts":[[2021,12,1]]},"reference":[{"key":"4328","doi-asserted-by":"crossref","unstructured":"Adam, I. & Caponio, T. (2019). The Routledge handbook on the politics of migration in Europe Research on the multi-level governance of migration and migrant integration: Reversed pyramids. En The Routledge handbook on the politics of migration in Europe, Abingdon (p\u00e1gs. 26\u201337). Routledge: Centre Migration Policy. http:\/\/hdl.handle.net\/1814\/63706","DOI":"10.4324\/9781315512853-3"},{"key":"4329","unstructured":"Ainciburu, M. (2015). El an\u00e1lisis factorial en la investigaci\u00f3n aplicada a fen\u00f3menos ling\u00fc\u00edsticos. Revista Nebrija de Ling\u00fc\u00edstica aplicada a la ense\u00f1anza de Lenguas, (19), 94-97. https:\/\/www.nebrija.com\/revista-linguistica\/el-analisis-factorial-en-la-investigacion-aplicada-a-fenomenos-linguisticos.html"},{"key":"4330","unstructured":"Baracat, A. (2019). Desarrollo de la capacidad institucional: un recorrido desde los or\u00edgenes de la capacidad pol\u00edtica hacia el estudio de la capacidad anal\u00edtica. XIV Congreso espa\u00f1ol de la ciencia pol\u00edtica y de la administraci\u00f3n: Ciencia pol\u00edtica en la nueva pol\u00edtica (p\u00e1gs. 1-10). Salamanca: Asociaci\u00f3n Espa\u00f1ola de Pol\u00edtica y de Administraci\u00f3n. https:\/\/aecpa.es\/es-es\/desarrollo-de-la-capacidad-institucional-un-recorrido-desde-los-orige\/congress-papers\/2693\/"},{"key":"4331","doi-asserted-by":"crossref","unstructured":"Camelo-Avedoy, J. (2020). La pandemia de COVID-19, una visi\u00f3n desde la Econom\u00eda The COVID-19 pandemic, a view from the Economy. Las ciencias sociales y humanidades.","DOI":"10.35429\/B.2020.1.1.57"},{"key":"4332","unstructured":"Capurro, A., Deagosto, G., Ithurralde, S. & Oddone, G. (2020). Impacto Social y Econ\u00f3mico de la COVID-19 y Opciones de Pol\u00edticas en Uruguay. PNUD."},{"key":"4333","unstructured":"Cingolani, L. (2013). The state of State capacity: a review of concepts, evidence and measures. UNU-MERIT Working Paper (31). https:\/\/ideas.repec.org\/p\/unm\/unumer\/2013053.html"},{"key":"4334","unstructured":"DANE. (2019). Censo Econ\u00f3mico de Colombia. DANE. https:\/\/www.dane.gov.co\/index.php\/estadisticas-por-tema\/comercio-interno\/censo-economico-de-colombia-documento-metodologico#censo-economico"},{"key":"4335","unstructured":"Decreto 417 de 2020 [Presidencia de la Rep\u00fablica]. Por el cual se declara un Estado de Emergencia Econ\u00f3mica, Social y Ecol\u00f3gica en todo el territorio Nacional. 17 de marzo de 2020."},{"key":"4336","unstructured":"Fern\u00e1ndez, J., Blanco, Y., Cardarello, A. Cordero-Nieves, Y., Hern\u00e1ndez, O., Mendoza, J., & Revenga, C. (2021). Informe iberoamericano 2020 de relaciones intergubernamentales. Red Iberoamericana sobre relaciones intergubernamentales, gobierno multinivel y procesos supraestatales."},{"key":"4337","doi-asserted-by":"crossref","unstructured":"Ferrando, P., Lorenzo, U., Hern\u00e1ndez, A. & Mu\u00f1iz, J. (2022). Dec\u00e1logo para el An\u00e1lisis Factorial de los \u00cdtems de un Test. (U. Nebrija, Ed.) Psicothema, 34(1), 7-17. doi: https:\/\/doi.org\/10.7334\/psicothema2021.456","DOI":"10.7334\/psicothema2021.456"},{"key":"4338","doi-asserted-by":"crossref","unstructured":"Gomes, D. (2021). El estado del arte de la capacidad institucional: una revisi\u00f3n sistem\u00e1tica de la literatura en portugu\u00e9s. Cadernos EBAPE. BR, 19(1), 165-189.","DOI":"10.1590\/1679-395120190011"},{"key":"4339","doi-asserted-by":"crossref","unstructured":"Gonz\u00e1lez, H. (2021). Capacidades: (otra vez) un an\u00e1lisis conceptual y metodol\u00f3gico. Intersticios sociale. Intersticios Sociales, 21(1), 9-43. http:\/\/www.scielo.org.mx\/scielo.php?script=sci_ar","DOI":"10.55555\/IS.21.309"},{"key":"4340","doi-asserted-by":"crossref","unstructured":"Grin, E. & Abrucio, F. (2018). Las capacidades estatales de los municipios brasile\u00f1os en un contexto de descentralizaci\u00f3n de pol\u00edticas. Red de Revistas Cient\u00edficas de Am\u00e9rica Latina y el caribe, Espa\u00f1a y Portugal, (70), 93-126. https:\/\/www.redalyc.org\/journal\/3575\/357559200004\/357559200004.pdf","DOI":"10.69733\/clad.ryd.n70.a151"},{"key":"4341","doi-asserted-by":"crossref","unstructured":"Hartley, K., & Zhang, J. (2016). Measuring Policy Capacity Through Governance Indices. Policy Capacity and Governance: Studies in the Political Economy of Public Policy, 67-97.","DOI":"10.1007\/978-3-319-54675-9_4"},{"key":"4342","unstructured":"Hern\u00e1ndez-Nieto, R. (2002). Contributions To Statistical Analysis: The Coefficients of Proportional Variance, Content Validity and Kappa. BookSurge Publishing."},{"key":"4343","doi-asserted-by":"crossref","unstructured":"Hunt, E. (2021). A novel (coronavirus) reading of Hobbes\u2019s Leviathan. History of European Ideas, 47(1), 33-37. doi: https:\/\/10.1080\/01916599.2020.1792059","DOI":"10.1080\/01916599.2020.1792059"},{"key":"4344","doi-asserted-by":"crossref","unstructured":"Hussain, S., Hali, S., Ahmad, R., Iqbal, S. & Iftikhar, H. (2021). Fiscal decentralization and poverty alleviation: A case study of pakistan. Poverty and Public Policy, 13(2), 139-154. doi: https:\/\/10.1002\/pop4.304","DOI":"10.1002\/pop4.304"},{"key":"4345","doi-asserted-by":"crossref","unstructured":"Medir, L., Pano, E., Vi\u00f1as, A. & Magre, J. (2017). Dealing with austerity: A case of local resilience in southern europe. Local Government Studies, 43(4), 621-644. doi: https:\/\/doi.org\/10.1080\/03003930.2017.1310101","DOI":"10.1080\/03003930.2017.1310101"},{"key":"4346","doi-asserted-by":"crossref","unstructured":"Miellet, S. (2021). Burden, benefit, gift or duty? Dutch mayors\u2019 framing of the multilevel governance of asylum in rural localities and cities in Zeeland. Territory, Politics, Governance, 1-20. doi: https:\/\/doi.org\/10.1080\/21622671.2021.1999314","DOI":"10.1080\/21622671.2021.1999314"},{"key":"4347","unstructured":"Minitab. (2022). \u00bfQu\u00e9 diferencias hay entre el an\u00e1lisis de componentes principales y el an\u00e1lisis factorial?. Soporte de Minitab 18. https:\/\/support.minitab.com\/es-mx\/minitab\/18\/help-and-how-to\/modeling-statistics\/multivariate\/supporting-topics\/principal-components-and-factor-analysis\/differences-between-pca-and-factor-analysis\/"},{"key":"4348","doi-asserted-by":"crossref","unstructured":"Montecinos, E., Neira, V., D\u00edaz, G. & Park, J. (20 de mayo de 2019). Gobernanza democr\u00e1tica, descentralizaci\u00f3n y territorio: an\u00e1lisis del plan Chilo\u00e9 en Chile. Andamios, 16(41), 413-436. https:\/\/doi.org\/10.29092\/uacm.v16i41.753","DOI":"10.29092\/uacm.v16i41.753"},{"key":"4349","unstructured":"Nagel, S. (1986). An\u00e1lisis de leyes, pol\u00edticas y optimizaci\u00f3n. Libros del qu\u00f3rum."},{"key":"4350","doi-asserted-by":"crossref","unstructured":"Navarro, C. & Velasco, F. (2022). From centralisation to new ways of multi-level coordination: Spain\u2019s intergovernmental response to the COVID-19 pandemic. Local Government Studies, 1-20. doi:https:\/\/doi.org\/10.1080\/03003930.2022.2042683","DOI":"10.1080\/03003930.2022.2042683"},{"key":"4351","unstructured":"Organizaci\u00f3n de Naciones Unidas- ONU. (2009). Informe de desarrollo humano Jalisco 2009: Capacidades institucionales para el desarrollo humano local. Programa de Naciones Unidas para el Desarollo. https:\/\/hdr.undp.org\/sites\/default\/files\/idh_mexico_jalisco_2009.pdf"},{"key":"4352","unstructured":"Organizacion Mundial del Turismo. (2021). 2020: analisis del da\u00f1o. Organizacion Mundial del Turismo. https:\/\/www.unwto.org\/es\/covid-19-y-sector-turistico-2020"},{"key":"4353","unstructured":"Oszlak, O. & Orellano, E. (1993). El an\u00e1lisis de la capacidad institucional: aplicaci\u00f3n de la metodolog\u00eda SADCI. Art\u00edculo in\u00e9dito, Buenos Aires, Argentina."},{"key":"4354","doi-asserted-by":"crossref","unstructured":"Page, D. & Peshkopia, R. (2022). Blurring Lines of Responsibility: How Institutional Context Affects Citizen Biases Regarding Policy Problems. Political Studies Review, 20(1), 148-157.","DOI":"10.1177\/1478929920982871"},{"key":"4355","doi-asserted-by":"crossref","unstructured":"Park, S., Graham, M. & Foster, E. (2022). Improving local government resilience: Highlighting the role of internal resources in crisis management. Sustainability (Switzerland), 14(6), 3214. doi: https:\/\/doi.org\/10.3390\/su14063214","DOI":"10.3390\/su14063214"},{"key":"4356","doi-asserted-by":"crossref","unstructured":"Peters, B., Capano, G., Howlett, M., Mukherjee, I., Chou, M. & Ravinet, P. (2018). Designing for policy effectiveness: defining and understanding a concept. Cambridge University Press.","DOI":"10.1017\/9781108555081"},{"key":"4357","unstructured":"Reb\u00f3n, J. (2020). La no linealidad del cambio social. En El futuro despu\u00e9s del COVID-19 (pp. 89\u201396). Argentina Unida. https:\/\/www.argentina.gob.ar\/sites\/default\/files\/el_futuro_despues_del_covid-19.pdf"},{"key":"4358","doi-asserted-by":"crossref","unstructured":"Renter\u00eda, C. & Arellano-Gault, D. (2021). The costs and benefits of duality: Colombia\u2019s decentralization and the response to the COVID-19 pandemic. Revista de Administra\u00e7\u00e3o P\u00fablica - RAP, 55(1), 165-179. https:\/\/www.redalyc.org\/comocitar.oa?id=241066211012","DOI":"10.1590\/0034-761220200567"},{"key":"4359","unstructured":"Rodr\u00edguez, C. (2016). La resiliencia como atributo gubernamental: una aproximaci\u00f3n exploratoria. Anales, 16(1), 91-112. https:\/\/www.researchgate.net\/publication\/319177095_La_resiliencia_como_atributo_gubernam"},{"key":"4360","doi-asserted-by":"crossref","unstructured":"Rosas, A. (2019). Capacidad institucional: revisi\u00f3n del concepto y ejes de an\u00e1lisis. Documentos y Aportes en Administraci\u00f3n P\u00fablica y Gesti\u00f3n Estatal- DAAPGE, 32, 81-107. https:\/\/doi.org\/10.14409\/daapge.v19i32.8482","DOI":"10.14409\/daapge.v19i32.8482"},{"key":"4361","unstructured":"Ruiz. (2020). Modernizaci\u00f3n Institucional y Crisis de la Democracia en Am\u00e9rica Latina La gesti\u00f3n en la nueva normalidad. [Transmisi\u00f3n en vivo]. Facebook. https:\/\/www.facebook.com\/265930180093232\/videos\/325419245536546\/"},{"key":"4362","doi-asserted-by":"crossref","unstructured":"Shrestha, N. (2021). Factor Analysis as a Tool for Survey Analysis. American Journal of Applied Mathematics and Statistics, 9(1), 4-11. doi: https:\/\/doi.org\/10.12691\/ajams-9-1-2","DOI":"10.12691\/ajams-9-1-2"},{"key":"4363","doi-asserted-by":"crossref","unstructured":"Silva, A. (2015). Os estados no SUAS: uma an\u00e1lise da capacidade institucional dos governos estaduais na assist\u00eancia social. Revista de Administra\u00e7\u00e3o P\u00fablica, 49(5), 1167-1192.","DOI":"10.1590\/0034-7612139292"},{"key":"4364","unstructured":"Tapia, G. & Garc\u00eda, J. (2019). An\u00e1lisis Factorial y Componentes Principales: su uso para modelos macroeconom\u00e9tricos de la econom\u00eda mexicana. Econom\u00eda y sociedad, 1(10), 182-210."},{"key":"4365","unstructured":"Tertrais, B. (2020). L\u2019\u00c9preuve de faiblesse Les cons\u00e9quences g\u00e9opolitiques du Coronavirus. Editions Gallimard. https:\/\/tracts.gallimard.fr\/fr\/products\/tracts-de-crise-n-62-l-epreuvede-faiblesse"},{"key":"4366","unstructured":"Tobelem, A. (1992). Institutional capacity analysis and development system (ICADS)-operational manual (No. 17573, pp. 1-0). The World Bank."}],"container-title":["Administraci\u00f3n &amp; Desarrollo"],"link":[{"URL":"https:\/\/revistas.esap.edu.co\/index.php\/admindesarro\/article\/download\/672\/622","content-type":"application\/pdf","content-version":"vor","intended-application":"text-mining"},{"URL":"https:\/\/revistas.esap.edu.co\/index.php\/admindesarro\/article\/download\/672\/614","content-type":"text\/xml","content-version":"vor","intended-application":"text-mining"},{"URL":"https:\/\/revistas.esap.edu.co\/index.php\/admindesarro\/article\/download\/672\/584","content-type":"unspecified","content-version":"vor","intended-application":"similarity-checking"}],"deposited":{"date-parts":[[2025,11,6]],"date-time":"2025-11-06T16:35:17Z","timestamp":1762446917000},"score":0.0,"resource":{"primary":{"URL":"https:\/\/revistas.esap.edu.co\/index.php\/admindesarro\/article\/view\/672"}},"issued":{"date-parts":[[2021,12,1]]},"references-count":39,"journal-issue":{"issue":"2","published-online":{"date-parts":[[2021,12,27]]}},"URL":"https:\/\/doi.org\/10.22431\/25005227.vol51n2.9","ISSN":["2500-5227","0120-3754"],"issn-type":[{"type":"electronic","value":"2500-5227"},{"type":"print","value":"0120-3754"}],"published":{"date-parts":[[2021,12,1]]}},{"indexed":{"date-parts":[[2025,12,31]],"date-time":"2025-12-31T20:29:20Z","timestamp":1767212960451,"version":"3.48.0"},"reference-count":0,"publisher":"Escuela Superior de Administracion Publica","issue":"64","license":[{"start":{"date-parts":[[2011,12,15]],"date-time":"2011-12-15T00:00:00Z","timestamp":1323907200000},"content-version":"unspecified","delay-in-days":0,"URL":"http:\/\/creativecommons.org\/licenses\/by-nc-nd\/4.0"}],"content-domain":{"domain":[],"crossmark-restriction":false},"short-container-title":["Nova vetera"],"abstract":"<jats:p>El presente art\u00edculo presenta los resultados de una investigaci\u00f3n exploratoria y emp\u00edrica realizada en la ciudad de Buenos Aires, Argentina, que explor\u00f3 las representaciones sociales de hombres y mujeres respecto de la prostituci\u00f3n y la trata de mujeres y ni\u00f1as con fines de explotaci\u00f3n sexual. La investigaci\u00f3n comenz\u00f3 antes de la sanci\u00f3n de la Ley 26.364 para reprimir la trata de personas en ese pa\u00eds, en 2007 y finaliz\u00f3, luego de sancionada la misma en 2008. El marco de este trabajo comprende la discusi\u00f3n abolicionista y reglamentarista sobre la prostituci\u00f3n, y el debate de derechos humanos y de crimen organizado, de la trata de mujeres y ni\u00f1as para explotaci\u00f3n sexual. Ambos debates informan la discusi\u00f3n internacional sobre estos temas, al igual que la Ley 26.364 y los actuales proyectos de ley para reformar la misma en la Argentina. El an\u00e1lisis del material emp\u00edrico recogido fue cuantitativo, cualitativo y de g\u00e9nero, pionero en la Argentina. Encontrando, entre otras cosas, que en el imaginario de hombres y mujeres la \u201ctrata de personas\u201d es considerada un delito a diferencia de la \u201cprostituci\u00f3n\u201d que es aceptada y naturalizada, y la falta de asociaci\u00f3n en dichas representaciones, entre ambos fen\u00f3menos.<\/jats:p>","DOI":"10.22431\/25005103.176","type":"journal-article","created":{"date-parts":[[2017,7,5]],"date-time":"2017-07-05T15:34:05Z","timestamp":1499268845000},"page":"179-194","source":"Crossref","is-referenced-by-count":1,"title":["Prostitutas s\u00ed. Desaparecidas no. Estudio emp\u00edrico sobre percepciones de g\u00e9nero en torno a la prostituci\u00f3n y la trata de mujeres para explotaci\u00f3n sexual en Buenos Aires"],"prefix":"10.22431","volume":"20","author":[{"given":"Rocio Belen","family":"Oliva","sequence":"first","affiliation":[],"role":[{"role":"author","vocabulary":"crossref"}]},{"given":"Mariela","family":"Elizari","sequence":"additional","affiliation":[],"role":[{"role":"author","vocabulary":"crossref"}]},{"given":"Irene Cristina","family":"Arnold","sequence":"additional","affiliation":[],"role":[{"role":"author","vocabulary":"crossref"}]},{"given":"Nancy","family":"Locca","sequence":"additional","affiliation":[],"role":[{"role":"author","vocabulary":"crossref"}]}],"member":"9723","published-online":{"date-parts":[[2011,12,15]]},"container-title":["Nova et Vetera"],"link":[{"URL":"https:\/\/revistas.esap.edu.co\/index.php\/novaetvetera\/article\/download\/176\/pdf","content-type":"application\/pdf","content-version":"vor","intended-application":"text-mining"},{"URL":"https:\/\/revistas.esap.edu.co\/index.php\/novaetvetera\/article\/download\/176\/pdf","content-type":"unspecified","content-version":"vor","intended-application":"similarity-checking"}],"deposited":{"date-parts":[[2025,12,31]],"date-time":"2025-12-31T20:24:56Z","timestamp":1767212696000},"score":0.0,"resource":{"primary":{"URL":"https:\/\/revistas.esap.edu.co\/index.php\/novaetvetera\/article\/view\/176"}},"issued":{"date-parts":[[2011,12,15]]},"references-count":0,"journal-issue":{"issue":"64","published-online":{"date-parts":[[2011,12,15]]}},"URL":"https:\/\/doi.org\/10.22431\/25005103.176","ISSN":["2500-5103","0123-2614"],"issn-type":[{"type":"electronic","value":"2500-5103"},{"type":"print","value":"0123-2614"}],"published":{"date-parts":[[2011,12,15]]}},{"indexed":{"date-parts":[[2026,8,12]],"date-time":"2026-08-12T17:39:48Z","timestamp":1786556388824,"version":"build-2736575974"},"reference-count":0,"publisher":"Escuela Superior de Administracion Publica","issue":"35","license":[{"start":{"date-parts":[[2026,8,3]],"date-time":"2026-08-03T00:00:00Z","timestamp":1785715200000},"content-version":"unspecified","delay-in-days":0,"URL":"https:\/\/creativecommons.org\/licenses\/by-nc-sa\/4.0"}],"content-domain":{"domain":[],"crossmark-restriction":false},"short-container-title":["Nova vetera"],"abstract":"<jats:p>Problem statement: the municipality of Majagual has been a transit point for different armed actors for several decades; therefore, this research investigates citizen attitudes towards peace support measures in a context of institutional marginalization. Objective: explore the interaction of political attitudes and sociodemographic aspects with support for the Total Peace policy of President Gustavo Petro in Colombia (2022-2025). Methodology: mixed design with 585 citizens in vulnerable condition belonging to the Sisb\u00e9n in the municipality of Majagual. Results: in the quantitative analysis, interest in peace impacts support for the total peace policy according to ideological orientation, level of victimization, and age. Furthermore, willingness to coexist with former guerrillas mediates between interest and support. In the qualitative analysis, we describe participants' ideas and emotions according to their support for total peace. Conlcusion: we formulate recommendations to local public administrations to develop sociocultural mechanisms on pedagogies for peace that counteract the rigid narratives of the ethos of conflict, and interventions to transition to peaceful coexistence according to the levels of victimization.<\/jats:p>","DOI":"10.22431\/25005103.1390","type":"journal-article","created":{"date-parts":[[2026,8,12]],"date-time":"2026-08-12T17:26:05Z","timestamp":1786555565000},"source":"Crossref","is-referenced-by-count":0,"title":["Actitudes ciudadanas sobre la pol\u00edtica de Paz Total en un corredor de actores armados (Majagual, Colombia, 2022-2023)","Citizen Attitudes on Total Peace Policy in Armed Actors' Corridor (Majagual, Colombia 2022-2023)"],"prefix":"10.22431","author":[{"ORCID":"https:\/\/orcid.org\/0009-0002-2395-8679","authenticated-orcid":false,"given":"Gabriel","family":"S\u00e1nchez Mart\u00ednez","sequence":"first","affiliation":[],"role":[{"vocabulary":"crossref","role":"author"}]},{"ORCID":"https:\/\/orcid.org\/0000-0002-3313-131X","authenticated-orcid":false,"given":"Diana","family":"Rico Revelo","sequence":"additional","affiliation":[],"role":[{"vocabulary":"crossref","role":"author"}]},{"ORCID":"https:\/\/orcid.org\/0000-0003-1402-2369","authenticated-orcid":false,"given":"Jorge","family":"Valencia Cobo","sequence":"additional","affiliation":[],"role":[{"vocabulary":"crossref","role":"author"}]}],"member":"9723","published-online":{"date-parts":[[2026,8,3]]},"container-title":["Nova et Vetera"],"link":[{"URL":"https:\/\/revistas.esap.edu.co\/index.php\/novaetvetera\/article\/download\/1390\/919","content-type":"application\/pdf","content-version":"vor","intended-application":"text-mining"},{"URL":"https:\/\/revistas.esap.edu.co\/index.php\/novaetvetera\/article\/download\/1390\/919","content-type":"unspecified","content-version":"vor","intended-application":"similarity-checking"}],"deposited":{"date-parts":[[2026,8,12]],"date-time":"2026-08-12T17:26:06Z","timestamp":1786555566000},"score":0.0,"resource":{"primary":{"URL":"https:\/\/revistas.esap.edu.co\/index.php\/novaetvetera\/article\/view\/1390"}},"issued":{"date-parts":[[2026,8,3]]},"references-count":0,"journal-issue":{"issue":"35","published-online":{"date-parts":[[2026,5,4]]}},"URL":"https:\/\/doi.org\/10.22431\/25005103.1390","ISSN":["2500-5103","0123-2614"],"issn-type":[{"value":"2500-5103","type":"electronic"},{"value":"0123-2614","type":"print"}],"published":{"date-parts":[[2026,8,3]]}},{"indexed":{"date-parts":[[2026,8,28]],"date-time":"2026-08-28T15:27:43Z","timestamp":1787930863461,"version":"build-2784847793"},"reference-count":0,"publisher":"Escuela Superior de Administracion Publica","issue":"2","license":[{"start":{"date-parts":[[2026,8,13]],"date-time":"2026-08-13T00:00:00Z","timestamp":1786579200000},"content-version":"unspecified","delay-in-days":0,"URL":"https:\/\/creativecommons.org\/licenses\/by-nc-sa\/4.0"}],"content-domain":{"domain":[],"crossmark-restriction":false},"short-container-title":["Adm. Desarro."],"abstract":"<jats:p>Problem statement: Gaps persist within organizations in ensuring effective labor inclusion of individuals with cognitive disabilities, due to physical, organizational, and cultural barriers, as well as the lack of valid instruments to assess inclusive maturity. Objective: To design and psychometrically validate the InLab-DC scale to measure organizational conditions for labor inclusion. Methodology: A quantitative, instrumental, non-experimental, cross-sectional study was conducted with a sample of 385 companies. A Likert-type scale was applied, and analyses included content validity, exploratory and confirmatory factor analyses, and internal consistency using Cronbach\u2019s alpha. Results: Two dimensions were identified: physical\/organizational environment adequacy and inclusive management, explaining 78.8\u00a0% of the total variance. The model demonstrated adequate fit indices (CFI=0.913; TLI=0.902) and high reliability (\u03b1=0.985). Conclusion: The InLab-DC is a valid and reliable instrument for assessing organizational labor inclusion, supporting decision-making and the improvement of inclusive practices, although further validation in different contexts is recommended. Contribution \/ Originality: This study provides a specific and robust tool to measure labor inclusion in cognitive disability, integrating organizational and psychosocial dimensions.<\/jats:p>","DOI":"10.22431\/25005227.1321","type":"journal-article","created":{"date-parts":[[2026,8,28]],"date-time":"2026-08-28T15:05:09Z","timestamp":1787929509000},"source":"Crossref","is-referenced-by-count":0,"title":["Dise\u00f1o y validaci\u00f3n de la Escala de Condiciones Organizacionales InLab-DC para la inclusi\u00f3n laboral de personas con discapacidad cognitiva","Design and Validation of the Scale of Organizational Conditions (InLab-DC) for the Labor Inclusion of Persons with Cognitive Disabilities"],"prefix":"10.22431","volume":"56","author":[{"ORCID":"https:\/\/orcid.org\/0000-0002-2161-6344","authenticated-orcid":false,"given":"Juan Felipe","family":"Guzm\u00e1n Pacheco","sequence":"first","affiliation":[],"role":[{"vocabulary":"crossref","role":"author"}]}],"member":"9723","published-online":{"date-parts":[[2026,8,13]]},"container-title":["Administraci\u00f3n &amp; Desarrollo"],"link":[{"URL":"https:\/\/revistas.esap.edu.co\/index.php\/admindesarro\/article\/download\/1321\/903","content-type":"application\/pdf","content-version":"vor","intended-application":"text-mining"},{"URL":"https:\/\/revistas.esap.edu.co\/index.php\/admindesarro\/article\/download\/1321\/920","content-type":"unspecified","content-version":"vor","intended-application":"text-mining"},{"URL":"https:\/\/revistas.esap.edu.co\/index.php\/admindesarro\/article\/download\/1321\/903","content-type":"unspecified","content-version":"vor","intended-application":"similarity-checking"}],"deposited":{"date-parts":[[2026,8,28]],"date-time":"2026-08-28T15:05:09Z","timestamp":1787929509000},"score":0.0,"resource":{"primary":{"URL":"https:\/\/revistas.esap.edu.co\/index.php\/admindesarro\/article\/view\/1321"}},"issued":{"date-parts":[[2026,8,13]]},"references-count":0,"journal-issue":{"issue":"2","published-online":{"date-parts":[[2026,7,16]]}},"URL":"https:\/\/doi.org\/10.22431\/25005227.1321","ISSN":["2500-5227","0120-3754"],"issn-type":[{"value":"2500-5227","type":"electronic"},{"value":"0120-3754","type":"print"}],"published":{"date-parts":[[2026,8,13]]}},{"indexed":{"date-parts":[[2025,12,31]],"date-time":"2025-12-31T20:10:49Z","timestamp":1767211849496,"version":"3.48.0"},"reference-count":44,"publisher":"Escuela Superior de Administracion Publica","issue":"1","license":[{"start":{"date-parts":[[2022,6,30]],"date-time":"2022-06-30T00:00:00Z","timestamp":1656547200000},"content-version":"unspecified","delay-in-days":0,"URL":"https:\/\/creativecommons.org\/licenses\/by-nc-sa\/4.0"}],"content-domain":{"domain":[],"crossmark-restriction":false},"short-container-title":["Adm. Desarro."],"abstract":"<jats:p>The acts of fraud are increasing in the public sector where the administration of public resources of public entities is affected, regardless of their level of decentralization, affecting in a certain way the final benefit of social programs, these entities although they have implemented the internal control system do not show the results of the prevention of fraud risks, Therefore it is proposed with this work to determine the importance of forensic auditing as a fraud prevention mechanism in the internal control of public entities. The methodology used is descriptive where the internal control reports and transparency management reports of public entities of the Municipality of Medellin were analyzed to evaluate the management of fraud. The result of the investigation determined that the selected entities do not have fraud prevention follow-up mechanisms, so it is necessary to implement fraud prevention controls and to form specialized work teams in the area of internal control department of public entities, since the controls carried out by government control entities are a subsequent control that does not allow timely detection of fraud and corruption situations.<\/jats:p>","DOI":"10.22431\/25005227.vol52n1.6","type":"journal-article","created":{"date-parts":[[2022,12,8]],"date-time":"2022-12-08T07:30:35Z","timestamp":1670484635000},"page":"95-112","source":"Crossref","is-referenced-by-count":0,"title":["La auditor\u00eda forense \u00bfUn instrumento esencial de control interno en las entidades p\u00fablicas?","Forensic auditing: an essential instrument of internal control in public entities?"],"prefix":"10.22431","volume":"52","author":[{"ORCID":"https:\/\/orcid.org\/0000-0002-3129-1942","authenticated-orcid":false,"given":"Orlando Carmelo","family":"Castellanos Polo","sequence":"first","affiliation":[],"role":[{"role":"author","vocabulary":"crossref"}]},{"ORCID":"https:\/\/orcid.org\/0000-0002-8535-841X","authenticated-orcid":false,"given":"Jos\u00e9 Alexander","family":"Vel\u00e1squez Ochoa","sequence":"additional","affiliation":[],"role":[{"role":"author","vocabulary":"crossref"}]},{"ORCID":"https:\/\/orcid.org\/0000-0003-3690-2842","authenticated-orcid":false,"given":"Gladys Irene","family":"Arboleda Posada","sequence":"additional","affiliation":[],"role":[{"role":"author","vocabulary":"crossref"}]},{"ORCID":"https:\/\/orcid.org\/0000-0001-6712-3716","authenticated-orcid":false,"given":"Jorge Oliverio","family":"Suaza Arcila","sequence":"additional","affiliation":[],"role":[{"role":"author","vocabulary":"crossref"}]}],"member":"9723","published-online":{"date-parts":[[2022,6,30]]},"reference":[{"key":"5973","doi-asserted-by":"crossref","unstructured":"Abdullahi, M. and Mansor, N. (2018). Fraud prevention initiatives in the Nigerian public sector: understanding the relationship of fraud incidences and the elements of fraud triangle theory. Journal of Financial Crime, 25(2).","DOI":"10.1108\/JFC-02-2015-0008"},{"key":"5974","unstructured":"\u00c1lvarez, A. y Ortiz, H. (2019). M\u00e9todos utilizados en la recopilaci\u00f3n de indicios y evidencias de fraude en las auditor\u00edas forenses [Trabajo de pregrado]. Universidad Cooperativa de Colombia."},{"key":"5975","unstructured":"Atagan, G. and Kavak, A. (2017). Relation Between Fraud Auditing and Forensic Accounting. International Journal of Contemporary Economics and Administrative Sciences, 7(3-4), 194-223."},{"key":"5976","doi-asserted-by":"crossref","unstructured":"Bermeo-Giraldo, M., Grajales-Gaviria, D., Valencia-Arias, A. y Palacios-Moya, L. (2021). Evoluci\u00f3n de la producci\u00f3n cient\u00edfica sobre el fraude contable en las organizaciones: an\u00e1lisis bibliom\u00e9trico. Estudios Gerenciales, 37(160), 492-505.","DOI":"10.18046\/j.estger.2021.160.4000"},{"key":"5977","unstructured":"Cadena, S. (2019). Marco de referencia para la publicaci\u00f3n de datos abiertos comprensibles basados en est\u00e1ndares de calidad [Tesis Doctoral]. Universidad de Alicante."},{"key":"5978","unstructured":"Cano, M. y Lugo, D. (2005). Auditor\u00eda forense en la investigaciones criminal del lavado de dinero y activos. Ecoe Ediciones."},{"key":"5979","unstructured":"Cano, D., Lugo D. y Cano, M. (2008). Auditori\u0301a flnanciera forense en la investigaci\u00f3n de delitos econo\u0301micos y flnancieros, lavado de dinero y activos, flnanciacio\u0301n del terrorismo. Ecoe Ediciones."},{"key":"5980","unstructured":"C\u00e1rdenas, R., Ruiz, M. y Pozo, S. (2021). Proyecci\u00f3n de la contabilidad y la auditor\u00eda forense ante el fraude financiero. Cofin Habana, 15(1)."},{"key":"5981","doi-asserted-by":"crossref","unstructured":"Chaikin, D. and Sharman, J. (2009). Corruption and money laundering: a symbiotic relationship. Springer.","DOI":"10.1057\/9780230622456"},{"key":"5982","doi-asserted-by":"crossref","unstructured":"Chatwin, M., Arku, E. and Cleave, E. (2019). Defining subnational open government : does local context influence policy and practice? Policy Sciences, 52(4), 451-479.","DOI":"10.1007\/s11077-018-09347-7"},{"key":"5983","unstructured":"Congreso de la Rep\u00fablica. (1993). Ley 42 de 1993. Sobre la organizaci\u00f3n del sistema de control fiscal financiero y los organismos que lo ejercen. 26 de enero de 1993. Diario Oficial 40.732."},{"key":"5984","unstructured":"Congreso de la Rep\u00fablica. (1993). Ley 87 de 1993. Por la cual se establecen normas para el ejercicio del control interno en las entidades y organismos del estado y se dictan otras disposiciones. 29 de noviembre de 1993. Diario Oficial 41.120."},{"key":"5985","unstructured":"Congreso de la Rep\u00fablica. (2020). Ley 403 de 2020. Por el cual se dictan normas para la correcta implementaci\u00f3n del Acto Legislativo 04 de 2019 y el fortalecimiento del control fiscal. 16 de marzo de 2020. Diario Oficial 51.258."},{"key":"5986","unstructured":"Congreso de la Rep\u00fablica. (1998). Ley 489 de 1998. Por la cual se dictan normas sobre la organizaci\u00f3n y funcionamiento de las entidades del orden nacional, se expiden las disposiciones, principios y reglas generales para el ejercicio de las atribuciones previstas en los numerales 15 y 16 del art\u00edculo 189 de la Constituci\u00f3n Pol\u00edtica y se dictan otras disposiciones. Diario Oficial 43.464."},{"key":"5987","unstructured":"Congreso de la Rep\u00fablica. (2011). Ley 1474 de 2011. Por la cual se dictan normas orientadas a fortalecer los mecanismos de prevenci\u00f3n, investigaci\u00f3n y sanci\u00f3n de actos de corrupci\u00f3n y la efectividad del control de la gesti\u00f3n p\u00fablica. 12 de julio de 2011. Diario Oficial 48.128."},{"key":"5988","unstructured":"Congreso de la Rep\u00fablica. (2015). Ley 1753 de 2015. Por la cual se expide el Plan Nacional de Desarrollo 2014-2018 \u201cTodos por un nuevo pa\u00eds\u201d. 9 de junio de 2015. Diario Oficial 49.538."},{"key":"5989","unstructured":"Contralor\u00eda General de la Rep\u00fablica. (2001). Resoluci\u00f3n 5289 por la cual se reglamenta la rendici\u00f3n de cuentas, su revisi\u00f3n y se unifican los informes que se presentan a la Contralor\u00eda General de la Rep\u00fablica. 27 de noviembre de 2001."},{"key":"5990","unstructured":"Contralor\u00eda General de la Rep\u00fablica. (2003). Resoluci\u00f3n 5544 por la cual se reglamenta la rendici\u00f3n de cuenta, su revisi\u00f3n y se unifica la informaci\u00f3n que se presenta a la Contralor\u00eda General de la Rep\u00fablica. 17 de diciembre de 2003."},{"key":"5991","unstructured":"Contralor\u00eda General de Medell\u00edn. (2022). Informes de auditoria de entidades vigiladas. Url disponible en: https:\/\/www.cgm.gov.co\/cgm\/Paginaweb\/IP\/Paginas\/Informes-de-Auditor%C3%ADa.aspx"},{"key":"5992","doi-asserted-by":"crossref","unstructured":"De la Torre, M. (2018). Gesti\u00f3n del riesgo organizacional de fraude y el rol de auditor\u00eda interna. Contabilidad y Negocios, 13(25), 57-69.","DOI":"10.18800\/contabilidad.201801.004"},{"key":"5993","unstructured":"D\u00edaz, S. y P\u00e9rez, P. (2015). La auditor\u00eda forense: metodolog\u00eda y herramientas aplicadas en la detecci\u00f3n de delitos econ\u00f3micos en el sector empresarial de la ciudad de Cartagena. [Tesis de pregrado]. Universidad de Cartagena."},{"key":"5994","doi-asserted-by":"crossref","unstructured":"Gottschalk, P. (2018). Investigating White-Collar Crime. Springer.","DOI":"10.1007\/978-3-319-68916-6"},{"key":"5995","doi-asserted-by":"crossref","unstructured":"Guillam\u00f3n, M., Bastida, F. and Benito, B. (2011). The determinants of local government\u2019s financial transparency. Local Government Studies, 37(4), 391-406.","DOI":"10.1080\/03003930.2011.588704"},{"key":"5996","doi-asserted-by":"crossref","unstructured":"Hofmann, S., S\u00e6b\u00f8, \u00d8., Maria, A. and Za, S. (2019). The public sector\u2019s roles in the sharing economy and the implications for public values. Government Information Quarterly, 36(4), 101399.","DOI":"10.1016\/j.giq.2019.101399"},{"key":"5997","doi-asserted-by":"crossref","unstructured":"Hudson, A. y Fl\u00f3rez, J. (2019). Avances recientes hacia una gobernanza fiscal abierta en Am\u00e9rica Latina. Revista de Ciencias Sociales y Humanidades, 28(56), 1-20.","DOI":"10.20983\/noesis.2019.2.2"},{"key":"5998","unstructured":"Intosai. (2016). Directrices para la Evaluaci\u00f3n de las Pol\u00edticas P\u00fablicas. Comit\u00e9 de Normas Profesionales de la INTOSAI."},{"key":"5999","unstructured":"Londo\u00f1o, A. y Saldarriaga, V. (2011). La auditor\u00eda forense: un campo en potencia. Adversia Revista Virtual de Estudiantes de Contadur\u00eda P\u00fablica, 8, 55-66."},{"key":"6000","unstructured":"Mac\u00edas, J., Valencia, V., Maldonado, R. y Brito,B. (2020). Avance en los pilares del gobierno abierto, un an\u00e1lisis comparado. Dilemas Contempor\u00e1neos: Educaci\u00f3n, Pol\u00edtica y Valores, 53(1), 1-9."},{"key":"6001","unstructured":"Malamed, D. (2020). The key components for fraud prevention and early detection. https:\/\/ccjs.umd.edu\/event\/key-components-fraud-prevention-and-early-detection."},{"key":"6002","doi-asserted-by":"crossref","unstructured":"Mueller, B. (2020). Why public policies fail: Policymaking under complexity. Econom\u00eda, 21(2), 311-323.","DOI":"10.1016\/j.econ.2019.11.002"},{"key":"6003","unstructured":"Oszlak, O., Grandinetti, R., Beretta, D., Schweinheim, G. y Rey, M. (2016). Estado abierto: \u00bfhacia un nuevo paradigma de gesti\u00f3n p\u00fablica? https:\/\/repositorio.cedes.org\/bitstream\/123456789\/2730\/1\/10752.pdf."},{"key":"6004","unstructured":"Presidencia de la Rep\u00fablica de Colombia. (2019). Acto legislativo 04 por medio del cual se reforma el r\u00e9gimen de control fiscal. 18 de septiembre de 2019."},{"key":"6005","unstructured":"Presidencia de la Rep\u00fablica de Colombia. (2017). Decreto 648 por el cual se modifica y adiciona el Decreto 1083 de 2015, Reglamentario \u00danico del Sector de la Funci\u00f3n P\u00fablica. 19 de abril de 2017."},{"key":"6006","unstructured":"Presidencia de la Rep\u00fablica de Colombia. (2014). Decreto 943 por el cual se actualiza el Modelo Est\u00e1ndar de Control Interno (MECI). 21 de mayo de 2014."},{"key":"6007","unstructured":"Presidencia de la Rep\u00fablica de Colombia. (2020). Decreto 989 por el cual adiciona el cap\u00edtulo 8 al t\u00edtulo 21 de la Parte 2 del Libro 2 del Decreto 1083 de 2015, en lo relacionado con las competencias y requisitos espec\u00edficos para el empleo de jefe de oficina, asesor, coordinador o auditor de control interno o quien haga sus veces en las entidades de la Rama Ejecutiva del orden nacional y territorial. 9 de julio de 2020."},{"key":"6008","unstructured":"Presidencia de la Rep\u00fablica de Colombia. (2015). Decreto 1083 por medio del cual se expide el Decreto \u00danico Reglamentario del Sector de Funci\u00f3n P\u00fablica. 26 de mayo de 2015."},{"key":"6009","unstructured":"Presidencia de la Rep\u00fablica de Colombia. (2005). Decreto 1599 por el cual se adopta el Modelo Est\u00e1ndar de Control Interno para el Estado Colombiano. 20 de mayo del 2005."},{"key":"6010","unstructured":"Presidencia de la Rep\u00fablica de Colombia. (1999). Decreto 2145 por el cual se dictan normas sobre el Sistema Nacional de Control Interno de las Entidades y Organismos de la Administraci\u00f3n P\u00fablica del Orden Nacional y Territorial y se dictan otras disposiciones. 4 de noviembre de 1999."},{"key":"6011","unstructured":"Ram\u00edrez, A. (2022). Voces de gobierno abierto en Chile (2011-2021). Ministerio Secretar\u00eda General de la Presidencia."},{"key":"6012","doi-asserted-by":"crossref","unstructured":"Ram\u00edrez, M. y Reina, J. (2013). Metodolog\u00eda y desarrollo de la auditor\u00eda forense en la detecci\u00f3n del fraude contable en Colombia. Cuadernos de Administraci\u00f3n, 29(50), 177-195.","DOI":"10.25100\/cdea.v29i50.54"},{"key":"6013","doi-asserted-by":"crossref","unstructured":"R\u00edos, A., Benito, B. and Bastida, F. (2017). Factors Explaining Public Participation in the Central Government Budget Process. Australian Journal of Public Administration, 76(1), 48-64.","DOI":"10.1111\/1467-8500.12197"},{"key":"6014","unstructured":"Rodr\u00edguez, C. (2004). Una aproximaci\u00f3n a la auditor\u00eda forense.IDEAF."},{"key":"6015","doi-asserted-by":"crossref","unstructured":"Rozas, A. (2009). Auditoria forense. Quipukamayoc, 16(32), 67-93.","DOI":"10.15381\/quipu.v16i32.4825"},{"key":"6016","unstructured":"Velandia, G. y Escobar, E. (2019). Investigaci\u00f3n en auditor\u00eda forense: revisi\u00f3n de publicaciones Scopus, 1976-2018. Criminalidad, 61(3), 279-290."}],"container-title":["Administraci\u00f3n &amp; Desarrollo"],"link":[{"URL":"https:\/\/revistas.esap.edu.co\/index.php\/admindesarro\/article\/download\/777\/629","content-type":"application\/pdf","content-version":"vor","intended-application":"text-mining"},{"URL":"https:\/\/revistas.esap.edu.co\/index.php\/admindesarro\/article\/download\/777\/744","content-type":"text\/xml","content-version":"vor","intended-application":"text-mining"},{"URL":"https:\/\/revistas.esap.edu.co\/index.php\/admindesarro\/article\/download\/777\/629","content-type":"unspecified","content-version":"vor","intended-application":"similarity-checking"}],"deposited":{"date-parts":[[2025,12,31]],"date-time":"2025-12-31T20:06:52Z","timestamp":1767211612000},"score":0.0,"resource":{"primary":{"URL":"https:\/\/revistas.esap.edu.co\/index.php\/admindesarro\/article\/view\/777"}},"issued":{"date-parts":[[2022,6,30]]},"references-count":44,"journal-issue":{"issue":"1","published-online":{"date-parts":[[2022,6,30]]}},"URL":"https:\/\/doi.org\/10.22431\/25005227.vol52n1.6","ISSN":["2500-5227","0120-3754"],"issn-type":[{"type":"electronic","value":"2500-5227"},{"type":"print","value":"0120-3754"}],"published":{"date-parts":[[2022,6,30]]}},{"indexed":{"date-parts":[[2025,12,31]],"date-time":"2025-12-31T19:54:05Z","timestamp":1767210845479,"version":"3.48.0"},"reference-count":23,"publisher":"Escuela Superior de Administracion Publica","issue":"1","license":[{"start":{"date-parts":[[2024,2,5]],"date-time":"2024-02-05T00:00:00Z","timestamp":1707091200000},"content-version":"unspecified","delay-in-days":0,"URL":"https:\/\/creativecommons.org\/licenses\/by-nc-sa\/4.0"}],"content-domain":{"domain":[],"crossmark-restriction":false},"short-container-title":["Adm. Desarro."],"abstract":"<jats:p>The National Atomic Energy Commission (CNEA by its acronym in Spanish) is one of the main organizations that have historically been affected by tensions around the different conceptions of the role of the state in science and technology intervention. Deemed the central role that the CNEA occupies in the field of science and technology in Argentina, and its leading role in the nuclear network, it was of interest for this research to study the specific evolution of the potential state capacities of the CNEA.Following the objective of exploring the state capacities of the CNEA between the years 2012 and 2019, this article exhibits the results on the transformations that occurred in the organization between the second term of Cristina Fern\u00e1ndez de Kirchner, from 2011 to 2015, and the presidency of Mauricio Macri, from 2015 to 2019.The research was carried out through the analysis of primary and secondary sources, which allowed the characterization of the potential capacities that the organization consolidated, as well as its building and unlearning processes. From the analysis of the 2012-2019 period, it was possible to notice distinctive orientations in the public policies implemented among the governments studied, as well as a response from the organization that was founded on the basis of institutional memory. These trends were identified by carrying out a complex and diachronic analysis of both the organizational dimension (hardware, software and orgware) and the relational dimension (the action fields of the organization) of the organism\u2019s capacities.<\/jats:p>","DOI":"10.22431\/25005227.vol54n1.1","type":"journal-article","created":{"date-parts":[[2024,2,16]],"date-time":"2024-02-16T16:30:13Z","timestamp":1708101013000},"source":"Crossref","is-referenced-by-count":0,"title":["La construcci\u00f3n de capacidades estatales en instituciones estrat\u00e9gicas: el caso CNEA (2012-2019)","The building of state capacities in strategic institutions: the case CNEA (2012-2019)"],"prefix":"10.22431","volume":"54","author":[{"ORCID":"https:\/\/orcid.org\/0000-0002-0161-0308","authenticated-orcid":false,"given":"Lourdes In\u00e9s","family":"Alvez Taylor","sequence":"first","affiliation":[],"role":[{"role":"author","vocabulary":"crossref"}]}],"member":"9723","published-online":{"date-parts":[[2024,2,5]]},"reference":[{"key":"11575","unstructured":"Alonso, M. (2018). Calzetta Larrieu: Es l\u00f3gico que la Argentina pase a una tecnolog\u00eda de uranio enriquecido. Agencia TSS \u2013 Universidad Nacional de San Mart\u00edn. https:\/\/www.unsam.edu.ar\/tss\/calzetta-larrieu-es-logico-que-la-argentina-pase-a-una-tecnologia-de-uranio-enriquecido\/"},{"key":"11576","unstructured":"Alonso, M. (2018). Norma Boero: Sin Atucha III se cae la mitad de la CNEA. Agencia TSS \u2013 Universidad Nacional de San Mart\u00edn. https:\/\/www.unsam.edu.ar\/tss\/norma-boero-sin-atucha-iii-se-cae-la-mitad-de-la-cnea\/"},{"key":"11577","unstructured":"ATE CNEA. (2012-2019). Reactor RA-10: otro proyecto insignia de la CNEA que queda parado. Asociaci\u00f3n de Trabajadores del Estado. https:\/\/ate.org.ar\/reactor-ra-10-otro-proyecto-insignia-de-la-cnea-que-queda-parado\/"},{"key":"11578","unstructured":"Bedetti, A. N. (2015). Importancia estrat\u00e9gica de las capacidades estatales para el dise\u00f1o de pol\u00edticas de ciencia, tecnolog\u00eda e innovaci\u00f3n: estudio del Ministerio de Ciencia, Tecnolog\u00eda e Innovaci\u00f3n Productiva durante el periodo 2008-2013. https:\/\/bibliotecavirtual.unl.edu.ar:8443\/bitstream\/handle\/11185\/740\/Tesis.pdf?sequence=1&isAllowed=y"},{"key":"11579","unstructured":"Carricondo, J. I. y Iofrida, M. J. (2018). Informe de situaci\u00f3n actual de ingresos a la Comisi\u00f3n Nacional de Energ\u00eda At\u00f3mica. Universidad Nacional de San Mart\u00edn. https:\/\/www.unsam.edu.ar\/tss\/wp-content\/uploads\/2018\/06\/Informe-sit-actual-de-ingresos-a-la-CNEA.pdf"},{"key":"11580","doi-asserted-by":"crossref","unstructured":"C\u00e1tedra Libre Ciencia, Pol\u00edtica y Sociedad. (2019). \u00bfQu\u00e9 hacer con la ciencia y la tecnolog\u00eda en la recuperaci\u00f3n del pa\u00eds? Veinte propuestas para el futuro gobierno. Ciencia, Tecnolog\u00eda y Pol\u00edtica, 2(2),91-98. http:\/\/sedici.unlp.edu.ar\/bitstream\/handle\/10915\/75206\/Documento_completo.pdf-PDFA.pdf?sequence=1&isAllowed=y","DOI":"10.24215\/26183188e016"},{"key":"11581","unstructured":"Centro de Econom\u00eda Pol\u00edtica Argentina \u2013 CEPA. (2019). La Comisi\u00f3n Nacional de Energ\u00eda At\u00f3mica y el sector nuclear en Argentina: impacto de las pol\u00edticas del Gobierno entre 2016 y 2018. https:\/\/www.centrocepa.com.ar\/informes\/215-la-comision-nacional-de-energia-atomica-y-el-sector-nuclear-en-argentina-impacto-de-las-politicas-del-gobierno-entre-2016-y-2018.html"},{"key":"11582","unstructured":"Comisi\u00f3n Nacional de Energ\u00eda At\u00f3mica \u2013 CNEA. (2014). Memorias y balances institucionales, Serie 2012-2019. Plan Estrat\u00e9gico 2015-2025: Actualizaci\u00f3n del Plan Estrat\u00e9gico 2010-2019. Gerencia de Planificaci\u00f3n, Coordinaci\u00f3n y Control. Subgerencia de Planificaci\u00f3n Estrat\u00e9gica. https:\/\/www.cnea.gob.ar\/nuclea\/handle\/10665\/971"},{"key":"11583","unstructured":"Cuentas de Inversi\u00f3n. Serie 2012-2019. (2019). Contadur\u00eda General de la Naci\u00f3n, Ministerio de Econom\u00eda. Tomo II Resultados por programas y proyectos en orden institucional. https:\/\/www.argentina.gob.ar\/economia\/sechacienda\/cgn\/cuenta\/2019"},{"key":"11584","unstructured":"Decreto 1107 de 2006. Actividad Nuclear. 24 de agosto de 2006. Recuperado de: http:\/\/servicios.infoleg.gob.ar\/infolegInternet\/anexos\/115000-119999\/119215\/norma.htm"},{"key":"11585","unstructured":"Galante, O., Mar\u00ed, M. y Benso, O. (2017). Estrategias tecnol\u00f3gicas y organizacionales en el \u00e9xito inicial de la Comisi\u00f3n Nacional de Energ\u00eda At\u00f3mica Argentina. Su rol en el (desarrollo del) pensamiento latinoamericano en ciencia y tecnolog\u00eda para el desarrollo. XVII Congreso Latino-Iberoamericano de Gesti\u00f3n Tecnol\u00f3gica. http:\/\/www.uam.mx\/altec2017\/pdfs\/ALTEC_2017_paper_88.pdf"},{"key":"11586","unstructured":"Garc\u00eda, M. C., Lugones, M. y Reising, A. M. (2007). El sector nuclear en Argentina: tramas productivas y desarrollo tecnol\u00f3gico. En: Epistemolog\u00eda e Historia de la Ciencia, Selecci\u00f3n de trabajos de las XVII Jornadas, vol.13. http:\/\/hdl.handle.net\/11086\/3090"},{"key":"11587","unstructured":"Hurtado, D. (2011). Surgimiento, alienaci\u00f3n y retorno: el Pensamiento Latinoamericano en Ciencia, Tecnolog\u00eda y Desarrollo. Voces en el F\u00e9nix, 2, (8), 20-27. https:\/\/drive.google.com\/file\/d\/1OZCUI5tD92XxE0X7Ei2pXniGCI3jaome\/view"},{"key":"11588","unstructured":"Hurtado, D. (2012). Cultura tecnol\u00f3gico-pol\u00edtica sectorial en contexto semiperif\u00e9rico: el desarrollo nuclear en la Argentina (1945-1994). Revista Iberoamericana de Ciencia, Tecnolog\u00eda y Sociedad - CTS, 7, (21), 163-192. http:\/\/www.scielo.org.ar\/scielo.php?script=sci_arttext&pid=S1850-00132012000200010&lng=es&tlng=es"},{"key":"11589","unstructured":"Hurtado, D. (2016). Deudas de nuestra democracia con las pol\u00edticas de ciencia y tecnolog\u00eda. Voces en el F\u00e9nix, 7, (52), 71-79. https:\/\/drive.google.com\/file\/d\/1-PwUJlRPK6qp5IZ3QEv17K9WH3eaWl0i\/view"},{"key":"11590","doi-asserted-by":"crossref","unstructured":"Hurtado, D. (2018). Pol\u00edticas de ciencia, tecnolog\u00eda y desarrollo, ciclos neoliberales y procesos de des-aprendizaje en Am\u00e9rica Latina. Uni\u00f3n de Universidades de Am\u00e9rica Latina y el Caribe - UDUAL, (75), 7-18. http:\/\/udualerreu.org\/index.php\/universidades\/article\/view\/500\/479","DOI":"10.36888\/udual.universidades.2018.75.500"},{"key":"11591","unstructured":"Isuani, F, Pereyra, E y Serafinoff, V. (2018). Burocracias estatales en la mira: notas para el an\u00e1lisis de la experiencia argentina reciente. Publicaci\u00f3n del Grupo de Investigaci\u00f3n en Gobierno, Administraci\u00f3n y Pol\u00edticas P\u00fablicas (GIGAPP). Estudios Working Papers. N\u00famero Especial Estado, gesti\u00f3n y pol\u00edticas p\u00fablicas: Argentina bajo la lupa. (105), 526\u2010547. https:\/\/www.academia.edu\/73945236\/Burocracias_estatales_en_la_mira"},{"key":"11592","unstructured":"Isuani, F. (2012). Pol\u00edtica y gesti\u00f3n ambiental. En Di Pace, M; Caride Bartons, H. E (dir) Ecolog\u00eda Urbana (1\u00b0 ed, Cuestiones Metropolitanas 12, 315-334). Universidad Nacional de General Sarmiento."},{"key":"11593","unstructured":"Kempf, R. (2019). Movilizaci\u00f3n de compa\u00f1eros y compa\u00f1eras de ATE CNEA. Asociaci\u00f3n de Trabajadores del Estado. https:\/\/ate.org.ar\/movilizacion-de-companeros-y-companeras-de-ate-cnea\/"},{"key":"11594","unstructured":"Ley N\u00b0 20.744 de 1974. Ley de Contratos de Trabajo. 20 de septiembre de 1974. Recuperada de: https:\/\/servicios.infoleg.gob.ar\/infolegInternet\/anexos\/25000-29999\/25552\/norma.htm"},{"key":"11595","unstructured":"Ley N\u00b0 22.179 de 1980. Central nuclear en Atucha. 7 de marzo de 1980. Recuperada de: http:\/\/www.saij.gob.ar\/22179-nacional-lnn0027179-1980-03-04\/123456789-0abc-defg-g97-17200ncanyel?"},{"key":"11596","unstructured":"Ley N\u00b0 24.804 de 1997. Ley Nacional de la Actividad Nuclear. 23 de abril de 1997. Recuperada de: https:\/\/servicios.infoleg.gob.ar\/infolegInternet\/anexos\/40000-44999\/42924\/norma.htm"},{"key":"11597","unstructured":"Peano, M. (2018). La CNEA \u201cResidual\u201d : an\u00e1lisis comparativo de las capacidades y funciones de la Comisi\u00f3n Nacional de Energ\u00eda At\u00f3mica dentro del sector nuclear en los periodos 1995-1999 y 2007-2011. Universidad Nacional de San Mart\u00edn. Instituto de Altos Estudios Sociales. https:\/\/ri.unsam.edu.ar\/bitstream\/123456789\/300\/1\/TMAG_IDAES_2018_PM.pdf"}],"container-title":["Administraci\u00f3n &amp; Desarrollo"],"link":[{"URL":"https:\/\/revistas.esap.edu.co\/index.php\/admindesarro\/article\/download\/951\/732","content-type":"application\/pdf","content-version":"vor","intended-application":"text-mining"},{"URL":"https:\/\/revistas.esap.edu.co\/index.php\/admindesarro\/article\/download\/951\/735","content-type":"text\/xml","content-version":"vor","intended-application":"text-mining"},{"URL":"https:\/\/revistas.esap.edu.co\/index.php\/admindesarro\/article\/download\/951\/732","content-type":"unspecified","content-version":"vor","intended-application":"similarity-checking"}],"deposited":{"date-parts":[[2025,12,31]],"date-time":"2025-12-31T19:49:03Z","timestamp":1767210543000},"score":0.0,"resource":{"primary":{"URL":"https:\/\/revistas.esap.edu.co\/index.php\/admindesarro\/article\/view\/951"}},"issued":{"date-parts":[[2024,2,5]]},"references-count":23,"journal-issue":{"issue":"1","published-online":{"date-parts":[[2024,1,1]]}},"URL":"https:\/\/doi.org\/10.22431\/25005227.vol54n1.1","ISSN":["2500-5227","0120-3754"],"issn-type":[{"type":"electronic","value":"2500-5227"},{"type":"print","value":"0120-3754"}],"published":{"date-parts":[[2024,2,5]]}},{"indexed":{"date-parts":[[2025,11,6]],"date-time":"2025-11-06T16:39:56Z","timestamp":1762447196508,"version":"build-2065373602"},"reference-count":37,"publisher":"Escuela Superior de Administracion Publica","issue":"2","license":[{"start":{"date-parts":[[2023,11,22]],"date-time":"2023-11-22T00:00:00Z","timestamp":1700611200000},"content-version":"unspecified","delay-in-days":0,"URL":"https:\/\/creativecommons.org\/licenses\/by-nc-sa\/4.0"}],"content-domain":{"domain":[],"crossmark-restriction":false},"short-container-title":["Adm. Desarro."],"abstract":"<jats:p>The public policy process and the configuration of agendas are of great importance for analyzing the existence or change in a policy. The multiple currents approach allows controverting the peace process agenda, as the Peace Agreement was temporarily incorporated into the Political Constitution of Colombia, including in its first point the Comprehensive Rural Reform (RRI), which indicates the recognition and support for the figure of Peasant Reserve Zones (ZRC).\nThe 160 Law of 1994 adopted this as a public policy of rural and peasant development, mostly through the instrument of titling the nation\u2019s wasteland territories; however, the coalitions promoting the implementation of this figure are weak, which have configured political inequality, compared to more rubost agendas of titling wasteland to appropriators of large economic capital, through the figure of Rural Development, Interest Zones, Economic and Social (ZIDRES); nonetheless, temporarily the Petro Government estimates breaking this trend.<\/jats:p>","DOI":"10.22431\/25005227.vol53n2.6","type":"journal-article","created":{"date-parts":[[2023,11,22]],"date-time":"2023-11-22T10:48:26Z","timestamp":1700650106000},"source":"Crossref","is-referenced-by-count":0,"title":["Zonas de Reserva Campesina e implementaci\u00f3n del Acuerdo de Paz en Colombia","Peasant Reserve Zones and implementation of the Peace Agreement in Colombia"],"prefix":"10.22431","volume":"53","author":[{"ORCID":"https:\/\/orcid.org\/0009-0007-1359-6092","authenticated-orcid":false,"given":"Juli\u00e1n Camilo","family":"Barreto Garc\u00eda","sequence":"first","affiliation":[],"role":[{"role":"author","vocabulary":"crossref"}]}],"member":"9723","published-online":{"date-parts":[[2023,11,22]]},"reference":[{"key":"10411","unstructured":"Acto Legislativo 02 de 2017 del Congreso de la Rep\u00fablica. (11 de mayo). Acuerdo Final para la terminaci\u00f3n del conflicto y la construcci\u00f3n de una paz estable y duradera. https:\/\/www.funcionpublica.gov.co\/eva\/gestornormativo\/norma.php?i=81573"},{"key":"10412","unstructured":"Acuerdo 024 de 1996. (25 de noviembre). Por el cual se reglamenta parcialmente el Cap\u00edtulo XIII de la Ley 160 de 1994, en lo relativo a las Zonas de Reserva Campesina. Instituto Colombiano de Reforma Agraria (INCORA). https:\/\/humanidadvigente.net\/acuerdo-no-024-de-1996\/"},{"key":"10413","unstructured":"Acuerdo 058 de 2018. (16 de abril). Por medio del cual se fija el reglamento para el otorgamiento de derechos de uso sobre predios bald\u00edos inadjudicables. Agencia Nacional de Tierras (ANT). https:\/\/www.ant.gov.co\/wp-content\/uploads\/2020\/05\/Acuerdo_118_2020.pdf"},{"key":"10414","unstructured":"Agencia Nacional de Tierras (ANT). (2023). Portal de datos p\u00fablicos abiertos: https:\/\/data-agenciadetierras.opendata.arcgis.com\/datasets\/agenciadetierras::zonas-de-reserva-campesina-2\/explore?location=5.145112%2C-74.455450%2C7.00"},{"key":"10415","doi-asserted-by":"crossref","unstructured":"Agnew, J., y Oslender, U. (2010). Territorialidades superpuestas, soberan\u00eda en disputa: lecciones emp\u00edricas desde Am\u00e9rica Latina. Tabula rasa, (13), 191-213. http:\/\/www.scielo.org.co\/pdf\/tara\/n13\/n13a08.pdf","DOI":"10.25058\/20112742.409"},{"key":"10416","unstructured":"Barreto, J. (2018). Pol\u00edticas p\u00fablicas end\u00f3genas ambientales y gobierno de los bienes comunes en la Zona de Reserva Campesina del Valle del R\u00edo Cimitarra. Nuevo Derecho, 13(21), 177-196. https:\/\/doi.org\/10.25057\/2500672X.1020"},{"key":"10417","unstructured":"Barreto, J. (2019). Pol\u00edtica p\u00fablica de ordenamiento territorial en Colombia: Conflicto interno y gobierno de los bienes comunes. [Tesis de maestr\u00eda]. Universidad Nacional de Colombia. https:\/\/repositorio.unal.edu.co\/handle\/unal\/21404"},{"key":"10418","unstructured":"Bryson, J. y Crosby, B. (1998). La Planeaci\u00f3n de pol\u00edticas y el dise\u00f1o y uso de foros, \u00e1mbitos y tribunales. Fondo de Cultura Econ\u00f3mica. https:\/\/www.clubensayos.com\/Temas-Variados\/Sintesis-La-Planeaci\u00f3n-De-Pol%C3%ADticas-Y-El-Dise\u00f1o\/3823934.html"},{"key":"10419","unstructured":"Decreto 902 de 2017. (29 de mayo). Por el cual se adoptan medidas para facilitar la implementaci\u00f3n de la Reforma Rural Integral contemplada en el Acuerdo Final en materia de tierras, espec\u00edficamente el procedimiento para el acceso y formalizaci\u00f3n y el Fondo de Tierras. Presidencia de la Rep\u00fablica de Colombia. https:\/\/www.alcaldiabogota.gov.co\/sisjur\/normas\/Norma1.jsp?dt=S&i=69310"},{"key":"10420","unstructured":"Decreto 893 de 2017. (28 de mayo): Por el cual se crean los Programas de Desarrollo con Enfoque Territorial \u2013 PDET. Presidencia de la Rep\u00fablica de Colombia https:\/\/www.funcionpublica.gov.co\/eva\/gestornormativo\/norma.php?i=81856"},{"key":"10421","unstructured":"Decreto 578 de 2018. (27 de marzo). Por el cual se modifican parcialmente las funciones de la superintendencia de notariado y registro. https:\/\/www.funcionpublica.gov.co\/eva\/gestornormativo\/norma.php?i=85721"},{"key":"10422","unstructured":"Departamento Nacional de Planeaci\u00f3n (DNP). (2016). Evaluaci\u00f3n del instrumento de titulaci\u00f3n de bald\u00edos a familias campesinas. Bogot\u00e1. https:\/\/colaboracion.dnp.gov.co\/CDT\/Sinergia\/Documentos\/Titulacion_de_Baldios.pdf"},{"key":"10423","unstructured":"Departamento Nacional de Planeaci\u00f3n (DNP). (2017). Plan Marco de Implementaci\u00f3n del Acuerdo Final para la terminaci\u00f3n del conflicto y la construcci\u00f3n de una Paz estable y duradera. https:\/\/colaboracion.dnp.gov.co\/CDT\/Conpes\/Econ\u00f3micos\/3932_Anexo%20B_Plan%20Marco%20de%20Implementaci\u00f3n%20(PMI).pdf"},{"key":"10424","unstructured":"De Zubir\u00eda, S. (28 de julio de 2017). La paz en foco. Balance e implementaci\u00f3n de los acuerdos de paz. https:\/\/www.youtube.com\/watch?v=n9X9m8L8Luk&list=PLt1WZbHY5aVOGnFQZZAfu2ZbrLIzP7foI&index=45"},{"key":"10425","unstructured":"El Tiempo. (2016, 26 de noviembre). El 64% de los hogares rurales no cuentan con acceso a la tierra. Peri\u00f3dico El Tiempo: http:\/\/www.eltiempo.com\/economia\/sectores\/desigualdad-en-la-propiedad-de-la-tierra-en-colombia-32186"},{"key":"10426","unstructured":"Estrada, J. (2013). Territorios campesinos: La experiencia de las Zonas de Reserva Campesina. Universidad Nacional de Colombia. https:\/\/books.google.com.co\/books\/about\/Territorios_campesinos.html?id=vv_erQEACAAJ&redir_esc=y"},{"key":"10427","unstructured":"Instituto de Investigaci\u00f3n de Recursos Biol\u00f3gicos Alexander Von Humboldt (2018). Zonas de Reserva Campesina, su estado constitutivo y disposiciones ambientales. Contrato de prestaci\u00f3n de servicios 17-17-0069-175PS suscrito entre la Asociaci\u00f3n Nacional de Zonas de Reserva Campesina y el Instituto Humboldt. Bogot\u00e1 D.C., Colombia. http:\/\/geonetwork.humboldt.org.co\/geonetwork\/srv\/spa\/catalog.search#\/metadata\/278384da-294d-4dd1-9b65-89d6415b4608"},{"key":"10428","unstructured":"Kingdon, J. W. (2003). Agendas, alternatives and, public policies. Harper Collins. https:\/\/scholar.google.es\/citations?user=3nuovy0AAAAJ&hl=es&oi=sra"},{"key":"10429","unstructured":"Ley 135 de 1961. (15 de diciembre). Sobre reforma social agraria. Congreso de la Rep\u00fablica de Colombia. https:\/\/www.funcionpublica.gov.co\/eva\/gestornormativo\/norma.php?i=74153"},{"key":"10430","unstructured":"Ley 160 de 1994. (3 de agosto). Por la cual se crea el Sistema Nacional de Reforma Agraria y Desarrollo Rural Campesino, se establece un subsidio para la adquisici\u00f3n de tierras, se reforma el Instituto Colombiano de la Reforma Agraria y se dictan otras disposiciones. Congreso de la Rep\u00fablica. http:\/\/www.secretariasenado.gov.co\/senado\/basedoc\/ley_0160_1994.html"},{"key":"10431","unstructured":"Ley 388 de 1997. (18 de julio). Por la cual se crea el Sistema Nacional de Reforma Agraria y Desarrollo Rural Campesino, se establece un subsidio para la adquisici\u00f3n de tierras, se reforma el Instituto Colombiano de la Reforma Agraria y se dictan otras disposiciones. Congreso de la Rep\u00fablica de Colombia. https:\/\/www.funcionpublica.gov.co\/eva\/gestornormativo\/norma.php?i=339"},{"key":"10432","unstructured":"Ley 505 de 1999. (29 de junio). Por medio de la cual se fijan t\u00e9rminos y competencias para la realizaci\u00f3n, adopci\u00f3n y aplicaci\u00f3n de la estratificaci\u00f3n a que se refieren las Leyes 142 y 177 de 1994, 188 de 1995 y 383 de 1997 y los Decretos Presidenciales 1538 y 2034 de 1996. Congreso de la Rep\u00fablica. http:\/\/www.secretariasenado.gov.co\/senado\/basedoc\/ley_0505_1999.html"},{"key":"10433","unstructured":"Ley 1776 de 2016. (Ley Zidres). (29 de enero). Explotaci\u00f3n econ\u00f3mica de las Zidres mediante proyectos productivos no agropecuarios. \u00bfUna amenaza para la seguridad y soberan\u00eda alimentaria de Colombia? Congreso de la Rep\u00fablica de Colombia. https:\/\/www.funcionpublica.gov.co\/eva\/gestornormativo\/norma.php?i=74057#:~:text=Promover%20la%20inclusi\u00f3n%20social%20y,agentes%20sociales%2C%20productivos%20y%20emprendedores."},{"key":"10434","unstructured":"Ley 2294 de 2023. (19 de mayo). Por el cual se expide el Plan Nacional de Desarrollo 2022- 2026 \u201cColombia potencia mundial de la vida\u201d. Congreso de la Rep\u00fablica de Colombia. https:\/\/www.funcionpublica.gov.co\/eva\/gestornormativo\/norma.php?i=209510"},{"key":"10435","unstructured":"Lindblom, C. y Woodhouse, E. (1993). Policy making process. Prentice Hall. https:\/\/books.google.com.co\/books\/about\/The_Policy_making_Process.html?id=OvlnQgAACAAJ&redir_esc=y"},{"key":"10436","unstructured":"Machado, A. (2017). El problema de la tierra. Editorial debate. https:\/\/www.penguinlibros.com\/co\/economia-politica-y-actualidad\/83346-libro-el-problema-de-la-tierra-9789588931876"},{"key":"10437","unstructured":"Majone, G. (1997). Evidencia, argumentaci\u00f3n y persuasi\u00f3n en la formulaci\u00f3n de pol\u00edticas. Fondo de Cultura Econ\u00f3mica. http:\/\/ig2.blog.unq.edu.ar\/wp-content\/uploads\/sites\/28\/2014\/03\/Majone_Argumentaci%C3%B3n.pdf"},{"key":"10438","doi-asserted-by":"crossref","unstructured":"Muller, P., y Surel, Y. (1998). L\u2019analyse des politiques. Montchr\u00e9tien. https:\/\/www.persee.fr\/doc\/pomap_0758-1726_1998_num_16_4_3315_t1_0170_0000_1","DOI":"10.3406\/pomap.1998.2203"},{"key":"10439","unstructured":"Romero, N. (2022). (2022 17 de marzo). Cambios en condiciones del PNIS podr\u00eda a dejar a excocaleros sin tierra. El Espectador. https:\/\/www.elespectador.com\/colombia-20\/paz-y-memoria\/cambios-en-el-programa-de-sustitucion-de-cultivos-de-uso-ilicito-podria-dejar-a-campesinos-excocaleros-sin-tierra\/"},{"key":"10440","unstructured":"Roth, A. N. (2002). Pol\u00edticas p\u00fablicas: formulaci\u00f3n, implementaci\u00f3n y evaluaci\u00f3n. Aurora ediciones. https:\/\/scholar.google.es\/citations?user=aVvLWRYAAAAJ&hl=es&oi=sra"},{"key":"10441","unstructured":"Rueda Sanz, A. (2018). Efectos de las decisiones de inversi\u00f3n en la formalizaci\u00f3n de tierras de los hogares rurales colombianos. Universidad de los Andes, Facultad de Econom\u00eda, CEDE. Documentos CEDE 4. Universidad de los Andes. https:\/\/repositorio.uniandes.edu.co\/entities\/publication\/b35ca628-6418-40ff-af23-6a58448c3bf1"},{"key":"10442","unstructured":"Samper, M. (31 de marzo de 2022). Rescatable que quieran rescatar el catastro multiprop\u00f3sito. Publicaci\u00f3n [twitter]@miguelsampers."},{"key":"10443","unstructured":"Sentencia C- 332 de 2017. [M. P. Antonio Jos\u00e9 Lizarazo]. https:\/\/www.corteconstitucional.gov.co\/relatoria\/2017\/C-332-17.htm"},{"key":"10444","unstructured":"Sentencia T 052 de 2017. (03 de febrero). [M. P. Gabriel Eduardo Mendoza Martelo]. https:\/\/www.corteconstitucional.gov.co\/relatoria\/2017\/t-052-17.htm"},{"key":"10445","unstructured":"Serje, M. (2011). El rev\u00e9s de la naci\u00f3n. Territorio salvajes, fronteras y tierras de nadie. Ediciones Uniandes - Universidad de los Andes. https:\/\/shorturl.at\/bHW05"},{"key":"10446","unstructured":"Unidad de Planificaci\u00f3n Rural Agropecuaria - UPRA (2018). \u00c1reas de referencia para identificar ZIDRES. https:\/\/www.icde.gov.co\/geoservicio\/upra-areas-de-referencia-zidres-2018-2"},{"key":"10447","unstructured":"Uprimny, R. (2021). Acci\u00f3n de tutela de asociaciones campesinas contra la ANT y del Consejo directivo de la ANT ante la dilaci\u00f3n en el proceso de constituci\u00f3n de las ZRC de Sumapaz, Losada-Guayabero y G\u00fcejar-Cafre. https:\/\/www.corteconstitucional.gov.co\/relatoria\/autos\/2021\/A1192-21.htm"}],"container-title":["Administraci\u00f3n &amp; Desarrollo"],"link":[{"URL":"https:\/\/revistas.esap.edu.co\/index.php\/admindesarro\/article\/download\/849\/700","content-type":"application\/pdf","content-version":"vor","intended-application":"text-mining"},{"URL":"https:\/\/revistas.esap.edu.co\/index.php\/admindesarro\/article\/download\/849\/725","content-type":"text\/xml","content-version":"vor","intended-application":"text-mining"},{"URL":"https:\/\/revistas.esap.edu.co\/index.php\/admindesarro\/article\/download\/849\/700","content-type":"unspecified","content-version":"vor","intended-application":"similarity-checking"}],"deposited":{"date-parts":[[2025,11,6]],"date-time":"2025-11-06T16:36:07Z","timestamp":1762446967000},"score":0.0,"resource":{"primary":{"URL":"https:\/\/revistas.esap.edu.co\/index.php\/admindesarro\/article\/view\/849"}},"issued":{"date-parts":[[2023,11,22]]},"references-count":37,"journal-issue":{"issue":"2","published-online":{"date-parts":[[2023,7,1]]}},"URL":"https:\/\/doi.org\/10.22431\/25005227.vol53n2.6","ISSN":["2500-5227","0120-3754"],"issn-type":[{"type":"electronic","value":"2500-5227"},{"type":"print","value":"0120-3754"}],"published":{"date-parts":[[2023,11,22]]}},{"indexed":{"date-parts":[[2025,11,6]],"date-time":"2025-11-06T16:37:47Z","timestamp":1762447067829,"version":"build-2065373602"},"reference-count":0,"publisher":"Escuela Superior de Administracion Publica","issue":"53","license":[{"start":{"date-parts":[[2011,6,1]],"date-time":"2011-06-01T00:00:00Z","timestamp":1306886400000},"content-version":"unspecified","delay-in-days":0,"URL":"http:\/\/creativecommons.org\/licenses\/by-nc-nd\/4.0"}],"content-domain":{"domain":[],"crossmark-restriction":false},"short-container-title":["Adm. Desarro."],"abstract":"<jats:p>The article provides reflection about the relationships between the university as an institution and society. Analysis has been based on the debate about three ways of regarding such relationships: the concepts of belonging, performance and the social use of knowledge. The first part of the article considers two concepts concerning the university as an institution, regarding how this has been assumed in its relationships with its setting, with the society in which it is immersed. Social pertinence\/belonging and performance is then dealt with and their respective implications. The article rounds offby considering the concept of social use and highlights therelationship between the social appropriation of knowledge and the idea of social emancipation.<\/jats:p>","DOI":"10.22431\/25005227.143","type":"journal-article","created":{"date-parts":[[2017,7,5]],"date-time":"2017-07-05T12:06:06Z","timestamp":1499256366000},"page":"7-22","source":"Crossref","is-referenced-by-count":1,"title":["Los usos sociales del conocimiento. A prop\u00f3sito de las relaciones universidad-sociedad","The social use of knowledge: a proposal for universitysociety relationships"],"prefix":"10.22431","volume":"39","author":[{"given":"Javier","family":"Duque Daza","sequence":"first","affiliation":[],"role":[{"role":"author","vocabulary":"crossref"}]}],"member":"9723","published-online":{"date-parts":[[2011,6,1]]},"container-title":["Administraci\u00f3n &amp; Desarrollo"],"link":[{"URL":"https:\/\/revistas.esap.edu.co\/index.php\/admindesarro\/article\/download\/143\/pdf","content-type":"application\/pdf","content-version":"vor","intended-application":"text-mining"},{"URL":"https:\/\/revistas.esap.edu.co\/index.php\/admindesarro\/article\/download\/143\/pdf","content-type":"unspecified","content-version":"vor","intended-application":"similarity-checking"}],"deposited":{"date-parts":[[2025,11,6]],"date-time":"2025-11-06T16:34:01Z","timestamp":1762446841000},"score":0.0,"resource":{"primary":{"URL":"https:\/\/revistas.esap.edu.co\/index.php\/admindesarro\/article\/view\/143"}},"issued":{"date-parts":[[2011,6,1]]},"references-count":0,"journal-issue":{"issue":"53","published-online":{"date-parts":[[2011,6,1]]}},"URL":"https:\/\/doi.org\/10.22431\/25005227.143","ISSN":["2500-5227","0120-3754"],"issn-type":[{"type":"electronic","value":"2500-5227"},{"type":"print","value":"0120-3754"}],"published":{"date-parts":[[2011,6,1]]}},{"indexed":{"date-parts":[[2025,11,6]],"date-time":"2025-11-06T16:39:43Z","timestamp":1762447183035,"version":"build-2065373602"},"reference-count":57,"publisher":"Escuela Superior de Administracion Publica","issue":"2","license":[{"start":{"date-parts":[[2021,12,1]],"date-time":"2021-12-01T00:00:00Z","timestamp":1638316800000},"content-version":"unspecified","delay-in-days":0,"URL":"https:\/\/creativecommons.org\/licenses\/by-nc-sa\/4.0"}],"content-domain":{"domain":[],"crossmark-restriction":false},"short-container-title":["Adm. Desarro."],"abstract":"<jats:p>The concept of an emergence of a single health and a global health indicates the complexity of human health and health-disease processes, the interfaces with other non-human systems and with microorganisms. The transformation in the composition of global health in recent decades highlights the importance of scientific advances and their applications, with which Non-Communicable Diseases occupy the main causes of morbidity and morbidity and mortality but, also, the occurrence of new threats and problems. Communicable Diseases have lost relative importance, but not absolute. Social aspects are transversal to human health, they have a special explanatory power of the health-disease process and the way in which health-disease is distributed, and therefore have a significant impact on it. The emergence of infectious microorganisms and the risk of pandemics associated with them is a lethal threat, aggravated by poor practices in the use of antibiotics, in both animals and humans. Environmental imbalances are generating a new source of health problems, posing challenges in the understanding and public policies regarding the interfaces between humans, flora, animals, vectors and microorganisms. The State and its approach to action on health problems denotes the existence of different Health Systems, facing problems and solutions of various kinds in terms of coverage, access, opportunity, metrics, quality, global vision and national action, regional and local, multifactoriality and intersectoriality in the determination of health, construction of institutionality, according to the functional areas required in the Health System; participation and social, family and individual empowerment in health, among others. All of this results in the need to strengthen research and innovation with strong public leadership, in various action fields and, also, in the understanding of Global Health and Health Systems. The role of Governments in the structuring and management of Health Systems should be highlighted. The role of non-state actors is fundamental, but it is incomplete and generates strong externalities, without the leadership, active intervention and integrating capacity of the State. Building effective health systems is the challenge. The evidence shows fundamental examples, based on institutional simplicity, adequate financing, and social and political prioritization of collective action in solving health problems.<\/jats:p>","DOI":"10.22431\/25005227.vol51n2.2","type":"journal-article","created":{"date-parts":[[2022,8,11]],"date-time":"2022-08-11T12:22:48Z","timestamp":1660220568000},"page":"25-90","source":"Crossref","is-referenced-by-count":1,"title":["La salud global y el gobierno, primer reto de la humanidad","Governance and global health humanity\u2019s first challenge"],"prefix":"10.22431","volume":"51","author":[{"given":"Edgar Alfonso","family":"Gonz\u00e1lez Salas","sequence":"first","affiliation":[],"role":[{"role":"author","vocabulary":"crossref"}]}],"member":"9723","published-online":{"date-parts":[[2021,12,1]]},"reference":[{"key":"4259","unstructured":"Agud, L., & S\u00e1nchez, N. (2021). Las enfermedades cr\u00f3nicas no transmisibles, art\u00edculo monogr\u00e1fico. Revista Sanitaria de Investigaci\u00f3n. Obtenido de https:\/\/www.revistasanitariadeinvestigacion.com\/las-enfermedades-cronicas-no-transmisibles-articulo-monografico\/"},{"key":"4260","unstructured":"An Educational resource by thle Colege of Physicians of Philadelphia. (2021). The History of Vaccines. Obtenido de https:\/\/www.historyofvaccines.org\/timeline#EVT_62"},{"key":"4261","unstructured":"Apolo Espa\u00f1ol. (30 de 08 de 2021). C\u00f3mo funciona el sistema de salud en Francia. Obtenido de https:\/\/espanol.apolo.app\/como-funciona-el-sistema-de-salud-en-francia\/"},{"key":"4262","unstructured":"Arckerman, J. (2012). El ecosistema microbiano humano. Investigaci\u00f3n y ciencia, 16-24."},{"key":"4263","unstructured":"Ariel, J., Arancibia, M., Meza, N., Madrid, E., & Kopitowski, K. (03 de 2020). MEDWave. Obtenido de https:\/\/www.medwave.cl\/link.cgi\/Medwave\/Revisiones\/MetodInvestReport\/7887.act"},{"key":"4264","doi-asserted-by":"crossref","unstructured":"Arredondo, A. (1992). An\u00e1lisis y reflexi\u00f3n sobre modelos te\u00f3ricos del proceso salud-enfermedad. Health-Disease Process., 254\/261.","DOI":"10.1590\/S0102-311X1992000300005"},{"key":"4265","unstructured":"Banco Interamericano de Desarrollo-CRITERIA. (2016). Listas de espera: un mecanismo de priorizaci\u00f3n del gasto en salud. Obtenido de https:\/\/publications.iadb.org\/publications\/spanish\/document\/Breve-15-Listas-de-espera-Un-mecanismo-de-priorizaci%C3%B3n-del-gasto-en-salud.pdf"},{"key":"4266","unstructured":"B\u00e1rcena, A. (28 de 10 de 2021). Panorama de la producci\u00f3n y el acceso de vacunas en Am\u00e9rica Latina y el Caribe: un plan de autosuficiencia sanitaria para Am\u00e9rica Latina y el Caribe. Santiago de Chile: CEPAL CELAC."},{"key":"4267","unstructured":"C\u00e1rdenas, M. (2014). Resumen comentado sobre el sistema de salud franc\u00e9s, el n\u00famero uno del mundo. Rev AcAd PeRu SAlud, 43-46."},{"key":"4268","unstructured":"Casta\u00f1eda, C., & Ramos, G. (2020). Principales pandemias en la historia de la humanidad. Revista Cubana de Pediatr\u00eda, 92."},{"key":"4269","unstructured":"Comisi\u00f3n Europea. (28 de 05 de 2020). Preguntas y respuestas sobre el nuevo programa La UE por la Salud. Obtenido de https:\/\/ec.europa.eu\/commission\/presscorner\/detail\/es\/QANDA_20_956"},{"key":"4270","unstructured":"DeLaGuardia, M., & Ruvalcaba, J. (29 de 06 de 2020). La salud y sus determinantes, promoci\u00f3n de la salud y educaci\u00f3n sanitaria. Obtenido de https:\/\/scielo.isciii.es\/scielo.php?script=sci_arttext&pid=S2529-850X2020000100081"},{"key":"4271","unstructured":"Departamento de Econom\u00eda de la Salud-Gobierno de Chile. (2013). Gu\u00eda metodol\u00f3gica para la evaluaci\u00f3n econ\u00f3mica de intervenciones en salud en Chile. Santiago de Chile: Ministerio de Salud de Chile."},{"key":"4272","unstructured":"elDiario.es. (05 de 06 de 2021). elDiario.es. Obtenido de https:\/\/www.eldiario.es\/internacional\/radiografia-fabricacion-vacunas-35-paises-concentran-produccion-principales-dosis-coronavirus_1_8006149.html"},{"key":"4273","unstructured":"Elmendorf, E. (2021). Naciones Unidas. Obtenido de https:\/\/www.un.org\/es\/chronicle\/article\/la-salud-mundial-antes-y-ahora."},{"key":"4274","doi-asserted-by":"crossref","unstructured":"Etienne, C. (2017). Expanded Program on Immunization in the. Rev Panam Salud Publica., 41: e139. Obtenido de https:\/\/iris.paho.org\/handle\/10665.2\/34588","DOI":"10.26633\/RPSP.2017.139"},{"key":"4275","unstructured":"Family, Gender and Life Course (FGL). (14-16 de 06 de 2017). OPS. Obtenido de Reuni\u00f3n de Expertos en Salud Comunitaria \u201cDefinici\u00f3n de la Salud Comunitaria en el Siglo XXI: https:\/\/www3.paho.org\/hq\/index.php?option=com_content&view=article&id=13486:community-health-experts-meeting-defining-community-health-in-the-21st-century&Itemid=42391&lang=es"},{"key":"4276","unstructured":"FAO. (2021). Organizaci\u00f3n de las Naciones Unidas para la alimentaci\u00f3n y la agricultura. Obtenido de https:\/\/www.fao.org\/one-health\/es\/"},{"key":"4277","doi-asserted-by":"crossref","unstructured":"Fern\u00e1ndez, L. (15 de 07 de 2021). Ecolog\u00eda Verde. Obtenido de Para qu\u00e9 sirven los mosquitos: https:\/\/www.ecologiaverde.com\/para-que-sirven-los-mosquitos-3483.html#anchor_1","DOI":"10.64628\/AAO.vgrc4r3xy"},{"key":"4278","unstructured":"Ferraguti, M., Mart\u00ednez, J., & Figuerola, J. (2018). Mosquitos, cambio global y salud p\u00fablica. Barcelona: Investigaci\u00f3n y ciencia."},{"key":"4279","unstructured":"Freire, J.-M. (2012). Sistemas de salud: evaluaci\u00f3n y comparaci\u00f3n internacional. Escuela Nacional de Sanidad . Madrid: Disponible en internet. Obtenido de http:\/\/e-spacio.uned.es\/fez\/eserv\/bibliuned:500565\/n2.1_Sistemas_salud._Evalucion_y_comparaci__n_internacional.pdf"},{"key":"4280","unstructured":"Gibbs, W. (2018). Chequeo a la salud de la humanidad. Barcelona: Investigaci\u00f3n y ciencia."},{"key":"4281","unstructured":"Gibbs, W., & Soares, C. (2006). Preparados para una pandemia. Barcelona: Investigaci\u00f3n y ciencia."},{"key":"4282","doi-asserted-by":"crossref","unstructured":"G\u00f3mez, T., Rodr\u00edguez, E., & Garc\u00eda, F. (19 de 04 de 2021). SciELO Salud P\u00fablica. Obtenido de https:\/\/www.scielosp.org\/article\/scol\/2020.v16\/e2897\/#","DOI":"10.18294\/sc.2020.2897"},{"key":"4283","unstructured":"Healthy Children. (21 de 2015 de 2015). Seguridad y Prevenci\u00f3n. Obtenido de https:\/\/www.healthychildren.org\/Spanish\/safety-prevention\/immunizations\/Paginas\/History-of-Immunizations.aspx"},{"key":"4284","unstructured":"Historia y vida. (25 de 08 de 2020). Las enfermedades que Col\u00f3n llev\u00f3 a Am\u00e9rica. Obtenido de https:\/\/www.lavanguardia.com\/historiayvida\/edad-moderna\/20200825\/32935\/enfermedades-colon-llevo-america.html"},{"key":"4285","unstructured":"Homma, A., diFabio, J., & deQuadros, C. (1998). Los laboratorios p\u00fablicos productores de vacunas: el nuevo paradigma. Washington DC: Rev Panam Salud Publica\/Pan Am J Public Health."},{"key":"4286","unstructured":"Hussmann, K. (2020). Corrupci\u00f3n en el sector salud. Monica Kyria."},{"key":"4287","unstructured":"Lewin, R. (1995). Complejidad -el caos como generador del orden. Madrid: Tusquets."},{"key":"4288","doi-asserted-by":"crossref","unstructured":"Lewinson, G. (2008). Beneficios de la investigaci\u00f3n m\u00e9dica para la sociedad. Medicina Cl\u00ednica, 42-47.","DOI":"10.1016\/S0025-7753(08)76406-6"},{"key":"4289","unstructured":"Mayo Clinic. (15 de 02 de 2020). Estilo de vida saludable Salud de los consumidores. Obtenido de https:\/\/www.mayoclinic.org\/es-es\/healthy-lifestyle\/consumer-health\/in-depth\/antibiotics\/art-20045720"},{"key":"4290","unstructured":"McKenna, M. (2021). La emergencia de las infecciones f\u00fangicas. Investigaci\u00f3n y Ciencia, 20-29."},{"key":"4291","unstructured":"M\u00e9ndez, J. (08 de 05 de 2015). Scientific American. Obtenido de https:\/\/www.scientificamerican.com\/espanol\/noticias\/notodo-es-lo-que-parece-algunos-virus-puedenser-buenos\/"},{"key":"4292","unstructured":"National Geographic. (2021). Ciencia. Obtenido de Viruela: https:\/\/www.nationalgeographic.es\/ciencia\/viruela"},{"key":"4293","unstructured":"Observatorio Parlamentario Chile. (12 de 08 de 2013). Biblioteca del Congreso Nacional de Chile. Obtenido de https:\/\/www.bcn.cl\/observatorio\/asiapacifico\/noticias\/sistema-de-salud-de-singapur"},{"key":"4294","unstructured":"OECD. (2020). Panorama de las administraciones p\u00fablicas 2019. Madrid: Instituto Nacional de Administraci\u00f3n P\u00fablica de Espa\u00f1a."},{"key":"4295","unstructured":"Oficina Regional Europea de la OMS. (1996). Reformas Sanitarias en Europa An\u00e1lisis de las Estrategias Actuales. Madrid: Organizaci\u00f3n Mundial de la Salud."},{"key":"4296","unstructured":"Oficina Regional para las Am\u00e9ricas de la Organizaci\u00f3n Mundial de la Salud. (2021). Salud Universal. Washington, DC: OPS."},{"key":"4297","unstructured":"OMS-OPS 29a Conferencia Sanitaria Panamericana. (2017). Estrategia de recursos humanos para el acceso universal a la salud y la cobertura universal en salud. Washington, D.C.,: OPS\/OMS."},{"key":"4298","unstructured":"OPS\/OMS. (2022). Determinantes sociales de la salud. Obtenido de https:\/\/www.paho.org\/es\/temas\/determinantes-sociales-salud"},{"key":"4299","unstructured":"Organizaci\u00f3n Mundial de la Salud. (2009). Preparaci\u00f3n y respuesta ante una pandemia de influenza, Documento de Orientaci\u00f3n de la OMS. Ginebra: Ediciones OMS."},{"key":"4300","unstructured":"Organizaci\u00f3n Mundial de la Salud. (27 de 02 de 2017). OMS. Obtenido de https:\/\/www.who.int\/es\/news\/item\/27-02-2017-who-publishes-list-of-bacteria-for-which-new-antibiotics-are-urgently-needed"},{"key":"4301","unstructured":"Organizaci\u00f3n Mundial de la Salud. (02 de 03 de 2020). Enfermedades Transmitidas por Vectores. Obtenido de https:\/\/www.who.int\/es\/news-room\/fact-sheets\/detail\/vector-borne-diseases"},{"key":"4302","unstructured":"Organizaci\u00f3n Mundial de la Salud. (2020). Estad\u00edsticas Sanitarias Mundiales 2020. Monitoreando la Salud para los ODS - Objetivos de Desarrollo Sostenible. Washington DC: OMS."},{"key":"4303","unstructured":"Organizaci\u00f3n Mundial de la Salud. (13 de 10 de 2020). Resistencia a los antimicrobianos. Obtenido de https:\/\/www.who.int\/es\/news-room\/fact-sheets\/detail\/antimicrobial-resistance."},{"key":"4304","unstructured":"Organizaci\u00f3n Mundial de la Salud. (01 de 04 de 2021). Cobertura sanitaria universal. Obtenido de https:\/\/www.who.int\/es\/news-room\/factsheets\/detail\/universal-health-coverage-(uhc)"},{"key":"4305","unstructured":"Organizaci\u00f3n Mundial de la Salud. (13 de 04 de 2021). Enfermedades No Transmisibles. OMS."},{"key":"4306","unstructured":"Parshley, L. (2018). Epidemias que var\u00edan con el clima. Barcelona: Investigaci\u00f3n y ciencia."},{"key":"4307","unstructured":"Ruiz, C. (2021). Pan American Health Organization. Obtenido de https:\/\/www3.paho.org\/inb\/index.php?option=com_content&view=article&id=13:immunizations-in-the-americas&Itemid=1031&lang=es"},{"key":"4308","unstructured":"Salud, O. P. (2019). OPS. Obtenido de https:\/\/www3.paho.org\/hq\/index.php?option=-com_content&view=article&id=14916:-ten-threats-to-global-health-in-2019&Itemid=135&lang=es"},{"key":"4309","unstructured":"Sen, A. (2010). La idea de la justicia. Madrid: Taurus. Soto, S. (06 de 4 de 2021). ISGlobal. Obtenido de https:\/\/www.isglobal.org\/healthisglobal\/-\/custom-blog-portlet\/one-health-una-sola-salud-o-como-lograr-a-la-vez-una-salud-optima-para-las-personas-los-animales-y-nuestro-planeta\/90586\/0"},{"key":"4310","unstructured":"Taumberger, J., Reid, A., & Fanning, T. (2005). El virus de la gripe de 1918. Barcelona: Investigaci\u00f3n y Ciencia."},{"key":"4311","unstructured":"W.Wayt Gibbs; Christine Soares. (2020). Preparados para una pandemia. Investigaci\u00f3n y Ciencia, 15-23."},{"key":"4312","doi-asserted-by":"crossref","unstructured":"Wagstaff, A. (2002). Pobreza y desigualdades en el sector salud. Revista Panamericana de Salud P\u00fablica, 316-326.","DOI":"10.1590\/S1020-49892002000500007"},{"key":"4313","unstructured":"Wenner, M. (2018). Resistencia antibi\u00f3tica surgida de las granjas. Temas, 28-37."},{"key":"4314","unstructured":"World Organisation for Animal Health. (2021). Una salud. Obtenido de https:\/\/www.oie.int\/en\/what-we-do\/global-initiatives\/one-health\/"},{"key":"4315","unstructured":"Zunino, P. (2018). Historia y perspectivas del enfoque \u201cUna salud\u201d. Montevideo. Obtenido de http:\/\/www.scielo.edu.uy\/scielo.php?script=sci_arttext&pid=S1688-48092018000200046"}],"container-title":["Administraci\u00f3n &amp; Desarrollo"],"link":[{"URL":"https:\/\/revistas.esap.edu.co\/index.php\/admindesarro\/article\/download\/670\/604","content-type":"application\/pdf","content-version":"vor","intended-application":"text-mining"},{"URL":"https:\/\/revistas.esap.edu.co\/index.php\/admindesarro\/article\/download\/670\/608","content-type":"text\/xml","content-version":"vor","intended-application":"text-mining"},{"URL":"https:\/\/revistas.esap.edu.co\/index.php\/admindesarro\/article\/download\/670\/582","content-type":"unspecified","content-version":"vor","intended-application":"similarity-checking"}],"deposited":{"date-parts":[[2025,11,6]],"date-time":"2025-11-06T16:35:26Z","timestamp":1762446926000},"score":0.0,"resource":{"primary":{"URL":"https:\/\/revistas.esap.edu.co\/index.php\/admindesarro\/article\/view\/670"}},"issued":{"date-parts":[[2021,12,1]]},"references-count":57,"journal-issue":{"issue":"2","published-online":{"date-parts":[[2021,12,27]]}},"URL":"https:\/\/doi.org\/10.22431\/25005227.vol51n2.2","ISSN":["2500-5227","0120-3754"],"issn-type":[{"type":"electronic","value":"2500-5227"},{"type":"print","value":"0120-3754"}],"published":{"date-parts":[[2021,12,1]]}},{"indexed":{"date-parts":[[2025,12,31]],"date-time":"2025-12-31T20:25:14Z","timestamp":1767212714912,"version":"3.48.0"},"reference-count":0,"publisher":"Escuela Superior de Administracion Publica","issue":"32","license":[{"start":{"date-parts":[[2024,1,30]],"date-time":"2024-01-30T00:00:00Z","timestamp":1706572800000},"content-version":"unspecified","delay-in-days":0,"URL":"https:\/\/creativecommons.org\/licenses\/by-nc-sa\/4.0"}],"content-domain":{"domain":[],"crossmark-restriction":false},"short-container-title":["Nova vetera"],"abstract":"<jats:p>This article is built from experience and work in the territory, and is complemented with the subject of Systematization of dialogues and experiences of the armed conflict of the Master\u2019s degree in Human Rights, Transition and Post-conflict management, which allows identifying the implementation process of the public policy on victims in the municipality of Policarpa, department of Nari\u00f1o in order to understand the challenges and difficulties from both a community and institutional perspective.Likewise, work on the ground, knowledge of the context and the direct relationship with the victim population allow an analysis of the results of public policy in accordance with the needs and components established in the regulations. With special attention, progress is analyzed in issues of resignification and memory construction that allow identifying progress in the implementation of the satisfaction component.To achieve the products, we work with a qualitative methodology that is based on the foundations of the interpretive paradigm and recognizes hermeneutic, phenomenological and ethnographic methods. The results were worked from a coding and categorization process with the Atlas Ti software, based on interviews, data analysis and coding, which allows the identification of 6 categories and 335 codes that reflect the conclusions in relation to the categories and analysis of the same articulated to the fulfillment of the objective and focused on knowing the position of the population and officials regarding the effectiveness in the implementation of the victims law, especially in the component of satisfaction and rehabilitation.<\/jats:p>","DOI":"10.22431\/25005103.n32.2","type":"journal-article","created":{"date-parts":[[2023,12,14]],"date-time":"2023-12-14T10:21:10Z","timestamp":1702549270000},"source":"Crossref","is-referenced-by-count":1,"title":["Resignificaci\u00f3n de experiencias de las v\u00edctimas del conflicto en el municipio de Policarpa, Nari\u00f1o como aporte en la reconstrucci\u00f3n del tejido social","Resignification of experiences of the victims of the conflict in the municipality of Policarpa, Nari\u00f1o as a contribution to the reconstruction of the social fabric"],"prefix":"10.22431","author":[{"ORCID":"https:\/\/orcid.org\/0009-0004-5740-9066","authenticated-orcid":false,"given":"Flor Bibiana","family":"Montero Castillo","sequence":"first","affiliation":[],"role":[{"role":"author","vocabulary":"crossref"}]}],"member":"9723","published-online":{"date-parts":[[2024,1,30]]},"container-title":["Nova et Vetera"],"link":[{"URL":"https:\/\/revistas.esap.edu.co\/index.php\/novaetvetera\/article\/download\/922\/734","content-type":"application\/pdf","content-version":"vor","intended-application":"text-mining"},{"URL":"https:\/\/revistas.esap.edu.co\/index.php\/novaetvetera\/article\/download\/922\/734","content-type":"unspecified","content-version":"vor","intended-application":"similarity-checking"}],"deposited":{"date-parts":[[2025,12,31]],"date-time":"2025-12-31T20:19:57Z","timestamp":1767212397000},"score":0.0,"resource":{"primary":{"URL":"https:\/\/revistas.esap.edu.co\/index.php\/novaetvetera\/article\/view\/922"}},"issued":{"date-parts":[[2024,1,30]]},"references-count":0,"journal-issue":{"issue":"32","published-online":{"date-parts":[[2023,12,11]]}},"URL":"https:\/\/doi.org\/10.22431\/25005103.n32.2","ISSN":["2500-5103","0123-2614"],"issn-type":[{"type":"electronic","value":"2500-5103"},{"type":"print","value":"0123-2614"}],"published":{"date-parts":[[2024,1,30]]}},{"indexed":{"date-parts":[[2025,4,24]],"date-time":"2025-04-24T19:25:57Z","timestamp":1745522757525},"reference-count":0,"publisher":"Escuela Superior de Administracion Publica","license":[{"start":{"date-parts":[[2016,10,10]],"date-time":"2016-10-10T00:00:00Z","timestamp":1476057600000},"content-version":"unspecified","delay-in-days":0,"URL":"http:\/\/creativecommons.org\/licenses\/by-nc-nd\/4.0"}],"content-domain":{"domain":[],"crossmark-restriction":false},"short-container-title":["Nova vetera"],"abstract":"<jats:p>En el presente ensayo se ofrece una reflexi\u00f3n con el objetivo que se descubra la importancia de la educaci\u00f3n en derechos humanos y cultura de paz para enfrentar, resolver y superar un conflicto y en esa medida transformarlo positivamente de manera que represente una oportunidad de cambio social. El fin del conflicto armado en Colombia no implica la consolidaci\u00f3n inmediata de un estado de paz, ya que los conflictos son propios de las relaciones humanas en las que se desenvuelve el individuo, por lo que es necesario el conocimiento y la materializaci\u00f3n de los derechos humanos a trav\u00e9s de un cambio en nuestro comportamiento que promueva una restructuraci\u00f3n del sistema pol\u00edtico y econ\u00f3mico; pues s\u00f3lo as\u00ed se hace posible el desarrollo de la democracia y la consolidaci\u00f3n de una verdadera y sana.<\/jats:p>","DOI":"10.22431\/25005103.40","type":"journal-article","created":{"date-parts":[[2017,7,5]],"date-time":"2017-07-05T19:34:05Z","timestamp":1499283245000},"page":"87-98","source":"Crossref","is-referenced-by-count":5,"title":["C\u00e1tedra de la paz: un compromiso con la educaci\u00f3n en derechos humanos"],"prefix":"10.22431","volume":"25","author":[{"given":"Johana Katerine","family":"Jojoa Pati\u00f1o","sequence":"first","affiliation":[],"role":[{"role":"author","vocabulary":"crossref"}]}],"member":"9723","published-online":{"date-parts":[[2016,10,10]]},"container-title":["Nova et Vetera"],"link":[{"URL":"https:\/\/revistas.esap.edu.co\/index.php\/novaetvetera\/article\/download\/40\/pdf","content-type":"application\/pdf","content-version":"vor","intended-application":"text-mining"},{"URL":"https:\/\/revistas.esap.edu.co\/index.php\/novaetvetera\/article\/download\/40\/pdf","content-type":"unspecified","content-version":"vor","intended-application":"similarity-checking"}],"deposited":{"date-parts":[[2021,11,30]],"date-time":"2021-11-30T03:20:46Z","timestamp":1638242446000},"score":0.0,"resource":{"primary":{"URL":"https:\/\/revistas.esap.edu.co\/index.php\/novaetvetera\/article\/view\/40"}},"issued":{"date-parts":[[2016,10,10]]},"references-count":0,"URL":"https:\/\/doi.org\/10.22431\/25005103.40","ISSN":["2500-5103","0123-2614"],"issn-type":[{"value":"2500-5103","type":"electronic"},{"value":"0123-2614","type":"print"}],"published":{"date-parts":[[2016,10,10]]}},{"indexed":{"date-parts":[[2025,11,6]],"date-time":"2025-11-06T16:51:42Z","timestamp":1762447902426,"version":"build-2065373602"},"reference-count":0,"publisher":"Escuela Superior de Administracion Publica","issue":"67","license":[{"start":{"date-parts":[[2014,12,1]],"date-time":"2014-12-01T00:00:00Z","timestamp":1417392000000},"content-version":"unspecified","delay-in-days":0,"URL":"http:\/\/creativecommons.org\/licenses\/by-nc-nd\/4.0"}],"content-domain":{"domain":[],"crossmark-restriction":false},"short-container-title":["Nova vetera"],"abstract":"<jats:p>Los estudios que componen este libro buscan dar una explicaci\u00f3n sobre la definici\u00f3n de la noci\u00f3n de contexto, su funci\u00f3n dentro de la investigaci\u00f3n penal, la compatibilidad de su uso con la Constituci\u00f3n y el sistema penal colombiano, e identificar si existe afectaci\u00f3n de los derechos fundamentales de imputados y v\u00edctimas por su implementaci\u00f3n y, principalmente, establecer si la metodolog\u00eda de an\u00e1lisis de contextos es el medio m\u00e1s apropiado para los prop\u00f3sitos de mayor eficiencia en la investigaci\u00f3n penal, seg\u00fan los planteamientos con los cuales fue establecida.<\/jats:p>","DOI":"10.22431\/25005103.31","type":"journal-article","created":{"date-parts":[[2017,7,5]],"date-time":"2017-07-05T15:34:05Z","timestamp":1499268845000},"page":"142-147","source":"Crossref","is-referenced-by-count":0,"title":["El an\u00e1lisis de contexto en la investigaci\u00f3n penal: cr\u00edtica el transplante del derecho internacional al derecho interno"],"prefix":"10.22431","volume":"23","author":[{"given":"Doris","family":"Aguilera Hern\u00e1ndez","sequence":"first","affiliation":[],"role":[{"role":"author","vocabulary":"crossref"}]}],"member":"9723","published-online":{"date-parts":[[2014,12,1]]},"container-title":["Nova et Vetera"],"link":[{"URL":"https:\/\/revistas.esap.edu.co\/index.php\/novaetvetera\/article\/download\/31\/35","content-type":"application\/pdf","content-version":"vor","intended-application":"text-mining"},{"URL":"https:\/\/revistas.esap.edu.co\/index.php\/novaetvetera\/article\/download\/31\/35","content-type":"unspecified","content-version":"vor","intended-application":"similarity-checking"}],"deposited":{"date-parts":[[2025,11,6]],"date-time":"2025-11-06T16:45:28Z","timestamp":1762447528000},"score":0.0,"resource":{"primary":{"URL":"https:\/\/revistas.esap.edu.co\/index.php\/novaetvetera\/article\/view\/31"}},"issued":{"date-parts":[[2014,12,1]]},"references-count":0,"journal-issue":{"issue":"67","published-online":{"date-parts":[[2014,12,1]]}},"URL":"https:\/\/doi.org\/10.22431\/25005103.31","ISSN":["2500-5103","0123-2614"],"issn-type":[{"type":"electronic","value":"2500-5103"},{"type":"print","value":"0123-2614"}],"published":{"date-parts":[[2014,12,1]]}},{"indexed":{"date-parts":[[2025,11,6]],"date-time":"2025-11-06T16:40:25Z","timestamp":1762447225107,"version":"build-2065373602"},"reference-count":0,"publisher":"Escuela Superior de Administracion Publica","issue":"52","license":[{"start":{"date-parts":[[2010,12,1]],"date-time":"2010-12-01T00:00:00Z","timestamp":1291161600000},"content-version":"unspecified","delay-in-days":0,"URL":"http:\/\/creativecommons.org\/licenses\/by-nc-nd\/4.0"}],"content-domain":{"domain":[],"crossmark-restriction":false},"short-container-title":["Adm. Desarro."],"abstract":"<jats:p>This article was intended to provide reflection aimed at understanding the current development taking place in the Colombian Amazonas department by identifying three elements involved in public administration (territory, individuals and the environment). Bibliographic and regulatory documents were thus reviewed for establishing lines of disagreement between reality and supposedly established regulations, as well as government intentions for dealing with problems emerging from such territorial entity\u00b4s precise dynamics.<\/jats:p>","DOI":"10.22431\/25005227.164","type":"journal-article","created":{"date-parts":[[2017,7,5]],"date-time":"2017-07-05T12:06:06Z","timestamp":1499256366000},"page":"191-200","source":"Crossref","is-referenced-by-count":0,"title":["Departamento del Amazonas (Colombia) Desarrollo territorial, ind\u00edgenas y medio ambiente","The Colombian Amazonas Departament: territorial development, natives and environment"],"prefix":"10.22431","volume":"38","author":[{"given":"Jose Miguel","family":"Segura","sequence":"first","affiliation":[],"role":[{"role":"author","vocabulary":"crossref"}]}],"member":"9723","published-online":{"date-parts":[[2010,12,1]]},"container-title":["Administraci\u00f3n &amp; Desarrollo"],"link":[{"URL":"https:\/\/revistas.esap.edu.co\/index.php\/admindesarro\/article\/download\/164\/pdf","content-type":"application\/pdf","content-version":"vor","intended-application":"text-mining"},{"URL":"https:\/\/revistas.esap.edu.co\/index.php\/admindesarro\/article\/download\/164\/pdf","content-type":"unspecified","content-version":"vor","intended-application":"similarity-checking"}],"deposited":{"date-parts":[[2025,11,6]],"date-time":"2025-11-06T16:34:28Z","timestamp":1762446868000},"score":0.0,"resource":{"primary":{"URL":"https:\/\/revistas.esap.edu.co\/index.php\/admindesarro\/article\/view\/164"}},"issued":{"date-parts":[[2010,12,1]]},"references-count":0,"journal-issue":{"issue":"52","published-online":{"date-parts":[[2010,12,1]]}},"URL":"https:\/\/doi.org\/10.22431\/25005227.164","ISSN":["2500-5227","0120-3754"],"issn-type":[{"type":"electronic","value":"2500-5227"},{"type":"print","value":"0120-3754"}],"published":{"date-parts":[[2010,12,1]]}},{"indexed":{"date-parts":[[2025,12,31]],"date-time":"2025-12-31T20:11:05Z","timestamp":1767211865006,"version":"3.48.0"},"reference-count":0,"publisher":"Escuela Superior de Administracion Publica","issue":"1","license":[{"start":{"date-parts":[[2017,6,30]],"date-time":"2017-06-30T00:00:00Z","timestamp":1498780800000},"content-version":"unspecified","delay-in-days":0,"URL":"http:\/\/creativecommons.org\/licenses\/by-nc-nd\/4.0"}],"content-domain":{"domain":[],"crossmark-restriction":false},"short-container-title":["Adm. Desarro."],"abstract":"<jats:p>Este estudio permiti\u00f3 revisar y analizar cada uno de los componentes de la gesti\u00f3n administrativa, respecto de la informaci\u00f3n reportada en los informes de empalme por cada uno de los 81 municipios de sexta categor\u00eda del Departamento de Santander. Para la elaboraci\u00f3n de este trabajo, se utilizaron los m\u00e9todos de indagaci\u00f3n y revisi\u00f3n de las p\u00e1ginas Web de los 81 municipios de sexta categor\u00eda, partiendo de una revisi\u00f3n de la literatura, sustentada en conceptos y enfoques de la administraci\u00f3n p\u00fablica, de los procesos de descentralizaci\u00f3n, democratizaci\u00f3n y modernizaci\u00f3n y los conceptos de gobernanza y gobernabilidad. Desde una visi\u00f3n exploratoria y descriptiva y orientada a la identificaci\u00f3n de fen\u00f3menos propios de la gesti\u00f3n administrativa local, expresada\u00a0 a trav\u00e9s de los informes de empalme de la gesti\u00f3n del cuatrienio 2012-2015<\/jats:p>","DOI":"10.22431\/25005227.294","type":"journal-article","created":{"date-parts":[[2017,8,28]],"date-time":"2017-08-28T10:00:28Z","timestamp":1503914428000},"page":"118-139","source":"Crossref","is-referenced-by-count":0,"title":["Ana\u0301lisis de la informacio\u0301n de gestio\u0301n administrativa reportada en el departamento de Santander (2012-2015)"],"prefix":"10.22431","volume":"47","author":[{"given":"Maria Lucia","family":"Sierra Sierra","sequence":"first","affiliation":[],"role":[{"role":"author","vocabulary":"crossref"}]}],"member":"9723","published-online":{"date-parts":[[2017,6,30]]},"container-title":["Administraci\u00f3n &amp; Desarrollo"],"link":[{"URL":"https:\/\/revistas.esap.edu.co\/index.php\/admindesarro\/article\/download\/294\/pdf","content-type":"application\/pdf","content-version":"vor","intended-application":"text-mining"},{"URL":"https:\/\/revistas.esap.edu.co\/index.php\/admindesarro\/article\/download\/294\/pdf","content-type":"unspecified","content-version":"vor","intended-application":"similarity-checking"}],"deposited":{"date-parts":[[2025,12,31]],"date-time":"2025-12-31T20:07:30Z","timestamp":1767211650000},"score":0.0,"resource":{"primary":{"URL":"https:\/\/revistas.esap.edu.co\/index.php\/admindesarro\/article\/view\/294"}},"issued":{"date-parts":[[2017,6,30]]},"references-count":0,"journal-issue":{"issue":"1","published-online":{"date-parts":[[2017,6,30]]}},"URL":"https:\/\/doi.org\/10.22431\/25005227.294","ISSN":["2500-5227","0120-3754"],"issn-type":[{"type":"electronic","value":"2500-5227"},{"type":"print","value":"0120-3754"}],"published":{"date-parts":[[2017,6,30]]}},{"indexed":{"date-parts":[[2026,6,5]],"date-time":"2026-06-05T01:59:54Z","timestamp":1780624794342,"version":"3.54.1"},"reference-count":0,"publisher":"Escuela Superior de Administracion Publica","issue":"1","license":[{"start":{"date-parts":[[2026,4,30]],"date-time":"2026-04-30T00:00:00Z","timestamp":1777507200000},"content-version":"unspecified","delay-in-days":0,"URL":"https:\/\/creativecommons.org\/licenses\/by-nc-sa\/4.0"}],"content-domain":{"domain":[],"crossmark-restriction":false},"short-container-title":["Adm. Desarro."],"abstract":"<jats:p>Problem statement: The General System of Royalties (SGR) in Colombia finances strategic projects for territorial development; however, inefficiencies and repeated reinvestments in previously addressed problems persist, undermining public spending effectiveness and sustained value generation. Objective: To propose a strategy to reduce project duplication by incorporating product life\u2011cycle monitoring (PLCM) as a complementary phase in the national model for public project formulation, monitoring, and execution Methodology: A qualitative documentary approach was adopted, including regulatory review (Legislative Act 05 of 2011, Law 2056 of 2020), functional analysis of public platforms (Gesproy, SUIFP SGR, SUIFP Territorio, SPI, PIIP), and comparative analysis of project management methodologies (PMBOK, PRINCE2, Scrum, Kanban, Logical Framework, and MGA). Results: \u201cAn increase in investigated projects was evidenced, along with the absence of ex post monitoring in the reviewed methodologies and platforms. Conclusion: Incorporating PLCM would optimize resource allocation, reduce unnecessary reinvestments, and strengthen transparency in public management. Contribution\/Originality: The study introduces an innovative mechanism that ensures sustainability and sustained public value in territorial investment projects, overcoming current methodological gaps.<\/jats:p>","DOI":"10.22431\/25005227.1154","type":"journal-article","created":{"date-parts":[[2026,6,5]],"date-time":"2026-06-05T01:10:35Z","timestamp":1780621835000},"source":"Crossref","is-referenced-by-count":0,"title":["Soluciones innovadoras para mejorar la eficiencia del Sistema General de Regal\u00edas en Colombia","Innovative Solutions to Improve the Efficiency of Colombia\u2019s General System of Royalties"],"prefix":"10.22431","volume":"56","author":[{"ORCID":"https:\/\/orcid.org\/0000-0003-4711-6732","authenticated-orcid":false,"given":"Diego Esteban","family":"Villarreal L\u00f3pez","sequence":"first","affiliation":[],"role":[{"vocabulary":"crossref","role":"author"}]},{"ORCID":"https:\/\/orcid.org\/0000-0002-6801-3970","authenticated-orcid":false,"given":"Yesny Lizeth","family":"Laverde Parra","sequence":"additional","affiliation":[],"role":[{"vocabulary":"crossref","role":"author"}]}],"member":"9723","published-online":{"date-parts":[[2026,4,30]]},"container-title":["Administraci\u00f3n &amp; Desarrollo"],"link":[{"URL":"https:\/\/revistas.esap.edu.co\/index.php\/admindesarro\/article\/download\/1154\/873","content-type":"application\/pdf","content-version":"vor","intended-application":"text-mining"},{"URL":"https:\/\/revistas.esap.edu.co\/index.php\/admindesarro\/article\/download\/1154\/874","content-type":"unspecified","content-version":"vor","intended-application":"text-mining"},{"URL":"https:\/\/revistas.esap.edu.co\/index.php\/admindesarro\/article\/download\/1154\/873","content-type":"unspecified","content-version":"vor","intended-application":"similarity-checking"}],"deposited":{"date-parts":[[2026,6,5]],"date-time":"2026-06-05T01:10:35Z","timestamp":1780621835000},"score":0.0,"resource":{"primary":{"URL":"https:\/\/revistas.esap.edu.co\/index.php\/admindesarro\/article\/view\/1154"}},"issued":{"date-parts":[[2026,4,30]]},"references-count":0,"journal-issue":{"issue":"1","published-online":{"date-parts":[[2026,1,16]]}},"URL":"https:\/\/doi.org\/10.22431\/25005227.1154","ISSN":["2500-5227","0120-3754"],"issn-type":[{"value":"2500-5227","type":"electronic"},{"value":"0120-3754","type":"print"}],"published":{"date-parts":[[2026,4,30]]}},{"indexed":{"date-parts":[[2026,7,16]],"date-time":"2026-07-16T03:03:46Z","timestamp":1784171026548,"version":"3.55.0"},"reference-count":0,"publisher":"Escuela Superior de Administracion Publica","issue":"2","license":[{"start":{"date-parts":[[2016,7,31]],"date-time":"2016-07-31T00:00:00Z","timestamp":1469923200000},"content-version":"unspecified","delay-in-days":0,"URL":"http:\/\/creativecommons.org\/licenses\/by-nc-nd\/4.0"}],"content-domain":{"domain":[],"crossmark-restriction":false},"short-container-title":["Adm. Desarro."],"abstract":"<jats:p>This article presents, conceptually, an Investment Analysis Model from the autonomous capital, whose structural expression are the corporations. Considering the beginning of the accumulation regime implemented in 1951, the analysis will be done, based also on, the import substitution industrialization model (modified qualitatively in the national Constitution in 1991). The analysis model includes in one hand, the particularities of the capital reproduction process in Colombia, that is to say, the capital\u2019s centrality in the commercial production process (as an aggressive way of competition) done under the control of the money flow in the financial circuit. (it consisted on both, capturing the monetary assets and the economic and corporate groups\u2019 surpluses of the cash flows). And on the other hand, this research goes far from researches done until now, since they work at an aggregated level and ignore the particular ways of capital accumulation and how it determines management structures and competitive ways.<\/jats:p>","DOI":"10.22431\/25005227.78","type":"journal-article","created":{"date-parts":[[2017,7,5]],"date-time":"2017-07-05T12:05:54Z","timestamp":1499256354000},"page":"146-159","source":"Crossref","is-referenced-by-count":0,"title":["Un modelo alternativo de an\u00e1lisis de la inversi\u00f3n del capital aut\u00f3nomo en Colombia desde la teor\u00eda de la regulaci\u00f3n (1951-2013)","An alternative model of the autonomous capital investment analysis in Colombia from the Regulation Theory (1951-2013)"],"prefix":"10.22431","volume":"46","author":[{"given":"Juan Sergio","family":"Cruz","sequence":"first","affiliation":[],"role":[{"vocabulary":"crossref","role":"author"}]}],"member":"9723","published-online":{"date-parts":[[2016,7,31]]},"container-title":["Administraci\u00f3n &amp; Desarrollo"],"link":[{"URL":"https:\/\/revistas.esap.edu.co\/index.php\/admindesarro\/article\/download\/78\/pdf","content-type":"application\/pdf","content-version":"vor","intended-application":"text-mining"},{"URL":"https:\/\/revistas.esap.edu.co\/index.php\/admindesarro\/article\/download\/78\/pdf","content-type":"unspecified","content-version":"vor","intended-application":"similarity-checking"}],"deposited":{"date-parts":[[2026,7,16]],"date-time":"2026-07-16T02:15:59Z","timestamp":1784168159000},"score":0.0,"resource":{"primary":{"URL":"https:\/\/revistas.esap.edu.co\/index.php\/admindesarro\/article\/view\/78"}},"issued":{"date-parts":[[2016,7,31]]},"references-count":0,"journal-issue":{"issue":"2","published-online":{"date-parts":[[2016,7,31]]}},"URL":"https:\/\/doi.org\/10.22431\/25005227.78","ISSN":["2500-5227","0120-3754"],"issn-type":[{"value":"2500-5227","type":"electronic"},{"value":"0120-3754","type":"print"}],"published":{"date-parts":[[2016,7,31]]}},{"indexed":{"date-parts":[[2026,6,5]],"date-time":"2026-06-05T01:59:57Z","timestamp":1780624797126,"version":"3.54.1"},"reference-count":56,"publisher":"Escuela Superior de Administracion Publica","issue":"1","license":[{"start":{"date-parts":[[2026,2,17]],"date-time":"2026-02-17T00:00:00Z","timestamp":1771286400000},"content-version":"unspecified","delay-in-days":0,"URL":"https:\/\/creativecommons.org\/licenses\/by-nc-sa\/4.0"}],"content-domain":{"domain":[],"crossmark-restriction":false},"short-container-title":["Adm. Desarro."],"abstract":"<jats:p>Problem statement: High global competition and pressure to increase productivity are forcing small and medium-sized maquiladora companies to optimize their processes without compromising quality or sustainability.. Objective: To analyze the organizational factors that influence the successful implementation of the Lean Manufacturing (LM) model in companies in Reynosa, Tamaulipas, Mexico. Methodology: A quantitative approach was employed, applying surveys to 84 strategic leaders of maquiladora companies. Multiple linear regression analysis was used to assess the impact of five independent variables: top management commitment, employee training, transformational leadership, customer focus, and supplier collaboration. Results: The results show that transformational leadership, top management commitment, training, and customer focus significantly influence the successful implementation of the Lean Manufacturing model. In contrast, supplier collaboration did not show a statistically significant effect in this context. Conlcusion: Success in implementing the Lean Manufacturing model mainly depends on internal factors, especially leadership and top management commitment. The adoption of lean tools must be accompanied by an appropriate organizational culture. The study provides empirical evidence from the Mexican context and proposes a replicable model for similar industries.<\/jats:p>","DOI":"10.22431\/25005227.1240","type":"journal-article","created":{"date-parts":[[2025,12,17]],"date-time":"2025-12-17T18:34:20Z","timestamp":1765996460000},"source":"Crossref","is-referenced-by-count":0,"title":["Determinantes del \u00e9xito en la implementaci\u00f3n de &lt;i&gt;Lean Manufacturing&lt;\/i&gt; en maquiladoras mexicanas","Determinants of Success in the Implementation of Lean Manufacturing in Mexican Maquiladoras"],"prefix":"10.22431","volume":"56","author":[{"ORCID":"https:\/\/orcid.org\/0000-0002-2751-7718","authenticated-orcid":false,"given":"Elias","family":"Alvarado Lagunas","sequence":"first","affiliation":[],"role":[{"vocabulary":"crossref","role":"author"}]},{"ORCID":"https:\/\/orcid.org\/0000-0002-8401-7410","authenticated-orcid":false,"given":"Evaristo","family":"Torres Herrera","sequence":"additional","affiliation":[],"role":[{"vocabulary":"crossref","role":"author"}]}],"member":"9723","published-online":{"date-parts":[[2026,2,17]]},"reference":[{"key":"29275","doi-asserted-by":"crossref","unstructured":"Adetunji, A. (2025). Type 1 error rate of some normality tests. Journal of Multidisciplinary Science: MIKAILALSYS, 3(1), 5234. https:\/\/doi.org\/10.58578\/mikailalsys.v3i1.5234","DOI":"10.58578\/mikailalsys.v3i1.5234"},{"key":"29276","doi-asserted-by":"crossref","unstructured":"Adhikari, G. (2022). Interpreting the basic results of multiple linear regression. Scholars\u2019 Journal, 5(1), 22-37. https:\/\/doi.org\/10.3126\/scholars.v5i1.55775","DOI":"10.3126\/scholars.v5i1.55775"},{"key":"29277","doi-asserted-by":"crossref","unstructured":"Alshammakhi, Y., Mohammed, A., Mazher, K., y Ghaithan, A. (2023). Integrated impact of circular economy, Industry 4.0, and lean manufacturing on sustainability performance of manufacturing firms. International Journal of Environmental Research and Public Health, 20. https:\/\/doi.org\/10.3390\/ijerph20065119","DOI":"10.3390\/ijerph20065119"},{"key":"29278","doi-asserted-by":"crossref","unstructured":"Antony, J., Barclay, R., Shetty, S., y Cudney, E. (2021). Determining critical success factors for lean implementation. Total Quality Management & Business Excellence, 33, 818\u2013832. https:\/\/doi.org\/10.1080\/14783363.2021.1894919","DOI":"10.1080\/14783363.2021.1894919"},{"key":"29279","doi-asserted-by":"crossref","unstructured":"Azian, A., Ibrahim, D., Mamat, R., y Abu, F. (2025). Lean Manufacturing and Industry 4.0: Unveiling trends, applications, and global impacts in manufacturing through comprehensive literature review. Jurnal Kejuruteraan, 37(1). https:\/\/doi.org\/10.17576\/jkukm-2025-37(1)-10","DOI":"10.17576\/jkukm-2025-37(1)-10"},{"key":"29280","doi-asserted-by":"crossref","unstructured":"Baez, Y., Tlapa, D., Lim\u00f3n, J., De La Vega, M., Macias, S., y Ch\u00e1vez, E. (2023). Modeling critical success factors of Lean strategy in the manufacturing industry. Systems, 11(10), 490. https:\/\/doi.org\/10.3390\/systems11100490","DOI":"10.3390\/systems11100490"},{"key":"29281","unstructured":"Bromsen, A. (2019). Condescending saviors: union substitution at Toyota Motor Manufacturing Kentucky (TMMK) [Tesis doctoral, Wayne State University]. ProQuest. https:\/\/www.proquest.com\/openview\/f849896468125e8c67e4f4e009dc1822\/1?pq-origsite=gscholar&cbl=18750&diss=y"},{"key":"29282","doi-asserted-by":"crossref","unstructured":"Buniya, M., Mewada, B., Qureshi, K., y Qureshi, M. (2023). Analyzing critical success factors of Lean 4.0 implementation in small and medium enterprises for sustainable manufacturing supply chain for Industry 4.0 using PLS-SEM. Sustainability, 15(6), 5528. https:\/\/doi.org\/10.3390\/su15065528","DOI":"10.3390\/su15065528"},{"key":"29283","unstructured":"Cochran, W. G. (1977). Sampling techniques (3rd ed.). John Wiley & Sons."},{"key":"29284","doi-asserted-by":"crossref","unstructured":"Correa da Cunha, H., Singh, V., y Farrell, C. (2023). Host country cultural profile and the performance of foreign subsidiaries in Latin America. International Journal of Cross Cultural Management, 23(3), 531\u2013555. https:\/\/doi.org\/10.1177\/14705958231204728","DOI":"10.1177\/14705958231204728"},{"key":"29285","doi-asserted-by":"crossref","unstructured":"Cred\u00e9, M., y Harms, P. D. (2021). Three cheers for descriptive statistics\u2014and five more reasons why they matter. Industrial and Organizational Psychology, 14(4), 486\u2013488. https:\/\/doi.org\/10.1017\/iop.2021.110","DOI":"10.1017\/iop.2021.110"},{"key":"29286","doi-asserted-by":"crossref","unstructured":"Creswell, J. W., y Hirose, M. (2019). Mixed methods and survey research in family medicine and community health. Family medicine and community health, 7(2), 1-6. https:\/\/doi.org\/10.1136\/fmch-2018-000086","DOI":"10.1136\/fmch-2018-000086"},{"key":"29287","doi-asserted-by":"crossref","unstructured":"Desai, T., y Parmar, P. (2020). Evaluating Sustainable Lean Six Sigma enablers using fuzzy DEMATEL: A case of an Indian manufacturing organization. Journal of Cleaner Production, 265, 121802. https:\/\/doi.org\/10.1016\/j.jclepro.2020.121802","DOI":"10.1016\/j.jclepro.2020.121802"},{"key":"29288","doi-asserted-by":"crossref","unstructured":"Flores, D., Maldonado, A., Tlapa, D., Borb\u00f3n, M., De La Vega, M., Lim\u00f3n, J., y Baez, Y. (2020). Lean Manufacturing critical success factors for the transportation equipment manufacturing industry in Mexico. IEEE Access, 8, 168534\u2013168545. https:\/\/doi.org\/10.1109\/ACCESS.2020.3023633","DOI":"10.1109\/ACCESS.2020.3023633"},{"key":"29289","doi-asserted-by":"crossref","unstructured":"Fortuny, J., Ruiz, P., Zubeltzu, E., y Luj\u00e1n, I. (2024). Lean manufacturing and environmental performance: A meta-analytic approach. International Journal of Lean Six Sigma. Advance online publication. https:\/\/doi.org\/10.1108\/IJLSS-11-2023-0190","DOI":"10.1108\/IJLSS-11-2023-0190"},{"key":"29290","doi-asserted-by":"crossref","unstructured":"Ganga, G., Filho, M., y Sasso, R. (2024). Synergizing lean management and circular economy: Pathways to sustainable manufacturing. Corporate Social Responsibility and Environmental Management. https:\/\/doi.org\/10.1002\/csr.2962","DOI":"10.1002\/csr.2962"},{"key":"29291","doi-asserted-by":"crossref","unstructured":"Gatell, I., y Avella, L. (2024a). Impact of Industry 4.0 and circular economy on lean culture and leadership: Assessing digital green lean as a new concept. European Research on Management and Business Economics. https:\/\/doi.org\/10.1016\/j.iedeen.2023.100232","DOI":"10.1016\/j.iedeen.2023.100232"},{"key":"29292","doi-asserted-by":"crossref","unstructured":"Gatell, I., y Avella, L. (2024b). A maturity model for assessing digital green lean leadership and culture implementation in manufacturing companies. Total Quality Management & Business Excellence, 35, 860\u2013897. https:\/\/doi.org\/10.1080\/14783363.2024.2347373","DOI":"10.1080\/14783363.2024.2347373"},{"key":"29293","doi-asserted-by":"crossref","unstructured":"Habibzadeh, F. (2024). Data distribution: Normal or abnormal? Journal of Korean Medical Science, 39, e35. https:\/\/doi.org\/10.3346\/jkms.2024.39.e35","DOI":"10.3346\/jkms.2024.39.e35"},{"key":"29294","doi-asserted-by":"crossref","unstructured":"Hasiloglu, S., y Hasiloglu-Ciftciler, M. (2023). What should be the measure of conformity to normal distribution (normality) test in Likert type digital and face-to-face survey data? Journal of Internet Applications and Management, 14(1). https:\/\/doi.org\/10.34231\/iuyd.1346463","DOI":"10.34231\/iuyd.1346463"},{"key":"29295","unstructured":"INEGI. (15 de febrero de 2025). Producto interno bruto por actividades secundarias. https:\/\/www.inegi.org.mx\/app\/indicadores\/?t=87&ag=00#D87"},{"key":"29296","doi-asserted-by":"crossref","unstructured":"Jankovic, S. (2022). The multivariate statistical analysis \u2013 Multiple linear regression. International Journal on Biomedicine and Healthcare, 10(4), 173\u2013175. https:\/\/doi.org\/10.5455\/ijbh.2022.10.173-175","DOI":"10.5455\/ijbh.2022.10.173-175"},{"key":"29297","doi-asserted-by":"crossref","unstructured":"Kumar, A. S., Babu, R. V., Paranitharan, K. P., y Kumar, K. S. (2024). Lean implementation in manufacturing SMEs: A systematic review. AIP Conference Proceedings, 2935(1), 020010. https:\/\/doi.org\/10.1063\/5.0198915","DOI":"10.1063\/5.0198915"},{"key":"29298","doi-asserted-by":"crossref","unstructured":"Le, T., y Le, H. (2024). Linking smart manufacturing technologies and sustainable corporate performance: Evidence from emerging economy. Operations Management Research. https:\/\/doi.org\/10.1007\/s12063-024-00525-w","DOI":"10.1007\/s12063-024-00525-w"},{"key":"29299","doi-asserted-by":"crossref","unstructured":"Ljungblom, M., y Lennerfors, T. T. (2021). The lean principle respect for people as respect for craftsmanship. International Journal of Lean Six Sigma, 12(6), 1209-1230. https:\/\/doi.org\/10.1108\/IJLSS-06-2020-0085","DOI":"10.1108\/IJLSS-06-2020-0085"},{"key":"29300","doi-asserted-by":"crossref","unstructured":"Li, Q. (2024). Discussion on the shortcomings and countermeasures of lean management in manufacturing industry in the Industry 4.0 era. Scientific Journal of Economics and Management Research, 6(9), 1-12. https:\/\/doi.org\/10.54691\/a91rts90","DOI":"10.54691\/a91rts90"},{"key":"29301","doi-asserted-by":"crossref","unstructured":"L\u00f3pez, C. F., y Huam\u00e1n, L. A. (2024). Cadena de valor: modelo de gesti\u00f3n para la formaci\u00f3n inicial del profesorado. Formaci\u00f3n universitaria, 17(2), 47-60. https:\/\/doi.org\/10.4067\/s0718-50062024000200047","DOI":"10.4067\/s0718-50062024000200047"},{"key":"29302","doi-asserted-by":"crossref","unstructured":"Maqueira, J., Garcia, N., Romano, P., Molinaro, M., y Moyano, J. (2023). Strategic supplier performance in a competitive landscape: Enhancing organizational performance through lean supply chain management. BRQ Business Research Quarterly, 28, 474\u2013490. https:\/\/doi.org\/10.1177\/23409444231210566","DOI":"10.1177\/23409444231210566"},{"key":"29303","doi-asserted-by":"crossref","unstructured":"Manogaran, M., Abubakar, U., Aisami, A., y Shukor, M. (2021). Test for the presence of autocorrelation in the Morgan-Mercer-Flodin (MMF) model used for modelling the total number of COVID-19 cases for Brazil. Bulletin of Environmental Science and Sustainable Management, 5(1), 32-36. https:\/\/doi.org\/10.54987\/bessm.v5i1.589","DOI":"10.54987\/bessm.v5i1.589"},{"key":"29304","doi-asserted-by":"crossref","unstructured":"Metwally, A., y Buhaya, M. (2024). The interplay between digital technologies and sustainable performance: Does lean manufacturing matter? Sustainability, 16(22), 10002. https:\/\/doi.org\/10.3390\/su162210002","DOI":"10.3390\/su162210002"},{"key":"29305","doi-asserted-by":"crossref","unstructured":"Murphy, K. R. (2021). In praise of Table 1: The importance of making better use of descriptive statistics. Industrial and Organizational Psychology, 14(4), 461\u2013477. https:\/\/doi.org\/10.1017\/iop.2021.90","DOI":"10.1017\/iop.2021.90"},{"key":"29306","doi-asserted-by":"crossref","unstructured":"O\u2019Brien, R. M. (2007). A caution regarding rules of thumb for variance inflation factors. Quality & Quantity, 41(5), 673\u2013690. https:\/\/doi.org\/10.1007\/s11135-006-9018-6","DOI":"10.1007\/s11135-006-9018-6"},{"key":"29307","doi-asserted-by":"crossref","unstructured":"Oliveira, B., Alves, A. C., Carneiro, P., y Ferreira, A. C. (2018). Lean Production and Ergonomics: a synergy to improve productivity and working conditions. International Journal of Occupational and Environmental Safety, 2(2), 1\u201311. https:\/\/doi.org\/10.24840\/2184-0954_002.002_0001","DOI":"10.24840\/2184-0954_002.002_0001"},{"key":"29308","doi-asserted-by":"crossref","unstructured":"Phanden, R., Kumar, S., Jayaraman, R., Swarnakar, V., Khanduja, D., y Antony, J. (2023). Analyzing critical success factors of Lean Six Sigma for implementation in Indian manufacturing MSMEs using best-worst method. Benchmarking: An International Journal, 31(9), 2960\u20132983. https:\/\/doi.org\/10.1108\/bij-08-2022-0540","DOI":"10.1108\/BIJ-08-2022-0540"},{"key":"29309","doi-asserted-by":"crossref","unstructured":"Pineda, J. A. C. (2021). Adopci\u00f3n parcial e integral de las pr\u00e1cticas del sistema t\u00e9cnico de Lean en la industria maquiladora de manufactura en M\u00e9xico. RECAI Revista de Estudios en Contadur\u00eda, Administraci\u00f3n e Inform\u00e1tica, 11(30), 28-50. https:\/\/doi.org\/10.36677\/recai.v11i30.16919","DOI":"10.36677\/recai.v11i30.16919"},{"key":"29310","doi-asserted-by":"crossref","unstructured":"Piwowar, K. (2020). Pro-environmental organizational culture: Its essence and a concept for its operationalization. Sustainability, 12(10), 4197. https:\/\/doi.org\/10.3390\/su12104197","DOI":"10.3390\/su12104197"},{"key":"29311","doi-asserted-by":"crossref","unstructured":"Qureshi, K., Qureshi, M., Mewada, B., y Kaur, S. (2023). Assessing Lean 4.0 for Industry 4.0 Readiness Using PLS-SEM towards Sustainable Manufacturing Supply Chain. Sustainability. https:\/\/www.mdpi.com\/2071-1050\/15\/5\/3950","DOI":"10.3390\/su15053950"},{"key":"29312","doi-asserted-by":"crossref","unstructured":"Raktate, O., Jha, V. C., y Vanarotti, M. B. (2024). Productivity improvement in the manufacturing industry through the implementation of LM tools. AIP Conference Proceedings, 3178(1), 070003. https:\/\/doi.org\/10.1063\/5.0229539","DOI":"10.1063\/5.0229539"},{"key":"29313","doi-asserted-by":"crossref","unstructured":"Riepina, I. (2023). Using the lean manufacturing methodology to improve the quality of the enterprise\u2019s business processes. Management, 37(1), 39\u201349. https:\/\/doi.org\/10.30857\/2415-3206.2023.1.4","DOI":"10.30857\/2415-3206.2023.1.4"},{"key":"29314","doi-asserted-by":"crossref","unstructured":"Rojas, T., Mula, J., y Sanchis, R. (2023). Quantitative modelling approaches for lean manufacturing under uncertainty. International Journal of Production Research, 62(16), 5989\u20136015. https:\/\/doi.org\/10.1080\/00207543.2023.2293138","DOI":"10.1080\/00207543.2023.2293138"},{"key":"29315","unstructured":"Rositas, J. (2014). Los tama\u00f1os de las muestras en encuestas de las ciencias sociales y su repercusi\u00f3n en la generaci\u00f3n del conocimiento (Sample sizes for social science surveys and impact on knowledge generation). Innovaciones de negocios, 11(22), 235-268. http:\/\/eprints.uanl.mx\/id\/eprint\/12605"},{"key":"29316","doi-asserted-by":"crossref","unstructured":"Saraswat, P., Agrawal, R., y Rane, S. B. (2024). Technological integration of lean manufacturing with Industry 4.0 toward lean automation: Insights from the systematic review and further research directions. Benchmarking: An International Journal, 32(6), 1909\u20131941. https:\/\/doi.org\/10.1108\/BIJ-05-2023-0316","DOI":"10.1108\/BIJ-05-2023-0316"},{"key":"29317","doi-asserted-by":"crossref","unstructured":"Saad, S., Bahadori, R., Bhovar, C., y Zhang, H. (2023). Industry 4.0 and Lean Manufacturing: A systematic review of the state-of-the-art literature and key recommendations for future research. International Journal of Lean Six Sigma, 15(5), 997\u20131024. https:\/\/doi.org\/10.1108\/IJLSS-02-2022-0021","DOI":"10.1108\/IJLSS-02-2022-0021"},{"key":"29318","doi-asserted-by":"crossref","unstructured":"Shichiyakh, R., Belova, N., Hajiyev, H., Bobrova, A., Vetrova, E., Bankova, N., Sergeeva, S., y Vaslavskaya, I. (2024). Implementation of lean manufacturing principles and fast structured logic methods in the organizational culture: Addressing challenges and maximizing efficiency. International Journal of Sustainable Development and Planning, 19(3), 963\u2013970. https:\/\/doi.org\/10.18280\/ijsdp.190337","DOI":"10.18280\/ijsdp.190337"},{"key":"29319","doi-asserted-by":"crossref","unstructured":"Shukor, M. (2021). Autocorrelation test for the residual data from the pseudo-1st order kinetic model of the brominated flame retardant 4-bromodiphenyl ether adsorption onto biochar-immobilized Sphingomonas sp. Journal of Environmental Bioremediation and Toxicology, 4(1), 35\u201339. https:\/\/doi.org\/10.54987\/jebat.v4i1.583","DOI":"10.54987\/jebat.v4i1.583"},{"key":"29320","doi-asserted-by":"crossref","unstructured":"Singh, D., Kumar, P., Bhamu, J., y Goel, S. (2024). Interpretive structural modeling of Lean Six Sigma critical success factors in the context of Industry 4.0 for Indian manufacturing industries. International Journal of System Assurance Engineering and Management, 15, 3776\u20133793. https:\/\/doi.org\/10.1007\/s13198-024-02375-y","DOI":"10.1007\/s13198-024-02375-y"},{"key":"29321","doi-asserted-by":"crossref","unstructured":"Templ, M. (2023). Leveraging Sankey diagrams for enhanced curriculum planning in higher education. The Curriculum Journal, 36(1). https:\/\/doi.org\/10.1002\/curj.299","DOI":"10.1002\/curj.299"},{"key":"29322","doi-asserted-by":"crossref","unstructured":"Torres, E. y E. Alvarado (2023). An\u00e1lisis sistem\u00e1tico de la relaci\u00f3n de satisfacci\u00f3n laboral y liderazgo trasformacional. Innovaciones de Negocio, 20(39), 122-139. https:\/\/doi.org\/10.29105\/revin20.39-414","DOI":"10.29105\/revin20.39-414"},{"key":"29323","doi-asserted-by":"crossref","unstructured":"Turgay, S., Pirvan, S., y Cebeci, \u00c7. (2023). Lean Manufacturing Implementation for Process Improvement in the Cable Company: A Comprehensive Approach. Manufacturing and Service Operations Management, 4(5), 1\u201311. https:\/\/doi.org\/10.23977\/msom.2023.040501","DOI":"10.23977\/msom.2023.040501"},{"key":"29324","unstructured":"United Nations statistics Division. (2025). International Trade. United Nations, Department of Economic and Social Affairs. https:\/\/unstats.un.org\/unsd\/snaama\/Basic"},{"key":"29325","doi-asserted-by":"crossref","unstructured":"Vargas, T., y Yag\u00fce, R. M. (2024). Organizational culture and innovation: Exploring the \u201cblack box.\u201d European Journal of Management and Business Economics, 33(2), 174\u2013194. https:\/\/doi.org\/10.1108\/EJMBE-07-2021-0203","DOI":"10.1108\/EJMBE-07-2021-0203"},{"key":"29326","doi-asserted-by":"crossref","unstructured":"Ventura, J., y Pe\u00f1a, B. N. (2021). The world should not revolve around Cronbach\u2019s alpha \u2265 .70. Adicciones, 33(4), 369\u2013372. https:\/\/doi.org\/10.20882\/adicciones.1576","DOI":"10.20882\/adicciones.1576"},{"key":"29327","doi-asserted-by":"crossref","unstructured":"Womack, J. P., y Jones, D. T. (1996). Lean thinking: Banish waste and create wealth in your corporation. Simon & Schuster.","DOI":"10.1038\/sj.jors.2600967"},{"key":"29328","doi-asserted-by":"crossref","unstructured":"Yang, K., Justin, T., y T. Chien (2019). Homoscedasticity: An overlooked critical assumption for linear regression. General Psychiatry, 32(5), e100148. https:\/\/doi.org\/10.1136\/gpsych-2019-100148","DOI":"10.1136\/gpsych-2019-100148"},{"key":"29329","doi-asserted-by":"crossref","unstructured":"Yuik, C., Feng, C., y Perumal, P. (2020). Exploring critical success factors for the implementation of Lean Manufacturing in machinery and equipment SMEs. Engineering Management in Production and Services, 12, 77\u201391. https:\/\/doi.org\/10.2478\/emj-2020-0029","DOI":"10.2478\/emj-2020-0029"},{"key":"29330","doi-asserted-by":"crossref","unstructured":"Zwinderman, A., y Cleophas, T. (2021). Analysis of variance (ANOVA). En Regression analysis in medical research (pp. 63\u201374). Springer. https:\/\/doi.org\/10.1007\/978-3-030-61394-5_7","DOI":"10.1007\/978-3-030-61394-5_7"}],"container-title":["Administraci\u00f3n &amp; Desarrollo"],"link":[{"URL":"https:\/\/revistas.esap.edu.co\/index.php\/admindesarro\/article\/download\/1240\/857","content-type":"application\/pdf","content-version":"vor","intended-application":"text-mining"},{"URL":"https:\/\/revistas.esap.edu.co\/index.php\/admindesarro\/article\/download\/1240\/872","content-type":"unspecified","content-version":"vor","intended-application":"text-mining"},{"URL":"https:\/\/revistas.esap.edu.co\/index.php\/admindesarro\/article\/download\/1240\/857","content-type":"unspecified","content-version":"vor","intended-application":"similarity-checking"}],"deposited":{"date-parts":[[2026,6,5]],"date-time":"2026-06-05T01:10:16Z","timestamp":1780621816000},"score":0.0,"resource":{"primary":{"URL":"https:\/\/revistas.esap.edu.co\/index.php\/admindesarro\/article\/view\/1240"}},"issued":{"date-parts":[[2026,2,17]]},"references-count":56,"journal-issue":{"issue":"1","published-online":{"date-parts":[[2026,1,16]]}},"URL":"https:\/\/doi.org\/10.22431\/25005227.1240","ISSN":["2500-5227","0120-3754"],"issn-type":[{"value":"2500-5227","type":"electronic"},{"value":"0120-3754","type":"print"}],"published":{"date-parts":[[2026,2,17]]}},{"indexed":{"date-parts":[[2026,7,31]],"date-time":"2026-07-31T08:31:05Z","timestamp":1785486665055,"version":"3.56.0"},"reference-count":12,"publisher":"Escuela Superior de Administracion Publica","issue":"1","license":[{"start":{"date-parts":[[2020,6,30]],"date-time":"2020-06-30T00:00:00Z","timestamp":1593475200000},"content-version":"unspecified","delay-in-days":0,"URL":"http:\/\/creativecommons.org\/licenses\/by-nc-nd\/4.0"}],"content-domain":{"domain":[],"crossmark-restriction":false},"short-container-title":["Adm. Desarro."],"abstract":"<jats:p>La reforma estatal en Am\u00e9rica Latina se remonta, al menos, a un siglo atr\u00e1s (Spink, 1997), aun cuando por entonces se la sol\u00eda denominar \u201creforma administrativa\u201d. Sea que llamemos a esos procesos \u201cde reforma\u201d, \u201cmodernizaci\u00f3n\u201d, \u201cfortalecimiento institucional\u201d u otros, podemos caracterizarlos como tomas de posici\u00f3n y cursos de acci\u00f3n de quienes conducen el estado, dirigidos a elevar la capacidad de su aparato institucional para resolver las cuestiones socialmente problematizadas que conforman su agenda y definen su rol en cada momento hist\u00f3rico. Al variar su rol y su agenda, tambi\u00e9n var\u00edan las estrategias y decisiones de reforma y modernizaci\u00f3n.En el presente trabajo intentar\u00e9 caracterizar la naturaleza de estos procesos de transformaci\u00f3n institucional desde una perspectiva conceptual, utilizando como marco hist\u00f3rico de referencia la experiencia de Am\u00e9rica Latina. Para ello, analizar\u00e9, en primer lugar, la relaci\u00f3n entre escenarios de cambio deseables y brechas de innovaci\u00f3n en la gesti\u00f3n p\u00fablica. Luego, distinguir\u00e9 entre reformas \u201chacia adentro\u201d y \u201chacia afuera\u201d del Estado. Finalmente, propondr\u00e9 una clasificaci\u00f3n preliminar de los procesos de reforma, seg\u00fan diferentes categor\u00edas anal\u00edticas.<\/jats:p>","DOI":"10.22431\/25005227.vol50n1.2","type":"journal-article","created":{"date-parts":[[2021,11,7]],"date-time":"2021-11-07T20:52:27Z","timestamp":1636318347000},"page":"35-57","source":"Crossref","is-referenced-by-count":3,"title":["Los procesos de reforma y modernizaci\u00f3n estatal: una caracterizaci\u00f3n a partir de la experiencia latinoamericana"],"prefix":"10.22431","volume":"50","author":[{"given":"\u00d3scar","family":"Oszlak","sequence":"first","affiliation":[],"role":[{"vocabulary":"crossref","role":"author"}]}],"member":"9723","published-online":{"date-parts":[[2020,6,30]]},"reference":[{"key":"969","unstructured":"Barzelay, M. (2002). Breaking Through Bureaucracy: a New Vision for Managing in Government. University of California Press."},{"key":"970","doi-asserted-by":"crossref","unstructured":"Behn, R. D. (2003). Why Measure Performance? Different Purposes Require Different Measures. Public Administration Review.","DOI":"10.1111\/1540-6210.00322"},{"key":"971","unstructured":"Christensen, T. & Laegreid, P. (Eds.) (2001). New Public Management: The Transformation of Ideas and Practice. Aldershot. Ashgate."},{"key":"972","doi-asserted-by":"crossref","unstructured":"Lindblom, C. E. (1959). The Science of Muddling Through, Public Administration Review. 19 (2) Spring, pp. 79-88.","DOI":"10.2307\/973677"},{"key":"973","doi-asserted-by":"crossref","unstructured":"March, J. G. & Olsen, P. J. (1983). Organizing Political Life: What administrative reorganization tells us about government. American Political Science Review, 77 (2), pp. 281-296.","DOI":"10.2307\/1958916"},{"key":"974","unstructured":"Nascimento, K. (1970). Reflexiones sobre la estrategia de la reforma administrativa: la experiencia federal brasile\u00f1a. pp. 16-25. Recuperado de https:\/\/repositorio.cepal.org\/handle\/11362\/22065"},{"key":"975","unstructured":"Osborne, D. & Gaebler, T. (1992). Reinventing Government: How the Entrepreneurial Spirit is Transforming the Public Sector. Addison-Wesleyh."},{"key":"976","unstructured":"Oszlak, O. (1999). De menor a mejor: el desaf\u00edo de la \u201csegunda\u201d reforma del Estado. Nueva Sociedad, 160. Caracas."},{"key":"977","unstructured":"Oszlak, O. (2003). \u00bfEscasez de recursos o escasez de innovaci\u00f3n?: la reforma estatal argentina en las \u00faltimas dos d\u00e9cadas. Trabajo presentado al VIII Congreso Internacional del CLAD sobre la Reforma del Estado y la Administraci\u00f3n P\u00fablica, Panam\u00e1. Recuperado de http:\/\/unpan1.un.org\/intradoc\/groups\/public\/documents\/CLAD\/clad0047320.pdf"},{"key":"978","unstructured":"Schweinheim, G. (2003). Innovaci\u00f3n en Administraci\u00f3n, Gesti\u00f3n y Pol\u00edticas P\u00fablicas: \u00bfEs id\u00e9ntico a Modernizaci\u00f3n? Revista de Investigaciones del INAP, Nueva \u00c9poca, 0. Buenos Aires."},{"key":"979","unstructured":"Spink, P. (1997). Technical Possibilities and Political Imperatives in 70 Years of Administrative Reform. Funda\u00e7\u00e3o Getulio Vargas."},{"key":"980","doi-asserted-by":"crossref","unstructured":"Tomassini, L. (2003). \u00bfQu\u00e9 es la tercera v\u00eda?: hacia un mundo con sentido. Estudios Internacionales, 36 (143), pp. 27-52. https:\/\/doi.org\/10.5354\/0719-3769.2011.14656","DOI":"10.5354\/0719-3769.2003.14656"}],"container-title":["Administraci\u00f3n y Desarrollo"],"link":[{"URL":"https:\/\/revistas.esap.edu.co\/index.php\/admindesarro\/article\/download\/552\/512","content-type":"application\/pdf","content-version":"vor","intended-application":"text-mining"},{"URL":"https:\/\/revistas.esap.edu.co\/index.php\/admindesarro\/article\/download\/552\/512","content-type":"unspecified","content-version":"vor","intended-application":"similarity-checking"}],"deposited":{"date-parts":[[2021,11,7]],"date-time":"2021-11-07T20:54:28Z","timestamp":1636318468000},"score":0.0,"resource":{"primary":{"URL":"https:\/\/revistas.esap.edu.co\/index.php\/admindesarro\/article\/view\/552"}},"issued":{"date-parts":[[2020,6,30]]},"references-count":12,"journal-issue":{"issue":"1","published-online":{"date-parts":[[2020,6,30]]}},"URL":"https:\/\/doi.org\/10.22431\/25005227.vol50n1.2","ISSN":["2500-5227","0120-3754"],"issn-type":[{"value":"2500-5227","type":"electronic"},{"value":"0120-3754","type":"print"}],"published":{"date-parts":[[2020,6,30]]}},{"indexed":{"date-parts":[[2026,7,30]],"date-time":"2026-07-30T21:59:11Z","timestamp":1785448751990,"version":"3.56.0"},"reference-count":0,"publisher":"Escuela Superior de Administracion Publica","issue":"2","license":[{"start":{"date-parts":[[2026,7,30]],"date-time":"2026-07-30T00:00:00Z","timestamp":1785369600000},"content-version":"unspecified","delay-in-days":0,"URL":"https:\/\/creativecommons.org\/licenses\/by-nc-sa\/4.0"}],"content-domain":{"domain":[],"crossmark-restriction":false},"short-container-title":["Adm. Desarro."],"abstract":"<jats:p>Problem statement: Oil revenues do not guarantee labor formality. Yopal has more than 50\u00a0% of its employed population working in informality, despite having the second-highest GDP per capita in the country. Objective: To identify and analyze the factors that affect the probability of being informal in Yopal during 2012 and 2019. Methodology: Probit estimation and marginal effects. Results: Educational level, income, and working in other economic sectors (compared to working in agriculture) reduce the probability of being informal. The variables of gender, marital status, and head of household are inconclusive. Conclusion: Labor informality in Yopal behaves differently than in other cities in the country; the difference in magnitudes between periods shows a loss of dynamism in Yopal\u2019s economy. Contribution\/Originality: This is the first study on labor informality in Yopal. It measures the informality variable based on pension contributions of the total employed population.<\/jats:p>","DOI":"10.22431\/25005227.1327","type":"journal-article","created":{"date-parts":[[2026,7,30]],"date-time":"2026-07-30T21:18:02Z","timestamp":1785446282000},"source":"Crossref","is-referenced-by-count":0,"title":["Empleo en Yopal, Colombia: un an\u00e1lisis desde la informalidad laboral regional para los a\u00f1os 2012 y 2019","Employment in Yopal: An Analysis from the Perspective of Regional Labor Informality for the Years 2012 and 2019"],"prefix":"10.22431","volume":"56","author":[{"ORCID":"https:\/\/orcid.org\/0000-0002-1613-3583","authenticated-orcid":false,"given":"Freddy","family":"Molina P\u00e9rez","sequence":"first","affiliation":[],"role":[{"vocabulary":"crossref","role":"author"}]},{"ORCID":"https:\/\/orcid.org\/0000-0001-9682-9558","authenticated-orcid":false,"given":"Andrea Catalina","family":"Blanco Moreno","sequence":"additional","affiliation":[],"role":[{"vocabulary":"crossref","role":"author"}]}],"member":"9723","published-online":{"date-parts":[[2026,7,30]]},"container-title":["Administraci\u00f3n &amp; Desarrollo"],"link":[{"URL":"https:\/\/revistas.esap.edu.co\/index.php\/admindesarro\/article\/download\/1327\/910","content-type":"application\/pdf","content-version":"vor","intended-application":"text-mining"},{"URL":"https:\/\/revistas.esap.edu.co\/index.php\/admindesarro\/article\/download\/1327\/918","content-type":"unspecified","content-version":"vor","intended-application":"text-mining"},{"URL":"https:\/\/revistas.esap.edu.co\/index.php\/admindesarro\/article\/download\/1327\/910","content-type":"unspecified","content-version":"vor","intended-application":"similarity-checking"}],"deposited":{"date-parts":[[2026,7,30]],"date-time":"2026-07-30T21:18:02Z","timestamp":1785446282000},"score":0.0,"resource":{"primary":{"URL":"https:\/\/revistas.esap.edu.co\/index.php\/admindesarro\/article\/view\/1327"}},"issued":{"date-parts":[[2026,7,30]]},"references-count":0,"journal-issue":{"issue":"2","published-online":{"date-parts":[[2026,7,16]]}},"URL":"https:\/\/doi.org\/10.22431\/25005227.1327","ISSN":["2500-5227","0120-3754"],"issn-type":[{"value":"2500-5227","type":"electronic"},{"value":"0120-3754","type":"print"}],"published":{"date-parts":[[2026,7,30]]}},{"indexed":{"date-parts":[[2026,8,23]],"date-time":"2026-08-23T17:34:33Z","timestamp":1787506473189,"version":"build-2736575974"},"reference-count":22,"publisher":"Escuela Superior de Administracion Publica","issue":"1","license":[{"start":{"date-parts":[[2021,6,30]],"date-time":"2021-06-30T00:00:00Z","timestamp":1625011200000},"content-version":"unspecified","delay-in-days":0,"URL":"http:\/\/creativecommons.org\/licenses\/by-nc-nd\/4.0"}],"content-domain":{"domain":[],"crossmark-restriction":false},"short-container-title":["Adm. Desarro."],"abstract":"<jats:p>El acceso al agua para uso dom\u00e9stico se ha transformado en un derecho humano reconocido y el cual, por ende, debe ser garantizado por los Estados. Tradicionalmente, esto se logra mediante la prestaci\u00f3n del servicio p\u00fablico de acueducto, a trav\u00e9s entidades del Estado o por medio de particulares con un fin de lucro. Sin embargo, las comunidades organizadas tambi\u00e9n han logrado mediante acueductos comunitarios la consecuci\u00f3n del acceso al agua potable para sus miembros. Con esta premisa, y partiendo de un ejercicio de revisi\u00f3n de literatura, incluyendo estudios de caso, y limit\u00e1ndose al periodo 1994- 2020, en el presente art\u00edculo se demuestra que en Colombia, estos acueductos no solo resuelven el problema del acceso al agua, especialmente en las zonas rurales, sino que tambi\u00e9n se convierten en un mecanismo de gesti\u00f3n integral y equitativa del recurso h\u00eddrico, siendo m\u00e1s sostenibles ambientalmente y generando, a su vez, mayor cohesi\u00f3n, as\u00ed como creaci\u00f3n de identidad en las poblaciones que los rodean, traduci\u00e9ndose en din\u00e1micas de desarrollo.<\/jats:p>","DOI":"10.22431\/25005227.vol51n1.5","type":"journal-article","created":{"date-parts":[[2022,6,16]],"date-time":"2022-06-16T12:58:41Z","timestamp":1655384321000},"page":"110-124","source":"Crossref","is-referenced-by-count":3,"title":["Experiencias de acueductos comunitarios en Colombia, 1994-2020"],"prefix":"10.22431","volume":"51","author":[{"given":"Rafael Mauricio","family":"Torres Serrano","sequence":"first","affiliation":[],"role":[{"vocabulary":"crossref","role":"author"}]},{"given":"Juan Felipe","family":"S\u00e1nchez Talero","sequence":"additional","affiliation":[],"role":[{"vocabulary":"crossref","role":"author"}]}],"member":"9723","published-online":{"date-parts":[[2021,6,30]]},"reference":[{"key":"3753","unstructured":"Angarita, O. (2015). Formulaci\u00f3n de directrices para la administraci\u00f3n del acueducto local (acueducto c\u00e1rcamos 2) vereda Rodamontal, municipio de Cogua, Cundinamarca [Trabajo de Grado]. Universidad Distrital Francisco Jos\u00e9 de Caldas. https:\/\/repository.udistrital.edu.co\/handle\/11349\/4575"},{"key":"3754","unstructured":"Barahona, J. (2017). Acueductos veredales, actores de gesti\u00f3n y transformaci\u00f3n para la salud p\u00fablica y ambiental de Cachipay-Cundinamarca [Trabajo de Grado]. Universidad Externado de Colombia. https:\/\/bdigital.uexternado.edu.co\/handle\/001\/931"},{"key":"3755","unstructured":"Cadavid, N. (2009). Acueductos comunitarios: Patrimonio ambiental y social del Valle de Aburr\u00e1. Avances en Recursos Hidr\u00e1ulicos, (20), 57-64. https:\/\/repositorio.unal.edu.co\/handle\/unal\/28458"},{"key":"3756","unstructured":"Cardona, M., Soto, I. & Villarraga, A. (2020). Gobernanza y servicios ambientales en la gesti\u00f3n de los acueductos comunitarios en tres"},{"key":"3757","doi-asserted-by":"crossref","unstructured":"municipios de Caldas, Colombia. Estudios Gerenciales, 36(155), 206-217. https:\/\/doi.org\/10.18046\/j.estger.2020.155.3442","DOI":"10.18046\/j.estger.2020.155.3442"},{"key":"3758","doi-asserted-by":"crossref","unstructured":"Carrasco, W. (2016). Estado del arte del agua y saneamiento rural en Colombia. Revista De Ingenier\u00eda, (44), 46-53. http:\/\/dx.doi.org\/10.16924%2Friua.v0i44.923","DOI":"10.16924\/riua.v0i44.923"},{"key":"3759","unstructured":"Carrillo, S. & Mosquera, C. (2021). Diagn\u00f3stico t\u00e9cnico - operativo y propuesta de mejoramiento del estado actual del acueducto del barrio Villa de Puente Real (Puente Nacional, Santander)- tendiente a integrar a la comunidad en el proceso de adecuaci\u00f3n [Trabajo de Grado] Universidad Cat\u00f3lica de Colombia. https:\/\/hdl.handle.net\/10983\/26611"},{"key":"3760","unstructured":"Constituci\u00f3n Pol\u00edtica de Colombia [Const]. Art. 365. 7 de julio de 1991 (Colombia)."},{"key":"3761","unstructured":"Defensor\u00eda del Pueblo. (2013). La Gesti\u00f3n Comunitaria del Agua. https:\/\/www.defensoria.gov.co\/es\/public\/Informesdefensoriales\/733\/La-gestion-comunitaria-del-agua-Informes-defensoriales---Agua.htm"},{"key":"3762","unstructured":"Decreto 503 de 1940. Por el cual se crea el Fondo de Fomento Municipal. 23 de marzo de 1940. D. O. No. 24325."},{"key":"3763","unstructured":"Fern\u00e1ndez, A. & Renter\u00eda, J. (2016). Lineamientos para la gesti\u00f3n ambiental en la renovaci\u00f3n de concesiones por uso del agua entre acueductos comunitarios. caso de estudio asociaciones la mariana y santa teresita, municipio"},{"key":"3764","unstructured":"de Dosquebradas-Risaralda, Colombia [Trabajo de Grado]. Universidad Tecnol\u00f3gica de Pereira. https:\/\/hdl.handle.net\/11059\/7336"},{"key":"3765","unstructured":"Guerrero, L. (2018). Asociaci\u00f3n de suscriptores de Gu\u00e1quira y Tota an\u00e1lisis de un acueducto comunitario en Colombia [Trabajo de Grado]. Pontificia Universidad Javeriana. http:\/\/hdl.handle.net\/10554\/35562"},{"key":"3766","unstructured":"Ley 142 de 1994. Por la cual se establece el r\u00e9gimen de los servicios p\u00fablicos domiciliarios y se dictan otras disposiciones. 11 de julio de 1994. D.O. No. 41433."},{"key":"3767","unstructured":"M\u00e9ndez, A. (2014). Diagn\u00f3stico t\u00e9cnico-operativo, ambiental, legal y financiero de los acueductos comunitarios en la ciudad de Ibagu\u00e9 [Tesis de Maestr\u00eda]. Pontificia Universidad Javeriana. https:\/\/hdl.handle.net\/10554\/16410"},{"key":"3768","doi-asserted-by":"crossref","unstructured":"Moncada, J., P\u00e9rez, C. & Valencia, G. (2013). Comunidades organizadas y el servicio p\u00fablico de agua potable en Colombia: una defensa de la tercera opci\u00f3n econ\u00f3mica desde la teor\u00eda de recursos de uso com\u00fan. Ecos de Econom\u00eda, 17(37), 125-159. http:\/\/www.scielo.org.co\/scielo.php?script=sci_arttext&pid=S1657-42062013000200006&lng=en&tlng=es","DOI":"10.17230\/ecos.2013.37.6"},{"key":"3769","unstructured":"Ministerio de Vivienda, Ciudad y Territorio. (2021). Plan Nacional de Abastecimiento de Agua Potable y Saneamiento B\u00e1sico Rural. https:\/\/minvivienda.gov.co\/sites\/default\/files\/2021-03\/9.-plan-nacional-sasbr-vf.pdf"},{"key":"3770","unstructured":"Quintana, A. (2016). La Gesti\u00f3n Colectiva del Agua y los Habitus Seg\u00fan el G\u00e9nero. Acueductos Comunitarios en Dosquebradas Colombia. ACME: An International Journal for Critical Geographies, 15(2), 346-364. https:\/\/www.acme-journal.org\/index.php\/acme\/article\/view\/1124"},{"key":"3771","unstructured":"Red Nacional de Acueductos Comunitarios de Colombia. (s.f.). Valores y principios. http:\/\/redacueductoscomunitarios.co\/principios\/"},{"key":"3772","doi-asserted-by":"crossref","unstructured":"Soto, I., Colala, L. & Caruso, M. (2019). Los servicios ambientales y la \u00e9tica del cuidado del agua en acueductos rurales de los municipios Marmato y Viterbo (Caldas, Colombia). Gesti\u00f3n y Ambiente, 22(2), 191-205. https:\/\/doi.org\/10.15446\/ga.v22n2.79848","DOI":"10.15446\/ga.v22n2.79848"},{"key":"3773","unstructured":"Superintendencia de Servicios P\u00fablicos Domiciliarios. (2018). Informe de prestadores rurales inscritos en el Registro \u00danico de Prestadores \u2013 RUPS. Departamento Nacional de Planeaci\u00f3n. https:\/\/www.superservicios.gov.co\/sites\/default\/archivos\/Acueducto%2C%20alcantarillado%20y%20aseo\/Peque%C3%B1os%20prestadores\/2019\/producto_2._informe_de_prestadores_rurales_inscritos_en_el_registro_unico_de_prestadores_-_rups_.pdf"},{"key":"3774","unstructured":"Zuluaga, A., Dur\u00e1n-Cepeda, J. & Garc\u00eda, J. (2020). Desarrollo rural de autogesti\u00f3n comunitaria. Conflictos ambientales por recursos h\u00eddricos en Pamplona (Norte de Santander - Colombia). Aglala, 11(1), 208-226. https:\/\/revistas.curn.edu.co\/index.php\/aglala\/article\/view\/1602"}],"container-title":["Administraci\u00f3n &amp; Desarrollo"],"link":[{"URL":"https:\/\/revistas.esap.edu.co\/index.php\/admindesarro\/article\/download\/650\/572","content-type":"application\/pdf","content-version":"vor","intended-application":"text-mining"},{"URL":"https:\/\/revistas.esap.edu.co\/index.php\/admindesarro\/article\/download\/650\/560","content-type":"text\/xml","content-version":"vor","intended-application":"text-mining"},{"URL":"https:\/\/revistas.esap.edu.co\/index.php\/admindesarro\/article\/download\/650\/550","content-type":"unspecified","content-version":"vor","intended-application":"similarity-checking"}],"deposited":{"date-parts":[[2022,7,29]],"date-time":"2022-07-29T11:27:28Z","timestamp":1659094048000},"score":0.0,"resource":{"primary":{"URL":"https:\/\/revistas.esap.edu.co\/index.php\/admindesarro\/article\/view\/650"}},"issued":{"date-parts":[[2021,6,30]]},"references-count":22,"journal-issue":{"issue":"1","published-online":{"date-parts":[[2021,6,30]]}},"URL":"https:\/\/doi.org\/10.22431\/25005227.vol51n1.5","ISSN":["2500-5227","0120-3754"],"issn-type":[{"value":"2500-5227","type":"electronic"},{"value":"0120-3754","type":"print"}],"published":{"date-parts":[[2021,6,30]]}},{"indexed":{"date-parts":[[2025,11,6]],"date-time":"2025-11-06T16:37:52Z","timestamp":1762447072007,"version":"build-2065373602"},"reference-count":0,"publisher":"Escuela Superior de Administracion Publica","issue":"52","license":[{"start":{"date-parts":[[2010,12,1]],"date-time":"2010-12-01T00:00:00Z","timestamp":1291161600000},"content-version":"unspecified","delay-in-days":0,"URL":"http:\/\/creativecommons.org\/licenses\/by-nc-nd\/4.0"}],"content-domain":{"domain":[],"crossmark-restriction":false},"short-container-title":["Adm. Desarro."],"abstract":"<jats:p>The recently-elected Colombian government (stressing national unity) presented its first draft legislation to the Colombian Congress aimed at trying to prevent corrupt management by local authorities who are directly benefiting from royalties. It deals with centralising management through the concept of a national royalty system (NRS), subject to tax rules. Whilst acknowledging the argument concerning corruption in managing public resources, this article demonstrates that the financial crisis regarding public funds represented in the fiscal deficit, debt and revaluation inherited from the previous government was the real reason for this proposal. This was so as to make use of the only available resources and without which there would have been no substance to the campaign\u00b4s economic proposal, which would have risked plunging Colombia further into debt and worsening its already difficult situation.<\/jats:p>","DOI":"10.22431\/25005227.152","type":"journal-article","created":{"date-parts":[[2017,7,5]],"date-time":"2017-07-05T12:06:06Z","timestamp":1499256366000},"page":"7-20","source":"Crossref","is-referenced-by-count":0,"title":["Regal\u00edas: \u00bfA d\u00f3nde ir\u00e1n?","Royalities: where will they go?"],"prefix":"10.22431","volume":"38","author":[{"given":"Luis Humberto","family":"Hernandez Mora","sequence":"first","affiliation":[],"role":[{"role":"author","vocabulary":"crossref"}]}],"member":"9723","published-online":{"date-parts":[[2010,12,1]]},"container-title":["Administraci\u00f3n &amp; Desarrollo"],"link":[{"URL":"https:\/\/revistas.esap.edu.co\/index.php\/admindesarro\/article\/download\/152\/pdf","content-type":"application\/pdf","content-version":"vor","intended-application":"text-mining"},{"URL":"https:\/\/revistas.esap.edu.co\/index.php\/admindesarro\/article\/download\/152\/pdf","content-type":"unspecified","content-version":"vor","intended-application":"similarity-checking"}],"deposited":{"date-parts":[[2025,11,6]],"date-time":"2025-11-06T16:34:11Z","timestamp":1762446851000},"score":0.0,"resource":{"primary":{"URL":"https:\/\/revistas.esap.edu.co\/index.php\/admindesarro\/article\/view\/152"}},"issued":{"date-parts":[[2010,12,1]]},"references-count":0,"journal-issue":{"issue":"52","published-online":{"date-parts":[[2010,12,1]]}},"URL":"https:\/\/doi.org\/10.22431\/25005227.152","ISSN":["2500-5227","0120-3754"],"issn-type":[{"type":"electronic","value":"2500-5227"},{"type":"print","value":"0120-3754"}],"published":{"date-parts":[[2010,12,1]]}},{"indexed":{"date-parts":[[2022,4,3]],"date-time":"2022-04-03T00:44:19Z","timestamp":1648946659153},"reference-count":25,"publisher":"Escuela Superior de Administracion Publica","issue":"1","license":[{"start":{"date-parts":[[2019,6,30]],"date-time":"2019-06-30T00:00:00Z","timestamp":1561852800000},"content-version":"unspecified","delay-in-days":0,"URL":"http:\/\/creativecommons.org\/licenses\/by-nc-nd\/4.0"}],"content-domain":{"domain":[],"crossmark-restriction":false},"short-container-title":["Adm. Desarro."],"abstract":"<jats:p>La presente investigaci\u00f3n permite la estandarizaci\u00f3n de procedimientos y metodolog\u00eda en la Ciudad de Panam\u00e1 del Presupuesto Participativo en pro de un mejoramiento continuo y desarrollo integral cada vez m\u00e1s sostenible de los ciudadanos y para los ciudadanos mediante una metodolog\u00eda cualitativa y propositiva.En este sentido se realiza una revisi\u00f3n bibliogr\u00e1fica y una exploraci\u00f3n documental para luego proponer las recomendaciones seg\u00fan los resultados del estudio.<\/jats:p>","DOI":"10.22431\/25005227.vol49n1.3","type":"journal-article","created":{"date-parts":[[2021,11,7]],"date-time":"2021-11-07T20:52:27Z","timestamp":1636318347000},"page":"100-120","source":"Crossref","is-referenced-by-count":0,"title":["Propuesta metodol\u00f3gica para la priorizaci\u00f3n y seguimiento de los proyectos de presupuesto participativo en la ciudad de Panam\u00e1: un modelo de equidad"],"prefix":"10.22431","volume":"49","author":[{"given":"Andr\u00e9s Felipe","family":"Restrepo G\u00f3mez","sequence":"first","affiliation":[],"role":[{"role":"author","vocabulary":"crossref"}]},{"given":"Carlos Augusto","family":"Arboleda Jaramillo","sequence":"additional","affiliation":[],"role":[{"role":"author","vocabulary":"crossref"}]},{"given":"Carlos Mario","family":"Correa Cadavid","sequence":"additional","affiliation":[],"role":[{"role":"author","vocabulary":"crossref"}]}],"member":"9723","published-online":{"date-parts":[[2019,6,30]]},"reference":[{"key":"286","unstructured":"Alcald\u00eda de Medell\u00edn. (2010). Experiencias de Planeaci\u00f3n Local y Presupuesto Participativo en Medell\u00edn. Medell\u00edn: El autor."},{"key":"287","unstructured":"Alcald\u00eda de Medell\u00edn (2015). ABC Planeaci\u00f3n Local y Presupuesto Participativo 2015. Medell\u00edn: El autor. Disponible en https:\/\/documentop.com\/queue\/abc-planeacion-local-y-presupuesto-participativo-alcaldia-de_5a108b-181723dd34f6fd16d1.html"},{"key":"288","unstructured":"Alcald\u00eda de Panam\u00e1. (2017a). Gu\u00eda de implementaci\u00f3n Presupuesto Participativo. Ciudad de Panam\u00e1. Recuperado de (https:\/\/participa.mupa.gob.pa\/wp-content\/uploads\/2017\/03\/Gui%CC%81a-de-Implementacio%CC%81n-PP-2017.pdf)."},{"key":"289","unstructured":"Alcald\u00eda de Panam\u00e1. (2017b). Direcci\u00f3n de participaci\u00f3n ciudadana y transparencia. Ciudad de Panam\u00e1. Recuperado de https:\/\/participa.mupa.gob.pa\/"},{"key":"290","unstructured":"Asamblea Legislativa. (1973). Ley 106 del 8 de octubre de 1973. Ciudad de Panam\u00e1: Gaceta Oficial."},{"key":"291","unstructured":"Asamblea Legislativa. (2009). Ley 37 del 29 de junio de 2009. Ciudad de Panam\u00e1: Gaceta Oficial."},{"key":"292","unstructured":"Asamblea Legislativa. (2015). Ley 66 del 29 de octubre de 2015. Ciudad de Panam\u00e1: Gaceta Oficial."},{"key":"293","unstructured":"Asamblea Nacional Constituyente. (1988). Constituci\u00f3n P\u00f3l\u00edtica de la Rep\u00fablica Federativa del Brasil."},{"key":"294","unstructured":"Banco Interamericano de Desarrollo. (2000). Participaci\u00f3n Ciudadana en las Actividades del Banco Interamericano de Desarrollo. Cartagena: El autor."},{"key":"295","unstructured":"Banco Mundial. (2018). \u00cdndice de Gini \u2013 Panam\u00e1. Disponible en https:\/\/datos.bancomundial.org\/indicador\/SI.POV.GINI?end=2019&locations=PA&start=2019&view=bar"},{"key":"296","unstructured":"Bastida, B. (2011). Riesgos de una utilizaci\u00f3n perversa del proceso de presupuesto participativo. Madrid: Atrapasue\u00f1os."},{"key":"297","unstructured":"Behn, R. (2001). Rethinking democratic accountability. Washington: The Brookings Institution."},{"key":"298","unstructured":"Bloj, C. (2009). El presupuesto participativo y sus potenciales aportes a la construcci\u00f3n de pol\u00edticas sociales orientadas a las familias. Santiago de Chile: Comisi\u00f3n Econ\u00f3mica para Am\u00e9rica Latina y El Caribe."},{"key":"299","doi-asserted-by":"crossref","unstructured":"Franciskovic, J. (2013). Retos de la gesti\u00f3n p\u00fablica: presupuesto por resultados y rendici\u00f3n de cuentas. Journal of Economics, Finance and Administrative Science, 18 (Especial), 28 \u2013 32.","DOI":"10.1016\/S2077-1886(13)70028-3"},{"key":"300","unstructured":"Genro, T. y De Souza, U. (1998) (b): Presupuesto participativo: la experiencia de Porto Alegre. Buenos Aires: EUDEBA."},{"key":"301","doi-asserted-by":"crossref","unstructured":"Goldfrank, B. (2006). Los procesos de presupuesto participativo en Am\u00e9rica Latina: \u00e9xito, fracaso y cambio. Ciudad de M\u00e9xico: EBSCOHOST.","DOI":"10.4067\/S0718-090X2006000200001"},{"key":"302","unstructured":"Hern\u00e1ndez Sampieri, R., Fernandez, C., Baptista, L. (2014) Metodolog\u00eda de la Investigaci\u00f3n. M\u00e9xico: Mcgraw- Hill \/ Interamericana."},{"key":"303","doi-asserted-by":"crossref","unstructured":"L\u00f3pez S\u00e1nchez, M. et. al. (2018). Herramientas y m\u00e9todos participativos para la acci\u00f3n comunitaria. Gaceta Sanitaria, 32 (1), 32 \u2013 40.","DOI":"10.1016\/j.gaceta.2018.06.008"},{"key":"304","unstructured":"Mej\u00eda Mart\u00ednez, J. (2015). El presupuesto participativo, la participaci\u00f3n comunitaria y el capital social en Medell\u00edn. Medell\u00edn. Disponible en https:\/\/repository.eafit.edu.co\/bitstream\/handle\/10784\/7866\/Jorge_MejiaMartinez_2015.pdf?isAllowed=y&sequence=2"},{"key":"#cr-split#-305.1","unstructured":"Montesinos, E. (2009). El Presupuesto Participativo en Am\u00e9rica Latina. \u00bfComplemento o subordinaci\u00f3n a la democracia representativa? Revista del CLAD Reforma y Democracia,"},{"key":"#cr-split#-305.2","unstructured":"(44) [en l\u00ednea] [Fecha de consulta: 3 de febrero de 2019] Disponible en:<http:\/\/www.redalyc.org\/articulo.oa?id=357533675005> ISSN 1315-2378."},{"key":"306","unstructured":"Municipio de Panam\u00e1. (2017). Presupuesto Participativo del Municipio de Panam\u00e1. Disponible en https:\/\/participa.mupa.gob.pa\/wp-content\/uploads\/2017\/03\/Gui%CC%81a-de-Implementacio%CC%81n-PP-2017.pdf"},{"key":"307","unstructured":"Rend\u00f3n Corona, A. (2004). Porto Alegre, un modelo de presupuesto participativo. Polis: Investigaci\u00f3n y An\u00e1lisis Sociopol\u00edtico y Psicosocial, 1 (4), 9 \u2013 36."},{"key":"308","unstructured":"Serra, A. (2007). Modelo abierto de gesti\u00f3n para resultados en el sector p\u00fablico. Washington: BID, CLAD."},{"key":"309","unstructured":"Valencia, Germ\u00e1n (2006). Sobre capital social o c\u00f3mo crear sociedad para el desarrollo econ\u00f3mico y social Latinoamericano. IX Encuentro Nacional de Investigadores \u201cCapital Social: Estrategia del mercado o nuevas formas de cohesi\u00f3n social\u201d, convocado por el Centro de Investigaciones de la Fundaci\u00f3n Universitaria Lu\u00eds Amig\u00f3, realizada en Medell\u00edn entre el 23 y 24 de agosto de 2006."}],"container-title":["Administraci\u00f3n y Desarrollo"],"link":[{"URL":"https:\/\/revistas.esap.edu.co\/index.php\/admindesarro\/article\/download\/532\/490","content-type":"application\/pdf","content-version":"vor","intended-application":"text-mining"},{"URL":"https:\/\/revistas.esap.edu.co\/index.php\/admindesarro\/article\/download\/532\/490","content-type":"unspecified","content-version":"vor","intended-application":"similarity-checking"}],"deposited":{"date-parts":[[2021,11,7]],"date-time":"2021-11-07T20:56:50Z","timestamp":1636318610000},"score":0.0,"resource":{"primary":{"URL":"https:\/\/revistas.esap.edu.co\/index.php\/admindesarro\/article\/view\/532"}},"issued":{"date-parts":[[2019,6,30]]},"references-count":25,"journal-issue":{"issue":"1","published-online":{"date-parts":[[2019,6,30]]}},"URL":"https:\/\/doi.org\/10.22431\/25005227.vol49n1.3","ISSN":["2500-5227","0120-3754"],"issn-type":[{"value":"2500-5227","type":"electronic"},{"value":"0120-3754","type":"print"}],"published":{"date-parts":[[2019,6,30]]}},{"indexed":{"date-parts":[[2023,1,15]],"date-time":"2023-01-15T06:13:42Z","timestamp":1673763222566},"reference-count":41,"publisher":"Escuela Superior de Administracion Publica","issue":"2","license":[{"start":{"date-parts":[[2019,12,31]],"date-time":"2019-12-31T00:00:00Z","timestamp":1577750400000},"content-version":"unspecified","delay-in-days":0,"URL":"http:\/\/creativecommons.org\/licenses\/by-nc-nd\/4.0"}],"content-domain":{"domain":[],"crossmark-restriction":false},"short-container-title":["Adm. Desarro."],"abstract":"<jats:p>Este art\u00edculo es uno de los productos de la convocatoria p\u00fablica de investigaciones a nivel nacional de la Escuela Superior de Administraci\u00f3n P\u00fablica vigencia 2019; estudio enmarcado en la l\u00ednea de investigaci\u00f3n de econom\u00eda de lo p\u00fablico y en la pol\u00edtica de emprendimiento en Colombia y su incidencia en la poblaci\u00f3n joven, expuestas en dos de los tres principios del Plan Nacional de Desarrollo \u201cPacto por Colombia (2018- 2022)\u201d emprendimiento y equidad, en los postulados de la Ley 1014 del 2006 y en la recomendaciones de la OCDE como estrategia para que los j\u00f3venes con su potencial creativo e innovador, transformen informalidad de las econom\u00edas de los territorios. Igualmente, el estudio centr\u00f3 su inter\u00e9s, en las tendenciasactuales para construir desarrollo econ\u00f3mico de manera conjunta entre el gobierno, las universidades y las empresas, que a trav\u00e9s pol\u00edticas publicas y proyectos de innovaci\u00f3n y emprendimiento se logredemocratizar las oportunidades que construyen ciudadan\u00eda.<\/jats:p>","DOI":"10.22431\/25005227.vol49n2.5","type":"journal-article","created":{"date-parts":[[2021,11,7]],"date-time":"2021-11-07T20:52:27Z","timestamp":1636318347000},"page":"89-124","source":"Crossref","is-referenced-by-count":0,"title":["Percepciones sobre el emprendimiento de los estudiantes de Administraci\u00f3n P\u00fablica -ESAP- Santander"],"prefix":"10.22431","volume":"49","author":[{"given":"Mar\u00eda Luc\u00eda","family":"Sierra Sierra","sequence":"first","affiliation":[],"role":[{"role":"author","vocabulary":"crossref"}]}],"member":"9723","published-online":{"date-parts":[[2019,12,31]]},"reference":[{"key":"852","unstructured":"Agh\u00f3n, G., Alburquerque, F., & Cort\u00e9s, P. (2001). Desarrollo econ\u00f3mico local y descentralizaci\u00f3n en Am\u00e9rica Latina:An\u00e1lisis comparativo. Obtenido de Proyecto Regional de Desarrollo Econ\u00f3mico Local y Descentralizaci\u00f3n CEPAL\/GTZ Santiago de Chile,: https:\/\/repositorio.cepal.org\/bitstream\/handle\/11362\/2693\/S2001704_es.pdf"},{"key":"853","unstructured":"Albuquerque, F. (2004). El Enfoque del desarrollo econ\u00f3mico local. Obtenido de Serie: Desarrollo econ\u00f3mico local y empleabilidad. OIT. Buenos Aires. Argentina: https:\/\/www.flacsoandes.edu.ec\/sites\/default\/files\/agora\/files\/1251776298.area_enfoque_del_0.pdf"},{"key":"854","doi-asserted-by":"crossref","unstructured":"Aliste, E., & N\u00fa\u00f1ez, A. (2015). Las fronteras del discurso geogr\u00e1fico: El tiempo y el espacio en la investigaci\u00f3n social. Obtenido de Volumen 47, N\u00ba 2, 2015. P\u00e1ginas 287-301 Chungara, Revista de Antropolog\u00eda Chilena: https:\/\/scielo.conicyt.cl\/pdf\/chungara\/v47n2\/aop2315.pdf","DOI":"10.4067\/S0717-73562015005000023"},{"key":"855","unstructured":"Amor\u00f3s, J. (2011). El proyecto Global Entrepreneurship Monitor (GEM): una aproximaci\u00f3n desde el contexto latinoamericano. Obtenido de Academia. Revista Latinoamericana de Administraci\u00f3n, (46),1-15. ISSN: 1012-8255. : https:\/\/www.redalyc.org\/pdf\/716\/71617238002.pdf"},{"key":"856","unstructured":"Amor\u00f3s, J. (2011). El proyecto Global Entrepreneurship Monitor (GEM): una aproximaci\u00f3n desde el contexto latinoamericano. Recuperado el 21 de octubre de 2021, de Academia. Revista Latinoamericana de Administraci\u00f3n (46),1-15. SSN: 1012-8255: https:\/\/www.redalyc.org\/comocitar.oa?id=71617238002"},{"key":"857","doi-asserted-by":"crossref","unstructured":"Benedicto, J. (2016). La ciudadan\u00eda juvenil: Un enfoque basado en las experiencias vitales de los j\u00f3venes. Recuperado el 6 de octubre de 2021, de Revista Latinoamericana de Ciencias Sociales, Ni\u00f1ez y Juventud, vol. 14, n\u00fam. 2, pp. 925-938: https:\/\/doi.org\/10.11600\/1692715x.14203210415","DOI":"10.11600\/1692715x.14203210415"},{"key":"858","unstructured":"Benedicto, J., & Moran, M. (2002). La construcci\u00f3n de una ciudadan\u00eda activa entre los j\u00f3venes. Obtenido de Ministerio del Trabajo y Asuntos Sociales. Instituto de la Juventud. Jos\u00e9 Ortega y Gasset, 7128006 Madrid: http:\/\/www.injuve.es\/sites\/default\/files\/LA%20CONSTRUCCION.pdf"},{"key":"859","doi-asserted-by":"crossref","unstructured":"Buitrago, J. (2014). Emprendimiento en Colombia. Obtenido de Revista Administraci\u00f3n y Desarrollo. Escuela superior de Administraci\u00f3n p\u00fablica: https:\/\/dialnet.unirioja.es\/descarga\/articulo\/6403431.pdf","DOI":"10.22431\/25005227.101"},{"key":"860","unstructured":"Cantarero, S., & Calvo, R. (2014). Emprendimiento a nivel local. La necesidad de una estrategia de cooperaci\u00f3n para el desarrollo del territorio. Obtenido de XIV Jornadas de econom\u00eda cr\u00edtica. Perspectivas econ\u00f3micas alternativas. Universitat de Valencia. Valladolid: http:\/\/base.socioeco.org\/docs\/_jec14_comunica_a_ert_a_ert_3.pdf"},{"key":"861","unstructured":"CEPAL. (2000). Desarrollo econ\u00f3mico Local y Descentralizaci\u00f3n: Aproximaci\u00f3n a un marco conceptual . Obtenido de Comisi\u00f3n Econ\u00f3mica para Am\u00e9rica Latina y el Caribe. Santiago de Chile: https:\/\/repositorio.cepal.org\/bitstream\/handle\/11362\/31392\/S00020088_es.pdf"},{"key":"862","unstructured":"CEPAL. (2004). La juventud en Iberoam\u00e9rica Tendencias y urgencias. Obtenido de Comisi\u00f3n Econ\u00f3mica para Am\u00e9rica Latina y el Caribe (CEPAL). Santiago de Chile: https:\/\/repositorio.cepal.org\/bitstream\/handle\/11362\/2785\/S2004083_es.pdf;jsessionid=8E1E488604A5973F12BFFB73F392333E?sequence=1"},{"key":"863","unstructured":"CEPAL. (2010). Las TIC para el crecimiento y la igualdad: renovando las estrategias de la sociedad. Obtenido de Tercera Conferencia Ministerial sobre la Sociedad de la Informaci\u00f3n de Am\u00e9rica Latina y el Caribe. Lima Per\u00fa: https:\/\/www.cepal.org\/socinfo\/noticias\/documentosdetrabajo\/6\/41716\/TICparaelcrecimientoylaigualdad.pdf"},{"key":"864","unstructured":"CIDJ. (2008). Convenci\u00f3n Iberoamericana de derecho de los j\u00f3venes, protocolo adicional. Pacto Juventud. Recuperado el 14 de octubre de 2021, de Organismos Internacional de juventud: https:\/\/oij.org\/wp-content\/uploads\/2017\/01\/Convenci%C3%B3n.pdf"},{"key":"865","unstructured":"Confec\u00e1maras. (2018). Nuevos hallazgos de la Supervivencia y crecimiento de las empresas en Colombia. Recuperado el 2021 de octubre de 2021, de An\u00e1lisis econ\u00f3mico: https:\/\/www.confecamaras.org.co\/analisis-economico"},{"key":"866","unstructured":"Congreso de la Rep\u00fablica de Colombia. (2006). Ley 1014 de 2006. De fomento a la cultura del emprendimiento. Obtenido de https:\/\/www.oei.es\/historico\/etp\/ley_fomento_cultura_emprendedora_colombia.pdf"},{"key":"867","unstructured":"DNP. (2018). Bases Plan Nacional de desarrollo - 2018-2022. Recuperado el 6 de octubre de 2021, de Pacto Por Colombia- pacto por la equidad. Gobierno de Colombia: https:\/\/www.sic.gov.co\/sites\/default\/files\/documentos\/122018\/Bases_Plan_Nacional_de_Desarrollo_2018-2022.pdf"},{"key":"868","unstructured":"DNP. (2019). Bases del Plan Nacional de desarrollo 2018-2022. Obtenido de Pacto por Colombia, pacto por la equidad. Departamento Nacional de Planeaci\u00f3n. Bogot\u00e1 Colombia: https:\/\/colaboracion.dnp.gov.co\/CDT\/Prensa\/BasesPND2018-2022n.pdf"},{"key":"869","unstructured":"DNP. (2019). Bases del Plan Nacional de Desarrollo 2018-2022. Obtenido de Pacto por Colombia, pacto por la equidad: https:\/\/colaboracion.dnp.gov.co\/CDT\/Prensa\/PND-2018-2022.pdf"},{"key":"870","doi-asserted-by":"crossref","unstructured":"Gallicchio, E. (2010). El desarrollo local: \u00bfterritorializar pol\u00edticas o generar pol\u00edticas territoriales? Reflexiones desde la pr\u00e1ctica. Obtenido de EUTOP\u00cdA. N\u00famero 1. Octubre p\u00e1gs. 11-23: https:\/\/dialnet.unirioja.es","DOI":"10.17141\/eutopia.1.2010.933"},{"key":"871","unstructured":"GEM Colombia. (2018 p\u00e1g 50). Estudio de la actividad Empresarial 2017. Obtenido de Global Entrepreneurship Monitor. Editorial Universidad del Norte, Barranquilla Colombia: http:\/\/gemcolombia.org\/publicaciones\/"},{"key":"872","unstructured":"G\u00f6be, B., & Ulloa, A. (2014). Extractivismo minero en Colombia y Am\u00e9rica Latina. Obtenido de editoras. \u2013 Bogot\u00e1: Universidad Nacional de Colombia (Sede Bogot\u00e1). Facultad de Ciencias Humanas. Grupo Cultura y Ambiente \/ Berl\u00edn: Ibero-Amerikanisches Institut: https:\/\/www.desigualdades.net\/Resources\/Publications\/Extractivismo-minero-Goebel_Ulloa.pdf"},{"key":"873","unstructured":"Konrad-Adenauer-Stiftung. (2012). Pobreza, Desigualdad deOportunidades y Pol\u00edticas P\u00fablicas en Am\u00e9rica Latina. Obtenido de Rio de Janeiro ISBN 978-85-7504-171-0: https:\/\/www.kas.de\/c\/document_library\/get_file?uuid=-d82f6024-1a73-0a65-6ea4-530e5bd-750d3&groupId=252038"},{"key":"874","doi-asserted-by":"crossref","unstructured":"Lederman, D., Messina, J., Pienknagura, S., & Rigolini , J. (2014). El emprendimiento en Am\u00e9rica Latina: Muchas empresas y poca innovaci\u00f3n. Obtenido de Banco Mundial. Washington, D.C.: https:\/\/www.worldbank.org\/content\/dam\/Worldbank\/document\/LAC\/EmprendimientoAmerica-Latina_resumen.pdf","DOI":"10.1596\/978-1-4648-0284-3"},{"key":"875","unstructured":"Llanos, L. (2010). El concepto de territorio y la investigaci\u00f3n en las ciencias sociales. Obtenido de Revista agricultura, sociedad y desarrollo. Universidad Aut\u00f3noma Chapingo. Chapingo Estado de M\u00e9xico: http:\/\/www.scielo.org.mx\/pdf\/asd\/v7n3\/v7n3a1.pdf"},{"key":"876","doi-asserted-by":"crossref","unstructured":"Madrid, R. (2017). La noci\u00f3n de bienestar subjetivo y el concepto de derecho. A prop\u00f3sito del v\u00ednculo entre normas jur\u00eddicas y felicidad humana. Obtenido de Pontificia Universidad Cat\u00f3lica de Chile: http:\/\/www.scielo.org.co\/pdf\/dika\/v26n1\/0120-8942-dika-26-01-00031.pdf","DOI":"10.5294\/dika.2017.26.1.3"},{"key":"877","unstructured":"Merchand, M. (2007). Teor\u00edas y conceptos de econom\u00eda regionaly estudios de caso. Obtenido de Bibliotecas Virtuales de CLACSO. Centro Universitario de la Costa,. Universidad de Guadalajara.: http:\/\/biblioteca.clacso.edu.ar\/Mexico\/cucosta-udeg\/20170515050418\/pdf_1190.pdf"},{"key":"878","unstructured":"MinEducaci\u00f3n. (2012). La cultura del emprendimiento en los establecimientos educativos. Obtenido de Orientaciones generales. Ministerio de Educaci\u00f3n Nacional. Bogot\u00e1. Colombia. : https:\/\/www.mineducacion.gov.co\/1759\/articles-287822_archivo_pdf."},{"key":"879","doi-asserted-by":"crossref","unstructured":"OCDE. (2015). Pol\u00edticas prioritarias para un desarrollo inclusivo. Colombia. Obtenido de Series Mejores Pol\u00edticas: https:\/\/www.oecd.org\/about\/publishing\/colombia-politicas-prioritarias-para-un-desarrollo-inclusivo.pdf","DOI":"10.1787\/9789264233409-es"},{"key":"880","unstructured":"OCDE. (2016). Fomentando un crecimiento inclusivo de la productividad en Am\u00e9rica Latina. Obtenido de Serie mejores pol\u00edticas: https:\/\/www.oecd.org\/economy\/fomentando-un-crecimiento-inclusivo-de-la-productividad-en-america-latina.pdf"},{"key":"881","unstructured":"OCDE. (2016). Startup Am\u00e9rica Latina 2016 construyendo un futuro innovador. Obtenido de Estudios del Centro de Desarrollo. Sintesis y recomendaci\u00f3n de pol\u00edtica: https:\/\/www.oecd.org\/dev\/americas\/Startups2016_Si-ntesis-y-recomendaciones.pdf"},{"key":"882","unstructured":"OCDE\/CAF\/CEPAL. (2018). Perspectivas econ\u00f3micas de Am\u00e9rica Latina 2018: Repensando las instituciones para el desarrollo. Obtenido de \u00c9ditions OCDE, Par\u00eds. ISBN 978-92-64-29023-5 : https:\/\/repositorio.cepal.org\/bitstream\/handle\/11362\/43513\/1\/LEO2018_es.pdf"},{"key":"883","unstructured":"OCDE\/CEPAL\/CAF. (2016). Perspectivas econ\u00f3micas de Am\u00e9rica Latina 2017: Juventud, competencias y emprendimiento. Obtenido de ISBN 978-92-64-26502-8. OECD Publishing, Paris: https:\/\/www.oecd.org\/dev\/americas\/E-book_LEO2017_SP.pdf"},{"key":"884","unstructured":"OEA\/OAS. (2008). La Descentralizaci\u00f3n y los Desaf\u00edos para la Gobernabilidad Democr\u00e1tica. Obtenido de ISBN 978-0-8270-5260-4 Secretar\u00eda General de la Organizaci\u00f3n de los Estados Americanos: https:\/\/www.oas.org\/sap\/publications\/2008\/La%20Descentralizacin.pdf"},{"key":"885","unstructured":"Quispe, G. M. (2016). Visiones del desarrollo end\u00f3geno desde las comunidades locales. Obtenido de Perspectivas, (37),. [fecha de Consulta 26 de Noviembre de 2019]. ISSN: 1994-3733: https:\/\/www.redalyc.org\/articulo.oa?id=425946304006"},{"key":"886","unstructured":"Ram\u00edrez, B. R., & L\u00f3pez, L. (2015). Espacio, paisaje, regi\u00f3n, territorio y lugar: la diversidad en el pensamiento contempor\u00e1neo. Obtenido de Instituto de Geograf\u00eda. UNAM, Instituto de Geograf\u00eda: UAM, Xochimilco. 205 p.: il.; 22 cm. \u2013 (Geograf\u00eda para el siglo XXI; Serie Textos Universitarios 17): http:\/\/www.publicaciones.igg.unam.mx\/index.php\/ig\/catalog\/download\/19\/101\/311-1?inline=1"},{"key":"887","unstructured":"Rubio, R., & Adolfo, M. (2015). J\u00f3venes y generaci\u00f3n 2020. Recuperado el 6 de octubre de 2021, de Revista de estudios de juventud. N\u00b0 108. ISSN: 0211-4364: http:\/\/www.injuve.es\/sites\/default\/files\/2017\/46\/publicaciones\/revista108_completa_0.pdf"},{"key":"888","unstructured":"Santana, C., Rodr\u00edguez, L., & Vi\u00f1a, \u00c1. (2019). II. Pacto por el emprendimiento y la productividad \u2013Comentario cr\u00edtico. Recuperado el 21 de octubre de 2021, de Centro de Investigaciones para el Desarrollo. Universidad Nacional de Colombia: http:\/\/www.cid.unal.edu.co\/wp-content\/uploads\/2019\/03\/CAMILO-A-SANTANA.pdf"},{"key":"889","unstructured":"Secretaria General Iberoam\u00e9ricana. (2017). Emprender en Iberoam\u00e9rica. Recuperado el 21 de octubre de 2021, de Mapeo de actores e instrumentos deapoyo a la actividad emprendedora: https:\/\/www.segib.org\/wp-content\/uploads\/EMPRENDER-EN-IBEROAMERICA.pdf"},{"key":"890","unstructured":"Sistema Nacional de Informaci\u00f3n en Juventud y Adolescencia de Colombia \u201cJuaco\u201d. (s.f.). Proyecciones de poblaci\u00f3n j\u00f3venes 14-28 a\u00f1os. Obtenido de Presidencia de la Rep\u00fablica De Colombia: http:\/\/obs.colombiajoven.gov.co\/Observatorio\/Observatorio.aspx?rpt=Buyel7PqAptVw9lwUXO_Fw=="},{"key":"891","unstructured":"Universidad Nacional de Colombia. (s.f.). Mapeo e infograf\u00eda ecosistemas regionales de emprendimiento en Colombia. Recuperado el 21 de octubre de 2021, de Vamos por m\u00e1s. iNNpulsa Colombia, MinComercio Industria y turismo,Todos por un nuevo pa\u00eds.: https:\/\/innpulsacolombia.com\/sites\/default\/files\/documentos-recursos-pdf\/2.2_mapeo_e_infografia.pdf"},{"key":"892","unstructured":"Villanueva, S. (2018). Fundamentos te\u00f3ricos epistemol\u00f3gicos de los territorios discursivos. Obtenido de Centro de Estudios del Desarrollo Regional y Pol\u00edticas P\u00fablicas, Universidad de Los Lagos (Osorno, Chile) ORCID: 0000-0001-5594-7216: https:\/\/scielo.conicyt.cl\/pdf\/cmoebio\/n62\/0717-554X-cmoebio-62-00221.pdf"}],"container-title":["Administraci\u00f3n y Desarrollo"],"link":[{"URL":"https:\/\/revistas.esap.edu.co\/index.php\/admindesarro\/article\/download\/547\/506","content-type":"application\/pdf","content-version":"vor","intended-application":"text-mining"},{"URL":"https:\/\/revistas.esap.edu.co\/index.php\/admindesarro\/article\/download\/547\/506","content-type":"unspecified","content-version":"vor","intended-application":"similarity-checking"}],"deposited":{"date-parts":[[2023,1,14]],"date-time":"2023-01-14T16:38:19Z","timestamp":1673714299000},"score":0.0,"resource":{"primary":{"URL":"https:\/\/revistas.esap.edu.co\/index.php\/admindesarro\/article\/view\/547"}},"issued":{"date-parts":[[2019,12,31]]},"references-count":41,"journal-issue":{"issue":"2","published-online":{"date-parts":[[2019,12,31]]}},"URL":"https:\/\/doi.org\/10.22431\/25005227.vol49n2.5","ISSN":["2500-5227","0120-3754"],"issn-type":[{"value":"2500-5227","type":"electronic"},{"value":"0120-3754","type":"print"}],"published":{"date-parts":[[2019,12,31]]}},{"indexed":{"date-parts":[[2022,3,31]],"date-time":"2022-03-31T18:41:25Z","timestamp":1648752085896},"reference-count":0,"publisher":"Escuela Superior de Administracion Publica","issue":"58","license":[{"start":{"date-parts":[[2013,12,15]],"date-time":"2013-12-15T00:00:00Z","timestamp":1387065600000},"content-version":"unspecified","delay-in-days":0,"URL":"http:\/\/creativecommons.org\/licenses\/by-nc-nd\/4.0"}],"content-domain":{"domain":[],"crossmark-restriction":false},"short-container-title":["Adm. Desarro."],"abstract":"<jats:p>El prop\u00f3sito de la investigaci\u00f3n fue analizar la demanda de los servicios de educaci\u00f3n y salud en Soacha (Cundinamarca) durante el per\u00edodo 2000-2010 mediante un modelo de regresi\u00f3n lineal denominado M\u00ednimos Cuadrados Ordinarios (MCO) y su relaci\u00f3n con el Sistema General de Participaci\u00f3n (SGP). Se desarrollan te\u00f3ricamente diferentes perspectivas en cuanto a lo p\u00fablico y el papel del Estado, el sistema de transferencias en Colombia y las normas vigentes en este aspecto; se presenta un panorama y contexto general de Soacha, su poblaci\u00f3n y sus desarrollos en salud y educaci\u00f3n. Se muestran los resultados despu\u00e9s de aplicar el MCO y la evidencia de que tanto en educaci\u00f3n como en salud existe una relaci\u00f3n directa y significativa entre las transferencias del nivel central y el SGP, por lo que este ingreso toma gran importancia para el municipio y as\u00ed dar cumplimiento a la demanda de los servicios p\u00fablicos de salud y educaci\u00f3n<\/jats:p>","DOI":"10.22431\/25005227.111","type":"journal-article","created":{"date-parts":[[2017,7,5]],"date-time":"2017-07-05T16:06:06Z","timestamp":1499270766000},"page":"59-77","source":"Crossref","is-referenced-by-count":0,"title":["Educaci\u00f3n y salud en Soacha (Cundinamarca) durante el per\u00edodo 2000- 2010 y su relaci\u00f3n con el Sistema General de Participaci\u00f3n"],"prefix":"10.22431","volume":"42","author":[{"given":"Juan Camilo","family":"Arevalo Parra","sequence":"first","affiliation":[],"role":[{"role":"author","vocabulary":"crossref"}]}],"member":"9723","published-online":{"date-parts":[[2013,12,15]]},"container-title":["Administraci\u00f3n &amp; Desarrollo"],"link":[{"URL":"https:\/\/revistas.esap.edu.co\/index.php\/admindesarro\/article\/download\/111\/pdf","content-type":"application\/pdf","content-version":"vor","intended-application":"text-mining"},{"URL":"https:\/\/revistas.esap.edu.co\/index.php\/admindesarro\/article\/download\/111\/pdf","content-type":"unspecified","content-version":"vor","intended-application":"similarity-checking"}],"deposited":{"date-parts":[[2021,11,12]],"date-time":"2021-11-12T19:11:40Z","timestamp":1636744300000},"score":0.0,"resource":{"primary":{"URL":"https:\/\/revistas.esap.edu.co\/index.php\/admindesarro\/article\/view\/111"}},"issued":{"date-parts":[[2013,12,15]]},"references-count":0,"journal-issue":{"issue":"58","published-online":{"date-parts":[[2013,12,15]]}},"URL":"https:\/\/doi.org\/10.22431\/25005227.111","ISSN":["2500-5227","0120-3754"],"issn-type":[{"value":"2500-5227","type":"electronic"},{"value":"0120-3754","type":"print"}],"published":{"date-parts":[[2013,12,15]]}},{"indexed":{"date-parts":[[2025,12,31]],"date-time":"2025-12-31T22:20:00Z","timestamp":1767219600901,"version":"3.40.5"},"reference-count":93,"publisher":"Escuela Superior de Administracion Publica","issue":"1","license":[{"start":{"date-parts":[[2020,6,30]],"date-time":"2020-06-30T00:00:00Z","timestamp":1593475200000},"content-version":"unspecified","delay-in-days":0,"URL":"http:\/\/creativecommons.org\/licenses\/by-nc-nd\/4.0"}],"content-domain":{"domain":[],"crossmark-restriction":false},"short-container-title":["Adm. Desarro."],"abstract":"<jats:p>La presente investigaci\u00f3n estudia reglamentaci\u00f3n, manejo y actualidad de las armas y municiones en Colombia, tanto a nivel t\u00e9cnico como jur\u00eddico, con el fin de aportar una mirada cr\u00edtica a prop\u00f3sito de las permanentes discusiones en torno al porte de las mismas por parte de civiles (l\u00edcito o il\u00edcito) y de las infracciones al Derecho Internacional Humanitario y los Derechos Humanos que se cometen con al interior de los conflictos armados. Parte importante de la informaci\u00f3n que se expone se obtuvo mediante derechos de petici\u00f3n a entidades como INDUMIL, Polic\u00eda Nacional y la Canciller\u00eda de Colombia.Con la presente investigaci\u00f3n se concluye que, en Colombia, a pesar de la firma del acuerdo de paz (2016), la cifra de circulaci\u00f3n de armas de fuego sigue en crecimiento de manera ilegal, as\u00ed como las cifras de muertes violentas con impunidad que se presentan en m\u00e1s medida en pa\u00edses afectados por conflictos armados como el nuestro. Adem\u00e1s, si bien los estados tienen un detallado registro de las ventas y compras que hacen de las municiones y armas de fuego, las mantienen bajo reserva con el argumento de la salvaguarda de la seguridad nacional, situaci\u00f3n que permite que se presenten f\u00e1cilmente desv\u00edos ilegales de armas que pueden ir a parar a manos de actores armados al margen de la ley.Finalmente, se recomienda aumentar los controles para la identificaci\u00f3n en la huella bal\u00edstica y las marcaciones que permitan avanzar en las investigaciones judiciales.<\/jats:p>","DOI":"10.22431\/25005227.vol50n1.4","type":"journal-article","created":{"date-parts":[[2021,11,7]],"date-time":"2021-11-07T20:52:27Z","timestamp":1636318347000},"page":"73-112","source":"Crossref","is-referenced-by-count":1,"title":["Municiones en Colombia. Aspectos generales normativos"],"prefix":"10.22431","volume":"50","author":[{"ORCID":"https:\/\/orcid.org\/0000-0002-7022-7919","authenticated-orcid":false,"given":"Jean Carlo","family":"Mej\u00eda Azuero","sequence":"first","affiliation":[],"role":[{"role":"author","vocabulary":"crossref"}]},{"ORCID":"https:\/\/orcid.org\/0000-0002-4357-3541","authenticated-orcid":false,"given":"Ang\u00e9lica del Pilar","family":"Su\u00e1rez Mendoza","sequence":"additional","affiliation":[],"role":[{"role":"author","vocabulary":"crossref"}]},{"given":"Nesly Edilma","family":"Rey Cruz","sequence":"additional","affiliation":[],"role":[{"role":"author","vocabulary":"crossref"}]}],"member":"9723","published-online":{"date-parts":[[2020,6,30]]},"reference":[{"key":"990","unstructured":"Radio. (6 de mayo de 2018). DIAN y Polic\u00eda Fiscal y Aduanera incautaron cargamento de armas procedente de Estados Unidos. 360 Radio. Obtenido de https:\/\/360radio.com.co\/dian-y-policia-fiscal-y-aduanera-incautaron-cargamento-de-armas-procedente-de-estados-unidos\/"},{"key":"991","unstructured":"Abramovich, V. (2013). Responsabilidad estatal por violencia de g\u00e9nero: comentarios sobre el caso \u201cCampo Algodonero\u201d en la Corte Interamericana de Derechos Humanos. Doctrina, Fas\u00edculo 10, 3-17. Obtenido de https:\/\/www.corteidh.or.cr\/tablas\/r31644.pdf"},{"key":"992","unstructured":"Aguirre Tob\u00f3n, K. (2011). El tr\u00e1fico de armas en Colombia: una revisi\u00f3n desde los or\u00edgenes a los destinos. Revista Latinoamericana de Seguridad Ciudadana(10), 36- 59. Obtenido de https:\/\/issuu.com\/fiorum\/docs\/urvio10"},{"key":"993","unstructured":"Aguirre, K. (9 de mayo de 2019). Experta en municiones consultada para esta investigaci\u00f3n."},{"key":"994","unstructured":"Aguirre, K., \u00c1lvarez, E., & Pardo, D. (2015). Desarme de las FARC: claves y propuestas para un proceso viable, exitoso y transparente. Instituto IGARAPE. Obtenido de https:\/\/cdn.ideaspaz.org\/media\/website\/document\/5605ff09ec154.pdf"},{"key":"995","unstructured":"Alcald\u00eda de Bogot\u00e1. (1993-2016). Documentos para Armas, Municiones, y Explosivos :: Porte, Uso, Tenencia y Transporte. Obtenido de https:\/\/www.alcaldiabogota.gov.co\/sisjur\/listados\/tematica2.jsp?subtema=29275&cadena=a"},{"key":"996","doi-asserted-by":"crossref","unstructured":"Ardila Castro, C., & Pinedo Herrera, C. (2013). La Cooperaci\u00f3n Internacional para el Control del Tr\u00e1fico de Armas, Municiones y Explosivos: Un Mecanismo para la Generaci\u00f3n de Seguridad Ontol\u00f3gica en Colombia. Revista de Relaciones Internacionales, Estrategia y Seguridad, 8(1), 309-326. Obtenido de http:\/\/www.scielo.org.co\/scielo.php?pid=S1909-30632013000100014&script=sci_abstract&tlng=es","DOI":"10.18359\/ries.79"},{"key":"997","unstructured":"Armada de Colombia. (s.f.). Decomisado material b\u00e9lico en Bol\u00edvar. Obtenido de https:\/\/www.armada.mil.co\/eng\/node\/5891"},{"key":"998","unstructured":"Armada Nacional. (2019). Estados Unidos aporta a la movilidad t\u00e1ctica de la Armada de Colombia. Bogot\u00e1: 6 de mayo. Obtenido de http:\/\/www.zoominformativo.com\/noticia\/20190507110510\/estados-unidos-aporta-a-la-movilidad-tactica-de-la-armada-de-colombia"},{"key":"999","unstructured":"Army Recognition. (s.f.). M1151 \/ M1151A1 HMMWV Humvee Portador de armamento de capacidad ampliada. Obtenido de https:\/\/www.armyrecognition.com\/humvee_hmmwv_variants_light_tacticale_vehicle\/m1151_m1151a1_humvee_expanded_capacity_armament_carrier_armour_technical_data_sheet_specifications_i.html"},{"key":"1000","unstructured":"Asamblea Nacional Constituyente. (1991). Constituci\u00f3n Pol\u00edtica de Colombia."},{"key":"1001","unstructured":"Biblioteca Luis \u00c1ngel Arango. (2005). Posici\u00f3n astron\u00f3mica y geogr\u00e1fica. Obtenido de https:\/\/web.archive.org\/web\/20080529134428\/ http:\/\/www.lablaa.org\/blaavirtual\/ayudadetareas\/geografia\/geo54.htm"},{"key":"1002","unstructured":"Burbano, K. (21 de agosto de 2019). Legado del bicentenario, el respeto por el enemigo. El Espectador. Obtenido de https:\/\/tinyurl.com\/yxjg46xo"},{"key":"1003","unstructured":"Camacho, L. (2018). Armas utilizadas en la Independencia de Colombia. Boyac\u00e1 7 d\u00edas."},{"key":"1004","unstructured":"Canal Trece. (2019). T\u00e1ctica militar y armas en la Batalla de Boyac\u00e1. Obtenido de https:\/\/tinyurl.com\/y24qftb2"},{"key":"1005","unstructured":"Canciller\u00eda de Colombia. (2019). Asuntos Pol\u00edticos Multilaterales. Derecho de Petici\u00f3n S-GDNP- 19-016309. Bogot\u00e1: 2 de mayo."},{"key":"1006","unstructured":"Canciller\u00eda de Colombia. (2019). Respuesta Derecho de petici\u00f3n. Radicado S-GDNP- 19-016309 .2 de mayo."},{"key":"1007","unstructured":"Canciller\u00eda de Colombia. (2019). Respuesta Derecho de petici\u00f3n. Radicado S-GDNP- 19-016309. Bogot\u00e1: 2 de mayo."},{"key":"1008","unstructured":"Canciller\u00eda de Colombia. (2019). Respuesta Derecho de petici\u00f3n. Radicado S-GDNP- 19-016309. del 2 de mayo."},{"key":"1009","unstructured":"Carrillo, E. (24 de diciembre de 2017). La ruta de las balas: Un coronel del Ej\u00e9rcito nos habla de las armas ilegales en Colombia. Pacifista. Obtenido de https:\/\/pacifista.tv\/notas\/la-ruta-de-las-balas-un-coronel-delejercito-nos-habla-de-las-armas-ilegalesen-colombia\/"},{"key":"1010","doi-asserted-by":"crossref","unstructured":"Casta\u00f1o, L. (2012). Antecedentes del Derecho humanitario b\u00e9lico en el contexto de la Independencia hispanoamericana (1808- 1826). Revista de Estudios Hist\u00f3rico-Jur\u00eddicos, XXXIV, 323 - 368. Obtenido de https:\/\/tinyurl.com\/y3nkztkk","DOI":"10.4067\/S0716-54552012000100010"},{"key":"1011","unstructured":"CICR. (6 de diciembre de 2018). Cinco conflictos armados en Colombia \u00bfqu\u00e9 est\u00e1 pasando? Obtenido de https:\/\/www.icrc.org\/es\/document\/cinco-conflictos-armados-en-colombia-que-esta-pasando"},{"key":"1012","unstructured":"Cluster Munition Coalition. (2019). Cluster Munition Monitor (Vol. 10th Annual Edition). Obtenido de https:\/\/tinyurl.com\/y4nwxpsl"},{"key":"1013","unstructured":"Colprensa. (22 de septiembre de 2017). ONU concluye proceso de inhabilitaci\u00f3n de las 8994 armas entregadas por las Farc. El pais.com.co. Obtenido de https:\/\/www.elpais.com.co\/proceso-de-paz\/onu-concluye-proceso-de-inhabilitacion-de-las-8994-armas-entregadas-por-las-farc.html"},{"key":"1014","unstructured":"Corte Constitucional. (1995). Sentencia C-296."},{"key":"1015","unstructured":"Corte Constitucional. (2000). Sentencia C-1137."},{"key":"1016","unstructured":"Corte Constitucional. (2017). Sentencia C-047."},{"key":"1017","unstructured":"Corte IDH. (2006). Caso de la Masacre de Pueblo Bello. Sentencia de 31 de enero."},{"key":"1018","unstructured":"Criollo, O. (27 de junio de 2018). Cuatro miradas al desarme de la Farc, un a\u00f1o despu\u00e9s de entregarlas a la ONU. El Pa\u00eds.com.co. Obtenido de https:\/\/www.elpais.com.co\/proceso-de-paz\/cuatromiradas-al-desarme-de-la-farc-un-anodespues-de-entregarlas-a-la-onu.html"},{"key":"1019","unstructured":"DANE. (2018). \u00bfCu\u00e1ntos somos? Obtenido de https:\/\/tinyurl.com\/y4fsagcc"},{"key":"1020","unstructured":"DANE. (2019). DANE en el Bicentenario. Historia de la divisi\u00f3n pol\u00edtico - administrativa y los censos en Colombia. Obtenido de https:\/\/tinyurl.com\/y6s7pfsc"},{"key":"1021","unstructured":"De Le\u00f3n-Escribano, C. (2011). Tr\u00e1fico il\u00edcito de armas y municiones: Guatemala y la regi\u00f3n centroamericana. Revista Latinoamericana de Seguridad Ciudadana(10), 77-92. Obtenido de https:\/\/tinyurl.com\/y2f6ms5n"},{"key":"1022","unstructured":"Defensor\u00eda del Pueblo. (2019). Se han creado 17 nuevos grupos armados en el Pac\u00edfico, alerta el Defensor del Pueblo. Obtenido de https:\/\/tinyurl.com\/y22bahde"},{"key":"1023","unstructured":"DIAN. (5 de julio de 2018). DIAN y POLFA propinan golpe al crimen organizado. Obtenido de https:\/\/www.dian.gov.co\/Prensa\/Paginas\/NG-DIAN-y-POLFA-propinan-golpe-al-crimen-organizado.aspx"},{"key":"1024","unstructured":"DIAN. (s.f.). Consulta por estructura arancelaria. Armas, municiones, y sus partes y accesorios. Obtenido de https:\/\/muisca.dian.gov.co\/WebArancel\/DefConsultaEstructuraArancelaria.faces"},{"key":"1025","unstructured":"Donadio, M., Klepak, H., Kussrow, S., Pab\u00f3n Ayala, N., & Rial, J. (2017). Misiones militares y posconflicto: Una mirada regional sobre Colombia. Red de Seguridad y Defensa de Am\u00e9rica Latina (RESDAL). Obtenido de https:\/\/tinyurl.com\/y3u2dcfq"},{"key":"1026","unstructured":"El Espectador. (23 de julio de 2019). Estos son los cinco conflictos que hay en el territorio colombiano, seg\u00fan el CICR. Obtenido de https:\/\/www.elespectador.com\/judicial\/estos-son-los-cinco-conflictos-que-hay-en-el-territorio-colombiano-segun-el-cicr-article-872304\/"},{"key":"1027","unstructured":"El Heraldo. (25 de septiembre de 2018). La Direcci\u00f3n General de Investigaciones requiere modernizar registro de armas. Obtenido de https:\/\/tinyurl.com\/y4arqj3w"},{"key":"1028","unstructured":"El Tiempo. (2000). Importaci\u00f3n de armas. Obtenido de https:\/\/www.eltiempo.com\/archivo\/documento\/MAM-1300262"},{"key":"1029","unstructured":"El Tiempo. (15 de junio de 2017). El poder\u00edo del arsenal entregado por las Farc. El Tiempo. Obtenido de https:\/\/www.eltiempo.com\/justicia\/conflicto-y-narcotrafico\/que-tipode-armas-entregaron-las-farc-99166"},{"key":"1030","unstructured":"El Universal. (28 de mayo de 2014). CTI de la Fiscal\u00eda estrena sistema de comparaci\u00f3n bal\u00edstica. El Universal. Obtenido de https:\/\/www.eluniversal.com.co\/regional\/sucre\/cti-de-la-fiscalia-estrena-sistema-de-comparacion-balistica-160880-FXEU253723"},{"key":"1031","unstructured":"Escola de Cultura de Pau UAB. (2019). \u00a1Alerta 2019! Informe sobre conflictos, derechos humanos y construcci\u00f3n de paz. Obtenido de https:\/\/tinyurl.com\/y3suar3w"},{"key":"1032","unstructured":"Fiscal\u00eda General de la Naci\u00f3n. (1 de marzo de 2018). Descubierta caleta con minas artesanales y munici\u00f3n en zona rural de Miranda (Cauca). Obtenido de https:\/\/tinyurl.com\/y65ch3py"},{"key":"1033","unstructured":"Gobierno Nacional y FARC-EP. (2016). Acuerdo final para la terminaci\u00f3n del conflicto y la construcci\u00f3n de una paz estable y duradera."},{"key":"1034","unstructured":"G\u00f3mez, G. (6 de julio de 2017). Los resultados del primer censo socioecon\u00f3mico de las Farc. El Tiempo. Obtenido de https:\/\/www.elespectador.com\/colombia-20\/paz-y-memoria\/los-resultados-del-primer-censo-socioeconomico-de-las-farc-article\/"},{"key":"1035","unstructured":"Henckaert, J.-M., & Doswald-Beck, L. (2007). El Derecho Internacional Humanitario Consuetudinario (Vol. I). CICR. Obtenido de https:\/\/www.icrc.org\/es\/doc\/assets\/files\/other\/icrc_003_pcustom.pdf"},{"key":"1036","unstructured":"Hern\u00e1ndez Romero, A. (2005). La visibilizacio\u0301n estad\u00edstica de los grupos \u00e9tnicos colombianos. DANE. Obtenido de https:\/\/tinyurl.com\/y6zdtky2"},{"key":"1037","unstructured":"INDUMIL. (2017a). Respuesta Derecho de Petici\u00f3n No. 01.962.685. Bogot\u00e1: 9 de abril."},{"key":"1038","unstructured":"INDUMIL. (2017b). Respuesta derecho de petici\u00f3n No. 01.912.864. Bogot\u00e1: 18 de abril."},{"key":"1039","unstructured":"INDUMIL. (2019). Respuesta derecho de petici\u00f3n No. 02.162.782. Bogot\u00e1: mayo 7."},{"key":"1040","unstructured":"INDUMIL. (s.f.). Glosario. Obtenido de https:\/\/www.indumil.gov.co\/doc\/Preguntas%20Frecuentes\/GLOSARIO.pdf"},{"key":"1041","unstructured":"Infodefensa.com. (2014). Colombia despliega sus nuevos camiones Navistar 7000 MV en la primera zona de consolidaci\u00f3n. 20 de julio. Obtenido de https:\/\/tinyurl.com\/y42ecz52"},{"key":"1042","unstructured":"Jim\u00e9nez, \u00c1. (6 de junio de 2019). Director Campa\u00f1a Colombiana Contra Minas. (A. Su\u00e1rez, Entrevistador)"},{"key":"1043","unstructured":"La Tribuna. (14 de julio de 2017). Amnist\u00eda contribuir\u00e1 a mejor control de armas y reducir la impunidad. Obtenido de https:\/\/tinyurl.com\/y2scdu3y"},{"key":"1044","unstructured":"LIMPAL Colombia. (2018). Mujeres por el Desarme +vidas-armas, una mirada al desarme desde la resoluci\u00f3n 1325. LIMPAL Colombia. Obtenido de https:\/\/limpalcolombia.org\/images\/documentos\/INFORME_LIMPAL_1325.pdf"},{"key":"1045","unstructured":"Medicina Legal. (2017). Forensis. Obtenido de https:\/\/tinyurl.com\/yxf48jmy"},{"key":"1046","unstructured":"Medicina Legal. (2019). Forensis. Bogot\u00e1. junio. Obtenido de https:\/\/tinyurl.com\/y5fue8mr"},{"key":"1047","doi-asserted-by":"crossref","unstructured":"Mej\u00eda, J. (enero-junio de 2008). Armas de precisi\u00f3n y el respeto al derecho operacional en Colombia. Tiradores escogidos. Garant\u00eda de cumplimiento del Derecho Internacional de los Conflictos Armados (DICA). Proleg\u00f3menos. Derechos y Valores, XI(21), 37-64. Obtenido de https:\/\/www.redalyc.org\/pdf\/876\/87602103.pdf","DOI":"10.18359\/prole.2524"},{"key":"1048","unstructured":"Meneses, E. (23 de septiembre de 2018). 5.56mm, la munici\u00f3n que fracas\u00f3 en combate. Obtenido de https:\/\/plumahoplita.com\/2018\/09\/23\/5-56mm-la-municionque-fracaso-en-combate\/"},{"key":"1049","unstructured":"Ministerio de Defensa. (s.f.). ABC Suspensi\u00f3n porte de armas. Obtenido de https:\/\/www.mindefensa.gov.co\/irj\/go\/km\/docs\/Mindefensa\/Documentos\/descargas\/Prensa\/Documentos\/ABC_PorteArmas.pdf"},{"key":"1050","unstructured":"Ministerio de Defensa. Departamento Control Comercio de Armas, Municiones y Explosivos. (2019). Respuesta derecho de petici\u00f3n Radicado: 01190003038402-MDN-COGFM- JEMCO-SEMAI-DCCAE-OFJUR. Bogot\u00e1: 24 de abril."},{"key":"1051","unstructured":"Molano Bravo, A. (2015). Fragmentos de la Historia Del Conflicto Armado (1920-2010). Obtenido de http:\/\/www.centrodememoriahistorica.gov.co\/descargas\/comision-Paz2015\/molanoAlfredo.pdf"},{"key":"1052","unstructured":"Monsalve, R. (21 de marzo de 2017). De las armas de las Farc no se conocer\u00e1 su origen. El Colombiano. Obtenido de https:\/\/tinyurl.com\/yxkt6evl"},{"key":"1053","unstructured":"New York Times. (28 de julio de 2005). I.R.A. Renounces Violence in Potentially Profound Shift. NY Times, July 28th 2005. Disponible en:. New York Times. Obtenido de http:\/\/nyti.ms\/1Dcgc2J"},{"key":"1054","unstructured":"Ocampo, J. (2019). Bicentenario: la batalla que cambi\u00f3 la historia. Revista Semana. Obtenido de https:\/\/tinyurl.com\/y57q39jx"},{"key":"1055","unstructured":"OCHA ONU. (22 de septiembre de 2017). Misi\u00f3n de la ONU finaliza actividades de inhabilitaci\u00f3n del armamento de las FARC-EP. Obtenido de https:\/\/reliefweb.int\/report\/colombia\/misi-n-de-la-onu-finaliza-actividades-de-inhabilitaci-n-del-armamento-de-las-farc-ep"},{"key":"1056","unstructured":"OIM USAID. (s.f.). Desarme y dejaci\u00f3n de armas: casos internacionales. Obtenido de http:\/\/nyti.ms\/1Dcgc2J"},{"key":"1057","unstructured":"ONU. (2004). Convenci\u00f3n de las Naciones Unidas contra la Delincuencia Organizada Transnacional. Obtenido de https:\/\/www.unodc.org\/documents\/treaties\/UNTOC\/Publications\/TOC%20Convention\/TOCebook-s.pdf"},{"key":"1058","unstructured":"ONU. (2005). Protocolo de Armas contra la fabricaci\u00f3n y el tr\u00e1fico il\u00edcitos de armas de fuego, sus piezas y componentes y municiones de la Convenci\u00f3n de las Naciones Unidas contra la Delincuencia Organizada Transnacional (Convenci\u00f3n de Palermo). Obtenido de https:\/\/www.unodc.org\/documents\/treaties\/UNTOC\/Publications\/A-RES%2055-255\/55r255s.pdf"},{"key":"1059","unstructured":"ONU. (s.f.). United Nations Comtrade Database. Obtenido de https:\/\/tinyurl.com\/y6o7qkg2"},{"key":"1060","unstructured":"Oquendo, C. (20 de julio de 2019). Hay cinco conflictos armados hoy en Colombia. Obtenido de https:\/\/elpais.com\/internacional\/2019\/07\/20\/colombia\/1563649226_997490.html"},{"key":"1061","unstructured":"Partido verde. (2016). Proyecto de Ley 170 de 2016 C\u00e1mara. Por la cual se establece el Sistema Nacional de Registro de Identificaci\u00f3n Bal\u00edstica de las armas de fuego que circulen en el territorio nacional y se dictan otras disposiciones."},{"key":"1062","unstructured":"Polic\u00eda Nacional. (2017). Revista Criminalidad (Vol. 59 (3)). Obtenido de https:\/\/www.policia.gov.co\/sites\/default\/files\/revista-criminalidad_59_-3.pdf"},{"key":"1063","unstructured":"Polic\u00eda Nacional. (2018). Tablas estad\u00edsticas de delitos 2017. Revista Criminalidad, 60(3), 95-134. Obtenido de https:\/\/www.policia.gov.co\/sites\/default\/files\/revista-criminalidad_60_-3_0_0.pdf"},{"key":"1064","unstructured":"Portafolio. (2017). Comercio de armas movi\u00f3 US$31,8 millones en el 2016. Obtenido de https:\/\/www.portafolio.co\/negocios\/millonario-negocio-de-armas-en-colombia-502620"},{"key":"1065","unstructured":"Presidencia de la Rep\u00fablica. (1993). Decreto 2535."},{"key":"1066","unstructured":"Presidencia de la Rep\u00fablica. (2018). Decreto 2362."},{"key":"1067","unstructured":"Radio Nacional de Colombia. (8 de julio de 2019). Alerta por posible presencia de grupos armados en el sur de Bogot\u00e1. Obtenido de https:\/\/tinyurl.com\/y2efojz9"},{"key":"1068","unstructured":"Respuesta a derecho de petici\u00f3n No. S-2019-007373 DIREC-ASJUD-1.10 (Polic\u00eda Nacional. Direcci\u00f3n de Gesti\u00f3n Polic\u00eda Fiscal y Aduanera 21 de mayo de 2019)."},{"key":"1069","unstructured":"Revista Dinero. (15 de marzo de 2018). Seguridad \u00bfEs hora de desarmar a la poblaci\u00f3n colombiana? Revista Dinero. Obtenido de https:\/\/tinyurl.com\/y3vf9sfc"},{"key":"1070","unstructured":"R\u00edos Sierra, J. (2017). Breve Historia del Conflicto Armado en Colombia. Catarata."},{"key":"1071","unstructured":"Semana. (19 de enero de 2004). Montesinos vendi\u00f3 fusiles a las Farc con aprobaci\u00f3n de la CIA. Semana. Obtenido de https:\/\/www.semana.com\/noticias\/articulo\/montesinos-vendio-fusiles-farc-aprobacion-cia\/63031-3\/"},{"key":"1072","unstructured":"Semana. (14 de septiembre de 2017). En 26 a\u00f1os, la Constituci\u00f3n se ha modificado 46 veces. Revista semana. Obtenido de https:\/\/www.semana.com\/pais\/articulo\/en-26-anos-la-constitucion-se-ha-modificado-46-veces\/249982\/"},{"key":"1073","unstructured":"Semana. (7 de agosto de 2017). ONU inicia destrucci\u00f3n de municiones de las FARC. Obtenido de https:\/\/tinyurl.com\/y4pvu98e"},{"key":"1074","unstructured":"Semana. (4 de abril de 2019). CICR sostiene que en Colombia hay cinco conflictos armados internos. Semana. Obtenido de https:\/\/www.semana.com\/nacion\/articulo\/cinco-conflictos-armados-internos-en-colombia-informe-del-comite-internacional-de-la-cruz-roja\/607732\/"},{"key":"1075","unstructured":"Tamayo Arboleda, F., & Norza C\u00e9spedes, E. (2018). Midiendo el crimen: cifras de criminalidad y operatividad policial en Colombia, a\u00f1o 2017. Revista Criminalidad, 60(3), 49-71. Obtenido de https:\/\/www.policia.gov.co\/sites\/default\/files\/revista-criminalidad_60_-3_0_0.pdf"},{"key":"1076","unstructured":"UNLIREC. (2018). Ammunition Control Practices In Latin America And The Caribbean.Obtenido de https:\/\/tinyurl.com\/y6hmaemu"},{"key":"1077","unstructured":"Vargas Vel\u00e1squez, A. (2007). La singularidad colombiana: Fuerzas Armadas en seguridad interior. Obtenido de https:\/\/www.resdal.org\/atlas\/atlas07-colombia-paper.html"},{"key":"1078","unstructured":"V\u00e1squez, J. (s.f. ). Comercio y tr\u00e1fico de armas peque\u00f1as y ligeras: an\u00e1lisis sist\u00e9mico de un problema global (Trabajo de grado). Universidad Externado de Colombia."},{"key":"1079","unstructured":"Verdad Abierta. (6 de febrero de 2013). Luis Carlos Restrepo y los paras: una historia de desencuentros. Obtenido de https:\/\/verdadabierta.com\/luis-carlos-restrepo-y-los-paras-una-historia-de-desencuentros\/"},{"key":"1080","unstructured":"Vicepresidencia de la Rep\u00fablica. (2010). Formaci\u00f3n especializada en investigaci\u00f3n, juzgamiento y sanci\u00f3n de violaciones a los derechos humanos e infracciones al derecho internacional humanitario. Obtenido de http:\/\/historico.derechoshumanos.gov.co\/Prensa\/Comunicados\/2010\/Documents\/2010\/FormacionEspecializadaImpunidad_23feb10.pdf"},{"key":"1081","unstructured":"Webinfomil. (2012). Infanter\u00eda de Marina recibe nuevo lote de veh\u00edculos t\u00e1cticos M1151 HMMWV e international 7000-MV. Obtenido de https:\/\/www.webinfomil.com\/2012\/11\/infanteria-de-marina-recibe-nuevo-lote.html"},{"key":"1082","unstructured":"Zambrano, F. (2010). Las guerras civiles. Obtenido de https:\/\/tinyurl.com\/y423xcdn"}],"container-title":["Administraci\u00f3n y Desarrollo"],"link":[{"URL":"https:\/\/revistas.esap.edu.co\/index.php\/admindesarro\/article\/download\/554\/514","content-type":"application\/pdf","content-version":"vor","intended-application":"text-mining"},{"URL":"https:\/\/revistas.esap.edu.co\/index.php\/admindesarro\/article\/download\/554\/514","content-type":"unspecified","content-version":"vor","intended-application":"similarity-checking"}],"deposited":{"date-parts":[[2021,11,7]],"date-time":"2021-11-07T20:54:14Z","timestamp":1636318454000},"score":0.0,"resource":{"primary":{"URL":"https:\/\/revistas.esap.edu.co\/index.php\/admindesarro\/article\/view\/554"}},"issued":{"date-parts":[[2020,6,30]]},"references-count":93,"journal-issue":{"issue":"1","published-online":{"date-parts":[[2020,6,30]]}},"URL":"https:\/\/doi.org\/10.22431\/25005227.vol50n1.4","ISSN":["2500-5227","0120-3754"],"issn-type":[{"type":"electronic","value":"2500-5227"},{"type":"print","value":"0120-3754"}],"published":{"date-parts":[[2020,6,30]]}},{"indexed":{"date-parts":[[2025,11,6]],"date-time":"2025-11-06T16:35:34Z","timestamp":1762446934709,"version":"build-2065373602"},"reference-count":0,"publisher":"Escuela Superior de Administracion Publica","issue":"1","license":[{"start":{"date-parts":[[2015,6,24]],"date-time":"2015-06-24T00:00:00Z","timestamp":1435104000000},"content-version":"unspecified","delay-in-days":0,"URL":"http:\/\/creativecommons.org\/licenses\/by-nc-nd\/4.0"}],"content-domain":{"domain":[],"crossmark-restriction":false},"short-container-title":["Adm. Desarro."],"abstract":"<jats:p>This article is to expose the lack of a reliable mediator to ensure the defense of political rights in elections auxiliary presidents in the state of Puebla, Mexico, which are regulated by municipalities and develop with little political guarantees. Since the integration of the electoral roll or the number of boxes, there is no immediate regulatory body. Therefore, it is necessary that the National Electoral Institute to intervene in the election of local character. Therefore we rely on direct observer methodologies research, multidisciplinary approach with a qualitative analysis and critical pedagogy.<\/jats:p>","DOI":"10.22431\/25005227.4","type":"journal-article","created":{"date-parts":[[2017,7,5]],"date-time":"2017-07-05T12:06:06Z","timestamp":1499256366000},"page":"39-49","source":"Crossref","is-referenced-by-count":1,"title":["La participaci\u00f3n del Instituto Nacional Electoral en las elecciones de Juntas Auxiliares en M\u00e9xico","Participation of the National Electoral Institute in the election of Auxiliary Boards in Mexico"],"prefix":"10.22431","volume":"45","author":[{"given":"Rom\u00e1n","family":"S\u00e1nchez Zamora","sequence":"first","affiliation":[],"role":[{"role":"author","vocabulary":"crossref"}]},{"given":"Gabriel","family":"Miranda Trejo","sequence":"additional","affiliation":[],"role":[{"role":"author","vocabulary":"crossref"}]},{"given":"Yunu\u00e9n Catalina","family":"Reyes Archundia","sequence":"additional","affiliation":[],"role":[{"role":"author","vocabulary":"crossref"}]}],"member":"9723","published-online":{"date-parts":[[2015,6,24]]},"container-title":["Administraci\u00f3n &amp; Desarrollo"],"link":[{"URL":"https:\/\/revistas.esap.edu.co\/index.php\/admindesarro\/article\/download\/4\/pdf","content-type":"application\/pdf","content-version":"vor","intended-application":"text-mining"},{"URL":"https:\/\/revistas.esap.edu.co\/index.php\/admindesarro\/article\/download\/4\/pdf","content-type":"unspecified","content-version":"vor","intended-application":"similarity-checking"}],"deposited":{"date-parts":[[2025,11,6]],"date-time":"2025-11-06T16:33:19Z","timestamp":1762446799000},"score":0.0,"resource":{"primary":{"URL":"https:\/\/revistas.esap.edu.co\/index.php\/admindesarro\/article\/view\/4"}},"issued":{"date-parts":[[2015,6,24]]},"references-count":0,"journal-issue":{"issue":"1","published-online":{"date-parts":[[2015,6,24]]}},"URL":"https:\/\/doi.org\/10.22431\/25005227.4","ISSN":["2500-5227","0120-3754"],"issn-type":[{"type":"electronic","value":"2500-5227"},{"type":"print","value":"0120-3754"}],"published":{"date-parts":[[2015,6,24]]}},{"indexed":{"date-parts":[[2025,11,6]],"date-time":"2025-11-06T16:39:46Z","timestamp":1762447186706,"version":"build-2065373602"},"reference-count":43,"publisher":"Escuela Superior de Administracion Publica","issue":"2","license":[{"start":{"date-parts":[[2021,12,1]],"date-time":"2021-12-01T00:00:00Z","timestamp":1638316800000},"content-version":"unspecified","delay-in-days":0,"URL":"https:\/\/creativecommons.org\/licenses\/by-nc-sa\/4.0"}],"content-domain":{"domain":[],"crossmark-restriction":false},"short-container-title":["Adm. Desarro."],"abstract":"<jats:p>Among the reasons why companies are sanctioned in tax terms are the omission of income and the inclusion of non-existent costs in the declarations, which goes against tax planning and such conduct can be called evasion. The law determines the seriousness of the inappropriate behaviors and the pertinent ones, these range from a reprimand to the cancellation of the registration of the professional card. The methodological approach is inductive, through the analysis of particular facts, of a qualitative nature, it seeks to identify, compile, and analyze the problem through a documentary review on the influence of the professional ethics of the public accountant in tax evasion. The main ethical offenses committed by sanctioned accountants are integrity, responsibility, competence and professional diligence, ethical conduct, and professional behavior. Well, all those sanctioned have violated these five principles.<\/jats:p>","DOI":"10.22431\/25005227.vol51n2.6","type":"journal-article","created":{"date-parts":[[2022,8,11]],"date-time":"2022-08-11T12:22:48Z","timestamp":1660220568000},"page":"137-156","source":"Crossref","is-referenced-by-count":0,"title":["Influencia de los principios \u00e9ticos del contador p\u00fablico en la evasi\u00f3n fiscal","Influence of the ethical principles of the public accountant in tax evasion"],"prefix":"10.22431","volume":"51","author":[{"ORCID":"https:\/\/orcid.org\/0000-0002-3642-3692","authenticated-orcid":false,"given":"Luis David","family":"Delgado V\u00e9lez","sequence":"first","affiliation":[],"role":[{"role":"author","vocabulary":"crossref"}]},{"ORCID":"https:\/\/orcid.org\/0000-0002-5754-1313","authenticated-orcid":false,"given":"Hern\u00e1n Arturo","family":"Montes Gonz\u00e1lez","sequence":"additional","affiliation":[],"role":[{"role":"author","vocabulary":"crossref"}]},{"ORCID":"https:\/\/orcid.org\/0000-0001-6090-8262","authenticated-orcid":false,"given":"Heidy Tatiana","family":"Morales Rodr\u00edguez","sequence":"additional","affiliation":[],"role":[{"role":"author","vocabulary":"crossref"}]},{"ORCID":"https:\/\/orcid.org\/0000-0002-1186-8118","authenticated-orcid":false,"given":"Cristian Andr\u00e9s","family":"Casta\u00f1eda Cifuentes","sequence":"additional","affiliation":[],"role":[{"role":"author","vocabulary":"crossref"}]},{"ORCID":"https:\/\/orcid.org\/0000-0001-6515-6258","authenticated-orcid":false,"given":"Lorena","family":"Mart\u00ednez Soto","sequence":"additional","affiliation":[],"role":[{"role":"author","vocabulary":"crossref"}]}],"member":"9723","published-online":{"date-parts":[[2021,12,1]]},"reference":[{"key":"4507","doi-asserted-by":"crossref","unstructured":"Alvarado, U. & Pantigoso, F. (2022). \u00c9tica del servidor p\u00fablico: revisi\u00f3n sistem\u00e1tica. Igobernanza, 5(17), 90\u2013106.","DOI":"10.47865\/igob.vol5.n17.2022.169"},{"key":"4508","unstructured":"Ar\u00e9valo, A., Baratta, K., Balc\u00e1zar, K. & Monsalve, M. (2019). Liderazgo Estrat\u00e9gico, 9(1), 70-81."},{"key":"4509","unstructured":"Bautista, D. (2009). \u00c9tica p\u00fablica y buen gobierno. IAPEM."},{"key":"4510","unstructured":"Bernab\u00e9, A. y Gema, P. (2020). Democracia, Gobierno y Administraci\u00f3n p\u00fablica contempor\u00e1nea. Revista Espa\u00f1ola de Ciencia Pol\u00edtica, 58, 243-246."},{"key":"4511","unstructured":"Blanco, J. & Gonz\u00e1lez, M. (2018). Compromiso de los contadores ante la evasi\u00f3n de impuestos en Colombia [Trabajo de Pregrado]. Universidad de La Salle."},{"key":"4512","unstructured":"Blasco, J. & P\u00e9rez, J. (2007). Metodolog\u00edas de Investigaci\u00f3n en las Ciencias de la Actividad F\u00edsica y el Deporte: ampliando Horizontes. Recuperado de https:\/\/rua.ua.es\/dspace\/bitstream\/10045\/12270\/1\/blasco.pdf"},{"key":"4513","unstructured":"Castellanos, M. (2015). La \u00e9tica en la sociedad actual y la importancia de la formaci\u00f3n en valores durante la educaci\u00f3n universitaria. Reconstituci\u00f3n de Instituciones, 1(3), 30-39."},{"key":"4514","doi-asserted-by":"crossref","unstructured":"Chagcha, C. & P\u00e9rez, O. (2022). \u00c9tica p\u00fablica: herramienta pendiente de la lucha anticorrupci\u00f3n en el Ecuador. Revista Cient\u00edfica Ecociencia, 9(3), 21\u201336.","DOI":"10.21855\/ecociencia.93.657"},{"key":"4515","unstructured":"Contadur\u00eda P\u00fablica 3. (s. f.). Impuestos Nacionales, Departamentales y Municipales. Contabilidad de la Financiaci\u00f3n. http:\/\/contaduriapublicatercero3841.blogspot.com\/2017\/06\/impuestos-nacionales-departamentales-y.html"},{"key":"4516","unstructured":"Contreras, C. (2022). An\u00e1lisis del principio de la transparencia a trav\u00e9s de los \u00edndices MDM e ITA en relaci\u00f3n con el buen gobierno y la buena administraci\u00f3n: en los municipios de Galapa, Pioj\u00f3, Ponedera, Sabanalarga y Santa Luc\u00eda del departamento del Atl\u00e1ntico a\u00f1os 2018 a 2020 [Tesis de Maestr\u00eda]. Universidad del Norte."},{"key":"4517","unstructured":"Corte Constitucional de Colombia. Sentencia C-015 de 1993 (M. P. Eduardo Cifuentes Mu\u00f1oz: enero 21 de 1993)."},{"key":"4518","unstructured":"Decreto 111 de 1996. Por el cual se compilan la Ley 38 de 1989, la Ley 179 de 1994 y la Ley 225 de 1995 que conforman el estatuto org\u00e1nico del presupuesto. 15 de enero de 1996. D. O. No. 42.692."},{"key":"4519","unstructured":"Decreto 624 de 1989. Por el cual se expide el Estatuto Tributario de los Impuestos Administrados por la Direcci\u00f3n General de Impuestos Nacionales. 30 de marzo de 1989. D. O. No. 38.756."},{"key":"4520","unstructured":"Decreto 1292 de 2015. Por el cual se modifica parcialmente la estructura de la Unidad Administrativa Especial Direcci\u00f3n de Impuestos y Aduanas Nacionales. 17 de junio de 2015. D. O. No.49.546."},{"key":"4521","unstructured":"Del Campo, E. (2018). Buen gobierno y confianza institucional. Dilemata, (27), 55-71."},{"key":"4522","unstructured":"DIAN. (2015). La Entidad. DIAN. https:\/\/www.dian.gov.co\/dian\/entidad\/Paginas\/Presentacion.aspx#:~:text=de%20la%20Entidad%3F-,La%20Unidad%20Administrativa%20Especial%20Direcci%C3%B3n%20de%20Impuestos%20y%20Aduanas%20Nacionales,cumplimiento%20de%20las%20obligaciones%20tributarias%2C"},{"key":"4523","unstructured":"ETAC. (2020). Aliat Universidades. ETAC. https:\/\/etac.edu.mx\/blog-etac\/index.php\/que-son-los-impuestos\/"},{"key":"4524","unstructured":"Exc\u00e9lsior S.A. (2010). Colegio P\u00fablico de Contadores. Exc\u00e9lsior. https:\/\/www.ccpm.org.mx\/avisos\/09112010fiscal.pdf"},{"key":"4525","unstructured":"Gonz\u00e1lez, J. (2020). Condenan a 10 personas por el denominado cartel de las devoluciones del IVA. Caracol Radio. https:\/\/caracol.com.co\/radio\/2020\/05\/31\/judicial\/1590892524_795852.html"},{"key":"4526","doi-asserted-by":"crossref","unstructured":"Hern\u00e1ndez-Gil, C., Losada-Rodr\u00edguez, N. & Orozco- Calder\u00f3n, D. (2019). La influencia de la contabilidad creativa en la \u00e9tica profesional del contador p\u00fablico. Rev. investig. desarro. innov., 10(1), 53-65.","DOI":"10.19053\/20278306.v10.n1.2019.10011"},{"key":"4527","unstructured":"Ibarra, G. (2005). \u00c9tica y formaci\u00f3n profesional integral. REencuentro. An\u00e1lisis de Problemas Universitarios, (43), 0."},{"key":"4528","unstructured":"International Ethics Standards Board for Accountants. (2009). Consejo de Normas Internacionales de \u00c9tica para Contadores. C\u00f3digo de \u00c9tica para profesionales de Contabilidad. IFAC. https:\/\/www.ifac.org\/system\/files\/publications\/files\/codigo-de-etica-para-profesionales-de-la-contabilidad.pdf"},{"key":"4529","unstructured":"Ley 43 de 1990. Por la cual se adiciona la Ley 145 de 1960, reglamentaria de la profesi\u00f3n de Contador P\u00fablico y se dictan otras disposiciones. 13 de diciembre de 1990. D. O. No. 39.602."},{"key":"4530","unstructured":"Ley 145 de 1960. Por la cual se reglamenta el ejercicio de la profesi\u00f3n de Contador p\u00fablico. 30 de diciembre de 1960. D. O. No. 30.433."},{"key":"4531","unstructured":"Ley 222 de 1995. Por la cual se modifica el Libro II del C\u00f3digo de Comercio, se expide un nuevo r\u00e9gimen de procesos concursales y se dictan otras disposiciones. 20 de diciembre de 1995. D. O. No. 42.156."},{"key":"4532","unstructured":"Ley 1314 de 2009. Por la cual se regulan los principios y normas de contabilidad e informaci\u00f3n financiera y de aseguramiento de informaci\u00f3n aceptados en Colombia, se se\u00f1alan las autoridades competentes, el procedimiento para su expedici\u00f3n y se determinan las entidades responsables de vigilar su cumplimiento. 13 de julio de 2009. D. O. No. 47.409."},{"key":"4533","unstructured":"Ley 1819 del 2016. Por medio de la cual se adopta una reforma tributaria estructural, se fortalecen los mecanismos para la lucha contra la evasi\u00f3n y la elusi\u00f3n fiscal, y se dictan otras disposiciones. 29 de diciembre de 2016. D. O. No. 50.101."},{"key":"4534","unstructured":"Ley 1943 del 2018. Por la cual se expiden normas de financiamiento para el restablecimiento del equilibrio del presupuesto general y se dictan otras disposiciones. 28 de diciembre de 2018. D. O. No. 50.820."},{"key":"4535","unstructured":"Ley 2010 de 2019. Por medio de la cual se adoptan normas para la promoci\u00f3n del crecimiento econ\u00f3mico, el empleo, la inversi\u00f3n, el fortalecimiento de las finanzas p\u00fablicas y la progresividad, equidad y eficiencia del sistema tributario, de acuerdo con los objetivos que sobre la materia impulsaron la Ley 1943 de 2018 y se dictan otras disposiciones. 27 de diciembre de 2019. D. O. No. 51.179."},{"key":"4536","unstructured":"L\u00f3pez, J. (2019). Resultados de b\u00fasqueda para la evasi\u00f3n equivale a 30 del total de lo que se recauda de impuestos al a\u00f1o. La Rep\u00fablica. https:\/\/www.larepublica.co\/buscar?-Term=la%20evasion%20equivale%20a%2030%20del%20total%20de%20lo%20que%20&Limit=10&Offset=0&Order=Descending&Op=And"},{"key":"4537","unstructured":"Lozano, M. (2016). \u00bfPara qu\u00e9 sirven los impuestos? UTEL. https:\/\/utel.mx\/blog\/10-consejos-para\/para-que-sirven-los-impuestos\/#:%7E:text=Los%20impuestos%20es%20la%20disposici%C3%B3n,aporte%20una%20parte%20para%20hacerlo."},{"key":"4538","unstructured":"Pedroza, J. (2018). Reformas Tributarias En Colombia Del 2002 Al 2017, Impuesto De Renta, Impacto Econ\u00f3mico En Las Personas Naturales No Obligadas A Llevar Contabilidad [Trabajo de Grado]. Universidad de Cundinamarca."},{"key":"4539","unstructured":"Pel\u00e1ez, L. (2016). Reficar: \u00bfel esc\u00e1ndalo econ\u00f3mico del siglo? Revista Semana. https:\/\/ www.semana.com\/economia\/articulo\/reficar-las-irregularidades-por-sobrecostos\/458610\/"},{"key":"4540","doi-asserted-by":"crossref","unstructured":"Pe\u00f1a, A. (2017). La ineficacia de la penalizaci\u00f3n tributaria en Colombia. Gerencia Libre, (3), 108-117.","DOI":"10.18041\/2422-1732\/gerencia_libre.0.2017.3199"},{"key":"4541","unstructured":"Perea, V., Talero, L. & Varela, M. (2016). An\u00e1lisis de vac\u00edos existentes en las normas fiscales usados para evadir impuestos en Colombia en los a\u00f1os 2014-2015 [Trabajo de grado de Especializaci\u00f3n]. Universidad La Gran Colombia."},{"key":"4542","unstructured":"Pi\u00f1eros, M. (2013). La evasi\u00f3n y el pago de impuestos. An\u00e1lisis del comportamiento del contribuyente desde la racionalidad y la interacci\u00f3n social [Trabajo de grado de Especializaci\u00f3n]. Universidad Pedag\u00f3gica Nacional."},{"key":"4543","unstructured":"Resoluci\u00f3n 160 de 2004 [La junta central de Contadores]. Por la cual se dictan disposiciones sobre los requisitos y el procedimiento para la inscripci\u00f3n en el registro profesional de Contadores P\u00fablicos y para la expedici\u00f3n de la tarjeta profesional correspondiente. 3 de agosto de 2004."},{"key":"4544","unstructured":"Rodr\u00edguez, L. (2019). 5 caracter\u00edsticas de un contador p\u00fablico. Poliverso. https:\/\/www.poli.edu.co\/blog\/poliverso\/5-caracteristicas-de-un-contador-publico-importantes-para-las-empresas-colombianas"},{"key":"4545","doi-asserted-by":"crossref","unstructured":"Sulitzeanu-Kenan, R., Tepe, M. & Yair, O. (2022). Public-Sector Honesty and Corruption: Field Evidence from 40 Countries. Journal of Public Administration Research and Theory, 32(2), 310\u2013325","DOI":"10.1093\/jopart\/muab033"},{"key":"4546","doi-asserted-by":"crossref","unstructured":"Van de Walle, S. & Migchelbrink, K. (2022). Institutional quality, corruption, and impartiality: the role of process and outcome for citizen trust in public administration in 173 European regions. Journal of Economic Policy Reform, 25(1), 9-27.","DOI":"10.1080\/17487870.2020.1719103"},{"key":"4547","doi-asserted-by":"crossref","unstructured":"Vargas, C. & Cat\u00f3lico, D. (2007). La responsabilidad \u00e9tica del Contador P\u00fablico. Revista activos, 7(12), 121-134.","DOI":"10.15332\/s0124-5805.2007.0012.05"},{"key":"4548","unstructured":"V\u00e1zquez, J. (2021). RTC, m\u00e1s que crimen organizado, c\u00e1rteles o narcotr\u00e1fico. Secuencia (111), 1-30."},{"key":"4549","unstructured":"VIU. (2018). En qu\u00e9 consiste la educaci\u00f3n en valores. Universidad Internacional de Valencia."}],"container-title":["Administraci\u00f3n &amp; Desarrollo"],"link":[{"URL":"https:\/\/revistas.esap.edu.co\/index.php\/admindesarro\/article\/download\/678\/590","content-type":"application\/pdf","content-version":"vor","intended-application":"text-mining"},{"URL":"https:\/\/revistas.esap.edu.co\/index.php\/admindesarro\/article\/download\/678\/612","content-type":"text\/xml","content-version":"vor","intended-application":"text-mining"},{"URL":"https:\/\/revistas.esap.edu.co\/index.php\/admindesarro\/article\/download\/678\/590","content-type":"unspecified","content-version":"vor","intended-application":"similarity-checking"}],"deposited":{"date-parts":[[2025,11,6]],"date-time":"2025-11-06T16:35:37Z","timestamp":1762446937000},"score":0.0,"resource":{"primary":{"URL":"https:\/\/revistas.esap.edu.co\/index.php\/admindesarro\/article\/view\/678"}},"issued":{"date-parts":[[2021,12,1]]},"references-count":43,"journal-issue":{"issue":"2","published-online":{"date-parts":[[2021,12,27]]}},"URL":"https:\/\/doi.org\/10.22431\/25005227.vol51n2.6","ISSN":["2500-5227","0120-3754"],"issn-type":[{"type":"electronic","value":"2500-5227"},{"type":"print","value":"0120-3754"}],"published":{"date-parts":[[2021,12,1]]}},{"indexed":{"date-parts":[[2025,11,6]],"date-time":"2025-11-06T16:36:45Z","timestamp":1762447005248,"version":"build-2065373602"},"reference-count":0,"publisher":"Escuela Superior de Administracion Publica","issue":"59","license":[{"start":{"date-parts":[[2014,12,1]],"date-time":"2014-12-01T00:00:00Z","timestamp":1417392000000},"content-version":"unspecified","delay-in-days":0,"URL":"http:\/\/creativecommons.org\/licenses\/by-nc-nd\/4.0"}],"content-domain":{"domain":[],"crossmark-restriction":false},"short-container-title":["Adm. Desarro."],"abstract":"<jats:p>Since the decade of the 80s, begins in Europe the trend to liberalize the electricity market. Colombia adopts the same trend in the 90s, with the main objectives to increase efficiency in service delivery and reduce its price to the end user. This article shows, by describing market, the current state of marketing electricity service in the country when, in the process of liberalization has not yet come to a complete deregulation, and sustains that, although not no monopoly market share of generation and supply is concentrated in a few companies.<\/jats:p>","DOI":"10.22431\/25005227.102","type":"journal-article","created":{"date-parts":[[2017,7,5]],"date-time":"2017-07-05T12:06:06Z","timestamp":1499256366000},"page":"23-39","source":"Crossref","is-referenced-by-count":0,"title":["Caracterizaci\u00f3n de la comercializaci\u00f3n del servicio de energ\u00eda el\u00e9ctrica en Colombia en un entorno de liberalizaci\u00f3n","Characterization of the electrical power in Colombia in a liberation context"],"prefix":"10.22431","volume":"43","author":[{"given":"Nidia Estella","family":"Higuita Alvarez","sequence":"first","affiliation":[],"role":[{"role":"author","vocabulary":"crossref"}]},{"given":"Juliana","family":"Echeverri Cadavid","sequence":"additional","affiliation":[],"role":[{"role":"author","vocabulary":"crossref"}]},{"given":"Ivan","family":"Montoya Restrepo","sequence":"additional","affiliation":[],"role":[{"role":"author","vocabulary":"crossref"}]}],"member":"9723","published-online":{"date-parts":[[2014,12,1]]},"container-title":["Administraci\u00f3n &amp; Desarrollo"],"link":[{"URL":"https:\/\/revistas.esap.edu.co\/index.php\/admindesarro\/article\/download\/102\/pdf","content-type":"application\/pdf","content-version":"vor","intended-application":"text-mining"},{"URL":"https:\/\/revistas.esap.edu.co\/index.php\/admindesarro\/article\/download\/102\/pdf","content-type":"unspecified","content-version":"vor","intended-application":"similarity-checking"}],"deposited":{"date-parts":[[2025,11,6]],"date-time":"2025-11-06T16:33:55Z","timestamp":1762446835000},"score":0.0,"resource":{"primary":{"URL":"https:\/\/revistas.esap.edu.co\/index.php\/admindesarro\/article\/view\/102"}},"issued":{"date-parts":[[2014,12,1]]},"references-count":0,"journal-issue":{"issue":"59","published-online":{"date-parts":[[2014,12,1]]}},"URL":"https:\/\/doi.org\/10.22431\/25005227.102","ISSN":["2500-5227","0120-3754"],"issn-type":[{"type":"electronic","value":"2500-5227"},{"type":"print","value":"0120-3754"}],"published":{"date-parts":[[2014,12,1]]}},{"indexed":{"date-parts":[[2025,11,6]],"date-time":"2025-11-06T16:35:49Z","timestamp":1762446949381,"version":"build-2065373602"},"reference-count":0,"publisher":"Escuela Superior de Administracion Publica","issue":"54","license":[{"start":{"date-parts":[[2011,12,1]],"date-time":"2011-12-01T00:00:00Z","timestamp":1322697600000},"content-version":"unspecified","delay-in-days":0,"URL":"http:\/\/creativecommons.org\/licenses\/by-nc-nd\/4.0"}],"content-domain":{"domain":[],"crossmark-restriction":false},"short-container-title":["Adm. Desarro."],"abstract":"<jats:p>Constructing the Colombian constitution in 1991 reflected a complex situation consisting of social phenomena such as drug trafficking, political persecution and excessive use of the \"state of siege\/emergency\" mechanism which bestowed an air of legitimacy on various armed forces: those of the state, terrorists and subversive and paramilitary elements. This, in turn, led to constant violation of people's human rights and total ignorance of the concept of human dignity, this being the foundation for a modern, democratic state. The foregoing led to civil society actors\/movements, mainly university students, calling on the people as the constituent power to create a new social contract, a desire resulting in the promulgation of the 1991 constitution which recognises that human dignity provides the means for recognising the rule of law, this being the foundation upon which the entire functioning of public authorities rests for guaranteeing the fundamental rights of all members of a particular state.<\/jats:p>","DOI":"10.22431\/25005227.140","type":"journal-article","created":{"date-parts":[[2017,7,5]],"date-time":"2017-07-05T12:06:06Z","timestamp":1499256366000},"page":"119-132","source":"Crossref","is-referenced-by-count":4,"title":["El poder constituyente y la carta de derechos en la Constituci\u00f3n Pol\u00edtica de Colombia de 1991","Constituent power and fundamental rights in the Colombian constitution 1991"],"prefix":"10.22431","volume":"39","author":[{"given":"Eric","family":"Leiva Ramirez","sequence":"first","affiliation":[],"role":[{"role":"author","vocabulary":"crossref"}]},{"given":"Ana Lucia","family":"Mu\u00f1oz Gonzalez","sequence":"additional","affiliation":[],"role":[{"role":"author","vocabulary":"crossref"}]}],"member":"9723","published-online":{"date-parts":[[2011,12,1]]},"container-title":["Administraci\u00f3n &amp; Desarrollo"],"link":[{"URL":"https:\/\/revistas.esap.edu.co\/index.php\/admindesarro\/article\/download\/140\/pdf","content-type":"application\/pdf","content-version":"vor","intended-application":"text-mining"},{"URL":"https:\/\/revistas.esap.edu.co\/index.php\/admindesarro\/article\/download\/140\/pdf","content-type":"unspecified","content-version":"vor","intended-application":"similarity-checking"}],"deposited":{"date-parts":[[2025,11,6]],"date-time":"2025-11-06T16:34:05Z","timestamp":1762446845000},"score":0.0,"resource":{"primary":{"URL":"https:\/\/revistas.esap.edu.co\/index.php\/admindesarro\/article\/view\/140"}},"issued":{"date-parts":[[2011,12,1]]},"references-count":0,"journal-issue":{"issue":"54","published-online":{"date-parts":[[2011,12,1]]}},"URL":"https:\/\/doi.org\/10.22431\/25005227.140","ISSN":["2500-5227","0120-3754"],"issn-type":[{"type":"electronic","value":"2500-5227"},{"type":"print","value":"0120-3754"}],"published":{"date-parts":[[2011,12,1]]}},{"indexed":{"date-parts":[[2025,12,31]],"date-time":"2025-12-31T20:29:46Z","timestamp":1767212986833,"version":"3.48.0"},"reference-count":0,"publisher":"Escuela Superior de Administracion Publica","issue":"64","license":[{"start":{"date-parts":[[2011,12,15]],"date-time":"2011-12-15T00:00:00Z","timestamp":1323907200000},"content-version":"unspecified","delay-in-days":0,"URL":"http:\/\/creativecommons.org\/licenses\/by-nc-nd\/4.0"}],"content-domain":{"domain":[],"crossmark-restriction":false},"short-container-title":["Nova vetera"],"abstract":"<jats:p>El presente art\u00edculo es un avance del producto de la investigaci\u00f3n donde se desea abordar el problema de la eficacia jur\u00eddica y sociol\u00f3gica de los derechos humanos de las trabajadoras sexuales de la localidad de Santa Fe, ya que se tiene pleno conocimiento que todas los seres humanos sin importar cual sea su raza, sexo, nacionalidad, creencias religiosas, labor que desempe\u00f1a, tienen unos derechos que son inherentes a \u00e9l e inalienables, y deben gozar a plenitud de ellos. Tomando y haciendo \u00e9nfasis en los derechos humanos de las trabajadoras sexuales, es necesario aclarar que ellas al igual que cualquier otra persona independientemente de la labor que desempe\u00f1an merecen el mismo trato y protecci\u00f3n de sus derechos. Al ser el trabajo sexual una actividad no vista de buen modo por la sociedad, es de otra manera una realidad social por la que se atraviesa y que se debe afrontar; las trabajadoras sexuales deben gozar de derechos como cualquier otro ser humano, y por lo tanto deben ser protegidas de la misma manera y es en este punto donde se debate la eficacia de esta protecci\u00f3n.<\/jats:p>","DOI":"10.22431\/25005103.167","type":"journal-article","created":{"date-parts":[[2017,7,5]],"date-time":"2017-07-05T15:34:05Z","timestamp":1499268845000},"page":"29-42","source":"Crossref","is-referenced-by-count":0,"title":["Eficacia jur\u00eddica y sociol\u00f3gica de los derechos fundamentales de las trabajadoras sexuales en Colombia"],"prefix":"10.22431","volume":"20","author":[{"given":"Eric","family":"Leiva Ramirez","sequence":"first","affiliation":[],"role":[{"role":"author","vocabulary":"crossref"}]},{"given":"Jenny Carolina","family":"Aristizabal Pulgar\u00edn","sequence":"additional","affiliation":[],"role":[{"role":"author","vocabulary":"crossref"}]},{"given":"Julieth Andrea","family":"Martinez Acosta","sequence":"additional","affiliation":[],"role":[{"role":"author","vocabulary":"crossref"}]},{"given":"Ana Lucia","family":"Mu\u00f1oz Gonz\u00e1lez","sequence":"additional","affiliation":[],"role":[{"role":"author","vocabulary":"crossref"}]}],"member":"9723","published-online":{"date-parts":[[2011,12,15]]},"container-title":["Nova et Vetera"],"link":[{"URL":"https:\/\/revistas.esap.edu.co\/index.php\/novaetvetera\/article\/download\/167\/pdf","content-type":"application\/pdf","content-version":"vor","intended-application":"text-mining"},{"URL":"https:\/\/revistas.esap.edu.co\/index.php\/novaetvetera\/article\/download\/167\/pdf","content-type":"unspecified","content-version":"vor","intended-application":"similarity-checking"}],"deposited":{"date-parts":[[2025,12,31]],"date-time":"2025-12-31T20:26:59Z","timestamp":1767212819000},"score":0.0,"resource":{"primary":{"URL":"https:\/\/revistas.esap.edu.co\/index.php\/novaetvetera\/article\/view\/167"}},"issued":{"date-parts":[[2011,12,15]]},"references-count":0,"journal-issue":{"issue":"64","published-online":{"date-parts":[[2011,12,15]]}},"URL":"https:\/\/doi.org\/10.22431\/25005103.167","ISSN":["2500-5103","0123-2614"],"issn-type":[{"type":"electronic","value":"2500-5103"},{"type":"print","value":"0123-2614"}],"published":{"date-parts":[[2011,12,15]]}},{"indexed":{"date-parts":[[2025,11,6]],"date-time":"2025-11-06T16:39:29Z","timestamp":1762447169215,"version":"build-2065373602"},"reference-count":0,"publisher":"Escuela Superior de Administracion Publica","issue":"1","license":[{"start":{"date-parts":[[2018,6,18]],"date-time":"2018-06-18T00:00:00Z","timestamp":1529280000000},"content-version":"unspecified","delay-in-days":0,"URL":"http:\/\/creativecommons.org\/licenses\/by-nc-nd\/4.0"}],"content-domain":{"domain":[],"crossmark-restriction":false},"short-container-title":["Adm. Desarro."],"abstract":"<jats:p>Conventional approaches to peace education have not led to more peaceful societies. In order to produce the broad political and social shifts that many peace educators have envisioned, a new type of educational approach is needed. Conflict transformation education (CTE) is a promising new approach that seeks to shift attitudes at a group level rather than individually,\u00a0 and embraces rather than denies its explicit political aim to shift social norms regarding the use of violence. CTE could be a useful tool in the post-peace agreement Colombian context.<\/jats:p>","DOI":"10.22431\/25005227.436","type":"journal-article","created":{"date-parts":[[2018,6,30]],"date-time":"2018-06-30T14:29:02Z","timestamp":1530368942000},"page":"61-91","source":"Crossref","is-referenced-by-count":0,"title":["\u00bfPuede la educaci\u00f3n para la transformaci\u00f3n del conflicto servir como mecanismo para  incrementar el nivel de paz en Colombia?","Could conflict transformation education serve as a mechanism for increasing peacefulness in Colombia?"],"prefix":"10.22431","volume":"48","author":[{"ORCID":"https:\/\/orcid.org\/0000-0003-3853-4465","authenticated-orcid":false,"given":"Thomas","family":"Hill","sequence":"first","affiliation":[],"role":[{"role":"author","vocabulary":"crossref"}]}],"member":"9723","published-online":{"date-parts":[[2018,6,18]]},"container-title":["Administraci\u00f3n &amp; Desarrollo"],"link":[{"URL":"https:\/\/revistas.esap.edu.co\/index.php\/admindesarro\/article\/download\/436\/467","content-type":"application\/pdf","content-version":"vor","intended-application":"text-mining"},{"URL":"https:\/\/revistas.esap.edu.co\/index.php\/admindesarro\/article\/download\/436\/467","content-type":"unspecified","content-version":"vor","intended-application":"similarity-checking"}],"deposited":{"date-parts":[[2025,11,6]],"date-time":"2025-11-06T16:34:43Z","timestamp":1762446883000},"score":0.0,"resource":{"primary":{"URL":"https:\/\/revistas.esap.edu.co\/index.php\/admindesarro\/article\/view\/436"}},"issued":{"date-parts":[[2018,6,18]]},"references-count":0,"journal-issue":{"issue":"1","published-online":{"date-parts":[[2018,6,18]]}},"URL":"https:\/\/doi.org\/10.22431\/25005227.436","ISSN":["2500-5227","0120-3754"],"issn-type":[{"type":"electronic","value":"2500-5227"},{"type":"print","value":"0120-3754"}],"published":{"date-parts":[[2018,6,18]]}},{"indexed":{"date-parts":[[2025,12,31]],"date-time":"2025-12-31T20:16:06Z","timestamp":1767212166553,"version":"3.48.0"},"reference-count":0,"publisher":"Escuela Superior de Administracion Publica","issue":"1","license":[{"start":{"date-parts":[[2016,6,21]],"date-time":"2016-06-21T00:00:00Z","timestamp":1466467200000},"content-version":"unspecified","delay-in-days":0,"URL":"http:\/\/creativecommons.org\/licenses\/by-nc-nd\/4.0"}],"content-domain":{"domain":[],"crossmark-restriction":false},"short-container-title":["Adm. Desarro."],"abstract":"<jats:p>In this article, the most important academic production in economics and administration are both identified and exhibited for the period between January 1974 and June 2014. To this effect, descriptive biometrical indica\u00actors will be used, such as, production volume, document type, languages, number of references, institutional affiliation of the authors, sources, main journals (Gonz\u00e1lez-Pereira, Guerrero-Bote y Moya, 2009) and the indexes H,G ,R, i10 and A (Hirsch, 2005; Egghe, 2006, Jin, Liang, Rousseau and Egghe, 2007, T\u00fa\u00f1ez L\u00f3pez and de Pablos Coello, 2013); the records found in the Scopus bibliographic index related to the authors with Colombian affiliation will be taken into account.<\/jats:p>","DOI":"10.22431\/25005227.59","type":"journal-article","created":{"date-parts":[[2017,7,5]],"date-time":"2017-07-05T12:05:54Z","timestamp":1499256354000},"page":"49-71","source":"Crossref","is-referenced-by-count":3,"title":["Patrones de la producci\u00f3n acad\u00e9mica colombiana en Econom\u00eda y Administraci\u00f3n (1974-mayo 2014): un an\u00e1lisis bibliom\u00e9trico basado en Scopus","Colombian Production patterns in economics and administration (1974-junio 2014): a biometrical analysis based on Scopus"],"prefix":"10.22431","volume":"46","author":[{"given":"Jenny Paola","family":"Lis-Guti\u00e9rrez","sequence":"first","affiliation":[],"role":[{"role":"author","vocabulary":"crossref"}]},{"given":"Clorith Ang\u00e9lica","family":"Bahos-Olivera","sequence":"additional","affiliation":[],"role":[{"role":"author","vocabulary":"crossref"}]}],"member":"9723","published-online":{"date-parts":[[2016,6,21]]},"container-title":["Administraci\u00f3n &amp; Desarrollo"],"link":[{"URL":"https:\/\/revistas.esap.edu.co\/index.php\/admindesarro\/article\/download\/59\/pdf","content-type":"application\/pdf","content-version":"vor","intended-application":"text-mining"},{"URL":"https:\/\/revistas.esap.edu.co\/index.php\/admindesarro\/article\/download\/59\/pdf","content-type":"unspecified","content-version":"vor","intended-application":"similarity-checking"}],"deposited":{"date-parts":[[2025,12,31]],"date-time":"2025-12-31T20:12:32Z","timestamp":1767211952000},"score":0.0,"resource":{"primary":{"URL":"https:\/\/revistas.esap.edu.co\/index.php\/admindesarro\/article\/view\/59"}},"issued":{"date-parts":[[2016,6,21]]},"references-count":0,"journal-issue":{"issue":"1","published-online":{"date-parts":[[2016,6,21]]}},"URL":"https:\/\/doi.org\/10.22431\/25005227.59","ISSN":["2500-5227","0120-3754"],"issn-type":[{"type":"electronic","value":"2500-5227"},{"type":"print","value":"0120-3754"}],"published":{"date-parts":[[2016,6,21]]}},{"indexed":{"date-parts":[[2025,11,6]],"date-time":"2025-11-06T16:39:23Z","timestamp":1762447163132,"version":"build-2065373602"},"reference-count":0,"publisher":"Escuela Superior de Administracion Publica","issue":"1","license":[{"start":{"date-parts":[[2017,6,30]],"date-time":"2017-06-30T00:00:00Z","timestamp":1498780800000},"content-version":"unspecified","delay-in-days":0,"URL":"http:\/\/creativecommons.org\/licenses\/by-nc-nd\/4.0"}],"content-domain":{"domain":[],"crossmark-restriction":false},"short-container-title":["Adm. Desarro."],"abstract":"<jats:p>Desde luego, los avances de la ciencia de la administraci\u00f3n p\u00fablica deben orientarse cr\u00edticamente no solo en los niveles epistemol\u00f3gico y te\u00f3rico donde est\u00e1n sus fundamentos ineluctables, sino en sus niveles metodol\u00f3gico y t\u00e9cnico, donde se encuentran sus resultados m\u00e1s palmarios para la sociedad. En ese sentido, se hace una invitaci\u00f3n a profundizar estudios pertinentes como los que conforman el amplio espectro de los art\u00edculos del presente n\u00famero de la revista Administraci\u00f3n y Desarrollo, producto no solo de reflexiones sobre campos espec\u00edficos, sino de investigaciones a diferentes escalas de la administraci\u00f3n p\u00fablica en Colombia y con diversos enfoques y perspectivas hist\u00f3ricas y prospectivas de problemas concretos locales, regionales, nacionales e internacionales.<\/jats:p>","DOI":"10.22431\/25005227.381","type":"journal-article","created":{"date-parts":[[2017,8,28]],"date-time":"2017-08-28T10:00:28Z","timestamp":1503914428000},"page":"6-10","source":"Crossref","is-referenced-by-count":0,"title":["Editorial"],"prefix":"10.22431","volume":"47","author":[{"given":"Jairo","family":"Rincon Pachon","sequence":"first","affiliation":[],"role":[{"role":"author","vocabulary":"crossref"}]}],"member":"9723","published-online":{"date-parts":[[2017,6,30]]},"container-title":["Administraci\u00f3n &amp; Desarrollo"],"link":[{"URL":"https:\/\/revistas.esap.edu.co\/index.php\/admindesarro\/article\/download\/381\/pdf","content-type":"application\/pdf","content-version":"vor","intended-application":"text-mining"},{"URL":"https:\/\/revistas.esap.edu.co\/index.php\/admindesarro\/article\/download\/381\/pdf","content-type":"unspecified","content-version":"vor","intended-application":"similarity-checking"}],"deposited":{"date-parts":[[2025,11,6]],"date-time":"2025-11-06T16:34:24Z","timestamp":1762446864000},"score":0.0,"resource":{"primary":{"URL":"https:\/\/revistas.esap.edu.co\/index.php\/admindesarro\/article\/view\/381"}},"issued":{"date-parts":[[2017,6,30]]},"references-count":0,"journal-issue":{"issue":"1","published-online":{"date-parts":[[2017,6,30]]}},"URL":"https:\/\/doi.org\/10.22431\/25005227.381","ISSN":["2500-5227","0120-3754"],"issn-type":[{"type":"electronic","value":"2500-5227"},{"type":"print","value":"0120-3754"}],"published":{"date-parts":[[2017,6,30]]}},{"indexed":{"date-parts":[[2022,4,1]],"date-time":"2022-04-01T21:34:27Z","timestamp":1648848867540},"reference-count":0,"publisher":"Escuela Superior de Administracion Publica","issue":"65","license":[{"start":{"date-parts":[[2016,9,28]],"date-time":"2016-09-28T00:00:00Z","timestamp":1475020800000},"content-version":"unspecified","delay-in-days":0,"URL":"http:\/\/creativecommons.org\/licenses\/by-nc-nd\/4.0"}],"content-domain":{"domain":[],"crossmark-restriction":false},"short-container-title":["Nova vetera"],"abstract":"<jats:p>La violencia sexual es un delito soportado generalmente por las mujeres en diferentes contextos sociales y personales. La violencia sexual cometida en el marco del conflicto armado es utilizada como arma de guerra y pone a las mujeres en la posici\u00f3n de objeto y de estrategia militar. Este art\u00edculo tratar\u00e1 de dar respuesta a c\u00f3mo funciona la violencia sexual como arma dentro de los conflictos armados. Para dicho fin se conceptualizar\u00e1 esta problem\u00e1tica y se describir\u00e1n las distintas normativas de regulaci\u00f3n y de sanci\u00f3n tanto internacional como colombiana de la materia. Para concluir se expondr\u00e1n algunos problemas en la sanci\u00f3n de abusos sexuales en Colombia que han podido ser establecidos por organizaciones sociales y no gubernamentales.<\/jats:p>","DOI":"10.22431\/25005103.322","type":"journal-article","created":{"date-parts":[[2017,7,5]],"date-time":"2017-07-05T19:34:05Z","timestamp":1499283245000},"page":"41-48","source":"Crossref","is-referenced-by-count":0,"title":["Violencia sexual: la guerra en contra de los derechos de las mujeres"],"prefix":"10.22431","volume":"21","author":[{"given":"Nayibe Paola","family":"Jim\u00e9nez Rodr\u00edguez","sequence":"first","affiliation":[],"role":[{"role":"author","vocabulary":"crossref"}]}],"member":"9723","published-online":{"date-parts":[[2016,9,28]]},"container-title":["Nova et Vetera"],"link":[{"URL":"https:\/\/revistas.esap.edu.co\/index.php\/novaetvetera\/article\/download\/322\/pdf","content-type":"application\/pdf","content-version":"vor","intended-application":"text-mining"},{"URL":"https:\/\/revistas.esap.edu.co\/index.php\/novaetvetera\/article\/download\/322\/pdf","content-type":"unspecified","content-version":"vor","intended-application":"similarity-checking"}],"deposited":{"date-parts":[[2021,11,30]],"date-time":"2021-11-30T03:21:25Z","timestamp":1638242485000},"score":0.0,"resource":{"primary":{"URL":"https:\/\/revistas.esap.edu.co\/index.php\/novaetvetera\/article\/view\/322"}},"issued":{"date-parts":[[2016,9,28]]},"references-count":0,"journal-issue":{"issue":"65","published-online":{"date-parts":[[2016,9,28]]}},"URL":"https:\/\/doi.org\/10.22431\/25005103.322","ISSN":["2500-5103","0123-2614"],"issn-type":[{"value":"2500-5103","type":"electronic"},{"value":"0123-2614","type":"print"}],"published":{"date-parts":[[2016,9,28]]}},{"indexed":{"date-parts":[[2022,3,31]],"date-time":"2022-03-31T16:27:00Z","timestamp":1648744020462},"reference-count":0,"publisher":"Escuela Superior de Administracion Publica","license":[{"start":{"date-parts":[[2016,10,10]],"date-time":"2016-10-10T00:00:00Z","timestamp":1476057600000},"content-version":"unspecified","delay-in-days":0,"URL":"http:\/\/creativecommons.org\/licenses\/by-nc-nd\/4.0"}],"content-domain":{"domain":[],"crossmark-restriction":false},"short-container-title":["Nova vetera"],"abstract":"<jats:p>Es significativa la importancia que tiene el reflexionar sobre la seguridad del paciente, como factor inalienable de los derechos humanos y base estructural del Sistema Obligatorio de la Garant\u00eda de la Calidad de la salud en una instituci\u00f3n prestadora de servicios de salud. La salud antes de la Ley Estatutaria 1751 de 2015, no era considerada como un derecho y para su defensa era necesaria la conexidad con la vida, el sistema de salud debe ser inclusivo, es decir, que demande el derecho de co\u2013responder al desarrollo de los ni\u00f1os, ni\u00f1as, adolescentes, j\u00f3venes y adultos, que permiten la incorporaci\u00f3n equilibrada del individuo sano con bienestar a una sociedad aut\u00f3noma, responsable y diversa. Es evidente, que en la actualidad se esta desarrollando una cultura m\u00e1s humana en el Sistema General de Seguridad Social en Salud y que el manejo de riesgos determina la g\u00e9nesis de la seguridad del paciente, es m\u00e1s, los sistemas constitucional y social asumen de manera figurada a la salud. Y por el contrario, se enmarcan en un sistema judicial, cada vez, m\u00e1s inclusivo. En otras palabras, la seguridad del paciente esta adquiriendo cada vez m\u00e1s responsabilidad y compromiso por la alta direcci\u00f3n de las instituciones de salud no solo como uno de los factores de control econ\u00f3mico financiero, si no por la humanizaci\u00f3n de la salud en todos sus campos de acci\u00f3n de donde se concluye la trascendencia de la salud a un derecho fundamental.<\/jats:p>","DOI":"10.22431\/25005103.97","type":"journal-article","created":{"date-parts":[[2017,7,5]],"date-time":"2017-07-05T19:34:05Z","timestamp":1499283245000},"page":"75-86","source":"Crossref","is-referenced-by-count":0,"title":["La seguridad del paciente en el Hospital P\u00edo XII (Putumayo, Colombia). Un factor inalienable de los derechos humanos"],"prefix":"10.22431","volume":"25","author":[{"given":"Jesus Alberto","family":"Lopez Martinez","sequence":"first","affiliation":[],"role":[{"role":"author","vocabulary":"crossref"}]}],"member":"9723","published-online":{"date-parts":[[2016,10,10]]},"container-title":["Nova et Vetera"],"link":[{"URL":"https:\/\/revistas.esap.edu.co\/index.php\/novaetvetera\/article\/download\/97\/pdf","content-type":"application\/pdf","content-version":"vor","intended-application":"text-mining"},{"URL":"https:\/\/revistas.esap.edu.co\/index.php\/novaetvetera\/article\/download\/97\/pdf","content-type":"unspecified","content-version":"vor","intended-application":"similarity-checking"}],"deposited":{"date-parts":[[2021,11,30]],"date-time":"2021-11-30T03:20:33Z","timestamp":1638242433000},"score":0.0,"resource":{"primary":{"URL":"https:\/\/revistas.esap.edu.co\/index.php\/novaetvetera\/article\/view\/97"}},"issued":{"date-parts":[[2016,10,10]]},"references-count":0,"URL":"https:\/\/doi.org\/10.22431\/25005103.97","ISSN":["2500-5103","0123-2614"],"issn-type":[{"value":"2500-5103","type":"electronic"},{"value":"0123-2614","type":"print"}],"published":{"date-parts":[[2016,10,10]]}},{"indexed":{"date-parts":[[2024,9,27]],"date-time":"2024-09-27T04:45:22Z","timestamp":1727412322051},"reference-count":49,"publisher":"Escuela Superior de Administracion Publica","issue":"1","license":[{"start":{"date-parts":[[2021,6,30]],"date-time":"2021-06-30T00:00:00Z","timestamp":1625011200000},"content-version":"unspecified","delay-in-days":0,"URL":"http:\/\/creativecommons.org\/licenses\/by-nc-nd\/4.0"}],"content-domain":{"domain":[],"crossmark-restriction":false},"short-container-title":["Adm. Desarro."],"abstract":"<jats:p>El presente escrito es reflexivo y tiene como pregunta: \u00bfC\u00f3mo comprender las pol\u00edticas p\u00fablicas frente al monitoreo institucional desde el enfoque territorial? La metodolog\u00eda empleada es de tipo cualitativo, cuyo m\u00e9todo es reflexivo y se desarroll\u00f3 en dos momentos: en el primero, se realizaron discusiones conceptuales sobre pol\u00edtica p\u00fablica en clave de capacidades institucionales y el enfoque territorial. En el segundo momento, se realiz\u00f3 la discusi\u00f3n alrededor del enfoque territorial para identificar y fortalecer la proyecci\u00f3n de las agencias estatales que pone al Estado en calidad de sujeto de inter\u00e9s y a la pol\u00edtica en perspectiva de desarrollo territorial. Como principales hallazgos, las pol\u00edticas p\u00fablicas frente al monitoreo institucional tienen una dimensi\u00f3n gerencial del territorio que est\u00e1 vinculada a la capacidad de gesti\u00f3n, y el enfoque territorial en la pol\u00edtica p\u00fablica hace posible su implementaci\u00f3n y monitoreo a distintas escalas.<\/jats:p>","DOI":"10.22431\/25005227.vol51n1.7","type":"journal-article","created":{"date-parts":[[2022,6,16]],"date-time":"2022-06-16T16:58:41Z","timestamp":1655398721000},"page":"148-164","source":"Crossref","is-referenced-by-count":1,"title":["Aproximaci\u00f3n a las pol\u00edticas p\u00fablicas frente al monitoreo institucional desde el enfoque territorial"],"prefix":"10.22431","volume":"51","author":[{"given":"Gleidy A.","family":"Urrego Estrada","sequence":"first","affiliation":[],"role":[{"role":"author","vocabulary":"crossref"}]},{"given":"Jahir A.","family":"Guti\u00e9rrez-Ossa","sequence":"additional","affiliation":[],"role":[{"role":"author","vocabulary":"crossref"}]}],"member":"9723","published-online":{"date-parts":[[2021,6,30]]},"reference":[{"key":"4106","unstructured":"Aguilar, L. (2000). El estudio de las pol\u00edticas p\u00fablicas. Colecci\u00f3n Antolog\u00edas de Pol\u00edtica P\u00fablica. Miguel \u00c1ngel Porr\u00faa."},{"key":"4107","unstructured":"Aguilar, L. (2009). Gobernanza y Gesti\u00f3n P\u00fablica. Fondo de Cultura Econ\u00f3mica."},{"key":"4108","unstructured":"Bardach, E. (2001). Los ocho pasos para el an\u00e1lisis de pol\u00edticas p\u00fablicas: un manual para la pr\u00e1ctica. Miguel \u00c1ngel Porrua & CIDE."},{"key":"4109","unstructured":"Barzelay, M (2001). La nueva gerencia p\u00fablica. Un ensayo bibliogr\u00e1fico para estudiosos latinoamericanos y otros. Revista del CLAD. Reforma y Democracia (19), 1-33."},{"key":"4110","unstructured":"Boussaguet, L., Jacqout, S. & Ravinet, P. (2016). Diccionario de pol\u00edticas p\u00fablicas. 2\u00aa edici\u00f3n. Universidad Externado de Colombia."},{"key":"4111","unstructured":"Buesaquillo-Salazar, D. & L\u00f3pez-Buritic\u00e1, L. (2019). Las Asociaciones P\u00fablico -Cooperaci\u00f3n"},{"key":"4112","doi-asserted-by":"crossref","unstructured":"para el Desarrollo Privadas en Colombia: una reflexi\u00f3n sobre el mecanismo en el pa\u00eds entre 2018 y 2019. Ensayos de Econom\u00eda, 29(55), 57-81. https:\/\/doi.org\/10.15446\/ede.v29n55.79363","DOI":"10.15446\/ede.v29n55.79363"},{"key":"4113","doi-asserted-by":"crossref","unstructured":"Canto, R. (2015). Pol\u00edticas p\u00fablicas, racionalidad y raz\u00f3n. Universidad Aut\u00f3noma de Yucat\u00e1n. T\u00f3picos. Revista de Filosof\u00eda (49), 259-290.","DOI":"10.21555\/top.v0i49.752"},{"key":"4114","unstructured":"Cabrero, E. (2005). Acci\u00f3n p\u00fablica y desarrollo local. Fondo de Cultura Econ\u00f3mica."},{"key":"4115","doi-asserted-by":"crossref","unstructured":"Chica, S. & Salazar, C. (2016). Nueva y posnueva gesti\u00f3n p\u00fablica \u00bfContinuidad o ruptura de las doctrinas de reforma a partir de 1990? Administraci\u00f3n y Desarrollo 46(1), 100-125. https:\/\/doi.org\/10.22431\/25005227.89","DOI":"10.22431\/25005227.89"},{"key":"4116","doi-asserted-by":"crossref","unstructured":"Chica-V\u00e9lez, S. & Salazar-Ortiz, C. (2021). Posnueva gesti\u00f3n p\u00fablica, gobernanza e innovaci\u00f3n. Tres conceptos en torno a una forma de organizaci\u00f3n y gesti\u00f3n de lo p\u00fablico. OPERA. 28 (ene. 2021), 17\u201351. https:\/\/doi.org\/10.18601\/16578651.n28.02.","DOI":"10.18601\/16578651.n28.02"},{"key":"4117","unstructured":"Constituci\u00f3n Pol\u00edtica de Colombia [Const]. Art. 306. 7 de julio de 1991 (Colombia)."},{"key":"4118","unstructured":"Constituci\u00f3n Pol\u00edtica de Colombia [Const]. Art. 307. 7 de julio de 1991 (Colombia)."},{"key":"4119","doi-asserted-by":"crossref","unstructured":"De Oliveira, F. & Addor, N. (2018). Las pol\u00edticas p\u00fablicas desarrolladas fuera del Poder P\u00fablico y su contribuci\u00f3n para el desarrollo de la ciencia. Revista Videre, Dourados, MS, (10), 177-192. https:\/\/doi.org\/10.30612\/videre.v10i19.7058","DOI":"10.30612\/videre.v10i19.7058"},{"key":"4120","unstructured":"Decreto 893 de 2017 [Ministerio de Agricultura y Desarrollo Rural]. Decreto 893 de 2017. Por el cual se crean los Programas de Desarrollo con Enfoque Territorial \u2013 PDET. 28 de mayo de 2017."},{"key":"4121","unstructured":"Departamento Nacional de Planeaci\u00f3n (2013). Manual de soporte conceptual. Metodolog\u00eda general para la formulaci\u00f3n y evaluaci\u00f3n de proyectos. Direcci\u00f3n de inversiones y finanzas p\u00fablicas. https:\/\/etitc.edu.co\/archives\/investigacion\/ManualConceptual.pdf"},{"key":"4122","unstructured":"Evans, B. & Re\u00edd, J. (2016). Una vida en resilencia. El arte de vivir en peligro. Fondo de Cultura Econ\u00f3mica."},{"key":"4123","unstructured":"Farin\u00f3s, J. (2009). Bases, m\u00e9todos e instrumentos para el desarrollo y la cohesi\u00f3n territorial. Diagn\u00f3stico y propuestas para el desarrollo y debate y la acci\u00f3n. En Cohesi\u00f3n e inteligencia territorial (pp. 17\u201362). Universidad de Val\u00e9ncia."},{"key":"4124","unstructured":"Fontaine, G. (2015). An\u00e1lisis de pol\u00edticas p\u00fablicas: conceptos, teor\u00edas y m\u00e9todos. Siglo XXI editores."},{"key":"4125","doi-asserted-by":"crossref","unstructured":"Feoli, M. (2016). Judicializaci\u00f3n de la pol\u00edtica y activismo judicial: una aproximaci\u00f3n a Am\u00e9rica Latina. Revista Latinoamericana de Derechos Humanos, 27(1), 75-98. https:\/\/doi.org\/10.15359\/rldh.27-1.4","DOI":"10.15359\/rldh.27-1.4"},{"key":"4126","unstructured":"Fontaine, G. (2015). El An\u00e1lisis de Pol\u00edticas P\u00fablicas. Conceptos, teor\u00edas y m\u00e9todos. Anthropos \u2013 FLACSO Ecuador y Siglo 21 Editores. 1\u00aa edici\u00f3n."},{"key":"4127","doi-asserted-by":"crossref","unstructured":"Gibson, C., Ostrom, E. & Ahn, T. (2000). The concept of scale and the human immersions of global change: a survey. Ecological Economics, 32(2), 217-239.","DOI":"10.1016\/S0921-8009(99)00092-0"},{"key":"4128","doi-asserted-by":"crossref","unstructured":"G\u00f3mez, R. (2012). Gesti\u00f3n de pol\u00edticas p\u00fablicas: aspectos operativos. Revista Facultad Nacional de Salud P\u00fablica, 30(2), 223-236.","DOI":"10.17533\/udea.rfnsp.12588"},{"key":"4129","unstructured":"Guardamagna, M., Reyes, M. & Vogel, P. (2020). La participaci\u00f3n ciudadana y el desarrollo territorial: un desaf\u00edo para las gestiones gubernamentales. Casos locales en la Mendoza actual. Universidad Nacional de Comahue, Pilquen, 23(5), 26-45."},{"key":"4130","unstructured":"Haesbaert, R. (2011). El mito de la desterritorializaci\u00f3n. Del \u201cfin de los territorios a la multiterritorialidad. Siglo XXI."},{"key":"4131","unstructured":"Hern\u00e1ndez, J. (2015). Del Gobierno a la Gobernanza Local. Capacidades, instituciones y visiones de lo p\u00fablico en el proceso de descentralizaci\u00f3n en Colombia: estudio de casos. (Tesis doctoral). Universidad Complutense de https:\/\/eprints.ucm.es\/28088\/1\/T35640.pdf"},{"key":"4132","unstructured":"Lussault. M. (2007). El hombre espacial. La construcci\u00f3n social del espacio humano. Amorrortu."},{"key":"4133","unstructured":"Lefebvre, H. (2013). La producci\u00f3n del espacio. Capit\u00e1n Swing Libros."},{"key":"4134","unstructured":"Ley 1444 de 2011. Por medio de la cual se escinden unos Ministerios, se otorgan precisas facultades extraordinarias al Presidente de la Rep\u00fablica para modificar la estructura de la Administraci\u00f3n P\u00fablica y la planta de personal de la Fiscal\u00eda General de la Naci\u00f3n y se dictan otras disposiciones. 4 de mayo de 2011. D. O. No. 48059."},{"key":"4135","unstructured":"Ley 1454 de 2011. Por la cual se dictan normas org\u00e1nicas sobre ordenamiento territorial y se modifican otras disposiciones. 28 de junio de 2011. D. O. No. 40115."},{"key":"4136","unstructured":"Ley 1950 de 2019. Por medio de la cual se aprueba el \u00abacuerdo sobre los t\u00e9rminos de la adhesi\u00f3n de la Rep\u00fablica de Colombia a la convenci\u00f3n de la organizaci\u00f3n para la cooperaci\u00f3n y el desarrollo econ\u00f3micos\u00bb, suscrito en par\u00eds, el 30 de mayo de 2018 y la \u00abconvenci\u00f3n de la organizaci\u00f3n para la cooperaci\u00f3n y el desarrollo econ\u00f3micos\u00bb, hecha en par\u00eds el 14 de diciembre de 1960. 8 de enero de 2019. D. O. No. 50830."},{"key":"4137","unstructured":"Ley 1962 de 2019. Por la cual se dictan normas org\u00e1nicas para el fortalecimiento de la regi\u00f3n administrativa de planificaci\u00f3n, se establecen las condiciones para su conversi\u00f3n en regi\u00f3n entidad territorial y se dictan otras disposiciones, en desarrollo de los art\u00edculos 306 y 307 de la C.P. 28 de junio de 2019."},{"key":"4138","doi-asserted-by":"crossref","unstructured":"L\u00f3pez, H. (2018). Separaci\u00f3n de poderes, pol\u00edticas p\u00fablicas y activismo judicial: una discusi\u00f3n a partir de jurisprudencia de la Corte Constitucional colombiana sobre una pol\u00edtica p\u00fablica. DOXA, Cuadernos de Filosof\u00eda del Derecho, (41), 171-192.","DOI":"10.14198\/DOXA2018.41.09"},{"key":"4139","doi-asserted-by":"crossref","unstructured":"Loray, R. (2017). Pol\u00edticas p\u00fablicas en ciencia, tecnolog\u00eda e innovaci\u00f3n: tendencias regionales y espacios de convergencia. Revista de Estudios Sociales (62), 68-80. https:\/\/doi.org\/10.7440\/res62.2017.07","DOI":"10.7440\/res62.2017.07"},{"key":"4140","unstructured":"Management Sciences for Development Colombia Ltda. (2012). Gu\u00eda para la Incorporaci\u00f3n e Implementaci\u00f3n de la Pol\u00edtica de Acceso a la Justicia en los Planes de Desarrollo Departamentales, Distritales y Municipales. Ministerio de Justicia y del Derecho. Elaborada con la asistencia de la Agencia Espa\u00f1ola de Cooperaci\u00f3n para el Desarrollo - AECID."},{"key":"4141","doi-asserted-by":"crossref","unstructured":"Mart\u00ednez, P. & Gil, M. (2017). El \u00edndice de Coherencia de Pol\u00edticas para el Desarrollo: midiendo la Agenda 2030 desde la Coherencia de Pol\u00edticas para el Desarrollo. Iberoamericana Journal of Development Studies, 6(1), 102-127.","DOI":"10.26754\/ojs_ried\/ijds.228"},{"key":"4142","unstructured":"Morales, F. & Jim\u00e9nez, F. (2018). Fundamentos del enfoque territorial: actores, dimensiones, escalas espaciales y sus niveles. Universidad Nacional Aut\u00f3noma de M\u00e9xico."},{"key":"4143","unstructured":"Muller, P. (2010). Las pol\u00edticas p\u00fablicas. Universidad Externado de Colombia."},{"key":"4144","unstructured":"Olivares, N. (2015). El constitucionalismo democr\u00e1tico desde una concepci\u00f3n democr\u00e1tica deliberativa. Anuario del CIJS."},{"key":"4145","unstructured":"Olivera, M., Castro, F., Arboleda, O. & Tibocha, A. (2011). Dise\u00f1o de un \u00edndice de capacidad institucional para la efectividad del gasto p\u00fablico (informe final. Fedesarrollo y USAID. https:\/\/www.repository.fedesarrollo.org.co\/bitstream\/handle\/11445\/325\/Diseno%20de%20un%20indice%20de%20capacidad%20institucional%20-%20Informe%20Final%20_AID_PAGINAWEB.pdf?sequence=2&isAllowed=y#:~:text=La%20capacidad%20institucional%20se%20puede,et%20al.%2C%202002).&text=Finalmente%20el%20nivel%20macro%20de,cual%20se%20desenvuelven%20las%20entidades"},{"key":"4146","unstructured":"Oszlak, O. (2006). Burocracia estatal: pol\u00edtica y pol\u00edticas p\u00fablicas. POSDATA, (11), 11-56."},{"key":"4147","unstructured":"Roth, A. (2002). Pol\u00edticas p\u00fablicas. Formulaci\u00f3n, implementaci\u00f3n y evaluaci\u00f3n. Ediciones Aurora."},{"key":"4148","doi-asserted-by":"crossref","unstructured":"Roth, A. (2014). La investigaci\u00f3n en pol\u00edticas p\u00fablicas: \u00bfingenier\u00eda social, argumentaci\u00f3n o experimentaci\u00f3n democr\u00e1tica? Mundos Plurales. Revista Latinoamericana de Pol\u00edticas y Acci\u00f3n P\u00fablica 1(1); 11-27.","DOI":"10.17141\/mundosplurales.1.2014.1903"},{"key":"4149","unstructured":"Roth, A. (2019). Pol\u00edticas p\u00fablicas: formulaci\u00f3n, implementaci\u00f3n y evaluaci\u00f3n. 14\u00aa edici\u00f3n. Ediciones Aurora."},{"key":"4150","unstructured":"Santos, M. (2000). La naturaleza del espacio. Ariel."},{"key":"4151","unstructured":"Sosa, M., Riquelme, Y. & Diez, O. (2020). Consideraciones sobre el desarrollo local. Universidad Y Sociedad, 12(4), 309-315. https:\/\/rus.ucf.edu.cu\/index.php\/rus\/article\/view\/1649"},{"key":"4152","unstructured":"Taleb, N. (2013). Anti fr\u00e1gil. Las cosas que se benefician del desorden. Paid\u00f3s."},{"key":"4153","unstructured":"Thompson, F. (2008). Las tres caras de la gesti\u00f3n p\u00fablica. Gesti\u00f3n y Pol\u00edtica P\u00fablica, 17(2), 487-509."},{"key":"4154","doi-asserted-by":"crossref","unstructured":"Varela, E. (2015). Nuevos roles de los gobiernos locales en la implementaci\u00f3n de pol\u00edticas p\u00fablicas. Gobernabilidad territorial y competitividad global. EURE, 41(123), 213-237.","DOI":"10.4067\/S0250-71612015000300009"}],"container-title":["Administraci\u00f3n &amp; Desarrollo"],"link":[{"URL":"https:\/\/revistas.esap.edu.co\/index.php\/admindesarro\/article\/download\/652\/574","content-type":"application\/pdf","content-version":"vor","intended-application":"text-mining"},{"URL":"https:\/\/revistas.esap.edu.co\/index.php\/admindesarro\/article\/download\/652\/563","content-type":"text\/xml","content-version":"vor","intended-application":"text-mining"},{"URL":"https:\/\/revistas.esap.edu.co\/index.php\/admindesarro\/article\/download\/652\/552","content-type":"unspecified","content-version":"vor","intended-application":"similarity-checking"}],"deposited":{"date-parts":[[2024,9,27]],"date-time":"2024-09-27T02:09:35Z","timestamp":1727402975000},"score":0.0,"resource":{"primary":{"URL":"https:\/\/revistas.esap.edu.co\/index.php\/admindesarro\/article\/view\/652"}},"issued":{"date-parts":[[2021,6,30]]},"references-count":49,"journal-issue":{"issue":"1","published-online":{"date-parts":[[2021,6,30]]}},"URL":"https:\/\/doi.org\/10.22431\/25005227.vol51n1.7","ISSN":["2500-5227","0120-3754"],"issn-type":[{"type":"electronic","value":"2500-5227"},{"type":"print","value":"0120-3754"}],"published":{"date-parts":[[2021,6,30]]}},{"indexed":{"date-parts":[[2022,4,1]],"date-time":"2022-04-01T20:49:01Z","timestamp":1648846141689},"reference-count":0,"publisher":"Escuela Superior de Administracion Publica","license":[{"start":{"date-parts":[[2015,12,13]],"date-time":"2015-12-13T00:00:00Z","timestamp":1449964800000},"content-version":"unspecified","delay-in-days":0,"URL":"http:\/\/creativecommons.org\/licenses\/by-nc-nd\/4.0"}],"content-domain":{"domain":[],"crossmark-restriction":false},"short-container-title":["Nova vetera"],"abstract":"<jats:p>Las v\u00edctimas de la violencia de g\u00e9nero son v\u00edctimas de violaciones de derechos humanos. El presente art\u00edculo, pretende determinar el marco normativo espa\u00f1ol, tanto supranacional como constitucional y normativo, en materia de lucha contra la violencia de g\u00e9nero, as\u00ed como examinar los objetivos y medidas contenidos en la \u201cEstrategia Nacional para la Erradicaci\u00f3n de la Violencia contra la Mujer 2013-2016\u201d, aprobada por el Gobierno espa\u00f1ol como eje rector de las pol\u00edticas que, en cumplimiento de la Constituci\u00f3n y la leyes, desarrollan las distintas administraciones p\u00fablicas en el \u00e1mbito de sus respectivas competencias en materia de igualdad entre los g\u00e9neros, analizando los resultados alcanzados, a fin de verificar su idoneidad para lograr la erradicaci\u00f3n de la violencia contra la mujer en Espa\u00f1a.<\/jats:p>","DOI":"10.22431\/25005103.36","type":"journal-article","created":{"date-parts":[[2017,7,5]],"date-time":"2017-07-05T19:34:05Z","timestamp":1499283245000},"page":"36-48","source":"Crossref","is-referenced-by-count":0,"title":["La estrategia nacional para la erradicaci\u00f3n de la violencia contra la mujer en Espa\u00f1a: marco jur\u00eddico-constitucional"],"prefix":"10.22431","volume":"24","author":[{"given":"Jos\u00e9 Gabriel","family":"Ruiz Gonz\u00e1lez","sequence":"first","affiliation":[],"role":[{"role":"author","vocabulary":"crossref"}]}],"member":"9723","published-online":{"date-parts":[[2015,12,13]]},"container-title":["Nova et Vetera"],"link":[{"URL":"https:\/\/revistas.esap.edu.co\/index.php\/novaetvetera\/article\/download\/36\/pdf","content-type":"application\/pdf","content-version":"vor","intended-application":"text-mining"},{"URL":"https:\/\/revistas.esap.edu.co\/index.php\/novaetvetera\/article\/download\/36\/pdf","content-type":"unspecified","content-version":"vor","intended-application":"similarity-checking"}],"deposited":{"date-parts":[[2021,11,30]],"date-time":"2021-11-30T03:21:44Z","timestamp":1638242504000},"score":0.0,"resource":{"primary":{"URL":"https:\/\/revistas.esap.edu.co\/index.php\/novaetvetera\/article\/view\/36"}},"issued":{"date-parts":[[2015,12,13]]},"references-count":0,"URL":"https:\/\/doi.org\/10.22431\/25005103.36","ISSN":["2500-5103","0123-2614"],"issn-type":[{"value":"2500-5103","type":"electronic"},{"value":"0123-2614","type":"print"}],"published":{"date-parts":[[2015,12,13]]}},{"indexed":{"date-parts":[[2022,4,1]],"date-time":"2022-04-01T10:01:33Z","timestamp":1648807293967},"reference-count":0,"publisher":"Escuela Superior de Administracion Publica","issue":"65","license":[{"start":{"date-parts":[[2016,9,28]],"date-time":"2016-09-28T00:00:00Z","timestamp":1475020800000},"content-version":"unspecified","delay-in-days":0,"URL":"http:\/\/creativecommons.org\/licenses\/by-nc-nd\/4.0"}],"content-domain":{"domain":[],"crossmark-restriction":false},"short-container-title":["Nova vetera"],"abstract":"<jats:p>Este trabajo pretende reflexionar en torno a dos problemas centrales, en el campo de la problem\u00e1tica jur\u00eddica de la vejez. Por un lado, nos preguntamos si los derechos humanos en la ancianidad son derechos diferentes, cu\u00e1l ser\u00eda su alcance y para qu\u00e9 servir\u00edan. Mas de otro, nos interesa seguir pensando si es necesario desarrollar una nueva especialidad, ya denominada \u201cDerecho de la Vejez\u201d, que incluya, entre otras cosas, herramientas e instituciones, principios, reglas, leyes pr\u00e1cticas tribunalicias y\/o juzgados espec\u00edficos de esta materia . O bien, tan s\u00f3lo basta contar con una Convenci\u00f3n Internacional de Derechos Humanos referidos a las personas mayores, tal como se ha planteado.<\/jats:p>","DOI":"10.22431\/25005103.321","type":"journal-article","created":{"date-parts":[[2017,7,5]],"date-time":"2017-07-05T19:34:05Z","timestamp":1499283245000},"page":"31-38","source":"Crossref","is-referenced-by-count":1,"title":["Derechos Humanos y transcurso de la vida. Los Derechos Humanos en la vejez \u00bfson derechos diferentes?"],"prefix":"10.22431","volume":"21","author":[{"given":"Mar\u00eda Isolina","family":"Dabove","sequence":"first","affiliation":[],"role":[{"role":"author","vocabulary":"crossref"}]}],"member":"9723","published-online":{"date-parts":[[2016,9,28]]},"container-title":["Nova et Vetera"],"link":[{"URL":"https:\/\/revistas.esap.edu.co\/index.php\/novaetvetera\/article\/download\/321\/pdf","content-type":"application\/pdf","content-version":"vor","intended-application":"text-mining"},{"URL":"https:\/\/revistas.esap.edu.co\/index.php\/novaetvetera\/article\/download\/321\/pdf","content-type":"unspecified","content-version":"vor","intended-application":"similarity-checking"}],"deposited":{"date-parts":[[2021,11,30]],"date-time":"2021-11-30T03:21:27Z","timestamp":1638242487000},"score":0.0,"resource":{"primary":{"URL":"https:\/\/revistas.esap.edu.co\/index.php\/novaetvetera\/article\/view\/321"}},"issued":{"date-parts":[[2016,9,28]]},"references-count":0,"journal-issue":{"issue":"65","published-online":{"date-parts":[[2016,9,28]]}},"URL":"https:\/\/doi.org\/10.22431\/25005103.321","ISSN":["2500-5103","0123-2614"],"issn-type":[{"value":"2500-5103","type":"electronic"},{"value":"0123-2614","type":"print"}],"published":{"date-parts":[[2016,9,28]]}},{"indexed":{"date-parts":[[2025,12,31]],"date-time":"2025-12-31T19:50:04Z","timestamp":1767210604269,"version":"3.48.0"},"reference-count":54,"publisher":"Escuela Superior de Administracion Publica","issue":"1","license":[{"start":{"date-parts":[[2025,6,20]],"date-time":"2025-06-20T00:00:00Z","timestamp":1750377600000},"content-version":"unspecified","delay-in-days":0,"URL":"https:\/\/creativecommons.org\/licenses\/by-nc-sa\/4.0"}],"content-domain":{"domain":[],"crossmark-restriction":false},"short-container-title":["Adm. Desarro."],"abstract":"<jats:p>This reflection paper examines how Game-Based Learning can enhance the teaching of statistics in public administration, focusing specifically on the use of serious and simulation games as pedagogical tools. Board games can be used as an alternative pedagogical practice based on the holistic teaching style, which promotes learning motivation in the classroom. The methodology used for planning follows a five-stage process for the development of serious games: definition, conceptualization, formalization, production, presentation and evaluation. Additionally, this study presents the construction of a serious game whose pedagogical purpose is to identify the characteristics that differentiate discrete probability distributions. It is emphasized that Game-Based Learning should not replace traditional methods but complement them. Also, the evaluation through concept inventories provides a clear feedback of the pedagogical process, proposing an example of how it can be applied in the context of public administration. Finally, this methodology has the potential to significantly improve the training of future public administrators, especially in the understanding of discrete probability distributions.<\/jats:p>","DOI":"10.22431\/25005227.1110","type":"journal-article","created":{"date-parts":[[2025,7,11]],"date-time":"2025-07-11T14:31:24Z","timestamp":1752244284000},"page":"e1110","source":"Crossref","is-referenced-by-count":0,"title":["Aprendizaje basado en juegos para la ense\u00f1anza de la probabilidad en la Administraci\u00f3n p\u00fablica","Game based learning oriented towards the teaching of probability in public administration","Aprendizagem baseada em jogos para o ensino de probabilidade na administra\u00e7\u00e3o p\u00fablica"],"prefix":"10.22431","volume":"55","author":[{"ORCID":"https:\/\/orcid.org\/0000-0003-4582-265X","authenticated-orcid":false,"given":"Gabriel","family":"Villalobos Camargo","sequence":"first","affiliation":[],"role":[{"role":"author","vocabulary":"crossref"}]},{"ORCID":"https:\/\/orcid.org\/0000-0002-6571-0172","authenticated-orcid":false,"given":"Carlos Andr\u00e9s","family":"Barco Rojas","sequence":"additional","affiliation":[],"role":[{"role":"author","vocabulary":"crossref"}]},{"ORCID":"https:\/\/orcid.org\/0000-0003-0478-5311","authenticated-orcid":false,"given":"David Juli\u00e1n","family":"Molina Beltr\u00e1n","sequence":"additional","affiliation":[],"role":[{"role":"author","vocabulary":"crossref"}]}],"member":"9723","published-online":{"date-parts":[[2025,6,20]]},"reference":[{"doi-asserted-by":"crossref","unstructured":"Aguilar Fern\u00e1ndez, E., & Zamora Araya, J. A. (2024). Las tarjetas como recurso did\u00e1ctico para la ense\u00f1anza de la estad\u00edstica: La experiencia en un curso de did\u00e1ctica espec\u00edfica. Innovaciones Educativas, 26(40), 135-146. https:\/\/doi.org\/10.22458\/ie.v26i40.4674","key":"22420","DOI":"10.22458\/ie.v26i40.4674"},{"doi-asserted-by":"crossref","unstructured":"Allen, K. (2006). The Statistics Concept Inventory: Development and Analysis of a Cognitive Assessment Instrument in Statistics (SSRN Scholarly Paper No. 2130143). https:\/\/doi.org\/10.2139\/ssrn.2130143","key":"22421","DOI":"10.2139\/ssrn.2130143"},{"doi-asserted-by":"crossref","unstructured":"Allen, K., Stone, A., Rhoads, T. R., & Murphy, T. J. (2004). The Statistics Concepts Inventory: Developing A Valid And Reliable Instrument. https:\/\/api.semanticscholar.org\/CorpusID:141229542","key":"22422","DOI":"10.18260\/1-2--13652"},{"doi-asserted-by":"crossref","unstructured":"Alper, A., \u00d6zta\u015f, E. \u015e., Atun, H., \u00c7\u0131nar, D., & Moyenga, M. (2021). A Systematic Literature Review towards the Research of Game-Based Learning with Augmented Reality. International Journal of Technology in Education and Science (IJTES) 5(2), 224-244. https:\/\/doi.org\/10.46328\/ijtes.176","key":"22423","DOI":"10.46328\/ijtes.176"},{"doi-asserted-by":"crossref","unstructured":"Barco Rojas, C. A., Jimenez Agudelo, M. A., & Raimundo Yaegashi, S. F. (2024). Aprendizaje basado en problemas para la ense\u00f1anza de matem\u00e1ticas en administraci\u00f3n p\u00fablica. Administraci\u00f3n & Desarrollo, 54(2), e973. https:\/\/doi.org\/10.22431\/25005227.973","key":"22424","DOI":"10.22431\/25005227.973"},{"doi-asserted-by":"crossref","unstructured":"Bochennek, K., Wittekindt, B., Zimmermann, S.-Y., & Klingebiel, T. (2007). More than mere games: A review of card and board games for medical education. Medical Teacher29(9-10), 941-948. https:\/\/doi.org\/10.1080\/01421590701749813","key":"22425","DOI":"10.1080\/01421590701749813"},{"doi-asserted-by":"crossref","unstructured":"Bonilla, H. A. M., & Guti\u00e9rrez, D. F. V. (2024). Aportes para la evaluaci\u00f3n de estrategias pedag\u00f3gicas gamificadas con juegos serios e intervenci\u00f3n del azar. University of Murcia, 99(38.1). https:\/\/doi.org\/10.47553\/rifop.v99i38.1.93896","key":"22426","DOI":"10.47553\/rifop.v99i38.1.93896"},{"doi-asserted-by":"crossref","unstructured":"Bowers, A. W., Ranganathan, S., & Simmons, D. R. (2018). Defining Quality in Undergraduate Education: Directions for Future Research Informed by a Literature Review. Higher Learning Research Communications 8(1), n1.","key":"22427","DOI":"10.18870\/hlrc.v8i1.392"},{"doi-asserted-by":"crossref","unstructured":"Caicedo, G. E. G., \u00c1lvarez, J. P., & Campos, M. M. (2020). Gamificaci\u00f3n y creatividad como fundamentos para un aprendizaje significativo. Revista EDUCARE - UPEL-IPB - Segunda Nueva Etapa 2.0, 24(3), 473-487. https:\/\/doi.org\/10.46498\/reduipb.v24i3.1316","key":"22428","DOI":"10.46498\/reduipb.v24i3.1316"},{"doi-asserted-by":"crossref","unstructured":"Camargo Uribe, \u00c1., & Hederich Mart\u00ednez, C. (2007). El estilo de ense\u00f1anza. Un concepto en b\u00fasqueda de precisi\u00f3n. Pedagog\u00eda y Saberes, 26, 31.40. https:\/\/doi.org\/10.17227\/01212494.26pys31.40","key":"22429","DOI":"10.17227\/01212494.26pys31.40"},{"doi-asserted-by":"crossref","unstructured":"Chen, M., & Downing, L. (2006). Using Simulations to Enhance Students\u2019 Learning in Management Accounting. Taylor & Francis, 18(4), 27-32. https:\/\/doi.org\/10.1080\/10963758.2006.10696872","key":"22430","DOI":"10.1080\/10963758.2006.10696872"},{"doi-asserted-by":"crossref","unstructured":"Coletta, V. P., & Steinert, J. J. (2020). Why normalized gain should continue to be used in analyzing preinstruction and postinstruction scores on concept inventories. Physical Review Physics Education Research, 16(1), 010108. https:\/\/doi.org\/10.1103\/PhysRevPhysEducRes.16.010108","key":"22431","DOI":"10.1103\/PhysRevPhysEducRes.16.010108"},{"unstructured":"Cook, T. D., & Campbell, D. T. (1976). The design and conduct of true experiments and quasi-experiments in field settings. En M. D. Dunnette (Ed.), Handbook of Industrial and Organizational Psychology (pp. 223-326).","key":"22432"},{"doi-asserted-by":"crossref","unstructured":"Epstein, J. (2013). The calculus concept inventory- measurement of the effect of teaching methodology in mathematics. Notices of the American Mathematical Society, 60, 1018-1027.","key":"22433","DOI":"10.1090\/noti1033"},{"doi-asserted-by":"crossref","unstructured":"Espinosa, R. S. C. (2016). Presentaci\u00f3n. Juegos digitales y gamificaci\u00f3n aplicados en el \u00e1mbito de la educaci\u00f3n. National University of Distance Education, 19(2), 27-27. https:\/\/doi.org\/10.5944\/ried.19.2.16143","key":"22434","DOI":"10.5944\/ried.19.2.16143"},{"doi-asserted-by":"crossref","unstructured":"Freire-Araujo, W., & Gallardo-Medina, W. (2023). Simulaci\u00f3n Empresarial como Herramienta de Innovaci\u00f3n en Aprendizaje Universitario. 593 Digital Publisher CEIT, 8(4), 189-201. https:\/\/doi.org\/10.33386\/593dp.2023.4.1901","key":"22435","DOI":"10.33386\/593dp.2023.4.1901"},{"unstructured":"Garc\u00eda, J. D. (2021, febrero). JugatoriUN, el juego como recurso de aprendizaje.","key":"22436"},{"doi-asserted-by":"crossref","unstructured":"Gros, B. (2017). Game dimensions and pedagogical dimension in serious games. En Handbook of Research on Serious Games for Educational Applications (pp. 402-417). IGI Global.","key":"22437","DOI":"10.4018\/978-1-5225-0513-6.ch019"},{"doi-asserted-by":"crossref","unstructured":"Hake, R. R. (1998). Interactive-engagement versus traditional methods: A six-thousand-student survey of mechanics test data for introductory physics courses. American Journal of Physics, 66(1), 64-74. https:\/\/doi.org\/10.1119\/1.18809","key":"22438","DOI":"10.1119\/1.18809"},{"doi-asserted-by":"crossref","unstructured":"Halloun, I. A., & Hestenes, D. (1985). The initial knowledge state of college physics students. American Journal of Physics, 53(11), 1043-1055. https:\/\/doi.org\/10.1119\/1.14030","key":"22439","DOI":"10.1119\/1.14030"},{"doi-asserted-by":"crossref","unstructured":"Harguind\u00e9guy, J.-B., Hern\u00e1ndez Hern\u00e1ndez, M. E., Huete Garc\u00eda, M. \u00c1ngeles, Merinero Rodr\u00edguez, R., & Velasco Gonz\u00e1lez, M. (2023). Gamificaci\u00f3n y pol\u00edticas p\u00fablicas \u00a1Que empiece el juego!. Gesti\u00f3n Y An\u00e1lisis De Pol\u00edticas P\u00fablicas, (31), 43\u201355. https:\/\/doi.org\/10.24965\/gapp.11135","key":"22440","DOI":"10.24965\/gapp.11135"},{"unstructured":"Hern\u00e1ndez, L., & Romero, L. J. (2019). La ense\u00f1anza y aprendizaje de la Estad\u00edstica en el Programa Acad\u00e9mico Desarrollo Empresarial de la UNEFM: Un an\u00e1lisis prospectivo de los aspectos procedimentales, actitudinales y cognitivos. Revista Cedotic, 4(1), 136-160.","key":"22441"},{"doi-asserted-by":"crossref","unstructured":"Huo, Y. (2019). A Pedagogy-Based Framework for Optimizing Learning Efficiency across Multiple Disciplines in Educational Games. International Journal of Information and Education Technology, 9(10), 704-709. https:\/\/doi.org\/10.18178\/ijiet.2019.9.10.1290","key":"22442","DOI":"10.18178\/ijiet.2019.9.10.1290"},{"doi-asserted-by":"crossref","unstructured":"Ib\u00e1\u00f1ez Usach, C. P., Guerrero, R. H., & Figueirido, D. (2015). 1st International Conference on Higher Education Advances (HEAD\u2019 15) (pp. 607-612). Editorial Universitat Polit\u00e8cnica de Val\u00e8ncia. https:\/\/doi.org\/10.4995\/HEAd15.2015.402","key":"22443","DOI":"10.4995\/HEAd15.2015.402"},{"doi-asserted-by":"crossref","unstructured":"Laine, T. H., & Lindberg, R. S. (2020). Designing engaging games for education: A systematic literature review on game motivators and design principles. IEEE Transactions on Learning Technologies, 13(4), 804-821.","key":"22444","DOI":"10.1109\/TLT.2020.3018503"},{"doi-asserted-by":"crossref","unstructured":"Lee, H. S., Sanei, H., Famularo, L., Masters, J., Bradshaw, L., & Schellman, M. (2023). Validating a concept inventory for measuring students\u2019 probabilistic reasoning: The case of reasoning within the context of a raffle. The Journal of Mathematical Behavior, 71, 101081. https:\/\/doi.org\/10.1016\/j.jmathb.2023.101081","key":"22445","DOI":"10.1016\/j.jmathb.2023.101081"},{"doi-asserted-by":"crossref","unstructured":"Legaki, N.-Z., Xi, N., Hamari, J., Karpouzis, K., & Assimakopoulos, V. (2020). The effect of challenge-based gamification on learning: An experiment in the context of statistics education. Elsevier BV, 144, 102496-102496. https:\/\/doi.org\/10.1016\/j.ijhcs.2020.102496","key":"22446","DOI":"10.1016\/j.ijhcs.2020.102496"},{"doi-asserted-by":"crossref","unstructured":"Leonardou, A., Rigou, M., & Garofalakis, J. (2020). Techniques to Motivate Learner Improvement in Game-Based Assessment. Multidisciplinary Digital Publishing Institute, 11(4), 176-176. https:\/\/doi.org\/10.3390\/info11040176","key":"22447","DOI":"10.3390\/info11040176"},{"doi-asserted-by":"crossref","unstructured":"Linehan, C., Kirman, B., Lawson, S., & Chan, G. (2011). Practical, appropriate, empirically-validated guidelines for designing educational games. https:\/\/doi.org\/10.1145\/1978942.1979229","key":"22448","DOI":"10.1145\/1978942.1979229"},{"doi-asserted-by":"crossref","unstructured":"Llovera-L\u00f3pez, Y., Arag\u00f3n-Carretero, Y., & Cano-Olivares, P. (2023). Ciberplagio Acad\u00e9mico entre el estudiantado universitario: Un acercamiento al estado actual de la tem\u00e1tica (2017-2020). Revista Colombiana de Educaci\u00f3n, 87, 207-226. https:\/\/doi.org\/10.17227\/rce.num87-13143","key":"22449","DOI":"10.17227\/rce.num87-13143"},{"doi-asserted-by":"crossref","unstructured":"L\u00f3pez, I. J. P., & Navarro-Mateos, C. (2022). Gamificaci\u00f3n: Lo que es no es siempre lo que ves. 59. https:\/\/doi.org\/10.31391\/s2007-7033(2022)0059-002","key":"22450","DOI":"10.31391\/S2007-7033(2022)0059-002"},{"doi-asserted-by":"crossref","unstructured":"Martindale, R. C., & Weiss, A. M. (2020). \u201cTaphonomy: Dead and fossilized\u201d: A new board game designed to teach college undergraduate students about the process of fossilization. Journal of Geoscience Education, 68(3), 265-285. https:\/\/doi.org\/10.1080\/10899995.2019.1693217","key":"22451","DOI":"10.1080\/10899995.2019.1693217"},{"doi-asserted-by":"crossref","unstructured":"Mateos, C. N., L\u00f3pez, I. J. P., & Femia, P. (2021). La gamificaci\u00f3n en el \u00e1mbito educativo espa\u00f1ol: Revisi\u00f3n sistem\u00e1tica (Gamification in the Spanish educational field: A systematic review). FEADEF, 42, 507-516. https:\/\/doi.org\/10.47197\/retos.v42i0.87384","key":"22452","DOI":"10.47197\/retos.v42i0.87384"},{"doi-asserted-by":"crossref","unstructured":"Molina, D., Suarez, O., & Cabrera, L. (2023). Actitudes hacia la estad\u00edstica de estudiantes que cursan carreras de administraci\u00f3n p\u00fablica. Revista Lasallista de Investigaci\u00f3n, 20(2), 44-56. https:\/\/doi.org\/10.22507\/rli.v20n2a3","key":"22453","DOI":"10.22507\/rli.v20n2a3"},{"doi-asserted-by":"crossref","unstructured":"Mora Vargas, A. I. (2004). La evaluaci\u00f3n educativa: Concepto, per\u00edodos y modelos. Actualidades Investigativas en Educaci\u00f3n, 4(2). https:\/\/doi.org\/10.15517\/aie.v4i2.9084","key":"22454","DOI":"10.15517\/aie.v4i2.9084"},{"unstructured":"Morales Moras, J. (2017). Experiencias de gamificaci\u00f3n en las aulas (R. S. Contreras Espinosa & J. L. Eguia, Eds.). Universidad aut\u00f3noma de Barcelona.","key":"22455"},{"doi-asserted-by":"crossref","unstructured":"Mostto, F., & Parra, V. (2024). Estad\u00edstica descriptiva en el nivel secundario y superior: Revisi\u00f3n bibliogr\u00e1fica entre 2010 y 2020: Descriptive statistics in secondary and higher education: Bibliographical review between 2010 and 2020. PAPELES, 16(31). https:\/\/doi.org\/10.54104\/papeles.v16n31.1606","key":"22456","DOI":"10.54104\/papeles.v16n31.1606"},{"doi-asserted-by":"crossref","unstructured":"Nissen, J. M., Talbot, R. M., Nasim Thompson, A., & Van Dusen, B. (2018). Comparison of normalized gain and Cohen\u2019s d for analyzing gains on concept inventories. Physical Review Physics Education Research, 14(1), 010115. https:\/\/doi.org\/10.1103\/PhysRevPhysEducRes.14.010115","key":"22457","DOI":"10.1103\/PhysRevPhysEducRes.14.010115"},{"doi-asserted-by":"crossref","unstructured":"Obidimma Ezezika, J. R., Maria Fusaro, & Aslemand, A. (2023). The Pedagogical Impact of Board Games in Public Health Biology Education: The Bioracer Board Game. Journal of Biological Education, 57(2), 331-342. https:\/\/doi.org\/10.1080\/00219266.2021.1909638","key":"22458","DOI":"10.1080\/00219266.2021.1909638"},{"unstructured":"Pope, L. (2021). Board Games as Educational Tools. Sustainability Education.","key":"22459"},{"doi-asserted-by":"crossref","unstructured":"Ramlan, N., & Fabil, N. (2020). The Importance of Game Development Framework (GDF): Proposing an Islamic Game Development Framework with Sustainability Features. International Journal of Academic Research in Business and Social Sciences, 10(3). https:\/\/doi.org\/10.6007\/ijarbss\/v10-i3\/7078","key":"22460","DOI":"10.6007\/IJARBSS\/v10-i3\/7078"},{"doi-asserted-by":"crossref","unstructured":"Rastpour, A., & Amini, A. (2024). Age Guessing: A Game to Introduce Fundamental Statistical Concepts. Taylor & Francis, 1-6. https:\/\/doi.org\/10.1080\/26939169.2024.2319152","key":"22461","DOI":"10.1080\/26939169.2024.2319152"},{"doi-asserted-by":"crossref","unstructured":"Rend\u00f3n, M. A. (2013). Hacia una conceptualizaci\u00f3n de los estilos de ense\u00f1anza. Revista Colombiana de Educaci\u00f3n, 64, 175.195. https:\/\/doi.org\/10.17227\/01203916.64rce175.195","key":"22462","DOI":"10.17227\/01203916.64rce175.195"},{"doi-asserted-by":"crossref","unstructured":"Ripoll-Nu\u00f1ez, K., & Arrieta-Caycedo, C. A. (2022). \u00bfQu\u00e9 es un docente de calidad? Perspectivas de docentes y estudiantes de una instituci\u00f3n de educaci\u00f3n superior en Colombia. Revista Colombiana de Educaci\u00f3n, 85, 9-29. https:\/\/doi.org\/10.17227\/rce.num85-11690","key":"22463","DOI":"10.17227\/rce.num85-11690"},{"unstructured":"Rodr\u00edguez D\u00edaz, J., Macarro Carballar, R. M., Medina Romero, F. J., & M\u00e1rquez, V. (2021). Manual de aprendizaje basado en juegos. Bosco global.","key":"22464"},{"unstructured":"Rodr\u00edguez, G., & Mas y Rub\u00ed, Y. (2024). Gamificaci\u00f3n como estrategia para la ense\u00f1anza de la matem\u00e1tica. Perspectivas, 12(23), 63-79. https:\/\/doi.org\/10.5281\/ZENODO.10557219","key":"22465"},{"unstructured":"Romero Valbuena, H. L., Fajardo Ortiz, E. J., S\u00e1nchez Roa, E. J. L., & Bele\u00f1o-Montagut, L. (2018). Herramientas de aprendizaje basadas en juegos digitales como estrategia para la ense\u00f1anza de estad\u00edstica en estudiantes de Ingenier\u00eda Industrial. Revista Docencia Universitaria, (1), 37-51.","key":"22466"},{"doi-asserted-by":"crossref","unstructured":"Rosas Alfonzo, E. C., & Cabrera Rojas, I. I. (2024). Saberes pedag\u00f3gicos del docente de estad\u00edstica y teor\u00edas del aprendizaje en la Universidad de Oriente, n\u00facleo Nueva Esparta. Revista Cient\u00edfica Cuadernos de Investigaci\u00f3n, 2, 1-19. https:\/\/doi.org\/10.59758\/rcci.2024.2.e32","key":"22467","DOI":"10.59758\/rcci.2024.2.e32"},{"doi-asserted-by":"crossref","unstructured":"Smith, E., & Golding, L. (2018). Use of board games in higher education literature review. MSOR Connections, 16(2). https:\/\/doi.org\/10.21100\/msor.v16i2.624","key":"22468","DOI":"10.21100\/msor.v16i2.624"},{"doi-asserted-by":"crossref","unstructured":"Steif, P. S., & Dantzler, J. A. (2005). A Statics Concept Inventory: Development and Psychometric Analysis. Journal of Engineering Education, 94(4), 363-371. https:\/\/doi.org\/10.1002\/j.2168-9830.2005.tb00864.x","key":"22469","DOI":"10.1002\/j.2168-9830.2005.tb00864.x"},{"doi-asserted-by":"crossref","unstructured":"Stone, A., Allen, K., Rhoads, T., Murphy, T., Shehab, R., & Saha, C. (2003). The statistics concept inventory: A pilot study. 2013 IEEE Frontiers in Education Conference (FIE), 1, T3D-1-6 Vol.1. https:\/\/doi.org\/10.1109\/FIE.2003.1263336","key":"22470","DOI":"10.1109\/FIE.2003.1263336"},{"doi-asserted-by":"crossref","unstructured":"Tobar-Mu\u00f1oz, H., Baldiris, S., & Fabregat, R. (2023). Co-Design of Augmented Reality Games for Learning with Teachers: A Methodological Approach. Springer Science+Business Media, 28(2), 901-923. https:\/\/doi.org\/10.1007\/s10758-023-09643-z","key":"22471","DOI":"10.1007\/s10758-023-09643-z"},{"unstructured":"Villalobos-Camargo, G. (2021). The Calculus Concept Inventory Applied to the Case of Large Groups of Differential Calculus in the Context of the Program\" Ser Pilo Paga\" in Colombia. Mathematics Teaching Research Journal, 13(3), 208-223.","key":"22472"},{"doi-asserted-by":"crossref","unstructured":"Vu, P., & Feinstein, S. (2017). An Exploratory Multiple Case Study about Using Game-Based Learning in STEM Classrooms. International Journal of Research in Education and Science, 582-582. https:\/\/doi.org\/10.21890\/ijres.328087","key":"22473","DOI":"10.21890\/ijres.328087"}],"container-title":["Administraci\u00f3n &amp; Desarrollo"],"link":[{"URL":"https:\/\/revistas.esap.edu.co\/index.php\/admindesarro\/article\/download\/aprendizaje_juegos_ensenanza_probabilidad_Administracion_publica\/808","content-type":"application\/pdf","content-version":"vor","intended-application":"text-mining"},{"URL":"https:\/\/revistas.esap.edu.co\/index.php\/admindesarro\/article\/download\/aprendizaje_juegos_ensenanza_probabilidad_Administracion_publica\/820","content-type":"text\/xml","content-version":"vor","intended-application":"text-mining"},{"URL":"https:\/\/revistas.esap.edu.co\/index.php\/admindesarro\/article\/download\/aprendizaje_juegos_ensenanza_probabilidad_Administracion_publica\/808","content-type":"unspecified","content-version":"vor","intended-application":"similarity-checking"}],"deposited":{"date-parts":[[2025,12,31]],"date-time":"2025-12-31T19:48:02Z","timestamp":1767210482000},"score":0.0,"resource":{"primary":{"URL":"https:\/\/revistas.esap.edu.co\/index.php\/admindesarro\/article\/view\/aprendizaje_juegos_ensenanza_probabilidad_Administracion_publica"}},"issued":{"date-parts":[[2025,6,20]]},"references-count":54,"journal-issue":{"issue":"1","published-online":{"date-parts":[[2025,2,3]]}},"URL":"https:\/\/doi.org\/10.22431\/25005227.1110","ISSN":["2500-5227","0120-3754"],"issn-type":[{"type":"electronic","value":"2500-5227"},{"type":"print","value":"0120-3754"}],"published":{"date-parts":[[2025,6,20]]}},{"indexed":{"date-parts":[[2025,11,6]],"date-time":"2025-11-06T16:36:38Z","timestamp":1762446998081,"version":"build-2065373602"},"reference-count":0,"publisher":"Escuela Superior de Administracion Publica","issue":"60","license":[{"start":{"date-parts":[[2014,12,20]],"date-time":"2014-12-20T00:00:00Z","timestamp":1419033600000},"content-version":"unspecified","delay-in-days":0,"URL":"http:\/\/creativecommons.org\/licenses\/by-nc-nd\/4.0"}],"content-domain":{"domain":[],"crossmark-restriction":false},"short-container-title":["Adm. Desarro."],"abstract":"<jats:p>This article intends to provide both theoretical reflection and the design of public policies focused on regional productive development, methodological and conceptual criteria for the construction of proposals to use Public Private Partnerships (PPPs) as a strategic support for the promotion of productive transformations in agribusiness activities within territorial contexts with specific characteristics. In this sense, the article starts from the assumption about the impossibility of economic and social development under the models of classical development on which, the now advanced countries of Europe and America, once transited. It is proposed, therefore, to induce the productive transformations required for a sustained boost of productive development, starting from the impulse to agribusiness through the creation of specialized districts. This production would be the supported by Private Public Partnerships established in the Colombian law. It is also stated that agribusiness is the right way to generating economic development at medium and long term.<\/jats:p>","DOI":"10.22431\/25005227.85","type":"journal-article","created":{"date-parts":[[2017,7,5]],"date-time":"2017-07-05T12:06:06Z","timestamp":1499256366000},"page":"82-93","source":"Crossref","is-referenced-by-count":0,"title":["La alianza p\u00fablico-privada: herramienta estrat\u00e9gica de gesti\u00f3n p\u00fablica para el desarrollo de la agroindustria","Public-private partnership: a strategic public management tool for the development of agro-industry"],"prefix":"10.22431","volume":"44","author":[{"given":"Alberto Luis","family":"Zarur Ramos","sequence":"first","affiliation":[],"role":[{"role":"author","vocabulary":"crossref"}]}],"member":"9723","published-online":{"date-parts":[[2014,12,20]]},"container-title":["Administraci\u00f3n &amp; Desarrollo"],"link":[{"URL":"https:\/\/revistas.esap.edu.co\/index.php\/admindesarro\/article\/download\/85\/pdf","content-type":"application\/pdf","content-version":"vor","intended-application":"text-mining"},{"URL":"https:\/\/revistas.esap.edu.co\/index.php\/admindesarro\/article\/download\/85\/pdf","content-type":"unspecified","content-version":"vor","intended-application":"similarity-checking"}],"deposited":{"date-parts":[[2025,11,6]],"date-time":"2025-11-06T16:33:29Z","timestamp":1762446809000},"score":0.0,"resource":{"primary":{"URL":"https:\/\/revistas.esap.edu.co\/index.php\/admindesarro\/article\/view\/85"}},"issued":{"date-parts":[[2014,12,20]]},"references-count":0,"journal-issue":{"issue":"60","published-online":{"date-parts":[[2014,12,20]]}},"URL":"https:\/\/doi.org\/10.22431\/25005227.85","ISSN":["2500-5227","0120-3754"],"issn-type":[{"type":"electronic","value":"2500-5227"},{"type":"print","value":"0120-3754"}],"published":{"date-parts":[[2014,12,20]]}},{"indexed":{"date-parts":[[2022,4,1]],"date-time":"2022-04-01T15:58:33Z","timestamp":1648828713117},"reference-count":0,"publisher":"Escuela Superior de Administracion Publica","issue":"65","license":[{"start":{"date-parts":[[2016,9,28]],"date-time":"2016-09-28T00:00:00Z","timestamp":1475020800000},"content-version":"unspecified","delay-in-days":0,"URL":"http:\/\/creativecommons.org\/licenses\/by-nc-nd\/4.0"}],"content-domain":{"domain":[],"crossmark-restriction":false},"short-container-title":["Nova vetera"],"abstract":"<jats:p>Los valores constitucionales de convivencia pac\u00edfica y orden justo, exigen que la relaci\u00f3n entre el Estado y la sociedad, se desenvuelva en un ambiente de confianza y seguridad que habr\u00e1 de tejerse con fundamento en el reconocimiento del principio de responsabilidad del Estado, cuando los asociados se encuentran en condici\u00f3n de v\u00edctimas de actos terroristas por raz\u00f3n de haber sufrido un perjuicio que implica la violaci\u00f3n a los derechos de igualdad y libertad. Con este planteamiento, en el presente art\u00edculo, se exponen los resultados parciales del proyecto de investigaci\u00f3n en el que se indaga sobre la fundamentaci\u00f3n jur\u00eddica y pol\u00edtica acogida por la secci\u00f3n tercera del Consejo de Estado colombiano, para condenar a la Naci\u00f3n por actos terroristas; con el prop\u00f3sito de evidenciar la incidencia que tiene la elecci\u00f3n de diversos t\u00edtulos jur\u00eddicos de imputaci\u00f3n en la reparaci\u00f3n de las v\u00edctimas de da\u00f1os antijur\u00eddicos.<\/jats:p>","DOI":"10.22431\/25005103.328","type":"journal-article","created":{"date-parts":[[2017,7,5]],"date-time":"2017-07-05T19:34:05Z","timestamp":1499283245000},"page":"127-140","source":"Crossref","is-referenced-by-count":0,"title":["Responsabilidad extracontractual del Estado por actos terroristas. \u201cT\u00edtulos jur\u00eddicos de imputaci\u00f3n y reparaci\u00f3n de v\u00edctimas\u201d"],"prefix":"10.22431","volume":"21","author":[{"given":"Lucero","family":"R\u00edos Tovar","sequence":"first","affiliation":[],"role":[{"role":"author","vocabulary":"crossref"}]}],"member":"9723","published-online":{"date-parts":[[2016,9,28]]},"container-title":["Nova et Vetera"],"link":[{"URL":"https:\/\/revistas.esap.edu.co\/index.php\/novaetvetera\/article\/download\/328\/pdf","content-type":"application\/pdf","content-version":"vor","intended-application":"text-mining"},{"URL":"https:\/\/revistas.esap.edu.co\/index.php\/novaetvetera\/article\/download\/328\/pdf","content-type":"unspecified","content-version":"vor","intended-application":"similarity-checking"}],"deposited":{"date-parts":[[2021,11,30]],"date-time":"2021-11-30T03:21:08Z","timestamp":1638242468000},"score":0.0,"resource":{"primary":{"URL":"https:\/\/revistas.esap.edu.co\/index.php\/novaetvetera\/article\/view\/328"}},"issued":{"date-parts":[[2016,9,28]]},"references-count":0,"journal-issue":{"issue":"65","published-online":{"date-parts":[[2016,9,28]]}},"URL":"https:\/\/doi.org\/10.22431\/25005103.328","ISSN":["2500-5103","0123-2614"],"issn-type":[{"value":"2500-5103","type":"electronic"},{"value":"0123-2614","type":"print"}],"published":{"date-parts":[[2016,9,28]]}},{"indexed":{"date-parts":[[2025,11,6]],"date-time":"2025-11-06T16:35:36Z","timestamp":1762446936947,"version":"build-2065373602"},"reference-count":0,"publisher":"Escuela Superior de Administracion Publica","issue":"1","license":[{"start":{"date-parts":[[2015,6,24]],"date-time":"2015-06-24T00:00:00Z","timestamp":1435104000000},"content-version":"unspecified","delay-in-days":0,"URL":"http:\/\/creativecommons.org\/licenses\/by-nc-nd\/4.0"}],"content-domain":{"domain":[],"crossmark-restriction":false},"short-container-title":["Adm. Desarro."],"abstract":"<jats:p>This article was gestated within the field of study of the Information Society and Knowledge, subject to fundamental review of research Universitat Oberta de Catalunya (uoc), and presents the final results of a scientific research process and formalization knowledge in the field of strategic application of new technologies, particularly the Internet and electronic media Local Government. And intends to capture the level of impact they have had the Information Technology and Communication ICT in the operation of public administration of Bogot\u00e1 especially as his relationship with citizens involved in the Education Sector of the basic level concerns and half of the capital city.<\/jats:p>","DOI":"10.22431\/25005227.5","type":"journal-article","created":{"date-parts":[[2017,7,5]],"date-time":"2017-07-05T12:06:06Z","timestamp":1499256366000},"page":"50-70","source":"Crossref","is-referenced-by-count":0,"title":["La adopci\u00f3n de las TIC con actitud cr\u00edtica en el sector de la educaci\u00f3n por parte del gobierno electr\u00f3nico de Bogot\u00e1 D. C. Un caso de \u00e9xito.","A successful case: Bogota\u00b4s e-government implementation of icts, from a critical position in the education sector."],"prefix":"10.22431","volume":"45","author":[{"given":"Jairo Augusto","family":"Orteg\u00f3n Bol\u00edvar","sequence":"first","affiliation":[],"role":[{"role":"author","vocabulary":"crossref"}]}],"member":"9723","published-online":{"date-parts":[[2015,6,24]]},"container-title":["Administraci\u00f3n &amp; Desarrollo"],"link":[{"URL":"https:\/\/revistas.esap.edu.co\/index.php\/admindesarro\/article\/download\/5\/pdf","content-type":"application\/pdf","content-version":"vor","intended-application":"text-mining"},{"URL":"https:\/\/revistas.esap.edu.co\/index.php\/admindesarro\/article\/download\/5\/pdf","content-type":"unspecified","content-version":"vor","intended-application":"similarity-checking"}],"deposited":{"date-parts":[[2025,11,6]],"date-time":"2025-11-06T16:33:26Z","timestamp":1762446806000},"score":0.0,"resource":{"primary":{"URL":"https:\/\/revistas.esap.edu.co\/index.php\/admindesarro\/article\/view\/5"}},"issued":{"date-parts":[[2015,6,24]]},"references-count":0,"journal-issue":{"issue":"1","published-online":{"date-parts":[[2015,6,24]]}},"URL":"https:\/\/doi.org\/10.22431\/25005227.5","ISSN":["2500-5227","0120-3754"],"issn-type":[{"type":"electronic","value":"2500-5227"},{"type":"print","value":"0120-3754"}],"published":{"date-parts":[[2015,6,24]]}},{"indexed":{"date-parts":[[2026,7,31]],"date-time":"2026-07-31T03:58:39Z","timestamp":1785470319509,"version":"3.56.0"},"reference-count":0,"publisher":"Escuela Superior de Administracion Publica","issue":"64","license":[{"start":{"date-parts":[[2011,12,15]],"date-time":"2011-12-15T00:00:00Z","timestamp":1323907200000},"content-version":"unspecified","delay-in-days":0,"URL":"http:\/\/creativecommons.org\/licenses\/by-nc-nd\/4.0"}],"content-domain":{"domain":[],"crossmark-restriction":false},"short-container-title":["Nova vetera"],"abstract":"<jats:p>En los \u00faltimos a\u00f1os se ha desarrollado el Derecho Internacional los Derechos Humanos, especialmente, en el \u00e1mbito de protecci\u00f3n de aquellos grupos vulnerables a los que le son violados sus Derechos Fundamentales, como las mujeres, los ni\u00f1os o los trabajadores migrantes. Tales grupos vulnerables, en muchos casos, son v\u00edctimas de la delincuencia organizada transnacional, y sufriendo delitos de explotaci\u00f3n sexual y\/o laboral. La Comunidad Internacional ha adoptado nuevas normas internacionales para luchar contra la trata de personas y el tr\u00e1fico il\u00edcito de migrantes. La Comunidad Internacional ha de garantizar el cumplimiento de tales Tratados Internacionales para erradicar la violaci\u00f3n de los Derechos Humanos cometida por la delincuencia organizada transnacional en los delitos de trata de personas y tr\u00e1fico il\u00edcito de migrantes.<\/jats:p>","DOI":"10.22431\/25005103.174","type":"journal-article","created":{"date-parts":[[2017,7,5]],"date-time":"2017-07-05T15:34:05Z","timestamp":1499268845000},"page":"133-150","source":"Crossref","is-referenced-by-count":1,"title":["Evoluci\u00f3n y desarrollos normativos en el derecho internacional y europeo en la lucha contra la trata de personas y el tr\u00e1fico il\u00edcito de migrantes"],"prefix":"10.22431","volume":"20","author":[{"given":"Jose Escribano","family":"Ubeda","sequence":"first","affiliation":[],"role":[{"vocabulary":"crossref","role":"author"}]}],"member":"9723","published-online":{"date-parts":[[2011,12,15]]},"container-title":["Nova et Vetera"],"link":[{"URL":"https:\/\/revistas.esap.edu.co\/index.php\/novaetvetera\/article\/download\/174\/pdf","content-type":"application\/pdf","content-version":"vor","intended-application":"text-mining"},{"URL":"https:\/\/revistas.esap.edu.co\/index.php\/novaetvetera\/article\/download\/174\/pdf","content-type":"unspecified","content-version":"vor","intended-application":"similarity-checking"}],"deposited":{"date-parts":[[2025,12,31]],"date-time":"2025-12-31T20:26:18Z","timestamp":1767212778000},"score":0.0,"resource":{"primary":{"URL":"https:\/\/revistas.esap.edu.co\/index.php\/novaetvetera\/article\/view\/174"}},"issued":{"date-parts":[[2011,12,15]]},"references-count":0,"journal-issue":{"issue":"64","published-online":{"date-parts":[[2011,12,15]]}},"URL":"https:\/\/doi.org\/10.22431\/25005103.174","ISSN":["2500-5103","0123-2614"],"issn-type":[{"value":"2500-5103","type":"electronic"},{"value":"0123-2614","type":"print"}],"published":{"date-parts":[[2011,12,15]]}},{"indexed":{"date-parts":[[2026,8,23]],"date-time":"2026-08-23T15:35:09Z","timestamp":1787499309603,"version":"build-2736575974"},"reference-count":69,"publisher":"Escuela Superior de Administracion Publica","issue":"2","license":[{"start":{"date-parts":[[2024,9,4]],"date-time":"2024-09-04T00:00:00Z","timestamp":1725408000000},"content-version":"unspecified","delay-in-days":0,"URL":"https:\/\/creativecommons.org\/licenses\/by-nc-sa\/4.0"}],"content-domain":{"domain":[],"crossmark-restriction":false},"short-container-title":["Adm. Desarro."],"abstract":"<jats:p>This reflective article highlights the relationship between negative attitudes towards mathematics and the difficulties faced by students in the Territorial Public Administration program at the Superior School of Public Administration. These difficulties hinder the development of essential skills necessary in the training of public administrators. To address these challenges, the use of problem-based learning is proposed as an effective pedagogical strategy. This methodology involves students in solving real-world problems related to territorial public administration, which contextualizes the learning of mathematics and makes it more relevant to their future career. A concrete example is providen on how to plan and design a problem-based learning approach in the Statistics I course, which is part of the microcurriculum of the program at the Superior School of Public Administration. Finally, problem-based learning improves student\u00b4 s attitudes towards mathematics in public administration, facilitates the practical application of mathematical concepts and fosters the development of problem-solving skills, thus overcoming the stigma associated with this subject.<\/jats:p>","DOI":"10.22431\/25005227.973","type":"journal-article","created":{"date-parts":[[2024,10,7]],"date-time":"2024-10-07T10:11:26Z","timestamp":1728295886000},"page":"e973","source":"Crossref","is-referenced-by-count":2,"title":["Aprendizaje basado en problemas para la ense\u00f1anza de matem\u00e1ticas en administraci\u00f3n p\u00fablica","Problem-based learning for teaching mathematics in public administration"],"prefix":"10.22431","volume":"54","author":[{"ORCID":"https:\/\/orcid.org\/0000-0002-6571-0172","authenticated-orcid":false,"given":"Carlos Andr\u00e9s","family":"Barco Rojas","sequence":"first","affiliation":[],"role":[{"vocabulary":"crossref","role":"author"}]},{"ORCID":"https:\/\/orcid.org\/0000-0002-0152-2295","authenticated-orcid":false,"given":"Mariam Angelly","family":"Jimenez Agudelo","sequence":"additional","affiliation":[],"role":[{"vocabulary":"crossref","role":"author"}]},{"ORCID":"https:\/\/orcid.org\/0000-0002-7666-7253","authenticated-orcid":false,"given":"Solange Franci","family":"Raimundo Yaegashi","sequence":"additional","affiliation":[],"role":[{"vocabulary":"crossref","role":"author"}]}],"member":"9723","published-online":{"date-parts":[[2024,9,4]]},"reference":[{"key":"14283","doi-asserted-by":"crossref","unstructured":"Abal, F. J. P., Aun\u00e9, S. E. y Attorresi, H. F. (2018). Construcci\u00f3n y validaci\u00f3n de una escala de actitud hacia la matem\u00e1tica para estudiantes de psicolog\u00eda. Universitas Psychologica, 17(4), 1\u201315. https:\/\/doi.org\/10.11144\/Javeriana.upsy17-4.cvea","DOI":"10.11144\/Javeriana.upsy17-4.cvea"},{"key":"14284","doi-asserted-by":"crossref","unstructured":"Amador Alarc\u00f3n, M. del P., Torres Gastel\u00fa, C. A. y Lagunes Dom\u00ednguez, A. (2023). Aprendizaje basado en problemas para el desarrollo de competencias en estudiantes. Revisi\u00f3n sistem\u00e1tica de literatura. Revista del Centro de Investigaci\u00f3n de la Universidad la Salle, 15(59), 131\u2013166. https:\/\/doi.org\/10.26457\/recein.v15i59.3491","DOI":"10.26457\/recein.v15i59.3491"},{"key":"14285","unstructured":"Arp\u00ed Mir\u00f3, C., \u00c0vila Castells, P., Barald\u00e9s Capdevila, M., Benito Mundet, H., Guti\u00e9rrez del Moral, M. a J., Orts Al\u00eds, M., Rigall Torrent, R. y Rostan, C. (2012). El ABP: origen, modelos y te\u0301cnicas afines. Aula de Innovaci\u00f3n Educativa, 216, 14\u201318."},{"key":"14286","doi-asserted-by":"crossref","unstructured":"Awaludin, A., Wibawa, B., & Winarsih, M. (2020). Integral Calculus Learning Using Problem Based Learning Model Assisted by Hypermedia-Based E-Book. JPI (Jurnal Pendidikan Indonesia), 9(2), 224\u2013235. https:\/\/doi.org\/10.23887\/jpi-undiksha.v9i2.23106","DOI":"10.23887\/jpi-undiksha.v9i2.23106"},{"key":"14287","unstructured":"Barco Rojas, C. A., Yaegashi, S. F. R., Oliveira, T., & Acevedo Osorio, L. E. (2022). Aprendizagem baseada em problemas para o ensino de matem\u00e1tica: uma revis\u00e3o sistem\u00e1tica. Revista Internacional De Pesquisa Em Did\u00e1tica Das Ci\u00eancias E Matem\u00e1tica, 3, 1\u201321."},{"key":"14288","unstructured":"Barell, J. (2007). El aprendizaje basado en problemas: un enfoque investigativo. (1o ed). Manantial."},{"key":"14289","unstructured":"Barkley, E. F., Cross, K. P. y Howell Major, C. (2012). T\u00e9cnicas de aprendizaje colaborativo: manual para el profesorado universitario. Morata."},{"key":"14290","doi-asserted-by":"crossref","unstructured":"Black, P., & Wiliam, D. (2018). Classroom assessment and pedagogy. Assessment in Education: Principles, Policy & Practice, 25(6), 551-575.","DOI":"10.1080\/0969594X.2018.1441807"},{"key":"14291","unstructured":"Bueno, P. M., Victoria, Y. y Fitzgerald, L. (2004). Aprendizaje Basado en Problemas. Theoria, 13, 145\u2013157."},{"key":"14292","doi-asserted-by":"crossref","unstructured":"Castro Mart\u00edn, B. y Silva Lorente, I. (2022). Aprendizaje basado en problemas (ABP) e interdisciplinariedad como ejes para el desarrollo profesional. Aula de Encuentro, 24(1), 77\u2013101. https:\/\/doi.org\/10.17561\/ae.v24n1.6773","DOI":"10.17561\/ae.v24n1.6773"},{"key":"14293","unstructured":"Chac\u00f3n, D. J., Rodr\u00edguez Rabelo, A. y Burguet lago, I. (2020). Aprendizaje basado en problemas para la ense\u00f1anza de la matem\u00e1tica en un entorno virtual de aprendizaje. Serie cient\u00edfica de la universidad de las ciencias inform\u00e1ticas, 13(12), 191\u2013201."},{"key":"14294","doi-asserted-by":"crossref","unstructured":"Chen, C. H., Yang, J. C., & Chang, C. S. (2021). An investigation of the effects of problem-based learning on students' academic achievement, motivation, and self-efficacy in mathematics learning. International Journal of Science and Mathematics Education, 19(1), 1-20.","DOI":"10.1007\/s10763-013-9508-7"},{"key":"14295","doi-asserted-by":"crossref","unstructured":"Chil\u00e1n Intriago, B. D. y P\u00e1rraga \u00c1lava, J. (2023). El Aprendizaje Basado en Problemas como alternativa did\u00e1ctica en el proceso de ense\u00f1anza-aprendizaje de matem\u00e1ticas. Revista Sinapsis, 1(22), 1\u201316.","DOI":"10.37117\/s.v1i22.712"},{"key":"14296","unstructured":"Chuquisana Mora, F. (2015). Matem\u00e1tica financiera en la escuela secundaria para la alfabetizaci\u00f3n financiera y la formaci\u00f3n ciudadana. Una propuesta para la formaci\u00f3n de profesores en temas de inter\u00e9s simple y compuesto. [Tesis de Maestr\u00eda, Pontificia Universidad Cat\u00f3lica del Per\u00fa]. http:\/\/hdl.handle.net\/20.500.12404\/6406"},{"key":"14297","doi-asserted-by":"crossref","unstructured":"Covarrubias Papahiu, P. y Mart\u00ednez Estrada, C. C. (2007). Representaciones de estudiantes universitarios sobre el aprendizaje significativo y las condiciones que lo favorecen. Perfiles educativos, 29(115), 49\u201371.","DOI":"10.22201\/iisue.24486167e.2007.115.61476"},{"key":"14298","doi-asserted-by":"crossref","unstructured":"Daza, G. y Garza, B. (2018). Actitudes hacia el C\u00e1lculo Diferencial e Integral: Caracterizaci\u00f3n de Estudiantes Mexicanos del Nivel Medio Superior. Bolema - Mathematics Education Bulletin, 32(60), 279\u2013302. https:\/\/doi.org\/10.1590\/1980-4415v32n60a14","DOI":"10.1590\/1980-4415v32n60a14"},{"key":"14299","unstructured":"Divisi\u00f3n Acad\u00e9mica, D. de E. M. S. (2019). Cat\u00e1logo de R\u00fabricas. Direcci\u00f3n de Educaci\u00f3n Media Superior."},{"key":"14300","doi-asserted-by":"crossref","unstructured":"Dolmans, D. H. (2019). How theory and design-based research can mature PBL practice and research. Advances in health sciences education, 24(5), 879-891.","DOI":"10.1007\/s10459-019-09940-2"},{"key":"14301","unstructured":"Duch, B. (1996). Problems: A Key Factor in PBL. About teaching, 50, 7\u20138."},{"key":"14302","unstructured":"Duque Cante, N. (2021). Documento de Trabajo #3 - Modelos Pedag\u00f3gicos [Archivo PDF]. https:\/\/www.esap.edu.co\/portal\/index.php\/Descargas\/3258\/cuadernos-de-trabajo-apt\/60910\/documento3-modelos-pedagogicos.pdf"},{"key":"14303","unstructured":"Duque, A. P., Vallejo A., S. L., & Rodr\u00edguez R., J. C. (2013). Pr\u00e1cticas pedag\u00f3gicas y su relaci\u00f3n con el desempe\u00f1o acad\u00e9mico. [Tesis de Maestr\u00eda, Universidad de Manizales \u2013 CINDE]. https:\/\/biblioteca.clacso.edu.ar\/Colombia\/alianza-cinde-umz\/20140805022434\/paulaandreaduque.pdf"},{"key":"14304","unstructured":"Ertmer, P. A., Glazewski, K. D., Jones, D., Ottenbreit-Leftwich, A., Goktas, Y., Collins, K., & Kocaman, A. (2009). Facilitating technology-enhanced problem-based learning (PBL) in the middle school classroom: An examination of how and why teachers adapt. Journal of Education for Teaching, 46(2), 222-239."},{"key":"14305","unstructured":"Escuela Superior de Administraci\u00f3n P\u00fablica [ESAP-PEP]. (2021). Proyecto educativo de programa (PEP) de Administraci\u00f3n P\u00fablica Territorial (APT) [Archivo PDF]. https:\/\/www.esap.edu.co\/inicio\/esap\/organigrama\/subdireccion-academica-nacional\/facultad-de-pregrado\/profesional-en-administracion-publica-territorial-apt\/"},{"key":"14306","unstructured":"Escuela Superior de Administraci\u00f3n P\u00fablica [ESAP]. (2016). Proceso de acreditaci\u00f3n APT 2016 [Archivo PDF]. https:\/\/www.esap.edu.co\/portal\/index.php\/Descargas\/625\/estado-acreditacion-esap\/27407\/estado-acreditacion-esap.pdf"},{"key":"14307","unstructured":"Escuela Superior de Administraci\u00f3n P\u00fablica [ESAP]. (2022a). Plan Institucional de Capacitaci\u00f3n 2022 [Archivo PDF]. https:\/\/www.esap.edu.co\/portal\/index.php\/Descargas\/3428\/2022\/63371\/plan-institucional-de-capacitacion-pic-2022-v1-18-03-2022.pdf"},{"key":"14308","unstructured":"Escuela Superior de Administraci\u00f3n P\u00fablica [ESAP]. (2022b, noviembre 9). Microcurr\u00edculo Estad\u00edstica I. Recursos Educativos Abiertos - Pregrado APT [Archivo EXCEL]. https:\/\/sites.google.com\/view\/recursos-educativos-abiertos\/microcurriculos"},{"key":"14309","unstructured":"Escuela Superior de Administraci\u00f3n P\u00fablica [ESAP]. (2023). Plan Institucional de Capacitaci\u00f3n 2023 [Archivo PDF]. https:\/\/www.esap.edu.co\/inicio\/esap\/organigrama\/direccion-nacional\/oficina-de-planeacion\/plan-institucional-de-capacitacion\/"},{"key":"14310","doi-asserted-by":"crossref","unstructured":"Evendi, E., Al Kusaeri, A. K., Pardi, M. H. H., Sucipto, L., Bayani, F., & Prayogi, S. (2022). Assessing students\u2019 critical thinking skills viewed from cognitive style: Study on implementation of problem-based e-learning model in mathematics courses. Eurasia Journal of Mathematics, Science and Technology Education, 18(7), 1\u201315. https:\/\/doi.org\/10.29333\/ejmste\/12161","DOI":"10.29333\/ejmste\/12161"},{"key":"14311","unstructured":"Fook, C. Y., & Sidhu, G. K. (2019). Problem-based learning: An overview and future directions. International Journal of Educational Methodology, 5(3), 417-428."},{"key":"14312","unstructured":"Fundaci\u00f3n Telef\u00f3nica, E. de I. educativa. (2014). Monogr\u00e1fico Aprendizaje Basado En Problemas (PBL) [Archivo PDF]. https:\/\/www.fundaciontelefonica.com\/cultura-digital\/publicaciones\/monografico-aprendizaje-basado-en-problemas-pbl\/343\/"},{"key":"14313","unstructured":"G\u00f3mez-Chac\u00f3n, I. M. (2010). Matema\u0301tica emocional. Los afectos en el aprendizaje matema\u0301tico (1o ed). Narcea."},{"key":"14314","unstructured":"Hallinger, P., & Bridges, E. M. (2021). A systematic review of research on the use of problem-based learning in the preparation and development of school leaders. Educational Administration Quarterly, 57(1), 35-72."},{"key":"14315","doi-asserted-by":"crossref","unstructured":"Ismail, R., & Imawan, R. (2022). The Effectiveness of Problem-based Learning in Terms of Learning Achievement, Problem-Solving, and Self-Confidence. Advances in Social Science, Education and Humanities Research, 640, 238\u2013243.","DOI":"10.2991\/assehr.k.220129.043"},{"key":"14316","doi-asserted-by":"crossref","unstructured":"Jacobs, A. E. J. P., Dolmans, D. H. J. M., Wolfhagen, I. H. A. P., & Scherpbier, A. J. J. A. (2003). Validation of a short questionnaire to assess the degree of complexity and structuredness of PBL problems. Medical Education, 37(11), 1001\u20131007. https:\/\/doi.org\/10.1046\/j.1365-2923.2003.01630.x","DOI":"10.1046\/j.1365-2923.2003.01630.x"},{"key":"14317","doi-asserted-by":"crossref","unstructured":"Lavado-Puente, C. S., Quispe-Sanabria, E. M., Lavado-Meza, C. y Huaraca-Garc\u00eda, A. M. (2023). El efecto del aprendizaje basado en problemas para desarrollar competencias matem\u00e1ticas en futuros profesionales de administraci\u00f3n y sistemas. Formacion Universitaria, 16(6), 13\u201322. https:\/\/doi.org\/10.4067\/S0718-50062023000600013","DOI":"10.4067\/S0718-50062023000600013"},{"key":"14318","doi-asserted-by":"crossref","unstructured":"Laverde, L. E. P., Sof\u00eda, A., Pereda, A., Luis, J., Guzm\u00e1n, B., & Abdounur, O. J. (2015). Actitudes hacia la estad\u00edstica de estudiantes universitarios de Colombia. Educaci\u00f3n Matem\u00e1tica, 27(3), 111\u2013149.","DOI":"10.24844\/EM2703.04"},{"key":"14319","doi-asserted-by":"crossref","unstructured":"Leary, H., & Walker, A. (2023). Conducting Problem-Based Learning Meta-Analysis: Complexities, Implications, and Best Practices. Interdisciplinary Journal of Problem-Based Learning, 17(2).","DOI":"10.14434\/ijpbl.v17i2.35844"},{"key":"14320","doi-asserted-by":"crossref","unstructured":"Le\u00f3n Loaiza, M. A., & S\u00e1nchez, J. E. (2023). Aprendizaje colaborativo en el aula de Matem\u00e1ticas. LATAM Revista Latinoamericana de Ciencias Sociales y Humanidades, 4(3), 1250\u20131261. https:\/\/doi.org\/10.56712\/latam.v4i3.1147","DOI":"10.56712\/latam.v4i3.1147"},{"key":"14321","unstructured":"Lillo Z\u00fa\u00f1iga, F. G. (2013). Aprendizaje Colaborativo en la Formaci\u00f3n Universitaria de Pregrado. Revista de Psicolog\u00eda - Universidad Vi\u00f1a del Mar, 2(4), 109\u2013142."},{"key":"14322","unstructured":"Lopes, R. M., Silva Filho, M. V. y Alves, N. G. (2019). Aprendizagem baseada em problemas: fundamentos para a aplica\u00e7\u00e3o no ensino m\u00e9dio e na forma\u00e7\u00e3o de professores (1o ed). Publiki."},{"key":"14323","doi-asserted-by":"crossref","unstructured":"Flores L\u00f3pez, W. O., & Auzmendi Escribano, E. (2018). Actitudes hacia las matem\u00e1ticas en la ense\u00f1anza universitaria y su relaci\u00f3n con las variables g\u00e9nero y etnia. Profesorado, Revista de Curr\u00edculum y Formaci\u00f3n del Profesorado, 22(3), 231\u2013251. https:\/\/doi.org\/10.30827\/profesorado.v22i3.8000","DOI":"10.30827\/profesorado.v22i3.8000"},{"key":"14324","doi-asserted-by":"crossref","unstructured":"Loyens, S. M., Jones, S. H., Mikkers, J., & van Gog, T. (2015). Problem-based learning as a facilitator of conceptual change. Learning and Instruction, 71, 101353.","DOI":"10.1016\/j.learninstruc.2015.03.002"},{"key":"14325","doi-asserted-by":"crossref","unstructured":"Manobanda Calberto, L. I., V\u00e1squez Guerrero, R. M., Garc\u00eda Castro, N. G. y Rumiguano Carrera, D. M. (2022). Aprendizaje Basado en Proyectos como estrategia en la planificaci\u00f3n microcurricular de docentes del bachillerato t\u00e9cnico. Ciencia Latina Revista Cient\u00edfica Multidisciplinar, 6(5), 169\u2013187. https:\/\/doi.org\/10.37811\/cl_rcm.v6i5.3067","DOI":"10.37811\/cl_rcm.v6i5.3067"},{"key":"14326","doi-asserted-by":"crossref","unstructured":"M\u00e9ndez Castro, D. A. (2023). Estudio de la ansiedad matem\u00e1tica en estudiantes de prec\u00e1lculo matriculados en el I Cuatrimestre 2022 bajo modalidad educativa mixta. Revista Digital: Matem\u00e1tica, Educaci\u00f3n e Internet, 24(1), 1\u201312.","DOI":"10.18845\/rdmei.v24i1.6797"},{"key":"14327","doi-asserted-by":"crossref","unstructured":"Men\u00e9ndez Cevallos, I. P., Men\u00e9ndez Cuadros, E. A. y D\u00edaz, P. (2024). Estrategias did\u00e1cticas para el aprendizaje significativo y el desarrollo de habilidades pr\u00e1cticas en Operatoria dental, en estudiantes de Odontolog\u00eda. Revisi\u00f3n sistem\u00e1tica. Revista Social Fronteriza, 4(2), 1\u201332. https:\/\/doi.org\/10.59814\/resofro.2024.4(2)e180","DOI":"10.59814\/resofro.2024.4(2)180"},{"key":"14328","doi-asserted-by":"crossref","unstructured":"Moallem, M., Hung, W., & Dabbagh, N. (2019). The Wiley handbook of problem\u2010based learning. John Wiley & Sons.","DOI":"10.1002\/9781119173243"},{"key":"14329","unstructured":"Morales, P. y Landa, V. (2004). Aprendizaje Basado en Problemas. Theoria, 13, 145\u2013157."},{"key":"14330","doi-asserted-by":"crossref","unstructured":"Muzaini, M., Hasbi, M., Ernawati, E., & Kristiawati, K. (2022). The Empowerment of Problem-Based Learning Models to Improve Students\u2019 Quantitative Reasoning. Formatif: Jurnal Ilmiah Pendidikan MIPA, 12(1).","DOI":"10.30998\/formatif.v12i1.8502"},{"key":"14331","unstructured":"Naupas, H., Mejia, E., Trujillo, I., Romero, H., Medina, W. y Novoa, E. (2023). Metodolog\u00eda de la investigaci\u00f3n total: Cuantitativa\u2013Cualitativa y redacci\u00f3n de tesis 6a Edici\u00f3n. Ediciones de la U."},{"key":"14332","doi-asserted-by":"crossref","unstructured":"Ortiz Diaz, J. A., y Cutimbo Lozano, G. F. (2022). Aprendizaje basado en problemas: una metodolog\u00eda aplicada a la asignatura universitaria Matem\u00e1tica B\u00e1sica. Revista Tecnolog\u00eda, Ciencia y Educaci\u00f3n, 22, 155\u2013172. https:\/\/doi.org\/10.51302\/tce.2022.820","DOI":"10.51302\/tce.2022.820"},{"key":"14333","doi-asserted-by":"crossref","unstructured":"Ortiz Ramos, M. I. (2020). Un acercamiento a la historia del aprendizaje basado en problemas en el contexto global. SATHIRI, 15(2), 118\u2013152. https:\/\/doi.org\/10.32645\/13906925.984","DOI":"10.32645\/13906925.984"},{"key":"14334","doi-asserted-by":"crossref","unstructured":"Pacheco-Garc\u00eda, L. F. y C\u00e1ceres-Mesa, M. L. (2024). Algunas reflexiones sobre el Aprendizaje Basado en Problemas para la mejora de las habilidades del Pensamiento Matem\u00e1tico en el contexto de la Nueva Escuela Mexicana. Revista Transdiciplinaria de Estudios Sociales y Tecnol\u00f3gicos, 4(1), 67\u201375. https:\/\/doi.org\/10.58594\/rtest.v4i1.106","DOI":"10.58594\/rtest.v4i1.106"},{"key":"14335","doi-asserted-by":"crossref","unstructured":"Padilla Doria, L. A. y Fl\u00f3rez Nisperuza, E. P. (2021). El aprendizaje basado en problemas (ABP) en la educaci\u00f3n matem\u00e1tica en Colombia. Avances de una revisi\u00f3n documental. Revista Bolet\u00edn Redipe, 11(2), 318\u2013328. https:\/\/doi.org\/10.36260\/rbr.v11i2.1686","DOI":"10.36260\/rbr.v11i2.1686"},{"key":"14336","unstructured":"Prieto Mart\u00edn, A., Barbarroja Escudero, J., Reyes Mart\u00edn, E., Monserrat Sanz, J., D\u00edaz Mart\u00edn, D., Villarroel Mare\u00f1o, M. y \u00c1lvarez-Mon Soto, M. (2006). Un nuevo modelo de aprendizaje basado en problemas, el ABP 4x4, es eficaz para desarrollar competencias profesionales valiosas en asignaturas con m\u00e1s de 100 alumnos. Aula Abierta, 87, 171\u2013194."},{"key":"14337","doi-asserted-by":"crossref","unstructured":"R\u00e9zio, S., Andrade, M. P., & Teodoro, M. F. (2022). Problem-Based Learning and Applied Mathematics. Mathematics, 10(16), 1\u201313. https:\/\/doi.org\/10.3390\/math10162862","DOI":"10.3390\/math10162862"},{"key":"14338","unstructured":"Riascos Villegas, A. J. (2014). Reflexiones en torno a las Matem\u00e1ticas y la Estad\u00edstica en la Reforma Curricular de la ESAP [Archivo PDF]. https:\/\/www.esap.edu.co\/portal\/index.php\/Descargas\/642\/alvaro-riascos-villegas\/27462\/reflexiones-entorno-a-las-matematicas-y-la-estadistica.pdf"},{"key":"14339","doi-asserted-by":"crossref","unstructured":"Rocha, G., Ju\u00e1rez, J. A., Fuchs, O. L. y Rebolledo M\u00e9ndez, G. (2020). El rendimiento acad\u00e9mico y las actitudes hacia las matem\u00e1ticas con un sistema tutor adaptativo. PNA, 14(4), 271\u2013294.","DOI":"10.30827\/pna.v14i4.15202"},{"key":"14340","doi-asserted-by":"crossref","unstructured":"Rojas-Kramer, C. A., Escalera-Ch\u00e1vez, M. E., Moreno-Garc\u00eda, E. y Garc\u00eda-Santill\u00e1n, A. (2017). Motivaci\u00f3n, ansiedad, confianza, agrado y utilidad. Los factores que explican la actitud hacia las matem\u00e1ticas en los estudiantes de econom\u00eda. International Journal of Developmental and Educational Psychology. Revista INFAD de Psicolog\u00eda., 2(1), 527. https:\/\/doi.org\/10.17060\/ijodaep.2017.n1.v2.875","DOI":"10.17060\/ijodaep.2017.n1.v2.875"},{"key":"14341","unstructured":"Romero Medina, A. y Garci\u0301a Sevilla, J. (2008). La elaboraci\u00f3n de problemas ABP. En J. Garc\u00eda Sevilla (Coord.), El aprendizaje basado en problemas en la ense\u00f1anza universitaria. (pp. 37-55). Servicio de Publicaciones de la Universidad de Murcia."},{"key":"14342","doi-asserted-by":"crossref","unstructured":"Sattarova, U., Groot, W., & Arsenijevic, J. (2021). Student and tutor satisfaction with problem-based learning in azerbaijan. Education Sciences, 11(6), 1\u201318. https:\/\/doi.org\/10.3390\/educsci11060288","DOI":"10.3390\/educsci11060288"},{"key":"14343","unstructured":"Universidad de Antioquia. (1999). El Microcurr\u00edculo [Archivo PDF]. https:\/\/www.udea.edu.co\/wps\/wcm\/connect\/udea\/230fee49-4dec-432d-ae5d-f62f5353cc9f\/CARTILLAS+CURRICULO+6.pdf?MOD=AJPERES"},{"key":"14344","unstructured":"Servicio de Innovaci\u00f3n Educativa de la UPM (2008). Aprendizaje Basado en Problemas. Universidad Polit\u00e9cnica de Madrid. https:\/\/innovacioneducativa.upm.es\/guias_pdi"},{"key":"14345","doi-asserted-by":"crossref","unstructured":"Vel\u00e1zquez Rosado, W., Villafa\u00f1e Cepeda, W., Vega Vilca, J. C. y Nieves Gonz\u00e1lez, A. (2021). Actitud hacia la matem\u00e1tica de estudiantes en el curso M\u00e9todos Cuantitativos para Administraci\u00f3n de Empresas. Forum Empresarial, 26(1), 67\u201398. https:\/\/orcid.org\/0000-0002-6796-1936","DOI":"10.33801\/fe.v26i1.19493"},{"key":"14346","doi-asserted-by":"crossref","unstructured":"V\u00e9lez C\u00f3rdova, J. del R. y Arteaga Pita, I. G. (2022). Aprendizaje Basado en Problemas en el aprendizaje significativo de la asignatura de Matem\u00e1ticas. Revista Cognosis, 7(3), 41\u201354. https:\/\/doi.org\/10.33936\/cognosis.v7i3.5114","DOI":"10.33936\/cognosis.v7i3.5114"},{"key":"14347","doi-asserted-by":"crossref","unstructured":"Vera Vel\u00e1zquez, R., Merch\u00e1n Garc\u00eda, W. A., Maldonado Z\u00fa\u00f1iga, K. y Castro Landin, A. L. (2021). Metodolog\u00eda del aprendizaje basado en problemas aplicada en la ense\u00f1anza de las Matem\u00e1ticas. Serie cient\u00edfica de la universidad de las ciencias inform\u00e1ticas, 14(3), 142\u2013155.","DOI":"10.47230\/unesum-ciencias.v6.n3.2022.377"},{"key":"14348","unstructured":"Villamizar Herrera, L. N., Montenegro Velandia, W. y Poveda Jaimes, S. (2012). Revisi\u00f3n te\u00f3rica sobre la ense\u00f1anza y aprendizaje de las matem\u00e1ticas. Revista Virtual Universidad Cat\u00f3lica del Norte, 35, 254\u2013287."},{"key":"14349","doi-asserted-by":"crossref","unstructured":"Wei, X., Saab, N., & Admiraal, W. (2021). Assessment of cognitive, behavioral, and affective learning outcomes in massive open online courses: A systematic literature review. Computers & Education, 163, 104097.","DOI":"10.1016\/j.compedu.2020.104097"},{"key":"14350","doi-asserted-by":"crossref","unstructured":"Wijnia, L., Loyens, S. M., Derous, E., & Schmidt, H. G. (2015). How important are student-selected versus instructor-selected literature resources for students' learning and motivation in problem-based learning? Instructional Science, 43, 39-58.","DOI":"10.1007\/s11251-014-9325-6"},{"key":"14351","doi-asserted-by":"crossref","unstructured":"Zakaria, M. I., Noor Nasran, N. A. H., Ahmad Alhassora, N. S., & Pairan, R. (2024). Unleashing Problem-Based Learning Method among Mathematics Teachers. International Journal of Academic Research in Progressive Education and Development, 13(1), 667\u2013675. https:\/\/doi.org\/10.6007\/ijarped\/v13-i1\/20492","DOI":"10.6007\/IJARPED\/v13-i1\/20492"}],"container-title":["Administraci\u00f3n &amp; Desarrollo"],"link":[{"URL":"https:\/\/revistas.esap.edu.co\/index.php\/admindesarro\/article\/download\/973\/767","content-type":"application\/pdf","content-version":"vor","intended-application":"text-mining"},{"URL":"https:\/\/revistas.esap.edu.co\/index.php\/admindesarro\/article\/download\/973\/778","content-type":"text\/xml","content-version":"vor","intended-application":"text-mining"},{"URL":"https:\/\/revistas.esap.edu.co\/index.php\/admindesarro\/article\/download\/973\/767","content-type":"unspecified","content-version":"vor","intended-application":"similarity-checking"}],"deposited":{"date-parts":[[2025,12,31]],"date-time":"2025-12-31T19:49:09Z","timestamp":1767210549000},"score":0.0,"resource":{"primary":{"URL":"https:\/\/revistas.esap.edu.co\/index.php\/admindesarro\/article\/view\/973"}},"issued":{"date-parts":[[2024,9,4]]},"references-count":69,"journal-issue":{"issue":"2","published-online":{"date-parts":[[2024,7,1]]}},"URL":"https:\/\/doi.org\/10.22431\/25005227.973","ISSN":["2500-5227","0120-3754"],"issn-type":[{"value":"2500-5227","type":"electronic"},{"value":"0120-3754","type":"print"}],"published":{"date-parts":[[2024,9,4]]}},{"indexed":{"date-parts":[[2025,11,6]],"date-time":"2025-11-06T16:42:14Z","timestamp":1762447334804,"version":"build-2065373602"},"reference-count":0,"publisher":"Escuela Superior de Administracion Publica","issue":"1","license":[{"start":{"date-parts":[[2017,6,30]],"date-time":"2017-06-30T00:00:00Z","timestamp":1498780800000},"content-version":"unspecified","delay-in-days":0,"URL":"http:\/\/creativecommons.org\/licenses\/by-nc-nd\/4.0"}],"content-domain":{"domain":[],"crossmark-restriction":false},"short-container-title":["Adm. Desarro."],"abstract":"<jats:p>En una revisi\u00f3n de las condiciones pol\u00edticas, institucionales, sociales y algunas tendencias hist\u00f3ricas en Colombia, se ha encontrado que el \u00e9xito del actual proceso de paz y la consolidaci\u00f3n sostenible y exitosa del programa de DDR estar\u00eda en entre dicho, vi\u00e9ndose afectado por la deficiencia estatal y la exclusi\u00f3n social. Este hallazgo se llev\u00f3 a cabo a partir de una revisi\u00f3n de los errores y aciertos de algunas experiencias internacionales y nacionales en DDRS y el estudio de los conceptos de Deficiencia Estatal y Exclusi\u00f3n Social; a fin de hacer una proyecci\u00f3n de ciertas variables identificadas en procesos DDRS hist\u00f3ricos y en el contexto actual de la realidad pol\u00edtica, institucional y social en Colombia y mediante el an\u00e1lisis de las variables hist\u00f3ricas estructurales que han permanecido en las din\u00e1micas estatales hasta nuestros d\u00edas.<\/jats:p>","DOI":"10.22431\/25005227.65","type":"journal-article","created":{"date-parts":[[2017,8,28]],"date-time":"2017-08-28T10:00:28Z","timestamp":1503914428000},"page":"41-54","source":"Crossref","is-referenced-by-count":0,"title":["Procesos de IDDRS en el mundo: An\u00e1lisis de variables en el caso colombiano"],"prefix":"10.22431","volume":"47","author":[{"given":"Shery Katrinna","family":"Correales L\u00f3pez","sequence":"first","affiliation":[],"role":[{"role":"author","vocabulary":"crossref"}]}],"member":"9723","published-online":{"date-parts":[[2017,6,30]]},"container-title":["Administraci\u00f3n &amp; Desarrollo"],"link":[{"URL":"https:\/\/revistas.esap.edu.co\/index.php\/admindesarro\/article\/download\/65\/pdf","content-type":"application\/pdf","content-version":"vor","intended-application":"text-mining"},{"URL":"https:\/\/revistas.esap.edu.co\/index.php\/admindesarro\/article\/download\/65\/pdf","content-type":"unspecified","content-version":"vor","intended-application":"similarity-checking"}],"deposited":{"date-parts":[[2025,11,6]],"date-time":"2025-11-06T16:38:56Z","timestamp":1762447136000},"score":0.0,"resource":{"primary":{"URL":"https:\/\/revistas.esap.edu.co\/index.php\/admindesarro\/article\/view\/65"}},"issued":{"date-parts":[[2017,6,30]]},"references-count":0,"journal-issue":{"issue":"1","published-online":{"date-parts":[[2017,6,30]]}},"URL":"https:\/\/doi.org\/10.22431\/25005227.65","ISSN":["2500-5227","0120-3754"],"issn-type":[{"type":"electronic","value":"2500-5227"},{"type":"print","value":"0120-3754"}],"published":{"date-parts":[[2017,6,30]]}},{"indexed":{"date-parts":[[2024,9,23]],"date-time":"2024-09-23T04:33:06Z","timestamp":1727065986770},"reference-count":0,"publisher":"Escuela Superior de Administracion Publica","issue":"57","license":[{"start":{"date-parts":[[2013,11,1]],"date-time":"2013-11-01T00:00:00Z","timestamp":1383264000000},"content-version":"unspecified","delay-in-days":0,"URL":"http:\/\/creativecommons.org\/licenses\/by-nc-nd\/4.0"}],"content-domain":{"domain":[],"crossmark-restriction":false},"short-container-title":["Adm. Desarro."],"abstract":"<jats:p>El texto busca orientar acerca del fortalecimiento del alto gobierno en la construcci\u00f3n, dise\u00f1o y evaluaci\u00f3n de las pol\u00edticas p\u00fablicas a trav\u00e9s de la participaci\u00f3n ciudadana, porque en el ciudadano reside la realidad social y es una fuente indispensable para obtener la informaci\u00f3n estrat\u00e9gica en la toma de decisiones. Inicialmente se realiza un an\u00e1lisis conceptual de conceptos claves como las pol\u00edticas p\u00fablicas, democratizaci\u00f3n y participaci\u00f3n ciudadana con sus respectivos referentes te\u00f3ricos. Tambi\u00e9n se analiza el contexto institucional del alto gobierno para identificar las instancias de toma de decisiones, t\u00e9cnicas para la recolecci\u00f3n de informaci\u00f3n y las pol\u00edticas donde se expiden los lineamientos y directrices a seguir por parte de la administraci\u00f3n. Visualizado el contexto, se pasa a analizar la implementaci\u00f3n de la pol\u00edtica de discapacidad en Medell\u00edn a partir del trabajo \u201cpol\u00edticas p\u00fablicas, dispositivo de administraci\u00f3n p\u00fablica o atributo de poder pol\u00edtico\u201d realizado por los investigadores Jaider Camilo Ot\u00e1lvaro Orrego, Maribel Fern\u00e1ndez Agudelo y Viviana Cano Chica. As\u00ed mismo, se busca realizar una articulaci\u00f3n entre conceptos te\u00f3ricos, metodol\u00f3gicos, las din\u00e1micas institucionales del alto gobierno y los casos pr\u00e1cticos para evidenciar la importancia que tiene la participaci\u00f3n ciudadana y la democratizaci\u00f3n en la formulaci\u00f3n, implementaci\u00f3n y evaluaci\u00f3n de las pol\u00edticas p\u00fablicas en Colombia.<\/jats:p>","DOI":"10.22431\/25005227.115","type":"journal-article","created":{"date-parts":[[2017,7,5]],"date-time":"2017-07-05T16:06:06Z","timestamp":1499270766000},"page":"11-30","source":"Crossref","is-referenced-by-count":0,"title":["La democratizaci\u00f3n y la participaci\u00f3n ciudadana, fundamentos para el fortalecimiento del alto gobierno en la construcci\u00f3n y desarrollo de pol\u00edticas p\u00fablicas."],"prefix":"10.22431","volume":"41","author":[{"given":"Ivan Camilo","family":"Diaz","sequence":"first","affiliation":[],"role":[{"role":"author","vocabulary":"crossref"}]}],"member":"9723","published-online":{"date-parts":[[2013,11,1]]},"container-title":["Administraci\u00f3n &amp; Desarrollo"],"link":[{"URL":"https:\/\/revistas.esap.edu.co\/index.php\/admindesarro\/article\/download\/115\/pdf","content-type":"application\/pdf","content-version":"vor","intended-application":"text-mining"},{"URL":"https:\/\/revistas.esap.edu.co\/index.php\/admindesarro\/article\/download\/115\/pdf","content-type":"unspecified","content-version":"vor","intended-application":"similarity-checking"}],"deposited":{"date-parts":[[2021,11,12]],"date-time":"2021-11-12T19:11:54Z","timestamp":1636744314000},"score":0.0,"resource":{"primary":{"URL":"https:\/\/revistas.esap.edu.co\/index.php\/admindesarro\/article\/view\/115"}},"issued":{"date-parts":[[2013,11,1]]},"references-count":0,"journal-issue":{"issue":"57","published-online":{"date-parts":[[2013,11,1]]}},"URL":"https:\/\/doi.org\/10.22431\/25005227.115","ISSN":["2500-5227","0120-3754"],"issn-type":[{"value":"2500-5227","type":"electronic"},{"value":"0120-3754","type":"print"}],"published":{"date-parts":[[2013,11,1]]}},{"indexed":{"date-parts":[[2025,11,6]],"date-time":"2025-11-06T16:39:43Z","timestamp":1762447183336,"version":"build-2065373602"},"reference-count":18,"publisher":"Escuela Superior de Administracion Publica","issue":"2","license":[{"start":{"date-parts":[[2018,12,1]],"date-time":"2018-12-01T00:00:00Z","timestamp":1543622400000},"content-version":"unspecified","delay-in-days":0,"URL":"https:\/\/creativecommons.org\/licenses\/by-nc-sa\/4.0"}],"content-domain":{"domain":[],"crossmark-restriction":false},"short-container-title":["Adm. Desarro."],"abstract":"<jats:p>Governance is seen as the art of governing well or the exercise of good government to produce the results that society expects from its rulers, it is the duty to be, what is intended to be carried out by a government, whatever its territorial space. This research was proposed to evaluate the level of achievement of governance indicators, according to the model applied by the World Bank Institute (IBM, 2017), which shows the administration of the municipality of Valledupar, Colombia. A quantitative design was applied, the type of research is descriptive and proactive, since it proposes new ways of applying knowledge to the reality found at the local level to improve the living conditions of citizens. The applied instrument was structured based on the six indicators proposed by the IBM, and another was added related to the availability or attitude of the local administration, to adapt governance to the peace scenario, taking into account the agreements between the Colombian government and the FARC. The results were tabulated, graphed and interpreted by the researchers, showing scenarios taken as a basis to propose to the Administration of the municipality of Valledupar, a series of instruments, strategies and dynamics that will help improve the governability indexes, and therefore in accordance and social support for municipal public policies, in a post-conflict scenario.<\/jats:p>","DOI":"10.22431\/25005227.vol48n2.2","type":"journal-article","created":{"date-parts":[[2021,11,7]],"date-time":"2021-11-07T15:52:27Z","timestamp":1636300347000},"page":"46-75","source":"Crossref","is-referenced-by-count":1,"title":["Indicadores de gobernabilidad y posconflicto en el municipio de Valledupar (I)"],"prefix":"10.22431","volume":"48","author":[{"given":"Sim\u00f3n","family":"Mart\u00ednez Ub\u00e1rnez","sequence":"first","affiliation":[],"role":[{"role":"author","vocabulary":"crossref"}]},{"given":"Antonio Yesith","family":"Pedroza Estrada","sequence":"additional","affiliation":[],"role":[{"role":"author","vocabulary":"crossref"}]}],"member":"9723","published-online":{"date-parts":[[2018,12,1]]},"reference":[{"key":"397","unstructured":"Banco Mundial (2017). Indicadores de gobernabilidad del Banco Mundial: M\u00e9xico: FCE."},{"key":"398","unstructured":"Berensztein, Sergio (2007). Indicadores mundiales de gobernabilidad. Documento de trabajo. Buenos Aires: Instituto para el desarrollo empresarial de la Argentina, IDEA."},{"key":"399","unstructured":"Calder\u00f3n Brug\u00e9s, Jaime (2017). Escritos I. Art\u00edculos y discursos. Valledupar: C\u00e1mara de Comercio."},{"key":"400","unstructured":"Club de Roma (1996). La capacidad de gobernar: Informe al Club de Roma\/de Yehezkel Dror; trad. de Carmen Aguilar. M\u00e9xico: FCE."},{"key":"401","unstructured":"Echebarr\u00eda, Koldo (2004). Objetivar la gobernanza: funciones y metodolog\u00eda. Una aproximaci\u00f3n a la objetivaci\u00f3n del an\u00e1lisis institucional a trav\u00e9s de indicadores de gobernabilidad. Madrid: IX Congreso internacional del CLAD sobre la reforma del Estado, Nov. 2-5"},{"key":"402","unstructured":"Fundaci\u00f3n Este Pa\u00eds (2017). Indicadores de gobernabilidad del Banco Mundial. M\u00e9xico. FEP."},{"key":"403","unstructured":"Fundamentos de Gobernabilidad democr\u00e1tica. (2015). Valledupar. Colombia. Escuela Superior de Administraci\u00f3n P\u00fablica, ESAP."},{"key":"404","unstructured":"Hern\u00e1ndez, R. C. (2016). Indicadores de gobernabilidad. M\u00e9xico: Firmas. Recuperado de: http:\/\/www.milenio.com\/firmas\/ricardo_cisneros_hernandez\/Indicadores-gobernabilidad_18_778902118.html"},{"key":"405","unstructured":"Kaufmann, Daniel (2012). Worlwide governance indicators. Recuperado de: The World Bank Group. http:\/\/www.worldbank.org\/wbi\/governance. http:\/\/www.govindicators.org"},{"key":"406","unstructured":"Kaufmann, Daniel & Kraay, Aart (2002). Gobernabilidad y crecimiento en el largo plazo: Evidencia para Latinoam\u00e9rica y el Mundo. Washington: Banco Mundial."},{"key":"407","unstructured":"Hern\u00e1ndez, R., Fern\u00e1ndez, y Batista. (2016). Metodolog\u00eda de la investigaci\u00f3n. M\u00e9xico D.F. M\u00e9xico. Editorial McGraw Hill."},{"key":"408","unstructured":"Hurtado, J. (2010). El proyecto de investigaci\u00f3n. Comprensi\u00f3n hol\u00edstica de la metodolog\u00eda y la investigaci\u00f3n. Quir\u00f3n ediciones. Bogot\u00e1, Colombia."},{"key":"409","unstructured":"Mart\u00ednez U. S., Giraldo, O y Paniagua R. (2014). Gobernabilidad, Participaci\u00f3n y cultura de paz. Valledupar: Agencia de Cooperaci\u00f3n Alemana - Programa de Desarrollo y Paz del Cesar, PDPC."},{"key":"410","unstructured":"Mesa de negociaciones de La Habana (2017). Acuerdo final para la terminaci\u00f3n del conflicto y la construcci\u00f3n de una paz estable y duradera. Bogot\u00e1: Oficina del Alto Comisionado para la Paz."},{"key":"411","unstructured":"Programa de las Naciones Unidas para el Desarrollo, PNUD (s.f.). Indicadores de gobernabilidad: Gu\u00eda del usuario. Oslo: Centro de Gobernabilidad."},{"key":"412","unstructured":"Programa de las Naciones Unidas para el Desarrollo, PNUD. Global Integrity, (2008). Gu\u00eda del usuario para medir la corrupci\u00f3n. Recuperado el 01\/06\/2017, de http:\/\/www.gaportal.org\/sites\/default\/files\/users_guide_measuring_corruption_spanish.pdf"},{"key":"413","unstructured":"Programa de las Naciones Unidas para el Desarrollo, PNUD. Centro de gobernabilidad de Oslo (2014). Gu\u00eda del usuario para medir la gobernabilidad local. Oslo: Centro de Gobernabilidad de Oslo. Rec. de: http:\/\/www.gaportal.org\/sites\/default\/files\/usersguide_localgov_ogc09_es_0.pdf"},{"key":"414","unstructured":"Universidad del Rosario. (2017). Experimentos de reconciliaci\u00f3n pol\u00edtica en Colombia. Recuperado de: http:\/\/www.urosario.edu.co\/jurisprudencia\/jurisprudencia-reconciliacion\/ur\/Postconflicto\/ http:\/\/www.valledupar-cesar.gov.co"}],"container-title":["Administraci\u00f3n &amp; Desarrollo"],"link":[{"URL":"https:\/\/revistas.esap.edu.co\/index.php\/admindesarro\/article\/download\/537\/495","content-type":"application\/pdf","content-version":"vor","intended-application":"text-mining"},{"URL":"https:\/\/revistas.esap.edu.co\/index.php\/admindesarro\/article\/download\/537\/495","content-type":"unspecified","content-version":"vor","intended-application":"similarity-checking"}],"deposited":{"date-parts":[[2025,11,6]],"date-time":"2025-11-06T16:35:28Z","timestamp":1762446928000},"score":0.0,"resource":{"primary":{"URL":"https:\/\/revistas.esap.edu.co\/index.php\/admindesarro\/article\/view\/537"}},"issued":{"date-parts":[[2018,12,1]]},"references-count":18,"journal-issue":{"issue":"2","published-online":{"date-parts":[[2018,12,31]]}},"URL":"https:\/\/doi.org\/10.22431\/25005227.vol48n2.2","ISSN":["2500-5227","0120-3754"],"issn-type":[{"type":"electronic","value":"2500-5227"},{"type":"print","value":"0120-3754"}],"published":{"date-parts":[[2018,12,1]]}},{"indexed":{"date-parts":[[2025,12,31]],"date-time":"2025-12-31T20:20:20Z","timestamp":1767212420182,"version":"3.48.0"},"reference-count":0,"publisher":"Escuela Superior de Administracion Publica","issue":"54","license":[{"start":{"date-parts":[[2011,12,1]],"date-time":"2011-12-01T00:00:00Z","timestamp":1322697600000},"content-version":"unspecified","delay-in-days":0,"URL":"http:\/\/creativecommons.org\/licenses\/by-nc-nd\/4.0"}],"content-domain":{"domain":[],"crossmark-restriction":false},"short-container-title":["Adm. Desarro."],"abstract":"<jats:p>The present document reports a review of the scientific literature about human resource management and strategic organisational planning, aimed at identifying base elements supporting the development of this topic in public entities, emphasising Colombian ones. It also gives a detailed review of three central aspects which are taken into account in most existing models regarding the strategic planning of human resources: organisational culture, leadership and compensation systems. A mention is made concerning the use of information and communication technologies (ICT) in strategic planning as one of the topics which has aroused the greatest interest in the current literature regarding this topic.<\/jats:p>","DOI":"10.22431\/25005227.134","type":"journal-article","created":{"date-parts":[[2017,7,5]],"date-time":"2017-07-05T12:06:06Z","timestamp":1499256366000},"page":"47-66","source":"Crossref","is-referenced-by-count":0,"title":["Aproximaci\u00f3n te\u00f3rica a la planeaci\u00f3n estrat\u00e9gica de recursos humanos en el sector p\u00fablico","A theoretical approach to the strategic planning of public sector human resource management"],"prefix":"10.22431","volume":"39","author":[{"given":"Ivan Ricardo","family":"Ruiz Castro","sequence":"first","affiliation":[],"role":[{"role":"author","vocabulary":"crossref"}]},{"given":"Maria Constanza","family":"Aguilar Bustamante","sequence":"additional","affiliation":[],"role":[{"role":"author","vocabulary":"crossref"}]},{"given":"Monica","family":"Garcia Rubiano","sequence":"additional","affiliation":[],"role":[{"role":"author","vocabulary":"crossref"}]},{"given":"Alvaro Giovanni","family":"Gonzales Herrera","sequence":"additional","affiliation":[],"role":[{"role":"author","vocabulary":"crossref"}]},{"given":"Diana Carolina","family":"Vega Aguirre","sequence":"additional","affiliation":[],"role":[{"role":"author","vocabulary":"crossref"}]},{"given":"Andrea","family":"Velandia Morales","sequence":"additional","affiliation":[],"role":[{"role":"author","vocabulary":"crossref"}]}],"member":"9723","published-online":{"date-parts":[[2011,12,1]]},"container-title":["Administraci\u00f3n &amp; Desarrollo"],"link":[{"URL":"https:\/\/revistas.esap.edu.co\/index.php\/admindesarro\/article\/download\/134\/pdf","content-type":"application\/pdf","content-version":"vor","intended-application":"text-mining"},{"URL":"https:\/\/revistas.esap.edu.co\/index.php\/admindesarro\/article\/download\/134\/pdf","content-type":"unspecified","content-version":"vor","intended-application":"similarity-checking"}],"deposited":{"date-parts":[[2025,12,31]],"date-time":"2025-12-31T20:15:46Z","timestamp":1767212146000},"score":0.0,"resource":{"primary":{"URL":"https:\/\/revistas.esap.edu.co\/index.php\/admindesarro\/article\/view\/134"}},"issued":{"date-parts":[[2011,12,1]]},"references-count":0,"journal-issue":{"issue":"54","published-online":{"date-parts":[[2011,12,1]]}},"URL":"https:\/\/doi.org\/10.22431\/25005227.134","ISSN":["2500-5227","0120-3754"],"issn-type":[{"type":"electronic","value":"2500-5227"},{"type":"print","value":"0120-3754"}],"published":{"date-parts":[[2011,12,1]]}},{"indexed":{"date-parts":[[2025,11,6]],"date-time":"2025-11-06T16:50:34Z","timestamp":1762447834526,"version":"build-2065373602"},"reference-count":0,"publisher":"Escuela Superior de Administracion Publica","issue":"67","license":[{"start":{"date-parts":[[2014,12,1]],"date-time":"2014-12-01T00:00:00Z","timestamp":1417392000000},"content-version":"unspecified","delay-in-days":0,"URL":"http:\/\/creativecommons.org\/licenses\/by-nc-nd\/4.0"}],"content-domain":{"domain":[],"crossmark-restriction":false},"short-container-title":["Nova vetera"],"abstract":"<jats:p>O presente ensaio analisa o conte\u00fado televisivo voltado para a popula\u00e7\u00e3o pobre das periferias brasileiras. Trata da forma como as popula\u00e7\u00f5es ocupantes das classes mais desfavorecidas consomem os conte\u00fados produzidos pelos meios de comunica\u00e7\u00e3o, em especifico a televis\u00e3o, com rela\u00e7\u00e3o a sua imagem veiculada pelos mesmos. S\u00e3o observados os seguintes aspectos: criminaliza\u00e7\u00e3o do cidad\u00e3o e do espa\u00e7o; constru\u00e7\u00e3o da imagem distorcida, caricata e preconceituosa desses indiv\u00edduos; explora\u00e7\u00e3o da pobreza e da mis\u00e9ria da popula\u00e7\u00e3o oprimida e exclu\u00edda socialmente; banaliza\u00e7\u00e3o da vida atrav\u00e9s da veicula\u00e7\u00e3o maci\u00e7a de mortes no referidos locais. Como perspectiva futura, o artigo busca n\u00e3o s\u00f3 mostrar como estes elementos est\u00e3o postos atualmente na m\u00eddia como tamb\u00e9m expor a realidade dessas comunidades, sob o olhar sociol\u00f3gico, despido dos preconceitos difundidos pela m\u00eddia sobre a sociedade.<\/jats:p>","DOI":"10.22431\/25005103.29","type":"journal-article","created":{"date-parts":[[2017,7,5]],"date-time":"2017-07-05T15:34:05Z","timestamp":1499268845000},"page":"114-123","source":"Crossref","is-referenced-by-count":0,"title":["Processos de criminaliza\u00e7\u00e3o da pobreza na televis\u00e3o: a constru\u00e7\u00e3o dos ester\u00f3tipos nos telejornais"],"prefix":"10.22431","volume":"23","author":[{"given":"Lucas Eduardo","family":"Dantas","sequence":"first","affiliation":[],"role":[{"role":"author","vocabulary":"crossref"}]}],"member":"9723","published-online":{"date-parts":[[2014,12,1]]},"container-title":["Nova et Vetera"],"link":[{"URL":"https:\/\/revistas.esap.edu.co\/index.php\/novaetvetera\/article\/download\/29\/33","content-type":"application\/pdf","content-version":"vor","intended-application":"text-mining"},{"URL":"https:\/\/revistas.esap.edu.co\/index.php\/novaetvetera\/article\/download\/29\/33","content-type":"unspecified","content-version":"vor","intended-application":"similarity-checking"}],"deposited":{"date-parts":[[2025,11,6]],"date-time":"2025-11-06T16:45:09Z","timestamp":1762447509000},"score":0.0,"resource":{"primary":{"URL":"https:\/\/revistas.esap.edu.co\/index.php\/novaetvetera\/article\/view\/29"}},"issued":{"date-parts":[[2014,12,1]]},"references-count":0,"journal-issue":{"issue":"67","published-online":{"date-parts":[[2014,12,1]]}},"URL":"https:\/\/doi.org\/10.22431\/25005103.29","ISSN":["2500-5103","0123-2614"],"issn-type":[{"type":"electronic","value":"2500-5103"},{"type":"print","value":"0123-2614"}],"published":{"date-parts":[[2014,12,1]]}},{"indexed":{"date-parts":[[2023,4,26]],"date-time":"2023-04-26T15:39:36Z","timestamp":1682523576049},"reference-count":0,"publisher":"Escuela Superior de Administracion Publica","issue":"65","license":[{"start":{"date-parts":[[2016,9,28]],"date-time":"2016-09-28T00:00:00Z","timestamp":1475020800000},"content-version":"unspecified","delay-in-days":0,"URL":"http:\/\/creativecommons.org\/licenses\/by-nc-nd\/4.0"}],"content-domain":{"domain":[],"crossmark-restriction":false},"short-container-title":["Nova vetera"],"abstract":"<jats:p>El inusitado crecimiento de la violencia en contra de las mujeres, y la insuficiencia de las medidas, programas y pol\u00edticas estatales, para contrarrestarlo, ameritan poner \u00e9nfasis en el desentra\u00f1amiento del fen\u00f3meno. Por lo anterior, el prop\u00f3sito del presente art\u00edculo es dar a conocer la posibilidad de la posibilidad de aplicaci\u00f3n de las excluyentes de responsabilidad, especialmente la leg\u00edtima defensa y el estado de necesidad exculpante, a los casos de mujeres maltratadas que originan la muerte a sus maltratadores. Se se\u00f1alar\u00e1n las dificultades en el alcance de algunos de los requisitos de las mencionadas causales, respecto de los cuales se indicar\u00e1 su insuficiencia para responder a la hip\u00f3tesis planteada.Se concluir\u00e1 a partir de la necesidad de reinterpretar tales requisitos desde una \u00f3ptica de g\u00e9nero que permite reconocer la realidad de las mujeres sometidas a malos tratos constantes.<\/jats:p>","DOI":"10.22431\/25005103.323","type":"journal-article","created":{"date-parts":[[2017,7,5]],"date-time":"2017-07-05T19:34:05Z","timestamp":1499283245000},"page":"49-70","source":"Crossref","is-referenced-by-count":1,"title":["Mujer maltratada y exclusi\u00f3n de responsabilidad. Una mirada de g\u00e9nero a la leg\u00edtima defensa y al estado de necesidad exculpante"],"prefix":"10.22431","volume":"21","author":[{"given":"Marcela","family":"Roa Avella","sequence":"first","affiliation":[],"role":[{"role":"author","vocabulary":"crossref"}]}],"member":"9723","published-online":{"date-parts":[[2016,9,28]]},"container-title":["Nova et Vetera"],"link":[{"URL":"https:\/\/revistas.esap.edu.co\/index.php\/novaetvetera\/article\/download\/323\/pdf","content-type":"application\/pdf","content-version":"vor","intended-application":"text-mining"},{"URL":"https:\/\/revistas.esap.edu.co\/index.php\/novaetvetera\/article\/download\/323\/pdf","content-type":"unspecified","content-version":"vor","intended-application":"similarity-checking"}],"deposited":{"date-parts":[[2021,11,30]],"date-time":"2021-11-30T03:21:22Z","timestamp":1638242482000},"score":0.0,"resource":{"primary":{"URL":"https:\/\/revistas.esap.edu.co\/index.php\/novaetvetera\/article\/view\/323"}},"issued":{"date-parts":[[2016,9,28]]},"references-count":0,"journal-issue":{"issue":"65","published-online":{"date-parts":[[2016,9,28]]}},"URL":"https:\/\/doi.org\/10.22431\/25005103.323","ISSN":["2500-5103","0123-2614"],"issn-type":[{"value":"2500-5103","type":"electronic"},{"value":"0123-2614","type":"print"}],"published":{"date-parts":[[2016,9,28]]}},{"indexed":{"date-parts":[[2022,4,2]],"date-time":"2022-04-02T06:31:42Z","timestamp":1648881102678},"reference-count":35,"publisher":"Escuela Superior de Administracion Publica","issue":"2","license":[{"start":{"date-parts":[[2018,12,1]],"date-time":"2018-12-01T00:00:00Z","timestamp":1543622400000},"content-version":"unspecified","delay-in-days":0,"URL":"http:\/\/creativecommons.org\/licenses\/by-nc-nd\/4.0"}],"content-domain":{"domain":[],"crossmark-restriction":false},"short-container-title":["Adm. Desarro."],"abstract":"<jats:p>Este art\u00edculo propone una intervenci\u00f3n tendiente a fortalecer habilidades para la problematizaci\u00f3n, a trav\u00e9s adopci\u00f3n del pensamiento de dise\u00f1o, el prototipado y la cartograf\u00eda del codise\u00f1o. Lo anterior se desarroll\u00f3 a trav\u00e9s de estrategias para la indagaci\u00f3n, la identificaci\u00f3n de la complejidad de problemas p\u00fablicos, y la aplicaci\u00f3n de un prototipado para el dise\u00f1o de intervenciones estatales. Como resultado, se logr\u00f3 que los estudiantes de la ESAP generaran sus propios prototipos de intervenci\u00f3n estatal, reflexionaran sobre las particularidades de la herramienta \u00e1rbol de problemas y exploraran la complejidad, tensiones y dilemas de un conjunto de problemas sociales.<\/jats:p>","DOI":"10.22431\/25005227.vol48n2.5","type":"journal-article","created":{"date-parts":[[2021,11,7]],"date-time":"2021-11-07T20:52:27Z","timestamp":1636318347000},"page":"129-159","source":"Crossref","is-referenced-by-count":0,"title":["Fortalecimiento de habilidades de problematizaci\u00f3n en pol\u00edtica p\u00fablica: el aporte del pensamiento de dise\u00f1o"],"prefix":"10.22431","volume":"48","author":[{"given":"Isabel Cristina","family":"Duarte","sequence":"first","affiliation":[],"role":[{"role":"author","vocabulary":"crossref"}]},{"given":"Deivi Alberto","family":"Camargo","sequence":"additional","affiliation":[],"role":[{"role":"author","vocabulary":"crossref"}]},{"given":"Jose David","family":"Reyes","sequence":"additional","affiliation":[],"role":[{"role":"author","vocabulary":"crossref"}]}],"member":"9723","published-online":{"date-parts":[[2018,12,1]]},"reference":[{"key":"483","doi-asserted-by":"crossref","unstructured":"Acevedo, S., & Dassen, N. (2016). Innovando para una mejor gesti\u00f3n. La contribuci\u00f3n de los laboratorios de innovaci\u00f3n p\u00fablica. https:\/\/doi.org\/10.18235\/0000483","DOI":"10.18235\/0000483"},{"key":"484","unstructured":"Aguilar, L. (2017). Pol\u00edtica P\u00fablica. In Biblioteca b\u00e1sica de administraci\u00f3n p\u00fablica (pp. 17\u2013 60). Retrieved from http:\/\/www.coldeportes.gov.co\/normatividad\/politica_publica"},{"key":"485","unstructured":"Akrich, M. (1992). The De-scription of technical objects. In Shaping technology building society: Studies in sociotechnical change (pp. 206\u2013224). MIT Press."},{"key":"486","doi-asserted-by":"crossref","unstructured":"Bacchi, C. (2015). The Turn to Problematization: Political Implications of Contrasting Interpretive and Poststructural Adaptations. Open Journal of Political Science, 05(01), 1\u201312. https:\/\/doi.org\/10.4236\/ojps.2015.51001","DOI":"10.4236\/ojps.2015.51001"},{"key":"487","unstructured":"BID. (2018). Abierto al p\u00fablico \u00bfQu\u00e9 son los Laboratorios de Innovaci\u00f3n P\u00fablica? Retrieved April 23, 2018, from https:\/\/blogs.iadb.org\/abierto-al-publico\/2017\/04\/18\/que-son-los-laboratorios-de-innovacion-publica\/"},{"key":"488","unstructured":"Bijker, W. (1997). La construcci\u00f3n social de la baquelita: hacia una teor\u00eda de la invenci\u00f3n. New Directions in the Sociology of Science and Technology, 1\u201330."},{"key":"489","doi-asserted-by":"crossref","unstructured":"Bj\u00f6rgvinsson, E., Ehn, P., & Hillgren, P.-A. (2010). Participatory design and democratizing innovation. In Proceedings of the 11th Biennial Participatory Design Conference on - PDC \u201910 (p. 41). New York, New York, USA: ACM Press. https:\/\/doi.org\/10.1145\/1900441.1900448","DOI":"10.1145\/1900441.1900448"},{"key":"490","unstructured":"Callon, M. (1998). El proceso de construcci\u00f3n de la sociedad. El estudio de la tecnolog\u00eda como herramienta para el an\u00e1lisis sociol\u00f3gico. Sociolog\u00eda Sim\u00e9trica. Ensayos Sobre Ciencia, Tecnolog\u00eda y Sociedad, 143\u2013170."},{"key":"491","unstructured":"CONEVAL, & ILPES. (2009). Metodolog\u00eda Marco L\u00f3gico y Matriz de Indicadores. Acapulco: ECLAC."},{"key":"492","unstructured":"Dunn, W. (2004). Public Policy Analysis: An Introduction (5th ed.). Pearson."},{"key":"493","unstructured":"Garc\u00eda, E., Gonz\u00e1lez, J. C., L\u00f3pez-Cerezo, J. A., Luj\u00e1n, J. L., Mart\u00edn, M., Osorio, C., & Vald\u00e9s, C. (2001). Ciencia, Tecnolog\u00eda y Sociedad: una aproximaci\u00f3n conceptual. Cuadernos de Iberoam\u00e9rica, 166."},{"key":"494","doi-asserted-by":"crossref","unstructured":"Gourlay, S. (2006). Conceptualizing knowledge creation: a critique of Nonaka\u2019s theory. Journal of Management Studies, 43(7), 1415\u20131436. https:\/\/doi.org\/10.1111\/j.1467-6486.2006.00637.x","DOI":"10.1111\/j.1467-6486.2006.00637.x"},{"key":"495","unstructured":"Hughes, T. P. (1978). La evoluci\u00f3n de los grandes sistemas tecnol\u00f3gicos. Actos, Actores y Artefactos: Sociolog\u00eda de La Tecnolog\u00eda, 101\u2013145."},{"key":"496","unstructured":"Hughes, T. P. (1983). Networks of Power: Electrification in Wstern Society. Johns Hopkins University Press. Baltimore."},{"key":"497","unstructured":"ILPES. (2005). Metodolog\u00eda general de identificaci\u00f3n, preparaci\u00f3n y evaluaci\u00f3n de proyectos de inversi\u00f3n p\u00fablica (Vol. 39). Santiago de Chile."},{"key":"498","unstructured":"ILPES. (2011). Formulaci\u00f3n de programas con la metodolog\u00eda de marco l\u00f3gico. Santiago de Chile: Naciones Unidas. Retrieved from http:\/\/unpan1.un.org\/intradoc\/groups\/public\/documents\/uneclac\/unpan045744.pdf"},{"key":"499","doi-asserted-by":"crossref","unstructured":"Latour, B. (2011). From Multiculturalism to Multinaturalism: What Rules of Method for the New Socio-Scientific Experiments? Nature and Culture, 6, 1\u201317.","DOI":"10.3167\/nc.2011.060101"},{"key":"500","unstructured":"Lleras, E. (1997). Enfoque TESO de intervenci\u00f3n organizacional. In Estrategia y competitividad inform\u00e1tica. Bogot\u00e1: Ediciones Uniandes."},{"key":"501","doi-asserted-by":"crossref","unstructured":"Marttila, S., & Botero, A. (2017). Infrastructuring for Cultural Commons. Computer Supported Cooperative Work (CSCW), 26(1\u20132), 97\u2013 133. https:\/\/doi.org\/10.1007\/s10606-017-9273-1","DOI":"10.1007\/s10606-017-9273-1"},{"key":"502","doi-asserted-by":"crossref","unstructured":"M\u00e1ttar, J., & Cuervo, L. M. (2017). Planificaci\u00f3n para el desarrollo en Am\u00e9rica Latina y el Caribe: enfoques, experiencias y perspectivas. Retrieved from https:\/\/repositorio.cepal.org\/bitstream\/handle\/11362\/42139\/2\/S1700693_es.pdf","DOI":"10.18356\/927df532-es"},{"key":"503","unstructured":"McNabola, A., Moseley, J., Reed, B., Bisgaard, T., Jossiasen, A. D., Melander, C., Whicher, A., Hytonen, J., & Schultz, O. (2013). Design for Public Good. Design Council UK, (272099), 14\u201379."},{"key":"504","doi-asserted-by":"crossref","unstructured":"Nonaka, I., & Krogh, G. von. (2009). Tacit Knowledge and Knowledge Conversion: Controversy and Advancement in Organizational Knowledge Creation Theory. Organization Science. INFORMS. https:\/\/doi.org\/10.2307\/25614679","DOI":"10.1287\/orsc.1080.0412"},{"key":"505","unstructured":"Open University. (2016). Managing complexity : a systems approach \u2013 introduction."},{"key":"506","unstructured":"Ord\u00f3\u00f1ez-Matamoros, G. (2013). Manual de an\u00e1lisis y dise\u00f1o de pol\u00edticas p\u00fablicas (1st ed.). Bogot\u00e1: Universidad Externado de Colombia."},{"key":"507","unstructured":"Rodriguez, A. (2010). Pol\u00edticas P\u00fablicas en Escenarios Globales (1st ed.). Bogot\u00e1: ESAP."},{"key":"508","unstructured":"Sanclemente, M. (2017). Crear el Rol del Ciudadano. Retrieved from https:\/\/marthasanclemente.jimdo.com\/curso-completo-demga-web\/"},{"key":"509","doi-asserted-by":"crossref","unstructured":"Shafritz, J., & Hyde, A. (2011). Cl\u00e1sicos de la administraci\u00f3n p\u00fablica. Fondo de Cultura Econ\u00f3mica. https:\/\/doi.org\/10.1360\/zd-2013-43-6-1064","DOI":"10.1360\/zd-2013-43-6-1064"},{"key":"510","doi-asserted-by":"crossref","unstructured":"Storni, C. (2015). Notes on ANT for designers: ontological, methodological and epistemological turn in collaborative design. CoDesign, 11(3\u20134), 166\u2013178. https:\/\/doi.org\/10.1080\/15710882.2015.1081242","DOI":"10.1080\/15710882.2015.1081242"},{"key":"511","doi-asserted-by":"crossref","unstructured":"Storni, C., Binder, T., Linde, P., & Stuedahl, D. (2015). Designing things together: intersections of co-design and actor\u2013network theory. CoDesign, 11(3\u20134), 149\u2013151. https:\/\/doi.org\/10.1080\/15710882.2015.1081442","DOI":"10.1080\/15710882.2015.1081442"},{"key":"512","doi-asserted-by":"crossref","unstructured":"United Nations. (2007). Public administration and democratic governance: Governments Serving Citizens. Public Administration and Democratic Governance: Governments Serving Citizens. https:\/\/doi.org\/10.1002\/nml.70","DOI":"10.1002\/nml.70"},{"key":"513","unstructured":"Valderrama, A., & Jim\u00e9nez, J. (2008). Desarrollos Tecnol\u00f3gicos en Colombia: Superando catergor\u00edas de oposici\u00f3n. Redes, 14(27), 97\u2013115."},{"key":"514","unstructured":"Vel\u00e1zquez, L., & Garc\u00eda, F. (2015). \u00bfC\u00f3mo facilitar la problematizaci\u00f3n en el aprendizaje para desarrollar cultura cient\u00edfica y promover participaci\u00f3n ciudadana?, 1\u20137."},{"key":"515","doi-asserted-by":"crossref","unstructured":"Venturini, T. (2010). Diving in Magma: How to Explore Controversies with Actor-Network Theory. Public Understanding of Science, 10, 71\u201382.","DOI":"10.1177\/0963662509102694"},{"key":"516","unstructured":"Vercelli, A., & Thomas, H. (2006). La co-construcci\u00f3n de tecnolog\u00edas y regulaciones: An\u00e1lisis socio-t\u00e9cnico de un artefacto anti-copia de Sony-BMG, 1\u201325."},{"key":"517","unstructured":"Vinck, D. (2012). Pensar la t\u00e9cnica. Universitas Philosophica, 17\u201337."}],"container-title":["Administraci\u00f3n y Desarrollo"],"link":[{"URL":"https:\/\/revistas.esap.edu.co\/index.php\/admindesarro\/article\/download\/540\/498","content-type":"application\/pdf","content-version":"vor","intended-application":"text-mining"},{"URL":"https:\/\/revistas.esap.edu.co\/index.php\/admindesarro\/article\/download\/540\/498","content-type":"unspecified","content-version":"vor","intended-application":"similarity-checking"}],"deposited":{"date-parts":[[2021,11,7]],"date-time":"2021-11-07T20:57:57Z","timestamp":1636318677000},"score":0.0,"resource":{"primary":{"URL":"https:\/\/revistas.esap.edu.co\/index.php\/admindesarro\/article\/view\/540"}},"issued":{"date-parts":[[2018,12,1]]},"references-count":35,"journal-issue":{"issue":"2","published-online":{"date-parts":[[2018,12,31]]}},"URL":"https:\/\/doi.org\/10.22431\/25005227.vol48n2.5","ISSN":["2500-5227","0120-3754"],"issn-type":[{"value":"2500-5227","type":"electronic"},{"value":"0120-3754","type":"print"}],"published":{"date-parts":[[2018,12,1]]}},{"indexed":{"date-parts":[[2025,11,6]],"date-time":"2025-11-06T16:52:22Z","timestamp":1762447942874,"version":"build-2065373602"},"reference-count":0,"publisher":"Escuela Superior de Administracion Publica","issue":"28","license":[{"start":{"date-parts":[[2019,12,29]],"date-time":"2019-12-29T00:00:00Z","timestamp":1577577600000},"content-version":"unspecified","delay-in-days":0,"URL":"http:\/\/creativecommons.org\/licenses\/by-nc-nd\/4.0"}],"content-domain":{"domain":[],"crossmark-restriction":false},"short-container-title":["Nova vetera"],"abstract":"<jats:p>In Boyac\u00e1, potato cultivation is one of the main production lines, with an extensive area of land for the cultivation of the tuber, and the geographic and climatic conditions are conducive to sustainable planting. By identifying state resources, it is possible to regulate and technify the sector, thus increasing productivity and impacting the region\u2019s GDP. The idea is to decipher the relationships between actors, resources, and beneficiaries, seeking to answer the question: What are the economic, social, and institutional elements associated with the problem in the potato production sector in Boyac\u00e1? The methodological approach was qualitative through data collection and institutional documents. In conclusion, alternatives are proposed that aim at promoting specialized technical assistance, strengthening the technological apparatus, regulating the prices of inputs necessary for the crop, and finally regulating inequitable tariff policies with respect to foreign investment.<\/jats:p>","DOI":"10.22431\/25005103.n28.1","type":"journal-article","created":{"date-parts":[[2022,12,29]],"date-time":"2022-12-29T01:15:54Z","timestamp":1672276554000},"page":"3-20","source":"Crossref","is-referenced-by-count":1,"title":["Elementos diagn\u00f3sticos en el sector agropecuario: caso de la producci\u00f3n de papa en Boyac\u00e1","Diagnostic elements in the agricultural sector: the case of potato production in Boyac\u00e1"],"prefix":"10.22431","author":[{"ORCID":"https:\/\/orcid.org\/0000-0002-8149-4705","authenticated-orcid":false,"given":"Galaxys","family":"Corpus Arrieta","sequence":"first","affiliation":[],"role":[{"role":"author","vocabulary":"crossref"}]}],"member":"9723","published-online":{"date-parts":[[2019,12,29]]},"container-title":["Nova et Vetera"],"link":[{"URL":"https:\/\/revistas.esap.edu.co\/index.php\/novaetvetera\/article\/download\/798\/646","content-type":"application\/pdf","content-version":"vor","intended-application":"text-mining"},{"URL":"https:\/\/revistas.esap.edu.co\/index.php\/novaetvetera\/article\/download\/798\/646","content-type":"unspecified","content-version":"vor","intended-application":"similarity-checking"}],"deposited":{"date-parts":[[2025,11,6]],"date-time":"2025-11-06T16:47:38Z","timestamp":1762447658000},"score":0.0,"resource":{"primary":{"URL":"https:\/\/revistas.esap.edu.co\/index.php\/novaetvetera\/article\/view\/798"}},"issued":{"date-parts":[[2019,12,29]]},"references-count":0,"journal-issue":{"issue":"28","published-online":{"date-parts":[[2019,12,29]]}},"URL":"https:\/\/doi.org\/10.22431\/25005103.n28.1","ISSN":["2500-5103","0123-2614"],"issn-type":[{"type":"electronic","value":"2500-5103"},{"type":"print","value":"0123-2614"}],"published":{"date-parts":[[2019,12,29]]}},{"indexed":{"date-parts":[[2025,11,6]],"date-time":"2025-11-06T16:35:47Z","timestamp":1762446947346,"version":"build-2065373602"},"reference-count":0,"publisher":"Escuela Superior de Administracion Publica","issue":"1","license":[{"start":{"date-parts":[[2016,6,21]],"date-time":"2016-06-21T00:00:00Z","timestamp":1466467200000},"content-version":"unspecified","delay-in-days":0,"URL":"http:\/\/creativecommons.org\/licenses\/by-nc-nd\/4.0"}],"content-domain":{"domain":[],"crossmark-restriction":false},"short-container-title":["Adm. Desarro."],"abstract":"<jats:p>Public Administration faces great challenges before the globalization; globalization has increased the patterns of inequity in and among countries, since it had not been able to perform the following three tasks, the first one is the distribution of the economy, the second one, is running a sustainable environmental management, and the last one, a political balance that considers both, developed and developing countries\u2019 characteristics (Romero and Vera, 2014).These differences could increase in the presence of weak administrative structures and a deficient public management; therefore, institutional changes in the public administration that strengthen the institutions and the administration systems could help developing countries to benefit from the globalization (Srivastava, 2009).<\/jats:p>","DOI":"10.22431\/25005227.136","type":"journal-article","created":{"date-parts":[[2017,7,5]],"date-time":"2017-07-05T12:05:54Z","timestamp":1499256354000},"page":"1-4","source":"Crossref","is-referenced-by-count":0,"title":["Los retos de la administraci\u00f3n p\u00fablica en el marco de la globalizaci\u00f3n y la integraci\u00f3n econ\u00f3mica","Challenges of the public administration in the globalization and economic integration framework"],"prefix":"10.22431","volume":"46","author":[{"given":"Ana Luc\u00eda","family":"Maya Aguirre","sequence":"first","affiliation":[],"role":[{"role":"author","vocabulary":"crossref"}]}],"member":"9723","published-online":{"date-parts":[[2016,6,21]]},"container-title":["Administraci\u00f3n &amp; Desarrollo"],"link":[{"URL":"https:\/\/revistas.esap.edu.co\/index.php\/admindesarro\/article\/download\/136\/pdf","content-type":"application\/pdf","content-version":"vor","intended-application":"text-mining"},{"URL":"https:\/\/revistas.esap.edu.co\/index.php\/admindesarro\/article\/download\/136\/pdf","content-type":"unspecified","content-version":"vor","intended-application":"similarity-checking"}],"deposited":{"date-parts":[[2025,11,6]],"date-time":"2025-11-06T16:33:59Z","timestamp":1762446839000},"score":0.0,"resource":{"primary":{"URL":"https:\/\/revistas.esap.edu.co\/index.php\/admindesarro\/article\/view\/136"}},"issued":{"date-parts":[[2016,6,21]]},"references-count":0,"journal-issue":{"issue":"1","published-online":{"date-parts":[[2016,6,21]]}},"URL":"https:\/\/doi.org\/10.22431\/25005227.136","ISSN":["2500-5227","0120-3754"],"issn-type":[{"type":"electronic","value":"2500-5227"},{"type":"print","value":"0120-3754"}],"published":{"date-parts":[[2016,6,21]]}},{"indexed":{"date-parts":[[2025,12,31]],"date-time":"2025-12-31T20:29:19Z","timestamp":1767212959907,"version":"3.48.0"},"reference-count":0,"publisher":"Escuela Superior de Administracion Publica","issue":"64","license":[{"start":{"date-parts":[[2011,12,15]],"date-time":"2011-12-15T00:00:00Z","timestamp":1323907200000},"content-version":"unspecified","delay-in-days":0,"URL":"http:\/\/creativecommons.org\/licenses\/by-nc-nd\/4.0"}],"content-domain":{"domain":[],"crossmark-restriction":false},"short-container-title":["Nova vetera"],"abstract":"<jats:p>La trata de personas es una de las peores violaciones de los derechos humanos que existe actualmente. En pleno siglo XXI constituye una forma de esclavitud que ni la comunidad internacional ni los estados han sido capaces de combatir y abordar eficazmente. Se ha detectado en casi todos los lugares del mundo y cada a\u00f1o esclaviza a millones de personas, en su mayor\u00eda mujeres y ni\u00f1as. Dada la extrema gravedad que entra\u00f1a la trata de personas, m\u00e1xime si hablamos de ni\u00f1os y ni\u00f1as, y la dificultad de obtener datos estad\u00edsticos y cifras reales, las autoras se han visto en la necesidad de manejar estimaciones y dibujar un mapeo lo m\u00e1s aproximado posible a la realidad que se intenta desgranar. El objetivo de este art\u00edculo es hacer un recorrido por la trata para visibilizar el alcance de la problem\u00e1tica y su car\u00e1cter multidimensional. En \u00e9l se hace una recopilaci\u00f3n cr\u00edtica y sistem\u00e1tica de la situaci\u00f3n global de la trata de ni\u00f1os y ni\u00f1as. Se ofrecen una serie de cifras y datos entorno a la trata y se recogen los instrumentos jur\u00eddicos m\u00e1s importantes que abordan este delito.<\/jats:p>","DOI":"10.22431\/25005103.178","type":"journal-article","created":{"date-parts":[[2017,7,5]],"date-time":"2017-07-05T15:34:05Z","timestamp":1499268845000},"page":"195-210","source":"Crossref","is-referenced-by-count":0,"title":["La trata de ni\u00f1os y ni\u00f1as: estado de la situaci\u00f3n actual"],"prefix":"10.22431","volume":"20","author":[{"given":"Atria Mier","family":"Hernandez","sequence":"first","affiliation":[],"role":[{"role":"author","vocabulary":"crossref"}]},{"given":"Sara","family":"Rodriguez Arg\u00fcelles","sequence":"additional","affiliation":[],"role":[{"role":"author","vocabulary":"crossref"}]}],"member":"9723","published-online":{"date-parts":[[2011,12,15]]},"container-title":["Nova et Vetera"],"link":[{"URL":"https:\/\/revistas.esap.edu.co\/index.php\/novaetvetera\/article\/download\/178\/pdf","content-type":"application\/pdf","content-version":"vor","intended-application":"text-mining"},{"URL":"https:\/\/revistas.esap.edu.co\/index.php\/novaetvetera\/article\/download\/178\/pdf","content-type":"unspecified","content-version":"vor","intended-application":"similarity-checking"}],"deposited":{"date-parts":[[2025,12,31]],"date-time":"2025-12-31T20:24:56Z","timestamp":1767212696000},"score":0.0,"resource":{"primary":{"URL":"https:\/\/revistas.esap.edu.co\/index.php\/novaetvetera\/article\/view\/178"}},"issued":{"date-parts":[[2011,12,15]]},"references-count":0,"journal-issue":{"issue":"64","published-online":{"date-parts":[[2011,12,15]]}},"URL":"https:\/\/doi.org\/10.22431\/25005103.178","ISSN":["2500-5103","0123-2614"],"issn-type":[{"type":"electronic","value":"2500-5103"},{"type":"print","value":"0123-2614"}],"published":{"date-parts":[[2011,12,15]]}},{"indexed":{"date-parts":[[2025,12,31]],"date-time":"2025-12-31T20:03:23Z","timestamp":1767211403081,"version":"3.48.0"},"reference-count":32,"publisher":"Escuela Superior de Administracion Publica","issue":"2","license":[{"start":{"date-parts":[[2023,9,26]],"date-time":"2023-09-26T00:00:00Z","timestamp":1695686400000},"content-version":"unspecified","delay-in-days":0,"URL":"https:\/\/creativecommons.org\/licenses\/by-nc-sa\/4.0"}],"content-domain":{"domain":[],"crossmark-restriction":false},"short-container-title":["Adm. Desarro."],"abstract":"<jats:p>The present is defined by many authors as a time characterized by a crisis of care, marked by the aging of the population, the change in family structures and the incorporation of women into the labor market. This article focuses on the dimension of care as a task and work, starting from proposals that take into account the central character of the state to think about the social reorganization of care. In this framework, it focuses on an investigation of the design of care policies in Argentina and Uruguay in the period from 2007 to 2017, developing a comparative methodology with descriptive intent. Current laws and public programs were selected, and care policies were considered in their three dimensions: Time, Services and Resources. At the end, conclusions are drawn on the similarities and differences between a country where care policies are unified in one system and guided by the same objectives and another where policies are scattered and there are no specific institutions for their management.<\/jats:p>","DOI":"10.22431\/25005227.vol53n2.3","type":"journal-article","created":{"date-parts":[[2023,10,11]],"date-time":"2023-10-11T15:31:33Z","timestamp":1697038293000},"source":"Crossref","is-referenced-by-count":0,"title":["Estudio comparado de las pol\u00edticas p\u00fablicas de cuidado en Argentina y Uruguay (2007-2017)","Comparative study of public care policies in Argentina and Uruguay (2007-2017)"],"prefix":"10.22431","volume":"53","author":[{"given":"Diego Ezequiel","family":"Carmona Gallego","sequence":"first","affiliation":[],"role":[{"role":"author","vocabulary":"crossref"}]}],"member":"9723","published-online":{"date-parts":[[2023,9,26]]},"reference":[{"key":"8893","unstructured":"Aguilar Villanueva, L. (1992). Estudio Introductorio. En Aguilar Villanueva L., La hechura de las pol\u00edticas. Miguel \u00c1ngel Porr\u00faa Librero-Editor."},{"key":"8894","unstructured":"Artiaga Leiras, A. (2015). Producci\u00f3n pol\u00edtica de los cuidados y de la dependencia: pol\u00edticas p\u00fablicas y experiencias de organizaci\u00f3n social de los cuidados. [Tesis Doctoral]. Universidad Complutense de Madrid. https:\/\/docta.ucm.es\/handle\/20.500.14352\/26215"},{"key":"8895","unstructured":"Batthy\u00e1ny, K. (2004). Cuidado infantil y trabajo. \u00bfUn desaf\u00edo exclusivamente femenino?, una mirada desde el g\u00e9nero y la ciudadan\u00eda social. CINTEFOR. https:\/\/www.oitcinterfor.org\/sites\/default\/files\/file_publicacion\/trazos_20.pdf"},{"key":"8896","unstructured":"Batthy\u00e1ny, K. (2015). Las pol\u00edticas y el cuidado en Am\u00e9rica Latina. Una mirada a las experiencias regionales. Publicaci\u00f3n de Naciones Unidas. https:\/\/www.cepal.org\/es\/publicaciones\/37726-politicas-cuidado-america-latina-mirada-experiencias-regionales"},{"key":"8897","unstructured":"Boff, L. (2002). El cuidado esencial. \u00c9tica de lo humano, compasi\u00f3n por la tierra. Editorial Trotta. https:\/\/redmovimientos.mx\/wp-content\/uploads\/2020\/07\/El-Cuidado-Esencial-Boff.pdf"},{"key":"8898","unstructured":"Boff, L. (2012). El cuidado necesario. Editorial Trotta."},{"key":"8899","doi-asserted-by":"crossref","unstructured":"Carmona Gallego, D. (2020). Autonom\u00eda e interdependencia. La \u00e9tica del cuidado en la discapacidad. Revista Humanidades, 10(2).https:\/\/doi.org\/10.15517\/h.v10i2.41154","DOI":"10.15517\/h.v10i2.41154"},{"key":"8900","doi-asserted-by":"crossref","unstructured":"Carmona Gallego, D. (2023a). Los lazos sociales en la contemporaneidad. Desde el individualismo hacia la \u00e9tica del cuidado. Revista Miradas, 18(1). https:\/\/doi.org\/10.22517\/25393812.25296","DOI":"10.22517\/25393812.25296"},{"key":"8901","doi-asserted-by":"crossref","unstructured":"Carmona Gallego, D. (2022). Percepciones sobre el cuidado en personas adultas con discapacidad intelectual de un centro de d\u00eda argentino. Revista Reflexiones, 103(1), 1-31. https:\/\/doi.org\/10.15517\/rr.v103i1.52223","DOI":"10.15517\/rr.v103i1.52223"},{"key":"8902","unstructured":"CEPAL. (2010a). Panorama Social de Am\u00e9rica Latina 2009 . Publicaci\u00f3n de Naciones Unidas. https:\/\/shorturl.at\/kF016"},{"key":"8903","unstructured":"CEPAL. (2010b). \u00bfQu\u00e9 Estado para qu\u00e9 igualdad? XI Conferencia Regional sobre la Mujer de Am\u00e9rica Latina y el Caribe. Publicaci\u00f3n de Naciones Unidas. https:\/\/shorturl.at\/hrtwT"},{"key":"8904","unstructured":"CEPAL. (2017). Panorama Social de Am\u00e9rica Latina 2016. Publicaci\u00f3n de Naciones Unidas. https:\/\/shorturl.at\/lnKLX"},{"key":"8905","unstructured":"Eisler, R. (1990). El c\u00e1liz y la espada: nuestra historia, nuestro futuro. Cuatro vientos.https:\/\/shorturl.at\/pHQ58"},{"key":"8906","unstructured":"Garc\u00eda Montero, M. (2017). Las pol\u00edticas p\u00fablicas y su an\u00e1lisis. Un curso de ciencia pol\u00edtica."},{"key":"8907","unstructured":"Gilligan, C. (1987). La moral y la teor\u00eda. Psicolog\u00eda del desarrollo femenino. Fondo de Cultura Econ\u00f3mica."},{"key":"8908","unstructured":"Held, V. (2006). The Ethics of Care: Personal, Political, and Global. Oxford University Press. https:\/\/shorturl.at\/inwK2"},{"key":"8909","unstructured":"Izquierdo, M. (2003). Del sexismo y la mercantilizaci\u00f3n del cuidado a su socializaci\u00f3n: Hacia una pol\u00edtica democr\u00e1tica del cuidado. https:\/\/www.fuhem.es\/media\/cdv\/file\/biblioteca\/Boletin_ECOS\/10\/Socializacion_del_cuidado.pdf"},{"key":"8910","unstructured":"Ley 19.161 del a\u00f1o 2013. Subsidios por maternidad y por paternidad para trabajadores de la actividad privada. https:\/\/oig.cepal.org\/sites\/default\/files\/2013_ley19161_ury.pdf el 6 de Mayo de 2018"},{"key":"8911","unstructured":"Ley 25.615. (3 de julio de 2002). Instituto Nacional de Servicios Sociales para Jubilados y Pensionados. https:\/\/shorturl.at\/ntuzV"},{"key":"8912","unstructured":"Ley 26.378. (7 de mayo de 2018). Lactancia Materna. Promoci\u00f3n y Concientizaci\u00f3n P\u00fablica. Apru\u00e9base la Convenci\u00f3n sobre los Derechos de las Personas con Discapacidad y su protocolo facultativo, aprobados mediante resoluci\u00f3n de la Asamblea General de las Naciones Unidad del 13 de diciembre de 2006. http:\/\/servicios.infoleg.gob.ar"},{"key":"8913","unstructured":"Ley 18.436. (6 de mayo de 2018). Trabajadores p\u00fablicos o privados que adoptan ni\u00f1os. https:\/\/oig.cepal.org"},{"key":"8914","unstructured":"Lupica, C. (2010). Trabajo decente y corresponsabilidad de los cuidados en Argentina. Organizaci\u00f3n Internacional del Trabajohttps:\/\/www.oitcinterfor.org\/sites\/default\/files\/file_publicacion\/td_corresponsa.pdf"},{"key":"8915","doi-asserted-by":"crossref","unstructured":"Minoldo, Sol. (2018). La era menemista del PAMI: Una aproximaci\u00f3n al pasado reciente de la obra social de los jubilados.Folia Hist\u00f3rica del Nordeste, (33), 31-60. http:\/\/www.scielo.org.ar\/pdf\/folia\/n33\/n33a02.pdf","DOI":"10.30972\/fhn.0333549"},{"key":"8916","unstructured":"Maturana, H. y Verden-Z\u00f6hler, G. (2011). Amor y juego: fundamentos olvidados de lo humano. Desde el patriarcado a la democracia. Granica."},{"key":"8917","unstructured":"P\u00e9rez Li\u00f1\u00e1n, A. (2008). \u201cCuatro razones para comparar\u201d. En Bolet\u00edn de Pol\u00edtica Comparada. https:\/\/shorturl.at\/owCGX"},{"key":"8918","unstructured":"Plan Nacional de Cuidados 2016-2020(2015). http:\/\/www.sistemadecuidados.gub.uy"},{"key":"8919","unstructured":"Ragin, C. (2007). La construcci\u00f3n de la investigaci\u00f3n social. Siglo del Hombre Editores, Universidad de los Andes."},{"key":"8920","unstructured":"Rico, M. y Maldonado, C. (2011, febrero). Las familias latinoamericanas interrogadas. Hacia la articulaci\u00f3n del diagn\u00f3stico, la legislaci\u00f3n y las pol\u00edticas. Naciones Unidas. https:\/\/shorturl.at\/foqLV"},{"key":"8921","unstructured":"Rico, M. y Robles, C. (2016). Pol\u00edticas de cuidado en Am\u00e9rica Latina. Forjando la igualdad. Publicaci\u00f3n de Naciones Unidas. https:\/\/www.cepal.org\/es\/publicaciones\/40628-politicas-cuidado-america-latina-forjando-la-igualdad"},{"key":"8922","unstructured":"Rossel, C. (2016). Desaf\u00edos demogr\u00e1ficos para la organizaci\u00f3n social del cuidado y las pol\u00edticas p\u00fablicas. Naciones Unidas. https:\/\/www.cepal.org\/es\/publicaciones\/40239-desafios-demograficos-la-organizacion-social-cuidado-politicas-publicas"},{"key":"8923","unstructured":"Salvador, S. (2015). Pol\u00edticas de cuidados en El Salvador: opciones, metas y desaf\u00edos. Naciones Unidas. https:\/\/www.cepal.org\/es\/publicaciones\/39169-politica-cuidados-salvador-opciones-metas-desafios"},{"key":"8924","unstructured":"Segato, R. (2018). La guerra contra las mujeres. Prometeo Libros. https:\/\/shorturl.at\/himsy"}],"container-title":["Administraci\u00f3n &amp; Desarrollo"],"link":[{"URL":"https:\/\/revistas.esap.edu.co\/index.php\/admindesarro\/article\/download\/865\/680","content-type":"text\/xml","content-version":"vor","intended-application":"text-mining"},{"URL":"https:\/\/revistas.esap.edu.co\/index.php\/admindesarro\/article\/download\/865\/695","content-type":"application\/pdf","content-version":"vor","intended-application":"text-mining"},{"URL":"https:\/\/revistas.esap.edu.co\/index.php\/admindesarro\/article\/download\/865\/695","content-type":"unspecified","content-version":"vor","intended-application":"similarity-checking"}],"deposited":{"date-parts":[[2025,12,31]],"date-time":"2025-12-31T19:56:22Z","timestamp":1767210982000},"score":0.0,"resource":{"primary":{"URL":"https:\/\/revistas.esap.edu.co\/index.php\/admindesarro\/article\/view\/865"}},"issued":{"date-parts":[[2023,9,26]]},"references-count":32,"journal-issue":{"issue":"2","published-online":{"date-parts":[[2023,7,1]]}},"URL":"https:\/\/doi.org\/10.22431\/25005227.vol53n2.3","ISSN":["2500-5227","0120-3754"],"issn-type":[{"type":"electronic","value":"2500-5227"},{"type":"print","value":"0120-3754"}],"published":{"date-parts":[[2023,9,26]]}},{"indexed":{"date-parts":[[2025,11,6]],"date-time":"2025-11-06T16:49:25Z","timestamp":1762447765693,"version":"build-2065373602"},"reference-count":0,"publisher":"Escuela Superior de Administracion Publica","issue":"67","license":[{"start":{"date-parts":[[2014,12,1]],"date-time":"2014-12-01T00:00:00Z","timestamp":1417392000000},"content-version":"unspecified","delay-in-days":0,"URL":"http:\/\/creativecommons.org\/licenses\/by-nc-nd\/4.0"}],"content-domain":{"domain":[],"crossmark-restriction":false},"short-container-title":["Nova vetera"],"abstract":"<jats:p>Las regiones con fuerte presencia afrocolombiana presentan los peores indicadores socioecon\u00f3micos, y la mayor parte de las v\u00edctimas (directas) del conflicto armado interno que afecta a la naci\u00f3n son las comunidades afrocolombianas. Las violaciones de derechos humanos contra ellas han sido cometidas tanto por instituciones del Estado como por actores no-estatales. En este texto se estudian en detalle las normas de derechos humanos que buscan proteger a la poblaci\u00f3n afrocolombiana como grupo \u00e9tnico minoritario. Tambi\u00e9n se abordan las principales consecuencias de las pr\u00e1cticas racistas contra ella y los retos en el marco del conflicto armado interno.<\/jats:p>","DOI":"10.22431\/25005103.24","type":"journal-article","created":{"date-parts":[[2017,7,5]],"date-time":"2017-07-05T15:34:05Z","timestamp":1499268845000},"page":"38-55","source":"Crossref","is-referenced-by-count":0,"title":["Discriminaci\u00f3n racial, conflicto armado y defensa de los derechos \u00e9tnicos. El caso afrocolombiano"],"prefix":"10.22431","volume":"23","author":[{"given":"Leonardo","family":"Reales Jim\u00e9nez","sequence":"first","affiliation":[],"role":[{"role":"author","vocabulary":"crossref"}]}],"member":"9723","published-online":{"date-parts":[[2014,12,1]]},"container-title":["Nova et Vetera"],"link":[{"URL":"https:\/\/revistas.esap.edu.co\/index.php\/novaetvetera\/article\/download\/24\/29","content-type":"application\/pdf","content-version":"vor","intended-application":"text-mining"},{"URL":"https:\/\/revistas.esap.edu.co\/index.php\/novaetvetera\/article\/download\/24\/29","content-type":"unspecified","content-version":"vor","intended-application":"similarity-checking"}],"deposited":{"date-parts":[[2025,11,6]],"date-time":"2025-11-06T16:44:32Z","timestamp":1762447472000},"score":0.0,"resource":{"primary":{"URL":"https:\/\/revistas.esap.edu.co\/index.php\/novaetvetera\/article\/view\/24"}},"issued":{"date-parts":[[2014,12,1]]},"references-count":0,"journal-issue":{"issue":"67","published-online":{"date-parts":[[2014,12,1]]}},"URL":"https:\/\/doi.org\/10.22431\/25005103.24","ISSN":["2500-5103","0123-2614"],"issn-type":[{"type":"electronic","value":"2500-5103"},{"type":"print","value":"0123-2614"}],"published":{"date-parts":[[2014,12,1]]}},{"indexed":{"date-parts":[[2025,12,31]],"date-time":"2025-12-31T20:30:02Z","timestamp":1767213002420,"version":"3.48.0"},"reference-count":0,"publisher":"Escuela Superior de Administracion Publica","license":[{"start":{"date-parts":[[2016,10,10]],"date-time":"2016-10-10T00:00:00Z","timestamp":1476057600000},"content-version":"unspecified","delay-in-days":0,"URL":"http:\/\/creativecommons.org\/licenses\/by-nc-nd\/4.0"}],"content-domain":{"domain":[],"crossmark-restriction":false},"short-container-title":["Nova vetera"],"abstract":"<jats:p>Este escrito se propone demostrar la siguiente hip\u00f3tesis: en Colombia, las \u00e9lites olig\u00e1rquicas han logrado controlar el llamado \u201cproblema agrario\u201d, sin necesidad de hacer una distribuci\u00f3n equitativa de la propiedad que d\u00e9 lugar a una Reforma Agraria justa. Se demostrar\u00e1 esta hip\u00f3tesis en el caso de la m\u00e1s reciente legislaci\u00f3n agraria, la Ley 1776 de 2016, denominada Ley de ZIDRES. Para ello har\u00e9 un breve resumen de las formas de intervenci\u00f3n estatal entre 1926 y 1936 , develando que existe en ellas cierta la l\u00f3gica que las orienta; esto con el fin de plantear dos cosas: la primera, que las soluciones que se dieron al problema agrario durante aquel decenio tienen algunas similitudes con las soluciones de la actualidad; la segunda, que si bien es cierto que la concentraci\u00f3n territorial es una marca hist\u00f3rica de nuestro desarrollo rural, hoy hay un cambio de forma, pero no de contenido, en las nuevas formas jur\u00eddicas de sesi\u00f3n del uso de la tierra; es decir, aunque estas formas jur\u00eddicas se planteen como m\u00e1s democr\u00e1ticas, porque mediante ellas los campesinos acceden a la propiedad, no obstante, al vincularlos a los proyectos productivos planteados por el gran capital, esas mismas formas jur\u00eddicas tienden a agudizar la inequidad de la distribuci\u00f3n de la riqueza rural.\u00a0<\/jats:p>","DOI":"10.22431\/25005103.185","type":"journal-article","created":{"date-parts":[[2017,7,5]],"date-time":"2017-07-05T15:34:05Z","timestamp":1499268845000},"page":"31-42","source":"Crossref","is-referenced-by-count":0,"title":["Las decisiones de Estado a favor del gran capital: el problema agrario en Colombia siglo XX-inicios del siglo XXI"],"prefix":"10.22431","volume":"25","author":[{"given":"Sandra Milena","family":"Polo Buitrago","sequence":"first","affiliation":[],"role":[{"role":"author","vocabulary":"crossref"}]}],"member":"9723","published-online":{"date-parts":[[2016,10,10]]},"container-title":["Nova et Vetera"],"link":[{"URL":"https:\/\/revistas.esap.edu.co\/index.php\/novaetvetera\/article\/download\/185\/pdf","content-type":"application\/pdf","content-version":"vor","intended-application":"text-mining"},{"URL":"https:\/\/revistas.esap.edu.co\/index.php\/novaetvetera\/article\/download\/185\/pdf","content-type":"unspecified","content-version":"vor","intended-application":"similarity-checking"}],"deposited":{"date-parts":[[2025,12,31]],"date-time":"2025-12-31T20:24:07Z","timestamp":1767212647000},"score":0.0,"resource":{"primary":{"URL":"https:\/\/revistas.esap.edu.co\/index.php\/novaetvetera\/article\/view\/185"}},"issued":{"date-parts":[[2016,10,10]]},"references-count":0,"URL":"https:\/\/doi.org\/10.22431\/25005103.185","ISSN":["2500-5103","0123-2614"],"issn-type":[{"type":"electronic","value":"2500-5103"},{"type":"print","value":"0123-2614"}],"published":{"date-parts":[[2016,10,10]]}},{"indexed":{"date-parts":[[2022,3,30]],"date-time":"2022-03-30T15:46:37Z","timestamp":1648655197142},"reference-count":0,"publisher":"Escuela Superior de Administracion Publica","issue":"65","license":[{"start":{"date-parts":[[2016,9,28]],"date-time":"2016-09-28T00:00:00Z","timestamp":1475020800000},"content-version":"unspecified","delay-in-days":0,"URL":"http:\/\/creativecommons.org\/licenses\/by-nc-nd\/4.0"}],"content-domain":{"domain":[],"crossmark-restriction":false},"short-container-title":["Nova vetera"],"abstract":"<jats:p>El art\u00edculo analiza las m\u00e1s recientes cr\u00edticas al sistema interamericano de derechos humanos proferidas por Ecuador y Venezuela, y que en 2011 han desencadenado el proceso de \u201cfortalecimiento\u201d del sistema.Se ponen de relieve las distintas iniciativas de dichos Estados en relaci\u00f3n con este tema: cambio de las reglas de funcionamiento de la Comisi\u00f3n para amoldarse a sus intereses; creaci\u00f3n de un nuevo mecanismo latinoamericano de derechos humanos; y la simple denuncia de los tratados interamericanos en vigor. El estudio concluye que ninguna de estas tres opciones es viable para Ecuador, Venezuela o alguno de sus Estados seguidores, y, adem\u00e1s, formula propuestas para contrarrestar sus fuertes cr\u00edticas, que por s\u00ed son objetivamente infundadas. Estas propuestas se refieren al aumento significativo de las contribuciones voluntarias al presupuesto de la CIDH, la expresi\u00f3n m\u00e1s clara de apoyo al sistema interamericano, y un mayor respaldo a la CIDH por parte de las dem\u00e1s instituciones interamericanas.<\/jats:p>","DOI":"10.22431\/25005103.325","type":"journal-article","created":{"date-parts":[[2017,7,5]],"date-time":"2017-07-05T19:34:05Z","timestamp":1499283245000},"page":"81-92","source":"Crossref","is-referenced-by-count":0,"title":["La tensi\u00f3n entre los polos institucional y relacional en el debate actual sobre el \u201cfortalecimiento\u201d de la Comisi\u00f3n Interamericana de Derechos Humanos. Comentarios con motivo de la XLII Asamblea General de la OEA"],"prefix":"10.22431","volume":"21","author":[{"given":"Bj\u00f6rn","family":"Arp","sequence":"first","affiliation":[],"role":[{"role":"author","vocabulary":"crossref"}]}],"member":"9723","published-online":{"date-parts":[[2016,9,28]]},"container-title":["Nova et Vetera"],"link":[{"URL":"https:\/\/revistas.esap.edu.co\/index.php\/novaetvetera\/article\/download\/325\/pdf","content-type":"application\/pdf","content-version":"vor","intended-application":"text-mining"},{"URL":"https:\/\/revistas.esap.edu.co\/index.php\/novaetvetera\/article\/download\/325\/pdf","content-type":"unspecified","content-version":"vor","intended-application":"similarity-checking"}],"deposited":{"date-parts":[[2021,11,30]],"date-time":"2021-11-30T03:21:18Z","timestamp":1638242478000},"score":0.0,"resource":{"primary":{"URL":"https:\/\/revistas.esap.edu.co\/index.php\/novaetvetera\/article\/view\/325"}},"issued":{"date-parts":[[2016,9,28]]},"references-count":0,"journal-issue":{"issue":"65","published-online":{"date-parts":[[2016,9,28]]}},"URL":"https:\/\/doi.org\/10.22431\/25005103.325","ISSN":["2500-5103","0123-2614"],"issn-type":[{"value":"2500-5103","type":"electronic"},{"value":"0123-2614","type":"print"}],"published":{"date-parts":[[2016,9,28]]}},{"indexed":{"date-parts":[[2022,3,30]],"date-time":"2022-03-30T07:32:15Z","timestamp":1648625535516},"reference-count":0,"publisher":"Escuela Superior de Administracion Publica","issue":"60","license":[{"start":{"date-parts":[[2014,12,20]],"date-time":"2014-12-20T00:00:00Z","timestamp":1419033600000},"content-version":"unspecified","delay-in-days":0,"URL":"http:\/\/creativecommons.org\/licenses\/by-nc-nd\/4.0"}],"content-domain":{"domain":[],"crossmark-restriction":false},"short-container-title":["Adm. Desarro."],"abstract":"<jats:p>El presente art\u00edculo expone los resultados de investigaci\u00f3n sobre la identificaci\u00f3n de falencias que tienen las comunidades con respecto a la calidad en la prestaci\u00f3n de los servicios tur\u00edsticos y el manejo administrativo de esta actividad econ\u00f3mica. Desde all\u00ed, se propone un proceso de formaci\u00f3n en servicios tur\u00edsticos con \u00e9nfasis en las estrategias de turismo comunitario, as\u00ed como en herramientas administrativas y de gesti\u00f3n que permitan la integraci\u00f3n de los diferentes organismos y comunidades del sector. El texto aborda, en primer lugar, una aproximaci\u00f3n al concepto de turismo comunitario y su estado del arte. En segundo lugar, presenta los diagn\u00f3sticos y la composici\u00f3n del producto tur\u00edstico en las localidades de Ciudad Bol\u00edvar, Usme y Sumapaz en el Distrito Capital de Bogot\u00e1. Luego, rese\u00f1a las actividades que desarrollan actualmente estas comunidades en materia de turismo comunitario, bajo el auspicio del gobierno distrital y algunas entidades como universidades y organizaciones no gubernamentales. Para finalizar, se describen los hallazgos cuantitativos y cualitativos alcanzados con el trabajo de campo, representado en resultados tabulados de las encuestas, indagaciones, observaciones participantes y entrevistas efectuadas por los investigadores y auxiliares.<\/jats:p>","DOI":"10.22431\/25005227.83","type":"journal-article","created":{"date-parts":[[2017,7,5]],"date-time":"2017-07-05T16:06:06Z","timestamp":1499270766000},"page":"46-67","source":"Crossref","is-referenced-by-count":0,"title":["El turismo comunitario: de la beneficencia al empoderamiento"],"prefix":"10.22431","volume":"44","author":[{"given":"Martha Nubia","family":"Cardona Prieto","sequence":"first","affiliation":[],"role":[{"role":"author","vocabulary":"crossref"}]},{"given":"Rosalia","family":"Burgos","sequence":"additional","affiliation":[],"role":[{"role":"author","vocabulary":"crossref"}]}],"member":"9723","published-online":{"date-parts":[[2014,12,20]]},"container-title":["Administraci\u00f3n &amp; Desarrollo"],"link":[{"URL":"https:\/\/revistas.esap.edu.co\/index.php\/admindesarro\/article\/download\/83\/pdf","content-type":"application\/pdf","content-version":"vor","intended-application":"text-mining"},{"URL":"https:\/\/revistas.esap.edu.co\/index.php\/admindesarro\/article\/download\/83\/pdf","content-type":"unspecified","content-version":"vor","intended-application":"similarity-checking"}],"deposited":{"date-parts":[[2021,11,12]],"date-time":"2021-11-12T19:11:18Z","timestamp":1636744278000},"score":0.0,"resource":{"primary":{"URL":"https:\/\/revistas.esap.edu.co\/index.php\/admindesarro\/article\/view\/83"}},"issued":{"date-parts":[[2014,12,20]]},"references-count":0,"journal-issue":{"issue":"60","published-online":{"date-parts":[[2014,12,20]]}},"URL":"https:\/\/doi.org\/10.22431\/25005227.83","ISSN":["2500-5227","0120-3754"],"issn-type":[{"value":"2500-5227","type":"electronic"},{"value":"0120-3754","type":"print"}],"published":{"date-parts":[[2014,12,20]]}},{"indexed":{"date-parts":[[2022,4,3]],"date-time":"2022-04-03T15:48:51Z","timestamp":1649000931950},"reference-count":0,"publisher":"Escuela Superior de Administracion Publica","issue":"51","license":[{"start":{"date-parts":[[2009,6,29]],"date-time":"2009-06-29T00:00:00Z","timestamp":1246233600000},"content-version":"unspecified","delay-in-days":0,"URL":"http:\/\/creativecommons.org\/licenses\/by-nc-nd\/4.0"}],"content-domain":{"domain":[],"crossmark-restriction":false},"short-container-title":["Adm. Desarro."],"abstract":"<jats:p>El prop\u00f3sito de este art\u00edculo se orienta al an\u00e1lisis del sustrato del principio de autonom\u00eda territorial contenido en la Constituci\u00f3n Pol\u00edtica de 1991, el cual, responde a los postulados que sobre autonom\u00eda local se han planteado a nivel internacional y que resaltan la importancia del municipio y de las comunidades en la gesti\u00f3n p\u00fablica. En segundo lugar, se ocupa del marco institucional que resulta del car\u00e1cter unitario de nuestro Estado, en el cual prevalece la unidad nacional frente a la autonom\u00eda territorial, derivando en la configuraci\u00f3n de importantes restricciones o limitaciones imperantes en el dise\u00f1o normativo. El insumo principal que sirvi\u00f3 de soporte al an\u00e1lisis lo conforman un importante n\u00famero de providencias de la Corte Constitucional que abordan el tema de los l\u00edmites m\u00ednimos requeridos para el ejercicio de la autonom\u00eda y la perspectiva de diversos autores que realizan variadas lecturas sobre las din\u00e1micas de la gesti\u00f3n local.<\/jats:p>","DOI":"10.22431\/25005227.353","type":"journal-article","created":{"date-parts":[[2017,7,5]],"date-time":"2017-07-05T16:06:06Z","timestamp":1499270766000},"page":"109-124","source":"Crossref","is-referenced-by-count":0,"title":["La autonom\u00eda territorial en el marco de la rep\u00fablica unitaria y la capacidad institucional del Estado subnacional en Colombia"],"prefix":"10.22431","volume":"37","author":[{"given":"Naid\u00fa","family":"Duque Cante","sequence":"first","affiliation":[],"role":[{"role":"author","vocabulary":"crossref"}]}],"member":"9723","published-online":{"date-parts":[[2009,6,29]]},"container-title":["Administraci\u00f3n &amp; Desarrollo"],"link":[{"URL":"https:\/\/revistas.esap.edu.co\/index.php\/admindesarro\/article\/download\/353\/pdf","content-type":"application\/pdf","content-version":"vor","intended-application":"text-mining"},{"URL":"https:\/\/revistas.esap.edu.co\/index.php\/admindesarro\/article\/download\/353\/pdf","content-type":"unspecified","content-version":"vor","intended-application":"similarity-checking"}],"deposited":{"date-parts":[[2021,11,12]],"date-time":"2021-11-12T19:13:17Z","timestamp":1636744397000},"score":0.0,"resource":{"primary":{"URL":"https:\/\/revistas.esap.edu.co\/index.php\/admindesarro\/article\/view\/353"}},"issued":{"date-parts":[[2009,6,29]]},"references-count":0,"journal-issue":{"issue":"51","published-online":{"date-parts":[[2009,6,29]]}},"URL":"https:\/\/doi.org\/10.22431\/25005227.353","ISSN":["2500-5227","0120-3754"],"issn-type":[{"value":"2500-5227","type":"electronic"},{"value":"0120-3754","type":"print"}],"published":{"date-parts":[[2009,6,29]]}},{"indexed":{"date-parts":[[2025,11,6]],"date-time":"2025-11-06T16:35:33Z","timestamp":1762446933600,"version":"build-2065373602"},"reference-count":0,"publisher":"Escuela Superior de Administracion Publica","issue":"1","license":[{"start":{"date-parts":[[2015,6,24]],"date-time":"2015-06-24T00:00:00Z","timestamp":1435104000000},"content-version":"unspecified","delay-in-days":0,"URL":"http:\/\/creativecommons.org\/licenses\/by-nc-nd\/4.0"}],"content-domain":{"domain":[],"crossmark-restriction":false},"short-container-title":["Adm. Desarro."],"abstract":"<jats:p>This article seeks to make a brief conceptualization of the exhaustion of trademark rights according to what is established in the European Community Law, since for the South American economic blocs, especially for the Andean Community (acronym in Spanish CAN), specify a reference on how it has managed to balance the interests of market players by encouraging free competition and free movement of goods. Therefore, through this analysis it would be possible to determine which are the challenges and discussions that South American countries faced on this issue.<\/jats:p>","DOI":"10.22431\/25005227.3","type":"journal-article","created":{"date-parts":[[2017,7,5]],"date-time":"2017-07-05T12:06:06Z","timestamp":1499256366000},"page":"25-38","source":"Crossref","is-referenced-by-count":0,"title":["Conceptualizaci\u00f3n y an\u00e1lisis del agotamiento del derecho de marca en la Comunidad Andina de Naciones","Conceptualization and analysis of the brand right exhaustion in the Andean Community of Nations"],"prefix":"10.22431","volume":"45","author":[{"given":"Laila Katrina del Pilar","family":"Rojas Santana","sequence":"first","affiliation":[],"role":[{"role":"author","vocabulary":"crossref"}]}],"member":"9723","published-online":{"date-parts":[[2015,6,24]]},"container-title":["Administraci\u00f3n &amp; Desarrollo"],"link":[{"URL":"https:\/\/revistas.esap.edu.co\/index.php\/admindesarro\/article\/download\/3\/pdf","content-type":"application\/pdf","content-version":"vor","intended-application":"text-mining"},{"URL":"https:\/\/revistas.esap.edu.co\/index.php\/admindesarro\/article\/download\/3\/pdf","content-type":"unspecified","content-version":"vor","intended-application":"similarity-checking"}],"deposited":{"date-parts":[[2025,11,6]],"date-time":"2025-11-06T16:33:14Z","timestamp":1762446794000},"score":0.0,"resource":{"primary":{"URL":"https:\/\/revistas.esap.edu.co\/index.php\/admindesarro\/article\/view\/3"}},"issued":{"date-parts":[[2015,6,24]]},"references-count":0,"journal-issue":{"issue":"1","published-online":{"date-parts":[[2015,6,24]]}},"URL":"https:\/\/doi.org\/10.22431\/25005227.3","ISSN":["2500-5227","0120-3754"],"issn-type":[{"type":"electronic","value":"2500-5227"},{"type":"print","value":"0120-3754"}],"published":{"date-parts":[[2015,6,24]]}},{"indexed":{"date-parts":[[2025,12,31]],"date-time":"2025-12-31T19:49:38Z","timestamp":1767210578880,"version":"3.48.0"},"reference-count":1,"publisher":"Escuela Superior de Administracion Publica","issue":"1","license":[{"start":{"date-parts":[[2025,6,20]],"date-time":"2025-06-20T00:00:00Z","timestamp":1750377600000},"content-version":"unspecified","delay-in-days":0,"URL":"https:\/\/creativecommons.org\/licenses\/by-nc-sa\/4.0"}],"content-domain":{"domain":[],"crossmark-restriction":false},"short-container-title":["Adm. Desarro."],"abstract":"<jats:p>This dossier consists of articles presented at GIGAPP (Research Group on Government, Administration and Public Policies) 2024, in the Working Group Deliberative Spaces in Public Administration in the Face of Political and Economic Risks - GEGOP (Working Group on Deliberative Spaces and Public Governance), coordinated by Ivan Beck Ckagnazaroff and Tain\u00e1 Gomide Rodrigues Souza Pinto. The articles published here present different processes carried out at different levels of government, in different sectors of public administration, with different challenges faced, which serve as examples for what we call deliberative spaces in public administration.<\/jats:p>","DOI":"10.22431\/25005227.1235","type":"journal-article","created":{"date-parts":[[2025,7,18]],"date-time":"2025-07-18T14:08:16Z","timestamp":1752847696000},"page":"1-8","source":"Crossref","is-referenced-by-count":1,"title":["Introducci\u00f3n dosier GIGAPP","Introduction GIGAPP dossier","Introdu\u00e7\u00e3o dossi\u00ea GIGAPP"],"prefix":"10.22431","volume":"55","author":[{"ORCID":"https:\/\/orcid.org\/0000-0002-8179-269X","authenticated-orcid":false,"given":"Ivan","family":"Beck Ckagnazaroff","sequence":"first","affiliation":[],"role":[{"role":"author","vocabulary":"crossref"}]},{"ORCID":"https:\/\/orcid.org\/0000-0001-6101-8560","authenticated-orcid":false,"given":"Carmen","family":"Pineda Nebot","sequence":"additional","affiliation":[],"role":[{"role":"author","vocabulary":"crossref"}]}],"member":"9723","published-online":{"date-parts":[[2025,6,20]]},"reference":[{"key":"22622","doi-asserted-by":"crossref","unstructured":"Beck Ckagnazaroff, I. y Pineda Nebot, C. (2025). Introducci\u00f3n dosier GIGAPP. Administraci\u00f3n & Desarrollo, 55(1), 1-8. https:\/\/doi.org\/10.22431\/25005227.1235","DOI":"10.22431\/25005227.1235"}],"container-title":["Administraci\u00f3n &amp; Desarrollo"],"link":[{"URL":"https:\/\/revistas.esap.edu.co\/index.php\/admindesarro\/article\/download\/Introduccion_dosier_GIGAPP\/811","content-type":"application\/pdf","content-version":"vor","intended-application":"text-mining"},{"URL":"https:\/\/revistas.esap.edu.co\/index.php\/admindesarro\/article\/download\/Introduccion_dosier_GIGAPP\/818","content-type":"text\/xml","content-version":"vor","intended-application":"text-mining"},{"URL":"https:\/\/revistas.esap.edu.co\/index.php\/admindesarro\/article\/download\/Introduccion_dosier_GIGAPP\/811","content-type":"unspecified","content-version":"vor","intended-application":"similarity-checking"}],"deposited":{"date-parts":[[2025,12,31]],"date-time":"2025-12-31T19:46:48Z","timestamp":1767210408000},"score":0.0,"resource":{"primary":{"URL":"https:\/\/revistas.esap.edu.co\/index.php\/admindesarro\/article\/view\/Introduccion_dosier_GIGAPP"}},"issued":{"date-parts":[[2025,6,20]]},"references-count":1,"journal-issue":{"issue":"1","published-online":{"date-parts":[[2025,2,3]]}},"URL":"https:\/\/doi.org\/10.22431\/25005227.1235","ISSN":["2500-5227","0120-3754"],"issn-type":[{"type":"electronic","value":"2500-5227"},{"type":"print","value":"0120-3754"}],"published":{"date-parts":[[2025,6,20]]}},{"indexed":{"date-parts":[[2026,4,17]],"date-time":"2026-04-17T12:43:59Z","timestamp":1776429839242,"version":"3.51.2"},"reference-count":33,"publisher":"Escuela Superior de Administracion Publica","issue":"1","license":[{"start":{"date-parts":[[2015,6,24]],"date-time":"2015-06-24T00:00:00Z","timestamp":1435104000000},"content-version":"unspecified","delay-in-days":0,"URL":"https:\/\/creativecommons.org\/licenses\/by-nc-sa\/4.0"}],"content-domain":{"domain":[],"crossmark-restriction":false},"short-container-title":["Adm. Desarro."],"abstract":"<jats:p>One of the main challenges for Latin American industries is to adapt their production processes and services delivery to the ones demandeded by the international economy in trade integration agreements. But, is Latin American's SME competitive before those of Japan, Europe and North America? Or even better, do the industries in Latin America and Colombia have the same technological capabilities and industry competitiveness of countries that have signed the (FTA)?, in other words, do the countries around the world have the same classification of SME? If not, what implications and economic effects can arise in the domestic industry? How competition between countries is affected when a different classification or characterization of the industry is used? Who wins and who loses the most?\nTo respond to these concerns, research will begin by finding out what the SMES is and how it ranks in Latin America, Japan, United States and European Union. The methodology used is that of tracing bibliography available from the sources of national and international Chambers of Commerce. After, the business policy of the cluster as a strategy for competitiveness of domestic SMES will be discussed. The methodology used was the interview with cluster experts of Bogota, Atlantic, Pereira and Medellin. To conclude, the question: How can agricultural microenterprises be competitive without losing land ownership nor the internal resources to do business based on its comparative advantages in international markets? Will have a possible solution, namely, they could achieve it through the shaping, organization and management of community clusters, which demands political and community participation.<\/jats:p>","DOI":"10.22431\/25005227.1","type":"journal-article","created":{"date-parts":[[2017,7,5]],"date-time":"2017-07-05T12:06:06Z","timestamp":1499256366000},"page":"7-24","source":"Crossref","is-referenced-by-count":7,"title":["Las pyme en Am\u00e9rica Latina, Jap\u00f3n, la Uni\u00f3n Europea, Estados Unidos y los cl\u00faster en Colombia","The SMES in Latin America, Japan, the United States and the clusters in Colombia"],"prefix":"10.22431","volume":"45","author":[{"given":"\u00c1ngel Emilio","family":"Mu\u00f1oz Cardona","sequence":"first","affiliation":[],"role":[{"role":"author","vocabulary":"crossref"}]},{"given":"Mar\u00eda Patricia","family":"Mayor L\u00f3pez","sequence":"additional","affiliation":[],"role":[{"role":"author","vocabulary":"crossref"}]}],"member":"9723","published-online":{"date-parts":[[2015,6,24]]},"reference":[{"key":"1146","unstructured":"Alcald\u00eda Mayor de Bogot\u00e1. (2007). Decreto 327, Por el cual se adopta la Pol\u00edtica P\u00fablica de Ruralidad del Distrito"},{"key":"1147","unstructured":"Capital. Bogot\u00e1: Alcald\u00eda Mayor de Bogot\u00e1."},{"key":"1148","unstructured":"Boisier, S., y Silva, V. (1990). Propiedad del capital y desarrollo regional end\u00f3geno en el marco de las transformaciones del capitalismo actual. En F. Albuquerque, C. de mattos, y R. Jordan, Revoluci\u00f3n Tecnol\u00f3gica y restrucutraci\u00f3n productiva: impactos y desaf\u00edos territoriales. Buenos Aires: GEL."},{"key":"1149","unstructured":"Casas Jurado, A. C., Soler Domingo, A., y Jaime Partor, V.(2012). El turismo comunitario como instrumento de erradicaci\u00f3n de la pobreza: Potencialidades para su desarrollo en Cuzco (Per\u00fa). Cuadernos de Turismo, 30, 91-108."},{"key":"1150","unstructured":"Cepal. (1995). Indicadores econ\u00f3micos para America latina. Buenos Aires: autor."},{"key":"1151","unstructured":"Cepal. (1999) Istmo Centroamericano y la Rep\u00fablica Dominicana: Indicadores de la actividad Tur\u00edstica. M\u00e9xico: autor."},{"key":"1152","unstructured":"Cortina, A. (1997). \u00c9tica m\u00ednima; El mundo de los valores. \u00c9tica y educaci\u00f3n. Santaf\u00e9 de Bogot\u00e1: El B\u00faho."},{"key":"1153","unstructured":"Cruz Blazco, M. (2012). Turismo, identidad y reivindicaci\u00f3n sociocultural en Chile. En Turismo y Sostenibilidad: V Jornadas de Investigaci\u00f3n en Turismo (pp. 127-147). Sevilla: Universidad de Sevilla."},{"key":"1154","unstructured":"DANE. Departamento Administrativo Nacional de Estad\u00edstica. (2008). Censo general 2005: Nivel nacional. Recuperado de: http:\/\/www.dane.gov.co\/censo\/files\/libroCenso-2005nacional.pdf"},{"key":"1155","unstructured":"DPA. Subdirecci\u00f3n de Desarrollo Social D.C. (2002). Poblaciones localizadas en areas rurales y de conservaci\u00f3n en la ciudad de Bogot\u00e1. Bogot\u00e1: Alcadia Mayor de Bogot\u00e1."},{"key":"1156","unstructured":"Davis, M. (2007). El peor de los mundos posibles: La explosi\u00f3n global urbana en los barrios marginales. Paris: La D\u00e9couverte."},{"key":"1157","unstructured":"Garc\u00eda Canclini, N. (1995). Consumidores y ciudadanos. Conflictos multiculturales de la globalizaci\u00f3n. Mexico D. F.: Grijalbo."},{"key":"1158","unstructured":"Kalmanovitz, S. (1980). Cuestiones del M\u00e9todo en la Teor\u00eda del Desarrollo. Bogot\u00e1: Pluma."},{"key":"1159","unstructured":"Kohler, R. (2009). Gesti\u00f3n del desarrollo local: instrumentos para lectura de la realidad como subsidio a la planificaci\u00f3n. Buenos Aires: Universidad Nacional de Misiones, Facultad de Ciencias Econ\u00f3micas, Doctorado en Administraci\u00f3n."},{"key":"1160","unstructured":"Llamb\u00ed, L. (2004). Nueva ruralidad, multifuncionalidad de los espacios rurales y desarrollo local end\u00f3geno. En E. P\u00e9rez y M. A. Farah (Comps.), Desarrollo rural y nueva ruralidad en Am\u00e9rica Latina y la Uni\u00f3n Europea (pp. 91-95). Bogot\u00e1: CIRAD."},{"key":"1161","unstructured":"L\u00f3pez-Guzm\u00e1n, T., y S\u00e1nchez Ca\u00f1izares, S. M. (2009). Desarrollo socioecon\u00f3mico de las zonas rurales con base en el turismo comunitario. Un estudio de caso de Nicaragua. Cuadernos de Desarrollo Rural, 6, 81-97."},{"key":"1162","unstructured":"Ministerio de Comercio, Industria y Turismo. (2001). Lineamientos de pol\u00edtica para el desarrollo del turismo comunitario en Colombia. Bogot\u00e1: autor."},{"key":"1163","unstructured":"Ministerio de Comercio, Industria y Turismo. (2012). Politica de Turismo Cultural. Bogot\u00e1: Ministerio de Cultura."},{"key":"1164","unstructured":"OMT. (2004). Organizaci\u00f3n Mundial del Turismo. Recuperado de http:\/\/www.world-tourism.org\/sustainable\/esp\/top\/concepts.html"},{"key":"1165","unstructured":"ONU. (2002) Declaracion de Quebec sobre Ecoturismo. (2002). Quebec: autor."},{"key":"1166","unstructured":"ONU. (2000). Objetivos de Desarrolo del Milenio. Nueva York: autor"},{"key":"1167","doi-asserted-by":"crossref","unstructured":"Palomo P\u00e9rez, S. (1998). La aportaci\u00f3n del turismo al desarrollo econ\u00f3mico de los pa\u00edses en v\u00edas de desarrollo. El caso del mercado receptor de Bolivia. Estudios Tur\u00edsticos, 189, 45-81.","DOI":"10.61520\/et.1361998.786"},{"key":"1168","unstructured":"Ruiz Ballesteros, E., y Cantero Mart\u00edn, P. A. (2011). Entre Darwin, la baronesa y el cucuve. El desarrollo del turismo de base local en Floreana (Gal\u00e1pagos). Turismo y Patrimonio Cultura, 5, 63-77."},{"key":"1169","doi-asserted-by":"crossref","unstructured":"Ruiz, E., Hern\u00e1ndez, M., Coca, A., Cantero, P., y Del Campo, A. (2008). Turismo comunitario en Ecuador. Comprendiendo el community based tourism desde la comunidad. Revista de Turismo y Patrimonio Cultural, 6(3), 399-418.","DOI":"10.25145\/j.pasos.2008.06.031"},{"key":"1170","unstructured":"S\u00e1nchez, J. P., y Ram\u00edrez Valverde, B. (2008). El turismo rural como complemento al desarrollo territorial rural en zonas ind\u00edgenas de M\u00e9xico. Revista Electr\u00f3nica de Geogr\u00e1fica y Ciencias Sociales, 11(236), 1-15."},{"key":"1171","doi-asserted-by":"crossref","unstructured":"Scheyvens, R. (1999). Ecotourism and the Empowerment of Local Communities. Tourism Management, 20, 245-49.","DOI":"10.1016\/S0261-5177(98)00069-7"},{"key":"1172","unstructured":"Sen, A. (1998). Capital humano y capacidades humanas. Cuadernos de econom\u00eda, 18(29), 68-72."},{"key":"1173","unstructured":"Sen A. (2012a). Desarrollo y libertad. Barcelona: Planeta S.A."},{"key":"1174","unstructured":"Sen, A. (2012b) La idea de la Justicia. Madrid: Santillana Editores."},{"key":"1175","unstructured":"SGP. (2007). La gesti\u00f3n P\u00fablica por Objetivos y por Resultados: una vision sist\u00e9mica. Planeamiento estrat\u00e9gico. Recuperado de http:\/\/www.sgp.gov.ar\/contenidos\/onig\/planeamiento_estrategico\/docs\/libro\/Gestion_por_resultados_version_completa.pdf"},{"key":"1176","unstructured":"Smith, R. (2003). Ciudad mundial actores-redes. El progreso en geografia humana, 27(1), 25-44."},{"key":"1177","unstructured":"Trejos, B. (2009). Redes de apoyo comunitario al turismo comunitario en. Costa Rica, TURyDES\u201d. Revista de Investigaci\u00f3n en Turismo y Desarrollo Local, 2(6), 1-15."},{"key":"1178","unstructured":"WWF Internacional. (2001). Directrices para el desarrollo del turismo comunitario. Recuperado de: http:\/\/d2ouvy59p-0dg6k.cloudfront.net\/downloads\/directrices_para_el_ecoturismo_comunitario_wwf.pdf"}],"container-title":["Administraci\u00f3n &amp; Desarrollo"],"link":[{"URL":"https:\/\/revistas.esap.edu.co\/index.php\/admindesarro\/article\/download\/1\/pdf","content-type":"application\/pdf","content-version":"vor","intended-application":"text-mining"},{"URL":"https:\/\/revistas.esap.edu.co\/index.php\/admindesarro\/article\/download\/1\/pdf","content-type":"unspecified","content-version":"vor","intended-application":"similarity-checking"}],"deposited":{"date-parts":[[2025,11,6]],"date-time":"2025-11-06T16:33:11Z","timestamp":1762446791000},"score":0.0,"resource":{"primary":{"URL":"https:\/\/revistas.esap.edu.co\/index.php\/admindesarro\/article\/view\/1"}},"issued":{"date-parts":[[2015,6,24]]},"references-count":33,"journal-issue":{"issue":"1","published-online":{"date-parts":[[2015,6,24]]}},"URL":"https:\/\/doi.org\/10.22431\/25005227.1","ISSN":["2500-5227","0120-3754"],"issn-type":[{"value":"2500-5227","type":"electronic"},{"value":"0120-3754","type":"print"}],"published":{"date-parts":[[2015,6,24]]}},{"indexed":{"date-parts":[[2025,12,31]],"date-time":"2025-12-31T20:05:58Z","timestamp":1767211558976,"version":"3.48.0"},"reference-count":36,"publisher":"Escuela Superior de Administracion Publica","issue":"1","license":[{"start":{"date-parts":[[2022,6,30]],"date-time":"2022-06-30T00:00:00Z","timestamp":1656547200000},"content-version":"unspecified","delay-in-days":0,"URL":"https:\/\/creativecommons.org\/licenses\/by-nc-sa\/4.0"}],"content-domain":{"domain":[],"crossmark-restriction":false},"short-container-title":["Adm. Desarro."],"abstract":"<jats:p>This article proposes an approach to the concept of Economic Logic from the perspective of Institutional Logics ascribed to the current of New Sociological Institutionalism and developed by Thornton et al. (2008). The interest that guided this reflection was to define economic logic as a concept and as a category of analysis within the field of organizations. The reflection was approached in the following way, first the analysis of the category was framed within the approach of Institutional Logics of Thornton et al. (2008), in order to start from an onto-epistemological reference from which it was possible to approach the construction of the concept; secondly, an approximation was made to economic logic as a \u201cframework logic\u201d that is made up of other institutional logics that make it up; Finally, an integrated concept of economic logic, its linked logics and the reference authors was proposed.<\/jats:p>","DOI":"10.22431\/25005227.vol52n1.7","type":"journal-article","created":{"date-parts":[[2022,12,8]],"date-time":"2022-12-08T07:30:35Z","timestamp":1670484635000},"page":"113-126","source":"Crossref","is-referenced-by-count":0,"title":["Una aproximaci\u00f3n al concepto de l\u00f3gica econ\u00f3mica desde la perspectiva de las l\u00f3gicas institucionales","An approach to the concept of economic logic from the perspective of Institutional Logics"],"prefix":"10.22431","volume":"52","author":[{"ORCID":"https:\/\/orcid.org\/0000-0001-6515-6258","authenticated-orcid":false,"given":"Lorena","family":"Mart\u00ednez Soto","sequence":"first","affiliation":[],"role":[{"role":"author","vocabulary":"crossref"}]},{"ORCID":"https:\/\/orcid.org\/0000-0002-1047-6673","authenticated-orcid":false,"given":"Jovany","family":"Sep\u00falveda-Aguirre","sequence":"additional","affiliation":[],"role":[{"role":"author","vocabulary":"crossref"}]}],"member":"9723","published-online":{"date-parts":[[2022,6,30]]},"reference":[{"key":"6017","doi-asserted-by":"crossref","unstructured":"Albats, E., Allen, A. and Cunningham, J. (2022). Traditional, virtual, and digital intermediaries in university-industry collaboration: exploring institutional logics and bounded rationality. Technological Forecasting & Social Change, 177, 1-22.","DOI":"10.1016\/j.techfore.2022.121470"},{"key":"6018","unstructured":"Albert, M. (1993). Capitalism vs. capitalism: How America\u2019s obsession with individual achievement and short-term proflt has led it to the brink of collapse. Four Walls Eight Windows."},{"key":"6019","doi-asserted-by":"crossref","unstructured":"Battilana, J., and Dorado, S. (2010). Building sustainable hybrid organizations: The case of commercial microfinance organizations. Academy of management Journal, 53(6), 1419-1440.","DOI":"10.5465\/amj.2010.57318391"},{"key":"6020","doi-asserted-by":"crossref","unstructured":"Campbell, J. and Pedersen, O. (2001). The rise of neoliberalism and institutional analysis. Princeton University Press.","DOI":"10.1515\/9780691188225"},{"key":"6021","doi-asserted-by":"crossref","unstructured":"De Gaulejac, V. (2005). Ne pas psychologiser les probl\u00e8mes sociaux. Gestalt, (2), 101-115.","DOI":"10.3917\/gest.029.0101"},{"key":"6022","unstructured":"De Gaulejac, V. (2006). La Soci\u00e9t\u00e9 malade de la gestion: Id\u00e9ologie gestionnaire, pouvoir manag\u00e9rial et harc\u00e8lement social. Revue Fran\u00e7aise de Gestion, 32(161), 169."},{"key":"6023","unstructured":"Friedland, R. and Alford, R. (1991). Bringing society back in: Symbols, practices, and institutional contradictions. En W. Powell & P. DiMaggio. (Eds.), The new institutionalism in organizational analysis. (p. 232-263). University of Chicago Press."},{"key":"6024","doi-asserted-by":"crossref","unstructured":"Giorgi, S. and Palmisano, S. (2017). Sober intoxication: Institutional contradictions and identity work in the everyday life of four religious communities in Italy. Organization Studies, 38(6), 795-819.","DOI":"10.1177\/0170840616685355"},{"key":"6025","doi-asserted-by":"crossref","unstructured":"G\u00fcm\u00fcsay, A., Claus, L. and Amis, J. (2020a). Engaging with Grand Challenges: An Institutional Logics Perspective. Organization Theory, 1(3), 1\u201320.","DOI":"10.1177\/2631787720960487"},{"key":"6026","doi-asserted-by":"crossref","unstructured":"G\u00fcm\u00fcsay, A., Smets, M. and Morris, T. (2020b). \u201cGod at Work\u201d: Engaging Central and Incompatible Institutional Logics through Elastic Hybridity. Academy of Management Journal, 63(1), 124-154.","DOI":"10.5465\/amj.2016.0481"},{"key":"6027","doi-asserted-by":"crossref","unstructured":"Hirsch, J. (1997). Globalization of capital, nation-states and democracy. Studies in political economy, 54(1), 39-58.","DOI":"10.1080\/19187033.1997.11675308"},{"key":"6028","unstructured":"Jones, C., Boxembaum, E. and Callen, A. (2013). The Inmateriality of Material Practices in Institutional Logics. En M. Lounsbury and E. Boxembaum, (Ed.), Institutional Logics in Action. Emerald."},{"key":"6029","doi-asserted-by":"crossref","unstructured":"Kraatz, M. and Block, E. (2008). Organizational implications of institutional plurism. In R. Greenwood, C. Oliver, R. Suddaby and K. Sahlin-Andersson. (Eds.), The SAGE handbook of organizational institutionalism (pp. 243-275). SAGE.","DOI":"10.4135\/9781849200387.n10"},{"key":"6030","doi-asserted-by":"crossref","unstructured":"Lunder, G. and Klemsdal, L. (2022). Organizing professional work and services through institutional complexity \u2013 how institutional logics and differences in organizational roles matter. Human Relations, 75(2), 240\u2013272.","DOI":"10.1177\/0018726720970274"},{"key":"6031","doi-asserted-by":"crossref","unstructured":"Meyer, J. and Rowan, B. (1977). Institutionalized organizations: Formal structure as myth and ceremony. American Journal of Sociology, 83(2), 340-363.","DOI":"10.1086\/226550"},{"key":"6032","unstructured":"Mintzberg, H. (2012). La estructuraci\u00f3n de las organizaciones. Ariel."},{"key":"6033","unstructured":"Monta\u00f1o, L. (2003). Modernidad y cultura en los estudios organizacionales Tres modelos anal\u00edticos. Iztapalapa: Revista de Ciencias Sociales y Humanidades, (55), 15-33."},{"key":"6034","unstructured":"Monta\u00f1o, L. (2005). Organizaci\u00f3n y sociedad. Un acercamiento a la administraci\u00f3n p\u00fablica mexicana. Gesti\u00f3n y Pol\u00edtica P\u00fablica, 15(3), 465-495."},{"key":"6035","doi-asserted-by":"crossref","unstructured":"Pache, A. and Santos, F. (2013). Inside the Hybrid Organization: Selective Coupling as a Response to Competing Institutional Logics. Academy of Management Journal, 56(4), 972\u20131001.","DOI":"10.5465\/amj.2011.0405"},{"key":"6036","doi-asserted-by":"crossref","unstructured":"Przeworski, A., Bardhan, P., Kolarska-Bobi\u0144ska, L., Pereira, L., Wiatr, J. and Bruszt, L. (1995). Sustainable democracy. Cambridge University Press.","DOI":"10.1017\/CBO9780511664205"},{"key":"6037","unstructured":"Ramos, L. (2016). Entre lo educativo y lo empresarial. L\u00f3gicas institucionales de una organizaci\u00f3n de educaci\u00f3n superior privada de absorci\u00f3n de demanda [Tesis de Doctorado]. Universidad Aut\u00f3noma Metropolitana, sede Iztapalapa."},{"key":"6038","doi-asserted-by":"crossref","unstructured":"Rao, H. and Giorgi, S. (2006). Code breaking: How entrepreneurs exploit cultural logics to generate institutional change. Research in Organizational Behavior, 27, 269\u2013304.","DOI":"10.1016\/S0191-3085(06)27007-2"},{"key":"6039","unstructured":"Ravet, J. (2012). L\u2019id\u00e9ologie manag\u00e9riale d\u00e9shumanisante: entrevue avec Vincent de Gaulejac. Relations, (755), 24-27."},{"key":"6040","unstructured":"Salda\u00f1a, K. (2008). Cosechas y peones en Morelos: especializaci\u00f3n y segmentaci\u00f3n en los mercados de trabajo rural. An\u00e1lisis Econ\u00f3mico, 23(53), 201-225."},{"key":"6041","unstructured":"Scott, R. (2012). Teor\u00eda institucional y organizaciones y Teor\u00eda contempor\u00e1nea institucional. En A. Vergara (ed.), Organizaci\u00f3n e instituciones (pp. 163-222). BBAP y Siglo XXI. M\u00e9xico."},{"key":"6042","doi-asserted-by":"crossref","unstructured":"Smith, W. (2014). Dynamic decision making: A model of senior leaders managing strategic paradoxes. Academy of Management Journal, 57(6), 1592-1623.","DOI":"10.5465\/amj.2011.0932"},{"key":"6043","doi-asserted-by":"crossref","unstructured":"Smith, W. and Lewis, M. (2011). Toward a theory of paradox: A dynamic equilibrium model of organizing. Academy of Management Review, 36(2), 381\u2013403.","DOI":"10.5465\/AMR.2011.59330958"},{"key":"6044","doi-asserted-by":"crossref","unstructured":"St\u00e5hle, M. and Ahola, T. (2022). Balancing on a tightrope: Coping with concurrent institutional logics in project business. International Journal of Project Management, 40(1), 52\u201363.","DOI":"10.1016\/j.ijproman.2021.09.005"},{"key":"6045","doi-asserted-by":"crossref","unstructured":"Thornton, P. and Ocasio, W. (2008). Institutional logics. In R. Greenwood, C. Oliver, R. Suddaby and K. Sahlin-Andersson (Eds.), The Sage handbook of organizational institutionalism (pp. 98-128). Sage.","DOI":"10.4135\/9781849200387.n4"},{"key":"6046","doi-asserted-by":"crossref","unstructured":"Thornton, P., Ocasio, W. and Lounsbury, M., (2012). The Institutional Logics Perspective: A New Approach to Culture, Structure and Process. Oxford University Press.","DOI":"10.1093\/acprof:oso\/9780199601936.001.0001"},{"key":"6047","doi-asserted-by":"crossref","unstructured":"Van de Ven, A., and Poole, M. S. (1995). Explaining development and change in organizations. Academy of Management Review, 20(3), 510\u2013540.","DOI":"10.2307\/258786"},{"key":"6048","unstructured":"Varela, E. (2015). Managerialismo. Culturas de empresa y emergencia del hombre managerial. Revista Forum Doctoral, (6)."},{"key":"6049","doi-asserted-by":"crossref","unstructured":"Washington, M. and Ventresca, M. J. (2008). Institutional Contradictions and Struggles in the Formation of US Collegiate Basketball, 18801938. Journal of Sport Management, 22(1).","DOI":"10.1123\/jsm.22.1.30"},{"key":"6050","doi-asserted-by":"crossref","unstructured":"Zhang, F. and Welch, E. (2022). Explaining Public Organization Adaptation to Climate Change: Configurations of Macro-and Meso-Level Institutional Logics. Journal of Public Administration Research and Theory.","DOI":"10.1093\/jopart\/muac027"},{"key":"6051","doi-asserted-by":"crossref","unstructured":"Zhao, E. and Lounsbury, M. (2016). An institutional logics approach to social entrepreneurship: Market logic, religious diversity, and resource acquisition by microfinance organizations. Journal of Business Venturing, 31(6), 643-662.","DOI":"10.1016\/j.jbusvent.2016.09.001"},{"key":"6052","doi-asserted-by":"crossref","unstructured":"Zucker, L. (1977). The role of institutionalization in cultural persistence. American Sociological Review, 42(5), 726-743.","DOI":"10.2307\/2094862"}],"container-title":["Administraci\u00f3n &amp; Desarrollo"],"link":[{"URL":"https:\/\/revistas.esap.edu.co\/index.php\/admindesarro\/article\/download\/779\/630","content-type":"application\/pdf","content-version":"vor","intended-application":"text-mining"},{"URL":"https:\/\/revistas.esap.edu.co\/index.php\/admindesarro\/article\/download\/779\/745","content-type":"text\/xml","content-version":"vor","intended-application":"text-mining"},{"URL":"https:\/\/revistas.esap.edu.co\/index.php\/admindesarro\/article\/download\/779\/630","content-type":"unspecified","content-version":"vor","intended-application":"similarity-checking"}],"deposited":{"date-parts":[[2025,12,31]],"date-time":"2025-12-31T20:02:04Z","timestamp":1767211324000},"score":0.0,"resource":{"primary":{"URL":"https:\/\/revistas.esap.edu.co\/index.php\/admindesarro\/article\/view\/779"}},"issued":{"date-parts":[[2022,6,30]]},"references-count":36,"journal-issue":{"issue":"1","published-online":{"date-parts":[[2022,6,30]]}},"URL":"https:\/\/doi.org\/10.22431\/25005227.vol52n1.7","ISSN":["2500-5227","0120-3754"],"issn-type":[{"type":"electronic","value":"2500-5227"},{"type":"print","value":"0120-3754"}],"published":{"date-parts":[[2022,6,30]]}},{"indexed":{"date-parts":[[2025,12,31]],"date-time":"2025-12-31T19:44:30Z","timestamp":1767210270233,"version":"3.48.0"},"reference-count":30,"publisher":"Escuela Superior de Administracion Publica","issue":"2","license":[{"start":{"date-parts":[[2025,10,21]],"date-time":"2025-10-21T00:00:00Z","timestamp":1761004800000},"content-version":"unspecified","delay-in-days":0,"URL":"https:\/\/creativecommons.org\/licenses\/by-nc-sa\/4.0"}],"content-domain":{"domain":[],"crossmark-restriction":false},"short-container-title":["Adm. Desarro."],"abstract":"<jats:p>Objective: To develop a deep learning model for the early detection of hypertension risk in older adults from the municipality of Armenia, Antioquia, by integrating institutional data sources to support evidence-based decision-making in public health. Methodology: The CRISP-DM methodology was used to guide theproject phases: problem understanding, data analysis and preparation, modeling, evaluation, and application. Socioeconomic data from SISBEN and clinical records from RIPS were integrated, resulting in a training dataset of 2,233 individuals and 104 predictive features. A deep neural network (DNN) was built using TensorFlow\/Keras, incorporating regularization techniques and class weighting to address data imbalance and enhance model accuracy. Results: The model achieved a robust performance with an AUC of 0.85, indicating strong discriminative power. After optimizing the decision threshold to 0.44, the model reached a sensitivity of 91.6% and improved overall precision. When applied to the full SISBEN dataset of 5,731 individuals, the model stratified the population into high (13.7%), medium (25.1%), and low (61.2%) hypertension risk categories. Conclusion: The developed model offers an effective and replicable tool for identifying high-risk individuals, optimizing healthcare resource allocation, and enhancing prevention strategies. It represents a significant step toward predictive, personalized, and data-driven public health interventions.<\/jats:p>","DOI":"10.22431\/25005227.1253","type":"journal-article","created":{"date-parts":[[2025,11,6]],"date-time":"2025-11-06T16:31:10Z","timestamp":1762446670000},"source":"Crossref","is-referenced-by-count":0,"title":["Desarrollo de un modelo de &lt;i&gt;deep learning&lt;\/i&gt; para diagn\u00f3stico de hipertensi\u00f3n arterial en adultos mayores, caso Armenia, Antioquia","Development of a Deep Learning Model for Diagnosing Hypertension in Older Adults: The Case of Armenia, Antioquia"],"prefix":"10.22431","volume":"55","author":[{"ORCID":"https:\/\/orcid.org\/0000-0002-5597-0405","authenticated-orcid":false,"given":"Alexander","family":"Almeida","sequence":"first","affiliation":[],"role":[{"role":"author","vocabulary":"crossref"}]},{"ORCID":"https:\/\/orcid.org\/0009-0000-3665-0126","authenticated-orcid":false,"given":"Diego Alejandro","family":"Robledo Mej\u00eda","sequence":"additional","affiliation":[],"role":[{"role":"author","vocabulary":"crossref"}]},{"ORCID":"https:\/\/orcid.org\/0009-0000-4639-4613","authenticated-orcid":false,"given":"Juan Carlos","family":"Gonz\u00e1lez Torres","sequence":"additional","affiliation":[],"role":[{"role":"author","vocabulary":"crossref"}]},{"ORCID":"https:\/\/orcid.org\/0000-0001-7782-4874","authenticated-orcid":false,"given":"C\u00e9sar Hern\u00e1n","family":"Rodr\u00edguez Garavito","sequence":"additional","affiliation":[],"role":[{"role":"author","vocabulary":"crossref"}]}],"member":"9723","published-online":{"date-parts":[[2025,10,21]]},"reference":[{"key":"26262","doi-asserted-by":"publisher","DOI":"10.3390\/s22145145"},{"key":"26263","doi-asserted-by":"publisher","DOI":"10.26633\/RPSP.2021.79"},{"key":"26264","doi-asserted-by":"publisher","DOI":"10.1097\/HJH.0000000000002951"},{"key":"26265","unstructured":"Beltr\u00e1n Medina, D. M., Rodr\u00edguez, M., y Huertas Velaides, C. M. (2023). An\u00e1lisis de costos de un programa de atenci\u00f3n primaria para el manejo de la hipertensi\u00f3n arterial en Javesalud IPS [trabajo de grado]. Pontificia Universidad Javeriana. https:\/\/repository.javeriana.edu.co\/handle\/10554\/64679"},{"key":"26266","unstructured":"Bhardwaj, R., Tripathi, M., y Kumar, A. (2021). Deep learning-based ECG signal analysis for hypertension detection. Biomedical Signal Processing and Control, 65, 102356. https:\/\/doi.org\/10.1016\/j.bspc.2020.102356"},{"key":"26267","unstructured":"Carey, R. M., Calhoun, D. A., Bakris, G. L., Brook, R. D., Daugherty, S. L., Dennison-Himmelfarb, C. R., ... y Whelton, P. K. (2020). Resistant hypertension: Detection, evaluation, and management: A scientific statement from the American Heart Association. Hypertension, 75(6), e53\u2013e90. https:\/\/doi.org\/10.1161\/HYP.0000000000000276"},{"key":"26268","doi-asserted-by":"publisher","DOI":"10.1146\/annurev-biodatasci-092820-114757"},{"key":"26269","doi-asserted-by":"publisher","DOI":"10.3390\/jcm10030496"},{"key":"26270","doi-asserted-by":"publisher","DOI":"10.1007\/s11906-021-01160-7"},{"key":"26271","doi-asserted-by":"publisher","DOI":"10.24875\/RCCAR.M22000114"},{"key":"26272","doi-asserted-by":"publisher","DOI":"10.1016\/j.semcancer.2021.05.004"},{"key":"26273","doi-asserted-by":"publisher","DOI":"10.1038\/s42256-019-0088-2"},{"key":"26274","unstructured":"Kang, S., Woo, J., Shin, H., y Kim, Y. (2022). Risk prediction of hypertension using machine learning models. Scientific Reports, 12(1), 7323. https:\/\/doi.org\/10.1038\/s41598-022-11354-2"},{"key":"26275","doi-asserted-by":"publisher","DOI":"10.1038\/s41598-020-72685-1"},{"key":"26276","unstructured":"Liu, X., Faes, L., Kale, A. U., Wagner, S. K., Fu, D. J., Bruynseels, A., ... y Keane, P. A. (2022). Machine learning models for predicting cardiovascular disease risk: A systematic review. BMC Medical Informatics and Decision Making, 22, 15. https:\/\/doi.org\/10.1186\/s12911-021-01715-6"},{"key":"26277","doi-asserted-by":"publisher","DOI":"10.1038\/s42256-019-0138-9"},{"key":"26278","doi-asserted-by":"publisher","DOI":"10.1016\/j.compbiomed.2021.104385"},{"key":"26279","unstructured":"Molnar, C., Casalicchio, G., y Bischl, B. (2021). Interpretable machine learning: A guide for making black box models explainable. Journal of Machine Learning Research, 22(1), 1\u201353. https:\/\/doi.org\/10.48550\/arXiv.2010.09337"},{"key":"26280","doi-asserted-by":"publisher","DOI":"10.1007\/s10916-022-01900-5"},{"key":"26281","doi-asserted-by":"publisher","DOI":"10.1002\/clc.23303"},{"key":"26282","unstructured":"Organizaci\u00f3n Mundial de la Salud. (2021). Informe mundial sobre la hipertensi\u00f3n 2021. https:\/\/www.who.int\/publications\/i\/item\/9789240033986"},{"key":"26283","doi-asserted-by":"publisher","DOI":"10.1038\/s41746-019-0155-4"},{"key":"26284","doi-asserted-by":"publisher","DOI":"10.1016\/j.cmpb.2022.107073"},{"key":"26285","unstructured":"Qayyum, A., Malik, A., Raza, B., y Altaf, M. (2021). Intelligent IoT-based healthcare system for detection and classification of cardiovascular diseases using machine learning. IEEE Access, 9, 146000\u2013146011. https:\/\/doi.org\/10.1109\/ACCESS.2021.3123035"},{"key":"26286","doi-asserted-by":"publisher","DOI":"10.3390\/s22186812"},{"key":"26287","doi-asserted-by":"publisher","DOI":"10.1093\/eurjpc\/zwaa142"},{"key":"26288","unstructured":"Singh, S., Tiwari, S., y Nair, R. (2022). Machine learning-based hypertension risk prediction models: A systematic review and meta-analysis. Frontiers in Cardiovascular Medicine, 9, 862989. https:\/\/doi.org\/10.3389\/fcvm.2022.862989"},{"key":"26289","unstructured":"Topol, E. J. (2021). High-performance medicine: The convergence of human and artificial intelligence. Nature Medicine, 27(6), 996\u20131004. https:\/\/doi.org\/10.1038\/s41591-021-01399-5"},{"key":"26290","unstructured":"Yao, X., Rushlow, D. R., Inselman, J. W., McCoy, R. G., Thacher, T. D., Behnken, E. M., ... y Noseworthy, P. A. (2021). Artificial intelligence-enabled detection and diagnosis of hypertension using electronic health records. NPJ Digital Medicine, 4(1), 1\u20139. https:\/\/doi.org\/10.1038\/s41746-021-00438-9"},{"key":"26291","doi-asserted-by":"publisher","DOI":"10.3389\/fpubh.2021.619429"}],"container-title":["Administraci\u00f3n &amp; Desarrollo"],"link":[{"URL":"https:\/\/revistas.esap.edu.co\/index.php\/admindesarro\/article\/download\/1253\/835","content-type":"application\/pdf","content-version":"vor","intended-application":"text-mining"},{"URL":"https:\/\/revistas.esap.edu.co\/index.php\/admindesarro\/article\/download\/1253\/850","content-type":"text\/xml","content-version":"vor","intended-application":"text-mining"},{"URL":"https:\/\/revistas.esap.edu.co\/index.php\/admindesarro\/article\/download\/1253\/835","content-type":"unspecified","content-version":"vor","intended-application":"similarity-checking"}],"deposited":{"date-parts":[[2025,12,31]],"date-time":"2025-12-31T19:42:24Z","timestamp":1767210144000},"score":0.0,"resource":{"primary":{"URL":"https:\/\/revistas.esap.edu.co\/index.php\/admindesarro\/article\/view\/1253"}},"issued":{"date-parts":[[2025,10,21]]},"references-count":30,"journal-issue":{"issue":"2","published-online":{"date-parts":[[2025,7,16]]}},"URL":"https:\/\/doi.org\/10.22431\/25005227.1253","ISSN":["2500-5227","0120-3754"],"issn-type":[{"type":"electronic","value":"2500-5227"},{"type":"print","value":"0120-3754"}],"published":{"date-parts":[[2025,10,21]]}},{"indexed":{"date-parts":[[2022,4,6]],"date-time":"2022-04-06T03:39:24Z","timestamp":1649216364852},"reference-count":0,"publisher":"Escuela Superior de Administracion Publica","content-domain":{"domain":[],"crossmark-restriction":false},"DOI":"10.22431\/issn.2500-5103","type":"journal","created":{"date-parts":[[2021,12,1]],"date-time":"2021-12-01T14:55:45Z","timestamp":1638370545000},"source":"Crossref","is-referenced-by-count":0,"title":["Nova et Vetera"],"prefix":"10.22431","member":"9723","deposited":{"date-parts":[[2021,12,1]],"date-time":"2021-12-01T14:55:45Z","timestamp":1638370545000},"score":0.0,"resource":{"primary":{"URL":"https:\/\/revistas.esap.edu.co\/index.php\/novaetvetera"}},"short-title":["Nova vetera"],"issued":{"date-parts":[[null]]},"references-count":0,"URL":"https:\/\/doi.org\/10.22431\/issn.2500-5103","ISSN":["0123-2614","2500-5103"],"issn-type":[{"value":"0123-2614","type":"print"},{"value":"2500-5103","type":"electronic"}]},{"indexed":{"date-parts":[[2025,11,6]],"date-time":"2025-11-06T16:39:25Z","timestamp":1762447165384,"version":"build-2065373602"},"reference-count":0,"publisher":"Escuela Superior de Administracion Publica","issue":"1","license":[{"start":{"date-parts":[[2018,6,18]],"date-time":"2018-06-18T00:00:00Z","timestamp":1529280000000},"content-version":"unspecified","delay-in-days":0,"URL":"http:\/\/creativecommons.org\/licenses\/by-nc-nd\/4.0"}],"content-domain":{"domain":[],"crossmark-restriction":false},"short-container-title":["Adm. Desarro."],"abstract":"<jats:p>Conventional approaches to peace education have not led to more peaceful societies. In order to produce the broad political and social shifts that many peace educators have envisioned, a new type of educational approach is needed. Conflict transformation education (CTE) is a promising new approach that seeks to shift attitudes at a group level rather than individually, and embraces rather than denies its explicit political aim to shift social norms regarding the use of violence. CTE could be a useful tool in the post-peace agreement Colombian context.<\/jats:p>","DOI":"10.22431\/25005227.418","type":"journal-article","created":{"date-parts":[[2018,6,20]],"date-time":"2018-06-20T19:34:32Z","timestamp":1529523272000},"page":"33-59","source":"Crossref","is-referenced-by-count":1,"title":["Could conflict transformation education serve as a mechanism for increasing peacefulness in Colombia?"],"prefix":"10.22431","volume":"48","author":[{"ORCID":"https:\/\/orcid.org\/0000-0003-3853-4465","authenticated-orcid":false,"given":"Thomas","family":"Hill","sequence":"first","affiliation":[],"role":[{"role":"author","vocabulary":"crossref"}]}],"member":"9723","published-online":{"date-parts":[[2018,6,18]]},"container-title":["Administraci\u00f3n &amp; Desarrollo"],"link":[{"URL":"https:\/\/revistas.esap.edu.co\/index.php\/admindesarro\/article\/download\/418\/461","content-type":"application\/pdf","content-version":"vor","intended-application":"text-mining"},{"URL":"https:\/\/revistas.esap.edu.co\/index.php\/admindesarro\/article\/download\/418\/461","content-type":"unspecified","content-version":"vor","intended-application":"similarity-checking"}],"deposited":{"date-parts":[[2025,11,6]],"date-time":"2025-11-06T16:34:29Z","timestamp":1762446869000},"score":0.0,"resource":{"primary":{"URL":"https:\/\/revistas.esap.edu.co\/index.php\/admindesarro\/article\/view\/418"}},"issued":{"date-parts":[[2018,6,18]]},"references-count":0,"journal-issue":{"issue":"1","published-online":{"date-parts":[[2018,6,18]]}},"URL":"https:\/\/doi.org\/10.22431\/25005227.418","ISSN":["2500-5227","0120-3754"],"issn-type":[{"type":"electronic","value":"2500-5227"},{"type":"print","value":"0120-3754"}],"published":{"date-parts":[[2018,6,18]]}},{"indexed":{"date-parts":[[2022,4,5]],"date-time":"2022-04-05T11:49:37Z","timestamp":1649159377434},"reference-count":39,"publisher":"Escuela Superior de Administracion Publica","issue":"2","license":[{"start":{"date-parts":[[2019,12,31]],"date-time":"2019-12-31T00:00:00Z","timestamp":1577750400000},"content-version":"unspecified","delay-in-days":0,"URL":"http:\/\/creativecommons.org\/licenses\/by-nc-nd\/4.0"}],"content-domain":{"domain":[],"crossmark-restriction":false},"short-container-title":["Adm. Desarro."],"abstract":"<jats:p>La promulgaci\u00f3n de la Constituci\u00f3n Pol\u00edtica colombiana de 1991 configur\u00f3 un nuevo escenario territorial. Adem\u00e1s del fortalecimiento del municipio, el departamento recogi\u00f3 a las antiguas intendencias y comisar\u00edas, convirti\u00e9ndose en la entidad territorial del nivel intermedio. Sin embargo, la definici\u00f3n funcional que determin\u00f3 la Constituci\u00f3n a esta entidad lleva a numerosos autores a replantear la conveniencia de su existencia en el modelo de organizaci\u00f3n territorial. Desde un an\u00e1lisis del tipo de Estado, del modelo de organizaci\u00f3n territorial, as\u00ed como del proceso de descentralizaci\u00f3n, se compara el departamento colombiano en relaci\u00f3n con sus pares latinoamericanos. Se busca analizar el modelo de entidad territorial intermedia definido para el departamento colombiano, observando si cumple las pretensiones de los constituyentes que as\u00ed lo definieron.<\/jats:p>","DOI":"10.22431\/25005227.vol49n2.1","type":"journal-article","created":{"date-parts":[[2021,11,7]],"date-time":"2021-11-07T20:52:27Z","timestamp":1636318347000},"page":"6-33","source":"Crossref","is-referenced-by-count":0,"title":["El departamento colombiano y su rol dentro de la organizaci\u00f3n pol\u00edtico-administrativa. An\u00e1lisis comparado desde el dise\u00f1o de ordenamiento territorial"],"prefix":"10.22431","volume":"49","author":[{"given":"Jos\u00e9 Steven","family":"Triana Guti\u00e9rrez","sequence":"first","affiliation":[],"role":[{"role":"author","vocabulary":"crossref"}]}],"member":"9723","published-online":{"date-parts":[[2019,12,31]]},"reference":[{"key":"643","unstructured":"Arandia Ledesma, I. C. (2002). Descentralizaci\u00f3n y relaciones intergubernamentales en Bolivia. Convergencia 9 (30) pp. 6-24."},{"key":"644","unstructured":"Asamblea Nacional Constituyente Bolivia. (2009). Constituci\u00f3n pol\u00edtica del Estado de Bolivia"},{"key":"645","unstructured":"Asamblea Nacional Constituyente Colombia. (1991). Constituci\u00f3n pol\u00edtica de Colombia."},{"key":"646","unstructured":"Asamblea Nacional Constituyente Ecuador. (2008). Constituci\u00f3n de la Rep\u00fablica del Ecuador."},{"key":"647","unstructured":"Asamblea Nacional Constituyente Francia. (1958). Constituci\u00f3n pol\u00edtica de Francia."},{"key":"648","unstructured":"Asamblea Nacional Constituyente Per\u00fa. (1993). Constituci\u00f3n Pol\u00edtica del Per\u00fa."},{"key":"649","unstructured":"Baena de Alc\u00e1zar, M. (1983). La descentralizaci\u00f3n en Francia. Algunos puntos de conexi\u00f3n con las autonom\u00edas espa\u00f1olas. Revista de Administraci\u00f3n P\u00fablica, pp. 1797\u20131838."},{"key":"650","unstructured":"Baroja Narv\u00e1ez, G. & Lasso Rosero, R. (2017). Desarrollo territorial y rol de los gobiernos intermedios. Gobiernos intermedios: entre lo local y lo nacional, pp. 63-73. Quito."},{"key":"651","unstructured":"Batallas G\u00f3mez, H. (2013). El actual modelo de descentralizaci\u00f3n en el Ecuador: un desaf\u00edo para los gobiernos aut\u00f3nomos descentralizados. Revista de Derecho UASB, (20), pp. 1-18."},{"key":"652","unstructured":"Congreso de la Rep\u00fablica. (2011). Ley 1454."},{"key":"653","unstructured":"Congreso de la Rep\u00fablica. (2000). Ley 617."},{"key":"654","unstructured":"Congreso de la Rep\u00fablica. (1986). Acto legislativo 01."},{"key":"655","unstructured":"Congreso de la Rep\u00fablica. (1913). Ley 4."},{"key":"656","unstructured":"Correa Henao, N. (1993). El reordenamiento territorial en la nueva Constituci\u00f3n Pol\u00edtica de Colombia. Colombia, una democracia en construcci\u00f3n, pp. 169-211, Foro Nacional por Colombia: Bogot\u00e1."},{"key":"657","unstructured":"Cuervo Restrepo, J. (2003). Experiencias del nivel intermedio en Am\u00e9rica Latina. Seminario Crisis y Futuro de los Departamentos en Colombia, pp. 147- 177. Universidad Externado de Colombia - Fundaci\u00f3n Konrad Adenauer: Bogot\u00e1."},{"key":"658","unstructured":"De la Fuente Cabrero, I. (2004). An\u00e1lisis comparado de los modelos de organizaci\u00f3n territorial de otros estados miembros de la uni\u00f3n europea: Alemania, Reino Unido, Italia y Francia Fundaci\u00f3n Manuel Gim\u00e9nez Abad. Recuperado de www.fundacionmgimenezabad.es"},{"key":"659","unstructured":"Devia Ru\u00edz, S. (2003). El departamento colombiano como modelo de organizaci\u00f3n regional. Seminario Crisis y Futuro de los Departamentos en Colombia, pp. 39-55. Universidad Externado de Colombia-Fundaci\u00f3n Konrad Adenauer: Bogot\u00e1."},{"key":"660","unstructured":"DNP. (2019). Sistema General de Regal\u00edas. Presentaci\u00f3n general. Recuperado de https:\/\/www.banrep.gov.co\/sites\/default\/files\/eventos\/archivos\/sem_135.pdf"},{"key":"661","unstructured":"Duque Cante, N. (2007). El departamento en la descentralizaci\u00f3n pol\u00edtico-administrativa en Colombia. Un an\u00e1lisis desde el municipio. Disertaci\u00f3n de maestr\u00eda, Escuela Superior de Administraci\u00f3n P\u00fablica."},{"key":"662","unstructured":"Duque Cante, N. (2012). Particularidades de la ley org\u00e1nica de ordenamiento territorial. An\u00e1lisis Pol\u00edtico, 76, pp. 175-190."},{"key":"663","unstructured":"Federaci\u00f3n Colombiana de Municipios. (1991). El reordenamiento de la administraci\u00f3n territorial, FESCOL\/FAUS: Bogot\u00e1."},{"key":"664","unstructured":"Garc\u00eda Garc\u00eda, D. (2008). Ordenamiento territorial y descentralizaci\u00f3n: competencias, recursos y perspectivas. Pap. Pol\u00edt, 13 (2), pp. 473-489."},{"key":"665","unstructured":"Gonz\u00e1lez, E. & Jaramillo, I. (2001). El nivel intermedio en el arreglo institucional: diagn\u00f3stico y perspectivas en el \u00e1mbito latinoamericano. CEPAL\/GTZ."},{"key":"666","unstructured":"Hern\u00e1ndez Becerra, A. (2005). Antes y m\u00e1s all\u00e1 de las regiones pol\u00edticas. Colombia Regional: Alternativas y Estrategias. pp. 1-12."},{"key":"667","unstructured":"Junta de Gobierno de la Rep\u00fablica de Chile. (1980). Constituci\u00f3n pol\u00edtica de la Rep\u00fablica de Chile."},{"key":"668","unstructured":"Lara Restrepo, R. 2003. Articulaci\u00f3n de las relaciones entre la naci\u00f3n y las entidades territoriales: Evoluci\u00f3n y crisis del departamento como marco natural de desconcentraci\u00f3n. Perspectiva comparatista. OPERA, 3 (3), pp. 153-174."},{"key":"669","unstructured":"Maldonado, A. (2004). Las competencias de los departamentos en Colombia. An\u00e1lisis de la situaci\u00f3n actual y propuestas. Reflexiones de la Administraci\u00f3n P\u00fablica: maestr\u00eda en Administraci\u00f3n P\u00fablica, pp. 75-113. Bogot\u00e1"},{"key":"670","unstructured":"Navas Patr\u00f3n, \u00c1. (2003). El proceso departamental en Colombia: diversidad originaria a la indeterminaci\u00f3n constitucional. Seminario Crisis y Futuro de los Departamentos en Colombia, editado por 247-259. Universidad Externado de Colombia-Fundaci\u00f3n Konrad Adenauer: Bogot\u00e1."},{"key":"671","unstructured":"Pressacco, C. (2009). El proceso de descentralizaci\u00f3n regional chileno: avances y \u201casignaturas pendientes\u201d. Papel Pol\u00edtico, 14 (2), pp. 409-429."},{"key":"672","unstructured":"Presidencia de la Rep\u00fablica. (1986). Decreto 1222, C\u00f3digo de R\u00e9gimen Departamental."},{"key":"673","unstructured":"Riveros Gavilanes, J. (2016). Ordenamiento territorial como instrumento de competencias intergubernamentales: comparaci\u00f3n entre Alemania y Colombia. Pol\u00edtica y Administraci\u00f3n, 27 y 28, pp. 16-23."},{"key":"674","unstructured":"Sagawe, T. (2003). La crisis de los departamentos en Colombia. Lecciones sobre los niveles intermedios de Europa. Seminario Crisis y Futuro de los Departamentos en Colombia, pp. 107-124. Universidad Externado de Colombia-Fundaci\u00f3n Konrad Adenauer: Bogot\u00e1."},{"key":"675","doi-asserted-by":"crossref","unstructured":"S\u00e1nchez Cubides, P. (2015). El sector p\u00fablico estatal y las competencias de las entidades territoriales en Colombia. Derecho y Realidad, 13 (25), pp. 13-42.","DOI":"10.19053\/16923936.v13.n25.2015.4416"},{"key":"676","unstructured":"Secretar\u00eda T\u00e9cnica de la Comisi\u00f3n Intersectorial para la Reforma de los Departamentos. (2002). Evaluaci\u00f3n del papel de los departamentos en el nuevo ordenamiento territorial en Colombia. Estado del Arte. Bogot\u00e1."},{"key":"677","doi-asserted-by":"crossref","unstructured":"Urteaga, E. (2011). Modelos de Ordenaci\u00f3n del Territorio en Europa: Francia, Alemania y Reino Unido. Estudios Geogr\u00e1ficos, 72 (270), pp. 263-289.","DOI":"10.3989\/estgeogr.201111"},{"key":"678","doi-asserted-by":"crossref","unstructured":"Valencia-Tello, D. & Karam de Chueiri, V. (2014). Descentralizaci\u00f3n y re-centralizaci\u00f3n del poder en Colombia. La b\u00fasqueda de equilibrios entre la naci\u00f3n y las entidades territoriales. D\u00edkaion, 23 (1), pp. 171-194.","DOI":"10.5294\/dika.2014.23.1.7"},{"key":"679","unstructured":"Uribe Uribe, R. (1999). La inutilidad de los departamentos. Tecnolog\u00eda Administrativa, 13 (29), pp. 177-183"},{"key":"680","unstructured":"Zafra Rold\u00e1n, G. (2003). El departamento. Seminario Crisis y Futuro de los Departamentos en Colombia, pp. 247-259. Universidad Externado de Colombia-Fundaci\u00f3n Konrad Adenauer: Bogot\u00e1."},{"key":"681","unstructured":"Zapata Cort\u00e9s, O. (2014). La primac\u00eda municipalista en las relaciones entre niveles de gobierno en Colombia. Revista Iberoamericana de Estudios Municipales, 9, pp. 9-35."}],"container-title":["Administraci\u00f3n y Desarrollo"],"link":[{"URL":"https:\/\/revistas.esap.edu.co\/index.php\/admindesarro\/article\/download\/543\/509","content-type":"application\/pdf","content-version":"vor","intended-application":"text-mining"},{"URL":"https:\/\/revistas.esap.edu.co\/index.php\/admindesarro\/article\/download\/543\/509","content-type":"unspecified","content-version":"vor","intended-application":"similarity-checking"}],"deposited":{"date-parts":[[2021,11,7]],"date-time":"2021-11-07T20:56:10Z","timestamp":1636318570000},"score":0.0,"resource":{"primary":{"URL":"https:\/\/revistas.esap.edu.co\/index.php\/admindesarro\/article\/view\/543"}},"issued":{"date-parts":[[2019,12,31]]},"references-count":39,"journal-issue":{"issue":"2","published-online":{"date-parts":[[2019,12,31]]}},"URL":"https:\/\/doi.org\/10.22431\/25005227.vol49n2.1","ISSN":["2500-5227","0120-3754"],"issn-type":[{"value":"2500-5227","type":"electronic"},{"value":"0120-3754","type":"print"}],"published":{"date-parts":[[2019,12,31]]}},{"indexed":{"date-parts":[[2022,4,1]],"date-time":"2022-04-01T10:05:09Z","timestamp":1648807509069},"reference-count":0,"publisher":"Escuela Superior de Administracion Publica","issue":"65","license":[{"start":{"date-parts":[[2016,9,28]],"date-time":"2016-09-28T00:00:00Z","timestamp":1475020800000},"content-version":"unspecified","delay-in-days":0,"URL":"http:\/\/creativecommons.org\/licenses\/by-nc-nd\/4.0"}],"content-domain":{"domain":[],"crossmark-restriction":false},"short-container-title":["Nova vetera"],"abstract":"<jats:p>La diversidad \u00e9tnica y cultural ha sido tramitada en Colombia a trav\u00e9s de dispositivos y estrategias que pasan por la negaci\u00f3n, asimilaci\u00f3n, invisibilidad y reconocimiento; \u00e9ste \u00faltimo gestado al abrigo del multiculturalismo como hecho social global, que se consagrar\u00eda hacia finales del siglo XX en m\u00faltiples ordenamientos jur\u00eddicos. La alteridad negra ha ingresado tard\u00edamente al c\u00famulo de identidades entendidas como constitutivas de etnicidad, puesto que las disciplinas sociales durante largo tiempo circunscribieron \u00e9sta al prototipo de la comunidad ind\u00edgena idealizada. Por ello, las recientes din\u00e1micas pol\u00edtico-jur\u00eddicas desplegadas en torno a la construcci\u00f3n de la comunidad negra como sujeto colectivo de derechos territoriales, econ\u00f3micos y culturales, han representado un reto en el que se ven involucrados actores sociales, \u00e9tnicos e institucionales, y que a la postre determinan el nivel de reconocimiento y visibilidad obtenido por este colectivo, a dos d\u00e9cadas de que el Estado Colombiano asumiera su diversidad \u00e9tnica y cultural y se autoerigiera en garante y protector de la misma.<\/jats:p>","DOI":"10.22431\/25005103.324","type":"journal-article","created":{"date-parts":[[2017,7,5]],"date-time":"2017-07-05T19:34:05Z","timestamp":1499283245000},"page":"71-80","source":"Crossref","is-referenced-by-count":0,"title":["De la invisibilidad al esencialismo. La alteridad negra en el marco del multiculturalismo constitucional"],"prefix":"10.22431","volume":"21","author":[{"given":"Martha Isabel","family":"Rosas Guevara","sequence":"first","affiliation":[],"role":[{"role":"author","vocabulary":"crossref"}]}],"member":"9723","published-online":{"date-parts":[[2016,9,28]]},"container-title":["Nova et Vetera"],"link":[{"URL":"https:\/\/revistas.esap.edu.co\/index.php\/novaetvetera\/article\/download\/324\/pdf","content-type":"application\/pdf","content-version":"vor","intended-application":"text-mining"},{"URL":"https:\/\/revistas.esap.edu.co\/index.php\/novaetvetera\/article\/download\/324\/pdf","content-type":"unspecified","content-version":"vor","intended-application":"similarity-checking"}],"deposited":{"date-parts":[[2021,11,30]],"date-time":"2021-11-30T03:21:20Z","timestamp":1638242480000},"score":0.0,"resource":{"primary":{"URL":"https:\/\/revistas.esap.edu.co\/index.php\/novaetvetera\/article\/view\/324"}},"issued":{"date-parts":[[2016,9,28]]},"references-count":0,"journal-issue":{"issue":"65","published-online":{"date-parts":[[2016,9,28]]}},"URL":"https:\/\/doi.org\/10.22431\/25005103.324","ISSN":["2500-5103","0123-2614"],"issn-type":[{"value":"2500-5103","type":"electronic"},{"value":"0123-2614","type":"print"}],"published":{"date-parts":[[2016,9,28]]}},{"indexed":{"date-parts":[[2022,4,3]],"date-time":"2022-04-03T06:59:40Z","timestamp":1648969180657},"reference-count":0,"publisher":"Escuela Superior de Administracion Publica","issue":"66","license":[{"start":{"date-parts":[[2016,9,28]],"date-time":"2016-09-28T00:00:00Z","timestamp":1475020800000},"content-version":"unspecified","delay-in-days":0,"URL":"http:\/\/creativecommons.org\/licenses\/by-nc-nd\/4.0"}],"content-domain":{"domain":[],"crossmark-restriction":false},"short-container-title":["Nova vetera"],"abstract":"<jats:p>El presente art\u00edculo pretende brindar al lector una perspectiva que permita comprender de forma diferenciada la alternativa que significan los actuales di\u00e1logos de paz con las FARC-EP y sus particularidades, en comparaci\u00f3n con los anteriores intentos de di\u00e1logo formulando como la principal causa de fracaso de dichos intentos en el \"no reconocimiento del otro como interlocutor v\u00e1lido\". En la b\u00fasqueda de una salida pol\u00edtica al conflicto interno colombiano, la comprensi\u00f3n de sus antecedentes, sus actores y la visualizaci\u00f3n de los mismos como interlocutores v\u00e1lidos son la \u00fanica posibilidad de articulaci\u00f3n de un proyecto de desarrollo que vincule a toda la sociedad colombiana y propicie un contexto de convivencia pac\u00edfica.<\/jats:p>","DOI":"10.22431\/25005103.333","type":"journal-article","created":{"date-parts":[[2017,7,5]],"date-time":"2017-07-05T19:34:05Z","timestamp":1499283245000},"page":"67-80","source":"Crossref","is-referenced-by-count":0,"title":["Los di\u00e1logos de paz gobierno colombiano y FARC-EP: \"unas perspectivas frente a la necesidad del reconocimiento del otro como un interlocutor v\u00e1lido\""],"prefix":"10.22431","volume":"22","author":[{"given":"Diego Fernando","family":"Rodr\u00edguez Casallas","sequence":"first","affiliation":[],"role":[{"role":"author","vocabulary":"crossref"}]}],"member":"9723","published-online":{"date-parts":[[2016,9,28]]},"container-title":["Nova et Vetera"],"link":[{"URL":"https:\/\/revistas.esap.edu.co\/index.php\/novaetvetera\/article\/download\/333\/pdf","content-type":"application\/pdf","content-version":"vor","intended-application":"text-mining"},{"URL":"https:\/\/revistas.esap.edu.co\/index.php\/novaetvetera\/article\/download\/333\/pdf","content-type":"unspecified","content-version":"vor","intended-application":"similarity-checking"}],"deposited":{"date-parts":[[2021,11,30]],"date-time":"2021-11-30T03:20:55Z","timestamp":1638242455000},"score":0.0,"resource":{"primary":{"URL":"https:\/\/revistas.esap.edu.co\/index.php\/novaetvetera\/article\/view\/333"}},"issued":{"date-parts":[[2016,9,28]]},"references-count":0,"journal-issue":{"issue":"66","published-online":{"date-parts":[[2016,9,28]]}},"URL":"https:\/\/doi.org\/10.22431\/25005103.333","ISSN":["2500-5103","0123-2614"],"issn-type":[{"value":"2500-5103","type":"electronic"},{"value":"0123-2614","type":"print"}],"published":{"date-parts":[[2016,9,28]]}},{"indexed":{"date-parts":[[2023,12,28]],"date-time":"2023-12-28T13:21:18Z","timestamp":1703769678319},"reference-count":16,"publisher":"Escuela Superior de Administracion Publica","issue":"2","license":[{"start":{"date-parts":[[2020,12,31]],"date-time":"2020-12-31T00:00:00Z","timestamp":1609372800000},"content-version":"unspecified","delay-in-days":0,"URL":"http:\/\/creativecommons.org\/licenses\/by-nc-nd\/4.0"}],"content-domain":{"domain":[],"crossmark-restriction":false},"short-container-title":["Adm. Desarro."],"abstract":"<jats:p>La innovaci\u00f3n es una herramienta que busca, por medio de nuevas tecnolog\u00edas, modelos y estrategias, el crecimiento en un sector. La innovaci\u00f3n agropecuaria es encontrar los diferentes recursos que mejoren significativamente la vida del peque\u00f1o, mediano y grande agricultor para mejorar la productividad de las mismas empresas del sector.Con el uso de tecnolog\u00edas e innovaciones se quiere lograr m\u00e1s resistencia de las plantas a plagas y enfermedades, incrementar la productividad y mejorar la calidad, entre otros.La idea es hallar las alianzas estrat\u00e9gicas que puedan generar avances para dinamizar los productos y las empresas que trabajan en el sector primario de la econom\u00eda. El objetivo de este trabajo fue explorar las tendencias innovadoras del sector agropecuario en Colombia, con el fin de dinamizar el desarrollo regional, buscando responder la pregunta: \u00bfcu\u00e1les ser\u00edan las principales tendencias innovadoras del sector agr\u00edcola en Colombia, que logren dinamizar el desarrollo regional? La metodolog\u00eda utilizada fue cualitativa, a trav\u00e9s de recolecci\u00f3n de informaci\u00f3n documental y preguntas a expertos en la tem\u00e1tica. De manera general, se puede concluir que para realizar ejercicios de innovaci\u00f3n en el sector agropecuario, hay que enfocarse en dimensiones sociales, ecol\u00f3gicas y econ\u00f3micas que permitan generar estos cambios.<\/jats:p>","DOI":"10.22431\/25005227.vol50n2.3","type":"journal-article","created":{"date-parts":[[2021,11,7]],"date-time":"2021-11-07T20:52:27Z","timestamp":1636318347000},"page":"46-58","source":"Crossref","is-referenced-by-count":1,"title":["Innovaci\u00f3n agropecuaria para el desarrollo regional"],"prefix":"10.22431","volume":"50","author":[{"given":"Carlos Augusto","family":"Arboleda Jaramillo","sequence":"first","affiliation":[],"role":[{"role":"author","vocabulary":"crossref"}]},{"given":"Johana Patricia","family":"Ram\u00edrez Olier","sequence":"additional","affiliation":[],"role":[{"role":"author","vocabulary":"crossref"}]},{"given":"Mariana","family":"Osorno Restrepo","sequence":"additional","affiliation":[],"role":[{"role":"author","vocabulary":"crossref"}]}],"member":"9723","published-online":{"date-parts":[[2020,12,31]]},"reference":[{"key":"42","unstructured":"Avalos, C. (2009). El pol\u00e9mico uso de los agroqu\u00edmicos. Revista generaci\u00f3n ecol\u00f3gica, (10), p.134."},{"key":"43","unstructured":"Botella, C. & Su\u00e1rez, I. (2012). Innovaci\u00f3n para el desarrollo en Am\u00e9rica Latina: Una aproximaci\u00f3n desde la cooperaci\u00f3n internacional. Serie Avances de Investigaci\u00f3n."},{"key":"44","unstructured":"C\u00e1ceres, D. (2015). Tecnolog\u00eda agropecuaria y agronegocios. La l\u00f3gica subyacente del modelo tecnol\u00f3gico dominante. Mundo agrario, 16 (31) p.31. Recuperado de https:\/\/www.mundoagrario.unlp.edu.ar\/article\/view\/MAv16n31a08"},{"key":"45","unstructured":"CEPAL. (2018). Acuerdo Regional sobre el Acceso a la Informaci\u00f3n, la Participaci\u00f3n P\u00fablica y el Acceso a la Justicia en Asuntos Ambientales en Am\u00e9rica Latina y el Caribe (Acuerdo de Escaz\u00fa). Escaz\u00fa. Recuperado de https:\/\/repositorio.cepal.org\/bitstream\/handle\/11362\/43595\/1\/S1800429_es.pdf"},{"key":"46","unstructured":"Chaparro Giraldo, A. (2011). Cultivos transg\u00e9nicos: entre los riesgos biol\u00f3gicos y los beneficios ambientales y econ\u00f3micos. Acta biol\u00f3gica Colombiana, 16 (3), pp. 231-251. Recuperado de https:\/\/revistas.unal.edu.co\/index.php\/actabiol\/article\/view\/19986\/27949"},{"key":"47","unstructured":"De Schutter, O. & Vanloqueren, G. (2011). The new green revolution: how twenty- first-century science can feed the world. Solutions. (2), p.11."},{"key":"48","unstructured":"Garnett, T. & Godfray, C.J. (2012). Intensificaci\u00f3n sostenible de la agricultura. Navegar por un curso a trav\u00e9s de las prioridades del sistema alimentario en competencia. Universidad de Oxford."},{"key":"49","unstructured":"Guaitero, B. (2016). La innovaci\u00f3n agropecuaria en Colombia: avances en calidad y sostenibilidad. Bogot\u00e1. Universidad Jorge Tadeo Lozano. Recuperado de https:\/\/www.utadeo.edu.co\/es\/noticia\/opinion\/administracion-de-empresas-agropecuarias\/60\/colombia-necesita-profesionales-para-el"},{"key":"50","unstructured":"Hern\u00e1ndez Sampieri, R., Fern\u00e1ndez Collado, C. & Baptista Lucio, Pilar (2014). Metodolog\u00eda de la investigaci\u00f3n. 6. M\u00e9xico: McGraw \u2013 Hill."},{"key":"51","unstructured":"Herrera, R., Guti\u00e9rrez. (2011). Conocimiento, innovaci\u00f3n y desarrollo. Impresi\u00f3n gr\u00e1fica del Este."},{"key":"52","unstructured":"OECD. (2005). Manual de Oslo: gu\u00eda para la recogida e interpretaci\u00f3n de datos sobre innovaci\u00f3n. 3a. Ed. El autor."},{"key":"53","unstructured":"Perrach\u00f3n, J. (2004). Siembra directa. Revista del plan agropecuario. pp. 54-57.Recuperado de http:\/\/www.planagropecuario.org.uy\/publicaciones\/revista\/R110\/R110_54.pdf"},{"key":"54","unstructured":"Ram\u00edrez Morales, I., Ruilova Reyes, B. & Garz\u00f3n Montealegre, J. (2015). Innovaci\u00f3n tecnol\u00f3gica en el sector agropecuario. Universidad T\u00e9cnica de Machala.Recuperado de http:\/\/repositorio.utmachala.edu.ec\/bitstream\/48000\/6848\/1\/84%20INNOVACION%20TECNOLOGICA%20EN%20EL%20SECTOR%20AGROPECUARIO.pdf"},{"key":"55","unstructured":"Ramos Castrej\u00f3n, W.D. (2014). Potencialidades de los corredores econ\u00f3micos para el desarrollo sostenible de la Regi\u00f3n Cajamarca (Trabajo de grado). Per\u00fa: Universidad Nacional de Cajamarca. Recuperado de https:\/\/repositorio.unc.edu.pe\/handle\/UNC\/288"},{"key":"56","unstructured":"S\u00e1nchez, J. (2010). Plagas de cultivo del ma\u00edz y estrategias de control agroecol\u00f3gico (Trabajo de grado). M\u00e9xico: Universidad Autn\u00f3noma Agraria \u201cAntonio Narro\u201d Unidad Laguna. Recuperado de http:\/\/repositorio.uaaan.mx:8080\/xmlui\/bitstream\/handle\/123456789\/2427\/JAIME%20S%-C3%81NCHEZ%20ANTONIO.pdf?isAllowed=y&sequence=1"},{"key":"57","unstructured":"Trigo, E. Mateo, N. & Falconi, C. (2013). Innovaci\u00f3n Agropecuaria en Am\u00e9rica latina Latina y el Caribe: Escenarios y Mecanismos Institucionales. Banco Interamericano de Desarrollo. Recuperado de https:\/\/mba.americaeconomia.com\/sites\/mba.americaeconomia.com\/files\/innovacion_agropecuaria_en_america_latina_y_el_caribe_.pdf"}],"container-title":["Administraci\u00f3n y Desarrollo"],"link":[{"URL":"https:\/\/revistas.esap.edu.co\/index.php\/admindesarro\/article\/download\/521\/481","content-type":"application\/pdf","content-version":"vor","intended-application":"text-mining"},{"URL":"https:\/\/revistas.esap.edu.co\/index.php\/admindesarro\/article\/download\/521\/481","content-type":"unspecified","content-version":"vor","intended-application":"similarity-checking"}],"deposited":{"date-parts":[[2021,11,7]],"date-time":"2021-11-07T20:53:07Z","timestamp":1636318387000},"score":0.0,"resource":{"primary":{"URL":"https:\/\/revistas.esap.edu.co\/index.php\/admindesarro\/article\/view\/521"}},"issued":{"date-parts":[[2020,12,31]]},"references-count":16,"journal-issue":{"issue":"2","published-online":{"date-parts":[[2020,12,31]]}},"URL":"https:\/\/doi.org\/10.22431\/25005227.vol50n2.3","ISSN":["2500-5227","0120-3754"],"issn-type":[{"value":"2500-5227","type":"electronic"},{"value":"0120-3754","type":"print"}],"published":{"date-parts":[[2020,12,31]]}},{"indexed":{"date-parts":[[2025,12,31]],"date-time":"2025-12-31T20:29:12Z","timestamp":1767212952769,"version":"3.48.0"},"reference-count":0,"publisher":"Escuela Superior de Administracion Publica","issue":"64","license":[{"start":{"date-parts":[[2011,12,15]],"date-time":"2011-12-15T00:00:00Z","timestamp":1323907200000},"content-version":"unspecified","delay-in-days":0,"URL":"http:\/\/creativecommons.org\/licenses\/by-nc-nd\/4.0"}],"content-domain":{"domain":[],"crossmark-restriction":false},"short-container-title":["Nova vetera"],"abstract":"<jats:p>El presente art\u00edculo aborda el estudio de las l\u00edneas maestras de la Directiva 2011\/36\/UE, relativa a la lucha contra la trata de seres humanos en la Uni\u00f3n Europea, analiz\u00e1ndola, desde una perspectiva exeg\u00e9tica y cr\u00edtica.<\/jats:p>","DOI":"10.22431\/25005103.179","type":"journal-article","created":{"date-parts":[[2017,7,5]],"date-time":"2017-07-05T15:34:05Z","timestamp":1499268845000},"page":"211-226","source":"Crossref","is-referenced-by-count":4,"title":["La directiva 2011\/36\/UE, relativa a la prevenci\u00f3n y lucha contra la trata de seres humanos y la protecci\u00f3n de las v\u00edctimas: an\u00e1lisis y cr\u00edtica"],"prefix":"10.22431","volume":"20","author":[{"given":"Dulce Maria","family":"Santana Vega","sequence":"first","affiliation":[],"role":[{"role":"author","vocabulary":"crossref"}]}],"member":"9723","published-online":{"date-parts":[[2011,12,15]]},"container-title":["Nova et Vetera"],"link":[{"URL":"https:\/\/revistas.esap.edu.co\/index.php\/novaetvetera\/article\/download\/179\/pdf","content-type":"application\/pdf","content-version":"vor","intended-application":"text-mining"},{"URL":"https:\/\/revistas.esap.edu.co\/index.php\/novaetvetera\/article\/download\/179\/pdf","content-type":"unspecified","content-version":"vor","intended-application":"similarity-checking"}],"deposited":{"date-parts":[[2025,12,31]],"date-time":"2025-12-31T20:24:38Z","timestamp":1767212678000},"score":0.0,"resource":{"primary":{"URL":"https:\/\/revistas.esap.edu.co\/index.php\/novaetvetera\/article\/view\/179"}},"issued":{"date-parts":[[2011,12,15]]},"references-count":0,"journal-issue":{"issue":"64","published-online":{"date-parts":[[2011,12,15]]}},"URL":"https:\/\/doi.org\/10.22431\/25005103.179","ISSN":["2500-5103","0123-2614"],"issn-type":[{"type":"electronic","value":"2500-5103"},{"type":"print","value":"0123-2614"}],"published":{"date-parts":[[2011,12,15]]}},{"indexed":{"date-parts":[[2025,12,31]],"date-time":"2025-12-31T20:11:11Z","timestamp":1767211871559},"reference-count":25,"publisher":"Escuela Superior de Administracion Publica","issue":"2","license":[{"start":{"date-parts":[[2020,12,31]],"date-time":"2020-12-31T00:00:00Z","timestamp":1609372800000},"content-version":"unspecified","delay-in-days":0,"URL":"http:\/\/creativecommons.org\/licenses\/by-nc-nd\/4.0"}],"content-domain":{"domain":[],"crossmark-restriction":false},"short-container-title":["Adm. Desarro."],"abstract":"<jats:p>En este documento se brindan unas nociones clave asociadas al gobierno abierto y los datos abiertos, de sus principios y valores como medios para avanzar hacia una mejor gobernanza p\u00fablica. Ello a fin de identificar las estrategias e iniciativas que se pueden llevar a la pr\u00e1ctica para avanzar, desde el gobierno abierto, hacia un mejor acceso y una mejor administraci\u00f3n de la justicia en materia de prevenci\u00f3n y lucha contra la violencia hacia las mujeres. En este documento conceptual una parte discurre en c\u00f3mo estas medidas encajan con los Objetivos de Desarrollo Sostenible (ODS). Se abordanen un segundo momentolas nociones de acceso a la justicia, justicia abierta, y se identifican algunos casos de \u00e9xito en el uso de datos abiertos para impulsar estas agendas, deteni\u00e9ndonos en la referencia al caso espa\u00f1ol.<\/jats:p>","DOI":"10.22431\/25005227.vol50n2.2","type":"journal-article","created":{"date-parts":[[2021,11,7]],"date-time":"2021-11-07T20:52:27Z","timestamp":1636318347000},"page":"19-45","source":"Crossref","is-referenced-by-count":3,"title":["Datos abiertos y justicia abierta para combatir la violencia contra las mujeres: algunas reflexiones e ideas con referencia al caso de Espa\u00f1a"],"prefix":"10.22431","volume":"50","author":[{"given":"C\u00e9sar Nicandro","family":"Cruz-Rubio","sequence":"first","affiliation":[],"role":[{"role":"author","vocabulary":"crossref"}]}],"member":"9723","published-online":{"date-parts":[[2020,12,31]]},"reference":[{"key":"17","unstructured":"Aguilar Villanueva, L. F. (2006). Goberrnanza y gesti\u00f3n p\u00fablica. M\u00e9xico: Fondo de Cultura Econ\u00f3mica."},{"key":"18","unstructured":"AppFem. (2020). AppFem. Recuperado de https:\/\/appfem.org\/"},{"key":"19","unstructured":"Carnicer D\u00edez, C. (s.f.). El Acceso a la Justicia en Espa\u00f1a. Instituci\u00f3n Fernando el Cat\u00f3lico. Recuperado de https:\/\/ifc.dpz.es\/recursos\/publicaciones\/29\/19\/11carnicer.pdf"},{"key":"20","unstructured":"Civio. (s.f.). Donde van mis impuestos. Recuperado de https:\/\/dondevanmisimpuestos.es\/"},{"key":"21","unstructured":"Cruz-Rubio, C. N. (marzo-agosto de 2015). \u00bfQu\u00e9 es (y qu\u00e9 no es) gobierno abierto?: una discusi\u00f3n conceptual. Eunomia(8). Recuperado de https:\/\/e-revistas.uc3m.es\/index.php\/EUNOM\/article\/view\/2475"},{"key":"22","unstructured":"Data2x. (2019). Data Breaks the Silence on Violence Against Women: A Case Study of Vietnam.Recuperado de https:\/\/data2x.org\/wp-content\/uploads\/2020\/02\/Impact-Case-Studies-Vietnam-4P.pdf"},{"key":"23","unstructured":"Gobierno de Espa\u00f1a. (2016). III Plan de Acci\u00f3n en Gobierno Abierto. Madrid. Recuperado de https:\/\/transparencia.gob.es\/transparencia\/transparencia_Home\/index\/Gobierno-abierto\/iiiPlanAccion.html"},{"key":"24","unstructured":"Gobierno de la Ciudad de M\u00e9xico. (s.f.). Aplicaci\u00f3n Mi Polic\u00eda. Recuperadode https:\/\/www.ssc.cdmx.gob.mx\/ciudadania\/mi-policia"},{"key":"25","unstructured":"GoodSam. (s.f.). GoodSam. Recuperado de https:\/\/www.goodsamapp.org\/"},{"key":"26","unstructured":"ICDR. (2019). The State of Open Data: Histories and Horizons.African Minds, IDRC-CRDI. Recuperado de https:\/\/www.idrc.ca\/en\/book\/state-open-data-histories-and-horizons"},{"key":"27","unstructured":"Iniciativa Aporta. (2019). C\u00f3mo los datos abiertos pueden impulsar el sector agr\u00edcola forestal. Madrid: Red.es. Recuperado de https:\/\/datos.gob.es\/sites\/default\/files\/doc\/file\/como_los_datos_abiertos_pueden_impulsar_el_sector_agricola_y_forestal_0.pdf"},{"key":"28","unstructured":"Iniciativa Barcelona Open Data. (2016). Datos X violencia X mujeres. Recuperado de https:\/\/www.datosviolenciamujeres.es\/"},{"key":"29","unstructured":"JL Carmona Abogados. (2018). \u00bfEn qu\u00e9 consiste, y qu\u00e9 comprende el derecho a la tutela judicial efectiva?"},{"key":"30","unstructured":"Ministerio de Igualdad. (2019). Macroencuesta de Violencia contra la Mujer. Madrid: Ministerio de Igualdad. Delegaci\u00f3n del Gobierno contra la Violencia de G\u00e9nero. Recuperado de https:\/\/violenciagenero.igualdad.gob.es\/violenciaEnCifras\/macroencuesta2015\/Macroencuesta2019\/home.htm"},{"key":"31","unstructured":"Ministerio del Interior. (2020). Sistema Viog\u00e9n. Recuperado de http:\/\/www.interior.gob.es\/web\/servicios-al-ciudadano\/violencia-contra-la-mujer\/sistema-viogen"},{"key":"32","unstructured":"Mu\u00f1oz Concen, E., Salazar-Guzm\u00e1n, J. N., & Aranda, A. R. (2020). La georreferenciaci\u00f3n para el dise\u00f1o y evaluaci\u00f3n de pol\u00edticas p\u00fablicas. \u00cdndice. Recuperado de http:\/\/www.revistaindice.com\/numero76\/p32.pdf"},{"key":"33","unstructured":"Observatorio Contra la Violencia Dom\u00e9stica y de G\u00e9nero - CGPJ. (2019). Informe anual sobre violencia de g\u00e9nero. Madrid."},{"key":"34","unstructured":"OGP Open Government Partnership. (2018). Gu\u00eda de Gobierno Abierto para Escepticos. Washigton: OGP. Recuperado de https:\/\/www.opengovpartnership.org\/wp-content\/uploads\/2019\/01\/SKEPTICS-GUIDE_20180710_ES.pdf"},{"key":"35","unstructured":"OGP Open Government Partnership. (2019). Acceso a la Justicia. Informe global. Alianza para el Gobierno Abierto. Washington: Open Government Partnership. Recuperado de https:\/\/www.opengovpartnership.org\/wp-content\/uploads\/2019\/09\/Acceso-a-la-Justicia.pdf"},{"key":"36","unstructured":"OGP Open Government Partnership. (2020). Open Justice. Global Report. Open Government Partnership. Washigton: Open Government Partnership. Recuperado de https:\/\/www.opengovpartnership.org\/wp-content\/uploads\/2020\/10\/Open-Justice_Justice-II_20201214.pdf"},{"key":"37","unstructured":"OKFN. (n.f.). Open data Handbook. Manual de Datos abiertos. OKFN. Recuperado de https:\/\/opendatahandbook.org\/guide\/es\/"},{"key":"38","unstructured":"ONU. (2016). Objetivos de Desarrollo Sostenible."},{"key":"39","unstructured":"Open Data Charter. (2019). Open Data Charter. Recuperado de https:\/\/opendatacharter.net\/"},{"key":"40","unstructured":"UN Women. (2019). Justice for Women: High Level Group Report.Recuperado de https:\/\/asiapacific.unwomen.org\/-\/media\/field%20office%20eseasia\/docs\/publications\/2019\/04\/ap-justice-for-women.pdf?la=en&vs=1807"},{"key":"41","unstructured":"World Bank Group. (2017). World Bank Support for Open Data 2012-2017. Washington, DC: World Bank. Recuperado de https:\/\/openknowledge.worldbank.org\/handle\/10986\/28616"}],"container-title":["Administraci\u00f3n y Desarrollo"],"link":[{"URL":"https:\/\/revistas.esap.edu.co\/index.php\/admindesarro\/article\/download\/520\/480","content-type":"application\/pdf","content-version":"vor","intended-application":"text-mining"},{"URL":"https:\/\/revistas.esap.edu.co\/index.php\/admindesarro\/article\/download\/520\/480","content-type":"unspecified","content-version":"vor","intended-application":"similarity-checking"}],"deposited":{"date-parts":[[2021,11,7]],"date-time":"2021-11-07T20:53:18Z","timestamp":1636318398000},"score":0.0,"resource":{"primary":{"URL":"https:\/\/revistas.esap.edu.co\/index.php\/admindesarro\/article\/view\/520"}},"issued":{"date-parts":[[2020,12,31]]},"references-count":25,"journal-issue":{"issue":"2","published-online":{"date-parts":[[2020,12,31]]}},"URL":"https:\/\/doi.org\/10.22431\/25005227.vol50n2.2","ISSN":["2500-5227","0120-3754"],"issn-type":[{"value":"2500-5227","type":"electronic"},{"value":"0120-3754","type":"print"}],"published":{"date-parts":[[2020,12,31]]}},{"indexed":{"date-parts":[[2025,12,5]],"date-time":"2025-12-05T20:45:57Z","timestamp":1764967557668,"version":"3.46.0"},"reference-count":0,"publisher":"Escuela Superior de Administracion Publica","issue":"2","license":[{"start":{"date-parts":[[2017,12,11]],"date-time":"2017-12-11T00:00:00Z","timestamp":1512950400000},"content-version":"unspecified","delay-in-days":0,"URL":"https:\/\/creativecommons.org\/licenses\/by-nc-sa\/4.0"}],"content-domain":{"domain":[],"crossmark-restriction":false},"short-container-title":["Adm. Desarro."],"abstract":"<jats:p>La agroindustria es un rengl\u00f3n con gran potencial, y un gran n\u00famero de empresas de este sector son mipymes, que por sus caracter\u00edsticas y tipo de organizaci\u00f3n presentan dificultades en la comercializaci\u00f3n y el acceso a los mercados, debido a que son administradas por los mismos propietarios, quienes no tienen conocimiento para desarrollar estrategias adecuadas de marketing. El marketing digital se presenta como una alternativa para mejorar el desempe\u00f1o y la efectividad de estas actividades. Sobre esta premisa se enfoca la investigaci\u00f3n, que busca conocer los aspectos a tener en cuenta en la implementaci\u00f3n de estrategias de marketing digital en una mipyme agroindustrial, identificar las herramientas online apropiadas para este tipo de empresa. Se analizaron las p\u00e1ginas web y tiendas online de empresas agroindustriales. Con esta informaci\u00f3n se dise\u00f1\u00f3 la p\u00e1gina web, la tienda virtual y la campa\u00f1a de marketing digital para la empresa Lauvid SAS, en este proceso se hizo seguimiento y medici\u00f3n del impacto en la obtenci\u00f3n de prospectos y en la venta.\u00a0<\/jats:p>","DOI":"10.22431\/25005227.364","type":"journal-article","created":{"date-parts":[[2017,12,12]],"date-time":"2017-12-12T15:13:01Z","timestamp":1513091581000},"page":"184-193","source":"Crossref","is-referenced-by-count":1,"title":["Elementos para el desarrollo de una estrategia de marketing digital que permita mejorar la gesti\u00f3n de marketing en empresas agroindustriales en el departamento del Cauca"],"prefix":"10.22431","volume":"47","author":[{"ORCID":"https:\/\/orcid.org\/0000-0003-1150-4792","authenticated-orcid":false,"given":"Adriana","family":"Diago ortiz","sequence":"first","affiliation":[],"role":[{"role":"author","vocabulary":"crossref"}]},{"given":"Melissa","family":"Mart\u00ednez Tobar","sequence":"additional","affiliation":[],"role":[{"role":"author","vocabulary":"crossref"}]}],"member":"9723","published-online":{"date-parts":[[2017,12,11]]},"container-title":["Administraci\u00f3n &amp; Desarrollo"],"link":[{"URL":"https:\/\/revistas.esap.edu.co\/index.php\/admindesarro\/article\/download\/364\/pdf","content-type":"application\/pdf","content-version":"vor","intended-application":"text-mining"},{"URL":"https:\/\/revistas.esap.edu.co\/index.php\/admindesarro\/article\/download\/364\/pdf","content-type":"unspecified","content-version":"vor","intended-application":"similarity-checking"}],"deposited":{"date-parts":[[2025,12,5]],"date-time":"2025-12-05T20:36:39Z","timestamp":1764966999000},"score":0.0,"resource":{"primary":{"URL":"https:\/\/revistas.esap.edu.co\/index.php\/admindesarro\/article\/view\/364"}},"issued":{"date-parts":[[2017,12,11]]},"references-count":0,"journal-issue":{"issue":"2","published-online":{"date-parts":[[2017,12,11]]}},"URL":"https:\/\/doi.org\/10.22431\/25005227.364","ISSN":["2500-5227","0120-3754"],"issn-type":[{"type":"electronic","value":"2500-5227"},{"type":"print","value":"0120-3754"}],"published":{"date-parts":[[2017,12,11]]}},{"indexed":{"date-parts":[[2025,11,6]],"date-time":"2025-11-06T16:35:52Z","timestamp":1762446952292,"version":"build-2065373602"},"reference-count":0,"publisher":"Escuela Superior de Administracion Publica","issue":"53","license":[{"start":{"date-parts":[[2011,6,1]],"date-time":"2011-06-01T00:00:00Z","timestamp":1306886400000},"content-version":"unspecified","delay-in-days":0,"URL":"http:\/\/creativecommons.org\/licenses\/by-nc-nd\/4.0"}],"content-domain":{"domain":[],"crossmark-restriction":false},"short-container-title":["Adm. Desarro."],"abstract":"<jats:p>This article has three parts. The first deals with the role of administrative doctrine in configuring administration knowledge, the second lists administrative innovation processes (constructing chains of arguments) and the third details the forms of administration knowledge occasionally emerging from the formalisation and institutionalisation of administrative arguments.<\/jats:p>","DOI":"10.22431\/25005227.150","type":"journal-article","created":{"date-parts":[[2017,7,5]],"date-time":"2017-07-05T12:06:06Z","timestamp":1499256366000},"page":"109-122","source":"Crossref","is-referenced-by-count":0,"title":["La configuraci\u00f3n del saber administrativo p\u00fablico. Un an\u00e1lisis desde el rol de las doctrinas en la argumentaci\u00f3n administrativa","Configuring public administration knowledge: an analysis from the standpoint of doctrine in administrative argument"],"prefix":"10.22431","volume":"39","author":[{"given":"Edwin Manuel","family":"Tapia Gongora","sequence":"first","affiliation":[],"role":[{"role":"author","vocabulary":"crossref"}]}],"member":"9723","published-online":{"date-parts":[[2011,6,1]]},"container-title":["Administraci\u00f3n &amp; Desarrollo"],"link":[{"URL":"https:\/\/revistas.esap.edu.co\/index.php\/admindesarro\/article\/download\/150\/pdf","content-type":"application\/pdf","content-version":"vor","intended-application":"text-mining"},{"URL":"https:\/\/revistas.esap.edu.co\/index.php\/admindesarro\/article\/download\/150\/pdf","content-type":"unspecified","content-version":"vor","intended-application":"similarity-checking"}],"deposited":{"date-parts":[[2025,11,6]],"date-time":"2025-11-06T16:34:10Z","timestamp":1762446850000},"score":0.0,"resource":{"primary":{"URL":"https:\/\/revistas.esap.edu.co\/index.php\/admindesarro\/article\/view\/150"}},"issued":{"date-parts":[[2011,6,1]]},"references-count":0,"journal-issue":{"issue":"53","published-online":{"date-parts":[[2011,6,1]]}},"URL":"https:\/\/doi.org\/10.22431\/25005227.150","ISSN":["2500-5227","0120-3754"],"issn-type":[{"type":"electronic","value":"2500-5227"},{"type":"print","value":"0120-3754"}],"published":{"date-parts":[[2011,6,1]]}},{"indexed":{"date-parts":[[2026,2,13]],"date-time":"2026-02-13T20:18:17Z","timestamp":1771013897523,"version":"3.50.1"},"reference-count":0,"publisher":"Escuela Superior de Administracion Publica","issue":"2","license":[{"start":{"date-parts":[[2017,12,11]],"date-time":"2017-12-11T00:00:00Z","timestamp":1512950400000},"content-version":"unspecified","delay-in-days":0,"URL":"http:\/\/creativecommons.org\/licenses\/by-nc-nd\/4.0"}],"content-domain":{"domain":[],"crossmark-restriction":false},"short-container-title":["Adm. Desarro."],"abstract":"<jats:p>En el presente art\u00edculo se hace un an\u00e1lisis de los ingresos tributarios de los municipios colombianos, a la luz del proceso de descentralizaci\u00f3n que se ha venido llevando a cabo en el pa\u00eds durante las tres \u00faltimas d\u00e9cadas. Para este prop\u00f3sito se hace un an\u00e1lisis cuantitativo de los 116 municipios que conforman el departamento de Cundinamarca, de los montos recaudados de manera agregada y por los principales impuestos, predial, industria y comercio y sobretasa a la gasolina, entre otros. El an\u00e1lisis se hace teniendo en cuenta los grupos y categor\u00edas establecidos para clasificarlos de acuerdo con los criterios de ingresos, poblaci\u00f3n y \u00faltimamente, por importancia econ\u00f3mica. Se hizo un seguimiento a las principales normas que sobre descentralizaci\u00f3n se han expedido en el pa\u00eds, relacionadas con los ingresos dentro del contexto de la autonom\u00eda fiscal.<\/jats:p>","DOI":"10.22431\/25005227.365","type":"journal-article","created":{"date-parts":[[2017,12,12]],"date-time":"2017-12-12T15:13:01Z","timestamp":1513091581000},"page":"70-91","source":"Crossref","is-referenced-by-count":1,"title":["Desigualdades recaudatorias municipales en Colombia - estudio de caso Cundinamarca"],"prefix":"10.22431","volume":"47","author":[{"given":"Maria Mayerly","family":"Oliva Pedreros Pinzon","sequence":"first","affiliation":[],"role":[{"role":"author","vocabulary":"crossref"}]}],"member":"9723","published-online":{"date-parts":[[2017,12,11]]},"container-title":["Administraci\u00f3n &amp; Desarrollo"],"link":[{"URL":"https:\/\/revistas.esap.edu.co\/index.php\/admindesarro\/article\/download\/365\/pdf","content-type":"application\/pdf","content-version":"vor","intended-application":"text-mining"},{"URL":"https:\/\/revistas.esap.edu.co\/index.php\/admindesarro\/article\/download\/365\/pdf","content-type":"unspecified","content-version":"vor","intended-application":"similarity-checking"}],"deposited":{"date-parts":[[2025,11,6]],"date-time":"2025-11-06T16:34:20Z","timestamp":1762446860000},"score":0.0,"resource":{"primary":{"URL":"https:\/\/revistas.esap.edu.co\/index.php\/admindesarro\/article\/view\/365"}},"issued":{"date-parts":[[2017,12,11]]},"references-count":0,"journal-issue":{"issue":"2","published-online":{"date-parts":[[2017,12,11]]}},"URL":"https:\/\/doi.org\/10.22431\/25005227.365","ISSN":["2500-5227","0120-3754"],"issn-type":[{"value":"2500-5227","type":"electronic"},{"value":"0120-3754","type":"print"}],"published":{"date-parts":[[2017,12,11]]}},{"indexed":{"date-parts":[[2025,12,31]],"date-time":"2025-12-31T20:05:48Z","timestamp":1767211548064,"version":"3.48.0"},"reference-count":43,"publisher":"Escuela Superior de Administracion Publica","issue":"1","license":[{"start":{"date-parts":[[2022,6,30]],"date-time":"2022-06-30T00:00:00Z","timestamp":1656547200000},"content-version":"unspecified","delay-in-days":0,"URL":"https:\/\/creativecommons.org\/licenses\/by-nc-sa\/4.0"}],"content-domain":{"domain":[],"crossmark-restriction":false},"short-container-title":["Adm. Desarro."],"abstract":"<jats:p>The article presents an additional product of the results of the research entitled Incidence of motivation in the performance of public employees in Colombia, a study in which the implications of the lack of motivation of public employees are analyzed and deficiencies of positive values are identified. in employees of the sector; hinting at a professional training proposal based on the public employee motivation theory proposed by James Perry (1996). The methodology used in the study allowed an analysis of variables such as motivation and performance, with the result that public employees in Colombia are not sufficiently motivated, a situation associated with the fact that the motivation strategies promoted by the State do not take into account the intrinsic factors (values) that motivate public servants, a phenomenon that generates serious consequences for the Public Administration and Colombian society.<\/jats:p>","DOI":"10.22431\/25005227.vol52n1.8","type":"journal-article","created":{"date-parts":[[2022,12,8]],"date-time":"2022-12-08T07:30:35Z","timestamp":1670484635000},"page":"127-142","source":"Crossref","is-referenced-by-count":0,"title":["Implicaciones de la falta de motivaci\u00f3n del empleado p\u00fablico en su desempe\u00f1o","Implications of the lack of motivation of public employees in their performance"],"prefix":"10.22431","volume":"52","author":[{"ORCID":"https:\/\/orcid.org\/0000-0002-1157-5729","authenticated-orcid":false,"given":"Augusto","family":"\u00c1lvarez Collazos","sequence":"first","affiliation":[],"role":[{"role":"author","vocabulary":"crossref"}]},{"given":"Diana","family":"S\u00e1nchez Rinc\u00f3n","sequence":"additional","affiliation":[],"role":[{"role":"author","vocabulary":"crossref"}]}],"member":"9723","published-online":{"date-parts":[[2022,6,30]]},"reference":[{"key":"6053","doi-asserted-by":"crossref","unstructured":"Adams, J. (1965). Inequity in social exchange. In Advances in experimental social psychology (pp. 267-299). Academic Press.","DOI":"10.1016\/S0065-2601(08)60108-2"},{"key":"6054","doi-asserted-by":"crossref","unstructured":"Aldelfer, C. (1969). An Empirical test of a New of human Needs. Organizacional Behavior and Human Performance, 4(2), 142-175.","DOI":"10.1016\/0030-5073(69)90004-X"},{"key":"6055","unstructured":"\u00c1lvarez, C. (2016). Propuesta de un modelo de gesti\u00f3n para los empleados de carrera del sector funci\u00f3n p\u00fablica, basado en factores de motivaci\u00f3n, que permitan mejorar el desempe\u00f1o de las entidades del sector [Tesis doctoral]. Universidad EAN."},{"key":"6056","unstructured":"Asamblea Nacional Constituyente. (1991). Constituci\u00f3n Pol\u00edtica de Colombia. Gaceta Constitucional 116 de julio 20 de 1991."},{"key":"6057","unstructured":"Benavides, A. (2019). Fiscal\u00eda intentar\u00e1 acusar por terceravez a Carlos Palacino por su responsabilidadenloscobrosirregulares delcaso Saludcoop. https:\/\/www.asuntoslegales.com.co\/actualidad\/fiscalia-intentara-acusar-por-tercera-vez-a-carlos-palacino-por-su-responsabilidad-en-los-cobros-irregulares-del-caso-saludcoop-2890318."},{"key":"6058","unstructured":"Cardona, L. (2016). Corrupci\u00f3n sin remedios. https:\/\/transparencia.org.ve\/project\/corrupcion-sin-remedios\/"},{"key":"6059","unstructured":"Cepeda. (1994). Las causas de la corrupci\u00f3n."},{"key":"6060","unstructured":"Congreso de la Rep\u00fablica. (2004). Ley 909 por la cual se expiden normas que regulan el empleo p\u00fablico, la carrera administrativa, gerencia p\u00fablica y se dictan otras disposiciones. 23"},{"key":"6061","doi-asserted-by":"crossref","unstructured":"C\u00f3rdova, J. y Ponce, A. (2017). Los tipos de corrupci\u00f3n y la satisfacci\u00f3n con los servicios p\u00fablicos. Evidencia del caso mexicano. Regi\u00f3n y Sociedad, 29(70), 231-262.","DOI":"10.22198\/rys.2017.70.a344"},{"key":"6062","unstructured":"Departamento Administrativo de la Funci\u00f3n P\u00fablica. DAFP. (2018). Gu\u00eda de est\u00edmulos para los servidores p\u00fablicos. DAFP."},{"key":"6063","unstructured":"Departamento Nacional de Planeaci\u00f3n. DNP. (2018). Encuesta Nacional de Percepci\u00f3n Ciudadana. DNP. https:\/\/www.dnp.gov.co\/programa-nacional-del-servicio-al-ciudadano\/Paginas\/Encuesta-de-Percepci%C3%B3n-Ciudadana-.aspx."},{"key":"6064","unstructured":"D\u00edaz, C. (2019). Lo que faltaba: multimillonario robo de Reflcar en Colombia quedar\u00eda impune. https:\/\/www.pulzo.com\/economia\/proceso-contra-millonario-robo-reficar-podria-quedar-impune-PP693761."},{"key":"6065","unstructured":"Especiales Dinero. (2018). As\u00ed se reparti\u00f3 la torta en el mayor caso de corrupci\u00f3n de Am\u00e9rica Latina. http:\/\/especiales.dinero.com\/odebrecht\/index.html."},{"key":"6066","unstructured":"Fayol, H. (1916). Administration industrielle et G\u00e9n\u00e9rale. Dunod."},{"key":"6067","unstructured":"Gil, D. (2020). Motivaci\u00f3n y desempe\u00f1o laboral del personal del ministerio p\u00fablico de Cajabamba, 2020 [Tesis de Maestr\u00eda]. Universidad de San Mart\u00edn de Porres."},{"key":"6068","unstructured":"Gonz\u00e1lez, A. (2018). Esc\u00e1ndalos de corrupci\u00f3n que han indignado a los colombianos. El Tiempo. https:\/\/www.eltiempo.com\/justicia\/delitos\/casos-de-corrupcion-mas-sonados-en-colombia-82678."},{"key":"6069","doi-asserted-by":"crossref","unstructured":"Henao, J. e Isaza, C. (2018). Corrupci\u00f3n en Colombia. Universidad Externado de Colombia.","DOI":"10.2307\/jj.13944114"},{"key":"6070","doi-asserted-by":"crossref","unstructured":"Heider, F. (1958). The psychology of interpersonal relations. Lawrence Eribaum Associates.","DOI":"10.1037\/10628-000"},{"key":"6071","unstructured":"Herzberg, F., Mausber, B. and Snyderman, B. (1959). The motivation to work. Jhon Wiley & Sons Inc."},{"key":"6072","doi-asserted-by":"crossref","unstructured":"Kim, S. (2005). Individual-Level Factors and Organizational Performance in Government Organizations. Journal of Public Administration Research and Theory, 15(2), 245-261.","DOI":"10.1093\/jopart\/mui013"},{"key":"6073","unstructured":"Lall\u00e9e, N. (2016). Las claves del caso Petrobras. El Mundo. https:\/\/www.elmundo.es\/internacional\/2016\/03\/04\/56d97024e2704e1c758b4590.html"},{"key":"6074","unstructured":"Laporta, F. y \u00c1lvarez, S. (1997). La corrupci\u00f3n pol\u00edtica. Alianza."},{"key":"6075","doi-asserted-by":"crossref","unstructured":"Lawler, E. and Porter, L. (1967). The effect of performance on job satisfaction. Industrial Relations: A Journal of Economy and Society, 7(1), 20-28.","DOI":"10.1111\/j.1468-232X.1967.tb01060.x"},{"key":"6076","unstructured":"Locke, E. and Latham, G. (1968). A theory of goal setting and task performance. Prentice Hall."},{"key":"6077","doi-asserted-by":"crossref","unstructured":"Maslow, A. (1943). A theory of human motivation. Psychological Review, 50(4), 370-396.","DOI":"10.1037\/h0054346"},{"key":"6078","unstructured":"Mayo, E. (1933). The Human Problems Of An Industrial Civilization. Harvard University."},{"key":"6079","doi-asserted-by":"crossref","unstructured":"McClelland, D. (1961). The Achieving Society. The Free Press.","DOI":"10.1037\/14359-000"},{"key":"6080","unstructured":"McGregor, D. (1960). The human side of Enterprise. McGraw Hill."},{"key":"6081","unstructured":"Neff, M. (1986). Desarrollo a escala humana. Conceptos, aplicaciones y reflexiones. Icaria Editorial."},{"key":"6082","doi-asserted-by":"crossref","unstructured":"Perry, J. (1996). Measuring public service motivation: An assessment of construct reliability and validity. Journal of Public Administration Research and Theory, 6(1), 5-22.","DOI":"10.1093\/oxfordjournals.jpart.a024303"},{"key":"6083","doi-asserted-by":"crossref","unstructured":"Perry, J. and Porter, L. (1982). Factors affecting the context for motivation in public organizations. Academy of Management Review, 7(1), 89-98.","DOI":"10.2307\/257252"},{"key":"6084","doi-asserted-by":"crossref","unstructured":"Perry, J. and Wise, L. (1990). The motivational bases of Public Service. Public Administration Review, 367-373.","DOI":"10.2307\/976618"},{"key":"6085","unstructured":"Rodr\u00edguez, G. (2020). Carrusel de la contrataci\u00f3n: diez a\u00f1os del gran robo a Bogot\u00e1. https:\/\/www.eltiempo.com\/bogota\/carrusel-de-la-contratacion-diez-anos-del-gran-robo-a-bogota-549012"},{"key":"6086","unstructured":"Salas, A. y Garc\u00eda, G. (2018). \u00bfA qui\u00e9n conviene la corrupci\u00f3n en Am\u00e9rica Latina? CELAG."},{"key":"6087","unstructured":"Sanabria, P. (2015). Gesti\u00f3n estrat\u00e9gica del talento humano en el sector p\u00fablico: estado del arte, diagn\u00f3stico y recomendaciones para el caso colombiano. Uniandes."},{"key":"6088","unstructured":"S\u00e1nchez, J. (2020). Motivaci\u00f3n en el servicio p\u00fablico y su incidencia en el desempe\u00f1o laboral en el gobierno regional de puno, periodo 2017-2018 [Tesis de Maestr\u00eda]. Universidad Nacional del Altiplano."},{"key":"6089","unstructured":"Sornoza, D., Sornoza, G., Parrales, M. y Guaranda, V. (2020). Motivaci\u00f3n hacia el servicio p\u00fablico, un an\u00e1lisis de la literatura de China y Ecuador. Revista Espacios, 41(30), 180-188."},{"key":"6090","unstructured":"Skinner, B. (1938). The behavior of organisms: an experimental analysis. Appleton-Century."},{"key":"6091","unstructured":"Taylor, F. (1911). Principles of Sciences Management. American Society of Mechanical Engineers."},{"key":"6092","unstructured":"V\u00e1squez, L. (2018). Derechos humanos y corrupci\u00f3n en M\u00e9xico: una radiograf\u00eda. En C. Tablante y M. Morales (eds.), Impacto de la corrupci\u00f3n en los derechos humanos (pp. 141174). Instituto de Estudios Constitucionales del Estado de Quer\u00e9taro."},{"key":"6093","unstructured":"Villamar, D. (2019). Motivaci\u00f3n del servicio p\u00fablico: caracter\u00edsticas de estudiantes de posgrados de MAP en Ecuador [Trabajo de grado]. Escuela Superior Polit\u00e9cnica del Litoral."},{"key":"6094","unstructured":"Vroom, V. (1964). Work and motivation. New York Academic Press."},{"key":"6095","doi-asserted-by":"crossref","unstructured":"Wittmer, D. (1991). Serving the People or Serving for Pay: Reward Preferences among Government, Hybrid Sector, and Business Managers. Public Productivity & Management Review, 14(4), 369-383.","DOI":"10.2307\/3380953"}],"container-title":["Administraci\u00f3n &amp; Desarrollo"],"link":[{"URL":"https:\/\/revistas.esap.edu.co\/index.php\/admindesarro\/article\/download\/780\/631","content-type":"application\/pdf","content-version":"vor","intended-application":"text-mining"},{"URL":"https:\/\/revistas.esap.edu.co\/index.php\/admindesarro\/article\/download\/780\/746","content-type":"text\/xml","content-version":"vor","intended-application":"text-mining"},{"URL":"https:\/\/revistas.esap.edu.co\/index.php\/admindesarro\/article\/download\/780\/631","content-type":"unspecified","content-version":"vor","intended-application":"similarity-checking"}],"deposited":{"date-parts":[[2025,12,31]],"date-time":"2025-12-31T20:01:29Z","timestamp":1767211289000},"score":0.0,"resource":{"primary":{"URL":"https:\/\/revistas.esap.edu.co\/index.php\/admindesarro\/article\/view\/780"}},"issued":{"date-parts":[[2022,6,30]]},"references-count":43,"journal-issue":{"issue":"1","published-online":{"date-parts":[[2022,6,30]]}},"URL":"https:\/\/doi.org\/10.22431\/25005227.vol52n1.8","ISSN":["2500-5227","0120-3754"],"issn-type":[{"type":"electronic","value":"2500-5227"},{"type":"print","value":"0120-3754"}],"published":{"date-parts":[[2022,6,30]]}},{"indexed":{"date-parts":[[2025,11,6]],"date-time":"2025-11-06T16:36:38Z","timestamp":1762446998803,"version":"build-2065373602"},"reference-count":0,"publisher":"Escuela Superior de Administracion Publica","issue":"60","license":[{"start":{"date-parts":[[2014,12,20]],"date-time":"2014-12-20T00:00:00Z","timestamp":1419033600000},"content-version":"unspecified","delay-in-days":0,"URL":"http:\/\/creativecommons.org\/licenses\/by-nc-nd\/4.0"}],"content-domain":{"domain":[],"crossmark-restriction":false},"short-container-title":["Adm. Desarro."],"abstract":"<jats:p>By means of open government, official agencies are implementing strategies such as online government to recover legitimacy and improve the quality of public services, ensuring easy and effective participation of the citizens; however, these strategies appear to have a low impact due to restrictions of citizenship in using these new mechanisms. Hence the need to determine the possible limitations that reduce the impact of the implementation of the eGovernment strategy as a strategy for citizen participation. For this purpose, ten territorial entities in the department of Cundinamarca, which is implementing the strategy, were followed during the past two years. Preliminary results show that, despite the availability of interaction channels by the local administrations, public participation in local affairs is still precarious, showing the need for prior empowered citizens, especially when novel mechanisms involving higher levels of learning and understanding are used.<\/jats:p>","DOI":"10.22431\/25005227.86","type":"journal-article","created":{"date-parts":[[2017,7,5]],"date-time":"2017-07-05T12:06:06Z","timestamp":1499256366000},"page":"94-105","source":"Crossref","is-referenced-by-count":0,"title":["La estrategia de gobierno en l\u00ednea: \u00bfun mecanismo efectivo para la participaci\u00f3n ciudadana en la administraci\u00f3n de lo p\u00fablico?","The strategy of online government: an effective mechanism for citizen participation in governance?"],"prefix":"10.22431","volume":"44","author":[{"given":"Edgar Enrique","family":"Martinez","sequence":"first","affiliation":[],"role":[{"role":"author","vocabulary":"crossref"}]},{"given":"Harol David","family":"Pico","sequence":"additional","affiliation":[],"role":[{"role":"author","vocabulary":"crossref"}]}],"member":"9723","published-online":{"date-parts":[[2014,12,20]]},"container-title":["Administraci\u00f3n &amp; Desarrollo"],"link":[{"URL":"https:\/\/revistas.esap.edu.co\/index.php\/admindesarro\/article\/download\/86\/pdf","content-type":"application\/pdf","content-version":"vor","intended-application":"text-mining"},{"URL":"https:\/\/revistas.esap.edu.co\/index.php\/admindesarro\/article\/download\/86\/pdf","content-type":"unspecified","content-version":"vor","intended-application":"similarity-checking"}],"deposited":{"date-parts":[[2025,11,6]],"date-time":"2025-11-06T16:33:33Z","timestamp":1762446813000},"score":0.0,"resource":{"primary":{"URL":"https:\/\/revistas.esap.edu.co\/index.php\/admindesarro\/article\/view\/86"}},"issued":{"date-parts":[[2014,12,20]]},"references-count":0,"journal-issue":{"issue":"60","published-online":{"date-parts":[[2014,12,20]]}},"URL":"https:\/\/doi.org\/10.22431\/25005227.86","ISSN":["2500-5227","0120-3754"],"issn-type":[{"type":"electronic","value":"2500-5227"},{"type":"print","value":"0120-3754"}],"published":{"date-parts":[[2014,12,20]]}},{"indexed":{"date-parts":[[2025,11,6]],"date-time":"2025-11-06T16:37:57Z","timestamp":1762447077076,"version":"build-2065373602"},"reference-count":0,"publisher":"Escuela Superior de Administracion Publica","issue":"51","license":[{"start":{"date-parts":[[2009,6,29]],"date-time":"2009-06-29T00:00:00Z","timestamp":1246233600000},"content-version":"unspecified","delay-in-days":0,"URL":"http:\/\/creativecommons.org\/licenses\/by-nc-nd\/4.0"}],"content-domain":{"domain":[],"crossmark-restriction":false},"short-container-title":["Adm. Desarro."],"abstract":"<jats:p>La doctrina cercana a la cultura jur\u00eddica nacional ha venido ignorando, tal vez deliberadamente, las m\u00faltiples inconsistencias y contradicciones que encierra el dif\u00edcil asunto de la causalidad. No obstante, en otras ramas del saber jur\u00eddico han existido cambios fundamentales en su entendimiento. Por esta raz\u00f3n, surgen inquietantes dudas en torno al manejo te\u00f3rico que durante el \u00faltimo siglo se le dispens\u00f3 al asunto causal por parte de los civilistas y por ello es probable que la doctrina actual de la responsabilidad civil cabalgue sobre una figura et\u00e9rea que no termina por explicar satisfactoriamente las razones por las cuales debe tenerse la relaci\u00f3n causal como elemento suficiente o necesario para que se condene a una persona a indemnizar perjuicios.<\/jats:p>","DOI":"10.22431\/25005227.357","type":"journal-article","created":{"date-parts":[[2017,7,5]],"date-time":"2017-07-05T12:06:06Z","timestamp":1499256366000},"page":"161-174","source":"Crossref","is-referenced-by-count":0,"title":["La inoperante aplicaci\u00f3n del nexo de causalidad en la responsabilidad civil del Estado"],"prefix":"10.22431","volume":"37","author":[{"given":"Eric","family":"Leiva Ramirez","sequence":"first","affiliation":[],"role":[{"role":"author","vocabulary":"crossref"}]}],"member":"9723","published-online":{"date-parts":[[2009,6,29]]},"container-title":["Administraci\u00f3n &amp; Desarrollo"],"link":[{"URL":"https:\/\/revistas.esap.edu.co\/index.php\/admindesarro\/article\/download\/357\/pdf","content-type":"application\/pdf","content-version":"vor","intended-application":"text-mining"},{"URL":"https:\/\/revistas.esap.edu.co\/index.php\/admindesarro\/article\/download\/357\/pdf","content-type":"unspecified","content-version":"vor","intended-application":"similarity-checking"}],"deposited":{"date-parts":[[2025,11,6]],"date-time":"2025-11-06T16:34:18Z","timestamp":1762446858000},"score":0.0,"resource":{"primary":{"URL":"https:\/\/revistas.esap.edu.co\/index.php\/admindesarro\/article\/view\/357"}},"issued":{"date-parts":[[2009,6,29]]},"references-count":0,"journal-issue":{"issue":"51","published-online":{"date-parts":[[2009,6,29]]}},"URL":"https:\/\/doi.org\/10.22431\/25005227.357","ISSN":["2500-5227","0120-3754"],"issn-type":[{"type":"electronic","value":"2500-5227"},{"type":"print","value":"0120-3754"}],"published":{"date-parts":[[2009,6,29]]}},{"indexed":{"date-parts":[[2025,12,31]],"date-time":"2025-12-31T20:16:17Z","timestamp":1767212177679,"version":"3.48.0"},"reference-count":0,"publisher":"Escuela Superior de Administracion Publica","issue":"1","license":[{"start":{"date-parts":[[2017,6,30]],"date-time":"2017-06-30T00:00:00Z","timestamp":1498780800000},"content-version":"unspecified","delay-in-days":0,"URL":"http:\/\/creativecommons.org\/licenses\/by-nc-nd\/4.0"}],"content-domain":{"domain":[],"crossmark-restriction":false},"short-container-title":["Adm. Desarro."],"abstract":"<jats:p>Este art\u00edculo contribuye al desarrollo de propuestas de liderazgo local a trav\u00e9s del an\u00e1lisis de la implementaci\u00f3n del Control Interno en los gobiernos locales. El MECI es el resultado de la combinaci\u00f3n de lineamientos brindados por organizaciones internacionales, por lo que cabr\u00eda preguntarse cu\u00e1l ha sido la injerencia de esta herramienta en los municipios colombianos. El art\u00edculo se divide en tres partes. En la primera se comenta acerca de la importancia de la gobernabilidad, liderazgo y comunicaci\u00f3n para los gobiernos, as\u00ed como la conexi\u00f3n de la gobernabilidad con el Control Interno, desde la perspectiva de la concepci\u00f3n del concepto en Iberoam\u00e9rica y el Caribe. Finalmente, en la tercera parte se analiza de manera breve la implementaci\u00f3n del Control Interno en Colombia, el MECI y su incidencia en la gobernabilidad de dos municipios colombianos.<\/jats:p>","DOI":"10.22431\/25005227.58","type":"journal-article","created":{"date-parts":[[2017,8,28]],"date-time":"2017-08-28T10:00:28Z","timestamp":1503914428000},"page":"97-117","source":"Crossref","is-referenced-by-count":2,"title":["\u00bfLa implementaci\u00f3n del control interno fortalece la gobernabilidad en las alcald\u00edas municipales en Colombia?"],"prefix":"10.22431","volume":"47","author":[{"given":"Mijail Enrique","family":"Montiel Sandoval","sequence":"first","affiliation":[],"role":[{"role":"author","vocabulary":"crossref"}]},{"given":"Cristian Camilo","family":"Montiel Sandoval","sequence":"additional","affiliation":[],"role":[{"role":"author","vocabulary":"crossref"}]},{"given":"\u00d3scar Alexander","family":"Montiel Sandoval","sequence":"additional","affiliation":[],"role":[{"role":"author","vocabulary":"crossref"}]}],"member":"9723","published-online":{"date-parts":[[2017,6,30]]},"container-title":["Administraci\u00f3n &amp; Desarrollo"],"link":[{"URL":"https:\/\/revistas.esap.edu.co\/index.php\/admindesarro\/article\/download\/58\/pdf","content-type":"application\/pdf","content-version":"vor","intended-application":"text-mining"},{"URL":"https:\/\/revistas.esap.edu.co\/index.php\/admindesarro\/article\/download\/58\/pdf","content-type":"unspecified","content-version":"vor","intended-application":"similarity-checking"}],"deposited":{"date-parts":[[2025,12,31]],"date-time":"2025-12-31T20:12:45Z","timestamp":1767211965000},"score":0.0,"resource":{"primary":{"URL":"https:\/\/revistas.esap.edu.co\/index.php\/admindesarro\/article\/view\/58"}},"issued":{"date-parts":[[2017,6,30]]},"references-count":0,"journal-issue":{"issue":"1","published-online":{"date-parts":[[2017,6,30]]}},"URL":"https:\/\/doi.org\/10.22431\/25005227.58","ISSN":["2500-5227","0120-3754"],"issn-type":[{"type":"electronic","value":"2500-5227"},{"type":"print","value":"0120-3754"}],"published":{"date-parts":[[2017,6,30]]}},{"indexed":{"date-parts":[[2025,12,31]],"date-time":"2025-12-31T19:58:40Z","timestamp":1767211120985,"version":"3.48.0"},"reference-count":33,"publisher":"Escuela Superior de Administracion Publica","issue":"1","license":[{"start":{"date-parts":[[2023,6,23]],"date-time":"2023-06-23T00:00:00Z","timestamp":1687478400000},"content-version":"unspecified","delay-in-days":0,"URL":"https:\/\/creativecommons.org\/licenses\/by-nc-sa\/4.0"}],"content-domain":{"domain":[],"crossmark-restriction":false},"short-container-title":["Adm. Desarro."],"abstract":"<jats:p>This research article aims to analyze the effects of the adoption of IFRS in seven SMEs in Medell\u00edn, based on theories put forward by various authors. Methodologically, it implements a descriptive design, with a qualitative approach, where the population is equal to the size of the sample: seven SMEs from Medell\u00edn; using the interview, the logical summary as data collection technique and to analyze the information the documentary analysis, allowing to show that the different areas of the organizations presented changes in the processes; accounting accounts such as trade accounts receivable, inventories, deferred assets and property, plant and equipment were affected in their measurement and therefore presented impairment, as well as equity due to adjustments in results; Finally, the adoption of IFRS in the SMEs under study led to advantages and disadvantages in terms of financial information.<\/jats:p>","DOI":"10.22431\/25005227.vol53n1.7","type":"journal-article","created":{"date-parts":[[2023,6,23]],"date-time":"2023-06-23T13:35:40Z","timestamp":1687527340000},"page":"1-20","source":"Crossref","is-referenced-by-count":1,"title":["Efectos de la adopci\u00f3n de las NIIF en siete pymes de Medell\u00edn","Effects of the adoption of IFRS in seven SMEs in Medell\u00edn"],"prefix":"10.22431","volume":"53","author":[{"ORCID":"https:\/\/orcid.org\/0000-0002-8117-6782","authenticated-orcid":false,"given":"Jes\u00fas Daniel","family":"Rico Buitrago","sequence":"first","affiliation":[],"role":[{"role":"author","vocabulary":"crossref"}]},{"ORCID":"https:\/\/orcid.org\/0000-0001-6129-8662","authenticated-orcid":false,"given":"Carlos Hern\u00e1n","family":"Gonz\u00e1lez Parias","sequence":"additional","affiliation":[],"role":[{"role":"author","vocabulary":"crossref"}]},{"ORCID":"https:\/\/orcid.org\/0000-0002-4790-6489","authenticated-orcid":false,"given":"Diego Fernando","family":"Galvis Cata\u00f1o","sequence":"additional","affiliation":[],"role":[{"role":"author","vocabulary":"crossref"}]},{"ORCID":"https:\/\/orcid.org\/0000-0002-9722-2210","authenticated-orcid":false,"given":"Catalina","family":"C\u00e1rcamo Hern\u00e1ndez","sequence":"additional","affiliation":[],"role":[{"role":"author","vocabulary":"crossref"}]}],"member":"9723","published-online":{"date-parts":[[2023,6,23]]},"reference":[{"key":"7232","unstructured":"Baustista, M., Buitrago, C. y Vanegas, R. (2016). Razones por las que pa\u00edses como Chile y M\u00e9xico adoptaron NIIF plenas y\/o NIIF para PYMES y visualizaci\u00f3n en Colombia. Bogot\u00e1: Universidad Jorge Tadeo Lozano."},{"key":"7233","doi-asserted-by":"crossref","unstructured":"Botero, A., Marulanda, C., Mu\u00f1oz, L. y \u00c1lvarez, M. (2018). Proceso de implementaci\u00f3n de las NIIF en Colombia: un acercamiento a las autoridades de vigilancia definidas en la Ley 1314 de 2009. Contadur\u00eda, 131-162. https:\/\/doi.org\/10.17533\/udea.rc.n73a06","DOI":"10.17533\/udea.rc.n73a06"},{"key":"7234","unstructured":"Cando-Pilatasig, J. V., Cunuhay-Patango, L. O. Tualombo-Rea, M. A., y Toaquiza- Toapanta, S. M. (2020). Impacto de las NIC y las NIIF en los Estados Financieros. Revista Cient\u00edfica FIPCAEC (Fomento de la investigaci\u00f3n y publicaci\u00f3n cient\u00edfico-t\u00e9cnica multidisciplinaria). ISSN: 2588-090X. Polo de Capacitaci\u00f3n, Investigaci\u00f3n y Publicaci\u00f3n (POCAIP), 5(16), 328-340. https:\/\/fipcaec.com\/index.php\/fipcaec\/article\/view\/175"},{"key":"7235","unstructured":"Congreso de la Rep\u00fablica de Colombia (2021). Ley 1314 de 2009. http:\/\/www.secretariasenado.gov.co\/senado\/basedoc\/ley_1314_2009.html"},{"key":"7236","unstructured":"Delgado, G., Balan, B., Cardela, L. y Gallareta, C. (2019). Ventajas y efectos de la implementaci\u00f3n de las normas internacionales de informaci\u00f3n financiera para pymes. IV Congreso Virtual Internacional Desarrollo Econ\u00f3mico, Social y Empresarial en Iberoam\u00e9rica. https:\/\/www.eumed.net\/actas\/19\/desarrollo-empresarial\/31-ventajas-y-efectos-de-la-implementacion-de-las-normas-internacionales.pdf"},{"key":"7237","unstructured":"Ergashev, I., y Farxodjonova, N. (2020). Integration of national culture in the process of globalization. Journal of Critical Reviews, 477."},{"key":"7238","unstructured":"Guerra, P. (2012). Las legislaciones sobre econom\u00eda social y solidaria en Am\u00e9rica Latina Entre la autogesti\u00f3n y la visi\u00f3n sectorial. Revista de la Facultad de Derecho, 73-94."},{"key":"7239","unstructured":"Jim\u00e9nez, R. (2010). Los procesos de globalizaci\u00f3n e integraci\u00f3n econ\u00f3mica: retos y oportunidades para el mercadeo internacional de las empresas. Revista Venezolana de coyuntura, 95-113."},{"key":"7240","unstructured":"L\u00f3pez, A., y Paba, G. (2020). Impacto de implementaci\u00f3n de normas internacionales de informaci\u00f3n financiera (NIIF) en la profesi\u00f3n contable colombiana. Santa Marta: Universidad Cooperativa de Colombia."},{"key":"7241","unstructured":"L\u00f3pez, V., y Viasus, A. (2020). Aplicaci\u00f3n de las NIIF en Colombia comparado con Uruguay. Bogot\u00e1: Universidad Jorge Tadeo Lozano. https:\/\/rb.gy\/y1uzg"},{"key":"7242","unstructured":"Mart\u00ednez, Z. (2016). An\u00e1lisis de las implicaciones en la estructura tributaria de las empresas comerciales y su impacto en la DIAN, con la implementaci\u00f3n de las NIIF en Colombia al 2015. Bogot\u00e1: Universidad la Gran Colombia. https:\/\/repository.ugc.edu.co\/handle\/11396\/4605"},{"key":"7243","unstructured":"Medina, S. (2020). Beneficios y afectaciones en la Pymes del sector comercial. Medell\u00edn: Tecnol\u00f3gico de Antioquia Instituci\u00f3n Universitaria. https:\/\/dspace.tdea.edu.co\/handle\/tdea\/718"},{"key":"7244","unstructured":"Mercado, K., Medina, A. y Ni\u00f1o, G. (2019). Las NIIF son la globalizaci\u00f3n en t\u00e9rminos contables. Liderazgo estrat\u00e9gico, 223-232. https:\/\/revistas.unisimon.edu.co\/index.php\/liderazgo\/article\/view\/3816"},{"key":"7245","doi-asserted-by":"crossref","unstructured":"Nurunnabi, M. (2021). Implementation of International Financial Reporting Standards (IFRS) in Developing Countries. In International Financial Reporting Standards Implementation: A Global Experience. Emerald Publishing Limited. https:\/\/doi.org\/10.1108\/9781801174404","DOI":"10.1108\/9781801174404"},{"key":"7246","unstructured":"Ochoa, J., y Pineda, L. (2015). Implementaci\u00f3n y evoluci\u00f3n de NIIF en pymes colombianas. Universidad Cooperativa de Colombia, 1-21."},{"key":"7247","doi-asserted-by":"crossref","unstructured":"Orobio Monta\u00f1o, A., Rodr\u00edguez Rodr\u00edguez, E. M. y Acosta Quevedo, J. C. (2018). An\u00e1lisis del impacto de implementaci\u00f3n de las normas internacionales de informaci\u00f3n financiera (NIIF) en el sector industrial de Bogot\u00e1 para Pymes. Cuadernos de Contabilidad, 97-114. https:\/\/doi.org\/10.11144\/Javeriana.cc19-48.aiin","DOI":"10.11144\/Javeriana.cc19-48.aiin"},{"key":"7248","doi-asserted-by":"crossref","unstructured":"Palea, V. (2018). Financial reporting for sustainable development: Critical insights into IFRS implementation in the European Union. Accounting Forum, 248-260. https:\/\/doi.org\/10.1016\/j.accfor.2018.08.001","DOI":"10.1016\/j.accfor.2018.08.001"},{"key":"7249","doi-asserted-by":"crossref","unstructured":"Pereira, Z. (2011). Los Dise\u00f1os de un M\u00e9todo Mixto en la Investigaci\u00f3n en Educaci\u00f3n: una experiencia concreta. Revista Electr\u00f3nica Educare, 15-29. https:\/\/doi. org\/10.15359\/ree.15-1.2","DOI":"10.15359\/ree.15-1.2"},{"key":"7250","unstructured":"P\u00e9rez, E., Dom\u00ednguez, L., y Ni\u00f1o, G. (2019). Hablando el mismo idioma y entendiendo el arte de lo simple: importancia de las NIIF en las organizaciones. Liderazgo Estrat\u00e9gico, 177-185. https:\/\/revistas.unisimon.edu.co\/index.php\/liderazgo\/article\/view\/3812"},{"key":"7251","doi-asserted-by":"crossref","unstructured":"Perilla, L., y Rey, M. (2017). Reconocimiento y medici\u00f3n para la implementaci\u00f3n de la NIIF para Pymes del Sector Servicio de Villavicencio, Colombia. En Contexto, 259-278. https:\/\/ojs.tdea.edu.co\/index.php\/encontexto\/article\/view\/412","DOI":"10.53995\/23463279.412"},{"key":"7252","unstructured":"Perilla, L., Carranza, Y., Mateus, B. y Molina, Y. (2020). El reto del Contador P\u00fablico Frente a las Normas Internacionales de Informaci\u00f3n Financiera. El Conuco, 38- 46. https:\/\/revistas.unillanos.edu.co\/index.php\/conuco\/article\/view\/236"},{"key":"7253","unstructured":"Prada, J. (2017). Implicaciones de la implementaci\u00f3n de las NIIF en las pymes en Colombia. Revista De Investigaci\u00f3n en Gesti\u00f3n Administrativa Y Ciencias de la Informaci\u00f3n, 1-8. https:\/\/revistas.sena.edu.co\/index.php\/ricga\/article\/view\/1049"},{"key":"7254","unstructured":"Quispe, G., Villa, V., Velarde, R. y Alarc\u00f3n, G. (2021). Impacto de la aplicaci\u00f3n de las Normas Internacionales de Informaci\u00f3n Financiera (NIIF) en las peque\u00f1as y medianas empresas (Pymes). Revista inclusiones, 304-331. https:\/\/revistainclusiones.org\/index.php\/inclu\/article\/view\/201"},{"key":"7255","unstructured":"Ram\u00edrez, S. (2016). An\u00e1lisis sobre la Implementaci\u00f3n de las Normas Internacionales de Informaci\u00f3n Financiera para peque\u00f1as y medianas empresas. Bogot\u00e1: Universidad Jorge Tadeo Lozano."},{"key":"7256","unstructured":"Restrepo, J. L., y Londo\u00f1o, L. J. M. (2011). Colombia: hacia la adopci\u00f3n y aplicaci\u00f3n de las NIIF y su importancia. Adversia, (8), 26-43. https:\/\/revistas.udea.edu.co\/index.php\/adversia\/article\/view\/10954"},{"key":"7257","doi-asserted-by":"crossref","unstructured":"Sampaio, J., Gallucci, Brunassi, V., y Schiozer, R. (2020). Adopci\u00f3n obligatoria de las NIIF, gobierno corporativo y valor de firma. Revista de Administra\u00e7\u00e3o de Empresas. https:\/\/doi.org\/10.1590\/s0034-759020200405","DOI":"10.1590\/s0034-759020200405"},{"key":"7258","unstructured":"Sanhueza, Y. (2016). Impacto de la implementaci\u00f3n de las IFRS en Chile: las IFRS llegaron para quedarse. Santiago de Chile: Universidad Gabriela Mistral. https:\/\/hdl.handle.net\/20.500.12743\/1792"},{"key":"7259","unstructured":"Sistema \u00fanico de informaci\u00f3n normativa. (1993). Decreto 2649 de 1993 Por el cual se reglamenta la contabilidad en general y se expiden los principios o normas de contabilidad generalmente aceptados en Colombia. http:\/\/www.suin-juriscol.gov.co\/viewDocument.asp?ruta=Decretos\/1476299."},{"key":"7260","unstructured":"Su\u00e1rez-D\u00edaz, M. (2020). Revisi\u00f3n sistem\u00e1tica del deterioro de los activos fijos. Trabajo de investigaci\u00f3n para optar al grado de: Especialista en Contabilidad y Finanzas. Universidad privada del norte. https:\/\/repositorio.upn.edu.pe\/handle\/11537\/23640"},{"key":"7261","unstructured":"Tibaduiza, J. (2021). An\u00e1lisis de la aceptaci\u00f3n de la aplicaci\u00f3n de las NIIF y sus efectos en las pymes en Colombia. Bogot\u00e1: Los Libertadores Fundaci\u00f3n Universitaria. https:\/\/repository.libertadores.edu.co\/handle\/11371\/4048"},{"key":"7262","unstructured":"Useche, M., Artigas, W., Queipo, B. y Perozo, E. (2019). T\u00e9cnicas e instrumentos de recolecci\u00f3n de datos cuali-cuantitativos. Rioacha: Universidad de la Guajira. https:\/\/repositoryinst.uniguajira.edu.co\/handle\/uniguajira\/467"},{"key":"7263","unstructured":"Vargas, C., y Pe\u00f1a, A. (2017). La globalizaci\u00f3n econ\u00f3mica y contable: Su incidencia sobre la fiscalidad en Colombia. Actualidad contable FACES, 91-113. https:\/\/biblat.unam.mx\/es\/revista\/actualidad-contable-faces\/articulo\/la-globalizacion-economica-y-contable-su-incidencia-sobre-la-fiscalidad-en-colombia"},{"key":"7264","unstructured":"V\u00e1squez, B. (2016). Impactos en aplicabilidad NIIF para pymes en el sector real en Colombia. Bogot\u00e1: Universidad Jorge Tadeo Lozano. http:\/\/hdl.handle.net\/20.500.12010\/3701"}],"container-title":["Administraci\u00f3n &amp; Desarrollo"],"link":[{"URL":"https:\/\/revistas.esap.edu.co\/index.php\/admindesarro\/article\/download\/830\/656","content-type":"application\/pdf","content-version":"vor","intended-application":"text-mining"},{"URL":"https:\/\/revistas.esap.edu.co\/index.php\/admindesarro\/article\/download\/830\/665","content-type":"text\/xml","content-version":"vor","intended-application":"text-mining"},{"URL":"https:\/\/revistas.esap.edu.co\/index.php\/admindesarro\/article\/download\/830\/656","content-type":"unspecified","content-version":"vor","intended-application":"similarity-checking"}],"deposited":{"date-parts":[[2025,12,31]],"date-time":"2025-12-31T19:53:04Z","timestamp":1767210784000},"score":0.0,"resource":{"primary":{"URL":"https:\/\/revistas.esap.edu.co\/index.php\/admindesarro\/article\/view\/830"}},"issued":{"date-parts":[[2023,6,23]]},"references-count":33,"journal-issue":{"issue":"1","published-online":{"date-parts":[[2023,1,1]]}},"URL":"https:\/\/doi.org\/10.22431\/25005227.vol53n1.7","ISSN":["2500-5227","0120-3754"],"issn-type":[{"type":"electronic","value":"2500-5227"},{"type":"print","value":"0120-3754"}],"published":{"date-parts":[[2023,6,23]]}},{"indexed":{"date-parts":[[2026,7,16]],"date-time":"2026-07-16T03:04:04Z","timestamp":1784171044809,"version":"3.55.0"},"reference-count":0,"publisher":"Escuela Superior de Administracion Publica","issue":"2","license":[{"start":{"date-parts":[[2015,12,1]],"date-time":"2015-12-01T00:00:00Z","timestamp":1448928000000},"content-version":"unspecified","delay-in-days":0,"URL":"http:\/\/creativecommons.org\/licenses\/by-nc-nd\/4.0"}],"content-domain":{"domain":[],"crossmark-restriction":false},"short-container-title":["Adm. Desarro."],"abstract":"<jats:p>This article introduces the characterization of translated documents that the companies require to access the translation service in a global context. That is really important to define the particular features of the offered service. Taking it into account, it is vital to distinguish the translator`s competences that guarantee the conditions in which the translation is done. The translation service generally depends on the place where it is offered. That fact explains some special characteristics that identify the service. The service characterizations, as well as the context of the text pay a main role in determining the conditions in which the translation is carried out. The article begins with an introduction that defines particularities of the research. The methodology explains the methods used in the research. Next, it has an analysis of the theoretical key issues, and then the results obtained by the information sources. And finally the article ends up with conclusions. The main aim of this article is to determine the characteris tics of the documents required in the translation service by companies in Bogota. These points are considered: specialization level, the language used, difficulties presented and required competences of the translators.<\/jats:p>","DOI":"10.22431\/25005227.20","type":"journal-article","created":{"date-parts":[[2017,7,5]],"date-time":"2017-07-05T12:06:06Z","timestamp":1499256366000},"page":"174-189","source":"Crossref","is-referenced-by-count":0,"title":["Caracterizaci\u00f3n de los documentos por traducir requeridos por las empresas en el servicio de traducci\u00f3n en Bogot\u00e1, en el nuevo contexto global","Translated documents characterization required to the providers of service translations by companies in Bogota"],"prefix":"10.22431","volume":"45","author":[{"given":"Jahir Augusto","family":"Buitrago Nova","sequence":"first","affiliation":[],"role":[{"vocabulary":"crossref","role":"author"}]}],"member":"9723","published-online":{"date-parts":[[2015,12,1]]},"container-title":["Administraci\u00f3n &amp; Desarrollo"],"link":[{"URL":"https:\/\/revistas.esap.edu.co\/index.php\/admindesarro\/article\/download\/20\/pdf","content-type":"application\/pdf","content-version":"vor","intended-application":"text-mining"},{"URL":"https:\/\/revistas.esap.edu.co\/index.php\/admindesarro\/article\/download\/20\/pdf","content-type":"unspecified","content-version":"vor","intended-application":"similarity-checking"}],"deposited":{"date-parts":[[2026,7,16]],"date-time":"2026-07-16T02:16:03Z","timestamp":1784168163000},"score":0.0,"resource":{"primary":{"URL":"https:\/\/revistas.esap.edu.co\/index.php\/admindesarro\/article\/view\/20"}},"issued":{"date-parts":[[2015,12,1]]},"references-count":0,"journal-issue":{"issue":"2","published-online":{"date-parts":[[2015,12,1]]}},"URL":"https:\/\/doi.org\/10.22431\/25005227.20","ISSN":["2500-5227","0120-3754"],"issn-type":[{"value":"2500-5227","type":"electronic"},{"value":"0120-3754","type":"print"}],"published":{"date-parts":[[2015,12,1]]}},{"indexed":{"date-parts":[[2026,7,16]],"date-time":"2026-07-16T03:04:22Z","timestamp":1784171062306,"version":"3.55.0"},"reference-count":0,"publisher":"Escuela Superior de Administracion Publica","issue":"2","license":[{"start":{"date-parts":[[2015,12,1]],"date-time":"2015-12-01T00:00:00Z","timestamp":1448928000000},"content-version":"unspecified","delay-in-days":0,"URL":"http:\/\/creativecommons.org\/licenses\/by-nc-nd\/4.0"}],"content-domain":{"domain":[],"crossmark-restriction":false},"short-container-title":["Adm. Desarro."],"abstract":"<jats:p>In recent years technological changes in the organizations have been done, and transformed the auditing process from an analogic operation to a new one radically influenced by the information and communication technologies (ICT). This is materialized in different techniques and audit tools known as computer Assisted Audit Tools and Techniques (CAATT). This article first provides a revision of the ICT\u00b4s evolution in the audit sector and the main perspectives on the matter; to serve as a prelude to the analysis of the technological tools that comptrollerships in the country use in the fulfillment of their role as overseers. It then concludes by arguing that there is a fiscal control whose tools and technologic processes have been focused in the audit with \/and the computer usage, but which hasn\u2019t been able to advance towards auditing through the computer.<\/jats:p>","DOI":"10.22431\/25005227.13","type":"journal-article","created":{"date-parts":[[2017,7,5]],"date-time":"2017-07-05T12:05:54Z","timestamp":1499256354000},"page":"208-223","source":"Crossref","is-referenced-by-count":1,"title":["Tecnolog\u00edas de informaci\u00f3n y comunicaciones en el control fiscal colombiano","Information and communication technologies in the colombian fiscal control"],"prefix":"10.22431","volume":"45","author":[{"given":"Francisco Javier","family":"Valencia Duque","sequence":"first","affiliation":[],"role":[{"vocabulary":"crossref","role":"author"}]},{"given":"Johnny Alexander","family":"Tamayo Arias","sequence":"additional","affiliation":[],"role":[{"vocabulary":"crossref","role":"author"}]},{"given":"Katherine","family":"Osorio L\u00f3pez","sequence":"additional","affiliation":[],"role":[{"vocabulary":"crossref","role":"author"}]}],"member":"9723","published-online":{"date-parts":[[2015,12,1]]},"container-title":["Administraci\u00f3n &amp; Desarrollo"],"link":[{"URL":"https:\/\/revistas.esap.edu.co\/index.php\/admindesarro\/article\/download\/13\/pdf_1","content-type":"application\/pdf","content-version":"vor","intended-application":"text-mining"},{"URL":"https:\/\/revistas.esap.edu.co\/index.php\/admindesarro\/article\/download\/13\/pdf_1","content-type":"unspecified","content-version":"vor","intended-application":"similarity-checking"}],"deposited":{"date-parts":[[2026,7,16]],"date-time":"2026-07-16T02:16:27Z","timestamp":1784168187000},"score":0.0,"resource":{"primary":{"URL":"https:\/\/revistas.esap.edu.co\/index.php\/admindesarro\/article\/view\/13"}},"issued":{"date-parts":[[2015,12,1]]},"references-count":0,"journal-issue":{"issue":"2","published-online":{"date-parts":[[2015,12,1]]}},"URL":"https:\/\/doi.org\/10.22431\/25005227.13","ISSN":["2500-5227","0120-3754"],"issn-type":[{"value":"2500-5227","type":"electronic"},{"value":"0120-3754","type":"print"}],"published":{"date-parts":[[2015,12,1]]}},{"indexed":{"date-parts":[[2026,6,12]],"date-time":"2026-06-12T11:16:44Z","timestamp":1781263004756,"version":"3.54.1"},"reference-count":0,"publisher":"Escuela Superior de Administracion Publica","issue":"52","license":[{"start":{"date-parts":[[2010,12,1]],"date-time":"2010-12-01T00:00:00Z","timestamp":1291161600000},"content-version":"unspecified","delay-in-days":0,"URL":"http:\/\/creativecommons.org\/licenses\/by-nc-nd\/4.0"}],"content-domain":{"domain":[],"crossmark-restriction":false},"short-container-title":["Adm. Desarro."],"abstract":"<jats:p>This article uses public and private interest theories for examining the issue of public service privatisation. The concept of private rationality was seen to prevail when addressing and analysing this topic; such perspective reduces an approach to simply comparing public and private efficiency. The former supposes an excessive growth of bureaucracy and problems associated with a lack of incentives for public administrators, such arguments thereby justifying privatisation to some extent. A critical relationship can also be observed between the public and private sectors and some political groups due to the play of interests created in such relationships. Privatisation seems to hint at interesting theoretical and practical discussion. Theory assumes that privatisation makes public service provision become more efficient (and competitive), thereby benefiting communities\/populations regarding the overall allocation of resources. Pressure groups\u00bf roles are decisive regarding results in practice and this does not necessarily mean a gain in efficiency or productivity in all cases.<\/jats:p>","DOI":"10.22431\/25005227.154","type":"journal-article","created":{"date-parts":[[2017,7,5]],"date-time":"2017-07-05T12:06:06Z","timestamp":1499256366000},"page":"39-56","source":"Crossref","is-referenced-by-count":6,"title":["Las teor\u00edas de la Regulaci\u00f3n y Privatizaci\u00f3n de los Servicios P\u00fablicos","Public service regulation and privatisation theories"],"prefix":"10.22431","volume":"38","author":[{"given":"Pedro Nel","family":"Paez Perez","sequence":"first","affiliation":[],"role":[{"vocabulary":"crossref","role":"author"}]},{"given":"Jose","family":"Silva Ruiz","sequence":"additional","affiliation":[],"role":[{"vocabulary":"crossref","role":"author"}]}],"member":"9723","published-online":{"date-parts":[[2010,12,1]]},"container-title":["Administraci\u00f3n &amp; Desarrollo"],"link":[{"URL":"https:\/\/revistas.esap.edu.co\/index.php\/admindesarro\/article\/download\/154\/pdf","content-type":"application\/pdf","content-version":"vor","intended-application":"text-mining"},{"URL":"https:\/\/revistas.esap.edu.co\/index.php\/admindesarro\/article\/download\/154\/pdf","content-type":"unspecified","content-version":"vor","intended-application":"similarity-checking"}],"deposited":{"date-parts":[[2025,11,6]],"date-time":"2025-11-06T16:34:24Z","timestamp":1762446864000},"score":0.0,"resource":{"primary":{"URL":"https:\/\/revistas.esap.edu.co\/index.php\/admindesarro\/article\/view\/154"}},"issued":{"date-parts":[[2010,12,1]]},"references-count":0,"journal-issue":{"issue":"52","published-online":{"date-parts":[[2010,12,1]]}},"URL":"https:\/\/doi.org\/10.22431\/25005227.154","ISSN":["2500-5227","0120-3754"],"issn-type":[{"value":"2500-5227","type":"electronic"},{"value":"0120-3754","type":"print"}],"published":{"date-parts":[[2010,12,1]]}},{"indexed":{"date-parts":[[2026,4,1]],"date-time":"2026-04-01T15:10:25Z","timestamp":1775056225175,"version":"3.50.1"},"reference-count":19,"publisher":"Escuela Superior de Administracion Publica","issue":"2","license":[{"start":{"date-parts":[[2017,12,11]],"date-time":"2017-12-11T00:00:00Z","timestamp":1512950400000},"content-version":"unspecified","delay-in-days":0,"URL":"https:\/\/creativecommons.org\/licenses\/by-nc-sa\/4.0"}],"content-domain":{"domain":[],"crossmark-restriction":false},"short-container-title":["Adm. Desarro."],"abstract":"<jats:p>In the second half of the 20th century and at the beginning of the 21st century the complexity approach was intensified, in an explicit and systematic way, from diverse conceptual and experimental points of view. In the scope of the State, the dynamics of the contemporary world demands having new theoretical and practical tools of complex systems for the formulation and execution of new public policies. This article addresses, in particular, the contributions made by Edgar Morin, Bertalanffy, Boaventura, Holland, Maldonado, Medina, Murray, Prigogine and Simon, among others. These authors recapture and articulate different notions, proposals, concepts and categories that, from different disciplinary trajectories, define complexity and complex systems, their principles, strategies, characterization, agreements and conflicts. The second part of the document introduces the personal position of the author on the subject, the emerging notions, proposals and concepts and the perspective for the design of the research. With these elements it is intended to contribute with another glance to the different theories and scientific needs to solve the problems of the contemporary world.<\/jats:p>","DOI":"10.22431\/25005227.201","type":"journal-article","created":{"date-parts":[[2017,12,12]],"date-time":"2017-12-12T15:13:01Z","timestamp":1513091581000},"page":"52-69","source":"Crossref","is-referenced-by-count":7,"title":["Teor\u00edas sobre los sistemas complejos","Theories on complex systems"],"prefix":"10.22431","volume":"47","author":[{"given":"Yezid","family":"Soler B","sequence":"first","affiliation":[],"role":[{"role":"author","vocabulary":"crossref"}]}],"member":"9723","published-online":{"date-parts":[[2017,12,11]]},"reference":[{"key":"1127","unstructured":"Bertalanffy, Ludwig Von.(1968). Teor\u00eda general los sistemas. Fondo de Cultura econ\u00f3mica. Mexico 1968."},{"key":"1128","unstructured":"https:\/\/cienciasyparadigmas.files.wordpress.com\/2012\/06\/teoria-general-de-los-sistemas-_-fundamentos-desarrollo-aplicacionesludwig-von-bertalanffy.pdf"},{"key":"1129","unstructured":"Berger Gaston. (1967). Etapes de la prospective, Presses Universitaires de France."},{"key":"1130","unstructured":"Bohm, David. (1987). Sciencie, Order and creativity. Bantam Books. NY."},{"key":"1131","unstructured":"De Zubir\u00eda, Miguel. (1998). Pedagog\u00edas del siglo XXI. Fundaci\u00f3n Alberto Merani. Bogot\u00e1"},{"key":"1132","unstructured":"Garc\u00eda, Rolando. (2006) Sistemas complejos. Gedisa Editorial. Barcelona"},{"key":"1133","unstructured":"Godet Michel (1985). Prospective et planification strat\u00e9gique. Par\u00eds Econ\u00f3mica."},{"key":"1134","unstructured":"Kuhn, Thomas. (1971).La estructura de las revoluciones cient\u00edficas. M\u00e9xico: FCE."},{"key":"1135","unstructured":"Maldonado, C. E. (2007).La complejidad es un problema, no una cosmovisi\u00f3n. UCM Revista de Investigaci\u00f3n, N| 13, mayo. http:\/\/www.carlosmaldonado.org\/articulos\/ucm-manizales.pdf"},{"key":"1136","unstructured":"Morin, Edgar. (1992). El m\u00e9todo. Madrid: Editorial C\u00e1tedra. Disponible en: http:\/\/www.edgarmorin.org\/descarga-libro-metodo-ii-al-iv.html"},{"key":"1137","doi-asserted-by":"crossref","unstructured":"Morin, Edgar. (2004). \u201cLa epistemolog\u00eda de la complejidad\u201d en Gazeta de Antropolog\u00eda, no. 20, Espa\u00f1a: Universidad de Granadina.","DOI":"10.30827\/Digibug.7253"},{"key":"1138","unstructured":"Morin, Edgar (1998). Introducci\u00f3n al pensamiento complejo. Espa\u00f1a: Gedisa Editorial."},{"key":"1139","unstructured":"Morin, Edgar. (1999). Los siete saberes necesarios para la educaci\u00f3n del futuro. Paris: Ediciones de la UNESCO."},{"key":"1140","unstructured":"Murray, Gell-Mann. (1995). El quark y el jaguar. Tusquets Editores, S.A. Barcelona https:\/\/es.scribd.com\/doc\/35446883\/Murray-the-Quark-y-El-Jaguar-Completo"},{"key":"1141","unstructured":"Prigogine, Ilya. (1995). \u201cCiencia y azar\u201d en Revista zona Er\u00f3gena No 23. Buenos Aires."},{"key":"1142","unstructured":"Prigogine, Ilya (1997). \u00bfTan solo una ilusi\u00f3n? Tusquets Editores. Barcelona http:\/\/www.megaepub.com\/autor\/ilya-prigogine.html"},{"key":"1143","unstructured":"Prigogine, Ilya. (1999) Filosof\u00eda de la inestabilidad. Voprosy Filosof\u00eda No.6"},{"key":"1144","doi-asserted-by":"crossref","unstructured":"Rodr\u00edguez, Leonardo Aguirre Le\u00f3nidas. (2011.2). Teor\u00edas de la complejidad y las ciencias sociales. Revista N\u00f3mada 30. Critica de las ciencias sociales. Argentina. https:\/\/pendientedemigracion.ucm.es\/info\/nomadas\/30\/rdzzoya_aguirre.pdf","DOI":"10.5209\/rev_NOMA.2011.v30.n2.36562"},{"key":"1145","unstructured":"Sousa Santos, Boaventura. (2009). Epistemolog\u00eda del Sur. M\u00e9xico: Siglo XXI-CLACSO."}],"container-title":["Administraci\u00f3n &amp; Desarrollo"],"link":[{"URL":"https:\/\/revistas.esap.edu.co\/index.php\/admindesarro\/article\/download\/201\/pdf","content-type":"application\/pdf","content-version":"vor","intended-application":"text-mining"},{"URL":"https:\/\/revistas.esap.edu.co\/index.php\/admindesarro\/article\/download\/201\/pdf","content-type":"unspecified","content-version":"vor","intended-application":"similarity-checking"}],"deposited":{"date-parts":[[2025,12,31]],"date-time":"2025-12-31T20:10:29Z","timestamp":1767211829000},"score":0.0,"resource":{"primary":{"URL":"https:\/\/revistas.esap.edu.co\/index.php\/admindesarro\/article\/view\/201"}},"issued":{"date-parts":[[2017,12,11]]},"references-count":19,"journal-issue":{"issue":"2","published-online":{"date-parts":[[2017,12,11]]}},"URL":"https:\/\/doi.org\/10.22431\/25005227.201","ISSN":["2500-5227","0120-3754"],"issn-type":[{"value":"2500-5227","type":"electronic"},{"value":"0120-3754","type":"print"}],"published":{"date-parts":[[2017,12,11]]}},{"indexed":{"date-parts":[[2025,11,6]],"date-time":"2025-11-06T16:54:30Z","timestamp":1762448070027,"version":"build-2065373602"},"reference-count":0,"publisher":"Escuela Superior de Administracion Publica","issue":"67","license":[{"start":{"date-parts":[[2014,12,1]],"date-time":"2014-12-01T00:00:00Z","timestamp":1417392000000},"content-version":"unspecified","delay-in-days":0,"URL":"http:\/\/creativecommons.org\/licenses\/by-nc-nd\/4.0"}],"content-domain":{"domain":[],"crossmark-restriction":false},"short-container-title":["Nova vetera"],"abstract":"<jats:p>En el marco de los di\u00e1logos entre el Gobierno y la insurgencia de las farc-ep, que se desarrollan en La Habana para buscar una posible salida pol\u00edtica y dialogada al conflicto social y armado del pa\u00eds, el presente art\u00edculo surge como insumo de discusi\u00f3n desde la administraci\u00f3n p\u00fablica colombiana, y como una propuesta acad\u00e9mica para avanzar en la identificaci\u00f3n de las condiciones que se le deben proporcionar a los municipios colombianos en un escenario de posconflicto, principalmente desde el Estado colombiano. El texto se desarrolla a la luz de la metodolog\u00eda descriptivo anal\u00edtica en tres momentos: fundamentaci\u00f3n te\u00f3rica de los conceptos de conflicto, posconflicto y condiciones institucionales; estudio de caso del municipio de Viot\u00e1, Cundinamarca, y formulaci\u00f3n de una serie de recomendaciones para identificar las condiciones institucionales necesarias en los municipios colombianos de cara a un escenario de posconflicto.<\/jats:p>","DOI":"10.22431\/25005103.27","type":"journal-article","created":{"date-parts":[[2017,7,5]],"date-time":"2017-07-05T15:34:05Z","timestamp":1499268845000},"page":"90-103","source":"Crossref","is-referenced-by-count":0,"title":["Condiciones institucionales para un escenario de posconflicto. Aproximaciones a partir del estudio de caso Viot\u00e1, Cundinamarca"],"prefix":"10.22431","volume":"23","author":[{"given":"Leonardo","family":"Rodr\u00edguez Gonz\u00e1lez","sequence":"first","affiliation":[],"role":[{"role":"author","vocabulary":"crossref"}]},{"given":"Diana","family":"Rodr\u00edguez Romero","sequence":"additional","affiliation":[],"role":[{"role":"author","vocabulary":"crossref"}]},{"given":"Paola","family":"Tovar Barrag\u00e1n","sequence":"additional","affiliation":[],"role":[{"role":"author","vocabulary":"crossref"}]}],"member":"9723","published-online":{"date-parts":[[2014,12,1]]},"container-title":["Nova et Vetera"],"link":[{"URL":"https:\/\/revistas.esap.edu.co\/index.php\/novaetvetera\/article\/download\/27\/pdf","content-type":"application\/pdf","content-version":"vor","intended-application":"text-mining"},{"URL":"https:\/\/revistas.esap.edu.co\/index.php\/novaetvetera\/article\/download\/27\/pdf","content-type":"unspecified","content-version":"vor","intended-application":"similarity-checking"}],"deposited":{"date-parts":[[2025,11,6]],"date-time":"2025-11-06T16:44:55Z","timestamp":1762447495000},"score":0.0,"resource":{"primary":{"URL":"https:\/\/revistas.esap.edu.co\/index.php\/novaetvetera\/article\/view\/27"}},"issued":{"date-parts":[[2014,12,1]]},"references-count":0,"journal-issue":{"issue":"67","published-online":{"date-parts":[[2014,12,1]]}},"URL":"https:\/\/doi.org\/10.22431\/25005103.27","ISSN":["2500-5103","0123-2614"],"issn-type":[{"type":"electronic","value":"2500-5103"},{"type":"print","value":"0123-2614"}],"published":{"date-parts":[[2014,12,1]]}},{"indexed":{"date-parts":[[2022,4,5]],"date-time":"2022-04-05T15:38:51Z","timestamp":1649173131806},"reference-count":0,"publisher":"Escuela Superior de Administracion Publica","issue":"58","license":[{"start":{"date-parts":[[2013,12,15]],"date-time":"2013-12-15T00:00:00Z","timestamp":1387065600000},"content-version":"unspecified","delay-in-days":0,"URL":"http:\/\/creativecommons.org\/licenses\/by-nc-nd\/4.0"}],"content-domain":{"domain":[],"crossmark-restriction":false},"short-container-title":["Adm. Desarro."],"abstract":"<jats:p>Se trata de un art\u00edculo tipo ensayo para la b\u00fasqueda de pertinencia te\u00f3rica del proyecto de investigaci\u00f3n \u201cCaracterizaci\u00f3n de las Veedur\u00edas Ciudadanas en Seis Municipios del Departamento de Caldas como Potenciadoras del Control a la Gesti\u00f3n P\u00fablica Local: Villamar\u00eda, Neira, La Dorada, Riosucio, Filadelfia, P\u00e1cora\u201d, convocatoria ESAP 2010, en el marco de los intereses de indagaci\u00f3n que convocan al Grupo Ori\u00f3n. Decisi\u00f3n tomada por el investigador para comprender el \u201cgrado\/nivel\u201d conceptual que fuera \u201ccongruente\/coherente\u201d con la naturaleza del problema y los objetivos de investigaci\u00f3n, dado que el tema \u201cRelaciones del Estado y la sociedad a trav\u00e9s de veedur\u00edas ciudadanas\u201d es uno de los referentes de la reforma del Estado y construcci\u00f3n de lo p\u00fablico, en cuanto reflexi\u00f3n\/conocimiento\/ investigaci\u00f3n que ha logrado avances te\u00f3rico-conceptuales significativos y que hoy estallan en fuentes planas y virtuales. Considero que en la \u201cpertinencia te\u00f3rica\u201d podr\u00eda estar el \u201cavance del conocimiento\u201d, que deviene producci\u00f3n de conocimiento\u201d, dado que la figura del \u201censayo\u201d tambi\u00e9n es un plano generador\/potenciador de conocimiento. Por ello, el art\u00edculo tipo ensayo se presenta estructurado alrededor de \u201csupuestos te\u00f3ricos\u201d desarrollados bajo el de argumentaci\u00f3n de la escritura.<\/jats:p>","DOI":"10.22431\/25005227.113","type":"journal-article","created":{"date-parts":[[2017,7,5]],"date-time":"2017-07-05T16:06:06Z","timestamp":1499270766000},"page":"79-87","source":"Crossref","is-referenced-by-count":0,"title":["Las veedur\u00edas ciudadanas en cuanto a mediaciones\/ mediadores de las relaciones Estado-sociedad en el \u00e1mbito local"],"prefix":"10.22431","volume":"42","author":[{"given":"Silvio","family":"Cardona Gonz\u00e1lez","sequence":"first","affiliation":[],"role":[{"role":"author","vocabulary":"crossref"}]}],"member":"9723","published-online":{"date-parts":[[2013,12,15]]},"container-title":["Administraci\u00f3n &amp; Desarrollo"],"link":[{"URL":"https:\/\/revistas.esap.edu.co\/index.php\/admindesarro\/article\/download\/113\/pdf_1","content-type":"application\/pdf","content-version":"vor","intended-application":"text-mining"},{"URL":"https:\/\/revistas.esap.edu.co\/index.php\/admindesarro\/article\/download\/113\/pdf_1","content-type":"unspecified","content-version":"vor","intended-application":"similarity-checking"}],"deposited":{"date-parts":[[2021,11,12]],"date-time":"2021-11-12T19:11:35Z","timestamp":1636744295000},"score":0.0,"resource":{"primary":{"URL":"https:\/\/revistas.esap.edu.co\/index.php\/admindesarro\/article\/view\/113"}},"issued":{"date-parts":[[2013,12,15]]},"references-count":0,"journal-issue":{"issue":"58","published-online":{"date-parts":[[2013,12,15]]}},"URL":"https:\/\/doi.org\/10.22431\/25005227.113","ISSN":["2500-5227","0120-3754"],"issn-type":[{"value":"2500-5227","type":"electronic"},{"value":"0120-3754","type":"print"}],"published":{"date-parts":[[2013,12,15]]}},{"indexed":{"date-parts":[[2025,11,6]],"date-time":"2025-11-06T16:40:22Z","timestamp":1762447222345,"version":"build-2065373602"},"reference-count":0,"publisher":"Escuela Superior de Administracion Publica","issue":"2","license":[{"start":{"date-parts":[[2017,12,11]],"date-time":"2017-12-11T00:00:00Z","timestamp":1512950400000},"content-version":"unspecified","delay-in-days":0,"URL":"http:\/\/creativecommons.org\/licenses\/by-nc-nd\/4.0"}],"content-domain":{"domain":[],"crossmark-restriction":false},"short-container-title":["Adm. Desarro."],"abstract":"<jats:p>En la teor\u00eda de las competencias laborales, existen diferentes corrientes que marcan el quehacer administrativo del recurso humano de las organizaciones.En esta propuesta se pretende realizar un an\u00e1lisis de las leyes p\u00fablicas colombianas en materia que regulan el empleo p\u00fablico, la carrera administrativa entre otros, con las diferentes corrientes existentes, y as\u00ed, determinar cu\u00e1l es la orientaci\u00f3n de las leyes en el enfoque de competencias laborales.<\/jats:p>","DOI":"10.22431\/25005227.366","type":"journal-article","created":{"date-parts":[[2017,12,12]],"date-time":"2017-12-12T15:13:01Z","timestamp":1513091581000},"page":"92-108","source":"Crossref","is-referenced-by-count":4,"title":["Las competencias laborales en el sector p\u00fabico; un an\u00e1lisis desde las escuelas de las competencias laborales"],"prefix":"10.22431","volume":"47","author":[{"given":"Fernando Adolfo","family":"Fierro","sequence":"first","affiliation":[],"role":[{"role":"author","vocabulary":"crossref"}]}],"member":"9723","published-online":{"date-parts":[[2017,12,11]]},"container-title":["Administraci\u00f3n &amp; Desarrollo"],"link":[{"URL":"https:\/\/revistas.esap.edu.co\/index.php\/admindesarro\/article\/download\/366\/pdf","content-type":"application\/pdf","content-version":"vor","intended-application":"text-mining"},{"URL":"https:\/\/revistas.esap.edu.co\/index.php\/admindesarro\/article\/download\/366\/pdf","content-type":"unspecified","content-version":"vor","intended-application":"similarity-checking"}],"deposited":{"date-parts":[[2025,11,6]],"date-time":"2025-11-06T16:34:21Z","timestamp":1762446861000},"score":0.0,"resource":{"primary":{"URL":"https:\/\/revistas.esap.edu.co\/index.php\/admindesarro\/article\/view\/366"}},"issued":{"date-parts":[[2017,12,11]]},"references-count":0,"journal-issue":{"issue":"2","published-online":{"date-parts":[[2017,12,11]]}},"URL":"https:\/\/doi.org\/10.22431\/25005227.366","ISSN":["2500-5227","0120-3754"],"issn-type":[{"type":"electronic","value":"2500-5227"},{"type":"print","value":"0120-3754"}],"published":{"date-parts":[[2017,12,11]]}},{"indexed":{"date-parts":[[2025,5,14]],"date-time":"2025-05-14T07:41:27Z","timestamp":1747208487518,"version":"3.40.5"},"reference-count":21,"publisher":"Escuela Superior de Administracion Publica","issue":"2","license":[{"start":{"date-parts":[[2019,12,31]],"date-time":"2019-12-31T00:00:00Z","timestamp":1577750400000},"content-version":"unspecified","delay-in-days":0,"URL":"http:\/\/creativecommons.org\/licenses\/by-nc-nd\/4.0"}],"content-domain":{"domain":[],"crossmark-restriction":false},"short-container-title":["Adm. Desarro."],"abstract":"<jats:p>Este art\u00edculo, de categor\u00eda experiencias acad\u00e9micas y pedag\u00f3gicas, desarroll\u00f3 un estudio de tipo conceptual-descriptivo en el que se busc\u00f3 exponer el nivel de integraci\u00f3n de la agenda p\u00fablica entre las demandas presentadas por la poblaci\u00f3n y las definiciones de problem\u00e1ticas publicas expuestas por el gobierno local desde la presentaci\u00f3n de su plan de gobierno y en el documento del Plan de Desarrollo del Municipio de Miranda, departamento del Cauca, denominado \u201cMiranda + humana y social, 2016-2019\u201d.<\/jats:p>","DOI":"10.22431\/25005227.vol49n2.4","type":"journal-article","created":{"date-parts":[[2021,11,7]],"date-time":"2021-11-07T20:52:27Z","timestamp":1636318347000},"page":"71-88","source":"Crossref","is-referenced-by-count":0,"title":["Seguimiento a la integraci\u00f3n de la agenda p\u00fablica ciudadana en el Plan de Desarrollo del municipio de Miranda: 'Miranda + humana y social, 2016-2019'"],"prefix":"10.22431","volume":"49","author":[{"ORCID":"https:\/\/orcid.org\/0000-0003-4947-9684","authenticated-orcid":false,"given":"Adolfo Le\u00f3n","family":"Guerrero Garc\u00eda","sequence":"first","affiliation":[],"role":[{"role":"author","vocabulary":"crossref"}]},{"given":"Emelyn","family":"Penagos Ca\u00f1as","sequence":"additional","affiliation":[],"role":[{"role":"author","vocabulary":"crossref"}]},{"given":"Jherlyn Gloriam","family":"P\u00e9rez Soto","sequence":"additional","affiliation":[],"role":[{"role":"author","vocabulary":"crossref"}]}],"member":"9723","published-online":{"date-parts":[[2019,12,31]]},"reference":[{"key":"731","unstructured":"Aguilar Villanueva, L. (1996). Problemas publicos y agenda de gobierno. Mexico: Miguel Angel Porr\u00faa. Obtenido de https:\/\/negociacionytomadedecisiones.files.wordpress.com\/2016\/04\/l0001_problemas-publicos-y-agenda-de-gobierno.pdf"},{"key":"732","unstructured":"Alcald\u00eda de Miranda. (2012). L\u00ednea base de indicadores socioecon\u00f3micos. Obtenido de http:\/\/anterior.cauca.gov.co\/sites\/default\/files\/informes\/municipio_de_miranda.pdf"},{"key":"733","unstructured":"Alcaldia de Miranda. (2016). Plan de desarrollo: Miranda mas Humana y Social."},{"key":"734","unstructured":"Alzate , S. (2011). Las pol\u00edticas p\u00fablicas en Colombia. Insuficiencias y desaf\u00edos. FORUM(1), 95-111."},{"key":"735","unstructured":"Alzate Zuluaga, M., & Romo Morales, G. (2017). La agenda p\u00fablica en sus teor\u00edas y aproximaciones metodol\u00f3gicas. Una clasificaci\u00f3n alternativa. Revista Enfoques: Ciencia Pol\u00edtica y Administraci\u00f3n P\u00fablica, 13-35. Obtenido de https:\/\/www.redalyc.org\/pdf\/960\/96052974002.pdf"},{"key":"736","unstructured":"Arroyave, S. (2011). Las pol\u00edticas p\u00fablicas en Colombia. Insuficiencias y desaf\u00edos. FORUM Nro. 1 , 95-111."},{"key":"737","unstructured":"Asamblea Nacional Constituyente. (1991). Constituci\u00f3n Pol\u00edtica de Colombia."},{"key":"738","unstructured":"Birkland, T. ( 2005). An introduction to the policy process: theories, concepts, and models of public policy making. New Cork: Second Edition: M.E Sharpe."},{"key":"739","doi-asserted-by":"crossref","unstructured":"Bonamusa, M., Segura, R., & Villar, R. (1996). La sociedad civil y la redefinici\u00f3n de lo p\u00fablico. Colombia Internacional, 34, 26-33. Obtenido de https:\/\/revistas.uniandes.edu.co\/doi\/pdf\/10.7440\/colombiaint34.1996.03","DOI":"10.7440\/colombiaint34.1996.03"},{"key":"740","unstructured":"Ceballos, G. M. (2001). Participaci\u00f3n y fortalecimiento institucional a nivel local en Colombia. Bogota : Colecci\u00f3n Editorial Javeriano."},{"key":"741","unstructured":"Cejudo, G. (2010). Problemas, decisiones y soluciones. Enfoques de pol\u00edtica p\u00fablica. M\u00e9xico D.F.: Centro de Investigaci\u00f3n y Docencia Econ\u00f3mica - CID."},{"key":"742","doi-asserted-by":"crossref","unstructured":"Cobb. (1976). Agenda Building as a Comparative Political Process. The American Political Science Review, 70(1).","DOI":"10.2307\/1960328"},{"key":"743","unstructured":"Cobb, R., & Charles, E. (1986). En Participaci\u00f3n en pol\u00edtica americana: la din\u00e1mica de la estructuraci\u00f3n de la agenda (p\u00e1g. 67). M\u00e9xico: NOEMA."},{"key":"744","unstructured":"Deubel, A. N. (2006). Politicas Publicas. Formulaci\u00f3n, implementaci\u00f3n y evaluaci\u00f3n. Bogot\u00e1 : Aurora."},{"key":"745","unstructured":"DNP. (2007). Departamento Nacional de Planeaci\u00f3n. Bogota."},{"key":"746","unstructured":"DNP. (2015). Manual para la formulaci\u00f3n de planes de desarrollo de las entidades territoriales. Bogot\u00e1: DNP."},{"key":"747","unstructured":"Dye, T. (2008). Understanding Public Policy (12th ed.). New Jersey: Prentice Hall."},{"key":"748","unstructured":"Muller, P. (1998). La producci\u00f3n de las politicas publicas . INNOVAR Revista de ciencias administrativas y sociales , 65-75."},{"key":"749","unstructured":"Schlesinger, C. P. (2011). Retos de la democracia y de la participaci\u00f3n ciudadana. En R. Araujo, Reflexiones sobre el caracter participativo de nuestra democracia (p\u00e1g. 222). Bogota: Editorial Universidad del Rosario."},{"key":"750","unstructured":"Vel\u00e1squez, F., & Gonz\u00e1lez, E. (2003). \u00bfQu\u00e9 ha pasado con la participaci\u00f3n ciudadana en Colombia? Bogot\u00e1: Fundaci\u00f3n Corona editorial. Obtenido de https:\/\/issuu.com\/azoma\/docs\/glc_25_participacionciudadanacolombia_librocomplet"},{"key":"751","doi-asserted-by":"crossref","unstructured":"Zapata Cort\u00e9s, O. L. (2016). Agenda p\u00fablica local. Los casos de los municipios de El Carmen de Viboral y Turbo, Antioquia\u2013Colombia. Estudios Pol\u00edticos, 49, 73-94.","DOI":"10.17533\/udea.espo.n49a04"}],"container-title":["Administraci\u00f3n y Desarrollo"],"link":[{"URL":"https:\/\/revistas.esap.edu.co\/index.php\/admindesarro\/article\/download\/546\/505","content-type":"application\/pdf","content-version":"vor","intended-application":"text-mining"},{"URL":"https:\/\/revistas.esap.edu.co\/index.php\/admindesarro\/article\/download\/546\/505","content-type":"unspecified","content-version":"vor","intended-application":"similarity-checking"}],"deposited":{"date-parts":[[2021,11,7]],"date-time":"2021-11-07T20:55:35Z","timestamp":1636318535000},"score":0.0,"resource":{"primary":{"URL":"https:\/\/revistas.esap.edu.co\/index.php\/admindesarro\/article\/view\/546"}},"issued":{"date-parts":[[2019,12,31]]},"references-count":21,"journal-issue":{"issue":"2","published-online":{"date-parts":[[2019,12,31]]}},"URL":"https:\/\/doi.org\/10.22431\/25005227.vol49n2.4","ISSN":["2500-5227","0120-3754"],"issn-type":[{"type":"electronic","value":"2500-5227"},{"type":"print","value":"0120-3754"}],"published":{"date-parts":[[2019,12,31]]}},{"indexed":{"date-parts":[[2025,7,22]],"date-time":"2025-07-22T10:39:34Z","timestamp":1753180774226},"reference-count":0,"publisher":"Escuela Superior de Administracion Publica","issue":"56","license":[{"start":{"date-parts":[[2012,12,1]],"date-time":"2012-12-01T00:00:00Z","timestamp":1354320000000},"content-version":"unspecified","delay-in-days":0,"URL":"http:\/\/creativecommons.org\/licenses\/by-nc-nd\/4.0"}],"content-domain":{"domain":[],"crossmark-restriction":false},"short-container-title":["Adm. Desarro."],"abstract":"<jats:p>Recientemente, distintos gobiernos en todo el mundo han iniciado un proceso progresivo para impulsar y llevar a cabo estrategias ligadas al concepto de \"gobierno abierto\" (open goverment), cuyos principios so a) la transparencia y apertura; b) la participaci\u00f3n; y c) la colaboraci\u00f3n (Obama, 2009).\u00a0En este contexto, se ha acu\u00f1ado el concepto de servicios p\u00fablicos 2.0 como una nueva forma interactiva de creaci\u00f3n de valor p\u00fablico y traslado hacia un nuevo tipo de colaboraci\u00f3n ciudadana e innovaci\u00f3n abierta mediante la integraci\u00f3n sistem\u00e1tica de los actores en el proceso de gobernar y administrar los asuntos p\u00fablicos.El trabajo analiza los conceptos calve que subyacen a la aplicaci\u00f3n de las herramientas Web 2.0 y redes sociales en una visi\u00f3n trasformadora del Estado y los servicios p\u00fablico, y la posibilidad de configurar una agenda espec\u00edfica orientada a la modernizaci\u00f3n de la gesti\u00f3n p\u00fablica en Iberoamerica en respuesta de los diversos diagn\u00f3sticos que han aflorado en el \u00faltimo tiempo sobre estas cuestiones (CLAD 2010. WEF 2011, OCD 2011 y the economist 2011, entre otros) y con baseen la producci\u00f3n entre igualesy la riqueza de las redes (Blenkler 2006), la sabidur\u00eda de las multitudes (Surowiecki 2004)., el crowdsourcing (Howe 2006) y citizensourcing\/wikigoverment (Noveck 2009), la innovaci\u00f3n de servicios centrado en el usuario y de caractr abierto (E. Von Hippel 2005, Chesbrough 2009), y el enfoque de un gobierno abierto (Lathrop y Ruma 2010, Ram\u00edrez-Alujas 2011).\u00a0\u00a0<\/jats:p>","DOI":"10.22431\/25005227.342","type":"journal-article","created":{"date-parts":[[2017,7,5]],"date-time":"2017-07-05T16:06:06Z","timestamp":1499270766000},"page":"51-68","source":"Crossref","is-referenced-by-count":2,"title":["Gobierno abierto, servicios pu\u0301blicos 2.0 y ciudadani\u0301a digital. Notas para una nueva agenda de modernizacio\u0301n de la gestio\u0301n pu\u0301lica en Iberoame\u0301rica"],"prefix":"10.22431","volume":"40","author":[{"given":"\u00c1lvaro","family":"Ram\u00edrez Alujas","sequence":"first","affiliation":[],"role":[{"role":"author","vocabulary":"crossref"}]}],"member":"9723","published-online":{"date-parts":[[2012,12,1]]},"container-title":["Administraci\u00f3n &amp; Desarrollo"],"link":[{"URL":"https:\/\/revistas.esap.edu.co\/index.php\/admindesarro\/article\/download\/342\/pdf","content-type":"application\/pdf","content-version":"vor","intended-application":"text-mining"},{"URL":"https:\/\/revistas.esap.edu.co\/index.php\/admindesarro\/article\/download\/342\/pdf","content-type":"unspecified","content-version":"vor","intended-application":"similarity-checking"}],"deposited":{"date-parts":[[2021,11,12]],"date-time":"2021-11-12T19:11:59Z","timestamp":1636744319000},"score":0.0,"resource":{"primary":{"URL":"https:\/\/revistas.esap.edu.co\/index.php\/admindesarro\/article\/view\/342"}},"issued":{"date-parts":[[2012,12,1]]},"references-count":0,"journal-issue":{"issue":"56","published-online":{"date-parts":[[2012,12,1]]}},"URL":"https:\/\/doi.org\/10.22431\/25005227.342","ISSN":["2500-5227","0120-3754"],"issn-type":[{"value":"2500-5227","type":"electronic"},{"value":"0120-3754","type":"print"}],"published":{"date-parts":[[2012,12,1]]}},{"indexed":{"date-parts":[[2025,6,27]],"date-time":"2025-06-27T07:30:17Z","timestamp":1751009417330},"reference-count":0,"publisher":"Escuela Superior de Administracion Publica","issue":"51","license":[{"start":{"date-parts":[[2009,6,29]],"date-time":"2009-06-29T00:00:00Z","timestamp":1246233600000},"content-version":"unspecified","delay-in-days":0,"URL":"http:\/\/creativecommons.org\/licenses\/by-nc-nd\/4.0"}],"content-domain":{"domain":[],"crossmark-restriction":false},"short-container-title":["Adm. Desarro."],"abstract":"<jats:p>El art\u00edculo se ocupa de la evoluci\u00f3n hist\u00f3rica de la Planeaci\u00f3n en Colombia, a partir de la Constituci\u00f3n de 1886, y de las diferentes reformas que en torno al tema se introdujeron durante el siglo pasado. As\u00ed mismo, se hace un breve recuento de los aportes de algunas de las misiones externas contratadas, las instituciones de apoyo creadas, la normatividad expedida y una s\u00edntesis de los diferentes planes de desarrollo formulados por los gobiernos de turno. Finalmente, se resaltan los avances de la planeaci\u00f3n en el marco de la Constituci\u00f3n de 1991 y se presentan unos comentarios a manera de conclusi\u00f3n.<\/jats:p>","DOI":"10.22431\/25005227.350","type":"journal-article","created":{"date-parts":[[2017,7,5]],"date-time":"2017-07-05T16:06:06Z","timestamp":1499270766000},"page":"39-58","source":"Crossref","is-referenced-by-count":4,"title":["Desarrollo hist\u00f3rico y \u00e1mbito de acci\u00f3n de la planeaci\u00f3n en Colombia"],"prefix":"10.22431","volume":"37","author":[{"given":"Carlos Arturo","family":"Grosso Rinc\u00f3n","sequence":"first","affiliation":[],"role":[{"role":"author","vocabulary":"crossref"}]}],"member":"9723","published-online":{"date-parts":[[2009,6,29]]},"container-title":["Administraci\u00f3n &amp; Desarrollo"],"link":[{"URL":"https:\/\/revistas.esap.edu.co\/index.php\/admindesarro\/article\/download\/350\/pdf","content-type":"application\/pdf","content-version":"vor","intended-application":"text-mining"},{"URL":"https:\/\/revistas.esap.edu.co\/index.php\/admindesarro\/article\/download\/350\/pdf","content-type":"unspecified","content-version":"vor","intended-application":"similarity-checking"}],"deposited":{"date-parts":[[2021,11,12]],"date-time":"2021-11-12T19:13:22Z","timestamp":1636744402000},"score":0.0,"resource":{"primary":{"URL":"https:\/\/revistas.esap.edu.co\/index.php\/admindesarro\/article\/view\/350"}},"issued":{"date-parts":[[2009,6,29]]},"references-count":0,"journal-issue":{"issue":"51","published-online":{"date-parts":[[2009,6,29]]}},"URL":"https:\/\/doi.org\/10.22431\/25005227.350","ISSN":["2500-5227","0120-3754"],"issn-type":[{"value":"2500-5227","type":"electronic"},{"value":"0120-3754","type":"print"}],"published":{"date-parts":[[2009,6,29]]}},{"indexed":{"date-parts":[[2025,12,31]],"date-time":"2025-12-31T19:44:43Z","timestamp":1767210283360,"version":"3.48.0"},"reference-count":39,"publisher":"Escuela Superior de Administracion Publica","issue":"2","license":[{"start":{"date-parts":[[2025,10,21]],"date-time":"2025-10-21T00:00:00Z","timestamp":1761004800000},"content-version":"unspecified","delay-in-days":0,"URL":"https:\/\/creativecommons.org\/licenses\/by-nc-sa\/4.0"}],"content-domain":{"domain":[],"crossmark-restriction":false},"short-container-title":["Adm. Desarro."],"abstract":"<jats:p>Problem: The judicial system is no stranger to the corruption that plagues the public sector. Recently, the importance of redefining the principles that have characterized the work of judges has emerged, with a view to ensuring their performance is timely, efficient, and citizen-friendly. Therefore, the transition to deliberative democracy, taking into account the principles of open justice, is pertinent. Objective: To analyze the impact of open justice, as the cornerstone of the open State, on strengthening deliberative democracy in Colombia. Methodology: The research was structured using a qualitative paradigm, legal-philosophical research, exploratory-projective scope, and deductive method. Results: The participatory principle of open justice, although not the exclusive contribution of this trend, is a scenario that should be observed not only because it complies with international agreements, but also because it counters criticisms of the need for \"democratization\". Conclusion: This governance does not undermine the principles of autonomy and independence of the judiciary, but rather represents an opportunity, given the institutional design of constitutional democracy, to strengthen dialogue and deliberative democracy in Colombia, especially because judges are increasingly influencing political and moral debates given the lag of the legislative branch.<\/jats:p>","DOI":"10.22431\/25005227.1129","type":"journal-article","created":{"date-parts":[[2025,11,5]],"date-time":"2025-11-05T19:37:05Z","timestamp":1762371425000},"source":"Crossref","is-referenced-by-count":0,"title":["Justicia abierta y su incidencia en la democracia deliberativa en Colombia: reflexiones desde participaci\u00f3n ciudadana","Open Justice and its Impact on Deliberative Democracy in Colombia: Consideration from the of Citizen Participation"],"prefix":"10.22431","volume":"55","author":[{"ORCID":"https:\/\/orcid.org\/0000-0003-2153-2711","authenticated-orcid":false,"given":"Oona Isabel","family":"Hern\u00e1ndez Palma","sequence":"first","affiliation":[],"role":[{"role":"author","vocabulary":"crossref"}]},{"ORCID":"https:\/\/orcid.org\/0000-0003-1575-5628","authenticated-orcid":false,"given":"Patricia Raquel","family":"Morris Bola\u00f1o","sequence":"additional","affiliation":[],"role":[{"role":"author","vocabulary":"crossref"}]},{"ORCID":"https:\/\/orcid.org\/0000-0003-0917-2506","authenticated-orcid":false,"given":"Jaime Camilo","family":"Bermejo Gal\u00e1n","sequence":"additional","affiliation":[],"role":[{"role":"author","vocabulary":"crossref"}]}],"member":"9723","published-online":{"date-parts":[[2025,10,21]]},"reference":[{"key":"26292","unstructured":"Abramovich, V. (2013). La apertura del debate constitucional. Nuevas v\u00edas de participaci\u00f3n ante la Corte Suprema. Pensar en Derecho, (3), 17-23. https:\/\/catalogo.unpaz.edu.ar\/opac_css\/index.php?lvl=notice_displayyid=8331"},{"key":"26293","unstructured":"Acosta, S. I., Plata Pineda, O. J. (2016). Participaci\u00f3n, colaboraci\u00f3n, transparencia y datos abiertos. Tras la definici\u00f3n de gobierno abierto. Teuken Bidikay - Revista Latinoamericana de Investigaci\u00f3n en Organizaciones, Ambiente y Sociedad, 7(9), 209\u2013222. https:\/\/revistas.elpoli.edu.co\/index.php\/teu\/article\/view\/1016"},{"key":"26294","unstructured":"Agudelo-Giraldo, O. A., Le\u00f3n-Molina, J. E., Prieto-Salas, M. A., Alarc\u00f3n-Pe\u00f1a, A. y Jim\u00e9nez-Triana, J. C. (2018). La pregunta por el m\u00e9todo: derecho y metodolog\u00eda de la investigaci\u00f3n. Universidad Cat\u00f3lica de Colombia. https:\/\/hdl.handle.net\/10983\/22541"},{"key":"26295","unstructured":"Alianza para el Gobierno Abierto Colombia. (2020, febrero). III Plan de acci\u00f3n 2017-2019. Colombia, hacia un Estado abierto. https:\/\/agacolombia.org\/"},{"key":"26296","unstructured":"Berggrun, A., y Canal, S. (2018). Justicia abierta en Colombia. En S. Elena (Ed.), Justicia abierta: aportes para una agenda en construcci\u00f3n (pp. 197-206). Ediciones SAIJ. http:\/\/www.bibliotecadigital.gob.ar\/items\/show\/1818"},{"key":"26297","doi-asserted-by":"publisher","DOI":"10.12804\/revistas.urosario.edu.co\/sociojuridicos\/a.10093"},{"key":"26298","doi-asserted-by":"publisher","DOI":"10.18601\/01229893.n49.08"},{"key":"26299","doi-asserted-by":"publisher","DOI":"10.24265\/voxjuris.2021.v39n2.09"},{"key":"26300","doi-asserted-by":"publisher","DOI":"10.22431\/25005227.vol50n2.2"},{"key":"26301","unstructured":"De Sousa Santos, B. (2004). Reinventar la democracia. Reinventar el Estado. Abya Yala."},{"key":"26302","unstructured":"Elena, S. (2015). Datos abiertos para una justicia abierta: un an\u00e1lisis de caso. ILDA. https:\/\/doi.org\/10.5281\/zenodo.4307725"},{"key":"26303","unstructured":"Elena, S., y Mercado, G. (2018). Justicia abierta. Una aproximaci\u00f3n te\u00f3rica. En S. Elena (Ed.), Justicia abierta: aportes para una agenda en construcci\u00f3n (pp. 17-42). Ediciones SAIJ. http:\/\/www.bibliotecadigital.gob.ar\/items\/show\/1818"},{"key":"26304","doi-asserted-by":"publisher","DOI":"10.2139\/ssrn.3414316"},{"key":"26305","doi-asserted-by":"publisher","DOI":"10.31054\/2314.3061.v14.n1.43101"},{"key":"26306","unstructured":"Ferrajoli, L. (2018). Constitucionalismo m\u00e1s all\u00e1 del Estado. Trotta."},{"key":"26307","unstructured":"Fideleff, V., Morales, C., Naser, A. & Torres, V. (2023). El Estado abierto para la implementaci\u00f3n de la Agenda 2030 para el Desarrollo Sostenible. En V. Torres, A. Naser y E. Kaufman (coords.), Estado abierto y gesti\u00f3n p\u00fablica: el papel del sector acad\u00e9mico (pp. 85-111). Comisi\u00f3n Econ\u00f3mica para Am\u00e9rica latina y el Caribe. https:\/\/repositorio.cepal.org\/handle\/11362\/68888"},{"key":"26308","doi-asserted-by":"publisher","DOI":"10.18601\/01229893.n61.03"},{"key":"26309","unstructured":"Garc\u00eda Villegas, M. (2013). Constitucionalismo aspiracional. Araucaria. Revista Iberoamericana de Filosof\u00eda, Pol\u00edtica y Humanidades, 15(29), 77-97. https:\/\/dialnet.unirioja.es\/servlet\/articulo?codigo=4238889"},{"key":"26310","doi-asserted-by":"publisher","DOI":"10.15446\/anpol.v27n82.49413"},{"key":"26311","unstructured":"Gargarella, R. (2014). Por una justicia dial\u00f3gica: El Poder Judicial como promotor de la deliberaci\u00f3n democr\u00e1tica. Siglo XX Editores."},{"key":"26312","unstructured":"Gargarella, R. (2022). El derecho como una conversaci\u00f3n entre iguales: qu\u00e9 hacer para que las democracias contempor\u00e1neas se abran -por fin- al di\u00e1logo. Siglo XX Editores."},{"key":"26313","unstructured":"Guerrero, F. (2018). (25-26 octubre 2018). La justicia dentro del Estado abierto. Un enfoque acerca de la relaci\u00f3n entre los principios de publicidad de las causas judiciales por internet y la privacidad de los datos personales en el sistema civil argentino [ponencia]. XIII Jornadas de investigaci\u00f3n. Universidad Nacional del Litoral. https:\/\/fce.unl.edu.ar\/jornadasdeinvestigacion\/trabajos\/uploads\/trabajos\/78.pdf"},{"key":"26314","doi-asserted-by":"publisher","DOI":"10.29375\/01240781.4789"},{"key":"26315","unstructured":"Hern\u00e1ndez Sampieri, R. R., Fern\u00e1ndez Collado, C., y Bautista Lucio, P. (2014). Metodolog\u00eda de la investigaci\u00f3n (6ta ed). McGraw-Hill Interamericana Editores."},{"key":"26316","doi-asserted-by":"publisher","DOI":"10.7440\/colombiaint62.2005.01"},{"key":"26317","doi-asserted-by":"publisher","DOI":"10.29375\/01240781.4743"},{"key":"26318","unstructured":"Obando Peralta, E. C., Ram\u00f3n Ruffener de Vega, J. G., y Rinc\u00f3n Mart\u00ednez, A. M. (2021). Corrupci\u00f3n en Am\u00e9rica Latina: Dimensiones filos\u00f3ficas para su evaluaci\u00f3n. Revista de Filosof\u00eda, 38(99), 292-303. https:\/\/doi.org\/10.5281\/zenodo.5646586"},{"key":"26319","unstructured":"Open Government Partnership. (2019, agosto). Acceso a la justicia. Primer parte de la serie de pol\u00edticas de justicia. https:\/\/www.opengovpartnership.org\/es\/open-gov-guide\/justice-access-to-justice\/"},{"key":"26320","unstructured":"Open Governement Partnership. (2020a, diciembre). Segunda parte de la serie pol\u00edticas de justicia: Justicia Abierta. https:\/\/www.opengovpartnership.org\/es\/open-gov-guide\/justice-open-justice\/"},{"key":"26321","unstructured":"Open Government Partnership. (2020b). Building Trust and Strengthening Transparency and Accountability in the Council of State (CO0071). https:\/\/www.opengovpartnership.org\/members\/colombia\/commitments\/CO0071\/"},{"key":"26322","unstructured":"Open Government Partnership. (2023). Estrategia de OGP. https:\/\/www.opengovpartnership.org\/estrategia-de-ogp-2023-2028\/#toc_1."},{"key":"26323","doi-asserted-by":"publisher","DOI":"10.56712\/latam.v4i5.1309"},{"key":"26324","doi-asserted-by":"publisher","DOI":"10.18356\/b2c622ad-es"},{"key":"26325","doi-asserted-by":"publisher","DOI":"10.69733\/clad.ryd.n82.a284"},{"key":"26326","unstructured":"Red de Justicia C\u00f3mo Vamos. (2024). Justicia C\u00f3mo Vamos. Percepcion y oferta del sistema de justicia en Colombia. Fundacion Corona, Corporacion Excelencia para la Justicia. https:\/\/cej.org.co\/destacado\/justicia-como-vamos-presentacion-del-segundo-informe\/"},{"key":"26327","unstructured":"Roa Roa, J. E. (2017). La legitimidad democr\u00e1tica del control de constitucionalidad. El ciudadano ante la justicia constitucional [Tesis doctoral]. Universital Pompeu Fabra. https:\/\/www.tesisenred.net\/handle\/10803\/458126?show=full"},{"key":"26328","unstructured":"Romero Flor, L. M. (2014). Metodolog\u00eda de la investigaci\u00f3n jur\u00eddica. Ediciones de La Ancha. https:\/\/elibro.net\/es\/lc\/unilibre\/titulos\/113856"},{"key":"26329","doi-asserted-by":"publisher","DOI":"10.24965\/gapp.vi21.260"},{"key":"26330","doi-asserted-by":"publisher","DOI":"10.2307\/jj.16192227.6"}],"container-title":["Administraci\u00f3n &amp; Desarrollo"],"link":[{"URL":"https:\/\/revistas.esap.edu.co\/index.php\/admindesarro\/article\/download\/1129\/834","content-type":"application\/pdf","content-version":"vor","intended-application":"text-mining"},{"URL":"https:\/\/revistas.esap.edu.co\/index.php\/admindesarro\/article\/download\/1129\/851","content-type":"text\/xml","content-version":"vor","intended-application":"text-mining"},{"URL":"https:\/\/revistas.esap.edu.co\/index.php\/admindesarro\/article\/download\/1129\/834","content-type":"unspecified","content-version":"vor","intended-application":"similarity-checking"}],"deposited":{"date-parts":[[2025,12,31]],"date-time":"2025-12-31T19:43:58Z","timestamp":1767210238000},"score":0.0,"resource":{"primary":{"URL":"https:\/\/revistas.esap.edu.co\/index.php\/admindesarro\/article\/view\/1129"}},"issued":{"date-parts":[[2025,10,21]]},"references-count":39,"journal-issue":{"issue":"2","published-online":{"date-parts":[[2025,7,16]]}},"URL":"https:\/\/doi.org\/10.22431\/25005227.1129","ISSN":["2500-5227","0120-3754"],"issn-type":[{"type":"electronic","value":"2500-5227"},{"type":"print","value":"0120-3754"}],"published":{"date-parts":[[2025,10,21]]}},{"indexed":{"date-parts":[[2025,12,31]],"date-time":"2025-12-31T19:49:58Z","timestamp":1767210598914,"version":"3.48.0"},"reference-count":18,"publisher":"Escuela Superior de Administracion Publica","issue":"1","license":[{"start":{"date-parts":[[2025,6,20]],"date-time":"2025-06-20T00:00:00Z","timestamp":1750377600000},"content-version":"unspecified","delay-in-days":0,"URL":"https:\/\/creativecommons.org\/licenses\/by-nc-sa\/4.0"}],"content-domain":{"domain":[],"crossmark-restriction":false},"short-container-title":["Adm. Desarro."],"abstract":"<jats:p>The objective of this essay is to reflect on the political-administrative role of the Public Administration Bureaucrat in the context of the crisis of democracy. The public bureaucrat, here synonymous with public servant, is not understood as a neutral, purely professional actor, but rather as a figure in Administration, who is influenced by Politics, and vice-versa. Their actions may be self-interested, aimed at the public good, or strictly follow the political order in accordance with the legal framework, regardless of the results of such order. This perspective, once deepened, will be constrated with the context of the crisis of democracy. To reflect on the situation of public bureaucrats in the context of the crisis of democracy, we use, in an adapted way, indicator to analyze whether democratically elected governments adopt authoritarian initiatives, established by Levitsky and Siblatt (2018). From them, we discuss the role of the bureaucrat in this political context. As a conclusion, it can be seen that they can contribute to resistance against positions that seek to undermine democratic procedures in Public Administration. At the same time, it is clear that such action must have the support of other actors within the State itself to counteract authoritarian initiatives on the part of the Executive.<\/jats:p>","DOI":"10.22431\/25005227.1215","type":"journal-article","created":{"date-parts":[[2025,7,11]],"date-time":"2025-07-11T14:13:42Z","timestamp":1752243222000},"page":"e1215","source":"Crossref","is-referenced-by-count":0,"title":["O burocrata p\u00fablico como ator pol\u00edtico -administrativo no contexto da crise da democracia: reflex\u00f5es iniciais","The public bureaucrat as political-administrative actor in the context of the crisis of democracy: initial reflections","El bur\u00f3crata p\u00fablico como actor pol\u00edtico-administrativo en el contexto de la crisis de la democracia: reflexiones iniciales"],"prefix":"10.22431","volume":"55","author":[{"ORCID":"https:\/\/orcid.org\/0000-0002-8179-269X","authenticated-orcid":false,"given":"Ivan","family":"Beck Ckagnazaroff","sequence":"first","affiliation":[],"role":[{"role":"author","vocabulary":"crossref"}]},{"ORCID":"https:\/\/orcid.org\/0009-0000-8119-2865","authenticated-orcid":false,"given":"Karinne","family":"Nogueira Galinari","sequence":"additional","affiliation":[],"role":[{"role":"author","vocabulary":"crossref"}]}],"member":"9723","published-online":{"date-parts":[[2025,6,20]]},"reference":[{"key":"22172","unstructured":"Abr\u00facio, F. L., Loureiro, M. R. (2018). Burocracia e ordem democr\u00e1tica: desaf\u00edos contempor\u00e2neos e experi\u00eancia brasileira, Em: R. Pires, G. Lotta, V. E. de Oliveira (Orgs), Burocracia e pol\u00edticas p\u00fablicas no Brasil: interse\u00e7\u00f5es anal\u00edticas (pp. 23-58). IPEA, Enap."},{"key":"22173","unstructured":"Bryson, J. M. (1995). Strategic Planning for Public and Nonprofit Organizations. Jossey- Bass Publishers."},{"key":"22174","unstructured":"Bryson, J. M. (2003). What to do when the stakeholders matter: A guide to Stakeholder Identification and Analysis Techniques. https:\/\/www.researchgate.net\/publication\/228940014_What_to_do_when_stakeholders_matter_A_guide_to_stakeholder_identification_and_analysis_techniques"},{"key":"22175","doi-asserted-by":"publisher","DOI":"10.47820\/recima21.v2i1.68"},{"key":"22176","unstructured":"Lane, J. E. (1993). Public Sector -Concepts, models and approaches. Sage Publications."},{"key":"22177","unstructured":"Lane, J.-E. (2000). New Public Management: An introduction. Routledge."},{"key":"22178","unstructured":"Lessa, R. (2003). Pref\u00e1cio \u00e0 Terceira Edi\u00e7\u00e3o.In: E. de O. Nunes, A gram\u00e1tica pol\u00edtica do Brasil \u2013 clientelismo e insulamento burocr\u00e1tico. E edi\u00e7\u00e3o. Rio de Janeiro, Zahar Editores."},{"key":"22179","unstructured":"Levitsky, S. e Siblatt, D. (2018). Como as democracias morrem. RJ:Zahar."},{"key":"22180","unstructured":"Maciel, A. M. H. e Pinto, N. G. M. (2022). Governan\u00e7a P\u00fablica: an\u00e1lise bibliom\u00e9trica dos estudos da base WOS. IX Encontro brasileiro de administra\u00e7\u00e3o p\u00fablica, S\u00e3o Paulo, Brasil. https:\/\/sbap.org.br\/ebap\/index.php\/home\/issue\/view\/22"},{"key":"22181","doi-asserted-by":"publisher","DOI":"10.1590\/S0034-76122007000400008"},{"key":"22182","unstructured":"Nunes, E. (2003). A gram\u00e1tica pol\u00edtica do Brasil \u2013 clientelismo e insulamento burocr\u00e1tico. Jorge Zahar Editor."},{"key":"22183","unstructured":"Peters, B. G. (2003). El nuevo institucionalismo \u2013 Teoria institucional em ci\u00eancia pol\u00edtica. Gesdisa Editorial."},{"key":"22184","unstructured":"Pollit, C. e Bouckaert, G. (2011). Public Management Reform. A comparative analysis: New Public Management, Governance, and the Neo-Weberian State (3rd ed). Oxford University Press."},{"key":"22185","unstructured":"Prates, A. A. P. (2004) Administra\u00e7\u00e3o p\u00fablica e burocracia. In L. Avelar e A. O. Cintra (Org). Sistema Pol\u00edtico brasileiro: uma introdu\u00e7\u00e3o (pp. 109-122). Funda\u00e7\u00e3o Konrad Adenauer."},{"key":"22186","unstructured":"Singer, A., Ara\u00fajo, C. e Belinelli, L. (2021). Estado e Democracia - uma introdu\u00e7\u00e3o ao estudo da pol\u00edtica. S\u00e3o Paulo, Zahar."},{"key":"22187","unstructured":"Steiner, G. A. e Steiner, J. F. (1997). Business, Government and Society. A Managerial Perspective. Texts and Cases (8th ed). MacGraw Hill."},{"key":"22188","unstructured":"Weber, M. (1993). A pol\u00edtica como voca\u00e7\u00e3o. Em M. Weber. Ci\u00eancia e Pol\u00edtica: duas voca\u00e7\u00f5es (pp. 53-124). Cultrix."},{"key":"22189","unstructured":"Weber, M. (1999). Economia e Sociedade: fundamentos da sociologia compreensiva (Vol 2). Editora UNB."}],"container-title":["Administraci\u00f3n &amp; Desarrollo"],"link":[{"URL":"https:\/\/revistas.esap.edu.co\/index.php\/admindesarro\/article\/download\/burocrata_publico_ator_politico_administrativo_crise_democracia\/809","content-type":"application\/pdf","content-version":"vor","intended-application":"text-mining"},{"URL":"https:\/\/revistas.esap.edu.co\/index.php\/admindesarro\/article\/download\/burocrata_publico_ator_politico_administrativo_crise_democracia\/822","content-type":"text\/xml","content-version":"vor","intended-application":"text-mining"},{"URL":"https:\/\/revistas.esap.edu.co\/index.php\/admindesarro\/article\/download\/burocrata_publico_ator_politico_administrativo_crise_democracia\/809","content-type":"unspecified","content-version":"vor","intended-application":"similarity-checking"}],"deposited":{"date-parts":[[2025,12,31]],"date-time":"2025-12-31T19:47:38Z","timestamp":1767210458000},"score":0.0,"resource":{"primary":{"URL":"https:\/\/revistas.esap.edu.co\/index.php\/admindesarro\/article\/view\/burocrata_publico_ator_politico_administrativo_crise_democracia"}},"issued":{"date-parts":[[2025,6,20]]},"references-count":18,"journal-issue":{"issue":"1","published-online":{"date-parts":[[2025,2,3]]}},"URL":"https:\/\/doi.org\/10.22431\/25005227.1215","ISSN":["2500-5227","0120-3754"],"issn-type":[{"type":"electronic","value":"2500-5227"},{"type":"print","value":"0120-3754"}],"published":{"date-parts":[[2025,6,20]]}},{"indexed":{"date-parts":[[2025,12,31]],"date-time":"2025-12-31T19:49:54Z","timestamp":1767210594207,"version":"3.48.0"},"reference-count":32,"publisher":"Escuela Superior de Administracion Publica","issue":"1","license":[{"start":{"date-parts":[[2025,6,20]],"date-time":"2025-06-20T00:00:00Z","timestamp":1750377600000},"content-version":"unspecified","delay-in-days":0,"URL":"https:\/\/creativecommons.org\/licenses\/by-nc-sa\/4.0"}],"content-domain":{"domain":[],"crossmark-restriction":false},"short-container-title":["Adm. Desarro."],"abstract":"<jats:p>The Brazilian Charter for Smart Cities (CBCI), a technical partnership between the Brazilian and German governments, establishes guidelines for the implementation of smart cities in Brazil. It was built between 2019 and 2020, with the collaboration of various social sectors. Its development deserves attention, since social participation would tend to counter techno-solutionist and market-focused biases of smart cities, addressing inclusive aspects. However, the participatory dynamics design can shape different models of power exercise, influencing the level of social intervention (Freitas, 2020; Mello Rose, 2022). Here, the rhetoric of smart cities is also considered, where ICTs would enhance participation. Thus, the study seeks to understand how the design of the CBCI\u2019s participatory process influenced the involvement of civil society organizations (CSOs). This is a qualitative study, which includes bibliographic review, document analysis, and semi-structured interviews. It was concluded that the CBCI process, although well organized, limited the participation of CSOs more broadly due to a political context of low participation and dynamics which favoured those with more resources. In addition, has not succeeded in overcoming access barriers.<\/jats:p>","DOI":"10.22431\/25005227.1219","type":"journal-article","created":{"date-parts":[[2025,7,9]],"date-time":"2025-07-09T21:16:48Z","timestamp":1752095808000},"page":"e1219","source":"Crossref","is-referenced-by-count":0,"title":["Las pr\u00e1cticas participativas en la construcci\u00f3n de la Carta Brasile\u00f1a para Ciudades Inteligentes","The participatory practices' design in the construction of the Brazilian Charter for Smart Cities","Pr\u00e1ticas participativas na constru\u00e7\u00e3o da Carta Brasileira de Cidades Inteligentes"],"prefix":"10.22431","volume":"55","author":[{"ORCID":"https:\/\/orcid.org\/0000-0001-6627-933X","authenticated-orcid":false,"given":"Jacqueline","family":"Moreno Gomes Guimar\u00e3es","sequence":"first","affiliation":[],"role":[{"role":"author","vocabulary":"crossref"}]}],"member":"9723","published-online":{"date-parts":[[2025,6,20]]},"reference":[{"key":"22110","unstructured":"Andus Brasil. (2020). Carta Brasileira para Cidades Inteligentes [Carta Brasile\u00f1a para Ciudades Inteligentes]. Andus Brasil. https:\/\/www.andusbrasil.org.br\/atuacao\/nivel-nacional\/carta"},{"key":"22111","unstructured":"Barandiaran, X. E. (2019). Tecnopol\u00edtica, municipalismo y radicalizaci\u00f3n democr\u00e1tica. En L. Roth, A. Monterde, & A. CallejaL\u00f3pez (Eds.), Ciudades Democr\u00e1ticas: la revuelta municipalista en el ciclo post-15M (pp. 173\u2013207). Icaria Editorial."},{"key":"22112","unstructured":"Barandiaran, X. E. (2020). Autonom\u00eda tecnopol\u00edtica. Qu\u00e9 significa y porqu\u00e9 Decidim es un buen ejemplo. En DECIDIM FEST 2020: Democracia y tecnologia en tiempos de emergencia (pp. 65-71). Ajuntament de Barcelona. https:\/\/www.researchgate.net\/publication\/347842035_Decidim_Fest_2020_Democracia_y_Tecnologia_en_tiempos_de_Emergencia."},{"key":"22113","unstructured":"Boullosa, R. F & Peres, J. L. P. (2020). Gest\u00e3o do desenvolvimento territorial: an\u00e1lise e elabora\u00e7\u00e3o de programas e projetos [Gesti\u00f3n del desarrollo territorial: an\u00e1lisis y elaboraci\u00f3n de programas y proyectos]. UFBA."},{"key":"22114","unstructured":"Bruno, A. P., de Paula, R. F. M., da Silva, R. P. & Habersack, S. (2021). Carta Brasileira para Cidades Inteligentes: produto e processo de constru\u00e7\u00e3o de uma agenda p\u00fablica para a transforma\u00e7\u00e3o digital nas ciudades [Carta Brasile\u00f1a para Ciudades Inteligentes: producto y proceso de construcci\u00f3n de una agenda p\u00fablica para la transformaci\u00f3n digital en las ciudades]. En Cidades Inteligentes: uma abordagem humana e sustent\u00e1vel (pp. 175-187). https:\/\/bd.camara.leg.br\/bd\/handle\/bdcamara\/40194"},{"key":"22115","unstructured":"Decreto n\u00ba 9.759, de 11 de abril de 2019, Dia\u0301rio Oficial da Unia\u0303o [D.O.U.] de 11.04.2019 (Braz.). https:\/\/pesquisa.in.gov.br\/imprensa\/jsp\/visualiza\/index.jsp?data=11\/04\/2019&jornal=600&pagina=5&totalArquivos=17"},{"key":"22116","doi-asserted-by":"publisher","DOI":"10.1590\/0102-047080\/105"},{"key":"22117","unstructured":"GazzConecta. (2020). Smart City Session: 2\u00ba dia de evento debate papel da cidade no bem-estar humano [Smart City Session: 2\u00ba d\u00eda de evento debate papel de la ciudad en el bienestar humano]. GazzConecta. https:\/\/gazzconecta.com.br\/gazz-conecta\/smart-city\/smart-city-session-debate-papel-da-cidade-no-bem-estar-humano\/."},{"key":"22118","unstructured":"Guimar\u00e3es, J. M. G. (2024). A participa\u00e7\u00e3o das organiza\u00e7\u00f5es da sociedade civil na constru\u00e7\u00e3o da carta brasileira para cidades inteligentes [La participaci\u00f3n de las organizaciones de la sociedad civil en la construcci\u00f3n de la carta brasile\u00f1a para ciudades inteligentes]. [Tesis de Maestr\u00eda, Universidade de Bras\u00edlia - UnB]. Reposit\u00f3rio Institucional da UnB. http:\/\/repositorio.unb.br\/handle\/10482\/50793"},{"key":"22119","doi-asserted-by":"publisher","DOI":"10.29327\/233515.2.1-12"},{"key":"22120","doi-asserted-by":"publisher","DOI":"10.22409\/contracampo.v0i0.29422"},{"key":"22121","doi-asserted-by":"publisher","DOI":"10.9771\/ns.v11i20.36637"},{"key":"22122","doi-asserted-by":"publisher","DOI":"10.38116\/td2848"},{"key":"22123","unstructured":"Junior, O. A. S. & Moroso, K. (Org). (2021). Dossi\u00ea de monitoramento das pol\u00edticas urbanas nacionais 2021: direito \u00e0 cidade e reforma urbana em tempos de inflex\u00e3o conservadora. Ed. dos Autores. https:\/\/forumreformaurbana.org.br\/wp-content\/uploads\/2024\/04\/Dossie2021_final-1.pdf"},{"key":"22124","unstructured":"Minist\u00e9rio do Desenvolvimento Regional. (2019a, Ago 23). Carta Brasileira para Cidades Inteligentes: Uso respons\u00e1vel e inovador da transforma\u00e7\u00e3o digital para um desenvolvimento urbano sustent\u00e1vel e inclusivos [Carta Brasile\u00f1a para Ciudades Inteligentes: Uso responsable e innovador de la transformaci\u00f3n digital para un desarrollo urbano sostenible e inclusivo]. https:\/\/www.gov.br\/mdr\/pt-br\/assuntos\/desenvolvimento-regional\/projeto-andus\/carta-brasileira-para-cidades-inteligentes\/carta-brasileira-para-cidades-inteligentes"},{"key":"22125","unstructured":"Minist\u00e9rio do Desenvolvimento Regional. (2019b). Projeto ANDUS [Proyecto ANDUS]. https:\/\/www.gov.br\/mdr\/pt-br\/assuntos\/desenvolvimento-regional\/projeto-andus"},{"key":"22126","unstructured":"Minist\u00e9rio do Desenvolvimento Regional. (2019c). S\u00edntese da primeira oficina de trabalho: Carta Brasileira para Cidades Inteligentes [S\u00edntesis del primer taller de trabajo: Carta Brasile\u00f1a para Ciudades Inteligentes]. [PowerPoint slides]."},{"key":"22127","unstructured":"Minist\u00e9rio do Desenvolvimento Regional. (2019d). S\u00edntese da segunda oficina de trabalho: Carta Brasileira para Cidades Inteligentes [S\u00edntesis del segundo taller de trabajo: Carta Brasile\u00f1a para Ciudades Inteligentes]. [PowerPoint slides]."},{"key":"22128","unstructured":"Minist\u00e9rio do Desenvolvimento Regional. (2020). [Avaliac\u0327a\u0303o Consulta Pu\u0301blica] [Evaluaci\u00f3n Consulta P\u00fablica]. [Datos brutos no publicados]."},{"key":"22129","unstructured":"Minist\u00e9rio do Desenvolvimento Regional. (2020b). Carta Brasileira para Cidades Inteligentes [Carta Brasile\u00f1a para Ciudades Inteligentes] [PowerPoint slides]."},{"key":"22130","unstructured":"Minist\u00e9rio do Desenvolvimento Regional. (2020c). Carta Brasileira para Cidades Inteligentes \u2013 edi\u00e7\u00e3o revisada [Carta Brasile\u00f1a para Ciudades Inteligentes - edici\u00f3n revisada]. Minist\u00e9rio do Desenvolvimento Regional. https:\/\/www.gov.br\/cidades\/pt-br\/acesso-a-informacao\/acoes-e-programas\/desenvolvimento-urbano-e-metropolitano\/projeto-andus\/carta-brasileira-para-cidades-inteligentes\/CartaBrasileiraparaCidadesInteligentes2.pdf."},{"key":"22131","unstructured":"Minist\u00e9rio do Desenvolvimento Regional. (2020d). S\u00edntese da terceira oficina de trabalho: Carta Brasileira para Cidades Inteligentes [S\u00edntesis del tercer taller de trabajo: Carta Brasile\u00f1a para Ciudades Inteligentes]. [PowerPoint slides]."},{"key":"22132","unstructured":"Morozov, E. & Bria, F. (2019). A cidade inteligente: tecnologias urbanas e democracia [La ciudad inteligente: tecnolog\u00edas urbanas y democracia]. Ubu Editora."},{"key":"22133","doi-asserted-by":"publisher","DOI":"10.1080\/09654313.2021.1914556"},{"key":"22134","unstructured":"Mello Rose, F. (2022). Civil society involvement in smart cities: citizen participation or user co-creation?. [PhD thesis, Universita\u0308tsbibliothek der HafenCity Universita\u0308t Hamburg \u2013 HCU]. Repos. https:\/\/repos.hcu-hamburg.de\/bitstream\/hcu\/777\/1\/2022-11-04_Mello-Rose-Filipe_Dissertation.pdf"},{"key":"22135","unstructured":"Mello Rose, F. & Pogrebinchi, T. (2022). Hybrid democratic innovations: The case of Decidim. Actas del IPSA Seminar 2022: Smart Cities and Open Government. https:\/\/congresoxi.gigapp.org\/ipsa-seminar\/ipsa-seminar-acceptedproposals"},{"key":"22136","doi-asserted-by":"publisher","DOI":"10.1177\/09697764221092587"},{"key":"22137","unstructured":"Peduzzi, P. (2020, Oct 20). Carta Brasileira sobre Cidades Inteligentes est\u00e1 aberta \u00e0 consulta: contribui\u00e7\u00f5es podem ser feitas at\u00e9 o dia 7 de novembro [La Carta Brasile\u00f1a sobre Ciudades Inteligentes est\u00e1 abierta a consultas: las contribuciones pueden hacerse hasta el 7 de noviembre]. Ag\u00eancia Brasil. https:\/\/agenciabrasil.ebc.com.br\/politica\/noticia\/2020-10\/carta-brasileira-sobre-cidades-inteligentes-esta-aberta-consulta"},{"key":"22138","doi-asserted-by":"publisher","DOI":"10.1590\/2236-9996.2023-5705"},{"key":"22139","unstructured":"Sustentarqui. (2019, Nov 19). Smart City Expo World Congress 2019. Sustentarqui. https:\/\/sustentarqui.com.br\/smart-city-expo-world-congress-2019-barcelona\/"},{"key":"22140","unstructured":"Vass\u00e3o, C. (2020). Processo de Facilita\u00e7\u00e3o da Intelig\u00eancia Coletiva da CBCI: as dimens\u00f5es documentais e comunit\u00e1rias da constru\u00e7\u00e3o da carta brasileira das cidades inteligentes [Proceso de Facilitaci\u00f3n de la Inteligencia Colectiva de la CBCI: las dimensiones documentais y comunitarias de la construcci\u00f3n del mapa brasile\u00f1o de las ciudades inteligentes]. [PowerPoint slides]. Andus Brasil. https:\/\/www.andusbrasil.org.br\/acervo\/apresentacoes\/59-processo-de-facilitacao-da-inteligencia-coletiva-da-carta-encontro-virtual-andus-2020"},{"key":"22141","unstructured":"Vieira, O. V., Pimenta, R. de M., e Silva, F. de S. & Machado, M. R & de A. (2023). Estado de direito e populismo autorit\u00e1rio: eros\u00e3o e resist\u00eancia institucional no Brasil (2018-22) [Estado de derecho y populismo autoritario: erosi\u00f3n y resistencia institucional en Brasil (2018-22)]. FGV Editora."}],"container-title":["Administraci\u00f3n &amp; Desarrollo"],"link":[{"URL":"https:\/\/revistas.esap.edu.co\/index.php\/admindesarro\/article\/download\/practicas_participativas_Carta_Brasilena_Ciudades_Inteligentes\/804","content-type":"application\/pdf","content-version":"vor","intended-application":"text-mining"},{"URL":"https:\/\/revistas.esap.edu.co\/index.php\/admindesarro\/article\/download\/practicas_participativas_Carta_Brasilena_Ciudades_Inteligentes\/825","content-type":"text\/xml","content-version":"vor","intended-application":"text-mining"},{"URL":"https:\/\/revistas.esap.edu.co\/index.php\/admindesarro\/article\/download\/practicas_participativas_Carta_Brasilena_Ciudades_Inteligentes\/804","content-type":"unspecified","content-version":"vor","intended-application":"similarity-checking"}],"deposited":{"date-parts":[[2025,12,31]],"date-time":"2025-12-31T19:47:25Z","timestamp":1767210445000},"score":0.0,"resource":{"primary":{"URL":"https:\/\/revistas.esap.edu.co\/index.php\/admindesarro\/article\/view\/practicas_participativas_Carta_Brasilena_Ciudades_Inteligentes"}},"issued":{"date-parts":[[2025,6,20]]},"references-count":32,"journal-issue":{"issue":"1","published-online":{"date-parts":[[2025,2,3]]}},"URL":"https:\/\/doi.org\/10.22431\/25005227.1219","ISSN":["2500-5227","0120-3754"],"issn-type":[{"type":"electronic","value":"2500-5227"},{"type":"print","value":"0120-3754"}],"published":{"date-parts":[[2025,6,20]]}},{"indexed":{"date-parts":[[2025,12,31]],"date-time":"2025-12-31T20:19:48Z","timestamp":1767212388180,"version":"3.48.0"},"reference-count":0,"publisher":"Escuela Superior de Administracion Publica","issue":"34","license":[{"start":{"date-parts":[[2025,12,12]],"date-time":"2025-12-12T00:00:00Z","timestamp":1765497600000},"content-version":"unspecified","delay-in-days":0,"URL":"https:\/\/creativecommons.org\/licenses\/by-nc-sa\/4.0"}],"content-domain":{"domain":[],"crossmark-restriction":false},"short-container-title":["Nova vetera"],"abstract":"<jats:p>Problem statement: This article examines the limitations of the Colombian legal framework regarding child custody, demonstrating how the absence of explicit regulations for joint custody reproduces gender inequalities and affects child well-being. Objective: Based on a comparative analysis of the regulations in Mexico, Argentina, Chile, and Puerto Rico, this study identifies regulatory models that incorporate parental co-responsibility mechanisms and clear custody assignment criteria, offering alternatives to overcome existing gaps in Colombia. Methodology: A structured documentary review is employed, based on five analytical categories\u2014naming, adoption criteria, procedural autonomy, visitation regimes, and competent authorities\u2014allowing for the identification of institutional convergences and divergences among the selected cases. Results: The findings show that while some countries have established joint custody as a general rule or preferred legal figure, Colombia continues to rely on jurisprudential precedent, which leads to legal uncertainty and unequal practices. Conclusion: The article concludes that the explicit incorporation of joint custody into Law 1098 of 2006 would function as a policy trigger capable of redistributing care, strengthening gender equality, and harmonizing national legislation with international standards oriented toward the best interests of the child.\n\u00a0<\/jats:p>","DOI":"10.22431\/25005103.1171","type":"journal-article","created":{"date-parts":[[2025,12,19]],"date-time":"2025-12-19T15:26:26Z","timestamp":1766157986000},"source":"Crossref","is-referenced-by-count":0,"title":["An\u00e1lisis comparativo de los marcos legales de la custodia compartida en Latinoam\u00e9rica","Comparative Analysis of Joint-Custody Legal Frameworks in Latin America"],"prefix":"10.22431","author":[{"ORCID":"https:\/\/orcid.org\/0009-0008-1102-6472","authenticated-orcid":false,"given":"Lubar Andr\u00e9s","family":"Chaparro Cabra","sequence":"first","affiliation":[],"role":[{"role":"author","vocabulary":"crossref"}]}],"member":"9723","published-online":{"date-parts":[[2025,12,12]]},"container-title":["Nova et Vetera"],"link":[{"URL":"https:\/\/revistas.esap.edu.co\/index.php\/novaetvetera\/article\/download\/1171\/870","content-type":"application\/pdf","content-version":"vor","intended-application":"text-mining"},{"URL":"https:\/\/revistas.esap.edu.co\/index.php\/novaetvetera\/article\/download\/1171\/870","content-type":"unspecified","content-version":"vor","intended-application":"similarity-checking"}],"deposited":{"date-parts":[[2025,12,31]],"date-time":"2025-12-31T20:17:56Z","timestamp":1767212276000},"score":0.0,"resource":{"primary":{"URL":"https:\/\/revistas.esap.edu.co\/index.php\/novaetvetera\/article\/view\/1171"}},"issued":{"date-parts":[[2025,12,12]]},"references-count":0,"journal-issue":{"issue":"34","published-online":{"date-parts":[[2025,11,25]]}},"URL":"https:\/\/doi.org\/10.22431\/25005103.1171","ISSN":["2500-5103","0123-2614"],"issn-type":[{"type":"electronic","value":"2500-5103"},{"type":"print","value":"0123-2614"}],"published":{"date-parts":[[2025,12,12]]}},{"indexed":{"date-parts":[[2026,2,6]],"date-time":"2026-02-06T22:11:28Z","timestamp":1770415888079,"version":"3.49.0"},"reference-count":0,"publisher":"Escuela Superior de Administracion Publica","issue":"52","license":[{"start":{"date-parts":[[2010,12,1]],"date-time":"2010-12-01T00:00:00Z","timestamp":1291161600000},"content-version":"unspecified","delay-in-days":0,"URL":"http:\/\/creativecommons.org\/licenses\/by-nc-nd\/4.0"}],"content-domain":{"domain":[],"crossmark-restriction":false},"short-container-title":["Adm. Desarro."],"abstract":"<jats:p>The literature on male and female equality policies has undergone an extraordinary development in the last decade. However, few studies have addressed its implementation at subnational level in detail. This article was this intended to help remedy this gap and explore such type of action in a highly decentralised country such as Spain. The objective was to analyse Spanish central and regional equality policies and to show that the so-called autonomous communities have gradually assumed leadership in this area. The article focuses on analysing gender mainstreaming to reveal the loss of central government leadership as this is the latest strategy in this area. It focuses on transcending traditional policies and generalises the goal of gender equality to government as a whole. Legislation and action plans carried out to date at both levels of government have been explored. A general introduction to mainstreaming is given, as is a description of the pertinent key tools such as new equality organisations and gender impact reports. It can be concluded that the autonomous communities have taken a leading role in Spanish gender equality policies and that their actions must be taken into account.<\/jats:p>","DOI":"10.22431\/25005227.155","type":"journal-article","created":{"date-parts":[[2017,7,5]],"date-time":"2017-07-05T12:06:06Z","timestamp":1499256366000},"page":"57-69","source":"Crossref","is-referenced-by-count":4,"title":["Las pol\u00edticas de igualdad en Espa\u00f1a: construyendo el liderazgo del nivel subnacional","Equality policies in Spain: building leadership at subnational level"],"prefix":"10.22431","volume":"38","author":[{"given":"Alba","family":"Alonso Alvarez","sequence":"first","affiliation":[],"role":[{"role":"author","vocabulary":"crossref"}]}],"member":"9723","published-online":{"date-parts":[[2010,12,1]]},"container-title":["Administraci\u00f3n &amp; Desarrollo"],"link":[{"URL":"https:\/\/revistas.esap.edu.co\/index.php\/admindesarro\/article\/download\/155\/pdf","content-type":"application\/pdf","content-version":"vor","intended-application":"text-mining"},{"URL":"https:\/\/revistas.esap.edu.co\/index.php\/admindesarro\/article\/download\/155\/pdf","content-type":"unspecified","content-version":"vor","intended-application":"similarity-checking"}],"deposited":{"date-parts":[[2025,11,6]],"date-time":"2025-11-06T16:34:12Z","timestamp":1762446852000},"score":0.0,"resource":{"primary":{"URL":"https:\/\/revistas.esap.edu.co\/index.php\/admindesarro\/article\/view\/155"}},"issued":{"date-parts":[[2010,12,1]]},"references-count":0,"journal-issue":{"issue":"52","published-online":{"date-parts":[[2010,12,1]]}},"URL":"https:\/\/doi.org\/10.22431\/25005227.155","ISSN":["2500-5227","0120-3754"],"issn-type":[{"value":"2500-5227","type":"electronic"},{"value":"0120-3754","type":"print"}],"published":{"date-parts":[[2010,12,1]]}},{"indexed":{"date-parts":[[2024,7,5]],"date-time":"2024-07-05T10:40:45Z","timestamp":1720176045897},"reference-count":0,"publisher":"Escuela Superior de Administracion Publica","issue":"55","license":[{"start":{"date-parts":[[2012,6,15]],"date-time":"2012-06-15T00:00:00Z","timestamp":1339718400000},"content-version":"unspecified","delay-in-days":0,"URL":"http:\/\/creativecommons.org\/licenses\/by-nc-nd\/4.0"}],"content-domain":{"domain":[],"crossmark-restriction":false},"short-container-title":["Adm. Desarro."],"abstract":"<jats:p>Las relaciones interorganizacionales e intersectoriales entre las organizaciones sin fines de lucro y el sector privado han ganado gran importancia en la \u00faltima d\u00e9cada debido a que representan una interesante alternativa para solucionar los diferentes problemas que afrontan dichas organizaciones y satisfacer sus necesidades. A partir de una revisi\u00f3n te\u00f3rica sobre las alianzas entre las organizaciones de estos dos sectores, se identificaron las motivaciones, los aspectos cr\u00edticos y trece formas diferentes de relaci\u00f3n: alianzas de marca, aportes al fortalecimiento institucional, b\u00fasqueda y generaci\u00f3n de mercados, co-creaci\u00f3n, contratos de licencia de marca o imagen, donaciones corporativas, fundaciones empresariales, maratones solidarias, marketing con causa, marketing pol\u00edtico, patrocinios, promoci\u00f3n o publicidad conjunta y sociedad estrat\u00e9gica. Estas relaciones se describir\u00e1n brevemente y se catalogar\u00e1n de acuerdo con los tres modelos identificados de dominancia-beneficio, estado de la relaci\u00f3n y tipo de actividades. Se destaca el inter\u00e9s de las empresas por migrar de formas tradicionales de filantrop\u00eda a alternativas estrat\u00e9gicas y comerciales que involucren, entre otros, mayor interactividad, compromiso con la causa y desarrollo de diferentes alternativas de promoci\u00f3n, como por ejemplo las alianzas de marca y las fundaciones empresariales.<\/jats:p>","DOI":"10.22431\/25005227.130","type":"journal-article","created":{"date-parts":[[2017,7,5]],"date-time":"2017-07-05T16:06:06Z","timestamp":1499270766000},"page":"77-91","source":"Crossref","is-referenced-by-count":1,"title":["Formas y categorizaci\u00f3n de las relaciones entre las organizaciones sin fines de lucro y el sector privado: una revisi\u00f3n"],"prefix":"10.22431","volume":"40","author":[{"given":"Adriana","family":"Morales Romero","sequence":"first","affiliation":[],"role":[{"role":"author","vocabulary":"crossref"}]},{"given":"Edison Jair","family":"Duque Oliva","sequence":"additional","affiliation":[],"role":[{"role":"author","vocabulary":"crossref"}]}],"member":"9723","published-online":{"date-parts":[[2012,6,15]]},"container-title":["Administraci\u00f3n &amp; Desarrollo"],"link":[{"URL":"https:\/\/revistas.esap.edu.co\/index.php\/admindesarro\/article\/download\/130\/pdf","content-type":"application\/pdf","content-version":"vor","intended-application":"text-mining"},{"URL":"https:\/\/revistas.esap.edu.co\/index.php\/admindesarro\/article\/download\/130\/pdf","content-type":"unspecified","content-version":"vor","intended-application":"similarity-checking"}],"deposited":{"date-parts":[[2021,11,12]],"date-time":"2021-11-12T19:12:14Z","timestamp":1636744334000},"score":0.0,"resource":{"primary":{"URL":"https:\/\/revistas.esap.edu.co\/index.php\/admindesarro\/article\/view\/130"}},"issued":{"date-parts":[[2012,6,15]]},"references-count":0,"journal-issue":{"issue":"55","published-online":{"date-parts":[[2012,6,15]]}},"URL":"https:\/\/doi.org\/10.22431\/25005227.130","ISSN":["2500-5227","0120-3754"],"issn-type":[{"value":"2500-5227","type":"electronic"},{"value":"0120-3754","type":"print"}],"published":{"date-parts":[[2012,6,15]]}},{"indexed":{"date-parts":[[2022,4,5]],"date-time":"2022-04-05T03:47:02Z","timestamp":1649130422280},"reference-count":0,"publisher":"Escuela Superior de Administracion Publica","issue":"51","license":[{"start":{"date-parts":[[2009,6,29]],"date-time":"2009-06-29T00:00:00Z","timestamp":1246233600000},"content-version":"unspecified","delay-in-days":0,"URL":"http:\/\/creativecommons.org\/licenses\/by-nc-nd\/4.0"}],"content-domain":{"domain":[],"crossmark-restriction":false},"short-container-title":["Adm. Desarro."],"abstract":"<jats:p>El presente art\u00edculo presenta como antecedentes a la globalizaci\u00f3n la crisis del modelo fordista-keynesiano y su desarrollo como proceso econ\u00f3mico y social en los a\u00f1os 1980 y 1990. El an\u00e1lisis de esta problem\u00e1tica y el agotamiento del modelo neoliberal sirven de marco para abordar, a partir de revisi\u00f3n de literatura en teor\u00eda econ\u00f3mica, aspectos de la globalizaci\u00f3n y teor\u00eda organizacional, reconocer la importancia de la vinculaci\u00f3n de organizaciones a trav\u00e9s de contratos y la relevancia de distinguir la heterogeneidad de los mismos para percibir la generaci\u00f3n de asimetr\u00edas en los procesos de negociaci\u00f3n.El objetivo del trabajo es explicar el mecanismo denominado de \u201cchantaje\u201d entre agentes entre los cuales existe asimetr\u00eda, como sucede en el caso de organizaciones de los sectores extractivos o de econom\u00edas emergentes, con menor posibilidad competitiva por encontrarse en competencia por nichos ocupados o de tama\u00f1o reducido y organizaciones de los pa\u00edses de centro.<\/jats:p>","DOI":"10.22431\/25005227.348","type":"journal-article","created":{"date-parts":[[2017,7,5]],"date-time":"2017-07-05T16:06:06Z","timestamp":1499270766000},"page":"7-20","source":"Crossref","is-referenced-by-count":0,"title":["El proceso de chantaje como un mecanismo en las relaciones de la globalizaci\u00f3n"],"prefix":"10.22431","volume":"37","author":[{"given":"Ivan","family":"Montoya Restrepo","sequence":"first","affiliation":[],"role":[{"role":"author","vocabulary":"crossref"}]},{"given":"Luz Alexandra","family":"Montoya Restrepo","sequence":"additional","affiliation":[],"role":[{"role":"author","vocabulary":"crossref"}]}],"member":"9723","published-online":{"date-parts":[[2009,6,29]]},"container-title":["Administraci\u00f3n &amp; Desarrollo"],"link":[{"URL":"https:\/\/revistas.esap.edu.co\/index.php\/admindesarro\/article\/download\/348\/pdf","content-type":"application\/pdf","content-version":"vor","intended-application":"text-mining"},{"URL":"https:\/\/revistas.esap.edu.co\/index.php\/admindesarro\/article\/download\/348\/pdf","content-type":"unspecified","content-version":"vor","intended-application":"similarity-checking"}],"deposited":{"date-parts":[[2021,11,12]],"date-time":"2021-11-12T19:13:25Z","timestamp":1636744405000},"score":0.0,"resource":{"primary":{"URL":"https:\/\/revistas.esap.edu.co\/index.php\/admindesarro\/article\/view\/348"}},"issued":{"date-parts":[[2009,6,29]]},"references-count":0,"journal-issue":{"issue":"51","published-online":{"date-parts":[[2009,6,29]]}},"URL":"https:\/\/doi.org\/10.22431\/25005227.348","ISSN":["2500-5227","0120-3754"],"issn-type":[{"value":"2500-5227","type":"electronic"},{"value":"0120-3754","type":"print"}],"published":{"date-parts":[[2009,6,29]]}},{"indexed":{"date-parts":[[2022,3,29]],"date-time":"2022-03-29T07:52:10Z","timestamp":1648540330827},"reference-count":0,"publisher":"Escuela Superior de Administracion Publica","issue":"54","license":[{"start":{"date-parts":[[2011,12,1]],"date-time":"2011-12-01T00:00:00Z","timestamp":1322697600000},"content-version":"unspecified","delay-in-days":0,"URL":"http:\/\/creativecommons.org\/licenses\/by-nc-nd\/4.0"}],"content-domain":{"domain":[],"crossmark-restriction":false},"short-container-title":["Adm. Desarro."],"abstract":"<jats:p>El presente documento se\u00f1ala las diferentes posibilidades de cambio y dise\u00f1o organizacional que se pueden encontrar en las empresas dependiendo del nivel de los agentes en su desempe\u00f1o parte activa y\/o pasiva en la toma de decisiones y c\u00f3mo estas pueden armonizarse para el logro de los objetivos. Se toman los elementos del planteamiento de Senge (2006): las pr\u00e1cticas, los principios y las esencias (creencias) y con ello se recrea una visualizaci\u00f3n de las alternativas que depende de estos elementos.<\/jats:p>","DOI":"10.22431\/25005227.132","type":"journal-article","created":{"date-parts":[[2017,7,5]],"date-time":"2017-07-05T16:06:06Z","timestamp":1499270766000},"page":"11-32","source":"Crossref","is-referenced-by-count":0,"title":["A new application for organisational change"],"prefix":"10.22431","volume":"39","author":[{"given":"Ivan","family":"Montoya Restrepo","sequence":"first","affiliation":[],"role":[{"role":"author","vocabulary":"crossref"}]},{"given":"Alexandra","family":"Montoya Restrepo","sequence":"additional","affiliation":[],"role":[{"role":"author","vocabulary":"crossref"}]}],"member":"9723","published-online":{"date-parts":[[2011,12,1]]},"container-title":["Administraci\u00f3n &amp; Desarrollo"],"link":[{"URL":"https:\/\/revistas.esap.edu.co\/index.php\/admindesarro\/article\/download\/132\/pdf","content-type":"application\/pdf","content-version":"vor","intended-application":"text-mining"},{"URL":"https:\/\/revistas.esap.edu.co\/index.php\/admindesarro\/article\/download\/132\/pdf","content-type":"unspecified","content-version":"vor","intended-application":"similarity-checking"}],"deposited":{"date-parts":[[2021,11,12]],"date-time":"2021-11-12T19:12:36Z","timestamp":1636744356000},"score":0.0,"resource":{"primary":{"URL":"https:\/\/revistas.esap.edu.co\/index.php\/admindesarro\/article\/view\/132"}},"issued":{"date-parts":[[2011,12,1]]},"references-count":0,"journal-issue":{"issue":"54","published-online":{"date-parts":[[2011,12,1]]}},"URL":"https:\/\/doi.org\/10.22431\/25005227.132","ISSN":["2500-5227","0120-3754"],"issn-type":[{"value":"2500-5227","type":"electronic"},{"value":"0120-3754","type":"print"}],"published":{"date-parts":[[2011,12,1]]}},{"indexed":{"date-parts":[[2025,11,6]],"date-time":"2025-11-06T16:40:39Z","timestamp":1762447239748,"version":"build-2065373602"},"reference-count":24,"publisher":"Escuela Superior de Administracion Publica","issue":"2","license":[{"start":{"date-parts":[[2021,12,1]],"date-time":"2021-12-01T00:00:00Z","timestamp":1638316800000},"content-version":"unspecified","delay-in-days":0,"URL":"https:\/\/creativecommons.org\/licenses\/by-nc-sa\/4.0"}],"content-domain":{"domain":[],"crossmark-restriction":false},"short-container-title":["Adm. Desarro."],"abstract":"<jats:p>The work presented below aims to show the results achieved regarding the administrative, commercial, financial and internationalization conditions of the organizations that make up the White Protein Clusters (CPB) and that contribute to the business development of Valle del Cauca, after carrying out a theoretical and practical tour of these conditions in the group of companies that are characterized by being based on business objectives under the integration and interaction that exists between them, and whose objective is to achieve levels of business and sector competitiveness, seeking local development , regional, national and international. The use of the primary sources of information, come from a private entity that works to promote the companies of the territory and the application of a survey, allowed to obtain a first approximation to what the CPB is from the reflection of the administrative, financial, commercial and internationalization of the sector. The result of this analysis of the CPB and its internationalization of the Valle del Cauca economy has led to recognizing the importance of each of the links that make up the cluster, its administrative, commercial, and financial structures, which can be concluded that These factors are essential for the development of the cluster, in its internationalization dynamics.<\/jats:p>","DOI":"10.22431\/25005227.vol51n2.8","type":"journal-article","created":{"date-parts":[[2022,8,11]],"date-time":"2022-08-11T12:22:48Z","timestamp":1660220568000},"page":"175-202","source":"Crossref","is-referenced-by-count":0,"title":["Cl\u00faster de Prote\u00edna Blanca: internacionalizaci\u00f3n econ\u00f3mica del Valle del Cauca un an\u00e1lisis de empresas regionales","White protein cluster: economic internationalization of Valle del Cauca an analysis of regional companies"],"prefix":"10.22431","volume":"51","author":[{"given":"Sandra Luc\u00eda","family":"Aguirre Franco","sequence":"first","affiliation":[],"role":[{"role":"author","vocabulary":"crossref"}]},{"given":"Yanier Alberto","family":"Hern\u00e1ndez Trujillo","sequence":"additional","affiliation":[],"role":[{"role":"author","vocabulary":"crossref"}]},{"given":"Eneis","family":"Jaramillo Rodr\u00edguez","sequence":"additional","affiliation":[],"role":[{"role":"author","vocabulary":"crossref"}]}],"member":"9723","published-online":{"date-parts":[[2021,12,1]]},"reference":[{"key":"5648","unstructured":"Ahmed, P., Shepherd, C., Ramos, L. y Ramos, C. (2012). Administraci\u00f3n de la innovaci\u00f3n. Pearson Educaci\u00f3n."},{"key":"5649","unstructured":"Arag\u00f3n, S. (2006). Cluster: articuladores efectivos del crecimiento de las econom\u00edas locales [Trabajo de pregrado]. Pontificia Universidad Javeriana, seccional Cali."},{"key":"5650","unstructured":"Algar\u00edn, A. (2019). Desempe\u00f1o financiero de las empresas m\u00e1s grandes pertenecientes al cl\u00faster de prote\u00edna blanca en el Valle del Cauca (2013-2017) [Trabajo de grado]. Universidad del Valle."},{"key":"5651","unstructured":"Balestri., A. (1999). El club italiano de distritos industriales. Redes de empresas y desarrollo local. Organizaci\u00f3n para la Cooperaci\u00f3n y el Desarrollo Econ\u00f3micos."},{"key":"5652","unstructured":"Barajas, A. (2020). Cluster de prote\u00edna blanca: opci\u00f3n de innovaci\u00f3n av\u00edcola. Industriaavicola."},{"key":"5653","unstructured":"Barboza, L. (2017). Fortalecimiento competitivo y organizacional de la ganader\u00eda de carne en Costa Rica: propuesta de mejora para la Corporaci\u00f3n Ganadera (CORFOGA). https:\/\/repositorio.una.ac.cr\/handle\/11056\/13799."},{"key":"5654","unstructured":"Castro L., Mar\u00eda D., Delgado T. y Luisa, M. (2017). Estrategias de conectividad multimodal como soporte a las iniciativas cl\u00faster en el Valle del Cauca. https:\/\/repository.unicatolica.edu.co\/bitstream\/handle\/20.500.12237\/1062\/ESTRATEGIAS_CONECTIVIDAD_MULTIMODAL_COMO_SOPORTE_INICIATIVAS_CLUSTER_DEL_VALLE_CAUCA.pdf."},{"key":"5655","unstructured":"Cepal. (1993). Una estrategia de desarrollo a partir de los complejos productivos (Cluster) en torno a los recursos naturales. CEPAL."},{"key":"5656","unstructured":"Chiavenato, I. (2019). Introducci\u00f3n a la teor\u00eda general de la administraci\u00f3n. McGraw Hill."},{"key":"5657","unstructured":"Corrales C. (2007). Importancia del cluster en el desarrollo regional actual. Frontera Norte, 19(37), 173-201."},{"key":"5658","unstructured":"De la Cruz, M. (2018). La transformaci\u00f3n de la matriz productiva y el crecimiento del sector manufacturero en la provincia de Cotopaxi [Tesis de Maestr\u00eda]. Universidad T\u00e9cnica de Ambato."},{"key":"5659","doi-asserted-by":"crossref","unstructured":"Fontalvo-Herrera, T. y De la Hoz-Granadillo, E. (2020). M\u00e9todo conglomerado-an\u00e1lisis discriminante-an\u00e1lisis envolvente de datos para clasificar y evaluar eficiencia empresarial. Entramado, 16(2), 46-55.","DOI":"10.18041\/1900-3803\/entramado.2.6437"},{"key":"5660","doi-asserted-by":"crossref","unstructured":"Gereffi, G. (2001). Las cadenas productivas como marco anal\u00edtico para la globalizaci\u00f3n. Problemas del Desarrollo, 32(125), 9-38.","DOI":"10.22201\/iiec.20078951e.2001.125.7389"},{"key":"5661","unstructured":"G\u00f3mez, G. (2009). La innovaci\u00f3n como estrategia y soluci\u00f3n empresarial para impulsar la competitividad y un crecimiento sostenido a largo plazo. Ciencia y Mar, 13(38), 51-60."},{"key":"5662","unstructured":"Guzm\u00e1n, I. (2021). An\u00e1lisis y propuesta de soluci\u00f3n a los bajos niveles de producci\u00f3n av\u00edcola en la Agropecuaria G&Z SRL [Trabajo de pregrado]. Universidad de Piura."},{"key":"5663","unstructured":"Llin\u00e1s, M. (2021). Iniciativas cluster una forma concreta y efectiva de \u00abmover la aguja\u00bb de la productividad. Puntoaparte."},{"key":"5664","unstructured":"Otero, S. (2021). An\u00e1lisis estrat\u00e9gico y comparativo de los grandes grupos empresariales en el sector alimentario mundial [Trabajo de fin de Maestr\u00eda]. Universidad de Oviedo."},{"key":"5665","unstructured":"Porter, M. (1990). La ventaja competitiva de las naciones. Harvard Business Review."},{"key":"5666","unstructured":"Quintero, R. y Qui\u00f1onez, E. (2020). Estrategias para la recuperaci\u00f3n econ\u00f3mica, a partir del fortalecimiento de clusters y la competencia a las importaciones. En Sociedad, econom\u00eda y organizaciones COVID-19. Reactivaci\u00f3n regional en pospandemia (pp. 115-132). Ecoe Ediciones."},{"key":"5667","unstructured":"Rankin-Cort\u00e1zar, S. (2021) Colombia: Cali y Palmira. Construir una base de conocimiento para comprender el sistema alimentario, los actores y el entorno propicio con una perspectiva de ciudad-regi\u00f3n. En Compendio de pr\u00e1cticas inspiradoras sobre v\u00ednculos urbano-rurales: implementaci\u00f3n de principios rectores y marco de acci\u00f3n para avanzar en el desarrollo territorial integrado (pp. 55-60). ONU-H\u00e1bitat."},{"key":"5668","unstructured":"Ranking, S., Hurtado-Berm\u00fadez, L., Bonilla, O., Mosquera, E. y Lundy, M. (2021). Perfil del sistema alimentario de Cali, ciudad-regi\u00f3n: construyendo un entendimiento com\u00fan que articule e impulse la acci\u00f3n. Alianza de Bioversity International y CIAT."},{"key":"5669","unstructured":"Salazar, G. (2020). Metodolog\u00eda para visibilizar las brechas en el flujo log\u00edstico. Caso: empresa pyme del sector de prote\u00edna blanca del Valle del Cauca. Universidad Aut\u00f3noma de Occidente."},{"key":"5670","unstructured":"Vel\u00e1zquez-Avenda\u00f1o, J. y Perezgrovas-Garza, R. (2017). Caracterizaci\u00f3n de sistemas productivos de ganado bovino en la regi\u00f3n ind\u00edgena XIV Tulij\u00e1-Tseltal-Chol, Chiapas, M\u00e9xico. Agrociencia, 51(3), 285-297."},{"key":"5671","unstructured":"Weihrich, H., Cannice, M. y Koontz, H. (2017). Administraci\u00f3n, una perspectiva global, empresarial y de Innovaci\u00f3n. McGraw Hill."}],"container-title":["Administraci\u00f3n &amp; Desarrollo"],"link":[{"URL":"https:\/\/revistas.esap.edu.co\/index.php\/admindesarro\/article\/download\/673\/585","content-type":"application\/pdf","content-version":"vor","intended-application":"text-mining"},{"URL":"https:\/\/revistas.esap.edu.co\/index.php\/admindesarro\/article\/download\/673\/620","content-type":"text\/xml","content-version":"vor","intended-application":"text-mining"},{"URL":"https:\/\/revistas.esap.edu.co\/index.php\/admindesarro\/article\/download\/673\/585","content-type":"unspecified","content-version":"vor","intended-application":"similarity-checking"}],"deposited":{"date-parts":[[2025,11,6]],"date-time":"2025-11-06T16:35:14Z","timestamp":1762446914000},"score":0.0,"resource":{"primary":{"URL":"https:\/\/revistas.esap.edu.co\/index.php\/admindesarro\/article\/view\/673"}},"issued":{"date-parts":[[2021,12,1]]},"references-count":24,"journal-issue":{"issue":"2","published-online":{"date-parts":[[2021,12,27]]}},"URL":"https:\/\/doi.org\/10.22431\/25005227.vol51n2.8","ISSN":["2500-5227","0120-3754"],"issn-type":[{"type":"electronic","value":"2500-5227"},{"type":"print","value":"0120-3754"}],"published":{"date-parts":[[2021,12,1]]}},{"indexed":{"date-parts":[[2025,12,31]],"date-time":"2025-12-31T20:25:21Z","timestamp":1767212721159,"version":"3.48.0"},"reference-count":27,"publisher":"Escuela Superior de Administracion Publica","issue":"33","license":[{"start":{"date-parts":[[2024,4,30]],"date-time":"2024-04-30T00:00:00Z","timestamp":1714435200000},"content-version":"unspecified","delay-in-days":0,"URL":"https:\/\/creativecommons.org\/licenses\/by-nc-sa\/4.0"}],"content-domain":{"domain":[],"crossmark-restriction":false},"short-container-title":["Nova vetera"],"abstract":"<jats:p>The municipality of Tumaco faces a serious violation of human rights due to the internal armed conflict. Although human rights education is promoted, it has not managed to generate significant changes. Therefore, civic culture becomes important in influencing human rights education and awareness. Hence, the purpose of this research was to analyze civic culture as a transversal axis of civic coexistence among students of the Nuestra Se\u00f1ora del Carmen Espriella Agricultural Technical Educational Institution of the Municipality of Tumaco. In this order of ideas, the quantitative paradigm was used to design an instrument for measuring Citizen Culture. It is important to mention that the theories of Abraham Magendzo K. and Paulo Freire were taken up again, in addition to taking up precedents such as Antanas Mockus, and the research led by the municipal administration of Ibagu\u00e9 in its design and monitoring of Citizen Culture programs and policies. As a result of the investigation, it was obtained that the children and adolescents who are the subject of the study sometimes do not participate in decision-making within the educational institution and the community, a lack of compliance with the rules was evidenced, a violation of the rights and it was determined that the participants care more about themselves than about others, among others. Thus, the results of the measurement instrument highlight the lack of Citizen Culture, and therefore it is necessary to strengthen the individual at a personal and collective level, in order to invigorate spaces for dialogue, relationships based on respect and achieve learning. of significant social behaviors to contribute to the recognition of human rights and social welfare.<\/jats:p>","DOI":"10.22431\/25005103.921","type":"journal-article","created":{"date-parts":[[2024,5,2]],"date-time":"2024-05-02T13:15:14Z","timestamp":1714655714000},"page":"e921","source":"Crossref","is-referenced-by-count":0,"title":["Formaci\u00f3n en cultura ciudadana como contribuci\u00f3n para la protecci\u00f3n de los derechos humanos","Training in citizen culture as a contribution to the protection of human rights"],"prefix":"10.22431","author":[{"ORCID":"https:\/\/orcid.org\/0000-0002-0724-3713","authenticated-orcid":false,"given":"Leydi Johana","family":"Morillo Mosquera","sequence":"first","affiliation":[],"role":[{"role":"author","vocabulary":"crossref"}]}],"member":"9723","published-online":{"date-parts":[[2024,4,30]]},"reference":[{"key":"12525","doi-asserted-by":"crossref","unstructured":"\u00c1lvarez, J. E., Moscoso, L. G. y Jaramillo, S. S. (2019). Ciencias del comportamiento y gobernanza colaborativa: experiencias de cultura ciudadana en Medell\u00edn, Colombia. European Public & Social Innovation Review, 4(1), 53-63. https:\/\/doi.org\/10.31637\/epsir.19-1.5","DOI":"10.31637\/epsir.19-1.5"},{"key":"12526","unstructured":"Angarita, R. D., Duarte, J. E., y Fern\u00e1ndez, F. H. (2018). Desarrollo de un MEC para la creaci\u00f3n de cultura ciudadana sobre el uso del recurso h\u00eddrico en estudiantes de educaci\u00f3n b\u00e1sica. Revista Espacios, 39(15). https:\/\/www.revistaespacios.com\/a18v39n15\/a18v39n15p19.pdf"},{"key":"12527","doi-asserted-by":"crossref","unstructured":"Beltr\u00e1n, L. F. L. (2019). Identidad, memoria y arte popular: una mirada al centro cultural afro en el municipio de Tumaco (Colombia). Campos en Ciencias Sociales, 7(2), 75-124. https:\/\/doi.org\/10.15332\/25006681\/5276","DOI":"10.15332\/25006681\/5276"},{"key":"12528","doi-asserted-by":"crossref","unstructured":"Castellanos Claramunt, J. (2019). Educaci\u00f3n y participaci\u00f3n ciudadana: mejorar la docencia universitaria de la mano de los derechos humanos. Revista de Educaci\u00f3n y Derecho. Education and Law Review, 2019(19), 1-21. https:\/\/doi.org\/10.1344\/REYD2019.19.29092","DOI":"10.1344\/REYD2019.19.29092"},{"key":"12529","unstructured":"Castro, K. D. O. (2017). La legalidad como construcci\u00f3n de cultura ciudadana ."},{"key":"12530","doi-asserted-by":"crossref","unstructured":"Freire, E. E. E. (2019). La interculturalidad en la educaci\u00f3n b\u00e1sica de Ecuador. Revista Metropolitana de Ciencias Aplicadas, 2(2), 20-26. https:\/\/remca.umet.edu.ec\/index.php\/REMCA\/article\/view\/123","DOI":"10.62452\/as41rz81"},{"key":"12531","doi-asserted-by":"crossref","unstructured":"G\u00e1rate, F., L\u00f3pez-Andrada, C., Gonz\u00e1lez, A. O. y Pincheira, L. (2020). Entrevista a Abraham Magendzo Kolstrein sobre la ense\u00f1anza de los Derechos Humanos. Telos: Revista de Estudios Interdisciplinarios en Ciencias Sociales, 22(1), 235-241. https:\/\/doi.org\/10.36390\/telos221.16","DOI":"10.36390\/telos221.16"},{"key":"12532","unstructured":"Garc\u00eda, M. E. C. y Pascagaza, E. F. (2018). Sobre la ense\u00f1anza y el aprendizaje de la cultura ciudadana: una tarea desde la escuela. Revista de Ciencias Sociales y Humanidades, 3(9), 185-200. https:\/\/www.redalyc.org\/journal\/6437\/643766991014\/html\/"},{"key":"12533","unstructured":"Instituto Colombiano de Bienestar Familiar. (2022). Derecho del Bienestar Familiar. ICBF. https:\/\/www.icbf.gov.co\/cargues\/avance\/docs\/f_st844d11.htm"},{"key":"12534","unstructured":"Instituci\u00f3n Educativa Nuestra Se\u00f1ora del Carmen de Espriella. (2022). Proyecto Educativo Institucional (PEI). https:\/\/www.iensdelcarmen.edu.co\/index2.php?id=58254&idmenutipo=5609"},{"key":"12535","unstructured":"Instituci\u00f3n Educativa Nuestra Se\u00f1ora del Carmen de Espriella. (2022). Manual de Convivencia. Tumaco. https:\/\/iensec.edu.co\/manualconvivencia.php"},{"key":"12536","unstructured":"L\u00f3pez, M. y De La Cruz, A. (2017). Estrategia de intervenci\u00f3n psicosocial desde un enfoque sist\u00e9mico para el fortalecimiento de la educaci\u00f3n en derechos humanos de las defensor\u00edas de familia del centro zonal Fontib\u00f3n del Instituto Colombiano de Bienestar Familiar (ICBF) [Tesis de Maestr\u00eda, Universidad Santo Tom\u00e1s]. https:\/\/repository.usta.edu.co\/handle\/11634\/10508"},{"key":"12537","unstructured":"Magendzo, A. (2011). Una propuesta de un curr\u00edculum en competencias gen\u00e9ricas e indicadores de logro para la formaci\u00f3n de un sujeto de derechos: Desarrollo y complejidades. Universidad Academia de Humanismo Cristiano Fundaci\u00f3n IDEAS."},{"key":"12538","doi-asserted-by":"crossref","unstructured":"Magendzo, A. y Pavez, J. (2020). An\u00e1lisis de la Educaci\u00f3n Ciudadana en las Bases Curriculares de 3\u00b0 y 4\u00b0 Medio. Revista Enfoques Educacionales, 17(2), 15-28. https:\/\/doi.org\/10.5354\/2735-7279.2020.60636","DOI":"10.5354\/2735-7279.2020.60636"},{"key":"12539","unstructured":"Moriarty, K. (2017). Crear ciudadanos activos en materia de Derechos Humanos: el papel de la educaci\u00f3n en Derechos Humanos dentro de Amnist\u00eda Internacional. Tarbiya, Revista De Investigaci\u00f3n e Innovaci\u00f3n Educativa, (35). https:\/\/revistas.uam.es\/tarbiya\/article\/view\/7243"},{"key":"12540","unstructured":"Pham, P. y Vinck, P. (s\/f). The Kobo Organization. KoboToolbox. https:\/\/www.kobotoolbox.org\/kobo\/"},{"key":"12541","unstructured":"Proyecto Educativo Institucional [PEI]. (s. f.). Ministerio de educaci\u00f3n Nacional de Colombia. https:\/\/www.mineducacion.gov.co\/1621\/article-79361.html"},{"key":"12542","unstructured":"Reyes, J. G. (2018). Diversas perspectivas de formaci\u00f3n ciudadana en bachillerato y una propuesta desde la cultura ciudadana. Voces de la Educaci\u00f3n, 3(5), 56-77. https:\/\/orcid.org\/0000-0003-1145-7164"},{"key":"12543","doi-asserted-by":"crossref","unstructured":"Rinc\u00f3n, A. C. G. (2019). Las instituciones nacionales de derechos humanos como promotoras de una cultura en derechos humanos. Ratio Juris UNAULA, 14(29), 187-206. https:\/\/doi.org\/10.24142\/raju.v14n29a8","DOI":"10.24142\/raju.v14n29a8"},{"key":"12544","doi-asserted-by":"crossref","unstructured":"Rivera, T. V. G., y Regino, R. M. (2021). La eficacia de los derechos humanos a trav\u00e9s del enfoque de la econom\u00eda social y solidaria. Revista de Estudios Empresariales. Segunda \u00c9poca, (1), 6-27. https:\/\/doi.org\/10.17561\/ree.n1.2021.6260","DOI":"10.17561\/ree.n1.2021.6260"},{"key":"12545","unstructured":"Rojas Bonilla, E. (2018). La cultura de paz y su importancia en el proceso de formaci\u00f3n ciudadana en el contexto educativo colombiano. Varona. Revista Cient\u00edfico Metodol\u00f3gica, (66). http:\/\/scielo.sld.cu\/scielo.php?script=sci_arttext&pid=S1992-82382018000300021&lng=es&tlng=es"},{"key":"12546","unstructured":"Sol\u00eds, L. D. M. (2020). Profundidad o alcance de los estudios cuantitativos. Investigalia. https:\/\/investigaliacr.com\/investigacion\/profundidad-o-alcancede-los-estudios-cuantitativos\/"},{"key":"12547","doi-asserted-by":"crossref","unstructured":"Santander De La Cruz, W., Ovalle Lopez, V., Cervantes Manjarrez, M. L., Villamil Ferrer, J. y Rivera G\u00f3mez, A. (2018). Las competencias ciudadanas como generadoras de cultura ambiental. Cultura educaci\u00f3n y sociedad, 9(2), 67-76. https:\/\/doi.org\/10.17981\/cultedusoc.9.2.2018.06","DOI":"10.17981\/cultedusoc.9.2.2018.06"},{"key":"12548","unstructured":"Magendzo, A. (2001). La pedagog\u00eda de los derechos humanos. IPEDEHP."},{"key":"12549","unstructured":"Mart\u00ednez Ram\u00edrez, E., Valencia Arias, L. y Zuluaga Orozco, F. (2018). Incidencia de la norma en el desarrollo de la dimensi\u00f3n socio afectiva, en los ni\u00f1os del Jard\u00edn \u2018H\u2019, del Hogar Infantil Hormiguita Viajera [Tesis Doctoral, Corporaci\u00f3n Universitaria Minuto de Dios]. https:\/\/repository.uniminuto.edu\/handle\/10656\/7490"},{"key":"12550","unstructured":"Mart\u00ednez, R. J. (2020). \u00bfSon realmente importantes las tareas escolares en el hogar? La importancia del v\u00ednculo y entrega de habilidades o conocimientos de padres a hijos en tiempos de cuarentena. Revista Salud y Buena Vida, 45, 4-5. https:\/\/doi.org\/10.17613\/zp85-jt32"},{"key":"12551","doi-asserted-by":"crossref","unstructured":"Verdeja Mu\u00f1iz y Gonz\u00e1lez X. A. (2018). Aportaciones de Paulo Freire a la educaci\u00f3n intercultural. Un estudio de caso en educaci\u00f3n secundaria. Revista Iberoamericana de Educaci\u00f3n, 76(1), 143-168. https:\/\/dialnet.unirioja.es\/servlet\/articulo?codigo=6284868","DOI":"10.35362\/rie7602854"}],"container-title":["Nova et Vetera"],"link":[{"URL":"https:\/\/revistas.esap.edu.co\/index.php\/novaetvetera\/article\/download\/921\/752","content-type":"application\/pdf","content-version":"vor","intended-application":"text-mining"},{"URL":"https:\/\/revistas.esap.edu.co\/index.php\/novaetvetera\/article\/download\/921\/752","content-type":"unspecified","content-version":"vor","intended-application":"similarity-checking"}],"deposited":{"date-parts":[[2025,12,31]],"date-time":"2025-12-31T20:20:03Z","timestamp":1767212403000},"score":0.0,"resource":{"primary":{"URL":"https:\/\/revistas.esap.edu.co\/index.php\/novaetvetera\/article\/view\/921"}},"issued":{"date-parts":[[2024,4,30]]},"references-count":27,"journal-issue":{"issue":"33","published-online":{"date-parts":[[2024,4,30]]}},"URL":"https:\/\/doi.org\/10.22431\/25005103.921","ISSN":["2500-5103","0123-2614"],"issn-type":[{"type":"electronic","value":"2500-5103"},{"type":"print","value":"0123-2614"}],"published":{"date-parts":[[2024,4,30]]}},{"indexed":{"date-parts":[[2025,11,6]],"date-time":"2025-11-06T16:35:56Z","timestamp":1762446956366,"version":"build-2065373602"},"reference-count":0,"publisher":"Escuela Superior de Administracion Publica","issue":"52","license":[{"start":{"date-parts":[[2010,12,1]],"date-time":"2010-12-01T00:00:00Z","timestamp":1291161600000},"content-version":"unspecified","delay-in-days":0,"URL":"http:\/\/creativecommons.org\/licenses\/by-nc-nd\/4.0"}],"content-domain":{"domain":[],"crossmark-restriction":false},"short-container-title":["Adm. Desarro."],"abstract":"<jats:p>The problem of ensuring food and nutritional safety in Bogota has grown in importance for district administrations, especially during 2004-2008 (the period which this analysis is focused on). Including this issue on the district\u00bfs social policy agenda had a great impact on programmes developed so far in this field. Including food supply redimensioned the administration\u00b4s service ability and quality regarding how it addressed this public issue. This analysis included identifying the problem, the agendas, the design, implementation and evaluation of public policy on food and nutritional security 2004-2008, using the analytical approach proposed by Pierre Muller in Public Policy Analysis thereby allowing a better understanding of the qualities and characteristics of such policy, given its special nature.<\/jats:p>","DOI":"10.22431\/25005227.163","type":"journal-article","created":{"date-parts":[[2017,7,5]],"date-time":"2017-07-05T12:06:06Z","timestamp":1499256366000},"page":"173-190","source":"Crossref","is-referenced-by-count":0,"title":["An\u00e1lisis de la pol\u00edtica p\u00fablica de seguridad alimentaria y nutricional de Bogot\u00e1 2004-2008","Analysing public policy regarding food and nutritional safety in Bogota 2004-2008"],"prefix":"10.22431","volume":"38","author":[{"given":"Laura Angelica","family":"Ruiz Franco","sequence":"first","affiliation":[],"role":[{"role":"author","vocabulary":"crossref"}]},{"given":"Luis Camilo","family":"Castiblanco Sarmiento","sequence":"additional","affiliation":[],"role":[{"role":"author","vocabulary":"crossref"}]}],"member":"9723","published-online":{"date-parts":[[2010,12,1]]},"container-title":["Administraci\u00f3n &amp; Desarrollo"],"link":[{"URL":"https:\/\/revistas.esap.edu.co\/index.php\/admindesarro\/article\/download\/163\/pdf","content-type":"application\/pdf","content-version":"vor","intended-application":"text-mining"},{"URL":"https:\/\/revistas.esap.edu.co\/index.php\/admindesarro\/article\/download\/163\/pdf","content-type":"unspecified","content-version":"vor","intended-application":"similarity-checking"}],"deposited":{"date-parts":[[2025,11,6]],"date-time":"2025-11-06T16:34:17Z","timestamp":1762446857000},"score":0.0,"resource":{"primary":{"URL":"https:\/\/revistas.esap.edu.co\/index.php\/admindesarro\/article\/view\/163"}},"issued":{"date-parts":[[2010,12,1]]},"references-count":0,"journal-issue":{"issue":"52","published-online":{"date-parts":[[2010,12,1]]}},"URL":"https:\/\/doi.org\/10.22431\/25005227.163","ISSN":["2500-5227","0120-3754"],"issn-type":[{"type":"electronic","value":"2500-5227"},{"type":"print","value":"0120-3754"}],"published":{"date-parts":[[2010,12,1]]}},{"indexed":{"date-parts":[[2026,4,29]],"date-time":"2026-04-29T09:28:03Z","timestamp":1777454883981,"version":"3.51.4"},"reference-count":80,"publisher":"Escuela Superior de Administracion Publica","issue":"1","license":[{"start":{"date-parts":[[2021,6,30]],"date-time":"2021-06-30T00:00:00Z","timestamp":1625011200000},"content-version":"unspecified","delay-in-days":0,"URL":"http:\/\/creativecommons.org\/licenses\/by-nc-nd\/4.0"}],"content-domain":{"domain":[],"crossmark-restriction":false},"short-container-title":["Adm. Desarro."],"abstract":"<jats:p>Se plantean las nuevas necesidades de la sociedad del aprendizaje continuo, que surgen a partir del uso de los entornos virtuales de aprendizaje antes y posteriores al COVID-19. Se realiz\u00f3 una revisi\u00f3n actualizada de la literatura y de algunas de las teor\u00edas sobre la metacognici\u00f3n y la autorregulaci\u00f3n, para dar respuesta a los nuevos retos de los aprendices, tutores y dise\u00f1adores del aprendizaje en l\u00ednea. Se discuten las ventajas que ofrece el fomento de la autorregulaci\u00f3n en los aprendices en l\u00ednea, y sobre sus competencias para aprender, y se ofrece una gu\u00eda pr\u00e1ctica para tutores. La evidencia se\u00f1ala que incorporar un entrenamiento expl\u00edcito o impl\u00edcito en autorregulaci\u00f3n genera en los estudiantes un mejor rendimiento y calidad del aprendizaje. Se presentan siete pautas para mejorar la planificaci\u00f3n, que van desde la evaluaci\u00f3n preliminar de la capacidad de autorregulaci\u00f3n del estudiante hasta el fomento de la metacognici\u00f3n, el automonitoreo y la motivaci\u00f3n.<\/jats:p>","DOI":"10.22431\/25005227.vol51n1.1","type":"journal-article","created":{"date-parts":[[2022,6,16]],"date-time":"2022-06-16T16:58:41Z","timestamp":1655398721000},"page":"4-29","source":"Crossref","is-referenced-by-count":2,"title":["Hacia mejores pr\u00e1cticas en el aprendizaje en l\u00ednea: fomento de la autorregulaci\u00f3n del alumnado"],"prefix":"10.22431","volume":"51","author":[{"ORCID":"https:\/\/orcid.org\/0000-0002-6813-5521","authenticated-orcid":false,"given":"Ang\u00e9lica","family":"Garz\u00f3n Umerenkova","sequence":"first","affiliation":[],"role":[{"role":"author","vocabulary":"crossref"}]},{"ORCID":"https:\/\/orcid.org\/0000-0002-1280-7165","authenticated-orcid":false,"given":"Pedro","family":"Organista D\u00edaz","sequence":"additional","affiliation":[],"role":[{"role":"author","vocabulary":"crossref"}]}],"member":"9723","published-online":{"date-parts":[[2021,6,30]]},"reference":[{"key":"3951","doi-asserted-by":"crossref","unstructured":"Alonso-Garc\u00eda, S., Aznar-D\u00edaz, I., C\u00e1ceres-Reche, M., Trujillo-Torres, J. & Romero-Rodr\u00edguez, J. (2019). Systematic review of good teaching practices with ICT in Spanish Higher Education. Trends and Challenges for Sustainability. Sustainability, 11(24), 7150.","DOI":"10.3390\/su11247150"},{"key":"3952","unstructured":"Artino, A. & Ioannou, A. (2008). Promoting Academic Motivation and Self-Regulation: Practical Guidelines for Online Instructors. In K. McFerrin et al. (Eds.), Proceedings of Society for Information Technology & Teacher Education International Conference 2008 (pp. 208-212). AACE."},{"key":"3953","doi-asserted-by":"crossref","unstructured":"Azevedo, R. (2020). Reflections on the field of metacognition: Issues, challenges, and opportunities. Metacognition and Learning, 15, 91-98.","DOI":"10.1007\/s11409-020-09231-x"},{"key":"3954","doi-asserted-by":"crossref","unstructured":"Azevedo, R. & Cromley, J. (2004). Does training on self-regulated learning facilitate students\u2019 learning with hypermedia? Journal of Educational Psychology, 96(3), 523-535.","DOI":"10.1037\/0022-0663.96.3.523"},{"key":"3955","doi-asserted-by":"crossref","unstructured":"Azevedo, R., Cromley, J. & Seibert, D. (2004). Does adaptive scaffolding facilitate students\u2019 ability to regulate their learning with hypermedia? Contemporary Educational Psychology, 29(3), 334-370.","DOI":"10.1016\/j.cedpsych.2003.09.002"},{"key":"3956","unstructured":"Azevedo, R., Cromley, J., Winters, F., Moos, D. & Greene, J. (2006). Using Computers as MetaCognitive Tools to Foster Students\u2019 Self-Regulated Learning. Technology, Instruction, Cognition and Learning Journal, 3(1), 97-104."},{"key":"3957","doi-asserted-by":"crossref","unstructured":"Azevedo, R., Moos, D., Greene, J., Winters, F. & Cromley, J. (2008). Why is externally-facilitated regulated learning more effective than self-regulated learning with hypermedia? Education Tech Research Dev, 56(3), 45\u201372.","DOI":"10.1007\/s11423-007-9067-0"},{"key":"3958","unstructured":"Azevedo, R. & Witherspoon, A. (2009). Self-regulated use of hypermedia. En Handbook of metacognition in education (pp. 219-239). Erlbaum."},{"key":"3959","doi-asserted-by":"crossref","unstructured":"Banihashem, S., Farrokhnia, M., Badali, M. & Noroozi, O. (2021). The impacts of constructivist learning design and learning analytics on students\u2019 engagement and self-regulation. Innovations in Education and Teaching International, 1-11.","DOI":"10.1080\/14703297.2021.1890634"},{"key":"3960","doi-asserted-by":"crossref","unstructured":"Barak, M. (2010). Motivating self-regulated learning in technology education. Int J Technol Des Educ, 20(3), 381-401.","DOI":"10.1007\/s10798-009-9092-x"},{"key":"3961","unstructured":"Barbera, E. (2004). La educaci\u00f3n en red. Actividades virtuales de ense\u00f1anza y aprendizaje. Paid\u00f3s."},{"key":"3962","doi-asserted-by":"crossref","unstructured":"Barbour, M. & Reeves, Th. (2009). The reality of virtual schools: A review of the literature. Computers & Education, 52(2), 402\u2013416.","DOI":"10.1016\/j.compedu.2008.09.009"},{"key":"3963","doi-asserted-by":"crossref","unstructured":"Bernal, F., Guzm\u00e1n, N. & Andrade, J. (2020). Virtual Learning and Training Needs in a Peripheral Region of Colombia. TEM Journal, 9(4), 1681. https:\/\/doi.org\/10.18421\/TEM94-47","DOI":"10.18421\/TEM94-47"},{"key":"3964","doi-asserted-by":"crossref","unstructured":"Bernard, R., Abrami, Ph., Lou, Y., Borokhovski, E., Wade, A., Wozney, L., Wallet, P. & Fiset, M. (2004). How Does Distance Education Compare with Classroom Instruction? A Meta-analysis of Empirical Literature. Review of Educational Research, 74(3), 379-439.","DOI":"10.3102\/00346543074003379"},{"key":"3965","unstructured":"Booker, E. & Rebman, C. (2005). E-student retention: Factors affecting customer loyalty for online program success. Issues in Information Systems, 6(1), 183-189."},{"key":"3966","unstructured":"Boring, E. (1999). Historia De La Psicolog\u00eda Experimental. Ed. Trillas."},{"key":"3967","doi-asserted-by":"crossref","unstructured":"Braten, I. & Stromso, H. (2009). Effects of Task Instruction and Personal Epistemology on the Understanding of Multiple Texts About Climate Change. Discourse processes, 47(1), 1-31.","DOI":"10.1080\/01638530902959646"},{"key":"3968","unstructured":"Brown, A. (1987). Metacognition, executive control, self-regulation, and other more mysterious mechanisms. En Metacognition, motivation, and understanding (pp. 65-116). Erlbaum."},{"key":"3969","doi-asserted-by":"crossref","unstructured":"Chen, C. (2009) Personalized E-learning system with self-regulated learning assisted mechanisms for promoting learning performance. Expert systems with applications, 36(5), 8816-8829.","DOI":"10.1016\/j.eswa.2008.11.026"},{"key":"3970","unstructured":"Coll, C. (2008). Aprender y ense\u00f1ar con las TIC: expectativas, realidad y potencialidades. Bolet\u00edn de la Instituci\u00f3n Libre de Ense\u00f1anza, 72(1), 17-40."},{"key":"3971","doi-asserted-by":"crossref","unstructured":"Coussement, K., Phan, M., De Caigny, A., Benoit, D. & Raes, A. (2020). Predicting student dropout in subscription-based online learning environments: The beneficial impact of the logit leaf model. Decision Support Systems, 135, 113325.","DOI":"10.1016\/j.dss.2020.113325"},{"key":"3972","unstructured":"Dabbagh, N. & Kitsantas, A. (2004). Supporting self-regulation in student centered Web based learning environments. International Journal on E-learning, 3(1), 40-47."},{"key":"3973","doi-asserted-by":"crossref","unstructured":"De la Fuente, J., Peralta-S\u00e1nchez, F., Mart\u00ednez-Vicente, J., Sander, P., Garz\u00f3n-Umerenkova, A. & Zapata, L. (2020). Effects of Self-Regulation vs. External Regulation on the Factors and Symptoms of Academic Stress in Undergraduate Students. Front. Psychol, 1773. https:\/\/doi.org\/10.3389\/fpsyg.2020.01773","DOI":"10.3389\/fpsyg.2020.01773"},{"key":"3974","doi-asserted-by":"crossref","unstructured":"De la Fuente, J., Sander, P., Garz\u00f3n-Umerenkova, A., Vera-Mart\u00ednez, M., Fadda, S. & Gaetha, M. (2021). Self-Regulation and Regulatory Teaching as Determinants of Academic Behavioral Confidence and Procrastination in Undergraduate Students. Frontiers in Psychology, 12.","DOI":"10.3389\/fpsyg.2021.602904"},{"key":"3975","doi-asserted-by":"crossref","unstructured":"DeStefano, D. & LeFevre, J. (2007). Cognitive load in hypertext reading: A review. Computers in human behavior, 23(3), 1616-1641.","DOI":"10.1016\/j.chb.2005.08.012"},{"key":"3976","unstructured":"D\u00edaz, F. & Hern\u00e1ndez, G. (2010). Estrategias docentes para un aprendizaje significativo: una interpretaci\u00f3n constructivista. McGraw Hill."},{"key":"3977","doi-asserted-by":"crossref","unstructured":"Dillon, A. & Jobst, J. (2005). Multimedia learning with hypermedia. En The Cambridge handbook of multimedia learning (pp. 569-588). Cambridge University Press.","DOI":"10.1017\/CBO9780511816819.035"},{"key":"3978","unstructured":"English, R. & Duncan, J. (2008). Facebook goes to college: Using social networking tools to support students undertaking teaching practicum. Journal of Online Learning and Teaching, 4(4), 596-601."},{"key":"3979","doi-asserted-by":"crossref","unstructured":"Ferm\u00edn-Gonz\u00e1lez, M. (2019). Research on virtual education, inclusion, and diversity: A systematic review of scientific publications (2007\u2013 2017). International Review of Research in Open and Distributed Learning, 20(5), 146-167.","DOI":"10.19173\/irrodl.v20i5.4349"},{"key":"3980","doi-asserted-by":"crossref","unstructured":"Fisher, M. & Baird, D. (2005). Online learning design that fosters student support, self-regulation, and retention. Campus - Wide Information Systems, 22(2), 88-107.","DOI":"10.1108\/10650740510587100"},{"key":"3981","unstructured":"Flavell, J. (1985). El desarrollo cognitive. Visor."},{"key":"3982","unstructured":"Frankola, K. (2001). Why Online Learners Drop Out: High dropout rates are e-learning\u2019s embarrassing secret. Here\u2019s what you can do about it. Business Library. http:\/\/findarticles.com\/p\/articles\/mi_m0FXS\/is_10_80\/ai_79352432\/"},{"key":"3983","doi-asserted-by":"crossref","unstructured":"Garrido, J., Contreras, D. & Miranda, C. (2013). An\u00e1lisis de la disposici\u00f3n pedag\u00f3gica de los futuros profesores para usar las TIC. Estudios Pedag\u00f3gicos, 39(Especial), 59-74.","DOI":"10.4067\/S0718-07052013000300005"},{"key":"3984","doi-asserted-by":"crossref","unstructured":"Garz\u00f3n, A. & Gil, J. (2017). El papel de la procrastinaci\u00f3n acad\u00e9mica como factor de la deserci\u00f3n universitaria. Revista Complutense de Educaci\u00f3n, 28(1), 307-324. https:\/\/doi.org\/10.5209\/revRCED.2017.v28.n1.49682","DOI":"10.5209\/rev_RCED.2017.v28.n1.49682"},{"key":"3985","doi-asserted-by":"crossref","unstructured":"Garz\u00f3n, A., De la Fuente, J., Amate, J., Paoloni, P., Fadda, S. & P\u00e9rez, J. (2018). A Linear Empirical Model of Self-Regulation on Flourishing, Health, Procrastination, and Achievement, Among University Students. Frontiers in psychology, 9, 536.","DOI":"10.3389\/fpsyg.2018.00536"},{"key":"3986","unstructured":"Heller, N. (2020). Pervasive learning analytics for fostering learners\u2019 self-regulation [doctoral disertation, Universit\u00e4t M\u00fcnchen] ludwig maximilian university of munich]. Elektronische Hochschulschriften der LMU M\u00fcnchen. https:\/\/edoc.ub.uni-muenchen.de\/26428\/"},{"key":"3987","unstructured":"Henao, O. (2002). La ense\u00f1anza virtual en la educaci\u00f3n superior. ICFES."},{"key":"3988","unstructured":"Hern\u00e1ndez, F. & Rodr\u00edguez, C. (2002). Alternativa de un modelo virtual para mejorar la ense\u00f1anza de ingl\u00e9s. Fondo de Publicaciones Universidad Distrital Francisco Jos\u00e9 de Caldas."},{"key":"3989","doi-asserted-by":"crossref","unstructured":"Infante, V., Dapelo, B., Cobo, R., L\u00f3pez, Y., Escobar, B. & Beyle, C. (2021). Aplicaciones que emplean y recomendaciones que entregan docentes universitarios para la autorregulaci\u00f3n del aprendizaje en contexto de la pandemia por COVID-19. Texto Livre, 14(3), 1-24.","DOI":"10.35699\/1983-3652.2021.33027"},{"key":"3990","unstructured":"JISC. (2007). Effective Practice with e-Assessment. An overview of technologies, policies and practice in further and higher education. Higher Education Funding Council for England (HEFCE) on behalf of JISC."},{"key":"3991","unstructured":"JISC. (2010). Effective Assessment in a Digital Age. A guide to technology-enhanced assessment and feedback. Higher Education Funding Council for England (HEFCE) on behalf of JISC."},{"key":"3992","doi-asserted-by":"crossref","unstructured":"Kramarski, B. & Gutman, M. (2006). How can self-regulated learning be supported in mathematical E-learning environments? Journal of Computer Assisted Learning, 22(1), 24\u201333.","DOI":"10.1111\/j.1365-2729.2006.00157.x"},{"key":"3993","doi-asserted-by":"crossref","unstructured":"Lai, C. & Hwang, G. (2021). Strategies for enhancing self-regulation in e-learning: a review of selected journal publications from 2010 to 2020. Interactive Learning Environments, 1-23.","DOI":"10.1080\/10494820.2021.1943455"},{"key":"3994","unstructured":"Laskey, M. & Hetzel C. (2010). Self-regulated Learning, Metacognition, and Soft Skills: The 21St Century Learner. Online submition. http:\/\/20.132.48.254\/ERICWebPortal\/search\/recordDetails.jsp?ERICExtSearch_Descriptor=%22Generation+Gap%22&_pageLabel=RecordDetails&accno=ED511589&_nfls=false"},{"key":"3995","doi-asserted-by":"crossref","unstructured":"Lee, D., Watson, S. & Watson, W. (2019). Systematic literature review on self-regulated learning in massive open online courses. Australasian Journal of Educational Technology, 35(1).","DOI":"10.14742\/ajet.3749"},{"key":"3996","doi-asserted-by":"crossref","unstructured":"Lovos, E., & Aballay, L. (2020). Deserci\u00f3n Acad\u00e9mica y Emociones en Ambientes E-learning. Revista Iberoamericana de Tecnolog\u00eda en Educaci\u00f3n y Educaci\u00f3n en Tecnolog\u00eda, (27), 89-94.","DOI":"10.24215\/18509959.27.e10"},{"key":"3997","doi-asserted-by":"crossref","unstructured":"Lui, A., Choy, S., Cheung, Y. & Li, S. (2006). A study on the perception of students towards educational weblogs. Informatics in Education, 5(2), 233-254.","DOI":"10.15388\/infedu.2006.18"},{"key":"3998","doi-asserted-by":"crossref","unstructured":"Mart\u00ednez, R., Montero, Y. & Pedrosa, M. (2009). Una aproximaci\u00f3n a las creencias epistemol\u00f3gicas y pedag\u00f3gicas de los profesores y a su valoraci\u00f3n de internet. Revista Iberoamericana de Educaci\u00f3n, 51(1), 1-15.","DOI":"10.35362\/rie5111925"},{"key":"3999","unstructured":"Moos, D. & Azevedo, R. (2006). The role of goal structure in undergraduates\u2019 use of self-regulatory variables in two hypermedia learning tasks. Journal of Educational Multimedia and Hypermedia, 15(1), 49\u201386."},{"key":"4000","doi-asserted-by":"crossref","unstructured":"Muis, K. (2007). The Role of Epistemic Beliefs in Self-Regulated Learning. Educational psychologist, 42(3), 173-190.","DOI":"10.1080\/00461520701416306"},{"key":"4001","doi-asserted-by":"crossref","unstructured":"Muis, K. & Franco, G. (2009). Epistemic beliefs: Setting the standards for self-regulated learning. Contemporary educational psychology, 34(4), 306-318.","DOI":"10.1016\/j.cedpsych.2009.06.005"},{"key":"4002","unstructured":"N\u00fa\u00f1ez, C., Cerezo, R., Gonz\u00e1lez-Pienda, J., Ros\u00e1rio, P., Valle, A., Fern\u00e1ndez, E. & Su\u00e1rez, N. (2011). Implementation of training programs in self-regulated learning strategies in Moodle format: Results of a experience in higher education. Psicothema, 23(2), 274-281."},{"key":"4003","unstructured":"Organista, P. (2005). Conciencia y metacognici\u00f3n. Avances en psicolog\u00eda latinoamericana, 23(1), 77-89."},{"key":"4004","doi-asserted-by":"crossref","unstructured":"Palalas, A. & Wark, N. (2020). The relationship between mobile learning and self-regulated learning: A systematic review. Australasian Journal of Educational Technology, 36(4), 151-172.","DOI":"10.14742\/ajet.5650"},{"key":"4005","unstructured":"Piaget, J. (1970). La toma de conciencia. Planeta."},{"key":"4006","unstructured":"Piaget, J. (1980). Problemas de psicolog\u00eda gen\u00e9tica. Planeta."},{"key":"4007","doi-asserted-by":"crossref","unstructured":"Pintrich, P. (2000). The role of goal orientation in self-regulated learning. En Handbook of self-regulation (pp. 452\u2013502). Academic Press.","DOI":"10.1016\/B978-012109890-2\/50043-3"},{"key":"4008","unstructured":"Porter, M. (1991). La ventaja competitiva de las naciones. Vergara."},{"key":"4009","unstructured":"Pozo, J. & Monereo, C. (1999). El aprendizaje estrat\u00e9gico. Alianza."},{"key":"4010","unstructured":"Proske, A., Narciss, S. & K\u00f6rndle, H. (2007). Interactivity and Learners\u2019 Achievement in Web-Based Learning. Journal of Interactive Learning Research, 18(4), 511-531."},{"key":"4011","doi-asserted-by":"crossref","unstructured":"Quaresma, F. & Oliveira, H. (2009). A webquest como atividade did\u00e1tica potencilizadora da educa\u00e7\u00e3o. RENOTE, 7(1). http:\/\/es.scribd.com\/doc\/93425899\/A-webquest-como-atividade-didatica","DOI":"10.22456\/1679-1916.13905"},{"key":"4012","unstructured":"Rodr\u00edguez, M. (2009). Motivar para aprender en situaciones acad\u00e9micas. En La crisis de la escuela educadora (pp. 207-242). Laertes."},{"key":"4013","doi-asserted-by":"crossref","unstructured":"Rodrigues, H., Almeida, F., Figueiredo, V. & Lopes, S. (2019). Tracking e-learning through published papers: A systematic review. Computers & Education, 136, 87-89.","DOI":"10.1016\/j.compedu.2019.03.007"},{"key":"4014","doi-asserted-by":"crossref","unstructured":"Sanhueza, J. (2006). Caracter\u00edsticas de las pr\u00e1cticas pedag\u00f3gicas con TIC y efectividad escolar. Revista Digital de Educaci\u00f3n y Nuevas Tecnolog\u00edas, 36(3), 1-8. http:\/\/contexto-educativo.com.ar\/2005\/3\/nota-09.htm","DOI":"10.35362\/rie3632818"},{"key":"4015","unstructured":"Schunk, D. & Zimmerman, B. (1989). Self-regulation of Learning and Performance: Issues and Educational Applications. Lawrence Erlbaum Associates."},{"key":"4016","unstructured":"Serrano, J. & Pons, R. (2011). El constructivismo hoy: enfoques constructivistas en educaci\u00f3n. Revista Electr\u00f3nica de Investigaci\u00f3n Educativa, 13(1), 1-27."},{"key":"4017","unstructured":"Song, D. & Kim, D. (2020). Effects of self-regulation scaffolding on online participation and learning outcomes. Journal of Research on Technology in Education, 53(3), 149-263."},{"key":"4018","doi-asserted-by":"crossref","unstructured":"Stephen, J. & Rockinson-Szapkiw, A. (2021). A high-impact practice for online students: the use of a first-semester seminar course to promote self-regulation, self-direction, online learning self-efficacy. Smart Learning Environments, 8(1), 1-18.","DOI":"10.1186\/s40561-021-00151-0"},{"key":"4019","doi-asserted-by":"crossref","unstructured":"Stromso, H. & Braten, I. (2010). The role of personal epistemology in the self-regulation of internet-based learning. Metacognition Learning, 5(1), 91-111.","DOI":"10.1007\/s11409-009-9043-7"},{"key":"4020","unstructured":"Ter\u00e4s, M., Ter\u00e4s, H., Arinto, P., Brunton, J., Daryono, D. & Subramaniam, T. (2020) COVID-19 and the push to online learning: reflections from 5 countries. Digital Culture and Education. URL: https:\/\/www.digitalcultureandeducation.com\/reflections-on-covid19\/reflections-from-5-countries#"},{"key":"4021","unstructured":"Tesouro, M. (2004). Innovemos la evaluaci\u00f3n utiliz\u00e1ndola como instrumento metacognitivo. Aula de Innovaci\u00f3n Educativa, (137), 62-64."},{"key":"4022","doi-asserted-by":"crossref","unstructured":"Van, S. & Elen, J. (2016). In search of attributes that support self-regulation in blended learning environments. Education and Information Technologies, 22(4), 1395-1454.","DOI":"10.1007\/s10639-016-9505-x"},{"key":"4023","unstructured":"Vygotski, L. (1987). Pensamiento y lenguaje. La Pl\u00e9yade."},{"key":"4024","unstructured":"Vygotski, L. (1989). El desarrollo de los procesos ps\u00edquicos superiores. Cr\u00edtica."},{"key":"4025","doi-asserted-by":"crossref","unstructured":"Winters, F., Greene, J. & Costish, C. (2008). Self-Regulation of Learning within Computer based Learning Environments: A Critical Analysis. Educ Psychol Rev, 20(4), 429-444.","DOI":"10.1007\/s10648-008-9080-9"},{"key":"4026","doi-asserted-by":"crossref","unstructured":"Wong, J., Baars, M., Davis, D., Van Der Zee, T., Houben, G. & Paas, F. (2019). Supporting self-regulated learning in online learning environments and MOOCs: A systematic review. International Journal of Human\u2013Computer Interaction, 35(4-5), 356-373. https:\/\/doi.org\/10.1080\/10447318.2018.1543084","DOI":"10.1080\/10447318.2018.1543084"},{"key":"4027","doi-asserted-by":"crossref","unstructured":"Wood, D., Bruner, J. & Ross, G. (1976). The role of tutoring in problem solving. J. Child Psychol. Psychiat., 17(2), 89-100.","DOI":"10.1111\/j.1469-7610.1976.tb00381.x"},{"key":"4028","unstructured":"Yang, Y. & Cornelius, L. (2004). Students\u2019 Perceptions towards the Quality of Online Education: A Qualitative Approach. Association for Educational Communications and Technology, 27th. http:\/\/eric.ed.gov\/?id=ED485012."},{"key":"4029","doi-asserted-by":"crossref","unstructured":"Zimmerman, B. (1996). Enhancing Student Academic and Health Functioning: A SelfRegulatory Perspective. School Psychology Quarterly, 11(1), 47-66.","DOI":"10.1037\/h0088920"},{"key":"4030","unstructured":"Zimmerman B. & Moylan, A. (2009). Where metacognition and motivation intersect. En Handbook of metacognition in education (pp. 299-315). Erlbaum."}],"container-title":["Administraci\u00f3n &amp; Desarrollo"],"link":[{"URL":"https:\/\/revistas.esap.edu.co\/index.php\/admindesarro\/article\/download\/646\/568","content-type":"application\/pdf","content-version":"vor","intended-application":"text-mining"},{"URL":"https:\/\/revistas.esap.edu.co\/index.php\/admindesarro\/article\/download\/646\/557","content-type":"text\/xml","content-version":"vor","intended-application":"text-mining"},{"URL":"https:\/\/revistas.esap.edu.co\/index.php\/admindesarro\/article\/download\/646\/547","content-type":"unspecified","content-version":"vor","intended-application":"similarity-checking"}],"deposited":{"date-parts":[[2022,7,29]],"date-time":"2022-07-29T15:30:09Z","timestamp":1659108609000},"score":0.0,"resource":{"primary":{"URL":"https:\/\/revistas.esap.edu.co\/index.php\/admindesarro\/article\/view\/646"}},"issued":{"date-parts":[[2021,6,30]]},"references-count":80,"journal-issue":{"issue":"1","published-online":{"date-parts":[[2021,6,30]]}},"URL":"https:\/\/doi.org\/10.22431\/25005227.vol51n1.1","ISSN":["2500-5227","0120-3754"],"issn-type":[{"value":"2500-5227","type":"electronic"},{"value":"0120-3754","type":"print"}],"published":{"date-parts":[[2021,6,30]]}},{"indexed":{"date-parts":[[2026,7,28]],"date-time":"2026-07-28T09:34:38Z","timestamp":1785231278438,"version":"3.55.0"},"reference-count":0,"publisher":"Escuela Superior de Administracion Publica","issue":"1","license":[{"start":{"date-parts":[[2016,6,21]],"date-time":"2016-06-21T00:00:00Z","timestamp":1466467200000},"content-version":"unspecified","delay-in-days":0,"URL":"http:\/\/creativecommons.org\/licenses\/by-nc-nd\/4.0"}],"content-domain":{"domain":[],"crossmark-restriction":false},"short-container-title":["Adm. Desarro."],"abstract":"<jats:p>Introduction: Reflections concerning the relation among complex thinking, education and pedagogy, since these reflections suggest the assumption of critical attitudes toward the manners, in which scientific paradigms regarding the levels of appropriation, the socialization of erudition and the scientific knowledge have been conceived. Methodol\u00acogy: Reflective-Explanatory method divided into three sections. The first section is refered to a reflection of the traditional scientific thinking; the second section is related to the contextualization of the complexity paradigm, and the third section is the relation among complexity, edu\u00accation and pedagogy. Being this one the guiding thread of all reflection. Conclusion: The resignification of the school, the role of the educator, the mobilization of knowledge, the generation of reflective actions, the creation of spaces where a multicultural and pluralist convergence take place is of paramount consideration. The educationalization and the quality of the teaching process, becomes more pertinent when the education doers look at each other and apprehend in this moment the depth of their souls.<\/jats:p>","DOI":"10.22431\/25005227.62","type":"journal-article","created":{"date-parts":[[2017,7,5]],"date-time":"2017-07-05T12:05:54Z","timestamp":1499256354000},"page":"88-99","source":"Crossref","is-referenced-by-count":14,"title":["La relaci\u00f3n entre el pensamiento complejo, la educaci\u00f3n y la pedagog\u00eda","Professor at the Catholic University of Manizales"],"prefix":"10.22431","volume":"46","author":[{"given":"Ricardo Antonio","family":"Escobar","sequence":"first","affiliation":[],"role":[{"vocabulary":"crossref","role":"author"}]},{"given":"Mar\u00eda Beatriz","family":"Escobar","sequence":"additional","affiliation":[],"role":[{"vocabulary":"crossref","role":"author"}]}],"member":"9723","published-online":{"date-parts":[[2016,6,21]]},"container-title":["Administraci\u00f3n &amp; Desarrollo"],"link":[{"URL":"https:\/\/revistas.esap.edu.co\/index.php\/admindesarro\/article\/download\/62\/pdf_valor","content-type":"application\/pdf","content-version":"vor","intended-application":"text-mining"},{"URL":"https:\/\/revistas.esap.edu.co\/index.php\/admindesarro\/article\/download\/62\/pdf_valor","content-type":"unspecified","content-version":"vor","intended-application":"similarity-checking"}],"deposited":{"date-parts":[[2025,12,31]],"date-time":"2025-12-31T20:16:54Z","timestamp":1767212214000},"score":0.0,"resource":{"primary":{"URL":"https:\/\/revistas.esap.edu.co\/index.php\/admindesarro\/article\/view\/62"}},"issued":{"date-parts":[[2016,6,21]]},"references-count":0,"journal-issue":{"issue":"1","published-online":{"date-parts":[[2016,6,21]]}},"URL":"https:\/\/doi.org\/10.22431\/25005227.62","ISSN":["2500-5227","0120-3754"],"issn-type":[{"value":"2500-5227","type":"electronic"},{"value":"0120-3754","type":"print"}],"published":{"date-parts":[[2016,6,21]]}},{"indexed":{"date-parts":[[2026,6,5]],"date-time":"2026-06-05T01:59:54Z","timestamp":1780624794346,"version":"3.54.1"},"reference-count":0,"publisher":"Escuela Superior de Administracion Publica","issue":"1","license":[{"start":{"date-parts":[[2026,1,16]],"date-time":"2026-01-16T00:00:00Z","timestamp":1768521600000},"content-version":"unspecified","delay-in-days":0,"URL":"https:\/\/creativecommons.org\/licenses\/by-nc-sa\/4.0"}],"content-domain":{"domain":[],"crossmark-restriction":false},"short-container-title":["Adm. Desarro."],"abstract":"<jats:p>Problem statement\u00a0: In Colombia, the Integrated Planning and Management Model (MIPG) establishes quality attributes to evaluate the Knowledge and Innovation Management (KIM) dimension in public entities. However, it is not clear how current official instruments incorporate these attributes. Objective: To examine the alignment between official KIM performance indices in the entities of the Capital District of Bogot\u00e1 and the quality attributes established for this dimension in MIPG-version 5. Methodology: Through qualitative analysis, the structure of the Institutional Performance Index (IPI) 2024 and the Public Innovation Index (PII) 2023 are evaluated to determine their correspondence with the quality attributes. Results: The analysis revealed partial incorporation of the attributes, with some elements represented but omitting fundamental aspects such as the incorporation of strategic institutional decisions into available information systems. Conclusion: These indices constitute the official instruments to measure and compare management in the entities of the Capital District of Bogot\u00e1 in this dimension. Therefore, KIM leaders must understand their scope to identify critical aspects not covered and establish appropriate action plans to consolidate KIM within the entities.<\/jats:p>","DOI":"10.22431\/25005227.1232","type":"journal-article","created":{"date-parts":[[2026,2,4]],"date-time":"2026-02-04T22:51:26Z","timestamp":1770245486000},"source":"Crossref","is-referenced-by-count":0,"title":["Inclusi\u00f3n de atributos de calidad en la evaluaci\u00f3n de la gesti\u00f3n del conocimiento y la innovaci\u00f3n","Inclusion of Quality Attributes in the Evaluation of Knowledge and Innovation Management"],"prefix":"10.22431","volume":"56","author":[{"ORCID":"https:\/\/orcid.org\/0009-0003-5541-0832","authenticated-orcid":false,"given":"Gerardo","family":"Ram\u00edrez Sandoval","sequence":"first","affiliation":[],"role":[{"vocabulary":"crossref","role":"author"}]},{"ORCID":"https:\/\/orcid.org\/0009-0001-0212-8521","authenticated-orcid":false,"given":"Carlos Eduardo","family":"Mej\u00eda Salazar","sequence":"additional","affiliation":[],"role":[{"vocabulary":"crossref","role":"author"}]}],"member":"9723","published-online":{"date-parts":[[2026,1,16]]},"container-title":["Administraci\u00f3n &amp; Desarrollo"],"link":[{"URL":"https:\/\/revistas.esap.edu.co\/index.php\/admindesarro\/article\/download\/1232\/867","content-type":"application\/pdf","content-version":"vor","intended-application":"text-mining"},{"URL":"https:\/\/revistas.esap.edu.co\/index.php\/admindesarro\/article\/download\/1232\/871","content-type":"unspecified","content-version":"vor","intended-application":"text-mining"},{"URL":"https:\/\/revistas.esap.edu.co\/index.php\/admindesarro\/article\/download\/1232\/867","content-type":"unspecified","content-version":"vor","intended-application":"similarity-checking"}],"deposited":{"date-parts":[[2026,6,5]],"date-time":"2026-06-05T01:10:27Z","timestamp":1780621827000},"score":0.0,"resource":{"primary":{"URL":"https:\/\/revistas.esap.edu.co\/index.php\/admindesarro\/article\/view\/1232"}},"issued":{"date-parts":[[2026,1,16]]},"references-count":0,"journal-issue":{"issue":"1","published-online":{"date-parts":[[2026,1,16]]}},"URL":"https:\/\/doi.org\/10.22431\/25005227.1232","ISSN":["2500-5227","0120-3754"],"issn-type":[{"value":"2500-5227","type":"electronic"},{"value":"0120-3754","type":"print"}],"published":{"date-parts":[[2026,1,16]]}},{"indexed":{"date-parts":[[2025,11,6]],"date-time":"2025-11-06T16:39:55Z","timestamp":1762447195608,"version":"build-2065373602"},"reference-count":0,"publisher":"Escuela Superior de Administracion Publica","issue":"2","license":[{"start":{"date-parts":[[2015,12,1]],"date-time":"2015-12-01T00:00:00Z","timestamp":1448928000000},"content-version":"unspecified","delay-in-days":0,"URL":"http:\/\/creativecommons.org\/licenses\/by-nc-nd\/4.0"}],"content-domain":{"domain":[],"crossmark-restriction":false},"short-container-title":["Adm. Desarro."],"abstract":"<jats:p>Public administration\u00b4s focal groups design the cross-sectorial strategy and this articulates, in turn, important environmental infrastructure projects that allow local sociocultural ownership in Bogota. This article first claims that both the fragmentation and emotional and knowledge gaps affect the results of the technical-social works in city sectors. It follows by arguing that higher education ignores the emotional and sociocultural competences that normally arise when working in teams. Hence the excessive knowledge fragmentation among the different levels, desktop jobs and field work disrupt both style and management results impacting upon communities. Lastly it concludes with two important facts, first, teamwork is decisive in transversal management processes and second, the social-mapping methodology is an option to the reinterpretation of local territories while involved in a plenty of uncertainties environment because of the neoliberal politics.<\/jats:p>","DOI":"10.22431\/25005227.12","type":"journal-article","created":{"date-parts":[[2017,7,5]],"date-time":"2017-07-05T12:05:54Z","timestamp":1499256354000},"page":"149-173","source":"Crossref","is-referenced-by-count":1,"title":["Relaciones entre la sociedad del conocimiento, la formaci\u00f3n acad\u00e9mica y la estrategia de transectorialidad gubernamental","Relations among knowledge society, formal education and the government cross-sectorial strategy"],"prefix":"10.22431","volume":"45","author":[{"given":"Nubia","family":"Barrera Silva","sequence":"first","affiliation":[],"role":[{"role":"author","vocabulary":"crossref"}]}],"member":"9723","published-online":{"date-parts":[[2015,12,1]]},"container-title":["Administraci\u00f3n &amp; Desarrollo"],"link":[{"URL":"https:\/\/revistas.esap.edu.co\/index.php\/admindesarro\/article\/download\/12\/pdf","content-type":"application\/pdf","content-version":"vor","intended-application":"text-mining"},{"URL":"https:\/\/revistas.esap.edu.co\/index.php\/admindesarro\/article\/download\/12\/pdf","content-type":"unspecified","content-version":"vor","intended-application":"similarity-checking"}],"deposited":{"date-parts":[[2025,11,6]],"date-time":"2025-11-06T16:36:03Z","timestamp":1762446963000},"score":0.0,"resource":{"primary":{"URL":"https:\/\/revistas.esap.edu.co\/index.php\/admindesarro\/article\/view\/12"}},"issued":{"date-parts":[[2015,12,1]]},"references-count":0,"journal-issue":{"issue":"2","published-online":{"date-parts":[[2015,12,1]]}},"URL":"https:\/\/doi.org\/10.22431\/25005227.12","ISSN":["2500-5227","0120-3754"],"issn-type":[{"type":"electronic","value":"2500-5227"},{"type":"print","value":"0120-3754"}],"published":{"date-parts":[[2015,12,1]]}},{"indexed":{"date-parts":[[2025,12,31]],"date-time":"2025-12-31T20:29:55Z","timestamp":1767212995399,"version":"3.48.0"},"reference-count":0,"publisher":"Escuela Superior de Administracion Publica","issue":"64","license":[{"start":{"date-parts":[[2011,12,15]],"date-time":"2011-12-15T00:00:00Z","timestamp":1323907200000},"content-version":"unspecified","delay-in-days":0,"URL":"http:\/\/creativecommons.org\/licenses\/by-nc-nd\/4.0"}],"content-domain":{"domain":[],"crossmark-restriction":false},"short-container-title":["Nova vetera"],"abstract":"<jats:p>El art\u00edculo ofrece un panorama general sobre la trata de personas con fines de explotaci\u00f3n sexual en M\u00e9xico, desde una visi\u00f3n que conjuga la perspectiva de g\u00e9nero y los derechos humanos. En un primer apartado, se abordan los primeros instrumentos internacionales en materia de trata de blancas (que ciertamente ten\u00edan un contenido racial) y trata de mujeres mayores de edad, lo que despu\u00e9s se defini\u00f3 como explotaci\u00f3n de la prostituci\u00f3n ajena. Se analizan la Convenci\u00f3n de 1949 y el Protocolo de Palermo, con \u00e9nfasis en el consentimiento de las personas que ejercen la prostituci\u00f3n, que cada uno de estos instrumentos aborda de manera distinta. En el segundo apartado se analiza la trata de mujeres con fines de explotaci\u00f3n sexual en M\u00e9xico: el contexto de desigualdad social, los mecanismos de captaci\u00f3n de las v\u00edctimas, el traslado, la explotaci\u00f3n. Un tercer apartado est\u00e1 dedicado a la Ley para prevenir y sancionar la trata de personas, que entr\u00f3 en vigor en noviembre de 2007. Por \u00faltimo, se formulan algunas reflexiones finales sobre los avances en el terreno jur\u00eddico y las tareas pendientes.<\/jats:p>","DOI":"10.22431\/25005103.175","type":"journal-article","created":{"date-parts":[[2017,7,5]],"date-time":"2017-07-05T15:34:05Z","timestamp":1499268845000},"page":"151-164","source":"Crossref","is-referenced-by-count":1,"title":["Explotaci\u00f3n sexual y violencia de g\u00e9nero: un debate de derechos humanos"],"prefix":"10.22431","volume":"20","author":[{"given":"Marta","family":"Torres Falcon","sequence":"first","affiliation":[],"role":[{"role":"author","vocabulary":"crossref"}]}],"member":"9723","published-online":{"date-parts":[[2011,12,15]]},"container-title":["Nova et Vetera"],"link":[{"URL":"https:\/\/revistas.esap.edu.co\/index.php\/novaetvetera\/article\/download\/175\/pdf","content-type":"application\/pdf","content-version":"vor","intended-application":"text-mining"},{"URL":"https:\/\/revistas.esap.edu.co\/index.php\/novaetvetera\/article\/download\/175\/pdf","content-type":"unspecified","content-version":"vor","intended-application":"similarity-checking"}],"deposited":{"date-parts":[[2025,12,31]],"date-time":"2025-12-31T20:27:29Z","timestamp":1767212849000},"score":0.0,"resource":{"primary":{"URL":"https:\/\/revistas.esap.edu.co\/index.php\/novaetvetera\/article\/view\/175"}},"issued":{"date-parts":[[2011,12,15]]},"references-count":0,"journal-issue":{"issue":"64","published-online":{"date-parts":[[2011,12,15]]}},"URL":"https:\/\/doi.org\/10.22431\/25005103.175","ISSN":["2500-5103","0123-2614"],"issn-type":[{"type":"electronic","value":"2500-5103"},{"type":"print","value":"0123-2614"}],"published":{"date-parts":[[2011,12,15]]}},{"indexed":{"date-parts":[[2025,12,31]],"date-time":"2025-12-31T20:29:09Z","timestamp":1767212949571,"version":"3.48.0"},"reference-count":0,"publisher":"Escuela Superior de Administracion Publica","issue":"65","license":[{"start":{"date-parts":[[2016,9,28]],"date-time":"2016-09-28T00:00:00Z","timestamp":1475020800000},"content-version":"unspecified","delay-in-days":0,"URL":"http:\/\/creativecommons.org\/licenses\/by-nc-nd\/4.0"}],"content-domain":{"domain":[],"crossmark-restriction":false},"short-container-title":["Nova vetera"],"abstract":"<jats:p>La patria potestad como un derecho-deber que tienen los padres para con sus hijos, pose\u00eda una concepci\u00f3n de absoluto -y en bastantes ocasiones- de omnipotente en relaci\u00f3n a la crianza y educaci\u00f3n de los hijos. Con la\u00a0entrada en vigencia de la Constituci\u00f3n Pol\u00edtica de 1991 y la jurisprudencia de la Corte Constitucional, este derecho ha perdido su car\u00e1cter de absoluto, para volverse en relativo cuando el ejercicio del mismo se ve enfrentado a los derechos que poseen los hijos que aun no han cumplido la mayor\u00eda de edad, especialmente, cuando del derecho al libre desarrollo de la personalidad se trata. La jurisprudencia de la Corte Constitucional, ha establecido unos criterios que permiten resolver la eventual confrontaci\u00f3n que se pueda presentar entre el derecho que poseen los padres de educar y criar a sus hijos con respecto al derecho del libre desarrollo de la personalidad que ellos (los hijos) como personas poseen y por ende, debe ser garantizado. Sin embargo, el Estado no puede intervenir en la crianza de los hijos que aun no han cumplido la mayor\u00eda de edad (salvo las excepciones que consagra el ordenamiento jur\u00eddico), raz\u00f3n por la cual, la Corte Constitucional considera que se hace necesario establecer unos l\u00edmites al ejercicio de estos derechos.<\/jats:p>","DOI":"10.22431\/25005103.184","type":"journal-article","created":{"date-parts":[[2017,7,5]],"date-time":"2017-07-05T15:34:05Z","timestamp":1499268845000},"page":"11-22","source":"Crossref","is-referenced-by-count":0,"title":["La correcci\u00f3n moderada y el derecho al libre desarrollo de la personalidad de las ni\u00f1as y ni\u00f1os no emancipados seg\u00fan la jurisprudencia de la Corte Constitucional"],"prefix":"10.22431","volume":"21","author":[{"given":"Eric","family":"Leiva Ramirez","sequence":"first","affiliation":[],"role":[{"role":"author","vocabulary":"crossref"}]},{"given":"Ana Luc\u00eda","family":"Mu\u00f1oz Gonz\u00e1lez","sequence":"additional","affiliation":[],"role":[{"role":"author","vocabulary":"crossref"}]}],"member":"9723","published-online":{"date-parts":[[2016,9,28]]},"container-title":["Nova et Vetera"],"link":[{"URL":"https:\/\/revistas.esap.edu.co\/index.php\/novaetvetera\/article\/download\/184\/pdf","content-type":"application\/pdf","content-version":"vor","intended-application":"text-mining"},{"URL":"https:\/\/revistas.esap.edu.co\/index.php\/novaetvetera\/article\/download\/184\/pdf","content-type":"unspecified","content-version":"vor","intended-application":"similarity-checking"}],"deposited":{"date-parts":[[2025,12,31]],"date-time":"2025-12-31T20:24:25Z","timestamp":1767212665000},"score":0.0,"resource":{"primary":{"URL":"https:\/\/revistas.esap.edu.co\/index.php\/novaetvetera\/article\/view\/184"}},"issued":{"date-parts":[[2016,9,28]]},"references-count":0,"journal-issue":{"issue":"65","published-online":{"date-parts":[[2016,9,28]]}},"URL":"https:\/\/doi.org\/10.22431\/25005103.184","ISSN":["2500-5103","0123-2614"],"issn-type":[{"type":"electronic","value":"2500-5103"},{"type":"print","value":"0123-2614"}],"published":{"date-parts":[[2016,9,28]]}},{"indexed":{"date-parts":[[2026,7,7]],"date-time":"2026-07-07T08:42:27Z","timestamp":1783413747543,"version":"3.54.6"},"reference-count":33,"publisher":"Escuela Superior de Administracion Publica","issue":"2","license":[{"start":{"date-parts":[[2021,12,1]],"date-time":"2021-12-01T00:00:00Z","timestamp":1638316800000},"content-version":"unspecified","delay-in-days":0,"URL":"https:\/\/creativecommons.org\/licenses\/by-nc-sa\/4.0"}],"content-domain":{"domain":[],"crossmark-restriction":false},"short-container-title":["Adm. Desarro."],"abstract":"<jats:p>Objective: To establish the problems faced by the academic community of the Superior School of Public Administration (ESAP) Territorial Cauca, after the COVID-19 pandemic and the challenges that the institution assumed to continue with the training processes. Method: It was developed under the qualitative methodology, through documentary analysis and structured interview, applied to 16 student representatives from different semesters and 11 tutors, corresponding to various thematic nuclei of the institution. Results: The preparation and adaptation to the contingency presented important communication problems, maladjustment to the digital world and misunderstanding of the challenges of the new reality. Conclusions: The socioeconomic and territorial problems of the department, added to the gaps in the digital world, affected training and evaluation, generating disturbances and misunderstanding in the academic community. Thus, the perspectives that will be maintained over time and the measures that must be taken are foreseen, in order to adapt in a timely manner to the new challenges of education.<\/jats:p>","DOI":"10.22431\/25005227.vol51n2.1","type":"journal-article","created":{"date-parts":[[2022,8,11]],"date-time":"2022-08-11T12:22:48Z","timestamp":1660220568000},"page":"4-24","source":"Crossref","is-referenced-by-count":1,"title":["Educaci\u00f3n a distancia en tiempos de pandemia: reflexiones desde la ESAP Territorial Cauca","Distance education in times of pandemic: reflections from the Cauca territorial ESAP"],"prefix":"10.22431","volume":"51","author":[{"given":"Ronald Alejandro","family":"Macuac\u00e9 Otero","sequence":"first","affiliation":[],"role":[{"vocabulary":"crossref","role":"author"}]}],"member":"9723","published-online":{"date-parts":[[2021,12,1]]},"reference":[{"key":"4226","unstructured":"Acosta-Ordo\u00f1ez, K. (2017). Nutrici\u00f3n y desarrollo. Estudios sociales del pac\u00edfico colombiano. Banco de la Rep\u00fablica. Recuperado de: https:\/\/repositorio.banrep.gov.co\/bitstream\/handle\/20.500.12134\/7170\/?sequence=1"},{"key":"4227","doi-asserted-by":"crossref","unstructured":"Alfonso, \u00d3. (2014). Los desequilibrios territoriales en Colombia: estudios sobre el sistema de ciudades y el polimetropolitanismo. Bogot\u00e1: Universidad Externado de Colombia.","DOI":"10.4000\/books.uec.966"},{"key":"4228","unstructured":"Alsina, J. (2004). Utop\u00edas digitales y los entornos virtuales de aprendizaje. Reencuentro, 41(1), 1-12."},{"key":"4229","doi-asserted-by":"crossref","unstructured":"\u00c1lvarez, M., Gardyn, N., Iardelevsky, A., y Rebello, G. (2020). Segregaci\u00f3n Educativa en Tiempos de Pandemia: Balance de las Acciones Iniciales durante el Aislamiento Social por el Covid-19 en Argentina. Revista Internacional de Educaci\u00f3n para la Justicia Social, 2020, 9(3e), 25-43. doi: https:\/\/doi.org\/10.15366\/riejs2020.9.3.002","DOI":"10.15366\/riejs2020.9.3.002"},{"key":"4230","doi-asserted-by":"crossref","unstructured":"Avenda\u00f1o-Castro, W. R., G\u00f3mez-Goteneche, H. F. y Triana-Orobajo, A. J. (2019). Incidencia del conflicto armado en la vida de estudiantes universitarios en Colombia. Educaci\u00f3n y Educadores, 22(2), 256-273. DOI: https:\/\/doi.org\/10.5294\/edu.2019.22.2.5","DOI":"10.5294\/edu.2019.22.2.5"},{"key":"4231","unstructured":"Barrera-Osorio, F., Maldonado, D., y Rodr\u00edguez, C. (2012). Calidad de la educaci\u00f3n b\u00e1sica y media en Colombia: diagn\u00f3stico y propuestas. Documentos de trabajo No. 010078, Universidad del Rosario."},{"key":"4232","doi-asserted-by":"crossref","unstructured":"Benavides, C. A. y L\u00f3pez, N. M. (2020). Retos contempor\u00e1neos para la formaci\u00f3n permanente del profesorado universitario. Educaci\u00f3n y Educadores, 23(1), 71-88. https:\/\/doi.org\/10.5294\/edu.2020.23.1.4","DOI":"10.5294\/edu.2020.23.1.4"},{"key":"4233","doi-asserted-by":"crossref","unstructured":"Bonilla-Guacham\u00edn, J. (2020). Las dos caras de la educaci\u00f3n en el COVID-19. N\u00famero Especial Desaf\u00edos Humanos ante el COVID-19 abril \u2013 octubre 2020 http:\/\/doi.org\/10.33210\/ca.v9i2.294","DOI":"10.33210\/ca.v9i2.294"},{"key":"4234","doi-asserted-by":"crossref","unstructured":"Borgobello, A., Sartori, M. y Sanjurjo, L. O. (2018). Concepciones de docentes sobre los estudiantes y sus pr\u00e1cticas pedag\u00f3gicas. Educaci\u00f3n y Educadores, 21(1), 27-48. DOI: https:\/\/doi.org\/10.5294\/edu.2018.21.1.2","DOI":"10.5294\/edu.2018.21.1.2"},{"key":"4235","doi-asserted-by":"crossref","unstructured":"Cardona-Puello, S. P., Osorio-Bale\u00f1o, A., Herrera-Valdez, A. y Gonz\u00e1lez-Maza, J. M. (2018). Actitudes, h\u00e1bitos y estrategias de lectura de estudiantes ingresasteis a la educaci\u00f3n superior. Educaci\u00f3n y Educadores 21(3), 482- 503. DOI: https:\/\/doi.org\/10.5294\/edu.2018.21.3.6","DOI":"10.5294\/edu.2018.21.3.6"},{"key":"4236","doi-asserted-by":"crossref","unstructured":"Conde-Carmona, R., y Padilla-Escorcia, I. (2021). Aprender matem\u00e1ticas en tiempos del COVID- 19: Un estudio de caso con estudiantes universitarias. Educaci\u00f3n y Humanismo, 23(40), 1-19. https:\/\/doi.org\/10.17081\/eduhum.23.40.4380","DOI":"10.17081\/eduhum.23.40.4380"},{"key":"4237","unstructured":"Departamento Administrativo Nacional de Estad\u00edstica (2018). Censo Nacional de Poblaci\u00f3n y Vivienda. Recuperado de: https:\/\/www.dane.gov.co\/index.php\/estadisticas-por-tema\/demografia-y-poblacion\/censo-nacional-de-poblacion-y-vivenda-2018"},{"key":"4238","unstructured":"Departamento Nacional de Planeaci\u00f3n (2016). Los retos en cierres de brechas para los nuevos mandatarios: regi\u00f3n pac\u00edfico."},{"key":"4239","unstructured":"Escuela Superior de Administraci\u00f3n P\u00fablica (2019a). Evaluaci\u00f3n del programa profesional de administraci\u00f3n p\u00fablica territorial, de la Escuela Superior de Administraci\u00f3n P\u00fablica territorial Cauca. Documento de trabajo."},{"key":"4240","unstructured":"Escuela Superior de Administraci\u00f3n P\u00fablica (2019b). Evaluaci\u00f3n del programa de administraci\u00f3n p\u00fablica territorial. Informe final consolidado nacional, documento de trabajo."},{"key":"4241","unstructured":"Escuela Superior de Administraci\u00f3n P\u00fablica (2017). Primer borrador curr\u00edculo Esapista. Documento de trabajo."},{"key":"4242","unstructured":"Escuela Superior de Administraci\u00f3n P\u00fablica (2016). Aspectos importantes. Proceso acreditaci\u00f3n Programa administraci\u00f3n p\u00fablica territorial Modalidad distancia. Documento de trabajo."},{"key":"4243","unstructured":"Ezquiaga (2018). Plan de Ordenamiento Departamental Cauca. Consultor\u00eda en el marco del programa POD\/POT Modernos Departamento Nacional de Planeaci\u00f3n."},{"key":"4244","doi-asserted-by":"crossref","unstructured":"Galvis-Aponte, L., Moyano, L. y Alba-Fajardo, C. (2016). La persistencia de la pobreza en el Pac\u00edfico colombiano y sus factores asociados. Documentos de Trabajo Sobre Econom\u00eda Regional; No. 238. https:\/\/www.banrep.gov.co\/docum\/Lectura_finanzas\/pdf\/dtser_238.pdf","DOI":"10.32468\/dtseru.238"},{"key":"4245","unstructured":"Galvis, L & Meisel, A. (2010). Persistencia de las desigualdades regionales en Colombia: Un an\u00e1lisis espacial. Documentos de Trabajo sobre Econom\u00eda Regional; No. 120. https:\/\/www.banrep.gov.co\/sites\/default\/files\/publicaciones\/archivos\/DTSER-120.pdf"},{"key":"4246","doi-asserted-by":"crossref","unstructured":"Gamarra, J. (2007). La econom\u00eda del departamento del Cauca: concentraci\u00f3n de tierras y pobreza. Banco de la Rep\u00fablica, Centro de Estudios Econ\u00f3micos Regionales (CEER) \u2013 Cartagena. Documentos de trabajo sobre Econom\u00eda Regional. https:\/\/www.banrep.gov.co\/docum\/Lectura_finanzas\/pdf\/DTSER-95.pdf","DOI":"10.32468\/dtseru.95"},{"key":"4247","unstructured":"Garc\u00eda-Pe\u00f1alvo, F. (2020). El sistema universitario ante la COVID-19: Corto, medio y largo plazo. En: Universidad. Recuperado de: https:\/\/bit.ly\/2YPUeXU."},{"key":"4248","doi-asserted-by":"crossref","unstructured":"Garc\u00eda-Pe\u00f1alvo, F., Corell, A., Abella-Garc\u00eda, V., y Grande, M. (2020). La evaluaci\u00f3n online en la educaci\u00f3n superior en tiempos de la COVID- 19. En: Education in the Knowledge Society 21 (2020) article 12. Recuperado de: https:\/\/revistas.usal.es\/index.php\/eks\/article\/view\/eks20202112\/22274","DOI":"10.14201\/eks.23086"},{"key":"4249","unstructured":"Garc\u00eda-Pe\u00f1alvo, F. (2019). La transformaci\u00f3n digital de la docencia. En: Univers\u00eddad. Recuperado de: https:\/\/bit.ly\/2MQUUbe."},{"key":"4250","unstructured":"Grupo Banco Mundial (2020). COVID \u2013 19: Impacto en la educaci\u00f3n y respuesta de pol\u00edtica p\u00fablica. Recuperado de: https:\/\/openknowledge.worldbank.org\/handle\/10986\/33696?locale-attribute=es"},{"key":"4251","unstructured":"Hern\u00e1ndez, R., Fern\u00e1ndez, C. & Baptista, M. (2014). Metodolog\u00eda de la investigaci\u00f3n. Editorial Mc Graw Hill. M\u00e9xico D.F."},{"key":"4252","unstructured":"Llorens-Largo, F. y Fern\u00e1ndez, A. (2020, 01\/04). Coronavirus, la prueba del algod\u00f3n de la universidad digital. Recuperado de https:\/\/bit.ly\/2Rm917X"},{"key":"4253","unstructured":"Macuac\u00e9, R. (2020). Formaci\u00f3n de administradores p\u00fablicos en el Cauca en tiempos del COVID \u2013 19. En: Proclama Cauca y Valle. Recuperado de: https:\/\/www.proclamadelcauca.com\/formacion-de-administradores-publicos-en-el-cauca-en-tiempos-del-covid-19\/"},{"key":"4254","unstructured":"Ministerio de Comercio, Industria y Turismo (2020). Informaci\u00f3n: Perfiles econ\u00f3micos departamentales. Oficina de Estudios Econ\u00f3micos. Recuperado de: https:\/\/www.mincit.gov.co\/getattachment\/fdd96c98-45d2-451f-86c6-d200a1da9427\/Perfiles-Economicos-por-Departamentos"},{"key":"4255","doi-asserted-by":"crossref","unstructured":"Morales-Inga, S. y Morales-Trist\u00e1n, O. (2020). Viabilidad de comunidades profesionales de aprendizaje en sistemas educativos de bajo desempe\u00f1o. Educaci\u00f3n y Educadores, 23(1), 91-112. https:\/\/doi.org\/10.5294\/edu.2020.23.1.5","DOI":"10.5294\/edu.2020.23.1.5"},{"key":"4256","doi-asserted-by":"crossref","unstructured":"Olivares-Parada, G., Olivares-Parada, P., y Parada- Rico, D. (2021). El contexto de la Covid- 19 como espacio para repensar la virtualizaci\u00f3n educativa por parte de docentes universitarios. Educaci\u00f3n y Humanismo, 23(40), 1-17. https:\/\/doi.org\/10.17081\/eduhum.23.40.4276","DOI":"10.17081\/eduhum.23.40.4276"},{"key":"4257","unstructured":"Romero-Prieto, J. (2017). Poblaci\u00f3n y desarrollo. Estudios sociales del pac\u00edfico colombiano. Banco de la Rep\u00fablica. Recuperado de: https:\/\/repositorio.banrep.gov.co\/bitstream\/handle\/20.500.12134\/7170\/?sequence=1"},{"key":"4258","unstructured":"Urdinola, B. (2011). Determinantes Socioecon\u00f3micos de la Mortalidad Infantil en Colombia. Revista Colombiana de Estad\u00edstica, 34(1), 39-72."}],"container-title":["Administraci\u00f3n &amp; Desarrollo"],"link":[{"URL":"https:\/\/revistas.esap.edu.co\/index.php\/admindesarro\/article\/download\/669\/603","content-type":"application\/pdf","content-version":"vor","intended-application":"text-mining"},{"URL":"https:\/\/revistas.esap.edu.co\/index.php\/admindesarro\/article\/download\/669\/607","content-type":"text\/xml","content-version":"vor","intended-application":"text-mining"},{"URL":"https:\/\/revistas.esap.edu.co\/index.php\/admindesarro\/article\/download\/669\/581","content-type":"unspecified","content-version":"vor","intended-application":"similarity-checking"}],"deposited":{"date-parts":[[2025,11,6]],"date-time":"2025-11-06T16:35:40Z","timestamp":1762446940000},"score":0.0,"resource":{"primary":{"URL":"https:\/\/revistas.esap.edu.co\/index.php\/admindesarro\/article\/view\/669"}},"issued":{"date-parts":[[2021,12,1]]},"references-count":33,"journal-issue":{"issue":"2","published-online":{"date-parts":[[2021,12,27]]}},"URL":"https:\/\/doi.org\/10.22431\/25005227.vol51n2.1","ISSN":["2500-5227","0120-3754"],"issn-type":[{"value":"2500-5227","type":"electronic"},{"value":"0120-3754","type":"print"}],"published":{"date-parts":[[2021,12,1]]}},{"indexed":{"date-parts":[[2026,7,16]],"date-time":"2026-07-16T03:03:25Z","timestamp":1784171005168,"version":"3.55.0"},"reference-count":0,"publisher":"Escuela Superior de Administracion Publica","issue":"1","license":[{"start":{"date-parts":[[2015,6,24]],"date-time":"2015-06-24T00:00:00Z","timestamp":1435104000000},"content-version":"unspecified","delay-in-days":0,"URL":"http:\/\/creativecommons.org\/licenses\/by-nc-nd\/4.0"}],"content-domain":{"domain":[],"crossmark-restriction":false},"short-container-title":["Adm. Desarro."],"abstract":"<jats:p>This article revolves around the approach of the New Public Management called Managing for Development Results, MfDR, and construction good governance based on the articulation of Public Policy Management with new approaches to open government and Realization of Rights, posed a scenario of Post New Public Management.<\/jats:p>","DOI":"10.22431\/25005227.7","type":"journal-article","created":{"date-parts":[[2017,7,5]],"date-time":"2017-07-05T12:06:06Z","timestamp":1499256366000},"page":"71-93","source":"Crossref","is-referenced-by-count":1,"title":["Gesti\u00f3n para resultados en el desarrollo: hacia la construcci\u00f3n de buena gobernanza","Management for the results: towards a good governance construction."],"prefix":"10.22431","volume":"45","author":[{"given":"Sergio Alberto","family":"Chica V\u00e9lez","sequence":"first","affiliation":[],"role":[{"vocabulary":"crossref","role":"author"}]}],"member":"9723","published-online":{"date-parts":[[2015,6,24]]},"container-title":["Administraci\u00f3n &amp; Desarrollo"],"link":[{"URL":"https:\/\/revistas.esap.edu.co\/index.php\/admindesarro\/article\/download\/7\/pdf","content-type":"application\/pdf","content-version":"vor","intended-application":"text-mining"},{"URL":"https:\/\/revistas.esap.edu.co\/index.php\/admindesarro\/article\/download\/7\/pdf","content-type":"unspecified","content-version":"vor","intended-application":"similarity-checking"}],"deposited":{"date-parts":[[2026,7,16]],"date-time":"2026-07-16T02:16:27Z","timestamp":1784168187000},"score":0.0,"resource":{"primary":{"URL":"https:\/\/revistas.esap.edu.co\/index.php\/admindesarro\/article\/view\/7"}},"issued":{"date-parts":[[2015,6,24]]},"references-count":0,"journal-issue":{"issue":"1","published-online":{"date-parts":[[2015,6,24]]}},"URL":"https:\/\/doi.org\/10.22431\/25005227.7","ISSN":["2500-5227","0120-3754"],"issn-type":[{"value":"2500-5227","type":"electronic"},{"value":"0120-3754","type":"print"}],"published":{"date-parts":[[2015,6,24]]}},{"indexed":{"date-parts":[[2022,4,3]],"date-time":"2022-04-03T09:56:33Z","timestamp":1648979793482},"reference-count":0,"publisher":"Escuela Superior de Administracion Publica","license":[{"start":{"date-parts":[[2016,10,10]],"date-time":"2016-10-10T00:00:00Z","timestamp":1476057600000},"content-version":"unspecified","delay-in-days":0,"URL":"http:\/\/creativecommons.org\/licenses\/by-nc-nd\/4.0"}],"content-domain":{"domain":[],"crossmark-restriction":false},"short-container-title":["Nova vetera"],"abstract":"<jats:p>Se realiza un excurso epistemol\u00f3gico sobre la cerradura al debate cr\u00edtico de las distintas disciplinas respecto a los fundamentos de los derechos y al descuido te\u00f3rico, epistemol\u00f3gico y pr\u00e1ctico en la gram\u00e1tica (lenguaje) de los fundamentos de los derechos, generador de hiperflexivilizaci\u00f3n y disfuncionalidad del nivel gramatical de los mismos, de inflaci\u00f3n conceptual e incoherencia aprehensiva y comprensiva, y de complicaci\u00f3n y complejizaci\u00f3n impropias del trabajo cooperativo entre las disciplinas (derecho, pol\u00edtica y filosof\u00eda, fundamentalmente) implicadas en apalancar la emergencia de los derechos como pretensi\u00f3n justificada en su validez y como satisfacci\u00f3n material (facticidad). Concluye en favor de una teor\u00eda integrativa de los derechos, que mengue las contingencias de la referida hiperinflaci\u00f3n y aperture comunicaciones entre las especialidades disciplinares que disminuyan niveles de (i)realizaci\u00f3n de los derechos.<\/jats:p>","DOI":"10.22431\/25005103.37","type":"journal-article","created":{"date-parts":[[2017,7,5]],"date-time":"2017-07-05T19:34:05Z","timestamp":1499283245000},"page":"56-74","source":"Crossref","is-referenced-by-count":0,"title":["La gram\u00e1tica en el tiempo de los derechos. Fundamentaci\u00f3n y teorizaci\u00f3n integrativa"],"prefix":"10.22431","volume":"25","author":[{"given":"Rom\u00e1n","family":"Rodr\u00edguez Sal\u00f3n","sequence":"first","affiliation":[],"role":[{"role":"author","vocabulary":"crossref"}]}],"member":"9723","published-online":{"date-parts":[[2016,10,10]]},"container-title":["Nova et Vetera"],"link":[{"URL":"https:\/\/revistas.esap.edu.co\/index.php\/novaetvetera\/article\/download\/37\/pdf","content-type":"application\/pdf","content-version":"vor","intended-application":"text-mining"},{"URL":"https:\/\/revistas.esap.edu.co\/index.php\/novaetvetera\/article\/download\/37\/pdf","content-type":"unspecified","content-version":"vor","intended-application":"similarity-checking"}],"deposited":{"date-parts":[[2021,11,30]],"date-time":"2021-11-30T03:20:49Z","timestamp":1638242449000},"score":0.0,"resource":{"primary":{"URL":"https:\/\/revistas.esap.edu.co\/index.php\/novaetvetera\/article\/view\/37"}},"issued":{"date-parts":[[2016,10,10]]},"references-count":0,"URL":"https:\/\/doi.org\/10.22431\/25005103.37","ISSN":["2500-5103","0123-2614"],"issn-type":[{"value":"2500-5103","type":"electronic"},{"value":"0123-2614","type":"print"}],"published":{"date-parts":[[2016,10,10]]}},{"indexed":{"date-parts":[[2026,6,9]],"date-time":"2026-06-09T11:52:35Z","timestamp":1781005955346,"version":"3.54.1"},"reference-count":31,"publisher":"Escuela Superior de Administracion Publica","issue":"1","license":[{"start":{"date-parts":[[2019,6,30]],"date-time":"2019-06-30T00:00:00Z","timestamp":1561852800000},"content-version":"unspecified","delay-in-days":0,"URL":"http:\/\/creativecommons.org\/licenses\/by-nc-nd\/4.0"}],"content-domain":{"domain":[],"crossmark-restriction":false},"short-container-title":["Adm. Desarro."],"abstract":"<jats:p>En este texto se hace un an\u00e1lisis desde la \u00f3ptica de la epistemolog\u00edaa los conceptos de Gesti\u00f3n y Administraci\u00f3n P\u00fablica, as\u00ed como tambi\u00e9n a los principios y valores que hacen parte de estos conceptos con el fin de aportar una visi\u00f3n que involucra diversos aspectos transversales que permitan fortalecer la reflexi\u00f3n en torno a la \u00e9tica profesional, el sentido de pertenencia, la responsabilidad social administrativa, ecuanimidad p\u00fablica, excelencia administrativa, humanismo y gesti\u00f3n, transparencia ejecutiva, entre otros, para concluir que el adecuado ejercicio de gesti\u00f3n de la administraci\u00f3n p\u00fablica necesita por parte del servidor p\u00fablico un ejercicio hol\u00edstico integrado por estos elementos mencionados, a fin de evitar no s\u00f3lo una mala gesti\u00f3n, sino tambi\u00e9n evitar sanciones por el actuar descuidado o anti\u00e9tico en el ejercicio del cargo del administrador p\u00fablico.<\/jats:p>","DOI":"10.22431\/25005227.vol49n1.4","type":"journal-article","created":{"date-parts":[[2021,11,7]],"date-time":"2021-11-07T20:52:27Z","timestamp":1636318347000},"page":"85-99","source":"Crossref","is-referenced-by-count":2,"title":["Principios y valores en la Gesti\u00f3n y en la Administraci\u00f3n P\u00fablica"],"prefix":"10.22431","volume":"49","author":[{"given":"Jorge Andr\u00e9s","family":"Sosa Chinome","sequence":"first","affiliation":[],"role":[{"vocabulary":"crossref","role":"author"}]},{"given":"Nesly Edilma","family":"Rey Cruz","sequence":"additional","affiliation":[],"role":[{"vocabulary":"crossref","role":"author"}]}],"member":"9723","published-online":{"date-parts":[[2019,6,30]]},"reference":[{"key":"255","unstructured":"Aponte D\u00edaz, I. (2014). Las fallas de planeaci\u00f3n y su incidencia en el contrato estatal de obra. Revista Digital de Derecho Administrativo(11), pp. 177-207. Recuperado de https:\/\/revistas.uexternado.edu.co\/index.php\/Deradm\/article\/view\/3831\/4087#:~:-text=El%20art%C3%ADculo%2026%20de%20la,cuando%20la%20contrataci%C3%B3n%20atiende%20los"},{"key":"256","unstructured":"Asamblea Nacional Constituyente. (1991). Constituci\u00f3n Pol\u00edtica de Colombia."},{"key":"257","doi-asserted-by":"crossref","unstructured":"Carrillo Ballesteros, J. M. (2006). Del patrimonio p\u00fablico una aproximaci\u00f3n al concepto y a su contenido. Proleg\u00f3menos. Derechos y Valores, pp. 23-34. Recuperado de https:\/\/www.redalyc.org\/pdf\/876\/87601702.pdf","DOI":"10.18359\/prole.2581"},{"key":"258","unstructured":"Congreso de la Rep\u00fablica. (1958). Ley 19."},{"key":"259","unstructured":"Congreso de la Rep\u00fablica. (1963). Ley 01."},{"key":"260","unstructured":"Congreso de la Rep\u00fablica. (1967). Ley 65."},{"key":"261","unstructured":"Congreso de la Rep\u00fablica. (1973). Ley 2."},{"key":"262","unstructured":"Congreso de la Rep\u00fablica. (1974). Ley 28."},{"key":"263","unstructured":"Congreso de la Rep\u00fablica. (1993). Ley 80."},{"key":"264","unstructured":"Congreso de la Rep\u00fablica. (1996). Ley 344."},{"key":"265","unstructured":"Congreso de la Rep\u00fablica. (1998). Ley 489."},{"key":"266","unstructured":"Congreso de la Rep\u00fablica. (2000). Ley 509."},{"key":"267","unstructured":"Congreso de la Rep\u00fablica. (2000). Ley 610."},{"key":"268","unstructured":"Congreso de la Rep\u00fablica. (2002). Ley 734."},{"key":"269","unstructured":"Congreso de la Rep\u00fablica. (2002). Ley 790."},{"key":"270","unstructured":"Congreso de la Rep\u00fablica. (2004). Ley 906."},{"key":"271","unstructured":"Congreso de la Rep\u00fablica. (2006). Ley 1006."},{"key":"272","unstructured":"Congreso de la Rep\u00fablica. (2011). Ley 1437, CPACA."},{"key":"273","unstructured":"Congreso de la Rep\u00fablica. (2012). Ley 1564."},{"key":"274","unstructured":"Congreso de la Rep\u00fablica. (2019). Ley 1952."},{"key":"275","doi-asserted-by":"crossref","unstructured":"Cuevas Moreno, R., & Rodr\u00edguez Minor, M. (2017). Responsabilidad social y \u00e9tica profesional en la gesti\u00f3n de la administraci\u00f3n p\u00fablica y empresarial. Pensamiento & Gesti\u00f3n, pp. 1 - 25. Recuperado de https:\/\/www.redalyc.org\/pdf\/646\/64652584002.pdf","DOI":"10.14482\/pege.42.10452"},{"key":"276","unstructured":"Diccionario de la Real Academia Espa\u00f1ola. (s.f de 2013). Recuperado de https:\/\/dle.rae.es\/ecuanimidad"},{"key":"277","unstructured":"Funci\u00f3n P\u00fablica. (s.f. ). Funci\u00f3n p\u00fablica, Ley 489 de 1998. Recuperado de https:\/\/www.funcionpublica.gov.co\/eva\/gestornormativo\/norma.php?i=186"},{"key":"278","doi-asserted-by":"crossref","unstructured":"Guti\u00e9rrez Espeleta, A. L., & Mora Moraga, F. (2011). El grito de los bienes comunes: \u00bfQu\u00e9 son? Y \u00bfQu\u00e9 nos aportan? Revista de Ciencias Sociales, pp. 127-145. Recuperado de https:\/\/www.redalyc.org\/pdf\/153\/15323166009.pdf","DOI":"10.15517\/rcs.v0i131-132.3898"},{"key":"279","unstructured":"Herrera Llanos, W. (2004). La rama ejecutiva del poder p\u00fablico. Revista de Derecho, pp. 250-282. Recuperado de https:\/\/www.redalyc.org\/pdf\/851\/85102112.pdf"},{"key":"280","unstructured":"Hirsch Adler, A. (2003). Elementos significativos de la \u00e9tica profesional. Reencuentro, pp. 8-15. Recuperado de https:\/\/www.redalyc.org\/pdf\/340\/34003802.pdf"},{"key":"281","doi-asserted-by":"crossref","unstructured":"Michelini, D. J. (2007). Bien com\u00fan y \u00e9tica p\u00fablica. Alcances y l\u00edmites del concepto tradicional de bien com\u00fan. T\u00f3picos, pp. 31-54. Recuperado de https:\/\/www.redalyc.org\/pdf\/288\/28811907002.pdf","DOI":"10.14409\/topicos.v0i15.7481"},{"key":"282","unstructured":"Ortiz Sandoval , L. (2012). La instancia p\u00fablica de la gesti\u00f3n. Algunas consideraciones sobre la participaci\u00f3n. Revista del CLAD Reforma y Democracia, 179-194. Recuperado el 23 de Marzo de 2019, de https:\/\/www.redalyc.org\/pdf\/3575\/357533686007.pdf"},{"key":"283","unstructured":"Presidencia de la Rep\u00fablica. (2000). Decreto Ley 272."},{"key":"284","unstructured":"S\u00e1nchez Rubio, D. (2009). Recreaciones, cuidados, entornos y espacios locales para la humanidad. En torno a lo com\u00fan y lo p\u00fablico en perspectiva de derechos humanos. Pensamiento Cr\u00edtico, pp. 221-248. Recuperado de https:\/\/pensamientocritico.info\/articulos\/otros-autores\/214-recreacionescuidados-entornos-y-espacios-localespara-la-humanidad-en-torno-a-locomun-y-lo-publico-en-perspectiva-dederechos-humanos.html"},{"key":"285","unstructured":"Torres-Melo, J., & Santander, J. (2013). Introducci\u00f3n a las Pol\u00edticas P\u00fablicas: Conceptos y herramientas desde la relaci\u00f3n entre estado y ciudadan\u00eda. Instituto de Estudios del Ministerio P\u00fablico. Recuperado de https:\/\/www.funcionpublica.gov.co\/eva\/admon\/files\/empresas\/ZW1wcmVzYV83Ng==\/imgproductos\/1450056996_ce38e6d218235ac89d6c8a14907a5a9c.pdf"}],"container-title":["Administraci\u00f3n y Desarrollo"],"link":[{"URL":"https:\/\/revistas.esap.edu.co\/index.php\/admindesarro\/article\/download\/531\/489","content-type":"application\/pdf","content-version":"vor","intended-application":"text-mining"},{"URL":"https:\/\/revistas.esap.edu.co\/index.php\/admindesarro\/article\/download\/531\/489","content-type":"unspecified","content-version":"vor","intended-application":"similarity-checking"}],"deposited":{"date-parts":[[2021,11,7]],"date-time":"2021-11-07T20:56:59Z","timestamp":1636318619000},"score":0.0,"resource":{"primary":{"URL":"https:\/\/revistas.esap.edu.co\/index.php\/admindesarro\/article\/view\/531"}},"issued":{"date-parts":[[2019,6,30]]},"references-count":31,"journal-issue":{"issue":"1","published-online":{"date-parts":[[2019,6,30]]}},"URL":"https:\/\/doi.org\/10.22431\/25005227.vol49n1.4","ISSN":["2500-5227","0120-3754"],"issn-type":[{"value":"2500-5227","type":"electronic"},{"value":"0120-3754","type":"print"}],"published":{"date-parts":[[2019,6,30]]}},{"indexed":{"date-parts":[[2026,6,23]],"date-time":"2026-06-23T06:46:52Z","timestamp":1782197212618,"version":"3.54.5"},"reference-count":31,"publisher":"Escuela Superior de Administracion Publica","issue":"2","license":[{"start":{"date-parts":[[2024,11,27]],"date-time":"2024-11-27T00:00:00Z","timestamp":1732665600000},"content-version":"unspecified","delay-in-days":0,"URL":"https:\/\/creativecommons.org\/licenses\/by-nc-sa\/4.0"}],"content-domain":{"domain":[],"crossmark-restriction":false},"short-container-title":["Adm. Desarro."],"abstract":"<jats:p>The article examines the current strategic role of public accountants in modern companies, highlighting their importance not only in ensuring compliance with tax and regulatory obligations, but also in ensuring the long-term viability of organizations. Focused on companies in Medellin, the study shows how the accountant\u2019s function has evolved from a traditional technical role to a more strategic position. A qualitative methodology was used based on interviews with managers and owners of companies. The results reveal that 53.67% of the participants believe that accountants should act as strategic advisors in the business decision-making processes. Additionally, they are seen as key contributors to improving operational efficiency and supporting the long-term sustainability of companies. Despite these advances, a traditional view of the accountant still persists in some organizations, indicating that there is still a way to go to fully recognize their strategic role as a key factor in decision making and business management, actively integrating them in working committees and long-term planning.<\/jats:p>","DOI":"10.22431\/25005227.1071","type":"journal-article","created":{"date-parts":[[2024,11,27]],"date-time":"2024-11-27T14:57:10Z","timestamp":1732719430000},"page":"e1071","source":"Crossref","is-referenced-by-count":1,"title":["Rol del contador p\u00fablico en las organizaciones de Medell\u00edn desde una perspectiva empresarial","Role of the public accountant in the organizations of Medellin from a business perspective"],"prefix":"10.22431","volume":"54","author":[{"ORCID":"https:\/\/orcid.org\/0000-0002-8117-6782","authenticated-orcid":false,"given":"Jes\u00fas Daniel","family":"Rico Buitrago","sequence":"first","affiliation":[],"role":[{"vocabulary":"crossref","role":"author"}]},{"ORCID":"https:\/\/orcid.org\/0000-0001-6129-8662","authenticated-orcid":false,"given":"Carlos Hern\u00e1n","family":"Gonz\u00e1lez Parias","sequence":"additional","affiliation":[],"role":[{"vocabulary":"crossref","role":"author"}]},{"ORCID":"https:\/\/orcid.org\/0009-0003-9584-1311","authenticated-orcid":false,"given":"Danna Mar\u00eda","family":"\u00c1lvarez Berm\u00fadez","sequence":"additional","affiliation":[],"role":[{"vocabulary":"crossref","role":"author"}]},{"ORCID":"https:\/\/orcid.org\/0000-0001-9349-9477","authenticated-orcid":false,"given":"Diego Andr\u00e9s","family":"Marulanda Garc\u00e9s","sequence":"additional","affiliation":[],"role":[{"vocabulary":"crossref","role":"author"}]}],"member":"9723","published-online":{"date-parts":[[2024,11,27]]},"reference":[{"key":"16145","unstructured":"Arellana, L. C., Chinchilla, M. F. y Avila, M. E. E. (2020). Obst\u00e1culos en la implementaci\u00f3n de control interno en MIPYMES en Colombia. Palermo Business Review, 22, 185-207. https:\/\/www.palermo.edu\/negocios\/cbrs\/pdf\/pbr22\/PBR_22_10.pdf"},{"key":"16146","unstructured":"Becerra, D. (2016). Asesor estrat\u00e9gico: \u201cel nuevo rol del contador p\u00fablico en las organizaciones\u201d. Universidad Militar Nueva Granada."},{"key":"16147","unstructured":"Blanco P\u00e9rez, M. C., Garc\u00eda Cogollo, M. de los A. y G\u00f3mez Cardona, M. (2022). El rol del contador en una empresa para fortalecer la productividad. Saber, Ciencia Y Libertad en Germinaci\u00f3n, 15, 124-128. https:\/\/revistas.unilibre.edu.co\/index.php\/germinacion\/article\/view\/10064\/9150"},{"key":"16148","doi-asserted-by":"publisher","DOI":"10.18041\/2382-3240\/saber.2022v17n2.9336"},{"key":"16149","unstructured":"Charris Cifuentes, C. J., Carvajal Campos, D. y Pacheco P\u00e9rez, A. M. (2022). Las nuevas tecnolog\u00edas y el rol del Contador P\u00fablico en Colombia [Trabajo de grado, Universidad Cooperativa de Colombia]. https:\/\/hdl.handle.net\/20.500.12494\/52222"},{"key":"16150","unstructured":"Cort\u00e9s Giraldo, C. y Franco Garc\u00eda, A. E. (2018). Importancia e incidencia del Contador P\u00fablico en los procesos administrativos de las empresas privadas en Colombia. \u00c1gora Revista Virtual de Estudiantes, 6(6), 69\u201381. https:\/\/ojs.tdea.edu.co\/index.php\/agora\/article\/view\/515"},{"key":"16151","doi-asserted-by":"publisher","DOI":"10.12795\/EDUCADE.2013.i04.07"},{"key":"16152","doi-asserted-by":"publisher","DOI":"10.54198\/innova10.07"},{"key":"16153","unstructured":"Espinoza Freire, E. E. (2020). La investigaci\u00f3n cualitativa, una herramienta \u00e9tica en el \u00e1mbito pedag\u00f3gico. Conrado, 16(75), 103-110. http:\/\/scielo.sld.cu\/pdf\/rc\/v16n75\/1990-8644-rc-16-75-103.pdf"},{"key":"16154","unstructured":"G\u00f3mez V\u00e9lez, T., Puerta Vergara, M. y Castillo Restrepo, M. A. (2023). Influencia de los avances tecnol\u00f3gicos en la eficiencia de la profesi\u00f3n de contadur\u00eda p\u00fablica en Medell\u00edn [Trabajo de grado, Tecnol\u00f3gico de Antioquia]. https:\/\/dspace.tdea.edu.co\/bitstream\/handle\/tdea\/4287\/INFLUENCIA%20DE%20LOS%20AVANCES%20TECNOLOGICOS%20EN%20LA%20EFICIENCIA%20DE%20LA%20PROFESI%c3%93N%20DE%20CONTADUR%c3%8dA%20P%c3%9aBLICA%20EN%20MEDELL%c3%8dN.pdf?sequence=1&isAllowed=y"},{"key":"16155","unstructured":"Guerrero Aguirre, J. A. (2021). Rol del contador p\u00fablico en el planeamiento financiero de las empresas comerciales de la provincia de Huaura [Trabajo de grado, Universidad Nacional Jos\u00e9 Faustino S\u00e1nchez Carri\u00f3n]."},{"key":"16156","unstructured":"Jim\u00e9nez Vargas, D. y Gonz\u00e1lez Vel\u00e1squez, F. A. (2022). Estudio anal\u00edtico de las competencias blandas requeridas al contador p\u00fablico en la actualidad: Una mirada desde el perfil de la Uniagustiniana [Trabajo de grado, Universidad la Gran Colombia]."},{"key":"16157","doi-asserted-by":"publisher","DOI":"10.23977\/accaf.2024.050206"},{"key":"16158","doi-asserted-by":"publisher","DOI":"10.46589\/rdiasf.vi36.424"},{"key":"16159","doi-asserted-by":"publisher","DOI":"10.33936\/rehuso.v4i1.2143"},{"key":"16160","unstructured":"Morales, A. M. C. y Echeverri, W. D. G. (2021). El discurso \u00e9tico de lo ecu\u00e1nime en la formaci\u00f3n del contador p\u00fablico colombiano con visi\u00f3n mundial. Revista CIES Escolme, 12(1), 175-191. http:\/\/revista.escolme.edu.co\/index.php\/cies\/article\/view\/328\/347#"},{"key":"16161","unstructured":"P\u00e9rez M\u00f3relo, Y. y Campo Sarabia, J. (2023). El rol del contador p\u00fablico en la sociedad moderna. Saber, Ciencia y Libertad en Germinaci\u00f3n, 16, 131-135. https:\/\/revistas.unilibre.edu.co\/index.php\/germinacion\/article\/view\/10660\/10128"},{"key":"16162","unstructured":"Perilla, L. y Carranza, Y. M. (2018). El reto del Contador P\u00fablico Frente a las Normas Internacionales de Informaci\u00f3n Financiera. El Conuco. Investigaci\u00f3n, econom\u00eda y sociedad, 1(1), 38-46. https:\/\/revistas.unillanos.edu.co\/index.php\/conuco\/article\/view\/236"},{"key":"16163","doi-asserted-by":"publisher","DOI":"10.11144\/Javeriana.cc22.decp"},{"key":"16164","doi-asserted-by":"publisher","DOI":"10.17533\/udea.rc.25575"},{"key":"16165","unstructured":"Quintero J. J. (2020). Historia de la Contabilidad en Colombia y la Educaci\u00f3n Contable. Revista Cadena de Cerebros, 4(1), 55-59. https:\/\/doi.org\/10.5281\/zenodo.3942635"},{"key":"16166","unstructured":"Quiroz Pati\u00f1o, N. J., Celis Parra, R. E. y Garc\u00eda Moreno, J. R. (2023). Visi\u00f3n cr\u00edtica del ejercicio de la profesi\u00f3n contable: Una mirada desde la Universidad. Revista Colombiana De Contabilidad - ASFACOP, 11(22), 1\u201321. https:\/\/ojs.asfacop.org.co\/index.php\/asfacop\/article\/view\/283\/239"},{"key":"16167","unstructured":"Rend\u00f3n Moreno, M. D. P. y V\u00e9lez Berm\u00fadez, M. I. (2021). An\u00e1lisis sobre la apreciaci\u00f3n de los empresarios en cuanto al valor agregado que les generan los servicios profesionales del contador p\u00fablico en las medianas y grandes empresas industriales de Tulu\u00e1 [Trabajo de grado, Unidad Central del Valle del Cauca]. http:\/\/hdl.handle.net\/20.500.12993\/2572"},{"key":"16168","unstructured":"R\u00edos Lasso, S. y V\u00e1squez Coral, J. E. (2020). An\u00e1lisis de los aspectos de la formaci\u00f3n del contador p\u00fablico que deben alinearse respecto a las necesidades de los grandes y medianos empresarios de Guadalajara de Buga y \u00e1rea de influencia, frente a la acreditaci\u00f3n de alta calidad en el programa de Contadur\u00eda P\u00fablica de la UCEVA [Trabajo de grado, Unidad Central del Valle del Cauca]. http:\/\/hdl.handle.net\/20.500.12993\/1336"},{"key":"16169","unstructured":"Rivadeneira Baham\u00f3n, I. (2015). El papel del contador p\u00fablico como eje fundamental para la toma de decisiones financieras en las pymes [Trabajo de grado, Universidad de La Salle]. https:\/\/ciencia.lasalle.edu.co\/contaduria_publica\/107"},{"key":"16170","unstructured":"Rojas Rocio, N. F. (2023). An\u00e1lisis del rol del contador en la implementaci\u00f3n de sistemas de gesti\u00f3n contable en PYMES de C\u00f3rdoba [Trabajo de grado, Universidad Nacional de C\u00f3rdoba]"},{"key":"16171","unstructured":"Salinas L\u00f3pez, S. M. y Torrejano Ortiz, S. M. (2018). Responsabilidad del Contador P\u00fablico en la Planeaci\u00f3n Estrat\u00e9gica de las peque\u00f1as y medianas empresas en la ciudad de Bogot\u00e1 [Trabajo de grado, Universidad Libre]. https:\/\/hdl.handle.net\/10901\/15462"},{"key":"16172","unstructured":"Su\u00e1rez Arias, B. (2012). An\u00e1lisis a las competencias profesionales del contador p\u00fablico egresado de la Unilibre Pereira frente a la demanda laboral [Trabajo de grado, Universidad Libre de Colombia]. https:\/\/hdl.handle.net\/10901\/16284"},{"key":"16173","unstructured":"Su\u00e1rez Blanco, M. M. (2018). Buenas pr\u00e1cticas comunicacionales del contador p\u00fablico. Estudio de casos en micro y peque\u00f1as empresas. Revista iberoamericana de contabilidad de gesti\u00f3n, 16(32), 42-53. http:\/\/www.observatorio-iberoamericano.org\/ricg\/n_32\/macarena_suarez.pdf"},{"key":"16174","unstructured":"Villarreal Sandoval, D. C. y Navas Vaca, L. Y. (2023). Los efectos de las nuevas megatendencias en el rol contable [Trabajo de grado, Universidad Cooperativa de Colombia]. https:\/\/hdl.handle.net\/20.500.12494\/51514"},{"key":"16175","unstructured":"Zuluaga Castro, I. M. y Rueda Camargo, L. E. (2021). Importancia del contador en la empresa. Saber, Ciencia y Libertad en Germinaci\u00f3n, 14, 166-171. https:\/\/revistas.unilibre.edu.co\/index.php\/germinacion\/article\/view\/9250\/8435"}],"container-title":["Administraci\u00f3n &amp; Desarrollo"],"link":[{"URL":"https:\/\/revistas.esap.edu.co\/index.php\/admindesarro\/article\/download\/1071\/780","content-type":"application\/pdf","content-version":"vor","intended-application":"text-mining"},{"URL":"https:\/\/revistas.esap.edu.co\/index.php\/admindesarro\/article\/download\/1071\/789","content-type":"text\/xml","content-version":"vor","intended-application":"text-mining"},{"URL":"https:\/\/revistas.esap.edu.co\/index.php\/admindesarro\/article\/download\/1071\/780","content-type":"unspecified","content-version":"vor","intended-application":"similarity-checking"}],"deposited":{"date-parts":[[2025,7,9]],"date-time":"2025-07-09T16:04:42Z","timestamp":1752077082000},"score":0.0,"resource":{"primary":{"URL":"https:\/\/revistas.esap.edu.co\/index.php\/admindesarro\/article\/view\/1071"}},"issued":{"date-parts":[[2024,11,27]]},"references-count":31,"journal-issue":{"issue":"2","published-online":{"date-parts":[[2024,7,1]]}},"URL":"https:\/\/doi.org\/10.22431\/25005227.1071","ISSN":["2500-5227","0120-3754"],"issn-type":[{"value":"2500-5227","type":"electronic"},{"value":"0120-3754","type":"print"}],"published":{"date-parts":[[2024,11,27]]}},{"indexed":{"date-parts":[[2025,12,31]],"date-time":"2025-12-31T19:44:41Z","timestamp":1767210281084,"version":"3.48.0"},"reference-count":31,"publisher":"Escuela Superior de Administracion Publica","issue":"2","license":[{"start":{"date-parts":[[2025,11,13]],"date-time":"2025-11-13T00:00:00Z","timestamp":1762992000000},"content-version":"unspecified","delay-in-days":0,"URL":"https:\/\/creativecommons.org\/licenses\/by-nc-sa\/4.0"}],"content-domain":{"domain":[],"crossmark-restriction":false},"short-container-title":["Adm. Desarro."],"abstract":"<jats:p>Problem statement: Extractivism in rural areas is a feature of today's global economy, mainly in underdeveloped and peripheral regions. This type of activity undoubtedly generates territorial transformations, including peri-urbanization, which reconfigures rural spaces and alters their social and environmental dynamics. Objective: To analyze the rural transformations and urban dynamics caused by peri-urbanization and oil activity in the villages of Apiay, La Llanerita, and Bella Suiza in the municipality of Villavicencio (Colombia). Methodology: A qualitative methodology was used, together with techniques such as interviews and territorial tours, supported by the triangulation of primary and secondary sources to understand the perceptions and experiences of local actors. Results: The study showed that oil expansion in the villages of Apiay, La Llanerita, and Bella Suiza has driven accelerated processes of peri-urbanization, transforming traditional rural dynamics toward urban uses and generating territorial fragmentation, loss of peasant practices, and informal land occupation. Conlcusion: There is institutional weakness in Villavicencio, as it does not respond to the rural reality of the territory, especially with regard to the economic activity derived from oil extraction, the arrival of outsiders, and the subsequent occupation by urbanization in peripheral areas.<\/jats:p>","DOI":"10.22431\/25005227.1164","type":"journal-article","created":{"date-parts":[[2025,11,19]],"date-time":"2025-11-19T20:31:25Z","timestamp":1763584285000},"source":"Crossref","is-referenced-by-count":0,"title":["Transformaciones rurales y din\u00e1micas urbanas a partir del petr\u00f3leo en las veredas Apiay, La Llanerita y Bella Suiza de Villavicencio (Colombia)","Rural Transformations and Urban Dynamics From Oil in the Villages of Apiay, La Llanerita and Bella Suiza of Villavicencio (Colombia)"],"prefix":"10.22431","volume":"55","author":[{"ORCID":"https:\/\/orcid.org\/0009-0000-2177-9939","authenticated-orcid":false,"given":"Jaime Andr\u00e9s","family":"D\u00e1vila Casta\u00f1eda","sequence":"first","affiliation":[],"role":[{"role":"author","vocabulary":"crossref"}]},{"ORCID":"https:\/\/orcid.org\/0000-0001-7198-0577","authenticated-orcid":false,"given":"Juan Manuel","family":"Ochoa Amaya","sequence":"additional","affiliation":[],"role":[{"role":"author","vocabulary":"crossref"}]},{"ORCID":"https:\/\/orcid.org\/0000-0003-1667-5849","authenticated-orcid":false,"given":"Elkin","family":"Mu\u00f1oz Arroyave","sequence":"additional","affiliation":[],"role":[{"role":"author","vocabulary":"crossref"}]}],"member":"9723","published-online":{"date-parts":[[2025,11,13]]},"reference":[{"key":"27188","unstructured":"Alcald\u00eda de Villavicencio. (2013). S\u00edntesis Diagn\u00f3stica. Norte Plan de Ordenamiento Territorial Villavicencio. Alcald\u00eda de Villavicencio."},{"key":"27189","doi-asserted-by":"publisher","DOI":"10.15332\/li.lib.2019.00108"},{"key":"27190","doi-asserted-by":"publisher","DOI":"10.14350\/rig.59148"},{"key":"27191","doi-asserted-by":"publisher","DOI":"10.15446\/anpol.v28n83.51643"},{"key":"27192","unstructured":"DANE. (2023, marzo). Proyecciones de poblaci\u00f3n. Sociedad. https:\/\/www.dane.gov.co\/index.php\/estadisticas-por-tema\/demografia-y-poblacion\/proyecciones-de-poblacion"},{"key":"27193","unstructured":"DANE. (2019). Censo Nacional de Poblaci\u00f3n y Vivienda 2018-Colombia. Demograf\u00eda y poblaci\u00f3n. https:\/\/www.dane.gov.co\/index.php\/estadisticas-por-tema\/demografia-y-poblacion\/censo-nacional-de-poblacion-y-vivenda-2018"},{"key":"27194","doi-asserted-by":"publisher","DOI":"10.19053\/01233769.11106"},{"key":"27195","doi-asserted-by":"publisher","DOI":"10.1590\/S1517-45222004000100004"},{"key":"27196","unstructured":"FIDH. (2016). El costo humano del petr\u00f3leo: Estudio de impacto en los derechos humanos de las actividades de Pacific Exploration & Production Corp. en Puerto Gait\u00e1n (677e)."},{"key":"27197","unstructured":"Garc\u00eda, \u00c1. (2013). Geopol\u00edtica de la Amazon\u00eda. Poder hacendal-patrimonial y acumulaci\u00f3n capitalista. Vicepresidencia del Estado Plurinacional."},{"key":"27198","unstructured":"Gava, E. (2022). El modelo extractivista y sus consecuencias socioambientales en Am\u00e9rica Latina: la dependencia de commodities. Captura Cr\u00edptica: Direito, pol\u00edtica, Atualidade, 11(1), 245\u2013262. https:\/\/ojs.sites.ufsc.br\/index.php\/capturacriptica\/article\/view\/5056"},{"key":"27199","doi-asserted-by":"publisher","DOI":"10.22185\/24487147.2021.108.14"},{"key":"27200","unstructured":"Google. (s\/f). Google Earth Pro."},{"key":"27201","unstructured":"Harvey, D. (1998). La condici\u00f3n de la posmodernidad: investigacion sobre los origenes del cambio cultural. Amorrortu."},{"key":"27202","doi-asserted-by":"publisher","DOI":"10.5354\/0718-8358.2023.67702"},{"key":"27203","unstructured":"Hern\u00e1ndez, S. (2016). El periurbano, un espacio estrat\u00e9gico de oportunidad. Biblio3W. Revista Bibliogr\u00e1fica de Geograf\u00eda y Ciencias Sociales, XXI(1160), 1\u201321. https:\/\/revistes.ub.edu\/index.php\/b3w\/article\/view\/26341"},{"key":"27204","unstructured":"Machado, H. (2015). Post(?)neoliberalismo, extractivismo y el colonialismo del siglo XXI. La encrucijada nuestramericana desde una perspectiva ecosocialista. En C. Jimenez & A. Tauss (Eds.), \u00bfPensar el fin del capitalismo? Escenarios y estrategias de transformaci\u00f3n socioecol\u00f3gica (pp. 173\u2013215). Universidad Nacional de Colombia."},{"key":"27205","unstructured":"Man\u00e7ano, B. (2009). Territorio, teor\u00eda y pol\u00edtica. En G. Calder\u00f3n y L. Efra\u00edn (Eds.), Descubriendo la espacialidad social desde Ame\u0301rica Latina: reflexiones desde la geografi\u0301a sobre el campo, la ciudad y el medio ambiente. Editorial Itaca."},{"key":"27206","unstructured":"Manzini, F. (2023). Muestreo en investigaciones psicol\u00f3gicas. En Mar\u00eda Jos\u00e9 S\u00e1nchez (Ed.), Metodolog\u00eda en acci\u00f3n: Aportes a la investigaci\u00f3n psicol\u00f3gica con humanos. pp. 76-89. Editorial de la Universidad Nacional de La Plata."},{"key":"27207","unstructured":"Monje, C. (2011). Metodolog\u00eda de la Investigaci\u00f3n Cuantitativa y Cualitativa. Gu\u00eda did\u00e1ctica. Universidad Surcolombiana."},{"key":"27208","doi-asserted-by":"publisher","DOI":"10.24215\/2346898Xe112"},{"key":"27209","unstructured":"Pastrana, E., Velosa, E., y Vera, D. (2023). Pol\u00edtica exterior colombiana: la agenda de Gustavo Petro. Fundaci\u00f3n Konrad Adenauer."},{"key":"27210","unstructured":"Piva, A. (2024). Dependencia y despojo. La inserci\u00f3n internacional de Am\u00e9rica Latina en la actual fase de internacionalizaci\u00f3n. Revista De Historia, (25), 100\u2013128. https:\/\/revele.uncoma.edu.ar\/index.php\/historia\/article\/view\/5819"},{"key":"27211","unstructured":"Rinc\u00f3n, I. (2025). El Modelo Extractivista en Am\u00e9rica Latina: Pol\u00edticas Territoriales, Conflictos Socioambientales y Alternativas. Revista Foro Cubano, 5(8). https:\/\/doi.org\/10.22518\/"},{"key":"27212","doi-asserted-by":"publisher","DOI":"10.15446\/bitacora.v26n1.43164"},{"key":"27213","doi-asserted-by":"publisher","DOI":"10.21158\/01208160.n82.2017.1647"},{"key":"27214","doi-asserted-by":"publisher","DOI":"10.16924\/revinge.31.8"},{"key":"27215","doi-asserted-by":"publisher","DOI":"10.32399\/ICSYH.bvbuap.2954-4300.2024.5.10.756"},{"key":"27216","unstructured":"Svampa, M. (2013). \u00abConsenso de los Commodities\u00bb y lenguajes de valoraci\u00f3n en Am\u00e9rica Latina. Nueva Sociedad, 244. https:\/\/nuso.org\/articulo\/consenso-de-los-commodities-y-lenguajes-de-valoracion-en-america-latina\/"},{"key":"27217","doi-asserted-by":"publisher","DOI":"10.30827\/cuadgeo.v60i2.8701"},{"key":"27218","doi-asserted-by":"publisher","DOI":"10.17533\/udea.esde.v79n174a01"}],"container-title":["Administraci\u00f3n &amp; Desarrollo"],"link":[{"URL":"https:\/\/revistas.esap.edu.co\/index.php\/admindesarro\/article\/download\/1164\/840","content-type":"application\/pdf","content-version":"vor","intended-application":"text-mining"},{"URL":"https:\/\/revistas.esap.edu.co\/index.php\/admindesarro\/article\/download\/1164\/854","content-type":"text\/xml","content-version":"vor","intended-application":"text-mining"},{"URL":"https:\/\/revistas.esap.edu.co\/index.php\/admindesarro\/article\/download\/1164\/840","content-type":"unspecified","content-version":"vor","intended-application":"similarity-checking"}],"deposited":{"date-parts":[[2025,12,31]],"date-time":"2025-12-31T19:43:41Z","timestamp":1767210221000},"score":0.0,"resource":{"primary":{"URL":"https:\/\/revistas.esap.edu.co\/index.php\/admindesarro\/article\/view\/1164"}},"issued":{"date-parts":[[2025,11,13]]},"references-count":31,"journal-issue":{"issue":"2","published-online":{"date-parts":[[2025,7,16]]}},"URL":"https:\/\/doi.org\/10.22431\/25005227.1164","ISSN":["2500-5227","0120-3754"],"issn-type":[{"type":"electronic","value":"2500-5227"},{"type":"print","value":"0120-3754"}],"published":{"date-parts":[[2025,11,13]]}},{"indexed":{"date-parts":[[2025,12,31]],"date-time":"2025-12-31T20:20:24Z","timestamp":1767212424092,"version":"3.48.0"},"reference-count":0,"publisher":"Escuela Superior de Administracion Publica","issue":"2","license":[{"start":{"date-parts":[[2016,7,31]],"date-time":"2016-07-31T00:00:00Z","timestamp":1469923200000},"content-version":"unspecified","delay-in-days":0,"URL":"http:\/\/creativecommons.org\/licenses\/by-nc-nd\/4.0"}],"content-domain":{"domain":[],"crossmark-restriction":false},"short-container-title":["Adm. Desarro."],"abstract":"<jats:p>This article analyzes the territorialization of public action in the context of climate change in the district of Quindio for the period of 2000 to 2014. The research question on which the study is based is, what are the public actions for territorialization in the context of climate change in the district of Quindio between the years of 2000 to 2014? The paper develops as follows, first, by acknowledging the problem situation on the omission and the actions taken by the municipal and district administrations when addressing the climate change. Secondly, the qualitative research methodology is established and the variables of the public action in the territory are analyzed with both, analytic and inductive approaches. Thirdly, the results are displayed, showing on one hand, the evolution in addressing the climate change in territorial management plans and development plans, and on the other hand, the identification of the territorialization of the public action, its weaknesses and strengths in the climate change. Lastly, it concludes that there are both, indirect and direct actions. Indirect public actions, when the actions are related to the environment sector and the risk management. And on the other hand, the direct ones, when the actions are explicit in the development plans, through actions inclined to reduction and adaptation to the climate change; this is important, in the sense that, it shows interest by the decision makers in regards environmental policy actions and the public policies anchored in Human Rights.<\/jats:p>","DOI":"10.22431\/25005227.81","type":"journal-article","created":{"date-parts":[[2017,7,5]],"date-time":"2017-07-05T12:05:54Z","timestamp":1499256354000},"page":"235-250","source":"Crossref","is-referenced-by-count":0,"title":["Territorializaci\u00f3n de la acci\u00f3n p\u00fablica en el contexto del cambio clim\u00e1tico en el departamento del Quind\u00edo","Public action territorialization in the climate change context in the district of Quindio."],"prefix":"10.22431","volume":"46","author":[{"given":"Jaime","family":"Mej\u00eda Guti\u00e9rrez","sequence":"first","affiliation":[],"role":[{"role":"author","vocabulary":"crossref"}]},{"given":"John Alejandro","family":"Pulgar\u00edn Franco","sequence":"additional","affiliation":[],"role":[{"role":"author","vocabulary":"crossref"}]},{"given":"Hugo Armando","family":"Moreno Rojas","sequence":"additional","affiliation":[],"role":[{"role":"author","vocabulary":"crossref"}]}],"member":"9723","published-online":{"date-parts":[[2016,7,31]]},"container-title":["Administraci\u00f3n &amp; Desarrollo"],"link":[{"URL":"https:\/\/revistas.esap.edu.co\/index.php\/admindesarro\/article\/download\/81\/pdf","content-type":"application\/pdf","content-version":"vor","intended-application":"text-mining"},{"URL":"https:\/\/revistas.esap.edu.co\/index.php\/admindesarro\/article\/download\/81\/pdf","content-type":"unspecified","content-version":"vor","intended-application":"similarity-checking"}],"deposited":{"date-parts":[[2025,12,31]],"date-time":"2025-12-31T20:16:58Z","timestamp":1767212218000},"score":0.0,"resource":{"primary":{"URL":"https:\/\/revistas.esap.edu.co\/index.php\/admindesarro\/article\/view\/81"}},"issued":{"date-parts":[[2016,7,31]]},"references-count":0,"journal-issue":{"issue":"2","published-online":{"date-parts":[[2016,7,31]]}},"URL":"https:\/\/doi.org\/10.22431\/25005227.81","ISSN":["2500-5227","0120-3754"],"issn-type":[{"type":"electronic","value":"2500-5227"},{"type":"print","value":"0120-3754"}],"published":{"date-parts":[[2016,7,31]]}},{"indexed":{"date-parts":[[2025,12,31]],"date-time":"2025-12-31T20:20:20Z","timestamp":1767212420303,"version":"3.48.0"},"reference-count":0,"publisher":"Escuela Superior de Administracion Publica","issue":"2","license":[{"start":{"date-parts":[[2016,7,31]],"date-time":"2016-07-31T00:00:00Z","timestamp":1469923200000},"content-version":"unspecified","delay-in-days":0,"URL":"http:\/\/creativecommons.org\/licenses\/by-nc-nd\/4.0"}],"content-domain":{"domain":[],"crossmark-restriction":false},"short-container-title":["Adm. Desarro."],"abstract":"<jats:p>Among the markets there are several factors that have part in their own growth and development. This paper aims to show the relationship between the organization and its impact in the policies of corporate social responsibilities.<\/jats:p>","DOI":"10.22431\/25005227.77","type":"journal-article","created":{"date-parts":[[2017,7,5]],"date-time":"2017-07-05T12:05:54Z","timestamp":1499256354000},"page":"160-174","source":"Crossref","is-referenced-by-count":1,"title":["La RSE: una teor\u00eda, diferentes visiones aplicadas","The CSR: a theory, different perspectives applied"],"prefix":"10.22431","volume":"46","author":[{"given":"Germ\u00e1n","family":"Rubio Guerrero","sequence":"first","affiliation":[],"role":[{"role":"author","vocabulary":"crossref"}]},{"given":"Fernando Adolfo","family":"Fierro Celis","sequence":"additional","affiliation":[],"role":[{"role":"author","vocabulary":"crossref"}]}],"member":"9723","published-online":{"date-parts":[[2016,7,31]]},"container-title":["Administraci\u00f3n &amp; Desarrollo"],"link":[{"URL":"https:\/\/revistas.esap.edu.co\/index.php\/admindesarro\/article\/download\/77\/pdf","content-type":"application\/pdf","content-version":"vor","intended-application":"text-mining"},{"URL":"https:\/\/revistas.esap.edu.co\/index.php\/admindesarro\/article\/download\/77\/pdf","content-type":"unspecified","content-version":"vor","intended-application":"similarity-checking"}],"deposited":{"date-parts":[[2025,12,31]],"date-time":"2025-12-31T20:16:30Z","timestamp":1767212190000},"score":0.0,"resource":{"primary":{"URL":"https:\/\/revistas.esap.edu.co\/index.php\/admindesarro\/article\/view\/77"}},"issued":{"date-parts":[[2016,7,31]]},"references-count":0,"journal-issue":{"issue":"2","published-online":{"date-parts":[[2016,7,31]]}},"URL":"https:\/\/doi.org\/10.22431\/25005227.77","ISSN":["2500-5227","0120-3754"],"issn-type":[{"type":"electronic","value":"2500-5227"},{"type":"print","value":"0120-3754"}],"published":{"date-parts":[[2016,7,31]]}},{"indexed":{"date-parts":[[2024,1,8]],"date-time":"2024-01-08T12:23:38Z","timestamp":1704716618006},"reference-count":0,"publisher":"Escuela Superior de Administracion Publica","issue":"56","license":[{"start":{"date-parts":[[2012,12,1]],"date-time":"2012-12-01T00:00:00Z","timestamp":1354320000000},"content-version":"unspecified","delay-in-days":0,"URL":"http:\/\/creativecommons.org\/licenses\/by-nc-nd\/4.0"}],"content-domain":{"domain":[],"crossmark-restriction":false},"short-container-title":["Adm. Desarro."],"abstract":"<jats:p>En el marco de las reformas del Esado y de la Administraci\u00f3n P\u00fablica impulsadas en la primera d\u00e9cada del siglo XXI por los actores pol\u00edticos relevantes del pa\u00eds, el empleo de servicio civil de carrera administrativa en el nivel central del municipio de Cali evolucion\u00f3 institucionalmente bajo una modalidad estratificada que lo releg\u00f3 a la periferia de la gesti\u00f3n de personal; en contraste, otras formas devinculaci\u00f3n como el contrato de prestaci\u00f3n de servicios, concebido para permanecer de manera transitoria y marginal en el aparato administrativo p\u00fablico, se convirti\u00f3 en su regla hegem\u00f3nica.<\/jats:p>","DOI":"10.22431\/25005227.341","type":"journal-article","created":{"date-parts":[[2017,7,5]],"date-time":"2017-07-05T16:06:06Z","timestamp":1499270766000},"page":"41-50","source":"Crossref","is-referenced-by-count":1,"title":["Evolucio\u0301n e institucionalizacio\u0301n de la burocracia profesional en el municipio de Cali (administracio\u0301n central) 2001-2010"],"prefix":"10.22431","volume":"40","author":[{"given":"Sa\u00fal","family":"Saavedra Echeverry","sequence":"first","affiliation":[],"role":[{"role":"author","vocabulary":"crossref"}]},{"given":"Darwin Steven","family":"Zapata","sequence":"additional","affiliation":[],"role":[{"role":"author","vocabulary":"crossref"}]},{"given":"\u00d3scar Juli\u00e1n","family":"S\u00e1nchez","sequence":"additional","affiliation":[],"role":[{"role":"author","vocabulary":"crossref"}]},{"given":"Marino","family":"N\u00fa\u00f1ez Mosquera","sequence":"additional","affiliation":[],"role":[{"role":"author","vocabulary":"crossref"}]},{"given":"Eliel Jesid","family":"Hurtado","sequence":"additional","affiliation":[],"role":[{"role":"author","vocabulary":"crossref"}]},{"given":"Leydi Johana","family":"Meneses","sequence":"additional","affiliation":[],"role":[{"role":"author","vocabulary":"crossref"}]},{"given":"D\u00e9rvinson","family":"Puente","sequence":"additional","affiliation":[],"role":[{"role":"author","vocabulary":"crossref"}]},{"given":"Jain\u00f3ber","family":"Salazar","sequence":"additional","affiliation":[],"role":[{"role":"author","vocabulary":"crossref"}]}],"member":"9723","published-online":{"date-parts":[[2012,12,1]]},"container-title":["Administraci\u00f3n &amp; Desarrollo"],"link":[{"URL":"https:\/\/revistas.esap.edu.co\/index.php\/admindesarro\/article\/download\/341\/pdf","content-type":"application\/pdf","content-version":"vor","intended-application":"text-mining"},{"URL":"https:\/\/revistas.esap.edu.co\/index.php\/admindesarro\/article\/download\/341\/pdf","content-type":"unspecified","content-version":"vor","intended-application":"similarity-checking"}],"deposited":{"date-parts":[[2021,11,12]],"date-time":"2021-11-12T19:12:01Z","timestamp":1636744321000},"score":0.0,"resource":{"primary":{"URL":"https:\/\/revistas.esap.edu.co\/index.php\/admindesarro\/article\/view\/341"}},"issued":{"date-parts":[[2012,12,1]]},"references-count":0,"journal-issue":{"issue":"56","published-online":{"date-parts":[[2012,12,1]]}},"URL":"https:\/\/doi.org\/10.22431\/25005227.341","ISSN":["2500-5227","0120-3754"],"issn-type":[{"value":"2500-5227","type":"electronic"},{"value":"0120-3754","type":"print"}],"published":{"date-parts":[[2012,12,1]]}},{"indexed":{"date-parts":[[2022,4,3]],"date-time":"2022-04-03T20:03:01Z","timestamp":1649016181075},"reference-count":0,"publisher":"Escuela Superior de Administracion Publica","issue":"66","license":[{"start":{"date-parts":[[2016,9,28]],"date-time":"2016-09-28T00:00:00Z","timestamp":1475020800000},"content-version":"unspecified","delay-in-days":0,"URL":"http:\/\/creativecommons.org\/licenses\/by-nc-nd\/4.0"}],"content-domain":{"domain":[],"crossmark-restriction":false},"short-container-title":["Nova vetera"],"abstract":"<jats:p>La violencia terrorista que desde hace cinco d\u00e9cadas viene sufriendo Espa\u00f1a supone una de las mayores lacras sociales, ya que al dolor que origina en las v\u00edctimas hay que sumar la conmoci\u00f3n ciudadana que provoca, al implicar un ataque directo a los valores esenciales consagrados en la Constituci\u00f3n espa\u00f1ola. Por ello, desde el inicio del per\u00edodo democr\u00e1tico, en Espa\u00f1a se articul\u00f3 un sistema de ayudas p\u00fablicas a las v\u00edctimas del terrorismo que ha ido ampli\u00e1ndose progresivamente hacia un modelo de atenci\u00f3n integral que busca no solo el resarcimiento econ\u00f3mico sino tambi\u00e9n el reconocimiento moral. El presente trabajo analiza el alcance y contenido del conjunto de acciones y medidas contempladas por la legislaci\u00f3n espa\u00f1ola para alcanzar la reparaci\u00f3n integral de las v\u00edctimas del terrorismo, en el marco de la regulaci\u00f3n constitucional e internacional de la que trae su causa.<\/jats:p>","DOI":"10.22431\/25005103.331","type":"journal-article","created":{"date-parts":[[2017,7,5]],"date-time":"2017-07-05T19:34:05Z","timestamp":1499283245000},"page":"39-50","source":"Crossref","is-referenced-by-count":0,"title":["La proteccio\u0301n a las vi\u0301ctimas del terrorismo en Espan\u0303a: hacia un modelo de atencio\u0301n integral"],"prefix":"10.22431","volume":"22","author":[{"given":"Jose Gabriel","family":"Ruiz Gonzalez","sequence":"first","affiliation":[],"role":[{"role":"author","vocabulary":"crossref"}]}],"member":"9723","published-online":{"date-parts":[[2016,9,28]]},"container-title":["Nova et Vetera"],"link":[{"URL":"https:\/\/revistas.esap.edu.co\/index.php\/novaetvetera\/article\/download\/331\/pdf","content-type":"application\/pdf","content-version":"vor","intended-application":"text-mining"},{"URL":"https:\/\/revistas.esap.edu.co\/index.php\/novaetvetera\/article\/download\/331\/pdf","content-type":"unspecified","content-version":"vor","intended-application":"similarity-checking"}],"deposited":{"date-parts":[[2021,11,30]],"date-time":"2021-11-30T03:21:02Z","timestamp":1638242462000},"score":0.0,"resource":{"primary":{"URL":"https:\/\/revistas.esap.edu.co\/index.php\/novaetvetera\/article\/view\/331"}},"issued":{"date-parts":[[2016,9,28]]},"references-count":0,"journal-issue":{"issue":"66","published-online":{"date-parts":[[2016,9,28]]}},"URL":"https:\/\/doi.org\/10.22431\/25005103.331","ISSN":["2500-5103","0123-2614"],"issn-type":[{"value":"2500-5103","type":"electronic"},{"value":"0123-2614","type":"print"}],"published":{"date-parts":[[2016,9,28]]}},{"indexed":{"date-parts":[[2025,12,31]],"date-time":"2025-12-31T20:25:02Z","timestamp":1767212702157,"version":"3.48.0"},"reference-count":36,"publisher":"Escuela Superior de Administracion Publica","issue":"34","license":[{"start":{"date-parts":[[2025,12,15]],"date-time":"2025-12-15T00:00:00Z","timestamp":1765756800000},"content-version":"unspecified","delay-in-days":0,"URL":"https:\/\/creativecommons.org\/licenses\/by-nc-sa\/4.0"}],"content-domain":{"domain":[],"crossmark-restriction":false},"short-container-title":["Nova vetera"],"abstract":"<jats:p>Probl\u00e9matique: lors de la derni\u00e8re \u00e9lection pr\u00e9sidentielle en France (2022), Jean-Luc M\u00e9lenchon, candidat de l\u2019Union Populaire, et son \u00e9quipe ont organis\u00e9 un meeting. Dans ce contexte, les dimensions de l'espace ont \u00e9t\u00e9 explor\u00e9es dans le cadre d\u2019un d\u00e9bat politique privil\u00e9giant le dialogue entre les diff\u00e9rentes formes de savoir et la diffusion d\u00e9mocratique des connaissances et des technologies. M\u00e9thodologie: l\u2019analyse de la conversation et la linguistique interactionnelle permettent l\u2019\u00e9tude de la \u00abparole publique politique\u00bb, o\u00f9 \u00e9mergent, lors d\u2019un \u00e9v\u00e9nement s\u00e9miotique, social et linguistique, un ensemble de ressources pour accomplir des objectifs et des t\u00e2ches, au sein du meeting en question. Conclusions: L\u2019analyse porte \u00e0 la fois sur les ressources s\u00e9miotiques et sur les pratiques interactionnelles r\u00e9trospectives et prospectives qu\u2019elles alimentent, lesquelles donnent lieu \u00e0 leur tour \u00e0 des pratiques d\u2019action dans des environnements immersifs.<\/jats:p>","DOI":"10.22431\/25005103.1317","type":"journal-article","created":{"date-parts":[[2025,12,19]],"date-time":"2025-12-19T15:26:05Z","timestamp":1766157965000},"source":"Crossref","is-referenced-by-count":0,"title":["La r\u00e9configuration de la parole publique dans un meeting politique immersif","La reconfiguraci\u00f3n del discurso p\u00fablico en una reuni\u00f3n pol\u00edtica inmersiva"],"prefix":"10.22431","author":[{"ORCID":"https:\/\/orcid.org\/0000-0003-1667-5849","authenticated-orcid":false,"given":"Bruno","family":"Bonu","sequence":"first","affiliation":[],"role":[{"role":"author","vocabulary":"crossref"}]}],"member":"9723","published-online":{"date-parts":[[2025,12,15]]},"reference":[{"key":"29459","unstructured":"Aroldi, P., D\u2019Aloia, A., & Scifo, B. (2025). Frameless Experiences. For a Multidisciplinary Approach to Immersive Media. COMUNICAZIONI SOCIALI, (1)."},{"key":"29460","doi-asserted-by":"publisher","DOI":"10.1017\/CBO9780511665868.022"},{"key":"29461","doi-asserted-by":"publisher","DOI":"10.1007\/978-3-031-71713-0_3"},{"key":"29462","doi-asserted-by":"publisher","DOI":"10.1016\/j.pragma.2008.10.008"},{"key":"29463","unstructured":"Blom, J. P., & Gumperz, J. J. (2000). Social meaning in linguistic structure. The Bilingualism Reader, 111."},{"key":"29464","unstructured":"Bonu, B. (2014). \" L'autre\" r\u00e9volution technologique en sciences du langage: les cas du phonographe et du magn\u00e9tophone \u00e0 cassette. Dossiers d'HEL, 9."},{"key":"29465","unstructured":"C\u00e9p\u00e8de, F. et Lafon, E. (dir.), \u00ab Jean Jaur\u00e8s au Pr\u00e9-Saint-Gervais \u00bb, Politika, mis en ligne le 24\/05\/2018, consult\u00e9 le 18\/01\/2019 ; URL : https:\/\/www.politika.io\/fr\/notice\/jean-jaures-au-presaintgervais"},{"key":"29466","doi-asserted-by":"publisher","DOI":"10.2307\/2096221"},{"key":"29467","unstructured":"Davidsen, J., & McIlvenny, P. (2022). Towards collaborative immersive qualitative analysis. In Proceedings of the 15th International Conference on Computer-Supported Collaborative Learning-CSCL 2022, pp. 304-307. International Society of the Learning Sciences."},{"key":"29468","doi-asserted-by":"publisher","DOI":"10.1007\/s10746-011-9186-9"},{"key":"29469","unstructured":"Fauconnier, G. (1984). Espaces mentaux: aspects de la construction du sens dans les langues naturelles. \u00c9ditions de Minuit."},{"key":"29470","doi-asserted-by":"publisher","DOI":"10.1111\/j.1749-6632.1976.tb25467.x"},{"key":"29471","unstructured":"Goffman, E., (1987). Fa\u00e7ons de parler. Editions de Minuit"},{"key":"29472","doi-asserted-by":"publisher","DOI":"10.4000\/traces.6531"},{"key":"29473","doi-asserted-by":"publisher","DOI":"10.1016\/j.pragma.2012.09.003"},{"key":"29474","unstructured":"Goodwin, C. (1984). 10. Notes on story structure and the organization of participation. Ann: Well-((throat clear)), 1, 4-0."},{"key":"29475","doi-asserted-by":"publisher","DOI":"10.1075\/iprapip.1.1.01goo"},{"key":"29476","doi-asserted-by":"publisher","DOI":"10.1111\/j.1475-682X.1980.tb00024.x"},{"key":"29477","doi-asserted-by":"publisher","DOI":"10.1017\/CBO9780511611834"},{"key":"29478","doi-asserted-by":"publisher","DOI":"10.1017\/S0047404500019990"},{"key":"29479","unstructured":"Iwasaki, S. (2011). The multimodal mechanics of collaborative unit construction in Japanese conversation. Embodied interaction: Language and the body in the material world, 106-120."},{"key":"29480","doi-asserted-by":"publisher","DOI":"10.3389\/fpsyg.2025.1670384"},{"key":"29481","unstructured":"Kress, G., & Hodge, R. (1979). Language as Ideology. London: Routledge and Kegan Paul."},{"key":"29482","unstructured":"Laurentin E. (2020) \" Faire l'histoire - Le micro, quand l'histoire hausse la voix\""},{"key":"29483","unstructured":"https:\/\/campus-arte-tv.ezpupv.scdi-montpellier.fr\/program\/faire-l-histoire-le-micro-quand-l-histoire-hausse-la-voix"},{"key":"29484","doi-asserted-by":"publisher","DOI":"10.1177\/1468794120905460"},{"key":"29485","unstructured":"McIlvenny, P., Davidsen, J. G., Stein, A., & Kov\u00e1cs, A. B. (2022). DOTE: distributed open transcription environment."},{"key":"29486","unstructured":"Milgram, P., & Kishino, F. (1994). A taxonomy of mixed reality visual displays. IEICE TRANSACTIONS on Information and Systems, 77(12), 1321-1329."},{"key":"29487","doi-asserted-by":"publisher","DOI":"10.1177\/1461445607082581"},{"key":"29488","doi-asserted-by":"publisher","DOI":"10.4000\/praxematique.1835"},{"key":"29489","doi-asserted-by":"publisher","DOI":"10.1080\/19312450709336663"},{"key":"29490","unstructured":"Sacks, H., & Schegloff, E. A. (1979). Two preferences in the organization of reference to persons in conversation and their interaction. Everyday language: Studies in ethnomethodology, 15-21."},{"key":"29491","doi-asserted-by":"publisher","DOI":"10.1353\/lan.1974.0010"},{"key":"29492","doi-asserted-by":"publisher","DOI":"10.1017\/CBO9780511620874.002"},{"key":"29493","doi-asserted-by":"publisher","DOI":"10.1016\/j.chb.2018.04.019"},{"key":"29494","unstructured":"Tannen, D. (Ed.). (1993). Framing in discourse. Oxford University Press, USA."}],"container-title":["Nova et Vetera"],"link":[{"URL":"https:\/\/revistas.esap.edu.co\/index.php\/novaetvetera\/article\/download\/1317\/868","content-type":"application\/pdf","content-version":"vor","intended-application":"text-mining"},{"URL":"https:\/\/revistas.esap.edu.co\/index.php\/novaetvetera\/article\/download\/1317\/868","content-type":"unspecified","content-version":"vor","intended-application":"similarity-checking"}],"deposited":{"date-parts":[[2025,12,31]],"date-time":"2025-12-31T20:19:07Z","timestamp":1767212347000},"score":0.0,"resource":{"primary":{"URL":"https:\/\/revistas.esap.edu.co\/index.php\/novaetvetera\/article\/view\/1317"}},"issued":{"date-parts":[[2025,12,15]]},"references-count":36,"journal-issue":{"issue":"34","published-online":{"date-parts":[[2025,11,25]]}},"URL":"https:\/\/doi.org\/10.22431\/25005103.1317","ISSN":["2500-5103","0123-2614"],"issn-type":[{"type":"electronic","value":"2500-5103"},{"type":"print","value":"0123-2614"}],"published":{"date-parts":[[2025,12,15]]}},{"indexed":{"date-parts":[[2025,12,31]],"date-time":"2025-12-31T20:24:13Z","timestamp":1767212653194,"version":"3.48.0"},"reference-count":41,"publisher":"Escuela Superior de Administracion Publica","issue":"31","license":[{"start":{"date-parts":[[2023,12,21]],"date-time":"2023-12-21T00:00:00Z","timestamp":1703116800000},"content-version":"unspecified","delay-in-days":0,"URL":"https:\/\/creativecommons.org\/licenses\/by-nc-sa\/4.0"}],"content-domain":{"domain":[],"crossmark-restriction":false},"short-container-title":["Nova vetera"],"abstract":"<jats:p>The Colombian armed conflict highlighted and exacerbated the barriers to equal and equitable access to land, especially for rural women who suffer social, political and economic discrimination. The State is advancing in the issuance of public policies, regulatory frameworks and jurisprudence aimed at proposing alternatives to guarantee this right, one of them is the recognition made by Law 1448 on Land Restitution. This study analyzes 13 sentences issued from the Peace Agreement until 2020 related to the incorporation of the gender approach to favor women's rights to access to land. Of the sentences, two were individual requests and less than 50 % of the applicants are women, which showed the large gap that exists. 84 % of the sentences refer to the fact that the property was headed by the man, ratifying the historical patriarchal behavior towards rural property. Although, in the acts substantiated, the status of victims of both genders is recognized, the restitution is given only in the name of the person who certifies the property, that is, in almost all cases they are men, which raises concern about the application differentiated article 118 of the Victims Law and that has historically left aside the gender focus in the processes.<\/jats:p>","DOI":"10.22431\/25005103.n31.3","type":"journal-article","created":{"date-parts":[[2023,12,21]],"date-time":"2023-12-21T09:33:29Z","timestamp":1703151209000},"source":"Crossref","is-referenced-by-count":2,"title":["Incorporaci\u00f3n del enfoque de g\u00e9nero en los procesos de restituci\u00f3n de tierras en el departamento del Huila en el periodo 2016-2020","Incorporation of the gender approach in land restitution processes in the department of Huila in the period 2016-2020"],"prefix":"10.22431","author":[{"ORCID":"https:\/\/orcid.org\/0009-0009-0114-6128","authenticated-orcid":false,"given":"Fredy","family":"C\u00f3rdoba Ram\u00edrez","sequence":"first","affiliation":[],"role":[{"role":"author","vocabulary":"crossref"}]}],"member":"9723","published-online":{"date-parts":[[2023,12,21]]},"reference":[{"key":"11373","unstructured":"Asamblea General de las Naciones Unidas. (1948). Declaraci\u00f3n Universal de los Derechos Humanos. P. 1). https:\/\/www.un.org\/es\/about-us\/universal-declaration-of-human-rights"},{"key":"11374","unstructured":"Asamblea Nacional Constituyente. (1991). Constituci\u00f3n Pol\u00edtica de Colombia."},{"key":"11375","unstructured":"Blasquez, N. (2010). Epistemolog\u00eda, metodolog\u00eda y representaciones sociales. [Disertaci\u00f3n doctoral]. Editorial Universidad Nacional Aut\u00f3noma de M\u00e9xico. https:\/\/rb.gy\/okm1wd"},{"key":"11376","unstructured":"Bourdieu, P. (1991). El sentido pr\u00e1ctico. Siglo XXI editores. https:\/\/www.sigloxxieditores.com\/libro\/el-sentido-practico_17671\/"},{"key":"11377","unstructured":"Bourdieu, P. (1998). La dominaci\u00f3n masculina. Editorial Anagrama. https:\/\/www.anagrama-ed.es\/libro\/argumentos\/la-dominacion-masculina\/9788433905895\/A_238"},{"key":"11378","unstructured":"Carranza, D. C. (2019). Gobierno de Colombia responde por qu\u00e9 no vot\u00f3 declaraci\u00f3n de derechos campesinos de la ONU. https:\/\/www.aa.com.tr\/es\/pol%C3%ADtica\/gobierno-de-colombia-responde-por-qu%C3%A9-no-vot%C3%B3-declaraci%C3%B3n-de-derechos-campesinos-de-la-onu\/1364673"},{"key":"11379","unstructured":"Centro de Investigaci\u00f3n y Educaci\u00f3n Popular [CINEP]. (2015). Enfoque diferencial de g\u00e9nero en la restituci\u00f3n de tierras. Serie \"\u00bfY si la tierra hablara? Los ecos de la restituci\u00f3n\". https:\/\/biblioteca.clacso.edu.ar\/Colombia\/Cinep\/20161026022256\/20150810.Boletin_EnfoqueDiferencial.pdf"},{"key":"11380","unstructured":"Consejer\u00eda Presidencial para la Equidad de la Mujer. (2015). Manual de territorializaci\u00f3n de los lineamientos de pol\u00edtica p\u00fablica para la prevenci\u00f3n de riesgos, la prevenci\u00f3n y garant\u00eda de los derechos de las mujeres v\u00edctimas del conflicto armado. https:\/\/www.minsalud.gov.co\/sites\/rid\/Lists\/BibliotecaDigital\/RIDE\/INEC\/IGUB\/Lineamientos-politica-publica-violencia-mujeres.pdf"},{"key":"11381","unstructured":"Consejo Nacional de Pol\u00edtica Econ\u00f3mica y Social. (2013). CONPES 3784. https:\/\/colaboracion.dnp.gov.co\/CDT\/Poltica%20de%20Vctimas\/CUARTO%20INFORME%20CONPES%203784_F.pdf"},{"key":"11382","unstructured":"Contreras, J. F. (2006). El Derecho Internacional Humanitario: principio de una educaci\u00f3n para la paz. Educaci\u00f3n y Educadores, 9(1), 177-189. https:\/\/www.redalyc.org\/pdf\/834\/83490113.pdf"},{"key":"11383","unstructured":"Corte Constitucional. (2008). Auto 092. https:\/\/www.corteconstitucional.gov.co\/relatoria\/autos\/2008\/a092-08.htm"},{"key":"11384","unstructured":"FAO. (2006). Situaci\u00f3n de las mujeres rurales en Colombia. http:\/\/www.fao.org., Roma: http:\/\/www.fao.org\/gender-landrights-database\/countryprofiles\/listcountries\/generalintroduction\/es\/?country_iso3=COL#:~:text=Con%20la%20ley%20de%20reforma,la%20mujer%20a%20la%20tierra.&text=La%20adjudicaci%C3%B3n%20de%20tierra%20a,5%20por%20ciento%20(6)"},{"key":"11385","unstructured":"Gobierno nacional FARC-EP. (2016). Acuerdo Final para la terminaci\u00f3n del conflicto y la construcci\u00f3n de una paz estable y duradera en Colombia. https:\/\/www.cancilleria.gov.co\/sites\/default\/files\/Fotos2016\/12.11_1.2016nuevoacuerdofinal.pdf"},{"key":"11386","doi-asserted-by":"crossref","unstructured":"G\u00f3mez, M. J. y Sanabria, L. P. (2020). Las mujeres rurales y su derecho a la tierra: retos de la pol\u00edtica p\u00fablica en Colombia. Trabajo Social, 22(1), 85-104. https:\/\/doi.org\/10.15446\/ts.v22n1.79232","DOI":"10.15446\/ts.v22n1.79232"},{"key":"11387","unstructured":"Haraway, D. J. (1991). Ciencia, cyborgs y mujeres: La reinvenci\u00f3n de la naturaleza. https:\/\/monoskop.org\/images\/e\/eb\/Haraway_Donna_J_Ciencia_cyborgs_y_mujeres_La_reinvencion_de_la_naturaleza.pdf"},{"key":"11388","unstructured":"Juzgado Primero Civil Especializado en Restituci\u00f3n de Tierras del Circuito de Ibagu\u00e9. (2019). Sentencia No. 099"},{"key":"11389","unstructured":"Juzgado Primero Civil Especializado en Restituci\u00f3n de Tierras del Circuito de Ibagu\u00e9. (2020). Sentencia No. 092"},{"key":"11390","unstructured":"Juzgado Primero Civil Especializado en Restituci\u00f3n de Tierras del Circuito de Ibagu\u00e9. (2020). Sentencia No. 114"},{"key":"11391","unstructured":"Juzgado Segundo Civil Especializado en Restituci\u00f3n de Tierras del Circuito de Ibagu\u00e9. (2018). Sentencia No. 060"},{"key":"11392","unstructured":"Juzgado Segundo Civil Especializado en Restituci\u00f3n de Tierras del Circuito de Ibagu\u00e9. (2018). Sentencia No. 062"},{"key":"11393","unstructured":"Juzgado Segundo Civil Especializado en Restituci\u00f3n de Tierras del Circuito de Ibagu\u00e9. (2019). Sentencia No. 102"},{"key":"11394","unstructured":"Juzgado Segundo Civil Especializado en Restituci\u00f3n de Tierras del Circuito de Ibagu\u00e9. (2019). Sentencia No. 121"},{"key":"11395","unstructured":"Juzgado Segundo Civil Especializado en Restituci\u00f3n de Tierras del Circuito de Ibagu\u00e9. (2019). Sentencia No. 123"},{"key":"11396","unstructured":"Juzgado Segundo Civil Especializado en Restituci\u00f3n de Tierras del Circuito de Ibagu\u00e9. (2019). Sentencia No. 132"},{"key":"11397","unstructured":"Juzgado Segundo Civil Especializado en Restituci\u00f3n de Tierras del Circuito de Ibagu\u00e9. (2020). Sentencia No. 037"},{"key":"11398","unstructured":"Juzgado Segundo Civil Especializado en Restituci\u00f3n de Tierras del Circuito de Ibagu\u00e9. (2020). Sentencia No. 066"},{"key":"11399","unstructured":"Lamas, M. (1999). Usos, dificultades y posibilidades de la categor\u00eda de g\u00e9nero. Papeles de poblaci\u00f3n, 5(21), 147-178. https:\/\/www.redalyc.org\/pdf\/112\/11202105.pdf"},{"key":"11400","unstructured":"Ley de v\u00edctimas 1448. (junio 10 de 2011). Congreso de la Rep\u00fablica. \u201cPor la cual se dictan medidas de atenci\u00f3n, asistencia y reparaci\u00f3n integral a las v\u00edctimas del conflicto armado interno y se dictan otras disposiciones\u201d, art\u00edculo 13 de 2011 sobre enfoque diferencial, Diario Oficial n.\u00ba 48.096. https:\/\/www.funcionpublica.gov.co\/eva\/gestornormativo\/norma.php?i=43043"},{"key":"11401","unstructured":"Mantilla, C. O. (2019). Pensamiento y Acci\u00f3n Social. https:\/\/www.pas.org.co\/nueva#:~:text=El%2017%20de%20 diciembre%20de,15%2F5%2F3)."},{"key":"11402","unstructured":"Organizaci\u00f3n de las Naciones Unidas [ONU]. (2006). Preguntas frecuentes sobre el enfoque de derechos humanos en la cooperaci\u00f3n para el desarrollo. https:\/\/www.ohchr.org\/sites\/default\/files\/Documents\/Publications\/FAQsp.pdfhttps:\/\/www.ohchr.org\/sites\/default\/files\/Documents\/Publications\/FAQsp.pdf"},{"key":"11403","unstructured":"Organizaci\u00f3n de las Naciones Unidas [ONU] Mujeres. (2011). https:\/\/www.unwomen.org\/es\/news\/in-focus\/rural-womenday\/2011\/facts-and-figures"},{"key":"11404","unstructured":"PNUD. (2011). Razones para la esperanza. Informe Nacional de Desarrollo Humano. https:\/\/www.undp.org\/sites\/g\/files\/zskgke326\/files\/migration\/co\/undp-co-ic_indh2011-parte1-2011.pdf"},{"key":"11405","unstructured":"Ragin, C. (2007). La construcci\u00f3n de la investigaci\u00f3n social: introducci\u00f3n a los m\u00e9todos y su diversidad. Siglo del Hombres Editores. http:\/\/metodos-avanzados.sociales.uba.ar\/wp-content\/uploads\/sites\/216\/2014\/04\/Investigacion_ragin.pdf"},{"key":"11406","unstructured":"Scott, J. (2008). G\u00e9nero e historia. Universidad Aut\u00f3noma de M\u00e9xico. https:\/\/edisciplinas.usp.br\/pluginfile.php\/380230\/mod_resource\/content\/1\/Scott%2C%20Joan%20-%20G\u00e9nero%20e%20Historia.pdf"},{"key":"11407","unstructured":"Segato, R. (2017). La guerra contra las mujeres. Traficantes de sue\u00f1os \/ Tinta lim\u00f3n. https:\/\/traficantes.net\/sites\/default\/files\/pdfs\/map45_segato_web.pdf"},{"key":"11408","doi-asserted-by":"crossref","unstructured":"Sentencia T-025\/04 de 2004. Corte Constitucional. https:\/\/www.corteconstitucional.gov.co\/relatoria\/2004\/T-025-04.htm","DOI":"10.1088\/1126-6708\/2004\/04\/025"},{"key":"11409","unstructured":"Sentencia T-012\/16 de 2016. Corte Constitucional. https:\/\/www.corteconstitucional.gov.co\/relatoria\/2016\/t-012-16.htm"},{"key":"11410","unstructured":"Smith, D. (2012). El punto de vista (standpoint) de las mujeres: conocimiento encarnado versus relaciones de dominaci\u00f3n. Revista Temas de mujeres, 8(8). http:\/\/ojs.filo.unt.edu.ar\/index.php\/temasdemujeres\/article\/view\/57\/57"},{"key":"11411","unstructured":"Verea, C. P. (2014). Pierre Bourdieu y los estudios de g\u00e9nero: convergencias y divergencias. Centro de estudios de la Universidad de Guadalajara. https:\/\/es.scribd.com\/document\/186535976\/Revista-Universidad-de-Guadalajara-Pierre-Bourdieu-y-los-estudios-de-genero"},{"key":"11412","unstructured":"V\u00eda Campesina. (marzo de 2009). https:\/\/viacampesina.org\/"},{"key":"11413","unstructured":"V\u00eda Campesina. (marzo de 2020). https:\/\/viacampesina.org\/wp-content\/uploads\/2020\/04\/UNDROP-Book-of-Illustrations-lES-l-Web.pdf"}],"container-title":["Nova et Vetera"],"link":[{"URL":"https:\/\/revistas.esap.edu.co\/index.php\/novaetvetera\/article\/download\/929\/722","content-type":"application\/pdf","content-version":"vor","intended-application":"text-mining"},{"URL":"https:\/\/revistas.esap.edu.co\/index.php\/novaetvetera\/article\/download\/929\/722","content-type":"unspecified","content-version":"vor","intended-application":"similarity-checking"}],"deposited":{"date-parts":[[2025,12,31]],"date-time":"2025-12-31T20:19:50Z","timestamp":1767212390000},"score":0.0,"resource":{"primary":{"URL":"https:\/\/revistas.esap.edu.co\/index.php\/novaetvetera\/article\/view\/929"}},"issued":{"date-parts":[[2023,12,21]]},"references-count":41,"journal-issue":{"issue":"31","published-online":{"date-parts":[[2023,12,15]]}},"URL":"https:\/\/doi.org\/10.22431\/25005103.n31.3","ISSN":["2500-5103","0123-2614"],"issn-type":[{"type":"electronic","value":"2500-5103"},{"type":"print","value":"0123-2614"}],"published":{"date-parts":[[2023,12,21]]}},{"indexed":{"date-parts":[[2025,12,31]],"date-time":"2025-12-31T20:25:05Z","timestamp":1767212705852,"version":"3.48.0"},"reference-count":16,"publisher":"Escuela Superior de Administracion Publica","issue":"33","license":[{"start":{"date-parts":[[2024,12,11]],"date-time":"2024-12-11T00:00:00Z","timestamp":1733875200000},"content-version":"unspecified","delay-in-days":0,"URL":"https:\/\/creativecommons.org\/licenses\/by-nc-sa\/4.0"}],"content-domain":{"domain":[],"crossmark-restriction":false},"short-container-title":["Nova vetera"],"abstract":"<jats:p>The water crisis facing the world has raised the need to analyze the complexity and multiplicity of factors influencing water-related issues, which have significant repercussions in local contexts. In this regard, one of the strategies adopted by governments has been the legal protection of water resources through their recognition as a human right in constitutions. This approach has impacted the design and implementation of public policies; however, the outcomes have been contrary to the political-governmental proposals. This reflection addresses the Bolivian case with the aim of analyzing the influence of the philosophy of \u201cVivir Bien\u201d (Living Well) and the involvement of non-state actors in water resource management in Bolivia. To this end, a qualitative methodology was used, based on techniques such as literature review and public policy analysis. This allowed for a study of the main background of the Water War in Bolivia, constitutional regulations, and the Patriotic Agenda 2025 as the framework for national policies, followed by an analysis of the participation of various actors and the application of the philosophy of Vivir Bien as a central element of Bolivian culture.<\/jats:p>","DOI":"10.22431\/25005103.1097","type":"journal-article","created":{"date-parts":[[2024,12,16]],"date-time":"2024-12-16T06:51:30Z","timestamp":1734331890000},"page":"e1097","source":"Crossref","is-referenced-by-count":0,"title":["Pol\u00edticas del agua en Bolivia: an\u00e1lisis desde la filosof\u00eda del vivir bien y la agenda patri\u00f3tica 2025","Water politics in Bolivia: analysis from the philosophy of well-living and patriotic agenda 2025"],"prefix":"10.22431","author":[{"ORCID":"https:\/\/orcid.org\/0000-0003-3591-8244","authenticated-orcid":false,"given":"Nancy Paola","family":"Monta\u00f1ez Aldana","sequence":"first","affiliation":[],"role":[{"role":"author","vocabulary":"crossref"}]}],"member":"9723","published-online":{"date-parts":[[2024,12,11]]},"reference":[{"key":"16939","doi-asserted-by":"publisher","DOI":"10.6035\/kult-ur.7633"},{"key":"16940","unstructured":"Asamblea Constituyente, Honorable Congreso Nacional de Bolivia. (2009). Constituci\u00f3n Pol\u00edtica del Estado."},{"key":"16941","unstructured":"Britos, N. (2017). El derecho al agua en la Nueva Constituci\u00f3n Pol\u00edtica del Estado Unitaria Social de Derecho Plurinacional Comunitario de Bolivia. Universidad Nacional de C\u00f3rdoba. https:\/\/rdu.unc.edu.ar\/handle\/11086\/5192"},{"key":"16942","unstructured":"Bruera, R. (2019). Historia, medios y poder a 20 a\u00f1os de la Guerra del Agua. Revista Latinoamericana en Comunicaci\u00f3n, Educaci\u00f3n e Historia, (1), 76 - 83. https:\/\/revistas.unc.edu.ar\/index.php\/comedhi\/article\/view\/34279"},{"key":"16943","unstructured":"Crespo Flores, C. (2000). La guerra del agua en Cochabamba: movimientos sociales y crisis de dispositivos del poder. Ecolog\u00eda Pol\u00edtica, (20). 59-70."},{"key":"16944","unstructured":"Crespo, C. (2006). El proceso boliviano y la nueva agenda del agua. Ecolog\u00eda Pol\u00edtica, (31). 121-123."},{"key":"16945","unstructured":"Kruse, T. (2005). La \"Guerra del Agua\" en Cochabamba, Bolivia: terrenos complejos, convergencias nuevas. En E. de la Garza Toledo. (Comp.), Sindicatos y nuevos movimientos sociales en Am\u00e9rica Latina (pp. 121-161). CLACSO."},{"key":"16946","doi-asserted-by":"publisher","DOI":"10.17141\/urvio.30.2021.4781"},{"key":"16947","unstructured":"Ministerio de Autonom\u00edas de Bolivia. (2013). Agenda Patri\u00f3tica 2025, Serie Autonom\u00edas para la gente 6."},{"key":"16948","unstructured":"Ministerio de Medio Ambiente y Agua. (2017). Pol\u00edtica para la Implementaci\u00f3n del Derecho Humano al Agua y Saneamiento en Bolivia."},{"key":"16949","unstructured":"Ministerio de Medio Ambiente y Agua. (2018). Pol\u00edtica Nacional de Uso Eficiente del Agua Potable y Adaptaci\u00f3n al Cambio Clim\u00e1tico, para Vivir Bien."},{"key":"16950","unstructured":"Ministerio de Relaciones Exteriores de Bolivia. (2024, 20 de noviembre). Vivir Bien o Buen Vivir, es la vida en plenitud . https:\/\/cancilleria.gob.bo\/mre\/filosofia\/#:~:text=Vivir%20Bien%20o%20Buen%20Vivir,con%20toda%20forma%20de%20existencia."},{"key":"16951","doi-asserted-by":"publisher","DOI":"10.1344\/ACS2019.8.10"},{"key":"16952","doi-asserted-by":"publisher","DOI":"10.14201\/alh201365141160"},{"key":"16953","doi-asserted-by":"publisher","DOI":"10.22380\/2539472X.1192"},{"key":"16954","doi-asserted-by":"publisher","DOI":"10.35533\/od.0206.jnt"}],"container-title":["Nova et Vetera"],"link":[{"URL":"https:\/\/revistas.esap.edu.co\/index.php\/novaetvetera\/article\/download\/1097\/790","content-type":"application\/pdf","content-version":"vor","intended-application":"text-mining"},{"URL":"https:\/\/revistas.esap.edu.co\/index.php\/novaetvetera\/article\/download\/1097\/790","content-type":"unspecified","content-version":"vor","intended-application":"similarity-checking"}],"deposited":{"date-parts":[[2025,12,31]],"date-time":"2025-12-31T20:19:20Z","timestamp":1767212360000},"score":0.0,"resource":{"primary":{"URL":"https:\/\/revistas.esap.edu.co\/index.php\/novaetvetera\/article\/view\/1097"}},"issued":{"date-parts":[[2024,12,11]]},"references-count":16,"journal-issue":{"issue":"33","published-online":{"date-parts":[[2024,4,30]]}},"URL":"https:\/\/doi.org\/10.22431\/25005103.1097","ISSN":["2500-5103","0123-2614"],"issn-type":[{"type":"electronic","value":"2500-5103"},{"type":"print","value":"0123-2614"}],"published":{"date-parts":[[2024,12,11]]}},{"indexed":{"date-parts":[[2025,12,31]],"date-time":"2025-12-31T20:10:58Z","timestamp":1767211858073,"version":"3.48.0"},"reference-count":0,"publisher":"Escuela Superior de Administracion Publica","issue":"56","license":[{"start":{"date-parts":[[2012,12,1]],"date-time":"2012-12-01T00:00:00Z","timestamp":1354320000000},"content-version":"unspecified","delay-in-days":0,"URL":"http:\/\/creativecommons.org\/licenses\/by-nc-nd\/4.0"}],"content-domain":{"domain":[],"crossmark-restriction":false},"short-container-title":["Adm. Desarro."],"abstract":"<jats:p>Este es un art\u00edculo de reflexi\u00f3n que describe la evoluci\u00f3n del proceso de implantaci\u00f3n del sistema de justicia penal en M\u00e9xico. El m\u00e9todo de investigaci\u00f3n fue la observaci\u00f3n participante y la investigaci\u00f3n--acci\u00f3n como resultado de la participaci\u00f3n en diecisiete seminarios de prediagn\u00f3stico en los estados de la rep\u00fablica mexicana. Las categor\u00edas de an\u00e1lisis fueron las siguientes: caracter\u00edsticas de organizaci\u00f3n y desempe\u00f1o del \u00f3rgano implementador federal Secretariado T\u00e9cnico para la reforma del sistema de justicia penal (Setec), modelo de evaluaci\u00f3n de avances de la reforma, tipolog\u00eda de implantaciones de la reforma y resultados del seminario de prediagn\u00f3stico de implantaci\u00f3n en diecisiete entidades. Como resultado de lo anterior se concluye que la reforma ha avanzado en M\u00e9xico a cuatro velocidades, que la Setec ha tenido un bajo desempe\u00f1o como \u00f3rgano implementador debido a sus constantes cambios de l\u00edderes y a su desestructurada orientaci\u00f3n estrat\u00e9gica y su dise\u00f1o organizativo y que d mejor modelo de implantaci\u00f3n es el que se hace por regiones y que los sistemas de justicia estudiados, siendo muy diferentes en tama\u00f1o y complejidad, comparten una problematica com\u00fan.This is an article of reflection that describes the evolution of the process of implanting the Criminal Justice System in Mexico. The research method used was that of participant observation and action-research as a result of participation in 17 pre-diagnosis seminars in the states of the Mexican republic. The analysis categories were the following: organizational characteristic. and performance of the implementing agency - the Technical Secretariat for Reform of the Criminal Justice System (SETEC), the model for evaluating advances in the reform, typology of implantations of the reform and results of the implantation pre-diagnosis seminar in 17 entities.\u00a0As a result of the above, it was concluded that: the reform has advanced at four different speeds in Mexico, the SETEC has had poor performance as an implementing entity due to constant changes of its leaders and its unstructured strategic orientation and its organizational design, and the best model of implantation is that which is done by regions and that the justice systems studied, while very different in size and complexity, share common problematic characteristics.\u00a0<\/jats:p>","DOI":"10.22431\/25005227.189","type":"journal-article","created":{"date-parts":[[2017,7,5]],"date-time":"2017-07-05T12:06:06Z","timestamp":1499256366000},"page":"11-26","source":"Crossref","is-referenced-by-count":0,"title":["Implantation of the Accusatory Criminal Justice System in Mexico"],"prefix":"10.22431","volume":"40","author":[{"given":"Luis Arturo","family":"Rivas Tovar","sequence":"first","affiliation":[],"role":[{"role":"author","vocabulary":"crossref"}]},{"given":"Gustavo Adolfo","family":"P\u00e9rez Rojas","sequence":"additional","affiliation":[],"role":[{"role":"author","vocabulary":"crossref"}]},{"given":"Juan","family":"Blas Arriaga","sequence":"additional","affiliation":[],"role":[{"role":"author","vocabulary":"crossref"}]}],"member":"9723","published-online":{"date-parts":[[2012,12,1]]},"container-title":["Administraci\u00f3n &amp; Desarrollo"],"link":[{"URL":"https:\/\/revistas.esap.edu.co\/index.php\/admindesarro\/article\/download\/189\/pdf","content-type":"application\/pdf","content-version":"vor","intended-application":"text-mining"},{"URL":"https:\/\/revistas.esap.edu.co\/index.php\/admindesarro\/article\/download\/189\/pdf","content-type":"unspecified","content-version":"vor","intended-application":"similarity-checking"}],"deposited":{"date-parts":[[2025,12,31]],"date-time":"2025-12-31T20:07:32Z","timestamp":1767211652000},"score":0.0,"resource":{"primary":{"URL":"https:\/\/revistas.esap.edu.co\/index.php\/admindesarro\/article\/view\/189"}},"issued":{"date-parts":[[2012,12,1]]},"references-count":0,"journal-issue":{"issue":"56","published-online":{"date-parts":[[2012,12,1]]}},"URL":"https:\/\/doi.org\/10.22431\/25005227.189","ISSN":["2500-5227","0120-3754"],"issn-type":[{"type":"electronic","value":"2500-5227"},{"type":"print","value":"0120-3754"}],"published":{"date-parts":[[2012,12,1]]}},{"indexed":{"date-parts":[[2025,12,5]],"date-time":"2025-12-05T20:44:26Z","timestamp":1764967466587,"version":"3.46.0"},"reference-count":82,"publisher":"Escuela Superior de Administracion Publica","issue":"2","license":[{"start":{"date-parts":[[2025,12,4]],"date-time":"2025-12-04T00:00:00Z","timestamp":1764806400000},"content-version":"unspecified","delay-in-days":0,"URL":"https:\/\/creativecommons.org\/licenses\/by-nc-sa\/4.0"}],"content-domain":{"domain":[],"crossmark-restriction":false},"short-container-title":["Adm. Desarro."],"abstract":"<jats:p>Problem statement: Gender-based violence is a structural phenomenon that requires comprehensive strategies through public policy. However, the involvement of men in these policies remains recent and limited. Objective: To analyze, through a systematic integrative review, how the masculinity approach has been addressed in public policies aimed at tackling gender-based violence, considering articles published in English, Spanish, and Portuguese between 2019 and 2023. Methodology: PRISMA criteria were applied, using a hermeneutic-dialogic analysis method and a two-way coding process. The information was systematized with Atlas Ti software to develop analytical categories related to masculinities, gender-based violence, and public policy. Results: The findings synthesize theoretical and methodological approaches, key contributions, and persistent challenges. There is a growing adoption of policies directed at men to address gender-based violence, although empirical evidence of their effectiveness remains scarce. Conclusion: The review identifies how masculinities are addressed in public policies aimed at confronting gender-based violence, with a predominance of socioconstructivist perspectives, minimal presence of evolutionary approaches, and absence of anthropological, biological, and psychoanalytic perspectives. The main challenges include securing adequate funding, ensuring complementarity among interventions, strengthening methodological rigor, and fostering sustained political commitment from key actors.<\/jats:p>","DOI":"10.22431\/25005227.1140","type":"journal-article","created":{"date-parts":[[2025,12,5]],"date-time":"2025-12-05T20:34:41Z","timestamp":1764966881000},"source":"Crossref","is-referenced-by-count":0,"title":["Masculinidades en pol\u00edticas p\u00fablicas para afrontar violencias de g\u00e9nero: una revisi\u00f3n sistem\u00e1tica integradora (2019-2023)","Masculinities in Public Policies to Address Gender Violence: An Integrative Systematic review (2019-2023)"],"prefix":"10.22431","volume":"55","author":[{"ORCID":"https:\/\/orcid.org\/0009-0004-9340-6962","authenticated-orcid":false,"given":"Jos\u00e9 Alejandro","family":"Ni\u00f1o V\u00e1squez","sequence":"first","affiliation":[],"role":[{"role":"author","vocabulary":"crossref"}]},{"ORCID":"https:\/\/orcid.org\/0000-0001-5946-7578","authenticated-orcid":false,"given":"Adriana","family":"Anacona Mu\u00f1oz","sequence":"additional","affiliation":[],"role":[{"role":"author","vocabulary":"crossref"}]},{"ORCID":"https:\/\/orcid.org\/0000-0002-3119-8377","authenticated-orcid":false,"given":"Hern\u00e1n","family":"S\u00e1nchez R\u00edos","sequence":"additional","affiliation":[],"role":[{"role":"author","vocabulary":"crossref"}]}],"member":"9723","published-online":{"date-parts":[[2025,12,4]]},"reference":[{"key":"28927","unstructured":"Adams, D., y Cayouette, S. (2002). Emerge: A Group Education Model for Abusers. En E. Aldarondo y F. Mederos (Eds.), Programs for Men Who Batter: Intervention and Prevention Strategies in a Diverse Society, (pp. 1\u201326). Civic Research Inc. https:\/\/www.researchgate.net\/publication\/371681700"},{"key":"28928","doi-asserted-by":"crossref","unstructured":"Aguayo, F., y Nascimento, M. (2016). Dos d\u00e9cadas de estudios de hombres y masculinidades en Am\u00e9rica Latina: avances y desaf\u00edos. Sexualidad, Salud y Sociedad, 22, 207\u2013220. https:\/\/doi.org\/10.1590\/1984-6487.sess.2016.22.09.a","DOI":"10.1590\/1984-6487.sess.2016.22.09.a"},{"key":"28929","doi-asserted-by":"crossref","unstructured":"Ain, Q. U., Canan, O., Amin, A., Garc\u00eda Moreno, C., Brennan-Wilson, A., Thurston, A., Mackenzie, A., Comrie-Thomson, L., Lagdon, S., Stark, P., y Lohan, M. (2023). Violence against women during the Covid-19 Pandemic: Scoping review of the literature in collaboration with the World Health Organization protocol. International Journal of Educational Research Open, 5, 1\u20138. https:\/\/doi.org\/10.1016\/j.ijedro.2023.100267","DOI":"10.1016\/j.ijedro.2023.100267"},{"key":"28930","doi-asserted-by":"crossref","unstructured":"Akl Moanac, P. M., Docal-Mill\u00e1n, M. D. C., Castillo-Rojas, C. J., Angulo-Castillo, C. T., y Ortega-Pe\u00f1a, Y. M. (2022). Exposici\u00f3n a la violencia de pareja: comprensiones desde su naturalizaci\u00f3n en hombres y mujeres colombianos. Revista de Salud P\u00fablica, 24(2), 1\u20135. https:\/\/doi.org\/10.15446\/rsap.v24n2.92889","DOI":"10.15446\/rsap.v24n2.92889"},{"key":"28931","doi-asserted-by":"crossref","unstructured":"Araujo, J.C. (2021). La realidad silenciosa de la violencia contra el hombre, \u00bfes tambi\u00e9n violencia de g\u00e9nero? Estudio desde la perspectiva jur\u00eddico legal en Venezuela. Revista Mexicana de Medicina Forense, 6(1): 58-72. https:\/\/doi.org\/10.25009\/revmedforense.v6i1.2886","DOI":"10.25009\/revmedforense.v6i1.2886"},{"key":"28932","unstructured":"Ar\u00e9valo Paiva, C. D., Romero Rojas, D. C., C\u00f3rdoba Hern\u00e1ndez, D., y Ospina Torres, S. (2022). \u00bfSon los hombres v\u00edctimas invisibles? Proceso de psicoeducaci\u00f3n de la violencia basada en g\u00e9nero (de mujeres a hombres) como aporte en la transformaci\u00f3n de imaginarios sociales [tesis de grado]. Universidad Cat\u00f3lica de Colombia. https:\/\/repository.ucatolica.edu.co\/entities\/publication\/e34fafe6-e7f0-4325-b511-46af0e7551ab"},{"key":"28933","unstructured":"Armenta Hurtarte, C., Pe\u00f1a Pulido, D., y Welbanks Horta, A. (2021). Masculinidad y religiosidad en hombres j\u00f3venes de escuelas religiosas y laicas. Revista Electr\u00f3nica de Psicolog\u00eda Iztacala, 24(2), 526. www.revistas.unam.mx\/index.php\/repiwww.iztacala.unam.mx\/carreras\/psicologia\/psiclin"},{"key":"28934","unstructured":"Asamblea General de las Naciones Unidas. (1994). Declaraci\u00f3n sobre la eliminaci\u00f3n de la violencia contra la mujer Resoluci\u00f3n de la Asamblea General 48\/104 del 20 de diciembre de 1993. Naciones Unidas. https:\/\/www.acnur.org\/fileadmin\/Documentos\/BDL\/2002\/1286.pdf?file=fileadmin\/Documentos\/BDL\/2002\/1286"},{"key":"28935","doi-asserted-by":"crossref","unstructured":"Assun\u00e7\u00e3o de Souza, L. V. da S., Silva, J. de O., Greve Nodari, P. R., Teshima de Alencar, B., Borges Silva, R., y Menezes Aleixo, M. L. (2022). Desaf\u00edos da implementa\u00e7\u00e3o da Pol\u00edtica Nacional de Aten\u00e7\u00e3o Integral a Sa\u00fade do Homem em Mato Grosso. Research, Society and Development, 11(2), 1\u201311. https:\/\/doi.org\/10.33448\/rsd-v11i2.25354","DOI":"10.33448\/rsd-v11i2.25354"},{"key":"28936","doi-asserted-by":"crossref","unstructured":"Beiras, A., Nascimento, M., e Incrocci, C. (2019). Programas de aten\u00e7\u00e3o a homens autores de viol\u00eancia contra as mulheres: um panorama das interven\u00e7\u00f5es no Brasil. Saude e Sociedade, 28(1), 262\u2013274. https:\/\/doi.org\/10.1590\/s0104-12902019170995","DOI":"10.1590\/s0104-12902019170995"},{"key":"28937","doi-asserted-by":"crossref","unstructured":"Berdahl, J. L., Cooper, M., Glick, P., Livingston, R. W., y Williams, J. C. (2018). Work as a Masculinity Contest. Journal of Social Issues, 74(3), 422\u2013448. https:\/\/doi.org\/10.1111\/josi.12289","DOI":"10.1111\/josi.12289"},{"key":"28938","doi-asserted-by":"crossref","unstructured":"Bonavitta, P., y Bard-Wigdor, G. (2022). Licencias por cuidado familiar y la reproducci\u00f3n de roles de g\u00e9nero: el caso de Argentina. Puriq, 4, 1\u201314. https:\/\/doi.org\/10.37073\/puriq.4.420","DOI":"10.37073\/puriq.4.420"},{"key":"28939","doi-asserted-by":"crossref","unstructured":"Campbell, J. K., Nicolla, S., Weissman, D. M., y Moracco, K. E. (2024). The Uptake and Measurement of Alternative Approaches to Domestic Violence Intervention Programs: A Scoping Review. Trauma, Violence, and Abuse, 24(4), 3269\u20133284. https:\/\/doi.org\/10.1177\/15248380241244","DOI":"10.1177\/15248380241244398"},{"key":"28940","doi-asserted-by":"crossref","unstructured":"Cannon, C. E. B. (2019). What Services Exist for LGBTQ Perpetrators of Intimate Partner Violence in Batterer Intervention Programs Across North America? A Qualitative Study. Partner Abuse, 10(2), 222\u2013242. https:\/\/doi.org\/10.1891\/10.2.222","DOI":"10.1891\/1946-6560.10.2.222"},{"key":"28941","doi-asserted-by":"crossref","unstructured":"Chiriboga Yaselga, G. A., Pionce Tumbaco, C. A., Ponce Hern\u00e1ndez, K. M., y Basurto Montoya, R. D. (2024). La educaci\u00f3n como herramienta para la prevenci\u00f3n del embarazo adolescente y la construcci\u00f3n de masculinidades positivas. Revista Cient\u00edfica de Salud BIOSANA, 4(1), 59\u201372. https:\/\/doi.org\/10.62305\/biosana.v4i1.81","DOI":"10.62305\/biosana.v4i1.81"},{"key":"28942","doi-asserted-by":"crossref","unstructured":"Clatterbaugh, K. (2018). Introduction to the Men\u00b4s Movement. En Contemporary perspectives on masculinity; Men, Women and Politics in Modern Society (Second edition, pp. 1\u201315). Routledge. https:\/\/www.taylorfrancis.com\/chapters\/mono\/10.4324\/9780429495335-1\/introduction-men-movement-kenneth-clatterbaugh","DOI":"10.4324\/9780429495335-1"},{"key":"28943","unstructured":"Cochrane Methods Bias. (2024, 18 de noviembre). Tool for Addressing Conflicts of Interest in Trials (TACIT). https:\/\/methods.cochrane.org\/bias\/resources\/tool-addressing-conflicts-interest-trials-tacit?utm_source=chatgpt.com"},{"key":"28944","doi-asserted-by":"crossref","unstructured":"Connell, R. (1994). Psychoanalysis on Masculinity. En H. Brod y M. Kaufman (Eds.), Theorizing Masculinities: Research on Men and Masculinities (pp. 11\u201338). SAGE Publications. https:\/\/doi.org\/10.4135\/9781452243627","DOI":"10.4135\/9781452243627.n2"},{"key":"28945","unstructured":"Connell, R. (2003). Masculinidades (I. Artigas, Trans.). Universidad Nacional Aut\u00f3noma de M\u00e9xico."},{"key":"28946","doi-asserted-by":"crossref","unstructured":"Connell, R. W., y Messerschmidt, J. W. (2005). Hegemonic masculinity rethinking the concept. Gender and Society, 19(6), 829\u2013859. https:\/\/doi.org\/10.1177\/0891243205278639","DOI":"10.1177\/0891243205278639"},{"key":"28947","doi-asserted-by":"crossref","unstructured":"Cort\u00e9s Rodr\u00edguez, C., Ugalde Ram\u00edrez, I. A., y Jim\u00e9nez Zavala, M. \u00c1. (2024). Violencia intrafamiliar en hombres de 20 a 59 a\u00f1os derechohabientes de la UMF 57 de Irapuato Guanajuato durante el 2022. Ciencia Latina Revista Cient\u00edfica Multidisciplinar, 8(1), 4705\u20134717. https:\/\/doi.org\/10.37811\/cl_rcm.v8i1.9809","DOI":"10.37811\/cl_rcm.v8i1.9809"},{"key":"28948","doi-asserted-by":"crossref","unstructured":"Corvo, K., y Golding, P. (2022). Toxic Masculinity and Patriarchy: Barriers to Connecting Biopsychosocial Risk for Male Violence to Policy and Practice. Partner Abuse, 13(4), 420\u2013434. https:\/\/doi.org\/10.1891\/PA-2022-0020","DOI":"10.1891\/PA-2022-0020"},{"key":"28949","unstructured":"Departamento Administrativo Nacional de Estad\u00edstica. (2020). Bolet\u00edn t\u00e9cnico: Encuesta nacional de consumo de sustancias psicoactivas. https:\/\/www.dane.gov.co\/index.php\/estadisticas-por-tema\/salud\/encuesta-nacional-de-consumo-de-sustancias-psicoactivas-encspa"},{"key":"28950","unstructured":"Departamento Administrativo Nacional de Estad\u00edstica. (2023). Bolet\u00edn t\u00e9cnico: Estad\u00edsticas Vitales. https:\/\/www.dane.gov.co\/index.php\/estadisticas-por-tema\/salud\/nacimientos-y-defunciones\/defunciones-no-fetales\/defunciones-no-fetales-2023"},{"key":"28951","doi-asserted-by":"crossref","unstructured":"Daoud, N., Carmi, A., Bolton, R., Cerd\u00e1n-Torregrosa, A., Nielsen, A., Alfayumi-Zeadna, S., Edwards, C., \u00d3 S\u00failleabh\u00e1in, F., Sanz Barbero, B., Vives Cases, C., y Salazar, M. (2023). Promoting Positive Masculinities to Address Violence Against Women: A Multicountry Concept Mapping Study. Journal of Interpersonal Violence, 38(9\u201310), 6523\u20136552. https:\/\/doi.org\/10.1177\/08862605221134641","DOI":"10.1177\/08862605221134641"},{"key":"28952","doi-asserted-by":"crossref","unstructured":"Elliott, K. (2016). Caring Masculinities: Theorizing an Emerging Concept. Men and Masculinities, 19(3), 240\u2013259. https:\/\/doi.org\/10.1177\/1097184X15576203","DOI":"10.1177\/1097184X15576203"},{"key":"28953","doi-asserted-by":"crossref","unstructured":"Espinar, E., y Mateo, M. (2007). Violencia de g\u00e9nero: reflexiones conceptuales, derivaciones pr\u00e1cticas. Papers, 86, 189\u2013201. https:\/\/doi.org\/10.5565\/rev\/papers\/v86n0.817","DOI":"10.5565\/rev\/papers\/v86n0.817"},{"key":"28954","doi-asserted-by":"crossref","unstructured":"Fern\u00e1ndez de Avil\u00e9s, B. A. (2021). An\u00e1lisis de la incorporaci\u00f3n de los hombres y las masculinidades en los planes estrat\u00e9gicos de igualdad en Espa\u00f1a. Ex Aequo, 43, 49\u201368. https:\/\/doi.org\/10.22355\/exaequo.2021.43.04","DOI":"10.22355\/exaequo.2021.43.04"},{"key":"28955","unstructured":"Fuller, N. J. (2001). Masculinidades. Cambios y permanencias: varones de Cuzco, Iquitos y Lima. Fondo Editorial PUCP."},{"key":"28956","doi-asserted-by":"crossref","unstructured":"Geldschl\u00e4ger, H., Beckmann, S., Jungnitz, L., Puchert, R., Stabingis, A. J., Dully, C., Kraus, H., Logar, R., Dotterud, P. K., Lorentzen, J., y Schweier, S. (2010). Programas europeos de intervenci\u00f3n para hombres que ejercen violencia de g\u00e9nero: panor\u00e1mica y criterios de calidad. Psychosocial Intervention, 19(2), 181-190. http:\/\/scielo.isciii.es\/scielo.php?script=sci_arttext&pid=S1132-05592010000200009&lng=es&tlng=es","DOI":"10.5093\/in2010v19n2a9"},{"key":"28957","doi-asserted-by":"crossref","unstructured":"Gonz\u00e1lez-\u00c1lvarez, J. L., Santos-Hermoso, J., Soldino, V., y Carbonell-Vay\u00e1, E. J. (2022). Male Perpetrators of Intimate Partner Violence Against Women: A Spanish Typology. Journal of Interpersonal Violence, 37(13\u201314), NP11761\u2013NP11790. https:\/\/doi.org\/10.1177\/0886260521997442","DOI":"10.1177\/0886260521997442"},{"key":"28958","doi-asserted-by":"crossref","unstructured":"Grembi, V., Rosso, A. C., y Barili, E. (2024). Domestic violence perception and gender stereotypes. Journal of Population Economics, 37(1), 1\u201332. https:\/\/doi.org\/10.1007\/s00148-024-00986-0","DOI":"10.1007\/s00148-024-00986-0"},{"key":"28959","doi-asserted-by":"crossref","unstructured":"Guirao Goris, S. J. A. (2015). Utilidad y tipos de revisi\u00f3n de literatura. Revista de Enfermer\u00eda, 9(2), 0\u20130. https:\/\/doi.org\/10.4321\/S1988-348X2015000200002","DOI":"10.4321\/S1988-348X2015000200002"},{"key":"28960","doi-asserted-by":"crossref","unstructured":"Gutmann, M. C. (1997). Traficando con hombres: la antropolog\u00eda de la masculinidad (P. Prieto, Trans.). Annual Review of Anthropology, 8, 47\u201399. http:\/\/www.redalyc.org\/articulo.oa?id=88411133004","DOI":"10.32870\/lv.v1i8.371"},{"key":"28961","doi-asserted-by":"crossref","unstructured":"Hamel, J. M. (2020). Perpetrator or victim? A review of the complexities of domestic violence cases. Journal of Aggression, Conflict and Peace Research, 12(2), 55\u201362. https:\/\/doi.org\/10.1108\/JACPR-12-2019-0464","DOI":"10.1108\/JACPR-12-2019-0464"},{"key":"28962","doi-asserted-by":"crossref","unstructured":"Haque, M. A., Choudhury, N., Ahmed, S. M. T., Farzana, F. D., Ali, M., Shahed Rahman, S., Faruque, A. S. G., Raihan, M. J., y Ahmed, T. (2022). Factors Associated with Domestic Violence in Rural Bangladesh. Journal of Interpersonal Violence, 37(3\u20134), 1248\u20131269. https:\/\/doi.org\/10.1177\/0886260520922","DOI":"10.1177\/0886260520922353"},{"key":"28963","doi-asserted-by":"crossref","unstructured":"Holst, C., y Teigen, M. (2024). The \u201cboy problem\u201d in public policy. Politics and Policy, 52(1), 70\u201388. https:\/\/doi.org\/10.1111\/polp.12570","DOI":"10.1111\/polp.12570"},{"key":"28964","doi-asserted-by":"crossref","unstructured":"Huerta Castillo, S. E., y Rodr\u00edguez P\u00e9rez, A. G. (2024). Participaci\u00f3n ciudadana en procesos de formulaci\u00f3n de pol\u00edticas p\u00fablicas para prevenir la violencia de g\u00e9nero. Ciencia Latina, 8(1), 6223\u20136238. https:\/\/doi.org\/10.37811\/cl_rcm.v8i1.9963","DOI":"10.37811\/cl_rcm.v8i1.9963"},{"key":"28965","unstructured":"Instituto Nacional Penitenciario y Carcelario. (21 de noviembre de 2024). Intramural nacional. http:\/\/190.25.112.18:8080\/jasperserver-pro\/dashboard\/viewer.html?&j_username=inpec_user&j_password=inpec#\/public\/Intramural\/Dashboards\/Intramural_Nacional"},{"key":"28966","doi-asserted-by":"crossref","unstructured":"Joanpere, M., y Morl\u00e0, T. (2019). New Alternative Masculinities, the Struggle within and for the Feminism in Higher Education. Masculinities and Social Change, 8(1), 44\u201365. https:\/\/doi.org\/10.17583\/MCS.2019.3936","DOI":"10.17583\/mcs.2019.3936"},{"key":"28967","doi-asserted-by":"crossref","unstructured":"Karakurt, G., Ko\u00e7, E., Katta, P., Jones, N., y Bolen, S. D. (2022). Treatments for Female Victims of Intimate Partner Violence: Systematic Review and Meta-Analysis. Frontiers in Psychology, 13, 1\u201313. https:\/\/doi.org\/10.3389\/fpsyg.2022.793021","DOI":"10.3389\/fpsyg.2022.793021"},{"key":"28968","doi-asserted-by":"crossref","unstructured":"Lawrence, E., Mazurek, C., y Reardon, K. W. (2021). Comparing Recidivism Rates Among Domestically Violent Men Enrolled in ACTV Versus Duluth\/CBT. Journal of Consulting and Clinical Psychology, 89(5), 469\u2013475. https:\/\/doi.org\/10.1037\/ccp0000649","DOI":"10.1037\/ccp0000649"},{"key":"28969","unstructured":"Ley N.\u00ba 11.340 de 2006. Cria mecanismos para coibir a viol\u00eancia dom\u00e9stica e familiar contra a mulher. (7 de agosto de 2006) https:\/\/www2.camara.leg.br\/legin\/fed\/lei\/2006\/lei-11340-7-agosto-2006-545133-normaatualizada-pl.pdf"},{"key":"28970","unstructured":"Ley N.\u00b0 3 de 2007. Ley Org\u00e1nica para la igualdad efectiva de mujeres y hombres. (22 de marzo de 2007) https:\/\/www.boe.es\/buscar\/act.php?id=BOE-A-2007-6115"},{"key":"28971","unstructured":"Ley N.\u00b0 1257 de 2008. Por la cual se dictan normas de sensibilizaci\u00f3n, prevenci\u00f3n y sanci\u00f3n de formas de violencia y discriminaci\u00f3n contra las mujeres, se reforman los C\u00f3digos Penal, de Procedimiento Penal, la Ley 294 de 1996 y se dictan otras disposiciones. (4 de diciembre de 2008) https:\/\/www.funcionpublica.gov.co\/eva\/gestornormativo\/norma.php?i=34054"},{"key":"28972","unstructured":"Ley N.\u00b0 1761 de 2015. Ley por la cual se crea el tipo penal de feminicidio como delito aut\u00f3nomo y se dictan otras disposiciones. (Rosa Elvira Cely). (6 de julio de 2015) https:\/\/www.funcionpublica.gov.co\/eva\/gestornormativo\/norma.php?i=65337"},{"key":"28973","doi-asserted-by":"crossref","unstructured":"L\u00f3pez Mar\u00edn, T. I. (2022). La paternidad como ejercicio de la masculinidad igualitaria. iQual. Revista de G\u00e9nero e Igualdad, 5, 127\u2013144. https:\/\/doi.org\/10.6018\/iqual.490701","DOI":"10.6018\/iqual.490701"},{"key":"28974","doi-asserted-by":"crossref","unstructured":"Maravall Y\u00e1guez, J. (2016). Violencia de g\u00e9nero y masculinidad en Chile: Una revisi\u00f3n de las pol\u00edticas p\u00fablicas en democracia (1990-2014). Cuestiones de G\u00e9nero: de la Igualdad y la Diferencia, 11, 247\u2013274. https:\/\/doi.org\/10.18002\/cg.v0i11.3623","DOI":"10.18002\/cg.v0i11.3623"},{"key":"28975","doi-asserted-by":"crossref","unstructured":"Mardones-Leiva, K. (2023). Enfoque de masculinidades en la educaci\u00f3n superior. Propuestas de estudiantes de pregrado. Revista Austral de Ciencias Sociales, (45), 263\u2013283. https:\/\/doi.org\/10.4206\/rev.austral.cienc.soc.2023.n45-14","DOI":"10.4206\/rev.austral.cienc.soc.2023.n45-14"},{"key":"28976","doi-asserted-by":"crossref","unstructured":"Mar\u00edn Morales, A., P\u00e9rez Garc\u00eda, M., Catena Mart\u00ednez, A., y Verdejo Rom\u00e1n, J. (2022). Emotional Regulation in Male Batterers When Faced With Pictures of Intimate Partner Violence. Do They Have a Problem With Suppressing or Experiencing Emotions? Journal of Interpersonal Violence, 37(11\u201312), 1\u201325. https:\/\/doi.org\/10.1177\/0886260520985484","DOI":"10.1177\/0886260520985484"},{"key":"28977","doi-asserted-by":"crossref","unstructured":"Meyer, S. R., St\u00f6ckl, H., Vorfeld, C., Kamenov, K., y Garc\u00eda-Moreno, C. (2022). A scoping review of measurement of violence against women and disability. PLoS ONE, 17(1 January). https:\/\/doi.org\/10.1371\/journal.pone.0263020","DOI":"10.1371\/journal.pone.0263020"},{"key":"28978","doi-asserted-by":"crossref","unstructured":"Mohd Radzi, N. S., Bakar, K., y Abdul Hamid, B. D. H. (2021). Negotiating alternative masculinities in men\u2019s magazines: Transitivity in the formation of counter hegemonic identities. GEMA Online Journal of Language Studies, 21(2), 153\u2013176. https:\/\/doi.org\/10.17576\/gema-2021-2102-08","DOI":"10.17576\/gema-2021-2102-08"},{"key":"28979","doi-asserted-by":"crossref","unstructured":"Mphatheni, M. R., y Mlamla, N. E. (2022). Gender-based Violence against Men and Boys: A Hidden Problem. African Journal of Gender, Society and Development, 12(3), 59\u201383. https:\/\/doi.org\/10.31920\/2634-3622\/2022\/v11n3a4","DOI":"10.31920\/2634-3622\/2022\/v11n3a4"},{"key":"28980","unstructured":"Ni\u00f1o, J. (2019). Emergencia y transformaci\u00f3n de expresiones de masculinidades diversas en activistas de tres ciudades colombianas [trabajo de grado]. Universidad del Valle. https:\/\/doi.org\/10.13140\/RG.2.2.23055.41123"},{"key":"28981","unstructured":"Observatorio Departamental de G\u00e9nero. (2024). Informe de violencias basadas en g\u00e9nero en el Valle del Cauca: Noviembre. Gobernaci\u00f3n del Valle del Cauca. https:\/\/ogen.valledelcauca.gov.co\/informes"},{"key":"28982","doi-asserted-by":"crossref","unstructured":"Page, M. J., McKenzie, J. E., Bossuyt, P. M., Boutron, I., Hoffmann, T. C., Mulrow, C. D., Shamseer, L., Tetzlaff, J. M., Akl, E. A., Brennan, S. E., Chou, R., Glanville, J., Grimshaw, J. M., Hr\u00f3bjartsson, A., Lalu, M. M., Li, T., Loder, E. W., Mayo-Wilson, E., McDonald, S., \u2026 Moher, D. (2021). Declaraci\u00f3n PRISMA 2020: una gu\u00eda actualizada para la publicaci\u00f3n de revisiones sistem\u00e1ticas (J. J. Yepes Nu\u00f1ez, G. Urrutia, M. Romero Garc\u00eda, y S. Alonso Fern\u00e1ndez, Trans.). Revista Espa\u00f1ola de Cardiolog\u00eda, 74(9), 790\u2013799. https:\/\/doi.org\/10.1136\/bmj.n71","DOI":"10.1016\/j.recesp.2021.06.016"},{"key":"28983","doi-asserted-by":"crossref","unstructured":"Pallatino, C. L., Morrison, P. K., Miller, E., Burke, J., Cluss, P. A., Fleming, R., Hawker, L., George, D., Bicehouse, T., y Chang, J. C. (2019). The Role of Accountability in Batterers Intervention Programs and Community Response to Intimate Partner Violence. Journal of Family Violence, 34(7), 631\u2013643. https:\/\/doi.org\/10.1007\/s10896-019-00050-6","DOI":"10.1007\/s10896-019-00050-6"},{"key":"28984","unstructured":"Piechestein, A. C., y Can\u00e9, M. (2019). C\u00e1rcel y masculinidad hegem\u00f3nica: una decisi\u00f3n judicial a favor del reconocimiento de los derechos de las disidencias. Bordes, 11, 121\u2013127."},{"key":"28985","unstructured":"Polic\u00eda Nacional. (2024). Estad\u00edsticas de homicidio intencional a\u00f1o 2023. https:\/\/www.policia.gov.co\/estadistica-delictiva"},{"key":"28986","doi-asserted-by":"crossref","unstructured":"Romero Sese\u00f1a, P. (2023). El desarrollo de la justicia restaurativa en Espa\u00f1a y su prohibici\u00f3n en casos de violencia sexual y de g\u00e9nero: reflexiones a partir de la LO 10\/2022 y la nueva Ley Foral 4\/2023 de Navarra. Revista de Derecho Penal y Criminolog\u00eda, 30, 305\u2013327. https:\/\/doi.org\/10.5944\/rdpc.JUNIO.2023.37637","DOI":"10.5944\/rdpc.JUNIO.2023.37637"},{"key":"28987","doi-asserted-by":"crossref","unstructured":"Rooney, N. M., Forsyth, M., Goa, J., Lawihin, D., y Kuir-Ayius, D. (2022). Thinking incrementally about policy interventions on intimate partner violence in Papua New Guinea: understanding \u2018popcorn\u2019 and \u2018blanket.\u2019 Culture, Health and Sexuality, 25(7), 847\u2013862. https:\/\/doi.org\/10.1080\/13691058.2022.2103736","DOI":"10.1080\/13691058.2022.2103736"},{"key":"28988","unstructured":"Roth Deubel, A.-N. (Ed.) (2023). Poli\u0301ticas pu\u0301blicas: Formulacio\u0301n, implementacio\u0301n y evaluacio\u0301n (15th ed.). Ediciones Aurora."},{"key":"28989","unstructured":"Ruiz M\u00e1rquez, S. (2022). Estudio exploratorio para el desarrollo de una propuesta para la creaci\u00f3n de un observatorio de nuevas masculinidades en Puerto Rico [tesis]. Universidad de Puerto Rico. https:\/\/repositorio.upr.edu\/handle\/11721\/3202"},{"key":"28990","doi-asserted-by":"crossref","unstructured":"Salas Cubillos, N., Garc\u00eda Charry, V. C., Zapata Losada, L. V., y Diaz Usme, O. S. (2020). Intervenciones en violencia de g\u00e9nero en pareja: art\u00edculo de revisi\u00f3n de la literatura. Revista Cuidarte, 11(3). https:\/\/doi.org\/10.15649\/cuidarte.980","DOI":"10.15649\/cuidarte.980"},{"key":"28991","unstructured":"Salda\u00f1a, J., y Omasta, M. (2018). Qualitative Research: Analyzing Life (First Edition). SAGE Publications."},{"key":"28992","unstructured":"Salhab, J. (2023). El cuidado en la cotidianidad de la atenci\u00f3n primaria de la salud. https:\/\/rephip.unr.edu.ar\/server\/api\/core\/bitstreams\/b2e680c2-5834-447c-b4c5-267aee6bcd00\/content"},{"key":"28993","doi-asserted-by":"crossref","unstructured":"Schibilski, A. A. D. O., y Zimmermann, T. R. (2024). Projeto \u201cReinventando Masculinidades\u201d em Amambai, MS: A Pol\u00edcia Militar construindo uma proposta de a\u00e7\u00e3o humanizadora. Revista Brasileira de Seguran\u00e7a P\u00fablica, 18(1), 92\u2013115. https:\/\/doi.org\/10.31060\/rbsp.2024.v18.n1.1746","DOI":"10.31060\/rbsp.2024.v18.n1.1746"},{"key":"28994","unstructured":"Scott, J. W. (2013). El g\u00e9nero: una categor\u00eda \u00fatil para el an\u00e1lisis hist\u00f3rico. En M. Lamas (Ed.), El g\u00e9nero: la construcci\u00f3n cultural de la diferencia sexual (cuarta edici\u00f3n). Universidad Nacional Aut\u00f3noma de M\u00e9xico."},{"key":"28995","doi-asserted-by":"crossref","unstructured":"Seear, K., y Mulcahy, S. (2022). Enacting Safety and Omitting Gender: Australian Human Rights Scrutiny Processes Concerning Alcohol and Other Drug Laws. Contemporary Drug Problems, 49(3), 258-277. https:\/\/doi.org\/10.1177\/00914509211065141","DOI":"10.1177\/00914509211065141"},{"key":"28996","unstructured":"Sim\u00e3o, L. M (2010). Ensaios dial\u00f3gicos: compartilhamento e diferencia nas relaciones eu-otro. Editorial Hucitec."},{"key":"28997","doi-asserted-by":"crossref","unstructured":"Sim\u00e3o, L. M. y S\u00e1nchez, H. (2016). Aspectos da dialogia do mito Madre \u00d1ame na cultura ind\u00edgena wounaan-nonam. Psicologia USP, 27(2), 219-228. https:\/\/doi.org\/10.1590\/0103-6564D20160005","DOI":"10.1590\/0103-6564D20160005"},{"key":"28998","unstructured":"Smyth, S. (2007). Public Accountability: A Critical Approach. Journal of Finance and Management in Public Services, 6(2), 27\u201345. http:\/\/www.cipfagroup.org\/thejournal\/download\/jour_vol6_no2_b.pdf"},{"key":"28999","doi-asserted-by":"crossref","unstructured":"S\u00f6rmark, M., Bildtg\u00e5rd, T., y H\u00fcbner, L. (2024). Professional understandings of men\u2019s violence against women. European Journal of Social Work, 27(2), 413\u2013426. https:\/\/doi.org\/10.1080\/13691457.2023.2297145","DOI":"10.1080\/13691457.2023.2297145"},{"key":"29000","doi-asserted-by":"crossref","unstructured":"Sousa, E., Neves, S., Ferreira, M., Topa, J., Pereira Vieira, C., Borges, J., Costa, R., y Lira, A. (2023). Domestic Violence against LGBTI People: Perspectives of Portuguese Education Professionals. International Journal of Environmental Research and Public Health, 20(6196), 1\u201316. https:\/\/doi.org\/10.3390\/ijerph20136196","DOI":"10.3390\/ijerph20136196"},{"key":"29001","unstructured":"Stock, B. S. (2016). Programas para agresores de violencia de g\u00e9nero en prisi\u00f3n: \u00bfavanzamos o caminamos en c\u00edrculos? Estudios Penales y Criminol\u00f3gicos, 36. https:\/\/revistas.usc.gal\/index.php\/epc\/article\/view\/2677"},{"key":"29002","unstructured":"Tierradentro, F. (2022). Varones, masculinidad\/es y pol\u00edticas p\u00fablicas locales con perspectiva de g\u00e9nero [Tesina de Investigaci\u00f3n]. Escuela de Pol\u00edtica y Gobierno, Universidad Nacional de San Mart\u00edn. https:\/\/ri.unsam.edu.ar\/bitstream\/123456789\/2172\/1\/TLIC_EPYG_2023_TPEF.pdf"},{"key":"29003","doi-asserted-by":"crossref","unstructured":"Ummak, E., Toplu-Demirta\u015f, E., y Schei Jessen, R. (2022). Untangling the Relationship Between Internalized Heterosexism and Psychological Intimate Partner Violence Perpetration: A Comparative Study of Lesbians and Bisexual Women in Turkey and Denmark. Journal of Interpersonal Violence, 37(15\u201316), NP14337\u2013NP14367. https:\/\/pmc.ncbi.nlm.nih.gov\/articles\/PMC9326803\/","DOI":"10.1177\/08862605211004108"},{"key":"29004","unstructured":"United States. (1994). Violence Against Women Act of 1994, 42 U.S.C. \u00a7\u00a7 13701-14040. https:\/\/niwaplibrary.wcl.american.edu\/wp-content\/uploads\/2015\/VAWA-Lghist-VAWA1994.pdf"},{"key":"29005","unstructured":"Vald\u00e9s, T., y Olavarr\u00eda, J. (Eds.). (1997). Masculinidad\/es: Poder y crisis (Serie Ediciones de las Mujeres No. 24). Isis Internacional \/ FLACSO."},{"key":"29006","doi-asserted-by":"crossref","unstructured":"Villacampa, C. (2020). Justicia restaurativa en supuestos de violencia de g\u00e9nero en Espa\u00f1a: situaci\u00f3n actual y propuesta pol\u00edtico-criminal. Pol\u00edtica Criminal, 15(29), 47\u201375. http:\/\/politcrim.com\/wp-content\/uploads\/2020\/05\/Vol15N29A3.pdf","DOI":"10.4067\/S0718-33992020000100047"},{"key":"29007","unstructured":"Viveros, M. (2002). De quebradores y cumplidores: Sobre hombres, masculinidades y relaciones de g\u00e9nero en Colombia. Universidad Nacional de Colombia. https:\/\/repositorio.unal.edu.co\/handle\/unal\/2902"},{"key":"29008","doi-asserted-by":"crossref","unstructured":"Viveros, M. (2023). The Colors of Masculinity: Experiences of Power and Intersectionality in Nuestra Am\u00e9rica. Men and Masculinities, 26(5). https:\/\/doi.org\/10.1177\/1097184X231151824","DOI":"10.1177\/1097184X231151824"}],"container-title":["Administraci\u00f3n &amp; Desarrollo"],"link":[{"URL":"https:\/\/revistas.esap.edu.co\/index.php\/admindesarro\/article\/download\/1140\/852","content-type":"application\/pdf","content-version":"vor","intended-application":"text-mining"},{"URL":"https:\/\/revistas.esap.edu.co\/index.php\/admindesarro\/article\/download\/1140\/853","content-type":"unspecified","content-version":"vor","intended-application":"text-mining"},{"URL":"https:\/\/revistas.esap.edu.co\/index.php\/admindesarro\/article\/download\/1140\/852","content-type":"unspecified","content-version":"vor","intended-application":"similarity-checking"}],"deposited":{"date-parts":[[2025,12,5]],"date-time":"2025-12-05T20:34:53Z","timestamp":1764966893000},"score":0.0,"resource":{"primary":{"URL":"https:\/\/revistas.esap.edu.co\/index.php\/admindesarro\/article\/view\/1140"}},"issued":{"date-parts":[[2025,12,4]]},"references-count":82,"journal-issue":{"issue":"2","published-online":{"date-parts":[[2025,7,16]]}},"URL":"https:\/\/doi.org\/10.22431\/25005227.1140","ISSN":["2500-5227","0120-3754"],"issn-type":[{"value":"2500-5227","type":"electronic"},{"value":"0120-3754","type":"print"}],"published":{"date-parts":[[2025,12,4]]}},{"indexed":{"date-parts":[[2025,11,6]],"date-time":"2025-11-06T16:40:34Z","timestamp":1762447234421,"version":"build-2065373602"},"reference-count":12,"publisher":"Escuela Superior de Administracion Publica","issue":"2","license":[{"start":{"date-parts":[[2021,12,1]],"date-time":"2021-12-01T00:00:00Z","timestamp":1638316800000},"content-version":"unspecified","delay-in-days":0,"URL":"https:\/\/creativecommons.org\/licenses\/by-nc-sa\/4.0"}],"content-domain":{"domain":[],"crossmark-restriction":false},"short-container-title":["Adm. Desarro."],"abstract":"<jats:p>Phenomenology is understood as the reflexive description of realities and facts experienced without assuming established concepts and explanatory theories, and in this article, the distinctive properties, problems, and principles of public governance are described in relation to this concept. Governance is described as an intentional, causal, social, contextual, strategic, managerial action, complex in its composition, structured by the norms of the state and by the knowledge of the social system, which support its legitimacy and effectiveness. The principles of public governance are the values of the normative order of the State and the concepts and causal statements of the knowledge system of society. Its main problems are regulatory irregularities, errors of analysis and calculation, the low credibility of the ruler\u2019s discourse and social distrust in his directive and managerial capacity. The new public governance, which is collaborative, intergovernmental and governmental-social, offers better conditions to control institutional failures and governmental managerial errors and produces societies with common and inclusive welfare.<\/jats:p>","DOI":"10.22431\/25005227.vol51n2.3","type":"journal-article","created":{"date-parts":[[2022,8,11]],"date-time":"2022-08-11T12:22:48Z","timestamp":1660220568000},"page":"91-107","source":"Crossref","is-referenced-by-count":0,"title":["Fenomenolog\u00eda de la gobernanza p\u00fablica","Phenomenology of public governance"],"prefix":"10.22431","volume":"51","author":[{"given":"Luis Fernando","family":"Aguilar Villanueva","sequence":"first","affiliation":[],"role":[{"role":"author","vocabulary":"crossref"}]}],"member":"9723","published-online":{"date-parts":[[2021,12,1]]},"reference":[{"key":"4316","unstructured":"Aguilar, Luis F. (2006). Gobernanza y gesti\u00f3n p\u00fablica. M\u00e9xico."},{"key":"4317","unstructured":"Aguilar, Luis F. (2008). Gobernanza: normalizaci\u00f3n conceptual y nuevas cuestiones. ESADE, Barcelona."},{"key":"4318","unstructured":"Aguilar, Luis F. (2010). La gobernanza: el nuevo proceso de gobernar. Fundaci\u00f3n Friedrich Naumann, M\u00e9xico."},{"key":"4319","unstructured":"Aguilar, Luis F. (2016). Democracia, gobernabilidad y gobernanza. I N E, M\u00e9xico."},{"key":"4320","unstructured":"Banco Mundial. (1999-2008). Governance Matters I \u2013 VIII. Banco Mundial, Washington."},{"key":"4321","unstructured":"Cerillo Martinez, A. (2005). La Gobernanza hoy. Diez Textos de referencia. INAP, Madrid."},{"key":"4322","unstructured":"Innerarity, D. (2006). El poder cooperativo: otra forma de gobernar. ESADE, Barcelona."},{"key":"4323","unstructured":"Kooiman, Jan. (1993). Modern governance: new government-society interactions. Sage, London."},{"key":"4324","doi-asserted-by":"crossref","unstructured":"Kooiman, Jan. (2003). Governing as governance. Sage, London (existe trad.esp. Gobernar en Gobernanza, INAP, Madrid).","DOI":"10.4135\/9781446215012"},{"key":"4325","unstructured":"PNUD. (1997). Reconceptualising governance. PNUD, New York."},{"key":"4326","unstructured":"Rhodes, R.W.A. (1997). Understanding governance: policy networks, reflexivity and accountability. Open University Press, London."},{"key":"4327","unstructured":"Weber, Max. (2014). Econom\u00eda y sociedad. (ed. Revisada). M\u00e9xico: Fondo de Cultura Econ\u00f3mica."}],"container-title":["Administraci\u00f3n &amp; Desarrollo"],"link":[{"URL":"https:\/\/revistas.esap.edu.co\/index.php\/admindesarro\/article\/download\/671\/605","content-type":"application\/pdf","content-version":"vor","intended-application":"text-mining"},{"URL":"https:\/\/revistas.esap.edu.co\/index.php\/admindesarro\/article\/download\/671\/609","content-type":"text\/xml","content-version":"vor","intended-application":"text-mining"},{"URL":"https:\/\/revistas.esap.edu.co\/index.php\/admindesarro\/article\/download\/671\/583","content-type":"unspecified","content-version":"vor","intended-application":"similarity-checking"}],"deposited":{"date-parts":[[2025,11,6]],"date-time":"2025-11-06T16:35:05Z","timestamp":1762446905000},"score":0.0,"resource":{"primary":{"URL":"https:\/\/revistas.esap.edu.co\/index.php\/admindesarro\/article\/view\/671"}},"issued":{"date-parts":[[2021,12,1]]},"references-count":12,"journal-issue":{"issue":"2","published-online":{"date-parts":[[2021,12,27]]}},"URL":"https:\/\/doi.org\/10.22431\/25005227.vol51n2.3","ISSN":["2500-5227","0120-3754"],"issn-type":[{"type":"electronic","value":"2500-5227"},{"type":"print","value":"0120-3754"}],"published":{"date-parts":[[2021,12,1]]}},{"indexed":{"date-parts":[[2026,8,12]],"date-time":"2026-08-12T14:16:02Z","timestamp":1786544162302,"version":"build-2736575974"},"reference-count":78,"publisher":"Escuela Superior de Administracion Publica","issue":"1","license":[{"start":{"date-parts":[[2023,6,13]],"date-time":"2023-06-13T00:00:00Z","timestamp":1686614400000},"content-version":"unspecified","delay-in-days":0,"URL":"https:\/\/creativecommons.org\/licenses\/by-nc-sa\/4.0"}],"content-domain":{"domain":[],"crossmark-restriction":false},"short-container-title":["Adm. Desarro."],"abstract":"<jats:p>This reflection article addresses the issue of digital government and artificial intelligence in the face of citizen demands in the 4.0 revolution to automate processes in different strategic areas and contribute to solving social problems, such as the fight against corruption, environment, security, health, education etc; The document exposes the historical evolution of public management, until arriving at Intelligent Public Management. A review of the literature on technologies in the public sphere was carried out, such as: electronic government, open data, digital government, interoperability, cybersecurity and artificial intelligence and its ethical framework. The research was qualitative, historical, theoretical, documentary, descriptive and in its development figures from international organizations and official entities such as DANE, MinTIC, DAFT, etc. were analyzed. At the end of the document, the challenge of the Colombian State is outlined to strengthen internet connectivity in the territories and strengthen the education and training of citizens in science and technology issues to continue advancing in its digital transformation process.<\/jats:p>","DOI":"10.22431\/25005227.vol53n1.2","type":"journal-article","created":{"date-parts":[[2023,6,16]],"date-time":"2023-06-16T10:08:31Z","timestamp":1686910111000},"page":"1-34","source":"Crossref","is-referenced-by-count":16,"title":["Gobierno digital e inteligencia artificial, una mirada al  caso colombiano","Digital government and artificial intelligence, a look at the  Colombian case"],"prefix":"10.22431","volume":"53","author":[{"ORCID":"https:\/\/orcid.org\/0000-0002-2194-3281","authenticated-orcid":false,"given":"Milton Ricardo","family":"Ospina Diaz","sequence":"first","affiliation":[],"role":[{"vocabulary":"crossref","role":"author"}]},{"ORCID":"https:\/\/orcid.org\/0009-0000-5018-9444","authenticated-orcid":false,"given":"Kelly Johanna","family":"Zambrano Ospina","sequence":"additional","affiliation":[],"role":[{"vocabulary":"crossref","role":"author"}]}],"member":"9723","published-online":{"date-parts":[[2023,6,13]]},"reference":[{"key":"6793","unstructured":"AI Latam Book. (2020). Artificial Intelligence Latin American Summit: https:\/\/ialab.com.ar\/wp-content\/uploads\/2021\/01\/AI-BOOK.pdf"},{"key":"6794","unstructured":"AMAZON (2021). \u00bfQu\u00e9 es la inteligencia artificial? https:\/\/aws.amazon.com\/es\/machine-learning\/what-is-ai\/"},{"key":"6795","unstructured":"Benedikt, C & Osborne, M. (2013). The future of employment: how susceptible are jobs to computerisation. https:\/\/www.oxfordmartin.ox.ac.uk\/downloads\/academic\/The_Future_of_Employment.pdf"},{"key":"6796","unstructured":"Banco Bilbao Vizcaya Argentaria \u2013 BBVA-(2020). C\u00f3mo est\u00e1 ayudando la inteligencia artificial a contener la pandemia de COVID\u201319, https:\/\/www.bbvaopenmind.com\/tecnologia\/inteligencia-artificial\/esta-ayudando-la-inteligencia-artificial-contener-la-pandemia-covid-19\/"},{"key":"6797","unstructured":"Banco Interamericano de Desarrollo \u2013BID- (2010). La gesti\u00f3n para resultados en el desarrollo Avances y desaf\u00edos en Am\u00e9rica Latina y el Caribe. https:\/\/publications.iadb.org\/publications\/spanish\/document\/La-gesti%C3%B3n-para-resultados-en-el-desarrollo-Avances-y-desaf%C3%ADos-en-Am%C3%A9rica-Latina-y-el-Caribe.pdf"},{"key":"6798","unstructured":"Banco Interamericano de Desarrollo -BID- (2018). Las compras p\u00fablicas: viaje hacia la frontera digital. https:\/\/blogs.iadb.org\/gestion-fiscal\/es\/las-compras-publicas-viaje-hacia-la-frontera-digital\/"},{"key":"6799","unstructured":"Banco Interamericano de Desarrollo -BID- (2019). Datos abiertos: conceptos b\u00e1sicos y temas claves. https:\/\/blogs.iadb.org\/conocimiento-abierto\/es\/datos-abiertos\/"},{"key":"6800","unstructured":"Banco Interamericano de Desarrollo -BID- (2020). PROMETEA: Transformando la administraci\u00f3n de justicia con herramientas de inteligencia artificial. https:\/\/publications.iadb.org\/es\/prometea-transformando-la-administracion-de-justicia-con-herramientas-de-inteligencia-artificial"},{"key":"6801","unstructured":"Banco Interamericano de Desarrollo -BID- (2021). El futuro del trabajo en Am\u00e9rica Latina y el Caribe. https:\/\/www.iadb.org\/es\/trabajo-y-pensiones\/el-futuro-del-trabajo-en-america-latina-y-el-caribe"},{"key":"6802","unstructured":"Banco Interamericano de Desarrollo -BID- (2022). Gu\u00eda de Transformaci\u00f3n digital del gobierno. https:\/\/publications.iadb.org\/es\/guia-de-transformacion-digital-del-gobierno?gclid=CjwKCAiAioifBhAXEiwApzCztsYCo9rOUNIwCbi4evWAYlfj49T2tHWIu9NRLJ5jA3bjFsc-PXBqZRoCeegQAvD_BwE"},{"key":"6803","unstructured":"Barzelay, M. (2003). La Nueva Gerencia P\u00fablica: invitaci\u00f3n a un di\u00e1logo cosmopolita Gesti\u00f3n y Pol\u00edtica P\u00fablica. Centro de Investigaci\u00f3n y Docencia Econ\u00f3micas, 12(2), 243 y 244. https:\/\/www.redalyc.org\/pdf\/133\/13312202.pdf"},{"key":"6804","doi-asserted-by":"crossref","unstructured":"Capdeferro, O. (2020). La inteligencia artificial del sector p\u00fablico: desarrollo y regulaci\u00f3n de la actuaci\u00f3n administrativa inteligente en la cuarta revoluci\u00f3n industrial, IDP. Revista de Internet, Derecho y Pol\u00edtica, 30, 1-14. http:\/\/dx.doi.org\/10.7238\/idp.v0i30.3219","DOI":"10.7238\/idp.v0i30.3219"},{"key":"6805","unstructured":"Centro Latinoamericano de Administraci\u00f3n para el Desarrollo -CLAD- (2021). Inteligencia artificial y \u00e9tica en la gesti\u00f3n p\u00fablica. https:\/\/clad.org\/wp-content\/uploads\/2021\/03\/Libro-7-Inteligencia-artificial-y-%C3%A9tica-en-la-gesti%C3%B3n-p%C3%BAblica.pdf"},{"key":"6806","unstructured":"Corporaci\u00f3n Andina de Fomento -CAF- (2021a). \u00bfpodr\u00e1 la inteligencia artificial mejorar la administraci\u00f3n de la justicia? https:\/\/www.caf.com\/es\/conocimiento\/visiones\/2021\/08\/podra-la-inteligencia-artificial-mejorar-la-administracion-de-la-justicia\/"},{"key":"6807","unstructured":"Corporaci\u00f3n Andina de Fomento -CAF- (2021b). Experiencia: Datos e inteligencia artificial en el sector p\u00fablico. https:\/\/scioteca.caf.com\/handle\/123456789\/1793"},{"key":"6808","unstructured":"Comisi\u00f3n Econ\u00f3mica para Am\u00e9rica Latina y el Caribe -CEPAL- (s.f.). Gobierno abierto. https:\/\/www.cepal.org\/es\/temas\/gobierno-abierto"},{"key":"6809","unstructured":"Comisi\u00f3n Europea \u2013 Joint Research Center. (2020). AI Watch. Artificial Intelligence in Public Services. Overview of the Use and Impact of Artificial Intelligence in Public Services in the European Union. https:\/\/publications.jrc.ec.europa.eu\/repository\/bitstream\/JRC120399\/jrc120399_misuraca-ai-watch_public-services_30062020_def.pdf."},{"key":"6810","unstructured":"Contralor\u00eda General de la Republica CGR (2019). Plataforma Oc\u00e9ano. https:\/\/www.contraloria.gov.co\/oceano"},{"key":"6811","unstructured":"Congreso de Colombia (2020). Ley 2069 de 2020. https:\/\/www.funcionpublica.gov.co\/eva\/gestornormativo\/norma.php?i=160966"},{"key":"6812","unstructured":"Corte Constitucional (2020). Pretoria, sistema inteligente de la Corte Constitucional para apoyar la selecci\u00f3n de tutelas. https:\/\/www.corteconstitucional.gov.co\/noticia.php?PRETORIA,-sistema-inteligente-de-la-Corte-Constitucional-para-apoyar-la-selecci%C3%B3n-de-tutelas,-es-premiada-como-mejor-herramienta-de-modernizaci%C3%B3n-en-materia-de-justicia-por-la-CEJ-9031"},{"key":"6813","doi-asserted-by":"crossref","unstructured":"Corval\u00e1n. J. G. (2017). Administraci\u00f3n P\u00fablica digital e inteligente: transformaciones en la era de la inteligencia artificial. Revista de direito Econ\u00f4mico e Socioambiental, 8(2), 26-66. doi: 10.7213\/rev.dir.econ.soc.v8i2.19321","DOI":"10.7213\/rev.dir.econ.soc.v8i2.19321"},{"key":"6814","doi-asserted-by":"crossref","unstructured":"Criado, J. I. (2016). Las administraciones p\u00fablicas en la era del gobierno abierto. Gobernanza inteligente para un cambio de paradigma en la gesti\u00f3n p\u00fablica. Revista de Estudios Pol\u00edticos, 173, 245-275. doi: http:\/\/dx.doi.org\/10.18042\/cepc\/rep.173.07","DOI":"10.18042\/cepc\/rep.173.07"},{"key":"6815","doi-asserted-by":"crossref","unstructured":"Criado, J.I. (2021). Inteligencia Artificial (y Administraci\u00f3n P\u00fablica). Eunom\u00eda. Revista en Cultura de la Legalidad, 20, 348-372. doi: https:\/\/doi.org\/10.20318\/eunomia.2021.6097","DOI":"10.20318\/eunomia.2021.6097"},{"key":"6816","unstructured":"Departamento Administrativo de la Funci\u00f3n P\u00fablica -DAFP- (s.f.). Como opera MIPG. https:\/\/www.funcionpublica.gov.co\/web\/mipg\/como-opera-mipg"},{"key":"6817","unstructured":"Departamento Administrativo de la Funci\u00f3n P\u00fablica -DAFP- (s.f.). Valores del servicio p\u00fablico \u2013 c\u00f3digo de integridad. https:\/\/www.funcionpublica.gov.co\/documents\/418537\/24621277\/2017-06-07_valores_del_servidor_publico_codigo_integridad"},{"key":"6818","unstructured":"Departamento Administrativo de la Funci\u00f3n P\u00fablica -DAFP- (2016). La importancia de generar valor p\u00fablico en las sociedades del siglo XXI. https:\/\/www.funcionpublica.gov.co\/eva\/red\/publicaciones\/la-importancia-de-generar-valor-publico-en-las-sociedades-del-siglo-xxi"},{"key":"6819","unstructured":"Departamento Administrativo de la Funci\u00f3n P\u00fablica -DAFP- (2020). Actualizaci\u00f3n de lineamientos de la pol\u00edtica p\u00fablica de servicio al ciudadano. https:\/\/www.funcionpublica.gov.co\/documents\/28587410\/38139874\/2021-03-23_Politica_servicio_al_ciudadano_actualizada.pdf\/a8f37301-0e89-d6da-9708-ce72772cde6f?t=1619450714666"},{"key":"6820","unstructured":"Departamento Administrativo de la Funci\u00f3n P\u00fablica (2022). Resultados FURAG. https:\/\/www.funcionpublica.gov.co\/web\/mipg\/resultados-medicion"},{"key":"6821","unstructured":"Departamento Administrativo Nacional de Estad\u00edstica -DANE- (2021). TIC y el usuario digital: una perspectiva desde las estad\u00edsticas oficiales. http:\/\/www.dane.gov.co\/files\/investigaciones\/planes-departamentos-ciudades\/211117-ANDICOM.pdf"},{"key":"6822","unstructured":"Departamento Administrativo de la Presidencia de la Rep\u00fablica-DAPRE. (2021a). Consejo Internacional Inteligencia Artificial para Colombia. https:\/\/dapre.presidencia.gov.co\/TD\/CONSEJO-INTERNACIONAL-INTELIGENCIA-ARTIFICIAL-COLOMBIA.pdf"},{"key":"6823","unstructured":"Departamento Administrativo de la Presidencia de la Rep\u00fablica -DAPRE- (2021b). Marco \u00e9tico para la inteligencia artificial en Colombia. https:\/\/dapre.presidencia.gov.co\/TD\/MARCO-ETICO-PARA-LA-INTELIGENCIA-ARTIFICIAL-EN-COLOMBIA.pdf"},{"key":"6824","unstructured":"Departamento Nacional de Planeaci\u00f3n-DNP. (s.f.). Innovaci\u00f3n p\u00fablica. https:\/\/www.dnp.gov.co\/programas\/Grupo-Modernizacion-del-Estado\/Paginas\/Innovacion-Publica.aspx#:~:text=Innovaci%C3%B3n%20P%C3%BAblica%20son%20los%20procesos,y%20una%20mayor%20satisfacci%C3%B3n%20ciudadana"},{"key":"6825","unstructured":"Departamento Nacional de Planeaci\u00f3n-DNP. (s.f.). Innovaci\u00f3n p\u00fablica. https:\/\/www.dnp.gov.co\/programas\/Grupo-Modernizacion-del-Estado\/Paginas\/Innovacion-Publica.aspx#:~:text=Innovaci%C3%B3n%20P%C3%BAblica%20son%20los%20procesos,y%20una%20mayor%20satisfacci%C3%B3n%20ciudadana."},{"key":"6826","unstructured":"Departamento Nacional de Planeaci\u00f3n -DNP- (2021). Encuesta de Percepci\u00f3n Ciudadana 2020. https:\/\/colaboracion.dnp.gov.co\/CDT\/ModernizacionEstado\/MyE\/Resultados_Encuesta_Percepcion_Ciudadana_2020.pdf"},{"key":"6827","unstructured":"Diario AS (22 mayo de 2021). Rusia ya produce en serie unos robots de combate con inteligencia artificial. https:\/\/as.com\/diarioas\/2021\/05\/22\/actualidad\/1621708395_722281.html"},{"key":"6828","unstructured":"e \u2013 Estonia (15 noviembre de 2021). Estonia: l\u00edder europeo y mundial en la digitalizaci\u00f3n de los servicios p\u00fablicos. https:\/\/e-estonia.com\/estonia-a-european-and-global-leader-in-the-digitalisation-of-public-services\/"},{"key":"6829","unstructured":"Ekman, E. (1989). La documentaci\u00f3n en investigaci\u00f3n educativa. En: T. Hus\u00e9n y N. Postlethwaite (eds.), Enciclopedia Internacional de la Educaci\u00f3n. Vicens-Vives\/MEC."},{"key":"6830","unstructured":"Escuela Superior de Administraci\u00f3n P\u00fablica -ESAP- (2008). M\u00f3dulo Pensamiento Administrativo P\u00fablico. http:\/\/www.esap.edu.co\/portal\/wp-content\/uploads\/2017\/10\/1-Pensamiento-Administrativo-Publico.pdf"},{"key":"6831","unstructured":"Hern\u00e1ndez, I. (2002). La investigaci\u00f3n cient\u00edfica: Un camino a la imaginaci\u00f3n. Universidad Piloto de Colombia."},{"key":"6832","unstructured":"HCD Consulting (12 octubre de 2021). E-Estonia: \u00bfC\u00f3mo funciona el estado digital en Estonia? https:\/\/www.hcd-consulting.de\/en\/e-estonia-how-the-digital-state-works-in-estonia\/#"},{"key":"6833","unstructured":"International Business Machines -IBM- (3 junio de 2020). \u00bfQu\u00e9 es la inteligencia artificial? https:\/\/www.ibm.com\/co-es\/cloud\/learn\/what-is-artificial-intelligence"},{"key":"6834","unstructured":"INTEL Corporation. (2021). Inteligencia artificial. https:\/\/www.intel.es\/content\/www\/es\/es\/government\/artificial-intelligence.html"},{"key":"6835","unstructured":"Garc\u00eda (20 diciembre de 2020). Los Gobiernos ya utilizan la inteligencia artificial para tomar decisiones. https:\/\/theconversation.com\/los-gobiernos-ya-utilizan-la-inteligencia-artificial-para-tomar-decisiones-149463"},{"key":"6836","unstructured":"Govtechlab Madrid (2022). Lista Govtech 2022. https:\/\/docs.ie.edu\/publicteclab\/PTL_Lista_Govtech_2022.pdf"},{"key":"6837","unstructured":"Guerrero, Omar (1985). Las ciencias camerales. Ensayos: Econom\u00eda pol\u00edtica e historia, 2(6), 16-20. http:\/\/omarguerrero.org\/articulos\/CCamerales.pdf"},{"key":"6838","unstructured":"Maphre (8 septiembre de 2021). La inteligencia artificial nos salvar\u00e1 de cat\u00e1strofes naturales. https:\/\/www.mapfre.com\/actualidad\/sostenibilidad\/catastrofes-naturales-inteligencia-artificial\/"},{"key":"6839","unstructured":"Microsoft (5 noviembre de 2019). Microsoft apuesta por la inteligencia artificial, Hacking STEM y el aprendizaje personalizado y colaborativo para mejorar la educaci\u00f3n.https:\/\/news.microsoft.com\/es-es\/2019\/11\/05\/microsoft-apuesta-por-la-inteligencia-artificial-hacking-stem-y-el-aprendizaje-personalizado-y-colaborativo-para-mejorar-la-educacion\/"},{"key":"6840","unstructured":"Ministerio de Educaci\u00f3n Nacional (26 mayo de 2023). Sistema Nacional de Informaci\u00f3n de Educaci\u00f3n Superior SNIES, consulta programas acad\u00e9micos con la clave \u201cINTELIGENCIA ARTIFICIAL\u201d. https:\/\/hecaa.mineducacion.gov.co\/consultaspublicas\/programas"},{"key":"6841","unstructured":"Ministerio de Tecnolog\u00edas de la Informaci\u00f3n y Comunicaciones -MinTIC- (s.f.). Marco de Interoperabilidad. https:\/\/www.mintic.gov.co\/arquitecturati\/630\/w3-propertyvalue-8117.html"},{"key":"6842","unstructured":"Ministerio de Tecnolog\u00edas de la Informaci\u00f3n y Comunicaciones -MinTIC- (4 septiembre de 2019a). Inicia implementaci\u00f3n de plataforma digital que facilita el intercambio de informaci\u00f3n en el Estado. https:\/\/www.mintic.gov.co\/portal\/inicio\/Sala-de-prensa\/Noticias\/103106:Inicia-implementacion-de-plataforma-digital-que-facilita-el-intercambio-de-informacion-en-el-Estado"},{"key":"6843","unstructured":"Ministerio de Tecnolog\u00edas de la Informaci\u00f3n y Comunicaciones \u2013 MinTIC- (10 de agosto de 2019b). M\u00e1s de 4.400 colombianos se formar\u00e1n en inteligencia artificial. https:\/\/mintic.gov.co\/portal\/inicio\/Sala-de-prensa\/Noticias\/101996:-Mas-de-4-400-colombianos-se-formaran-en-Inteligencia-Artificial"},{"key":"6844","unstructured":"Ministerio de Tecnolog\u00edas de la Informaci\u00f3n y Comunicaciones-MinTIC (2022a). So\u00f1amos un Gobierno Digital y lo hicimos real. https:\/\/www.mintic.gov.co\/portal\/inicio\/238262:"},{"key":"6845","unstructured":"Ministerio de Tecnolog\u00edas de la Informaci\u00f3n y Comunicaciones -MinTIC- (9 marzo de 2022b). Colombia adopta de forma temprana recomendaciones de \u00e9tica en Inteligencia Artificial de la Unesco para la regi\u00f3n. https:\/\/www.mintic.gov.co\/portal\/inicio\/Sala-de-prensa\/Noticias\/208109:Colombia-adopta-de-forma-temprana-recomendaciones-de-etica-en-Inteligencia-Artificial-de-la-Unesco-para-la-region"},{"key":"6846","unstructured":"Ministerio de Tecnolog\u00edas de la Informaci\u00f3n y Comunicaciones -MinTIC- (2022c). Con el plan TIC conectaremos a las regiones m\u00e1s apartadas del pa\u00eds. https:\/\/mintic.gov.co\/portal\/inicio\/Sala-de-prensa\/Noticias\/246682:Con-el-plan-TIC-conectaremos-a-las-regiones-mas-apartadas-del-pais-ministra-Sandra-Urrutia"},{"key":"6847","doi-asserted-by":"crossref","unstructured":"Oca\u00f1a-Fern\u00e1ndez, Yolvi; Valenzuela-Fern\u00e1ndez, Luis Alex; Vera-Flores, Miguel \u00c1ngel; Rengifo-Lozano, Ra\u00fal Alberto (2021). Inteligencia artificial (IA) aplicada a la gesti\u00f3n p\u00fablica - Revista Venezolana de Gerencia, 26(94), 696-704. https:\/\/www.redalyc.org\/articulo.oa?id=29069612013","DOI":"10.52080\/rvgv26n94.14"},{"key":"6848","unstructured":"Organizaci\u00f3n para la Cooperaci\u00f3n y el Desarrollo Econ\u00f3mico -OCDE- (2019a). \u00cdndice de gobierno digital.https:\/\/www.oecd.org\/gov\/digital-government\/digital-government-index-2019-highlights-es.pdf"},{"key":"6849","unstructured":"Organizaci\u00f3n para la Cooperaci\u00f3n y el Desarrollo Econ\u00f3mico -OCDE- (22 mayo de"},{"key":"6850","unstructured":"b). Cuarenta y dos pa\u00edses adoptan los principios de la OCDE sobre inteligencia artificial."},{"key":"6851","unstructured":"https:\/\/www.oecd.org\/centrodemexico\/medios\/cuarentaydospaisesadoptanlosprincipiosdelaocdesobreinteligenciaartificial.htm"},{"key":"6852","unstructured":"Organizaci\u00f3n de Estados Americanos -OEA- (s.f.). Gobierno electr\u00f3nico. https:\/\/www.oas.org\/es\/sap\/dgpe\/guia_egov.asp"},{"key":"6853","unstructured":"Organizaci\u00f3n de las Naciones Unidad -ONU- (11 octubre de 2017). La inteligencia artificial como herramienta para acelerar el progreso de los ODS. https:\/\/www.un.org\/sustainabledevelopment\/es\/2017\/10\/la-inteligencia-artificial-como-herramienta-para-acelerar-el-progreso-de-los-ods\/"},{"key":"6854","unstructured":"Oracle (2021). \u00bfQu\u00e9 es la inteligencia artificial (IA)? https:\/\/www.oracle.com\/co\/artificial-intelligence\/what-is-ai\/"},{"key":"6855","unstructured":"Ospina, M. R. (2020). Marketing p\u00fablico. Klasse Editorial."},{"key":"6856","unstructured":"Ospina, M. R., y Sanabria, P. E. (2020). Desaf\u00edos nacionales frente a la ciberseguridad en el escenario global: un an\u00e1lisis para Colombia. Revista Criminalidad, 62(2), 112-130. http:\/\/www.scielo.org.co\/pdf\/crim\/v62n2\/1794-3108-crim-62-02-199.pdf"},{"key":"6857","unstructured":"Ospina, M. R., y Sanabria, P. E. (2023). Enfoque STEAM en la educaci\u00f3n superior colombiana frente a la cuarta revoluci\u00f3n. Educaci\u00f3n y Humanismo. En proceso de publicaci\u00f3n."},{"key":"6858","unstructured":"Oxford Insights (2020). AI Readiness Index 2020. https:\/\/www.oxfordinsights.com\/government-ai-readiness-index-2020"},{"key":"6859","unstructured":"Parlamento Europeo (2017). Normas de Derecho Civil sobre rob\u00f3tica. https:\/\/www.europarl.europa.eu\/doceo\/document\/TA-8-2017-0051_ES.html"},{"key":"6860","unstructured":"Powerdata (sf). Transformaci\u00f3n digital. Qu\u00e9 es y su importancia y relaci\u00f3n con los datos. https:\/\/www.powerdata.es\/transformacion-digital"},{"key":"6861","unstructured":"PriceWaterhouseCoopers -PWC- (2017). PwC\u2019s Global Artificial Intelligence Study: Exploiting the AI Revolution. https:\/\/www.pwc.com\/gx\/en\/issues\/analytics\/assets\/pwc-ai-analysis-sizing-the-prize-report.pdf"},{"key":"6862","doi-asserted-by":"crossref","unstructured":"Salvador Serna, Miquel (2021). Inteligencia artificial y gobernanza de datos en las administraciones p\u00fablicas: reflexiones y evidencias para su desarrollo Gesti\u00f3n y An\u00e1lisis de Pol\u00edticas P\u00fablicas, 26, 20-32. doi: https:\/\/doi.org\/10.24965\/gapp.i26.10855","DOI":"10.24965\/gapp.i26.10855"},{"key":"6863","unstructured":"Sanofi (9 noviembre de 2020). C\u00f3mo la inteligencia artificial ha ayudado a frenar la COVID\u201319. https:\/\/campus.sanofi.es\/es\/noticias\/2021\/inteligencia-artificial-covid-19\/"},{"key":"6864","unstructured":"Stanford University (2021). Artificial Intelligence Index 2021. https:\/\/aiindex.stanford.edu\/wp-content\/uploads\/2021\/11\/2021-AI-Index-Report_Master.pdf"},{"key":"6865","unstructured":"Stanford University (2022). Artificial Intelligence Index 2022. https:\/\/aiindex.stanford.edu\/wp-content\/uploads\/2022\/03\/2022-AI-Index-Report_Master.pdf"},{"key":"6866","doi-asserted-by":"crossref","unstructured":"Sutton, A. H. (2016). La pregunta de investigaci\u00f3n en los estudios cualitativos. Investigaci\u00f3n en Educaci\u00f3n M\u00e9dica, 5(17), 49-54. Doi: https:\/\/doi.org\/10.1016\/j.riem.2015.08.008","DOI":"10.1016\/j.riem.2015.08.008"},{"key":"6867","unstructured":"Tamayo, M.T. (2011). El proceso de la investigaci\u00f3n cient\u00edfica. Limusa."},{"key":"6868","unstructured":"Unesco-Organizaci\u00f3n de las Naciones Unidas para la Educaci\u00f3n, la Ciencia y la Cultura (2019). Instrumento normativo mundial sobre la \u00e9tica de la inteligencia artificial. https:\/\/es.unesco.org\/artificial-intelligence\/ethics"},{"key":"6869","doi-asserted-by":"crossref","unstructured":"Valle-Cruz, D., Criado, J. I., Sandoval-Almaz\u00e1n, R., & Ruvalcaba-Gomez, E. A. (2020). Assessing the public policy-cycle framework in the age of artificial intelligence: From agenda-setting to policy evaluation. Government Information Quarterly, 37(4), 1-12. doi: https:\/\/doi.org\/10.1016\/j.giq.2020.101509.","DOI":"10.1016\/j.giq.2020.101509"},{"key":"6870","unstructured":"Xinhua (2020). Tencent promueve inteligencia artificial m\u00e9dica para luchar contra epidemia. http:\/\/spanish.xinhuanet.com\/2020-04\/26\/c_139009970.htm"}],"container-title":["Administraci\u00f3n &amp; Desarrollo"],"link":[{"URL":"https:\/\/revistas.esap.edu.co\/index.php\/admindesarro\/article\/download\/819\/652","content-type":"application\/pdf","content-version":"vor","intended-application":"text-mining"},{"URL":"https:\/\/revistas.esap.edu.co\/index.php\/admindesarro\/article\/download\/819\/661","content-type":"text\/xml","content-version":"vor","intended-application":"text-mining"},{"URL":"https:\/\/revistas.esap.edu.co\/index.php\/admindesarro\/article\/download\/819\/652","content-type":"unspecified","content-version":"vor","intended-application":"similarity-checking"}],"deposited":{"date-parts":[[2025,12,31]],"date-time":"2025-12-31T20:00:01Z","timestamp":1767211201000},"score":0.0,"resource":{"primary":{"URL":"https:\/\/revistas.esap.edu.co\/index.php\/admindesarro\/article\/view\/819"}},"issued":{"date-parts":[[2023,6,13]]},"references-count":78,"journal-issue":{"issue":"1","published-online":{"date-parts":[[2023,1,1]]}},"URL":"https:\/\/doi.org\/10.22431\/25005227.vol53n1.2","ISSN":["2500-5227","0120-3754"],"issn-type":[{"value":"2500-5227","type":"electronic"},{"value":"0120-3754","type":"print"}],"published":{"date-parts":[[2023,6,13]]}},{"indexed":{"date-parts":[[2025,12,31]],"date-time":"2025-12-31T20:15:58Z","timestamp":1767212158694,"version":"3.48.0"},"reference-count":0,"publisher":"Escuela Superior de Administracion Publica","issue":"52","license":[{"start":{"date-parts":[[2010,12,1]],"date-time":"2010-12-01T00:00:00Z","timestamp":1291161600000},"content-version":"unspecified","delay-in-days":0,"URL":"http:\/\/creativecommons.org\/licenses\/by-nc-nd\/4.0"}],"content-domain":{"domain":[],"crossmark-restriction":false},"short-container-title":["Adm. Desarro."],"abstract":"<jats:p>his paper was aimed at identifying the origin, development and prospects of the organisation of the settlers in Colombia, called community action; it was orientated along two axes: organic modernisation and internal and external democracybuilding. The period analysed covers communal activity starting with Law 19\/1958 to the 21st National Monter\u00eda Commune\/Settlers Congress (2008). The methodology used in this research applies the principles of participatory and virtual action. The results have been validated with community organisations at national, regional and local levels, culminating in the conclusions presented at the 22nd National Commune\/Settler Congress in 2010. Community actors will build a promising future, taking their own history as reference and the public policy outlined in the Colombian Economic and Social Policy Council (CONPES) document. The article presents an in-depth look at the consolidation of community action and its historical development.<\/jats:p>","DOI":"10.22431\/25005227.165","type":"journal-article","created":{"date-parts":[[2017,7,5]],"date-time":"2017-07-05T12:06:06Z","timestamp":1499256366000},"page":"201-209","source":"Crossref","is-referenced-by-count":0,"title":["Hacia la modernizaci\u00f3n org\u00e1nica y el fortalecimiento democr\u00e1tico de la acci\u00f3n comunal en Colombia","Towards organic modernisation and democratic strengthening of community action in Colombia"],"prefix":"10.22431","volume":"38","author":[{"given":"Luis Emiro","family":"Valencia","sequence":"first","affiliation":[],"role":[{"role":"author","vocabulary":"crossref"}]}],"member":"9723","published-online":{"date-parts":[[2010,12,1]]},"container-title":["Administraci\u00f3n &amp; Desarrollo"],"link":[{"URL":"https:\/\/revistas.esap.edu.co\/index.php\/admindesarro\/article\/download\/165\/pdf","content-type":"application\/pdf","content-version":"vor","intended-application":"text-mining"},{"URL":"https:\/\/revistas.esap.edu.co\/index.php\/admindesarro\/article\/download\/165\/pdf","content-type":"unspecified","content-version":"vor","intended-application":"similarity-checking"}],"deposited":{"date-parts":[[2025,12,31]],"date-time":"2025-12-31T20:10:33Z","timestamp":1767211833000},"score":0.0,"resource":{"primary":{"URL":"https:\/\/revistas.esap.edu.co\/index.php\/admindesarro\/article\/view\/165"}},"issued":{"date-parts":[[2010,12,1]]},"references-count":0,"journal-issue":{"issue":"52","published-online":{"date-parts":[[2010,12,1]]}},"URL":"https:\/\/doi.org\/10.22431\/25005227.165","ISSN":["2500-5227","0120-3754"],"issn-type":[{"type":"electronic","value":"2500-5227"},{"type":"print","value":"0120-3754"}],"published":{"date-parts":[[2010,12,1]]}},{"indexed":{"date-parts":[[2025,12,31]],"date-time":"2025-12-31T20:29:45Z","timestamp":1767212985807,"version":"3.48.0"},"reference-count":0,"publisher":"Escuela Superior de Administracion Publica","issue":"64","license":[{"start":{"date-parts":[[2011,12,15]],"date-time":"2011-12-15T00:00:00Z","timestamp":1323907200000},"content-version":"unspecified","delay-in-days":0,"URL":"http:\/\/creativecommons.org\/licenses\/by-nc-nd\/4.0"}],"content-domain":{"domain":[],"crossmark-restriction":false},"short-container-title":["Nova vetera"],"abstract":"<jats:p>Los temas sobre la invasi\u00f3n y conquista del Per\u00fa, son presentados por los textos escolares de educaci\u00f3n secundaria de modo europeizante. La versi\u00f3n de los cronistas se advierte en diferentes hechos y t\u00e9rminos utilizados por los autores, que no van m\u00e1s all\u00e1 de la simple narraci\u00f3n, estimulan el memorismo, carecen de sentido cr\u00edtico, deforman la realidad hist\u00f3rica. De sus p\u00e1ginas surge la impresi\u00f3n de la conquista como un suceso que comenz\u00f3 y termin\u00f3 en Cajamarca, poco hablan de los elementos t\u00e9cnicos y militares tra\u00eddos por los espa\u00f1oles desconocidos en estas tierras, as\u00ed como de la crisis pol\u00edtica que viv\u00eda el Tawantinsuyo cuando ellos llegaron, y es casi olvidada la resistencia ind\u00edgena frente a la invasi\u00f3n.<\/jats:p>","DOI":"10.22431\/25005103.169","type":"journal-article","created":{"date-parts":[[2017,7,5]],"date-time":"2017-07-05T15:34:05Z","timestamp":1499268845000},"page":"55-78","source":"Crossref","is-referenced-by-count":1,"title":["Los textos escolares de historia del Per\u00fa: hechos iniciales de la Invasi\u00f3n y Conquista"],"prefix":"10.22431","volume":"20","author":[{"given":"Elmer","family":"Robles Ortiz","sequence":"first","affiliation":[],"role":[{"role":"author","vocabulary":"crossref"}]}],"member":"9723","published-online":{"date-parts":[[2011,12,15]]},"container-title":["Nova et Vetera"],"link":[{"URL":"https:\/\/revistas.esap.edu.co\/index.php\/novaetvetera\/article\/download\/169\/pdf","content-type":"application\/pdf","content-version":"vor","intended-application":"text-mining"},{"URL":"https:\/\/revistas.esap.edu.co\/index.php\/novaetvetera\/article\/download\/169\/pdf","content-type":"unspecified","content-version":"vor","intended-application":"similarity-checking"}],"deposited":{"date-parts":[[2025,12,31]],"date-time":"2025-12-31T20:26:51Z","timestamp":1767212811000},"score":0.0,"resource":{"primary":{"URL":"https:\/\/revistas.esap.edu.co\/index.php\/novaetvetera\/article\/view\/169"}},"issued":{"date-parts":[[2011,12,15]]},"references-count":0,"journal-issue":{"issue":"64","published-online":{"date-parts":[[2011,12,15]]}},"URL":"https:\/\/doi.org\/10.22431\/25005103.169","ISSN":["2500-5103","0123-2614"],"issn-type":[{"type":"electronic","value":"2500-5103"},{"type":"print","value":"0123-2614"}],"published":{"date-parts":[[2011,12,15]]}},{"indexed":{"date-parts":[[2025,11,6]],"date-time":"2025-11-06T16:49:47Z","timestamp":1762447787182,"version":"build-2065373602"},"reference-count":0,"publisher":"Escuela Superior de Administracion Publica","issue":"26","license":[{"start":{"date-parts":[[2018,2,28]],"date-time":"2018-02-28T00:00:00Z","timestamp":1519776000000},"content-version":"unspecified","delay-in-days":0,"URL":"http:\/\/creativecommons.org\/licenses\/by-nc-nd\/4.0"}],"content-domain":{"domain":[],"crossmark-restriction":false},"short-container-title":["Nova vetera"],"abstract":"<jats:p>Editorial del N\u00famero 26 a cargo de la Decana de la Facultad de Investigaciones, Escuela Superior de Administracion P\u00fablica.<\/jats:p>","DOI":"10.22431\/25005103.394","type":"journal-article","created":{"date-parts":[[2018,3,5]],"date-time":"2018-03-05T21:11:14Z","timestamp":1520284274000},"page":"6-8","source":"Crossref","is-referenced-by-count":0,"title":["El papel de la ESAP en el desarrollo de capacidades institucionales para el postconflicto"],"prefix":"10.22431","author":[{"given":"Claudia Marisol","family":"Moreno Ojeda","sequence":"first","affiliation":[],"role":[{"role":"author","vocabulary":"crossref"}]}],"member":"9723","published-online":{"date-parts":[[2018,2,28]]},"container-title":["Nova et Vetera"],"link":[{"URL":"https:\/\/revistas.esap.edu.co\/index.php\/novaetvetera\/article\/download\/394\/443","content-type":"application\/pdf","content-version":"vor","intended-application":"text-mining"},{"URL":"https:\/\/revistas.esap.edu.co\/index.php\/novaetvetera\/article\/download\/394\/443","content-type":"unspecified","content-version":"vor","intended-application":"similarity-checking"}],"deposited":{"date-parts":[[2025,11,6]],"date-time":"2025-11-06T16:45:55Z","timestamp":1762447555000},"score":0.0,"resource":{"primary":{"URL":"https:\/\/revistas.esap.edu.co\/index.php\/novaetvetera\/article\/view\/394"}},"issued":{"date-parts":[[2018,2,28]]},"references-count":0,"journal-issue":{"issue":"26","published-online":{"date-parts":[[2018,2,28]]}},"URL":"https:\/\/doi.org\/10.22431\/25005103.394","ISSN":["2500-5103","0123-2614"],"issn-type":[{"type":"electronic","value":"2500-5103"},{"type":"print","value":"0123-2614"}],"published":{"date-parts":[[2018,2,28]]}},{"indexed":{"date-parts":[[2025,12,31]],"date-time":"2025-12-31T20:29:35Z","timestamp":1767212975886,"version":"3.48.0"},"reference-count":0,"publisher":"Escuela Superior de Administracion Publica","license":[{"start":{"date-parts":[[2016,10,10]],"date-time":"2016-10-10T00:00:00Z","timestamp":1476057600000},"content-version":"unspecified","delay-in-days":0,"URL":"http:\/\/creativecommons.org\/licenses\/by-nc-nd\/4.0"}],"content-domain":{"domain":[],"crossmark-restriction":false},"short-container-title":["Nova vetera"],"abstract":"<jats:p>En ninguno de los postconflictos (al cabo de guerras internacionales o internas) o transiciones a la democracia, al final de dictaduras o reg\u00edmenes segregacionistas, la respuesta jur\u00eddica ha sido suficiente. Sin embargo en nuestro pa\u00eds, como se dice coloquialmente, con una gran tradici\u00f3n \u201csantanderista\u201d,\u00a0 muchos consideran que la esfera jur\u00eddica es la predominante en la negociaci\u00f3n del conflicto armado.\u00a0 Lejos de ello. Es verdad que deben darse soluciones jur\u00eddicas y que ellas resultan incluso imprescindibles en los Acuerdos, soluciones que obviamente se enmarcan en la justicia transicional, pero muchas de ellas, generan cierta repugnancia moral, ya que a menudo, la gente mira con lentes del derecho penal, algo que requiere una mirada mucho m\u00e1s amplia. Vale decir, algunos quisieran justicia retributiva, a la vieja usanza, en el que la pregunta por el sentido de la pena se respond\u00eda m\u00e1s f\u00e1cilmente, mientras que en contextos de negociaci\u00f3n, es el paradigma de la justicia restaurativa el que se impone, con un papel central de las v\u00edctimas, y por tanto de la reparaci\u00f3n integral y de la promesa de garant\u00edas de no repetici\u00f3n.<\/jats:p>","DOI":"10.22431\/25005103.193","type":"journal-article","created":{"date-parts":[[2017,7,5]],"date-time":"2017-07-05T15:34:05Z","timestamp":1499268845000},"page":"1-3","source":"Crossref","is-referenced-by-count":0,"title":["Derechos Humanos, Gesti\u00f3n de la Transici\u00f3n y Posconflicto"],"prefix":"10.22431","volume":"25","author":[{"given":"Francisco","family":"Taborda Ocampo","sequence":"first","affiliation":[],"role":[{"role":"author","vocabulary":"crossref"}]}],"member":"9723","published-online":{"date-parts":[[2016,10,10]]},"container-title":["Nova et Vetera"],"link":[{"URL":"https:\/\/revistas.esap.edu.co\/index.php\/novaetvetera\/article\/download\/193\/pdf","content-type":"application\/pdf","content-version":"vor","intended-application":"text-mining"},{"URL":"https:\/\/revistas.esap.edu.co\/index.php\/novaetvetera\/article\/download\/193\/pdf","content-type":"unspecified","content-version":"vor","intended-application":"similarity-checking"}],"deposited":{"date-parts":[[2025,12,31]],"date-time":"2025-12-31T20:26:04Z","timestamp":1767212764000},"score":0.0,"resource":{"primary":{"URL":"https:\/\/revistas.esap.edu.co\/index.php\/novaetvetera\/article\/view\/193"}},"issued":{"date-parts":[[2016,10,10]]},"references-count":0,"URL":"https:\/\/doi.org\/10.22431\/25005103.193","ISSN":["2500-5103","0123-2614"],"issn-type":[{"type":"electronic","value":"2500-5103"},{"type":"print","value":"0123-2614"}],"published":{"date-parts":[[2016,10,10]]}},{"indexed":{"date-parts":[[2025,12,31]],"date-time":"2025-12-31T20:05:34Z","timestamp":1767211534529,"version":"3.48.0"},"reference-count":22,"publisher":"Escuela Superior de Administracion Publica","issue":"1","license":[{"start":{"date-parts":[[2022,6,30]],"date-time":"2022-06-30T00:00:00Z","timestamp":1656547200000},"content-version":"unspecified","delay-in-days":0,"URL":"https:\/\/creativecommons.org\/licenses\/by-nc-sa\/4.0"}],"content-domain":{"domain":[],"crossmark-restriction":false},"short-container-title":["Adm. Desarro."],"abstract":"<jats:p>Objective: to examine the cohesive scope of the implementation of social reintegration measures, it involves evaluating the mechanism of public attention together with the collective practices of forgiveness and reconciliation in the face of the vexations of war. Hence, the article accounts for the scope of the effective articulation of actors foreseen for the social reintegration policy. Methodology: through the analytical approach of aggregated data, a survey on social networks and governance was used, which was systematized and processed in the UCINET 6.5 program and its visualization tool Netdraw. With these, interaction indicators and representations of effective interorganizational links are obtained. Similarly, the documentary analysis of the official manifestos and the respective theoretical review of the cleavages of the subject centered on policy networks is deployed. Conclusions: in the end, fragmented archetypes were found that speak of the low efficiency of the governmental framework and weak levels of social cohesion around the problem that is far from the projected degrees of legitimacy.<\/jats:p>","DOI":"10.22431\/25005227.vol52n1.10","type":"journal-article","created":{"date-parts":[[2022,12,8]],"date-time":"2022-12-08T07:30:35Z","timestamp":1670484635000},"page":"162-175","source":"Crossref","is-referenced-by-count":0,"title":["El Cauca, reintegraci\u00f3n y postconflicto: un an\u00e1lisis del gobierno regional de multiactores","Cauca, reintegration and post-conflict: a multi-stakeholder regional government analysis"],"prefix":"10.22431","volume":"52","author":[{"ORCID":"https:\/\/orcid.org\/0000-0003-2923-0523","authenticated-orcid":false,"given":"Ra\u00fal","family":"Cort\u00e9s Land\u00e1zury","sequence":"first","affiliation":[],"role":[{"role":"author","vocabulary":"crossref"}]}],"member":"9723","published-online":{"date-parts":[[2022,6,30]]},"reference":[{"key":"6207","doi-asserted-by":"crossref","unstructured":"Bardhan, P (2002). Descentralizaci\u00f3n de la gobernanza y el desarrollo. Journal of Economic Perspectives, 16(4), 185-205.","DOI":"10.1257\/089533002320951037"},{"key":"6208","unstructured":"Barona, G. (1995). La maldici\u00f3n de Midas en una regi\u00f3n del mundo colonial Popay\u00e1n 17301830. Fondo Mixto de Cultura del Cauca Universidad del Valle."},{"key":"6209","unstructured":"Beltr\u00e1n, Y. & Ram\u00edrez, L. (2015). An\u00e1lisis de la pol\u00edtica nacional de reintegraci\u00f3n en Bucaramanga [Tesis de Maestr\u00eda]. Universidad de la Salle."},{"key":"6210","unstructured":"Bilbeny, N. (2018). Legitimidad y acci\u00f3n pol\u00edtica. Universidad de Barcelona. Barcelona."},{"key":"6211","unstructured":"Bonafont, L. (2004). Redes de pol\u00edticas p\u00fablicas. Centro de Investigaciones Sociol\u00f3gicas."},{"key":"6212","unstructured":"Constituci\u00f3n Pol\u00edtica de Colombia [Const]. Art. 22. 7 de julio de 1991 (Colombia)."},{"key":"6213","unstructured":"Cort\u00e9s, R. & Sinisterra, M. (2010). Sociedad civil capital social y desarrollo sostenible: en busca de las fuentes de progreso del cauca (Primera edici\u00f3n). Sello Editorial Universidad del Cauca."},{"key":"6214","unstructured":"Departamento Nacional de Planeaci\u00f3n DNP. (2008). Documento Conpes 3554 de 2008. Pol\u00edtica nacional de reintegraci\u00f3n econ\u00f3mica y social para personas y grupos armados ilegales. Bogot\u00e1."},{"key":"6215","doi-asserted-by":"crossref","unstructured":"Easley, D. & Kleinberg, J. (2010). Strong and Weak Ties. In Netwon, Crowds, and Markets: Reasoning about a Highly Connected World (pp. 47\u201383). Cambridge University Press.","DOI":"10.1017\/CBO9780511761942"},{"key":"6216","unstructured":"Flores. T. (2014). Deflnici\u00f3n de Pol\u00edtica P\u00fablica: Una Revisi\u00f3n conceptual. Pol\u00edticaP\u00fablica. CL. Recuperado de https:\/\/politicapublica.cl\/2014\/11\/10\/definicion-de-politica-publica-revision-conceptual\/"},{"key":"6217","unstructured":"Jim\u00e9nez, W. (2008). El enfoque de pol\u00edticas p\u00fablicas y los estudios sobre gobierno. Propuestas de encuentro Revista del CLAD Reforma y Democracia, n\u00fam. 41, junio, 2008, pp. 57-80 Centro Latinoamericano de Administraci\u00f3n para el Desarrollo Caracas, Venezuela. Revista del CLAD Reforma y democracia, (41), 57-80."},{"key":"6218","unstructured":"Koliba, C., Manso, J., Zia, A. & Molinos, R. (2011). Governance network in Public Administration and public Policy. Routledge."},{"key":"6219","unstructured":"Lechner, N. (2015). Obras IV: Pol\u00edtica y subjetividad, 1995-2003. Fondo de Cultura Econ\u00f3mica."},{"key":"6220","unstructured":"Ley 418 de 1997. Por la cual se consagran unos instrumentos para la b\u00fasqueda de la convivencia, la eficacia de la justicia y se dictan otras disposiciones.26 de diciembre de 1997. D.O. No. 43.201"},{"key":"6221","doi-asserted-by":"crossref","unstructured":"Mesa, J. (2017). Hacia una nueva mirada de la reintegraci\u00f3n de desmovilizados en Colombia: conceptos, enfoques y posibilidades. Revista CS, (23), 105\u2013133.","DOI":"10.18046\/recs.i23.2437"},{"key":"6222","doi-asserted-by":"crossref","unstructured":"Moyado, F. (2011). Gobernanza y calidad en la gesti\u00f3n p\u00fablica. Estudios Gerenciales, 27(120), 205-223.","DOI":"10.1016\/S0123-5923(11)70176-0"},{"key":"6223","doi-asserted-by":"crossref","unstructured":"Pal, S. & Wahhaj, Z. (2017). Fiscal decentralisation, local institutions and public good provision: evidence from Indonesia. Journal of Comparative Economics, 45(2), 383-409.","DOI":"10.1016\/j.jce.2016.07.004"},{"key":"6224","unstructured":"Parrado, S., Colino, C. & Olmeda, J. (2013). Gobiernos y administraciones p\u00fablicas en perspectiva comparada. Tirant lo Blanch."},{"key":"6225","unstructured":"Ram\u00edrez, E. (2016). An\u00e1lisis de redes sociales para el estudio de la gobernanza y las pol\u00edticas p\u00fablicas: aproximaciones de caso. Gobierno y Pol\u00edticas P\u00fablicas."},{"key":"6226","unstructured":"Subirats, J. (2008). An\u00e1lisis y gesti\u00f3n de pol\u00edticas p\u00fablicas. Grupo Planeta."},{"key":"6227","doi-asserted-by":"crossref","unstructured":"Torres, C. (2014). Inteligencia colectiva: enfoque para el an\u00e1lisis de redes. Estudios Gerenciales, 30, 259-266.","DOI":"10.1016\/j.estger.2014.01.014"},{"key":"6228","doi-asserted-by":"crossref","unstructured":"Watal, A. (2011). A Co-Regulatory Approach to Reasonable Network Management. Journal of Information Policy, 1, 155\u2013173.","DOI":"10.5325\/jinfopoli.1.2011.0155"}],"container-title":["Administraci\u00f3n &amp; Desarrollo"],"link":[{"URL":"https:\/\/revistas.esap.edu.co\/index.php\/admindesarro\/article\/download\/783\/633","content-type":"application\/pdf","content-version":"vor","intended-application":"text-mining"},{"URL":"https:\/\/revistas.esap.edu.co\/index.php\/admindesarro\/article\/download\/783\/749","content-type":"text\/xml","content-version":"vor","intended-application":"text-mining"},{"URL":"https:\/\/revistas.esap.edu.co\/index.php\/admindesarro\/article\/download\/783\/633","content-type":"unspecified","content-version":"vor","intended-application":"similarity-checking"}],"deposited":{"date-parts":[[2025,12,31]],"date-time":"2025-12-31T20:01:11Z","timestamp":1767211271000},"score":0.0,"resource":{"primary":{"URL":"https:\/\/revistas.esap.edu.co\/index.php\/admindesarro\/article\/view\/783"}},"issued":{"date-parts":[[2022,6,30]]},"references-count":22,"journal-issue":{"issue":"1","published-online":{"date-parts":[[2022,6,30]]}},"URL":"https:\/\/doi.org\/10.22431\/25005227.vol52n1.10","ISSN":["2500-5227","0120-3754"],"issn-type":[{"type":"electronic","value":"2500-5227"},{"type":"print","value":"0120-3754"}],"published":{"date-parts":[[2022,6,30]]}},{"indexed":{"date-parts":[[2026,4,16]],"date-time":"2026-04-16T06:43:21Z","timestamp":1776321801739,"version":"3.50.1"},"reference-count":0,"publisher":"Escuela Superior de Administracion Publica","issue":"31","license":[{"start":{"date-parts":[[2024,1,30]],"date-time":"2024-01-30T00:00:00Z","timestamp":1706572800000},"content-version":"unspecified","delay-in-days":0,"URL":"https:\/\/creativecommons.org\/licenses\/by-nc-sa\/4.0"}],"content-domain":{"domain":[],"crossmark-restriction":false},"short-container-title":["Nova vetera"],"abstract":"<jats:p>The objective of this article is to carry out an analysis of the situation of the mayors of the city of Manizales for the years 2019-2021 based on the development of the concepts of governance, Human Rights and citizen participation. The conditions of community cooperation faced by the ediles of said city were analyzed, as well as the dynamics of support given by the local government to their actions and the strategies generated to guarantee the non-violation of Human Rights. The methodological development was framed in a qualitative perspective in which the case study and documentary analysis were articulated through studies of different sources of information, as well as a focus group and interviews with community leaders. These techniques for collecting results allowed us to conclude that the councilors have little relationship with the local administration, as well as the lack of protection of Human Rights.<\/jats:p>","DOI":"10.22431\/25005103.n31.5","type":"journal-article","created":{"date-parts":[[2024,1,30]],"date-time":"2024-01-30T11:36:29Z","timestamp":1706614589000},"source":"Crossref","is-referenced-by-count":1,"title":["Gobernanza, derechos humanos y participaci\u00f3n ciudadana: el caso de los ediles de la ciudad de Manizales 2019-2021","Governance, human rights and citizen participation: the case of the councilors of the city of Manizales 2019-2021"],"prefix":"10.22431","author":[{"ORCID":"https:\/\/orcid.org\/0009-0008-4835-4816","authenticated-orcid":false,"given":"Paula Andrea","family":"Aguirre L\u00f3pez","sequence":"first","affiliation":[],"role":[{"role":"author","vocabulary":"crossref"}]}],"member":"9723","published-online":{"date-parts":[[2024,1,30]]},"container-title":["Nova et Vetera"],"link":[{"URL":"https:\/\/revistas.esap.edu.co\/index.php\/novaetvetera\/article\/download\/928\/733","content-type":"application\/pdf","content-version":"vor","intended-application":"text-mining"},{"URL":"https:\/\/revistas.esap.edu.co\/index.php\/novaetvetera\/article\/download\/928\/733","content-type":"unspecified","content-version":"vor","intended-application":"similarity-checking"}],"deposited":{"date-parts":[[2025,12,31]],"date-time":"2025-12-31T20:19:31Z","timestamp":1767212371000},"score":0.0,"resource":{"primary":{"URL":"https:\/\/revistas.esap.edu.co\/index.php\/novaetvetera\/article\/view\/928"}},"issued":{"date-parts":[[2024,1,30]]},"references-count":0,"journal-issue":{"issue":"31","published-online":{"date-parts":[[2023,12,15]]}},"URL":"https:\/\/doi.org\/10.22431\/25005103.n31.5","ISSN":["2500-5103","0123-2614"],"issn-type":[{"value":"2500-5103","type":"electronic"},{"value":"0123-2614","type":"print"}],"published":{"date-parts":[[2024,1,30]]}},{"indexed":{"date-parts":[[2025,12,31]],"date-time":"2025-12-31T20:20:20Z","timestamp":1767212420293,"version":"3.48.0"},"reference-count":0,"publisher":"Escuela Superior de Administracion Publica","issue":"55","license":[{"start":{"date-parts":[[2012,6,15]],"date-time":"2012-06-15T00:00:00Z","timestamp":1339718400000},"content-version":"unspecified","delay-in-days":0,"URL":"http:\/\/creativecommons.org\/licenses\/by-nc-nd\/4.0"}],"content-domain":{"domain":[],"crossmark-restriction":false},"short-container-title":["Adm. Desarro."],"abstract":"<jats:p>During the ongoing bicentennial celebrations of Independence, Colombians extol Casanare\u2019s role in Bol\u00edvar\u2019s Liberation Campaign of 1819, the march across the Andes that defeated the Spanish at the battles of Pantano de Vargas (July 25) and Boyac\u00e1 (August 7), but they have paid scant attention to the region\u2019s twentieth century struggle to gain freedom from the rule of neighboring Boyac\u00e1. During the National Front Era (1958-1974), Casanare\u2019s sense of abandonment by Tunja evolved into a determined initiative to throw off the department\u2019s rule and regain its autonomy as a national intendancy. This article reviews the complicated relationship between the highland and the plains regions; describes Casanare\u2019s struggle to recover its autonomy; and explains why in 1974, the people of Casanare rejoiced in the region\u2019s elevation to the status of national intendancy while inhabitants of the other territories of the Llanos were actively lobbying to become departments.<\/jats:p>","DOI":"10.22431\/25005227.131","type":"journal-article","created":{"date-parts":[[2017,7,5]],"date-time":"2017-07-05T12:06:06Z","timestamp":1499256366000},"page":"93-110","source":"Crossref","is-referenced-by-count":0,"title":["The Second Campaign for Liberation: Casanare\u2019s Struggle to Win Freedom from Boyac\u00e1 during Colombia\u2019s National Front Era (1958-1974)","The Second Campaign for Liberation: Casanare\u2019s Struggle to Win Freedom from Boyac\u00e1 during Colombia\u2019s National Front Era (1958-1974)."],"prefix":"10.22431","volume":"40","author":[{"given":"Jane","family":"Meyes Rausch","sequence":"first","affiliation":[],"role":[{"role":"author","vocabulary":"crossref"}]}],"member":"9723","published-online":{"date-parts":[[2012,6,15]]},"container-title":["Administraci\u00f3n &amp; Desarrollo"],"link":[{"URL":"https:\/\/revistas.esap.edu.co\/index.php\/admindesarro\/article\/download\/131\/pdf","content-type":"application\/pdf","content-version":"vor","intended-application":"text-mining"},{"URL":"https:\/\/revistas.esap.edu.co\/index.php\/admindesarro\/article\/download\/131\/pdf","content-type":"unspecified","content-version":"vor","intended-application":"similarity-checking"}],"deposited":{"date-parts":[[2025,12,31]],"date-time":"2025-12-31T20:15:54Z","timestamp":1767212154000},"score":0.0,"resource":{"primary":{"URL":"https:\/\/revistas.esap.edu.co\/index.php\/admindesarro\/article\/view\/131"}},"issued":{"date-parts":[[2012,6,15]]},"references-count":0,"journal-issue":{"issue":"55","published-online":{"date-parts":[[2012,6,15]]}},"URL":"https:\/\/doi.org\/10.22431\/25005227.131","ISSN":["2500-5227","0120-3754"],"issn-type":[{"type":"electronic","value":"2500-5227"},{"type":"print","value":"0120-3754"}],"published":{"date-parts":[[2012,6,15]]}},{"indexed":{"date-parts":[[2025,12,31]],"date-time":"2025-12-31T20:24:07Z","timestamp":1767212647029,"version":"3.48.0"},"reference-count":53,"publisher":"Escuela Superior de Administracion Publica","issue":"33","license":[{"start":{"date-parts":[[2024,12,11]],"date-time":"2024-12-11T00:00:00Z","timestamp":1733875200000},"content-version":"unspecified","delay-in-days":0,"URL":"https:\/\/creativecommons.org\/licenses\/by-nc-sa\/4.0"}],"content-domain":{"domain":[],"crossmark-restriction":false},"short-container-title":["Nova vetera"],"abstract":"<jats:p>This article aims to analyze the validity of the governance of fear, disgust, and contempt in the spatial production of the city, as well as in the political, legal, and scientific discourses on street situations in Mexico City during the 21st century. A qualitative methodological design is employed, based on the proposal of Close Reading (Ahmed, 2015), specifically using documentary review. Three discursive axes are examined: a) scientific production identified in the selected databases on homelessness in Mexico; b) current political-legal discourses on homelessness and parallel phenomena that affect this population; and c) media discourse represented in news headlines published between 2021 and 2023. The analysis focuses on identifying narrative milestones that reveal tacit relationships and meanings surrounding this urban group. The study concludes that, in the case of Mexico City, there are complex relationships, mixtures, and emotional connections that underlie the construction of otherness and inhabit the streets, as reflected in current public discourses. However, hierarchies of contempt prevail towards individuals perceived as \u201cstreet kids\u201d.<\/jats:p>","DOI":"10.22431\/25005103.1096","type":"journal-article","created":{"date-parts":[[2024,12,13]],"date-time":"2024-12-13T14:23:23Z","timestamp":1734099803000},"page":"e1096","source":"Crossref","is-referenced-by-count":0,"title":["Gobernanza de los afectos frente a la situaci\u00f3n de calle en Ciudad de M\u00e9xico, M\u00e9xico","Governance of affections in the face of street situations in Mexico City, Mexico"],"prefix":"10.22431","author":[{"ORCID":"https:\/\/orcid.org\/0000-0002-3599-3554","authenticated-orcid":false,"given":"Jacqueline","family":"Torres Ruiz","sequence":"first","affiliation":[],"role":[{"role":"author","vocabulary":"crossref"}]}],"member":"9723","published-online":{"date-parts":[[2024,12,11]]},"reference":[{"unstructured":"Ahmed, S. (2015). La pol\u00edtica cultural de las emociones. Programa Universitario de Estudios de G\u00e9nero, UNAM.","key":"16782"},{"doi-asserted-by":"crossref","unstructured":"Ciro, E. (2018). Las tierras profundas de la \u201clucha contra las drogas\u201d en Colombia: la ley y la violencia estatal en la vida de los pobladores rurales del Caquet\u00e1. Revista Colombiana de Sociolog\u00eda y Sigma, 41(Suplemento). https:\/\/doi.org\/10.15446\/rcs.v41n1Supl.66292","key":"16783","DOI":"10.15446\/rcs.v41n1Supl.66292"},{"unstructured":"Ciudadanos en Red (4 de agosto de 2021). CDMX implementa \u2018limpieza\u2019 contra poblaci\u00f3n indigente. https:\/\/ciudadanosenred.com.mx\/cdmx\/cdmx-implementa-limpieza-contra-poblacion-indigente\/","key":"16784"},{"unstructured":"Consejo para Prevenir y Eliminar la Discriminaci\u00f3n de la Ciudad de M\u00e9xico (COPRED). (2013). Encuesta sobre Discriminaci\u00f3n en la Ciudad de M\u00e9xico. https:\/\/copred.cdmx.gob.mx\/storage\/app\/media\/EDIS-2013-hallazgos.pdf","key":"16785"},{"unstructured":"Consejo para Prevenir y Eliminar la Discriminaci\u00f3n de la Ciudad de M\u00e9xico (COPRED). (2017). Encuesta sobre Discriminaci\u00f3n en la Ciudad de M\u00e9xico. https:\/\/copred.cdmx.gob.mx\/storage\/app\/uploads\/public\/5a6\/790\/d09\/5a6790d099f9f244033205.pdf","key":"16786"},{"unstructured":"Consejo para Prevenir y Eliminar la Discriminaci\u00f3n de la Ciudad de M\u00e9xico (COPRED). (2021). Encuesta sobre Discriminaci\u00f3n en la Ciudad de M\u00e9xico. https:\/\/copred.cdmx.gob.mx\/storage\/app\/media\/EDIS-2021-26Nov21.pdf","key":"16787"},{"unstructured":"Comisi\u00f3n de Derechos Humanos del Distrito Federal (CDHDF) (2014). Situaci\u00f3n de los derechos humanos de las poblaciones callejeras en el Distrito Federal 2012-2013. Informe especial. https:\/\/cdhcm.org.mx\/wp-content\/uploads\/2014\/09\/poblaciones-callejeras-integrado-imprenta.pdf","key":"16788"},{"unstructured":"Comisi\u00f3n de Derechos Humanos Ciudad de M\u00e9xico (CDHCM) (3 de agosto de 2021). Autoridades capitalinas reconocen responsabilidad por la criminalizaci\u00f3n y retiros forzados en contra de personas en situaci\u00f3n de calle. https:\/\/cdhcm.org.mx\/2021\/08\/autoridades-capitalinas-reconocen-responsabilidad-por-la-criminalizacion-y-retiros-forzados-en-contra-de-personas-en-situacion-de-calle\/","key":"16789"},{"unstructured":"Cuevas, S. [(@SandraCuevas] (26 de enero de 2023). Para mantener en orden la v\u00eda p\u00fablica, trabajamos con absoluto respeto a los derechos humanos de los habitantes de esta zona ubicada en la colonia #Atlampa, donde limpiamos y retiramos basura, escombro y triques [Tweet]. Twitter. https:\/\/twitter.com\/AlcCuauhtemocMx\/status\/1618652809964183554","key":"16790"},{"unstructured":"Cuevas, S. [(@SandraCuevas] (17 de abril de 2023). Como parte de su campa\u00f1a para la remodelaci\u00f3n de espacios en la alcald\u00eda Cuauht\u00e9moc, @SandraCuevas_ solicit\u00f3 a la jefa de Gobierno, @Claudiashein el retiro de un campamento instalado desde hace seis a\u00f1os en la colonia Ju\u00e1rez [Tweet]. Twitter. https:\/\/twitter.com\/politicomx\/status\/1648144441851428865","key":"16791"},{"unstructured":"Czarnecki, L. (2014). De violencias, conflictos armados y desigualdades sociales. Un estudio comparativo entre Colombia y M\u00e9xico. Revista del CESLA, (17), 307-331. https:\/\/www.redalyc.org\/articulo.oa?id=243333483014","key":"16792"},{"unstructured":"Elias, N. (1987). Bosquejo de una teor\u00eda de la civilizaci\u00f3n. En N. El\u00edas, El proceso de la civilizaci\u00f3n. Investigaciones sociogen\u00e9ticas y psicogen\u00e9ticas (pp. 482-532). Fondo de Cultura Econ\u00f3mica.","key":"16793"},{"unstructured":"Estrada, F. (2021). \u201cEn la forma del pedir est\u00e1 el dar\u201d: trabajo emocional de personas de poblaci\u00f3n callejera en el metro de la Ciudad de M\u00e9xico [Tesis de maestr\u00eda, Universidad Nacional Aut\u00f3noma de M\u00e9xico]. http:\/\/132.248.9.195\/ptd2021\/abril\/0810593\/Index.html","key":"16794"},{"doi-asserted-by":"crossref","unstructured":"Foucault, M. (1988). El sujeto y el poder. Revista Mexicana de Sociolog\u00eda. 50(3), 3-20 https:\/\/doi.org\/10.2307\/3540551","key":"16795","DOI":"10.2307\/3540551"},{"unstructured":"Fraser, N. (1997). Iustitia Interrupta: Reflexiones cr\u00edticas desde la posici\u00f3n \u201cpostsocialista\u201d. Siglo del Hombre.","key":"16796"},{"doi-asserted-by":"crossref","unstructured":"Gibson-Graham, J. K. (2002). Intervenciones posestructurales. Revista Colombiana de Antropolog\u00eda, 38, 261-286. https:\/\/doi.org\/10.22380\/2539472X.1264","key":"16797","DOI":"10.22380\/2539472X.1264"},{"unstructured":"Giglia, A. (coord.) (2017). Renovaci\u00f3n urbana, modos de habitar y desigualdad en la Ciudad de M\u00e9xico. UAM Iztapalapa.","key":"16798"},{"unstructured":"Jimeno, M. (2004). Crimen pasional. Contribuci\u00f3n a una antropolog\u00eda de las emociones. Universidad Nacional de Colombia.","key":"16799"},{"unstructured":"La Jornada (4 de agosto de 2021). Salen a la luz en CDMX actos de \u2018limpieza social\u2019 contra indigentes. La Jornada. https:\/\/www.jornada.com.mx\/notas\/2021\/08\/04\/capital\/salen-a-la-luz-en-cdmx-actos-de-limpieza-social-contra-indigentes\/","key":"16800"},{"unstructured":"La Prensa (4 de agosto de 2021). Autoridades capitalinas reconocen responsabilidad por criminalizaci\u00f3n y retiros forzados a personas en situaci\u00f3n de calle. La Prensa. https:\/\/www.la-prensa.com.mx\/metropoli\/autoridades-capitalinas-reconocen-responsabilidad-por-criminalizacion-y-retiros-forzados-a-personas-en-situacion-de-calle-7043794.html","key":"16801"},{"unstructured":"La Prensa (3 de septiembre de 2021). Detectan 340 colonias de CDMX con alto nivel de Incidencia delictiva. La Prensa. https:\/\/www.la-prensa.com.mx\/policiaca\/detectan-340-colonias-de-cdmx-con-alto-nivel-de-incidencia-delictiva-7168251.html","key":"16802"},{"unstructured":"La Prensa (15 de noviembre de 2021). Atender\u00e1n a 932 personas en situaci\u00f3n de calle en albergues por \u00e9poca invernal. La Prensa. https:\/\/www.la-prensa.com.mx\/metropoli\/atenderan-a-932-personas-en-situacion-de-calle-en-albergues-por-epoca-invernal-7478692.html","key":"16803"},{"unstructured":"Mart\u00ednez Arellano, I. (2019). El mundo de la trashumancia: los habitantes de las calles en la Ciudad de M\u00e9xico. Cuicuilco, 26(75).","key":"16804"},{"unstructured":"Mart\u00ednez Jim\u00e9nez, M. (2018). \u201cDe la calle fui\u2026\u201d : poblaciones callejeras en la Ciudad de M\u00e9xico [Tesis de maestr\u00eda, Instituto de Investigaciones Dr. Jos\u00e9 Mar\u00eda Luis Mora].","key":"16805"},{"unstructured":"Miller, W. I. (1998). Anatom\u00eda del asco. Santillana.","key":"16806"},{"doi-asserted-by":"crossref","unstructured":"Moreno, M. C. R. (2018). El discurso contra la vagancia y su difusi\u00f3n a trav\u00e9s de los bandos publicados en la Ciudad de M\u00e9xico, 1810-1821. Legajos. Bolet\u00edn del Archivo General de la Naci\u00f3n, (15), 11-34. https:\/\/doi.org\/10.31911\/bagn.2018.8.15.27","key":"16807","DOI":"10.31911\/bagn.2018.8.15.27"},{"unstructured":"Nussbaum, M. (2019). La monarqu\u00eda del miedo: una mirada filos\u00f3fica a la crisis pol\u00edtica actual. Planeta.","key":"16808"},{"unstructured":"Pedraza, Z. (1999). En cuerpo y alma. Visiones del progreso y de la felicidad. Universidad de los Andes.","key":"16809"},{"unstructured":"Pi\u00f1a, L. (2013). Calle y casa. La situaci\u00f3n de calle como fen\u00f3meno de frontera. Puerto Montt, avances para una comprensi\u00f3n desde sus actores [Tesis doctoral, Universidad de Tarapac\u00e1 y Universidad Cat\u00f3lica del Norte].","key":"16810"},{"unstructured":"Programa Derechos Humanos (2016). Cap\u00edtulo 29. Derechos de las poblaciones callejeras. PDH. https:\/\/www.pdh.cdmx.gob.mx\/storage\/app\/media\/capitulos%20pdf\/Capitulo%2029.%20Derechos%20de%20las%20poblaciones%20callejeras.pdf","key":"16811"},{"unstructured":"Reguillo, R. (2008). Sociabilidad, inseguridad y miedos. Una trilog\u00eda para pensar la ciudad contempor\u00e1nea. Alteridades, 18(36), 63-74. https:\/\/www.redalyc.org\/pdf\/747\/74716004006.pdf","key":"16812"},{"unstructured":"Rivera, M. (2022). Revisi\u00f3n cienciom\u00e9trica de las publicaciones sobre habitabilidad en calle en Am\u00e9rica Latina [Tesis de maestr\u00eda, Escuela Nacional de Antropolog\u00eda e Historia].","key":"16813"},{"unstructured":"Rivera, M. (2023). El darwinismo social, la eugenesia y la Ilusi\u00f3n de un Mundo Justo. Documento de trabajo compartido en el Seminario La Vida en Situaci\u00f3n de Calle en Am\u00e9rica Latina.","key":"16814"},{"unstructured":"Rosas Tapia, M. E. (2019). Sobrevivir en el espacio p\u00fablico, poblaci\u00f3n en situaci\u00f3n de calle en el Barrio de la Soledad, Merced, Centro Hist\u00f3rico de la Ciudad de M\u00e9xico (2015-2018) [Tesis de maestr\u00eda, Universidad Nacional Aut\u00f3noma de M\u00e9xico].","key":"16815"},{"unstructured":"Ruiz-Coronel, A. (2013). La velocidad de la muerte. la intervenci\u00f3n institucional con j\u00f3venes en situaci\u00f3n de calle como desaceleraci\u00f3n de la entrop\u00eda [Tesis doctoral, Universidad Nacional Aut\u00f3noma de M\u00e9xico].","key":"16816"},{"unstructured":"Ruiz-Coronel, A. (2017). Criminalizaci\u00f3n de la vida en calle en la Ciudad de M\u00e9xico. En, A. Giglia (coord.), Renovaci\u00f3n urbana, modos de habitar y desigualdad en la Ciudad de M\u00e9xico (pp. 321-352). UAM Iztapalapa.","key":"16817"},{"unstructured":"Ruiz-Coronel, A. (2019). La inclusi\u00f3n de las personas en situaci\u00f3n de calle como una oportunidad para el ejercicio de ciudadan\u00eda. En J. L. Garc\u00eda Torres Pineda (ed.), Serie Inclusive 4. Personas en situaci\u00f3n de calle (pp. 67-108). Instituto Electoral de la Ciudad de M\u00e9xico.","key":"16818"},{"unstructured":"Ruiz-Coronel, A. y Rojas, G. (2022). Los derechos humanos de las personas en situaci\u00f3n de calle en la Constituci\u00f3n Pol\u00edtica de la Ciudad de M\u00e9xico. \u00bfOx\u00edmoron jur\u00eddico o instrumento de gobernanza moderna? En, Laura B. Montes de Oca Barrera, L. E. Mart\u00ednez Salvador (Comps.), Caminos de la gobernanza en M\u00e9xico: avances, pausas, obst\u00e1culos y retrocesos (pp. 235-265). IIS, UNAM.","key":"16819"},{"unstructured":"Ruiz-Coronel, A. y Rivera, M. (2023). El consumo cr\u00f3nico de solventes inhalables por personas en situaci\u00f3n de calle en la Ciudad de M\u00e9xico. En A. Ruiz-Coronel (coord.), La Vida en Situaci\u00f3n de Calle en Am\u00e9rica Latina. El consumo de sustancias psicoactivas (pp. 33-64). Altres Costa-Amic Editores, Consejo Mexicano De Ciencias Sociales (COMECSO).","key":"16820"},{"unstructured":"Sabido, O. A. (2007). Emociones que hieren. El asco y el desprecio en el mundo contempor\u00e1neo [Ponencia]. x. XXVI Congreso de la Asociaci\u00f3n Latinoamericana de Sociolog\u00eda. Asociaci\u00f3n Latinoamericana de Sociolog\u00eda, Guadalajara. https:\/\/www.aacademica.org\/000-066\/1828","key":"16821"},{"unstructured":"Saucedo, I. A. y Taracena-Ruiz, B. (2011). Habitar la calle: pasos hacia una ciudadan\u00eda a partir de este espacio. Revista Latinoamericana de Ciencias Sociales, Ni\u00f1ez y Juventud, 9(1).","key":"16822"},{"doi-asserted-by":"crossref","unstructured":"Shoshan, N. (2017). El manejo del odio. Naci\u00f3n, afecto y gobernanza de la derecha extrema en Alemania. El Colegio de M\u00e9xico. https:\/\/doi.org\/10.2307\/j.ctv8j6k5","key":"16823","DOI":"10.2307\/j.ctv8j6k5"},{"unstructured":"SIBISO [@CDMX_SIBISO, 4 de enero de 2023]. Brigadistas de #SIBISO entregan diariamente cenas calientes, cobijas y kits de invierno a personas en situaci\u00f3n de calle; tambi\u00e9n cuentan con transporte para trasladarlos a la red de albergues si as\u00ed lo requieren. #BienestarEnTemporadaInvernal #BienestarSocial Claudiasheibaum. [Tweet]. Twitter https:\/\/twitter.com\/CDMX_SIBISO\/status\/1610713116089933824","key":"16824"},{"unstructured":"SIBISO [@CDMX_SIBISO, 21 de enero de 2023]. Brigadistas de #SIBISO contin\u00faan brindando cenas calientes, cobijas y kits de invierno a personas en situaci\u00f3n de calle; tambi\u00e9n cuentan con transporte para trasladarlos a la red de albergues si as\u00ed lo desean. [Tweet]. Twitter https:\/\/twitter.com\/CDMX_SIBISO\/status\/1616996948984356864","key":"16825"},{"unstructured":"SIBISO [(@CDMX_SIBISO, 27 de enero de 2023]. Durante la \u00e9poca de fr\u00edo el @GobCDMX abriga a quienes menos tienen. A trav\u00e9s de #SIBISO se entregan cenas calientes, cobijas y kits de invierno en toda la Ciudad, como en la Plaza la Concepci\u00f3n en el Centro Hist\u00f3rico. #CiudadDeDerechos #BienestarSocial @Claudiashein. [Tweet]. Twitter https:\/\/twitter.com\/CDMX_SIBISO\/status\/1619113310187814913","key":"16826"},{"doi-asserted-by":"crossref","unstructured":"Su\u00e1rez, C. (2017). Estigma, communitas y modos de correcci\u00f3n para los habitantes de la calle en Bogot\u00e1 (2000-2010). Sociedad y Econom\u00eda, (32), 195-216. https:\/\/doi.org\/10.25100\/sye.v0i32.3884","key":"16827","DOI":"10.25100\/sye.v0i32.3884"},{"unstructured":"Telediario (22 de septiembre de 2021). Abandonados y en el olvido; as\u00ed viven indigentes en la CDMX. Telediario. https:\/\/www.telediario.mx\/local\/abandonados-y-en-el-olvido-asi-viven-indigentes-en-la-cdmx","key":"16828"},{"doi-asserted-by":"crossref","unstructured":"Xelhuantzi Santill\u00e1n, R. I. y Flores Palacios, F. (2014). Ni\u00f1o de calle: representaci\u00f3n social del concepto en Guadalajara y Ciudad de M\u00e9xico. Psicolog\u00eda Iberoamericana, 22(2). https:\/\/doi.org\/10.48102\/pi.v22i2.68","key":"16829","DOI":"10.48102\/pi.v22i2.68"},{"unstructured":"Fuentes primarias","key":"16830"},{"unstructured":"Gaceta Oficial de la Ciudad de M\u00e9xico (GOCDMX). (2016). Protocolo Interinstitucional de Atenci\u00f3n Integral a Personas en Riesgo de Vivir en Calle e Integrantes de las Poblaciones Callejeras en la Ciudad de M\u00e9xico. GOCDMX. https:\/\/data.consejeria.cdmx.gob.mx\/portal_old\/uploads\/gacetas\/15d36b2d877c42f428792695bdf9d5fb.pdf","key":"16831"},{"unstructured":"Gaceta Oficial de la Ciudad de M\u00e9xico (GOCDMX). (2020). Protocolo Interinstitucional de Atenci\u00f3n Integral a Personas en Situaci\u00f3n de Calle en la Ciudad de M\u00e9xico. GOCDMX. https:\/\/sibiso.cdmx.gob.mx\/secretaria\/lineamientos-protocolos-y-manuales\/protocolo-de-atencion-integral-personas-en-situacion-de-calle","key":"16832"},{"unstructured":"Ley para la Atenci\u00f3n Integral del Consumo de Sustancias Psicoactivas del Distrito Federal. 29 de diciembre de 2010. http:\/\/www.aldf.gob.mx\/archivo-04e808384e4629be6f9651dd34ff6c54.pdf","key":"16833"},{"unstructured":"Ley de Cultura C\u00edvica de la Ciudad de M\u00e9xico. 15 de junio de 2022. GOCDMX. https:\/\/www.congresocdmx.gob.mx\/media\/documentos\/49a0a80ee030f12d0f797c671da2918e508f30cb.pdf","key":"16834"}],"container-title":["Nova et Vetera"],"link":[{"URL":"https:\/\/revistas.esap.edu.co\/index.php\/novaetvetera\/article\/download\/1096\/786","content-type":"application\/pdf","content-version":"vor","intended-application":"text-mining"},{"URL":"https:\/\/revistas.esap.edu.co\/index.php\/novaetvetera\/article\/download\/1096\/786","content-type":"unspecified","content-version":"vor","intended-application":"similarity-checking"}],"deposited":{"date-parts":[[2025,12,31]],"date-time":"2025-12-31T20:19:25Z","timestamp":1767212365000},"score":0.0,"resource":{"primary":{"URL":"https:\/\/revistas.esap.edu.co\/index.php\/novaetvetera\/article\/view\/1096"}},"issued":{"date-parts":[[2024,12,11]]},"references-count":53,"journal-issue":{"issue":"33","published-online":{"date-parts":[[2024,4,30]]}},"URL":"https:\/\/doi.org\/10.22431\/25005103.1096","ISSN":["2500-5103","0123-2614"],"issn-type":[{"type":"electronic","value":"2500-5103"},{"type":"print","value":"0123-2614"}],"published":{"date-parts":[[2024,12,11]]}},{"indexed":{"date-parts":[[2023,1,15]],"date-time":"2023-01-15T06:13:40Z","timestamp":1673763220377},"reference-count":22,"publisher":"Escuela Superior de Administracion Publica","issue":"2","license":[{"start":{"date-parts":[[2020,12,31]],"date-time":"2020-12-31T00:00:00Z","timestamp":1609372800000},"content-version":"unspecified","delay-in-days":0,"URL":"http:\/\/creativecommons.org\/licenses\/by-nc-nd\/4.0"}],"content-domain":{"domain":[],"crossmark-restriction":false},"short-container-title":["Adm. Desarro."],"abstract":"<jats:p>Las necesidades en los servicios de Acueducto, Alcantarillado y Aseo (en adelante AAA) en una ciudad en expansi\u00f3n requieren de acciones concretas, planificadas y desarrolladas no solo desde la perspectiva t\u00e9cnica y econ\u00f3mica, sino que tambi\u00e9n requieren de una participaci\u00f3n activa de las comunidades y de los actores involucrados. Uno de los elementos clave radica en la adecuada formulaci\u00f3n de pol\u00edticas p\u00fablicas que den prioridad a la voz de las personas en los territorios y las entidades que lideran el an\u00e1lisis, desarrollo y prestaci\u00f3n de los servicios de AAA.Las pol\u00edticas p\u00fablicas y los instrumentos relacionados han venido avanzando desde la perspectiva conceptual, y en ese marco, una perspectiva denominada Policy misse abre camino la cual ha sido compilada por Rogge y Reichardt (2016) como metodolog\u00eda para las transiciones hacia la sostenibilidad que involucran aspectos desde el medio ambiente, la sostenibilidad, la econom\u00eda circular y conceptos m\u00e1s recientes como la innovaci\u00f3n frugal.El presente art\u00edculo comprende elementos metodol\u00f3gicos constitutivos desde el diagn\u00f3stico t\u00e9cnico- participativo como insumo para la construcci\u00f3n de una pol\u00edtica p\u00fablica sectorial en AAA (en adelante PPSAAA) para el Municipio de Medell\u00edn (Colombia), basado en conceptos que superan su formulaci\u00f3n lineal.<\/jats:p>","DOI":"10.22431\/25005227.vol50n2.6","type":"journal-article","created":{"date-parts":[[2021,11,7]],"date-time":"2021-11-07T20:52:27Z","timestamp":1636318347000},"page":"89-107","source":"Crossref","is-referenced-by-count":0,"title":["Elementos para el diagn\u00f3stico e insumos para una pol\u00edtica p\u00fablica sectorial: el caso de acueducto, alcantarillado y aseo en Medell\u00edn"],"prefix":"10.22431","volume":"50","author":[{"given":"Carlos Mario","family":"Correa Cadavid","sequence":"first","affiliation":[],"role":[{"role":"author","vocabulary":"crossref"}]},{"given":"Jazm\u00edn Andrea","family":"Gallego Casta\u00f1o","sequence":"additional","affiliation":[],"role":[{"role":"author","vocabulary":"crossref"}]},{"given":"Juan Guillermo","family":"Monroy Herrera","sequence":"additional","affiliation":[],"role":[{"role":"author","vocabulary":"crossref"}]},{"given":"Dora In\u00e9s","family":"Vivanco Julio","sequence":"additional","affiliation":[],"role":[{"role":"author","vocabulary":"crossref"}]}],"member":"9723","published-online":{"date-parts":[[2020,12,31]]},"reference":[{"key":"100","unstructured":"Alcald\u00eda de Medell\u00edn. (2014 a). Pol\u00edticas P\u00fablicas Poblacionales para la Vida y la Equidad. Disponible en https:\/\/www.medellin.gov.co\/irj\/go\/km\/docs\/pccdesign\/SubportaldelCiudadano_2\/PlandeDesarrollo_0_17\/Publicaciones\/Shared%20Content\/Documentos\/2015\/LIBRO%20-%20POLITICAS%20POBLACIONALES%20digital%20media.pdf"},{"key":"101","unstructured":"Alcald\u00eda de Medell\u00edn. (2014 b). Propuesta para la gesti\u00f3n integral de la biodiversidad y los servicios ecosist\u00e9micos de Medell\u00edn. https:\/\/www.medellin.gov.co\/MapGIS\/BIO\/Eventos\/16\/Libro%20BIODIVERSIDAD%2006-10-14%20(1).pdf"},{"key":"102","unstructured":"Banco Interamericano de Desarrollo. (2020). Divisi\u00f3n de vivienda y desarrollo urbano BID Washington DC: https:\/\/www.iadb.org\/es\/desarrollo-urbano-y-vivienda\/vivienda-y-desarrollo-urbano"},{"key":"103","doi-asserted-by":"crossref","unstructured":"Bauwens, T., Hekkert, M., Kirchherr, J. (2020). Circular futures: What Will They Look Like?.Ecological Economics, 2020, vol. 175, issue C. https:\/\/econpapers.repec.org\/article\/eeeecolec\/v_3a175_3ay_3a2020_3ai_3ac_3as092180091931972x.htm","DOI":"10.1016\/j.ecolecon.2020.106703"},{"key":"104","unstructured":"Centro de Estudios Regionales Cafeteros y Empresariales. (2017). Productividad de la tierra y rendimiento del sector agropecuario medido a trav\u00e9s de los indicadores de crecimiento verde en el marco de la misi\u00f3n de crecimiento verde en Colombia. https:\/\/www.dnp.gov.co\/Crecimiento-Verde\/Documents\/ejes-tematicos\/Suelo\/Informe%201%20Productividad%20tierra%20Ajustado%20VF.pdf"},{"key":"105","unstructured":"DNP (2016 a). CONPES 3874, Pol\u00edtica Nacional para la Gesti\u00f3n Integral de Residuos S\u00f3lidos. Bogot\u00e1, D.C. https:\/\/colaboracion.dnp.gov.co\/CDT\/Conpes\/Econ%C3%B-3micos\/3874.pdf"},{"key":"106","unstructured":"DNP. (2016 b). Documento Final Crecimiento verde para Colombia. https:\/\/www.dnp.gov.co\/Crecimiento-Verde\/Documents\/diagnostico\/Documento%20Final%20Crecimiento%20verde%20para%20Colombia.pdf"},{"key":"107","unstructured":"DNP. (2017). Estudio Paralelo. Proyecto Piloto: An\u00e1lisis de impacto normativo: Ahorro en el uso de agua potable. Disponible en https:\/\/www.cra.gov.co\/documents\/Consumo-Suntuario.pdf"},{"key":"108","unstructured":"DNP. (2020). Crecimiento verde para Colombia: elementos conceptuales y experiencias internacionales. https:\/\/www.dnp.gov.co\/Crecimiento-Verde\/Documents\/diagnostico\/Documento%20Final%20Crecimiento%20verde%20para%20Colombia.pdf"},{"key":"109","doi-asserted-by":"crossref","unstructured":"Geissdoerfer, M., Savaget, P., Bocken, n., Hultink, E. (2017). The Circular Economy \u2013 A new sustainability paradigm?.Journal of Cleaner Production.Volume 143, 1 February 2017, Pages 757-768. https:\/\/www.sciencedirect.com\/science\/article\/abs\/pii\/S0959652616321023#!","DOI":"10.1016\/j.jclepro.2016.12.048"},{"key":"110","unstructured":"Instituto de Hidrolog\u00eda, Meteorolog\u00eda y Estudios Ambientales \u2013IDEAM. (s.f.). \u00cdndice de precipitaci\u00f3n mensual por a\u00f1o. http:\/\/www.ideam.gov.co\/web\/tiempo-y-clima\/anomalia-de-la-precipitacion-mensual-por-ano"},{"key":"111","doi-asserted-by":"crossref","unstructured":"Kirchherr, J., Piscicelli, L., Bour, R., Kostense, E., Muller, J., Huibrechtse, A., Hekkert, M (2018). Barriers to the Circular Economy: Evidence From the European Union (EU). Ecological Economics Volume 150, August 2018, Pages 264-272. https:\/\/www.sciencedirect.com\/science\/article\/abs\/pii\/S0921800917317573#!","DOI":"10.1016\/j.ecolecon.2018.04.028"},{"key":"112","unstructured":"Medell\u00edn c\u00f3mo vamos. (2018). Informe de calidad de vida 2018 vivienda y servicios p\u00fablicos. https:\/\/www.medellincomovamos.org\/informe-de-calidad-de-vida-de-medellin-2018"},{"key":"113","unstructured":"Ministerio de ambiente. (2019). Minambiente firm\u00f3 acuerdo con las empresas de servicios p\u00fablicos y comunicaciones para que implementen la Econom\u00eda Circular.https:\/\/www.minambiente.gov.co\/index.php\/noticias\/4518-minambiente-firmo-acuerdo-con-las-empresas-de-servicios-publicos-y-comunicaciones-para-que-implementen-la-economia-circular"},{"key":"114","unstructured":"Ministerio de Medio Ambiente. Metas de la estrategia nacional de econom\u00eda circular - ENEC (2020).https:\/\/www.dnp.gov.co\/Crecimiento-Verde\/Documents\/Comite%20Sostenibilidad\/Presentaciones\/Sesi%-C3%B3n%202\/1_Metas_Estrategia_Nacional_Economia_circular.pdf"},{"key":"115","unstructured":"Organizaci\u00f3n para la Cooperaci\u00f3n y el Desarrollo Econ\u00f3micos \u2013OCDE-. (2011) Towards Green Growth, OECD Green Growth Studies: OECD Publishing, Par\u00eds. https:\/\/www.oecd-ilibrary.org\/environment\/towards-green-growth_9789264111318-en"},{"key":"116","unstructured":"Organizaci\u00f3n para la Cooperaci\u00f3n y el Desarrollo Econ\u00f3micos y Comisi\u00f3n Econ\u00f3mica para Am\u00e9rica Latina y el Caribe. Evaluaciones del desempe\u00f1o ambiental: Colombia (2014) ed. Santiago de Chile: OECD\/ECLAC. https:\/\/www.oecd.org\/environment\/country-reviews\/Colombia%20Highlights%20spanish%20web.pdf"},{"key":"117","unstructured":"Organizaci\u00f3n de las Naciones Unidas; H\u00e1bitat (2016). Conferencia de las Naciones Unidas sobre Vivienda y desarrollo urbano sostenible."},{"key":"118","unstructured":"Organizaci\u00f3n de las Naciones Unidas. (2015). Objetivos para el desarrollo. https:\/\/www.un.org\/sustainabledevelopment\/es\/sustainable-development-goals\/"},{"key":"119","unstructured":"Organizaci\u00f3n de las Naciones Unidas. (2015). Objetivos 6: Agua limpia y saneamiento. https:\/\/www.undp.org\/content\/undp\/es\/home\/sustainable-development-goals\/goal-6-clean-water-and-sanitation.html"},{"key":"120","unstructured":"Rogge, K., Reichardt, k. (2016). Combinaciones de pol\u00edticas para las transiciones de sostenibilidad: un concepto ampliado y un marco para el an\u00e1lisis. Investigaci\u00f3n Pol\u00edtica 45 (2016) 1620\u20131635."},{"key":"121","unstructured":"Roth, A (2016). Pol\u00edticas p\u00fablicas: formulaci\u00f3n, implementaci\u00f3n y evaluaci\u00f3n. Ediciones Aurora. https:\/\/repositorio.uasb.edu.ec\/bitstream\/10644\/6929\/1\/13-Rese%C3%B1as.pdf"}],"container-title":["Administraci\u00f3n y Desarrollo"],"link":[{"URL":"https:\/\/revistas.esap.edu.co\/index.php\/admindesarro\/article\/download\/524\/484","content-type":"application\/pdf","content-version":"vor","intended-application":"text-mining"},{"URL":"https:\/\/revistas.esap.edu.co\/index.php\/admindesarro\/article\/download\/524\/484","content-type":"unspecified","content-version":"vor","intended-application":"similarity-checking"}],"deposited":{"date-parts":[[2023,1,14]],"date-time":"2023-01-14T16:38:23Z","timestamp":1673714303000},"score":0.0,"resource":{"primary":{"URL":"https:\/\/revistas.esap.edu.co\/index.php\/admindesarro\/article\/view\/524"}},"issued":{"date-parts":[[2020,12,31]]},"references-count":22,"journal-issue":{"issue":"2","published-online":{"date-parts":[[2020,12,31]]}},"URL":"https:\/\/doi.org\/10.22431\/25005227.vol50n2.6","ISSN":["2500-5227","0120-3754"],"issn-type":[{"value":"2500-5227","type":"electronic"},{"value":"0120-3754","type":"print"}],"published":{"date-parts":[[2020,12,31]]}},{"indexed":{"date-parts":[[2022,4,5]],"date-time":"2022-04-05T10:48:32Z","timestamp":1649155712340},"reference-count":24,"publisher":"Escuela Superior de Administracion Publica","issue":"2","license":[{"start":{"date-parts":[[2018,12,1]],"date-time":"2018-12-01T00:00:00Z","timestamp":1543622400000},"content-version":"unspecified","delay-in-days":0,"URL":"http:\/\/creativecommons.org\/licenses\/by-nc-nd\/4.0"}],"content-domain":{"domain":[],"crossmark-restriction":false},"short-container-title":["Adm. Desarro."],"abstract":"<jats:p>Desde lo nacional a lo territorial, al margen de la evidente desconcentraci\u00f3n de funciones, , ocurrida en las \u00faltimas tres d\u00e9cadas, el reto de la descentralizaci\u00f3n en Colombia a\u00fan no logra sus m\u00e1ximos rendimientos institucionales, financieros y sociales, ni tampoco es eficaz en el cierre de brechas sociales y reducci\u00f3n de asimetr\u00edas urbano-rurales. Este art\u00edculo se propone analizar el panorama actual de la planificaci\u00f3n del desarrollo regional en Colombia debatido y puesto sobre la mesa en el Plan Nacional de Desarrollo 2018- 2022, a partir de las recomendaciones de la OCDE y los ODS, como un inmejorable escenario para analizar c\u00f3mo podr\u00eda darse la gobernabilidad, cooperaci\u00f3n territorial, la institucionalizaci\u00f3n y el dinamismo de regiones competitivas frente a los retos del siglo XXI.<\/jats:p>","DOI":"10.22431\/25005227.vol48n2.4","type":"journal-article","created":{"date-parts":[[2021,11,7]],"date-time":"2021-11-07T20:52:27Z","timestamp":1636318347000},"page":"107-128","source":"Crossref","is-referenced-by-count":0,"title":["La planificaci\u00f3n del desarrollo territorial y la creaci\u00f3n de regiones funcionales: un esquema para la materializaci\u00f3n de la descentralizaci\u00f3n asim\u00e9trica en Colombia"],"prefix":"10.22431","volume":"48","author":[{"given":"\u00c1lvaro Jos\u00e9","family":"Benedetti Ar\u00e9valo","sequence":"first","affiliation":[],"role":[{"role":"author","vocabulary":"crossref"}]},{"given":"Jos\u00e9 Santiago","family":"Arroyo Mina","sequence":"additional","affiliation":[],"role":[{"role":"author","vocabulary":"crossref"}]}],"member":"9723","published-online":{"date-parts":[[2018,12,1]]},"reference":[{"key":"459","unstructured":"Bozeman, B. (1998). Todas las organizaciones son p\u00fablicas. M\u00e9xico: Fondo de Cultura Econ\u00f3mica."},{"key":"460","unstructured":"Delgadillo, J. y Torres, F. (2008) Introducci\u00f3n; Dimensiones multicausales del ordenamiento territorial en Delgadillo, J. (coordinador, 2008) Pol\u00edtica territorial en M\u00e9xico; Hacia un modelo de desarrollo basado en el territorio. Plaza y Valdez, Editores, M\u00e9xico. PNUD (2016)"},{"key":"461","unstructured":"Departamento Nacional de Planeaci\u00f3n \u2013 DNP- (2019). Plan Nacional de Desarrollo 2018-2022 \u201cPacto por Colombia, pacto por la equidad\u201d. Disponible en: https:\/\/colaboracion.dnp.gov.co\/CDT\/Prensa\/BasesPND2018-2022n.pdf"},{"key":"462","unstructured":"Drucker, P. (1986). Administraci\u00f3n por resultados. La era de la discontinuidad: las Pautas a Nuestra Sociedad Cambiante. USA."},{"key":"463","unstructured":"Germani, G. (1968), Pol\u00edtica y sociedad en una \u00e9poca de transici\u00f3n, Buenos Aires: Paid\u00f3s."},{"key":"464","unstructured":"Guti\u00e9rrez, E. (2007). De las teor\u00edas del desarrollo al desarrollo sustentable. Historia de la construcci\u00f3n de un enfoque multidisciplinario. Revista Trayectorias, vol. IX, n\u00fam. 25, septiembre-diciembre, 2007, pp. 45-60. Universidad Aut\u00f3noma de Nuevo Le\u00f3n, M\u00e9xico."},{"key":"465","doi-asserted-by":"crossref","unstructured":"Hausmann, R. and Rodrik, D. (2003). Economic development as self-discovery. Journal of Development Economics, Vol. 72 (2). Disponible en: https:\/\/doi.org\/10.1016\/S0304-3878(03)00124-X","DOI":"10.1016\/S0304-3878(03)00124-X"},{"key":"466","unstructured":"Hirschman, A. 1958. The Strategy of Economic Development. New Haven, Conn.: Yale University press."},{"key":"467","unstructured":"Krugman, P. (1994). The Fall and Rise of Development Economics. Disponible en: http:\/\/web.mit.edu\/krugman\/www\/"},{"key":"468","unstructured":"Lewis, A. (1960). Desarrollo econ\u00f3mico con oferta ilimitada de mano de obra. El trimestre econ\u00f3mico, vol. 27(4), n\u00fam. 108, M\u00e9xico: Fondo de Cultura Econ\u00f3mica."},{"key":"469","unstructured":"L\u00f3pez, C. (2016). Adi\u00f3s a las FARC \u00bfY ahora qu\u00e9? Debate, Bogot\u00e1."},{"key":"470","unstructured":"Margulis, M. (1970), Migraci\u00f3n y marginalidad en la sociedad argentina, Buenos Aires: Paid\u00f3s."},{"key":"471","unstructured":"Moore, M. (1995). Gesti\u00f3n estrat\u00e9gica y creaci\u00f3n de valor en el sector p\u00fablico. Barcelona. Espa\u00f1a: Ediciones Paid\u00f3s Ib\u00e9rica."},{"key":"472","doi-asserted-by":"crossref","unstructured":"Nieth, L. (2019). Understanding the strategic \u2018black hole\u2019 in regional innovation coalitions: reflections from the Twente region, eastern Netherlands, Regional Studies, Regional Science, 6:1, 203-216, https:\/\/10.1080\/21681376.2019.1578259","DOI":"10.1080\/21681376.2019.1578259"},{"key":"473","unstructured":"Nun, J. (1972), \u201cMarginalidad y otras cuestiones\u201d, en Revista Latinoamericana de Ciencias Sociales, n\u00fam. 4, Santiago de Chile."},{"key":"474","unstructured":"OECD (2019), Asymmetric decentralisation: Policy implications in Colombia, Multi-Level Governance Studies, OECD Publishing, Paris. http:\/\/www.oecd.org\/countries\/colombia\/Asymmetric_decentralisation_Colombia.pdf"},{"key":"475","doi-asserted-by":"crossref","unstructured":"OECD\/UN\/UNIDO (2019), Production Transformation Policy Review of Colombia: Unleashing Productivity, OECD Development Pathways, OECD Publishing, Paris. https:\/\/doi.org\/10.1787\/9789264312289-en","DOI":"10.1787\/9789264312289-en"},{"key":"476","doi-asserted-by":"crossref","unstructured":"OECD (2017), Estudio de la OCDE sobre integridad en Colombia: Invirtiendo en integridad p\u00fablica para afianzar la paz y el desarrollo, Estudios de la OCDE sobre Gobernanza P\u00fablica, OECD Publishing, Paris, https:\/\/doi.org\/10.1787\/9789264278646-es.","DOI":"10.1787\/9789264278646-es"},{"key":"477","doi-asserted-by":"crossref","unstructured":"OECD (2016), Regions at a Glance 2016, OECD Publishing, Paris. https:\/\/doi.org\/10.1787\/reg_glance-2016-en","DOI":"10.1787\/reg_glance-2016-en"},{"key":"478","doi-asserted-by":"crossref","unstructured":"Porter, M. (1990). The Competitive Advantage of Nations. Free Press, New York.","DOI":"10.1007\/978-1-349-11336-1"},{"key":"479","unstructured":"Putnam, R. (2001). \u201cEl Capital Social: Medici\u00f3n y Consecuencias\u201d Isuma: Canadian Journal of Pol\u00edtica de Investigaci\u00f3n 2 (primavera de 2001)."},{"key":"480","unstructured":"Quijano, A. (1966), Notas sobre el concepto de marginalidad social, Santiago de Chile: CEPAL."},{"key":"481","unstructured":"Rami\u00f3 Matas, C. (2001). Los problemas de la implantaci\u00f3n de la nueva gesti\u00f3n p\u00fablica en las administraciones p\u00fablicas latinas: Modelos de Estado y cultura institucional. CLAD."},{"key":"482","unstructured":"Salazar, J. (2012). Fortalecimiento del Sistema de Ciudades. Departamento Nacional de Planeaci\u00f3n. Bogot\u00e1, https:\/\/colaboracion.dnp.gov.co\/CDT\/Vivienda%20Agua%20y%20Desarrollo%20Urbano\/Instrumentos%20de%20Planificaci%C3%B3n%20%E2%80%93%20Jos%C3%A9%20Salazar.pdf"}],"container-title":["Administraci\u00f3n y Desarrollo"],"link":[{"URL":"https:\/\/revistas.esap.edu.co\/index.php\/admindesarro\/article\/download\/539\/497","content-type":"application\/pdf","content-version":"vor","intended-application":"text-mining"},{"URL":"https:\/\/revistas.esap.edu.co\/index.php\/admindesarro\/article\/download\/539\/497","content-type":"unspecified","content-version":"vor","intended-application":"similarity-checking"}],"deposited":{"date-parts":[[2021,11,7]],"date-time":"2021-11-07T20:58:11Z","timestamp":1636318691000},"score":0.0,"resource":{"primary":{"URL":"https:\/\/revistas.esap.edu.co\/index.php\/admindesarro\/article\/view\/539"}},"issued":{"date-parts":[[2018,12,1]]},"references-count":24,"journal-issue":{"issue":"2","published-online":{"date-parts":[[2018,12,31]]}},"URL":"https:\/\/doi.org\/10.22431\/25005227.vol48n2.4","ISSN":["2500-5227","0120-3754"],"issn-type":[{"value":"2500-5227","type":"electronic"},{"value":"0120-3754","type":"print"}],"published":{"date-parts":[[2018,12,1]]}},{"indexed":{"date-parts":[[2022,4,3]],"date-time":"2022-04-03T12:38:05Z","timestamp":1648989485407},"reference-count":0,"publisher":"Escuela Superior de Administracion Publica","issue":"55","license":[{"start":{"date-parts":[[2012,6,15]],"date-time":"2012-06-15T00:00:00Z","timestamp":1339718400000},"content-version":"unspecified","delay-in-days":0,"URL":"http:\/\/creativecommons.org\/licenses\/by-nc-nd\/4.0"}],"content-domain":{"domain":[],"crossmark-restriction":false},"short-container-title":["Adm. Desarro."],"abstract":"<jats:p>.<\/jats:p>","DOI":"10.22431\/25005227.359","type":"journal-article","created":{"date-parts":[[2017,7,5]],"date-time":"2017-07-05T16:06:06Z","timestamp":1499270766000},"page":"114-116","source":"Crossref","is-referenced-by-count":0,"title":["La pasi\u00f3n por lo p\u00fablico"],"prefix":"10.22431","volume":"40","author":[{"given":"Miguel","family":"Borja","sequence":"first","affiliation":[],"role":[{"role":"author","vocabulary":"crossref"}]}],"member":"9723","published-online":{"date-parts":[[2012,6,15]]},"container-title":["Administraci\u00f3n &amp; Desarrollo"],"link":[{"URL":"https:\/\/revistas.esap.edu.co\/index.php\/admindesarro\/article\/download\/359\/pdf","content-type":"application\/pdf","content-version":"vor","intended-application":"text-mining"},{"URL":"https:\/\/revistas.esap.edu.co\/index.php\/admindesarro\/article\/download\/359\/pdf","content-type":"unspecified","content-version":"vor","intended-application":"similarity-checking"}],"deposited":{"date-parts":[[2021,11,12]],"date-time":"2021-11-12T19:12:10Z","timestamp":1636744330000},"score":0.0,"resource":{"primary":{"URL":"https:\/\/revistas.esap.edu.co\/index.php\/admindesarro\/article\/view\/359"}},"issued":{"date-parts":[[2012,6,15]]},"references-count":0,"journal-issue":{"issue":"55","published-online":{"date-parts":[[2012,6,15]]}},"URL":"https:\/\/doi.org\/10.22431\/25005227.359","ISSN":["2500-5227","0120-3754"],"issn-type":[{"value":"2500-5227","type":"electronic"},{"value":"0120-3754","type":"print"}],"published":{"date-parts":[[2012,6,15]]}},{"indexed":{"date-parts":[[2024,3,18]],"date-time":"2024-03-18T17:24:33Z","timestamp":1710782673827},"reference-count":25,"publisher":"Escuela Superior de Administracion Publica","issue":"2","license":[{"start":{"date-parts":[[2020,12,31]],"date-time":"2020-12-31T00:00:00Z","timestamp":1609372800000},"content-version":"unspecified","delay-in-days":0,"URL":"http:\/\/creativecommons.org\/licenses\/by-nc-nd\/4.0"}],"content-domain":{"domain":[],"crossmark-restriction":false},"short-container-title":["Adm. Desarro."],"abstract":"<jats:p>Mediante el trabajo con la estrategia intersectorial e interinstitucional se pretendeinstaurar los lineamientos t\u00e9cnicos y operativos del programa nacional de prevenci\u00f3n y control de tuberculosis, con la participaci\u00f3n de la comunidad de una manera consciente y donde se tenga la intervenci\u00f3n social que le permita a los ciudadanos y las comunidades territoriales reconocerse como los actores claves y estrat\u00e9gicos del proyecto y que, a partir de intereses y demandas comunes, se puedan ejecutar colectivamente y obtener oportunidades de beneficios en general.Con la participaci\u00f3n social y comunitaria y la institucionalidad se busca ver otras posibilidades de enfrentar las necesidades y las pr\u00e1cticas sociales con miras en generar nuevas y mejores condiciones de vida para una poblaci\u00f3n dentro de los territorios. La participaci\u00f3n ciudadana es un asunto de inter\u00e9s y motivaciones, de valores, pr\u00e1cticas y actitudes individuales y colectivas que van a aportar much\u00edsimo a lo que se quiere lograr con la estrategia intersectorial, trabajando en conjunto la transformaci\u00f3n y evaluaci\u00f3n de las posibles soluciones en los municipios priorizados y en general en todos los territorios del departamento de Antioquia para promover la participaci\u00f3n de todos los actores involucrados y aplicar las acciones de lucha contra la TB, para lograr con el trabajo mancomunado poner fin a estas enfermedades en la poblaci\u00f3n.<\/jats:p>","DOI":"10.22431\/25005227.vol50n2.5","type":"journal-article","created":{"date-parts":[[2021,11,7]],"date-time":"2021-11-07T20:52:27Z","timestamp":1636318347000},"page":"67-88","source":"Crossref","is-referenced-by-count":1,"title":["Dise\u00f1o de la estrategia intersectorial e interinstitucional para la prevenci\u00f3n de la TB"],"prefix":"10.22431","volume":"50","author":[{"given":"Carlos Augusto","family":"Arboleda Jaramillo","sequence":"first","affiliation":[],"role":[{"role":"author","vocabulary":"crossref"}]},{"given":"Sergio Andr\u00e9s","family":"\u00c1lvarez Granados","sequence":"additional","affiliation":[],"role":[{"role":"author","vocabulary":"crossref"}]},{"given":"Susana","family":"\u00c1lvarez Higuita","sequence":"additional","affiliation":[],"role":[{"role":"author","vocabulary":"crossref"}]}],"member":"9723","published-online":{"date-parts":[[2020,12,31]]},"reference":[{"key":"75","unstructured":"Aldasoro, E. (2012). Acci\u00f3n intersectorial en Salud: Estrategias, experiencias y buenas pr\u00e1cticas. Disponible en https:\/\/www.euskadi.eus\/contenidos\/informacion\/accion_intersectorial_salud\/es_def\/adjuntos\/Accion-intersectorial-salud.pdf"},{"key":"76","unstructured":"Ander-Egg, E. (2003). M\u00e9todos y t\u00e9cnicas de investigaci\u00f3n Social IV: t\u00e9cnicas para la recogida de datos e informaci\u00f3n. Buenos Aires: Lumen."},{"key":"77","unstructured":"Arboleda Jaramillo, C. A. et al. (2018). Las metodolog\u00edas participativas, una estrategia para construir y comprender la innovaci\u00f3n social: un recorrido por el programa \u201cInnovantioquia, Juventud Antioque\u00f1a Piensa en Grande\u201d. Medell\u00edn: Corporaci\u00f3n Ciudadan\u00eda Activa. 103 p."},{"key":"78","unstructured":"Barbas, A. (2012). Educomunicaci\u00f3n: Desarrollo, enfoques y desaf\u00edos en un mundo interconectado. Foro de Educaci\u00f3n, 14, 157-175."},{"key":"79","doi-asserted-by":"crossref","unstructured":"Blomqvist, K., Hurmelinna, P. & Sepp\u00e4nen, R. (2005). Playing the collaboration game right - balancing trust and contracting. Technovation, 25 (5), 497-504.","DOI":"10.1016\/j.technovation.2004.09.001"},{"key":"80","unstructured":"Bunge, M. (1972). Teor\u00eda y realidad. Barcelona: Ariel."},{"key":"81","doi-asserted-by":"crossref","unstructured":"Butterfoss FD, Goodman RM, Wandersman A. Community coalitions for prevention and health promotion: factors predicting satisfaction, participation and planning. Health Education Quarterly, 23 (1), 65-79","DOI":"10.1177\/109019819602300105"},{"key":"82","unstructured":"Castro, E. (2011). El paradigma latinoamericano de la Educomunicaci\u00f3n: el campo para la intervenci\u00f3n social. Metacomunicaci\u00f3n, (1), 117-128. Recuperado de https:\/\/goo.gl\/FMq9yP"},{"key":"83","unstructured":"Centro de Investigaci\u00f3n y Desarrollo de la Educaci\u00f3n \u2013 CIDE. (1990). T\u00e9cnicas participativas para la educaci\u00f3n popular. 3a ed. Santiago de Chile: Alforja. Recuperado de https:\/\/goo.gl\/yGEFJu"},{"key":"84","doi-asserted-by":"crossref","unstructured":"Da Veiga, L., & Bronzo, C. (2014). Estrat\u00e9gias intersetoriais de gest\u00e3o municipal de servi\u00e7os de prote\u00e7\u00e3o social: a experi\u00eancia de Belo Horizonte. RAP: Revista Brasileira de Administra\u00e7\u00e3o P\u00fablica, 48 (3), 595\u2013620. https:\/\/doi.org\/10.1590\/0034-76121453","DOI":"10.1590\/0034-76121453"},{"key":"85","doi-asserted-by":"crossref","unstructured":"D\u00edaz, Cristina, Torres, Yisel, Cruz, Ana Margarita de la, \u00c1lvarez, \u00c1ngel M., Piquero, Mar\u00eda Eugenia, Valero, Aida, & Fuentes, Omar. (2009). Estrategia intersectorial y participativa con enfoque de ecosalud para la prevenci\u00f3n de la transmisi\u00f3n de dengue en el nivel local. Cuadernos de Sa\u00fade P\u00fablica, 25 (Suppl. 1), S59-S70","DOI":"10.1590\/S0102-311X2009001300006"},{"key":"86","unstructured":"DNP. (2015). Breves reflexiones sobre la intersectorialidad. Bogot\u00e1: Departamento Nacional de Planeaci\u00f3n."},{"key":"87","unstructured":"Fals, O. (2009). Una sociolog\u00eda sentipensante para Am\u00e9rica latina. [Comp. Moncayo, V]. Bogot\u00e1: Siglo del Hombre editores y Clacso."},{"key":"88","unstructured":"FLACSO. (2015). Informe T\u00e9cnico para el Dise\u00f1o de Plan de Trabajo para reorientaci\u00f3n de Programas de Salud P\u00fablica. Chile: Facultad Latinoamericana de Ciencias Sociales."},{"key":"89","unstructured":"Freire, P. (2005). Pedagog\u00eda del Oprimido. 2a ed. [Traducido al espa\u00f1ol de Mellado, J.]. M\u00e9xico: Siglo Veintiuno Editores S.A"},{"key":"90","unstructured":"Harris E, Wise M, Hawe P, Finlay P, Nutbeam D. (1995). Working together: intersectoral action for health. Canberra: Australian Government Publishing Service."},{"key":"91","doi-asserted-by":"crossref","unstructured":"Ind, N. & Coates, N. (2013). The meanings of co-creation. European Business Review, 25 (1), 86-95.","DOI":"10.1108\/09555341311287754"},{"key":"92","doi-asserted-by":"crossref","unstructured":"Kapl\u00fan, M. (1998). Procesos educativos y canales de comunicaci\u00f3n. Comunicar, (11),158- 165. Recuperado de https:\/\/goo.gl\/c4Gyc8","DOI":"10.3916\/C11-1998-25"},{"key":"93","unstructured":"Mart\u00ed, L. (s. f.). La investigaci\u00f3n - acci\u00f3n participativa. Estructura y fases.Redcimas. Recuperado de https:\/\/goo.gl\/1id4cu"},{"key":"94","unstructured":"Minsalud. (2020). Comisi\u00f3n intersectorial de salud p\u00fablica. https:\/\/www.minsalud.gov.co\/salud\/publica\/epidemiologia\/Paginas\/comision-intersectorial-de-salud-publica.aspx"},{"key":"95","unstructured":"Morales, J. & Huici, C. (Coords.). (1999). Psicolog\u00eda social. Madrid, Espa\u00f1a: UNED, McGraw-Hill."},{"key":"96","unstructured":"Rub\u00e1n Alfaro, M. Lahera Cabrales, R. BerenguerGoarnaluses M. S\u00e1nchez Jacas, I. Sand\u00f3Antomarchi, N. (2019). Estrategia de participaci\u00f3n comunitaria e intersectorial en la prevenci\u00f3n del dengue. MediSan. 23(05), 820-836. Disponible en https:\/\/www.redalyc.org\/journal\/3684\/368461459004\/html\/"},{"key":"97","unstructured":"Soares, I. (2009). Caminos de la educomunicaci\u00f3n: utop\u00edas, confrontaciones, reconocimientos. N\u00f3madas, (30), 194-207. Recuperado de https:\/\/goo.gl\/tZcEmP"},{"key":"98","unstructured":"Sosa Lorenzo, I.; Rodr\u00edguez Salv\u00e1, A. \u00c1lvarez P\u00e9rez, A. y Bonet Gorbea, M. (2013). Intersectorialidad y participaci\u00f3n en la planificaci\u00f3n, implementaci\u00f3n y evaluaci\u00f3n de intervenciones de salud en Cuba. MediSan, 17(4), 650-660. Disponible en http:\/\/scielo.sld.cu\/pdf\/san\/v17n4\/san12413.pdf"},{"key":"99","unstructured":"Villalobos, V. S. (2016). Factores clave para la intersectorialidad: Encuentro Nacional de Fortalecimiento de la Entidades Territoriales para la Gesti\u00f3n de la Salud P\u00fablica. Bogot\u00e1: Banco Mundial."}],"container-title":["Administraci\u00f3n y Desarrollo"],"link":[{"URL":"https:\/\/revistas.esap.edu.co\/index.php\/admindesarro\/article\/download\/523\/483","content-type":"application\/pdf","content-version":"vor","intended-application":"text-mining"},{"URL":"https:\/\/revistas.esap.edu.co\/index.php\/admindesarro\/article\/download\/523\/483","content-type":"unspecified","content-version":"vor","intended-application":"similarity-checking"}],"deposited":{"date-parts":[[2021,11,7]],"date-time":"2021-11-07T20:52:56Z","timestamp":1636318376000},"score":0.0,"resource":{"primary":{"URL":"https:\/\/revistas.esap.edu.co\/index.php\/admindesarro\/article\/view\/523"}},"issued":{"date-parts":[[2020,12,31]]},"references-count":25,"journal-issue":{"issue":"2","published-online":{"date-parts":[[2020,12,31]]}},"URL":"https:\/\/doi.org\/10.22431\/25005227.vol50n2.5","ISSN":["2500-5227","0120-3754"],"issn-type":[{"value":"2500-5227","type":"electronic"},{"value":"0120-3754","type":"print"}],"published":{"date-parts":[[2020,12,31]]}},{"indexed":{"date-parts":[[2022,4,2]],"date-time":"2022-04-02T09:57:21Z","timestamp":1648893441966},"reference-count":0,"publisher":"Escuela Superior de Administracion Publica","issue":"57","license":[{"start":{"date-parts":[[2013,11,1]],"date-time":"2013-11-01T00:00:00Z","timestamp":1383264000000},"content-version":"unspecified","delay-in-days":0,"URL":"http:\/\/creativecommons.org\/licenses\/by-nc-nd\/4.0"}],"content-domain":{"domain":[],"crossmark-restriction":false},"short-container-title":["Adm. Desarro."],"abstract":"<jats:p>Rese\u00f1a del libro\u00a0Derechos ambientales en perspectiva de integralidad. Concepto y fundamentacio\u0301n de nuevas demandas y resistencias actuales hacia el Estado ambiental de derecho de la Universidad Nacional de Colombia<\/jats:p>","DOI":"10.22431\/25005227.124","type":"journal-article","created":{"date-parts":[[2017,7,5]],"date-time":"2017-07-05T16:06:06Z","timestamp":1499270766000},"page":"107-109","source":"Crossref","is-referenced-by-count":0,"title":["Del Estado poli\u0301tico al Estado ambiental de derecho"],"prefix":"10.22431","volume":"41","author":[{"given":"Miguel","family":"Borja","sequence":"first","affiliation":[],"role":[{"role":"author","vocabulary":"crossref"}]}],"member":"9723","published-online":{"date-parts":[[2013,11,1]]},"container-title":["Administraci\u00f3n &amp; Desarrollo"],"link":[{"URL":"https:\/\/revistas.esap.edu.co\/index.php\/admindesarro\/article\/download\/124\/pdf","content-type":"application\/pdf","content-version":"vor","intended-application":"text-mining"},{"URL":"https:\/\/revistas.esap.edu.co\/index.php\/admindesarro\/article\/download\/124\/pdf","content-type":"unspecified","content-version":"vor","intended-application":"similarity-checking"}],"deposited":{"date-parts":[[2021,11,12]],"date-time":"2021-11-12T19:11:45Z","timestamp":1636744305000},"score":0.0,"resource":{"primary":{"URL":"https:\/\/revistas.esap.edu.co\/index.php\/admindesarro\/article\/view\/124"}},"issued":{"date-parts":[[2013,11,1]]},"references-count":0,"journal-issue":{"issue":"57","published-online":{"date-parts":[[2013,11,1]]}},"URL":"https:\/\/doi.org\/10.22431\/25005227.124","ISSN":["2500-5227","0120-3754"],"issn-type":[{"value":"2500-5227","type":"electronic"},{"value":"0120-3754","type":"print"}],"published":{"date-parts":[[2013,11,1]]}},{"indexed":{"date-parts":[[2026,4,29]],"date-time":"2026-04-29T08:54:34Z","timestamp":1777452874990,"version":"3.51.4"},"reference-count":29,"publisher":"Escuela Superior de Administracion Publica","issue":"1","license":[{"start":{"date-parts":[[2024,6,27]],"date-time":"2024-06-27T00:00:00Z","timestamp":1719446400000},"content-version":"unspecified","delay-in-days":0,"URL":"https:\/\/creativecommons.org\/licenses\/by-nc-sa\/4.0"}],"content-domain":{"domain":[],"crossmark-restriction":false},"short-container-title":["Adm. Desarro."],"abstract":"<jats:p>In Colombia, the programs of social appropriation of science and technology face a great intercultural challenge: propitiate dialogues between the different epistemologies that create plural knowledge in the same national territory. The Centro de Pensamiento Pluralizar la Paz of the Universidad Nacional de Colombia aims to explore this diversity of knowledge around the concept of peace. To achieve this, it has chosen to investigate the plurality of knowledge, mainly through dialogues with cosmovisions, vocabularies and practices of some of the country\u2019s indigenous communities. The research-creation project (Sanadur\u00eda), which culminated in a museographic exhibition, served as an input to reflect on the public policies of the Ministerio colombiano de Ciencia, Tecnolog\u00eda e Innovaci\u00f3n that financed it. The research process, conceived as a pedagogical laboratory, made it possible to revisit different registers of knowledge that are usually conceived discontinuously. This article has three objectives: first, to identify and problematize the set of concepts that structure the Colombian scientific policies of the last decades. Second, it seeks to confront these policies with the concrete experience of implementing a program for the social appropriation of intercultural knowledge. Thirdly, it offers a series of recommendations for public policies related to intercultural research.<\/jats:p>","DOI":"10.22431\/25005227.vol54n1.982","type":"journal-article","created":{"date-parts":[[2024,8,9]],"date-time":"2024-08-09T03:05:09Z","timestamp":1723172709000},"page":"e982","source":"Crossref","is-referenced-by-count":4,"title":["Apropiaci\u00f3n social del conocimiento intercultural: la pol\u00edtica cient\u00edfica colombiana analizada","Social appropriation of intercultural knowledge: Colombia\u2019s science policy analyzed"],"prefix":"10.22431","volume":"54","author":[{"ORCID":"https:\/\/orcid.org\/0009-0005-5456-2441","authenticated-orcid":false,"given":"Kevin Enrique","family":"Ram\u00edrez C\u00e1ceres","sequence":"first","affiliation":[],"role":[{"role":"author","vocabulary":"crossref"}]},{"ORCID":"https:\/\/orcid.org\/0009-0000-4057-981X","authenticated-orcid":false,"given":"\u00c9lise","family":"Pic","sequence":"additional","affiliation":[],"role":[{"role":"author","vocabulary":"crossref"}]}],"member":"9723","published-online":{"date-parts":[[2024,6,27]]},"reference":[{"key":"13995","doi-asserted-by":"crossref","unstructured":"Ceballos, J. M. (2020). Necesidad de protecci\u00f3n a los conocimientos tradicionales. Especial menci\u00f3n a las expresiones culturales tradicionales. Revista La Propiedad Inmaterial, (29), 25-75. https:\/\/doi.org\/10.18601\/16571959.n29.02","DOI":"10.18601\/16571959.n29.02"},{"key":"13996","unstructured":"Corte Constitucional de Colombia. (10 de noviembre de 2016). Sentencia T-622 de"},{"key":"13997","unstructured":"Departamento Administrativo de Ciencia, Tecnolog\u00eda e Innovaci\u00f3n\u2013Colciencias. (2005). Pol\u00edtica de Apropiaci\u00f3n Social de la Ciencia, la Tecnolog\u00eda y la Innovaci\u00f3n. Colciencias.SPE-DCC."},{"key":"13998","unstructured":"Departamento Administrativo de Ciencia, Tecnolog\u00eda e Innovaci\u00f3n - Colciencias. (2010). Estrategia Nacional de Apropiaci\u00f3n Social de la Ciencia, la Tecnolog\u00eda y la Innovaci\u00f3n. Departamento Administrativo de Ciencia, Tecnolog\u00eda e Innovaci\u00f3n."},{"key":"13999","unstructured":"Departamento Administractivo Nacional de Estad\u00edstica\u2013DANE. (16 de septiembre de 2019). Poblaci\u00f3n ind\u00edgena de Colombia. Resultados del Censo Nacional de poblaci\u00f3n y vivienda 2018. https:\/\/www.dane.gov.co\/files\/investigaciones\/boletines\/grupos-etnicos\/presentacion-grupos-etnicos-2019.pdf"},{"key":"14000","unstructured":"Declaraci\u00f3n de Mataatua sobre Derechos Culturales y de Propiedad Intelectual de"},{"key":"14001","unstructured":"los Pueblos Ind\u00edgenas. (1993). https:\/\/www.bialabate.net\/pdf\/laws\/Declaracion_de_taitas.pdf"},{"key":"14002","doi-asserted-by":"crossref","unstructured":"Gewin, V. (enero de 2021). How to include Indigenous researchers and their","DOI":"10.1038\/d41586-021-00022-1"},{"key":"14003","doi-asserted-by":"crossref","unstructured":"knowledge. Nature, 589(7841), 315-317. https:\/\/doi.org\/10.1038\/d41586-021-00022-1","DOI":"10.1038\/d41586-021-00022-1"},{"key":"14004","unstructured":"Jaramillo, N. (24 de julio de 2022). El documento del pacto no cr\u00edtica la ciencia sino la pol\u00edtica cient\u00edfica. La Silla Vac\u00eda. https:\/\/www.lasillavacia.com\/silla-academica\/el-documento-del-pacto-no-critica-ciencia-sino-politica-cientifica-s-castro\/"},{"key":"14005","doi-asserted-by":"crossref","unstructured":"Lema, L. S. & Cure Valdivieso, S. (2023). La paz como mediaci\u00f3n: aportes de Sanadur\u00eda a los estudios de paz desde la historia conceptual y la museolog\u00eda cr\u00edtica. Anuario Colombiano de Historia Social y de la Cultura, 50(2), 247\u2013281. https:\/\/doi.org\/10.15446\/achsc.v50n2.103697","DOI":"10.15446\/achsc.v50n2.103697"},{"key":"14006","unstructured":"Ley 29 de 1990. Por la cual se dictan disposiciones para el fomento de la investigaci\u00f3n cient\u00edfica y el desarrollo tecnol\u00f3gico y se otorgan facultades extraordinarias. Art\u00edculo 1. 27 de febrero de 1990. D.O."},{"key":"14007","unstructured":"Ley 397 de 1997. Por la cual se desarrollan los Art\u00edculos 70, 71 y 72 y dem\u00e1s Art\u00edculos concordantes de la Constituci\u00f3n Pol\u00edtica (...). 7 de agosto de 1997. R. D. 43102."},{"key":"14008","doi-asserted-by":"crossref","unstructured":"Lozano, M., & P\u00e9rez-Bustos, T. (2012). La apropiaci\u00f3n social de la ciencia y la tecnolog\u00eda. Redes: Revista de estudios sociales de la ciencia, 18(35), 45-74. http:\/\/ridaa.unq.edu.ar\/handle\/20.500.11807\/551","DOI":"10.48160\/18517072re35.617"},{"key":"14009","unstructured":"Ministerio de Ciencia, Tecnolog\u00eda e Innovaci\u00f3n\u2013Minciencias. (2020). Lineamientos para una Pol\u00edtica Nacional de Apropiaci\u00f3n Social del Conocimiento. Ciencia, Tecnolog\u00eda e Innovaci\u00f3n de los ciudadanos para los ciudadanos. Ministerio de Ciencia, Tecnolog\u00eda e Innovaci\u00f3n."},{"key":"14010","unstructured":"Ministerio de Ciencia, Tecnolog\u00eda e Innovaci\u00f3n\u2013Minciencias. (2021). Pol\u00edtica P\u00fablica de Apropiaci\u00f3n Social del Conocimiento en el marco de la CTel. Ministerio de Ciencia, Tecnolog\u00eda e Innovaci\u00f3n."},{"key":"14011","unstructured":"Ministerio de Ciencia, Tecnolog\u00eda e Innovaci\u00f3n\u2013Minciencias. (2021). Resoluci\u00f3n 0643 del 8 de marzo de 2021. Por la cual se adopta la pol\u00edtica p\u00fablica de apropiaci\u00f3n Social del Conocimiento en el marco de la Ciencia, Tecnolog\u00eda e Innovaci\u00f3n. Ministerio de Ciencia, Tecnolog\u00eda e Innovaci\u00f3n."},{"key":"14012","unstructured":"Ministerio de Ciencia, Tecnolog\u00eda e Innovaci\u00f3n\u2013Minciencias. (2022). Documento de Pol\u00edtica Nacional de Ciencia Abierta en el marco de la Ciencia, Tecnolog\u00eda e Innovaci\u00f3n N.\u00ba 2201. Ministerio de Ciencia, Tecnolog\u00eda e Innovaci\u00f3n."},{"key":"14013","unstructured":"Organizaci\u00f3n Internacional del Trabajo\u2013OIT. (1989). Convenio 169 sobre pueblos ind\u00edgenas y tribales en pa\u00edses independientes. Organizaci\u00f3n Internacional del Trabajo."},{"key":"14014","unstructured":"Organizaci\u00f3n de Naciones Unidas\u2013ONU. (1992). Convenio sobre la Diversidad Biol\u00f3gica. Organizaci\u00f3n de Naciones Unidas."},{"key":"14015","unstructured":"Organizaci\u00f3n de Naciones Unidas\u2013ONU. (2007). Declaraci\u00f3n sobre Derechos de los Pueblos Ind\u00edgenas. Organizaci\u00f3n de Naciones Unidas."},{"key":"14016","unstructured":"Organizaci\u00f3n de Naciones unidas\u2013ONU. (2011). Protocolo de Nagoya sobre acceso a los recursos gen\u00e9ticos y participaci\u00f3n justa y equitativa en los beneficios que se deriven de su utilizac\u00f3n al Convenio sobre la diversidad biol\u00f3gica. Secretar\u00eda del Convenio sobre la Diversidad Biol\u00f3gica."},{"key":"14017","unstructured":"Organizaci\u00f3n de los Estados Americanos\u2013OEA. (2016). Declaraci\u00f3n Americana sobre los Derechos de los Pueblos Ind\u00edgenas. Organizaci\u00f3n de los Estados Americanos."},{"key":"14018","doi-asserted-by":"crossref","unstructured":"P\u00e9rez, \u00d3. (2021). Derechos colectivos de las comunidades sobre su propiedad intelectual:. Revista Cient\u00edfica UISRAEL, 8(2), 163-180. https:\/\/doi.org\/10.35290\/rcui.v8n2.2021.327","DOI":"10.35290\/rcui.v8n2.2021.327"},{"key":"14019","unstructured":"Pinedo, X. (9 de agosto de 2021). Cambiar el paradigma: el conocimiento ind\u00edgena en la investigaci\u00f3n cient\u00edfica. Ojo P\u00fablico. https:\/\/ojo-publico.com\/2936\/el-conocimiento-indigena-en-la-investigacion-cientifica"},{"key":"14020","unstructured":"Ruiz, M. L. & Argueta Villamar, A. (2011). Saberes ind\u00edgenas y di\u00e1logo intercultural. Cultura cient\u00edfica y saberes locales, 5(10), 31-56."},{"key":"14021","unstructured":"Ulloa, A. (2004). La construcci\u00f3n del nativo ecol\u00f3gico. Complejidades, paradojas y dilemas de la relaci\u00f3n entre los movimientos ind\u00edgenas y el ambientalismo en Colombia. ICANH- COLCIENCIAS."},{"key":"14022","unstructured":"UNESCO. (2021). Proyecto de recomendaci\u00f3n sobre la Ciencia Abierta. Conferencia General, 41 reuni\u00f3n-Par\u00eds."},{"key":"14023","unstructured":"V\u00e9lez-Torres, I., C\u00e1rdenas, J., Guti\u00e9rrez , J., Corredor, V., Marcela, L., Yecid, M., ... V\u00e9lez, H. (2022). Sistema Nacional de Ciencia, Tecnolog\u00eda e Innovaci\u00f3n (SNCTI) para el buen vivir, el vivir sabroso y el ejercicio efectivo de una democracia multicolor. Documento de visi\u00f3n pol\u00edtica. https:\/\/bit.ly\/3yszTvv"}],"container-title":["Administraci\u00f3n &amp; Desarrollo"],"link":[{"URL":"https:\/\/revistas.esap.edu.co\/index.php\/admindesarro\/article\/download\/982\/761","content-type":"application\/pdf","content-version":"vor","intended-application":"text-mining"},{"URL":"https:\/\/revistas.esap.edu.co\/index.php\/admindesarro\/article\/download\/982\/766","content-type":"text\/xml","content-version":"vor","intended-application":"text-mining"},{"URL":"https:\/\/revistas.esap.edu.co\/index.php\/admindesarro\/article\/download\/982\/761","content-type":"unspecified","content-version":"vor","intended-application":"similarity-checking"}],"deposited":{"date-parts":[[2025,12,31]],"date-time":"2025-12-31T19:48:10Z","timestamp":1767210490000},"score":0.0,"resource":{"primary":{"URL":"https:\/\/revistas.esap.edu.co\/index.php\/admindesarro\/article\/view\/982"}},"issued":{"date-parts":[[2024,6,27]]},"references-count":29,"journal-issue":{"issue":"1","published-online":{"date-parts":[[2024,1,1]]}},"URL":"https:\/\/doi.org\/10.22431\/25005227.vol54n1.982","ISSN":["2500-5227","0120-3754"],"issn-type":[{"value":"2500-5227","type":"electronic"},{"value":"0120-3754","type":"print"}],"published":{"date-parts":[[2024,6,27]]}},{"indexed":{"date-parts":[[2026,6,5]],"date-time":"2026-06-05T01:59:57Z","timestamp":1780624797907,"version":"3.54.1"},"reference-count":0,"publisher":"Escuela Superior de Administracion Publica","issue":"1","license":[{"start":{"date-parts":[[2026,5,12]],"date-time":"2026-05-12T00:00:00Z","timestamp":1778544000000},"content-version":"unspecified","delay-in-days":0,"URL":"https:\/\/creativecommons.org\/licenses\/by-nc-sa\/4.0"}],"content-domain":{"domain":[],"crossmark-restriction":false},"short-container-title":["Adm. Desarro."],"abstract":"<jats:p>Problem statement: The Port of Barranquilla faces limitations in infrastructure, multimodal connectivity, and sustainability, hindering its consolidation as a competitive hub in global maritime trade. Objective: To examine maritime traffic and multimodal transport in Barranquilla through a documentary review, identifying its trends and port projection. Methodology: A systematic documentary review was conducted, including the identification and selection of academic and technical sources (articles, reports, books, and theses) obtained from recognized databases (Google Scholar, SciELO, Redalyc, Dialnet, and university repositories). The information was validated based on criteria of relevance and currency (2019\u20132024). Results: The information was processed through content analysis and organized by analytical categories: maritime traffic, port infrastructure, multimodality, and strategic projections. Conclusion: Maritime traffic, port infrastructure, multimodal transport, and the strategic projections of the Port of Barranquilla reveal a complex landscape, yet one with clear opportunities for transformation. The future of Barranquilla's port depends not only on mitigating measures but on a comprehensive, articulated, and bold vision that combines environmental sustainability, digital transformation, multimodal connectivity, and institutional strengthening. Contribution\/Originality: Topic of interest, featuring studies on the transportation landscape within the city of Barranquilla.<\/jats:p>","DOI":"10.22431\/25005227.1262","type":"journal-article","created":{"date-parts":[[2026,5,13]],"date-time":"2026-05-13T16:12:09Z","timestamp":1778688729000},"source":"Crossref","is-referenced-by-count":0,"title":["Tr\u00e1fico mar\u00edtimo y transporte multimodal en Barranquilla: una revisi\u00f3n anal\u00edtica de su desarrollo y proyecci\u00f3n portuaria","Maritime Traffic and Multimodal Transport in Barranquilla: An Analytical Review of Its Development and Port Outlook"],"prefix":"10.22431","volume":"56","author":[{"ORCID":"https:\/\/orcid.org\/0000-0002-4016-9105","authenticated-orcid":false,"given":"Wilmer","family":"Pugliese Diaz","sequence":"first","affiliation":[],"role":[{"vocabulary":"crossref","role":"author"}]},{"ORCID":"https:\/\/orcid.org\/0000-0002-9706-745X","authenticated-orcid":false,"given":"Jes\u00fas","family":"Ospina Gonz\u00e1lez","sequence":"additional","affiliation":[],"role":[{"vocabulary":"crossref","role":"author"}]},{"ORCID":"https:\/\/orcid.org\/0000-0002-7372-5147","authenticated-orcid":false,"given":"Juan Carlos","family":"Miranda-Passo","sequence":"additional","affiliation":[],"role":[{"vocabulary":"crossref","role":"author"}]}],"member":"9723","published-online":{"date-parts":[[2026,5,12]]},"container-title":["Administraci\u00f3n &amp; Desarrollo"],"link":[{"URL":"https:\/\/revistas.esap.edu.co\/index.php\/admindesarro\/article\/download\/1262\/880","content-type":"application\/pdf","content-version":"vor","intended-application":"text-mining"},{"URL":"https:\/\/revistas.esap.edu.co\/index.php\/admindesarro\/article\/download\/1262\/882","content-type":"unspecified","content-version":"vor","intended-application":"text-mining"},{"URL":"https:\/\/revistas.esap.edu.co\/index.php\/admindesarro\/article\/download\/1262\/880","content-type":"unspecified","content-version":"vor","intended-application":"similarity-checking"}],"deposited":{"date-parts":[[2026,6,5]],"date-time":"2026-06-05T01:10:15Z","timestamp":1780621815000},"score":0.0,"resource":{"primary":{"URL":"https:\/\/revistas.esap.edu.co\/index.php\/admindesarro\/article\/view\/1262"}},"issued":{"date-parts":[[2026,5,12]]},"references-count":0,"journal-issue":{"issue":"1","published-online":{"date-parts":[[2026,1,16]]}},"URL":"https:\/\/doi.org\/10.22431\/25005227.1262","ISSN":["2500-5227","0120-3754"],"issn-type":[{"value":"2500-5227","type":"electronic"},{"value":"0120-3754","type":"print"}],"published":{"date-parts":[[2026,5,12]]}},{"indexed":{"date-parts":[[2025,12,31]],"date-time":"2025-12-31T20:29:10Z","timestamp":1767212950321,"version":"3.48.0"},"reference-count":0,"publisher":"Escuela Superior de Administracion Publica","issue":"64","license":[{"start":{"date-parts":[[2011,12,15]],"date-time":"2011-12-15T00:00:00Z","timestamp":1323907200000},"content-version":"unspecified","delay-in-days":0,"URL":"http:\/\/creativecommons.org\/licenses\/by-nc-nd\/4.0"}],"content-domain":{"domain":[],"crossmark-restriction":false},"short-container-title":["Nova vetera"],"abstract":"<jats:p>El presente art\u00edculo trata la discusi\u00f3n del asilo como un asunto de la postmodernidad. Es decir, como la capacidad humana de resistir nacionalismos, xenofobias y un esp\u00edritu discriminante frente a los colores de los fenotipos humanos. Ser\u00eda l\u00f3gico que, con base en el criterio de la mayor universalizaci\u00f3n del hombre y la mujer en el descubrimiento del genoma humano, la hospitalidad global se postulara como el referente en las dimensiones de la solidaridad y la cooperaci\u00f3n de los pueblos con ventajas mutuas. Los modelos hist\u00f3ricos de la formaci\u00f3n de naciones, etnias y regionalizaciones econ\u00f3micas tratados en esta reflexi\u00f3n son vistos como espacios de intercambio cultural-pol\u00edtico, ley\u00e9ndose dentro de su an\u00e1lisis las contradicciones del mito y la t\u00e9cnica como paradigmas de explicaci\u00f3n de las relaciones desiguales y combinadas del desarrollo humano. El objetivo es la aproximaci\u00f3n a una modalidad civilizada de convivencia: ese \u201cpoder por fin vivir juntos\u201d.Pero caen las m\u00e1scaras del discurso de la \u201cunidad\u201d para advertir que entramos en la era de la no sostenibilidad del modelo respetuoso de los derechos humanos dado el cambio cultural que individualiza mucho m\u00e1s antes que colectivizar el objetivo de la convivencia, m\u00e1s cuando llega la visita del \u201cno invitado\u201d o mejor del \u201cno deseado\u201d. Esta circunstancia es una realidad internacional y nacional que se inserta en la cotidianidad de la b\u00fasqueda del proyecto de vida. De ah\u00ed la urgencia y necesidad de exponer modos civilizados de ocupaci\u00f3n territorial, en la que la preocupaci\u00f3n por el medio ambiente es un asunto prioritario.<\/jats:p>","DOI":"10.22431\/25005103.181","type":"journal-article","created":{"date-parts":[[2017,7,5]],"date-time":"2017-07-05T15:34:05Z","timestamp":1499268845000},"page":"239-246","source":"Crossref","is-referenced-by-count":0,"title":["Las v\u00edas modernas de la servidumbre. Reflexiones sobre las migraciones y el medio ambiente"],"prefix":"10.22431","volume":"20","author":[{"given":"Jaime","family":"Mej\u00eda Gutierrez","sequence":"first","affiliation":[],"role":[{"role":"author","vocabulary":"crossref"}]}],"member":"9723","published-online":{"date-parts":[[2011,12,15]]},"container-title":["Nova et Vetera"],"link":[{"URL":"https:\/\/revistas.esap.edu.co\/index.php\/novaetvetera\/article\/download\/181\/pdf_1","content-type":"application\/pdf","content-version":"vor","intended-application":"text-mining"},{"URL":"https:\/\/revistas.esap.edu.co\/index.php\/novaetvetera\/article\/download\/181\/pdf_1","content-type":"unspecified","content-version":"vor","intended-application":"similarity-checking"}],"deposited":{"date-parts":[[2025,12,31]],"date-time":"2025-12-31T20:24:29Z","timestamp":1767212669000},"score":0.0,"resource":{"primary":{"URL":"https:\/\/revistas.esap.edu.co\/index.php\/novaetvetera\/article\/view\/181"}},"issued":{"date-parts":[[2011,12,15]]},"references-count":0,"journal-issue":{"issue":"64","published-online":{"date-parts":[[2011,12,15]]}},"URL":"https:\/\/doi.org\/10.22431\/25005103.181","ISSN":["2500-5103","0123-2614"],"issn-type":[{"type":"electronic","value":"2500-5103"},{"type":"print","value":"0123-2614"}],"published":{"date-parts":[[2011,12,15]]}},{"indexed":{"date-parts":[[2026,7,1]],"date-time":"2026-07-01T15:08:36Z","timestamp":1782918516693,"version":"3.54.5"},"reference-count":27,"publisher":"Escuela Superior de Administracion Publica","issue":"2","license":[{"start":{"date-parts":[[2019,12,31]],"date-time":"2019-12-31T00:00:00Z","timestamp":1577750400000},"content-version":"unspecified","delay-in-days":0,"URL":"http:\/\/creativecommons.org\/licenses\/by-nc-nd\/4.0"}],"content-domain":{"domain":[],"crossmark-restriction":false},"short-container-title":["Adm. Desarro."],"abstract":"<jats:p>En el presente trabajo, se plantean algunas reflexiones acerca del v\u00ednculo entre el proceso de democratizaci\u00f3n de la administraci\u00f3n p\u00fablica y la filosof\u00eda del Estado abierto. El trabajo parte de la premisa de que este paradigma de gesti\u00f3n estatal, en la medida en que abre considerablemente las posibilidades de participaci\u00f3n ciudadana a lo largo de todo el ciclo de las pol\u00edticas p\u00fablicas, puede generar avances considerables en la promoci\u00f3n de reg\u00edmenes democr\u00e1ticos m\u00e1s deliberativos, que adem\u00e1s de su naturaleza representativa, se acerquen en cierto modo al ideal de una democracia directa.<\/jats:p>","DOI":"10.22431\/25005227.vol49n2.2","type":"journal-article","created":{"date-parts":[[2021,11,7]],"date-time":"2021-11-07T20:52:27Z","timestamp":1636318347000},"page":"34-53","source":"Crossref","is-referenced-by-count":1,"title":["Estado abierto y democratizaci\u00f3n de la administraci\u00f3n p\u00fablica"],"prefix":"10.22431","volume":"49","author":[{"given":"Oscar","family":"Oszlak","sequence":"first","affiliation":[],"role":[{"vocabulary":"crossref","role":"author"}]}],"member":"9723","published-online":{"date-parts":[[2019,12,31]]},"reference":[{"key":"682","doi-asserted-by":"crossref","unstructured":"Arellano Gault, D. (2008). Civil Service Reform: Challenges and Future Prospects for Mexican Democracy. En Killian, J. & Eklund, N. Handbook Of Administrative Reform. An International Perspective. Boca Raton: CRC Press. pp. 233-247","DOI":"10.1201\/9780849380662.ch12"},{"key":"683","unstructured":"Bessette, J. (1980). Deliberative Democracy: The Majority Principle in Republican Government, en How Democractic is the Constitution?, Washington, D.C.: AEI Press. pp. 102\u2013116."},{"key":"684","unstructured":"Cardoso, F. (1972). Estado y sociedad en Am\u00e9rica Latina. Nueva Visi\u00f3n. Revista Mexicana de Sociolog\u00eda, 66 (4)."},{"key":"685","unstructured":"CLAD (2016). Carta Iberoamericana del Gobierno Abierto. Caracas."},{"key":"686","unstructured":"Collier, David y Levitsky (1998). Democracia con adjetivos: innovaci\u00f3n conceptual en la investigaci\u00f3n comparativa. Agora, (8), pp. 99-122."},{"key":"687","unstructured":"Espinoza Toledo, Ricardo. (2011). M\u00e9xico: una democracia expuesta a riesgos. Polis, 7(2), pp. 41-63. Recuperado de http:\/\/www.scielo.org.mx\/pdf\/polis\/v7n2\/v7n2a3.pdf"},{"key":"688","unstructured":"Garc\u00eda Jaramillo, L. (Coord.). (2011). La democracia deliberativa a debate. Cuadernos de Investigaci\u00f3n, Universidad EAFIT."},{"key":"689","unstructured":"Kaufman, E. (2017). El papel de la alianza para el Gobierno abierto: reflexiones sobre el proceso del ciclo de los planes de acci\u00f3n nacionales. Estado abierto. Revista sobre el Estado, la administraci\u00f3n y las pol\u00edticas p\u00fablicas, 1(2). Recuperado de https:\/\/issuu.com\/apuntesescueladegobierno\/docs\/pdf_ea_vol1_n2"},{"key":"690","doi-asserted-by":"crossref","unstructured":"Levine, D. y Molina, J. (2007). La calidad de la democracia en Am\u00e9rica Latina: una visi\u00f3n comparada Am\u00e9rica Latina Hoy, 45, pp. 17-46.","DOI":"10.14201\/alh.2427"},{"key":"691","doi-asserted-by":"crossref","unstructured":"Mart\u00ednez, M. (2004). La representaci\u00f3n pol\u00edtica y la calidad de la democracia. Revista Mexicana de Sociolog\u00eda. pp. 661-710.","DOI":"10.2307\/3541413"},{"key":"692","unstructured":"Mascare\u00f1o, C. Montecinos, E. (2011). Presupuesto participativo, democracia participativa y conflictos con el modelo representativo en Am\u00e9rica Latina: una introducci\u00f3n. Democracia Participativa vs. Representaci\u00f3n: tensiones en Am\u00e9rica Latina."},{"key":"693","unstructured":"O\u00b4Donnell (2008). Algunas reflexiones acerca de la democracia, el Estado y sus m\u00faltiples caras. Reforma y Democracia. Caracas N\u00b0 42, Octubre."},{"key":"694","unstructured":"Oszlak, O. (2012). Gobierno Abierto promesas y desaf\u00edos. La revista del Plan F\u00e9nix. 3 (18). Recuperado de https:\/\/docplayer.es\/84526408-La-revista-del-plan-fenixano-3-numero-18-septiembre-2012.html"},{"key":"695","unstructured":"Oszlak, O. (2016). Enfoques y tendencias, \u201cGobierno Abierto en Am\u00e9rica Latina y el Caribe\u201d. Bolet\u00edn e-Gobierno Red GEALC. pp.3-8 Recuperado de http:\/\/portal.oas.org\/LinkClick.aspx?fileticket=5O1bsIywZus%3D&tabid=1729"},{"key":"696","doi-asserted-by":"crossref","unstructured":"Oszlak, O. (2017). La noci\u00f3n de estado abierto en el contexto de Am\u00e9rica Latina y el Caribe. Desde el gobierno abierto al Estado abierto en Am\u00e9rica Latina y el Caribe. Libros CEPAL. Recuperado de https:\/\/es.scribd.com\/document\/427775735\/Desde-El-Gobierno-Abierto-Al-Estado-Abierto-cepal","DOI":"10.18356\/b2c622ad-es"},{"key":"697","unstructured":"Oszlak, O. (2018).\u00bfC\u00f3mo debe ser la formaci\u00f3n orientada a la construcci\u00f3n de un Estado abierto? GIGAPP Estudios\u2013Workink papers. 98\u2010110, pp. 548-571. Recuperado de http:\/\/www.gigapp.org\/ewp\/index.php\/GIGAPP-EWP\/issue\/download\/56\/9"},{"key":"698","unstructured":"Oszlak, O., Bergman, I. (2013). Building a Better Citizen. Berkeley Review of Latin American Studies, Spring 2013. UC Berkeley: Center for Latin American Studies."},{"key":"699","doi-asserted-by":"crossref","unstructured":"Paramio, L. (2015). Desafecci\u00f3n Pol\u00edtica y Gobernabilidad: el reto pol\u00edtico. Universidad de Alcal\u00e1: CAF.","DOI":"10.2307\/j.ctv10qr0fv"},{"key":"700","unstructured":"Parks, W. (1957), The Open Government Principle: applying the right to know under the Constitution. The George Washington Law Review, 26 (1)."},{"key":"701","unstructured":"PNUD (2004). La Democracia en Am\u00e9rica Latina: hacia una democracia de ciudadanas y ciudadanos. Recuperado de https:\/\/www2.ohchr.org\/spanish\/issues\/democracy\/costarica\/docs\/PNUD-seminario.pdf"},{"key":"702","unstructured":"PNUD, OEA (2010). Nuestra democracia. M\u00e9xico: FCE. Recuperado de https:\/\/www.oas.org\/es\/sap\/docs\/nuestra_dem_s.pdf"},{"key":"703","doi-asserted-by":"crossref","unstructured":"Przeworski, A., Alvarez, M., Cheibub, J. & Limongi, F. (2000). Democracy and Development: Political Institutions and Well-Being in the World, 1950-1990. Cambridge: Cambridge University Press.","DOI":"10.1017\/CBO9780511804946"},{"key":"704","unstructured":"Renobell Santaren, V. (2016). Calidad democr\u00e1tica y democracia deliberativa: situaci\u00f3n y perspectiva de futuro. Radiografiando la democracia: un estudio sobre corrupci\u00f3n, buen gobierno y calidad democr\u00e1tica. Espa\u00f1a: Avapol."},{"key":"705","unstructured":"Restrepo, D. (2001). Eslabones y precipios entre participaci\u00f3n y democracia. Recuperado de https:\/\/www.researchgate.net\/publication\/227385633_Eslabones_y_precipicios_entre_participacion_y_democracia"},{"key":"706","unstructured":"Subirats, J. (2002). Los dilemas de una relaci\u00f3n inevitable. Innovaci\u00f3n democr\u00e1tica y tecnolog\u00edas de la informaci\u00f3n y comunicaci\u00f3n. Democracia digital. L\u00edmites y oportunidades. pp. 89-114."},{"key":"707","unstructured":"Villoria (2008). Profesionalizaci\u00f3n del empleo p\u00fablico: \u00e9tica y lucha contra la corrupci\u00f3n en las instituciones p\u00fablicas de Am\u00e9rica Latina. Espa\u00f1a: Fundaci\u00f3n CIDOB."},{"key":"708","doi-asserted-by":"crossref","unstructured":"Yu, H. & Robinson, D. (2012). The New Ambiguity of \u2018Open Government\u2019. Princeton CITP\/ Yale ISP Working Paper.","DOI":"10.2139\/ssrn.2012489"}],"container-title":["Administraci\u00f3n y Desarrollo"],"link":[{"URL":"https:\/\/revistas.esap.edu.co\/index.php\/admindesarro\/article\/download\/544\/503","content-type":"application\/pdf","content-version":"vor","intended-application":"text-mining"},{"URL":"https:\/\/revistas.esap.edu.co\/index.php\/admindesarro\/article\/download\/544\/503","content-type":"unspecified","content-version":"vor","intended-application":"similarity-checking"}],"deposited":{"date-parts":[[2021,11,7]],"date-time":"2021-11-07T20:55:59Z","timestamp":1636318559000},"score":0.0,"resource":{"primary":{"URL":"https:\/\/revistas.esap.edu.co\/index.php\/admindesarro\/article\/view\/544"}},"issued":{"date-parts":[[2019,12,31]]},"references-count":27,"journal-issue":{"issue":"2","published-online":{"date-parts":[[2019,12,31]]}},"URL":"https:\/\/doi.org\/10.22431\/25005227.vol49n2.2","ISSN":["2500-5227","0120-3754"],"issn-type":[{"value":"2500-5227","type":"electronic"},{"value":"0120-3754","type":"print"}],"published":{"date-parts":[[2019,12,31]]}},{"indexed":{"date-parts":[[2026,2,24]],"date-time":"2026-02-24T23:02:30Z","timestamp":1771974150565,"version":"3.50.1"},"reference-count":0,"publisher":"Escuela Superior de Administracion Publica","issue":"64","license":[{"start":{"date-parts":[[2011,12,15]],"date-time":"2011-12-15T00:00:00Z","timestamp":1323907200000},"content-version":"unspecified","delay-in-days":0,"URL":"http:\/\/creativecommons.org\/licenses\/by-nc-nd\/4.0"}],"content-domain":{"domain":[],"crossmark-restriction":false},"short-container-title":["Nova vetera"],"abstract":"<jats:p>En el presente trabajo se explora la relaci\u00f3n entre derecho y globalizaci\u00f3n, con el prop\u00f3sito de establecer futuros campos de investigaci\u00f3n. Se inicia con una introducci\u00f3n acerca de los efectos de la globalizaci\u00f3n sobre el Estado nacional, para pasar luego a una breve mirada sobre el significado de la globalizaci\u00f3n. En tercer lugar, se presentan los principales temas, problemas y focos de inter\u00e9s encontrados sobre la relaci\u00f3n entre derecho y globalizaci\u00f3n, especialmente el tema de los derechos humanos. Finalmente, se realizan algunas conclusiones, en las que se destaca la importancia de abrir nuevos campos de estudio sobre globalizaci\u00f3n debido a la necesidad de regulaci\u00f3n que requieren los fen\u00f3menos globalizados.<\/jats:p>","DOI":"10.22431\/25005103.166","type":"journal-article","created":{"date-parts":[[2017,7,5]],"date-time":"2017-07-05T15:34:05Z","timestamp":1499268845000},"page":"17-28","source":"Crossref","is-referenced-by-count":4,"title":["Globalizaci\u00f3n del Derecho. Aspectos jur\u00eddicos y derechos humanos"],"prefix":"10.22431","volume":"20","author":[{"given":"William Guillermo","family":"Jimenez","sequence":"first","affiliation":[],"role":[{"role":"author","vocabulary":"crossref"}]}],"member":"9723","published-online":{"date-parts":[[2011,12,15]]},"container-title":["Nova et Vetera"],"link":[{"URL":"https:\/\/revistas.esap.edu.co\/index.php\/novaetvetera\/article\/download\/166\/pdf","content-type":"application\/pdf","content-version":"vor","intended-application":"text-mining"},{"URL":"https:\/\/revistas.esap.edu.co\/index.php\/novaetvetera\/article\/download\/166\/pdf","content-type":"unspecified","content-version":"vor","intended-application":"similarity-checking"}],"deposited":{"date-parts":[[2025,12,31]],"date-time":"2025-12-31T20:27:02Z","timestamp":1767212822000},"score":0.0,"resource":{"primary":{"URL":"https:\/\/revistas.esap.edu.co\/index.php\/novaetvetera\/article\/view\/166"}},"issued":{"date-parts":[[2011,12,15]]},"references-count":0,"journal-issue":{"issue":"64","published-online":{"date-parts":[[2011,12,15]]}},"URL":"https:\/\/doi.org\/10.22431\/25005103.166","ISSN":["2500-5103","0123-2614"],"issn-type":[{"value":"2500-5103","type":"electronic"},{"value":"0123-2614","type":"print"}],"published":{"date-parts":[[2011,12,15]]}},{"indexed":{"date-parts":[[2022,4,5]],"date-time":"2022-04-05T14:48:31Z","timestamp":1649170111528},"reference-count":0,"publisher":"Escuela Superior de Administracion Publica","issue":"59","license":[{"start":{"date-parts":[[2014,12,1]],"date-time":"2014-12-01T00:00:00Z","timestamp":1417392000000},"content-version":"unspecified","delay-in-days":0,"URL":"http:\/\/creativecommons.org\/licenses\/by-nc-nd\/4.0"}],"content-domain":{"domain":[],"crossmark-restriction":false},"short-container-title":["Adm. Desarro."],"abstract":"<jats:p>El presente texto busca desarrollar la siguiente pregunta: \u00bfEl desarrollo local implica acabar con las pr\u00e1cticas de vida rurales de las comunidades? En el mundo actual, la concepci\u00f3n de desarrollo est\u00e1 enmarcada en la cantidad de cemento que pueden llegar a tener las ciudades, debido a los pasos avasalladores del supuesto desarrollo capitalista, los cuales destruyen la concepci\u00f3n de territorios, junto con sus pr\u00e1cticas culturales, sociales, ambientales, econ\u00f3micas y pol\u00edticas. Por ello, se hace relevante analizar la concepci\u00f3n de desarrollo local en una ciudad como Bogot\u00e1, capital de Colombia, considerada una de las metr\u00f3polis de Am\u00e9rica del Sur.<\/jats:p>","DOI":"10.22431\/25005227.106","type":"journal-article","created":{"date-parts":[[2017,7,5]],"date-time":"2017-07-05T16:06:06Z","timestamp":1499270766000},"page":"79-86","source":"Crossref","is-referenced-by-count":1,"title":["El desarrollo local vs. las pr\u00e1cticas de vida rural. La experiencia de la localidad de Usme, Bogot\u00e1- Colombia"],"prefix":"10.22431","volume":"43","author":[{"given":"Marlon","family":"Arias Sanchez","sequence":"first","affiliation":[],"role":[{"role":"author","vocabulary":"crossref"}]},{"given":"John Jairo","family":"Sastre Ardila","sequence":"additional","affiliation":[],"role":[{"role":"author","vocabulary":"crossref"}]}],"member":"9723","published-online":{"date-parts":[[2014,12,1]]},"container-title":["Administraci\u00f3n &amp; Desarrollo"],"link":[{"URL":"https:\/\/revistas.esap.edu.co\/index.php\/admindesarro\/article\/download\/106\/pdf","content-type":"application\/pdf","content-version":"vor","intended-application":"text-mining"},{"URL":"https:\/\/revistas.esap.edu.co\/index.php\/admindesarro\/article\/download\/106\/pdf","content-type":"unspecified","content-version":"vor","intended-application":"similarity-checking"}],"deposited":{"date-parts":[[2021,11,12]],"date-time":"2021-11-12T19:11:22Z","timestamp":1636744282000},"score":0.0,"resource":{"primary":{"URL":"https:\/\/revistas.esap.edu.co\/index.php\/admindesarro\/article\/view\/106"}},"issued":{"date-parts":[[2014,12,1]]},"references-count":0,"journal-issue":{"issue":"59","published-online":{"date-parts":[[2014,12,1]]}},"URL":"https:\/\/doi.org\/10.22431\/25005227.106","ISSN":["2500-5227","0120-3754"],"issn-type":[{"value":"2500-5227","type":"electronic"},{"value":"0120-3754","type":"print"}],"published":{"date-parts":[[2014,12,1]]}},{"indexed":{"date-parts":[[2022,3,30]],"date-time":"2022-03-30T20:17:25Z","timestamp":1648671445265},"reference-count":0,"publisher":"Escuela Superior de Administracion Publica","issue":"56","license":[{"start":{"date-parts":[[2012,12,1]],"date-time":"2012-12-01T00:00:00Z","timestamp":1354320000000},"content-version":"unspecified","delay-in-days":0,"URL":"http:\/\/creativecommons.org\/licenses\/by-nc-nd\/4.0"}],"content-domain":{"domain":[],"crossmark-restriction":false},"short-container-title":["Adm. Desarro."],"abstract":"<jats:p>.<\/jats:p>","DOI":"10.22431\/25005227.338","type":"journal-article","created":{"date-parts":[[2017,7,5]],"date-time":"2017-07-05T16:06:06Z","timestamp":1499270766000},"page":"7-10","source":"Crossref","is-referenced-by-count":0,"title":["Editorial (Ingl\u00e9s)"],"prefix":"10.22431","volume":"40","author":[{"given":"Pedro Nel","family":"Paez Perez","sequence":"first","affiliation":[],"role":[{"role":"author","vocabulary":"crossref"}]}],"member":"9723","published-online":{"date-parts":[[2012,12,1]]},"container-title":["Administraci\u00f3n &amp; Desarrollo"],"link":[{"URL":"https:\/\/revistas.esap.edu.co\/index.php\/admindesarro\/article\/download\/338\/pdf","content-type":"application\/pdf","content-version":"vor","intended-application":"text-mining"},{"URL":"https:\/\/revistas.esap.edu.co\/index.php\/admindesarro\/article\/download\/338\/pdf","content-type":"unspecified","content-version":"vor","intended-application":"similarity-checking"}],"deposited":{"date-parts":[[2021,11,12]],"date-time":"2021-11-12T19:12:04Z","timestamp":1636744324000},"score":0.0,"resource":{"primary":{"URL":"https:\/\/revistas.esap.edu.co\/index.php\/admindesarro\/article\/view\/338"}},"issued":{"date-parts":[[2012,12,1]]},"references-count":0,"journal-issue":{"issue":"56","published-online":{"date-parts":[[2012,12,1]]}},"URL":"https:\/\/doi.org\/10.22431\/25005227.338","ISSN":["2500-5227","0120-3754"],"issn-type":[{"value":"2500-5227","type":"electronic"},{"value":"0120-3754","type":"print"}],"published":{"date-parts":[[2012,12,1]]}},{"indexed":{"date-parts":[[2022,4,5]],"date-time":"2022-04-05T21:34:12Z","timestamp":1649194452960},"reference-count":0,"publisher":"Escuela Superior de Administracion Publica","issue":"26","license":[{"start":{"date-parts":[[2018,2,28]],"date-time":"2018-02-28T00:00:00Z","timestamp":1519776000000},"content-version":"unspecified","delay-in-days":0,"URL":"http:\/\/creativecommons.org\/licenses\/by-nc-nd\/4.0"}],"content-domain":{"domain":[],"crossmark-restriction":false},"short-container-title":["Nova vetera"],"abstract":"<jats:p>Businesses and corporations have positively influenced and brou- ght opportunities for excluded populations. However, they have also negatively impacted the communities and territories where they operate. Many multinational corporations have incorporated so- cial responsibility (CSR) programs in order to acquire legitimacy and to meet human rights expectations of the host country\u2019s constituen- cies. Nevertheless, to genuinely respect human rights corporations, it is necessary to go beyond the CSR approaches and address the impact they generate with their operations. Porter &amp; Kramer developed the concept of shared value, arguing that corporations can improve their competitiveness and, at same time, advance the economic and social conditions in the communities where they operate. Through Nestl\u00e9\u2019s example in Colombia, this article aims at illustrating how the concept of shared value can work to bring social benefits to excluded populations in a developing country, as well as how it falls short in other human rights challenges that businesses face, specially in situations of armed conflict. It also aims at evidencing some ways in which businesses can overcome these human rights challenges that cannot be addressed by the concept of shared value.\u00a0<\/jats:p>","DOI":"10.22431\/25005103.395","type":"journal-article","created":{"date-parts":[[2018,3,6]],"date-time":"2018-03-06T02:11:14Z","timestamp":1520302274000},"page":"10-21","source":"Crossref","is-referenced-by-count":0,"title":["Operating in armed conflict - A case study of Nestle in Colombia"],"prefix":"10.22431","author":[{"given":"Andrea","family":"Camacho Rinc\u00f3n","sequence":"first","affiliation":[],"role":[{"role":"author","vocabulary":"crossref"}]}],"member":"9723","published-online":{"date-parts":[[2018,2,28]]},"container-title":["Nova et Vetera"],"link":[{"URL":"https:\/\/revistas.esap.edu.co\/index.php\/novaetvetera\/article\/download\/395\/pdf","content-type":"application\/pdf","content-version":"vor","intended-application":"text-mining"},{"URL":"https:\/\/revistas.esap.edu.co\/index.php\/novaetvetera\/article\/download\/395\/pdf","content-type":"unspecified","content-version":"vor","intended-application":"similarity-checking"}],"deposited":{"date-parts":[[2021,11,30]],"date-time":"2021-11-30T03:20:15Z","timestamp":1638242415000},"score":0.0,"resource":{"primary":{"URL":"https:\/\/revistas.esap.edu.co\/index.php\/novaetvetera\/article\/view\/395"}},"issued":{"date-parts":[[2018,2,28]]},"references-count":0,"journal-issue":{"issue":"26","published-online":{"date-parts":[[2018,2,28]]}},"URL":"https:\/\/doi.org\/10.22431\/25005103.395","ISSN":["2500-5103","0123-2614"],"issn-type":[{"value":"2500-5103","type":"electronic"},{"value":"0123-2614","type":"print"}],"published":{"date-parts":[[2018,2,28]]}},{"indexed":{"date-parts":[[2025,12,31]],"date-time":"2025-12-31T20:05:03Z","timestamp":1767211503838,"version":"3.48.0"},"reference-count":0,"publisher":"Escuela Superior de Administracion Publica","issue":"2","license":[{"start":{"date-parts":[[2022,12,28]],"date-time":"2022-12-28T00:00:00Z","timestamp":1672185600000},"content-version":"unspecified","delay-in-days":0,"URL":"https:\/\/creativecommons.org\/licenses\/by-nc-sa\/4.0"}],"content-domain":{"domain":[],"crossmark-restriction":false},"short-container-title":["Adm. Desarro."],"abstract":"<jats:p>One of the latent needs that has been identified in the world, refers to actions that allow the improvement of the environment because of the climatic situations that are living today; therefore, the SDGs (Sustainable Development Goals) In its thirteenth paragraph they propose attention to the situations of climate change, and it is, from this proposal, that the world is working, in particular, for the transformation to renewable energies.Colombia has not been a foreign country to this problem, so it has been pursuing new developments, dedicating itself to research, development and innovation in different types of energy, such as solar, wind, biomass, geothermal, among others, working for the feasibility and benefit of the ER (Renewable Energies) and the time in which an absolute change can be obtained for the benefit of the environment in the territory based in turn on the economic compensation that this transformation generates.In accordance with the foregoing, the present document seeks to identify the economic benefits of renewable energy in Colombia, concluding in the first instance that RE has great potential due to the amount of resources that the region possesses and, Although there are projects and companies that have developed them, they are still not exploited to the maximum, not counting the benefits that could be obtained by using them and giving them the importance they have.<\/jats:p>","DOI":"10.22431\/25005227.vol52n2.9","type":"journal-article","created":{"date-parts":[[2022,12,28]],"date-time":"2022-12-28T09:58:37Z","timestamp":1672221517000},"page":"171-183","source":"Crossref","is-referenced-by-count":0,"title":["Beneficios econ\u00f3micos de la energ\u00eda renovable en Colombia","Economic benefits of renewable energy in Colombia"],"prefix":"10.22431","volume":"52","author":[{"ORCID":"https:\/\/orcid.org\/0000-0002-8930-0450","authenticated-orcid":false,"given":"Uvenny","family":"Quirama Estrada","sequence":"first","affiliation":[],"role":[{"role":"author","vocabulary":"crossref"}]},{"ORCID":"https:\/\/orcid.org\/0000-0002-1047-6673","authenticated-orcid":false,"given":"Jovany","family":"Sep\u00falveda Aguirre","sequence":"additional","affiliation":[],"role":[{"role":"author","vocabulary":"crossref"}]},{"ORCID":"https:\/\/orcid.org\/0000-0001-8771-9218","authenticated-orcid":false,"given":"Mariana","family":"Morelo Machado","sequence":"additional","affiliation":[],"role":[{"role":"author","vocabulary":"crossref"}]},{"ORCID":"https:\/\/orcid.org\/0000-0001-8368-0926","authenticated-orcid":false,"given":"Cristian","family":"Mosquera Roma\u00f1a","sequence":"additional","affiliation":[],"role":[{"role":"author","vocabulary":"crossref"}]},{"ORCID":"https:\/\/orcid.org\/0000-0001-7299-2318","authenticated-orcid":false,"given":"Laura Cristina","family":"Valle Bele\u00f1o","sequence":"additional","affiliation":[],"role":[{"role":"author","vocabulary":"crossref"}]}],"member":"9723","published-online":{"date-parts":[[2022,12,28]]},"container-title":["Administraci\u00f3n &amp; Desarrollo"],"link":[{"URL":"https:\/\/revistas.esap.edu.co\/index.php\/admindesarro\/article\/download\/795\/644","content-type":"application\/pdf","content-version":"vor","intended-application":"text-mining"},{"URL":"https:\/\/revistas.esap.edu.co\/index.php\/admindesarro\/article\/download\/795\/737","content-type":"text\/xml","content-version":"vor","intended-application":"text-mining"},{"URL":"https:\/\/revistas.esap.edu.co\/index.php\/admindesarro\/article\/download\/795\/644","content-type":"unspecified","content-version":"vor","intended-application":"similarity-checking"}],"deposited":{"date-parts":[[2025,12,31]],"date-time":"2025-12-31T20:00:35Z","timestamp":1767211235000},"score":0.0,"resource":{"primary":{"URL":"https:\/\/revistas.esap.edu.co\/index.php\/admindesarro\/article\/view\/795"}},"issued":{"date-parts":[[2022,12,28]]},"references-count":0,"journal-issue":{"issue":"2","published-online":{"date-parts":[[2022,12,28]]}},"URL":"https:\/\/doi.org\/10.22431\/25005227.vol52n2.9","ISSN":["2500-5227","0120-3754"],"issn-type":[{"type":"electronic","value":"2500-5227"},{"type":"print","value":"0120-3754"}],"published":{"date-parts":[[2022,12,28]]}},{"indexed":{"date-parts":[[2022,4,3]],"date-time":"2022-04-03T02:51:42Z","timestamp":1648954302418},"reference-count":0,"publisher":"Escuela Superior de Administracion Publica","issue":"56","license":[{"start":{"date-parts":[[2012,12,1]],"date-time":"2012-12-01T00:00:00Z","timestamp":1354320000000},"content-version":"unspecified","delay-in-days":0,"URL":"http:\/\/creativecommons.org\/licenses\/by-nc-nd\/4.0"}],"content-domain":{"domain":[],"crossmark-restriction":false},"short-container-title":["Adm. Desarro."],"abstract":"<jats:p>An attempt has been made to adopt the merit system, which is an essential element in the management of a modern state, in public administration in, this article seeks to establish the reasons for which the merit system has encountered difficulties in its application throughout the different stages of the administrative, The methodology applied is qualitative, consulting primary and secondary sources, applying the technique of documentary review and analysis, The indicate that the ineffectiveness of the system in mention is due more to questions of political culture than to a technical problem or to a matter of legal development<\/jats:p>","DOI":"10.22431\/25005227.340","type":"journal-article","created":{"date-parts":[[2017,7,5]],"date-time":"2017-07-05T16:06:06Z","timestamp":1499270766000},"page":"27-40","source":"Crossref","is-referenced-by-count":0,"title":["Development of the merit system and the administrative career in Colombia. Context, application and limitations"],"prefix":"10.22431","volume":"40","author":[{"given":"Augusto","family":"\u00c1lvarez Collazos","sequence":"first","affiliation":[],"role":[{"role":"author","vocabulary":"crossref"}]},{"given":"William Guillermo","family":"Jim\u00e9nez Ben\u00edtez","sequence":"additional","affiliation":[],"role":[{"role":"author","vocabulary":"crossref"}]}],"member":"9723","published-online":{"date-parts":[[2012,12,1]]},"container-title":["Administraci\u00f3n &amp; Desarrollo"],"link":[{"URL":"https:\/\/revistas.esap.edu.co\/index.php\/admindesarro\/article\/download\/340\/pdf","content-type":"application\/pdf","content-version":"vor","intended-application":"text-mining"},{"URL":"https:\/\/revistas.esap.edu.co\/index.php\/admindesarro\/article\/download\/340\/pdf","content-type":"unspecified","content-version":"vor","intended-application":"similarity-checking"}],"deposited":{"date-parts":[[2021,11,12]],"date-time":"2021-11-12T19:12:02Z","timestamp":1636744322000},"score":0.0,"resource":{"primary":{"URL":"https:\/\/revistas.esap.edu.co\/index.php\/admindesarro\/article\/view\/340"}},"issued":{"date-parts":[[2012,12,1]]},"references-count":0,"journal-issue":{"issue":"56","published-online":{"date-parts":[[2012,12,1]]}},"URL":"https:\/\/doi.org\/10.22431\/25005227.340","ISSN":["2500-5227","0120-3754"],"issn-type":[{"value":"2500-5227","type":"electronic"},{"value":"0120-3754","type":"print"}],"published":{"date-parts":[[2012,12,1]]}},{"indexed":{"date-parts":[[2022,4,2]],"date-time":"2022-04-02T21:11:23Z","timestamp":1648933883978},"reference-count":0,"publisher":"Escuela Superior de Administraci\u00f3n P\u00fablica","isbn-type":[{"value":"9789586524285","type":"print"}],"content-domain":{"domain":[],"crossmark-restriction":false},"DOI":"10.22431\/9789586524285","type":"book","created":{"date-parts":[[2018,4,25]],"date-time":"2018-04-25T21:56:57Z","timestamp":1524693417000},"source":"Crossref","is-referenced-by-count":0,"title":["Integraci\u00f3n y acuerdos regionales mundiales"],"prefix":"10.22431","author":[{"given":"Luis Nelson","family":"Beltr\u00e1n Mora","sequence":"first","affiliation":[],"role":[{"role":"author","vocabulary":"crossref"}]}],"member":"9723","published-online":{"date-parts":[[2018,4,6]]},"deposited":{"date-parts":[[2018,4,25]],"date-time":"2018-04-25T21:56:58Z","timestamp":1524693418000},"score":0.0,"resource":{"primary":{"URL":"http:\/\/www.esap.edu.co\/portal\/\/wp-content\/uploads\/2017\/09\/3.-Integraci\u00f3n-y-Acuerdos-Pages.pdf"}},"issued":{"date-parts":[[2018,4,6]]},"ISBN":["9789586524285"],"references-count":0,"URL":"https:\/\/doi.org\/10.22431\/9789586524285","published":{"date-parts":[[2018,4,6]]}},{"indexed":{"date-parts":[[2022,4,6]],"date-time":"2022-04-06T02:19:09Z","timestamp":1649211549355},"reference-count":0,"publisher":"Escuela Superior de Administraci\u00f3n P\u00fablica","isbn-type":[{"value":"9789586524278","type":"print"}],"content-domain":{"domain":[],"crossmark-restriction":false},"DOI":"10.22431\/9789586524278","type":"book","created":{"date-parts":[[2018,4,26]],"date-time":"2018-04-26T02:19:57Z","timestamp":1524709197000},"source":"Crossref","is-referenced-by-count":0,"title":["Pol\u00edtica de\u00a0seguridad alimentaria nutricional (SAN) y desarrollo nutricional en Colombia"],"prefix":"10.22431","author":[{"given":"Mauricio","family":"Betancourt Garc\u00eda","sequence":"first","affiliation":[],"role":[{"role":"author","vocabulary":"crossref"}]}],"member":"9723","published-online":{"date-parts":[[2018,4,6]]},"deposited":{"date-parts":[[2018,4,26]],"date-time":"2018-04-26T02:19:58Z","timestamp":1524709198000},"score":0.0,"resource":{"primary":{"URL":"http:\/\/www.esap.edu.co\/portal\/\/wp-content\/uploads\/2018\/04\/10.-Seguridad-alimentaria-nutricional-digital.pdf"}},"issued":{"date-parts":[[2018,4,6]]},"ISBN":["9789586524278"],"references-count":0,"URL":"https:\/\/doi.org\/10.22431\/9789586524278","published":{"date-parts":[[2018,4,6]]}},{"indexed":{"date-parts":[[2025,11,6]],"date-time":"2025-11-06T16:51:44Z","timestamp":1762447904540,"version":"build-2065373602"},"reference-count":0,"publisher":"Escuela Superior de Administracion Publica","issue":"26","license":[{"start":{"date-parts":[[2018,2,28]],"date-time":"2018-02-28T00:00:00Z","timestamp":1519776000000},"content-version":"unspecified","delay-in-days":0,"URL":"http:\/\/creativecommons.org\/licenses\/by-nc-nd\/4.0"}],"content-domain":{"domain":[],"crossmark-restriction":false},"short-container-title":["Nova vetera"],"abstract":"<jats:p>En el desarrollo de la investigaci\u00f3n adelantada en la esap \u2013 Territorial Cundinamarca durante el a\u00f1o 2016 \u201cDerechos humanos y medio ambiente en las \u00e1reas protegidas de la regi\u00f3n del\u00a0Sumapaz\u201d, se relacionaron los principales aspectos que surgen de la interpretaci\u00f3n te\u00f3rica y conceptual que las autoridades, los altos tribunales y la gente del com\u00fan tienen sobre lo que constituyen los derechos ambientales y su relaci\u00f3n con los derechos humanos frente al uso y utilizaci\u00f3n de \u00e1reas protegidas.Para este efecto se profundiza en los diferentes criterios y conceptos que rodean el contexto del derecho ambiental integrado con los derechos humanos fundamentales, para lo cual la investigaci\u00f3n se apoya en las tendencias que en el \u00e1mbito nacional e internacional se establecen, cuyo resultado demuestra una gran diversidad de criterios doctrinales, culturales y jur\u00eddicos que permiten analizar, desde una visi\u00f3n paradigm\u00e1tica, las tesis que han acompa\u00f1ado el debate ambientalista en Colombia.\u00a0<\/jats:p>","DOI":"10.22431\/25005103.397","type":"journal-article","created":{"date-parts":[[2018,3,5]],"date-time":"2018-03-05T21:11:14Z","timestamp":1520284274000},"page":"41-87","source":"Crossref","is-referenced-by-count":1,"title":["Medio ambiente y derechos humanos fundamentos te\u00f3rico-jur\u00eddicos de integraci\u00f3n en Colombia"],"prefix":"10.22431","author":[{"given":"William","family":"Leguizam\u00f3n Acosta","sequence":"first","affiliation":[],"role":[{"role":"author","vocabulary":"crossref"}]}],"member":"9723","published-online":{"date-parts":[[2018,2,28]]},"container-title":["Nova et Vetera"],"link":[{"URL":"https:\/\/revistas.esap.edu.co\/index.php\/novaetvetera\/article\/download\/397\/444","content-type":"application\/pdf","content-version":"vor","intended-application":"text-mining"},{"URL":"https:\/\/revistas.esap.edu.co\/index.php\/novaetvetera\/article\/download\/397\/444","content-type":"unspecified","content-version":"vor","intended-application":"similarity-checking"}],"deposited":{"date-parts":[[2025,11,6]],"date-time":"2025-11-06T16:45:43Z","timestamp":1762447543000},"score":0.0,"resource":{"primary":{"URL":"https:\/\/revistas.esap.edu.co\/index.php\/novaetvetera\/article\/view\/397"}},"issued":{"date-parts":[[2018,2,28]]},"references-count":0,"journal-issue":{"issue":"26","published-online":{"date-parts":[[2018,2,28]]}},"URL":"https:\/\/doi.org\/10.22431\/25005103.397","ISSN":["2500-5103","0123-2614"],"issn-type":[{"type":"electronic","value":"2500-5103"},{"type":"print","value":"0123-2614"}],"published":{"date-parts":[[2018,2,28]]}},{"indexed":{"date-parts":[[2025,5,14]],"date-time":"2025-05-14T07:41:27Z","timestamp":1747208487773,"version":"3.40.5"},"reference-count":26,"publisher":"Escuela Superior de Administracion Publica","issue":"1","license":[{"start":{"date-parts":[[2020,6,30]],"date-time":"2020-06-30T00:00:00Z","timestamp":1593475200000},"content-version":"unspecified","delay-in-days":0,"URL":"http:\/\/creativecommons.org\/licenses\/by-nc-nd\/4.0"}],"content-domain":{"domain":[],"crossmark-restriction":false},"short-container-title":["Adm. Desarro."],"abstract":"<jats:p>El presente trabajo parte del an\u00e1lisis de datos como, por ejemplo, los indicadores de calidad de vida usados para medir la eficiencia y efectividad de las pol\u00edticas p\u00fablicas como instrumento en el marco de actuaci\u00f3n institucional donde se tiene en cuenta la negociaci\u00f3n con los diferentes actores.Por lo tanto, estudiarlas es comprender al Estado en acci\u00f3n sobre la vida social. Adem\u00e1s de aprender de ellos en el transcurso de su ejecuci\u00f3n; por medio de m\u00e9todos cualitativos con hincapi\u00e9 en la observaci\u00f3n de la informaci\u00f3n de documentos, art\u00edculos e informes, recopilada a trav\u00e9s de plataformas inform\u00e1ticas.Se analizar\u00e1 en primer lugar la tem\u00e1tica bajo el estudio de caso de las pol\u00edticas p\u00fablicas implementadas por las instituciones gubernamentales de los pa\u00edses de Rusia, Suecia y Colombia, apoyado en la recolecci\u00f3n de datos para el an\u00e1lisis de la informaci\u00f3n en la toma de decisiones; segundo, el an\u00e1lisis multicriterio enfocado en Colombia, aplicado desde la jerarquizaci\u00f3n y la tendencia de los criterios, basado encinco criterios claves con sus respectivas variables tales como criterio econ\u00f3mico evaluado desde la tasa de desempleo; el criterio t\u00e9cnico, desde el \u00edndice de competitividad; criterio social, desde el \u00edndice de calidad de vida; criterio institucional, medido a trav\u00e9s del nivel de confianza de los ciudadanos en el gobierno; y el criterio pol\u00edtico evaluado con el \u00edndice de efectividad del gobierno; tercero, la metodolog\u00eda Delphi, llevada a cabo a trav\u00e9s de laconsulta a tres expertos en el manejo a lo concerniente a las pol\u00edticas p\u00fablicas del municipio de San Carlos, por su perfil profesional y experiencia y con la teor\u00eda de juegos \u201cdilema del prisionero\u201d; y por \u00faltimo se plante\u00f3 una l\u00ednea basal en la evaluaci\u00f3n de pol\u00edticas p\u00fablicas en el municipio de San Carlos, Antioquia.<\/jats:p>","DOI":"10.22431\/25005227.vol50n1.1","type":"journal-article","created":{"date-parts":[[2021,11,7]],"date-time":"2021-11-07T20:52:27Z","timestamp":1636318347000},"page":"6-34","source":"Crossref","is-referenced-by-count":0,"title":["Revisi\u00f3n sobre la formulaci\u00f3n, implementaci\u00f3n y evaluaci\u00f3n de las pol\u00edticas p\u00fablicas en Colombia"],"prefix":"10.22431","volume":"50","author":[{"ORCID":"https:\/\/orcid.org\/0000-0001-8564-0397","authenticated-orcid":false,"given":"Jahir A.","family":"Guti\u00e9rrez O.","sequence":"first","affiliation":[],"role":[{"role":"author","vocabulary":"crossref"}]},{"given":"Viviana A.","family":"Garc\u00eda M.","sequence":"additional","affiliation":[],"role":[{"role":"author","vocabulary":"crossref"}]},{"given":"Ingry C.","family":"Buitrago C.","sequence":"additional","affiliation":[],"role":[{"role":"author","vocabulary":"crossref"}]},{"given":"Alba L.","family":"Yepes G.","sequence":"additional","affiliation":[],"role":[{"role":"author","vocabulary":"crossref"}]},{"given":"Franklin A.","family":"Hincapie H.","sequence":"additional","affiliation":[],"role":[{"role":"author","vocabulary":"crossref"}]}],"member":"9723","published-online":{"date-parts":[[2020,6,30]]},"reference":[{"key":"943","unstructured":"Agh\u00f3n, G., Alburquerque, F., & Cort\u00e9s, P. (agosto de 2001). Desarrollo econ\u00f3mico local y descentralizaci\u00f3n en Am\u00e9rica Latina: an\u00e1lisis comparativo. Santiago de Chile: CEPAL. Recuperado de https:\/\/repositorio.cepal.org\/bitstream\/handle\/11362\/2691\/4\/S2001704_es.pdf"},{"key":"944","unstructured":"Alcald\u00eda Mayor de Bogot\u00e1. (2017). Gu\u00eda para la formulaci\u00f3n e implementaci\u00f3n de pol\u00edticas p\u00fablicas del Distrito. Obtenido de http:\/\/www.sdp.gov.co\/sites\/default\/files\/guia_para_la_formulacion_pp_wf_1.pdf"},{"key":"945","unstructured":"Alcald\u00eda Mayor de Bogot\u00e1. (2019). Pol\u00edtica de Gesti\u00f3n integral del sector de h\u00e1bitat para Bogot\u00e1 D.C. Documento T\u00e9cnico de soporte -DTS.Recuperado de https:\/\/ovdc-5c280b.ingress-alpha.easywp.com\/wp-content\/uploads\/2019\/11\/Dts-1.pdf"},{"key":"946","unstructured":"Alcald\u00eda Municipal San Carlos Antioquia. (2012). Plan de desarrollo municipal 2012-2015. Obtenido de http:\/\/docplayer.es\/7506347-Gabinete-municipal-ebrin-mosquera-ibarguen-alcalde-municipal.html"},{"key":"947","unstructured":"Alcald\u00eda Municipal San Carlos Antioquia. (2019). Plan Nacional de Desarrollo 2018-2022. Obtenido de https:\/\/www.sancarlos-antioquia.gov.co\/Paginas\/default.aspx"},{"key":"948","unstructured":"Alcald\u00eda Municipal San Carlos Antioquia. (2020). Plan de Desarrollo San Carlos Somos Todos 2020-2023.Recuperado de https:\/\/www.sancarlos-antioquia.gov.co\/Transparencia\/PLANDEDESARROLLOSANCARLOSSOMOSTODOS\/Documentos%20compartidos\/PLAN%20DESARROLLO%20SAN%20CARLOS%20SOMOS%20TODOS.pdf"},{"key":"949","unstructured":"Asuntos legales. (2012). Elementos de las pol\u00edticas p\u00fablicas en Colombia.Recuperado de https:\/\/www.asuntoslegales.com.co\/actualidad\/elementos-de-las-politicas-publicas-en-colombia-2009287"},{"key":"950","unstructured":"Berm\u00fadez, W., & Morales Manzur, J. (2012). Estado Social de Derecho: Consideraciones sobre su trayectoria hist\u00f3rica en Colombia a partir de 1991. Cuestiones pol\u00edticas, 28(48), pp. 51-77. Recuperado de https:\/\/www.corteidh.or.cr\/tablas\/r30193.pdf"},{"key":"951","unstructured":"Cabrera, L., & Pach\u00f3n, W. (2017). Impacto socioecon\u00f3mico del desminado humanitario. an\u00e1lisis de los casos de restituci\u00f3n de tierras de las comunidades de San Francisco y San Carlos (Antioquia, Colombia).Recuperado de https:\/\/www.unilim.fr\/trahs\/365"},{"key":"952","doi-asserted-by":"crossref","unstructured":"Campos y Covarrubias, G., & Lule Mart\u00ednez, N. (2012). La observaci\u00f3n, un m\u00e9todo para el estudio de la realidad. Xihmai, VII(13), pp. 45-60. Recuperado de https:\/\/biblat.unam.mx\/hevila\/XihmaiPachucaHgo\/2012\/vol7\/no13\/3.pdf","DOI":"10.37646\/xihmai.v7i13.202"},{"key":"953","unstructured":"Castro, C. (2008). Suecia, \u00bfmodelo de pol\u00edticas p\u00fablicas? Obtenido de https:\/\/rebelion.org\/suecia-modelo-de-politicas-publicas\/"},{"key":"954","unstructured":"Gamble, A. (2017). El estado de bienestar y las pol\u00edticas de austeridad. OpenMindBBVA."},{"key":"955","unstructured":"Graglia, J. E. (2017). Politicas Publicas 12 retos del siglo 21. Asociaci\u00f3n Civil de Estudios Populares. Recuperado de http:\/\/docplayer.es\/50375309-Jose-emilio-graglia-politicas-publicas-12-retos-del-siglo-21.html"},{"key":"956","unstructured":"Herrera, J. (2020). Caminos de sensatez.Recuperado de https:\/\/www.hoydiariodelmagdalena.com.co\/archivos\/338901"},{"key":"957","unstructured":"Knoema. (2020). Atlas Mundial de Datos.Recuperado de https:\/\/knoema.es\/atlas\/Suecia\/PIB"},{"key":"958","unstructured":"Knoema. (s.f.). Colombia - Producto interno bruto. Recuperado de https:\/\/knoema.es\/atlas\/Colombia\/PIB"},{"key":"959","unstructured":"Molina Morales, J. (2020). Entrevista realizada a l\u00edder de comunidades."},{"key":"960","unstructured":"\u00d3chkina, A. (2014). El Estado social en Rusia. Lecciones del pasado, desaf\u00edos del presente y lineamientos del futuro. Nueva Sociedad(253). Recuperado de https:\/\/pre.nuso.org\/articulo\/el-estado-social-en-rusia-lecciones-del-pasado-desafios-del-presente-y-lineamientos-del-futuro\/imprimir\/"},{"key":"961","unstructured":"OECD Better Life Index. (s.f. a). Federaci\u00f3n de Rusia. Recuperado de https:\/\/www.oecdbetterlifeindex.org\/es\/countries\/russian-federation-es\/"},{"key":"962","unstructured":"OECD Better Life Index. (s.f. b). Suecia.Recuperado de https:\/\/www.oecdbetterlifeindex.org\/es\/countries\/sweden-es\/"},{"key":"963","unstructured":"OECD Better Life Index. (s.f. c). Colombia.Recuperado de http:\/\/www.oecdbetterlifeindex.org\/es\/countries\/colombia-es\/"},{"key":"964","unstructured":"P\u00e9rez, A. (2008). pol\u00edticas p\u00fablicas para la Promoci\u00f3n del Desarrollo Econ\u00f3mico Territorial. Serie Reflexiones y Aprendizajes ASOCAM. Recuperado de http:\/\/www.socioeco.org\/bdf_fiche-publication-796_es.html"},{"key":"965","unstructured":"Posada Garc\u00eda, I. (2020). Entrevista a exalcalde y profesional en el \u00e1rea jur\u00eddica de un municipio de Antioquia."},{"key":"966","unstructured":"Rosental , M., & Ludin, P. (1946). Diccionario filos\u00f3fico marxista. Santiago de Chile: Ediciones Pueblos Unidos."},{"key":"967","unstructured":"Santillana Atistizabal, A. (2020). Entrevista realizada a ingeniera ambiental."},{"key":"968","unstructured":"Visi\u00f3n Mundial. (2014). T\u00e9rminos de referencia para L\u00ednea Base. Rep\u00fablica Dominicana: Visi\u00f3n Mundial. Recuperado de http:\/\/docplayer.es\/32688716-Terminos-de-referencia-para-linea-base.html"}],"container-title":["Administraci\u00f3n y Desarrollo"],"link":[{"URL":"https:\/\/revistas.esap.edu.co\/index.php\/admindesarro\/article\/download\/551\/511","content-type":"application\/pdf","content-version":"vor","intended-application":"text-mining"},{"URL":"https:\/\/revistas.esap.edu.co\/index.php\/admindesarro\/article\/download\/551\/511","content-type":"unspecified","content-version":"vor","intended-application":"similarity-checking"}],"deposited":{"date-parts":[[2021,11,7]],"date-time":"2021-11-07T20:54:40Z","timestamp":1636318480000},"score":0.0,"resource":{"primary":{"URL":"https:\/\/revistas.esap.edu.co\/index.php\/admindesarro\/article\/view\/551"}},"issued":{"date-parts":[[2020,6,30]]},"references-count":26,"journal-issue":{"issue":"1","published-online":{"date-parts":[[2020,6,30]]}},"URL":"https:\/\/doi.org\/10.22431\/25005227.vol50n1.1","ISSN":["2500-5227","0120-3754"],"issn-type":[{"type":"electronic","value":"2500-5227"},{"type":"print","value":"0120-3754"}],"published":{"date-parts":[[2020,6,30]]}},{"indexed":{"date-parts":[[2026,8,18]],"date-time":"2026-08-18T03:47:31Z","timestamp":1787024851888,"version":"build-2736575974"},"reference-count":56,"publisher":"Escuela Superior de Administracion Publica","issue":"1","license":[{"start":{"date-parts":[[2022,6,30]],"date-time":"2022-06-30T00:00:00Z","timestamp":1656547200000},"content-version":"unspecified","delay-in-days":0,"URL":"https:\/\/creativecommons.org\/licenses\/by-nc-sa\/4.0"}],"content-domain":{"domain":[],"crossmark-restriction":false},"short-container-title":["Adm. Desarro."],"abstract":"<jats:p>This literature review seeks to identify the enablers that impact the effectiveness of internal audit in the public sector, as well as future lines of research on the subject. For this it was developed a research with a qualitative approach and descriptive scope using structured literature review (SLR) in high-impact databases. The results show that competence, support of the administration, independence, and relationship of the internal audit with external audit and audit committee were the most recurrent enablers that could influence the effectiveness of internal audit. In addition, it is important to pay attention, both theoretically and empirically, to the development of new categories of analysis on enablers based on the use of new technologies, such as those that have emerged in industry 4.0.<\/jats:p>","DOI":"10.22431\/25005227.vol52n1.5","type":"journal-article","created":{"date-parts":[[2022,12,8]],"date-time":"2022-12-08T07:30:35Z","timestamp":1670484635000},"page":"74-94","source":"Crossref","is-referenced-by-count":1,"title":["La efectividad de la auditor\u00eda interna en el sector p\u00fablico: una revisi\u00f3n de literatura","The effectiveness of internal auditing in the public sector: a literature review"],"prefix":"10.22431","volume":"52","author":[{"ORCID":"https:\/\/orcid.org\/0000-0001-6666-6444","authenticated-orcid":false,"given":"Diego Armando","family":"Jurado-Zambrano","sequence":"first","affiliation":[],"role":[{"vocabulary":"crossref","role":"author"}]},{"ORCID":"https:\/\/orcid.org\/0000-0002-4746-8247","authenticated-orcid":false,"given":"Jonathan David","family":"Armijo-Perea","sequence":"additional","affiliation":[],"role":[{"vocabulary":"crossref","role":"author"}]}],"member":"9723","published-online":{"date-parts":[[2022,6,30]]},"reference":[{"key":"5871","doi-asserted-by":"crossref","unstructured":"Adams, M. (1994b). Agency theory and the internal audit. Managerial Auditing Journal, 9(8), 8-12.","DOI":"10.1108\/02686909410071133"},{"key":"5872","doi-asserted-by":"crossref","unstructured":"Aikins, S. K. (2013). Government internal audits: the determinants of quality supervisory review of audit documentation. International Journal of Public Administration, 36(10), 673-685. https:\/\/doi.org\/10.1080\/01900692.2013.791309","DOI":"10.1080\/01900692.2013.791309"},{"key":"5873","doi-asserted-by":"crossref","unstructured":"Al-Twaijry, A. A. M., Brierley, J. A. and Gwilliam, D. R. (2003). The development of internal audit in Saudi Arabia: an institutional theory perspective. Critical Perspectives on Accounting, 14(5), 507-531. https:\/\/doi.org\/10.1016\/S1045-2354(02)00158-2","DOI":"10.1016\/S1045-2354(02)00158-2"},{"key":"5874","unstructured":"Aloudat, A. A., Abulaila, M. D., Gadour, W. H. Y., Ibrahim Salih, K. Y., Aljishi, S. A. S. and Almohammadi, H. T. S. (2020). The role of international standards for internal auditing to reduce financial and administrative corruption on public shareholding companies in the Kingdom of Saudi Arabia. Academy of Accounting and Financial Studies Journal, 24(2)."},{"key":"5875","unstructured":"Alshbiel, S. O. (2017). Internal Auditing Effectiveness Success Model: A Study on Jordanian Industrial Firms. Economics, Finance and Social Sciences Finance and Social Sciences, April, 28-30."},{"key":"5876","doi-asserted-by":"crossref","unstructured":"Alzeban, A. and Gwilliam, D. (2014). Factors affecting the internal audit effectiveness: A survey of the Saudi public sector. Journal of International Accounting, Auditing and Taxation, 23(2), 74-86. https:\/\/doi.org\/10.1016\/j.intaccaudtax.2014.06.001","DOI":"10.1016\/j.intaccaudtax.2014.06.001"},{"key":"5877","doi-asserted-by":"crossref","unstructured":"Arena, M. and Azzone, G. (2009). Identifying organizational drivers of internal audit effectiveness. International Journal of Auditing, 13, 43-60. https:\/\/doi.org\/10.1111\/j.1099-1123.2008.00392.x","DOI":"10.1111\/j.1099-1123.2008.00392.x"},{"key":"5878","unstructured":"Chambers, R. (2014). We can audit anything-but not everything. https:\/\/www.richardchambers.com\/we-can-audit-anything-but-not-everything\/."},{"key":"5879","doi-asserted-by":"crossref","unstructured":"Cioban, A. N., Hlaciuc, E. and Zaiceanu, A. M. (2015). The impact and results of the internal audit activity exercised in the public sector in Romania. Procedia Economics and Finance, 32, 394-399. https:\/\/doi.org\/10.1016\/s2212-5671(15)01409-4","DOI":"10.1016\/S2212-5671(15)01409-4"},{"key":"5880","doi-asserted-by":"crossref","unstructured":"Coetzee, P. and Erasmus, L. (2018). Drivers of stakeholders\u2019 view of internal audit effectiveness. Managerial Auditing Journal, 33(1), 90-114. https:\/\/doi.org\/10.1108\/MAJ-05-2017-1558","DOI":"10.1108\/MAJ-05-2017-1558"},{"key":"5881","doi-asserted-by":"crossref","unstructured":"Coetzee, P. and Erasmus, L. J. (2017). What drives and measures public sector internal audit effectiveness? Dependent and independent variables. International Journal of Auditing, 21(3), 237-248. https:\/\/doi.org\/10.1111\/ijau.12097","DOI":"10.1111\/ijau.12097"},{"key":"5882","unstructured":"Cogollo Fl\u00f3rez, J. M. and Correa Espinal, A. A. (2017). La gesti\u00f3n de la calidad en cadenas de suministro: Desarrollos y tendencias. Espacios, 38(37), 43-56."},{"key":"5883","doi-asserted-by":"crossref","unstructured":"Cohen, A. and Sayag, G. (2010). The effectiveness of internal auditing: an empirical examination of its determinants in Israeli Organisations. Australian Accounting Review, September. https:\/\/doi.org\/10.1111\/j.1835-2561.2010.00092.x","DOI":"10.1111\/j.1835-2561.2010.00092.x"},{"key":"5884","doi-asserted-by":"crossref","unstructured":"D\u2019Aquila, J. M. (2006). Is the control environment related to financial reporting decisions? Managerial Auditing Journal, 13(8), 472-478.","DOI":"10.1108\/02686909810236334"},{"key":"5885","doi-asserted-by":"crossref","unstructured":"D\u2019Onza, G., Selim, G. M., Melville, R. and Allegrini, M. (2015). A study on internal auditor perceptions of the function ability to add value. International Journal of Auditing, 19(3), 182-194. https:\/\/doi.org\/10.1111\/ijau.12048","DOI":"10.1111\/ijau.12048"},{"key":"5886","doi-asserted-by":"crossref","unstructured":"Drogalas, G., Karagiorgos, T. and Arampatzis, K. (2015). Factors associated with internal audit effectiveness: evidence from Greece. Journal of Accounting and Taxation, 7(7), 113-122. https:\/\/doi.org\/10.5897\/JAT2015.0182","DOI":"10.5897\/JAT2015.0182"},{"key":"5887","doi-asserted-by":"crossref","unstructured":"Dzomira, S. (2020). Corporate Governance and Performance of Audit Committee and Internal Audit Functions in an Emerging Economy\u2019s Public Sector. Indian Journal of Corporate Governance, 13(1), 85-98. https:\/\/doi.org\/10.1177\/0974686220923789","DOI":"10.1177\/0974686220923789"},{"key":"5888","doi-asserted-by":"crossref","unstructured":"Emmanuel, O. E., Ajanya, M. A. and Audu, F. (2013). An assessment of internal control Audit on the efficency of public sector in Kogi State Nigeria. Mediterranean Journal of Social Sciences, 4(11), 717-726. https:\/\/doi.org\/10.5901\/mjss.2013.v4n11p717","DOI":"10.5901\/mjss.2013.v4n11p717"},{"key":"5889","doi-asserted-by":"crossref","unstructured":"Erasmus, L. and Coetzee, P. (2018). Drivers of stakeholders\u2019 view of internal audit effectiveness: Management versus audit committee. Managerial Auditing Journal, 33(1), 90-114. https:\/\/doi.org\/10.1108\/MAJ-05-2017-1558","DOI":"10.1108\/MAJ-05-2017-1558"},{"key":"5890","doi-asserted-by":"crossref","unstructured":"Eulerich, M., Georgi, C. and Schmidt, A. (2020). Continuous Auditing and Risk-Based Audit Planning\u2014An Empirical Analysis. Journal of Emerging Technologies in Accounting, 17(2), 141\u2013155. https:\/\/meridian.allenpress.com\/jeta\/article-abstract\/17\/2\/141\/442638\/Continuous-Auditing-and-Risk-Based-Audit-Planning?redirectedFrom=fulltext","DOI":"10.2308\/JETA-2020-004"},{"key":"5891","unstructured":"Faradiba, H., Ningsih, S. A., Andrew, L. and Muda, I. (2020). The Ideal Financial Audit Models for Private Sector Assistance against COVID-19 Pandemic. International Journal of Research and Review Vol.7;, 7(4), 248-255."},{"key":"5892","doi-asserted-by":"crossref","unstructured":"Fetai, B. and Mjaku, G. (2020). The determinants and efficiency of auditing in the Republic of Kosovo. International Journal of Public Sector Performance Management, 6(1), 56\u201367. https:\/\/doi.org\/10.1504\/IJPSPM.2020.105088","DOI":"10.1504\/IJPSPM.2020.105088"},{"key":"5893","doi-asserted-by":"crossref","unstructured":"Gomez-Mejia, L., Wiseman, R. M. and Johnson Dykes, B. (2005). Agency problems in diverse contexts: A global perspective. Journal of Management Studies, 42(7), 1507-1517. https:\/\/doi.org\/10.1111\/j.1467-6486.2005.00554.x","DOI":"10.1111\/j.1467-6486.2005.00554.x"},{"key":"5894","doi-asserted-by":"crossref","unstructured":"Goodwin-Stewart,J. and Kent, P.(2006).Theuseof internal audit by Australian companies. Managerial Auditing Journal, 21(1), 81-101. https:\/\/doi.org\/10.1108\/02686900610634775","DOI":"10.1108\/02686900610634775"},{"key":"5895","unstructured":"Haeridistia, N. and Fadjarenie, A. (2019). The Effect of Independence, Professional Ethics & Auditor Experience on Audit Quality. International Journal of Scientific & Technology Research, 8(2). https:\/\/farapaper.com\/wp-content\/uploads\/2019\/12\/Fardapaper-The-Effect-Of-Independence-Professional-Ethics-Auditor-Experience-On-Audit-Quality.pdf"},{"key":"5896","unstructured":"IIA. (2012). Supplemental guidance: the role of auditing in public sector governance. En The Institute of Internal Auditors (p. 26)."},{"key":"5897","doi-asserted-by":"crossref","unstructured":"IIA. (2017). The Relationship between organisational attributes and Internal audit effectiveness IIA. CBOK, 474, 11-24. https:\/\/doi.org\/10.15611\/pn.2017.474.01","DOI":"10.15611\/pn.2017.474.01"},{"key":"5898","unstructured":"Institute of Internal Auditors. (2017). Marco Internacional para la pr\u00e1ctica profesional de la auditor\u00eda interna (p. 235)."},{"key":"5899","doi-asserted-by":"crossref","unstructured":"Jensen, M. C. and Meckling, W. H. (1976). Theory of the firm: managerial behavior, agency costs and ownership structure. Journal of Financial Economics, 4, 305-360.","DOI":"10.1016\/0304-405X(76)90026-X"},{"key":"5900","doi-asserted-by":"crossref","unstructured":"Kitchenham, B. (2004). Procedures for performing systematic reviews. En Joint Technical Report. Australia: Department of Computer Science. Keele University, 14(0), 207\u2013222. https:\/\/doi.org\/10.1111\/1467-8551.00375","DOI":"10.1111\/1467-8551.00375"},{"key":"5901","unstructured":"Kitchenham, B. and Charters, S. (2007). Guidelines for performing Systematic Literature Reviews in Software Engineering. https:\/\/doi.org\/10.1145\/1134285.1134500"},{"key":"5902","doi-asserted-by":"crossref","unstructured":"Kotb, A., Elbardan, H. and Halabi, H. (2020a). Mapping of internal audit research: a post-Enron structured literatura review. Accounting, Auditing & Accountability Journal, 33(8), 1969\u20131996.","DOI":"10.1108\/AAAJ-07-2018-3581"},{"key":"5903","doi-asserted-by":"crossref","unstructured":"Kotb, A., Elbardan, H. and Halabi, H. (2020b). Mapping of internal audit research: a post-Enron structured literature review. Accounting, Auditing and Accountability Journal, 33(8), 1969-1996. https:\/\/doi.org\/10.1108\/AAAJ-07-2018-3581","DOI":"10.1108\/AAAJ-07-2018-3581"},{"key":"5904","doi-asserted-by":"crossref","unstructured":"Lenz, R. and Hahn, U. (2015). A synthesis of empirical internal audit effectiveness literature pointing to new research opportunities. Managerial Auditing Journal, 30(1), 5-33. https:\/\/doi.org\/10.1108\/MAJ-08-2014-1072","DOI":"10.1108\/MAJ-08-2014-1072"},{"key":"5905","doi-asserted-by":"crossref","unstructured":"Liston-Heyes, C. and Juillet, L. (2020). Burdens of transparency: An analysis of public sector internal auditing. Public Administration, 98(3), 1-16. https:\/\/doi.org\/10.1111\/padm.12654","DOI":"10.1111\/padm.12654"},{"key":"5906","doi-asserted-by":"crossref","unstructured":"Lois, P., Drogalas, G., Karagiorgos, T. and Tsikalakis, K. (2020). The contribution of internal audit in the digital era. Opportunities, risks and challenges. EuroMed Journal of Business, 15(2). https:\/\/doi.org\/10.1108\/EMJB-07-2019-0097.","DOI":"10.1108\/EMJB-07-2019-0097"},{"key":"5907","doi-asserted-by":"crossref","unstructured":"Lois, Petros, Drogalas, G., Nerantzidis, M., Georgiu, I. and Gkampeta, E. (2020). Risk-based internal audit: factors related to its implementation. Corporate Governance (Bingley), 21(4), 645-662. https:\/\/doi.org\/10.1108\/CG-08-2020-0316","DOI":"10.1108\/CG-08-2020-0316"},{"key":"5908","doi-asserted-by":"crossref","unstructured":"Manita, R., Elommal, N., Baudier, P. and Hikkerova, L. (2020). The digital transformation of external audit and its impact on corporate governance. Technological Forecasting and Social Change, 150(August 2019), 119751. https:\/\/doi.org\/10.1016\/j.techfore.2019.119751","DOI":"10.1016\/j.techfore.2019.119751"},{"key":"5909","unstructured":"Mbewu, B. W. and Barac, K. (2017). Effective internal audit activities in local government: Fact or fiction? Southern African Journal of Accountability and Auditing Research, 19, 15-33."},{"key":"5910","doi-asserted-by":"crossref","unstructured":"Mihret, D. G. and Yismaw, A. W. (2007). Internal audit effectiveness: an Ethiopian public sector case study. Managerial Auditing, 22(5), 470-484. https:\/\/doi.org\/10.1108\/02686900710750757","DOI":"10.1108\/02686900710750757"},{"key":"5911","doi-asserted-by":"crossref","unstructured":"Mustapha, M. and Ahmad, A. C. (2011). Agency Theory and Managerial Ownership: Evidence from Malaysia. Managerial Auditing Journal, 26(5), 419-436. https:\/\/doi.org\/10.1108\/02686901111129571","DOI":"10.1108\/02686901111129571"},{"key":"5912","doi-asserted-by":"crossref","unstructured":"Oppong, C., Fofack, A. D. and Boakye-Yiadom, E. (2021). Efficacy of public sector audits in the provision of quality healthcare in Ghana. Journal of Economic and Administrative Sciences. https:\/\/doi.org\/10.1108\/jeas-03-2021-0045","DOI":"10.1108\/JEAS-03-2021-0045"},{"key":"5913","doi-asserted-by":"crossref","unstructured":"Rakipi, R., De Santis, F. and D\u2019Onza, G. (2021). Correlates of the internal audit function\u2019s use of data analytics in the big data era: Global evidence. Journal of International Accounting, Auditing and Taxation, 42, 1-12. https:\/\/doi.org\/10.1016\/j.intaccaudtax.2020.100357","DOI":"10.1016\/j.intaccaudtax.2020.100357"},{"key":"5914","unstructured":"Ross, S. A. (1973). The Economic Theory of Agency : The Principal\u2019s Problem. The American Economic Review, 63(2), 134-139."},{"key":"5915","doi-asserted-by":"crossref","unstructured":"Roussy, M., Barbe, O. and Raimbault, S. (2020). Internal audit: from effectiveness to organizational significance. Managerial Auditing Journal, 35(2), 322-342. https:\/\/doi.org\/10.1108\/MAJ-01-2019-2162","DOI":"10.1108\/MAJ-01-2019-2162"},{"key":"5916","unstructured":"Sa\u2019idu, M. (2014). Empirical evidence of antecedents of internal audit effectiveness from Nigerian perspective. Middle-East Journal of Scientiflc Research, 19(4), 460\u2013471. https:\/\/doi.org\/10.5829\/idosi.mejsr.2014.19.4.1783"},{"key":"5917","doi-asserted-by":"crossref","unstructured":"Salehi, T. (2016). Investigation Factors Affecting the Effectiveness of Internal Auditors in the Company: Case Study Iran. Review of European Studies, 8(2), 224. https:\/\/doi.org\/10.5539\/res.v8n2p224","DOI":"10.5539\/res.v8n2p224"},{"key":"5918","doi-asserted-by":"crossref","unstructured":"Schwartz, M. S., Dunfee, T. W. and Kline, M. J. (2005). Tone at the Top : An Ethics Code for Directors ? 79-100. https:\/\/doi.org\/10.1007\/s10551-005-1390-y","DOI":"10.1007\/s10551-005-1390-y"},{"key":"5919","doi-asserted-by":"crossref","unstructured":"Setyaningrum, D. and Kuntadi, C. (2019). The effects of competence, independence, audit work, and communication on the effectiveness of internal audit. Journal of Economics, Business & Accountancy Ventura, 22(1). https:\/\/doi.org\/10.14414\/jebav.v22i1.879","DOI":"10.14414\/jebav.v22i1.879"},{"key":"5920","unstructured":"Shafii, Z. and Wan Siti Khadijah, W. M. N. (2012). Factors that Contribute to the Effectiveness of Internal Audit in Public Sector. World Applied Sciences Journal, 17(24), 126-132. https:\/\/doi.org\/10.7763\/IPEDR."},{"key":"5921","doi-asserted-by":"crossref","unstructured":"Steyn, J. C. (2020). Soft skills development in entry-level internal auditors: perspectives from practising internal auditors, students and facilitators in South Africa. Higher Education, Skills and Work-based Learning, 11(2), 528-544. https:\/\/doi.org\/10.1108\/HESWBL-06-2020-0129","DOI":"10.1108\/HESWBL-06-2020-0129"},{"key":"5922","unstructured":"The IIA Research Fundation. (2014). Nine elements required for internal audit effectiveness in the public sector. En Global Internal Audit Common Body of Knowledge (CBOK) (pp. 1-49)."},{"key":"5923","doi-asserted-by":"crossref","unstructured":"Ter Bogt, H y Tillema, S. (2016). Accounting for trust and control: Public sector partnerships in the arts. Critical perspectives on accounting, 37(C), 5-23","DOI":"10.1016\/j.cpa.2015.10.002"},{"key":"5924","doi-asserted-by":"crossref","unstructured":"Turetken, O., Jethefer, S. and Ozkan, B. (2020). Internal Audit Effectiveness: Operationalization and Influencing Factors. Managerial Auditing Journal, 35(2), 238-271. https:\/\/doi.org\/10.1108\/MAJ-08-2018-1980.","DOI":"10.1108\/MAJ-08-2018-1980"},{"key":"5925","doi-asserted-by":"crossref","unstructured":"Yepes-N\u00fa\u00f1ez, J. J., Urrutia, G., Romero-Garc\u00eda, M. y Alonso-Fern\u00e1ndez, S. (2021). Declaraci\u00f3n PRISMA 2020: una gu\u00eda actualizada para la publicaci\u00f3n de revisiones sistem\u00e1ticas. Revista Espa\u00f1ola de Cardiolog\u00eda, 74(9), 790-799. https:\/\/doi.org\/10.1016\/j.recesp.2021.06.016.","DOI":"10.1016\/j.recesp.2021.06.016"},{"key":"5926","doi-asserted-by":"crossref","unstructured":"Zdyrko, N. (2016). Problem aspects of the internal state audit development. Economic Annals-I, 161(9-10), 85-90. https:\/\/doi.org\/10.21003\/ea.V161-19.","DOI":"10.21003\/ea.V161-19"}],"container-title":["Administraci\u00f3n &amp; Desarrollo"],"link":[{"URL":"https:\/\/revistas.esap.edu.co\/index.php\/admindesarro\/article\/download\/776\/628","content-type":"application\/pdf","content-version":"vor","intended-application":"text-mining"},{"URL":"https:\/\/revistas.esap.edu.co\/index.php\/admindesarro\/article\/download\/776\/742","content-type":"text\/xml","content-version":"vor","intended-application":"text-mining"},{"URL":"https:\/\/revistas.esap.edu.co\/index.php\/admindesarro\/article\/download\/776\/628","content-type":"unspecified","content-version":"vor","intended-application":"similarity-checking"}],"deposited":{"date-parts":[[2025,12,31]],"date-time":"2025-12-31T20:07:03Z","timestamp":1767211623000},"score":0.0,"resource":{"primary":{"URL":"https:\/\/revistas.esap.edu.co\/index.php\/admindesarro\/article\/view\/776"}},"issued":{"date-parts":[[2022,6,30]]},"references-count":56,"journal-issue":{"issue":"1","published-online":{"date-parts":[[2022,6,30]]}},"URL":"https:\/\/doi.org\/10.22431\/25005227.vol52n1.5","ISSN":["2500-5227","0120-3754"],"issn-type":[{"value":"2500-5227","type":"electronic"},{"value":"0120-3754","type":"print"}],"published":{"date-parts":[[2022,6,30]]}},{"indexed":{"date-parts":[[2026,8,28]],"date-time":"2026-08-28T15:27:49Z","timestamp":1787930869215,"version":"build-2784847793"},"reference-count":0,"publisher":"Escuela Superior de Administracion Publica","issue":"1","license":[{"start":{"date-parts":[[2026,5,28]],"date-time":"2026-05-28T00:00:00Z","timestamp":1779926400000},"content-version":"unspecified","delay-in-days":0,"URL":"https:\/\/creativecommons.org\/licenses\/by-nc-sa\/4.0"}],"content-domain":{"domain":[],"crossmark-restriction":false},"short-container-title":["Adm. Desarro."],"abstract":"<jats:p>Problem: Most municipalities in Colombia lack tools to measure their economic development for the purpose of creating development plans and monitoring progress in public policy and administration. Objective: To create a pilot project for the development of a Synthetic Index of Local Economic Development (ISDEL) in two municipalities in Antioquia. Methodology: This article is the result of applied research focused on the construction of the index and its pilot study, which is grounded in the multidimensional perspective. It applies min-max normalization and simple arithmetic aggregation techniques, in accordance with OECD guidelines for composite indicators. Results: Moderate levels of local economic development are evident for both municipalities, with relative advantages in El Retiro regarding institutional capacity and economic activity, and in Guarne regarding human capital and environmental sustainability. Conclusion: The ISDEL establishes itself as a potential tool for territorial planning, public policy formulation, and comparative evaluation of municipal performance. Contribution\/originality: A synthetic index is provided to measure local economic development in Colombian municipalities, as existing indices do not capture territorial dynamics.<\/jats:p>","DOI":"10.22431\/25005227.1352","type":"journal-article","created":{"date-parts":[[2026,6,5]],"date-time":"2026-06-05T00:59:09Z","timestamp":1780621149000},"source":"Crossref","is-referenced-by-count":0,"title":["Piloto para la construcci\u00f3n de un \u00edndice sint\u00e9tico de desarrollo econ\u00f3mico local para dos municipios de Antioquia","Pilot Project for the Development of a Composite Index of Local Economic Development for Two Municipalities in Antioquia"],"prefix":"10.22431","volume":"56","author":[{"ORCID":"https:\/\/orcid.org\/0000-0002-0511-5320","authenticated-orcid":false,"given":"Juli\u00e1n Mauricio","family":"V\u00e9lez Tamayo","sequence":"first","affiliation":[],"role":[{"vocabulary":"crossref","role":"author"}]},{"ORCID":"https:\/\/orcid.org\/0000-0002-6738-3160","authenticated-orcid":false,"given":"Jubelly","family":"Ortiz Mu\u00f1oz","sequence":"additional","affiliation":[],"role":[{"vocabulary":"crossref","role":"author"}]},{"ORCID":"https:\/\/orcid.org\/0000-0003-1152-1322","authenticated-orcid":false,"given":"Juan Camilo","family":"Cardona Montoya","sequence":"additional","affiliation":[],"role":[{"vocabulary":"crossref","role":"author"}]}],"member":"9723","published-online":{"date-parts":[[2026,5,28]]},"container-title":["Administraci\u00f3n &amp; Desarrollo"],"link":[{"URL":"https:\/\/revistas.esap.edu.co\/index.php\/admindesarro\/article\/download\/1352\/890","content-type":"application\/pdf","content-version":"vor","intended-application":"text-mining"},{"URL":"https:\/\/revistas.esap.edu.co\/index.php\/admindesarro\/article\/download\/1352\/891","content-type":"unspecified","content-version":"vor","intended-application":"text-mining"},{"URL":"https:\/\/revistas.esap.edu.co\/index.php\/admindesarro\/article\/download\/1352\/914","content-type":"text\/xml","content-version":"vor","intended-application":"text-mining"},{"URL":"https:\/\/revistas.esap.edu.co\/index.php\/admindesarro\/article\/download\/1352\/890","content-type":"unspecified","content-version":"vor","intended-application":"similarity-checking"}],"deposited":{"date-parts":[[2026,8,28]],"date-time":"2026-08-28T15:05:28Z","timestamp":1787929528000},"score":0.0,"resource":{"primary":{"URL":"https:\/\/revistas.esap.edu.co\/index.php\/admindesarro\/article\/view\/1352"}},"issued":{"date-parts":[[2026,5,28]]},"references-count":0,"journal-issue":{"issue":"1","published-online":{"date-parts":[[2026,1,16]]}},"URL":"https:\/\/doi.org\/10.22431\/25005227.1352","ISSN":["2500-5227","0120-3754"],"issn-type":[{"value":"2500-5227","type":"electronic"},{"value":"0120-3754","type":"print"}],"published":{"date-parts":[[2026,5,28]]}},{"indexed":{"date-parts":[[2026,7,3]],"date-time":"2026-07-03T16:25:06Z","timestamp":1783095906211,"version":"3.54.6"},"reference-count":0,"publisher":"Escuela Superior de Administracion Publica","issue":"1","license":[{"start":{"date-parts":[[2026,5,21]],"date-time":"2026-05-21T00:00:00Z","timestamp":1779321600000},"content-version":"unspecified","delay-in-days":0,"URL":"https:\/\/creativecommons.org\/licenses\/by-nc-sa\/4.0"}],"content-domain":{"domain":[],"crossmark-restriction":false},"short-container-title":["Adm. Desarro."],"abstract":"<jats:p>Problem Statement: Municipal governments face persistent challenges in governance, accountability, and the professionalization of public employment. In this context, internal control is often viewed as a regulatory requirement, without leveraging its strategic potential to strengthen administrative meritocracy. Objective: To analyze the application of the COSO model in a municipal public treasury in the Valles region of Jalisco, Mexico, with the aim of identifying weaknesses and opportunities in internal control processes and their relationship to meritocratic public employment management. Methodology: A case study with a quantitative approach, a non-experimental, cross-sectional design, and a descriptive scope, using a matrix of weaknesses and opportunities based on the five components of the COSO model. Results: Weaknesses were identified in training, risk management, manual updates, and preventive supervision, as well as opportunities to institutionalize ethics, improve internal communication, and strengthen performance evaluation. Conclusion:. Strengthening internal control through the COSO model contributes to transparency, institutional efficiency, and the consolidation of merit-based public management, ethics, and professionalization of the local public service. Contribution\/Originality: It proposes internal control actions and ethical principles to ensure transparent administration of public resources.<\/jats:p>","DOI":"10.22431\/25005227.1295","type":"journal-article","created":{"date-parts":[[2026,7,3]],"date-time":"2026-07-03T16:03:20Z","timestamp":1783094600000},"source":"Crossref","is-referenced-by-count":0,"title":["Gobernanza y control interno en el empleo p\u00fablico municipal: estudio de caso con enfoque desde el modelo COSO 2017","Governance and Internal Control in Municipal Public Employment: A Case Study with a Focus on the COSO 2017 Model"],"prefix":"10.22431","volume":"56","author":[{"ORCID":"https:\/\/orcid.org\/0000-0002-8884-6240","authenticated-orcid":false,"given":"Miguel \u00c1ngel","family":"Haro Ruiz","sequence":"first","affiliation":[],"role":[{"vocabulary":"crossref","role":"author"}]},{"ORCID":"https:\/\/orcid.org\/0000-0003-0791-9565","authenticated-orcid":false,"given":"Sandra","family":"Guti\u00e9rrez Olvera","sequence":"additional","affiliation":[],"role":[{"vocabulary":"crossref","role":"author"}]},{"ORCID":"https:\/\/orcid.org\/0009-0004-7306-2461","authenticated-orcid":false,"given":"Diego Armando","family":"Ruiz Facundo","sequence":"additional","affiliation":[],"role":[{"vocabulary":"crossref","role":"author"}]}],"member":"9723","published-online":{"date-parts":[[2026,5,21]]},"container-title":["Administraci\u00f3n &amp; Desarrollo"],"link":[{"URL":"https:\/\/revistas.esap.edu.co\/index.php\/admindesarro\/article\/download\/1295\/885","content-type":"application\/pdf","content-version":"vor","intended-application":"text-mining"},{"URL":"https:\/\/revistas.esap.edu.co\/index.php\/admindesarro\/article\/download\/1295\/887","content-type":"unspecified","content-version":"vor","intended-application":"text-mining"},{"URL":"https:\/\/revistas.esap.edu.co\/index.php\/admindesarro\/article\/download\/1295\/885","content-type":"unspecified","content-version":"vor","intended-application":"similarity-checking"}],"deposited":{"date-parts":[[2026,7,3]],"date-time":"2026-07-03T16:03:20Z","timestamp":1783094600000},"score":0.0,"resource":{"primary":{"URL":"https:\/\/revistas.esap.edu.co\/index.php\/admindesarro\/article\/view\/1295"}},"issued":{"date-parts":[[2026,5,21]]},"references-count":0,"journal-issue":{"issue":"1","published-online":{"date-parts":[[2026,1,16]]}},"URL":"https:\/\/doi.org\/10.22431\/25005227.1295","ISSN":["2500-5227","0120-3754"],"issn-type":[{"value":"2500-5227","type":"electronic"},{"value":"0120-3754","type":"print"}],"published":{"date-parts":[[2026,5,21]]}},{"indexed":{"date-parts":[[2022,4,3]],"date-time":"2022-04-03T13:35:18Z","timestamp":1648992918305},"reference-count":0,"publisher":"Escuela Superior de Administracion Publica","issue":"65","license":[{"start":{"date-parts":[[2016,9,28]],"date-time":"2016-09-28T00:00:00Z","timestamp":1475020800000},"content-version":"unspecified","delay-in-days":0,"URL":"http:\/\/creativecommons.org\/licenses\/by-nc-nd\/4.0"}],"content-domain":{"domain":[],"crossmark-restriction":false},"short-container-title":["Nova vetera"],"abstract":"<jats:p>The elderly population has been increasing significantly, which obliges states to recognize their rights and to implement the instruments that procure their wellbeing. In this framework it is important to establish the fact that there is no international document that is legally binding for countries regarding protection of the rights of the elderly, although some international entities such as the United Nations (UN) and the Organization of American States (OAS) have produced recommendations and some resolutions that try to generate the background of protection and wellbeing for that population. Within said context, this document presents the background of the international rules, recommendations and resolutions referring to the defense and protection of the elderly, together with an enunciation of the rules that regulate the subject in Colombia and the criteria established by the Constitutional Court regarding the protection of the elderly as subjects requiring special protection.<\/jats:p>","DOI":"10.22431\/25005103.194","type":"journal-article","created":{"date-parts":[[2017,7,5]],"date-time":"2017-07-05T19:34:05Z","timestamp":1499283245000},"page":"23-30","source":"Crossref","is-referenced-by-count":0,"title":["Legal panorama on regulations regarding the rights of older persons in Colombia"],"prefix":"10.22431","volume":"21","author":[{"given":"Omar","family":"Huertas D\u00edaz","sequence":"first","affiliation":[],"role":[{"role":"author","vocabulary":"crossref"}]}],"member":"9723","published-online":{"date-parts":[[2016,9,28]]},"container-title":["Nova et Vetera"],"link":[{"URL":"https:\/\/revistas.esap.edu.co\/index.php\/novaetvetera\/article\/download\/194\/pdf","content-type":"application\/pdf","content-version":"vor","intended-application":"text-mining"},{"URL":"https:\/\/revistas.esap.edu.co\/index.php\/novaetvetera\/article\/download\/194\/pdf","content-type":"unspecified","content-version":"vor","intended-application":"similarity-checking"}],"deposited":{"date-parts":[[2021,11,30]],"date-time":"2021-11-30T03:21:30Z","timestamp":1638242490000},"score":0.0,"resource":{"primary":{"URL":"https:\/\/revistas.esap.edu.co\/index.php\/novaetvetera\/article\/view\/194"}},"issued":{"date-parts":[[2016,9,28]]},"references-count":0,"journal-issue":{"issue":"65","published-online":{"date-parts":[[2016,9,28]]}},"URL":"https:\/\/doi.org\/10.22431\/25005103.194","ISSN":["2500-5103","0123-2614"],"issn-type":[{"value":"2500-5103","type":"electronic"},{"value":"0123-2614","type":"print"}],"published":{"date-parts":[[2016,9,28]]}},{"indexed":{"date-parts":[[2022,3,29]],"date-time":"2022-03-29T19:53:09Z","timestamp":1648583589343},"reference-count":0,"publisher":"Escuela Superior de Administracion Publica","issue":"60","license":[{"start":{"date-parts":[[2014,12,20]],"date-time":"2014-12-20T00:00:00Z","timestamp":1419033600000},"content-version":"unspecified","delay-in-days":0,"URL":"http:\/\/creativecommons.org\/licenses\/by-nc-nd\/4.0"}],"content-domain":{"domain":[],"crossmark-restriction":false},"short-container-title":["Adm. Desarro."],"abstract":"<jats:p>L as tendencias recientes de la inversi\u00f3n extranjera y compra masiva de tierras en el mundo indican que los pa\u00edses en desarrollo concentran la mayor proporci\u00f3n del acaparamiento. A pesar de que algunos pa\u00edses m\u00e1s avanzados adquieren tierras, no es evidente que se constituyan en los mayores inversionistas. El art\u00edculo subraya la existencia de tres modalidades de acaparamiento: adquisici\u00f3n directa, arrendamiento y concesi\u00f3n, y a partir de estos se presenta un marco conceptual, que se asocia con la teor\u00eda de juegos, para entender los incentivos de los inversionistas para acaparar tierras. El marco te\u00f3rico propuesto es \u00fatil para revisar la experiencia colombiana<\/jats:p>","DOI":"10.22431\/25005227.108","type":"journal-article","created":{"date-parts":[[2017,7,5]],"date-time":"2017-07-05T16:06:06Z","timestamp":1499270766000},"page":"8-25","source":"Crossref","is-referenced-by-count":0,"title":["Inversi\u00f3n extranjera y compra masiva de tierras"],"prefix":"10.22431","volume":"44","author":[{"given":"Carlos Eduardo","family":"Vargas","sequence":"first","affiliation":[],"role":[{"role":"author","vocabulary":"crossref"}]}],"member":"9723","published-online":{"date-parts":[[2014,12,20]]},"container-title":["Administraci\u00f3n &amp; Desarrollo"],"link":[{"URL":"https:\/\/revistas.esap.edu.co\/index.php\/admindesarro\/article\/download\/108\/pdf","content-type":"application\/pdf","content-version":"vor","intended-application":"text-mining"},{"URL":"https:\/\/revistas.esap.edu.co\/index.php\/admindesarro\/article\/download\/108\/pdf","content-type":"unspecified","content-version":"vor","intended-application":"similarity-checking"}],"deposited":{"date-parts":[[2021,11,12]],"date-time":"2021-11-12T19:11:08Z","timestamp":1636744268000},"score":0.0,"resource":{"primary":{"URL":"https:\/\/revistas.esap.edu.co\/index.php\/admindesarro\/article\/view\/108"}},"issued":{"date-parts":[[2014,12,20]]},"references-count":0,"journal-issue":{"issue":"60","published-online":{"date-parts":[[2014,12,20]]}},"URL":"https:\/\/doi.org\/10.22431\/25005227.108","ISSN":["2500-5227","0120-3754"],"issn-type":[{"value":"2500-5227","type":"electronic"},{"value":"0120-3754","type":"print"}],"published":{"date-parts":[[2014,12,20]]}},{"indexed":{"date-parts":[[2022,4,1]],"date-time":"2022-04-01T09:00:17Z","timestamp":1648803617243},"reference-count":0,"publisher":"Escuela Superior de Administracion Publica","license":[{"start":{"date-parts":[[2016,10,10]],"date-time":"2016-10-10T00:00:00Z","timestamp":1476057600000},"content-version":"unspecified","delay-in-days":0,"URL":"http:\/\/creativecommons.org\/licenses\/by-nc-nd\/4.0"}],"content-domain":{"domain":[],"crossmark-restriction":false},"short-container-title":["Nova vetera"],"abstract":"<jats:p>I want to express briefly some ideas about the most passionate and polemic cores of the transitional justice which could be defined as a great field of perplexities, most of them, from my point of view, of moral nature.\u00a0<\/jats:p>","DOI":"10.22431\/25005103.336","type":"journal-article","created":{"date-parts":[[2017,7,5]],"date-time":"2017-07-05T19:34:05Z","timestamp":1499283245000},"page":"4-6","source":"Crossref","is-referenced-by-count":0,"title":["Human rights, management of the transition and the post-conflic"],"prefix":"10.22431","volume":"25","author":[{"given":"Francisco","family":"Taborda Ocampo","sequence":"first","affiliation":[],"role":[{"role":"author","vocabulary":"crossref"}]}],"member":"9723","published-online":{"date-parts":[[2016,10,10]]},"container-title":["Nova et Vetera"],"link":[{"URL":"https:\/\/revistas.esap.edu.co\/index.php\/novaetvetera\/article\/download\/336\/pdf","content-type":"application\/pdf","content-version":"vor","intended-application":"text-mining"},{"URL":"https:\/\/revistas.esap.edu.co\/index.php\/novaetvetera\/article\/download\/336\/pdf","content-type":"unspecified","content-version":"vor","intended-application":"similarity-checking"}],"deposited":{"date-parts":[[2021,11,30]],"date-time":"2021-11-30T03:20:20Z","timestamp":1638242420000},"score":0.0,"resource":{"primary":{"URL":"https:\/\/revistas.esap.edu.co\/index.php\/novaetvetera\/article\/view\/336"}},"issued":{"date-parts":[[2016,10,10]]},"references-count":0,"URL":"https:\/\/doi.org\/10.22431\/25005103.336","ISSN":["2500-5103","0123-2614"],"issn-type":[{"value":"2500-5103","type":"electronic"},{"value":"0123-2614","type":"print"}],"published":{"date-parts":[[2016,10,10]]}},{"indexed":{"date-parts":[[2022,4,2]],"date-time":"2022-04-02T07:55:30Z","timestamp":1648886130242},"reference-count":0,"publisher":"Escuela Superior de Administracion Publica","issue":"60","license":[{"start":{"date-parts":[[2014,12,20]],"date-time":"2014-12-20T00:00:00Z","timestamp":1419033600000},"content-version":"unspecified","delay-in-days":0,"URL":"http:\/\/creativecommons.org\/licenses\/by-nc-nd\/4.0"}],"content-domain":{"domain":[],"crossmark-restriction":false},"short-container-title":["Adm. Desarro."],"abstract":"<jats:p>Mediante un ejercicio prospectivo se propone el levantamiento de escenarios para la cadena productiva forestal en Arauca, que como departamento tiene un gran potencial agroforestal, pero a\u00fan no est\u00e1 articulado a la cadena. Se plantea a partir de la construcci\u00f3n conjunta de los actores de la industria y del departamento, la creaci\u00f3n de ocho espacios que permitan entender la realidad del sector y de la regi\u00f3n, haciendo especial \u00e9nfasis en la descripci\u00f3n del escenario tendencial, es decir, aquel que mantiene las variables como en la actualidad y en el escenario deseado, en el cual, deben dise\u00f1arse estrategias para alcanzar el ideal de la cadena en la regi\u00f3n.<\/jats:p>","DOI":"10.22431\/25005227.84","type":"journal-article","created":{"date-parts":[[2017,7,5]],"date-time":"2017-07-05T16:06:06Z","timestamp":1499270766000},"page":"68-81","source":"Crossref","is-referenced-by-count":1,"title":["Construcci\u00f3n de escenarios para la cadena forestal en Arauca"],"prefix":"10.22431","volume":"44","author":[{"given":"Andrea Constanza","family":"Padilla","sequence":"first","affiliation":[],"role":[{"role":"author","vocabulary":"crossref"}]},{"given":"Alexandra","family":"Montoya Restrepo","sequence":"additional","affiliation":[],"role":[{"role":"author","vocabulary":"crossref"}]},{"given":"Ivan Alonso","family":"Montoya Restrepo","sequence":"additional","affiliation":[],"role":[{"role":"author","vocabulary":"crossref"}]}],"member":"9723","published-online":{"date-parts":[[2014,12,20]]},"container-title":["Administraci\u00f3n &amp; Desarrollo"],"link":[{"URL":"https:\/\/revistas.esap.edu.co\/index.php\/admindesarro\/article\/download\/84\/pdf","content-type":"application\/pdf","content-version":"vor","intended-application":"text-mining"},{"URL":"https:\/\/revistas.esap.edu.co\/index.php\/admindesarro\/article\/download\/84\/pdf","content-type":"unspecified","content-version":"vor","intended-application":"similarity-checking"}],"deposited":{"date-parts":[[2021,11,12]],"date-time":"2021-11-12T19:11:16Z","timestamp":1636744276000},"score":0.0,"resource":{"primary":{"URL":"https:\/\/revistas.esap.edu.co\/index.php\/admindesarro\/article\/view\/84"}},"issued":{"date-parts":[[2014,12,20]]},"references-count":0,"journal-issue":{"issue":"60","published-online":{"date-parts":[[2014,12,20]]}},"URL":"https:\/\/doi.org\/10.22431\/25005227.84","ISSN":["2500-5227","0120-3754"],"issn-type":[{"value":"2500-5227","type":"electronic"},{"value":"0120-3754","type":"print"}],"published":{"date-parts":[[2014,12,20]]}},{"indexed":{"date-parts":[[2026,7,1]],"date-time":"2026-07-01T02:15:37Z","timestamp":1782872137273,"version":"3.54.5"},"reference-count":35,"publisher":"Escuela Superior de Administracion Publica","issue":"2","license":[{"start":{"date-parts":[[2022,12,28]],"date-time":"2022-12-28T00:00:00Z","timestamp":1672185600000},"content-version":"unspecified","delay-in-days":0,"URL":"https:\/\/creativecommons.org\/licenses\/by-nc-sa\/4.0"}],"content-domain":{"domain":[],"crossmark-restriction":false},"short-container-title":["Adm. Desarro."],"abstract":"<jats:p>The objective of this research is to contribute to the impact\u2019s analisis of the containerization activity on the collection of usable and non-usable solid waste in Bogot\u00e1, integrating the perceptions of citizens and leaders of Trade Recyclers Organizations - ORO, as well as information from sanitation operators. The methodology is mixed, in two phases: 1) Quantitatively, the perception of 377 Bogota citizens is analyzed through an online survey; 2) Qualitatively, the opinions of the leaders of fourteen (14) ORO are analyzed through a semi-structured interview. As results, it was found that containerization has structural flaws; a lack of civic culture due to poor awareness and training; the leaders of the OROs indicate that the work of the recyclers has been harmed and that the goals of recovering at least 50% of the waste that arrives at the Do\u00f1a Juana landfill, as proposed by the UAESP, are not being met.<\/jats:p>","DOI":"10.22431\/25005227.vol52n2.7","type":"journal-article","created":{"date-parts":[[2022,12,28]],"date-time":"2022-12-28T09:58:37Z","timestamp":1672221517000},"page":"122-152","source":"Crossref","is-referenced-by-count":1,"title":["An\u00e1lisis de la actividad de contenerizaci\u00f3n de residuos s\u00f3lidos en Bogot\u00e1","Analysis of the solid waste containerization activity in Bogot\u00e1"],"prefix":"10.22431","volume":"52","author":[{"ORCID":"https:\/\/orcid.org\/0000-0002-9352-9223","authenticated-orcid":false,"given":"Mar\u00eda Teresa","family":"Holgu\u00edn Aguirre","sequence":"first","affiliation":[],"role":[{"vocabulary":"crossref","role":"author"}]},{"ORCID":"https:\/\/orcid.org\/0000-0001-9198-6300","authenticated-orcid":false,"given":"Jos\u00e9 Jardani","family":"Giraldo Uribe","sequence":"additional","affiliation":[],"role":[{"vocabulary":"crossref","role":"author"}]},{"ORCID":"https:\/\/orcid.org\/0000-0002-9325-9091","authenticated-orcid":false,"given":"Mar\u00eda del Pilar","family":"S\u00e1nchez Mu\u00f1oz","sequence":"additional","affiliation":[],"role":[{"vocabulary":"crossref","role":"author"}]},{"ORCID":"https:\/\/orcid.org\/0000-0003-3834-2893","authenticated-orcid":false,"given":"Edwin","family":"Valencia Aguirre","sequence":"additional","affiliation":[],"role":[{"vocabulary":"crossref","role":"author"}]}],"member":"9723","published-online":{"date-parts":[[2022,12,28]]},"reference":[{"key":"10173","unstructured":"Alcald\u00eda de Bogot\u00e1. (2012). La Alquer\u00eda, \u00fanico centro de reciclaje en Bogot\u00e1. Bogot\u00e1. https:\/\/bogota.gov.co\/mi-ciudad\/localidades\/kennedy\/la-alqueria-unico-centro-de-reciclaje-en-bogota"},{"key":"10174","unstructured":"Alcald\u00eda de Bogot\u00e1. (2016). Plan Distrital de Desarrollo 2016-2020. Gabinete Distrital. http:\/\/www.desarrolloeconomico.gov.co\/sites\/default\/files\/planeacion\/tomo1-digital.pdf"},{"key":"10175","unstructured":"Banco Mundial. (2018). What a Waste 2.0: A Global Snapshot of Solid Waste Management to 2050. World Bank. https:\/\/openknowledge.worldbank.org\/handle\/10986\/30317"},{"key":"10176","unstructured":"Benito, F. (2020). La gesti\u00f3n de la basura, a a\u00f1os luz de lo que nos exige Europa. Verde y Azul. https:\/\/verdeyazul.diarioinformacion.com\/basura.html"},{"key":"10177","unstructured":"Bogot\u00e1 Limpia. (2021). Respuesta Derecho de Petici\u00f3n Solicitud de Informaci\u00f3n referente a la adquisici\u00f3n, instalaci\u00f3n y operaci\u00f3n de contenedores de recolecci\u00f3n de residuos s\u00f3lidos en Bogot\u00e1 con flnes de investigaci\u00f3n. Bogot\u00e1 Limpia."},{"key":"10178","unstructured":"Calero, I. (2018). \u00bfEn Espa\u00f1a se recicla como en el resto de Europa?. RTVE. http:\/\/www.rtve.es\/las-claves\/como-recicla-europa-2018-05-10\/"},{"key":"10179","unstructured":"Ciudad Limpia. (2021). Respuesta a su derecho de petici\u00f3n \u201csolicitud de informaci\u00f3n referente a la adquisici\u00f3n, instalaci\u00f3n y operaci\u00f3n de contenedores de recolecci\u00f3n de residuos s\u00f3lidos en Bogot\u00e1, con flnes de investigaci\u00f3n\u201d. Ciudad Limpia."},{"key":"10180","unstructured":"CJS Canecas. (2019). C\u00f3mo les ha ido a los nuevos contenedores de basura en Bogot\u00e1. Bogot\u00e1. CJS Canecas. https:\/\/www.canecas.com.co\/resultados-de-los-nuevos-contenedores-de-bogota"},{"key":"10181","unstructured":"Contralor\u00eda de Bogot\u00e1. (2017). Mesa de Seguimiento del sector servicios p\u00fablicos. Tema inundaciones y contenerizaci\u00f3n. Acta 41. https:\/\/acortar.link\/RJtiGW"},{"key":"10182","unstructured":"Cuevas, A. (2018). Alcalde Pe\u00f1alosa flrma contratos de concesi\u00f3n del nuevo esquema de aseo para Bogot\u00e1. Bogot\u00e1. https:\/\/bogota.gov.co\/mi-ciudad\/habitat\/listos-contratos-de-concesion-del-nuevo-esquema-de-aseo-para-bogota"},{"key":"10183","unstructured":"CEPAL. (2018). La Agenda 2030 y los Objetivos de Desarrollo Sostenible Una oportunidad para Am\u00e9rica Latina y el Caribe. CEPAL. https:\/\/repositorio.cepal.org\/bitstream\/handle\/11362\/40155\/24\/S1801141_es.pdf"},{"key":"10184","unstructured":"[Alcalde Mayor de Bogot\u00e1, D.C. ]. Por el cual se adopta el Plan Maestro para el Manejo Integral de Residuos S\u00f3lidos para Bogot\u00e1 Distrito Capital. Decreto 312 de 2006. 15 de agosto de 2006."},{"key":"10185","unstructured":"Ecoembes. (2021). Estad\u00edsticas sobre el reciclaje de envases dom\u00e9sticos en Espa\u00f1a. Ecoembes. https:\/\/www.ecoembes.com\/es\/ciudadanos\/envases-y-proceso-reciclaje\/datos-de-reciclaje-en-espana"},{"key":"10186","unstructured":"El Tiempo. (2008). Construcci\u00f3n de primera planta de reciclaje de Bogot\u00e1 qued\u00f3 congelada. El tiempo. https:\/\/www.eltiempo.com\/archivo\/documento\/CMS-4013705"},{"key":"10187","unstructured":"Espinosa, M. y Castrill\u00f3n, W. (2013). Caso: Manejo de residuos org\u00e1nicos - RSO - derivados del corte de zonas verdes en Bogot\u00e1 D.C., Colombia. En Cuaderno de Casos de Ingenier\u00eda Ambiental (pp. 27-34). Universidad EAN. https:\/\/repository.ean.edu.co\/handle\/10882\/1575?locale-attribute=en"},{"key":"10188","unstructured":"G\u00e1bor, K, y Aguilar. (2006). Los productos y los impactos de la descomposici\u00f3n de residuos s\u00f3lidos urbanos en los sitios de disposici\u00f3n final. Gaceta Ecol\u00f3gica, (79), 39-51. https:\/\/dialnet.unirioja.es\/servlet\/articulo?codigo=2877246"},{"key":"10189","unstructured":"Ley 1259 de 2008. Por medio de la cual se instaura en el territorio nacional la aplicaci\u00f3n del comparendo ambiental a los infractores de las normas de aseo, limpieza y recolecci\u00f3n de escombros; y se dictan otras disposiciones, reglamentada por el Decreto Nacional 3695 de 2009. 19 de diciembre de 2008."},{"key":"10190","unstructured":"LIME. (2021). Respuesta a solicitud de informaci\u00f3n sobre proceso de contenerizaci\u00f3n. LIME."},{"key":"10191","unstructured":"Ministerio del Medio Ambiente. (2021). Estrategia regional de residuos s\u00f3lidos. Regi\u00f3n Metropolitana de Santiago 2017-2021. Santiago Recicla. https:\/\/mma.gob.cl\/wp-content\/uploads\/2018\/03\/PUBLIC-Estrategia-Reg-Residuos-Solidos-Digital.pdf"},{"key":"10192","unstructured":"Malaver, J. (2021). Reciclaje, elprimerpasoresponsable para aprovechar la basura que generamos. Alcald\u00eda de Bogot\u00e1. https:\/\/bogota.gov.co\/yo-participo\/blogs\/basura-en-bogota-una-responsabilidad-de-todos-los-ciudadanos"},{"key":"10193","unstructured":"Montes, S. (2019). Seis pa\u00edses alrededor del mundo reciclan m\u00e1s de 50% de su basura durante el a\u00f1o. La Rep\u00fablica. https:\/\/www.larepublica.co\/responsabilidad-social\/seis-paises-alrededor-del-mundo-reciclan-mas-de-50-de-su-basura-durante-el-ano-2813051"},{"key":"10194","unstructured":"Observatorio Ambiental de Bogot\u00e1. (2021). Relleno Do\u00f1a Juana recibi\u00f3 casi 3 millones de toneladas de residuos en 2021. Observatorio Ambiental de Bogot\u00e1. https:\/\/oab.ambientebogota.gov.co\/relleno-dona-juana-recibio-casi-3-millones-de-toneladas-de-residuos-en-2021\/"},{"key":"10195","unstructured":"Pa\u00eds Circular. (2019). \u00bfC\u00f3mo es la infraestructura del reciclaje en Chile?. Pa\u00eds Circular. https:\/\/www.paiscircular.cl\/consumo-y-produccion\/como-es-la-infraestructura-del-reciclaje-en-chile\/"},{"key":"10196","unstructured":"Promoambiental Distrito. (2021). Respuesta a su derecho de petici\u00f3n del 4 de mayo de 2021 \u201cSolicitud de informaci\u00f3n referente a la adquisici\u00f3n, instalaci\u00f3n y operaci\u00f3n de contenedores de recolecci\u00f3n de residuos s\u00f3lidos en Bogot\u00e1, con flnes de investigaci\u00f3n\u201d. Promoambiental Distrito."},{"key":"10197","unstructured":"QuestionPro. (2022). \u00bfQu\u00e9 es el muestreo por conveniencia?. QuetionPro. https:\/\/www.questionpro.com\/blog\/es\/muestreo-por-conveniencia\/#:~:text=El%20muestreo%20por%20conveniencia%20es,pr%C3%A1ctica%20de%20un%20elemento%20particular."},{"key":"10198","unstructured":"Redacci\u00f3n Naci\u00f3n. (2022). Bogot\u00e1 estrena canecas de basura que valen $ 240 millones; parecen bolardos mejorados. Pulzo.com. https:\/\/www.pulzo.com\/nacion\/bogota-nuevas-canecas-basura-contenedores-soterrados-como-precio-PP1254551"},{"key":"10199","unstructured":"Redacci\u00f3n El Tiempo. (2022). Los pros y contras de los nuevos contenedores soterrados de Bogot\u00e1. El tiempo. https:\/\/www.eltiempo.com\/bogota\/nuevos-contenedores-en-bogota-sus-pros-y-contras-657254"},{"key":"10200","unstructured":"[Unidad Administrativa Especial de Servicios P\u00fablicos -UAESP]. Resoluci\u00f3n 61 de 2013 Por el cual se crea registro \u00fanico de recicladores de oficio -RURO, el registro \u00fanico de organizaciones de recicladores -RUORy se establecen los criterios para la configuraci\u00f3n de organizaciones de recicladores de oficio como organizaciones de recicladores habilitadas en Bogot\u00e1 D.C. 25 de febrero de 2013. https:\/\/www.alcaldiabogota.gov.co\/sisjur\/normas\/Norma1.jsp?i=52101"},{"key":"10201","unstructured":"Semana. (2020). Colombia solo recicla 17% de sus residuos y la meta es 40% a 2030. Revista Semana. https:\/\/www.semana.com\/empresas\/articulo\/meta-de-reciclaje-de-colombia-a-2040-sera-del-40-del-total-de-desechos\/301643\/"},{"key":"10202","unstructured":"UAESP. (2017). Anexo 11. Criterio de calidad para la prestaci\u00f3n de la actividad de recolecci\u00f3n de residuos s\u00f3lidos a trav\u00e9s de contendores en la ciudad de Bogot\u00e1 D.C. Concesi\u00f3n \u00c1reas de Servicio Exclusivo para la Presentaci\u00f3n del Servicio P\u00fablico de Aseo en la Ciudad de Bogot\u00e1 D.C. Licitaci\u00f3n P\u00fablica UAESP No. 02 de 2017. Alcald\u00eda Mayor de Bogot\u00e1, Secretar\u00eda de H\u00e1bitat, Unidad Administrativa Especial de Servicios p\u00fablicos. UAESP."},{"key":"10203","unstructured":"UAESP. (2018). Avanza la Contenerizaci\u00f3n de Residuos en Bogot\u00e1. UAESP. https:\/\/www.uaesp.gov.co\/noticias\/contenerizacion-residuos-bogota#:~:text=La%20contenerizaci%C3%B3n%20es%20un%20gran,estos%20y%20promueve%20el%20reciclaje.[Link]"},{"key":"10204","unstructured":"UAESP. (2021a). Caracterizaci\u00f3n poblaci\u00f3n recicladora 2020. UAESP. https:\/\/www.uaesp.gov.co\/sites\/default\/files\/documentos\/Caracterizacion%20poblacion%20recicladora%202020%20publicar.pdf"},{"key":"10205","unstructured":"UAESP. (2021b). Derecho de petici\u00f3n Solicitud de informaci\u00f3n referente a la adquisici\u00f3n. UAESP."},{"key":"10206","unstructured":"UAESP. (2021c). Informe Logros a 31 de diciembre del 2020 - Plan de Desarrollo \u201cUn nuevo contrato social y ambiental para la Bogot\u00e1 del siglo XXI\u201d 2020-2024. Productos, Metas y Resultados. UAESP. https:\/\/www.uaesp.gov.co\/sites\/default\/files\/planeacion\/228_UAESP_INFORME_LOGROS_31_diciembre_2020_PDD_UNCSA.pdf"},{"key":"10207","unstructured":"Vargas, C. (2021). Bogot\u00e1 pondr\u00e1 a dieta al relleno sanitario de Do\u00f1a Juana. Bogot\u00e1. https:\/\/acortar.link\/nZrksf"}],"container-title":["Administraci\u00f3n &amp; Desarrollo"],"link":[{"URL":"https:\/\/revistas.esap.edu.co\/index.php\/admindesarro\/article\/download\/793\/672","content-type":"application\/pdf","content-version":"vor","intended-application":"text-mining"},{"URL":"https:\/\/revistas.esap.edu.co\/index.php\/admindesarro\/article\/download\/793\/711","content-type":"text\/xml","content-version":"vor","intended-application":"text-mining"},{"URL":"https:\/\/revistas.esap.edu.co\/index.php\/admindesarro\/article\/download\/793\/642","content-type":"unspecified","content-version":"vor","intended-application":"similarity-checking"}],"deposited":{"date-parts":[[2025,12,31]],"date-time":"2025-12-31T20:00:56Z","timestamp":1767211256000},"score":0.0,"resource":{"primary":{"URL":"https:\/\/revistas.esap.edu.co\/index.php\/admindesarro\/article\/view\/793"}},"issued":{"date-parts":[[2022,12,28]]},"references-count":35,"journal-issue":{"issue":"2","published-online":{"date-parts":[[2022,12,28]]}},"URL":"https:\/\/doi.org\/10.22431\/25005227.vol52n2.7","ISSN":["2500-5227","0120-3754"],"issn-type":[{"value":"2500-5227","type":"electronic"},{"value":"0120-3754","type":"print"}],"published":{"date-parts":[[2022,12,28]]}},{"indexed":{"date-parts":[[2025,12,31]],"date-time":"2025-12-31T20:19:47Z","timestamp":1767212387656,"version":"3.48.0"},"reference-count":29,"publisher":"Escuela Superior de Administracion Publica","issue":"34","license":[{"start":{"date-parts":[[2025,12,10]],"date-time":"2025-12-10T00:00:00Z","timestamp":1765324800000},"content-version":"unspecified","delay-in-days":0,"URL":"https:\/\/creativecommons.org\/licenses\/by-nc-sa\/4.0"}],"content-domain":{"domain":[],"crossmark-restriction":false},"short-container-title":["Nova vetera"],"abstract":"<jats:p>Problem Statement: This article explores the territorial configuration of the island of Menorca (Spain) through a diachronic perspective, considering the major historical events that have shaped its development. The aim is to rethink the island's territory by reflecting on how the past continues to influence the present, affecting how we inhabit this space. Methodology: The research is based on an ethnographic analysis conducted over an extended period on the island, combining methods such as consulting historical archives, bibliographic reviews, interviews, and observing both tangible traces (such as architecture) and intangible ones (such as collective memories). These approaches allow for an understanding of the territory\u2019s dynamics and its evolution over time. Conclusion: It is concluded that, in a world increasingly characterized by porosity, it is essential to rethink territorial analysis categories from dynamic and fluid approaches. This article suggests that holistic research, integrating past, present, and future temporalities, is necessary to understand the synergy between the elements that shape inhabited territories.\n\u00a0<\/jats:p>","DOI":"10.22431\/25005103.1304","type":"journal-article","created":{"date-parts":[[2025,12,19]],"date-time":"2025-12-19T15:26:21Z","timestamp":1766157981000},"source":"Crossref","is-referenced-by-count":0,"title":["Menorca, entre el mar y el fuego. Reflexiones sobre la configuraci\u00f3n territorial de la isla mediterr\u00e1nea","Menorca, between the sea and the fire. Reflections on the territorial configuration of the Mediterranean island"],"prefix":"10.22431","author":[{"ORCID":"https:\/\/orcid.org\/0009-0002-7178-1409","authenticated-orcid":false,"given":"Raquel","family":"Aranda Tabue\u00f1a","sequence":"first","affiliation":[],"role":[{"role":"author","vocabulary":"crossref"}]}],"member":"9723","published-online":{"date-parts":[[2025,12,10]]},"reference":[{"unstructured":"Ajuntament des Mercadal (s.f.). Recinto Ferial.","key":"26905"},{"unstructured":"https:\/\/www.ajesmercadal.org\/es\/EQUIPRecinto_Ferial\/1952#:~:text=El%20recinto%20del%20antiguo%20cuartel,y%20el%20Ayuntamiento%20des%20Mercadal.","key":"26906"},{"unstructured":"Aleteia (2025). Las 24 Iglesias aut\u00f3nomas de la Iglesia cat\u00f3lica. Aleteia. https:\/\/es.aleteia.org\/2016\/08\/08\/sabias-que-la-iglesia-catolica-esta-constituida-por-24- iglesias-autonomas","key":"26907"},{"unstructured":"Aranda Tabue\u00f1a, R. (2018). Perspectivas sobre la otredad: imaginarios, representaciones y modos de repensar la identidad en la sociedad ciudadelana [Tesis de grado, Universidad Nacional de Educaci\u00f3n a Distancia, UNED]. Repositorio Institucional, UNED.","key":"26908"},{"doi-asserted-by":"crossref","unstructured":"Casta\u00f1o-Aguirre, C.A. (2021). Territorio y territorializaci\u00f3n. Una mirada al v\u00ednculo emocional con el lugar habitado a trav\u00e9s de las cartograf\u00edas sociales. Guillermo de Ockham,19(2) 201-217.","key":"26909","DOI":"10.21500\/22563202.5296"},{"doi-asserted-by":"crossref","unstructured":"file:\/\/\/C:\/Users\/pc\/Downloads\/Dialnet-TerritorioYTerritorializacion 8443429%20(1).pdf [DOI: 10.21500\/22563202.5296]","key":"26910","DOI":"10.21500\/22563202.5296"},{"unstructured":"Fanning, W. (1908). C\u00e1nones eclesi\u00e1sticos. En The Catholic Encyclopedia. Robert Appleton Company.","key":"26911"},{"unstructured":"http:\/\/www.newadvent.org\/cathen\/03287a.htm","key":"26912"},{"unstructured":"Gonz\u00e1lez, Alejandro Roberto (2011). Nuevas percepciones del territorio, Espacio social y el Tiempo. Un estudio desde los conceptos tradicionales (o cl\u00e1sicos) hasta su concepci\u00f3n en el siglo XXI. Facultad de Humanidades, Artes y Ciencias Sociales. VI Jornadas de J\u00f3venes Investigadores. Instituto de Investigaciones Gino Germani, Facultad de Ciencias Sociales, Universidad de Buenos Aires.","key":"26913"},{"unstructured":"https:\/\/www.aacademica.org\/000-093\/199","key":"26914"},{"unstructured":"Instituto Nacional de Estad\u00edstica (2025). Poblaci\u00f3n del Padr\u00f3n Continuo por Unidad Poblacional.","key":"26915"},{"unstructured":"https:\/\/www.ine.es\/","key":"26916"},{"unstructured":"I\u00f1iguez, A. (2024). La restauraci\u00f3n como m\u00e9todo de revalorizaci\u00f3n del patrimonio construido en Espa\u00f1a. Archdaily","key":"26917"},{"unstructured":"https:\/\/www.archdaily.cl\/cl\/1018916\/la-restauracion-como-metodo-de-revalorizacion- del-patrimonio-construido-en-espana","key":"26918"},{"unstructured":"Man\u00e7ano Fernandes, B. (2010). Sobre la tipolog\u00eda de los territorios. En C. Rodr\u00edguez (Coord.), Defensa comunitaria del territorio en la zona central de M\u00e9xico. Enfoques te\u00f3ricos y an\u00e1lisis de experiencias (p. 33-56). Juan Pablos Editor.","key":"26919"},{"unstructured":"Mariel Fiorentino, R. (2022). Posturas cr\u00edticas y teor\u00edas de la restauraci\u00f3n. Reconocimiento y sistematizaci\u00f3n de sus principales exponentes. En Felicidad Par\u00eds Benito, (Comp.) Textos de C\u00e1tedra Volumen VI (p. 149-185). Universidad Nacional de Mar del Plata. Facultad de Arquitectura Urbanismo y Dise\u00f1o. https:\/\/librosfaud.mdp.edu.ar\/EbooksFaud\/catalog\/book\/patrimonio%2007","key":"26920"},{"unstructured":"Massey, DB (1995). La conceptualizaci\u00f3n del lugar. En DB Massey y P. Jess (Eds.), \u00bfUn lugar en el mundo? Lugares, culturas y globalizaci\u00f3n (p. 45-85). Oxford University Press.","key":"26921"},{"unstructured":"Miras, J. (2014). La organizaci\u00f3n de la iglesia en circunscripciones eclesi\u00e1sticas. Prelaturas, ordinariatos.","key":"26922"},{"unstructured":"https:\/\/prelaturaspersonales.org\/la-organizacion-de-la-iglesia-en-circunscripciones-eclesiasticas\/","key":"26923"},{"unstructured":"Nates Cruz, B. (2011). Soportes te\u00f3ricos y etnogr\u00e1ficos sobre conceptos de territorio. Co-herencia, 8(14),209-229. ISSN: 1794-5887.","key":"26924"},{"unstructured":"https:\/\/www.redalyc.org\/articulo.oa?id=77420067009","key":"26925"},{"unstructured":"Orihuela, M. (2019). Territorio. Un vocablo, m\u00faltiples significados. AREA, Agenda de Reflexi\u00f3n en Arquitectura, Dise\u00f1o y Urbanismo, 25(1) https:\/\/dialnet.unirioja.es\/servlet\/articulo?codigo=8213759","key":"26926"},{"unstructured":"Portella Coll, J. (2017). Llibre d\u2019Exilis. Diccionari biogr\u00e0fic de l\u2019exili menorqu\u00ed. Menorca Segle XXI.","key":"26927"},{"unstructured":"Ports de Balears (2024). Ma\u00f3.","key":"26928"},{"unstructured":"https:\/\/www.portsdebalears.com\/es\/mao","key":"26929"},{"unstructured":"Rivera J., P\u00e9rez S. (2000). Carta de Cracovia 2000. Principios para la conservaci\u00f3n y restauraci\u00f3n del patrimonio construido. https:\/\/www.patrimonio.go.cr\/quienes_somos\/legislacion\/leyes_reglamentos\/Carta%20d e%20Cracovia%20%202000.pdf","key":"26930"},{"unstructured":"Santos, M. (1996). El retorno del territorio. En De la totalidad al lugar (p. 122-130). Oikos.","key":"26931"},{"unstructured":"https:\/\/miltonsantos.com.br\/site\/wp-content\/uploads\/2023\/05\/Santos-1996-De-la- Totalidad-al-Lugar.pdf","key":"26932"},{"unstructured":"Vaticano (s\/f). Libro II Del pueblo de Dios. Secci\u00f3n II De las Iglesias particulares y de sus agrupaciones (cann. 368-572) En C\u00f3digo de Derecho Can\u00f3nico. Vaticano. https:\/\/www.vatican.va\/archive\/cod-iuris-canonici\/esp\/documents\/cic_libro2_cann368- 374_sp.html","key":"26933"}],"container-title":["Nova et Vetera"],"link":[{"URL":"https:\/\/revistas.esap.edu.co\/index.php\/novaetvetera\/article\/download\/1304\/864","content-type":"application\/pdf","content-version":"vor","intended-application":"text-mining"},{"URL":"https:\/\/revistas.esap.edu.co\/index.php\/novaetvetera\/article\/download\/1304\/864","content-type":"unspecified","content-version":"vor","intended-application":"similarity-checking"}],"deposited":{"date-parts":[[2025,12,31]],"date-time":"2025-12-31T20:17:53Z","timestamp":1767212273000},"score":0.0,"resource":{"primary":{"URL":"https:\/\/revistas.esap.edu.co\/index.php\/novaetvetera\/article\/view\/1304"}},"issued":{"date-parts":[[2025,12,10]]},"references-count":29,"journal-issue":{"issue":"34","published-online":{"date-parts":[[2025,11,25]]}},"URL":"https:\/\/doi.org\/10.22431\/25005103.1304","ISSN":["2500-5103","0123-2614"],"issn-type":[{"type":"electronic","value":"2500-5103"},{"type":"print","value":"0123-2614"}],"published":{"date-parts":[[2025,12,10]]}},{"indexed":{"date-parts":[[2025,12,31]],"date-time":"2025-12-31T19:49:39Z","timestamp":1767210579701,"version":"3.48.0"},"reference-count":35,"publisher":"Escuela Superior de Administracion Publica","issue":"1","license":[{"start":{"date-parts":[[2025,6,20]],"date-time":"2025-06-20T00:00:00Z","timestamp":1750377600000},"content-version":"unspecified","delay-in-days":0,"URL":"https:\/\/creativecommons.org\/licenses\/by-nc-sa\/4.0"}],"content-domain":{"domain":[],"crossmark-restriction":false},"short-container-title":["Adm. Desarro."],"abstract":"<jats:p>The objective is to analyze the foundations of neoliberalism, taking as a hypothesis its opposition to political democracy (in the case of social participation) and social democracy (differentiated social rights). Likewise, the objective is to examine the penetration of neoliberal (ultraliberal) ideas in the Public Administration, through the \"management reform\", as well as the linking of the parliamentary coup d'\u00e9tat (launched in 2016 in Brazil) to the values emerged from this ideology.\nTo do this, in methodological terms, the following are analyzed: the main ideas of neoliberalism; the principles of management reform (and, from it, the exceptional nature of the provisions that derive from it, cases of Social Health Organizations, in the time of Covid, but which are normalized in daily life, in the case of the municipality of S\u00e3o Paulo, through source documents); and the main document prepared by the coup political party, the PMDB, whose budget is the neoliberal ideas inherited by Hayek and other ideologies, as well as the antisocial and antipopular programs that have substantially altered Brazilian political, economic and social life: the so-called counter-reforms. It is concluded that the ultraliberal agenda came into force in Brazil, emptying the public sphere and reducing spaces for participation due to its authoritarian worldview, anchored in private interests.<\/jats:p>","DOI":"10.22431\/25005227.1223","type":"journal-article","created":{"date-parts":[[2025,7,11]],"date-time":"2025-07-11T14:16:38Z","timestamp":1752243398000},"page":"e1223","source":"Crossref","is-referenced-by-count":0,"title":["Neoliberalismo: esvaziamento da esfera p\u00fablica, autoritarismo e diminui\u00e7\u00e3o dos espa\u00e7os participativos","Neoliberalism: emptying of the public sphere, authoritarism and decrease in participatory spaces","Neoliberalismo: vaciado de la esfera p\u00fablica, autoritarismo y disminuci\u00f3n de espacios participativos"],"prefix":"10.22431","volume":"55","author":[{"ORCID":"https:\/\/orcid.org\/0000-0003-4339-4786","authenticated-orcid":false,"given":"Francisco","family":"Fonseca","sequence":"first","affiliation":[],"role":[{"role":"author","vocabulary":"crossref"}]}],"member":"9723","published-online":{"date-parts":[[2025,6,20]]},"reference":[{"key":"22028","doi-asserted-by":"publisher","DOI":"10.1590\/S0102-64451991000200006"},{"key":"22029","doi-asserted-by":"publisher","DOI":"10.1590\/0034-7612166376"},{"key":"22030","unstructured":"Brasil. (1998). Disp\u00f5e sobre a qualifica\u00e7\u00e3o de entidades como organiza\u00e7\u00f5es sociais, a cria\u00e7\u00e3o do Programa Nacional de Publiciza\u00e7\u00e3o, a extin\u00e7\u00e3o dos \u00f3rg\u00e3os e entidades que menciona e a absor\u00e7\u00e3o de suas atividades por organiza\u00e7\u00f5es sociais, e d\u00e1 outras provid\u00eancias (Lei n\u00ba 9.637 de 15 de maio de 1998). https:\/\/www.planalto.gov.br\/ccivil_03\/leis\/l9637.htm"},{"key":"22031","unstructured":"Brasil. (2006). Disp\u00f5e sobre a qualifica\u00e7\u00e3o de entidades sem fins lucrativos como organiza\u00e7\u00f5es sociais (Lei n\u00ba 14.132 de 24 de Janeiro de 2006). https:\/\/legislacao.prefeitura.sp.gov.br\/leis\/lei-14132-de-24-de-janeirode-2006"},{"key":"22032","unstructured":"Brasil. (2008). Altera dispositivos e acresce os arts. 7\u00ba-A, 7\u00ba-B e 7\u00ba-C \u00e0 Lei n\u00ba 14.132, de 24 de janeiro de 2006, que disp\u00f5e sobre a qualifica\u00e7\u00e3o de entidades sem fins lucrativos como organiza\u00e7\u00f5es sociais; e cria os cargos de provimento em comiss\u00e3o que especifica (Lei n\u00ba 14.664 de 4 de janeiro de 2008)."},{"key":"22033","unstructured":"https:\/\/legislacao.prefeitura.sp.gov.br\/leis\/lei-14664-de-04-de-janeiro-de-2008"},{"key":"22034","unstructured":"Brasil. (2018). Acresce os \u00a7\u00a7 2\u00ba, 3\u00ba e 4\u00ba ao artigo 15 do Decreto n\u00ba 52.858, de 20 de dezembro de 2011 (Decreto n\u00ba 58.376 de 21 de agosto de 2018). https:\/\/legislacao.prefeitura.sp.gov.br\/leis\/decreto-58376-de-21-de-outubro-"},{"key":"22035","unstructured":"de-8216#:~:text=Disp%C3%B5e%20sobre%20a%20reorganiza%-C3%A7%C3%A3o%20da,Cargos%20de%20Provimento%20em%20Comiss%-"},{"key":"22036","unstructured":"C3%A3o. Recuperado em 10 de abril de 2020."},{"key":"22037","doi-asserted-by":"publisher","DOI":"10.24885\/sab.v9i1.105"},{"key":"22038","unstructured":"https:\/\/www.planalto.gov.br\/ccivil_03\/_ato2015-2018\/2017\/decreto\/d9190.htm. Recuperado em 20 de abril de 2020."},{"key":"22039","doi-asserted-by":"publisher","DOI":"10.7476\/9788523218775.0007"},{"key":"22040","unstructured":"Dardot, P. e Laval, C. (2016). A nova Raz\u00e3o do mundo: ensaio sobre a sociedade neoliberal."},{"key":"22041","unstructured":"Boitempo."},{"key":"22042","doi-asserted-by":"publisher","DOI":"10.1590\/2236-9996.2019-4502"},{"key":"22043","unstructured":"Friedman, M. (1985). Capitalismo e Liberdade. Nova Cultural."},{"key":"22044","unstructured":"Hayek, F. A. (1987). O Caminho da Servid\u00e3o. Express\u00e3o e Cultura\/Instituto Liberal."},{"key":"22045","unstructured":"Klein, N. (2007). Shock Doctrine \u2013 The rise of disaster capitalism. Holt Paperbacks"},{"key":"22046","unstructured":"Lei federal de Organiza\u00e7\u00f5es Sociais e sua regulamenta\u00e7\u00e3o no \u00e2mbito do sistema \u00fanico de sa\u00fade (2016), Minist\u00e9rio da Sa\u00fade, Bras\u00edlia, DF."},{"key":"22047","unstructured":"Levi, M. L. (2009). Organiza\u00e7\u00f5es Sociais de Sa\u00fade do Estado de S\u00e3o Paulo: inser\u00e7\u00e3o privada no SUS e gest\u00e3o financeira do modelo pela Secretaria de Estado da Sa\u00fade. [Tese Doutorado em Ci\u00eancias, Faculdade de Medicina da Universidade de S\u00e3o Paulo]."},{"key":"22048","unstructured":"Lobo, F. (2014). As Leis e as Pr\u00e1ticas. Uma breve hist\u00f3ria das organiza\u00e7\u00f5es sociais no Brasil. Em R. Navens (Coord.), Organiza\u00e7\u00f5es Sociais: A constru\u00e7\u00e3o do modelo Quartier Latin."},{"key":"22049","unstructured":"Leite, C. e Fonseca, F. (2018). Nadando contra a mar\u00e9: Impactos do Golpe Parlamentar de 2016 no campo das pol\u00edticas p\u00fablicas no Brasil. Revista Agenda Pol\u00edtica, 6(2), 116\u2013133."},{"key":"22050","doi-asserted-by":"publisher","DOI":"10.31990\/10.31990\/agenda.ano.volume.numero"},{"key":"22051","unstructured":"Macpherson, C. B. (1979). A Teoria Pol\u00edtica do Individualismo Possessivo: de Hobbes a Locke. Paz e Terra."},{"key":"22052","unstructured":"Minist\u00e9rio da Administra\u00e7\u00e3o e Reforma do Estado (MARE). (1995). Plano Diretor da Reforma do Aparelho do Estado."},{"key":"22053","unstructured":"http:\/\/www.biblioteca.presidencia.gov.br\/publicacoes-oficiais\/catalogo\/fhc\/plano-diretor-da-reforma-do-aparelho-do-estado-1995.pdf"},{"key":"22054","unstructured":"Mises, L. (1987). Liberalismo, segundo a tradi\u00e7\u00e3o cl\u00e1ssica. Jos\u00e9 Olympio\/Inst. Liberal. Paes de Paula, A. P. (2005). Por uma nova gest\u00e3o p\u00fablica: limites e potencialidades da experi\u00eancia contempor\u00e2nea. Editora FGV."},{"key":"22055","unstructured":"Pedrosa de Oliveira, A. C. (2016). Din\u00e2mica Pol\u00edtica e Pol\u00edtica de Gest\u00e3o: partidos de esquerda e a ado\u00e7\u00e3o das parcerias com Organiza\u00e7\u00f5es Sociais no Brasil \u2013 2007 a 2015. Tese de doutoramento, FGV\/Eaesp."},{"key":"22056","unstructured":"Partido do Movimento Democr\u00e1tico Brasileiro (PMDB). (2015). Uma ponte para o futuro. https:\/\/www.fundacaoulysses.org.br\/wp-content\/uploads\/2016\/11\/UMA-PONTE-PARA-O- FUTURO.pdf"},{"key":"22057","unstructured":"Prefeitura Municipal de S\u00e3o Paulo (2020). Decreto n\u00ba 59.283, 2020."},{"key":"22058","unstructured":"Sandroni, P. (1985). Dicion\u00e1rio de Economia. Abril Cultural."},{"key":"22059","unstructured":"Secretaria Municipal de Sa\u00fade (SMS). (2020). Boletim Di\u00e1rio da COVID-19 no MSP. https:\/\/www.prefeitura.sp.gov.br\/cidade\/secretarias\/saude\/vigilancia_em_saude\/doencas_e_agravos\/coronavirus\/index.php?p=295572"},{"key":"22060","unstructured":"Sociedade Beneficente Israelita Brasileira Hospital Albert Einstein (SBIBAE). (2020). Procedimento de Manifesta\u00e7\u00e3o de Interesse Social. SBIBAE."},{"key":"22061","unstructured":"Tribunal de Contas do Munic\u00edpio de S\u00e3o Paulo (TCM). (2019). Relat\u00f3rio de An\u00e1lise de Procedimento de Sele\u00e7\u00e3o."},{"key":"22062","unstructured":"https:\/\/portal.tcm.sp.gov.br\/ConsultaProcesso\/DocumentoEtcm?nuProcesso=TC0037732019&codArquivoDigital=445102"}],"container-title":["Administraci\u00f3n &amp; Desarrollo"],"link":[{"URL":"https:\/\/revistas.esap.edu.co\/index.php\/admindesarro\/article\/download\/Neoliberalismo_publica_autoritarismo_espacos_participativos\/802","content-type":"application\/pdf","content-version":"vor","intended-application":"text-mining"},{"URL":"https:\/\/revistas.esap.edu.co\/index.php\/admindesarro\/article\/download\/Neoliberalismo_publica_autoritarismo_espacos_participativos\/828","content-type":"text\/xml","content-version":"vor","intended-application":"text-mining"},{"URL":"https:\/\/revistas.esap.edu.co\/index.php\/admindesarro\/article\/download\/Neoliberalismo_publica_autoritarismo_espacos_participativos\/802","content-type":"unspecified","content-version":"vor","intended-application":"similarity-checking"}],"deposited":{"date-parts":[[2025,12,31]],"date-time":"2025-12-31T19:46:54Z","timestamp":1767210414000},"score":0.0,"resource":{"primary":{"URL":"https:\/\/revistas.esap.edu.co\/index.php\/admindesarro\/article\/view\/Neoliberalismo_publica_autoritarismo_espacos_participativos"}},"issued":{"date-parts":[[2025,6,20]]},"references-count":35,"journal-issue":{"issue":"1","published-online":{"date-parts":[[2025,2,3]]}},"URL":"https:\/\/doi.org\/10.22431\/25005227.1223","ISSN":["2500-5227","0120-3754"],"issn-type":[{"type":"electronic","value":"2500-5227"},{"type":"print","value":"0120-3754"}],"published":{"date-parts":[[2025,6,20]]}},{"indexed":{"date-parts":[[2025,12,31]],"date-time":"2025-12-31T20:29:48Z","timestamp":1767212988130,"version":"3.48.0"},"reference-count":0,"publisher":"Escuela Superior de Administracion Publica","issue":"64","license":[{"start":{"date-parts":[[2011,12,15]],"date-time":"2011-12-15T00:00:00Z","timestamp":1323907200000},"content-version":"unspecified","delay-in-days":0,"URL":"http:\/\/creativecommons.org\/licenses\/by-nc-nd\/4.0"}],"content-domain":{"domain":[],"crossmark-restriction":false},"short-container-title":["Nova vetera"],"abstract":"<jats:p>Aunque existen sectores que insisten en que no existe en Colombia un conflicto religioso y que \u00e9ste es un estado laico, la realidad demuestra lo contrario; aunque el impacto de este conflicto no es alto, est\u00e1 presente en la cotidianidad y como un c\u00e1ncer silencioso, carcome los corazones de los colombianos. De otro lado la ley le recuerda al Estado que no puede ser indiferente ante los sentimientos religiosos del pueblo. Se hace necesario proponer soluciones pr\u00e1cticas para hacer de Colombia un estado con una cultura interreligiosa ejemplo para los dem\u00e1s pa\u00edses.<\/jats:p>","DOI":"10.22431\/25005103.168","type":"journal-article","created":{"date-parts":[[2017,7,5]],"date-time":"2017-07-05T15:34:05Z","timestamp":1499268845000},"page":"43-54","source":"Crossref","is-referenced-by-count":3,"title":["Conflicto religioso en Colombia: entre el fundamentalismo, el laicismo y la cooperaci\u00f3n interreligiosa"],"prefix":"10.22431","volume":"20","author":[{"given":"Richard","family":"Gamboa Ben-Eleazar","sequence":"first","affiliation":[],"role":[{"role":"author","vocabulary":"crossref"}]}],"member":"9723","published-online":{"date-parts":[[2011,12,15]]},"container-title":["Nova et Vetera"],"link":[{"URL":"https:\/\/revistas.esap.edu.co\/index.php\/novaetvetera\/article\/download\/168\/pdf","content-type":"application\/pdf","content-version":"vor","intended-application":"text-mining"},{"URL":"https:\/\/revistas.esap.edu.co\/index.php\/novaetvetera\/article\/download\/168\/pdf","content-type":"unspecified","content-version":"vor","intended-application":"similarity-checking"}],"deposited":{"date-parts":[[2025,12,31]],"date-time":"2025-12-31T20:26:59Z","timestamp":1767212819000},"score":0.0,"resource":{"primary":{"URL":"https:\/\/revistas.esap.edu.co\/index.php\/novaetvetera\/article\/view\/168"}},"issued":{"date-parts":[[2011,12,15]]},"references-count":0,"journal-issue":{"issue":"64","published-online":{"date-parts":[[2011,12,15]]}},"URL":"https:\/\/doi.org\/10.22431\/25005103.168","ISSN":["2500-5103","0123-2614"],"issn-type":[{"type":"electronic","value":"2500-5103"},{"type":"print","value":"0123-2614"}],"published":{"date-parts":[[2011,12,15]]}},{"indexed":{"date-parts":[[2025,5,14]],"date-time":"2025-05-14T07:41:26Z","timestamp":1747208486616,"version":"3.40.5"},"reference-count":17,"publisher":"Escuela Superior de Administracion Publica","issue":"1","license":[{"start":{"date-parts":[[2019,6,30]],"date-time":"2019-06-30T00:00:00Z","timestamp":1561852800000},"content-version":"unspecified","delay-in-days":0,"URL":"http:\/\/creativecommons.org\/licenses\/by-nc-nd\/4.0"}],"content-domain":{"domain":[],"crossmark-restriction":false},"short-container-title":["Adm. Desarro."],"abstract":"<jats:p>Las instituciones p\u00fablicas tienen en esencia y en virtud de sus principios teleol\u00f3gicos un alto nivel de complejidad que en funci\u00f3n del servicio que prestan derivan en diferentes problemas que en gran medida deben ser interpretados. Lo anteriormente mencionado aplica mucho m\u00e1s para las empresas sociales del estado las cuales tienen en su haber el deber de administrar recursos en un entorno cada vez m\u00e1s vol\u00e1til. En ese orden de ideas, el presente art\u00edculo da a conocer los resultados obtenidos de la generaci\u00f3n de relaciones estad\u00edsticas para 3266 registros de Empresas Sociales del Estado (en adelante ESE) para los a\u00f1os 2010 a 2015; la muestra obtenida se constituye de 547 instituciones clasificadas por niveles de atenci\u00f3n y distribuidas en 12 departamentos de Colombia. Asimismo, se generan modelos de regresi\u00f3n que identifican relaciones entre los datos que posibilitan la identificaci\u00f3n de variables intervinientes en la situaci\u00f3n financiera de las instituciones en t\u00e9rminos de liquidez, endeudamiento y rentabilidad. El estudio se propone como base para estudios posteriores en el marco de las pol\u00edticas institucionales en materia de atenci\u00f3n en salud.<\/jats:p>","DOI":"10.22431\/25005227.vol49n1.2","type":"journal-article","created":{"date-parts":[[2021,11,7]],"date-time":"2021-11-07T20:52:27Z","timestamp":1636318347000},"page":"121-135","source":"Crossref","is-referenced-by-count":0,"title":["Empresas Sociales del Estado en Colombia: an\u00e1lisis exploratorio de indicadores econ\u00f3micos para los a\u00f1os 2010 \u2013 2015"],"prefix":"10.22431","volume":"49","author":[{"ORCID":"https:\/\/orcid.org\/0000-0003-3690-2842","authenticated-orcid":false,"given":"Gladys Irene","family":"Arboleda Posada","sequence":"first","affiliation":[],"role":[{"role":"author","vocabulary":"crossref"}]},{"given":"David Alberto","family":"Garc\u00eda Arango","sequence":"additional","affiliation":[],"role":[{"role":"author","vocabulary":"crossref"}]},{"given":"Cesar Felipe","family":"Henao Villa","sequence":"additional","affiliation":[],"role":[{"role":"author","vocabulary":"crossref"}]}],"member":"9723","published-online":{"date-parts":[[2019,6,30]]},"reference":[{"key":"310","doi-asserted-by":"crossref","unstructured":"Arango, L., Rodr\u00edguez, C., & L\u00f3pez, R. (2010). C\u00e1lculo de los costos de calidad y no calidad en empresas de salud y creaci\u00f3n de un sistema de medici\u00f3n. CIFE, 65-78.","DOI":"10.15332\/s2248-4914.2010.0016.03"},{"key":"311","unstructured":"Arbuckle, J. L. (2014). Amos (Versi\u00f3n 23.0). [Computer Program]. Chicago: IBM SPSS."},{"key":"312","unstructured":"Arroyave, I. (2001). Formulaci\u00f3n Preliminar de un modelo racional de finanzas para los Hospitales p\u00fablicos. Rev. Fac. Nac. Salud P\u00fablica , 101-109."},{"key":"313","doi-asserted-by":"crossref","unstructured":"C\u00e1rdenas, M., & Velasco, B. M. (2014). Incidencia de la morosidad de las cuentas por cobrar en la rentabilidad y la liquidez: estudio de caso de una Empresa Social del Estado prestadora de servicios de salud. Rev. Fac. Nac. Salud P\u00fablica , 16-25.","DOI":"10.17533\/udea.rfnsp.15182"},{"key":"314","unstructured":"Congreso de la Rep\u00fablica de Colombia. (1993). Por la cual se crea el sistema de seguridad social integral y se dictan otras disposiciones. Bogot\u00e1: Congreso de la Rep\u00fablica de Colombia."},{"key":"315","unstructured":"Departamento Nacional de Planeaci\u00f3n. (2019). Baes del plan nacional de desarrollo 2018-2022. Bogot\u00e1: Departamento Nacional de Planeaci\u00f3n."},{"key":"316","unstructured":"Franco, S. (2013). Entre los negocios y los derechos. Rev Cubana Salud P\u00fablica, 268-284."},{"key":"317","unstructured":"Gamboa Poveda, J., Puente Titua\u00f1a, S. P., & Vera Franco, P. Y. (2017). Importancia del control interno en el sector p\u00fablico. Revista Publicando, 487-503."},{"key":"318","unstructured":"Ochoa, S. A., & Moctezuma, J. (2012). Revisi\u00f3n cr\u00edtica de la literatura sobre el an\u00e1lisis financiero de las empresas. N\u00f3esis. Revista de Ciencias Sociales y Humanidades, 74-99."},{"key":"319","doi-asserted-by":"crossref","unstructured":"Pati\u00f1o, J. F. (2015). A Salvar los hospitales, no las EPS: La crisis estructural de sistema de salud. Rev Colomb Cir., 263-24.","DOI":"10.30944\/20117582.373"},{"key":"320","doi-asserted-by":"crossref","unstructured":"Ram\u00edrez Tapias, D. A. (2017). La responsabilidad social de los Hospitales del Estado frente a las teor\u00edas de la gerencia de valor. Caso aplicado al ESE Hospital Venancio D\u00edaz D\u00edaz. Revista GEON (Gesti\u00f3n, Organizaciones y Negocios), 91-102.","DOI":"10.22579\/23463910.47"},{"key":"321","unstructured":"Rivera, A. (2011). Coyuntura del sistema de salud en Colombia: caso Comfandi-SOS. Informe de pasant\u00eda. Cali: Universidad de San Buenaventura."},{"key":"322","unstructured":"Rivera, A. F. (2013). Coyuntura del sistema de salud en Colombia: caracterizaci\u00f3n de una crisis, desde las particularidades financieras de las EPS. Gesti\u00f3n & Desarrollo, 10 (1), pp. 103-116."},{"key":"323","unstructured":"Rodr\u00edguez, J. (2012). Vigilar y castigar: consideraciones sobre el papel de la superintendencia nacional de salud colombiana. Bogot\u00e1: FCE-Universidad Nacional."},{"key":"324","unstructured":"Silva Cu\u00e9llar, D. P., Salas Vargas, G. P., & Henao Casta\u00f1o, M. J. (2018). Evaluaci\u00f3n del control interno para el \u00e1rea financiera del hospital regional del L\u00edbano E.S.E. Ibagu\u00e9: Universidad Cooperativa de Colombia."},{"key":"325","doi-asserted-by":"crossref","unstructured":"Silva, M. Z., & Fern\u00e1ndez, F. C. (2019). The influence of contingencies factors strategy and structure in the enterprise risk management in a hospita. Gest. Prod., S\u00e3o Carlos, 1-16.","DOI":"10.1590\/0104-530x2315-19"},{"key":"326","unstructured":"Wang, L. (2018). Research on Risk Management for Healthcare Supply Chain in Hospital. Liverpool: Liverpool John Moores University."}],"container-title":["Administraci\u00f3n y Desarrollo"],"link":[{"URL":"https:\/\/revistas.esap.edu.co\/index.php\/admindesarro\/article\/download\/533\/491","content-type":"application\/pdf","content-version":"vor","intended-application":"text-mining"},{"URL":"https:\/\/revistas.esap.edu.co\/index.php\/admindesarro\/article\/download\/533\/491","content-type":"unspecified","content-version":"vor","intended-application":"similarity-checking"}],"deposited":{"date-parts":[[2024,9,11]],"date-time":"2024-09-11T17:43:35Z","timestamp":1726076615000},"score":0.0,"resource":{"primary":{"URL":"https:\/\/revistas.esap.edu.co\/index.php\/admindesarro\/article\/view\/533"}},"issued":{"date-parts":[[2019,6,30]]},"references-count":17,"journal-issue":{"issue":"1","published-online":{"date-parts":[[2019,6,30]]}},"URL":"https:\/\/doi.org\/10.22431\/25005227.vol49n1.2","ISSN":["2500-5227","0120-3754"],"issn-type":[{"type":"electronic","value":"2500-5227"},{"type":"print","value":"0120-3754"}],"published":{"date-parts":[[2019,6,30]]}},{"indexed":{"date-parts":[[2025,11,6]],"date-time":"2025-11-06T16:50:23Z","timestamp":1762447823304,"version":"build-2065373602"},"reference-count":0,"publisher":"Escuela Superior de Administracion Publica","issue":"28","license":[{"start":{"date-parts":[[2019,12,29]],"date-time":"2019-12-29T00:00:00Z","timestamp":1577577600000},"content-version":"unspecified","delay-in-days":0,"URL":"http:\/\/creativecommons.org\/licenses\/by-nc-nd\/4.0"}],"content-domain":{"domain":[],"crossmark-restriction":false},"short-container-title":["Nova vetera"],"abstract":"<jats:p>This text intends to address the approaches made by the French communist militant, Jacques Aprile, a pioneer in the development of studies on the Colombian city, as well as his diversity of contributions to understand violence as a determining factor and midwife of the urbanization of the city. country, facing the process of capitalist modernization that takes place throughout the 20th century. The article will address the following topics: a) demographic displacements; b) the urban phenomenon; c) from town to city; d) the contributions of the popular field to the urban; e) from agrarian struggles to urban combat; f) Public Administration, planning and urban pacification; g) conclusions. These lines are based on the articles written by Aprile for the magazine of Political Documents, which during the 1970s was an instrument for theoretical elaboration and social research promoted by the Colombian Communist Party.<\/jats:p>","DOI":"10.22431\/25005103.n28.2","type":"journal-article","created":{"date-parts":[[2022,12,29]],"date-time":"2022-12-29T01:15:54Z","timestamp":1672276554000},"page":"21-37","source":"Crossref","is-referenced-by-count":0,"title":["Jacques Aprile y el fen\u00f3meno urbano en Colombia","Jacques Aprile and the Urban Phenomenon in Colombia"],"prefix":"10.22431","author":[{"given":"Jaime Andr\u00e9s","family":"R\u00faa Zambrano","sequence":"first","affiliation":[],"role":[{"role":"author","vocabulary":"crossref"}]}],"member":"9723","published-online":{"date-parts":[[2019,12,29]]},"container-title":["Nova et Vetera"],"link":[{"URL":"https:\/\/revistas.esap.edu.co\/index.php\/novaetvetera\/article\/download\/799\/647","content-type":"application\/pdf","content-version":"vor","intended-application":"text-mining"},{"URL":"https:\/\/revistas.esap.edu.co\/index.php\/novaetvetera\/article\/download\/799\/647","content-type":"unspecified","content-version":"vor","intended-application":"similarity-checking"}],"deposited":{"date-parts":[[2025,11,6]],"date-time":"2025-11-06T16:47:40Z","timestamp":1762447660000},"score":0.0,"resource":{"primary":{"URL":"https:\/\/revistas.esap.edu.co\/index.php\/novaetvetera\/article\/view\/799"}},"issued":{"date-parts":[[2019,12,29]]},"references-count":0,"journal-issue":{"issue":"28","published-online":{"date-parts":[[2019,12,29]]}},"URL":"https:\/\/doi.org\/10.22431\/25005103.n28.2","ISSN":["2500-5103","0123-2614"],"issn-type":[{"type":"electronic","value":"2500-5103"},{"type":"print","value":"0123-2614"}],"published":{"date-parts":[[2019,12,29]]}},{"indexed":{"date-parts":[[2025,11,6]],"date-time":"2025-11-06T16:41:02Z","timestamp":1762447262163,"version":"build-2065373602"},"reference-count":51,"publisher":"Escuela Superior de Administracion Publica","issue":"2","license":[{"start":{"date-parts":[[2022,12,28]],"date-time":"2022-12-28T00:00:00Z","timestamp":1672185600000},"content-version":"unspecified","delay-in-days":0,"URL":"https:\/\/creativecommons.org\/licenses\/by-nc-sa\/4.0"}],"content-domain":{"domain":[],"crossmark-restriction":false},"short-container-title":["Adm. Desarro."],"abstract":"<jats:p>Transactional marketing has been transformed into relational marketing in university management models, the main objective of this research is to establish the relationship between the main variables of relational marketing: trust, satisfaction, and loyalty to build community in university teachers. The methodology used is quantitative, with a sample of 287 teachers belonging to institutionally accredited Universities in the city of Medell\u00edn, Colombia. As a result, it is obtained that strategies must be built to consolidate trust, since this is the basis of all relationships. The level of satisfaction is adequate; however, it does not necessarily lead to the loyalty of teachers in the institutions. The relationship to strengthen and consolidate value propositions is valued positively. Teachers consider that there is a good environment for personal and professional projection, since it has a significant influence on confidence and satisfaction.<\/jats:p>","DOI":"10.22431\/25005227.vol52n2.4","type":"journal-article","created":{"date-parts":[[2022,12,28]],"date-time":"2022-12-28T09:58:37Z","timestamp":1672221517000},"page":"64-78","source":"Crossref","is-referenced-by-count":0,"title":["Del mercadeo transaccional al mercadeo relacional para construir comunidad en los docentes universitarios","From transactional marketing to marketing relational to build community in university teachers"],"prefix":"10.22431","volume":"52","author":[{"ORCID":"https:\/\/orcid.org\/0000-0003-4122-0344","authenticated-orcid":false,"given":"Ledy","family":"G\u00f3mez-Bayona","sequence":"first","affiliation":[],"role":[{"role":"author","vocabulary":"crossref"}]},{"ORCID":"https:\/\/orcid.org\/0000-0002-4669-738X","authenticated-orcid":false,"given":"Laura","family":"Zuluaga-Gir\u00f3n","sequence":"additional","affiliation":[],"role":[{"role":"author","vocabulary":"crossref"}]},{"ORCID":"https:\/\/orcid.org\/0000-0003-3293-5233","authenticated-orcid":false,"given":"Sandra Milena","family":"Palacio L\u00f3pez","sequence":"additional","affiliation":[],"role":[{"role":"author","vocabulary":"crossref"}]},{"ORCID":"https:\/\/orcid.org\/0000-0002-6240-3564","authenticated-orcid":false,"given":"Juan Pablo","family":"Arrubla-Zapata","sequence":"additional","affiliation":[],"role":[{"role":"author","vocabulary":"crossref"}]},{"ORCID":"https:\/\/orcid.org\/0000-0002-4094-0940","authenticated-orcid":false,"given":"Gustavo","family":"Moreno-L\u00f3pez","sequence":"additional","affiliation":[],"role":[{"role":"author","vocabulary":"crossref"}]}],"member":"9723","published-online":{"date-parts":[[2022,12,28]]},"reference":[{"key":"10448","doi-asserted-by":"crossref","unstructured":"Adeogun, M. (2022). Increasing Patron\u2019s Outreach and Engagement through Relationship Marketing: A Case Study. Journal of Library Administration, 62(3), 359-375.","DOI":"10.1080\/01930826.2022.2043691"},{"key":"10449","doi-asserted-by":"crossref","unstructured":"Amoli, S. and Aghashahi, F. (2016). An Investigation on Strategic Management Success Factors in an Educational Complex. Procedia Social and Behavioral Sciences, 230, 447-454.","DOI":"10.1016\/j.sbspro.2016.09.056"},{"key":"10450","doi-asserted-by":"crossref","unstructured":"Arar, K., Turan, S., Barakat, M. and Oplatka, I. (2017). The characteristics of educational leadership in the Middle East: A comparative analysis of three nation-states. En The Wiley International Handbook of Educational Leadership (pp. 355-373). Wyley.","DOI":"10.1002\/9781118956717.ch19"},{"key":"10451","unstructured":"Akpayeva, A., Ivanova, N., Luchina, T., Minaeva, E. and Zhestkova, E. (2016). Specifics of Educational Activity Anti-motivation in Future Teachers Subject to the Training Period. International Review of Management and Marketing, 6(S3), 265-269."},{"key":"10452","doi-asserted-by":"crossref","unstructured":"Beerli, A., D\u00edaz, G. and P\u00e9rez, P. (2002). The configuration of the university image and its relationship with the satisfaction of students. Journal of Educational Administration, 40(5), 486-505.","DOI":"10.1108\/09578230210440311"},{"key":"10453","doi-asserted-by":"crossref","unstructured":"Bennett, R. and Ali-Choudhury, R. (2009). Prospective students\u2019 perceptions of university brands: An empirical study. Journal of Marketing for Higher Education, 19(1), 85-107.","DOI":"10.1080\/08841240902905445"},{"key":"10454","doi-asserted-by":"crossref","unstructured":"Buenaventura-Vera, G. y Gudziol, J. (2020). La confianza como mecanismo para mejorar el desempe\u00f1o organizacional. Cuadernos de Administraci\u00f3n, 36(66), 53-63.","DOI":"10.25100\/cdea.v36i66.7897"},{"key":"10455","doi-asserted-by":"crossref","unstructured":"Cavazos, J. y Encinas, F. (2016). Influencia del engagement acad\u00e9mico en la lealtad de estudiantes de posgrado: un abordaje a trav\u00e9s de un modelo de ecuaciones estructurales. Estudios Gerenciales, 32(140), 228-238.","DOI":"10.1016\/j.estger.2016.07.001"},{"key":"10456","doi-asserted-by":"crossref","unstructured":"Correa, E. (2019). La lealtad de los colaboradores en una instituci\u00f3n educativa privada de nivel superior caso de estudio Celaya, Guanajuato. Revista Educaci\u00f3n, 43(2), 21-21.","DOI":"10.15517\/revedu.v43i2.29246"},{"key":"10457","unstructured":"Dorozhkin, E., Akimova, O., Lazarev, A., Spylaev, D. and Kornilov, A. (2016). The experience of positioning the university at the educational services market. International Journal of Environmental and Science Education, 11(16), 9328-9338."},{"key":"10458","doi-asserted-by":"crossref","unstructured":"Du, P., Lai, M. and Lo, L. (2010). Analysis of job satisfaction of university professors from nine chinese universities. Frontiers of Education in China, 5(3), 430-449.","DOI":"10.1007\/s11516-010-0109-8"},{"key":"10459","doi-asserted-by":"crossref","unstructured":"Encinas, F. and Cavazos, J. (2017). Students\u2019 loyalty in higher education: the roles of affective commitment, service co-creation and engagement. Cuadernos de Administraci\u00f3n, 33(57).","DOI":"10.25100\/cdea.v33i57.4464"},{"key":"10460","doi-asserted-by":"crossref","unstructured":"Fornell, C. (1992). A national customer satisfaction barometer: The swedish experience. Journal of Marketing, 56(1), 6-21.","DOI":"10.1177\/002224299205600103"},{"key":"10461","doi-asserted-by":"crossref","unstructured":"Frasquet, M., Calder\u00f3n, H. and Cervera, A. (2012). University-industry collaboration from a relationship marketing perspective: An empirical analysis in a Spanish University. Higher Education, 64(1), 85-98.","DOI":"10.1007\/s10734-011-9482-3"},{"key":"10462","doi-asserted-by":"crossref","unstructured":"Galindo-Illanes, M., Gallegos-Mardones, J. and Vasquez-Parraga, A. (2021). Explaining Loyalty in Higher Education: A Model and Comparative Analysis from the Policy of Gratuity, a Case Applied to Chile. Sustainability, 13,1-15.","DOI":"10.3390\/su131910781"},{"key":"10463","unstructured":"G\u00f3mez-Bayona, L., Ferre-Pavia, C. y Arrubla Zapata, J. P. (2019). Modelos de mercadeo relacional en educaci\u00f3n: articulaci\u00f3n con el docente universitario. Revista Venezolana de Gerencia, 24(2), 542-556."},{"key":"10464","unstructured":"G\u00f3mez-Bayona, L., Moreno-L\u00f3pez, G. y Machuca-Villegas, L. (2020). La gamificaci\u00f3n en mercadeo educativo como estrategia de gesti\u00f3n en las universidades acreditadas. Revista Iberica de Sistemas e Tecnologias de Informa\u00e7\u00e3o, (34), 336-349."},{"key":"10465","doi-asserted-by":"crossref","unstructured":"Guadarrama, E. y Rosales-Estrada, E. (2015). Marketing relacional: valor, satisfacci\u00f3n, lealtad y retenci\u00f3n del cliente. An\u00e1lisis y reflexi\u00f3n te\u00f3rica. Ciencia y Sociedad, 40(2), 307-340.","DOI":"10.22206\/cys.2015.v40i2.pp307-340"},{"key":"10466","doi-asserted-by":"crossref","unstructured":"Guilbault, M. (2016). Students as customers in higher education: reframing the debate. Journal of Marketing for Higher Education, 26(2), 132-142.","DOI":"10.1080\/08841241.2016.1245234"},{"key":"10467","doi-asserted-by":"crossref","unstructured":"Gummesson, E. (2002). Relationship marketing in the new economy. Journal of Relationship Marketing, 1(1), 37-57.","DOI":"10.1300\/J366v01n01_04"},{"key":"10468","doi-asserted-by":"crossref","unstructured":"Guti\u00e9rrez, S. (2013). La confianza, la satisfacci\u00f3n, las normas relacionales, el oportunismo y la dependencia como antecedentes del compromiso organizacional del trabajador. Contadur\u00eda y administraci\u00f3n, 58(2), 11-38.","DOI":"10.1016\/S0186-1042(13)71208-7"},{"key":"10469","doi-asserted-by":"crossref","unstructured":"Hamid, S. (2016). Positive and negative perceptions on school marketing: A case study of three types of school in England. Internation- al Journal of Academic Research in Business and Social Sciences, 6(11), 224-232","DOI":"10.6007\/IJARBSS\/v6-i11\/2387"},{"key":"10470","doi-asserted-by":"crossref","unstructured":"HemsleyBrown, J. and Oplatka, I. (2006). Universities in a competitive global marketplace: A systematic review of the literature on higher education marketing. International Journal of Public Sector Management, 19(4), 316-338.","DOI":"10.1108\/09513550610669176"},{"key":"10471","doi-asserted-by":"crossref","unstructured":"Hennig-Thurau, T., Langer, M. and Hansen, U. (2001). Modeling and managing student loyalty: An approach based on the concept of relationship quality. Journal of Service Research, 3(4), 331-344.","DOI":"10.1177\/109467050134006"},{"key":"10472","doi-asserted-by":"crossref","unstructured":"James, C., Crawford, M. and Oplatka, I. (2019). An affective paradigm for educational leadership theory and practice: Connecting affect, actions, power and influence. International Journal of Leadership in Education, 22(5), 617-628.","DOI":"10.1080\/13603124.2018.1481536"},{"key":"10473","doi-asserted-by":"crossref","unstructured":"Jain, V., Mogaji, E., Sharma, H. and Babbili, A. (2022). A multi-stakeholder perspective of relationship marketing in higher education institutions. Journal of Marketing for Higher Education, 1-19. https:\/\/www.tandfonline.com\/doi\/pdf\/10.1080\/08841241.2022.2034201?needAccess=true","DOI":"10.1080\/08841241.2022.2034201"},{"key":"10474","unstructured":"Keller, K. (2008). Administraci\u00f3n estrat\u00e9gica de marca. Pearson."},{"key":"10475","doi-asserted-by":"crossref","unstructured":"Kureshi, S. and Thomas, S. (2020). Testing the influence of message framing, donation magnitude, and product category in a cause-related marketing context. Journal of Marketing Communications, 26(3), 268-289.","DOI":"10.1080\/13527266.2018.1528475"},{"key":"10476","doi-asserted-by":"crossref","unstructured":"Liu, S., Hallinger, P. and Feng, D. (2016). Learning-centered leadership and teacher learning in China: Does trust matter? Journal of Educational Administration, 54(6), 661-682.","DOI":"10.1108\/JEA-02-2016-0015"},{"key":"10477","doi-asserted-by":"crossref","unstructured":"Manzuma-Ndaaba, N., Harada, Y., Nordin, N., Abdullateef, A. and Romle, A. (2018). Application of social exchange theory on relationship marketing dynamism from higher education service destination loyalty perspective. Management Science Letters, 1077-1096.","DOI":"10.5267\/j.msl.2018.7.004"},{"key":"10478","doi-asserted-by":"crossref","unstructured":"Morgan, R. and Hunt, S. (1994). The commitment-trust theory of relationship marketing. Journal of Marketing, 58(3), 20.","DOI":"10.2307\/1252308"},{"key":"10479","unstructured":"Mynbayeva, A. and Yessenova, K. (2016). Distinguishing features of teacher image and faculty member\u2019s image: Comparative study. International Review of Management and Marketing, 6(3), 110-117."},{"key":"10480","unstructured":"Oplatka, I. (2006). Teachers\u2019 perceptions of their role in educational marketing: Insights from the case of Edmonton, Alberta. Canadian Journal of Educational Administration and Policy, (5), 1-23."},{"key":"10481","doi-asserted-by":"crossref","unstructured":"Oplatka, I. and Hemsley-Brown, J. (2012). The research on school marketing: Current issues and future directions. An updated version. En The Management and Leadership of Educational Marketing: Research, Practice and Applications (Advances in Educational Administration, Vol. 15) (pp. 3-35).","DOI":"10.1108\/S1479-3660(2012)0000015003"},{"key":"10482","doi-asserted-by":"crossref","unstructured":"Osayawe, B. and Taylor, M. (2009). Managing students\u2019 loyalty to school after graduation through relationship marketing. The TQM Journal, 21(5), 502-516.","DOI":"10.1108\/17542730910983416"},{"key":"10483","doi-asserted-by":"crossref","unstructured":"Poole, S. and Campos, N. (2017). Transfer of marketing knowledge to Catholic primary schools. International Journal of Nonproflt and Voluntary Sector Marketing, 22(3), 1579.","DOI":"10.1002\/nvsm.1579"},{"key":"10484","unstructured":"Reguant-Alvarez, M., Vil\u00e0-ba\u00f1os, R. and Torrado-fonseca, M. (2018). La relaci\u00f3n entre dos variables seg\u00fan la escala de medici\u00f3n con SPSS. REIRE. Revista d\u2019Innovaci\u00f3 i Recerca En Educaci\u00f3, 11(11 (2)), 45-60."},{"key":"10485","doi-asserted-by":"crossref","unstructured":"Riccomini, F., Cirani, C., Pedro, S., Garzaro, D. and Kevin, K. (2021). Innovation in educational marketing: a study applied to Brazilian private higher education institutions. Journal of Marketing for Higher Education, 1-21. https:\/\/www.tandfonline.com\/doi\/full\/10.1080\/08841241.2021.1966157","DOI":"10.1080\/08841241.2021.1966157"},{"key":"10486","doi-asserted-by":"crossref","unstructured":"Richart, R., \u00c1lvarez-Flores, E. y Mart\u00ednez-Rodr\u00edguez, R. (2019). Competencias del perfil del administrador. Perflles Educativos, 41(164), 82-98.","DOI":"10.22201\/iisue.24486167e.2019.164.59108"},{"key":"10487","doi-asserted-by":"crossref","unstructured":"Rodr\u00edguez-Rodr\u00edguez, J. y Reguant-\u00c1lvarez, M. (2020). Calcular la fiabilidad de un cuestionario o escala mediante el SPSS: el coeficiente alfa de Cronbach. REIRE. Revista d\u2019Innovaci\u00f3 i Recerca En Educaci\u00f3, 13(2), 1-13.","DOI":"10.1344\/reire2020.13.230048"},{"key":"10488","doi-asserted-by":"crossref","unstructured":"Rylander, D., Strutton, D. and Pelton, L. (1997). Toward a synthesized framework of relational commitment: implications for marketing channel theory and practice. Journal of Marketing Theory and Practice, 5(2), 58-71.","DOI":"10.1080\/10696679.1997.11501765"},{"key":"10489","doi-asserted-by":"crossref","unstructured":"Sanz, D., Crissien, T., Garc\u00eda, J. y Pati\u00f1o, M. (2017). Marketing educativo como estrategia de negocio en universidades privadas. Desarrollo Gerencial, 9(1), 160.","DOI":"10.17081\/dege.9.1.2731"},{"key":"10490","doi-asserted-by":"crossref","unstructured":"Schlesinger, M., Cervera, A. y Iniesta, M. (2012). La identificaci\u00f3n egresado-universidad: un modelo desde un enfoque de marketing relacional. Revista de Ciencias Sociales, 18(1), 118-135.","DOI":"10.31876\/rcs.v18i1.24966"},{"key":"10491","doi-asserted-by":"crossref","unstructured":"Schlesinger, W., Cervera, A. and Iniesta, M. (2015 ). Key Elements in Building Relationships in the Higher Education Services Context. Journal of Promotion Management, 21(4), 475-491.","DOI":"10.1080\/10496491.2015.1051403"},{"key":"10492","doi-asserted-by":"crossref","unstructured":"Schlesinger, W., Cervera, A. and P\u00e9rez-Caba\u00f1ero, C. (2016). Sticking with your university: the importance of satisfaction, trust, image, and shared values. Studies in Higher Education, 42(12), 2178-2194.","DOI":"10.1080\/03075079.2015.1136613"},{"key":"10493","unstructured":"Tar\u0131, B. and Mercan, H. (2020). Co-creating positive outcomes in higher education: are students ready for co-creation? Journal of Marketing for Higher Education, 0(0), 1-16."},{"key":"10494","doi-asserted-by":"crossref","unstructured":"Trullas, I., Simo, P., Fusalba, O., Fito, A. and Sallan, J. (2018). Student-perceived organizational support and perceived employability in the marketing of higher education. Journal of Marketing for Higher Education, 28(2), 266-281.","DOI":"10.1080\/08841241.2018.1488334"},{"key":"10495","doi-asserted-by":"crossref","unstructured":"Veretennik, E. and Kianto, A. (2020). The impact of trust and information networks on teachers\u2019 job satisfaction. Kybernetes, 49(1), 200-228.","DOI":"10.1108\/K-04-2019-0298"},{"key":"10496","doi-asserted-by":"crossref","unstructured":"Wei, W. and Junyan, L. (2015). A Study on teachers occupational belief in local universities and colleges: Based on the survey of a college in Xiamen. Chinese Education and Society, 48(4), 312-325.","DOI":"10.1080\/10611932.2015.1119540"},{"key":"10497","doi-asserted-by":"crossref","unstructured":"Zancajo, A. (2018). Educational providers in the marketplace: Schools\u2019 marketing responses in Chile. International Journal of Educational Research, 88, 166-176.","DOI":"10.1016\/j.ijer.2017.10.009"},{"key":"10498","doi-asserted-by":"crossref","unstructured":"Zeithaml, V., Berry, L. and Parasuraman, A. (1998). The behavioural consequences of service quality. Journal of Marketing, 60(2), 31-46.","DOI":"10.1177\/002224299606000203"}],"container-title":["Administraci\u00f3n &amp; Desarrollo"],"link":[{"URL":"https:\/\/revistas.esap.edu.co\/index.php\/admindesarro\/article\/download\/790\/671","content-type":"application\/pdf","content-version":"vor","intended-application":"text-mining"},{"URL":"https:\/\/revistas.esap.edu.co\/index.php\/admindesarro\/article\/download\/790\/710","content-type":"text\/xml","content-version":"vor","intended-application":"text-mining"},{"URL":"https:\/\/revistas.esap.edu.co\/index.php\/admindesarro\/article\/download\/790\/639","content-type":"unspecified","content-version":"vor","intended-application":"similarity-checking"}],"deposited":{"date-parts":[[2025,11,6]],"date-time":"2025-11-06T16:38:27Z","timestamp":1762447107000},"score":0.0,"resource":{"primary":{"URL":"https:\/\/revistas.esap.edu.co\/index.php\/admindesarro\/article\/view\/790"}},"issued":{"date-parts":[[2022,12,28]]},"references-count":51,"journal-issue":{"issue":"2","published-online":{"date-parts":[[2022,12,28]]}},"URL":"https:\/\/doi.org\/10.22431\/25005227.vol52n2.4","ISSN":["2500-5227","0120-3754"],"issn-type":[{"type":"electronic","value":"2500-5227"},{"type":"print","value":"0120-3754"}],"published":{"date-parts":[[2022,12,28]]}},{"indexed":{"date-parts":[[2026,7,4]],"date-time":"2026-07-04T03:33:33Z","timestamp":1783136013989,"version":"3.54.6"},"reference-count":36,"publisher":"Escuela Superior de Administracion Publica","issue":"2","license":[{"start":{"date-parts":[[2023,11,9]],"date-time":"2023-11-09T00:00:00Z","timestamp":1699488000000},"content-version":"unspecified","delay-in-days":0,"URL":"https:\/\/creativecommons.org\/licenses\/by-nc-sa\/4.0"}],"content-domain":{"domain":[],"crossmark-restriction":false},"short-container-title":["Adm. Desarro."],"abstract":"<jats:p>This article presents an analysis of the dynamics of administrative management in the sixth category municipalities of the province of Soto Norte of the department of Santander, in accordance with the implementation of the differential criteria that integrate the administrative development policies in the entities of the territorial order. The above, in accordance with the Integrated Model of Planning and Management (MIPG) and the annex Agreement 003 of 2018 of the Council for institutional management and performance. For the analysis, the mixed type of methodology is applied and resorts to the survey, worktables and matrix analysis.According to the results, the study recognizes the considerable differences between the entities of the territorial order, according to their level of institutional development and the various contexts where management is performed. Consequently, the sixth category municipalities in Colombia can hardly reach levels of administrative development, due to several factors: lack of budget, lack of career human talent, strategic planning processes, document management, knowledge management, innovation, and practices for the simplification of processes. These elements are essential to achieve the constitutional purposes and in turn, meet the needs of citizens in terms of efficiency, effectiveness, and public value.<\/jats:p>","DOI":"10.22431\/25005227.vol53n2.5","type":"journal-article","created":{"date-parts":[[2023,11,9]],"date-time":"2023-11-09T18:57:46Z","timestamp":1699556266000},"source":"Crossref","is-referenced-by-count":2,"title":["An\u00e1lisis de las din\u00e1micas de la gesti\u00f3n administrativa en municipios de sexta categor\u00eda en el departamento de Santander","Analysis of the dynamics of administrative management in sixth category municipalities in the Department of Santander"],"prefix":"10.22431","volume":"53","author":[{"ORCID":"https:\/\/orcid.org\/0000-0002-0189-7636","authenticated-orcid":false,"given":"Maria Luc\u00eda","family":"Sierra Sierra","sequence":"first","affiliation":[],"role":[{"vocabulary":"crossref","role":"author"}]}],"member":"9723","published-online":{"date-parts":[[2023,11,9]]},"reference":[{"key":"9707","unstructured":"Aguilar, L. (2015). Gobernanza y gesti\u00f3n p\u00fablica. https:\/\/consultorestema.com\/wp-content\/uploads\/2020\/02\/Aguilar_villanueva_gobernanza_y_gestionTC.pdf"},{"key":"9708","unstructured":"Arroyo Chac\u00f3n, J. I., (2017). Innovaci\u00f3n abierta como pilar del gobierno abierto. Revista Enfoques: Ciencia Pol\u00edtica y Administraci\u00f3n P\u00fablica, XV(27), 13-41. https:\/\/www.redalyc.org\/articulo.oa?id=96055458002"},{"key":"9709","doi-asserted-by":"crossref","unstructured":"Avalle, G. (2023). Gobernabilidad y gobernanza. Enfoques en tensi\u00f3n. Estudios Pol\u00edticos, (66), 28\u201347. https:\/\/doi.org\/10.17533\/udea.espo.n66a02","DOI":"10.17533\/udea.espo.n66a02"},{"key":"9710","unstructured":"Castanedo-Abay, A. (2022). Desarrollo social, gesti\u00f3n p\u00fablica y la nueva cara de la administraci\u00f3n p\u00fablica global. Revista Estudios del Desarrollo Social: Cuba y Am\u00e9rica Latina,10(2), https:\/\/shorturl.at\/vzGLV"},{"key":"9711","doi-asserted-by":"crossref","unstructured":"Casta\u00f1eda Rodr\u00edguez, V. M. y D\u00edaz-Bautista, O. (2017). El Consenso de Washington: algunas implicaciones para Am\u00e9rica Latina. Apuntes del Cenes, 36(63), 15-41. https:\/\/doi.org\/10.19053\/01203053.v36.n63.2017.4425","DOI":"10.19053\/01203053.v36.n63.2017.4425"},{"key":"9712","doi-asserted-by":"crossref","unstructured":"Cevallos, G., y Vegas, H. (2022). Aportes de la gobernanza para un nuevo modelo post burocr\u00e1tico. Una visi\u00f3n desde la gesti\u00f3n p\u00fablica local. 593 Digital Publisher CEIT, 7(5-2), 199-216: DOI: https:\/\/doi.org\/10.33386\/593dp.2022.5-2.1511","DOI":"10.33386\/593dp.2022.5-2.1511"},{"key":"9713","unstructured":"CLAD. (2020). Carta Iberoamericana de Innovaci\u00f3n en la Gesti\u00f3n P\u00fablica. XIX Conferencia Iberoamericana de ministras y ministros de la administraci\u00f3n p\u00fablica y reforma del Estado. Andorra: https:\/\/clad.org\/wp-content\/uploads\/2020\/10\/Carta-Iberoamericana-de-Innovacion-10-2020.pdf"},{"key":"9714","unstructured":"CNSC. (2022). Competencias laborales para el servicio p\u00fablico 4.0 en Colombia. Departamento Administrativo de la Funci\u00f3n P\u00fablica. Bogot\u00e1 Colombia: https:\/\/www.funcionpublica.gov.co\/documents\/28587425\/0\/competencias-laborales-para-el-servicio-publico-4-0-en-colombia.pdf\/9d8cf588-d41f-d37c-f546-af15a65f2d91?t=1659473779960"},{"key":"9715","unstructured":"C\u00f3rdova M. (2018). Gobernanza y pol\u00edticas p\u00fablicas. La seguridad ciudadana en Bogot\u00e1 y Quito. Editorial Universidad del Rosario. https:\/\/doi.org\/10.12804\/th9789587841336"},{"key":"9716","unstructured":"Corzo, R. (2017). Latino\u00e1merica: entre el desarrollismo end\u00f3geno y el subdesarrollismo ex\u00f3geno. Temas Sociales, 40, 47-70. http:\/\/www.scielo.org.bo\/pdf\/rts\/n40\/n40_a03.pdf"},{"key":"9717","doi-asserted-by":"crossref","unstructured":"Damsky, I. A. (2020). La participaci\u00f3n ciudadana como un derecho. Sus interrogantes en la contrataci\u00f3n administrativa. Con-Texto, (51), 127\u2013153. https:\/\/doi.org\/10.18601\/01236458.n51.07","DOI":"10.18601\/01236458.n51.07"},{"key":"9718","unstructured":"DNP. (2015). Tipolog\u00edas departamentales y municipales: una propuesta para entender las entidades territoriales colombianas. https:\/\/colaboracion.dnp.gov.co\/CDT\/Desarrollo%20Territorial\/Tip-FormatoPublicacion%20%28tipolog%c3%adas%29%2023.pdf?Web"},{"key":"9719","unstructured":"DNP. (2018). Reporte de an\u00e1lisis territorial. Visor TerriData: https:\/\/terridata.dnp.gov.co\/#\/perfiles"},{"key":"9720","unstructured":"DNP. (2023). Orientaciones para la formulaci\u00f3n y uso de programas de gobierno 2024-2027, Juntos por el territorio. Colombia potencia de la vida: https:\/\/colaboracion.dnp.gov.co\/CDT\/Desarrollo%20Territorial\/Portal%20Territorial\/NuevosMandatarios\/Guia_JuntosPorElTerritorio.pdf"},{"key":"9721","doi-asserted-by":"crossref","unstructured":"Fern\u00e1ndez, J. (2018). Valor p\u00fablico, gobernanza y Tercera V\u00eda. Convergencia,25(78),175-193. https:\/\/doi.org\/10.29101\/crcs.v25i78.10373","DOI":"10.29101\/crcs.v25i78.10373"},{"key":"9722","unstructured":"Fonseca, C. H., Castellanos, F. y Castillo, S. (2016). Nuevos m\u00e9todos de gesti\u00f3n del conocimiento: consulta nacional de administradores p\u00f9blicos con prospectiva participativa. Revista Administraci\u00f3n & Desarrollo. https:\/\/dialnet.unirioja.es\/servlet\/articulo?codigo="},{"key":"9723","unstructured":"Funci\u00f3n P\u00fablica. (2017). Gu\u00eda de Gesti\u00f3n Estrat\u00e9gica del Talento Humano (GETH), para el sector p\u00fablico colombiano. http:\/\/www.funcionpublica.gov.co\/eva\/mipg\/pdf\/Guia%20de%20Gestion%20Estrategica%20del%20Talento%20Humano.pdf"},{"key":"9724","unstructured":"Funci\u00f3n P\u00fablica. (2017). Manual operativo: Sistema de Gesti\u00f3n (mipg)) Modelo Integrado de Gesti\u00f3n y Planeaci\u00f3n. https:\/\/www.funcionpublica.gov.co\/documents\/418548\/34150781\/Manual+Operativo+Sistema+de+Gesti%C3%B3n+-+Modelo+Integrado+de+Planeaci%C3%B3n+y+Gesti%C3%B3n+MIPG+-+Versi%C3%B3n+2+-+Agosto+2018.pdf\/b6f8b53c-91ef-e574-37f1-989fee9dce6b?version=1.1"},{"key":"9725","unstructured":"Funci\u00f3n P\u00fablica. (2018). Gu\u00eda de gesti\u00f3n estrat\u00e9gica del talento humano GETH, en el sector p\u00fablico colombiano. http:\/\/www.funcionpublica.gov.co\/documents\/418537\/506911\/2018-04-11_Guia_gestion_estrategica_thumano.pdf\/"},{"key":"9726","unstructured":"Funci\u00f3n P\u00fablica. (2019). Documento T\u00e9cnico Acuerdo 003: Criterios diferenciales-Modelo Integrado de Planeaci\u00f3n y Gesti\u00f3n. https:\/\/www.funcionpublica.gov.co\/documents\/28587410\/34112007\/2019-11-8_Documento_tecnico_criterios_diferenciales_v2_anexo_acuerdo03+%281%29.pdf\/e56ea754-3106-77fb-7142-22251317eb20?t=1605732037290"},{"key":"9727","unstructured":"Funci\u00f3n P\u00fablica. (2020). Lineamiento t\u00e9cnico de gesti\u00f3n del conocimiento y la innovaci\u00f3n.: https:\/\/www.funcionpublica.gov.co\/web\/eva\/biblioteca-virtual\/-\/document_library\/bGsp2IjUBdeu\/view_file\/37386704"},{"key":"9728","unstructured":"Funci\u00f3n P\u00fablica. (2021). Lineamientos para publicar informaci\u00f3n en el Men\u00fa Participa sobre participaci\u00f3n ciudadana en la gesti\u00f3n p\u00fablica. https:\/\/www.funcionpublica.gov.co\/documents\/418548\/34150781\/Participaci\u00f3n+ciudad"},{"key":"9729","doi-asserted-by":"crossref","unstructured":"G\u00f3mez, C. (2017). Los planes de desarrollo municipal en M\u00e9xico y la participaci\u00f3n ciudadana. Un an\u00e1lisis del marco jur\u00eddico. Bolet\u00edn mexicano de derecho comparado, (150), 1149-1177. https:\/\/www.redalyc.org\/pdf\/427\/42753815003.pdf","DOI":"10.22201\/iij.24484873e.2017.150.11836"},{"key":"9730","unstructured":"Gonz\u00e1lez-D\u00edaz., Medina-Le\u00f3n, A., Medina-Nogueira., Y. E., El Assafiri-Ojeda, Y. y Nogueira-Rivera, D. (2021). La identificaci\u00f3n del conocimiento como herramienta de gesti\u00f3n y mejora de procesos. Ingenier\u00eda Industrial, 42(2), 1\u201312. https:\/\/rii.cujae.edu.cu\/index.php\/revistaind\/article\/view\/1113"},{"key":"#cr-split#-9731.1","doi-asserted-by":"crossref","unstructured":"Guzzini, S. (2015). El poder en Max Weber. Relaciones Internacionales,","DOI":"10.15366\/relacionesinternacionales2015.30.005"},{"key":"#cr-split#-9731.2","unstructured":"(30) \u2022 Octubre 2015 - Enero 2016. Grupo de Estudios de Relaciones Internacionales (GERI) - UAM: https:\/\/repositorio.uam.es\/bitstream\/handle\/10486\/677087\/RI_30_6.pdf"},{"key":"9732","unstructured":"Huertas L\u00f3pez, T. E., Su\u00e1rez Garc\u00eda, E., Salgado Cruz, M. Jad\u00e1n Rodr\u00edguez, L. R. y Jim\u00e9nez Valero, B. (2020). Dise\u00f1o de un modelo de gesti\u00f3n. Base cient\u00edfica y pr\u00e1ctica para su elaboraci\u00f3n. Revista Universidad y Sociedad, 12(1), 165-177."},{"key":"9733","unstructured":"Ley 152. (1994). Por la cual se establece la Ley Org\u00e1nica del Plan de Desarrollo. Congreso de Colombia: http:\/\/www.banrep.gov.co\/docum\/Lectura_finanzas\/pdf\/lbr_desigualdades_regionales.pdf"},{"key":"9734","doi-asserted-by":"crossref","unstructured":"Mill\u00e1n, M. (2021). Cultura Organizacional en la Administraci\u00f3n P\u00fablica. Revista Tecnol\u00f3gica-Educativa Docentes 2.0, 11(2), 5-18. M\u00e9xico: https:\/\/ojs.docentes20.com\/index.php\/revista-docentes20\/article\/view\/229\/605","DOI":"10.37843\/rted.v11i2.229"},{"key":"9735","unstructured":"Montecinos, E., y Contreras, P. (2019). Revista venezolana de Gerencia, 24,(86). https:\/\/www.redalyc.org\/journal\/290\/29059356004\/29059356004.pdf"},{"key":"9736","unstructured":"Nasser, A. (2021). Gobierno abierto y ciudadan\u00eda en el centro de la gesti\u00f3n p\u00fablica: selecci\u00f3n de art\u00edculos de investigaci\u00f3n. https:\/\/repositorio.cepal.org\/items\/5e86f855-d50d-4034-8330-5fd8d0bcf1e4"},{"key":"9737","unstructured":"Oszlak, \u00d3. (2020). El Estado en la era exponencial. Buenos Aires : Instituto Nacional de la Administraci\u00f3n P\u00fablica (INAP), 265. https:\/\/doi.org\/10.29265\/gypp.v30i1.846"},{"key":"9738","doi-asserted-by":"crossref","unstructured":"Pont Vidal, J. (2016). Modelos innovadores de administraci\u00f3n y gesti\u00f3n p\u00fablica: Hacia la emergencia de nuevos paradigmas. Gesti\u00f3n y Pol\u00edtica P\u00fablica, (16). https:\/\/www.gestionypoliticapublica.cide.edu\/ojscide\/index.php\/gypp\/article\/view\/846","DOI":"10.24965\/gapp.v0i16.10364"},{"key":"9739","unstructured":"Rami\u00f3, C. (2018). Revista del CLAD Reforma y Democracia, (72), 5-42. https:\/\/clad.org\/documentacion\/revista-clad\/articulos-publicados\/072-octubre-2018\/"},{"key":"9740","doi-asserted-by":"crossref","unstructured":"Rodr\u00edguez, E., Mu\u00f1oz, C. Pedraja, L. y Araneda, C. (2022). Gesti\u00f3n del conocimiento y cultura organizacional en instituciones de educaci\u00f3n superior chilenas. Ingeniare. Revista chilena de ingenier\u00eda,30, 266-278: https:\/\/www.scielo.cl\/pdf\/ingeniare\/v30n2\/0718-3305-ingeniare-30-02-266.pdf","DOI":"10.4067\/S0718-33052022000200266"},{"key":"9741","doi-asserted-by":"crossref","unstructured":"Villodre, J. (2019). Innovaci\u00f3n p\u00fablica abierta. Revista en Cultura de la Legalidad,(17), 314-32 https:\/\/e-revistas.uc3m.es\/index.php\/EUNOM\/article\/view\/5036\/3431","DOI":"10.20318\/eunomia.2019.5036"}],"container-title":["Administraci\u00f3n &amp; Desarrollo"],"link":[{"URL":"https:\/\/revistas.esap.edu.co\/index.php\/admindesarro\/article\/download\/634\/697","content-type":"application\/pdf","content-version":"vor","intended-application":"text-mining"},{"URL":"https:\/\/revistas.esap.edu.co\/index.php\/admindesarro\/article\/download\/634\/724","content-type":"text\/xml","content-version":"vor","intended-application":"text-mining"},{"URL":"https:\/\/revistas.esap.edu.co\/index.php\/admindesarro\/article\/download\/634\/697","content-type":"unspecified","content-version":"vor","intended-application":"similarity-checking"}],"deposited":{"date-parts":[[2025,11,6]],"date-time":"2025-11-06T16:35:09Z","timestamp":1762446909000},"score":0.0,"resource":{"primary":{"URL":"https:\/\/revistas.esap.edu.co\/index.php\/admindesarro\/article\/view\/634"}},"issued":{"date-parts":[[2023,11,9]]},"references-count":36,"journal-issue":{"issue":"2","published-online":{"date-parts":[[2023,7,1]]}},"URL":"https:\/\/doi.org\/10.22431\/25005227.vol53n2.5","ISSN":["2500-5227","0120-3754"],"issn-type":[{"value":"2500-5227","type":"electronic"},{"value":"0120-3754","type":"print"}],"published":{"date-parts":[[2023,11,9]]}},{"indexed":{"date-parts":[[2022,4,5]],"date-time":"2022-04-05T21:19:33Z","timestamp":1649193573758},"reference-count":0,"publisher":"Escuela Superior de Administracion Publica","issue":"66","license":[{"start":{"date-parts":[[2016,9,28]],"date-time":"2016-09-28T00:00:00Z","timestamp":1475020800000},"content-version":"unspecified","delay-in-days":0,"URL":"http:\/\/creativecommons.org\/licenses\/by-nc-nd\/4.0"}],"content-domain":{"domain":[],"crossmark-restriction":false},"short-container-title":["Nova vetera"],"abstract":"<jats:p>El Caribe colombiano en los \u00faltimos a\u00f1os ha sido afectado por el desarrollo socioecon\u00f3mico del pa\u00eds, intervenido por diferentes entes que tienen como misi\u00f3n garantizar el desarrollo de proyectos estrat\u00e9gicos en esta zona. A esta regi\u00f3n colombiana debido a su situaci\u00f3n demogr\u00e1fica se le facilitan los flujos comerciales, tanto internos como externos, surgen diferentes preguntas sobre su competitividad, sus debilidades, su vulnerabilidad y todo lo referente a infraestructura.<\/jats:p>","DOI":"10.22431\/25005103.329","type":"journal-article","created":{"date-parts":[[2017,7,5]],"date-time":"2017-07-05T19:34:05Z","timestamp":1499283245000},"page":"13-20","source":"Crossref","is-referenced-by-count":0,"title":["Combatir y eliminar la pobreza. El reto del Caribe Colombiano"],"prefix":"10.22431","volume":"22","author":[{"given":"Raul Alberto","family":"Perdomo Salinas","sequence":"first","affiliation":[],"role":[{"role":"author","vocabulary":"crossref"}]}],"member":"9723","published-online":{"date-parts":[[2016,9,28]]},"container-title":["Nova et Vetera"],"link":[{"URL":"https:\/\/revistas.esap.edu.co\/index.php\/novaetvetera\/article\/download\/329\/pdf","content-type":"application\/pdf","content-version":"vor","intended-application":"text-mining"},{"URL":"https:\/\/revistas.esap.edu.co\/index.php\/novaetvetera\/article\/download\/329\/pdf","content-type":"unspecified","content-version":"vor","intended-application":"similarity-checking"}],"deposited":{"date-parts":[[2021,11,30]],"date-time":"2021-11-30T03:21:06Z","timestamp":1638242466000},"score":0.0,"resource":{"primary":{"URL":"https:\/\/revistas.esap.edu.co\/index.php\/novaetvetera\/article\/view\/329"}},"issued":{"date-parts":[[2016,9,28]]},"references-count":0,"journal-issue":{"issue":"66","published-online":{"date-parts":[[2016,9,28]]}},"URL":"https:\/\/doi.org\/10.22431\/25005103.329","ISSN":["2500-5103","0123-2614"],"issn-type":[{"value":"2500-5103","type":"electronic"},{"value":"0123-2614","type":"print"}],"published":{"date-parts":[[2016,9,28]]}},{"indexed":{"date-parts":[[2025,7,9]],"date-time":"2025-07-09T16:40:10Z","timestamp":1752079210701,"version":"3.41.2"},"reference-count":30,"publisher":"Escuela Superior de Administracion Publica","issue":"2","license":[{"start":{"date-parts":[[2024,11,27]],"date-time":"2024-11-27T00:00:00Z","timestamp":1732665600000},"content-version":"unspecified","delay-in-days":0,"URL":"https:\/\/creativecommons.org\/licenses\/by-nc-sa\/4.0"}],"content-domain":{"domain":[],"crossmark-restriction":false},"short-container-title":["Adm. Desarro."],"abstract":"<jats:p>In public administration, motivation refers to the justification and rationale behind decisions made by authorities. Traditionally viewed as a formal requirement to ensure legality and transparency, its significance extends beyond mere procedural compliance. Proper motivation in administrative acts not only fulfills legal requirements but also strengthens public trust and enhances administrative legitimacy. This article seeks to explore motivation as a fundamental component in the issuance of administrative acts, using a documentary review with a qualitative and legal hermeneutic approach. A well-articulated motivation promotes reflection and responsibility within the administration, encouraging officials to make carefully considered and well-supported decisions. This also aids judicial oversight and review of administrative acts, ensuring they are free from arbitrariness. Therefore, motivation should be viewed not only as a formal obligation but as a commitment to quality and ethics in public administration.<\/jats:p>","DOI":"10.22431\/25005227.1040","type":"journal-article","created":{"date-parts":[[2024,11,27]],"date-time":"2024-11-27T15:25:49Z","timestamp":1732721149000},"page":"e1040","source":"Crossref","is-referenced-by-count":0,"title":["Motivaci\u00f3n en los actos administrativos: Un enfoque m\u00e1s all\u00e1 de la formalidad","Motivation in administrative acts: An approach beyond formality"],"prefix":"10.22431","volume":"54","author":[{"ORCID":"https:\/\/orcid.org\/0009-0009-3582-9082","authenticated-orcid":false,"given":"Yiseth Paola","family":"Ospino Julio","sequence":"first","affiliation":[],"role":[{"role":"author","vocabulary":"crossref"}]},{"ORCID":"https:\/\/orcid.org\/0009-0001-4092-2056","authenticated-orcid":false,"given":"Juan Mateo","family":"Andrade Ayala","sequence":"additional","affiliation":[],"role":[{"role":"author","vocabulary":"crossref"}]},{"ORCID":"https:\/\/orcid.org\/0000-0002-8285-4733","authenticated-orcid":false,"given":"Yadira Esther","family":"Garc\u00eda Garc\u00eda","sequence":"additional","affiliation":[],"role":[{"role":"author","vocabulary":"crossref"}]},{"ORCID":"https:\/\/orcid.org\/0009-0004-1312-1618","authenticated-orcid":false,"given":"Iraida In\u00e9s","family":"Julio Acosta","sequence":"additional","affiliation":[],"role":[{"role":"author","vocabulary":"crossref"}]}],"member":"9723","published-online":{"date-parts":[[2024,11,27]]},"reference":[{"key":"16176","unstructured":"Bernal, P. (2021). Configuraci\u00f3n de desviaci\u00f3n de poder en la expedici\u00f3n de actos administrativos y sus consecuencias en el ordenamiento jur\u00eddico colombiano [Trabajo de grado, Universidad Cat\u00f3lica de Colombia]. https:\/\/repository.ucatolica.edu.co\/entities\/publication\/42fefbd3-39b5-4020-ad9b-e2e71ce5d768"},{"key":"16177","doi-asserted-by":"publisher","DOI":"10.18041\/2538-9505\/derectum.2.2019.6121"},{"key":"16178","unstructured":"Campa\u00f1a, L., Prado, E., B\u00f3squez, J. y Vega, J. (2022). Modos de ejecuci\u00f3n en los actos administrativos. Revista Universidad y Sociedad, 14(6), 397-403 https:\/\/rus.ucf.edu.cu\/index.php\/rus\/article\/view\/3388"},{"key":"16179","unstructured":"Carrillo, L. (2019). Factores jur\u00eddicos procesales asociados a la nulidad de las sentencias civiles en las Salas Superiores - distrito Judicial de Hu\u00e1nuco [Tesis de doctorado, Universidad Nacional Hermilio Valdiz\u00e1n] https:\/\/repositorio.unheval.edu.pe\/handle\/20.500.13080\/5813"},{"key":"16180","unstructured":"Casta\u00f1eda, J. (2023). Deficiencia en la debida motivaci\u00f3n de los actos administrativos en una entidad estatal, Lima 2022 [Tesis de Maestr\u00eda, Universidad C\u00e9sar Vallejo]. https:\/\/repositorio.ucv.edu.pe\/handle\/20.500.12692\/131048"},{"key":"16181","unstructured":"Consejo de Estado de Colombia. Sentencia 16090. (2011). Magistrado Ponente: Hugo Fernando Bastidas B\u00e1rcenas."},{"key":"16182","unstructured":"Consejo de Estado de Colombia. Sentencia 19483. (2011). Magistrado Ponente: Stella Conto Diaz del Castillo."},{"key":"16183","unstructured":"Consejo de Estado de Colombia. Sentencia 00064. (2018). Magistrado Ponente: Hugo Fernando Bastidas B\u00e1rcenas."},{"key":"16184","unstructured":"Corte Constitucional de Colombia. Sentencia C-1436. (2000). Magistrado ponente: Alfredo Beltr\u00e1n Sierra."},{"key":"16185","unstructured":"Corte Constitucional de Colombia. Sentencia T-991. (2012). Magistrado ponente: Mar\u00eda Victoria Calle Correa."},{"key":"16186","unstructured":"Decreto 2355 del 2009. Por el cual se reglamenta la contrataci\u00f3n del servicio p\u00fablico educativo por parte de las entidades territoriales certificadas. D.O 47.391."},{"key":"16187","unstructured":"Del Hierro, J. (2014). Legitimidad y legalidad. EUNOM\u00cdA, Revista En Cultura De La Legalidad, (4), 179-186. https:\/\/e-revistas.uc3m.es\/index.php\/EUNOM\/article\/view\/2103"},{"key":"16188","doi-asserted-by":"publisher","DOI":"10.18601\/01229893.n51.04"},{"key":"16189","unstructured":"Guam\u00e1n, K., Hernandez, L., Yuqui, C. y Stalyn, L. (2021). La investigaci\u00f3n jur\u00eddica: objeto, paradigma, m\u00e9todo, alcance y tipos. Revista Conrado, 17(S2), 169-178. https:\/\/conrado.ucf.edu.cu\/index.php\/conrado\/article\/view\/2006"},{"key":"16190","doi-asserted-by":"publisher","DOI":"10.22395\/ojum.v20n42a4"},{"key":"16191","unstructured":"Hern\u00e1ndez, J. (2019). Nociones de hermen\u00e9utica e interpretaci\u00f3n jur\u00eddica en el contexto mexicano. Universidad Nacional Aut\u00f3noma de M\u00e9xico. https:\/\/archivos.juridicas.unam.mx\/www\/bjv\/libros\/12\/5649\/10.pdf"},{"key":"16192","unstructured":"Ley 153 de 1887. Por la cual se adiciona y reforma los c\u00f3digos nacionales. 28 de agosto 1998. D. O. 7151 y 7152."},{"key":"16193","unstructured":"Loor, M. y Mar\u00edn, L. (2023). Principio de proporcionalidad frente a la sanci\u00f3n administrativa. Revista Dominio de las Ciencias, 9(2), 688\u2013703 https:\/\/dominiodelasciencias.com\/ojs\/index.php\/es\/article\/view\/3307"},{"key":"16194","doi-asserted-by":"publisher","DOI":"10.18601\/21452946.n21.08"},{"key":"16195","unstructured":"Ortega, L. (2018). De los mecanismos de control jur\u00eddico de los actos administrativos. En L. G. Ortega-Ruiz. (2018), El acto administrativo en los procesos y procedimientos (pp. 35-113). Editorial Universidad Cat\u00f3lica de Colombia. https:\/\/hdl.handle.net\/10983\/23517"},{"key":"16196","unstructured":"P\u00e9rez, R. (2013). Eficacia y validez del acto administrativo. Universidad Nacional de Colombia. https:\/\/repositorio.unal.edu.co\/bitstream\/handle\/unal\/12215\/700600.2013.pdf"},{"key":"16197","doi-asserted-by":"publisher","DOI":"10.56712\/latam.v4i4.1198"},{"key":"16198","unstructured":"Rocha, E. (2018). Estudio sobre la motivaci\u00f3n del acto administrativo [Trabajo de grado, Universidad de Chile]. https:\/\/repositorio.uchile.cl\/bitstream\/handle\/2250\/138800\/Estudio-sobre-la-motivaci%C3%B3n-del-acto-administrativo.pdf?sequence=1"},{"key":"16199","unstructured":"Rodr\u00edguez, M. (2021). El fen\u00f3meno de la falsa motivaci\u00f3n en los actos administrativos seg\u00fan la jurisprudencia del Consejo de Estado en los a\u00f1os 2019-2020 [Trabajo de grado, Universidad Cat\u00f3lica de Oriente]. https:\/\/repositorio.uco.edu.co\/handle\/20.500.13064\/1723?mode=full"},{"key":"16200","unstructured":"Rojas, S. (2023). Sistematizaci\u00f3n de los defectos en la forma del acto administrativo: revisi\u00f3n de literatura integrativa. Derecho PUCP, (90), 317-357. http:\/\/www.scielo.org.pe\/scielo.php?script=sci_arttextypid=S0251-34202023000100317"},{"key":"16201","doi-asserted-by":"publisher","DOI":"10.35381\/racji.v7i13.1994"},{"key":"16202","doi-asserted-by":"publisher","DOI":"10.18601\/01229893.n51.08"},{"key":"16203","unstructured":"Soria, F. (2021). La facultad de revisi\u00f3n de actos administrativos de oficio de la administraci\u00f3n p\u00fablica frente al derecho de seguridad jur\u00eddica y confianza leg\u00edtima. Revista Polo del Conocimiento, 6(7), 313-330. https:\/\/doi.org\/10.23857\/pc.v6i7.2852"},{"key":"16204","doi-asserted-by":"publisher","DOI":"10.24965\/reala.i16.10979"},{"key":"16205","unstructured":"Velasco, C. (2015). Los planes y programas de inspecci\u00f3n. Hacia una (\u00bfnecesaria?) Reducci\u00f3n de la discrecionalidad administrativa en materia de inspecci\u00f3n de las actividades econ\u00f3micas de los particulares. IURIS, (17), 61-78."}],"container-title":["Administraci\u00f3n &amp; Desarrollo"],"link":[{"URL":"https:\/\/revistas.esap.edu.co\/index.php\/admindesarro\/article\/download\/1040\/781","content-type":"application\/pdf","content-version":"vor","intended-application":"text-mining"},{"URL":"https:\/\/revistas.esap.edu.co\/index.php\/admindesarro\/article\/download\/1040\/788","content-type":"text\/xml","content-version":"vor","intended-application":"text-mining"},{"URL":"https:\/\/revistas.esap.edu.co\/index.php\/admindesarro\/article\/download\/1040\/781","content-type":"unspecified","content-version":"vor","intended-application":"similarity-checking"}],"deposited":{"date-parts":[[2025,7,9]],"date-time":"2025-07-09T16:04:43Z","timestamp":1752077083000},"score":0.0,"resource":{"primary":{"URL":"https:\/\/revistas.esap.edu.co\/index.php\/admindesarro\/article\/view\/1040"}},"issued":{"date-parts":[[2024,11,27]]},"references-count":30,"journal-issue":{"issue":"2","published-online":{"date-parts":[[2024,7,1]]}},"URL":"https:\/\/doi.org\/10.22431\/25005227.1040","ISSN":["2500-5227","0120-3754"],"issn-type":[{"type":"electronic","value":"2500-5227"},{"type":"print","value":"0120-3754"}],"published":{"date-parts":[[2024,11,27]]}},{"indexed":{"date-parts":[[2025,12,31]],"date-time":"2025-12-31T20:05:22Z","timestamp":1767211522503,"version":"3.48.0"},"reference-count":10,"publisher":"Escuela Superior de Administracion Publica","issue":"2","license":[{"start":{"date-parts":[[2022,12,28]],"date-time":"2022-12-28T00:00:00Z","timestamp":1672185600000},"content-version":"unspecified","delay-in-days":0,"URL":"https:\/\/creativecommons.org\/licenses\/by-nc-sa\/4.0"}],"content-domain":{"domain":[],"crossmark-restriction":false},"short-container-title":["Adm. Desarro."],"abstract":"<jats:p>This article includes a description of the results obtained from applying data analytics to the classification of companies with innovative potential in the department of Bol\u00edvar. There are various classifications that can be made in this regard, in this text a strategy will be considered to classify the aforementioned business ecosystem, taking as reference the application of analytics for the classification of 6703 companies in the department of Bol\u00edvar in terms of the average number of operating income and other related variables, in order to identify their potential within the framework of the business cluster of the department.The development of the research made it possible to identify 1,098 companies with potential innovation capabilities grouped into 42 clusters. The results contribute to the understanding of the characteristics of the business cluster for further education and training that enables an improvement of capacities in the sector.<\/jats:p>","DOI":"10.22431\/25005227.vol52n2.6","type":"journal-article","created":{"date-parts":[[2022,12,28]],"date-time":"2022-12-28T09:58:37Z","timestamp":1672221517000},"page":"97-121","source":"Crossref","is-referenced-by-count":1,"title":["Tejido empresarial del departamento de Bol\u00edvar: baremaci\u00f3n a trav\u00e9s de la anal\u00edtica de datos","Business tissue of the department of Bol\u00edvar: rating through data analytics"],"prefix":"10.22431","volume":"52","author":[{"ORCID":"https:\/\/orcid.org\/0000-0003-4937-5359","authenticated-orcid":false,"given":"Walter Hugo","family":"Arboleda Mazo","sequence":"first","affiliation":[],"role":[{"role":"author","vocabulary":"crossref"}]},{"ORCID":"https:\/\/orcid.org\/0000-0002-0031-4275","authenticated-orcid":false,"given":"David Alberto","family":"Garc\u00eda Arango","sequence":"additional","affiliation":[],"role":[{"role":"author","vocabulary":"crossref"}]}],"member":"9723","published-online":{"date-parts":[[2022,12,28]]},"reference":[{"key":"10128","unstructured":"Garc\u00eda Arango, D. A.; Fern\u00e1ndez Villarreal, J. E.; Rojas Cu\u00e9llar, O.A.; Guti\u00e9rrez Echeverri, C. A.; Villa Henao, C. F. (2020). Competencia digital en docentes universitarios: evaluaci\u00f3n de relaci\u00f3n entre actitud, formaci\u00f3n y alfabetizaci\u00f3n en el uso de TIC en entornos educativos. Revista Ib\u00e9rica de Sistemas e Tecnologias de Informa\u00e7\u00e3o; Lousada N.\u00ba E29. 538-552."},{"key":"10129","doi-asserted-by":"crossref","unstructured":"Arrieta D\u00edaz, E., y Vargas Prieto, A. (2021). Anal\u00edtica de datos aplicada al Plan Nacional de Desarrollo de 2018-2022, \u00abPacto por Colombia, pacto por la equidad\u00bb. Estudios Pol\u00edticos, 215-239.","DOI":"10.17533\/udea.espo.n62a09"},{"key":"10130","unstructured":"C\u00e1lix, \u00c1., & Blanco, M. (2020). Los desaf\u00edos de la transformaci\u00f3n productiva en Am\u00e9rica Latina. Ciudad de M\u00e9xico: Friederich Ebert Stiftung."},{"key":"10131","doi-asserted-by":"crossref","unstructured":"Crissien, J. (2008). C\u00edrculo virtuoso de la educaci\u00f3n empresarial: una propuesta de modelo para el desarrollo de un tejido empresarial de calidad. EAN, 25.","DOI":"10.21158\/01208160.n63.2008.439"},{"key":"10132","doi-asserted-by":"crossref","unstructured":"Cruz Rubio, C. N. (2020). Datos abiertos y justicia abierta para combatir la violencia contra las mujeres: algunas reflexiones e ideas con referencia al caso de Espa\u00f1a. Administraci\u00f3n & Desarrollo, 50(2), 19-45. https:\/\/doi.org\/10.22431\/25005227.vol50n2.2","DOI":"10.22431\/25005227.vol50n2.2"},{"key":"10133","doi-asserted-by":"crossref","unstructured":"Garc\u00eda Arango, D. A. ., Henao Villa, F. ., Aguirre Mesa, E. D., & Henao Villa, C. F. . (2021). Gesti\u00f3n del conocimiento: big data como estructuradora de informaci\u00f3n. InGente Americana, 1(1), 47-52. https:\/\/doi.org\/10.21803\/ingecana.1.1.411","DOI":"10.21803\/ingecana.1.1.411"},{"key":"10134","unstructured":"Lodewyckx E, Lotter W, Rhodes N, Seedat C, Claase L. (2007). Financial Accounting: Fresh Perspectives. Pinelands, Cape Town: Maskew Miller Longman"},{"key":"10135","unstructured":"Oberholster JGI, Koppeschaar ZR, Jansen van Rensburg C, Binnekade CS, Hattingh M, de Klerk M, Rossouw J, Du Toit E. (2011). Introduction to IFRS. 4th Edition. South Africa: LexisNexis."},{"key":"10136","unstructured":"Sowden Service, C. (2011). Gripping GAAP. 12th Edition. Pietermaritzburg: Lexis Nexis."},{"key":"10137","doi-asserted-by":"crossref","unstructured":"Zhang, S. (2014). Evaluation of Enterprise Performance Based on FLI-GA Model . Journal of Industrial Engineering and Management, 373-389.","DOI":"10.3926\/jiem.959"}],"container-title":["Administraci\u00f3n &amp; Desarrollo"],"link":[{"URL":"https:\/\/revistas.esap.edu.co\/index.php\/admindesarro\/article\/download\/792\/641","content-type":"application\/pdf","content-version":"vor","intended-application":"text-mining"},{"URL":"https:\/\/revistas.esap.edu.co\/index.php\/admindesarro\/article\/download\/792\/705","content-type":"text\/xml","content-version":"vor","intended-application":"text-mining"},{"URL":"https:\/\/revistas.esap.edu.co\/index.php\/admindesarro\/article\/download\/792\/641","content-type":"unspecified","content-version":"vor","intended-application":"similarity-checking"}],"deposited":{"date-parts":[[2025,12,31]],"date-time":"2025-12-31T20:00:49Z","timestamp":1767211249000},"score":0.0,"resource":{"primary":{"URL":"https:\/\/revistas.esap.edu.co\/index.php\/admindesarro\/article\/view\/792"}},"issued":{"date-parts":[[2022,12,28]]},"references-count":10,"journal-issue":{"issue":"2","published-online":{"date-parts":[[2022,12,28]]}},"URL":"https:\/\/doi.org\/10.22431\/25005227.vol52n2.6","ISSN":["2500-5227","0120-3754"],"issn-type":[{"type":"electronic","value":"2500-5227"},{"type":"print","value":"0120-3754"}],"published":{"date-parts":[[2022,12,28]]}},{"indexed":{"date-parts":[[2026,2,20]],"date-time":"2026-02-20T13:38:13Z","timestamp":1771594693457,"version":"3.50.1"},"reference-count":44,"publisher":"Escuela Superior de Administracion Publica","issue":"1","license":[{"start":{"date-parts":[[2022,6,30]],"date-time":"2022-06-30T00:00:00Z","timestamp":1656547200000},"content-version":"unspecified","delay-in-days":0,"URL":"https:\/\/creativecommons.org\/licenses\/by-nc-sa\/4.0"}],"content-domain":{"domain":[],"crossmark-restriction":false},"short-container-title":["Adm. Desarro."],"abstract":"<jats:p>With the increasing complexity and unpredictability of the environment, risk management is essential in organizations, both private and public, in all sectors. To do this, identification and\u00a0 representation of the risks are made. How and why, something is considered a risk is a question often hidden behind models. For the elaboration of this article, a component of the methodology was the compilation and evaluation of information available in academic databases. The result allows us to state that risk management is fundamental, although it is conducted within a subjective and normative framework of thinking and acting in the face of uncertainty, depending on the organizational culture. Likewise, are highlighted challenges that organizations face, for example, when using algorithmic control to improve said management.<\/jats:p>","DOI":"10.22431\/25005227.vol52n1.1","type":"journal-article","created":{"date-parts":[[2022,12,8]],"date-time":"2022-12-08T07:30:35Z","timestamp":1670484635000},"page":"4-19","source":"Crossref","is-referenced-by-count":1,"title":["Gesti\u00f3n de riesgos: un desaf\u00edo para las organizaciones","Risk management: a challenge for organizations"],"prefix":"10.22431","volume":"52","author":[{"ORCID":"https:\/\/orcid.org\/0000-0001-5944-099X","authenticated-orcid":false,"given":"\u00d3scar Emilio","family":"Mora Navarro","sequence":"first","affiliation":[],"role":[{"role":"author","vocabulary":"crossref"}]}],"member":"9723","published-online":{"date-parts":[[2022,6,30]]},"reference":[{"key":"11897","doi-asserted-by":"crossref","unstructured":"Balconi, M. & Angioletti, L. (2022). Neuroscience and Competitive Behavior. The Oxford Hand-book of the Psychology of Competition. Oxford.","DOI":"10.1093\/oxfordhb\/9780190060800.013.27"},{"key":"11898","doi-asserted-by":"crossref","unstructured":"Beck, U. (2006). Living in the world risk society: A Hobhouse memorial public lecture. Economy and Society, 35 (3), 329-345. https:\/\/edisciplinas.usp.br\/pluginfile.php\/4095470\/mod_resource\/content\/0\/Beck--WorldRisk.pdf","DOI":"10.1080\/03085140600844902"},{"key":"11899","unstructured":"Bernstein, P. (1996). Against the gods: The remarkable story of risk (Vol. 383). John Wiley & Sons."},{"key":"11900","unstructured":"Chiavenato, I. (2020). Gesti\u00f3n del talento humano: el nuevo papel de los recursos humanos en las organizaciones. McGraw-Hill."},{"key":"11901","unstructured":"Committee of Sponsoring Organizations of the Treadway Commission. (2022). Welcome to COSO. COSO ORG. https:\/\/www.coso.org\/Pages\/default.aspx"},{"key":"11902","unstructured":"Committee of Sponsoring Organizations of the Treadway Commission. (s.f.). COSO ERM Executive Summary. COSO. https:\/\/www.coso.org\/Documents\/COSO-ERM-Executive-Summary-Spanish.pdf"},{"key":"11903","doi-asserted-by":"crossref","unstructured":"Cooper, M. (2000). Towards a model of safety culture. Safety Science, 36(2), 111-136.","DOI":"10.1016\/S0925-7535(00)00035-7"},{"key":"11904","unstructured":"Coscubiela, J. (2021). La disputa por el control del algoritmo. El diario.es."},{"key":"11905","doi-asserted-by":"crossref","unstructured":"Demortain, D. (2020). The science of bureaucracy: Risk decision-making and the US environmental protection agency. Cambridge.","DOI":"10.7551\/mitpress\/12248.001.0001"},{"key":"11906","unstructured":"Fern\u00e1ndez, G. (2015). Autoenga\u00f1o, sistemas de creencias y errores en el autoconocimiento. Aret\u00e9, 27(1), 69-85. https:\/\/revistas.pucp.edu.pe\/index.php\/arete\/article\/view\/13426"},{"key":"11907","doi-asserted-by":"crossref","unstructured":"Figueroa, M. (2019). El control estrat\u00e9gico de gesti\u00f3n y sustentabilidad: una revisi\u00f3n conceptual. Denarius, (37), 49-82.","DOI":"10.24275\/uam\/izt\/dcsh\/denarius\/v2019n37\/Figueroa"},{"key":"11908","unstructured":"Foerster, H. (1996). Las semillas de la Cibern\u00e9tica: Obras escogidas. Edici\u00f3n de Marcelo Pakman y presentaci\u00f3n de Carlos Sluzki. Gedisa."},{"key":"11909","doi-asserted-by":"crossref","unstructured":"Gephart, R., Van Maanen, J. & Oberlechner, T. (2009). Organizations and risk in late modernity. Organization Studies, 30(2-3), 141\u2013155. https:\/\/www.researchgate.net\/pub-lication\/228960286_Organizations_and_Risk_in_Late_Modernity","DOI":"10.1177\/0170840608101474"},{"key":"11910","unstructured":"Gibson, R. (1997). Repensando el Futuro. Norma."},{"key":"11911","doi-asserted-by":"crossref","unstructured":"Hardy, C., Maguire, S., Power, M. & Tsoukas, H. (2020). Organizing Risk: Organization and Management Theory for the Risk Society. Academy of Management Annals, 14(2), 1032-1066.","DOI":"10.5465\/annals.2018.0110"},{"key":"11912","unstructured":"Hern\u00e1ndez, S., Palafox, G. & Aguado, C. (2020). Administraci\u00f3n: pensamiento, procesos estrat\u00e9gicos y administrativos para la era de la inteligencia artificial. McGraw-Hill."},{"key":"11913","unstructured":"ICONTEC. (2018). Gesti\u00f3n del riesgo. Directrices (NTC ISO 31000)."},{"key":"11914","unstructured":"ICONTEC. (2020). Tecnolog\u00eda de la informaci\u00f3n. T\u00e9cnicas de seguridad. Gesti\u00f3n de riesgos para la seguridad de la informaci\u00f3n (NTC-ISO\/IEC 27005)."},{"key":"11915","unstructured":"International Organization for Standardization. (2020). Risk management \u2013 Guidelines for the management of legal risk (ISO 31022). https:\/\/www.iso.org\/standard\/69295.html"},{"key":"11916","unstructured":"Information Systems Audit and Control Association. (2018). COBIT 2019 Marco de referencia. Introducci\u00f3n y metodolog\u00eda. ISACA."},{"key":"11917","unstructured":"ISOTools. (2022). Gu\u00eda para la identificaci\u00f3n, evaluaci\u00f3n y gesti\u00f3n de Riesgos Corporativos. IsoTools.org."},{"key":"11918","unstructured":"Joyanes, L. (2020). Fundamentos de programaci\u00f3n: algoritmos, estructura de datos y objetos (5a. ed.). McGraw-Hill."},{"key":"11919","unstructured":"Jiang, J., Adam, M. & Benlian, A. (2021). Algoactivistic Practices in Ridesharing - A Topic Modeling & Grounded Theory Approach. ECIS Research Papers."},{"key":"11920","doi-asserted-by":"crossref","unstructured":"Kellogg, K., Valentine, M. & Christin, A. (2020). Algorithms at work: The new contested terrain of control. Academy of Management Annals, 14(1), 366-410.","DOI":"10.5465\/annals.2018.0174"},{"key":"11921","unstructured":"Le\u00f3n, A. & Tamayo, D. (2011). La psicoterapia cognitiva posracionalista: un modelo de intervenci\u00f3n centrado en el proceso de construcci\u00f3n de la identidad. Katharsis, (12), 37-58."},{"key":"11922","doi-asserted-by":"crossref","unstructured":"Lindsay, J. (2021). Cyber Espionage. The Oxford Handbook of Cyber Security. Oxford.","DOI":"10.1093\/oxfordhb\/9780198800682.013.12"},{"key":"11923","doi-asserted-by":"crossref","unstructured":"Maldonado-Pedroza, C., Guzm\u00e1n-Useche, H., Tunjano-Pinz\u00f3n, I., Garc\u00eda-L\u00f3pez, J., \u00c1lvarez-Barrag\u00e1n, L., Morales-Sierra, M., ... & Vargas-Leguizam\u00f3n, Y. (2020). Finanzas pr\u00e1cticas para micro, peque\u00f1as y medianas empresas. Cat\u00e1logo editorial.","DOI":"10.15765\/poli.v1i114.2154"},{"key":"11924","unstructured":"Maturana, H. (1998). La objetividad un argumento para obligar. Tercer Mundo."},{"key":"11925","unstructured":"Mayer, J., Power, M., Maguire, S. & Palermo, T. (2020). Sub-theme 58: Organizing in an Era of Riskification. Researchgate.net. https:\/\/www.researchgate.net\/publication\/344508105_EGOS_2021_Sub-theme_58_Organizing_in_an_Era_of_Riskification"},{"key":"11926","unstructured":"Mej\u00eda, H. (2011). Gesti\u00f3n integral de riesgos y seguros para empresas de servicios, comercio e industria (2a. ed.). Ecoe Ediciones."},{"key":"11927","doi-asserted-by":"crossref","unstructured":"Mora, O. (2021). Control algor\u00edtmico: en organizaciones y sociedad. Revista Compendium: Cuadernos de Econom\u00eda y Administraci\u00f3n, 8(3), 264-273.","DOI":"10.46677\/compendium.v8i3.999"},{"key":"11928","unstructured":"Morin, E. (1998). Introducci\u00f3n al pensamiento complejo (2a. ed.). Gedisa."},{"key":"11929","unstructured":"Pazmi\u00f1o, C., Serrano, A. & Gonz\u00e1lez, M. (2020). Las Tics como herramienta para la gesti\u00f3n de riesgos. RECIMUNDO, 4(1), 173-181."},{"key":"11930","unstructured":"Perelman, L. (2020). El futuro del trabajo ya lleg\u00f3: \u00bfqu\u00e9 hacemos con \u00e9l? Nueva Sociedad. NUSO. https:\/\/nuso.org\/articulo\/trabajadores-de-plataformas-entre-la-pandemia-y-los-derechos\/"},{"key":"11931","unstructured":"Power, M. (2014). Risk, social theories, and organizations. The Oxford handbook of sociology, social theory, and organization studies: Contemporary currents, 370-392."},{"key":"11932","unstructured":"Project Management Institute. (2021). El est\u00e1ndar para la direcci\u00f3n de proyectos e Gu\u00eda de los fundamentos para la direcci\u00f3n de proyectos (Gu\u00eda del PMBOK) (7ma. ed.). Project Management Institute."},{"key":"11933","unstructured":"Real Academia Espa\u00f1ola. (2022). Diccionario de la lengua espa\u00f1ola. RAE. https:\/\/dle.rae.es\/riesgo?m=form"},{"key":"11934","unstructured":"Rosenblat, A. & Stark, L. (2016). Algorithmic labor and information asymmetries: A case study of Uber\u2019s drivers. International Journal of Communication, 10, 3758-3784."},{"key":"11935","unstructured":"Sanchis, F. (2008). Apego, acontecimientos vitales y depresi\u00f3n en una muestra de adolescentes [ Tesis doctoral]. Universitat Ramon Llull. https:\/\/www.tdx.cat\/handle\/10803\/9262;jsession-id=86C18C22141F8DAD498371798F72EC4B#page=1"},{"key":"11936","doi-asserted-by":"crossref","unstructured":"Silbey, S. (2009). Taming Prometheus: Talk of safety and culture. Annual Review of Sociology, 35, 341-369.","DOI":"10.1146\/annurev.soc.34.040507.134707"},{"key":"11937","unstructured":"Watzalawick, P. & Krieg, P. (1998). El ojo del Observador. Contribuciones al Constructivismo (3ra ed.). Gedisa."},{"key":"11938","unstructured":"Weiss, A. (1994). La Empresa Colombiana entre la Tecnocracia y la Participaci\u00f3n. Universidad Nacional de Colombia."},{"key":"11939","doi-asserted-by":"crossref","unstructured":"Wood, A & Lehdonvirta, V. (2021). Platform Precarity: surviving algorithmic insecurity in the gig economy. SSRN.","DOI":"10.2139\/ssrn.3795375"},{"key":"11940","unstructured":"Woodcock, J. (2020). The algorithmic panopticon at Deliveroo: Measurement, precarity, and the illusion of control. Ephemera. Theory & Politics in Organization, 20(3), 67-95."}],"container-title":["Administraci\u00f3n &amp; Desarrollo"],"link":[{"URL":"https:\/\/revistas.esap.edu.co\/index.php\/admindesarro\/article\/download\/772\/624","content-type":"application\/pdf","content-version":"vor","intended-application":"text-mining"},{"URL":"https:\/\/revistas.esap.edu.co\/index.php\/admindesarro\/article\/download\/772\/738","content-type":"text\/xml","content-version":"vor","intended-application":"text-mining"},{"URL":"https:\/\/revistas.esap.edu.co\/index.php\/admindesarro\/article\/download\/772\/624","content-type":"unspecified","content-version":"vor","intended-application":"similarity-checking"}],"deposited":{"date-parts":[[2025,11,6]],"date-time":"2025-11-06T16:35:41Z","timestamp":1762446941000},"score":0.0,"resource":{"primary":{"URL":"https:\/\/revistas.esap.edu.co\/index.php\/admindesarro\/article\/view\/772"}},"issued":{"date-parts":[[2022,6,30]]},"references-count":44,"journal-issue":{"issue":"1","published-online":{"date-parts":[[2022,6,30]]}},"URL":"https:\/\/doi.org\/10.22431\/25005227.vol52n1.1","ISSN":["2500-5227","0120-3754"],"issn-type":[{"value":"2500-5227","type":"electronic"},{"value":"0120-3754","type":"print"}],"published":{"date-parts":[[2022,6,30]]}},{"indexed":{"date-parts":[[2025,11,6]],"date-time":"2025-11-06T16:50:31Z","timestamp":1762447831336,"version":"build-2065373602"},"reference-count":0,"publisher":"Escuela Superior de Administracion Publica","issue":"32","license":[{"start":{"date-parts":[[2023,12,14]],"date-time":"2023-12-14T00:00:00Z","timestamp":1702512000000},"content-version":"unspecified","delay-in-days":0,"URL":"https:\/\/creativecommons.org\/licenses\/by-nc-nd\/4.0"}],"content-domain":{"domain":[],"crossmark-restriction":false},"short-container-title":["Nova vetera"],"abstract":"<jats:p>Violence against women is a scourge that threatens the dignity and stability of any society in the world. The numbers increased after the pandemic and given the confinement many women expressed living with the enemy in their homes. The complexity lies in determining to what extent this problem, mainly for rural women, ends up becoming socially normalized. In this order of ideas, it was considered important to review strategies that strengthen the rights, guarantees and quality of life of rural women, in such a way as to dignify their presence as a political actor to generate equal opportunities in the social field and promote the elimination of physical and emotional violence. Therefore, the purpose of the intervention was to propose strategies to prevent the normalization of violence against rural women in the Sur Oriental district of the municipality of Fusagasug\u00e1. In this research, applied and developed from a qualitative approach, the aim was to understand the reality of rural women in a context of violence for which the survey and documentary review were used as methodological instruments since they offered an agile, assertive, easy to understand and consult.<\/jats:p>","DOI":"10.22431\/25005103.n32.3","type":"journal-article","created":{"date-parts":[[2023,12,14]],"date-time":"2023-12-14T10:21:10Z","timestamp":1702549270000},"source":"Crossref","is-referenced-by-count":0,"title":["Estrategias para prevenir la normalizaci\u00f3n social de la violencia hacia la mujer rural del corregimiento Sur Oriental del municipio de Fusagasug\u00e1","Strategies to prevent the social normalization of violence against rural women in the south-eastern town of the municipality of Fusagasug\u00e1"],"prefix":"10.22431","author":[{"ORCID":"https:\/\/orcid.org\/0000-0002-8511-4917","authenticated-orcid":false,"given":"Iv\u00e1n Dar\u00edo","family":"Parrado D\u00edaz","sequence":"first","affiliation":[],"role":[{"role":"author","vocabulary":"crossref"}]}],"member":"9723","published-online":{"date-parts":[[2023,12,14]]},"container-title":["Nova et Vetera"],"link":[{"URL":"https:\/\/revistas.esap.edu.co\/index.php\/novaetvetera\/article\/download\/917\/718","content-type":"application\/pdf","content-version":"vor","intended-application":"text-mining"},{"URL":"https:\/\/revistas.esap.edu.co\/index.php\/novaetvetera\/article\/download\/917\/718","content-type":"unspecified","content-version":"vor","intended-application":"similarity-checking"}],"deposited":{"date-parts":[[2025,11,6]],"date-time":"2025-11-06T16:47:56Z","timestamp":1762447676000},"score":0.0,"resource":{"primary":{"URL":"https:\/\/revistas.esap.edu.co\/index.php\/novaetvetera\/article\/view\/917"}},"issued":{"date-parts":[[2023,12,14]]},"references-count":0,"journal-issue":{"issue":"32","published-online":{"date-parts":[[2023,12,11]]}},"URL":"https:\/\/doi.org\/10.22431\/25005103.n32.3","ISSN":["2500-5103","0123-2614"],"issn-type":[{"type":"electronic","value":"2500-5103"},{"type":"print","value":"0123-2614"}],"published":{"date-parts":[[2023,12,14]]}},{"indexed":{"date-parts":[[2022,3,31]],"date-time":"2022-03-31T04:33:27Z","timestamp":1648701207322},"reference-count":18,"publisher":"Escuela Superior de Administracion Publica","issue":"1","license":[{"start":{"date-parts":[[2019,6,30]],"date-time":"2019-06-30T00:00:00Z","timestamp":1561852800000},"content-version":"unspecified","delay-in-days":0,"URL":"http:\/\/creativecommons.org\/licenses\/by-nc-nd\/4.0"}],"content-domain":{"domain":[],"crossmark-restriction":false},"short-container-title":["Adm. Desarro."],"abstract":"<jats:p>La gobernabilidad, es vista como el arte de gobernar bien o el ejercicio del buen gobierno para producir los resultados que la sociedad espera de sus gobernantes, es el deber ser, lo que se pretende que efect\u00fae un gobierno, sea cual sea su espacio territorial. Esta investigaci\u00f3n se propuso evaluar el nivel de logro de los indicadores de gobernabilidad, de acuerdo con el modelo aplicado por el Instituto del Banco Mundial (IBM, 2017), que muestra la administraci\u00f3n del municipio de Valledupar, Colombia. Se aplic\u00f3 un dise\u00f1o cuantitativo, el tipo de investigaci\u00f3n es descriptiva y propositiva, ya que el mismo propone nuevas formas de aplicaci\u00f3n del conocimiento a la realidad encontrada en el \u00e1mbito local para mejorar las condiciones de vida de la ciudadan\u00eda. El instrumento aplicado fue estructurado con base en los seis indicadores propuestos por el IBM, y se agreg\u00f3 otro relacionado con la disponibilidad o actitud de la administraci\u00f3n local, para adaptar la gobernabilidad al escenario de paz, teniendo en cuenta los acuerdos entre el gobierno colombiano y las FARC. Los resultados fueron tabulados, graficados e interpretados por los investigadores, mostrando escenarios tomados como base para proponerle a la Administraci\u00f3n del municipio de Valledupar, una serie de instrumentos, estrategias y din\u00e1micas que ayudaran a mejorar los \u00edndices de gobernabilidad, y por lo tanto de conformidad y apoyo social a las pol\u00edticas p\u00fablicas municipales, en un escenario de posconflicto.<\/jats:p>","DOI":"10.22431\/25005227.vol49n1.6","type":"journal-article","created":{"date-parts":[[2021,11,7]],"date-time":"2021-11-07T20:52:27Z","timestamp":1636318347000},"page":"136-159","source":"Crossref","is-referenced-by-count":0,"title":["Indicadores de gobernabilidad y posconflicto en el municipio de Valledupar (II)"],"prefix":"10.22431","volume":"49","author":[{"given":"Sim\u00f3n","family":"Mart\u00ednez Ub\u00e1rnez","sequence":"first","affiliation":[],"role":[{"role":"author","vocabulary":"crossref"}]},{"given":"Antonio Yesith","family":"Pedroza Estrada","sequence":"additional","affiliation":[],"role":[{"role":"author","vocabulary":"crossref"}]}],"member":"9723","published-online":{"date-parts":[[2019,6,30]]},"reference":[{"key":"327","unstructured":"Banco Mundial (2017). Indicadores de gobernabilidad del Banco Mundial: M\u00e9xico: FCE."},{"key":"328","unstructured":"Berensztein, Sergio (2007). Indicadores mundiales de gobernabilidad. Documento de trabajo. Buenos Aires: Instituto para el desarrollo empresarial de la Argentina, IDEA."},{"key":"329","unstructured":"Calder\u00f3n Brug\u00e9s, Jaime (2017). Escritos I. Art\u00edculos y discursos. Valledupar: C\u00e1mara de Comercio."},{"key":"330","unstructured":"Club de Roma (1996). La capacidad de gobernar: Informe al Club de Roma\/de Yehezkel Dror; trad. de Carmen Aguilar. M\u00e9xico: FCE."},{"key":"331","unstructured":"Echebarr\u00eda, Koldo (2004). Objetivar la gobernanza: funciones y metodolog\u00eda. Una aproximaci\u00f3n a la objetivaci\u00f3n del an\u00e1lisis institucional a trav\u00e9s de indicadores de gobernabilidad. Madrid: IX Congreso internacional del CLAD sobre la reforma del Estado, Nov. 2-5."},{"key":"332","unstructured":"Fundaci\u00f3n Este Pa\u00eds (2017). Indicadores de gobernabilidad del Banco Mundial. M\u00e9xico. FEP."},{"key":"333","unstructured":"Fundamentos de Gobernabilidad democr\u00e1tica. (2015). Valledupar. Colombia. Escuela Superior de Administraci\u00f3n P\u00fablica, ESAP."},{"key":"334","unstructured":"Hern\u00e1ndez, R. C. (2016). Indicadores de gobernabilidad. M\u00e9xico: Firmas. Recuperado de: http:\/\/www.milenio.com\/firmas\/ricardo_cisneros_hernandez\/Indicadores-gobernabilidad_18_778902118.html"},{"key":"335","unstructured":"Kaufmann, Daniel (2012). Worlwide governance indicators. Recuperado de: The World Bank Group. http:\/\/www.worldbank.org\/wbi\/governance. http:\/\/www.govindicators.org"},{"key":"336","unstructured":"Kaufmann, Daniel & Kraay, Aart (2002). Gobernabilidad y crecimiento en el largo plazo: Evidencia para Latinoam\u00e9rica y el Mundo. Washington: Banco Mundial."},{"key":"337","unstructured":"Hern\u00e1ndez, R., Fern\u00e1ndez, y Batista. (2016). Metodolog\u00eda de la investigaci\u00f3n. M\u00e9xico D.F. M\u00e9xico. Editorial McGraw Hill."},{"key":"338","unstructured":"Hurtado, J. (2010). El proyecto de investigaci\u00f3n. Comprensi\u00f3n hol\u00edstica de la metodolog\u00eda y la investigaci\u00f3n. Quir\u00f3n ediciones. Bogot\u00e1, Colombia."},{"key":"339","unstructured":"Mart\u00ednez U. S., Giraldo, O y Paniagua R. (2014). Gobernabilidad, Participaci\u00f3n y cultura de paz. Valledupar: Agencia de Cooperaci\u00f3n Alemana -Programa de Desarrollo y Paz del Cesar, PDPC."},{"key":"340","unstructured":"Mesa de negociaciones de La Habana (2017). Acuerdo final para la terminaci\u00f3n del conflicto y la construcci\u00f3n de una paz estable y duradera. Bogot\u00e1: Oficina del Alto Comisionado para la Paz."},{"key":"341","unstructured":"Programa de las Naciones Unidas para el Desarrollo, PNUD (s.f.). Indicadores de gobernabilidad: Gu\u00eda del usuario. Oslo: Centro de Gobernabilidad."},{"key":"342","unstructured":"Programa de las Naciones Unidas para el Desarrollo, PNUD. Global Integrity, (2008). Gu\u00eda del usuario para medir la corrupci\u00f3n. Recuperado el 01\/06\/2017, de http:\/\/www.gaportal.org\/sites\/default\/files\/users_guide_measuring_corruption_spanish.pdf"},{"key":"343","unstructured":"Programa de las Naciones Unidas para el Desarrollo, PNUD. Centro de gobernabilidad de Oslo (2014). Gu\u00eda del usuario para medir la gobernabilidad local. Oslo: Centro de Gobernabilidad de Oslo. Rec. de: https:\/\/www.gaportal.org\/sites\/default\/files\/usersguide_localgov_ogc09_es_0.pdf"},{"key":"344","unstructured":"Universidad del Rosario. (2017). Experimentos de reconciliaci\u00f3n pol\u00edtica en Colombia. Recuperado de: http:\/\/www.urosario.edu.co\/jurisprudencia\/jurisprudencia-reconciliacion\/ur\/Postconflicto\/. http:\/\/www.valledupar-cesar.gov.co"}],"container-title":["Administraci\u00f3n y Desarrollo"],"link":[{"URL":"https:\/\/revistas.esap.edu.co\/index.php\/admindesarro\/article\/download\/534\/492","content-type":"application\/pdf","content-version":"vor","intended-application":"text-mining"},{"URL":"https:\/\/revistas.esap.edu.co\/index.php\/admindesarro\/article\/download\/534\/492","content-type":"unspecified","content-version":"vor","intended-application":"similarity-checking"}],"deposited":{"date-parts":[[2021,11,7]],"date-time":"2021-11-07T20:56:10Z","timestamp":1636318570000},"score":0.0,"resource":{"primary":{"URL":"https:\/\/revistas.esap.edu.co\/index.php\/admindesarro\/article\/view\/534"}},"issued":{"date-parts":[[2019,6,30]]},"references-count":18,"journal-issue":{"issue":"1","published-online":{"date-parts":[[2019,6,30]]}},"URL":"https:\/\/doi.org\/10.22431\/25005227.vol49n1.6","ISSN":["2500-5227","0120-3754"],"issn-type":[{"value":"2500-5227","type":"electronic"},{"value":"0120-3754","type":"print"}],"published":{"date-parts":[[2019,6,30]]}},{"indexed":{"date-parts":[[2025,7,9]],"date-time":"2025-07-09T16:40:10Z","timestamp":1752079210065,"version":"3.41.2"},"reference-count":32,"publisher":"Escuela Superior de Administracion Publica","issue":"2","license":[{"start":{"date-parts":[[2024,12,2]],"date-time":"2024-12-02T00:00:00Z","timestamp":1733097600000},"content-version":"unspecified","delay-in-days":0,"URL":"https:\/\/creativecommons.org\/licenses\/by-nc-sa\/4.0"}],"content-domain":{"domain":[],"crossmark-restriction":false},"short-container-title":["Adm. Desarro."],"abstract":"<jats:p>This study aims to evaluate the level of project management maturity in public projects at the Mayor\u2019s Office of Acevedo (Huila), using the Darci Prado Maturity Model, which assesses five levels and seven key dimensions. The methodology followed a mixed approach: the quantitative analysis was carried out using the 2021 version of the model\u2019s questionnaire, while the qualitative analysis was complemented by the prospective tool, the Regnier Abacus.The results show that the entity is at level 2 of maturity, known as the \u201cknown\u201d level. This level indicates that the organization has a basic understanding of project management, but practices are not fully standardized, and efforts remain isolated. The main weaknesses were found in the dimensions of computerization, organizational structure, methodology, and behavioral competencies. In conclusion, project management at the Mayor\u2019s Office of Acevedo is classified as average, indicating a need for significant improvements to reach a higher maturity level.<\/jats:p>","DOI":"10.22431\/25005227.983","type":"journal-article","created":{"date-parts":[[2024,12,2]],"date-time":"2024-12-02T10:54:39Z","timestamp":1733136879000},"page":"e983","source":"Crossref","is-referenced-by-count":0,"title":["Evaluaci\u00f3n del nivel de madurez en la gesti\u00f3n de proyectos p\u00fablicos en la Alcald\u00eda de Acevedo, Huila","Evaluation of the level of maturity in public project management at the Mayor\u2019s Office of Acevedo, Huila"],"prefix":"10.22431","volume":"54","author":[{"ORCID":"https:\/\/orcid.org\/0000-0002-2264-2309","authenticated-orcid":false,"given":"Mar\u00eda Valentina","family":"Andrade G\u00f3mez","sequence":"first","affiliation":[],"role":[{"role":"author","vocabulary":"crossref"}]},{"ORCID":"https:\/\/orcid.org\/0009-0002-2787-2370","authenticated-orcid":false,"given":"Vilma Luc\u00eda","family":"Agredo Trujillo","sequence":"additional","affiliation":[],"role":[{"role":"author","vocabulary":"crossref"}]},{"ORCID":"https:\/\/orcid.org\/0000-0002-9860-4675","authenticated-orcid":false,"given":"Alexander","family":"Quintero Bonilla","sequence":"additional","affiliation":[],"role":[{"role":"author","vocabulary":"crossref"}]}],"member":"9723","published-online":{"date-parts":[[2024,12,2]]},"reference":[{"key":"16266","unstructured":"\u00c1vila, C. (2024, mayo). Eficacia y est\u00e1ndares en la gobernanza fiscal: Contralor\u00eda de Cundinamarca. Universidad Javeriana. https:\/\/repository.javeriana.edu.co\/bitstream\/handle\/10554\/68095\/Eficacia%20y%20est%C3%A1ndares%20en%20la%20gobernanza%20fiscal%20Contralor%C3%ADa%20de%20Cundinamarca%202019-2023.pdf?sequence=4&isAllowed=y"},{"key":"16267","unstructured":"Bellomo, S. y Oszlak, O. (Eds.). (2020). Desaf\u00edos de la administraci\u00f3n p\u00fablica en el contexto de la Revoluci\u00f3n 4.0. Konrad-Adenauer-Stiftung. https:\/\/repositorio.cedes.org\/bitstream\/123456789\/4571\/1\/desafios_revolucion_4_0.pdf"},{"key":"16268","doi-asserted-by":"publisher","DOI":"10.12804\/revistas.urosario.edu.co\/empresa\/a.12190"},{"key":"16269","unstructured":"C\u00e1rdenas, J. y Barrientos, E. (2021). Revisi\u00f3n contempor\u00e1nea de la madurez empresarial y grado de maduraci\u00f3n. La Revista Argentina De Investigaci\u00f3n En Negocios, 7(2), 101\u2013124. http:\/\/rain.ean.edu.ar:8085\/rain\/index.php\/RAIN\/article\/view\/134"},{"key":"16270","unstructured":"Contreras, A. y Novoa, M. (2019). Grado de madurez en la gesti\u00f3n de proyectos de la constructora Camath S.A.S. [trabajo de grado, Universidad Cat\u00f3lica de Colombia]."},{"key":"16271","unstructured":"Departamento Administrativo de la Funci\u00f3n P\u00fablica (DAFP). (2022). Gu\u00eda de gesti\u00f3n estrat\u00e9gica del talento humano en el sector p\u00fablico. https:\/\/www.funcionpublica.gov.co\/documents\/28587425\/35003993\/4.PDF\/9eef60cb-cfcd-e6f7-a350-accb72b23cb3?t=15445"},{"key":"16272","unstructured":"Departamento Administrativo de la Funci\u00f3n P\u00fablica. (2022). Resultado de medici\u00f3n institucional realizado por medio del MIPG 2022 [Figura 2]. Power BI. https:\/\/app.powerbi.com\/view?r=eyJrIjoiZmE5Mjg3ZTktNzVkMy00OWQ0LTk2MDctNDM2YmU0YzdlYmU3IiwidCI6IjU1MDNhYWMyLTdhMTUtNDZhZi1iNTIwLTJhNjc1YWQxZGYxNiIsImMiOjR9"},{"key":"16273","unstructured":"Departamento Administrativo Nacional de Estad\u00edstica (DANE). (2023). Proyecciones de poblaci\u00f3n municipio de Acevedo-Huila. Obtenido de https:\/\/www.dane.gov.co\/index.php\/estadisticas-por-tema\/demografia-y-poblacion\/proyecciones-de-poblacion"},{"key":"16274","unstructured":"Departamento Nacional de Planeaci\u00f3n (DNP). (2013). Definiciones unificadas para la elaboraci\u00f3n de documentos, manuales, gu\u00edas, instructivos y presentaciones. Subdirecci\u00f3n de Gesti\u00f3n y Desarrollo del Talento Humano. https:\/\/colaboracion.dnp.gov.co\/CD"},{"key":"16275","unstructured":"Departamento Nacional de Planeaci\u00f3n (DNP). (2022). Informe de gesti\u00f3n del Departamento Nacional de Planeaci\u00f3n 2022. DNP. https:\/\/colaboracion.dnp.gov.co\/CDT\/GrupoPlaneacion\/Informe%20de%20Gestio%CC%81n%202022.pdf"},{"key":"16276","doi-asserted-by":"publisher","DOI":"10.2478\/sbe-2021-0045"},{"key":"16277","unstructured":"Gobernaci\u00f3n del Huila. (2023). Gobernador anunci\u00f3 adici\u00f3n de m\u00e1s de $5.800 millones para terminaci\u00f3n de la v\u00eda La Victoria-San Marcos en Acevedo. Gobernaci\u00f3n del Huila. https:\/\/www.huila.gov.co\/publicaciones\/13607\/goberna"},{"key":"16278","unstructured":"Godet, M. (2007). Prospectiva estrat\u00e9gica: problemas y m\u00e9todos. CEPAL. https:\/\/archivo.cepal.org\/pdfs\/GuiaProspectiva\/Godet2007.pdf"},{"key":"16279","unstructured":"Guerra, Y. (2024). Medici\u00f3n del nivel de madurez de la gesti\u00f3n del conocimiento en una organizaci\u00f3n innovadora basada en conocimiento. GECONTEC: Revista Internacional De Gesti\u00f3n Del Conocimiento Y La Tecnolog\u00eda, 12(1), 1\u201323. https:\/\/doi.org\/10.5281\/zenodo.10806964"},{"key":"16280","unstructured":"Hern\u00e1ndez, R. (2014). Metodolog\u00eda de la investigaci\u00f3n. McGraw-Hill Education."},{"key":"16281","doi-asserted-by":"publisher","DOI":"10.52143\/2346-1357.572"},{"key":"16282","unstructured":"Hurtado, G. (2017). La voz de la regi\u00f3n: Estos son los \u201celefantes blancos\u201d que detect\u00f3 la Contralor\u00eda en el sur del Huila. La Voz de la Regi\u00f3n. https:\/\/lavozdelaregion.co\/estos-son-los-elefantes-blancos-que-detecto-la-contraloria-en-el-sur-del-huila\/"},{"key":"16283","unstructured":"Kerzner, H. (2001). Strategic planning for project management using a project management maturity model (1st ed.). John Wiley & Sons."},{"key":"16284","doi-asserted-by":"publisher","DOI":"10.3280\/PM2020-043002"},{"key":"16285","unstructured":"Mart\u00ednez, A. (2022). Evaluaci\u00f3n de la gesti\u00f3n de proyectos de inversi\u00f3n p\u00fablica del \u00e1rea salud de la sub-regi\u00f3n Pac\u00edfico \u2013 Ancash, 2021 [Tesis de posgrado, Universidad C\u00e9sar Vallejo]. https:\/\/repositorio.ucv.edu.pe\/bitstream\/handle\/20.500.12692\/97928\/Mart%c3%adnez_RAJ-SD.pdf?"},{"key":"16286","unstructured":"Mel\u00e9ndez, J. y Salous, A. (2021). Factores cr\u00edticos de \u00e9xito y su impacto en la gesti\u00f3n de proyectos empresariales: Una revisi\u00f3n integral. Revista de Ciencias Sociales, 27(4), 228\u2013242. https:\/\/www.redalyc.org\/journal\/280\/28069360017\/html\/"},{"key":"16287","unstructured":"Organizaci\u00f3n para la Cooperaci\u00f3n y el Desarrollo Econ\u00f3micos (OCDE). (2015). Evaluaci\u00f3n del desempe\u00f1o institucional: marco conceptual y metodol\u00f3gico. OCDE. https:\/\/repositorio.cepal.org\/server\/api\/core\/bitstreams\/bb0ea741-8963-4bd7-92b7-0a7b7cea6738\/content"},{"key":"16288","unstructured":"Organizaci\u00f3n para la Cooperaci\u00f3n y el Desarrollo Econ\u00f3micos (OCDE). (2015). Gesti\u00f3n p\u00fablica para resultados en M\u00e9xico: avances y desaf\u00edos. OCDE. https:\/\/www.oecd.org\/mexico\/Gestion-publica-para-resultados-en-Mexico.pdf"},{"key":"16289","unstructured":"Orjuela, J. (2021). An\u00e1lisis de madurez en gesti\u00f3n de proyectos y su desempe\u00f1o en el sector p\u00fablico en relaci\u00f3n con los elementos de la triple restricci\u00f3n seg\u00fan lineamientos del Project Management Institute (PMI\u00ae), caso Gobernaci\u00f3n de Boyac\u00e1 periodo 2015 \u2013 2018 [Trabajo de grado, Universidad de Boyac\u00e1]. https:\/\/repositorio.uniboyaca.edu.co\/bitstream\/handle\/uniboyaca\/537\/documento%20Jairo%20Armando%20Orjuela%20D%C3%ADaz-1-70.pdf?sequence=3&isAllowed=y"},{"key":"16290","doi-asserted-by":"publisher","DOI":"10.35992\/pdm.4vi2.991"},{"key":"16291","unstructured":"Project Management Institute (PMI). (2017). La gu\u00eda de los fundamentos para la direcci\u00f3n de proyectos: Gu\u00eda del PMBOK (6a ed.). Project Management Institute. https:\/\/www.pmi.org\/pmbok-guide-standards\/foundational\/pmbok?sc_camp=D750AAC10C2F4378CE6D51F8D987F49D"},{"key":"16292","unstructured":"Prado, D. (2010). Foundations of Prado PM Maturity Model. https:\/\/maturityresearch.com\/es\/modelo-prado-mmgp-2"},{"key":"16293","unstructured":"Prado, D. (2015). Maturidade em gerenciamento de projetos (3ra ed.). Falconi."},{"key":"16294","unstructured":"Prado, D. (2021). Cuestionario de evaluaci\u00f3n de madurez: Modelo de madurez Prado-MMGP. Maturity Research. https:\/\/maturityresearch.com\/wp-content\/uploads\/2021\/06\/MADUR%C3%89Z-Modelo-Prado-MMGP-V-2.3.0.pdf"},{"key":"16295","unstructured":"Prieto, K. (2024). Fortalecimiento de las capacidades institucionales para mejorar la sostenibilidad del Sistema Integrado de Gesti\u00f3n, bajo est\u00e1ndares del Modelo Integrado de Planeaci\u00f3n y Gesti\u00f3n (MIPG). Secretar\u00eda Distrital de Desarrollo Econ\u00f3mico. https:\/\/desarrolloeconomico.gov.co\/wp-content\/uploads\/2024\/07\/DTS-PI-8166-OAP.pdf"},{"key":"16296","unstructured":"Regnier, F. (1989). Annoncer la couleur: pour une approche nuanc\u00e9e du consensus."},{"key":"16297","unstructured":"Rodr\u00edguez, G. y G\u00f3mez, A. (2021). Modelo de madurez organizacional en una empresa manufacturera del sector textil [Tesis de maestr\u00eda, UNAD]. https:\/\/repository.unad.edu.co\/bitstream\/handle\/10596\/43419\/garodriguezot.pdf"}],"container-title":["Administraci\u00f3n &amp; Desarrollo"],"link":[{"URL":"https:\/\/revistas.esap.edu.co\/index.php\/admindesarro\/article\/download\/983\/782","content-type":"application\/pdf","content-version":"vor","intended-application":"text-mining"},{"URL":"https:\/\/revistas.esap.edu.co\/index.php\/admindesarro\/article\/download\/983\/793","content-type":"text\/xml","content-version":"vor","intended-application":"text-mining"},{"URL":"https:\/\/revistas.esap.edu.co\/index.php\/admindesarro\/article\/download\/983\/782","content-type":"unspecified","content-version":"vor","intended-application":"similarity-checking"}],"deposited":{"date-parts":[[2025,7,9]],"date-time":"2025-07-09T16:04:50Z","timestamp":1752077090000},"score":0.0,"resource":{"primary":{"URL":"https:\/\/revistas.esap.edu.co\/index.php\/admindesarro\/article\/view\/983"}},"issued":{"date-parts":[[2024,12,2]]},"references-count":32,"journal-issue":{"issue":"2","published-online":{"date-parts":[[2024,7,1]]}},"URL":"https:\/\/doi.org\/10.22431\/25005227.983","ISSN":["2500-5227","0120-3754"],"issn-type":[{"type":"electronic","value":"2500-5227"},{"type":"print","value":"0120-3754"}],"published":{"date-parts":[[2024,12,2]]}},{"indexed":{"date-parts":[[2022,3,29]],"date-time":"2022-03-29T10:37:52Z","timestamp":1648550272644},"reference-count":0,"publisher":"Escuela Superior de Administracion Publica","issue":"57","license":[{"start":{"date-parts":[[2013,11,1]],"date-time":"2013-11-01T00:00:00Z","timestamp":1383264000000},"content-version":"unspecified","delay-in-days":0,"URL":"http:\/\/creativecommons.org\/licenses\/by-nc-nd\/4.0"}],"content-domain":{"domain":[],"crossmark-restriction":false},"short-container-title":["Adm. Desarro."],"abstract":"<jats:p>Los cambios producidos en las organizaciones privadas y p\u00fablicas desde finales de los 70s y con mayor \u00e9nfasis despu\u00e9s de los 80s, originados por el cambio hacia un modelo neoliberal, han ocasionado la aplicaci\u00f3n de una serie de tecnolog\u00edas econ\u00f3micas, dentro de las cuales sobresale la adopci\u00f3n \u201cnovedosa\u201d de sistemas salariales conocidos como variables o por resultados, pero que en realidad corresponden a modelos dise\u00f1ados y criticados desde hace m\u00e1s de 150 a\u00f1os. El autor dentro del marco de una investigaci\u00f3n en la cual particip\u00f3, realiza una evaluaci\u00f3n cr\u00edtica de la adopci\u00f3n de dichos m\u00e9todos a partir de las corrientes denominadas como gerencia y gesti\u00f3n p\u00fablica y espec\u00edficamente dentro del contexto colombiano, abordando cr\u00edticamente sus principales limitaciones y problemas y propugnando por la aplicaci\u00f3n de sistemas salariales por resultados creativos, que no se desv\u00eden de los fines sociales de la administraci\u00f3n p\u00fablica, que no terminen afectando a la sociedad en general, que realmente incrementen la eficiencia y eficacia social y, sobre todo, que no ri\u00f1an con los intereses p\u00fablicos que en \u00faltimas son la raz\u00f3n de ser de aquella<\/jats:p>","DOI":"10.22431\/25005227.118","type":"journal-article","created":{"date-parts":[[2017,7,5]],"date-time":"2017-07-05T16:06:06Z","timestamp":1499270766000},"page":"59-72","source":"Crossref","is-referenced-by-count":0,"title":["Una evaluaci\u00f3n cr\u00edtica de los salarios por resultados aplicados a la administraci\u00f3n p\u00fablica"],"prefix":"10.22431","volume":"41","author":[{"given":"Jairo","family":"Rincon Pachon","sequence":"first","affiliation":[],"role":[{"role":"author","vocabulary":"crossref"}]}],"member":"9723","published-online":{"date-parts":[[2013,11,1]]},"container-title":["Administraci\u00f3n &amp; Desarrollo"],"link":[{"URL":"https:\/\/revistas.esap.edu.co\/index.php\/admindesarro\/article\/download\/118\/pdf","content-type":"application\/pdf","content-version":"vor","intended-application":"text-mining"},{"URL":"https:\/\/revistas.esap.edu.co\/index.php\/admindesarro\/article\/download\/118\/pdf","content-type":"unspecified","content-version":"vor","intended-application":"similarity-checking"}],"deposited":{"date-parts":[[2021,11,12]],"date-time":"2021-11-12T19:11:50Z","timestamp":1636744310000},"score":0.0,"resource":{"primary":{"URL":"https:\/\/revistas.esap.edu.co\/index.php\/admindesarro\/article\/view\/118"}},"issued":{"date-parts":[[2013,11,1]]},"references-count":0,"journal-issue":{"issue":"57","published-online":{"date-parts":[[2013,11,1]]}},"URL":"https:\/\/doi.org\/10.22431\/25005227.118","ISSN":["2500-5227","0120-3754"],"issn-type":[{"value":"2500-5227","type":"electronic"},{"value":"0120-3754","type":"print"}],"published":{"date-parts":[[2013,11,1]]}},{"indexed":{"date-parts":[[2022,4,4]],"date-time":"2022-04-04T09:21:26Z","timestamp":1649064086561},"reference-count":0,"publisher":"Escuela Superior de Administraci\u00f3n P\u00fablica","isbn-type":[{"value":"9789586524384","type":"print"}],"content-domain":{"domain":[],"crossmark-restriction":false},"DOI":"10.22431\/9789586524384","type":"book","created":{"date-parts":[[2018,4,26]],"date-time":"2018-04-26T02:26:11Z","timestamp":1524709571000},"source":"Crossref","is-referenced-by-count":0,"title":["Desarrollos y tendencias contempor\u00e1neas de la Administraci\u00f3n P\u00fablica"],"prefix":"10.22431","author":[{"given":"Jes\u00fas Mar\u00eda","family":"Molina","sequence":"first","affiliation":[],"role":[{"role":"author","vocabulary":"crossref"}]}],"member":"9723","published-online":{"date-parts":[[2018,4,6]]},"deposited":{"date-parts":[[2018,4,26]],"date-time":"2018-04-26T02:26:11Z","timestamp":1524709571000},"score":0.0,"resource":{"primary":{"URL":"http:\/\/www.esap.edu.co\/portal\/\/wp-content\/uploads\/2018\/04\/5.-Desarrollos-y-tendencias-Contempor\u00e1neas-de-la-Administraci\u00f3n-P\u00fablica_virtual.pdf"}},"issued":{"date-parts":[[2018,4,6]]},"ISBN":["9789586524384"],"references-count":0,"URL":"https:\/\/doi.org\/10.22431\/9789586524384","published":{"date-parts":[[2018,4,6]]}},{"indexed":{"date-parts":[[2022,4,3]],"date-time":"2022-04-03T02:07:10Z","timestamp":1648951630328},"reference-count":0,"publisher":"Escuela Superior de Administracion Publica","issue":"55","license":[{"start":{"date-parts":[[2012,6,15]],"date-time":"2012-06-15T00:00:00Z","timestamp":1339718400000},"content-version":"unspecified","delay-in-days":0,"URL":"http:\/\/creativecommons.org\/licenses\/by-nc-nd\/4.0"}],"content-domain":{"domain":[],"crossmark-restriction":false},"short-container-title":["Adm. Desarro."],"abstract":"<jats:p>.<\/jats:p>","DOI":"10.22431\/25005227.358","type":"journal-article","created":{"date-parts":[[2017,7,5]],"date-time":"2017-07-05T16:06:06Z","timestamp":1499270766000},"page":"111-113","source":"Crossref","is-referenced-by-count":0,"title":["An\u00e1lisis epistemol\u00f3gico de la administraci\u00f3n p\u00fablica, la gerencia y la gesti\u00f3n p\u00fablica y la gerencia social"],"prefix":"10.22431","volume":"40","author":[{"given":"Augusto","family":"\u00c1lvarez Collazos","sequence":"first","affiliation":[],"role":[{"role":"author","vocabulary":"crossref"}]}],"member":"9723","published-online":{"date-parts":[[2012,6,15]]},"container-title":["Administraci\u00f3n &amp; Desarrollo"],"link":[{"URL":"https:\/\/revistas.esap.edu.co\/index.php\/admindesarro\/article\/download\/358\/pdf","content-type":"application\/pdf","content-version":"vor","intended-application":"text-mining"},{"URL":"https:\/\/revistas.esap.edu.co\/index.php\/admindesarro\/article\/download\/358\/pdf","content-type":"unspecified","content-version":"vor","intended-application":"similarity-checking"}],"deposited":{"date-parts":[[2021,11,12]],"date-time":"2021-11-12T19:12:12Z","timestamp":1636744332000},"score":0.0,"resource":{"primary":{"URL":"https:\/\/revistas.esap.edu.co\/index.php\/admindesarro\/article\/view\/358"}},"issued":{"date-parts":[[2012,6,15]]},"references-count":0,"journal-issue":{"issue":"55","published-online":{"date-parts":[[2012,6,15]]}},"URL":"https:\/\/doi.org\/10.22431\/25005227.358","ISSN":["2500-5227","0120-3754"],"issn-type":[{"value":"2500-5227","type":"electronic"},{"value":"0120-3754","type":"print"}],"published":{"date-parts":[[2012,6,15]]}},{"indexed":{"date-parts":[[2024,6,20]],"date-time":"2024-06-20T04:38:17Z","timestamp":1718858297544},"reference-count":0,"publisher":"Escuela Superior de Administracion Publica","issue":"59","license":[{"start":{"date-parts":[[2014,12,1]],"date-time":"2014-12-01T00:00:00Z","timestamp":1417392000000},"content-version":"unspecified","delay-in-days":0,"URL":"http:\/\/creativecommons.org\/licenses\/by-nc-nd\/4.0"}],"content-domain":{"domain":[],"crossmark-restriction":false},"short-container-title":["Adm. Desarro."],"abstract":"<jats:p>El documento que se presenta parte del reconocimiento de las instituciones como representaciones mentales que le son \u00fatiles al hombre en sociedad para la definici\u00f3n de reglas de juego que le permitan interactuar y reducir la incertidumbre, en su relaciones categ\u00f3ricas de espacio-tiempo, naturalezapoblaci\u00f3n-econom\u00eda; con la caracter\u00edstica de considerar la geopol\u00edtica como herramienta de poder que relativiza la soberan\u00eda en un mundo m\u00e1s comunicado e interdependiente y, en consecuencia, categ\u00f3ricamente proclive a la formaci\u00f3n de instituciones pol\u00edticas y econ\u00f3micas no inclusivas, donde la ciencia y la t\u00e9cnica ocupan un espacio preferente en la estructura del cambio econ\u00f3mico, social, pol\u00edtico y cultural de los Estados, es decir, que la desigualdad de los pueblos se explica entre otras razones, por las caracter\u00edsticas de contexto de los pa\u00edses, as\u00ed como por los cambios de la pol\u00edtica econ\u00f3mica dise\u00f1ada en un entorno cambiante y fluctuante.<\/jats:p>","DOI":"10.22431\/25005227.103","type":"journal-article","created":{"date-parts":[[2017,7,5]],"date-time":"2017-07-05T16:06:06Z","timestamp":1499270766000},"page":"41-51","source":"Crossref","is-referenced-by-count":1,"title":["Geopol\u00edtica, ciencia y tecnolog\u00eda en las sociedades con instituciones pol\u00edticas y mercados no inclusivos"],"prefix":"10.22431","volume":"43","author":[{"given":"Luis Alfredo","family":"Mu\u00f1oz Velasco","sequence":"first","affiliation":[],"role":[{"role":"author","vocabulary":"crossref"}]},{"given":"Jenny","family":"Avenda\u00f1o","sequence":"additional","affiliation":[],"role":[{"role":"author","vocabulary":"crossref"}]}],"member":"9723","published-online":{"date-parts":[[2014,12,1]]},"container-title":["Administraci\u00f3n &amp; Desarrollo"],"link":[{"URL":"https:\/\/revistas.esap.edu.co\/index.php\/admindesarro\/article\/download\/103\/pdf","content-type":"application\/pdf","content-version":"vor","intended-application":"text-mining"},{"URL":"https:\/\/revistas.esap.edu.co\/index.php\/admindesarro\/article\/download\/103\/pdf","content-type":"unspecified","content-version":"vor","intended-application":"similarity-checking"}],"deposited":{"date-parts":[[2021,11,12]],"date-time":"2021-11-12T19:11:27Z","timestamp":1636744287000},"score":0.0,"resource":{"primary":{"URL":"https:\/\/revistas.esap.edu.co\/index.php\/admindesarro\/article\/view\/103"}},"issued":{"date-parts":[[2014,12,1]]},"references-count":0,"journal-issue":{"issue":"59","published-online":{"date-parts":[[2014,12,1]]}},"URL":"https:\/\/doi.org\/10.22431\/25005227.103","ISSN":["2500-5227","0120-3754"],"issn-type":[{"value":"2500-5227","type":"electronic"},{"value":"0120-3754","type":"print"}],"published":{"date-parts":[[2014,12,1]]}},{"indexed":{"date-parts":[[2025,12,31]],"date-time":"2025-12-31T20:29:52Z","timestamp":1767212992371,"version":"3.48.0"},"reference-count":0,"publisher":"Escuela Superior de Administracion Publica","license":[{"start":{"date-parts":[[2016,10,10]],"date-time":"2016-10-10T00:00:00Z","timestamp":1476057600000},"content-version":"unspecified","delay-in-days":0,"URL":"http:\/\/creativecommons.org\/licenses\/by-nc-nd\/4.0"}],"content-domain":{"domain":[],"crossmark-restriction":false},"short-container-title":["Nova vetera"],"abstract":"<jats:p>El presente art\u00edculo contrasta las visiones y posiciones de la justicia transicional colombiana desde las orillas que separan a un pa\u00eds polarizado por el odio y la manipulaci\u00f3n. Se plantea como hilo conductor del art\u00edculo, la premisa de que a diferencia de otros procesos de negociaci\u00f3n para finalizar el conflicto en Colombia, \u00e9ste es un proceso m\u00e1s equilibrado, un poco m\u00e1s ajustado a la realidad y contexto, y con evidentes progresos en contra de la impunidad. Sin nada acordado y analizando las publicaciones conjuntas del Gobierno nacional y las FARC EP, as\u00ed como las posiciones de varios autores, se realiza un acercamiento a los requerimientos de justicia y nuestros anhelos de finalizar un conflicto. Finalmente, el documento presenta un acercamiento al concepto de paz visto desde las negociaciones con las FARC-EP y el Estado colombiano y desde las problem\u00e1ticas estructurales de la sociedad colombiana; para terminar concluyendo que, la relaci\u00f3n existente entre la negociaci\u00f3n en la Habana con un grupo guerrillero no conlleva a la conclusi\u00f3n inequ\u00edvoca de la paz per se, muchos ser\u00e1n los cambios estructurales que requiere la sociedad colombiana en todos los \u00e1mbitos econ\u00f3micos, culturales pol\u00edticos y sociales para que se pueda tener un pa\u00eds en paz.<\/jats:p>","DOI":"10.22431\/25005103.47","type":"journal-article","created":{"date-parts":[[2017,7,5]],"date-time":"2017-07-05T15:34:05Z","timestamp":1499268845000},"page":"43-55","source":"Crossref","is-referenced-by-count":0,"title":["Justicia transicional con saldo positivo: el reto del equilibrio entre justicia y paz en Colombia"],"prefix":"10.22431","volume":"25","author":[{"given":"Jhon Alexander","family":"Bernal Ni\u00f1o","sequence":"first","affiliation":[],"role":[{"role":"author","vocabulary":"crossref"}]}],"member":"9723","published-online":{"date-parts":[[2016,10,10]]},"container-title":["Nova et Vetera"],"link":[{"URL":"https:\/\/revistas.esap.edu.co\/index.php\/novaetvetera\/article\/download\/47\/pdf","content-type":"application\/pdf","content-version":"vor","intended-application":"text-mining"},{"URL":"https:\/\/revistas.esap.edu.co\/index.php\/novaetvetera\/article\/download\/47\/pdf","content-type":"unspecified","content-version":"vor","intended-application":"similarity-checking"}],"deposited":{"date-parts":[[2025,12,31]],"date-time":"2025-12-31T20:27:12Z","timestamp":1767212832000},"score":0.0,"resource":{"primary":{"URL":"https:\/\/revistas.esap.edu.co\/index.php\/novaetvetera\/article\/view\/47"}},"issued":{"date-parts":[[2016,10,10]]},"references-count":0,"URL":"https:\/\/doi.org\/10.22431\/25005103.47","ISSN":["2500-5103","0123-2614"],"issn-type":[{"type":"electronic","value":"2500-5103"},{"type":"print","value":"0123-2614"}],"published":{"date-parts":[[2016,10,10]]}},{"indexed":{"date-parts":[[2025,11,6]],"date-time":"2025-11-06T16:50:24Z","timestamp":1762447824743,"version":"build-2065373602"},"reference-count":0,"publisher":"Escuela Superior de Administracion Publica","issue":"67","license":[{"start":{"date-parts":[[2014,12,1]],"date-time":"2014-12-01T00:00:00Z","timestamp":1417392000000},"content-version":"unspecified","delay-in-days":0,"URL":"http:\/\/creativecommons.org\/licenses\/by-nc-nd\/4.0"}],"content-domain":{"domain":[],"crossmark-restriction":false},"short-container-title":["Nova vetera"],"abstract":"<jats:p>El prop\u00f3sito del presente art\u00edculo es responder a tres interrogantes desde la \u00f3ptica de las ciencias sociales: (i) \u00bfpor qu\u00e9 es tan dif\u00edcil adentrarse en el estudio del conflicto interno colombiano?, (ii) \u00bfcu\u00e1les son los grandes hitos que desde las ciencias sociales nos pueden servir de gu\u00eda para comprender mejor nuestra realidad?, (iii) \u00bfpor qu\u00e9 es tan urgente abordar el estudio profundo de nuestro conflicto interno armado y buscar soluciones al mismo? Para explicar la g\u00e9nesis y din\u00e1mica de los conflictos armados internos se hace una revisi\u00f3n de los principales paradigmas de las ciencias sociales y pol\u00edticas (marxista, psicolog\u00eda agregada, crisis de consenso en el sistema de valores, y del posconflicto, perspectiva estructural y Estado-c\u00e9ntrica sobre las revoluciones sociales). Asimismo, se se\u00f1alan las razones de orden humanitario y de protecci\u00f3n efectiva de los derechos humanos que hacen urgente encontrar una salida al conflicto colombiano.<\/jats:p>","DOI":"10.22431\/25005103.22","type":"journal-article","created":{"date-parts":[[2017,7,5]],"date-time":"2017-07-05T15:34:05Z","timestamp":1499268845000},"page":"6-27","source":"Crossref","is-referenced-by-count":0,"title":["Para comprender la violencia pol\u00edtica en Colombia"],"prefix":"10.22431","volume":"23","author":[{"given":"Fernando Augusto","family":"Medina Guti\u00e9rrez","sequence":"first","affiliation":[],"role":[{"role":"author","vocabulary":"crossref"}]}],"member":"9723","published-online":{"date-parts":[[2014,12,1]]},"container-title":["Nova et Vetera"],"link":[{"URL":"https:\/\/revistas.esap.edu.co\/index.php\/novaetvetera\/article\/download\/22\/27","content-type":"application\/pdf","content-version":"vor","intended-application":"text-mining"},{"URL":"https:\/\/revistas.esap.edu.co\/index.php\/novaetvetera\/article\/download\/22\/27","content-type":"unspecified","content-version":"vor","intended-application":"similarity-checking"}],"deposited":{"date-parts":[[2025,11,6]],"date-time":"2025-11-06T16:44:31Z","timestamp":1762447471000},"score":0.0,"resource":{"primary":{"URL":"https:\/\/revistas.esap.edu.co\/index.php\/novaetvetera\/article\/view\/22"}},"issued":{"date-parts":[[2014,12,1]]},"references-count":0,"journal-issue":{"issue":"67","published-online":{"date-parts":[[2014,12,1]]}},"URL":"https:\/\/doi.org\/10.22431\/25005103.22","ISSN":["2500-5103","0123-2614"],"issn-type":[{"type":"electronic","value":"2500-5103"},{"type":"print","value":"0123-2614"}],"published":{"date-parts":[[2014,12,1]]}},{"indexed":{"date-parts":[[2025,11,6]],"date-time":"2025-11-06T16:40:27Z","timestamp":1762447227781,"version":"build-2065373602"},"reference-count":0,"publisher":"Escuela Superior de Administracion Publica","issue":"1","license":[{"start":{"date-parts":[[2018,6,18]],"date-time":"2018-06-18T00:00:00Z","timestamp":1529280000000},"content-version":"unspecified","delay-in-days":0,"URL":"http:\/\/creativecommons.org\/licenses\/by-nc-nd\/4.0"}],"content-domain":{"domain":[],"crossmark-restriction":false},"short-container-title":["Adm. Desarro."],"abstract":"<jats:p>Results-based Management (RBM) is a dominant idea in public sector reform. However, the factors that condition its development have not been sufficiently debated in Latin America. This article addresses two questions: what factors cause public organizations to adopt models and tools of RBM? To this end, a review of the specialized literature on factors of implementation and use is presented. The second question is oriented to a reflection for the region: What are the challenges for the incorporation of the RBM in Latin America? The difficulties to break with symbolic reforms and adapt them to the characteristics of the regional context are emphasized.<\/jats:p>","DOI":"10.22431\/25005227.425","type":"journal-article","created":{"date-parts":[[2018,6,20]],"date-time":"2018-06-20T19:34:32Z","timestamp":1529523272000},"page":"171-199","source":"Crossref","is-referenced-by-count":1,"title":["La gesti\u00f3n por resultados: una revisi\u00f3n de la literatura y sus desaf\u00edos en am\u00e9rica latina.","The management for outcomes: a review of the literature and its challenges in latin america."],"prefix":"10.22431","volume":"48","author":[{"ORCID":"https:\/\/orcid.org\/0000-0001-7338-0380","authenticated-orcid":false,"given":"Alejandro","family":"Milanesi","sequence":"first","affiliation":[],"role":[{"role":"author","vocabulary":"crossref"}]}],"member":"9723","published-online":{"date-parts":[[2018,6,18]]},"container-title":["Administraci\u00f3n &amp; Desarrollo"],"link":[{"URL":"https:\/\/revistas.esap.edu.co\/index.php\/admindesarro\/article\/download\/425\/463","content-type":"application\/pdf","content-version":"vor","intended-application":"text-mining"},{"URL":"https:\/\/revistas.esap.edu.co\/index.php\/admindesarro\/article\/download\/425\/463","content-type":"unspecified","content-version":"vor","intended-application":"similarity-checking"}],"deposited":{"date-parts":[[2025,11,6]],"date-time":"2025-11-06T16:34:37Z","timestamp":1762446877000},"score":0.0,"resource":{"primary":{"URL":"https:\/\/revistas.esap.edu.co\/index.php\/admindesarro\/article\/view\/425"}},"issued":{"date-parts":[[2018,6,18]]},"references-count":0,"journal-issue":{"issue":"1","published-online":{"date-parts":[[2018,6,18]]}},"URL":"https:\/\/doi.org\/10.22431\/25005227.425","ISSN":["2500-5227","0120-3754"],"issn-type":[{"type":"electronic","value":"2500-5227"},{"type":"print","value":"0120-3754"}],"published":{"date-parts":[[2018,6,18]]}},{"indexed":{"date-parts":[[2025,11,6]],"date-time":"2025-11-06T16:39:27Z","timestamp":1762447167676,"version":"build-2065373602"},"reference-count":0,"publisher":"Escuela Superior de Administracion Publica","issue":"1","license":[{"start":{"date-parts":[[2018,6,18]],"date-time":"2018-06-18T00:00:00Z","timestamp":1529280000000},"content-version":"unspecified","delay-in-days":0,"URL":"http:\/\/creativecommons.org\/licenses\/by-nc-nd\/4.0"}],"content-domain":{"domain":[],"crossmark-restriction":false},"short-container-title":["Adm. Desarro."],"abstract":"<jats:p>The labour of the editorial team of Escuela Superior de Administraci\u00c3\u00b2n P\u00c3\u00bablica, ESAP, \u00c2\u00a0has kept its responsability of spreading the outcomes of research and academic developments \u00e2\u20ac\u201despecially through their publications\u00e2\u20ac\u201d in debates about modern tendencies in public management, the new rol of the goverment, and the challenges in the posagreement\u00a0<\/jats:p>","DOI":"10.22431\/25005227.431","type":"journal-article","created":{"date-parts":[[2018,6,30]],"date-time":"2018-06-30T14:29:02Z","timestamp":1530368942000},"page":"5-7","source":"Crossref","is-referenced-by-count":0,"title":["Editorial"],"prefix":"10.22431","volume":"48","author":[{"given":"Claudia In\u00e9s","family":"Ram\u00edrez","sequence":"first","affiliation":[],"role":[{"role":"author","vocabulary":"crossref"}]}],"member":"9723","published-online":{"date-parts":[[2018,6,18]]},"container-title":["Administraci\u00f3n &amp; Desarrollo"],"link":[{"URL":"https:\/\/revistas.esap.edu.co\/index.php\/admindesarro\/article\/download\/431\/468","content-type":"application\/pdf","content-version":"vor","intended-application":"text-mining"},{"URL":"https:\/\/revistas.esap.edu.co\/index.php\/admindesarro\/article\/download\/431\/468","content-type":"unspecified","content-version":"vor","intended-application":"similarity-checking"}],"deposited":{"date-parts":[[2025,11,6]],"date-time":"2025-11-06T16:34:39Z","timestamp":1762446879000},"score":0.0,"resource":{"primary":{"URL":"https:\/\/revistas.esap.edu.co\/index.php\/admindesarro\/article\/view\/431"}},"issued":{"date-parts":[[2018,6,18]]},"references-count":0,"journal-issue":{"issue":"1","published-online":{"date-parts":[[2018,6,18]]}},"URL":"https:\/\/doi.org\/10.22431\/25005227.431","ISSN":["2500-5227","0120-3754"],"issn-type":[{"type":"electronic","value":"2500-5227"},{"type":"print","value":"0120-3754"}],"published":{"date-parts":[[2018,6,18]]}},{"indexed":{"date-parts":[[2025,11,6]],"date-time":"2025-11-06T16:40:45Z","timestamp":1762447245036,"version":"build-2065373602"},"reference-count":14,"publisher":"Escuela Superior de Administracion Publica","issue":"2","license":[{"start":{"date-parts":[[2021,12,1]],"date-time":"2021-12-01T00:00:00Z","timestamp":1638316800000},"content-version":"unspecified","delay-in-days":0,"URL":"https:\/\/creativecommons.org\/licenses\/by-nc-sa\/4.0"}],"content-domain":{"domain":[],"crossmark-restriction":false},"short-container-title":["Adm. Desarro."],"abstract":"<jats:p>Corruption opens gaps in the management of the Administration, calling into question its efficiency and effectiveness; as it is a limiting factor in the public function, it makes it dysfunctional and ineffective when it comes to solving public problems. The purpose of this article is to address corruption in Colombia from the economic and social perspective; its methodology is descriptive, as it sought to refer to the characteristics of corruption in order to understand this phenomenon and its persistence, as well as to determine its possible causes and effects. It was then concluded that corruption has a potential impact on the political agenda, the public administration, society in general and on the deontology of the public servant, from the responsibility he\/she exercises before society in the satisfaction of its needs.<\/jats:p>","DOI":"10.22431\/25005227.vol51n2.10","type":"journal-article","created":{"date-parts":[[2022,8,11]],"date-time":"2022-08-11T12:22:48Z","timestamp":1660220568000},"page":"228-243","source":"Crossref","is-referenced-by-count":0,"title":["Investigaci\u00f3n en gobernabilidad y Pol\u00edticas P\u00fablicas: Administraci\u00f3n P\u00fablica Territorial","Research in governance and public policies: territorial public administration"],"prefix":"10.22431","volume":"51","author":[{"ORCID":"https:\/\/orcid.org\/0000-0001-9528-2853","authenticated-orcid":false,"given":"Diego Alejandro","family":"Correa Correa","sequence":"first","affiliation":[],"role":[{"role":"author","vocabulary":"crossref"}]},{"ORCID":"https:\/\/orcid.org\/0000-0003-3286-8704","authenticated-orcid":false,"given":"Luis Fernando","family":"Garc\u00e9s Giraldo","sequence":"additional","affiliation":[],"role":[{"role":"author","vocabulary":"crossref"}]},{"ORCID":"https:\/\/orcid.org\/0000-0001-6055-9445","authenticated-orcid":false,"given":"Carlos Augusto","family":"Arboleda Jaramillo","sequence":"additional","affiliation":[],"role":[{"role":"author","vocabulary":"crossref"}]},{"given":"Gloria Alejandra","family":"Molina Bustos","sequence":"additional","affiliation":[],"role":[{"role":"author","vocabulary":"crossref"}]},{"ORCID":"https:\/\/orcid.org\/0000-0001-6416-8783","authenticated-orcid":false,"given":"Karina In\u00e9s","family":"Lopera Graciano","sequence":"additional","affiliation":[],"role":[{"role":"author","vocabulary":"crossref"}]}],"member":"9723","published-online":{"date-parts":[[2021,12,1]]},"reference":[{"key":"4493","unstructured":"Arias, F. (1999). El proyecto de investigaci\u00f3n. Gu\u00eda para su elaboraci\u00f3n. https:\/\/idoc.pub\/documents\/fidias-arias-tercera-edicion-pon2ywzkm340"},{"key":"4494","doi-asserted-by":"crossref","unstructured":"Arias, J., Covinos, M. & C\u00e1ceres, M. (2020). Formulaci\u00f3n de los objetivos espec\u00edficos desde el alcance correlacional en trabajos de investigaci\u00f3n. Ciencia Latina. Revista cient\u00edfica multidisciplinar, 4(2), 237-247.","DOI":"10.37811\/cl_rcm.v4i2.73"},{"key":"4495","unstructured":"Arispe, C.; Yangali, J.; Guerrero, M.; Lozada, O.; Acu\u00f1a, L. & Arellano, C. (2020). La investigaci\u00f3n cient\u00edfica. Una investigaci\u00f3n para los estudios de posgrado. Universidad Internacional del Ecuador."},{"key":"4496","doi-asserted-by":"crossref","unstructured":"Brower, J. (2016). En torno al sentido de gobernabilidad y gobernanza: delimitaci\u00f3n y alcances. Daimon Revista Internacional de Filosof\u00eda (67), 149\u2013162.","DOI":"10.6018\/202011"},{"key":"4497","doi-asserted-by":"crossref","unstructured":"Cardona, \u00c1.; Nieto, E. & Mej\u00eda, L. (2010). Un enfoque de gobernanza aplicado al an\u00e1lisis de una investigaci\u00f3n sobre trabajadores cesantes en Medell\u00edn, Colombia. Revista de Salud P\u00fablica, 12, 123-137.","DOI":"10.1590\/S0124-00642010000700009"},{"key":"4498","unstructured":"Cobo, B.; Pascual, S.; Saiz, A.; Hedo, M.; Hoyos, J.; Albaladejo, R.; \u00c1lvarez, D.; Carabantes, D.; Feito, L.; Pulido, J.; Villanueva, R. & Regidor, E. (2021). Elementos b\u00e1sicos de metodolog\u00eda de investigaci\u00f3n y apoyo a la creaci\u00f3n de productos cient\u00edficos. Gu\u00eda para desarrollar un trabajo final de grado\/m\u00e1ster. Universidad Complutense Madrid."},{"key":"4499","unstructured":"Coelho, F. (s. f.). Etimolog\u00eda de metodolog\u00eda. Diccionariodudas.com. https:\/\/www.diccionariodedudas.com\/etimologia-de-metodologia\/"},{"key":"4500","doi-asserted-by":"crossref","unstructured":"D\u00edaz-Narv\u00e1ez, V. & Calzadilla-N\u00fa\u00f1ez, A. (2016). Artigos cient\u00edficos, tipos de investiga\u00e7\u00e3o e produtividade cient\u00edfica nas ci\u00eancias da sa\u00fade. Revista Ciencias de la Salud, 14(1), 115-121.","DOI":"10.12804\/revsalud14.01.2016.10"},{"key":"4501","doi-asserted-by":"crossref","unstructured":"Fuentes-Doria, D.; Toscano-Hern\u00e1ndez, A.; Malvaceda- Espinoza, E.; D\u00edaz, J. & D\u00edaz, L. (2020). Metodolog\u00eda de la investigaci\u00f3n: Conceptos, herramientas y ejercicios pr\u00e1cticos en las ciencias administrativas y contables. Editorial Universidad Pontificia Bolivariana.","DOI":"10.18566\/978-958-764-879-9"},{"key":"4502","doi-asserted-by":"crossref","unstructured":"Guiti\u00e9rrez, J. (2014). Perfil de la formaci\u00f3n metodol\u00f3gica en investigaci\u00f3n aplicada y propiamente dicha en la Administraci\u00f3n P\u00fablica. Magistro, 8(15), 111-155. https:\/\/dialnet.unirioja.es\/descarga\/articulo\/5023853.pdf","DOI":"10.15332\/s2011-8643.2014.0015.04"},{"key":"4503","unstructured":"Lerma, H. (2012). Metodolog\u00eda de la investigaci\u00f3n. Propuesta, anteproyecto y proyecto. ECOE Ediciones."},{"key":"4504","unstructured":"Mart\u00edn, J. & Anzules, W. (2017). Investigaci\u00f3n en administraci\u00f3n y su impacto en comunidades acad\u00e9micas internacionales. Encuentro internacional de investigadores de administraci\u00f3n 2017. En Beltr\u00e1n, A., Echevrry, R., Restrepo, C. & Rodr\u00edguez, A. La innovaci\u00f3n como fuente de ventaja competitiva: caso de estudio empresas de Ecuador (p\u00e1gs. 931 - 957)."},{"key":"4505","unstructured":"Quintero, H. (2002). Perspectivas de la investigaci\u00f3n contable. Cuadernos de Administraci\u00f3n (28), 120-136. https:\/\/dialnet.unirioja.es\/descarga\/articulo\/5006386.pdf"},{"key":"4506","unstructured":"Reyes, N. & Boente, A. (2019). Metodolog\u00eda de la investigaci\u00f3n compilaci\u00f3n total. Journal of Chemical Information and Modeling, 53(9), 1689-1699."}],"container-title":["Administraci\u00f3n &amp; Desarrollo"],"link":[{"URL":"https:\/\/revistas.esap.edu.co\/index.php\/admindesarro\/article\/download\/677\/623","content-type":"application\/pdf","content-version":"vor","intended-application":"text-mining"},{"URL":"https:\/\/revistas.esap.edu.co\/index.php\/admindesarro\/article\/download\/677\/615","content-type":"text\/xml","content-version":"vor","intended-application":"text-mining"},{"URL":"https:\/\/revistas.esap.edu.co\/index.php\/admindesarro\/article\/download\/677\/589","content-type":"unspecified","content-version":"vor","intended-application":"similarity-checking"}],"deposited":{"date-parts":[[2025,11,6]],"date-time":"2025-11-06T16:35:33Z","timestamp":1762446933000},"score":0.0,"resource":{"primary":{"URL":"https:\/\/revistas.esap.edu.co\/index.php\/admindesarro\/article\/view\/677"}},"issued":{"date-parts":[[2021,12,1]]},"references-count":14,"journal-issue":{"issue":"2","published-online":{"date-parts":[[2021,12,27]]}},"URL":"https:\/\/doi.org\/10.22431\/25005227.vol51n2.10","ISSN":["2500-5227","0120-3754"],"issn-type":[{"type":"electronic","value":"2500-5227"},{"type":"print","value":"0120-3754"}],"published":{"date-parts":[[2021,12,1]]}},{"indexed":{"date-parts":[[2025,11,6]],"date-time":"2025-11-06T16:37:54Z","timestamp":1762447074340,"version":"build-2065373602"},"reference-count":0,"publisher":"Escuela Superior de Administracion Publica","issue":"52","license":[{"start":{"date-parts":[[2010,12,1]],"date-time":"2010-12-01T00:00:00Z","timestamp":1291161600000},"content-version":"unspecified","delay-in-days":0,"URL":"http:\/\/creativecommons.org\/licenses\/by-nc-nd\/4.0"}],"content-domain":{"domain":[],"crossmark-restriction":false},"short-container-title":["Adm. Desarro."],"abstract":"<jats:p>This paper analyses the organic \"national historical block\" crisis during the 1930s related to the Conservative party\u00b4s fall from controlling the Colombian state framework and the formation of a new \"regional historical block\" accomplished during the \"revolution set in motion\" characterising L\u00f3pez Pumarejo\u00b4s first administration. This article first examines the superstructure\u00b4s two elements (civil society or cultural direction and political society or the state apparatus) and their reciprocal relationships. It then examines the organic relationship between superstructure and foundation, exemplified by the actions of intellectuals at the time such as Jorge Eli\u00e9cer Gait\u00e1n. Rural dweller and social disruption is shown which was similar to that of the Italian Mezzogiorno. Colombia\u00b4s transformation and entering the global capitalist system did not take shape as a large \"agricultural-industrial\" block because the rural dwellers (who were helpless as a mass to provide centralised expression for their aspirations) prevented the middle stratum of intellectuals from receiving sufficient momentum for ideological activity from the very rural dweller class they were trying to promote. Likewise, only the large landowners and recognised intellectuals centralised this complex of manifestations.<\/jats:p>","DOI":"10.22431\/25005227.158","type":"journal-article","created":{"date-parts":[[2017,7,5]],"date-time":"2017-07-05T12:06:06Z","timestamp":1499256366000},"page":"105-112","source":"Crossref","is-referenced-by-count":0,"title":["\u00bfMezzogiorno a la colombiana? Una reflexi\u00f3n gramsciana sobre el Bloque Hist\u00f3rico Nacional, durante la primera administraci\u00f3n de Alfonso L\u00f3pez Pumarejo","The Colombian Mezzogiorno, A Gramscian reflection on the national historic block constituted by Alfono Lopez Pumajero\u00b4s first administration"],"prefix":"10.22431","volume":"38","author":[{"given":"Julian Andres","family":"Flores Saldarriaga","sequence":"first","affiliation":[],"role":[{"role":"author","vocabulary":"crossref"}]}],"member":"9723","published-online":{"date-parts":[[2010,12,1]]},"container-title":["Administraci\u00f3n &amp; Desarrollo"],"link":[{"URL":"https:\/\/revistas.esap.edu.co\/index.php\/admindesarro\/article\/download\/158\/pdf","content-type":"application\/pdf","content-version":"vor","intended-application":"text-mining"},{"URL":"https:\/\/revistas.esap.edu.co\/index.php\/admindesarro\/article\/download\/158\/pdf","content-type":"unspecified","content-version":"vor","intended-application":"similarity-checking"}],"deposited":{"date-parts":[[2025,11,6]],"date-time":"2025-11-06T16:34:14Z","timestamp":1762446854000},"score":0.0,"resource":{"primary":{"URL":"https:\/\/revistas.esap.edu.co\/index.php\/admindesarro\/article\/view\/158"}},"issued":{"date-parts":[[2010,12,1]]},"references-count":0,"journal-issue":{"issue":"52","published-online":{"date-parts":[[2010,12,1]]}},"URL":"https:\/\/doi.org\/10.22431\/25005227.158","ISSN":["2500-5227","0120-3754"],"issn-type":[{"type":"electronic","value":"2500-5227"},{"type":"print","value":"0120-3754"}],"published":{"date-parts":[[2010,12,1]]}},{"indexed":{"date-parts":[[2025,11,6]],"date-time":"2025-11-06T16:44:35Z","timestamp":1762447475408,"version":"build-2065373602"},"reference-count":0,"publisher":"Escuela Superior de Administracion Publica","issue":"51","license":[{"start":{"date-parts":[[2009,6,29]],"date-time":"2009-06-29T00:00:00Z","timestamp":1246233600000},"content-version":"unspecified","delay-in-days":0,"URL":"http:\/\/creativecommons.org\/licenses\/by-nc-nd\/4.0"}],"content-domain":{"domain":[],"crossmark-restriction":false},"short-container-title":["Adm. Desarro."],"abstract":"<jats:p>Uno de los problemas de investigaci\u00f3n central de las policy sciences lo constituye el an\u00e1lisis del proceso de las pol\u00edticas p\u00fablicas, en cuanto a comprender por qu\u00e9, cu\u00e1ndo y c\u00f3mo, estas cambian o permanecen estables. Por medio de diversas perspectivas de an\u00e1lisis, este art\u00edculo busca mostrar los factores que propician o no, cambios en el proceso decisional y de implementaci\u00f3n de las pol\u00edticas p\u00fablicas.<\/jats:p>","DOI":"10.22431\/25005227.356","type":"journal-article","created":{"date-parts":[[2017,7,5]],"date-time":"2017-07-05T12:06:06Z","timestamp":1499256366000},"page":"153-160","source":"Crossref","is-referenced-by-count":0,"title":["Factores de cambio y estabilidad en las pol\u00edticas p\u00fablicas"],"prefix":"10.22431","volume":"37","author":[{"given":"Esther","family":"Parra Ram\u00edrez","sequence":"first","affiliation":[],"role":[{"role":"author","vocabulary":"crossref"}]}],"member":"9723","published-online":{"date-parts":[[2009,6,29]]},"container-title":["Administraci\u00f3n &amp; Desarrollo"],"link":[{"URL":"https:\/\/revistas.esap.edu.co\/index.php\/admindesarro\/article\/download\/356\/pdf","content-type":"application\/pdf","content-version":"vor","intended-application":"text-mining"},{"URL":"https:\/\/revistas.esap.edu.co\/index.php\/admindesarro\/article\/download\/356\/pdf","content-type":"unspecified","content-version":"vor","intended-application":"similarity-checking"}],"deposited":{"date-parts":[[2025,11,6]],"date-time":"2025-11-06T16:40:00Z","timestamp":1762447200000},"score":0.0,"resource":{"primary":{"URL":"https:\/\/revistas.esap.edu.co\/index.php\/admindesarro\/article\/view\/356"}},"issued":{"date-parts":[[2009,6,29]]},"references-count":0,"journal-issue":{"issue":"51","published-online":{"date-parts":[[2009,6,29]]}},"URL":"https:\/\/doi.org\/10.22431\/25005227.356","ISSN":["2500-5227","0120-3754"],"issn-type":[{"type":"electronic","value":"2500-5227"},{"type":"print","value":"0120-3754"}],"published":{"date-parts":[[2009,6,29]]}},{"indexed":{"date-parts":[[2025,12,31]],"date-time":"2025-12-31T20:29:57Z","timestamp":1767212997893,"version":"3.48.0"},"reference-count":0,"publisher":"Escuela Superior de Administracion Publica","license":[{"start":{"date-parts":[[2015,12,13]],"date-time":"2015-12-13T00:00:00Z","timestamp":1449964800000},"content-version":"unspecified","delay-in-days":0,"URL":"http:\/\/creativecommons.org\/licenses\/by-nc-nd\/4.0"}],"content-domain":{"domain":[],"crossmark-restriction":false},"short-container-title":["Nova vetera"],"abstract":"<jats:p>Hist\u00f3ricamente la violencia socio pol\u00edtica influy\u00f3 en la manera como se configur\u00f3 el conflicto armado colombiano, que a pesar de ser reconocido formalmente en el a\u00f1o 2010, es considerado como uno de los m\u00e1s largos del mundo, consecuentemente ha dejado millones de v\u00edctimas de diferentes hechos protagonizados por actores armados, grupos guerrilleros, paramilitares e incluso agentes del Estado.Actualmente y como resultado del proceso de paz se avecinan momentos de transici\u00f3n que suponen el paso del conflicto al posconflicto; sin embargo existen antecedentes que amenazan la confianza en la soluci\u00f3n negociada, entre ellos, procesos fallidos como el acuerdo de paz firmado con el M-19, las negociaciones del Cagu\u00e1n y m\u00e1s recientemente las adelantadas en Ralito. Consecuentemente existe un inter\u00e9s por no repetir los errores del pasado, para ello es necesaria la voluntad pol\u00edtica orientada a la construcci\u00f3n de paz bajo el principio de corresponsabilidad de todos los coasociados.<\/jats:p>","DOI":"10.22431\/25005103.33","type":"journal-article","created":{"date-parts":[[2017,7,5]],"date-time":"2017-07-05T15:34:05Z","timestamp":1499268845000},"page":"49-64","source":"Crossref","is-referenced-by-count":2,"title":["Del conflicto al posconflicto: temores, retos y reflexiones de la soluci\u00f3n negociada"],"prefix":"10.22431","volume":"24","author":[{"given":"Mar\u00eda Fernanda","family":"Molano Giraldo","sequence":"first","affiliation":[],"role":[{"role":"author","vocabulary":"crossref"}]}],"member":"9723","published-online":{"date-parts":[[2015,12,13]]},"container-title":["Nova et Vetera"],"link":[{"URL":"https:\/\/revistas.esap.edu.co\/index.php\/novaetvetera\/article\/download\/33\/pdf","content-type":"application\/pdf","content-version":"vor","intended-application":"text-mining"},{"URL":"https:\/\/revistas.esap.edu.co\/index.php\/novaetvetera\/article\/download\/33\/pdf","content-type":"unspecified","content-version":"vor","intended-application":"similarity-checking"}],"deposited":{"date-parts":[[2025,12,31]],"date-time":"2025-12-31T20:27:56Z","timestamp":1767212876000},"score":0.0,"resource":{"primary":{"URL":"https:\/\/revistas.esap.edu.co\/index.php\/novaetvetera\/article\/view\/33"}},"issued":{"date-parts":[[2015,12,13]]},"references-count":0,"URL":"https:\/\/doi.org\/10.22431\/25005103.33","ISSN":["2500-5103","0123-2614"],"issn-type":[{"type":"electronic","value":"2500-5103"},{"type":"print","value":"0123-2614"}],"published":{"date-parts":[[2015,12,13]]}},{"indexed":{"date-parts":[[2025,11,6]],"date-time":"2025-11-06T16:40:24Z","timestamp":1762447224785,"version":"build-2065373602"},"reference-count":0,"publisher":"Escuela Superior de Administracion Publica","issue":"2","license":[{"start":{"date-parts":[[2017,12,11]],"date-time":"2017-12-11T00:00:00Z","timestamp":1512950400000},"content-version":"unspecified","delay-in-days":0,"URL":"http:\/\/creativecommons.org\/licenses\/by-nc-nd\/4.0"}],"content-domain":{"domain":[],"crossmark-restriction":false},"short-container-title":["Adm. Desarro."],"abstract":"<jats:p>Administraci\u00f3n y desarrollo en los retos del posconflicto colombiano.\u00a0La dupla administraci\u00f3n y desarrollo le sugiere al lector la oportunidad de pensar en una relaci\u00f3n interdependiente entre la acci\u00f3n de la administraci\u00f3n y sus efectos en el desarrollo de una sociedad. Presenciamos un periodo privilegiado en la historia de Colombia, en el que esta relaci\u00f3n conceptual enfrenta retos determinantes relacionados con la implementaci\u00f3n de los acuerdos de paz conseguidos con la guerrilla m\u00e1s antigua de Am\u00e9rica Latina, as\u00ed como con la construcci\u00f3n de la paz, entendida como un proceso de reconciliaci\u00f3n y de avance en las oportunidades de desarrollo y bienestar para todos.<\/jats:p>","DOI":"10.22431\/25005227.388","type":"journal-article","created":{"date-parts":[[2017,12,12]],"date-time":"2017-12-12T15:13:01Z","timestamp":1513091581000},"page":"6-9","source":"Crossref","is-referenced-by-count":0,"title":["Editorial"],"prefix":"10.22431","volume":"47","author":[{"given":"Claudia Marisol","family":"Moreno Ojeda","sequence":"first","affiliation":[],"role":[{"role":"author","vocabulary":"crossref"}]}],"member":"9723","published-online":{"date-parts":[[2017,12,11]]},"container-title":["Administraci\u00f3n &amp; Desarrollo"],"link":[{"URL":"https:\/\/revistas.esap.edu.co\/index.php\/admindesarro\/article\/download\/388\/pdf","content-type":"application\/pdf","content-version":"vor","intended-application":"text-mining"},{"URL":"https:\/\/revistas.esap.edu.co\/index.php\/admindesarro\/article\/download\/388\/pdf","content-type":"unspecified","content-version":"vor","intended-application":"similarity-checking"}],"deposited":{"date-parts":[[2025,11,6]],"date-time":"2025-11-06T16:34:27Z","timestamp":1762446867000},"score":0.0,"resource":{"primary":{"URL":"https:\/\/revistas.esap.edu.co\/index.php\/admindesarro\/article\/view\/388"}},"issued":{"date-parts":[[2017,12,11]]},"references-count":0,"journal-issue":{"issue":"2","published-online":{"date-parts":[[2017,12,11]]}},"URL":"https:\/\/doi.org\/10.22431\/25005227.388","ISSN":["2500-5227","0120-3754"],"issn-type":[{"type":"electronic","value":"2500-5227"},{"type":"print","value":"0120-3754"}],"published":{"date-parts":[[2017,12,11]]}},{"indexed":{"date-parts":[[2025,12,31]],"date-time":"2025-12-31T19:50:01Z","timestamp":1767210601472,"version":"3.48.0"},"reference-count":25,"publisher":"Escuela Superior de Administracion Publica","issue":"1","license":[{"start":{"date-parts":[[2025,6,20]],"date-time":"2025-06-20T00:00:00Z","timestamp":1750377600000},"content-version":"unspecified","delay-in-days":0,"URL":"https:\/\/creativecommons.org\/licenses\/by-nc-sa\/4.0"}],"content-domain":{"domain":[],"crossmark-restriction":false},"short-container-title":["Adm. Desarro."],"abstract":"<jats:p>One of the most recognised democratic innovations of recent decades and with the greatest expansion throughout the world, the participatory budget, has a very strong relationship with the Sustainable Development Goals of the 2030 Agenda. In this article we will try to explain the relationship between the two, Participatory Budget and Sustainable Development Goals, and the possibilities offered by the Participatory Budget to facilitate the fulfillment of the 2030 Agenda. To do so, it is therefore necessary to find a way to take advantage of these intersections so that the Participatory Budget is an intelligent connector of goals and objectives in the urban context. In order to learn more about these links and their possibilities, we have carried out a bibliographic and documentary research. Although it is a subject that is still little studied and analysed, we can affirm that there is a strong link between the PP and the SDGs, both from the principles that drive them and from the proposals that citizens make in the process. There are four objectives that are most frequently referenced, namely number 5 on gender equality, number 10 on reducing inequalities, number 11 on sustainable cities and communities, and number 16 on peace, justice and strong institutions.<\/jats:p>","DOI":"10.22431\/25005227.1213","type":"journal-article","created":{"date-parts":[[2025,7,9]],"date-time":"2025-07-09T13:47:04Z","timestamp":1752068824000},"page":"e1213","source":"Crossref","is-referenced-by-count":0,"title":["Relaci\u00f3n entre los Objetivos de Desarrollo Sostenible y el Presupuesto Participativo: un c\u00edrculo virtuoso","Relationship between Sustainable Development Goals and Participatory Budgeting: a virtuous circle","A rela\u00e7\u00e3o entre os Objetivos de Desenvolvimento Sustent\u00e1vel e o Or\u00e7amento Participativo: um c\u00edrculo virtuoso"],"prefix":"10.22431","volume":"55","author":[{"ORCID":"https:\/\/orcid.org\/0000-0001-6101-8560","authenticated-orcid":false,"given":"Carmen","family":"Pineda Nebot","sequence":"first","affiliation":[],"role":[{"role":"author","vocabulary":"crossref"}]},{"ORCID":"https:\/\/orcid.org\/0000-0002-1807-2251","authenticated-orcid":false,"given":"Cristina Elizabeth","family":"Bloj Schapira","sequence":"additional","affiliation":[],"role":[{"role":"author","vocabulary":"crossref"}]}],"member":"9723","published-online":{"date-parts":[[2025,6,20]]},"reference":[{"key":"22190","doi-asserted-by":"publisher","DOI":"10.4337\/9781786432735.00024"},{"key":"22191","doi-asserted-by":"publisher","DOI":"10.1515\/9781503600775"},{"key":"22192","unstructured":"Banco Mundial. (2008). Para um Or\u00e7amento Participativo Mais Inclusivo e Efetivo em Porto Alegre. Washington. Informe n\u00ba. 40144-BR https:\/\/documentos.bancomundial.org\/es\/publication\/documents-reports\/documentdetail\/778301468019774995\/main-report"},{"key":"22193","doi-asserted-by":"publisher","DOI":"10.1111\/j.1540-6210.2005.00482.x"},{"key":"22194","unstructured":"Bloj, C. (2013). Participaci\u00f3n Pol\u00edtica de Mujeres Ind\u00edgenas y Afrodescendientes: Las experiencias de Bolivia, Colombia, Ecuador, Guatemala, Nicaragua y Panam\u00e1. ONU Mujeres- Rep\u00fablica Dominicana. http:\/\/issuu.com\/onumujeresecuador\/docs\/libro_participacion_politica-web"},{"key":"22195","unstructured":"Bloj, C. (2013). Os OP na Argentina: Balan\u00e7o de um processo em expans\u00e3o. En Esperan\u00e7a Democr\u00e1tica. 25 a\u00f1os de or\u00e7amentos participativos no mundo (133-150). Associa\u00e7ao In Loco. Portugal. http:\/\/www.in-loco.pt\/upload_folder\/edicoes\/1279dd27-d1b1-40c9-ac77-c75f31f82ba2.pdf"},{"key":"22196","unstructured":"Bloj, C. (2011). Presupuesto participativo y pol\u00edticas sociales: interrogantes en torno a las familias. En Las familias latinoamericanas interrogadas. Hacia la articulaci\u00f3n del diagn\u00f3stico, la legislaci\u00f3n y las pol\u00edticas. Serie Seminarios y Conferencias N\u00ba 61, CEPAL\/UNFPA. Santiago de Chile."},{"key":"22197","doi-asserted-by":"publisher","DOI":"10.5130\/cjlg.v0i21.6707"},{"key":"22198","unstructured":"Corrochano, D. H. y Ganuza, E. (2011). La participaci\u00f3n local hoy. En Democracia local en Andaluc\u00eda. Experiencias participativas en los municipios andaluces (pp. 21\u201332). Sevilla: Fundaci\u00f3n P\u00fablica Andaluza Centro de Estudios Andaluces, Consejer\u00eda de la Presidencia, Junta de Andaluc\u00eda."},{"key":"22199","unstructured":"Dias, N., Enr\u00edquez, S. y J\u00falio, S. (2019). Participatory Budgeting World Atlas. Epopeia and Oficina, Portugal. https:\/\/oficina-atlas.onesource.pt\/en\/pb-world-atlas-2019"},{"key":"22200","unstructured":"Dias, N., Enr\u00edquez, S., Cardita, R., J\u00falio, S. y Serrano, T. (2021). Participatory Budgeting World Atlas 2020 \u2013 2021. Epopeia and Oficina, Portugal. http:\/\/id.bnportugal.gov.pt\/bib\/bibnacional\/2095299"},{"key":"22201","unstructured":"Enriquez, S. J. (2022). El presupuesto participativo como herramienta de innovaci\u00f3n pol\u00edtica en la gesti\u00f3n administrativa a escala local: la experiencia de Hernani Erabaki. Tesis Doctoral. Universidad del Pa\u00eds Vasco. San Sebasti\u00e1n."},{"key":"22202","doi-asserted-by":"publisher","DOI":"10.1111\/puar.12361"},{"key":"22203","unstructured":"Gam\u00f3n, A. (2021). Presupuestos municipales: presupuestos participativos, datos abiertos y Agenda 2030. Trabajo Grado en Gesti\u00f3n y Administraci\u00f3n P\u00fablica. Universidad Polit\u00e9cnica de Valencia."},{"key":"22204","doi-asserted-by":"publisher","DOI":"10.1002\/sd.1582"},{"key":"22205","unstructured":"Mayor, J. M. (2018). La conciencia fiscal y sus factores explicativos. Un estudio emp\u00edrico sobre la influencia de la participaci\u00f3n ciudadana. Tesis Doctoral. Universidad de Murcia."},{"key":"22206","unstructured":"ONU-HABITAT. (2020). Explorando la Funci\u00f3n del Presupuesto Participativo en la Aceleraci\u00f3n de los Objetivos del Desarrollo Sostenible (ODS): Un Enfoque Multidimensional en General Escobedo, M\u00e9xico. https:\/\/unhabitat.org\/sites\/default\/files\/2020\/08\/exploring_the_role_of_participatory_budgeting_and_sdgs_spanish.pdf"},{"key":"22207","unstructured":"ONU-Argentina. (2020). La participaci\u00f3n ciudadana para el Marco Estrat\u00e9gico de Cooperaci\u00f3n de las Naciones Unidas para el Desarrollo Sostenible de Argentina 2021-2025. https:\/\/argentina.un.org\/es\/109414-la-participaci%C3%B3n-ciudadana-para-el-marco-estrat%C3%A9gico-de-cooperaci%C3%B3n-de-las-naciones-unidas"},{"key":"22208","unstructured":"Par\u00e9s, M. (2011). Fortalezas y debilidades de las experiencias del presupuesto participativo en Barcelona (Espa\u00f1a). En Presupuesto Participativo. Herramienta para la Democracia (pp. 85\u201394). Jalisco, M\u00e9xico."},{"key":"22209","unstructured":"Pineda, C. (2023). Los presupuestos participativos: uso y abuso. En Democracia. Desenvolvimento, Pr\u00e1ticas Participativas e Percep\u00e7\u00e3o social (pp. 205-234). Belem: Universidad de la Amazonia (UNAMA)."},{"key":"22210","doi-asserted-by":"publisher","DOI":"10.24965\/gapp.vi28-29.364"},{"key":"22211","doi-asserted-by":"publisher","DOI":"10.22431\/25005227.vol51n1.6"},{"key":"22212","unstructured":"Pires, V. y Pineda, C. (2008. Presupuesto Participativo: una tipolog\u00eda para superar los l\u00edmites de las definiciones demasiado amplias o restrictivas. Revista de Estudios de la Administraci\u00f3n Local y Auton\u00f3mica (REALA) 308, 206-244."},{"key":"22213","doi-asserted-by":"publisher","DOI":"10.34135\/sjps.210202"},{"key":"22214","doi-asserted-by":"publisher","DOI":"10.1007\/978-3-030-90058-8"}],"container-title":["Administraci\u00f3n &amp; Desarrollo"],"link":[{"URL":"https:\/\/revistas.esap.edu.co\/index.php\/admindesarro\/article\/download\/Objetivos_Desarrollo_Sostenible_Presupuesto_Participativo\/799","content-type":"application\/pdf","content-version":"vor","intended-application":"text-mining"},{"URL":"https:\/\/revistas.esap.edu.co\/index.php\/admindesarro\/article\/download\/Objetivos_Desarrollo_Sostenible_Presupuesto_Participativo\/821","content-type":"text\/xml","content-version":"vor","intended-application":"text-mining"},{"URL":"https:\/\/revistas.esap.edu.co\/index.php\/admindesarro\/article\/download\/Objetivos_Desarrollo_Sostenible_Presupuesto_Participativo\/799","content-type":"unspecified","content-version":"vor","intended-application":"similarity-checking"}],"deposited":{"date-parts":[[2025,12,31]],"date-time":"2025-12-31T19:47:49Z","timestamp":1767210469000},"score":0.0,"resource":{"primary":{"URL":"https:\/\/revistas.esap.edu.co\/index.php\/admindesarro\/article\/view\/Objetivos_Desarrollo_Sostenible_Presupuesto_Participativo"}},"issued":{"date-parts":[[2025,6,20]]},"references-count":25,"journal-issue":{"issue":"1","published-online":{"date-parts":[[2025,2,3]]}},"URL":"https:\/\/doi.org\/10.22431\/25005227.1213","ISSN":["2500-5227","0120-3754"],"issn-type":[{"type":"electronic","value":"2500-5227"},{"type":"print","value":"0120-3754"}],"published":{"date-parts":[[2025,6,20]]}},{"indexed":{"date-parts":[[2026,3,16]],"date-time":"2026-03-16T06:39:09Z","timestamp":1773643149482,"version":"3.50.1"},"reference-count":0,"publisher":"Escuela Superior de Administracion Publica","license":[{"start":{"date-parts":[[2015,12,13]],"date-time":"2015-12-13T00:00:00Z","timestamp":1449964800000},"content-version":"unspecified","delay-in-days":0,"URL":"http:\/\/creativecommons.org\/licenses\/by-nc-nd\/4.0"}],"content-domain":{"domain":[],"crossmark-restriction":false},"short-container-title":["Nova vetera"],"abstract":"<jats:p>El presente trabajo \u00a0\u00a0analiza la construcci\u00f3n del sujeto esclavizado afro descendiente como producto de la modernidad colonial \u00a0y su proceso de deconstrucci\u00f3n; \u00a0a la vez se analiza su construcci\u00f3n como sujeto hist\u00f3rico. Se plantea la necesidad de \u00a0\u00a0resignificaci\u00f3n conceptual para entenderlo. La misma debe hacerse, \u00a0no desde nuevas teor\u00edas, sino desde \u00a0\u00a0\u00a0nuevas formas de pensamiento, entendido este como una manera de situarse frente a. Adoptando \u00a0nuevas posturas epistemol\u00f3gicas abiertas. El trabajo \u00a0asume la \u00a0perspectiva del sujeto hist\u00f3rico. Desde ah\u00ed se analiza como los afro descendientes de Esmeraldas, \u00a0en los siglos XVI y XIX \u00a0mediante la construcci\u00f3n de la Rep\u00fablica de Zambos, la liberaci\u00f3n de los esclavos mineros en el norte de \u00a0la misma provincia, dieron muestras de construcci\u00f3n de un sujeto hist\u00f3rico. \u00a0Se concluye se\u00f1alando la importancia \u00a0de articular las visiones estructurales \u00a0de la esclavitud, con la agencia de los sujetos esclavizados, \u00a0para superar la victimizaci\u00f3n de \u00a0esto<\/jats:p>","DOI":"10.22431\/25005103.32","type":"journal-article","created":{"date-parts":[[2017,7,5]],"date-time":"2017-07-05T15:34:05Z","timestamp":1499268845000},"page":"5-17","source":"Crossref","is-referenced-by-count":5,"title":["La construcci\u00f3n del sujeto hist\u00f3rico afro descendinte en Esmeraldas, Ecuador, siglos XVI -XIX"],"prefix":"10.22431","volume":"24","author":[{"given":"Pablo","family":"Minda B","sequence":"first","affiliation":[],"role":[{"role":"author","vocabulary":"crossref"}]}],"member":"9723","published-online":{"date-parts":[[2015,12,13]]},"container-title":["Nova et Vetera"],"link":[{"URL":"https:\/\/revistas.esap.edu.co\/index.php\/novaetvetera\/article\/download\/32\/pdf","content-type":"application\/pdf","content-version":"vor","intended-application":"text-mining"},{"URL":"https:\/\/revistas.esap.edu.co\/index.php\/novaetvetera\/article\/download\/32\/pdf","content-type":"unspecified","content-version":"vor","intended-application":"similarity-checking"}],"deposited":{"date-parts":[[2025,11,6]],"date-time":"2025-11-06T16:45:38Z","timestamp":1762447538000},"score":0.0,"resource":{"primary":{"URL":"https:\/\/revistas.esap.edu.co\/index.php\/novaetvetera\/article\/view\/32"}},"issued":{"date-parts":[[2015,12,13]]},"references-count":0,"URL":"https:\/\/doi.org\/10.22431\/25005103.32","ISSN":["2500-5103","0123-2614"],"issn-type":[{"value":"2500-5103","type":"electronic"},{"value":"0123-2614","type":"print"}],"published":{"date-parts":[[2015,12,13]]}},{"indexed":{"date-parts":[[2025,11,6]],"date-time":"2025-11-06T16:37:50Z","timestamp":1762447070319,"version":"build-2065373602"},"reference-count":0,"publisher":"Escuela Superior de Administracion Publica","issue":"53","license":[{"start":{"date-parts":[[2011,6,1]],"date-time":"2011-06-01T00:00:00Z","timestamp":1306886400000},"content-version":"unspecified","delay-in-days":0,"URL":"http:\/\/creativecommons.org\/licenses\/by-nc-nd\/4.0"}],"content-domain":{"domain":[],"crossmark-restriction":false},"short-container-title":["Adm. Desarro."],"abstract":"<jats:p>This article analyses the merging of the Ministry of the Interior with the Ministry of Law and Justice which began in 2002 (as part of the Public Administration Renovation Programme - PRAP) and continued up to 2010, involving open discussion about the need for splitting them up. The article indicates the conditions affecting the country and the legal sector at the time, as well as those affecting each ministry during these years. It deals particularly with such merger and the results seen in terms of how the merged ministry should address itself to resolving problems. Experience has shown that this was effectively a case of failed reform in which fiscal arguments predominated from the start, technical analysis having been left aside but which would have shown that such merger was \"artificial\" and was condemned (sooner or later) to become questioned. The new ministry did not gel; it could rather be said that there were two ministries having the same name. There was no consolidation or institutionalisation within the public setting, especially regarding a topic as sensitive as justice, and thus the need for reform leading to re-creating the Ministry of Justice began to be expressed before the end of the president Uribe\u00b4s second term in office.<\/jats:p>","DOI":"10.22431\/25005227.145","type":"journal-article","created":{"date-parts":[[2017,7,5]],"date-time":"2017-07-05T12:06:06Z","timestamp":1499256366000},"page":"35-56","source":"Crossref","is-referenced-by-count":0,"title":["Del Ministerio de Justicia y del Derecho al Ministerio del Interior y de Justicia. Un caso fallido de reforma institucional","rom the Ministry of Law and Justice to the Ministry of Justice and the Interior: a case of failed institutional reform."],"prefix":"10.22431","volume":"39","author":[{"given":"Jairo Enrique","family":"Rodr\u00edguez Hern\u00e1ndez","sequence":"first","affiliation":[],"role":[{"role":"author","vocabulary":"crossref"}]},{"given":"James","family":"Rey","sequence":"additional","affiliation":[],"role":[{"role":"author","vocabulary":"crossref"}]},{"given":"Daniel","family":"Fonseca","sequence":"additional","affiliation":[],"role":[{"role":"author","vocabulary":"crossref"}]}],"member":"9723","published-online":{"date-parts":[[2011,6,1]]},"container-title":["Administraci\u00f3n &amp; Desarrollo"],"link":[{"URL":"https:\/\/revistas.esap.edu.co\/index.php\/admindesarro\/article\/download\/145\/pdf","content-type":"application\/pdf","content-version":"vor","intended-application":"text-mining"},{"URL":"https:\/\/revistas.esap.edu.co\/index.php\/admindesarro\/article\/download\/145\/pdf","content-type":"unspecified","content-version":"vor","intended-application":"similarity-checking"}],"deposited":{"date-parts":[[2025,11,6]],"date-time":"2025-11-06T16:34:06Z","timestamp":1762446846000},"score":0.0,"resource":{"primary":{"URL":"https:\/\/revistas.esap.edu.co\/index.php\/admindesarro\/article\/view\/145"}},"issued":{"date-parts":[[2011,6,1]]},"references-count":0,"journal-issue":{"issue":"53","published-online":{"date-parts":[[2011,6,1]]}},"URL":"https:\/\/doi.org\/10.22431\/25005227.145","ISSN":["2500-5227","0120-3754"],"issn-type":[{"type":"electronic","value":"2500-5227"},{"type":"print","value":"0120-3754"}],"published":{"date-parts":[[2011,6,1]]}},{"indexed":{"date-parts":[[2022,4,2]],"date-time":"2022-04-02T07:08:21Z","timestamp":1648883301307},"edition-number":"2","reference-count":0,"publisher":"Escuela Superior de Administraci\u00f3n P\u00fablica","isbn-type":[{"value":"9789586524254","type":"print"}],"content-domain":{"domain":[],"crossmark-restriction":false},"DOI":"10.22431\/9789586524254","type":"book","created":{"date-parts":[[2018,4,25]],"date-time":"2018-04-25T21:50:49Z","timestamp":1524693049000},"source":"Crossref","is-referenced-by-count":0,"title":["\u00c9tica de la responsabilidad ciudadana: un camino para la paz"],"prefix":"10.22431","author":[{"given":"\u00c1ngel Emilio","family":"Mu\u00f1oz Cardona","sequence":"first","affiliation":[],"role":[{"role":"author","vocabulary":"crossref"}]}],"member":"9723","published-online":{"date-parts":[[2018,4,6]]},"deposited":{"date-parts":[[2018,4,25]],"date-time":"2018-04-25T21:50:50Z","timestamp":1524693050000},"score":0.0,"resource":{"primary":{"URL":"http:\/\/www.esap.edu.co\/portal\/\/wp-content\/uploads\/2018\/04\/6.-Etica-de-la-responsabilidad_digital.pdf"}},"issued":{"date-parts":[[2018,4,6]]},"ISBN":["9789586524254"],"references-count":0,"URL":"https:\/\/doi.org\/10.22431\/9789586524254","published":{"date-parts":[[2018,4,6]]}},{"indexed":{"date-parts":[[2025,12,31]],"date-time":"2025-12-31T20:10:54Z","timestamp":1767211854779,"version":"3.48.0"},"reference-count":74,"publisher":"Escuela Superior de Administracion Publica","issue":"1","license":[{"start":{"date-parts":[[2022,6,30]],"date-time":"2022-06-30T00:00:00Z","timestamp":1656547200000},"content-version":"unspecified","delay-in-days":0,"URL":"https:\/\/creativecommons.org\/licenses\/by-nc-sa\/4.0"}],"content-domain":{"domain":[],"crossmark-restriction":false},"short-container-title":["Adm. Desarro."],"abstract":"<jats:p>This article tries to establish the factors that financial managers or directors of companies must know to carry out the processes of sources of financing of organizations. It is developed under three aspects: the first outlines the relationship of financing with the three large accounts generated in the statement of financial position. The second aspect presents the flow of coordination between what is financed (cost) and where the company should invest (profitability). Finally, the investment and financing operation decisions are related. The result is that the director knows the factors that affect decision-making when choosing funding sources. The aim is to answer the research question of what are the sources of funding that the CEF has in the organization? This process is part of the type of qualitative research, with the methodology of documentary review of the different academic works proposed to date. the moment. To consolidate this document, it is intended to develop three major objectives; The first refers to identifying the different sources of financing within the organization, the second objective is to know the sources outside the organization and the third objective is to establish the uses by making decisions on the sources of financing. The main result derived from this work is that the people who are dedicated to the administration of the financial resource know the main internal and external factors and seek the best investment decision in order to maximize the profitability of the organization.<\/jats:p>","DOI":"10.22431\/25005227.vol52n1.3","type":"journal-article","created":{"date-parts":[[2022,12,8]],"date-time":"2022-12-08T07:30:35Z","timestamp":1670484635000},"page":"35-54","source":"Crossref","is-referenced-by-count":1,"title":["Fuentes de financiaci\u00f3n: factores de an\u00e1lisis en la toma de decisiones","Sources of financing: factors of analysis in the decision-making"],"prefix":"10.22431","volume":"52","author":[{"ORCID":"https:\/\/orcid.org\/0000-0003-1593-6226","authenticated-orcid":false,"given":"Fernando Adolfo","family":"Fierro Celis","sequence":"first","affiliation":[],"role":[{"role":"author","vocabulary":"crossref"}]}],"member":"9723","published-online":{"date-parts":[[2022,6,30]]},"reference":[{"key":"5740","unstructured":"Adam, J. (1995). Risk. Psychology press."},{"key":"5741","doi-asserted-by":"crossref","unstructured":"Aguirre-R\u00edos, A., Sep\u00falveda-Aguirre, J., Quirama-Estrada, U. y Garc\u00e9s-Giraldo, L. F. (2021). Desarrollo te\u00f3rico y evidencia emp\u00edrica de la pol\u00edtica de dividendos: una revisi\u00f3n de literatura en Iberoam\u00e9rica. Revista CEA, 7(13).","DOI":"10.22430\/24223182.1595"},{"key":"5742","unstructured":"Anaya, H. y Ni\u00f1o, D. (2018). Flujo de caja y proyecciones financieras con an\u00e1lisis de riesgo. Universidad Externado de Colombia."},{"key":"5743","unstructured":"Attala, A. (2012). Decisiones de inversi\u00f3n en activos fijos. XXXII Jornadas Nacionales de Administraci\u00f3n Financiera. C\u00f3rdoba, Argentina."},{"key":"5744","doi-asserted-by":"crossref","unstructured":"Barona-Zuluaga, B. y Rivera-Godoy, J. (2012). An\u00e1lisis emp\u00edrico de la financiaci\u00f3n de nuevas empresas en Colombia. Innovar, 22(43), 5-18.","DOI":"10.25100\/cdea.v26i43.426"},{"key":"5745","unstructured":"Barona, B. y G\u00f3mez, A. (2010). La financiaci\u00f3n de nuevas empresas en Colombia. Aspectos conceptuales. La opini\u00f3n de una muestra de empresarios de la ciudad de Cali. Cuadernos de Administraci\u00f3n, (43), 81-97."},{"key":"5746","unstructured":"Benjumea, J. (2022). Factores determinantes de la consolidaci\u00f3n empresarial: un enfoque integrador desde el emprendedor, la empresa y el entorno. Contadur\u00eda y Administraci\u00f3n, 67(2), 5-22."},{"key":"5747","doi-asserted-by":"crossref","unstructured":"Berger, A. and Udell, G. (1998). The economics of small business finance: The roles of private equity and debt markets in the financial growth cycle. Journal of Banking & Finance, 22(6-8), 613-673.","DOI":"10.1016\/S0378-4266(98)00038-7"},{"key":"5748","unstructured":"Bernal, C. (2010). Metodolog\u00eda de la investigaci\u00f3n para Administraci\u00f3n, Econom\u00eda y Ciencias Sociales. Pearson Educaci\u00f3n."},{"key":"5749","unstructured":"Block, S., Hirt, G. y Danielsen, B. (2013). Fundamentos de administracion financiera (14a. ed.). McGraw-Hill Interamericana."},{"key":"5750","unstructured":"Bolado, M., Calvet, A., Navarr\u00e9, C., Espasa, J. y P\u00e9rez, A. (2005). Teoria de la financiacion I. Ediciones Pir\u00e1mide."},{"key":"5751","unstructured":"Brealey, R., Allen, F. y Myers, S. (2006). Principios de finanzas corporativas. McGraw-Hill."},{"key":"5752","unstructured":"Brealey, R., Myers, S., Alan J. and Marcus, P. (2014). Fundamentals of Corporate Finance. McGraw-Hill Education."},{"key":"5753","unstructured":"Brigham, E. y Houston, J. (2005). Fundamentos de administraci\u00f3n financiera. Thomson."},{"key":"5754","doi-asserted-by":"crossref","unstructured":"Briozzo, A., Vigier, H., Castillo, N., Pesce, G. y Speroni, M. (2016). Decisiones de financiamiento en pymes: \u00bfexisten diferencias en funci\u00f3n del tama\u00f1o y la forma legal? Estudios Gerenciales, 32(138), 71-81.","DOI":"10.1016\/j.estger.2015.11.003"},{"key":"5755","doi-asserted-by":"crossref","unstructured":"Brown, J., Fazzari, S. and Petersen, B. (2009). Financing innovation and growth: Cash flow, external equity, and the 1990s R&D boom.The Journal of Finance, 64(1), 151-185.","DOI":"10.1111\/j.1540-6261.2008.01431.x"},{"key":"5756","unstructured":"Brusov, P., Filatova, T., Orehova, N., Brusov, P. and Brusova, N. (2011). From Modigliani\u2013Miller to general theory of capital cost and capital structure of the company. https:\/\/www.academia.edu\/65738306\/From_Modigliani_Miller_To_General_Theory_Of_Capital_Cost_And_Capital_Structure_Of_The_Company"},{"key":"5757","unstructured":"Calvet, A., Espasa, J., Gonzalez, A. y P\u00e9rez, A. (2006). Teor\u00eda de la financiaci\u00f3n II: OPT, estructura de capital y dividendos. Ediciones Pir\u00e1mide."},{"key":"5758","unstructured":"Cardona, R. (2011). Estrategia basada en los recursos y capacidades. Criterios de evaluaci\u00f3n y el proceso de desarrollo. Revista Electronica Forum Doctoral, (4), 113-147."},{"key":"5759","unstructured":"Caves, R. (1980). Industrial Organization, Corporate Strategy and Structure. Journal of Economic Literature, 18(1), 64-92."},{"key":"5760","doi-asserted-by":"crossref","unstructured":"Childs, P., Mauer, D. and Ott, S. (2005). Interactions of corporate financing and investment decisions: The effects of agency conflicts. Journal of Financial Economics, 76(3), 667-690.","DOI":"10.1016\/j.jfineco.2004.06.012"},{"key":"5761","doi-asserted-by":"crossref","unstructured":"Chirico, F., Duane, R., Pittino, D. and Sanchez-Famoso, V. (2022). Radical innovation in (multi)family owned firms. Journal of Business Venturing, 37(3). 106-194.","DOI":"10.1016\/j.jbusvent.2022.106194"},{"key":"5762","unstructured":"Contell, E. (2002). Pr\u00e9stamo participativo: instrumento de financiaci\u00f3n de las pymes. Asociaci\u00f3n Espa\u00f1ola de Contabilidad y Administraci\u00f3n de Empresas."},{"key":"5763","unstructured":"Corchero, J. (2004). Finanzas para emprendedores. Fudaci\u00f3n EOI."},{"key":"5764","unstructured":"De Jaime, J. (2013). Finanzas para el marketing y las ventas. C\u00f3mo planificar y controlar la gesti\u00f3n comercial. ESIC."},{"key":"5765","doi-asserted-by":"crossref","unstructured":"Denis, D. (2004). Entrepreneurial finance: an overview of the issues and evidence. Journal of Corporate Finance, 10(2), 301-326.","DOI":"10.1016\/S0929-1199(03)00059-2"},{"key":"5766","doi-asserted-by":"crossref","unstructured":"Eriksson, P. and Hallberg, N. (2022). Crisis management as a learning system: Understanding the dynamics of adaptation and transformation in-between crises. Safety Science, 151, 105735.","DOI":"10.1016\/j.ssci.2022.105735"},{"key":"5767","doi-asserted-by":"crossref","unstructured":"Fama, E. and French, K. (2005). Financing Decisions Who Issues Stock? University of Chicago Press.","DOI":"10.1016\/j.jfineco.2004.10.003"},{"key":"5768","unstructured":"Farrero, J. (2007). Fundamentos y aplicaciones de la gesti\u00f3n financiera de la empresa. Pir\u00e1mide."},{"key":"5769","unstructured":"Fern\u00e1ndez, M. (1991). Direcci\u00f3n financiera de la empresa. Pir\u00e1mide."},{"key":"5770","doi-asserted-by":"crossref","unstructured":"Fierro-Celis, F. (2020). Cambio organizacional: un modelo que dinamiza la transformaci\u00f3n. Revista Escuela de Administraci\u00f3n de Negocios, (88), 13-31.","DOI":"10.21158\/01208160.n88.2020.2560"},{"key":"5771","unstructured":"Fierro, A. (1994). Planeaci\u00f3n financiera estrat\u00e9gica. ECOE."},{"key":"5772","unstructured":"Fuentes, F. (2021). Modelamiento y predicci\u00f3n de riesgo financiero: un enfoque din\u00e1mico de valores extremos [Tesis doctoral]. Universidad de Talca."},{"key":"5773","unstructured":"Garc\u00eda, O. (1999). Administraci\u00f3n financiera fundamentos y aplicaciones. Prensa Moderna."},{"key":"5774","unstructured":"Gill, J. (2000). C\u00f3mo comprender los estados financieros; gu\u00eda pr\u00e1ctica de aplicaciones financieras para gerentes no financieros. Grupo Editorial Iberoamericano."},{"key":"5775","unstructured":"Gitman, L. (2003). Principios de administraci\u00f3n financiera. Pearson Educaci\u00f3n."},{"key":"5776","unstructured":"Gitman, L. y Joehnk, M. (2005). Fundamentos de inversiones: Pearson educaci\u00f3n."},{"key":"5777","unstructured":"Gonz\u00e1lez, D. (2013). Planeaci\u00f3n financiera y ges-ti\u00f3n del valor. Ecoe Ediciones."},{"key":"5778","unstructured":"Hern\u00e1ndez Sampieri, R., Fern\u00e1ndez, F. y Baptista, P. (2010). Metodolog\u00eda de la investigaci\u00f3n. McGraw Hill."},{"key":"5779","unstructured":"Horngren, C., Sundem, G. y Elliott, J. (2000). Introducci\u00f3n a la contabilidad financiera. Pearson Educaci\u00f3n."},{"key":"5780","unstructured":"Hortal, M. (2004). Decisiones de inversion en la empresa: un enfoque pr\u00e1ctico. Grupo Anaya Comercial."},{"key":"5781","unstructured":"IMEF. (1992). Fuentes de financiamiento: manual de consulta. Nacional Financiera."},{"key":"5782","doi-asserted-by":"crossref","unstructured":"Jiang, Y., Ritchie, B. and Verreynne, M. (2022). A Resource-Based Typology of Dynamic Capability: Managing Tourism in a Turbulent Environment. Journal of Travel Research, 61(5), 1006-1023.","DOI":"10.1177\/00472875211014960"},{"key":"5783","unstructured":"Kaplan, R. and Norton, D. (2014). El cuadro de mando integral. Grupo Planeta."},{"key":"5784","doi-asserted-by":"crossref","unstructured":"Kineber, A., Othman, I., Oke, A., Chileshe, N., Buniya, M. and Management. (2021). Impact of value management on building projects success: structural equation modeling approach. Journal of Construction Engineering and Management, 147(4), 04021011.","DOI":"10.1061\/(ASCE)CO.1943-7862.0002026"},{"key":"5785","unstructured":"Kotler, P. (2006). Direcci\u00f3n de marketing. Pearson Education."},{"key":"5786","unstructured":"Lassala, C., Medal, A., Navarro, V., Sanchis, V. y Soler, A. (2006). Direcci\u00f3n financiera II. Medios de financiaci\u00f3n empresarial. Pir\u00e1mide."},{"key":"5787","unstructured":"Mallo, C. y Merlo, J. (1995). Control de gesti\u00f3n y control presupuestario. McGraw-Hill."},{"key":"5788","doi-asserted-by":"crossref","unstructured":"Matiz, F. y Fracica, G. (2011). La financiaci\u00f3n de nuevas empresas en Colombia: una mirada desde la demanda. Revista EAN, (70), 118-130.","DOI":"10.21158\/01208160.n70.2011.538"},{"key":"5789","unstructured":"Meneses, C. (2014). Exploraci\u00f3n y an\u00e1lisis de modelos de medici\u00f3n de riesgo de liquidez [Tesis de Maestr\u00eda]. UNAB."},{"key":"5790","unstructured":"Miranda, J. (2005). Gesti\u00f3n de proyectos. MM Editores."},{"key":"5791","doi-asserted-by":"crossref","unstructured":"Myers, S. (1984). The capital structure puzzle. The journal of Finance, 39(3), 574-592.","DOI":"10.1111\/j.1540-6261.1984.tb03646.x"},{"key":"5792","doi-asserted-by":"crossref","unstructured":"Myers, S. and Majluf, N. (1984). Corporate financing and investment decisions when firms have information that investors do not have. Journal of Financial Economics, 13(2), 187-221.","DOI":"10.1016\/0304-405X(84)90023-0"},{"key":"5793","doi-asserted-by":"crossref","unstructured":"Nakasone, G. (2001). An\u00e1lisis de estados financieros para la toma de decisiones. Fondo Editorial PUCP.","DOI":"10.18800\/9789972424038"},{"key":"5794","unstructured":"Pacheco, J., Caicedo, C. y Casta\u00f1eda, W. (2002). Indicadores integrales de gesti\u00f3n. McGraw-Hill."},{"key":"5795","doi-asserted-by":"crossref","unstructured":"Pataki, B., P\u00e1d\u00e1r, K. and Krasz, K. (2022). Toward a More Comprehensive Model of Reactions to Change: A New Framework and Change Reaction Indexes. Change Management, 22(2), 1-27.","DOI":"10.18848\/2327-798X\/CGP\/v22i02\/1-27"},{"key":"5796","doi-asserted-by":"crossref","unstructured":"Ponce, A. (2019). Evaluaci\u00f3n financiera de proyectos de inversi\u00f3n para la PYMES. Dominio de las Ciencias, 5(3), 375-390.","DOI":"10.23857\/dc.v5i3.941"},{"key":"5797","doi-asserted-by":"crossref","unstructured":"Porter, M. (1991). Towards a dynamic theory of strategy. Strategic Management Journal, 12(S2), 95-117.","DOI":"10.1002\/smj.4250121008"},{"key":"5798","unstructured":"Ram\u00f3n, M. y Jordana, J. (2013). La financiaci\u00f3n de la empresa. Profit Editorial."},{"key":"5799","doi-asserted-by":"crossref","unstructured":"Rodrigo, L., Ortiz-Marcos, I., Palacios, M. and Romero, J. (2022). Success of organisations developing digital social innovation: Analysis of motivational key drivers. Journal of Business Research, 144, 854-862.","DOI":"10.1016\/j.jbusres.2022.02.029"},{"key":"5800","unstructured":"Rubio, D. (2003). Manual de an\u00e1lisis financiero. Mart\u00ednez Coll."},{"key":"5801","unstructured":"Sainz, A., Fern\u00e1ndez, A., \u00c1lvarez, A. y Olalla, M. (1992). Las decisiones financieras de la empresa. Pir\u00e1mide."},{"key":"5802","doi-asserted-by":"crossref","unstructured":"Schmidt, R. and Wright, H. (1996). Financial Aspects of Marketing. Macmillan Education, Limited.","DOI":"10.1007\/978-1-349-25020-2"},{"key":"5803","unstructured":"Simon, H. (1957). A behavioral model of rational choice, in models of man, social and rational: mathematical essays on rational human behavior in a social setting. Wiley."},{"key":"5804","unstructured":"Su\u00e1rez, A. (2005). Decisiones \u00f3ptimas de inversi\u00f3n y financiaci\u00f3n en la empresa. Ediciones Pir\u00e1mide."},{"key":"5805","doi-asserted-by":"crossref","unstructured":"Talmar, M., Walrave, B., Raven, R. and Romme, A. (2022). Dynamism in policy-affiliated transition intermediaries. Renewable and Sustainable Energy Reviews, 159, 112210.","DOI":"10.1016\/j.rser.2022.112210"},{"key":"5806","doi-asserted-by":"crossref","unstructured":"Tversky, A. and Kahneman, D. (1974). Judgment under uncertainty: Heuristics and biases. Science, 185(4157), 1124-1131.","DOI":"10.1126\/science.185.4157.1124"},{"key":"5807","unstructured":"Ulrich, D. (1997). Recursos humanos champions: c\u00f3mo pueden los recursos humanos cobrar valor y producir resultados? Ediciones Granica."},{"key":"5808","unstructured":"Uribe, J. (2017). Proyectos de inversi\u00f3n para las pyme. Ecoe Ediciones."},{"key":"5809","unstructured":"Von, L. (1969). General systems theory and psychiatry: an overview. General Systems Theory and Psychiatry, 32(4), 33-46."},{"key":"5810","unstructured":"Weston, F. y Copeland, T. (1995). Finanzas en administraci\u00f3n. McGraw Hill."},{"key":"5811","doi-asserted-by":"crossref","unstructured":"Yarovenko, H., Bilan, Y., Lyeonov, S. and Mentel, G. (2021). Methodology for assessing the risk associated with information and knowledge loss management. Journal of Business Economics and Management, 22(2), 369-387.","DOI":"10.3846\/jbem.2021.13925"},{"key":"5812","doi-asserted-by":"crossref","unstructured":"Zerriaa, M. and Noubbigh, H. (2015). Determinants of capital structure: Evidence from Tunisian listed firms. International Journal of Business Management, 10(9), 121.","DOI":"10.5539\/ijbm.v10n9p121"},{"key":"5813","doi-asserted-by":"crossref","unstructured":"Zumente, I. and Bistrova, J. (2021). ESG importance for long-term shareholder value creation: Literature vs. practice. Journal of Open Innovation: Technology, Market, and Complexity, 7(2), 127","DOI":"10.3390\/joitmc7020127"}],"container-title":["Administraci\u00f3n &amp; Desarrollo"],"link":[{"URL":"https:\/\/revistas.esap.edu.co\/index.php\/admindesarro\/article\/download\/774\/626","content-type":"application\/pdf","content-version":"vor","intended-application":"text-mining"},{"URL":"https:\/\/revistas.esap.edu.co\/index.php\/admindesarro\/article\/download\/774\/740","content-type":"text\/xml","content-version":"vor","intended-application":"text-mining"},{"URL":"https:\/\/revistas.esap.edu.co\/index.php\/admindesarro\/article\/download\/774\/626","content-type":"unspecified","content-version":"vor","intended-application":"similarity-checking"}],"deposited":{"date-parts":[[2025,12,31]],"date-time":"2025-12-31T20:07:14Z","timestamp":1767211634000},"score":0.0,"resource":{"primary":{"URL":"https:\/\/revistas.esap.edu.co\/index.php\/admindesarro\/article\/view\/774"}},"issued":{"date-parts":[[2022,6,30]]},"references-count":74,"journal-issue":{"issue":"1","published-online":{"date-parts":[[2022,6,30]]}},"URL":"https:\/\/doi.org\/10.22431\/25005227.vol52n1.3","ISSN":["2500-5227","0120-3754"],"issn-type":[{"type":"electronic","value":"2500-5227"},{"type":"print","value":"0120-3754"}],"published":{"date-parts":[[2022,6,30]]}},{"indexed":{"date-parts":[[2025,12,31]],"date-time":"2025-12-31T20:04:18Z","timestamp":1767211458717,"version":"3.48.0"},"reference-count":45,"publisher":"Escuela Superior de Administracion Publica","issue":"2","license":[{"start":{"date-parts":[[2023,12,6]],"date-time":"2023-12-06T00:00:00Z","timestamp":1701820800000},"content-version":"unspecified","delay-in-days":0,"URL":"https:\/\/creativecommons.org\/licenses\/by-nc-sa\/4.0"}],"content-domain":{"domain":[],"crossmark-restriction":false},"short-container-title":["Adm. Desarro."],"abstract":"<jats:p>This article succinctly characterizes the transformations of public management as a discursive, instrumental, and applied corpus for the implementation of public policies by governments and public administrations (PA), with emphasis on certain peculiarities of our Latin American space. It is also important to evaluate the influence of managerial models in the field of public affairs in our continent, in terms of the mechanisms of automatization of public management and the business operation of governments and public management. The latter implies discussing in Latin America, the phenomena of privatization and association between the public and the private, PPP, typical of the imposition of the paradigm of capitalism by projects that has reached global dimensions today.Public managerialism \u2013and not precisely the PA\u2013 has been the stage where such changes propelled by innovations occur. To the extent that the transition from Public Administration to Public Management takes place, a strong space for innovation is evident. This paradigm shift is overwhelming, because we are moving from the world of public administration more and more towards public management. In this new context, the citizens distance themselves from the traditional logic of politics, and from the old models of relationship between the State and civil society. In opinion of Professor Aguilar (2009), the State governs less and less, with respect to the strong monopoly it held in the recent past under the scheme of the interventionist welfare state.<\/jats:p>","DOI":"10.22431\/25005227.vol53n2.10","type":"journal-article","created":{"date-parts":[[2023,12,6]],"date-time":"2023-12-06T21:17:41Z","timestamp":1701897461000},"source":"Crossref","is-referenced-by-count":2,"title":["Administraci\u00f3n p\u00fablica y management p\u00fablico: el tr\u00e1nsito hacia el neogerencialismo","Public administration and public management: the transition towards neomanagerialism"],"prefix":"10.22431","volume":"53","author":[{"ORCID":"https:\/\/orcid.org\/0000-0003-3546-852X","authenticated-orcid":false,"given":"Edgar","family":"Varela Barrios","sequence":"first","affiliation":[],"role":[{"role":"author","vocabulary":"crossref"}]}],"member":"9723","published-online":{"date-parts":[[2023,12,6]]},"reference":[{"key":"10734","unstructured":"Aguilar, L. F. (2011). Gobernanza y gesti\u00f3n p\u00fablica. Fondo de Cultura Econ\u00f3mica. https:\/\/marcelagonzalezduarte.files.wordpress.com\/2018\/01\/aguilar-villanueva-gobernanza-y-gestion-publica.pdf"},{"key":"10735","doi-asserted-by":"crossref","unstructured":"Aguilar, L. F. (2021). Los riesgos de corrupci\u00f3n de los lobbies. Revista Espa\u00f1ola de la Transparencia. (12) Primer semestre. 125-144. https:\/\/doi.org\/10.51915\/ret.122","DOI":"10.51915\/ret.122"},{"key":"10736","unstructured":"Banco Mundial. (2022). Gobernanza: Panorama general. La pr\u00e1ctica global de Gobernanza brinda apoyo a los pa\u00edses clientes ayud\u00e1ndolos a crear instituciones competentes, eficientes, abiertas, inclusivas y responsables. https:\/\/www.bancomundial.org\/es\/topic\/governance\/overview"},{"key":"10737","unstructured":"Blas, F. G., Uribe-Hern\u00e1ndez, Y. C., Cacho, A. y Valqui, J. M. (2022). Modernizaci\u00f3n del Estado en la gesti\u00f3n p\u00fablica: Revisi\u00f3n sistem\u00e1tica. Revista de Ciencias Sociales, 28 (Especial 5), 290-301. https:\/\/dialnet.unirioja.es\/servlet\/articulo?codigo=8471692"},{"key":"10738","unstructured":"Botero, R. (2020). Tecnocracia y Modernizaci\u00f3n. En: Fedesarrollo. 50 a\u00f1os de influencia en pol\u00edtica p\u00fablica. https:\/\/www.repository.fedesarrollo.org.co\/handle\/11445\/3988"},{"key":"10739","unstructured":"Cabrero, E. (1998). Estudio introductorio: Gesti\u00f3n p\u00fablica, \u00bfLa administraci\u00f3n p\u00fablica de siempre bajo un nuevo disfraz? En: Bozeman (Coordinador). (1998). La gesti\u00f3n p\u00fablica su situaci\u00f3n actual. Fondo de Cultura Econ\u00f3mica. https:\/\/es.scribd.com\/document\/258744325\/1998-Estudio-introductorio"},{"key":"10740","doi-asserted-by":"crossref","unstructured":"Carbajales, M. (2019). Hacia una definici\u00f3n jur\u00eddica de regulaci\u00f3n econ\u00f3mica. Revista republicana, (26), 43-66. http:\/\/ojs.urepublicana.edu.co\/index.php\/revistarepublicana\/article\/view\/457","DOI":"10.21017\/Rev.Repub.2019.v26.a59"},{"key":"10741","doi-asserted-by":"crossref","unstructured":"Chica-V\u00e9lez, S. A. y Salazar-Ortiz, C. A. (2021). Posnueva gesti\u00f3n p\u00fablica, gobernanza e innovaci\u00f3n. Tres conceptos en torno a una forma de organizaci\u00f3n y gesti\u00f3n de lo p\u00fablico. Opera, 28, 17-51. https:\/\/doi.org\/10.18601\/16578651.n28.02","DOI":"10.18601\/16578651.n28.02"},{"key":"10742","unstructured":"Cunill, G. N. (2012). \u00bfQu\u00e9 ha pasado con lo p\u00fablico en los \u00faltimos 30 a\u00f1os? Balance y perspectivas. Revista del CLAD Reforma y Democracia, (52), 5-44. https:\/\/www.redalyc.org\/pdf\/3575\/357533684001."},{"key":"10743","unstructured":"Dahl, R. A. (1989). Democratizaci\u00f3n y oposici\u00f3n p\u00fablica. En Ed. Tecnos. La Poliarqu\u00eda, 17-51. https:\/\/fundamentoscpuba.files.wordpress.com\/2015\/10\/a9dea-dahl-robert-1989-1971-la-poliarquc3ada-participacic3b3n-y-oposicic3b3n.pdf"},{"key":"10744","unstructured":"Escobar, D. (2019). Gerencia p\u00fablica y burocracia. Editorial Universidad del Valle. https:\/\/programaeditorial.univalle.edu.co\/gpd-gpd-gerencia-publica-y-burocracia-9789587659979-63a1daaf2226a-63a1daaf222be.html"},{"key":"10745","unstructured":"Foucault, M. (2004). Naissance de la biopolitique. Course au college de France (1978-1979). Gallimard. https:\/\/www.librairie-gallimard.com\/livre\/9782020324014-la-naissance-de-la-biopolitique-cours-au-college-de-france-1978-1979-michel-foucault\/"},{"key":"10746","doi-asserted-by":"crossref","unstructured":"Guy, M. E. y Rubin, M. M. (2015). Public Administration Evolving From Foundations to the Future. Routledge. https:\/\/doi.org\/10.4324\/9781315718958","DOI":"10.4324\/9781315718958"},{"key":"10747","doi-asserted-by":"crossref","unstructured":"Home, P. y Ar\u00e9valo, C. (2021). La transparencia y la rendici\u00f3n de cuentas mecanismos del \u201cgobierno abierto\u201d como instrumento de compromiso p\u00fablico y responsabilidad democr\u00e1tica en las organizaciones p\u00fablicas. Documentos de trabajo ECACEN, 1. https:\/\/doi.org\/10.22490\/ECACEN.4693","DOI":"10.22490\/ECACEN.4693"},{"key":"10748","doi-asserted-by":"crossref","unstructured":"Kernaghan, K. (2000). The post-bureaucratic organization and public service value. International Review of Administrative Science, 66(1), 91-104. DOI:10.1177\/0020852300661008","DOI":"10.1177\/0020852300661008"},{"key":"10749","doi-asserted-by":"crossref","unstructured":"Longo, F. (2020). Gobernanza p\u00fablica para la innovaci\u00f3n. Revista del CLAD Reforma y Democracia, (76), 39-56. https:\/\/clad.org\/wp-content\/uploads\/2021\/01\/076-02-FLongo.pdf","DOI":"10.69733\/clad.ryd.n76.a198"},{"key":"10750","doi-asserted-by":"crossref","unstructured":"L\u00f3pez, J. y L\u00f3pez Ghio, R. (2019). La regla fiscal para el gobierno central de Colombia: antecedentes, desempe\u00f1o y perspectivas. http:\/\/dx.doi.org\/10.18235\/0002074","DOI":"10.18235\/0002074"},{"key":"10751","doi-asserted-by":"crossref","unstructured":"Lo Presti, R. M. (2022). Byung-Chul, Han. Infocracia, la digitalizaci\u00f3n y la crisis de la democracia: derechos y libertades. Revista de filosof\u00eda del derecho y derechos humanos, (48), 299-308. https:\/\/doi.org\/10.20318\/dyl.2023.7350","DOI":"10.20318\/dyl.2023.7350"},{"key":"10752","unstructured":"Mart\u00ednez, R. (2009). \u00bfHacia d\u00f3nde se dirige el campo de estudio de la administraci\u00f3n p\u00fablica? Convergencia: Revista de Ciencias Sociales, (49), 309-329. https:\/\/dialnet.unirioja.es\/servlet\/articulo?codigo=3368346"},{"key":"10753","unstructured":"Martins, H. (1997). Administraci\u00f3n P\u00fablica gerencial y burocracia. La persistencia de la dicotom\u00eda entre pol\u00edtica y administraci\u00f3n. Revista del CLAD Reforma y Democracia (9). https:\/\/www.academia.edu\/3261507\/Administraci\u00f3n_p\u00fablica_gerencial_y_burocracia_La_persistencia_de_la_dicotom%C3%ADa_entre_pol%C3%ADtica_y_administraci\u00f3n"},{"key":"10754","unstructured":"Navarro, V. (1998). Neoliberalismo y estado de bienestar. Ediciones Ariel. https:\/\/www.casadellibro.com.co\/libro-neoliberalismo-y-estado-de-bienestar\/9788434414334\/628198"},{"key":"10755","unstructured":"Osborne, D. y Gaebler, T. (1994). La reinvenci\u00f3n del gobierno: la influencia del esp\u00edritu empresarial en el sector p\u00fablico. Ediciones Paid\u00f3s. http:\/\/biblio3.url.edu.gt\/Libros\/RG\/0.pdf"},{"key":"10756","unstructured":"Pastor, G., S\u00e1nchez, G. y Medina, P. (2020). Nuevo servicio p\u00fablico y gobierno abierto. Democracia, gobierno y administraci\u00f3n p\u00fablica contempor\u00e1nea. Tecnos. https:\/\/dialnet.unirioja.es\/servlet\/articulo?codigo=7746084"},{"key":"10757","unstructured":"Prats, J. (2003). Reinventar la burocracia y construir la nueva gerencia p\u00fablica. Biblioteca virtual del Instituto Internacional de Gobernabilidad de Catalu\u00f1a. https:\/\/licenciaturaap.files.wordpress.com\/2012\/03\/39514892-05-reinventar-la-burocracia-joan-prats.pdf"},{"key":"10758","unstructured":"Rhodes, R. A. W. (2005). La nueva gobernanza: gobernar sin gobierno. Instituto Nacional de Administraci\u00f3n P\u00fablica (INAP). https:\/\/dialnet.unirioja.es\/servlet\/articulo?codigo=1368197"},{"key":"10759","unstructured":"Rodrigues De Caires, C. M. (2017). Las pol\u00edticas p\u00fablicas. Yves Meny y Jean-Claude Thoenig 1\u00aa. edici\u00f3n, Ariel. Cuadernos del CENDES, 34(96), 185-192. http:\/\/www.redalyc.org\/articulo.oa?id=40354944011"},{"key":"10760","unstructured":"Romero, C. y Ocampo, J. A. (2023). Crecimiento econ\u00f3mico colombiano y sus efectos sobre el desarrollo social y regional. Editorial: Banco de la Rep\u00fablica. https:\/\/www.banrepcultural.org\/publicaciones\/crecimiento-economico-colombiano-y-sus-efectos-sobre-el-desarrollo-social-y-regional"},{"key":"10761","doi-asserted-by":"crossref","unstructured":"Rosas, A. (2019) Capacidad institucional: revisi\u00f3n del concepto y ejes de an\u00e1lisis. DAAPGE, (32), pp. 81\u2013107.","DOI":"10.14409\/daapge.v19i32.8482"},{"key":"10762","doi-asserted-by":"crossref","unstructured":"Rosenbloom. D., Kravchuk, R. y Clerkin, R. (2022). Public administration. Understanding management, politics, and Law in the public sector. Taylos y Francis. https:\/\/www.routledge.com\/Public-Administration-Understanding-Management-Politics-and-Law-in-the\/Rosenbloom-Kravchuk-Clerkin\/p\/book\/9781032055558","DOI":"10.4324\/9781003198116"},{"key":"10763","unstructured":"Rosique, A y Jim\u00e9nez, G. (2021). El Buen Gobierno: reflexi\u00f3n obligada en nuestros tiempos. Revista Buen Gobierno, (30). Fundaci\u00f3n Mexicana de Estudios Pol\u00edticos y Administrativos A.C. https:\/\/www.revistabuengobierno.org.mx\/?p=4429"},{"key":"10764","unstructured":"S\u00e1nchez, F. (2003). Planificaci\u00f3n estrat\u00e9gica y gesti\u00f3n p\u00fablica por objetivos. Instituto Latinoamericano y del Caribe de Planificaci\u00f3n Econ\u00f3mica y Social-ILPES. https:\/\/hdl.handle.net\/11362\/7284"},{"key":"10765","unstructured":"Saravia, E. (1997). La situaci\u00f3n laboral del personal de la administraci\u00f3n p\u00fablica. En: Seminario sobre la situaci\u00f3n laboral del personal de la administraci\u00f3n p\u00fablica en los pa\u00edses de Am\u00e9rica Latina. https:\/\/clad.org\/reuniones-internacionales\/eventos-realizados\/"},{"key":"10766","unstructured":"Scavino, D. (2022) Maquinas filos\u00f3ficas- Problemas de cibern\u00e9tica y desempleo. Anagrama. https:\/\/www.anagrama-ed.es\/libro\/argumentos\/maquinas-filosoficas\/9788433964892\/A_577"},{"key":"10767","unstructured":"Simon, H. A. (2020). El comportamiento administrativo: un estudio de los procesos de decisi\u00f3n en las organizaciones administrativas. 1\u00aa ed. Errepar. https:\/\/isabelportoperez.files.wordpress.com\/2011\/11\/simon-comportamiento_admtivo.pdf"},{"key":"10768","doi-asserted-by":"crossref","unstructured":"Stiegler, B. (2020). Industria relacional y econom\u00eda de la contribuci\u00f3n. Ciencias Sociales y Educaci\u00f3n, 9(17), 237-250. https:\/\/doi.org\/10.22395\/csye.v9n17a11","DOI":"10.22395\/csye.v9n17a11"},{"key":"10769","doi-asserted-by":"crossref","unstructured":"Tessarini, Saltorato y Silva. (2023). A flexibiliza\u00e7\u00e3o do trabalho como regra no capitalismo: conceitua\u00e7\u00e3o e proposi\u00e7\u00f5es te\u00f3rico-anal\u00edticas. Cadernos EBAPE.BR, 21(1). https:\/\/doi.org\/10.1590\/1679-395120220049","DOI":"10.1590\/1679-395120220049"},{"key":"10770","unstructured":"Torrealba, V. (2022). Redes interorganizacionales y la gerencia p\u00fablica para la participaci\u00f3n ciudadana. Revista arbitrada del CIEG - Centro de Investigaci\u00f3n y Estudios Gerenciales (57), pp. 259-270. https:\/\/revista.grupocieg.org\/wp-content\/uploads\/2022\/08\/Ed.57259-270-Torrealba-Victor.pdf"},{"key":"10771","doi-asserted-by":"crossref","unstructured":"Trevignani, M. F. (2023). De la Ortodoxia de los 90 al \u201cPost Consenso De Washington\u201d: el Enfoque De GVC en los Organismos Financieros Internacionales. Desenvolvimento Em Quest\u00e3o, 21(59). https:\/\/doi.org\/10.21527\/2237-6453.2023.59.14200","DOI":"10.21527\/2237-6453.2023.59.14200"},{"key":"10772","doi-asserted-by":"crossref","unstructured":"Varela Barrios, E. y Tello Castrill\u00f3n, C. (2021). Postpol\u00edtica y Managerialismo: el surgimiento de una nueva arena p\u00fablica. Estado, Gobierno y Gesti\u00f3n P\u00fablica, 19(37), pp. 149. https:\/\/revistaatemus.uchile.cl\/index.php\/REGP\/article\/view\/68502","DOI":"10.5354\/0717-8980.2021.68502"},{"key":"10773","unstructured":"Varela, E. y Isla, P. (2022). La hegemon\u00eda del management III: El mundo post y el nuevo empresarismo. Ediciones Universidad Sim\u00f3n Bol\u00edvar. https:\/\/rb.gy\/mfn2cr"},{"key":"10774","doi-asserted-by":"crossref","unstructured":"Varela, E. (2015). Nuevos roles de los gobiernos locales en la implementaci\u00f3n de pol\u00edticas p\u00fablicas: Gobernabilidad territorial y competitividad global. EURE (Santiago), 41(123), 213-237. http:\/\/dx.doi.org\/10.4067\/S0250-71612015000300009","DOI":"10.4067\/S0250-71612015000300009"},{"key":"10775","unstructured":"Varela, E. (2017). El Estado emprendedor y el impacto del neomanagerialismo. Journal of Public Administration of LAGPA, 1(1), pp. 21-39. https:\/\/lagpa.iias-iisa.org\/documents\/REVISTA%20RAP-GLAP-V1N1-2017.pdf"},{"key":"10776","unstructured":"Varela, E. (2018). Hegemon\u00edas del Management. Una genealog\u00eda del poder managerial. Ediciones Universidad Sim\u00f3n Bol\u00edvar. https:\/\/rb.gy\/3ixfhr"},{"key":"10777","unstructured":"Varela, E. (2023). El trono y sus razones- Sem\u00e1nticas y procesos en las pol\u00edticas p\u00fablicas. Ediciones Universidad Sim\u00f3n Bol\u00edvar. https:\/\/rb.gy\/68jg1y"},{"key":"10778","doi-asserted-by":"crossref","unstructured":"Wilson, W. (1887). The Study of Administration. Political Science Quarterly, (2). https:\/\/rb.gy\/46619g","DOI":"10.2307\/2139277"}],"container-title":["Administraci\u00f3n &amp; Desarrollo"],"link":[{"URL":"https:\/\/revistas.esap.edu.co\/index.php\/admindesarro\/article\/download\/876\/715","content-type":"application\/pdf","content-version":"vor","intended-application":"text-mining"},{"URL":"https:\/\/revistas.esap.edu.co\/index.php\/admindesarro\/article\/download\/876\/730","content-type":"text\/xml","content-version":"vor","intended-application":"text-mining"},{"URL":"https:\/\/revistas.esap.edu.co\/index.php\/admindesarro\/article\/download\/876\/715","content-type":"unspecified","content-version":"vor","intended-application":"similarity-checking"}],"deposited":{"date-parts":[[2025,12,31]],"date-time":"2025-12-31T19:59:44Z","timestamp":1767211184000},"score":0.0,"resource":{"primary":{"URL":"https:\/\/revistas.esap.edu.co\/index.php\/admindesarro\/article\/view\/876"}},"issued":{"date-parts":[[2023,12,6]]},"references-count":45,"journal-issue":{"issue":"2","published-online":{"date-parts":[[2023,7,1]]}},"URL":"https:\/\/doi.org\/10.22431\/25005227.vol53n2.10","ISSN":["2500-5227","0120-3754"],"issn-type":[{"type":"electronic","value":"2500-5227"},{"type":"print","value":"0120-3754"}],"published":{"date-parts":[[2023,12,6]]}},{"indexed":{"date-parts":[[2025,12,31]],"date-time":"2025-12-31T20:19:17Z","timestamp":1767212357389,"version":"3.48.0"},"reference-count":0,"publisher":"Escuela Superior de Administracion Publica","issue":"54","license":[{"start":{"date-parts":[[2011,12,1]],"date-time":"2011-12-01T00:00:00Z","timestamp":1322697600000},"content-version":"unspecified","delay-in-days":0,"URL":"http:\/\/creativecommons.org\/licenses\/by-nc-nd\/4.0"}],"content-domain":{"domain":[],"crossmark-restriction":false},"short-container-title":["Adm. Desarro."],"abstract":"<jats:p>This investigation was aimed at describing the town of Cumaribo's institutional aspects (administrative structure, administrative posts, local management as shown in the local budget and its resources) as well as local social, cultural and political aspects helping to explain the administrative instability experienced in Cumaribo in the Vichada department, Colombia, during the last 14 years. The lack of stable and experienced administrative organisation was observed. The administrative posts foreseen by law have not been established. Power groups like the FARC (terrorist group) and AUC (self-defence\/paramilitary groups) which have settled in the area have had an impact on local administration, according to the opinion of some of the people interviewed, putting pressure on the execution of resources, developing projects or contracting personnel. New large-scale private investment schemes and studies for finding and exploiting oil, together with the popular election of mayor, town council, assembly and governor in 2011, have led to some tensions concerning Cumaribo\u00bfs municipal administrative life.<\/jats:p>","DOI":"10.22431\/25005227.133","type":"journal-article","created":{"date-parts":[[2017,7,5]],"date-time":"2017-07-05T12:06:06Z","timestamp":1499256366000},"page":"33-46","source":"Crossref","is-referenced-by-count":0,"title":["Cumaribo: relaciones entre cultura tradicional y administraci\u00f3n territorial","Cumaribo: relationships between traditional culture and territorial administration"],"prefix":"10.22431","volume":"39","author":[{"given":"Wilson","family":"Ladino Orjuela","sequence":"first","affiliation":[],"role":[{"role":"author","vocabulary":"crossref"}]}],"member":"9723","published-online":{"date-parts":[[2011,12,1]]},"container-title":["Administraci\u00f3n &amp; Desarrollo"],"link":[{"URL":"https:\/\/revistas.esap.edu.co\/index.php\/admindesarro\/article\/download\/133\/pdf","content-type":"application\/pdf","content-version":"vor","intended-application":"text-mining"},{"URL":"https:\/\/revistas.esap.edu.co\/index.php\/admindesarro\/article\/download\/133\/pdf","content-type":"unspecified","content-version":"vor","intended-application":"similarity-checking"}],"deposited":{"date-parts":[[2025,12,31]],"date-time":"2025-12-31T20:15:47Z","timestamp":1767212147000},"score":0.0,"resource":{"primary":{"URL":"https:\/\/revistas.esap.edu.co\/index.php\/admindesarro\/article\/view\/133"}},"issued":{"date-parts":[[2011,12,1]]},"references-count":0,"journal-issue":{"issue":"54","published-online":{"date-parts":[[2011,12,1]]}},"URL":"https:\/\/doi.org\/10.22431\/25005227.133","ISSN":["2500-5227","0120-3754"],"issn-type":[{"type":"electronic","value":"2500-5227"},{"type":"print","value":"0120-3754"}],"published":{"date-parts":[[2011,12,1]]}},{"indexed":{"date-parts":[[2025,11,6]],"date-time":"2025-11-06T16:35:51Z","timestamp":1762446951280,"version":"build-2065373602"},"reference-count":0,"publisher":"Escuela Superior de Administracion Publica","issue":"53","license":[{"start":{"date-parts":[[2011,6,1]],"date-time":"2011-06-01T00:00:00Z","timestamp":1306886400000},"content-version":"unspecified","delay-in-days":0,"URL":"http:\/\/creativecommons.org\/licenses\/by-nc-nd\/4.0"}],"content-domain":{"domain":[],"crossmark-restriction":false},"short-container-title":["Adm. Desarro."],"abstract":"<jats:p>This article takes stock of Colombian-Venezuelan integration, highlighting the importance of economic agreements' in resolving the political misunderstandings which have occurred between both countries throughout the 20th and 21st centuries by demarcating maritime waters in the case of the Los Monjes islands, frontier security and divergent positions in the struggle against narcotraffi cking. It is argued that those dealing with the relaunching of the free trade area in 1991, the common market in 1995 and economic complementation in regional schemes such as the Latin-American Integration Association (ALADI) or the Andean Community (CAN) are those helping to relaunch the commercial integration of goods, services and capital via this bilateral integration route in political and social fields.<\/jats:p>","DOI":"10.22431\/25005227.151","type":"journal-article","created":{"date-parts":[[2017,7,5]],"date-time":"2017-07-05T12:06:06Z","timestamp":1499256366000},"page":"123-136","source":"Crossref","is-referenced-by-count":0,"title":["Colombia y Venezuela: a repensar los acuerdos econ\u00f3micos para relanzar la integraci\u00f3n bilateral","Colombia and Venezuela: a rethinking of the economic agreements for relaunching bilateral integration"],"prefix":"10.22431","volume":"39","author":[{"given":"Luis Nelson","family":"Beltran Mora","sequence":"first","affiliation":[],"role":[{"role":"author","vocabulary":"crossref"}]},{"given":"Benjam\u00edn","family":"Afanador Vargas","sequence":"additional","affiliation":[],"role":[{"role":"author","vocabulary":"crossref"}]}],"member":"9723","published-online":{"date-parts":[[2011,6,1]]},"container-title":["Administraci\u00f3n &amp; Desarrollo"],"link":[{"URL":"https:\/\/revistas.esap.edu.co\/index.php\/admindesarro\/article\/download\/151\/pdf","content-type":"application\/pdf","content-version":"vor","intended-application":"text-mining"},{"URL":"https:\/\/revistas.esap.edu.co\/index.php\/admindesarro\/article\/download\/151\/pdf","content-type":"unspecified","content-version":"vor","intended-application":"similarity-checking"}],"deposited":{"date-parts":[[2025,11,6]],"date-time":"2025-11-06T16:34:10Z","timestamp":1762446850000},"score":0.0,"resource":{"primary":{"URL":"https:\/\/revistas.esap.edu.co\/index.php\/admindesarro\/article\/view\/151"}},"issued":{"date-parts":[[2011,6,1]]},"references-count":0,"journal-issue":{"issue":"53","published-online":{"date-parts":[[2011,6,1]]}},"URL":"https:\/\/doi.org\/10.22431\/25005227.151","ISSN":["2500-5227","0120-3754"],"issn-type":[{"type":"electronic","value":"2500-5227"},{"type":"print","value":"0120-3754"}],"published":{"date-parts":[[2011,6,1]]}},{"indexed":{"date-parts":[[2025,5,14]],"date-time":"2025-05-14T07:41:28Z","timestamp":1747208488908,"version":"3.40.5"},"reference-count":50,"publisher":"Escuela Superior de Administracion Publica","issue":"1","license":[{"start":{"date-parts":[[2021,6,30]],"date-time":"2021-06-30T00:00:00Z","timestamp":1625011200000},"content-version":"unspecified","delay-in-days":0,"URL":"http:\/\/creativecommons.org\/licenses\/by-nc-nd\/4.0"}],"content-domain":{"domain":[],"crossmark-restriction":false},"short-container-title":["Adm. Desarro."],"abstract":"<jats:p>La investigaci\u00f3n analiza los conceptos de las teor\u00edas organizacionales y da una mirada a la organizaci\u00f3n como una forma social en la que se concibe esta como uno de los tipos espec\u00edficos de orden social, desde el an\u00e1lisis de las explicaciones que desarrollan las diferentes teor\u00edas de la organizaci\u00f3n, entre ellas, las burocr\u00e1ticas modernas y las posburocr\u00e1ticas posmodernas. Este an\u00e1lisis permite poner en evidencia la trazabilidad de la evoluci\u00f3n de las organizaciones y la manera en c\u00f3mo se han ido enriqueciendo, lo cual permite tener m\u00e1s herramientas para conocer y entender mejor a las organizaciones y determinar el enfoque que ajusta a las estructuras para enfrentar las situaciones y el entorno cambiante.<\/jats:p>","DOI":"10.22431\/25005227.vol51n1.10","type":"journal-article","created":{"date-parts":[[2022,6,16]],"date-time":"2022-06-16T16:58:41Z","timestamp":1655398721000},"page":"204-225","source":"Crossref","is-referenced-by-count":0,"title":["Evoluci\u00f3n del pensamiento organizacional: una mirada de las teor\u00edas de la organizaci\u00f3n cl\u00e1sica hacia las teor\u00edas pos burocr\u00e1ticas y pos modernas"],"prefix":"10.22431","volume":"51","author":[{"ORCID":"https:\/\/orcid.org\/0000-0002-1047-6673","authenticated-orcid":false,"given":"Jovany Arley","family":"Sep\u00falveda Aguirre","sequence":"first","affiliation":[],"role":[{"role":"author","vocabulary":"crossref"}]},{"ORCID":"https:\/\/orcid.org\/0000-0002-2917-3816","authenticated-orcid":false,"given":"John Anderson","family":"Virviescas Pe\u00f1a","sequence":"additional","affiliation":[],"role":[{"role":"author","vocabulary":"crossref"}]},{"ORCID":"https:\/\/orcid.org\/0000-0001-6055-9445","authenticated-orcid":false,"given":"Carlos Augusto","family":"Arboleda Jaramillo","sequence":"additional","affiliation":[],"role":[{"role":"author","vocabulary":"crossref"}]},{"given":"Hern\u00e1n Alonso","family":"Salazar Garc\u00eda","sequence":"additional","affiliation":[],"role":[{"role":"author","vocabulary":"crossref"}]}],"member":"9723","published-online":{"date-parts":[[2021,6,30]]},"reference":[{"unstructured":"Albert, S. & Whetten, D. (1985). Organizational identity. Research in Organizational Behavior, 7, 263\u2013295.","key":"3901"},{"unstructured":"Arellano, D. (2000). Organizaciones y nuevo institucionalismo econ\u00f3mico. \u00bfHacia un nuevo dogma? Ciencias Administrativas, 2(1), 41-56.","key":"3902"},{"doi-asserted-by":"crossref","unstructured":"Barney, J. (1991). Firm resources and sustained competitive advantage. Journal of management, 17(1), 99-120.","key":"3903","DOI":"10.1177\/014920639101700108"},{"unstructured":"Carri\u00f3n, J. (2021). Teor\u00eda de recursos y capacidades y gesti\u00f3n del conocimiento. Gestiopolis. https:\/\/www.gestiopolis.com\/teoria-de-recursos-y-capacidades-y-gestion-del-conocimiento\/","key":"3904"},{"unstructured":"Chiavenato, I. (1990). Introducci\u00f3n a la Teor\u00eda General de la Administraci\u00f3n. Mc Graw Hill.","key":"3905"},{"unstructured":"Clegg, S. (1990). Modern organizations: Organization studies in the postmodern world. Sage.","key":"3906"},{"unstructured":"Clegg, S., Hardy, C. & Nord, W. (1996). Handbook of organization studies. SAGE publications Ltd.","key":"3907"},{"unstructured":"Coriat, B. (2000). El taller y el cron\u00f3metro. Ensayo sobre el taylorismo, el fordismo y la producci\u00f3n en masa.","key":"3908"},{"unstructured":"Crozier, B. (1974). A theory of conflict. Hamilton.","key":"3909"},{"unstructured":"Cyert, R. & March, J. (1963). A Behavioral Study of the Firm. Prentice-Hall.","key":"3910"},{"unstructured":"De la Rosa, A. (2002). Teor\u00eda de la organizaci\u00f3n y nuevo Institucionalismo en el An\u00e1lisis Organizacional. Administraci\u00f3n y Organizaciones, 4(8), 13-44.","key":"3911"},{"unstructured":"De la Garza, E. (2003). Tratado latinoamericano de sociolog\u00eda del trabajo. FLACSO.","key":"3912"},{"unstructured":"Erra, C. (2020). Administraci\u00f3n cient\u00edfica, fundamentos y principios de Taylor. Gestiopolis. https:\/\/www.gestiopolis.com\/administracion-cientifica-fundamentos-y-principios-de-taylor\/","key":"3913"},{"unstructured":"Fayol, H. (1916). Administration industrielle et g\u00e9n\u00e9rale: pr\u00e9voyance, organisation, commandement, coordination, contr\u00f4le. H. Dunod et e. Pinat.","key":"3914"},{"unstructured":"Galicia, D. (2017). Apuntes cr\u00edticos a propuestas b\u00e1sicas de Chester Barnard: algunas de sus limitaciones conceptuales. In: XXIII Congreso Internacional de Contadur\u00eda, Administraci\u00f3n e Inform\u00e1tica. [online] Ciudad de M\u00e9xico.","key":"3915"},{"unstructured":"Garcilazo, J. (2011). La Teor\u00eda de la Ecolog\u00eda Poblacional Examinada a la luz de Teor\u00edas Adaptacionistas. Revista Cient\u00edfica \u201cVisi\u00f3n de Futuro\u201d, 15(1).","key":"3916"},{"doi-asserted-by":"crossref","unstructured":"Glassman, R. (1973). Persistence and loose coupling in living systems. Behavioral Science, 18(2), 83-98.","key":"3917","DOI":"10.1002\/bs.3830180202"},{"doi-asserted-by":"crossref","unstructured":"Grant, R. (1991). The Resource-Based Theory of Competitive Advantage: Implications for Strategy Formulation. California Managem Review, 33(3), 114-135.","key":"3918","DOI":"10.2307\/41166664"},{"unstructured":"Goodin, R. (1998). The theory of institutional design. Cambridge University Press.","key":"3919"},{"doi-asserted-by":"crossref","unstructured":"Hannan, M. & Freeman, J. (1977). The population ecology of organizations. American Journal of Sociology, 82(5), 929-964.","key":"3920","DOI":"10.1086\/226424"},{"unstructured":"Ibarra, E. & Monta\u00f1o, L. (1986). Teor\u00eda de la Organizaci\u00f3n: Desarrollo hist\u00f3rico, debate actual y perspectivas. En Teor\u00eda de la organizaci\u00f3n: Fundamentos y controversias (pp. 7\u201326). Universidad Aut\u00f3noma Metropolitana.","key":"3921"},{"unstructured":"Jauregui, M. (2016). La Teor\u00eda de las relaciones humanas. Aprendiendo Administraci\u00f3n. https:\/\/aprendiendoadministracion.com\/la-teoria-las-relaciones-humanas\/","key":"3922"},{"unstructured":"Jepperson, R. (2001). Instituciones, efectos institucionales e institucionalismo. En El nuevo institucionalismo en el an\u00e1lisis organizacional (pp. 193-215). Fondo de Cultura Econ\u00f3mica.","key":"3923"},{"unstructured":"Klinger, C. (2012). Administraci\u00f3n Cl\u00e1sica \u2013 Henry Fayol. Emprendemiestrategia. La mejor guia del emprendedor. https:\/\/emprendemiestrategia.wordpress.com\/2012\/10\/01\/administracion-clasica-henry-fayol\/","key":"3924"},{"unstructured":"LRH, L. (2020). Teor\u00eda cl\u00e1sica de Henri Fayol. LosRecursosHumanos.com. https:\/\/www.losrecursoshumanos.com\/teoria-clasica-de-henri-fayol\/","key":"3925"},{"unstructured":"March, J. (1994). Ambiguity and Interpretation. En Primer on decision making: How decisions happen (pp. 175\u2013219). The Free Press.","key":"3926"},{"unstructured":"March, J. & Olsen, J. (1997). El redescubrimiento de las instituciones: La base organizativa de la pol\u00edtica, estudio introductorio de Rodolfo Vergara. Fondo de Cultura Econ\u00f3mica.","key":"3927"},{"unstructured":"Mayo, E. & Bag\u00fa, S. (1972). Problemas humanos de una civilizaci\u00f3n industrial. Nueva Visi\u00f3n.","key":"3928"},{"unstructured":"Merton, R. (2002). Teor\u00eda y estructuras sociales. Fondo de Cultura Econ\u00f3mica.","key":"3929"},{"doi-asserted-by":"crossref","unstructured":"Meyer, J. & Rowan, B. (1977). Institutionalized organizations: Formal structure as myth and ceremony. American journal of sociology, 83(2), 340-363.","key":"3930","DOI":"10.1086\/226550"},{"doi-asserted-by":"crossref","unstructured":"Mintzberg, H., & Westley, F. (1992). Cycles of organizational change. Strategic management journal, 13(2), 39-59.","key":"3931","DOI":"10.1002\/smj.4250130905"},{"unstructured":"Mouzelis, N. (1975). Organizaci\u00f3n y Burocracia. Ediciones Pen\u00ednsula.","key":"3932"},{"unstructured":"Navas, J. & Guerras, L. (1998). La Direcci\u00f3n Estrat\u00e9gica de la Empresa. Teor\u00edas y Aplicaciones. Civitas.","key":"3933"},{"unstructured":"North, D. (1993). Instituciones, cambio institucional y desempe\u00f1o econ\u00f3mico. Fondo de Cultura Econ\u00f3mica.","key":"3934"},{"unstructured":"Portilla, L., Villa, C. & Arias, L. (2007). La teor\u00eda cient\u00edfica y su impacto en la empresa actual. Scientia Et Technica, 13(35), 311-314.","key":"3935"},{"doi-asserted-by":"crossref","unstructured":"Powell, W. & DiMaggio. (1991). The New Institutionalism in Organizational Analysis. University of Chicago Press.","key":"3936","DOI":"10.7208\/chicago\/9780226185941.001.0001"},{"unstructured":"Ramos, G. & Triana, M. (2007). Escuela de relaciones humanas y su aplicaci\u00f3n en una empresa de telecomunicaciones. Scientia Et Technica, 2(34), 309-314.","key":"3937"},{"unstructured":"Rodr\u00edguez, A. (1992). Poder y pol\u00edticas en las organizaciones. Psicolog\u00eda Pol\u00edtica, (5), 99-115. https:\/\/www.uv.es\/garzon\/psicologia%20politica\/N5-5.pdf","key":"3938"},{"unstructured":"Rivas, L. (2009). Evoluci\u00f3n de la teor\u00eda de la organizaci\u00f3n. Revista Universidad & Empresa, 17, 11-32.","key":"3939"},{"unstructured":"Sainsaulieu, R., Francfort, I., Osty, F. & Uhalde, M. (1995). Les mondes sociaux de l\u2019entreprise. Descl\u00e9e de brouwer.","key":"3940"},{"unstructured":"Salgado, E. (2003). Teor\u00eda de costos de transacci\u00f3n: una breve rese\u00f1a. Cuadernos de Administraci\u00f3n, 16(26), 61-78.","key":"3941"},{"unstructured":"Scott, R. (2012). Teor\u00eda contempor\u00e1nea institucional. En Organizaci\u00f3n e instituciones (pp. 186-222). BBAP y Siglo XXI.","key":"3942"},{"unstructured":"Selznick, P. (1949). TVA and the Grass Roots.","key":"3943"},{"unstructured":"Simon, H. (1988). El comportamiento administrativo. Estudio de los procesos decisorios en la organizaci\u00f3n administrativa. Aguilar.","key":"3944"},{"doi-asserted-by":"crossref","unstructured":"Tannenbaum, A. (1962). Control in Organizations: Individual Adjustment and Organizational Performance. Administrative Science Quarterly, 7, 236-257.","key":"3945","DOI":"10.2307\/2390857"},{"unstructured":"Tite, D. (2020). An\u00e1lisis de lectura Teor\u00eda de la Organizaci\u00f3n.","key":"3946"},{"unstructured":"Vald\u00e9s, C. (2010). Teor\u00eda de la organizaci\u00f3n y estructuras organizacionales. Gestiopolis. https:\/\/www.gestiopolis.com\/teoria-organizacion-estructuras-organizacionales\/","key":"3947"},{"unstructured":"Weber, M. (1992). Econom\u00eda y Sociedad, Fondo de Cultura Econ\u00f3mica. Ensayo de sociolog\u00eda comprensiva.","key":"3948"},{"unstructured":"Williamson, O. (1993). The evolving science of organization. Journal of Institutional and Theoretical Economics (JITE)\/Zeitschrift f\u00fcr die gesamte Staatswissenschaft, 149(1), 36-63.","key":"3949"},{"unstructured":"Zucker, L. (1999). El papel de la institucionalizaci\u00f3n en la persistencia cultural. En El nuevo institucionalismo en el an\u00e1lisis organizacional, (pp. 126-153). Fondo de Cultura Econ\u00f3mica.","key":"3950"}],"container-title":["Administraci\u00f3n &amp; Desarrollo"],"link":[{"URL":"https:\/\/revistas.esap.edu.co\/index.php\/admindesarro\/article\/download\/655\/577","content-type":"application\/pdf","content-version":"vor","intended-application":"text-mining"},{"URL":"https:\/\/revistas.esap.edu.co\/index.php\/admindesarro\/article\/download\/655\/566","content-type":"text\/xml","content-version":"vor","intended-application":"text-mining"},{"URL":"https:\/\/revistas.esap.edu.co\/index.php\/admindesarro\/article\/download\/655\/555","content-type":"unspecified","content-version":"vor","intended-application":"similarity-checking"}],"deposited":{"date-parts":[[2022,7,29]],"date-time":"2022-07-29T15:25:03Z","timestamp":1659108303000},"score":0.0,"resource":{"primary":{"URL":"https:\/\/revistas.esap.edu.co\/index.php\/admindesarro\/article\/view\/655"}},"issued":{"date-parts":[[2021,6,30]]},"references-count":50,"journal-issue":{"issue":"1","published-online":{"date-parts":[[2021,6,30]]}},"URL":"https:\/\/doi.org\/10.22431\/25005227.vol51n1.10","ISSN":["2500-5227","0120-3754"],"issn-type":[{"type":"electronic","value":"2500-5227"},{"type":"print","value":"0120-3754"}],"published":{"date-parts":[[2021,6,30]]}},{"indexed":{"date-parts":[[2025,11,6]],"date-time":"2025-11-06T16:37:50Z","timestamp":1762447070730,"version":"build-2065373602"},"reference-count":0,"publisher":"Escuela Superior de Administracion Publica","issue":"53","license":[{"start":{"date-parts":[[2011,6,1]],"date-time":"2011-06-01T00:00:00Z","timestamp":1306886400000},"content-version":"unspecified","delay-in-days":0,"URL":"http:\/\/creativecommons.org\/licenses\/by-nc-nd\/4.0"}],"content-domain":{"domain":[],"crossmark-restriction":false},"short-container-title":["Adm. Desarro."],"abstract":"<jats:p>Certain Spanish city authorities updated and improved public management by adopting a continuous process improvement (CPI) approach during the late 1980s and early 1990s to enhance their public services and operating procedures. This qualitative research regarding Spanish town councils presents the findings of an exploratory study which tried to understand how CPI was applied to public management and ascertain the impact of implementing CPI on public management. It was found that CPI was being applied during evolutionary stages and improvement activities; its impact on public management in the Spanish town councils being studied here led to both positive and neutral results.<\/jats:p>","DOI":"10.22431\/25005227.148","type":"journal-article","created":{"date-parts":[[2017,7,5]],"date-time":"2017-07-05T12:06:06Z","timestamp":1499256366000},"page":"75-100","source":"Crossref","is-referenced-by-count":1,"title":["An empirical study of continuous process improvement (CPI) regarding public management in Spanish municipalities"],"prefix":"10.22431","volume":"39","author":[{"given":"Manuel Francisco","family":"Suarez Barraza","sequence":"first","affiliation":[],"role":[{"role":"author","vocabulary":"crossref"}]},{"given":"Tamyco","family":"Ysa","sequence":"additional","affiliation":[],"role":[{"role":"author","vocabulary":"crossref"}]}],"member":"9723","published-online":{"date-parts":[[2011,6,1]]},"container-title":["Administraci\u00f3n &amp; Desarrollo"],"link":[{"URL":"https:\/\/revistas.esap.edu.co\/index.php\/admindesarro\/article\/download\/148\/pdf","content-type":"application\/pdf","content-version":"vor","intended-application":"text-mining"},{"URL":"https:\/\/revistas.esap.edu.co\/index.php\/admindesarro\/article\/download\/148\/pdf","content-type":"unspecified","content-version":"vor","intended-application":"similarity-checking"}],"deposited":{"date-parts":[[2025,11,6]],"date-time":"2025-11-06T16:34:08Z","timestamp":1762446848000},"score":0.0,"resource":{"primary":{"URL":"https:\/\/revistas.esap.edu.co\/index.php\/admindesarro\/article\/view\/148"}},"issued":{"date-parts":[[2011,6,1]]},"references-count":0,"journal-issue":{"issue":"53","published-online":{"date-parts":[[2011,6,1]]}},"URL":"https:\/\/doi.org\/10.22431\/25005227.148","ISSN":["2500-5227","0120-3754"],"issn-type":[{"type":"electronic","value":"2500-5227"},{"type":"print","value":"0120-3754"}],"published":{"date-parts":[[2011,6,1]]}},{"indexed":{"date-parts":[[2025,7,24]],"date-time":"2025-07-24T12:00:16Z","timestamp":1753358416971,"version":"3.40.5"},"reference-count":50,"publisher":"Escuela Superior de Administracion Publica","issue":"1","license":[{"start":{"date-parts":[[2020,6,30]],"date-time":"2020-06-30T00:00:00Z","timestamp":1593475200000},"content-version":"unspecified","delay-in-days":0,"URL":"http:\/\/creativecommons.org\/licenses\/by-nc-nd\/4.0"}],"content-domain":{"domain":[],"crossmark-restriction":false},"short-container-title":["Adm. Desarro."],"abstract":"<jats:p>La participaci\u00f3n del clero cat\u00f3lico en la lucha por el lealismo, el autonomismo y el juntismo en Popay\u00e1n entr\u00f3 en escena como un articulador de las costumbres y la tradici\u00f3n existente en momentos del interregno o vacancia del Rey espa\u00f1ol a partir de una serie de estrategias e intervenciones discursivas que pretendieron, por un lado, la defensa de los valores e instituciones tradicionales del antiguo r\u00e9gimen, y por el otro, el apoyo y resistencia a la conformaci\u00f3n de una junta de gobierno local. Dichas intervenciones se presentaron a trav\u00e9s de actuaciones, sermones y argumentos que generaron un campo de enfrentamiento, pero que a su vez reclamaban por acciones y toma de posiciones de los vasallos del rey en el marco de entrada de las noticias sobre los sucesos y momentos de la transformaci\u00f3n de la monarqu\u00eda espa\u00f1ola, que se desarrollaba en los a\u00f1os entre 1808 y 1813. La investigaci\u00f3n utiliz\u00f3 el enfoque relacional e identific\u00f3 el capital de argumentos morales-pol\u00edticos a los cuales recurrieron los segmentos de cl\u00e9rigos cat\u00f3licos para demostrar la lealtad a las instituciones mon\u00e1rquicas de Espa\u00f1a y a su gobernador en la Provincia Miguel Tac\u00f3n y Rosique con el apoyo y oposici\u00f3n a la conformaci\u00f3n de un gobierno local y auton\u00f3mico en Popay\u00e1n.<\/jats:p>","DOI":"10.22431\/25005227.vol50n1.6","type":"journal-article","created":{"date-parts":[[2021,11,7]],"date-time":"2021-11-07T20:52:27Z","timestamp":1636318347000},"page":"133-167","source":"Crossref","is-referenced-by-count":1,"title":["Una aproximaci\u00f3n a la participaci\u00f3n del clero cat\u00f3lico en la lucha por el lealismo mon\u00e1rquico, el autonomismo y el patriotismo local en Nueva Granada, Popay\u00e1n, 1808-1813"],"prefix":"10.22431","volume":"50","author":[{"ORCID":"https:\/\/orcid.org\/0000-0003-4947-9684","authenticated-orcid":false,"given":"Adolfo Le\u00f3n","family":"Guerrero Garc\u00eda","sequence":"first","affiliation":[],"role":[{"role":"author","vocabulary":"crossref"}]}],"member":"9723","published-online":{"date-parts":[[2020,6,30]]},"reference":[{"key":"893","unstructured":"Aguirre, I. L. (1974). El clero contra los patriotas de la Gran Colombia. Bogot\u00e1, Ediciones Los Comuneros."},{"key":"894","unstructured":"Almario, O. (2003). Muchos actores, varios proyectos, distintas guerras: La independencia en la Gobernaci\u00f3n de Popay\u00e1n y en las provincias del Pacifico, Nueva Granada 1809-1824. Quito: Ediciones U.I.S."},{"key":"895","unstructured":"Arboleda, D. C. (1971). Manuel Jos\u00e9 Castrill\u00f3n (Biograf\u00eda y Memorias) Tomo I. Bogot\u00e1: Horizonte, Biblioteca Banco Popular."},{"key":"896","unstructured":"Archivo Central del Cauca [ACC]. (1809). Popay\u00e1n, Popay\u00e1n, libros capitulares. Fondo colonial."},{"key":"897","unstructured":"Archivo Central del Cauca [ACC]. (1810). Popay\u00e1n, libros capitulares: Acta del cabildo de Popay\u00e1n. Tomo 55."},{"key":"898","unstructured":"Banco de la Rep\u00fablica (07 de febrero de 2014). Gu\u00eda de forasteros Gobernaci\u00f3n de Popay\u00e1n. Biblioteca virtual Banco de la Rep\u00fablica - lablaa. Recuperado de: http:\/\/www.banrepcultural.org\/blaavirtual\/historia\/guia_de_forasteros\/gobernacion_de_popayan.html"},{"key":"899","unstructured":"Busnell, D. (1984). El r\u00e9gimen de Santander en la Gran Colombia. Bogot\u00e1, El Ancora Editores."},{"key":"900","unstructured":"Caicedo, A. O. (2008). Construyendo la hegemon\u00eda religiosa. Los curas como agentes hegem\u00f3nicos y mediadores socioculturales (di\u00f3cesis de Popay\u00e1n, siglo XVIII. Bogot\u00e1: Colecci\u00f3n PROMETEO, Universidad de los Andes."},{"key":"901","unstructured":"Fern\u00e1n, G. (1997). Poderes enfrentados Iglesia y Estado en Colombia. Bogot\u00e1: Editorial CINEP."},{"key":"902","unstructured":"Fern\u00e1ndez, J. (2009). Diccionario Pol\u00edtico y social del mundo iberoamericano. La era de las revoluciones, 1750 - 1850. Madrid: Composiciones RALI S.A. Recuperado de https:\/\/vsip.info\/diccionario-politico-y-social-del-mundo-iberoamericano-1750-1850pdf-pdf-free.html"},{"key":"903","doi-asserted-by":"crossref","unstructured":"Filmer, S. R. (1991). Patriarcha and others Writings. Cambridge: Edici\u00f3n de Johann Somerville, s.e.","DOI":"10.1017\/CBO9780511812644"},{"key":"904","unstructured":"Fundaci\u00f3n Caucana de Patrimonio. (2010). Archivo Documental de Belisario G\u00f3mez 1807\u20131847, correspondencia con el doctor Don Santiago P\u00e9rez de Valencia. correspondencia con el doctor Don Santiago P\u00e9rez de Valencia, 32. Popay\u00e1n: Edici\u00f3n virtual."},{"key":"905","unstructured":"Garc\u00eda, O. A. (2003). Muchos actores, varios proyectos, distintas guerras: La independencia en la Gobernaci\u00f3n de Popay\u00e1n y en las provincias del Pacifico, Nueva Granada (1809 - 1824. Quito: Ediciones U.I.S."},{"key":"906","unstructured":"Gonz\u00e1lez, J. A. (s.a). Jos\u00e9 Antonio Gonz\u00e1lez, La cuesti\u00f3n de la soberan\u00eda en la historia del constitucionalismo espa\u00f1ol, Soberan\u00eda y constituciones V1. Madrid: Fondo de Cultura Econ\u00f3mica."},{"key":"907","unstructured":"Groot, J. M. (1869). Historia eclesi\u00e1stica y civil de Nueva Granada. Madrid: Critica textual."},{"key":"908","doi-asserted-by":"crossref","unstructured":"Guti\u00e9rrez, J. R. (2011). Las Juntas Neogranadinas y el Constitucionalismo criollo pregaditano. Revista Ecuatoriana de Historia, 97.","DOI":"10.29078\/rp.v1i33.97"},{"key":"909","unstructured":"Hoyos, R. G. (1950). La Santa Sede y la independencia colombiana. 1781-1830. Bogot\u00e1: Ediciones Acad\u00e9micas Rafael Montoya."},{"key":"910","unstructured":"Kantorowicz, E. H. (2012). Los dos cuerpos del Rey. Un estudio de teolog\u00eda medieval. Madrid: Ediciones Akal."},{"key":"911","unstructured":"L\u00f3pez, J. H. (25 de 11 de 2007). Jos\u00e9 Hilario: Memorias. Bogot\u00e1. Recuperado de: https:\/\/www.lablaa.org\/blaavirtual\/historia\/memori\/memori1.html"},{"key":"912","unstructured":"Mantilla, L. C. (2010). El ideario de las \u00f3rdenes religiosas en la independencia de Colombia. Credencial Historia Edici\u00f3n, pp. 248-285."},{"key":"913","unstructured":"Medina, M. \u00c1. (1992). Los dominicos en Am\u00e9rica. Madrid: Editorial Mapre."},{"key":"914","unstructured":"Memorias, J. H. (s.f.). Biblioteca Lu\u00eds \u00c1ngel Arango del Banco de la Rep\u00fablica, Bogot\u00e1. Recuperado De: http:\/\/www.lablaa.org\/blaavirtual\/historia\/memori\/memori1.htm"},{"key":"915","unstructured":"Montenegro Montilla. (s.f.). Retractaci\u00f3n del Doctor Joaqu\u00edn Caycedo y Cuero."},{"key":"916","unstructured":"Ocampo, J. (1988). La patria boba. Bogot\u00e1: Editorial Panamericana."},{"key":"917","unstructured":"Montenegro, M. (2010). En Cali el pr\u00f3cer Joaqu\u00edn Caicedo y Cuero, no es digno de estar en el parque central de esta ciudad. Recuperado de: http:\/\/elcaucasegundaepoca.blogspot.com\/2010\/07\/en-cali-elprocer-joaquin-caycedo-y.html"},{"key":"918","unstructured":"Pacheco, J. M. (1975). Histroria extensa de Colombia. Bogot\u00e1: Editorial Lerner."},{"key":"919","unstructured":"Paniagua, J. (1996). El pensamiento realista en la independencia de Quito: Juan Mart\u00ednez de Loaiza Madrid. Quito: Editorial estudios human\u00edsticos Geograf\u00eda, historia arte."},{"key":"920","unstructured":"P\u00e9rez, \u00c1. (2002). Geograf\u00eda de los tiempos dif\u00edciles. Escritura de viajes en sur Am\u00e9rica durante los procesos de independencia, 1780\u20131849. Pp. 132 - 135."},{"key":"921","unstructured":"Phelan, J. L. (1980). El pueblo y el Rey. Bogot\u00e1, Carlos Valencia Editores."},{"key":"922","unstructured":"Piedrahita, S. D. (2011). Actuaci\u00f3n de los cl\u00e9rigos y religiosos en la independencia de Colombia. Bolet\u00edn de Historia y Antig\u00fcedades. Vol. XCVIII N\u00b0. 852, 46."},{"key":"923","doi-asserted-by":"crossref","unstructured":"Plata, W. (2009). Un acercamiento a la participaci\u00f3n del clero en la lucha por la independencia de Santaf\u00e9 y la Nueva Granada: el caso de los dominicos (1750-1815). Fronteras de la Historia, pp. 282-313.","DOI":"10.22380\/20274688.432"},{"key":"924","unstructured":"Prado, D. (2008). Tensiones en la ciudad Popay\u00e1n 1808\u20131822. Tesis pregrado en Historia. Popay\u00e1n: Universidad del Cauca. Popay\u00e1n: Universidad del Cauca."},{"key":"925","unstructured":"Prado, L. E. (2011). Cl\u00e9rigos y control social. La cimentaci\u00f3n del Orden Republicano, Popay\u00e1n 1810 -1830. Reflexi\u00f3n Pol\u00edtica, Vol. 13, n\u00fam. 25."},{"key":"926","unstructured":"Quintero Montiel, I. Mart\u00ednez Garnica, A. (2008). Actas de formaci\u00f3n de juntas y declaraciones de independencia (1809-1822) Reales Audiencias de Quito, Caracas y Santa Fe. Bucaramanga: Divisi\u00f3n Editorial y de Publicaciones UIS Tomo I. Recuperado de https:\/\/www.uis.edu.co\/webUIS\/es\/bicentenario\/documentos\/BICENTENARIO_ACTAS_TOMO%20I.pdf"},{"key":"927","unstructured":"Ramos, J. (2011). Las Juntas Neogranadinas y el Constitucionalismo criollo pregaditano. Revista Ecuatoriana de Historia, 97."},{"key":"928","unstructured":"Real Academia de la Historia (2020). Signatura: Sig. 9\/7650, leg. 7, c), ff. 244-246v. Biblioteca Digital Real Academia de la Historia. Recuperado de: http:\/\/bibliotecadigital.rah.es\/dgbrah\/i18n\/consulta\/registro.cmd?id=915"},{"key":"929","unstructured":"Restrepo, J. M. (1969). Bogot\u00e1, Historia de la revoluci\u00f3n de Colombia en la Am\u00e9rica meridional: Biblioteca Popular de Cultura Colombiana."},{"key":"930","unstructured":"Restrepo, J. M. (1972). Historia de la revoluci\u00f3n de la provincia de Popay\u00e1n. Bogot\u00e1: Imprenta."},{"key":"931","unstructured":"Retractaci\u00f3n del Doctor Joaqu\u00edn Caycedo y Cuero, como presidente de la Junta Revolucionaria de Popay\u00e1n), copia del archivo General de Indias\u2013Sevilla, leg. 385. (s.f.). Obtenido de Doi: http:\/\/historico-ceharcaucablogspotcom.blogspot.com\/2010\/08\/cali-no-merece-al-procer-joaquin.html"},{"key":"932","unstructured":"S\u00e1bato, H. (1999). Ciudadan\u00eda pol\u00edtica y formaci\u00f3n de las naciones: perspectivas hist\u00f3ricas. M\u00e9xico: Fondo de Cultura Econ\u00f3mica."},{"key":"933","unstructured":"Scott, E. (2005). Ya no hay atl\u00e1ntico, ya no hay dos continentes. Regionalismo e identidad nacional durante la Guerra de Independencia en Nueva Espa\u00f1a. Tiempos de Am\u00e9rica, 166."},{"key":"934","unstructured":"Theodore, M. G. (1984). Viaje por la Republica de Colombia. Bogot\u00e1: El Ancora Editores."},{"key":"935","unstructured":"Tobar, Oscar. (9 de 10 de 2010). Domingo Belisario G\u00f3mez, sacerdote y pr\u00f3cer. Recuperado de: https:\/\/historiografica.wordpress.com\/2010\/10\/09\/domingo-belisario-gomez-sacerdote-y-procer\/"},{"key":"936","unstructured":"Valencia, A. D. (2010). Fundaci\u00f3n Caucana de Patrimonio Cultural. 15-16. Popay\u00e1n: Edici\u00f3n virtual. \u20131. (Ed.)."},{"key":"937","unstructured":"Valencia, S. P. (Julio de 2010). Apuntamientos sobre la historia de la revoluci\u00f3n de Popay\u00e1n 1808-1824. Popay\u00e1n: Fundaci\u00f3n Caucana de Patrimonio Intelectual."},{"key":"938","unstructured":"Vanegas, I. (2013). La revoluci\u00f3n neogranadina. Bogot\u00e1: Ediciones Plural."},{"key":"939","unstructured":"Vargas, J. (1986). La iglesia ante la emancipaci\u00f3n de Ecuador. Quito: Editorial HGIAL."},{"key":"940","unstructured":"V\u00e1squez, D. G. (s.f.). La junta suprema de Santa Fe y el cabildo de Cali en la iniciaci\u00f3n de la independencia del Cauca 1810. (Carta del doctor Joaqu\u00edn de Caicedo y Cuero a don Santiago Arroyo, 14 de julio de 1810). Bogot\u00e1: Editorial de Cromos Luis Tamayo & C, 1926."},{"key":"941","unstructured":"Weber, M. (1994). Econom\u00eda y sociedad: Esbozo de sociolog\u00eda comprensiva. M\u00e9xico: Fondo de Cultura Econ\u00f3mica."},{"key":"942","unstructured":"Zuluaga, F. (1992). Guerrilla y Sociedad en el Pat\u00eda. Santiago de Cali: Editor. Facultad de Humanidades Universidad del Valle."}],"container-title":["Administraci\u00f3n y Desarrollo"],"link":[{"URL":"https:\/\/revistas.esap.edu.co\/index.php\/admindesarro\/article\/download\/550\/510","content-type":"application\/pdf","content-version":"vor","intended-application":"text-mining"},{"URL":"https:\/\/revistas.esap.edu.co\/index.php\/admindesarro\/article\/download\/550\/510","content-type":"unspecified","content-version":"vor","intended-application":"similarity-checking"}],"deposited":{"date-parts":[[2021,11,7]],"date-time":"2021-11-07T20:55:08Z","timestamp":1636318508000},"score":0.0,"resource":{"primary":{"URL":"https:\/\/revistas.esap.edu.co\/index.php\/admindesarro\/article\/view\/550"}},"issued":{"date-parts":[[2020,6,30]]},"references-count":50,"journal-issue":{"issue":"1","published-online":{"date-parts":[[2020,6,30]]}},"URL":"https:\/\/doi.org\/10.22431\/25005227.vol50n1.6","ISSN":["2500-5227","0120-3754"],"issn-type":[{"type":"electronic","value":"2500-5227"},{"type":"print","value":"0120-3754"}],"published":{"date-parts":[[2020,6,30]]}},{"indexed":{"date-parts":[[2025,12,31]],"date-time":"2025-12-31T20:29:57Z","timestamp":1767212997188,"version":"3.48.0"},"reference-count":0,"publisher":"Escuela Superior de Administracion Publica","license":[{"start":{"date-parts":[[2015,12,13]],"date-time":"2015-12-13T00:00:00Z","timestamp":1449964800000},"content-version":"unspecified","delay-in-days":0,"URL":"http:\/\/creativecommons.org\/licenses\/by-nc-nd\/4.0"}],"content-domain":{"domain":[],"crossmark-restriction":false},"short-container-title":["Nova vetera"],"abstract":"<jats:p>Este art\u00edculo explora anal\u00edticamente las condiciones de posibilidad en la transici\u00f3n del r\u00e9gimen sociopol\u00edtico y econ\u00f3mico en Colombia a partir de la estructura de oportunidad que constituyen los acuerdos de paz entre el Gobierno colombiano y la insurgencia guerrillera, as\u00ed como las expectativas sociales derivadas de la terminaci\u00f3n del conflicto armado (guerra interna). Dado que el caso colombiano durante el per\u00edodo 1948-2016 debe ser caracterizado como una Anocracia (neoliberal) \u2013el punto de partida de cualquier transici\u00f3n- la hip\u00f3tesis que propone esta reflexi\u00f3n establece que las probabilidades de \u00e9xito, la mayor estabilidad y la menor volatilidad en los procesos de construcci\u00f3n sociopol\u00edtica en los escenarios de paz, as\u00ed como el sostenimiento institucional derivado de los acuerdos pactados en las negociaciones, aumentan con la progresiva desactivaci\u00f3n de los factores materiales de la conflictividad social si \u00e9stos son canalizados con la instalaci\u00f3n formal de mecanismos concretos que permitan materializarlos institucionalmente. La \u00e9poca de posacuerdos podr\u00e1 ser duradera y estable en la medida en que se construya progresivamente un r\u00e9gimen post-neoliberal, condici\u00f3n necesaria para la apertura democr\u00e1tica y la consolidaci\u00f3n de los procesos de democratizaci\u00f3n pol\u00edtica y socializaci\u00f3n econ\u00f3mica a \u00e9l asociados<\/jats:p>","DOI":"10.22431\/25005103.192","type":"journal-article","created":{"date-parts":[[2017,7,5]],"date-time":"2017-07-05T15:34:05Z","timestamp":1499268845000},"page":"18-35","source":"Crossref","is-referenced-by-count":2,"title":["\u00bfLa \u00e9poca de los \u201cpost\u201d? Conflicto social-armado, acuerdos de paz y anocracia neoliberal en Colombia"],"prefix":"10.22431","volume":"24","author":[{"given":"Gregorio Enrique","family":"Puello-Socarr\u00e1s","sequence":"first","affiliation":[],"role":[{"role":"author","vocabulary":"crossref"}]},{"ORCID":"https:\/\/orcid.org\/0000-0002-8658-9543","authenticated-orcid":false,"given":"Jos\u00e9 Francisco","family":"Puello-Socarr\u00e1s","sequence":"additional","affiliation":[],"role":[{"role":"author","vocabulary":"crossref"}]}],"member":"9723","published-online":{"date-parts":[[2015,12,13]]},"container-title":["Nova et Vetera"],"link":[{"URL":"https:\/\/revistas.esap.edu.co\/index.php\/novaetvetera\/article\/download\/192\/pdf","content-type":"application\/pdf","content-version":"vor","intended-application":"text-mining"},{"URL":"https:\/\/revistas.esap.edu.co\/index.php\/novaetvetera\/article\/download\/192\/pdf","content-type":"unspecified","content-version":"vor","intended-application":"similarity-checking"}],"deposited":{"date-parts":[[2025,12,31]],"date-time":"2025-12-31T20:27:46Z","timestamp":1767212866000},"score":0.0,"resource":{"primary":{"URL":"https:\/\/revistas.esap.edu.co\/index.php\/novaetvetera\/article\/view\/192"}},"issued":{"date-parts":[[2015,12,13]]},"references-count":0,"URL":"https:\/\/doi.org\/10.22431\/25005103.192","ISSN":["2500-5103","0123-2614"],"issn-type":[{"type":"electronic","value":"2500-5103"},{"type":"print","value":"0123-2614"}],"published":{"date-parts":[[2015,12,13]]}},{"indexed":{"date-parts":[[2025,11,6]],"date-time":"2025-11-06T16:37:50Z","timestamp":1762447070682,"version":"build-2065373602"},"reference-count":0,"publisher":"Escuela Superior de Administracion Publica","issue":"53","license":[{"start":{"date-parts":[[2011,6,1]],"date-time":"2011-06-01T00:00:00Z","timestamp":1306886400000},"content-version":"unspecified","delay-in-days":0,"URL":"http:\/\/creativecommons.org\/licenses\/by-nc-nd\/4.0"}],"content-domain":{"domain":[],"crossmark-restriction":false},"short-container-title":["Adm. Desarro."],"abstract":"<jats:p>The authors who have been studied here state that establishing a new paradigm of public management, called new public management (NPM), implies overcoming bureaucracy; the responsibility for public administration\u00b4s problems and crisis is thus assigned to this. The article sets out how such new administrative rationality has been constructed from lucrative private investment emerging from economics and, more particularly, from neoclassical economic thinking which exalts what is private, individualism and profitability, resulting from the historic developments of several disciplines which have participated in the study of organisations.<\/jats:p>","DOI":"10.22431\/25005227.147","type":"journal-article","created":{"date-parts":[[2017,7,5]],"date-time":"2017-07-05T12:06:06Z","timestamp":1499256366000},"page":"57-74","source":"Crossref","is-referenced-by-count":9,"title":["Una mirada a los nuevos enfoques de la gesti\u00f3n p\u00fablica","A look at new approaches to public management"],"prefix":"10.22431","volume":"39","author":[{"given":"Sergio Alberto","family":"Chica Velez","sequence":"first","affiliation":[],"role":[{"role":"author","vocabulary":"crossref"}]}],"member":"9723","published-online":{"date-parts":[[2011,6,1]]},"container-title":["Administraci\u00f3n &amp; Desarrollo"],"link":[{"URL":"https:\/\/revistas.esap.edu.co\/index.php\/admindesarro\/article\/download\/147\/pdf","content-type":"application\/pdf","content-version":"vor","intended-application":"text-mining"},{"URL":"https:\/\/revistas.esap.edu.co\/index.php\/admindesarro\/article\/download\/147\/pdf","content-type":"unspecified","content-version":"vor","intended-application":"similarity-checking"}],"deposited":{"date-parts":[[2025,11,6]],"date-time":"2025-11-06T16:34:08Z","timestamp":1762446848000},"score":0.0,"resource":{"primary":{"URL":"https:\/\/revistas.esap.edu.co\/index.php\/admindesarro\/article\/view\/147"}},"issued":{"date-parts":[[2011,6,1]]},"references-count":0,"journal-issue":{"issue":"53","published-online":{"date-parts":[[2011,6,1]]}},"URL":"https:\/\/doi.org\/10.22431\/25005227.147","ISSN":["2500-5227","0120-3754"],"issn-type":[{"type":"electronic","value":"2500-5227"},{"type":"print","value":"0120-3754"}],"published":{"date-parts":[[2011,6,1]]}},{"indexed":{"date-parts":[[2025,11,6]],"date-time":"2025-11-06T16:39:47Z","timestamp":1762447187101,"version":"build-2065373602"},"reference-count":14,"publisher":"Escuela Superior de Administracion Publica","issue":"1","license":[{"start":{"date-parts":[[2022,6,30]],"date-time":"2022-06-30T00:00:00Z","timestamp":1656547200000},"content-version":"unspecified","delay-in-days":0,"URL":"https:\/\/creativecommons.org\/licenses\/by-nc-sa\/4.0"}],"content-domain":{"domain":[],"crossmark-restriction":false},"short-container-title":["Adm. Desarro."],"abstract":"<jats:p>After the qualitative analysis for the identification and severity of the risks of an investment project carried out in Medellin, the search for quantitative valuation methodologies was initiated, to make decisions based on monetary information, facilitating the recognition of actions that allow the attention of the evaluated risks and the development of the pre-operational and operational stage. That is why this document seeks to expose the methodologies of quantitative risk valuation, reflecting the costs associated with the occurrence of risks to facilitate the quantification process of the current project and other public and private investment projects. Within the exposed results and conclusions, the importance of the data is evidenced to present independent variables that give support to the quantification and the adjustment to the Capex and Opex for the attention of the risks associated to the investment or operation.<\/jats:p>","DOI":"10.22431\/25005227.vol52n1.2","type":"journal-article","created":{"date-parts":[[2022,12,8]],"date-time":"2022-12-08T07:30:35Z","timestamp":1670484635000},"page":"20-34","source":"Crossref","is-referenced-by-count":0,"title":["Valoraci\u00f3n cuantitativa de riesgos para proyectos de inversi\u00f3n","Quantitative risk assessment risks for investment projects"],"prefix":"10.22431","volume":"52","author":[{"ORCID":"https:\/\/orcid.org\/0000-0002-8930-0450","authenticated-orcid":false,"given":"Uvenny","family":"Quirama Estrada","sequence":"first","affiliation":[],"role":[{"role":"author","vocabulary":"crossref"}]},{"ORCID":"https:\/\/orcid.org\/0000-0002-2242-3261","authenticated-orcid":false,"given":"Jairo Andr\u00e9s","family":"Sastoque Zapata","sequence":"additional","affiliation":[],"role":[{"role":"author","vocabulary":"crossref"}]},{"ORCID":"https:\/\/orcid.org\/0000-0001-6055-9445","authenticated-orcid":false,"given":"Carlos Augusto","family":"Arboleda Jaramillo","sequence":"additional","affiliation":[],"role":[{"role":"author","vocabulary":"crossref"}]}],"member":"9723","published-online":{"date-parts":[[2022,6,30]]},"reference":[{"key":"5726","unstructured":"\u00c1lvarez, M., Henao, R. y Duque, E. (2007). Clasificaci\u00f3n de eventos s\u00edsmicos empleando procesos gaussianos. Scientia Et Technica, 1(35), 145-150."},{"key":"5727","unstructured":"Fern\u00e1ndez, A. y L\u00f3pez, A. (2013). Validaci\u00f3n mediante m\u00e9todo Delphi de un sistema de indicadores para prever, dise\u00f1ar y medir el impacto sobre el desarrollo local de los proyectos de investigaci\u00f3n en el sector agropecuario. Ciencias T\u00e9cnicas Agropecuarias, 22(3), 54-60."},{"key":"5728","unstructured":"Fern\u00e1ndez, D. (2015). C\u00e1lculo estoc\u00e1stico en finanzas: Aplicaci\u00f3n del Modelo Browniano Geom\u00e9trico para la predicci\u00f3n del activo subyacente FCC.MC en el IBEX-35 [Tesis Doctoral]. Universitat Polit\u00e9cnica de Valencia."},{"key":"5729","unstructured":"Gujarati, D. y Porter, D. (2010). Econometr\u00eda. McGraw Hill."},{"key":"5730","unstructured":"Herrerias-Pleguezuelo, R. y P\u00e9rez, E. (2004). Estimaci\u00f3n de una distribuci\u00f3n beta como modelo para su utilizaci\u00f3n en el m\u00e9todo PERT. En Actas de la III Reuni\u00f3n Cient\u00edfica ASEPELT-ESPA\u00d1A (pp. 19-25). Universidad de Murcia."},{"key":"5731","unstructured":"Merton, R. y Samuelson, P. (1992). Continuous-time finance. https:\/\/vdocuments.net\/continuous-time-finance.html."},{"key":"5732","unstructured":"Ministerio de Hacienda y Cr\u00e9dito P\u00fablico. (2020). Metodolog\u00eda de valoraci\u00f3n de obligaciones contingentes para proyectos de infraestructura: El caso colombiano. Minhacienda."},{"key":"5733","unstructured":"Morales, P. (2012). Tipos de variables y sus implicaciones en el dise\u00f1o de una investigaci\u00f3n.Universidad Pontificia de Comillas."},{"key":"5734","unstructured":"Oleaga, G. (2011). Sobre la ecuaci\u00f3n de Black-Scholes. Bolet\u00edn de Matem\u00e1ticas, 18(1), 85-104."},{"key":"5735","unstructured":"Palacios-Cruz, L., P\u00e9rez, M., Rivas-Ruiz, R. y Talavera, J. (2013). Investigaci\u00f3n cl\u00ednica XVIII. Del juicio cl\u00ednico al modelo de regresi\u00f3n lineal. Revista M\u00e9dica del Instituto Mexicano del Seguro Social, 51(6), 656-661."},{"key":"5736","unstructured":"Quirama, U., Sep\u00falveda-Aguirre, J. A., Aguirre, A. y Garc\u00e9s, L. F. (2020). Riesgos financieros en peque\u00f1as y medianas empresas. Revista Venezolana de Gerencia, 26(91), 22-39."},{"key":"5737","doi-asserted-by":"crossref","unstructured":"Rodr\u00edguez, M. y Mendivelso, F. (2018). Dise\u00f1o de investigaci\u00f3n de corte transversal. Revista M\u00e9dica Sanitas, 21(3), 141-146.","DOI":"10.26852\/01234250.20"},{"key":"5738","doi-asserted-by":"crossref","unstructured":"Saavedra-Montes, A. y Sanch, G. J. (2022). M\u00e9todo de ense\u00f1anza\/aprendizaje aplicado a los sistemas de energ\u00eda el\u00e9ctrica. Scientia et Technica, 27(1), 7-14.","DOI":"10.22517\/23447214.24546"},{"key":"5739","doi-asserted-by":"crossref","unstructured":"Valladares, L. (2022). Pedagog\u00edas del riesgo: alfabetizaci\u00f3n cient\u00edfica en tiempos de pandemia. Eureka, 130101-130123.","DOI":"10.25267\/Rev_Eureka_ensen_divulg_cienc.2022.v19.i1.1301"}],"container-title":["Administraci\u00f3n &amp; Desarrollo"],"link":[{"URL":"https:\/\/revistas.esap.edu.co\/index.php\/admindesarro\/article\/download\/773\/625","content-type":"application\/pdf","content-version":"vor","intended-application":"text-mining"},{"URL":"https:\/\/revistas.esap.edu.co\/index.php\/admindesarro\/article\/download\/773\/739","content-type":"text\/xml","content-version":"vor","intended-application":"text-mining"},{"URL":"https:\/\/revistas.esap.edu.co\/index.php\/admindesarro\/article\/download\/773\/625","content-type":"unspecified","content-version":"vor","intended-application":"similarity-checking"}],"deposited":{"date-parts":[[2025,11,6]],"date-time":"2025-11-06T16:35:39Z","timestamp":1762446939000},"score":0.0,"resource":{"primary":{"URL":"https:\/\/revistas.esap.edu.co\/index.php\/admindesarro\/article\/view\/773"}},"issued":{"date-parts":[[2022,6,30]]},"references-count":14,"journal-issue":{"issue":"1","published-online":{"date-parts":[[2022,6,30]]}},"URL":"https:\/\/doi.org\/10.22431\/25005227.vol52n1.2","ISSN":["2500-5227","0120-3754"],"issn-type":[{"type":"electronic","value":"2500-5227"},{"type":"print","value":"0120-3754"}],"published":{"date-parts":[[2022,6,30]]}},{"indexed":{"date-parts":[[2025,11,6]],"date-time":"2025-11-06T16:49:27Z","timestamp":1762447767568,"version":"build-2065373602"},"reference-count":0,"publisher":"Escuela Superior de Administracion Publica","issue":"67","license":[{"start":{"date-parts":[[2014,12,1]],"date-time":"2014-12-01T00:00:00Z","timestamp":1417392000000},"content-version":"unspecified","delay-in-days":0,"URL":"http:\/\/creativecommons.org\/licenses\/by-nc-nd\/4.0"}],"content-domain":{"domain":[],"crossmark-restriction":false},"short-container-title":["Nova vetera"],"abstract":"<jats:p>La pretensi\u00f3n de este art\u00edculo es dejar planteadas algunas l\u00edneas, desde la perspectiva cualitativa, respecto a la manera en la que el desplazado por el conflicto armado en Colombia reconoce a los \u201cotros\u201d y su derecho a la ciudad. El desplazado es abordado en el texto como constructor de vida social desde el \u201cdemos\u201d y no como simple actor del conflicto armado, partiendo del hecho de que el desplazamiento forzado en Colombia hacia las cabeceras municipales no acontece en raz\u00f3n de identidades culturales y pol\u00edticas sociales preexistentes.<\/jats:p>","DOI":"10.22431\/25005103.25","type":"journal-article","created":{"date-parts":[[2017,7,5]],"date-time":"2017-07-05T15:34:05Z","timestamp":1499268845000},"page":"56-71","source":"Crossref","is-referenced-by-count":0,"title":["El reconocimiento y el derecho a la ciudad en los desplazados por el conflicto armado en Colombia"],"prefix":"10.22431","volume":"23","author":[{"given":"Ariel","family":"Mosquera Morales","sequence":"first","affiliation":[],"role":[{"role":"author","vocabulary":"crossref"}]}],"member":"9723","published-online":{"date-parts":[[2014,12,1]]},"container-title":["Nova et Vetera"],"link":[{"URL":"https:\/\/revistas.esap.edu.co\/index.php\/novaetvetera\/article\/download\/25\/30","content-type":"application\/pdf","content-version":"vor","intended-application":"text-mining"},{"URL":"https:\/\/revistas.esap.edu.co\/index.php\/novaetvetera\/article\/download\/25\/30","content-type":"unspecified","content-version":"vor","intended-application":"similarity-checking"}],"deposited":{"date-parts":[[2025,11,6]],"date-time":"2025-11-06T16:44:43Z","timestamp":1762447483000},"score":0.0,"resource":{"primary":{"URL":"https:\/\/revistas.esap.edu.co\/index.php\/novaetvetera\/article\/view\/25"}},"issued":{"date-parts":[[2014,12,1]]},"references-count":0,"journal-issue":{"issue":"67","published-online":{"date-parts":[[2014,12,1]]}},"URL":"https:\/\/doi.org\/10.22431\/25005103.25","ISSN":["2500-5103","0123-2614"],"issn-type":[{"type":"electronic","value":"2500-5103"},{"type":"print","value":"0123-2614"}],"published":{"date-parts":[[2014,12,1]]}},{"indexed":{"date-parts":[[2025,12,31]],"date-time":"2025-12-31T20:29:58Z","timestamp":1767212998253,"version":"3.48.0"},"reference-count":0,"publisher":"Escuela Superior de Administracion Publica","license":[{"start":{"date-parts":[[2015,12,13]],"date-time":"2015-12-13T00:00:00Z","timestamp":1449964800000},"content-version":"unspecified","delay-in-days":0,"URL":"http:\/\/creativecommons.org\/licenses\/by-nc-nd\/4.0"}],"content-domain":{"domain":[],"crossmark-restriction":false},"short-container-title":["Nova vetera"],"abstract":"<jats:p>Este trabajo desarrolla de manera preliminar los desaf\u00edos de la administraci\u00f3n p\u00fablica -AP- y su formaci\u00f3n ad portas de un escenario transicional en Colombia. Referidos los planteamientos generales de A. Rosembaum en torno a asumir la gesti\u00f3n gubernamental en la actualidad, movida entre una hegemon\u00eda privatizadora y una urgencia del llamado al sector p\u00fablico en el mundo, se aborda el caso colombiano en el que si bien es evidente la crisis del papel privatizador en la AP, se insiste en su acci\u00f3n. La hip\u00f3tesis explicativa de dicha insistencia se da por una nueva excepcionalidad pol\u00edtica acogida por el Estado dentro de la reestructuraci\u00f3n capitalista neoliberal. Llegada la transici\u00f3n con la paz, se pregunta\u00a0 si la AP har\u00e1 la diferencia y qu\u00e9 retos desafiar\u00e1 su formaci\u00f3n.\u00a0\u00a0<\/jats:p>","DOI":"10.22431\/25005103.188","type":"journal-article","created":{"date-parts":[[2017,7,5]],"date-time":"2017-07-05T15:34:05Z","timestamp":1499268845000},"page":"84-97","source":"Crossref","is-referenced-by-count":0,"title":["La administraci\u00f3n p\u00fablica en Colombia  Reflexiones en torno a un escenario de transici\u00f3n:  Privatizaci\u00f3n de lo p\u00fablico, excepcionalidad pol\u00edtica y desaf\u00edos disciplinares"],"prefix":"10.22431","volume":"24","author":[{"given":"Yolanda","family":"Rodr\u00edguez Rinc\u00f3n","sequence":"first","affiliation":[],"role":[{"role":"author","vocabulary":"crossref"}]}],"member":"9723","published-online":{"date-parts":[[2015,12,13]]},"container-title":["Nova et Vetera"],"link":[{"URL":"https:\/\/revistas.esap.edu.co\/index.php\/novaetvetera\/article\/download\/188\/pdf","content-type":"application\/pdf","content-version":"vor","intended-application":"text-mining"},{"URL":"https:\/\/revistas.esap.edu.co\/index.php\/novaetvetera\/article\/download\/188\/pdf","content-type":"unspecified","content-version":"vor","intended-application":"similarity-checking"}],"deposited":{"date-parts":[[2025,12,31]],"date-time":"2025-12-31T20:23:56Z","timestamp":1767212636000},"score":0.0,"resource":{"primary":{"URL":"https:\/\/revistas.esap.edu.co\/index.php\/novaetvetera\/article\/view\/188"}},"issued":{"date-parts":[[2015,12,13]]},"references-count":0,"URL":"https:\/\/doi.org\/10.22431\/25005103.188","ISSN":["2500-5103","0123-2614"],"issn-type":[{"type":"electronic","value":"2500-5103"},{"type":"print","value":"0123-2614"}],"published":{"date-parts":[[2015,12,13]]}},{"indexed":{"date-parts":[[2025,11,6]],"date-time":"2025-11-06T16:51:47Z","timestamp":1762447907884,"version":"build-2065373602"},"reference-count":0,"publisher":"Escuela Superior de Administracion Publica","license":[{"start":{"date-parts":[[2015,12,13]],"date-time":"2015-12-13T00:00:00Z","timestamp":1449964800000},"content-version":"unspecified","delay-in-days":0,"URL":"http:\/\/creativecommons.org\/licenses\/by-nc-nd\/4.0"}],"content-domain":{"domain":[],"crossmark-restriction":false},"short-container-title":["Nova vetera"],"abstract":"<jats:p>Ya es un lugar com\u00fan afirmar que Colombia se encuentra en un momento decisivo. Que est\u00e1 ante una encrucijada que podr\u00eda determinar su historia por d\u00e9cadas. Que la decisi\u00f3n que adopten los colombianos en la votaci\u00f3n del plebiscito sobre la terminaci\u00f3n del conflicto y la construcci\u00f3n de una paz estable y duradera, podr\u00eda ser una de las m\u00e1s significativas en generaciones. Sin duda, Colombia se encuentra como sociedad en una coyuntura muy importante, en t\u00e9rminos de construir un proyecto de pa\u00eds que ojal\u00e1 convoque a todos los ciudadanos.<\/jats:p>","DOI":"10.22431\/25005103.198","type":"journal-article","created":{"date-parts":[[2017,7,5]],"date-time":"2017-07-05T15:34:05Z","timestamp":1499268845000},"page":"1-4","source":"Crossref","is-referenced-by-count":0,"title":["Editorial"],"prefix":"10.22431","volume":"24","author":[{"given":"Felipe","family":"Galvis Castro","sequence":"first","affiliation":[],"role":[{"role":"author","vocabulary":"crossref"}]}],"member":"9723","published-online":{"date-parts":[[2015,12,13]]},"container-title":["Nova et Vetera"],"link":[{"URL":"https:\/\/revistas.esap.edu.co\/index.php\/novaetvetera\/article\/download\/198\/pdf","content-type":"application\/pdf","content-version":"vor","intended-application":"text-mining"},{"URL":"https:\/\/revistas.esap.edu.co\/index.php\/novaetvetera\/article\/download\/198\/pdf","content-type":"unspecified","content-version":"vor","intended-application":"similarity-checking"}],"deposited":{"date-parts":[[2025,11,6]],"date-time":"2025-11-06T16:45:56Z","timestamp":1762447556000},"score":0.0,"resource":{"primary":{"URL":"https:\/\/revistas.esap.edu.co\/index.php\/novaetvetera\/article\/view\/198"}},"issued":{"date-parts":[[2015,12,13]]},"references-count":0,"URL":"https:\/\/doi.org\/10.22431\/25005103.198","ISSN":["2500-5103","0123-2614"],"issn-type":[{"type":"electronic","value":"2500-5103"},{"type":"print","value":"0123-2614"}],"published":{"date-parts":[[2015,12,13]]}},{"indexed":{"date-parts":[[2025,12,31]],"date-time":"2025-12-31T20:04:20Z","timestamp":1767211460438,"version":"3.48.0"},"reference-count":29,"publisher":"Escuela Superior de Administracion Publica","issue":"1","license":[{"start":{"date-parts":[[2024,5,9]],"date-time":"2024-05-09T00:00:00Z","timestamp":1715212800000},"content-version":"unspecified","delay-in-days":0,"URL":"https:\/\/creativecommons.org\/licenses\/by-nc-sa\/4.0"}],"content-domain":{"domain":[],"crossmark-restriction":false},"short-container-title":["Adm. Desarro."],"abstract":"<jats:p>Contract management, which is carried out through the budgetary item of acquisition of goods and services in sixth-category public entities, is a topic little known in the investigative field. However, this does not diminish its importance when applying the fundamentals of administration. Therefore, the present study, through a descriptive approach, aimed to analyze contract management in the acquisition of goods and services in physical resources of the municipalities of Suan, Juan de Acosta y Pioj\u00f3, during the period from 2017 to 2020. In this sense, its main findings revealed the lack of application of the principles of publicity, transparency, and promptness contemplated in the regulations. Therefore, it can be deduced that contract management in the studied municipalities has been unfavorable.<\/jats:p>","DOI":"10.22431\/25005227.vol54n1.899","type":"journal-article","created":{"date-parts":[[2024,5,9]],"date-time":"2024-05-09T12:37:46Z","timestamp":1715258266000},"page":"e899","source":"Crossref","is-referenced-by-count":0,"title":["Adquisici\u00f3n de bienes y servicios en recursos f\u00edsicos: municipios de sexta categor\u00eda del Atl\u00e1ntico","Acquisition of Goods and Services in Physical Resources: Sixth Category Municipalities of the Atl\u00e1ntico"],"prefix":"10.22431","volume":"54","author":[{"ORCID":"https:\/\/orcid.org\/0000-0002-7788-9405","authenticated-orcid":false,"given":"Javier","family":"De la Hoz Mercado","sequence":"first","affiliation":[],"role":[{"role":"author","vocabulary":"crossref"}]}],"member":"9723","published-online":{"date-parts":[[2024,5,9]]},"reference":[{"key":"12735","unstructured":"Agencia Nacional de Contrataci\u00f3n. (2022). Circular 008, 006, 004. https:\/\/www.colombiacompra.gov.co\/sites\/cce_public\/files\/files_2020\/circular_externa_008_de_2022.pdf"},{"key":"12736","unstructured":"Baham\u00f3n, M. (2018). Elementos y presupuestos de la contrataci\u00f3n estatal. Universidad Cat\u00f3lica de Colombia. https:\/\/publicaciones.ucatolica.edu.co\/pdf\/elementos-y-presupuestos-de-la-contratacion-estatal.pdf"},{"key":"12737","unstructured":"Blutman, G. (2009). La reforma y modernizaci\u00f3n del Estado en Argentina; el papel de la cultura organizacional [Tesis]. Universidad de Buenos Aires. http:\/\/bibliotecadigital.econ.uba.ar\/download\/tesis\/1501-1195_BlutmanG.pdf"},{"key":"12738","unstructured":"Colombia Compra Eficiente. (2024). Acuerdo Marco de Precios. https:\/\/colombiacompra.gov.co\/ciudadanos\/preguntas-frecuentes\/acuerdos-marco"},{"key":"12739","unstructured":"Colombia Compra Eficiente. (2024). Clasificador de Bienes. https:\/\/www.colombiacompra.gov.co\/clasificador-de-bienes-y-servicios."},{"key":"12740","unstructured":"Colombia Compra Eficiente. (s.f.). Circular externa. Bogot\u00e1. https:\/\/www.colombiacompra.gov.co\/sites\/cce_public\/files\/cce_circulares\/vf_circular_externa_004_de_2021_002_2.pdf"},{"key":"12741","unstructured":"Consejo de Estado. (2010). Sentencia 101 de 2010. https:\/\/www.funcionpublica.gov.co\/eva\/gestornormativo\/norma.php?i=39459"},{"key":"12742","unstructured":"Consejo Profesional Nacional de Ingenier\u00eda\u2013COPNIA. (2016). Procedimiento de Gesti\u00f3n Contractual. https:\/\/www.copnia.gov.co\/sites\/default\/files\/uploads\/mapa-procesos\/archivos\/contratacion\/Gestion_contractual.pdf"},{"key":"12743","unstructured":"Constituci\u00f3n Pol\u00edtica de Colombia [Const]. Art\u00edculo 209 de Julio de 1991 (Colombia)."},{"key":"12744","unstructured":"Cuello, R. (2016). La Contrataci\u00f3n P\u00fablica electr\u00f3nica en Colombia como mecanismo para hacer m\u00e1s [Tesis, Universidad La Gran Colombia]."},{"key":"12745","unstructured":"Departamento Nacional de Planeaci\u00f3n (DNP). (2004). Manual de buenas pr\u00e1cticas para la gesti\u00f3n contractual p\u00fablica. https:\/\/www.ramajudicial.gov.co\/documents\/3272611\/3370501\/MANUAL_BUENAS_PRACTICAS+DNP.pdf\/c97d8bdb-444a-405e-8aac-e42745af2e04"},{"key":"12746","unstructured":"Encinales, A., Zambrano, M. y Mora, E. (2018). La Contrataci\u00f3n Directa en Colombia. Una alternativa para agilizar los procesos contractuales o una v\u00eda para defraudar a la Administraci\u00f3n P\u00fablica. Universidad Santo Tom\u00e1s."},{"key":"12747","unstructured":"Funci\u00f3n P\u00fablica. (2020). Adquisici\u00f3n de bienes y servicios. https:\/\/www.funcionpublica.gov.co\/inicio"},{"key":"12748","unstructured":"Funci\u00f3n P\u00fablica. (2020). Contrataci\u00f3n P\u00fablica (Modulo 4). https:\/\/www.funcionpublica.gov.co\/eva\/gerentes\/Modulo4\/tema-2\/1-modalidades.html"},{"key":"12749","unstructured":"Hern\u00e1ndez, R., Fern\u00e1ndez, C. y Baptista, P. (2014). Metodolog\u00eda de la Investigaci\u00f3n. Escuela Superior de Guerra Naval. https:\/\/www.esup.edu.pe\/wp-content\/uploads\/2020\/12\/2.%20Hernandez,%20Fernandez%20y%20Baptista-Metodolog%C3%ADa%20Investigacion%20Cientifica%206ta%20ed.pdf"},{"key":"12750","unstructured":"Huergo, J. (2007). Los Procesos de Gesti\u00f3n. http:\/\/servicios.abc.gov.ar\/lainstitucion\/univpedagogica\/especializaciones\/seminario\/materialesparadescargar\/seminario4\/huergo3.pdf"},{"key":"12751","unstructured":"Laguado, R. (2004). La contrataci\u00f3n p\u00fablica electr\u00f3nica en Colombia. Universitas, (108) 457-498."},{"key":"12752","unstructured":"Ley 1150 de 2007. Por medio de la cual se introducen medidas para la eficiencia y la transparencia en la Ley 80 de 1993 y se dictan otras disposiciones generales sobre la contrataci\u00f3n con Recursos P\u00fablicos. 16 de Julio 2007. D. O. 46691."},{"key":"12753","unstructured":"Luna, L. (2022). Mejora en la gesti\u00f3n de las contrataciones de bienes y servicios para la atenci\u00f3n oportuna de los requerimientos de las \u00e1reas usuarias en el Hospital Regional Honorio Delgado de Arequipa [Tesis de maestr\u00eda, Universidad Continental]. https:\/\/repositorio.continental.edu.pe\/bitstream\/20.500.12394\/11580\/1\/IV_PG_MGP_TI_Luna_Minchola_2022.pdf"},{"key":"12754","unstructured":"Mar\u00edn, G. (2003). La responsabilidad precontractual en Colombia. Opini\u00f3n Jur\u00eddica, 3, 57-78. https:\/\/repository.udem.edu.co\/bitstream\/handle\/11407\/1790\/Opinion_Juridica_242.pdf?sequence=2&isAllowed=y"},{"key":"12755","unstructured":"Moreira, P. y Hinostroza, M. (2022). Contrataci\u00f3n p\u00fablica y su incidencia en la ejecuci\u00f3n presupuestaria en la empresa p\u00fablica Corporaci\u00f3n Nacional de Telecomunicaciones, provincia de Manab\u00ed. Revista Cient\u00edfica Arbitrada de Investigaci\u00f3n en Comunicaci\u00f3n, Marketing y Empresa, 5(10), 2-20. https:\/\/doi.org\/10.46296\/rc.v5i10edespdic.0100"},{"key":"12756","unstructured":"Paredes, S. (2021). An\u00e1lisis de los Procesos de Adquisici\u00f3n de Bienes y Servicios de la Constructora Leonardo Hern\u00e1ndez S.A., de la provincia de Esmeraldas [Tesis, Pontificia Universidad Cat\u00f3lica del Ecuador]. https:\/\/repositorio.pucese.edu.ec\/handle\/123456789\/2817"},{"key":"12757","doi-asserted-by":"crossref","unstructured":"Pimienta, C. (2002). Gesti\u00f3n de compras y contrataciones gubernamentales. RAE electr\u00f3nica, 1(1), 1-12.","DOI":"10.1590\/S1676-56482002000100013"},{"key":"12758","unstructured":"Programa de las Naciones Unidas para el Desarrollo (PNUD). (2009). Bienes y servicios. En: Gu\u00eda de Gesti\u00f3n de Proyectos de Ejecuci\u00f3n Nacional (Pp. 2-26). PNUD."},{"key":"12759","unstructured":"Presidencia de la Rep\u00fablica. (2015). Decreto 1082. https:\/\/www.funcionpublica.gov.co\/eva\/gestornormativo\/norma.php?i=77653"},{"key":"12760","unstructured":"Presidencia de la Rep\u00fablica. (2021). Decreto 310. https:\/\/www.funcionpublica.gov.co\/eva\/gestornormativo\/norma.php?i=160961"},{"key":"12761","doi-asserted-by":"crossref","unstructured":"Sarmiento , J., Mari\u00f1o, C. y Forero, C. (2015). La contrataci\u00f3n administrativa electr\u00f3nica. Civilizar, 15(29), 31-58. https:\/\/doi.org\/10.22518\/16578953.474","DOI":"10.22518\/16578953.474"},{"key":"12762","unstructured":"Scheller, A. y Silva, S. (2017). La corrupci\u00f3n en la contrataci\u00f3n p\u00fablica: operatividad, tipificaci\u00f3n, percepci\u00f3n, costos y beneficios. Revista Via Iuris, (23), 1-36. https:\/\/dialnet.unirioja.es\/servlet\/articulo?codigo=6773362"},{"key":"12763","unstructured":"Urrea, O. y Chica, S. (2008). Gerencia de los Recursos f\u00edsicos y financieros. Escuela Superior de Administraci\u00f3n P\u00fablica. https:\/\/www.esap.edu.co\/portal\/wp-content\/uploads\/2017\/10\/3-Gerencia-de-Recursos-Fiscos-y-financieros.pdf"}],"container-title":["Administraci\u00f3n &amp; Desarrollo"],"link":[{"URL":"https:\/\/revistas.esap.edu.co\/index.php\/admindesarro\/article\/download\/899\/753","content-type":"application\/pdf","content-version":"vor","intended-application":"text-mining"},{"URL":"https:\/\/revistas.esap.edu.co\/index.php\/admindesarro\/article\/download\/899\/764","content-type":"text\/xml","content-version":"vor","intended-application":"text-mining"},{"URL":"https:\/\/revistas.esap.edu.co\/index.php\/admindesarro\/article\/download\/899\/753","content-type":"unspecified","content-version":"vor","intended-application":"similarity-checking"}],"deposited":{"date-parts":[[2025,12,31]],"date-time":"2025-12-31T19:59:46Z","timestamp":1767211186000},"score":0.0,"resource":{"primary":{"URL":"https:\/\/revistas.esap.edu.co\/index.php\/admindesarro\/article\/view\/899"}},"issued":{"date-parts":[[2024,5,9]]},"references-count":29,"journal-issue":{"issue":"1","published-online":{"date-parts":[[2024,1,1]]}},"URL":"https:\/\/doi.org\/10.22431\/25005227.vol54n1.899","ISSN":["2500-5227","0120-3754"],"issn-type":[{"type":"electronic","value":"2500-5227"},{"type":"print","value":"0120-3754"}],"published":{"date-parts":[[2024,5,9]]}},{"indexed":{"date-parts":[[2025,7,9]],"date-time":"2025-07-09T16:40:12Z","timestamp":1752079212245,"version":"3.41.2"},"reference-count":44,"publisher":"Escuela Superior de Administracion Publica","issue":"2","license":[{"start":{"date-parts":[[2024,12,10]],"date-time":"2024-12-10T00:00:00Z","timestamp":1733788800000},"content-version":"unspecified","delay-in-days":0,"URL":"https:\/\/creativecommons.org\/licenses\/by-nc-sa\/4.0"}],"content-domain":{"domain":[],"crossmark-restriction":false},"short-container-title":["Adm. Desarro."],"abstract":"<jats:p>The objective was to design a model using the Activity Based Costing (ABC) methodology applicable to Home Care. A quantitative, comparative, and cross-sectional study was conducted in two phases: the first focused on exploring home care (HC) programs, and the second on determining ABC cost models reported in the literature and in virtual environments, which serve as references for calculating ABC costs in HC programs. These phases were developed through technological surveillance strategies and expert validation for the model. Direct cost elements were established, including technical and professional human resources for assistance, supplies, materials, general expenses attributable to the HC. Administrative and logistical factors attributable to the service were also considered, such as technical support, assistant in administrative areas, professional support in administrative processes. Additionally, the factors of materials and supplies used, as well as the tools for their quantification, were established. Finally, general expense factors included in indirect costs were identified. It is concluded that the adapting of the ABC costing method to the HD service requires considering the general principles of cost accounting and administration, as well as the need for continuous attention to healthcare factors specific to the health sector and its particularities.<\/jats:p>","DOI":"10.22431\/25005227.926","type":"journal-article","created":{"date-parts":[[2024,12,10]],"date-time":"2024-12-10T13:54:09Z","timestamp":1733838849000},"page":"e926","source":"Crossref","is-referenced-by-count":0,"title":["Modelo de costos basados en actividades. Herramienta de gesti\u00f3n en atenci\u00f3n domiciliaria del sector salud","Activity based cost model. Home care management tool for the health sector"],"prefix":"10.22431","volume":"54","author":[{"ORCID":"https:\/\/orcid.org\/0000-0002-8093-2873","authenticated-orcid":false,"given":"Jorge Arley","family":"Ram\u00edrez C\u00e1rdenas","sequence":"first","affiliation":[],"role":[{"role":"author","vocabulary":"crossref"}]},{"ORCID":"https:\/\/orcid.org\/0000-0001-8913-6788","authenticated-orcid":false,"given":"Jairo Emilio","family":"Mej\u00eda Arg\u00fcello","sequence":"additional","affiliation":[],"role":[{"role":"author","vocabulary":"crossref"}]}],"member":"9723","published-online":{"date-parts":[[2024,12,10]]},"reference":[{"key":"16508","unstructured":"Adame, R. (2000). Costeo basado en actividades (ABC) conceptos te\u00f3ricos y metodolog\u00edas de implementaci\u00f3n [Doctoral dissertation, Universidad Aut\u00f3noma de Nuevo Le\u00f3n]. http:\/\/cdigital.dgb.uanl.mx\/te\/1020130910\/1020130910.PDF"},{"key":"16509","unstructured":"Almenara, J. C. y Cejudo, M. D. C. L. (2013). La aplicaci\u00f3n del juicio de experto como t\u00e9cnica de evaluaci\u00f3n de las tecnolog\u00edas de la informaci\u00f3n y comunicaci\u00f3n (TIC). Revista Eduweb, 7(2), 11-22. https:\/\/revistaeduweb.org\/index.php\/eduweb\/article\/view\/206\/154"},{"key":"16510","doi-asserted-by":"publisher","DOI":"10.26710\/jafee.v6i1.1074"},{"key":"16511","unstructured":"Arango \u00c1lzate, B., Tamayo Giraldo, L. y Fadul Barbosa, A. (2012). Vigilancia Tecnol\u00f3gica: metodolog\u00edas y aplicaciones. Revista Electr\u00f3nica Gesti\u00f3n de las Personas y Tecnolog\u00eda, 5(13). https:\/\/www.redalyc.org\/articulo.oa?id=477847114019"},{"key":"16512","doi-asserted-by":"publisher","DOI":"10.29262\/ram.v63i2.181"},{"key":"16513","unstructured":"Barreiro, S. (2019). Gesti\u00f3n de Costos en Salud. Monografia.Curso Anual Auditor\u00eda M\u00e9dica Hoy https:\/\/www.auditoriamedicahoy.com.ar\/biblioteca\/Monografia%20gestion%20en%20costos%20Sebastian%20Barreiro%20para%20biblioteca.pdf"},{"key":"16514","unstructured":"Bastidas, J. y Rom\u00e1n, L. (2019). El sistema de costos ABC y su influencia en la fijaci\u00f3n de precios de productos para la toma de decisiones gerenciales en el sector manufactura Lima, Per\u00fa [Tesis de licenciatura, Universidad Peruana de Ciencias Aplicadas]. https:\/\/repositorioacademico.upc.edu.pe\/handle\/10757\/626117"},{"key":"16515","doi-asserted-by":"publisher","DOI":"10.2165\/00019053-200119020-00007"},{"key":"16516","unstructured":"Caldera, J., Ripoll, F., Bauj\u00edn, P. y Vega, V. (2017). Evoluci\u00f3n en la Configuraci\u00f3n de los Sistemas de Costeo Basado en las Actividades. Actualidad Contable Faces, 10(14), 13-28 https:\/\/www.redalyc.org\/pdf\/257\/25701403.pdf"},{"key":"16517","doi-asserted-by":"publisher","DOI":"10.17268\/rev.cyt.2022.04.03"},{"key":"16518","doi-asserted-by":"publisher","DOI":"10.30554\/archmed.13.2.218.2013"},{"key":"16519","unstructured":"Castrill\u00f3n, J. (2010). Costos para gerenciar servicios de salud. Tercera edici\u00f3n revisada y aumentada. Editorial Universidad del Norte. https:\/\/editorial.uninorte.edu.co\/gpd-costos-para-gerenciar-servicios-de-salud-3ra-edicion-revisada-y-aumentada.html"},{"key":"16520","doi-asserted-by":"publisher","DOI":"10.17533\/udea.rc.25661"},{"key":"16521","unstructured":"Eslava, Z., R, A., y Parra, G., B. (2019, del 12 al 14 de septiembre). Costos Basados En Actividades (ABC): An\u00e1lisis de los Factores Claves Identificados en las Investigaciones Desarrolladas. (Ponencia). Sexto Simposio Internacional de Investigaci\u00f3n en Ciencias Econ\u00f3micas, Administrativas y Contables - Sociedad y Desarrollo. Segundos Encuentro Internacional de Estudiantes de Ciencias Econ\u00f3micas, Administrativas y Contables. Bogot\u00e1. https:\/\/www.unilibre.edu.co\/bogota\/pdfs\/2019\/6tosimposio\/ponencias-docentes\/46d.pdf"},{"key":"16522","unstructured":"Fei, Z. & Ruhana, C. (2017). Investigating the Empirical Effect of ABC Stages on the Performance of Companies. Iranian Journal of Management Studies, 10(1), 175-205. https:\/\/doi.org\/10.22059\/ijms.2017.216695.672286"},{"key":"16523","doi-asserted-by":"publisher","DOI":"10.32870\/Ap.v9n2.993"},{"key":"16524","unstructured":"Garrote, P. R. y del Carmen Rojas, M. (2015). La validaci\u00f3n por juicio de expertos: dos investigaciones cualitativas en Ling\u00fc\u00edstica aplicada. Revista Nebrija de ling\u00fc\u00edstica aplicada a la ense\u00f1anza de lenguas, (18), 124-139. https:\/\/doi.org\/10.26378\/rnlael918259"},{"key":"16525","doi-asserted-by":"publisher","DOI":"10.17533\/udea.rfnsp.e351811"},{"key":"16526","unstructured":"Gregorio Rojas, N. (2023). Metodolog\u00eda de la investigaci\u00f3n para anteproyectos. (1 ed.). Universidad Abierta para Adultos (UAPA). https:\/\/elibro-net.proxy.bidig.areandina.edu.co\/es\/lc\/areandina\/titulos\/229656"},{"key":"16527","unstructured":"Guar\u00edn Penagos, H.Y. y Palomino Baquero, A. F. (2012). Aplicaci\u00f3n de los modelos de mejoramiento de procesos y de tiempos y movimientos en las \u00e1reas de urgencias y hospitalizaci\u00f3n de la Cl\u00ednica Bel\u00e9n de Fusagasug\u00e1 para garantizar la prestaci\u00f3n del servicio en salud con calidad. [Tesis Magister en Administraci\u00f3n de Salud, Universidad del Rosario]."},{"key":"16528","doi-asserted-by":"publisher","DOI":"10.36104\/amc.2020.1255"},{"key":"16529","unstructured":"Hern\u00e1ndez Sampieri, R., Fern\u00e1ndez Collado, C. y Baptista Lucio, M. D. P. (2014). Metodolog\u00eda de la Investigaci\u00f3n. Journal of Chemical Information and Modeling, 53(9)"},{"key":"16530","unstructured":"Kaplan, R. S., y Anderson, S. R. (2007). Time-driven activity-based costing: a simpler and more powerful path to higher profits. Harvard business press."},{"key":"16531","unstructured":"Lefebvre, C. y Van Den Brande, A. (1993). Activity Based Costing. \u00bfUn nuevo ABC"},{"key":"16532","unstructured":"contable? Cuadernos de Estudios Empresariales, 3, 125-161. https:\/\/dialnet.unirioja.es\/servlet\/articulo?codigo=2037438"},{"key":"16533","unstructured":"Ministerio de Salud. (2022). Propuesta metodol\u00f3gica para la implementaci\u00f3n de un sistema de costeo para las Instituciones Prestadoras de Servicios de Salud. MinSalud. https:\/\/www.minsalud.gov.co\/sites\/rid\/Lists\/BibliotecaDigital\/RIDE\/VP\/DOA\/implementacion-sistema-costeo-ips.pdf"},{"key":"16534","doi-asserted-by":"publisher","DOI":"10.6018\/eglobal.14.3.202571"},{"key":"16535","doi-asserted-by":"publisher","DOI":"10.15366\/reice2011.9.2.004"},{"key":"16536","doi-asserted-by":"publisher","DOI":"10.1177\/1096348009344221"},{"key":"16537","unstructured":"Quinde, Ll., K. E. (2022). Evaluaci\u00f3n del impacto en el costo hospitalario que genera la implementaci\u00f3n de un modelo de costeo basada en actividades (ABC) para la atenci\u00f3n de pacientes privados en hospital Le\u00f3n Becerra de Guayaquil [Tesis de maestr\u00eda, Universidad Polit\u00e9cnica Salesiana]."},{"key":"16538","unstructured":"http:\/\/dspace.ups.edu.ec\/handle\/123456789\/23228"},{"key":"16539","doi-asserted-by":"publisher","DOI":"10.33423\/jaf.v20i1.2742"},{"key":"16540","unstructured":"Ramos, F, E. V., Huacchillo, P, L. A. y Portocarrero, M, Y. P. (2020). El sistema de costos ABC como estrategia para la toma de decisiones empresarial. Universidad y Sociedad, 12(2), 178-183. http:\/\/scielo.sld.cu\/scielo.php?script=sci_arttext&pid=S2218-36202020000200178&lng=es&tlng=es."},{"key":"16541","unstructured":"Resoluci\u00f3n 3100 de 2019. [Ministerio de Salud Por la cual se reconocen los procedimientos y condiciones de inscripci\u00f3n de los prestadores de servicios de salud y de habilitaci\u00f3n de los servicios de salud y se adopta el Manual de Inscripci\u00f3n de Prestadores y Habilitaci\u00f3n de Servicios de Salud. 25 de noviembre de 2019. https:\/\/www.minsalud.gov.co\/Normatividad_Nuevo\/Resoluci%C3%B3n%20No.%203100%20de%202019.pdf"},{"key":"16542","doi-asserted-by":"publisher","DOI":"10.5377\/farem.v12i47.16858"},{"key":"16543","unstructured":"Romero Aranibar., P, V. (2017). Tiempos y movimientos de la enfermera en el desarrollo de sus actividades en la consulta de CRED en dos centros de salud, 2016 [Tesis Enfermer\u00eda, Universidad Nacional Mayor de San Marcos]. https:\/\/cybertesis.unmsm.edu.pe\/bitstream\/handle\/20.500.12672\/6001\/Romero_ap.pdf?sequence=3&isAllowed=y"},{"key":"16544","unstructured":"Ruiz, G., S. J. (2023). Implementaci\u00f3n de un sistema de costos ABC para el laboratorio de Microbiolog\u00eda. Facultad de Medicina de la Universidad de Antioquia. https:\/\/bibliotecadigital.udea.edu.co\/handle\/10495\/35386"},{"key":"16545","unstructured":"Ru\u00edz P\u00e9rez, O, M. (2020). Sistema de Costos por Actividad ABC Aplicado en la Empresa Social Del Estado Hospital San Jos\u00e9 De Maicao [Maestr\u00eda en Finanzas, Universidad de la Guajira]. https:\/\/repositoryinst.uniguajira.edu.co\/bitstream\/handle\/uniguajira\/340\/PROYECTO%20ORLANDO%20RUIZ%20%281%29.pdf?sequence=1&isAllowed=y"},{"key":"16546","doi-asserted-by":"publisher","DOI":"10.1016\/j.mei.2015.06.001"},{"key":"16547","unstructured":"Sep\u00falveda, H. y Ram\u00edrez, T. (2004). Aplicaci\u00f3n del sistema de costeo ABC unidad de hospitalizaci\u00f3n psiqui\u00e1trica de Corta Estad\u00eda [Trabajo de grado, Ingenier\u00eda en Informaci\u00f3n y Control de Gesti\u00f3n y Contador Auditor, Universidad de Chile]. https:\/\/repositorio.uchile.cl\/bitstream\/handle\/2250\/108253\/lopez_h.pdf?sequence=3&isAllowed=y"},{"key":"16548","doi-asserted-by":"publisher","DOI":"10.18270\/cuaderlam.v17i32.3448"},{"key":"16549","doi-asserted-by":"publisher","DOI":"10.23850\/rediis.v4i4.3560"},{"key":"16550","doi-asserted-by":"publisher","DOI":"10.22518\/2462909X.257"},{"key":"16551","unstructured":"Zambrano., S, M. (2017). Dise\u00f1o de un Sistema de Costos ABC, para la Entidad Punto de Atenci\u00f3n Caldono Cauca, de la ESE Popay\u00e1n [Trabajo de grado, Programa de Contadur\u00eda P\u00fablica, Universidad Del Valle]. https:\/\/bibliotecadigital.univalle.edu.co\/bitstream\/handle\/10893\/13435\/0586300.pdf?sequence=1&isAllowed=yn"}],"container-title":["Administraci\u00f3n &amp; Desarrollo"],"link":[{"URL":"https:\/\/revistas.esap.edu.co\/index.php\/admindesarro\/article\/download\/926\/783","content-type":"application\/pdf","content-version":"vor","intended-application":"text-mining"},{"URL":"https:\/\/revistas.esap.edu.co\/index.php\/admindesarro\/article\/download\/926\/792","content-type":"text\/xml","content-version":"vor","intended-application":"text-mining"},{"URL":"https:\/\/revistas.esap.edu.co\/index.php\/admindesarro\/article\/download\/926\/783","content-type":"unspecified","content-version":"vor","intended-application":"similarity-checking"}],"deposited":{"date-parts":[[2025,7,9]],"date-time":"2025-07-09T16:05:02Z","timestamp":1752077102000},"score":0.0,"resource":{"primary":{"URL":"https:\/\/revistas.esap.edu.co\/index.php\/admindesarro\/article\/view\/926"}},"issued":{"date-parts":[[2024,12,10]]},"references-count":44,"journal-issue":{"issue":"2","published-online":{"date-parts":[[2024,7,1]]}},"URL":"https:\/\/doi.org\/10.22431\/25005227.926","ISSN":["2500-5227","0120-3754"],"issn-type":[{"type":"electronic","value":"2500-5227"},{"type":"print","value":"0120-3754"}],"published":{"date-parts":[[2024,12,10]]}},{"indexed":{"date-parts":[[2026,3,10]],"date-time":"2026-03-10T04:54:01Z","timestamp":1773118441679,"version":"3.50.1"},"reference-count":34,"publisher":"Escuela Superior de Administracion Publica","issue":"2","license":[{"start":{"date-parts":[[2021,12,1]],"date-time":"2021-12-01T00:00:00Z","timestamp":1638316800000},"content-version":"unspecified","delay-in-days":0,"URL":"https:\/\/creativecommons.org\/licenses\/by-nc-sa\/4.0"}],"content-domain":{"domain":[],"crossmark-restriction":false},"short-container-title":["Adm. Desarro."],"abstract":"<jats:p>Corruption opens gaps in the management of the Administration, calling into question its efficiency and effectiveness; as it is a limiting factor in the public function, it makes it dysfunctional and ineffective when it comes to solving public problems. The purpose of this article is to address corruption in Colombia from the economic and social perspective; its methodology is descriptive, as it sought to refer to the characteristics of corruption in order to understand this phenomenon and its persistence, as well as to determine its possible causes and effects. It was then concluded that corruption has a potential impact on the political agenda, the public administration, society in general and on the deontology of the public servant, from the responsibility he\/she exercises before society in the satisfaction of its needs.<\/jats:p>","DOI":"10.22431\/25005227.vol51n2.5","type":"journal-article","created":{"date-parts":[[2022,8,11]],"date-time":"2022-08-11T12:22:48Z","timestamp":1660220568000},"page":"123-136","source":"Crossref","is-referenced-by-count":4,"title":["La corrupci\u00f3n en Colombia","Corruption in Colombia"],"prefix":"10.22431","volume":"51","author":[{"given":"Javier Enrique","family":"De La Hoz Mercado","sequence":"first","affiliation":[],"role":[{"role":"author","vocabulary":"crossref"}]}],"member":"9723","published-online":{"date-parts":[[2021,12,1]]},"reference":[{"key":"4459","unstructured":"Aguilar, F. (2000). Moral P\u00fablica en los procesos de buen gobierno. Plaza y Vald\u00e9s. Bogot\u00e1."},{"key":"4460","unstructured":"Alcaide, L. (2015). \u00bfEs la corrupci\u00f3n un obst\u00e1culo al desarrollo y al crecimiento econ\u00f3mico? Un an\u00e1lisis micro, macro y emp\u00edrico. Casos de estudio, Hait\u00ed y Marruecos. Dialnet m\u00e9tricas [Tesis Doctoral]. Universidad CEU San Pablo."},{"key":"4461","unstructured":"Banco Mundial. (2020). Datos b\u00e1sicos: La lucha contra la corrupci\u00f3n."},{"key":"4462","unstructured":"Begovic, B. (2006). Corrupci\u00f3n: conceptos, tipos, causas y consecuencias. CADAL - Centro para la Apertura y el Desarrollo de Am\u00e9rica Latina, 26(8)."},{"key":"4463","unstructured":"Beltr\u00e1n, L. (2015). Los J\u00f3venes frente a la corrupci\u00f3n en Colombia [Trabajo de investigaci\u00f3n de Especializaci\u00f3n]. Universidad Nacional Abierta y a Distancia."},{"key":"4464","unstructured":"Cetina, C. (2016). Corrupci\u00f3n: Medici\u00f3n Del Problema Y Los Problemas En Su Medici\u00f3n. Di\u00e1logos sobre la Transparencia- Policy Paper."},{"key":"4465","unstructured":"Direcci\u00f3n Nacional de Planeaci\u00f3n. (2013). CONPES 167. Bogot\u00e1: DNP."},{"key":"4466","doi-asserted-by":"crossref","unstructured":"Est\u00e9vez, A. (2005). Reflexiones te\u00f3ricas sobre la corrupci\u00f3n: sus dimensiones pol\u00edtica, econ\u00f3mica y social. Revista Venezolana de Gerencia, 10(29), 43-85.","DOI":"10.31876\/revista.v10i29.9840"},{"key":"4467","unstructured":"Guti\u00e9rrez, E. (2020). Corrupci\u00f3n, una pandemia tan peligrosa como el coronavirus. El Espectador."},{"key":"4468","unstructured":"Guzm\u00e1n, S. (s.f.). Efectos de la Corrupci\u00f3n en Pandemia. Country Directos en CONEXIG."},{"key":"4469","doi-asserted-by":"crossref","unstructured":"Klitgaard, H. (1994). Myosin heavy chain isoforms in single fibres from m. vastus lateralis of sprinters: influence of training. Acta Physiologica Scandinavica, 151(2), 135-142.","DOI":"10.1111\/j.1748-1716.1994.tb09730.x"},{"key":"4470","unstructured":"Ley 1474 de 2011. Por la cual se dictan normas orientadas a fortalecer los mecanismos de prevenci\u00f3n, investigaci\u00f3n y sanci\u00f3n de actos de corrupci\u00f3n y la efectividad del control de la gesti\u00f3n p\u00fablica. 12 de julio de 2011. D. O. 48.128."},{"key":"4471","unstructured":"Ley 1712 de 2014. Por medio de la cual se crea la Ley de Transparencia y del Derecho de Acceso a la Informaci\u00f3n P\u00fablica Nacional y se dictan otras disposiciones. 6 de marzo de 2014. D. O. 49.084."},{"key":"4472","unstructured":"L\u00f3pez, R. (2020). Pandemia crea la tormenta perfecta para la corrupci\u00f3n. Portafolio."},{"key":"4473","unstructured":"Organizaci\u00f3n de las Naciones Unidas. (s.f.). Informe sobre corrupci\u00f3n. ONU."},{"key":"4474","doi-asserted-by":"crossref","unstructured":"P\u00e9rez, T. & Da Silva, L. (2015). Corrupci\u00f3n en la funci\u00f3n p\u00fablica: un estudio sobre correlaciones entre corrupci\u00f3n, calidad de la democracia, gobernanza, desigualdad de renta y desempleo en el mundo (2008-2012). Revista Colombiana de Ciencias Sociales, 6(1), 15-33.","DOI":"10.21501\/22161201.1340"},{"key":"4475","unstructured":"Real Academia Espa\u00f1ola. (2014). Corrupci\u00f3n. RAE."},{"key":"4476","unstructured":"Restrepo, N., Osorio, P. & \u00c1lzate, W. (2006). Los efectos socio-econ\u00f3micos por la presencia de corrupci\u00f3n en el gasto p\u00fablico. Adversia."},{"key":"4477","unstructured":"Robledo, J. (2014). La Corrupci\u00f3n en el poder y el poder en la corrupci\u00f3n. Penguin Random House S.A.S."},{"key":"4478","unstructured":"Rosero, A. (2018). La Corrupci\u00f3n en el marco de la Administraci\u00f3n P\u00fablica, una mirada desde la \u00e9tica p\u00fablica [Monograf\u00eda de Especializaci\u00f3n]. Universidad Nacional Abierta y a Distancia."},{"key":"4479","unstructured":"Soto, R. (2003). La Corrupci\u00f3n desde una perspectiva econ\u00f3mica. Estudios P\u00fablicos (89)."},{"key":"4480","unstructured":"Transparencia Internacional. (2009). Gu\u00eda de lenguaje claro sobre lucha contra la corrupci\u00f3n."},{"key":"4481","unstructured":"Transparencia Internacional. (2013). \u00cdndice de Percepci\u00f3n de la Corrupci\u00f3n."},{"key":"4482","unstructured":"Transparencia Internacional. (2019). \u00cdndice de Percepci\u00f3n de la Corrupci\u00f3n 2018. Transparencia Internacional."},{"key":"4483","unstructured":"Transparencia Internacional. (2020). \u00cdndice de Percepci\u00f3n de la Corrupci\u00f3n 2019."},{"key":"4484","unstructured":"Transparencia Internacional. (2021). \u00cdndice de Percepci\u00f3n de Corrupci\u00f3n 2020."},{"key":"4485","unstructured":"Ungar, E. (2010). La corrupci\u00f3n en Colombia. Raz\u00f3n P\u00fablica."},{"key":"4486","doi-asserted-by":"crossref","unstructured":"Valencia, O. (2020). Delitos de corrupci\u00f3n en Colombia: variables socioculturales, institucionales y criminol\u00f3gicas. Diversitas: Perspectivas en Psicolog\u00eda, 16(1), 181-199.","DOI":"10.15332\/22563067.5550"},{"key":"4487","doi-asserted-by":"crossref","unstructured":"Vel\u00e1squez, M. (2009). McCausland Sojo, Ernesto, Febrero escarlata. Ling\u00fc\u00edstica y Literatura, 166-169.","DOI":"10.17533\/udea.lyl.1961"},{"key":"4488","unstructured":"Villamil, J. (2017). La Corrupci\u00f3n en Colombia, aproximaciones conceptuales y metodol\u00f3gicas para abordarla: Un an\u00e1lisis de las entidades de control e investigaci\u00f3n y estudio de casos 2010-2014 [Tesis de Maestr\u00eda]. Universidad Nacional de Colombia - Sede Medell\u00edn."},{"key":"4489","unstructured":"Vrushi, J. & Pring, C. (2019). Opiniones y experiencias de los ciudadanos en materia de corrupci\u00f3n. Bar\u00f3metro global de la corrupci\u00f3n Am\u00e9rica Latina y el Caribe 2019. Transparency International."},{"key":"4490","unstructured":"Weber, M. (1979). El pol\u00edtico y el cient\u00edfico. Alianza Editorial."},{"key":"4491","unstructured":"Wielandt, G. & Artigas, C. (2007). La corrupci\u00f3n y la impunidad en el marco del desarrollo en Am\u00e9rica Latina y el Caribe: Un enfoque centrado en derechos desde la perspectiva de las Naciones Unidas. Cepal."},{"key":"4492","unstructured":"Zuleta, A. (2015). La Corrupci\u00f3n Su Historia Y Sus Consecuencias En Colombia [Trabajo de grado de Especializaci\u00f3n]. Universidad Militar de Nueva Granada."}],"container-title":["Administraci\u00f3n &amp; Desarrollo"],"link":[{"URL":"https:\/\/revistas.esap.edu.co\/index.php\/admindesarro\/article\/download\/676\/618","content-type":"application\/pdf","content-version":"vor","intended-application":"text-mining"},{"URL":"https:\/\/revistas.esap.edu.co\/index.php\/admindesarro\/article\/download\/676\/611","content-type":"text\/xml","content-version":"vor","intended-application":"text-mining"},{"URL":"https:\/\/revistas.esap.edu.co\/index.php\/admindesarro\/article\/download\/676\/588","content-type":"unspecified","content-version":"vor","intended-application":"similarity-checking"}],"deposited":{"date-parts":[[2025,11,6]],"date-time":"2025-11-06T16:35:32Z","timestamp":1762446932000},"score":0.0,"resource":{"primary":{"URL":"https:\/\/revistas.esap.edu.co\/index.php\/admindesarro\/article\/view\/676"}},"issued":{"date-parts":[[2021,12,1]]},"references-count":34,"journal-issue":{"issue":"2","published-online":{"date-parts":[[2021,12,27]]}},"URL":"https:\/\/doi.org\/10.22431\/25005227.vol51n2.5","ISSN":["2500-5227","0120-3754"],"issn-type":[{"value":"2500-5227","type":"electronic"},{"value":"0120-3754","type":"print"}],"published":{"date-parts":[[2021,12,1]]}},{"indexed":{"date-parts":[[2022,4,2]],"date-time":"2022-04-02T07:48:50Z","timestamp":1648885730890},"reference-count":0,"publisher":"Escuela Superior de Administracion Publica","issue":"56","license":[{"start":{"date-parts":[[2012,12,1]],"date-time":"2012-12-01T00:00:00Z","timestamp":1354320000000},"content-version":"unspecified","delay-in-days":0,"URL":"http:\/\/creativecommons.org\/licenses\/by-nc-nd\/4.0"}],"content-domain":{"domain":[],"crossmark-restriction":false},"short-container-title":["Adm. Desarro."],"abstract":"<jats:p>.<\/jats:p>","DOI":"10.22431\/25005227.337","type":"journal-article","created":{"date-parts":[[2017,7,5]],"date-time":"2017-07-05T16:06:06Z","timestamp":1499270766000},"page":"3-6","source":"Crossref","is-referenced-by-count":0,"title":["Editorial"],"prefix":"10.22431","volume":"40","author":[{"given":"Pedro Nel","family":"Paez Perez","sequence":"first","affiliation":[],"role":[{"role":"author","vocabulary":"crossref"}]}],"member":"9723","published-online":{"date-parts":[[2012,12,1]]},"container-title":["Administraci\u00f3n &amp; Desarrollo"],"link":[{"URL":"https:\/\/revistas.esap.edu.co\/index.php\/admindesarro\/article\/download\/337\/pdf","content-type":"application\/pdf","content-version":"vor","intended-application":"text-mining"},{"URL":"https:\/\/revistas.esap.edu.co\/index.php\/admindesarro\/article\/download\/337\/pdf","content-type":"unspecified","content-version":"vor","intended-application":"similarity-checking"}],"deposited":{"date-parts":[[2021,11,12]],"date-time":"2021-11-12T19:12:06Z","timestamp":1636744326000},"score":0.0,"resource":{"primary":{"URL":"https:\/\/revistas.esap.edu.co\/index.php\/admindesarro\/article\/view\/337"}},"issued":{"date-parts":[[2012,12,1]]},"references-count":0,"journal-issue":{"issue":"56","published-online":{"date-parts":[[2012,12,1]]}},"URL":"https:\/\/doi.org\/10.22431\/25005227.337","ISSN":["2500-5227","0120-3754"],"issn-type":[{"value":"2500-5227","type":"electronic"},{"value":"0120-3754","type":"print"}],"published":{"date-parts":[[2012,12,1]]}},{"indexed":{"date-parts":[[2022,4,2]],"date-time":"2022-04-02T17:31:16Z","timestamp":1648920676038},"reference-count":9,"publisher":"Escuela Superior de Administracion Publica","issue":"1","license":[{"start":{"date-parts":[[2020,6,30]],"date-time":"2020-06-30T00:00:00Z","timestamp":1593475200000},"content-version":"unspecified","delay-in-days":0,"URL":"http:\/\/creativecommons.org\/licenses\/by-nc-nd\/4.0"}],"content-domain":{"domain":[],"crossmark-restriction":false},"short-container-title":["Adm. Desarro."],"abstract":"<jats:p>El presente escrito tiene como objeto central mostrar el porqu\u00e9 de definir el desarrollo humano como pseudoconcepto, para esto se realiza el an\u00e1lisis l\u00f3gico del concepto desde los planteamientos propuestos por Rudolf Carnap. Desde la propuesta filos\u00f3fica de Carnap se eval\u00faan los conceptos paradigm\u00e1ticos construidos para definir el desarrollo humano, posterior a esto se construyen los conceptos de desarrollo humano utilizando el modo formal de hablar, configurando dos conceptos de desarrollo que se gu\u00edan por las reglas del uso del lenguaje estipuladas por Rudolf Carnap en su proyecto filos\u00f3fico. A modo de cierre, el escrito propone unas conclusiones parciales acerca del concepto de desarrollo humano y una reflexi\u00f3n final sobre el proyecto filos\u00f3fico adelantado por Rudolf Carnap en sus obras: La superaci\u00f3n de la metaf\u00edsica mediante el an\u00e1lisis l\u00f3gico del lenguaje (1993), La construcci\u00f3n l\u00f3gica del mundo (1988) y Filosof\u00eda y sintaxis l\u00f3gica (1998).<\/jats:p>","DOI":"10.22431\/25005227.vol50n1.3","type":"journal-article","created":{"date-parts":[[2021,11,7]],"date-time":"2021-11-07T20:52:27Z","timestamp":1636318347000},"page":"58-72","source":"Crossref","is-referenced-by-count":0,"title":["El desarrollo como pseudoconcepto: an\u00e1lisis l\u00f3gico desde Rudolf Carnap"],"prefix":"10.22431","volume":"50","author":[{"given":"Christian Alexis","family":"Pedroza Beltr\u00e1n","sequence":"first","affiliation":[],"role":[{"role":"author","vocabulary":"crossref"}]}],"member":"9723","published-online":{"date-parts":[[2020,6,30]]},"reference":[{"key":"981","unstructured":"Carnap, R. (1988). La construcci\u00f3n l\u00f3gica del mundo (1 Ed; L. Mues de Schrenk, Ed.). M\u00e9xico D.F: UNAM."},{"key":"982","unstructured":"Carnap, R. (1993). La superaci\u00f3n de la metaf\u00edsica mediante el an\u00e1lisis l\u00f3gico del lenguaje. In A. Ayer (Ed.), El positivismo l\u00f3gico (2 Ed, p. 411). Madrid: Fondo de Cultura Econ\u00f3mica."},{"key":"983","unstructured":"Carnap, R. (1998). Filosof\u00eda y sintaxis l\u00f3gica (2 Ed; C. Molina, Ed.). M\u00e9xico D.F: UNAM."},{"key":"984","doi-asserted-by":"crossref","unstructured":"Escobar-Jim\u00e9nez, C. (2018). Demarcation criteria, pseudocience and scientificity in law. Cinta de Moebio, 61, pp. 123\u2013 139. https:\/\/doi.org\/10.4067\/S0717-554X2018000100123","DOI":"10.4067\/S0717-554X2018000100123"},{"key":"985","unstructured":"Giraldo, A. (2008). Verificaci\u00f3n versus falsaci\u00f3n Criterio de demarcaci\u00f3n en Carnap y Popper. Cuadrante, 17(25), pp. 1\u201312."},{"key":"986","doi-asserted-by":"crossref","unstructured":"Moldovan, A. (2018). \u00bfCon sentido o sin sentido? En torno a un argumento de Carnap. Euphy\u00eda - Revista de Filosof\u00eda, 8(14), 75. https:\/\/doi.org\/10.33064\/14euph186","DOI":"10.33064\/14euph186"},{"key":"987","unstructured":"Pel\u00e1ez, \u00c1. (2005). La Metaf\u00edsica y el Aufbau de Carnap. Cadernos de Hist\u00f3ria e Filos, 15(1), pp. 59\u201377."},{"key":"988","unstructured":"PNUD. (2020). Informe Sobre Desarrollo Humano 2019. In Programa de Naciones Unidas para el Desarrollo. Brasil."},{"key":"989","unstructured":"Sen, A. (2000). Desarrollo Y Libertad (1 Ed; E. Rabasco, Ed.). Buenos Aires: Editorial Planeta."}],"container-title":["Administraci\u00f3n y Desarrollo"],"link":[{"URL":"https:\/\/revistas.esap.edu.co\/index.php\/admindesarro\/article\/download\/553\/513","content-type":"application\/pdf","content-version":"vor","intended-application":"text-mining"},{"URL":"https:\/\/revistas.esap.edu.co\/index.php\/admindesarro\/article\/download\/553\/513","content-type":"unspecified","content-version":"vor","intended-application":"similarity-checking"}],"deposited":{"date-parts":[[2021,11,7]],"date-time":"2021-11-07T20:54:21Z","timestamp":1636318461000},"score":0.0,"resource":{"primary":{"URL":"https:\/\/revistas.esap.edu.co\/index.php\/admindesarro\/article\/view\/553"}},"issued":{"date-parts":[[2020,6,30]]},"references-count":9,"journal-issue":{"issue":"1","published-online":{"date-parts":[[2020,6,30]]}},"URL":"https:\/\/doi.org\/10.22431\/25005227.vol50n1.3","ISSN":["2500-5227","0120-3754"],"issn-type":[{"value":"2500-5227","type":"electronic"},{"value":"0120-3754","type":"print"}],"published":{"date-parts":[[2020,6,30]]}},{"indexed":{"date-parts":[[2025,5,14]],"date-time":"2025-05-14T07:41:25Z","timestamp":1747208485968,"version":"3.40.5"},"reference-count":10,"publisher":"Escuela Superior de Administracion Publica","issue":"2","license":[{"start":{"date-parts":[[2018,7,1]],"date-time":"2018-07-01T00:00:00Z","timestamp":1530403200000},"content-version":"unspecified","delay-in-days":0,"URL":"http:\/\/creativecommons.org\/licenses\/by-nc-nd\/4.0"}],"content-domain":{"domain":[],"crossmark-restriction":false},"short-container-title":["Adm. Desarro."],"abstract":"<jats:p>En este trabajo se caracteriz\u00f3 un grupo de v\u00edctimas del Resguardo Ind\u00edgena Ca\u00f1amomo y Lomaprieta del municipio de Riosucio (ubicado en el departamento de Caldas-Colombia) con el fin de brindarles herramientas que los apoyen en el dise\u00f1o de intervenciones e informes ante la Jurisdicci\u00f3n Especial para la Paz (JEP) o la Comisi\u00f3n para el Esclarecimiento de la Verdad, la Convivencia y la No Repetici\u00f3n (CEV), instituciones creadas en el Acuerdo de Paz alcanzado con las FARC (Presidencia de la Rep\u00fablica de Colombia - Oficina del Alto Comisionado para la Paz, 2016), esto seg\u00fan sus intereses y necesidades como v\u00edctimas del conflicto con identidad \u00e9tnica diferenciada. Apoyar a las v\u00edctimas del conflicto exige responder a las preguntas: \u00bfQui\u00e9nes son las v\u00edctimas?; \u00bfCu\u00e1l ha sido el hecho victimizante?; \u00bfCu\u00e1l fue el lugar de los hechos y cu\u00e1ndo ocurri\u00f3?La metodolog\u00eda empleada combin\u00f3 diferentes herramientas de investigaci\u00f3n social tales como la encuesta, las entrevistas semiestructuradas y los grupos focales, entre otras.En este sentido, se observaron protocolos de \u00e9tica de la investigaci\u00f3n social tendientes a aplicar debidamente las herramientas de investigaci\u00f3n con el \u00e1nimo de generar el menor impacto posible en las comunidades y personas consultadas. A este respecto el trabajo de Taborda Ocampo (2011) fue ilustrativo. Las conclusiones a las que arrib\u00f3 el estudio muestran el tipo de expectativas que tienen las v\u00edctimas con identidad \u00e9tnica (ind\u00edgena) con las que se trabaj\u00f3, en materia de Verdad, Justicia, Reparaci\u00f3n y No Repetici\u00f3n, as\u00ed como las dificultades que enfrentan a pesar de los principios que gu\u00edan el Acuerdo de Paz \u201cCentralidad de las V\u00edctimas y Paz Territorial\u201d para acceder al Sistema Integral de Verdad, Justicia, Reparaci\u00f3n y No Repetici\u00f3n, tema creado en el Acuerdo y del cual forman parte las dos instituciones mencionadas antes.<\/jats:p>","DOI":"10.22431\/25005227.vol48n2.6","type":"journal-article","created":{"date-parts":[[2021,11,7]],"date-time":"2021-11-07T20:52:27Z","timestamp":1636318347000},"page":"160-181","source":"Crossref","is-referenced-by-count":0,"title":["Pedagog\u00eda del Acuerdo de Paz con las FARC: construir condiciones de acceso al Sistema Integral de Derechos de las v\u00edctimas desde un enfoque diferencial \u00e9tnico"],"prefix":"10.22431","volume":"48","author":[{"ORCID":"https:\/\/orcid.org\/0000-0001-8110-6381","authenticated-orcid":false,"given":"Olga Luc\u00eda","family":"Fern\u00e1ndez Arbel\u00e1ez","sequence":"first","affiliation":[],"role":[{"role":"author","vocabulary":"crossref"}]},{"given":"Francisco Julio","family":"Taborda Ocampo","sequence":"additional","affiliation":[],"role":[{"role":"author","vocabulary":"crossref"}]}],"member":"9723","published-online":{"date-parts":[[2018,7,1]]},"reference":[{"key":"518","unstructured":"Brausin P\u00e9rez, J. (29 de Enero de 2019). Fundamentos de investigaci\u00f3n en las ciencias sociales, tradicionales y acercamiento a elaboraci\u00f3n de productos. Bogot\u00e1, Cundinamarca, Bogot\u00e1: Escuela Superior de Administraci\u00f3n P\u00fablica."},{"key":"519","unstructured":"Casta\u00f1\u00e9 Casellas, J., Portuois, J. P., & Desmet, H. (1992). Epistemolog\u00eda e Instrumentaci\u00f3n en Ciencias Humanas. Revista Complutense de Educaci\u00f3n, 3 (1), 288."},{"key":"520","unstructured":"Comisi\u00f3n para el Esclarecimiento de la Verdad, la Convivencia y la No Repetici\u00f3n. (19 de Marzo de 2019). Lineamientos Metodol\u00f3gicos: Escuchar, Reconocer y Comprender para Transformar. Bogot\u00e1, Cundinamarca, Colombia: Comisi\u00f3n para el Esclarecimiento de la Verdad, la Convivencia y la No Repetici\u00f3n."},{"key":"521","unstructured":"Congreso de la Rep\u00fablica de Colombia. (5 de Abril de 2017). Decreto Ley 588 de 2017. Bogot\u00e1, Cundinamarca, Colombia: Gaceta del Congreso."},{"key":"522","unstructured":"Congreso de la Rep\u00fablica de Colombia. (6 de Junio de 2019). Ley 1957 de 2019 Estatutaria de la Jurisdicci\u00f3n Especial para la Paz. Bogot\u00e1, Cundinamarca, Colombia: Gaceta del Congreso."},{"key":"523","doi-asserted-by":"crossref","unstructured":"Guba, E. G. (1981). Criteria for Assesing the Truthworthiness or naturalistic inquiries. ERIC\/ECTJ ANUAL, 29 (2), 75-91.","DOI":"10.1007\/BF02766777"},{"key":"524","unstructured":"Jurisdicci\u00f3n Especial para la Paz. (28 de Junio de 2018). Criterios y Metodolog\u00eda de priorizaci\u00f3n de casos y situaciones en la Sala de Reconocimiento de Verdad, de responsabilidad y de determinaci\u00f3n de los hechos y conductas. Bogot\u00e1, Cundinamarca, Colombia: Jurisdicci\u00f3n Especial para la Paz."},{"key":"525","unstructured":"Jurisdicci\u00f3n Especial para la Paz. (2018). Orientaciones para la Elaboraci\u00f3n de Informes dirigidos a la Jurisdicci\u00f3n Especial para la Paz. Bogot\u00e1, Cundinamarca, Colombia: Jurisdicci\u00f3n Especial para la Paz."},{"key":"526","unstructured":"Presidencia de la Rep\u00fablica de Colombia - Oficina del Alto Comisionado para la Paz. (24 de Noviembre de 2016). Acuerdo Final para la Terminaci\u00f3n del Conflicto y la Construcci\u00f3n de una Paz Estable y Duradera. Bogot\u00e1, Cundinamarca, Colombia."},{"key":"527","unstructured":"Taborda Ocampo, F. J. (2011). Protocolo de Orientaci\u00f3n y Asesor\u00eda para las v\u00edctimas de violaciones a los Derechos Humanos y del Derecho Internacional Humanitario pertenecientes a pueblos ind\u00edgenas. Bogot\u00e1: Alvi Impresores Ltda."}],"container-title":["Administraci\u00f3n y Desarrollo"],"link":[{"URL":"https:\/\/revistas.esap.edu.co\/index.php\/admindesarro\/article\/download\/541\/499","content-type":"application\/pdf","content-version":"vor","intended-application":"text-mining"},{"URL":"https:\/\/revistas.esap.edu.co\/index.php\/admindesarro\/article\/download\/541\/499","content-type":"unspecified","content-version":"vor","intended-application":"similarity-checking"}],"deposited":{"date-parts":[[2021,11,7]],"date-time":"2021-11-07T20:59:27Z","timestamp":1636318767000},"score":0.0,"resource":{"primary":{"URL":"https:\/\/revistas.esap.edu.co\/index.php\/admindesarro\/article\/view\/541"}},"issued":{"date-parts":[[2018,7,1]]},"references-count":10,"journal-issue":{"issue":"2","published-online":{"date-parts":[[2018,12,31]]}},"URL":"https:\/\/doi.org\/10.22431\/25005227.vol48n2.6","ISSN":["2500-5227","0120-3754"],"issn-type":[{"type":"electronic","value":"2500-5227"},{"type":"print","value":"0120-3754"}],"published":{"date-parts":[[2018,7,1]]}},{"indexed":{"date-parts":[[2025,11,6]],"date-time":"2025-11-06T16:36:53Z","timestamp":1762447013156,"version":"build-2065373602"},"reference-count":0,"publisher":"Escuela Superior de Administracion Publica","issue":"52","license":[{"start":{"date-parts":[[2010,12,1]],"date-time":"2010-12-01T00:00:00Z","timestamp":1291161600000},"content-version":"unspecified","delay-in-days":0,"URL":"http:\/\/creativecommons.org\/licenses\/by-nc-nd\/4.0"}],"content-domain":{"domain":[],"crossmark-restriction":false},"short-container-title":["Adm. Desarro."],"abstract":"<jats:p>The present study\u00b4s main objective was to ascertain the commitment of participants engaged in family businesses and how this was related to the organisational climate in the municipalities of Rioverde and Refugio in Ciudad Fern\u00e1ndez in Mexico. The research was aimed at identifying which of Brown and Leigh\u00b4s (1996), organisational climate factors m(immediate supervisors support, role transparency, personal contribution, recognition, expressing one\u00b4s own feelings and work as a challenge) contributed most towards organisational commitment from the workers\u00bf point of view.Organisational commitment\u00b4s three dimensions were examined: attitudinal, normative and calculative\/continuance commitment (Meyer, Allen and Smith, 1993). Their relationship with some sociodemographic variables was also examined.<\/jats:p>","DOI":"10.22431\/25005227.157","type":"journal-article","created":{"date-parts":[[2017,7,5]],"date-time":"2017-07-05T12:06:06Z","timestamp":1499256366000},"page":"97-104","source":"Crossref","is-referenced-by-count":1,"title":["El compromiso y clima organizacional en la empresa familiar de Rioverde  y del Refugio Ciudad Fern\u00e1ndez","Organisational commitment and climate un family-owned businesses in Rioverde and Refugio un Cuidad Fern\u00e1ndez, Mexico."],"prefix":"10.22431","volume":"38","author":[{"given":"David","family":"G\u00f3mez S\u00e1nches","sequence":"first","affiliation":[],"role":[{"role":"author","vocabulary":"crossref"}]},{"given":"Ramon Gerardo","family":"Recio","sequence":"additional","affiliation":[],"role":[{"role":"author","vocabulary":"crossref"}]},{"given":"Hector","family":"Lopez Gama","sequence":"additional","affiliation":[],"role":[{"role":"author","vocabulary":"crossref"}]}],"member":"9723","published-online":{"date-parts":[[2010,12,1]]},"container-title":["Administraci\u00f3n &amp; Desarrollo"],"link":[{"URL":"https:\/\/revistas.esap.edu.co\/index.php\/admindesarro\/article\/download\/157\/pdf","content-type":"application\/pdf","content-version":"vor","intended-application":"text-mining"},{"URL":"https:\/\/revistas.esap.edu.co\/index.php\/admindesarro\/article\/download\/157\/pdf","content-type":"unspecified","content-version":"vor","intended-application":"similarity-checking"}],"deposited":{"date-parts":[[2025,11,6]],"date-time":"2025-11-06T16:34:13Z","timestamp":1762446853000},"score":0.0,"resource":{"primary":{"URL":"https:\/\/revistas.esap.edu.co\/index.php\/admindesarro\/article\/view\/157"}},"issued":{"date-parts":[[2010,12,1]]},"references-count":0,"journal-issue":{"issue":"52","published-online":{"date-parts":[[2010,12,1]]}},"URL":"https:\/\/doi.org\/10.22431\/25005227.157","ISSN":["2500-5227","0120-3754"],"issn-type":[{"type":"electronic","value":"2500-5227"},{"type":"print","value":"0120-3754"}],"published":{"date-parts":[[2010,12,1]]}},{"indexed":{"date-parts":[[2025,11,6]],"date-time":"2025-11-06T16:40:22Z","timestamp":1762447222356,"version":"build-2065373602"},"reference-count":0,"publisher":"Escuela Superior de Administracion Publica","issue":"1","license":[{"start":{"date-parts":[[2017,6,30]],"date-time":"2017-06-30T00:00:00Z","timestamp":1498780800000},"content-version":"unspecified","delay-in-days":0,"URL":"http:\/\/creativecommons.org\/licenses\/by-nc-nd\/4.0"}],"content-domain":{"domain":[],"crossmark-restriction":false},"short-container-title":["Adm. Desarro."],"abstract":"<jats:p>\u00bfSon posibles los\u00a0m\u00ednimos vitales\u00a0en la\u00a0Colombia bicentenaria?\u00a0 Una\u00a0investigaci\u00f3n abierta\u00a0aborda esta pregunta y\u00a0 motiva la escritura de cr\u00edticas y otros textos que proponen soluci\u00f3n \u00a0inmediata al tema del hambre colombiana. \u00a0El quid de la cuesti\u00f3n es: \u00bfnuestra\u00a0institucionalidad\u00a0y nuestros conceptos sirven o contradicen\u00a0la seguridad alimentaria? \u00a0\u00a0Si aspiramos a que Colombia avance hacia una decisi\u00f3n colectiva que garantice a cada una de sus familias, sea reconocida inmediatamente, cada persona, en su\u00a0dignidad humana, incluso \u00a0reducida \u00e9sta a su m\u00ednima \u00a0expresi\u00f3n material, los\u00a0m\u00ednimos vitales, en el camino de lucha:\u00a0la visi\u00f3n hegem\u00f3nica, sus conceptos y\u00a0praxis\u00a0deben ser evidenciados.\u00a0 Daremos una leve mirada institucional.\u00a0\u00a0 Luego, una conceptual.\u00a0 Y plantearemos una propuesta: apostar por la construcci\u00f3n colectiva de un\u00a0imaginario, no tanto para afrontar la\u00a0visi\u00f3n hegem\u00f3nica\u00a0que garantiza los\u00a0juegos del hambre\u00a0sino para construir, en nuestra realidad:\u00a0soberan\u00eda alimentaria\u00a0y\u00a0seguridad humana.<\/jats:p>","DOI":"10.22431\/25005227.318","type":"journal-article","created":{"date-parts":[[2017,8,28]],"date-time":"2017-08-28T10:00:28Z","timestamp":1503914428000},"page":"83-96","source":"Crossref","is-referenced-by-count":0,"title":["Un aplauso y dos cr\u00edticas al agro colombiano"],"prefix":"10.22431","volume":"47","author":[{"given":"H\u00e9ctor Guillermo","family":"Os\u00edo Uribe","sequence":"first","affiliation":[],"role":[{"role":"author","vocabulary":"crossref"}]},{"given":"Ariel Emilio","family":"Cortes Martinez","sequence":"additional","affiliation":[],"role":[{"role":"author","vocabulary":"crossref"}]}],"member":"9723","published-online":{"date-parts":[[2017,6,30]]},"container-title":["Administraci\u00f3n &amp; Desarrollo"],"link":[{"URL":"https:\/\/revistas.esap.edu.co\/index.php\/admindesarro\/article\/download\/318\/pdf","content-type":"application\/pdf","content-version":"vor","intended-application":"text-mining"},{"URL":"https:\/\/revistas.esap.edu.co\/index.php\/admindesarro\/article\/download\/318\/pdf","content-type":"unspecified","content-version":"vor","intended-application":"similarity-checking"}],"deposited":{"date-parts":[[2025,11,6]],"date-time":"2025-11-06T16:37:06Z","timestamp":1762447026000},"score":0.0,"resource":{"primary":{"URL":"https:\/\/revistas.esap.edu.co\/index.php\/admindesarro\/article\/view\/318"}},"issued":{"date-parts":[[2017,6,30]]},"references-count":0,"journal-issue":{"issue":"1","published-online":{"date-parts":[[2017,6,30]]}},"URL":"https:\/\/doi.org\/10.22431\/25005227.318","ISSN":["2500-5227","0120-3754"],"issn-type":[{"type":"electronic","value":"2500-5227"},{"type":"print","value":"0120-3754"}],"published":{"date-parts":[[2017,6,30]]}},{"indexed":{"date-parts":[[2022,4,1]],"date-time":"2022-04-01T04:21:37Z","timestamp":1648786897307},"reference-count":0,"publisher":"Escuela Superior de Administraci\u00f3n P\u00fablica","isbn-type":[{"value":"9789586524230","type":"print"}],"content-domain":{"domain":[],"crossmark-restriction":false},"DOI":"10.22431\/9789586524230","type":"book","created":{"date-parts":[[2018,4,26]],"date-time":"2018-04-26T02:02:37Z","timestamp":1524708157000},"source":"Crossref","is-referenced-by-count":0,"title":["La\u00a0universidad republicana y laica en Colombia 1886 - 1924"],"prefix":"10.22431","author":[{"given":"Jaime","family":"Mej\u00eda Guti\u00e9rrez","sequence":"first","affiliation":[],"role":[{"role":"author","vocabulary":"crossref"}]}],"member":"9723","published-online":{"date-parts":[[2018,4,6]]},"deposited":{"date-parts":[[2018,4,26]],"date-time":"2018-04-26T02:02:37Z","timestamp":1524708157000},"score":0.0,"resource":{"primary":{"URL":"http:\/\/www.esap.edu.co\/portal\/\/wp-content\/uploads\/2018\/04\/1.-Universidad-Laica_12mar_pages_digi.pdf"}},"issued":{"date-parts":[[2018,4,6]]},"ISBN":["9789586524230"],"references-count":0,"URL":"https:\/\/doi.org\/10.22431\/9789586524230","published":{"date-parts":[[2018,4,6]]}},{"indexed":{"date-parts":[[2022,3,30]],"date-time":"2022-03-30T10:43:22Z","timestamp":1648637002624},"reference-count":0,"publisher":"Escuela Superior de Administracion Publica","issue":"26","license":[{"start":{"date-parts":[[2018,2,28]],"date-time":"2018-02-28T00:00:00Z","timestamp":1519776000000},"content-version":"unspecified","delay-in-days":0,"URL":"http:\/\/creativecommons.org\/licenses\/by-nc-nd\/4.0"}],"content-domain":{"domain":[],"crossmark-restriction":false},"short-container-title":["Nova vetera"],"abstract":"<jats:p>Las pol\u00edticas de transferencia monetaria condicionadas consti- tuyen un paradigma de intervenci\u00f3n de los Estados cuyos ob- jetivos compartidos se vinculan a una l\u00f3gica de inversi\u00f3n en capital humano. Se busca romper la transmisi\u00f3n intergeneracional de la pobreza desde un aporte regular de dinero y del cumplimiento de las condicionalidades de atenci\u00f3n en salud y educaci\u00f3n. Numero- sos estudios intentan evaluar estas pol\u00edticas y se encuentran fuertes contrapuntos en la bibliograf\u00eda. La indagaci\u00f3n que aqu\u00ed se presen- ta busca, desde una ejercitaci\u00f3n comparada, considerar una gran afirmaci\u00f3n te\u00f3rica que sostiene que ante la presencia de condicio- nalidades existir\u00eda un aumento y el sostenimiento de la matr\u00edcula escolar. Se trabaj\u00f3 con dos casos: Bolsa Familia (Brasil) y Asignaci\u00f3n Universal por Hijo (Argentina), ambos permiten reformular la afir- maci\u00f3n mencionada, pues registran \u2014entre otras cuestiones\u2014 un aumento considerable de matriculaci\u00f3n solo en el nivel inicial y en \u00e1reas rurales, y se incorpora la variable \u00e9tnica para Brasil.\u00a0<\/jats:p>","DOI":"10.22431\/25005103.396","type":"journal-article","created":{"date-parts":[[2018,3,6]],"date-time":"2018-03-06T02:11:14Z","timestamp":1520302274000},"page":"23-39","source":"Crossref","is-referenced-by-count":0,"title":["Bolsa familia y Asignaci\u00f3n universal por hijo: la condicionalidad educativa puesta en debate."],"prefix":"10.22431","author":[{"given":"Mar\u00eda","family":"Kendziur","sequence":"first","affiliation":[],"role":[{"role":"author","vocabulary":"crossref"}]}],"member":"9723","published-online":{"date-parts":[[2018,2,28]]},"container-title":["Nova et Vetera"],"link":[{"URL":"https:\/\/revistas.esap.edu.co\/index.php\/novaetvetera\/article\/download\/396\/pdf","content-type":"application\/pdf","content-version":"vor","intended-application":"text-mining"},{"URL":"https:\/\/revistas.esap.edu.co\/index.php\/novaetvetera\/article\/download\/396\/pdf","content-type":"unspecified","content-version":"vor","intended-application":"similarity-checking"}],"deposited":{"date-parts":[[2021,11,30]],"date-time":"2021-11-30T03:20:12Z","timestamp":1638242412000},"score":0.0,"resource":{"primary":{"URL":"https:\/\/revistas.esap.edu.co\/index.php\/novaetvetera\/article\/view\/396"}},"issued":{"date-parts":[[2018,2,28]]},"references-count":0,"journal-issue":{"issue":"26","published-online":{"date-parts":[[2018,2,28]]}},"URL":"https:\/\/doi.org\/10.22431\/25005103.396","ISSN":["2500-5103","0123-2614"],"issn-type":[{"value":"2500-5103","type":"electronic"},{"value":"0123-2614","type":"print"}],"published":{"date-parts":[[2018,2,28]]}},{"indexed":{"date-parts":[[2022,4,1]],"date-time":"2022-04-01T10:52:14Z","timestamp":1648810334920},"reference-count":0,"publisher":"Escuela Superior de Administracion Publica","issue":"66","license":[{"start":{"date-parts":[[2016,9,28]],"date-time":"2016-09-28T00:00:00Z","timestamp":1475020800000},"content-version":"unspecified","delay-in-days":0,"URL":"http:\/\/creativecommons.org\/licenses\/by-nc-nd\/4.0"}],"content-domain":{"domain":[],"crossmark-restriction":false},"short-container-title":["Nova vetera"],"abstract":"<jats:p>En las \u00faltimas dos d\u00e9cadas, el tema de los derechos humanos en las organizaciones se ha posicionado como un asunto central para la direcci\u00f3n de organizaciones. El prop\u00f3sito de este art\u00edculo es caracterizar la concepci\u00f3n que tienen los jefes de gesti\u00f3n humana de las empresas grandes de la ciudad de Manizales, sobre los derechos humanos y su improtancia en las organizaciones. En la primera parte se presentan las generalidades sobre los derechos humanos. En la segunda, se exponen los antecedentes de la discusi\u00f3n sobre organizaciones y Derechos Humanos. En tercer lugar, se presentan los aspectos metodol\u00f3gicos, que muestran c\u00f3mo el estudio es descriptivo, y para \u00e9l se realizaron 40 entrevistas semiestructuradas a jefes de gesti\u00f3n humana. En la cuarta parte, y como resultado producto del procesamiento y an\u00e1lisis del contenido aportado en ellas, se documentan las principales categor\u00edas de la concepci\u00f3n que los entrevistados tienen sobre los DD.HH., y su importancia para las organizaciones. Para terminar, en las conclusiones se plantea que los entrevistados, tienen sobre los derechos humanos un conocimiento b\u00e1sico y general, una concepci\u00f3n instrumental, convencional y naturalista de los derechos, con poca conexi\u00f3n con los desarrollos del campo de la responsabilidad social empresarial sobre el tema y sobre la necesidad de implementar procesos de capacitaci\u00f3n.<\/jats:p>","DOI":"10.22431\/25005103.332","type":"journal-article","created":{"date-parts":[[2017,7,5]],"date-time":"2017-07-05T19:34:05Z","timestamp":1499283245000},"page":"51-66","source":"Crossref","is-referenced-by-count":0,"title":["Derechos humanos: concepci\u00f3n de los jefes de gesti\u00f3n humana en las organizaciones de Manizales"],"prefix":"10.22431","volume":"22","author":[{"given":"Jos\u00e9 G.","family":"Carvajal Orozco","sequence":"first","affiliation":[],"role":[{"role":"author","vocabulary":"crossref"}]},{"given":"Juli\u00e1n A.","family":"Valencia Garc\u00eda","sequence":"additional","affiliation":[],"role":[{"role":"author","vocabulary":"crossref"}]},{"given":"Carlos A.","family":"D\u00e1vila Londo\u00f1o","sequence":"additional","affiliation":[],"role":[{"role":"author","vocabulary":"crossref"}]}],"member":"9723","published-online":{"date-parts":[[2016,9,28]]},"container-title":["Nova et Vetera"],"link":[{"URL":"https:\/\/revistas.esap.edu.co\/index.php\/novaetvetera\/article\/download\/332\/pdf","content-type":"application\/pdf","content-version":"vor","intended-application":"text-mining"},{"URL":"https:\/\/revistas.esap.edu.co\/index.php\/novaetvetera\/article\/download\/332\/pdf","content-type":"unspecified","content-version":"vor","intended-application":"similarity-checking"}],"deposited":{"date-parts":[[2021,11,30]],"date-time":"2021-11-30T03:20:59Z","timestamp":1638242459000},"score":0.0,"resource":{"primary":{"URL":"https:\/\/revistas.esap.edu.co\/index.php\/novaetvetera\/article\/view\/332"}},"issued":{"date-parts":[[2016,9,28]]},"references-count":0,"journal-issue":{"issue":"66","published-online":{"date-parts":[[2016,9,28]]}},"URL":"https:\/\/doi.org\/10.22431\/25005103.332","ISSN":["2500-5103","0123-2614"],"issn-type":[{"value":"2500-5103","type":"electronic"},{"value":"0123-2614","type":"print"}],"published":{"date-parts":[[2016,9,28]]}},{"indexed":{"date-parts":[[2022,4,4]],"date-time":"2022-04-04T23:39:17Z","timestamp":1649115557356},"reference-count":0,"publisher":"Escuela Superior de Administracion Publica","license":[{"start":{"date-parts":[[2016,10,10]],"date-time":"2016-10-10T00:00:00Z","timestamp":1476057600000},"content-version":"unspecified","delay-in-days":0,"URL":"http:\/\/creativecommons.org\/licenses\/by-nc-nd\/4.0"}],"content-domain":{"domain":[],"crossmark-restriction":false},"short-container-title":["Nova vetera"],"abstract":"<jats:p>El presente ensayo reflexiona y examina una visi\u00f3n exploratoria de la incidencia de las comisiones de la verdad en la reconstrucci\u00f3n de la memoria hist\u00f3rica en Colombia, ante un eventual posconflicto. Se trata adem\u00e1s, de un an\u00e1lisis estructurado de las comisiones de la verdad que se han desarrollado en Am\u00e9rica Latina como recurso optativo de la justicia transicional para aclarar los hechos cometidos y juzgar a los responsables de los mismos.Por consiguiente, este estudio generalizado contiene algunas apreciaciones cr\u00edticas y conceptuales en torno al tema, que se convierten en material de apoyo para las pol\u00edticas judiciales en Colombia y permiten realizar un panorama nacional y a lo largo del continente teniendo en cuenta posiciones a favor y en contra de estas comisiones.Es as\u00ed, como a lo largo de este documento, se har\u00e1 alusi\u00f3n al tema propuesto basado en art\u00edculos de reconocida trascendencia de revistas indexadas, ONGs, el Comit\u00e9 Internacional de Justicia Transicional (ICTJ), la Oficina del Alto Comisionado para la Paz y el Observatorio de Derechos Humanos de la Presidencia de la Rep\u00fablica; adem\u00e1s, de entrevistas hechas a funcionarios gubernamentales que hacen hincapi\u00e9 en la importancia de las comisiones de la verdad y su relaci\u00f3n directa en la reconstrucci\u00f3n de la memoria hist\u00f3rica del conflicto y de las victimas del mismo. A continuaci\u00f3n, se expone la tem\u00e1tica propuesta y se deja a consideraci\u00f3n de los lectores el provechoso contenido del presente.<\/jats:p>","DOI":"10.22431\/25005103.54","type":"journal-article","created":{"date-parts":[[2017,7,5]],"date-time":"2017-07-05T19:34:05Z","timestamp":1499283245000},"page":"99-115","source":"Crossref","is-referenced-by-count":0,"title":["Incidencia de las comisiones de la verdad en la reconstrucci\u00f3n de la memoria hist\u00f3rica en el posconflicto colombiano."],"prefix":"10.22431","volume":"25","author":[{"given":"Alejandra","family":"Naranjo Regino","sequence":"first","affiliation":[],"role":[{"role":"author","vocabulary":"crossref"}]}],"member":"9723","published-online":{"date-parts":[[2016,10,10]]},"container-title":["Nova et Vetera"],"link":[{"URL":"https:\/\/revistas.esap.edu.co\/index.php\/novaetvetera\/article\/download\/54\/pdf","content-type":"application\/pdf","content-version":"vor","intended-application":"text-mining"},{"URL":"https:\/\/revistas.esap.edu.co\/index.php\/novaetvetera\/article\/download\/54\/pdf","content-type":"unspecified","content-version":"vor","intended-application":"similarity-checking"}],"deposited":{"date-parts":[[2021,11,30]],"date-time":"2021-11-30T03:20:34Z","timestamp":1638242434000},"score":0.0,"resource":{"primary":{"URL":"https:\/\/revistas.esap.edu.co\/index.php\/novaetvetera\/article\/view\/54"}},"issued":{"date-parts":[[2016,10,10]]},"references-count":0,"URL":"https:\/\/doi.org\/10.22431\/25005103.54","ISSN":["2500-5103","0123-2614"],"issn-type":[{"value":"2500-5103","type":"electronic"},{"value":"0123-2614","type":"print"}],"published":{"date-parts":[[2016,10,10]]}},{"indexed":{"date-parts":[[2025,11,6]],"date-time":"2025-11-06T16:50:11Z","timestamp":1762447811066,"version":"build-2065373602"},"reference-count":0,"publisher":"Escuela Superior de Administracion Publica","issue":"26","license":[{"start":{"date-parts":[[2018,2,28]],"date-time":"2018-02-28T00:00:00Z","timestamp":1519776000000},"content-version":"unspecified","delay-in-days":0,"URL":"http:\/\/creativecommons.org\/licenses\/by-nc-nd\/4.0"}],"content-domain":{"domain":[],"crossmark-restriction":false},"short-container-title":["Nova vetera"],"abstract":"<jats:p>Del 23 al 26 de octubre de 2017 en la Escuela Superior de Administraci\u00f3n P\u00fablica (ESAP), con el liderazgo de la Facultad de Investigaciones, se realiz\u00f3 el Congreso Internacional de Investigaciones Desarrollo institucional y Gobernanza para la paz. Retos en el poscon- flicto colombiano. Uno de los principales objetivos de este evento fue propiciar un di\u00e1logo abierto y constructivo en el que expertos internacionales, altos funcionarios del Estado, investigadores de la ESAP y l\u00edderes de distintas organizaciones hicieron aportes desde su experiencia, estudio y visi\u00f3n del posacuerdo en Colombia.\u00a0<\/jats:p>","DOI":"10.22431\/25005103.398","type":"journal-article","created":{"date-parts":[[2018,3,5]],"date-time":"2018-03-05T21:11:14Z","timestamp":1520284274000},"page":"89-109","source":"Crossref","is-referenced-by-count":0,"title":["Memorias del Congreso internacional de investigaciones. Desarrollo institucional y gobernanza para la paz. Retos en el postconflicto colombiano."],"prefix":"10.22431","author":[{"given":"C\u00e9sar","family":"Munoz Vargas","sequence":"first","affiliation":[],"role":[{"role":"author","vocabulary":"crossref"}]},{"given":"Ailed Marcela","family":"Fajardo","sequence":"additional","affiliation":[],"role":[{"role":"author","vocabulary":"crossref"}]}],"member":"9723","published-online":{"date-parts":[[2018,2,28]]},"container-title":["Nova et Vetera"],"link":[{"URL":"https:\/\/revistas.esap.edu.co\/index.php\/novaetvetera\/article\/download\/398\/445","content-type":"application\/pdf","content-version":"vor","intended-application":"text-mining"},{"URL":"https:\/\/revistas.esap.edu.co\/index.php\/novaetvetera\/article\/download\/398\/445","content-type":"unspecified","content-version":"vor","intended-application":"similarity-checking"}],"deposited":{"date-parts":[[2025,11,6]],"date-time":"2025-11-06T16:47:01Z","timestamp":1762447621000},"score":0.0,"resource":{"primary":{"URL":"https:\/\/revistas.esap.edu.co\/index.php\/novaetvetera\/article\/view\/398"}},"issued":{"date-parts":[[2018,2,28]]},"references-count":0,"journal-issue":{"issue":"26","published-online":{"date-parts":[[2018,2,28]]}},"URL":"https:\/\/doi.org\/10.22431\/25005103.398","ISSN":["2500-5103","0123-2614"],"issn-type":[{"type":"electronic","value":"2500-5103"},{"type":"print","value":"0123-2614"}],"published":{"date-parts":[[2018,2,28]]}},{"indexed":{"date-parts":[[2025,11,6]],"date-time":"2025-11-06T16:40:26Z","timestamp":1762447226499,"version":"build-2065373602"},"reference-count":0,"publisher":"Escuela Superior de Administracion Publica","issue":"1","license":[{"start":{"date-parts":[[2018,6,18]],"date-time":"2018-06-18T00:00:00Z","timestamp":1529280000000},"content-version":"unspecified","delay-in-days":0,"URL":"http:\/\/creativecommons.org\/licenses\/by-nc-nd\/4.0"}],"content-domain":{"domain":[],"crossmark-restriction":false},"short-container-title":["Adm. Desarro."],"abstract":"<jats:p>A sustainable national peace will be created in the regions and has im- portant institutional challenges. This article looks at challenges in the construction and adaptation of new centrally defined economic institutions in local economic development. Concretely, the objective is to analize how local actors confront these changes and experiment with new local institutional arrangements, in order to advance their economic development? There is a lack of theoretical advances about this thematic. Therefore, two cases of construction of agro-export value chains, one from Peru and the other from Uganda, are presented with the aim to empirically generate new insights.<\/jats:p>","DOI":"10.22431\/25005227.424","type":"journal-article","created":{"date-parts":[[2018,6,20]],"date-time":"2018-06-20T19:34:32Z","timestamp":1529523272000},"page":"141-167","source":"Crossref","is-referenced-by-count":0,"title":["Retos institucionales para la regeneraci\u00f3n de las econom\u00edas locales en regiones perif\u00e9ricas. \u00bfQu\u00e9 podemos aprender de dos casos de construcci\u00f3n de cadenas de valor de agro-exportaci\u00f3n?","Institutional challenges of regenerating local economies in peripheral regions. What can we learn from two cases of structuring agro-export value chains?"],"prefix":"10.22431","volume":"48","author":[{"ORCID":"https:\/\/orcid.org\/0000-0002-2339-1900","authenticated-orcid":false,"given":"A.H.J. (Bert)","family":"Helmsing","sequence":"first","affiliation":[],"role":[{"role":"author","vocabulary":"crossref"}]}],"member":"9723","published-online":{"date-parts":[[2018,6,18]]},"container-title":["Administraci\u00f3n &amp; Desarrollo"],"link":[{"URL":"https:\/\/revistas.esap.edu.co\/index.php\/admindesarro\/article\/download\/424\/462","content-type":"application\/pdf","content-version":"vor","intended-application":"text-mining"},{"URL":"https:\/\/revistas.esap.edu.co\/index.php\/admindesarro\/article\/download\/424\/462","content-type":"unspecified","content-version":"vor","intended-application":"similarity-checking"}],"deposited":{"date-parts":[[2025,11,6]],"date-time":"2025-11-06T16:34:35Z","timestamp":1762446875000},"score":0.0,"resource":{"primary":{"URL":"https:\/\/revistas.esap.edu.co\/index.php\/admindesarro\/article\/view\/424"}},"issued":{"date-parts":[[2018,6,18]]},"references-count":0,"journal-issue":{"issue":"1","published-online":{"date-parts":[[2018,6,18]]}},"URL":"https:\/\/doi.org\/10.22431\/25005227.424","ISSN":["2500-5227","0120-3754"],"issn-type":[{"type":"electronic","value":"2500-5227"},{"type":"print","value":"0120-3754"}],"published":{"date-parts":[[2018,6,18]]}},{"indexed":{"date-parts":[[2025,11,6]],"date-time":"2025-11-06T16:39:29Z","timestamp":1762447169636,"version":"build-2065373602"},"reference-count":0,"publisher":"Escuela Superior de Administracion Publica","issue":"1","license":[{"start":{"date-parts":[[2018,6,18]],"date-time":"2018-06-18T00:00:00Z","timestamp":1529280000000},"content-version":"unspecified","delay-in-days":0,"URL":"http:\/\/creativecommons.org\/licenses\/by-nc-nd\/4.0"}],"content-domain":{"domain":[],"crossmark-restriction":false},"short-container-title":["Adm. Desarro."],"abstract":"<jats:p>Despite being one of the most dynamic economies in Latin America, Colombia needs to promote a higher sustainable and inclusive long-term growth that allows the consolidation of the middle class and to surpass the middle-income trap. Considering this, this article highlights an exercise that identifies key policy priorities for a higher inclusive and sustainable work. Policies identified include the need of strengthen the rule of law, more quality and inclusive education, improvements in the taxation system and more inclusive financial markets.<\/jats:p>","DOI":"10.22431\/25005227.435","type":"journal-article","created":{"date-parts":[[2018,6,30]],"date-time":"2018-06-30T14:29:02Z","timestamp":1530368942000},"page":"11-31","source":"Crossref","is-referenced-by-count":1,"title":["Colombia en la perspectiva de Am\u00e9rica Latina: hacia una agenda de pol\u00edticas para un mayor  desarrollo sostenible e inclusivo","Colombia within the Latin American context: towards a more sustainable and inclusive development agenda"],"prefix":"10.22431","volume":"48","author":[{"ORCID":"https:\/\/orcid.org\/0000-0002-0395-1149","authenticated-orcid":false,"given":"Sebasti\u00e1n","family":"Nieto-Parra","sequence":"first","affiliation":[],"role":[{"role":"author","vocabulary":"crossref"}]},{"ORCID":"https:\/\/orcid.org\/0000-0002-7724-0833","authenticated-orcid":false,"given":"Ren\u00e9","family":"Orozco","sequence":"additional","affiliation":[],"role":[{"role":"author","vocabulary":"crossref"}]}],"member":"9723","published-online":{"date-parts":[[2018,6,18]]},"container-title":["Administraci\u00f3n &amp; Desarrollo"],"link":[{"URL":"https:\/\/revistas.esap.edu.co\/index.php\/admindesarro\/article\/download\/435\/466","content-type":"application\/pdf","content-version":"vor","intended-application":"text-mining"},{"URL":"https:\/\/revistas.esap.edu.co\/index.php\/admindesarro\/article\/download\/435\/466","content-type":"unspecified","content-version":"vor","intended-application":"similarity-checking"}],"deposited":{"date-parts":[[2025,11,6]],"date-time":"2025-11-06T16:34:41Z","timestamp":1762446881000},"score":0.0,"resource":{"primary":{"URL":"https:\/\/revistas.esap.edu.co\/index.php\/admindesarro\/article\/view\/435"}},"issued":{"date-parts":[[2018,6,18]]},"references-count":0,"journal-issue":{"issue":"1","published-online":{"date-parts":[[2018,6,18]]}},"URL":"https:\/\/doi.org\/10.22431\/25005227.435","ISSN":["2500-5227","0120-3754"],"issn-type":[{"type":"electronic","value":"2500-5227"},{"type":"print","value":"0120-3754"}],"published":{"date-parts":[[2018,6,18]]}},{"indexed":{"date-parts":[[2025,12,31]],"date-time":"2025-12-31T20:04:16Z","timestamp":1767211456920,"version":"3.48.0"},"reference-count":34,"publisher":"Escuela Superior de Administracion Publica","issue":"1","license":[{"start":{"date-parts":[[2024,4,30]],"date-time":"2024-04-30T00:00:00Z","timestamp":1714435200000},"content-version":"unspecified","delay-in-days":0,"URL":"https:\/\/creativecommons.org\/licenses\/by-nc-sa\/4.0"}],"content-domain":{"domain":[],"crossmark-restriction":false},"short-container-title":["Adm. Desarro."],"abstract":"<jats:p>The aim of this article is to analyze the intrinsic relationship between public administration and the unique dynamics of governance in Colombia, with a par\u00adticular focus on their impacts on the formulation and effective implementation of various public policies. This study presents a detailed analysis of the substan\u00adtial relationship between public administration and governance in Colombia, fundamental elements in contemporary states. Public administration emerges as an essential component for the effective implementation of public policies, while governance stands as a pillar that promotes transparency and citizen par\u00adticipation. This study explores how this interaction influences the conception and execution of public policies and proposes a vision that could contribute to the optimization of public management. The qualitative methodology adopted focuses on a bibliographic review of relevant sources, which facilitates the ex\u00adploration and understanding of various theories and practices in the Colombian context. Emphasis is placed on capturing the essence and multiple dimensions that define both public administration and governance, identifying trends, po\u00adtential debates, and areas of consensus in the existing literature. A significant finding of the study is the synergy between administration and governance, perceiving this relationship as a key component in strengthening the various areas of public administration.<\/jats:p>","DOI":"10.22431\/25005227.vol54n1.903","type":"journal-article","created":{"date-parts":[[2024,5,2]],"date-time":"2024-05-02T13:14:11Z","timestamp":1714655651000},"page":"e903","source":"Crossref","is-referenced-by-count":0,"title":["Administraci\u00f3n p\u00fablica y gobernanza en Colombia: aportes para una gesti\u00f3n transparente en clave dial\u00e9ctica","Public Administration and Governance in Colombia: Contributions for transparent management in a dialectical key"],"prefix":"10.22431","volume":"54","author":[{"ORCID":"https:\/\/orcid.org\/0000-0003-1579-8329","authenticated-orcid":false,"given":"Alejandro","family":"Blanco Z\u00fa\u00f1iga","sequence":"first","affiliation":[],"role":[{"role":"author","vocabulary":"crossref"}]}],"member":"9723","published-online":{"date-parts":[[2024,4,30]]},"reference":[{"key":"12491","doi-asserted-by":"crossref","unstructured":"Abdala, P. R. Z. y Puello-Socarr\u00e1s, J. F. (2019). Reflexiones sobre la administraci\u00f3n p\u00fablica y el neoliberalismo en nuestram\u00e9rica, siglo XXI. Revista Eletr\u00f4nica de Administra\u00e7\u00e3o (porto Alegre), 25(2), 22\u201339. https:\/\/doi.org\/10.1590\/1413-2311.247.94991","DOI":"10.1590\/1413-2311.247.94991"},{"key":"12492","doi-asserted-by":"crossref","unstructured":"Acosta-Silva, A., Ganga-Contreras, F. y Rama-Vitale, C. (2021). Gobernanza universitaria: enfoques y alcances conceptuales. Revista iberoamericana de educaci\u00f3n superior, 12(33), 3-17. https:\/\/doi.org\/10.22201\/iisue.20072872e.2021.33.854","DOI":"10.22201\/iisue.20072872e.2021.33.854"},{"key":"12493","unstructured":"Arcila, L.A. y L\u00f3pez, M.A. (2019) El derecho humano a una buena administraci\u00f3n p\u00fablica en M\u00e9xico y Colombia. Inciso, 21, 41-57. https:\/\/doi.org\/10.18634\/incj.21v.1i.841"},{"key":"12494","doi-asserted-by":"crossref","unstructured":"Azuero-Rodr\u00edguez, A. R. (2020). Evaluaci\u00f3n epistemol\u00f3gica a la teor\u00eda de la burocracia de Max Weber. Revista Espacios, 41(45), 338-353. https:\/\/doi.org\/10.48082\/espacios-a20v41n45p27","DOI":"10.48082\/espacios-a20v41n45p27"},{"key":"12495","doi-asserted-by":"crossref","unstructured":"Barrag\u00e1n Mart\u00ednez, X. (2022). Posmodernidad, gesti\u00f3n p\u00fablica y tecnolog\u00edas de la informaci\u00f3n y comunicaci\u00f3n en la Administraci\u00f3n p\u00fablica de Ecuador. Estado & comunes, revista de pol\u00edticas y problemas p\u00fablicos, 1(14), 113-131. https:\/\/doi.org\/10.37228\/estado_comunes.v1.n14.2022.244","DOI":"10.37228\/estado_comunes.v1.n14.2022.244"},{"key":"12496","unstructured":"Bueno, W. B. y Morales Manzur, J. C. (2012). Estado Social de Derecho: Consideraciones sobre su trayectoria hist\u00f3rica en Colombia a partir de 1991. Cuestiones pol\u00edticas, 28(48)."},{"key":"12497","unstructured":"Burnham, J. (1960). The Managerial Revolution (Midland Books ed.). University of Indiana Press."},{"key":"12498","doi-asserted-by":"crossref","unstructured":"C\u00e1rdenas Poveda, M. (2019). Criterios para reparar a las v\u00edctimas del conflicto armado desde la perspectiva de la administraci\u00f3n p\u00fablica y del juez administrativo colombiano. Vniversitas, 68(139). https:\/\/doi.org\/10.11144\/Javeriana.vj139.cprv","DOI":"10.11144\/Javeriana.vj139.cprv"},{"key":"12499","unstructured":"Constituci\u00f3n Pol\u00edtica de Colombia. (1991). Constituci\u00f3n Pol\u00edtica de Colombia. (2da ed.). Legis. Art. 6."},{"key":"12500","doi-asserted-by":"crossref","unstructured":"Donahue, J. y Zeckhauser, R. (2011). Collaborative governance. Princeton University Press","DOI":"10.1515\/9781400838103"},{"key":"12501","doi-asserted-by":"crossref","unstructured":"Figueroa, J. J. C. y David, H. J. G. (2017). Las pol\u00edticas p\u00fablicas un campo de reflexi\u00f3n anal\u00edtica entre la ciencia pol\u00edtica y la administraci\u00f3n p\u00fablica latinoamericana. Telos: Revista de Estudios Interdisciplinarios en Ciencias Sociales, 19(2), 366-387.","DOI":"10.36390\/telos192.10"},{"key":"12502","doi-asserted-by":"crossref","unstructured":"Gl\u00fcckler, J., Rehner, J. y Handke, M. (2019). Gobernanza, redes y territorio. Revista de geograf\u00eda Norte Grande, (74), 5-20. https:\/\/dx.doi.org\/10.4067\/S0718-34022019000300005","DOI":"10.4067\/S0718-34022019000300005"},{"key":"12503","doi-asserted-by":"crossref","unstructured":"G\u00f3mez Trujillo, C. A. (2018). La educaci\u00f3n y su relaci\u00f3n con la administraci\u00f3n p\u00fablica y gobernanza. Justicia, 23(34), 456\u2013470. https:\/\/doi.org\/10.17081\/just.23.34.2902","DOI":"10.17081\/just.23.34.2902"},{"key":"12504","doi-asserted-by":"crossref","unstructured":"Gonz\u00e1lez Buitrago, J. I. (2019). Flexibilizar la gesti\u00f3n administrativa del Estado colombiano en tiempos de globalizaci\u00f3n. Estudios de Derecho, 76(168), 43-71. https:\/\/doi.org\/10.17533\/udea.esde.v76n168a02","DOI":"10.17533\/udea.esde.v76n168a02"},{"key":"12505","doi-asserted-by":"crossref","unstructured":"Gonz\u00e1lez Mongu\u00ed, P. E., Silva-Garc\u00eda, G., P\u00e9rez-Salazar, B. y Vizca\u00edno-Solano, L. A. (2022). Estigmatizaci\u00f3n y criminalidad contra defensores de derechos humanos y l\u00edderes sociales en Colombia. Revista Cient\u00edfica General Jos\u00e9 Mar\u00eda C\u00f3rdova, 20(37), 142-161. https:\/\/doi.org\/10.21830\/19006586.810","DOI":"10.21830\/19006586.810"},{"key":"12506","unstructured":"Gonz\u00e1lez Moreno, A. (2020). El modelo de Gobierno Abierto como estrategia para generar capacidades institucionales en la administraci\u00f3n p\u00fablica en Colombia (2012-2017) [Tesis, Universidad Nacional de Colombia]."},{"key":"12507","doi-asserted-by":"crossref","unstructured":"Hincapi\u00e9, S. (2022). Gobernanza ambiental global y derechos de la naturaleza en Am\u00e9rica Latina. Revista derecha del Estado, (54), 277\u2013305. https:\/\/doi.org\/10.18601\/01229893.n54.09","DOI":"10.18601\/01229893.n54.09"},{"key":"12508","doi-asserted-by":"crossref","unstructured":"Hormecheas-Tapia, K. C., Legarda-L\u00f3pez, M., Ruiz-Casta\u00f1eda, W. L. y Villalba-Morales, M.L. (2020). Participaci\u00f3n de la sociedad civil en las din\u00e1micas de innovaci\u00f3n para el logro de los ODS. Revista iberoamericana de estudios de desarrollo, 1(9). http:\/\/doi.org\/10.26754\/ojs_ried\/ijds.435","DOI":"10.26754\/ojs_ried\/ijds.435"},{"key":"12509","unstructured":"Jim\u00e9nez, B.. \/ Escuela Superior de Administraci\u00f3n P\u00fablica y Universidad Libre, W. G. (2013). Teor\u00eda y pr\u00e1ctica del sistema de m\u00e9rito a trav\u00e9s de las reformas del Estado en Colombia. Reflexi\u00f3n Pol\u00edtica, 14(28). https:\/\/revistas.unab.edu.co\/index.php\/reflexion\/article\/view\/1685"},{"key":"12510","unstructured":"Mach\u00edn Hern\u00e1ndez, M. M., S\u00e1nchez Vignau, B. S., L\u00f3pez Rodr\u00edguez, M. L. y Puentes \u00c1lvarez, P. L. (2019). La gesti\u00f3n p\u00fablica local como garante de la eficacia en la administraci\u00f3n p\u00fablica cubana. Cooperativismo y Desarrollo, 7(2), 212-224. http:\/\/scielo.sld.cu\/scielo.php?script=sci_arttext&pid=S2310-340X2019000200212&lng=es&tlng=es."},{"key":"12511","doi-asserted-by":"crossref","unstructured":"Montecinos, E. (2021). Cuarta revoluci\u00f3n industrial y la administraci\u00f3n p\u00fablica en Am\u00e9rica Latina. Revista Venezolana de Gerencia, 26(93), 10-32. https:\/\/doi.org\/10.52080\/rvgluz93.02","DOI":"10.52080\/rvgluz93.02"},{"key":"12512","doi-asserted-by":"crossref","unstructured":"Nader Orfale, L. E. (2022). Resource transfers and their relationship with territorial development in Colombia. Advocatus, 19(39). https:\/\/doi.org\/10.18041\/0124-0102\/a.39.9765","DOI":"10.18041\/0124-0102\/a.39.9765"},{"key":"12513","doi-asserted-by":"crossref","unstructured":"Osorio S\u00e1nchez, E. J., Ayala Garc\u00eda, E. T. y Urbina C\u00e1rdenas, J. E. (2018). La mujer como v\u00edctima del conflicto armado en Colombia. Revista Academia & Derecho, 9(16), 49-66.","DOI":"10.18041\/2215-8944\/academia.16.5977"},{"key":"12514","doi-asserted-by":"crossref","unstructured":"Provan, K. G. & Kenis, P. (2008). Modes of network governance: Structure, management, and effectiveness. Journal of Public Administration Research and Theory, 18(2),229\u2013252. https:\/\/doi.org\/10.1093\/jopart\/mum015","DOI":"10.1093\/jopart\/mum015"},{"key":"12515","doi-asserted-by":"crossref","unstructured":"Romero, M. J. (2021). Revisi\u00f3n sistem\u00e1tica del concepto gobernanza cooperativa. Ciencias administrativas, (18), 27-40. https:\/\/dx.doi.org\/https:\/\/doi.org\/10.24215\/23143738e083","DOI":"10.24215\/23143738e083"},{"key":"12516","unstructured":"Rosero, A. I. (2018). La corrupci\u00f3n en el campo de la administraci\u00f3n p\u00fablica, una mirada desde la \u00e9tica p\u00fablica. [Monograf\u00eda, Universidad Nacional Abierta y a Distancia]. https:\/\/repository.unad.edu.co\/handle\/10596\/23624"},{"key":"12517","unstructured":"Ruiz Mosquera, Y. L. y R\u00edos Casta\u00f1o, A. C. (2022). El prevaricato por omisi\u00f3n en la administraci\u00f3n p\u00fablica en Colombia. Universidad Libre de Colombia. https:\/\/hdl.handle.net\/10901\/26226"},{"key":"12518","unstructured":"S\u00e1nchez Vargas, N. (2019). La gerencia p\u00fablica y el sistema de m\u00e9rito en el empleo p\u00fablico en Colombia [Tesis, Universidad Externado de Colombia]. https:\/\/doi.org\/10.57998\/bdigital.handle.001.1806"},{"key":"12519","doi-asserted-by":"crossref","unstructured":"Sierra-Zamora, P. y Jimenez, L. (2019). Genealog\u00eda de la tortura en Colombia: una mirada desde los derechos humanos. Novum Jus: Revista Especializada en Sociolog\u00eda Jur\u00eddica y Pol\u00edtica, 13(2), 131-142. https:\/\/editorial.ucatolica.edu.co\/ojsucatolica\/revistas_ucatolica\/index.php\/Juridica\/article\/view\/2390\/2622","DOI":"10.14718\/NovumJus.2019.13.2.7"},{"key":"12520","doi-asserted-by":"crossref","unstructured":"Silva Henao, J. F. (2012). Evoluci\u00f3n y origen del concepto de \u201cestado social\u201d incorporado en la constituci\u00f3n pol\u00edtica colombiana de 1991. Ratio Juris UNAULA, 7(14), 141\u2013158. https:\/\/doi.org\/10.24142\/raju.v7n14a5","DOI":"10.24142\/raju.v7n14a5"},{"key":"12521","doi-asserted-by":"crossref","unstructured":"Valencia-Agudelo, G. D. y Villarreal-Miranda, K. D. (2020). Participaci\u00f3n de la sociedad civil en el proceso de paz con las Fuerzas Armadas Revolucionarias de Colombia -FARC EP- (2012-2016). Entramado, 16(2), 238-250. https:\/\/doi.org\/10.18041\/1900-3803\/entramado.2.6745","DOI":"10.18041\/1900-3803\/entramado.2.6745"},{"key":"12522","doi-asserted-by":"crossref","unstructured":"Valencia-Tello, D. C. (2020). El fomento a una cultura de integridad en la administraci\u00f3n p\u00fablica colombiana. Revista Jur\u00eddica Pi\u00e9lagus, 19(1), 84\u2013104. https:\/\/doi.org\/10.25054\/16576799.2408","DOI":"10.25054\/16576799.2408"},{"key":"12523","doi-asserted-by":"crossref","unstructured":"Vergara Varela, R. (2019). Conformaci\u00f3n hist\u00f3rico-institucional en Colombia (1800-1950). Justicia, 24(36), 21-34. https:\/\/doi.org\/10.17081\/just.24.36.3516","DOI":"10.17081\/just.24.36.3516"},{"key":"12524","unstructured":"Zuleta, A. P. (2015). La corrupci\u00f3n su historia y sus consecuencias en Colombia. Universidad Militar Nueva Granada. http:\/\/hdl.handle.net\/10654\/13973"}],"container-title":["Administraci\u00f3n &amp; Desarrollo"],"link":[{"URL":"https:\/\/revistas.esap.edu.co\/index.php\/admindesarro\/article\/download\/903\/751","content-type":"application\/pdf","content-version":"vor","intended-application":"text-mining"},{"URL":"https:\/\/revistas.esap.edu.co\/index.php\/admindesarro\/article\/download\/903\/758","content-type":"text\/xml","content-version":"vor","intended-application":"text-mining"},{"URL":"https:\/\/revistas.esap.edu.co\/index.php\/admindesarro\/article\/download\/903\/751","content-type":"unspecified","content-version":"vor","intended-application":"similarity-checking"}],"deposited":{"date-parts":[[2025,12,31]],"date-time":"2025-12-31T19:59:35Z","timestamp":1767211175000},"score":0.0,"resource":{"primary":{"URL":"https:\/\/revistas.esap.edu.co\/index.php\/admindesarro\/article\/view\/903"}},"issued":{"date-parts":[[2024,4,30]]},"references-count":34,"journal-issue":{"issue":"1","published-online":{"date-parts":[[2024,1,1]]}},"URL":"https:\/\/doi.org\/10.22431\/25005227.vol54n1.903","ISSN":["2500-5227","0120-3754"],"issn-type":[{"type":"electronic","value":"2500-5227"},{"type":"print","value":"0120-3754"}],"published":{"date-parts":[[2024,4,30]]}},{"indexed":{"date-parts":[[2025,12,31]],"date-time":"2025-12-31T20:29:01Z","timestamp":1767212941342,"version":"3.48.0"},"reference-count":0,"publisher":"Escuela Superior de Administracion Publica","license":[{"start":{"date-parts":[[2015,12,13]],"date-time":"2015-12-13T00:00:00Z","timestamp":1449964800000},"content-version":"unspecified","delay-in-days":0,"URL":"http:\/\/creativecommons.org\/licenses\/by-nc-nd\/4.0"}],"content-domain":{"domain":[],"crossmark-restriction":false},"short-container-title":["Nova vetera"],"abstract":"<jats:p>El presente escrito trata de los problemas y conflictos que ha significado la forma de gobierno y de la administraci\u00f3n p\u00fablica del territorio en Colombia. Ellos se expresan en las desigualdades y disparidades territoriales de la primera republica (1886-1991) y en la modernidad pol\u00edtica de la constituci\u00f3n de 1991 que da inicio a la segunda republica (1991 en adelante), tampoco sin ser superados y por el contrario, las pol\u00edticas contra-reformistas en el marco del estado social de derecho \u2013ESD- en t\u00e9rminos de la re-centralizaci\u00f3n, el modelo econ\u00f3mico neo-extractivista y el poder pol\u00edtico han conllevado a nuevos escenarios de tensiones y conflictos ambientales y territoriales. Dicho panorama evidencia la complejidad del territorio m\u00e1xime en un nuevo contexto pol\u00edtico de pos-acuerdo y paz, que exige nuevos retos en su gobierno y administraci\u00f3n que logre reducir las hist\u00f3ricas brechas y desigualdades socio-ambientales y pol\u00edticas del pa\u00eds.\u00a0<\/jats:p>","DOI":"10.22431\/25005103.186","type":"journal-article","created":{"date-parts":[[2017,7,5]],"date-time":"2017-07-05T15:34:05Z","timestamp":1499268845000},"page":"65-83","source":"Crossref","is-referenced-by-count":0,"title":["La administraci\u00f3n p\u00fablica y el territorio, una acci\u00f3n compleja en escenarios de conflicto y paz en Colombia"],"prefix":"10.22431","volume":"24","author":[{"given":"Jaime","family":"Moreno Quijano","sequence":"first","affiliation":[],"role":[{"role":"author","vocabulary":"crossref"}]}],"member":"9723","published-online":{"date-parts":[[2015,12,13]]},"container-title":["Nova et Vetera"],"link":[{"URL":"https:\/\/revistas.esap.edu.co\/index.php\/novaetvetera\/article\/download\/186\/pdf","content-type":"application\/pdf","content-version":"vor","intended-application":"text-mining"},{"URL":"https:\/\/revistas.esap.edu.co\/index.php\/novaetvetera\/article\/download\/186\/pdf","content-type":"unspecified","content-version":"vor","intended-application":"similarity-checking"}],"deposited":{"date-parts":[[2025,12,31]],"date-time":"2025-12-31T20:24:03Z","timestamp":1767212643000},"score":0.0,"resource":{"primary":{"URL":"https:\/\/revistas.esap.edu.co\/index.php\/novaetvetera\/article\/view\/186"}},"issued":{"date-parts":[[2015,12,13]]},"references-count":0,"URL":"https:\/\/doi.org\/10.22431\/25005103.186","ISSN":["2500-5103","0123-2614"],"issn-type":[{"type":"electronic","value":"2500-5103"},{"type":"print","value":"0123-2614"}],"published":{"date-parts":[[2015,12,13]]}},{"indexed":{"date-parts":[[2026,7,16]],"date-time":"2026-07-16T03:03:46Z","timestamp":1784171026560,"version":"3.55.0"},"reference-count":0,"publisher":"Escuela Superior de Administracion Publica","issue":"58","license":[{"start":{"date-parts":[[2013,12,15]],"date-time":"2013-12-15T00:00:00Z","timestamp":1387065600000},"content-version":"unspecified","delay-in-days":0,"URL":"http:\/\/creativecommons.org\/licenses\/by-nc-nd\/4.0"}],"content-domain":{"domain":[],"crossmark-restriction":false},"short-container-title":["Adm. Desarro."],"abstract":"<jats:p>This article seeks to make clear that while there are laws and individuals who are concerned for deterioration of environmental tissue, they are not enough. The proposal is to show that despite the existence of environment laws and States and Nongovernmental organizations concern by environment protection, it is necessary create an environmental legal culture in the citizenship. In turn, this means point out the limitations both States and environmental organizations, not having been able to procure an environment legal culture that guarantees citizens live in a healthy and ecologically balanced environment and to ensure sustainable development in harmony with nature subject. Thus, it becomes necessary to establish legal strategies that allow build this environment legal culture among citizens and city dwellers as a significant contribution to mankind and nature.<\/jats:p>","DOI":"10.22431\/25005227.114","type":"journal-article","created":{"date-parts":[[2017,7,5]],"date-time":"2017-07-05T12:06:06Z","timestamp":1499256366000},"page":"89-100","source":"Crossref","is-referenced-by-count":0,"title":["Hacia una cultura jur\u00eddica ambiental en Ecuador","Towards a legal environmental culture in Ecuador"],"prefix":"10.22431","volume":"42","author":[{"given":"Girard David","family":"Verraza Arroyo","sequence":"first","affiliation":[],"role":[{"vocabulary":"crossref","role":"author"}]}],"member":"9723","published-online":{"date-parts":[[2013,12,15]]},"container-title":["Administraci\u00f3n &amp; Desarrollo"],"link":[{"URL":"https:\/\/revistas.esap.edu.co\/index.php\/admindesarro\/article\/download\/114\/pdf","content-type":"application\/pdf","content-version":"vor","intended-application":"text-mining"},{"URL":"https:\/\/revistas.esap.edu.co\/index.php\/admindesarro\/article\/download\/114\/pdf","content-type":"unspecified","content-version":"vor","intended-application":"similarity-checking"}],"deposited":{"date-parts":[[2026,7,16]],"date-time":"2026-07-16T02:15:53Z","timestamp":1784168153000},"score":0.0,"resource":{"primary":{"URL":"https:\/\/revistas.esap.edu.co\/index.php\/admindesarro\/article\/view\/114"}},"issued":{"date-parts":[[2013,12,15]]},"references-count":0,"journal-issue":{"issue":"58","published-online":{"date-parts":[[2013,12,15]]}},"URL":"https:\/\/doi.org\/10.22431\/25005227.114","ISSN":["2500-5227","0120-3754"],"issn-type":[{"value":"2500-5227","type":"electronic"},{"value":"0120-3754","type":"print"}],"published":{"date-parts":[[2013,12,15]]}},{"indexed":{"date-parts":[[2026,7,29]],"date-time":"2026-07-29T17:01:46Z","timestamp":1785344506745,"version":"3.55.0"},"publisher-location":"Calle 44 # 53-37, CAN, Bogot\u00e1, D. C.","reference-count":117,"publisher":"Editorial ESAP","isbn-type":[{"value":"9789586091978","type":"print"},{"value":"9789586091985","type":"electronic"}],"content-domain":{"domain":[],"crossmark-restriction":false},"abstract":"<jats:p>Las comunidades negras, afrodescendientes, raizales y palenqueras en Colombia han experimentado los mayores niveles de desigualdad y pobreza, a la vez que han tenido que sortear pr\u00e1cticas de discriminaci\u00f3n racial y marginaci\u00f3n que han desempe\u00f1ado un papel importante en sus procesos de planeaci\u00f3n y gesti\u00f3n del etnodesarrollo. Este libro reflexiona sobre estos ejercicios, puntualmente en el departamento del Cauca, con un enfoque hist\u00f3rico, territorial y participativo que considera las condiciones socioecon\u00f3micas, culturales y ambientales que configuran la vida de estas comunidades, as\u00ed como sus formas de organizaci\u00f3n, resistencia y proyecci\u00f3n colectiva.\nCon base en una s\u00f3lida investigaci\u00f3n documental y de campo, los autores abordan los desaf\u00edos estructurales que enfrentan estas poblaciones y dan lugar al planteamiento de alternativas desde las cosmovisiones de dichas comunidades. De esta manera, plantean temas de discusi\u00f3n en torno al desarrollo territorial, la planeaci\u00f3n participativa y los derechos \u00e9tnicos, e invitan a comprender las din\u00e1micas sociales que atraviesan los territorios afrocolombianos en el contexto contempor\u00e1neo.<\/jats:p>","DOI":"10.22431\/libros82","type":"monograph","created":{"date-parts":[[2026,7,16]],"date-time":"2026-07-16T04:33:16Z","timestamp":1784176396000},"source":"Crossref","is-referenced-by-count":0,"title":["Comunidades negras en el Cauca"],"prefix":"10.22431","author":[{"ORCID":"https:\/\/orcid.org\/0000-0002-9903-2939","authenticated-orcid":false,"given":"Ronald Alejandro","family":"Macuac\u00e9 Otero","sequence":"first","affiliation":[{"name":"Escuela Superior de Administraci\u00f3n P\u00fablica"}],"role":[{"vocabulary":"crossref","role":"author"}]},{"ORCID":"https:\/\/orcid.org\/0000-0003-4640-9314","authenticated-orcid":false,"given":"Mar\u00eda Eugenia","family":"Sevillano Rodr\u00edguez","sequence":"additional","affiliation":[{"name":"Escuela Superior de Administraci\u00f3n P\u00fablica"}],"role":[{"vocabulary":"crossref","role":"author"}]},{"ORCID":"https:\/\/orcid.org\/0000-0001-5443-3328","authenticated-orcid":false,"given":"Elizabeth","family":"Toro Chal\u00e1","sequence":"additional","affiliation":[{"name":"Escuela Superior de Administraci\u00f3n P\u00fablica"}],"role":[{"vocabulary":"crossref","role":"author"}]}],"member":"9723","published-online":{"date-parts":[[2026,3,27]]},"reference":[{"key":"ref1","doi-asserted-by":"crossref","unstructured":"Abad\u00eda, W. (2020). Volver para reconstruir el territorio y dignificar la vida: la experiencia del Consejo Comunitario de la Cuenca del R\u00edo Cacarica. Revista Colombiana de Antropolog\u00eda, 56(2), 197-220. https:\/\/doi.org\/10.22380\/2539472X.808","DOI":"10.22380\/2539472X.808"},{"key":"ref2","unstructured":"Acosta-Ordo\u00f1ez, K. (2017). Nutrici\u00f3n y desarrollo en el Pac\u00edfico colombiano. Documentos de trabajo sobre econom\u00eda regional, (221). https:\/\/babel.banrepcultural.org\/digital\/collection\/p17054coll18\/id\/180"},{"key":"ref3","unstructured":"Agencia Nacional de Tierras [ANT]. (2020). Portal de Datos Abiertos. https:\/\/data-agenciadetierras.opendata.arcgis.com\/searc"},{"key":"ref4","doi-asserted-by":"crossref","unstructured":"Aguiar L\u00f3pez, J. G. (2021). Metodolog\u00eda de la investigaci\u00f3n cualitativa. Reflexiones epist\u00e9micas. Revista Caribe\u00f1a de Ciencias Sociales, 10(3), 57-71. https:\/\/doi.org\/10.51896\/caribe\/mevg5476","DOI":"10.51896\/caribe\/MEVG5476"},{"key":"ref5","unstructured":"Arg\u00fcelles, T. C. (2010). Del etnodesarrollo al buen vivir. HAL."},{"key":"ref6","unstructured":"Asociaci\u00f3n de Consejos Comunitarios de Timbiqu\u00ed [Asoconsejos]. (2016). Plan de Etnodesarrollo de la Asociaci\u00f3n de Consejos Comunitarios de Timbiqu\u00ed."},{"key":"ref7","unstructured":"Asociaci\u00f3n de Consejos Comunitarios del Norte del Cauca [ACONC] (2015). Plan de etnodesarrollo del norte del Cauca 2015 \u2013 2035. Cambios para vivir mejor."},{"key":"ref8","unstructured":"Banguero Andrade, H. y Murillo Benitez, J. A. (2018, 1 de octubre). Lineamiento de las bases del Plan de Desarrollo de Comunidades Negras 2018-2022. Departamento Nacional de Planeaci\u00f3n. https:\/\/colaboracion.dnp.gov.co\/CDt\/Prensa\/Cnp\/LineamientosbasesdelPlandeDesarrollo%20comunidadesnegras.pdf"},{"key":"ref9","unstructured":"Barbary, O. y Urrea, F. (2004). Gente negra en Colombia: din\u00e1micas sociopol\u00edticas en Cali y el Pac\u00edfico. Lealon."},{"key":"ref10","unstructured":"Barredo Cano, J. (1996). Sistemas de informaci\u00f3n geogr\u00e1fica y evaluaci\u00f3n multicriterio en la ordenaci\u00f3n del territorio. Ra-Ma Editorial."},{"key":"ref11","unstructured":"Barrera-Osorio, F., Maldonado Carrizosa, D., y Rodr\u00edguez Orgales, C. (2012). Calidad de la educaci\u00f3n b\u00e1sica y media en Colombia: diagn\u00f3stico y propuestas. Documentos cede, (41). https:\/\/hdl.handle.net\/1992\/8360"},{"key":"ref12","unstructured":"Bonfil Batalla, G. (1982). El etnodesarrollo: sus premisas jur\u00eddicas, pol\u00edticas y de organizaci\u00f3n. En Am\u00e9rica Latina: Etnodesarrollo y Etnocidio (pp. 131-146). Flacso Costa Rica."},{"key":"ref13","unstructured":"Caicedo-Ortiz, J. A. y Castillo-Guzm\u00e1n, E. (2008). Ind\u00edgenas y afrodescendientes en la universidad colombiana: nuevos sujetos, viejas estructuras. Cuadernos Interculturales, 6(10), 62-90."},{"key":"ref14","unstructured":"Castillo-Guzm\u00e1n, E. y Caicedo-Ortiz, J. A. (2015). Educaci\u00f3n y afrodescendencia en Colombia. Trazos de una causa hist\u00f3rica. NuestroAm\u00e9rica, 3(6), 115-130."},{"key":"ref15","unstructured":"Castro, M., J\u00e1tiva-Mari\u00f1o, E., Otzen, T. y Manterola, C. (2019). Aspectos \u00e9ticos propios de los dise\u00f1os m\u00e1s utilizados en investigaci\u00f3n cl\u00ednica. Journal of Health Medical Science, 5(3), 183-193."},{"key":"ref16","unstructured":"Castro-G\u00f3mez, S. (2005). La hybris del punto cero: ciencia, raza e ilustraci\u00f3n en la Nueva Granada (1750-1816). Pontificia Universidad Javeriana."},{"key":"ref17","unstructured":"Constituci\u00f3n Pol\u00edtica [CP] 7 de julio, 1991, gJ n\u00fam. 116, art. 6 [Col.]. Cort\u00e9s- Land\u00e1zury, R., Sinisterra Rodr\u00edguez, M. y Macuac\u00e9 Otero, R. A. (2017). Expectativas quebrantadas. La cuesti\u00f3n afro y la discriminaci\u00f3n racial en Colombia. Universidad del Cauca."},{"key":"ref18","unstructured":"Constituci\u00f3n Pol\u00edtica [CP] 7 de julio, 1991, GJ n\u00fam. 116, art. 6 [Col.]."},{"key":"ref19","unstructured":"C\u00f3rdoba Moreno, L., Hinojosa Moreno, M. Y., Palomeque Serna, A. K. e Hinestroza Cuesta, L. (2017). Derecho de autonom\u00eda de los consejos comunitarios de comunidades negras del departamento del choc\u00f3: l\u00edmites y retos. Ambiente Jur\u00eddico, (21), 41-65."},{"key":"ref20","doi-asserted-by":"crossref","unstructured":"Cort\u00e9s Land\u00e1zury, R, Sinisterra Rodr\u00edguez, M. y Macuac\u00e9 Otero, R. A. (2017). Expectativas quebrantadas. La cuesti\u00f3n afro y la discriminaci\u00f3n racial en Colombia. Universidad del Cauca.","DOI":"10.2307\/j.ctv1pbwv5m"},{"key":"ref21","doi-asserted-by":"crossref","unstructured":"Cubillo Guevara, A., Hidalgo-Capit\u00e1n, A. y Garc\u00eda-\u00c1lvarez, S. (2016). El buen vivir como alternativa al desarrollo para Am\u00e9rica Latina. Revista Iberoamericana de Estudios de Desarrollo, 5(2), 30-57. https:\/\/dialnet.unirioja.es\/servlet\/articulo?codigo=5706345","DOI":"10.21892\/24627593.223"},{"key":"ref22","doi-asserted-by":"crossref","unstructured":"Cuesta Renter\u00eda, J. L. e Hinestroza Cuesta, L. (2017). An\u00e1lisis jur\u00eddico de las funciones de los consejos comunitarios en territorios colectivos de comunidades negras. Justicia, (32), 160-181. https:\/\/doi.org\/10.17081\/just.22.32.2910","DOI":"10.17081\/just.22.32.2910"},{"key":"ref23","unstructured":"De Izarra, J., Pe\u00f1a, H. y S\u00e1enz, C. (2020). Retos del liderazgo comunitario frente a los paradigmas de la gesti\u00f3n social. Journal of Business and Entrepreneurial Studies: jbes, 4(1), 123-146."},{"key":"ref24","unstructured":"De Roux, G. (2010). Pol\u00edticas p\u00fablicas para el avance de la poblaci\u00f3n afrocolombiana: revisi\u00f3n y an\u00e1lisis. Naciones Unidas."},{"key":"ref25","unstructured":"Decreto 1122 de 1998. Por el cual se expiden normas para el desarrollo de la C\u00e1tedra de Estudios Afrocolombianos, en todos los establecimientos de educaci\u00f3n formal del pa\u00eds y se dictan otras disposiciones. 18 de junio, 1998. DO n\u00fam. 43.325 (Col.)."},{"key":"ref26","unstructured":"Decreto 1332 de 1992. Por el cual se crea la Comisi\u00f3n Especial para las Comunidades Negras, de que trata el art\u00edculo transitorio n\u00famero 55 de la Constituci\u00f3n Pol\u00edtica, sobre el reconocimiento de los derechos territoriales y culturales; econ\u00f3micos, pol\u00edticos y sociales del pueblo negro de Colombia; y se establecen las funciones y atribuciones de la misma. 11 de agosto, 1992. DO n\u00fam. 40.538 (Col.)."},{"key":"ref27","unstructured":"Decreto 1371 de 1994. Por el cual se conforma la Comisi\u00f3n Consultiva de Alto Nivel de que trata el art\u00edculo 45 de la Ley 70 de 1993. 30 de junio, 1994. DO n\u00fam. 41.417 (Col.)."},{"key":"ref28","unstructured":"Decreto 1523 de 2003. Por el cual se reglamenta el procedimiento de elecci\u00f3n del representante y suplente de las comunidades negras ante los consejos directivos de las Corporaciones Aut\u00f3nomas Regionales y se adoptan otras disposiciones. 6 de junio, 2003. DO n\u00fam. 45.213 (Col.)."},{"key":"ref29","unstructured":"Decreto 1627 de 1996. Por el cual se reglamenta el art\u00edculo 40 de la Ley 70 de 1993. 10 de septiembre, 1996. DO n\u00fam. 42.877 (Col.)."},{"key":"ref30","unstructured":"Decreto 2248 de 1995. Por el cual se subroga el Decreto 1371 de 1994, se establecen los par\u00e1metros para el Registro de Organizaciones de las Comunidades Negras y se dictan otras disposiciones. 22 de diciembre, 1995 (Col.)."},{"key":"ref31","unstructured":"Decreto 2249 de 1995. Por el cual se conforma la Comisi\u00f3n Pedag\u00f3gica de Comunidades Negras de que trata el art\u00edculo 42 de la Ley 70 de 1993. 22 de diciembre, 1995. DO n\u00fam. 42.163 (Col.)."},{"key":"ref32","unstructured":"Decreto 3770 de 2008. Por el cual se reglamenta la Comisi\u00f3n Consultiva de Alto Nivel de Comunidades Negras, Afrocolombianas, Raizales y Palenqueras; se establecen los requisitos para el Registro de Consejos Comunitarios y Organizaciones de dichas comunidades y se dictan otras disposiciones. 25 de septiembre, 2008. DO n\u00fam. 47.123 (Col.)."},{"key":"ref33","unstructured":"Decreto 804 de 1995. Por medio del cual se reglamenta la atenci\u00f3n educativa para grupos \u00e9tnicos. 18 de mayo, 1995. DO n\u00fam. 41.853 (Col.)."},{"key":"ref34","unstructured":"Decreto 860 de 2003. Por el cual se reglamenta el art\u00edculo 14 de la Ley 30 de 1992. 4 de abril. 2003. DO n\u00fam. 45.154 (Col.)."},{"key":"ref35","unstructured":"Departamento Administrativo Nacional de Estad\u00edstica [Dane]. (2005). Censo General de poblaci\u00f3n. https:\/\/www.dane.gov.co\/index.php\/estadisticas-por-tema\/demografia-y-poblacion\/censo-general-2005-1#informacion-general"},{"key":"ref36","unstructured":"Departamento Administrativo Nacional de Estad\u00edstica [Dane]. (2014). Censo Nacional Agropecuario. https:\/\/ www.dane.gov.co\/index.php\/estadisticas-por-tema\/agropecuario\/censo-nacional-agropecuario-2014"},{"key":"ref37","unstructured":"Departamento Administrativo Nacional de Estad\u00edstica [Dane]. (2018). Censo Nacional de Poblaci\u00f3n y Vivienda. https:\/\/www.dane.gov.co\/index.php\/estadisticas-por-tema\/demografia-y-poblacion\/censo-nacional-de-poblacion-y-vivenda-2018"},{"key":"ref38","unstructured":"Departamento Administrativo Nacional de Estad\u00edstica [Dane]. (2018). Censo Nacional de Poblaci\u00f3n y Vivienda. https:\/\/www.dane.gov.co\/index.php\/estadisticas-por-tema\/demografia-y-poblacion\/censo-nacional-de-poblacion-y-vivenda-2018"},{"key":"ref39","unstructured":"Departamento Administrativo Nacional de Estad\u00edstica [Dane]. (2018). Censo general de poblaci\u00f3n. https:\/\/www.dane.gov.co\/index.php\/estadisticas-por-tema\/demografia-y-poblacion\/censo-nacional-de-poblacion-y-vivenda-2018"},{"key":"ref40","unstructured":"Departamento Administrativo Nacional de Estad\u00edstica [Dane]. (2019). Poblaci\u00f3n negra, afrocolombiana, raizal y palenquera. https:\/\/www.dane.gov.co\/files\/investigaciones\/boletines\/grupos-etnicos\/presentacion-grupos-etnicos-poblacion-narp-2019.pdf"},{"key":"ref41","unstructured":"Departamento Administrativo Nacional de Estad\u00edstica [Dane]. (2021). Comunidades negras, raizales y palenqueras. Resultados del Censo Nacional de Poblaci\u00f3n y Vivienda. https:\/\/www.dane.gov.co\/files\/investigaciones\/boletines\/grupos-etnicos\/informe-resultados-comunidades-narp-cnpv2018.pdf"},{"key":"ref42","unstructured":"Departamento Nacional de Estad\u00edstica [Dane]. (2005). Censo general 2005. https:\/\/www.dane.gov.co\/index.php\/estadisticas-por-tema\/demografia-y-poblacion\/censo-general-2005-1#informacion-general"},{"key":"ref43","unstructured":"Departamento Nacional de Estad\u00edstica [Dane]. (2018). Censo Nacional de Poblaci\u00f3n y Vivienda 2018. https:\/\/www.dane.gov.co\/index.php\/estadisticas-por-tema\/demografia-y-poblacion\/censo-nacional-de-poblacion-y-vivenda-2018"},{"key":"ref44","unstructured":"Departamento Nacional de Estad\u00edstica [Dane]. (2019). Poblaci\u00f3n negra, afrocolombiana, raizal y palenquera. https:\/\/www.dane.gov.co\/files\/investigaciones\/boletines\/grupos-etnicos\/presentacion-grupos-etnicos-poblacion-narp-2019.pdf"},{"key":"ref45","unstructured":"Departamento Nacional de Estad\u00edstica [Dane]. (2021). Comunidades negras, raizales y palenqueras. Resultados del Censo Nacional de Poblaci\u00f3n y Vivienda https:\/\/www.dane.gov.co\/files\/investigaciones\/boletines\/grupos-etnicos\/informe-resultados-comunidades-narp-cnpv2018.pdf"},{"key":"ref46","unstructured":"Departamento Nacional de Planeaci\u00f3n [DNP]. (1997, 26 de febrero). Documento Conpes 2909. Programa de apoyo para el desarrollo y reconocimiento \u00e9tnico de las comunidades negras. Ministerio del Interior."},{"key":"ref47","unstructured":"Departamento Nacional de Planeaci\u00f3n [DNP]. (1999, 6 de diciembre). Documento Conpes 3058. Estrategia del Gobierno Nacional para Apoyar el desarrollo del departamento Archipi\u00e9lago de San Andr\u00e9s, Providencia y Santa Catalina."},{"key":"ref48","unstructured":"Departamento Nacional de Planeaci\u00f3n [DNP]. (2002, 23 de febrero). Documento Conpes 3169. Pol\u00edtica para la poblaci\u00f3n afrocolombiana. Ministerio del Interior."},{"key":"ref49","unstructured":"Departamento Nacional de Planeaci\u00f3n [DNP]. (2004, 20 de septiembre). Documento Conpes 3310 Politica de accion afirmativa para la poblaci\u00f3n negra o afrocolombiana. Ministerio del Interior y de Justicia."},{"key":"ref50","unstructured":"Departamento Nacional de Planeaci\u00f3n [DNP]. (2010). Documento Conpes 3360 Autorizaci\u00f3n a la naci\u00f3n para contratar empr\u00e9stitos externos con la banca multilateral hasta por la suma de us$25 millones o su equivalente en otras monedas para financiar par \u201cfortalecimiento de la educaci\u00f3n t\u00e9cnica y tecnol\u00f3gica en Colombia."},{"key":"ref51","unstructured":"D\u00edaz Aldret, A. (2017). Participaci\u00f3n ciudadana en la gesti\u00f3n y en las pol\u00edticas p\u00fablicas. Gesti\u00f3n y Pol\u00edtica P\u00fablica, 26(2), 23-54."},{"key":"ref52","unstructured":"Escobar, A. (1996). La invenci\u00f3n del tercer mundo: construcci\u00f3n y reconstrucci\u00f3n del desarrollo. Norma."},{"key":"ref53","unstructured":"Escobar, A. (1999). El final del salvaje. Naturaleza, cultura y pol\u00edtica en la antropolog\u00eda contempor\u00e1nea. Instituto Colombiano de Antropolog\u00eda e Historia."},{"key":"ref54","unstructured":"Escobar, A. (2000). El lugar de la naturaleza y la naturaleza del lugar: \u00bfGlobalizaci\u00f3n o postdesarrollo? En E. Lander (Ed.), La colonialidad del saber: Eurocentrismo y ciencias sociales. Perspectivas latinoamericanas (pp. 246-267). Consejo Latinoamericano de Ciencias Sociales."},{"key":"ref55","unstructured":"Escobar, A. (2002). M\u00e1s all\u00e1 del tercer mundo. Instituto Colombiano de Antropolog\u00eda e Historia."},{"key":"ref56","unstructured":"Escobar, A. (2005). El \u201cpostdesarrollo\u201d como concepto y pr\u00e1ctica social. En D. Mato (coord.), Pol\u00edticas de econom\u00eda, ambiente y sociedad en tiempos de globalizaci\u00f3n (pp. 17-31). Universidad Central de Venezuela."},{"key":"ref57","doi-asserted-by":"crossref","unstructured":"Ferreira, R. y Seijas, T. (2018). El comercio de esclavos en Am\u00e9rica Latina. En A. de la Fuente y G. R. Andrews, Estudios afrolatinoamericanos: una introducci\u00f3n (pp. 41-70). Clacso. https:\/\/doi.org\/10.2307\/j.ctv253f51t.5","DOI":"10.2307\/j.ctv253f51t.5"},{"key":"ref58","doi-asserted-by":"crossref","unstructured":"Flor, E. y S\u00e1enz, \u00c1. (2018). La participaci\u00f3n como eje central del desarrollo. Estudios de la gesti\u00f3n. Revista Internacional de Administraci\u00f3n, (4), 28-45. https:\/\/doi.org\/10.32719\/25506641.2018.4.1","DOI":"10.32719\/25506641.2018.4.1"},{"key":"ref59","unstructured":"Furtado, C. (1969). Economic development of Latin America. Cambridge University Press."},{"key":"ref60","unstructured":"Galvis, L y Meisel, A. (2011). Persistencia de las desigualdades regionales en Colombia: Un an\u00e1lisis espacial. Documentos de Trabajo sobre Econom\u00eda Regional, (120). https:\/\/www.banrep.gov.co\/sites\/default\/files\/publicaciones\/archivos\/Dtser-120.pdf"},{"key":"ref61","doi-asserted-by":"crossref","unstructured":"Garz\u00f3n Rodr\u00edguez, N. y Moreno Calder\u00f3n, A. (2019). Desarrollo regional \u00c9tnico-territorial: un an\u00e1lisis desde los consejos comunitarios de comunidades negras del Pac\u00edfico Colombiano. Sotavento M.B.A., (31), 68-78. https:\/\/doi.org\/10.18601\/01233734.n31.07","DOI":"10.18601\/01233734.n31.07"},{"key":"ref62","doi-asserted-by":"crossref","unstructured":"Gl\u00fcckler, J., Rehner, J. y Handke, M. (2019). Gobernanza, redes y territorio. Revista de Geograf\u00eda Norte Grande, (74), 5-20. https:\/\/doi.org\/10.4067\/S0718-34022019000300005","DOI":"10.4067\/S0718-34022019000300005"},{"key":"ref63","unstructured":"Gonz\u00e1lez, J. y Rodr\u00edguez, M. (2019). Manual pr\u00e1ctico de planeaci\u00f3n estrat\u00e9gica. Ediciones D\u00edaz de Santos."},{"key":"ref64","doi-asserted-by":"crossref","unstructured":"Granja-Escobar, L. C. y Cano-Quintero, M. C. (2018). Una mirada a las politicas estatales para la inclusi\u00f3n y diversidad en la educaci\u00f3n superior: El caso de la poblaci\u00f3n afrodescendientecolombiana. Revista Praxis, Educaci\u00f3n y Pedagog\u00eda, (1), 128-149. https:\/\/doi.org\/10.25100\/praxis_educacion.v0i1.6468","DOI":"10.25100\/praxis_educacion.v0i1.6468"},{"key":"ref65","doi-asserted-by":"crossref","unstructured":"Henao Rodr\u00edguez, J. A. y Casta\u00f1o R\u00edos, C. E. (2017). Estrategia para la evaluaci\u00f3n, formulaci\u00f3n y gesti\u00f3n organizacional de los organismos de acci\u00f3n comunal del municipio de Rionegro, Antioquia. Contadur\u00eda Universidad de Antioquia, (71), 175-211. https:\/\/doi.org\/10.17533\/udea.rc.332831","DOI":"10.17533\/udea.rc.332831"},{"key":"ref66","unstructured":"Hern\u00e1ndez Sampieri, R., Fernandez-Collado, C. F., y Baptista Lucio, P. (2014). Metodolog\u00eda de la investigaci\u00f3n (6.\u00aa ed.). McGraw-Hill Education."},{"key":"ref67","doi-asserted-by":"crossref","unstructured":"Herr\u00e1n Pinz\u00f3n, O. A. (2009). Las minorias \u00e9tnicas colombianas en la Constituci\u00f3n Pol\u00edtica de 1991. Proleg\u00f3menos: Derechos y Valores, xII(24), 189-212.","DOI":"10.18359\/prole.2488"},{"key":"ref68","unstructured":"Hoffmann, O. (2002). Conflictos terrirtoriales y territorialidad negra, el caso de las comunidades afrocolombianas. En C. Mosquera, M. Pardo y H. Odile (comps.), Afrodescendientes en las Am\u00e9ricas. Trayectorias sociales e identitarias a 150 a\u00f1os de la abolici\u00f3n de la esclavitud en Colombia (pp. 351-368). Universidad Nacional de Colombia; Instituto Colombiano de Antropolog\u00eda e Historia; IrD; ILSA."},{"key":"ref69","unstructured":"Lander, E. (2011). La econom\u00eda verde: El lobo se viste con piel de cordero. Informe presentado a nombre del Transnational Institute. https:\/\/www.tni.org\/es\/publicaci%C3%B3n\/la-economia-verde-el-lobo-se-viste-con-piel-de-cordero"},{"key":"ref70","unstructured":"Leff, E. (2005). La geopol\u00edtica de la biodiversidad y el desarrollo sustentable: economizaci\u00f3n del mundo, racionalidad ambiental y reapropiaci\u00f3n social de la naturaleza [ponencia]. Seminario internacional reggen: Alternativas \u00e1 globaliza\u00e7\u00e3o: potencias emergentes e os novos caminhos da modernidade. Organizaci\u00f3n de las Naciones Unidas para la Educaci\u00f3n, la Ciencia y la Cultura. Rio de Janeiro, Brasil."},{"key":"ref71","doi-asserted-by":"crossref","unstructured":"Lewis, A. (1954). Economic Development with Unlimited Supplies of Labour. Manchester School of Economic and Social Studies, 22(2), 139-191.","DOI":"10.1111\/j.1467-9957.1954.tb00021.x"},{"key":"ref72","unstructured":"Ley 1084 de 2006. Por medio de la cual el Estado fortalece la educaci\u00f3n superior en las zonas apartadas y de dif\u00edcil acceso. 4 de agosto, 2006. DO n\u00fam. 46350 (Col.)."},{"key":"ref73","unstructured":"Ley 181 de 1995. Por la cual se dictan disposiciones para el fomento del deporte, la recreaci\u00f3n, el aprovechamiento del tiempo libre y la Educaci\u00f3n F\u00edsica y se crea el Sistema Nacional del Deporte. DO n\u00fam. 41.679 (Col.)."},{"key":"#cr-split#-ref74.1","unstructured":"Ley 22 de 1981. Por medio de la cual se aprueba \"La Convenci\u00f3n Internacional sobre la Eliminaci\u00f3n de todas las formas de Discriminaci\u00f3n Racial\", adoptado por la Asamblea General de las Naciones Unidas en Resoluci\u00f3n 2106"},{"key":"#cr-split#-ref74.2","unstructured":"(xx) del 21 de diciembre de 1965, y abierta a la firma el 7 de marzo de 1966. DO n\u00fam. 35.711 (Col.)."},{"key":"ref75","unstructured":"Ley 30 de 1992. Por la cual se organiza el servicio p\u00fablico de la Educaci\u00f3n Superior. 28 de diciembre, 1992. DO n\u00fam. 40.700 (Col.). Ley 70 de 1993. Por la cual se desarrolla el art\u00edculo transitorio 55 de la Constituci\u00f3n Pol\u00edtica. 27 de agosto, 1993. DO n\u00fam. 41.013 (Col.)."},{"key":"ref76","unstructured":"Ley 6477 de 2001. Por la cual se modifica el inciso 3\u00ba del art\u00edculo 57 de la ley 30 de 1992. 28 de febrero, 2001. DO n\u00fam. 44.345 (Col.). Ley 649 de 2001. Por la cual se reglamenta el art\u00edculo 176 de la Constituci\u00f3n Pol\u00edtica de Colombia. 27 de marzo, 2001. DO n\u00fam. 44.371 (Col.)."},{"key":"ref77","unstructured":"Ley 70 de 1993. Por la cual se desarrolla el art\u00edculo transitorio 55 de la Constituci\u00f3n Pol\u00edtica. 27 de agosto, 1993. DO n\u00fam. 41.013 (Col.)."},{"key":"ref78","unstructured":"Ley 72 de 1993. Por la cual se deroga el art\u00edculo 132 de la Ley 30 de 1992 y se dictan otras disposiciones. 31 de agosto, 1993. DO n\u00fam. 41.013 (Col.)."},{"key":"ref79","unstructured":"Little, P. E. (2002). Etnodesenvolvimento local: autonomia cultural na era do neoliberalismo. Tellus, (3), 33-52. https:\/\/doi.org\/10.20435\/tellus.v0i3.23"},{"key":"ref80","doi-asserted-by":"crossref","unstructured":"Macuac\u00e9 Otero, R. (2017). Del crecimiento urbano al rururbano. Universidad del Cauca. https:\/\/doi.org\/10.2307\/j.ctv1pbwvrd","DOI":"10.2307\/j.ctv1pbwvrd"},{"key":"ref81","unstructured":"Macuac\u00e9-Otero, R. (2021). Brechas territoriales en el Pac\u00edfico colombiano: algunas reflexiones. En S. M. Quinch\u00eda Rold\u00e1n y A. L\u00f3pez Mart\u00ednez (Eds.), Retos contempor\u00e1neos de los estudios urbano-regionales (pp. 185-222). Tecnol\u00f3gico de Antioquia."},{"key":"ref82","unstructured":"Mart\u00ednez-Alier, J. (2008). Conflictos ecol\u00f3gicos y lenguajes de valoraci\u00f3n. Revista Facultad Nacional de Salud P\u00fablica, 26, 24-34. https:\/\/www.redalyc.org\/pdf\/120\/12058104005.pdf"},{"key":"ref83","unstructured":"Max-Neef, M. (1993). Desarrollo a escala humana: Conceptos, aplicaciones y algunas reflexiones. Editorial Nordan."},{"key":"ref84","doi-asserted-by":"crossref","unstructured":"Meadows, D. H., Meadows, D., Randers, J. y Behrens III, W. W. (1972). The Limits to growth: A report for the Club of Rome\u2019s project on the predicament of mankind. Potomac Associates \u2013 Universe Books.","DOI":"10.1349\/ddlp.1"},{"key":"ref85","doi-asserted-by":"crossref","unstructured":"Mina Rojas, C., Machado Mosquera, M., Botero, P. y Escobar, A. (2015). Luchas del buen vivir por las mujeres negras del Alto Cauca. N\u00f3madas, (43), 167-183. https:\/\/doi.org\/10.30578\/nomadas.n43a10","DOI":"10.30578\/nomadas.n43a10"},{"key":"ref86","unstructured":"Ministerio del Interior (2019). Gu\u00eda para la formulaci\u00f3n de planes de Etnodesarrollo en Consejos Comunitarios."},{"key":"ref87","unstructured":"Ministerio del Interior. (2021). Portal de Datos Abiertos. https:\/\/www.mininterior.gov.co\/direccion-de-asuntos-para-comunidades-negras-afrocolombianas-raizales-y-palenqueras\/datos-abiertos-dacn\/"},{"key":"ref88","unstructured":"Ministerios del Interior. (2020, diciembre). Cartilla para la formulaci\u00f3n de planes de etnodesarrollo. Comunidades negras, afrocolombianas, raizales y palenqueras. https:\/\/www.studocu.com\/co\/document\/universidad-del-cauca\/derecho-procesal\/cartilla-ped-2020-28dic-2020-1\/87732154"},{"key":"ref89","doi-asserted-by":"crossref","unstructured":"Moreno-G\u00f3mez, F. (2020). Mirada decolonial a la territorialidad del sujeto hist\u00f3rico afrocolombiano: el caso de los descendientes de los esclavizados vinculados a la Hacienda Ca\u00f1asgordas (Cali, Colombia). En D. L. Cuartas-Moreno, Sujeto e identidades: miradas en curso desde la historia cultural (pp. 155-2011). Universidad Santiago de Cali. https:\/\/doi.org\/10.35985\/9789585583733.5","DOI":"10.35985\/9789585583733.5"},{"key":"ref90","unstructured":"Mu\u00f1oz, M. R. (2015). Educaci\u00f3n Superior Intercultural en Colombia: Obst\u00e1culos y oportunidades para estudiantes de origen \u00e9tnico [tesis doctoral]. Universidad de Barcelona, Barcelona. https:\/\/diposit.ub.edu\/dspace\/bitstream\/2445\/98600\/1\/MrM_tesIs.pdf"},{"key":"ref91","unstructured":"Nurkse, R. (1953). Problems of Capital Formation in Underdeveloped Countries. Blackwell."},{"key":"ref92","doi-asserted-by":"crossref","unstructured":"Palenzuela Chamorro, P. (2009). Mitificaci\u00f3n del desarrollo y mistificaci\u00f3n de la cultura. \u00cdconos. Revista de Ciencias Sociales, (33), 127-140. https:\/\/doi.org\/10.17141\/iconos.33.2009.317","DOI":"10.17141\/iconos.33.2009.317"},{"key":"ref93","doi-asserted-by":"crossref","unstructured":"Pati\u00f1o-Casta\u00f1o, D. y Hern\u00e1ndez, M. (2021). Arqueolog\u00eda e historia de africanos y afrodescendientes en el Cauca, Colombia. Revista Colombiana de Antropolog\u00eda, 125-162. https:\/\/doi.org\/10.22380\/2539472X.967","DOI":"10.22380\/2539472X.967"},{"key":"ref94","unstructured":"Poggiese, H., Bal, M. y Segura, M. (2009). Planificaci\u00f3n Participativa y Gesti\u00f3n Asociada del Desarrollo Local. En J. M. Araya, Sociedad, econom\u00eda y pol\u00edtica en la Argentina contempor\u00e1nea (pp. 45-69). Tandil."},{"key":"ref95","unstructured":"Programa de las Naciones Unidas para el Desarrollo [PNUD]. (2009). Manual de Planificaci\u00f3n, seguimiento y evaluaci\u00f3n de los resultados de Desarrollo."},{"key":"ref96","unstructured":"Quijano, A. (2014). Colonialidad del poder, eurocentrismo y Am\u00e9rica Latina. En A. Quijano, Cuestiones y horizontes: de la dependencia hist\u00f3rico-estructural a la colonialidad\/descolonialidad del poder (pp. 1-862). Clacso."},{"key":"ref97","unstructured":"Ray, D. (1998). Econom\u00eda del desarrollo. Antoni Bosch."},{"key":"ref98","unstructured":"Red Mutis (2015). Aportes para una pol\u00edtica de acciones afirmativas en Colombia\/gu\u00eda para universidades."},{"key":"ref99","doi-asserted-by":"crossref","unstructured":"Renter\u00eda, C. y V\u00e9lez de la Calle, C. (2021). Comunidades negras y saberes ancentrales ambientales:un an\u00e1lisis desde los principios de la educaci\u00f3n popular ambinetal para re(pensar) las relaciones sociedad-naturaleza. Revista Colombiana de Educaci\u00f3n, (81), 311-336. https:\/\/doi.org\/10.17227\/rce.num81-10715","DOI":"10.17227\/rce.num81-10715"},{"key":"ref100","unstructured":"Rodr\u00edguez Valencia, J. (2017). C\u00f3mo aplicar la planeaci\u00f3n estrat\u00e9gica a la peque\u00f1a y mediana empresa. Cengage Learning. https:\/\/www-ebooks7-24-com.ezproxy.esap.edu.co\/?il=3233"},{"key":"ref101","unstructured":"Romero-Prieto, J. (2017). Poblaci\u00f3n y desarrollo en el Pac\u00edfico colombiano. Documentos de trabajo sobre econom\u00eda regional, (232). https:\/\/babel.banrepcultural.org\/digital\/collection\/p17054coll18\/id\/121"},{"key":"ref102","doi-asserted-by":"crossref","unstructured":"Rosero Morales, J. R. (2020). La persistencia del creer o la emergencia de lo sagrado en las comunidades negras del Valle interandino del Pat\u00eda, Colombia. Di\u00e1logo andino, (63), 11-24. https:\/\/doi.org\/10.4067\/S0719-26812020000300011","DOI":"10.4067\/S0719-26812020000300011"},{"key":"ref103","unstructured":"Rosero-Morales, J. R. (2015). \u00c9thos Cimarr\u00f3n, Cimarronaje Religioso e Identidades en el Valle Geogr\u00e1fico del Pat\u00eda-Colombia. Opci\u00f3n, 31(78), 110-135."},{"key":"ref104","unstructured":"Rostow, W. (1961). Las etapas del crecimiento econ\u00f3mico. Fondo de Cultura Econ\u00f3mica."},{"key":"ref105","doi-asserted-by":"crossref","unstructured":"Santana Ramos, A., Cruz Cabrera, B. C., Castillo Leal, M. y Toledo L\u00f3pez, A. (2019). Modelo de organizaci\u00f3n comunitaria y desarrollo sostenible en Ixtl\u00e1n de Ju\u00e1rez, Oaxaca. Signos - Investigaci\u00f3n en Sistemas de Gesti\u00f3n, 11(2), 155-169. https:\/\/doi.org\/10.15332\/24631140.5087","DOI":"10.15332\/24631140.5087"},{"key":"ref106","doi-asserted-by":"crossref","unstructured":"Santana, A., Cruz, B., Castillo, M. y Toledo, A. (2019). Modelo de organizaci\u00f3n comunitaria y desarrollo sostenible en Ixtl\u00e1n de Ju\u00e1rez, Oaxaca. Signos-Investigaci\u00f3n en Sistemas de Gesti\u00f3n, 11(2), 155-169. https:\/\/doi.org\/10.15332\/24631140.5087","DOI":"10.15332\/24631140.5087"},{"key":"ref107","unstructured":"Sen, A. (2000). Desarrollo y libertad. Editorial Planeta."},{"key":"ref108","doi-asserted-by":"crossref","unstructured":"Sotelo Arag\u00f3n, C. S., Hundek Pich\u00f3n, L. E. y Wilches Luna, V. S. (2019). Comunicaci\u00f3n pol\u00edtica y planeaci\u00f3n participativa para el desarrollo sostenible. Revista Investigium ire Ciencias Sociales y Humanas, 10(1), 54-66. https:\/\/doi.org\/10.15658\/investigiumire.191001.05","DOI":"10.15658\/INVESTIGIUMIRE.191001.05"},{"key":"ref109","unstructured":"Urdinola, B. (2011). Determinantes socioecon\u00f3micos de la mortalidad infantil en Colombia. Revista Colombiana de Estad\u00edstica, 34(1), 39-72."},{"key":"ref110","unstructured":"Valc\u00e1rcel, M. (2006). G\u00e9nesis y evoluci\u00f3n del concepto y enfoques sobre el desarrollo. Universidad Cat\u00f3lica del Per\u00fa."},{"key":"ref111","unstructured":"Viner, J. (1950). The custom union issue. Carnegie Endowment for International Peace."},{"key":"ref112","unstructured":"Wikimedia Commons (2015a). Mapa del Cauca, Colombia. https:\/\/commons.wikimedia.org\/wiki\/File:Mapa_de_Cauca_(pol%C3%ADtico).svg"},{"key":"ref113","unstructured":"Wikimedia Commons (2015b). Provincias del departamento del Cauca, Colombia. https:\/\/commons.wikimedia.org\/wiki\/File:Mapa_de_Cauca_(subregiones).svg"},{"key":"ref114","unstructured":"Yuni, J. y Urbano, C. (2006). T\u00e9cnicas para investigar: recursos metodol\u00f3gicos para la preparaci\u00f3n de proyectos de investigaci\u00f3n (Vol. 2). Editorial Brujas."},{"key":"ref115","unstructured":"Zambrano Constanzo, A. J., Garc\u00e9s P\u00e9rez, G. O., Chac\u00f3n Armijo, S. y Soto, C. (2020). Potencial de innovacion social y su aporte en procesos de fortalecimiento comunitario: An\u00e1lisis de una organizaci\u00f3n comunitaria en el sur de Chile. Revista Puertorrique\u00f1a de Psicolog\u00eda, 31(2), 254-267."},{"key":"ref116","unstructured":"Zapata Olivella, M. (1988). El congreso de la cultura negra. Nueva era para la identidad de Am\u00e9rica. Discurso de apertura. En Memorias Primer congreso de la cultura negra de las Am\u00e9ricas (pp. 19-21). Fundaci\u00f3n Colombiana de Investigaciones Folcl\u00f3ricas; Organizaci\u00f3n de las Naciones Unidas para la Educaci\u00f3n, la Ciencia y la Cultura [Unesco]."}],"language":"es","deposited":{"date-parts":[[2026,7,29]],"date-time":"2026-07-29T16:29:05Z","timestamp":1785342545000},"score":0.0,"resource":{"primary":{"URL":"https:\/\/libros.esap.edu.co\/index.php\/omp\/catalog\/book\/82"}},"subtitle":["Reflexiones sobre etnodesarrollo"],"issued":{"date-parts":[[2026,3,27]]},"ISBN":["9789586091978","9789586091985"],"references-count":117,"URL":"https:\/\/doi.org\/10.22431\/libros82","published":{"date-parts":[[2026,3,27]]}},{"indexed":{"date-parts":[[2025,11,6]],"date-time":"2025-11-06T16:35:50Z","timestamp":1762446950145,"version":"build-2065373602"},"reference-count":0,"publisher":"Escuela Superior de Administracion Publica","issue":"2","license":[{"start":{"date-parts":[[2016,7,31]],"date-time":"2016-07-31T00:00:00Z","timestamp":1469923200000},"content-version":"unspecified","delay-in-days":0,"URL":"http:\/\/creativecommons.org\/licenses\/by-nc-nd\/4.0"}],"content-domain":{"domain":[],"crossmark-restriction":false},"short-container-title":["Adm. Desarro."],"abstract":"<jats:p>Diverse Colombian Public administration topics are part of the present volume; however, all of them are transversally considered by two issues that have great importance in the academic analysis and in the administrative practice, that is to say, the production and access to knowledge and the citizens\u00bf participation.<\/jats:p>","DOI":"10.22431\/25005227.146","type":"journal-article","created":{"date-parts":[[2017,7,5]],"date-time":"2017-07-05T12:05:54Z","timestamp":1499256354000},"page":"126-129","source":"Crossref","is-referenced-by-count":0,"title":["Nuevos conocimientos alternativos para nuevas administraciones participativas","New alternative knowledge to new participative administrations"],"prefix":"10.22431","volume":"46","author":[{"given":"Ang\u00e9lica","family":"Gunturiz","sequence":"first","affiliation":[],"role":[{"role":"author","vocabulary":"crossref"}]}],"member":"9723","published-online":{"date-parts":[[2016,7,31]]},"container-title":["Administraci\u00f3n &amp; Desarrollo"],"link":[{"URL":"https:\/\/revistas.esap.edu.co\/index.php\/admindesarro\/article\/download\/146\/pdf","content-type":"application\/pdf","content-version":"vor","intended-application":"text-mining"},{"URL":"https:\/\/revistas.esap.edu.co\/index.php\/admindesarro\/article\/download\/146\/pdf","content-type":"unspecified","content-version":"vor","intended-application":"similarity-checking"}],"deposited":{"date-parts":[[2025,11,6]],"date-time":"2025-11-06T16:34:07Z","timestamp":1762446847000},"score":0.0,"resource":{"primary":{"URL":"https:\/\/revistas.esap.edu.co\/index.php\/admindesarro\/article\/view\/146"}},"issued":{"date-parts":[[2016,7,31]]},"references-count":0,"journal-issue":{"issue":"2","published-online":{"date-parts":[[2016,7,31]]}},"URL":"https:\/\/doi.org\/10.22431\/25005227.146","ISSN":["2500-5227","0120-3754"],"issn-type":[{"type":"electronic","value":"2500-5227"},{"type":"print","value":"0120-3754"}],"published":{"date-parts":[[2016,7,31]]}},{"indexed":{"date-parts":[[2025,11,6]],"date-time":"2025-11-06T16:50:21Z","timestamp":1762447821799,"version":"build-2065373602"},"reference-count":0,"publisher":"Escuela Superior de Administracion Publica","issue":"27","license":[{"start":{"date-parts":[[2018,11,29]],"date-time":"2018-11-29T00:00:00Z","timestamp":1543449600000},"content-version":"unspecified","delay-in-days":0,"URL":"http:\/\/creativecommons.org\/licenses\/by-nc-nd\/4.0"}],"content-domain":{"domain":[],"crossmark-restriction":false},"short-container-title":["Nova vetera"],"abstract":"<jats:p>The trial article aims to analyze memory as a space of reconstruction facing the vindication of victim\u2019s past, and as a legitimate right directly related to the exercise and enjoyment of the right to the truth of thosethem, so to overcome the scenes of violence and violation of international Hhuman Rrights standards violation. To do this, the peace agreement and its implementation must guarantee spaces for the reconstruction of the historical memory of the country, considering the damage and suffering endured by millions of victims who left the by armed conflict in Colombia. To that extent, the memory is proposed as a strategy that allows reconciliation and coexistence in transitional processes seeking peace. In that order, evolution and legal development of memory in the international arena and within the Colombian panorama regarding the peace agreement will be discussed.\u00a0<\/jats:p>","DOI":"10.22431\/25005103.501","type":"journal-article","created":{"date-parts":[[2018,12,17]],"date-time":"2018-12-17T09:22:03Z","timestamp":1545038523000},"page":"30-47","source":"Crossref","is-referenced-by-count":0,"title":["Memoria de las v\u00edctimas en el Acuerdo de Paz  del gobierno colombiano y las Farc \u2013 Ep"],"prefix":"10.22431","author":[{"given":"SUSANA","family":"DELGADO LASSO","sequence":"first","affiliation":[],"role":[{"role":"author","vocabulary":"crossref"}]}],"member":"9723","published-online":{"date-parts":[[2018,11,29]]},"container-title":["Nova et Vetera"],"link":[{"URL":"https:\/\/revistas.esap.edu.co\/index.php\/novaetvetera\/article\/download\/501\/472","content-type":"application\/pdf","content-version":"vor","intended-application":"text-mining"},{"URL":"https:\/\/revistas.esap.edu.co\/index.php\/novaetvetera\/article\/download\/501\/472","content-type":"unspecified","content-version":"vor","intended-application":"similarity-checking"}],"deposited":{"date-parts":[[2025,11,6]],"date-time":"2025-11-06T16:47:35Z","timestamp":1762447655000},"score":0.0,"resource":{"primary":{"URL":"https:\/\/revistas.esap.edu.co\/index.php\/novaetvetera\/article\/view\/501"}},"issued":{"date-parts":[[2018,11,29]]},"references-count":0,"journal-issue":{"issue":"27","published-online":{"date-parts":[[2018,12,11]]}},"URL":"https:\/\/doi.org\/10.22431\/25005103.501","ISSN":["2500-5103","0123-2614"],"issn-type":[{"type":"electronic","value":"2500-5103"},{"type":"print","value":"0123-2614"}],"published":{"date-parts":[[2018,11,29]]}},{"indexed":{"date-parts":[[2025,11,6]],"date-time":"2025-11-06T16:40:22Z","timestamp":1762447222639,"version":"build-2065373602"},"reference-count":0,"publisher":"Escuela Superior de Administracion Publica","issue":"2","license":[{"start":{"date-parts":[[2017,12,11]],"date-time":"2017-12-11T00:00:00Z","timestamp":1512950400000},"content-version":"unspecified","delay-in-days":0,"URL":"http:\/\/creativecommons.org\/licenses\/by-nc-nd\/4.0"}],"content-domain":{"domain":[],"crossmark-restriction":false},"short-container-title":["Adm. Desarro."],"abstract":"<jats:p>El objeto de estudio de la investigaci\u00f3n se centra en el empresario y sus empresas, pues interpreta y concluye acerca de los motivos que llevaron a su desaparici\u00f3n. Su objetivo es analizar los diferentes factores que originaron la desaparici\u00f3n de empresas del sector industrial durante el per\u00edodo 1980 \u2013 2000, creadas por emprendedores tolimenses. Se llev\u00f3 a cabo desarrollando entrevistas a los empresarios, sus familiares o sus colaboradores y posteriormente analizando sus resultados. En cuanto a estos \u00faltimos, se encontraron variables relacionadas con el empresario, el entorno (principalmente variables econ\u00f3micas), el mercado, el apoyo pol\u00edtico y gubernamental, y la experiencia del empresario.<\/jats:p>","DOI":"10.22431\/25005227.378","type":"journal-article","created":{"date-parts":[[2017,12,12]],"date-time":"2017-12-12T15:13:01Z","timestamp":1513091581000},"page":"172-183","source":"Crossref","is-referenced-by-count":0,"title":["An\u00e1lisis de la desaparici\u00f3n de empresas regionales durante el per\u00edodo 1980 \u2013 2000: siete casos empresariales de Ibagu\u00e9"],"prefix":"10.22431","volume":"47","author":[{"given":"Mario Enrique","family":"Uribe Mac\u00edas","sequence":"first","affiliation":[],"role":[{"role":"author","vocabulary":"crossref"}]}],"member":"9723","published-online":{"date-parts":[[2017,12,11]]},"container-title":["Administraci\u00f3n &amp; Desarrollo"],"link":[{"URL":"https:\/\/revistas.esap.edu.co\/index.php\/admindesarro\/article\/download\/378\/pdf","content-type":"application\/pdf","content-version":"vor","intended-application":"text-mining"},{"URL":"https:\/\/revistas.esap.edu.co\/index.php\/admindesarro\/article\/download\/378\/pdf","content-type":"unspecified","content-version":"vor","intended-application":"similarity-checking"}],"deposited":{"date-parts":[[2025,11,6]],"date-time":"2025-11-06T16:34:23Z","timestamp":1762446863000},"score":0.0,"resource":{"primary":{"URL":"https:\/\/revistas.esap.edu.co\/index.php\/admindesarro\/article\/view\/378"}},"issued":{"date-parts":[[2017,12,11]]},"references-count":0,"journal-issue":{"issue":"2","published-online":{"date-parts":[[2017,12,11]]}},"URL":"https:\/\/doi.org\/10.22431\/25005227.378","ISSN":["2500-5227","0120-3754"],"issn-type":[{"type":"electronic","value":"2500-5227"},{"type":"print","value":"0120-3754"}],"published":{"date-parts":[[2017,12,11]]}},{"indexed":{"date-parts":[[2025,12,31]],"date-time":"2025-12-31T20:16:22Z","timestamp":1767212182295,"version":"3.48.0"},"reference-count":0,"publisher":"Escuela Superior de Administracion Publica","issue":"2","license":[{"start":{"date-parts":[[2015,12,1]],"date-time":"2015-12-01T00:00:00Z","timestamp":1448928000000},"content-version":"unspecified","delay-in-days":0,"URL":"http:\/\/creativecommons.org\/licenses\/by-nc-nd\/4.0"}],"content-domain":{"domain":[],"crossmark-restriction":false},"short-container-title":["Adm. Desarro."],"abstract":"<jats:p>This paper offers an analysis of the public management model as a systemic phenomenon and as a result of the planning, evaluation and control of the processes. Hence the effectiveness of the Public Management is determined by The Territorial Public Administration which in turn relies on planning, evaluation, and control processes. Once the phenomenon characteristics are determined, critical views are presented to the efficient and effective management model, focused towards the economic and the good governance.<\/jats:p>","DOI":"10.22431\/25005227.21","type":"journal-article","created":{"date-parts":[[2017,7,5]],"date-time":"2017-07-05T12:06:06Z","timestamp":1499256366000},"page":"239-243","source":"Crossref","is-referenced-by-count":0,"title":["An\u00e1lisis de los procesos de planeaci\u00f3n, evaluaci\u00f3n y control","Analysis of the planning, assessment and control processes"],"prefix":"10.22431","volume":"45","author":[{"given":"Mauricio Andr\u00e9s","family":"Londo\u00f1o Restrepo","sequence":"first","affiliation":[],"role":[{"role":"author","vocabulary":"crossref"}]}],"member":"9723","published-online":{"date-parts":[[2015,12,1]]},"container-title":["Administraci\u00f3n &amp; Desarrollo"],"link":[{"URL":"https:\/\/revistas.esap.edu.co\/index.php\/admindesarro\/article\/download\/21\/pdf_1","content-type":"application\/pdf","content-version":"vor","intended-application":"text-mining"},{"URL":"https:\/\/revistas.esap.edu.co\/index.php\/admindesarro\/article\/download\/21\/pdf_1","content-type":"unspecified","content-version":"vor","intended-application":"similarity-checking"}],"deposited":{"date-parts":[[2025,12,31]],"date-time":"2025-12-31T20:13:17Z","timestamp":1767211997000},"score":0.0,"resource":{"primary":{"URL":"https:\/\/revistas.esap.edu.co\/index.php\/admindesarro\/article\/view\/21"}},"issued":{"date-parts":[[2015,12,1]]},"references-count":0,"journal-issue":{"issue":"2","published-online":{"date-parts":[[2015,12,1]]}},"URL":"https:\/\/doi.org\/10.22431\/25005227.21","ISSN":["2500-5227","0120-3754"],"issn-type":[{"type":"electronic","value":"2500-5227"},{"type":"print","value":"0120-3754"}],"published":{"date-parts":[[2015,12,1]]}},{"indexed":{"date-parts":[[2026,4,17]],"date-time":"2026-04-17T12:46:00Z","timestamp":1776429960341,"version":"3.51.2"},"reference-count":0,"publisher":"Escuela Superior de Administracion Publica","issue":"1","license":[{"start":{"date-parts":[[2016,6,21]],"date-time":"2016-06-21T00:00:00Z","timestamp":1466467200000},"content-version":"unspecified","delay-in-days":0,"URL":"http:\/\/creativecommons.org\/licenses\/by-nc-nd\/4.0"}],"content-domain":{"domain":[],"crossmark-restriction":false},"short-container-title":["Adm. Desarro."],"abstract":"<jats:p>This paper aims to establish the contributions given by the neurosci\u00acence to the leadership field, during the twentieth century, from a perspective that gets close to the neuroscience\u2019s background and its context, along with a revision of its principal concepts and disciplines and its relationship with the leadership. The hypothesis that states that the main contributions from the neurosciences to the leadership focus on the study of social phenomena, such as the behavior, emotional regulation, decision making , among others, is confirmed; and how each of these phenomena has been previously studied from different perspectives to enrich the research<\/jats:p>","DOI":"10.22431\/25005227.63","type":"journal-article","created":{"date-parts":[[2017,7,5]],"date-time":"2017-07-05T12:05:54Z","timestamp":1499256354000},"page":"33-48","source":"Crossref","is-referenced-by-count":3,"title":["Liderazgo: una aproximaci\u00f3n desde las neurociencias","Leadership: An approach from the neurosciences"],"prefix":"10.22431","volume":"46","author":[{"given":"Leidy Yuried","family":"Caballero Vargas","sequence":"first","affiliation":[],"role":[{"role":"author","vocabulary":"crossref"}]},{"given":"Jenny Paola","family":"Lis-Guti\u00e9rrez","sequence":"additional","affiliation":[],"role":[{"role":"author","vocabulary":"crossref"}]}],"member":"9723","published-online":{"date-parts":[[2016,6,21]]},"container-title":["Administraci\u00f3n &amp; Desarrollo"],"link":[{"URL":"https:\/\/revistas.esap.edu.co\/index.php\/admindesarro\/article\/download\/63\/pdf","content-type":"application\/pdf","content-version":"vor","intended-application":"text-mining"},{"URL":"https:\/\/revistas.esap.edu.co\/index.php\/admindesarro\/article\/download\/63\/pdf","content-type":"unspecified","content-version":"vor","intended-application":"similarity-checking"}],"deposited":{"date-parts":[[2025,11,6]],"date-time":"2025-11-06T16:38:49Z","timestamp":1762447129000},"score":0.0,"resource":{"primary":{"URL":"https:\/\/revistas.esap.edu.co\/index.php\/admindesarro\/article\/view\/63"}},"issued":{"date-parts":[[2016,6,21]]},"references-count":0,"journal-issue":{"issue":"1","published-online":{"date-parts":[[2016,6,21]]}},"URL":"https:\/\/doi.org\/10.22431\/25005227.63","ISSN":["2500-5227","0120-3754"],"issn-type":[{"value":"2500-5227","type":"electronic"},{"value":"0120-3754","type":"print"}],"published":{"date-parts":[[2016,6,21]]}},{"indexed":{"date-parts":[[2026,7,1]],"date-time":"2026-07-01T15:12:58Z","timestamp":1782918778447,"version":"3.54.5"},"reference-count":15,"publisher":"Escuela Superior de Administracion Publica","issue":"2","license":[{"start":{"date-parts":[[2020,12,31]],"date-time":"2020-12-31T00:00:00Z","timestamp":1609372800000},"content-version":"unspecified","delay-in-days":0,"URL":"http:\/\/creativecommons.org\/licenses\/by-nc-nd\/4.0"}],"content-domain":{"domain":[],"crossmark-restriction":false},"short-container-title":["Adm. Desarro."],"abstract":"<jats:p>El art\u00edculo plantea la reflexi\u00f3n acerca de las trampas del desarrollo sobre la perspectiva del conflicto, la pol\u00edtica, los recursos y la vecindad y el designing process para el departamento de Antioquia. El abordaje metodol\u00f3gico es cualitativo con enfoque exploratorio de los planteamientos te\u00f3ricos de Paul Collier y Michael Barzelay sobre las trampas del desarrollo y el designing process, respectivamente. De esta manera, el an\u00e1lisis planteado por Collier y Barzelay, de manera respectiva, eval\u00faa la capacidad que tienen los territorios en principio\u00a0 a escala nacional para contribuir a resolver las diferencias en materia de conflicto, la pol\u00edtica, los recursos naturales y la vecindad, prueba para ello, que la manera en que estos elementos son contemplados redunda en el mejoramiento de las condiciones de desarrollo entre los pa\u00edses o los conduce a unas trampas del desarrollo, consideradas en dichas materias. Seguido de ello, Barzelay plantea la necesidad de analizar los problemas desde una \u00f3ptica hol\u00edstica, desde la que las dificultades surten la soluci\u00f3n.<\/jats:p>","DOI":"10.22431\/25005227.vol50n2.1","type":"journal-article","created":{"date-parts":[[2021,11,7]],"date-time":"2021-11-07T20:52:27Z","timestamp":1636318347000},"page":"6-18","source":"Crossref","is-referenced-by-count":1,"title":["An\u00e1lisis de las trampas del desarrollo de Collier y del Designing Process de Barzelay en los programas de desarrollo con enfoque territorial en Antioquia"],"prefix":"10.22431","volume":"50","author":[{"ORCID":"https:\/\/orcid.org\/0000-0002-7040-0048","authenticated-orcid":false,"given":"Gleidy Alexandra","family":"Urrego Estrada","sequence":"first","affiliation":[],"role":[{"vocabulary":"crossref","role":"author"}]},{"ORCID":"https:\/\/orcid.org\/0000-0001-8564-0397","authenticated-orcid":false,"given":"Jahir A.","family":"Guti\u00e9rrez-Ossa","sequence":"additional","affiliation":[],"role":[{"vocabulary":"crossref","role":"author"}]}],"member":"9723","published-online":{"date-parts":[[2020,12,31]]},"reference":[{"key":"2","unstructured":"Barzelay, M. (2012). Studying Public Management as a Design Science. XVII Congreso Internacional del CLAD sobre la Reforma del Estado y de la administraci\u00f3n P\u00fablica. Cartagena, Colombia."},{"key":"3","doi-asserted-by":"crossref","unstructured":"Barzelay, M., & Thompson, F. (2009). All aboard? Evidence-bases Management Scholarship. International Public Management Journal. 12 (3), pp. 289-309.","DOI":"10.1080\/10967490903094087"},{"key":"4","doi-asserted-by":"crossref","unstructured":"Barzelay, M., & Thompson, F. (2008). Making Public Management a Design-oriented Science. London School of Economics and Political Science and Willamette University.","DOI":"10.2139\/ssrn.979041"},{"key":"5","doi-asserted-by":"crossref","unstructured":"Barzelay, M., & Cort\u00e1zar V., J. C. (2004). Una gu\u00eda pr\u00e1ctica para la elaboraci\u00f3n de estudios de caso sobre buenas pr\u00e1cticas en gerencia social. Estudio de caso 1. Instituto interamericano para el desarrollo sostenible (INDES). Banco Interamericano de Desarrollo.","DOI":"10.18235\/0009990"},{"key":"6","unstructured":"Barzelay, M. (2003). La nueva gerencia p\u00fablica: invitaci\u00f3n a un di\u00e1logo cosmopolita. Gesti\u00f3n y pol\u00edtica p\u00fablica. 12 (2), pp. 241-251."},{"key":"7","unstructured":"(2001). La nueva gerencia p\u00fablica. Un ensayo bibliogr\u00e1fico paras estudiosos latinoamericanos (y otros). Publicado en la Revista del CLAD Reforma y Democracia. (19), pp. 1-35."},{"key":"8","doi-asserted-by":"crossref","unstructured":"Call, C. T., & Cousens, E.M. (2008). Ending Wars and Building Peace: International Responses to War-torn Societies. International Studies Perspectives, 9, pp. 1-21.","DOI":"10.1111\/j.1528-3585.2007.00313.x"},{"key":"9","unstructured":"Chauvet, L., & Collier, P. (2004). Development Effectiveness in Fragile States: Spillovers and Turn a Rounds. Centre for the Study African Economies, Departament of Economics, Oxford University. pp. 1-28."},{"key":"10","doi-asserted-by":"crossref","unstructured":"Collier, P., & Venables, A. J. (2010). International Rules for Trade in Natural Resources. World Trade Organization. Staff Working Paper ERSD-2010-06.","DOI":"10.2202\/1948-1837.1027"},{"key":"11","doi-asserted-by":"crossref","unstructured":"Collier, P., and Hoeffler, A. (2007). Unintended Consequences: Does Aid Promote Arms Races? Oxford Bulletin of Economics and Statistics. 69 (1), pp. 1-27.","DOI":"10.1111\/j.1468-0084.2006.00439.x"},{"key":"12","unstructured":"Howlett, M., Mc Connell, A., & Perl, A. (2013). Reconciling Streams and Stages: Avoiding Mixed Metaphors in the Characterization of Policy Processes. 1st International Conference on Public Policy. Grenoble, France."},{"key":"13","doi-asserted-by":"crossref","unstructured":"Letelier W., R. (2013). Algunos aspectos econ\u00f3micos de la responsabilidad extracontractual del Estado. Revista de Derecho. 20 (1), pp. 309-321.","DOI":"10.4067\/S0718-97532013000100012"},{"key":"14","unstructured":"Pujinda, P (2007). The Competitivensess of Airport Regions in Southeast Asia: The Lesson from Two Arc Rivals in Europe. Department of Urban and Regional Planning Faculty of Architecture. Chilalonngkorn University. Thailand. pp. 69-80."},{"key":"15","doi-asserted-by":"crossref","unstructured":"Shaw, J. S. (2004). Overlooking the Obvious in Africa. A Comment on: Collier, Paul, and Jan Willem Gunning. 1999. Why Has Africa Grown Slowly? Journal Of Economic Perspectives. 12 (3), pp. 3-22.","DOI":"10.1257\/jep.13.3.3"},{"key":"16","unstructured":"Shurke, A., Villanger, E., & Woodward L., S. (2005). Economic Aid to Post-conflict Countries: A Methodological Critique of Collier and Hoeffer. Michelsen Institute Development Studies and Human Rights. (4), pp. 1-29."}],"container-title":["Administraci\u00f3n y Desarrollo"],"link":[{"URL":"https:\/\/revistas.esap.edu.co\/index.php\/admindesarro\/article\/download\/519\/479","content-type":"application\/pdf","content-version":"vor","intended-application":"text-mining"},{"URL":"https:\/\/revistas.esap.edu.co\/index.php\/admindesarro\/article\/download\/519\/479","content-type":"unspecified","content-version":"vor","intended-application":"similarity-checking"}],"deposited":{"date-parts":[[2024,9,11]],"date-time":"2024-09-11T17:43:21Z","timestamp":1726076601000},"score":0.0,"resource":{"primary":{"URL":"https:\/\/revistas.esap.edu.co\/index.php\/admindesarro\/article\/view\/519"}},"issued":{"date-parts":[[2020,12,31]]},"references-count":15,"journal-issue":{"issue":"2","published-online":{"date-parts":[[2020,12,31]]}},"URL":"https:\/\/doi.org\/10.22431\/25005227.vol50n2.1","ISSN":["2500-5227","0120-3754"],"issn-type":[{"value":"2500-5227","type":"electronic"},{"value":"0120-3754","type":"print"}],"published":{"date-parts":[[2020,12,31]]}},{"indexed":{"date-parts":[[2026,2,10]],"date-time":"2026-02-10T21:06:23Z","timestamp":1770757583150,"version":"3.50.0"},"reference-count":0,"publisher":"Escuela Superior de Administracion Publica","issue":"2","license":[{"start":{"date-parts":[[2025,12,15]],"date-time":"2025-12-15T00:00:00Z","timestamp":1765756800000},"content-version":"unspecified","delay-in-days":0,"URL":"https:\/\/creativecommons.org\/licenses\/by-nc-sa\/4.0"}],"content-domain":{"domain":[],"crossmark-restriction":false},"short-container-title":["Adm. Desarro."],"abstract":"<jats:p>Problem statement: Recent studies on state-owned enterprises have renewed interest in understanding state economic intervention. In Argentina, this process was complex, shaped by overlapping legal frameworks and tensions between technical bureaucracies and political leadership. Objective: This study aims to provide a historical analysis of the formation of an Argentine \u201cstate business culture\u201d from the late 19th century to the early 21st century, focusing on its evolution, key actors, and underlying logics. Methodology: The study uses a historical-analytical approach, comparing previous research, specialized literature, and primary sources from emblematic cases, integrating concepts from state sociology, political economy, and economic history. Results: The analysis identifies several stages in the development of the entrepreneurial state: from the \u201cState without enterprises\u201d (1850\u20131945), the Peronist expansion (1946\u20131955), the state\u2013private complex consolidation (1955\u20131976), the state\u2019s withdrawal and privatizations (1976\u20132001), to the reconfiguration in the early 21st century. These stages show how professional trajectories, technical capacities, bureaucratic networks, and public\u2013private links evolved. Conclusion: Argentina\u2019s state business culture emerged from non-linear processes marked by institutional instability and bureaucratic fragmentation, which explain both its historical consolidation and its later limits and crises.<\/jats:p>","DOI":"10.22431\/25005227.1245","type":"journal-article","created":{"date-parts":[[2026,2,10]],"date-time":"2026-02-10T16:07:25Z","timestamp":1770739645000},"source":"Crossref","is-referenced-by-count":0,"title":["El estado empresario y la cultura empresarial estatal desde una perspectiva hist\u00f3rica. Reflexiones a partir del caso argentino","The Entrepreneurial State and State Business Culture from a Historical Perspective: Reflections on the Argentine Case"],"prefix":"10.22431","volume":"55","author":[{"ORCID":"https:\/\/orcid.org\/0009-0002-5273-5191","authenticated-orcid":false,"given":"Marcelo","family":"Rougier","sequence":"first","affiliation":[],"role":[{"role":"author","vocabulary":"crossref"}]},{"ORCID":"https:\/\/orcid.org\/0000-0002-2257-2160","authenticated-orcid":false,"given":"Camilo","family":"Mason","sequence":"additional","affiliation":[],"role":[{"role":"author","vocabulary":"crossref"}]}],"member":"9723","published-online":{"date-parts":[[2025,12,15]]},"container-title":["Administraci\u00f3n &amp; Desarrollo"],"link":[{"URL":"https:\/\/revistas.esap.edu.co\/index.php\/admindesarro\/article\/download\/1245\/866","content-type":"application\/pdf","content-version":"vor","intended-application":"text-mining"},{"URL":"https:\/\/revistas.esap.edu.co\/index.php\/admindesarro\/article\/download\/1245\/866","content-type":"unspecified","content-version":"vor","intended-application":"similarity-checking"}],"deposited":{"date-parts":[[2026,2,10]],"date-time":"2026-02-10T16:07:26Z","timestamp":1770739646000},"score":0.0,"resource":{"primary":{"URL":"https:\/\/revistas.esap.edu.co\/index.php\/admindesarro\/article\/view\/1245"}},"issued":{"date-parts":[[2025,12,15]]},"references-count":0,"journal-issue":{"issue":"2","published-online":{"date-parts":[[2025,7,16]]}},"URL":"https:\/\/doi.org\/10.22431\/25005227.1245","ISSN":["2500-5227","0120-3754"],"issn-type":[{"value":"2500-5227","type":"electronic"},{"value":"0120-3754","type":"print"}],"published":{"date-parts":[[2025,12,15]]}},{"indexed":{"date-parts":[[2026,8,28]],"date-time":"2026-08-28T15:28:08Z","timestamp":1787930888554,"version":"build-2784847793"},"reference-count":6,"publisher":"Escuela Superior de Administracion Publica","issue":"34","license":[{"start":{"date-parts":[[2025,12,22]],"date-time":"2025-12-22T00:00:00Z","timestamp":1766361600000},"content-version":"unspecified","delay-in-days":0,"URL":"https:\/\/creativecommons.org\/licenses\/by-nc-sa\/4.0"}],"content-domain":{"domain":[],"crossmark-restriction":false},"short-container-title":["Nova vetera"],"abstract":"<jats:p>The UNESCO Constitution, drafted in 1945, categorically states: \u201csince wars begin in the minds of men, it is in the minds of men that the defences of peace must be constructed\u201d (Unesco, 1945). This constructivist perspective presupposes the responsibility of States to undertake democratic pathways that protect dignity, human rights, equality, and respect for difference.<\/jats:p>","DOI":"10.22431\/25005103.1348","type":"journal-article","created":{"date-parts":[[2025,12,26]],"date-time":"2025-12-26T17:34:28Z","timestamp":1766770468000},"source":"Crossref","is-referenced-by-count":0,"title":["Editorial"],"prefix":"10.22431","author":[{"ORCID":"https:\/\/orcid.org\/0000-0002-3313-131X","authenticated-orcid":false,"given":"Diana","family":"Rico-Revelo","sequence":"first","affiliation":[],"role":[{"vocabulary":"crossref","role":"author"}]}],"member":"9723","published-online":{"date-parts":[[2025,12,22]]},"reference":[{"key":"29502","unstructured":"Adams, D. (2014). Cultura de Paz: Una utop\u00eda posible. Herder."},{"key":"29503","unstructured":"Mart\u00edn-Bar\u00f3, I. (2003). Poder, ideolog\u00eda y violencia. Trotta."},{"key":"29504","unstructured":"Rico, D., y Medina I-F. (2020). Construcci\u00f3n de paz en el posacuerdo: avances, tensiones y desaf\u00edos. Ediciones Uninorte \u2013 Universidad Cat\u00f3lica de Colombia. https:\/\/repository.ucatolica.edu.co\/entities\/publication\/d60eda0b-1554-4dfc-adc9-ed9e54c9b143"},{"key":"29505","unstructured":"Rodr\u00edguez, Y. (2025). Enfoque de Derechos Humanos en la caracterizaci\u00f3n del pilar 8 del PDET subregi\u00f3n Pac\u00edfico y frontera Nari\u00f1ense. En Y. Rodr\u00edguez, J-M. Molina y J-F. Puello-Socarras (Eds.) Pasado y Presente de la Administraci\u00f3n P\u00fablica. Volumen II (pp. 131-161). ESAP."},{"key":"29506","unstructured":"Puello-Socarras, J-F. (2025). Infraestructuras y supraestructuras para la paz y la hipocres\u00eda organizacional: tres met\u00e1foras conceptuales para (re)pensar los procesos de (re)construcci\u00f3n de la paz. En Y. Rodr\u00edguez, J-M. Molina y J-F. Puello-Socarras (Eds.) Pasado y Presente de la Administraci\u00f3n P\u00fablica. Volumen II (pp. 13-31). ESAP."},{"key":"29507","unstructured":"UNESCO (1945). Constituci\u00f3n. https:\/\/unesdoc.unesco.org\/imagens\/0012\/001255\/125590e.pdf#page=7"}],"container-title":["Nova et Vetera"],"link":[{"URL":"https:\/\/revistas.esap.edu.co\/index.php\/novaetvetera\/article\/download\/1348\/865","content-type":"application\/pdf","content-version":"vor","intended-application":"text-mining"},{"URL":"https:\/\/revistas.esap.edu.co\/index.php\/novaetvetera\/article\/download\/1348\/879","content-type":"text\/xml","content-version":"vor","intended-application":"text-mining"},{"URL":"https:\/\/revistas.esap.edu.co\/index.php\/novaetvetera\/article\/download\/1348\/865","content-type":"unspecified","content-version":"vor","intended-application":"similarity-checking"}],"deposited":{"date-parts":[[2026,8,28]],"date-time":"2026-08-28T15:06:47Z","timestamp":1787929607000},"score":0.0,"resource":{"primary":{"URL":"https:\/\/revistas.esap.edu.co\/index.php\/novaetvetera\/article\/view\/1348"}},"issued":{"date-parts":[[2025,12,22]]},"references-count":6,"journal-issue":{"issue":"34","published-online":{"date-parts":[[2025,11,25]]}},"URL":"https:\/\/doi.org\/10.22431\/25005103.1348","ISSN":["2500-5103","0123-2614"],"issn-type":[{"value":"2500-5103","type":"electronic"},{"value":"0123-2614","type":"print"}],"published":{"date-parts":[[2025,12,22]]}},{"indexed":{"date-parts":[[2025,12,31]],"date-time":"2025-12-31T20:10:58Z","timestamp":1767211858880,"version":"3.48.0"},"reference-count":0,"publisher":"Escuela Superior de Administracion Publica","issue":"2","license":[{"start":{"date-parts":[[2017,12,11]],"date-time":"2017-12-11T00:00:00Z","timestamp":1512950400000},"content-version":"unspecified","delay-in-days":0,"URL":"http:\/\/creativecommons.org\/licenses\/by-nc-nd\/4.0"}],"content-domain":{"domain":[],"crossmark-restriction":false},"short-container-title":["Adm. Desarro."],"abstract":"<jats:p>El Estado ha estado experimentado transformaciones fundamentales en sus vinculaciones fiscales, funcionales y de poder con las instancias estatales regionales, con el mercado, con las organizaciones sociales y con actores del contexto internacional, que ayudan a explicar las orientaciones del Estado y las modificaciones en su aparato. Esas transformaciones han sido justificadas por m\u00faltiples actores acad\u00e9micos pol\u00edticos, agencias y gremios privados, organizaciones sociales que en general han tenido una voz un\u00edsona para avalarlas; las posiciones te\u00f3ricas para reformar al Estado han estado influidas por diferentes y pol\u00edticas que cubren las m\u00e1s tradicionales perspectivas liberales, neoliberales, marxistas etc.En este trabajo se pretende establecer y analizar la relaci\u00f3n entre las transformaciones del Estado moderno, la administraci\u00f3n p\u00fablica y la imagen que sobre esas transformaciones han socializado algunos autores desde posiciones te\u00f3ricas, doctrinales e ideol\u00f3gicas.<\/jats:p>","DOI":"10.22431\/25005227.363","type":"journal-article","created":{"date-parts":[[2017,12,12]],"date-time":"2017-12-12T15:13:01Z","timestamp":1513091581000},"page":"36-51","source":"Crossref","is-referenced-by-count":0,"title":["Transformaciones del Estado y cambios en la Administraci\u00f3n P\u00fablica"],"prefix":"10.22431","volume":"47","author":[{"given":"Luz Stella","family":"Parrado","sequence":"first","affiliation":[],"role":[{"role":"author","vocabulary":"crossref"}]}],"member":"9723","published-online":{"date-parts":[[2017,12,11]]},"container-title":["Administraci\u00f3n &amp; Desarrollo"],"link":[{"URL":"https:\/\/revistas.esap.edu.co\/index.php\/admindesarro\/article\/download\/363\/pdf","content-type":"application\/pdf","content-version":"vor","intended-application":"text-mining"},{"URL":"https:\/\/revistas.esap.edu.co\/index.php\/admindesarro\/article\/download\/363\/pdf","content-type":"unspecified","content-version":"vor","intended-application":"similarity-checking"}],"deposited":{"date-parts":[[2025,12,31]],"date-time":"2025-12-31T20:07:28Z","timestamp":1767211648000},"score":0.0,"resource":{"primary":{"URL":"https:\/\/revistas.esap.edu.co\/index.php\/admindesarro\/article\/view\/363"}},"issued":{"date-parts":[[2017,12,11]]},"references-count":0,"journal-issue":{"issue":"2","published-online":{"date-parts":[[2017,12,11]]}},"URL":"https:\/\/doi.org\/10.22431\/25005227.363","ISSN":["2500-5227","0120-3754"],"issn-type":[{"type":"electronic","value":"2500-5227"},{"type":"print","value":"0120-3754"}],"published":{"date-parts":[[2017,12,11]]}},{"indexed":{"date-parts":[[2025,12,31]],"date-time":"2025-12-31T20:16:14Z","timestamp":1767212174314,"version":"3.48.0"},"reference-count":0,"publisher":"Escuela Superior de Administracion Publica","issue":"1","license":[{"start":{"date-parts":[[2017,6,30]],"date-time":"2017-06-30T00:00:00Z","timestamp":1498780800000},"content-version":"unspecified","delay-in-days":0,"URL":"http:\/\/creativecommons.org\/licenses\/by-nc-nd\/4.0"}],"content-domain":{"domain":[],"crossmark-restriction":false},"short-container-title":["Adm. Desarro."],"abstract":"<jats:p>La presente investigaci\u00f3n, busca saber hasta qu\u00e9 punto las organizaciones comunitarias contribuyen al desarrollo local o s\u00ed, por el contrario, sirven al fortalecimiento de campa\u00f1as pol\u00edticas electorales. La investigaci\u00f3n es mixta, inductiva, usa la metodolog\u00eda del \u201cFocus Group\u201d y toma como modelo las Organizaciones Comunales del Municipio de Itag\u00fc\u00ed, Antioquia en Colombia. El estudio se soporta en 63 encuestas y 50 entrevistas en promedio a l\u00edderes comunales de las distintas sub-localidades. La poblaci\u00f3n total de Organizaciones Comunitarias del Municipio de Itag\u00fc\u00ed es 87, lo que define un tama\u00f1o de muestra, n=63, para un nivel de confianza estad\u00edstica del \u03b1=90% y un margen de error del e=5%. El estudio concluye, afirmando la existencia de organizaciones comunales clientelizadas y poco formadoras de cultura pol\u00edtica<\/jats:p>","DOI":"10.22431\/25005227.60","type":"journal-article","created":{"date-parts":[[2017,8,28]],"date-time":"2017-08-28T10:00:28Z","timestamp":1503914428000},"page":"65-82","source":"Crossref","is-referenced-by-count":1,"title":["Las Juntas de Acci\u00f3n Comunal del municipio de Itagu\u0308\u00ed en el desarrollo local"],"prefix":"10.22431","volume":"47","author":[{"given":"\u00c1ngel Emilio","family":"Mu\u00f1oz Cardona","sequence":"first","affiliation":[],"role":[{"role":"author","vocabulary":"crossref"}]}],"member":"9723","published-online":{"date-parts":[[2017,6,30]]},"container-title":["Administraci\u00f3n &amp; Desarrollo"],"link":[{"URL":"https:\/\/revistas.esap.edu.co\/index.php\/admindesarro\/article\/download\/60\/pdf","content-type":"application\/pdf","content-version":"vor","intended-application":"text-mining"},{"URL":"https:\/\/revistas.esap.edu.co\/index.php\/admindesarro\/article\/download\/60\/pdf","content-type":"unspecified","content-version":"vor","intended-application":"similarity-checking"}],"deposited":{"date-parts":[[2025,12,31]],"date-time":"2025-12-31T20:12:32Z","timestamp":1767211952000},"score":0.0,"resource":{"primary":{"URL":"https:\/\/revistas.esap.edu.co\/index.php\/admindesarro\/article\/view\/60"}},"issued":{"date-parts":[[2017,6,30]]},"references-count":0,"journal-issue":{"issue":"1","published-online":{"date-parts":[[2017,6,30]]}},"URL":"https:\/\/doi.org\/10.22431\/25005227.60","ISSN":["2500-5227","0120-3754"],"issn-type":[{"type":"electronic","value":"2500-5227"},{"type":"print","value":"0120-3754"}],"published":{"date-parts":[[2017,6,30]]}},{"indexed":{"date-parts":[[2022,4,3]],"date-time":"2022-04-03T10:35:40Z","timestamp":1648982140127},"reference-count":0,"publisher":"Escuela Superior de Administracion Publica","issue":"66","license":[{"start":{"date-parts":[[2016,9,28]],"date-time":"2016-09-28T00:00:00Z","timestamp":1475020800000},"content-version":"unspecified","delay-in-days":0,"URL":"http:\/\/creativecommons.org\/licenses\/by-nc-nd\/4.0"}],"content-domain":{"domain":[],"crossmark-restriction":false},"short-container-title":["Nova vetera"],"abstract":"<jats:p>Tradicionalmente, la justicia social (equidad) no ha sido un punto focal en la econom\u00eda, en su defecto su principal preocupaci\u00f3n ha sido el problema de la eficiencia. La mayor\u00eda de los sistemas regulatorios, se proponen por lo general objetivos relacionados con la eficiencia en la asignaci\u00f3n (precio igual al costo marginal) y el cubrimiento de costos (suficiencia financiera) por encima del criterio de equidad. La eficiencia como criterio de fijaci\u00f3n de precios encuentra gran aceptaci\u00f3n, en tanto que la equidad se somete a debates y discusiones finita de \u00f3ptimos posibles, y la elecci\u00f3n entre estas situaciones, igualmente \"eficientes\", es posible \u00fanicamente a partir de consideraciones de equidad. Pareto separa de manera contundente los criterios de eficiencia de los de equidad. Este criterio plantea una disyuntiva entre eficiencia y equidad. En general, para aumentar la equidad, debe sacrificarse una cierta cantidad de eficiencia. Pero el objetivo de la eficiencia no lo es todo ni el \u00fanico, la distribuci\u00f3n del bienestar tambien es fundamental. Una de las formas de analizar el concepto de equidad es desde la perspectiva de los principios de beneficio y de capacidad de pago.<\/jats:p>","DOI":"10.22431\/25005103.334","type":"journal-article","created":{"date-parts":[[2017,7,5]],"date-time":"2017-07-05T19:34:05Z","timestamp":1499283245000},"page":"81-100","source":"Crossref","is-referenced-by-count":0,"title":["La eficiencia y la equidad en los sectores p\u00fablico y privado: econom\u00eda distributiva y justicia social"],"prefix":"10.22431","volume":"22","author":[{"given":"Jos\u00e9 Pl\u00e1cido","family":"Silva","sequence":"first","affiliation":[],"role":[{"role":"author","vocabulary":"crossref"}]}],"member":"9723","published-online":{"date-parts":[[2016,9,28]]},"container-title":["Nova et Vetera"],"link":[{"URL":"https:\/\/revistas.esap.edu.co\/index.php\/novaetvetera\/article\/download\/334\/pdf","content-type":"application\/pdf","content-version":"vor","intended-application":"text-mining"},{"URL":"https:\/\/revistas.esap.edu.co\/index.php\/novaetvetera\/article\/download\/334\/pdf","content-type":"unspecified","content-version":"vor","intended-application":"similarity-checking"}],"deposited":{"date-parts":[[2021,11,30]],"date-time":"2021-11-30T03:20:54Z","timestamp":1638242454000},"score":0.0,"resource":{"primary":{"URL":"https:\/\/revistas.esap.edu.co\/index.php\/novaetvetera\/article\/view\/334"}},"issued":{"date-parts":[[2016,9,28]]},"references-count":0,"journal-issue":{"issue":"66","published-online":{"date-parts":[[2016,9,28]]}},"URL":"https:\/\/doi.org\/10.22431\/25005103.334","ISSN":["2500-5103","0123-2614"],"issn-type":[{"value":"2500-5103","type":"electronic"},{"value":"0123-2614","type":"print"}],"published":{"date-parts":[[2016,9,28]]}},{"indexed":{"date-parts":[[2022,3,29]],"date-time":"2022-03-29T07:21:47Z","timestamp":1648538507923},"reference-count":0,"publisher":"Escuela Superior de Administracion Publica","license":[{"start":{"date-parts":[[2016,10,10]],"date-time":"2016-10-10T00:00:00Z","timestamp":1476057600000},"content-version":"unspecified","delay-in-days":0,"URL":"http:\/\/creativecommons.org\/licenses\/by-nc-nd\/4.0"}],"content-domain":{"domain":[],"crossmark-restriction":false},"short-container-title":["Nova vetera"],"abstract":"<jats:p>El proceso de reconocimiento \u00e9tnico-territorial conseguido por las \u2018comunidades negras\u2019 en Colombia a partir de la d\u00e9cada de los a\u00f1os 90 del siglo anterior, constituye sin lugar a dudas un hito en el establecimiento de nuevas formas de territorialidad y de coogobernabilidad. Este art\u00edculo recoge algunas piezas de esta historia procurando un an\u00e1lisis cr\u00edtico que permita no s\u00f3lo describir el proceso, sino rastrear algunos contextos previos que viabilizaron su desarrollo, as\u00ed como advertir sobre futuras implicaciones en clave lo que significa para el pa\u00eds un proceso de titulaci\u00f3n colectiva de tierras. Si bien el art\u00edculo presenta referencias generales para el territorio nacional, sus lineamientos de especificidad tem\u00e1tica se concentran en lo acaecido por la gente negra del departamento del Cauca, ubicado al sur-occidente de Colombia.<\/jats:p>","DOI":"10.22431\/25005103.45","type":"journal-article","created":{"date-parts":[[2017,7,5]],"date-time":"2017-07-05T19:34:05Z","timestamp":1499283245000},"page":"7-19","source":"Crossref","is-referenced-by-count":0,"title":["El reconocimiento \u00e9tnico-territorial de comunidades negras en Colombia: \u00bfun lugar de derecho?"],"prefix":"10.22431","volume":"25","author":[{"given":"Tulio Andr\u00e9s","family":"Clavijo Gallego","sequence":"first","affiliation":[],"role":[{"role":"author","vocabulary":"crossref"}]}],"member":"9723","published-online":{"date-parts":[[2016,10,10]]},"container-title":["Nova et Vetera"],"link":[{"URL":"https:\/\/revistas.esap.edu.co\/index.php\/novaetvetera\/article\/download\/45\/pdf","content-type":"application\/pdf","content-version":"vor","intended-application":"text-mining"},{"URL":"https:\/\/revistas.esap.edu.co\/index.php\/novaetvetera\/article\/download\/45\/pdf","content-type":"unspecified","content-version":"vor","intended-application":"similarity-checking"}],"deposited":{"date-parts":[[2021,11,30]],"date-time":"2021-11-30T03:20:42Z","timestamp":1638242442000},"score":0.0,"resource":{"primary":{"URL":"https:\/\/revistas.esap.edu.co\/index.php\/novaetvetera\/article\/view\/45"}},"issued":{"date-parts":[[2016,10,10]]},"references-count":0,"URL":"https:\/\/doi.org\/10.22431\/25005103.45","ISSN":["2500-5103","0123-2614"],"issn-type":[{"value":"2500-5103","type":"electronic"},{"value":"0123-2614","type":"print"}],"published":{"date-parts":[[2016,10,10]]}},{"indexed":{"date-parts":[[2022,3,30]],"date-time":"2022-03-30T14:46:36Z","timestamp":1648651596732},"reference-count":0,"publisher":"Escuela Superior de Administracion Publica","issue":"58","license":[{"start":{"date-parts":[[2013,12,15]],"date-time":"2013-12-15T00:00:00Z","timestamp":1387065600000},"content-version":"unspecified","delay-in-days":0,"URL":"http:\/\/creativecommons.org\/licenses\/by-nc-nd\/4.0"}],"content-domain":{"domain":[],"crossmark-restriction":false},"short-container-title":["Adm. Desarro."],"abstract":"<jats:p>La inclusi\u00f3n social es asumida como propia de los cometidos estatales y en consecuencia del papel de la funci\u00f3n p\u00fablica que se concreta en el accionar p\u00fablico estatal desde la labor de servidores p\u00fablicos en el contexto de una relaci\u00f3n de trabajo. En el sentido indicado, la democratizaci\u00f3n conlleva la b\u00fasqueda del inter\u00e9s general y del beneficio colectivo y la dignificaci\u00f3n del trabajador, lo cual lleva a plantearse cu\u00e1n perdida se encuentra esta en la implementaci\u00f3n de modelos y pr\u00e1cticas administrativas gerenciales, que han desdibujado tan importante responsabilidad y compromiso \u00e9tico y solidario de quienes han optado por la vocaci\u00f3n del servicio p\u00fablico. Resulta entonces imperioso no solo develar lo que ha acaecido, sino tambi\u00e9n plantearse la posibilidad de un cambio estructural que involucre al conjunto de la sociedad, sobre todo que asuma la participaci\u00f3n del trabajador y la vigencia plena de sus derechos como propia de la misma raz\u00f3n de ser del Estado social de derecho<\/jats:p>","DOI":"10.22431\/25005227.109","type":"journal-article","created":{"date-parts":[[2017,7,5]],"date-time":"2017-07-05T16:06:06Z","timestamp":1499270766000},"page":"7-17","source":"Crossref","is-referenced-by-count":0,"title":["Funci\u00f3n p\u00fablica y derecho al trabajo: una perspectiva de inclusi\u00f3n social"],"prefix":"10.22431","volume":"42","author":[{"given":"Hernado","family":"Delgado Quintero","sequence":"first","affiliation":[],"role":[{"role":"author","vocabulary":"crossref"}]}],"member":"9723","published-online":{"date-parts":[[2013,12,15]]},"container-title":["Administraci\u00f3n &amp; Desarrollo"],"link":[{"URL":"https:\/\/revistas.esap.edu.co\/index.php\/admindesarro\/article\/download\/109\/pdf","content-type":"application\/pdf","content-version":"vor","intended-application":"text-mining"},{"URL":"https:\/\/revistas.esap.edu.co\/index.php\/admindesarro\/article\/download\/109\/pdf","content-type":"unspecified","content-version":"vor","intended-application":"similarity-checking"}],"deposited":{"date-parts":[[2021,11,12]],"date-time":"2021-11-12T19:11:43Z","timestamp":1636744303000},"score":0.0,"resource":{"primary":{"URL":"https:\/\/revistas.esap.edu.co\/index.php\/admindesarro\/article\/view\/109"}},"issued":{"date-parts":[[2013,12,15]]},"references-count":0,"journal-issue":{"issue":"58","published-online":{"date-parts":[[2013,12,15]]}},"URL":"https:\/\/doi.org\/10.22431\/25005227.109","ISSN":["2500-5227","0120-3754"],"issn-type":[{"value":"2500-5227","type":"electronic"},{"value":"0120-3754","type":"print"}],"published":{"date-parts":[[2013,12,15]]}},{"indexed":{"date-parts":[[2022,4,2]],"date-time":"2022-04-02T11:58:02Z","timestamp":1648900682060},"reference-count":0,"publisher":"Escuela Superior de Administraci\u00f3n P\u00fablica","isbn-type":[{"value":"9789586524346","type":"print"}],"content-domain":{"domain":[],"crossmark-restriction":false},"DOI":"10.22431\/9789586524346","type":"book","created":{"date-parts":[[2018,4,26]],"date-time":"2018-04-26T01:42:57Z","timestamp":1524706977000},"source":"Crossref","is-referenced-by-count":0,"title":["El impacto de los partidos pol\u00edticos\u00a0en la gobernabilidad en su dimensi\u00f3n de administraci\u00f3n p\u00fablica"],"prefix":"10.22431","author":[{"given":"Nathalia Patricia","family":"Vargas Valero","sequence":"first","affiliation":[],"role":[{"role":"author","vocabulary":"crossref"}]}],"member":"9723","published-online":{"date-parts":[[2018,4,6]]},"deposited":{"date-parts":[[2018,4,26]],"date-time":"2018-04-26T01:42:58Z","timestamp":1524706978000},"score":0.0,"resource":{"primary":{"URL":"http:\/\/www.esap.edu.co\/portal\/\/wp-content\/uploads\/2018\/04\/8.-El-impacto-de-los-partidos-poli\u00ecticos_digital_.pdf"}},"issued":{"date-parts":[[2018,4,6]]},"ISBN":["9789586524346"],"references-count":0,"URL":"https:\/\/doi.org\/10.22431\/9789586524346","published":{"date-parts":[[2018,4,6]]}},{"indexed":{"date-parts":[[2022,4,5]],"date-time":"2022-04-05T19:36:01Z","timestamp":1649187361707},"reference-count":0,"publisher":"Escuela Superior de Administracion Publica","issue":"66","license":[{"start":{"date-parts":[[2016,9,28]],"date-time":"2016-09-28T00:00:00Z","timestamp":1475020800000},"content-version":"unspecified","delay-in-days":0,"URL":"http:\/\/creativecommons.org\/licenses\/by-nc-nd\/4.0"}],"content-domain":{"domain":[],"crossmark-restriction":false},"short-container-title":["Nova vetera"],"abstract":"<jats:p>El art\u00edculo analiza las condiciones en que se dio la producci\u00f3n del Festival internacional de M\u00fasica del Caribe en Cartagena entre 1982 y 1996. Para tal prop\u00f3sito se tiene en cuenta las distintas etapas del Festival, as\u00ed como tambi\u00e9n, los elementos internos y externos que condicionaron la aparici\u00f3n y desaparici\u00f3n del mismo, donde la llamada cultura picotera tiene un papel preponderante.<\/jats:p>","DOI":"10.22431\/25005103.330","type":"journal-article","created":{"date-parts":[[2017,7,5]],"date-time":"2017-07-05T19:34:05Z","timestamp":1499283245000},"page":"23-36","source":"Crossref","is-referenced-by-count":0,"title":["La cultura picotera y el Festival Internacional de Mu\u0301sica del Caribe, Cartagena 1982-1996"],"prefix":"10.22431","volume":"22","author":[{"given":"Ricardo","family":"Chica Geliz","sequence":"first","affiliation":[],"role":[{"role":"author","vocabulary":"crossref"}]}],"member":"9723","published-online":{"date-parts":[[2016,9,28]]},"container-title":["Nova et Vetera"],"link":[{"URL":"https:\/\/revistas.esap.edu.co\/index.php\/novaetvetera\/article\/download\/330\/pdf","content-type":"application\/pdf","content-version":"vor","intended-application":"text-mining"},{"URL":"https:\/\/revistas.esap.edu.co\/index.php\/novaetvetera\/article\/download\/330\/pdf","content-type":"unspecified","content-version":"vor","intended-application":"similarity-checking"}],"deposited":{"date-parts":[[2021,11,30]],"date-time":"2021-11-30T03:21:04Z","timestamp":1638242464000},"score":0.0,"resource":{"primary":{"URL":"https:\/\/revistas.esap.edu.co\/index.php\/novaetvetera\/article\/view\/330"}},"issued":{"date-parts":[[2016,9,28]]},"references-count":0,"journal-issue":{"issue":"66","published-online":{"date-parts":[[2016,9,28]]}},"URL":"https:\/\/doi.org\/10.22431\/25005103.330","ISSN":["2500-5103","0123-2614"],"issn-type":[{"value":"2500-5103","type":"electronic"},{"value":"0123-2614","type":"print"}],"published":{"date-parts":[[2016,9,28]]}},{"indexed":{"date-parts":[[2025,7,23]],"date-time":"2025-07-23T12:25:50Z","timestamp":1753273550041,"version":"3.40.5"},"reference-count":36,"publisher":"Escuela Superior de Administracion Publica","issue":"1","license":[{"start":{"date-parts":[[2021,6,30]],"date-time":"2021-06-30T00:00:00Z","timestamp":1625011200000},"content-version":"unspecified","delay-in-days":0,"URL":"http:\/\/creativecommons.org\/licenses\/by-nc-nd\/4.0"}],"content-domain":{"domain":[],"crossmark-restriction":false},"short-container-title":["Adm. Desarro."],"abstract":"<jats:p>El objetivo de este trabajo es confirmar emp\u00edricamente, por medio del an\u00e1lisis de los municipios con Presupuesto Participativo en la Comunidad Valenciana despu\u00e9s de las elecciones municipales de 2015 y 2019, que la voluntad pol\u00edtica es un elemento fundamental para la puesta en marcha y la continuidad de las experiencias de Presupuesto Participativo. La metodolog\u00eda utilizada ha combinado t\u00e9cnicas de investigaci\u00f3n social cualitativas y cuantitativas. Los resultados han demostrado que la voluntad pol\u00edtica es una variable importante para la puesta en marcha de las experiencias, pero que, para su continuidad, puede ser un problema sino se incorporan otros compromisos. Sin embargo, no es una pol\u00edtica global de ning\u00fan partido pol\u00edtico, aunque la participaci\u00f3n ciudadana es una pol\u00edtica m\u00e1s integrada en los partidos de la izquierda, siendo estos los que ponen en marcha m\u00e1s experiencias de Presupuesto Participativo.<\/jats:p>","DOI":"10.22431\/25005227.vol51n1.6","type":"journal-article","created":{"date-parts":[[2022,6,16]],"date-time":"2022-06-16T16:58:41Z","timestamp":1655398721000},"page":"125-147","source":"Crossref","is-referenced-by-count":3,"title":["\u00bfEs suficiente la voluntad pol\u00edtica para que tenga \u00e9xito el Presupuesto Participativo?"],"prefix":"10.22431","volume":"51","author":[{"ORCID":"https:\/\/orcid.org\/0000-0001-6101-8560","authenticated-orcid":false,"given":"Carmen","family":"Pineda Nebot","sequence":"first","affiliation":[],"role":[{"role":"author","vocabulary":"crossref"}]},{"ORCID":"https:\/\/orcid.org\/0000-0002-0459-9570","authenticated-orcid":false,"given":"Valdemir","family":"Pires","sequence":"additional","affiliation":[],"role":[{"role":"author","vocabulary":"crossref"}]}],"member":"9723","published-online":{"date-parts":[[2021,6,30]]},"reference":[{"key":"3775","unstructured":"Allegretti, G., Garc\u00eda-Leiva, P. & Pa\u00f1o, P. (2011). Viajando por los presupuestos participativos: buenas pr\u00e1cticas, obst\u00e1culos y aprendizajes. Ediciones de la Diputaci\u00f3n de M\u00e1laga (CEDMA)."},{"key":"3776","doi-asserted-by":"crossref","unstructured":"Avritzer, L. (2009). Participatory institutions in democratic Brazil. Johns Hopkins University Press.","DOI":"10.56021\/9780801891748"},{"key":"3777","doi-asserted-by":"crossref","unstructured":"Baiocchi, G. & Ganuza, E. (2014). Participatory budgeting as if emancipation mattered. Politics & Society, 42(1). 29-50. https:\/\/doi.org\/10.1177\/0032329213512978.","DOI":"10.1177\/0032329213512978"},{"key":"3778","unstructured":"Cabannes, Y. (2004). \u00bfQu\u00e9 es y c\u00f3mo se hace el Presupuesto Participativo? 72 respuestas a Preguntas Frecuentes sobre Presupuestos Participativos Municipales. UN-H\u00e1bitat."},{"key":"3779","unstructured":"Cabannes, Y. (2020). Participatory Budgeting contributions to leave no one behind and no place behind: Lessons from the past three decades: Final draft 3. UN Habitat [Working Paper, Unpublished]."},{"key":"3780","unstructured":"Cernadas, A., Pineda, C. & Chao, L. (2013). Democracia Local y Participaci\u00f3n Ciudadana. Estudio comparativo de Galicia y La Rioja. Revista de Investigaciones Pol\u00edticas y Sociol\u00f3gicas, 12(1), 175-209."},{"key":"3781","unstructured":"Dias, N., Henr\u00edquez, S. & Simone, J. (Eds.) (2019). Participatory Budgenting World Atlas. [Atlas Mundial de los Presupuestos Participativos]. Epopeia."},{"key":"3782","unstructured":"Dias, N., Enr\u00edquez, S., Cardita, R., J\u00falio, S. & Serrano, T. (2021). Atlas Mundial dos Or\u00e7amentos Participativos 2020 \u2013 2021. Epopeia e Oficina."},{"key":"3783","unstructured":"Fedozzi, L. (2000). O poder da aldeia: g\u00eanese e hist\u00f3ria do or\u00e7amento participativo de Porto Alegre. Tomo Editorial."},{"key":"3784","doi-asserted-by":"crossref","unstructured":"Fedozzi, L., Ramos, M. & Gon\u00e7alves, F. (2020). Or\u00e7amentos Participativos: vari\u00e1veis explicativas e novos cen\u00e1rios que desafiam a sua implementa\u00e7\u00e3o, Rev. Sociol. Polit., 28(73), 1-20. https:\/\/doi.org\/10.1590\/1678-987320287305.","DOI":"10.1590\/1678-987320287305"},{"key":"3785","unstructured":"Fern\u00e1ndez, C. & Pineda, C. (2005). Presupuesto Ciudadano: un an\u00e1lisis sobre el desarrollo de la experiencia de participaci\u00f3n presupuestaria en la ciudad de Logro\u00f1o. Gesti\u00f3n y An\u00e1lisis de Pol\u00edticas P\u00fablicas, (33-34), 1-26. https:\/\/doi.org\/10.24965\/gapp.v0i33-34"},{"key":"3786","unstructured":"Font, J., Della, D. & Sintomer, Y. (2014). Participatory Democracy in Southern Europe. Rowman and Littlefield."},{"key":"3787","unstructured":"Galais, C., Corrochano, D. & Fontcuberta, P. (2011). \u00bfPor qu\u00e9 se ponen en marcha los procesos participativos?. En Democracia local en Andaluc\u00eda. Experiencias participativas en los municipios andaluces (pp. 35-58). Fundaci\u00f3n P\u00fablica Andaluza Centro de Estudios Andaluces, Consejer\u00eda de la Presidencia, Junta de Andaluc\u00eda."},{"key":"3788","doi-asserted-by":"crossref","unstructured":"Goldfrank, B. (2006). Los procesos de \u201cpresupuesto participativo\u201d en Am\u00e9rica Latina: \u00e9xito, fracaso y cambio. Revista de Ciencia Pol\u00edtica, 26(2), 3-28.","DOI":"10.4067\/S0718-090X2006000200001"},{"key":"3789","doi-asserted-by":"crossref","unstructured":"Gonz\u00e1lez, A. & Soler, A. (2021). Nuevas miradas de los presupuestos participativos: los resultados de la participaci\u00f3n desde la perspectiva pol\u00edtica y t\u00e9cnica. OBETS. Revista de Ciencias Sociales, 16(1), 135-150. https:\/\/doi.org\/10.14198\/OBETS2021.16.1.09.","DOI":"10.14198\/OBETS2021.16.1.09"},{"key":"3790","doi-asserted-by":"crossref","unstructured":"Holdo, M. (2020). Contestation in Participatory Budgeting: Spaces, Boundaries, and Agency. American Behavioral Scientist, 64(9), 1348-1365. https:\/\/doi.org\/10.1177\/0002764220941226","DOI":"10.1177\/0002764220941226"},{"key":"3791","doi-asserted-by":"crossref","unstructured":"Horochovski, R. & Clemente, A. (2012). Democracia deliberativa e or\u00e7amento p\u00fablico: experi\u00eancias de participa\u00e7\u00e3o em Porto Alegre, Belo Horizonte, Recife e Curitiba. Revista de Sociologia e Pol\u00edtica, 20(43), 127\u2013157. https:\/\/doi.org\/10.1590\/S0104-44782012000300007.","DOI":"10.1590\/S0104-44782012000300007"},{"key":"3792","doi-asserted-by":"crossref","unstructured":"Lehtonen, P. (2021): Policy on the move: the enabling settings of participation in participatory budgeting, Policy Studies, 1-19. https:\/\/doi.org\/10.1080\/01442872.2021.1895981.","DOI":"10.1080\/01442872.2021.1895981"},{"key":"3793","doi-asserted-by":"crossref","unstructured":"L\u00f3pez, S. & Gil-Jaurena, I. (2021). Transformaciones del Presupuesto Participativo en Espa\u00f1a: de la aplicaci\u00f3n del modelo de Porto Alegre a la instrumentalizaci\u00f3n de las nuevas experiencias. OBETS, Revista de Ciencias Sociales, 16(1), 151-174. https:\/\/doi.org\/10.14198\/OBETS2021.16.1.10","DOI":"10.14198\/OBETS2021.16.1.10"},{"key":"3794","unstructured":"L\u00fcchmann, L. (2003). Redesenhando as rela\u00e7\u00f5es sociedade e Estado: o trip\u00e9 da democracia deliberativa. Kat\u00e1lyses, 6(2), 165-178."},{"key":"3795","doi-asserted-by":"crossref","unstructured":"L\u00fcchmann, L. (2014). 25 anos de Or\u00e7amentos Participativos: algumas reflex\u00f5es anal\u00edticas. Pol\u00edtica & Sociedade, 13(28), 167-197. https:\/\/doi.org\/10.5007\/2175-7984.2014v13n28p167","DOI":"10.5007\/2175-7984.2014v13n28p167"},{"key":"3796","unstructured":"Mayor, (2016). Presupuesto Participativo de Molina de Segura. Murcia: Ayuntamiento de Molina de Segura."},{"key":"3797","unstructured":"Mayor, J. (10 de noviembre de 2017). Presupuestos Participativos en la Regi\u00f3n de Murcia: una visi\u00f3n cr\u00edtica [Presentaci\u00f3n]. V Congreso Internacional sobre Innovaci\u00f3n Tecnol\u00f3gica y Administraci\u00f3n P\u00fablica. La reforma de la Ley estatal de Transparencia: retos y posibilidades, Toledo."},{"key":"3798","unstructured":"Mayor, J. & Alarc\u00f3n, G. (2020). Presupuestos participativos: aspectos conceptuales y previos a su implementaci\u00f3n. En: Presupuestos Participativos: aportes y l\u00edmites para radicalizar la democracia (Pp. 35-57). Tirant lo Blanch."},{"key":"3799","doi-asserted-by":"crossref","unstructured":"M\u00e9rida, J. & Teller\u00eda, I, (2021). \u00bfUna nueva forma de hacer pol\u00edtica? Modos de gobernanza participativa y Ayuntamientos del cambio en Espa\u00f1a (2015-2019). GAPP, (26), 92-110.","DOI":"10.24965\/gapp.i26.10841"},{"key":"3800","unstructured":"Pineda, C. (2004). Los presupuestos participativos en Espa\u00f1a: un balance provisional. Revista de Estudios Locales (CUNAL), (78), 64-76."},{"key":"3801","doi-asserted-by":"crossref","unstructured":"Pineda, C. (2010). Los presupuestos participativos en Espa\u00f1a: un nuevo balance. Revista de Estudios de la Administraci\u00f3n Local y Auton\u00f3mica, (311), 277-302. https:\/\/doi.org\/10.24965\/reala.v0i311","DOI":"10.24965\/reala.v0i311.9692"},{"key":"3802","unstructured":"Pires, R. (2011). Efetividade das institui\u00e7\u00f5es participativas no Brasil: estrat\u00e9gias de avalia\u00e7\u00e3o, IPEA (7.a ed.). Ipea. https:\/\/www.ipea.gov.br\/portal\/images\/stories\/PDFs\/livros\/livro_dialogosdesenvol07.pdf"},{"key":"3803","doi-asserted-by":"crossref","unstructured":"Pires, V. & Pineda, C. (2008). Presupuesto Participativo: una tipolog\u00eda para superar los l\u00edmites de las definiciones demasiado amplias o restrictivas. Revista de Estudios de la Administraci\u00f3n Local y Auton\u00f3mica (REALA), (308), 206-244.","DOI":"10.24965\/reala.v0i308.9702"},{"key":"3804","unstructured":"Rom\u00e3o, W. (2011). Muito al\u00e9m da sociedade civil: o sentido do Or\u00e7amento Participativo para governos e partidos pol\u00edticos. 35\u00ba Encontro Anual da Associa\u00e7\u00e3o Nacional de P\u00f3s-Gradua\u00e7\u00e3o e Pesquisa em Ci\u00eancias Sociais \u2013 ANPOCS, Caxambu\/MG."},{"key":"3805","doi-asserted-by":"crossref","unstructured":"Souza, L. (2015). Do local para o nacional: o Or\u00e7amento Participativo (OP) e a institucionaliza\u00e7\u00e3o da participa\u00e7\u00e3o popular ao longo da hist\u00f3ria do Partido dos Trabalhadores (PT). Interse\u00e7\u00f5es: Revista de Estudos Interdisciplinares, 17(1), 226\u2013251. https:\/\/doi.org\/10.12957\/irei.2015.18054","DOI":"10.12957\/irei.2015.18054"},{"key":"3806","unstructured":"Souza, L. (2021). Prefeitos, vereadores e partidos pol\u00edticos nas disputas do OP: uma an\u00e1lise comparativa da ado\u00e7\u00e3o, continuidade, interrup\u00e7\u00e3o e do fim de uma inova\u00e7\u00e3o democr\u00e1tica. EDUFES."},{"key":"3807","unstructured":"Wampler, B. (2005). Expandindo accountability atrav\u00e9s de institui\u00e7\u00f5es participativas?. In Desenho institucional e participa\u00e7\u00e3o pol\u00edtica. (Pp. 33\u201362). Petr\u00f3polis: Vozes."},{"key":"3808","unstructured":"Wampler, B. (2007). Participatory budgeting in Brazil: contestation, cooperation, and accountability. University Park, The Pennsylvania State University Press."},{"key":"3809","doi-asserted-by":"crossref","unstructured":"Wampler, B. (2008). Does Participatory Budgeting Deepen the Quality of Democracy? Lessons from Brazil. Comparative Politics, 41(1), 61-81. https:\/\/doi.org\/10.5129\/001041508X12911362383679","DOI":"10.5129\/001041508X12911362383679"},{"key":"3810","doi-asserted-by":"crossref","unstructured":"Wampler, B. & Goldfranck, B. (2022). The Rise, Spread, and Decline of Brazil\u2019s Participatory Budgeting. Palgrave Mcmillan. https:\/\/doi.org\/10.1007\/978-3-030-90058-8","DOI":"10.1007\/978-3-030-90058-8"}],"container-title":["Administraci\u00f3n &amp; Desarrollo"],"link":[{"URL":"https:\/\/revistas.esap.edu.co\/index.php\/admindesarro\/article\/download\/651\/573","content-type":"application\/pdf","content-version":"vor","intended-application":"text-mining"},{"URL":"https:\/\/revistas.esap.edu.co\/index.php\/admindesarro\/article\/download\/651\/562","content-type":"text\/xml","content-version":"vor","intended-application":"text-mining"},{"URL":"https:\/\/revistas.esap.edu.co\/index.php\/admindesarro\/article\/download\/651\/551","content-type":"unspecified","content-version":"vor","intended-application":"similarity-checking"}],"deposited":{"date-parts":[[2023,11,23]],"date-time":"2023-11-23T08:35:39Z","timestamp":1700728539000},"score":0.0,"resource":{"primary":{"URL":"https:\/\/revistas.esap.edu.co\/index.php\/admindesarro\/article\/view\/651"}},"issued":{"date-parts":[[2021,6,30]]},"references-count":36,"journal-issue":{"issue":"1","published-online":{"date-parts":[[2021,6,30]]}},"URL":"https:\/\/doi.org\/10.22431\/25005227.vol51n1.6","ISSN":["2500-5227","0120-3754"],"issn-type":[{"type":"electronic","value":"2500-5227"},{"type":"print","value":"0120-3754"}],"published":{"date-parts":[[2021,6,30]]}},{"indexed":{"date-parts":[[2026,7,16]],"date-time":"2026-07-16T03:04:04Z","timestamp":1784171044878,"version":"3.55.0"},"reference-count":0,"publisher":"Escuela Superior de Administracion Publica","issue":"1","license":[{"start":{"date-parts":[[2015,6,24]],"date-time":"2015-06-24T00:00:00Z","timestamp":1435104000000},"content-version":"unspecified","delay-in-days":0,"URL":"http:\/\/creativecommons.org\/licenses\/by-nc-nd\/4.0"}],"content-domain":{"domain":[],"crossmark-restriction":false},"short-container-title":["Adm. Desarro."],"abstract":"<jats:p>\u00a0This article outlines an overview of the theoretical and empirical findings of the State of Art and the theoretical framework of the present research which through communitarian tourism conducted a strategic plan of rural community, public and private institutions empowerment in Bogota, Colombia. For this purpose an analysis of the communitarian tourism\u00b4s industry in Latin-America was implemented, considering: concepts, categories and the industry\u2019s evolution.\u00a0On the other hand this paper presents a debate about the Communitarian industry and its administration and public management. It lastly presents a revision of the analytical perspectives regarding meaningful changes in the activity. These all intended to the protection of the biosphere reserves and the natural heritage of the countries, empowering the inhabitants and the institutions related, with the expectation of these all to become economically, political and environmental self-sustainable.\u00a0<\/jats:p>","DOI":"10.22431\/25005227.15","type":"journal-article","created":{"date-parts":[[2017,7,5]],"date-time":"2017-07-05T12:06:06Z","timestamp":1499256366000},"page":"129-141","source":"Crossref","is-referenced-by-count":1,"title":["El turismo comunitario en Colombia: iniciativa de desarrollo local y estrategia de empoderamiento del patrimonio cultural","Colombian communitarian tourism: local development initiative and cultural heritage empowerment strategy"],"prefix":"10.22431","volume":"45","author":[{"given":"Martha Nubia","family":"Cardona Prieto","sequence":"first","affiliation":[],"role":[{"vocabulary":"crossref","role":"author"}]},{"given":"Rosal\u00eda","family":"Burgos Doria","sequence":"additional","affiliation":[],"role":[{"vocabulary":"crossref","role":"author"}]}],"member":"9723","published-online":{"date-parts":[[2015,6,24]]},"container-title":["Administraci\u00f3n &amp; Desarrollo"],"link":[{"URL":"https:\/\/revistas.esap.edu.co\/index.php\/admindesarro\/article\/download\/15\/pdf","content-type":"application\/pdf","content-version":"vor","intended-application":"text-mining"},{"URL":"https:\/\/revistas.esap.edu.co\/index.php\/admindesarro\/article\/download\/15\/pdf","content-type":"unspecified","content-version":"vor","intended-application":"similarity-checking"}],"deposited":{"date-parts":[[2026,7,16]],"date-time":"2026-07-16T02:16:15Z","timestamp":1784168175000},"score":0.0,"resource":{"primary":{"URL":"https:\/\/revistas.esap.edu.co\/index.php\/admindesarro\/article\/view\/15"}},"issued":{"date-parts":[[2015,6,24]]},"references-count":0,"journal-issue":{"issue":"1","published-online":{"date-parts":[[2015,6,24]]}},"URL":"https:\/\/doi.org\/10.22431\/25005227.15","ISSN":["2500-5227","0120-3754"],"issn-type":[{"value":"2500-5227","type":"electronic"},{"value":"0120-3754","type":"print"}],"published":{"date-parts":[[2015,6,24]]}},{"indexed":{"date-parts":[[2026,8,21]],"date-time":"2026-08-21T13:04:01Z","timestamp":1787317441125,"version":"build-2736575974"},"reference-count":0,"publisher":"Escuela Superior de Administracion Publica","issue":"52","license":[{"start":{"date-parts":[[2010,12,1]],"date-time":"2010-12-01T00:00:00Z","timestamp":1291161600000},"content-version":"unspecified","delay-in-days":0,"URL":"http:\/\/creativecommons.org\/licenses\/by-nc-nd\/4.0"}],"content-domain":{"domain":[],"crossmark-restriction":false},"short-container-title":["Adm. Desarro."],"abstract":"<jats:p>This article uses Neorealist theory to present a critique of the situation faced by local authorities regarding their ability to act as actors in the international system, within the role assigned to them by the 1991 constitution. This situation is characterised by a violent clash between the demands of internationalising departmental and regional economies and territories\u00b4 legal opportunities and administrative competence to enter into and sign agreements with other nations\u00bf territorial entities. There is thus a need to take decentralisation much further in Colombia, so that local authorities\u00b4real autonomy can be recognised by reorganising the Colombian State regarding local authorities\u00b4 authority and rights and bestowing rights and authority on them to act internationally, understanding that some nation-state areas are already globalised and therefore require new assemblies for effectively integrating Colombian regions within the international system.<\/jats:p>","DOI":"10.22431\/25005227.161","type":"journal-article","created":{"date-parts":[[2017,7,5]],"date-time":"2017-07-05T12:06:06Z","timestamp":1499256366000},"page":"145-158","source":"Crossref","is-referenced-by-count":2,"title":["La imposible misi\u00f3n de internacionalizar regiones en un Estado centralista: El caso colombiano","The impossible mision of internationalising centralist regions: i.c. Colombia"],"prefix":"10.22431","volume":"38","author":[{"given":"Maria Helena","family":"Botero Ospina","sequence":"first","affiliation":[],"role":[{"vocabulary":"crossref","role":"author"}]}],"member":"9723","published-online":{"date-parts":[[2010,12,1]]},"container-title":["Administraci\u00f3n &amp; Desarrollo"],"link":[{"URL":"https:\/\/revistas.esap.edu.co\/index.php\/admindesarro\/article\/download\/161\/pdf","content-type":"application\/pdf","content-version":"vor","intended-application":"text-mining"},{"URL":"https:\/\/revistas.esap.edu.co\/index.php\/admindesarro\/article\/download\/161\/pdf","content-type":"unspecified","content-version":"vor","intended-application":"similarity-checking"}],"deposited":{"date-parts":[[2025,11,6]],"date-time":"2025-11-06T16:34:15Z","timestamp":1762446855000},"score":0.0,"resource":{"primary":{"URL":"https:\/\/revistas.esap.edu.co\/index.php\/admindesarro\/article\/view\/161"}},"issued":{"date-parts":[[2010,12,1]]},"references-count":0,"journal-issue":{"issue":"52","published-online":{"date-parts":[[2010,12,1]]}},"URL":"https:\/\/doi.org\/10.22431\/25005227.161","ISSN":["2500-5227","0120-3754"],"issn-type":[{"value":"2500-5227","type":"electronic"},{"value":"0120-3754","type":"print"}],"published":{"date-parts":[[2010,12,1]]}},{"indexed":{"date-parts":[[2023,1,21]],"date-time":"2023-01-21T06:50:09Z","timestamp":1674283809013},"reference-count":17,"publisher":"Escuela Superior de Administracion Publica","issue":"2","license":[{"start":{"date-parts":[[2020,12,31]],"date-time":"2020-12-31T00:00:00Z","timestamp":1609372800000},"content-version":"unspecified","delay-in-days":0,"URL":"http:\/\/creativecommons.org\/licenses\/by-nc-nd\/4.0"}],"content-domain":{"domain":[],"crossmark-restriction":false},"short-container-title":["Adm. Desarro."],"abstract":"<jats:p>El covid-19 ha marcado un antes y despu\u00e9s en la implementaci\u00f3n de estrategias organizacionales. Es por ello que el objetivo de este art\u00edculo es identificar de qu\u00e9 manera el covid-19 impuls\u00f3 la construcci\u00f3n de estrategias organizacionales para ser competitivas en los mercados. La metodolog\u00eda utilizada fue una revisi\u00f3n de literatura a partir de algunas bases de datos y el resultado permite comprender los diferentes enfoques donde se han aplicado nuevas estrategias organizacionales. Se concluye que es momento de que las empresas innoven en sistemas, procesos, productos y en todo lo relacionado con la gesti\u00f3n. As\u00ed mismo, la creatividad, la tecnolog\u00eda y la nueva manera de hacer administraci\u00f3n son las tendencias que vinieron para transformar y generar valor.<\/jats:p>","DOI":"10.22431\/25005227.vol50n2.4","type":"journal-article","created":{"date-parts":[[2021,11,7]],"date-time":"2021-11-07T20:52:27Z","timestamp":1636318347000},"page":"59-66","source":"Crossref","is-referenced-by-count":1,"title":["Fortalecimiento de las estrategias organizacionales en tiempos de pandemia"],"prefix":"10.22431","volume":"50","author":[{"given":"Ledy","family":"G\u00f3mez-Bayona","sequence":"first","affiliation":[],"role":[{"role":"author","vocabulary":"crossref"}]},{"given":"Juliana","family":"Rivera Hincapi\u00e9","sequence":"additional","affiliation":[],"role":[{"role":"author","vocabulary":"crossref"}]},{"given":"Danissa","family":"Renter\u00eda Vel\u00e1squez","sequence":"additional","affiliation":[],"role":[{"role":"author","vocabulary":"crossref"}]},{"given":"Manuela","family":"Zapata Taborda","sequence":"additional","affiliation":[],"role":[{"role":"author","vocabulary":"crossref"}]}],"member":"9723","published-online":{"date-parts":[[2020,12,31]]},"reference":[{"key":"2104","unstructured":"Alonso \u00c1lvarez, D. (2018). Nuevas formas de organizaci\u00f3n empresarial m\u00e1s all\u00e1 de la descentralizaci\u00f3n productiva: la \u201catomizaci\u00f3n del trabajo\u201d y su impacto sobre el sistema de relaciones laborales. Descentralizaci\u00f3n productiva, nuevas formas de trabajo y organizaci\u00f3n empresarial: XXVIII Congreso de Derecho del Trabajo y de la Seguridad Social, Santiago de Compostela, 31 de mayo y 1 de junio de 2018 (p. 54). Cinca."},{"key":"2105","unstructured":"Beltr\u00e1n, O (2005). Revisiones sistem\u00e1ticas de la literatura. Revista Colombianade Gastroenterolog\u00eda, 20(1), pp. 60-69."},{"key":"2106","unstructured":"Botero Pinz\u00f3n, L.D. (2017). El liderazgo en la gesti\u00f3n administrativa como impulsor de la estrategia para la competitividad internacional empresaria. Revista Ciencias Estrat\u00e9gicas, 25(38), pp. 271-276. Medell\u00edn. Universidad Pontificia Bolivariana. Recuperado de https:\/\/www.redalyc.org\/pdf\/1513\/151354939001.pdf"},{"key":"2107","unstructured":"Buitrago Moreno, M.B. (2016). Acciones deben promover las directivas de la empresa a trav\u00e9s de la gesti\u00f3n humana para mejorar los desempe\u00f1os de los empleados y trabajadores sin alterar los horarios de trabajo."},{"key":"2108","doi-asserted-by":"crossref","unstructured":"Calder\u00f3n Hern\u00e1ndez, G. (2020). Impactos de la pandemia sobre las organizaciones: una reflexi\u00f3n desde la perspectiva de la gesti\u00f3n del talento humano. L\u00famina, (21),pp. 10-17. Recuperado de https:\/\/revistasum.umanizales.edu.co\/ojs\/index.php\/Lumina\/article\/view\/3987\/6289","DOI":"10.30554\/lumina.21.3987.2020"},{"key":"2109","unstructured":"Chiavenato, I. (2011). Administraci\u00f3n de recursos humanos. El capital humano de las organizaciones. Mc Graw Hill."},{"key":"2110","doi-asserted-by":"crossref","unstructured":"Gil-Lafuente, A. M., & Luis-Bassa, C. (2011). La innovaci\u00f3n centrada en el cliente utilizando el modelo de inferencias en una estrategia CRM. Investigaciones europeas de direcci\u00f3n y econom\u00eda de la empresa, 17(2), pp. 15-32.","DOI":"10.1016\/S1135-2523(12)60050-1"},{"key":"2111","unstructured":"G\u00f3mez Ortiz, R.A. (2008). El liderazgo empresarial para la innovaci\u00f3n tecnol\u00f3gica en las micro, peque\u00f1as y medianas empresas. Pensamiento & gesti\u00f3n, (24), pp. 157-194."},{"key":"2112","doi-asserted-by":"crossref","unstructured":"Hoyos-Estrada, S.& Sastoque-G\u00f3mez, J.D. (2020). Marketing Digital como oportunidad de digitalizaci\u00f3n de las PYMES en Colombia en tiempo del Covid\u201319. Revista cient\u00edfica anfibios, 3(1), pp. 39-46.","DOI":"10.37979\/afb.2020v3n1.60"},{"key":"2113","doi-asserted-by":"crossref","unstructured":"Loaiza, C.T. (2017). Liderazgo Organizacional y Capital Humano. Revista Venezolana de Gerencia, 22(77), pp. 5-7.","DOI":"10.31876\/revista.v22i77.22503"},{"key":"2114","doi-asserted-by":"crossref","unstructured":"Mendoza Zamora, W.M., Garc\u00eda Ponce, T.Y., Delgado Ch\u00e1vez, M.I., & Barreiro Cede\u00f1o, I.M. (2018). El control interno y su influencia en la gesti\u00f3n administrativa del sector p\u00fablico. Dominio de las Ciencias, 4(4), pp. 206-240.","DOI":"10.23857\/dc.v4i4.835"},{"key":"2115","unstructured":"Mendoza Torres, M. R., & Ort\u00edz Riaga, C. (2006). El liderazgo transformacional, dimensiones e impacto en la cultura organizacional y eficacia de las empresas. Revista Facultad de Ciencias Econ\u00f3micas, 14(1), pp. 118-134."},{"key":"2116","unstructured":"Montoya Agudelo, C.A., & Boyero Saavedra, M.R. (2016). El recurso humano como elemento fundamental para la gesti\u00f3n de calidad y la competitividad organizacional. Visi\u00f3n de futuro, 20(2).Recuperado de http:\/\/www.scielo.org.ar\/scielo.php?lng=es&pid=S1668-87082016000200001&script=sci_arttext&tlng=es"},{"key":"2117","doi-asserted-by":"crossref","unstructured":"Pazmi\u00f1o Gavil\u00e1nez, W.E., Merch\u00e1n Jacome, V. A., & Jim\u00e9nez Rendon, E. H. (2020). Planificaci\u00f3n estrat\u00e9gica y su impacto ante la crisis del Covid-19. RECIAMUC, 4(3), pp. 167-182.","DOI":"10.26820\/reciamuc\/4.(3).julio.2020.167-182"},{"key":"2118","unstructured":"Quinaluisa, P.A. (2016). El liderazgo en la gesti\u00f3n administrativa y su influencia en el desarrollo del talento humano de la unidad educativa Ra\u00fal Andrade. Manual de procesos para el desempe\u00f1o \u00f3ptimo. INVPOS, 1(2). Recuperado de http:\/\/repositorio.utc.edu.ec\/handle\/27000\/6993"},{"key":"2119","unstructured":"Ram\u00edrez Casco, A.P., Ram\u00edrez Garrido, R.G., & Calder\u00f3n Moran, E.V. (2017). La gesti\u00f3n administrativa en el desarrollo empresarial. Contribuciones a la Econom\u00eda. Recuperado de https:\/\/www.eumed.net\/ce\/2017\/1\/gestion.html"},{"key":"2120","doi-asserted-by":"crossref","unstructured":"R\u00edos Saldarriaga, J.G.. (2013). Responsabilidad social y gesti\u00f3n del conocimiento como estrategias de gesti\u00f3n humana. Estudios gerenciales, 29(126), pp. 110-117.","DOI":"10.1016\/S0123-5923(13)70026-3"}],"container-title":["Administraci\u00f3n &amp; Desarrollo"],"link":[{"URL":"https:\/\/revistas.esap.edu.co\/index.php\/admindesarro\/article\/download\/522\/482","content-type":"application\/pdf","content-version":"vor","intended-application":"text-mining"},{"URL":"https:\/\/revistas.esap.edu.co\/index.php\/admindesarro\/article\/download\/522\/522","content-type":"text\/xml","content-version":"vor","intended-application":"text-mining"},{"URL":"https:\/\/revistas.esap.edu.co\/index.php\/admindesarro\/article\/download\/522\/482","content-type":"unspecified","content-version":"vor","intended-application":"similarity-checking"}],"deposited":{"date-parts":[[2022,3,31]],"date-time":"2022-03-31T16:22:12Z","timestamp":1648743732000},"score":0.0,"resource":{"primary":{"URL":"https:\/\/revistas.esap.edu.co\/index.php\/admindesarro\/article\/view\/522"}},"issued":{"date-parts":[[2020,12,31]]},"references-count":17,"journal-issue":{"issue":"2","published-online":{"date-parts":[[2020,12,31]]}},"URL":"https:\/\/doi.org\/10.22431\/25005227.vol50n2.4","ISSN":["2500-5227","0120-3754"],"issn-type":[{"value":"2500-5227","type":"electronic"},{"value":"0120-3754","type":"print"}],"published":{"date-parts":[[2020,12,31]]}},{"indexed":{"date-parts":[[2022,3,30]],"date-time":"2022-03-30T11:37:01Z","timestamp":1648640221018},"reference-count":84,"publisher":"Escuela Superior de Administracion Publica","issue":"1","license":[{"start":{"date-parts":[[2019,6,30]],"date-time":"2019-06-30T00:00:00Z","timestamp":1561852800000},"content-version":"unspecified","delay-in-days":0,"URL":"http:\/\/creativecommons.org\/licenses\/by-nc-nd\/4.0"}],"content-domain":{"domain":[],"crossmark-restriction":false},"short-container-title":["Adm. Desarro."],"abstract":"<jats:p>El presente art\u00edculo describe los resultados de la investigaci\u00f3n titulada El turismo comunitario: Perspectiva de desarrollo end\u00f3geno en tiempos de postconflicto: estudio de caso zona rural Ibagu\u00e9 (Tolima) la cual vislumbr\u00f3 responder a la siguiente pregunta: \u00bfCu\u00e1les son las circunstancias socio-pol\u00edticas y econ\u00f3micas necesarias para la ejecuci\u00f3n de propuestas de turismo comunitario en la zona rural Ibagu\u00e9 (Tolima)? (desde el an\u00e1lisis te\u00f3rico y la perspectiva del desarrollo local end\u00f3geno).&#x0D;\nEl turismo comunitario fue centro de este marco como una opci\u00f3n de ingresos adicionales para las poblaciones rurales del municipio de Ibagu\u00e9 para as\u00ed equiparar su manutenci\u00f3n en los espacios de tiempo en que las cosechas agr\u00edcolas, pecuarias y\/o dem\u00e1s actividades de sostenimiento econ\u00f3mico son improductivas para el sustento diario de las familias. De este modo se podr\u00eda disminuir hasta terminar el desplazamiento de los miembros mayores o responsables de la manutenci\u00f3n a la zona urbana para ocuparse de actividades de venta informal ambulante de alimentos y otros art\u00edculos de consumo, obreros de construcci\u00f3n o el oficio dom\u00e9stico, entre otros, para conseguir la renta diaria. Por otra parte, era necesario dar a comprender a las comunidades que para ejercer esta actividad no era necesario que tuviesen que sustituir su actividad principal del campo para dedicarse al turismo alternativo: solo deb\u00edan formalizar esta actividad complementaria con el buen manejo de los recursos naturales, el patrimonio cultural material e inmateriales del territorio.&#x0D;\nEs as\u00ed como en este espacio la concepci\u00f3n te\u00f3rico-pr\u00e1ctica que se le transfiere al turismo comunitario de actividad econ\u00f3mica organizada en la investigaci\u00f3n es considerada en un primer momento como un medio para satisfacer necesidades b\u00e1sicas y no como un fin en s\u00ed mismo de manutenci\u00f3n. El turismo comunitario deber\u00e1 amparar el mejoramiento de la calidad de vida de los habitantes de las zonas rurales ya sean campesinos, ind\u00edgenas y comunidades que encontraron su nicho por desplazamiento forzado.&#x0D;\nLuego de la revisi\u00f3n documental y la pr\u00e1ctica de trabajo de campo a partir de la cartograf\u00eda social, se hace un an\u00e1lisis al legado natural, patrimonial y cultural que conservan en los territorios rurales en conjunto con los adelantos tecnol\u00f3gicos obtenidos por el emprendimiento de los pobladores causado a los productos agr\u00edcolas como el caf\u00e9, el cacao y la gastronom\u00eda propia de la regi\u00f3n. Al respecto cabe se\u00f1alar que este tipo de investigaci\u00f3n es utilizada como referencia ex-ante de la formulaci\u00f3n y dise\u00f1o de una pol\u00edtica p\u00fablica participativa, programa de desarrollo local y la pre-planeaci\u00f3n de programas sociales con enfoque integral.<\/jats:p>","DOI":"10.22431\/25005227.vol49n1.1","type":"journal-article","created":{"date-parts":[[2021,11,7]],"date-time":"2021-11-07T20:52:27Z","timestamp":1636318347000},"page":"6-71","source":"Crossref","is-referenced-by-count":0,"title":["Del turismo tradicional al turismo comunitario: perspectiva de desarrollo end\u00f3geno en tiempos de postconflicto: caso zona rural Ibagu\u00e9 (Tolima - Colombia)"],"prefix":"10.22431","volume":"49","author":[{"given":"Martha Nubia","family":"Cardona Prieto","sequence":"first","affiliation":[],"role":[{"role":"author","vocabulary":"crossref"}]}],"member":"9723","published-online":{"date-parts":[[2019,6,30]]},"reference":[{"key":"559","unstructured":"Acerenza, M. A. (2010). Administraci\u00f3n del Turismo, Conceptualizaci\u00f3n y organizaci\u00f3n. M\u00e9xico: Trillas."},{"key":"560","unstructured":"Arendt, H. (2002). La condici\u00f3n humana. (R. G. Novales, Trad.) Barcelona: Paid\u00f3s."},{"key":"561","doi-asserted-by":"crossref","unstructured":"Becerra Lois, F., & Pino Alonso, J. (2005). Evoluci\u00f3n del concepto de desarrollo e implicaciones en el \u00e1mbito territorial: experiencia desde Cuba. Obtenido de https:\/\/est.cmq.edu.mx\/index.php\/est\/article\/download\/318\/778","DOI":"10.22136\/est002005318"},{"key":"562","unstructured":"Blanco Cruz, K. (2018). Guia de acompa\u00f1amiento psicosocial para adolescente de nacionalidad venezolana en los estudiantes del colegio Avelina Moreno (COAM) (Trabajo de grado). Universidad Aut\u00f3noma de Bucaramanga. Obtenido de https:\/\/repository.unab.edu.co\/bitstream\/handle\/20.500.12749\/303\/2018_Tesis_Karol_Liliana_Blanco_Cruz.pdf?isAllowed=y&sequence=1"},{"key":"563","unstructured":"Boisier, S. (1996). En busca del esquivo desarrollo regional. Entre la caja negra y el Proyecto pol\u00edtico.,. Estudios Sociales, Corporaci\u00f3n de promoci\u00f3n universitaria, 87 - 125."},{"key":"564","unstructured":"Boisier, S. (2001). Crecimiento y Desarrollo Territorial End\u00f3geno. Observaciones al caso chileno. Santiago de Chile: Universidad de la Frontera."},{"key":"565","unstructured":"Boisier, S. (2004). Desarrollo End\u00f3geno: \u00bfPara qu\u00e9?, \u00bfpara qui\u00e9n? (El humanismo en una interpretaci\u00f3n contempor\u00e1nea del desarrollo). Santiago de Chile: ILPES."},{"key":"566","doi-asserted-by":"crossref","unstructured":"Boisier, S. (2005). \u00bfHay espacio para el desarrollo local en la globalizaci\u00f3n? CEPAL(86), 47-62.","DOI":"10.18356\/8a88036d-es"},{"key":"567","unstructured":"Boisier, S., & Silva, V. (1990). Propiedad del capital y desarrollo regional end\u00f3geno en el marco de las transformaciones del capitalismo actual. En F. Albuquerque, C. De mattos, & R. (. Jordan, Revoluci\u00f3n Tecnol\u00f3gica y restrucutraci\u00f3n productiva: impactos y desaf\u00edos territoriales. Buenos Aires: GEL."},{"key":"568","unstructured":"Bustos, R. (2004). Patrimonializaci\u00f3n de valores territoriales: turismo, sistemas productivos y desarrollo local. Aportes y Transferencias, 8(2), 11-24. Obtenido de http:\/\/www.redalyc.org\/pdf\/276\/27680202.pdf"},{"key":"569","unstructured":"Cardona, P. M. (2012). Multiculturalidad en el mundo que se vive. Memorias CLAD."},{"key":"570","unstructured":"CEPAL. (2002). Globalizaci\u00f3n y Desarrollo. Obtenido de www.cepal.org."},{"key":"571","unstructured":"CEPAL. (s.f.). Panorama del desarrollo territorial en Am\u00e9rica Latina y el Caribe. Recuperado el 10 de Marzo de 2018, de https:\/\/www.cepal.org\/es\/temas\/desarrollo-territorial"},{"key":"572","unstructured":"CONPES. (2005). Compes 3397. Bogot\u00e1: Consejo Nacional de Politica Economica y Social."},{"key":"573","unstructured":"Contracting Society. (s.f.). Desarrollo Regional en America Latina. Recuperado el 18 de Febrero de 2018, de http:\/\/www.contractingsociety.com\/regional.htm"},{"key":"574","unstructured":"DANE. (2017). Pobreza monetaria y multidimensional en Colombia 2016. Mision SESIE empleo, pobreza y desigualdad (MESEP), Bogot\u00e1."},{"key":"575","unstructured":"Departamento Administrativo de la Funci\u00f3n P\u00fablica. (2006). Estructura del Estado Colombiano. Bogot\u00e1: Oficna de publicaciones SENA."},{"key":"576","unstructured":"DNP. (2006). Plan Nacional de Desarrollo 2006- 2010. Bogot\u00e1: Departamento Nacional de Desarrollo."},{"key":"577","unstructured":"DNP. (2010). Plan Nacional de Desarrollo 2010- 2014. Bogot\u00e1: Departamento Nacional de Desarrollo."},{"key":"578","unstructured":"DNP. (2014). Plan Nacional de Desarrollo 2014- 2018. Bogot\u00e1: Departamento Nacional de Planeaci\u00f3n."},{"key":"579","unstructured":"Eisler, R. (1997). El caliz y la espada. (R. Valenzuela, Trad.) Mexico: Pax."},{"key":"580","unstructured":"Escribano, G. (2010). Teor\u00edas del Desarrollo Econ\u00f3mico. Madrid: Universidad Nacional a Distancia - UNED."},{"key":"581","unstructured":"Fals Borda, O. (1961). Campesinos de los Andes. Estudio sociol\u00f3gico de Saucio. Bogot\u00e1: Universidad Nacional, Facultad de Sociolog\u00eda."},{"key":"582","unstructured":"Felber, C. (2012). La econom\u00eda del bien comun (10o ed.). (S. Y. Fernandez, Trad.) Barcelona: Deusto S.A."},{"key":"583","unstructured":"Felber, C. (2015). La econom\u00eda del bien com\u00fan. (2. Silvia Yusta, Trad.) Barcelona: Grupo Planeta."},{"key":"584","unstructured":"Ferro, R. M. (2012). Impactos sociales, economicos y ambientales del turismo. Recuperado el 28 de Agosto de 2018"},{"key":"585","unstructured":"Flores, J. (2009). Metodolog\u00eda de la investigaci\u00f3n para la ingenier\u00eda de sistemas. Obtenido de https:\/\/upea-josel-metdelainv.blogspot.com\/2009\/"},{"key":"586","unstructured":"Freeman, C. (1996). Cambio Tecnol\u00f3gico y empleo: una estrategia de empleo para el siglo XXI. Madrid: Fundacion Universidad - Empresa."},{"key":"587","unstructured":"Garc\u00eda S\u00e1nchez, I. (2007). La nueva gesti\u00f3n p\u00fablica: evoluci\u00f3n y tendencias. Presupuesto y Gasto P\u00fablico(47), 37-64."},{"key":"588","unstructured":"Garofoli, G. (1995). Desarrollo econ\u00f3mico, organizaci\u00f3n de la produccion y Territorios, en A. V\u00e1zquez-Barquero y G. Garofoli (eds) Desarrollo economico local en Europa. Madrid: Colegio de economistas de Madrid."},{"key":"589","unstructured":"Geraldo Rodriguez, T. (2005). La pol\u00edtica y el bien com\u00fan. (I. M. Azpilcuetu, Ed.) Madrid: GESEDI."},{"key":"590","unstructured":"Gualtero. (2016). Trabajo final competencias comunicativas. Obtenido de http:\/\/jfgualterob.blogspot.com\/"},{"key":"591","unstructured":"Guerrero, O. (1997). Principios de Admiinistraci\u00f3n P\u00fablica. Bogot\u00e1: Unidad de Publicaciones ESAP."},{"key":"592","unstructured":"Habermas, J. (2015). Mundo de la vida pol\u00edtica y religi\u00f3n. Barcelona: Trotta."},{"key":"593","unstructured":"Harris, M. (1990). Las culturas: patr\u00f3n universal. En Antropolog\u00eda cultural. Alianza Editorial. Obtenido de https:\/\/diversidadlocal.files.wordpress.com\/2012\/09\/harris-marvin-antropologia-cultural.pdf"},{"key":"594","unstructured":"Hidalgo, H. V. (2015). Cultura, Multiculturalidad, Interculturalidad y Transculturalidad: Evolucion de un Termino. IN MEMORIAM, 12."},{"key":"595","unstructured":"IGUAIMA. (1996). El futuro posible. Ibague: Grijalbo."},{"key":"596","unstructured":"Lechner, N. (1990). Estado y Sociedad en una perspectiva democr\u00e1tica. El nuevo papel del Estado. Mexico: Taurus."},{"key":"597","unstructured":"L\u00f3pez, L., Murillo, J., & Ochoa, F. (s.f.). Aplicaci\u00f3n del enfoque de Cadena de Valor en turismo sostenible para el municipio de Puerto Nari\u00f1o, Amazonas, como aporte para la certificaci\u00f3n de destinos tur\u00edsticos sostenibles. 63-114. Obtenido de http:\/\/docplayer.es\/7273324-Luisa-fernanda-lopez-jaime-murillo-y-fredy-a-ochoa.html"},{"key":"598","unstructured":"Maldonado, C. (2005). Pautas metodol\u00f3gicas para el an\u00e1lisis de experiencias de turismo comunitario. Oficina Internacional del Trabajo. REDTURS. Obtenido de http:\/\/oit.org\/wcmsp5\/groups\/public\/---ed_emp\/---emp_ent\/---ifp_seed\/documents\/publication\/wcms_117525.pdf"},{"key":"599","unstructured":"Malinowski, B. (1972). Una teor\u00eda cient\u00edfica de la cultura. Barcelona: Edhasa."},{"key":"600","unstructured":"Mantilla, S. (2015). Compilado de Turismo convencional y no convencional (Primera ed.). Per\u00fa: Universidad Cat\u00f3lica Los \u00c1ngeles de Chimbote. Obtenido de https:\/\/erp.uladech.edu.pe\/archivos\/01\/01018\/textobase\/11.pdf"},{"key":"601","unstructured":"M\u00e1rquez Arbel\u00e1ez, H. (2016). San Bonifacio de Ibague. En H. M\u00e1rquez Arbel\u00e1ez, San Bonifacio de Ibague (p\u00e1gs. 1-150). Ibague: Ediciones Unibague."},{"key":"602","unstructured":"Max-Neef, M. A. (1994). Desarrollo a escala humana. Conceptos, aplicaciones y algunas reflexiones. Barcelona: lcaria Editorial, S.A. Comte d\u2019Urgell."},{"key":"603","unstructured":"M\u00e9ndez, E. (2000b). El desarrollo de la ciencia. Un enfoque epistemol\u00f3gico. Espacio Abierto, 9(4), 505-534. Obtenido de https:\/\/www.redalyc.org\/pdf\/122\/12290403.pdf"},{"key":"604","unstructured":"M\u00e9ndez, L. A. (2000a). Desarrollo sustentable y estado global. Implicaciones para la administraci\u00f3n p\u00fablica: M\u00e9xico como caso (Tesis doctoral in\u00e9dita). M\u00e9xico: Universidad Aut\u00f3noma de M\u00e9xico."},{"key":"605","unstructured":"MinCIT. (2008). Plan Sectorial de Turismo 2008- 2010. Bogot\u00e1: Ministerio de Comercio Industria y Turismo."},{"key":"606","unstructured":"MinCit. (2009). Competitividad: El desafio para alcanzar un turismo de clase mundial. Bogot\u00e1: Ministerio de Comercio Industia y Turismo."},{"key":"607","unstructured":"MinCIT. (2011). Plan Sectorial de Turismo 2011- 2014. Bogot\u00e1: Ministerio de Comercio Industria y Turismo."},{"key":"608","unstructured":"MinCIT. (2012). Lineamientos de pol\u00edticas para el desarrollo del turismo comunitario en Colombia. Bogota: MinCIT."},{"key":"609","unstructured":"MinCIT. (2012). Pol\u00edtica de Turismo de Naturaleza. Bogot\u00e1: Ministerio de Comercio Industria y turismo."},{"key":"610","unstructured":"MinCIT. (2014). Plan Sectorial de Turismo. Bogot\u00e1: Ministerio de Comercio Industria y Turismo."},{"key":"611","unstructured":"MinCultura. (2014). Lineamientos para la elaboraci\u00f3n de inventarios de patrimonio cultural inmaterial. Bogot\u00e1: Direcci\u00f3n de Patrimoniomincultura."},{"key":"612","unstructured":"MinGobierno. (1957). Decreto 0272. Bogot\u00e1: Diario Oficial No 29551."},{"key":"613","unstructured":"Ministerio de Agricultura y Desarrollo Rural. (2018). Resoluci\u00f3n 261."},{"key":"614","unstructured":"Molano L., O. L. (Mayo de 2007). Identidad cultural un concepto que evoluciona. Opera(7), 69-84."},{"key":"615","unstructured":"Murcia, D. (2012). La naturaleza con derechos. Un recorrido por el derecho internacional de los derechos humanos, del medio ambiente y del desarrollo. Instituto de Estudios Ecologistas del Tercer Mundo. Obtenido de http:\/\/biblioteca.clacso.edu.ar\/gsdl\/cgi-bin\/library.cgi?e=d-11000-00---off-0ec%2FecZz-006--00-1----0-10-0---0---0direct-10---4-------0-0l--11-es-Zz-1---20-about---00-3-1-00-0--4----0-0-01-00-0utfZz-8-00&a=d&cl=CL3.2&d=D12922.1"},{"key":"616","unstructured":"OIT. (2003). Declaraci\u00f3n de San Jos\u00e9 sobre turismo rural comunitario. (p\u00e1g. 3). Costa Rica: OIT."},{"key":"617","unstructured":"OIT. (Febrero de 2016). Objetivos del Desarrollo Sustentable. Recuperado el 25 de Agosto de 2018, de Trabajo decente y la Agenda 2030 de Desarrollo Sostenible: https:\/\/www.ilo.org\/global\/topics\/sdg-2030\/lang--es\/index.htm"},{"key":"618","unstructured":"OMT. (2006). Agenda para planificadores locales: turismo sostenible y gesti\u00f3n municipal. Madrid: OMT."},{"key":"619","unstructured":"ONU. (1945). Carta de la Naciones Unidad y Estatuto de la Corte Internacional de Justicia. En ONU (Ed.). San francisco. Obtenido de http:\/\/www.un.org\/es\/sections\/un-charter\/preamble\/index.html"},{"key":"620","unstructured":"ONU. (1954). Convenci\u00f3n de la Haya."},{"key":"621","unstructured":"ONU. (2010). Recomendaciones internacionales para estad\u00edsticas de turismo 2008. Obtenido de https:\/\/unstats.un.org\/unsd\/publication\/seriesm\/seriesm_83rev1s.pdf"},{"key":"622","unstructured":"Pardo, C. O. (2007). Manual de Historia del Tolima (Vol. I ). Ibagu\u00e9: Pijao Editores."},{"key":"623","unstructured":"PNUD. ( 1995). El Estado del desarrollo Humano Contenido en: Replanteo del concepto y su medici\u00f3n. M\u00e9xico: PNUD."},{"key":"624","unstructured":"Rawls, J. (1974). Teor\u00eda de la justicia. (M. D. Gonzalez, Trad.) M\u00e9xico: Fondo de Cultura Economica."},{"key":"625","unstructured":"Reboratti, C. (2000). Ambiente y sociedad. Conceptos y relaciones. Buenos Aires: Arie."},{"key":"626","doi-asserted-by":"crossref","unstructured":"Reyes Vargas, M., Machado Chaviano, E., & Ortega Oca\u00f1a, \u00c1. (2015). Evaluaci\u00f3n de territorios para desarrollar el turismo comunitario en la regi\u00f3n amaz\u00f3nica del Ecuador. Turismo y Sociedad, XVII, 39-62. doi:https:\/\/doi.org\/10.18601\/01207555.n17.03","DOI":"10.18601\/01207555.n17.03"},{"key":"627","unstructured":"Rueda, S. (1996). Habitabilidad y calidad de vida. (D. d. territorio, Ed.) Madrid: Escuela T\u00e9cnica Superior de Arquitectura. Obtenido de http:\/\/habitat.aq.upm.es"},{"key":"628","unstructured":"Sen, A. (1998). Capital humano y capacidades humanas. Cuadernos de Econom\u00eda, XVIII( 29), 68-72."},{"key":"629","unstructured":"Sen, A. (2015). Desarrollo y Libertad (D\u00e9cima tercera reimpresi\u00f3n ed.). (E. R. Toharia, Trad.) Bogot\u00e1, 440: Planeta S.A."},{"key":"630","unstructured":"Solari, A., Franco, R., & Jutkowitz, J. (1976). Teor\u00eda, acci\u00f3n social y desarrollo en Am\u00e9rica Latina. M\u00e9xico: Siglo XXI."},{"key":"631","unstructured":"Thaler, R. H. (2017). La Psicolog\u00eda Econ\u00f3mica . Barcelona: DEUSTO."},{"key":"632","unstructured":"Thaler, R. H., & Sunstein, C. R. (2017). Un peque\u00f1o empujon (Nudge). (B. Urrutia, Trad.) Bogot\u00e1 (Colombia): Taurus."},{"key":"633","unstructured":"Tirole, J. (2017). La econom\u00eda del bien com\u00fan (Primera edici\u00f3n en castellano ed.). (M. C. Vergara, Trad.) Bogot\u00e1: Taurus."},{"key":"634","unstructured":"UNESCO. (1998). Conferencia intergubernamental sobre pol\u00edticas culturales para el desarrollo."},{"key":"635","unstructured":"UNESCO. (2005). Convenci\u00f3n sobre la protecci\u00f3n y promoci\u00f3n de la diversidad de las expresiones culturales."},{"key":"636","unstructured":"Vallejo, M. P. (2012). Estad\u00edstica aplicada a las Ciencias Sociales. Tama\u00f1o necesario de la muestra: \u00bfCu\u00e1ntos sujetos necesitamos?. Madrid,: Universidad Pontificia Comillas, Facultad de Humanidades."},{"key":"637","unstructured":"V\u00e1squez Barquero, A. (1999). Desarrollo redes e innovaci\u00f3n. Lecciones sobre desarrollo end\u00f3geno. Madrid: Pir\u00e1mide."},{"key":"638","unstructured":"V\u00e1zquez Barquero, A. (1988). Desarrollo local, una estrategia de creaci\u00f3n de empleo. Madrid: Pir\u00e1mide."},{"key":"639","doi-asserted-by":"crossref","unstructured":"Vega-Jurado, J., Gutierrez - Crocia, A., & Fernandez de Lucia, I. (2009). Estrategias de adquisici\u00f3n de conocimientos en los porcesos e innovaci\u00f3n empresarial. Arbor Ciencia: Pensamiento y Cultura, 185(738), 156-196.","DOI":"10.3989\/arbor.2009.738n1052"},{"key":"640","unstructured":"Velarde, C. (1997). Liberalismo y liberalismos (Vol. Cuaderno de Anuarios Filos\u00f3ficos). Pamplona: Servicio de publicaciones de la Universidad de Navarra."},{"key":"641","unstructured":"Wadley, D. (1988). Estrategias de Desarrollo Regional. Papeles de Econ\u00f3mia espa\u00f1ola, 35, 96-114."},{"key":"642","unstructured":"Zapata, C. M. (2015). Expertos y libertad en el paternalismo libertario. Digital Universitaria, 16(4), 2 - 9."}],"container-title":["Administraci\u00f3n y Desarrollo"],"link":[{"URL":"https:\/\/revistas.esap.edu.co\/index.php\/admindesarro\/article\/download\/529\/487","content-type":"application\/pdf","content-version":"vor","intended-application":"text-mining"},{"URL":"https:\/\/revistas.esap.edu.co\/index.php\/admindesarro\/article\/download\/529\/487","content-type":"unspecified","content-version":"vor","intended-application":"similarity-checking"}],"deposited":{"date-parts":[[2021,11,7]],"date-time":"2021-11-07T20:57:23Z","timestamp":1636318643000},"score":0.0,"resource":{"primary":{"URL":"https:\/\/revistas.esap.edu.co\/index.php\/admindesarro\/article\/view\/529"}},"issued":{"date-parts":[[2019,6,30]]},"references-count":84,"journal-issue":{"issue":"1","published-online":{"date-parts":[[2019,6,30]]}},"URL":"https:\/\/doi.org\/10.22431\/25005227.vol49n1.1","ISSN":["2500-5227","0120-3754"],"issn-type":[{"value":"2500-5227","type":"electronic"},{"value":"0120-3754","type":"print"}],"published":{"date-parts":[[2019,6,30]]}},{"indexed":{"date-parts":[[2022,4,3]],"date-time":"2022-04-03T19:44:35Z","timestamp":1649015075238},"reference-count":22,"publisher":"Escuela Superior de Administracion Publica","issue":"2","license":[{"start":{"date-parts":[[2019,12,31]],"date-time":"2019-12-31T00:00:00Z","timestamp":1577750400000},"content-version":"unspecified","delay-in-days":0,"URL":"http:\/\/creativecommons.org\/licenses\/by-nc-nd\/4.0"}],"content-domain":{"domain":[],"crossmark-restriction":false},"short-container-title":["Adm. Desarro."],"abstract":"<jats:p>El presente art\u00edculo analiza el uso de las adiciones y pr\u00f3rrogas contractuales en la Gobernaci\u00f3n del Tolima para sus procesos de licitaci\u00f3n p\u00fablica en las vigencias 2017 y 2018 a la luz de los conceptos de planeaci\u00f3n y anualidad presupuestal. Para esto se toma como fuente la informaci\u00f3n cargada en el SECOP en relaci\u00f3n con las licitaciones convocadas por el Departamento del Tolima en los mencionados periodos; all\u00ed se analiza el resultado de los procesos licitatorios, el comparativo de tipolog\u00eda de contratos celebrados entre ambas vigencias, el comparativo de contratos prorrogados entre 2017-2018, las pr\u00f3rrogas seg\u00fan el porcentaje del plazo inicial, entre otras variables. A su vez, se tuvo como insumo los informes de auditor\u00eda elaborados por la Contralor\u00eda Departamental del Tolima.La investigaci\u00f3n realizada permite demostrar que, en la contrataci\u00f3n realizada por el Departamento del Tolima para las citadas vigencias, se recurri\u00f3 de manera constante al uso de las facultades de adicionar y prorrogar los contratos olvidando que las mismas deben ser utilizadas en forma excepcional. A su vez, se logra evidenciar que la Gobernaci\u00f3n no incorpor\u00f3 toda la documentaci\u00f3n emitida dentro de los procesos contractuales en el SECOP, espec\u00edficamente en lo relacionado a los motivos o razones que justifican las adiciones o pr\u00f3rrogas vulnerando as\u00ed el principio de publicidad.<\/jats:p>","DOI":"10.22431\/25005227.vol49n2.3","type":"journal-article","created":{"date-parts":[[2021,11,7]],"date-time":"2021-11-07T20:52:27Z","timestamp":1636318347000},"page":"54-70","source":"Crossref","is-referenced-by-count":0,"title":["Las adiciones y pr\u00f3rrogas como mecanismo excepcional frente a los principios de planeaci\u00f3n y anualidad presupuestal"],"prefix":"10.22431","volume":"49","author":[{"given":"Juan Diego","family":"Angarita Ospina","sequence":"first","affiliation":[],"role":[{"role":"author","vocabulary":"crossref"}]},{"given":"Deyssi Rocio","family":"Moica Mancilla","sequence":"additional","affiliation":[],"role":[{"role":"author","vocabulary":"crossref"}]},{"given":"Sandra Liliana","family":"Sereno Caicedo","sequence":"additional","affiliation":[],"role":[{"role":"author","vocabulary":"crossref"}]},{"given":"Eneida","family":"Ramon Mahecha","sequence":"additional","affiliation":[],"role":[{"role":"author","vocabulary":"crossref"}]}],"member":"9723","published-online":{"date-parts":[[2019,12,31]]},"reference":[{"key":"709","unstructured":"\u00c1mbito Jur\u00eddico. (01 de febrero de 2018). Diferencia entre adici\u00f3n de contrato p\u00fablico y contrato adicional para determinar responsabilidad penal. Obtenido de https:\/\/www.ambitojuridico.com\/noticias\/penal\/penal\/diferencia-entre-adicion-de-contrato-publico-y-contrato-adicional-para"},{"key":"710","unstructured":"Aponte D\u00edaz, I. (2014). Las fallas de planeaci\u00f3n y su incidencia en el contrato estatal de obra. Revista Digital de Derecho Administrativo( 11), 177-207. Obtenido de https:\/\/revistas.uexternado.edu.co\/index.php\/Deradm\/article\/view\/3831\/4087"},{"key":"711","unstructured":"Asamblea Nacional Constituyente. (1991). Constituci\u00f3n Pol\u00edtica de Colombia."},{"key":"712","unstructured":"Colombia Compra Eficiente. (s.f.). Posibilidad de modificar condiciones de un contrato. Obtenido de https:\/\/sintesis.colombiacompra.gov.co\/jurisprudencia\/sintesis\/12249"},{"key":"713","unstructured":"Colombia Compra Eficiente. (s.f.). SECOP I. Obtenido de Listado de procesos contractuales por departamentos: https:\/\/www.contratos.gov.co\/consultas\/resultadoListadoProcesos.jsp#"},{"key":"714","unstructured":"Colombia Compra Eficiente. (s.f.). SECOP II. Obtenido de https:\/\/www.colombiacompra.gov.co\/secop-ii"},{"key":"715","unstructured":"Colombia Compra Eficiente. (s.f.). S\u00edntesis: Etapa contractual. Obtenido de https:\/\/sintesis.colombiacompra.gov.co\/jurisprudencia\/sintesis\/12249"},{"key":"716","unstructured":"Congreso de la Rep\u00fablica. (1993). Ley 80."},{"key":"717","unstructured":"Congreso de la Rep\u00fablica. (2007). Ley 1150."},{"key":"718","unstructured":"Congreso de la Rep\u00fablica. (2011). ley 1437, C\u00f3digo de Procedimiento Administrativo y de lo Contencioso Administrativo."},{"key":"719","unstructured":"Congreso de la Rep\u00fablica. (2011). Ley 1474, Estatuto Anticorrupci\u00f3n."},{"key":"720","unstructured":"Consejo de Estado, Sala de lo Contencioso Administrativo. (2013). sentencia del 13 de junio de 2013 expediente 24.809."},{"key":"721","unstructured":"Consejo de Estado, Sala de lo Contencioso Administrativo Secci\u00f3n Tercera. (2008). Sentencia del 5 de junio, radicado 15001233100019880843101-8031."},{"key":"722","unstructured":"Contralor\u00eda Departamental del Tolima. (2017). Informe final de auditor\u00eda a la contrataci\u00f3n celebrada por el Departamento del Tolima."},{"key":"723","unstructured":"Corte Constitucional. (2012). Sentencia C-300."},{"key":"724","unstructured":"Departamento Nacional de Planeaci\u00f3n. (2016). Estrategia de Nuevos Mandatarios-Fase II Kitfinanciero \u2013 Eventos Capacitaci\u00f3n Departamental. Obtenido de https:\/\/colaboracion.dnp.gov.co\/CDT\/Desarrollo%20Territorial\/Portal%20Territorial\/POAI.pdf"},{"key":"725","unstructured":"Naranjo Flores, C., & Cely Cubides, D. (2008). Excepciones al principio de anualidad en la contrataci\u00f3n estatal. Revista de Derecho Fiscal(4), 247-259. Obtenido de https:\/\/revistas.uexternado.edu.co\/index.php\/fiscal\/article\/view\/2729"},{"key":"726","unstructured":"Presidencia de la Rep\u00fablica. (1996). Decreto 111, Estatuto Org\u00e1nico del Presupuesto."},{"key":"727","unstructured":"Presidencia de la Rep\u00fablica. (2013). Decreto 1510."},{"key":"728","unstructured":"Presidencia de la Rep\u00fablica. (2015). Decreto 1082."},{"key":"729","unstructured":"Ram\u00edrez Plazas, J. (2014). Anualidad como principio presupuestal en Colombia. XIX Congreso Internacional del CLAD sobre la Reforma del Estado y de la Administraci\u00f3n P\u00fablica. Obtenido de https:\/\/cladista.clad.org\/bitstream\/handle\/123456789\/8164\/0078141.pdf?sequence=1"},{"key":"730","unstructured":"Santofimio Gamboa, J. (2009). Aspectos Relevantes de la reciente reforma a la Ley 80 de 1993 y su impacto en los principios rectores de la contrataci\u00f3n estatal. Bogot\u00e1 D.C.: Universidad Externado de Colombia."}],"container-title":["Administraci\u00f3n y Desarrollo"],"link":[{"URL":"https:\/\/revistas.esap.edu.co\/index.php\/admindesarro\/article\/download\/545\/504","content-type":"application\/pdf","content-version":"vor","intended-application":"text-mining"},{"URL":"https:\/\/revistas.esap.edu.co\/index.php\/admindesarro\/article\/download\/545\/504","content-type":"unspecified","content-version":"vor","intended-application":"similarity-checking"}],"deposited":{"date-parts":[[2021,11,7]],"date-time":"2021-11-07T20:55:35Z","timestamp":1636318535000},"score":0.0,"resource":{"primary":{"URL":"https:\/\/revistas.esap.edu.co\/index.php\/admindesarro\/article\/view\/545"}},"issued":{"date-parts":[[2019,12,31]]},"references-count":22,"journal-issue":{"issue":"2","published-online":{"date-parts":[[2019,12,31]]}},"URL":"https:\/\/doi.org\/10.22431\/25005227.vol49n2.3","ISSN":["2500-5227","0120-3754"],"issn-type":[{"value":"2500-5227","type":"electronic"},{"value":"0120-3754","type":"print"}],"published":{"date-parts":[[2019,12,31]]}},{"indexed":{"date-parts":[[2022,3,29]],"date-time":"2022-03-29T00:04:54Z","timestamp":1648512294037},"reference-count":0,"publisher":"Escuela Superior de Administracion Publica","issue":"64","license":[{"start":{"date-parts":[[2011,12,15]],"date-time":"2011-12-15T00:00:00Z","timestamp":1323907200000},"content-version":"unspecified","delay-in-days":0,"URL":"http:\/\/creativecommons.org\/licenses\/by-nc-nd\/4.0"}],"content-domain":{"domain":[],"crossmark-restriction":false},"short-container-title":["Nova vetera"],"abstract":"<jats:p>O debate sobre a problem\u00e1tica ambiental iniciouse de maneira mais significativa por volta de 1960. A comunidade cient\u00edfica, neste per\u00edodo, assumiu um papel importante para o afloramento deste tema. Esta quest\u00e3o se firma no cen\u00e1rio da pol\u00edtica internacional quando s\u00e3o realizadas confer\u00eancias internacionais sobre o meio ambiente (Estocolmo 1972, Rio 1992 e Johanesburgo 2002) com o objetivo de se pensar alternativas sustent\u00e1veis para os padr\u00f5es de consumo e de produ\u00e7\u00e3o da sociedade moderna. De acordo com Martins (2008), um dos fatores que contribuem para a consolida\u00e7\u00e3o da tem\u00e1tica ambiental \u00e9 sua associa\u00e7\u00e3o com a racionalidade econ\u00f4mica e com o conhecimento t\u00e9cnico-cient\u00edfico. Este processo promoveu uma conveniente similaridade desta quest\u00e3o com as vari\u00e1veis econ\u00f4micas que j\u00e1 compunham as mesas de decis\u00f5es pol\u00edticas. \u00c0 medida que a quest\u00e3o ambiental passa a ser incorporada pelas inst\u00e2ncias de governo, ela adquire uma nova forma de desenvolvimento e organicidade. Contudo, a maneira como este tema foi sendo incorporado no campo das decis\u00f5es pol\u00edticas \u00e9 pass\u00edvel de interpreta\u00e7\u00f5es cr\u00edticas, principalmente com rela\u00e7\u00e3o aos limites dos princ\u00edpios econ\u00f4micos neocl\u00e1ssicos como forma de norteamento para as pol\u00edticas s\u00f3cioambientais (Martins, 2004; Leff, 2006).<\/jats:p>","DOI":"10.22431\/25005103.171","type":"journal-article","created":{"date-parts":[[2017,7,5]],"date-time":"2017-07-05T19:34:05Z","timestamp":1499283245000},"page":"93-102","source":"Crossref","is-referenced-by-count":0,"title":["Do discurso sobre a natureza e a natureza do discurso: um estudo de caso sobre a gest\u00e3o das \u00e1guas"],"prefix":"10.22431","volume":"20","author":[{"given":"Rodrigo","family":"De Freitas Espinoza","sequence":"first","affiliation":[],"role":[{"role":"author","vocabulary":"crossref"}]},{"given":"Rodrigo","family":"Contante Martins","sequence":"additional","affiliation":[],"role":[{"role":"author","vocabulary":"crossref"}]}],"member":"9723","published-online":{"date-parts":[[2011,12,15]]},"container-title":["Nova et Vetera"],"link":[{"URL":"https:\/\/revistas.esap.edu.co\/index.php\/novaetvetera\/article\/download\/171\/pdf","content-type":"application\/pdf","content-version":"vor","intended-application":"text-mining"},{"URL":"https:\/\/revistas.esap.edu.co\/index.php\/novaetvetera\/article\/download\/171\/pdf","content-type":"unspecified","content-version":"vor","intended-application":"similarity-checking"}],"deposited":{"date-parts":[[2021,11,30]],"date-time":"2021-11-30T03:23:37Z","timestamp":1638242617000},"score":0.0,"resource":{"primary":{"URL":"https:\/\/revistas.esap.edu.co\/index.php\/novaetvetera\/article\/view\/171"}},"issued":{"date-parts":[[2011,12,15]]},"references-count":0,"journal-issue":{"issue":"64","published-online":{"date-parts":[[2011,12,15]]}},"URL":"https:\/\/doi.org\/10.22431\/25005103.171","ISSN":["2500-5103","0123-2614"],"issn-type":[{"value":"2500-5103","type":"electronic"},{"value":"0123-2614","type":"print"}],"published":{"date-parts":[[2011,12,15]]}},{"indexed":{"date-parts":[[2022,3,30]],"date-time":"2022-03-30T02:28:12Z","timestamp":1648607292376},"reference-count":0,"publisher":"Escuela Superior de Administracion Publica","issue":"59","license":[{"start":{"date-parts":[[2014,12,1]],"date-time":"2014-12-01T00:00:00Z","timestamp":1417392000000},"content-version":"unspecified","delay-in-days":0,"URL":"http:\/\/creativecommons.org\/licenses\/by-nc-nd\/4.0"}],"content-domain":{"domain":[],"crossmark-restriction":false},"short-container-title":["Adm. Desarro."],"abstract":"<jats:p>Este art\u00edculo se centra en mostrar la conexi\u00f3n de los movimientos sociales y las pol\u00edticas p\u00fablicas en el contexto de las din\u00e1micas territoriales impulsadas por los movimientos ciudadanos y reuniones constitucionales municipales. Para mostrar los factores causales y los efectos de las conexiones anteriores, se presentan los enfoques de los siguientes movimientos sociales: el trabajo, la movilizaci\u00f3n de recursos, los nuevos movimientos sociales y reuniones constitucionales como rodamiento movimiento local de ciudadanos en las decisiones p\u00fablicas del Estado y el Gobierno. Asimismo, se exponen los puntos de vista de las pol\u00edticas p\u00fablicas, lo que permite la identificaci\u00f3n de las caracter\u00edsticas adecuadas para apoyar la capacidad de los movimientos sociales para influir en el Gobierno y para lograr el reconocimiento en el Estado.<\/jats:p>","DOI":"10.22431\/25005227.105","type":"journal-article","created":{"date-parts":[[2017,7,5]],"date-time":"2017-07-05T16:06:06Z","timestamp":1499270766000},"page":"65-78","source":"Crossref","is-referenced-by-count":0,"title":["Movimientos sociales y pol\u00edticas p\u00fablicas en el contexto de asambleas municipales constituyentes"],"prefix":"10.22431","volume":"43","author":[{"given":"Ramiro Alberto","family":"V\u00e9lez Rivera","sequence":"first","affiliation":[],"role":[{"role":"author","vocabulary":"crossref"}]}],"member":"9723","published-online":{"date-parts":[[2014,12,1]]},"container-title":["Administraci\u00f3n &amp; Desarrollo"],"link":[{"URL":"https:\/\/revistas.esap.edu.co\/index.php\/admindesarro\/article\/download\/105\/pdf","content-type":"application\/pdf","content-version":"vor","intended-application":"text-mining"},{"URL":"https:\/\/revistas.esap.edu.co\/index.php\/admindesarro\/article\/download\/105\/pdf","content-type":"unspecified","content-version":"vor","intended-application":"similarity-checking"}],"deposited":{"date-parts":[[2021,11,12]],"date-time":"2021-11-12T19:11:24Z","timestamp":1636744284000},"score":0.0,"resource":{"primary":{"URL":"https:\/\/revistas.esap.edu.co\/index.php\/admindesarro\/article\/view\/105"}},"issued":{"date-parts":[[2014,12,1]]},"references-count":0,"journal-issue":{"issue":"59","published-online":{"date-parts":[[2014,12,1]]}},"URL":"https:\/\/doi.org\/10.22431\/25005227.105","ISSN":["2500-5227","0120-3754"],"issn-type":[{"value":"2500-5227","type":"electronic"},{"value":"0120-3754","type":"print"}],"published":{"date-parts":[[2014,12,1]]}},{"indexed":{"date-parts":[[2022,4,3]],"date-time":"2022-04-03T14:46:09Z","timestamp":1648997169278},"reference-count":9,"publisher":"Escuela Superior de Administracion Publica","issue":"1","license":[{"start":{"date-parts":[[2019,6,30]],"date-time":"2019-06-30T00:00:00Z","timestamp":1561852800000},"content-version":"unspecified","delay-in-days":0,"URL":"http:\/\/creativecommons.org\/licenses\/by-nc-nd\/4.0"}],"content-domain":{"domain":[],"crossmark-restriction":false},"short-container-title":["Adm. Desarro."],"abstract":"<jats:p>Es necesario que en la conciliaci\u00f3n se integren nuevos saberes que servir\u00e1n para fortalecer y apoyar la conciliaci\u00f3n a la hora de solucionar alg\u00fan conflicto a trav\u00e9s de ciertas disciplinas como la psicolog\u00eda emocional, donde su rol ser\u00e1 de gran importancia, ya que es bastante com\u00fan que las partes lleguen emocional y sentimentalmente afectadas. El prop\u00f3sito de este trabajo ser\u00e1 entonces integrar algunos m\u00e9todos como la Terapia Cognitivo Conductual (en adelante TCC), la integraci\u00f3n y el conocimiento emocional al campo del derecho. El objetivo de estas tres alternativas permitir\u00e1 identificar y modificar patrones de pensamiento y conductas err\u00f3neas que generalmente son causadas por las emociones.Para lograr esto, es necesario que los abogados conciliadores conozcan algunos enfoques que brinda la psicolog\u00eda para que despu\u00e9s practiquen su conocimiento acerca de esta \u00e1rea en una audiencia de conciliaci\u00f3n. De esta forma, al estar preparados y capacitados, sabr\u00e1n identificar si el conflicto es real o es un conflicto irreal y m\u00e1s emocional ya sea a causa de problemas en la comunicaci\u00f3n o interpretaci\u00f3n, etc. y de estar forma al observar el problema central, sabr\u00e1n c\u00f3mo orientarlos cuando se pueden tornar agresivos, sientan estr\u00e9s o miedo por la presi\u00f3n de la otra parte.Teniendo en cuenta todo esto, se observa que los conflictos sociales pueden surgir por cualquier raz\u00f3n, como el desconocimiento y mal uso de las emociones. Por ello es relevante aclarar que el derecho no es solo una ciencia social cuadriculada ni herm\u00e9tica que \u00fanicamente permite criterios estrictos, pues tambi\u00e9n es cierto que el derecho se encarga de sancionar conductas que provienen de las emociones. Por esta raz\u00f3n no resulta incongruente acudir a la psicolog\u00eda emocional como auxiliar para el derecho.<\/jats:p>","DOI":"10.22431\/25005227.vol49n1.5","type":"journal-article","created":{"date-parts":[[2021,11,7]],"date-time":"2021-11-07T20:52:27Z","timestamp":1636318347000},"page":"72-84","source":"Crossref","is-referenced-by-count":0,"title":["Emociones en la conciliaci\u00f3n"],"prefix":"10.22431","volume":"49","author":[{"given":"Jovany","family":"Sep\u00falveda Aguirre","sequence":"first","affiliation":[],"role":[{"role":"author","vocabulary":"crossref"}]},{"given":"Maira Alejandra","family":"Palacio Cruz","sequence":"additional","affiliation":[],"role":[{"role":"author","vocabulary":"crossref"}]},{"given":"Francy Daniela","family":"Garc\u00eda Certuche","sequence":"additional","affiliation":[],"role":[{"role":"author","vocabulary":"crossref"}]}],"member":"9723","published-online":{"date-parts":[[2019,6,30]]},"reference":[{"key":"246","doi-asserted-by":"crossref","unstructured":"Arboleda L\u00f3pez, A. (2017). Conciliaci\u00f3n, mediaci\u00f3n y emociones: Una mirada para la soluci\u00f3n de los conflictos de familia. Civilizar Ciencias Sociales y Humanas, 17(33), pp. 81-96. Recuperado de http:\/\/www.scielo.org.co\/pdf\/ccso\/v17n33\/1657-8953-ccso-17-33-00081.pdf","DOI":"10.22518\/16578953.900"},{"key":"247","doi-asserted-by":"crossref","unstructured":"Arboleda L\u00f3pez, A., Garc\u00e9s Giraldo, L., Murillo Bocanegra, J., & Pineda Carre\u00f1o, M. (2017). Principios, habilidades y virtudes para el conciliador en Derecho. Pensamiento Americano, 10(18), pp. 189-198. Recuperado de https:\/\/publicaciones.americana.edu.co\/index.php\/pensamientoamericano\/article\/view\/53\/48","DOI":"10.21803\/pensam.v10i18.53"},{"key":"248","unstructured":"Calle, R. (1998). Gu\u00eda pr\u00e1ctica de la salud emocional. Madrid: Editorial EDAF, S.A. Recuperado de https:\/\/books.google.es\/books?id=7oNCJ6D3HBEC&lpg=PA11&dq=como%20puedo%20transformar%20mis%20malas%20emociones%20&lr&hl=es&pg=PA5#v=onepage&q&f=false"},{"key":"249","unstructured":"Congreso de la Rep\u00fablica. (2001). Ley 640 de 2001 Diario Oficial No. 44.303 de 24 de enero de 2001. Recuperado de http:\/\/www.secretariasenado.gov.co\/senado\/basedoc\/ley_0640_2001.html"},{"key":"250","unstructured":"Congreso de la Rep\u00fablica. (2006). Ley 1090 de 2006 Diario Oficial No. 46.383 de 6 de septiembre de 2006. Recuperado de https:\/\/www.colpsic.org.co\/aym_image\/files\/LEY_1090_DE_2006.pdf"},{"key":"251","unstructured":"Consejo Superior de la Judicatura. (2003). Acuerdo 1851 de 2003 Diario Oficial No. 45.238, de 04 de julio de 2003. Recuperado de https:\/\/www.cancilleria.gov.co\/sites\/default\/files\/Normograma\/docs\/acuerdo_csjudicatura_1851_2003.htm"},{"key":"252","unstructured":"Consejo Superior de la Judicatura. (2003). Acuerdo 1851, por el cual se fijan directrices para la formaci\u00f3n y capacitaci\u00f3n de conciliadores."},{"key":"253","unstructured":"Moreno Mart\u00edn, F. (2010). La mediacion y la evolucion historica de la idea de conflicto. En N. Gonz\u00e1lez-Cu\u00e9llar, Meditaci\u00f3n: Un m\u00e9todo de ? Conflictos. Estudio interdisciplinar. pp 21-40. Universidad Complutense de Madrid. Recuperado de https:\/\/www.ucm.es\/data\/cont\/docs\/1742-2019-04-13-La%20mediaci%C3%B3n%20y%20la%20evoluci%C3%B3n%20hist%C3%B3rica%20de%20la%20idea%20de%20conflicto_2010_32.pdf"},{"key":"254","doi-asserted-by":"crossref","unstructured":"Silva Garc\u00eda, G. (2008). La teor\u00eda del Conflicto. Un marco te\u00f3rico necesario. Proleg\u00f3menos. Derechos y Valores, XI(22), pp. 29-43. Recuperado de https:\/\/www.redalyc.org\/pdf\/876\/87602203.pdf","DOI":"10.18359\/prole.2506"}],"container-title":["Administraci\u00f3n y Desarrollo"],"link":[{"URL":"https:\/\/revistas.esap.edu.co\/index.php\/admindesarro\/article\/download\/530\/488","content-type":"application\/pdf","content-version":"vor","intended-application":"text-mining"},{"URL":"https:\/\/revistas.esap.edu.co\/index.php\/admindesarro\/article\/download\/530\/488","content-type":"unspecified","content-version":"vor","intended-application":"similarity-checking"}],"deposited":{"date-parts":[[2021,11,7]],"date-time":"2021-11-07T20:57:08Z","timestamp":1636318628000},"score":0.0,"resource":{"primary":{"URL":"https:\/\/revistas.esap.edu.co\/index.php\/admindesarro\/article\/view\/530"}},"issued":{"date-parts":[[2019,6,30]]},"references-count":9,"journal-issue":{"issue":"1","published-online":{"date-parts":[[2019,6,30]]}},"URL":"https:\/\/doi.org\/10.22431\/25005227.vol49n1.5","ISSN":["2500-5227","0120-3754"],"issn-type":[{"value":"2500-5227","type":"electronic"},{"value":"0120-3754","type":"print"}],"published":{"date-parts":[[2019,6,30]]}},{"indexed":{"date-parts":[[2022,3,31]],"date-time":"2022-03-31T14:33:24Z","timestamp":1648737204954},"reference-count":0,"publisher":"Escuela Superior de Administracion Publica","issue":"51","license":[{"start":{"date-parts":[[2009,6,29]],"date-time":"2009-06-29T00:00:00Z","timestamp":1246233600000},"content-version":"unspecified","delay-in-days":0,"URL":"http:\/\/creativecommons.org\/licenses\/by-nc-nd\/4.0"}],"content-domain":{"domain":[],"crossmark-restriction":false},"short-container-title":["Adm. Desarro."],"abstract":"<jats:p>El presente trabajo aporta algunos elementos diagn\u00f3sticos sobre el impacto y la evoluci\u00f3n de las regal\u00edas en Colombia, a trav\u00e9s de una posible identicaci\u00f3n de Grupos de Departamentos y Municipios, en el per\u00edodo 1993 a 2005, en funci\u00f3n de los m\u00e1s importantes indicadores econ\u00f3mico-financieros que relacionan el comportamiento y la evoluci\u00f3n de \u00e9stas. La construcci\u00f3n de cl\u00faster y los an\u00e1lisis por conglomerados que \u00e9stos permiten, nos ayudan a identificar aquellos elementos o componentes centrales que pueden estar esgrimiendo comportamientos bastante cercanos entre s\u00ed (elevada homogeneidad) y que posiblemente, pueden estar de manera simult\u00e1nea mostrando indicadores bastante dis\u00edmiles o separados frente a los dem\u00e1s grupos que se logren identificar (elevada heterogeneidad).<\/jats:p>","DOI":"10.22431\/25005227.352","type":"journal-article","created":{"date-parts":[[2017,7,5]],"date-time":"2017-07-05T16:06:06Z","timestamp":1499270766000},"page":"81-107","source":"Crossref","is-referenced-by-count":0,"title":["An\u00e1lisis de agrupaciones departamentales y municipales en Colombia para el per\u00edodo 1993-2005, identificadas a partir de indicadores relacionados con las regal\u00edas"],"prefix":"10.22431","volume":"37","author":[{"given":"Jorge Enrique","family":"Garc\u00e9s Cano","sequence":"first","affiliation":[],"role":[{"role":"author","vocabulary":"crossref"}]},{"given":"Jorge Enrique","family":"Espitia Zamora","sequence":"additional","affiliation":[],"role":[{"role":"author","vocabulary":"crossref"}]}],"member":"9723","published-online":{"date-parts":[[2009,6,29]]},"container-title":["Administraci\u00f3n &amp; Desarrollo"],"link":[{"URL":"https:\/\/revistas.esap.edu.co\/index.php\/admindesarro\/article\/download\/352\/pdf","content-type":"application\/pdf","content-version":"vor","intended-application":"text-mining"},{"URL":"https:\/\/revistas.esap.edu.co\/index.php\/admindesarro\/article\/download\/352\/pdf","content-type":"unspecified","content-version":"vor","intended-application":"similarity-checking"}],"deposited":{"date-parts":[[2021,11,12]],"date-time":"2021-11-12T19:13:19Z","timestamp":1636744399000},"score":0.0,"resource":{"primary":{"URL":"https:\/\/revistas.esap.edu.co\/index.php\/admindesarro\/article\/view\/352"}},"issued":{"date-parts":[[2009,6,29]]},"references-count":0,"journal-issue":{"issue":"51","published-online":{"date-parts":[[2009,6,29]]}},"URL":"https:\/\/doi.org\/10.22431\/25005227.352","ISSN":["2500-5227","0120-3754"],"issn-type":[{"value":"2500-5227","type":"electronic"},{"value":"0120-3754","type":"print"}],"published":{"date-parts":[[2009,6,29]]}},{"indexed":{"date-parts":[[2025,11,6]],"date-time":"2025-11-06T16:37:50Z","timestamp":1762447070416,"version":"build-2065373602"},"reference-count":0,"publisher":"Escuela Superior de Administracion Publica","issue":"54","license":[{"start":{"date-parts":[[2011,12,1]],"date-time":"2011-12-01T00:00:00Z","timestamp":1322697600000},"content-version":"unspecified","delay-in-days":0,"URL":"http:\/\/creativecommons.org\/licenses\/by-nc-nd\/4.0"}],"content-domain":{"domain":[],"crossmark-restriction":false},"short-container-title":["Adm. Desarro."],"abstract":"<jats:p>The bus rapid transit systems (BRT) have been implemented in many cities around the world, but there are few studies that analyze and compare the planning processes and consensus reached among the affected transport operators and government officials responsible for implementing these systems. In this study, it was decided to analyze and compare the procedures of planning and consensus reached in the implementation of the Metrob\u00fas in Ciudad de M\u00e9xico and Mexib\u00fas in Estado de M\u00e9xico. This is a cualitative study and used the case method, as well as semi-structured interviews with experts in the field and government officials. Among the findings, there is evidence of the lack of importance in BRT planning models to the consensus established between these two key players mentioned, as well as the findings shows the development of various technical studies and projects in the case of Metrob\u00fas and the absence of them to Mexib\u00fas case, although agreements in question were very similar between them.<\/jats:p>","DOI":"10.22431\/25005227.141","type":"journal-article","created":{"date-parts":[[2017,7,5]],"date-time":"2017-07-05T12:06:06Z","timestamp":1499256366000},"page":"133-150","source":"Crossref","is-referenced-by-count":3,"title":["Planeaci\u00f3n de los sistemas BRT y consensos entre transportistas y autoridades de gobierno durante su implementaci\u00f3n: el caso de Metrob\u00fas y Mexib\u00fas","BRT systems planning and consensus reached between carriers and government officials during its implementation: The case of Metrobus and Mexibus"],"prefix":"10.22431","volume":"39","author":[{"given":"Fernando","family":"Lambarry Chilvis","sequence":"first","affiliation":[],"role":[{"role":"author","vocabulary":"crossref"}]},{"given":"Luis Arturo","family":"Rivas Tovar","sequence":"additional","affiliation":[],"role":[{"role":"author","vocabulary":"crossref"}]},{"given":"Maria del Pilar","family":"Pe\u00f1a Cruz","sequence":"additional","affiliation":[],"role":[{"role":"author","vocabulary":"crossref"}]}],"member":"9723","published-online":{"date-parts":[[2011,12,1]]},"container-title":["Administraci\u00f3n &amp; Desarrollo"],"link":[{"URL":"https:\/\/revistas.esap.edu.co\/index.php\/admindesarro\/article\/download\/141\/pdf","content-type":"application\/pdf","content-version":"vor","intended-application":"text-mining"},{"URL":"https:\/\/revistas.esap.edu.co\/index.php\/admindesarro\/article\/download\/141\/pdf","content-type":"unspecified","content-version":"vor","intended-application":"similarity-checking"}],"deposited":{"date-parts":[[2025,11,6]],"date-time":"2025-11-06T16:34:08Z","timestamp":1762446848000},"score":0.0,"resource":{"primary":{"URL":"https:\/\/revistas.esap.edu.co\/index.php\/admindesarro\/article\/view\/141"}},"issued":{"date-parts":[[2011,12,1]]},"references-count":0,"journal-issue":{"issue":"54","published-online":{"date-parts":[[2011,12,1]]}},"URL":"https:\/\/doi.org\/10.22431\/25005227.141","ISSN":["2500-5227","0120-3754"],"issn-type":[{"type":"electronic","value":"2500-5227"},{"type":"print","value":"0120-3754"}],"published":{"date-parts":[[2011,12,1]]}},{"indexed":{"date-parts":[[2025,12,31]],"date-time":"2025-12-31T20:10:58Z","timestamp":1767211858479,"version":"3.48.0"},"reference-count":57,"publisher":"Escuela Superior de Administracion Publica","issue":"1","license":[{"start":{"date-parts":[[2022,6,30]],"date-time":"2022-06-30T00:00:00Z","timestamp":1656547200000},"content-version":"unspecified","delay-in-days":0,"URL":"https:\/\/creativecommons.org\/licenses\/by-nc-sa\/4.0"}],"content-domain":{"domain":[],"crossmark-restriction":false},"short-container-title":["Adm. Desarro."],"abstract":"<jats:p>This article assesses the banks\u2019 actions in the application of the credit measures enacted in Colombia to support users during the health emergency, owing to they have been classified by some as a big fraud. It has a blended approach. It is approached as a case study, with triangulation of data from multiple sources such as perception surveys, management reports, interviews published by third parties, among others. The results allow inferring a low the measures\u2019 effectiveness and a small regulation in their compliance, since there were extra costs in debts, the reduction of the intervention rate was reflected slowly in the financial market and the banks did not guarantee access to resources. Finally, the enacted measures are considered insufficient to provide liquidity to the economy in mid and long term, in addition, greater solidarity was expected from the banking system.<\/jats:p>","DOI":"10.22431\/25005227.vol52n1.4","type":"journal-article","created":{"date-parts":[[2022,12,8]],"date-time":"2022-12-08T07:30:35Z","timestamp":1670484635000},"page":"55-73","source":"Crossref","is-referenced-by-count":0,"title":["Medidas crediticias para apoyar a los usuarios del sistema financiero colombiano durante la pandemia","Credit measures to support users of the colombian financial system during the pandemic"],"prefix":"10.22431","volume":"52","author":[{"ORCID":"https:\/\/orcid.org\/0000-0002-3918-3655","authenticated-orcid":false,"given":"Katherine","family":"Agrono Claros","sequence":"first","affiliation":[],"role":[{"role":"author","vocabulary":"crossref"}]}],"member":"9723","published-online":{"date-parts":[[2022,6,30]]},"reference":[{"key":"5814","unstructured":"Arbel\u00e1ez, M., Delgado, M., D\u00edaz, S., G\u00f3mez, S. Y Pe\u00f1ate, C. (2020). Respuesta del sector bancario a la crisis del COVID-19. Fedesarrollo."},{"key":"5815","unstructured":"Asociaci\u00f3n Bancaria y de Entidades Financieras de Colombia. Asobancaria. (2021a). Balance y perspectivas crediticias 2020-2021. Asobancaria."},{"key":"5816","unstructured":"Asociaci\u00f3n Bancaria. Asobancaria. (2021b). Comunicado de prensa 74. Buenos resultados del Programa de Acompa\u00f1amiento de Deudores (PAD). Asobancaria."},{"key":"5817","unstructured":"Banco Agrario de Colombia. BAC. (2021). Informe gesti\u00f3n sostenibilidad 2020. Banco Agrario de Colombia. Banco Agrario."},{"key":"5818","unstructured":"Banco Davivienda. (2021). Informe de la junta directiva y el presidente a la asamblea general de accionistas 2020. Banco Davivienda."},{"key":"5819","unstructured":"Banco de la Rep\u00fablica de Colombia. BRC. (2020a). \u00bfQu\u00e9 ha hecho el Banco de la Rep\u00fablica para enfrentar el impacto de la pandemia en la econom\u00eda? https:\/\/www.banrep.gov.co\/es\/medidas-banrep-covid-19-0"},{"key":"5820","unstructured":"Banco de la Rep\u00fablica de Colombia. BRC. (2020b). Reporte de la situaci\u00f3n del cr\u00e9dito en Colombia. Banrep."},{"key":"5821","unstructured":"Banco de la Rep\u00fablica de Colombia. BRC. (2021a). Datos hist\u00f3rico reporte. Banrep."},{"key":"5822","unstructured":"Banco de la Rep\u00fablica de Colombia. BRC. (2021b). Bolet\u00edn estad\u00edstico. Banrep."},{"key":"5823","unstructured":"Bancolombia. (2021). Informe de gesti\u00f3n grupo Bancolombia 2020: el camino hacia una generaci\u00f3n consciente. Bancolombia."},{"key":"5824","unstructured":"Blackman, A., Ib\u00e1\u00f1ez, A., Izquierdo, A., Keefer, P., Moreira, M., Schady, N. y Serebrisky, T. (2020). La pol\u00edtica p\u00fablica frente al COVID-19: recomendaciones para Am\u00e9rica Latina y el Caribe. Banco Interamericano de Desarrollo."},{"key":"5825","unstructured":"Blu Radio. (2021). Si el \u2018alivio COVID\u2019 de su banco le parece injusto, le explicamos c\u00f3mo denunciarlo. Blu Radio."},{"key":"5826","unstructured":"Casta\u00f1o, J. (2020). Supervisi\u00f3n del sistema financiero en la coyuntura COVID-19 [Diapositivas]. Superintendencia Financiera de Colombia. https:\/\/imgcdn.larepublica.co\/cms\/2020\/08\/05105642\/Presentacion-Superfinanciero-en-ANIF-1.pdf"},{"key":"5827","unstructured":"Castellanos, M. (2021). Usuarios en redes sociales se quejan por \u2018supuestos\u2019 alivios econ\u00f3micos de los bancos WRadio. WRadio."},{"key":"5828","doi-asserted-by":"crossref","unstructured":"Chudik, A., Mohaddes, K. and Raissi, M. (2021). COVID-19 fiscal support and its effectiveness. Economics Letters, 205(109939).","DOI":"10.1016\/j.econlet.2021.109939"},{"key":"5829","unstructured":"Cisterna, F. (2005). Categorizaci\u00f3n y triangulaci\u00f3n como procesos de validaci\u00f3n del conocimiento en investigaci\u00f3n cualitativa. Theoria, 14(1), 61-71."},{"key":"5830","unstructured":"Comisi\u00f3n Econ\u00f3mica para Am\u00e9rica Latina y el Caribe. CEPAL. (2020). Am\u00e9rica Latina y el Caribe ante la pandemia del COVID-19: efectos econ\u00f3micos y sociales. Comisi\u00f3n Econ\u00f3mica para Am\u00e9rica Latina y el Caribe."},{"key":"5831","unstructured":"Comisi\u00f3n Econ\u00f3mica para Am\u00e9rica Latina y el Caribe. CEPAL. (2021). Estudio econ\u00f3mico de Am\u00e9rica Latina y el Caribe: Colombia. CEPAL."},{"key":"5832","doi-asserted-by":"crossref","unstructured":"Danism\u00e1n, G., Demir, E. and Zaremba, A. (2021). Financial Resilience to the COVID-19 Pandemic: The Role of Banking Market Structure. Applied Economics, 53(39), 4481-4504.","DOI":"10.1080\/00036846.2021.1904118"},{"key":"5833","doi-asserted-by":"crossref","unstructured":"Didier, T., Huneeus, F., Larrain, M. and Schmukler, S. (2021). Financing firms in hibernation during the COVID-19 pandemic. Journal of Financial Stability, 53(100837).","DOI":"10.1016\/j.jfs.2020.100837"},{"key":"5834","unstructured":"Drehmann, M., Farag, M., Tarashev, N. and Tsatsaronis K. (2020). Buffering COVID-19 losses-the role of prudential policy. Bank for International Settlements."},{"key":"5835","unstructured":"Falade, O. and Folorunso, B. (2015). Fiscal and monetary policy instruments and economic growth sustainability in Nigeria. American Journal of Economics, 5(6), 587\u2013594."},{"key":"5836","unstructured":"Fondo Monetario Internacional. FMI. (2022). Policy Responses to COVID-19. International Monetary Fund."},{"key":"5837","unstructured":"Frieden, J. (2020). La econom\u00eda pol\u00edtica de la pol\u00edtica econ\u00f3mica. En Finanzas y Desarrollo (pp. 4-9). Fondo Monetario Internacional."},{"key":"5838","doi-asserted-by":"crossref","unstructured":"Grasselli, M. (2021). Monetary Policy Responses to COVID-19: A Comparison with the 2008 Crisis and Implications for the Future of Central Banking. Review of Political Economy, 34(3), 420-445.","DOI":"10.1080\/09538259.2021.1908778"},{"key":"5839","doi-asserted-by":"crossref","unstructured":"Hausmann, R. and Schetter, U. (2022). Horrible trade-offs in a pandemic: Poverty, fiscal space, policy, and welfare. World Development, 153(105819).","DOI":"10.1016\/j.worlddev.2022.105819"},{"key":"5840","unstructured":"Herring, R. and Santomero, A. (1991). The Role of the Financial Sector in Economic Performance (pp. 95-08). University of Pennsylvania."},{"key":"5841","unstructured":"Jim\u00e9nez, V. (2012). El estudio de caso y su implementaci\u00f3n en la investigaci\u00f3n. Revista Internacional de Investigaci\u00f3n en Ciencias Sociales, 8(1), 141 150."},{"key":"5842","doi-asserted-by":"crossref","unstructured":"Junfeng, R., Yechi, M., Farmanesh, P. and Ullah, S. (2022). Managing transitions for sustainable economic development in post-COVID world: \u00bfDo fiscal and monetary support matter? Economic Research-Ekonomska Istra\u017eivanj.","DOI":"10.1080\/1331677X.2022.2028176"},{"key":"5843","unstructured":"King, R. and Levine, R. (1993). Finance and Growth: Shumpeter Must Be Right. Policy Research Working Papers."},{"key":"5844","unstructured":"Maranto, M. y Gonz\u00e1lez, M. (2015). Fuentes de informaci\u00f3n. Universidad Aut\u00f3noma del Estado de Hidalgo."},{"key":"5845","unstructured":"Ministerio de Hacienda y Cr\u00e9dito P\u00fablico (2020). Decreto 444 de 2020 por el cual se crea el Fondo de Mitigaci\u00f3n de Emergencias -FOME y se dictan disposiciones en materia de recursos, dentro del Estado de Emergencia Econ\u00f3mica, Social y Ecol\u00f3gica. 21 de marzo de 2020."},{"key":"5846","unstructured":"Ministerio de Hacienda y Cr\u00e9dito P\u00fablico. MHCP. (2021). Fondo de Mitigaci\u00f3n de Emergencias-FOME: medidas econ\u00f3micas adoptadas para la atenci\u00f3n de la emergencia ocasionada por el COVID-19. Minhacienda."},{"key":"5847","unstructured":"Morales, C. (2020). Muchos anuncios del Gobierno, pero bancos no le prestan a empresarios: Fenalco. RCN Radio."},{"key":"5848","doi-asserted-by":"crossref","unstructured":"Nguyen, H., Thai-Thuong, Q., Min, C., Cong, T. and Hong, D. (2021). \u00bfDoes financial development matter for economic growth in the emerging markets? Borsa Istanbul Review.","DOI":"10.1016\/j.bir.2021.10.004"},{"key":"5849","unstructured":"Ocampo, \u00c1. (2021). Congresistas denuncian que el alivio de los bancos en la pandemia result\u00f3 ser un fraude. RCN Radio."},{"key":"5850","unstructured":"Organizaci\u00f3n Mundial de la Salud. OMS. (2021). Cronolog\u00eda de la respuesta de la OMS a la COVID-19. OMS. https:\/\/www.who.int\/es\/news\/item\/29-06-2020-covidtimeline"},{"key":"5851","doi-asserted-by":"crossref","unstructured":"Padhan, R. and Prabheesh, K.P. (2021). The economics of COVID-19 pandemic: A survey. Economic Analysis and Policy, 70, 220-237.","DOI":"10.1016\/j.eap.2021.02.012"},{"key":"5852","doi-asserted-by":"crossref","unstructured":"Pereira, Z. (2011). Los dise\u00f1os de m\u00e9todo mixto en la investigaci\u00f3n en educaci\u00f3n: una experiencia concreta. Revista Electr\u00f3nica Educare, 15(1), 15-29.","DOI":"10.15359\/ree.15-1.2"},{"key":"5853","doi-asserted-by":"crossref","unstructured":"Powel, A. and Rojas-Suarez, L. (2020). Sound Banks for Healthy Economies: Challenges for Policymakers in Latin America and the Caribbean in Times of Coronavirus. Inter-American Development Bank.","DOI":"10.18235\/0002636"},{"key":"5854","unstructured":"Revista Semana. (2020a). \u00bfC\u00f3mo han actuado los bancos ante la pandemia en Colombia? Semana."},{"key":"5855","unstructured":"Revista Semana. (2020b). Entrevista con David Barguil sobre el papel de la banca en la pandemia. \u00bfC\u00f3mo se han portado las entidades financieras con los colombianos? Semana."},{"key":"5856","unstructured":"Revista Semana. (2021). \u00bfLos bancos ayudaron a engordar m\u00e1s las deudas? Semana."},{"key":"5857","doi-asserted-by":"crossref","unstructured":"Song, L. and Zhou, Y. (2020), The COVID-19 Pandemic and Its Impact on the Global Economy: \u00bfWhat Does It Take to Turn Crisis into Opportunity? China & World Economy, 28(4), 1-25. https:\/\/doi.org\/10.1111\/cwe.12349","DOI":"10.1111\/cwe.12349"},{"key":"5858","unstructured":"Superintendencia Financiera de Colombia. SFC. (2020a). Circular externa 007. Superfinanciera."},{"key":"5859","unstructured":"Superintendencia Financiera de Colombia. SFC. (2020b). Circular externa 0014. Superfinanciera."},{"key":"5860","unstructured":"Superintendencia Financiera de Colombia. SFC. (2020c). Circular externa 022. Superfinanciera."},{"key":"5861","unstructured":"Superintendencia Financiera de Colombia. SFC. (2020d). Informe sobre el sistema financiero durante la cuarentena obligatoria por la Vida. Superfinanciera."},{"key":"5862","unstructured":"Superintendencia Financiera de Colombia. SFC. (2021a). Informaci\u00f3n consolidada trimestral SFC Defensores del consumidor flnanciero Entidades vigiladas. Superfinanciera."},{"key":"5863","unstructured":"Superintendencia Financiera de Colombia. SFC. (2021b). Informe estad\u00edstico de seguimiento de medidas en la coyuntura. Superfinanciera."},{"key":"5864","unstructured":"Superintendencia Financiera de Colombia. SFC. (2021c). Informaci\u00f3n financiera con fines de supervisi\u00f3n bancos NIIF Junio 2021. Superfinanciera."},{"key":"5865","unstructured":"Superintendencia Financiera de Colombia. SFC. (2021d). Informe sobre el sistema financiero durante la Cuarentena Obligatoria. Superfinanciera."},{"key":"5866","unstructured":"Superintendencia Financiera de Colombia. SFC. (2021e). Perspectivas de la cartera de cr\u00e9dito para apoyar la reactivaci\u00f3n. Superfinanciera."},{"key":"5867","unstructured":"Superintendencia Financiera de Colombia. SFC. (2021f). Tasas y desembolsos bancos. Superintendencia."},{"key":"5868","unstructured":"Universidad de La Sabana. (2017). \u00bfC\u00f3mo funcionan los alivios financieros durante la pandemia? Universidad de La Sabana."},{"key":"5869","doi-asserted-by":"crossref","unstructured":"Wei, X. and Han, L. (2021). The impact of COVID-19 pandemic on transmission of monetary policy to financial markets. International Review of Financial Analysis, 74(101705).","DOI":"10.1016\/j.irfa.2021.101705"},{"key":"5870","unstructured":"World Bank Group. (2020). COVID-19 to Plunge Global Economy into Worst Recession since World War II. World Bank."}],"container-title":["Administraci\u00f3n &amp; Desarrollo"],"link":[{"URL":"https:\/\/revistas.esap.edu.co\/index.php\/admindesarro\/article\/download\/775\/627","content-type":"application\/pdf","content-version":"vor","intended-application":"text-mining"},{"URL":"https:\/\/revistas.esap.edu.co\/index.php\/admindesarro\/article\/download\/775\/741","content-type":"text\/xml","content-version":"vor","intended-application":"text-mining"},{"URL":"https:\/\/revistas.esap.edu.co\/index.php\/admindesarro\/article\/download\/775\/627","content-type":"unspecified","content-version":"vor","intended-application":"similarity-checking"}],"deposited":{"date-parts":[[2025,12,31]],"date-time":"2025-12-31T20:07:08Z","timestamp":1767211628000},"score":0.0,"resource":{"primary":{"URL":"https:\/\/revistas.esap.edu.co\/index.php\/admindesarro\/article\/view\/775"}},"issued":{"date-parts":[[2022,6,30]]},"references-count":57,"journal-issue":{"issue":"1","published-online":{"date-parts":[[2022,6,30]]}},"URL":"https:\/\/doi.org\/10.22431\/25005227.vol52n1.4","ISSN":["2500-5227","0120-3754"],"issn-type":[{"type":"electronic","value":"2500-5227"},{"type":"print","value":"0120-3754"}],"published":{"date-parts":[[2022,6,30]]}},{"indexed":{"date-parts":[[2025,12,31]],"date-time":"2025-12-31T19:59:04Z","timestamp":1767211144250,"version":"3.48.0"},"reference-count":60,"publisher":"Escuela Superior de Administracion Publica","issue":"1","license":[{"start":{"date-parts":[[2023,6,21]],"date-time":"2023-06-21T00:00:00Z","timestamp":1687305600000},"content-version":"unspecified","delay-in-days":0,"URL":"https:\/\/creativecommons.org\/licenses\/by-nc-sa\/4.0"}],"content-domain":{"domain":[],"crossmark-restriction":false},"short-container-title":["Adm. Desarro."],"abstract":"<jats:p>This article reflects on the starting challenges of the State in the face of compliance with the 2030 Agenda around the search for equality, given the contradictions that arise from its origin and current capitalist scenario of the 21st century, addressing four axes of analysis.: human rights, development, public policies and participation. The methodology accounts for a documentary review addressing historical background and its influence today, taking up critical approaches and contributions from studies with an emphasis on Latin America, which show the difference between what is proposed as universal objectives and the capitalist reality that comes from modernity., ultimately alluding to the Colombian effort to comply with these policies. The method used consists of the relationship between the theoretical criticism of each of the concepts, its relationship with the 2030 Agenda and the Colombian context. The conclusions show problems of the capitalist system since its implementation and structural challenges fully in force in the territories and inhabitants in Latin America, which make necessary other visions that give real importance to humanity and the environment, which are in imminent danger.<\/jats:p>","DOI":"10.22431\/25005227.vol53n1.6","type":"journal-article","created":{"date-parts":[[2023,6,21]],"date-time":"2023-06-21T21:39:44Z","timestamp":1687383584000},"page":"1-27","source":"Crossref","is-referenced-by-count":0,"title":["La igualdad en la Agenda 2030: un reto hist\u00f3rico del Estado","Equality in the 2030 Agenda: a historical challenge for the State"],"prefix":"10.22431","volume":"53","author":[{"ORCID":"https:\/\/orcid.org\/0000-0002-8551-6609","authenticated-orcid":false,"given":"Lyda Marcela","family":"Herrera-Camargo","sequence":"first","affiliation":[],"role":[{"role":"author","vocabulary":"crossref"}]}],"member":"9723","published-online":{"date-parts":[[2023,6,21]]},"reference":[{"key":"7095","unstructured":"Argemir, G. (2015). Destapar la ilusi\u00f3n de democracia. Catalunya. Obtenido de https:\/\/perspectiva.ccoo.cat\/destapar-la-ilusion-de-democracia\/"},{"key":"7096","unstructured":"Asamblea General de Naciones Unidas. (26 de 11 de 2021). Desarrollo Sostenible. Obtenido de Presidente del 65\u00b0 per\u00edodo de sesiones: https:\/\/www.un.org\/es\/ga\/president\/65\/issues\/sustdev.shtml"},{"key":"7097","unstructured":"Bamberger, M., Segone, M. y Tateossian, F. (2016). Evaluando los Objetivos de Desarrollo Sostenible con el enfoque \u201cque nadie se quede atr\u00e1s\u201d a trav\u00e9s de evaluaciones centradas en la equidad y con perspectiva de g\u00e9nero. ONU Mujeres - EvalGender y EvalPartners."},{"key":"7098","unstructured":"Banco Mundial. (09 de 11 de 2020). Para superar los retrocesos en la reducci\u00f3n de la pobreza, las naciones deben trabajar en conjunto en pos de una recuperaci\u00f3n resiliente. https:\/\/www.bancomundial.org\/es\/news\/immersive-story\/2020\/11\/09\/reversing-setbacks-to-poverty-reduction-requires-nations-to-work-together-for-a-resilient-recovery"},{"key":"7099","unstructured":"Barrera, J. M. (2008). G\u00e9nesis te\u00f3rica del Estado. T\u00f3picos. Revista de filosof\u00eda de Santa F\u00e9, (16), 129-152."},{"key":"7100","unstructured":"Bauman, Z. (2007). Vida de consumo. M\u00e9xico: FCE."},{"key":"7101","doi-asserted-by":"crossref","unstructured":"Betancur-D\u00edaz, A. M. (2020). De la Geopol\u00edtica cl\u00e1sica a la Geopol\u00edtica cr\u00edtica: Perspectivas de an\u00e1lisis para fen\u00f3menos del espacio y del poder en Am\u00e9rica Latina. Forum. Revista Departamento de Ciencia Pol\u00edtica, 126-149.","DOI":"10.15446\/frdcp.n17.79687"},{"key":"7102","unstructured":"BID. (2020). La crisis de la desigualdad. Am\u00e9rica Latina y el Caribe en la encrucijada. Banco Interamericano de Desarrollo."},{"key":"7103","unstructured":"Blanco, L. E. (2015). Mirada cr\u00edtica al Estado Social de Derecho y la efectivizaci\u00f3n de los Derechos Humanos en Colombia: el intento de llevar la prosperidad a traves del desarrollo. Iter Ad Veritatem, 117-132."},{"key":"7104","unstructured":"BM. (12 de 01 de 2022). \u00cdndice de Gini - Colombia. Obtenido de Banco Mundial: https:\/\/datos.bancomundial.org\/indicator\/SI.POV.GINI?locations=CO"},{"key":"7105","unstructured":"Bobbio, N. (1999). Marx y el Estado. En N. Bobbio, Ni con Marx ni contra Marx (pp. 132 147). M\u00e9xico: Fondo de Cultura Econ\u00f3mica."},{"key":"7106","unstructured":"Busso, M., y Messina, J. E. (2020). La crisis de la desigualdad. Am\u00e9rica Latina y el Caribe en la encrucijada. BID."},{"key":"7107","unstructured":"Carracedo, J. R. (2008). El \u201cdiscurso sobre la desigualdad\u201d de Rousseau como \u201cHistoria Filos\u00f3fica\u201d. Th\u00e9mata. Revista de Filosof\u00eda. (40), 245-254."},{"key":"7108","unstructured":"CEPAL. (15 de 12 de 2020). Inclusi\u00f3n de los Objetivos de Desarrollo Sostenible en los Planes de Desarrollo Territorial de Municipios y Deoartamentos de Colombia, periodo 2016 - 2019. Obtenido de Observatorio Regional de Planificaci\u00f3n para el Desarrollo de Am\u00e9rica Latina y el Caribe: https:\/\/observatorioplanificacion.cepal.org\/es\/modalidades\/inclusion-de-los-objetivos-de-desarrollo-sostenible-en-los-planes-de-desarrollo"},{"key":"7109","unstructured":"CEPAL. (06 de 12 de 2021). Acerca de la Agenda 2030 para el Desarrollo Sostenible. https:\/\/www.cepal.org\/es\/temas\/agenda-2030-desarrollo-sostenible\/acerca-la-agenda-2030-desarrollo-sostenible"},{"key":"7110","unstructured":"CEPAL. (s.f.). Estados miembros. https:\/\/www.cepal.org\/es\/acerca\/estados-miembros"},{"key":"7111","unstructured":"Cerutti, H. (2011). Doscientos a\u00f1os de pensamiento filos\u00f3fico nuestroamericano. Bogot\u00e1: Ediciones Desde Abajo."},{"key":"7112","unstructured":"DANE. (26 de 04 de 2022). Pobreza monetaria. https:\/\/www.dane.gov.co\/files\/investigaciones\/condiciones_vida\/pobreza\/2021\/Comunicado-pobreza-monetaria_2021.pdf"},{"key":"7113","unstructured":"Departamento Nacional de Planeaci\u00f3n. (octubre de 2017). colaboracion.dnp.gov.co. https:\/\/colaboracion.dnp.gov.co\/CDT\/Sinergia\/Documentos\/ODS_en_los_PDT.PDF"},{"key":"7114","unstructured":"DNP. (2017). Inclusi\u00f3n de los Objetivos de Desarrollo Sostenible en los planes de desarrollo territoriales, 2016 - 2019 . Bogot\u00e1 : Departamento Nacional de Planeaci\u00f3n."},{"key":"7115","unstructured":"DNP. (04 de 2017). Inclusi\u00f3n de los ODS en los Planes de Desarrollo Territorial, 2016 - 2019. Obtenido de Grupo de Seguimiento Territorial. Direcci\u00f3n de Seguimiento y Evaluaci\u00f3n de Pol\u00edticas P\u00fablicas (DSEPP). Secretar\u00eda T\u00e9cnica de la Comisi\u00f3n Interinstitucional de Alto Nivel para los ODS en Colombia: https:\/\/assets.ctfassets.net\/27p7ivvbl4bs\/6jH0CeseIwW2gkocYuAeq6\/c4929c8e51b711858254f30cb9aac57a\/ODS_en_los_PDT.PDF"},{"key":"7116","unstructured":"DNP. (17 de 07 de 2018). Consulte el Reporte Nacional Voluntario de Colombia en ODS. https:\/\/www.dnp.gov.co\/Paginas\/Reporte-Nacional-Voluntario-de-Colombia-en-ODS.aspx"},{"key":"7117","unstructured":"DNP. (08 de 07 de 2021). Reporte Nacional Voluntario. https:\/\/ods.gov.co\/es\/resources"},{"key":"7118","unstructured":"DNP. (18 de 02 de 2022). Colombia avanza en m\u00e1s del 72% de cumplimiento de los ODS. https:\/\/www.dnp.gov.co\/Paginas\/Colombia-avanza-en-mas-del-72-de-cumplimiento-de-los-ODS.aspx"},{"key":"7119","unstructured":"Dusell, E. La colonialidad del saber: eurocentrismo y ciencias sociales. Perspectivas latinoamericanas (pp. 24-33). Buenos Aires: CLACSO."},{"key":"7120","unstructured":"Dusell, E. (13 de 03 de 2018). Historia cr\u00edtica del capitalismo. https:\/\/youtu.be\/pbW21H8BpXs"},{"key":"7121","doi-asserted-by":"crossref","unstructured":"Dussel, E. (2020). El primer debate de la modernidad. Buenos Aires: CLACSO.","DOI":"10.2307\/j.ctv1gm01qp"},{"key":"7122","unstructured":"ESAP. (2019). Fundamentos de Pol\u00edticas P\u00fablicas. Bogot\u00e1: Unidad did\u00e1ctica."},{"key":"7123","unstructured":"Fern\u00e1ndez Salas, S. A. (2019). Los Objetivos de Desarrollo Sostenible: innovador modelo de gobernanza global, el caso de Colombia."},{"key":"7124","unstructured":"Fiorentino, M. R. (2019). Cooperaci\u00f3n Internacional para el Desarrollo y Estrategias Nacionales para el Cumplimiento de los ODS. Aproximaciones a los casos de Colombia y Chile. Revista Internacional de Cooperaci\u00f3n y Desarrollo, 6(1), 179-195."},{"key":"7125","unstructured":"Fuentes, S. S. (2017). Crisis civilizatoria y la construcci\u00f3n desconolonizadora del saber desde el \u201cmandar obedeciendo\u201d: la actualidad de Mari\u00e1tegui . Utop\u00eda y Praxis Latinoamericana. 22( 77), 77-88."},{"key":"7126","unstructured":"Funci\u00f3n P\u00fablica. (10 de 01 de 2018). \u00bfC\u00f3mo los ODS me ayudan a rendir cuentas con enfoque basado en derechos humanos y paz? https:\/\/www.funcionpublica.gov.co\/web\/murc\/respuesta1\/-\/asset_publisher\/k5EyMjix5n8A\/content\/-como-los-ods-me-ayudan-a-rendir-cuentas-con-enfoque-basado-en-derechos-humanos-y-paz-"},{"key":"7127","doi-asserted-by":"crossref","unstructured":"Guerrero, O. (2019). Neoliberalismo y Neogerencia p\u00fablica. Read. Porto Alegre.25(2), 4- 21.","DOI":"10.1590\/1413-2311.246.90269"},{"key":"7128","doi-asserted-by":"crossref","unstructured":"Harvey, D. (2020). Razones para ser anticapitalistas. Buenos Aires: CLACSO.","DOI":"10.2307\/j.ctv1gm02zs"},{"key":"7129","unstructured":"Hataya, N. (2003). La ilusi\u00f3n de la participaci\u00f3n comunitaria. Lucha y negociaci\u00f3n en los barrios irregulares de Bogot\u00e1 1992-2003. Bogot\u00e1: Universidad Externado de Colombia."},{"key":"7130","unstructured":"Herrera-Camargo, L. M. (2013). Ensayo sobre la filosof\u00eda de la liberaci\u00f3n."},{"key":"7131","unstructured":"Herrera-Camargo, L. M. (2021). Memorias del CLAD. Bogot\u00e1: CLAD."},{"key":"7132","unstructured":"Jessop, R. (1999). Desarrollos recientes en la teor\u00eda del Estado. En R. Jessop, Crisis del Estado de Bienestar. Haica una nueva teor\u00eda del Estado y sus consecuencias sociales (p\u00e1gs. 99 - 126). Bogot\u00e1: Siglo del Hombre - Universidad Nacional de Colombia."},{"key":"7133","unstructured":"Jessop, R. (2014). El Estado y el poder. UTOP\u00cdA Y PRAXIS LATINOAMERICANA,19 (66), 19-35."},{"key":"7134","unstructured":"Jessop, R. (2021). El Estado pasado, presente y futuro. Madrid: Los libros de la Catarata. Primera edici\u00f3n 2017."},{"key":"7135","unstructured":"Jim\u00e9nez, K. J. (2020). Entre la teor\u00eda del desarrollo y la teor\u00eda alternativa en Am\u00e9rica Latina. Algunas tensiones, retos y propuestas. Estudios Pol\u00edticos. https:\/\/www.redalyc.org\/journal\/164\/16464408004\/"},{"key":"7136","unstructured":"LAC. (1 de 11 de 2021). Acerca de la Agenda 2030 para el desarrollo sostenible. https:\/\/agenda2030lac.org\/es\/acerca-de-la-agenda-2030-para-el-desarrollo-sostenible"},{"key":"7137","unstructured":"Mar\u00e9chal, S. (2007). El manifiesto de los iguales. Youkali Revista cr\u00edtica de las artes y el pensamiento, (3), 127- 130."},{"key":"7138","unstructured":"Mart\u00ednez-Cifuentes, A. (2015). Evoluci\u00f3n de los deerechos civiles y pol\u00edticos en el \u00e1mbito internacional y su impacto en la democracia y la participaci\u00f3n pol\u00edtica en los Estados. Iter Ad Veritatem 14, 113-151."},{"key":"7139","unstructured":"Mart\u00ednez, V. R., y Barreto, R. S. (2019). Reflexiones cr\u00edticas de la sostenibilidad como construcci\u00f3n pol\u00edticamente correcta del desarrollo. Pluriversidad, (4), 133-150."},{"key":"7140","unstructured":"Medina, J. G. (2017). Las pol\u00edticas p\u00fablicas y objetivos de desarrollo sostenible desde un enfoque basado en derechos humanos. Trayectorias Humanas Transcontinentales TraHs, 11 - 22."},{"key":"7141","unstructured":"Mora, J. C. (2018). Inclusi\u00f3n de la agenda 2030 de Desarrollo Sostenible y los Objetivos de Desarrollo Sostenible (ODS), en el proceso de formaci\u00f3n de la agenda de pol\u00edticas p\u00fablicas de Bogot\u00e1 2016 \u2013 2019. Bogot\u00e1: Tesis de grado. Universidad Nacional Abierta y a Distancia - UNAD. https:\/\/repository.unad.edu.co\/handle\/10596\/20920"},{"key":"7142","doi-asserted-by":"crossref","unstructured":"Mora, R. A. (2019). El \u201cCiclo de las pol\u00edticas\u201d en la ense\u00f1anza de las pol\u00edticas p\u00fablicas. Opera 25, 137-157.","DOI":"10.18601\/16578651.n25.08"},{"key":"7143","unstructured":"ONU (s.f.). Promover el desarrollo sostenible a trav\u00e9s de los derechos humanos. Obtenido de Oficina del Alto Comisionado: https:\/\/www.ohchr.org\/SP\/AboutUs\/ManagementPlan\/Pages\/sustainable-development.aspx"},{"key":"7144","unstructured":"Pacto Mundial. (07 de 04 de 2020). Los efectos de la covid-19 en los Objetivos de Desarrollo Sostenible."},{"key":"7145","unstructured":"Pinz\u00f3n, M. M. (2005). La revoluci\u00f3n francesa y el derecho administrativo franc\u00e9s. La invenci\u00f3n de la teor\u00eda del acto pol\u00edtico o de gobierno y su ausencia de control judicial. Dialogos de saberes, 167-190."},{"key":"7146","unstructured":"Pl\u00e1 Le\u00f3n, R., & Vila Bormey, M. T. (1998). La Filosof\u00eda de la Liberaci\u00f3n en el contexto de la filosof\u00eda latinoamericana. En Filosof\u00eda en Am\u00e9rica Latina. La Habana: Felix Varela."},{"key":"7147","unstructured":"PNUD. (2016). Objetivos de Desarrollo Sostenible, Colombia. Herramientas de aproximaci\u00f3n al contexto local. Obtenido de Trabajohumanitario.org\/: https:\/\/trabajohumanitario.org\/wp-content\/uploads\/2020\/01\/undp-co-ODSColombiaVSWS-2016.pdf"},{"key":"7148","unstructured":"PNUD. (2018). ODS en Colombia: Los retos para 2030. Colombia: PNUD."},{"key":"7149","unstructured":"PNUD. (11 de 11 de 2021). Objetivos de Desarrollo Sostenible. https:\/\/www1.undp.org\/content\/undp\/es\/home\/sustainable-development-goals\/background.html"},{"key":"7150","unstructured":"Poveda, A. (2009). Planeaci\u00f3n del Desarrollo. Bogot\u00e1: ESAP."},{"key":"7151","unstructured":"Thwaites Rey, M., y Ouvi\u00f1a, H. (2012). La estatalidad latinoamericana revisitada. Reflexiones e hip\u00f3tesis alrededor del problema del poder pol\u00edtico y las transiciones. En M. T. (editora), El Estado en Am\u00e9rica Latina: Continuidades y rupturas. ARCIS- CLACSO, Santiago de Chile."},{"key":"7152","doi-asserted-by":"crossref","unstructured":"Torres-Villarreal, M. L., y Iregui-Parra, P. M. (2019). Colombia frente a los Objetivos de Desarrollo Sostenible. Retos desde los derechos humanos. Bogot\u00e1: Universidad del Rosario.","DOI":"10.12804\/tj9789587843507"},{"key":"7153","unstructured":"Wallerstein, I. (2006). An\u00e1lisis de Sistemas-Mundo. Una introducci\u00f3n. Madrid: Siglo XXI Editores https:\/\/sociologiadeldesarrolloi.files.wordpress.com\/2014\/11\/223976110-26842642-immanuel-wallerstein-analisis-de-sistemas-mundo.pdf"},{"key":"7154","doi-asserted-by":"crossref","unstructured":"Zurbriggen, C., y Travieso, E. (2016). Hacia un nuevo Estado desarrollista: desaf\u00edos para Am\u00e9rica Latina. Perfiles Latinoamericanos, 24(47), 259-281.","DOI":"10.18504\/pl2447-004-2016"}],"container-title":["Administraci\u00f3n &amp; Desarrollo"],"link":[{"URL":"https:\/\/revistas.esap.edu.co\/index.php\/admindesarro\/article\/download\/828\/655","content-type":"application\/pdf","content-version":"vor","intended-application":"text-mining"},{"URL":"https:\/\/revistas.esap.edu.co\/index.php\/admindesarro\/article\/download\/828\/664","content-type":"text\/xml","content-version":"vor","intended-application":"text-mining"},{"URL":"https:\/\/revistas.esap.edu.co\/index.php\/admindesarro\/article\/download\/828\/655","content-type":"unspecified","content-version":"vor","intended-application":"similarity-checking"}],"deposited":{"date-parts":[[2025,12,31]],"date-time":"2025-12-31T19:53:34Z","timestamp":1767210814000},"score":0.0,"resource":{"primary":{"URL":"https:\/\/revistas.esap.edu.co\/index.php\/admindesarro\/article\/view\/828"}},"issued":{"date-parts":[[2023,6,21]]},"references-count":60,"journal-issue":{"issue":"1","published-online":{"date-parts":[[2023,1,1]]}},"URL":"https:\/\/doi.org\/10.22431\/25005227.vol53n1.6","ISSN":["2500-5227","0120-3754"],"issn-type":[{"type":"electronic","value":"2500-5227"},{"type":"print","value":"0120-3754"}],"published":{"date-parts":[[2023,6,21]]}},{"indexed":{"date-parts":[[2026,6,26]],"date-time":"2026-06-26T23:24:47Z","timestamp":1782516287553,"version":"3.54.5"},"reference-count":0,"publisher":"Escuela Superior de Administracion Publica","issue":"52","license":[{"start":{"date-parts":[[2010,12,1]],"date-time":"2010-12-01T00:00:00Z","timestamp":1291161600000},"content-version":"unspecified","delay-in-days":0,"URL":"http:\/\/creativecommons.org\/licenses\/by-nc-nd\/4.0"}],"content-domain":{"domain":[],"crossmark-restriction":false},"short-container-title":["Adm. Desarro."],"abstract":"<jats:p>This paper was aimed at establishing the current conditions that help or hinder territorial governments\u00b4 international integration. Changes emerging within nation-states are being caused by phenomena such as globalisation and show the relevance of achieving local and regional internationalisation as a strategy for developing their territories. A description is given of local authorities\u00b4 skills regarding such process and the regulatory framework governing it. Some international and domestic cases are presented which were considered relevant for showing advances which have been made in the matter. The evidence gleaned from a literature review led to concluding that territorial internationalisation is a process which is just beginning for all Latin-American countries in which, paradoxically, national level has played an important role. Such processes have been received in Colombia with greater ease in capital cities or in departments having higher levels of development. However, emerging regional government participation can be seen in integration and the embryonic use of modes of internationalisation, such as decentralised cooperation, twinning, participation in networks or territorial marketing.<\/jats:p>","DOI":"10.22431\/25005227.159","type":"journal-article","created":{"date-parts":[[2017,7,5]],"date-time":"2017-07-05T12:06:06Z","timestamp":1499256366000},"page":"113-130","source":"Crossref","is-referenced-by-count":3,"title":["Internacionalizaci\u00f3n Territorial Posibilidades y dificultades para los gobiernos subnacionales1","Territorial internationalisation: possiblities and dificulties for subnational goverments"],"prefix":"10.22431","volume":"38","author":[{"given":"William Guillermo","family":"Jimenez","sequence":"first","affiliation":[],"role":[{"vocabulary":"crossref","role":"author"}]},{"given":"Ana Mar\u00eda","family":"Ochoa","sequence":"additional","affiliation":[],"role":[{"vocabulary":"crossref","role":"author"}]},{"given":"Erica Johana","family":"Pineda","sequence":"additional","affiliation":[],"role":[{"vocabulary":"crossref","role":"author"}]}],"member":"9723","published-online":{"date-parts":[[2010,12,1]]},"container-title":["Administraci\u00f3n &amp; Desarrollo"],"link":[{"URL":"https:\/\/revistas.esap.edu.co\/index.php\/admindesarro\/article\/download\/159\/pdf","content-type":"application\/pdf","content-version":"vor","intended-application":"text-mining"},{"URL":"https:\/\/revistas.esap.edu.co\/index.php\/admindesarro\/article\/download\/159\/pdf","content-type":"unspecified","content-version":"vor","intended-application":"similarity-checking"}],"deposited":{"date-parts":[[2025,11,6]],"date-time":"2025-11-06T16:34:26Z","timestamp":1762446866000},"score":0.0,"resource":{"primary":{"URL":"https:\/\/revistas.esap.edu.co\/index.php\/admindesarro\/article\/view\/159"}},"issued":{"date-parts":[[2010,12,1]]},"references-count":0,"journal-issue":{"issue":"52","published-online":{"date-parts":[[2010,12,1]]}},"URL":"https:\/\/doi.org\/10.22431\/25005227.159","ISSN":["2500-5227","0120-3754"],"issn-type":[{"value":"2500-5227","type":"electronic"},{"value":"0120-3754","type":"print"}],"published":{"date-parts":[[2010,12,1]]}},{"indexed":{"date-parts":[[2022,3,31]],"date-time":"2022-03-31T04:22:31Z","timestamp":1648700551588},"reference-count":0,"publisher":"Escuela Superior de Administraci\u00f3n P\u00fablica","isbn-type":[{"value":"9789586524360","type":"print"}],"content-domain":{"domain":[],"crossmark-restriction":false},"DOI":"10.22431\/9789586524360","type":"book","created":{"date-parts":[[2018,4,26]],"date-time":"2018-04-26T01:34:12Z","timestamp":1524706452000},"source":"Crossref","is-referenced-by-count":0,"title":["El capital social en clave de paz"],"prefix":"10.22431","author":[{"given":"Edgar Enrique","family":"Mart\u00ednez C\u00e1rdenas","sequence":"first","affiliation":[],"role":[{"role":"author","vocabulary":"crossref"}]}],"member":"9723","published-online":{"date-parts":[[2018,4,6]]},"deposited":{"date-parts":[[2018,4,26]],"date-time":"2018-04-26T01:34:13Z","timestamp":1524706453000},"score":0.0,"resource":{"primary":{"URL":"http:\/\/www.esap.edu.co\/portal\/\/wp-content\/uploads\/2018\/04\/4.-Capital-social-en-clave-de-paz-Pages.pdf"}},"issued":{"date-parts":[[2018,4,6]]},"ISBN":["9789586524360"],"references-count":0,"URL":"https:\/\/doi.org\/10.22431\/9789586524360","published":{"date-parts":[[2018,4,6]]}},{"indexed":{"date-parts":[[2025,5,14]],"date-time":"2025-05-14T07:41:29Z","timestamp":1747208489956,"version":"3.40.5"},"reference-count":20,"publisher":"Escuela Superior de Administracion Publica","issue":"1","license":[{"start":{"date-parts":[[2021,6,30]],"date-time":"2021-06-30T00:00:00Z","timestamp":1625011200000},"content-version":"unspecified","delay-in-days":0,"URL":"http:\/\/creativecommons.org\/licenses\/by-nc-nd\/4.0"}],"content-domain":{"domain":[],"crossmark-restriction":false},"short-container-title":["Adm. Desarro."],"abstract":"<jats:p>Con el fin de analizar la importancia de la \u00e9tica en los procesos de emprendimiento, a partir de la mirada de los emprendedores, as\u00ed como validar la necesidad de la formaci\u00f3n y el acompa\u00f1amiento en temas de esta \u00edndole, se plantean las siguientes hip\u00f3tesis que permiten cuestionar si la \u00e9tica es vista como un conjunto de normas y c\u00f3mo en las entidades de este tipo de ecosistema se aborda este componente. Quienes han pasado por entidades de este gremio se concentran m\u00e1s en la rentabilidad que en el Otro; tener socios revela el valor de ese Otro y quienes confirman su importancia titubean a la hora de tener una decisi\u00f3n poco \u00e9tica. Para reconocer la presencia del Otro en los emprendedores, se elabor\u00f3 un instrumento revisado por catorce expertos que fue aplicado a 411 empresarios de la ciudad de Medell\u00edn y su \u00c1rea Metropolitana. Los resultados permiten evidenciar que, se hace necesario para este ecosistema dise\u00f1ar metodolog\u00edas para abordar los temas \u00e9ticos, ya que es fundamental contar con herramientas adecuadas. Se evidencia, adem\u00e1s, una sensibilidad frente al Otro que tiende a desaparecer cuando se habla de rentabilidad.<\/jats:p>","DOI":"10.22431\/25005227.vol51n1.9","type":"journal-article","created":{"date-parts":[[2022,6,16]],"date-time":"2022-06-16T16:58:41Z","timestamp":1655398721000},"page":"184-203","source":"Crossref","is-referenced-by-count":0,"title":["La presencia de la \u00e9tica y el reconocimiento del Otro en el emprendedor para la toma de decisiones"],"prefix":"10.22431","volume":"51","author":[{"given":"Ana Mar\u00eda","family":"Holgu\u00edn Montoya","sequence":"first","affiliation":[],"role":[{"role":"author","vocabulary":"crossref"}]},{"ORCID":"https:\/\/orcid.org\/0000-0003-3286-8704","authenticated-orcid":false,"given":"Luis Fernando","family":"Garc\u00e9s Giraldo","sequence":"additional","affiliation":[],"role":[{"role":"author","vocabulary":"crossref"}]},{"ORCID":"https:\/\/orcid.org\/0000-0003-1885-9158","authenticated-orcid":false,"given":"Conrado","family":"Giraldo Zuluaga","sequence":"additional","affiliation":[],"role":[{"role":"author","vocabulary":"crossref"}]}],"member":"9723","published-online":{"date-parts":[[2021,6,30]]},"reference":[{"key":"3881","unstructured":"Carn\u00e9, D. (1999). Consideraciones \u00e9ticas sobre la iniciativa emprendedora. Eunsa."},{"key":"3882","unstructured":"Corte Constitucional. (2015 de abril). Sentencia C-150. M. P. Gonz\u00e1lez Cuervo, M."},{"key":"3883","unstructured":"Cortina, A. (2003). \u00c9tica de la empresa. Trotta."},{"key":"3884","unstructured":"Esquirol, J. (2006). El respeto o la mirada atenta. Gedisa."},{"key":"3885","unstructured":"Estrada-L\u00f3pez, H., Saumett-Espa\u00f1a, H., C\u00e1ceres-Martelo, A., Blanco-Ariza, A. B., Melamed-Varela, E., Palacio-Fl\u00f3rez, A. K., & ... & Ortiz-Torres, M. (2020). Pr\u00e1cticas de \u00e9tica y responsabilidad social en peque\u00f1as empresas. Barranquilla: Ediciones Universidad Sim\u00f3n Bol\u00edvar."},{"key":"3886","unstructured":"Gemma, J. (3 de Junio de 2021). La importancia de la \u00e9tica en los negocios. Business. Obtenido de https:\/\/www.escueladenegociosydireccion.com\/revista\/business\/rr-hh\/la-importancia-de-la-etica-en-los-negocios\/"},{"key":"3887","unstructured":"Heidegger, M. (1971). El ser y el tiempo. Fondo de Cultura econ\u00f3mica."},{"key":"3888","unstructured":"Hern\u00e1ndez, R., Fernandez, C., & Baptista, P. (2003). Metodolog\u00eda de la Investigaci\u00f3n. McGraw-Hill."},{"key":"3889","unstructured":"Levinas, E. (1974). Humanismo del otro hombre. Siglo XXI."},{"key":"3890","unstructured":"Levinas, E. (1993). El tiempo y el otro. Paid\u00f3s."},{"key":"3891","unstructured":"Levinas, E. (1998). La huella del otro. Tauros."},{"key":"3892","unstructured":"Levinas, E. (2002). Totalidad e infinito. S\u00edgueme."},{"key":"3893","unstructured":"Levinas, E. (2014). Alteridad y trascendencia. Arena libros."},{"key":"3894","unstructured":"Mel\u00e9, D. (1999). Consideraciones \u00e9ticas sobre la iniciativa emprendedora y la empresa familiar. Eunsa."},{"key":"3895","doi-asserted-by":"crossref","unstructured":"Nussbaum, M. (2010). Sin fines de lucro. Katz Editores.","DOI":"10.2307\/j.ctvndv60c"},{"key":"3896","unstructured":"Plat\u00f3n. (2008). La Rep\u00fablica. Akal. Obtenido de https:\/\/www.akal.com\/libro\/la-republica_34165\/"},{"key":"3897","unstructured":"Qero Virla, M. (2015). Confiabilidad y coeficiente Alpha de Cronbach. Telos, 12(2), 248-252."},{"key":"3898","doi-asserted-by":"crossref","unstructured":"Santos Ortega, A. S.-P. (2021). El dispositivo emprendedor: Interpelaci\u00f3n \u00e9tica y producci\u00f3n de nuevos sujetos del trabajo. Revista Espa\u00f1ola de Sociolog\u00eda(30.(3)), 1-17. Obtenido de https:\/\/recyt.fecyt.es\/index.php\/res\/article\/download\/83649\/65687\/","DOI":"10.22325\/fes\/res.2021.62"},{"key":"3899","unstructured":"Savater, F. (2015). \u00c9tica para la empresa. Conecta."},{"key":"3900","unstructured":"Trist\u00e1n-L\u00f3pez, A. (2008). Modificaci\u00f3n al modelo de Lawshe para el dictamen cuantitativo de la validez de contenido de un instrumento objetivo. Avances en Medici\u00f3n, 6(1), 37-48."}],"container-title":["Administraci\u00f3n &amp; Desarrollo"],"link":[{"URL":"https:\/\/revistas.esap.edu.co\/index.php\/admindesarro\/article\/download\/654\/576","content-type":"application\/pdf","content-version":"vor","intended-application":"text-mining"},{"URL":"https:\/\/revistas.esap.edu.co\/index.php\/admindesarro\/article\/download\/654\/565","content-type":"text\/xml","content-version":"vor","intended-application":"text-mining"},{"URL":"https:\/\/revistas.esap.edu.co\/index.php\/admindesarro\/article\/download\/654\/554","content-type":"unspecified","content-version":"vor","intended-application":"similarity-checking"}],"deposited":{"date-parts":[[2022,7,29]],"date-time":"2022-07-29T15:25:22Z","timestamp":1659108322000},"score":0.0,"resource":{"primary":{"URL":"https:\/\/revistas.esap.edu.co\/index.php\/admindesarro\/article\/view\/654"}},"issued":{"date-parts":[[2021,6,30]]},"references-count":20,"journal-issue":{"issue":"1","published-online":{"date-parts":[[2021,6,30]]}},"URL":"https:\/\/doi.org\/10.22431\/25005227.vol51n1.9","ISSN":["2500-5227","0120-3754"],"issn-type":[{"type":"electronic","value":"2500-5227"},{"type":"print","value":"0120-3754"}],"published":{"date-parts":[[2021,6,30]]}},{"indexed":{"date-parts":[[2025,7,9]],"date-time":"2025-07-09T16:40:10Z","timestamp":1752079210481,"version":"3.41.2"},"reference-count":32,"publisher":"Escuela Superior de Administracion Publica","issue":"1","license":[{"start":{"date-parts":[[2024,6,12]],"date-time":"2024-06-12T00:00:00Z","timestamp":1718150400000},"content-version":"unspecified","delay-in-days":0,"URL":"http:\/\/creativecommons.org\/licenses\/by-nc-sa\/4.0"}],"content-domain":{"domain":[],"crossmark-restriction":false},"short-container-title":["Adm. Desarro."],"abstract":"<jats:p>This article explores the theory of New Regionalism, which offers a contemporary conceptual approach to analyzing political economy. Creating international agreements facilitates and regulates economic, political, commercial, and financial relationships between two countries or regional blocs. This study connects this theory\u2019s framework and recent economic trends in China. Moreover, it identifies crucial public policies and market factors contributing to the empirical findings and the concepts and ideas presented.This study utilizes a qualitative research methodology with a critical, descriptive approach. It relies on reliable official databases and secondary sources of bibliographic information to analyze the significance of theoretical and conceptual postulates and public policies that impact China\u2019s ability to sustain its economic transformation process. Additionally, the research identifies this country\u2019s main challenges and prospects, which will play a vital role in its growth and development in the upcoming decades.<\/jats:p>","DOI":"10.22431\/25005227.vol54n1.985","type":"journal-article","created":{"date-parts":[[2024,6,12]],"date-time":"2024-06-12T20:59:28Z","timestamp":1718225968000},"page":"e985","source":"Crossref","is-referenced-by-count":0,"title":["China and New Regionalism: Theory, Policy, and Perspectives","China y el nuevo regionalismo: teor\u00eda, pol\u00edtica y perspectivas"],"prefix":"10.22431","volume":"54","author":[{"ORCID":"https:\/\/orcid.org\/0000-0002-8008-8334","authenticated-orcid":false,"given":"Francisco Javier","family":"Dorado Urbano","sequence":"first","affiliation":[],"role":[{"role":"author","vocabulary":"crossref"}]}],"member":"9723","published-online":{"date-parts":[[2024,6,12]]},"reference":[{"key":"13830","doi-asserted-by":"crossref","unstructured":"Anadi, A. (2024). New Regionalism and Norm Creation: A Case of Shanghai Cooperation Organization. Journal of Strategic Security, 17(1), 100-111. https:\/\/doi.org\/10.5038\/1944-0472.17.1.2184","DOI":"10.5038\/1944-0472.17.1.2184"},{"key":"13831","doi-asserted-by":"crossref","unstructured":"Baccini, L. & D\u00fcr, A. (2012). The New Regionalism and Policy Interdependence. British Journal of Political Science, 42(1), 57-79. https:\/\/doi.org\/10.1017\/S0007123411000238","DOI":"10.1017\/S0007123411000238"},{"key":"13832","doi-asserted-by":"crossref","unstructured":"Baldwin, R. (2011). 21st Century Regionalism: Filling the gap between 21st century trade and 20th century trade rules. World Trade Organization.","DOI":"10.2139\/ssrn.1869845"},{"key":"13833","unstructured":"Bregolat, E. (2011), The second Chinese revolution. Intellectual capital is the key to understanding the most important country of the 21st century. Buenos Aires."},{"key":"13834","unstructured":"Burfisher, M., Robinson S. & Thierfelder K. (2006). Regionalism: Old and New, Theory and Practice [International conference]. Agricultural policy reform and the WTO: where are we heading? Capri, Itlay. https:\/\/www.researchgate.net\/publication\/2937301_Regionalism_Old_and_New_Theory_and_Practice"},{"key":"13835","unstructured":"Chi, F. (2010). Change of China's Development Models at the Crossroads. China Institute for Reform and Development (CIRD), China Intercontinental Press."},{"key":"13836","doi-asserted-by":"crossref","unstructured":"Choudhari, A. (2024). New Regionalism and Norm Creation: A Case of Shanghai Cooperation Organization. Journal of Strategic Security, 17(1), 100-111. https:\/\/doi.org\/10.5038\/1944-0472.17.1.2184","DOI":"10.5038\/1944-0472.17.1.2184"},{"key":"13837","unstructured":"Hass, R. (2019). How a World Order Ends. Foreign Affairs, 98(1). https:\/\/www.foreignaffairs.com\/world\/how-world-order-ends"},{"key":"13838","doi-asserted-by":"crossref","unstructured":"Honrada, G. J. P., & Bokeriya, S. A. (2023). The Shanghai Spirit and the ASEAN Way as the Foundations of a New Regionalism. Vestnik RUDN. International Relations, 23(2), 253-264. http:\/\/doi.org\/10.22363\/2313-0660-2023-23-2-253-264","DOI":"10.22363\/2313-0660-2023-23-2-253-264"},{"key":"13839","doi-asserted-by":"crossref","unstructured":"Horn, S., Parks, B., Reinhart, C., & Trebesch, C. (2023). China as an International Lender of Last Resort. Working Paper #124. https:\/\/ssrn.com\/abstract=4413842","DOI":"10.3386\/w31105"},{"key":"13840","unstructured":"Kroeber, A., (2016). China \u2013 Latin America Relations: Review and Analysis. Reading: China's Economy. What Everyone Needs to Know.Oxford University Press."},{"key":"13841","unstructured":"Krugman, P. R., Obstfeld, M. & Melitz, M. J. (2022). International economics: Theory and policy (11th ed.). Pearson."},{"key":"13842","doi-asserted-by":"crossref","unstructured":"Lai, E. & Yu, X. (2015). Invoicing currency in international trade: An empirical investigation and some implications for the Renminbi. The World Economy, 381, 193-229. http:\/\/hdl.handle.net\/10.1111\/twec.2015.38.issue-1","DOI":"10.1111\/twec.12211"},{"key":"13843","unstructured":"Lardy, N. (2014). Markets over Mao. The Rise of Private Business in China. Peterson Institute for International Economics."},{"key":"13844","unstructured":"Lardy, N. (2018), China's Weapon in Trade is Formidable. Petersen Institute for International Economics."},{"key":"13845","unstructured":"Lardy, N. (2019), The State Strikes Back. The End of Economic Reform in China? Peterson Institute for International Economics."},{"key":"13846","doi-asserted-by":"crossref","unstructured":"Mansfield, E. & Milner, H. (2003). The New Wave of Regionalism. International Organization, 53(3), 589\u2013627. https:\/\/doi.org\/10.1162\/002081899551002","DOI":"10.1162\/002081899551002"},{"key":"13847","unstructured":"PricewaterhouseCoopers. (2017). The long view: How will the global economic order change by 2050? PricewaterhouseCoopers LLP."},{"key":"13848","doi-asserted-by":"crossref","unstructured":"Robinson, S. & Thierfelder, K. (2002). Trade liberalization and regional integration: the search for large numbers. Australian Journal of Agricultural and Resource Economics 46(4), 585\u2013604. https:\/\/doi.org\/10.1111\/1467-8489.t01-1-00057","DOI":"10.1111\/1467-8489.t01-1-00057"},{"key":"13849","unstructured":"Rosales, O. (2020). The Chinese Dream. Economic Commission for Latin America and the Caribbean. Twenty-first Century Editors. https:\/\/repositorio.cepal.org\/server\/api\/core\/bitstreams\/0a3aa007-2408-437b-a810-27e521b2492a\/content"},{"key":"13850","unstructured":"Shambaugh, D. (2013). China Goes Global: The Partial Power. Oxford University Press. http:\/\/www.jstor.org\/stable\/43818398"},{"key":"13851","unstructured":"S\u00f6derbaum, F. (2016). Early, old, new and comparative regionalism: The scholarly development of the field (KFG Working Paper No. 64. Kolleg-Forschergruppe [KFG]). Freie Universit\u00e4t Berlin. https:\/\/www.polsoz.fu-berlin.de\/en\/v\/transformeurope\/publications\/working_paper\/wp\/wp64\/WP-64-Soederbaum.pdf"},{"key":"13852","unstructured":"Tsai, K. (2015). The Rise of Shadow Banking in China: The Political Economy of Modern Chinese State Capitalism No. 2015-10. HKUST Institute for Emerging Market Studies. https:\/\/iems.ust.hk\/assets\/publications\/thought-leadership-briefs\/2015\/tlb10\/tsai-shadow-banking-china-hkustiems-tlb10.pdf"},{"key":"13853","doi-asserted-by":"crossref","unstructured":"Tussie, D. & Santander, S. (2020). The rise of post-hegemonic regionalism: The case of Latin America. United Nations University. http:\/\/dx.doi.org\/10.1007\/978-94-007-2694-9","DOI":"10.1007\/978-94-007-2694-9"},{"key":"13854","doi-asserted-by":"crossref","unstructured":"Wang Y. (2020). New Regionalism Reshaping the Future of Globalization. China Quarterly of International Strategic Studies 2020, 6(2), 249\u2013265. https:\/\/doi.org\/10.1142\/S2377740020500116","DOI":"10.1142\/S2377740020500116"},{"key":"13855","unstructured":"Woetzel, J. (2015). Five Myths About the Chinese Economy. McKinsey Quarterly. https:\/\/www.mckinsey.com\/featured-insights\/china\/five-myths-about-the-chinese-economy#\/"},{"key":"13856","unstructured":"World Bank. (2013). China 2030: Building a Modern, Harmonious, And Creative High-Income Society. The World Bank."},{"key":"13857","unstructured":"World Bank. (January 20th of 2024). DataBank. World Development Indicators [Internet database]. https:\/\/databank.worldbank.org\/reports.aspx?source=2&country"},{"key":"13858","unstructured":"World Bank, (2024). Global Economic Prospects. The World Bank."},{"key":"13859","unstructured":"Wu, X. (2010). Emerging China. The transformation of the Asian giant from within. Wiley & Sons. https:\/\/www.researchgate.net\/publication\/229091649_China_20_The_Transformation_of_an_Emerging_Superpower_and_the_New_Opportunities"},{"key":"13860","doi-asserted-by":"crossref","unstructured":"Yuzhu, W. (2020). New regionalism is reshaping the future of globalization. China Quarterly of International Strategic Studies, 6(2), 249-265. https:\/\/doi.org\/10.1142\/S2377740020500116","DOI":"10.1142\/S2377740020500116"},{"key":"13861","doi-asserted-by":"crossref","unstructured":"Zhu, X. (2012). Understanding China's Growth: Past, Present, and Future. The Journal of Economic Perspectives, 264, 103\u2013124. https:\/\/pubs.aeaweb.org\/doi\/pdfplus\/10.1257\/jep.26.4.103","DOI":"10.1257\/jep.26.4.103"}],"container-title":["Administraci\u00f3n &amp; Desarrollo"],"link":[{"URL":"https:\/\/revistas.esap.edu.co\/index.php\/admindesarro\/article\/download\/985\/760","content-type":"application\/pdf","content-version":"vor","intended-application":"text-mining"},{"URL":"https:\/\/revistas.esap.edu.co\/index.php\/admindesarro\/article\/download\/985\/765","content-type":"text\/xml","content-version":"vor","intended-application":"text-mining"},{"URL":"https:\/\/revistas.esap.edu.co\/index.php\/admindesarro\/article\/download\/985\/760","content-type":"unspecified","content-version":"vor","intended-application":"similarity-checking"}],"deposited":{"date-parts":[[2025,7,9]],"date-time":"2025-07-09T16:04:46Z","timestamp":1752077086000},"score":0.0,"resource":{"primary":{"URL":"https:\/\/revistas.esap.edu.co\/index.php\/admindesarro\/article\/view\/985"}},"issued":{"date-parts":[[2024,6,12]]},"references-count":32,"journal-issue":{"issue":"1","published-online":{"date-parts":[[2024,1,1]]}},"URL":"https:\/\/doi.org\/10.22431\/25005227.vol54n1.985","ISSN":["2500-5227","0120-3754"],"issn-type":[{"type":"electronic","value":"2500-5227"},{"type":"print","value":"0120-3754"}],"published":{"date-parts":[[2024,6,12]]}},{"indexed":{"date-parts":[[2025,11,6]],"date-time":"2025-11-06T16:51:37Z","timestamp":1762447897699,"version":"build-2065373602"},"reference-count":0,"publisher":"Escuela Superior de Administracion Publica","issue":"31","license":[{"start":{"date-parts":[[2023,12,15]],"date-time":"2023-12-15T00:00:00Z","timestamp":1702598400000},"content-version":"unspecified","delay-in-days":0,"URL":"https:\/\/creativecommons.org\/licenses\/by-nc-nd\/4.0"}],"content-domain":{"domain":[],"crossmark-restriction":false},"short-container-title":["Nova vetera"],"abstract":"<jats:p>The article reports the findings around the right to political participation of the victims of the internal armed conflict in Colombia. This, in accordance with the provisions of Law 1448 of 2011 \u201cwhich establishes measures of attention, assistance and comprehensive reparation for the victims of the internal armed conflict\u201d, and Legislative Act 02 of 2021: \u201cthrough which 16 special transitional peace constituencies are created for the Chamber of Representatives\u201d. From this perspective, some tensions that concur in the development of the aforementioned right are set out, based on (i) the historical-political conditioning factors that have determined the prolongation of the internal armed conflict; and (ii) the contingent approaches that reflect an indeterminate panorama in the transitional process. It advocates a prospective teleology on the right to political participation as a historical-political project that contributes to overcoming the internal armed conflict and consolidating peace in Colombia.<\/jats:p>","DOI":"10.22431\/25005103.n31.1","type":"journal-article","created":{"date-parts":[[2023,12,15]],"date-time":"2023-12-15T15:32:11Z","timestamp":1702654331000},"source":"Crossref","is-referenced-by-count":0,"title":["Participaci\u00f3n pol\u00edtica de las v\u00edctimas del conflicto armado en Colombia: un futuro ambivalente","Political participation of armed conflict victims in Colombia: an ambivalent future"],"prefix":"10.22431","author":[{"ORCID":"https:\/\/orcid.org\/0000-0002-9587-176X","authenticated-orcid":false,"given":"David Mauricio","family":"Ceballos L\u00f3pez","sequence":"first","affiliation":[],"role":[{"role":"author","vocabulary":"crossref"}]}],"member":"9723","published-online":{"date-parts":[[2023,12,15]]},"container-title":["Nova et Vetera"],"link":[{"URL":"https:\/\/revistas.esap.edu.co\/index.php\/novaetvetera\/article\/download\/920\/721","content-type":"application\/pdf","content-version":"vor","intended-application":"text-mining"},{"URL":"https:\/\/revistas.esap.edu.co\/index.php\/novaetvetera\/article\/download\/920\/721","content-type":"unspecified","content-version":"vor","intended-application":"similarity-checking"}],"deposited":{"date-parts":[[2025,11,6]],"date-time":"2025-11-06T16:48:22Z","timestamp":1762447702000},"score":0.0,"resource":{"primary":{"URL":"https:\/\/revistas.esap.edu.co\/index.php\/novaetvetera\/article\/view\/920"}},"issued":{"date-parts":[[2023,12,15]]},"references-count":0,"journal-issue":{"issue":"31","published-online":{"date-parts":[[2023,12,15]]}},"URL":"https:\/\/doi.org\/10.22431\/25005103.n31.1","ISSN":["2500-5103","0123-2614"],"issn-type":[{"type":"electronic","value":"2500-5103"},{"type":"print","value":"0123-2614"}],"published":{"date-parts":[[2023,12,15]]}},{"indexed":{"date-parts":[[2025,11,6]],"date-time":"2025-11-06T16:35:47Z","timestamp":1762446947396,"version":"build-2065373602"},"reference-count":0,"publisher":"Escuela Superior de Administracion Publica","issue":"54","license":[{"start":{"date-parts":[[2011,12,1]],"date-time":"2011-12-01T00:00:00Z","timestamp":1322697600000},"content-version":"unspecified","delay-in-days":0,"URL":"http:\/\/creativecommons.org\/licenses\/by-nc-nd\/4.0"}],"content-domain":{"domain":[],"crossmark-restriction":false},"short-container-title":["Adm. Desarro."],"abstract":"<jats:p>Dealing with ethical trends in governance leads to three directions of thought. Firstly, that in keeping with what has been called traditional public administration where public interest is interpreted by politicians and bureaucratic experts and the dominant model of accountability is formal and hierarchical. The second area deals with new public management (NPM) whose primary focus is user satisfaction; the search for public service performance and efficiency underlies such approach and involves ethical behaviour based on achieving results (i.e. compliance). The third area is based on creating public value, emphasised by public ethics grounded on the conjunction of individual and civil liberties with the state's legitimate authority which requires democratic participation, accountability and citizen participation forming key elements. This paper was aimed at analysing ethics within the context of trends in public management, implying a sense of direction for public ethics or ethics involved in policy-making and public administration.<\/jats:p>","DOI":"10.22431\/25005227.138","type":"journal-article","created":{"date-parts":[[2017,7,5]],"date-time":"2017-07-05T12:06:06Z","timestamp":1499256366000},"page":"85-98","source":"Crossref","is-referenced-by-count":0,"title":["Reflexiones sobre las \u00e9ticas en la gesti\u00f3n p\u00fablica","Reflections on ethics in public management"],"prefix":"10.22431","volume":"39","author":[{"given":"Freddy","family":"Mari\u00f1ez Navarro","sequence":"first","affiliation":[],"role":[{"role":"author","vocabulary":"crossref"}]}],"member":"9723","published-online":{"date-parts":[[2011,12,1]]},"container-title":["Administraci\u00f3n &amp; Desarrollo"],"link":[{"URL":"https:\/\/revistas.esap.edu.co\/index.php\/admindesarro\/article\/download\/138\/pdf","content-type":"application\/pdf","content-version":"vor","intended-application":"text-mining"},{"URL":"https:\/\/revistas.esap.edu.co\/index.php\/admindesarro\/article\/download\/138\/pdf","content-type":"unspecified","content-version":"vor","intended-application":"similarity-checking"}],"deposited":{"date-parts":[[2025,11,6]],"date-time":"2025-11-06T16:33:59Z","timestamp":1762446839000},"score":0.0,"resource":{"primary":{"URL":"https:\/\/revistas.esap.edu.co\/index.php\/admindesarro\/article\/view\/138"}},"issued":{"date-parts":[[2011,12,1]]},"references-count":0,"journal-issue":{"issue":"54","published-online":{"date-parts":[[2011,12,1]]}},"URL":"https:\/\/doi.org\/10.22431\/25005227.138","ISSN":["2500-5227","0120-3754"],"issn-type":[{"type":"electronic","value":"2500-5227"},{"type":"print","value":"0120-3754"}],"published":{"date-parts":[[2011,12,1]]}},{"indexed":{"date-parts":[[2025,11,6]],"date-time":"2025-11-06T16:40:30Z","timestamp":1762447230444,"version":"build-2065373602"},"reference-count":0,"publisher":"Escuela Superior de Administracion Publica","issue":"2","license":[{"start":{"date-parts":[[2016,7,31]],"date-time":"2016-07-31T00:00:00Z","timestamp":1469923200000},"content-version":"unspecified","delay-in-days":0,"URL":"http:\/\/creativecommons.org\/licenses\/by-nc-nd\/4.0"}],"content-domain":{"domain":[],"crossmark-restriction":false},"short-container-title":["Adm. Desarro."],"abstract":"<jats:p>Diverse Colombian Public administration topics are part of the present volume; however, all of them are transversally considered by two issues that have great importance in the academic analysis and in the administrative practice, that is to say, the production and access to knowledge and the citizens\u2019 participation.<\/jats:p>","DOI":"10.22431\/25005227.320","type":"journal-article","created":{"date-parts":[[2017,7,5]],"date-time":"2017-07-05T12:05:54Z","timestamp":1499256354000},"page":"130-133","source":"Crossref","is-referenced-by-count":0,"title":["New alternative knowledge to new participative administrations"],"prefix":"10.22431","volume":"46","author":[{"given":"Ang\u00e9lica","family":"Gunturiz","sequence":"first","affiliation":[],"role":[{"role":"author","vocabulary":"crossref"}]}],"member":"9723","published-online":{"date-parts":[[2016,7,31]]},"container-title":["Administraci\u00f3n &amp; Desarrollo"],"link":[{"URL":"https:\/\/revistas.esap.edu.co\/index.php\/admindesarro\/article\/download\/320\/pdf","content-type":"application\/pdf","content-version":"vor","intended-application":"text-mining"},{"URL":"https:\/\/revistas.esap.edu.co\/index.php\/admindesarro\/article\/download\/320\/pdf","content-type":"unspecified","content-version":"vor","intended-application":"similarity-checking"}],"deposited":{"date-parts":[[2025,11,6]],"date-time":"2025-11-06T16:37:23Z","timestamp":1762447043000},"score":0.0,"resource":{"primary":{"URL":"https:\/\/revistas.esap.edu.co\/index.php\/admindesarro\/article\/view\/320"}},"issued":{"date-parts":[[2016,7,31]]},"references-count":0,"journal-issue":{"issue":"2","published-online":{"date-parts":[[2016,7,31]]}},"URL":"https:\/\/doi.org\/10.22431\/25005227.320","ISSN":["2500-5227","0120-3754"],"issn-type":[{"type":"electronic","value":"2500-5227"},{"type":"print","value":"0120-3754"}],"published":{"date-parts":[[2016,7,31]]}},{"indexed":{"date-parts":[[2026,1,13]],"date-time":"2026-01-13T08:48:52Z","timestamp":1768294132965,"version":"3.49.0"},"reference-count":39,"publisher":"Escuela Superior de Administracion Publica","issue":"2","license":[{"start":{"date-parts":[[2020,12,31]],"date-time":"2020-12-31T00:00:00Z","timestamp":1609372800000},"content-version":"unspecified","delay-in-days":0,"URL":"http:\/\/creativecommons.org\/licenses\/by-nc-nd\/4.0"}],"content-domain":{"domain":[],"crossmark-restriction":false},"short-container-title":["Adm. Desarro."],"abstract":"<jats:p>Se escribe este art\u00edculo en tiempos de la pandemia a la que estamos sometidos, considerando que en septiembre del 2020 los ind\u00edgenas Misak se arriesgaron a tumbar la estatua del fundador de Popay\u00e1n que fue ileg\u00edtimamente erigida en la c\u00faspide de una pir\u00e1mide ind\u00edgena de car\u00e1cter prehisp\u00e1nico que all\u00ed hab\u00eda. Obviamente esa acci\u00f3n desat\u00f3 la pol\u00e9mica de si los indios hab\u00edan actuado con raz\u00f3n o sin raz\u00f3n, por lo que el presente escrito intenta dar una respuesta, apelando al incontrovertible hecho de que, aunque la historia es escrita por el vencedor, siempre cabe la posibilidad de revisar las fuentes utilizadas por los sucesivos historiadores y proceder a una revisi\u00f3n de la misma con una mayor objetividad y una m\u00e1s grande justicia sobre el pasado de todos nosotros.Para finalizar, dadas las noticias que del mundo nos llegan, es una realidad que alrededor del planeta se ha venido dando un proceso de destrucci\u00f3n de los s\u00edmbolos que han significado esclavitud, explotaci\u00f3n de los recursos naturales no renovables y el exterminio de los pueblos para aligerar de ellos a un universo ya suficientemente escarnecido por hechos fatales como el cambio clim\u00e1tico o la pandemia referida.<\/jats:p>","DOI":"10.22431\/25005227.vol50n2.7","type":"journal-article","created":{"date-parts":[[2021,11,7]],"date-time":"2021-11-07T20:52:27Z","timestamp":1636318347000},"page":"108-145","source":"Crossref","is-referenced-by-count":3,"title":["Sebasti\u00e1n de Belalc\u00e1zar, fundador de ciudades, destructor de pueblos"],"prefix":"10.22431","volume":"50","author":[{"given":"Gonzalo","family":"Buenahora Dur\u00e1n","sequence":"first","affiliation":[],"role":[{"role":"author","vocabulary":"crossref"}]}],"member":"9723","published-online":{"date-parts":[[2020,12,31]]},"reference":[{"key":"122","unstructured":"Acosta, Joaqu\u00edn (1862), 1953. Descubrimiento y colonizaci\u00f3n de la Nueva Granada. Biblioteca de Autores colombianos. Bogot\u00e1."},{"key":"123","unstructured":"An\u00f3nimo. \u201cRelaci\u00f3n de un testigo presencial, del avenimiento entre Alvarado y Almagro, y de las conquistas de Benalc\u00e1zar en Quito, Cali, Popay\u00e1n, etc.\u201d, en Garc\u00e9s, 1936. Colecci\u00f3n de documentos in\u00e9ditos relativos al adelantado capit\u00e1n don Sebasti\u00e1n de Belalc\u00e1zar. 1535-1575. Archivo Municipal. Quito. Pp. 579-582."},{"key":"124","unstructured":"An\u00f3nimo. \u201cEp\u00edtome de la Conquista del Nuevo Reino de Granada\u201d, en Hermes Tovar Pinz\u00f3n. 1996. Relaciones y Visitas a Los Andes. Siglo XVI. Regi\u00f3n Centro-oriental. Colcultura. Bogot\u00e1. Pp. 121-145."},{"key":"125","unstructured":"Andagoya, Pascual de. (1993) \u201cRelaci\u00f3n que da el Adelantado de Andaboya de las tierras y provincias de que abaxo se ara mencion\u201d, en Hermes Tovar Pinz\u00f3n, 1993. Relaciones y Visitas a los Andes. S. XVI. Colcultura. Bogot\u00e1. Pp. 103-186."},{"key":"126","unstructured":"Arboleda Llorente, Jos\u00e9 Mar\u00eda, 1966. Popay\u00e1n a trav\u00e9s del arte y de la historia. T. I. Editorial Universidad del Cauca. Popay\u00e1n."},{"key":"127","unstructured":"Arroyo Jaime (1848), 1955. Historia de la Gobernaci\u00f3n de Popay\u00e1n seguida de la cronolog\u00eda de los Gobernadores durante la dominaci\u00f3n espa\u00f1ola (No impresa la cronolog\u00eda en esta edici\u00f3n). Biblioteca de Autores Colombianos. Bogot\u00e1."},{"key":"128","unstructured":"Buenahora Duran, Gonzalo, 1999. Los campos de guerra o huestes, los caudillos, los soldados y las armas espa\u00f1olas de la Conquista. Sin editar. Universidad del Cauca. Popay\u00e1n."},{"key":"129","unstructured":"Buenahora Duran, Gonzalo, 2003. Historia de la ciudad colonial de Almaguer y sus Pueblos de Indios. Siglos XVI-XVIII. Editorial Universidad del Cauca. Popay\u00e1n."},{"key":"130","unstructured":"Caballero, Antonio. \u201cCambiar de receta\u201d. En Revista Semana. 2004-09-14."},{"key":"131","unstructured":"Caldas, Francisco Jos\u00e9 de, 1966. \u201cEstado de la Geograf\u00eda del Virreinato de Santa Fe Bogot\u00e1, con relaci\u00f3n al comercio\u201d, en Obras Completas. Universidad Nacional de Colombia. Bogot\u00e1."},{"key":"132","unstructured":"\u201cCarta de Sebasti\u00e1n Maga\u00f1a, Visitador de la Caja Real de Popay\u00e1n. Describe su llegada y estado de la Provincia\u201d. Diciembre 12 de 1547. En Garc\u00e9s, 1936. Colecci\u00f3n de documentos in\u00e9ditos relativos al adelantado capit\u00e1n don Sebasti\u00e1n de Belalc\u00e1zar. 1535-1575. Archivo Municipal. Quito. Pp. 263-286"},{"key":"133","unstructured":"Castellanos, Juan de. \u201cA la muerte de don Sebasti\u00e1n de Belalc\u00e1zar, Adelantado de la Gobernaci\u00f3n de Popay\u00e1n, donde se cuenta el descubrimiento de aquellas provincias, y memorables cosas en ellas acontecidas.\u201d, en Revista Cespedecia. Bolet\u00edn cient\u00edfico del departamento del Valle del Cauca. Cali. 1985. Pp. 61-81."},{"key":"134","unstructured":"Cieza de Le\u00f3n, Pedro, 1984. La Cr\u00f3nica del Per\u00fa. Las guerras civiles peruanas. Tomo I. Instituto Gonzalo Fern\u00e1ndez de Oviedo. Madrid."},{"key":"135","unstructured":"De Niza Fray Marcos, 1539. Relaci\u00f3n con legalizaci\u00f3n del escribano de Temixtitan. M\u00e9xico de la Nueva Espa\u00f1a."},{"key":"136","unstructured":"Friede, Juan, 1961. Vida y luchas de don Juan del Valle, primer obispo de Popay\u00e1n y protector de indios. Ed. Universidad del Cauca. Popay\u00e1n."},{"key":"137","unstructured":"Garc\u00e9s G., Jorge A, 1936. Colecci\u00f3n de documentos in\u00e9ditos relativos al adelantado capit\u00e1n don Sebasti\u00e1n de Belalc\u00e1zar. 1535-1575. Archivo Municipal. Quito."},{"key":"138","unstructured":"Garc\u00e9s Giraldo, Diego, 1986. Sebasti\u00e1n de Belalc\u00e1zar, Fundador de ciudades. Feriva. Cali."},{"key":"139","unstructured":"Guevara, Luis de. \u201cCarta de don Luis de Guevara a Su Majestad. Da cuenta de su llegada a la provincia de Popay\u00e1n; dice que Benalc\u00e1zar socorri\u00f3 a La Gasca en la pacificaci\u00f3n del Per\u00fa; habla de otras cosas relacionadas con las conquistas de Benalc\u00e1zar\u201d. Septiembre 20 de 1549. En Jorge Garc\u00e9s, 1936. Colecci\u00f3n de documentos in\u00e9ditos relativos al adelantado capit\u00e1n don Sebasti\u00e1n de Belalc\u00e1zar. 1535-1575. Archivo Municipal. Quito. Pp. 329-344."},{"key":"140","unstructured":"Hagen, V\u00edctor Wolfang von, 1978. The gold of El Dorado. Granada Publishing. London."},{"key":"141","unstructured":"Hemming, Jonh, 1970, 1982. La conquista de los Incas. F.C.E. M\u00e9xico."},{"key":"142","unstructured":"Jij\u00f3n y Caama\u00f1o, Jacinto, 1936, 1938. Sebasti\u00e1n de Belalc\u00e1zar. 2 tomos. Imprenta del Clero. Quito."},{"key":"143","unstructured":"Las Casas, Bartolom\u00e9 de, 1985. \u201cBrevissima Relaci\u00f3n de la Destruyci\u00f3n de Las Indias\u201d, en Obra Indigenista. Ed. de Jos\u00e9 Alcina Franch. Alianza. Madrid."},{"key":"144","unstructured":"Lunardi, Federico, 1934. El Macizo Colombiano en la Prehistoria de Sur Am\u00e9rica. Arqueolog\u00eda y Prehistoria del Nudo andino de Colombia. Apartado del Instituto Hist\u00f3rico y Geogr\u00e1fico del Brasil. Imprenta Nacional. R\u00edo de Janeiro."},{"key":"145","unstructured":"Maga\u00f1a, Sebasti\u00e1n. \u201cCarta a su Magestad, de los oficiales reales de Popay\u00e1n, Luis de Guevara y Sebasti\u00e1n de Maga\u00f1a, sobre el estado y sucesos de aquella Provincia\u201d, Cali, 2 de febrero de 1544. En Garc\u00e9s, 1936. Colecci\u00f3n de documentos in\u00e9ditos relativos al adelantado capit\u00e1n don Sebasti\u00e1n de Belalc\u00e1zar. 1535-1575. Archivo Municipal. Quito. Pp. V-XVII."},{"key":"146","unstructured":"Meinecke, Friedrich, 1982. El Historicismo y su g\u00e9nesis. F.C.E. M\u00e9xico."},{"key":"147","unstructured":"Owler, Lu\u00eds Nicolau d\u2019, 1981. Cronistas de las culturas precolombinas. F.C.E. M\u00e9xico."},{"key":"148","unstructured":"Robledo, Jorge. \u201cRelaci\u00f3n de Anzerma\u201d, en Tovar, Relaciones y Visitas a los Andes, siglo XVI. Colcultura. Bogot\u00e1. 1993."},{"key":"149","doi-asserted-by":"crossref","unstructured":"Romoli de Avery, Kathleen, 1962: \u201cEl Suroeste del Cauca y sus Indios al tiempo de la conquista espa\u00f1ola. Seg\u00fan documentos contempor\u00e1neos.\u201d En Revista Colombiana de Antropolog\u00eda. Vol. XI. Bogot\u00e1.","DOI":"10.22380\/2539472X.1682"},{"key":"150","doi-asserted-by":"crossref","unstructured":"Romoli de Avery, Kathleen. (1987). \u201cApuntes sobre los Pueblos aut\u00f3ctonos del litoral colombiano del \u201cPac\u00edfico\u201d en la \u00e9poca de la conquista espa\u00f1ola\u201d. En Revista Colombiana de Antropolog\u00eda. 12, pp. 261\u2013290.","DOI":"10.22380\/2539472X.1693"},{"key":"151","unstructured":"Romoli de Avery, Kathleen. (1988). Vasco N\u00fa\u00f1ez de Balboa, Descubridor del Pac\u00edfico. Plaza y Jan\u00e9s. Bogot\u00e1."},{"key":"152","unstructured":"Rumazo Gonz\u00e1lez, Jos\u00e9, (1946). La regi\u00f3n amaz\u00f3nica del Ecuador en el siglo XVI. Banco Central del Ecuador. Quito."},{"key":"153","unstructured":"Santa Gertrudis, Fray Juan de, (1970). Maravillas de la Naturaleza. Banco Popular. Bogot\u00e1."},{"key":"154","unstructured":"Triana Antoverza, Adolfo, (1992). La colonizaci\u00f3n espa\u00f1ola en el Tolima. Siglos XVI y XVII. Cuadernos el Jaguar. Santaf\u00e9 de Bogot\u00e1."},{"key":"155","unstructured":"Todorov, Tzvetan, (1989). La Conquista de Am\u00e9rica. Siglo XXI Editores. Bogot\u00e1."},{"key":"156","unstructured":"Tovar Pinz\u00f3n, Hermes, (1993). Relaciones y Visitas a los Andes, s. XVI. Instituto de Cultura Hisp\u00e1nica. Colecci\u00f3n de Historia de la Biblioteca Nacional. Bogot\u00e1."},{"key":"157","unstructured":"Trimborn, Herman, (1949). Se\u00f1or\u00edo y Barbarie en el Valle del Cauca. Estudio sobre la Antigua Civilizaci\u00f3n Quimbaya y Grupos Afines del Oeste de Colombia. Instituto Gonzalo Fern\u00e1ndez de Oviedo. Madrid."},{"key":"158","unstructured":"Velasco, Juan de, (1981). Historia del Reino de Quito en la Am\u00e9rica Meridional. Tomo II que contiene la Historia Antigua y Moderna. Biblioteca Ayacucho. Caracas."},{"key":"159","unstructured":"Valencia Llano, Alonso, (1989). La Resistencia Militar Ind\u00edgena en la Gobernaci\u00f3n de Popay\u00e1n. Ed. Fris. Popay\u00e1n."},{"key":"160","unstructured":"V\u00e1zquez Coronado, Francisco, (1539). Carta al Emperador d\u00e1ndole cuenta de la expedici\u00f3n a la provincia de Quivira y de la inexactitud de lo referido a (sic) Fray Marcos de Niza, acerca de aquel pa\u00eds."}],"container-title":["Administraci\u00f3n y Desarrollo"],"link":[{"URL":"https:\/\/revistas.esap.edu.co\/index.php\/admindesarro\/article\/download\/525\/485","content-type":"application\/pdf","content-version":"vor","intended-application":"text-mining"},{"URL":"https:\/\/revistas.esap.edu.co\/index.php\/admindesarro\/article\/download\/525\/485","content-type":"unspecified","content-version":"vor","intended-application":"similarity-checking"}],"deposited":{"date-parts":[[2021,11,7]],"date-time":"2021-11-07T20:52:43Z","timestamp":1636318363000},"score":0.0,"resource":{"primary":{"URL":"https:\/\/revistas.esap.edu.co\/index.php\/admindesarro\/article\/view\/525"}},"issued":{"date-parts":[[2020,12,31]]},"references-count":39,"journal-issue":{"issue":"2","published-online":{"date-parts":[[2020,12,31]]}},"URL":"https:\/\/doi.org\/10.22431\/25005227.vol50n2.7","ISSN":["2500-5227","0120-3754"],"issn-type":[{"value":"2500-5227","type":"electronic"},{"value":"0120-3754","type":"print"}],"published":{"date-parts":[[2020,12,31]]}},{"indexed":{"date-parts":[[2025,11,6]],"date-time":"2025-11-06T16:37:51Z","timestamp":1762447071425,"version":"build-2065373602"},"reference-count":0,"publisher":"Escuela Superior de Administracion Publica","issue":"53","license":[{"start":{"date-parts":[[2011,6,1]],"date-time":"2011-06-01T00:00:00Z","timestamp":1306886400000},"content-version":"unspecified","delay-in-days":0,"URL":"http:\/\/creativecommons.org\/licenses\/by-nc-nd\/4.0"}],"content-domain":{"domain":[],"crossmark-restriction":false},"short-container-title":["Adm. Desarro."],"abstract":"<jats:p>The main purpose of this research was to analyse the link between the public management techniques' toolbox (referring to quality management) and public policy performance management, specifically regarding the teaching improvement programme (programa de mejoramiento del profesorado - PROMEP). It was also aimed at determining the range of advantages, disadvantages, recommendations, incentives and sanctions concerning the topic. However, the principle is important; if a system for measuring knowledge management and performance is not established which is suitable for public functionaries, directors of educational establishments and teachers, then little motivation is being provided for them to perform at a high level. Accountability lacking mechanisms for measuring compliance is little more than an aspiration.<\/jats:p>","DOI":"10.22431\/25005227.149","type":"journal-article","created":{"date-parts":[[2017,7,5]],"date-time":"2017-07-05T12:06:06Z","timestamp":1499256366000},"page":"101-108","source":"Crossref","is-referenced-by-count":0,"title":["La caja de herramientas de T\u00e9cnicas de Gesti\u00f3n P\u00fablica en el Programa de Mejoramiento del Profesorado (PROMEP)","The public management techniques' toolbox used in the teaching improvement programme (programa de mejoramiento del profesorado - PROMEP)"],"prefix":"10.22431","volume":"39","author":[{"given":"Israel","family":"Cruz Badillo","sequence":"first","affiliation":[],"role":[{"role":"author","vocabulary":"crossref"}]}],"member":"9723","published-online":{"date-parts":[[2011,6,1]]},"container-title":["Administraci\u00f3n &amp; Desarrollo"],"link":[{"URL":"https:\/\/revistas.esap.edu.co\/index.php\/admindesarro\/article\/download\/149\/pdf","content-type":"application\/pdf","content-version":"vor","intended-application":"text-mining"},{"URL":"https:\/\/revistas.esap.edu.co\/index.php\/admindesarro\/article\/download\/149\/pdf","content-type":"unspecified","content-version":"vor","intended-application":"similarity-checking"}],"deposited":{"date-parts":[[2025,11,6]],"date-time":"2025-11-06T16:34:09Z","timestamp":1762446849000},"score":0.0,"resource":{"primary":{"URL":"https:\/\/revistas.esap.edu.co\/index.php\/admindesarro\/article\/view\/149"}},"issued":{"date-parts":[[2011,6,1]]},"references-count":0,"journal-issue":{"issue":"53","published-online":{"date-parts":[[2011,6,1]]}},"URL":"https:\/\/doi.org\/10.22431\/25005227.149","ISSN":["2500-5227","0120-3754"],"issn-type":[{"type":"electronic","value":"2500-5227"},{"type":"print","value":"0120-3754"}],"published":{"date-parts":[[2011,6,1]]}},{"indexed":{"date-parts":[[2025,12,31]],"date-time":"2025-12-31T20:20:22Z","timestamp":1767212422985,"version":"3.48.0"},"reference-count":0,"publisher":"Escuela Superior de Administracion Publica","issue":"2","license":[{"start":{"date-parts":[[2016,7,31]],"date-time":"2016-07-31T00:00:00Z","timestamp":1469923200000},"content-version":"unspecified","delay-in-days":0,"URL":"http:\/\/creativecommons.org\/licenses\/by-nc-nd\/4.0"}],"content-domain":{"domain":[],"crossmark-restriction":false},"short-container-title":["Adm. Desarro."],"abstract":"<jats:p>Considering the crisis of the welfare state, some developed governments started leading to implement a new management paradigm called New Public Management (NPM), aiming at replacing the old bureaucratic model to a group of administrative modernization policies, such as decentralization, quality management system, administrative flexibility, public service and the management for the results, among others. These policies stated becoming relevant internationally, up to the point they became references for the bad and good Pubic Administration. Later, this paradigm started to take part in Colombia, through some rules releasing, aiming at coordinating Colombian administration to global tendencies. Farther ahead, those rules had impact in the administration of the city of Bogota, where a series of regulatory reforms have been introduced, although slowly and confusingly, they have the NPM characteristics.<\/jats:p>","DOI":"10.22431\/25005227.67","type":"journal-article","created":{"date-parts":[[2017,7,5]],"date-time":"2017-07-05T12:05:54Z","timestamp":1499256354000},"page":"200-218","source":"Crossref","is-referenced-by-count":0,"title":["Una aproximaci\u00f3n a la nueva gesti\u00f3n p\u00fablica en Bogot\u00e1","An approach to the new public management in Bogota"],"prefix":"10.22431","volume":"46","author":[{"given":"Nicol\u00e1s","family":"Simbaqueba Moreno","sequence":"first","affiliation":[],"role":[{"role":"author","vocabulary":"crossref"}]}],"member":"9723","published-online":{"date-parts":[[2016,7,31]]},"container-title":["Administraci\u00f3n &amp; Desarrollo"],"link":[{"URL":"https:\/\/revistas.esap.edu.co\/index.php\/admindesarro\/article\/download\/67\/pdf","content-type":"application\/pdf","content-version":"vor","intended-application":"text-mining"},{"URL":"https:\/\/revistas.esap.edu.co\/index.php\/admindesarro\/article\/download\/67\/pdf","content-type":"unspecified","content-version":"vor","intended-application":"similarity-checking"}],"deposited":{"date-parts":[[2025,12,31]],"date-time":"2025-12-31T20:16:48Z","timestamp":1767212208000},"score":0.0,"resource":{"primary":{"URL":"https:\/\/revistas.esap.edu.co\/index.php\/admindesarro\/article\/view\/67"}},"issued":{"date-parts":[[2016,7,31]]},"references-count":0,"journal-issue":{"issue":"2","published-online":{"date-parts":[[2016,7,31]]}},"URL":"https:\/\/doi.org\/10.22431\/25005227.67","ISSN":["2500-5227","0120-3754"],"issn-type":[{"type":"electronic","value":"2500-5227"},{"type":"print","value":"0120-3754"}],"published":{"date-parts":[[2016,7,31]]}},{"indexed":{"date-parts":[[2026,8,28]],"date-time":"2026-08-28T15:28:04Z","timestamp":1787930884903,"version":"build-2784847793"},"reference-count":29,"publisher":"Escuela Superior de Administracion Publica","issue":"34","license":[{"start":{"date-parts":[[2025,12,10]],"date-time":"2025-12-10T00:00:00Z","timestamp":1765324800000},"content-version":"unspecified","delay-in-days":0,"URL":"https:\/\/creativecommons.org\/licenses\/by-nc-sa\/4.0"}],"content-domain":{"domain":[],"crossmark-restriction":false},"short-container-title":["Nova vetera"],"abstract":"<jats:p>Problem statement: This article takes an interdisciplinary and hermeneutic approach to judicial sources produced in contexts of extreme violence in the past. Focusing on the documentation produced by Franco's military justice system during the Spanish Civil War and the post-war period, it uses this as a paradigmatic example. Method: The article introduces the concept of 'extreme sources' as a methodological category requiring its own entity for the critical analysis of documentation on repression. Drawing on a description of the issues surrounding this type of document and the methodological precautions adopted by researchers, the article's primary objective is to address the fundamental question: How should we approach legal sources originating in extreme situations in the past? Conclusion: Due to their biased and coercive nature, these documents constitute an important field of study in their own right, requiring an approach that combines historical and anthropological perspectives.<\/jats:p>","DOI":"10.22431\/25005103.1310","type":"journal-article","created":{"date-parts":[[2025,12,19]],"date-time":"2025-12-19T15:26:16Z","timestamp":1766157976000},"source":"Crossref","is-referenced-by-count":0,"title":["Las fuentes extremas. Reflexiones metodol\u00f3gicas sobre las huellas de la violencia represiva franquista","Extreme sources. Methodological reflections on the traces of Franco's repressive violence"],"prefix":"10.22431","author":[{"ORCID":"https:\/\/orcid.org\/0000-0002-4791-1982","authenticated-orcid":false,"given":"Alfonso M.","family":"Villalta Luna","sequence":"first","affiliation":[],"role":[{"vocabulary":"crossref","role":"author"}]}],"member":"9723","published-online":{"date-parts":[[2025,12,10]]},"reference":[{"key":"29050","doi-asserted-by":"publisher","DOI":"10.3989\/arbor.2010.743n1203"},{"key":"29051","unstructured":"Ana, M., Quesada, L. A., y L\u00f3pez-Pacheco, J. (1963). Espa\u00f1a a tres voces. Madrid: Ediciones Horizonte."},{"key":"29052","unstructured":"Ar\u00f3stegui S\u00e1nchez, J. (2012). Coerci\u00f3n, violencia, exclusi\u00f3n: La dictadura de Franco como sistema represivo, en J. Ar\u00f3stegui (Coord.), Franco: La represi\u00f3n como sistema (pp. 19\u201359). Barcelona: Flor del Viento."},{"key":"29053","unstructured":"Bauman, Z. (1998). Modernidad y Holocausto. Madrid: Sequitur."},{"key":"29054","unstructured":"Colman, A. D. (2022). Los archivos (de la represi\u00f3n) en M. A. Vitale (Ed.), Rutinas del mal: Estudios discursivos sobre archivos de la represi\u00f3n (pp. 17-52). Buenos Aires: EUDEBA."},{"key":"29055","unstructured":"Da Silva Catela, L. (2002). Territorios de memoria pol\u00edtica. Los archivos de la represi\u00f3n en Brasil en L. Da Silva Catela y E. Jelin (Eds.), Los archivos de la represi\u00f3n. Documentos, memoria y verdad (pp. 15-84). Madrid: Siglo XXI."},{"key":"29056","unstructured":"Da Silva Catela, L., y Jelin, E. (Eds.). (2002). Los archivos de la represi\u00f3n. Documentos, memoria y verdad. Madrid: Siglo XXI."},{"key":"29057","doi-asserted-by":"publisher","DOI":"10.1215\/9780822383345-002"},{"key":"29058","unstructured":"Farge, A. (1991). La atracci\u00f3n del archivo. Valencia: Alfons el Magn\u00e0nim."},{"key":"29059","unstructured":"Ginzburg, C. (1993). El juez y el historiador: Consideraciones al margen del proceso Sofri. Madrid: Anaya-Muchnik."},{"key":"29060","unstructured":"Ginzburg, C. (2010). El hilo y las huellas. Lo verdadero, lo falso, lo ficticio. Buenos Aires: Fondo de Cultura Econ\u00f3mica."},{"key":"29061","unstructured":"Gonz\u00e1lez Vera, M. (2002). Los Archivos del Terror del Paraguay. La historia oculta de la represi\u00f3n en L. Da Silva Catela y E. Jelin (Eds.), Los archivos de la represi\u00f3n. Documentos, memoria y verdad (pp. 85-114). Madrid: Siglo XXI."},{"key":"29062","unstructured":"Ketelaar, E. (2017). Archival turns and returns: Studies of the archive en Research in the Archival Multiverse (pp. 228-268). Monash University Publishing."},{"key":"29063","doi-asserted-by":"publisher","DOI":"10.22380\/2539472X.897"},{"key":"29064","doi-asserted-by":"publisher","DOI":"10.1177\/1463499607074294"},{"key":"29065","unstructured":"N\u00fa\u00f1ez Seixas, X. M. (2006). \u00a1Fuera el invasor! Nacionalismos y movilizaci\u00f3n b\u00e9lica durante la Guerra Civil Espa\u00f1ola (1936\u20131939). Madrid: Marcial Pons."},{"key":"29066","unstructured":"Pollak, M. (1990). L\u2019exp\u00e9rience concentrationnaire. Essai sur le maintien de l\u2019identit\u00e9 sociale. Paris: \u00c9ditions M\u00e9taili\u00e9."},{"key":"29067","unstructured":"Pollak, M. (2006). Memoria, olvido y silencio. La producci\u00f3n social de identidades frente a situaciones l\u00edmite. Buenos Aires: Editorial Al Margen."},{"key":"29068","unstructured":"Richards, M. (1999). Un tiempo de silencio: La Guerra Civil y la cultura de la represi\u00f3n en la Espa\u00f1a de Franco, 1936\u20131945. Barcelona: Cr\u00edtica."},{"key":"29069","unstructured":"Serna, J., y Pons, A. (2019). Microhistoria: Las narraciones de Carlo Ginzburg. Granada: Editorial Comares."},{"key":"29070","unstructured":"Sevillano Calero, F. (2007). Rojos: La representaci\u00f3n del enemigo en la Guerra Civil Espa\u00f1ola. Madrid: Alianza Editorial."},{"key":"29071","doi-asserted-by":"publisher","DOI":"10.22380\/2539472X.1078"},{"key":"29072","unstructured":"Tello, A. M. (2018). Anarchivismo: Tecnolog\u00edas pol\u00edticas del archivo. Buenos Aires: La Cebra."},{"key":"29073","unstructured":"Terradas, I. (2012). Antropolog\u00eda jur\u00eddica: En torno al replanteamiento de Louis Assier-Andrieu. \u00c1reas. Revista Internacional de Ciencias Sociales, 19, 51-65. https:\/\/revistas.um.es\/areas\/article\/view\/144771"},{"key":"29074","doi-asserted-by":"publisher","DOI":"10.3989\/chdj.2014.021"},{"key":"29075","doi-asserted-by":"crossref","unstructured":"Villalta Luna, A. M. (2022). Demonios de papel: Diarios desde un archivo de la represi\u00f3n franquista. Granada: Editorial Comares.","DOI":"10.3989\/dra.2023.022"},{"key":"29076","unstructured":"Villalta Luna, A. M. (2023a). Tragedia en tres actos: Los juicios sumar\u00edsimos del franquismo. Madrid: Consejo Superior de Investigaciones Cient\u00edficas (CSIC)."},{"key":"29077","doi-asserted-by":"publisher","DOI":"10.3989\/dra.2023.022"},{"key":"29078","doi-asserted-by":"publisher","DOI":"10.1146\/annurev-anthro-092611-145721"}],"container-title":["Nova et Vetera"],"link":[{"URL":"https:\/\/revistas.esap.edu.co\/index.php\/novaetvetera\/article\/download\/1310\/861","content-type":"application\/pdf","content-version":"vor","intended-application":"text-mining"},{"URL":"https:\/\/revistas.esap.edu.co\/index.php\/novaetvetera\/article\/download\/1310\/907","content-type":"unspecified","content-version":"vor","intended-application":"text-mining"},{"URL":"https:\/\/revistas.esap.edu.co\/index.php\/novaetvetera\/article\/download\/1310\/861","content-type":"unspecified","content-version":"vor","intended-application":"similarity-checking"}],"deposited":{"date-parts":[[2026,8,28]],"date-time":"2026-08-28T15:06:28Z","timestamp":1787929588000},"score":0.0,"resource":{"primary":{"URL":"https:\/\/revistas.esap.edu.co\/index.php\/novaetvetera\/article\/view\/1310"}},"issued":{"date-parts":[[2025,12,10]]},"references-count":29,"journal-issue":{"issue":"34","published-online":{"date-parts":[[2025,11,25]]}},"URL":"https:\/\/doi.org\/10.22431\/25005103.1310","ISSN":["2500-5103","0123-2614"],"issn-type":[{"value":"2500-5103","type":"electronic"},{"value":"0123-2614","type":"print"}],"published":{"date-parts":[[2025,12,10]]}},{"indexed":{"date-parts":[[2025,11,6]],"date-time":"2025-11-06T16:40:36Z","timestamp":1762447236959,"version":"build-2065373602"},"reference-count":32,"publisher":"Escuela Superior de Administracion Publica","issue":"2","license":[{"start":{"date-parts":[[2022,12,28]],"date-time":"2022-12-28T00:00:00Z","timestamp":1672185600000},"content-version":"unspecified","delay-in-days":0,"URL":"https:\/\/creativecommons.org\/licenses\/by-nc-sa\/4.0"}],"content-domain":{"domain":[],"crossmark-restriction":false},"short-container-title":["Adm. Desarro."],"abstract":"<jats:p>The economic opening in Colombia generated expectations among the large business associations and pessimism among workers, small agricultural producers and in some academic sectors. This research analyzes the effects of the opening process on the public economy. A bibliographic and national statistics review was carried out for the analysis, mainly finding that public assets were sold for more than ten billion dollars, the external sector suffered an accumulated trade deficit of 82,056 million dollars FOB in its last eight consecutive years since 2014, public revenues decreased due to the reduction in tariffs and were compensated both with increases in VAT, as well as by increasing the tax base. There was a recomposition in the sectors as proportions of the GDP, generating losses for the agricultural and industrial sectors while the financial and construction sectors benefited more.<\/jats:p>","DOI":"10.22431\/25005227.vol52n2.2","type":"journal-article","created":{"date-parts":[[2022,12,28]],"date-time":"2022-12-28T09:58:37Z","timestamp":1672221517000},"page":"26-46","source":"Crossref","is-referenced-by-count":1,"title":["Econom\u00eda p\u00fablica colombiana: treinta a\u00f1os despu\u00e9s del proceso de apertura econ\u00f3mica","Colombian Public Economy: Thirty Years After the Process of Economic Opening"],"prefix":"10.22431","volume":"52","author":[{"ORCID":"https:\/\/orcid.org\/0000-0001-8922-6417","authenticated-orcid":false,"given":"Luis Nelson","family":"Beltr\u00e1n Mora","sequence":"first","affiliation":[],"role":[{"role":"author","vocabulary":"crossref"}]},{"ORCID":"https:\/\/orcid.org\/0000-0002-9225-1565","authenticated-orcid":false,"given":"Jaime Alberto","family":"G\u00f3mez Walteros","sequence":"additional","affiliation":[],"role":[{"role":"author","vocabulary":"crossref"}]}],"member":"9723","published-online":{"date-parts":[[2022,12,28]]},"reference":[{"key":"9944","unstructured":"Acemoglu, D. y Robinson, J. (2012). Por qu\u00e9 fracasan los pa\u00edses. Editorial Planeta Colombiana S.A."},{"key":"9945","unstructured":"Amin S. (1989). El Eurocentrismo: cr\u00edtica de una ideolog\u00eda. Primera edici\u00f3n editorial Siglo Veintiuno Editores."},{"key":"9946","unstructured":"Banco de la Rep\u00fablica. (s. f.). Estad\u00edsticas Econ\u00f3micas. Banco de la Rep\u00fablica | Colombia. Recuperado de https:\/\/www.banrep.gov.co\/es\/estadisticas"},{"key":"9947","doi-asserted-by":"crossref","unstructured":"Beltr\u00e1n, L. y G\u00f3mez, J. (2019). Resultados y tratados de libre comercio entre econom\u00edas de diferente tama\u00f1o: caso EEUU-Colombia. RIPS: Revista de Investigaciones Pol\u00edticas y Sociol\u00f3gicas, 18 (2), pp. 95-114.","DOI":"10.15304\/rips.18.2.5751"},{"key":"9948","unstructured":"Bielschowsky, R. (1998). Evoluci\u00f3n de las ideas de la CEPAL. Revista CEPAL, (n\u00famero extraordinario), pp. 21-45."},{"key":"9949","unstructured":"CEPAL. (2022). Balance Preliminar de las Econom\u00edas de Am\u00e9rica Latina y el Caribe 2021. Naciones Unidas."},{"key":"9950","unstructured":"DANE. (s. f.). \u00bfQu\u00e9 es el Sistema Estad\u00edstico Nacional SEN? DANE Informaci\u00f3n para Todos. Recuperado de https:\/\/www.dane.gov.co\/index.php\/sistema-estadistico-nacional-sen"},{"key":"9951","unstructured":"Dezalay, Y. y Garth, B. (2005). La internacionalizaci\u00f3n de las luchas por el poder. La competencia entre abogados y economistas por transformar los Estados latinoamericanos. Instituto de Investigaciones Jur\u00eddicas de la UNAM."},{"key":"9952","unstructured":"DIAN. (s. f.). Estad\u00edsticas. Recuperado de https:\/\/www.dian.gov.co\/dian\/cifras\/Paginas\/estadisticas.aspx"},{"key":"9953","unstructured":"Dussel, E. (2007). Pol\u00edtica de la liberaci\u00f3n: Historia mundial y cr\u00edtica (Estructura y Procesos). Editorial Trota S.A."},{"key":"9954","unstructured":"Dussel, E. (2013). Otra mirada sobre la historia universal, I y II parte. Seminario: \u201cFilosof\u00eda pol\u00edtica en Am\u00e9rica Latina hoy\u201d. Universidad Andina Sim\u00f3n Bol\u00edvar."},{"key":"9955","unstructured":"Dussel, E. y Grosfoguel, R. (2014). Descolonizaci\u00f3n y geopol\u00edtica del conocimiento. Coloquio: Poder y Periferias. Universidad Nacional Aut\u00f3noma de M\u00e9xico."},{"key":"9956","unstructured":"FEDEA. (2022). Los efectos econ\u00f3micos de la guerra de Ucrania. Policy."},{"key":"9957","doi-asserted-by":"crossref","unstructured":"Galvis-Aponte, L., Bonet-Mor\u00f3n, J., Bonilla-Mej\u00eda, L., Otero-Cort\u00e9s, A., P\u00e9rez-Valbuena, G., Posso-Su\u00e1rez, C., y Ricciulli-Mar\u00edn, D. (2021). Desigualdades del ingreso en Colombia: \u00bfcu\u00e1les son sus determinantes y c\u00f3mo se han afectado por la pandemia del Covid-19? Revista Ensayos Sobre Pol\u00edtica Econ\u00f3mica, No. 101, diciembre 2021, pp. 1-53.","DOI":"10.32468\/espe.101"},{"key":"9958","unstructured":"Garay, L. (2018). Macrocorrupci\u00f3n y cooptaci\u00f3n institucional: la red criminal \u201clava jato\u201d. Editado Fundaci\u00f3n Vortex."},{"key":"9959","unstructured":"Giraldo, C, (1994). Estado y Hacienda P\u00fablica en Colombia 1934-1990. Contralor\u00eda General de la Rep\u00fablica de Colombia."},{"key":"9960","unstructured":"G\u00f3mez, W.J. (2010). La inmigraci\u00f3n internacional: teor\u00edas y enfoques, una mirada actual. Semestre Econ\u00f3mico, 13 (26), pp. 81-100."},{"key":"9961","doi-asserted-by":"crossref","unstructured":"Greenwald, B. y Stiglitz, J. (1986). Externalities in economies with imperfect information and incomplete markets. The quarterly journal of economics, 101 (2), pp. 229-264.","DOI":"10.2307\/1891114"},{"key":"9962","unstructured":"Harvey, D. (1989). La condici\u00f3n de la posmodernidad: Investigaciones sobre el origen del cambio cultural. Amorrortu editores."},{"key":"9963","unstructured":"Hobsbawm, E. (1999). Historia del siglo XX. Cr\u00edtica."},{"key":"9964","unstructured":"Keynes, J. (1965). Teor\u00eda general de la ocupaci\u00f3n, el inter\u00e9s y el dinero. Editorial Fondo de Cultura Econ\u00f3mica."},{"key":"9965","unstructured":"Landreth, H. y Colander, D. (2006). Historia del pensamiento econ\u00f3mico. Editorial Mac Graw Hill."},{"key":"9966","doi-asserted-by":"crossref","unstructured":"Lozano, I., Bejarano, J., Z\u00e1rate-Solano, H., Gonz\u00e1lez, A., Granger-Casta\u00f1o, C., Hamann, F., ... y Toro-C\u00f3rdoba, J. (2019). La pol\u00edtica fiscal y la estabilizaci\u00f3n macroecon\u00f3mica en Colombia. Revista Ensayos Sobre Pol\u00edtica Econ\u00f3mica, 90, pp. 4-60.","DOI":"10.32468\/espe.90"},{"key":"9967","unstructured":"Marx, K. (2017). El Capital, obra completa, Vols. 1, 2, y 3. Colecci\u00f3n, cl\u00e1sicos del pensamiento cr\u00edtico."},{"key":"9968","unstructured":"Mato, D. (2007). THINK TANKS, fundaciones y profesionales en la promoci\u00f3n de ideas (neo) liberales en Am\u00e9rica Latina. En publicaci\u00f3n: Cultura y Neoliberalismo. Grimson, Alejandro. CLACSO, Consejo Latinoamericano de Ciencias Sociales, pp. 19-46."},{"key":"9969","unstructured":"Mills, J. (1978). Principios de econom\u00eda pol\u00edtica con algunas de sus aplicaciones a la filosof\u00eda social. Fondo de Cultura Econ\u00f3mica."},{"key":"9970","doi-asserted-by":"crossref","unstructured":"Ocampo, J., Arias, P. y Torres, J. (2018). La banca nacional de desarrollo en Colombia. Ensayos sobre pol\u00edtica econ\u00f3mica No 88. Banco de la Rep\u00fablica de Colombia.","DOI":"10.32468\/espe.88"},{"key":"9971","unstructured":"Rodr\u00edguez, D. (2013). La banca de desarrollo en Am\u00e9rica Latina \u00bfes posible su reformulaci\u00f3n? Universidad Andina Sim\u00f3n Bol\u00edvar y Corporaci\u00f3n Editora Nacional."},{"key":"9972","unstructured":"Sader, E y Gentili, P. (Compiladores, 2003). Neoliberalismo: un balance provisorio, en La trama del neoliberalismo. Mercado, crisis y exclusi\u00f3n social, Anderson, P 2\u00aa. Ed. CLACSO, Consejo Latinoamericano de Ciencias Sociales."},{"key":"9973","doi-asserted-by":"crossref","unstructured":"Sanclemente-Arciniegas, J. (2019). El Estado accionista: gobierno de las empresas p\u00fablicas en Colombia y Francia. Revista Derecho del Estado, (42), pp. 249-278. Recuperado de: http:\/\/www.scielo.org.co\/scielo.php?script=sci_arttext&pid=S0122-98932019000100249","DOI":"10.18601\/01229893.n42.09"},{"key":"9974","unstructured":"Stiglitz, J. (2002). El malestar de la globalizaci\u00f3n. Editorial Tauros."},{"key":"9975","doi-asserted-by":"crossref","unstructured":"Stiglitz, J. (2010). Government Failure vs. Market Failure: Principles of Regulation, en Edward Balleisen y David Moss, edit., Government and Markets: Toward a New Theory of Regulation, Nueva York, Cambridge University Press, p. 13-51.","DOI":"10.1017\/CBO9780511657504.002"}],"container-title":["Administraci\u00f3n &amp; Desarrollo"],"link":[{"URL":"https:\/\/revistas.esap.edu.co\/index.php\/admindesarro\/article\/download\/788\/637","content-type":"application\/pdf","content-version":"vor","intended-application":"text-mining"},{"URL":"https:\/\/revistas.esap.edu.co\/index.php\/admindesarro\/article\/download\/788\/701","content-type":"text\/xml","content-version":"vor","intended-application":"text-mining"},{"URL":"https:\/\/revistas.esap.edu.co\/index.php\/admindesarro\/article\/download\/788\/637","content-type":"unspecified","content-version":"vor","intended-application":"similarity-checking"}],"deposited":{"date-parts":[[2025,11,6]],"date-time":"2025-11-06T16:37:38Z","timestamp":1762447058000},"score":0.0,"resource":{"primary":{"URL":"https:\/\/revistas.esap.edu.co\/index.php\/admindesarro\/article\/view\/788"}},"issued":{"date-parts":[[2022,12,28]]},"references-count":32,"journal-issue":{"issue":"2","published-online":{"date-parts":[[2022,12,28]]}},"URL":"https:\/\/doi.org\/10.22431\/25005227.vol52n2.2","ISSN":["2500-5227","0120-3754"],"issn-type":[{"type":"electronic","value":"2500-5227"},{"type":"print","value":"0120-3754"}],"published":{"date-parts":[[2022,12,28]]}},{"indexed":{"date-parts":[[2022,7,30]],"date-time":"2022-07-30T04:19:44Z","timestamp":1659154784177},"reference-count":19,"publisher":"Escuela Superior de Administracion Publica","issue":"1","license":[{"start":{"date-parts":[[2021,6,30]],"date-time":"2021-06-30T00:00:00Z","timestamp":1625011200000},"content-version":"unspecified","delay-in-days":0,"URL":"http:\/\/creativecommons.org\/licenses\/by-nc-nd\/4.0"}],"content-domain":{"domain":[],"crossmark-restriction":false},"short-container-title":["Adm. Desarro."],"abstract":"<jats:p>La organizaci\u00f3n Internacional del Trabajo OIT en convenio con la Universidad Mariana presenta la metodolog\u00eda para orientar la l\u00ednea de Inclusi\u00f3n laboral y Productiva empresarial de 140 personas como muestra de la poblaci\u00f3n de \u201cPimpineros\u201d en los municipios de la Frontera con el Ecuador y Colombia, zona andina, Ipiales, Gualmat\u00e1n y Pupiales.&#x0D;\nDe esta manera, el proyecto se centr\u00f3 en el diagn\u00f3stico y formulaci\u00f3n de las acciones para promover la transici\u00f3n de la econom\u00eda informal a la formal de aquellas personas que se dedican a la distribuci\u00f3n de combustible sin los requisitos legales. La poblaci\u00f3n caracterizada mostr\u00f3 inter\u00e9s en el proceso investigativo con expectativa de reconversi\u00f3n laboral, trabajo en comunidad con apoyo de instituciones que faciliten la participaci\u00f3n en pol\u00edticas que est\u00e9n orientadas al logro de la equidad y la inclusi\u00f3n. Lo anterior, a trav\u00e9s del desarrollo de actividades orientadas a la realizaci\u00f3n de una investigaci\u00f3n sobre la poblaci\u00f3n \u201cPimpinera\u201d a partir de, entre otros ejercicios, la articulaci\u00f3n con entidades territoriales y la convocatoria para la focalizaci\u00f3n en la poblaci\u00f3n que se dedica a la distribuci\u00f3n de combustibles l\u00edquidos sin observancia de las normas legales.<\/jats:p>","DOI":"10.22431\/25005227.vol51n1.4","type":"journal-article","created":{"date-parts":[[2022,6,16]],"date-time":"2022-06-16T16:58:41Z","timestamp":1655398721000},"page":"87-109","source":"Crossref","is-referenced-by-count":0,"title":["Metodolog\u00eda para la orientaci\u00f3n de inclusi\u00f3n laboral, productiva y de empredimiento de la poblaci\u00f3n \u201cpimpinera\u201d de Ipiales, Pupiales y Gualmat\u00e1n"],"prefix":"10.22431","volume":"51","author":[{"given":"\u00c1lvaro Hugo","family":"G\u00f3mez Rosero","sequence":"first","affiliation":[],"role":[{"role":"author","vocabulary":"crossref"}]},{"given":"Germ\u00e1n Alfredo","family":"G\u00f3mez Achicanoy","sequence":"additional","affiliation":[],"role":[{"role":"author","vocabulary":"crossref"}]},{"given":"Jorge Arturo","family":"Dorado Goyes","sequence":"additional","affiliation":[],"role":[{"role":"author","vocabulary":"crossref"}]}],"member":"9723","published-online":{"date-parts":[[2021,6,30]]},"reference":[{"key":"3734","unstructured":"Besolan, Alecop & Mondrag\u00f3n Universitatea. (2000). Proyecto piloto de competencias de acci\u00f3n profesional en Alacop. Hoja formativa\/Informativa, 1 y 2, Tema monogr\u00e1fico."},{"key":"3735","unstructured":"Boshell, C. (2021). Estudio socioecon\u00f3mico, \u00bfQu\u00e9 es?, \u00bfQu\u00e9 tener en cuenta para su dise\u00f1o? Asosec. https:\/\/asosec.co\/estudio-socioeconomico-que-es-que-tener-en-cuenta-para-su-diseno\/"},{"key":"3736","doi-asserted-by":"crossref","unstructured":"Bover, O., Arellano, M. & Bentolila, S. (2002). Duraci\u00f3n del desempleo, duraci\u00f3n de las prestaciones y ciclo econ\u00f3mico. The Economic Journal, 112(479), 223-265.","DOI":"10.1111\/1468-0297.00034"},{"key":"3737","unstructured":"Casal, J., Garc\u00eda, M., Merino, R. & Quesada, M. (2006). Itinerarios y Trayectorias, Una perspectiva de la transici\u00f3n de la escuela al trabajo. Trayectorias, 8(22), 9-20."},{"key":"3738","unstructured":"Chomsky, N. (2004). Los dilemas de la dominaci\u00f3n. Consejo Latinoamericano de Ciencias Sociales-CLACSO."},{"key":"3739","unstructured":"DANE. (2017). Lineamientos para el Proceso Estad\u00edstico en el SEN. http:\/\/www.dane.gov.co\/files\/sen\/normatividad\/Lineamientos_Proceso_Estadistico.pdf"},{"key":"3740","doi-asserted-by":"crossref","unstructured":"Denzin, N. (1989). Interpretative Biography. SAGE Publications.","DOI":"10.4135\/9781412984584"},{"key":"3741","unstructured":"Forero, T. (2020). Conoce el escenario del emprendimiento en Colombia y sus oportunidades para el 2020. Rock Content. https:\/\/rockcontent.com\/es\/blog\/emprendimiento-en-colombia\/#:%7E:text=El%20emprendimiento%20en%20Colombia%20tambi%C3%A9n,en%20comparaci%C3%B3n%20con%20el%20promedio"},{"key":"3742","unstructured":"GEM. (2020). GEM COLOMBIA: Actividad emprendedora en Colombia en tiempos del coronavirus 2020-2021. Universidad del Norte."},{"key":"3743","unstructured":"Gonz\u00e1lez, L., Orteg\u00f3n, A. & D\u00edaz, C. (2013). Rutas de vida. Manual de Acompa\u00f1amiento en Orientaci\u00f3n Socio Ocupacional. Ministerio de Educaci\u00f3n Nacional."},{"key":"3744","unstructured":"Guti\u00e9rrez, M. (2011). Dise\u00f1o Macro Curricular. Blogspot. https:\/\/mairaalejandra-gutierrezarcila.blogspot.com\/"},{"key":"3745","doi-asserted-by":"crossref","unstructured":"Hern\u00e1ndez-Sampieri, R. & Torres, C. (2018). Metodolog\u00eda de la investigaci\u00f3n (Vol. 4). McGraw-Hill Interamericana.","DOI":"10.18041\/978-958-8981-45-1"},{"key":"3746","unstructured":"Pardo, A. & Ru\u00edz, M. (2002). SPSS 11. Gu\u00eda para el an\u00e1lisis de datos. McGraw Hill."},{"key":"3747","unstructured":"Ministerio de Educaci\u00f3n Nacional. (2011). L\u00ednea de base de la orientaci\u00f3n vocacional y\/o profesional en instituciones de Educaci\u00f3n Superior. Informe Consultor\u00eda Contrato 490. MEN."},{"key":"3748","unstructured":"Sautu, R. (2003). Todo es teor\u00eda. Objetivos y m\u00e9todos de investigaci\u00f3n. Lumiere."},{"key":"3749","unstructured":"Sautu, R., Boniolo, P., Dalle, P. & Elbert, R. (2005). Manual de metodolog\u00eda: construcci\u00f3n del marco te\u00f3rico, formulaci\u00f3n de los objetivos y elecci\u00f3n de la metodolog\u00eda."},{"key":"3750","unstructured":"Vaca, I. (s.f.). Evoluci\u00f3n de los mercados. An\u00e1lisis Situacional."},{"key":"3751","unstructured":"Varela, R., Moreno, J., Soler, J., Pereira, F., Osorio, F., G\u00f3mez, E., L\u00f3pez, M., Parra, L., Mart\u00ednez, P., Pe\u00f1uela, J. & G\u00f3mez, L. (2020). Din\u00e1mica de la Actividad Empresarial en Colombia. Editorial Universidad Icesi."},{"key":"3752","doi-asserted-by":"crossref","unstructured":"Vispoel, W. (1995). Self-concept in artistic domains: An extension of the Shavelson, Hubner, and Stanton (1976) model. Journal of educational Psychology, 87(1), 134.","DOI":"10.1037\/0022-0663.87.1.134"}],"container-title":["Administraci\u00f3n &amp; Desarrollo"],"link":[{"URL":"https:\/\/revistas.esap.edu.co\/index.php\/admindesarro\/article\/download\/649\/571","content-type":"application\/pdf","content-version":"vor","intended-application":"text-mining"},{"URL":"https:\/\/revistas.esap.edu.co\/index.php\/admindesarro\/article\/download\/649\/561","content-type":"text\/xml","content-version":"vor","intended-application":"text-mining"},{"URL":"https:\/\/revistas.esap.edu.co\/index.php\/admindesarro\/article\/download\/649\/571","content-type":"unspecified","content-version":"vor","intended-application":"similarity-checking"}],"deposited":{"date-parts":[[2022,7,29]],"date-time":"2022-07-29T15:27:33Z","timestamp":1659108453000},"score":0.0,"resource":{"primary":{"URL":"https:\/\/revistas.esap.edu.co\/index.php\/admindesarro\/article\/view\/649"}},"issued":{"date-parts":[[2021,6,30]]},"references-count":19,"journal-issue":{"issue":"1","published-online":{"date-parts":[[2021,6,30]]}},"URL":"https:\/\/doi.org\/10.22431\/25005227.vol51n1.4","ISSN":["2500-5227","0120-3754"],"issn-type":[{"value":"2500-5227","type":"electronic"},{"value":"0120-3754","type":"print"}],"published":{"date-parts":[[2021,6,30]]}},{"indexed":{"date-parts":[[2022,4,4]],"date-time":"2022-04-04T14:41:45Z","timestamp":1649083305509},"reference-count":0,"publisher":"Escuela Superior de Administracion Publica","issue":"56","license":[{"start":{"date-parts":[[2012,12,1]],"date-time":"2012-12-01T00:00:00Z","timestamp":1354320000000},"content-version":"unspecified","delay-in-days":0,"URL":"http:\/\/creativecommons.org\/licenses\/by-nc-nd\/4.0"}],"content-domain":{"domain":[],"crossmark-restriction":false},"short-container-title":["Adm. Desarro."],"abstract":"<jats:p>Hacer posible, en terminos pol\u00edticos, la convivencia equilibrada entre la administraci\u00f3n eficiente de los recursos (a trav\u00e9s del libre mercado) y la justicia social (por medio de un estado redistribuidor) sigue siendo objeto de debate tanto en el plano te\u00f3rico como el ideol\u00f3gico en el siglo XXI. A esta posibilidad, de notable impacto medi\u00e1tico en etapas de crisis, contribuy\u00f3 a lo largo del siglo pasado\u00a0y tomando como referente a Alemania surgida de la II Guerra mundial, la corriente econ\u00f3mico-pol\u00edtica denominada como \"Econom\u00eda Social de Mercado\" (Soziale Martkwirtschaft). Responsable del tan no sorprendente \"milagro econ\u00f3mico\" germano de la posguerra, en este art\u00edculo analizamos su recorrido hist\u00f3rico y sus claves doctrinales, esbozando una interpretaci\u00f3n historiogr\u00e1fica sobre la relaci\u00f3n entre la administraci\u00f3n y la justicia a trav\u00e9s de la noci\u00f3n de funci\u00f3n social de la econom\u00eda, planteada en un contexto de urgente desarrollo socioecon\u00f3mico nacional.\u00a0<\/jats:p>","DOI":"10.22431\/25005227.344","type":"journal-article","created":{"date-parts":[[2017,7,5]],"date-time":"2017-07-05T16:06:06Z","timestamp":1499270766000},"page":"85-94","source":"Crossref","is-referenced-by-count":0,"title":["La economi\u0301a social de mercado, un referente para el debate contempor\u00e1neo entre desarrollo econo\u0301mico y justicia social"],"prefix":"10.22431","volume":"40","author":[{"given":"Sergio","family":"Fern\u00e1ndez Riquelme","sequence":"first","affiliation":[],"role":[{"role":"author","vocabulary":"crossref"}]}],"member":"9723","published-online":{"date-parts":[[2012,12,1]]},"container-title":["Administraci\u00f3n &amp; Desarrollo"],"link":[{"URL":"https:\/\/revistas.esap.edu.co\/index.php\/admindesarro\/article\/download\/344\/pdf","content-type":"application\/pdf","content-version":"vor","intended-application":"text-mining"},{"URL":"https:\/\/revistas.esap.edu.co\/index.php\/admindesarro\/article\/download\/344\/pdf","content-type":"unspecified","content-version":"vor","intended-application":"similarity-checking"}],"deposited":{"date-parts":[[2021,11,12]],"date-time":"2021-11-12T19:11:55Z","timestamp":1636744315000},"score":0.0,"resource":{"primary":{"URL":"https:\/\/revistas.esap.edu.co\/index.php\/admindesarro\/article\/view\/344"}},"issued":{"date-parts":[[2012,12,1]]},"references-count":0,"journal-issue":{"issue":"56","published-online":{"date-parts":[[2012,12,1]]}},"URL":"https:\/\/doi.org\/10.22431\/25005227.344","ISSN":["2500-5227","0120-3754"],"issn-type":[{"value":"2500-5227","type":"electronic"},{"value":"0120-3754","type":"print"}],"published":{"date-parts":[[2012,12,1]]}},{"indexed":{"date-parts":[[2022,4,4]],"date-time":"2022-04-04T04:55:37Z","timestamp":1649048137440},"reference-count":0,"publisher":"Escuela Superior de Administraci\u00f3n P\u00fablica","isbn-type":[{"value":"9789586524308","type":"print"}],"content-domain":{"domain":[],"crossmark-restriction":false},"DOI":"10.22431\/9789586524308","type":"book","created":{"date-parts":[[2018,4,25]],"date-time":"2018-04-25T22:13:59Z","timestamp":1524694439000},"source":"Crossref","is-referenced-by-count":0,"title":["Legitimidad del Estado en una frontera de sabana ecuatorial"],"prefix":"10.22431","author":[{"given":"Wilson Hernando","family":"Ladino Orjuela","sequence":"first","affiliation":[],"role":[{"role":"author","vocabulary":"crossref"}]}],"member":"9723","published-online":{"date-parts":[[2018,4,6]]},"deposited":{"date-parts":[[2018,4,25]],"date-time":"2018-04-25T22:14:00Z","timestamp":1524694440000},"score":0.0,"resource":{"primary":{"URL":"http:\/\/www.esap.edu.co\/portal\/\/wp-content\/uploads\/2018\/04\/2.-Legitimidad-del-Estado-Pages.pdf"}},"issued":{"date-parts":[[2018,4,6]]},"ISBN":["9789586524308"],"references-count":0,"URL":"https:\/\/doi.org\/10.22431\/9789586524308","published":{"date-parts":[[2018,4,6]]}},{"indexed":{"date-parts":[[2022,7,30]],"date-time":"2022-07-30T04:20:11Z","timestamp":1659154811022},"reference-count":41,"publisher":"Escuela Superior de Administracion Publica","issue":"1","license":[{"start":{"date-parts":[[2021,6,30]],"date-time":"2021-06-30T00:00:00Z","timestamp":1625011200000},"content-version":"unspecified","delay-in-days":0,"URL":"http:\/\/creativecommons.org\/licenses\/by-nc-nd\/4.0"}],"content-domain":{"domain":[],"crossmark-restriction":false},"short-container-title":["Adm. Desarro."],"abstract":"<jats:p>La generaci\u00f3n del saber administrativo p\u00fablico requiere la calificaci\u00f3n de recursos y factores de la gesti\u00f3n investigativa, que integran distintos instrumentos al derrotero institucional sin perder de vista las capacidades end\u00f3genas. Este documento pretende mostrar la incidencia de los factores organizacionales en el desarrollo de la gesti\u00f3n de la investigaci\u00f3n en la Escuela Superior de Administraci\u00f3n P\u00fablica, territorial Cauca, en el per\u00edodo de 1999 - 2013. Para ello, se acoge el enfoque hist\u00f3rico hermen\u00e9utico, rastreando los alcances de la formaci\u00f3n investigativa desarrollada por los estudiantes y la percepci\u00f3n de los docentes a ra\u00edz de las normativas emanadas del nivel central. A esto se suma el an\u00e1lisis documental, para captar las singularidades organizacionales de la territorial Cauca. Al final, se califica la eficiencia del andamiaje institucional, d\u00f3nde se encuentra baja capacidad de la gesti\u00f3n de la investigaci\u00f3n generada por la inercia del desarrollo administrativo pol\u00edtico, que opaca la productividad acad\u00e9mica.<\/jats:p>","DOI":"10.22431\/25005227.vol51n1.2","type":"journal-article","created":{"date-parts":[[2022,6,16]],"date-time":"2022-06-16T16:58:41Z","timestamp":1655398721000},"page":"30-60","source":"Crossref","is-referenced-by-count":0,"title":["La gesti\u00f3n de la investigaci\u00f3n y el conocimiento p\u00fablico administrativo: anotaciones cr\u00edticas territoriales"],"prefix":"10.22431","volume":"51","author":[{"given":"Mar\u00eda Roc\u00edo","family":"L\u00f3pez Mera","sequence":"first","affiliation":[],"role":[{"role":"author","vocabulary":"crossref"}]},{"given":"Ra\u00fal Hernando","family":"Cort\u00e9s Land\u00e1zury","sequence":"additional","affiliation":[],"role":[{"role":"author","vocabulary":"crossref"}]}],"member":"9723","published-online":{"date-parts":[[2021,6,30]]},"reference":[{"key":"4031","unstructured":"\u00c1vila, E. (2011). Gesti\u00f3n del conocimiento como aspecto relevante dentro del an\u00e1lisis del clima organizacional en el Departamento de Educaci\u00f3n F\u00edsica de la Universidad libre Sede Bogot\u00e1 [Trabajo de grado de Maestr\u00eda]. Universidad Libre de Colombia."},{"key":"4032","unstructured":"Ar\u00edzaga, C., Salcedo, G. & Herrera, M. (2017). Influencia en la gesti\u00f3n del mantenimiento para el control de la flota vehicular de la empresa Sedapal, Lima. [Trabajo de grado de Licenciatura]. Universidad INCA Garcilaso de la Vega."},{"key":"4033","unstructured":"Benavides, Mayumi Okuda, & G\u00f3mez-Restrepo, Carlos. (2005). M\u00e9todos en investigaci\u00f3n cualitativa: triangulaci\u00f3n. Revista Colombiana de Psiquiatr\u00eda, 34(1), 118-124."},{"key":"4034","unstructured":"Benavides, J. (2018). Propuesta de indicadores y modelo de gesti\u00f3n de capital intelectual para la Facultad de Ciencias Econ\u00f3mico Empresariales en una instituci\u00f3n educativa universitaria privada de Arequipa [Tesis de Doctorado]. Universidad Cat\u00f3lica de Santa Mar\u00eda."},{"key":"4035","doi-asserted-by":"crossref","unstructured":"Boh\u00f3rquez, C. (2008). Medio ambiente, ecolog\u00eda y desarrollo en Colombia. Equidad y desarrollo, 1(9), 87-99.","DOI":"10.19052\/ed.281"},{"key":"4036","unstructured":"Bueno, E. (2003). Gesti\u00f3n del Conocimiento en Universidades y Organismos P\u00fablicos de Investigaci\u00f3n. Universidad Aut\u00f3noma de Madrid."},{"key":"4037","doi-asserted-by":"crossref","unstructured":"Bueno, E., Salmador, M. & Merino, C. (2008). G\u00e9nesis, concepto y desarrollo del capital intelectual en la econom\u00eda del conocimiento: Una reflexi\u00f3n sobre el Modelo Intellectus y sus aplicaciones. Estudios de Econom\u00eda Aplicada, 26(2), 43-63.","DOI":"10.25115\/eea.v26i2.5424"},{"key":"4038","doi-asserted-by":"crossref","unstructured":"Correa, A., Vinchira, A. & Vel\u00e1squez, M. (2018). Gesti\u00f3n del conocimiento cient\u00edfico en la Universidad de Antioquia: Integraci\u00f3n de herramientas para la formulaci\u00f3n de una estrategia. Innovar, 28(69), 71\u201384. https:\/\/doi. org\/10.15446\/innovar.v28n69.71697.","DOI":"10.15446\/innovar.v28n69.71697"},{"key":"4039","unstructured":"Chiavenato, I. (2011). Administraci\u00f3n de recursos humanos. El capital humano de las organizaciones. McGraw Hill."},{"key":"4040","unstructured":"Crovi, D. (2002). Sociedad de la informaci\u00f3n y el conocimiento. Entre el optimismo y la desesperanza. Revista Mexicana de Ciencias pol\u00edticas y sociales, 45(185), 13-33."},{"key":"4041","unstructured":"Decreto 350 de 1960 [Presidencia de la Rep\u00fablica]. Por el cual se organiza la Escuela Superior de Administraci\u00f3n P\u00fablica. 12 de febrero de 1960. La Presidencia."},{"key":"4042","unstructured":"Drucker, P. (1999). La Sociedad Poscapitalista. Editorial Sudamericana."},{"key":"4043","doi-asserted-by":"crossref","unstructured":"Edgar, W. & Albright, K. S. (2022). Knowledge management activities: Conceptual foundations and research issues. Journal of Information Science. January 2022. https:\/\/doi.org\/10.1177\/01655515211069538","DOI":"10.1177\/01655515211069538"},{"key":"4044","doi-asserted-by":"crossref","unstructured":"Ekbia, H. & Hara, N. (2008). The quality of evidence in knowledge management research: Practitioner versus scholarly literature. Journal of Information Science, 34(1), 110\u2013126. https:\/\/doi.org\/10.1177\/0165551507080412.","DOI":"10.1177\/0165551507080412"},{"key":"4045","unstructured":"Escuela Superior de Administraci\u00f3n P\u00fablica. (2007). Desarrollo de la capacidad investigativa. Subdirecci\u00f3n Acad\u00e9mica Facultad de Investigaciones."},{"key":"4046","unstructured":"Espinoza, R. (1999). Naturaleza y alcance de la relaci\u00f3n universidad-sector productivo. CONDES, EDILUZ."},{"key":"4047","unstructured":"Ferrer, J. & Clemenza, C. (2006). Gesti\u00f3n de la investigaci\u00f3n universitaria: un paradigma no concluido. Multiciencias, 6(2), 188-193."},{"key":"4048","unstructured":"Fossi, L., Castro, L., Guerrero, W. & Vera, L. (2013). Funciones administrativas y la participaci\u00f3n comunitaria. Orbis. Revista Cient\u00edfica Ciencias Humanas, 9(25), 47-63."},{"key":"4049","unstructured":"Garc\u00eda, M. (1997). T\u00e9rminos estrat\u00e9gicos (Glosario especializado de planeaci\u00f3n estrat\u00e9gica). Universidad Aut\u00f3noma de San Luis Potos\u00ed."},{"key":"4050","doi-asserted-by":"crossref","unstructured":"G\u00f3mez-Mar\u00edn, N., Cara-Jim\u00e9nez, J., Bernardo-S\u00e1nchez, A., \u00c1lvarez-de-Prado, L. & Ortega-Fern\u00e1ndez, F. (2022). Sustainable knowledge management in academia and research organizations in the innovation context. The International Journal of Management Education, 20(1), 100601. https:\/\/doi.org\/10.1016\/j.ijme.2022.100601","DOI":"10.1016\/j.ijme.2022.100601"},{"key":"4051","doi-asserted-by":"crossref","unstructured":"Heidegger, M. (1974). The principle of ground. Man and world, 7(3), 207-222.","DOI":"10.1007\/BF01248755"},{"key":"4052","doi-asserted-by":"crossref","unstructured":"Jacques,R.(2017).Bookreview:HandbookofResearch on Knowledge Management: Adaptation and Context. Management Learning, 48(1), 118\u2013121. https:\/\/doi.org\/10.1177\/1350507616658740.","DOI":"10.1177\/1350507616658740"},{"key":"4053","doi-asserted-by":"crossref","unstructured":"Kristandl, G. & Bontis, N. (2007). Constructing a definition for intangibles using the resource based view of the firm. Management Decision, (45)9, 1510-1524.","DOI":"10.1108\/00251740710828744"},{"key":"4054","unstructured":"Kume, H. (1992). Herramientas b\u00e1sicas para el mejoramiento de la calidad. Grupo Editorial Norma."},{"key":"4055","unstructured":"Ley 19 de 1958. Sobre reforma administrativa. 18 de noviembre de 1958. D. O. No. 29835."},{"key":"4056","unstructured":"Lafrancesco, G. (2003). La investigaci\u00f3n en educaci\u00f3n y pedagog\u00eda. Cooperativa Editorial Magisterio."},{"key":"4057","unstructured":"Mar\u00edn, L. (2011). Sociolog\u00eda. El estudio de la realidad social. EUNSA."},{"key":"4058","unstructured":"Mart\u00ednez, R. (2006). Los estados de conocimiento de la investigaci\u00f3n educativa. Su objeto, su m\u00e9todo y su epistemolog\u00eda. Revista Ecos de la educaci\u00f3n, (2), 51-56."},{"key":"4059","unstructured":"Mendoza, I, Fuentes, L., Molero, N. & Gonz\u00e1lez, M. (2008). Gesti\u00f3n del conocimiento ambiental desde la Universidad del Zulia hacia el entorno social. Negotium, 4(10), 64-85."},{"key":"4060","unstructured":"Padr\u00f3n, J. (2001). El problema de organizar la investigaci\u00f3n. Universidad Peruana Cayetano Heredia, 33, 9-33."},{"key":"4061","doi-asserted-by":"crossref","unstructured":"Pereira, Z. (2011). Los Dise\u00f1os de M\u00e9todo Mixto en la Investigaci\u00f3n en la Educaci\u00f3n: una experiencia concreta. Revista Electr\u00f3nica Educar, 15(1), 15-29.","DOI":"10.15359\/ree.15-1.2"},{"key":"4062","unstructured":"Portes, A. (2007). Instituciones y desarrollo: una revisi\u00f3n conceptual. Desarrollo Econ\u00f3mico, 46(184), 475\u2013503."},{"key":"4063","unstructured":"Resoluci\u00f3n No. 2456. Por la cual se efect\u00faa la vinculaci\u00f3n de un Profesor en la modalidad de Docente Ocasional para el Programa de Especializaci\u00f3n en Derechos Humanos, durante el segundo semestre del a\u00f1o 2016. 31 de agosto de 2016."},{"key":"4064","unstructured":"R\u00edos M. & Perozo B. (2007). Factores que inciden en la creaci\u00f3n de una unidad de gesti\u00f3n de capital intelectual en el n\u00facleo LUZ-COL. An\u00e1lisis de Coyuntura, 13(2), 123-148."},{"key":"4065","doi-asserted-by":"crossref","unstructured":"Rodr\u00edguez, R. (2006). Investigaci\u00f3n curricular: conceptos, alcances y proyecciones en instituciones de educaci\u00f3n superior. Hallazgos, (6), 63-82.","DOI":"10.15332\/s1794-3841.2006.0006.04"},{"key":"4066","unstructured":"Rold\u00e1n, M. (2012). El capital intelectual: una herramienta clave en la gesti\u00f3n administrativa de la Unidad Central del Valle del Cauca-UCEVA. Departamento de Administraci\u00f3n."},{"key":"4067","unstructured":"Su\u00e1rez-N\u00fa\u00f1ez, T. & Canto, L. (2006). La organizaci\u00f3n acad\u00e9mica de las universidades p\u00fablicas: entre c\u00edrculos y cuerpos. Contadur\u00eda y administraci\u00f3n, (218), 147-173."},{"key":"4068","doi-asserted-by":"crossref","unstructured":"Tucker, V. (2020). Taxonomy design methodologies: Emergent research for knowledge management domains. IFLA Journal, 46(3), 250\u2013258. https:\/\/doi.org\/10.1177\/0340035219877206.","DOI":"10.1177\/0340035219877206"},{"key":"4069","unstructured":"Ucr\u00f3s, M. (2011). Factores del clima organizacional en las universidades de la Costa Caribe Colombiana. Omnia, (2), 91-102."},{"key":"4070","doi-asserted-by":"crossref","unstructured":"Wallace, D., Van Fleet, C. & Downs, L. (2011). The research core of the knowledge management literature. International Journal of Information Management, 31(1), 14\u201320. https:\/\/doi.org\/10.1016\/j.ijinfomgt.2010.10.002.","DOI":"10.1016\/j.ijinfomgt.2010.10.002"},{"key":"4071","unstructured":"Vargas, A. & Murillo, G. (2012). Gesti\u00f3n de la investigaci\u00f3n programa cambio, gesti\u00f3n y desarrollo de la educaci\u00f3n superior. Revista Reflexiones, 17-23."}],"container-title":["Administraci\u00f3n &amp; Desarrollo"],"link":[{"URL":"https:\/\/revistas.esap.edu.co\/index.php\/admindesarro\/article\/download\/647\/569","content-type":"application\/pdf","content-version":"vor","intended-application":"text-mining"},{"URL":"https:\/\/revistas.esap.edu.co\/index.php\/admindesarro\/article\/download\/647\/558","content-type":"text\/xml","content-version":"vor","intended-application":"text-mining"},{"URL":"https:\/\/revistas.esap.edu.co\/index.php\/admindesarro\/article\/download\/647\/546","content-type":"unspecified","content-version":"vor","intended-application":"similarity-checking"}],"deposited":{"date-parts":[[2022,7,29]],"date-time":"2022-07-29T15:29:02Z","timestamp":1659108542000},"score":0.0,"resource":{"primary":{"URL":"https:\/\/revistas.esap.edu.co\/index.php\/admindesarro\/article\/view\/647"}},"issued":{"date-parts":[[2021,6,30]]},"references-count":41,"journal-issue":{"issue":"1","published-online":{"date-parts":[[2021,6,30]]}},"URL":"https:\/\/doi.org\/10.22431\/25005227.vol51n1.2","ISSN":["2500-5227","0120-3754"],"issn-type":[{"value":"2500-5227","type":"electronic"},{"value":"0120-3754","type":"print"}],"published":{"date-parts":[[2021,6,30]]}},{"indexed":{"date-parts":[[2025,11,6]],"date-time":"2025-11-06T16:50:33Z","timestamp":1762447833458,"version":"build-2065373602"},"reference-count":0,"publisher":"Escuela Superior de Administracion Publica","issue":"33","license":[{"start":{"date-parts":[[2024,5,9]],"date-time":"2024-05-09T00:00:00Z","timestamp":1715212800000},"content-version":"unspecified","delay-in-days":0,"URL":"https:\/\/creativecommons.org\/licenses\/by-nc-nd\/4.0"}],"content-domain":{"domain":[],"crossmark-restriction":false},"short-container-title":["Nova vetera"],"abstract":"<jats:p>This article aimed at the analysis of the implementation of public policy for the prevention and eradication of child word in the department of Caquet\u00e1 in periods 2021-2022-1; In this way, the qualitative cutting methodology for the collection of information through semi -structured interviews was applied and the documentary analytical approach was addressed through a technical sheet to analyze the interviews and reports of the Interinstitutional Committees for the Prevention and Eradication of Child Labor CIETI\u2019S, taking into account those of 1). Child word and 2). Eradication of child word through the implementation of public policy.Among the results, the actions carried out for the eradication of child work in the department of Caquet\u00e1 through municipal features were identified; thus evidencing the component of the public policy implemented by the municipalities of the department; the institution\u2019s knowledge about the public policy line; The implementation of public policy in the municipalities of the department of Caquet\u00e1 and the effectiveness of public policy for the prevention and eradication of child word in the department of Caquet\u00e1.Finally, the conclusions highlighted the importance of the actions carried out to prevent and eradicate child word in the department based from the Departmental Development Plan, thus highlighting the effective execution of Axis 2: Prevention and violation focused on legislation as a starting point to obtain a route of attention and prevention.<\/jats:p>","DOI":"10.22431\/25005103.919","type":"journal-article","created":{"date-parts":[[2024,5,9]],"date-time":"2024-05-09T12:37:58Z","timestamp":1715258278000},"page":"e919","source":"Crossref","is-referenced-by-count":0,"title":["Trabajo infantil: un reto institucional en el Caquet\u00e1","Child work: an institutional challenge in Caquet\u00e1"],"prefix":"10.22431","author":[{"given":"Jina Mauren","family":"Mosquera Rubio","sequence":"first","affiliation":[],"role":[{"role":"author","vocabulary":"crossref"}]}],"member":"9723","published-online":{"date-parts":[[2024,5,9]]},"container-title":["Nova et Vetera"],"link":[{"URL":"https:\/\/revistas.esap.edu.co\/index.php\/novaetvetera\/article\/download\/919\/756","content-type":"application\/pdf","content-version":"vor","intended-application":"text-mining"},{"URL":"https:\/\/revistas.esap.edu.co\/index.php\/novaetvetera\/article\/download\/919\/756","content-type":"unspecified","content-version":"vor","intended-application":"similarity-checking"}],"deposited":{"date-parts":[[2025,11,6]],"date-time":"2025-11-06T16:48:02Z","timestamp":1762447682000},"score":0.0,"resource":{"primary":{"URL":"https:\/\/revistas.esap.edu.co\/index.php\/novaetvetera\/article\/view\/919"}},"issued":{"date-parts":[[2024,5,9]]},"references-count":0,"journal-issue":{"issue":"33","published-online":{"date-parts":[[2024,4,30]]}},"URL":"https:\/\/doi.org\/10.22431\/25005103.919","ISSN":["2500-5103","0123-2614"],"issn-type":[{"type":"electronic","value":"2500-5103"},{"type":"print","value":"0123-2614"}],"published":{"date-parts":[[2024,5,9]]}},{"indexed":{"date-parts":[[2025,12,31]],"date-time":"2025-12-31T19:59:03Z","timestamp":1767211143125,"version":"3.48.0"},"reference-count":37,"publisher":"Escuela Superior de Administracion Publica","issue":"1","license":[{"start":{"date-parts":[[2023,6,16]],"date-time":"2023-06-16T00:00:00Z","timestamp":1686873600000},"content-version":"unspecified","delay-in-days":0,"URL":"https:\/\/creativecommons.org\/licenses\/by-nc-sa\/4.0"}],"content-domain":{"domain":[],"crossmark-restriction":false},"short-container-title":["Adm. Desarro."],"abstract":"<jats:p>The objective of this study is to analyze managerial skills and its relationship between business innovation as part of international business, the methodology was based on a quantitative, descriptive-correlational approach and non-experimental- transectional design, with a population of 31 exporting mipymes from Colombia. The results show that product, market and process innovation have a significant high and very high positive correlation and motivational and interpersonal skills have a significant moderate positive correlation. Also, it is confirmed that innovation and its impact on the commercial development of companies imply that the various industries must know how the processes that are part of their existence occur in terms of innovation, production and transfer of knowledge within them. based on information and organizational practices, since the growing and sustained success of the company is always a function of its ability to identify and adequately and efficiently take advantage of the opportunities of the moment.<\/jats:p>","DOI":"10.22431\/25005227.vol53n1.8","type":"journal-article","created":{"date-parts":[[2023,6,16]],"date-time":"2023-06-16T12:50:36Z","timestamp":1686919836000},"page":"1-24","source":"Crossref","is-referenced-by-count":0,"title":["Habilidades directivas: an\u00e1lisis de la relaci\u00f3n entre innovaci\u00f3n empresarial y negocios internacionales","Managerial Skills: Analysis of the Relationship Between Entrepreneurial Innovation and International Business"],"prefix":"10.22431","volume":"53","author":[{"ORCID":"https:\/\/orcid.org\/0000-0002-5150-9160","authenticated-orcid":false,"given":"Yesid Oswaldo","family":"Gonz\u00e1lez Marin","sequence":"first","affiliation":[],"role":[{"role":"author","vocabulary":"crossref"}]},{"ORCID":"https:\/\/orcid.org\/0000-0002-9609-2880","authenticated-orcid":false,"given":"Lourdes","family":"Can\u00f3s-Dar\u00f3s","sequence":"additional","affiliation":[],"role":[{"role":"author","vocabulary":"crossref"}]},{"ORCID":"https:\/\/orcid.org\/0000-0003-3286-8704","authenticated-orcid":false,"given":"Luis Fernando","family":"Garc\u00e9s Giraldo","sequence":"additional","affiliation":[],"role":[{"role":"author","vocabulary":"crossref"}]}],"member":"9723","published-online":{"date-parts":[[2023,6,16]]},"reference":[{"key":"6982","doi-asserted-by":"crossref","unstructured":"Aguilar-Bustamante, M. C. y Correa-Chica, A. (2017). An\u00e1lisis de las variables asociadas al estudio del liderazgo: una revisi\u00f3n sistem\u00e1tica de la literatura. Universitas Psychologica, 16(1), 1-13. https:\/\/doi.org\/10.11144\/Javeriana.upsy16-1.avae","DOI":"10.11144\/Javeriana.upsy16-1.avae"},{"key":"6983","doi-asserted-by":"crossref","unstructured":"Al Jinini, D. K., Dahiyat, S. E. y Bontis, N. (2019). Intellectual Capital, Entrepreneurial Orientation, and Technical Innovation in Small and Medium Sized Enterprises. Knowledge and Process Management, 26(2), 69-85. https:\/\/doi.org\/10.1002\/kpm.1593","DOI":"10.1002\/kpm.1593"},{"key":"6984","unstructured":"Arango, R. N., Mercado-Caruso, N., Del Giudice, O. N. y Oliveros, M. E. G. (2018). Responsabilidad Social Empresarial (RSE) en medianas empresas del departamento del Atl\u00e1ntico, Colombia. Revista Venezolana de Gerencia, 23(84), 913-927."},{"key":"6985","doi-asserted-by":"crossref","unstructured":"Astudillo, S., & Briozzo, A. (2016). Innovaci\u00f3n en las Mipymes manufactureras de Ecuador y Argentina. Semestre Econ\u00f3mico, 117-144. https:\/\/doi.org\/10.22395\/seec.v19n40a5","DOI":"10.22395\/seec.v19n40a5"},{"key":"6986","doi-asserted-by":"crossref","unstructured":"Atiencie, G., V\u00e1zquez, L. D. y Garc\u00eda, F. (2016). Dimensiones explicativas y resultados a partir de variables sociodemogr\u00e1ficas y sociolaborales en los estilos de liderazgo. Revista Econom\u00eda y Pol\u00edtica, 12(24), 65-88. https:\/\/doi.org\/10.25097\/rep.n24.2016.03","DOI":"10.25097\/rep.n24.2016.03"},{"key":"6987","doi-asserted-by":"crossref","unstructured":"Bosch, M. y Cavallotti, R. (2016). \u00bfEs posible una definici\u00f3n de integridad en el \u00e1mbito de la \u00e9tica empresarial? Revista Empresa y Humanismo, 19(2), 51-68. https:\/\/doi.org\/10.15581\/015.XIX.2.51-68","DOI":"10.15581\/015.XIX.2.51-68"},{"key":"6988","unstructured":"Cede\u00f1o, A., Asencio, L. y Villegas, M. (2019). Las estrategias gerenciales como base fundamental para la administraci\u00f3n en los negocios. Universidad y Sociedad, 11(5), 191-200."},{"key":"6989","unstructured":"Cede\u00f1o Velasco, A. P., Asencio Cristobal, L. R. y Villegas Alava, M. A. (2019). Las estrategias gerenciales como base fundamental para la administraci\u00f3n en los negocios. Revista Universidad y Sociedad, 11(5), 191-200."},{"key":"6990","doi-asserted-by":"crossref","unstructured":"Cornett, M. M.; Erhemjamts, O.; Tehranian, H. (2019). Competitive environment and innovation intensity. Global Finance Journal, 41, 44-59. https:\/\/doi. org\/10.1016\/j. gfj.2019.02.002","DOI":"10.1016\/j.gfj.2019.02.002"},{"key":"6991","doi-asserted-by":"crossref","unstructured":"Cutipa-Limache, A. M.; Escobar-Mamani, F.; Anchapuri, M. y Valreymond-Tacora, D. (2020). La intensidad de innovaci\u00f3n y la competitividad de micro y peque\u00f1as empresas exportadores de artesan\u00eda textil. Revista Escuela de Administraci\u00f3n de Negocios, (89), 155-176. https:\/\/doi.org\/10.21158\/01208160.n89.2020.2848","DOI":"10.21158\/01208160.n89.2020.2848"},{"key":"6992","doi-asserted-by":"crossref","unstructured":"Ert\u00fcrk, A., Van der Broeck, H. y Verbrigghe, J. (2018). Self-other agreement on transformational leadership and subordinates\u2019 assessment of supervisor\u2019s performance: Mediating role of leader-member exchange. Leadership & Organization Development Journal, 39(2), 291-308. https:\/\/doi.org\/10.1108\/LODJ-02-2016-0048","DOI":"10.1108\/LODJ-02-2016-0048"},{"key":"6993","unstructured":"Galindo, V. (2019). Innovaci\u00f3n y tecnolog\u00eda en las pymes a nivel Latinoamericano y en Alemania. https:\/\/repository.ucc.edu.co\/bitstream\/20.500.12494\/13469\/1\/2019_innovacion_pymes_latinoamerica.pdf"},{"key":"6994","doi-asserted-by":"crossref","unstructured":"Ghosh, A.; Kato, T.; Morita, H. (2017). Incremental innovation and competitive pressure in the presence of discrete innovation. Journal of Economic Behavior and Organization, (135), 1-14. https:\/\/doi.org\/10.1016\/j.jebo.2016.12.022","DOI":"10.1016\/j.jebo.2016.12.022"},{"key":"6995","doi-asserted-by":"crossref","unstructured":"Gonz\u00e1lez Marin, Y., Can\u00f3s Dar\u00f3s, L. y Hern\u00e1ndez, D. (2022). Habilidades directivas en funci\u00f3n del liderazgo organizacional. South Florida Journal of Development, 3(4), 4495-4505. https:\/\/doi.org\/10.46932\/sfjdv3n4-029","DOI":"10.46932\/sfjdv3n4-029"},{"key":"6996","doi-asserted-by":"crossref","unstructured":"Guti\u00e9rrez Ossa, J.A, Vega Zuluaga, J.D., Concha, J.R. y Osorio, S. (2019). Estructura gerencial internacional de las empresas en Colombia en el marco del modelo exportador y de liberaci\u00f3n econ\u00f3mica. Universidad & Empresa, 21(37), 52-75. http:\/\/dx.doi.org\/10.12804\/revistas.urosario.edu.co\/empresa\/a.6466","DOI":"10.12804\/revistas.urosario.edu.co\/empresa\/a.6466"},{"key":"6997","doi-asserted-by":"crossref","unstructured":"Heredia, J., Flores, A., Heredia, W., Arango, R. y Medina, L. (2019). How innovation influences on export performance: A configuration approach for emerging economies. Journal of Technology Management & Innovation, 14(4), 54-65. https:\/\/doi.org\/10.4067\/S0718-27242019000400054","DOI":"10.4067\/S0718-27242019000400054"},{"key":"6998","doi-asserted-by":"crossref","unstructured":"Horta, R., Silveira, L. y Francia, H. (2020). Innovaciones y exportaciones: una nueva perspectiva de estudio de la industria manufacturera uruguaya. Estudios Gerenciales, 36(157), 402-414. https:\/\/doi.org\/10.18046\/j.estger.2020.157.3685 Llanos Reynoso, L. F. y Villarreal Coindreau, M. J. (2022). Acuerdos y desacuerdos entre los jefes y los subordinados sobre la admiraci\u00f3n del liderazgo. Revista Universidad & Empresa, 24(42), 1-28. https:\/\/doi.org\/10.12804\/revistas.urosario.edu.co\/empresa\/a.10845","DOI":"10.12804\/revistas.urosario.edu.co\/empresa\/a.10845"},{"key":"6999","unstructured":"Madariaga, D. (2016). La pr\u00e1ctica del liderazgo adaptativo. Las herramientas y t\u00e1cticas para cambiar su organizaci\u00f3n y el mundo. Revista Escuela de Administraci\u00f3n de Negocios, (81), 236-241."},{"key":"7000","doi-asserted-by":"crossref","unstructured":"Martin, R., Thomas, G., Legood, A. y Dello Russo, S. (2018). Leader-member exchange (lmx) differentiation and work outcomes: Conceptual clarification and critical review. Journal of Organizational Behavior, 39(2), 151-168. https:\/\/doi.org\/10.1002\/job.2202","DOI":"10.1002\/job.2202"},{"key":"7001","unstructured":"Medina, A. M. F., Salazar, M. L. R. y Gonz\u00e1lez, S. L. C. (2017). Incidencia de los Estilos de Liderazgo en la Satisfacci\u00f3n de los Colaboradores en Empresas de Servicios del Ecuador. PODIUM, 41-64."},{"key":"7002","doi-asserted-by":"crossref","unstructured":"Moreno, M. y Wong, H. (2018). Relaci\u00f3n de las habilidades directivas y la satisfacci\u00f3n laboral en la empresa Chicken King de Trujillo, 2018. Cuadernos Latinoamericanos de Administraci\u00f3n, vol. XV, n\u00fam. 27, 1-18.","DOI":"10.18270\/cuaderlam.v14i27.2475"},{"key":"7003","doi-asserted-by":"crossref","unstructured":"Oliva, F.L., Couto, M.H.G., Santos, R.F. y Bresciani, S. (2019). The Integration Between Knowledge Management and Dynamic Capabilities in Agile Organizations. Management Decision, 57(8), 1960-1979. https:\/\/doi.org\/10.1108\/MD-06-2018-0670","DOI":"10.1108\/MD-06-2018-0670"},{"key":"7004","doi-asserted-by":"crossref","unstructured":"Pert\u00faz, F. (2018). Liderazgo Transformacional en Empresas Sociales Desde la perspectiva \u00c9tica de la Responsabilidad Social Empresarial. Telos, 20(2), 377- 400. https:\/\/doi.org\/10.36390\/telos202.08","DOI":"10.36390\/telos202.08"},{"key":"7005","doi-asserted-by":"crossref","unstructured":"Popli, M., Akbar, M., Kumar, V. y Gaur, A. (2017). Performance Impact of Temporal Strategic Fit: Entrainment of Internationalization with Pro-Market Reforms. Global Strategy Journal, 7(4), 354\u2013374. https:\/\/doi.org\/10.1002\/gsj.1160","DOI":"10.1002\/gsj.1160"},{"key":"7006","doi-asserted-by":"crossref","unstructured":"Prieto-Fl\u00f3rez, J. (2022). Estrategias para el Posicionamiento: una Revisi\u00f3n del Rol de los Equipos Comerciales. Revista cient\u00edfica anfibios, 5(1), 45-52. https:\/\/doi. org\/10.37979\/afb.2022v5n1.102","DOI":"10.37979\/afb.2022v5n1.102"},{"key":"7007","doi-asserted-by":"crossref","unstructured":"Ram\u00edrez-Torres, W. E. (2023). An\u00e1lisis de la gesti\u00f3n del talento humano en el contexto empresarial actual: una revisi\u00f3n bibliogr\u00e1fica. INNOVA Research Journal, 8(2), 83-106. https:\/\/doi.org\/10.33890\/innova.v8.n2.2023.2234","DOI":"10.33890\/innova.v8.n2.2023.2234"},{"key":"7008","doi-asserted-by":"crossref","unstructured":"Regts, G., Molleman, E. y Van de Brake, H. J. (2018). The impact of leader-member exchange on follower performance in light of the larger social network. Human Relations, 72(8), 1265-1291. https:\/\/doi.org\/10.1177\/0018726718806351","DOI":"10.1177\/0018726718806351"},{"key":"7009","doi-asserted-by":"crossref","unstructured":"Rozo-S\u00e1nchez, A., Fl\u00f3rez-Garay, A., & Guti\u00e9rrez-Su\u00e1rez, C. (2019). Liderazgo organizacional como elemento clave para la direcci\u00f3n estrat\u00e9gica. Aibi revista de investigaci\u00f3n, administraci\u00f3n e ingenier\u00eda, 7(2), 62-67. https:\/\/revistas.udes.edu.co\/aibi\/article\/view\/1669","DOI":"10.15649\/2346030X.543"},{"key":"7010","doi-asserted-by":"crossref","unstructured":"Salunke, S.; Weerawardena, J.; McColl-Kennedy, J. R. (2019). The central role of knowledge integration capability in service innovation-based competitive strategy. Industrial Marketing Management, 76, 144-156. https:\/\/doi.org\/10.1016\/j.indmarman.2018.07.004","DOI":"10.1016\/j.indmarman.2018.07.004"},{"key":"7011","doi-asserted-by":"crossref","unstructured":"Talebi, K., Tajeddin, M., Rastgar, A. A. y Emami, A. (2017). Internationalization of SMEs and organizational factors in emerging economies: High\u2013tech industry of Iran. International Journal of Academic Research in Business and Social Sciences, 7(1), 178-192. https:\/\/doi.org\/10.6007\/IJARBSS\/v7-i1\/2595","DOI":"10.6007\/IJARBSS\/v7-i1\/2595"},{"key":"7012","doi-asserted-by":"crossref","unstructured":"Tualombo-Titua\u00f1a, J., Figueroa-Soledispa, M. y Moreno-Ponce, M. (2022). Habilidades directivas en el manejo de las finanzas de las peque\u00f1as y medianas empresas. Caso: Sportmancar, Manab\u00ed-Ecuador. FIPCAEC, 7(2), 3-14.","DOI":"10.33386\/593dp.2022.6.1339"},{"key":"7013","doi-asserted-by":"crossref","unstructured":"Tsai, C. Y., Dionne, S. D., Wang, A. C., Spain, S. M., Yammarino, F. J. y Cheng, B. S. (2017). Effects of relational schema congruence on leader-member exchange. The Leadership Quarterly, 28(2), 268-284. https:\/\/doi.org\/10.1016\/j.leaqua.2016.11.005","DOI":"10.1016\/j.leaqua.2016.11.005"},{"key":"7014","unstructured":"Vald\u00e9s, M., L\u00f3pez, V. y S\u00e1nchez. M. (2021). Modelo multigeneracional de gesti\u00f3n del conocimiento mediante competitividad, innovaci\u00f3n, cultura y liderazgo en sector aeroespacial. Revista Ib\u00e9rica de Sistemas e Tecnologias de Informa\u00e7\u00e3o (RISTI), E39, 200-2018."},{"key":"7015","doi-asserted-by":"crossref","unstructured":"Vargas-Salgado, M. M. y G\u00f3mez-Bull, K. G. (2021). Liderazgo transformacional y su impacto en la transferencia de conocimiento y el desempe\u00f1o operativo en el contexto de la industria automotriz. Revista Escuela de Administraci\u00f3n de Negocios, (90), 11-26. https:\/\/doi.org\/10.21158\/01208160.n90.2021.2850","DOI":"10.21158\/01208160.n90.2021.2850"},{"key":"7016","doi-asserted-by":"crossref","unstructured":"Vendrell-Herrero, F., Gomes, E., Mellahi, K. y Child, J. (2017). Building international business bridges in geographically isolated areas: The role of foreign market focus and outward looking competences in Latin American SMEs. Journal of World Business, 52(4), 489\u2013502. https:\/\/doi.org\/10.1016\/j.jwb.2016.08.007","DOI":"10.1016\/j.jwb.2016.08.007"},{"key":"7017","doi-asserted-by":"crossref","unstructured":"Wu, J., Wang, C., Hong, J., Piperopoulos, P. y Zhuo, S. (2016). Internationalization and innovation performance of emerging market enterprises: The role of hostcountry institutional development. Journal of World Business, 51(2), 251-263. https:\/\/doi.org\/10.1016\/j.jwb.2015.09.002","DOI":"10.1016\/j.jwb.2015.09.002"},{"key":"7018","unstructured":"Zhou, S. S., Zhou, A. J., Feng, J. Jiang, S. (2017). Dynamic capabilities and organizational performance: The mediating role of innovation. Journal of Mana gement & Organization, 1-17."}],"container-title":["Administraci\u00f3n &amp; Desarrollo"],"link":[{"URL":"https:\/\/revistas.esap.edu.co\/index.php\/admindesarro\/article\/download\/824\/654","content-type":"application\/pdf","content-version":"vor","intended-application":"text-mining"},{"URL":"https:\/\/revistas.esap.edu.co\/index.php\/admindesarro\/article\/download\/824\/666","content-type":"text\/xml","content-version":"vor","intended-application":"text-mining"},{"URL":"https:\/\/revistas.esap.edu.co\/index.php\/admindesarro\/article\/download\/824\/654","content-type":"unspecified","content-version":"vor","intended-application":"similarity-checking"}],"deposited":{"date-parts":[[2025,12,31]],"date-time":"2025-12-31T19:53:30Z","timestamp":1767210810000},"score":0.0,"resource":{"primary":{"URL":"https:\/\/revistas.esap.edu.co\/index.php\/admindesarro\/article\/view\/824"}},"issued":{"date-parts":[[2023,6,16]]},"references-count":37,"journal-issue":{"issue":"1","published-online":{"date-parts":[[2023,1,1]]}},"URL":"https:\/\/doi.org\/10.22431\/25005227.vol53n1.8","ISSN":["2500-5227","0120-3754"],"issn-type":[{"type":"electronic","value":"2500-5227"},{"type":"print","value":"0120-3754"}],"published":{"date-parts":[[2023,6,16]]}},{"indexed":{"date-parts":[[2025,11,6]],"date-time":"2025-11-06T16:40:41Z","timestamp":1762447241617,"version":"build-2065373602"},"reference-count":30,"publisher":"Escuela Superior de Administracion Publica","issue":"2","license":[{"start":{"date-parts":[[2021,12,1]],"date-time":"2021-12-01T00:00:00Z","timestamp":1638316800000},"content-version":"unspecified","delay-in-days":0,"URL":"https:\/\/creativecommons.org\/licenses\/by-nc-sa\/4.0"}],"content-domain":{"domain":[],"crossmark-restriction":false},"short-container-title":["Adm. Desarro."],"abstract":"<jats:p>The schools of preclassical economic thought have been a fundamental basis for understanding financial processes over time and the evolution of the theories and postulates that the economy has developed from its analysis and interpretation. Physiocracy was a trend led mainly by the French in the 18th century. Their own bases of income and profits were installed from agricultural activities. However, Europe experienced significant changes due to the enlightenment and other social restructuring phenomena. This document presents an analysis of the essential characteristics of physiocracy and its impact on the formation and structure of 18th century Europe. The sources used are secondary for the interpretation and analysis of these facts, given the study and contributions of the authors. With this, we will seek to reflect on this current and its incidence within the economic trajectory. results, the presence of the models installed from the productive processes that served as the basis for the trade structures and the dynamics of the agricultural market is evidenced.<\/jats:p>","DOI":"10.22431\/25005227.vol51n2.4","type":"journal-article","created":{"date-parts":[[2022,8,11]],"date-time":"2022-08-11T12:22:48Z","timestamp":1660220568000},"page":"108-122","source":"Crossref","is-referenced-by-count":0,"title":["Notas sobre la fisiocracia en el mundo ilustrado: caracter\u00edsticas, alcances y reflexiones en la sociedad del siglo XVIII","Notes on physiocracy in the illustrated world: characteristics, scope, and reflections in the society of the XVIII century"],"prefix":"10.22431","volume":"51","author":[{"given":"Mar\u00eda Ang\u00e9lica Del Mar","family":"Mendoza Manotas","sequence":"first","affiliation":[],"role":[{"role":"author","vocabulary":"crossref"}]}],"member":"9723","published-online":{"date-parts":[[2021,12,1]]},"reference":[{"key":"4401","unstructured":"Asensio, M. (2020). Turgot revisado de nuevo: Impuestos Directos e Indirectos y la Historia Econ\u00f3mica y Fiscal del Siglo XVIII. Actualidad Econ\u00f3mica, 30(100), 17-24."},{"key":"4402","unstructured":"Belenger, E. (1987). La Crisis Econ\u00f3mica en Europa en el siglo XVII. Algunas precisiones en torno a su disparidad bibliogr\u00e1fica. Universitat de les Illes Balears."},{"key":"4403","unstructured":"Berzosa. D. (2004). Los fisi\u00f3cratas y la opini\u00f3n p\u00fablica como presupuesto y garant\u00eda de la continuidad de la sociedad en el Estado. Revista de Estudios Pol\u00edticos, (124), 173-206."},{"key":"4404","unstructured":"Bilbao, L. & Lanza, R. (2010). Historia Econ\u00f3mica. Universidad Aut\u00f3noma de Madrid Facultad de Ciencias Econ\u00f3micas y Empresariales."},{"key":"4405","unstructured":"Bois, G. (1990). Crisis del Feudalismo: Econom\u00eda rural y demograf\u00eda en Normand\u00eda Oriental desde comienzos del siglo XIV a mediados del siglo XVI. Bolet\u00edn de Historia Social Europea, (2), 119-136."},{"key":"4406","unstructured":"Bonilla, V. (2018). Revoluciones modernas y modernidad en Am\u00e9rica Latina. Revista Espacios, 39(04). https:\/\/www.revistaespacios.com\/a18v39n04\/a18v39n04p31.pdf"},{"key":"4407","unstructured":"Bor\u00f3n. A. (2006). Filosof\u00eda pol\u00edtica y cr\u00edtica de la sociedad burguesa: el legado te\u00f3rico de Karl Marx. CLACSO."},{"key":"4408","doi-asserted-by":"crossref","unstructured":"Bortesi. L. (2014). Principios y preceptos de las doctrinas econ\u00f3micas. Quipukamayoc, 22(42), 69-75.","DOI":"10.15381\/quipu.v22i42.11037"},{"key":"4409","unstructured":"Delgado, H. (1995). Historia del crecimiento de la poblaci\u00f3n mundial. Series apuntes de demograf\u00eda no. 1. Universidad Nacional de Sam Crist\u00f3bal de Humaga."},{"key":"4410","doi-asserted-by":"crossref","unstructured":"Del Prado, J. (2012). Consecuencias de la crisis europea en las relaciones internacionales. Agenda Internacional, 19(30), 173-193.","DOI":"10.18800\/agenda.201201.009"},{"key":"4411","unstructured":"Dom\u00ednguez, D. (2008). Los poderes feudales. Las maneras de la extracci\u00f3n del excedente en la econom\u00eda medieval. N\u00f3madas. Critical Journal of Social and Juridical Sciences, 17(1)."},{"key":"4412","unstructured":"Enciso. L. (2010). Las Sociedades Econ\u00f3micas en el Siglo de las Luces. Real Acad\u00e9mica de la Historia."},{"key":"4413","unstructured":"Escalona, J. (1995). Transformaciones sociales y organizaci\u00f3n del espacio en el alfoz de Lara en la alta edad media [Tesis para optar al T\u00edtulo de Doctor en Historia]. Universidad Complutense de Madrid."},{"key":"4414","doi-asserted-by":"crossref","unstructured":"Fl\u00f3rez, C. (1999). De la sociedad feudal a la g\u00e9nesis del estado moderno en Europa occidental. Agenda Internacional, 6(12), 113-122.","DOI":"10.18800\/agenda.199901.006"},{"key":"4415","unstructured":"Iradiel, P. (2001). Feudalismo Agrario y Artesanado Corporativo. Studia Historica. Historia Medieval, 2. Recuperado a partir de https:\/\/revistas.usal.es\/index.php\/Studia_H_Historia_Medieval\/article\/view\/4282"},{"key":"4416","unstructured":"Llopis, E. (2004). El crecimiento de la poblaci\u00f3n espa\u00f1ola, 1700-1849: \u00edndices regionales y nacionales de bautismos. \u00c1reas. Revista Internacional de Ciencias Sociales, (24), 9-24."},{"key":"4417","unstructured":"L\u00f3pez. A. (2005). Los cambios de siglo en la historia de Espa\u00f1a (siglo XV - siglo XXI). Universidad Complutense de Madrid."},{"key":"4418","unstructured":"Merlino, A. (2009). Investigaci\u00f3n Cualitativa en Ciencias Sociales. Temas, problemas y aplicaciones. Cengage Learning."},{"key":"4419","unstructured":"Marx, C. (2002). El Capital. Capitulo XXIV. La llamada acumulaci\u00f3n originaria. Obras escogidas."},{"key":"4420","unstructured":"Par\u00eds J. (2007). El \u201ctableau \u00e9conomique\u201d, un precedente de la matriz de insumo producto [Tesis para optar al T\u00edtulo de Economista]. Universidad Nacional de Mar del Plata."},{"key":"4421","unstructured":"Pinilla. V. (2004). Sobre la agricultura y el crecimiento econ\u00f3mico en Espa\u00f1a (1800-1935). Revista Historia Agraria, (34), 137-162"},{"key":"4422","unstructured":"Samper. M. (2011). Dejad hacer. Revista de econom\u00eda institucional, 13(25), 336-346."},{"key":"4423","unstructured":"Santana, J. (1993). La Teor\u00eda de la Ilustraci\u00f3n. Su incidencia en Canarias. Revista Vegueta, (1), 85-95. https:\/\/accedacris.ulpgc.es\/bitstream\/10553\/2297\/1\/0234500_00001_0008.pdf"},{"key":"4424","doi-asserted-by":"crossref","unstructured":"Sennet, J. (2016). Antropocentrismo y modernidad. Una cr\u00edtica post\u2013ilustrada. Revista de fomento social, (281), 107-114.","DOI":"10.32418\/rfs.2016.281.1363"},{"key":"4425","unstructured":"Simpson, J. (1993). Productividad en la Agricultura Europea. Noticiario de Historia Agraria, (5), 185-195."},{"key":"4426","doi-asserted-by":"crossref","unstructured":"Riojas, C. (2013). Agriculture et proto-industrialisation. Relaciones. Estudios de historia y sociedad, 34(134), 211-261.","DOI":"10.24901\/rehs.v34i134.464"},{"key":"4427","unstructured":"Vargas, C. (2016). Ilustraci\u00f3n y desarrollo econ\u00f3mico. Instituto de Investigaci\u00f3n en Ciencias Econ\u00f3micas de la Universidad del Salvador."},{"key":"4428","doi-asserted-by":"crossref","unstructured":"Virgili, A. (2020). Conquista feudal y transformaciones agrarias: colonizaci\u00f3n agr\u00edcola y ganader\u00eda en el prado de Tortosa, siglos XII-XIII. Historia agraria: Revista de agricultura e historia rural, (81), 165-194.","DOI":"10.26882\/histagrar.081e05v"},{"key":"4429","unstructured":"Tol\u00f3n. A. & Lastra. X. (2008). Evoluci\u00f3n del Desarrollo Rural en Europa y en Espa\u00f1a. Las \u00c1reas rurales de metodolog\u00eda LEADER. Revista electr\u00f3nica de Medioambiente, 4, 35-62."},{"key":"4430","unstructured":"Usoz, J. (2011). La \u00abnueva pol\u00edtica\u00bb ilustrada y la esfera p\u00fablica: las introducciones a la econom\u00eda en el siglo XVIII espa\u00f1ol. Revista de estudios pol\u00edticos, (153), 11-46."}],"container-title":["Administraci\u00f3n &amp; Desarrollo"],"link":[{"URL":"https:\/\/revistas.esap.edu.co\/index.php\/admindesarro\/article\/download\/674\/586","content-type":"application\/pdf","content-version":"vor","intended-application":"text-mining"},{"URL":"https:\/\/revistas.esap.edu.co\/index.php\/admindesarro\/article\/download\/674\/610","content-type":"text\/xml","content-version":"vor","intended-application":"text-mining"},{"URL":"https:\/\/revistas.esap.edu.co\/index.php\/admindesarro\/article\/download\/674\/586","content-type":"unspecified","content-version":"vor","intended-application":"similarity-checking"}],"deposited":{"date-parts":[[2025,11,6]],"date-time":"2025-11-06T16:35:21Z","timestamp":1762446921000},"score":0.0,"resource":{"primary":{"URL":"https:\/\/revistas.esap.edu.co\/index.php\/admindesarro\/article\/view\/674"}},"issued":{"date-parts":[[2021,12,1]]},"references-count":30,"journal-issue":{"issue":"2","published-online":{"date-parts":[[2021,12,27]]}},"URL":"https:\/\/doi.org\/10.22431\/25005227.vol51n2.4","ISSN":["2500-5227","0120-3754"],"issn-type":[{"type":"electronic","value":"2500-5227"},{"type":"print","value":"0120-3754"}],"published":{"date-parts":[[2021,12,1]]}},{"indexed":{"date-parts":[[2025,12,31]],"date-time":"2025-12-31T19:44:34Z","timestamp":1767210274439,"version":"3.48.0"},"reference-count":46,"publisher":"Escuela Superior de Administracion Publica","issue":"2","license":[{"start":{"date-parts":[[2025,9,4]],"date-time":"2025-09-04T00:00:00Z","timestamp":1756944000000},"content-version":"unspecified","delay-in-days":0,"URL":"https:\/\/creativecommons.org\/licenses\/by-nc-sa\/4.0"}],"content-domain":{"domain":[],"crossmark-restriction":false},"short-container-title":["Adm. Desarro."],"abstract":"<jats:p>Problem statement: The Universidad Veracruzana (uv) has a limited level of understanding of the Internal Control System, which hinders its contribution to accountability, transparency, and the efficient use of public resources. Objective: To identify faculty training needs in internal control in order to develop a comprehensive training proposal that strengthens their competencies. Methodology: The research adopted a quantitative approach, with a non-experimental and cross-sectional design. An instrument was created to assess four dimensions: understanding of internal control, risk mitigation capacity, ethical and legal commitment, and technological proficiency. The sample consisted of 470 members of the academic community from diverse areas and regions. Results: The findings showed low and intermediate levels in all dimensions, with high variability among participants. A significant correlation was found between the dimensions, particularly between understanding and risk management capacity. Conclusion: An annual training program aligned with the Committee of Sponsoring Organization of the Treadway Commission and the Integrated Internal Control Framework is proposed to strengthen key competencies and provide a diagnosis foundation for a contextualized training strategy.<\/jats:p>","DOI":"10.22431\/25005227.1233","type":"journal-article","created":{"date-parts":[[2025,9,23]],"date-time":"2025-09-23T16:08:49Z","timestamp":1758643729000},"source":"Crossref","is-referenced-by-count":0,"title":["Fortalecimiento del control interno desde la academia: una propuesta de an\u00e1lisis y capacitaci\u00f3n para el personal acad\u00e9mico","Strengthening Internal Control Through Academia: A Proposal for Analysis and Training for Academic Staff"],"prefix":"10.22431","volume":"55","author":[{"ORCID":"https:\/\/orcid.org\/0000-0001-7637-2909","authenticated-orcid":false,"given":"Luis Alejandro","family":"Gazca Herrera","sequence":"first","affiliation":[],"role":[{"role":"author","vocabulary":"crossref"}]},{"ORCID":"https:\/\/orcid.org\/0000-0001-7042-0404","authenticated-orcid":false,"given":"Ximena","family":"Zarate Hern\u00e1ndez","sequence":"additional","affiliation":[],"role":[{"role":"author","vocabulary":"crossref"}]},{"ORCID":"https:\/\/orcid.org\/0000-0001-8443-1884","authenticated-orcid":false,"given":"Karina","family":"Culebro Castillo","sequence":"additional","affiliation":[],"role":[{"role":"author","vocabulary":"crossref"}]}],"member":"9723","published-online":{"date-parts":[[2025,9,4]]},"reference":[{"key":"23896","unstructured":"Aguilar, L. F. (2012). Pol\u00edtica p\u00fablica: una mirada al presente y al futuro. Revista Opera, (12), 31\u201361."},{"key":"23897","doi-asserted-by":"publisher","DOI":"10.35381\/gep.v7i1.258"},{"key":"23898","unstructured":"Auditor\u00eda Superior de la Federaci\u00f3n. (2023). Informe del resultado de la fiscalizaci\u00f3n superior de la Cuenta P\u00fablica 2023 [Informe]. C\u00e1mara de Diputados. https:\/\/informe.asf.gob.mx"},{"key":"23899","doi-asserted-by":"publisher","DOI":"10.35381\/cm.v7i12.446"},{"key":"23900","doi-asserted-by":"publisher","DOI":"10.31095\/podium.2023.44.10"},{"key":"23901","unstructured":"Chango Galarza, M., Veintimilla Ruiz, J. y Naranjo Santamar\u00eda, J. (2024). An\u00e1lisis del modelo COSO aplicado en las organizaciones contempor\u00e1neas del Ecuador, una mirada desde la teor\u00eda de la autopoiesis. Aula Virtual, 5(11), 108-125. https:\/\/doi.org\/10.5281\/zenodo.10465047"},{"key":"23902","unstructured":"Chiavenato, I. (2004). Introducci\u00f3n a la teor\u00eda general de la administraci\u00f3n (7\u00aa ed.). McGraw-Hill Interamericana."},{"key":"23903","unstructured":"Contralor\u00eda General del Estado de Veracruz. (2020). Acuerdo por el que se emite el Sistema de Control Interno (SICI) para dependencias y entidades del Poder Ejecutivo. https:\/\/sistemas.cgever.gob.mx\/2020\/pdf\/gac_sici.pdf"},{"key":"23904","unstructured":"Dankhe, G. L. (1986). La investigaci\u00f3n y el m\u00e9todo cient\u00edfico. En F. Arias Galicia (Comp.), El proceso de la investigaci\u00f3n cient\u00edfica (pp. 55\u201378). Trillas."},{"key":"23905","doi-asserted-by":"publisher","DOI":"10.17351\/ests2017.108"},{"key":"23906","unstructured":"George, D. y Mallery, P. (2003). SPSS for Windows step by step: A Simple Guide and Reference. Allyn & Bacon."},{"key":"23907","unstructured":"Gobierno de M\u00e9xico. (2016). El Sistema Nacional Anticorrupci\u00f3n. https:\/\/www.gob.mx\/sesna\/es\/articulos\/el-sistema-nacional-anticorrupcion?idiom=es"},{"key":"23908","doi-asserted-by":"publisher","DOI":"10.22201\/iij.24484873e.2019.155.14949"},{"key":"23909","unstructured":"Government Accountability Office. (2014). Standards for Internal Control in the Federal Government. http:\/\/www.gao.gov\/"},{"key":"23910","unstructured":"Guerrero-Aguiar, M., Medina-Le\u00f3n, A. y Nogueira-Rivera, D. (2020). Procedimiento de gesti\u00f3n de riesgos como apoyo a la toma de decisiones. Ingenier\u00eda Industrial, 41(1). http:\/\/scielo.sld.cu\/scielo.php?script=sci_arttext&pid=S1815-59362020000100002"},{"key":"23911","doi-asserted-by":"publisher","DOI":"10.1007\/978-3-319-57702-9_7"},{"key":"23912","unstructured":"Hern\u00e1ndez Sampieri, R., Fern\u00e1ndez Collado, C. y Baptista Lucio, P. (2014). Metodolog\u00eda de la investigaci\u00f3n (6. \u00aa ed.). McGraw-Hill."},{"key":"23913","unstructured":"Kerlinger, F. N. (1983). Investigaci\u00f3n del comportamiento: M\u00e9todos de investigaci\u00f3n en ciencias sociales (2. \u00aa ed.). McGraw-Hill."},{"key":"23914","doi-asserted-by":"publisher","DOI":"10.55555\/IS.22.342"},{"key":"23915","doi-asserted-by":"publisher","DOI":"10.46530\/ecdp.v0i25.349"},{"key":"23916","doi-asserted-by":"publisher","DOI":"10.22431\/25005227.vol54n1.869"},{"key":"23917","unstructured":"Mezirow, J. (2000). Learning as transformation: Critical perspectives on a theory in progress. Jossey-Bass."},{"key":"23918","doi-asserted-by":"publisher","DOI":"10.36677\/recai.v14i40.23195"},{"key":"23919","doi-asserted-by":"publisher","DOI":"10.15174\/au.2021.3139"},{"key":"23920","doi-asserted-by":"publisher","DOI":"10.36796\/biolex.v22i0.172"},{"key":"23921","doi-asserted-by":"publisher","DOI":"10.35381\/racji.v10i18.4367"},{"key":"23922","unstructured":"Riskonnect. (2023). How to align your operations with COSO requirements. Riskonnect. https:\/\/riskonnect.com\/compliance\/how-to-align-your-operations-with-coso-requirements"},{"key":"23923","unstructured":"Sarquiz Cruz, P. S. (2024). Metodolog\u00eda de evaluaci\u00f3n de controles internos en instituciones p\u00fablicas en M\u00e9xico. Cofin Habana, 18(2). http:\/\/scielo.sld.cu\/scielo.php?script=sci_arttext&pid=S2073-60612024000200009"},{"key":"23924","unstructured":"Secretar\u00eda de Energ\u00eda. (2023). Acuerdo por el que se establecen las disposiciones en materia de control interno en la Secretar\u00eda de Energ\u00eda. https:\/\/base.energia.gob.mx\/Cont_Int_Inst\/Acuerdo.html"},{"key":"23925","unstructured":"Secretar\u00eda de la Funci\u00f3n P\u00fablica. (2016a). Acuerdo por el que se emiten las disposiciones y el manual administrativo de aplicaci\u00f3n general en materia de control interno."},{"key":"23926","unstructured":"https:\/\/www.gob.mx\/cms\/uploads\/attachment\/file\/174036\/acuerdo-disposiciones-manual-CI.pdf"},{"key":"23927","unstructured":"Secretar\u00eda de la Funci\u00f3n P\u00fablica. (2016b). Manual administrativo de aplicaci\u00f3n general en materia de control interno. https:\/\/www.diputados.gob.mx\/LeyesBiblio\/regla\/n481.pdf"},{"key":"23928","doi-asserted-by":"publisher","DOI":"10.36941\/ajis-2024-0169"},{"key":"23929","unstructured":"Tamayo y Tamayo, M. (2002). El proceso de la investigaci\u00f3n cient\u00edfica (4. \u00aa ed.). Limusa."},{"key":"23930","unstructured":"Taplin, D., Clark, H., Collins, E. y Colby, D. (2013). Theory of Change: Technical papers. ActKnowledge."},{"key":"23931","doi-asserted-by":"publisher","DOI":"10.5116\/ijme.4dfb.8dfd"},{"key":"23932","unstructured":"Tob\u00f3n, S. (2013). Formaci\u00f3n basada en competencias: Pensamiento complejo, dise\u00f1o curricular y did\u00e1ctica. Ecoe Ediciones."},{"key":"23933","doi-asserted-by":"publisher","DOI":"10.46377\/dilemas.v9i.2992"},{"key":"23934","doi-asserted-by":"publisher","DOI":"10.21865\/RIDEP63.2.02"},{"key":"23935","unstructured":"Universidad Veracruzana. (2023a). Presentaci\u00f3n institucional. https:\/\/www.uv.mx\/universidad\/presentacion\/"},{"key":"23936","unstructured":"Universidad Veracruzana. (2023b). Misi\u00f3n y visi\u00f3n institucional. https:\/\/www.uv.mx\/universidad\/mision-y-vision\/"},{"key":"23937","unstructured":"Universidad Veracruzana. (2024a). Programa de Trabajo de Control Interno 2024-2025. https:\/\/www.uv.mx\/cocodi\/files\/2024\/04\/Programa-de-trabajo-del-COCODI-FINAL.pdf"},{"key":"23938","unstructured":"Universidad Veracruzana. (2025a). Comit\u00e9 de Control y Desempe\u00f1o Institucional. https:\/\/www.uv.mx\/apps\/cocodiuv\/index.html"},{"key":"23939","unstructured":"Universidad Veracruzana. (2025b). COCODI UV - Universidad Veracruzana. https:\/\/www.uv.mx\/apps\/cocodiuv\/cocodi.html"},{"key":"23940","unstructured":"Universidad Veracruzana. (2025c). UV en n\u00fameros: Julio 2025 (Corte de informaci\u00f3n, junio 2025). Direcci\u00f3n de Planeaci\u00f3n Institucional. https:\/\/www.uv.mx\/informacion-estadistica\/uv-en-numeros"},{"key":"23941","doi-asserted-by":"publisher","DOI":"10.22335\/rlct.v12i2.1142"}],"container-title":["Administraci\u00f3n &amp; Desarrollo"],"link":[{"URL":"https:\/\/revistas.esap.edu.co\/index.php\/admindesarro\/article\/download\/1233\/830","content-type":"application\/pdf","content-version":"vor","intended-application":"text-mining"},{"URL":"https:\/\/revistas.esap.edu.co\/index.php\/admindesarro\/article\/download\/1233\/839","content-type":"text\/xml","content-version":"vor","intended-application":"text-mining"},{"URL":"https:\/\/revistas.esap.edu.co\/index.php\/admindesarro\/article\/download\/1233\/830","content-type":"unspecified","content-version":"vor","intended-application":"similarity-checking"}],"deposited":{"date-parts":[[2025,12,31]],"date-time":"2025-12-31T19:43:00Z","timestamp":1767210180000},"score":0.0,"resource":{"primary":{"URL":"https:\/\/revistas.esap.edu.co\/index.php\/admindesarro\/article\/view\/1233"}},"issued":{"date-parts":[[2025,9,4]]},"references-count":46,"journal-issue":{"issue":"2","published-online":{"date-parts":[[2025,7,16]]}},"URL":"https:\/\/doi.org\/10.22431\/25005227.1233","ISSN":["2500-5227","0120-3754"],"issn-type":[{"type":"electronic","value":"2500-5227"},{"type":"print","value":"0120-3754"}],"published":{"date-parts":[[2025,9,4]]}},{"indexed":{"date-parts":[[2025,11,6]],"date-time":"2025-11-06T16:36:44Z","timestamp":1762447004396,"version":"build-2065373602"},"reference-count":0,"publisher":"Escuela Superior de Administracion Publica","issue":"59","license":[{"start":{"date-parts":[[2014,12,1]],"date-time":"2014-12-01T00:00:00Z","timestamp":1417392000000},"content-version":"unspecified","delay-in-days":0,"URL":"http:\/\/creativecommons.org\/licenses\/by-nc-nd\/4.0"}],"content-domain":{"domain":[],"crossmark-restriction":false},"short-container-title":["Adm. Desarro."],"abstract":"<jats:p>The entrepreneurship during last years has become in one of the most important topics to the plans, programs and projects designing of public policies of enterprises and startup to every government, due that it has converted in one of the revitalizing of the worldwide economics. Currently, a lot of programs have been created to start entrepreneurial ideas due that they contribute to generate new employment positions. Generally the population\u00b4s unknowledge about the implemented programs, failure fair, the lack of information and the lack of trust in the business ideas are the obstacles to open new concepts of entrepreneurship in the country. The purpose of this document is to analyse the impact of the public policies of entrepreneurship implemented during the last years in the country's development.<\/jats:p>","DOI":"10.22431\/25005227.101","type":"journal-article","created":{"date-parts":[[2017,7,5]],"date-time":"2017-07-05T12:06:06Z","timestamp":1499256366000},"page":"7-21","source":"Crossref","is-referenced-by-count":12,"title":["Emprendimiento en Colombia","Entrepreneurship in Colombia"],"prefix":"10.22431","volume":"43","author":[{"given":"Jahir Augusto","family":"Buitrago Nova","sequence":"first","affiliation":[],"role":[{"role":"author","vocabulary":"crossref"}]}],"member":"9723","published-online":{"date-parts":[[2014,12,1]]},"container-title":["Administraci\u00f3n &amp; Desarrollo"],"link":[{"URL":"https:\/\/revistas.esap.edu.co\/index.php\/admindesarro\/article\/download\/101\/pdf","content-type":"application\/pdf","content-version":"vor","intended-application":"text-mining"},{"URL":"https:\/\/revistas.esap.edu.co\/index.php\/admindesarro\/article\/download\/101\/pdf","content-type":"unspecified","content-version":"vor","intended-application":"similarity-checking"}],"deposited":{"date-parts":[[2025,11,6]],"date-time":"2025-11-06T16:33:51Z","timestamp":1762446831000},"score":0.0,"resource":{"primary":{"URL":"https:\/\/revistas.esap.edu.co\/index.php\/admindesarro\/article\/view\/101"}},"issued":{"date-parts":[[2014,12,1]]},"references-count":0,"journal-issue":{"issue":"59","published-online":{"date-parts":[[2014,12,1]]}},"URL":"https:\/\/doi.org\/10.22431\/25005227.101","ISSN":["2500-5227","0120-3754"],"issn-type":[{"type":"electronic","value":"2500-5227"},{"type":"print","value":"0120-3754"}],"published":{"date-parts":[[2014,12,1]]}},{"indexed":{"date-parts":[[2025,11,6]],"date-time":"2025-11-06T16:37:41Z","timestamp":1762447061006,"version":"build-2065373602"},"reference-count":0,"publisher":"Escuela Superior de Administracion Publica","issue":"60","license":[{"start":{"date-parts":[[2014,12,20]],"date-time":"2014-12-20T00:00:00Z","timestamp":1419033600000},"content-version":"unspecified","delay-in-days":0,"URL":"http:\/\/creativecommons.org\/licenses\/by-nc-nd\/4.0"}],"content-domain":{"domain":[],"crossmark-restriction":false},"short-container-title":["Adm. Desarro."],"abstract":"<jats:p>This article addresses a fundamental conceptual discussion on the progress of governance, which seems to have forgotten the requirements of administrative efficiency, capacity and staff training, models of government reinventing, bureaucracy reduction, state modernization, privatization of public services, and the comprehensive outsourcing of business activities associated with collective welfare. This has relegated the official to a client sized position of subservience to political immediacy, absent from the habits of respect and practice of public ethics and values of civic cooperation. These circumstances keep the official from taking the virtuous role of effectively contribute in the achievements of the public affairs management.<\/jats:p>","DOI":"10.22431\/25005227.87","type":"journal-article","created":{"date-parts":[[2017,7,5]],"date-time":"2017-07-05T12:06:06Z","timestamp":1499256366000},"page":"106-116","source":"Crossref","is-referenced-by-count":0,"title":["La administraci\u00f3n y el funcionario","Administration and the official"],"prefix":"10.22431","volume":"44","author":[{"given":"Jaime","family":"Mej\u00eda Guti\u00e9rrez","sequence":"first","affiliation":[],"role":[{"role":"author","vocabulary":"crossref"}]}],"member":"9723","published-online":{"date-parts":[[2014,12,20]]},"container-title":["Administraci\u00f3n &amp; Desarrollo"],"link":[{"URL":"https:\/\/revistas.esap.edu.co\/index.php\/admindesarro\/article\/download\/87\/pdf","content-type":"application\/pdf","content-version":"vor","intended-application":"text-mining"},{"URL":"https:\/\/revistas.esap.edu.co\/index.php\/admindesarro\/article\/download\/87\/pdf","content-type":"unspecified","content-version":"vor","intended-application":"similarity-checking"}],"deposited":{"date-parts":[[2025,11,6]],"date-time":"2025-11-06T16:33:37Z","timestamp":1762446817000},"score":0.0,"resource":{"primary":{"URL":"https:\/\/revistas.esap.edu.co\/index.php\/admindesarro\/article\/view\/87"}},"issued":{"date-parts":[[2014,12,20]]},"references-count":0,"journal-issue":{"issue":"60","published-online":{"date-parts":[[2014,12,20]]}},"URL":"https:\/\/doi.org\/10.22431\/25005227.87","ISSN":["2500-5227","0120-3754"],"issn-type":[{"type":"electronic","value":"2500-5227"},{"type":"print","value":"0120-3754"}],"published":{"date-parts":[[2014,12,20]]}},{"indexed":{"date-parts":[[2025,12,31]],"date-time":"2025-12-31T20:04:30Z","timestamp":1767211470488,"version":"3.48.0"},"reference-count":14,"publisher":"Escuela Superior de Administracion Publica","issue":"1","license":[{"start":{"date-parts":[[2023,6,13]],"date-time":"2023-06-13T00:00:00Z","timestamp":1686614400000},"content-version":"unspecified","delay-in-days":0,"URL":"https:\/\/creativecommons.org\/licenses\/by-nc-sa\/4.0"}],"content-domain":{"domain":[],"crossmark-restriction":false},"short-container-title":["Adm. Desarro."],"abstract":"<jats:p>The condition inherently methodological of the national system of science, technology, and innovation (SNC&amp;Ti) and the University relationship, company, and State (UEE) define the conditions required so that institutions of higher education (IES) in Colombia, it can be addressed effectively to the science, technology, and innovation (CTi) as powers of investigative nature. Objectives. Brief analyzes the role that meets the SNC &amp; Ti of the country of the hand with the UEE relationship, in terms of the formation of professional competences in research. Methodology. In this regard, it has considered the promoter role playing SNC&amp;Tiand UEE relationship in the development of research skills. Results. Review of appreciation that has impacts on research and development (I+D), and the CTI regarding the development of professional skills in the field, to establish the parameters required to define competencies. Conclusions. Professional development is subject to the relationship between research and teaching, but lawyer from the impulse of the CTi that should win more space in the academic setting.<\/jats:p>","DOI":"10.22431\/25005227.vol53n1.1","type":"journal-article","created":{"date-parts":[[2023,6,16]],"date-time":"2023-06-16T10:08:31Z","timestamp":1686910111000},"page":"1-16","source":"Crossref","is-referenced-by-count":0,"title":["Sistema Nacional de Ciencia, Tecnolog\u00eda e Innovaci\u00f3n  y relaci\u00f3n Universidad Empresa y Estado frente a las  competencias profesionales en Colombia","National system of science, technology and innovation and relationship University company state facing Colombia professional competencies"],"prefix":"10.22431","volume":"53","author":[{"ORCID":"https:\/\/orcid.org\/0000-0001-8564-0397","authenticated-orcid":false,"given":"Jahir Alexander","family":"Guti\u00e9rrez Ossa","sequence":"first","affiliation":[],"role":[{"role":"author","vocabulary":"crossref"}]},{"ORCID":"https:\/\/orcid.org\/0000-0003-4578-1712","authenticated-orcid":false,"given":"Juan Carlos","family":"Urriago Fontal","sequence":"additional","affiliation":[],"role":[{"role":"author","vocabulary":"crossref"}]},{"ORCID":"https:\/\/orcid.org\/0009-0003-0464-1227","authenticated-orcid":false,"given":"Rodrigo Segundo","family":"de la Pe\u00f1a del Castillo","sequence":"additional","affiliation":[],"role":[{"role":"author","vocabulary":"crossref"}]}],"member":"9723","published-online":{"date-parts":[[2023,6,13]]},"reference":[{"key":"6701","doi-asserted-by":"crossref","unstructured":"Bordignon, F. (2017). Laboratorios de innovaci\u00f3n ciudadana, espacios para el hacer digital cr\u00edtico. Virtualidad, Educaci\u00f3n y Ciencia, 14(8), 165-181.","DOI":"10.60020\/1853-6530.v8.n14.17343"},{"key":"6702","unstructured":"Chesbrough, H. (2003). Open Innovation: The New Imperative for Creating and Profiting from Technology. Boston, USA: Harvard Business School Press. https:\/\/books.google.com.co\/books?id=4hTRWStFhVgC&printsec=frontcover&hl=es#v=onepage&q&f=false"},{"key":"6703","doi-asserted-by":"crossref","unstructured":"De Filippo, D., y D\u2019Onofrio, M. G. (2019). Alcances y limitaciones de la ciencia abierta en Latinoam\u00e9rica: an\u00e1lisis de las pol\u00edticas p\u00fablicas y publicaciones cient\u00edficas de la regi\u00f3n. Hipertext. net, (19), 32-48. https:\/\/doi.org\/10.31009\/hipertext.net.2019.i19.03","DOI":"10.31009\/hipertext.net.2019.i19.03"},{"key":"6704","doi-asserted-by":"crossref","unstructured":"Finholt, T. A. (2005). Collaboratories. Annual Review of Information Science and Technology, 36(1), 73-107. https:\/\/doi.org\/10.1002\/aris.1440360103","DOI":"10.1002\/aris.1440360103"},{"key":"6705","doi-asserted-by":"crossref","unstructured":"Fressoli, M., y Arza, V. (2018). Los desaf\u00edos que enfrentan las pr\u00e1cticas de ciencia abierta. Teknokultura 15(2), 429-448. https:\/\/doi.org\/10.5209\/TEKN.60616","DOI":"10.5209\/TEKN.60616"},{"key":"6706","unstructured":"Fressoli, M., y Arza, V. (2017). Negociando la apertura en ciencia abierta. Un an\u00e1lisis de casos ejemplares en Argentina Revista Iberoamericana de Ciencia, Tecnolog\u00eda y Sociedad - CTS. 12(36), 139-162. https:\/\/www.redalyc.org\/pdf\/924\/92453494007.pdf"},{"key":"6707","unstructured":"Guti\u00e9rrez-Garc\u00eda, Elena; Recalde, M\u00f3nica; Alfaro, Jos\u00e9 Antonio; Buil, Pilar y Y\u00e1\u00f1ez-Galdames, Mar\u00eda Jes\u00fas (2019). La empresa en el ecosistema innovador. Desaf\u00edos de la comunicaci\u00f3n con grupos de inter\u00e9s en la innovaci\u00f3n abierta. Pamplona: Universidad de Navarra. https:\/\/www.unav.edu\/documents\/29014\/4471541\/incomin-v4.pdf"},{"key":"6708","unstructured":"Invernizzi, N. (2004). Participaci\u00f3n ciudadana en ciencia y tecnolog\u00eda en Am\u00e9rica Latina: una oportunidad para refundar el compromiso social de la universidad p\u00fablica. Revista CTS. 1(2), 67-83)."},{"key":"6709","unstructured":"Lombardelli, M.J. (2018). El juego como espacio creativo en ciencia ciudadana. Tercer Congreso de la Asociaci\u00f3n Argentina de Humanidades Digitales. La Cultura de los Datos. Asociaci\u00f3n Argentina de Humanidades Digitales, Rosario. 147-154. https:\/\/www.aacademica.org\/aahd2018\/28.pdf"},{"key":"6710","unstructured":"Ram\u00edrez, P.A., y Samoilovich, D. (2019). Ciencia Abierta. Una oportunidad para la Ciencia, la Tecnolog\u00eda y la Innovaci\u00f3n de Am\u00e9rica Latina y el Caribe. 2da edici\u00f3n. Oficina de Montevideo Oficina Regional de Ciencias para Am\u00e9rica Latina y el Caribe. Asociaci\u00f3n Columbus Banco Interamericano de Desarrollo. http:\/\/forocilac.org\/wp-content\/uploads\/2022\/03\/PolicyPapers-CienciaAbierta-ES-v2.pdf"},{"key":"6711","doi-asserted-by":"crossref","unstructured":"Senabre, E., Ferr\u00e1n Ferrer, N., y Perell\u00f3, J. (2018). Dise\u00f1o participativo de experimentos de ciencia ciudadana. Comunicar. Revista Cient\u00edfica de Educomunicaci\u00f3n. 26(54), 29-38. https:\/\/doi.org\/10.3916\/C54-2018-03","DOI":"10.3916\/C54-2018-03"},{"key":"6712","unstructured":"Uribe Tirado, A., y Ochoa, J. (2018). Perspectivas de la ciencia abierta: un estado de la cuesti\u00f3n para una pol\u00edtica nacional en Colombia. bid: textos universitaris de biblioteconomia i documentaci\u00f3, (40), 1-17. https:\/\/bid.ub.edu\/es\/40\/uribe.htm"},{"key":"6713","doi-asserted-by":"crossref","unstructured":"Vessuri, H. (2003) Science, politics, and democratic participation in policymaking: a Latin American view\u201d. Technology in Society, 25, 263-273. https:\/\/doi.org\/10.1016\/S0160-791X(03)00020-4","DOI":"10.1016\/S0160-791X(03)00020-4"},{"key":"6714","doi-asserted-by":"crossref","unstructured":"Wulf, W. (1993). The collaboratory opportunity. Science, 261(5123), 854-855. https:\/\/doi.org\/10.1126\/science.8346438","DOI":"10.1126\/science.8346438"}],"container-title":["Administraci\u00f3n &amp; Desarrollo"],"link":[{"URL":"https:\/\/revistas.esap.edu.co\/index.php\/admindesarro\/article\/download\/818\/651","content-type":"application\/pdf","content-version":"vor","intended-application":"text-mining"},{"URL":"https:\/\/revistas.esap.edu.co\/index.php\/admindesarro\/article\/download\/818\/660","content-type":"text\/xml","content-version":"vor","intended-application":"text-mining"},{"URL":"https:\/\/revistas.esap.edu.co\/index.php\/admindesarro\/article\/download\/818\/651","content-type":"unspecified","content-version":"vor","intended-application":"similarity-checking"}],"deposited":{"date-parts":[[2025,12,31]],"date-time":"2025-12-31T20:00:09Z","timestamp":1767211209000},"score":0.0,"resource":{"primary":{"URL":"https:\/\/revistas.esap.edu.co\/index.php\/admindesarro\/article\/view\/818"}},"issued":{"date-parts":[[2023,6,13]]},"references-count":14,"journal-issue":{"issue":"1","published-online":{"date-parts":[[2023,1,1]]}},"URL":"https:\/\/doi.org\/10.22431\/25005227.vol53n1.1","ISSN":["2500-5227","0120-3754"],"issn-type":[{"type":"electronic","value":"2500-5227"},{"type":"print","value":"0120-3754"}],"published":{"date-parts":[[2023,6,13]]}},{"indexed":{"date-parts":[[2026,6,5]],"date-time":"2026-06-05T01:59:59Z","timestamp":1780624799011,"version":"3.54.1"},"reference-count":0,"publisher":"Escuela Superior de Administracion Publica","issue":"1","license":[{"start":{"date-parts":[[2026,5,14]],"date-time":"2026-05-14T00:00:00Z","timestamp":1778716800000},"content-version":"unspecified","delay-in-days":0,"URL":"https:\/\/creativecommons.org\/licenses\/by-nc-sa\/4.0"}],"content-domain":{"domain":[],"crossmark-restriction":false},"short-container-title":["Adm. Desarro."],"abstract":"<jats:p>Problem statement: The increase in street vending in the city of Florencia has diminished its potential to be considered an ecotourism destination. Objective: To assess the conditions of informal vendors in public spaces in that region, identifying the reasons that justify the rejection of the proposed public policy agreement. Methodology: A mixed-methods design was used, involving surveys of informal vendors (263 participants out of a total of 820) and focus groups, with the application of statistical tests such as the t-test and content analysis. Results: The results reveal that adjustments to public policy must be tailored to the profile of the informal vendor and address aspects related to permanent and authorized relocation, economic support for businesses, and support for those who are not of working age. Conclusion: The findings reveal the need to build trust among the population regarding their future and life plans, under new circumstances that promote their well-being and improve the image of the region. Contribution\/originality: This study highlights a social and productive reality that must be considered in the formulation of national public policies related to the popular economy.<\/jats:p>","DOI":"10.22431\/25005227.1289","type":"journal-article","created":{"date-parts":[[2026,5,14]],"date-time":"2026-05-14T22:39:57Z","timestamp":1778798397000},"source":"Crossref","is-referenced-by-count":0,"title":["Ajustes a la concepci\u00f3n de pol\u00edtica p\u00fablica para la poblaci\u00f3n de vendedores informales","Public Policy Adjustments for the Informal Vendor Population"],"prefix":"10.22431","volume":"56","author":[{"ORCID":"https:\/\/orcid.org\/0000-0001-6512-2453","authenticated-orcid":false,"given":"Cristian","family":"Hern\u00e1ndez Gil","sequence":"first","affiliation":[],"role":[{"vocabulary":"crossref","role":"author"}]}],"member":"9723","published-online":{"date-parts":[[2026,5,14]]},"container-title":["Administraci\u00f3n &amp; Desarrollo"],"link":[{"URL":"https:\/\/revistas.esap.edu.co\/index.php\/admindesarro\/article\/download\/1289\/881","content-type":"application\/pdf","content-version":"vor","intended-application":"text-mining"},{"URL":"https:\/\/revistas.esap.edu.co\/index.php\/admindesarro\/article\/download\/1289\/884","content-type":"unspecified","content-version":"vor","intended-application":"text-mining"},{"URL":"https:\/\/revistas.esap.edu.co\/index.php\/admindesarro\/article\/download\/1289\/881","content-type":"unspecified","content-version":"vor","intended-application":"similarity-checking"}],"deposited":{"date-parts":[[2026,6,5]],"date-time":"2026-06-05T01:10:08Z","timestamp":1780621808000},"score":0.0,"resource":{"primary":{"URL":"https:\/\/revistas.esap.edu.co\/index.php\/admindesarro\/article\/view\/1289"}},"issued":{"date-parts":[[2026,5,14]]},"references-count":0,"journal-issue":{"issue":"1","published-online":{"date-parts":[[2026,1,16]]}},"URL":"https:\/\/doi.org\/10.22431\/25005227.1289","ISSN":["2500-5227","0120-3754"],"issn-type":[{"value":"2500-5227","type":"electronic"},{"value":"0120-3754","type":"print"}],"published":{"date-parts":[[2026,5,14]]}},{"indexed":{"date-parts":[[2022,4,3]],"date-time":"2022-04-03T06:58:17Z","timestamp":1648969097426},"reference-count":0,"publisher":"Escuela Superior de Administracion Publica","issue":"64","license":[{"start":{"date-parts":[[2011,12,15]],"date-time":"2011-12-15T00:00:00Z","timestamp":1323907200000},"content-version":"unspecified","delay-in-days":0,"URL":"http:\/\/creativecommons.org\/licenses\/by-nc-nd\/4.0"}],"content-domain":{"domain":[],"crossmark-restriction":false},"short-container-title":["Nova vetera"],"abstract":"<jats:p>El principio orientador de la pol\u00edtica internacional en materia de inmigraci\u00f3n hace posible el racismo, la xenofobia y una amplia exclusi\u00f3n social. En el caso de Espa\u00f1a, se llega al punto que, a\u00fan teniendo la nacionalidad espa\u00f1ola, la violaci\u00f3n permanente a los Derechos Humanos de los inmigrantes es evidente. Todo esto se efect\u00faa bajo el amparo de gobiernos que no toman medidas en aras de una aut\u00e9ntica integraci\u00f3n del inmigrado, por el contrario crean normas que estigmatizan y prescinden del extranjero y aumentan las disposiciones que sobreprotegen a las empresas y a su econom\u00eda que atentan contra derechos de inmigrantes. En este trabajo se analiza como la actual crisis econ\u00f3mica no s\u00f3lo ha hecho regresar a sus pa\u00edses de origen a miles de inmigrantes \u2013incluidos los colombianos residentes en Espa\u00f1a-, sino como aquellos que siguen all\u00ed, son cada vez m\u00e1s objeto de medidas de tipo represivo. Desde la perspectiva de los derechos humanos se concluye que existe una contrastada desigualdad, en la que el inmigrado es el instrumento m\u00e1s d\u00e9bil en la econom\u00eda espa\u00f1ola y por esa raz\u00f3n es objeto de pol\u00edticas atentatorias de sus derechos.<\/jats:p>","DOI":"10.22431\/25005103.345","type":"journal-article","created":{"date-parts":[[2017,7,5]],"date-time":"2017-07-05T19:34:05Z","timestamp":1499283245000},"page":"165-178","source":"Crossref","is-referenced-by-count":0,"title":["La violaci\u00f3n de derechos humanos de los inmigrantes colombianos en Espa\u00f1a"],"prefix":"10.22431","volume":"20","author":[{"given":"Henry","family":"Torres V\u00e1squez","sequence":"first","affiliation":[],"role":[{"role":"author","vocabulary":"crossref"}]},{"given":"\u00d3mar","family":"Huertas D\u00edaz","sequence":"additional","affiliation":[],"role":[{"role":"author","vocabulary":"crossref"}]}],"member":"9723","published-online":{"date-parts":[[2011,12,15]]},"container-title":["Nova et Vetera"],"link":[{"URL":"https:\/\/revistas.esap.edu.co\/index.php\/novaetvetera\/article\/download\/345\/pdf","content-type":"application\/pdf","content-version":"vor","intended-application":"text-mining"},{"URL":"https:\/\/revistas.esap.edu.co\/index.php\/novaetvetera\/article\/download\/345\/pdf","content-type":"unspecified","content-version":"vor","intended-application":"similarity-checking"}],"deposited":{"date-parts":[[2021,11,30]],"date-time":"2021-11-30T03:22:21Z","timestamp":1638242541000},"score":0.0,"resource":{"primary":{"URL":"https:\/\/revistas.esap.edu.co\/index.php\/novaetvetera\/article\/view\/345"}},"issued":{"date-parts":[[2011,12,15]]},"references-count":0,"journal-issue":{"issue":"64","published-online":{"date-parts":[[2011,12,15]]}},"URL":"https:\/\/doi.org\/10.22431\/25005103.345","ISSN":["2500-5103","0123-2614"],"issn-type":[{"value":"2500-5103","type":"electronic"},{"value":"0123-2614","type":"print"}],"published":{"date-parts":[[2011,12,15]]}},{"indexed":{"date-parts":[[2022,4,1]],"date-time":"2022-04-01T04:57:53Z","timestamp":1648789073192},"reference-count":0,"publisher":"Escuela Superior de Administracion Publica","issue":"55","license":[{"start":{"date-parts":[[2012,6,15]],"date-time":"2012-06-15T00:00:00Z","timestamp":1339718400000},"content-version":"unspecified","delay-in-days":0,"URL":"http:\/\/creativecommons.org\/licenses\/by-nc-nd\/4.0"}],"content-domain":{"domain":[],"crossmark-restriction":false},"short-container-title":["Adm. Desarro."],"abstract":"<jats:p>.<\/jats:p>","DOI":"10.22431\/25005227.360","type":"journal-article","created":{"date-parts":[[2017,7,5]],"date-time":"2017-07-05T16:06:06Z","timestamp":1499270766000},"page":"117-120","source":"Crossref","is-referenced-by-count":0,"title":["Entendiendo la complejidad de la econom\u00eda, la ecolog\u00eda y los sistemas sociales"],"prefix":"10.22431","volume":"40","author":[{"given":"Ra\u00fal","family":"Cort\u00e9s Land\u00e1zury","sequence":"first","affiliation":[],"role":[{"role":"author","vocabulary":"crossref"}]}],"member":"9723","published-online":{"date-parts":[[2012,6,15]]},"container-title":["Administraci\u00f3n &amp; Desarrollo"],"link":[{"URL":"https:\/\/revistas.esap.edu.co\/index.php\/admindesarro\/article\/download\/360\/pdf","content-type":"application\/pdf","content-version":"vor","intended-application":"text-mining"},{"URL":"https:\/\/revistas.esap.edu.co\/index.php\/admindesarro\/article\/download\/360\/pdf","content-type":"unspecified","content-version":"vor","intended-application":"similarity-checking"}],"deposited":{"date-parts":[[2021,11,12]],"date-time":"2021-11-12T19:12:09Z","timestamp":1636744329000},"score":0.0,"resource":{"primary":{"URL":"https:\/\/revistas.esap.edu.co\/index.php\/admindesarro\/article\/view\/360"}},"issued":{"date-parts":[[2012,6,15]]},"references-count":0,"journal-issue":{"issue":"55","published-online":{"date-parts":[[2012,6,15]]}},"URL":"https:\/\/doi.org\/10.22431\/25005227.360","ISSN":["2500-5227","0120-3754"],"issn-type":[{"value":"2500-5227","type":"electronic"},{"value":"0120-3754","type":"print"}],"published":{"date-parts":[[2012,6,15]]}},{"indexed":{"date-parts":[[2025,11,6]],"date-time":"2025-11-06T16:37:47Z","timestamp":1762447067556,"version":"build-2065373602"},"reference-count":0,"publisher":"Escuela Superior de Administracion Publica","issue":"54","license":[{"start":{"date-parts":[[2011,12,1]],"date-time":"2011-12-01T00:00:00Z","timestamp":1322697600000},"content-version":"unspecified","delay-in-days":0,"URL":"http:\/\/creativecommons.org\/licenses\/by-nc-nd\/4.0"}],"content-domain":{"domain":[],"crossmark-restriction":false},"short-container-title":["Adm. Desarro."],"abstract":"<jats:p>The water knowledge programme (WKP) and concept of water knowledge\/culture (WK) in six cities in north-eastern M\u00e9xico (Acu\u00f1a and Saltillo in Coahuila, Matamoros, Nuevo Laredo and Reynosa in Tamaulipas and Monterrey in Nuevo Le\u00f3n) were analysed. Interviews were thus held with key actors and information consulted which led to categorising the watersupply operators (WSO) within the WKP, the six best based on their experience, programme continuity and assignation of resources were Servicios de Agua y Drenaje de Monterrey (SAD-Monterrey) in first place followed by Aguas de Saltillo, then the Comisi\u00f3n Municipal de Agua Potable y Alcantarillado de Nuevo Laredo (COMAPA-Nuevo Laredo) and the Junta de Aguas y Drenaje (JAD-Matamoros) in Tamaulipas.<\/jats:p>","DOI":"10.22431\/25005227.135","type":"journal-article","created":{"date-parts":[[2017,7,5]],"date-time":"2017-07-05T12:06:06Z","timestamp":1499256366000},"page":"67-84","source":"Crossref","is-referenced-by-count":0,"title":["Modelos de gesti\u00f3n y programa de cultura del agua en seis organismos operadores del agua del noreste de M\u00e9xico","Management models and water knowledge programme awareness in six water-supply operators in north-eastern Mexico"],"prefix":"10.22431","volume":"39","author":[{"given":"Maria del Socorro","family":"Arzaluz Solano","sequence":"first","affiliation":[],"role":[{"role":"author","vocabulary":"crossref"}]},{"given":"Maria Eugenia","family":"Gonzalez Avila","sequence":"additional","affiliation":[],"role":[{"role":"author","vocabulary":"crossref"}]}],"member":"9723","published-online":{"date-parts":[[2011,12,1]]},"container-title":["Administraci\u00f3n &amp; Desarrollo"],"link":[{"URL":"https:\/\/revistas.esap.edu.co\/index.php\/admindesarro\/article\/download\/135\/pdf","content-type":"application\/pdf","content-version":"vor","intended-application":"text-mining"},{"URL":"https:\/\/revistas.esap.edu.co\/index.php\/admindesarro\/article\/download\/135\/pdf","content-type":"unspecified","content-version":"vor","intended-application":"similarity-checking"}],"deposited":{"date-parts":[[2025,11,6]],"date-time":"2025-11-06T16:33:59Z","timestamp":1762446839000},"score":0.0,"resource":{"primary":{"URL":"https:\/\/revistas.esap.edu.co\/index.php\/admindesarro\/article\/view\/135"}},"issued":{"date-parts":[[2011,12,1]]},"references-count":0,"journal-issue":{"issue":"54","published-online":{"date-parts":[[2011,12,1]]}},"URL":"https:\/\/doi.org\/10.22431\/25005227.135","ISSN":["2500-5227","0120-3754"],"issn-type":[{"type":"electronic","value":"2500-5227"},{"type":"print","value":"0120-3754"}],"published":{"date-parts":[[2011,12,1]]}},{"indexed":{"date-parts":[[2025,11,6]],"date-time":"2025-11-06T16:44:40Z","timestamp":1762447480463,"version":"build-2065373602"},"reference-count":16,"publisher":"Escuela Superior de Administracion Publica","issue":"1","license":[{"start":{"date-parts":[[2024,5,9]],"date-time":"2024-05-09T00:00:00Z","timestamp":1715212800000},"content-version":"unspecified","delay-in-days":0,"URL":"https:\/\/creativecommons.org\/licenses\/by-nc-sa\/4.0"}],"content-domain":{"domain":[],"crossmark-restriction":false},"short-container-title":["Adm. Desarro."],"abstract":"<jats:p>The purpose of this research is to analyze the perceptions, preferences, and expectations of customers in Arequipa with respect to the delivery of products in the final stage of the supply chain, known as \u201cthe last mile\u201d. For this purpose, an empirical study was conducted, in which the sample used for the analysis consisted of 385 young people (18 to 25 years old), and a structured questionnaire with 10 items and a 5-point Likert scale was used. The Cronbach\u2019s Alpha coefficient (0,890) was applied, and an interpretation scale was developed to facilitate the analysis of the obtained responses. The results highlight the importance of key aspects such as safety, reliability, responsiveness, and empathy during the delivery process. Consequently, it is concluded that improving reliability and empathy in delivery is essential for success of e-commerce and customer loyalty.<\/jats:p>","DOI":"10.22431\/25005227.vol54n1.857","type":"journal-article","created":{"date-parts":[[2024,5,9]],"date-time":"2024-05-09T12:37:38Z","timestamp":1715258258000},"page":"e857","source":"Crossref","is-referenced-by-count":0,"title":["Percepci\u00f3n de j\u00f3venes universitarios arequipe\u00f1os sobre el servicio de entrega en la \u00faltima milla","Perception of young Arequipa university students on the last mile delivery service"],"prefix":"10.22431","volume":"54","author":[{"ORCID":"https:\/\/orcid.org\/0000-0002-0091-1096","authenticated-orcid":false,"given":"Hugo Efra\u00edn","family":"Aguilar Gonz\u00e1lez","sequence":"first","affiliation":[],"role":[{"role":"author","vocabulary":"crossref"}]},{"ORCID":"https:\/\/orcid.org\/0009-0001-5765-7578","authenticated-orcid":false,"given":"Nittany Alemy","family":"Salhua Arratia","sequence":"additional","affiliation":[],"role":[{"role":"author","vocabulary":"crossref"}]},{"ORCID":"https:\/\/orcid.org\/0009-0000-0540-0837","authenticated-orcid":false,"given":"Gabriel Enrique","family":"Apaza Laura","sequence":"additional","affiliation":[],"role":[{"role":"author","vocabulary":"crossref"}]}],"member":"9723","published-online":{"date-parts":[[2024,5,9]]},"reference":[{"key":"12854","doi-asserted-by":"crossref","unstructured":"Alkhalifah, A., Alorini, F. & Alturki, R. (2021). Enhancement of E-commerce Service by Designing Last Mile Delivery Platform. Computer Systems Science and Engineering, 42(1), 49\u201367. https:\/\/doi.org\/10.32604\/CSSE.2022.021326","DOI":"10.32604\/csse.2022.021326"},{"key":"12855","doi-asserted-by":"crossref","unstructured":"Canavari, M. & Coderoni, S. (2020). Consumer stated preferences for dairy products with carbon footprint labels in Italy. Agricultural and Food Economics, 8(1), 1\u201316. https:\/\/doi.org\/10.1186\/S40100-019-0149-1\/TABLES\/4","DOI":"10.1186\/s40100-019-0149-1"},{"key":"12856","doi-asserted-by":"crossref","unstructured":"ELKheshin, S. (2020). Assess the Effect of Service Quality on Customer Satisfaction in Facebook Social Commerce in Egypt. International Journal of Managing Information Technology, 12(3), 9-24. https:\/\/papers.ssrn.com\/abstract=3731293","DOI":"10.5121\/ijmit.2020.12302"},{"key":"12857","doi-asserted-by":"crossref","unstructured":"He, J. & Zhang, S. (2022). How digitalized interactive platforms create new value for customers by integrating B2B and B2C models? An empirical study in China. Journal of Business Research, 142, 694\u2013706. https:\/\/doi.org\/10.1016\/J.JBUSRES.2022.01.004","DOI":"10.1016\/j.jbusres.2022.01.004"},{"key":"12858","unstructured":"Instituto Nacional de Estad\u00edstica e Inform\u00e1tica (INEI). (2018). Resultados Definitivos de los Cencos Nacionales 2017 Arequipa. https:\/\/www.inei.gob.pe\/media\/MenuRecursivo\/publicaciones_digitales\/Est\/Lib1551\/"},{"key":"12859","unstructured":"Ipsos. (2018, mayo 2). \u00bfNos vamos de Cybercompras? Ipsos Per\u00fa. https:\/\/www.ipsos.com\/es-pe\/nos-vamos-de-cybercompras"},{"key":"12860","unstructured":"Ipsos. (2018, julio 3). Volver al futuro: La reinvenci\u00f3n del comportamiento del shopper. Ipsos Per\u00fa. https:\/\/www.ipsos.com\/es-pe\/volver-al-futuro-la-reinvencion-del-comportamiento-del-shopper"},{"key":"12861","unstructured":"Ipsos. (2022, diciembre 2). Compras por internet 2022. Ipsos Per\u00fa. https:\/\/www.ipsos.com\/es-pe\/compras-por-internet-2022"},{"key":"12862","unstructured":"Ipsos. (2023, enero 26). Generaciones en el Per\u00fa 2022. Ipsos Per\u00fa. https:\/\/www.ipsos.com\/es-pe\/generaciones-en-el-peru-2022"},{"key":"12863","unstructured":"Junaidi, M. H. & Miralam, M. S. (2020). Online buying behavior among university students: A cross cultural empirical analysis. Journal of Information Technology Management, 12(2), 26\u201339. https:\/\/doi.org\/10.22059\/JITM.2020.75789"},{"key":"12864","doi-asserted-by":"crossref","unstructured":"Masorgo, N., Mir, S. & Hofer, A. R. (2023). You\u2019re driving me crazy! How emotions elicited by negative driver behaviors impact customer outcomes in last mile delivery. Journal of Business Logistics. https:\/\/doi.org\/10.1111\/JBL.12356","DOI":"10.1111\/jbl.12356"},{"key":"12865","doi-asserted-by":"crossref","unstructured":"Merlino, V. M., Brun, F., Versino, A., Blanc, S., Merlino, V. M., Brun, F., Versino, A. & Blanc, S. (2020). Milk packaging innovation: Consumer perception and willingness to pay. AIMS Agriculture and Food 2020 2:307, 5(2), 307\u2013326. https:\/\/doi.org\/10.3934\/AGRFOOD.2020.2.307","DOI":"10.3934\/agrfood.2020.2.307"},{"key":"12866","doi-asserted-by":"crossref","unstructured":"Rahimi, Y., Matyshenko, I., Kapitan, R. & Pronchakov, Y. (2020). Organization the information support of full logistic supply chains within the industry 4.0. International Journal for Quality Research, 14(4), 1279\u20131290. https:\/\/doi.org\/10.24874\/IJQR14.04-19","DOI":"10.24874\/IJQR14.04-19"},{"key":"12867","doi-asserted-by":"crossref","unstructured":"Vakulenko, Y., Shams, P., Hellstr\u00f6m, D. & Hjort, K. (2019). Online retail experience and customer satisfaction: the mediating role of last mile delivery. The International Review of Retail, Distribution and Consumer Research, 29(3), 306\u2013320. https:\/\/doi.org\/10.1080\/09593969.2019.1598466","DOI":"10.1080\/09593969.2019.1598466"},{"key":"12868","doi-asserted-by":"crossref","unstructured":"Vrhovac, V., Vasi\u0107, S., Milisavljevi\u0107, S., Dudi\u0107, B., \u0160tarcho\u0148, P. & \u017di\u017eakov, M. (2023). Measuring E-Commerce User Experience in the Last-Mile Delivery. Mathematics, 11(6). https:\/\/doi.org\/10.3390\/MATH11061482","DOI":"10.3390\/math11061482"},{"key":"12869","doi-asserted-by":"crossref","unstructured":"Zariman, N. F. M., Humaidi, N. & Abd Rashid, M. H. (2022). Mobile commerce applications service quality in enhancing customer loyalty intention: mediating role of customer satisfaction. Journal of Financial Services Marketing, 1\u201315. https:\/\/doi.org\/10.1057\/S41264-022-00190-9\/FIGURES\/3","DOI":"10.1057\/s41264-022-00190-9"}],"container-title":["Administraci\u00f3n &amp; Desarrollo"],"link":[{"URL":"https:\/\/revistas.esap.edu.co\/index.php\/admindesarro\/article\/download\/857\/755","content-type":"application\/pdf","content-version":"vor","intended-application":"text-mining"},{"URL":"https:\/\/revistas.esap.edu.co\/index.php\/admindesarro\/article\/download\/857\/762","content-type":"text\/xml","content-version":"vor","intended-application":"text-mining"},{"URL":"https:\/\/revistas.esap.edu.co\/index.php\/admindesarro\/article\/download\/857\/755","content-type":"unspecified","content-version":"vor","intended-application":"similarity-checking"}],"deposited":{"date-parts":[[2025,11,6]],"date-time":"2025-11-06T16:40:15Z","timestamp":1762447215000},"score":0.0,"resource":{"primary":{"URL":"https:\/\/revistas.esap.edu.co\/index.php\/admindesarro\/article\/view\/857"}},"issued":{"date-parts":[[2024,5,9]]},"references-count":16,"journal-issue":{"issue":"1","published-online":{"date-parts":[[2024,1,1]]}},"URL":"https:\/\/doi.org\/10.22431\/25005227.vol54n1.857","ISSN":["2500-5227","0120-3754"],"issn-type":[{"type":"electronic","value":"2500-5227"},{"type":"print","value":"0120-3754"}],"published":{"date-parts":[[2024,5,9]]}},{"indexed":{"date-parts":[[2025,11,6]],"date-time":"2025-11-06T16:35:43Z","timestamp":1762446943358,"version":"build-2065373602"},"reference-count":0,"publisher":"Escuela Superior de Administracion Publica","issue":"59","license":[{"start":{"date-parts":[[2014,12,1]],"date-time":"2014-12-01T00:00:00Z","timestamp":1417392000000},"content-version":"unspecified","delay-in-days":0,"URL":"http:\/\/creativecommons.org\/licenses\/by-nc-nd\/4.0"}],"content-domain":{"domain":[],"crossmark-restriction":false},"short-container-title":["Adm. Desarro."],"abstract":"<jats:p>The following investigation pretends to make a study to compare the industrial development between South Korea and Colombia, during the years 1962 and 2012, from a non-constitutional and a post- Keynesian perspective. To be concrete, there will be two main aspects that we want to study, and they are: first of all, the ones related to the industrial expansion of the two countries, where we might find meaningful differences, second of all, would be to identify the particular features of the capital assets. After the economic opening implemented in 1992 under Washington\u00b4s supervision we can say that the centralized capital assets were consolidated and the marginal investments from different business groups moved to non-manufacturing activities, creating a non-related oligopoly whose features have affected the development of the XX century and the first decade of the XXI.<\/jats:p>","DOI":"10.22431\/25005227.91","type":"journal-article","created":{"date-parts":[[2017,7,5]],"date-time":"2017-07-05T12:06:06Z","timestamp":1499256366000},"page":"99-118","source":"Crossref","is-referenced-by-count":0,"title":["Estudio comparado de la industrializaci\u00f3n de Corea del Sur y de Colombia: 1962-2012","Comparative study of South Korean and Colombian industrialization (1962-2012)"],"prefix":"10.22431","volume":"43","author":[{"given":"Juan Sergio","family":"Cruz","sequence":"first","affiliation":[],"role":[{"role":"author","vocabulary":"crossref"}]}],"member":"9723","published-online":{"date-parts":[[2014,12,1]]},"container-title":["Administraci\u00f3n &amp; Desarrollo"],"link":[{"URL":"https:\/\/revistas.esap.edu.co\/index.php\/admindesarro\/article\/download\/91\/pdf_1","content-type":"application\/pdf","content-version":"vor","intended-application":"text-mining"},{"URL":"https:\/\/revistas.esap.edu.co\/index.php\/admindesarro\/article\/download\/91\/pdf_1","content-type":"unspecified","content-version":"vor","intended-application":"similarity-checking"}],"deposited":{"date-parts":[[2025,11,6]],"date-time":"2025-11-06T16:33:46Z","timestamp":1762446826000},"score":0.0,"resource":{"primary":{"URL":"https:\/\/revistas.esap.edu.co\/index.php\/admindesarro\/article\/view\/91"}},"issued":{"date-parts":[[2014,12,1]]},"references-count":0,"journal-issue":{"issue":"59","published-online":{"date-parts":[[2014,12,1]]}},"URL":"https:\/\/doi.org\/10.22431\/25005227.91","ISSN":["2500-5227","0120-3754"],"issn-type":[{"type":"electronic","value":"2500-5227"},{"type":"print","value":"0120-3754"}],"published":{"date-parts":[[2014,12,1]]}},{"indexed":{"date-parts":[[2022,4,4]],"date-time":"2022-04-04T16:47:14Z","timestamp":1649090834975},"reference-count":17,"publisher":"Escuela Superior de Administracion Publica","issue":"2","license":[{"start":{"date-parts":[[2019,12,31]],"date-time":"2019-12-31T00:00:00Z","timestamp":1577750400000},"content-version":"unspecified","delay-in-days":0,"URL":"http:\/\/creativecommons.org\/licenses\/by-nc-nd\/4.0"}],"content-domain":{"domain":[],"crossmark-restriction":false},"short-container-title":["Adm. Desarro."],"abstract":"<jats:p>En este trabajo se aborda el estudio de la pr\u00e1ctica administrativa en el marco de la gesti\u00f3n p\u00fablica; esto se lleva a cabo mediante una investigaci\u00f3n cualitativa en la que se elabora una revisi\u00f3n y problematizaci\u00f3n te\u00f3rica y conceptual, junto a la realizaci\u00f3n de entrevistas a servidores p\u00fablicos con experiencia en la gesti\u00f3n p\u00fablica y cuyo an\u00e1lisis y codificaci\u00f3n se adelant\u00f3 con base en los planteamientos metodol\u00f3gicos de la teor\u00eda fundamentada, los cuales permiten identificar categor\u00edas explicativas en torno a un fen\u00f3meno determinado. Producto de ello se realizan precisiones conceptuales en torno a la pr\u00e1ctica administrativa y la experiencia como fuentes de estudio, adem\u00e1s de exponer 9 categor\u00edas principales y 37 secundarias quea su vez se dividen en categor\u00edas causales, de contexto, intervinientes, acciones e interacciones, estrategias y consecuencias, aportando as\u00ed una aproximaci\u00f3n explicativa y metodol\u00f3gica que permita fortalecer la gesti\u00f3n del conocimiento en las entidades p\u00fablicas.<\/jats:p>","DOI":"10.22431\/25005227.vol49n2.6","type":"journal-article","created":{"date-parts":[[2021,11,7]],"date-time":"2021-11-07T20:52:27Z","timestamp":1636318347000},"page":"125-151","source":"Crossref","is-referenced-by-count":0,"title":["El estudio de las pr\u00e1cticas administrativas en la gesti\u00f3n p\u00fablica, una aproximaci\u00f3n metodol\u00f3gica para su identificaci\u00f3n y an\u00e1lisis"],"prefix":"10.22431","volume":"49","author":[{"given":"Samir Stiven","family":"Arias Suarez","sequence":"first","affiliation":[],"role":[{"role":"author","vocabulary":"crossref"}]}],"member":"9723","published-online":{"date-parts":[[2019,12,31]]},"reference":[{"key":"793","doi-asserted-by":"crossref","unstructured":"Amengual, G. (2018). El concepto de experiencia: de Kant a Hegel. T\u00f3picos. Revista de Filosof\u00eda de Santa Fe, 84(15), 5\u201330. https:\/\/doi.org\/10.14409\/topicos.v0i15.7480","DOI":"10.14409\/topicos.v0i15.7480"},{"key":"794","doi-asserted-by":"crossref","unstructured":"Arandia, O., & Portales, L. (2015). Underpinnings of humanistic management: a philosophical approach. AD-Minister, 26, 123\u2013147. https:\/\/doi.org\/10.17230\/ad-minister.26.6","DOI":"10.17230\/ad-minister.26.6"},{"key":"795","unstructured":"B\u00e9dard, R. (2003). El rombo y las cuatro dimensiones filos\u00f3ficas. AD-MINISTER Universidad EAFIT, 3, 68\u201388."},{"key":"796","unstructured":"DAFP. (2019). Manual Operativo del Modelo Integrado de Planeaci\u00f3n y Gesti\u00f3n Consejo para la Gesti\u00f3n y Desempe\u00f1o Institucional Versi\u00f3n 3. (p. 128). www.funcionpublica.gov.co"},{"key":"797","unstructured":"DANE. (2017). C\u00f3digo Nacional de Buenas Pr\u00e1cticas del Sistema Estad\u00edstico Nacional. http:\/\/www.dane.gov.co\/"},{"key":"798","unstructured":"Fidalgo, Y. F. (2019). \u00bfQu\u00e9 relevancia tienen los proyectos de buenas pr\u00e1cticas como estrategia para la gesti\u00f3n del conocimiento? An\u00e1lisis de caso del Banco de Buenas Pr\u00e1cticas en Derechos Sociales del Ayuntamiento de Barcelona Nicol\u00e1s Barbieri Muttis y. Revista Del CLAD Reforma y Democracia, 74."},{"key":"799","unstructured":"Gama, L. E. (2002). Una Tensa Cercan\u00eda Hegel, Gadamer yel Concepto de Experiencia. Ideas y Valores, 120, 41\u201378."},{"key":"800","unstructured":"Gonz\u00e1lez, A. (1997). Estructuras de la praxis. Ensayo sobre la filosofia primera. Editorial Trotta."},{"key":"801","doi-asserted-by":"crossref","unstructured":"Guerrero, O. (2011). La pr\u00e1ctica en la administraci\u00f3n p\u00fablica. Buen Gobierno, 10.","DOI":"10.35247\/buengob_10_02"},{"key":"802","unstructured":"Hern\u00e1ndez Sampieri, R., Fern\u00e1ndez Collado, C., & Baptista Lucio, P. (2014). Metodolog\u00eda de la investigaci\u00f3n (6th ed.). INTERAMERICANA EDITORES, S.A. DE C.V."},{"key":"803","doi-asserted-by":"crossref","unstructured":"Juliao Vargas, C. G. (2011). El enfoque praxeol\u00f3gico. In Praxis Pedag\u00f3gica (1st ed.). Corporaci\u00f3n Universitaria Minuto de Dios, UNIMINUTO T\u00edtulo: https:\/\/doi.org\/10.26620\/uniminuto.praxis.13.14.2013.141-145","DOI":"10.26620\/uniminuto.praxis.13.14.2013.141-145"},{"key":"804","doi-asserted-by":"crossref","unstructured":"Kehr, H. (2004). Integrating implicit motives, explicit motives, and perceived abilities: The compensatory model of work motivation and volition. Academy of Management Review, 29(3)","DOI":"10.2307\/20159055"},{"key":"805","unstructured":"L\u00f3pez, F. (1999). Administraci\u00f3n como sistema gonoseol\u00f3gico. En busqueda de un objeto de estudio. Revista Universidad Eafit, Enero-Feb, 19\u201340."},{"key":"806","unstructured":"Marin, D. (2006). El sujeto humano en la administraci\u00f3n: una mirada cr\u00edtica. Cuadernos de Administraci\u00f3n, 19(32), 135\u2013156. http:\/\/www.scielo.org.co\/scielo.php?script=sci_arttext&pid=S0120-35922006000200006"},{"key":"807","unstructured":"Saldarriaga R\u00edos, J. G. (2014). La concepci\u00f3n del sujeto en la administraci\u00f3n: una mirada desde la gesti\u00f3n humana. El \u00c1gora U.S.B., 14(1), 223\u2013237. http:\/\/www.scielo.org.co\/scielo.php?script=sci_arttext&pid=S1657-80312014000100011&lng=en&nrm=iso&tlng=es"},{"key":"808","unstructured":"Sautu, R. (2005). Todo es teoria, objetivos y m\u00e9todos de investigaci\u00f3n (E. L. S.A. (ed.))."},{"key":"809","unstructured":"T\u00edcas, A. E. (2014). Visi\u00f3n cr\u00edtica del precedente administrativo en el sistema jur\u00eddico salvadore\u00f1o. Universidad Aut\u00f3noma de Barcelona."}],"container-title":["Administraci\u00f3n y Desarrollo"],"link":[{"URL":"https:\/\/revistas.esap.edu.co\/index.php\/admindesarro\/article\/download\/548\/507","content-type":"application\/pdf","content-version":"vor","intended-application":"text-mining"},{"URL":"https:\/\/revistas.esap.edu.co\/index.php\/admindesarro\/article\/download\/548\/507","content-type":"unspecified","content-version":"vor","intended-application":"similarity-checking"}],"deposited":{"date-parts":[[2021,11,7]],"date-time":"2021-11-07T20:55:17Z","timestamp":1636318517000},"score":0.0,"resource":{"primary":{"URL":"https:\/\/revistas.esap.edu.co\/index.php\/admindesarro\/article\/view\/548"}},"issued":{"date-parts":[[2019,12,31]]},"references-count":17,"journal-issue":{"issue":"2","published-online":{"date-parts":[[2019,12,31]]}},"URL":"https:\/\/doi.org\/10.22431\/25005227.vol49n2.6","ISSN":["2500-5227","0120-3754"],"issn-type":[{"value":"2500-5227","type":"electronic"},{"value":"0120-3754","type":"print"}],"published":{"date-parts":[[2019,12,31]]}},{"indexed":{"date-parts":[[2022,4,3]],"date-time":"2022-04-03T08:04:12Z","timestamp":1648973052777},"reference-count":0,"publisher":"Escuela Superior de Administracion Publica","issue":"66","license":[{"start":{"date-parts":[[2016,9,28]],"date-time":"2016-09-28T00:00:00Z","timestamp":1475020800000},"content-version":"unspecified","delay-in-days":0,"URL":"http:\/\/creativecommons.org\/licenses\/by-nc-nd\/4.0"}],"content-domain":{"domain":[],"crossmark-restriction":false},"short-container-title":["Nova vetera"],"abstract":"<jats:p>El art\u00edculo realiza un estudio de los derechos sociales, su fundamento, contenido y alcance en el marco del Estado Social de Derecho, el cual se analiza desde el principio de la dignidad humana, para pasar luego a su garant\u00eda y exigibilidad desde los elementos y criterios que la jurisprudencia y la doctrina constitucional han construido.<\/jats:p>","DOI":"10.22431\/25005103.335","type":"journal-article","created":{"date-parts":[[2017,7,5]],"date-time":"2017-07-05T19:34:05Z","timestamp":1499283245000},"page":"101-110","source":"Crossref","is-referenced-by-count":0,"title":["Estado social de derecho y su alcance con los derechos sociales"],"prefix":"10.22431","volume":"22","author":[{"given":"Cristian Alexander","family":"Pereira Otero","sequence":"first","affiliation":[],"role":[{"role":"author","vocabulary":"crossref"}]}],"member":"9723","published-online":{"date-parts":[[2016,9,28]]},"container-title":["Nova et Vetera"],"link":[{"URL":"https:\/\/revistas.esap.edu.co\/index.php\/novaetvetera\/article\/download\/335\/pdf","content-type":"application\/pdf","content-version":"vor","intended-application":"text-mining"},{"URL":"https:\/\/revistas.esap.edu.co\/index.php\/novaetvetera\/article\/download\/335\/pdf","content-type":"unspecified","content-version":"vor","intended-application":"similarity-checking"}],"deposited":{"date-parts":[[2021,11,30]],"date-time":"2021-11-30T03:20:51Z","timestamp":1638242451000},"score":0.0,"resource":{"primary":{"URL":"https:\/\/revistas.esap.edu.co\/index.php\/novaetvetera\/article\/view\/335"}},"issued":{"date-parts":[[2016,9,28]]},"references-count":0,"journal-issue":{"issue":"66","published-online":{"date-parts":[[2016,9,28]]}},"URL":"https:\/\/doi.org\/10.22431\/25005103.335","ISSN":["2500-5103","0123-2614"],"issn-type":[{"value":"2500-5103","type":"electronic"},{"value":"0123-2614","type":"print"}],"published":{"date-parts":[[2016,9,28]]}},{"indexed":{"date-parts":[[2026,2,12]],"date-time":"2026-02-12T14:12:25Z","timestamp":1770905545136,"version":"3.50.1"},"reference-count":0,"publisher":"Escuela Superior de Administracion Publica","issue":"1","license":[{"start":{"date-parts":[[2016,6,21]],"date-time":"2016-06-21T00:00:00Z","timestamp":1466467200000},"content-version":"unspecified","delay-in-days":0,"URL":"http:\/\/creativecommons.org\/licenses\/by-nc-nd\/4.0"}],"content-domain":{"domain":[],"crossmark-restriction":false},"short-container-title":["Adm. Desarro."],"abstract":"<jats:p>This article aims to nurture a conceptual discussion about the differences and similarities between the New Public Manage\u00acment NPM and the post- New Public Management P-NPM, especially regarding proposed prescription on the public administrative reform systems. The main question explores the factors that explain the emergency that took place in the second half of the 90\u2019s, from a P-NGP perspective, and of those factors, which ones would allow to reference those approaches as a continuity process or as a rupture in regards the NPM approaches.<\/jats:p>","DOI":"10.22431\/25005227.89","type":"journal-article","created":{"date-parts":[[2017,7,5]],"date-time":"2017-07-05T12:05:54Z","timestamp":1499256354000},"page":"100-125","source":"Crossref","is-referenced-by-count":8,"title":["Nueva y posnueva gesti\u00f3n p\u00fablica  \u00bfContinuidad o ruptura de las doctrinas de reforma a partir de 1990?","New and post-new public management. Continuity or rupture of the reforms\u2019 doctrines starting in the 90\u2019s"],"prefix":"10.22431","volume":"46","author":[{"given":"Sergio Alberto","family":"Chica Velez","sequence":"first","affiliation":[],"role":[{"role":"author","vocabulary":"crossref"}]},{"given":"Cristian Andr\u00e9s","family":"Salazar Ortiz","sequence":"additional","affiliation":[],"role":[{"role":"author","vocabulary":"crossref"}]}],"member":"9723","published-online":{"date-parts":[[2016,6,21]]},"container-title":["Administraci\u00f3n &amp; Desarrollo"],"link":[{"URL":"https:\/\/revistas.esap.edu.co\/index.php\/admindesarro\/article\/download\/89\/pdf","content-type":"application\/pdf","content-version":"vor","intended-application":"text-mining"},{"URL":"https:\/\/revistas.esap.edu.co\/index.php\/admindesarro\/article\/download\/89\/pdf","content-type":"unspecified","content-version":"vor","intended-application":"similarity-checking"}],"deposited":{"date-parts":[[2025,11,6]],"date-time":"2025-11-06T16:33:41Z","timestamp":1762446821000},"score":0.0,"resource":{"primary":{"URL":"https:\/\/revistas.esap.edu.co\/index.php\/admindesarro\/article\/view\/89"}},"issued":{"date-parts":[[2016,6,21]]},"references-count":0,"journal-issue":{"issue":"1","published-online":{"date-parts":[[2016,6,21]]}},"URL":"https:\/\/doi.org\/10.22431\/25005227.89","ISSN":["2500-5227","0120-3754"],"issn-type":[{"value":"2500-5227","type":"electronic"},{"value":"0120-3754","type":"print"}],"published":{"date-parts":[[2016,6,21]]}},{"indexed":{"date-parts":[[2025,11,6]],"date-time":"2025-11-06T16:51:47Z","timestamp":1762447907806,"version":"build-2065373602"},"reference-count":0,"publisher":"Escuela Superior de Administracion Publica","license":[{"start":{"date-parts":[[2016,10,10]],"date-time":"2016-10-10T00:00:00Z","timestamp":1476057600000},"content-version":"unspecified","delay-in-days":0,"URL":"http:\/\/creativecommons.org\/licenses\/by-nc-nd\/4.0"}],"content-domain":{"domain":[],"crossmark-restriction":false},"short-container-title":["Nova vetera"],"abstract":"<jats:p>La precedente cita integra las 3 \u00faltimas l\u00edneas de La lucha por el Derecho, diamante jur\u00eddico publicado por Rudolph Von Ihering en el a\u00f1o 1.872, parafraseando a Johann Wolfgang Goethe. El libro, que mantiene plena actualidad, acaba de ser reeditado en Espa\u00f1a en este a\u00f1o 2016 por editorial Comares, y a mi entender contin\u00faa siendo una lectura imprescindible para cualquier jurista que pretenda profundizar en la esencia del derecho.Yo tengo la suerte de disponer de un ejemplar de la editorial Civitas de 1.985, que incorpora el brillante pr\u00f3logo a la primera traducci\u00f3n espa\u00f1ola suscrito por Leopoldo Alas \u201cClarin\u201d, en enero de 1.881, y que comienza con la siguiente cita de la obra Esp\u00edritu del derecho romano del propio Ihering: \u201cS\u00f3lo la voluntad puede dar al derecho lo que constituye su esencia: la realidad.\u00a0Por eminentes que sean las cualidades intelectuales de un pueblo, si la fuerza moral, la energ\u00eda, la perseverancia le faltan, en ese pueblo jam\u00e1s podr\u00e1 prosperar el derecho.\u201dEl concepto de \u00ablucha\u00bb que maneja Ihering tiene profundas connotaciones en cuanto a la posici\u00f3n activa del individuo en la construcci\u00f3n del derecho, y se contrapone a las tesis defendidas por Savigny entre otros, que conceb\u00edan el derecho como la manifestaci\u00f3n de la historia de un pueblo, completamente ajena a la intervenci\u00f3n activa del hombre, o a la actitud\u00a0combativa del individuo.<\/jats:p>","DOI":"10.22431\/25005103.197","type":"journal-article","created":{"date-parts":[[2017,7,5]],"date-time":"2017-07-05T15:34:05Z","timestamp":1499268845000},"page":"123-126","source":"Crossref","is-referenced-by-count":0,"title":["La lucha por el derecho  en Europa hoy"],"prefix":"10.22431","volume":"25","author":[{"given":"Enrique","family":"Garcia Pons","sequence":"first","affiliation":[],"role":[{"role":"author","vocabulary":"crossref"}]}],"member":"9723","published-online":{"date-parts":[[2016,10,10]]},"container-title":["Nova et Vetera"],"link":[{"URL":"https:\/\/revistas.esap.edu.co\/index.php\/novaetvetera\/article\/download\/197\/pdf","content-type":"application\/pdf","content-version":"vor","intended-application":"text-mining"},{"URL":"https:\/\/revistas.esap.edu.co\/index.php\/novaetvetera\/article\/download\/197\/pdf","content-type":"unspecified","content-version":"vor","intended-application":"similarity-checking"}],"deposited":{"date-parts":[[2025,11,6]],"date-time":"2025-11-06T16:45:59Z","timestamp":1762447559000},"score":0.0,"resource":{"primary":{"URL":"https:\/\/revistas.esap.edu.co\/index.php\/novaetvetera\/article\/view\/197"}},"issued":{"date-parts":[[2016,10,10]]},"references-count":0,"URL":"https:\/\/doi.org\/10.22431\/25005103.197","ISSN":["2500-5103","0123-2614"],"issn-type":[{"type":"electronic","value":"2500-5103"},{"type":"print","value":"0123-2614"}],"published":{"date-parts":[[2016,10,10]]}},{"indexed":{"date-parts":[[2025,12,31]],"date-time":"2025-12-31T19:49:43Z","timestamp":1767210583763,"version":"3.48.0"},"reference-count":15,"publisher":"Escuela Superior de Administracion Publica","issue":"1","license":[{"start":{"date-parts":[[2025,6,20]],"date-time":"2025-06-20T00:00:00Z","timestamp":1750377600000},"content-version":"unspecified","delay-in-days":0,"URL":"https:\/\/creativecommons.org\/licenses\/by-nc-sa\/4.0"}],"content-domain":{"domain":[],"crossmark-restriction":false},"short-container-title":["Adm. Desarro."],"abstract":"<jats:p>Law 7\/2017, of December 27, on citizen participation in Andalusia, established a comprehensive legal framework to promote the active participation of citizens in public affairs, establishing this as a right to strengthen democracy and improve quality of public policies.\nTo do this, it uses different processes and instruments, trying to guarantee and facilitate, in this way, the broad and effective involvement of society in decision-making. Among those are participatory deliberation; participatory budgets; popular consultations; the proposal of public policies and the development of standards; as well as the monitoring and evaluation of public policies and the provision of public services.\nIn this context, we will analyze how these instruments and processes are being implemented at the local level in the Andalusian territory since the approval of the standard, through the Andalusian Network of Participatory Cities (RACCPP).<\/jats:p>","DOI":"10.22431\/25005227.1220","type":"journal-article","created":{"date-parts":[[2025,7,9]],"date-time":"2025-07-09T13:46:40Z","timestamp":1752068800000},"page":"e1220","source":"Crossref","is-referenced-by-count":0,"title":["Democracia participativa: el caso andaluz tras la Ley 7\/2017, de 27 de diciembre","Participatory democracy: the Andalusian case after Law 7\/2017, of December 27","Democracia participativa: o caso andaluz ap\u00f3s a Lei 7\/2017, de 27 de dezembro"],"prefix":"10.22431","volume":"55","author":[{"ORCID":"https:\/\/orcid.org\/0000-0002-7734-2231","authenticated-orcid":false,"given":"Mar\u00eda","family":"Riaza V\u00e1zquez","sequence":"first","affiliation":[],"role":[{"role":"author","vocabulary":"crossref"}]}],"member":"9723","published-online":{"date-parts":[[2025,6,20]]},"reference":[{"key":"22095","unstructured":"Castel Gay\u00e1n, S., (2011). Descentralitzaci\u00f3 pol\u00edtica, participaci\u00f3 ciutadana i renovaci\u00f3 jur\u00eddica: cap a una democr\u00e0cia participativa? Revista Catalana de Dret P\u00fablic, 43."},{"key":"22096","doi-asserted-by":"publisher","DOI":"10.5209\/POSO.49980"},{"key":"22097","doi-asserted-by":"publisher","DOI":"10.47623\/ivap-rvap.107.2017.2.16"},{"key":"22098","doi-asserted-by":"publisher","DOI":"10.46735\/iaap-pub.6.41"},{"key":"22099","unstructured":"Fern\u00e1ndez Ramos, S., P\u00e9rez Mongui\u00f3, J. M., (2019). Vox populi: Consultas populares y procesos participativos. Cizur Menor: Aranzadi."},{"key":"22100","doi-asserted-by":"publisher","DOI":"10.15304\/rips.22.2.9485"},{"key":"22101","unstructured":"P\u00e9rez Alberdi, M. R., (2014). Democracia participativa en Andaluc\u00eda. A prop\u00f3sito del Anteproyecto de Ley de Participaci\u00f3n Ciudadana, Cuadernos Manuel Gim\u00e9nez Abad, 8, diciembre: 167-176."},{"key":"22102","doi-asserted-by":"publisher","DOI":"10.71296\/raap.95"},{"key":"22103","unstructured":"P\u00e9rez Mongui\u00f3, J. M. (2019b), Instrumentos de participaci\u00f3n ciudadana, en Zambonino Pulito, M. (Dir.), Buen gobierno y buena administraci\u00f3n. Cuestiones claves. Madrid: Iustel, 95-123."},{"key":"22104","doi-asserted-by":"publisher","DOI":"10.2307\/j.ctvf3w3n4"},{"key":"22105","unstructured":"Porro Guti\u00e9rrez, J. M., (2019). La participaci\u00f3n ciudadana no es una opci\u00f3n. La orientaci\u00f3n deliberativa de los Gobiernos Locales, en Zambonino Pulito, M. (Dir.), Buen gobierno y buena administraci\u00f3n. Cuestiones claves, Madrid: Iustel, 25-156."},{"key":"22106","doi-asserted-by":"publisher","DOI":"10.18543\/ed-61(1)-2013pp271-294"},{"key":"22107","doi-asserted-by":"publisher","DOI":"10.24965\/reala.i13.10741"},{"key":"22108","unstructured":"Tur Ausina, R., (2013). Leyes de participaci\u00f3n ciudadana: las experiencias canaria y valenciana, Revista Aragonesa de Administraci\u00f3n P\u00fablica, Extra 14: 203-232."},{"key":"22109","unstructured":"Zamora Rosell\u00f3, M. R., (2019). Administraci\u00f3n local y ciudadan\u00eda: pilares de las pol\u00edticas p\u00fablicas en materia de servicios sociales, Revista Internacional y Comparada de Relaciones Laborales y Derecho del Empleo, Volumen 7, n\u00famero 4, octubre-diciembre: 186-204."}],"container-title":["Administraci\u00f3n &amp; Desarrollo"],"link":[{"URL":"https:\/\/revistas.esap.edu.co\/index.php\/admindesarro\/article\/download\/Democracia_participativa_caso_andaluz_Ley_7_2017_27_diciembre\/801","content-type":"application\/pdf","content-version":"vor","intended-application":"text-mining"},{"URL":"https:\/\/revistas.esap.edu.co\/index.php\/admindesarro\/article\/download\/Democracia_participativa_caso_andaluz_Ley_7_2017_27_diciembre\/826","content-type":"text\/xml","content-version":"vor","intended-application":"text-mining"},{"URL":"https:\/\/revistas.esap.edu.co\/index.php\/admindesarro\/article\/download\/Democracia_participativa_caso_andaluz_Ley_7_2017_27_diciembre\/801","content-type":"unspecified","content-version":"vor","intended-application":"similarity-checking"}],"deposited":{"date-parts":[[2025,12,31]],"date-time":"2025-12-31T19:47:04Z","timestamp":1767210424000},"score":0.0,"resource":{"primary":{"URL":"https:\/\/revistas.esap.edu.co\/index.php\/admindesarro\/article\/view\/Democracia_participativa_caso_andaluz_Ley_7_2017_27_diciembre"}},"issued":{"date-parts":[[2025,6,20]]},"references-count":15,"journal-issue":{"issue":"1","published-online":{"date-parts":[[2025,2,3]]}},"URL":"https:\/\/doi.org\/10.22431\/25005227.1220","ISSN":["2500-5227","0120-3754"],"issn-type":[{"type":"electronic","value":"2500-5227"},{"type":"print","value":"0120-3754"}],"published":{"date-parts":[[2025,6,20]]}},{"indexed":{"date-parts":[[2025,11,6]],"date-time":"2025-11-06T16:40:23Z","timestamp":1762447223689,"version":"build-2065373602"},"reference-count":0,"publisher":"Escuela Superior de Administracion Publica","issue":"2","license":[{"start":{"date-parts":[[2017,12,11]],"date-time":"2017-12-11T00:00:00Z","timestamp":1512950400000},"content-version":"unspecified","delay-in-days":0,"URL":"http:\/\/creativecommons.org\/licenses\/by-nc-nd\/4.0"}],"content-domain":{"domain":[],"crossmark-restriction":false},"short-container-title":["Adm. Desarro."],"abstract":"<jats:p>En el Estado colombiano, la administraci\u00f3n de riesgos hace parte del Modelo Est\u00e1ndar de Control Interno (MECI), el cual, junto con las normativas de desarrollo administrativo para la gesti\u00f3n del talento humano pretenden, por medio de la implementaci\u00f3n de planes y programas, mejorar la motivaci\u00f3n e influir en la gesti\u00f3n del servidor p\u00fablico para lograr eficiencia y satisfacci\u00f3n en su trabajo. En este sentido, se esperar\u00eda que una buena motivaci\u00f3n incida en la administraci\u00f3n de riesgos. El presente estudio se apalanc\u00f3 en las teor\u00edas de la motivaci\u00f3n laboral para determinar una posible relaci\u00f3n entre la motivaci\u00f3n laboral de los servidores p\u00fablicos y la gesti\u00f3n de riesgos que se realiza en las entidades p\u00fablicas de la ciudad de Medell\u00edn. Los resultados demostraron que el nivel de motivaci\u00f3n, al igual que el de gesti\u00f3n de riesgos, de 276 l\u00edderes gestores de riesgos, fue medio. Se confirm\u00f3 una relaci\u00f3n positiva moderada entre la motivaci\u00f3n laboral y la gesti\u00f3n de riesgos.\u00a0<\/jats:p>","DOI":"10.22431\/25005227.382","type":"journal-article","created":{"date-parts":[[2017,12,12]],"date-time":"2017-12-12T15:13:01Z","timestamp":1513091581000},"page":"194-211","source":"Crossref","is-referenced-by-count":0,"title":["Administraci\u00f3n de riesgos y motivaci\u00f3n laboral de los servidores p\u00fablicos en entidades p\u00fablicas en Medell\u00edn"],"prefix":"10.22431","volume":"47","author":[{"given":"Mar\u00eda Victoria","family":"Morales Quimbiurco","sequence":"first","affiliation":[],"role":[{"role":"author","vocabulary":"crossref"}]},{"given":"Edilia de Jes\u00fas","family":"Morales Osorio","sequence":"additional","affiliation":[],"role":[{"role":"author","vocabulary":"crossref"}]},{"given":"Sergio Alberto","family":"Correa Barrera","sequence":"additional","affiliation":[],"role":[{"role":"author","vocabulary":"crossref"}]}],"member":"9723","published-online":{"date-parts":[[2017,12,11]]},"container-title":["Administraci\u00f3n &amp; Desarrollo"],"link":[{"URL":"https:\/\/revistas.esap.edu.co\/index.php\/admindesarro\/article\/download\/382\/pdf","content-type":"application\/pdf","content-version":"vor","intended-application":"text-mining"},{"URL":"https:\/\/revistas.esap.edu.co\/index.php\/admindesarro\/article\/download\/382\/pdf","content-type":"unspecified","content-version":"vor","intended-application":"similarity-checking"}],"deposited":{"date-parts":[[2025,11,6]],"date-time":"2025-11-06T16:34:25Z","timestamp":1762446865000},"score":0.0,"resource":{"primary":{"URL":"https:\/\/revistas.esap.edu.co\/index.php\/admindesarro\/article\/view\/382"}},"issued":{"date-parts":[[2017,12,11]]},"references-count":0,"journal-issue":{"issue":"2","published-online":{"date-parts":[[2017,12,11]]}},"URL":"https:\/\/doi.org\/10.22431\/25005227.382","ISSN":["2500-5227","0120-3754"],"issn-type":[{"type":"electronic","value":"2500-5227"},{"type":"print","value":"0120-3754"}],"published":{"date-parts":[[2017,12,11]]}},{"indexed":{"date-parts":[[2025,12,31]],"date-time":"2025-12-31T20:19:18Z","timestamp":1767212358441,"version":"3.48.0"},"reference-count":0,"publisher":"Escuela Superior de Administracion Publica","issue":"1","license":[{"start":{"date-parts":[[2016,6,21]],"date-time":"2016-06-21T00:00:00Z","timestamp":1466467200000},"content-version":"unspecified","delay-in-days":0,"URL":"http:\/\/creativecommons.org\/licenses\/by-nc-nd\/4.0"}],"content-domain":{"domain":[],"crossmark-restriction":false},"short-container-title":["Adm. Desarro."],"abstract":"<jats:p>This article derives from a research Project about economic integration agreements signed by Colombia, whose purpose is to analyze which the first fase of the agreements, called Free Trade Agreements (FTAs) contribute to generate public value. Through a cualitative analysis with exploratory scope was examined de concept of public value and its relation with economic integration, taking as reference one statistics review to the foreign trade operations, poverty indices and employment during 2012 and 2015. It found that the link between the FTAs and the generation of public value is distant from the postulates of the World Trade Organization (WTO), due to this, it suggest the construction of a public policy about economic integration.<\/jats:p>","DOI":"10.22431\/25005227.74","type":"journal-article","created":{"date-parts":[[2017,7,5]],"date-time":"2017-07-05T12:05:54Z","timestamp":1499256354000},"page":"72-87","source":"Crossref","is-referenced-by-count":0,"title":["El valor p\u00fablico y  los acuerdos de integraci\u00f3n econ\u00f3mica en Colombia","Public value and the integration agreements in Colombia"],"prefix":"10.22431","volume":"46","author":[{"given":"Desiderio","family":"L\u00f3pez Ni\u00f1o","sequence":"first","affiliation":[],"role":[{"role":"author","vocabulary":"crossref"}]}],"member":"9723","published-online":{"date-parts":[[2016,6,21]]},"container-title":["Administraci\u00f3n &amp; Desarrollo"],"link":[{"URL":"https:\/\/revistas.esap.edu.co\/index.php\/admindesarro\/article\/download\/74\/pdf","content-type":"application\/pdf","content-version":"vor","intended-application":"text-mining"},{"URL":"https:\/\/revistas.esap.edu.co\/index.php\/admindesarro\/article\/download\/74\/pdf","content-type":"unspecified","content-version":"vor","intended-application":"similarity-checking"}],"deposited":{"date-parts":[[2025,12,31]],"date-time":"2025-12-31T20:16:34Z","timestamp":1767212194000},"score":0.0,"resource":{"primary":{"URL":"https:\/\/revistas.esap.edu.co\/index.php\/admindesarro\/article\/view\/74"}},"issued":{"date-parts":[[2016,6,21]]},"references-count":0,"journal-issue":{"issue":"1","published-online":{"date-parts":[[2016,6,21]]}},"URL":"https:\/\/doi.org\/10.22431\/25005227.74","ISSN":["2500-5227","0120-3754"],"issn-type":[{"type":"electronic","value":"2500-5227"},{"type":"print","value":"0120-3754"}],"published":{"date-parts":[[2016,6,21]]}},{"indexed":{"date-parts":[[2025,11,6]],"date-time":"2025-11-06T16:54:18Z","timestamp":1762448058997,"version":"build-2065373602"},"reference-count":0,"publisher":"Escuela Superior de Administracion Publica","issue":"27","license":[{"start":{"date-parts":[[2018,11,29]],"date-time":"2018-11-29T00:00:00Z","timestamp":1543449600000},"content-version":"unspecified","delay-in-days":0,"URL":"http:\/\/creativecommons.org\/licenses\/by-nc-nd\/4.0"}],"content-domain":{"domain":[],"crossmark-restriction":false},"short-container-title":["Nova vetera"],"abstract":"<jats:p>Through the analysis of basic concepts of transitional justice, this work reviews the demobilization of illegal armed groups M-19 and AUC. This, by revising the different policies used for accomplishing the demobilization, and the results of these policies as well as the contributions in law concepts formation and the inclusion of international standards that aim the promotion and defense of human rights as well as in the reduction or elimination of armed conflicts effects.\r\n\u00a0The target is to establish that the policies applied in the de-mobilization processes in Colombia, can actually be considered as instruments of transitional justice taking into account this topics: its efficacy, the percentage of the members that actually de-mobilize, criminal, judicial and administrative policies applied to the members of these groups and finally, the acknowledgement of the victims as relevant figures; the evolution of the recognition to their rights of truth, justice, repairmen and no repetition.<\/jats:p>","DOI":"10.22431\/25005103.500","type":"journal-article","created":{"date-parts":[[2018,12,17]],"date-time":"2018-12-17T09:22:03Z","timestamp":1545038523000},"page":"8-29","source":"Crossref","is-referenced-by-count":0,"title":["Instrumentos de  Justicia Transicional implementados en la desmovilizaci\u00f3n de grupos armados en Colombia"],"prefix":"10.22431","author":[{"given":"BLANCA LUC\u00cdA","family":"MORA M\u00c9NDEZ","sequence":"first","affiliation":[],"role":[{"role":"author","vocabulary":"crossref"}]}],"member":"9723","published-online":{"date-parts":[[2018,11,29]]},"container-title":["Nova et Vetera"],"link":[{"URL":"https:\/\/revistas.esap.edu.co\/index.php\/novaetvetera\/article\/download\/500\/475","content-type":"application\/pdf","content-version":"vor","intended-application":"text-mining"},{"URL":"https:\/\/revistas.esap.edu.co\/index.php\/novaetvetera\/article\/download\/500\/475","content-type":"unspecified","content-version":"vor","intended-application":"similarity-checking"}],"deposited":{"date-parts":[[2025,11,6]],"date-time":"2025-11-06T16:47:24Z","timestamp":1762447644000},"score":0.0,"resource":{"primary":{"URL":"https:\/\/revistas.esap.edu.co\/index.php\/novaetvetera\/article\/view\/500"}},"issued":{"date-parts":[[2018,11,29]]},"references-count":0,"journal-issue":{"issue":"27","published-online":{"date-parts":[[2018,12,11]]}},"URL":"https:\/\/doi.org\/10.22431\/25005103.500","ISSN":["2500-5103","0123-2614"],"issn-type":[{"type":"electronic","value":"2500-5103"},{"type":"print","value":"0123-2614"}],"published":{"date-parts":[[2018,11,29]]}},{"indexed":{"date-parts":[[2025,12,31]],"date-time":"2025-12-31T20:05:16Z","timestamp":1767211516718,"version":"3.48.0"},"reference-count":48,"publisher":"Escuela Superior de Administracion Publica","issue":"2","license":[{"start":{"date-parts":[[2022,12,28]],"date-time":"2022-12-28T00:00:00Z","timestamp":1672185600000},"content-version":"unspecified","delay-in-days":0,"URL":"https:\/\/creativecommons.org\/licenses\/by-nc-sa\/4.0"}],"content-domain":{"domain":[],"crossmark-restriction":false},"short-container-title":["Adm. Desarro."],"abstract":"<jats:p>The weakening of the State is not exclusively subject to the existence of unequal policies, poorly qualified officials, or corrupt practices, but also to the presence of other actors that compete with the institutions in the exercise of power, which in a scenario such as the Colombian one has been reflected in the confluence of various armed actors that exercise a \u201cco-government\u201d of the territories simultaneously with the State.To describe how the weakening of the State is reflected by the incidence of paramilitary movements in the municipality of Segovia, in the department of Antioquia. A study was carried out under a qualitative approach with a descriptive scope, conducted from three moments that included the review of specialized literature, press analysis and semi-structured interviews with inhabitants of the territory, using for the analysis theoretical tools derived from hermeneutics. The study shows that the weakening of the State is linked to the existence of mining economies in that territory, as well as the fragility of institutions at the local level and corrupt practices, being identified both in the literature review process and in interviews with key informants.To strengthen the State at the local level, it is necessary to strengthen not only the capacities in terms of defense within the territories, but also to include a comprehensive vision that involves socio-cultural elements that, due to the actions of paramilitary movements, weaken the Colombian State.<\/jats:p>","DOI":"10.22431\/25005227.vol52n2.8","type":"journal-article","created":{"date-parts":[[2022,12,28]],"date-time":"2022-12-28T09:58:37Z","timestamp":1672221517000},"page":"153-170","source":"Crossref","is-referenced-by-count":0,"title":["Paramilitarismo en Colombia y el debilitamiento del Estado: caso de estudio en el municipio de Segovia, Antioquia","Paramilitarism in Colombia and the weakening of the State: a case study in the municipality of Segovia, Antioquia"],"prefix":"10.22431","volume":"52","author":[{"ORCID":"https:\/\/orcid.org\/0000-0001-5114-9081","authenticated-orcid":false,"given":"Lemy Bran","family":"Piedrahita","sequence":"first","affiliation":[],"role":[{"role":"author","vocabulary":"crossref"}]},{"ORCID":"https:\/\/orcid.org\/0000-0003-3038-1716","authenticated-orcid":false,"given":"Sandra","family":"Lillian Johansson","sequence":"additional","affiliation":[],"role":[{"role":"author","vocabulary":"crossref"}]}],"member":"9723","published-online":{"date-parts":[[2022,12,28]]},"reference":[{"key":"10208","unstructured":"Acosta, \u00c1. (2017). Descentralizaci\u00f3n, poderes locales y clientelismo: un estudio sobre la creaci\u00f3n de nuevos municipios en el departamento del Magdalena (Tesis de maestr\u00eda). Pontificia Universidad Javeriana, Bogot\u00e1."},{"key":"10209","doi-asserted-by":"crossref","unstructured":"Aguirre, J y G\u00f3mez, M. (2021). Debilidad institucional y experiencia anticrimen en M\u00e9xico. Revista Latinoamericana de Estudios de Seguridad, (29), 45 - 57. https:\/\/doi.org\/10.17141\/urvio.29.2021.4407","DOI":"10.17141\/urvio.29.2021.4407"},{"key":"10210","unstructured":"Araujo, J. (2022). Paradigmas del desarrollo y construcci\u00f3n de paz. El caso de Policarpa (Nari\u00f1o). (Tesis de maestr\u00eda). Pontificia Universidad Javeriana, Bogot\u00e1."},{"key":"10211","unstructured":"Arcila, J. (2016). La debilidad del Estado: del orden interno a la seguridad internacional. SSRN Papers. https:\/\/papers.ssrn.com\/sol3\/papers.cfm?abstract_id=2828021"},{"key":"10212","unstructured":"Aristiz\u00e1bal, A.M. (2018). Del individuo a la red: percepci\u00f3n de un Grupo Armado Organizado (GAO) colombiano desde la teor\u00eda de redes. Criminalidad, 60 (1), 111 - 131. https:\/\/dialnet.unirioja.es\/servlet\/articulo?codigo=6522549"},{"key":"10213","unstructured":"Bejarano, A.M y Pizarro, E. (2010). Colombia: el colapso parcial del Estado y la emergencia de los \u201cprotoestados\u201d. En: L.J Orjuela (Ed). El Estado en Colombia (381 412). Colombia: Ediciones Uniandes."},{"key":"10214","unstructured":"Bejarano, A.M y Segura, R. (2010). El fortalecimiento selectivo del Estado durante el Frente Nacional. En: L.J Orjuela (Ed). El Estado en Colombia (217 - 262). Colombia: Ediciones Uniandes ."},{"key":"10215","doi-asserted-by":"crossref","unstructured":"Bernal, L.J. (2018). Miner\u00eda de oro en el Nordeste antioque\u00f1o: una disputa territorial por el desarrollo. Gesti\u00f3n y Ambiente, 21 (2), 74 - 95. https:\/\/doi.org\/10.15446\/ga.v21n2supl.77865","DOI":"10.15446\/ga.v21n2supl.77865"},{"key":"10216","doi-asserted-by":"crossref","unstructured":"Bol\u00edvar, A. (2020). An\u00e1lisis del discurso y hermen\u00e9utica como m\u00e9todos en la interpretaci\u00f3n de textos. Interpretatio: Revista de Hermen\u00e9utica, 5 (1), http:\/\/dx.doi.org\/10.19130\/irh.5.1.2020.217","DOI":"10.19130\/iifl.it.2020.5.1.0003"},{"key":"10217","doi-asserted-by":"crossref","unstructured":"Botero, F., Hoskin, G y Pach\u00f3n, M. (2010). Sobre forma y sustancia: una evaluaci\u00f3n de la democracia electoral en Colombia. Revista de Ciencia Pol\u00edtica (Santiago), 30 (1), 41 - 64. https:\/\/doi.org\/10.4067\/S0718-090X2010000100004","DOI":"10.4067\/S0718-090X2010000100004"},{"key":"10218","unstructured":"Cardona, J.P. (2014). Tres hip\u00f3tesis acerca del fen\u00f3meno paramilitar en Colombia. Pensamiento Jur\u00eddico, (40), 159 - 188. https:\/\/revistas.unal.edu.co\/index.php\/peju\/article\/view\/48904"},{"key":"10219","doi-asserted-by":"crossref","unstructured":"Cordero, N., Galvis, K y Pinto, A. (2015). Fragmentaci\u00f3n y debilidad del Estado social de derecho en Colombia. Revista TEMAS, 3 (9), 151 - 166. https:\/\/dialnet.unirioja.es\/servlet\/articulo?codigo=5894389","DOI":"10.15332\/rt.v3i9.1368"},{"key":"10220","doi-asserted-by":"crossref","unstructured":"Cruz, M. (2016). Corte Suprema de Justicia y Parapol\u00edtica en Colombia (2007 - 2013). Una interpretaci\u00f3n socio - jur\u00eddica. Revista de Investigaci\u00f3n en Derecho, Criminolog\u00eda y Consultor\u00eda Jur\u00eddica D\u00cdK\u00ca, 10 (20), 237 - 270.","DOI":"10.32399\/fder.rdk.2594-0708.2016.20.245"},{"key":"10221","unstructured":"Duncan, G. (2004). Violencia y conflicto en Colombia como una disputa por el control del Estado en lo local. Documentos CEDE Repositorio Universidad de los Andes. https:\/\/repositorio.uniandes.edu.co\/handle\/1992\/8802"},{"key":"10222","unstructured":"Duncan, G. (2015). Los se\u00f1ores de la guerra: de paramilitares, mafiosos y autodefensas. Bogot\u00e1: Penguin Random House Grupo Editorial."},{"key":"10223","unstructured":"El Espectador. (2020, 20 de octubre). El Aro 23 a\u00f1os despu\u00e9s: \u201cNo se ha hecho justicia\u201d. El Espectador. https:\/\/www.elespectador.com\/judicial\/el-aro-23-anos-despues-no-se-ha-hecho-justicia-article\/"},{"key":"10224","unstructured":"El Tiempo. (1997, 22 de julio). Masacre en Mapirip\u00e1n. El Tiempo. https:\/\/www.eltiempo.com\/archivo\/documento\/MAM-719064"},{"key":"10225","doi-asserted-by":"crossref","unstructured":"Escobar, B. (2021). Entre disputas partidistas y supervivencia. La Guerra de los Mil D\u00edas (Colombia 1899 - 1902). Anuario de Historia de Am\u00e9rica Latina, 58, 171 - 201. https:\/\/doi.org\/10.15460\/jbla.58.229","DOI":"10.15460\/jbla.58.229"},{"key":"10226","unstructured":"Garc\u00eda, M y Revelo, J. (2010). Estado alterado: Clientelismo, mafias y debilidad institucional en Colombia. Bogot\u00e1: Colecci\u00f3n Dejusticia."},{"key":"10227","doi-asserted-by":"crossref","unstructured":"Garc\u00eda, M y Revelo, J. (2018). Construcci\u00f3n del Estado local en Colombia. An\u00e1lisis Pol\u00edtico, 31 (92), 68 - 95.","DOI":"10.15446\/anpol.v31n92.71098"},{"key":"10228","unstructured":"Garc\u00eda, M. (2008). Jueces sin Estado. La justicia colombiana en zonas de conflicto armado. Colombia: Siglo del Hombre Editores."},{"key":"10229","doi-asserted-by":"crossref","unstructured":"Garc\u00eda, P. (2020). Organizaciones armadas post Autodefensas Unidas de Colombia: Del pasado contrainsurgente al presente de criminalidad transnacional. 2006 - 2016. Izquierdas, 49, 141 - 158. http:\/\/dx.doi.org\/10.4067\/S0718-50492020000100209","DOI":"10.4067\/S0718-50492020000100209"},{"key":"10230","unstructured":"Garc\u00eda, R. (2011). Veinte a\u00f1os de constituci\u00f3n. Una carta democr\u00e1tica con desequilibrios hegem\u00f3nicos en el orden pol\u00edtico y una sociedad inequitativa. Ciudad paz - ando, 4 (1), 17 - 28."},{"key":"10231","doi-asserted-by":"crossref","unstructured":"Gonz\u00e1lez, F. (2003). \u00bfColapso parcial o presencia diferenciada del Estado en Colombia?: una mirada desde la historia. Colombia Internacional, (58), 124 - 158. https:\/\/doi.org\/10.7440\/colombiaint58.2003.05","DOI":"10.7440\/colombiaint58.2003.05"},{"key":"10232","doi-asserted-by":"crossref","unstructured":"Gonz\u00e1lez, F. (2009). Espacio, conflicto y poder: las dimensiones territoriales de la violencia y la construcci\u00f3n el Estado en Colombia. Revista Sociedad y Econom\u00eda, (17), 185 - 214.","DOI":"10.25100\/sye.v0i17.4183"},{"key":"10233","doi-asserted-by":"crossref","unstructured":"Guisao, J.D. (2021). Modernizaci\u00f3n estatal como necesidad para el futuro: el Frente Nacional, 1958 - 1974. Historelo: Revista de Historia Regional y Local, 14 (29), 232 - 255. https:\/\/doi.org\/10.15446\/historelo.v14n29.93709","DOI":"10.15446\/historelo.v14n29.93709"},{"key":"10234","doi-asserted-by":"crossref","unstructured":"Henao, D & Goicovic, I. (2021). La violencia y los cambios de la conflictividad en la frontera antioque\u00f1a: los casos del Nordeste y el Magdalena Medio, 1948 - 1958. Trashumante: Revista Americana de Historia Social, 18, 212 - 235. https:\/\/www.redalyc.org\/journal\/4556\/455670191011\/movil\/","DOI":"10.17533\/udea.trahs.n18a10"},{"key":"10235","doi-asserted-by":"crossref","unstructured":"Jerez, C., Garc\u00eda, E., Saz, M.A y Tamame, M. (2010). Colaborar con \u00c1frica: la experiencia del retorno. Index de Enfermer\u00eda, 19 (23), 111 - 114. https:\/\/scielo.isciii.es\/scielo.php?pid=S1132-12962010000200008&script=sci_arttext&tlng=en","DOI":"10.4321\/S1132-12962010000200008"},{"key":"10236","doi-asserted-by":"crossref","unstructured":"Koessl, M. (2015). Violencia y habitus: paramilitarismo en Colombia. Colombia: Siglo del Hombre Editores.","DOI":"10.4000\/books.sdh.531"},{"key":"10237","doi-asserted-by":"crossref","unstructured":"Latorre, E., Arregoc\u00e9s, F y Pe\u00f1a, C. (2014). Caracterizaci\u00f3n de la formaci\u00f3n y estructuraci\u00f3n de las bandas criminales en el departamento del Magdalena. Advocatus, (22), 261 - 279.","DOI":"10.18041\/0124-0102\/a.22.3581"},{"key":"10238","doi-asserted-by":"crossref","unstructured":"Manrique, J y Prieto, W.O. (2021). Localizaci\u00f3n del conflicto armado: el fen\u00f3meno paramilitar y las masacres. En: W.O Prieto & J Manrique (Eds). Conflicto armado y desplazamiento forzado: un caso de migraci\u00f3n forzada en Colombia (75 - 130). Colombia: Editorial Universidad Cat\u00f3lica de Colombia.","DOI":"10.14718\/9789585133907.2021.2"},{"key":"10239","unstructured":"Mar\u00edn, C. (julio 15, 2020). Nelcy Luque, vida y resiliencia a 23 a\u00f1os de la masacre de Mapirip\u00e1n. El Espectador. https:\/\/www.elespectador.com\/politica\/nelcy-luque-vida-y-resiliencia-a-23-anos-de-la-masacre-de-mapiripan-article\/"},{"key":"10240","unstructured":"Migdal, J. (2012). Estados d\u00e9biles, Estados fuertes. M\u00e9xico D.F., M\u00e9xico: Fondo de Cultura Econ\u00f3mica."},{"key":"10241","unstructured":"Molano, M., Valencia, AM y Apraez, M. (2021). Caracter\u00edsticas e importancia de la metodolog\u00eda cualitativa en la investigaci\u00f3n cient\u00edfica. Semillas del Saber, 1 (1). https:\/\/revistas.unicatolica.edu.co\/revista\/index.php\/semillas\/article\/view\/314"},{"key":"10242","doi-asserted-by":"crossref","unstructured":"Morales, I. (2014). C\u00f3rdoba: paraestado, clientelismo y agentes de la violencia. Trans - pasando Fronteras, (6), 37 - 54.","DOI":"10.18046\/retf.i6.1881"},{"key":"10243","doi-asserted-by":"crossref","unstructured":"Orjuela, L.J. (2000). La debilidad del Estado colombiano en tiempos del neoliberalismo y el conflicto armado. Colombia Internacional, (49 -50), 103 - 116. https:\/\/doi.org\/10.7440\/colombiaint49-50.2000.06","DOI":"10.7440\/colombiaint49-50.2000.05"},{"key":"10244","doi-asserted-by":"crossref","unstructured":"Orozco, A.F. (2021). Estado dual en Colombia: Departamento Administrativo de Seguridad (DAS). Tecnolog\u00edas de la informaci\u00f3n y espionaje. \u00c1nfora, 28 (51), 194 - 215. https:\/\/doi.org\/10.30854\/anf.v28.n51.2021.756","DOI":"10.30854\/anf.v28.n51.2021.756"},{"key":"10245","unstructured":"Palacios, M. (2012). Violencia p\u00fablica en Colombia: 1958 - 2010. Bogot\u00e1: Fondo de Cultura Econ\u00f3mica."},{"key":"10246","doi-asserted-by":"crossref","unstructured":"Pardo, D.R. (2021). Desaf\u00edos y contradicciones del \u201cEstado moderno\u201d en el orden mundial liberal. Oasis, (33), 13 - 28. https:\/\/doi.org\/10.18601\/16577558.n33.04","DOI":"10.18601\/16577558.n33.04"},{"key":"10247","unstructured":"Rodr\u00edguez, G. (2017). Del paramilitarismo a las bandas criminales (Bacrim) en Colombia: causalidad econ\u00f3mica. REIB: Revista Electr\u00f3nica Iberoamericana, 11 (1), 101 - 113."},{"key":"10248","doi-asserted-by":"crossref","unstructured":"S\u00e1nchez, J. (2011). Violencia, construcci\u00f3n de Estado y autodefensas. Estudios en Seguridad y Defensa, 6 (12), 36 - 49.","DOI":"10.25062\/1900-8325.81"},{"key":"10249","doi-asserted-by":"crossref","unstructured":"Seyde, F. (2020). Soberan\u00eda y Estado moderno. Iuris Tantum, 34 (31), 197 - 234. https:\/\/doi.org\/10.36105\/iut.2020n31.13","DOI":"10.36105\/iut.2020n31.13"},{"key":"10250","unstructured":"Tickner, A.B. (2008). Colombia y Estados Unidos: una relaci\u00f3n \u201cespecial\u201d. Foreign Affairs Latinoamerica, 8 (4), 65 - 72."},{"key":"10251","doi-asserted-by":"crossref","unstructured":"Tuir\u00e1n, \u00c1 y Trejos, L. (2017). Debilidades institucionales en el nivel local. Desaf\u00edos de la gesti\u00f3n territorial de la paz. An\u00e1lisis Pol\u00edtico, 30 (90), 77 - 102.","DOI":"10.15446\/anpol.v30n90.68557"},{"key":"10252","unstructured":"Valencia, C. (2013). La reconquista de Ituango: un reto en seguridad y defensa nacional del Estado colombiano. Analecta Pol\u00edtica, 3 (4), 139 - 160."},{"key":"10253","unstructured":"Vargas, A. (2010). La influencia de los poderes ilegales en la pol\u00edtica colombiana. Nueva Sociedad, (225), 156 - 170."},{"key":"10254","doi-asserted-by":"crossref","unstructured":"Zelik, R. (2015). Paramilitarismo. Violencia y transformaci\u00f3n social, pol\u00edtica y econ\u00f3mica en Colombia. Colombia: Siglo del Hombre Editores .","DOI":"10.4000\/books.sdh.598"},{"key":"10255","doi-asserted-by":"crossref","unstructured":"Zelinska, M., Chechel, A & Tanchyk, O. (2022). The transition from a \u201cweak state\u201d to a \u201cpowerful state\u201d: Ukrainian case. Social Stability & Social Uncertainty: From History to Policy, 3 (2), 33 - 39. https:\/\/doi.org\/10.21847\/1728-9343.2022.3(2).263726","DOI":"10.21847\/1728-9343.2022.3(2).263726"}],"container-title":["Administraci\u00f3n &amp; Desarrollo"],"link":[{"URL":"https:\/\/revistas.esap.edu.co\/index.php\/admindesarro\/article\/download\/794\/643","content-type":"application\/pdf","content-version":"vor","intended-application":"text-mining"},{"URL":"https:\/\/revistas.esap.edu.co\/index.php\/admindesarro\/article\/download\/794\/707","content-type":"text\/xml","content-version":"vor","intended-application":"text-mining"},{"URL":"https:\/\/revistas.esap.edu.co\/index.php\/admindesarro\/article\/download\/794\/643","content-type":"unspecified","content-version":"vor","intended-application":"similarity-checking"}],"deposited":{"date-parts":[[2025,12,31]],"date-time":"2025-12-31T20:00:47Z","timestamp":1767211247000},"score":0.0,"resource":{"primary":{"URL":"https:\/\/revistas.esap.edu.co\/index.php\/admindesarro\/article\/view\/794"}},"issued":{"date-parts":[[2022,12,28]]},"references-count":48,"journal-issue":{"issue":"2","published-online":{"date-parts":[[2022,12,28]]}},"URL":"https:\/\/doi.org\/10.22431\/25005227.vol52n2.8","ISSN":["2500-5227","0120-3754"],"issn-type":[{"type":"electronic","value":"2500-5227"},{"type":"print","value":"0120-3754"}],"published":{"date-parts":[[2022,12,28]]}},{"indexed":{"date-parts":[[2025,12,31]],"date-time":"2025-12-31T19:50:04Z","timestamp":1767210604426,"version":"3.48.0"},"reference-count":16,"publisher":"Escuela Superior de Administracion Publica","issue":"1","license":[{"start":{"date-parts":[[2025,1,24]],"date-time":"2025-01-24T00:00:00Z","timestamp":1737676800000},"content-version":"unspecified","delay-in-days":0,"URL":"https:\/\/creativecommons.org\/licenses\/by-nc-sa\/4.0"}],"content-domain":{"domain":[],"crossmark-restriction":false},"short-container-title":["Adm. Desarro."],"abstract":"<jats:p>The present research aims to empirically validate the existence of the so-called Fisher Effect and determine whether it is complete or partial in an emerging economy like Colombia, focusing on the period from 2001 to 2023. For this purpose, quarterly data on the interest rate of term deposit certificates (CDTs), which serves as the nominal interest rate, will be used, along with the observed inflation rate. As an empirical strategy, the Johansen (1995) cointegration methodology is applied, focusing on the estimation of a vector error correction model. The main results show that the Fisher Effect persists in the Colombian economy, although partially. This implies that, in response to changes in the effective inflation rate, the nominal interest rate adjusts less than proportionally due to a partial monetary illusion.<\/jats:p>","DOI":"10.22431\/25005227.1098","type":"journal-article","created":{"date-parts":[[2025,7,9]],"date-time":"2025-07-09T16:04:38Z","timestamp":1752077078000},"page":"e1098","source":"Crossref","is-referenced-by-count":0,"title":["\u00bfEfecto Fisher en Colombia?: un an\u00e1lisis macroeconom\u00e9trico entre 2001 y 2023","Fisher Effect in Colombia? A Macroeconometric Analysis Between 2001 And 2023","Efeito Fisher na Col\u00f4mbia?: Uma an\u00e1lise macroeconom\u00e9trica entre 2001 e 2023"],"prefix":"10.22431","volume":"55","author":[{"ORCID":"https:\/\/orcid.org\/0000-0002-8011-2912","authenticated-orcid":false,"given":"Carlos David","family":"Alape Gamez","sequence":"first","affiliation":[],"role":[{"role":"author","vocabulary":"crossref"}]},{"ORCID":"https:\/\/orcid.org\/0009-0006-0992-0227","authenticated-orcid":false,"given":"Sim\u00f3n Mateo","family":"Espitia Ardila","sequence":"additional","affiliation":[],"role":[{"role":"author","vocabulary":"crossref"}]},{"ORCID":"https:\/\/orcid.org\/0009-0003-9768-5666","authenticated-orcid":false,"given":"Fabian Arley","family":"Chac\u00f3n Gonz\u00e1lez","sequence":"additional","affiliation":[],"role":[{"role":"author","vocabulary":"crossref"}]}],"member":"9723","published-online":{"date-parts":[[2025,1,24]]},"reference":[{"key":"22272","doi-asserted-by":"crossref","unstructured":"Atkins, F. J., & Serletis, A. (2003). Bounds tests of the Gibson paradox and the Fisher effect: Evidence from low frequency international data. The Manchester School, 71(6), 673-679.","DOI":"10.1046\/j.1467-9957.2003.00373.x"},{"key":"22273","unstructured":"Bajo-Rubio, O., & Esteve, V. (1998). \u00bfExiste un efecto Fisher en el largo plazo? Evidencia para la econom\u00eda espa\u00f1ola: 1962-1996. Revista de Econom\u00eda Espa\u00f1ola, 15, 149-166."},{"key":"22274","unstructured":"Brice\u00f1o, J. D. L., & Jim\u00e9nez, G. G. (2008). Efecto Fisher, efecto Mundell-Tobin y modelos de correcci\u00f3n de errores para la relaci\u00f3n tasas de inter\u00e9s-inflaci\u00f3n esperada. Denarius (16), 175."},{"key":"22275","unstructured":"C\u00e1rdenas, H., & S\u00e1enz Castro, J. E. (2001). \u00bfCu\u00e1l es la evidencia emp\u00edrica del efecto Fisher en la econom\u00eda colombiana, 1980-2000? Cuadernos de Econom\u00eda, 20(35), 267-285."},{"key":"22276","unstructured":"Colm\u00e1n, H., Biedermann, G., Gonz\u00e1lez Soley, F., Diz, S., Blanco, C., Ortiz Ibarrola, G., & Ru\u00edz D\u00edaz, V. (2022). Inflaci\u00f3n permanente y el efecto neo-Fisher en Paraguay. Bolet\u00edn Macroecon\u00f3mico."},{"key":"22277","doi-asserted-by":"crossref","unstructured":"Crowder, W., & Hoffman, D. (1996). The long-run relationship between nominal interest rates and inflation: The Fisher equation revisited. Journal of Money, Credit and Banking, 28(1), 102-118.","DOI":"10.2307\/2077969"},{"key":"22278","doi-asserted-by":"crossref","unstructured":"Engsted, T. (1995). Does the long-term interest rate predict future inflation? Review of Economics and Statistics, 77(1), 42-54.","DOI":"10.2307\/2109991"},{"key":"22279","doi-asserted-by":"crossref","unstructured":"Evans, M. D. D., & Lewis, K. K. (1995). Do expected shifts in inflation affect estimates of the long-run Fisher relation? Journal of Finance, 50(1), 225-253.","DOI":"10.1111\/j.1540-6261.1995.tb05172.x"},{"key":"22280","unstructured":"Ferrer, R. (1998). Evidencia emp\u00edrica de la hip\u00f3tesis de Fisher en el mercado espa\u00f1ol. Revista Europea de Direcci\u00f3n y Econom\u00eda de la Empresa, 7(1), 135-148."},{"key":"22281","doi-asserted-by":"crossref","unstructured":"Koustas, Z., & Serletis, A. (1999). On the Fisher effect. Journal of Monetary Economics, 44(1), 105-130.","DOI":"10.1016\/S0304-3932(99)00017-3"},{"key":"22282","doi-asserted-by":"crossref","unstructured":"L\u00f3pez, C., & Reyes, J. A. (2007). Real interest rate stationarity and per capita consumption growth rate. University of Cincinnati, Economics Working Papers Series. Applied Economics, Forthcoming.","DOI":"10.2139\/ssrn.706581"},{"key":"22283","doi-asserted-by":"crossref","unstructured":"Macdonald, R., & Murphy, P. D. (1989). Testing for the long-run relationship between interest rates and inflation using cointegration techniques. Applied Economics, 21, 439-447.","DOI":"10.1080\/758519711"},{"key":"22284","doi-asserted-by":"crossref","unstructured":"Mishkin, F. S. (1992). Is the Fisher effect for real? A re-examination of the relationship between inflation and interest rates. Journal of Monetary Economics, 30(2), 195-215.","DOI":"10.1016\/0304-3932(92)90060-F"},{"key":"22285","unstructured":"Rodr\u00edguez, L. E. C., Ipuz, J. D. D., Ruiz, C. C. D., & Donato, A. F. L. (2021). Efecto Fisher y modelo de correcci\u00f3n de errores en Colombia, 1991-2020 (No. 019244). Universidad Nacional de Colombia - FCE - CID."},{"key":"22286","doi-asserted-by":"crossref","unstructured":"Rosa Badillo Amador, C., Reverte Maya, C., & Rubio Vera, E. (2010). Contrastaci\u00f3n emp\u00edrica del Efecto Fisher en la Uni\u00f3n Europea mediante t\u00e9cnicas de cointegraci\u00f3n con datos de panel. Cuadernos de Econom\u00eda y Direcci\u00f3n de la Empresa, 13(44), 101-120. https:\/\/doi.org\/10.1016\/S1138-5758(10)70021-9","DOI":"10.1016\/S1138-5758(10)70021-9"},{"key":"22287","doi-asserted-by":"crossref","unstructured":"Westerlund, J. (2008). Panel cointegration tests of the Fisher effect. Journal of Applied Econometrics, 23(2), 193-233.","DOI":"10.1002\/jae.967"}],"container-title":["Administraci\u00f3n &amp; Desarrollo"],"link":[{"URL":"https:\/\/revistas.esap.edu.co\/index.php\/admindesarro\/article\/download\/Efecto_Fisher_Colombia_analisis_macroeconometrico_2001_2023\/806","content-type":"application\/pdf","content-version":"vor","intended-application":"text-mining"},{"URL":"https:\/\/revistas.esap.edu.co\/index.php\/admindesarro\/article\/download\/Efecto_Fisher_Colombia_analisis_macroeconometrico_2001_2023\/819","content-type":"text\/xml","content-version":"vor","intended-application":"text-mining"},{"URL":"https:\/\/revistas.esap.edu.co\/index.php\/admindesarro\/article\/download\/Efecto_Fisher_Colombia_analisis_macroeconometrico_2001_2023\/806","content-type":"unspecified","content-version":"vor","intended-application":"similarity-checking"}],"deposited":{"date-parts":[[2025,12,31]],"date-time":"2025-12-31T19:48:02Z","timestamp":1767210482000},"score":0.0,"resource":{"primary":{"URL":"https:\/\/revistas.esap.edu.co\/index.php\/admindesarro\/article\/view\/Efecto_Fisher_Colombia_analisis_macroeconometrico_2001_2023"}},"issued":{"date-parts":[[2025,1,24]]},"references-count":16,"journal-issue":{"issue":"1","published-online":{"date-parts":[[2025,2,3]]}},"URL":"https:\/\/doi.org\/10.22431\/25005227.1098","ISSN":["2500-5227","0120-3754"],"issn-type":[{"type":"electronic","value":"2500-5227"},{"type":"print","value":"0120-3754"}],"published":{"date-parts":[[2025,1,24]]}},{"indexed":{"date-parts":[[2026,6,4]],"date-time":"2026-06-04T13:59:02Z","timestamp":1780581542807,"version":"3.54.1"},"reference-count":65,"publisher":"Escuela Superior de Administracion Publica","issue":"2","license":[{"start":{"date-parts":[[2023,9,3]],"date-time":"2023-09-03T00:00:00Z","timestamp":1693699200000},"content-version":"unspecified","delay-in-days":0,"URL":"https:\/\/creativecommons.org\/licenses\/by-nc-sa\/4.0"}],"content-domain":{"domain":[],"crossmark-restriction":false},"short-container-title":["Adm. Desarro."],"abstract":"<jats:p>The interest of this article is based on the use of discussion groups as a technique that produces dialogue, collaboration, and interactive communication. The objective is to build an organizational perception and show how this technique is structured and planned, considering its epistemological foundations. The methodology is action-participation research, with discussion groups in a proposal that transversely inquiries about knowledge, attitudes and practices of entities and public officials such as managers, coordinators and public officials of health entities, education of mayors\u2019 municipalities in the departments of Caldas and Quind\u00edo. The results of its implementation favor a dialogic horizon of interaction, the data arise from the active voice of the participants, they have an ontological and subjective character that derives its success from the dialogicity. As a conclusion, a proposal of a high cultural, interactive, and semiotic level is presented about what is thought, felt, and perceived about public entities.<\/jats:p>","DOI":"10.22431\/25005227.vol53n2.2","type":"journal-article","created":{"date-parts":[[2023,9,3]],"date-time":"2023-09-03T18:06:57Z","timestamp":1693764417000},"source":"Crossref","is-referenced-by-count":1,"title":["Los grupos de discusi\u00f3n como t\u00e9cnica para la construcci\u00f3n y percepci\u00f3n organizacional en entidades p\u00fablicas","Discussion groups as a technique for the construction and organizational perception in public entities"],"prefix":"10.22431","volume":"53","author":[{"ORCID":"https:\/\/orcid.org\/0000-0003-2865-9715","authenticated-orcid":false,"given":"Ricardo Antonio","family":"Escobar","sequence":"first","affiliation":[],"role":[{"vocabulary":"crossref","role":"author"}]},{"ORCID":"https:\/\/orcid.org\/0000-0002-0419-9032","authenticated-orcid":false,"given":"Mar\u00eda Beatriz","family":"Escobar","sequence":"additional","affiliation":[],"role":[{"vocabulary":"crossref","role":"author"}]}],"member":"9723","published-online":{"date-parts":[[2023,9,3]]},"reference":[{"key":"8828","doi-asserted-by":"crossref","unstructured":"Alarc\u00f3n Pe\u00f1a, A., y Villalba Cuellar, J. C. (2020). El pago y la exigibilidad de las obligaciones de los consumidores dentro de la emergencia sanitaria decretada con ocasi\u00f3n de la pandemia del Covid- 19: Vicisitudes en un contexto de desprotecci\u00f3n. Proleg\u00f3menos, 23(46), 9-13. https:\/\/doi.org\/10.18359\/prole.4802","DOI":"10.18359\/prole.4802"},{"key":"8829","unstructured":"Ames Ramello, P., y Merino Amand, F. (2019). Reflexiones y lineamientos para una investigaci\u00f3n \u00e9tica en ciencias Pontificia Universidad Cat\u00f3lica del Per\u00fa."},{"key":"8830","doi-asserted-by":"crossref","unstructured":"Arboleda, L. M. (2008). El grupo de discusi\u00f3n como aproximaci\u00f3n metodol\u00f3gica en investigaciones cualitativas. Revista Facultad Nacional de Salud P\u00fablica, 26(1), 69-77.","DOI":"10.17533\/udea.rfnsp.53"},{"key":"8831","unstructured":"Arias, F. G. (2018). Diferencia entre teor\u00eda, aproximaci\u00f3n te\u00f3rica, constructo y modelo te\u00f3rico. Actividad F\u00edsica y Ciencias, 10(2)."},{"key":"8832","doi-asserted-by":"crossref","unstructured":"Barbosa, A. (2018). Construcci\u00f3n dial\u00f3gica ciencia\/arte. Est\u00e9tica del alea desde el enfoque de la complejidad. Panamb\u00ed. Revista de Investigaciones Art\u00edsticas, 135-152. https:\/\/doi.org\/10.22370\/panambi.0.6.1138","DOI":"10.22370\/panambi.0.6.1138"},{"key":"8833","doi-asserted-by":"crossref","unstructured":"Bonilla Loyo, E., del Valle Rojas, C., y Mart\u00ednez Bonilla, G. (2017). El Grupo de Discusi\u00f3n como generador de Discurso Social: Aproximaciones te\u00f3rico-metodol\u00f3gicas. Revista Austral de Ciencias Sociales, 22 101-114. https:\/\/doi.org\/10.4206\/rev.austral.cienc.soc.2012.n22-","DOI":"10.4206\/rev.austral.cienc.soc.2012.n22-06"},{"key":"8834","unstructured":"Calixto Flores, R., y Herrera Reyes, L. (2010). Estudio sobre las percepciones y la Educaci\u00f3n ambiental. Tiempo de Educar, 11(22), 24."},{"key":"8835","doi-asserted-by":"crossref","unstructured":"Canto, P., Costamagna, P., Eizagirre, A., y Larrea, M. (2018). Los retos de la co-generaci\u00f3n en la b\u00fasqueda del impacto social de la universidad: Un caso de construcci\u00f3n de un espacio dial\u00f3gico a trav\u00e9s de la investigaci\u00f3n acci\u00f3n : European Public & Social Innovation Review, 3(1), 46-67. https:\/\/doi.org\/10.31637\/epsir.18-1.5","DOI":"10.31637\/epsir.18-1.5"},{"key":"8836","doi-asserted-by":"crossref","unstructured":"Carballo Mend\u00edvil, B., Arellano Gonz\u00e1lez, A., Ochoa Jim\u00e9nez, S., y Corral Coronado, Z. I. (2018). Diagn\u00f3stico organizacional con enfoque de sistemas: Mapeo del Cl\u00faster de la industria de los snacks y su cadena de suministro. Revista Cient\u00edfica Ecociencia, 5(5), Article 5. https:\/\/doi.org\/10.21855\/ecociencia.55.123","DOI":"10.21855\/ecociencia.55.123"},{"key":"8837","unstructured":"Casta\u00f1o Molina, M. de los \u00c1., Carrillo Garc\u00eda, C., Mart\u00ednez Roche, M. E., S\u00e1nchez, J., R\u00edos R\u00edsquez, M. I., y Nicol\u00e1s Vigueras, M. D. (2017). Gu\u00eda Pr\u00e1ctica de Grupos de Discusi\u00f3n para principiantes. 48."},{"key":"8838","unstructured":"Castellaro, M. A. (2017). La interacci\u00f3n social como clave del desarrollo cognitivo: Aportes del socioconstructivismo a la Psicolog\u00eda. https:\/\/ri.conicet.gov.ar\/handle\/11336\/67301"},{"key":"8839","unstructured":"Cata\u00f1o, G., y Robert K. Merton. (2006). Espacio Abierto,15 (1y2), 369-389."},{"key":"8840","unstructured":"Cisterna Cabrera, F., (2005). Categorizaci\u00f3n y triangulaci\u00f3n como procesos de validaci\u00f3n del conocimientoen investigaci\u00f3n cualitativa. Theoria, 14(1), 61-71."},{"key":"8841","doi-asserted-by":"crossref","unstructured":"Cladera, J. L. (2020). Epistemolog\u00eda reciprocitaria. Revista Latinoamericana de Metodolog\u00eda de las Ciencias Sociales (RELMECS), 10, 1. https:\/\/doi.org\/10.24215\/18537863e065","DOI":"10.24215\/18537863e065"},{"key":"8842","unstructured":"Colombia, A. C. de. (2022). Constituci\u00f3n Pol\u00edtica de Colombia. leyfacil.com.ar."},{"key":"8843","unstructured":"Cross, C. (2019). Experiencia y cambio cultural en investigaci\u00f3n acci\u00f3n participativa: Claves para la vigilancia reflexiva de la intervenci\u00f3n acad\u00e9mica. Estudios sobre las Culturas Contempor\u00e1neas, 24."},{"key":"8844","unstructured":"Cruz Ram\u00edrez, M., y Mart\u00ednez Cepena, M. C. (2012). Perfeccionamiento de un instrumento para la selecci\u00f3n de expertos en las investigaciones educativas. Revista electr\u00f3nica de investigaci\u00f3n educativa, 14(2), 167-179. http:\/\/www.scielo.org.mx\/scielo.php?script=sci_abstract&pid=S1607-40412012000200012&lng=es&nrm=iso&tlng=es"},{"key":"8845","doi-asserted-by":"crossref","unstructured":"D\u00e1vila-Rodr\u00edguez, L. P. (2020). Apropiaci\u00f3n social del conocimiento cient\u00edfico y tecnol\u00f3gico. Un legado de sentidos. Trilog\u00eda: Ciencia Tecnolog\u00eda Sociedad, 12(22), 127. https:\/\/dialnet.unirioja.es\/servlet\/articulo?codigo=7316311","DOI":"10.22430\/21457778.1522"},{"key":"8846","unstructured":"Diez Tetamanti, J. M., y Escudero, B. (2014). Cartograf\u00eda social: Investigaciones e intervenci\u00f3n desde las ciencias sociales: M\u00e9todos y experiencias de aplicaci\u00f3n (primera). Comodoro Rivadavia: Universitaria de la Patagonia. https:\/\/books.google.com\/books\/about\/CARTOGRAF%C3%8DA_SOCIAL.html?hl=es&id=vgF8nhKwIpYC"},{"key":"8847","doi-asserted-by":"crossref","unstructured":"Duque, H., y Aristiz\u00e1bal D\u00edaz Granados, E. T. (2019). An\u00e1lisis fenomenol\u00f3gico interpretativo: Una gu\u00eda metodol\u00f3gica para su uso en la investigaci\u00f3n cualitativa en psicolog\u00eda. Pensando Psicolog\u00eda, 15(25), Article 25. https:\/\/doi.org\/10.16925\/2382-3984.2019.01.03","DOI":"10.16925\/2382-3984.2019.01.03"},{"key":"8848","unstructured":"Eisenberg, E. M., y Goodall, H.,Jr. (2013). Comunicaci\u00f3n organizacional: Equilibrio de la creatividad y restricci\u00f3n.https:\/\/www.ebay.es\/itm\/144407621803"},{"key":"8849","unstructured":"Espinoza Freire, E. E. (2020). Reflexiones sobre las estrategias de investigaci\u00f3n acci\u00f3n participativa. Conrado, 16(76), 342-349. http:\/\/scielo.sld.cu\/scielo.php?script=sci_abstract&pid=S1990-86442020000500342&lng=es&nrm=iso&tlng=pt"},{"key":"8850","unstructured":"Etkin, J. R. (2005). Gestion de La Complejidad En Las Organizaciones. Granica. https:\/\/books.google.com\/books\/about\/Gestion_de_La_Complejidad_En_Las_Organiz.html?hl=es&id=ZGU1a3tqRLkC"},{"key":"8851","doi-asserted-by":"crossref","unstructured":"Figueroa C\u00e9spedes, I. (2019). El profesionalismo dial\u00f3gico como recurso para la construcci\u00f3n de un rol docente transformador. Paideia, 64, Article 64. http:\/\/revistas.udec.cl\/index.php\/paideia\/article\/view\/2140","DOI":"10.29393\/Pa64-6PIFC10006"},{"key":"8852","doi-asserted-by":"crossref","unstructured":"Fremont, E. Kast, K. , y Rosenzweig, J. E. (1972). General Systems Theory: Applications for Organization and Management. Academy of Management Journal, 15(4), 447-465. https:\/\/doi.org\/10.5465\/255141","DOI":"10.2307\/255141"},{"key":"8853","unstructured":"Galeano Mar\u00edn, M. E. (2018). Estrategias de investigaci\u00f3n social cualitativa: El giro en la mirada. Fondo Editorial FCSH."},{"key":"8854","doi-asserted-by":"crossref","unstructured":"Garc\u00eda Calder\u00f3n, K., Barrientos C\u00f3rdoba, A. E., y C\u00f3rdoba, C. I. (2022). Las interacciones comunicativas en los procesos de ense\u00f1anza y aprendizaje en la clase de Estudios Sociales. Revista Educaci\u00f3n, 400-419. https:\/\/doi.org\/10.15517\/revedu.v46i1.47660","DOI":"10.15517\/revedu.v46i1.47660"},{"key":"8855","doi-asserted-by":"crossref","unstructured":"Ghiso, A. M. (2017). Reflexividad dial\u00f3gica, como experiencia de epistemes sentipensantes y solidarias. El \u00c1gora U.S.B., 17(1), 255-264. https:\/\/doi.org\/10.21500\/16578031.2823","DOI":"10.21500\/16578031.2823"},{"key":"8856","unstructured":"Gil Flores, J. (1992). La metodolog\u00eda de investigaci\u00f3n mediante grupos de discusi\u00f3n. https:\/\/gredos.usal.es\/handle\/10366\/69434"},{"key":"8857","unstructured":"Goleman, D. (2014). Liderazgo. El poder de la inteligencia emocional. Penguin Random House Grupo Editorial Espa\u00f1a."},{"key":"8858","unstructured":"Gonzales Soto, V. A., Hern\u00e1ndez Fern\u00e1ndez, B. , Mendoza Banda , T. Y. , Ruiz P\u00e9rez A. (2020). El pensamiento cr\u00edtico y creativo: Un caso desde la investigaci\u00f3n- acci\u00f3n. Conrado, 16(76), 79-84. http:\/\/scielo.sld.cu\/scielo.php?script=sci_abstract&pid=S1990-86442020000500079&lng=es&nrm=iso&tlng=en"},{"key":"8859","doi-asserted-by":"crossref","unstructured":"Gonz\u00e1lez, F., y Pati\u00f1o, J. F. (2017). La Epistemolog\u00eda Cualitativa y el estudio de la subjetividad en una perspectiva cultural-hist\u00f3rica. Revista de Estudios Sociales, 60, http:\/\/journals.openedition.org\/revestudsoc\/736","DOI":"10.7440\/res60.2017.10"},{"key":"8860","doi-asserted-by":"crossref","unstructured":"Grande-Ratti, M. F., Perez-Manelli, R. Y., Herrera, A. G., Pedretti, A. S., Aliperti, V., Martinez, B., Dawidowski, A. R., (2022). Investigaci\u00f3n-Acci\u00f3n Participativa sobre percepciones, preocupaciones y necesidades de los profesionales de salud en una central de emergencias de Argentina.Archivos de Prevenci\u00f3n de Riesgos Laborales, 25(3), 242-258. https:\/\/doi.org\/10.12961\/aprl.2022.25.03.02","DOI":"10.12961\/aprl.2022.25.03.02"},{"key":"8861","unstructured":"Guerrero Valverde, E., y Moral Mora, A. M. (2018). Los grupos de discusi\u00f3n como una experiencia de investigaci\u00f3n evaluativa para el alumnado en pr\u00e1cticas de Educaci\u00f3n Social. RES. Revista de Educaci\u00f3n Social, 26, 177-186. https:\/\/riucv.ucv.es\/handle\/20.500.12466\/2256"},{"key":"8862","doi-asserted-by":"crossref","unstructured":"Hern\u00e1ndez-Rinc\u00f3n, E. H., Lamus-Lemus, F., Carratal\u00e1-Munuera, C., y Orozco-Beltr\u00e1n, D. (2017). Di\u00e1logo de saberes: Propuesta para identificar, comprender y abordar temas cr\u00edticos de la salud de la poblaci\u00f3n. Revista Salud Uninorte, 33(2), 242-251. http:\/\/www.scielo.org.co\/scielo.php?script=sci_abstract&pid=S0120-55522017000200242&lng=en&nrm=iso&tlng=es","DOI":"10.14482\/sun.33.2.10552"},{"key":"8863","unstructured":"Hernandez-S\u00e1nchez, I., Parra, M. A., Garc\u00eda-Padilla, J. L., De, N., Romero D\u00edaz, C. H., y Duran, S. E. (2018). Comportamiento Organizacional Ciudadano (COC) como ejemplo de participaci\u00f3n generador de un di\u00e1logo de saberes. Revista ESPACIOS., 39(7), 22."},{"key":"8864","unstructured":"Holliday, O. J., y D\u00edaz, V. A. (2022). Recrear y reinventar la extensi\u00f3n universitaria a partir de otros fundamentos y realidades. Inspiraciones desde el centenario del nacimiento de Paulo Freire. +E: Revista de Extensi\u00f3n Universitaria, 12(16). http:\/\/portal.amelica.org\/ameli\/journal\/278\/2783231008\/html\/"},{"key":"8865","unstructured":"Ib\u00e1\u00f1ez, J. (1979). M\u00e1s all\u00e1 de la sociolog\u00eda. El grupo de discusi\u00f3n: Teor\u00eda y cr\u00edtica - Siglo XXI Editores (9.a ed.)."},{"key":"8866","unstructured":"Johnson, R. A. (1971). Teoria, integraci\u00f3n y administraci\u00f3n de sistemas. Limusa-Wiley. https:\/\/www.bibvirtual.ucb.edu.bo\/opac\/Record\/41430\/TOC"},{"key":"8867","unstructured":"Juarez-Hernandez, L. G., y Tobon, S. (2018). An\u00e1lisis de los elementos impl\u00edcitos en la validaci\u00f3n de contenido de un instrumento de investigaci\u00f3n. Revista ESPACIOS, 39(53). https:\/\/www.revistaespacios.com\/cited2017\/cited2017-23.html"},{"key":"8868","doi-asserted-by":"crossref","unstructured":"Klein\u00fcbing, C., Silveira, A., y Figlioulo, A. G. (2018). Integraci\u00f3n metodol\u00f3gica entre grupo de discusi\u00f3n y an\u00e1lisis sociol\u00f3gica del discurso: Un caso ejemplificador sobre el discurso femenino acerca del consumo de la belleza. Revista Eletr\u00f4nica de Administra\u00e7\u00e3o (Porto Alegre), 24(1), 30-60. https:\/\/doi.org\/10.1590\/1413-2311.180.69478","DOI":"10.1590\/1413-2311.180.69478"},{"key":"8869","doi-asserted-by":"crossref","unstructured":"Krainer, A., Aguirre, D., Guerra, M., y Meiser, A. (2017). Educaci\u00f3n superior intercultural y di\u00e1logo de saberes: El caso de la Amawtay Wasi en Ecuador. Revista de la educaci\u00f3n superior, 46(184), 55-76. https:\/\/doi.org\/10.1016\/j.resu.2017.11.002","DOI":"10.1016\/j.resu.2017.11.002"},{"key":"8870","unstructured":"Lago Su\u00e1rez, V., Rodr\u00edguez R\u00edos, E., y Vasconcelos, E. (2017). La evaluaci\u00f3n formativa. Su instrumentaci\u00f3n en la asignatura Biolog\u00eda Humana de la ELAM. Panorama Cuba y Salud, 12(S1), 43-45. https:\/\/www.medigraphic.com\/cgi-bin\/new\/resumen.cgi?IDARTICULO=71893"},{"key":"8871","unstructured":"Maldonado Pinto, J. E. (2018). Metodolog\u00eda de la investigaci\u00f3n social. Ediciones de la U. https:\/\/books.google.com\/books\/about\/Metodolog%C3%ADa_de_la_investigaci%C3%B3n_social.html?hl=es&id=FTSjDwAAQBAJ"},{"key":"8872","doi-asserted-by":"crossref","unstructured":"Mar\u00edn-Cano, M. L., Parra-Bernal, L. R., y Burgos-Lait\u00f3n, S. B. (2019). La pr\u00e1ctica reflexiva del profesor y la relaci\u00f3n con el desarrollo profesional en el contexto de la educaci\u00f3n superior. Revista Latinoamericana de Estudios Educativos, 15(1), 18. https:\/\/doi.org\/10.17151\/ rlee.2019.15.1.9","DOI":"10.17151\/rlee.2019.15.1.9"},{"key":"8873","doi-asserted-by":"crossref","unstructured":"Marques, C. B., y Martins, R. L. (2016). Pesquisa-a\u00e7\u00e3o e media\u00e7\u00e3o dial\u00f3gica como pr\u00e1ticas metodol\u00f3gicas para emerg\u00eancia da a\u00e7\u00e3o comunicativa em Conselhos Gestores de Pol\u00edticas P\u00fablicas. Revista de Administra\u00e7\u00e3o P\u00fablica, 50(1). https:\/\/bibliotecadigital.fgv.br\/ojs\/index.php\/rap\/article\/view\/58607","DOI":"10.1590\/0034-7612136991"},{"key":"8874","unstructured":"Maxwell, J. A. (2019). Dise\u00f1o de investigaci\u00f3n cualitativa. Gedisa. https:\/\/books.google.com\/books\/about\/Dise%C3%B1o_de_investigaci%C3%B3n_cualitativa.html?hl=es&id=ZLewDwAAQBAJ"},{"key":"8875","unstructured":"M\u00ednguez, R. M. M. (2017). Comunicaci\u00f3n en situaciones de crisis: Factores de \u00e9xito que favorecen su eficacia: estudio comparado de casos de comunicaci\u00f3n de crisis en el sector p\u00fablico espa\u00f1ol entre los a\u00f1os 2010-2014. (Tesis de maestr\u00eda). Universidad de Murc\u00eda - Espa\u00f1a. https:\/\/dialnet.unirioja.es\/servlet\/tesis?codigo=154747"},{"key":"8876","doi-asserted-by":"crossref","unstructured":"O\u00f1ate, S. I. G., Quilam\u00e1n, J. P. Q., Cabrera, O. M., Ite, C. G., y Guti\u00e9rrez, C. G. (2019). El liderazgo distribuido desde la perspectiva del an\u00e1lisis de redes: Una experiencia en escuelas vulnerables y efectivas de Chile. Profesorado, Revista de Curr\u00edculum y Formaci\u00f3n del Profesorado, 23(2), 169-188. https:\/\/doi.org\/10.30827\/profesorado.v23i2.9269","DOI":"10.30827\/profesorado.v23i2.9269"},{"key":"8877","doi-asserted-by":"crossref","unstructured":"P\u00e1ez-Gabriunas, I., Sanabria, M., Gauthier-Uma\u00f1a, V., M\u00e9ndez-Romero, R. A., Rivera Virg\u00fcez, L., Anzola, D., ... y Saucedo Meza, G. M. (2022). Transformaci\u00f3n digital en las organizaciones. Editorial Universidad del Rosario. https:\/\/shorturl.at\/bdoFG","DOI":"10.12804\/urosario9789587848366"},{"key":"8878","unstructured":"P\u00e9rez Lalli, M. (2008). Reflexiones l\u00f3gicas, metodol\u00f3gicas y epistemol\u00f3gicas para una buena praxis en psicodiagn\u00f3stico. 158-162."},{"key":"8879","unstructured":"Piovani, J. I., y Mu\u00f1iz, L. M. (2018). \u00bfCondenados a la reflexividad? CLACSO y Biblos."},{"key":"8880","doi-asserted-by":"crossref","unstructured":"Porta, L. G., y Flores, G. N. (2017). Narratividad e interpretaci\u00f3n: Nexos entre la investigaci\u00f3n narrativa y la hermen\u00e9utica. Revista Brasileira de Pesquisa (Auto)biogr\u00e1fica, 2(6), https:\/\/doi.org\/10.31892\/rbpab2525-426X.2017.v2.n6.p683-697","DOI":"10.31892\/rbpab2525-426X.2017.v2.n6.p683-697"},{"key":"8881","doi-asserted-by":"crossref","unstructured":"Ramos-Serrano, M. (2006). Cuando la marca ofrece entretenimiento: Aproximaci\u00f3n al concepto de advertainment. https:\/\/idus.us.es\/handle\/11441\/28865","DOI":"10.5565\/rev\/qp.134"},{"key":"8882","unstructured":"Requena, M., Conde, F., Alonso, L.E., Rodr\u00edguez, J.M., Callejo, J., Criado, E.M., Mart\u00ednez, P., Serrano, A., Betancor, G., Barbeta, M., Prieto, D., Pereda, C., de Prada, M.A. (2016). Un grupo sobre el grupo de discusi\u00f3n. Entre la l\u00f3gica instrumental y el eterno retorno a la sociolog\u00eda cr\u00edtica. Encrucijada: Revista Cr\u00edtica de Ciencias Sociales. (12), 2. https:\/\/produccioncientifica.ucm.es\/documentos\/5d399a3e2999520684462fde"},{"key":"8883","unstructured":"Rolin D\u00edaz, C. D. (2021). El liderazgo innovador como m\u00e9todo para enfrentar los nuevos entornos vuca. Business Innova Sciences, 2(1). http:\/\/innovasciencesbusiness.org\/index.php\/ISB\/article\/view\/33"},{"key":"8884","unstructured":"S\u00e1nchez-Jim\u00e9nez, D. (2020). El papel de la dialogicidad en los trabajos de investigaci\u00f3n de posgrado. Publications and Researchhttps:\/\/academicworks.cuny.edu\/ny_pubs\/646"},{"key":"8885","doi-asserted-by":"crossref","unstructured":"Sant\u2019Anna, L. T., Alc\u00e2ntara, V. D. C., Pereira, J. R., Cappelle, M. C. A., y Tonelli, D. F. (2019). Aproxima\u00e7\u00f5es entre governan\u00e7a colaborativa e a\u00e7\u00e3o comunicativa: uma proposta anal\u00edtica de estudo. Revista de Administra\u00e7\u00e3o P\u00fablica, 53, 821-837. https:\/\/bibliotecadigital.fgv.br\/ojs\/index.php\/rap\/article\/view\/80118","DOI":"10.1590\/0034-761220170400"},{"key":"8886","unstructured":"Silva Valera, J. L. (2019). Concepcion sistemica de la evaluacion de la calidad de los servicio. [ Doctoral dissertation\u0391."},{"key":"8887","doi-asserted-by":"crossref","unstructured":"Silvestre, V. S., Martins, R. M., y Lopes, J. P. G. (2018). Grupos de discuss\u00e3o: uma possibilidade metodol\u00f3gica. Ensaios Pedag\u00f3gicos, 2(1), 34-44.","DOI":"10.14244\/enp.v2i1.56"},{"key":"8888","doi-asserted-by":"crossref","unstructured":"Spillane, J. P., y Ortiz, M. (2019). Perspectiva distribuida del liderazgo y la gesti\u00f3n escolar: Elementos e implicancias cruciales (Distributed perspective of leadership and school management: crucial elements and implications). Revista Eletr\u00f4nica de Educa\u00e7\u00e3o, 13(1), https:\/\/doi.org\/10.14244\/198271993070","DOI":"10.14244\/198271993070"},{"key":"8889","unstructured":"Torres Mendoza, A. (2015). Las significaciones imaginarias sociales de autoridad: La vereda metodol\u00f3gica. Revista Internacional de Investigaci\u00f3n y Formaci\u00f3n Educativa, 30."},{"key":"8890","unstructured":"Ulloa Mart\u00ednez, J. B., y Mardones Barrera, R. E. (2017). Tendencias paradigm\u00e1ticas y t\u00e9cnicas conversacionales en investigaci\u00f3n cualitativa en ciencias sociales. Perspectivas De La Comunicaci\u00f3n -10(1), 213-235https:\/\/www.perspectivasdelacomunicacion.cl\/ojs\/index.php\/perspectivas\/article\/view\/662"},{"key":"8891","unstructured":"Visurraga, F. H. (2017). Percepciones - molestias en los quehaceres administrativos de la Municipalidad Distrital de Los Olivos: Una mirada desde el usuario. Universidad C\u00e9sar Vallejo. https:\/\/repositorio.ucv.edu.pe\/handle\/20.500.12692\/22100"},{"key":"8892","unstructured":"Yeung, A., y Ulrich, D. (2020). Reinventando la organizaci\u00f3n. Almuzara. https:\/\/shorturl.at\/psxCW"}],"container-title":["Administraci\u00f3n &amp; Desarrollo"],"link":[{"URL":"https:\/\/revistas.esap.edu.co\/index.php\/admindesarro\/article\/download\/817\/674","content-type":"text\/xml","content-version":"vor","intended-application":"text-mining"},{"URL":"https:\/\/revistas.esap.edu.co\/index.php\/admindesarro\/article\/download\/817\/696","content-type":"application\/pdf","content-version":"vor","intended-application":"text-mining"},{"URL":"https:\/\/revistas.esap.edu.co\/index.php\/admindesarro\/article\/download\/817\/696","content-type":"unspecified","content-version":"vor","intended-application":"similarity-checking"}],"deposited":{"date-parts":[[2025,12,31]],"date-time":"2025-12-31T20:00:33Z","timestamp":1767211233000},"score":0.0,"resource":{"primary":{"URL":"https:\/\/revistas.esap.edu.co\/index.php\/admindesarro\/article\/view\/817"}},"issued":{"date-parts":[[2023,9,3]]},"references-count":65,"journal-issue":{"issue":"2","published-online":{"date-parts":[[2023,7,1]]}},"URL":"https:\/\/doi.org\/10.22431\/25005227.vol53n2.2","ISSN":["2500-5227","0120-3754"],"issn-type":[{"value":"2500-5227","type":"electronic"},{"value":"0120-3754","type":"print"}],"published":{"date-parts":[[2023,9,3]]}},{"indexed":{"date-parts":[[2025,12,31]],"date-time":"2025-12-31T20:20:20Z","timestamp":1767212420300,"version":"3.48.0"},"reference-count":0,"publisher":"Escuela Superior de Administracion Publica","issue":"1","license":[{"start":{"date-parts":[[2015,6,24]],"date-time":"2015-06-24T00:00:00Z","timestamp":1435104000000},"content-version":"unspecified","delay-in-days":0,"URL":"http:\/\/creativecommons.org\/licenses\/by-nc-nd\/4.0"}],"content-domain":{"domain":[],"crossmark-restriction":false},"short-container-title":["Adm. Desarro."],"abstract":"<jats:p>This article develops a methodological framework to analyze the internal structure of the groups with diversified business related or not. The results allow determining the roll that meet the firms affiliated to a \u201cgroup\u201d both in a court of time such as during a time interval. Also discussed are the results of the structure of several business groups during the economic opening.<\/jats:p>","DOI":"10.22431\/25005227.8","type":"journal-article","created":{"date-parts":[[2017,7,5]],"date-time":"2017-07-05T12:06:06Z","timestamp":1499256366000},"page":"94-112","source":"Crossref","is-referenced-by-count":0,"title":["An\u00e1lisis de la estructura interna de los \u201cgrupos econ\u00f3micos\u201d en Colombia en la transici\u00f3n del siglo XX al XXI","Analysis of \u201ceconomic groups\u201d internal structure in Colombia in the transition from the twentieth century to the twenty-first"],"prefix":"10.22431","volume":"45","author":[{"given":"Juan Sergio","family":"Cruz","sequence":"first","affiliation":[],"role":[{"role":"author","vocabulary":"crossref"}]}],"member":"9723","published-online":{"date-parts":[[2015,6,24]]},"container-title":["Administraci\u00f3n &amp; Desarrollo"],"link":[{"URL":"https:\/\/revistas.esap.edu.co\/index.php\/admindesarro\/article\/download\/8\/pdf","content-type":"application\/pdf","content-version":"vor","intended-application":"text-mining"},{"URL":"https:\/\/revistas.esap.edu.co\/index.php\/admindesarro\/article\/download\/8\/pdf","content-type":"unspecified","content-version":"vor","intended-application":"similarity-checking"}],"deposited":{"date-parts":[[2025,12,31]],"date-time":"2025-12-31T20:15:34Z","timestamp":1767212134000},"score":0.0,"resource":{"primary":{"URL":"https:\/\/revistas.esap.edu.co\/index.php\/admindesarro\/article\/view\/8"}},"issued":{"date-parts":[[2015,6,24]]},"references-count":0,"journal-issue":{"issue":"1","published-online":{"date-parts":[[2015,6,24]]}},"URL":"https:\/\/doi.org\/10.22431\/25005227.8","ISSN":["2500-5227","0120-3754"],"issn-type":[{"type":"electronic","value":"2500-5227"},{"type":"print","value":"0120-3754"}],"published":{"date-parts":[[2015,6,24]]}},{"indexed":{"date-parts":[[2025,11,6]],"date-time":"2025-11-06T16:42:00Z","timestamp":1762447320103,"version":"build-2065373602"},"reference-count":40,"publisher":"Escuela Superior de Administracion Publica","issue":"2","license":[{"start":{"date-parts":[[2022,12,28]],"date-time":"2022-12-28T00:00:00Z","timestamp":1672185600000},"content-version":"unspecified","delay-in-days":0,"URL":"https:\/\/creativecommons.org\/licenses\/by-nc-sa\/4.0"}],"content-domain":{"domain":[],"crossmark-restriction":false},"short-container-title":["Adm. Desarro."],"abstract":"<jats:p>This reflection article aims to demonstrate the degree of application of the so-called digital democracy in Colombia and from a qualitative, documentary and descriptive research approach, it will start from a definition of the concept and will review in the current literature the emergence and evolution of e-democracy as it is also called digital democracy in the global context and then in the particular context of the Colombian case. Then the main scenarios of application of digital democracy in Colombia will be described, its advantages, risks and possibilities, to finally conclude that it has begun to be applied particularly at the level of government services, but there are other fields in which digital democracy has not yet begun to be used and others in which there is the possibility of application but it is hardly foreseen, such as citizen participation mechanisms.<\/jats:p>","DOI":"10.22431\/25005227.vol52n2.5","type":"journal-article","created":{"date-parts":[[2022,12,28]],"date-time":"2022-12-28T09:58:37Z","timestamp":1672221517000},"page":"79-96","source":"Crossref","is-referenced-by-count":0,"title":["Posibilidades de aplicaci\u00f3n de la Democracia Digital en Colombia","Application possibilities of digital democracy in Colombia"],"prefix":"10.22431","volume":"52","author":[{"ORCID":"https:\/\/orcid.org\/0000-0002-6237-5057","authenticated-orcid":false,"given":"Edier Adolfo","family":"Giraldo Jim\u00e9nez","sequence":"first","affiliation":[],"role":[{"role":"author","vocabulary":"crossref"}]},{"ORCID":"https:\/\/orcid.org\/0000-0002-3243-8360","authenticated-orcid":false,"given":"Andr\u00e9s Felipe","family":"Sanmart\u00edn Sanmart\u00edn","sequence":"additional","affiliation":[],"role":[{"role":"author","vocabulary":"crossref"}]},{"ORCID":"https:\/\/orcid.org\/0000-0001-9434-6923","authenticated-orcid":false,"given":"Alejandro","family":"Valencia-Arias","sequence":"additional","affiliation":[],"role":[{"role":"author","vocabulary":"crossref"}]}],"member":"9723","published-online":{"date-parts":[[2022,12,28]]},"reference":[{"key":"10078","doi-asserted-by":"crossref","unstructured":"Alamssry, H. (2021). Digital Democracy as a Mechanism for Achieving Participatory Democracy-The Case of the Palestinian Territories. Democracy and Security, 1-28. https:\/\/doi.org\/10.1080\/17419166.2021.2010552","DOI":"10.1080\/17419166.2021.2010552"},{"key":"10079","unstructured":"Alarc\u00f3n, J. (s. f.). Revisiones sistem\u00e1ticas y meta-an\u00e1lisis. Recuperado agosto 7, 2011, a partir de www.epiredperu.net\/epired\/cursos\/epidemiologia_bas...\/epibas_text10.pdf"},{"key":"10080","unstructured":"Arist\u00f3teles. (1982). La pol\u00edtica. Madrid: Ed. Aguilar. (F. Samaranch, ed. y trad)"},{"key":"10081","unstructured":"Asamblea Nacional Constituyente. (1991). Constituci\u00f3n Pol\u00edtica de 1991. Bogot\u00e1. Ed. LEGIS."},{"key":"10082","doi-asserted-by":"crossref","unstructured":"Bozinis, C. (2018). Dogmatics and Politics in Gregory of Nyssa: Monarchy, Democracy, Kingship, Tyranny & Anarchy in the Against Eunomius. In Gregory of Nyssa: Contra Eunomium I (pp. 270-294). Brill. https:\/\/doi.org\/10.1163\/9789004377097_011","DOI":"10.1163\/9789004377097_011"},{"key":"10083","unstructured":"Cand\u00f3n, M. J. (2016). Democracia digital vs democracia virtual: La voluntad pol\u00edtica frente a las soluciones t\u00e9cnicas como clave para una aut\u00e9ntica democratizaci\u00f3n. Desmontando el mito de internet. Restricci\u00f3n de contenidos y censura digital en la red."},{"key":"10084","unstructured":"Congreso de la Rep\u00fablica. (1994, 11 de julio). Ley 142 de 1994. D.O. No.41.433. http:\/\/www.secretariasenado.gov.co\/senado\/basedoc\/ley_0142_1994.html"},{"key":"10085","unstructured":"Congreso de la Rep\u00fablica. (1994, 31 de mayo). Ley 134 de 1994. D.O. No. 41.373. http:\/\/www.secretariasenado.gov.co\/senado\/basedoc\/ley_0134_1994.html"},{"key":"10086","unstructured":"Congreso de la Rep\u00fablica. (1999, 21 de agosto).Ley 527 de 1999. D.O. No.43.673."},{"key":"10087","unstructured":"Congreso de la Rep\u00fablica. (2009, 30 de julio). Ley 1341 de 2009. D.O. No. 47.426. http:\/\/www.secretariasenado.gov.co\/senado\/basedoc\/ley_1341_2009.html"},{"key":"10088","unstructured":"Congreso de la Rep\u00fablica. (2011, 18 de enero). Ley 1437 de 2011. D.O. No.47.956."},{"key":"10089","unstructured":"Congreso de la Rep\u00fablica. (2012, 12 de julio). Ley 1563 de 2012. D.O. No. 48.489. http:\/\/www.secretariasenado.gov.co\/senado\/basedoc\/ley_1563_2012.html"},{"key":"10090","unstructured":"Congreso de la Rep\u00fablica. (2015, 06 de julio). Ley 1757 de 2015. D.O. No.49.565. http:\/\/www.secretariasenado.gov.co\/senado\/basedoc\/ley_1757_2015.html"},{"key":"10091","unstructured":"Congreso de la Rep\u00fablica. (2019, 25 de julio). Ley 1978 de 2019. D.O. No.51.025. http:\/\/www.secretariasenado.gov.co\/senado\/basedoc\/ley_1978_2019.html"},{"key":"10092","unstructured":"Congreso de la Rep\u00fablica. (2020, 26 de abril). Ley 2081 de 2020. https:\/\/dapre.presidencia.gov.co\/normativa\/normativa\/LEY%202081%20DEL%203%20DE%20FEBRERO%20DE%202021.pdf"},{"key":"10093","unstructured":"Congreso de la Rep\u00fablica. (2021, 29 de julio). Ley 2108 de 2021. https:\/\/dapre.presidencia.gov.co\/normativa\/normativa\/LEY%202108%20DEL%20"},{"key":"10094","unstructured":"Congreso de la Rep\u00fablica. (2022, 13 de junio). Ley 2213 de 2022 . https:\/\/dapre.presidencia.gov.co\/normativa\/normativa\/LEY%202213%20 DEL%2013%20DE%20JUNIO%20DE%202022.pdf"},{"key":"10095","unstructured":"Corte Constitucional. (2001). Sentencia C-831 de 2001. \u00c1lvaro Tafur Galvis. (M.P). https:\/\/www.corteconstitucional.gov.co\/relatoria\/2001\/c-831-01.htm"},{"key":"10096","unstructured":"Corte Constitucional. (2015). Sentencia C-219 de 2015. Mauricio Gonz\u00e1lez Cuervo. (M.P). https:\/\/www.corteconstitucional.gov.co\/relatoria\/2015\/c-219-15.htm"},{"key":"10097","unstructured":"Corte Constitucional. (2020). Sentencia T-324 de 2020. Diana Fajardo Rivera. (M.P). https:\/\/www.corteconstitucional.gov.co\/relatoria\/2020\/T-324-20.htm"},{"key":"10098","unstructured":"De Rosa, R., & Reda, V. (2021). e-politics. The black box society: per un\u2019agenda di ricerca sull\u2019Automated Decision Making. Comunicazione politica, 23(2), 275-284. https:\/\/doi.org\/10.3270\/101615"},{"key":"10099","doi-asserted-by":"crossref","unstructured":"Dow-Fleisner, S. J., Seaton, C. L., Li, E., Pla-mondon, K., Oelke, N., Kurtz, D., ... & RushK. L. (2022). Internet access is a necessity: a latent class analysis of COVID-19 related challenges and the role of technology use among rural community residents. BMC Public Health, 22(1), 1-11. https:\/\/doi.org\/10.1186\/s12889-022-13254-1","DOI":"10.1186\/s12889-022-13254-1"},{"key":"10100","doi-asserted-by":"crossref","unstructured":"Fieselmann, J., Annac, K., Erdsiek, F., Yilmaz-Aslan, Y., & Brzoska, P. (2022). What are the reasons for refusing a COVID-19 vaccine? A qualitative analysis of social media in Germany. BMC Public Health, 22(1), 1-8. https:\/\/doi.org\/10.1186\/s12889-022-13265-y","DOI":"10.1186\/s12889-022-13265-y"},{"key":"10101","unstructured":"Ford,E.(2021).El reto de la democracia digital. https:\/\/www.kas.de\/documents\/269552\/269601\/El+reto+de+la+democracia+digital+hacia+u-na+ciudadan%C3%ADa+interconectada.pdf\/3c571428-98b1-c3b7-c47c-63cc5fb715ef?-version=1.2&t=1574964153718"},{"key":"10102","unstructured":"Franks, M. A. (2021). Beyond the Public Square: Imagining Digital Democracy. Yale LJF, 131, 427. Disponible en: https:\/\/heinonline.org\/HOL\/LandingPage?handle=hein.journals\/yljfor131&div=19&id=&page="},{"key":"10103","doi-asserted-by":"crossref","unstructured":"Fuchs, C. (2021). The digital commons and the digital public sphere: How to advance digital democracy today. Westminster Papers in Communication and Culture, 16(1). https:\/\/doi.org\/10.16997\/wpcc.917","DOI":"10.16997\/wpcc.917"},{"key":"10104","doi-asserted-by":"crossref","unstructured":"Guiti\u00e1n, E. G. (2016). Democracia digital. Discursos sobre participaci\u00f3n ciudadana y TIC. Revista de Estudios Pol\u00edticos. (173), 169-193.","DOI":"10.18042\/cepc\/rep.173.05"},{"key":"10105","unstructured":"http:\/\/www.secretariasenado.gov.co\/senado\/basedoc\/ley_0527_1999.html"},{"key":"10106","unstructured":"http:\/\/www.secretariasenado.gov.co\/senado\/basedoc\/ley_1437_2011.html"},{"key":"10107","doi-asserted-by":"crossref","unstructured":"Lloyd, K. (2018). The Impulse to Rhetoric in India: Rhetorical and Deliberative Practices and Their Relation to the Histories of Rhetoric and Democracy. Advances in the History of Rhetoric, 21(3), 223-246. https:\/\/doi.org\/10.5325\/jhistrhetoric.21.3.0223","DOI":"10.1080\/15362426.2018.1526544"},{"key":"10108","unstructured":"Mart\u00ednez, R. J. (2011). Participaci\u00f3n pol\u00edtica, democracia digital y e-ciudadan\u00eda para el protagonismo de adolescentes y j\u00f3venes. Revista electr\u00f3nica interuniversitaria de formaci\u00f3n del profesorado. https:\/\/www.redalyc.org\/pdf\/2170\/217019031002.pdf"},{"key":"10109","unstructured":"Mendoza, R. E., Guti\u00e9rrez, O. R. & De la Cruz, H.G. (2018). Gobierno Electr\u00f3nico y Democracia Digital. Revista Buen Gobierno. 25."},{"key":"10110","unstructured":"Ndhlovu, M. P., & Santos, P. (2021). Political corruption in Zimbabwe: News media, audiences and deliberative democracy. Crime, Media, Culture, 17416590211022416. https:\/\/doi.org\/10.1177%2F17416590211022416"},{"key":"10111","doi-asserted-by":"crossref","unstructured":"Petticrew, M., & Roberts, H. (2006). Systematic reviews in the social sciences: A practical guide. Oxford","DOI":"10.1002\/9780470754887"},{"key":"10112","unstructured":"Presidencia de la Rep\u00fablica. (2000, 11 de septiembre). Decreto 1747 de 2000. https:\/\/www.funcionpublica.gov.co\/eva\/gestornormativo\/norma.php?i=4277"},{"key":"10113","unstructured":"Presidencia de la Rep\u00fablica. (2014, 19 de febrero). Decreto 333 de 2014. https:\/\/www.funcionpublica.gov.co\/eva\/gestornormativo\/norma.php?i=56767"},{"key":"10114","unstructured":"Presidencia de la Rep\u00fablica. (2020, 4 de junio). Decreto 806 de 2020. https:\/\/dapre.presidencia.gov.co\/normativa\/normativa\/DECRETO%20806%20DEL%204%20DE%20JUNIO%20DE%202020.pdf"},{"key":"10115","unstructured":"Ria\u00f1o, Ch. M. (2010). La nueva gerencia p\u00fablica y la democracia digital. Los dilemas y desaf\u00edos de la participaci\u00f3n electr\u00f3nica en Bogot\u00e1."},{"key":"10116","doi-asserted-by":"crossref","unstructured":"Saud, M., & Margono, H. (2021). Indonesia\u2019s rise in digital democracy and youth\u2019s political participation. Journal of Information Technology & Politics, 18(4), 443-454. https:\/\/doi.org\/10.1080\/19331681.2021.1900019","DOI":"10.1080\/19331681.2021.1900019"},{"key":"10117","unstructured":"Schneider, C. (2016). Democracia digital. Espa\u00f1a: UNDAV Ediciones"}],"container-title":["Administraci\u00f3n &amp; Desarrollo"],"link":[{"URL":"https:\/\/revistas.esap.edu.co\/index.php\/admindesarro\/article\/download\/791\/640","content-type":"application\/pdf","content-version":"vor","intended-application":"text-mining"},{"URL":"https:\/\/revistas.esap.edu.co\/index.php\/admindesarro\/article\/download\/791\/704","content-type":"text\/xml","content-version":"vor","intended-application":"text-mining"},{"URL":"https:\/\/revistas.esap.edu.co\/index.php\/admindesarro\/article\/download\/791\/640","content-type":"unspecified","content-version":"vor","intended-application":"similarity-checking"}],"deposited":{"date-parts":[[2025,11,6]],"date-time":"2025-11-06T16:38:24Z","timestamp":1762447104000},"score":0.0,"resource":{"primary":{"URL":"https:\/\/revistas.esap.edu.co\/index.php\/admindesarro\/article\/view\/791"}},"issued":{"date-parts":[[2022,12,28]]},"references-count":40,"journal-issue":{"issue":"2","published-online":{"date-parts":[[2022,12,28]]}},"URL":"https:\/\/doi.org\/10.22431\/25005227.vol52n2.5","ISSN":["2500-5227","0120-3754"],"issn-type":[{"type":"electronic","value":"2500-5227"},{"type":"print","value":"0120-3754"}],"published":{"date-parts":[[2022,12,28]]}},{"indexed":{"date-parts":[[2025,11,6]],"date-time":"2025-11-06T16:50:24Z","timestamp":1762447824924,"version":"build-2065373602"},"reference-count":0,"publisher":"Escuela Superior de Administracion Publica","issue":"67","license":[{"start":{"date-parts":[[2014,12,1]],"date-time":"2014-12-01T00:00:00Z","timestamp":1417392000000},"content-version":"unspecified","delay-in-days":0,"URL":"http:\/\/creativecommons.org\/licenses\/by-nc-nd\/4.0"}],"content-domain":{"domain":[],"crossmark-restriction":false},"short-container-title":["Nova vetera"],"abstract":"<jats:p>Este arti\u0301culo presenta los resultados de una investigacio\u0301n elaborada por el grupo en Derechos Humanos \u201cMandela\u201d. Su propo\u0301sito es analizar el conjunto de sentencias y pronunciamientos de los o\u0301rganos del Sistema Interamericano de Derechos Humanos (2006-2013) que desarrolla los conceptos de responsabilidad internacional del Estado colombiano por el incumplimiento y de violacio\u0301n de los compromisos adquiridos en el plano internacional, contenidos en la Convencio\u0301n Americana sobre Derechos Humanos.\u00a0<\/jats:p>","DOI":"10.22431\/25005103.23","type":"journal-article","created":{"date-parts":[[2017,7,5]],"date-time":"2017-07-05T15:34:05Z","timestamp":1499268845000},"page":"28-37","source":"Crossref","is-referenced-by-count":0,"title":["La responsabilidad internacional del Estado colombiano en el Sistema Interamericano de Derechos Humanos"],"prefix":"10.22431","volume":"23","author":[{"given":"Omar","family":"Huertas D\u00edaz","sequence":"first","affiliation":[],"role":[{"role":"author","vocabulary":"crossref"}]}],"member":"9723","published-online":{"date-parts":[[2014,12,1]]},"container-title":["Nova et Vetera"],"link":[{"URL":"https:\/\/revistas.esap.edu.co\/index.php\/novaetvetera\/article\/download\/23\/28","content-type":"application\/pdf","content-version":"vor","intended-application":"text-mining"},{"URL":"https:\/\/revistas.esap.edu.co\/index.php\/novaetvetera\/article\/download\/23\/28","content-type":"unspecified","content-version":"vor","intended-application":"similarity-checking"}],"deposited":{"date-parts":[[2025,11,6]],"date-time":"2025-11-06T16:44:31Z","timestamp":1762447471000},"score":0.0,"resource":{"primary":{"URL":"https:\/\/revistas.esap.edu.co\/index.php\/novaetvetera\/article\/view\/23"}},"issued":{"date-parts":[[2014,12,1]]},"references-count":0,"journal-issue":{"issue":"67","published-online":{"date-parts":[[2014,12,1]]}},"URL":"https:\/\/doi.org\/10.22431\/25005103.23","ISSN":["2500-5103","0123-2614"],"issn-type":[{"type":"electronic","value":"2500-5103"},{"type":"print","value":"0123-2614"}],"published":{"date-parts":[[2014,12,1]]}},{"indexed":{"date-parts":[[2026,7,27]],"date-time":"2026-07-27T22:00:46Z","timestamp":1785189646398,"version":"3.55.0"},"reference-count":0,"publisher":"Escuela Superior de Administracion Publica","issue":"2","license":[{"start":{"date-parts":[[2026,7,16]],"date-time":"2026-07-16T00:00:00Z","timestamp":1784160000000},"content-version":"unspecified","delay-in-days":0,"URL":"https:\/\/creativecommons.org\/licenses\/by-nc-sa\/4.0"}],"content-domain":{"domain":[],"crossmark-restriction":false},"short-container-title":["Adm. Desarro."],"abstract":"<jats:p>Problem statement: Over the past three decades, the Colombian healthcare system has undergone transformations associated with political, economic, and social changes. One factor in this process was Law 100 of 1993, which introduced a regulated competition model with private sector participation and the coexistence of contributory and subsidized systems. Although this scheme expanded coverage, challenges persist in territorial equity and access. Objective: To analyze the role of political influence in the configuration and functioning of the Colombian healthcare ecosystem. Methodology: A qualitative and descriptive literature review was conducted, based on the analysis of regulations, academic studies, and institutional reports published between 1993 and 2022. Results: The findings show that political intervention has guided the evolution of the system, conditioning its financing, decentralization, and quality of care. Conclusion: The Colombian healthcare system remains in constant adaptation and is conditioned by policies, which highlights the need for structural reforms aimed at guaranteeing the right to health under conditions of equity and quality. Contribution\/originality: The study interprets the system's reforms not only from its normative dimension, but also from the power dynamics that have influenced its configuration and performance.<\/jats:p>","DOI":"10.22431\/25005227.1155","type":"journal-article","created":{"date-parts":[[2026,7,27]],"date-time":"2026-07-27T21:55:14Z","timestamp":1785189314000},"source":"Crossref","is-referenced-by-count":0,"title":["La influencia pol\u00edtica en el ecosistema de salud colombiano","Political Influence in the Colombian Health Ecosystem"],"prefix":"10.22431","volume":"56","author":[{"ORCID":"https:\/\/orcid.org\/0000-0002-3543-9123","authenticated-orcid":false,"given":"Oscar Marino","family":"L\u00f3pez-Mallama","sequence":"first","affiliation":[],"role":[{"vocabulary":"crossref","role":"author"}]},{"ORCID":"https:\/\/orcid.org\/0009-0006-3961-444X","authenticated-orcid":false,"given":"Ismael Orlando","family":"Chaux-Zambrano","sequence":"additional","affiliation":[],"role":[{"vocabulary":"crossref","role":"author"}]},{"ORCID":"https:\/\/orcid.org\/0000-0002-5597-0405","authenticated-orcid":false,"given":"Alexander","family":"Almeida-Espinosa","sequence":"additional","affiliation":[],"role":[{"vocabulary":"crossref","role":"author"}]}],"member":"9723","published-online":{"date-parts":[[2026,7,16]]},"container-title":["Administraci\u00f3n &amp; Desarrollo"],"link":[{"URL":"https:\/\/revistas.esap.edu.co\/index.php\/admindesarro\/article\/download\/1155\/902","content-type":"application\/pdf","content-version":"vor","intended-application":"text-mining"},{"URL":"https:\/\/revistas.esap.edu.co\/index.php\/admindesarro\/article\/download\/1155\/915","content-type":"unspecified","content-version":"vor","intended-application":"text-mining"},{"URL":"https:\/\/revistas.esap.edu.co\/index.php\/admindesarro\/article\/download\/1155\/902","content-type":"unspecified","content-version":"vor","intended-application":"similarity-checking"}],"deposited":{"date-parts":[[2026,7,27]],"date-time":"2026-07-27T21:55:14Z","timestamp":1785189314000},"score":0.0,"resource":{"primary":{"URL":"https:\/\/revistas.esap.edu.co\/index.php\/admindesarro\/article\/view\/1155"}},"issued":{"date-parts":[[2026,7,16]]},"references-count":0,"journal-issue":{"issue":"2","published-online":{"date-parts":[[2026,7,16]]}},"URL":"https:\/\/doi.org\/10.22431\/25005227.1155","ISSN":["2500-5227","0120-3754"],"issn-type":[{"value":"2500-5227","type":"electronic"},{"value":"0120-3754","type":"print"}],"published":{"date-parts":[[2026,7,16]]}},{"indexed":{"date-parts":[[2025,11,6]],"date-time":"2025-11-06T16:35:46Z","timestamp":1762446946760,"version":"build-2065373602"},"reference-count":0,"publisher":"Escuela Superior de Administracion Publica","issue":"54","license":[{"start":{"date-parts":[[2011,12,1]],"date-time":"2011-12-01T00:00:00Z","timestamp":1322697600000},"content-version":"unspecified","delay-in-days":0,"URL":"http:\/\/creativecommons.org\/licenses\/by-nc-nd\/4.0"}],"content-domain":{"domain":[],"crossmark-restriction":false},"short-container-title":["Adm. Desarro."],"abstract":"<jats:p>This article offers a midterm review based on recent contributions made by renowned authors academics such as M. Howlett, B. Cashore, G. Capano and J. Real-Dato to deal with theoretical development-related convergence and disparity regarding public policy change and its dynamics. Interest in such matter lies in raising awareness about such an important topic which is dealt with so lightly in literature published in Spanish, and proposing typological integration regarding public policy's constitutive elements or dimensions for determining what changes when policy becomes changed and using it to advance debate about the so-called \"dependent variable problem\".<\/jats:p>","DOI":"10.22431\/25005227.139","type":"journal-article","created":{"date-parts":[[2017,7,5]],"date-time":"2017-07-05T12:06:06Z","timestamp":1499256366000},"page":"99-118","source":"Crossref","is-referenced-by-count":3,"title":["Convergencias y disparidades en las teor\u00edas sobre el cambio de las pol\u00edticas p\u00fablicas: una revisi\u00f3n preliminar y una propuesta de integraci\u00f3n tipol\u00f3gica","Convergences and disparities in policy change theories: a midterm review and a typological integration proposal."],"prefix":"10.22431","volume":"39","author":[{"given":"Cesar Nicandro","family":"Cruz Rubio","sequence":"first","affiliation":[],"role":[{"role":"author","vocabulary":"crossref"}]}],"member":"9723","published-online":{"date-parts":[[2011,12,1]]},"container-title":["Administraci\u00f3n &amp; Desarrollo"],"link":[{"URL":"https:\/\/revistas.esap.edu.co\/index.php\/admindesarro\/article\/download\/139\/pdf","content-type":"application\/pdf","content-version":"vor","intended-application":"text-mining"},{"URL":"https:\/\/revistas.esap.edu.co\/index.php\/admindesarro\/article\/download\/139\/pdf","content-type":"unspecified","content-version":"vor","intended-application":"similarity-checking"}],"deposited":{"date-parts":[[2025,11,6]],"date-time":"2025-11-06T16:33:58Z","timestamp":1762446838000},"score":0.0,"resource":{"primary":{"URL":"https:\/\/revistas.esap.edu.co\/index.php\/admindesarro\/article\/view\/139"}},"issued":{"date-parts":[[2011,12,1]]},"references-count":0,"journal-issue":{"issue":"54","published-online":{"date-parts":[[2011,12,1]]}},"URL":"https:\/\/doi.org\/10.22431\/25005227.139","ISSN":["2500-5227","0120-3754"],"issn-type":[{"type":"electronic","value":"2500-5227"},{"type":"print","value":"0120-3754"}],"published":{"date-parts":[[2011,12,1]]}},{"indexed":{"date-parts":[[2025,11,6]],"date-time":"2025-11-06T16:40:05Z","timestamp":1762447205260,"version":"build-2065373602"},"reference-count":0,"publisher":"Escuela Superior de Administracion Publica","issue":"1","license":[{"start":{"date-parts":[[2017,6,30]],"date-time":"2017-06-30T00:00:00Z","timestamp":1498780800000},"content-version":"unspecified","delay-in-days":0,"URL":"http:\/\/creativecommons.org\/licenses\/by-nc-nd\/4.0"}],"content-domain":{"domain":[],"crossmark-restriction":false},"short-container-title":["Adm. Desarro."],"abstract":"<jats:p>Este ensayo te\u00f3rico aborda algunos elementos centrales de tres autores cl\u00e1sicos del pensamiento social latinoamericano: Roberto Fern\u00e1ndez Retamar, Orlando Fals Borda y Ruy Mauro Marini. La elecci\u00f3n de eses autores no es arbitraria, sino lleva en consideraci\u00f3n la relevancia de ellos para el conocimiento de la realidad social y econ\u00f3mica del continente latinoamericano. Nuestra localizaci\u00f3n en los estudios organizacionales nos ha impulsado a la pregunta \u2018\u00bfCu\u00e1les son las contribuciones del pensamiento social latinoamericano para los estudios organizacionales? Una cuesti\u00f3n demasiado amplia y que nos exige un esfuerzo de movimiento que es este mismo de una salida moment\u00e1nea de lo que se comprende como nuestro campo para despu\u00e9s regresar a \u00e9l con aportes ricos. Entre los resultados, dest\u00e1cense la necesidad de comprender los determinantes de la realidad local y regional; el compromiso de los estudios organizacionales con esa realidad misma; y el rol del investigador en las posibilidades de la transformaci\u00f3n social.\u00a0\u00a0<\/jats:p>","DOI":"10.22431\/25005227.300","type":"journal-article","created":{"date-parts":[[2017,8,28]],"date-time":"2017-08-28T10:00:28Z","timestamp":1503914428000},"page":"55-64","source":"Crossref","is-referenced-by-count":2,"title":["Contribuciones del Pensamiento Social Latinoamericano para los Estudios Organizacionales: una gira con Fals Borda, Marini y Fern\u00e1ndez Retamar"],"prefix":"10.22431","volume":"47","author":[{"given":"Guilherme","family":"Dornelas Camara","sequence":"first","affiliation":[],"role":[{"role":"author","vocabulary":"crossref"}]}],"member":"9723","published-online":{"date-parts":[[2017,6,30]]},"container-title":["Administraci\u00f3n &amp; Desarrollo"],"link":[{"URL":"https:\/\/revistas.esap.edu.co\/index.php\/admindesarro\/article\/download\/300\/pdf","content-type":"application\/pdf","content-version":"vor","intended-application":"text-mining"},{"URL":"https:\/\/revistas.esap.edu.co\/index.php\/admindesarro\/article\/download\/300\/pdf","content-type":"unspecified","content-version":"vor","intended-application":"similarity-checking"}],"deposited":{"date-parts":[[2025,11,6]],"date-time":"2025-11-06T16:36:30Z","timestamp":1762446990000},"score":0.0,"resource":{"primary":{"URL":"https:\/\/revistas.esap.edu.co\/index.php\/admindesarro\/article\/view\/300"}},"issued":{"date-parts":[[2017,6,30]]},"references-count":0,"journal-issue":{"issue":"1","published-online":{"date-parts":[[2017,6,30]]}},"URL":"https:\/\/doi.org\/10.22431\/25005227.300","ISSN":["2500-5227","0120-3754"],"issn-type":[{"type":"electronic","value":"2500-5227"},{"type":"print","value":"0120-3754"}],"published":{"date-parts":[[2017,6,30]]}},{"indexed":{"date-parts":[[2025,11,6]],"date-time":"2025-11-06T16:35:55Z","timestamp":1762446955768,"version":"build-2065373602"},"reference-count":0,"publisher":"Escuela Superior de Administracion Publica","issue":"52","license":[{"start":{"date-parts":[[2010,12,1]],"date-time":"2010-12-01T00:00:00Z","timestamp":1291161600000},"content-version":"unspecified","delay-in-days":0,"URL":"http:\/\/creativecommons.org\/licenses\/by-nc-nd\/4.0"}],"content-domain":{"domain":[],"crossmark-restriction":false},"short-container-title":["Adm. Desarro."],"abstract":"<jats:p>Communities\u00b4 current demands related to protecting the natural environment (i.e. against production processes) require that the local tax system contributes towards ensuring that cities become sustainable, the purpose being more that of providing incentives and instruments for the population\u00b4s welfare, in favour of safeguarding the environment. Argentinean municipalities have full powers for levying local taxes, fees and contributions as laid down by provincial legislation expressing their financial autonomy when this has been constitutionally recognised. However, local taxes are the most important tax collecting instrument, given the current legal structure (primarily the impact of the Federal Tax Participation Law). They can also levy taxes to protect the environment. The advances made by some Argentinean municipalities regarding their local tax rules are reported within this framework, i.e. those which have embodied the objective of protecting the environment or have considered environmental interests in their taxable concepts or have established tax ranking criteria attempting to rationalise the use of natural resources.<\/jats:p>","DOI":"10.22431\/25005227.162","type":"journal-article","created":{"date-parts":[[2017,7,5]],"date-time":"2017-07-05T12:06:06Z","timestamp":1499256366000},"page":"159-172","source":"Crossref","is-referenced-by-count":0,"title":["Sistema tributario local: una herramienta para contribuir al desarrollo de una ciudad sustentable","Local tax system: a tool contributing towards a sustainable city\u00b4s development"],"prefix":"10.22431","volume":"38","author":[{"given":"Claudia","family":"Ameriso","sequence":"first","affiliation":[],"role":[{"role":"author","vocabulary":"crossref"}]},{"given":"Elida","family":"Ben\u00edtez","sequence":"additional","affiliation":[],"role":[{"role":"author","vocabulary":"crossref"}]},{"given":"Georgina","family":"Maceratesi","sequence":"additional","affiliation":[],"role":[{"role":"author","vocabulary":"crossref"}]}],"member":"9723","published-online":{"date-parts":[[2010,12,1]]},"container-title":["Administraci\u00f3n &amp; Desarrollo"],"link":[{"URL":"https:\/\/revistas.esap.edu.co\/index.php\/admindesarro\/article\/download\/162\/pdf","content-type":"application\/pdf","content-version":"vor","intended-application":"text-mining"},{"URL":"https:\/\/revistas.esap.edu.co\/index.php\/admindesarro\/article\/download\/162\/pdf","content-type":"unspecified","content-version":"vor","intended-application":"similarity-checking"}],"deposited":{"date-parts":[[2025,11,6]],"date-time":"2025-11-06T16:34:16Z","timestamp":1762446856000},"score":0.0,"resource":{"primary":{"URL":"https:\/\/revistas.esap.edu.co\/index.php\/admindesarro\/article\/view\/162"}},"issued":{"date-parts":[[2010,12,1]]},"references-count":0,"journal-issue":{"issue":"52","published-online":{"date-parts":[[2010,12,1]]}},"URL":"https:\/\/doi.org\/10.22431\/25005227.162","ISSN":["2500-5227","0120-3754"],"issn-type":[{"type":"electronic","value":"2500-5227"},{"type":"print","value":"0120-3754"}],"published":{"date-parts":[[2010,12,1]]}},{"indexed":{"date-parts":[[2025,11,6]],"date-time":"2025-11-06T16:37:52Z","timestamp":1762447072502,"version":"build-2065373602"},"reference-count":0,"publisher":"Escuela Superior de Administracion Publica","issue":"52","license":[{"start":{"date-parts":[[2010,12,1]],"date-time":"2010-12-01T00:00:00Z","timestamp":1291161600000},"content-version":"unspecified","delay-in-days":0,"URL":"http:\/\/creativecommons.org\/licenses\/by-nc-nd\/4.0"}],"content-domain":{"domain":[],"crossmark-restriction":false},"short-container-title":["Adm. Desarro."],"abstract":"<jats:p>This article deals with implementing a senior executives\u00bf training programme for state officials in Eastern Uruguay. This programme may be seen as an opportunity for strengthening managerial staff\u00bfs performance regarding their duties; it concerns a possible political criteria-based form of appointment, drawing on the debate between administration and politics. This article\u00bfs initial purpose was to set out the components which may have been critical in the programme\u00bfs success. Such success cannot yet be determined since the results are still unknown; however, three key factors may have had an impact. The paper consists of a case presentation, studying the factors which may have determined success and presenting the respective conclusions.<\/jats:p>","DOI":"10.22431\/25005227.153","type":"journal-article","created":{"date-parts":[[2017,7,5]],"date-time":"2017-07-05T12:06:06Z","timestamp":1499256366000},"page":"21-38","source":"Crossref","is-referenced-by-count":0,"title":["La formaci\u00f3n de los cargos de alta direcci\u00f3n: \u00bfhay un fortalecimiento de la Administraci\u00f3n frente a la pol\u00edtica? An\u00e1lisis del caso uruguayo y sus posibles factores de \u00e9xito","Training for senior managemet positions: is administration being strengthened regarding politics? An analysis of what happening un Uruguay and possible factors in ths success"],"prefix":"10.22431","volume":"38","author":[{"given":"Ana Maria","family":"Hernandez","sequence":"first","affiliation":[],"role":[{"role":"author","vocabulary":"crossref"}]},{"given":"Sergio","family":"Rodriguez Sanmiguel","sequence":"additional","affiliation":[],"role":[{"role":"author","vocabulary":"crossref"}]}],"member":"9723","published-online":{"date-parts":[[2010,12,1]]},"container-title":["Administraci\u00f3n &amp; Desarrollo"],"link":[{"URL":"https:\/\/revistas.esap.edu.co\/index.php\/admindesarro\/article\/download\/153\/pdf","content-type":"application\/pdf","content-version":"vor","intended-application":"text-mining"},{"URL":"https:\/\/revistas.esap.edu.co\/index.php\/admindesarro\/article\/download\/153\/pdf","content-type":"unspecified","content-version":"vor","intended-application":"similarity-checking"}],"deposited":{"date-parts":[[2025,11,6]],"date-time":"2025-11-06T16:34:12Z","timestamp":1762446852000},"score":0.0,"resource":{"primary":{"URL":"https:\/\/revistas.esap.edu.co\/index.php\/admindesarro\/article\/view\/153"}},"issued":{"date-parts":[[2010,12,1]]},"references-count":0,"journal-issue":{"issue":"52","published-online":{"date-parts":[[2010,12,1]]}},"URL":"https:\/\/doi.org\/10.22431\/25005227.153","ISSN":["2500-5227","0120-3754"],"issn-type":[{"type":"electronic","value":"2500-5227"},{"type":"print","value":"0120-3754"}],"published":{"date-parts":[[2010,12,1]]}},{"indexed":{"date-parts":[[2025,12,31]],"date-time":"2025-12-31T19:50:20Z","timestamp":1767210620317,"version":"3.48.0"},"reference-count":28,"publisher":"Escuela Superior de Administracion Publica","issue":"2","license":[{"start":{"date-parts":[[2024,9,4]],"date-time":"2024-09-04T00:00:00Z","timestamp":1725408000000},"content-version":"unspecified","delay-in-days":0,"URL":"https:\/\/creativecommons.org\/licenses\/by-nc-sa\/4.0"}],"content-domain":{"domain":[],"crossmark-restriction":false},"short-container-title":["Adm. Desarro."],"abstract":"<jats:p>The management of natural resources involves a set of actions aimed at their sustainable use. Soil and water require strategies that allow human activity from a perspective of prevention, protection, and preservation. This article proposes a management model for the associative handling of water resources to enhance agriculture and aims at managing water as a primary resource agricultural production. The model proposes an associative, sustainable, and viable approach to water management, aimed at areas with agricultural potential. Furthermore, it highlights the relevance of its application in the Colombian context, where agricultural production depends on water, whether it comes from rain, reservoirs, dams, rivers, or stored and managed through irrigation systems. In this way, public management strategies oriented towards the administration of water resources in these areas are proposed, based on different national andinternational experiences.\u00a0<\/jats:p>","DOI":"10.22431\/25005227.931","type":"journal-article","created":{"date-parts":[[2024,10,7]],"date-time":"2024-10-07T10:11:26Z","timestamp":1728295886000},"page":"e931","source":"Crossref","is-referenced-by-count":0,"title":["Modelo de gesti\u00f3n para el manejo asociativo de los recursos h\u00eddricos para potencializar la agricultura","Management model for the associative management of water resources to enhance agriculture"],"prefix":"10.22431","volume":"54","author":[{"ORCID":"https:\/\/orcid.org\/0000-0002-5561-3336","authenticated-orcid":false,"given":"Yeison James","family":"Montalvo Mart\u00ednez","sequence":"first","affiliation":[],"role":[{"role":"author","vocabulary":"crossref"}]},{"ORCID":"https:\/\/orcid.org\/0009-0000-7926-9093","authenticated-orcid":false,"given":"Jos\u00e9 Steven","family":"Triana Guti\u00e9rrez","sequence":"additional","affiliation":[],"role":[{"role":"author","vocabulary":"crossref"}]}],"member":"9723","published-online":{"date-parts":[[2024,9,4]]},"reference":[{"key":"14382","unstructured":"Acci\u00f3n Contra el Hambre. (3 de octubre de 2022). La importancia del uso eficiente de los recursos naturales para lograr un mundo mejor. Acci\u00f3n Contra el Hambre, Secci\u00f3n Actualidad. https:\/\/www.accioncontraelhambre.org\/es\/importancia-uso-eficiente-recursos-naturales"},{"key":"14383","unstructured":"Alcald\u00eda de Repel\u00f3n. (2021). Plan de Desarrollo Territorial \"Repel\u00f3n La Esperanza Revive\". Repel\u00f3n."},{"key":"14384","unstructured":"Corporaci\u00f3n Aut\u00f3noma de Cundinamarca [CAR]. (2017). Distritos de riego CAR: Equilibrio entre productividad y ambiente. CARta ambiental, No. 25, 1-7. https:\/\/sie.car.gov.co\/items\/fb3f89e0-09d6-4223-a553-34255beaff83\/full"},{"key":"14385","unstructured":"Alfonso-Arenas, W., Castellanos-Calder\u00f3n, S. y G\u00f3mez-Paredes, L. (2016). Revisi\u00f3n Sobre los Requerimientos Ambientales para el Desarrollo de Distritos de Riego en Colombia [Trabajo de grado, Universidad la Gran Colombia]. https:\/\/repository.ugc.edu.co\/bitstream\/handle\/11396\/5300\/Revisi\u00f3n_requerimientos_ambientales_desarrollo_distritos.pdf?sequence=1"},{"key":"14386","unstructured":"Campos, M., Su\u00e1rez, J. y Ojeda, R. (2013). Modelo de gesti\u00f3n estrat\u00e9gica para la toma de decisiones en entidades agropecuarias. Pastos y Forrajes, 36(1), 82-88. http:\/\/scielo.sld.cu\/scielo.php?script=sci_arttext&pid=S0864-03942013000100007&lng=es&tlng=es."},{"key":"14387","unstructured":"Ch\u00e1varro, A. (2021). Impactos Ambientales Generados por la Construcci\u00f3n de Distritos de Adecuaci\u00f3n de Tierras. Universidad Militar Nueva Granada. https:\/\/repository.unimilitar.edu.co\/bitstream\/handle\/10654\/38978\/CHAVARRORESTREPOANDREA2021.PDF.pdf?sequence=1&isAllowed=y"},{"key":"14388","unstructured":"Datos Abiertos. (2023). Distritos de Riego activos en Colombia. https:\/\/www.datos.gov.co\/Agricultura-y-Desarrollo-Rural\/Distritos-de-Riego-activos\/rtxu-twjm\/data"},{"key":"14389","unstructured":"Daza, R. (6 de septiembre de 2018). \u00bfSistemas de riego o riesgo? Agronegocios e Industrias de Alimentos - ANeIA. https:\/\/aneia.uniandes.edu.co\/sistemas-de-riego-o-riesgo\/"},{"key":"14390","unstructured":"Elgue, M. (2004). El Desarrollo Local Asociativo. Universidad Nacional de Quilmes. http:\/\/municipios.unq.edu.ar\/modules\/mislibros\/archivos\/deslocalasoci.pdf"},{"key":"14391","unstructured":"El Tiempo. (20 de noviembre de 2020). Distrito de riego de Repel\u00f3n: \u00bfEjemplo de Reforma Agraria? https:\/\/www.eltiempo.com\/colombia\/barranquilla\/repelon-mantiene-recursos-liquidos-para-su-distrito-de-riego-718974"},{"key":"14392","unstructured":"GIZ - Cooperaci\u00f3n Alemana. y PROAGRO. (2012). PROAGRO: Modelos de Gesti\u00f3n. Bolivia: Programa de Desarrollo Agropecuario Sustentable. BIVICA Biblioteca Virtual de la Cooperaci\u00f3n Alemana. https:\/\/www.bivica.org\/file\/view\/id\/650"},{"key":"14393","unstructured":"Gobernaci\u00f3n del Atl\u00e1ntico. (25 de abril de 2022). Desarrollo Econ\u00f3mico. Boletines de Prensa, Gobernaci\u00f3n del Atl\u00e1ntico. https:\/\/acortar.link\/OTrIkJ"},{"key":"14394","unstructured":"Gobernaci\u00f3n de Cundinamarca. (2023). Directorio de Distritos de Riego. Secretar\u00eda de Agricultura. https:\/\/acortar.link\/GesTdw"},{"key":"14395","unstructured":"Instituto de Investigaci\u00f3n de Recursos Biol\u00f3gicos Alexander von Humboldt. (2023). Ordenamiento del territorio, agua y biodiversidad. http:\/\/www.humboldt.org.co\/es\/noticias\/zona-prensa\/editorial\/item\/1819-ordenamiento-del-territorio-agua-y-biodiversidad"},{"key":"14396","doi-asserted-by":"crossref","unstructured":"Hern\u00e1ndez, E., Amaya, J. y Ulloa, L. (2021). Distritos de riego. Alternativa sustentable para el desarrollo econ\u00f3mico del Alto Humea-Meta (Colombia). Bolet\u00edn Redipe, 10(1), 337-348.","DOI":"10.36260\/rbr.v10i1.1186"},{"key":"14397","unstructured":"Huertas, T., Su\u00e1rez, E., Salgado, M., Jad\u00e1n, L. y Jim\u00e9nez, B. (2020). Dise\u00f1o de un modelo de gesti\u00f3n. Base cient\u00edfica y pr\u00e1ctica para su elaboraci\u00f3n. Universidad y Sociedad, 12(1), 165-177."},{"key":"14398","doi-asserted-by":"crossref","unstructured":"Juan-P\u00e9rez, J. (2014). Uso y manejo de recursos naturales en los procesos agr\u00edcolas de una comunidad del subtr\u00f3pico mexicano. Progreso (Hidalgo), M\u00e9xico. Perspectivas Latinoamericanas, 11, 58-68.","DOI":"10.25145\/j.pasos.2013.11.021"},{"key":"14399","unstructured":"Mahecha, J. (2017). Generalidades de los Sistemas de Riego. UniMinuto. https:\/\/acortar.link\/G678Ix"},{"key":"14400","doi-asserted-by":"crossref","unstructured":"Marcelino, M., S\u00e1nchez, M. y Camacho, A. (2017). Bases te\u00f3rico-pr\u00e1cticas de un modelo de desarrollo sustentable para comunidades rurales con actividades agropecuarias. Agricultura, sociedad y desarrollo, 14(1), 47-59. http:\/\/www.scielo.org.mx\/scielo.php?script=sci_arttext&pid=S1870-54722017000100047&lng=es&tlng=es","DOI":"10.22231\/asyd.v14i1.522"},{"key":"14401","unstructured":"Mart\u00ednez, E., Torregroza, A., Casta\u00f1eda, D., Crissien, T. y Torres, F. (2018). El distrito de riego Repel\u00f3n: diagn\u00f3stico y evaluaci\u00f3n ambiental de la actividad agr\u00edcola. Libro Digital (1.\u00aa edici\u00f3n digital). EDUCOSTA. https:\/\/repositorio.cuc.edu.co\/handle\/11323\/5106"},{"key":"14402","unstructured":"Machado, A. (2001). El modelo de desarrollo agr\u00edcola. Apuntes del CENES, 20(31-32), 195-204."},{"key":"14403","unstructured":"Ministerio de Ambiente, Vivienda y Desarrollo Territorial [MAVDT]. (2010). Pol\u00edtica Nacional para la Gesti\u00f3n Integral del Recurso H\u00eddrico. Direcci\u00f3n de Ecosistemas \u2013 Grupo de Recurso H\u00eddrico. https:\/\/www.minambiente.gov.co\/wp-content\/uploads\/2021\/10\/Politica-nacional-Gestion-integral-de-recurso-Hidrico-web.pdf"},{"key":"14404","unstructured":"Molina, J. (2023). Modelo de Institucionalidad y Gesti\u00f3n para el Desarrollo Econ\u00f3mico Local de Departamentos y Municipios en Colombia. Subdirecci\u00f3n Nacional de Investigaciones - ESAP."},{"key":"14405","unstructured":"Molina, J. y Rodr\u00edguez, E. (2023). Proyecto de investigaci\u00f3n Modelos de Gesti\u00f3n y Desarrollo Econ\u00f3mico Local. Subdirecci\u00f3n Nacional de Investigaciones - ESAP."},{"key":"14406","doi-asserted-by":"crossref","unstructured":"Organizaci\u00f3n de las Naciones Unidas para la Alimentaci\u00f3n y la Agricultura [FAO], Uni\u00f3n Europea y CIRAD. (2022). Perfil de sistemas alimentarios: Colombia. Catalizar la transformaci\u00f3n sostenible e inclusiva de nuestros sistemas alimentarios. https:\/\/doi.org\/10.4060\/cc2298es","DOI":"10.4060\/cc2298es"},{"key":"14407","unstructured":"Real Academia Espa\u00f1ol [RAE]. (2023). Jag\u00fcey. Sin\u00f3nimos y Ant\u00f3nimos. Diccionario de la Real Academia Espa\u00f1ola. https:\/\/dle.rae.es\/jag%C3%BCey"},{"key":"14408","unstructured":"Raid\u00e1n, G. (2007). El desarrollo sustentable. Poblaci\u00f3n y Desarrollo, 34, 90-99. https:\/\/dialnet.unirioja.es\/servlet\/articulo?codigo=5654255"},{"key":"14409","unstructured":"Unidad de Planificaci\u00f3n Rural Agropecuaria [UPRA]. (2020). Plan Nacional de Riego. Resoluci\u00f3n 000311 de 2020. Ministerio de Agricultura y Desarrollo Rural \u201cPor lo cual se adopta el Plan Nacional de Riego 2020-2039\". https:\/\/www.minagricultura.gov.co\/Normatividad\/Resoluciones\/RESOLUCI%C3%93N%20NO.%20000311%20DE%202020.pdf"}],"container-title":["Administraci\u00f3n &amp; Desarrollo"],"link":[{"URL":"https:\/\/revistas.esap.edu.co\/index.php\/admindesarro\/article\/download\/931\/769","content-type":"application\/pdf","content-version":"vor","intended-application":"text-mining"},{"URL":"https:\/\/revistas.esap.edu.co\/index.php\/admindesarro\/article\/download\/931\/777","content-type":"text\/xml","content-version":"vor","intended-application":"text-mining"},{"URL":"https:\/\/revistas.esap.edu.co\/index.php\/admindesarro\/article\/download\/931\/769","content-type":"unspecified","content-version":"vor","intended-application":"similarity-checking"}],"deposited":{"date-parts":[[2025,12,31]],"date-time":"2025-12-31T19:48:56Z","timestamp":1767210536000},"score":0.0,"resource":{"primary":{"URL":"https:\/\/revistas.esap.edu.co\/index.php\/admindesarro\/article\/view\/931"}},"issued":{"date-parts":[[2024,9,4]]},"references-count":28,"journal-issue":{"issue":"2","published-online":{"date-parts":[[2024,7,1]]}},"URL":"https:\/\/doi.org\/10.22431\/25005227.931","ISSN":["2500-5227","0120-3754"],"issn-type":[{"type":"electronic","value":"2500-5227"},{"type":"print","value":"0120-3754"}],"published":{"date-parts":[[2024,9,4]]}},{"indexed":{"date-parts":[[2025,12,31]],"date-time":"2025-12-31T20:05:46Z","timestamp":1767211546259,"version":"3.48.0"},"reference-count":55,"publisher":"Escuela Superior de Administracion Publica","issue":"1","license":[{"start":{"date-parts":[[2022,6,30]],"date-time":"2022-06-30T00:00:00Z","timestamp":1656547200000},"content-version":"unspecified","delay-in-days":0,"URL":"https:\/\/creativecommons.org\/licenses\/by-nc-sa\/4.0"}],"content-domain":{"domain":[],"crossmark-restriction":false},"short-container-title":["Adm. Desarro."],"abstract":"<jats:p>This document exposes the situation of women who have suffered war and violence in Colombian territory, deepening and exposing the problem that aggravates not only the different forms of violence such as physical, sexual and psychological, but also the discrimination that they suffer. In addition, the impact of the internal conflicts that still afflict the Colombian population and the way in which security guarantees are stalled are studied. On the other hand, the report includes the analysis for the control of arms in commercial matters and those peace initiatives that the Colombian state has implemented and provides both general and specific recommendations in terms of peace and security. The recommendations are made around permanent surveillance and verification, the destruction of conventional weapons, explosive elements and ammunition with the proper registration. It is concluded that it is necessary to carry out a proper control of weapons, establishing custody protocols (guarantees of non-proliferation) so that they do not re-enter new models of common and\/or armed crime, in the same way, more security guarantees must be offered. with a broad approach, for female ex-combatants: maintain unarmed, unarmed international observers who have experience in gender issues.<\/jats:p>","DOI":"10.22431\/25005227.vol52n1.9","type":"journal-article","created":{"date-parts":[[2022,12,8]],"date-time":"2022-12-08T07:30:35Z","timestamp":1670484635000},"page":"143-161","source":"Crossref","is-referenced-by-count":0,"title":["Los hilos sueltos de la paz y la violencia armada: mujeres, paz y seguridad","Loose threads on peace and armed violence: women, peace and security"],"prefix":"10.22431","volume":"52","author":[{"ORCID":"https:\/\/orcid.org\/0000-0002-7022-7919","authenticated-orcid":false,"given":"Jean Carlo","family":"Mej\u00eda Azuero","sequence":"first","affiliation":[],"role":[{"role":"author","vocabulary":"crossref"}]},{"ORCID":"https:\/\/orcid.org\/0000-0002-4357-3541","authenticated-orcid":false,"given":"Ang\u00e9lica del Pilar","family":"Su\u00e1rez Mendoza","sequence":"additional","affiliation":[],"role":[{"role":"author","vocabulary":"crossref"}]},{"ORCID":"https:\/\/orcid.org\/0000-0002-1581-175X","authenticated-orcid":false,"given":"Nesly Edilma","family":"Rey Cruz","sequence":"additional","affiliation":[],"role":[{"role":"author","vocabulary":"crossref"}]}],"member":"9723","published-online":{"date-parts":[[2022,6,30]]},"reference":[{"key":"6152","unstructured":"Alexi\u00e9vich, S. (1985). La guerra no tiene rostro de mujer. Debate. https:\/\/cursoshistoriavdemexico.files.wordpress.com\/2018\/09\/alexiev-svetlana-la-guerra-no-tiene-rostro-de-mujer-historia-de-las-mujeres-del-ejercito-rojo-1.pdf"},{"key":"6153","unstructured":"Asamblea Nacional Constituyente. (1991). Constituci\u00f3n Pol\u00edtica de Colombia. Gaceta Constitucional 116 de julio 20 de 1991."},{"key":"6154","unstructured":"Banco Mundial. (2018). Homicidios intencionales (por cada 100.000 habitantes). Banco Mundial."},{"key":"6155","unstructured":"Centro de Estudios Latinoamericanos sobre Inseguridad y Violencia. CELIV. (2017). Bolet\u00edn n.\u00b0 8. Centro de Estudios Latinoamericanos sobre Inseguridad y Violencia."},{"key":"6156","unstructured":"Centro de Recursos para el An\u00e1lisis del Conflicto. CERAC. (2017). Monitor del cese del fuego bilateral y de hostilidades: reporte flnal. CERAC."},{"key":"6157","unstructured":"Centro Regional de las Naciones Unidas para la Paz, el Desarme y el Desarrollo en Am\u00e9rica Latina y el Caribe. UNLIREC. (2017). Primer Simposio sobre mujeres y seguridad de UNLIREC se llev\u00f3 a cabo en Per\u00fa para m\u00e1s de 40 mujeres \u201cFuerzas de Cambio\u201d de la Regi\u00f3n. UNLIREC."},{"key":"6158","unstructured":"Centro Regional de las Naciones Unidas para la Paz, el Desarme y el Desarrollo en Am\u00e9rica Latina y el Caribe. UNLIREC. (2021). Encuentro Regional \u201cA 20 a\u00f1os de la adopci\u00f3n del programa de acci\u00f3n sobre armas peque\u00f1as y ligeras (PoA): avances y desaf\u00edos en la inclusi\u00f3n de las consideraciones de g\u00e9nero. UNLIREC."},{"key":"6159","unstructured":"Colprensa. (2016). Alquiler de armas, el bajo costo del delito. El Universal. https:\/\/www.eluniversal.com.co\/colombia\/cucuta\/alquiler-de-armas-el-bajo-costo-del-delito-219713-OREU324138."},{"key":"6160","unstructured":"Comisi\u00f3n de la Verdad Colombia. (2018). La violencia sexual por cuenta del conflicto armado era un tab\u00fa. No se hablaba de este delito: lideresa del Pac\u00edflco. https:\/\/web.comisiondelaverdad.co\/actualidad\/noticias\/la-violencia-sexual-por-cuenta-del-conflicto-armado-era-un-tabu-no-se-hablaba-de-este-delito-lideresa-del-pacifico."},{"key":"6161","unstructured":"Comit\u00e9 Internacional de la Cruz Roja. (1996). Protocolo sobre prohibiciones o restricciones del empleo de minas, armas trampa y otros artefactos seg\u00fan fue enmendado el 3 de mayo de 1996 (Protocolo II). CICR. https:\/\/www.icrc.org\/es\/doc\/resources\/documents\/misc\/treaty-1980-cccw-protocol-2-amended-1996-5tdl6g.htm."},{"key":"6162","unstructured":"Comit\u00e9 Internacional de la Cruz Roja. (2003). Protocolo V sobre los restos explosivos de guerra (Protocolo V). CICR. https:\/\/www.icrc.org\/es\/doc\/resources\/documents\/misc\/treaty-1980-cccw-protocol-5-erw-5x6lck.htm."},{"key":"6163","unstructured":"Congreso de la Rep\u00fablica. (2002). Ley 737 de 2002. Por medio de la cual se aprueba la Convenci\u00f3n Interamericana contra la fabricaci\u00f3n y el tr\u00e1fico il\u00edcitos de armas de fuego, municiones, explosivos y otros materiales relacionados adoptada en Washington, D. C., el catorce de noviembre de mil novecientos noventa y siete (1997). 5 de marzo de 2002. Diario Oficial 44.734."},{"key":"6164","unstructured":"Congreso de la Rep\u00fablica. (2008). Ley 1257 de 2008. Por la cual se dictan normas de sensibilizaci\u00f3n, prevenci\u00f3n y sanci\u00f3n de formas de violencia y discriminaci\u00f3n contra las mujeres, se reforman los C\u00f3digos Penal, de Procedimiento Penal, la Ley 294 de 1996 y se dictan otras disposiciones. 4 de diciembre de 2008. Diario Oficial 47.193."},{"key":"6165","unstructured":"Congreso de la Rep\u00fablica. (2011). Ley 1448 de 2011. Por la cual se dictan medidas de atenci\u00f3n, asistencia y reparaci\u00f3n integral a las v\u00edctimas del conflicto armado interno y se dictan otras disposiciones. 10 de junio de 2011. Diario Oficial 48.096."},{"key":"6166","unstructured":"Congreso de la Rep\u00fablica. (2015). Ley 1761 de 2015. Por la cual se crea el tipo penal de feminicidio como delito aut\u00f3nomo y se dictan otras disposiciones. (Rosa Elvira Cely). 6 de julio de 2015. Diario Oficial 49.565."},{"key":"6167","unstructured":"Congreso de la Rep\u00fablica. (2016). Ley 1782 de 2016. Por medio de la cual se aprueba el \u201cTratado sobre el Comercio de Armas\u201d, adoptado por la Asamblea General de las Naciones Unidas mediante Resoluci\u00f3n 67\/234B de 2 de abril de 2013 y suscrito en la ciudad de Nueva York, el 24 de septiembre de 2013. 20 de mayo de 2016. Diario Oficial 49.879."},{"key":"6168","unstructured":"Congreso de la Rep\u00fablica. (2019). Ley 1957 de 2019. Estatutaria de la Administraci\u00f3n de Justicia en la Jurisdicci\u00f3n Especial para la Paz. 6 de junio de 2019. Diario Oficial 50.976."},{"key":"6169","unstructured":"Corcho, G. (2017). Desmantelan \u201coflcina de alquiler de armas\u201d en Rebolo. https:\/\/www.elheraldo.co\/judicial\/desmantelan-oficina-de-alquiler-de-armas-en-rebolo-319540."},{"key":"6170","unstructured":"Corporaci\u00f3n Sisma Mujer. (2017). Del fln de la guerra a la erradicaci\u00f3n de la violencia sexual contra las mujeres: un reto para la paz. Comportamiento de la violencia sexual contra ni\u00f1as y mujeres en Colombia durante 2016. Bolet\u00edn n.\u00b0 12. Sisma Mujer."},{"key":"6171","unstructured":"Corte Constitucional de Colombia. (1995). Sentencia C296 de julio 6. M. P. Cifuentes Mu\u00f1oz, E."},{"key":"6172","unstructured":"Corte Constitucional de Colombia. (2013). Sentencia T078 de febrero 14. M. P. Mendoza Martelo, G."},{"key":"6173","unstructured":"Corte Constitucional de Colombia. (2017). Sentencia C-047 de febrero 1. M. P. Vargas Silva, L."},{"key":"6174","unstructured":"Delgado, J. (2020). M\u00e1s de 700 condenas por feminicidio en 5 a\u00f1os gracias a Ley Rosa Elvira Cely. El Pa\u00eds. https:\/\/www.elpais.com.co\/judicial\/mas-de-700-condenas-por-feminicidio-en-5-anos-gracias-a-ley-rosa-elvira-cely.html"},{"key":"6175","unstructured":"Direcci\u00f3n para la Acci\u00f3n Integral contra Minas Antipersonal. AICMA. (2022). Estad\u00edsticas de Asistencia Integral a las V\u00edctimas de MAP y MUSE. Acci\u00f3n Contraminas."},{"key":"6176","unstructured":"Dworkin, R. (1977). Los derechos en serio. Gerald Duckworth & Co."},{"key":"6177","unstructured":"El Espectador. (2016). En Colombia hay cuatro feminicidios al d\u00eda, la impunidad es del 90 %. El Espectador. https:\/\/www.elespectador.com\/colombia\/mas-regiones\/en-colombia-hay-cuatro-feminicidios-al-dia-la-impunidad-es-del-90-article-613624\/"},{"key":"6178","unstructured":"Escuela Nacional Sindical. (2021). Cuaderno sindical Proceso de Paz en Colombia y sus implicaciones en el trabajo decente y la Agenda 2030. Fundaci\u00f3n Primero de Mayo de la Confederaci\u00f3n Sindical de Comisiones Obreras."},{"key":"6179","unstructured":"Gonz\u00e1lez, A., Mora, A., Jim\u00e9nez, C., Mu\u00f1oz, C., Fajardo, D., Machuca, D., Carrero, D., Santiago, E., Toloza, F., M\u00e9ndez, J., Silva, J., Puello-Socarr\u00e1s, J., Torres-Henao, J., Montero, L., Naranjo, S. y Nijmeijer, T. (2019). El acuerdo de paz en Colombia. Entre la perfldia y la potencia transformadora. CLACSO."},{"key":"6180","unstructured":"Indepaz. (2021). Masacres cometidas en Colombia durante el 2020, 2021 y 2022. Indepaz."},{"key":"6181","unstructured":"Instituto Nacional de Medicina Legal y Ciencias Forenses. (2021). Bolet\u00edn estad\u00edstico mensual diciembre 2021. INMLCF."},{"key":"6182","unstructured":"L\u00f3pez, R. (2017). Comercio de armas movi\u00f3 US$31,8 millones en el 2016. Portafolio. co. https:\/\/www.portafolio.co\/negocios\/millonario-negocio-de-armas-en-colombia-502620"},{"key":"6183","doi-asserted-by":"crossref","unstructured":"Mej\u00eda, J., Su\u00e1rez, A. y Rey, N. (2020). Municiones en Colombia. Aspectos generales normativos. Administraci\u00f3n & Desarrollo, 50(1), 74-112.","DOI":"10.22431\/25005227.vol50n1.4"},{"key":"6184","unstructured":"OEA. (1969). Convenci\u00f3n Americana sobre Derechos Humanos Suscrita en la Conferencia Especializada Interamericana sobre Derechos Humanos (B-32). 24. https:\/\/www.oas.org\/dil\/esp\/tratados_B-32_Convencion_Americana_sobre_Derechos_Humanos.pdf"},{"key":"6185","unstructured":"OEA. (1994). Convenci\u00f3n Interamericana para Prevenir, Sancionar y Erradicar la Violencia contra la Mujer. Convenci\u00f3n Bel\u00e9m do Par\u00e1. Comisi\u00f3n Nacional de los Derechos Humanos. https:\/\/www.cndh.org.mx\/sites\/all\/doc\/programas\/mujer\/Material_difusion\/convencion_BelemdoPara.pdf"},{"key":"6186","unstructured":"OEA. (1997). Convenci\u00f3n Interamericana contra la Fabricaci\u00f3n y el Tr\u00e1flco Il\u00edcitos de Armas de Fuego, Municiones, Explosivos y otros Materiales relacionados. https:\/\/www.oas.org\/36ag\/espanol\/doc_referencia\/Convencion_CIFTA.pdf"},{"key":"6187","unstructured":"OEA. (2021). Programa de acci\u00f3n integral en armas peque\u00f1as y ligeras. OEA. https:\/\/www.oas.org\/es\/sms\/dps\/prog-pacam.asp"},{"key":"6188","unstructured":"ONU. (2001a). Conferencia internacional de las Naciones Unidas sobre el comercio il\u00edcito de armas en todos sus aspectos. ONU. https:\/\/www.un.org\/es\/conf\/smallarms\/about.htm"},{"key":"6189","unstructured":"ONU. (2001b). Protocolo contra la fabricaci\u00f3n y el tr\u00e1flco il\u00edcitos de armas de fuego, sus piezas y componentes y municiones, que complementa la convenci\u00f3n de las Naciones Unidas contra la delincuencia organizada transnacional. Naciones Unidas."},{"key":"6190","unstructured":"ONU. (2013). 68\u00b0 Per\u00edodo de Sesiones. Orden del d\u00eda y programa de trabajo. Naciones Unidas. https:\/\/www.un.org\/es\/ga\/68\/agenda\/"},{"key":"6191","unstructured":"ONU. (2014). Tratado sobre el comercio de las armas. Naciones Unidas. https:\/\/thearmstradetreaty.org\/hyper-images\/file\/TratadosobreelComerciodeArmas\/TratadosobreelComerciodeArmas.pdf?templateId=137280"},{"key":"6192","unstructured":"ONU. (2018). Compendio de implementaci\u00f3n modular de control de armas peque\u00f1as. Ni\u00f1os, adolescentes, j\u00f3venes y armas peque\u00f1as y ligeras. MOSAIC. https:\/\/iansa.org\/wp-content\/uploads\/2021\/04\/MOSAIC-06.20-2018SV1.0.pdf"},{"key":"6193","unstructured":"ONU. (2019). El comercio il\u00edcito de armas peque\u00f1as y armas ligeras en todos sus aspectos. Naciones Unidas."},{"key":"6194","unstructured":"ONU. (2021). Bolet\u00edn informativo n.\u00b0 7. UNODA. https:\/\/www.un.org\/disarmament\/es\/boletin-informativo-no-7-oct-2021\/"},{"key":"6195","unstructured":"Polic\u00eda Nacional de Colombia y Direcci\u00f3n Central de Polic\u00eda Judicial. (2004). El control de las armas ligeras: retos y desaf\u00edos para el nuevo mileno. Revista Criminalidad Colombia, 1(47), 60-73."},{"key":"6196","unstructured":"Presidencia de la Rep\u00fablica. (2006). Decreto 4508 por el cual se establece el Comit\u00e9 de Coordinaci\u00f3n Nacional para la Prevenci\u00f3n, Combate y Erradicaci\u00f3n del Tr\u00e1flco Il\u00edcito de Armas Peque\u00f1as y Ligeras en todos sus Aspectos. https:\/\/www.funcionpublica.gov.co\/eva\/gestornormativo\/norma.php?i=22462"},{"key":"6197","unstructured":"Procuradur\u00eda General de la Naci\u00f3n. (2020). Segundo informe al Congreso sobre el estado de avance de la implementaci\u00f3n del acuerdo de paz. Procuradur\u00eda General de la Naci\u00f3n."},{"key":"6198","unstructured":"Revelo, A. (2020). Comportamiento del homicidio. Colombia 2020. Forensis, 84-128."},{"key":"6199","unstructured":"Consejo de Seguridad de las Naciones Unidas. (2000). Resoluci\u00f3n 1325 de 2000. Aprobada por el Consejo de Seguridad en su sesi\u00f3n 4213\u00aa, celebrada el 31 de octubre de 2000. https:\/\/acnur.org\/fileadmin\/Documentos\/BDL\/2006\/1759.pdf"},{"key":"6200","unstructured":"Revista Semana. (2002). Se alquilan para matar. Semana.com. https:\/\/www.semana.com\/nacion\/articulo\/se-alquilan-para-matar\/54786-3\/"},{"key":"6201","unstructured":"Ronderos, K., Salcedo, D., Tibaduiza, Z., Chaves, V., Rojas, M. y Ariza, E. (2016). Desarmando la vida. Reflexiones sobre la Resoluci\u00f3n 1325, El desarme y las mujeres en Colombia. Limpal Colombia."},{"key":"6202","doi-asserted-by":"crossref","unstructured":"Sanjurjo, D. (2021). Las pol\u00edticas de control de armas peque\u00f1as en Am\u00e9rica Latina. Revista Latinoamericana de Estudios de Seguridad, (30), 73-91.","DOI":"10.17141\/urvio.30.2021.4556"},{"key":"6203","doi-asserted-by":"crossref","unstructured":"Small Arms Survey. (2012). Pieza por pieza. La transferencia l\u00edcita de piezas de repuesto y accesorios. https:\/\/www.smallarmssurvey.org\/sites\/default\/files\/resources\/Small-Arms-Survey-2012-Chapter-8-summary-SPA.pdf.","DOI":"10.1017\/CBO9781139013925"},{"key":"6204","unstructured":"Swissinfo. (2022). En 2021 hubo 210 feminicidios en Colombia, la cifra m\u00e1s alta de \u00faltimos a\u00f1os. SWI swissinfo.ch. https:\/\/www.swissinfo.ch\/spa\/colombia-feminicidios_en-2021-hubo-210-feminicidios-en-colombia--la-cifra-m%C3%A1s-alta-de-%C3%BAltimos-a%C3%B1os\/47418486"},{"key":"6205","unstructured":"Unidad de V\u00edctimas. (2017). En Colombia, 414.000 mujeres afrodescendientes son v\u00edctimas de desplazamiento forzado. https:\/\/www.unidadvictimas.gov.co\/es\/enfoques-diferenciales\/en-colombia-414000-mujeres-afrodescendientes-son-victimas-de-desplazamiento"},{"key":"6206","unstructured":"V\u00e1squez, J. (2017). Comercio y tr\u00e1flco de armas peque\u00f1as y ligeras: an\u00e1lisis sist\u00e9mico de un problema global [Trabajo de Grado]. Universidad Externado de Colombia."}],"container-title":["Administraci\u00f3n &amp; Desarrollo"],"link":[{"URL":"https:\/\/revistas.esap.edu.co\/index.php\/admindesarro\/article\/download\/782\/736","content-type":"application\/pdf","content-version":"vor","intended-application":"text-mining"},{"URL":"https:\/\/revistas.esap.edu.co\/index.php\/admindesarro\/article\/download\/782\/748","content-type":"text\/xml","content-version":"vor","intended-application":"text-mining"},{"URL":"https:\/\/revistas.esap.edu.co\/index.php\/admindesarro\/article\/download\/782\/632","content-type":"unspecified","content-version":"vor","intended-application":"similarity-checking"}],"deposited":{"date-parts":[[2025,12,31]],"date-time":"2025-12-31T20:01:22Z","timestamp":1767211282000},"score":0.0,"resource":{"primary":{"URL":"https:\/\/revistas.esap.edu.co\/index.php\/admindesarro\/article\/view\/782"}},"issued":{"date-parts":[[2022,6,30]]},"references-count":55,"journal-issue":{"issue":"1","published-online":{"date-parts":[[2022,6,30]]}},"URL":"https:\/\/doi.org\/10.22431\/25005227.vol52n1.9","ISSN":["2500-5227","0120-3754"],"issn-type":[{"type":"electronic","value":"2500-5227"},{"type":"print","value":"0120-3754"}],"published":{"date-parts":[[2022,6,30]]}},{"indexed":{"date-parts":[[2022,4,5]],"date-time":"2022-04-05T23:20:30Z","timestamp":1649200830755},"reference-count":0,"publisher":"Escuela Superior de Administracion Publica","issue":"60","license":[{"start":{"date-parts":[[2014,12,20]],"date-time":"2014-12-20T00:00:00Z","timestamp":1419033600000},"content-version":"unspecified","delay-in-days":0,"URL":"http:\/\/creativecommons.org\/licenses\/by-nc-nd\/4.0"}],"content-domain":{"domain":[],"crossmark-restriction":false},"short-container-title":["Adm. Desarro."],"abstract":"<jats:p>En este art\u00edculo se analiza la influencia de las barreras log\u00edsticas a la exportaci\u00f3n en las peque\u00f1as y medianas empresas en Colombia. Por medio de una muestra de 401 pymes colombianas, se estima un modelo de redes neuronales que permite identificar la falta de los canales de distribuci\u00f3n en el exterior, la dificultad en el manejo de documentos y procedimientos for\u00e1neos, y la diferencia de est\u00e1ndares y\/o especificaciones de productos en el extranjero, como principales barreras log\u00edsticas. Adem\u00e1s se encuentra que las pymes presentan alta dependencia en el entorno log\u00edstico nacional y por esto, son mayores los obst\u00e1culos que enfrentan en el mercado internacional que deben superarse para lograr el \u00e9xito en sus exportaciones.<\/jats:p>","DOI":"10.22431\/25005227.82","type":"journal-article","created":{"date-parts":[[2017,7,5]],"date-time":"2017-07-05T16:06:06Z","timestamp":1499270766000},"page":"26-45","source":"Crossref","is-referenced-by-count":0,"title":["Barreras log\u00edsticas a la exportaci\u00f3n de las pymes en Colombia"],"prefix":"10.22431","volume":"44","author":[{"given":"Diana Marcela","family":"Escand\u00f3n","sequence":"first","affiliation":[],"role":[{"role":"author","vocabulary":"crossref"}]},{"given":"Andrea","family":"Hurtado Ayala","sequence":"additional","affiliation":[],"role":[{"role":"author","vocabulary":"crossref"}]},{"given":"Jairo Antonio","family":"Salas P\u00e1ramo","sequence":"additional","affiliation":[],"role":[{"role":"author","vocabulary":"crossref"}]}],"member":"9723","published-online":{"date-parts":[[2014,12,20]]},"container-title":["Administraci\u00f3n &amp; Desarrollo"],"link":[{"URL":"https:\/\/revistas.esap.edu.co\/index.php\/admindesarro\/article\/download\/82\/pdf","content-type":"application\/pdf","content-version":"vor","intended-application":"text-mining"},{"URL":"https:\/\/revistas.esap.edu.co\/index.php\/admindesarro\/article\/download\/82\/pdf","content-type":"unspecified","content-version":"vor","intended-application":"similarity-checking"}],"deposited":{"date-parts":[[2021,11,12]],"date-time":"2021-11-12T19:11:19Z","timestamp":1636744279000},"score":0.0,"resource":{"primary":{"URL":"https:\/\/revistas.esap.edu.co\/index.php\/admindesarro\/article\/view\/82"}},"issued":{"date-parts":[[2014,12,20]]},"references-count":0,"journal-issue":{"issue":"60","published-online":{"date-parts":[[2014,12,20]]}},"URL":"https:\/\/doi.org\/10.22431\/25005227.82","ISSN":["2500-5227","0120-3754"],"issn-type":[{"value":"2500-5227","type":"electronic"},{"value":"0120-3754","type":"print"}],"published":{"date-parts":[[2014,12,20]]}},{"indexed":{"date-parts":[[2022,3,31]],"date-time":"2022-03-31T11:28:44Z","timestamp":1648726124700},"reference-count":0,"publisher":"Escuela Superior de Administracion Publica","issue":"57","license":[{"start":{"date-parts":[[2013,11,1]],"date-time":"2013-11-01T00:00:00Z","timestamp":1383264000000},"content-version":"unspecified","delay-in-days":0,"URL":"http:\/\/creativecommons.org\/licenses\/by-nc-nd\/4.0"}],"content-domain":{"domain":[],"crossmark-restriction":false},"short-container-title":["Adm. Desarro."],"abstract":"<jats:p>El documento analiza el gasto p\u00fablico en dos momentos o periodos del gobierno en M\u00e9xico, el sexenio 2000-2006 y 2007 al primer semestre del 2011, contrastando los usos de los recursos del sector p\u00fablico, de acuerdo con su clasificaci\u00f3n b\u00e1sica. Se revisa la evoluci\u00f3n del gasto p\u00fablico, as\u00ed como su distribuci\u00f3n, incluyendo las aportaciones y participaciones a entidades federativas, Distrito Federal y municipios, as\u00ed como las reasignaciones resultantes de las disponibilidades presupuestarias originadas por el subejercicio en las distintas dependencias. En el sexenio 2000-2006 los ingresos petroleros permitieron un crecimiento en el gasto p\u00fablico. El subejercicio presupuestario persiste en los dos gobiernos analizados, incumpliendo metas establecidas<\/jats:p>","DOI":"10.22431\/25005227.116","type":"journal-article","created":{"date-parts":[[2017,7,5]],"date-time":"2017-07-05T16:06:06Z","timestamp":1499270766000},"page":"31-43","source":"Crossref","is-referenced-by-count":0,"title":["An\u00e1lisis del ejercicio federal presupuestal del 2000 comparado vs. el que se lleva ejercido hasta el primer semestre del 2011"],"prefix":"10.22431","volume":"41","author":[{"given":"Jorge Mart\u00edn","family":"Cordero Torres","sequence":"first","affiliation":[],"role":[{"role":"author","vocabulary":"crossref"}]}],"member":"9723","published-online":{"date-parts":[[2013,11,1]]},"container-title":["Administraci\u00f3n &amp; Desarrollo"],"link":[{"URL":"https:\/\/revistas.esap.edu.co\/index.php\/admindesarro\/article\/download\/116\/pdf","content-type":"application\/pdf","content-version":"vor","intended-application":"text-mining"},{"URL":"https:\/\/revistas.esap.edu.co\/index.php\/admindesarro\/article\/download\/116\/pdf","content-type":"unspecified","content-version":"vor","intended-application":"similarity-checking"}],"deposited":{"date-parts":[[2021,11,12]],"date-time":"2021-11-12T19:11:53Z","timestamp":1636744313000},"score":0.0,"resource":{"primary":{"URL":"https:\/\/revistas.esap.edu.co\/index.php\/admindesarro\/article\/view\/116"}},"issued":{"date-parts":[[2013,11,1]]},"references-count":0,"journal-issue":{"issue":"57","published-online":{"date-parts":[[2013,11,1]]}},"URL":"https:\/\/doi.org\/10.22431\/25005227.116","ISSN":["2500-5227","0120-3754"],"issn-type":[{"value":"2500-5227","type":"electronic"},{"value":"0120-3754","type":"print"}],"published":{"date-parts":[[2013,11,1]]}},{"indexed":{"date-parts":[[2022,3,31]],"date-time":"2022-03-31T08:43:27Z","timestamp":1648716207657},"reference-count":0,"publisher":"Escuela Superior de Administracion Publica","issue":"51","license":[{"start":{"date-parts":[[2009,6,29]],"date-time":"2009-06-29T00:00:00Z","timestamp":1246233600000},"content-version":"unspecified","delay-in-days":0,"URL":"http:\/\/creativecommons.org\/licenses\/by-nc-nd\/4.0"}],"content-domain":{"domain":[],"crossmark-restriction":false},"short-container-title":["Adm. Desarro."],"abstract":"<jats:p>El prop\u00f3sito de este art\u00edculo es presentar y evaluar una experiencia piloto de transformaci\u00f3n de una ciudad a partir de un proceso de innovaci\u00f3n en la gesti\u00f3n p\u00fablica.Se analiza el Plan \u201cBogot\u00e1 2000\u201d, con el cual se formul\u00f3 un diagn\u00f3stico compartido y unas l\u00edneas y proyectos estrat\u00e9gicos, con base en un nuevo enfoque metodol\u00f3gico proactivo y una estrategia de comunicaci\u00f3n y mercadeo. Los principales hallazgos revelan los procesos ocultos que posibilitaron la metamorfosis de Bogot\u00e1 y que la llevaron a convertirse en referente internacional y a recibir m\u00e1s de una decena de distinciones por su gran transformaci\u00f3n.Esta experiencia, desarrollada en un laboratorio vivo en gran escala, puede tener repercusiones favorables en la gesti\u00f3n p\u00fablica de otras ciudades de Ibero Am\u00e9rica y el mundo, de acuerdo a las condiciones concretas de cada plataforma urbana.<\/jats:p>","DOI":"10.22431\/25005227.349","type":"journal-article","created":{"date-parts":[[2017,7,5]],"date-time":"2017-07-05T16:06:06Z","timestamp":1499270766000},"page":"21-38","source":"Crossref","is-referenced-by-count":0,"title":["Metamorfosis de Bogot\u00e1, D. C. Gesti\u00f3n p\u00fablica competitiva e innovadora de una regi\u00f3n"],"prefix":"10.22431","volume":"37","author":[{"given":"Yezid","family":"Soler Barbosa","sequence":"first","affiliation":[],"role":[{"role":"author","vocabulary":"crossref"}]}],"member":"9723","published-online":{"date-parts":[[2009,6,29]]},"container-title":["Administraci\u00f3n &amp; Desarrollo"],"link":[{"URL":"https:\/\/revistas.esap.edu.co\/index.php\/admindesarro\/article\/download\/349\/pdf","content-type":"application\/pdf","content-version":"vor","intended-application":"text-mining"},{"URL":"https:\/\/revistas.esap.edu.co\/index.php\/admindesarro\/article\/download\/349\/pdf","content-type":"unspecified","content-version":"vor","intended-application":"similarity-checking"}],"deposited":{"date-parts":[[2021,11,12]],"date-time":"2021-11-12T19:13:23Z","timestamp":1636744403000},"score":0.0,"resource":{"primary":{"URL":"https:\/\/revistas.esap.edu.co\/index.php\/admindesarro\/article\/view\/349"}},"issued":{"date-parts":[[2009,6,29]]},"references-count":0,"journal-issue":{"issue":"51","published-online":{"date-parts":[[2009,6,29]]}},"URL":"https:\/\/doi.org\/10.22431\/25005227.349","ISSN":["2500-5227","0120-3754"],"issn-type":[{"value":"2500-5227","type":"electronic"},{"value":"0120-3754","type":"print"}],"published":{"date-parts":[[2009,6,29]]}},{"indexed":{"date-parts":[[2023,11,13]],"date-time":"2023-11-13T00:19:10Z","timestamp":1699834750962},"reference-count":31,"publisher":"Escuela Superior de Administracion Publica","issue":"2","license":[{"start":{"date-parts":[[2018,12,1]],"date-time":"2018-12-01T00:00:00Z","timestamp":1543622400000},"content-version":"unspecified","delay-in-days":0,"URL":"http:\/\/creativecommons.org\/licenses\/by-nc-nd\/4.0"}],"content-domain":{"domain":[],"crossmark-restriction":false},"short-container-title":["Adm. Desarro."],"abstract":"<jats:p>La reintegraci\u00f3n pol\u00edtica es una categor\u00eda anal\u00edtica en construcci\u00f3n. A trav\u00e9s de ella, se han manifestado espacios conducentes a la participaci\u00f3n de distintos grupos armados al margen de la Ley a la vida p\u00fablica. En efecto, el actual partido pol\u00edtico colombiano, Alianza Social Independiente, cuyo origen es el desaparecido grupo guerrillero Quint\u00edn Lame, es un ejemplo de la transici\u00f3n y temporalidad pol\u00edtico-militares a situaciones en las cuales, ofrece dilemas de suma en el juego de la democracia. El presente ejercicio anal\u00edtico permite a trav\u00e9s de diferentes dimensiones develar en t\u00e9rminos de participaci\u00f3n, el uso del poder pol\u00edtico e inclusividad como algunas de sus principales caracter\u00edsticas.<\/jats:p>","DOI":"10.22431\/25005227.vol48n2.7","type":"journal-article","created":{"date-parts":[[2021,11,7]],"date-time":"2021-11-07T20:52:27Z","timestamp":1636318347000},"page":"182-206","source":"Crossref","is-referenced-by-count":0,"title":["Riesgos y oportunidades en los procesos de reintegraci\u00f3n pol\u00edtica de la insurgencia en Colombia: el caso del movimiento armado Quint\u00edn Lame"],"prefix":"10.22431","volume":"48","author":[{"given":"Diego Andr\u00e9s","family":"Guevara Fletcher","sequence":"first","affiliation":[],"role":[{"role":"author","vocabulary":"crossref"}]},{"given":"Edward","family":"Meneses Jim\u00e9nez","sequence":"additional","affiliation":[],"role":[{"role":"author","vocabulary":"crossref"}]}],"member":"9723","published-online":{"date-parts":[[2018,12,1]]},"reference":[{"key":"528","unstructured":"Alianza Social Ind\u00edgena. (s.f.) Estatutos. Bogot\u00e1: Mimeo."},{"key":"529","unstructured":"Al-Qaisi, W. (2013) Negotiating Disarmament and Demobilization (DDR) as a Strategy: Iraq as a Case Study. Recuperado de http:\/\/aladinrc.wrlc.org\/handle\/1961\/15092"},{"key":"530","unstructured":"Ballester, L., & Orte, C. & Oliver, J. (2003). \u201cAn\u00e1lisis cualitativo de entrevistas\u201d. N\u00f3madas. (18), pp. 140-149."},{"key":"531","unstructured":"Bardin, L.(1986). An\u00e1lisis del contenido. Akal: Madrid."},{"key":"532","unstructured":"Basset, Y. (2011). \u201cLas circunscripciones especiales: \u00bfUnas instituciones obsoletas?\u201d Revista An\u00e1lisis Pol\u00edtico. (72), pp. 43-60."},{"key":"533","unstructured":"Botero, F., Losada, R. & Wills, L. (2011). \u201cSistema de partidos en Colombia 1974-2010: \u00bfla evoluci\u00f3n hacia el multipartidismo?\u201d. Borrador de cap\u00edtulo para Alc\u00e1ntara, M. & Freidenberg, F. (Comp.) Estabilidad y cambio en los sistemas de partidos en Am\u00e9rica Latina (1978-2010). Recuperado de http:\/\/americo.usal.es\/iberoame\/sites\/default\/files\/botero_losada_wills_colombia.pdf"},{"key":"534","doi-asserted-by":"crossref","unstructured":"Bowd, R., & \u00d6zerdem, A. (2013). \u201cHow to Assess Social Reintegration of Ex-Combatants\u201d. Journal of Intervention and Statebuilding (ahead-of-print), pp. 1-23.","DOI":"10.1080\/17502977.2012.727537"},{"key":"535","unstructured":"Bushnell, D. (2011). Colombia: una naci\u00f3n a pesar de s\u00ed misma : nuestra historia desde los tiempos precolombinos hasta hoy (Novena edici\u00f3n). Planeta: Bogot\u00e1."},{"key":"536","doi-asserted-by":"crossref","unstructured":"Call, Ch. (2012) Why Peace Fails: The Causes and Prevention of Civil War Recurrence. Georgetown University Press: Georgetown.","DOI":"10.1353\/book14243"},{"key":"537","doi-asserted-by":"crossref","unstructured":"Capone, F. (2017). \u201cAn Overview of the DDR Process Established in the Aftermath of the Revised Peace Agreement between the Colombian Government and the FARC: Finally on the Right Track?\u201d. Global Jurist 18 (1), pp. https:\/\/doi.org\/10.1515\/gj-2017-000.","DOI":"10.1515\/gj-2017-0007"},{"key":"538","unstructured":"Duque Daza, J. (2012a). \u00bfDe qu\u00e9 se ocupan los polit\u00f3logos? Programa Editorial Univalle. 2012b). La subpoliarqu\u00eda colombiana. Deficiencias estatales, democracia deficitaria. Desaf\u00edos. 24 (1), pp. 175-229."},{"key":"539","doi-asserted-by":"crossref","unstructured":"Gago, E. (2016). \u201cAproximaci\u00f3n te\u00f3rica a los conceptos de construcci\u00f3n de paz y posconflicto armado\u201d, pp. 23-36. En Barreto Henriques, M. & Universidad de Bogot\u00e1 Jorge Tadeo Lozano (Eds.). Experiencias internacionales de paz: lecciones aprendidas para Colombia, pp. 53-71). UTADEO, Universidad de Bogot\u00e1 Jorge Tadeo Lozano, Facultad de Ciencias Sociales, Departamento de Ciencias Pol\u00edticas y Relaciones Internacionales: Bogot\u00e1.","DOI":"10.2307\/j.ctv2175hsk.4"},{"key":"540","doi-asserted-by":"crossref","unstructured":"Herrera, D., & Gonz\u00e1lez, P. (2013). Estado del arte del DDR en Colombia frente a los est\u00e1ndares internacionales en DDR (IDDRS). Colombia Internacional (77), pp. 272-302. DOI: https:\/\/doi.org\/10.7440\/colombiaint77.2013.10","DOI":"10.7440\/colombiaint77.2013.10"},{"key":"541","unstructured":"Kilroy, W. (2015). Disarmament, Demobilisation and Reintegration (DDR) as a Participatory Process: Involving Communities and Beneficiaries in Post-Conflict Disarmament Programs. Healthwell."},{"key":"542","unstructured":"Knight, M. (2008). Expanding the DDR Model: politics and Organizations. Journal of Security Sector Management. 6 (1), pp. 1-19"},{"key":"543","doi-asserted-by":"crossref","unstructured":"Laurent, V. (2005). Comunidades ind\u00edgenas, espacios pol\u00edticos y movilizaci\u00f3n electoral en Colombia, 1990-1998. IFEA-ICANH: Bogot\u00e1.","DOI":"10.4000\/books.ifea.4666"},{"key":"544","doi-asserted-by":"crossref","unstructured":"Munive, J., & Stepputat, F. (2015). \u201cRethinking Disarmament, Demobilization and Reintegration Programs\u201d. Stability: International Journal of Security and Development. 4 (1). Art. 48. DOI: https:\/\/doi.org\/10.5334\/sta.go","DOI":"10.5334\/sta.go"},{"key":"545","unstructured":"Pe\u00f1aranda Supelano, D. R., & S\u00e1nchez G\u00f3mez, G. (2015). Guerra propia, guerra ajena. Conflictos armados y reconstrucci\u00f3n identitaria en los Andes colombianos. El movimiento armado Quint\u00edn Lame. Bogot\u00e1 Centro Nacional de Memoria Hist\u00f3rica Universidad Nacional de Colombia, Instituto de Estudios Pol\u00edticos y Relaciones Internacionales. IEPRI."},{"key":"546","unstructured":"Pinto Molina, M. (1991). An\u00e1lisis documental: fundamentos y procedimientos. Eudema: Madrid."},{"key":"547","doi-asserted-by":"crossref","unstructured":"Rueda. (2016). Los procesos de desarme, desmovilizaci\u00f3n y reintegraci\u00f3n (DDR). En Barreto Henriques, M. & Universidad de Bogot\u00e1 Jorge Tadeo Lozano (Eds.). Experiencias internacionales de paz: lecciones aprendidas para Colombia, pp. 53-71). UTADEO, Universidad de Bogot\u00e1 Jorge Tadeo Lozano, Facultad de Ciencias Sociales, Departamento de Ciencias Pol\u00edticas y Relaciones Internacionales: Bogot\u00e1.","DOI":"10.2307\/j.ctv2175hsk.6"},{"key":"548","unstructured":"Santa Mar\u00eda, R. (1998). \u201cAspectos pol\u00edticos del Gobierno de Barco (1986-1990)\u201d. En Jaramillo Uribe, J. , Tirado Mej\u00eda, A., Melo, J. O. & Bejarano, J. A. (Eds.). Nueva historia de Colombia, pp. 83-106. Planeta: Bogot\u00e1."},{"key":"549","unstructured":"Silva, M. (1998). \u201cCarlos Gaviria: los a\u00f1os del revolc\u00f3n (1990-1994)\u201d. En Jaramillo Uribe, J. , Tirado Mej\u00eda, A., Melo, J. O. & Bejarano, J. A. (Eds.). Nueva historia de Colombia, pp. 83-106. Planeta: Bogot\u00e1."},{"key":"550","unstructured":"Steenken, C. (2017). Desarme, desmovilizaci\u00f3n y reintegraci\u00f3n (DDR): Descripci\u00f3n general pr\u00e1ctica. Recuperado de http:\/\/cdn.peaceopstraining.org\/course_promos\/ddr\/ddr_spanish.pdf"},{"key":"551","unstructured":"Stavenhagen, R. (2002). Identidad ind\u00edgena y multiculturalidad en Am\u00e9rica Latina. Araucaria. Revista Iberoamericana de Filosof\u00eda, Pol\u00edtica y Humanidades 4 (7)."},{"key":"552","unstructured":"Su\u00e1rez L\u00f3pez, B. (2016). \u201cAspectos Jur\u00eddicos\u201d. En M. Barreto Henriques & Universidad de Bogot\u00e1 Jorge Tadeo Lozano (Eds.). Experiencias internacionales de paz: lecciones aprendidas para Colombia, pp. 37-52. UTADEO, Universidad de Bogot\u00e1 Jorge Tadeo Lozano, Facultad de Ciencias Sociales, Departamento de Ciencias Pol\u00edticas y Relaciones Internacionales: Bogot\u00e1."},{"key":"553","unstructured":"Todorov, T. (2003). Nosotros y los otros. Reflexi\u00f3n sobre la diversidad humana. Siglo XXI: M\u00e9xico."},{"key":"554","doi-asserted-by":"crossref","unstructured":"Torjesen, S. (2013). Towards a theory of ex-combatant reintegration. Stability: International Journal of Security & Development 2 (3), pp. 1-13.","DOI":"10.5334\/sta.cx"},{"key":"555","doi-asserted-by":"crossref","unstructured":"Ugarriza, J. (2013). La dimensi\u00f3n pol\u00edtica del postconflicto: discusiones conceptuales y avances emp\u00edricos. Colombia Internacional (77), pp. 141-176. Recuperado de https:\/\/doi.org\/10.7440\/colombiaint77.2013.06","DOI":"10.7440\/colombiaint77.2013.06"},{"key":"556","unstructured":"Villarraga, \u00c1. (2013). Procesos de paz y tr\u00e1nsito de grupos alzados en armas a nuevos movimientos pol\u00edticos. Revista Controversia (200)."},{"key":"557","unstructured":"Wade, P. (1997). Race and Ethnicity in Latin America. Pluto Press: Chicago."},{"key":"558","unstructured":"Zena, N. (2016). Las ventajas e inconvenientes de los programas de Desarme, Desmovilizaci\u00f3n y Reinserci\u00f3n en \u00c1frica. Centro de Estudios Estrat\u00e9gicos de \u00c1frica."}],"container-title":["Administraci\u00f3n y Desarrollo"],"link":[{"URL":"https:\/\/revistas.esap.edu.co\/index.php\/admindesarro\/article\/download\/542\/502","content-type":"application\/pdf","content-version":"vor","intended-application":"text-mining"},{"URL":"https:\/\/revistas.esap.edu.co\/index.php\/admindesarro\/article\/download\/542\/502","content-type":"unspecified","content-version":"vor","intended-application":"similarity-checking"}],"deposited":{"date-parts":[[2023,11,12]],"date-time":"2023-11-12T10:08:22Z","timestamp":1699783702000},"score":0.0,"resource":{"primary":{"URL":"https:\/\/revistas.esap.edu.co\/index.php\/admindesarro\/article\/view\/542"}},"issued":{"date-parts":[[2018,12,1]]},"references-count":31,"journal-issue":{"issue":"2","published-online":{"date-parts":[[2018,12,31]]}},"URL":"https:\/\/doi.org\/10.22431\/25005227.vol48n2.7","ISSN":["2500-5227","0120-3754"],"issn-type":[{"value":"2500-5227","type":"electronic"},{"value":"0120-3754","type":"print"}],"published":{"date-parts":[[2018,12,1]]}},{"indexed":{"date-parts":[[2025,12,31]],"date-time":"2025-12-31T19:44:39Z","timestamp":1767210279343,"version":"3.48.0"},"reference-count":45,"publisher":"Escuela Superior de Administracion Publica","issue":"2","license":[{"start":{"date-parts":[[2025,9,4]],"date-time":"2025-09-04T00:00:00Z","timestamp":1756944000000},"content-version":"unspecified","delay-in-days":0,"URL":"https:\/\/creativecommons.org\/licenses\/by-nc-sa\/4.0"}],"content-domain":{"domain":[],"crossmark-restriction":false},"short-container-title":["Adm. Desarro."],"abstract":"<jats:p>Problem Statement: In Colombia, the Smart Cities and Territories Maturity Model (MMMCTIC) includes indicators related to inequality; however, it is necessary to acknowledge inequality as a structural dimension comprised of material elements and capabilities, which contribute to the development of smart territories and to the balance between environmental sustainability, economic competitiveness, and social cohesion \u2014a complex challenge for developing countries due to their high disparities. Objective: To determine how the inclusion of inequality as a structural dimension affects the MMMCTIC. Methodology: Based on a positivist epistemological approach and an applied quantitative methodology, an experimental modification of the MMMCTIC is carried out by deliberately incorporating a new \"Inequality\" dimension, built from the SISBEN IV database, using a sample of the twenty territorial entities that implemented the model during 2023. Results: The results show that territories with lower capabilities experience a significantly greater impact \u2014approximately 2.4 times higher\u2014 compared to those in the top positions. Conclusion: The findings highlight the need to strengthen public management, promote equal opportunities, foster territorial development, and analyze the economic capacity of territorial administrations.<\/jats:p>","DOI":"10.22431\/25005227.1173","type":"journal-article","created":{"date-parts":[[2025,9,23]],"date-time":"2025-09-23T15:56:43Z","timestamp":1758643003000},"source":"Crossref","is-referenced-by-count":0,"title":["Desigualdad material y de capacidades: una adaptaci\u00f3n al modelo colombiano de territorios inteligentes","Material and Capability Inequality: An Adaptation to the Colombian Smart Territories Model"],"prefix":"10.22431","volume":"55","author":[{"ORCID":"https:\/\/orcid.org\/0000-0003-4850-3144","authenticated-orcid":false,"given":"Andr\u00e9s Felipe","family":"Garc\u00eda Ospina","sequence":"first","affiliation":[],"role":[{"role":"author","vocabulary":"crossref"}]},{"ORCID":"https:\/\/orcid.org\/0009-0005-9146-9203","authenticated-orcid":false,"given":"Daniel Sebasti\u00e1n","family":"Contreras Ortiz","sequence":"additional","affiliation":[],"role":[{"role":"author","vocabulary":"crossref"}]},{"ORCID":"https:\/\/orcid.org\/0000-0002-5315-1756","authenticated-orcid":false,"given":"Leidy Johanna","family":"Rodr\u00edguez Higuera","sequence":"additional","affiliation":[],"role":[{"role":"author","vocabulary":"crossref"}]}],"member":"9723","published-online":{"date-parts":[[2025,9,4]]},"reference":[{"key":"23942","doi-asserted-by":"publisher","DOI":"10.1007\/s11135-022-01597-1"},{"key":"23943","doi-asserted-by":"publisher","DOI":"10.24836\/es.v30i55.860"},{"key":"23944","doi-asserted-by":"publisher","DOI":"10.24836\/es.v30i55.860"},{"key":"23945","doi-asserted-by":"publisher","DOI":"10.1093\/acprof:oso\/9780199239115.003.0017"},{"key":"23946","doi-asserted-by":"publisher","DOI":"10.1016\/j.cities.2024.104998"},{"key":"23947","doi-asserted-by":"publisher","DOI":"10.15649\/2346030X.983"},{"key":"23948","doi-asserted-by":"publisher","DOI":"10.26507\/rei.v19n38.1309"},{"key":"23949","doi-asserted-by":"publisher","DOI":"10.35622\/j.rr.2022.08.004"},{"key":"23950","doi-asserted-by":"publisher","DOI":"10.1007\/s10708-024-11040-7"},{"key":"23951","unstructured":"Banco Mundial. (2024). Informe Trayectorias: Prosperidad y reducci\u00f3n de la pobreza en el territorio colombiano. https:\/\/documents1.worldbank.org\/curated\/en\/099112624224042392\/pdf\/P5006431ec9a6a0ca1a1a91ae3bca489eeb.pdf"},{"key":"23952","doi-asserted-by":"publisher","DOI":"10.1016\/j.jdeveco.2024.103395"},{"key":"23953","doi-asserted-by":"publisher","DOI":"10.1108\/9781787691391"},{"key":"23954","unstructured":"Centro de Memoria Hist\u00f3rica. (2023). Estrategia de participaci\u00f3n ciudadana 2023. https:\/\/centrodememoriahistorica.gov.co\/wp-content\/uploads\/2023\/12\/Estrategia-de-Participaci%C3%B3n-Ciudadana-2023.pdf"},{"key":"23955","doi-asserted-by":"publisher","DOI":"10.47941\/ijce.2057"},{"key":"23956","unstructured":"Departamento Nacional de Planeaci\u00f3n. (2021). Manual operativo del SISBEN IV. https:\/\/colaboracion.dnp.gov.co\/CDT\/DNP\/SIG\/M-GI-02%20MANUAL%20OPERATIVO_Sisben%20IV%20Final.Pu.pdf"},{"key":"23957","doi-asserted-by":"publisher","DOI":"10.12804\/revistas.urosario.edu.co\/territorios\/a.11635"},{"key":"23958","doi-asserted-by":"publisher","DOI":"10.5194\/isprs-annals-X-4-W4-2024-49-2024"},{"key":"23959","unstructured":"Eslava, M., y Soto, A. F. (2024). Actividad productiva y desigualdad en Colombia. PNUD. https:\/\/www.undp.org\/sites\/g\/files\/zskgke326\/files\/2024-08\/undp_co_pub_08-actividad-productiva-y-desigualdad-en-colombia.pdf"},{"key":"23960","doi-asserted-by":"publisher","DOI":"10.1007\/s11205-019-02123-x"},{"key":"23961","doi-asserted-by":"publisher","DOI":"10.29166\/ays.v1i20.3497"},{"key":"23962","doi-asserted-by":"publisher","DOI":"10.1007\/s40888-025-00359-0"},{"key":"23963","unstructured":"Genta, N., Riffo, L., Williner, A., y Sandoval, C. (2022). Panorama del desarrollo territorial de Am\u00e9rica Latina y el Caribe 2022 [Documentos de Proyectos LC\/TS.2022\/132]. CEPAL. https:\/\/core.ac.uk\/reader\/541143750"},{"key":"23964","doi-asserted-by":"publisher","DOI":"10.1177\/00208523211002605"},{"key":"23965","unstructured":"Instituto Nacional de Salud. (2015). Desigualdades sociales en salud en Colombia, informe t\u00e9cnico. https:\/\/www.ins.gov.co\/direcciones\/ons\/informes\/6.%20desigualdades%20sociales.pdf"},{"key":"23966","doi-asserted-by":"publisher","DOI":"10.1016\/j.techfore.2018.04.024"},{"key":"23967","doi-asserted-by":"publisher","DOI":"10.3390\/su13010376"},{"key":"23968","unstructured":"Ministerio de Tecnolog\u00edas de la Informaci\u00f3n y las Comunicaciones (MinTIC). (2020). Recomendaciones para el desarrollo de ciudades y territorios inteligentes. https:\/\/gobiernodigital.mintic.gov.co\/692\/articles-179099_Recomendaciones_Desarrollo_CI.pdf"},{"key":"23969","unstructured":"Ministerio de Tecnolog\u00edas de la Informaci\u00f3n y las Comunicaciones. (2021). Conceptualizaci\u00f3n y medici\u00f3n de las ciudades y territorios inteligentes en Colombia. https:\/\/gobiernodigital.mintic.gov.co\/692\/articles-179102_recurso_2.pdf"},{"key":"23970","unstructured":"Ministerio de Tecnolog\u00edas de la Informaci\u00f3n y las Comunicaciones. (2022). Resoluci\u00f3n 01117 de 2022. Por la cual se establecen los lineamientos de transformaci\u00f3n digital para las estrategias de ciudades y territorios inteligentes de las entidades territoriales, en el marco de la Pol\u00edtica de Gobierno Digital. https:\/\/mintic.gov.co\/portal\/715\/articles-208739_recurso_1.pdf"},{"key":"23971","unstructured":"Ministerio de Tecnolog\u00edas de la Informaci\u00f3n y las Comunicaciones. (2023). Estrategia Nacional Digital de Colombia 2023-2026. https:\/\/www.mintic.gov.co\/portal\/715\/articles-334120_recurso_1.pdf"},{"key":"23972","unstructured":"Ministerio de Tecnolog\u00edas de la Informaci\u00f3n y las Comunicaciones. (2024). \u00cdndice de ciudades y territorios inteligentes 2023. https:\/\/gobiernodigital.mintic.gov.co\/692\/articles-334743_Indice_CTI_2023.pdf"},{"key":"23973","unstructured":"Ministerio de Vivienda Ciudad y Territorio. (2023). Informe de rendici\u00f3n de cuentas 2023. https:\/\/www.minvivienda.gov.co\/sites\/default\/files\/documentos\/231117_informe-rendicion-de-cuentas-mvct-1.pdf"},{"key":"23974","unstructured":"Montero, S. (Comp.). (2021). Repensando el desarrollo econ\u00f3mico local desde Colombia. Ediciones Uniandes. https:\/\/ediciones.uniandes.edu.co\/gpd-repensando-el-desarrollo-economico-local-desde-colombia-9789587980080-680d1d7ba5a91.html"},{"key":"23975","doi-asserted-by":"publisher","DOI":"10.4324\/9781315767673"},{"key":"23976","unstructured":"Pinheiro, F., y Hartmann, D. (2022). Economic complexity and inequality at the national and regional level. arxiv.org. https:\/\/doi.org\/10.48550\/arXiv.2206.00818"},{"key":"23977","doi-asserted-by":"publisher","DOI":"10.12804\/revistas.urosario.edu.co\/territorios\/a.7487"},{"key":"23978","doi-asserted-by":"publisher","DOI":"10.15517\/ra.v10i1.45257"},{"key":"23979","doi-asserted-by":"publisher","DOI":"10.32997\/pe-2021-3648"},{"key":"23980","doi-asserted-by":"publisher","DOI":"10.1093\/cjres\/rsx024"},{"key":"23981","doi-asserted-by":"publisher","DOI":"10.1007\/978-3-031-65318-6_22"},{"key":"23982","unstructured":"Rosado Salgado, L. A., Bermon Angarita, L., y Osorio Londo\u00f1o, A. A. (2024). Capacidades din\u00e1micas en grupos de investigaci\u00f3n y su impacto en ciudades inteligentes. Editorial Universidad Nacional de Colombia. https:\/\/repositorio.unal.edu.co\/handle\/unal\/86695"},{"key":"23983","doi-asserted-by":"publisher","DOI":"10.22395\/seec.v24n57a5"},{"key":"23984","unstructured":"United Nations. (2015). Transforming our world: The 2030 agenda for sustainable development. https:\/\/sdgs.un.org\/sites\/default\/files\/publications\/21252030%20Agenda%20for%20Sustainable%20Development%20web.pdf"},{"key":"23985","doi-asserted-by":"publisher","DOI":"10.15446\/frdcp.n23.107138"},{"key":"23986","doi-asserted-by":"publisher","DOI":"10.1080\/10511482.2020.1846885"}],"container-title":["Administraci\u00f3n &amp; Desarrollo"],"link":[{"URL":"https:\/\/revistas.esap.edu.co\/index.php\/admindesarro\/article\/download\/1173\/829","content-type":"application\/pdf","content-version":"vor","intended-application":"text-mining"},{"URL":"https:\/\/revistas.esap.edu.co\/index.php\/admindesarro\/article\/download\/1173\/838","content-type":"text\/xml","content-version":"vor","intended-application":"text-mining"},{"URL":"https:\/\/revistas.esap.edu.co\/index.php\/admindesarro\/article\/download\/1173\/829","content-type":"unspecified","content-version":"vor","intended-application":"similarity-checking"}],"deposited":{"date-parts":[[2025,12,31]],"date-time":"2025-12-31T19:43:25Z","timestamp":1767210205000},"score":0.0,"resource":{"primary":{"URL":"https:\/\/revistas.esap.edu.co\/index.php\/admindesarro\/article\/view\/1173"}},"issued":{"date-parts":[[2025,9,4]]},"references-count":45,"journal-issue":{"issue":"2","published-online":{"date-parts":[[2025,7,16]]}},"URL":"https:\/\/doi.org\/10.22431\/25005227.1173","ISSN":["2500-5227","0120-3754"],"issn-type":[{"type":"electronic","value":"2500-5227"},{"type":"print","value":"0120-3754"}],"published":{"date-parts":[[2025,9,4]]}},{"indexed":{"date-parts":[[2025,12,31]],"date-time":"2025-12-31T19:57:49Z","timestamp":1767211069727,"version":"3.48.0"},"reference-count":36,"publisher":"Escuela Superior de Administracion Publica","issue":"2","license":[{"start":{"date-parts":[[2023,10,27]],"date-time":"2023-10-27T00:00:00Z","timestamp":1698364800000},"content-version":"unspecified","delay-in-days":0,"URL":"https:\/\/creativecommons.org\/licenses\/by-nc-sa\/4.0"}],"content-domain":{"domain":[],"crossmark-restriction":false},"short-container-title":["Adm. Desarro."],"abstract":"<jats:p>The objective of this research is to investigate the process of socioeconomic stratification as a mechanism of social organization and whether it has had any impact on the welfare of citizens. To this end, the stratification process is described to evaluate the components of access to public services (water and sewage), along with health and housing, through the collection of data from the National Administrative Department of Statistics (DANE) and the SaluData portal for a period of time from 1996 to 2019. According to the figures, stratification has been useful as an instrument for targeting economically and socially less favored people; however, the magnitude of the scope of the social programs that arise from it is uncertain, since there are information biases, where individuals who have a good economic position are benefited with subsidies, being this a trigger of social inequality.<\/jats:p>","DOI":"10.22431\/25005227.vol53n2.4","type":"journal-article","created":{"date-parts":[[2023,10,27]],"date-time":"2023-10-27T09:27:03Z","timestamp":1698398823000},"source":"Crossref","is-referenced-by-count":1,"title":["Repercusi\u00f3n del proceso de estratificaci\u00f3n socioecon\u00f3mica sobre el bienestar social: una aproximaci\u00f3n para la ciudad de Bogot\u00e1","Impact of the socioeconomic stratification process on social welfare: an approximation for the city of Bogota"],"prefix":"10.22431","volume":"53","author":[{"ORCID":"https:\/\/orcid.org\/0000-0002-8011-2912","authenticated-orcid":false,"given":"Carlos","family":"Alape Gamez","sequence":"first","affiliation":[],"role":[{"role":"author","vocabulary":"crossref"}]}],"member":"9723","published-online":{"date-parts":[[2023,10,27]]},"reference":[{"key":"9270","unstructured":"Adres-fosyga. (2021). \u00bfQu\u00e9 es el r\u00e9gimen subsidiado en salud? https:\/\/adresfosyga.co\/regimen-subsidiado\/"},{"key":"9271","unstructured":"Alcald\u00eda de Bogot\u00e1. (2008). Concepto 114 de 2008. Secretar\u00eda General Alcald\u00eda Mayor de Bogot\u00e1 D.C. https:\/\/www.alcaldiabogota.gov.co\/sisjur\/listados\/tematica2.jsp?subtema=25263"},{"key":"9272","unstructured":"Alcald\u00eda de Bogot\u00e1. (2021). Hacia una Nueva Metodolog\u00eda de Estratificaci\u00f3n Socioecon\u00f3mica Urbana. http:\/\/www.sdp.gov.co\/sites\/default\/files\/hacia_una_nueva_metodologia_de_estratificacion.pdf."},{"key":"9273","doi-asserted-by":"crossref","unstructured":"Azevedo, V., y Bouillon, P. (2010). Intergenerational Social Mobility in Latin America: A review of existing evidence. Revista de An\u00e1lisis Econ\u00f3mico, 25(2), 7-42. https:\/\/pure.urosario.edu.co\/es\/publications\/estratificaci%C3%B3n-socioecon%C3%B3mica-y-la-informaci%C3%B3n-catastral-introdu","DOI":"10.4067\/S0718-88702010000200002"},{"key":"9274","unstructured":"DANE. (2019). Encuesta nacional de calidad de vida. https:\/\/www.dane.gov.co\/index.php\/estadisticas-por-tema\/pobreza-y-condiciones-de-vida\/calidad-de-vida-ecv"},{"key":"9275","unstructured":"DANE. (2021). Estratificaci\u00f3n socioecon\u00f3mica para servicios p\u00fablicos domiciliarios. https:\/\/www.dane.gov.co\/index.php\/servicios-al-ciudadano\/servicios-informacion\/estratificacion-socioeconomica"},{"key":"9276","unstructured":"DANE. (2020). Estratificaci\u00f3n socioecon\u00f3mica para servicios p\u00fablicos domiciliarios. https:\/\/www.dane.gov.co\/index.php\/servicios-al-ciudadano\/servicios-informacion\/estratificacion-socioeconomica"},{"key":"9277","unstructured":"DelSol. (2021). \u00cdndice de Gini. \u00bfQu\u00e9 es? https:\/\/www.sdelsol.com\/glosario\/indice-de-gini\/"},{"key":"9278","unstructured":"Departamento Nacional de Planeaci\u00f3n [DNP]. (2019). Pobreza monetaria y pobreza multidimensional. An\u00e1lisis 2008-2018. www.dnp.gov.co"},{"key":"9279","unstructured":"Diaz Salamanca, O., y Cruz Ruiz, G. K. (2018). An\u00e1lisis a la metodolog\u00eda especial de estratificaci\u00f3n socioecon\u00f3mica de Bogot\u00e1 DC. https:\/\/repository.udistrital.edu.co\/handle\/11349\/7900"},{"key":"9280","unstructured":"Duek, M. C., y Inda, G. (2014). La teor\u00eda de la estratificaci\u00f3n social de Parsons: una arquitectura del consenso y de la estabilizaci\u00f3n del conflicto. Theomai, (29),155-175. https:\/\/www.redalyc.org\/articulo.oa?id=12431432009"},{"key":"9281","unstructured":"EAAB. (2021). Tarifas Bogot\u00e1 2021.https:\/\/shorturl.at\/EFIQ8"},{"key":"9282","unstructured":"El Tiempo. (2020). Cuatro a\u00f1os para salvar el agua de Bogot\u00e1. https:\/\/www.eltiempo.com\/Multimedia\/especiales\/salvar_agua_bogota\/"},{"key":"9283","unstructured":"Ferro, G., y Lentini, E. (2012). Recursos naturales e infraestructura experiencias en agua potable, saneamiento, y transporte urbano de pasajeros en Am\u00e9rica Latina. CEPAL. https:\/\/repositorio.cepal.org\/items\/005f6ba8-96cd-4042-aa44-1a39c43d5925"},{"key":"9284","doi-asserted-by":"crossref","unstructured":"Fleischer, F., y Mar\u00edn, K. (2019). Atravesando la ciudad. La movilidad y experiencia subjetiva del espacio por las empleadas dom\u00e9sticas en Bogot\u00e1. Revista EURE - Revista de Estudios Urbano Regionales, 45(135). http:\/\/www.eure.cl\/index.php\/eure\/article\/view\/2904\/1185","DOI":"10.4067\/S0250-71612019000200027"},{"key":"9285","unstructured":"Gallego, J. M., L\u00f3pez, D., y Sep\u00falveda, C. (2014). Estratificaci\u00f3n socioecon\u00f3mica con base en informaci\u00f3n catastral. Modelos para el caso de Bogot\u00e1, D.C. Documentos de Trabajo, (012255). https:\/\/repository.urosario.edu.co\/server\/api\/core\/bitstreams\/73272649-b196-4929-8094-0f3f76cbb38b\/content"},{"key":"9286","unstructured":"Galvis, L., y Roca, A. (2014). Aspectos regionales de la movilidad social y la igualdad de oportunidades en Colombia. https:\/\/www.banrep.gov.co\/sites\/default\/files\/publicaciones\/archivos\/dtser_196.pdf"},{"key":"9287","unstructured":"Lagos Mun\u00e9var, J. D. (2015). Investigaci\u00f3n de la metodolog\u00eda de la estratificaci\u00f3n urbana para grandes ciudades o de tipolog\u00eda 1 a las ciudades de Bogot\u00e1 y Medell\u00edn. [Tesis] Universidad Distrital Francisco Jos\u00e9 de Caldas. https:\/\/repository.udistrital.edu.co\/bitstream\/handle\/11349\/4833\/LagosMunevarJulianDavid2015.pdf?sequence=1&isAllowed=y"},{"key":"9288","unstructured":"Marinho, M. L., y Quiroz, V. (2018). Estratificaci\u00f3n social: una propuesta metodol\u00f3gica multidimensional para la subregi\u00f3n norte de Am\u00e9rica Latina y el Caribe. https:\/\/repositorio.cepal.org\/bitstream\/handle\/11362\/44328\/1\/S1801180_es.pdf"},{"key":"9289","unstructured":"Mart\u00ednez, J. (2005). La pieza que faltaba: uso del tiempo y reg\u00edmenes de bienestar en Am\u00e9rica Latina. Nueva sociedad, (199), 35-52. https:\/\/dialnet.unirioja.es\/servlet\/articulo?codigo=1270665"},{"key":"9290","unstructured":"Molinares, M. (2019). Sisb\u00e9n y estratificaci\u00f3n: \u00bfQui\u00e9nes ganan con la focalizaci\u00f3n en Colombia? UNA Revista de Derecho,4. https:\/\/una.uniandes.edu.co\/images\/Volumen4\/Molinares-para-publicar.pdf"},{"key":"9291","unstructured":"MPPN. (2021). Pobreza Multidimensional. \u00bfC\u00f3mo se calcula? https:\/\/mppn.org\/es\/pobreza-multidimensional\/como-se-calcula\/"},{"key":"9292","unstructured":"Mu\u00f1oz, T., y Almendralejo. (2013). Estratificaci\u00f3n social y educaci\u00f3n. https:\/\/es.scribd.com\/document\/384654804\/Estratificacion-Social-y-Educacion"},{"key":"9293","unstructured":"Pardo, D. (2021). Qu\u00e9 son los estratos, el sistema \u201csolidario\u201d que termin\u00f3 profundizando el clasismo y la desigualdad en Colombia. BBC News Mundo. https :\/\/www.bbc.com\/mundo\/noticias-america-latina-57264176"},{"key":"9294","unstructured":"Rosero, L. M. (2004). Estratificaci\u00f3n socioecon\u00f3mica como instrumento de focalizaci\u00f3n. Econom\u00eda y desarrollo, 3(1), 53-67. http:\/\/www.acreditacion.fuac.edu.co\/revista\/III\/III\/tres.pdf"},{"key":"9295","unstructured":"SaluData. (2018). Pobreza y desigualdad en Bogot\u00e1, D.C. https:\/\/saludata.saludcapital.gov.co\/osb\/index.php\/datos-de-salud\/demografia\/pobrezaygini\/"},{"key":"9296","doi-asserted-by":"crossref","unstructured":"S\u00e1nchez-Torres, R. M. (2017). Desigualdad del ingreso en Colombia: un estudio por departamentos. Cuadernos de Econom\u00eda, 36(72), 139-178. http:\/\/www.scielo.org.co\/pdf\/ceco\/v36nspe72\/0121-4772-ceco-36-spe72-00139.pdf","DOI":"10.15446\/cuad.econ.v36n72.65880"},{"key":"9297","unstructured":"Secretar\u00eda Distrital de Planeaci\u00f3n. (2014). Caracterizaci\u00f3n socioecon\u00f3mica encuesta sisb\u00e9n III. http:\/\/www.sdp.gov.co\/sites\/default\/files\/caracterizacion_sisben-04032015.pdf"},{"key":"9298","doi-asserted-by":"crossref","unstructured":"Sep\u00falveda Rico, C. E. (2014). Estratificaci\u00f3n Socioecon\u00f3mica y la informaci\u00f3n catastral. Introducci\u00f3n al problema y perspectivas a futuro. En Estratificaci\u00f3n Socioecon\u00f3mica y la informaci\u00f3n catastral. Introducci\u00f3n al problema y perspectivas a futuro (pp. 1-23). Universidad del Rosario. https:\/\/pure.urosario.edu.co\/es\/publications\/estratificaci%C3%B3n-socioecon%C3%B3mica-y-la-informaci%C3%B3n-catastral-introdu","DOI":"10.7476\/9789587385373.0003"},{"key":"9299","unstructured":"Stapper, C. (2009). La regulaci\u00f3n de los servicios p\u00fablicos domiciliarios: eficiencia y protecci\u00f3n de los derechos de los usuarios. Una visi\u00f3n desde el sector de agua potable y saneamiento b\u00e1sico. Bogot\u00e1 DC: Comisi\u00f3n de Regulaci\u00f3n de Agua Potable y Saneamiento B\u00e1sico. https:\/\/scholar.google.es\/scholar?hl=es&as_sdt=0,5&cluster=17303981172916190937"},{"key":"9300","unstructured":"Solis, P., y Blanco, E. (2014). Desigualdad social y efectos institucionales en las transiciones educativas. https:\/\/www.researchgate.net\/profile\/Patricio-Solis\/publication\/310753650_Desigualdad_social_y_efectos_institucionales_en_las_transiciones_educativas\/links\/5835dc0808ae866543228635\/Desigualdad-social-y-efectos-institucionales-en-las-transiciones-educativas.pdf"},{"key":"9301","unstructured":"Tono, T. (2000). La evoluci\u00f3n del acceso a la salud en Colombia \u00bfSubsidios a la oferta o a la demanda? https:\/\/oes.org.co\/download\/la-evolucion-del-acceso-a-la-salud-en-colombia-subsidios-a-la-oferta-o-a-la-demanda\/"},{"key":"9302","unstructured":"Universidad del Rosario. (2007). Pol\u00edtica de vivienda: alcances y perspectivas. (pp.2-11). https:\/\/repository.urosario.edu.co\/server\/api\/core\/bitstreams\/ad64dc9f-2142-48d0-bd7a-310b9b5efc73\/content"},{"key":"9303","unstructured":"Uribe-Mallarino, C. (2008). Estratificaci\u00f3n social en Bogot\u00e1: de la pol\u00edtica p\u00fablica a la din\u00e1mica de la segregaci\u00f3n social. Universitas Human\u00edstica, (65),139-171. https:\/\/www.redalyc.org\/articulo.oa?id=79106508"},{"key":"9304","doi-asserted-by":"crossref","unstructured":"Uribe-Mallarino, C., y Jaramillo-Mar\u00edn, J. (2016). Las fronteras de la pobreza en Bogot\u00e1. Perfiles Latinoamericanos, (48), 243-264. https:\/\/www.redalyc.org\/pdf\/115\/11547020010.pdf","DOI":"10.18504\/pl2448-010-2016"},{"key":"9305","unstructured":"Uribe-Mallarino, C., V\u00e1squez-Cardozo, S., y Pardo P\u00e9rez, C. (2006). Subsidiar y segregar: La pol\u00edtica de estratificaci\u00f3n y sus efectos sobre la movilidad social en Bogot\u00e1. Papel pol\u00edtico, 11(1), 69-93. https:\/\/www.redalyc.org\/pdf\/777\/77716566004.pdf"}],"container-title":["Administraci\u00f3n &amp; Desarrollo"],"link":[{"URL":"https:\/\/revistas.esap.edu.co\/index.php\/admindesarro\/article\/download\/861\/691","content-type":"application\/pdf","content-version":"vor","intended-application":"text-mining"},{"URL":"https:\/\/revistas.esap.edu.co\/index.php\/admindesarro\/article\/download\/861\/723","content-type":"text\/xml","content-version":"vor","intended-application":"text-mining"},{"URL":"https:\/\/revistas.esap.edu.co\/index.php\/admindesarro\/article\/download\/861\/691","content-type":"unspecified","content-version":"vor","intended-application":"similarity-checking"}],"deposited":{"date-parts":[[2025,12,31]],"date-time":"2025-12-31T19:52:32Z","timestamp":1767210752000},"score":0.0,"resource":{"primary":{"URL":"https:\/\/revistas.esap.edu.co\/index.php\/admindesarro\/article\/view\/861"}},"issued":{"date-parts":[[2023,10,27]]},"references-count":36,"journal-issue":{"issue":"2","published-online":{"date-parts":[[2023,7,1]]}},"URL":"https:\/\/doi.org\/10.22431\/25005227.vol53n2.4","ISSN":["2500-5227","0120-3754"],"issn-type":[{"type":"electronic","value":"2500-5227"},{"type":"print","value":"0120-3754"}],"published":{"date-parts":[[2023,10,27]]}},{"indexed":{"date-parts":[[2025,12,31]],"date-time":"2025-12-31T19:49:58Z","timestamp":1767210598834,"version":"3.48.0"},"reference-count":30,"publisher":"Escuela Superior de Administracion Publica","issue":"1","license":[{"start":{"date-parts":[[2025,6,20]],"date-time":"2025-06-20T00:00:00Z","timestamp":1750377600000},"content-version":"unspecified","delay-in-days":0,"URL":"https:\/\/creativecommons.org\/licenses\/by-nc-sa\/4.0"}],"content-domain":{"domain":[],"crossmark-restriction":false},"short-container-title":["Adm. Desarro."],"abstract":"<jats:p>This study deals with the governance of municipal health policy and accountability procedures. From the mid-1990s onwards, under the ruling of the 1988 Federal constitution and the establishement of the Sistema \u00danico de Sa\u00fade (SUS), the municipality began to play the role of operationalizing this policy with news forms of governance, based on a network\u00a0 model, with the inclusion of the municipal health council. Given the importance of understanding such new configuration, a qualitative case study was conducted with the objective of analyzing the governance process of the health policy of the municipality of Vi\u00e7osa, MG, more specifically the accountability procedures. As techniques of research interviews, documentation and observation were applied. It was found that the institucionalization by the municipal government of governance mechanisms of accountability, did not\u00a0 have the expected effect, as civil society representatives did not have the envolvement expected in the municipal health council, among others issues, which undermined the accountability of the health municipal sector governance.<\/jats:p>","DOI":"10.22431\/25005227.1217","type":"journal-article","created":{"date-parts":[[2025,7,10]],"date-time":"2025-07-10T14:55:47Z","timestamp":1752159347000},"page":"e1217","source":"Crossref","is-referenced-by-count":0,"title":["A governan\u00e7a e procedimentos de &lt;i&gt;accountability&lt;\/i&gt; na pol\u00edtica municipal de sa\u00fade","Governance and &lt;i&gt;Accountability&lt;\/i&gt; Procedures in Municipal Health Policy","Procedimientos de gobernanza y rendici\u00f3n de cuentas en la pol\u00edtica sanitaria municipal"],"prefix":"10.22431","volume":"55","author":[{"ORCID":"https:\/\/orcid.org\/0000-0001-8142-0047","authenticated-orcid":false,"given":"Tain\u00e1","family":"Rodrigues Gomide Souza Pinto","sequence":"first","affiliation":[],"role":[{"role":"author","vocabulary":"crossref"}]},{"ORCID":"https:\/\/orcid.org\/0000-0002-8179-269X","authenticated-orcid":false,"given":"Ivan","family":"Beck Ckagnazaroff","sequence":"additional","affiliation":[],"role":[{"role":"author","vocabulary":"crossref"}]}],"member":"9723","published-online":{"date-parts":[[2025,6,20]]},"reference":[{"key":"22142","unstructured":"Abr\u00facio, F. L., e Loureiro, M. R. (2005). Finan\u00e7as P\u00fablicas, democracia e accountability. Em P. Avarte e C. Biderman (orgs.) Economia do Setor P\u00fablico no Brasil (p.755-102). Elsevier."},{"key":"22143","unstructured":"Bardin, L. (1997). An\u00e1lise de conte\u00fado. Edi\u00e7\u00f5es 70."},{"key":"22144","doi-asserted-by":"publisher","DOI":"10.1590\/S0104-44782011000200008"},{"key":"22145","doi-asserted-by":"publisher","DOI":"10.1177\/0020852305053881"},{"key":"22146","doi-asserted-by":"publisher","DOI":"10.1177\/0020852303693002"},{"key":"22147","doi-asserted-by":"publisher","DOI":"10.1080\/01402382.2010.486119"},{"key":"22148","unstructured":"Brasil. (1990). Lei 8.080 de 19 de setembro de 1990. Disp\u00f5e sobre as condi\u00e7\u00f5es para a promo\u00e7\u00e3o, prote\u00e7\u00e3o e recupera\u00e7\u00e3o da sa\u00fade, a organiza\u00e7\u00e3o e o funcionamento dos servi\u00e7os correspondentes e d\u00e1 outras provid\u00eancias."},{"key":"22149","unstructured":"http:\/\/www.planalto.gov.br\/ccivil_03\/leis\/l8080.htm"},{"key":"22150","unstructured":"Brasil. (1997). Norma Operacional B\u00e1sica do Sistema \u00danico de Sa\u00fade\/ NOB-SUS 96. http:\/\/siops.datasus.gov.br\/Documentacao\/NOB%2096.pdf"},{"key":"22151","doi-asserted-by":"publisher","DOI":"10.21171\/ges.v3i5.687"},{"key":"22152","unstructured":"Costa. A. J. F. (2015) Mosaicos de \u00e1reas protegidas e unidades de conserva\u00e7\u00e3o-Dificuldades e desafios num arranjo de governan\u00e7a h\u00edbrida: o caso do Mosaico"},{"key":"22153","unstructured":"Bocaina. Tese, Escola de Administra\u00e7\u00e3o de Empresas de S\u00e3o Paulo."},{"key":"22154","unstructured":"Farah, M. F. S. (2001). Parcerias, novos arranjos institucionais, e pol\u00edticas p\u00fablicas no n\u00edvel local de governo. RAP- Revista de administra\u00e7\u00e3o p\u00fablica, 35, 119-144."},{"key":"22155","doi-asserted-by":"publisher","DOI":"10.1590\/S1020-49892010001200006"},{"key":"22156","doi-asserted-by":"publisher","DOI":"10.1590\/S0034-76122006000300008"},{"key":"22157","unstructured":"Martins, J. L. de S. (2024). An\u00e1lise de conte\u00fado das informa\u00e7\u00f5es publicizadas na Sa\u00fade P\u00fablica \u2013 Presta\u00e7\u00e3o de contas (Accountability), Transpar\u00eancia, e Fiscaliza\u00e7\u00e3o. Revista de Auditoria, Governan\u00e7a e Contabilidade -RAGC, 14, 61-78."},{"key":"22158","doi-asserted-by":"publisher","DOI":"10.1111\/j.1467-9299.2011.01917.x"},{"key":"22159","doi-asserted-by":"publisher","DOI":"10.1111\/j.1467-9299.2011.01917.x"},{"key":"22160","unstructured":"O\u2019Donnell, G. (1988). Accountability horizontal e novas poliarquias. Lua Nova, (44),"},{"key":"22161","doi-asserted-by":"publisher","DOI":"10.1590\/S0102-64451998000200003"},{"key":"22162","doi-asserted-by":"publisher","DOI":"10.21118\/apgs.v14i3.13300"},{"key":"22163","doi-asserted-by":"publisher","DOI":"10.47456\/regec.2317-5087.2024.13.1.41036.28-51"},{"key":"22164","unstructured":"Peters, G. (2005). Governanza y Burocracia P\u00fablica: Nuevas formas de Democracia e Nuevas formas de C\u00f3ntrol? Foro Internacional, XLV(4), 585-598."},{"key":"22165","unstructured":"Pierre, J., e Peters, B. G. (2000). Governance, government and the State. Political analysis. Palgrave Macmillan."},{"key":"22166","doi-asserted-by":"publisher","DOI":"10.20435\/inter.v25i3.3334"},{"key":"22167","doi-asserted-by":"publisher","DOI":"10.21874\/rsp.v66i2.523"},{"key":"22168","doi-asserted-by":"publisher","DOI":"10.1111\/j.1541-0072.2010.00389_8.x"},{"key":"22169","doi-asserted-by":"publisher","DOI":"10.1590\/S0034-75902008000300007"},{"key":"22170","doi-asserted-by":"publisher","DOI":"10.15448\/1984-7289.2005.1.33"},{"key":"22171","doi-asserted-by":"publisher","DOI":"10.1111\/1468-2451.00106"}],"container-title":["Administraci\u00f3n &amp; Desarrollo"],"link":[{"URL":"https:\/\/revistas.esap.edu.co\/index.php\/admindesarro\/article\/download\/governanca_procedimentos_accountability_politica_municipal_saude\/807","content-type":"application\/pdf","content-version":"vor","intended-application":"text-mining"},{"URL":"https:\/\/revistas.esap.edu.co\/index.php\/admindesarro\/article\/download\/governanca_procedimentos_accountability_politica_municipal_saude\/823","content-type":"text\/xml","content-version":"vor","intended-application":"text-mining"},{"URL":"https:\/\/revistas.esap.edu.co\/index.php\/admindesarro\/article\/download\/governanca_procedimentos_accountability_politica_municipal_saude\/807","content-type":"unspecified","content-version":"vor","intended-application":"similarity-checking"}],"deposited":{"date-parts":[[2025,12,31]],"date-time":"2025-12-31T19:47:41Z","timestamp":1767210461000},"score":0.0,"resource":{"primary":{"URL":"https:\/\/revistas.esap.edu.co\/index.php\/admindesarro\/article\/view\/governanca_procedimentos_accountability_politica_municipal_saude"}},"issued":{"date-parts":[[2025,6,20]]},"references-count":30,"journal-issue":{"issue":"1","published-online":{"date-parts":[[2025,2,3]]}},"URL":"https:\/\/doi.org\/10.22431\/25005227.1217","ISSN":["2500-5227","0120-3754"],"issn-type":[{"type":"electronic","value":"2500-5227"},{"type":"print","value":"0120-3754"}],"published":{"date-parts":[[2025,6,20]]}},{"indexed":{"date-parts":[[2025,12,31]],"date-time":"2025-12-31T19:57:01Z","timestamp":1767211021562,"version":"3.48.0"},"reference-count":15,"publisher":"Escuela Superior de Administracion Publica","issue":"2","license":[{"start":{"date-parts":[[2023,11,27]],"date-time":"2023-11-27T00:00:00Z","timestamp":1701043200000},"content-version":"unspecified","delay-in-days":0,"URL":"https:\/\/creativecommons.org\/licenses\/by-nc-sa\/4.0"}],"content-domain":{"domain":[],"crossmark-restriction":false},"short-container-title":["Adm. Desarro."],"abstract":"<jats:p>This article presents the review and analysis of the agricultural programs executed in the municipality of Man\u00ed, Casanare during the period 2021-2022, the articulation of these with the Departmental Agricultural Extension Plan (PDEA) and the result in the attention to producers through the public service of agricultural extension and technical assistance through a qualitative documentary review that allows the collection of secondary sources relating the territorial planning instruments with the activities and productive lines registered in the Single Registry of Agricultural Extension (RUEA) to determine if the the guidelines used in the programmatic formulation of the planning instruments are consistent with the current legal regulations and the problems identified by the communities or if, on the contrary, it is necessary to implement a new methodology that allows the construction of territorial agricultural planning instruments in accordance with the municipal vocation, to the aspects of the approach and the social and economic capacities that determine the producer as a user of the single agricultural extension registry.<\/jats:p>","DOI":"10.22431\/25005227.vol53n2.7","type":"journal-article","created":{"date-parts":[[2023,11,27]],"date-time":"2023-11-27T15:17:23Z","timestamp":1701098243000},"source":"Crossref","is-referenced-by-count":0,"title":["Incidencia de los programas agropecuarios ejecutados en los productores inscritos en el RUEA Man\u00ed, Casanare","Incidence of the agricultural programs executed in the registered producers in the RUEA Man\u00ed, Casanare"],"prefix":"10.22431","volume":"53","author":[{"ORCID":"https:\/\/orcid.org\/0009-0001-3320-8719","authenticated-orcid":false,"given":"Yesica Yurley","family":"Castro Dur\u00e1n","sequence":"first","affiliation":[],"role":[{"role":"author","vocabulary":"crossref"}]}],"member":"9723","published-online":{"date-parts":[[2023,11,27]]},"reference":[{"key":"10612","unstructured":"Censo Nacional Agropecuario. (2015). Censo Nacional Agropecuario. Sexta entrega de resultados 2014 - cifras definitivas. DANE. https:\/\/www.dane.gov.co\/files\/CensoAgropecuario\/entrega-definitiva\/Boletin-6-Infraestructura\/6-Boletin.pdf"},{"key":"10613","unstructured":"Ley 1876 de 2017. (29 de diciembre). \"Por medio de la cual se crea el sistema de innovaci\u00f3n agropecuaria y se dictan otras disposiciones. D.O. No. 50461\". https:\/\/www.suin-juriscol.gov.co\/viewDocument.asp?ruta=Leyes\/30034416#:~:text=Esta%20ley%20crea%20nuevas%20funciones,y%20normas%20para%20su%20prestaci\u00f3n."},{"key":"10614","unstructured":"Ministerio de Agricultura y Desarrollo Rural. (2019). Presentaci\u00f3n comit\u00e9 t\u00e9cnico subsistema de extensi\u00f3n agropecuaria. Viceministro de asuntos agropecuarios. Direcci\u00f3n de innovaci\u00f3n y desarrollo tecnol\u00f3gico y protecci\u00f3n sanitaria. https:\/\/www.minagricultura.gov.co\/ministerio\/direcciones\/Documents\/Comit%C3%A9%20Tecnico%20Sub.%20Extensi%C3%B3n%20Agropecuaria.pptx"},{"key":"10615","unstructured":"Misi\u00f3n para la Transformaci\u00f3n del Campo. (2015). Misi\u00f3n para la transformaci\u00f3n del campo. Informe de estrategia de competitividad para el sector agropecuario. Departamento Nacional de Planeaci\u00f3n. https:\/\/2022.dnp.gov.co\/programas\/agricultura\/Paginas\/mision-para-la-transformacion-del-campo-colombiano.aspx"},{"key":"10616","unstructured":"Municipio de Man\u00ed. (2021). Informe t\u00e9cnico de gesti\u00f3n vigencia 2021. Rendici\u00f3n p\u00fablica de cuentas. https:\/\/www.mani-casanare.gov.co\/Transparencia\/ControlyRendiciondeCuentas\/INFORME%20T%C3%89CNICO%20GESTI%C3%93N%20VIGENCIA%202021.pdf"},{"key":"10617","unstructured":"Municipio de Man\u00ed. (2022). Informe t\u00e9cnico de gesti\u00f3n vigencia 2022. Rendici\u00f3n p\u00fablica de cuentas. https:\/\/www.facebook.com\/ConCorazonDePueblo2020.2023\/videos\/541775281175347"},{"key":"10618","unstructured":"Organizaci\u00f3n Hermanos Torres Rodr\u00edguez y Asociados - OHTRAS S.A.S. (2021). Informe final de actividades contrato 180. Cuyo objeto es: \u201cContratar la prestaci\u00f3n del servicio de extensi\u00f3n agropecuaria asistencial t\u00e9cnica y transferencia de tecnolog\u00eda en el municipio de Man\u00ed, en cumplimiento de la Ley 1876\/2017, en los t\u00e9rminos del PDEA durante la vigencia del 2021\u201d."},{"key":"10619","unstructured":"Organizaci\u00f3n Hermanos Torres Rodr\u00edguez y Asociados - OHTRAS S.A.S. (2022). Informe final de actividades. Contrato 0443. Cuyo objeto es \u201cla prestaci\u00f3n del servicio de extensi\u00f3n agropecuaria, asistencia t\u00e9cnica, transferencia de tecnolog\u00eda en el municipio de Man\u00ed, Casanare en cumplimiento de la Ley 1876\/2017\u201d."},{"key":"10620","unstructured":"Plan Departamental de Extensi\u00f3n Agropecuaria de Casanare - PDEA. (2019). Documento t\u00e9cnico de formulaci\u00f3n. https:\/\/www.minagricultura.gov.co\/ministerio\/direcciones\/Documents\/PDEA%27s%20Aprobados\/PDEA%20Casanare.pdf"},{"key":"10621","unstructured":"Plan Departamental de Extensi\u00f3n Agropecuaria -PDEA. (2020-2023).. Asamblea Departamental de Casanare. Ordenanza 02 del 24 de abril de 2020. https:\/\/www.adr.gov.co\/wp-content\/uploads\/2021\/07\/PDEA-Casanare-2020-2023.pdf"},{"key":"10622","unstructured":"Plan de Desarrollo Territorial \"con coraz\u00f3n de pueblo\u201d. (2020-2023). Gobernaci\u00f3n de Casanare. https:\/\/www.mani-casanare.gov.co\/Transparencia\/PlaneacionGestionyControl\/PLAN%20DE%20DESARROLLO%20TERRITORIAL%20DE%20MAN%C3%8D%202020%20-%202023.pdf"},{"key":"10623","unstructured":"Resoluci\u00f3n 407 de 2018. Ministerio de Agricultura y Desarrollo Rural. \u201cPor la cual se reglamentan las materias t\u00e9cnicas del sistema nacional de innovaci\u00f3n agropecuaria - SNIA\u201d. https:\/\/www.minagricultura.gov.co\/Normatividad\/Resoluciones\/Resoluci\u00f3n%20No%20000407%20de%202018.pdf"},{"key":"10624","unstructured":"Resoluci\u00f3n 132 de 2022. (02 de mayo). Ministerio de Agricultura y Desarrollo Rural. \u201cPor la cual se adopta el plan nacional de asistencia integral t\u00e9cnica, tecnol\u00f3gica y de impulso a la investigaci\u00f3n, formulado en cumplimiento del punto 1.3.3.2 del acuerdo final\u201d. https:\/\/www.minagricultura.gov.co\/Normatividad\/Resoluciones\/RESOLUCI\u00d3N%20NO.%20000132%20DE%202022.pdf"},{"key":"10625","unstructured":"Restrepo, D. (2016). Dimensiones territoriales del desarrollo, la democracia y el bienestar: contribuci\u00f3n a la agenda alternativa del posacuerdo. https:\/\/shorturl.at\/uEGI3"},{"key":"10626","unstructured":"Wilchez-Chaux, G. (2016). Base ambiental para la paz. La necesidad de hacerle gesti\u00f3n del riesgo al paz-conflicto. Proyecto Agenda Com\u00fan para construir Paz. Mediaciones populares y sociales desde el Observatorio Nacional de Paz. Colecci\u00f3n estudios t\u00e9cnicos para la construcci\u00f3n de la paz. https:\/\/shorturl.at\/afUZ5"}],"container-title":["Administraci\u00f3n &amp; Desarrollo"],"link":[{"URL":"https:\/\/revistas.esap.edu.co\/index.php\/admindesarro\/article\/download\/908\/712","content-type":"application\/pdf","content-version":"vor","intended-application":"text-mining"},{"URL":"https:\/\/revistas.esap.edu.co\/index.php\/admindesarro\/article\/download\/908\/727","content-type":"text\/xml","content-version":"vor","intended-application":"text-mining"},{"URL":"https:\/\/revistas.esap.edu.co\/index.php\/admindesarro\/article\/download\/908\/712","content-type":"unspecified","content-version":"vor","intended-application":"similarity-checking"}],"deposited":{"date-parts":[[2025,12,31]],"date-time":"2025-12-31T19:51:29Z","timestamp":1767210689000},"score":0.0,"resource":{"primary":{"URL":"https:\/\/revistas.esap.edu.co\/index.php\/admindesarro\/article\/view\/908"}},"issued":{"date-parts":[[2023,11,27]]},"references-count":15,"journal-issue":{"issue":"2","published-online":{"date-parts":[[2023,7,1]]}},"URL":"https:\/\/doi.org\/10.22431\/25005227.vol53n2.7","ISSN":["2500-5227","0120-3754"],"issn-type":[{"type":"electronic","value":"2500-5227"},{"type":"print","value":"0120-3754"}],"published":{"date-parts":[[2023,11,27]]}},{"indexed":{"date-parts":[[2023,1,21]],"date-time":"2023-01-21T15:29:38Z","timestamp":1674314978555},"reference-count":0,"publisher":"Escuela Superior de Administracion Publica","issue":"51","license":[{"start":{"date-parts":[[2009,6,29]],"date-time":"2009-06-29T00:00:00Z","timestamp":1246233600000},"content-version":"unspecified","delay-in-days":0,"URL":"http:\/\/creativecommons.org\/licenses\/by-nc-nd\/4.0"}],"content-domain":{"domain":[],"crossmark-restriction":false},"short-container-title":["Adm. Desarro."],"abstract":"<jats:p>El objetivo del presente trabajo es determinar la relaci\u00f3n entre el derecho y el desarrollo, m\u00e1s espec\u00edficamente, entre el ordenamiento jur\u00eddico y el desarrollo local en Colombia. Para esto, se realiza una revisi\u00f3n te\u00f3rica, un an\u00e1lisis de la doctrina, la jurisprudencia y la legislaci\u00f3n m\u00e1s importante sobre la tem\u00e1tica. Las t\u00e9cnicas de producci\u00f3n de informaci\u00f3n fueron la revisi\u00f3n documental, la entrevista y el an\u00e1lisis de contenido. Las conclusiones obtenidas se\u00f1alan que, en general, el derecho es tanto un medio o instrumento como el fin mismo del desarrollo. Ahora bien, en cuanto a la regulaci\u00f3n jur\u00eddica y el desarrollo local, se estableci\u00f3 que: a) la relaci\u00f3n ente los dos ha sido precaria o d\u00e9bil; b) el ordenamiento jur\u00eddico colombiano poco ha contribuido al logro del desarrollo local, c) sin embargo, existen algunas potencialidades que el derecho puede ofrecer para el logro del desarrollo local en nuestro pa\u00eds.<\/jats:p>","DOI":"10.22431\/25005227.354","type":"journal-article","created":{"date-parts":[[2017,7,5]],"date-time":"2017-07-05T16:06:06Z","timestamp":1499270766000},"page":"125-140","source":"Crossref","is-referenced-by-count":1,"title":["Derecho y desarrollo. El papel del ordenamiento jur\u00eddico para el desarrollo local"],"prefix":"10.22431","volume":"37","author":[{"given":"William Guillermo","family":"Jimenez","sequence":"first","affiliation":[],"role":[{"role":"author","vocabulary":"crossref"}]}],"member":"9723","published-online":{"date-parts":[[2009,6,29]]},"container-title":["Administraci\u00f3n &amp; Desarrollo"],"link":[{"URL":"https:\/\/revistas.esap.edu.co\/index.php\/admindesarro\/article\/download\/354\/pdf","content-type":"application\/pdf","content-version":"vor","intended-application":"text-mining"},{"URL":"https:\/\/revistas.esap.edu.co\/index.php\/admindesarro\/article\/download\/354\/pdf","content-type":"unspecified","content-version":"vor","intended-application":"similarity-checking"}],"deposited":{"date-parts":[[2021,11,12]],"date-time":"2021-11-12T19:13:15Z","timestamp":1636744395000},"score":0.0,"resource":{"primary":{"URL":"https:\/\/revistas.esap.edu.co\/index.php\/admindesarro\/article\/view\/354"}},"issued":{"date-parts":[[2009,6,29]]},"references-count":0,"journal-issue":{"issue":"51","published-online":{"date-parts":[[2009,6,29]]}},"URL":"https:\/\/doi.org\/10.22431\/25005227.354","ISSN":["2500-5227","0120-3754"],"issn-type":[{"value":"2500-5227","type":"electronic"},{"value":"0120-3754","type":"print"}],"published":{"date-parts":[[2009,6,29]]}},{"indexed":{"date-parts":[[2022,4,3]],"date-time":"2022-04-03T18:21:40Z","timestamp":1649010100035},"reference-count":0,"publisher":"Escuela Superior de Administraci\u00f3n P\u00fablica","isbn-type":[{"value":"9789586524322","type":"print"}],"content-domain":{"domain":[],"crossmark-restriction":false},"DOI":"10.22431\/9789586524322","type":"book","created":{"date-parts":[[2018,4,26]],"date-time":"2018-04-26T01:18:19Z","timestamp":1524705499000},"source":"Crossref","is-referenced-by-count":0,"title":["Curr\u00edculo regional departamento de Caldas, Colombia"],"prefix":"10.22431","author":[{"given":"Luis Hernando","family":"Amador Pineda","sequence":"first","affiliation":[],"role":[{"role":"author","vocabulary":"crossref"}]}],"member":"9723","published-online":{"date-parts":[[2018,4,6]]},"deposited":{"date-parts":[[2018,4,26]],"date-time":"2018-04-26T01:18:20Z","timestamp":1524705500000},"score":0.0,"resource":{"primary":{"URL":"http:\/\/www.esap.edu.co\/portal\/\/wp-content\/uploads\/2018\/04\/9.-Curriculo-regional-Caldas-digital.pdf"}},"issued":{"date-parts":[[2018,4,6]]},"ISBN":["9789586524322"],"references-count":0,"URL":"https:\/\/doi.org\/10.22431\/9789586524322","published":{"date-parts":[[2018,4,6]]}},{"indexed":{"date-parts":[[2022,4,2]],"date-time":"2022-04-02T13:03:21Z","timestamp":1648904601539},"reference-count":0,"publisher":"Escuela Superior de Administracion Publica","issue":"57","license":[{"start":{"date-parts":[[2013,11,1]],"date-time":"2013-11-01T00:00:00Z","timestamp":1383264000000},"content-version":"unspecified","delay-in-days":0,"URL":"http:\/\/creativecommons.org\/licenses\/by-nc-nd\/4.0"}],"content-domain":{"domain":[],"crossmark-restriction":false},"short-container-title":["Adm. Desarro."],"abstract":"<jats:p>En el \u00faltimo libro del autor de la teor\u00eda de los agujeros negros, se intenta dar una respuesta al origen del universo desde la f\u00edsica cu\u00e1ntica, a partir precisamente de las interacciones de espacio, el tiempo y la energ\u00eda de la materia. Hasta el momento, la mayor\u00eda de f\u00edsicos y cient\u00edficos hab\u00edan reconocido que por muy satisfactorias que parec\u00edan las explicaciones cient\u00edficas siempre eran deudoras de determinados presupuestos iniciales, dejando la posibilidad de alg\u00fan \u201cdise\u00f1o inteligente\u201d, una explicaci\u00f3n \u00faltima de la realidad que nos esquiva: \u201cAs\u00ed pues \u2013nos dice Davies\u2013, las cuestiones \u00faltimas quedar\u00e1n en todo caso fuera del alcance de la ciencia emp\u00edrica tal como se puede definir\u201d93.<\/jats:p>","DOI":"10.22431\/25005227.122","type":"journal-article","created":{"date-parts":[[2017,7,5]],"date-time":"2017-07-05T16:06:06Z","timestamp":1499270766000},"page":"105-106","source":"Crossref","is-referenced-by-count":0,"title":["El gran dise\u00f1o"],"prefix":"10.22431","volume":"41","author":[{"given":"William Guillermo","family":"Jimenez","sequence":"first","affiliation":[],"role":[{"role":"author","vocabulary":"crossref"}]}],"member":"9723","published-online":{"date-parts":[[2013,11,1]]},"container-title":["Administraci\u00f3n &amp; Desarrollo"],"link":[{"URL":"https:\/\/revistas.esap.edu.co\/index.php\/admindesarro\/article\/download\/122\/pdf","content-type":"application\/pdf","content-version":"vor","intended-application":"text-mining"},{"URL":"https:\/\/revistas.esap.edu.co\/index.php\/admindesarro\/article\/download\/122\/pdf","content-type":"unspecified","content-version":"vor","intended-application":"similarity-checking"}],"deposited":{"date-parts":[[2021,11,12]],"date-time":"2021-11-12T19:11:46Z","timestamp":1636744306000},"score":0.0,"resource":{"primary":{"URL":"https:\/\/revistas.esap.edu.co\/index.php\/admindesarro\/article\/view\/122"}},"issued":{"date-parts":[[2013,11,1]]},"references-count":0,"journal-issue":{"issue":"57","published-online":{"date-parts":[[2013,11,1]]}},"URL":"https:\/\/doi.org\/10.22431\/25005227.122","ISSN":["2500-5227","0120-3754"],"issn-type":[{"value":"2500-5227","type":"electronic"},{"value":"0120-3754","type":"print"}],"published":{"date-parts":[[2013,11,1]]}},{"indexed":{"date-parts":[[2025,11,6]],"date-time":"2025-11-06T16:50:32Z","timestamp":1762447832056,"version":"build-2065373602"},"reference-count":0,"publisher":"Escuela Superior de Administracion Publica","issue":"31","license":[{"start":{"date-parts":[[2023,12,14]],"date-time":"2023-12-14T00:00:00Z","timestamp":1702512000000},"content-version":"unspecified","delay-in-days":0,"URL":"https:\/\/creativecommons.org\/licenses\/by-nc-nd\/4.0"}],"content-domain":{"domain":[],"crossmark-restriction":false},"short-container-title":["Nova vetera"],"abstract":"<jats:p>The Democratic Culture Foundation (Fucude) published the research \u201cFrom oblivion to hope, Urab\u00e1: contexts and memories of the La Chinita massacre\u201d in 2021, a qualitative and interdisciplinary research that combines contextual analysis and case study of the Collective of victims of the Obrero La Chinita neighborhood in Apartad\u00f3, Urab\u00e1.Urab\u00e1 between 1980 and 2000 had the greatest humanitarian crisis due to political violence in Colombia. More than a hundred massacres against the civilian population were committed by different actors committed to crimes against humanity and war crimes. The La Chinita massacre in 1994 was the one of greatest magnitude and impact.The victims only received state attention with the enactment, in 2011, of the Victims Law. Since 2009, this group has undertaken actions of memory, resistance, and mobilization to demand truth, justice, reparation, and non-repetition. From the actions of collective memory, the group of victims emerged as a political subject that participates in demanding their rights through transitional justice mechanisms derived from the Peace Agreement in 2016.<\/jats:p>","DOI":"10.22431\/25005103.n31.2","type":"journal-article","created":{"date-parts":[[2023,12,21]],"date-time":"2023-12-21T09:40:53Z","timestamp":1703151653000},"source":"Crossref","is-referenced-by-count":0,"title":["Contexto y memoria. Resistencia y empoderamiento de las v\u00edctimas. Caso: la masacre de \u201cLa Chinita\u201d, Urab\u00e1","Context and memory. Resistance and empowerment of victims: the \u201cLa Chinita\u201d massacre, Urab\u00e1"],"prefix":"10.22431","author":[{"given":"\u00c1lvaro","family":"Villarraga Sarmiento","sequence":"first","affiliation":[],"role":[{"role":"author","vocabulary":"crossref"}]}],"member":"9723","published-online":{"date-parts":[[2023,12,14]]},"container-title":["Nova et Vetera"],"link":[{"URL":"https:\/\/revistas.esap.edu.co\/index.php\/novaetvetera\/article\/download\/842\/717","content-type":"application\/pdf","content-version":"vor","intended-application":"text-mining"},{"URL":"https:\/\/revistas.esap.edu.co\/index.php\/novaetvetera\/article\/download\/842\/717","content-type":"unspecified","content-version":"vor","intended-application":"similarity-checking"}],"deposited":{"date-parts":[[2025,11,6]],"date-time":"2025-11-06T16:47:56Z","timestamp":1762447676000},"score":0.0,"resource":{"primary":{"URL":"https:\/\/revistas.esap.edu.co\/index.php\/novaetvetera\/article\/view\/842"}},"issued":{"date-parts":[[2023,12,14]]},"references-count":0,"journal-issue":{"issue":"31","published-online":{"date-parts":[[2023,12,15]]}},"URL":"https:\/\/doi.org\/10.22431\/25005103.n31.2","ISSN":["2500-5103","0123-2614"],"issn-type":[{"type":"electronic","value":"2500-5103"},{"type":"print","value":"0123-2614"}],"published":{"date-parts":[[2023,12,14]]}},{"indexed":{"date-parts":[[2025,12,31]],"date-time":"2025-12-31T20:25:04Z","timestamp":1767212704087,"version":"3.48.0"},"reference-count":51,"publisher":"Escuela Superior de Administracion Publica","issue":"33","license":[{"start":{"date-parts":[[2024,12,11]],"date-time":"2024-12-11T00:00:00Z","timestamp":1733875200000},"content-version":"unspecified","delay-in-days":0,"URL":"https:\/\/creativecommons.org\/licenses\/by-nc-sa\/4.0"}],"content-domain":{"domain":[],"crossmark-restriction":false},"short-container-title":["Nova vetera"],"abstract":"<jats:p>The main objective of this research is to analyze the factors associated with the perception of police violence in Mexico City. The proposed analytical model considers negative perceptions of the police function; the risk of victimization, as well as different forms of informal and formal social control among the explanatory factors associated with witnessing police violence in the city. The analytical model was contrasted with data from the 2022 National Survey of Victimization and Perception of Public Safety using a binomial logistic regression analysis. The results indicate that the perception of police violence in Mexico City is associated with the objective risk of victimization, negative perceptions about police performance, as well as neighborhood trust and the implementation of police strategies such as operations and proximity policing.<\/jats:p>","DOI":"10.22431\/25005103.1099","type":"journal-article","created":{"date-parts":[[2024,12,14]],"date-time":"2024-12-14T08:26:53Z","timestamp":1734164813000},"page":"e1099","source":"Crossref","is-referenced-by-count":0,"title":["Percepciones sobre la violencia policial en la Ciudad de M\u00e9xico: victimizaci\u00f3n, control social y percepciones negativas sobre la funci\u00f3n policial","Perceptions of Police Violence in Mexico City: Victimization, Social Control, and Negative Perceptions of the Police Function"],"prefix":"10.22431","author":[{"ORCID":"https:\/\/orcid.org\/0000-0001-7764-4072","authenticated-orcid":false,"given":"Carolina","family":"Jasso Gonz\u00e1lez","sequence":"first","affiliation":[],"role":[{"role":"author","vocabulary":"crossref"}]}],"member":"9723","published-online":{"date-parts":[[2024,12,11]]},"reference":[{"key":"16888","unstructured":"Ansolabehere, K., Frey, B. y Payne, L.. (2017). Informe sobre desapariciones en el Estado de Nuevo Le\u00f3n con informaci\u00f3n de CADHAC. Observatorio sobre desaparici\u00f3n e impunidad, Facultad Latinoamericana de Ciencias Sociales (FLACSO), M\u00e9xico."},{"key":"16889","unstructured":"Alvarado, A. (2019). Reformas policiales y la construcci\u00f3n de un Estado de derecho. El caso de la polic\u00eda vecinal de Ciudad Nezahualc\u00f3yotl. Desacatos. Revista de Ciencias Sociales, 60, 34-57."},{"key":"16890","unstructured":"Alvarado, A. y Silva, C. (2011). Relaciones de autoridad y abuso policial en la Ciudad de M\u00e9xico. Revista mexicana de sociolog\u00eda, 73(3), 445-473. http:\/\/www.scielo.org.mx\/scielo.php?script=sci_abstractypid=S0188-25032011000300003ylng=esynrm=isoytlng=es"},{"key":"16891","doi-asserted-by":"crossref","unstructured":"Atuesta, L. H., Siordia, O. S. & Lajous, A. M. (2019). The \u201cWar on Drugs\u201d in Mexico: (Official) Database of Events between December 2006 and November 2011. Journal of Conflict Resolution, 63(7), 1765\u20131789. https:\/\/doi.org\/10.1177\/0022002718817093","DOI":"10.1177\/0022002718817093"},{"key":"16892","unstructured":"Atuesta, L. & Ponce, A. (2016). C\u00f3mo las intervenciones de las fuerzas p\u00fablicas de seguridad alteran la violencia. Evidencia del caso mexicano, Cuaderno de trabajo PPD, CIDE, M\u00e9xico. Cuaderno de trabajo PPD, CIDE. https:\/\/politicadedrogas.org\/documentos\/20160602_115145_19_Intervenci%C3%B3nFINAL1.pdf"},{"key":"16893","unstructured":"Blalock, H. M. (1967). Toward a Theory of Minority-group Relations. Wiley."},{"key":"16894","unstructured":"Bergman, M., Fondevila, G., Vilalta, C. y Azaola, E. (2014). Delito y C\u00e1rcel en M\u00e9xico, deterioro social y desempe\u00f1o institucional. CIDE. https:\/\/doi.org\/10.13140\/RG.2.2.13442.09922"},{"key":"16895","unstructured":"Buend\u00eda, E. y Gidi, T. (2022, mayo 19). Brutalidad policial en M\u00e9xico: Fen\u00f3meno sin l\u00edmite. Nexos. https:\/\/anticorrupcion.nexos.com.mx\/brutalidad-policial-en-mexico-fenomeno-sin-limite\/"},{"key":"16896","doi-asserted-by":"crossref","unstructured":"Chamlin, M. (1989). Conflict theory and police killings. Deviant Behavior, 10(4), 353-368. https:\/\/doi.org\/10.1080\/01639625.1989.9967822","DOI":"10.1080\/01639625.1989.9967822"},{"key":"16897","doi-asserted-by":"crossref","unstructured":"Corsaro, N., Frank, J. & Ozer, M. (2015). Perceptions of Police Practice, Cynicism of Police Performance, and Persistent Neighborhood Violence: An Intersecting Relationship. Journal of Criminal Justice, 43(1), 1-11. https:\/\/doi.org\/10.1016\/j.jcrimjus.2014.10.003","DOI":"10.1016\/j.jcrimjus.2014.10.003"},{"key":"16898","unstructured":"Chambliss, W. J. & Seidman, R. B. (1971). Law, Order, and Power. Addison-Wesley Publishing Company."},{"key":"16899","unstructured":"Chevigny, P. (1997). Edge of the Knife: Police Violence in the Americas. The New Press."},{"key":"16900","unstructured":"Comisi\u00f3n de Derechos Humanos de la Ciudad de M\u00e9xico (CDHCM). (2020). Solicitud p\u00fablica de informaci\u00f3n con folio 320000076820. https:\/\/buscador.plataformadetransparencia.org.mx\/buscador\/results"},{"key":"16901","unstructured":"Cort\u00e9s, L. (22 de febrero de 2022). La pobreza en las alcald\u00edas de la CDMX: Distintas realidades. Nexos. https:\/\/federalismo.nexos.com.mx\/2022\/02\/la-pobreza-en-las-alcaldias-de-la-cdmx-distintas-realidades\/"},{"key":"16902","unstructured":"Escalante, F. (1 de noviembre de 2009). Territorios violentos. Nexos. http:\/\/www.nexos.com.mx\/?p=3951"},{"key":"16903","doi-asserted-by":"crossref","unstructured":"Espinosa, V. & Donald B. R. (2015), \u201cDid the Military Interventions in the Mexican Drug War Increase Violence?\u201d, The American Statistician, 69(1), 18-21.","DOI":"10.1080\/00031305.2014.965796"},{"key":"16904","unstructured":"Fern\u00e1ndez, M. C. (2021). Violencia policial y juventud. Una revisi\u00f3n te\u00f3rica. Sociol\u00f3gica (M\u00e9xico), 36(103), 119-156."},{"key":"16905","doi-asserted-by":"crossref","unstructured":"H\u00e4m\u00e4l\u00e4inen, A. & Mick, P. (2023). Dealing with multivariate missing data in principal component analyses and subsequent model estimation: A two-step worked example using data from the Canadian Longitudinal Study of Aging. PsyArXiv. https:\/\/doi.org\/10.31234\/osf.io\/smcdv","DOI":"10.31234\/osf.io\/smcdv"},{"key":"16906","unstructured":"Hays, Z. (2008). Police Use of Excessive Force in Disorganized Neighborhoods. The Pennsylvania State University."},{"key":"16907","doi-asserted-by":"crossref","unstructured":"Hickman, M. J., Strote, J. N., Scales, R. M., Parkin, W. S. y Collins, P. A. (2021). Police Use of Force and Injury: Multilevel Predictors of Physical Harm to Subjects and Officers. Police Quarterly, 24(3), 267-297. https:\/\/doi.org\/10.1177\/1098611120972961","DOI":"10.1177\/1098611120972961"},{"key":"16908","unstructured":"Instituto Nacional de Estad\u00edstica y Geograf\u00eda (INEGI). (2022). Encuesta Nacional de Victimizaci\u00f3n y Percepci\u00f3n sobre Seguridad P\u00fablica (ENVIPE) 2022. INEGI https:\/\/www.inegi.org.mx\/programas\/envipe\/2022\/"},{"key":"16909","unstructured":"Instituto Nacional de Estad\u00edstica y Geograf\u00eda (INEGI) (2022). Censo Nacional de Seguridad P\u00fablica Estatal (CNSPE) 2022. INEGI. https:\/\/www.inegi.org.mx\/programas\/cnspe\/2022\/"},{"key":"16910","doi-asserted-by":"crossref","unstructured":"Jacobs, D. & O\u2019Brien, R. M. (1998). The Determinants of Deadly Force: A Structural Analysis of Police Violence. American Journal of Sociology, 103(4), 837-862. https:\/\/doi.org\/10.1086\/231291","DOI":"10.1086\/231291"},{"key":"16911","doi-asserted-by":"crossref","unstructured":"Jacobs, D. & Britt, D. (1979). Inequality and Police Use of Deadly Force: An Empirical Assessment of a Conflict Hypothesis. Social Problems, 26(4), 403\u2013412. https:\/\/doi.org\/10.2307\/800504","DOI":"10.1525\/sp.1979.26.4.03a00050"},{"key":"16912","doi-asserted-by":"crossref","unstructured":"Jacobs, D. (1978). Inequality and the Legal Order: An Ecological Test of the Conflict Model. Social Problems, 25(5), 515\u2013525. https:\/\/doi.org\/10.2307\/800100","DOI":"10.2307\/800100"},{"key":"16913","doi-asserted-by":"crossref","unstructured":"Kane, R. (2002). The Social Ecology of Police Misconduct. Criminology, 40, 867-896. https:\/\/doi.org\/10.1111\/j.1745-9125.2002.tb00976.x","DOI":"10.1111\/j.1745-9125.2002.tb00976.x"},{"key":"16914","unstructured":"Kessler, G. y Dimarco, S. (2014). Los j\u00f3venes, la violencia y la interacci\u00f3n con la polic\u00eda en Buenos Aires. En A. Alvarado (Ed.), Violencia Juvenil y Acceso a la Justicia en Am\u00e9rica Latina. Tomo I: Am\u00e9rica Latina (pp. 41-134). El Colegio de M\u00e9xico."},{"key":"16915","unstructured":"Madrazo, A., Calzada, R. y Romero, J. (2018a). La \u201cguerra contra las drogas\u201d. An\u00e1lisis de los combates de las fuerzas p\u00fablicas 2006-2011. Pol\u00edtica y gobierno, 25(2), 379-402."},{"key":"16916","unstructured":"Magaloni, B., Magaloni, A. L. y Razu, Z. (2018). La tortura como m\u00e9todo de investigaci\u00f3n criminal. El impacto de la guerra contra las drogas en M\u00e9xico. Pol\u00edtica y gobierno, 25 (2), 223-261."},{"key":"16917","doi-asserted-by":"crossref","unstructured":"Magaloni, B. & Rodriguez, L. (2020). Institutionalized Police Brutality: Torture, the Militarization of Security, and the Reform of Inquisitorial Criminal Justice in Mexico. American Political Science Review, 114(4), 1013-1034. https:\/\/doi.org\/10.1017\/S0003055420000520","DOI":"10.1017\/S0003055420000520"},{"key":"16918","unstructured":"Manzano, L. (2018). Experiences of Violent and Property Victimization in Santiago Neighbourhoods: Multilevel approaches to Social Disorganization theory and new ecological studies of crime [Thesis to obtain the PhD degree in Social Policy, The University of Edinburgh]."},{"key":"16919","unstructured":"Morales, S. y P\u00e9rez Ricart, C. (2014). M\u00e1s all\u00e1 del gasto militar: En b\u00fasqueda de un concepto para entender la militarizaci\u00f3n en M\u00e9xico (Vols. 2014-001). M\u00e9xico v\u00eda Berl\u00edn e.V."},{"key":"16920","unstructured":"Merino, J. (31 de enero de 2011). Mayor presencia de la autoridad no implica m\u00e1s ejecuciones. Animal Pol\u00edtico. http:\/\/www.animalpolitico.com\/2011\/01\/mayor-presencia-de-la-autoridad-no-implica-mas-ejecuciones\/"},{"key":"16921","doi-asserted-by":"crossref","unstructured":"Mora, D., Terrill, W. & Foster, J. (2023). A Decade of Police Use of Deadly Force Research (2011\u20132020). Homicide Studies, 27(1), 6-33. https:\/\/doi.org\/10.1177\/10887679221123591","DOI":"10.1177\/10887679221123591"},{"key":"16922","unstructured":"Mart\u00ednez de Murgu\u00eda, B. (1999). La polic\u00eda en M\u00e9xico: \u00bfOrden social o criminalidad? Editorial Planeta."},{"key":"16923","unstructured":"Padilla, S. (2021). Las polic\u00edas estatales en el proceso de militarizaci\u00f3n de la seguridad p\u00fablica en M\u00e9xico (2007-2018). El Colegio de M\u00e9xico, A.C."},{"key":"16924","doi-asserted-by":"crossref","unstructured":"Paoline, E. A. & Terrill, W. (2007). Police Education, Experience, and the Use of Force. Criminal Justice and Behavior, 34(2), 179-196. https:\/\/doi-org.biblioteca-colmex.idm.oclc.org\/10.1177\/0093854806290239","DOI":"10.1177\/0093854806290239"},{"key":"16925","unstructured":"Piccato, P. (2020). Historia nacional de la infamia: Crimen, verdad y justicia en M\u00e9xico. Grano de Sal."},{"key":"16926","doi-asserted-by":"crossref","unstructured":"Sampson, R. (2017). Collective Efficacy Theory: Lessons learned and directions for future inquir\u00ed. In F. T. Cullen, J. P. Wright, & K. R. Blevins (Eds.), Taking Stock: The Status of Criminological Theory (pp. 149-167). Routledge.","DOI":"10.4324\/9781315130620-6"},{"key":"16927","doi-asserted-by":"crossref","unstructured":"Sampson, R. & Groves, W. (1989). Community structure and crime: Testing social-disorganization theory. American Journal of Sociology, 94(4), 774-802.","DOI":"10.1086\/229068"},{"key":"16928","doi-asserted-by":"crossref","unstructured":"Sampson, R., Raudenbush, S. & Earls, F. (1997). Neighborhoods and violent crime: A multilevel study of collective efficacy. Science, 277(5328), 918-924. https:\/\/doi.org\/10.1126\/SCIENCE.277.5328.918","DOI":"10.1126\/science.277.5328.918"},{"key":"16929","doi-asserted-by":"crossref","unstructured":"Silva, C. (2019). Uso excesivo de la fuerza policial en la CDMX. Estudios sociol\u00f3gicos, 37(109), 165-193. https:\/\/dialnet.unirioja.es\/servlet\/articulo?codigo=6787846","DOI":"10.24201\/es.2019v37n109.1668"},{"key":"16930","unstructured":"Silva, C. y Padilla S. (2019). Militarizaci\u00f3n y uso de la fuerza durante y despu\u00e9s de la detenci\u00f3n sobre la poblaci\u00f3n privada de la libertad en M\u00e9xico. Desacatos revista de ciencias sociales, 60, 58-77."},{"key":"16931","doi-asserted-by":"crossref","unstructured":"Silva, C. y Padilla, S. (2020). Tortura en la guerra contra el narcotr\u00e1fico en M\u00e9xico, entre la militarizaci\u00f3n, el control pol\u00edtico y el nuevo sistema de justicia penal. Latin American Law Review, 4, 97-124. https:\/\/doi.org\/10.29263\/lar04.2020.05","DOI":"10.29263\/lar04.2020.05"},{"key":"16932","doi-asserted-by":"crossref","unstructured":"Silva, C., P\u00e9rez Correa, C. y Guti\u00e9rrez, R. (2012). Uso de la fuerza letal: Muertos, heridos y detenidos en enfrentamientos de las fuerzas federales con presuntos miembros de la delincuencia organizada. Desacatos, 40, 47-64.","DOI":"10.29340\/40.255"},{"key":"16933","doi-asserted-by":"crossref","unstructured":"Silva, C., P\u00e9rez Correa, C. y Guti\u00e9rrez, R. (2017). \u00cdndice de letalidad 2008-2014: menos enfrentamientos, misma letalidad, m\u00e1s opacidad. Perfiles latinoamericanos, 25(50), 331-359. https:\/\/doi.org\/10.18504\/pl2550-015-2017","DOI":"10.18504\/pl2550-015-2017"},{"key":"16934","doi-asserted-by":"crossref","unstructured":"Sorensen, J. R., Marquart, J. W. & Brock, D. E. (1993). Factors related to killings of felons by police officers: A test of the community violence and conflict hypotheses. Justice Quarterly, 10(3), 417\u2013440. https:\/\/doi.org\/10.1080\/07418829300091911","DOI":"10.1080\/07418829300091911"},{"key":"16935","doi-asserted-by":"crossref","unstructured":"Stinson, P. M. (2020). Criminology Explains Police Violence (1a ed., Vol. 1). University of California Press. https:\/\/doi.org\/10.2307\/j.ctvx1htxx","DOI":"10.1525\/9780520971639"},{"key":"16936","doi-asserted-by":"crossref","unstructured":"Stults, B. J. & Baumer, E. P. (2007). Racial Context and Police Force Size: Evaluating the Empirical Validity of the Minority Threat Perspective. American Journal of Sociology, 113(2), 507-546. https:\/\/doi.org\/10.1086\/518906","DOI":"10.1086\/518906"},{"key":"16937","doi-asserted-by":"crossref","unstructured":"Zahnow, R., Mazerolle, L., Wickes, R. & Corcoran, J. (2017). Living near violence: How proximity to violence shapes perceptions of police effectiveness and confidence in police. Journal of Environmental Psychology, 53, 138-144. https:\/\/doi.org\/10.1016\/j.jenvp.2017.07.007","DOI":"10.1016\/j.jenvp.2017.07.007"},{"key":"16938","unstructured":"Zavaleta, A., Kessler, G., Alvarado, A. y Zaverucha, J. (2016). Una aproximaci\u00f3n a las relaciones entre polic\u00edas y j\u00f3venes en Am\u00e9rica Latina. Pol\u00edtica y gobierno, 23(1), http:\/\/www.politicaygobierno.cide.edu\/index.php\/pyg\/article\/view\/739"}],"container-title":["Nova et Vetera"],"link":[{"URL":"https:\/\/revistas.esap.edu.co\/index.php\/novaetvetera\/article\/download\/1099\/787","content-type":"application\/pdf","content-version":"vor","intended-application":"text-mining"},{"URL":"https:\/\/revistas.esap.edu.co\/index.php\/novaetvetera\/article\/download\/1099\/787","content-type":"unspecified","content-version":"vor","intended-application":"similarity-checking"}],"deposited":{"date-parts":[[2025,12,31]],"date-time":"2025-12-31T20:19:14Z","timestamp":1767212354000},"score":0.0,"resource":{"primary":{"URL":"https:\/\/revistas.esap.edu.co\/index.php\/novaetvetera\/article\/view\/1099"}},"issued":{"date-parts":[[2024,12,11]]},"references-count":51,"journal-issue":{"issue":"33","published-online":{"date-parts":[[2024,4,30]]}},"URL":"https:\/\/doi.org\/10.22431\/25005103.1099","ISSN":["2500-5103","0123-2614"],"issn-type":[{"type":"electronic","value":"2500-5103"},{"type":"print","value":"0123-2614"}],"published":{"date-parts":[[2024,12,11]]}},{"indexed":{"date-parts":[[2025,11,6]],"date-time":"2025-11-06T16:50:21Z","timestamp":1762447821419,"version":"build-2065373602"},"reference-count":0,"publisher":"Escuela Superior de Administracion Publica","issue":"27","license":[{"start":{"date-parts":[[2018,12,3]],"date-time":"2018-12-03T00:00:00Z","timestamp":1543795200000},"content-version":"unspecified","delay-in-days":0,"URL":"http:\/\/creativecommons.org\/licenses\/by-nc-nd\/4.0"}],"content-domain":{"domain":[],"crossmark-restriction":false},"short-container-title":["Nova vetera"],"abstract":"<jats:p>This is an article of reflection on the participation of the victims in the framework of the armed conflict, guided by the revision of different documents from 1991 to the present; This exploration evidenced the coexistence of the instrumentality understood as the institutional interest that abstracts the right to participation and the vindication as a practice of emancipation of the victims and groups of victims. Amidst the tension that these conditions represent, there are advances in the strengthening of the political subjectivity of the victims from the recognition of the armed conflict until today.<\/jats:p>","DOI":"10.22431\/25005103.503","type":"journal-article","created":{"date-parts":[[2018,12,17]],"date-time":"2018-12-17T09:22:03Z","timestamp":1545038523000},"page":"48-75","source":"Crossref","is-referenced-by-count":1,"title":["Participaci\u00f3n pol\u00edtica de v\u00edctimas \u00bfreivindicaci\u00f3n o instrumentalidad?"],"prefix":"10.22431","author":[{"given":"MAR\u00cdA FERNANDA","family":"MOLANO GIRALDO","sequence":"first","affiliation":[],"role":[{"role":"author","vocabulary":"crossref"}]},{"given":"HERNANDO ALFONSO","family":"RENGIFO MORENO","sequence":"additional","affiliation":[],"role":[{"role":"author","vocabulary":"crossref"}]}],"member":"9723","published-online":{"date-parts":[[2018,12,3]]},"container-title":["Nova et Vetera"],"link":[{"URL":"https:\/\/revistas.esap.edu.co\/index.php\/novaetvetera\/article\/download\/503\/476","content-type":"application\/pdf","content-version":"vor","intended-application":"text-mining"},{"URL":"https:\/\/revistas.esap.edu.co\/index.php\/novaetvetera\/article\/download\/503\/476","content-type":"unspecified","content-version":"vor","intended-application":"similarity-checking"}],"deposited":{"date-parts":[[2025,11,6]],"date-time":"2025-11-06T16:47:35Z","timestamp":1762447655000},"score":0.0,"resource":{"primary":{"URL":"https:\/\/revistas.esap.edu.co\/index.php\/novaetvetera\/article\/view\/503"}},"issued":{"date-parts":[[2018,12,3]]},"references-count":0,"journal-issue":{"issue":"27","published-online":{"date-parts":[[2018,12,11]]}},"URL":"https:\/\/doi.org\/10.22431\/25005103.503","ISSN":["2500-5103","0123-2614"],"issn-type":[{"type":"electronic","value":"2500-5103"},{"type":"print","value":"0123-2614"}],"published":{"date-parts":[[2018,12,3]]}},{"indexed":{"date-parts":[[2025,11,6]],"date-time":"2025-11-06T16:37:57Z","timestamp":1762447077066,"version":"build-2065373602"},"reference-count":0,"publisher":"Escuela Superior de Administracion Publica","issue":"54","license":[{"start":{"date-parts":[[2011,12,1]],"date-time":"2011-12-01T00:00:00Z","timestamp":1322697600000},"content-version":"unspecified","delay-in-days":0,"URL":"http:\/\/creativecommons.org\/licenses\/by-nc-nd\/4.0"}],"content-domain":{"domain":[],"crossmark-restriction":false},"short-container-title":["Adm. Desarro."],"abstract":"<jats:p>Human capital as the driving force behind Colombia's economic growth forms both the title and hypothesis for the present article, understanding that the accumulation of human capital results from a stock of education and the population's wellbeing and health. This investigation only deals with the relationship with the first element. Interest in the topic has been justified in the sense that knowledge acquires increasingly more importance regarding globalisation and economic growth. In effect, a theoretical consensus may be appreciated for explaining certain macroeconomic phenomena such as gross domestic product (GDP), meaning that material relative to human capital, reflected as being the workers' set of skills must be considered, as well as capital factors and work. The present article's objectives were thus to contribute towards economic theory regarding determining how these variables are related, giving the results of investigations presenting empirical evidence about Colombia and making recommendations contributing towards formulating policy in this field.<\/jats:p>","DOI":"10.22431\/25005227.142","type":"journal-article","created":{"date-parts":[[2017,7,5]],"date-time":"2017-07-05T12:06:06Z","timestamp":1499256366000},"page":"151-166","source":"Crossref","is-referenced-by-count":0,"title":["El capital humano como impulsor del crecimiento econ\u00f3mico en Colombia","Human capital as the driving force behind economic growth in Colombia"],"prefix":"10.22431","volume":"39","author":[{"given":"Hector Hernado","family":"Villamil Bolivar","sequence":"first","affiliation":[],"role":[{"role":"author","vocabulary":"crossref"}]}],"member":"9723","published-online":{"date-parts":[[2011,12,1]]},"container-title":["Administraci\u00f3n &amp; Desarrollo"],"link":[{"URL":"https:\/\/revistas.esap.edu.co\/index.php\/admindesarro\/article\/download\/142\/pdf","content-type":"application\/pdf","content-version":"vor","intended-application":"text-mining"},{"URL":"https:\/\/revistas.esap.edu.co\/index.php\/admindesarro\/article\/download\/142\/pdf","content-type":"unspecified","content-version":"vor","intended-application":"similarity-checking"}],"deposited":{"date-parts":[[2025,11,6]],"date-time":"2025-11-06T16:34:18Z","timestamp":1762446858000},"score":0.0,"resource":{"primary":{"URL":"https:\/\/revistas.esap.edu.co\/index.php\/admindesarro\/article\/view\/142"}},"issued":{"date-parts":[[2011,12,1]]},"references-count":0,"journal-issue":{"issue":"54","published-online":{"date-parts":[[2011,12,1]]}},"URL":"https:\/\/doi.org\/10.22431\/25005227.142","ISSN":["2500-5227","0120-3754"],"issn-type":[{"type":"electronic","value":"2500-5227"},{"type":"print","value":"0120-3754"}],"published":{"date-parts":[[2011,12,1]]}},{"indexed":{"date-parts":[[2025,12,31]],"date-time":"2025-12-31T20:16:12Z","timestamp":1767212172968,"version":"3.48.0"},"reference-count":0,"publisher":"Escuela Superior de Administracion Publica","issue":"1","license":[{"start":{"date-parts":[[2017,6,30]],"date-time":"2017-06-30T00:00:00Z","timestamp":1498780800000},"content-version":"unspecified","delay-in-days":0,"URL":"http:\/\/creativecommons.org\/licenses\/by-nc-nd\/4.0"}],"content-domain":{"domain":[],"crossmark-restriction":false},"short-container-title":["Adm. Desarro."],"abstract":"<jats:p>Este escenario justifica plantear un an\u00e1lisis profundo de este fen\u00f3meno en Colombia; tomando como punto de partida la entrada oficial al mercado internacional en 1990 y la pol\u00edtica de comercio exterior, pasando por la sinergia de la internacionalizaci\u00f3n y sus resultados hasta nuestros d\u00edas; para finalmente, encontrar los efectos de la globalizaci\u00f3n como estado antag\u00f3nico de la internacionalizaci\u00f3n, comprobando sus verdaderos efectos a trav\u00e9s de instrumentos creados por quienes ven el \u00e9l resultados positivos a nivel global como de quienes lo critican y lo estigmatizan acus\u00e1ndolo de ser la causa de los males del mundo Latinoamericano.\u00a0<\/jats:p>","DOI":"10.22431\/25005227.56","type":"journal-article","created":{"date-parts":[[2017,8,28]],"date-time":"2017-08-28T10:00:28Z","timestamp":1503914428000},"page":"150-158","source":"Crossref","is-referenced-by-count":0,"title":["De la internacionalizaci\u00f3n a la globalizaci\u00f3n en Colombia"],"prefix":"10.22431","volume":"47","author":[{"given":"Diana Fabiola","family":"Echeverri Aguirre","sequence":"first","affiliation":[],"role":[{"role":"author","vocabulary":"crossref"}]}],"member":"9723","published-online":{"date-parts":[[2017,6,30]]},"container-title":["Administraci\u00f3n &amp; Desarrollo"],"link":[{"URL":"https:\/\/revistas.esap.edu.co\/index.php\/admindesarro\/article\/download\/56\/pdf","content-type":"application\/pdf","content-version":"vor","intended-application":"text-mining"},{"URL":"https:\/\/revistas.esap.edu.co\/index.php\/admindesarro\/article\/download\/56\/pdf","content-type":"unspecified","content-version":"vor","intended-application":"similarity-checking"}],"deposited":{"date-parts":[[2025,12,31]],"date-time":"2025-12-31T20:12:55Z","timestamp":1767211975000},"score":0.0,"resource":{"primary":{"URL":"https:\/\/revistas.esap.edu.co\/index.php\/admindesarro\/article\/view\/56"}},"issued":{"date-parts":[[2017,6,30]]},"references-count":0,"journal-issue":{"issue":"1","published-online":{"date-parts":[[2017,6,30]]}},"URL":"https:\/\/doi.org\/10.22431\/25005227.56","ISSN":["2500-5227","0120-3754"],"issn-type":[{"type":"electronic","value":"2500-5227"},{"type":"print","value":"0120-3754"}],"published":{"date-parts":[[2017,6,30]]}},{"indexed":{"date-parts":[[2026,5,21]],"date-time":"2026-05-21T05:42:29Z","timestamp":1779342149106,"version":"3.51.4"},"reference-count":0,"publisher":"Escuela Superior de Administracion Publica","issue":"1","license":[{"start":{"date-parts":[[2018,6,18]],"date-time":"2018-06-18T00:00:00Z","timestamp":1529280000000},"content-version":"unspecified","delay-in-days":0,"URL":"http:\/\/creativecommons.org\/licenses\/by-nc-nd\/4.0"}],"content-domain":{"domain":[],"crossmark-restriction":false},"short-container-title":["Adm. Desarro."],"abstract":"<jats:p>An analysis is made about the conception of the citizen in public management models, and how these are determined by the type of democracy that predominates in contemporary states. It consists of three parts: 1) main elements of liberal and republican democracy 2) how these elements materialize in the New Governance and the New Public Service 3) how these models configure different types of citizens. Finally, an invitation is made to rethink the so-called crisis of democracy, proposing the strengthening of models that conceive an active citizen, capable of managing their problems in a communitarian way.<\/jats:p>","DOI":"10.22431\/25005227.422","type":"journal-article","created":{"date-parts":[[2018,6,20]],"date-time":"2018-06-20T19:34:32Z","timestamp":1529523272000},"page":"115-137","source":"Crossref","is-referenced-by-count":3,"title":["Gesti\u00f3n p\u00fablica y ciudadan\u00eda: una reflexi\u00f3n en torno a las teor\u00edas sobre la democracia.","Public management and citizenhip: a reflection around theories about democracy"],"prefix":"10.22431","volume":"48","author":[{"ORCID":"https:\/\/orcid.org\/0000-0002-9891-6812","authenticated-orcid":false,"given":"Natalia","family":"Reyes Fern\u00e1ndez","sequence":"first","affiliation":[],"role":[{"role":"author","vocabulary":"crossref"}]},{"ORCID":"https:\/\/orcid.org\/0000-0002-2480-5060","authenticated-orcid":false,"given":"Mateo","family":"Ortiz Hern\u00e1ndez","sequence":"additional","affiliation":[],"role":[{"role":"author","vocabulary":"crossref"}]}],"member":"9723","published-online":{"date-parts":[[2018,6,18]]},"container-title":["Administraci\u00f3n &amp; Desarrollo"],"link":[{"URL":"https:\/\/revistas.esap.edu.co\/index.php\/admindesarro\/article\/download\/422\/459","content-type":"application\/pdf","content-version":"vor","intended-application":"text-mining"},{"URL":"https:\/\/revistas.esap.edu.co\/index.php\/admindesarro\/article\/download\/422\/459","content-type":"unspecified","content-version":"vor","intended-application":"similarity-checking"}],"deposited":{"date-parts":[[2025,11,6]],"date-time":"2025-11-06T16:34:33Z","timestamp":1762446873000},"score":0.0,"resource":{"primary":{"URL":"https:\/\/revistas.esap.edu.co\/index.php\/admindesarro\/article\/view\/422"}},"issued":{"date-parts":[[2018,6,18]]},"references-count":0,"journal-issue":{"issue":"1","published-online":{"date-parts":[[2018,6,18]]}},"URL":"https:\/\/doi.org\/10.22431\/25005227.422","ISSN":["2500-5227","0120-3754"],"issn-type":[{"value":"2500-5227","type":"electronic"},{"value":"0120-3754","type":"print"}],"published":{"date-parts":[[2018,6,18]]}},{"indexed":{"date-parts":[[2025,12,31]],"date-time":"2025-12-31T19:49:41Z","timestamp":1767210581385,"version":"3.48.0"},"reference-count":31,"publisher":"Escuela Superior de Administracion Publica","issue":"1","license":[{"start":{"date-parts":[[2025,6,20]],"date-time":"2025-06-20T00:00:00Z","timestamp":1750377600000},"content-version":"unspecified","delay-in-days":0,"URL":"https:\/\/creativecommons.org\/licenses\/by-nc-sa\/4.0"}],"content-domain":{"domain":[],"crossmark-restriction":false},"short-container-title":["Adm. Desarro."],"abstract":"<jats:p>This study argues for the participatory construction of a National Justice Policy (PNJ) in Brazil, considering the multidimension nature of justice as value, right, power, and public service. The research, theoretical and reflective in nature, employs hybrid democratic theories and the concept of state-society interfaces to support the hypothesis that the process of building conferences, particularly in the healthcare sector, can inspire the formulation of this policy. The objective is to establish the foundations for a PNJ that enhances accountability and strengthens judicial governance, promoting the democratization and legitimacy of the judicial system. The conclusion identifies elements of public conferences that could be applied to involve not only the National Council of Justice but also the Executive and Legislative branches, along with civil society, in the formulation of a PNJ. The proposal seeks to build a more accessible, equitable, and responsive judicial system aligned with the principles of the Democratic Rule of Law.<\/jats:p>","DOI":"10.22431\/25005227.1221","type":"journal-article","created":{"date-parts":[[2025,7,11]],"date-time":"2025-07-11T14:22:03Z","timestamp":1752243723000},"page":"e1221","source":"Crossref","is-referenced-by-count":0,"title":["A constru\u00e7\u00e3o participativa de uma pol\u00edtica nacional de justi\u00e7a a partir do modelo de confer\u00eancias p\u00fablicas no Brasil","The participatory construction of a national justice policy through the model of public conferences in Brazil","La construcci\u00f3n participativa de una pol\u00edtica nacional de justicia basada en el modelo de conferencia p\u00fablica en Brasil"],"prefix":"10.22431","volume":"55","author":[{"ORCID":"https:\/\/orcid.org\/0000-0002-7055-9403","authenticated-orcid":false,"given":"Claudia Maria","family":"Barbosa","sequence":"first","affiliation":[],"role":[{"role":"author","vocabulary":"crossref"}]},{"ORCID":"https:\/\/orcid.org\/0000-0003-2496-4886","authenticated-orcid":false,"given":"Jos\u00e9","family":"Querino Tavares Neto","sequence":"additional","affiliation":[],"role":[{"role":"author","vocabulary":"crossref"}]},{"ORCID":"https:\/\/orcid.org\/0000-0001-5387-2257","authenticated-orcid":false,"given":"Maria Let\u00edcia","family":"Barbosa Xavier","sequence":"additional","affiliation":[],"role":[{"role":"author","vocabulary":"crossref"}]}],"member":"9723","published-online":{"date-parts":[[2025,6,20]]},"reference":[{"key":"22215","doi-asserted-by":"publisher","DOI":"10.1590\/S0104-62762012000200006"},{"key":"22216","unstructured":"Barbosa, C. M. (2021). A import\u00e2ncia da dimens\u00e3o pol\u00edtica da accountability social do judici\u00e1rio brasileiro para a democratiza\u00e7\u00e3o da justi\u00e7a e para a supera\u00e7\u00e3o do modelo de gest\u00e3o judicial. In Novas direitas e genoc\u00eddio no Brasil: pandemias e pandem\u00f4nio (pp. 227-238). Tirant lo Blanch."},{"key":"22217","doi-asserted-by":"publisher","DOI":"10.55839\/2318-8650RevParRPv33n2pa121-136"},{"key":"22218","unstructured":"Bourdieu, P. (1983). O campo cient\u00edfico (P. Montero, Trans.). In R. o. Ortiz (Ed.), Bourdieu - Sociologia (Vol. 39, pp. 122-155). \u00c1tica."},{"key":"22219","unstructured":"Constitui\u00e7\u00e3o da Rep\u00fablica Federativa do Brasil, (1988). https:\/\/normas.leg.br\/?urn=urn:lex:br:federal:constituicao:1988-10-05"},{"key":"22220","unstructured":"Lei N\u00ba 8.142, de 28 de dezembro de 1990. Disp\u00f5e sobre a participa\u00e7\u00e3o da comunidade na gest\u00e3o do Sistema \u00danico de Sa\u00fade (...) e d\u00e1 outras provid\u00eancias, (1990). https:\/\/www.planalto.gov.br\/ccivil_03\/leis\/l8142.htm#:~:text=LEI%20N%C2%BA%208.142%2C%20DE%2028%20DE%20DEZEMBRO%20DE%201990.&text=Disp%C3%B5e%20sobre%20a%20participa%C3%A7%C3%A3o%20da,sa%C3%BAde%20e%20d%C3%A1%20outras%20provid%C3%AAncias.&text=II%20%2D%20o%20Conselho%20de%20Sa%C3%BAde"},{"key":"22221","unstructured":"Brasil. Tribunal de Contas da Uni\u00e3o. (2021). Pol\u00edtica p\u00fablica em dez passos. Bras\u00edlia: Tribunal de Contas da Uni\u00e3o Retrieved from https:\/\/atricon.org.br\/wp-content\/uploads\/2023\/07\/Politica-Publica-em-Dez-Passos_web.pdf"},{"key":"22222","unstructured":"Cappelletti, M., & Garth, B. (2015). Acesso \u00e0 justi\u00e7a. Sergio Antonio Fabris Editor."},{"key":"22223","unstructured":"Conselho Nacional de Justi\u00e7a. (2024). Justi\u00e7a em n\u00fameros. CNJ."},{"key":"22224","unstructured":"Conselho Nacional de Justi\u00e7a (2023). Guia de Pol\u00edtica Judici\u00e1ria Nacional Program\u00e1tica. Bras\u00edlia, DF: Conselho Nacional de Justi\u00e7a"},{"key":"22225","doi-asserted-by":"publisher","DOI":"10.22431\/25005227.vol50n2.2"},{"key":"22226","unstructured":"Dakolias, M. (1997). El sector judicial en Am\u00e9rica Latina y el Caribe. Elementos de reforma."},{"key":"22227","unstructured":"Fernandes, B. G. (2015). Curso de direito constitucional. Jus Podiam."},{"key":"22228","unstructured":"Fonseca, I. F. d. (2019). Participa\u00e7\u00e3o como m\u00e9todo de governo :experi\u00eancias transcalares no Rio Grande do Sul, Brasil e na Toscana, It\u00e1lia. (La participation comme m\u00e9thode de gouvernement : exp\u00e9riences transcalaires dans le Rio Grande do Sul, au Br\u00e9sil et en Toscane, en Italie). IPEA - Instituto de Pesquisas Econ\u00f4micas Aplicadas."},{"key":"22229","unstructured":"Frey, K. (2000). Pol\u00edticas p\u00fablicas: um debate conceitual e reflex\u00f5es referentes \u00e0 pr\u00e1tica da an\u00e1lise de pol\u00edticas p\u00fablicas no Brasil. Planejamento e Pol\u00edticas P\u00fablicas, 21, 48."},{"key":"22230","doi-asserted-by":"publisher","DOI":"10.1108\/RAUSP-04-2018-010"},{"key":"22231","unstructured":"Hevia, F., & Isunza Vera, E. (2010). La perspectiva de interfaz aplicada a las relaciones sociedade civil-Estado em M\u00e9xico. In Ciesas (Ed.), La democratizaci\u00f3n frustrada (pp. 59-128). Ciesas."},{"key":"22232","unstructured":"Lopez, F. G., & Pires, R. R. C. (2010). Institui\u00e7\u00f5es participativas e pol\u00edticas p\u00fablicas no Brasil : caracter\u00edsticas e evolu\u00e7\u00e3o nas \u00faltimas duas d\u00e9cadas. (Institutions participatives et politiques publiques au Br\u00e9sil : caract\u00e9ristiques et \u00e9volution au cours des deux derni\u00e8res d\u00e9cennies). In Brasil em Desenvolvimento : Estado, planejamento e pol\u00edticas p\u00fablicas (Vol. 3, pp. 565-585). IPEA."},{"key":"22233","unstructured":"Malena, C., Forster, R., & Singh, J. (2004). Social accountability: an introduction to the concept and emerging practice. https:\/\/documents.worldbank.org\/en\/publication\/documents-reports\/documentdetail\/327691468779445304\/social-accountability-an-introduction-to-the-concept-and-emerging-practice"},{"key":"22234","doi-asserted-by":"publisher","DOI":"10.18759\/rdgf.v16i1.631"},{"key":"22235","doi-asserted-by":"publisher","DOI":"10.18352\/ulr.149"},{"key":"22236","unstructured":"Open Government Partnership. (2019). Acesso a la justicia. Informe Global. Democracia m\u00e1s all\u00e1 de las urnas electorales. Retrieved from https:\/\/www.opengovpartnership.org\/wp-content\/uploads\/2019\/09\/Acceso-a-la-Justicia.pdf"},{"key":"22237","unstructured":"Organiza\u00e7\u00e3o das Na\u00e7\u00f5es Unidas. (2024). Objetivos do desenvolvimento sustent\u00e1vel. Retrieved 06 de janeiro from https:\/\/brasil.un.org\/pt-br\/sdgs"},{"key":"22238","doi-asserted-by":"publisher","DOI":"10.1590\/S0102-64452014000300004"},{"key":"22239","doi-asserted-by":"publisher","DOI":"10.1590\/S0011-52582011000300002"},{"key":"22240","doi-asserted-by":"publisher","DOI":"10.1590\/001152582017113"},{"key":"22241","doi-asserted-by":"publisher","DOI":"10.17058\/rdunisc.v3i56.12688"},{"key":"22242","unstructured":"Souza, C. H. L. d., Crux\u00ean, I. A., Alencar, J. L. O., Lima, P. P. F., & Ribeiro, U. C. (2013). Amplia\u00e7\u00e3o da participa\u00e7\u00e3o na gest\u00e3o p\u00fablica : um estudo sobre confer\u00eancias nacionais realizadas entre 2003 e 2011. (\u00c9largir la participation \u00e0 la gestion publique : une \u00e9tude des conf\u00e9rences nationales organis\u00e9es entre 2003 et 2011). IPEA. https:\/\/repositorio.ipea.gov.br\/handle\/11058\/7539"},{"key":"22243","doi-asserted-by":"publisher","DOI":"10.24824\/978652510007.4"},{"key":"22244","unstructured":"Warat, L. A. (1984). O direito e sua linguagem (Vol. 1 vers\u00e3o 2). Sergio Antonio Fabris Editor."},{"key":"22245","unstructured":"Watanabe, K. (2019). Acesso \u00e0 ordem jur\u00eddica justa: conceito atualizado de acesso \u00e0 justi\u00e7a, processos coletivos e outros estudos. Del Rey"}],"container-title":["Administraci\u00f3n &amp; Desarrollo"],"link":[{"URL":"https:\/\/revistas.esap.edu.co\/index.php\/admindesarro\/article\/download\/politica_nacional_justica_modelo_conferencias_publicas_Brasil\/810","content-type":"application\/pdf","content-version":"vor","intended-application":"text-mining"},{"URL":"https:\/\/revistas.esap.edu.co\/index.php\/admindesarro\/article\/download\/politica_nacional_justica_modelo_conferencias_publicas_Brasil\/827","content-type":"text\/xml","content-version":"vor","intended-application":"text-mining"},{"URL":"https:\/\/revistas.esap.edu.co\/index.php\/admindesarro\/article\/download\/politica_nacional_justica_modelo_conferencias_publicas_Brasil\/810","content-type":"unspecified","content-version":"vor","intended-application":"similarity-checking"}],"deposited":{"date-parts":[[2025,12,31]],"date-time":"2025-12-31T19:47:03Z","timestamp":1767210423000},"score":0.0,"resource":{"primary":{"URL":"https:\/\/revistas.esap.edu.co\/index.php\/admindesarro\/article\/view\/politica_nacional_justica_modelo_conferencias_publicas_Brasil"}},"issued":{"date-parts":[[2025,6,20]]},"references-count":31,"journal-issue":{"issue":"1","published-online":{"date-parts":[[2025,2,3]]}},"URL":"https:\/\/doi.org\/10.22431\/25005227.1221","ISSN":["2500-5227","0120-3754"],"issn-type":[{"type":"electronic","value":"2500-5227"},{"type":"print","value":"0120-3754"}],"published":{"date-parts":[[2025,6,20]]}},{"indexed":{"date-parts":[[2026,6,5]],"date-time":"2026-06-05T19:00:18Z","timestamp":1780686018781,"version":"3.54.1"},"reference-count":0,"publisher":"Escuela Superior de Administracion Publica","license":[{"start":{"date-parts":[[2026,3,20]],"date-time":"2026-03-20T00:00:00Z","timestamp":1773964800000},"content-version":"unspecified","delay-in-days":0,"URL":"https:\/\/creativecommons.org\/licenses\/by-nc-sa\/4.0"}],"content-domain":{"domain":[],"crossmark-restriction":false},"short-container-title":["Nova vetera"],"abstract":"<jats:p>Problem statement: On October 7, 1973, fifteen peasants from the town of Isla de Maipo, south of Santiago, Chile, were detained and later disappeared by state agents. Their families demanded answers from the courts, but never received them. Five years later, the bodies of the fifteen peasants were found. But once again, their families did not obtain justice. With the return of democracy in Chile, transitional justice policies were implemented, including a truth commission and reparations policies as part of the justice process. This reflection addresses the case of the fifteen peasants with the aim of analyzing how the state, through transitional justice policies, provided a response to the families in relation to truth, reparations, and the justice process. Methodology: A qualitative methodology was used based on techniques such as a literature review, analysis of transitional justice policies, and a review of the court rulings in the case of the fifteen peasants. Conclusion: The study accounts for transitional justice policies in Chile in order to analyze how the demands for truth, reparation, and justice have been met.<\/jats:p>","DOI":"10.22431\/25005103.1146","type":"journal-article","created":{"date-parts":[[2026,6,5]],"date-time":"2026-06-05T18:03:25Z","timestamp":1780682605000},"source":"Crossref","is-referenced-by-count":0,"title":["Represi\u00f3n a los campesinos durante la dictadura en Chile. El caso de Hornos de Lonqu\u00e9n","Repression of farmers during the dictatorship in Chile. The case of Hornos de Lonqu\u00e9n"],"prefix":"10.22431","volume":"35","author":[{"ORCID":"https:\/\/orcid.org\/0000-0003-4840-1092","authenticated-orcid":false,"given":"Boris","family":"Hau","sequence":"first","affiliation":[],"role":[{"vocabulary":"crossref","role":"author"}]}],"member":"9723","published-online":{"date-parts":[[2026,3,20]]},"container-title":["Nova et Vetera"],"link":[{"URL":"https:\/\/revistas.esap.edu.co\/index.php\/novaetvetera\/article\/download\/1146\/876","content-type":"application\/pdf","content-version":"vor","intended-application":"text-mining"},{"URL":"https:\/\/revistas.esap.edu.co\/index.php\/novaetvetera\/article\/download\/1146\/876","content-type":"unspecified","content-version":"vor","intended-application":"similarity-checking"}],"deposited":{"date-parts":[[2026,6,5]],"date-time":"2026-06-05T18:03:26Z","timestamp":1780682606000},"score":0.0,"resource":{"primary":{"URL":"https:\/\/revistas.esap.edu.co\/index.php\/novaetvetera\/article\/view\/1146"}},"issued":{"date-parts":[[2026,3,20]]},"references-count":0,"URL":"https:\/\/doi.org\/10.22431\/25005103.1146","ISSN":["2500-5103","0123-2614"],"issn-type":[{"value":"2500-5103","type":"electronic"},{"value":"0123-2614","type":"print"}],"published":{"date-parts":[[2026,3,20]]}},{"indexed":{"date-parts":[[2025,11,6]],"date-time":"2025-11-06T16:51:32Z","timestamp":1762447892313,"version":"build-2065373602"},"reference-count":0,"publisher":"Escuela Superior de Administracion Publica","issue":"32","license":[{"start":{"date-parts":[[2023,12,11]],"date-time":"2023-12-11T00:00:00Z","timestamp":1702252800000},"content-version":"unspecified","delay-in-days":0,"URL":"https:\/\/creativecommons.org\/licenses\/by-nc-nd\/4.0"}],"content-domain":{"domain":[],"crossmark-restriction":false},"short-container-title":["Nova vetera"],"abstract":"<jats:p>This paper analyses the psychological impact of people who have experienced acts of violence by illegal armed groups in the municipality of Monterrey, Casanare. These types of victimizing acts violate the right to health, the right to personal integrity, the right to life and, consequently, do not allow the full development of human rights. The right to health is important to the extent that its guarantee provides people with full enjoyment of their physical, mental, emotional, and social state, especially to achieve a dignified life for themselves as an individual as well as for the world around them. For this reason, it is the axis of the present investigation for which a mixed methodology was used, that is, qualitative and quantitative, through the EGEP instrument (Global Evaluation of Post-Traumatic Stress), which allows to identify the presence of post-traumatic stress after an event. victimizing. This work evidences the psychological impact of the victims of the armed conflict in Monterrey, Casanare, and who are in the process of restitution of their rights by the State, within the framework of Law 1448 of 2011, with the intention of identifying how the violence developed in the midst of the armed conflict brings individual and collective consequences, leaving physical, psychological and social consequences.<\/jats:p>","DOI":"10.22431\/25005103.n32.1","type":"journal-article","created":{"date-parts":[[2023,12,14]],"date-time":"2023-12-14T10:21:10Z","timestamp":1702549270000},"source":"Crossref","is-referenced-by-count":0,"title":["Impacto ps\u00edquico de las v\u00edctimas de la violencia causada por grupos armados al margen de la ley en Monterrey, Casanare","Psychic impact of victims of violence caused by armed groups outside the law in Monterrey, Casanare"],"prefix":"10.22431","author":[{"given":"Carmen Andrea","family":"Ayala G\u00f3mez","sequence":"first","affiliation":[],"role":[{"role":"author","vocabulary":"crossref"}]}],"member":"9723","published-online":{"date-parts":[[2023,12,11]]},"container-title":["Nova et Vetera"],"link":[{"URL":"https:\/\/revistas.esap.edu.co\/index.php\/novaetvetera\/article\/download\/916\/716","content-type":"application\/pdf","content-version":"vor","intended-application":"text-mining"},{"URL":"https:\/\/revistas.esap.edu.co\/index.php\/novaetvetera\/article\/download\/916\/716","content-type":"unspecified","content-version":"vor","intended-application":"similarity-checking"}],"deposited":{"date-parts":[[2025,11,6]],"date-time":"2025-11-06T16:47:58Z","timestamp":1762447678000},"score":0.0,"resource":{"primary":{"URL":"https:\/\/revistas.esap.edu.co\/index.php\/novaetvetera\/article\/view\/916"}},"issued":{"date-parts":[[2023,12,11]]},"references-count":0,"journal-issue":{"issue":"32","published-online":{"date-parts":[[2023,12,11]]}},"URL":"https:\/\/doi.org\/10.22431\/25005103.n32.1","ISSN":["2500-5103","0123-2614"],"issn-type":[{"type":"electronic","value":"2500-5103"},{"type":"print","value":"0123-2614"}],"published":{"date-parts":[[2023,12,11]]}},{"indexed":{"date-parts":[[2025,12,31]],"date-time":"2025-12-31T20:19:17Z","timestamp":1767212357257,"version":"3.48.0"},"reference-count":0,"publisher":"Escuela Superior de Administracion Publica","issue":"2","license":[{"start":{"date-parts":[[2015,12,1]],"date-time":"2015-12-01T00:00:00Z","timestamp":1448928000000},"content-version":"unspecified","delay-in-days":0,"URL":"http:\/\/creativecommons.org\/licenses\/by-nc-nd\/4.0"}],"content-domain":{"domain":[],"crossmark-restriction":false},"short-container-title":["Adm. Desarro."],"abstract":"<jats:p>This article aims to identify the relationship between the Intellectual Capital (IC) and the Intellectual property (IP) and the way in which both can manage to create value in the organizations. The study was developed considering the following aspects: first a contextualization and analysis of the academic production indexed about the matter in Scopus, a bibliography index, followed by the revision of the available documents in the indexation service and finished with Scopus, Science Direct, Scielo (SSRN) and Emerald summary. A very tight relationship between CI and PI was found, and it was observed that both are intangible elements which in accordance with their proper management could create a meaningful value for the organizations.<\/jats:p>","DOI":"10.22431\/25005227.11","type":"journal-article","created":{"date-parts":[[2017,7,5]],"date-time":"2017-07-05T12:05:54Z","timestamp":1499256354000},"page":"190-207","source":"Crossref","is-referenced-by-count":1,"title":["Gesti\u00f3n de activos intelectuales y creaci\u00f3n de valor","Intellectual assets management and value creation"],"prefix":"10.22431","volume":"45","author":[{"given":"Miguel \u00c1ngel","family":"Olarte Reyes","sequence":"first","affiliation":[],"role":[{"role":"author","vocabulary":"crossref"}]},{"given":"Jenny-Paola","family":"Lis-Guti\u00e9rrez","sequence":"additional","affiliation":[],"role":[{"role":"author","vocabulary":"crossref"}]}],"member":"9723","published-online":{"date-parts":[[2015,12,1]]},"container-title":["Administraci\u00f3n &amp; Desarrollo"],"link":[{"URL":"https:\/\/revistas.esap.edu.co\/index.php\/admindesarro\/article\/download\/11\/pdf","content-type":"application\/pdf","content-version":"vor","intended-application":"text-mining"},{"URL":"https:\/\/revistas.esap.edu.co\/index.php\/admindesarro\/article\/download\/11\/pdf","content-type":"unspecified","content-version":"vor","intended-application":"similarity-checking"}],"deposited":{"date-parts":[[2025,12,31]],"date-time":"2025-12-31T20:15:34Z","timestamp":1767212134000},"score":0.0,"resource":{"primary":{"URL":"https:\/\/revistas.esap.edu.co\/index.php\/admindesarro\/article\/view\/11"}},"issued":{"date-parts":[[2015,12,1]]},"references-count":0,"journal-issue":{"issue":"2","published-online":{"date-parts":[[2015,12,1]]}},"URL":"https:\/\/doi.org\/10.22431\/25005227.11","ISSN":["2500-5227","0120-3754"],"issn-type":[{"type":"electronic","value":"2500-5227"},{"type":"print","value":"0120-3754"}],"published":{"date-parts":[[2015,12,1]]}},{"indexed":{"date-parts":[[2026,7,16]],"date-time":"2026-07-16T03:03:25Z","timestamp":1784171005179,"version":"3.55.0"},"reference-count":0,"publisher":"Escuela Superior de Administracion Publica","issue":"2","license":[{"start":{"date-parts":[[2016,7,31]],"date-time":"2016-07-31T00:00:00Z","timestamp":1469923200000},"content-version":"unspecified","delay-in-days":0,"URL":"http:\/\/creativecommons.org\/licenses\/by-nc-nd\/4.0"}],"content-domain":{"domain":[],"crossmark-restriction":false},"short-container-title":["Adm. Desarro."],"abstract":"<jats:p>The following paper presents a research that focuses on the main productive sector of the District of Arauca, Colombia. It describes the analysis of the competitive conditions of Arauca\u00b4s touristic productive chain. The participants of the study were the main representatives of the chain who identified the strengths and weaknesses of this economic activity in the territory. The criteria used to choose the participants was based on the multimodal approach which integrated both, primary and secondary information over 18 thorough interviews. The assessment was done based on three important aspects: productive, competitive and technologic. Consequently a great productive potential in the touristic sector in Arauca was identified, mainly ecological, agro-touristic and adventure niches, however it was also very distinct that growth and consolidation possibilities are limited due to structural difficulties in the sector.<\/jats:p>","DOI":"10.22431\/25005227.14","type":"journal-article","created":{"date-parts":[[2017,7,5]],"date-time":"2017-07-05T12:05:54Z","timestamp":1499256354000},"page":"134-145","source":"Crossref","is-referenced-by-count":0,"title":["An\u00e1lisis del perfil competitivo de la cadena productiva del turismo en el departamento de Arauca","Analysis of the competitive profile in the productive touristic chain in the district of Arauca, Colombia"],"prefix":"10.22431","volume":"46","author":[{"given":"Eduardo Andr\u00e9s","family":"Botero Cede\u00f1o","sequence":"first","affiliation":[],"role":[{"vocabulary":"crossref","role":"author"}]}],"member":"9723","published-online":{"date-parts":[[2016,7,31]]},"container-title":["Administraci\u00f3n &amp; Desarrollo"],"link":[{"URL":"https:\/\/revistas.esap.edu.co\/index.php\/admindesarro\/article\/download\/14\/pdf","content-type":"application\/pdf","content-version":"vor","intended-application":"text-mining"},{"URL":"https:\/\/revistas.esap.edu.co\/index.php\/admindesarro\/article\/download\/14\/pdf","content-type":"unspecified","content-version":"vor","intended-application":"similarity-checking"}],"deposited":{"date-parts":[[2026,7,16]],"date-time":"2026-07-16T02:16:26Z","timestamp":1784168186000},"score":0.0,"resource":{"primary":{"URL":"https:\/\/revistas.esap.edu.co\/index.php\/admindesarro\/article\/view\/14"}},"issued":{"date-parts":[[2016,7,31]]},"references-count":0,"journal-issue":{"issue":"2","published-online":{"date-parts":[[2016,7,31]]}},"URL":"https:\/\/doi.org\/10.22431\/25005227.14","ISSN":["2500-5227","0120-3754"],"issn-type":[{"value":"2500-5227","type":"electronic"},{"value":"0120-3754","type":"print"}],"published":{"date-parts":[[2016,7,31]]}},{"indexed":{"date-parts":[[2026,4,30]],"date-time":"2026-04-30T22:21:53Z","timestamp":1777587713372,"version":"3.51.4"},"reference-count":0,"publisher":"Escuela Superior de Administracion Publica","issue":"64","license":[{"start":{"date-parts":[[2011,12,15]],"date-time":"2011-12-15T00:00:00Z","timestamp":1323907200000},"content-version":"unspecified","delay-in-days":0,"URL":"http:\/\/creativecommons.org\/licenses\/by-nc-nd\/4.0"}],"content-domain":{"domain":[],"crossmark-restriction":false},"short-container-title":["Nova vetera"],"abstract":"<jats:p>Este art\u00edculo busca identificar las principales teor\u00edas a partir de las cuales se ha explicado el problema de la trata de personas. Espec\u00edficamente, se propone determinar las causas a las que se atribuye el problema, los imaginarios de v\u00edctimas y victimarios desarrollados por cada postura y las principales respuestas institucionales propuestas. El texto se basa en un estudio cualitativo de trabajos acad\u00e9micos de origen nacional y extranjero, a partir del cual se identificaron las siguientes perspectivas: criminal, de derechos humanos, de seguridad humana, feminista, de la teor\u00eda de la globalizaci\u00f3n y de los estudios culturales. Se concluye que son pocos los trabajos acad\u00e9micos que analizan la trata en toda su complejidad y se llama la atenci\u00f3n sobre la necesidad de dise\u00f1ar respuestas institucionales que articulen todas las explicaciones de la trata presentes en el mundo acad\u00e9mico.<\/jats:p>","DOI":"10.22431\/25005103.172","type":"journal-article","created":{"date-parts":[[2017,7,5]],"date-time":"2017-07-05T15:34:05Z","timestamp":1499268845000},"page":"105-120","source":"Crossref","is-referenced-by-count":3,"title":["\u00bfCu\u00e1l es el problema de la trata de personas? Revisi\u00f3n de las posturas te\u00f3ricas desde las que se aborda la trata"],"prefix":"10.22431","volume":"20","author":[{"given":"Johana del Pilar","family":"Cortes Nieto","sequence":"first","affiliation":[],"role":[{"role":"author","vocabulary":"crossref"}]},{"given":"Gladys Adriana","family":"Becerra Barbosa","sequence":"additional","affiliation":[],"role":[{"role":"author","vocabulary":"crossref"}]},{"given":"Laura Sofia","family":"Lopez Rodriguez","sequence":"additional","affiliation":[],"role":[{"role":"author","vocabulary":"crossref"}]},{"given":"Rocio Lililana","family":"Quintero","sequence":"additional","affiliation":[],"role":[{"role":"author","vocabulary":"crossref"}]}],"member":"9723","published-online":{"date-parts":[[2011,12,15]]},"container-title":["Nova et Vetera"],"link":[{"URL":"https:\/\/revistas.esap.edu.co\/index.php\/novaetvetera\/article\/download\/172\/pdf","content-type":"application\/pdf","content-version":"vor","intended-application":"text-mining"},{"URL":"https:\/\/revistas.esap.edu.co\/index.php\/novaetvetera\/article\/download\/172\/pdf","content-type":"unspecified","content-version":"vor","intended-application":"similarity-checking"}],"deposited":{"date-parts":[[2025,12,31]],"date-time":"2025-12-31T20:26:32Z","timestamp":1767212792000},"score":0.0,"resource":{"primary":{"URL":"https:\/\/revistas.esap.edu.co\/index.php\/novaetvetera\/article\/view\/172"}},"issued":{"date-parts":[[2011,12,15]]},"references-count":0,"journal-issue":{"issue":"64","published-online":{"date-parts":[[2011,12,15]]}},"URL":"https:\/\/doi.org\/10.22431\/25005103.172","ISSN":["2500-5103","0123-2614"],"issn-type":[{"value":"2500-5103","type":"electronic"},{"value":"0123-2614","type":"print"}],"published":{"date-parts":[[2011,12,15]]}},{"indexed":{"date-parts":[[2025,12,31]],"date-time":"2025-12-31T20:20:23Z","timestamp":1767212423433,"version":"3.48.0"},"reference-count":0,"publisher":"Escuela Superior de Administracion Publica","issue":"2","license":[{"start":{"date-parts":[[2016,7,31]],"date-time":"2016-07-31T00:00:00Z","timestamp":1469923200000},"content-version":"unspecified","delay-in-days":0,"URL":"http:\/\/creativecommons.org\/licenses\/by-nc-nd\/4.0"}],"content-domain":{"domain":[],"crossmark-restriction":false},"short-container-title":["Adm. Desarro."],"abstract":"<jats:p>This paper presents a new methodology of strategic prospective: \"Wide Consultation of experts based on a tri-axial methodology of possible future scenarios\" which is a combination of two methods, each one, with innovative modifications, in order to one, be applied through the internet, and second, to be tested as a tool forn participative planning in ESAP. An informal group of professors at the ESAP gathered and discussed about current research topics related to Public Administration in universities and research centers worldwide. They asked the following question to a group of professionals in the region: according to your expertise and professional activity field, what training and support do you require to improve your performance in the period of post-conflict with the FARC? This question was made, based on a list of topics they elaborated; the list was adjusted and complemented to the Colombian reality and it had three different uses. First, it served as a way to explore people\u2019s necessities to act more efficiently in the place they inhabit, second, it allowed to establish a better understanding of the training differentiated requirements, and lastly, it shows ESAP\u2019s efficient, reliable and solid support to its graduates and regional authorities.<\/jats:p>","DOI":"10.22431\/25005227.66","type":"journal-article","created":{"date-parts":[[2017,7,5]],"date-time":"2017-07-05T12:05:54Z","timestamp":1499256354000},"page":"175-199","source":"Crossref","is-referenced-by-count":1,"title":["Nuevos m\u00e9todos de gesti\u00f3n del conocimiento: consulta nacional de administradores p\u00fablicos con prospectiva participativa","New knowledge management methods: National consultation of public administration with a participative prospective"],"prefix":"10.22431","volume":"46","author":[{"given":"Francy","family":"Castellanos Oviedo","sequence":"first","affiliation":[],"role":[{"role":"author","vocabulary":"crossref"}]},{"given":"Carlos Hildebrando","family":"Fonseca Z\u00e1rate.","sequence":"additional","affiliation":[],"role":[{"role":"author","vocabulary":"crossref"}]},{"given":"Sandro","family":"Castillo Grimaldos","sequence":"additional","affiliation":[],"role":[{"role":"author","vocabulary":"crossref"}]}],"member":"9723","published-online":{"date-parts":[[2016,7,31]]},"container-title":["Administraci\u00f3n &amp; Desarrollo"],"link":[{"URL":"https:\/\/revistas.esap.edu.co\/index.php\/admindesarro\/article\/download\/66\/pdf","content-type":"application\/pdf","content-version":"vor","intended-application":"text-mining"},{"URL":"https:\/\/revistas.esap.edu.co\/index.php\/admindesarro\/article\/download\/66\/pdf","content-type":"unspecified","content-version":"vor","intended-application":"similarity-checking"}],"deposited":{"date-parts":[[2025,12,31]],"date-time":"2025-12-31T20:16:53Z","timestamp":1767212213000},"score":0.0,"resource":{"primary":{"URL":"https:\/\/revistas.esap.edu.co\/index.php\/admindesarro\/article\/view\/66"}},"issued":{"date-parts":[[2016,7,31]]},"references-count":0,"journal-issue":{"issue":"2","published-online":{"date-parts":[[2016,7,31]]}},"URL":"https:\/\/doi.org\/10.22431\/25005227.66","ISSN":["2500-5227","0120-3754"],"issn-type":[{"type":"electronic","value":"2500-5227"},{"type":"print","value":"0120-3754"}],"published":{"date-parts":[[2016,7,31]]}},{"indexed":{"date-parts":[[2026,8,29]],"date-time":"2026-08-29T13:38:24Z","timestamp":1788010704408,"version":"build-2784847793"},"reference-count":93,"publisher":"Escuela Superior de Administracion Publica","issue":"1","license":[{"start":{"date-parts":[[2023,6,28]],"date-time":"2023-06-28T00:00:00Z","timestamp":1687910400000},"content-version":"unspecified","delay-in-days":0,"URL":"https:\/\/creativecommons.org\/licenses\/by-nc-sa\/4.0"}],"content-domain":{"domain":[],"crossmark-restriction":false},"short-container-title":["Adm. Desarro."],"abstract":"<jats:p>Public value is a crucial issue in public management, and it includes the stakeholder\u2019s perception in development, and supply. However, previous research shows that there is not enough evidence theorical and empirical about that and these gaps remain. Therefore, this research was developed using a literature systematic review methodology that summarize the public value creation from stakeholder\u2019s perspective. To achieve it, the PRISMA statement was used in a literature search using the 2012-2022 period in Web of Science (WoS), ProQuest y Scopus databases. After a screening process of a total of forty articles, fourteen articles were found that cover the research objective propose and a thematic content analysis was developed using NVIVO software.\r\nAmong the results, we highlight components of public value creation components diversity, but the findings suggest a coincidence in the collaboration way used by public organizations to build value with its stakeholders. Limitations of the present study were the kind of documents contemplated and the databases used in the study that prevent deeper analysis. Finally, future research suggests public value creation components in a global perspective and recognize that it is an issue beyond public sphere.<\/jats:p>","DOI":"10.22431\/25005227.vol53n1.10","type":"journal-article","created":{"date-parts":[[2023,6,28]],"date-time":"2023-06-28T17:10:25Z","timestamp":1687972225000},"page":"1-39","source":"Crossref","is-referenced-by-count":2,"title":["Creaci\u00f3n de valor p\u00fablico desde la perspectiva de los stakeholders. Una revisi\u00f3n semisistem\u00e1tica de literatura","Public value creation from stakeholder\u2019s perspective. A semi-systematic literature review"],"prefix":"10.22431","volume":"53","author":[{"ORCID":"https:\/\/orcid.org\/0000-0001-5410-9763","authenticated-orcid":false,"given":"Wilson Eduardo","family":"Cifuentes Mart\u00ednez","sequence":"first","affiliation":[],"role":[{"vocabulary":"crossref","role":"author"}]},{"ORCID":"https:\/\/orcid.org\/0000-0002-3867-5105","authenticated-orcid":false,"given":"Crispiniano","family":"Duarte Vega","sequence":"additional","affiliation":[],"role":[{"vocabulary":"crossref","role":"author"}]}],"member":"9723","published-online":{"date-parts":[[2023,6,28]]},"reference":[{"key":"7265","doi-asserted-by":"crossref","unstructured":"Austen, A. (2012). Stakeholders management in public hospitals in the context of resources. Management, 16(2), 217-230. https:\/\/doi.org\/10.2478\/v10286-012-0067-8","DOI":"10.2478\/v10286-012-0067-8"},{"key":"7266","doi-asserted-by":"crossref","unstructured":"Ballintyne, K., y Mintrom, M. (2018). Towards whole-of-government enhancement of public value: an Australian case. Policy Design and Practice, 1(3), 183-193. https:\/\/doi.org\/10.1080\/25741292.2018.1504371","DOI":"10.1080\/25741292.2018.1504371"},{"key":"7267","doi-asserted-by":"crossref","unstructured":"Bannister, F., y Connolly, R. (2014). ICT, public values and transformative government: A framework and programme for research. Government Information Quarterly, 31(1), 119-128. https:\/\/doi.org\/10.1016\/j.giq.2013.06.002","DOI":"10.1016\/j.giq.2013.06.002"},{"key":"7268","unstructured":"Bardin, L. (1986). An\u00e1lisis de contenido. Ediciones Akal."},{"key":"7269","doi-asserted-by":"crossref","unstructured":"Baur, A. W. (2017). Harnessing the social web to enhance insights into people\u2019s opinions in business, government and public administration [OriginalPaper]. Information Systems Frontiers, 19(2), 231-251. https:\/\/doi.org\/10.1007\/s10796-016-9681-7","DOI":"10.1007\/s10796-016-9681-7"},{"key":"7270","doi-asserted-by":"crossref","unstructured":"Benington, J. (2015). Public value as a contested democratic practice. Taylor and Francis.","DOI":"10.1201\/b18116-4"},{"key":"7271","doi-asserted-by":"crossref","unstructured":"Brignall, S., y Modell, S. (2000). An institutional perspective on performance measurement and management in the \u2018new public sector\u2019. Management accounting research, 11(3), 281-306. https:\/\/doi.org\/10.1006\/mare.2000.0136","DOI":"10.1006\/mare.2000.0136"},{"key":"7272","unstructured":"Brugger, J., Fraefel, M., y Riedl, R. (2014). Raising Acceptance of Cross-Border eID Federation by Value Alignment [Articles]. Electronic Journal of e-Government, 12(2), 178-188. https:\/\/academic-publishing.org\/index.php\/ejeg\/article\/view\/606"},{"key":"7273","doi-asserted-by":"crossref","unstructured":"Bryson, J., Sancino, A., Benington, J., y S\u00f8rensen, E. (2017). Towards a multi-actor theory of public value co-creation. Public management review, 19(5), 640-654. https:\/\/doi.org\/10.1080\/14719037.2016.1192164","DOI":"10.1080\/14719037.2016.1192164"},{"key":"7274","doi-asserted-by":"crossref","unstructured":"Bryson, J. M., Crosby, B. C., y Bloomberg, L. (2014). Public value governance: Moving beyond traditional public administration and the new public management. Public Administration Review, 74(4), 445-456. https:\/\/doi.org\/10.1111\/puar.12238","DOI":"10.1111\/puar.12238"},{"key":"7275","doi-asserted-by":"crossref","unstructured":"Bryson, J. M., Crosby, B. C., y Stone, M. M. (2006). The design and implementation of Cross-Sector collaborations: Propositions from the literature. Public Administration Review, 66, 44-55. https:\/\/doi.org\/10.1111\/j.1540-6210.2006.00665.x","DOI":"10.1111\/j.1540-6210.2006.00665.x"},{"key":"7276","doi-asserted-by":"crossref","unstructured":"Cabral, S., Mahoney, J., McGahan, A., y Potoski, M. (2019). Value creation and value appropriation in public and nonprofit organizations. Strategic Management Journal, 40(4), 465-475. https:\/\/doi.org\/10.1002\/smj.3008","DOI":"10.1002\/smj.3008"},{"key":"7277","doi-asserted-by":"crossref","unstructured":"C\u00e1ceres, P. (2008). An\u00e1lisis cualitativo de contenido: una alternativa metodol\u00f3gica alcanzable. Psicoperspectivas. Individuo y sociedad, 2(1), 53-82. https:\/\/www.psicoperspectivas.cl\/index.php\/psicoperspectivas\/article\/view\/3\/0","DOI":"10.5027\/psicoperspectivas-Vol2-Issue1-fulltext-3"},{"key":"7278","doi-asserted-by":"crossref","unstructured":"Cardona, J., Higuita, L., y R\u00edos Osorio, L. (2016). Ejecuci\u00f3n de revisiones sistem\u00e1ticas y meta-an\u00e1lisis. En Revisiones sistem\u00e1ticas de la literatura cient\u00edfica: la investigaci\u00f3n te\u00f3rica como principio para el desarrollo de la ciencia b\u00e1sica y aplicada (pp. 25-40). Ediciones Universidad Cooperativa de Colombia. http:\/\/dx.doi.org\/10.16925\/9789587600377","DOI":"10.16925\/9789587600377"},{"key":"7279","doi-asserted-by":"crossref","unstructured":"Cepeda Duarte, J. P., y Cifuentes Mart\u00ednez, W. E. (2019). Sistema de Gesti\u00f3n de Calidad en el Sector p\u00fablico. Una revisi\u00f3n literaria. Podium(36), 35-54. http:\/\/scielo.senescyt.gob.ec\/scielo.php?script=sci_arttext&pid=S2588-09692019000100035","DOI":"10.31095\/podium.2019.36.3"},{"key":"7280","doi-asserted-by":"crossref","unstructured":"Chatfield, A. T., y Reddick, C., G. (2020). Collaborative Network Governance Framework for Aligning Open Justice and e-Justice Ecosystems for Greater Public Value [research-article]. Social Science Computer Review, 38(3), 252-273. https:\/\/doi.org\/10.1177%2F0894439318771968","DOI":"10.1177\/0894439318771968"},{"key":"7281","doi-asserted-by":"crossref","unstructured":"Cifuentes Mart\u00ednez, W. E., y Bizerra Osorio, I. J. (2022). Creaci\u00f3n de valor p\u00fablico: un estudio desde la perspectiva de los stakeholders. Revista Lasallista de Investigaci\u00f3n, 19(2), 82-100. https:\/\/scholar.google.es\/scholar?hl=es&as_sdt=0%-2C5&q=wilson+eduardo+cifuentes+m&btnG=","DOI":"10.22507\/rli.v19n2a6"},{"key":"7282","doi-asserted-by":"crossref","unstructured":"Crosby, B. C., y Bryson, J. M. (2018). Why leadership of public leadership research matters: and what to do about it. Public management review, 20(9), 1265-1286. https:\/\/doi.org\/10.1080\/14719037.2017.1348731","DOI":"10.1080\/14719037.2017.1348731"},{"key":"7283","doi-asserted-by":"crossref","unstructured":"de Bakker, F. G. A., Groenewegen, P., y den Hond, F. (2006). A Research Note on the Use of Bibliometrics to Review the Corporate Social Responsibility and Corporate Social Performance Literature. Business y Society, 45(1), 7-19. https:\/\/doi.org\/10.1177%2F0007650305283092","DOI":"10.1177\/0007650305283092"},{"key":"7284","doi-asserted-by":"crossref","unstructured":"dos Reis, C. J. O., y Gomes, R. C. (2022). Public value creation and appropriation mechanisms in public\u2013private partnerships: How does it play a role? Public administration. https:\/\/doi.org\/10.1111\/padm.12826","DOI":"10.1111\/padm.12826"},{"key":"7285","doi-asserted-by":"crossref","unstructured":"Dunleavy, P., Margetts, H., Bastow, S., y Tinkler, J. (2006). New public management is dead\u2014long live digital-era governance. Journal of public administration research and theory, 16(3), 467-494. https:\/\/doi.org\/10.1093\/jopart\/mui057","DOI":"10.1093\/jopart\/mui057"},{"key":"7286","doi-asserted-by":"crossref","unstructured":"Edmonds, W. A., y Kennedy, T. D. (2017). An applied guide to research designs: Quantitative, qualitative, and mixed methods. Sage Publications.","DOI":"10.4135\/9781071802779"},{"key":"7287","unstructured":"Ekuma, K. J. (2017). Relational public management: Complexity and public sector governance in a developing context. 5th International Conference on Management, Leadership and Governance (ICMLG), Wits Business School, Parktown, Johannesburg, 16th\u201317th March,"},{"key":"7288","doi-asserted-by":"crossref","unstructured":"Farooq, R. (2020). A conceptual model of knowledge sharing. International Journal of Innovation Science, 10(2), 238-260. https:\/\/doi.org\/10.1108\/IJIS-09-2017-0087","DOI":"10.1108\/IJIS-09-2017-0087"},{"key":"7289","doi-asserted-by":"crossref","unstructured":"Feeney, M. K., y Bozeman, B. (2007). Public values and public failure: Implications of the 2004-2005 flu vaccine case. Public Integrity, 9(2), 175-190. https:\/\/doi.org\/10.2753\/PIN1099-9922090204","DOI":"10.2753\/PIN1099-9922090204"},{"key":"7290","doi-asserted-by":"crossref","unstructured":"Ferry, L., Ahrens, T., y Khalifa, R. (2018). Public value, institutional logics and practice variation during austerity localism at Newcastle City Council. Public management review, 21(1), 96-115. https:\/\/doi.org\/10.1080\/14719037.2018.1462398","DOI":"10.1080\/14719037.2018.1462398"},{"key":"7291","doi-asserted-by":"crossref","unstructured":"Frasure, L. A., y Jones-Correa, M. (2010). The logic of institutional interdependency: The case of day laborer policy in suburbia. Urban Affairs Review, 45(4), 451- 482. https:\/\/doi.org\/10.1177\/1078087409355640","DOI":"10.1177\/1078087409355640"},{"key":"7292","doi-asserted-by":"crossref","unstructured":"Friedman, A. L., y Miles, S. (2006). Stakeholders: Theory and practice. Oxford University Press.","DOI":"10.1093\/oso\/9780199269860.001.0001"},{"key":"7293","doi-asserted-by":"crossref","unstructured":"Fuglsang, L., Hansen, A. V., Mergel, I., y R\u00f8hneb\u00e6k, M. T. (2021). Living Labs for Public Sector Innovation: An Integrative Literature Review. Administrative Sciences, 11(2), 58. https:\/\/doi.org\/10.3390\/admsci11020058","DOI":"10.3390\/admsci11020058"},{"key":"7294","doi-asserted-by":"crossref","unstructured":"Fukumoto, E., y Bozeman, B. (2019). Public values theory: What is missing? The American review of public administration, 49(6), 635-648. https:\/\/doi.org\/10.1177\/0275074018814244","DOI":"10.1177\/0275074018814244"},{"key":"7295","doi-asserted-by":"crossref","unstructured":"G\u00f3mez-Luna, E., Fernando-Navas, D., Aponte-Mayor, G., y Betancourt-Buitrago, L. A. (2014). Metodolog\u00eda para la revisi\u00f3n bibliogr\u00e1fica y la gesti\u00f3n de informaci\u00f3n de temas cient\u00edficos, a trav\u00e9s de su estructuraci\u00f3n y sistematizaci\u00f3n. Dyna, 81(184), 158-163. http:\/\/www.scielo.org.co\/scielo.php?script=sci_arttext&pid=s0012-73532014000200021","DOI":"10.15446\/dyna.v81n184.37066"},{"key":"7296","unstructured":"Hansen, A., y Fuglsang, L. (2020). Living Labs as an Innovation Tool for Public Value Creation: Possibilities and Pitfalls. Innovation Journal, 25, 2020. https:\/\/www.researchgate.net\/publication\/358276933_Living_Labs_as_an_Innovation_Tool_for_Public_Value_Creation_Possibilities_and_Pitfalls"},{"key":"7297","unstructured":"Hartley, J. (2005). Innovation in governance and public services: Past and present. Public money and management, 25(1), 27-34."},{"key":"7298","doi-asserted-by":"crossref","unstructured":"Hartley, J., Alford, J., Knies, E., y Douglas, S. (2017). Towards an empirical research agenda for public value theory. Public management review, 19(5), 670-685. https:\/\/doi.org\/10.1080\/14719037.2016.1192166","DOI":"10.1080\/14719037.2016.1192166"},{"key":"7299","doi-asserted-by":"crossref","unstructured":"Hartley, J., Parker, S., y Beashel, J. (2019). Leading and recognizing public value. Public administration, 97(2), 264-278. https:\/\/doi.org\/10.1111\/padm.12563","DOI":"10.1111\/padm.12563"},{"key":"7300","doi-asserted-by":"crossref","unstructured":"Hutton, B., Catala-Lopez, F., y Moher, D. (2016). The PRISMA statement extension for systematic reviews incorporating network meta-analysis: PRISMA-NMA. Medicina Cl\u00ednica (English Edition), 147(6), 262-266.","DOI":"10.1016\/j.medcle.2016.10.003"},{"key":"7301","doi-asserted-by":"crossref","unstructured":"Iacovino, N. M., Barsanti, S., y Cinquini, L. (2017). Public Organizations Between Old Public Administration, New Public Management and Public Governance: The Case of the Tuscany Region. Public Organization Review, 17(1), 61-82. https:\/\/doi.org\/10.1007\/s11115-015-0327-x","DOI":"10.1007\/s11115-015-0327-x"},{"key":"7302","doi-asserted-by":"crossref","unstructured":"Jaspers, S., y Steen, T. (2018). Realizing public values: enhancement or obstruction? Exploring value tensions and coping strategies in the co-production of social care. Public management review, 21(4), 606-627. https:\/\/doi.org\/10.1080\/14719037.2018.1508608","DOI":"10.1080\/14719037.2018.1508608"},{"key":"7303","doi-asserted-by":"crossref","unstructured":"J\u00f8rgensen, T. B., y Bozeman, B. (2002). Public Values Lost? Comparing cases on contracting out from Denmark and the United States. Public management review, 4(1), 63-81. https:\/\/doi.org\/10.1080\/14616670110101681","DOI":"10.1080\/14616670110101681"},{"key":"7304","doi-asserted-by":"crossref","unstructured":"J\u00f8rgensen, T. B., & Bozeman, B. (2007). Public values: An inventory. Administration & Society, 39(3), 354-381. https:\/\/doi.org\/10.1177\/0095399707300703","DOI":"10.1177\/0095399707300703"},{"key":"7305","unstructured":"Joshi, A. (2016). Comparison between Scopus and ISI web of science. Journal Global Values, 7(1), 1-11. https:\/\/www.researchgate.net\/publication\/318258303_COMPARISON_BETWEEN_SCOPUS_ISI_WEB_OF_SCIENCE"},{"key":"7306","unstructured":"Kelly, G., Mulgan, G., y Muers, S. (2002). Creating public value: An Analytical Framework for Public Service Reform. Discussion paper prepared by the Cabinet Office Strategy Unit, United Kingdom."},{"key":"7307","doi-asserted-by":"crossref","unstructured":"Khvatova, T., y Dushina, S. (2017). To manage or govern? Researching the legitimacy of NPM-based institutional reforms in Russian universities. Development, 36(2), 250-267. https:\/\/doi.org\/10.1108\/JMD-06-2016-0110","DOI":"10.1108\/JMD-06-2016-0110"},{"key":"7308","doi-asserted-by":"crossref","unstructured":"Klein, P. G., Mahoney, J. T., McGahan, A. M., y Pitelis, C. N. (2019). Organizational governance adaptation: Who is in, who is out, and who gets what. Academy of management review, 44(1), 6-27. https:\/\/doi.org\/10.5465\/amr.2014.0459","DOI":"10.5465\/amr.2014.0459"},{"key":"7309","unstructured":"Krippendorff, K., y Bock, M. A. (2009). The content analysis reader. Sage."},{"key":"7310","doi-asserted-by":"crossref","unstructured":"Lahat, L. (2018). Swimming on Land: Some Suggestions for Today\u2019s Public Administration. Employee Responsibilities and Rights Journal, 30(3), 229-238. https:\/\/doi.org\/10.1007\/s10672-017-9306-4","DOI":"10.1007\/s10672-017-9306-4"},{"key":"7311","doi-asserted-by":"crossref","unstructured":"Lankoski, L., Smith, N. C., y Van Wassenhove, L. (2016). Stakeholder Judgments of Value. Business Ethics Quarterly, 26(2), 227-256. https:\/\/doi.org\/10.1017\/beq.2016.28","DOI":"10.1017\/beq.2016.28"},{"key":"7312","unstructured":"Lessard, D., Lucea, R., y Vives, L. (2013). Building Your Companys Capabilities Through Global Expansion. MIT Sloan Management Review, 54(2), 61-70."},{"key":"7313","doi-asserted-by":"crossref","unstructured":"Liberati, A., Altman, D. G., Tetzlaff, J., Mulrow, C., G\u00f8tzsche, P. C., Ioannidis, J. P., Clarke, M., Devereaux, P. J., Kleijnen, J., y Moher, D. (2009). The PRISMA statement for reporting systematic reviews and meta-analyses of studies that evaluate health care interventions: explanation and elaboration. Annals of internal medicine, 151(4), W-65-W-94. https:\/\/doi.org\/10.7326\/0003-4819-151-4-200908180-00136","DOI":"10.7326\/0003-4819-151-4-200908180-00136"},{"key":"7314","unstructured":"Lista, E. G., y Torres, M. S. (2014). Revisi\u00f3n sistem\u00e1tica de literatura sobre procesos de gesti\u00f3n de conocimiento. Revista GTI, 13(37), 45-67. https:\/\/revistas.uis.edu.co\/index.php\/revistagti\/article\/view\/4691"},{"key":"7315","doi-asserted-by":"crossref","unstructured":"Ma, C. C., y Chang, H. P. (2019). Environmental Consciousness in Local Sustainable Development: A Case Study of the Anti-Idling Policy in Taiwan. Sustainability, 11(16), 4442. https:\/\/doi.org\/10.3390\/su11164442","DOI":"10.3390\/su11164442"},{"key":"7316","doi-asserted-by":"crossref","unstructured":"Malek, J., y Desai, T. N. (2020). A systematic literature review to map literature focus of sustainable manufacturing. Journal of Cleaner Production(256), 120345. https:\/\/dx.doi.org\/10.1016\/j.jclepro.2020.120345","DOI":"10.1016\/j.jclepro.2020.120345"},{"key":"7317","unstructured":"Mann, T. (1998). The Oxford Guide to Library Research. Oxford University Press."},{"key":"7318","unstructured":"Mata, J. L. V., Oliva, E. I. P. N., Maldonado, G. E. M., Puente, L. A. R., y P\u00e9rez, L. A. P. (2020). Habilidades de la inteligencia emocional en relaci\u00f3n con el consumo de drogas il\u00edcitas en adultos: una revisi\u00f3n sistem\u00e1tica. Investigaci\u00f3n en Enfermer\u00eda: Imagen y Desarrollo. https:\/\/revistas.javeriana.edu.co\/index.php\/imagenydesarrollo\/article\/view\/25594"},{"key":"7319","doi-asserted-by":"crossref","unstructured":"Meynhardt, T. (2009). Public Value Inside: What is Public Value Creation? [Article]. International Journal of Public Administration, 32(3-4), 192-219. https:\/\/doi.org\/10.1080\/01900690902732632","DOI":"10.1080\/01900690902732632"},{"key":"7320","doi-asserted-by":"crossref","unstructured":"Mintrom, M., y Luetjens, J. (2017). Creating Public Value: Tightening Connections Between Policy Design and Public Management. Policy Studies Journal, 45(1), 170-190. https:\/\/doi.org\/10.1111\/psj.12116","DOI":"10.1111\/psj.12116"},{"key":"7321","doi-asserted-by":"crossref","unstructured":"Mitchell, R. K., Agle, B. R., y Wood, D. J. (1997). Toward a theory of stakeholder identification and salience: Defining the principle of who and what really counts. Academy of management review, 22(4), 853-886. https:\/\/doi.org\/10.5465\/amr.1997.9711022105","DOI":"10.5465\/amr.1997.9711022105"},{"key":"7322","unstructured":"Moore, M. H. (1995). Creating public value: Strategic management in government. Harvard University Press."},{"key":"7323","doi-asserted-by":"crossref","unstructured":"Moore, M. H. (2013). Recognizing public value: Developing a Public Value Account and a Public Value Scorecard. Harvard University Press.","DOI":"10.4159\/harvard.9780674067820"},{"key":"7324","doi-asserted-by":"crossref","unstructured":"Moore, M. H. (2014). Public Value Accounting: Establishing the Philosophical Basis. Public Administration Review, 4(74), 465-477. https:\/\/doi.org\/10.1111\/puar.12198","DOI":"10.1111\/puar.12198"},{"key":"7325","doi-asserted-by":"crossref","unstructured":"Neumann, O., Matt, C., Hitz-Gamper, B. S., Schmidthuber, L., y St\u00fcrmer, M. (2019). Joining forces for public value creation? Exploring collaborative innovation in smart city initiatives. Government Information Quarterly, 36(4), 101411. https:\/\/doi.org\/10.1016\/j.giq.2019.101411","DOI":"10.1016\/j.giq.2019.101411"},{"key":"7326","doi-asserted-by":"crossref","unstructured":"O\u2019Flynn, J. (2007). From New Public Management to Public Value: Paradigmatic Change and Managerial Implications. Australian Journal of Public Administration, 66(3), 353-366. https:\/\/doi.org\/10.1111\/j.1467-8500.2007.00545.x","DOI":"10.1111\/j.1467-8500.2007.00545.x"},{"key":"7327","doi-asserted-by":"crossref","unstructured":"Odongo, W., Dora, M., Moln\u00e1r, A., Ongeng, D., y Gellynck, X. (2016). Performance perceptions among food supply chain members. British Food Journal, 118(7), 1783-1799. https:\/\/doi.org\/10.1108\/BFJ-10-2015-0357","DOI":"10.1108\/BFJ-10-2015-0357"},{"key":"7328","doi-asserted-by":"crossref","unstructured":"Ospina, D. L. P. (2015). An\u00e1lisis bibliom\u00e9trico para la identificaci\u00f3n de factores de innovaci\u00f3n en la industria alimenticia. AD-minister, 27, 95-126. https:\/\/doi.org\/10.17230\/ad-minister.27.5","DOI":"10.17230\/ad-minister.27.5"},{"key":"7329","unstructured":"Ospina, M. E. B. (2016). Las disparidades regionales: Una exploraci\u00f3n te\u00f3rica interdisciplinaria. REVISTA ECONOM\u00cdA y REGI\u00d3N, 10(1), 165-193. https:\/\/revistas.utb.edu.co\/index.php\/economiayregion\/article\/view\/117"},{"key":"7330","doi-asserted-by":"crossref","unstructured":"Page, M. J., McKenzie, J. E., Bossuyt, P. M., Boutron, I., Hoffmann, T. C., Mulrow, C. D., Shamseer, L., Tetzlaff, J. M., Akl, E. A., y Brennan, S. E. (2021). Declaraci\u00f3n PRISMA 2020: una gu\u00eda actualizada para la publicaci\u00f3n de revisiones sistem\u00e1ticas. Revista Espa\u00f1ola de Cardiolog\u00eda, 74(9), 790-799. https:\/\/doi.org\/10.1016\/j.recesp.2021.06.016","DOI":"10.1016\/j.rec.2021.07.010"},{"key":"7331","unstructured":"Petrescu, M., Popescu, D., Barbu, I., y Dinescu, R. (2010). Public management: Between the traditional and new model. Review of International Comparative Management, 11(3), 408-415. https:\/\/ideas.repec.org\/a\/rom\/rmcimn\/v11y2010i3p408-415.html"},{"key":"7332","unstructured":"Phillips, R. (2003). Stakeholder theory and organizational ethics. Berrett-Koehler Publishers."},{"key":"7333","doi-asserted-by":"crossref","unstructured":"Pooe, D., y Munyanyi, W. (2022). Delivering public value by selected government departments in South Africa-Perceptions of senior managers. South African Journal of Economic and Management Sciences, 25(1), 1-12. http:\/\/dx.doi.org\/10.4102\/sajems.v25i1.3791","DOI":"10.4102\/sajems.v25i1.3791"},{"key":"7334","unstructured":"Rainey, H. G. (2009). Understanding and managing public organizations. John Wiley y Sons."},{"key":"7335","doi-asserted-by":"crossref","unstructured":"Ramadass, S. D., Sambasivan, M., y Xavier, J. A. (2018). Collaboration outcomes in a public sector: Impact of governance, leadership, interdependence and relational capital. Journal of Management & Governance, 22(3), 749-771. https:\/\/doi.org\/10.1007\/s10997-018-9401-4","DOI":"10.1007\/s10997-018-9401-4"},{"key":"7336","doi-asserted-by":"crossref","unstructured":"Reiter, R., y Klenk, T. (2018). The manifold meanings of \u2018post-New Public Management\u2019\u2013 a systematic literature review. International Review of Administrative Sciences. https:\/\/doi.org\/10.1177\/0020852318759736","DOI":"10.1177\/0020852318759736"},{"key":"7337","doi-asserted-by":"crossref","unstructured":"Rhodes, R., y Wanna, J. (2007). The Limits to Public Value, or Rescuing Responsible Government from the Platonic Guardians. Australian Journal of Public Administration, 66(4), 406-421. https:\/\/doi.org\/10.1111\/j.1467-8500.2007.00553.x","DOI":"10.1111\/j.1467-8500.2007.00553.x"},{"key":"7338","doi-asserted-by":"crossref","unstructured":"Rose, J., Flak, L. S., y S\u00e6b\u00f8, \u00d8. (2018). Stakeholder theory for the E-government context: Framing a value-oriented normative core. Government Information Quarterly, 35(3), 362-374. https:\/\/doi.org\/10.1016\/j.giq.2018.06.005","DOI":"10.1016\/j.giq.2018.06.005"},{"key":"7339","doi-asserted-by":"crossref","unstructured":"Rudas, J. S., G\u00f3mez, L. M., y Toro, A. O. (2013). Revisi\u00f3n sistem\u00e1tica de literatura. Caso de estudio: Modelamiento de un par deslizante con fines de predecir desgaste. Prospectiva, 11(1), 50-58. https:\/\/www.redalyc.org\/pdf\/4962\/496250735006.pdf","DOI":"10.15665\/rp.v11i1.27"},{"key":"7340","doi-asserted-by":"crossref","unstructured":"Scupola, A., y Mergel, I. (2022). Co-production in digital transformation of public administration and public value creation: The case of Denmark. Government Information Quarterly, 39(1), 101650. https:\/\/doi.org\/10.1016\/j.giq.2021.101650","DOI":"10.1016\/j.giq.2021.101650"},{"key":"7341","doi-asserted-by":"crossref","unstructured":"Shamseer, L., Moher, D., Clarke, M., Ghersi, D., Liberati, A., y Petticrew, M. (2015). Preferred reporting items for systematic review and meta-analysis protocols (PRISMA-P) 2015: elaboration and explanation. BMJ, 349: g7647. https:\/\/doi.org\/10.1136\/bmj.g7647","DOI":"10.1136\/bmj.g7647"},{"key":"7342","doi-asserted-by":"crossref","unstructured":"Singh, V. K., Singh, P., Karmakar, M., y Leta, J. (2021). The journal coverage of Web of Science, Scopus and Dimensions: A comparative analysis. Scientometrics, 126(6), 5113-5142. https:\/\/doi.org\/10.1007\/s11192-021-03948-5","DOI":"10.1007\/s11192-021-03948-5"},{"key":"7343","doi-asserted-by":"crossref","unstructured":"Snyder, H. (2019). Literature review as a research methodology: An overview and guidelines. Journal of Business Research, 104, 333-339. https:\/\/doi.org\/10.1016\/j.jbusres.2019.07.039","DOI":"10.1016\/j.jbusres.2019.07.039"},{"key":"7344","doi-asserted-by":"crossref","unstructured":"Soo, C., Chen, S., y Edwards, M. G. (2018). A Knowledge-Based Approach to Public Value Management: A Case Study of Change Implementation in Disability Services in Western Australia. Australian Journal of Public Administration, 77(2), 187-202. https:\/\/doi.org\/10.1111\/1467-8500.12279","DOI":"10.1111\/1467-8500.12279"},{"key":"7345","doi-asserted-by":"crossref","unstructured":"Talbot, C. (2008). Measuring public value. The Work Foundation. Talbot, C. (2009). Public Value\u2014The Next \u201cBig Thing\u201d in Public Management? International Journal of Public Administration, 32(3-4), 167-170. https:\/\/doi.org\/10.1080\/01900690902772059","DOI":"10.1080\/01900690902772059"},{"key":"7346","unstructured":"Taylor, S. P. (2018). Innovation in the public sector: dimensions, processes, barriers and developing a fostering framework. International Journal of Research Science & Management, 5(1), 28-37. http:\/\/ijrsm.com\/issues%20pdf%20file\/Archive-2018\/January-2018\/5.pdf"},{"key":"7347","doi-asserted-by":"crossref","unstructured":"Tomo, A. (2018). Bureaucracy, Post-Bureaucracy, or Anarchy? Evidence from the Italian Public Administration. International Journal of Public Administration, 42(6), 482-496. https:\/\/doi.org\/10.1080\/01900692.2018.1485045","DOI":"10.1080\/01900692.2018.1485045"},{"key":"7348","doi-asserted-by":"crossref","unstructured":"Torfing, J., y S\u00f8rensen, E. (2019). Interactive Political Leadership in Theory and Practice: How Elected Politicians May Benefit from Co-Creating Public Value Outcomes. Administrative Sciences, 9(3), 51. https:\/\/doi.org\/10.3390\/admsci9030051","DOI":"10.3390\/admsci9030051"},{"key":"7349","doi-asserted-by":"crossref","unstructured":"Urrutia, G., y Bonfill, X. (2010). PRISMA declaration: a proposal to improve the publication of systematic reviews and meta-analyses. Medicina cl\u00ednica, 135(11), 507-511. https:\/\/doi.org\/10.1016\/j.medcli.2010.01.015","DOI":"10.1016\/j.medcli.2010.01.015"},{"key":"7350","doi-asserted-by":"crossref","unstructured":"Verbeeten, F., y Spekl\u00e9, R. (2015). Management Control, Results-Oriented Culture and Public Sector Performance: Empirical Evidence on New Public Management [Article]. Organization Studies, 36(7), 953-978. https:\/\/doi.org\/10.1177%2F0170840615580014","DOI":"10.1177\/0170840615580014"},{"key":"7351","unstructured":"Villegas, B. (2003). R\u00e1pida y pertinente b\u00fasqueda por internet mediante operadores booleanos. Universitas Scientiarum, 8, 51-54. https:\/\/www.redalyc.org\/pdf\/499\/49900808.pdf"},{"key":"7352","doi-asserted-by":"crossref","unstructured":"Vinni, R. (2021). The Potential of Design Thinking and Total Quality Management in Creating Public Value. Network of Institutes and Schools of Public Administration in Central and Eastern Europe. The NISPAcee Journal of Public Administration and Policy, 14(1), 285-309. https:\/\/doi.org\/10.2478\/nispa-2021-0011","DOI":"10.2478\/nispa-2021-0011"},{"key":"7353","unstructured":"Vives, L., y Svejenova, S. (2009). Innovando en el Modelo de Negocio: La Creaci\u00f3n de la Banca C\u00edvica. Universia Business Review, 3(23)."},{"key":"7354","doi-asserted-by":"crossref","unstructured":"Ward, V., House, A., y Hamer, S. (2009). Developing a framework for transferring knowledge into action: a thematic analysis of the literature. Journal of health services research & policy, 14(3), 156-164. https:\/\/doi.org\/10.1258\/jhsrp.2009.008120","DOI":"10.1258\/jhsrp.2009.008120"},{"key":"7355","doi-asserted-by":"crossref","unstructured":"Wong, C. W., Lai, K.-h., Cheng, T. a., y Lun, Y. V. (2015). The role of IT-enabled collaborative decision making in inter-organizational information integration to improve customer service performance. International Journal of Production Economics, 159, 56-65.","DOI":"10.1016\/j.ijpe.2014.02.019"},{"key":"7356","doi-asserted-by":"crossref","unstructured":"Wynn-Williams, K. (2012). Organisations in the public sector: stakeholders, context and PHARMAC. International Journal of Public Sector Management, 25(5), 346-356. https:\/\/doi.org\/10.1108\/09513551211252378","DOI":"10.1108\/09513551211252378"},{"key":"7357","doi-asserted-by":"crossref","unstructured":"Yelicich, C. (2017). Aproximaciones al an\u00e1lisis epistemol\u00f3gico de la Nueva Gesti\u00f3n P\u00fablica. Revista de Estudios Te\u00f3ricos y Epistemol\u00f3gicos en Pol\u00edtica Educativa, 2, 1-17. http:\/\/dx.doi.org\/10.5212\/retepe.v.2.013","DOI":"10.5212\/retepe.v.2.013"}],"container-title":["Administraci\u00f3n &amp; Desarrollo"],"link":[{"URL":"https:\/\/revistas.esap.edu.co\/index.php\/admindesarro\/article\/download\/831\/657","content-type":"application\/pdf","content-version":"vor","intended-application":"text-mining"},{"URL":"https:\/\/revistas.esap.edu.co\/index.php\/admindesarro\/article\/download\/831\/669","content-type":"text\/xml","content-version":"vor","intended-application":"text-mining"},{"URL":"https:\/\/revistas.esap.edu.co\/index.php\/admindesarro\/article\/download\/831\/657","content-type":"unspecified","content-version":"vor","intended-application":"similarity-checking"}],"deposited":{"date-parts":[[2025,12,31]],"date-time":"2025-12-31T19:53:03Z","timestamp":1767210783000},"score":0.0,"resource":{"primary":{"URL":"https:\/\/revistas.esap.edu.co\/index.php\/admindesarro\/article\/view\/831"}},"issued":{"date-parts":[[2023,6,28]]},"references-count":93,"journal-issue":{"issue":"1","published-online":{"date-parts":[[2023,1,1]]}},"URL":"https:\/\/doi.org\/10.22431\/25005227.vol53n1.10","ISSN":["2500-5227","0120-3754"],"issn-type":[{"value":"2500-5227","type":"electronic"},{"value":"0120-3754","type":"print"}],"published":{"date-parts":[[2023,6,28]]}},{"indexed":{"date-parts":[[2025,11,6]],"date-time":"2025-11-06T16:39:42Z","timestamp":1762447182232,"version":"build-2065373602"},"reference-count":28,"publisher":"Escuela Superior de Administracion Publica","issue":"2","license":[{"start":{"date-parts":[[2021,12,1]],"date-time":"2021-12-01T00:00:00Z","timestamp":1638316800000},"content-version":"unspecified","delay-in-days":0,"URL":"https:\/\/creativecommons.org\/licenses\/by-nc-sa\/4.0"}],"content-domain":{"domain":[],"crossmark-restriction":false},"short-container-title":["Adm. Desarro."],"abstract":"<jats:p>This article proposes reflections on migratory flows and their relationship with trafficking in women, social marginalization and the process of feminization of poverty in the new migratory scene of contemporary Colombia. In this sense, the current debate problematizes the understanding that, under capitalism, women\u2019s bodies are transformed into merchandise that can be bought and sold. In these circumstances, it is not difficult to identify situations in which migrants, especially women, are subject to the most diverse oppressions, especially when the constraint of freedom is potentiated in situations of violence and exploitation in the context of cyclical crises of the capitalism. The methodology used here is qualitative in nature, based on extensive fieldwork and the use of reflexive ethnography, we conclude by showing how forced migration makes the labor condition of women in Colombia more precarious.<\/jats:p>","DOI":"10.22431\/25005227.vol51n2.7","type":"journal-article","created":{"date-parts":[[2022,8,11]],"date-time":"2022-08-11T12:22:48Z","timestamp":1660220568000},"page":"157-174","source":"Crossref","is-referenced-by-count":0,"title":["Feminizaci\u00f3n de la pobreza y flujos migratorios en Colombia","Feminization of poverty and migratory flows in Colombia"],"prefix":"10.22431","volume":"51","author":[{"ORCID":"https:\/\/orcid.org\/0000-0002-3716-4936","authenticated-orcid":false,"given":"William Andr\u00e9s","family":"\u00c1lvarez \u00c1lvarez","sequence":"first","affiliation":[],"role":[{"role":"author","vocabulary":"crossref"}]}],"member":"9723","published-online":{"date-parts":[[2021,12,1]]},"reference":[{"key":"4431","unstructured":"\u00c1lvarez, W. (2021). Riesgo, enfermedad y acceso al cuidado para inmigrantes venezolanos en Colombia. Esbozo de una antropologi\u0301a del sufrimiento y abandono social. Middle Atlantic Review of Latin American Studies, 124- 145. http:\/\/doi.org\/10.23870\/marlas.359"},{"key":"4432","doi-asserted-by":"crossref","unstructured":"\u00c1lvarez, W., Romero, J. y Villadiego, P. (2021). Transperiferismo, necropol\u00edtica y sufrimiento social. Etnograf\u00eda experimental sobre las condiciones de vida de inmigrantes venezolanos en el Caribe colombiano. Revista de Salud P\u00fablica, 23(2),1-9.","DOI":"10.15446\/rsap.v23n2.88485"},{"key":"4433","doi-asserted-by":"crossref","unstructured":"Buitrago Echeverry, C., Acevedo Franco, L.M., Guzm\u00e1n Mera, S.S. & Ortiz R\u00edos, P. (2019). La artima\u00f1a de Pen\u00e9lope. Una mirada de g\u00e9nero y transnacional a la migraci\u00f3n italiana de finales del siglo XIX y principios del XX a trav\u00e9s la fotograf\u00eda de familia. Collectivus, Revista de Ciencias Sociales 6(2), 199-213.","DOI":"10.15648\/Coll.2.2019.13"},{"key":"4434","unstructured":"Cepal. Panorama Social da Ame\u0301rica Latina: 2004. Santiago do Chile, abr. 2005. Disponible em:<http:\/\/repositorio.cepal.org\/bitstream\/handle\/11362\/1221\/1\/S0480609_es.pdf>. Acesso em: 23 mar. 2016."},{"key":"4435","unstructured":"Cepal. Migracio\u0301n internacional en Ame\u0301rica Latina y el Caribe. Nuevas tendencias, nuevos enfoques: 2011. Santiago de Chile, may. 2011. Disponible en: https:\/\/repositorio.cepal.org\/bitstream\/handle\/11362\/35288\/S1100998_es.pdf."},{"key":"4436","doi-asserted-by":"crossref","unstructured":"Ch\u00e1vez-Torres, G. & Preciado-Jim\u00e9nez, S.A. (2018). Comunidad transnacional e interacci\u00f3n comunicativa: diagn\u00f3stico social. Prospectiva, 26, 37-62.","DOI":"10.25100\/prts.v0i26.5877"},{"key":"4437","doi-asserted-by":"crossref","unstructured":"Cohen, R. (2008). Global diasporas: an introduction. New York: Routledge.","DOI":"10.4324\/9780203928943"},{"key":"4438","unstructured":"Consejo Latinoamericano de Ciencias Sociales. (CLACSO). (2010). Voces y Experiencias de la ni\u00f1ez y adolescencia venezolana migrante en Brasil, Colombia, Ecuador y Per\u00fa. CLACSO."},{"key":"4439","unstructured":"Comunidad Ministros de los Enfermos Religiosos Camilos y Universidad de la Costa. (2021). Caracterizacio\u0301n de la poblacio\u0301n en el asentamiento \u201cVilla Caracas\u201d de la ciudad de Barranquilla. Barranquilla: Banco Interamericano de Desarrollo."},{"key":"4440","doi-asserted-by":"crossref","unstructured":"Dachevsky, F. & Kornblihtt, J. (2017). The Reproduction and Crisis of Capitalism in Venezuela under Chavismo. Latin American Perspectives 44(1), 78-93. https:\/\/doi.org\/10.1177\/0094582X16673633.","DOI":"10.1177\/0094582X16673633"},{"key":"4441","unstructured":"Firmeza, George Torquato. (2007). Brasileiros no exterior. Brasi\u0301lia (DF): Fundac\u0327a\u0303o Alexandre Gusma\u0303o."},{"key":"4442","unstructured":"Freier, L. F. (2019). La emigraci\u00f3n venezolana: respuestas latinoamericanas. Fundaci\u00f3n Carolina."},{"key":"4443","unstructured":"Leal, Maria Lu\u0301cia; Leal, Maria de Fa\u0301tima (2002). Pesquisa sobre tra\u0301fico de mulheres, crianc\u0327as e adolescentes para fins de explorac\u0327a\u0303o sexual comercial no Brasil \u2013 PES- TRAF: Relato\u0301rio nacional. Brasi\u0301lia (DF): CECRIA"},{"key":"4444","doi-asserted-by":"crossref","unstructured":"Marcus, G. E. (1998). Ethnography through Thick and Thin. Princeton: Princeton University Press.","DOI":"10.1515\/9781400851805"},{"key":"4445","unstructured":"Marx, Karl. O Capital: cri\u0301tica da economia poli\u0301tica: O processo de produc\u0327a\u0303o do Capital: Volume 1. Sa\u0303o Paulo: Nova Cultural, 1988."},{"key":"4446","unstructured":"Melo, Mo\u0302nica; Massula, Leti\u0301cia. (2004). Tra\u0301fico de mulheres: prevenc\u0327a\u0303o, punic\u0327a\u0303o e protec\u0327a\u0303o. Revista Juri\u0301dica da Preside\u0302ncia, Brasi\u0301lia (DF), 5(58), Disponi\u0301vel em: <https:\/\/revistajuridica.presidencia.gov.br\/index.php\/saj\/article\/view\/647\/638>. Acesso em: 23 out. 2015."},{"key":"4447","unstructured":"Migraci\u00f3n Colombia. (2019). Venezolanos en Colombia: Corte a 30 junio de 2019. http:\/\/www.migracioncolombia.gov.co\/index.php\/es\/prensa\/infografias\/infografias-2019\/12565-infografia-venezolanos-en-colombia"},{"key":"4448","unstructured":"Netto, Jose\u0301 Paulo. (1993). Crise do capitalismo e ofensiva neoliberal. Sa\u0303o Paulo: Cortez. (Colec\u0327a\u0303o Questo\u0303es da nossa E\u0301poca)."},{"key":"4449","unstructured":"Organizaci\u00f3n Internacional del Trabajo. (2009). Cidadania, direitos humanos e tra\u0301fico de pessoas: manual para as promotoras legais populares. Brasi\u0301lia (DF), 2009."},{"key":"4450","unstructured":"Organizaci\u00f3n Internacional del Trabajo. (2006). Tra\u0301fico de pessoas para fins de explorac\u0327a\u0303o sexual. Brasi\u0301lia (DF)."},{"key":"4451","unstructured":"Organizaci\u00f3n Internacional del Trabajo. (2005). Uma alianc\u0327a global contra o trabalho forc\u0327ado. Brasi\u0301lia (DF)."},{"key":"4452","doi-asserted-by":"crossref","unstructured":"Palacios, Y. (2016). Perspectiva de ge\u0301nero en los feno\u0301menos migratorios: estudio desde Europa y Am\u00e9rica Latina. Rev. CES Derecho, 7(2), 145-162.","DOI":"10.21615\/cesder.7.2.10"},{"key":"4453","doi-asserted-by":"crossref","unstructured":"Pugh, J. (2021). The invisibility Bargain: Governance Network and Migrant Human Segurity. Oxford University Press.","DOI":"10.1093\/oso\/9780197538692.001.0001"},{"key":"4454","unstructured":"Ramos, Francesca (2018). Caracter\u00edsticas de los migrantes de Venezuela a Colombia. https:\/\/www.humanitarianresponse.info\/sites\/www.humanitarianresponse.info\/files\/documents\/files\/slides_venezuela_observatorio_laboral_urosario.pdf"},{"key":"4455","unstructured":"Sassen, S. (2013). Inmigrantes y ciudadanos. De las migraciones masivas a la Europa fortaleza. Madrid: Siglo XXI Espa\u00f1a."},{"key":"4456","doi-asserted-by":"crossref","unstructured":"Sol\u00e9 Arrar\u00e0s, A. (2017). Seguir a los difuntos. Una etnograf\u00eda multisituada de las pr\u00e1cticas funerarias transnacionales. Antropolog\u00eda Experimental, 17, 97-107.","DOI":"10.17561\/rae.v17i0.3758"},{"key":"4457","doi-asserted-by":"crossref","unstructured":"Trujillo Cristoffanini, M., & Contreras Hern\u00e1ndez, P. (2017). Desde las epistemolog\u00edas feministas a los feminismos decoloniales: Aportes a los estudios sobre migraciones. Athenea Digital. Revista De Pensamiento E Investigaci\u00f3n Social, 17(1), 145-162.","DOI":"10.5565\/rev\/athenea.1765"},{"key":"4458","unstructured":"UNODC. (2009). Global report on trafficking in persons: human trafficking a crime that shames us all. Viena: Escrito\u0301rio das Nac\u0327o\u0303es Unidas sobre Drogas e Crimes, Disponi\u0301vel em: <https:\/\/www.unodc.org\/documents\/Global_Report_on_TIP.pdf>. Acesso em: 18 jul. 2013."}],"container-title":["Administraci\u00f3n &amp; Desarrollo"],"link":[{"URL":"https:\/\/revistas.esap.edu.co\/index.php\/admindesarro\/article\/download\/675\/587","content-type":"application\/pdf","content-version":"vor","intended-application":"text-mining"},{"URL":"https:\/\/revistas.esap.edu.co\/index.php\/admindesarro\/article\/download\/675\/613","content-type":"text\/xml","content-version":"vor","intended-application":"text-mining"},{"URL":"https:\/\/revistas.esap.edu.co\/index.php\/admindesarro\/article\/download\/675\/587","content-type":"unspecified","content-version":"vor","intended-application":"similarity-checking"}],"deposited":{"date-parts":[[2025,11,6]],"date-time":"2025-11-06T16:35:23Z","timestamp":1762446923000},"score":0.0,"resource":{"primary":{"URL":"https:\/\/revistas.esap.edu.co\/index.php\/admindesarro\/article\/view\/675"}},"issued":{"date-parts":[[2021,12,1]]},"references-count":28,"journal-issue":{"issue":"2","published-online":{"date-parts":[[2021,12,27]]}},"URL":"https:\/\/doi.org\/10.22431\/25005227.vol51n2.7","ISSN":["2500-5227","0120-3754"],"issn-type":[{"type":"electronic","value":"2500-5227"},{"type":"print","value":"0120-3754"}],"published":{"date-parts":[[2021,12,1]]}},{"indexed":{"date-parts":[[2025,12,31]],"date-time":"2025-12-31T19:58:55Z","timestamp":1767211135459,"version":"3.48.0"},"reference-count":46,"publisher":"Escuela Superior de Administracion Publica","issue":"1","license":[{"start":{"date-parts":[[2024,5,9]],"date-time":"2024-05-09T00:00:00Z","timestamp":1715212800000},"content-version":"unspecified","delay-in-days":0,"URL":"https:\/\/creativecommons.org\/licenses\/by-nc-sa\/4.0"}],"content-domain":{"domain":[],"crossmark-restriction":false},"short-container-title":["Adm. Desarro."],"abstract":"<jats:p>Public organizations have faced the need to incorporate new knowledge and expertise in public management. One of the mechanisms formulated long ago has been the use of Advisory and Consulting services as a mechanism for knowledge transfer and capacity building. However, the use of these services does not to be as widespread as the use of their words. Added to this is the lack of an adequate conceptual development of these terms, so it is common to observe the indiscriminate use of both notions. This paper is a result of a bibliographical investigation has been carried out that has allowed establishing some differences between the services mentioned, mainly referring to the level of responsibility, nature, and level of knowledge of the service provider. In the way this paper uses some strategies to close the lector to its definition that begin whit the use of the concept until the multilaterally organization\u2019s conceptualizations, through for the tidy production about the classic management of private sector.<\/jats:p>","DOI":"10.22431\/25005227.vol54n1.829","type":"journal-article","created":{"date-parts":[[2024,5,9]],"date-time":"2024-05-09T12:37:23Z","timestamp":1715258243000},"page":"e829","source":"Crossref","is-referenced-by-count":0,"title":["De la praxis a la doxa: la asesor\u00eda y consultor\u00eda en la gesti\u00f3n p\u00fablica. Una revisi\u00f3n conceptual","From praxis to doxa: advice and consultancy in public management. A conceptual review"],"prefix":"10.22431","volume":"54","author":[{"ORCID":"https:\/\/orcid.org\/0000-0003-3908-2763","authenticated-orcid":false,"given":"Jairo Enrique","family":"Rodr\u00edguez Hern\u00e1ndez","sequence":"first","affiliation":[],"role":[{"role":"author","vocabulary":"crossref"}]},{"given":"David Leonardo","family":"Almanza S\u00e1nchez","sequence":"additional","affiliation":[],"role":[{"role":"author","vocabulary":"crossref"}]}],"member":"9723","published-online":{"date-parts":[[2024,5,9]]},"reference":[{"key":"22374","unstructured":"Accountants for business. (2010). Management consultants and public sector transformation. The Association of Chartered Certified Accountants. https:\/\/www.accaglobal.com\/content\/dam\/acca\/global\/PDF-technical\/public-sector\/tech-afb-mcps.pdf"},{"key":"22375","unstructured":"Ambr\u00fcster, T. (2010). The economics and sociology of management consulting. Cambridge University."},{"key":"22376","unstructured":"Assessor. Asesor\u00eda on line. (2021, 09 10). \u00bfQu\u00e9 es y qu\u00e9 hace una Asesor\u00eda y un Asesor? https:\/\/assessoronline.es\/asesoria-asesor"},{"key":"22377","unstructured":"Audirac, C. (2007). Desarrollo organizacional y consultor\u00eda. Trillas."},{"key":"22378","unstructured":"Berger, P. y Luckmann, T. (2011). La Construcci\u00f3n social de la realidad. Amorrortu."},{"key":"22379","unstructured":"Banco Intereamericano de Desarrollo (BID). (2011). Normas Selecci\u00f3n y Contrataci\u00f3n de Consultores, con pr\u00e9stamos del BIRF, cr\u00e9ditos de la AIF y donaciones por prestatarios del Banco Mundial. Banco Interamericano de Desarrollo."},{"key":"22380","doi-asserted-by":"crossref","unstructured":"Blanco, A., Kirkpatrick, I., Sturdy, A. & Reguera, N. (2019). The impact of management consultants on public service efficiency. Policy & politics, 47(1), 77-95. https:\/\/www.researchgate.net\/publication\/322357312_The_impact_of_management_consultants_on_public_service_efficiency","DOI":"10.1332\/030557318X15167881150799"},{"key":"22381","unstructured":"Catolico, Y., & Neira, J. (2009). Estudio de la oferta y la demanda de servicios de asesor\u00eda y consultor\u00eda a micro y peque\u00f1as empresas de Bogot\u00e1 para el centro de desarrollo de empresas de familia de la Universidad de la Salle [Trabajo de grado, Universidad de la Salle]."},{"key":"22382","unstructured":"Comisi\u00f3n Econ\u00f3mica para Am\u00e9rica Latina y el Caribe (CEPAL). (2021) Oportunidades de empleo. https:\/\/www.cepal.org\/es\/acerca\/oportunidades-empleo."},{"key":"22383","unstructured":"C\u00e9spedes, V. (2017). Consultor\u00eda en organizaciones p\u00fablicas: un proceso de reactivos y conspiradores del futuro. Pol\u00e9mica, 94-115."},{"key":"22384","unstructured":"Escuela Superior de Administraci\u00f3n P\u00fablica (ESAP). (2004, Septiembre 03). R\u00e9gimen Acad\u00e9mico de la ESAP. ESAP Bogot\u00e1."},{"key":"22385","unstructured":"F\u00e9derati\u00f3n Europ\u00e9enne des Associations de Conseils on Organisation (FEACO). (2021). Consulting in Europe. F\u00e9derati\u00f3n Europ\u00e9enne des Associations de Conseils on Organisation. https:\/\/feaco.org\/site-page\/welcome-feaco"},{"key":"22386","unstructured":"Guerrero, O. (1986). Las Ciencias de la Administraci\u00f3n en el Estado Absolutista. Fontamara."},{"key":"22387","unstructured":"Guerrero, O. (2007). Principios de Administraci\u00f3n P\u00fablica. ESAP Bogot\u00e1."},{"key":"22388","doi-asserted-by":"crossref","unstructured":"Haslam, S., Bodensteim, R. & Abdel-Jadel, T. (2020). ICMCI - National consultancy index. Estimating the size of management consulting markets around the world. Management consulting journal, 3(1), 34-46. https:\/\/doi.org\/10.2478\/mcj-2020-0006","DOI":"10.2478\/mcj-2020-0006"},{"key":"22389","unstructured":"Inside Careers - MCA. (2017). The official graduate career guide to Management Consultancy. Inside careers. http:\/\/www.insidecareers.co.uk\/wp-content\/uploads\/MAN-CON-Interactive-201617-Final.pdf"},{"key":"22390","unstructured":"Instituto Brasilero de Consultores de Organizaci\u00f3n (IBCO). (2021). Consultoria de organiza\u00e7\u00e3o uma atividade relevante para o desenvolvimento do Brasil. http:\/\/ibco.org.br\/"},{"key":"22391","unstructured":"Kapparis, K. (1998). Assessors of Magistrates (Paredroi) in Classical Athens. Historia: Zeitschrift fur Alte Geschichte, 383-393."},{"key":"22392","unstructured":"Kubr, M. (1997). La Consultor\u00eda de Empresas. Organizaci\u00f3n Internacional del Trabajo."},{"key":"22393","unstructured":"Ley 80 de 1993. Por la cual se expide el Estatuto General de Contrataci\u00f3n de la Administraci\u00f3n P\u00fablica. 10 de octubre 1993."},{"key":"22394","unstructured":"Maquiavelo, N. (1999). El Pr\u00edncipe. El Aleph."},{"key":"22395","unstructured":"McNamara, C. (2006). Field Guide to Consulting and Organizational Development: A Collaborative and Systems Approach to Performance, Change and Learning. Authenticity Consulting, LLC."},{"key":"22396","unstructured":"Mendoza, M. C. (2006). La importancia de la funci\u00f3n de la consultor\u00eda. Veritas, 3-13"},{"key":"22397","unstructured":"Newton, R. (2010). The Management Consultant: Mastering the Art of Consultancy. Pearson education."},{"key":"22398","unstructured":"Organizaci\u00f3n de las Naciones Unidas (ONU). (2021). Glosario [En L\u00ednea]. https:\/\/popp.undp.org\/es\/taxonomy\/term\/7786#:~:text=Un%20consultor%20es%20una%20persona,o%20consultor%20de%20la%20Secretar%C3%ADa"},{"key":"22399","unstructured":"Pontificia Universidad Javeriana. (2004). Directrices para la actividad acad\u00e9mica de la Consultor\u00eda en la Pontificia Universidad Javeriana. Pontificia Universidad Javeriana."},{"key":"22400","unstructured":"Quintero V., I. (2017). Ciudadgestion.co [En l\u00ednea]. http:\/\/www.ciudadgestion.co\/administracion\/marco-legal-y-normatividad-del-ejercicio-de-la-consultoria-en-colombia\/"},{"key":"22401","doi-asserted-by":"crossref","unstructured":"Rami\u00f3, C. (2002). El impacto de la actividad de consultor\u00eda sobre la capacidad institucional de los organismos p\u00fablicos de los pa\u00edses de Am\u00e9rica Latina. Gesti\u00f3n y an\u00e1lisis de pol\u00edticas p\u00fablicas, (25), 33\u201344. https:\/\/doi.org\/10.24965\/gapp.vi25.333","DOI":"10.24965\/gapp.vi25.333"},{"key":"22402","unstructured":"Real Academia Espa\u00f1ola. (n.d.). Diccionario de la lengua espa\u00f1ola (23\u00aa ed) [versi\u00f3n 23.5 en l\u00ednea]. https:\/\/dle.rae.es"},{"key":"22403","unstructured":"Ribeiro, D. (1998). Asesoramiento en direcci\u00f3n de empresas: la consultor\u00eda. Diaz de Santos."},{"key":"22404","unstructured":"Rodr\u00edguez H., J. E. (2020). La Asesor\u00eda y Consultor\u00eda en la Administraci\u00f3n P\u00fablica Colombiana. Una revisi\u00f3n al estado del arte. En J. Molina, J. T. Puello, & Y. Rodr\u00edguez, Vademecum de la Administraci\u00f3n P\u00fablica. Debates y perspectivas. (Pp. 223-269). ESAP."},{"key":"22405","doi-asserted-by":"crossref","unstructured":"Saint Martin, D. (2006). Le consulting et l'Etat: une analyse compar\u00e9e de l'offre et de la demande. Revue fran\u00e7aise d'administration publique, (120), 743-756. https:\/\/doi.org\/10.3917\/rfap.120.0743","DOI":"10.3917\/rfap.120.0743"},{"key":"22406","doi-asserted-by":"crossref","unstructured":"Saint Martin, D. (2012). Goverments and Management Consultants: supply, demand and effectiveness. In M. Kipping, & T. Clark, The Oxford handbook of Management Consulting (Pp. 552-572). Oxford University Press.","DOI":"10.1093\/oxfordhb\/9780199235049.013.0022"},{"key":"22407","unstructured":"Sald\u00edas B., C. (2016). Gu\u00eda de acompa\u00f1amiento para la docencia. Borrador preliminar [Trabajo de Grado programa de Maestr\u00eda en Administraci\u00f3n P\u00fablica, ESAP]."},{"key":"22408","unstructured":"Schein, E. (1998). Consultor\u00eda de procesos (vol 2). Adinson Wensley editores."},{"key":"22409","doi-asserted-by":"crossref","unstructured":"Sturdy, A. & O'Mahoney, J. (2018). Explaining national variation in the use of management consulting knowledge: a framework. Management learning, 49(5), 537-558. https:\/\/doi.org\/10.1177\/1350507618788993","DOI":"10.1177\/1350507618788993"},{"key":"22410","doi-asserted-by":"crossref","unstructured":"Tadlaoui, S. (2013). Manual de Consultor\u00eda en asuntos p\u00fablicos. UExternado.","DOI":"10.2307\/j.ctv31zqgq8"},{"key":"22411","unstructured":"Universidad del Atl\u00e1ntico. (2009, febrero 16). Acuerdo Superior 02 de 2009. Universidad del Atl\u00e1ntico."},{"key":"22412","unstructured":"Universidad del Rosario (2008, febrero 27). Acuerdo Rectoral 1011. URosario. http:\/\/www.urosario.edu.co\/Documentos-Institucionales\/documentos\/Investigacion\/Extension\/1011\/"},{"key":"22413","unstructured":"Universidad del Valle. (1996, octubre 01). Acuerdo 04 de 1996. Universidad del Valle. http:\/\/secretariageneral.univalle.edu.co\/consejo-superior\/Estatuto%20General\/Estatuto-General.pdf"},{"key":"22414","unstructured":"Universidad del Valle. (1999, Julio 09). Resoluci\u00f3n 040 de 1999. Universidad del Valle. http:\/\/secretariageneral.univalle.edu.co\/estatutos-reglamentos\/RES-040%20asesor%EDa%20y%20consultor%EDa.pdf"},{"key":"22415","unstructured":"Universidad Industrial de Santander. (2005, febrero 07). Acuerdo 06 de 2005. UIS. https:\/\/www.uis.edu.co\/webUIS\/es\/investigacionExtension\/documentos\/politicasExtension.pdf"},{"key":"22416","unstructured":"Universidad Nacional de Colombia. (2009, octubre 20). Acuerdo 036 de 2009. UNAL, Colombia. Retrieved from http:\/\/www.legal.unal.edu.co\/sisjurun\/normas\/Norma1.jsp?i=36373"},{"key":"22417","unstructured":"Weiss, A. (2016). Management consultancy and the British state, c.1960-c.2010 [Tesis Doctoral, University of London]."},{"key":"22418","doi-asserted-by":"crossref","unstructured":"Wright, C. (2009). Inside Out? Organizational Membership, Ambiguity and the Ambivalent Identity of the Internal Consultant. British Journal of Management, 20, 309-322. https:\/\/doi.org\/10.1111\/j.1467-8551.2008.00585.x","DOI":"10.1111\/j.1467-8551.2008.00585.x"},{"key":"22419","doi-asserted-by":"crossref","unstructured":"Wright, C. & Kipping, M. (2012). The Engineering Origins Of The Consulting Industry And Its Long Shadow. In M. Kipping, & T. Clark, The Oxford Handbook of Management Consulting (Pp. 56-81). Oxford University Press.","DOI":"10.1093\/oxfordhb\/9780199235049.013.0002"}],"container-title":["Administraci\u00f3n &amp; Desarrollo"],"link":[{"URL":"https:\/\/revistas.esap.edu.co\/index.php\/admindesarro\/article\/download\/829\/754","content-type":"application\/pdf","content-version":"vor","intended-application":"text-mining"},{"URL":"https:\/\/revistas.esap.edu.co\/index.php\/admindesarro\/article\/download\/829\/763","content-type":"text\/xml","content-version":"vor","intended-application":"text-mining"},{"URL":"https:\/\/revistas.esap.edu.co\/index.php\/admindesarro\/article\/download\/829\/754","content-type":"unspecified","content-version":"vor","intended-application":"similarity-checking"}],"deposited":{"date-parts":[[2025,12,31]],"date-time":"2025-12-31T19:53:18Z","timestamp":1767210798000},"score":0.0,"resource":{"primary":{"URL":"https:\/\/revistas.esap.edu.co\/index.php\/admindesarro\/article\/view\/829"}},"issued":{"date-parts":[[2024,5,9]]},"references-count":46,"journal-issue":{"issue":"1","published-online":{"date-parts":[[2024,1,1]]}},"URL":"https:\/\/doi.org\/10.22431\/25005227.vol54n1.829","ISSN":["2500-5227","0120-3754"],"issn-type":[{"type":"electronic","value":"2500-5227"},{"type":"print","value":"0120-3754"}],"published":{"date-parts":[[2024,5,9]]}},{"indexed":{"date-parts":[[2025,11,6]],"date-time":"2025-11-06T16:49:29Z","timestamp":1762447769183,"version":"build-2065373602"},"reference-count":0,"publisher":"Escuela Superior de Administracion Publica","issue":"67","license":[{"start":{"date-parts":[[2014,12,1]],"date-time":"2014-12-01T00:00:00Z","timestamp":1417392000000},"content-version":"unspecified","delay-in-days":0,"URL":"http:\/\/creativecommons.org\/licenses\/by-nc-nd\/4.0"}],"content-domain":{"domain":[],"crossmark-restriction":false},"short-container-title":["Nova vetera"],"abstract":"<jats:p>La implementaci\u00f3n de la pol\u00edtica p\u00fablica de atenci\u00f3n a v\u00edctimas constituye un avance no solo en la protecci\u00f3n y garant\u00eda de derechos, sino en la respuesta estatal respecto a la crisis humanitaria que ha generado el conflicto armado en el pa\u00eds. No obstante, so pena de soslayar dichos beneficios y adelantos, es necesario realizar una serie de ajustes al marco administrativo y fiscal en el cual se desarrolla, especialmente en el \u00e1mbito local.<\/jats:p>","DOI":"10.22431\/25005103.26","type":"journal-article","created":{"date-parts":[[2017,7,5]],"date-time":"2017-07-05T15:34:05Z","timestamp":1499268845000},"page":"72-89","source":"Crossref","is-referenced-by-count":1,"title":["\u00bfPor qu\u00e9 falla la atenci\u00f3n a las v\u00edctimas en los gobiernos municipales?"],"prefix":"10.22431","volume":"23","author":[{"given":"Yenifer","family":"Fandi\u00f1o Mart\u00ednez","sequence":"first","affiliation":[],"role":[{"role":"author","vocabulary":"crossref"}]}],"member":"9723","published-online":{"date-parts":[[2014,12,1]]},"container-title":["Nova et Vetera"],"link":[{"URL":"https:\/\/revistas.esap.edu.co\/index.php\/novaetvetera\/article\/download\/26\/31","content-type":"application\/pdf","content-version":"vor","intended-application":"text-mining"},{"URL":"https:\/\/revistas.esap.edu.co\/index.php\/novaetvetera\/article\/download\/26\/31","content-type":"unspecified","content-version":"vor","intended-application":"similarity-checking"}],"deposited":{"date-parts":[[2025,11,6]],"date-time":"2025-11-06T16:44:51Z","timestamp":1762447491000},"score":0.0,"resource":{"primary":{"URL":"https:\/\/revistas.esap.edu.co\/index.php\/novaetvetera\/article\/view\/26"}},"issued":{"date-parts":[[2014,12,1]]},"references-count":0,"journal-issue":{"issue":"67","published-online":{"date-parts":[[2014,12,1]]}},"URL":"https:\/\/doi.org\/10.22431\/25005103.26","ISSN":["2500-5103","0123-2614"],"issn-type":[{"type":"electronic","value":"2500-5103"},{"type":"print","value":"0123-2614"}],"published":{"date-parts":[[2014,12,1]]}},{"indexed":{"date-parts":[[2025,11,6]],"date-time":"2025-11-06T16:37:36Z","timestamp":1762447056550,"version":"build-2065373602"},"reference-count":0,"publisher":"Escuela Superior de Administracion Publica","issue":"1","license":[{"start":{"date-parts":[[2015,6,24]],"date-time":"2015-06-24T00:00:00Z","timestamp":1435104000000},"content-version":"unspecified","delay-in-days":0,"URL":"http:\/\/creativecommons.org\/licenses\/by-nc-nd\/4.0"}],"content-domain":{"domain":[],"crossmark-restriction":false},"short-container-title":["Adm. Desarro."],"abstract":"<jats:p>The article highlights the various aspects of society (individual andgroup) within the economy developed by multinational corporations, creating economic realities that from phenomenology build news tandardized purchasing cultures, which allow internal control loss ofindividuals\u2019 rationality, and in turn strengthen the personality.The development of the subject is presented in three parts, the first tackles how phenomenology creates and unifies the culture of the individual, with the confusing messages sent by the multinationals, the second concerns this dissemination of what a society should be, the individual voluntarily affects the locus of internal control, the third one is presented with the strengthening of individual identity in the development of the statement of the id, ego, and super-ego.<\/jats:p>","DOI":"10.22431\/25005227.6","type":"journal-article","created":{"date-parts":[[2017,7,5]],"date-time":"2017-07-05T12:06:06Z","timestamp":1499256366000},"page":"113-128","source":"Crossref","is-referenced-by-count":0,"title":["Las empresas como formadoras de identidad individual y grupal en la sociedad a partir de la fenomenolog\u00eda","Companies as group and individual identity shapers in the society from the phenomenology approach"],"prefix":"10.22431","volume":"45","author":[{"given":"Germ\u00e1n","family":"Rubio Guerrero","sequence":"first","affiliation":[],"role":[{"role":"author","vocabulary":"crossref"}]},{"given":"Luis Alfredo","family":"Mu\u00f1oz Velasco","sequence":"additional","affiliation":[],"role":[{"role":"author","vocabulary":"crossref"}]},{"given":"Fernando Adolfo","family":"Fierro Celis","sequence":"additional","affiliation":[],"role":[{"role":"author","vocabulary":"crossref"}]}],"member":"9723","published-online":{"date-parts":[[2015,6,24]]},"container-title":["Administraci\u00f3n &amp; Desarrollo"],"link":[{"URL":"https:\/\/revistas.esap.edu.co\/index.php\/admindesarro\/article\/download\/6\/pdf","content-type":"application\/pdf","content-version":"vor","intended-application":"text-mining"},{"URL":"https:\/\/revistas.esap.edu.co\/index.php\/admindesarro\/article\/download\/6\/pdf","content-type":"unspecified","content-version":"vor","intended-application":"similarity-checking"}],"deposited":{"date-parts":[[2025,11,6]],"date-time":"2025-11-06T16:33:26Z","timestamp":1762446806000},"score":0.0,"resource":{"primary":{"URL":"https:\/\/revistas.esap.edu.co\/index.php\/admindesarro\/article\/view\/6"}},"issued":{"date-parts":[[2015,6,24]]},"references-count":0,"journal-issue":{"issue":"1","published-online":{"date-parts":[[2015,6,24]]}},"URL":"https:\/\/doi.org\/10.22431\/25005227.6","ISSN":["2500-5227","0120-3754"],"issn-type":[{"type":"electronic","value":"2500-5227"},{"type":"print","value":"0120-3754"}],"published":{"date-parts":[[2015,6,24]]}},{"indexed":{"date-parts":[[2025,11,6]],"date-time":"2025-11-06T16:50:31Z","timestamp":1762447831467,"version":"build-2065373602"},"reference-count":0,"publisher":"Escuela Superior de Administracion Publica","issue":"28","license":[{"start":{"date-parts":[[2019,12,29]],"date-time":"2019-12-29T00:00:00Z","timestamp":1577577600000},"content-version":"unspecified","delay-in-days":0,"URL":"http:\/\/creativecommons.org\/licenses\/by-nc-nd\/4.0"}],"content-domain":{"domain":[],"crossmark-restriction":false},"short-container-title":["Nova vetera"],"abstract":"<jats:p>This article deals with the historical analysis of the first documents that referred to Human Rights as a guarantee for the life of the human being, in order to demonstrate in time from when the development and consolidation as an obligation reached its culmination. of the states, concluding that the most significant moment occurred in the 20th century and was marked by the promulgation of the Universal Declaration of Human Rights, the creation of the regional systems of the OAS, the Council of Europe and the African Union of Human Rights and the new constitutions of the nineties such as the Colombian one of 1991.<\/jats:p>","DOI":"10.22431\/25005103.n28.5","type":"journal-article","created":{"date-parts":[[2022,12,29]],"date-time":"2022-12-29T01:15:54Z","timestamp":1672276554000},"page":"72-82","source":"Crossref","is-referenced-by-count":0,"title":["El momento m\u00e1s significativo en el desarrollo hist\u00f3rico de los Derechos Humanos","The most significant moment in the historical development of Human Rights"],"prefix":"10.22431","author":[{"ORCID":"https:\/\/orcid.org\/0000-0002-1581-175X","authenticated-orcid":false,"given":"Nesly Edilma","family":"Rey Cruz","sequence":"first","affiliation":[],"role":[{"role":"author","vocabulary":"crossref"}]},{"ORCID":"https:\/\/orcid.org\/0000-0002-3703-420X","authenticated-orcid":false,"given":"Gloria Alejandra","family":"Molina Busto","sequence":"additional","affiliation":[],"role":[{"role":"author","vocabulary":"crossref"}]},{"ORCID":"https:\/\/orcid.org\/0000-0003-0182-3597","authenticated-orcid":false,"given":"Jorge Andr\u00e9s","family":"Sosa Chinome","sequence":"additional","affiliation":[],"role":[{"role":"author","vocabulary":"crossref"}]}],"member":"9723","published-online":{"date-parts":[[2019,12,29]]},"container-title":["Nova et Vetera"],"link":[{"URL":"https:\/\/revistas.esap.edu.co\/index.php\/novaetvetera\/article\/download\/802\/650","content-type":"application\/pdf","content-version":"vor","intended-application":"text-mining"},{"URL":"https:\/\/revistas.esap.edu.co\/index.php\/novaetvetera\/article\/download\/802\/650","content-type":"unspecified","content-version":"vor","intended-application":"similarity-checking"}],"deposited":{"date-parts":[[2025,11,6]],"date-time":"2025-11-06T16:47:56Z","timestamp":1762447676000},"score":0.0,"resource":{"primary":{"URL":"https:\/\/revistas.esap.edu.co\/index.php\/novaetvetera\/article\/view\/802"}},"issued":{"date-parts":[[2019,12,29]]},"references-count":0,"journal-issue":{"issue":"28","published-online":{"date-parts":[[2019,12,29]]}},"URL":"https:\/\/doi.org\/10.22431\/25005103.n28.5","ISSN":["2500-5103","0123-2614"],"issn-type":[{"type":"electronic","value":"2500-5103"},{"type":"print","value":"0123-2614"}],"published":{"date-parts":[[2019,12,29]]}}],"items-per-page":1000,"query":{"start-index":0,"search-terms":null}}}