{"status":"ok","message-type":"work","message-version":"1.0.0","message":{"indexed":{"date-parts":[[2026,4,13]],"date-time":"2026-04-13T20:24:54Z","timestamp":1776111894809,"version":"3.50.1"},"publisher-location":"Cham","reference-count":58,"publisher":"Springer International Publishing","isbn-type":[{"value":"9783030491079","type":"print"},{"value":"9783030491086","type":"electronic"}],"license":[{"start":{"date-parts":[[2020,1,1]],"date-time":"2020-01-01T00:00:00Z","timestamp":1577836800000},"content-version":"tdm","delay-in-days":0,"URL":"https:\/\/www.springernature.com\/gp\/researchers\/text-and-data-mining"},{"start":{"date-parts":[[2020,1,1]],"date-time":"2020-01-01T00:00:00Z","timestamp":1577836800000},"content-version":"vor","delay-in-days":0,"URL":"https:\/\/www.springernature.com\/gp\/researchers\/text-and-data-mining"}],"content-domain":{"domain":["link.springer.com"],"crossmark-restriction":false},"short-container-title":[],"published-print":{"date-parts":[[2020]]},"DOI":"10.1007\/978-3-030-49108-6_28","type":"book-chapter","created":{"date-parts":[[2020,7,9]],"date-time":"2020-07-09T23:56:20Z","timestamp":1594338980000},"page":"390-408","update-policy":"https:\/\/doi.org\/10.1007\/springer_crossmark_policy","source":"Crossref","is-referenced-by-count":9,"title":["I Can\u2019t Do It, They Say! \u2013 Perceived Stigmatization Experiences of People with Intellectual Disabilities When Using and Accessing the Internet"],"prefix":"10.1007","author":[{"ORCID":"https:\/\/orcid.org\/0000-0002-1222-9246","authenticated-orcid":false,"given":"Vanessa N.","family":"Heitplatz","sequence":"first","affiliation":[]},{"ORCID":"https:\/\/orcid.org\/0000-0001-8361-526X","authenticated-orcid":false,"given":"Christian","family":"B\u00fchler","sequence":"additional","affiliation":[]},{"ORCID":"https:\/\/orcid.org\/0000-0003-1766-3567","authenticated-orcid":false,"given":"Matthias R.","family":"Hastall","sequence":"additional","affiliation":[]}],"member":"297","published-online":{"date-parts":[[2020,7,10]]},"reference":[{"issue":"1","key":"28_CR1","doi-asserted-by":"publisher","first-page":"42","DOI":"10.3928\/02793695-20080101-04","volume":"46","author":"PW Corrigan","year":"2008","unstructured":"Corrigan, P.W., Wassel, A.: Understanding and influencing the stigma of mental illness. J. Psychosoc. Nurs. Ment. Health Serv. 46(1), 42\u201348 (2008)","journal-title":"J. Psychosoc. Nurs. Ment. Health Serv."},{"key":"28_CR2","doi-asserted-by":"publisher","first-page":"363","DOI":"10.1146\/annurev.soc.27.1.363","volume":"27","author":"BG Link","year":"2001","unstructured":"Link, B.G., Phelan, J.C.: Conceptualizing stigma. Ann. Rev. Sociol. 27, 363\u2013385 (2001)","journal-title":"Ann. Rev. Sociol."},{"key":"28_CR3","unstructured":"R\u00f6hm, A.: Stigmatisierung und Entstigmatisierung von Menschen mit Behinderungen: Einfluss unterschiedlicher medialer Darstellungen auf Einstellungen und Handlungsintentionen, Dissertation Technische Universit\u00e4t Dortmund (2017). http:\/\/dx.doi.org\/10.17877\/DE290R-18180"},{"issue":"2","key":"28_CR4","doi-asserted-by":"publisher","first-page":"166","DOI":"10.1111\/j.1468-3148.2011.00651.x","volume":"25","author":"L Paterson","year":"2012","unstructured":"Paterson, L., McKenzie, K., Lindsay, B.: Stigma, social comparison and self-esteem in adults with an intellectual disability. J. Appl. Res. Intellect. Disabil. 25(2), 166\u2013176 (2012)","journal-title":"J. Appl. Res. Intellect. Disabil."},{"key":"28_CR5","series-title":"Lecture Notes in Computer Science","doi-asserted-by":"publisher","first-page":"98","DOI":"10.1007\/978-3-030-23563-5_9","volume-title":"Universal Access in Human-Computer Interaction. Multimodality and Assistive Environments","author":"VN Heitplatz","year":"2019","unstructured":"Heitplatz, V.N., B\u00fchler, C., Hastall, M.R.: Caregivers\u2019 influence on smartphone usage of people with cognitive disabilities: an explorative case study in germany. In: Antona, M., Stephanidis, C. (eds.) HCII 2019. LNCS, vol. 11573, pp. 98\u2013115. Springer, Cham (2019). https:\/\/doi.org\/10.1007\/978-3-030-23563-5_9"},{"issue":"2","key":"28_CR6","doi-asserted-by":"publisher","first-page":"125","DOI":"10.1080\/15017410701758005","volume":"10","author":"L L\u00f6fgren-M\u00e5rtenson","year":"2008","unstructured":"L\u00f6fgren-M\u00e5rtenson, L.: Love in cyberspace: swedish young people with intellectual disabilities and the internet. Scand. J. Disabil. Res. 10(2), 125\u2013138 (2008)","journal-title":"Scand. J. Disabil. Res."},{"issue":"1","key":"28_CR7","doi-asserted-by":"publisher","first-page":"79","DOI":"10.1111\/jar.12321","volume":"31","author":"C-N Shpigelman","year":"2018","unstructured":"Shpigelman, C.-N.: Leveraging social capital of individuals with intellectual disabilities through participation on Facebook. J. Appl. Res. Intellect. Disabil. 31(1), 79\u201391 (2018)","journal-title":"J. Appl. Res. Intellect. Disabil."},{"issue":"4","key":"28_CR8","doi-asserted-by":"publisher","first-page":"283","DOI":"10.1111\/j.1741-1130.2010.00278.x","volume":"7","author":"WHE Buntinx","year":"2010","unstructured":"Buntinx, W.H.E., Schalock, R.L.: Models of disability, quality of life, and individualized supports: implications for professional practice in intellectual disability. J. Policy Pract. Intell. Disabil. 7(4), 283\u2013294 (2010)","journal-title":"J. Policy Pract. Intell. Disabil."},{"key":"28_CR9","doi-asserted-by":"publisher","first-page":"193","DOI":"10.3233\/TAD-2008-20303","volume":"20","author":"MA Hersh","year":"2007","unstructured":"Hersh, M.A., Johnson, M.A.: On modelling assistive technology systems \u2013 part I: modelling framework. Technol. Disabil. 20, 193\u2013215 (2007)","journal-title":"Technol. Disabil."},{"key":"28_CR10","volume-title":"Assistive Technologies. Principles and Practice","author":"AM Cook","year":"2010","unstructured":"Cook, A.M., Polgar, J.M.: Assistive Technologies. Principles and Practice, 4th edn. Elsevier Inc., Missouri (2010)","edition":"4"},{"issue":"1","key":"28_CR11","doi-asserted-by":"publisher","first-page":"10","DOI":"10.1159\/000109950","volume":"41","author":"L Salvador-Carulla","year":"2008","unstructured":"Salvador-Carulla, L., Bertelli, M.: \u2018Mental retardation\u2019 or \u2018intellectual disability\u2019: time for a conceptual change. Psychopathology 41(1), 10\u201316 (2008)","journal-title":"Psychopathology"},{"key":"28_CR12","unstructured":"German Institute of Medical Documentation and Information. https:\/\/www.dimdi.de\/dynamic\/en\/classifications\/icf\/index.html. Accessed 30 Jan 2020"},{"key":"28_CR13","unstructured":"American Association of Intellectual and Developmental Disabilities. https:\/\/www.aaidd.org\/intellectual-disability\/definition. Accessed 30 Jan 2020"},{"key":"28_CR14","doi-asserted-by":"publisher","DOI":"10.1155\/2017\/5062371","author":"JC Gomez","year":"2017","unstructured":"Gomez, J.C., Torrado, J.C., Montoro, G.: Using smartphones to assist people with down syndrom in their labour training and integration: a case study. Wirl. Commun. Mob. Comput. (2017). https:\/\/doi.org\/10.1155\/2017\/5062371","journal-title":"Wirl. Commun. Mob. Comput."},{"issue":"3","key":"28_CR15","doi-asserted-by":"publisher","first-page":"553","DOI":"10.1111\/j.1540-4560.2010.01662.x","volume":"66","author":"JW Crabtree","year":"2010","unstructured":"Crabtree, J.W., Haslam, S.A., Postmes, T., Haslam, C.: Mental health support groups, stigma, and self-esteem: positive and negative implications of group identification. J. Soc. Issues 66(3), 553\u2013569 (2010)","journal-title":"J. Soc. Issues"},{"key":"28_CR16","doi-asserted-by":"publisher","DOI":"10.1016\/j.psychres.2011.05.024","author":"PW Corrigan","year":"2011","unstructured":"Corrigan, P.W., Rafacz, J., R\u00fcsch, N.: Examining a progressive model of self-stigma and its impact on people with serious mental illness. Psychiatry Res. (2011). https:\/\/doi.org\/10.1016\/j.psychres.2011.05.024","journal-title":"Psychiatry Res."},{"issue":"1","key":"28_CR17","first-page":"16","volume":"1","author":"PW Corrigan","year":"2002","unstructured":"Corrigan, P.W., Watson, A.C.: Understanding the impact of stigma on people with mental illness. World Psychiatry 1(1), 16\u201320 (2002)","journal-title":"World Psychiatry"},{"key":"28_CR18","doi-asserted-by":"publisher","first-page":"24","DOI":"10.1016\/j.socscimed.2013.07.035","volume":"103","author":"BG Link","year":"2014","unstructured":"Link, B.G., Phelan, J.C.: Stigma power. Soc. Sci. Med. 103, 24\u201332 (2014)","journal-title":"Soc. Sci. Med."},{"issue":"8","key":"28_CR19","doi-asserted-by":"publisher","first-page":"464","DOI":"10.1177\/070674371205700804","volume":"57","author":"PW Corrigan","year":"2012","unstructured":"Corrigan, P.W., Rao, D.: On the self-stigma of mental illness: stages, disclosure, and strategies for change. Can. J. Psychiatry 57(8), 464\u2013469 (2012)","journal-title":"Can. J. Psychiatry"},{"key":"28_CR20","doi-asserted-by":"publisher","DOI":"10.1037\/rep0000166","author":"KR Bogart","year":"2018","unstructured":"Bogart, K.R., Rottenstein, A.: Disability pride protects self-esteem through the rejection-identification model. Rehabil. Psychol. (2018). https:\/\/doi.org\/10.1037\/rep0000166","journal-title":"Rehabil. Psychol."},{"issue":"2","key":"28_CR21","doi-asserted-by":"publisher","first-page":"117","DOI":"10.1177\/001872675400700202","volume":"7","author":"L Festinger","year":"1954","unstructured":"Festinger, L.: A theory of social comparison processes. Hum. Relat. 7(2), 117\u2013140 (1954)","journal-title":"Hum. Relat."},{"key":"28_CR22","first-page":"1412","volume":"20","author":"F Pethig","year":"2019","unstructured":"Pethig, F., Kr\u00f6nung, J.: Specialized information systems for the digitally disadvantaged. J. Assoc. Inf. Syst. 20, 1412\u20131446 (2019)","journal-title":"J. Assoc. Inf. Syst."},{"issue":"3","key":"28_CR23","doi-asserted-by":"publisher","first-page":"291","DOI":"10.1353\/aad.2007.0030","volume":"152","author":"M Des Power","year":"2007","unstructured":"Des Power, M., Power, R., Rehling, B.: German deaf people using text communication on JSTOR. Am. Ann. Deaf 152(3), 291\u2013301 (2007)","journal-title":"Am. Ann. Deaf"},{"key":"28_CR24","unstructured":"Initiative D21 e.V.: D21 Digital Index 2018\/2019. J\u00e4hrliches Lagebild zur Digitalen Gesellschaft. Stoba Druck GmbH, Lampertswalde (2018\/2019)"},{"key":"28_CR25","unstructured":"Grimme Institut. https:\/\/imblickpunkt.grimme-institut.de\/digitale-teilhabe\/. Accessed 30 Jan 2020"},{"key":"28_CR26","series-title":"Lecture Notes in Computer Science","doi-asserted-by":"publisher","first-page":"419","DOI":"10.1007\/978-3-319-58700-4_34","volume-title":"Universal Access in Human\u2013Computer Interaction. Human and Technological Environments","author":"A Haage","year":"2017","unstructured":"Haage, A., Bosse, I.K.: Media use of persons with disabilities. In: Antona, M., Stephanidis, C. (eds.) UAHCI 2017. LNCS, vol. 10279, pp. 419\u2013435. Springer, Cham (2017). https:\/\/doi.org\/10.1007\/978-3-319-58700-4_34"},{"key":"28_CR27","series-title":"Lecture Notes in Computer Science","doi-asserted-by":"publisher","first-page":"389","DOI":"10.1007\/978-3-030-23560-4_29","volume-title":"Universal Access in Human-Computer Interaction. Theory, Methods and Tools","author":"M Becker","year":"2019","unstructured":"Becker, M., et al.: How to design an intervention to raise digital competences: ALL DIGITAL week \u2013 Dortmund 2018. In: Antona, M., Stephanidis, C. (eds.) HCII 2019. LNCS, vol. 11572, pp. 389\u2013407. Springer, Cham (2019). https:\/\/doi.org\/10.1007\/978-3-030-23560-4_29"},{"issue":"3","key":"28_CR28","doi-asserted-by":"publisher","first-page":"190","DOI":"10.3109\/17483107.2012.723239","volume":"8","author":"BS Hoppestad","year":"2013","unstructured":"Hoppestad, B.S.: Current perspetive regarding adults with intellectual and developmental disabilities accessing computer technology. Disabil. Rehabil. Assist. Technol. 8(3), 190\u2013194 (2013)","journal-title":"Disabil. Rehabil. Assist. Technol."},{"key":"28_CR29","doi-asserted-by":"publisher","first-page":"376","DOI":"10.3390\/fi5030376","volume":"5","author":"D Chadwick","year":"2013","unstructured":"Chadwick, D., Wesson, C., Fullwood, C.: Internet access by people with intellectual disabilities: inequalities and opportunities. Future Internet 5, 376\u2013397 (2013)","journal-title":"Future Internet"},{"issue":"9","key":"28_CR30","first-page":"410","volume":"60","author":"T M\u00fcller","year":"2013","unstructured":"M\u00fcller, T.: Habitualisierte Mobilnutzung \u2013 Smartphones und Tablets geh\u00f6ren zum Medienalltag. Ergebnisse der ARD-Mobilstudie. Media Perspektiven 60(9), 410\u2013422 (2013)","journal-title":"Media Perspektiven"},{"key":"28_CR31","doi-asserted-by":"publisher","DOI":"10.1136\/bmjopen-2016-011683","author":"DW Maidment","year":"2016","unstructured":"Maidment, D.W., Barker, A.B., Xia, J., Ferguson, M.A.: Effectiveness of alternative listening devices to conventional hearing aids for adults with hearing loss: a systematic review protocol. BMJ J. (2016). https:\/\/doi.org\/10.1136\/bmjopen-2016-011683","journal-title":"BMJ J."},{"key":"28_CR32","doi-asserted-by":"publisher","unstructured":"Panahi, I., Kehtarnavaz, N., Thibodeau, L.: Smartphone-based noise adaptive speech enhancement for hearing aid applications (2016). https:\/\/doi.org\/10.1109\/EMBC.2016.7590646","DOI":"10.1109\/EMBC.2016.7590646"},{"key":"28_CR33","unstructured":"Shiri, A., Ladner, R.E., Wobbrock, J.O.: Smartphone haptic feedback for nonvisual wayfinding. In: Proceedings of the 13th International ACM SIAGACCESS Conference on Computers and Accessibility, pp. 281\u2013282 (2016)"},{"key":"28_CR34","doi-asserted-by":"publisher","DOI":"10.3389\/fpubh.2017.00282","author":"GE Lancioni","year":"2017","unstructured":"Lancioni, G.E., et al.: Using smartphones to help people with intellectual and sensory disabilities perform daily activities. Front. Public Health (2017). https:\/\/doi.org\/10.3389\/fpubh.2017.00282","journal-title":"Front. Public Health"},{"issue":"5","key":"28_CR35","first-page":"322","volume":"43","author":"CC Allison","year":"2005","unstructured":"Allison, C.C., Friedman, M.G., Bryan, D.N.: Use of electronic technologies by people with intellectual disabilities. Ment. Retard. 43(5), 322\u2013333 (2005)","journal-title":"Ment. Retard."},{"issue":"1","key":"28_CR36","doi-asserted-by":"publisher","first-page":"22","DOI":"10.1177\/1744629514563558","volume":"19","author":"M Molin","year":"2015","unstructured":"Molin, M., Sorbring, E., L\u00f6fgren-M\u00e5rtenson, L.: Teachers\u2019 and parents\u2019 views on the Internet and social media usage by pupils with intellectual disabilities. J. Intell. Disabil. 19(1), 22\u201333 (2015)","journal-title":"J. Intell. Disabil."},{"issue":"1","key":"28_CR37","doi-asserted-by":"publisher","first-page":"76","DOI":"10.1016\/j.chb.2018.10.017","volume":"92","author":"AM Rosenthal-von der P\u00fctten","year":"2019","unstructured":"Rosenthal-von der P\u00fctten, A.M., et al.: \u201cLikes\u201d as social rewards: their role in online social comparison and decisions to like other people\u2019s selfies. Comput. Hum. Behav. 92(1), 76\u201386 (2019)","journal-title":"Comput. Hum. Behav."},{"issue":"1","key":"28_CR38","doi-asserted-by":"publisher","first-page":"148","DOI":"10.1186\/s12888-018-1745-4","volume":"18","author":"AA Alhassan","year":"2018","unstructured":"Alhassan, A.A., Alqadhib, E.M., Taha, N.W., Alahmari, R.A., Salam, M., Almutairi, A.F.: The relationship between addiction to smartphone usage and depression among adults: a cross sectional study. BMC Psychiatry 18(1), 148 (2018). https:\/\/doi.org\/10.1186\/s12888-018-1745-4","journal-title":"BMC Psychiatry"},{"issue":"3","key":"28_CR39","doi-asserted-by":"publisher","first-page":"233","DOI":"10.1080\/15017419.2012.703967","volume":"15","author":"J Seale","year":"2012","unstructured":"Seale, J., Nind, M., Simmons, B.: Transforming positive risk taking practices: the possibilities of creativity and resilience in learning disability contexts. Scand. J. Disabil. 15(3), 233\u2013348 (2012)","journal-title":"Scand. J. Disabil."},{"issue":"1","key":"28_CR40","first-page":"1","volume":"4","author":"S Elo","year":"2014","unstructured":"Elo, S., K\u00e4\u00e4riainen, M., Kanste, O., P\u00f6lkki, T., Utriainen, K., Kyng\u00e4s, H.: Qualitative content analysis: a focus on trustworthiness. Int. J. Qual. Methods 4(1), 1\u201310 (2014)","journal-title":"Int. J. Qual. Methods"},{"issue":"4","key":"28_CR41","doi-asserted-by":"publisher","first-page":"251","DOI":"10.1007\/s10309-017-0133-2","volume":"30","author":"T Mayer","year":"2017","unstructured":"Mayer, T., Lutz, M.: Geistige Behinderung: Nomenklatur, Klassifikation und die Beziehung zu Epilepsien. Zeitschrift f\u00fcr Epileptologie 30(4), 251\u2013257 (2017). https:\/\/doi.org\/10.1007\/s10309-017-0133-2","journal-title":"Zeitschrift f\u00fcr Epileptologie"},{"issue":"3","key":"28_CR42","doi-asserted-by":"publisher","first-page":"220","DOI":"10.1007\/s00391-019-01533-3","volume":"52","author":"A Thimm","year":"2017","unstructured":"Thimm, A., Dieckmann, F., Ha\u00dfler, T., Thimm, A., Dieckmann, F.: In welchen Wohnsettings leben \u00e4ltere Menschen mit geistiger Behinderung? Ein quantitativer Vergleich von Altersgruppen f\u00fcr Westfalen-Lippe. Z Gerontol Geriatr. 52(3), 220\u2013227 (2017). https:\/\/doi.org\/10.1007\/s00391-019-01533-3","journal-title":"Z Gerontol Geriatr."},{"key":"28_CR43","unstructured":"Park, J.: Selbstbestimmtes Leben f\u00fcr Menschen mit geistiger Behinderung im betreuten Wohnen. https:\/\/d-nb.info\/1050817036\/34. Accessed 30 Jan 2020"},{"key":"28_CR44","doi-asserted-by":"publisher","DOI":"10.1007\/978-3-658-14803-4","volume-title":"Wohnr\u00e4ume als p\u00e4dagogische Herausforderung","author":"H Trescher","year":"2017","unstructured":"Trescher, H.: Wohnr\u00e4ume als p\u00e4dagogische Herausforderung. Springer Fachmedien Wiesbaden, Wiesbaden (2017)"},{"issue":"5","key":"28_CR45","doi-asserted-by":"publisher","first-page":"577","DOI":"10.1080\/0968759032000097834","volume":"18","author":"O Barr","year":"2010","unstructured":"Barr, O., McConkey, R., McConaghie, J.: Views of people with learning difficulties about current and future accommodation: the use of focus groups to promote discussion. Disabil. Soc. 18(5), 577\u2013597 (2010)","journal-title":"Disabil. Soc."},{"key":"28_CR46","doi-asserted-by":"publisher","DOI":"10.1111\/bld.12167","author":"K Bunning","year":"2016","unstructured":"Bunning, K., Alder, R., Proudman, L., Wyborn, H.: Co-production and pilot of a structured interview using Talking Mats\u00ae to survey the television viewing habits and preferences of adults and young people with learning disabilities. Br. J. Learn. Disabil. (2016). https:\/\/doi.org\/10.1111\/bld.12167","journal-title":"Br. J. Learn. Disabil."},{"key":"28_CR47","unstructured":"Deutsche Gesellschaft f\u00fcr Psychologie: Berufsethische Richtlinien (2020). https:\/\/zwpd.transmit.de\/images\/zwpd\/dienstleistungen\/ethikkommission\/ethik-richtlinien-2016.pdf"},{"key":"28_CR48","volume-title":"Praxisbuch Interview, Transkription & Analyse Anleitungen und Regelsysteme f\u00fcr qualitativ Forschende","author":"T Dresing","year":"2015","unstructured":"Dresing, T., Pehl, T.: Praxisbuch Interview, Transkription & Analyse Anleitungen und Regelsysteme f\u00fcr qualitativ Forschende, 6th edn. Eigenverlag, Marburg (2015)","edition":"6"},{"key":"28_CR49","unstructured":"Meyermann, A., Porzelt, M.: Hinweise zur Anonymisierung von qualitativen Daten. https:\/\/www.forschungsdaten-bildung.de\/files\/fdb-informiert-nr-1.pdf. Accessed 30 Jan 2020"},{"key":"28_CR50","doi-asserted-by":"publisher","first-page":"59","DOI":"10.1007\/978-3-658-18405-6_5","volume-title":"Auswertung qualitativer Daten","author":"N Zaynel","year":"2017","unstructured":"Zaynel, N.: Prozessorientierte Auswertung von qualitativen Interviews mit Atlas.ti und der Groundet Theory. In: Scheu, A.M. (ed.) Auswertung qualitativer Daten, pp. 59\u201368. Springer, Wiesbaden (2017). https:\/\/doi.org\/10.1007\/978-3-658-18405-6_5"},{"issue":"2","key":"28_CR51","doi-asserted-by":"publisher","first-page":"75","DOI":"10.1002\/j.2051-5545.2009.tb00218.x","volume":"8","author":"PW Corrigan","year":"2009","unstructured":"Corrigan, P.W., Larson, J.E., R\u00fcsch, N.: Self-stigma and the \u201cwhy try\u201d effect: impact on life goals and evidence-based practices. World Psychiatry 8(2), 75\u201381 (2009)","journal-title":"World Psychiatry"},{"issue":"5","key":"28_CR52","doi-asserted-by":"publisher","first-page":"579","DOI":"10.1177\/0265407510385494","volume":"28","author":"JL McManus","year":"2011","unstructured":"McManus, J.L., Feyes, K.J., Saucier, D.A.: Contact and knowledge as predictors of attitudes toward individuals with intellectual disabilities. J. Soc. Pers. Relatsh. 28(5), 579\u2013590 (2011)","journal-title":"J. Soc. Pers. Relatsh."},{"key":"28_CR53","doi-asserted-by":"publisher","first-page":"605","DOI":"10.1016\/j.ridd.2005.07.003","volume":"27","author":"A Nazar","year":"2006","unstructured":"Nazar, A., Bo, E., Malin, C., Sonnander, K.: Classical and modern prejudice: attitudes toward people with intellectual disabilities. Res. Dev. Disabil. 27, 605\u2013617 (2006)","journal-title":"Res. Dev. Disabil."},{"key":"28_CR54","first-page":"57","volume-title":"Digitaler Wandel in der Sozialwirtschaft","author":"B Pelka","year":"2017","unstructured":"Pelka, B.: Digitale Teilhabe: Aufgaben der Verb\u00e4nde und Einrichtungen der Wohlfahrtspflege. In: Kreidenweis, H. (ed.) Digitaler Wandel in der Sozialwirtschaft, pp. 57\u201380. Nomos, Baden-Baden (2017)"},{"issue":"2","key":"28_CR55","doi-asserted-by":"publisher","first-page":"125","DOI":"10.3109\/13668250.2016.1153052","volume":"41","author":"S Caton","year":"2016","unstructured":"Caton, S., Chapman, M.: The use of social media and people with intellectual disability: a systematic review and thematic analysis. J. Intell. Dev. Disabil. 41(2), 125\u2013139 (2016)","journal-title":"J. Intell. Dev. Disabil."},{"issue":"3","key":"28_CR56","doi-asserted-by":"publisher","first-page":"190","DOI":"10.1111\/bld.12192","volume":"45","author":"E Chiner","year":"2017","unstructured":"Chiner, E., G\u00f3mez-Puerta, M., Cardona-Molt\u00f3, M.C.: Internet use, risks and online behaviour: the view of internet users with intellectual disabilities and their caregivers. Br. J. Learn. Disabil. 45(3), 190\u2013197 (2017)","journal-title":"Br. J. Learn. Disabil."},{"key":"28_CR57","unstructured":"Beauftragte der Bundesregierung f\u00fcr die Belange von Menschen mit Behinderungen: Die UN-Behindertenrechtskonvention. https:\/\/www.behindertenbeauftragte.de\/SharedDocs\/Publikationen\/UN_Konvention_deutsch.pdf?__blob=publicationFile&v=2. Accessed 30 Jan 2020"},{"key":"28_CR58","unstructured":"In der Gemeinde leben gGmbH: Willkommen bei PIKSL. https:\/\/piksl.net. Accessed 30 Jan 2020"}],"container-title":["Lecture Notes in Computer Science","Universal Access in Human-Computer Interaction. Applications and Practice"],"original-title":[],"language":"en","link":[{"URL":"https:\/\/link.springer.com\/content\/pdf\/10.1007\/978-3-030-49108-6_28","content-type":"unspecified","content-version":"vor","intended-application":"similarity-checking"}],"deposited":{"date-parts":[[2024,7,10]],"date-time":"2024-07-10T00:12:49Z","timestamp":1720570369000},"score":1,"resource":{"primary":{"URL":"https:\/\/link.springer.com\/10.1007\/978-3-030-49108-6_28"}},"subtitle":[],"short-title":[],"issued":{"date-parts":[[2020]]},"ISBN":["9783030491079","9783030491086"],"references-count":58,"URL":"https:\/\/doi.org\/10.1007\/978-3-030-49108-6_28","relation":{},"ISSN":["0302-9743","1611-3349"],"issn-type":[{"value":"0302-9743","type":"print"},{"value":"1611-3349","type":"electronic"}],"subject":[],"published":{"date-parts":[[2020]]},"assertion":[{"value":"10 July 2020","order":1,"name":"first_online","label":"First Online","group":{"name":"ChapterHistory","label":"Chapter History"}},{"value":"HCII","order":1,"name":"conference_acronym","label":"Conference Acronym","group":{"name":"ConferenceInfo","label":"Conference Information"}},{"value":"International Conference on Human-Computer Interaction","order":2,"name":"conference_name","label":"Conference Name","group":{"name":"ConferenceInfo","label":"Conference Information"}},{"value":"Copenhagen","order":3,"name":"conference_city","label":"Conference City","group":{"name":"ConferenceInfo","label":"Conference Information"}},{"value":"Denmark","order":4,"name":"conference_country","label":"Conference Country","group":{"name":"ConferenceInfo","label":"Conference Information"}},{"value":"2020","order":5,"name":"conference_year","label":"Conference Year","group":{"name":"ConferenceInfo","label":"Conference Information"}},{"value":"19 July 2020","order":7,"name":"conference_start_date","label":"Conference Start Date","group":{"name":"ConferenceInfo","label":"Conference Information"}},{"value":"24 July 2020","order":8,"name":"conference_end_date","label":"Conference End Date","group":{"name":"ConferenceInfo","label":"Conference Information"}},{"value":"22","order":9,"name":"conference_number","label":"Conference Number","group":{"name":"ConferenceInfo","label":"Conference Information"}},{"value":"hcii2020","order":10,"name":"conference_id","label":"Conference ID","group":{"name":"ConferenceInfo","label":"Conference Information"}},{"value":"http:\/\/2020.hci.international\/","order":11,"name":"conference_url","label":"Conference URL","group":{"name":"ConferenceInfo","label":"Conference Information"}},{"value":"This content has been made available to all.","name":"free","label":"Free to read"}]}}