{"status":"ok","message-type":"work","message-version":"1.0.0","message":{"indexed":{"date-parts":[[2026,4,2]],"date-time":"2026-04-02T23:00:35Z","timestamp":1775170835499,"version":"3.50.1"},"publisher-location":"Cham","reference-count":33,"publisher":"Springer International Publishing","isbn-type":[{"value":"9783030491079","type":"print"},{"value":"9783030491086","type":"electronic"}],"license":[{"start":{"date-parts":[[2020,1,1]],"date-time":"2020-01-01T00:00:00Z","timestamp":1577836800000},"content-version":"tdm","delay-in-days":0,"URL":"https:\/\/www.springernature.com\/gp\/researchers\/text-and-data-mining"},{"start":{"date-parts":[[2020,1,1]],"date-time":"2020-01-01T00:00:00Z","timestamp":1577836800000},"content-version":"vor","delay-in-days":0,"URL":"https:\/\/www.springernature.com\/gp\/researchers\/text-and-data-mining"}],"content-domain":{"domain":["link.springer.com"],"crossmark-restriction":false},"short-container-title":[],"published-print":{"date-parts":[[2020]]},"DOI":"10.1007\/978-3-030-49108-6_4","type":"book-chapter","created":{"date-parts":[[2020,7,9]],"date-time":"2020-07-09T23:56:20Z","timestamp":1594338980000},"page":"48-57","update-policy":"https:\/\/doi.org\/10.1007\/springer_crossmark_policy","source":"Crossref","is-referenced-by-count":3,"title":["Creation Process for a Technology Design Model Promoting Active Participation of End Users with Neurodevelopmental Disorders: Achievements and Pitfalls"],"prefix":"10.1007","author":[{"given":"Dany","family":"Lussier-Desrochers","sequence":"first","affiliation":[]},{"given":"Marie-\u00c8ve","family":"Dupont","sequence":"additional","affiliation":[]},{"given":"Yves","family":"Lachapelle","sequence":"additional","affiliation":[]},{"given":"Line","family":"Mass\u00e9","sequence":"additional","affiliation":[]},{"given":"Annie","family":"Martineau","sequence":"additional","affiliation":[]},{"given":"Laurence","family":"P\u00e9pin-Beauchesne","sequence":"additional","affiliation":[]}],"member":"297","published-online":{"date-parts":[[2020,7,10]]},"reference":[{"key":"4_CR1","unstructured":"Boulet, M., Vincent, M.-J.: Leur histoire\u2026 notre histoire. De 1960 \u00e0 nos jours. Centre de r\u00e9adaptation en d\u00e9ficience intellectuelle et en troubles envahissants du d\u00e9veloppement de la Mauricie et du Centre-du-Qu\u00e9bec \u2013 Institut universitaire, Trois-Rivi\u00e8res (2015)"},{"key":"4_CR2","unstructured":"Office des personnes handicap\u00e9es du Qu\u00e9bec: \u00c0 part enti\u00e8re: pour un v\u00e9ritable exercice du droit \u00e0 l\u2019\u00e9galit\u00e9. Gouvernement du Qu\u00e9bec, Drummondville (2009)"},{"key":"4_CR3","doi-asserted-by":"publisher","first-page":"17","DOI":"10.2307\/j.ctv18pgr0s.4","volume-title":"Pratiques \u00e9mergentes en d\u00e9ficience intellectuelle: participation plurielle et nouveaux rapports","author":"M Tremblay","year":"2002","unstructured":"Tremblay, M.: De l\u2019exclusion \u00e0 la participation d\u00e9mocratique des\u2009\u00ab\u2009personnes pr\u00e9sentant une d\u00e9ficience intellectuelle\u00bb. In: Gagnier, J.-P., Lachapelle, R. (eds.) Pratiques \u00e9mergentes en d\u00e9ficience intellectuelle: participation plurielle et nouveaux rapports, pp. 17\u201338. Presses de l\u2019Universit\u00e9 du Qu\u00e9bec, Sainte-Foy (2002)"},{"key":"4_CR4","unstructured":"\u00c9cole d\u2019\u00e9tudes sociales et p\u00e9dagogiques: Participation sociale des personnes avec troubles neurod\u00e9veloppementaux (Neurodev) (2019). https:\/\/www.eesp.ch\/organisation\/reseaux-de-competences\/neurodev\/. Accessed 18 Feb 2020"},{"key":"4_CR5","unstructured":"Minist\u00e8re de la Sant\u00e9 et des Services sociaux: Bilan des orientations minist\u00e9rielles en d\u00e9ficience intellectuelle et actions structurantes pour le programme-services en d\u00e9ficience intellectuelle et en trouble du spectre de l\u2019autisme. Gouvernement du Qu\u00e9bec, Qu\u00e9bec (2016)"},{"key":"4_CR6","doi-asserted-by":"publisher","DOI":"10.1176\/appi.books.9780890425596","volume-title":"Diagnostic and Statistical Manual of Mental Disorders","author":"American Psychiatric Association","year":"2013","unstructured":"American Psychiatric Association: Diagnostic and Statistical Manual of Mental Disorders. American Psychiatric Pub, Arlington (2013)"},{"key":"4_CR7","unstructured":"Association qu\u00e9b\u00e9coise des neurospychologues: Les fonctions cognitives (2019). https:\/\/aqnp.ca\/la-neuropsychologie\/les-fonctions-cognitives\/. Accessed 18 Feb 2020"},{"key":"4_CR8","unstructured":"Balle, M.: Autod\u00e9termination et autor\u00e9gulation chez des adolescents pr\u00e9sentant une d\u00e9ficience intellectuelle: entre caract\u00e9ristiques environnementales et individuelles. L\u2019apport des fonctions ex\u00e9cutives. Dissertation, Universit\u00e9 de Charles de Gaulle (2017)"},{"key":"4_CR9","unstructured":"Nader, A.-M., Souli\u00e8res, I.: Une revue syst\u00e9matique et m\u00e9ta-analyse des fonctions ex\u00e9cutives dans le Trouble du spectre de l\u2019autisme (2016). http:\/\/content.pqm.net\/rnted\/pdf\/rnetsa_2282.pdf. Accessed 18 Feb 2020"},{"key":"4_CR10","unstructured":"Simard, M.-H.: Le TDAH: d\u00e9finition, traitements et ressources universitaires (2019). https:\/\/www.aide.ulaval.ca\/apprentissage-et-reussite\/textes-et-outils\/difficultes-frequentes-en-cours-d-apprentissage\/le-tdah-definition-traitements-et-ressources-universitaires\/. Accessed 18 Feb 2020"},{"key":"4_CR11","unstructured":"Gagn\u00e9, P.-P., Leblanc, N., Rousseau, A.: Apprendre\u2026 une question de strat\u00e9gies. Cheneli\u00e8re \u00c9ducation, Montr\u00e9al (2009)"},{"key":"4_CR12","unstructured":"Portail enfance et familles: Troubles du spectre de l\u2019autisme (TSA) (2019). http:\/\/www.portailenfance.ca\/wp\/modules\/troubles-du-developpement\/volet-2\/troubles-du-spectre-de-lautisme\/. Accessed 18 Feb 2020"},{"key":"4_CR13","volume-title":"Les approches adaptatives et inclusives visant l\u2019int\u00e9gration scolaire, professionnelle et sociale des personnes handicap\u00e9es","author":"M B\u00e9langer","year":"2006","unstructured":"B\u00e9langer, M.: Les approches adaptatives et inclusives visant l\u2019int\u00e9gration scolaire, professionnelle et sociale des personnes handicap\u00e9es. Office des personnes handicap\u00e9es du Qu\u00e9bec, Drummondville (2006)"},{"key":"4_CR14","unstructured":"Gouvernement du Qu\u00e9bec: Plan 2015\u20132019 des engagements gouvernementaux (2015). https:\/\/www.ophq.gouv.qc.ca\/fileadmin\/centre_documentaire\/Documents_administratifs\/Politique_a_part_entiere_Acc.pdf. Accessed 18 Feb 2020"},{"key":"4_CR15","first-page":"97","volume":"104","author":"\u00c9 Bellefeuille","year":"2016","unstructured":"Bellefeuille, \u00c9., Labb\u00e9, L.: Inclusion sociale et d\u00e9ficience intellectuelle: o\u00f9 en est le Qu\u00e9bec? Empan. Prendre la mesure de l\u2019humain. 104, 97\u2013105 (2016)","journal-title":"Empan. Prendre la mesure de l\u2019humain."},{"key":"4_CR16","volume-title":"D\u00e9veloppement et \u00e9valuation des effets d\u2019un programme d\u2019intervention favorisant la participation sociale des personnes pr\u00e9sentant une d\u00e9ficience intellectuelle (DI) dans la soci\u00e9t\u00e9 du num\u00e9rique","author":"D Lussier-Desrochers","year":"2019","unstructured":"Lussier-Desrochers, D., Godin-Tremblay, V., Simonato, I., Lachapelle, Y., Normand, C.L., Romero-Torres, A.: D\u00e9veloppement et \u00e9valuation des effets d\u2019un programme d\u2019intervention favorisant la participation sociale des personnes pr\u00e9sentant une d\u00e9ficience intellectuelle (DI) dans la soci\u00e9t\u00e9 du num\u00e9rique. Centre de partage d\u2019expertise en intervention technoclinique, Trois-Rivi\u00e8res (2019)"},{"key":"4_CR17","volume-title":"L\u2019acc\u00e8s au milieu r\u00e9sidentiel par les personnes pr\u00e9sentant une d\u00e9ficience intellectuelle: des solutions num\u00e9riques \u00e0 port\u00e9e de main!","author":"D Lussier-Desrochers","year":"2020","unstructured":"Lussier-Desrochers, D., et al.: L\u2019acc\u00e8s au milieu r\u00e9sidentiel par les personnes pr\u00e9sentant une d\u00e9ficience intellectuelle: des solutions num\u00e9riques \u00e0 port\u00e9e de main!. Centre de partage d\u2019expertise en intervention technoclinique, Trois-Rivi\u00e8res (2020)"},{"key":"4_CR18","doi-asserted-by":"publisher","first-page":"5","DOI":"10.2307\/j.ctt1s4760p.7","volume-title":"Intervention technoclinique dans le secteur des services sociaux : enjeux cliniques et organisationnels","author":"Y Lachapelle","year":"2017","unstructured":"Lachapelle, Y., Dupont, M.-\u00c8., Lussier-Desrochers, D., Therrien-B\u00e9lec, M., P\u00e9pin-Beauchesne, L., Bilodeau, P.: L\u2019intervention technoclinique dans le secteur des services sociaux: consid\u00e9rations th\u00e9oriques et applications cliniques. In: Lussier-Desrochers, D. (ed.) Intervention technoclinique dans le secteur des services sociaux : enjeux cliniques et organisationnels, pp. 5\u201319. Presse de l\u2019universit\u00e9 du Qu\u00e9bec, Trois-Rivi\u00e8res (2017)"},{"key":"4_CR19","doi-asserted-by":"crossref","unstructured":"Lussier-Desrochers, D., et al.: Bridging the digital divide for people with ID. Cyberpsychology J. Psychosoc. Res. Cyberspace 11(1) (2017). Article 1","DOI":"10.5817\/CP2017-1-1"},{"key":"4_CR20","doi-asserted-by":"publisher","first-page":"5","DOI":"10.7202\/1039012ar","volume":"27","author":"D Lussier-Desrochers","year":"2016","unstructured":"Lussier-Desrochers, D., et al.: Mod\u00e9lisation soutenant l\u2019inclusion num\u00e9rique des personnes pr\u00e9sentant une DI ou un TSA. Revue francophone de la d\u00e9ficience intellectuelle 27, 5\u201324 (2016)","journal-title":"Revue francophone de la d\u00e9ficience intellectuelle"},{"key":"4_CR21","unstructured":"F\u00e9d\u00e9ration qu\u00e9b\u00e9coise des Centres de r\u00e9adaptation en d\u00e9ficience intellectuelle et troubles envahissants du d\u00e9veloppement (FQCRDITED): La participation sociale des personnes pr\u00e9sentant une d\u00e9ficience intellectuelle ou un trouble envahissant du d\u00e9veloppement : du discours \u00e0 une action concert\u00e9e (2013). http:\/\/laressource.ca\/images\/ressources\/Participation-sociale.pdf. Accessed 18 Feb 2020"},{"key":"4_CR22","unstructured":"Lachapelle, Y., Lussier-Desrochers, D.: Supporting digital inclusion of people with intellectual disability or autism spectrum disorder: the inclusive technologies action plan. In: #PTI2022! Paper presented at the 23 Annual CyberPsychology, CyberTherapy & Social Networking Conference, Gatineau, June 2018"},{"key":"4_CR23","unstructured":"#CTI: Charte pour des technologies inclusives (2016). https:\/\/cestsaprod.blob.core.windows.net\/media\/1284\/charte_techo_inclusives.pdf. Accessed 18 Feb 2020"},{"key":"4_CR24","unstructured":"#PTI: Plan d\u2019action quinquennal pour des technologies inclusives 2017-20122 \u2013 Synth\u00e8se PTI2022. Collections de l\u2019Institut universitaire en DI et en TSA, Trois-Rivi\u00e8res (2017)"},{"key":"4_CR25","unstructured":"ISO: Ergonomics of human-system interaction\u2013Part 210: Human-centred design for interactive systems, Swiss (2010)"},{"key":"4_CR26","first-page":"8","volume-title":"Cahier de recherche Les enjeux actuels de la gestion de projet","author":"A Romero","year":"2016","unstructured":"Romero, A., Bendavid-Castro, L., de Marcellis-Warin, N.: Mettre l\u2019utilisateur au centre du cycle de d\u00e9veloppement des innovations technologiques pour assurer la sensibilit\u00e9 des projets technologiques. In: Aubry, M., Vidot-Delerue, H., Rahali, H. (eds.) Cahier de recherche Les enjeux actuels de la gestion de projet, pp. 8\u201314. Chaire de de gestion de projet, Montr\u00e9al (2016)"},{"key":"4_CR27","unstructured":"Dupont, M.-\u00c8.: \u00c9valuation des d\u00e9terminants individuels et organisationnels li\u00e9s \u00e0 l\u2019acceptabilit\u00e9 du robot social pour soutenir l\u2019intervention technoclinique dans les programmes sp\u00e9cialis\u00e9s en d\u00e9ficience intellectuelle et trouble du spectre de l\u2019autisme des centres int\u00e9gr\u00e9s en sant\u00e9 et services sociaux du Qu\u00e9bec. Dissertation, Universit\u00e9 du Qu\u00e9bec \u00e0 Trois-Rivi\u00e8res (2020, in process)"},{"issue":"8","key":"4_CR28","doi-asserted-by":"publisher","first-page":"982","DOI":"10.1287\/mnsc.35.8.982","volume":"35","author":"FD Davis","year":"1989","unstructured":"Davis, F.D., Bagozzi, R.P., Warshaw, P.R.: User acceptance of computer technology: a comparison of two theoretical models. Manage. Sci. 35(8), 982\u20131003 (1989)","journal-title":"Manage. Sci."},{"issue":"3","key":"4_CR29","doi-asserted-by":"publisher","first-page":"425","DOI":"10.2307\/30036540","volume":"27","author":"V Venkatesh","year":"2003","unstructured":"Venkatesh, V., Morris, M.G., Davis, G.B., Davis, F.D.: User acceptance of information technology: toward a unified view. MIS Quaterly 27(3), 425\u2013478 (2003)","journal-title":"MIS Quaterly"},{"issue":"2","key":"4_CR30","doi-asserted-by":"publisher","first-page":"273","DOI":"10.1111\/j.1540-5915.2008.00192.x","volume":"39","author":"V BenVenkatesh","year":"2008","unstructured":"BenVenkatesh, V., Bala, H.: Technology acceptance model 3 and a research agenda on interventions. Decis. Sci. 39(2), 273\u2013315 (2008)","journal-title":"Decis. Sci."},{"key":"4_CR31","unstructured":"Social Sciences and Humanities Research Council\u2019s: Advancing knowledge on how emerging technologies can be leveraged to benefit Canadians. https:\/\/www.sshrc-crsh.gc.ca\/society-societe\/community-communite\/ifca-iac\/05-emerging_technologies_report-technologies_emergente_rapport-eng.pdf. Accessed 18 Feb 2020"},{"key":"4_CR32","volume-title":"La pleine\u00a0reconnaissance de la valeur de la recherche-d\u00e9veloppement comme activit\u00e9 productrice de connaissances de recherche","author":"L Bergeron","year":"2020","unstructured":"Bergeron, L., Rousseau, N., Dumont, M., Dalton-Desch\u00eanes, J.: La proposition d\u2019une d\u00e9marche de recherche-d\u00e9veloppement. In: Bergeron, L., Rousseau, N. (eds.) La pleine\u00a0reconnaissance de la valeur de la recherche-d\u00e9veloppement comme activit\u00e9 productrice de connaissances de recherche. Presses de l\u2019Universit\u00e9 du Qu\u00e9bec, Qu\u00e9bec (2020)"},{"issue":"1","key":"4_CR33","first-page":"1","volume":"21","author":"A Druin","year":"2001","unstructured":"Druin, A.: The role of children in the design of new technology. Behav. Inf. Technol. 21(1), 1\u201335 (2001)","journal-title":"Behav. Inf. Technol."}],"container-title":["Lecture Notes in Computer Science","Universal Access in Human-Computer Interaction. Applications and Practice"],"original-title":[],"language":"en","link":[{"URL":"https:\/\/link.springer.com\/content\/pdf\/10.1007\/978-3-030-49108-6_4","content-type":"unspecified","content-version":"vor","intended-application":"similarity-checking"}],"deposited":{"date-parts":[[2024,7,10]],"date-time":"2024-07-10T00:07:39Z","timestamp":1720570059000},"score":1,"resource":{"primary":{"URL":"https:\/\/link.springer.com\/10.1007\/978-3-030-49108-6_4"}},"subtitle":[],"short-title":[],"issued":{"date-parts":[[2020]]},"ISBN":["9783030491079","9783030491086"],"references-count":33,"URL":"https:\/\/doi.org\/10.1007\/978-3-030-49108-6_4","relation":{},"ISSN":["0302-9743","1611-3349"],"issn-type":[{"value":"0302-9743","type":"print"},{"value":"1611-3349","type":"electronic"}],"subject":[],"published":{"date-parts":[[2020]]},"assertion":[{"value":"10 July 2020","order":1,"name":"first_online","label":"First Online","group":{"name":"ChapterHistory","label":"Chapter History"}},{"value":"HCII","order":1,"name":"conference_acronym","label":"Conference Acronym","group":{"name":"ConferenceInfo","label":"Conference Information"}},{"value":"International Conference on Human-Computer Interaction","order":2,"name":"conference_name","label":"Conference Name","group":{"name":"ConferenceInfo","label":"Conference Information"}},{"value":"Copenhagen","order":3,"name":"conference_city","label":"Conference City","group":{"name":"ConferenceInfo","label":"Conference Information"}},{"value":"Denmark","order":4,"name":"conference_country","label":"Conference Country","group":{"name":"ConferenceInfo","label":"Conference Information"}},{"value":"2020","order":5,"name":"conference_year","label":"Conference Year","group":{"name":"ConferenceInfo","label":"Conference Information"}},{"value":"19 July 2020","order":7,"name":"conference_start_date","label":"Conference Start Date","group":{"name":"ConferenceInfo","label":"Conference Information"}},{"value":"24 July 2020","order":8,"name":"conference_end_date","label":"Conference End Date","group":{"name":"ConferenceInfo","label":"Conference Information"}},{"value":"22","order":9,"name":"conference_number","label":"Conference Number","group":{"name":"ConferenceInfo","label":"Conference Information"}},{"value":"hcii2020","order":10,"name":"conference_id","label":"Conference ID","group":{"name":"ConferenceInfo","label":"Conference Information"}},{"value":"http:\/\/2020.hci.international\/","order":11,"name":"conference_url","label":"Conference URL","group":{"name":"ConferenceInfo","label":"Conference Information"}},{"value":"This content has been made available to all.","name":"free","label":"Free to read"}]}}