{"status":"ok","message-type":"work","message-version":"1.0.0","message":{"indexed":{"date-parts":[[2025,7,3]],"date-time":"2025-07-03T04:22:09Z","timestamp":1751516529607,"version":"3.41.0"},"publisher-location":"Cham","reference-count":20,"publisher":"Springer International Publishing","isbn-type":[{"type":"print","value":"9783030780944"},{"type":"electronic","value":"9783030780951"}],"license":[{"start":{"date-parts":[[2021,1,1]],"date-time":"2021-01-01T00:00:00Z","timestamp":1609459200000},"content-version":"tdm","delay-in-days":0,"URL":"https:\/\/www.springer.com\/tdm"},{"start":{"date-parts":[[2021,1,1]],"date-time":"2021-01-01T00:00:00Z","timestamp":1609459200000},"content-version":"vor","delay-in-days":0,"URL":"https:\/\/www.springer.com\/tdm"}],"content-domain":{"domain":["link.springer.com"],"crossmark-restriction":false},"short-container-title":[],"published-print":{"date-parts":[[2021]]},"DOI":"10.1007\/978-3-030-78095-1_1","type":"book-chapter","created":{"date-parts":[[2021,7,2]],"date-time":"2021-07-02T23:20:19Z","timestamp":1625268019000},"page":"3-11","update-policy":"https:\/\/doi.org\/10.1007\/springer_crossmark_policy","source":"Crossref","is-referenced-by-count":1,"title":["Diagnosis for School Inclusion in Teacher Training in One Higher Normal School in Mexico"],"prefix":"10.1007","author":[{"ORCID":"https:\/\/orcid.org\/0000-0001-6608-046X","authenticated-orcid":false,"given":"Francisco","family":"Alvarez Rodr\u00edguez","sequence":"first","affiliation":[]},{"given":"Romelia","family":"Ch\u00e1vez","sequence":"additional","affiliation":[]},{"ORCID":"https:\/\/orcid.org\/0000-0002-6658-725X","authenticated-orcid":false,"given":"M\u00f3nica","family":"Carre\u00f1o","sequence":"additional","affiliation":[]},{"ORCID":"https:\/\/orcid.org\/0000-0001-8512-1941","authenticated-orcid":false,"given":"Olivia","family":"Fragoso","sequence":"additional","affiliation":[]}],"member":"297","published-online":{"date-parts":[[2021,7,3]]},"reference":[{"key":"1_CR1","first-page":"287","volume":"35","author":"M Infante","year":"2010","unstructured":"Infante, M.: Challenges to teacher education: Educational. Estudios Pedag\u00f3gicos. 35, 287\u2013297 (2010)","journal-title":"Estudios Pedag\u00f3gicos."},{"key":"1_CR2","unstructured":"Ley General de Educaci\u00f3n: Secretar\u00eda de Educaci\u00f3n P\u00fablica (2018)"},{"key":"1_CR3","first-page":"65","volume":"42","author":"A Garc\u00eda-Valc\u00e1rcel","year":"2014","unstructured":"Garc\u00eda-Valc\u00e1rcel, A., Basilotta, V., Camino L\u00f3pez: ICT in collaborative learning in the classrooms of primary and secondary education. Revista Cient\u00edfica de Educomunicaci\u00f3n 42, 65\u201374 (2014)","journal-title":"Revista Cient\u00edfica de Educomunicaci\u00f3n"},{"issue":"1","key":"1_CR4","doi-asserted-by":"publisher","first-page":"1","DOI":"10.24320\/redie.2018.20.1.1477","volume":"20","author":"KS L\u00f3pez-Gil","year":"2018","unstructured":"L\u00f3pez-Gil, K.S., Natera, V.M.: Incidencia del trabajo colaborativo docente en la ense\u00f1anza y el aprendizaje de la escritura acad\u00e9mica. Revista Electr\u00f3nica de Investigaci\u00f3n Educativa 20(1), 1 (2018). https:\/\/doi.org\/10.24320\/redie.2018.20.1.1477","journal-title":"Revista Electr\u00f3nica de Investigaci\u00f3n Educativa"},{"issue":"1","key":"1_CR5","doi-asserted-by":"publisher","first-page":"84","DOI":"10.24320\/redie.2017.19.1.765","volume":"19","author":"M del Carmen","year":"2017","unstructured":"del Carmen, M., Palomino, P., De Jes\u00fas, M., Ruiz, C.: Actitudes y formaci\u00f3n docente hacia la inclusi\u00f3n en Educaci\u00f3n Secundaria Obligatoria. Revista Electr\u00f3nica de Investigaci\u00f3n Educativa 19(1), 84 (2017). https:\/\/doi.org\/10.24320\/redie.2017.19.1.765","journal-title":"Revista Electr\u00f3nica de Investigaci\u00f3n Educativa"},{"key":"1_CR6","unstructured":"Barajas, A., \u00c1lvarez, F.J., Mu\u00f1oz, J., Oviedo, A.C.: Process for modeling competencies for developing serious games. Revista Electr\u00f3nica de Investigaci\u00f3n Educativa. 18(3), 146\u2013160 (2016). http:\/\/redie.uabc.mx\/redie\/article\/view\/1071"},{"key":"1_CR7","unstructured":"Hart, R.: La participaci\u00f3n de los ni\u00f1os. De la participaci\u00f3n simb\u00f3lica a la participaci\u00f3n aut\u00e9ntica. Editorial Gente nueva, Unicef, Colombia, junio de 1993 (1993)"},{"issue":"41","key":"1_CR8","doi-asserted-by":"publisher","first-page":"149","DOI":"10.22430\/22565337.733","volume":"21","author":"AL Esparza-Maldonado","year":"2018","unstructured":"Esparza-Maldonado, A.L., Margain-Fuentes, L.Y., \u00c1lvarez-Rodr\u00edguez, F.J., Ben\u00edtez-Guerrero, E.I.: Desarrollo y evaluaci\u00f3n de un Sistema Interactivo para personas con discapacidad visual. TecnoL\u00f3gicas 21(41), 149\u2013157 (2018). https:\/\/doi.org\/10.22430\/22565337.733","journal-title":"TecnoL\u00f3gicas"},{"key":"1_CR9","volume-title":"Modelo colaborativo de ense\u00f1anza-aprendizaje en situaciones no presenciales","author":"MB Alfageme","year":"2003","unstructured":"Alfageme, M.B.: Modelo colaborativo de ense\u00f1anza-aprendizaje en situaciones no presenciales. Universidad de Murcia, Tesis doctoral (2003)"},{"key":"1_CR10","doi-asserted-by":"crossref","first-page":"1","DOI":"10.35362\/rie4142447","volume":"41","author":"ML Carrio","year":"2007","unstructured":"Carrio, M.L.: Ventajas del uso de la tecnolog\u00eda en el aprendizaje colaborativo. Revista Iberoamericana de Educaci\u00f3n 41, 1\u201310 (2007)","journal-title":"Revista Iberoamericana de Educaci\u00f3n"},{"key":"1_CR11","unstructured":"Covarrubias Pizarro, P.: Barreras para el aprendizaje y la participaci\u00f3n: una propuesta para su clasificaci\u00f3n. In: Trujillo Holgu\u00edn, J.A., R\u00edos Castillo, A.C., Garc\u00eda Leos (coords.), J.L., Desarrollo Profesional Docente: reflexiones de maestros en servicio en el escenario de la Nueva Escuela Mexicana (pp. 135\u2013157), Chihuahua, M\u00e9xico: Escuela Normal Superior Profr. Jos\u00e9 E. Medrano R (2019)"},{"key":"1_CR12","unstructured":"Ainscow, M.: Desarrollo de escuelas inclusivas. Ideas, propuestas y experiencias para mejorar las instituciones escolares. Madrid. Narcea (2004)"},{"key":"1_CR13","doi-asserted-by":"publisher","first-page":"34","DOI":"10.1057\/9781137303028_3","volume-title":"Sustainable Knowledge: A Theory of Interdisciplinarity","author":"R Frodeman","year":"2014","unstructured":"Frodeman, R.: Interdisciplinarity. In: Sustainable Knowledge: A Theory of Interdisciplinarity, pp. 34\u201359. Palgrave Macmillan UK, London (2014). https:\/\/doi.org\/10.1057\/9781137303028_3"},{"key":"1_CR14","unstructured":"Sobrado Fern\u00e1ndez, L.: El diagn\u00f3stico educativo en contextos sociales y profesionales. Revista De Investigaci\u00f3n Educativa. 23(1), 85\u2013112 (2005). Recuperado a partir de https:\/\/revistas.um.es\/rie\/article\/view\/98351"},{"key":"1_CR15","unstructured":"Bourque, P., Robert, F.: Curriculum guidelines for undergraduate degree programs in software engineering. In: IEEE Computer Society & Association for Computing Machinery, Volume of the Computing Curricula Series (2015)"},{"key":"1_CR16","unstructured":"AMITI: Asociaci\u00f3n. Asociaci\u00f3n Mexicana de la Industria de Tecnolog\u00edas de la Informaci\u00f3n (2018). Sitio web: https:\/\/amiti.org.mx (1) (PDF) Nuevos perfiles profesionales en TI caso ANIEI-New professional profiles in IT: case of ANIEI - Emergent Research Forum ERF paper. https:\/\/www.researchgate.net\/publication\/335568502_Nuevos_perfiles_profesionales_en_TI_caso_ANIEI-New_professional_profiles_in_IT_case_of_ANIEI_-_Emergent_Research_Forum_ERF_paper. Accessed 05 May 2020"},{"key":"1_CR17","unstructured":"Esteve, O.: La observaci\u00f3n en el aula como base para la mejora de la pr\u00e1ctica docente. en Lagasabaster, D., Juan Manuel Sierra (eds.) (2004)"},{"key":"1_CR18","volume-title":"Teachers in Action. Task for In-Service Language Teacher Education and Development","author":"P James","year":"2001","unstructured":"James, P.: Teachers in Action. Task for In-Service Language Teacher Education and Development. Cup, Cambridge (2001)"},{"volume-title":"La observaci\u00f3n como instrumento para la mejora de la ense\u00f1anza-aprendizaje de lenguas, Cuadernos de educaci\u00f3n","year":"2004","key":"1_CR19","unstructured":"Lagasabaster, D., Juan Manuel Sierra, (eds.): La observaci\u00f3n como instrumento para la mejora de la ense\u00f1anza-aprendizaje de lenguas, Cuadernos de educaci\u00f3n, vol. 44. ICE-Horsori, Barcelona (2004)"},{"key":"1_CR20","volume-title":"La investigaci\u00f3n-acci\u00f3n","author":"A Latorre","year":"2003","unstructured":"Latorre, A.: La investigaci\u00f3n-acci\u00f3n. Conocer y cambiar la pr\u00e1ctica educativa. Gra\u00f3, Barcelona (2003)"}],"container-title":["Lecture Notes in Computer Science","Universal Access in Human-Computer Interaction. Access to Media, Learning and Assistive Environments"],"original-title":[],"language":"en","link":[{"URL":"https:\/\/link.springer.com\/content\/pdf\/10.1007\/978-3-030-78095-1_1","content-type":"unspecified","content-version":"vor","intended-application":"similarity-checking"}],"deposited":{"date-parts":[[2025,7,2]],"date-time":"2025-07-02T22:35:24Z","timestamp":1751495724000},"score":1,"resource":{"primary":{"URL":"https:\/\/link.springer.com\/10.1007\/978-3-030-78095-1_1"}},"subtitle":[],"short-title":[],"issued":{"date-parts":[[2021]]},"ISBN":["9783030780944","9783030780951"],"references-count":20,"URL":"https:\/\/doi.org\/10.1007\/978-3-030-78095-1_1","relation":{},"ISSN":["0302-9743","1611-3349"],"issn-type":[{"type":"print","value":"0302-9743"},{"type":"electronic","value":"1611-3349"}],"subject":[],"published":{"date-parts":[[2021]]},"assertion":[{"value":"3 July 2021","order":1,"name":"first_online","label":"First Online","group":{"name":"ChapterHistory","label":"Chapter History"}},{"value":"HCII","order":1,"name":"conference_acronym","label":"Conference Acronym","group":{"name":"ConferenceInfo","label":"Conference Information"}},{"value":"International Conference on Human-Computer Interaction","order":2,"name":"conference_name","label":"Conference Name","group":{"name":"ConferenceInfo","label":"Conference Information"}},{"value":"2021","order":5,"name":"conference_year","label":"Conference Year","group":{"name":"ConferenceInfo","label":"Conference Information"}},{"value":"24 July 2021","order":7,"name":"conference_start_date","label":"Conference Start Date","group":{"name":"ConferenceInfo","label":"Conference Information"}},{"value":"29 July 2021","order":8,"name":"conference_end_date","label":"Conference End Date","group":{"name":"ConferenceInfo","label":"Conference Information"}},{"value":"23","order":9,"name":"conference_number","label":"Conference Number","group":{"name":"ConferenceInfo","label":"Conference Information"}},{"value":"hcii2021","order":10,"name":"conference_id","label":"Conference ID","group":{"name":"ConferenceInfo","label":"Conference Information"}},{"value":"http:\/\/2021.hci.international\/","order":11,"name":"conference_url","label":"Conference URL","group":{"name":"ConferenceInfo","label":"Conference Information"}}]}}