{"status":"ok","message-type":"work","message-version":"1.0.0","message":{"indexed":{"date-parts":[[2025,3,26]],"date-time":"2025-03-26T13:26:59Z","timestamp":1742995619646,"version":"3.40.3"},"publisher-location":"Cham","reference-count":8,"publisher":"Springer International Publishing","isbn-type":[{"type":"print","value":"9783030807122"},{"type":"electronic","value":"9783030807139"}],"license":[{"start":{"date-parts":[[2021,1,1]],"date-time":"2021-01-01T00:00:00Z","timestamp":1609459200000},"content-version":"tdm","delay-in-days":0,"URL":"https:\/\/www.springer.com\/tdm"},{"start":{"date-parts":[[2021,1,1]],"date-time":"2021-01-01T00:00:00Z","timestamp":1609459200000},"content-version":"vor","delay-in-days":0,"URL":"https:\/\/www.springer.com\/tdm"}],"content-domain":{"domain":["link.springer.com"],"crossmark-restriction":false},"short-container-title":[],"published-print":{"date-parts":[[2021]]},"DOI":"10.1007\/978-3-030-80713-9_22","type":"book-chapter","created":{"date-parts":[[2021,7,7]],"date-time":"2021-07-07T10:03:47Z","timestamp":1625652227000},"page":"174-178","update-policy":"https:\/\/doi.org\/10.1007\/springer_crossmark_policy","source":"Crossref","is-referenced-by-count":0,"title":["Occupational Health Management in Informal Work: A Theoretical Analysis of the Field"],"prefix":"10.1007","author":[{"given":"Luis","family":"Betancourt-S\u00e1nchez","sequence":"first","affiliation":[],"role":[{"role":"author","vocabulary":"crossref"}]}],"member":"297","published-online":{"date-parts":[[2021,7,8]]},"reference":[{"key":"22_CR1","unstructured":"Luna, J.: Es posible la salud ocupacional para todos? Una estrategia de entornos de trabajo saludable en atenci\u00f3n primaria de salud. In: Narcea (ed.) Salud Laboral: aspectos sociales de la prevenci\u00f3n: libro de actas del congreso \u201cManagua 2012\u201d, pp. 39\u201351, Madrid (2013)"},{"key":"22_CR2","unstructured":"De la Garza, E.: Teor\u00eda sociol\u00f3gica del mercado de trabajo. In: de la Garza, E. (ed.) Primera Ed. Tratado latinoamericano de sociolog\u00eda del trabajo. M\u00e9xico, pp. 511\u2013539 (2000). http:\/\/www.flacsoandes.edu.ec\/libros\/digital\/51932.pdf"},{"key":"22_CR3","doi-asserted-by":"crossref","unstructured":"Benach, J., Muntaner, C., Solar, O., Santana, V., Quinlan, M.: Empleo, trabajo y desigualdades en salud: una visi\u00f3n global. Primera. Icaria Editores, Madrid (2010)","DOI":"10.1590\/S1135-57272010000600015"},{"issue":"2","key":"22_CR4","first-page":"156","volume":"22","author":"C V\u00e9lez","year":"2013","unstructured":"V\u00e9lez, C., Escobar, M., Pico, M.: Determinantes sociales de la salud y el trabajo informal. Rev Costarric Salud P\u00fablica. 22(2), 156\u2013162 (2013)","journal-title":"Rev Costarric Salud P\u00fablica."},{"key":"22_CR5","unstructured":"Ministerio de la Protecci\u00f3n Social. Plan Nacional de Salud Ocupacional 2008\u20132012. Imprenta Nacional de Colombia. 76 p. (2008). https:\/\/www.minsalud.gov.co\/DocumentosyPublicaciones\/Plannacionaldesaludocupacional.pdf"},{"key":"22_CR6","unstructured":"OIT-ILO. Women and Men in Informal Economy: A statistical picture. Geneva, 164 p. (2018)"},{"key":"22_CR7","doi-asserted-by":"crossref","unstructured":"Carretero, J.L., Cueva, O., Mart\u00ednez, B., Mart\u00ednez, M.V., Lobato, J.R.: The informal economy: an occupational health issue. Arch. Prev. Riesgos. Labor 20(1), 30\u201332 (2017). http:\/\/www.ncbi.nlm.nih.gov\/pubmed\/28079324","DOI":"10.12961\/aprl.2017.20.01.5"},{"key":"22_CR8","doi-asserted-by":"crossref","unstructured":"Muntaner, C., et al.: Unemployment, informal work, precarious employment, child labor, slavery, and health inequalities: pathways and mechanisms. Int. J. Heal. Serv. 40(2), 281\u2013295 (2010). http:\/\/journals.sagepub.com\/doi\/10.2190\/HS.40.2.h","DOI":"10.2190\/HS.40.2.h"}],"container-title":["Lecture Notes in Networks and Systems","Advances in Physical, Social &amp; Occupational Ergonomics"],"original-title":[],"language":"en","link":[{"URL":"https:\/\/link.springer.com\/content\/pdf\/10.1007\/978-3-030-80713-9_22","content-type":"unspecified","content-version":"vor","intended-application":"similarity-checking"}],"deposited":{"date-parts":[[2021,7,7]],"date-time":"2021-07-07T10:07:15Z","timestamp":1625652435000},"score":1,"resource":{"primary":{"URL":"https:\/\/link.springer.com\/10.1007\/978-3-030-80713-9_22"}},"subtitle":[],"short-title":[],"issued":{"date-parts":[[2021]]},"ISBN":["9783030807122","9783030807139"],"references-count":8,"URL":"https:\/\/doi.org\/10.1007\/978-3-030-80713-9_22","relation":{},"ISSN":["2367-3370","2367-3389"],"issn-type":[{"type":"print","value":"2367-3370"},{"type":"electronic","value":"2367-3389"}],"subject":[],"published":{"date-parts":[[2021]]},"assertion":[{"value":"8 July 2021","order":1,"name":"first_online","label":"First Online","group":{"name":"ChapterHistory","label":"Chapter History"}},{"value":"AHFE","order":1,"name":"conference_acronym","label":"Conference Acronym","group":{"name":"ConferenceInfo","label":"Conference Information"}},{"value":"International Conference on Applied Human Factors and Ergonomics","order":2,"name":"conference_name","label":"Conference Name","group":{"name":"ConferenceInfo","label":"Conference Information"}},{"value":"2021","order":5,"name":"conference_year","label":"Conference Year","group":{"name":"ConferenceInfo","label":"Conference Information"}},{"value":"25 July 2021","order":7,"name":"conference_start_date","label":"Conference Start Date","group":{"name":"ConferenceInfo","label":"Conference Information"}},{"value":"29 July 2021","order":8,"name":"conference_end_date","label":"Conference End Date","group":{"name":"ConferenceInfo","label":"Conference Information"}},{"value":"ahfe2021","order":10,"name":"conference_id","label":"Conference ID","group":{"name":"ConferenceInfo","label":"Conference Information"}},{"value":"http:\/\/2021.ahfe.org\/index.html","order":11,"name":"conference_url","label":"Conference URL","group":{"name":"ConferenceInfo","label":"Conference Information"}}]}}