{"status":"ok","message-type":"work","message-version":"1.0.0","message":{"indexed":{"date-parts":[[2025,3,26]],"date-time":"2025-03-26T21:15:48Z","timestamp":1743023748948,"version":"3.40.3"},"publisher-location":"Cham","reference-count":47,"publisher":"Springer International Publishing","isbn-type":[{"type":"print","value":"9783030902407"},{"type":"electronic","value":"9783030902414"}],"license":[{"start":{"date-parts":[[2021,1,1]],"date-time":"2021-01-01T00:00:00Z","timestamp":1609459200000},"content-version":"tdm","delay-in-days":0,"URL":"https:\/\/www.springer.com\/tdm"},{"start":{"date-parts":[[2021,1,1]],"date-time":"2021-01-01T00:00:00Z","timestamp":1609459200000},"content-version":"vor","delay-in-days":0,"URL":"https:\/\/www.springer.com\/tdm"}],"content-domain":{"domain":["link.springer.com"],"crossmark-restriction":false},"short-container-title":[],"published-print":{"date-parts":[[2021]]},"DOI":"10.1007\/978-3-030-90241-4_34","type":"book-chapter","created":{"date-parts":[[2021,11,17]],"date-time":"2021-11-17T00:03:39Z","timestamp":1637107419000},"page":"447-459","update-policy":"https:\/\/doi.org\/10.1007\/springer_crossmark_policy","source":"Crossref","is-referenced-by-count":1,"title":["Internationalization at Home (IaH) as an Alternative for Academic Cooperation: A Mexico-Colombia Case"],"prefix":"10.1007","author":[{"ORCID":"https:\/\/orcid.org\/0000-0003-4002-6195","authenticated-orcid":false,"given":"Rub\u00e9n Hernan","family":"Leal-L\u00f3pez","sequence":"first","affiliation":[]},{"ORCID":"https:\/\/orcid.org\/0000-0002-4997-9040","authenticated-orcid":false,"given":"Rafael Humberto","family":"Rojas-Mill\u00e1n","sequence":"additional","affiliation":[]},{"ORCID":"https:\/\/orcid.org\/0000-0003-4621-0006","authenticated-orcid":false,"given":"Jorge Guadalupe","family":"Trevi\u00f1o-Montemayor","sequence":"additional","affiliation":[]},{"ORCID":"https:\/\/orcid.org\/0000-0001-8965-1122","authenticated-orcid":false,"given":"Rafael Enrique","family":"Casadiego-Cardona","sequence":"additional","affiliation":[]}],"member":"297","published-online":{"date-parts":[[2021,11,17]]},"reference":[{"key":"34_CR1","first-page":"301","volume-title":"Immigration research for a new century: Multidisciplinary perspectives","author":"R Alarc\u00f3n","year":"2000","unstructured":"Alarc\u00f3n, R.: Skilled immigrants and cerebreros: Foreign-born engineers and scientists in the high-technology industry of Silicon Valley. In: Foner, N., Rumbaut, R.G., Gold, S.J. (eds.) Immigration research for a new century: Multidisciplinary perspectives, pp. 301\u2013321. Russell Sage Foundation, New York (2000)"},{"key":"34_CR2","unstructured":"Alarc\u00f3n, R.: Immigrant niches in the U.S. high technology industry. In: Cornelius, W.A., Espenshade, T.J., Salehyan, I. (eds.). The International Migration of the Highly Skilled, pp. 235\u2013263. Center for Comparative Immigration Studies, San Diego (2001)"},{"key":"34_CR3","unstructured":"Alarcon, R.: The free circulation of skilled migrants in North America. In: P\u00e9coud, A., de Guchteneire, P. (eds.), Migration Without Borders: Essays on the Free Movement of People, pp. 243\u2013257. Berghahn, New York (2007)"},{"key":"34_CR4","doi-asserted-by":"crossref","unstructured":"Alc\u00e1ntara, A.: Tendencias mundiales en la educaci\u00f3n superior: El papel de los organismos multilaterales. En Inter-A\u00e7\u00e3o: Revista da Faculdade de Educa\u00e7\u00e3o da Universidade Federal de Goi\u00e1s e do Programa de P\u00f3s-Gradua\u00e7\u00e3o em Educa\u00e7\u00e3o da FE\/UFG 31(1), 11\u201333 (2006). jan.\/jun. http:\/\/www.revistas.ufg.br\/index.php\/interacao\/article\/view\/1490\/1474","DOI":"10.5216\/ia.v31i1.1490"},{"key":"34_CR5","unstructured":"\u00c1lvarez, S.: La adquisici\u00f3n de la nacionalidad espa\u00f1ola por estudiantes extranjeros, Diario La Ley, N\u00ba 7979, Secci\u00f3n Doctrina, 5 dic. 2012, Editorial LA LEY 18157\/2012 (2012). https:\/\/www.academia.edu\/4774562\/La_adquisici%C3%B3n_de_la_nacionalidad_espa%C3%B1ola_por_estudiantes_extranjeros"},{"key":"34_CR6","doi-asserted-by":"crossref","unstructured":"Altbach, P.: Globalisation and the university: myths and realities in an unequal world. Tertiary Educ. Manag. 10, 3\u201325 (2004). https:\/\/link.springer.com\/article\/10.1023\/B:TEAM.0000012239.55136.4b","DOI":"10.1023\/B:TEAM.0000012239.55136.4b"},{"key":"34_CR7","unstructured":"Asociaci\u00f3n Nacional de Universidades e Instituciones de Educaci\u00f3n Superior [ANUIES]. Internacionalizaci\u00f3n de la educaci\u00f3n superior en M\u00e9xico: La visi\u00f3n estrat\u00e9gica de la ANUIES (2018). http:\/\/www.rimac.mx\/internacionalizacion-de-la-educacion-superior-en-mexico-la-vision-estrategica-de-la-anuies\/"},{"key":"34_CR8","unstructured":"Aponte, C., De Toro, A., Krausova, E., Pinz\u00f3n, N.: Hacia una Internacionalizaci\u00f3n de la universidad con sentido propio, Coordinado por Isabel Cristina Jaramillo. ASCUN, CX CONSEJO NACIONAL DE RECTORES, Bogot\u00e1 (2003). http:\/\/secretariageneral.univalle.edu.co\/consejo-academico\/temasdediscusion\/2003\/Agenda%20de%20Pol%EDticas.pdf"},{"key":"34_CR9","volume-title":"International Migration and Development: An Unresolved Relationship. Tenth IOM Seminar on Migration and Development","author":"R Appleyard","year":"1992","unstructured":"Appleyard, R.: International Migration and Development: An Unresolved Relationship. Tenth IOM Seminar on Migration and Development. IOM, Geneva (1992)"},{"key":"34_CR10","unstructured":"Batalova, J. Fix, M., & Creticos, P. (2008). Uneven progress: The employment pathways of skilled immigrants in the United States. Migration Policy Institute. http:\/\/www.migrationpolicy.org\/pubs\/BrainWasteOct08.pdf"},{"key":"34_CR11","unstructured":"Beelen, J.: La internacionalizaci\u00f3n en casa en el mundo. In: Mart\u00ednez, P., David, L., Helena, P.C. (eds.) La Internacionalizaci\u00f3n de la Eduaci\u00f3n Superior en Am\u00e9rica Latina y Europa: retos y compromisos. de 1 Pontificia Universidad Javeriana Bogot\u00e1 (2012)"},{"key":"34_CR12","volume-title":"El advenimiento de la sociedad post-industrial: Un intento de prognosis social","author":"D Bell","year":"1976","unstructured":"Bell, D.: El advenimiento de la sociedad post-industrial: Un intento de prognosis social. Alianza, Madrid (1976)"},{"key":"34_CR13","unstructured":"Brandenburg, U., De Wit, H.: The end of internationalization. En: International Higher Education (62), 15\u201317 (2011). Consultado en: http:\/\/www.bc.edu\/research\/cihe\/ihe\/issues\/2011.html Mestenhauser, 2007, 70"},{"key":"34_CR14","doi-asserted-by":"crossref","unstructured":"Brewer, E., Leask, B.: Internationalization of the Curriculum. In: Deardorff, D.K., de Wit, H., Heyl, J., Adams, T. (eds.) The Sage Handbook of International Higher Education (Sage) (2012)","DOI":"10.4135\/9781452218397.n14"},{"key":"34_CR15","volume-title":"La era de la informaci\u00f3n econom\u00eda, sociedad y cultura","author":"M Castells","year":"1997","unstructured":"Castells, M.: La era de la informaci\u00f3n econom\u00eda, sociedad y cultura. Alianza, Madrid (1997)"},{"key":"34_CR16","volume-title":"La soci\u00e9t\u00e9 en r\u00e9seaux, L\u2019\u00e8re de l\u2019information, tome I","author":"M Castells","year":"2001","unstructured":"Castells, M.: La soci\u00e9t\u00e9 en r\u00e9seaux, L\u2019\u00e8re de l\u2019information, tome I. Fayard, Paris (2001)"},{"issue":"3","key":"34_CR17","doi-asserted-by":"publisher","first-page":"626","DOI":"10.1177\/019791839803200303","volume":"32","author":"L Cheng","year":"1998","unstructured":"Cheng, L., Yang, P.: Global interaction, global inequality and migration of the highly trained to the United States. Int. Migr. Rev. 32(3), 626\u2013653 (1998)","journal-title":"Int. Migr. Rev."},{"issue":"2","key":"34_CR18","first-page":"241","volume":"8","author":"H De Wit","year":"2011","unstructured":"De Wit, H.: Globalisation and internationalisation of higher education. Int. J. Educ. Technol. High. Educ. 8(2), 241\u2013248 (2011)","journal-title":"Int. J. Educ. Technol. High. Educ."},{"key":"34_CR19","unstructured":"Didou, S., Durand, J.P.: Extranjeros en el campo cient\u00edfico mexicano: Primeras aproximaciones. Revista Electr\u00f3nica de Investigaci\u00f3n Educativa 15(3), 68-84 (2013). http:\/\/redie.uabc.mx\/vol15no3\/contenido-didoudurand.htm"},{"key":"34_CR20","volume-title":"El Sistema Nacional de Investigadores, veinticinco a\u00f1os despu\u00e9s: la comunidad cient\u00edfica entre distinci\u00f3n e internacionalizaci\u00f3n","author":"S Didou","year":"2010","unstructured":"Didou, S., G\u00e9rard, E.: El Sistema Nacional de Investigadores, veinticinco a\u00f1os despu\u00e9s: la comunidad cient\u00edfica entre distinci\u00f3n e internacionalizaci\u00f3n. Asociaci\u00f3n Nacional de Universidades e Instituciones Educativas de Educaci\u00f3n Superior, M\u00e9xico, D.F. (2010)"},{"key":"34_CR21","unstructured":"Didou, S., Renaud, P.: Introducci\u00f3n. In: Didou, S., Renaud, P. (Coords.) Circulaci\u00f3n internacional de los conocimientos: miradas cruzadas sobre la din\u00e1mica Norte-Sur, 11\u201323. Ciudad de M\u00e9xico: Organizaci\u00f3n de las Naciones Unidas para la Educaci\u00f3n, la Ciencia y la Cultura-Instituto Internacional para la Educaci\u00f3n Superior en Am\u00e9rica Latina y el Caribe (2015)"},{"key":"34_CR22","unstructured":"European Commission. Final Evaluation of ALBAN Program, December, Brussels (2010)"},{"key":"34_CR23","unstructured":"European Commission. Final Evaluation Erasmus Program, December, Brussels (2010)"},{"key":"34_CR24","unstructured":"Gacel-\u00c1vila, J.: Los retos de La Internacionalizaci\u00f3n del Curr\u00edculo en Am\u00e9rica Latina. In: Mart\u00ednez, P., David, L., Helena, P.C. (eds.) La Internacionalizaci\u00f3n de la Eduaci\u00f3n Superior en Am\u00e9rica Latina y Europa: retos y compromisos, de 1 Pontificia Universidad Javeriana Bogot\u00e1 (2012)"},{"key":"34_CR25","unstructured":"Gacel-\u00c1vila, J., \u00c1vila, R.: Universidades latinoamericanas frente al reto de la internacionalizaci\u00f3n. en Casa del Tiempo 1(9), 2\u20138 (2008)"},{"key":"34_CR26","unstructured":"Gandini, L.: Escapando de la crisis? Un estudio comparativo de trayectorias laborales de migrantes argentinos en la Ciudad de M\u00e9xico y Madrid. CRIM-UNAM, Cuernavaca (2015)"},{"key":"34_CR27","unstructured":"G\u00e9rard, E.: \u201cFuite de cerveaux\u201d ou mobilit\u00e9: La migration pour \u00e9tudes en question. In: G\u00e9rard, E., Balac, R., Kail, B., Lanour, E., Proteau, L. (eds.) Mobilit\u00e9s \u00e9tudiantes Sud-Nord: Trajectoires scolaires de Marocains en France et insertion professionnelle au Maroc, pp. 13\u201328. Paris-Publisud (2008)"},{"key":"34_CR28","unstructured":"G\u00e9rard, E., Grediaga, R.: Entre br\u00e8ches et h\u00e9ritages. Mobilit\u00e9 acad\u00e9mique mexicaine dans la seconde moiti\u00e9 du 20\u00e8 si\u00e8cle. Colloque La migration en h\u00e9ritage dans les Am\u00e9riques, Par\u00eds, 6\u20138 junio (2012)"},{"key":"34_CR29","first-page":"3","volume":"24","author":"E G\u00e9rard","year":"2009","unstructured":"G\u00e9rard, E., Maldonado, E.: De la movilidad acad\u00e9mica a la circulaci\u00f3n de conocimientos: Pistas de investigaci\u00f3n. Casa del Tiempo 24, 3\u20136 (2009)","journal-title":"Casa del Tiempo"},{"key":"34_CR30","unstructured":"G\u00f3mez, N.: Conacyt busca revertir la \u201cfuga de cerebros\u201d (2014). https:\/\/archivo.eluniversal.com.mx\/nacion-mexico\/2014\/impreso\/conacyt-busca-revertir-la-8220fuga-de-cerebros-8221-221576.html"},{"key":"34_CR31","unstructured":"E G\u00f3ngora 2012 Prestigio acad\u00e9mico: estructuras, estrategias y concepciones. El caso de los soci\u00f3logos de la UAM. Asociaci\u00f3n Nacional de Universidades e Instituciones de Educaci\u00f3n Superior (ANUIES) M\u00e9xico (2012)"},{"key":"34_CR32","unstructured":"G\u00f3ngora, E.: Movilidad, alojamiento y socializaci\u00f3n de estudiantes de posgrado en la Casa de M\u00e9xico en Par\u00eds. In: Ram\u00edrez, R., Hamui, M. (Coords.) Perspectivas sobre la internacionalizaci\u00f3n en educaci\u00f3n superior y ciencia. CINVESTAV-RIMAC: Ciudad de M\u00e9xico (2016)"},{"key":"34_CR33","volume-title":"Estudio sobre la movilidad de talentos","author":"M Gonz\u00e1lez","year":"2015","unstructured":"Gonz\u00e1lez, M.: Estudio sobre la movilidad de talentos. Fundaci\u00f3n Carolina, Madrid (2015)"},{"key":"34_CR34","unstructured":"Hoyos, J., Velasques, O., Dom\u00ednguez, O.: Problemas nodales de la Internacionalizacion de la Educacion Superior en Colombia, principios orientadores y lineamientos para la construccion de politica publica. ASCUN, Mesa de Internacionalizacion de la educacion superior (2013)"},{"key":"34_CR35","unstructured":"Instituto de los Mexicanos en el Exterior [IME]. Estad\u00edsticas de Mexicanos en el Exterior (2018)"},{"key":"34_CR36","unstructured":"http:\/\/www.ime.gob.mx\/gob\/estadisticas\/2016\/mundo\/estadistica_poblacion.html"},{"key":"34_CR37","doi-asserted-by":"publisher","DOI":"10.1163\/9789087905224","volume-title":"Higher Education in Turmoil; The Changing World of Internationalization","author":"G Knight","year":"2008","unstructured":"Knight, G.: Higher Education in Turmoil; The Changing World of Internationalization. Sense Publishers, Rotterdam (2008)"},{"key":"34_CR38","unstructured":"MEN & CCYK: Informe Final Proyecto. Estudio sobre la internacionalizaci\u00f3n de la educaci\u00f3n superior en Colombia y modernizaci\u00f3n de indicadores de internacionalizaci\u00f3n del Sistema Nacional de Informaci\u00f3n de la Educaci\u00f3n Superior. Anexo 4. Informe an\u00e1lisis exploratorio de la encuesta. (Anexo), p. 125, Bogot\u00e1 (2013)"},{"key":"34_CR39","unstructured":"Nelson, L.: Obama\u2019s immigration plan. Inside Higher Ed. (2013). https:\/\/www.insidehighered.com\/news\/2013\/01\/30\/obamas-immigration-plan-would-expand-stem-visas-fund-science-education-offer-path"},{"key":"34_CR40","unstructured":"UNESCO. Global flow of tertiary-level students (2019). http:\/\/uis.unesco.org\/en\/uis-student-flow"},{"key":"34_CR41","unstructured":"Sacristan, F.: La irrupci\u00f3n de las nuevas tecnolog\u00edas de la informaci\u00f3n en los \u00e1mbitos educativos. Espa\u00f1a (2006)"},{"key":"34_CR42","unstructured":"Salmi, J.: The Challenge of Establishing World-Class Universities. Directions in Development. Human Development. The World Bank (2007)"},{"key":"34_CR43","volume-title":"T\u00edtulos colaborativos. C\u00e1tedra Europa","author":"G Spinelli","year":"2010","unstructured":"Spinelli, G.: T\u00edtulos colaborativos. C\u00e1tedra Europa. Universidad del Norte, Barranquilla (2010)"},{"key":"34_CR44","unstructured":"United States Department of State\u2019s Bureau of Educational and Cultural Affairs (ECA). Fulbright Foreign Student Program (2007)"},{"key":"34_CR45","unstructured":"Van der Wende, M.: Theoretical and methodological contributions of various disciplines to the study of the international dimension: drawing on sciences of education as a theoretical and practical framework. In: Smith, A., Teichler, U., Van der Wende, M. (eds.) The International Dimension of Higher Education: Setting the Research Agenda. IFK\/ACA, Vienna (1994)"},{"key":"34_CR46","unstructured":"Vigil, C.: Aprendiendo de la experiencia ALBAN para mejorar la cooperaci\u00f3n en materia de educaci\u00f3n superior entre la Uni\u00f3n Europea y Am\u00e9rica Latina. Investigaci\u00f3n y Desarrollo, 21(1) (2013)"},{"key":"34_CR47","unstructured":"Xalma, C.: El renovado auge de la Cooperaci\u00f3n Sur-Sur: La experiencia iberoamericana. Revista Integraci\u00f3n y Comercio (Integration and Trade Journal), Inter-American Development Bank, INTAL 36(17), 29\u201342 (2013). https:\/\/ideas.repec.org\/a\/idb\/intala\/jouintegycomv36y2013i17p29-42.html"}],"container-title":["Communications in Computer and Information Science","Advanced Research in Technologies, Information, Innovation and Sustainability"],"original-title":[],"language":"en","link":[{"URL":"https:\/\/link.springer.com\/content\/pdf\/10.1007\/978-3-030-90241-4_34","content-type":"unspecified","content-version":"vor","intended-application":"similarity-checking"}],"deposited":{"date-parts":[[2024,3,13]],"date-time":"2024-03-13T17:08:31Z","timestamp":1710349711000},"score":1,"resource":{"primary":{"URL":"https:\/\/link.springer.com\/10.1007\/978-3-030-90241-4_34"}},"subtitle":[],"short-title":[],"issued":{"date-parts":[[2021]]},"ISBN":["9783030902407","9783030902414"],"references-count":47,"URL":"https:\/\/doi.org\/10.1007\/978-3-030-90241-4_34","relation":{},"ISSN":["1865-0929","1865-0937"],"issn-type":[{"type":"print","value":"1865-0929"},{"type":"electronic","value":"1865-0937"}],"subject":[],"published":{"date-parts":[[2021]]},"assertion":[{"value":"17 November 2021","order":1,"name":"first_online","label":"First Online","group":{"name":"ChapterHistory","label":"Chapter History"}},{"value":"ARTIIS","order":1,"name":"conference_acronym","label":"Conference Acronym","group":{"name":"ConferenceInfo","label":"Conference Information"}},{"value":"International Conference on Advanced Research in Technologies, Information, Innovation and Sustainability","order":2,"name":"conference_name","label":"Conference Name","group":{"name":"ConferenceInfo","label":"Conference Information"}},{"value":"La Libertad","order":3,"name":"conference_city","label":"Conference City","group":{"name":"ConferenceInfo","label":"Conference Information"}},{"value":"Ecuador","order":4,"name":"conference_country","label":"Conference Country","group":{"name":"ConferenceInfo","label":"Conference Information"}},{"value":"2021","order":5,"name":"conference_year","label":"Conference Year","group":{"name":"ConferenceInfo","label":"Conference Information"}},{"value":"25 November 2021","order":7,"name":"conference_start_date","label":"Conference Start Date","group":{"name":"ConferenceInfo","label":"Conference Information"}},{"value":"27 November 2021","order":8,"name":"conference_end_date","label":"Conference End Date","group":{"name":"ConferenceInfo","label":"Conference Information"}},{"value":"1","order":9,"name":"conference_number","label":"Conference Number","group":{"name":"ConferenceInfo","label":"Conference Information"}},{"value":"artiis2021","order":10,"name":"conference_id","label":"Conference ID","group":{"name":"ConferenceInfo","label":"Conference Information"}},{"value":"https:\/\/www.artiis.org\/","order":11,"name":"conference_url","label":"Conference URL","group":{"name":"ConferenceInfo","label":"Conference Information"}},{"value":"Double-blind","order":1,"name":"type","label":"Type","group":{"name":"ConfEventPeerReviewInformation","label":"Peer Review Information (provided by the conference organizers)"}},{"value":"EasyChair","order":2,"name":"conference_management_system","label":"Conference Management System","group":{"name":"ConfEventPeerReviewInformation","label":"Peer Review Information (provided by the conference organizers)"}},{"value":"155","order":3,"name":"number_of_submissions_sent_for_review","label":"Number of Submissions Sent for Review","group":{"name":"ConfEventPeerReviewInformation","label":"Peer Review Information (provided by the conference organizers)"}},{"value":"53","order":4,"name":"number_of_full_papers_accepted","label":"Number of Full Papers Accepted","group":{"name":"ConfEventPeerReviewInformation","label":"Peer Review Information (provided by the conference organizers)"}},{"value":"2","order":5,"name":"number_of_short_papers_accepted","label":"Number of Short Papers Accepted","group":{"name":"ConfEventPeerReviewInformation","label":"Peer Review Information (provided by the conference organizers)"}},{"value":"34% - The value is computed by the equation \"Number of Full Papers Accepted \/ Number of Submissions Sent for Review * 100\" and then rounded to a whole number.","order":6,"name":"acceptance_rate_of_full_papers","label":"Acceptance Rate of Full Papers","group":{"name":"ConfEventPeerReviewInformation","label":"Peer Review Information (provided by the conference organizers)"}},{"value":"3","order":7,"name":"average_number_of_reviews_per_paper","label":"Average Number of Reviews per Paper","group":{"name":"ConfEventPeerReviewInformation","label":"Peer Review Information (provided by the conference organizers)"}},{"value":"3","order":8,"name":"average_number_of_papers_per_reviewer","label":"Average Number of Papers per Reviewer","group":{"name":"ConfEventPeerReviewInformation","label":"Peer Review Information (provided by the conference organizers)"}},{"value":"No","order":9,"name":"external_reviewers_involved","label":"External Reviewers Involved","group":{"name":"ConfEventPeerReviewInformation","label":"Peer Review Information (provided by the conference organizers)"}}]}}