{"status":"ok","message-type":"work","message-version":"1.0.0","message":{"indexed":{"date-parts":[[2025,3,27]],"date-time":"2025-03-27T07:58:20Z","timestamp":1743062300724,"version":"3.40.3"},"publisher-location":"Cham","reference-count":48,"publisher":"Springer International Publishing","isbn-type":[{"type":"print","value":"9783030938581"},{"type":"electronic","value":"9783030938598"}],"license":[{"start":{"date-parts":[[2022,1,1]],"date-time":"2022-01-01T00:00:00Z","timestamp":1640995200000},"content-version":"tdm","delay-in-days":0,"URL":"https:\/\/www.springer.com\/tdm"},{"start":{"date-parts":[[2022,1,1]],"date-time":"2022-01-01T00:00:00Z","timestamp":1640995200000},"content-version":"vor","delay-in-days":0,"URL":"https:\/\/www.springer.com\/tdm"}],"content-domain":{"domain":["link.springer.com"],"crossmark-restriction":false},"short-container-title":[],"published-print":{"date-parts":[[2022]]},"DOI":"10.1007\/978-3-030-93859-8_20","type":"book-chapter","created":{"date-parts":[[2022,1,11]],"date-time":"2022-01-11T19:29:23Z","timestamp":1641929363000},"page":"298-317","update-policy":"https:\/\/doi.org\/10.1007\/springer_crossmark_policy","source":"Crossref","is-referenced-by-count":2,"title":["Democracy and Social Inequalities in the Organization of Education During the COVID-19 Pandemic: The Case of Brazil and Sweden"],"prefix":"10.1007","author":[{"given":"Karoline","family":"Schnaider","sequence":"first","affiliation":[]},{"given":"Stefano","family":"Schiavetto","sequence":"additional","affiliation":[]},{"given":"Daniel","family":"Spikol","sequence":"additional","affiliation":[]}],"member":"297","published-online":{"date-parts":[[2022,1,11]]},"reference":[{"key":"20_CR1","doi-asserted-by":"publisher","DOI":"10.7312\/brow19384","volume-title":"In the Ruins of Neoliberalism: The Rise of Antidemocratic Politics in the West","author":"W Brown","year":"2019","unstructured":"Brown, W.: In the Ruins of Neoliberalism: The Rise of Antidemocratic Politics in the West. Columbia University Press, New York (2019)"},{"issue":"1","key":"20_CR2","doi-asserted-by":"publisher","first-page":"3","DOI":"10.1111\/1467-8675.12166","volume":"23","author":"W Brown","year":"2016","unstructured":"Brown, W.: Sacrificial citizenship: neoliberalism, human capital, and austerity politics. Constellations 23(1), 3\u201314 (2016)","journal-title":"Constellations"},{"key":"20_CR3","unstructured":"Dahl, R.A.: Polyarchy: Participation and Opposition. Yale University Press, London (1973)"},{"key":"20_CR4","unstructured":"Brasil.: Base Nacional Comum Curricular. Minist\u00e9rio da Educa\u00e7\u00e3o, Bras\u00edlia (2018)"},{"key":"20_CR5","unstructured":"Peroni, V.M.V. (eds.): Redefini\u00e7\u00f5es das fronteiras entre o p\u00fablico e o privado: implica\u00e7\u00f5es para a democratiza\u00e7\u00e3o da educa\u00e7\u00e3o. Liber Livro, Bras\u00edlia (2013)"},{"issue":"1","key":"20_CR6","first-page":"8","volume":"18","author":"T Adri\u00e3o","year":"2018","unstructured":"Adri\u00e3o, T.: Dimens\u00f5es e formas da privatiza\u00e7\u00e3o da educa\u00e7\u00e3o no Brasil: caracteriza\u00e7\u00e3o a partir de mapeamento de produ\u00e7\u00f5es nacionais e internacionais. Curr\u00edculo sem Fronteiras 18(1), 8\u201328 (2018)","journal-title":"Curr\u00edculo sem Fronteiras"},{"key":"20_CR7","doi-asserted-by":"crossref","unstructured":"Dovemark, M., Kosunen, S., Kauko, J., Magn\u00fasd\u00f3ttir, B., Hansen, P., Rasmussen, P.: Deregulation, privatisation and marketisation of Nordic comprehensive education: social changes reflected in schooling. Educ. Inq. 9(1), 122\u2013141 (2018)","DOI":"10.1080\/20004508.2018.1429768"},{"issue":"1","key":"20_CR8","doi-asserted-by":"publisher","first-page":"325","DOI":"10.1080\/0031383022000005706","volume":"46","author":"IA Johannesson","year":"2002","unstructured":"Johannesson, I.A., Lindblad, S., Simola, H.: An inevitable progress? Educational restructuring in Finland, Iceland, and Sweden at the turn of the millennium. Scand. J. Educ. Res. 46(1), 325\u2013339 (2002)","journal-title":"Scand. J. Educ. Res."},{"issue":"3","key":"20_CR9","doi-asserted-by":"publisher","first-page":"473","DOI":"10.1086\/681928","volume":"59","author":"S Wiborg","year":"2015","unstructured":"Wiborg, S.: Privatizing education: free school policy in Sweden and England. Comp. Educ. Rev. 59(3), 473\u2013497 (2015)","journal-title":"Comp. Educ. Rev."},{"key":"20_CR10","unstructured":"Matos, C.C., Reis, M.E., Silva, S.P.: As Reverbera\u00e7\u00f5es do Pensamento Liberal na Educa\u00e7\u00e3o e sua Atualidade em Tempos de Pandemia. In: Uchoa, A.M., Sena, C., de Gon\u00e7alves, I.P.F. (eds.) Di\u00e1logos Cr\u00edticos, volume 3: EAD, Atividades remotas e o ensino dom\u00e9stico: cad\u00ea a escola? Editora Fi, Porto Alegre (2020)"},{"key":"20_CR11","unstructured":"Luna: 1 ano do corte de Weintraub: balb\u00fardia \u00e9 o governo Bolsonaro (2020). https:\/\/www.cartacapital.com.br\/opiniao\/1-ano-do-corte-de-weintraub-balburdia-e-o-governo-bolsonaro\/"},{"issue":"1","key":"20_CR12","first-page":"1","volume":"14","author":"DFF Raic","year":"2020","unstructured":"Raic, D.F.F., Cardoso, M.C., Pereira, S.A.C.: A universidade p\u00fablica em cen\u00e1rios neoliberais e fascistas: barb\u00fardias de resist\u00eancia em tempos de Covid-19. Revista Eletr\u00f4nica de Educa\u00e7\u00e3o 14(1), 1\u201319 (2020)","journal-title":"Revista Eletr\u00f4nica de Educa\u00e7\u00e3o"},{"key":"20_CR13","unstructured":"Mariz, R.: Ministro da Educa\u00e7\u00e3o vai cortar 30% das verbas de todas as universidades federais (2019). https:\/\/oglobo.globo.com\/sociedade\/educacao\/ministro-da-educacao-vai-cortar-30-das-verbas-de-todas-as-universidades-federais-23634159"},{"key":"20_CR14","unstructured":"Rezende, C.: Weintraub: \u2018N\u00e3o quero soci\u00f3logo, antrop\u00f3logo e fil\u00f3sofo com meu dinheiro\u2019 (2020). https:\/\/noticias.uol.com.br\/colunas\/constanca-rezende\/2020\/06\/14\/weintraub-nao-quero-sociologo-antropologo-e-filosofo-com-meu-dinheiro.htm?utm_source=twitter&utm_medium=social-media&utm_content=geral&utm_campaign=uol"},{"issue":"2","key":"20_CR15","doi-asserted-by":"publisher","first-page":"204","DOI":"10.1177\/0020731418822236","volume":"49","author":"B Burstr\u00f6m","year":"2019","unstructured":"Burstr\u00f6m, B.: What is happening in Sweden? Int. J. Health Serv. 49(2), 204\u2013211 (2019)","journal-title":"Int. J. Health Serv."},{"key":"20_CR16","doi-asserted-by":"crossref","unstructured":"Sivesind, K.H.: The changing roles of for-profit and nonprofit welfare provision in Norway, Sweden, and Denmark. In: Sivesind, K., Saglie, J. (eds.) Promoting Active Citizenship, pp. 33\u201374. Palgrave Macmillan, London (2017).","DOI":"10.1007\/978-3-319-55381-8_2"},{"key":"20_CR17","doi-asserted-by":"crossref","unstructured":"Diderichsen, F.: How did Sweden Fail the Pandemic? Int. J. Health Serv. 51(4), 417\u2013422 (2021)","DOI":"10.1177\/0020731421994848"},{"issue":"3","key":"20_CR18","doi-asserted-by":"publisher","first-page":"455","DOI":"10.1177\/0261018318801721","volume":"39","author":"G Meagher","year":"2019","unstructured":"Meagher, G., Szebehely, M.: The politics of profit in Swedish welfare services: four decades of Social Democratic ambivalence. Crit. Soc. Policy 39(3), 455\u2013476 (2019)","journal-title":"Crit. Soc. Policy"},{"issue":"1","key":"20_CR19","doi-asserted-by":"publisher","first-page":"507","DOI":"10.2190\/HS.44.3.e","volume":"44","author":"G Dahlgren","year":"2014","unstructured":"Dahlgren, G.: Why public health services? Experiences from profit-driven health care reforms in Sweden. Int. J. Health Serv. 44(1), 507\u2013524 (2014)","journal-title":"Int. J. Health Serv."},{"key":"20_CR20","unstructured":"Szebehely, M.: Internationella erfarenheter AV covid-19 i \u00e4ldreboenden. Underlagsrapport till SOU, 80 (2020)"},{"key":"20_CR21","doi-asserted-by":"publisher","unstructured":"Ruis, A.R., Lee, S.B.: Advances in quantitative ethnography. Springer, Cham (2021). https:\/\/doi.org\/10.1007\/978-3-030-33232-7","DOI":"10.1007\/978-3-030-33232-7"},{"key":"20_CR22","volume-title":"Discovering statistics using IBM SPSS statistics","author":"A Field","year":"2013","unstructured":"Field, A.: Discovering statistics using IBM SPSS statistics. Sage, London (2013)"},{"key":"20_CR23","series-title":"Communications in Computer and Information Science","doi-asserted-by":"publisher","first-page":"62","DOI":"10.1007\/978-3-030-67788-6_5","volume-title":"Advances in Quantitative Ethnography","author":"DW Shaffer","year":"2021","unstructured":"Shaffer, D.W., Ruis, A.R.: How We Code. In: Ruis, A.R., Lee, S.B. (eds.) ICQE 2021. CCIS, vol. 1312, pp. 62\u201377. Springer, Cham (2021). https:\/\/doi.org\/10.1007\/978-3-030-67788-6_5"},{"key":"20_CR24","volume-title":"Quantitative Ethnography","author":"DW Shaffer","year":"2017","unstructured":"Shaffer, D.W.: Quantitative Ethnography. Cathcart Press, Madison (2017)"},{"key":"20_CR25","unstructured":"Marquart, C.L., Hinojosa, C., Swiecki, Z., Eagan, B., Shaffer, D.W.: Epistemic Network Analysis (Version 1.7.0) [Software] (2018). https:\/\/app.epistemicnetwork.org"},{"key":"20_CR26","series-title":"Communications in Computer and Information Science","doi-asserted-by":"publisher","first-page":"78","DOI":"10.1007\/978-3-030-67788-6_6","volume-title":"Advances in Quantitative Ethnography","author":"S Z\u00f6rg\u0151","year":"2021","unstructured":"Z\u00f6rg\u0151, S., Swiecki, Z., Ruis, A.R.: Exploring the Effects of Segmentation on Semi-structured Interview Data with Epistemic Network Analysis. In: Ruis, A.R., Lee, S.B. (eds.) ICQE 2021. CCIS, vol. 1312, pp. 78\u201390. Springer, Cham (2021). https:\/\/doi.org\/10.1007\/978-3-030-67788-6_6"},{"key":"20_CR27","unstructured":"Hinojosa, C., Siebert-Evenstone, A.L., Eagan, B.R., Swiecki, Z., Gleicher, M., Marquart, C.: nCoder [Software] (2019). https:\/\/app.n-coder.org\/"},{"issue":"3","key":"20_CR28","doi-asserted-by":"publisher","first-page":"9","DOI":"10.18608\/jla.2016.33.3","volume":"3","author":"DW Shaffer","year":"2016","unstructured":"Shaffer, D.W., Collier, W., Ruis, A.R.: A tutorial on epistemic network analysis: analyzing the structure of connections in cognitive, social, and interaction data. J. Learn Anal. 3(3), 9\u201345 (2016)","journal-title":"J. Learn Anal."},{"key":"20_CR29","volume-title":"The Promise of Politics","author":"H Arendt","year":"2009","unstructured":"Arendt, H.: The Promise of Politics. Knopf Doubleday Publishing Group, New York (2009)"},{"key":"20_CR30","volume-title":"O futuro da democracia: uma defesa das regras do jogo","author":"N Bobbio","year":"1986","unstructured":"Bobbio, N.: O futuro da democracia: uma defesa das regras do jogo. Paz e Terra, Rio de Janeiro (1986)"},{"key":"20_CR31","volume-title":"Os Intelectuais e a Organiza\u00e7\u00e3o da Cultura","author":"A Gramsci","year":"1991","unstructured":"Gramsci, A.: Os Intelectuais e a Organiza\u00e7\u00e3o da Cultura. Civiliza\u00e7\u00e3o Brasileira, Rio de Janeiro (1991)"},{"key":"20_CR32","unstructured":"Saviani, D.: Escola e democracia: teorias da educa\u00e7\u00e3o, curvatura da vara, onze teses sobre educa\u00e7\u00e3o e pol\u00edtica. Autores Associados, Campinas (1999)"},{"key":"20_CR33","unstructured":"Marshall, T.H.: Part I: Citizenship and Social Class. In: Marshall, T., Bottomore, T. (eds.) Citizenship and Social Class. Pluto Press, London (1992)"},{"key":"20_CR34","doi-asserted-by":"crossref","unstructured":"da Silva, M.G., Rodrigues, T.C.M.: O Populismo de Direita no Brasil: Neoliberalismo e Autoritarismo no Governo Bolsonaro. Media\u00e7\u00f5es 26(1), 86\u2013107 (2021)","DOI":"10.5433\/2176-6665.2021v26n1p86"},{"key":"20_CR35","unstructured":"Martins, I.: Weintraub pede volta \u00e0s aulas em cidades com poucos casos de coronav\u00edrus. (2020). www.correiobraziliense.com.br\/app\/noticia\/eu-estudante\/ensino_educacaobasica\/2020\/04\/16\/interna-educacaobasica-2019,845316\/weintraub-pede-volta-as-aulas-em-cidades-com-poucos-casos-de-coronavir.shtml"},{"key":"20_CR36","unstructured":"Hartmann, M., Boff, T.: Aulas a dist\u00e2ncia aumentam fosso entre escolas p\u00fablicas e particulares (2020). https:\/\/gauchazh.clicrbs.com.br\/educacao-e-emprego\/noticia\/2020\/05\/aulas-a-distancia-aumentam-fosso-entre-escolas-publicas-e-particulares-ckabhvddv006l015nlc5sjrpe.html"},{"key":"20_CR37","unstructured":"Roubicek, M.: O que diz o primeiro dado de desemprego na pandemia (2020). https:\/\/nexojornal.com.br\/expresso\/2020\/04\/30\/O-que-diz-o-primeiro-dado-de-desemprego-na-pandemia"},{"key":"20_CR38","unstructured":"Pasti, A., Bandeirs, O.: Como o ensino a dist\u00e2ncia pode agravar as desigualdades agora. Nexo Jornal (2020). https:\/\/www.nexojornal.com.br\/ensaio\/debate\/2020\/Como-o-ensino-a-dist\u00e2ncia-pode-agravar-as-desigualdades-agora"},{"key":"20_CR39","unstructured":"UFJF: Pesquisa da Andifes demonstra papel das universidades no combate \u00e0 Covid-19. (2020). https:\/\/www2.ufjf.br\/noticias\/2020\/05\/11\/pesquisa-da-andifes-demonstra-papel-as-universidades-no-combate-a-covid-19\/"},{"key":"20_CR40","unstructured":"Minist\u00e9rio da Educa\u00e7\u00e3o do Brasil: Nota Oficial de 16 de Mar\u00e7o de 2020 (2020). http:\/\/portal.mec.gov.br\/index.php?option=com_content&view=article&id=86341:comite-de-emergencia-do-mec-define-primeiras-acoes-contra-o-coronavirus&catid=33381&Itemid=86"},{"key":"20_CR41","unstructured":"Brasil: Artigo 211 da Constitui\u00e7\u00e3o da Rep\u00fablica Federativa do Brasil (1988). http:\/\/www.senado.leg.br\/atividade\/const\/con1988\/con1988_04.02.2010\/art_211_.asp"},{"key":"20_CR42","unstructured":"Brasil: Artigo 8 da Lei de Diretrizes e Bases da Educa\u00e7\u00e3o Nacional (1996). http:\/\/www.planalto.gov.br\/ccivil_03\/leis\/l9394.htm"},{"key":"20_CR43","unstructured":"Todos pela Educa\u00e7\u00e3o: 2\u00ba relat\u00f3rio anual de acompanhamento do Educa\u00e7\u00e3o J\u00e1. (2021), https:\/\/todospelaeducacao.org.br\/wordpress\/wp-content\/uploads\/2021\/02\/2o-Relatorio-Anual-de-Acompanhamento-do-Educacao-Ja_final.pdf"},{"key":"20_CR44","doi-asserted-by":"crossref","unstructured":"Nygren, K.G., Olofsson, A.: Managing the covid-19 pandemic through individual responsibility: the consequences of a world risk society and enhanced ethopolitics. J. Risk Res. 23, 1031\u20131035 (2020)","DOI":"10.1080\/13669877.2020.1756382"},{"key":"20_CR45","unstructured":"Beltr\u00e3o, J.A., Teixeira, R.D., Taffarel, C.N.Z. Melo, F.D.A., Tranzilo, P.J.R.: A Ofensiva dos Reformadores Empresariais da Educa\u00e7\u00e3o em Tempos de Pandemia: o desastre social como oportunidade para avan\u00e7ar na privatiza\u00e7\u00e3o da Educa\u00e7\u00e3o B\u00e1sica. In: Uchoa, A.M., da Sena, C., de Gon\u00e7alves, I.P.F. (eds.) Di\u00e1logos Cr\u00edticos, volume 3: EAD, Atividades remotas e o ensino dom\u00e9stico: cad\u00ea a escola? Editora Fi, Porto Alegre (2020)"},{"issue":"2","key":"20_CR46","first-page":"310","volume":"4","author":"CNZ Taffarel","year":"2019","unstructured":"Taffarel, C.N.Z., Nevez, M.L.C.: Tend\u00eancias da educa\u00e7\u00e3o frente \u00e0 correla\u00e7\u00e3o de for\u00e7as na luta de classes: uma an\u00e1lise do governo Bolsonaro na perspectiva educacional. Estudos IAT 4(2), 310\u2013329 (2019)","journal-title":"Estudos IAT"},{"key":"20_CR47","doi-asserted-by":"crossref","unstructured":"Franco, C., Maranh\u00e3o Filho, E.M., A.: A teocratiza\u00e7\u00e3o, privatiza\u00e7\u00e3o e militariza\u00e7\u00e3o no governo Bolsonaro: perspectivas antidemocr\u00e1ticas e contr\u00e1rias \u00e0 educa\u00e7\u00e3o. Mandr\u00e1goras 26(1), 203\u2013224 (2020)","DOI":"10.15603\/2176-0985\/mandragora.v26n1p203-224"},{"key":"20_CR48","unstructured":"Strang, J.: Why do the Nordic countries react differently to the covid-19 crisis? (2020). https:\/\/nordics.info\/show\/artikel\/the-nordic-countries-react-differently-to-the-covid-19-crisis\/"}],"container-title":["Communications in Computer and Information Science","Advances in Quantitative Ethnography"],"original-title":[],"language":"en","link":[{"URL":"https:\/\/link.springer.com\/content\/pdf\/10.1007\/978-3-030-93859-8_20","content-type":"unspecified","content-version":"vor","intended-application":"similarity-checking"}],"deposited":{"date-parts":[[2022,5,12]],"date-time":"2022-05-12T17:20:52Z","timestamp":1652376052000},"score":1,"resource":{"primary":{"URL":"https:\/\/link.springer.com\/10.1007\/978-3-030-93859-8_20"}},"subtitle":[],"short-title":[],"issued":{"date-parts":[[2022]]},"ISBN":["9783030938581","9783030938598"],"references-count":48,"URL":"https:\/\/doi.org\/10.1007\/978-3-030-93859-8_20","relation":{},"ISSN":["1865-0929","1865-0937"],"issn-type":[{"type":"print","value":"1865-0929"},{"type":"electronic","value":"1865-0937"}],"subject":[],"published":{"date-parts":[[2022]]},"assertion":[{"value":"11 January 2022","order":1,"name":"first_online","label":"First Online","group":{"name":"ChapterHistory","label":"Chapter History"}},{"value":"ICQE","order":1,"name":"conference_acronym","label":"Conference Acronym","group":{"name":"ConferenceInfo","label":"Conference Information"}},{"value":"International Conference on Quantitative Ethnography","order":2,"name":"conference_name","label":"Conference Name","group":{"name":"ConferenceInfo","label":"Conference Information"}},{"value":"2021","order":5,"name":"conference_year","label":"Conference Year","group":{"name":"ConferenceInfo","label":"Conference Information"}},{"value":"6 November 2021","order":7,"name":"conference_start_date","label":"Conference Start Date","group":{"name":"ConferenceInfo","label":"Conference Information"}},{"value":"11 November 2021","order":8,"name":"conference_end_date","label":"Conference End Date","group":{"name":"ConferenceInfo","label":"Conference Information"}},{"value":"3","order":9,"name":"conference_number","label":"Conference Number","group":{"name":"ConferenceInfo","label":"Conference Information"}},{"value":"icqe2021a","order":10,"name":"conference_id","label":"Conference ID","group":{"name":"ConferenceInfo","label":"Conference Information"}},{"value":"https:\/\/www.icqe21.org\/","order":11,"name":"conference_url","label":"Conference URL","group":{"name":"ConferenceInfo","label":"Conference Information"}},{"value":"Double-blind","order":1,"name":"type","label":"Type","group":{"name":"ConfEventPeerReviewInformation","label":"Peer Review Information (provided by the conference organizers)"}},{"value":"EasyChair","order":2,"name":"conference_management_system","label":"Conference Management System","group":{"name":"ConfEventPeerReviewInformation","label":"Peer Review Information (provided by the conference organizers)"}},{"value":"60","order":3,"name":"number_of_submissions_sent_for_review","label":"Number of Submissions Sent for Review","group":{"name":"ConfEventPeerReviewInformation","label":"Peer Review Information (provided by the conference organizers)"}},{"value":"26","order":4,"name":"number_of_full_papers_accepted","label":"Number of Full Papers Accepted","group":{"name":"ConfEventPeerReviewInformation","label":"Peer Review Information (provided by the conference organizers)"}},{"value":"0","order":5,"name":"number_of_short_papers_accepted","label":"Number of Short Papers Accepted","group":{"name":"ConfEventPeerReviewInformation","label":"Peer Review Information (provided by the conference organizers)"}},{"value":"43% - The value is computed by the equation \"Number of Full Papers Accepted \/ Number of Submissions Sent for Review * 100\" and then rounded to a whole number.","order":6,"name":"acceptance_rate_of_full_papers","label":"Acceptance Rate of Full Papers","group":{"name":"ConfEventPeerReviewInformation","label":"Peer Review Information (provided by the conference organizers)"}},{"value":"3","order":7,"name":"average_number_of_reviews_per_paper","label":"Average Number of Reviews per Paper","group":{"name":"ConfEventPeerReviewInformation","label":"Peer Review Information (provided by the conference organizers)"}},{"value":"2","order":8,"name":"average_number_of_papers_per_reviewer","label":"Average Number of Papers per Reviewer","group":{"name":"ConfEventPeerReviewInformation","label":"Peer Review Information (provided by the conference organizers)"}},{"value":"Yes","order":9,"name":"external_reviewers_involved","label":"External Reviewers Involved","group":{"name":"ConfEventPeerReviewInformation","label":"Peer Review Information (provided by the conference organizers)"}}]}}