{"status":"ok","message-type":"work","message-version":"1.0.0","message":{"indexed":{"date-parts":[[2025,3,27]],"date-time":"2025-03-27T12:03:40Z","timestamp":1743077020271,"version":"3.40.3"},"publisher-location":"Cham","reference-count":12,"publisher":"Springer Nature Switzerland","isbn-type":[{"type":"print","value":"9783031280757"},{"type":"electronic","value":"9783031280764"}],"license":[{"start":{"date-parts":[[2023,1,1]],"date-time":"2023-01-01T00:00:00Z","timestamp":1672531200000},"content-version":"tdm","delay-in-days":0,"URL":"https:\/\/www.springernature.com\/gp\/researchers\/text-and-data-mining"},{"start":{"date-parts":[[2023,1,1]],"date-time":"2023-01-01T00:00:00Z","timestamp":1672531200000},"content-version":"vor","delay-in-days":0,"URL":"https:\/\/www.springernature.com\/gp\/researchers\/text-and-data-mining"}],"content-domain":{"domain":["link.springer.com"],"crossmark-restriction":false},"short-container-title":[],"published-print":{"date-parts":[[2023]]},"DOI":"10.1007\/978-3-031-28076-4_59","type":"book-chapter","created":{"date-parts":[[2023,2,26]],"date-time":"2023-02-26T11:02:32Z","timestamp":1677409352000},"page":"802-812","update-policy":"https:\/\/doi.org\/10.1007\/springer_crossmark_policy","source":"Crossref","is-referenced-by-count":0,"title":["Didactic Tool for the Visually Impaired"],"prefix":"10.1007","author":[{"given":"Daniel","family":"Tu\u010dek","sequence":"first","affiliation":[]},{"given":"\u0160tefan","family":"Koprda","sequence":"additional","affiliation":[]},{"given":"Martin","family":"Magdin","sequence":"additional","affiliation":[]},{"given":"Zolt\u00e1n","family":"Balogh","sequence":"additional","affiliation":[]}],"member":"297","published-online":{"date-parts":[[2023,2,27]]},"reference":[{"key":"59_CR1","doi-asserted-by":"crossref","unstructured":"Cuellar-Reynaga, D.A., et al.: Touch and learn: turning simple objects into learning materials. In: 2019 International Conference on Inclusive Technologies and Education (CONTIE) (2019)","DOI":"10.1109\/CONTIE49246.2019.00033"},{"key":"59_CR2","doi-asserted-by":"publisher","first-page":"691","DOI":"10.1021\/acs.jchemed.8b00816","volume":"96","author":"GA Fern\u00e1ndez","year":"2019","unstructured":"Fern\u00e1ndez, G.A., et al.: Application of didactic strategies as multisensory teaching tools in organic chemistry practices for students with visual disabilities. Journal of Chemical Education. 96, 691\u2013696 (2019)","journal-title":"Journal of Chemical Education."},{"key":"59_CR3","series-title":"Lecture Notes in Computer Science","doi-asserted-by":"publisher","first-page":"1100","DOI":"10.1007\/11555261_114","volume-title":"Human-Computer Interaction - INTERACT 2005","author":"S Gabrielli","year":"2005","unstructured":"Gabrielli, S., Mirabella, V., Teso, M., Catarci, T.: The design of an authoring interface to make elearning content accessible. In: Costabile, M.F., Patern\u00f2, F. (eds.) INTERACT 2005. LNCS, vol. 3585, pp. 1100\u20131103. Springer, Heidelberg (2005). https:\/\/doi.org\/10.1007\/11555261_114"},{"issue":"4","key":"59_CR4","first-page":"17","volume":"9","author":"S Gabrielli","year":"2006","unstructured":"Gabrielli, S., et al.: A boosting approach to econtent development for learners with special needs. J. Educ. Technol. Soc. 9(4), 17\u201326 (2006)","journal-title":"J. Educ. Technol. Soc."},{"issue":"241","key":"59_CR5","first-page":"241","volume":"12","author":"CS Fichten","year":"2009","unstructured":"Fichten, C.S., et al.: Disabilities and e-learning problems and solutions: an exploratory study. J. Educ. Technol. Soc. 12(241), 241\u2013256 (2009)","journal-title":"J. Educ. Technol. Soc."},{"key":"59_CR6","doi-asserted-by":"crossref","unstructured":"Lee, G., et al.: Slate master: a tangible Braille slate tutor for mobile devices. In:Proceedings of the 19th International Conference on Human-Computer Interaction with Mobile Devices and Services, pp. 1\u20136 (2017)","DOI":"10.1145\/3098279.3122151"},{"key":"59_CR7","doi-asserted-by":"crossref","unstructured":"Karkar, A.G., Al-Maadeed, S.: Mobile assistive technologies for visual impaired users: a survey. In: 2018 International Conference on Computer and Applications (ICCA), pp. 427\u2013433 (2018)","DOI":"10.1109\/COMAPP.2018.8460406"},{"issue":"6","key":"59_CR8","doi-asserted-by":"publisher","first-page":"1061","DOI":"10.3390\/app9061061","volume":"9","author":"M Elgendy","year":"2019","unstructured":"Elgendy, M., S\u00edk-L\u00e1nyi, C., Kelemen, \u00c1.: Making shopping easy for people with visual impairment using mobile assistive technologies. Appl. Sci. 9(6), 1061 (2019)","journal-title":"Appl. Sci."},{"issue":"3","key":"59_CR9","doi-asserted-by":"publisher","first-page":"224","DOI":"10.14295\/remea.v37i3.10969","volume":"37","author":"LMOR Antiqueira","year":"2020","unstructured":"Antiqueira, L.M.O.R., da Silva, L.H.V., Augusto, T.C.: Aprendizagem inclusiva: mapas t\u00e1teis como ferramenta de sensibiliza\u00e7\u00e3o sobre a conserva\u00e7\u00e3o da natureza. REMEA - Revista Eletr\u00f4nica do Mestrado em Educa\u00e7\u00e3o Ambiental 37(3), 224\u2013240 (2020)","journal-title":"REMEA - Revista Eletr\u00f4nica do Mestrado em Educa\u00e7\u00e3o Ambiental"},{"issue":"10","key":"59_CR10","doi-asserted-by":"publisher","first-page":"587","DOI":"10.3390\/educsci11100587","volume":"11","author":"K Lister","year":"2021","unstructured":"Lister, K., et al.: Taylor, the disability disclosure virtual assistant: a case study of participatory research with disabled students. Educ. Sci. 11(10), 587 (2021)","journal-title":"Educ. Sci."},{"key":"59_CR11","unstructured":"Albi s.r.o.: Nechajte knihy prehovori\u0165 >> K\u00fazeln\u00e9 \u010d\u00edtanie. Albi K\u00fazeln\u00e9 \u010d\u00edtanie. Albi s.r.o (2021). https:\/\/www.kuzelnecitanie.sk\/co-je-kuzelne-citanie\/"},{"key":"59_CR12","unstructured":"Tyflocomp s.r.o.: Digit\u00e1lny multifunk\u010dn\u00fd prehr\u00e1va\u010d Evo E10. TYFLOCOMP: Distrib\u00facia pom\u00f4cok pre nevidiacich a slabozrak\u00fdch. Tyflocomp s.r.o. (2021). https:\/\/tyflocomp.sk\/digitalny-multifunkcny-prehravac-evo-e10-2"}],"container-title":["Lecture Notes in Networks and Systems","Advances in Information and Communication"],"original-title":[],"language":"en","link":[{"URL":"https:\/\/link.springer.com\/content\/pdf\/10.1007\/978-3-031-28076-4_59","content-type":"unspecified","content-version":"vor","intended-application":"similarity-checking"}],"deposited":{"date-parts":[[2023,2,26]],"date-time":"2023-02-26T11:08:19Z","timestamp":1677409699000},"score":1,"resource":{"primary":{"URL":"https:\/\/link.springer.com\/10.1007\/978-3-031-28076-4_59"}},"subtitle":[],"short-title":[],"issued":{"date-parts":[[2023]]},"ISBN":["9783031280757","9783031280764"],"references-count":12,"URL":"https:\/\/doi.org\/10.1007\/978-3-031-28076-4_59","relation":{},"ISSN":["2367-3370","2367-3389"],"issn-type":[{"type":"print","value":"2367-3370"},{"type":"electronic","value":"2367-3389"}],"subject":[],"published":{"date-parts":[[2023]]},"assertion":[{"value":"27 February 2023","order":1,"name":"first_online","label":"First Online","group":{"name":"ChapterHistory","label":"Chapter History"}},{"value":"FICC","order":1,"name":"conference_acronym","label":"Conference Acronym","group":{"name":"ConferenceInfo","label":"Conference Information"}},{"value":"Future of Information and Communication Conference","order":2,"name":"conference_name","label":"Conference Name","group":{"name":"ConferenceInfo","label":"Conference Information"}},{"value":"San Francisco, CA","order":3,"name":"conference_city","label":"Conference City","group":{"name":"ConferenceInfo","label":"Conference Information"}},{"value":"USA","order":4,"name":"conference_country","label":"Conference Country","group":{"name":"ConferenceInfo","label":"Conference Information"}},{"value":"2023","order":5,"name":"conference_year","label":"Conference Year","group":{"name":"ConferenceInfo","label":"Conference Information"}},{"value":"2 March 2023","order":7,"name":"conference_start_date","label":"Conference Start Date","group":{"name":"ConferenceInfo","label":"Conference Information"}},{"value":"3 March 2023","order":8,"name":"conference_end_date","label":"Conference End Date","group":{"name":"ConferenceInfo","label":"Conference Information"}},{"value":"ficc2023","order":10,"name":"conference_id","label":"Conference ID","group":{"name":"ConferenceInfo","label":"Conference Information"}}]}}