{"status":"ok","message-type":"work","message-version":"1.0.0","message":{"indexed":{"date-parts":[[2026,7,7]],"date-time":"2026-07-07T12:35:01Z","timestamp":1783427701192,"version":"3.54.6"},"publisher-location":"Cham","reference-count":66,"publisher":"Springer Nature Switzerland","isbn-type":[{"value":"9783031356803","type":"print"},{"value":"9783031356810","type":"electronic"}],"license":[{"start":{"date-parts":[[2023,1,1]],"date-time":"2023-01-01T00:00:00Z","timestamp":1672531200000},"content-version":"tdm","delay-in-days":0,"URL":"https:\/\/www.springernature.com\/gp\/researchers\/text-and-data-mining"},{"start":{"date-parts":[[2023,1,1]],"date-time":"2023-01-01T00:00:00Z","timestamp":1672531200000},"content-version":"vor","delay-in-days":0,"URL":"https:\/\/www.springernature.com\/gp\/researchers\/text-and-data-mining"}],"content-domain":{"domain":["link.springer.com"],"crossmark-restriction":false},"short-container-title":[],"published-print":{"date-parts":[[2023]]},"DOI":"10.1007\/978-3-031-35681-0_23","type":"book-chapter","created":{"date-parts":[[2023,7,8]],"date-time":"2023-07-08T23:04:57Z","timestamp":1688857497000},"page":"353-370","update-policy":"https:\/\/doi.org\/10.1007\/springer_crossmark_policy","source":"Crossref","is-referenced-by-count":3,"title":["Digital Participation of People with Intellectual Disabilities Living in Residential Institutions \u2013 Perspectives, Barriers and Implications"],"prefix":"10.1007","author":[{"ORCID":"https:\/\/orcid.org\/0000-0002-1222-9246","authenticated-orcid":false,"given":"Vanessa Nina","family":"Heitplatz","sequence":"first","affiliation":[],"role":[{"vocabulary":"crossref","role":"author"}]},{"ORCID":"https:\/\/orcid.org\/0000-0001-8361-526X","authenticated-orcid":false,"given":"Christian","family":"B\u00fchler","sequence":"additional","affiliation":[],"role":[{"vocabulary":"crossref","role":"author"}]}],"member":"297","published-online":{"date-parts":[[2023,7,9]]},"reference":[{"key":"23_CR1","unstructured":"American Association of Intellectual and Developmental Disabilities: Definition of Intellectual Disability (2020). https:\/\/www.aaidd.org\/intellectual-disability\/definition. Zugegriffen 29 Juli 2020"},{"key":"23_CR2","doi-asserted-by":"crossref","unstructured":"Falkai, P., Wittchen, H.-U. (Hrsg.): Diagnostisches und statistisches Manual psychischer St\u00f6rungen DSM-5\u00ae, 2. Aufl. Hogrefe, G\u00f6ttingen (2018)","DOI":"10.1026\/02803-000"},{"key":"23_CR3","unstructured":"Krollner, B., Krollner, D.M.: ICD-Code (2022). https:\/\/www.icd-code.de\/icd\/code\/ICD-10-GM.html. Zugegriffen 27 Dec 2022"},{"key":"23_CR4","volume-title":"Mental Disorders and Disabilities Among Low-Income Children","author":"TF Boat","year":"2015","unstructured":"Boat, T.F., Wu, J.T.: Mental Disorders and Disabilities Among Low-Income Children. The National Academies Press, Washington D.C (2015)"},{"key":"23_CR5","unstructured":"American Psychatric Association: What Is Mental Illness? (2018). https:\/\/www.psychiatry.org\/patients-families\/what-is-mental-illness. Zugegriffen 29 Juli 2020"},{"key":"23_CR6","unstructured":"American Psychatric Association: Intellectual Disability (2013). file:\/\/\/C:\/Users\/there\/AppData\/Local\/Temp\/APA_DSM-5-Intellectual-Disability.pdf. Zugegriffen 27 Nov 2020"},{"key":"23_CR7","unstructured":"Nu\u00dfbeck, S.: Der Personenkreis der Menschen mit geistiger Behinderung. In: Nu\u00dfbeck, S., Biermann, A., Adam, H. (Hrsg.) Sonderp\u00e4dagogik der geistigen Entwicklung. Hogrefe, G\u00f6ttingen, S 5\u201317 (2008)"},{"key":"23_CR8","unstructured":"German Institute of Medical Documentation and Information: ICF (2019). https:\/\/www.dimdi.de\/dynamic\/en\/classifications\/icf\/index.html. Zugegriffen 30 Januar 2020"},{"key":"23_CR9","doi-asserted-by":"publisher","unstructured":"Trescher, H.: Wohnr\u00e4ume als p\u00e4dagogische Herausforderung. Springer, Wiesbaden (2017). https:\/\/doi.org\/10.1007\/978-3-658-12846-3","DOI":"10.1007\/978-3-658-12846-3"},{"key":"23_CR10","unstructured":"Goffman, E.: Asyle. \u00dcber die soziale Situation psychiatrischer Patienten und anderer Insassen, 4. Aufl. Suhrkamp, Frankfurt am Main (1981)"},{"key":"23_CR11","doi-asserted-by":"crossref","unstructured":"Mangold, K., Rein, A.: WOHNgruppe \u2013 Durchgangspassage vs. Daheim-Sein. In: Meuth, M. (Hrsg.) Wohn-R\u00e4ume und p\u00e4dagogische Orte. Erziehungswissenschaftliche Zug\u00e4nge zum Wohnen, 16. Aufl. VS Verlag f\u00fcr Sozialwissenschaften, Wiesbaden, S 221\u2013244 (2017)","DOI":"10.1007\/978-3-658-15805-7_9"},{"issue":"1","key":"23_CR12","first-page":"10","volume":"59","author":"G Kremsner","year":"2020","unstructured":"Kremsner, G.: Gewalt und Machtmissbrauch gegen Menschen mit Lernschwierigkeiten in Einrichtungen der Behindertenhilfe. Teilhabe 59(1), 10\u201315 (2020)","journal-title":"Teilhabe"},{"key":"23_CR13","doi-asserted-by":"crossref","unstructured":"Meuth, M.: Theoretische Perspektiven auf Wohnen: Ein mehrdimensionales Wohnverst\u00e4ndnis in erziehungswissenschaft licher Absicht. In: Meuth, M. (Hrsg.) Wohn-R\u00e4ume und p\u00e4dagogische Orte. Erziehungswissenschaftliche Zug\u00e4nge zum Wohnen, 16. Aufl. VS Verlag f\u00fcr Sozialwissenschaften, Wiesbaden, S 97\u2013122 (2017)","DOI":"10.1007\/978-3-658-15805-7_4"},{"key":"23_CR14","doi-asserted-by":"crossref","unstructured":"Haage, A.: Das Informaionsrepertoire von Menschen mit Behinderungen. Eine Studie zur Mediennutzung von Menschen mit Beeintr\u00e4chtigungen (2020)","DOI":"10.5771\/9783748921363"},{"issue":"1","key":"23_CR15","doi-asserted-by":"publisher","first-page":"79","DOI":"10.1111\/jar.12321","volume":"31","author":"C-N Shpigelman","year":"2018","unstructured":"Shpigelman, C.-N.: Leveraging social capital of individuals with intellectual disabilities through participation on Facebook. J. Appl. Res. Intellect. Disabil. 31(1), 79\u201391 (2018). https:\/\/doi.org\/10.1111\/jar.12321","journal-title":"J. Appl. Res. Intellect. Disabil."},{"key":"23_CR16","series-title":"Lecture Notes in Computer Science","doi-asserted-by":"publisher","first-page":"390","DOI":"10.1007\/978-3-030-49108-6_28","volume-title":"Universal Access in Human-Computer Interaction. Applications and Practice","author":"VN Heitplatz","year":"2020","unstructured":"Heitplatz, V.N., B\u00fchler, C., Hastall, M.R.: I can\u2019t do it, they say! \u2013 Perceived stigmatization experiences of people with intellectual disabilities when using and accessing the Internet. In: Antona, M., Stephanidis, C. (eds.) HCII 2020. LNCS, vol. 12189, pp. 390\u2013408. Springer, Cham (2020). https:\/\/doi.org\/10.1007\/978-3-030-49108-6_28"},{"issue":"11","key":"23_CR17","doi-asserted-by":"publisher","first-page":"850","DOI":"10.1111\/j.1365-2788.2006.00939.x","volume":"51","author":"L Nota","year":"2007","unstructured":"Nota, L., Ferrari, L., Soresi, S., Wehmeyer, M.: Self-determination, social abilities and the quality of life of people with intellectual disability. J. Interllect. Disabil. Res. 51(11), 850\u2013865 (2007). https:\/\/doi.org\/10.1111\/j.1365-2788.2006.00939.x","journal-title":"J. Interllect. Disabil. Res."},{"key":"23_CR18","unstructured":"Thimm, A., Rodekohr, B., Dieckmann, F., Ha\u00dfler, T. (Hrsg.): Wohnsituation Erwachsener mit geistiger Behinderung in Westfalen-Lippe und Umz\u00fcge im Alter. Erster Zwwischenebricht zum Forschungsprojekt \u201cModelle f\u00fcr die Unterst\u00fctzung der Teilhabe von Menschen mit geistiger Behinderung im Alter innovativ gestakten\u201d (MUTIG). Kettler, B\u00f6nen (2019)"},{"key":"23_CR19","unstructured":"Health Service Executive: Time to Move On from Congregated Settings (2011). https:\/\/www.hse.ie\/eng\/services\/list\/4\/disability\/congregatedsettings\/"},{"issue":"12","key":"23_CR20","doi-asserted-by":"publisher","first-page":"2128","DOI":"10.1177\/1461444819888398","volume":"22","author":"K Alfredsson \u00c5gren","year":"2020","unstructured":"Alfredsson \u00c5gren, K., Kjellberg, A., Hemmingsson, H.: Digital participation? Internet use among adolescents with and without intellectual disabilities: a comparative study. New Med. Soc. 22(12), 2128\u20132145 (2020). https:\/\/doi.org\/10.1177\/1461444819888398","journal-title":"New Med. Soc."},{"key":"23_CR21","volume-title":"Group Homes for People with Intellectual Disabilities: Encouraging Inclusion and Participation","author":"T Clement","year":"2009","unstructured":"Clement, T., Bigby, C.: Group Homes for People with Intellectual Disabilities: Encouraging Inclusion and Participation. Jessica Kingsley Publishers, London (2009)"},{"issue":"1","key":"23_CR22","doi-asserted-by":"publisher","first-page":"1","DOI":"10.1108\/HCS-09-2019-0019","volume":"23","author":"J Hobson","year":"2020","unstructured":"Hobson, J., Lynch, K., Lodge, A.: Residualisation in supported housing: an organisational case study. Hous. Care Support 23(1), 1\u201313 (2020). https:\/\/doi.org\/10.1108\/HCS-09-2019-0019","journal-title":"Hous. Care Support"},{"issue":"3","key":"23_CR23","first-page":"21","volume":"18","author":"A-L Davidson","year":"2012","unstructured":"Davidson, A.-L.: Use of mobile technologies by young adults living with an intellectual disability: a collaborative action research. J. Dev. Disabil. 18(3), 21\u201332 (2012)","journal-title":"J. Dev. Disabil."},{"key":"23_CR24","unstructured":"Institut f\u00fcr Menschenrechte: Internationaler Pakt \u00fcber wirtschaftliche, soziale und kulturelle Rechte von 1966 (1966). https:\/\/www.institut-fuer-menschenrechte.de\/fileadmin\/user_upload\/PDF-Dateien\/Pakte_Konventionen\/ICESCR\/icescr_de.pdf. Zugegriffen 07 Juli 2020"},{"key":"23_CR25","unstructured":"Beauftragte der Bundesregierung f\u00fcr die Belange von Menschen mit Behinderungen: Die UN-Behindertenrechtskonvention. Beauftragte der Bundesregierung f\u00fcr die Belange von Menschen mit Behinderungen (2017). https:\/\/www.behindertenbeauftragte.de\/SharedDocs\/Publikationen\/UN_Konvention_deutsch.pdf?__blob=publicationFile&v=2. Zugegriffen 25 Februar 2020"},{"issue":"1","key":"23_CR26","doi-asserted-by":"publisher","first-page":"22","DOI":"10.1080\/19331680903109402","volume":"7","author":"S-J Min","year":"2010","unstructured":"Min, S.-J.: From the digital divide to the democratic divide: Internet skills, political interest, and the second-level digital divide in political Internet use. J. Inf. Technol. Polit. 7(1), 22\u201335 (2010). https:\/\/doi.org\/10.1080\/19331680903109402","journal-title":"J. Inf. Technol. Polit."},{"key":"23_CR27","series-title":"Lecture Notes in Computer Science","doi-asserted-by":"publisher","first-page":"389","DOI":"10.1007\/978-3-030-23560-4_29","volume-title":"Universal Access in Human-Computer Interaction. Theory, Methods and Tools","author":"M Becker","year":"2019","unstructured":"Becker, M., et al.: How to design an intervention to raise digital competences: ALL DIGITAL week \u2013 Dortmund 2018. In: Antona, M., Stephanidis, C. (eds.) HCII 2019. LNCS, vol. 11572, pp. 389\u2013407. Springer, Cham (2019). https:\/\/doi.org\/10.1007\/978-3-030-23560-4_29"},{"issue":"3","key":"23_CR28","doi-asserted-by":"publisher","first-page":"291","DOI":"10.1353\/aad.2007.0030","volume":"152","author":"MR Des Power","year":"2007","unstructured":"Des Power, M.R., Rehling, B.: German deaf people using text communication. Am. Ann. Deaf 152(3), 291\u2013301 (2007)","journal-title":"Am. Ann. Deaf"},{"key":"23_CR29","doi-asserted-by":"publisher","unstructured":"Borgstr\u00f6m, \u00c5., Daneback, K., Molin, M.: Young people with intellectual disabilities and social media: a literature review and thematic analysis. Scand. J. Disabil. Res. 21(1), 129\u2013140 (2019). https:\/\/doi.org\/10.16993\/sjdr.549","DOI":"10.16993\/sjdr.549"},{"issue":"12","key":"23_CR30","doi-asserted-by":"publisher","first-page":"2128","DOI":"10.1111\/jppi.12410","volume":"22","author":"D Chadwick","year":"2022","unstructured":"Chadwick, D., et al.: Digital inclusion and participation of people with intellectual disabilities during COVID-19: a rapid review and international bricolage. Policy Pract. Intell. Disabil. 22(12), 2128 (2022). https:\/\/doi.org\/10.1111\/jppi.12410","journal-title":"Policy Pract. Intell. Disabil."},{"key":"23_CR31","doi-asserted-by":"crossref","unstructured":"Chadwick, D.D., Chapman, M., Caton, S.: Digital inclusion for people with an intellectual disability. In: Attrill-Smith, A., et al. (Hrsg.) The Oxford Handbook of Cyberpsychology, S 260\u2013284. Oxford University Press, Oxford (2019)","DOI":"10.1093\/oxfordhb\/9780198812746.013.17"},{"key":"23_CR32","doi-asserted-by":"publisher","unstructured":"Seale, J., Chadwick, D.: How does risk mediate the ability of adolescents and adults with intellectual and developmental disabilities to live a normal life by using the Internet? CP 11(1) (2017). https:\/\/doi.org\/10.5817\/CP2017-1-2","DOI":"10.5817\/CP2017-1-2"},{"key":"23_CR33","doi-asserted-by":"publisher","first-page":"18","DOI":"10.1016\/j.poetic.2016.08.003","volume":"58","author":"K Dobransky","year":"2016","unstructured":"Dobransky, K., Hargittai, E.: Unrealized potential: exploring the digital disability divide. Poetics 58, 18\u201328 (2016). https:\/\/doi.org\/10.1016\/j.poetic.2016.08.003","journal-title":"Poetics"},{"key":"23_CR34","doi-asserted-by":"publisher","first-page":"e5062371","DOI":"10.1155\/2017\/5062371","volume":"2017","author":"JC Gomez","year":"2017","unstructured":"Gomez, J.C., Torrado, J.C., Montoro, G.: Using smartphones to assist people with down syndrome in their labour training and integration: a case study. Wirel. Commun. Mob. Comput. 2017, e5062371 (2017)","journal-title":"Wirel. Commun. Mob. Comput."},{"issue":"1","key":"23_CR35","doi-asserted-by":"publisher","first-page":"21","DOI":"10.1111\/bld.12170","volume":"45","author":"D Chadwick","year":"2017","unstructured":"Chadwick, D., Quinn, S., Fullwood, C.: Perceptions of the risks and benefits of Internet access and use by people with intellectual disabilities. Br. J. Learn. Disabil. 45(1), 21\u201331 (2017)","journal-title":"Br. J. Learn. Disabil."},{"key":"23_CR36","unstructured":"Heitplatz, V.N.: Digitale Teilhabem\u00f6glichkeiten von Menschen mit intellektuellen Beeintr\u00e4chtigungen im Wohnkontext. Perspektiven von Einrichtungsleitungen, Fachkr\u00e4ften und Bewohnenden. Eldorado - Repositorium der TU Dortmund (2021)"},{"key":"23_CR37","series-title":"Lecture Notes in Computer Science","doi-asserted-by":"publisher","first-page":"98","DOI":"10.1007\/978-3-030-23563-5_9","volume-title":"Universal Access in Human-Computer Interaction. Multimodality and Assistive Environments","author":"VN Heitplatz","year":"2019","unstructured":"Heitplatz, V.N., B\u00fchler, C., Hastall, M.R.: Caregivers\u2019 influence on smartphone usage of people with cognitive disabilities: an explorative case study in Germany. In: Antona, M., Stephanidis, C. (eds.) HCII 2019. LNCS, vol. 11573, pp. 98\u2013115. Springer, Cham (2019). https:\/\/doi.org\/10.1007\/978-3-030-23563-5_9"},{"key":"23_CR38","doi-asserted-by":"crossref","unstructured":"Alfredsson \u00c5gren, K.: Internet use and digital participation in everyday life. Adolescents and young adults with intellectual disabilities. Link\u00f6png University Medical Dissertations No. 1734. Department of Health, Medical and Caring Sciences Link\u00f6ping University, Link\u00f6ping (2020)","DOI":"10.3384\/diss.diva-168070"},{"issue":"3","key":"23_CR39","doi-asserted-by":"publisher","first-page":"289","DOI":"10.1177\/1744629518784351","volume":"24","author":"C Ramsten","year":"2018","unstructured":"Ramsten, C., Dag, M., Martin, L., Marmstal Hammar, L.: Information and communication technology use in daily life among young adults with mild-to-moderate intellectual disability. J. Intellect. Disabil. 24(3), 289\u2013308 (2018)","journal-title":"J. Intellect. Disabil."},{"issue":"3","key":"23_CR40","doi-asserted-by":"publisher","first-page":"313","DOI":"10.1080\/13691180600751298","volume":"9","author":"K Dobransky","year":"2006","unstructured":"Dobransky, K., Hargittai, E.: The disability divide in internet access and use. Inf. Commun. Soc. 9(3), 313\u2013334 (2006)","journal-title":"Inf. Commun. Soc."},{"key":"23_CR41","doi-asserted-by":"crossref","unstructured":"Chadwick, D., Fullwood, C., Wesson, C.J.: Intellectual disability, identity, and the Internet. In: Luppicini, R. (Hrsg.) Handbook of Research on Technoself, Bd 8, S 229\u2013254. IGI Global, Pennsylvania (2013)","DOI":"10.4018\/978-1-4666-2211-1.ch013"},{"key":"23_CR42","doi-asserted-by":"publisher","unstructured":"Ramsten, C., Blomberg, H.: Staff as advocates, moral guardians and enablers \u2013 using ICT for independence and participation in disability services. Scand. J. Disabil. Res. 21(1), 271\u2013281 (2019). https:\/\/doi.org\/10.16993\/sjdr.608","DOI":"10.16993\/sjdr.608"},{"key":"23_CR43","unstructured":"SafePlace\/Disability Rights Texas: How People with Disabilities use social media. Report (2016)"},{"issue":"1","key":"23_CR44","doi-asserted-by":"publisher","first-page":"89","DOI":"10.3109\/13668250.2018.1518898","volume":"45","author":"K Alfredsson \u00c5gren","year":"2020","unstructured":"Alfredsson \u00c5gren, K., Kjellberg, A., Hemmingsson, H.: Access to and use of the Internet among adolescents and young adults with intellectual disabilities in everyday settings. J. Intellect. Dev. Disabil. 45(1), 89\u201398 (2020). https:\/\/doi.org\/10.3109\/13668250.2018.1518898","journal-title":"J. Intellect. Dev. Disabil."},{"key":"23_CR45","doi-asserted-by":"publisher","DOI":"10.1007\/978-3-531-92864-7","volume-title":"Triangulation","author":"U Flick","year":"2011","unstructured":"Flick, U.: Triangulation. VS Verlag f\u00fcr Sozialwissenschaften, Wiesbaden (2011)"},{"key":"23_CR46","doi-asserted-by":"publisher","first-page":"420","DOI":"10.1177\/1744629520971375","volume":"26","author":"VN Heitplatz","year":"2021","unstructured":"Heitplatz, V.N., B\u00fchler, C., Hastall, M.R.: Usage of digital media by people with intellectual disabilities: contrasting individuals\u2019 and formal caregivers\u2019 perspectives. J. Intellect. Disabil. 26, 420\u2013441 (2021). https:\/\/doi.org\/10.1177\/1744629520971375","journal-title":"J. Intellect. Disabil."},{"key":"23_CR47","doi-asserted-by":"publisher","unstructured":"Kaiser, R.: Qualitative Experteninterviews. Springer, Wiesbaden (2014). https:\/\/doi.org\/10.1007\/978-3-658-02479-6","DOI":"10.1007\/978-3-658-02479-6"},{"issue":"10","key":"23_CR48","doi-asserted-by":"publisher","first-page":"1439","DOI":"10.1080\/09638288.2018.1529827","volume":"42","author":"M Buchholz","year":"2018","unstructured":"Buchholz, M., Ferm, U., Holmgren, K.: Support persons\u2019 views on remote communication and social media for people with communicative and cognitive disabilities. Disabil. Rehabil. 42(10), 1439\u20131447 (2018). https:\/\/doi.org\/10.1080\/09638288.2018.1529827","journal-title":"Disabil. Rehabil."},{"issue":"4","key":"23_CR49","doi-asserted-by":"publisher","first-page":"533","DOI":"10.1007\/s11195-015-9415-7","volume":"33","author":"L L\u00f6fgren-M\u00e5rtenson","year":"2015","unstructured":"L\u00f6fgren-M\u00e5rtenson, L., Sorbring, E., Molin, M.: \u201cT@ngled Up in Blue\u201d: views of parents and professionals on Internet use for sexual purposes among young people with intellectual disabilities. Sex. Disabil. 33(4), 533\u2013544 (2015). https:\/\/doi.org\/10.1007\/s11195-015-9415-7","journal-title":"Sex. Disabil."},{"issue":"2","key":"23_CR50","doi-asserted-by":"publisher","first-page":"171","DOI":"10.1111\/hsc.12005","volume":"21","author":"O Tracey","year":"2013","unstructured":"Tracey, O.: The use of Talking Mats to support people with dementia and their careers to make decisions together. Health Soc. Care Commun. 21(2), 171\u2013180 (2013)","journal-title":"Health Soc. Care Commun."},{"key":"23_CR51","doi-asserted-by":"publisher","unstructured":"Heitplatz, V.N.: Fostering digital participation for people with intellectual disabilities and their caregivers: towards a guideline for designing education programs. SI 8(2), 201\u2013212 (2020). https:\/\/doi.org\/10.17645\/si.v8i2.2578","DOI":"10.17645\/si.v8i2.2578"},{"key":"23_CR52","unstructured":"Hilsenbeck, T.: Die 4 Ohren stellen sich vor. Das 4-Ohren-Modell von Schulz von Thun in einer etwas anderen Form (2010)"},{"key":"23_CR53","unstructured":"In der Gemeinde leben gGmbH: PIKSL mobil - PIKSL (2020). https:\/\/piksl.net\/bildungsangebote\/piksl-mobil\/. Zugegriffen 29 Dezember 2020"},{"key":"23_CR54","unstructured":"Pelka, B., Heitplatz, V.N.: Digitale Tools f\u00fcr die Soziale Arbeit (2020). https:\/\/padlet.com\/BastianPelka\/t3uvigzejspmx6ga"},{"key":"23_CR55","unstructured":"Abel, J., Hirsch-Kreinsen, H., Steglich, S., Wienzek, T.: Akzeptanz von Industrie 4.0 (2019). https:\/\/www.plattform-i40.de\/PI40\/Redaktion\/DE\/Downloads\/Publikation\/akzeptanz-industrie40.pdf?__blob=publicationFile&v=6. Zugegriffen 27 November 2020"},{"key":"23_CR56","doi-asserted-by":"crossref","unstructured":"Pelka, B.: Digitale Teilhabe: Aufgaben der Verb\u00e4nde und Einrichtungen der Wohlfahrtspflege. In: Kreidenweis, H. (Hrsg.) Digitaler Wandel in der Sozialwirtschaft. Grundlagen - Strategien - Praxis, S 57\u201380. Nomos, Baden-Baden (2018)","DOI":"10.5771\/9783845285016-57"},{"issue":"1","key":"23_CR57","doi-asserted-by":"publisher","first-page":"43","DOI":"10.1352\/2326-6988-8.1.43","volume":"8","author":"KW Fischer","year":"2020","unstructured":"Fischer, K.W., Williamson, H., Guerra, N.: Technology and social inclusion: technology training and usage by youth with IDD in the national longitudinal transition study of 2012. Inclusion 8(1), 43\u201357 (2020)","journal-title":"Inclusion"},{"issue":"3","key":"23_CR58","doi-asserted-by":"publisher","first-page":"259","DOI":"10.1002\/pits.21673","volume":"50","author":"KM Ayres","year":"2013","unstructured":"Ayres, K.M., Mechling, L., Sansosti, F.J.: The use of mobile technologies to assist with life skills\/independence of students with moderate\/severe intellectual disability and\/or autism spectrum disorders: considerations for the future of school psychology. Psychol. Schs. 50(3), 259\u2013271 (2013). https:\/\/doi.org\/10.1002\/pits.21673","journal-title":"Psychol. Schs."},{"key":"23_CR59","doi-asserted-by":"crossref","unstructured":"Bosse, I.: Standards der Medienbildung f\u00fcr Menschen mit Behinderung in der Schule. Ludwigsburger Beitr\u00e4ge zur Medienp\u00e4dagogik, pp. 1\u20136 (2012)","DOI":"10.21240\/lbzm\/15\/02"},{"issue":"1","key":"23_CR60","first-page":"41","volume":"7","author":"CR Jain","year":"2015","unstructured":"Jain, C.R., Apple, D.K., Ellis, W.E.: What is self-growth? Int. J. Process Educ. 7(1), 41\u201352 (2015)","journal-title":"Int. J. Process Educ."},{"key":"23_CR61","unstructured":"Baacke, D.: Medienkompetenz - Begrifflichkeiten und sozialer Wandel. In: von Rein, A. (Hrsg.) Medienkompetenz als Schl\u00fcsselbegriff, Bonn, S 112\u2013124 (1996)"},{"issue":"3","key":"23_CR62","doi-asserted-by":"publisher","first-page":"190","DOI":"10.3109\/17483107.2012.723239","volume":"8","author":"BS Hoppestad","year":"2013","unstructured":"Hoppestad, B.S.: Current perspective regarding adults with intellectual and developmental disabilities accessing computer technology. Disabil. Rehabil. Assist. Technol. 8(3), 190\u2013194 (2013)","journal-title":"Disabil. Rehabil. Assist. Technol."},{"key":"23_CR63","unstructured":"Mediadementia (o.J.) Unser Tablet f\u00fcr die Demenzbetreuung"},{"key":"23_CR64","unstructured":"Bildungsserver Sachen-Anhalt: Digitalassistenz (2022). https:\/\/www.bildung-lsa.de\/informationsportal\/schule\/schulentwicklung\/digitalassistenz.htm"},{"key":"23_CR65","unstructured":"Hochschule Merseburg: Digitalcoach f\u00fcr Schulen und weitere Bildungskontexte (2023). https:\/\/www.hs-merseburg.de\/hochschule\/information\/weiterbildungsangebote\/highlights\/zertifikatskurs-digitalcoach-fuer-schulen-und-weitere-bildungskontexte\/"},{"key":"23_CR66","unstructured":"SeWo GmbH: SeWo\u2014Selbstbestimmtes Wohnen f\u00fcr Menschen mit Behinderung (2021). https:\/\/sewo-nrw.de\/. Zugegriffen 02 Januar 2023"}],"container-title":["Lecture Notes in Computer Science","Universal Access in Human-Computer Interaction"],"original-title":[],"language":"en","link":[{"URL":"https:\/\/link.springer.com\/content\/pdf\/10.1007\/978-3-031-35681-0_23","content-type":"unspecified","content-version":"vor","intended-application":"similarity-checking"}],"deposited":{"date-parts":[[2023,7,8]],"date-time":"2023-07-08T23:31:00Z","timestamp":1688859060000},"score":1,"resource":{"primary":{"URL":"https:\/\/link.springer.com\/10.1007\/978-3-031-35681-0_23"}},"subtitle":[],"short-title":[],"issued":{"date-parts":[[2023]]},"ISBN":["9783031356803","9783031356810"],"references-count":66,"URL":"https:\/\/doi.org\/10.1007\/978-3-031-35681-0_23","relation":{},"ISSN":["0302-9743","1611-3349"],"issn-type":[{"value":"0302-9743","type":"print"},{"value":"1611-3349","type":"electronic"}],"subject":[],"published":{"date-parts":[[2023]]},"assertion":[{"value":"9 July 2023","order":1,"name":"first_online","label":"First Online","group":{"name":"ChapterHistory","label":"Chapter History"}},{"value":"HCII","order":1,"name":"conference_acronym","label":"Conference Acronym","group":{"name":"ConferenceInfo","label":"Conference Information"}},{"value":"International Conference on Human-Computer Interaction","order":2,"name":"conference_name","label":"Conference Name","group":{"name":"ConferenceInfo","label":"Conference Information"}},{"value":"Copenhagen","order":3,"name":"conference_city","label":"Conference City","group":{"name":"ConferenceInfo","label":"Conference Information"}},{"value":"Denmark","order":4,"name":"conference_country","label":"Conference Country","group":{"name":"ConferenceInfo","label":"Conference Information"}},{"value":"2023","order":5,"name":"conference_year","label":"Conference Year","group":{"name":"ConferenceInfo","label":"Conference Information"}},{"value":"23 July 2023","order":7,"name":"conference_start_date","label":"Conference Start Date","group":{"name":"ConferenceInfo","label":"Conference Information"}},{"value":"28 July 2023","order":8,"name":"conference_end_date","label":"Conference End Date","group":{"name":"ConferenceInfo","label":"Conference Information"}},{"value":"25","order":9,"name":"conference_number","label":"Conference Number","group":{"name":"ConferenceInfo","label":"Conference Information"}},{"value":"hcii2023","order":10,"name":"conference_id","label":"Conference ID","group":{"name":"ConferenceInfo","label":"Conference Information"}},{"value":"https:\/\/2023.hci.international\/","order":11,"name":"conference_url","label":"Conference URL","group":{"name":"ConferenceInfo","label":"Conference Information"}},{"value":"Single-blind","order":1,"name":"type","label":"Type","group":{"name":"ConfEventPeerReviewInformation","label":"Peer Review Information (provided by the conference organizers)"}},{"value":"CMS","order":2,"name":"conference_management_system","label":"Conference Management System","group":{"name":"ConfEventPeerReviewInformation","label":"Peer Review Information (provided by the conference organizers)"}},{"value":"7472","order":3,"name":"number_of_submissions_sent_for_review","label":"Number of Submissions Sent for Review","group":{"name":"ConfEventPeerReviewInformation","label":"Peer Review Information (provided by the conference organizers)"}},{"value":"1578","order":4,"name":"number_of_full_papers_accepted","label":"Number of Full Papers Accepted","group":{"name":"ConfEventPeerReviewInformation","label":"Peer Review Information (provided by the conference organizers)"}},{"value":"396","order":5,"name":"number_of_short_papers_accepted","label":"Number of Short Papers Accepted","group":{"name":"ConfEventPeerReviewInformation","label":"Peer Review Information (provided by the conference organizers)"}},{"value":"21% - The value is computed by the equation \"Number of Full Papers Accepted \/ Number of Submissions Sent for Review * 100\" and then rounded to a whole number.","order":6,"name":"acceptance_rate_of_full_papers","label":"Acceptance Rate of Full Papers","group":{"name":"ConfEventPeerReviewInformation","label":"Peer Review Information (provided by the conference organizers)"}},{"value":"2","order":7,"name":"average_number_of_reviews_per_paper","label":"Average Number of Reviews per Paper","group":{"name":"ConfEventPeerReviewInformation","label":"Peer Review Information (provided by the conference organizers)"}},{"value":"2","order":8,"name":"average_number_of_papers_per_reviewer","label":"Average Number of Papers per Reviewer","group":{"name":"ConfEventPeerReviewInformation","label":"Peer Review Information (provided by the conference organizers)"}},{"value":"No","order":9,"name":"external_reviewers_involved","label":"External Reviewers Involved","group":{"name":"ConfEventPeerReviewInformation","label":"Peer Review Information (provided by the conference organizers)"}}]}}