{"status":"ok","message-type":"work","message-version":"1.0.0","message":{"indexed":{"date-parts":[[2026,2,17]],"date-time":"2026-02-17T19:09:24Z","timestamp":1771355364090,"version":"3.50.1"},"publisher-location":"Cham","reference-count":32,"publisher":"Springer Nature Switzerland","isbn-type":[{"value":"9783032172716","type":"print"},{"value":"9783032172723","type":"electronic"}],"license":[{"start":{"date-parts":[[2026,1,1]],"date-time":"2026-01-01T00:00:00Z","timestamp":1767225600000},"content-version":"tdm","delay-in-days":0,"URL":"https:\/\/www.springernature.com\/gp\/researchers\/text-and-data-mining"},{"start":{"date-parts":[[2026,1,1]],"date-time":"2026-01-01T00:00:00Z","timestamp":1767225600000},"content-version":"vor","delay-in-days":0,"URL":"https:\/\/www.springernature.com\/gp\/researchers\/text-and-data-mining"}],"content-domain":{"domain":["link.springer.com"],"crossmark-restriction":false},"short-container-title":[],"published-print":{"date-parts":[[2026]]},"DOI":"10.1007\/978-3-032-17272-3_22","type":"book-chapter","created":{"date-parts":[[2026,2,17]],"date-time":"2026-02-17T18:14:01Z","timestamp":1771352041000},"page":"268-277","update-policy":"https:\/\/doi.org\/10.1007\/springer_crossmark_policy","source":"Crossref","is-referenced-by-count":0,"title":["Humanities, Humanism and Ethics in a Digital Context: Challenges for Digital Literacy Research and Learning"],"prefix":"10.1007","author":[{"ORCID":"https:\/\/orcid.org\/0000-0003-2700-1073","authenticated-orcid":false,"given":"Paula","family":"Och\u00f4a","sequence":"first","affiliation":[]},{"ORCID":"https:\/\/orcid.org\/0000-0002-9179-6352","authenticated-orcid":false,"given":"Ana","family":"Novo","sequence":"additional","affiliation":[]},{"ORCID":"https:\/\/orcid.org\/0000-0001-8345-2771","authenticated-orcid":false,"given":"Leonor Gaspar","family":"Pinto","sequence":"additional","affiliation":[]}],"member":"297","published-online":{"date-parts":[[2026,2,18]]},"reference":[{"issue":"1","key":"22_CR1","first-page":"24","volume":"9","author":"E Tewell","year":"2015","unstructured":"Tewell, E.: A decade of critical information literacy: A review of literature. Commun. Inf. Lit. 9(1), 24\u201343 (2015) http:\/\/eprints.rclis.org\/28163\/2a-decade-of-critical-information-literacy.pdf","journal-title":"Commun. Inf. Lit."},{"key":"22_CR2","doi-asserted-by":"crossref","unstructured":"Tewell, E.: Two decades of critical \u0131nformation literacy: A review of the literature. Inform. Res. An International Electronic J.  30, 443\u2013460 (2025) https:\/\/www.ala.org\/sites\/default\/files\/2025-03\/TwoDecadesofCriticalInformationLiteracy.pdf","DOI":"10.47989\/ir30CoLIS52267"},{"issue":"2","key":"22_CR3","first-page":"106","volume":"6","author":"JM Porterfield","year":"2018","unstructured":"Porterfield, J.M.: Overcoming challenges to critical information literacy: Primary sources analysis as a consciousness-raising. Pa. Libr.: Res. Pract. 6(2), 106\u2013112 (2018) http:\/\/www.palrap.org\/ojs\/index.php\/palrap\/article\/view\/191\/698","journal-title":"Pa. Libr.: Res. Pract."},{"key":"22_CR4","first-page":"15","volume-title":"iKritica: Estudos Cr\u00edticos em \u0130nforma\u00e7\u00e3o","author":"AC Bezerra","year":"2019","unstructured":"Bezerra, A.C.: Teoria cr\u00edtica da informa\u00e7\u00e3o: proposta te\u00f3rico-metodol\u00f3gica de integra\u00e7\u00e3o entre os conceitos de regime de informa\u00e7\u00e3o e compet\u00eancia cr\u00edtica de informa\u00e7\u00e3o. In: Bezerra, A.C., et al. (eds.) iKritica: Estudos Cr\u00edticos em \u0130nforma\u00e7\u00e3o, pp. 15\u201372. Garamond, Rio de Janeiro (2019)"},{"key":"22_CR5","first-page":"73","volume-title":"iKritika: Estudos Cr\u00edticos eim \u0130nforma\u00e7\u00e3o","author":"M Schneider","year":"2019","unstructured":"Schneider, M.: Compet\u00eancia cr\u00edtica em informa\u00e7\u00e3o (em 7 n\u00edveis) cmo dispositivo de combate \u00e0 p\u00f3s-verdade. In: Bezerra, A.C., et al. (eds.) iKritika: Estudos Cr\u00edticos eim \u0130nforma\u00e7\u00e3o, pp. 73\u2013116. Garamond, Rio de Janeiro (2019)"},{"key":"22_CR6","unstructured":"Carvalho, M., et al.: Dinamiza\u00e7\u00e3o de organiza\u00e7\u00f5es, projetos e redes A \u00c9tica e deontologia da informa\u00e7\u00e3o:o debate necess\u00e1rio. In: Paper presented in Comunidades e Profissionais para o Futuro: Agir Hoje, Faro (2023). https:\/\/publicacoes.bad.pt\/revistas\/index.php\/congressosbad\/article\/view\/2865"},{"key":"22_CR7","doi-asserted-by":"publisher","unstructured":"Novo, A., Och\u00f4a, P., Pinto, L.G., Leit\u00e3o, P., Penteado, P., Louren\u00e7o, A.: Converg\u00eancia estrat\u00e9gica e a dilui\u00e7\u00e3o de fronteiras de ensino para a \u00e1rea das bibliotecas, arquivos e museus. In: Paper presented in 14\u00b0Congresso Nacional, BAD, Faro (2023). https:\/\/doi.org\/10.48798\/congressobad.2872","DOI":"10.48798\/congressobad.2872"},{"key":"22_CR8","doi-asserted-by":"publisher","DOI":"10.1007\/978-3-031-52998-6_20","volume-title":"Information Experience and Information Literacy. ECIL 2023. Communications in Computer and Information Science","author":"A Novo","year":"2024","unstructured":"Novo, A., Och\u00f4a, P.: Challenges to information literacy online learning in higher education: Libraries, archives, and museums digital strategic convergence. In: Kurbano\u011flu, S., et al. (eds.) Information Experience and Information Literacy. ECIL 2023. Communications in Computer and Information Science, vol. 2043. Springer, Cham (2024). https:\/\/doi.org\/10.1007\/978-3-031-52998-6_20"},{"key":"22_CR9","unstructured":"Novo, A., Och\u00f4a, P.: Humanidades Digitais, Humanismo Digital, \u00c9ticaDigital\u2014intera\u00e7\u00f5es e desafios para investiga\u00e7\u00f5es futuras. In: II Congresso Internacional de Humanidades UAb. Os Desafios da Transforma\u00e7\u00e3o Digital, II International Conference of Humanities UAb.The Challenges of Digital Transformation (2025). https:\/\/congresso.humanidades.uab.pt\/"},{"key":"22_CR10","doi-asserted-by":"publisher","first-page":"1089","DOI":"10.1007\/978-981-19-2080-6_64","volume-title":"Handbook of Open, Distance and Digital Education","author":"VI Marin","year":"2023","unstructured":"Marin, V.I., Cat\u00f1eda, L.: Developing digital literacy for teaching and learning. In: Zawacki-Richter, O., Jung, I. (eds.) Handbook of Open, Distance and Digital Education, pp. 1089\u20131107 (2023). https:\/\/doi.org\/10.1007\/978-981-19-2080-6_64"},{"key":"22_CR11","doi-asserted-by":"publisher","unstructured":"Lucas, M., Moreira, A., Costa, N.: Quadro europeu de refer\u00eancia para a compet\u00eancia digital: Subs\u00eddios para a sua compreens\u00e3o e desenvolvimento. Obs. (OBS*) J. 11(4) (2017). https:\/\/doi.org\/10.15847\/obsOBS11420171172","DOI":"10.15847\/obsOBS11420171172"},{"issue":"3\u20134","key":"22_CR12","doi-asserted-by":"publisher","first-page":"306","DOI":"10.1080\/09523987.2023.2324584","volume":"60","author":"DC Mbandje","year":"2023","unstructured":"Mbandje, D.C., Loureiro, M.J., Lucas, M.: Digital competence and information literacy: Clarifying concepts based on a literature review. Educ. Media Int. 60(3\u20134), 306\u2013316 (2023)","journal-title":"Educ. Media Int."},{"issue":"3","key":"22_CR13","doi-asserted-by":"publisher","first-page":"25","DOI":"10.35699\/1983-3652.2020.25087","volume":"13","author":"JA Canchola-Gonzalez","year":"2020","unstructured":"Canchola-Gonzalez, J.A., Glasserman Morales, L.D.: Digital fluency concept: A systematic review of literature 2010\u20132020. Texto Livre: Ling. Tecnol. 13(3), 25\u201346 (2020). https:\/\/doi.org\/10.35699\/1983-3652.2020.25087","journal-title":"Texto Livre: Ling. Tecnol."},{"key":"22_CR14","doi-asserted-by":"publisher","unstructured":"Feinberg, M., Furner, J., Mai, J.E., Tenis, J.: Humanistic information science. In: Proceedings of the American Society for Information Science and Technology 49, October 2012, pp. 1\u20133, Baltimore, MD, USA (2012). https:\/\/doi.org\/10.1002\/meet.14504901151","DOI":"10.1002\/meet.14504901151"},{"issue":"2","key":"22_CR15","doi-asserted-by":"publisher","first-page":"5","DOI":"10.21728\/logeion.2015v1n2.p5-22","volume":"1","author":"H Kunneman","year":"2015","unstructured":"Kunneman, H.: Humanistic information studies: A proposal. LOGEION: Filosofia da \u0130nforma\u00e7\u00e3o., Rio de Janeiro. 1(2), 5\u201322 (2015)","journal-title":"LOGEION: Filosofia da \u0130nforma\u00e7\u00e3o"},{"issue":"1","key":"22_CR16","doi-asserted-by":"publisher","first-page":"762","DOI":"10.1002\/pra2.856","volume":"60","author":"W Fremery","year":"2023","unstructured":"Fremery, W., Mostafa, J., Pennington, D.M.R., Terra, A.L.: Digital humanities and information science: Making a difference? Proc. Assoc. Inf. Sci. Technol. 60(1), 762\u2013765 (2023). https:\/\/doi.org\/10.1002\/pra2.856","journal-title":"Proc. Assoc. Inf. Sci. Technol."},{"issue":"4","key":"22_CR17","doi-asserted-by":"publisher","first-page":"528","DOI":"10.1002\/asi.24599","volume":"73","author":"I Huvila","year":"2022","unstructured":"Huvila, I.: Making and taking information. J. Assoc. Inf. Sci. Technol. 73(4), 528\u2013541 (2022). https:\/\/doi.org\/10.1002\/asi.24599","journal-title":"J. Assoc. Inf. Sci. Technol."},{"issue":"1","key":"22_CR18","first-page":"27","volume":"39","author":"I Huvila","year":"2023","unstructured":"Huvila, I., Liu, Y.-H.: Information behavior research in dialogue with neighboring fields. Educ. Inf. 39(1), 27\u201332 (2023)","journal-title":"Educ. Inf."},{"key":"22_CR19","first-page":"596","volume":"30","author":"A Chassanoff","year":"2025","unstructured":"Chassanoff, A., Annie, T., Chen, A.T.: Conceptual approaches to information-as-potentiality. Inf. Res. 30, 596\u2013609 (2025)","journal-title":"Inf. Res."},{"issue":"2","key":"22_CR20","doi-asserted-by":"publisher","first-page":"398","DOI":"10.1108\/JD-10-2016-0119","volume":"74","author":"MG Ocepek","year":"2018","unstructured":"Ocepek, M.G.: Bringing out the everyday in everyday information behavior. J. Doc. 74(2), 398\u2013411 (2018)","journal-title":"J. Doc."},{"issue":"1","key":"22_CR21","doi-asserted-by":"publisher","first-page":"96","DOI":"10.1108\/JD-03-2019-0055","volume":"76","author":"NK Dalmer","year":"2020","unstructured":"Dalmer, N.K., Huvila, I.: Conceptualizing information work for health contexts in library and information science. J. Doc. 76(1), 96\u2013108 (2020)","journal-title":"J. Doc."},{"issue":"4","key":"22_CR22","doi-asserted-by":"publisher","first-page":"511","DOI":"10.1002\/asi.24589","volume":"73","author":"R Savolainen","year":"2022","unstructured":"Savolainen, R., Thomson, L.: Assessing the theoretical potential of an expanded model for everyday information practices. J. Assoc. Inf. Sci. Technol. 73(4), 511\u2013527 (2022)","journal-title":"J. Assoc. Inf. Sci. Technol."},{"issue":"4","key":"22_CR23","doi-asserted-by":"publisher","first-page":"655","DOI":"10.1177\/0961000620982359","volume":"53","author":"R Savolainen","year":"2021","unstructured":"Savolainen, R.: Information landscapes as contexts of information practices. J. Librariansh. Inf. Sci. 53(4), 655\u2013667 (2021)","journal-title":"J. Librariansh. Inf. Sci."},{"key":"22_CR24","doi-asserted-by":"publisher","first-page":"3","DOI":"10.1108\/S1876-056220140000010001","volume":"9","author":"C Bruce","year":"2014","unstructured":"Bruce, C., Davis, K., Hughes, H., Partridge, H., Stoodley, I.: Information experience: Approaches to theory and practice. Libr. Inf. Sci. 9, 3\u201315 (2014). https:\/\/doi.org\/10.1108\/S1876-056220140000010001","journal-title":"Libr. Inf. Sci."},{"issue":"3","key":"22_CR25","doi-asserted-by":"publisher","first-page":"500","DOI":"10.1108\/JD-09-2016-0114","volume":"73","author":"T Gorichanaz","year":"2017","unstructured":"Gorichanaz, T.: Information and experience, a dialogue. J. Doc. 73(3), 500\u2013508 (2017)","journal-title":"J. Doc."},{"key":"22_CR26","doi-asserted-by":"crossref","unstructured":"Gorichanaz, T.: Information creation and models of information behavior: Grounding synthesis and further research. J. Librariansh. Inf. Sci. 51(4) (2018) https:\/\/orcid.org\/0000-0003-0226-7799","DOI":"10.1177\/0961000618769968"},{"key":"22_CR27","first-page":"99","volume-title":"Information Literacy and Social Justice: Radical Professional Praxis (An Edited Collection)","author":"A Baer","year":"2013","unstructured":"Baer, A.: Critical information literacy in the college classroom: Exploring scholarly knowledge production through the digital humanities. In: Gregory, L., Higgins, S. (eds.) Information Literacy and Social Justice: Radical Professional Praxis (An Edited Collection), pp. 99\u2013120. Library Juice Press, Los Angeles (2013) https:\/\/hdl.handle.net\/2022\/17236"},{"key":"22_CR28","first-page":"338","volume-title":"Digital Transformation and Ethics","author":"H Werthner","year":"2020","unstructured":"Werthner, H.: The Vienna manifest on digital humanism. In: Hengstschl\u00e4ger, M. (ed.) Digital Transformation and Ethics, pp. 338\u2013353. Ecowin Verlag, Salzburg (2020)"},{"key":"22_CR29","doi-asserted-by":"publisher","DOI":"10.1007\/978-3-030-86144-5","volume-title":"Perspectives on Digital Humanism","author":"H Werthner","year":"2022","unstructured":"Werthner, H., Prem, E., Lee, A., Ghezzi, C.: Perspectives on Digital Humanism. Springer, Berlin (2022). https:\/\/doi.org\/10.1007\/978-3-030-86144-5"},{"key":"22_CR30","doi-asserted-by":"crossref","unstructured":"Coeckelbergh, M.: What is digital humanism? A conceptual analysis and an argument for a more critical and political digital (post)humanism. J. Responsible Technol. 17 (2024)","DOI":"10.1016\/j.jrt.2023.100073"},{"key":"22_CR31","doi-asserted-by":"crossref","unstructured":"Malheiro, A., et al.: Proposta de um c\u00f3digo deontol\u00f3gico dos gestores de informa\u00e7\u00e3o-contributos \u00e9ticosedeontol\u00f3gicos. In: Humanidades e ci\u00eancias sociais[livroeletr\u00f4nico]: perspectivaste\u00f3ricas, metodol\u00f3gicasede investiga\u00e7\u00e3o, vol. IV, pp. 349\u2013367. Organizador Luis Fernando Gonz\u00e1lez-Beltr\u00e1n. Artemis, Curitiba, PR (2024). http:\/\/hdl.handle.net\/10362\/183254","DOI":"10.37572\/EdArt_30042414719"},{"issue":"1","key":"22_CR32","first-page":"27","volume":"39","author":"I Huvila","year":"2023","unstructured":"Huvila, I., Liu, Y.-H.: Information behaviour research in dialogue with neighbouring fields. Educ. Inf. 39(1), 27\u201332 (2023)","journal-title":"Educ. Inf."}],"container-title":["Communications in Computer and Information Science","Information Literacy in an AI-Driven World"],"original-title":[],"language":"en","link":[{"URL":"https:\/\/link.springer.com\/content\/pdf\/10.1007\/978-3-032-17272-3_22","content-type":"unspecified","content-version":"vor","intended-application":"similarity-checking"}],"deposited":{"date-parts":[[2026,2,17]],"date-time":"2026-02-17T18:14:04Z","timestamp":1771352044000},"score":1,"resource":{"primary":{"URL":"https:\/\/link.springer.com\/10.1007\/978-3-032-17272-3_22"}},"subtitle":[],"short-title":[],"issued":{"date-parts":[[2026]]},"ISBN":["9783032172716","9783032172723"],"references-count":32,"URL":"https:\/\/doi.org\/10.1007\/978-3-032-17272-3_22","relation":{},"ISSN":["1865-0929","1865-0937"],"issn-type":[{"value":"1865-0929","type":"print"},{"value":"1865-0937","type":"electronic"}],"subject":[],"published":{"date-parts":[[2026]]},"assertion":[{"value":"18 February 2026","order":1,"name":"first_online","label":"First Online","group":{"name":"ChapterHistory","label":"Chapter History"}},{"value":"ECIL","order":1,"name":"conference_acronym","label":"Conference Acronym","group":{"name":"ConferenceInfo","label":"Conference Information"}},{"value":"European Conference on Information Literacy","order":2,"name":"conference_name","label":"Conference Name","group":{"name":"ConferenceInfo","label":"Conference Information"}},{"value":"Bamberg","order":3,"name":"conference_city","label":"Conference City","group":{"name":"ConferenceInfo","label":"Conference Information"}},{"value":"Germany","order":4,"name":"conference_country","label":"Conference Country","group":{"name":"ConferenceInfo","label":"Conference Information"}},{"value":"2025","order":5,"name":"conference_year","label":"Conference Year","group":{"name":"ConferenceInfo","label":"Conference Information"}},{"value":"22 September 2025","order":7,"name":"conference_start_date","label":"Conference Start Date","group":{"name":"ConferenceInfo","label":"Conference Information"}},{"value":"25 September 2025","order":8,"name":"conference_end_date","label":"Conference End Date","group":{"name":"ConferenceInfo","label":"Conference Information"}},{"value":"9","order":9,"name":"conference_number","label":"Conference Number","group":{"name":"ConferenceInfo","label":"Conference Information"}},{"value":"ecil2025","order":10,"name":"conference_id","label":"Conference ID","group":{"name":"ConferenceInfo","label":"Conference Information"}},{"value":"https:\/\/ecil2025.ilconf.org\/","order":11,"name":"conference_url","label":"Conference URL","group":{"name":"ConferenceInfo","label":"Conference Information"}}]}}