{"status":"ok","message-type":"work","message-version":"1.0.0","message":{"indexed":{"date-parts":[[2024,9,9]],"date-time":"2024-09-09T05:46:21Z","timestamp":1725860781085},"publisher-location":"Cham","reference-count":16,"publisher":"Springer International Publishing","isbn-type":[{"type":"print","value":"9783319412634"},{"type":"electronic","value":"9783319412641"}],"license":[{"start":{"date-parts":[[2016,1,1]],"date-time":"2016-01-01T00:00:00Z","timestamp":1451606400000},"content-version":"unspecified","delay-in-days":0,"URL":"http:\/\/www.springer.com\/tdm"}],"content-domain":{"domain":[],"crossmark-restriction":false},"short-container-title":[],"published-print":{"date-parts":[[2016]]},"DOI":"10.1007\/978-3-319-41264-1_42","type":"book-chapter","created":{"date-parts":[[2016,7,4]],"date-time":"2016-07-04T23:00:39Z","timestamp":1467673239000},"page":"310-313","source":"Crossref","is-referenced-by-count":1,"title":["Support Services for Informal Caregivers: Survey with Providers in Austria"],"prefix":"10.1007","author":[{"given":"Susanne","family":"Hensely-Schinkinger","sequence":"first","affiliation":[]}],"member":"297","published-online":{"date-parts":[[2016,7,6]]},"reference":[{"key":"42_CR1","volume-title":"Hochaltrigkeit in \u00d6sterreich: Eine Bestandsaufnahme","author":"J H\u00f6rl","year":"2008","unstructured":"H\u00f6rl, J., Kolland, F., Majce, G.: Hochaltrigkeit in \u00d6sterreich: Eine Bestandsaufnahme. Bundesministerium f\u00fcr Arbeit, Soziales und Konsumentenschutz, Vienna (2008)"},{"key":"42_CR2","volume-title":"Situation pflegender Angeh\u00f6riger","author":"E Pochobradsky","year":"2005","unstructured":"Pochobradsky, E., Bergmann, F., Brix-Samoylenko, H., Erfkamp, H., Laub, R.: Situation pflegender Angeh\u00f6riger. \u00d6BIG, Vienna (2005)"},{"key":"42_CR3","first-page":"17","volume":"19","author":"I Winkler","year":"2006","unstructured":"Winkler, I., Kilian, R., Matschinger, H., Angermeyer, M.C.: Lebensqualit\u00e4t \u00e4lterer pflegender Angeh\u00f6riger von Demenzkranken. Z. Gerontopsychol. Psychiatr. 19, 17\u201324 (2006)","journal-title":"Z. Gerontopsychol. Psychiatr."},{"key":"42_CR4","doi-asserted-by":"crossref","first-page":"277","DOI":"10.1024\/1012-5302.22.4.277","volume":"22","author":"I Bischofsberger","year":"2009","unstructured":"Bischofsberger, I., Lademann, J., Radvanszky, A.: \u201cwork & care\u201d \u2013 Erwerbst\u00e4tigkeit und Pflege vereinbaren: Literaturstudie zu Herausforderungen f\u00fcr pflegende Angeh\u00f6rige, Betriebe und professionelle Pflege. Pflege 22, 277\u2013286 (2009)","journal-title":"Pflege"},{"key":"42_CR5","doi-asserted-by":"crossref","first-page":"255","DOI":"10.1016\/S1084-628X(96)90046-5","volume":"1","author":"CA Emlet","year":"1996","unstructured":"Emlet, C.A.: Assessing the informal caregiver: team member or hidden patient? Home Care Provid. 1, 255\u2013262 (1996)","journal-title":"Home Care Provid."},{"key":"42_CR6","volume-title":"Wissenswertes f\u00fcr pflegende Angeh\u00f6rige","author":"K Schalek","year":"2013","unstructured":"Schalek, K., Boschert, S.: Wissenswertes f\u00fcr pflegende Angeh\u00f6rige. Caritas \u00d6sterreich, Vienna (2013)"},{"key":"42_CR7","doi-asserted-by":"crossref","first-page":"429","DOI":"10.1007\/s00391-006-0416-0","volume":"39","author":"G Lamura","year":"2006","unstructured":"Lamura, G., Mnich, E., Wojszel, B., Nolan, M., Krevers, B., Mestheneos, L., D\u00f6hner, H.: Erfahrungen von pflegenden Angeh\u00f6rigen \u00e4lterer Menschen in Europa bei der Inanspruchnahme von Unterst\u00fctzungsleistungen. Z. Gerontol. Geriatr. 39, 429\u2013442 (2006)","journal-title":"Z. Gerontol. Geriatr."},{"key":"42_CR8","volume-title":"Wiener Studie zur informellen Pflege und Betreuung \u00e4lterer Menschen 2008 (Vienna Informal Carer Study - VIC2008)","author":"U Schneider","year":"2009","unstructured":"Schneider, U., Trukeschitz, B., M\u00fchlmann, R., Jung, R., Ponocny, I., Katzlinger, M., \u00d6sterle, A.: Wiener Studie zur informellen Pflege und Betreuung \u00e4lterer Menschen 2008 (Vienna Informal Carer Study - VIC2008). Forschungsinstitut f\u00fcr Alters\u00f6konomie der WU Wien, Vienna (2009)"},{"key":"42_CR9","volume-title":"\u201cWo der Schuh dr\u00fcckt\u201d - Stellungnahmen und Verbesserungsvorschl\u00e4ge pflegender Angeh\u00f6riger zu Betreuungs- und Pflegedienstleistungen in Wien","author":"B Trukeschitz","year":"2011","unstructured":"Trukeschitz, B., Michalitsch, V.: \u201cWo der Schuh dr\u00fcckt\u201d - Stellungnahmen und Verbesserungsvorschl\u00e4ge pflegender Angeh\u00f6riger zu Betreuungs- und Pflegedienstleistungen in Wien. Forschungsinstitut f\u00fcr Alters\u00f6konomie der WU Wien, Vienna (2011)"},{"key":"42_CR10","first-page":"852","volume":"217","author":"S Hensely-Schinkinger","year":"2015","unstructured":"Hensely-Schinkinger, S.: Support services for informal caregivers: first results of expert interviews with providers in the City of Vienna. Stud. Health Technol. Inform. 217, 852\u2013856 (2015)","journal-title":"Stud. Health Technol. Inform."},{"key":"42_CR11","volume-title":"Potenzial und Verbreitung von IKT zur Unterst\u00fctzung pflegender Angeh\u00f6riger","author":"F Barbabella","year":"2013","unstructured":"Barbabella, F., Lamura, G., Schmidt, A.E.: Potenzial und Verbreitung von IKT zur Unterst\u00fctzung pflegender Angeh\u00f6riger. Soziale Sicherheit CHSS, Switzerland (2013)"},{"key":"42_CR12","first-page":"e133","volume":"12","author":"M Lopez-Hartmann","year":"2012","unstructured":"Lopez-Hartmann, M., Wens, J., Verhoeven, V., Remmen, R.: The effect of caregiver support interventions for informal caregivers of community-dwelling frail elderly: a systematic review. Int. J. Integr. Care 12, e133 (2012)","journal-title":"Int. J. Integr. Care"},{"key":"42_CR13","first-page":"392","volume":"11","author":"J Stewart","year":"2012","unstructured":"Stewart, J.: ICT\u2019s for informal care givers. Gerontechnology 11, 392 (2012)","journal-title":"Gerontechnology"},{"key":"42_CR14","doi-asserted-by":"crossref","first-page":"694","DOI":"10.1080\/01634372.2014.901998","volume":"57","author":"ME Pag\u00e1n-Ortiz","year":"2014","unstructured":"Pag\u00e1n-Ortiz, M.E., Cort\u00e9s, D.E., Rudloff, N., Weitzmann, P., Levkoff, S.: Use of an online community to provide support to caregivers of people with dementia. J. Gerontol. Soc. Work 57, 694\u2013709 (2014)","journal-title":"J. Gerontol. Soc. Work"},{"key":"42_CR15","doi-asserted-by":"crossref","first-page":"491","DOI":"10.1017\/S0144686X11000390","volume":"32","author":"B Suanet","year":"2012","unstructured":"Suanet, B., van Groenou, M.B., van Tilburg, T.: Informal and formal home-care use among older adults in Europe: can cross-national differences be explained by societal context and composition? Ageing Soc. 32, 491\u2013515 (2012)","journal-title":"Ageing Soc."},{"key":"42_CR16","unstructured":"Statistik Austria. http:\/\/www.statistik.at"}],"container-title":["Lecture Notes in Computer Science","Computers Helping People with Special Needs"],"original-title":[],"link":[{"URL":"http:\/\/link.springer.com\/content\/pdf\/10.1007\/978-3-319-41264-1_42","content-type":"unspecified","content-version":"vor","intended-application":"similarity-checking"}],"deposited":{"date-parts":[[2017,6,24]],"date-time":"2017-06-24T13:49:00Z","timestamp":1498312140000},"score":1,"resource":{"primary":{"URL":"http:\/\/link.springer.com\/10.1007\/978-3-319-41264-1_42"}},"subtitle":[],"short-title":[],"issued":{"date-parts":[[2016]]},"ISBN":["9783319412634","9783319412641"],"references-count":16,"URL":"https:\/\/doi.org\/10.1007\/978-3-319-41264-1_42","relation":{},"ISSN":["0302-9743","1611-3349"],"issn-type":[{"type":"print","value":"0302-9743"},{"type":"electronic","value":"1611-3349"}],"subject":[],"published":{"date-parts":[[2016]]}}}