{"status":"ok","message-type":"work","message-version":"1.0.0","message":{"indexed":{"date-parts":[[2025,2,21]],"date-time":"2025-02-21T00:58:03Z","timestamp":1740099483698,"version":"3.37.3"},"publisher-location":"Cham","reference-count":19,"publisher":"Springer International Publishing","isbn-type":[{"type":"print","value":"9783030317867"},{"type":"electronic","value":"9783030317874"}],"license":[{"start":{"date-parts":[[2019,9,17]],"date-time":"2019-09-17T00:00:00Z","timestamp":1568678400000},"content-version":"tdm","delay-in-days":0,"URL":"http:\/\/www.springer.com\/tdm"}],"content-domain":{"domain":["link.springer.com"],"crossmark-restriction":false},"short-container-title":[],"published-print":{"date-parts":[[2020]]},"DOI":"10.1007\/978-3-030-31787-4_10","type":"book-chapter","created":{"date-parts":[[2019,9,16]],"date-time":"2019-09-16T17:02:49Z","timestamp":1568653369000},"page":"124-135","update-policy":"https:\/\/doi.org\/10.1007\/springer_crossmark_policy","source":"Crossref","is-referenced-by-count":1,"title":["Meaning of Cervical Cancer Screening to Women"],"prefix":"10.1007","author":[{"ORCID":"https:\/\/orcid.org\/0000-0003-2915-0005","authenticated-orcid":false,"given":"Susana","family":"Almeida","sequence":"first","affiliation":[]},{"ORCID":"https:\/\/orcid.org\/0000-0002-9506-4626","authenticated-orcid":false,"given":"Em\u00edlia","family":"Coutinho","sequence":"additional","affiliation":[]},{"ORCID":"https:\/\/orcid.org\/0000-0002-7962-8057","authenticated-orcid":false,"given":"Vit\u00f3ria","family":"Parreira","sequence":"additional","affiliation":[]},{"ORCID":"https:\/\/orcid.org\/0000-0003-0043-3597","authenticated-orcid":false,"given":"Paula","family":"Nelas","sequence":"additional","affiliation":[]},{"ORCID":"https:\/\/orcid.org\/0000-0002-8103-7221","authenticated-orcid":false,"given":"Cl\u00e1udia","family":"Chaves","sequence":"additional","affiliation":[]},{"ORCID":"https:\/\/orcid.org\/0000-0001-7082-8012","authenticated-orcid":false,"given":"Jo\u00e3o","family":"Duarte","sequence":"additional","affiliation":[]}],"member":"297","published-online":{"date-parts":[[2019,9,17]]},"reference":[{"key":"10_CR1","unstructured":"Miranda, N., Gon\u00e7alves, M.B., Santos, C.A.e.G.: Programa Nacional para as Doen\u00e7as Oncol\u00f3gicas 2017. Dire\u00e7\u00e3o-Geral da Sa\u00fade, Lisboa (2017)"},{"key":"10_CR2","unstructured":"Sociedade Portuguesa de Ginecologia: Consenso sobre infec\u00e7\u00e3o por HPV e neoplasia intraepitelial do colo vulva e vagina (2014)"},{"key":"10_CR3","unstructured":"Dire\u00e7\u00e3o-Geral da Sa\u00fade: Norma n\u00ba 018\/2012 de 21\/12\/2012 (2012)"},{"key":"10_CR4","doi-asserted-by":"publisher","first-page":"e0170371","DOI":"10.1371\/journal.pone.0170371","volume":"12","author":"A Acera","year":"2017","unstructured":"Acera, A., Manresa, J.M., Rodriguez, D., Rodriguez, A., Bonet, J.M., Trapero-Bertran, M., Hidalgo, P., Sanchez, N., de Sanjose, S.: Increasing cervical cancer screening coverage: a randomised, community-based clinical trial. PLoS ONE 12, e0170371 (2017)","journal-title":"PLoS ONE"},{"key":"10_CR5","doi-asserted-by":"publisher","first-page":"194","DOI":"10.1186\/s12889-017-4115-0","volume":"17","author":"M Trapero-Bertran","year":"2017","unstructured":"Trapero-Bertran, M., Acera Perez, A., de Sanjose, S., Manresa Dominguez, J.M., Rodriguez Capriles, D., Rodriguez Martinez, A., Bonet Simo, J.M., Sanchez Sanchez, N., Hidalgo Valls, P., Diaz Sanchis, M.: Cost-effectiveness of strategies to increase screening coverage for cervical cancer in Spain: the CRIVERVA study. BMC Public Health 17, 194 (2017)","journal-title":"BMC Public Health"},{"key":"10_CR6","unstructured":"Amann, G.P.v., Monteiro, H., Lea, P.: Programa Nacional de Sa\u00fade Escolar 2015. In: Sa\u00fade, D.-G.d. (ed.) pp. 105 p. Dire\u00e7\u00e3o-Geral da Sa\u00fade, Lisboa (2015)"},{"key":"10_CR7","unstructured":"Bardin, L.: An\u00e1lise de Conte\u00fado (2016)"},{"key":"10_CR8","doi-asserted-by":"crossref","unstructured":"Santos, U.M., Souza, S.E.B.d.: Papanicolau: Diagn\u00f3stico Precoce ou Preven\u00e7\u00e3o do C\u00e2ncer Cervical Uterino? Revista Baiana de Sa\u00fade P\u00fablica 37, 941 (2014)","DOI":"10.22278\/2318-2660.2013.v37.n4.a420"},{"key":"10_CR9","unstructured":"Instituto do HPV: Guia do HPV (2013)"},{"key":"10_CR10","doi-asserted-by":"crossref","unstructured":"Rafael, R.d.M.R., Moura, A.T.M.S.d.: Modelo de Cren\u00e7as em Sa\u00fade e o rastreio do c\u00e2ncer do colo uterino: avaliando vulnerabilidades [Health Belief Model and cervical cancer screening: assessing vulnerabilities]. Revista Enfermagem UERJ 25, e26436 (2017)","DOI":"10.12957\/reuerj.2017.26436"},{"key":"10_CR11","unstructured":"Macip, S.: Cancro: Conhecer, Confortar, Vencer (2013)"},{"issue":"2","key":"10_CR12","doi-asserted-by":"publisher","first-page":"378","DOI":"10.1590\/S1414-81452009000200020","volume":"13","author":"Maria de Lourdes da Silva Marques Ferreira","year":"2009","unstructured":"Ferreira, M.d.L.d.S.M.: Motivos que influenciam a n\u00e3o-realiza\u00e7\u00e3o do exame do Papanicolau segundo a percep\u00e7\u00e3o de mulheres. Esc Anna Nery Rev Enferm 13, 378\u2013384 (2009)","journal-title":"Escola Anna Nery"},{"key":"10_CR13","unstructured":"Santos, A.C.S., Varela, C.D.d.S.: Preven\u00e7\u00e3o do C\u00e2ncer de Colo Uterino: motivos que influenciam a n\u00e3o realiza\u00e7\u00e3o do exame de papanicolaou. Revista Enfermagem Contempor\u00e2nea 4(2), 179\u2013188 (2015)"},{"issue":"2","key":"10_CR14","doi-asserted-by":"publisher","first-page":"15","DOI":"10.17696\/2318-3691.25.2.2018.933","volume":"25","author":"Kamila Nethielly Souza Leite","year":"2018","unstructured":"Leite, K.N.S., da Silva, J.P., de Sousa, K.M., Rodrigues, S.d.C., de Souza, T.A., Alves, J.P., de Souza, A.R.D., Rodrigues, A.R.d.S.: Exame Papanicolau: fatores que influenciam a n\u00e3o realiza\u00e7\u00e3o do exame em mulheres de 40 a 65 anos. Arquivos de Ci\u00eancias da Sa\u00fade 25, 15\u201319 (2018)","journal-title":"Arquivos de Ci\u00eancias da Sa\u00fade"},{"key":"10_CR15","doi-asserted-by":"crossref","unstructured":"Peretto, M., Redivo, D.L.B., Reckziegel, B.H.M.: O n\u00e3o comparecimento ao exame preventivo do c\u00e2ncer de colo uterino: raz\u00f5es declaradas e sentimentos envolvidos. Cogitare Enfermagem 17 (2012)","DOI":"10.5380\/ce.v17i1.26371"},{"key":"10_CR16","unstructured":"Barbosa, L.R.: Intervenven\u00e7\u00f5es de Enfermagem Utilizadas Enfermagem Utilizadas no Rastreamento Precoce do C\u00e2ncer Cervico Uterino: Revis\u00e3o Integrativa Rev. de Aten\u00e7\u00e3o \u00e0 Sa\u00fade 13(44), 94\u201399 (2015). 13 n44.2530"},{"key":"10_CR17","unstructured":"Junior, J.C.O., Oliveira, L.D.d., S\u00e1, R.M.d.: Fatores de ades\u00e3o e n\u00e3o ades\u00e3o das mulheres ao exame colpacitol\u00f3gico. Revista Eletr\u00f4nica Gest\u00e3o & Sa\u00fade 6,184\u2013200 (2015)"},{"key":"10_CR18","unstructured":"Moutinho, J.M.: Manual de Procedimentos do Rastreio do Cancro do colo do \u00datero - Unidades de Patologia Cervical. Portugal, Administra\u00e7\u00e3o Regional de Sa\u00fade do Norte, IP, Departamento de Estudos e Planeamento, Coordena\u00e7\u00e3o Regional dos Rastreios Oncol\u00f3gicos Porto: ARSN (2009)"},{"key":"10_CR19","unstructured":"Minist\u00e9rio da Sa\u00fade: Retrato da S\u00e1ude 2018. In: SNS (ed.) Minist\u00e9rio da Sa\u00fade, Lisboa (2018)"}],"container-title":["Advances in Intelligent Systems and Computing","Computer Supported Qualitative Research"],"original-title":[],"language":"en","link":[{"URL":"http:\/\/link.springer.com\/content\/pdf\/10.1007\/978-3-030-31787-4_10","content-type":"unspecified","content-version":"vor","intended-application":"similarity-checking"}],"deposited":{"date-parts":[[2021,1,21]],"date-time":"2021-01-21T00:40:09Z","timestamp":1611189609000},"score":1,"resource":{"primary":{"URL":"http:\/\/link.springer.com\/10.1007\/978-3-030-31787-4_10"}},"subtitle":[],"short-title":[],"issued":{"date-parts":[[2019,9,17]]},"ISBN":["9783030317867","9783030317874"],"references-count":19,"URL":"https:\/\/doi.org\/10.1007\/978-3-030-31787-4_10","relation":{},"ISSN":["2194-5357","2194-5365"],"issn-type":[{"type":"print","value":"2194-5357"},{"type":"electronic","value":"2194-5365"}],"subject":[],"published":{"date-parts":[[2019,9,17]]},"assertion":[{"value":"17 September 2019","order":1,"name":"first_online","label":"First Online","group":{"name":"ChapterHistory","label":"Chapter History"}},{"value":"WCQR","order":1,"name":"conference_acronym","label":"Conference Acronym","group":{"name":"ConferenceInfo","label":"Conference Information"}},{"value":"World Conference on Qualitative Research","order":2,"name":"conference_name","label":"Conference Name","group":{"name":"ConferenceInfo","label":"Conference Information"}},{"value":"Porto","order":3,"name":"conference_city","label":"Conference City","group":{"name":"ConferenceInfo","label":"Conference Information"}},{"value":"Portugal","order":4,"name":"conference_country","label":"Conference Country","group":{"name":"ConferenceInfo","label":"Conference Information"}},{"value":"2019","order":5,"name":"conference_year","label":"Conference Year","group":{"name":"ConferenceInfo","label":"Conference Information"}},{"value":"16 October 2019","order":7,"name":"conference_start_date","label":"Conference Start Date","group":{"name":"ConferenceInfo","label":"Conference Information"}},{"value":"18 October 2019","order":8,"name":"conference_end_date","label":"Conference End Date","group":{"name":"ConferenceInfo","label":"Conference Information"}},{"value":"4","order":9,"name":"conference_number","label":"Conference Number","group":{"name":"ConferenceInfo","label":"Conference Information"}},{"value":"wcqr2019","order":10,"name":"conference_id","label":"Conference ID","group":{"name":"ConferenceInfo","label":"Conference Information"}},{"value":"https:\/\/wcqr.info\/world-conference-on-qualitative-research\/","order":11,"name":"conference_url","label":"Conference URL","group":{"name":"ConferenceInfo","label":"Conference Information"}}]}}