{"status":"ok","message-type":"work","message-version":"1.0.0","message":{"indexed":{"date-parts":[[2025,12,1]],"date-time":"2025-12-01T15:39:57Z","timestamp":1764603597843},"publisher-location":"Cham","reference-count":33,"publisher":"Springer International Publishing","isbn-type":[{"type":"print","value":"9783030320393"},{"type":"electronic","value":"9783030320409"}],"license":[{"start":{"date-parts":[[2019,1,1]],"date-time":"2019-01-01T00:00:00Z","timestamp":1546300800000},"content-version":"tdm","delay-in-days":0,"URL":"http:\/\/www.springer.com\/tdm"}],"content-domain":{"domain":["link.springer.com"],"crossmark-restriction":false},"short-container-title":[],"published-print":{"date-parts":[[2019]]},"DOI":"10.1007\/978-3-030-32040-9_35","type":"book-chapter","created":{"date-parts":[[2019,9,27]],"date-time":"2019-09-27T10:03:18Z","timestamp":1569578598000},"page":"330-340","update-policy":"http:\/\/dx.doi.org\/10.1007\/springer_crossmark_policy","source":"Crossref","is-referenced-by-count":1,"title":["The Application of Infrared Thermography as a Quantitative Sensory Measure of the DC\/TMD"],"prefix":"10.1007","author":[{"given":"Miguel Pais","family":"Clemente","sequence":"first","affiliation":[]},{"given":"Carlos","family":"Faria","sequence":"additional","affiliation":[]},{"given":"Francisco Azevedo","family":"Coutinho","sequence":"additional","affiliation":[]},{"given":"Joaquim","family":"Mendes","sequence":"additional","affiliation":[]},{"given":"Jo\u00e3o Correia","family":"Pinto","sequence":"additional","affiliation":[]},{"given":"Jos\u00e9 Manuel","family":"Amarante","sequence":"additional","affiliation":[]}],"member":"297","published-online":{"date-parts":[[2019,9,28]]},"reference":[{"issue":"4","key":"35_CR1","doi-asserted-by":"publisher","first-page":"19","DOI":"10.1109\/51.687959","volume":"17","author":"EF Ring","year":"1998","unstructured":"Ring, E.F.: Progress in the measurement of human body temperature. IEEE Eng. Med. Biol. Mag.: Q. Mag. Eng. Med. Biol. Soc. 17(4), 19\u201324 (1998)","journal-title":"IEEE Eng. Med. Biol. Mag.: Q. Mag. Eng. Med. Biol. Soc."},{"key":"35_CR2","first-page":"141","volume":"14","author":"MS Friedman","year":"1994","unstructured":"Friedman, M.S.: The use of thermography in sympathetically maintained pain. Iowa Orthop. J. 14, 141\u2013147 (1994)","journal-title":"Iowa Orthop. J."},{"issue":"6","key":"35_CR3","doi-asserted-by":"publisher","first-page":"257","DOI":"10.1080\/03091900512331333158","volume":"29","author":"LJ Jiang","year":"2005","unstructured":"Jiang, L.J., Ng, E.Y., Yeo, A.C., Wu, S., Pan, F., Yau, W.Y., et al.: A perspective on medical infrared imaging. J. Med. Eng. Technol. 29(6), 257\u2013267 (2005)","journal-title":"J. Med. Eng. Technol."},{"key":"35_CR4","unstructured":"Merla, A., Ciuffolo, F., D\u2019Attilio, M., Tecco, S., Festa, F., De Michele, G., et al.: Functional infrared imaging in the diagnosis of the myofascial pain. In: Conference Proceedings : Annual International Conference of the IEEE Engineering in Medicine and Biology Society IEEE Engineering in Medicine and Biology Society Annual Conference, vol. 2, pp. 1188\u20131191 (2004)"},{"issue":"4","key":"35_CR5","first-page":"301","volume":"6","author":"SF Dworkin","year":"1992","unstructured":"Dworkin, S.F., LeResche, L.: Research diagnostic criteria for temporomandibular disorders: review, criteria, examinations and specifications, critique. J. Craniomandib. Disord.: Facial Oral Pain 6(4), 301\u2013355 (1992)","journal-title":"J. Craniomandib. Disord.: Facial Oral Pain"},{"issue":"6","key":"35_CR6","doi-asserted-by":"publisher","first-page":"778","DOI":"10.1016\/S1079-2104(05)80316-6","volume":"79","author":"D Canavan","year":"1995","unstructured":"Canavan, D., Gratt, B.M.: Electronic thermography for the assessment of mild and moderate temporomandibular joint dysfunction. Oral Surg. Oral Med. Oral Pathol. Oral Radiol. Endod. 79(6), 778\u2013786 (1995)","journal-title":"Oral Surg. Oral Med. Oral Pathol. Oral Radiol. Endod."},{"issue":"10","key":"35_CR7","doi-asserted-by":"publisher","first-page":"734","DOI":"10.1111\/j.1365-2842.2010.02090.x","volume":"37","author":"SF Dworkin","year":"2010","unstructured":"Dworkin, S.F.: Research diagnostic criteria for temporomandibular disorders: current status & future relevance. J. Oral Rehabil. 37(10), 734\u2013743 (2010)","journal-title":"J. Oral Rehabil."},{"key":"35_CR8","doi-asserted-by":"crossref","unstructured":"National institutes of health technology assessment conference statement: Management of temporomandibular disorders, 29 April\u20131 May 1996. Oral Surgery, Oral Medicine, Oral Pathology, Oral Radiology, and Endodontology. 83(1), 177\u2013183 (1997)","DOI":"10.1016\/S1079-2104(97)90111-6"},{"issue":"1","key":"35_CR9","doi-asserted-by":"publisher","first-page":"22","DOI":"10.1046\/j.1365-2842.2000.00484.x","volume":"27","author":"A Gavish","year":"2000","unstructured":"Gavish, A., Halachmi, M., Winocur, E., Gazit, E.: Oral habits and their association with signs and symptoms of temporomandibular disorders in adolescent girls. J. Oral Rehabil. 27(1), 22\u201332 (2000)","journal-title":"J. Oral Rehabil."},{"key":"35_CR10","volume-title":"Management of Temporomandibular Disorders and Occlusion","author":"JP Okeson","year":"2008","unstructured":"Okeson, J.P.: Management of Temporomandibular Disorders and Occlusion, vol. 69. Elsevier, St Louis (2008)"},{"issue":"1","key":"35_CR11","doi-asserted-by":"publisher","first-page":"6","DOI":"10.11607\/jop.1151","volume":"28","author":"E Schiffman","year":"2014","unstructured":"Schiffman, E., Ohrbach, R., Truelove, E., Look, J., Anderson, G., Goulet, J.P., et al.: Diagnostic criteria for temporomandibular disorders (DC\/TMD) for clinical and research applications: recommendations of the international RDC\/TMD consortium network* and orofacial pain special interest Groupdagger. J. Oral Facial Pain Headache 28(1), 6\u201327 (2014)","journal-title":"J. Oral Facial Pain Headache"},{"key":"35_CR12","unstructured":"Ohrbach, R.: Diagnostic Criteria for Temporomandibular Disorders: Assessment Instruments. Version 15 May 2016. Faria, C., Coutinho, F.A., Resende, T., Ferreira, H., Gon\u00e7alves, M., Gomes, R., Gomes, D., Pinto, J.C.: Crit\u00e9rios de Diagn\u00f3stico para Disfun\u00e7\u00e3o Temporomandibular: Portuguese Version September 2017"},{"issue":"6","key":"35_CR13","doi-asserted-by":"publisher","first-page":"438","DOI":"10.1016\/j.adaj.2016.01.007","volume":"147","author":"E Schiffman","year":"2016","unstructured":"Schiffman, E., Ohrbach, R.: Executive summary of the diagnostic criteria for temporomandibular disorders for clinical and research applications. J. Am. Dent. Assoc. (1939) 147(6), 438\u2013445 (2016)","journal-title":"J. Am. Dent. Assoc. (1939)"},{"key":"35_CR14","unstructured":"Per Alstergren, G.: Guidelines for DC\/TMD Training and Calibration. International RDC-TMD Consortium (2016)"},{"issue":"3","key":"35_CR15","doi-asserted-by":"publisher","first-page":"205","DOI":"10.21091\/mppa.2018.3029","volume":"33","author":"MP Clemente","year":"2018","unstructured":"Clemente, M.P., Mendes, J.G., Vardasca, R., Ferreira, A.P., Amarante, J.M.: Combined Acquisition Method of Image and Signal Technique (CAMIST) for assessment of temporomandibular disorders in performing arts medicine. Med. Prob. Perform. Artist. 33(3), 205\u2013212 (2018)","journal-title":"Med. Prob. Perform. Artist."},{"key":"35_CR16","doi-asserted-by":"publisher","first-page":"1485","DOI":"10.12659\/MSM.893863","volume":"21","author":"K Wozniak","year":"2015","unstructured":"Wozniak, K., Szyszka-Sommerfeld, L., Trybek, G., Piatkowska, D.: Assessment of the sensitivity, specificity, and accuracy of thermography in identifying patients with TMD. Med. Sci. Monit.: Int. Med. J. Exp. Clin. Res. 21, 1485\u20131493 (2015)","journal-title":"Med. Sci. Monit.: Int. Med. J. Exp. Clin. Res."},{"issue":"2","key":"35_CR17","doi-asserted-by":"publisher","first-page":"185","DOI":"10.1016\/j.oooo.2018.09.006","volume":"127","author":"DP de Melo","year":"2019","unstructured":"de Melo, D.P., Bento, P.M., Peixoto, L.R., Martins, S., Martins, C.C.: Is infrared thermography effective in the diagnosis of temporomandibular disorders? A Syst. Rev. Oral Surg. Oral Med. Oral Pathol. Oral Radiol. 127(2), 185\u2013192 (2019)","journal-title":"A Syst. Rev. Oral Surg. Oral Med. Oral Pathol. Oral Radiol."},{"key":"35_CR18","doi-asserted-by":"crossref","unstructured":"Laskin, D., Greene, C., Hylander, W.: Temporomandibular Disorders: An Evidence-Based Approach to Diagnosis and Treatment. pp. 1492\u20131493 (2006)","DOI":"10.1002\/j.0022-0337.2007.71.11.tb04420.x"},{"issue":"8","key":"35_CR19","doi-asserted-by":"publisher","first-page":"696","DOI":"10.1016\/j.ijom.2005.12.005","volume":"35","author":"AM Whyte","year":"2006","unstructured":"Whyte, A.M., McNamara, D., Rosenberg, I., Whyte, A.W.: Magnetic resonance imaging in the evaluation of temporomandibular joint disc displacement\u2013a review of 144 cases. Int. J. Oral Maxillofac. Surg. 35(8), 696\u2013703 (2006)","journal-title":"Int. J. Oral Maxillofac. Surg."},{"issue":"4","key":"35_CR20","doi-asserted-by":"publisher","first-page":"714","DOI":"10.1016\/j.ejrad.2016.02.001","volume":"85","author":"TJ Vogl","year":"2016","unstructured":"Vogl, T.J., Lauer, H.C., Lehnert, T., Naguib, N.N., Ottl, P., Filmann, N., et al.: The value of MRI in patients with temporomandibular joint dysfunction: correlation of MRI and clinical findings. Eur. J. Radiol. 85(4), 714\u2013719 (2016)","journal-title":"Eur. J. Radiol."},{"key":"35_CR21","doi-asserted-by":"crossref","unstructured":"Sawada, E., Kaneda, T., Sakai, O., Kawashima, Y., Ito, K., Hirahara, N., et al.: Increased apparent diffusion coefficient values of masticatory muscles on diffusion-weighted magnetic resonance imaging in patients with temporomandibular joint disorder and unilateral pain. J. Oral Maxillofac. Surg.: Official J. Am. Assoc. Oral Maxillofa. Surr. (2019)","DOI":"10.1016\/j.joms.2019.04.031"},{"issue":"10","key":"35_CR22","doi-asserted-by":"publisher","first-page":"747","DOI":"10.1111\/joor.12684","volume":"45","author":"FM Paiva Bertoli de","year":"2018","unstructured":"de Paiva Bertoli, F.M., Bruzamolin, C.D., de Almeida Kranz, G.O., Losso, E.M., Brancher, J.A., de Souza, J.F.: Anxiety and malocclusion are associated with temporomandibular disorders in adolescents diagnosed by RDC\/TMD. Cross-Sectional Study J. Oral Rehabil. 45(10), 747\u2013755 (2018)","journal-title":"Cross-Sectional Study J. Oral Rehabil."},{"key":"35_CR23","doi-asserted-by":"publisher","first-page":"T33","DOI":"10.1016\/j.jpain.2013.07.018","volume":"14","author":"R Ohrbach","year":"2013","unstructured":"Ohrbach, R., Bair, E., Fillingim, R., Gonzalez, Y., Gordon, S.M., Lim, P.-F., et al.: Clinical orofacial characteristics associated with risk of first-onset TMD: the OPPERA prospective cohort study. J. Pain. 14, T33\u2013T50 (2013)","journal-title":"J. Pain."},{"issue":"10","key":"35_CR24","doi-asserted-by":"publisher","first-page":"1016","DOI":"10.1016\/j.jpain.2012.07.011","volume":"13","author":"H Chen","year":"2012","unstructured":"Chen, H., Slade, G., Lim, P.F., Miller, V., Maixner, W., Diatchenko, L.: Relationship between temporomandibular disorders, widespread palpation tenderness, and multiple pain conditions: a case-control study. J. Pain 13(10), 1016\u20131027 (2012)","journal-title":"J. Pain"},{"issue":"7","key":"35_CR25","doi-asserted-by":"publisher","first-page":"572","DOI":"10.1016\/j.adaj.2019.03.023","volume":"150","author":"CB Meloto","year":"2019","unstructured":"Meloto, C.B., Slade, G.D., Lichtenwalter, R.N., Bair, E., Rathnayaka, N., Diatchenko, L., et al.: Clinical predictors of persistent temporomandibular disorder in people with first-onset temporomandibular disorder: a prospective case-control study. J. Am. Den. Assoc. (1939) 150(7), 572\u2013581 (2019). e10","journal-title":"J. Am. Den. Assoc. (1939)"},{"issue":"12","key":"35_CR26","doi-asserted-by":"publisher","first-page":"33","DOI":"10.1016\/j.jpain.2013.07.018","volume":"14","author":"R Ohrbach","year":"2013","unstructured":"Ohrbach, R., Bair, E., Fillingim, R.B., Gonzalez, Y., Gordon, S.M., Lim, P.F., Ribeiro-Dasilva, M., Diatchenko, L., Dubner, R., Greenspan, J.D., Knott, C., Maixner, W.: Clinical orofacial characteristics associated with risk of first on set TMD: the OPPERA prospective cohort study. J. Pain 14(12), 33\u201350 (2013)","journal-title":"J. Pain"},{"issue":"12","key":"35_CR27","doi-asserted-by":"publisher","first-page":"929","DOI":"10.1111\/joor.12448","volume":"43","author":"J Durham","year":"2016","unstructured":"Durham, J., Al-Baghdadi, M., Baad-Hansen, L., Breckons, M., Goulet, J.P., Lobbezoo, F., et al.: Self-management programmes in temporomandibular disorders: results from an international Delphi process. J. Oral Rehabil. 43(12), 929\u2013936 (2016)","journal-title":"J. Oral Rehabil."},{"issue":"5","key":"35_CR28","doi-asserted-by":"publisher","first-page":"475","DOI":"10.1111\/joor.12770","volume":"46","author":"A Shimada","year":"2019","unstructured":"Shimada, A., Ishigaki, S., Matsuka, Y., Komiyama, O., Torisu, T., Oono, Y., et al.: Effects of exercise therapy on painful temporomandibular disorders. J. Oral Rehabil. 46(5), 475\u2013481 (2019)","journal-title":"J. Oral Rehabil."},{"issue":"2","key":"35_CR29","doi-asserted-by":"publisher","first-page":"112","DOI":"10.1590\/1678-77572016-0173","volume":"25","author":"AP Ferreira","year":"2017","unstructured":"Ferreira, A.P., Costa, D.R., Oliveira, A.I., Carvalho, E.A., Conti, P.C., Costa, Y.M., et al.: Short-term transcutaneous electrical nerve stimulation reduces pain and improves the masticatory muscle activity in temporomandibular disorder patients: a randomized controlled trial. J. Appl. Oral Sci. Rev. FOB 25(2), 112\u2013120 (2017)","journal-title":"J. Appl. Oral Sci. Rev. FOB"},{"issue":"3","key":"35_CR30","doi-asserted-by":"publisher","first-page":"265","DOI":"10.1016\/j.coms.2018.04.003","volume":"30","author":"CS Greene","year":"2018","unstructured":"Greene, C.S., Menchel, H.F.: The use of oral appliances in the management of temporomandibular disorders. Oral Maxillofac. Surg. Clin. North Am. 30(3), 265\u2013277 (2018)","journal-title":"Oral Maxillofac. Surg. Clin. North Am."},{"key":"35_CR31","doi-asserted-by":"crossref","unstructured":"Lindfors, E., Magnusson, T., Ernberg, M.: Patients\u2019 experiences of therapeutic jaw exercises in the treatment of masticatory myofascial pain-a postal questionnaire study. J. Oral Rehabil. (2019)","DOI":"10.1111\/joor.12816"},{"issue":"3","key":"35_CR32","doi-asserted-by":"publisher","first-page":"41","DOI":"10.3390\/dj6030041","volume":"6","author":"MP Clemente","year":"2018","unstructured":"Clemente, M.P., Mendes, J., Moreira, A., Vardasca, R., Ferreira, A.P., Amarante, J.M.: Wind instrumentalists and temporomandibular disorder: from diagnosis to treatment. Dent. J. 6(3), 41 (2018)","journal-title":"Dent. J."},{"key":"35_CR33","doi-asserted-by":"publisher","first-page":"277","DOI":"10.1016\/j.ctim.2019.05.006","volume":"44","author":"T Altindis","year":"2019","unstructured":"Altindis, T., Gungormus, M.: Thermographic evaluation of occlusal splint and low level laser therapy in myofascial pain syndrome. Complement. Ther. Med. 44, 277\u2013281 (2019)","journal-title":"Complement. Ther. Med."}],"container-title":["Lecture Notes in Computational Vision and Biomechanics","VipIMAGE 2019"],"original-title":[],"language":"en","link":[{"URL":"http:\/\/link.springer.com\/content\/pdf\/10.1007\/978-3-030-32040-9_35","content-type":"unspecified","content-version":"vor","intended-application":"similarity-checking"}],"deposited":{"date-parts":[[2021,1,23]],"date-time":"2021-01-23T15:20:01Z","timestamp":1611415201000},"score":1,"resource":{"primary":{"URL":"http:\/\/link.springer.com\/10.1007\/978-3-030-32040-9_35"}},"subtitle":[],"short-title":[],"issued":{"date-parts":[[2019]]},"ISBN":["9783030320393","9783030320409"],"references-count":33,"URL":"https:\/\/doi.org\/10.1007\/978-3-030-32040-9_35","relation":{},"ISSN":["2212-9391","2212-9413"],"issn-type":[{"type":"print","value":"2212-9391"},{"type":"electronic","value":"2212-9413"}],"subject":[],"published":{"date-parts":[[2019]]},"assertion":[{"value":"28 September 2019","order":1,"name":"first_online","label":"First Online","group":{"name":"ChapterHistory","label":"Chapter History"}},{"value":"VipIMAGE","order":1,"name":"conference_acronym","label":"Conference Acronym","group":{"name":"ConferenceInfo","label":"Conference Information"}},{"value":"ECCOMAS Thematic Conference on Computational Vision and Medical Image Processing","order":2,"name":"conference_name","label":"Conference Name","group":{"name":"ConferenceInfo","label":"Conference Information"}},{"value":"Porto","order":3,"name":"conference_city","label":"Conference City","group":{"name":"ConferenceInfo","label":"Conference Information"}},{"value":"Portugal","order":4,"name":"conference_country","label":"Conference Country","group":{"name":"ConferenceInfo","label":"Conference Information"}},{"value":"2019","order":5,"name":"conference_year","label":"Conference Year","group":{"name":"ConferenceInfo","label":"Conference Information"}},{"value":"16 October 2019","order":7,"name":"conference_start_date","label":"Conference Start Date","group":{"name":"ConferenceInfo","label":"Conference Information"}},{"value":"18 October 2019","order":8,"name":"conference_end_date","label":"Conference End Date","group":{"name":"ConferenceInfo","label":"Conference Information"}},{"value":"viplmage2019","order":10,"name":"conference_id","label":"Conference ID","group":{"name":"ConferenceInfo","label":"Conference Information"}},{"value":"https:\/\/paginas.fe.up.pt\/~vipimage","order":11,"name":"conference_url","label":"Conference URL","group":{"name":"ConferenceInfo","label":"Conference Information"}}]}}