{"status":"ok","message-type":"work","message-version":"1.0.0","message":{"indexed":{"date-parts":[[2025,3,27]],"date-time":"2025-03-27T23:52:52Z","timestamp":1743119572911,"version":"3.40.3"},"publisher-location":"Cham","reference-count":19,"publisher":"Springer International Publishing","isbn-type":[{"type":"print","value":"9783030414856"},{"type":"electronic","value":"9783030414863"}],"license":[{"start":{"date-parts":[[2020,1,1]],"date-time":"2020-01-01T00:00:00Z","timestamp":1577836800000},"content-version":"tdm","delay-in-days":0,"URL":"http:\/\/www.springer.com\/tdm"}],"content-domain":{"domain":["link.springer.com"],"crossmark-restriction":false},"short-container-title":[],"published-print":{"date-parts":[[2020]]},"DOI":"10.1007\/978-3-030-41486-3_32","type":"book-chapter","created":{"date-parts":[[2020,2,20]],"date-time":"2020-02-20T21:03:49Z","timestamp":1582232629000},"page":"293-303","update-policy":"https:\/\/doi.org\/10.1007\/springer_crossmark_policy","source":"Crossref","is-referenced-by-count":0,"title":["Shift Work: Work Ability and Quality of Life of Professionals from PSSI"],"prefix":"10.1007","author":[{"ORCID":"https:\/\/orcid.org\/0000-0002-3933-2024","authenticated-orcid":false,"given":"Jo\u00e3o","family":"Rito","sequence":"first","affiliation":[]},{"ORCID":"https:\/\/orcid.org\/0000-0003-0519-9197","authenticated-orcid":false,"given":"Joaquim","family":"Pereira","sequence":"additional","affiliation":[]},{"ORCID":"https:\/\/orcid.org\/0000-0002-9829-1592","authenticated-orcid":false,"given":"Jo\u00e3o","family":"Figueiredo","sequence":"additional","affiliation":[]},{"ORCID":"https:\/\/orcid.org\/0000-0003-2950-5208","authenticated-orcid":false,"given":"Teresa","family":"Cotrim","sequence":"additional","affiliation":[]},{"ORCID":"https:\/\/orcid.org\/0000-0002-3412-8462","authenticated-orcid":false,"given":"H\u00e9lder","family":"Sim\u00f5es","sequence":"additional","affiliation":[]}],"member":"297","published-online":{"date-parts":[[2020,2,21]]},"reference":[{"key":"32_CR1","unstructured":"https:\/\/www.dn.pt\/edicao-do-dia\/27-ago-2018\/interior\/ha-cada-vez-mais-portugueses-com-horarios-flexiveis-9764363.html\n\n. Last accessed 25 Dec 2019"},{"issue":"2","key":"32_CR2","doi-asserted-by":"publisher","first-page":"237","DOI":"10.1590\/S0080-62342007000200009","volume":"41","author":"CB Andrade","year":"2007","unstructured":"Andrade, C.B., Monteiro, M.I.: Envelhecimento e capacidade para o trabalho dos trabalhadores de higiene e limpeza hospitalar. Rev da Esc Enferm. 41(2), 237\u2013244 (2007)","journal-title":"Rev da Esc Enferm."},{"key":"32_CR3","unstructured":"Vidotti, H.G.M., Coelho, V.H.M., Bertoncello, D., de Walsh, I.A.P.: Qualidade de vida e capacidade para o trabalho de bombeiros. 372, 231\u2013238 (2015)"},{"key":"32_CR4","doi-asserted-by":"crossref","unstructured":"da Silva, R.D., da Reis, M.S., Le\u00e3o, D.P., de Amorim, M.L.C.: Avalia\u00e7\u00e3o da Qualidade de Vida e Sobrecarga de Cuidadores de Pessoas com Defici\u00eancia Intelectual. Rev Bras Ci\u00eancias da Sa\u00fade. 14(3), 69\u201376 (2010)","DOI":"10.4034\/RBCS.2010.14.03.10"},{"key":"32_CR5","unstructured":"https:\/\/www.saudebemestar.pt\/pt\/blog-saude\/qualidade-de-vida\/\n\n. Last accessed 26 Dec 2019"},{"key":"32_CR6","unstructured":"Tuomi, K., Ilmarinen, J., Jahkola, A., Katajarinne, L., Tulkki, A.: \u00cdndice de capacidade para o trabalho. Tradu\u00e7\u00e3o de FM Fischer, Helsinki, Finl\u00e2ndia Inst Finland\u00eas Sa\u00fade Ocup. (1997)"},{"key":"32_CR7","unstructured":"Pereira, A.: Capacidade de Trabalho e Factores Psicossociais do Sector de Higiene P\u00fablica com e sem Acidentes de Trabalho, p. 76 (2013)"},{"issue":"SUPPL. 1","key":"32_CR8","first-page":"49","volume":"23","author":"J Ilmarinen","year":"1997","unstructured":"Ilmarinen, J., Tuomi, K., Klockars, M.: Changes in the work ability of active employees over an 11-year period. Scand. J. Work Environ. Heal. 23(SUPPL. 1), 49\u201357 (1997)","journal-title":"Scand. J. Work Environ. Heal."},{"key":"32_CR9","doi-asserted-by":"publisher","first-page":"546","DOI":"10.1136\/oem.58.8.546","volume":"58","author":"JE Ilmarinen","year":"2001","unstructured":"Ilmarinen, J.E.: Aging workers. Occup. Environ. Med. 58, 546 (2001)","journal-title":"Occup. Environ. Med."},{"key":"32_CR10","doi-asserted-by":"crossref","unstructured":"Moura, A.L., dos Reis, L.M., Vannuchi, M.T.O., Haddad, M.D.C.L., de Domansky, R.C.: Capacidade para o trabalho de funcion\u00e1rios da prefeitura de um campus universit\u00e1rio p\u00fablico. Rev Eletr\u00f4nica Enferm. 15(1), 130\u2013137 (2013)","DOI":"10.5216\/ree.v15i1.13574"},{"key":"32_CR11","unstructured":"Chobanian, A.V., Bakris, G.L., Black, H.R.: High Blood Pressure: The JNC 7 Report Prevention, Detection, Evaluation, and Treatment of The Seventh Report of the Joint National Committee on The JNC 7 Hypertension Guidelines. (1.9191911201010101e+25), pp. 1\u20134 (2003)"},{"key":"32_CR12","first-page":"1","volume":"6","author":"Armando Almeida","year":"2018","unstructured":"Almeida, A., Santos, M., Mendes, C., Machadinho, M.: Avalia\u00e7\u00e3o da Capacidade de Trabalho versus Envelhecimento dos funcion\u00e1rios, num munic\u00edpio portugu\u00eas de m\u00e9dia dimens\u00e3o. Rev Port Sa\u00fade Ocup. vol. 6, pp. 1\u201340. Dec 2018","journal-title":"Revista Portuguesa de Sa\u00fade Ocupacional"},{"key":"32_CR13","unstructured":"Silva, C., Pereira, A., Bem-haja, P.: \u00cdndice de Capacidade para o Trabalho\u202f: Portugal e Pa\u00edses Africanos de L\u00edngua Oficial Portuguesa Universidade de Aveiro Instituto Finland\u00eas de Sa\u00fade Ocupacional Universidade de Coimbra \u2013 Centro de Estudos e Investiga\u00e7\u00e3o de Sa\u00fade UC Sindicato de Enfermeiros. Jan 2011"},{"key":"32_CR14","doi-asserted-by":"crossref","unstructured":"Martinez, M.C., Latorre, M.R.D.O., Fischer, F.M.: Work ability: a literature review. Cien Saude Colet. 15(SUPPL. 1), 1553\u201361 (2010)","DOI":"10.1590\/S1413-81232010000700067"},{"key":"32_CR15","unstructured":"Correia, T., Sim\u00f5es, H., Telo, E., Cotrim, T., Figueiredo, J., Ferreira, A.: Envelhecimento no Trabalho\u202f: Capacidade para o trabalho dos Docentes da ESTeSC. Artig Cient\u00edfico, pp. 1\u201312 (2017)"},{"issue":"3","key":"32_CR16","doi-asserted-by":"publisher","first-page":"1061","DOI":"10.1590\/S1413-81232008000300029","volume":"13","author":"Maria Carmen Martinez","year":"2008","unstructured":"Martinez, M.C., Latorre M.D.R.D.D.O.: Sa\u00fade e capacidade para o trabalho de eletricit\u00e1rios do Estado de S\u00e3o Paulo. Cienc e Saude Coletiva. 13(3), 1061\u20131073 (2008)","journal-title":"Ci\u00eancia & Sa\u00fade Coletiva"},{"issue":"3","key":"32_CR17","doi-asserted-by":"publisher","first-page":"370","DOI":"10.1590\/S1414-81452006000300003","volume":"10","author":"RMB Gonz\u00e1les","year":"2006","unstructured":"Gonz\u00e1les, R.M.B., Beck, C.L.C., Donaduzzi, J.C., Stekel, L.M.C.: O estado de alerta: um explorat\u00f3rio com o corpo de bombeiros. Esc Anna Nery. 10(3), 370\u2013377 (2006)","journal-title":"Esc Anna Nery."},{"issue":"2","key":"32_CR18","doi-asserted-by":"publisher","first-page":"9","DOI":"10.1016\/j.atherosclerosissup.2004.03.006","volume":"5","author":"J Tuomilehto","year":"2004","unstructured":"Tuomilehto, J.: Impact of age on cardiovascular risk: implications for cardiovascular disease management. Atheroscler Suppl. 5(2), 9\u201317 (2004)","journal-title":"Atheroscler Suppl."},{"issue":"4","key":"32_CR19","doi-asserted-by":"publisher","first-page":"429","DOI":"10.1016\/j.apergo.2006.04.007","volume":"37","author":"JK Sluiter","year":"2006","unstructured":"Sluiter, J.K.: High-demand jobs: age-related diversity in work ability? Appl. Ergon. 37(4), 429\u2013440 (2006)","journal-title":"Appl. Ergon."}],"container-title":["Studies in Systems, Decision and Control","Occupational and Environmental Safety and Health II"],"original-title":[],"language":"en","link":[{"URL":"http:\/\/link.springer.com\/content\/pdf\/10.1007\/978-3-030-41486-3_32","content-type":"unspecified","content-version":"vor","intended-application":"similarity-checking"}],"deposited":{"date-parts":[[2020,5,25]],"date-time":"2020-05-25T08:11:02Z","timestamp":1590394262000},"score":1,"resource":{"primary":{"URL":"http:\/\/link.springer.com\/10.1007\/978-3-030-41486-3_32"}},"subtitle":[],"short-title":[],"issued":{"date-parts":[[2020]]},"ISBN":["9783030414856","9783030414863"],"references-count":19,"URL":"https:\/\/doi.org\/10.1007\/978-3-030-41486-3_32","relation":{},"ISSN":["2198-4182","2198-4190"],"issn-type":[{"type":"print","value":"2198-4182"},{"type":"electronic","value":"2198-4190"}],"subject":[],"published":{"date-parts":[[2020]]},"assertion":[{"value":"21 February 2020","order":1,"name":"first_online","label":"First Online","group":{"name":"ChapterHistory","label":"Chapter History"}}]}}