{"status":"ok","message-type":"work","message-version":"1.0.0","message":{"indexed":{"date-parts":[[2024,9,11]],"date-time":"2024-09-11T15:24:28Z","timestamp":1726068268524},"publisher-location":"Cham","reference-count":32,"publisher":"Springer International Publishing","isbn-type":[{"type":"print","value":"9783030415044"},{"type":"electronic","value":"9783030415051"}],"license":[{"start":{"date-parts":[[2020,1,1]],"date-time":"2020-01-01T00:00:00Z","timestamp":1577836800000},"content-version":"tdm","delay-in-days":0,"URL":"http:\/\/www.springer.com\/tdm"}],"content-domain":{"domain":["link.springer.com"],"crossmark-restriction":false},"short-container-title":[],"published-print":{"date-parts":[[2020]]},"DOI":"10.1007\/978-3-030-41505-1_1","type":"book-chapter","created":{"date-parts":[[2020,2,24]],"date-time":"2020-02-24T00:02:57Z","timestamp":1582502577000},"page":"3-12","update-policy":"http:\/\/dx.doi.org\/10.1007\/springer_crossmark_policy","source":"Crossref","is-referenced-by-count":2,"title":["Towards Automatic Determination of Critical Gestures for European Portuguese Sounds"],"prefix":"10.1007","author":[{"given":"Samuel","family":"Silva","sequence":"first","affiliation":[]},{"given":"Concei\u00e7\u00e3o","family":"Cunha","sequence":"additional","affiliation":[]},{"given":"Ant\u00f3nio","family":"Teixeira","sequence":"additional","affiliation":[]},{"given":"Arun","family":"Joseph","sequence":"additional","affiliation":[]},{"given":"Jens","family":"Frahm","sequence":"additional","affiliation":[]}],"member":"297","published-online":{"date-parts":[[2020,2,24]]},"reference":[{"key":"1_CR1","unstructured":"Ananthakrishnan, G., Engwall, O.: Important regions in the articulator trajectory. In: Proceedings of the ISSP, Strasbourg, France, pp. 305\u2013308 (2008)"},{"key":"1_CR2","doi-asserted-by":"crossref","unstructured":"Black, M.P., et al.: Automated evaluation of non-native English pronunciation quality: combining knowledge-and data-driven features at multiple time scales. In: Proceedings of the INTERSPEECH, pp. 493\u2013497 (2015)","DOI":"10.21437\/Interspeech.2015-182"},{"issue":"2\u20134","key":"1_CR3","doi-asserted-by":"publisher","first-page":"140","DOI":"10.1159\/000261823","volume":"45","author":"CP Browman","year":"1988","unstructured":"Browman, C.P., Goldstein, L.: Some notes on syllable structure in articulatory phonology. Phonetica 45(2\u20134), 140\u2013155 (1988)","journal-title":"Phonetica"},{"key":"1_CR4","unstructured":"Chao, Q.: Data-driven approaches to articulatory speech processing. Ph.D. thesis, University of California, Merced (2011)"},{"key":"1_CR5","unstructured":"Cunha, C.: Die Organisation von Konsonantenclustern und CVC-Sequenzen in zwei portugiesischen Variet\u00e4ten. Ph.D. thesis, LMU (2012)"},{"issue":"2\u20133","key":"1_CR6","doi-asserted-by":"publisher","first-page":"138","DOI":"10.1159\/000441360","volume":"72","author":"C Cunha","year":"2015","unstructured":"Cunha, C.: Portuguese lexical clusters and CVC sequences in speech perception and production. Phonetica 72(2\u20133), 138\u2013161 (2015)","journal-title":"Phonetica"},{"issue":"6","key":"1_CR7","doi-asserted-by":"publisher","first-page":"3694","DOI":"10.1121\/1.414967","volume":"99","author":"G Feng","year":"1996","unstructured":"Feng, G., Castelli, E.: Some acoustic features of nasal and nasalized vowels: a target for vowel nasalization. J. Acoust. Soc. Am. 99(6), 3694\u20133706 (1996)","journal-title":"J. Acoust. Soc. Am."},{"key":"1_CR8","doi-asserted-by":"publisher","first-page":"215","DOI":"10.1017\/CBO9780511541599.008","volume-title":"Action to Language via the Mirror Neuron System","author":"L Goldstein","year":"2006","unstructured":"Goldstein, L., Byrd, D., Saltzman, E.: The role of vocal tract gestural action units in understanding the evolution of phonology. In: Arbib, M.A. (ed.) Action to Language via the Mirror Neuron System, pp. 215\u2013249. Cambridge University Press, Cambridge (2006)"},{"issue":"9","key":"1_CR9","doi-asserted-by":"publisher","first-page":"818","DOI":"10.1111\/j.1749-818X.2010.00236.x","volume":"4","author":"N Hall","year":"2010","unstructured":"Hall, N.: Articulatory phonology. Lang. Linguist. Compass 4(9), 818\u2013830 (2010). https:\/\/doi.org\/10.1111\/j.1749-818X.2010.00236.x","journal-title":"Lang. Linguist. Compass"},{"issue":"5","key":"1_CR10","doi-asserted-by":"publisher","first-page":"3321","DOI":"10.1121\/1.2933798","volume":"123","author":"PJ Jackson","year":"2008","unstructured":"Jackson, P.J., Singampalli, V.D.: Statistical identification of critical, dependent and redundant articulators. J. Acoust. Soc. Am. 123(5), 3321 (2008). https:\/\/doi.org\/10.1121\/1.2933798","journal-title":"J. Acoust. Soc. Am."},{"issue":"8","key":"1_CR11","doi-asserted-by":"publisher","first-page":"695","DOI":"10.1016\/j.specom.2009.03.007","volume":"51","author":"PJ Jackson","year":"2009","unstructured":"Jackson, P.J., Singampalli, V.D.: Statistical identification of articulation constraints in the production of speech. Speech Commun. 51(8), 695\u2013710 (2009). https:\/\/doi.org\/10.1016\/j.specom.2009.03.007","journal-title":"Speech Commun."},{"key":"1_CR12","volume-title":"Applied Multivariate Statistical Analysis","author":"RA Johnson","year":"2007","unstructured":"Johnson, R.A., Wichern, D.W.: Applied Multivariate Statistical Analysis, 6th edn. Pearson Prentice Hall, Upper Saddle River (2007)","edition":"6"},{"issue":"3","key":"1_CR13","doi-asserted-by":"publisher","first-page":"1411","DOI":"10.1121\/1.4908284","volume":"137","author":"J Kim","year":"2015","unstructured":"Kim, J., Toutios, A., Lee, S., Narayanan, S.S.: A kinematic study of critical and non-critical articulators in emotional speech production. J. Acoust. Soc. Am. 137(3), 1411\u20131429 (2015). https:\/\/doi.org\/10.1121\/1.4908284","journal-title":"J. Acoust. Soc. Am."},{"key":"1_CR14","doi-asserted-by":"crossref","unstructured":"Lammert, A.C., Proctor, M.I., Narayanan, S.S., et al.: Data-driven analysis of realtime vocal tract MRI using correlated image regions. In: Proceedings of the INTERSPEECH, pp. 1572\u20131575 (2010)","DOI":"10.21437\/Interspeech.2010-457"},{"issue":"3","key":"1_CR15","doi-asserted-by":"publisher","first-page":"380","DOI":"10.1123\/mcj.14.3.380","volume":"14","author":"S Marin","year":"2010","unstructured":"Marin, S., Pouplier, M.: Temporal organization of complex onsets and codas in American English: testing the predictions of a gestural coupling model. Mot. Control 14(3), 380\u2013407 (2010)","journal-title":"Mot. Control"},{"key":"1_CR16","unstructured":"Martins, P., Oliveira, C., Silva, S., Teixeira, A.: Velar movement in European Portuguese nasal vowels. In: Proceedings of the IberSPEECH, pp. 231\u2013240 (2012)"},{"key":"1_CR17","unstructured":"Oliveira, C.: From grapheme to gesture. Linguistic contributions for an articulatory based text-to-speech system. Ph.D. thesis, University of Aveiro (2009)"},{"key":"1_CR18","unstructured":"Oliveira, C., Teixeira, A.: On gestures timing in European Portuguese nasals. In: Proceedings of the ICPhS, Saarbr\u00fccken, Germany (2007)"},{"issue":"2\u20133","key":"1_CR19","doi-asserted-by":"publisher","first-page":"157","DOI":"10.1016\/0024-3841(83)90031-1","volume":"61","author":"S Parkinson","year":"1983","unstructured":"Parkinson, S.: Portuguese nasal vowels as phonological diphthongs. Lingua 61(2\u20133), 157\u2013177 (1983)","journal-title":"Lingua"},{"key":"1_CR20","doi-asserted-by":"publisher","first-page":"108","DOI":"10.1016\/j.csl.2016.03.003","volume":"39","author":"A Prasad","year":"2016","unstructured":"Prasad, A., Ghosh, P.K.: Information theoretic optimal vocal tract region selection from real time magnetic resonance images for broad phonetic class recognition. Comput. Speech Lang. 39, 108\u2013128 (2016). https:\/\/doi.org\/10.1016\/j.csl.2016.03.003","journal-title":"Comput. Speech Lang."},{"key":"1_CR21","doi-asserted-by":"publisher","first-page":"330","DOI":"10.1016\/j.csl.2015.03.004","volume":"36","author":"V Ramanarayanan","year":"2016","unstructured":"Ramanarayanan, V., Segbroeck, M.V., Narayanan, S.S.: Directly data-derived articulatory gesture-like representations retain discriminatory information about phone categories. Comput. Speech Lang. 36, 330\u2013346 (2016). https:\/\/doi.org\/10.1016\/j.csl.2015.03.004","journal-title":"Comput. Speech Lang."},{"issue":"1","key":"1_CR22","doi-asserted-by":"publisher","first-page":"15","DOI":"10.1016\/j.sigpro.2010.06.002","volume":"91","author":"M Rao","year":"2011","unstructured":"Rao, M., Seth, S., Xu, J., Chen, Y., Tagare, H., Pr\u00edncipe, J.C.: A test of independence based on a generalized correlation function. Sign. Proces. 91(1), 15\u201327 (2011)","journal-title":"Sign. Proces."},{"issue":"4","key":"1_CR23","doi-asserted-by":"publisher","first-page":"333","DOI":"10.1207\/s15326969eco0104_2","volume":"1","author":"EL Saltzman","year":"1989","unstructured":"Saltzman, E.L., Munhall, K.G.: A dynamical approach to gestural patterning in speech production. Ecol. Psychol. 1(4), 333\u2013382 (1989)","journal-title":"Ecol. Psychol."},{"issue":"6","key":"1_CR24","doi-asserted-by":"publisher","first-page":"604","DOI":"10.1016\/j.ejmp.2014.05.001","volume":"30","author":"AD Scott","year":"2014","unstructured":"Scott, A.D., Wylezinska, M., Birch, M.J., Miquel, M.E.: Speech MRI: morphology and function. Physica Med. 30(6), 604\u2013618 (2014). https:\/\/doi.org\/10.1016\/j.ejmp.2014.05.001","journal-title":"Physica Med."},{"key":"1_CR25","unstructured":"Sepulveda, A., Castellanos-Dom\u00ednguez, G., Guido, R.C.: Time-frequency relevant features for critical articulators movement inference. In: Proceedings of the 20th European Signal Processing Conference (EUSIPCO), pp. 2802\u20132806, August 2012"},{"issue":"1","key":"1_CR26","doi-asserted-by":"publisher","first-page":"25","DOI":"10.1016\/j.csl.2014.12.003","volume":"33","author":"S Silva","year":"2015","unstructured":"Silva, S., Teixeira, A.: Unsupervised segmentation of the vocal tract from real-time MRI sequences. Comput. Speech Lang. 33(1), 25\u201346 (2015). https:\/\/doi.org\/10.1016\/j.csl.2014.12.003","journal-title":"Comput. Speech Lang."},{"key":"1_CR27","doi-asserted-by":"publisher","first-page":"307","DOI":"10.1016\/j.csl.2015.05.004","volume":"36","author":"S Silva","year":"2016","unstructured":"Silva, S., Teixeira, A.: Quantitative systematic analysis of vocal tract data. Comput. Speech Lang. 36, 307\u2013329 (2016). https:\/\/doi.org\/10.1016\/j.csl.2015.05.004","journal-title":"Comput. Speech Lang."},{"key":"1_CR28","unstructured":"Silva, S., Teixeira, A., Orvalho, V.: Articulatory-based audiovisual speech synthesis: proof of concept for European Portuguese. In: Proceedings of the IberSPEECH, Lisbon, Portugal, pp. 119\u2013126 (2016)"},{"key":"1_CR29","doi-asserted-by":"crossref","unstructured":"Silva, S., Teixeira, A.J.: Critical articulators identification from RT-MRI of the vocal tract. In: INTERSPEECH, pp. 626\u2013630 (2017)","DOI":"10.21437\/Interspeech.2017-742"},{"key":"1_CR30","doi-asserted-by":"publisher","unstructured":"Silva, S., Teixeira, A., Cunha, C., Almeida, N., Joseph, A.A., Frahm, J.: Exploring critical articulator identification from 50Hz RT-MRI data of the vocal tract. In: Proceedings of the INTERSPEECH, pp. 874\u2013878 (2019). https:\/\/doi.org\/10.21437\/Interspeech.2019-2897","DOI":"10.21437\/Interspeech.2019-2897"},{"key":"1_CR31","unstructured":"Teixeira, A., Vaz, F., Pr\u00edncipe, J.C.: Nasal vowels after nasal consonants. In: 5th Seminar on Speech Production: Models and Data, Kloster Seon, Alemanha, May 2000"},{"key":"1_CR32","doi-asserted-by":"crossref","unstructured":"Teixeira, A., Vaz, F.: European Portuguese nasal vowels: an EMMA study. In: Proceedings of the INTERSPEECH, Aalborg, Denmark, pp. 1483\u20131486 (2001)","DOI":"10.21437\/Eurospeech.2001-367"}],"container-title":["Lecture Notes in Computer Science","Computational Processing of the Portuguese Language"],"original-title":[],"language":"en","link":[{"URL":"http:\/\/link.springer.com\/content\/pdf\/10.1007\/978-3-030-41505-1_1","content-type":"unspecified","content-version":"vor","intended-application":"similarity-checking"}],"deposited":{"date-parts":[[2022,10,16]],"date-time":"2022-10-16T09:28:58Z","timestamp":1665912538000},"score":1,"resource":{"primary":{"URL":"http:\/\/link.springer.com\/10.1007\/978-3-030-41505-1_1"}},"subtitle":[],"short-title":[],"issued":{"date-parts":[[2020]]},"ISBN":["9783030415044","9783030415051"],"references-count":32,"URL":"https:\/\/doi.org\/10.1007\/978-3-030-41505-1_1","relation":{},"ISSN":["0302-9743","1611-3349"],"issn-type":[{"type":"print","value":"0302-9743"},{"type":"electronic","value":"1611-3349"}],"subject":[],"published":{"date-parts":[[2020]]},"assertion":[{"value":"24 February 2020","order":1,"name":"first_online","label":"First Online","group":{"name":"ChapterHistory","label":"Chapter History"}},{"value":"PROPOR","order":1,"name":"conference_acronym","label":"Conference Acronym","group":{"name":"ConferenceInfo","label":"Conference Information"}},{"value":"International Conference on Computational Processing of the Portuguese Language","order":2,"name":"conference_name","label":"Conference Name","group":{"name":"ConferenceInfo","label":"Conference Information"}},{"value":"Evora","order":3,"name":"conference_city","label":"Conference City","group":{"name":"ConferenceInfo","label":"Conference Information"}},{"value":"Portugal","order":4,"name":"conference_country","label":"Conference Country","group":{"name":"ConferenceInfo","label":"Conference Information"}},{"value":"2020","order":5,"name":"conference_year","label":"Conference Year","group":{"name":"ConferenceInfo","label":"Conference Information"}},{"value":"2 March 2020","order":7,"name":"conference_start_date","label":"Conference Start Date","group":{"name":"ConferenceInfo","label":"Conference Information"}},{"value":"4 March 2020","order":8,"name":"conference_end_date","label":"Conference End Date","group":{"name":"ConferenceInfo","label":"Conference Information"}},{"value":"14","order":9,"name":"conference_number","label":"Conference Number","group":{"name":"ConferenceInfo","label":"Conference Information"}},{"value":"propor2020a","order":10,"name":"conference_id","label":"Conference ID","group":{"name":"ConferenceInfo","label":"Conference Information"}},{"value":"https:\/\/propor.di.uevora.pt\/","order":11,"name":"conference_url","label":"Conference URL","group":{"name":"ConferenceInfo","label":"Conference Information"}},{"value":"Double-blind","order":1,"name":"type","label":"Type","group":{"name":"ConfEventPeerReviewInformation","label":"Peer Review Information (provided by the conference organizers)"}},{"value":"EasyChair","order":2,"name":"conference_management_system","label":"Conference Management System","group":{"name":"ConfEventPeerReviewInformation","label":"Peer Review Information (provided by the conference organizers)"}},{"value":"70","order":3,"name":"number_of_submissions_sent_for_review","label":"Number of Submissions Sent for Review","group":{"name":"ConfEventPeerReviewInformation","label":"Peer Review Information (provided by the conference organizers)"}},{"value":"36","order":4,"name":"number_of_full_papers_accepted","label":"Number of Full Papers Accepted","group":{"name":"ConfEventPeerReviewInformation","label":"Peer Review Information (provided by the conference organizers)"}},{"value":"5","order":5,"name":"number_of_short_papers_accepted","label":"Number of Short Papers Accepted","group":{"name":"ConfEventPeerReviewInformation","label":"Peer Review Information (provided by the conference organizers)"}},{"value":"51% - The value is computed by the equation \"Number of Full Papers Accepted \/ Number of Submissions Sent for Review * 100\" and then rounded to a whole number.","order":6,"name":"acceptance_rate_of_full_papers","label":"Acceptance Rate of Full Papers","group":{"name":"ConfEventPeerReviewInformation","label":"Peer Review Information (provided by the conference organizers)"}},{"value":"3","order":7,"name":"average_number_of_reviews_per_paper","label":"Average Number of Reviews per Paper","group":{"name":"ConfEventPeerReviewInformation","label":"Peer Review Information (provided by the conference organizers)"}},{"value":"2.66","order":8,"name":"average_number_of_papers_per_reviewer","label":"Average Number of Papers per Reviewer","group":{"name":"ConfEventPeerReviewInformation","label":"Peer Review Information (provided by the conference organizers)"}},{"value":"No","order":9,"name":"external_reviewers_involved","label":"External Reviewers Involved","group":{"name":"ConfEventPeerReviewInformation","label":"Peer Review Information (provided by the conference organizers)"}}]}}