{"status":"ok","message-type":"work","message-version":"1.0.0","message":{"indexed":{"date-parts":[[2025,3,25]],"date-time":"2025-03-25T17:36:12Z","timestamp":1742924172910,"version":"3.40.3"},"publisher-location":"Cham","reference-count":17,"publisher":"Springer International Publishing","isbn-type":[{"type":"print","value":"9783030758660"},{"type":"electronic","value":"9783030758677"}],"license":[{"start":{"date-parts":[[2021,1,1]],"date-time":"2021-01-01T00:00:00Z","timestamp":1609459200000},"content-version":"tdm","delay-in-days":0,"URL":"https:\/\/www.springer.com\/tdm"},{"start":{"date-parts":[[2021,1,1]],"date-time":"2021-01-01T00:00:00Z","timestamp":1609459200000},"content-version":"vor","delay-in-days":0,"URL":"https:\/\/www.springer.com\/tdm"}],"content-domain":{"domain":["link.springer.com"],"crossmark-restriction":false},"short-container-title":[],"published-print":{"date-parts":[[2021]]},"DOI":"10.1007\/978-3-030-75867-7_26","type":"book-chapter","created":{"date-parts":[[2021,6,18]],"date-time":"2021-06-18T10:03:27Z","timestamp":1624010607000},"page":"409-423","update-policy":"https:\/\/doi.org\/10.1007\/springer_crossmark_policy","source":"Crossref","is-referenced-by-count":0,"title":["The Designer Trail: Jos\u00e9 Brand\u00e3o, A Life in Design Education"],"prefix":"10.1007","author":[{"ORCID":"https:\/\/orcid.org\/0000-0002-3279-4808","authenticated-orcid":false,"given":"Cl\u00e1udia","family":"Lima","sequence":"first","affiliation":[]},{"ORCID":"https:\/\/orcid.org\/0000-0003-0119-4583","authenticated-orcid":false,"given":"Heitor","family":"Alvelos","sequence":"additional","affiliation":[]},{"ORCID":"https:\/\/orcid.org\/0000-0002-1842-7788","authenticated-orcid":false,"given":"Susana","family":"Barreto","sequence":"additional","affiliation":[]},{"ORCID":"https:\/\/orcid.org\/0000-0001-7750-6227","authenticated-orcid":false,"given":"Eliana","family":"Penedos-Santiago","sequence":"additional","affiliation":[]},{"ORCID":"https:\/\/orcid.org\/0000-0002-5228-5453","authenticated-orcid":false,"given":"Nuno","family":"Martins","sequence":"additional","affiliation":[]}],"member":"297","published-online":{"date-parts":[[2021,5,30]]},"reference":[{"key":"26_CR1","unstructured":"Almeida V (2011a) O Design em Portugal, um tempo e um modo: A institucionaliza\u00e7\u00e3o do Design Portugu\u00eas entre 1959 e 1974 (Disserta\u00e7\u00e3o de Doutoramento). Faculdade de Belas Artes da Universidade de Lisboa. https:\/\/repositorio.ul.pt\/bitstream\/10451\/2485\/2\/ulsd059655_td_Tese_Victor_Almeida.pdf"},{"key":"26_CR2","unstructured":"Almeida V (2011b) O Design em Portugal, um tempo e um modo: A institucionaliza\u00e7\u00e3o do Design Portugu\u00eas entre 1959 e 1974 \u2013 Anexos (Disserta\u00e7\u00e3o de Doutoramento). Faculdade de Belas Artes da Universidade de Lisboa. https:\/\/repositorio.ul.pt\/bitstream\/10451\/2485\/1\/ulsd059654_td_Anexos_Victor_Almeida.pdf"},{"key":"26_CR3","unstructured":"Alvelos H, Barreto S, Chatterjee A, Penedos-Santiago E (2019) On the brink of dissipation: The reactivation of narrative heritage and material craftsmanship through design research. In Research & education in design: people & processes & products & philosophy: proceedings of the 1st international conference on research and education in design (REDES 2019), November 14\u201315, 2019, Lisbon, Portugal"},{"key":"26_CR4","doi-asserted-by":"crossref","unstructured":"Banks M, Zeitlyn D (2015) Visual Methods in Social Research. SAGE Publications","DOI":"10.4135\/9781473921702"},{"key":"26_CR5","unstructured":"B\u00e1rtolo J (2014) Jos\u00e9 Brand\u00e3o, designer gr\u00e1fico: Po\u00e9tica e Programa na Comunica\u00e7\u00e3o Visual de Jos\u00e9 Brand\u00e3o. In: Ceia AJ (Cord) Jos\u00e9 Brand\u00e3o, designer \u2013 Cultura e pr\u00e1tica do design gr\u00e1fico. Edi\u00e7\u00e3o Funda\u00e7\u00e3o Calouste Gulbenkian, Lisboa, pp 21\u201381"},{"key":"26_CR6","unstructured":"Brand\u00e3o J (2001) Design \u00e9 um s\u00f3. In: Martins JP (org), Daciano da Costa Designer. Lisboa: Funda\u00e7\u00e3o Calouste Gulbenkian, pp 30\u201333"},{"key":"26_CR7","unstructured":"Ceia AJ (Cord) (2014a) Jos\u00e9 Brand\u00e3o, designer \u2013 Cultura e pr\u00e1tica do design gr\u00e1fico. Edi\u00e7\u00e3o Funda\u00e7\u00e3o Calouste Gulbenkian, Lisboa"},{"key":"26_CR8","unstructured":"Ceia AJ (2014b) \u201cJos\u00e9 Brand\u00e3o, professor\u201d. In: Ceia AJ (Cord) Jos\u00e9 Brand\u00e3o, designer \u2013 Cultura e pr\u00e1tica do design gr\u00e1fico. Edi\u00e7\u00e3o Funda\u00e7\u00e3o Calouste Gulbenkian, Lisboa, pp 83\u2013129"},{"key":"26_CR9","unstructured":"Decree-Law no 38\/83 of June 1, 1983. https:\/\/dre.tretas.org\/dre\/2484459\/decreto-do-governo-38-83-de-1-de-junho#anexos"},{"key":"26_CR10","unstructured":"Fragoso M (2012) Design Gr\u00e1fico em Portugal: formas e express\u00f5es da cultura visual do s\u00e9culo XX. Livros Horizonte, Lisboa"},{"key":"26_CR11","doi-asserted-by":"crossref","unstructured":"Lima C, Barreto S, Alvelos H, Penedos-Santiago E, Martins N (2020) Learning ecologies: from past generations to current Higher Education. In: 5th IAFOR international conference on education. Hawaii; The IAFOR International Conference on Education \u2013 Hawaii 2020 Official Conference Proceedings. https:\/\/papers.iafor.org\/wp-content\/uploads\/conference-proceedings\/IICE\/IICEHawaii2020_proceedings.pdf","DOI":"10.22492\/issn.2189-1036.2020.5"},{"key":"26_CR12","doi-asserted-by":"publisher","unstructured":"Lima C, Barreto S, Alvelos H, Penedos-Santiago E, Martins N (2021b) The rise of the first design course at the school of fine arts of Porto. In: Raposo D, Neves J, Silva J, Correia Castilho L, Dias R (eds) Advances in Design, Music and Arts. EIMAD 2020. Springer Series in Design and Innovation, vol 9. Springer, Cham. https:\/\/doi.org\/10.1007\/978-3-030-55700-3_11","DOI":"10.1007\/978-3-030-55700-3_11"},{"key":"26_CR13","unstructured":"Lima C, Barreto S, Alvelos H, Penedos-Santiago E, Martins N (in press) The birth of graphic design in a school of fine arts: how the specificity of a learning environment determined a course's vocation. In: Raposo D, Neves J, Silva J (eds) Perspectives on Design: Research, Education and Practice. Springer Series in Design and Innovation"},{"key":"26_CR14","unstructured":"Mendon\u00e7a R (2007) O Cartaz e a Escola_Um Estudo Centrado nos Autores e no Curso de Design das Belas Artes do Porto (Doctoral Thesis). Faculdade de Belas Artes da Universidade do Porto"},{"key":"26_CR15","unstructured":"Quivy R, Campenhoudt LV (2008) Manual de Investiga\u00e7\u00e3o em Ci\u00eancias Sociais. Gradiva, Lisboa"},{"key":"26_CR16","doi-asserted-by":"crossref","unstructured":"Tinkler, Penny (2013). Using Photographs in Social and Historical Research. Sage Publications","DOI":"10.4135\/9781446288016"},{"key":"26_CR17","unstructured":"Sena da Silva A (2001) Modos de aprender. In: Martins JP (org.) Daciano da Costa Designer. Funda\u00e7\u00e3o Calouste Gulbenkian, Lisboa, pp 12\u201317"}],"container-title":["Springer Series in Design and Innovation","Perspectives on Design and Digital Communication II"],"original-title":[],"language":"en","link":[{"URL":"https:\/\/link.springer.com\/content\/pdf\/10.1007\/978-3-030-75867-7_26","content-type":"unspecified","content-version":"vor","intended-application":"similarity-checking"}],"deposited":{"date-parts":[[2022,5,3]],"date-time":"2022-05-03T17:30:46Z","timestamp":1651599046000},"score":1,"resource":{"primary":{"URL":"https:\/\/link.springer.com\/10.1007\/978-3-030-75867-7_26"}},"subtitle":[],"short-title":[],"issued":{"date-parts":[[2021]]},"ISBN":["9783030758660","9783030758677"],"references-count":17,"URL":"https:\/\/doi.org\/10.1007\/978-3-030-75867-7_26","relation":{},"ISSN":["2661-8184","2661-8192"],"issn-type":[{"type":"print","value":"2661-8184"},{"type":"electronic","value":"2661-8192"}],"subject":[],"published":{"date-parts":[[2021]]},"assertion":[{"value":"30 May 2021","order":1,"name":"first_online","label":"First Online","group":{"name":"ChapterHistory","label":"Chapter History"}}]}}