{"status":"ok","message-type":"work","message-version":"1.0.0","message":{"indexed":{"date-parts":[[2025,5,13]],"date-time":"2025-05-13T16:15:37Z","timestamp":1747152937115,"version":"3.40.5"},"publisher-location":"Cham","reference-count":42,"publisher":"Springer International Publishing","isbn-type":[{"type":"print","value":"9783030779900"},{"type":"electronic","value":"9783030779917"}],"license":[{"start":{"date-parts":[[2021,1,1]],"date-time":"2021-01-01T00:00:00Z","timestamp":1609459200000},"content-version":"tdm","delay-in-days":0,"URL":"https:\/\/www.springer.com\/tdm"},{"start":{"date-parts":[[2021,1,1]],"date-time":"2021-01-01T00:00:00Z","timestamp":1609459200000},"content-version":"vor","delay-in-days":0,"URL":"https:\/\/www.springer.com\/tdm"}],"content-domain":{"domain":["link.springer.com"],"crossmark-restriction":false},"short-container-title":[],"published-print":{"date-parts":[[2021]]},"DOI":"10.1007\/978-3-030-77991-7_22","type":"book-chapter","created":{"date-parts":[[2021,8,30]],"date-time":"2021-08-30T10:02:52Z","timestamp":1630317772000},"page":"423-443","update-policy":"https:\/\/doi.org\/10.1007\/springer_crossmark_policy","source":"Crossref","is-referenced-by-count":1,"title":["Salazar, Propaganda and Heritage: The Design of \u201cBeing Portuguese\u201d as a \u201cSoft Power\u201d Around 1940"],"prefix":"10.1007","author":[{"ORCID":"https:\/\/orcid.org\/0000-0002-2981-0694","authenticated-orcid":false,"given":"Maria Leonor","family":"Botelho","sequence":"first","affiliation":[]}],"member":"297","published-online":{"date-parts":[[2021,8,31]]},"reference":[{"key":"22_CR1","unstructured":"Acciaiuoli M (1998) Exposi\u00e7\u00f5es do Estado Novo: 1934\u20131940. Livros Horizonte, Lisboa"},{"key":"22_CR2","unstructured":"Alexandre PA, Ribeiro AL (2000) Dicion\u00e1rio de Hist\u00f3ria de Portugal, coordinated by Ant\u00f3nio Barreto and Maria Filomena M\u00f3nica, Volume IX. Suplemento P\/Z, Porto, Figueirinhas, pp 262\u2013263"},{"key":"22_CR3","unstructured":"Bandeirinha JAO (1996) Quinas Vivas. Mem\u00f3ria descritiva de alguns epis\u00f3dios significativos do conflito entre fazer moderno e fazer nacional na arquitectura portuguesa dos anos 40. 2\u00aa Edi\u00e7\u00e3o. FAUP Publica\u00e7\u00f5es, Porto"},{"key":"22_CR4","unstructured":"Botelho ML (2013) A Historiografia da Arquitectura da \u00c9poca Rom\u00e2nica em Portugal (1870\u20132010). Textos Universit\u00e1rios de Ci\u00eancias Sociais e Humanas. Lisboa, FCG e FCT, p 2013"},{"key":"22_CR5","unstructured":"Botelho ML (2014) Mem\u00f3ria e identidade nacionais: o Portugal dos Pequenitos e a recria\u00e7\u00e3o de um Portugal monumental. In: De Viollet-le-Duc a la Carta de Venecia: teor\u00eda y pr\u00e1ctica de la restauraci\u00f3n en el espacio iberoamericano. Livro de Atas. Ed. By Jos\u00e9 Delgado Rodrigues. LNEC e Artis, Lisboa, pp 63\u201370."},{"key":"22_CR6","unstructured":"Brito R (2011) A presen\u00e7a e o papel da religi\u00e3o nas Comemora\u00e7\u00f5es Centen\u00e1rias de 1940. Lusitania Sacra. 24 (Julho-Dezembro 2011), pp 263\u2013276"},{"key":"22_CR7","doi-asserted-by":"publisher","unstructured":"Cardoso D (2017) A \u00abneutralidade colaborante\u00bb e a propaganda em Portugal durante a Segunda Guerra Mundial. Revista de Hist\u00f3ria da Sociedade e da Cultura. Coimbra: Imprensa da Universidade de Coimbra, 2017, 17, pp 355\u2013370. https:\/\/doi.org\/10.14195\/1645-2259_17_16","DOI":"10.14195\/1645-2259_17_16"},{"key":"22_CR8","unstructured":"Cerejeira G (1936) A Idade M\u00e9dia. Coimbra Editora, Lda., Coimbra"},{"key":"22_CR9","unstructured":"Christofoletti R (2017). Introdu\u00e7\u00e3o. Patrim\u00f3nio como esteio das rela\u00e7\u00f5es internacionais: em quest\u00e3o, o soft power. In: Bens Culturais e Rela\u00e7\u00f5es Internacionais. O Patrim\u00f3nio como espelho do Soft Power. Org. by Rodrigo Christofoletti, Editora Universit\u00e1ria Leopoldlanum, Santos, pp 13\u201340"},{"key":"22_CR10","unstructured":"Comiss\u00e3o Executiva da Exposi\u00e7\u00e3o de Obras P\u00fablicas (1947) Quinze Anos de Obras P\u00fablicas 1932\u20131947. Livro de Ouro. Imprensa Nacional de Lisboa, Lisboa"},{"key":"22_CR11","unstructured":"Comiss\u00e3o Executiva dos Centen\u00e1rios (1940) Portugal. Oito s\u00e9culos de Hist\u00f3ria. Sec\u00e7\u00e3o de Propaganda e Rece\u00e7\u00e3o da Comiss\u00e3o Executiva dos Centen\u00e1rios, Lisboa"},{"key":"22_CR12","unstructured":"Costa JM (2015) O Jornal como fonte de hist\u00f3ria. Cinco notas a prop\u00f3sito da edi\u00e7\u00e3o do \u00abJornal Portugu\u00eas\u00bb em DVD. In: Jornal Portugu\u00eas. Revista Mensal de Actualidades. (1938\u20131951). 5 DVDs. Cinemateca Portuguesa"},{"key":"22_CR13","unstructured":"Cruz MB (1996) Cerejeira, Manuel Gon\u00e7alves In: Fernando Rosas JM (ed) Dicion\u00e1rio de Hist\u00f3ria do Estado Novo, vol I. Brand\u00e3o de Brito. Bertrand Editora, Lisboa, pp 142\u2013143"},{"key":"22_CR14","unstructured":"Dantas J (1939) A \u00abRevista dos Centen\u00e1rios\u00bb\u201d In: Revista dos Centen\u00e1rios. N\u00ba1 (Janeiro de 1939). Lisboa: Edi\u00e7\u00e3o da Comiss\u00e3o Nacional dos Centen\u00e1rios, pp 1\u20132"},{"key":"22_CR15","unstructured":"Boletins da DGEMN (1999) DGEMN. DGEMN, Lisboa (Cd-Rom edition)"},{"key":"22_CR16","unstructured":"Patr\u00edcia E, Dantas J (1996) In: Fernando Rosas JM (ed) Dicion\u00e1rio de Hist\u00f3ria do Estado Novo, vol. I. Brand\u00e3o de Brito. Bertrand Editora, Lisboa, pp 252\u2013252"},{"key":"22_CR17","unstructured":"Fagundes J (1993) Duarte Pacheco. Percurso Biogr\u00e1fico. In: Medina J (ed) Hist\u00f3ria de Portugal dos Tempos Pr\u00e9-Hist\u00f3ricos aos nossos dias, vol II. Ediclube, Amadora, pp 366\u2013368"},{"key":"22_CR18","unstructured":"Ferro A (1949) Panorama dos Centen\u00e1rios (1140\u20131640-1940). Pol\u00edtica Do Esp\u00edrito. Lisboa: Edi\u00e7\u00f5es SN I:1949"},{"key":"22_CR19","unstructured":"Funda\u00e7\u00e3o Calouste Gulbenkian. \u201cCalouste Sarkis Gulbenkian\u201d (Updated on 30 September 2020). Accessed on: 25 Feb 2021. Available: https:\/\/gulbenkian.pt\/fundacao\/calouste-sarkis-gulbenkian\/"},{"key":"22_CR20","unstructured":"Jornal P (2015) Revista Mensal de Actualidades. (1938\u20131951). 5 DVDs. Cinemateca Portuguesa"},{"key":"22_CR21","doi-asserted-by":"publisher","unstructured":"Nye J, Joseph S (2008) Public diplomacy and soft power. Ann Am Acad 616:94\u2013109. https:\/\/doi.org\/10.1177\/0002716207311699","DOI":"10.1177\/0002716207311699"},{"key":"22_CR22","unstructured":"Martins, Pedro. 2013. \u201c\u00abWhatever is more alive in the present is the past\u00bb - images of the Middle Ages in the Portuguese dictatorship (1926\u20131940)\u201d. V Congresso da Associa\u00e7\u00e3o Portuguesa de Antropologia, UTAD, Vila Real, 2013. Available: https:\/\/www.academia.edu\/7682640\/_Whatever_is_more_alive_in_the_present_is_the_past_images_of_the_Middle_Ages_in_the_Portuguese_dictatorship_1926_1940_"},{"key":"22_CR23","unstructured":"Medeiros N (2020) \u201cO SPN e o SNI na encruzilhada do livro: Ant\u00f3nio Ferro e o campo oficial da edi\u00e7\u00e3o no Estado Novo\u201d In: Projetos Editoriais e Propaganda. Imagens e Contra-Imagens no Estado Novo. Org. by Filomena Serra; Paula Andr\u00e9; Sofia Leal Rodrigues Lisboa. ICS 2020:41\u201351"},{"key":"22_CR24","unstructured":"Medina J (1994) Hist\u00f3ria de Portugal Contempor\u00e2neo (Pol\u00edtico e Institucional). Universidade Aberta, Lisboa, p 1994"},{"key":"22_CR25","unstructured":"Medina J (dir.) (1993) Hist\u00f3ria de Portugal dos Tempos Pr\u00e9-Hist\u00f3ricos aos nossos dias, vol. XII. Amadora, Ediclube"},{"key":"22_CR26","unstructured":"Monteiro M (1908) S. Pedro de Rates. Com uma introdu\u00e7\u00e3o \u00e0cerca da architectura rom\u00e2nica em Portugal, Porto, Imprensa Nacional"},{"key":"22_CR27","unstructured":"Neto MJ (2010) Restaurar os monumentos da Na\u00e7\u00e3o entre 1932 e 1964 In: 100 anos de Patrim\u00f3nio. Mem\u00f3ria e Identidade. Coordinated by Jorge Cust\u00f3dio. IGESPAR, Lisboa, pp 157\u2013166"},{"key":"22_CR28","unstructured":"Jorge Ramos do \u00d3 (1996) Secretariado de Propaganda Nacional (SPN)\/ Secretariado Nacional da Informa\u00e7\u00e3o, Cultura Popular e Turismo (SNI)\/ Secretaria de Estado da Informa\u00e7\u00e3o e Turismo (SEIT). In: Fernando Rosas JM (ed) Dicion\u00e1rio de Hist\u00f3ria do Estado Novo, vol II. Brand\u00e3o de Brito. Bertrand Editora, Lisboa, pp 893\u2013896"},{"key":"22_CR29","unstructured":"Paulo H (1996) Ferro, Ant\u00f3nio Joaquim Tavares. In: Fernando Rosas JM (ed) Dicion\u00e1rio de Hist\u00f3ria do Estado Novo, vol I. Brand\u00e3o de Brito. Bertrand Editora, Lisboa, pp 355\u2013357"},{"key":"22_CR30","unstructured":"Peres D (1954) (Dir. Liter\u00e1ria); Cerdeira, Eleut\u00e9rio (Dir. Art\u00edstica). Hist\u00f3ria de Portugal. Edi\u00e7\u00e3o Monumental comemorativa do 8\u00ba Centen\u00e1rio da Funda\u00e7\u00e3o da Nacionalidade, vol 9. Portucalense Editora, Lda., Porto, pp 1928\u20131954"},{"key":"22_CR31","unstructured":"Pi\u00e7arra MC (2015) A marcha do tempo no Jornal Portugu\u00eas: a proje\u00e7\u00e3o de Salazar e da \u00abportugalidade\u00bb \u00e0 derrota da \u00abpol\u00edtica do esp\u00edrito\u201d. In: Jornal Portugu\u00eas. Revista Mensal de Actualidades. (1938\u20131951). 5 DVDs. Cinemateca Portuguesa, pp 7\u201311"},{"key":"22_CR32","unstructured":"Rodrigues Maria de Lourdes e Pereira S (1996) Pacheco, Duarte. In: Fernando Rosas JM (eds) Dicion\u00e1rio de Hist\u00f3ria do Estado Novo, vol II. Brand\u00e3o de Brito. Bertrand Editora, Lisboa, pp 710\u2013711"},{"key":"22_CR33","unstructured":"Revista dos Centen\u00e1rios. N\u00ba1 (Janeiro de 1939). Lisboa: Edi\u00e7\u00e3o da Comiss\u00e3o Nacional dos Centen\u00e1rios, 1939."},{"key":"22_CR34","unstructured":"Rosas F (1996) Estado Novo. In: Fernando Rosas JM (eds) Dicion\u00e1rio de Hist\u00f3ria do Estado Novo, vol I. Brand\u00e3o de Brito. Bertrand Editora, Lisboa, pp 315\u2013319"},{"key":"22_CR35","unstructured":"Rosas F, Salazar AO (1996) In: Dicion\u00e1rio de Hist\u00f3ria do Estado Novo. Ed. by Fernando Rosas; J.M. Brand\u00e3o de Brito, vol II. Bertrand Editora, Lisboa, pp 861\u2013876"},{"key":"22_CR36","unstructured":"Tost\u00f5es A (1996) Lino, Raul. In: Dicion\u00e1rio de Hist\u00f3ria do Estado Novo. Ed. by Fernando Rosas; J.M. Brand\u00e3o de Brito, vol II. Bertrand Editora, Lisboa, pp 521\u2013522"},{"key":"22_CR37","unstructured":"Salazar AO (1947) Discursos e Notas Pol\u00edticas (1935\u20131937), vol II. Coimbra Editora, Coimbra"},{"key":"22_CR38","unstructured":"Salazar AO (1939) Independ\u00eancia de Portugal. Nota Oficiosa da Presid\u00eancia do Conselho de Ministros, [26] mar\u00e7o de 1938, In Revista dos Centen\u00e1rios. N\u00ba1 (Janeiro de 1939). Edi\u00e7\u00e3o da Comiss\u00e3o Nacional dos Centen\u00e1rios, Lisboa, pp 2\u20137"},{"key":"22_CR39","unstructured":"Santos R dos. Oito S\u00e9culos de Arte Portuguesa. Hist\u00f3ria e Esp\u00edrito. Lisboa: Empresa Nacional de Publicidade \u2013 Editorial Not\u00edcias, [196-], 3 vols."},{"key":"22_CR40","unstructured":"Sousa JP (2008) Uma hist\u00f3ria do jornalismo em Portugal at\u00e9 ao 25 de Abril de 1974. In:\u00a0Jornalismo: Hist\u00f3ria, Teoria e Metodologia. Perspectivas Luso-Brasileiras. Org. by Jorge Pedro Sousa. Porto: Edi\u00e7\u00f5es Universidade Fernando Pessoa, pp 93\u2013118. Available: http:\/\/www.bocc.ubi.pt\/pag\/sousa-jorge-pedro-uma-historia-do-jornalismo-1974.pdf"},{"key":"22_CR41","unstructured":"Teixeira, NS (2000) Pol\u00edtica externa. In: Dicion\u00e1rio de Hist\u00f3ria de Portugal. Coordinated by Ant\u00f3nio Barreto; Maria Filomena M\u00f3nica. Volume IX. Suplemento P\/Z, 116\u2013122. Porto, Figueirinhas"},{"key":"22_CR42","unstructured":"Tom\u00e9 M (1998) Patrim\u00f3nio e Restauro em Portugal (1920\u20131995), Unpublished Master\u2019s Thesis presneted to the Faculdade de Letras da Universidade do Porto, 3 vols., Porto"}],"container-title":["The Latin American Studies Book Series","International Relations and Heritage"],"original-title":[],"language":"en","link":[{"URL":"https:\/\/link.springer.com\/content\/pdf\/10.1007\/978-3-030-77991-7_22","content-type":"unspecified","content-version":"vor","intended-application":"similarity-checking"}],"deposited":{"date-parts":[[2024,8,23]],"date-time":"2024-08-23T13:40:50Z","timestamp":1724420450000},"score":1,"resource":{"primary":{"URL":"https:\/\/link.springer.com\/10.1007\/978-3-030-77991-7_22"}},"subtitle":[],"short-title":[],"issued":{"date-parts":[[2021]]},"ISBN":["9783030779900","9783030779917"],"references-count":42,"URL":"https:\/\/doi.org\/10.1007\/978-3-030-77991-7_22","relation":{},"ISSN":["2366-3421","2366-343X"],"issn-type":[{"type":"print","value":"2366-3421"},{"type":"electronic","value":"2366-343X"}],"subject":[],"published":{"date-parts":[[2021]]},"assertion":[{"value":"31 August 2021","order":1,"name":"first_online","label":"First Online","group":{"name":"ChapterHistory","label":"Chapter History"}}]}}