{"status":"ok","message-type":"work","message-version":"1.0.0","message":{"indexed":{"date-parts":[[2025,3,27]],"date-time":"2025-03-27T02:36:29Z","timestamp":1743042989977,"version":"3.40.3"},"publisher-location":"Cham","reference-count":19,"publisher":"Springer International Publishing","isbn-type":[{"type":"print","value":"9783030878016"},{"type":"electronic","value":"9783030878023"}],"license":[{"start":{"date-parts":[[2021,1,1]],"date-time":"2021-01-01T00:00:00Z","timestamp":1609459200000},"content-version":"tdm","delay-in-days":0,"URL":"https:\/\/www.springer.com\/tdm"},{"start":{"date-parts":[[2021,1,1]],"date-time":"2021-01-01T00:00:00Z","timestamp":1609459200000},"content-version":"vor","delay-in-days":0,"URL":"https:\/\/www.springer.com\/tdm"}],"content-domain":{"domain":["link.springer.com"],"crossmark-restriction":false},"short-container-title":[],"published-print":{"date-parts":[[2021]]},"DOI":"10.1007\/978-3-030-87802-3_3","type":"book-chapter","created":{"date-parts":[[2021,9,21]],"date-time":"2021-09-21T23:36:52Z","timestamp":1632267412000},"page":"26-35","update-policy":"https:\/\/doi.org\/10.1007\/springer_crossmark_policy","source":"Crossref","is-referenced-by-count":1,"title":["Assessing Velar Gestures Timing in European Portuguese Nasal Vowels with RT-MRI Data"],"prefix":"10.1007","author":[{"given":"Nuno","family":"Almeida","sequence":"first","affiliation":[]},{"given":"Concei\u00e7\u00e3o","family":"Cunha","sequence":"additional","affiliation":[]},{"given":"Samuel","family":"Silva","sequence":"additional","affiliation":[]},{"given":"Ant\u00f3nio","family":"Teixeira","sequence":"additional","affiliation":[]}],"member":"297","published-online":{"date-parts":[[2021,9,22]]},"reference":[{"key":"3_CR1","doi-asserted-by":"crossref","unstructured":"Albano, E.C.: O portugu\u00eas brasileiro e as controv\u00e9rsias da fon\u00e9tica atual: pelo aperfei\u00e7oamento da fonologia articulat\u00f3ria. DELTA: Documenta\u00e7\u00e3o de Estudos em Ling\u00fc\u00edstica Te\u00f3rica e Aplicada 15, 23\u201350 (1999)","DOI":"10.1590\/S0102-44501999000300002"},{"key":"3_CR2","unstructured":"Boersma, P.: Praat: doing phonetics by computer [computer program] (2020). http:\/\/www.praat.org\/"},{"key":"3_CR3","doi-asserted-by":"crossref","unstructured":"Cunha, C., Almeida, N., Frahm, J., Silva, S., Teixeira, A.: Data-driven analysis of nasal vowels dynamics and coordination: Results for bilabial contexts. In: Proceedings IberSPEECH 2021, pp. 215\u2013219 (2021). http:\/\/dx.doi.org\/10.21437\/IberSPEECH.2021-46","DOI":"10.21437\/IberSPEECH.2021-46"},{"key":"3_CR4","doi-asserted-by":"crossref","unstructured":"Cunha, C., et al.: On the role of oral configurations in european portuguese nasal vowels. In: Proceedings Interspeech 2019, pp. 3332\u20133336 (2019). http:\/\/dx.doi.org\/10.21437\/Interspeech.2019-2232","DOI":"10.21437\/Interspeech.2019-2232"},{"issue":"1","key":"3_CR5","doi-asserted-by":"publisher","first-page":"510","DOI":"10.1121\/1.405631","volume":"93","author":"JC Junqua","year":"1993","unstructured":"Junqua, J.C.: The lombard reflex and its role on human listeners and automatic speech recognizers. J. Acoust. Soc. Am. 93(1), 510\u2013524 (1993)","journal-title":"J. Acoust. Soc. Am."},{"key":"3_CR6","first-page":"5","volume":"6","author":"A Lacerda","year":"1966","unstructured":"Lacerda, A., Head, B.: An\u00e1lise de sons nasais e sons nasalizados do portugu\u00eas. Revista do Laborat\u00f3rio de Fon\u00e9tica Experimental de Coimbra 6, 5\u201370 (1966)","journal-title":"Revista do Laborat\u00f3rio de Fon\u00e9tica Experimental de Coimbra"},{"key":"3_CR7","doi-asserted-by":"crossref","unstructured":"Martins, P., Carbone, I., Silva, A., Teixeira, A.: An MRI study of European Portuguese nasals. In: Interspeech. Antu\u00e9rpia (2007)","DOI":"10.21437\/Interspeech.2007-12"},{"issue":"11\u201312","key":"3_CR8","doi-asserted-by":"publisher","first-page":"925","DOI":"10.1016\/j.specom.2008.05.019","volume":"50","author":"P Martins","year":"2008","unstructured":"Martins, P., Carbone, I., Pinto, A., Silva, A., Teixeira, A.: European Portuguese MRI based speech production studies. Speech Commun. 50(11\u201312), 925\u2013952 (2008)","journal-title":"Speech Commun."},{"key":"3_CR9","unstructured":"Martins, P., Oliveira, C., Silva, S., Teixeira, A.: Velar movement in European Portuguese nasal vowels. In: Proceedings of IberSpeech-VII Jornadas en Tecnolog\u00eda del Habla and II Iberian SLTech Workshop, Madrid, Spain, pp. 231\u2013240 (2012)"},{"key":"3_CR10","doi-asserted-by":"publisher","first-page":"13","DOI":"10.1016\/j.specom.2020.01.004","volume":"117","author":"T Ngo","year":"2020","unstructured":"Ngo, T., Akagi, M., Birkholz, P.: Effect of articulatory and acoustic features on the intelligibility of speech in noise: an articulatory synthesis study. Speech Commun. 117, 13\u201320 (2020)","journal-title":"Speech Commun."},{"key":"3_CR11","unstructured":"Oliveira, C.: Do grafema ao gesto: Contributos Lingu\u00edsticos para um Sistema de S\u00edntese de base articulat\u00f3ria. Universidade de Aveiro, Aveiro, Disserta\u00e7\u00e3o de doutoramento (2009)"},{"key":"3_CR12","doi-asserted-by":"crossref","unstructured":"Oliveira, C., Martins, P., Teixeira, A.: Speech rate effects on European Portuguese nasal vowels. In: InterSpeech. Brighton (2009)","DOI":"10.21437\/Interspeech.2009-168"},{"key":"3_CR13","unstructured":"Oliveira, C., Teixeira, A.: On gestures timing in European Portuguese nasals. In: ICPhS. Saarbr\u00fccken (2007)"},{"issue":"1","key":"3_CR14","doi-asserted-by":"publisher","first-page":"70","DOI":"10.1007\/s00455-011-9340-6","volume":"27","author":"JL Perry","year":"2012","unstructured":"Perry, J.L., Bae, Y., Kuehn, D.P.: Effect of posture on deglutitive biomechanics in healthy individuals. Dysphagia 27(1), 70\u201380 (2012)","journal-title":"Dysphagia"},{"key":"3_CR15","unstructured":"Rossato, S., Teixeira, A., Ferreira, L.: Les nasales du portugais et du fran\u00e7ais: une \u00e9tude comparative sur les donn\u00e9es emma. Journ\u00e9es d\u2019 Etude sur la Parole (2006)"},{"issue":"1","key":"3_CR16","doi-asserted-by":"publisher","first-page":"25","DOI":"10.1016\/j.csl.2014.12.003","volume":"33","author":"S Silva","year":"2015","unstructured":"Silva, S., Teixeira, A.: Unsupervised segmentation of the vocal tract from real-time MRI sequences. Comput. Speech Lang. 33(1), 25\u201346 (2015)","journal-title":"Comput. Speech Lang."},{"key":"3_CR17","series-title":"Lecture Notes in Computer Science (Lecture Notes in Artificial Intelligence)","doi-asserted-by":"publisher","first-page":"101","DOI":"10.1007\/978-3-540-85980-2_11","volume-title":"Computational Processing of the Portuguese Language","author":"A Teixeira","year":"2008","unstructured":"Teixeira, A., Oliveira, C., Barbosa, P.: European Portuguese articulatory based text-to-speech: first results. In: Teixeira, A., de Lima, V.L.S., de Oliveira, L.C., Quaresma, P. (eds.) PROPOR 2008. LNCS (LNAI), vol. 5190, pp. 101\u2013111. Springer, Heidelberg (2008). https:\/\/doi.org\/10.1007\/978-3-540-85980-2_11"},{"key":"3_CR18","first-page":"1435","volume":"9","author":"A Teixeira","year":"2005","unstructured":"Teixeira, A., Martinez, R., Silva, L.N., Jesus, L., Pr\u00edncipe, J., Vaz, F.: Simulation of human speech production applied to the study and synthesis of European Portuguese. EURASIP J. Appl. Sig. Process. 9, 1435\u20131448 (2005)","journal-title":"EURASIP J. Appl. Sig. Process."},{"issue":"8","key":"3_CR19","doi-asserted-by":"publisher","first-page":"986","DOI":"10.1002\/nbm.1585","volume":"23","author":"M Uecker","year":"2010","unstructured":"Uecker, M., Zhang, S., Voit, D., Karaus, A., Merboldt, K.D., Frahm, J.: Real-time MRI at a resolution of 20 ms. NMR in Biomed. 23(8), 986\u2013994 (2010)","journal-title":"NMR in Biomed."}],"container-title":["Lecture Notes in Computer Science","Speech and Computer"],"original-title":[],"language":"en","link":[{"URL":"https:\/\/link.springer.com\/content\/pdf\/10.1007\/978-3-030-87802-3_3","content-type":"unspecified","content-version":"vor","intended-application":"similarity-checking"}],"deposited":{"date-parts":[[2021,9,21]],"date-time":"2021-09-21T23:37:13Z","timestamp":1632267433000},"score":1,"resource":{"primary":{"URL":"https:\/\/link.springer.com\/10.1007\/978-3-030-87802-3_3"}},"subtitle":[],"short-title":[],"issued":{"date-parts":[[2021]]},"ISBN":["9783030878016","9783030878023"],"references-count":19,"URL":"https:\/\/doi.org\/10.1007\/978-3-030-87802-3_3","relation":{},"ISSN":["0302-9743","1611-3349"],"issn-type":[{"type":"print","value":"0302-9743"},{"type":"electronic","value":"1611-3349"}],"subject":[],"published":{"date-parts":[[2021]]},"assertion":[{"value":"22 September 2021","order":1,"name":"first_online","label":"First Online","group":{"name":"ChapterHistory","label":"Chapter History"}},{"value":"SPECOM","order":1,"name":"conference_acronym","label":"Conference Acronym","group":{"name":"ConferenceInfo","label":"Conference Information"}},{"value":"International Conference on Speech and Computer","order":2,"name":"conference_name","label":"Conference Name","group":{"name":"ConferenceInfo","label":"Conference Information"}},{"value":"St Petersburg","order":3,"name":"conference_city","label":"Conference City","group":{"name":"ConferenceInfo","label":"Conference Information"}},{"value":"Russia","order":4,"name":"conference_country","label":"Conference Country","group":{"name":"ConferenceInfo","label":"Conference Information"}},{"value":"2021","order":5,"name":"conference_year","label":"Conference Year","group":{"name":"ConferenceInfo","label":"Conference Information"}},{"value":"27 September 2021","order":7,"name":"conference_start_date","label":"Conference Start Date","group":{"name":"ConferenceInfo","label":"Conference Information"}},{"value":"30 September 2021","order":8,"name":"conference_end_date","label":"Conference End Date","group":{"name":"ConferenceInfo","label":"Conference Information"}},{"value":"23","order":9,"name":"conference_number","label":"Conference Number","group":{"name":"ConferenceInfo","label":"Conference Information"}},{"value":"specom2021","order":10,"name":"conference_id","label":"Conference ID","group":{"name":"ConferenceInfo","label":"Conference Information"}},{"value":"http:\/\/specom.nw.ru\/2021\/","order":11,"name":"conference_url","label":"Conference URL","group":{"name":"ConferenceInfo","label":"Conference Information"}},{"value":"Single-blind","order":1,"name":"type","label":"Type","group":{"name":"ConfEventPeerReviewInformation","label":"Peer Review Information (provided by the conference organizers)"}},{"value":"EasyChair","order":2,"name":"conference_management_system","label":"Conference Management System","group":{"name":"ConfEventPeerReviewInformation","label":"Peer Review Information (provided by the conference organizers)"}},{"value":"163","order":3,"name":"number_of_submissions_sent_for_review","label":"Number of Submissions Sent for Review","group":{"name":"ConfEventPeerReviewInformation","label":"Peer Review Information (provided by the conference organizers)"}},{"value":"74","order":4,"name":"number_of_full_papers_accepted","label":"Number of Full Papers Accepted","group":{"name":"ConfEventPeerReviewInformation","label":"Peer Review Information (provided by the conference organizers)"}},{"value":"0","order":5,"name":"number_of_short_papers_accepted","label":"Number of Short Papers Accepted","group":{"name":"ConfEventPeerReviewInformation","label":"Peer Review Information (provided by the conference organizers)"}},{"value":"45% - The value is computed by the equation \"Number of Full Papers Accepted \/ Number of Submissions Sent for Review * 100\" and then rounded to a whole number.","order":6,"name":"acceptance_rate_of_full_papers","label":"Acceptance Rate of Full Papers","group":{"name":"ConfEventPeerReviewInformation","label":"Peer Review Information (provided by the conference organizers)"}},{"value":"3.5","order":7,"name":"average_number_of_reviews_per_paper","label":"Average Number of Reviews per Paper","group":{"name":"ConfEventPeerReviewInformation","label":"Peer Review Information (provided by the conference organizers)"}},{"value":"5.5","order":8,"name":"average_number_of_papers_per_reviewer","label":"Average Number of Papers per Reviewer","group":{"name":"ConfEventPeerReviewInformation","label":"Peer Review Information (provided by the conference organizers)"}},{"value":"Yes","order":9,"name":"external_reviewers_involved","label":"External Reviewers Involved","group":{"name":"ConfEventPeerReviewInformation","label":"Peer Review Information (provided by the conference organizers)"}},{"value":"The conference was held online due to the COVID-19 pandemic.","order":10,"name":"additional_info_on_review_process","label":"Additional Info on Review Process","group":{"name":"ConfEventPeerReviewInformation","label":"Peer Review Information (provided by the conference organizers)"}}]}}