{"status":"ok","message-type":"work","message-version":"1.0.0","message":{"indexed":{"date-parts":[[2025,3,25]],"date-time":"2025-03-25T15:33:18Z","timestamp":1742916798111,"version":"3.40.3"},"publisher-location":"Cham","reference-count":75,"publisher":"Springer International Publishing","isbn-type":[{"type":"print","value":"9783031161926"},{"type":"electronic","value":"9783031161933"}],"license":[{"start":{"date-parts":[[2023,1,1]],"date-time":"2023-01-01T00:00:00Z","timestamp":1672531200000},"content-version":"tdm","delay-in-days":0,"URL":"https:\/\/www.springernature.com\/gp\/researchers\/text-and-data-mining"},{"start":{"date-parts":[[2023,1,1]],"date-time":"2023-01-01T00:00:00Z","timestamp":1672531200000},"content-version":"vor","delay-in-days":0,"URL":"https:\/\/www.springernature.com\/gp\/researchers\/text-and-data-mining"}],"content-domain":{"domain":["link.springer.com"],"crossmark-restriction":false},"short-container-title":[],"published-print":{"date-parts":[[2023]]},"DOI":"10.1007\/978-3-031-16193-3_76","type":"book-chapter","created":{"date-parts":[[2023,3,24]],"date-time":"2023-03-24T14:03:30Z","timestamp":1679666610000},"page":"1431-1460","update-policy":"https:\/\/doi.org\/10.1007\/springer_crossmark_policy","source":"Crossref","is-referenced-by-count":0,"title":["Cases of Four International Reforming Contexts: Prelude to the Pandemic and Beyond"],"prefix":"10.1007","author":[{"given":"Cheryl J.","family":"Craig","sequence":"first","affiliation":[]},{"given":"Maria Assun\u00e7\u00e3o","family":"Flores","sequence":"additional","affiliation":[]},{"given":"Maria In\u00eas","family":"Marcondes","sequence":"additional","affiliation":[]},{"given":"Darlene","family":"Ciuffetelli Parker","sequence":"additional","affiliation":[]}],"member":"297","published-online":{"date-parts":[[2023,3,22]]},"reference":[{"unstructured":"Act, E. S. S. (2015). Every student succeeds act (ESSA). Public Law, 114\u2013195.","key":"76_CR1"},{"doi-asserted-by":"publisher","unstructured":"Avalos, B., Flores, M. A., & Araneda, S. (2021). Battling to keep education going: Chilean and Portuguese teacher experiences in COVID-19 times. Teachers and Teaching: Theory and Practice. https:\/\/doi.org\/10.1080\/13540602.2021.2012758","key":"76_CR2","DOI":"10.1080\/13540602.2021.2012758"},{"issue":"2021","key":"76_CR3","doi-asserted-by":"publisher","first-page":"203","DOI":"10.46661\/ijeri.5120","volume":"15","author":"R Alves","year":"2020","unstructured":"Alves, R., Lopes, T., & Precioso, J. (2020). Teachers\u2019 well-being in times of Covid-19 pandemic: factors that explain professional well-being. IJERI: International Journal of Educational Research and Innovation, 15(2021), 203\u2013217. https:\/\/doi.org\/10.46661\/ijeri.5120","journal-title":"IJERI: International Journal of Educational Research and Innovation"},{"key":"76_CR4","series-title":"Advances in research on teaching","doi-asserted-by":"publisher","first-page":"41","DOI":"10.1108\/S1479-368720210000037003","volume-title":"Developing knowledge communities through partnerships for literacy","author":"C Auzenne-Curl","year":"2021","unstructured":"Auzenne-Curl, C., Craig, C., & Curtis, G. (2021). Reflection on research and professional development partnerships in post-Harvey Houston: Writing the riptide. In C. Auzenne-Curl & C. Craig (Eds.), Developing knowledge communities through partnerships for literacy (Advances in research on teaching) (Vol. 37, pp. 41\u201359). Emerald Publishing."},{"key":"76_CR5","volume-title":"How the world\u2019s best-performing systems come out on top","author":"M Barber","year":"2007","unstructured":"Barber, M., & Mourshed, M. (2007). How the world\u2019s best-performing systems come out on top. McKinsey & Company."},{"issue":"1","key":"76_CR6","doi-asserted-by":"publisher","first-page":"1","DOI":"10.1111\/j.1741-5446.2006.00241","volume":"57","author":"G Biesta","year":"2007","unstructured":"Biesta, G. (2007). Why \u2018what works\u2019 won\u2019t work: Evidence-based practice and the democratic deficit in educational research. Educational Theory, 57(1), 1\u201322. https:\/\/doi.org\/10.1111\/j.1741-5446.2006.00241","journal-title":"Educational Theory"},{"unstructured":"CBC. (2021, November 11). https:\/\/www.cbc.ca\/news\/canada\/toronto\/ontario-streaming-high-school-racism-lecce-1.5638700, November 11, 2021.","key":"76_CR7"},{"doi-asserted-by":"publisher","unstructured":"Ciuffetelli Parker, D., & Conversano, P. (2021). Narratives of systemic barriers and accessibility: Poverty, equity, diversity, inclusion, and the call for a post-pandemic new normal. Frontiers in Education. https:\/\/doi.org\/10.3389\/feduc.2021.704663","key":"76_CR8","DOI":"10.3389\/feduc.2021.704663"},{"issue":"1","key":"76_CR9","doi-asserted-by":"publisher","first-page":"120","DOI":"10.1177\/0042085914566097","volume":"52","author":"D Ciuffetelli Parker","year":"2017","unstructured":"Ciuffetelli Parker, D., & Craig, C. (2017). An international inquiry: Stories of poverty \u2013 Poverty stories. Urban Education, 52(1), 120\u2013151. https:\/\/doi.org\/10.1177\/0042085914566097","journal-title":"Urban Education"},{"key":"76_CR10","first-page":"363","volume-title":"Handbook of curriculum","author":"DJ Clandinin","year":"1992","unstructured":"Clandinin, D. J., & Connelly, F. M. (1992). Teacher as curriculum maker. In P. Jackson (Ed.), Handbook of curriculum (pp. 363\u2013461). Macmillan."},{"issue":"2","key":"76_CR11","first-page":"22","volume":"10","author":"A Cosme","year":"2019","unstructured":"Cosme, A., & Trindade, R. (2019). O projeto de autonomia e flexibilidade curricular: que desafios curriculares e pedag\u00f3gicos? Revista de Estudos Curriculares, 10(2), 22\u201338.","journal-title":"Revista de Estudos Curriculares"},{"issue":"4","key":"76_CR12","doi-asserted-by":"publisher","first-page":"423","DOI":"10.1080\/13540601003754814","volume":"16","author":"C Craig","year":"2010","unstructured":"Craig, C. (2010). Coming full circle: From teacher reflection to classroom action and back again. Teachers and Teaching: Theory and Practice, 16(4), 423\u2013435. https:\/\/doi.org\/10.1080\/13540601003754814","journal-title":"Teachers and Teaching: Theory and Practice"},{"issue":"2","key":"76_CR13","doi-asserted-by":"publisher","first-page":"1","DOI":"10.1080\/00220671.2010.519411","volume":"105","author":"C Craig","year":"2012","unstructured":"Craig, C. (2012). \u201cButterfly under a pin\u201d: An emergent image of teaching amid mandated curriculum reform. Journal of Educational Research, 105(2), 1\u201312. https:\/\/doi.org\/10.1080\/00220671.2010.519411","journal-title":"Journal of Educational Research"},{"key":"76_CR14","doi-asserted-by":"publisher","first-page":"25","DOI":"10.1016\/j.tate.2012.08.003","volume":"29","author":"C Craig","year":"2013","unstructured":"Craig, C. (2013a). Coming to know in the \u2018eye of a storm\u2019: A beginning teacher\u2019s introduction to different versions of teacher community. Teaching and Teacher Education, 29, 25\u201338.","journal-title":"Teaching and Teacher Education"},{"issue":"3","key":"76_CR15","doi-asserted-by":"publisher","first-page":"261","DOI":"10.1080\/02188791.2013.788476","volume":"33","author":"C Craig","year":"2013","unstructured":"Craig, C. (2013b). Teacher education and the best-loved self. Asia-Pacific Journal of Education, 33(3), 261\u2013272. https:\/\/doi.org\/10.1080\/02188791.2013.788476","journal-title":"Asia-Pacific Journal of Education"},{"issue":"1","key":"76_CR16","doi-asserted-by":"publisher","first-page":"81","DOI":"10.1080\/00220272.2013.797504","volume":"41","author":"C Craig","year":"2014","unstructured":"Craig, C. (2014). From stories of staying to stories of leaving: A US beginning teacher\u2019s experience. Journal of Curriculum Studies, 41(1), 81\u2013115. https:\/\/doi.org\/10.1080\/00220272.2013.797504","journal-title":"Journal of Curriculum Studies"},{"key":"76_CR17","doi-asserted-by":"publisher","first-page":"103027","DOI":"10.1016\/j.tate.2020.103027","volume":"93","author":"C Craig","year":"2020","unstructured":"Craig, C. (2020). \u201cData is [G] od\u201d: The influence of cumulative policy reforms on teachers\u2019 knowledge in an urban middle school in the United States. Teaching and Teacher Education, 93, 103027.","journal-title":"Teaching and Teacher Education"},{"key":"76_CR18","doi-asserted-by":"publisher","DOI":"10.4135\/9781412976572.n14","volume-title":"The Sage handbook of curriculum and instruction","author":"C Craig","year":"2008","unstructured":"Craig, C., & Ross, V. (2008). Cultivating the image of teachers as curriculum makers. In F. M. Connelly, M. F. He, & J. Phillion (Eds.), The Sage handbook of curriculum and instruction. SAGE. https:\/\/doi.org\/10.4135\/9781412976572.n14"},{"key":"76_CR19","doi-asserted-by":"crossref","first-page":"3","DOI":"10.1163\/9789004432048_001","volume-title":"Education beyond crisis","author":"C Craig","year":"2020","unstructured":"Craig, C., Flores, M. A., Marcondes, M. I., & Parker, D. C. (2020). The impact of reform policies on teachers and their practices: Case studies from four countries. In D. R. Andron & G. Gruber (Eds.), Education beyond crisis (pp. 3\u201331). Brill."},{"key":"76_CR20","doi-asserted-by":"publisher","first-page":"1","DOI":"10.14507\/epaa.v8n1.2000","volume":"8","author":"L Darling-Hammond","year":"2000","unstructured":"Darling-Hammond, L. (2000). Teacher quality and student achievement. Education Policy Analysis Archives, 8, 1. https:\/\/doi.org\/10.14507\/epaa.v8n1.2000","journal-title":"Education Policy Analysis Archives"},{"unstructured":"Davis, T., & Craig, C. (in preparation). Teaching at an urban dual language academy during the COVID-19 pandemic: A narrative inquiry into elementary STEM teachers\u2019 experiences.","key":"76_CR78"},{"unstructured":"Decree Law no. 54\/2018, Di\u00e1rio da Rep\u00fablica no. 129\/2018, Series I from 2018-07-06, 2918\u20132928. https:\/\/data.dre.pt\/eli\/dec-lei\/54\/2018\/07\/06\/p\/dre\/pt\/html","key":"76_CR21"},{"unstructured":"Decree Law no. 55\/2018, Di\u00e1rio da Rep\u00fablica no. 129\/2018, Series I from 2018-07-06, 2928\u20132943. https:\/\/data.dre.pt\/eli\/dec-lei\/55\/2018\/07\/06\/p\/dre\/pt\/html","key":"76_CR22"},{"key":"76_CR23","volume-title":"The case for change. DFE-00564-2010","author":"DfE","year":"2010","unstructured":"DfE. (2010). The case for change. DFE-00564-2010. Department for Education."},{"unstructured":"DGE. (2020a). ROTEIRO \u2013 8 Princ\u00edpios Orientadores para a Implementa\u00e7\u00e3o do Ensino a Dist\u00e2ncia (E@D) nas Escolas Dire\u00e7\u00e3o Geral de Educa\u00e7\u00e3o \u2013 Minist\u00e9rio da Educa\u00e7\u00e3o. https:\/\/www.dge.mec.pt\/noticias\/roteiro-8-principios-orientadores-para-implementacao-do-ensino-distancia-ed-nas-escolas","key":"76_CR24"},{"unstructured":"DGE. (2020b). Forma\u00e7\u00e3o para a doc\u00eancia digital e em rede. Dire\u00e7\u00e3o Geral de Educa\u00e7\u00e3o-Minist\u00e9rio da Educa\u00e7\u00e3o. Retrieved in https:\/\/www.dge.mec.pt\/noticias\/formacao-para-docencia-digital-e-em-rede","key":"76_CR25"},{"unstructured":"Eizadirad, A., & Sider, S. (2020). Schools after coronavirus: Seize \u2018teachable moments\u2019 about racism and inequities. The conversation available at: https:\/\/theconversation.com\/schools-after-coronavirus-seize-teachable-moments-about-racism-and-inequities-142238. Accessed 11 Apr 2021.","key":"76_CR26"},{"unstructured":"Environmental Resource Council. (2021). Considerations for safely opening American schools. https:\/\/envrc.org\/wp-content\/uploads\/2021\/01\/Reopening-American-Schools-2-5-2.pdf","key":"76_CR27"},{"key":"76_CR28","first-page":"19","volume-title":"Changing teacher professionalism. International trends, challenges and ways forward","author":"J Evetts","year":"2009","unstructured":"Evetts, J. (2009). The management of professionalism: A contemporary paradox. In S. Gewirtz, P. Mahony, I. Hextall, & A. Cribb (Eds.), Changing teacher professionalism. International trends, challenges and ways forward (pp. 19\u201330). Routledge."},{"issue":"2","key":"76_CR29","doi-asserted-by":"publisher","first-page":"339","DOI":"10.11575\/ajer.v60i2.55837","volume":"60","author":"T Falkenberg","year":"2014","unstructured":"Falkenberg, T., Goodnough, K., & MacDonald, R. (2014). Views on and practices of integrating theory and practice in teacher education programs in Atlantic Canada. Alberta Journal of Educational Research, 60(2), 339\u2013360. https:\/\/doi.org\/10.11575\/ajer.v60i2.55837","journal-title":"Alberta Journal of Educational Research"},{"doi-asserted-by":"publisher","unstructured":"Flores, M. A. (2007). Looking at induction of beginning teachers in Portugal: Meanings and paradoxes. Professional Induction of Teachers in Europe and Elsewhere, 4(1), 236\u2013259. https:\/\/doi.org\/10.2304\/rcie.2009.4.1.63","key":"76_CR30","DOI":"10.2304\/rcie.2009.4.1.63"},{"key":"76_CR31","first-page":"94","volume-title":"The Routledge international handbook of teacher and school development","author":"MA Flores","year":"2012","unstructured":"Flores, M. A. (2012). Teachers\u2019 work and lives: A European perspective. In C. Day (Ed.), The Routledge international handbook of teacher and school development (pp. 94\u2013107). Routledge."},{"issue":"2","key":"76_CR32","doi-asserted-by":"publisher","first-page":"123","DOI":"10.30827\/profesorado.v25i2.20765","volume":"25","author":"MA Flores","year":"2021","unstructured":"Flores, M. A. (2021). Necessary but non-existent: The paradox of teacher induction in Portugal. Profesorado, Revista De Curr\u00edculum Y Formaci\u00f3n Del Profesorado, 25(2), 123\u2013144. https:\/\/doi.org\/10.30827\/profesorado.v25i2.20765","journal-title":"Profesorado, Revista De Curr\u00edculum Y Formaci\u00f3n Del Profesorado"},{"issue":"2","key":"76_CR33","doi-asserted-by":"publisher","first-page":"219","DOI":"10.1080\/0305764X.2019.1664399","volume":"50","author":"MA Flores","year":"2020","unstructured":"Flores, M. A. (2020). Surviving, being resilient and resisting: Teachers\u2019 experiences in adverse times. Cambridge Journal of Education, 50(2), 219\u2013240. https:\/\/doi.org\/10.1080\/0305764X.2019.1664399","journal-title":"Cambridge Journal of Education"},{"doi-asserted-by":"publisher","unstructured":"Flores, M. A., Barros, A., Veiga Sim\u00e3o, A. M., Gago, M., Fernandes, E. L., Pereira, D., Ferreira, P. C., & Costa, L. (2021a). Ensino remoto de emerg\u00eancia em tempos de pandemia: A experi\u00eancia de professores portugueses. Revista Portuguesa de Investiga\u00e7\u00e3o Educacional, (21), 1\u201326. https:\/\/doi.org\/10.34632\/investigacaoeducacional.2021.10022","key":"76_CR34","DOI":"10.34632\/investigacaoeducacional.2021.10022"},{"unstructured":"Flores, M.A., Barros, A., Veiga Sim\u00e3o, A M., Pereira, D., Gago, M., Fernandes, E. L., Ferreira, P. C., & Costa, L. (submitted) Remote teaching in times of COVID-19: teachers\u2019 adaptation and pupil level of participation.","key":"76_CR35"},{"issue":"1","key":"76_CR36","doi-asserted-by":"publisher","first-page":"5","DOI":"10.21814\/rpe.21108","volume":"34","author":"MA Flores","year":"2021","unstructured":"Flores, M. A., Machado, E. A., Alves, P., & Vieira, D. A. (2021b). Ensinar em tempos de COVID-19: um estudo com professores dos ensinos b\u00e1sico e secund\u00e1rio em Portugal. Revista Portuguesa de Educa\u00e7\u00e3o, 34(1), 5\u201327. https:\/\/doi.org\/10.21814\/rpe.21108","journal-title":"Revista Portuguesa de Educa\u00e7\u00e3o"},{"key":"76_CR37","volume-title":"Pedagogy of the oppressed","author":"P Freire","year":"1968","unstructured":"Freire, P. (1968). Pedagogy of the oppressed. The Continuum International Publishing Group."},{"volume-title":"All systems go: The change imperative for whole system reform","year":"2010","unstructured":"Fullan, M. (Ed.). (2010). All systems go: The change imperative for whole system reform. Corwin Press.","key":"76_CR38"},{"unstructured":"Funda\u00e7\u00e3o Carlos Chagas (FCC). (2020a). Educa\u00e7\u00e3o escolar em tempos de pandemia. Informe 1. https:\/\/www.fcc.org.br\/fcc\/educacao-pesquisa\/educacao-escolar-em-tempos-de-pandemia-informe-n-1","key":"76_CR39"},{"unstructured":"Funda\u00e7\u00e3o Carlos Chagas (FCC). (2020b). Educa\u00e7\u00e3o escolar em tempos de pandemia. Informe 2. https:\/\/www.fcc.org.br\/fcc\/educacao-pesquisa\/educacao-escolar-em-tempos-de-pandemia-informe-n-2","key":"76_CR40"},{"unstructured":"Funda\u00e7\u00e3o Carlos Chagas (FCC). (2020c). Educa\u00e7\u00e3o escolar em tempos de pandemia. Informe 3. https:\/\/www.fcc.org.br\/fcc\/educacao-pesquisa\/educacao-escolar-em-tempos-de-pandemia-informe-n-3","key":"76_CR41"},{"unstructured":"Global News. (2021). https:\/\/globalnews.ca\/news\/8366682\/ontario-grade-9-academic-applied-streaming-curriculum\/","key":"76_CR42"},{"unstructured":"Gudmundsdottir, G. B., & Hathaway, D. M. (2020). \" We always make it work\": Teachers' agency in the time of crisis. Journal of Technology and Teacher Education, 28(2), 239\u2013250.","key":"76_CR44"},{"key":"76_CR45","series-title":"An RSC policy briefing","first-page":"138","volume-title":"Children and schools during COVID-19 and beyond: Engagement and connection through opportunity","author":"A Hargreaves","year":"2021","unstructured":"Hargreaves, A. (2021). What the COVID-19 pandemic has taught us about teachers and teaching. In Children and schools during COVID-19 and beyond: Engagement and connection through opportunity (An RSC policy briefing) (pp. 138\u2013167)."},{"issue":"1","key":"76_CR46","doi-asserted-by":"publisher","first-page":"68","DOI":"10.1080\/10665684.2020.1863883","volume":"54","author":"G Ladson-Billings","year":"2021","unstructured":"Ladson-Billings, G. (2021). I\u2019m here for the hard re-set: Post pandemic pedagogy to preserve our culture. Equity & Excellence in Education, 54(1), 68\u201378.","journal-title":"Equity & Excellence in Education"},{"unstructured":"Lafontaine, F. (2021). How Canada committed genocide against indigenous peoples, explained by the lawyer central to the determination. The Conversation, June 11, 2021. https:\/\/theconversation.com\/how-canada-committed-genocide-against-indigenous-peoples-explained-by-the-lawyer-central-to-the-determination-162582","key":"76_CR47"},{"issue":"4","key":"76_CR49","first-page":"485","volume":"36","author":"M Maguire","year":"2015","unstructured":"Maguire, M., Braun, A., & Ball, S. (2015). \u2018Where you stand depends on where you sit\u2019: The social construction of policy enactments in the (English) secondary school. Discourse: Studies in the Cultural Politics of Education, 36(4), 485\u2013499.","journal-title":"Discourse: Studies in the Cultural Politics of Education"},{"unstructured":"McCord, C. (2019, November 7). State of Texas plans to take over district after years of serious and persistent deficiencies. https:\/\/www.bizjournals.com\/houston\/news\/2019\/11\/07\/state-of-texas-plans-to-take-over-district-after.html","key":"76_CR50"},{"issue":"2","key":"76_CR52","doi-asserted-by":"publisher","first-page":"170","DOI":"10.1080\/03054985.2020.1822794","volume":"47","author":"N Mockler","year":"2021","unstructured":"Mockler, N., & Stacey, M. (2021). Evidence of teaching practice in an age of accountability: When what can be counted isn\u2019t all that counts. Oxford Review of Education, 47(2), 170\u2013188. https:\/\/doi.org\/10.1080\/03054985.2020.1822794","journal-title":"Oxford Review of Education"},{"issue":"4","key":"76_CR53","first-page":"1","volume":"7","author":"JA Muchmore","year":"2002","unstructured":"Muchmore, J. A. (2002). Methods and ethics in a life history study of teacher thinking. The Qualitative Report, 7(4), 1\u201319.","journal-title":"The Qualitative Report"},{"key":"76_CR54","doi-asserted-by":"publisher","DOI":"10.1787\/eag-2010-en","volume-title":"Education at a glance 2010: OECD indicators","author":"OECD","year":"2010","unstructured":"OECD. (2010). Education at a glance 2010: OECD indicators. OECD."},{"unstructured":"OECD. (2020a). Education and COVID-19: Focusing on the long-term impact of school closures. OECD Publishing. oecd.org\/coronavirus\/policy-responses\/education-and-covid-19-Focusing-on-the-long-term-impact-of-school-closures-2cea926e.","key":"76_CR55"},{"unstructured":"OECD. (2020b). Strengthening online learning when schools are closed: The role of families and teachers in supporting students during the COVID-19 crisis. https:\/\/read.oecdilibrary.org\/view\/?ref=136_136615-o13x4bkowa&title=Strengthening-online-learningWhen-schools-are-closed","key":"76_CR56"},{"unstructured":"OECD. (2020c). The impact of COVID-19 on student equity and inclusion: Supporting vulnerable students during school closures and school re-openings. http:\/\/www.oecd.org\/coronavirus\/policy-responses\/the-impact-of-covid-19-on-student-equity-and-inclusion-supporting-vulnerable-students-during-school-closures-and-school-openings-d593b5c\/#section-d1e3202.","key":"76_CR57"},{"unstructured":"Ontario mathematics proficiency test for certification (2021). Ministry of Education. https:\/\/mathproficiencytest.ca\/#\/mpt-launch","key":"76_CR58"},{"unstructured":"Parekh, G., Killoran, I., & Crawford, C. (2011). The Toronto connection: Poverty, perceived ability, and access to education equity. Canadian Journal of Education, 34(3), 249\u2013279. https:\/\/journals.sfu.ca\/cje\/index.php\/cje-rce\/article\/view\/941","key":"76_CR59"},{"unstructured":"People for Education. (2013). The trouble with course choices in Ontario high schools: Should low income high applied? Report on applied and academic streaming. https:\/\/peopleforeducation.ca\/wp-content\/uploads\/2020\/07\/ People-for-Education-report-on-Applied-and-Academic-streaming.pdf","key":"76_CR60"},{"issue":"3","key":"76_CR61","doi-asserted-by":"publisher","first-page":"57","DOI":"10.34624\/id.v13i3.25509","volume":"13","author":"D Pereira","year":"2021","unstructured":"Pereira, D., Flores, M. A., & Machado, E. A. (2021). Autonomia e flexibilidade curricular na perspetiva dos diretores: entre o ceticismo e a ades\u00e3o. Indagatio Didactica, 13(3), 57\u201376. https:\/\/doi.org\/10.34624\/id.v13i3.25509","journal-title":"Indagatio Didactica"},{"issue":"4","key":"76_CR62","doi-asserted-by":"publisher","first-page":"526","DOI":"10.1002\/sce.21286","volume":"101","author":"TM Philip","year":"2017","unstructured":"Philip, T. M., & Azevedo, F. S. (2017). Everyday science learning and equity: Mapping the contested terrain. Science Education, 101(4), 526\u2013532.","journal-title":"Science Education"},{"unstructured":"Pollard, A. (Ed) (2010). Professionalism and pedagogy: A contemporary opportunity. A commentary by TLRP and GTCE. London: TLRP.","key":"76_CR77"},{"key":"76_CR63","volume-title":"The death and life of the great American school system","author":"D Ravitch","year":"2010","unstructured":"Ravitch, D. (2010). The death and life of the great American school system. Basic Books."},{"unstructured":"Reform Austin Staff. (2021, June 11). School accountability for the state aimed at [Greater] Houston ISD. https:\/\/www.reformaustin.org\/education\/school-accountability-legislation-aimed-at-houston-isd\/","key":"76_CR64"},{"key":"76_CR65","volume-title":"The activist teaching profession","author":"J Sachs","year":"2003","unstructured":"Sachs, J. (2003). The activist teaching profession. Open University Press."},{"unstructured":"Sanagavarapu, P. (2018). From pedagogue to technologue: A journey into flipped classrooms in higher education. International Journal on E-learning, 17(3), 377\u2013399. https:\/\/www.learntechlib.org\/primary\/p\/173324\/","key":"76_CR66"},{"doi-asserted-by":"crossref","unstructured":"Schwab, J. J. (1969). The practical: A language for curriculum. The School Review, 78(1), 1\u201323. http:\/\/www.jstor.org\/stable\/1084049","key":"76_CR67","DOI":"10.1086\/442881"},{"key":"76_CR68","doi-asserted-by":"publisher","first-page":"493","DOI":"10.1086\/442998","volume":"79","author":"JJ Schwab","year":"1971","unstructured":"Schwab, J. J. (1971). The practical: Arts of eclectic. School Review, 79, 493\u2013542. https:\/\/doi.org\/10.1086\/442998","journal-title":"School Review"},{"doi-asserted-by":"crossref","unstructured":"Schwab, J. J. (1983). The practical 4: Something for curriculum professors to do. Curriculum Inquiry, 13(3), 239\u2013265. http:\/\/www.jstor.org\/stable\/1179606?origin=JSTOR-pdf","key":"76_CR69","DOI":"10.1080\/03626784.1983.11075885"},{"key":"76_CR70","volume-title":"Truth and reconciliation commission of Canada: Calls to action","author":"Truth and Reconciliation Commission","year":"2015","unstructured":"Truth and Reconciliation Commission. (2015). Truth and reconciliation commission of Canada: Calls to action. Winnipeg."},{"unstructured":"University of Maryland Medical System. (2021). COVID-19 Vaccines and COVID Variants. https:\/\/www.umms.org\/coronavirus\/covid-vaccine\/facts\/strain","key":"76_CR71"},{"issue":"4","key":"76_CR72","doi-asserted-by":"publisher","first-page":"623","DOI":"10.1080\/02619768.2020.1821185","volume":"43","author":"I Van der Spoel","year":"2020","unstructured":"Van der Spoel, I., Noroozi, O., Schuurink, E., & van Ginkel, S. (2020). Teachers\u2019 online teaching expectations and experiences during the Covid19-pandemic in the Netherlands. European Journal of Teacher Education, 43(4), 623\u2013638. https:\/\/doi.org\/10.1080\/02619768.2020.1821185","journal-title":"European Journal of Teacher Education"},{"doi-asserted-by":"crossref","unstructured":"Vieira, M. F., & Silva, C. M. S. (2021). A educa\u00e7\u00e3o no contexto da pandemia de COVID-19: uma revis\u00e3o sistem\u00e1tica da literatura. Revista Brasileira de Inform\u00e1tica (RBIE), 28, 1013\u20131031. https:\/\/www.br-ie.org\/pub\/index.php\/rbie\/article\/view\/v28p1013","key":"76_CR73","DOI":"10.5753\/rbie.2020.28.0.1013"},{"key":"76_CR74","doi-asserted-by":"publisher","first-page":"117","DOI":"10.2307\/j.ctt2204pqp.9","volume-title":"Education at war: The fight for students of color in America\u2019s public schools","author":"S Vossoughi","year":"2018","unstructured":"Vossoughi, S., & Vakil, S. (2018). Towards what ends? A critical analysis of militarism, equity and STEM education. In A. Ali & T. L. Buenavista (Eds.), Education at war: The fight for students of color in America\u2019s public schools (pp. 117\u2013149). Fordham University."},{"issue":"1","key":"76_CR75","doi-asserted-by":"crossref","first-page":"1","DOI":"10.55016\/ojs\/ajer.v56i1.55379","volume":"56","author":"J Young","year":"2010","unstructured":"Young, J., & Boyd, K. (2010). More than servants of the state: The governance of initial teacher preparation in Canada in an era of school reform. Alberta Journal of Educational Research, 56(1), 1\u201318.","journal-title":"Alberta Journal of Educational Research"},{"key":"76_CR76","volume-title":"The age of surveillance capitalism: The fight for a human future at the new frontier of power","author":"S Zuboff","year":"2019","unstructured":"Zuboff, S. (2019). The age of surveillance capitalism: The fight for a human future at the new frontier of power. Profile Books."}],"container-title":["The Palgrave Handbook of Teacher Education Research"],"original-title":[],"language":"en","link":[{"URL":"https:\/\/link.springer.com\/content\/pdf\/10.1007\/978-3-031-16193-3_76","content-type":"unspecified","content-version":"vor","intended-application":"similarity-checking"}],"deposited":{"date-parts":[[2024,10,16]],"date-time":"2024-10-16T23:58:37Z","timestamp":1729123117000},"score":1,"resource":{"primary":{"URL":"https:\/\/link.springer.com\/10.1007\/978-3-031-16193-3_76"}},"subtitle":[],"short-title":[],"issued":{"date-parts":[[2023]]},"ISBN":["9783031161926","9783031161933"],"references-count":75,"URL":"https:\/\/doi.org\/10.1007\/978-3-031-16193-3_76","relation":{},"subject":[],"published":{"date-parts":[[2023]]},"assertion":[{"value":"22 March 2023","order":1,"name":"first_online","label":"First Online","group":{"name":"ChapterHistory","label":"Chapter History"}}]}}