{"status":"ok","message-type":"work","message-version":"1.0.0","message":{"indexed":{"date-parts":[[2025,3,27]],"date-time":"2025-03-27T07:33:11Z","timestamp":1743060791559,"version":"3.40.3"},"publisher-location":"Cham","reference-count":22,"publisher":"Springer Nature Switzerland","isbn-type":[{"type":"print","value":"9783031472800"},{"type":"electronic","value":"9783031472817"}],"license":[{"start":{"date-parts":[[2023,12,1]],"date-time":"2023-12-01T00:00:00Z","timestamp":1701388800000},"content-version":"tdm","delay-in-days":0,"URL":"https:\/\/www.springernature.com\/gp\/researchers\/text-and-data-mining"},{"start":{"date-parts":[[2023,12,1]],"date-time":"2023-12-01T00:00:00Z","timestamp":1701388800000},"content-version":"vor","delay-in-days":0,"URL":"https:\/\/www.springernature.com\/gp\/researchers\/text-and-data-mining"}],"content-domain":{"domain":["link.springer.com"],"crossmark-restriction":false},"short-container-title":[],"published-print":{"date-parts":[[2024]]},"DOI":"10.1007\/978-3-031-47281-7_73","type":"book-chapter","created":{"date-parts":[[2023,11,30]],"date-time":"2023-11-30T19:02:23Z","timestamp":1701370943000},"page":"911-921","update-policy":"https:\/\/doi.org\/10.1007\/springer_crossmark_policy","source":"Crossref","is-referenced-by-count":0,"title":["Perceptions About the Impact of Audiovisual Storytelling Campaigns on Young Consumers: An Exploratory Study with Higher Education Students"],"prefix":"10.1007","author":[{"ORCID":"https:\/\/orcid.org\/0000-0002-2519-6535","authenticated-orcid":false,"given":"Teresa","family":"Gouveia","sequence":"first","affiliation":[]},{"given":"Ana","family":"Oliveira","sequence":"additional","affiliation":[]},{"ORCID":"https:\/\/orcid.org\/0000-0001-5680-4778","authenticated-orcid":false,"given":"N\u00eddia Salom\u00e9","family":"Morais","sequence":"additional","affiliation":[]},{"ORCID":"https:\/\/orcid.org\/0000-0002-5275-6200","authenticated-orcid":false,"given":"Rui","family":"Raposo","sequence":"additional","affiliation":[]}],"member":"297","published-online":{"date-parts":[[2023,12,1]]},"reference":[{"key":"73_CR1","unstructured":"Ara\u00fajo M (2018) Publicidade audiovisual e a intertextualidade com o cinema: um estudo de recep\u00e7\u00e3o publicit\u00e1ria (disserta\u00e7\u00e3o). Universidade Federal de Pernambuco, Recife. https:\/\/repositorio.ufpe.br\/handle\/123456789\/35883"},{"key":"73_CR2","unstructured":"Bonsignore P, Sassoon J (2014) Branded Content. La nuova frontiera della comunicazione d\u2019impresa (F. Angeli (ed.)). https:\/\/www.francoangeli.it\/Ricerca\/Ricerca_collana_Libri.aspx?Collana=640"},{"key":"73_CR3","unstructured":"de Camargo HW (2013) Mito e filme publicit\u00e1rio: Estruturas de significa\u00e7\u00e3o. SciELO-EDUEL"},{"key":"73_CR4","unstructured":"Carim M, Alves G (2014) Storytelling E O Hist\u00f3rico Do Filme Publicit\u00e1rio: An\u00e1lise Do Comercial \u201cAlways #Likeagirl.\u201d Revista Comunicando, vol 3, pp 203\u2013219. https:\/\/docplayer.com.br\/10279664-Storytelling-e-o-historico-do-filme-publicitariouma-analise-do-comercial-familia-moderna-1"},{"key":"73_CR5","doi-asserted-by":"crossref","unstructured":"Costa M (2013) Narrativas transmidi\u00e1ticas como estrat\u00e9gias publicit\u00e1rias. Cadernos de Comunica\u00e7\u00e3o 17(1):211\u2013240. https:\/\/periodicos.ufsm.br\/ccomunicacao\/article\/view\/10897","DOI":"10.5902\/2316882X10897"},{"key":"73_CR6","doi-asserted-by":"publisher","unstructured":"Covaleski RL (2015) Conte\u00fado de marca e entretenimento: narrativas h\u00edbridas. Comunica\u00e7\u00e3o M\u00eddia e Consumo 12(34):107. https:\/\/doi.org\/10.18568\/1983-7070.1234107-123","DOI":"10.18568\/1983-7070.1234107-123"},{"key":"73_CR7","doi-asserted-by":"publisher","unstructured":"Covaleski RL, Siqueira OAS (2017) Conte\u00fado de Marca Audiovisual e regimes interacionais: reflex\u00f5es sobre o engajamento digital do consumidor. Intercom: Revista Brasileira de Ci\u00eancias Da Comunica\u00e7\u00e3o, 40(2):61\u201375. https:\/\/doi.org\/10.1590\/1809-5844201724","DOI":"10.1590\/1809-5844201724"},{"key":"73_CR8","unstructured":"Frank M (2017) Persuas\u00e3o atrav\u00e9s da emo\u00e7\u00e3o: O Storytelling como recurso para anima\u00e7\u00f5es publicit\u00e1rias (disserta\u00e7\u00e3o). UPF - Faculdade de Artes e Comunica\u00e7\u00e3o (FAC).http:\/\/repositorio.upf.br\/handle\/riupf\/1028"},{"key":"73_CR9","unstructured":"Garcia TP (2017) Storytelling na Publicidade On-line: An\u00e1lise de engajamento do v\u00eddeo The New Volvo XC60 \u2013 Moments (disserta\u00e7\u00e3o). UPF - Faculdade de Artes e Comunica\u00e7\u00e3o (FAC). http:\/\/repositorio.upf.br\/handle\/riupf\/1278"},{"key":"73_CR10","doi-asserted-by":"crossref","unstructured":"Gomez L, Olhats M, P\u00f3lo C (2011) Fashion Branding: uma rela\u00e7\u00e3o emocional com o consumidor. ModaPalavra E-Peri \u00d3dico 4(8). http:\/\/www.revistas.udesc.br\/index.php\/modapalavra\/article\/view\/7820","DOI":"10.5965\/1982615x04082011007"},{"key":"73_CR11","unstructured":"Hardy J (2017) Commentary: branded content and media-marketing convergence. Polit Econ Commun 5(1):81\u201387. http:\/\/www.polecom.org\/index.php\/polecom\/article\/view\/79\/274"},{"key":"73_CR12","unstructured":"Massarolo JC, Mesquita D (2014) Estrat\u00e9gias Contempor\u00e2neas Do Storytelling para M\u00faltiplas Telas. Revista Latinoamericana de Ciencias De La Comunicaci\u00f3n 11:48\u201357. http:\/\/revista.pubalaic.org\/index.php\/alaic\/article\/viewFile\/564\/336"},{"key":"73_CR13","unstructured":"McSill J (2014) 5 li\u00e7\u00f5es de storytelling: fatos, fic\u00e7\u00e3o e fantasia. DVS Editora, S\u00e3o Paulo"},{"key":"73_CR14","volume-title":"Ser\u00e1 mejor que lo cuentes","author":"A N\u00fa\u00f1ez","year":"2007","unstructured":"N\u00fa\u00f1ez A (2007) Ser\u00e1 mejor que lo cuentes. Ediciones Urano, Barcelona"},{"key":"73_CR15","unstructured":"Orozco G, Aguado J, Feijoo C, Mart\u00ednez I (2015) La publicidad ante el reto digital. Revista de Pensamiento Sobre Comunicaci\u00f3n, Tecnolog\u00eda y Sociedad. http:\/\/www.revistasculturales.com\/revistas\/28\/telos-revista-de-pensamientosociedad-y-tecnologia\/num\/99"},{"key":"73_CR16","unstructured":"Reske DL, Souto CB (2018) Storytelling: Emo\u00e7\u00e3o No Filme Publicit\u00e1rio Do Zaffari. Disciplinarum Scientia 19(1):101\u2013117. https:\/\/periodicos.ufn.edu.br\/index.php\/disciplinarumALC\/article\/view\/2473\/2134"},{"key":"73_CR17","unstructured":"Ribaric M (2014) A publicidade audiovisual na sociedade de consumo. Revista Tem\u00e1tica 9(5). https:\/\/www.researchgate.net\/publication\/319939702_A_publicidade_audiovisual_na_sociedade_de_consumo"},{"key":"73_CR18","unstructured":"Rocha MDS (2019) As estrat\u00e9gias de storytelling no branding: mais do que contar hist\u00f3rias \u00e9 fazer hist\u00f3rias. Um case da marca Red Bull. https:\/\/repositorio.ucs.br\/11338\/5681"},{"key":"73_CR19","doi-asserted-by":"crossref","unstructured":"Rodrigues C (2007) Elementos do filme publicit\u00e1rio: A constru\u00e7\u00e3o do sentido crazy. Cadernos de Semi\u00f3tica Aplicada 5(2). https:\/\/periodicos.fclar.unesp.br\/casa\/article\/view\/547\/468","DOI":"10.21709\/casa.v5i2.547"},{"key":"73_CR20","unstructured":"dos S Tomaz SF (2019) Storytelling: a narrativa publicit\u00e1ria To Give More e as reminisc\u00eancias cinematogr\u00e1ficas (disserta\u00e7\u00e3o). Instituto Polit\u00e9cnico de Lisboa, Escola Superior de Comunica\u00e7\u00e3o Social. http:\/\/hdl.handle.net\/10400.21\/11195"},{"key":"73_CR21","unstructured":"Vieira CVF (2009) A Narrativa audiovisual publicit\u00e1ria: a forma comercial e a forma social (disserta\u00e7\u00e3o). Universidade do Minho - Instituto de Ci\u00eancias Sociais. https:\/\/repositorium.sdum.uminho.pt\/bitstream\/1822\/9770\/1\/tese.pdf"},{"key":"73_CR22","unstructured":"Xavier A (2015) Storytelling. Hist\u00f3rias que deixam marcas (1a edi\u00e7\u00e3o). Best Business"}],"container-title":["Springer Series in Design and Innovation","Advances in Design and Digital Communication IV"],"original-title":[],"language":"en","link":[{"URL":"https:\/\/link.springer.com\/content\/pdf\/10.1007\/978-3-031-47281-7_73","content-type":"unspecified","content-version":"vor","intended-application":"similarity-checking"}],"deposited":{"date-parts":[[2023,11,30]],"date-time":"2023-11-30T19:13:36Z","timestamp":1701371616000},"score":1,"resource":{"primary":{"URL":"https:\/\/link.springer.com\/10.1007\/978-3-031-47281-7_73"}},"subtitle":[],"short-title":[],"issued":{"date-parts":[[2023,12,1]]},"ISBN":["9783031472800","9783031472817"],"references-count":22,"URL":"https:\/\/doi.org\/10.1007\/978-3-031-47281-7_73","relation":{},"ISSN":["2661-8184","2661-8192"],"issn-type":[{"type":"print","value":"2661-8184"},{"type":"electronic","value":"2661-8192"}],"subject":[],"published":{"date-parts":[[2023,12,1]]},"assertion":[{"value":"1 December 2023","order":1,"name":"first_online","label":"First Online","group":{"name":"ChapterHistory","label":"Chapter History"}},{"value":"DIGICOM","order":1,"name":"conference_acronym","label":"Conference Acronym","group":{"name":"ConferenceInfo","label":"Conference Information"}},{"value":"International Conference on Design and Digital Communication","order":2,"name":"conference_name","label":"Conference Name","group":{"name":"ConferenceInfo","label":"Conference Information"}},{"value":"Barcelos","order":3,"name":"conference_city","label":"Conference City","group":{"name":"ConferenceInfo","label":"Conference Information"}},{"value":"Portugal","order":4,"name":"conference_country","label":"Conference Country","group":{"name":"ConferenceInfo","label":"Conference Information"}},{"value":"2023","order":5,"name":"conference_year","label":"Conference Year","group":{"name":"ConferenceInfo","label":"Conference Information"}},{"value":"9 October 2023","order":7,"name":"conference_start_date","label":"Conference Start Date","group":{"name":"ConferenceInfo","label":"Conference Information"}},{"value":"11 October 2023","order":8,"name":"conference_end_date","label":"Conference End Date","group":{"name":"ConferenceInfo","label":"Conference Information"}},{"value":"digicom2023","order":10,"name":"conference_id","label":"Conference ID","group":{"name":"ConferenceInfo","label":"Conference Information"}},{"value":"https:\/\/digicom.ipca.pt\/novo\/","order":11,"name":"conference_url","label":"Conference URL","group":{"name":"ConferenceInfo","label":"Conference Information"}}]}}