{"status":"ok","message-type":"work","message-version":"1.0.0","message":{"indexed":{"date-parts":[[2025,5,13]],"date-time":"2025-05-13T16:23:54Z","timestamp":1747153434004,"version":"3.40.5"},"publisher-location":"Cham","reference-count":28,"publisher":"Springer Nature Switzerland","isbn-type":[{"type":"print","value":"9783031652141"},{"type":"electronic","value":"9783031652158"}],"license":[{"start":{"date-parts":[[2024,1,1]],"date-time":"2024-01-01T00:00:00Z","timestamp":1704067200000},"content-version":"tdm","delay-in-days":0,"URL":"https:\/\/www.springernature.com\/gp\/researchers\/text-and-data-mining"},{"start":{"date-parts":[[2024,1,1]],"date-time":"2024-01-01T00:00:00Z","timestamp":1704067200000},"content-version":"vor","delay-in-days":0,"URL":"https:\/\/www.springernature.com\/gp\/researchers\/text-and-data-mining"}],"content-domain":{"domain":["link.springer.com"],"crossmark-restriction":false},"short-container-title":[],"published-print":{"date-parts":[[2024]]},"DOI":"10.1007\/978-3-031-65215-8_2","type":"book-chapter","created":{"date-parts":[[2024,7,25]],"date-time":"2024-07-25T14:28:49Z","timestamp":1721917729000},"page":"13-26","update-policy":"https:\/\/doi.org\/10.1007\/springer_crossmark_policy","source":"Crossref","is-referenced-by-count":0,"title":["Building Bridges to Promote Contemporary Art and Culture"],"prefix":"10.1007","author":[{"ORCID":"https:\/\/orcid.org\/0000-0003-2088-4520","authenticated-orcid":false,"given":"Anabela","family":"Moura","sequence":"first","affiliation":[]},{"ORCID":"https:\/\/orcid.org\/0000-0002-7601-4340","authenticated-orcid":false,"given":"Raquel","family":"Moreira","sequence":"additional","affiliation":[]}],"member":"297","published-online":{"date-parts":[[2024,7,26]]},"reference":[{"key":"2_CR1","unstructured":"Barbosa, A. (2004). Lowenfeld, uma entrevista encontrada por Ana Mae Barbosa, In Revista Digital Art &: ano II, n.02. http:\/\/www.geocities.com"},{"key":"2_CR2","unstructured":"Bazalgette, C. (1991). Los medios audiovisuales en la educaci\u00f3n primaria. MEC\/Ediciones Morata"},{"key":"2_CR3","volume-title":"Modos de Ver","author":"J Berger","year":"1999","unstructured":"Berger, J. (1999). Modos de Ver. Edi\u00e7\u00f5es 70."},{"key":"2_CR4","volume-title":"Did\u00e1tica del Museo: El descubrimento de los objetos","author":"\u00c1G Blanco","year":"1994","unstructured":"Blanco, \u00c1. G. (1994). Did\u00e1tica del Museo: El descubrimento de los objetos. Ediciones de la Torre."},{"key":"2_CR5","volume-title":"Investiga\u00e7\u00e3o Qualitativa em Educa\u00e7\u00e3o \u2013 uma Introdu\u00e7\u00e3o \u00e0 Teoria e aos M\u00e9todos","author":"R Bogdan","year":"1994","unstructured":"Bogdan, R., & Biklen, S. (1994). Investiga\u00e7\u00e3o Qualitativa em Educa\u00e7\u00e3o \u2013 uma Introdu\u00e7\u00e3o \u00e0 Teoria e aos M\u00e9todos. Cole\u00e7\u00e3o Ci\u00eancias da Educa\u00e7\u00e3o."},{"key":"2_CR6","unstructured":"Cala\u00e7a, M., & Huber, E. (2009). Fotografia \u2013 instrumento de registo e alguns efeitos de inova\u00e7\u00f5es tecnol\u00f3gicas. Sociedade Brasileira de estudo interdisciplinares da comunica\u00e7\u00e3o. Dispon\u00edvel em http:\/\/www.intercom.org.br\/papers\/nacionais\/2009\/resumos\/R4-1380-1.pdf"},{"key":"2_CR7","unstructured":"Cunha, M. J. S. (2009). Anima\u00e7\u00e3o sociocultural na terceira idade. Ousadias."},{"key":"2_CR9","unstructured":"Duarte, A. (1993). Educa\u00e7\u00e3o patrimonial: Guia para professores, educadores e monitores de museus e tempos livres. Porto Editora"},{"key":"2_CR10","doi-asserted-by":"crossref","unstructured":"E\u00e7a, T. (2009). A educa\u00e7\u00e3o art\u00edstica e as prioridades educativas do in\u00edcio do s\u00e9culo XXI. In: Revista Ibero-americana de Educa\u00e7\u00e3o, n.52, Set.\/Dez. 2009. Dispon\u00edvel em http:\/\/www.rieoei.org\/rie52a07.htm","DOI":"10.35362\/rie520581"},{"key":"2_CR11","volume-title":"Semi\u00f3tica e Filosofia da Linguagem","author":"U Eco","year":"2001","unstructured":"Eco, U. (2001). Semi\u00f3tica e Filosofia da Linguagem. Instituto Piaget."},{"key":"2_CR12","unstructured":"Faria, M., Teixeira, G., & Vlachou, M. (2013). Museus e P\u00fablico S\u00e9nior em Portugal: Percep\u00e7\u00f5es, Utiliza\u00e7\u00f5es, Recomenda\u00e7\u00f5es. Funda\u00e7\u00e3o Calouste Gulbenkian, GAM. http:\/\/www.gulbenkian.pt\/media\/files\/agenda\/eventos13\/BrochuraMuseu0803Book.pdf"},{"key":"2_CR13","unstructured":"Hinkel, I. A. (2016). What is contemporary art? Open Access Theses 971. https:\/\/docs.lib.purdue.edu\/open_access_theses\/971"},{"key":"2_CR14","unstructured":"Lopes, M. S., & Peres, M. S. (2006). Anima\u00e7\u00e3o sociocultural e necessidades educativas especiais. Interven\u00e7\u00e3o Associa\u00e7\u00e3o para a Promo\u00e7\u00e3o e Divulga\u00e7\u00e3o Cultural (pp. 86\u2013102)."},{"key":"2_CR15","volume-title":"Por uma arte-educa\u00e7\u00e3o multicultural","author":"R Mason","year":"2001","unstructured":"Mason, R. (2001). Por uma arte-educa\u00e7\u00e3o multicultural. Mercado das Letras."},{"key":"2_CR16","unstructured":"Metz, C. (1972). A significa\u00e7\u00e3o no cinema. Tradu\u00e7\u00e3o de Jean-Claude Bernadet. Perspectiva"},{"key":"2_CR8","unstructured":"Ministry of Education (2005). Decreto-Lei(Law of the Education System) n\u00b0 49\/2005, de 30 de agosto- Lei de Bases do Sistema Educativo, artigo 1\u00b0"},{"key":"2_CR17","unstructured":"Moles, A. (1972). Th\u00e9orie de l\u2019information et perception esth\u00e8tique. Denoel."},{"key":"2_CR18","first-page":"250","volume":"7","author":"RA Moreira","year":"2017","unstructured":"Moreira, R. A. (2017). Arte, t\u00e9cnica e ci\u00eancia: formas de cont\u00e1gio. Di\u00e1logos com a Arte: revista de arte, cultura e educa\u00e7\u00e3o, 7 1\u00aa edi\u00e7\u00e3o lus\u00f3fona Tamarindo, 7, 250\u2013261. https:\/\/jpereiraese.wixsite.com\/dialogoscomaarte\/anteriores","journal-title":"Di\u00e1logos com a Arte: revista de arte, cultura e educa\u00e7\u00e3o, 7 1\u00aa edi\u00e7\u00e3o lus\u00f3fona Tamarindo"},{"key":"2_CR19","unstructured":"Moura, A. (2002a). Perspectivas multiculturais sobre o conceito de patrim\u00f3nio art\u00edstico, In Revista Galega do Ensino, Conseller\u00eda de Educaci\u00f3n Ordenaci\u00f3n Universit\u00e1ria, Direcci\u00f3n Xeral de Pol\u00edtica Lingu\u00edstica, (34), ISSN: 1133-911X, pp. 191\u2013213"},{"key":"2_CR20","unstructured":"Moura, A. (2002b). Tend\u00eancias nacionais e internacionais em educa\u00e7\u00e3o Multicultural. In Express\u00e3o-Revista do centro de artes e letras (pp. 5\u201322). USFM."},{"key":"2_CR21","first-page":"42","volume-title":"EnsinArte, revista das artes em contexto educacional, (7&8)","author":"A Moura","year":"2006","unstructured":"Moura, A., & Cruz, A. (2006). Tradi\u00e7\u00f5es Hiddenstream em Arte: Valores e Preconceitos. In EnsinArte, revista das artes em contexto educacional, (7&8) (pp. 42\u201350). Universidade do Minho, CESC."},{"key":"2_CR22","unstructured":"Olmos, M. L. M. (1992). La animaci\u00f3n sociocultural como un nuevo tipo de educaci\u00f3n. In J. M. Quintana (Coord.), Fundamentos de animaci\u00f3n sociocultural (3\u00aa ed., pp. 33\u201348). Narcea."},{"key":"2_CR23","volume-title":"O animador sociocultural no s\u00e9culo XXI: perfil, fun\u00e7\u00f5es, \u00e2mbitos, metodologias, modelos de forma\u00e7\u00e3o, projetos de interven\u00e7\u00e3o","author":"J Pereira","year":"2015","unstructured":"Pereira, J., Lopes, M., & Maciel, M. (2015). O animador sociocultural no s\u00e9culo XXI: perfil, fun\u00e7\u00f5es, \u00e2mbitos, metodologias, modelos de forma\u00e7\u00e3o, projetos de interven\u00e7\u00e3o. Interven\u00e7\u00e3o."},{"key":"2_CR24","volume-title":"Multim\u00e9dia e Tecnologias Interativas","author":"N Ribeiro","year":"2004","unstructured":"Ribeiro, N. (2004). Multim\u00e9dia e Tecnologias Interativas. LIDEL."},{"key":"2_CR25","volume-title":"Interculturalismo e est\u00e9tica do cotidiano no ensino das Artes Visuais","author":"I Richter","year":"2000","unstructured":"Richter, I. (2000). Interculturalismo e est\u00e9tica do cotidiano no ensino das Artes Visuais. Tese Doutorado em Educa\u00e7\u00e3o. Faculdade de Educa\u00e7\u00e3o, Universidade Estadual de Campinas."},{"key":"2_CR26","unstructured":"Sobral, M. (2020). Centro Interpretativo de S. Louren\u00e7o. Escola Superior de Educa\u00e7\u00e3o (Higher School of Education) at Viana do Castelo Polytechnic."},{"key":"2_CR27","volume-title":"Sobre Fotografia","author":"S Sontag","year":"2007","unstructured":"Sontag, S. (2007). Sobre Fotografia. Companhia das letras."},{"issue":"1","key":"2_CR28","first-page":"59","volume":"V11","author":"FL Villani","year":"2008","unstructured":"Villani, F. L. (2008). Os Aspetos \u00c9ticos que Envolvem a Educa\u00e7\u00e3o na Terceira Idade. In Revista Kair\u00f3s: Gerontologia (S\u00e3o Paulo), V11(1), 59\u201377.","journal-title":"In Revista Kair\u00f3s: Gerontologia (S\u00e3o Paulo)"}],"container-title":["Interdisciplinary Approaches for Educators' and Learners\u2019 Well-being"],"original-title":[],"language":"en","link":[{"URL":"https:\/\/link.springer.com\/content\/pdf\/10.1007\/978-3-031-65215-8_2","content-type":"unspecified","content-version":"vor","intended-application":"similarity-checking"}],"deposited":{"date-parts":[[2024,7,25]],"date-time":"2024-07-25T14:40:14Z","timestamp":1721918414000},"score":1,"resource":{"primary":{"URL":"https:\/\/link.springer.com\/10.1007\/978-3-031-65215-8_2"}},"subtitle":[],"short-title":[],"issued":{"date-parts":[[2024]]},"ISBN":["9783031652141","9783031652158"],"references-count":28,"URL":"https:\/\/doi.org\/10.1007\/978-3-031-65215-8_2","relation":{},"subject":[],"published":{"date-parts":[[2024]]},"assertion":[{"value":"26 July 2024","order":1,"name":"first_online","label":"First Online","group":{"name":"ChapterHistory","label":"Chapter History"}}]}}