{"status":"ok","message-type":"work","message-version":"1.0.0","message":{"indexed":{"date-parts":[[2025,4,13]],"date-time":"2025-04-13T04:08:07Z","timestamp":1744517287177,"version":"3.40.4"},"publisher-location":"Cham","reference-count":48,"publisher":"Springer Nature Switzerland","isbn-type":[{"type":"print","value":"9783031778674"},{"type":"electronic","value":"9783031778681"}],"license":[{"start":{"date-parts":[[2025,1,1]],"date-time":"2025-01-01T00:00:00Z","timestamp":1735689600000},"content-version":"tdm","delay-in-days":0,"URL":"https:\/\/www.springernature.com\/gp\/researchers\/text-and-data-mining"},{"start":{"date-parts":[[2025,1,1]],"date-time":"2025-01-01T00:00:00Z","timestamp":1735689600000},"content-version":"vor","delay-in-days":0,"URL":"https:\/\/www.springernature.com\/gp\/researchers\/text-and-data-mining"}],"content-domain":{"domain":["link.springer.com"],"crossmark-restriction":false},"short-container-title":[],"published-print":{"date-parts":[[2025]]},"DOI":"10.1007\/978-3-031-77868-1_20","type":"book-chapter","created":{"date-parts":[[2025,1,21]],"date-time":"2025-01-21T18:23:34Z","timestamp":1737483814000},"page":"427-451","update-policy":"https:\/\/doi.org\/10.1007\/springer_crossmark_policy","source":"Crossref","is-referenced-by-count":0,"title":["Populism as a Communication Phenomenon in Portugal: The Dimensions of the Other"],"prefix":"10.1007","author":[{"ORCID":"https:\/\/orcid.org\/0000-0001-8701-527X","authenticated-orcid":false,"given":"Isabel Ferin","family":"Cunha","sequence":"first","affiliation":[]}],"member":"297","published-online":{"date-parts":[[2025,1,22]]},"reference":[{"issue":"4","key":"20_CR1","doi-asserted-by":"publisher","first-page":"224","DOI":"10.17645\/pag.v9i4.5002","volume":"9","author":"D Albertazzi","year":"2021","unstructured":"Albertazzi, D., & Van Kessel, S. (2021). Right-wing populist party organization across Europe: The survival of the mass-party? Politics and Governance, 9(4), 224\u2013227.","journal-title":"Politics and Governance"},{"key":"20_CR3","unstructured":"Baganha, Y., G\u00f3is, P., & Marques, J. C. (2006). Bibliografia sobre a imigra\u00e7\u00e3o em Portugal. Centro de Estudos Sociais da Universidade de Coimbra: N\u00facleo de Estudos das Migra\u00e7\u00f5es."},{"issue":"38","key":"20_CR4","doi-asserted-by":"publisher","first-page":"123","DOI":"10.14195\/2183-5462_38_6","volume":"21","author":"CM Baptista","year":"2021","unstructured":"Baptista, C. M., Ferreira, A. C. T., & Ferreira, A. H. (2021). Hibridismo e transmedialidade na comunica\u00e7\u00e3o pol\u00edtica dos partidos portugueses no Instagram e no jornalismo pol\u00edtico televisivo. Media & Jornalismo, 21(38), 123\u2013142.","journal-title":"Media & Jornalismo"},{"key":"20_CR5","doi-asserted-by":"publisher","first-page":"346","DOI":"10.1017\/S175504832300010X","volume":"16","author":"C Beuter","year":"2023","unstructured":"Beuter, C., Kortmann, M., Nette, L. K., & Ruckt\u00e4sche, K. (2023). Populism and religion: An intricate and varying relationship. Politics and Religion, 16, 346\u2013350.","journal-title":"Politics and Religion"},{"key":"20_CR6","volume-title":"Race relations in the Portuguese Colonial Empire 1415\u20131825","author":"C Boxer","year":"1963","unstructured":"Boxer, C. (1963). Race relations in the Portuguese Colonial Empire 1415\u20131825. Clarendon Press."},{"key":"20_CR7","unstructured":"Cabrera, A. (2013). Censura e estrat\u00e9gias censurantes na sociedade contempor\u00e2nea. In A. Cabrera (Ed.), Censura nunca mais! Censura ao teatro e ao cinema durante o Estado Novo (pp. 15\u201375). Aletheia Editores."},{"key":"20_CR03","unstructured":"Caeiro, M. D.F. (2019). M\u00e9dia e populismo: em busca das ra\u00edzes da excepcionalidade do caso portugu\u00eas. Disserta\u00e7\u00e3o submetida como requisito\nparcial para obten\u00e7\u00e3o do grau de Mestre em Ci\u00eancia Pol\u00edtica ao Instituto Universit\u00e1rio de Lisboa. Departamento Ci\u00eancia Pol\u00edtica e Pol\u00edticas\nP\u00fablicas."},{"key":"20_CR8","unstructured":"Canavilhas, J. (2009). A Comunica\u00e7\u00e3o Pol\u00edtica na Era da Internet. http:\/\/www.bocc.uff.br\/pag\/canavilhas-joao-comunicacao-politica-na-era-da-internet.pdf"},{"key":"20_CR9","unstructured":"Cardoso, G., Couraceiro, P., & Martinho, A. P. (2019). A esquerda no parlamento e a direita na televis\u00e3o? European Journalism Observatory. 8 de junho. https:\/\/pt.ejo.ch\/top-stories\/a-esquerda-no-parlamento-e-a-direita-na-televisao"},{"key":"20_CR10","unstructured":"Cardoso, G., Paisana, M., & Pinto-Martinho, A. (2022). Reuters digital news report Portugal 2021. Reuters Institute for the Study of Journalism. OBERCOM. https:\/\/obercom.pt\/digital-news-report-2021-portugal\/"},{"issue":"1","key":"20_CR11","doi-asserted-by":"publisher","first-page":"79","DOI":"10.1163\/25888072-02011021","volume":"2","author":"C De La Torre","year":"2019","unstructured":"De La Torre, C., & Mazzoleni, O. (2019). Do we need a minimum definition of populism? An appraisal of Mudde\u2019s conceptualization. Populism, 2(1), 79\u201395.","journal-title":"Populism"},{"key":"20_CR13","doi-asserted-by":"crossref","unstructured":"Delaunay, M. (2022). Migra\u00e7\u00e3o de regresso para Portugal Portugal e o regresso dos colonos de Angola e Mo\u00e7ambique Resposta governativa e mem\u00f3ria. Cidades Comunidades e Territ\u00f3rios, n\u00ba 44.","DOI":"10.15847\/cct.25441"},{"key":"20_CR12","doi-asserted-by":"crossref","unstructured":"De Vreese, C. H., Esser, F., Aalberg, T., Reinemann, C., & Stanyer, J. (2018). Populism as an expression of political communication content and style: A new perspective. The International Journal of Press\/Politics, 1\u201316.","DOI":"10.1177\/1940161218790035"},{"issue":"1","key":"20_CR14","doi-asserted-by":"publisher","first-page":"79","DOI":"10.34135\/sjps.220104","volume":"22","author":"JF Dias","year":"2022","unstructured":"Dias, J. F. (2022). Political Messianism in Portugal, the case of Andr\u00e9 Ventura. Slovak Journal of Political Sciences, 22(1), 79\u2013107.","journal-title":"Slovak Journal of Political Sciences"},{"issue":"4","key":"20_CR15","doi-asserted-by":"publisher","first-page":"503","DOI":"10.1080\/13608746.2018.1525914","volume":"23","author":"JM Fernandes","year":"2018","unstructured":"Fernandes, J. M., Magalh\u00e3es, P. C., & Santana-Pereira, J. (2018). Portugal\u2019s leftist government: From sick man to poster boy? South European Society and Politics, 23(4), 503\u2013524.","journal-title":"South European Society and Politics"},{"issue":"26","key":"20_CR17","doi-asserted-by":"publisher","first-page":"323","DOI":"10.20287\/ec.n26.v1.a19","volume":"1","author":"R Figueiras","year":"2018","unstructured":"Figueiras, R. (2018). Pluralismo ou Paralelismo? O coment\u00e1rio pol\u00edtico nos notici\u00e1rios do prime-time na televis\u00e3o portuguesa. Estudos em Comunica\u00e7\u00e3o, 1(26), 323\u2013343.","journal-title":"Estudos em Comunica\u00e7\u00e3o"},{"key":"20_CR18","doi-asserted-by":"publisher","DOI":"10.1525\/9780520968042","volume-title":"From fascism to populism in history","author":"F Finchelstein","year":"2017","unstructured":"Finchelstein, F. (2017). From fascism to populism in history. University California Press."},{"key":"20_CR19","doi-asserted-by":"crossref","unstructured":"Freedman, D. (D. J.). (2019). \u201cPublic service\u201d and the journalism crisis: Is the BBC the answer? Television & New Media, 20(3), 203\u2013218.","DOI":"10.1177\/1527476418760985"},{"key":"20_CR20","doi-asserted-by":"crossref","unstructured":"Giorgi, A. (2020). Quand l\u2019\u00e9galit\u00e9 de genre est-elle devenue l\u2019 id\u00e9ologie du genre? L\u2019\u00e9trange cas du Portugal. In R. Kuhar & D. Peternotte (Eds.), Campagne anti-genre en Europe. Des mobilisations contre l\u2019\u00e9galit\u00e9 (pp. 247\u2013268). Presses Universitaire de Lyon, \u00e9dition \u00e9lectronique.","DOI":"10.4000\/books.pul.29576"},{"key":"20_CR21","doi-asserted-by":"crossref","unstructured":"Guazina, L. S. (2021). Populismo de direita e autoritarismos: apontamentos te\u00f3ricos para estudos sobre a comunica\u00e7\u00e3o populista. https:\/\/impactum-journals.uc.pt\/mediapolis\/article\/view\/8388\/7172","DOI":"10.14195\/2183-6019_12_3"},{"key":"20_CR24","unstructured":"Jaramillo, D. G. (2021). Constructing the \u201cgood Portuguese\u201d and their enemy-others: The discourse of the far-right Chega party on social media. ISCTE, Master in, Social and Organizational Psychology."},{"key":"20_CR25","unstructured":"Laclau, E. (2005). Populism: What\u2019s in a name? In B. Aretxaga, C. Dworkin, J. Gabilondo, & J. Zulaika (Eds.), Populism and the mirror of democracy (pp. 103\u2013114)."},{"key":"20_CR27","unstructured":"Lopes, F., & Botelho, L. (2019). Marcelo Presidente todos os dias. Porto Editora."},{"key":"20_CR26","unstructured":"Lopes, R. H. P. (2021). As Redes Sociais como plataforma para os outsiders pol\u00edticos: Uma investiga\u00e7\u00e3o emp\u00edrica sobre os tr\u00eas novos partidos na Assembleia da Rep\u00fablica com a XIV legislatura. Disserta\u00e7\u00e3o de mestrado, Escola Superior de Comunica\u00e7\u00e3o Social de Lisboa."},{"key":"20_CR28","unstructured":"Marchi, R. (2012). A extrema-direita portuguesa na \u201cRua\u201d: da transi\u00e7\u00e3o \u00e0 democracia (1976\u20131980). Locus: revista de hist\u00f3ria, Juiz de Fora, 18(1), 167\u2013186."},{"key":"20_CR30","unstructured":"Marchi, R. (2022). A bolha: uma direita antipopulista. Edi\u00e7\u00f5es 70."},{"key":"20_CR32","doi-asserted-by":"publisher","first-page":"49","DOI":"10.1057\/9780230592100_4","volume-title":"Twenty-first century populism","author":"G Mazzoleni","year":"2008","unstructured":"Mazzoleni, G. (2008). Populism and the media. In D. Albertazzi & D. McDonnell (Eds.), Twenty-first century populism (pp. 49\u201364). Palgrave Macmillan."},{"key":"20_CR33","unstructured":"Mazzoleni, G. (2023). Research on populist political communication. Have we said the last word? In I. Cunha, L. S. Guazina, A. Cabrera, & C. Martins, Media, populism and corruption (pp. 11\u201323). Ebook ICNOVA."},{"key":"20_CR31","doi-asserted-by":"crossref","unstructured":"Mazzoleni, G., & Bracciale, R. (2018). Socially mediated populism: The communicative strategies of political leaders on Facebook. Palgrave Communications, 1\u201310.","DOI":"10.1057\/s41599-018-0104-x"},{"key":"20_CR34","doi-asserted-by":"publisher","first-page":"289","DOI":"10.1515\/9783110238174.289","volume-title":"Political communication","author":"B McNair","year":"2014","unstructured":"McNair, B. (2014). The media as political actors. In Political communication (pp. 289\u2013304). De Gruyter Mouton."},{"volume-title":"Right-wing in Europe extremism: Country analyses, counterstrategies and labor-market oriented exit strategies","year":"2013","key":"20_CR35","unstructured":"Melzer, R., & Serafin, S. (Eds.). (2013). Right-wing in Europe extremism: Country analyses, counterstrategies and labor-market oriented exit strategies. Friedrich-Ebert-Stiftung Friedrich Ebert Foundation."},{"key":"20_CR36","doi-asserted-by":"publisher","DOI":"10.2307\/j.ctvqsdsd8","volume-title":"The global rise of populism","author":"B Moffitt","year":"2016","unstructured":"Moffitt, B. (2016). The global rise of populism. University Press."},{"issue":"2","key":"20_CR37","doi-asserted-by":"publisher","first-page":"381","DOI":"10.1111\/1467-9248.12032","volume":"62","author":"B Moffitt","year":"2013","unstructured":"Moffitt, B., & Tormey, S. (2013). Rethinking populism: Politics, mediatisation and political style. Political Studies, 62(2), 381\u2013397.","journal-title":"Political Studies"},{"key":"20_CR38","doi-asserted-by":"publisher","first-page":"125","DOI":"10.3917\/rpec.172.0125","volume":"17","author":"M Mohiuddin","year":"2016","unstructured":"Mohiuddin, M., Parvin, S. S., Sultana, M. A., & Karuranga, E. (2016). Media coverage of global financial crisis and formation of societal perception and behaviours: A qualitative content analysis perspective. Revue de Philosophie \u00c9conomique, 17, 125\u2013146.","journal-title":"Revue de Philosophie \u00c9conomique"},{"key":"20_CR39","volume-title":"The return of the political","author":"C Mouffe","year":"2020","unstructured":"Mouffe, C. (2020). The return of the political. Verso."},{"key":"20_CR41","doi-asserted-by":"crossref","unstructured":"Mudde, C. (2016). The study of populist radical right parties: Towards a fourth wave. C-REX Working Paper Series, Oslo, 1.","DOI":"10.4324\/9781315514574"},{"key":"20_CR42","doi-asserted-by":"crossref","unstructured":"Novais, R. A. (2022). Na linha do fogo: a adversatividade do jornalismo de investiga\u00e7\u00e3o portugu\u00eas na cobertura do populismo de extrema-direita. Revista Media & Jornalismo, 22(40), 301\u2013318. https:\/\/impactum-journals.uc.pt\/mj\/issue\/view\/714\/299","DOI":"10.14195\/2183-5462_40_15"},{"key":"20_CR43","doi-asserted-by":"crossref","unstructured":"Page, B. I. (1996, March). The mass media as political actors. Political Science & Politics, 29(1), 20\u201324. https:\/\/www.uvm.edu\/~dguber\/POLS21\/articles\/page.htm","DOI":"10.2307\/420185"},{"key":"20_CR02","unstructured":"Pinto, A. C. (1995). The radical right in contemporary Portugal. In The far right in western and eastern Europe (2nd ed., por Ferguson,\nRonnie; Cheles, Luciano; Vaughan, Micalina, pp. 108\u2013128). Longman."},{"key":"20_CR46","volume-title":"Mediacracia. Comunica\u00e7\u00e3o e Pol\u00edtica na Era da Mediatiza\u00e7\u00e3o","author":"H Prior","year":"2021","unstructured":"Prior, H. (2021). Mediacracia. Comunica\u00e7\u00e3o e Pol\u00edtica na Era da Mediatiza\u00e7\u00e3o. Media XXI."},{"key":"20_CR47","unstructured":"Quadros, A. (1963). Ant\u00f3nio Ferro. Edi\u00e7\u00f5es Panorama."},{"key":"20_CR48","doi-asserted-by":"crossref","unstructured":"Rezola, M. I. (2019). Romper com o passado: a Revolu\u00e7\u00e3o nos M\u00e9dia (Portugal, 1974\u20131975). Revista Media & Jornalismo, 19, 35, 249\u2013262.","DOI":"10.14195\/2183-5462_35_17"},{"key":"20_CR50","doi-asserted-by":"crossref","unstructured":"Salgado, S., & Zuquete, J. P. (2017) Portugal: Discreet populisms amid unfavorable contexts and stigmatization. In T. Aalberg, F. Esser, C. S. Reinemann, & C. De Vreese, C. (Eds.), Populist political communication in Europe (pp. 245\u2013258). Routledge.","DOI":"10.4324\/9781315623016-27"},{"key":"20_CR01","doi-asserted-by":"crossref","unstructured":"Serrano, E. (2022). A pandemia Covid-19 enfraqueceu o populismo? O caso do partido populista portugu\u00eas. Media & Jornalismo, 22(40), 57\u201377.","DOI":"10.14195\/2183-5462_40_3"},{"issue":"3","key":"20_CR54","doi-asserted-by":"publisher","first-page":"228","DOI":"10.1177\/1940161208319097","volume":"13","author":"J Str\u00f6mb\u00e4ck","year":"2008","unstructured":"Str\u00f6mb\u00e4ck, J. (2008). Four phases of mediatization: An analysis of the mediatization of politics. The International Journal of Press\/Politics, 13(3), 228\u2013246.","journal-title":"The International Journal of Press\/Politics"},{"key":"20_CR55","volume-title":"Audi\u00eancias e cross-media: estudo de padr\u00f5es de consumo de not\u00edcias em Portugal","author":"M Torres da Silva","year":"2017","unstructured":"Torres da Silva, M., Figueiras, R., Brites, M. J., Amaral, I., Mar\u00f4po, L., Santos, S., Jer\u00f4nimo, P., Esp\u00edrito-Santo, P., & Pacheco, L. (2017). Audi\u00eancias e cross-media: estudo de padr\u00f5es de consumo de not\u00edcias em Portugal. Universidade da Beira Interior. LabCom. IFP - Comunica\u00e7\u00e3o, Filosofia e Humanidades."},{"key":"20_CR56","unstructured":"Traquina, N. (1997). Big Show Media: viagem pelo mundo do audiovisual portugu\u00eas. Editorial Not\u00edcias."},{"issue":"229","key":"20_CR57","doi-asserted-by":"publisher","first-page":"958","DOI":"10.31447\/as00032573.2018229.05","volume":"53","author":"J Valentim","year":"2018","unstructured":"Valentim, J., Poeschl, G., & Forte, T. (2018). O que fazer face \u00e0 crise? Representa\u00e7\u00f5es sociais da disposi\u00e7\u00e3o para agir. An\u00e1lise Social, 53(229), 958\u2013983.","journal-title":"An\u00e1lise Social"}],"container-title":["Global Political Sociology","The Palgrave Handbook on Right-Wing Populism and Otherness in Global Perspective"],"original-title":[],"language":"en","link":[{"URL":"https:\/\/link.springer.com\/content\/pdf\/10.1007\/978-3-031-77868-1_20","content-type":"unspecified","content-version":"vor","intended-application":"similarity-checking"}],"deposited":{"date-parts":[[2025,4,12]],"date-time":"2025-04-12T06:47:48Z","timestamp":1744440468000},"score":1,"resource":{"primary":{"URL":"https:\/\/link.springer.com\/10.1007\/978-3-031-77868-1_20"}},"subtitle":[],"short-title":[],"issued":{"date-parts":[[2025]]},"ISBN":["9783031778674","9783031778681"],"references-count":48,"URL":"https:\/\/doi.org\/10.1007\/978-3-031-77868-1_20","relation":{},"ISSN":["2946-5559","2946-5567"],"issn-type":[{"type":"print","value":"2946-5559"},{"type":"electronic","value":"2946-5567"}],"subject":[],"published":{"date-parts":[[2025]]},"assertion":[{"value":"22 January 2025","order":1,"name":"first_online","label":"First Online","group":{"name":"ChapterHistory","label":"Chapter History"}}]}}