{"status":"ok","message-type":"work","message-version":"1.0.0","message":{"indexed":{"date-parts":[[2025,10,9]],"date-time":"2025-10-09T00:28:13Z","timestamp":1759969693979,"version":"build-2065373602"},"publisher-location":"Cham","reference-count":37,"publisher":"Springer Nature Switzerland","isbn-type":[{"value":"9783031822902","type":"print"},{"value":"9783031822919","type":"electronic"}],"license":[{"start":{"date-parts":[[2025,10,5]],"date-time":"2025-10-05T00:00:00Z","timestamp":1759622400000},"content-version":"tdm","delay-in-days":0,"URL":"https:\/\/www.springernature.com\/gp\/researchers\/text-and-data-mining"},{"start":{"date-parts":[[2025,10,5]],"date-time":"2025-10-05T00:00:00Z","timestamp":1759622400000},"content-version":"vor","delay-in-days":0,"URL":"https:\/\/www.springernature.com\/gp\/researchers\/text-and-data-mining"}],"content-domain":{"domain":["link.springer.com"],"crossmark-restriction":false},"short-container-title":[],"published-print":{"date-parts":[[2026]]},"DOI":"10.1007\/978-3-031-82291-9_24","type":"book-chapter","created":{"date-parts":[[2025,10,8]],"date-time":"2025-10-08T07:22:31Z","timestamp":1759908151000},"page":"331-349","update-policy":"https:\/\/doi.org\/10.1007\/springer_crossmark_policy","source":"Crossref","is-referenced-by-count":0,"title":["Assessment of Psychosocial Factors in the Brazilian Occupational Context\u2014A Scoping Review"],"prefix":"10.1007","author":[{"ORCID":"https:\/\/orcid.org\/0009-0000-8494-2916","authenticated-orcid":false,"given":"Claudia","family":"Ollay","sequence":"first","affiliation":[]},{"ORCID":"https:\/\/orcid.org\/0000-0002-3897-2732","authenticated-orcid":false,"given":"Anabela","family":"Pereira","sequence":"additional","affiliation":[]},{"ORCID":"https:\/\/orcid.org\/0000-0003-2950-5208","authenticated-orcid":false,"given":"Teresa Patrone","family":"Cotrim","sequence":"additional","affiliation":[]}],"member":"297","published-online":{"date-parts":[[2025,10,5]]},"reference":[{"key":"24_CR1","doi-asserted-by":"publisher","unstructured":"Alencar, de M.C.B., Valen\u00e7a, J.B.M.: Afastamento do trabalho e funcionalidade: O caso de trabalhadores adoecidos por doen\u00e7as da coluna lombar. Cad. Ter. Ocup. 24(4), 755\u2013763 (2016). https:\/\/doi.org\/10.4322\/0104-4931.ctoAO0732","DOI":"10.4322\/0104-4931.ctoAO0732"},{"key":"24_CR2","doi-asserted-by":"publisher","first-page":"104","DOI":"10.1016\/j.shaw.2021.11.004","volume":"13","author":"MA Andrade","year":"2022","unstructured":"Andrade, M.A., Castro, C.S.M., Batist\u00e3o, M.V., Mininel, V.A., Sato, T.O.: Occupational profile, psychosocial aspects, and work ability of Brazilian workers during COVID-19 Pandemic: IMPPAC cohort. Saf. Health Work 13, 104\u2013111 (2022). https:\/\/doi.org\/10.1016\/j.shaw.2021.11.004","journal-title":"Saf. Health Work"},{"key":"24_CR3","unstructured":"Antunes, R., Druck, G.: A terceiriza\u00e7\u00e3o sem limites: a precariza\u00e7\u00e3o do trabalho como regra. O Social em Quest\u00e3o 18(34), 19\u201340. https:\/\/www.redalyc.org\/articulo.oa?id=552264586001 (2015)"},{"key":"24_CR4","doi-asserted-by":"publisher","unstructured":"Atz, M.V., Remor, E.: Fatores psicossociais associados ao estilo de vida saud\u00e1vel em servidores p\u00fablicos universit\u00e1rios. Rev. Psicol. Divers. Sa\u00fade 11, e4033 (2022). https:\/\/doi.org\/10.17267\/2317-3394rpds.2022.e4033","DOI":"10.17267\/2317-3394rpds.2022.e4033"},{"key":"24_CR5","doi-asserted-by":"publisher","unstructured":"Bischoff, F., Carlotto, M.S., C\u00e2mara, S.G.: Preditores de estresse em servidores do judici\u00e1rio federal em teletrabalho. Aletheia 55(1), 61\u201381 (2022). https:\/\/doi.org\/10.29327\/226091.55.1-4","DOI":"10.29327\/226091.55.1-4"},{"key":"24_CR6","doi-asserted-by":"publisher","unstructured":"Carvalho, de R.L.R.B., Fernandes, de R.C.P., Lima, V.M.C.: Demandas psicol\u00f3gicas, baixo apoio social e repetitividade: Fatores ocupacionais associados \u00e0 dor musculoesquel\u00e9tica de trabalhadores da ind\u00fastria de cal\u00e7ados. Rev Bras Saude Ocup 44, e6 (2019). https:\/\/doi.org\/10.1590\/2317-6369000001517","DOI":"10.1590\/2317-6369000001517"},{"key":"24_CR7","doi-asserted-by":"publisher","unstructured":"Cortez, P.A., Zerbini, T., Veiga, H.M.S.: Work context and burnout: confirmation of moderators from meta-analysis evidence. Revista Psicologia Organiza\u00e7\u00f5es e Trabalho 19(4), 755\u2013761 (2019). https:\/\/doi.org\/10.17652\/rpot\/2019.4.17499","DOI":"10.17652\/rpot\/2019.4.17499"},{"key":"24_CR8","doi-asserted-by":"publisher","DOI":"10.1590\/2177-9465-EAN-2022-0143pt","volume":"27","author":"FMD Escaldelai","year":"2023","unstructured":"Escaldelai, F.M.D., Escaldela, L., Bergamaschi, D.P.: Avalia\u00e7\u00e3o de validade de um sistema computacional na identifica\u00e7\u00e3o de estudos duplicados. Esc Anna Nery 27, e20220143 (2023). https:\/\/doi.org\/10.1590\/2177-9465-EAN-2022-0143pt","journal-title":"Esc Anna Nery"},{"issue":"3","key":"24_CR9","doi-asserted-by":"publisher","first-page":"401","DOI":"10.1590\/S0034-89102012000300001","volume":"46","author":"FM Fischer","year":"2012","unstructured":"Fischer, F.M.: Relevance of psychosocial factors at work for workers health. Rev. Saude Publica 46(3), 401\u2013406 (2012). https:\/\/doi.org\/10.1590\/S0034-89102012000300001","journal-title":"Rev. Saude Publica"},{"key":"24_CR09","doi-asserted-by":"publisher","unstructured":"Gon\u00e7alves, J.S., Moriguchi, C.S., Chaves, T.C., Sato, T.O: Cross-cultural adaptation and psychometric properties of the short version of COPSOQ II-Brazil. Rev Saude Publica 55(69) (2021). https:\/\/doi.org\/10.11606\/s15188787.2021055003123","DOI":"10.11606\/s15188787.2021055003123"},{"key":"24_CR10","doi-asserted-by":"publisher","unstructured":"Hicks, D., Wouters, P., Waltman, L., Rijcke, S.D., Rafols, I.: Bibliometrics: the leiden manifesto for research metrics. Nature 520, 429\u201331 (2015). https:\/\/doi.org\/10.1038\/520429a","DOI":"10.1038\/520429a"},{"key":"24_CR11","unstructured":"International Labour Organization [ILO]. Psychosocial factors at work: recognition and control (1986). http:\/\/www.ilo.org\/public\/libdoc\/ilo\/1986\/86B09_301_engl.pdf"},{"key":"24_CR12","doi-asserted-by":"publisher","unstructured":"Jacinto, A., Tolfo, S. da R.: Riscos psicossociais no trabalho: Conceitos, vari\u00e1veis e instrumentos de pesquisa. Perspectivas em Psicologia 21(1), 39\u201355 (2017). https:\/\/doi.org\/10.14393\/PPv21n1a2017-04","DOI":"10.14393\/PPv21n1a2017-04"},{"issue":"6","key":"24_CR13","doi-asserted-by":"publisher","first-page":"438","DOI":"10.5271\/sjweh.948","volume":"31","author":"TS Kristensen","year":"2005","unstructured":"Kristensen, T.S., Hannerz, H., H\u00f8gh, A., Borg, V.: The Copenhagen psychosocial questionnaire\u2014a tool for the assessment and improvement of the psychosocial work environment. Scand. J. Work Environ. Health 31(6), 438\u2013449 (2005). https:\/\/doi.org\/10.5271\/sjweh.948","journal-title":"Scand. J. Work Environ. Health"},{"issue":"1","key":"24_CR14","doi-asserted-by":"publisher","first-page":"7","DOI":"10.1037\/a0035033","volume":"21","author":"E Kortum","year":"2014","unstructured":"Kortum, E., Leka, S.: Tackling psychosocial risks and work-related stress in developing countries: the need for a multilevel intervention framework. Int. J. Stress. Manag. 21(1), 7\u201326 (2014). https:\/\/doi.org\/10.1037\/a0035033","journal-title":"Int. J. Stress. Manag."},{"key":"24_CR014","doi-asserted-by":"crossref","unstructured":"Lucca, de S.R., Sobral, R.C.: Aplica\u00e7\u00e3o de instrumento para o diagn\u00f3stico dos fatores de risco psicossociais nas organiza\u00e7\u00f5es. Rev Bras Med Trab 15(1), 63\u201372 (2017)","DOI":"10.5327\/Z1679443520176045"},{"key":"24_CR15","doi-asserted-by":"publisher","unstructured":"Luna, A.F., Gondim, S.M.G.: Autoefic\u00e1cia ocupacional, fatores de risco psicossocial do trabalho e mal-estar f\u00edsico e psicol\u00f3gico. Revista Psicologia e Sa\u00fade 13(3), 51\u201363 (2021). https:\/\/doi.org\/10.20435\/pssa.v13i3.972","DOI":"10.20435\/pssa.v13i3.972"},{"key":"24_CR16","doi-asserted-by":"publisher","DOI":"10.1590\/2317-6369000025918","volume":"44","author":"MC Martinez","year":"2019","unstructured":"Martinez, M.C., Fischer, F.M.: Fatores psicossociais no trabalho hospitalar: Situa\u00e7\u00f5es vivenciadas para desgaste no trabalho e desequil\u00edbrio entre esfor\u00e7o e recompensa. Rev Bras Saude Ocup 44, e12 (2019). https:\/\/doi.org\/10.1590\/2317-6369000025918","journal-title":"Rev Bras Saude Ocup"},{"issue":"3","key":"24_CR17","doi-asserted-by":"publisher","first-page":"287","DOI":"10.5380\/psi.v18i3.28024","volume":"18","author":"JK Monteiro","year":"2014","unstructured":"Monteiro, J.K., Carlotto, M.S.: Preditores da s\u00edndrome de burnout em trabalhadores da sa\u00fade no contexto hospitalar. Intera\u00e7\u00e3o Psicol. 18(3), 287\u2013295 (2014). https:\/\/doi.org\/10.5380\/psi.v18i3.28024","journal-title":"Intera\u00e7\u00e3o Psicol."},{"key":"24_CR18","doi-asserted-by":"publisher","unstructured":"Neumann, G.C., Carlotto, M.S.: Fatores associados \u00e0 s\u00edndrome de burnout em moto- ristas de transporte coletivo de passageiros. Revista Psicologia: Organiza\u00e7\u00f5es e Tra- balho 20(3), 1089\u20131096 (2020). https:\/\/doi.org\/10.17652\/rpot\/2020.3.19173","DOI":"10.17652\/rpot\/2020.3.19173"},{"key":"24_CR19","doi-asserted-by":"publisher","unstructured":"Oliveira, F.F. de., Guimar\u00e3es, L.A.M.: Fatores psicossociais no trabalho em psicologia no Brasil. Estudos de Psicologia 27(2), 167\u2013177 (2022). https:\/\/doi.org\/10.22491\/1678-4669.20220016","DOI":"10.22491\/1678-4669.20220016"},{"key":"24_CR20","doi-asserted-by":"publisher","unstructured":"Peters, M.D.J., Godfrey, C., McInerney, P., Munn, Z., Tricco, A.C., Khalil, H.: Scoping reviews. In: Edoardo Aromataris, Craig Lockwood, Kylie Porritt, Bianca Pilla, Zoe Jordan (eds.) JBI Manual for Evidence Synthesis (2020). https:\/\/doi.org\/10.46658\/JBIMES-24-09","DOI":"10.46658\/JBIMES-24-09"},{"key":"24_CR21","doi-asserted-by":"publisher","unstructured":"Pooli, A.M., Riss, L.A., Henrich, P., Monteiro, J.K.: Ass\u00e9dio moral no \u00e2mbito da justi\u00e7a brasileira: Fatores do cen\u00e1rio produtores de viol\u00eancia psicol\u00f3gica. Summa Psicol\u00f3gica UST 16(2), 70\u201378 (2019). https:\/\/doi.org\/10.18774\/0719-448.x2019.16.423","DOI":"10.18774\/0719-448.x2019.16.423"},{"key":"24_CR22","unstructured":"Rodrigues, C.A.: Estudos das propriedades psicom\u00e9tricas do Copenhagen Psychosocial Questionnaire COPSOQ III. [Tese de Doutorado, Universidade S\u00e3o Francisco]. https:\/\/www.usf.edu.br\/galeria\/getImage\/427\/3997748629022170.pdf (2021)"},{"key":"24_CR23","doi-asserted-by":"publisher","unstructured":"Rodrigues, C.M.L., Faiad, C.: Pesquisa sobre riscos psicossociais no trabalho: Estudo bibliom\u00e9trico da produ\u00e7\u00e3o nacional de 2008 a 2017. Revista Psicologia: Organiza\u00e7\u00f5es e Trabalho 19(1), 571\u2013579 (2019). https:\/\/doi.org\/10.17652\/rpot\/2019.1.15424","DOI":"10.17652\/rpot\/2019.1.15424"},{"key":"24_CR24","doi-asserted-by":"publisher","unstructured":"Rodrigues, C.M.L., Faiad, C., Facas, E.P.: Fatores de risco e riscos psicossociais no trabalho: Defini\u00e7\u00e3o e implica\u00e7\u00f5es. Psicologia: Teoria e Pesquisa 36, e36 (2020). https:\/\/doi.org\/10.1590\/0102.3772e36nspe19","DOI":"10.1590\/0102.3772e36nspe19"},{"key":"24_CR25","doi-asserted-by":"publisher","unstructured":"Schmidt, M.L.G., Rotoli, L.U.M.: Percep\u00e7\u00f5es de trabalhadores readaptados sobre o contexto de trabalho e riscos psicossociais organizacionais. Psic. Rev. 30(1), 168\u2013192 (2021). https:\/\/doi.org\/10.23925\/2594-3871.2021v30i1p168-192","DOI":"10.23925\/2594-3871.2021v30i1p168-192"},{"key":"24_CR26","doi-asserted-by":"publisher","unstructured":"Silva, E.P., Minette, L.J., Souza, A.P., Mar\u00e7al, M.A., Sanches, A.L.P.: Fatores organizacionais e psicossociais associados ao risco de LER\/DORT em operadores de m\u00e1quinas de colheita florestal. Revista \u00c1rvore 37(5), 889\u2013895 (2013). https:\/\/doi.org\/10.1590\/S0100-67622013000500011","DOI":"10.1590\/S0100-67622013000500011"},{"key":"24_CR27","doi-asserted-by":"publisher","unstructured":"Silva, M.A. da., Wendt, G.W., Argimon, I.I. de L.: Propriedades psicom\u00e9tricas das medidas do Question\u00e1rio Psicossocial de Copenhague I (COPSOQ I), vers\u00e3o curta. REGE\u2013Revista de Gest\u00e3o 24, 348\u2013359 (2017). https:\/\/doi.org\/10.1016\/j.rege.2017.05.007","DOI":"10.1016\/j.rege.2017.05.007"},{"key":"24_CR28","doi-asserted-by":"publisher","unstructured":"Silva, R.M., Limas, B.T. de., Pereira, L.S.: Contexto de trabalho e custo humano no trabalho: Um estudo com trabalhadores portu\u00e1rios de transporte (2016). Barbar\u00f3i 46, 98\u2013118 (2016). https:\/\/doi.org\/10.17058\/barbaroi.v0i46.6410","DOI":"10.17058\/barbaroi.v0i46.6410"},{"key":"24_CR29","doi-asserted-by":"publisher","unstructured":"Silva, R.M., Tiepo, M.V.S.: Condi\u00e7\u00f5es de trabalho, custo humano e dano f\u00edsico: Um estudo com estivadores de um terminal portu\u00e1rio. Barbar\u00f3i 48, 135\u2013152 (2016). https:\/\/doi.org\/10.17058\/barbaroi.v0i48.9589","DOI":"10.17058\/barbaroi.v0i48.9589"},{"key":"24_CR30","doi-asserted-by":"publisher","unstructured":"Sousa, K.H.J.F., Zeitoune, R.C.G., Portela, L.F., Tracera, G.M.P., Moraes, K.G., Figueir\u00f3, R.F.S.: Factors related to the risk of illness of nursing staff at work in a psychiatric institution. Rev. Latino-Am. Enfermagem 28, e3235 (2020). https:\/\/doi.org\/10.1590\/1518-8345.3454.3235","DOI":"10.1590\/1518-8345.3454.3235"},{"key":"24_CR31","doi-asserted-by":"publisher","unstructured":"Tabanelli, M.C., Depolo, M., Cooke, R.M.T., Sarchielli, G., Bonfiglioli, R., Mattioli, S., Violante, F.S.: Available instruments for measurement of psychosocial factors in the work environment. Int Arch Ocupa Sa\u00fade Ambiental 82(1), 1\u201312 (2008). https:\/\/doi.org\/10.1007\/s00420-008-0312-6","DOI":"10.1007\/s00420-008-0312-6"},{"key":"24_CR32","doi-asserted-by":"publisher","unstructured":"Tessaro, L.G.S., Monteiro, J.K.: An\u00e1lise dos riscos psicossociais no trabalho de agen- tes socioeducadores do Rio Grande do Sul, Brasil. Int. J. Work. Cond. 17 (2019). https:\/\/doi.org\/10.25762\/qz0y-0m93","DOI":"10.25762\/qz0y-0m93"},{"key":"24_CR33","doi-asserted-by":"publisher","unstructured":"Tricco, A.C. , Lillie, E., Zarin, W., O'Brien, K.K., Colquhoun, H., Levac, D., Moher, D., Peters., Horsley, T., Weeks, L., Hempel, S., Akl, E.A., Chang, C., McGowan, J., Stewart, L., Hartling, L., Aldcroft, A., Wilson, M.G., Garritty, C., Lewin, S., Godfrey, C.M., Macdonald, M.T., Langlois, E.V., Soares-Weiser, K., Moriarty, J., Clifford, T., Tun\u00e7alp, \u00d6, Straus, S.E.: PRISMA extension for ecoping reviews (PRISMAScR): checklist and explanation. Ann Intern Med 169, 467\u2013473 (2018). https:\/\/doi.org\/10.7326\/M18-0850","DOI":"10.7326\/M18-0850"},{"key":"24_CR34","doi-asserted-by":"publisher","unstructured":"Turci, A.M., Gorla, C., Bersanetti, M.B.: Avalia\u00e7\u00e3o das queixas cervicobraquiais e do desalinhamento est\u00e1tico da esc\u00e1pula em usu\u00e1rios de computador. Rev Bras Med Trab. 17(4), 465\u201372 (2019). https:\/\/doi.org\/10.5327\/Z1679443520190329","DOI":"10.5327\/Z1679443520190329"},{"issue":"1","key":"24_CR35","doi-asserted-by":"publisher","first-page":"5","DOI":"10.1590\/1982-02752018000100002","volume":"35","author":"ACS Vazquez","year":"2018","unstructured":"Vazquez, A.C.S., Pianezolla, M., Hutz, C.S.: Assessment of work psychossocial factors: a systematic review. Estudos De Psicologia 35(1), 5\u201313 (2018). https:\/\/doi.org\/10.1590\/1982-02752018000100002","journal-title":"Estudos De Psicologia"}],"container-title":["Studies in Systems, Decision and Control","Occupational and Environmental Safety and Health VI"],"original-title":[],"language":"en","link":[{"URL":"https:\/\/link.springer.com\/content\/pdf\/10.1007\/978-3-031-82291-9_24","content-type":"unspecified","content-version":"vor","intended-application":"similarity-checking"}],"deposited":{"date-parts":[[2025,10,8]],"date-time":"2025-10-08T07:22:34Z","timestamp":1759908154000},"score":1,"resource":{"primary":{"URL":"https:\/\/link.springer.com\/10.1007\/978-3-031-82291-9_24"}},"subtitle":[],"short-title":[],"issued":{"date-parts":[[2025,10,5]]},"ISBN":["9783031822902","9783031822919"],"references-count":37,"URL":"https:\/\/doi.org\/10.1007\/978-3-031-82291-9_24","relation":{},"ISSN":["2198-4182","2198-4190"],"issn-type":[{"value":"2198-4182","type":"print"},{"value":"2198-4190","type":"electronic"}],"subject":[],"published":{"date-parts":[[2025,10,5]]},"assertion":[{"value":"5 October 2025","order":1,"name":"first_online","label":"First Online","group":{"name":"ChapterHistory","label":"Chapter History"}}]}}