{"status":"ok","message-type":"work","message-version":"1.0.0","message":{"indexed":{"date-parts":[[2025,3,27]],"date-time":"2025-03-27T07:00:44Z","timestamp":1743058844996,"version":"3.40.3"},"publisher-location":"Cham","reference-count":83,"publisher":"Springer International Publishing","isbn-type":[{"type":"print","value":"9783319280813"},{"type":"electronic","value":"9783319280820"}],"license":[{"start":{"date-parts":[[2019,1,1]],"date-time":"2019-01-01T00:00:00Z","timestamp":1546300800000},"content-version":"tdm","delay-in-days":0,"URL":"http:\/\/www.springer.com\/tdm"}],"content-domain":{"domain":["link.springer.com"],"crossmark-restriction":false},"short-container-title":[],"published-print":{"date-parts":[[2019]]},"DOI":"10.1007\/978-3-319-28082-0_33","type":"book-chapter","created":{"date-parts":[[2019,4,24]],"date-time":"2019-04-24T16:05:15Z","timestamp":1556121915000},"page":"719-744","update-policy":"https:\/\/doi.org\/10.1007\/springer_crossmark_policy","source":"Crossref","is-referenced-by-count":0,"title":["Human Dignity in Portugal"],"prefix":"10.1007","author":[{"given":"Jo\u00e3o Carlos","family":"Loureiro","sequence":"first","affiliation":[]}],"member":"297","published-online":{"date-parts":[[2019,4,25]]},"reference":[{"key":"33_CR1","volume-title":"A estrutura\u00e7\u00e3o do sistema de direitos, liberdades e garantias na Constitui\u00e7\u00e3o portuguesa","author":"JM Alexandrino","year":"2006","unstructured":"Alexandrino JM (2006) A estrutura\u00e7\u00e3o do sistema de direitos, liberdades e garantias na Constitui\u00e7\u00e3o portuguesa, vol II: A constru\u00e7\u00e3o dogm\u00e1tica. Coimbra, Almedina"},{"key":"33_CR2","first-page":"481","volume-title":"Estudos em Honra do Professor Doutor Jos\u00e9 de Oliveira Ascens\u00e3o","author":"JM Alexandrino","year":"2008","unstructured":"Alexandrino JM (2008) Perfil constitucional da dignidade da pessoa humana: um esbo\u00e7o tra\u00e7ado a partir da variedade de concep\u00e7\u00f5es. In: Estudos em Honra do Professor Doutor Jos\u00e9 de Oliveira Ascens\u00e3o, vol I. Coimbra, Almedina, pp 481\u2013511"},{"key":"33_CR3","volume-title":"Elementos de direito p\u00fablico lus\u00f3fono","author":"JM Alexandrino","year":"2011","unstructured":"Alexandrino JM (2011) Elementos de direito p\u00fablico lus\u00f3fono. Coimbra, Coimbra Editora"},{"key":"33_CR4","volume-title":"A theory of constitutional rights","author":"R Alexy","year":"2010","unstructured":"Alexy R (2010) A theory of constitutional rights. Oxford, Oxford University Press"},{"key":"33_CR5","doi-asserted-by":"crossref","first-page":"497","DOI":"10.1628\/000389116X14525976022207","volume":"140","author":"R Alexy","year":"2015","unstructured":"Alexy R (2015) Menschenw\u00fcrde und Verh\u00e4ltnism\u00e4ssigkeit. Archiv des \u00f6ffentlichen Rechts 140:497\u2013513","journal-title":"Archiv des \u00f6ffentlichen Rechts"},{"key":"33_CR6","first-page":"947","volume-title":"O princ\u00edpio da dignidade da pessoa humana na jurisprud\u00eancia constitucional, Jurisprud\u00eancia Constitucional 13: 4\u201316 (also in: Liber Amicorum Sousa e Brito em comemora\u00e7\u00e3o do 70. Anivers\u00e1rio: Estudos de direito e filosofia)","author":"ML Amaral","year":"2007","unstructured":"Amaral ML (2007) O princ\u00edpio da dignidade da pessoa humana na jurisprud\u00eancia constitucional, Jurisprud\u00eancia Constitucional 13: 4\u201316 (also in: Liber Amicorum Sousa e Brito em comemora\u00e7\u00e3o do 70. Anivers\u00e1rio: Estudos de direito e filosofia). Coimbra, Almedina, pp 947\u2013964"},{"key":"33_CR7","volume-title":"Handbuch Ius Publicum Euroepaeum. Band VI. Verfassungsgerichtsbarkeit in Europa: Institutionen","author":"ML Amaral","year":"2016","unstructured":"Amaral ML, Pereira RA (2016) Das portugiesische Verfassungsgericht. In: von Bogdandy A, Grabenwarter C, Huber PM (eds) Handbuch Ius Publicum Euroepaeum. Band VI. Verfassungsgerichtsbarkeit in Europa: Institutionen. Heidelberg, C.F. M\u00fcller"},{"issue":"3","key":"33_CR8","first-page":"479","volume":"1","author":"JCV Andrade","year":"2004","unstructured":"Andrade JCV (2004a) Nota ao Ac\u00f3rd\u00e3o do Tribunal Constitucional n\u00b0 486\/03, de 21 de Outubro de 2003 (Cidad\u00e3o portador de defici\u00eancia \u2013 Direito ao desporto \u2013 Pr\u00e9mios por resultados de excel\u00eancia \u2013 Princ\u00edpio da igualdade). Desporto & Direito. Revista Jur\u00eddica do Desporto 1(3):479\u2013490","journal-title":"Revista Jur\u00eddica do Desporto"},{"key":"33_CR9","unstructured":"Andrade JCV (2004b) O \u201cdireito ao m\u00ednimo de exist\u00eancia condigna\u201d como direito fundamental a presta\u00e7\u00f5es estaduais positivas \u2013 Uma decis\u00e3o singular do Tribunal Constitucional: Anota\u00e7\u00e3o ao Ac\u00f3rd\u00e3o do Tribunal Constitucional n. 509\/02. Jurisprud\u00eancia Constitucional 1:21\u201329"},{"key":"33_CR10","volume-title":"Os direitos fundamentais na Constitui\u00e7\u00e3o portuguesa de 1976","author":"JCV Andrade","year":"2012","unstructured":"Andrade JCV (2012a) Os direitos fundamentais na Constitui\u00e7\u00e3o portuguesa de 1976, 5th edn. Coimbra, Almedina","edition":"5"},{"key":"33_CR11","first-page":"151","volume-title":"Conclus\u00f5es. 35\u00b0 anivers\u00e1rio da Constitui\u00e7\u00e3o de 1976, vol I","author":"JCV Andrade","year":"2012","unstructured":"Andrade JCV (2012b) Conclus\u00f5es. 35\u00b0 anivers\u00e1rio da Constitui\u00e7\u00e3o de 1976, vol I. Coimbra, Coimbra Editora, pp 151\u2013174"},{"key":"33_CR12","unstructured":"Antunes MJ (2010) Procria\u00e7\u00e3o medicamente assistida: quest\u00f5es novas ou quest\u00f5es renovadas para o direito penal? In: Andrade MC, Antunes MJ, Sousa SA (eds) Estudos em homenagem ao Prof. Doutor Jorge de Figueiredo Dias, vol III. Coimbra, Coimbra Editora, p 81\u201392"},{"key":"33_CR13","volume-title":"Os direitos sociais em tempo de crise ou revisitar as normas program\u00e1ticas","author":"CS Botelho","year":"2015","unstructured":"Botelho CS (2015) Os direitos sociais em tempo de crise ou revisitar as normas program\u00e1ticas. Coimbra, Almedina"},{"key":"33_CR14","unstructured":"Brito MN (2012) O conceito constitucional de dignidade humana entre o absoluto e a pondera\u00e7\u00e3o: o caso da reprodu\u00e7\u00e3o humana. In: Correia FA, Machado JEM, Loureiro JC (eds) Estudos em Homenagem ao Prof. Doutor Jos\u00e9 Joaquim Gomes Canotilho, vol III: Direitos e interconstitucionalidade: entre a dignidade e cosmopolitismo. Coimbra, Coimbra Editora, pp 151\u2013178"},{"key":"33_CR15","first-page":"169","volume-title":"New technologies and human rights","author":"MN Brito","year":"2013","unstructured":"Brito MN (2013) Human reproduction and human dignity as a constitutional concept. In: de Azevedo Cunha MV, de Andrade NNG, Lixinski L, Feteira LT (eds) New technologies and human rights. Farnham\/Burlington, Ashgate, pp 169\u2013184"},{"key":"33_CR16","unstructured":"Canotilho JJG (1996) Offenheit vor dem V\u00f6lkerrecht und V\u00f6lkerrechtsfreundlichkeit des portugiesischen Rechts. Archiv des V\u00f6lkerrechts \u2013 Portugal und des V\u00f6lkerrecht, Port Public Int Law 34:47\u201371"},{"key":"33_CR17","first-page":"413","volume-title":"O homem e o tempo: Liber Amicorum para Miguel Baptista Pereira","author":"JJG Canotilho","year":"1999","unstructured":"Canotilho JJG (1999) A teoria da Constitui\u00e7\u00e3o e as insinua\u00e7\u00f5es do hegelianismo democr\u00e1tico. In: Pinto Ribeiro JA (ed) O homem e o tempo: Liber Amicorum para Miguel Baptista Pereira. Funda\u00e7\u00e3o Eng. Ant\u00f3nio de Almeida, Porto, pp 413\u2013422"},{"key":"33_CR18","volume-title":"Direito constitucional e teoria da constitui\u00e7\u00e3o","author":"JJG Canotilho","year":"2003","unstructured":"Canotilho JJG (2003) Direito constitucional e teoria da constitui\u00e7\u00e3o, 7th edn. Almedina, Coimbra","edition":"7"},{"key":"33_CR19","unstructured":"Canotilho JJG (2004) Interkonstitutionalit\u00e4t und Interkulturalit\u00e4t. Verfassung im Diskurs der Welt. In: Blankenagel A, Pernice I, Schulze-Fielitz H (eds) Liber Amicorum f\u00fcr Peter H\u00e4berle zum siebzigsten Geburtstag. Tubingen, Mohr Siebeck, pp 83\u201391"},{"key":"33_CR20","unstructured":"Canotilho JJG (2006a) O tempo curvo de uma carta (fundamental) ou o direito constitucional interiorizado. Conselho Distrital do Porto da Ordem dos Advogados, Porto"},{"key":"33_CR21","first-page":"1","volume":"82","author":"JJG Canotilho","year":"2006","unstructured":"Canotilho JJG (2006b) Princ\u00edpios: entre a sabedoria e a aprendizagem. Boletim da Faculdade de Direito 82:1\u201314","journal-title":"Boletim da Faculdade de Direito"},{"key":"33_CR22","unstructured":"Canotilho JJG (2008) \u201cBrancosos\u201d e interconstitucionalidade: itiner\u00e1rios dos discursos sobre a historicidade constitucional, 2 ed. Coimbra, Almedina"},{"key":"33_CR23","first-page":"285","volume-title":"Estudos em homenagem ao Prof. Doutor Jorge Miranda, vol II: Direito constitucional e justi\u00e7a constitucional","author":"JJG Canotilho","year":"2012","unstructured":"Canotilho JJG (2012) Dignidade e constitucionaliza\u00e7\u00e3o da pessoa humana. In: Estudos em homenagem ao Prof. Doutor Jorge Miranda, vol II: Direito constitucional e justi\u00e7a constitucional. Coimbra, Coimbra Editora, pp 285\u2013296"},{"key":"33_CR24","first-page":"533","volume-title":"Estudos em Homenagem ao Senhor Doutor Ant\u00f3nio Barbosa de Melo","author":"JJG Canotilho","year":"2013","unstructured":"Canotilho JJG (2013) Para uma revis\u00e3o dogm\u00e1tica da jusfundamentalidade. In: Correia FA, da Silva JC, Vieira de Andrade JC, Gomes Canotilho JJ, Cardoso da Costa JMM (eds) Estudos em Homenagem ao Senhor Doutor Ant\u00f3nio Barbosa de Melo. Almedina, Coimbra, pp 533\u2013554"},{"key":"33_CR25","volume-title":"\u201cReality shows\u201d e liberdade de programa\u00e7\u00e3o","author":"JJG Canotilho","year":"2003","unstructured":"Canotilho JJG, Machado J (2003) \u201cReality shows\u201d e liberdade de programa\u00e7\u00e3o. Coimbra, Coimbra Editora"},{"key":"33_CR26","unstructured":"Canotilho JJG, Moreira V (2007) Constitui\u00e7\u00e3o da Rep\u00fablica Portuguesa anotada, vol I, 4th edn, Coimbra, Coimbra Editora"},{"key":"33_CR27","doi-asserted-by":"crossref","first-page":"155","DOI":"10.1017\/S1574019615000103","volume":"11","author":"M Canotilho","year":"2015","unstructured":"Canotilho M, Violante T, Lanceiro R (2015) Austerity measures under judicial scrutiny: the Portuguese constitutional case-law. European Constitutional Law Review 11:155\u2013183","journal-title":"European Constitutional Law Review"},{"key":"33_CR28","first-page":"1","volume":"65","author":"JM Cardoso da Costa","year":"1989","unstructured":"Cardoso da Costa JM (1989) A Lei Fundamental de Bonn e o direito constitucional portugu\u00eas. Boletim da Faculdade de Direito 65:1\u201327","journal-title":"Boletim da Faculdade de Direito"},{"key":"33_CR29","first-page":"53","volume-title":"The principle of respect of human dignity. European Commission for democracy through law","author":"JM Cardoso da Costa","year":"1999","unstructured":"Cardoso da Costa JM (1999) The principle of human dignity in European case law. In: The principle of respect of human dignity. European Commission for democracy through law. Strasbourg, Council of Europe Publishing, pp 53\u201360"},{"key":"33_CR30","first-page":"77","volume-title":"Venice Commission. The status of international treaties on human rights","author":"JM Cardoso da Costa","year":"2006","unstructured":"Cardoso da Costa JM (2006) Constitutional supremacy of human rights treaties. In: Venice Commission. The status of international treaties on human rights. Strasbourg, Council of Europe Publishing, pp 77\u201385"},{"key":"33_CR31","unstructured":"Costa JF (2009) Bio\u00e9tica e direito penal: reflex\u00f5es poss\u00edveis em tempos de incerteza. In: Estudos em homenagem ao Prof. Doutor Jorge de Figueiredo Dias, vol I, Andrade MC, Antunes MJ, Sousa SA (eds). Coimbra, Coimbra Editora, pp 109\u2013125"},{"key":"33_CR32","volume-title":"Erosion von Verfassungsvoraussetzungen. Ver\u00f6ffentlichungen der Vereinigung der Deutschen Staatsrechtslehrer (VVDStRL 68)","author":"C Engel","year":"2009","unstructured":"Engel C (2009) Erosion von Verfassungsvoraussetzungen. Ver\u00f6ffentlichungen der Vereinigung der Deutschen Staatsrechtslehrer (VVDStRL 68). Berlin, De Gruyter Recht"},{"key":"33_CR33","doi-asserted-by":"crossref","DOI":"10.1093\/oso\/9780195057362.001.0001","volume-title":"The foundations of bioethics","author":"HT Engelhardt","year":"1996","unstructured":"Engelhardt HT (1996) The foundations of bioethics, 2nd edn. New York, Oxford University Press","edition":"2"},{"key":"33_CR34","unstructured":"Fern\u00e1ndez S\u00e1nchez P (2015) Breve nota sobre uma inova\u00e7\u00e3o na jurisprud\u00eancia constitucional portuguesa: entre o fortalecimento da tutela dos direitos, liberdades e garantias com recurso ao princ\u00edpio da igualdade e o reconhecimento de um m\u00ednimo existencial. Lisboa Law Review\/ Revista da Faculdade de Direito da Universidade de Lisboa: 93\u2013110 (with an English abstract, 93\u201394)"},{"key":"33_CR35","volume-title":"German legal system and laws","author":"N Foster","year":"2010","unstructured":"Foster N, Sule S (2010) German legal system and laws, 4th edn. Oxford, Oxford University Press","edition":"4"},{"key":"33_CR36","volume-title":"Minha cruzada pr\u00f3-Portugal: Santa Maria","author":"H Galv\u00e3o","year":"1961","unstructured":"Galv\u00e3o H (1961) Minha cruzada pr\u00f3-Portugal: Santa Maria. S\u00e3o Paulo, Martins"},{"key":"33_CR37","volume-title":"The clash of orthodoxies: law, religion, and morality in crisis","author":"R George","year":"2001","unstructured":"George R (2001) The clash of orthodoxies: law, religion, and morality in crisis. Wilmington, ISI Books"},{"key":"33_CR38","first-page":"297","volume":"30","author":"P H\u00e4berle","year":"1975","unstructured":"H\u00e4berle P (1975) Die offene Gesellschaft der Verfassungsinterpreten. Juristenzeitung 30:297\u2013305","journal-title":"Juristenzeitung"},{"issue":"2006","key":"33_CR39","first-page":"35","volume":"5","author":"P H\u00e4berle","year":"2006","unstructured":"H\u00e4berle P (2006) Novos horizontes e novos desafios do constitucionalismo. Anu\u00e1rio Portugu\u00eas de Direito Constitucional 5(2006):35\u201362","journal-title":"Anu\u00e1rio Portugu\u00eas de Direito Constitucional"},{"key":"33_CR40","first-page":"11","volume-title":"Ingo Wolfgang Sarlet (Org.), Direitos fundamentais, inform\u00e1tica e comunica\u00e7\u00e3o","author":"P H\u00e4berle","year":"2007","unstructured":"H\u00e4berle P (2007) A dignidade humana e a democracia pluralista \u2013 seu nexo interno. In: Ingo Wolfgang Sarlet (Org.), Direitos fundamentais, inform\u00e1tica e comunica\u00e7\u00e3o. Porto Alegre, Livraria do Advogado Editora, pp 11\u201328"},{"key":"33_CR41","doi-asserted-by":"crossref","DOI":"10.3790\/978-3-428-12594-4","volume-title":"Verfassungsvergleichung in Europa- und weltb\u00fcrgerlicher Absicht: sp\u00e4te Schriften","author":"P H\u00e4berle","year":"2009","unstructured":"H\u00e4berle P (2009) Kritik an der Metapher vom sogenannten \u201cMehrebenkonstitutionalismus\u201d\u2013 Diskussionsbeitrag auf der Tagung der Vereinigung der Deutschen Staatsrechtslehrer in Rostock vom 4. Bis 7. Oktober 2006. In: H\u00e4berle P (ed) Verfassungsvergleichung in Europa- und weltb\u00fcrgerlicher Absicht: sp\u00e4te Schriften. Berlin, Duncker und Humblot"},{"key":"33_CR42","volume-title":"Die postnationale Konstellation: politische Essays","author":"J Habermas","year":"1998","unstructured":"Habermas J (1998) Die postnationale Konstellation: politische Essays. Frankfurt a. M, Suhrkamp"},{"key":"33_CR43","first-page":"365","volume":"118","author":"H Hofmann","year":"1993","unstructured":"Hofmann H (1993) Die versprochene Menschenw\u00fcrde. Archiv des \u00f6ffentlichen Rechts 118:365\u2013369","journal-title":"Archiv des \u00f6ffentlichen Rechts"},{"key":"33_CR44","volume-title":"O conte\u00fado e o crit\u00e9rio do direito: exposi\u00e7\u00e3o e analyse do neminem laede e da mutualidade de servi\u00e7os e sua harmonia","author":"JF Laranjo","year":"1871","unstructured":"Laranjo JF (1871) O conte\u00fado e o crit\u00e9rio do direito: exposi\u00e7\u00e3o e analyse do neminem laede e da mutualidade de servi\u00e7os e sua harmonia. Coimbra, Imprensa Litteraria"},{"key":"33_CR45","first-page":"263","volume-title":"Portugal-Brasil Ano 2000","author":"JC Loureiro","year":"1999","unstructured":"Loureiro JC (1999) O direito \u00e0 identidade gen\u00e9tica do ser humano. In: Portugal-Brasil Ano 2000. Coimbra, Coimbra Editora, pp 263\u2013389"},{"key":"33_CR46","unstructured":"Loureiro JC (2006a) Pessoa, dignidade e cristianismo. In de Figueiredo Dias J, Gomes Canotilho JJ, de Faria Costa J, (eds) ARS IVDICANDI: Estudos em homenagem ao Prof. Doutor Ant\u00f3nio Castanheira Neves, vol I: Filosofia, teoria e metodologia. Coimbra, Coimbra Editora, pp 669\u2013723"},{"key":"33_CR47","first-page":"181","volume":"82","author":"JC Loureiro","year":"2006","unstructured":"Loureiro JC (2006b) \u00ab\u00c9 bom morar no azul\u00bb: a constitui\u00e7\u00e3o mundial revisitada. Boletim da Faculdade de Direito 82:181\u2013212","journal-title":"Boletim da Faculdade de Direito"},{"key":"33_CR90","unstructured":"Loureiro JC (2007) In: Desafios de T\u00e9mis, trabalhos dos homens, In: Silva LN (coord.) Estudos jur\u00eddicos de Coimbra. Curitiba, Juru\u00e1 Editora, pp. 185\u2013225"},{"key":"33_CR48","first-page":"15","volume":"86","author":"JC Loureiro","year":"2010","unstructured":"Loureiro JC (2010) Autonomia do direito, futuro e responsabilidade intergeracional: para uma teoria do Fernrecht e da Fernverfassung em di\u00e1logo com Castanheira Neves. Boletim da Faculdade de Direito 86:15\u201347","journal-title":"Boletim da Faculdade de Direito"},{"issue":"2011","key":"33_CR49","first-page":"541","volume":"87","author":"JC Loureiro","year":"2011","unstructured":"Loureiro JC (2011) Unterwegs: Humboldt(s) und Deutschland UG\/FG (Universit\u00e4tsgesellschaft\/Forschungsgesellschaft): Considera\u00e7\u00f5es fragment\u00e1rias sobre estudar e investigar na Alemanha. Boletim da Faculdade de Direito 87(2011):541\u2013557","journal-title":"Boletim da Faculdade de Direito"},{"key":"33_CR50","first-page":"121","volume-title":"New technologies and human rights","author":"JC Loureiro","year":"2013","unstructured":"Loureiro JC (2013) Prometheus, Golem & Co.: bioconstitution and bodiliness in a \u2018(world) risk society\u2019. In: de Azevedo Cunha MV, de Andrade NNG, Lixinski L, Feteira LT (eds) New technologies and human rights. Farnham\/Burlington, Ashgate, pp 121\u2013142"},{"key":"33_CR91","unstructured":"Loureiro JC (2015) Constitui\u00e7\u00e3o, tecnologia e risco(s): entre medo(s) e esperan\u00e7a(s). In: Mendes GF, Sarlet IW, Coelho AZP (coord.) Direito, inova\u00e7\u00e3o e tecnologia. Vol. 1. S\u00e3o Paulo, Editora Saraiva, pp 33\u201384"},{"key":"33_CR51","first-page":"151","volume-title":"Estudos em Comemora\u00e7\u00e3o do 10. Anivers\u00e1rio da Licenciatura em Direito da Universidade do Minho","author":"B Mac Crorie","year":"2004","unstructured":"Mac Crorie B (2004) O recurso ao princ\u00edpio da dignidade da pessoa humana na jurisprud\u00eancia do Tribunal Constitucional. In: Estudos em Comemora\u00e7\u00e3o do 10. Anivers\u00e1rio da Licenciatura em Direito da Universidade do Minho. Coimbra, Almedina, pp 151\u2013174"},{"key":"33_CR52","volume-title":"Os limites da ren\u00fancia a direitos fundamentais nas rela\u00e7\u00f5es entre particulares","author":"B Mac Crorie","year":"2013","unstructured":"Mac Crorie B (2013) Os limites da ren\u00fancia a direitos fundamentais nas rela\u00e7\u00f5es entre particulares. Coimbra, Almedina"},{"key":"33_CR53","volume-title":"Estado constitucional e neutralidade religiosa: entre o te\u00edsmo e o (neo)te\u00edsmo","author":"JE Machado","year":"2013","unstructured":"Machado JE (2013) Estado constitucional e neutralidade religiosa: entre o te\u00edsmo e o (neo)te\u00edsmo. Porto Alegre, Livraria do Advogado Editora"},{"key":"33_CR54","first-page":"241","volume-title":"Causa p\u00fablica","author":"R Marcos","year":"2011","unstructured":"Marcos R (2011) A presen\u00e7a italiana na evolu\u00e7\u00e3o do direito portugu\u00eas. In: Marnoto R (ed) Causa p\u00fablica. Coimbra, Imprensa da Universidade de Coimbra, pp 241\u2013249"},{"key":"33_CR55","unstructured":"Marques MR (2012) A dignidade humana: minimum invulner\u00e1vel ou simples cl\u00e1usula de estilo? In: Estudos em Homenagem ao Prof. Doutor Jos\u00e9 Joaquim Gomes Canotilho: vol II: Constitui\u00e7\u00e3o e Estado: Entre Teoria e Dogm\u00e1tica. Correia FA, Machado JEM, Loureiro JC (org.). Coimbra, Coimbra Editora, pp 407\u2013429"},{"key":"33_CR56","volume-title":"A igualdade e a n\u00e3o discrimina\u00e7\u00e3o dos nacionais de Estados terceiros legalmente residentes na Uni\u00e3o Europeia: da origem na integra\u00e7\u00e3o econ\u00f3mica ao fundamento da dignidade do ser humano","author":"AMG Martins","year":"2010","unstructured":"Martins AMG (2010) A igualdade e a n\u00e3o discrimina\u00e7\u00e3o dos nacionais de Estados terceiros legalmente residentes na Uni\u00e3o Europeia: da origem na integra\u00e7\u00e3o econ\u00f3mica ao fundamento da dignidade do ser humano. Coimbra, Almedina"},{"key":"33_CR95","volume-title":"A Constitui\u00e7\u00e3o de 1976: forma\u00e7\u00e3o, estrutura, princ\u00edpios fundamentais","author":"J Miranda","year":"1978","unstructured":"Miranda J (1978) A Constitui\u00e7\u00e3o de 1976: forma\u00e7\u00e3o, estrutura, princ\u00edpios fundamentais. Lisboa, Livraria Petrony"},{"key":"33_CR57","unstructured":"Miranda J (1999) A Constitui\u00e7\u00e3o e a dignidade da pessoa humana. Didaskalia 29:473\u2013485 (also published in Jorge Miranda. 2006. Estudos v\u00e1rios sobre direitos fundamentais. Estoril, Principia"},{"key":"33_CR58","first-page":"33","volume":"51","author":"J Miranda","year":"2010","unstructured":"Miranda J (2010) Democracia e Constitui\u00e7\u00e3o para l\u00e1 do Estado. Revista da Faculdade de Direito da Universidade de Lisboa 51:33\u201346","journal-title":"Revista da Faculdade de Direito da Universidade de Lisboa"},{"key":"33_CR59","volume-title":"Manual de direito constitucional","author":"J Miranda","year":"2015","unstructured":"Miranda J (2015) Manual de direito constitucional, vol IV. Coimbra, Coimbra Editora"},{"key":"33_CR60","unstructured":"Miranda J (2016) Curso de direito constitucional, vol 1 Estado e constitucionalismo. Constitui\u00e7\u00e3o. Direitos fundamentais. Lisboa, Universidade Cat\u00f3lica Editora"},{"key":"33_CR61","first-page":"73","volume-title":"Constitui\u00e7\u00e3o Portuguesa Anotada, t. I","author":"J Miranda","year":"2010","unstructured":"Miranda J, Cort\u00eas A (2010) In: Miranda J, Medeiros R (eds) Constitui\u00e7\u00e3o Portuguesa Anotada, t. I, 2nd edn. Coimbra, Coimbra Editora, pp 73\u201392","edition":"2"},{"key":"33_CR62","volume-title":"Tratado luso-brasileiro da dignidade humana","author":"J Miranda","year":"2008","unstructured":"Miranda J, Silva MAM (2008) Tratado luso-brasileiro da dignidade humana, 2nd edn. S\u00e3o Paulo, Quartier Latin","edition":"2"},{"key":"33_CR63","first-page":"197","volume-title":"Perspectivas constitucionais \u2013 Nos 20 anos da Constitui\u00e7\u00e3o, vol I, Jorge Miranda (Org.)","author":"F Moderne","year":"1996","unstructured":"Moderne F (1996) La dignit\u00e9 de la personne comme principe constitutionnel dans les constitutions portugaise et fran\u00e7aise. In: Perspectivas constitucionais \u2013 Nos 20 anos da Constitui\u00e7\u00e3o, vol I, Jorge Miranda (Org.). Coimbra, Coimbra Editora, pp 197\u2013230"},{"key":"33_CR64","first-page":"177","volume-title":"La justice constitutionnelle au Portugal","author":"H Mota","year":"1989","unstructured":"Mota H (1989) Le principe de la \u00abliste ouverte\u00bb en mati\u00e8re de droits fondamentaux. In: La justice constitutionnelle au Portugal. Paris, Economica, pp 177\u2013220"},{"key":"33_CR65","volume-title":"Os princ\u00edpios constitucionais estruturantes da Rep\u00fablica Portuguesa","author":"JR Novais","year":"2004","unstructured":"Novais JR (2004) Os princ\u00edpios constitucionais estruturantes da Rep\u00fablica Portuguesa. Coimbra, Coimbra Editora"},{"key":"33_CR66","volume-title":"Direitos sociais: teoria jur\u00eddica dos direitos sociais enquanto direitos fundamentais","author":"JR Novais","year":"2010","unstructured":"Novais JR (2010) Direitos sociais: teoria jur\u00eddica dos direitos sociais enquanto direitos fundamentais. Coimbra, Coimbra Editora"},{"key":"33_CR67","volume-title":"A dignidade da pessoa humana, vol I, Dignidade e direitos fundamentais","author":"JR Novais","year":"2015","unstructured":"Novais JR (2015) A dignidade da pessoa humana, vol I, Dignidade e direitos fundamentais. Coimbra, Almedina"},{"key":"33_CR68","volume-title":"A dignidade da pessoa humana, vol II, Dignidade e inconstitucionalidade","author":"JR Novais","year":"2016","unstructured":"Novais JR (2016) A dignidade da pessoa humana, vol II, Dignidade e inconstitucionalidade. Coimbra, Almedina"},{"key":"33_CR69","volume-title":"Personalidade e identidade pessoal e gen\u00e9tica do ser humano: um perfil constitucional da bio\u00e9tica","author":"P Otero","year":"1999","unstructured":"Otero P (1999) Personalidade e identidade pessoal e gen\u00e9tica do ser humano: um perfil constitucional da bio\u00e9tica. Coimbra, Almedina"},{"key":"33_CR70","volume-title":"O lugar do princ\u00edpio da dignidade da pessoa humana na jurisprud\u00eancia dos tribunais portugueses: uma perspectiva metodol\u00f3gica","author":"MK Pereira","year":"2002","unstructured":"Pereira MK (2002) O lugar do princ\u00edpio da dignidade da pessoa humana na jurisprud\u00eancia dos tribunais portugueses: uma perspectiva metodol\u00f3gica. Lisboa, FDUNL"},{"key":"33_CR71","first-page":"216","volume":"14","author":"AR Queir\u00f3","year":"1967","unstructured":"Queir\u00f3 AR, Melo AB (1967) A liberdade de empresa e a Constitui\u00e7\u00e3o (A prop\u00f3sito do Dec.-lei n. 47240, de 6 de outubro de 1966). Revista de Direito e Estudos Sociais 14:216\u2013258","journal-title":"Revista de Direito e Estudos Sociais"},{"issue":"1","key":"33_CR72","first-page":"31","volume":"90","author":"RM Ramos","year":"2014","unstructured":"Ramos RM (2014) Le recours aux pr\u00e9c\u00e9dents \u00e9trangers par le juge constitutionnel. Boletim da Faculdade de Direito 90(1):31\u201354","journal-title":"Boletim da Faculdade de Direito"},{"key":"33_CR73","first-page":"151","volume-title":"Transconstitucionalismo versus interconstitucionalidade: uma leitura cr\u00edtica do pensamento \u201ctransconstitucional\u201d de Marcelo Neves. 35\u00b0 anivers\u00e1rio da Constitui\u00e7\u00e3o de 1976","author":"P Rangel","year":"2012","unstructured":"Rangel P (2012) Transconstitucionalismo versus interconstitucionalidade: uma leitura cr\u00edtica do pensamento \u201ctransconstitucional\u201d de Marcelo Neves. 35\u00b0 anivers\u00e1rio da Constitui\u00e7\u00e3o de 1976, vol I. Coimbra Editora, Coimbra, pp 151\u2013174"},{"key":"33_CR74","volume-title":"Political liberalism","author":"J Rawls","year":"1993","unstructured":"Rawls J (1993) Political liberalism. New York, Columbia University Press"},{"key":"33_CR75","first-page":"69","volume-title":"O Tribunal Constitucional e a crise: ensaios cr\u00edticos. Gon\u00e7alo de Almeida Ribeiro and Lu\u00eds Pereira Coutinho (Org.)","author":"GA Ribeiro","year":"2014","unstructured":"Ribeiro GA (2014) O constitucionalismo dos princ\u00edpios. In: O Tribunal Constitucional e a crise: ensaios cr\u00edticos. Gon\u00e7alo de Almeida Ribeiro and Lu\u00eds Pereira Coutinho (Org.). Coimbra, Almedina, pp 69\u2013103"},{"key":"33_CR76","volume-title":"O controlo jurisdicional das pol\u00edticas p\u00fablicas de direitos sociais","author":"JS Sampaio","year":"2014","unstructured":"Sampaio JS (2014) O controlo jurisdicional das pol\u00edticas p\u00fablicas de direitos sociais. Coimbra, Coimbra Editora"},{"key":"33_CR96","unstructured":"Spaemann R (2012) Love and the dignity of human life: on nature and natural law. Grand Rapids, Mich., W.B. Eerdmans Pub. Co."},{"key":"33_CR77","volume-title":"Menschenw\u00fcrde als Rechtsbegriff","author":"P Tiedemann","year":"2012","unstructured":"Tiedemann P (2012) Menschenw\u00fcrde als Rechtsbegriff, 3rd edn. Berlin, Berlin Wissenschafts-Verlag","edition":"3"},{"key":"33_CR78","volume-title":"Abortion: the clash of absolutes","author":"L Tribe","year":"1992","unstructured":"Tribe L (1992) Abortion: the clash of absolutes. New York, W.W. Norton"},{"key":"33_CR79","doi-asserted-by":"crossref","first-page":"55","DOI":"10.21814\/unio.1.5","volume":"1","author":"LM Vale","year":"2015","unstructured":"Vale LM (2015) The theories of interconstitutionaly and transconstitutionalism: preliminary insights from a jus-cultural perspective (with a view to transnational social justice). Unio: EU Law J 1:55\u201376","journal-title":"Unio: EU Law J"}],"container-title":["Handbook of Human Dignity in Europe"],"original-title":[],"language":"en","link":[{"URL":"http:\/\/link.springer.com\/content\/pdf\/10.1007\/978-3-319-28082-0_33","content-type":"unspecified","content-version":"vor","intended-application":"similarity-checking"}],"deposited":{"date-parts":[[2024,7,17]],"date-time":"2024-07-17T07:12:58Z","timestamp":1721200378000},"score":1,"resource":{"primary":{"URL":"http:\/\/link.springer.com\/10.1007\/978-3-319-28082-0_33"}},"subtitle":[],"short-title":[],"issued":{"date-parts":[[2019]]},"ISBN":["9783319280813","9783319280820"],"references-count":83,"URL":"https:\/\/doi.org\/10.1007\/978-3-319-28082-0_33","relation":{},"subject":[],"published":{"date-parts":[[2019]]},"assertion":[{"value":"25 April 2019","order":1,"name":"first_online","label":"First Online","group":{"name":"ChapterHistory","label":"Chapter History"}}]}}