{"status":"ok","message-type":"work","message-version":"1.0.0","message":{"indexed":{"date-parts":[[2025,7,3]],"date-time":"2025-07-03T18:25:13Z","timestamp":1751567113981,"version":"3.40.5"},"edition-number":"2.\u00aa","reference-count":0,"publisher":"Imprensa da Universidade de Coimbra","isbn-type":[{"type":"electronic","value":"9789892619880"},{"type":"print","value":"9789892619873"}],"content-domain":{"domain":[],"crossmark-restriction":false},"short-container-title":[],"published-print":{"date-parts":[[2020]]},"abstract":"<jats:p>O livro An\u00e1lise dos Media \u00e9 uma reedi\u00e7\u00e3o, revista e atualizada, de uma obra de 2012. Est\u00e1 organizado em seis cap\u00edtulos, antecedidos por uma Introdu\u00e7\u00e3o. O primeiro cap\u00edtulo, \u201cEnquadramentos Te\u00f3ricos\u201d, \u00e9 um cap\u00edtulo de natureza epistemol\u00f3gica que situa este campo do saber no \u00e2mbito dos Estudos dos Media. No segundo, \u201cDesenhar uma pesquisa sobre os media\u201d, descreve-se o percurso de elabora\u00e7\u00e3o de uma pesquisa sobre os media, utilizando como exemplo a cobertura jornal\u00edstica do tema \u201ccorrup\u00e7\u00e3o pol\u00edtica\u201d em Portugal. O terceiro cap\u00edtulo, \u201cM\u00e9todos na An\u00e1lise dos Media\u201d, focaliza os m\u00e9todos utilizados nas pesquisas emp\u00edricas sobre os media, com \u00eanfase na an\u00e1lise de conte\u00fado e nos m\u00e9todos qualitativos, tais como as an\u00e1lises narrativas, as an\u00e1lises semi\u00f3ticas e as an\u00e1lises de discurso. O quarto cap\u00edtulo \u201cOs Desafios da An\u00e1lise dos Media Sociais\u201d pretende dar resposta aos desafios que os investigadores em Ci\u00eancias Sociais enfrentam face aos media sociais. No quinto cap\u00edtulo, faz-se uma breve conclus\u00e3o dos enquadramentos, pressupostos e percursos inerentes \u00e0 An\u00e1lise dos Media, seguindo-se o sexto e \u00faltimo cap\u00edtulo, que apresenta uma sele\u00e7\u00e3o bibliogr\u00e1fica comentada das obras com maior relev\u00e2ncia. <\/jats:p>","DOI":"10.14195\/978-989-26-1988-0","type":"edited-book","created":{"date-parts":[[2020,9,28]],"date-time":"2020-09-28T11:48:30Z","timestamp":1601293710000},"source":"Crossref","is-referenced-by-count":2,"title":["An\u00e1lise dos Media"],"prefix":"10.14195","author":[{"ORCID":"https:\/\/orcid.org\/0000-0001-8701-527X","authenticated-orcid":false,"given":"Isabel Ferin","family":"Cunha","sequence":"first","affiliation":[]},{"ORCID":"https:\/\/orcid.org\/0000-0002-4533-7921","authenticated-orcid":false,"given":"Ana Teresa","family":"Peixinho","sequence":"additional","affiliation":[]}],"member":"5739","container-title":[],"original-title":[],"language":"pt","deposited":{"date-parts":[[2020,9,28]],"date-time":"2020-09-28T11:48:30Z","timestamp":1601293710000},"score":1,"resource":{"primary":{"URL":"http:\/\/monographs.uc.pt\/iuc\/catalog\/book\/114"}},"subtitle":[],"short-title":[],"issued":{"date-parts":[[2020]]},"ISBN":["9789892619880","9789892619873"],"references-count":0,"URL":"https:\/\/doi.org\/10.14195\/978-989-26-1988-0","relation":{},"subject":[],"published":{"date-parts":[[2020]]}}}