{"status":"ok","message-type":"work","message-version":"1.0.0","message":{"indexed":{"date-parts":[[2025,5,14]],"date-time":"2025-05-14T04:27:09Z","timestamp":1747196829398,"version":"3.40.5"},"edition-number":"1.\u00aa Edi\u00e7\u00e3o","reference-count":0,"publisher":"Imprensa da Universidade de Coimbra","isbn-type":[{"type":"electronic","value":"9789892623368"},{"type":"print","value":"9789892623351"}],"content-domain":{"domain":[],"crossmark-restriction":false},"short-container-title":[],"published-print":{"date-parts":[[2022]]},"abstract":"<jats:p>Uma das marcas da romaniza\u00e7\u00e3o foram as inscri\u00e7\u00f5es. Empregues como meio de comunica\u00e7\u00e3o, alastraram a quase todas as facetas da vida p\u00fablica e privada da \u00e9poca romana. Seguindo padr\u00f5es comuns, essa pr\u00e1tica de gravar inscri\u00e7\u00f5es \u2013 o h\u00e1bito epigr\u00e1fico \u2013 assumiu, n\u00e3o obstante, formas regionalmente diferenciadas, configurando diversificadas culturas epigr\u00e1ficas. Esta obra, resultante de um projeto da Europa Criativa, coordenado pela Universidade de Navarra e com a participa\u00e7\u00e3o das universidades de Coimbra, Bord\u00e9us e La Sapienza de Roma, para al\u00e9m de outras entidades dos mesmos pa\u00edses, atende n\u00e3o s\u00f3 \u00e0 import\u00e2ncia das inscri\u00e7\u00f5es, com novas abordagens sobre report\u00f3rios j\u00e1 mais ou menos conhecidos, mas tamb\u00e9m \u00e0s novas ferramentas que \u2013 desde o auge da internet ao emprego da fotogrametria digital, da epigrafia digital \u00e0 epigrafia 3D \u2013 se v\u00eam colocando ao servi\u00e7o do seu estudo, intele\u00e7\u00e3o e, sobretudo, difus\u00e3o social dos seus valores, em boa medida, construtores da identidade europeia.<\/jats:p>","DOI":"10.14195\/978-989-26-2336-8","type":"edited-book","created":{"date-parts":[[2022,10,10]],"date-time":"2022-10-10T15:02:18Z","timestamp":1665414138000},"source":"Crossref","is-referenced-by-count":0,"title":["Valete Vos Viatores: Travelling through Latin inscriptions across the Roman Empire"],"prefix":"10.14195","author":[{"ORCID":"https:\/\/orcid.org\/0000-0003-4662-548X","authenticated-orcid":false,"given":"Javier Andreu","family":"Pintado","sequence":"first","affiliation":[]},{"ORCID":"https:\/\/orcid.org\/0000-0002-6459-3285","authenticated-orcid":false,"given":"Armando","family":"Redentor","sequence":"additional","affiliation":[]},{"ORCID":"https:\/\/orcid.org\/0000-0003-4250-8489","authenticated-orcid":false,"given":"Elena Alguacil","family":"Villan\u00faa","sequence":"additional","affiliation":[]}],"member":"5739","container-title":[],"original-title":[],"language":"pt","deposited":{"date-parts":[[2022,10,10]],"date-time":"2022-10-10T15:02:21Z","timestamp":1665414141000},"score":1,"resource":{"primary":{"URL":"http:\/\/monographs.uc.pt\/iuc\/catalog\/book\/295"}},"subtitle":[],"short-title":[],"issued":{"date-parts":[[2022]]},"ISBN":["9789892623368","9789892623351"],"references-count":0,"URL":"https:\/\/doi.org\/10.14195\/978-989-26-2336-8","relation":{},"subject":[],"published":{"date-parts":[[2022]]}}}