{"status":"ok","message-type":"work","message-version":"1.0.0","message":{"indexed":{"date-parts":[[2025,5,14]],"date-time":"2025-05-14T04:27:22Z","timestamp":1747196842721,"version":"3.40.5"},"edition-number":"1.\u00aa Edi\u00e7\u00e3o","reference-count":0,"publisher":"Imprensa da Universidade de Coimbra","isbn-type":[{"type":"electronic","value":"9789892625324"},{"type":"print","value":"9789892625317"}],"content-domain":{"domain":[],"crossmark-restriction":false},"short-container-title":[],"published-print":{"date-parts":[[2024]]},"abstract":"<jats:p>Mundos de l\u00edngua portuguesa - olhares cruzados apresenta a s\u00edntese do debate cient\u00edfico que v\u00e1rios especialistas ligados \u00e0 Associa\u00e7\u00e3o Internacional de Lusitanistas compartilharam na cidade de Roma, em tempo de pandemia. Neste volume s\u00e3o reunidos estudos que problematizam quest\u00f5es de ordem sociol\u00f3gica, antropol\u00f3gica, ecocr\u00edtica ou interart\u00edstica, transversais \u00e0 comunidade de l\u00edngua portuguesa. Encontram-se ainda contribui\u00e7\u00f5es que tratam de jornalismo, museus, turismo cultural, cinema, teatro, arquitetura e temas de cultura galega.<\/jats:p>","DOI":"10.14195\/978-989-26-2532-4","type":"edited-book","created":{"date-parts":[[2024,2,22]],"date-time":"2024-02-22T10:13:28Z","timestamp":1708596808000},"source":"Crossref","is-referenced-by-count":0,"title":["Mundos de l\u00edngua portuguesa \u2013 olhares cruzados (II): Reflex\u00f5es interartes sobre Cultura  e Teoria liter\u00e1ria"],"prefix":"10.14195","author":[{"ORCID":"https:\/\/orcid.org\/0000-0002-2776-2094","authenticated-orcid":false,"given":"Valeria","family":"Tocco","sequence":"first","affiliation":[]},{"ORCID":"https:\/\/orcid.org\/0000-0001-8772-3807","authenticated-orcid":false,"given":"Filipa Medeiros","family":"Ara\u00fajo","sequence":"additional","affiliation":[]},{"ORCID":"https:\/\/orcid.org\/0000-0003-3390-1406","authenticated-orcid":false,"given":"Carlos Ascenso","family":"Andr\u00e9","sequence":"additional","affiliation":[]}],"member":"5739","container-title":[],"original-title":[],"language":"pt","deposited":{"date-parts":[[2024,2,22]],"date-time":"2024-02-22T10:13:57Z","timestamp":1708596837000},"score":1,"resource":{"primary":{"URL":"http:\/\/monographs.uc.pt\/iuc\/catalog\/book\/425"}},"subtitle":[],"short-title":[],"issued":{"date-parts":[[2024]]},"ISBN":["9789892625324","9789892625317"],"references-count":0,"URL":"https:\/\/doi.org\/10.14195\/978-989-26-2532-4","relation":{},"subject":[],"published":{"date-parts":[[2024]]}}}