{"status":"ok","message-type":"work","message-version":"1.0.0","message":{"indexed":{"date-parts":[[2025,5,14]],"date-time":"2025-05-14T04:27:23Z","timestamp":1747196843649,"version":"3.40.5"},"edition-number":"1.\u00aa Edi\u00e7\u00e3o","reference-count":0,"publisher":"Imprensa da Universidade de Coimbra","isbn-type":[{"type":"electronic","value":"9789892625362"},{"type":"print","value":"9789892625355"}],"content-domain":{"domain":[],"crossmark-restriction":false},"short-container-title":[],"published-print":{"date-parts":[[2024]]},"abstract":"<jats:p>Mundos de l\u00edngua portuguesa - olhares cruzados apresenta a s\u00edntese do debate cient\u00edfico que v\u00e1rios especialistas ligados \u00e0 Associa\u00e7\u00e3o Internacional de Lusitanistas compartilharam na cidade de Roma, em tempo de pandemia. Neste volume s\u00e3o reunidos estudos sobre mult\u00edplices aspetos da literatura e da cultura brasileiras do s\u00e9c. XVII aos nossos dias, concedendo especial aten\u00e7\u00e3o a quest\u00f5es sens\u00edveis como ditadura, viol\u00eancia, racismo, injusti\u00e7a social. Enriquecem este conjunto as reflex\u00f5es sobre o estatuto da personagem liter\u00e1ria ou sobre loucura e mem\u00f3ria.<\/jats:p>","DOI":"10.14195\/978-989-26-2536-2","type":"edited-book","created":{"date-parts":[[2024,2,22]],"date-time":"2024-02-22T10:16:52Z","timestamp":1708597012000},"source":"Crossref","is-referenced-by-count":0,"title":["Mundos de l\u00edngua portuguesa \u2013 olhares cruzados (IV): O Brasil em foco: perspetiva\u00e7\u00f5es liter\u00e1rias e culturais"],"prefix":"10.14195","author":[{"ORCID":"https:\/\/orcid.org\/0000-0002-2776-2094","authenticated-orcid":false,"given":"Valeria","family":"Tocco","sequence":"first","affiliation":[]},{"ORCID":"https:\/\/orcid.org\/0000-0001-8772-3807","authenticated-orcid":false,"given":"Filipa Medeiros","family":"Ara\u00fajo","sequence":"additional","affiliation":[]},{"ORCID":"https:\/\/orcid.org\/0000-0003-3390-1406","authenticated-orcid":false,"given":"Carlos Ascenso","family":"Andr\u00e9","sequence":"additional","affiliation":[]}],"member":"5739","container-title":[],"original-title":[],"language":"pt","deposited":{"date-parts":[[2024,2,22]],"date-time":"2024-02-22T10:17:33Z","timestamp":1708597053000},"score":1,"resource":{"primary":{"URL":"http:\/\/monographs.uc.pt\/iuc\/catalog\/book\/427"}},"subtitle":[],"short-title":[],"issued":{"date-parts":[[2024]]},"ISBN":["9789892625362","9789892625355"],"references-count":0,"URL":"https:\/\/doi.org\/10.14195\/978-989-26-2536-2","relation":{},"subject":[],"published":{"date-parts":[[2024]]}}}