{"status":"ok","message-type":"work","message-version":"1.0.0","message":{"indexed":{"date-parts":[[2025,5,14]],"date-time":"2025-05-14T04:27:26Z","timestamp":1747196846149,"version":"3.40.5"},"edition-number":"1.\u00aa Edi\u00e7\u00e3o","reference-count":0,"publisher":"Imprensa da Universidade de Coimbra","isbn-type":[{"type":"electronic","value":"9789892625591"},{"type":"print","value":"9789892625584"}],"content-domain":{"domain":[],"crossmark-restriction":false},"short-container-title":[],"published-print":{"date-parts":[[2024]]},"abstract":"<jats:p>Este livro resulta da transforma\u00e7\u00e3o de um relat\u00f3rio sobre o campo disciplinar dos Estudos Narrativos Medi\u00e1ticos, apresentado a Provas de Agrega\u00e7\u00e3o em Ci\u00eancias da Comunica\u00e7\u00e3o em maio de 2023, e foi escrito para estudantes de p\u00f3s-gradua\u00e7\u00e3o e investigadores das Ci\u00eancias da Comunica\u00e7\u00e3o.\r\n\r\nPretende ser, portanto, um manual de apoio a quem quiser explorar este quadro te\u00f3rico-metodol\u00f3gico e adequ\u00e1-lo ao estudo dos media e da comunica\u00e7\u00e3o. Estrutura-se em tr\u00eas partes articuladas, cuja sequ\u00eancia obedece a uma l\u00f3gica de aprofundamento e especifica\u00e7\u00e3o das problem\u00e1ticas em estudo. A primeira parte \u2013 Estudos Narrativos Medi\u00e1ticos: enquadramento \u2013, organizada em tr\u00eas cap\u00edtulos, enquadra teoricamente as quest\u00f5es suscitadas pelos Estudos Narrativos Medi\u00e1ticos, dotando os leitores de uma vis\u00e3o de conjunto do campo disciplinar. Na sequ\u00eancia desta reflex\u00e3o epistemol\u00f3gica, a segunda parte \u2013 Narrativa e media \u2013 explora o quadro conceptual dos Estudos Narrativos Medi\u00e1ticos, procurando uma defini\u00e7\u00e3o t\u00e3o clara quanto poss\u00edvel de alguns conceitos-chave: narrativa medi\u00e1tica, media\u00e7\u00e3o narrativa e medialidade, remedia\u00e7\u00e3o, inter e transmedialidade, etc. Sugere-se, pois, uma reflex\u00e3o e consequente sistematiza\u00e7\u00e3o sobre a rela\u00e7\u00e3o entre narrativa e media, \u00e0 qual n\u00e3o \u00e9 alheio o progressivo alargamento dos Estudos Narrativos e o consequente reajustamento conceptual a que a evolu\u00e7\u00e3o tecnol\u00f3gica obriga. \r\nElege-se, no vasto campo das Ci\u00eancias da Comunica\u00e7\u00e3o,\r\n um dom\u00ednio de estudo privilegiado, o do jornalismo, estudado \r\nna terceira e \u00faltima parte \u2013 Narrativa e jornalismo. Pretende-se,\r\npois, problematizar as narrativas jornal\u00edsticas no quadro epistemol\u00f3gico dos Estudos Narrativos Medi\u00e1ticos.<\/jats:p>","DOI":"10.14195\/978-989-26-2559-1","type":"edited-book","created":{"date-parts":[[2024,6,12]],"date-time":"2024-06-12T09:32:11Z","timestamp":1718184731000},"source":"Crossref","is-referenced-by-count":0,"title":["Estudos Narrativos Medi\u00e1ticos"],"prefix":"10.14195","author":[{"ORCID":"https:\/\/orcid.org\/0000-0002-4533-7921","authenticated-orcid":false,"given":"Ana Teresa","family":"Peixinho","sequence":"first","affiliation":[]}],"member":"5739","container-title":[],"original-title":[],"language":"pt","deposited":{"date-parts":[[2024,6,12]],"date-time":"2024-06-12T09:32:13Z","timestamp":1718184733000},"score":1,"resource":{"primary":{"URL":"http:\/\/books.uc.pt\/book?book=1367"}},"subtitle":[],"short-title":[],"issued":{"date-parts":[[2024]]},"ISBN":["9789892625591","9789892625584"],"references-count":0,"URL":"https:\/\/doi.org\/10.14195\/978-989-26-2559-1","relation":{},"subject":[],"published":{"date-parts":[[2024]]}}}