{"status":"ok","message-type":"work","message-version":"1.0.0","message":{"indexed":{"date-parts":[[2025,5,14]],"date-time":"2025-05-14T04:37:00Z","timestamp":1747197420544,"version":"3.40.5"},"publisher-location":"Bielefeld, Germany","edition-number":"1","reference-count":61,"publisher":"transcript Verlag","isbn-type":[{"type":"print","value":"9783837667899"},{"type":"electronic","value":"9783839467893"}],"license":[{"start":{"date-parts":[[2023,10,2]],"date-time":"2023-10-02T00:00:00Z","timestamp":1696204800000},"content-version":"vor","delay-in-days":0,"URL":"https:\/\/creativecommons.org\/licenses\/by\/4.0\/"}],"content-domain":{"domain":[],"crossmark-restriction":false},"short-container-title":[],"published-print":{"date-parts":[[2023,10,17]]},"abstract":"<jats:p>Die Grenzschlie\u00dfungen, aber auch die Grenzkontrollen an den deutschen Au\u00dfengrenzen stellten f\u00fcr die Gro\u00dfregion und auch f\u00fcr die Universit\u00e4t des Saarlandes zur Anfangszeit der Covid-19-Pandemie eine besondere Herausforderung dar. Vor diesem Hintergrund zeigt Brodowski in diesem Beitrag die rechtlichen Rahmenbedingungen f\u00fcr Grenzschlie\u00dfungen und Grenzkontrollen an Schengen-Binnengrenzen auf und kontrastiert diese mit rechtlichen M\u00f6glichkeiten zur Einrichtung von Kontrollstellen im Inland. Es zeigt sich dabei ein erhebliches Rechtsschutzdefizit dahingehend, dass die Gerichte unzureichend Entscheidungen \u00fcber die Wiedereinf\u00fchrung von Binnengrenzkontrollen \u00fcberpr\u00fcfen k\u00f6nnen. Wegen der politischen Symbolik und der Missbrauchsanf\u00e4lligkeit von Grenzschlie\u00dfungen und Grenzkontrollen stellen diese daher eine Achillesferse der Gro\u00dfregion dar.<\/jats:p>","DOI":"10.14361\/9783839467893-011","type":"book-chapter","created":{"date-parts":[[2023,10,20]],"date-time":"2023-10-20T09:39:23Z","timestamp":1697794763000},"page":"207-228","source":"Crossref","is-referenced-by-count":0,"title":["Die Covid-19-Pandemie als Z\u00e4sur f\u00fcr die Gro\u00dfregion"],"prefix":"10.14361","author":[{"ORCID":"https:\/\/orcid.org\/0000-0002-9305-2605","authenticated-orcid":true,"given":"Florian","family":"Weber","sequence":"first","affiliation":[{"name":"Universit\u00e4t des Saarlandes (Saarbr\u00fccken), Deutschland"}]},{"ORCID":"https:\/\/orcid.org\/0009-0005-9183-9964","authenticated-orcid":true,"given":"Julia","family":"Dittel","sequence":"additional","affiliation":[]}],"member":"5471","published-online":{"date-parts":[[2023,10,2]]},"reference":[{"key":"ref1","unstructured":"Anzald\u00faa, Gloria: Borderlands\/La frontera. The New Mestiza, San Francisco 2012 [1987]."},{"key":"ref2","doi-asserted-by":"crossref","unstructured":"Arnold, Clara\/Mohammed, Samia: Einleitung: Kritisches Denken als gemeinsame Praxis, in: Arnold, Clara\/Fl\u00fcgel\u2010Martinsen, Oliver\/Mohammed, Samia [u.\u00a0a.] (Hg.): Kritik in der Krise. Perspektiven politischer Theorie auf die Corona\u2010Pandemie, Baden\u2010Baden 2020, 7\u201313.","DOI":"10.5771\/9783748910688-7"},{"key":"ref3","unstructured":"B\u00e4hr, Holger\/Schenke, Hanna\/Filsinger, Dieter: Transnationale Netzwerke und Institutionen in der Gro\u00dfregion SaarLorLux, in: Meyer, J\u00fcrgen\/Rampeltshammer, Luitpold (Hg.): Grenz\u00fcberschreitendes Arbeiten in der Gro\u00dfregion SaarLorLux, Saarbr\u00fccken 2012, 17\u201378."},{"key":"ref4","unstructured":"Baumgart, Sabine\/Kr\u00e4tzig, Sebastian: Raumentwicklung in Grenzregionen. Wichtige Weichenstellungen unter dem Eindruck der Pandemie, in: Informationen zur Raumentwicklung 26\u00a0(2021), 18\u201323."},{"key":"ref5","doi-asserted-by":"crossref","unstructured":"Beck, Joachim (Hg.): Transdisciplinary Discourses on Cross\u2010Border Cooperation in Europe, Br\u00fcssel [u.\u00a0a.] 2019.","DOI":"10.3726\/b15288"},{"key":"ref6","unstructured":"Berrod, Fr\u00e9d\u00e9rique\/Wassenberg, Birte\/Chovet, Morgane: La fronti\u00e8re franco\u2010allemande au temps du Covid\u201119: la fin d\u2019un espace commun?, in: The Conversation, 16.04.2020, https:\/\/theconversation.com\/la-frontiere-franco-allemande-au-temps-du-covid-19-la-fin-dun-espace-commun-136467 [21.04.2020]."},{"key":"ref7","unstructured":"BMI: Vor\u00fcbergehende Grenzkontrollen an den Binnengrenzen zu \u00d6sterreich, der Schweiz, Frankreich, Luxemburg und D\u00e4nemark, Berlin, 15.03.2020, https:\/\/www.bmi.bund.de\/SharedDocs\/pressemitteilungen\/DE\/2020\/03\/grenzschliessung-corona.html [27.03.2020]."},{"key":"ref8","unstructured":"BMI: Grenz\u00fcbertritt nur noch an bestimmten Grenz\u00fcbergangsstellen, Berlin, 19.03.2020, https:\/\/www.bmi.bund.de\/SharedDocs\/pressemitteilungen\/DE\/2020\/03\/festlegung-grenzuebergangsstellen.html [27.03.2020]."},{"key":"ref9","doi-asserted-by":"crossref","unstructured":"Boeckler, Marc: Borderlands, in: Marquardt, Nadine\/Schreiber, Verena (Hg.): Ortsregister. Ein Glossar zu R\u00e4umen der Gegenwart, Bielefeld 2012, 44\u201349.","DOI":"10.1515\/transcript.9783839419687.44"},{"key":"ref10","unstructured":"B\u00f6hm, Hynek: Five Roles of Cross\u2010border Cooperation Against Re\u2011bordering, in: Journal of Borderlands Studies, 23.07.2021, 1\u201320."},{"key":"ref11","unstructured":"Brambilla, Chiara\/Laine, Jussi\/Scott, James\/Bocchi, Gianluca: Introduction: Thinking, Mapping, Acting and Living Borders under Contemporary Globalisation, in: dies. (Hg.): Borderscaping: Imaginations and practices of border making, Burlington, Farnham 2015, 1\u20139."},{"key":"ref12","doi-asserted-by":"crossref","unstructured":"Crossey, Nora: COVID\u201119 als m\u00f6gliche Chance. Gemeinden, grenz\u00fcberschreitende Beziehungen und die Frankreichstrategie des Saarlandes, in: Weber, Florian\/Theis, Roland\/Terrollion, Karl (Hg.): Grenzerfahrungen\/Exp\u00e9riences transfrontali\u00e8res. COVID\u201119 und die deutsch\u2010franz\u00f6sischen Beziehungen\/Les relations franco\u2010allemandes \u00e0 l\u2019heure de la COVID\u201119, Wiesbaden 2021, 401\u2013416.","DOI":"10.1007\/978-3-658-33318-8_36"},{"key":"ref13","doi-asserted-by":"crossref","unstructured":"Crossey, Nora\/Weber, Florian: Zur Konstitution multipler Borderlands im Zuge der Frankreichstrategie des Saarlandes, in: Weber, Florian [u.\u00a0a.] (Hg.): Geographien der Grenzen. R\u00e4ume \u2013 Ordnungen \u2013 Verflechtungen, Wiesbaden 2020, 145\u2013166.","DOI":"10.1007\/978-3-658-30950-3_7"},{"key":"ref14","unstructured":"Crossey, Nora\/Weber, Florian: Handlungsempfehlungen zur weiteren Gestaltung der grenz\u00fcberschreitenden Kooperation im deutsch\u2010franz\u00f6sischen Verflechtungsraum\/Recommandations d\u2019action pour les orientations futures de la coop\u00e9ration transfrontali\u00e8re dans le bassin de vie franco\u2010allemand, in: UniGR\u2010CBS Policy Paper 4\u00a0(2021), 1\u201346."},{"key":"ref15","unstructured":"Crossey, Nora\/Weber, Florian: Die Frankreichstrategie des Saarlandes als multisektoraler Impuls f\u00fcr die grenz\u00fcberschreitende Zusammenarbeit, in: Mangels, Kirsten\/Briegel, Daniela (Hg.): Strategien und Konzepte grenz\u00fcberschreitender Raumentwicklung und Raumplanung, Kaiserslautern 2022, 23\u201341."},{"key":"ref16","unstructured":"Deutscher \u00c4rzteverlag: Deutsche Krankenh\u00e4user nehmen COVID\u201119\u2010Patienten aus Italien und Frankreich auf, Berlin, 24.03.2020, https:\/\/www.aerzteblatt.de\/nachrichten\/111286\/Deutsche-Krankenhaeuser-nehmen-COVID-19-Patienten-aus-Italien-und-Frankreich-auf [20.04.2020]."},{"key":"ref17","doi-asserted-by":"crossref","unstructured":"D\u00f6rrenb\u00e4cher, Hans Peter: Ein grenz\u00fcberschreitender Wirtschaftsraum? Gemeinsame und individuelle Entwicklungen seit der Krise des Montansektors, in: Wille, Christian (Hg.): Lebenswirklichkeiten und politische Konstruktionen in Grenzregionen. Das Beispiel der Gro\u00dfregion SaarLorLux: Wirtschaft \u2013 Politik \u2013 Alltag \u2013 Kultur, Bielefeld 2015, 21\u201338.","DOI":"10.1515\/9783839429273-003"},{"key":"ref18","unstructured":"Duvernet, Claire\/Gebhardt, Dirk\/Kurnol, Jens: Grenzerfahrungen. Eine Einf\u00fchrung, in: Informationen zur Raumentwicklung 26\u00a0(2021), 4\u20137."},{"key":"ref19","doi-asserted-by":"crossref","unstructured":"Dylla, Carolin: Drei Monate \u201aGrenzerfahrungen\u2018: Was bleibt? Betrachtungen aus der Medienperspektive, in: Weber\/Theis\/Terrollion (Hg.): Grenzerfahrungen\/Exp\u00e9riences transfrontali\u00e8res, 261\u2013283.","DOI":"10.1007\/978-3-658-33318-8_25"},{"key":"ref20","unstructured":"Europ\u00e4ische Kommission: COVID\u201119. Leitlinien f\u00fcr Grenzmanagementma\u00dfnahmen zum Schutz der Gesundheit und zur Sicherstellung der Verf\u00fcgbarkeit von Waren und wesentlichen Dienstleistungen, Br\u00fcssel, 16.03.2020, https:\/\/eur-lex.europa.eu\/legal-content\/DE\/TXT\/PDF\/?uri=CELEX:52020XC0316(03)&from=EN [10.10.2021]."},{"key":"ref21","doi-asserted-by":"crossref","unstructured":"Freitag\u2010Carteron, Susanne: Deutschland, Frankreich, COVID\u201119 \u2013 das Virus und die Grenzregion, in: Weber\/Theis\/Terrollion (Hg.): Grenzerfahrungen\/Exp\u00e9riences transfrontali\u00e8res, 295\u2013308.","DOI":"10.1007\/978-3-658-33318-8_27"},{"key":"ref22","unstructured":"Frontaliers Grand Est: T\u00e9l\u00e9travail et COVID\u201119 \u2013 Evolution des accords, Metz 2022, https:\/\/frontaliers-grandest.eu\/teletravail-et-covid-19-evolution-des-accords\/ [16.01.2022]."},{"key":"ref23","doi-asserted-by":"crossref","unstructured":"Gerst, Dominik\/Klessmann, Maria\/Kr\u00e4mer, Hannes: Einleitung, in: dies. (Hg.): Grenzforschung. Handbuch f\u00fcr Wissenschaft und Praxis, Baden\u2010Baden 2021, 9\u201325.","DOI":"10.5771\/9783845295305-9"},{"key":"ref24","unstructured":"Hans, Tobias: Gemeinsam vorangehen!, in: Weber\/Theis\/Terrollion (Hg.): Grenzerfahrungen\/Exp\u00e9riences transfrontali\u00e8res, 123\u2013131."},{"key":"ref25","unstructured":"IBA\u2010OIE: Die Grenzg\u00e4ngerstr\u00f6me der Gro\u00dfregion (2020), 2021, https:\/\/www.iba-oie.eu\/fileadmin\/user_upload\/IBA-OIE\/Themen\/Grenzgaenger\/Karte_GG_2020_DE_FR_kurz_gerundet.pdf [19.11.2021]."},{"key":"ref26","unstructured":"IBA\u2010OIE: Grenzg\u00e4ngermobilit\u00e4t. Die Arbeitsmarktsituation in der Gro\u00dfregion. 12.\u00a0Bericht der Interregionalen Arbeitsmarktbeobachtungsstelle an den 17.\u00a0Gipfel der Exekutiven der Gro\u00dfregion, Saarbr\u00fccken 2021, https:\/\/www.iba-oie.eu\/fileadmin\/user_upload\/IBA-OIE\/Publikationen\/IBA-Berichte\/12._Bericht_2020_21\/2021_IBA_OIE_Grenzgaenger.pdf [09.06.2022]."},{"key":"ref27","unstructured":"IBA\u2010OIE: Die Auswirkungen der Gesundheitskrise auf den Arbeitsmarkt in der Gro\u00dfregion. 13.\u00a0Bericht der Interregionalen Arbeitsmarktbeobachtungsstelle an den 18.\u00a0Gipfel der Exekutiven der Gro\u00dfregion, Saarbr\u00fccken 2022, https:\/\/www.iba-oie.eu\/fileadmin\/user_upload\/IBA-OIE\/Themen\/Sonderthemen\/Auswirkungen_COVID19\/2022_IBA_OIE_Auswirkungen_der_Gesundheitskrise.pdf [09.06.2022]."},{"key":"ref28","doi-asserted-by":"crossref","unstructured":"Iossifova, Deljana: Borderland, in: Orum, Anthony M. [u.\u00a0a.] (Hg.): The Wiley\u2010Blackwell Encyclopedia of Urban and Regional Studies, Chichester 2019.","DOI":"10.1002\/9781118568446.eurs0028"},{"key":"ref29","unstructured":"Jochum, Dominik: Eng verschlungen \u00fcber die Grenze hinweg, in: Weber\/Theis\/Terrollion (Hg.): Grenzerfahrungen\/Exp\u00e9riences transfrontali\u00e8res, 173\u2013184."},{"key":"ref30","doi-asserted-by":"crossref","unstructured":"Kerber, Markus: F\u00fcr eine krisenfeste Zusammenarbeit in der deutsch\u2010franz\u00f6sischen Grenzregion! Erfahrungen und Schlussfolgerungen aus der \u201aersten Welle\u2018 der COVID\u201119\u2010Pandemie, in: Weber\/Theis\/Terrollion (Hg.): Grenzerfahrungen\/Exp\u00e9riences transfrontali\u00e8res, 45\u201353.","DOI":"10.1007\/978-3-658-33318-8_4"},{"key":"ref31","doi-asserted-by":"crossref","unstructured":"Kolossov, Vladimir\/Scott, James: Selected Conceptual Issues in Border Studies, in: Belgeo 1\u00a0(2013), 41\u00a0Abs\u00e4tze.","DOI":"10.4000\/belgeo.10532"},{"key":"ref32","unstructured":"Kramsch, Olivier T.: Regulating European Borders: a Cultural Perspective, in: Veggeland, Noralv (Hg.): Innovative Regulatory Approaches: Coping with Scandinavian and European Union Policies, New York 2010, 71\u201384."},{"key":"ref33","doi-asserted-by":"crossref","unstructured":"Maillasson, H\u00e9l\u00e8ne: Freundschaft mit Hindernissen, in: Weber\/Theis\/Terrollion (Hg.): Grenzerfahrungen\/Exp\u00e9riences transfrontali\u00e8res, 309\u2013316.","DOI":"10.1007\/978-3-658-33318-8_28"},{"key":"ref34","doi-asserted-by":"crossref","unstructured":"Medeiros, Eduardo\/Guillermo Ram\u00edrez, Mart\u00edn\/Ocskay, Gyula\/Peyrony, Jean: Covidfencing Effects on Cross\u2010Border Deterritorialism: the Case of Europe, in: European Planning Studies 29\u00a0(2021), 962\u2013982.","DOI":"10.1080\/09654313.2020.1818185"},{"key":"ref35","unstructured":"Meninno, Raffaella\/Wolff, Guntram: As the Coronavirus Spreads, Can the EU Afford to Close its Borders?, 28.02.2020, https:\/\/voxeu.org\/content\/coronavirus-spreads-can-eu-afford-close-its-borders [10.05.2021]."},{"key":"ref36","doi-asserted-by":"crossref","unstructured":"Mezzadra, Sandro\/Neilson, Brett: Border as Method, or, the Multiplication of Labor, Durham, London 2013.","DOI":"10.2307\/j.ctv1131cvw"},{"key":"ref37","unstructured":"Mission Op\u00e9rationnelle Transfrontali\u00e8re\/Europ\u00e4ische Union: The Effects of COVID\u201119 Induced Border Closures on Cross\u2010Border Regions. An Empirical Report Covering the Period March to June\u00a02020, Luxemburg\u00a02021, https:\/\/op.europa.eu\/en\/publication-detail\/-\/publication\/46250564-669a-11eb-aeb5-01aa75ed71a1\/language-en [21.02.2022]."},{"key":"ref38","doi-asserted-by":"crossref","unstructured":"Newman, David: On Borders and Power: A Theoretical Framework, in: Journal of Borderlands Studies 18\u00a0(2003), 13\u201325.","DOI":"10.1080\/08865655.2003.9695598"},{"key":"ref39","unstructured":"Nossem, Eva: The Pandemic of Nationalism and the Nationalism of Pandemics 2020, https:\/\/ubt.opus.hbz-nrw.de\/opus45-ubtr\/frontdoor\/deliver\/index\/docId\/1405\/file\/UniGR-CBS-Working+Paper+Vol.+8.pdf [30.07.2020]."},{"key":"ref40","doi-asserted-by":"crossref","unstructured":"Opi\u0142owska, El\u017cbieta: Opi\u0142owska, El\u017cbieta: The Covid\u201119 Crisis: the End of a Borderless Europe?, in: European Societies 23\u00a0(2021), S589\u2013S600.","DOI":"10.1080\/14616696.2020.1833065"},{"key":"ref41","doi-asserted-by":"crossref","unstructured":"Paasi, Anssi: Generations and the \u2018Development\u2019 of Border Studies, in: Geopolitics 10\u00a0(2005), 663\u2013671.","DOI":"10.1080\/14650040500318563"},{"key":"ref42","unstructured":"Peyrony, Jean: Grenzschlie\u00dfungen als Folge von COVID\u201119. Empirischer Bericht f\u00fcr den Zeitraum M\u00e4rz bis Juni\u00a02020, in: Informationen zur Raumentwicklung 26\u00a0(2021), 94\u2013107."},{"key":"ref43","unstructured":"Pigeron\u2010Piroth, Isabelle\/Funk, Ines\/Nienaber, Birte\/D\u00f6rrenb\u00e4cher, Hans Peter\/Belkacem, Rachid: Der grenz\u00fcberschreitende Arbeitsmarkt der Gro\u00dfregion. Der Einfluss der COVID\u201119\u2010Pandemie, in: Informationen zur Raumentwicklung 26\u00a0(2021), 74\u201385."},{"key":"ref44","unstructured":"Recktenwald, Katharina\/Weber, Florian\/D\u00f6rrenb\u00e4cher, Hans Peter: Grenzregionen in Zeiten der Covid\u201119\u2010Pandemie \u2013 eine Analyse der Berichterstattung der Saarbr\u00fccker Zeitung im Fr\u00fchjahr\u00a02020, 2022, https:\/\/ubt.opus.hbz-nrw.de\/opus45-ubtr\/frontdoor\/deliver\/index\/docId\/1788\/file\/UniGR-CBS_Working_Paper_Vol12.pdf [07.03.2022]."},{"key":"ref45","doi-asserted-by":"crossref","unstructured":"Redepenning, Marc: Aspekte einer Sozialgeographie der Grenzziehungen. Grenzziehungen als soziale Praxis mit Raumbezug, in: Heintel, Martin\/Musil, Robert\/Weixlbaumer, Norbert (Hg.): Grenzen. Theoretische, konzeptionelle und praxisbezogene Fragestellungen zu Grenzen und deren \u00dcberschreitungen, Wiesbaden 2018, 19\u201342.","DOI":"10.1007\/978-3-658-18433-9_2"},{"key":"ref46","unstructured":"Redepenning, Marc\/Scholl, Sebastian: Die Vielfalt von Grenzen. Formenreiche Strukturierungsm\u00f6glichkeiten zwischen Alltag, Planung und Politik, in: Informationen zur Raumentwicklung 26\u00a0(2021), 8\u201317."},{"key":"ref47","doi-asserted-by":"crossref","unstructured":"Roth, Michael: Ein Schritt zur\u00fcck, zwei nach vorne. Wie die Coronakrise uns lehrte, mit Mut die grenz\u00fcberschreitende Zusammenarbeit voranzubringen, in: Weber\/Theis\/Terrollion (Hg.): Grenzerfahrungen\/Exp\u00e9riences transfrontali\u00e8res, 37\u201344.","DOI":"10.1007\/978-3-658-33318-8_3"},{"key":"ref48","doi-asserted-by":"crossref","unstructured":"Rumford, Chris: Introduction. Theorizing Borders, in: European Journal of Social Theory 9\u00a0(2006), 155\u2013169.","DOI":"10.1177\/1368431006063330"},{"key":"ref49","unstructured":"Saarbr\u00fccker Zeitung: Franz\u00f6sischer Corona\u2010Patient aus Winterberg\u2010Klinik entlassen. Klinikum Saarbr\u00fccken entl\u00e4sst 64\u2010J\u00e4hrigen, der mit Diagnose \u201eCovid\u201119 mit Lungenversagen\u201c per Rettungswagen aus Frankreich kam., in: Saarbr\u00fccker Zeitung, 10.04.2020, https:\/\/www.saarbruecker-zeitung.de\/saarland\/saarbruecken\/kilinikum-saarbruecken-hilft-mann-aus-frankreich-corona-zu-ueberleben_aid-50012369 [15.03.2021]."},{"key":"ref50","doi-asserted-by":"crossref","unstructured":"Schneider\u2010Sliwa, Rita: Verflechtungsraum Basel. Von der Regio\u2010Idee zur Trinationalen Metropole Oberrhein, in: Heintel\/Musil\/Weixlbaumer (Hg.): Grenzen, 205\u2013235.","DOI":"10.1007\/978-3-658-18433-9_10"},{"key":"ref51","doi-asserted-by":"crossref","unstructured":"Sohn, Christophe: The Border as a Resource in the Global Urban Space: A Contribution to the Cross\u2010Border Metropolis Hypothesis, in: International Journal of Urban and Regional Research 38\u00a0(2014), 1697\u20131711.","DOI":"10.1111\/1468-2427.12071"},{"key":"ref52","doi-asserted-by":"crossref","unstructured":"Theis, Roland: Viel mehr als \u201eplus jamais!\u201c. Welche Lehren wir aus der Krise ziehen \u2013 die Chance auf einen neuen Aufbruch f\u00fcr die deutsch\u2010franz\u00f6sische Grenzregion!, in: Weber\/Theis\/Terrollion (Hg.): Grenzerfahrungen\/Exp\u00e9riences transfrontali\u00e8res, 427\u2013447.","DOI":"10.1007\/978-3-658-33318-8_38"},{"key":"ref53","doi-asserted-by":"crossref","unstructured":"Thewes, Hanno: Flatterband und Barrikaden: Grenzschlie\u00dfungen in der Pandemie, in: Weber\/Theis\/Terrollion (Hg.): Grenzerfahrungen\/Exp\u00e9riences transfrontali\u00e8res, 195\u2013200.","DOI":"10.1007\/978-3-658-33318-8_18"},{"key":"ref54","doi-asserted-by":"crossref","unstructured":"Wassenberg, Birte: \u201eReturn of Mental Borders\u201c: A Diary of COVID\u201119 Closures between Kehl, Germany, and Strasbourg, France, in: Borders in Globalization Review 2\u00a0(2020), 114\u2013120.","DOI":"10.18357\/bigr21202019886"},{"key":"ref55","doi-asserted-by":"crossref","unstructured":"Weber, Florian\/Theis, Roland\/Terrollion, Karl: Neue Herausforderungen, alte Grenzen? Wie die COVID\u201119\u2010Pandemie das deutsch\u2010franz\u00f6sische Verh\u00e4ltnis aufwirbelt, in: dies. (Hg.): Grenzerfahrungen\/Exp\u00e9riences transfrontali\u00e8res, 3\u201318.","DOI":"10.1007\/978-3-658-33318-8_1"},{"key":"ref56","doi-asserted-by":"crossref","unstructured":"Weber, Florian\/Wille, Christian: Grenzgeographien der COVID\u201119\u2010Pandemie, in: Weber [u.\u00a0a.] (Hg.): Geographien der Grenzen, 191\u2013223.","DOI":"10.1007\/978-3-658-30950-3_9"},{"key":"ref57","doi-asserted-by":"crossref","unstructured":"Weber, Florian\/Wille, Christian\/Caesar, Beate\/Hollstegge, Julian: Entwicklungslinien der Border Studies und Zug\u00e4nge zu Geographien der Grenzen, in: dies. (Hg.): Geographien der Grenzen, 3\u201322.","DOI":"10.1007\/978-3-658-30950-3_1"},{"key":"ref58","doi-asserted-by":"crossref","unstructured":"Wille, Christian: Grenz\u00fcberschreitende Alltagspraktiken in der Gro\u00dfregion SaarLorLux: eine Bestandsaufnahme, in: ders. (Hg.): Lebenswirklichkeiten und politische Konstruktionen in Grenzregionen, 133\u2013156.","DOI":"10.1515\/9783839429273-008"},{"key":"ref59","unstructured":"Wille, Christian: European Border Region Studies in Times of Borderization, in: BorderObs, 20.06.2021, http:\/\/cbs.uni-gr.eu\/en\/resources\/borderobs [24.11.2021]."},{"key":"ref60","doi-asserted-by":"crossref","unstructured":"Wille, Christian: Vom processual shift zum complexity shift: Aktuelle analytische Trends der Grenzforschung, in: Gerst\/Klessmann\/Kr\u00e4mer (Hg.): Grenzforschung, 106\u2013120.","DOI":"10.5771\/9783845295305-106"},{"key":"ref61","unstructured":"World Health Organization: WHO Director\u2010General\u2019s Opening Remarks at the Media Briefing on COVID\u201119 \u2013 11\u00a0March 2020, 11.03.2020, https:\/\/www.who.int\/director-general\/speeches\/detail\/who-director-general-s-opening-remarks-at-the-media-briefing-on-covid-19---11-march-2020 [03.03.2022]."}],"container-title":["Jahrbuch des Frankreichzentrums","Universit\u00e4t in der Pandemie \/ L'Universit\u00e9 en temps de pand\u00e9mie"],"original-title":[],"language":"de","deposited":{"date-parts":[[2024,2,29]],"date-time":"2024-02-29T08:51:52Z","timestamp":1709196712000},"score":1,"resource":{"primary":{"URL":"https:\/\/www.transcript-open.de\/doi\/10.14361\/9783839467893-011"}},"subtitle":["Eine Einordnung aus der Perspektive der Grenzraumforschung"],"short-title":[],"issued":{"date-parts":[[2023,10,2]]},"ISBN":["9783837667899","9783839467893"],"references-count":61,"URL":"https:\/\/doi.org\/10.14361\/9783839467893-011","relation":{},"ISSN":["2566-5626","2751-322X"],"issn-type":[{"type":"print","value":"2566-5626"},{"type":"electronic","value":"2751-322X"}],"subject":[],"published":{"date-parts":[[2023,10,2]]}}}