{"status":"ok","message-type":"work","message-version":"1.0.0","message":{"indexed":{"date-parts":[[2025,3,1]],"date-time":"2025-03-01T06:09:13Z","timestamp":1740809353731,"version":"3.38.0"},"edition-number":"1","reference-count":0,"publisher":"Editora Fonema e Grafema","content-domain":{"domain":[],"crossmark-restriction":false},"short-container-title":[],"abstract":"<jats:p>Essa obra \u00e9 uma reuni\u00e3o de 18 cap\u00edtulos que tratam de ensino da compreens\u00e3o leitora e da produ\u00e7\u00e3o escrita com foco na frase.<\/jats:p>","DOI":"10.29327\/5334988","type":"edited-book","created":{"date-parts":[[2023,12,4]],"date-time":"2023-12-04T00:51:01Z","timestamp":1701651061000},"source":"Crossref","is-referenced-by-count":0,"title":["ENSINO DA COMPREENS\u00c3O LEITORA E DA PRODU\u00c7\u00c3O ESCRITA"],"prefix":"10.29327","author":[{"given":"Maria da Gra\u00e7a Lisboa Castro","family":"Pinto","sequence":"first","affiliation":[]},{"given":"\u00c2ngela Filipe","family":"Lopes","sequence":"additional","affiliation":[]},{"given":"Lu\u00eds Filipe","family":"Barbeiro","sequence":"additional","affiliation":[]},{"given":"Solange de F\u00e1tima Andreassa Di","family":"Agustini","sequence":"additional","affiliation":[]},{"given":"Maria Regina","family":"Maluf","sequence":"additional","affiliation":[]},{"given":"Leonor","family":"Scliar-Cabral","sequence":"additional","affiliation":[]},{"given":"Jos\u00e9","family":"Ferrari Neto","sequence":"additional","affiliation":[]},{"given":"Roberta Melo de","family":"Carvalho","sequence":"additional","affiliation":[]},{"given":"Arineyde Maria DAlmeida Alves de","family":"Oliveira","sequence":"additional","affiliation":[]},{"given":"Ronei","family":"Guaresi","sequence":"additional","affiliation":[]},{"given":"Cristiane Vieira Costa","family":"Abreu","sequence":"additional","affiliation":[]},{"given":"Ducirl\u00e2ndia Ferraz de","family":"Souza","sequence":"additional","affiliation":[]},{"given":"Lucimauro Palles da","family":"Silva","sequence":"additional","affiliation":[]},{"given":"Tha\u00eds Vargas dos","family":"Santos","sequence":"additional","affiliation":[]},{"given":"Susana Ortega de","family":"Hocevar","sequence":"additional","affiliation":[]},{"given":"Mailce Borges","family":"Mota","sequence":"additional","affiliation":[]},{"given":"\u00c2ngela Mafra de","family":"Moraes","sequence":"additional","affiliation":[]},{"given":"Dina Sof\u00eda Gualdr\u00f3n","family":"\u00c1lvarez","sequence":"additional","affiliation":[]},{"given":"Henry Wilson Le\u00f3n","family":"Calder\u00f3n","sequence":"additional","affiliation":[]},{"given":"K\u00e1ri L\u00facia","family":"Forneck","sequence":"additional","affiliation":[]},{"given":"Ana Paula","family":"Rigatti-Scherer","sequence":"additional","affiliation":[]},{"given":"Caroline Secretti","family":"Maieron","sequence":"additional","affiliation":[]},{"given":"Elenice","family":"Andersen","sequence":"additional","affiliation":[]},{"given":"Cristina B. Lopes","family":"Perna","sequence":"additional","affiliation":[]},{"given":"Helo\u00edsa Orsi Koch","family":"Delgado","sequence":"additional","affiliation":[]},{"given":"Ana Maria T.","family":"Ibanos","sequence":"additional","affiliation":[]},{"given":"Vera Wannmacher","family":"Pereira","sequence":"additional","affiliation":[]},{"given":"Hergon Henrique Brito Ramalho","family":"Leite","sequence":"additional","affiliation":[]},{"given":"Ariane Sim\u00e3o de","family":"Souza","sequence":"additional","affiliation":[]},{"given":"Angela Chuvas","family":"Naschold","sequence":"additional","affiliation":[]},{"given":"Andre Lu\u00eds Santos de","family":"Pinho","sequence":"additional","affiliation":[]},{"given":"M\u00e1rcio Pezzini","family":"Fran\u00e7a","sequence":"additional","affiliation":[]},{"given":"Claudia Maria Costa","family":"Dias","sequence":"additional","affiliation":[]}],"member":"11875","published-online":{"date-parts":[[2023,12,3]]},"container-title":[],"original-title":[],"language":"pt","deposited":{"date-parts":[[2025,3,1]],"date-time":"2025-03-01T02:13:15Z","timestamp":1740795195000},"score":1,"resource":{"primary":{"URL":"https:\/\/www.fonemaegrafema.com.br\/detalhes.php?title=ensino-da-compreensao-leitora-e-da-producao-escrita"}},"subtitle":[],"short-title":[],"issued":{"date-parts":[[2023,12,3]]},"references-count":0,"URL":"https:\/\/doi.org\/10.29327\/5334988","relation":{},"subject":[],"published":{"date-parts":[[2023,12,3]]}}}