{"status":"ok","message-type":"work","message-version":"1.0.0","message":{"indexed":{"date-parts":[[2025,1,13]],"date-time":"2025-01-13T13:54:04Z","timestamp":1736776444709,"version":"3.33.0"},"reference-count":0,"publisher":"Caleidosc\u00f3pio","isbn-type":[{"type":"print","value":"9789896588502"}],"content-domain":{"domain":[],"crossmark-restriction":false},"short-container-title":[],"published-print":{"date-parts":[[2024]]},"abstract":"<jats:p>O Centro de Informa\u00e7\u00e3o Urbana de Lisboa (CIUL) organiza, regularmente, desde 2013, um Ciclo de Confer\u00eancias que tem como objetivo principal constituir um espa\u00e7o de reflex\u00e3o sobre Lisboa, na \u00f3tica do Urbanismo, abordando todos os anos um tema diferente. \nO ciclo do ano corrente, 2023, teve o seguinte tema: Lisboa, A Cidade dos Vales. De acordo com a comiss\u00e3o organizadora, foi \u201cuma oportunidade de refletir e dar a conhecer a vis\u00e3o para o desenvolvimento e requalifica\u00e7\u00e3o de alguns vales da cidade de Lisboa e respetivas \u00e1reas envolventes, partindo de uma no\u00e7\u00e3o de contraponto\ncom as colinas que, historicamente, t\u00eam balizado as v\u00e1rias \u00e1reas de refer\u00eancia da cidade.<\/jats:p>","DOI":"10.30618\/978-989-658-850-2","type":"edited-book","created":{"date-parts":[[2024,12,17]],"date-time":"2024-12-17T11:20:20Z","timestamp":1734434420000},"source":"Crossref","is-referenced-by-count":0,"title":["O Discurso da Cidade \u2013 Redesenho Urbano, Habita\u00e7\u00e3o e Equipamento P\u00fablico no Vale de Santo Ant\u00f3nio, em Lisboa"],"prefix":"10.30618","author":[{"given":"Miguel","family":"Baptista-Bastos","sequence":"additional","affiliation":[]}],"member":"12080","container-title":[],"original-title":[],"deposited":{"date-parts":[[2024,12,17]],"date-time":"2024-12-17T11:20:21Z","timestamp":1734434421000},"score":1,"resource":{"primary":{"URL":"https:\/\/caleidoscopio.pt\/products\/o-discurso-da-cidade-redesenho-urbano-habitacao-e-equipamento-publico-no-vale-de-santo-antonio-em-lisboa"}},"subtitle":[],"editor":[{"given":"Jo\u00e3o","family":"Sousa Morais","sequence":"first","affiliation":[]},{"given":"Hugo","family":"Farias","sequence":"additional","affiliation":[]},{"given":"Ant\u00f3nio","family":"S. Leite","sequence":"additional","affiliation":[]}],"short-title":[],"issued":{"date-parts":[[2024]]},"ISBN":["9789896588502"],"references-count":0,"URL":"https:\/\/doi.org\/10.30618\/978-989-658-850-2","relation":{},"subject":[],"published":{"date-parts":[[2024]]}}}