{"status":"ok","message-type":"work","message-version":"1.0.0","message":{"indexed":{"date-parts":[[2025,2,21]],"date-time":"2025-02-21T01:08:41Z","timestamp":1740100121494,"version":"3.37.3"},"edition-number":"1","reference-count":0,"publisher":"Editorial Universidad Santiago de Cali","isbn-type":[{"type":"print","value":"9789585522725"}],"content-domain":{"domain":[],"crossmark-restriction":false},"short-container-title":[],"abstract":"<jats:p>La presente publicaci\u00f3n recoge resultados preliminares y finales de algunas de las investigaciones que vienen desarrollando los profesores y estudiantes vinculados a los grupos de investigaci\u00f3n del Centro de Estudios e Investigaciones en Desarrollo Regional CEIDER, de la Facultad de Ciencias Econ\u00f3micas y Empresariales de la Universidad Santiago de Cali, en trabajo colaborativo con investigadores nacionales e internacionales, cofinanciados con recursos de la Universidad y de otras instituciones mediante convocatorias de investigaci\u00f3n.  La diversidad y riqueza de las tem\u00e1ticas en ciencias econ\u00f3micas y empresariales lleva a t\u00f3picos como: el sector de la salud, las nuevas formas de empleabilidad, la innovaci\u00f3n social, los impactos medioambientales, la inmersi\u00f3n en los mercados globalizados y la vivienda de inter\u00e9s social; los cuales se abordan en cada uno de los cap\u00edtulos de este libro.<\/jats:p>","DOI":"10.35985\/9789585522725","type":"book","created":{"date-parts":[[2021,7,13]],"date-time":"2021-07-13T05:39:26Z","timestamp":1626154766000},"source":"Crossref","is-referenced-by-count":0,"title":["Innovaci\u00f3n, inclusi\u00f3n social y prospectiva en la gesti\u00f3n gerencial"],"prefix":"10.35985","author":[{"name":"Universidade de Aveiro","sequence":"first","affiliation":[]},{"ORCID":"https:\/\/orcid.org\/0000-0003-1479-8757","authenticated-orcid":false,"given":"Kelly Patricia","family":"Murillo","sequence":"first","affiliation":[]},{"ORCID":"https:\/\/orcid.org\/0000-0003-3628-6795","authenticated-orcid":false,"given":"Eug\u00e9nio Alexandre","family":"Miguel Rocha","sequence":"additional","affiliation":[]},{"name":"Universidade de Aveiro","sequence":"additional","affiliation":[]},{"ORCID":"https:\/\/orcid.org\/0000-0002-2944-9974","authenticated-orcid":false,"given":"Carlos Alberto","family":"Garc\u00eda Gonz\u00e1lez","sequence":"additional","affiliation":[]},{"name":"Universidad Santiago de Cali","sequence":"additional","affiliation":[]},{"ORCID":"https:\/\/orcid.org\/0000-0002-4732-5959","authenticated-orcid":false,"given":"Gon\u00e7alo","family":"Alves de Sousa Santinha","sequence":"additional","affiliation":[]},{"name":"Universidade de Aveiro","sequence":"additional","affiliation":[]},{"ORCID":"https:\/\/orcid.org\/0000-0003-0744-5566","authenticated-orcid":false,"given":"Pedro Le\u00f3n","family":"Cruz Aguilar","sequence":"additional","affiliation":[]},{"name":"Universidad Santiago de Cali","sequence":"additional","affiliation":[]},{"ORCID":"https:\/\/orcid.org\/0000-0002-1522-482X","authenticated-orcid":false,"given":"Rub\u00e9n","family":"Castillo Tabares","sequence":"additional","affiliation":[]},{"name":"Universidad Santiago de Cali","sequence":"additional","affiliation":[]},{"ORCID":"https:\/\/orcid.org\/0000-0002-8106-369X","authenticated-orcid":false,"given":"Marcela","family":"D\u00edaz Velasco","sequence":"additional","affiliation":[]},{"name":"Universidad Santiago de Cali","sequence":"additional","affiliation":[]},{"ORCID":"https:\/\/orcid.org\/0000-0002-8252-729X","authenticated-orcid":false,"given":"Juli\u00e1n","family":"Duran Peralta","sequence":"additional","affiliation":[]},{"name":"Universidad Santiago de Cali","sequence":"additional","affiliation":[]},{"ORCID":"https:\/\/orcid.org\/0000-0003-0596-6093","authenticated-orcid":false,"given":"Nhora Ximena","family":"Cabrera Minotta","sequence":"additional","affiliation":[]},{"name":"Universidad Santiago de Cali","sequence":"additional","affiliation":[]},{"ORCID":"https:\/\/orcid.org\/0000-0002-8304-3481","authenticated-orcid":false,"given":"Tatiana","family":"Barona Mendoza","sequence":"additional","affiliation":[]},{"name":"Universidad Santiago de Cali","sequence":"additional","affiliation":[]},{"ORCID":"https:\/\/orcid.org\/0000-0003-1510-1587","authenticated-orcid":false,"given":"Saulo","family":"Bravo Garc\u00eda","sequence":"additional","affiliation":[]},{"name":"Universidad Santiago de Cali","sequence":"additional","affiliation":[]},{"ORCID":"https:\/\/orcid.org\/0000-0003-3846-2983","authenticated-orcid":false,"given":"Jos\u00e9 Fabi\u00e1n","family":"R\u00edos Obando","sequence":"additional","affiliation":[]},{"name":"Corporaci\u00f3n Universitaria Centro Superior Unicuces","sequence":"additional","affiliation":[]},{"ORCID":"https:\/\/orcid.org\/0000-0001-8055-8300","authenticated-orcid":false,"given":"Bernardo","family":"Angarita de la Cruz","sequence":"additional","affiliation":[]},{"name":"Corporaci\u00f3n Universitaria Centro Superior","sequence":"additional","affiliation":[]},{"ORCID":"https:\/\/orcid.org\/0000-0003-3059-2636","authenticated-orcid":false,"given":"Juan David","family":"Montoya Fern\u00e1ndez de Soto","sequence":"additional","affiliation":[]},{"name":"Universidad Pontificia Bolivariana","sequence":"additional","affiliation":[]},{"ORCID":"https:\/\/orcid.org\/0000-0002-7620-3918","authenticated-orcid":false,"given":"Ana Mar\u00eda","family":"Carvajal Fern\u00e1ndez de Soto","sequence":"additional","affiliation":[]},{"name":"Universidad Santiago de Cali","sequence":"additional","affiliation":[]}],"member":"21771","published-online":{"date-parts":[[2019,1,1]]},"container-title":[],"original-title":[],"link":[{"URL":"https:\/\/libros.usc.edu.co\/index.php\/usc\/catalog\/download\/92\/206\/3589-1?inline=1","content-type":"unspecified","content-version":"vor","intended-application":"similarity-checking"}],"deposited":{"date-parts":[[2021,8,6]],"date-time":"2021-08-06T00:10:51Z","timestamp":1628208651000},"score":1,"resource":{"primary":{"URL":"https:\/\/libros.usc.edu.co\/index.php\/usc\/catalog\/book\/92"}},"subtitle":[],"short-title":[],"issued":{"date-parts":[[2019,1,1]]},"ISBN":["9789585522725"],"references-count":0,"URL":"https:\/\/doi.org\/10.35985\/9789585522725","relation":{},"subject":[],"published":{"date-parts":[[2019,1,1]]}}}