{"status":"ok","message-type":"work","message-version":"1.0.0","message":{"indexed":{"date-parts":[[2026,3,14]],"date-time":"2026-03-14T06:19:25Z","timestamp":1773469165683,"version":"3.50.1"},"publisher-location":"Madrid","reference-count":0,"publisher":"EDICIONES DE LA ERG\u00c1STULA, S.L.","content-domain":{"domain":[],"crossmark-restriction":false},"short-container-title":[],"abstract":"<jats:p>La villa romana de Horta da Torre (Fronteira, Portalegre, Portugal) es objeto de excavaciones arqueol\u00f3gicas desde 2012. Los trabajos realizados han permitido el descubrimiento, hasta la fecha, de una zona residencial de m\u00e1s de 1000m2, en la que se destaca una gran sala absidada con un stibadium, asociada a un elaborado programa arquitect\u00f3nico y decorativo. Abandonada al final del per\u00edodo bajo imperial, la antigua sala de recepci\u00f3n con triclinium aestivale fue ocupada nuevamente durante la Antig\u00fcedad Tard\u00eda. Los materiales recuperados permiten analizar los patrones de cambio entre la fase imperial y la reocupaci\u00f3n del espacio en \u00e9poca tard\u00eda. El estudio crono-tipol\u00f3gico y estad\u00edstico de estos materiales, provenientes de contextos crono-estratigr\u00e1ficos seguros, nos proporciona una lectura diacr\u00f3nica de las diferentes ocupaciones del yacimiento.<\/jats:p>","DOI":"10.63114\/secah507","type":"book-chapter","created":{"date-parts":[[2026,3,14]],"date-time":"2026-03-14T05:38:12Z","timestamp":1773466692000},"page":"147-162","source":"Crossref","is-referenced-by-count":0,"title":["O espa\u00e7o e o tempo \u2013 uma leitura crono-estratigr\u00e1fica da sala do stibadium da villa romana de Horta da Torre (Fronteira, Portugal)"],"prefix":"10.63114","author":[{"ORCID":"https:\/\/orcid.org\/0000-0002-0824-3301","authenticated-orcid":false,"given":"Andr\u00e9","family":"Carneiro","sequence":"first","affiliation":[{"name":"Professor Auxiliar do Departamento de Hist\u00f3ria da Universidade de \u00c9vora. Investigador integrado do CHAIA\/U\u00c9 \u2013 Ref.\u00aa UID\/EAT\/00112\/2013. Investigador colaborador do CECH\/FLUC"}]},{"ORCID":"https:\/\/orcid.org\/0000-0002-2809-4315","authenticated-orcid":false,"given":"Ana","family":"Martins","sequence":"additional","affiliation":[{"name":"Mestre em Arqueologia pela Universidade de \u00c9vora. Universidade de \u00c9vora"}]},{"ORCID":"https:\/\/orcid.org\/0000-0003-4011-6174","authenticated-orcid":false,"given":"M\u00f3nica","family":"Rolo","sequence":"additional","affiliation":[{"name":"Doutorada em Arqueologia pela Faculdade de Letras da Universidade de Lisboa. Investigadora do Centro de Arqueologia da Universidade de Lisboa (UNIARQ)."}]}],"member":"52466","published-online":{"date-parts":[[2022,12,13]]},"container-title":["EX OFFICINA HISPANA Cuadernos de la SECAH (La Erg\u00e1stula)","EX OFFICINA HISPANA. Cuadernos de la SECAH, n.\u00ba 5. N\u00famero monogr\u00e1fico: Cer\u00e1mica en Hispania (siglos II a VII d.C.). Contextos estratigr\u00e1ficos entre el Atl\u00e1ntico y el Mediterr\u00e1neo."],"original-title":[],"language":"es","deposited":{"date-parts":[[2026,3,14]],"date-time":"2026-03-14T05:38:15Z","timestamp":1773466695000},"score":1,"resource":{"primary":{"URL":"https:\/\/clavis.es\/index.php\/erg\/catalog\/book\/51\/chapter\/361"}},"subtitle":[],"short-title":[],"issued":{"date-parts":[[2022,12,13]]},"references-count":0,"URL":"https:\/\/doi.org\/10.63114\/secah507","relation":{},"ISSN":["2255-5560"],"issn-type":[{"value":"2255-5560","type":"print"}],"subject":[],"published":{"date-parts":[[2022,12,13]]}}}